{"id":34392,"date":"2026-04-23T10:00:31","date_gmt":"2026-04-23T08:00:31","guid":{"rendered":"https:\/\/nid.pl\/?post_type=tribe_events&#038;p=34392"},"modified":"2026-04-22T16:59:23","modified_gmt":"2026-04-22T14:59:23","slug":"seminarium-rewitalizacja-a-planowanie-przestrzenne","status":"publish","type":"tribe_events","link":"https:\/\/nid.pl\/en\/wydarzenie\/seminarium-rewitalizacja-a-planowanie-przestrzenne\/","title":{"rendered":"Seminarium \u201eRewitalizacja a planowanie przestrzenne \u2013 jak wzmacnia\u0107 dzia\u0142ania gmin dla ochrony dziedzictwa kulturowego\u201d"},"content":{"rendered":"<p><strong>Narodowy Instytut Dziedzictwa wsp\u00f3lnie z Zespo\u0142em Prawno-Urbanistycznym przy Komitecie Zagospodarowania Przestrzennego Kraju Polskiej Akademii Nauk zapraszaj\u0105 do udzia\u0142u w seminarium \u201eRewitalizacja a planowanie przestrzenne \u2013 jak wzmacnia\u0107 dzia\u0142ania gmin dla ochrony dziedzictwa kulturowego\u201d, kt\u00f3re odb\u0119dzie si\u0119 6 maja 2026 r. o godz. 10.00 na platformie Teams.<\/strong><\/p>\r\n<p>Skuteczne prowadzenie polityki przestrzennej jest jednym z trudniejszych wyzwa\u0144, z jakimi mierz\u0105 si\u0119 gminy, zw\u0142aszcza w zwi\u0105zku z wprowadzeniem \u201ereformy planistycznej\u201d z 2023 roku. Nak\u0142adanie si\u0119 dzia\u0142a\u0144 planistycznych z prowadzeniem rewitalizacji, w tym na obszarach zabytkowych, stwarza szczeg\u00f3lnie du\u017co problem\u00f3w.<\/p>\r\n<p><strong>Seminarium b\u0119dzie okazj\u0105 do podj\u0119cia pr\u00f3by odpowiedzi na pytania<\/strong>: jakie s\u0105 powi\u0105zania pomi\u0119dzy planowaniem i zagospodarowaniem przestrzennym w gminie a procesami rewitalizacji, jak skutecznie przygotowa\u0107 i prowadzi\u0107 te procedury we wzajemnej sp\u00f3jno\u015bci, uwzgl\u0119dniaj\u0105c w nich dziedzictwo kulturowe i jakie wyzwania stoj\u0105 w tym zakresie przed gminami?<\/p>\r\n<p><strong>Seminarium b\u0119dzie zarazem posiedzeniem Zespo\u0142u Prawno-Urbanistycznego przy Komitecie Przestrzennego Zagospodarowania Kraju Polskiej Akademii Nauk.<\/strong><\/p>\r\n<p><span style=\"color: #ff9900;\"><strong>Program Seminarium:<\/strong><\/span><\/p>\r\n\r\n<ul class=\"wp-block-list\">\r\n<li><strong>10.00-10.10 &#8211;<\/strong> Wprowadzenie, dr Anna Kozio\u0142-S\u0142upska, Narodowy Instytut Dziedzictwa<\/li>\r\n\r\n\r\n\r\n<li><strong>10.10-10.30 &#8211;<\/strong> Jak uj\u0105\u0107 dziedzictwo kulturowe w rewitalizacji &#8211; od strategii do programu rewitalizacji, dr Paulina Legutko-Kobus, Szko\u0142a G\u0142\u00f3wna Handlowa w Warszawie oraz Komitet Przestrzennego Zagospodarowania Kraju Polskiej Akademii Nauk<\/li>\r\n\r\n\r\n\r\n<li><strong>10.30-10.50 &#8211;<\/strong> Rewitalizacja i planowanie przestrzenne z uwzgl\u0119dnieniem dziedzictwa kulturowego gmin \u2013 wsp\u00f3lnie, a nie obok. Uwarunkowania prawno-organizacyjne wzajemnych powi\u0105za\u0144 procedur rewitalizacyjnych i planistycznych, dr Anna Fogel, Narodowy Instytut Dziedzictwa oraz Zesp\u00f3\u0142 Prawno-Urbanistyczny KPZK PAN<\/li>\r\n\r\n\r\n\r\n<li><strong>10.50-11.10<\/strong> &#8211; Potrzeby a mo\u017cliwo\u015bci. Praktyczny kontekst obszarowej rewitalizacji miast w dobie reform planowania przestrzennego, dr in\u017c. arch. Anna Aneta Tomczak, Politechnika \u0141\u00f3dzka oraz Zesp\u00f3\u0142 Prawno-Urbanistyczny KPZK PAN<\/li>\r\n\r\n\r\n\r\n<li><strong>11.10-11.30<\/strong> &#8211; Case Study: Miejscowy Plan Rewitalizacji na obszarze zabytkowym \u2013 do\u015bwiadczenia i refleksje, Marcin Wolniak, Urz\u0105d Miasta Kalisza<\/li>\r\n\r\n\r\n\r\n<li><strong>11.30-11.50<\/strong> &#8211; Case Study: Rewitalizacja w dzia\u0142aniu \u2013 narz\u0119dzia zmieniaj\u0105ce przestrze\u0144 na przyk\u0142adzie miasta Boles\u0142awiec, Marta G\u0119sikowska, Urz\u0105d Miasta Boles\u0142awiec<\/li>\r\n\r\n\r\n\r\n<li><strong>11.50-12.20<\/strong> &#8211; Odpowiedzi Prelegent\u00f3w na pytania<\/li>\r\n\r\n\r\n\r\n<li><strong>12.20-12.30<\/strong> &#8211; Podsumowanie: polityka przestrzenna i procesy rewitalizacji \u2013 trudna relacja czy harmonijny zwi\u0105zek?, dr hab. Maciej J. Nowak, Prof. Zachodniopomorskiego Uniwersytetu Technologicznego w Szczecinie, Przewodnicz\u0105cy Zespo\u0142u Prawno-Urbanistycznego KPZK PAN<\/li>\r\n\r\n\r\n\r\n<li><strong>12.30-13.00<\/strong> &#8211; Dyskusja<\/li>\r\n<\/ul>\r\n<p><strong><span style=\"color: #ff9900;\">Seminarium jest dedykowane:<\/span><\/strong><\/p>\r\n<ul class=\"wp-block-list\">\r\n<li>przedstawicielom JST, w szczeg\u00f3lno\u015bci pracownikom urz\u0119d\u00f3w miast i gmin zajmuj\u0105cych si\u0119 rewitalizacj\u0105, planowaniem i zagospodarowaniem przestrzennym i\/lub ochron\u0105 zabytk\u00f3w;<\/li>\r\n\r\n\r\n\r\n<li>pozosta\u0142ym pracownikom administracji publicznej, zaanga\u017cowanym w procedury planowania przestrzennego i proces rewitalizacji;<\/li>\r\n\r\n\r\n\r\n<li>interesariuszom procedur planowania i zagospodarowania przestrzennego i procesu rewitalizacji prowadzonego w oparciu o potencja\u0142 lokalnego dziedzictwa kulturowego;<\/li>\r\n\r\n\r\n\r\n<li>przedstawicielom nauki;<\/li>\r\n\r\n\r\n\r\n<li>osobom zainteresowanym problematyk\u0105 uwzgl\u0119dniania materialnego i niematerialnego dziedzictwa kulturowego w procesie rewitalizacji.<\/li>\r\n<\/ul>\r\n<p>\ud83d\udcc6 <strong>Termin: <\/strong>6 maja 2026 r., godz. 10:00-13.00<br \/>\ud83d\udccd<strong>Forma: <\/strong>online na Platformie Teams<\/p>\r\n<!-- \/wp:post-content -->\r\n\r\n<!-- wp:paragraph -->\r\n<p><strong>Udzia\u0142 w seminarium jest bezp\u0142atny.<\/strong> <strong>Na wydarzenie obowi\u0105zuje rejestracja: <a href=\"https:\/\/rejestracja.nid.pl\/rewitalizacja_a_planowanie_przestrzenne_seminarium\" target=\"_blank\" rel=\"noopener\"><span style=\"color: #ff9900;\">https:\/\/rejestracja.nid.pl\/rewitalizacja_a_planowanie_przestrzenne_seminarium<\/span><\/a><\/strong><\/p>\r\n<p>Po zarejestrowaniu si\u0119 na wydarzenie uczestnicy otrzymaj\u0105 e-mail z linkiem do platformy, na kt\u00f3rej odb\u0119dzie si\u0119 szkolenie.<\/p>\r\n<p><span style=\"color: #ff9900;\"><strong>O prowadz\u0105cych:<\/strong><\/span><\/p>\r\n<p><strong>Anna Kozio\u0142-S\u0142upska, <\/strong>doktor nauk ekonomicznych, absolwentka kierunku gospodarka przestrzenna o specjalno\u015bci zarz\u0105dzanie miastem na Wydziale Finans\u00f3w Uniwersytetu Ekonomicznego w Krakowie. Ekspert Narodowego Instytutu Dziedzictwa, gdzie pe\u0142ni funkcj\u0119 kierownika Dzia\u0142u Strategii Lokalnych. Kierowa\u0142a programami dotycz\u0105cymi roli gminy w zarz\u0105dzaniu dziedzictwem i wykorzystywaniu potencja\u0142u dziedzictwa w rozwoju spo\u0142eczno-gospodarczym oraz rewitalizacji, koordynowa\u0142a projekty edukacyjne i spo\u0142eczne maj\u0105ce na celu zwi\u0119kszenie spo\u0142ecznego zaanga\u017cowania w ochron\u0119 dziedzictwa.<\/p>\r\n<p><strong>Paulina Legutko-Kobus<\/strong>, doktor nauk ekonomicznych, kierowniczka Zak\u0142adu Polityki Regionalnej i Lokalnej w Szkole G\u0142\u00f3wnej Handlowej w Warszawie, w kt\u00f3rej pracuje od 2008 roku. W latach 2022-2025 g\u0142\u00f3wna specjalistka w Instytucie Ochrony \u015arodowiska-PIB. Cz\u0142onkini Prezydium Komitetu Przestrzennego Zagospodarowania Kraju PAN (od 2015 roku, w tym w latach 2015-2022 sekretarz naukowa Komitetu), sekretarz sekcji Ochrony Klimatu Polskiego Stowarzyszenia Ekonomist\u00f3w \u015arodowiska i Zasob\u00f3w Naturalnych. Prowadzi prace badawcze z zakresu: planowania strategicznego i programowania rozwoju na poziomie regionalnym i lokalnym, w kontek\u015bcie wdra\u017cania rozwoju zr\u00f3wnowa\u017conego; monitorowania proces\u00f3w rozwoju, adaptacji do zmian klimatu, zarz\u0105dzania dziedzictwem kulturowym oraz partycypacji spo\u0142ecznej. Zainteresowania naukowe \u0142\u0105czy z praktyk\u0105 jako prowadz\u0105ca warsztaty i szkolenia dla administracji publicznej i ekspertka opracowuj\u0105ca dokumenty strategiczne szczeg\u00f3lnie na poziomie lokalnym (strategie rozwoju, programy rewitalizacji, plany adaptacji do zmian klimatu).<\/p>\r\n<p><strong>Anna Fogel<\/strong>, doktor nauk prawnych, radca prawny, g\u0142\u00f3wny specjalista w Dziale Strategii Lokalnych Narodowego Instytutu Dziedzictwa. Specjalizuje si\u0119 w prawnych zagadnieniach planowania i zagospodarowania przestrzennego, ochrony zabytk\u00f3w oraz ochrony \u015brodowiska a zw\u0142aszcza konfliktami warto\u015bci wyst\u0119puj\u0105cymi w tych obszarach. Wieloletni praktyk, jako radca prawny pracowa\u0142a w Biurze Architektury i Zagospodarowania Przestrzennego m.st Warszawy oraz wsp\u00f3\u0142pracowa\u0142a w licznymi samorz\u0105dami, w tym nadzoruj\u0105c prawnie procedury planistyczne i wyst\u0119puj\u0105c przed s\u0105dami administracyjnymi. Od wielu lat prowadzi szkolenia z zakresu planowania i zagospodarowania przestrzennego dla pracownik\u00f3w administracji publicznej i podmiot\u00f3w prywatnych. Autorka ponad stu publikacji w tym zakresie, w tym Komentarza do \u201eUstawy Krajobrazowej\u201d oraz wsp\u00f3\u0142autorka Komentarza do ustawy o planowaniu i zagospodarowaniu przestrzennym. Cz\u0142onek Zespo\u0142u Prawno \u2013 Urbanistycznego przy Komitecie Przestrzennego Zagospodarowania Kraju Polskiej Akademii Nauk.<\/p>\r\n<p><strong>dr in\u017c. arch. Anna Aneta Tomczak <\/strong>\u2013 architekt i urbanista, adiunkt w Instytucie Architektury i Urbanistyki Politechniki \u0141\u00f3dzkiej. Specjalizuje si\u0119 w planowaniu przestrzennym w skali miejscowej. W swojej dzia\u0142alno\u015bci naukowej i eksperckiej koncentruje si\u0119 na ochronie krajobrazu kulturowego, kszta\u0142towaniu struktur przestrzennych oraz zagadnieniach rozwoju miast. Przez wiele lat nadzorowa\u0142a procesy planowania przestrzennego w Miejskiej Pracowni Urbanistycznej w \u0141odzi w okresie realizacji rewitalizacji obszarowej. Obecnie pe\u0142ni funkcj\u0119 wiceprezes Towarzystwa Urbanist\u00f3w Polskich, jest cz\u0142onkini\u0105 Zespo\u0142u Urbanistyczno-Prawnego KPZK PAN oraz Komitetu Rewitalizacji w \u0141odzi.<\/p>\r\n<p><strong>Marcin Wolniak, <\/strong>G\u0142\u00f3wny specjalista ds. rewitalizacji w Urz\u0119dzie Miasta Kalisza. Geograf, urbanista zaanga\u017cowany od ponad 10 lat w dzia\u0142ania rewitalizacyjne w Wielkopolsce. Odpowiedzialny za programowanie rewitalizacji i wsp\u00f3\u0142prac\u0119 z w\u0142a\u015bcicielami nieruchomo\u015bci. Wsp\u00f3\u0142autor Programu dla \u015ar\u00f3dmie\u015bcia Poznania i Gminnego Programu Rewitalizacji Miasta Kalisza<\/p>\r\n<p><strong>Marta G\u0119sikowska, <\/strong>Zast\u0119pca Naczelnika Wydzia\u0142u Mienia i Gospodarki Przestrzennej, Urz\u0119du Miasta Boles\u0142awiec. Od 2002 roku zawodowo zwi\u0105zana z administracj\u0105 samorz\u0105dow\u0105, gdzie zajmuje si\u0119 planowaniem przestrzennym oraz ochron\u0105 dziedzictwa kulturowego. Specjalizuje si\u0119 w zagadnieniach \u0142\u0105cz\u0105cych rozw\u00f3j przestrzenny z zachowaniem dziedzictwa kulturowego. Odpowiada za realizacj\u0119 program\u00f3w dotacyjnych wspieraj\u0105cych prace konserwatorskie, restauratorskie i roboty budowlane przy zabytkach, wsp\u00f3\u0142pracuj\u0105c z w\u0142a\u015bcicielami obiekt\u00f3w oraz instytucjami ochrony dziedzictwa.<\/p>\r\n<p><strong>Maciej J. Nowak,<\/strong> doktor habilitowany, profesor Zachodniopomorskiego Uniwersytetu Technologicznego w Szczecinie, kierownik Katedry Nieruchomo\u015bci na Wydziale Ekonomicznym ZUT, przewodnicz\u0105cy Zespo\u0142u Prawno-Urbanistycznego KPZK PAN, cz\u0142onek Komitetu ds. Kryzysu Klimatycznego PAN, cz\u0142onek licznych sieci badawczych i mi\u0119dzynarodowych stowarzysze\u0144 naukowych. Seminarium online jest realizowane w ramach Projektu \u201eCentra Kompetencji ds. Rewitalizacji w Narodowym Instytucie Dziedzictwa\u201d, wsp\u00f3\u0142finansowanego ze \u015brodk\u00f3w Unii Europejskiej w ramach Programu Pomoc Techniczna dla Funduszy Europejskich na lata 2021-2027 oraz bud\u017cetu pa\u0144stwa.<\/p>\r\n<p>Seminarium online jest realizowane w ramach Projektu \u201eCentra Kompetencji ds. Rewitalizacji w Narodowym Instytucie Dziedzictwa\u201d, wsp\u00f3\u0142finansowanego ze \u015brodk\u00f3w Unii Europejskiej w ramach Programu Pomoc Techniczna dla Funduszy Europejskich na lata 2021-2027 oraz bud\u017cetu pa\u0144stwa.<\/p>\r\n<p style=\"text-align: center;\"><strong>#FunduszeUE #WsparcieJST #RewitalizacjaCentraKompetencjiNID<\/strong><\/p>\r\n<p><a href=\"https:\/\/nid.pl\/wp-content\/uploads\/2026\/04\/szkolenie-online-rewitalizacja-a-planowanie-przestrzenne_plakat.jpg\"><img loading=\"lazy\" decoding=\"async\" class=\"aligncenter wp-image-34384 size-large\" src=\"https:\/\/nid.pl\/wp-content\/uploads\/2026\/04\/szkolenie-online-rewitalizacja-a-planowanie-przestrzenne_plakat-1024x1024.jpg\" alt=\"\" width=\"1024\" height=\"1024\" srcset=\"https:\/\/nid.pl\/wp-content\/uploads\/2026\/04\/szkolenie-online-rewitalizacja-a-planowanie-przestrzenne_plakat-980x980.jpg 980w, https:\/\/nid.pl\/wp-content\/uploads\/2026\/04\/szkolenie-online-rewitalizacja-a-planowanie-przestrzenne_plakat-480x480.jpg 480w\" sizes=\"(min-width: 0px) and (max-width: 480px) 480px, (min-width: 481px) and (max-width: 980px) 980px, (min-width: 981px) 1024px, 100vw\" \/><\/a><\/p>","protected":false},"excerpt":{"rendered":"<p>Narodowy Instytut Dziedzictwa wsp\u00f3lnie z Zespo\u0142em Prawno-Urbanistycznym przy Komitecie Zagospodarowania Przestrzennego Kraju Polskiej Akademii Nauk zapraszaj\u0105 do udzia\u0142u w seminarium \u201eRewitalizacja a planowanie przestrzenne \u2013 jak wzmacnia\u0107 dzia\u0142ania gmin dla [&hellip;]<\/p>","protected":false},"author":4,"featured_media":34388,"template":"","meta":{"_et_pb_use_builder":"","_et_pb_old_content":"","_et_gb_content_width":"","_monsterinsights_skip_tracking":false,"_monsterinsights_sitenote_active":false,"_monsterinsights_sitenote_note":"","_monsterinsights_sitenote_category":0,"_tribe_events_status":"","_tribe_events_status_reason":"","footnotes":""},"tags":[],"tribe_events_cat":[95],"class_list":["post-34392","tribe_events","type-tribe_events","status-publish","has-post-thumbnail","hentry","tribe_events_cat-webinaria","cat_webinaria"],"yoast_head":"<!-- This site is optimized with the Yoast SEO plugin v26.5 - https:\/\/yoast.com\/wordpress\/plugins\/seo\/ -->\n<title>Seminarium \u201eRewitalizacja a planowanie przestrzenne \u2013 jak wzmacnia\u0107 dzia\u0142ania gmin dla ochrony dziedzictwa kulturowego\u201d - NID<\/title>\n<meta name=\"robots\" content=\"index, follow, max-snippet:-1, max-image-preview:large, max-video-preview:-1\" \/>\n<link rel=\"canonical\" href=\"https:\/\/nid.pl\/en\/wydarzenie\/seminarium-rewitalizacja-a-planowanie-przestrzenne\/\" \/>\n<meta property=\"og:locale\" content=\"en_GB\" \/>\n<meta property=\"og:type\" content=\"article\" \/>\n<meta property=\"og:title\" content=\"Seminarium \u201eRewitalizacja a planowanie przestrzenne \u2013 jak wzmacnia\u0107 dzia\u0142ania gmin dla ochrony dziedzictwa kulturowego\u201d - NID\" \/>\n<meta property=\"og:description\" content=\"Narodowy Instytut Dziedzictwa wsp\u00f3lnie z Zespo\u0142em Prawno-Urbanistycznym przy Komitecie Zagospodarowania Przestrzennego Kraju Polskiej Akademii Nauk zapraszaj\u0105 do udzia\u0142u w seminarium \u201eRewitalizacja a planowanie przestrzenne \u2013 jak wzmacnia\u0107 dzia\u0142ania gmin dla [&hellip;]\" \/>\n<meta property=\"og:url\" content=\"https:\/\/nid.pl\/en\/wydarzenie\/seminarium-rewitalizacja-a-planowanie-przestrzenne\/\" \/>\n<meta property=\"og:site_name\" content=\"NID\" \/>\n<meta property=\"article:publisher\" content=\"https:\/\/www.facebook.com\/zabytek\" \/>\n<meta property=\"og:image\" content=\"https:\/\/nid.pl\/wp-content\/uploads\/2026\/04\/szkolenie-online-rewitalizacja-a-planowanie-przestrzenne_www.jpg\" \/>\n\t<meta property=\"og:image:width\" content=\"1200\" \/>\n\t<meta property=\"og:image:height\" content=\"800\" \/>\n\t<meta property=\"og:image:type\" content=\"image\/jpeg\" \/>\n<meta name=\"twitter:card\" content=\"summary_large_image\" \/>\n<meta name=\"twitter:site\" content=\"@NarIDpl\" \/>\n<meta name=\"twitter:label1\" content=\"Estimated reading time\" \/>\n\t<meta name=\"twitter:data1\" content=\"7 minutes\" \/>\n<script type=\"application\/ld+json\" class=\"yoast-schema-graph\">{\"@context\":\"https:\/\/schema.org\",\"@graph\":[{\"@type\":\"WebPage\",\"@id\":\"https:\/\/nid.pl\/wydarzenie\/seminarium-rewitalizacja-a-planowanie-przestrzenne\/\",\"url\":\"https:\/\/nid.pl\/wydarzenie\/seminarium-rewitalizacja-a-planowanie-przestrzenne\/\",\"name\":\"Seminarium \u201eRewitalizacja a planowanie przestrzenne \u2013 jak wzmacnia\u0107 dzia\u0142ania gmin dla ochrony dziedzictwa kulturowego\u201d - NID\",\"isPartOf\":{\"@id\":\"https:\/\/nid.pl\/#website\"},\"primaryImageOfPage\":{\"@id\":\"https:\/\/nid.pl\/wydarzenie\/seminarium-rewitalizacja-a-planowanie-przestrzenne\/#primaryimage\"},\"image\":{\"@id\":\"https:\/\/nid.pl\/wydarzenie\/seminarium-rewitalizacja-a-planowanie-przestrzenne\/#primaryimage\"},\"thumbnailUrl\":\"https:\/\/nid.pl\/wp-content\/uploads\/2026\/04\/szkolenie-online-rewitalizacja-a-planowanie-przestrzenne_www.jpg\",\"datePublished\":\"2026-04-23T08:00:31+00:00\",\"breadcrumb\":{\"@id\":\"https:\/\/nid.pl\/wydarzenie\/seminarium-rewitalizacja-a-planowanie-przestrzenne\/#breadcrumb\"},\"inLanguage\":\"en-GB\",\"potentialAction\":[{\"@type\":\"ReadAction\",\"target\":[\"https:\/\/nid.pl\/wydarzenie\/seminarium-rewitalizacja-a-planowanie-przestrzenne\/\"]}]},{\"@type\":\"ImageObject\",\"inLanguage\":\"en-GB\",\"@id\":\"https:\/\/nid.pl\/wydarzenie\/seminarium-rewitalizacja-a-planowanie-przestrzenne\/#primaryimage\",\"url\":\"https:\/\/nid.pl\/wp-content\/uploads\/2026\/04\/szkolenie-online-rewitalizacja-a-planowanie-przestrzenne_www.jpg\",\"contentUrl\":\"https:\/\/nid.pl\/wp-content\/uploads\/2026\/04\/szkolenie-online-rewitalizacja-a-planowanie-przestrzenne_www.jpg\",\"width\":1200,\"height\":800},{\"@type\":\"BreadcrumbList\",\"@id\":\"https:\/\/nid.pl\/wydarzenie\/seminarium-rewitalizacja-a-planowanie-przestrzenne\/#breadcrumb\",\"itemListElement\":[{\"@type\":\"ListItem\",\"position\":1,\"name\":\"Home\",\"item\":\"https:\/\/nid.pl\/\"},{\"@type\":\"ListItem\",\"position\":2,\"name\":\"Wydarzenia\",\"item\":\"https:\/\/nid.pl\/wydarzenia\/\"},{\"@type\":\"ListItem\",\"position\":3,\"name\":\"Seminarium \u201eRewitalizacja a planowanie przestrzenne \u2013 jak wzmacnia\u0107 dzia\u0142ania gmin dla ochrony dziedzictwa kulturowego\u201d\"}]},{\"@type\":\"WebSite\",\"@id\":\"https:\/\/nid.pl\/#website\",\"url\":\"https:\/\/nid.pl\/\",\"name\":\"NID\",\"description\":\"Narodowy Instytut Dziedzictwa\",\"publisher\":{\"@id\":\"https:\/\/nid.pl\/#organization\"},\"potentialAction\":[{\"@type\":\"SearchAction\",\"target\":{\"@type\":\"EntryPoint\",\"urlTemplate\":\"https:\/\/nid.pl\/?s={search_term_string}\"},\"query-input\":{\"@type\":\"PropertyValueSpecification\",\"valueRequired\":true,\"valueName\":\"search_term_string\"}}],\"inLanguage\":\"en-GB\"},{\"@type\":\"Organization\",\"@id\":\"https:\/\/nid.pl\/#organization\",\"name\":\"Narodowy Instytut Dziedzictwa\",\"url\":\"https:\/\/nid.pl\/\",\"logo\":{\"@type\":\"ImageObject\",\"inLanguage\":\"en-GB\",\"@id\":\"https:\/\/nid.pl\/#\/schema\/logo\/image\/\",\"url\":\"https:\/\/nid.pl\/wp-content\/uploads\/2022\/10\/logoRedDark.png\",\"contentUrl\":\"https:\/\/nid.pl\/wp-content\/uploads\/2022\/10\/logoRedDark.png\",\"width\":200,\"height\":197,\"caption\":\"Narodowy Instytut Dziedzictwa\"},\"image\":{\"@id\":\"https:\/\/nid.pl\/#\/schema\/logo\/image\/\"},\"sameAs\":[\"https:\/\/www.facebook.com\/zabytek\",\"https:\/\/x.com\/NarIDpl\",\"https:\/\/www.instagram.com\/nid.pl\/?hl=pl\",\"https:\/\/www.linkedin.com\/company\/narodowy-instytut-dziedzictwa\",\"https:\/\/www.youtube.com\/channel\/UCQXuhKa2uHtmNvLRUSx40JA\"]}]}<\/script>\n<!-- \/ Yoast SEO plugin. -->","yoast_head_json":{"title":"Seminarium \u201eRewitalizacja a planowanie przestrzenne \u2013 jak wzmacnia\u0107 dzia\u0142ania gmin dla ochrony dziedzictwa kulturowego\u201d - NID","robots":{"index":"index","follow":"follow","max-snippet":"max-snippet:-1","max-image-preview":"max-image-preview:large","max-video-preview":"max-video-preview:-1"},"canonical":"https:\/\/nid.pl\/en\/wydarzenie\/seminarium-rewitalizacja-a-planowanie-przestrzenne\/","og_locale":"en_GB","og_type":"article","og_title":"Seminarium \u201eRewitalizacja a planowanie przestrzenne \u2013 jak wzmacnia\u0107 dzia\u0142ania gmin dla ochrony dziedzictwa kulturowego\u201d - NID","og_description":"Narodowy Instytut Dziedzictwa wsp\u00f3lnie z Zespo\u0142em Prawno-Urbanistycznym przy Komitecie Zagospodarowania Przestrzennego Kraju Polskiej Akademii Nauk zapraszaj\u0105 do udzia\u0142u w seminarium \u201eRewitalizacja a planowanie przestrzenne \u2013 jak wzmacnia\u0107 dzia\u0142ania gmin dla [&hellip;]","og_url":"https:\/\/nid.pl\/en\/wydarzenie\/seminarium-rewitalizacja-a-planowanie-przestrzenne\/","og_site_name":"NID","article_publisher":"https:\/\/www.facebook.com\/zabytek","og_image":[{"width":1200,"height":800,"url":"https:\/\/nid.pl\/wp-content\/uploads\/2026\/04\/szkolenie-online-rewitalizacja-a-planowanie-przestrzenne_www.jpg","type":"image\/jpeg"}],"twitter_card":"summary_large_image","twitter_site":"@NarIDpl","twitter_misc":{"Estimated reading time":"7 minutes"},"schema":{"@context":"https:\/\/schema.org","@graph":[{"@type":"WebPage","@id":"https:\/\/nid.pl\/wydarzenie\/seminarium-rewitalizacja-a-planowanie-przestrzenne\/","url":"https:\/\/nid.pl\/wydarzenie\/seminarium-rewitalizacja-a-planowanie-przestrzenne\/","name":"Seminarium \u201eRewitalizacja a planowanie przestrzenne \u2013 jak wzmacnia\u0107 dzia\u0142ania gmin dla ochrony dziedzictwa kulturowego\u201d - NID","isPartOf":{"@id":"https:\/\/nid.pl\/#website"},"primaryImageOfPage":{"@id":"https:\/\/nid.pl\/wydarzenie\/seminarium-rewitalizacja-a-planowanie-przestrzenne\/#primaryimage"},"image":{"@id":"https:\/\/nid.pl\/wydarzenie\/seminarium-rewitalizacja-a-planowanie-przestrzenne\/#primaryimage"},"thumbnailUrl":"https:\/\/nid.pl\/wp-content\/uploads\/2026\/04\/szkolenie-online-rewitalizacja-a-planowanie-przestrzenne_www.jpg","datePublished":"2026-04-23T08:00:31+00:00","breadcrumb":{"@id":"https:\/\/nid.pl\/wydarzenie\/seminarium-rewitalizacja-a-planowanie-przestrzenne\/#breadcrumb"},"inLanguage":"en-GB","potentialAction":[{"@type":"ReadAction","target":["https:\/\/nid.pl\/wydarzenie\/seminarium-rewitalizacja-a-planowanie-przestrzenne\/"]}]},{"@type":"ImageObject","inLanguage":"en-GB","@id":"https:\/\/nid.pl\/wydarzenie\/seminarium-rewitalizacja-a-planowanie-przestrzenne\/#primaryimage","url":"https:\/\/nid.pl\/wp-content\/uploads\/2026\/04\/szkolenie-online-rewitalizacja-a-planowanie-przestrzenne_www.jpg","contentUrl":"https:\/\/nid.pl\/wp-content\/uploads\/2026\/04\/szkolenie-online-rewitalizacja-a-planowanie-przestrzenne_www.jpg","width":1200,"height":800},{"@type":"BreadcrumbList","@id":"https:\/\/nid.pl\/wydarzenie\/seminarium-rewitalizacja-a-planowanie-przestrzenne\/#breadcrumb","itemListElement":[{"@type":"ListItem","position":1,"name":"Home","item":"https:\/\/nid.pl\/"},{"@type":"ListItem","position":2,"name":"Wydarzenia","item":"https:\/\/nid.pl\/wydarzenia\/"},{"@type":"ListItem","position":3,"name":"Seminarium \u201eRewitalizacja a planowanie przestrzenne \u2013 jak wzmacnia\u0107 dzia\u0142ania gmin dla ochrony dziedzictwa kulturowego\u201d"}]},{"@type":"WebSite","@id":"https:\/\/nid.pl\/#website","url":"https:\/\/nid.pl\/","name":"NID","description":"Narodowy Instytut Dziedzictwa","publisher":{"@id":"https:\/\/nid.pl\/#organization"},"potentialAction":[{"@type":"SearchAction","target":{"@type":"EntryPoint","urlTemplate":"https:\/\/nid.pl\/?s={search_term_string}"},"query-input":{"@type":"PropertyValueSpecification","valueRequired":true,"valueName":"search_term_string"}}],"inLanguage":"en-GB"},{"@type":"Organization","@id":"https:\/\/nid.pl\/#organization","name":"Narodowy Instytut Dziedzictwa","url":"https:\/\/nid.pl\/","logo":{"@type":"ImageObject","inLanguage":"en-GB","@id":"https:\/\/nid.pl\/#\/schema\/logo\/image\/","url":"https:\/\/nid.pl\/wp-content\/uploads\/2022\/10\/logoRedDark.png","contentUrl":"https:\/\/nid.pl\/wp-content\/uploads\/2022\/10\/logoRedDark.png","width":200,"height":197,"caption":"Narodowy Instytut Dziedzictwa"},"image":{"@id":"https:\/\/nid.pl\/#\/schema\/logo\/image\/"},"sameAs":["https:\/\/www.facebook.com\/zabytek","https:\/\/x.com\/NarIDpl","https:\/\/www.instagram.com\/nid.pl\/?hl=pl","https:\/\/www.linkedin.com\/company\/narodowy-instytut-dziedzictwa","https:\/\/www.youtube.com\/channel\/UCQXuhKa2uHtmNvLRUSx40JA"]}]}},"_links":{"self":[{"href":"https:\/\/nid.pl\/en\/wp-json\/wp\/v2\/tribe_events\/34392","targetHints":{"allow":["GET"]}}],"collection":[{"href":"https:\/\/nid.pl\/en\/wp-json\/wp\/v2\/tribe_events"}],"about":[{"href":"https:\/\/nid.pl\/en\/wp-json\/wp\/v2\/types\/tribe_events"}],"author":[{"embeddable":true,"href":"https:\/\/nid.pl\/en\/wp-json\/wp\/v2\/users\/4"}],"version-history":[{"count":5,"href":"https:\/\/nid.pl\/en\/wp-json\/wp\/v2\/tribe_events\/34392\/revisions"}],"predecessor-version":[{"id":34397,"href":"https:\/\/nid.pl\/en\/wp-json\/wp\/v2\/tribe_events\/34392\/revisions\/34397"}],"wp:featuredmedia":[{"embeddable":true,"href":"https:\/\/nid.pl\/en\/wp-json\/wp\/v2\/media\/34388"}],"wp:attachment":[{"href":"https:\/\/nid.pl\/en\/wp-json\/wp\/v2\/media?parent=34392"}],"wp:term":[{"taxonomy":"post_tag","embeddable":true,"href":"https:\/\/nid.pl\/en\/wp-json\/wp\/v2\/tags?post=34392"},{"taxonomy":"tribe_events_cat","embeddable":true,"href":"https:\/\/nid.pl\/en\/wp-json\/wp\/v2\/tribe_events_cat?post=34392"}],"curies":[{"name":"wp","href":"https:\/\/api.w.org\/{rel}","templated":true}]}}