{"id":34258,"date":"2026-04-16T16:40:12","date_gmt":"2026-04-16T14:40:12","guid":{"rendered":"https:\/\/nid.pl\/?post_type=tribe_events&#038;p=34258"},"modified":"2026-04-16T16:44:48","modified_gmt":"2026-04-16T14:44:48","slug":"webinarium-dla-organizatorow-eda","status":"publish","type":"tribe_events","link":"https:\/\/nid.pl\/en\/wydarzenie\/webinarium-dla-organizatorow-eda\/","title":{"rendered":"\u201eZa kulisami &#8211; dni otwarte w archeologii\u201d &#8211; webinarium dla organizator\u00f3w Europejskich Dni Archeologii"},"content":{"rendered":"<p><strong>Jak pokazywa\u0107 archeologi\u0119 od kuchni? Jak m\u00f3wi\u0107 o badaniach, by nie tylko przyci\u0105ga\u0107 uwag\u0119, ale te\u017c budowa\u0107 zrozumienie dla dziedzictwa archeologicznego? O tym porozmawiamy podczas webinarium dla organizator\u00f3w Europejskich Dni Archeologii, kt\u00f3re odb\u0119dzie si\u0119 20 kwietnia o godz. 11.00.<\/strong><\/p>\n<p>Spotkanie zostanie po\u015bwi\u0119cone dniom otwartym organizowanym na badaniach oraz w instytucjach archeologicznych &#8211; inicjatywom, kt\u00f3re mimo rozwoju EDA w Polsce nadal nale\u017c\u0105 do rzadko\u015bci. B\u0119dzie to okazja do wymiany do\u015bwiadcze\u0144, rozmowy o wyzwaniach organizacyjnych i refleksji nad tym, jak skutecznie pokazywa\u0107 odbiorcom codzienno\u015b\u0107 pracy archeolog\u00f3w.<\/p>\n<p>Wi\u0119cej informacji w aktualno\u015bciach Narodowego Instytutu Dziedzictwa:<br \/>\n<a href=\"https:\/\/nid.pl\/en\/2026\/04\/16\/webinarium-dla-organizatorow-eda\/\" target=\"_blank\" rel=\"noopener\">\u201eZa kulisami \u2013 dni otwarte w archeologii\u201d \u2013 webinarium dla organizator\u00f3w Europejskich Dni Archeologii.<\/a><\/p>\n<p><a href=\"https:\/\/nid.pl\/wp-content\/uploads\/2026\/04\/EDA_2026_webinarium_program.jpg\"><img loading=\"lazy\" decoding=\"async\" class=\"aligncenter wp-image-34254 size-large\" src=\"https:\/\/nid.pl\/wp-content\/uploads\/2026\/04\/EDA_2026_webinarium_program-768x1024.jpg\" alt=\"\" width=\"768\" height=\"1024\" \/><\/a><\/p>","protected":false},"excerpt":{"rendered":"<p>Jak pokazywa\u0107 archeologi\u0119 od kuchni? Jak m\u00f3wi\u0107 o badaniach, by nie tylko przyci\u0105ga\u0107 uwag\u0119, ale te\u017c budowa\u0107 zrozumienie dla dziedzictwa archeologicznego? O tym porozmawiamy podczas webinarium dla organizator\u00f3w Europejskich Dni [&hellip;]<\/p>","protected":false},"author":4,"featured_media":34255,"template":"","meta":{"_et_pb_use_builder":"off","_et_pb_old_content":"","_et_gb_content_width":"","_monsterinsights_skip_tracking":false,"_monsterinsights_sitenote_active":false,"_monsterinsights_sitenote_note":"","_monsterinsights_sitenote_category":0,"_tribe_events_status":"","_tribe_events_status_reason":"","footnotes":""},"tags":[],"tribe_events_cat":[95],"class_list":["post-34258","tribe_events","type-tribe_events","status-publish","has-post-thumbnail","hentry","tribe_events_cat-webinaria","cat_webinaria"],"yoast_head":"<!-- This site is optimized with the Yoast SEO plugin v26.5 - https:\/\/yoast.com\/wordpress\/plugins\/seo\/ -->\n<title>\u201eZa kulisami - dni otwarte w archeologii\u201d - webinarium dla organizator\u00f3w Europejskich Dni Archeologii - NID<\/title>\n<meta name=\"description\" content=\"Jak pokazywa\u0107 archeologi\u0119 od kuchni? Jak m\u00f3wi\u0107 o badaniach, by nie tylko przyci\u0105ga\u0107 uwag\u0119, ale te\u017c budowa\u0107 zrozumienie dla dziedzictwa archeologicznego? O tym porozmawiamy podczas webinarium dla organizator\u00f3w Europejskich Dni Archeologii, kt\u00f3re odb\u0119dzie si\u0119 20 kwietnia o godz. 11.00\" \/>\n<meta name=\"robots\" content=\"index, follow, max-snippet:-1, max-image-preview:large, max-video-preview:-1\" \/>\n<link rel=\"canonical\" href=\"https:\/\/nid.pl\/en\/wydarzenie\/webinarium-dla-organizatorow-eda\/\" \/>\n<meta property=\"og:locale\" content=\"en_GB\" \/>\n<meta property=\"og:type\" content=\"article\" \/>\n<meta property=\"og:title\" content=\"\u201eZa kulisami - dni otwarte w archeologii\u201d - webinarium dla organizator\u00f3w Europejskich Dni Archeologii - NID\" \/>\n<meta property=\"og:description\" content=\"Jak pokazywa\u0107 archeologi\u0119 od kuchni? Jak m\u00f3wi\u0107 o badaniach, by nie tylko przyci\u0105ga\u0107 uwag\u0119, ale te\u017c budowa\u0107 zrozumienie dla dziedzictwa archeologicznego? O tym porozmawiamy podczas webinarium dla organizator\u00f3w Europejskich Dni Archeologii, kt\u00f3re odb\u0119dzie si\u0119 20 kwietnia o godz. 11.00\" \/>\n<meta property=\"og:url\" content=\"https:\/\/nid.pl\/en\/wydarzenie\/webinarium-dla-organizatorow-eda\/\" \/>\n<meta property=\"og:site_name\" content=\"NID\" \/>\n<meta property=\"article:publisher\" content=\"https:\/\/www.facebook.com\/zabytek\" \/>\n<meta property=\"article:modified_time\" content=\"2026-04-16T14:44:48+00:00\" \/>\n<meta property=\"og:image\" content=\"https:\/\/nid.pl\/wp-content\/uploads\/2026\/04\/EDA_2026_webinarium.jpg\" \/>\n\t<meta property=\"og:image:width\" content=\"1200\" \/>\n\t<meta property=\"og:image:height\" content=\"800\" \/>\n\t<meta property=\"og:image:type\" content=\"image\/jpeg\" \/>\n<meta name=\"twitter:card\" content=\"summary_large_image\" \/>\n<meta name=\"twitter:site\" content=\"@NarIDpl\" \/>\n<meta name=\"twitter:label1\" content=\"Estimated reading time\" \/>\n\t<meta name=\"twitter:data1\" content=\"2 minutes\" \/>\n<script type=\"application\/ld+json\" class=\"yoast-schema-graph\">{\"@context\":\"https:\/\/schema.org\",\"@graph\":[{\"@type\":\"WebPage\",\"@id\":\"https:\/\/nid.pl\/wydarzenie\/webinarium-dla-organizatorow-eda\/\",\"url\":\"https:\/\/nid.pl\/wydarzenie\/webinarium-dla-organizatorow-eda\/\",\"name\":\"\u201eZa kulisami - dni otwarte w archeologii\u201d - webinarium dla organizator\u00f3w Europejskich Dni Archeologii - NID\",\"isPartOf\":{\"@id\":\"https:\/\/nid.pl\/#website\"},\"primaryImageOfPage\":{\"@id\":\"https:\/\/nid.pl\/wydarzenie\/webinarium-dla-organizatorow-eda\/#primaryimage\"},\"image\":{\"@id\":\"https:\/\/nid.pl\/wydarzenie\/webinarium-dla-organizatorow-eda\/#primaryimage\"},\"thumbnailUrl\":\"https:\/\/nid.pl\/wp-content\/uploads\/2026\/04\/EDA_2026_webinarium.jpg\",\"datePublished\":\"2026-04-16T14:40:12+00:00\",\"dateModified\":\"2026-04-16T14:44:48+00:00\",\"description\":\"Jak pokazywa\u0107 archeologi\u0119 od kuchni? Jak m\u00f3wi\u0107 o badaniach, by nie tylko przyci\u0105ga\u0107 uwag\u0119, ale te\u017c budowa\u0107 zrozumienie dla dziedzictwa archeologicznego? O tym porozmawiamy podczas webinarium dla organizator\u00f3w Europejskich Dni Archeologii, kt\u00f3re odb\u0119dzie si\u0119 20 kwietnia o godz. 11.00\",\"breadcrumb\":{\"@id\":\"https:\/\/nid.pl\/wydarzenie\/webinarium-dla-organizatorow-eda\/#breadcrumb\"},\"inLanguage\":\"en-GB\",\"potentialAction\":[{\"@type\":\"ReadAction\",\"target\":[\"https:\/\/nid.pl\/wydarzenie\/webinarium-dla-organizatorow-eda\/\"]}]},{\"@type\":\"ImageObject\",\"inLanguage\":\"en-GB\",\"@id\":\"https:\/\/nid.pl\/wydarzenie\/webinarium-dla-organizatorow-eda\/#primaryimage\",\"url\":\"https:\/\/nid.pl\/wp-content\/uploads\/2026\/04\/EDA_2026_webinarium.jpg\",\"contentUrl\":\"https:\/\/nid.pl\/wp-content\/uploads\/2026\/04\/EDA_2026_webinarium.jpg\",\"width\":1200,\"height\":800,\"caption\":\"Webinarium dla organizator\u00f3w Europejskich Dni Archeologii\"},{\"@type\":\"BreadcrumbList\",\"@id\":\"https:\/\/nid.pl\/wydarzenie\/webinarium-dla-organizatorow-eda\/#breadcrumb\",\"itemListElement\":[{\"@type\":\"ListItem\",\"position\":1,\"name\":\"Home\",\"item\":\"https:\/\/nid.pl\/\"},{\"@type\":\"ListItem\",\"position\":2,\"name\":\"Wydarzenia\",\"item\":\"https:\/\/nid.pl\/wydarzenia\/\"},{\"@type\":\"ListItem\",\"position\":3,\"name\":\"\u201eZa kulisami &#8211; dni otwarte w archeologii\u201d &#8211; webinarium dla organizator\u00f3w Europejskich Dni Archeologii\"}]},{\"@type\":\"WebSite\",\"@id\":\"https:\/\/nid.pl\/#website\",\"url\":\"https:\/\/nid.pl\/\",\"name\":\"NID\",\"description\":\"Narodowy Instytut Dziedzictwa\",\"publisher\":{\"@id\":\"https:\/\/nid.pl\/#organization\"},\"potentialAction\":[{\"@type\":\"SearchAction\",\"target\":{\"@type\":\"EntryPoint\",\"urlTemplate\":\"https:\/\/nid.pl\/?s={search_term_string}\"},\"query-input\":{\"@type\":\"PropertyValueSpecification\",\"valueRequired\":true,\"valueName\":\"search_term_string\"}}],\"inLanguage\":\"en-GB\"},{\"@type\":\"Organization\",\"@id\":\"https:\/\/nid.pl\/#organization\",\"name\":\"Narodowy Instytut Dziedzictwa\",\"url\":\"https:\/\/nid.pl\/\",\"logo\":{\"@type\":\"ImageObject\",\"inLanguage\":\"en-GB\",\"@id\":\"https:\/\/nid.pl\/#\/schema\/logo\/image\/\",\"url\":\"https:\/\/nid.pl\/wp-content\/uploads\/2022\/10\/logoRedDark.png\",\"contentUrl\":\"https:\/\/nid.pl\/wp-content\/uploads\/2022\/10\/logoRedDark.png\",\"width\":200,\"height\":197,\"caption\":\"Narodowy Instytut Dziedzictwa\"},\"image\":{\"@id\":\"https:\/\/nid.pl\/#\/schema\/logo\/image\/\"},\"sameAs\":[\"https:\/\/www.facebook.com\/zabytek\",\"https:\/\/x.com\/NarIDpl\",\"https:\/\/www.instagram.com\/nid.pl\/?hl=pl\",\"https:\/\/www.linkedin.com\/company\/narodowy-instytut-dziedzictwa\",\"https:\/\/www.youtube.com\/channel\/UCQXuhKa2uHtmNvLRUSx40JA\"]}]}<\/script>\n<!-- \/ Yoast SEO plugin. -->","yoast_head_json":{"title":"\u201eZa kulisami - dni otwarte w archeologii\u201d - webinarium dla organizator\u00f3w Europejskich Dni Archeologii - NID","description":"Jak pokazywa\u0107 archeologi\u0119 od kuchni? Jak m\u00f3wi\u0107 o badaniach, by nie tylko przyci\u0105ga\u0107 uwag\u0119, ale te\u017c budowa\u0107 zrozumienie dla dziedzictwa archeologicznego? O tym porozmawiamy podczas webinarium dla organizator\u00f3w Europejskich Dni Archeologii, kt\u00f3re odb\u0119dzie si\u0119 20 kwietnia o godz. 11.00","robots":{"index":"index","follow":"follow","max-snippet":"max-snippet:-1","max-image-preview":"max-image-preview:large","max-video-preview":"max-video-preview:-1"},"canonical":"https:\/\/nid.pl\/en\/wydarzenie\/webinarium-dla-organizatorow-eda\/","og_locale":"en_GB","og_type":"article","og_title":"\u201eZa kulisami - dni otwarte w archeologii\u201d - webinarium dla organizator\u00f3w Europejskich Dni Archeologii - NID","og_description":"Jak pokazywa\u0107 archeologi\u0119 od kuchni? Jak m\u00f3wi\u0107 o badaniach, by nie tylko przyci\u0105ga\u0107 uwag\u0119, ale te\u017c budowa\u0107 zrozumienie dla dziedzictwa archeologicznego? O tym porozmawiamy podczas webinarium dla organizator\u00f3w Europejskich Dni Archeologii, kt\u00f3re odb\u0119dzie si\u0119 20 kwietnia o godz. 11.00","og_url":"https:\/\/nid.pl\/en\/wydarzenie\/webinarium-dla-organizatorow-eda\/","og_site_name":"NID","article_publisher":"https:\/\/www.facebook.com\/zabytek","article_modified_time":"2026-04-16T14:44:48+00:00","og_image":[{"width":1200,"height":800,"url":"https:\/\/nid.pl\/wp-content\/uploads\/2026\/04\/EDA_2026_webinarium.jpg","type":"image\/jpeg"}],"twitter_card":"summary_large_image","twitter_site":"@NarIDpl","twitter_misc":{"Estimated reading time":"2 minutes"},"schema":{"@context":"https:\/\/schema.org","@graph":[{"@type":"WebPage","@id":"https:\/\/nid.pl\/wydarzenie\/webinarium-dla-organizatorow-eda\/","url":"https:\/\/nid.pl\/wydarzenie\/webinarium-dla-organizatorow-eda\/","name":"\u201eZa kulisami - dni otwarte w archeologii\u201d - webinarium dla organizator\u00f3w Europejskich Dni Archeologii - NID","isPartOf":{"@id":"https:\/\/nid.pl\/#website"},"primaryImageOfPage":{"@id":"https:\/\/nid.pl\/wydarzenie\/webinarium-dla-organizatorow-eda\/#primaryimage"},"image":{"@id":"https:\/\/nid.pl\/wydarzenie\/webinarium-dla-organizatorow-eda\/#primaryimage"},"thumbnailUrl":"https:\/\/nid.pl\/wp-content\/uploads\/2026\/04\/EDA_2026_webinarium.jpg","datePublished":"2026-04-16T14:40:12+00:00","dateModified":"2026-04-16T14:44:48+00:00","description":"Jak pokazywa\u0107 archeologi\u0119 od kuchni? Jak m\u00f3wi\u0107 o badaniach, by nie tylko przyci\u0105ga\u0107 uwag\u0119, ale te\u017c budowa\u0107 zrozumienie dla dziedzictwa archeologicznego? O tym porozmawiamy podczas webinarium dla organizator\u00f3w Europejskich Dni Archeologii, kt\u00f3re odb\u0119dzie si\u0119 20 kwietnia o godz. 11.00","breadcrumb":{"@id":"https:\/\/nid.pl\/wydarzenie\/webinarium-dla-organizatorow-eda\/#breadcrumb"},"inLanguage":"en-GB","potentialAction":[{"@type":"ReadAction","target":["https:\/\/nid.pl\/wydarzenie\/webinarium-dla-organizatorow-eda\/"]}]},{"@type":"ImageObject","inLanguage":"en-GB","@id":"https:\/\/nid.pl\/wydarzenie\/webinarium-dla-organizatorow-eda\/#primaryimage","url":"https:\/\/nid.pl\/wp-content\/uploads\/2026\/04\/EDA_2026_webinarium.jpg","contentUrl":"https:\/\/nid.pl\/wp-content\/uploads\/2026\/04\/EDA_2026_webinarium.jpg","width":1200,"height":800,"caption":"Webinarium dla organizator\u00f3w Europejskich Dni Archeologii"},{"@type":"BreadcrumbList","@id":"https:\/\/nid.pl\/wydarzenie\/webinarium-dla-organizatorow-eda\/#breadcrumb","itemListElement":[{"@type":"ListItem","position":1,"name":"Home","item":"https:\/\/nid.pl\/"},{"@type":"ListItem","position":2,"name":"Wydarzenia","item":"https:\/\/nid.pl\/wydarzenia\/"},{"@type":"ListItem","position":3,"name":"\u201eZa kulisami &#8211; dni otwarte w archeologii\u201d &#8211; webinarium dla organizator\u00f3w Europejskich Dni Archeologii"}]},{"@type":"WebSite","@id":"https:\/\/nid.pl\/#website","url":"https:\/\/nid.pl\/","name":"NID","description":"Narodowy Instytut Dziedzictwa","publisher":{"@id":"https:\/\/nid.pl\/#organization"},"potentialAction":[{"@type":"SearchAction","target":{"@type":"EntryPoint","urlTemplate":"https:\/\/nid.pl\/?s={search_term_string}"},"query-input":{"@type":"PropertyValueSpecification","valueRequired":true,"valueName":"search_term_string"}}],"inLanguage":"en-GB"},{"@type":"Organization","@id":"https:\/\/nid.pl\/#organization","name":"Narodowy Instytut Dziedzictwa","url":"https:\/\/nid.pl\/","logo":{"@type":"ImageObject","inLanguage":"en-GB","@id":"https:\/\/nid.pl\/#\/schema\/logo\/image\/","url":"https:\/\/nid.pl\/wp-content\/uploads\/2022\/10\/logoRedDark.png","contentUrl":"https:\/\/nid.pl\/wp-content\/uploads\/2022\/10\/logoRedDark.png","width":200,"height":197,"caption":"Narodowy Instytut Dziedzictwa"},"image":{"@id":"https:\/\/nid.pl\/#\/schema\/logo\/image\/"},"sameAs":["https:\/\/www.facebook.com\/zabytek","https:\/\/x.com\/NarIDpl","https:\/\/www.instagram.com\/nid.pl\/?hl=pl","https:\/\/www.linkedin.com\/company\/narodowy-instytut-dziedzictwa","https:\/\/www.youtube.com\/channel\/UCQXuhKa2uHtmNvLRUSx40JA"]}]}},"_links":{"self":[{"href":"https:\/\/nid.pl\/en\/wp-json\/wp\/v2\/tribe_events\/34258","targetHints":{"allow":["GET"]}}],"collection":[{"href":"https:\/\/nid.pl\/en\/wp-json\/wp\/v2\/tribe_events"}],"about":[{"href":"https:\/\/nid.pl\/en\/wp-json\/wp\/v2\/types\/tribe_events"}],"author":[{"embeddable":true,"href":"https:\/\/nid.pl\/en\/wp-json\/wp\/v2\/users\/4"}],"version-history":[{"count":4,"href":"https:\/\/nid.pl\/en\/wp-json\/wp\/v2\/tribe_events\/34258\/revisions"}],"predecessor-version":[{"id":34263,"href":"https:\/\/nid.pl\/en\/wp-json\/wp\/v2\/tribe_events\/34258\/revisions\/34263"}],"wp:featuredmedia":[{"embeddable":true,"href":"https:\/\/nid.pl\/en\/wp-json\/wp\/v2\/media\/34255"}],"wp:attachment":[{"href":"https:\/\/nid.pl\/en\/wp-json\/wp\/v2\/media?parent=34258"}],"wp:term":[{"taxonomy":"post_tag","embeddable":true,"href":"https:\/\/nid.pl\/en\/wp-json\/wp\/v2\/tags?post=34258"},{"taxonomy":"tribe_events_cat","embeddable":true,"href":"https:\/\/nid.pl\/en\/wp-json\/wp\/v2\/tribe_events_cat?post=34258"}],"curies":[{"name":"wp","href":"https:\/\/api.w.org\/{rel}","templated":true}]}}