{"id":34249,"date":"2026-04-16T13:15:18","date_gmt":"2026-04-16T11:15:18","guid":{"rendered":"https:\/\/nid.pl\/?post_type=tribe_events&#038;p=34249"},"modified":"2026-04-16T13:21:21","modified_gmt":"2026-04-16T11:21:21","slug":"majowka-park-muzakowski-2026","status":"publish","type":"tribe_events","link":"https:\/\/nid.pl\/en\/wydarzenie\/majowka-park-muzakowski-2026\/","title":{"rendered":"Maj\u00f3wka z Parkiem Mu\u017cakowskim 2026"},"content":{"rendered":"<p>Szukacie pomys\u0142u na spokojn\u0105, ale jednocze\u015bnie ciekaw\u0105 maj\u00f3wk\u0119? Park Mu\u017cakowski, jeden z najpi\u0119kniejszych park\u00f3w krajobrazowych w Europie, zaprasza na weekend majowy pe\u0142en spacer\u00f3w, wycieczek i rodzinnych aktywno\u015bci w otoczeniu budz\u0105cej si\u0119 do \u017cycia przyrody.<\/p>\n<p>Zach\u0119camy, aby w maj\u00f3wk\u0119 znale\u017a\u0107 wolny moment, zwolni\u0107 tempo i nacieszy\u0107 si\u0119 wiosenn\u0105 aur\u0105. Rozleg\u0142e tereny Parku Mu\u017cakowskiego oferuj\u0105 spektakularne widoki i bogaty program wydarze\u0144 dla odwiedzaj\u0105cych w ka\u017cdym wieku.<\/p>\n<p>W trakcie trzech dni maj\u00f3wki b\u0119dzie mo\u017cna pozna\u0107 histori\u0119 i zak\u0105tki parku podczas tematycznych spacer\u00f3w, wybra\u0107 si\u0119 na wycieczk\u0119 rowerow\u0105 lub prze\u017cy\u0107 niezapomniany spacer o zmroku. Dla najm\u0142odszych przygotowali\u015bmy pakiety edukacyjne dost\u0119pne przez ca\u0142y dzie\u0144.<\/p>\n<p>Wi\u0119cej informacji o wydarzeniu w tym szczeg\u00f3\u0142owy program i linki do formularza rejestracyjnego znajduj\u0105 si\u0119 na stronie: <strong><a href=\"https:\/\/nid.pl\/en\/2026\/04\/15\/majowka-z-parkiem-muzakowskim-2026\/\">Maj\u00f3wka z Parkiem Mu\u017cakowskim 2026<\/a><\/strong><\/p>\n<p>Uwaga!<br \/>\nLiczba miejsc na wszystkich wydarzeniach jest ograniczona, decyduje kolejno\u015b\u0107 zg\u0142osze\u0144.<\/p>\n<p>&nbsp;<\/p>\n<p><a href=\"https:\/\/nid.pl\/wp-content\/uploads\/2026\/04\/majowka-z-parkiem-muzakowskim_plakat_PL-scaled.jpg\"><img loading=\"lazy\" decoding=\"async\" class=\"aligncenter wp-image-34197 size-large\" src=\"https:\/\/nid.pl\/wp-content\/uploads\/2026\/04\/majowka-z-parkiem-muzakowskim_plakat_PL-717x1024.jpg\" alt=\"\" width=\"717\" height=\"1024\" \/><\/a><\/p>\n<p>&nbsp;<\/p>","protected":false},"excerpt":{"rendered":"<p>Szukacie pomys\u0142u na spokojn\u0105, ale jednocze\u015bnie ciekaw\u0105 maj\u00f3wk\u0119? Park Mu\u017cakowski, jeden z najpi\u0119kniejszych park\u00f3w krajobrazowych w Europie, zaprasza na weekend majowy pe\u0142en spacer\u00f3w, wycieczek i rodzinnych aktywno\u015bci w otoczeniu budz\u0105cej [&hellip;]<\/p>","protected":false},"author":4,"featured_media":34193,"template":"","meta":{"_et_pb_use_builder":"","_et_pb_old_content":"","_et_gb_content_width":"","_monsterinsights_skip_tracking":false,"_monsterinsights_sitenote_active":false,"_monsterinsights_sitenote_note":"","_monsterinsights_sitenote_category":0,"_tribe_events_status":"","_tribe_events_status_reason":"","footnotes":""},"tags":[],"tribe_events_cat":[123],"class_list":["post-34249","tribe_events","type-tribe_events","status-publish","has-post-thumbnail","hentry","tribe_events_cat-wydarzenia-cykliczne","cat_wydarzenia-cykliczne"],"yoast_head":"<!-- This site is optimized with the Yoast SEO plugin v26.5 - https:\/\/yoast.com\/wordpress\/plugins\/seo\/ -->\n<title>Maj\u00f3wka z Parkiem Mu\u017cakowskim 2026 - NID<\/title>\n<meta name=\"robots\" content=\"index, follow, max-snippet:-1, max-image-preview:large, max-video-preview:-1\" \/>\n<link rel=\"canonical\" href=\"https:\/\/nid.pl\/en\/wydarzenie\/majowka-park-muzakowski-2026\/\" \/>\n<meta property=\"og:locale\" content=\"en_GB\" \/>\n<meta property=\"og:type\" content=\"article\" \/>\n<meta property=\"og:title\" content=\"Maj\u00f3wka z Parkiem Mu\u017cakowskim 2026 - NID\" \/>\n<meta property=\"og:description\" content=\"Szukacie pomys\u0142u na spokojn\u0105, ale jednocze\u015bnie ciekaw\u0105 maj\u00f3wk\u0119? Park Mu\u017cakowski, jeden z najpi\u0119kniejszych park\u00f3w krajobrazowych w Europie, zaprasza na weekend majowy pe\u0142en spacer\u00f3w, wycieczek i rodzinnych aktywno\u015bci w otoczeniu budz\u0105cej [&hellip;]\" \/>\n<meta property=\"og:url\" content=\"https:\/\/nid.pl\/en\/wydarzenie\/majowka-park-muzakowski-2026\/\" \/>\n<meta property=\"og:site_name\" content=\"NID\" \/>\n<meta property=\"article:publisher\" content=\"https:\/\/www.facebook.com\/zabytek\" \/>\n<meta property=\"article:modified_time\" content=\"2026-04-16T11:21:21+00:00\" \/>\n<meta property=\"og:image\" content=\"https:\/\/nid.pl\/wp-content\/uploads\/2026\/04\/majowka-z-parkiem-muzakowskim_pl.jpg\" \/>\n\t<meta property=\"og:image:width\" content=\"1200\" \/>\n\t<meta property=\"og:image:height\" content=\"800\" \/>\n\t<meta property=\"og:image:type\" content=\"image\/jpeg\" \/>\n<meta name=\"twitter:card\" content=\"summary_large_image\" \/>\n<meta name=\"twitter:site\" content=\"@NarIDpl\" \/>\n<meta name=\"twitter:label1\" content=\"Estimated reading time\" \/>\n\t<meta name=\"twitter:data1\" content=\"2 minutes\" \/>\n<script type=\"application\/ld+json\" class=\"yoast-schema-graph\">{\"@context\":\"https:\/\/schema.org\",\"@graph\":[{\"@type\":\"WebPage\",\"@id\":\"https:\/\/nid.pl\/wydarzenie\/majowka-park-muzakowski-2026\/\",\"url\":\"https:\/\/nid.pl\/wydarzenie\/majowka-park-muzakowski-2026\/\",\"name\":\"Maj\u00f3wka z Parkiem Mu\u017cakowskim 2026 - NID\",\"isPartOf\":{\"@id\":\"https:\/\/nid.pl\/#website\"},\"primaryImageOfPage\":{\"@id\":\"https:\/\/nid.pl\/wydarzenie\/majowka-park-muzakowski-2026\/#primaryimage\"},\"image\":{\"@id\":\"https:\/\/nid.pl\/wydarzenie\/majowka-park-muzakowski-2026\/#primaryimage\"},\"thumbnailUrl\":\"https:\/\/nid.pl\/wp-content\/uploads\/2026\/04\/majowka-z-parkiem-muzakowskim_pl.jpg\",\"datePublished\":\"2026-04-16T11:15:18+00:00\",\"dateModified\":\"2026-04-16T11:21:21+00:00\",\"breadcrumb\":{\"@id\":\"https:\/\/nid.pl\/wydarzenie\/majowka-park-muzakowski-2026\/#breadcrumb\"},\"inLanguage\":\"en-GB\",\"potentialAction\":[{\"@type\":\"ReadAction\",\"target\":[\"https:\/\/nid.pl\/wydarzenie\/majowka-park-muzakowski-2026\/\"]}]},{\"@type\":\"ImageObject\",\"inLanguage\":\"en-GB\",\"@id\":\"https:\/\/nid.pl\/wydarzenie\/majowka-park-muzakowski-2026\/#primaryimage\",\"url\":\"https:\/\/nid.pl\/wp-content\/uploads\/2026\/04\/majowka-z-parkiem-muzakowskim_pl.jpg\",\"contentUrl\":\"https:\/\/nid.pl\/wp-content\/uploads\/2026\/04\/majowka-z-parkiem-muzakowskim_pl.jpg\",\"width\":1200,\"height\":800},{\"@type\":\"BreadcrumbList\",\"@id\":\"https:\/\/nid.pl\/wydarzenie\/majowka-park-muzakowski-2026\/#breadcrumb\",\"itemListElement\":[{\"@type\":\"ListItem\",\"position\":1,\"name\":\"Home\",\"item\":\"https:\/\/nid.pl\/\"},{\"@type\":\"ListItem\",\"position\":2,\"name\":\"Wydarzenia\",\"item\":\"https:\/\/nid.pl\/wydarzenia\/\"},{\"@type\":\"ListItem\",\"position\":3,\"name\":\"Maj\u00f3wka z Parkiem Mu\u017cakowskim 2026\"}]},{\"@type\":\"WebSite\",\"@id\":\"https:\/\/nid.pl\/#website\",\"url\":\"https:\/\/nid.pl\/\",\"name\":\"NID\",\"description\":\"Narodowy Instytut Dziedzictwa\",\"publisher\":{\"@id\":\"https:\/\/nid.pl\/#organization\"},\"potentialAction\":[{\"@type\":\"SearchAction\",\"target\":{\"@type\":\"EntryPoint\",\"urlTemplate\":\"https:\/\/nid.pl\/?s={search_term_string}\"},\"query-input\":{\"@type\":\"PropertyValueSpecification\",\"valueRequired\":true,\"valueName\":\"search_term_string\"}}],\"inLanguage\":\"en-GB\"},{\"@type\":\"Organization\",\"@id\":\"https:\/\/nid.pl\/#organization\",\"name\":\"Narodowy Instytut Dziedzictwa\",\"url\":\"https:\/\/nid.pl\/\",\"logo\":{\"@type\":\"ImageObject\",\"inLanguage\":\"en-GB\",\"@id\":\"https:\/\/nid.pl\/#\/schema\/logo\/image\/\",\"url\":\"https:\/\/nid.pl\/wp-content\/uploads\/2022\/10\/logoRedDark.png\",\"contentUrl\":\"https:\/\/nid.pl\/wp-content\/uploads\/2022\/10\/logoRedDark.png\",\"width\":200,\"height\":197,\"caption\":\"Narodowy Instytut Dziedzictwa\"},\"image\":{\"@id\":\"https:\/\/nid.pl\/#\/schema\/logo\/image\/\"},\"sameAs\":[\"https:\/\/www.facebook.com\/zabytek\",\"https:\/\/x.com\/NarIDpl\",\"https:\/\/www.instagram.com\/nid.pl\/?hl=pl\",\"https:\/\/www.linkedin.com\/company\/narodowy-instytut-dziedzictwa\",\"https:\/\/www.youtube.com\/channel\/UCQXuhKa2uHtmNvLRUSx40JA\"]}]}<\/script>\n<!-- \/ Yoast SEO plugin. -->","yoast_head_json":{"title":"Maj\u00f3wka z Parkiem Mu\u017cakowskim 2026 - NID","robots":{"index":"index","follow":"follow","max-snippet":"max-snippet:-1","max-image-preview":"max-image-preview:large","max-video-preview":"max-video-preview:-1"},"canonical":"https:\/\/nid.pl\/en\/wydarzenie\/majowka-park-muzakowski-2026\/","og_locale":"en_GB","og_type":"article","og_title":"Maj\u00f3wka z Parkiem Mu\u017cakowskim 2026 - NID","og_description":"Szukacie pomys\u0142u na spokojn\u0105, ale jednocze\u015bnie ciekaw\u0105 maj\u00f3wk\u0119? Park Mu\u017cakowski, jeden z najpi\u0119kniejszych park\u00f3w krajobrazowych w Europie, zaprasza na weekend majowy pe\u0142en spacer\u00f3w, wycieczek i rodzinnych aktywno\u015bci w otoczeniu budz\u0105cej [&hellip;]","og_url":"https:\/\/nid.pl\/en\/wydarzenie\/majowka-park-muzakowski-2026\/","og_site_name":"NID","article_publisher":"https:\/\/www.facebook.com\/zabytek","article_modified_time":"2026-04-16T11:21:21+00:00","og_image":[{"width":1200,"height":800,"url":"https:\/\/nid.pl\/wp-content\/uploads\/2026\/04\/majowka-z-parkiem-muzakowskim_pl.jpg","type":"image\/jpeg"}],"twitter_card":"summary_large_image","twitter_site":"@NarIDpl","twitter_misc":{"Estimated reading time":"2 minutes"},"schema":{"@context":"https:\/\/schema.org","@graph":[{"@type":"WebPage","@id":"https:\/\/nid.pl\/wydarzenie\/majowka-park-muzakowski-2026\/","url":"https:\/\/nid.pl\/wydarzenie\/majowka-park-muzakowski-2026\/","name":"Maj\u00f3wka z Parkiem Mu\u017cakowskim 2026 - NID","isPartOf":{"@id":"https:\/\/nid.pl\/#website"},"primaryImageOfPage":{"@id":"https:\/\/nid.pl\/wydarzenie\/majowka-park-muzakowski-2026\/#primaryimage"},"image":{"@id":"https:\/\/nid.pl\/wydarzenie\/majowka-park-muzakowski-2026\/#primaryimage"},"thumbnailUrl":"https:\/\/nid.pl\/wp-content\/uploads\/2026\/04\/majowka-z-parkiem-muzakowskim_pl.jpg","datePublished":"2026-04-16T11:15:18+00:00","dateModified":"2026-04-16T11:21:21+00:00","breadcrumb":{"@id":"https:\/\/nid.pl\/wydarzenie\/majowka-park-muzakowski-2026\/#breadcrumb"},"inLanguage":"en-GB","potentialAction":[{"@type":"ReadAction","target":["https:\/\/nid.pl\/wydarzenie\/majowka-park-muzakowski-2026\/"]}]},{"@type":"ImageObject","inLanguage":"en-GB","@id":"https:\/\/nid.pl\/wydarzenie\/majowka-park-muzakowski-2026\/#primaryimage","url":"https:\/\/nid.pl\/wp-content\/uploads\/2026\/04\/majowka-z-parkiem-muzakowskim_pl.jpg","contentUrl":"https:\/\/nid.pl\/wp-content\/uploads\/2026\/04\/majowka-z-parkiem-muzakowskim_pl.jpg","width":1200,"height":800},{"@type":"BreadcrumbList","@id":"https:\/\/nid.pl\/wydarzenie\/majowka-park-muzakowski-2026\/#breadcrumb","itemListElement":[{"@type":"ListItem","position":1,"name":"Home","item":"https:\/\/nid.pl\/"},{"@type":"ListItem","position":2,"name":"Wydarzenia","item":"https:\/\/nid.pl\/wydarzenia\/"},{"@type":"ListItem","position":3,"name":"Maj\u00f3wka z Parkiem Mu\u017cakowskim 2026"}]},{"@type":"WebSite","@id":"https:\/\/nid.pl\/#website","url":"https:\/\/nid.pl\/","name":"NID","description":"Narodowy Instytut Dziedzictwa","publisher":{"@id":"https:\/\/nid.pl\/#organization"},"potentialAction":[{"@type":"SearchAction","target":{"@type":"EntryPoint","urlTemplate":"https:\/\/nid.pl\/?s={search_term_string}"},"query-input":{"@type":"PropertyValueSpecification","valueRequired":true,"valueName":"search_term_string"}}],"inLanguage":"en-GB"},{"@type":"Organization","@id":"https:\/\/nid.pl\/#organization","name":"Narodowy Instytut Dziedzictwa","url":"https:\/\/nid.pl\/","logo":{"@type":"ImageObject","inLanguage":"en-GB","@id":"https:\/\/nid.pl\/#\/schema\/logo\/image\/","url":"https:\/\/nid.pl\/wp-content\/uploads\/2022\/10\/logoRedDark.png","contentUrl":"https:\/\/nid.pl\/wp-content\/uploads\/2022\/10\/logoRedDark.png","width":200,"height":197,"caption":"Narodowy Instytut Dziedzictwa"},"image":{"@id":"https:\/\/nid.pl\/#\/schema\/logo\/image\/"},"sameAs":["https:\/\/www.facebook.com\/zabytek","https:\/\/x.com\/NarIDpl","https:\/\/www.instagram.com\/nid.pl\/?hl=pl","https:\/\/www.linkedin.com\/company\/narodowy-instytut-dziedzictwa","https:\/\/www.youtube.com\/channel\/UCQXuhKa2uHtmNvLRUSx40JA"]}]}},"_links":{"self":[{"href":"https:\/\/nid.pl\/en\/wp-json\/wp\/v2\/tribe_events\/34249","targetHints":{"allow":["GET"]}}],"collection":[{"href":"https:\/\/nid.pl\/en\/wp-json\/wp\/v2\/tribe_events"}],"about":[{"href":"https:\/\/nid.pl\/en\/wp-json\/wp\/v2\/types\/tribe_events"}],"author":[{"embeddable":true,"href":"https:\/\/nid.pl\/en\/wp-json\/wp\/v2\/users\/4"}],"version-history":[{"count":3,"href":"https:\/\/nid.pl\/en\/wp-json\/wp\/v2\/tribe_events\/34249\/revisions"}],"predecessor-version":[{"id":34252,"href":"https:\/\/nid.pl\/en\/wp-json\/wp\/v2\/tribe_events\/34249\/revisions\/34252"}],"wp:featuredmedia":[{"embeddable":true,"href":"https:\/\/nid.pl\/en\/wp-json\/wp\/v2\/media\/34193"}],"wp:attachment":[{"href":"https:\/\/nid.pl\/en\/wp-json\/wp\/v2\/media?parent=34249"}],"wp:term":[{"taxonomy":"post_tag","embeddable":true,"href":"https:\/\/nid.pl\/en\/wp-json\/wp\/v2\/tags?post=34249"},{"taxonomy":"tribe_events_cat","embeddable":true,"href":"https:\/\/nid.pl\/en\/wp-json\/wp\/v2\/tribe_events_cat?post=34249"}],"curies":[{"name":"wp","href":"https:\/\/api.w.org\/{rel}","templated":true}]}}