{"id":30771,"date":"2025-11-27T14:58:11","date_gmt":"2025-11-27T13:58:11","guid":{"rendered":"https:\/\/nid.pl\/?post_type=tribe_events&#038;p=30771"},"modified":"2025-11-27T14:58:11","modified_gmt":"2025-11-27T13:58:11","slug":"debata-ikoniczne-domy","status":"publish","type":"tribe_events","link":"https:\/\/nid.pl\/en\/wydarzenie\/debata-ikoniczne-domy\/","title":{"rendered":"Debata \u201eIkoniczne domy. Budynki jak dzie\u0142a sztuki.\u201d"},"content":{"rendered":"<p><strong>Willa Bohdana Pniewskiego w Warszawie to z ca\u0142\u0105 pewno\u015bci\u0105 per\u0142a w\u015br\u00f3d architektury mieszkaniowej XX wieku. We wtorek, 2 grudnia o godz. 18, w ZODIAKU Warszawskim Pawilonie Architektury odb\u0119dzie si\u0119 debata o ikonicznych domach, kt\u00f3re nie tylko s\u0105 zabytkami i jako wyj\u0105tkowe przyk\u0142ady modernizmu funkcjonuj\u0105 w licznych architektonicznych publikacjach, ale tak\u017ce s\u0105 udost\u0119pniane do zwiedzania szerokiej publiczno\u015bci.<\/strong><\/p>\n<p>Podczas spotkania zastanowimy si\u0119 jakie przes\u0142anki musi spe\u0142nia\u0107 budynek, aby sta\u0107 si\u0119 domem-muzeum? Co czyni go wyj\u0105tkowym: forma, funkcja, eksperyment, a mo\u017ce mit tw\u00f3rcy? Jakie polskie wille maj\u0105 potencja\u0142, by sta\u0107 si\u0119 ikonicznymi budynkami udost\u0119pnianymi dla zwiedzaj\u0105cych?<\/p>\n<p style=\"text-align: left;\"><strong>W spotkaniu udzia\u0142 wezm\u0105:<\/strong><\/p>\n<p style=\"text-align: left;\"><strong>Maciej Czarnecki<\/strong> \u2013 fotograf architektury. Zajmuje si\u0119 popularyzacj\u0105 architektury, w szczeg\u00f3lno\u015bci modernistycznej. W mediach spo\u0142eczno\u015bciowych znany pod pseudonimem Maciej Dusiciel. Poszukuje ciekawych obiekt\u00f3w w Polsce i za granic\u0105, w szczeg\u00f3lno\u015bci tych zwi\u0105zanych z epok\u0105 kosmiczn\u0105, zimnej wojny, z brutalizmem i socmodernizmem. Na swoim koncie ma liczne wystawy fotograficzne w Polsce i Niemczech;<\/p>\n<p><strong>Julia Dragovi\u0107<\/strong> \u2013 dziennikarka architektoniczna, fotografka architektury, redaktorka online pisma \u201eArchitektura-murator\u201d. Od lat za po\u015brednictwem medi\u00f3w spo\u0142eczno\u015bciowych popularyzuje wiedz\u0119 o architekturze modernistycznej \u2013 g\u0142\u00f3wnie tej powojennej \u2013 oraz o ceramice architektonicznej. Zajmuje si\u0119 oddolnym ratowaniem dziedzictwa; od roku dzia\u0142a na rzecz Domu Ksi\u0105\u017ck\u00f3w w Tarnowie, a obecnie pracuje nad ustaleniem dorobku i \u017cyciorysu jego architekta, Wojciecha Pietrzyka. W czasie wolnym zwiedza mniej lub bardziej ikoniczne domy;<\/p>\n<p><strong>Tomasz Fudala<\/strong> &#8211; historyk sztuki i kurator wystaw, absolwent UW, autor tekst\u00f3w o architekturze i sztuce, pracuje w Muzeum Sztuki Nowoczesnej w Warszawie, kurator Domu Hansen\u00f3w w Szuminie. Wsp\u00f3\u0142tw\u00f3rca festiwalu po\u015bwi\u0119conego problemom miasta \u201eWarszawa w budowie\u201d (od 2009). Otrzyma\u0142 nagrod\u0119 krytyk\u00f3w im. Jerzego Stajudy oraz Nagrod\u0119 Architektoniczn\u0105 Prezydenta Warszawy za wystaw\u0119 \u201eSp\u00f3r o odbudow\u0119 Warszawy\u201d. Przygotowuje ksi\u0105\u017ck\u0119 o tw\u00f3rczo\u015bci architektki Haliny Skibniewskiej (1921-2011), wyd. NIAiU;<\/p>\n<p><strong>Maria Szadkowska<\/strong> \u2013 historyczka sztuki specjalizuj\u0105ca si\u0119 w modernistycznej architekturze i adaptacji zabytkowych dom\u00f3w na muzea typu \u201ehouse museum\u201d w Czechach. Obecnie uznana ekspertka w dziedzinie konserwacji i rewaloryzacji architektury mieszkalnej, kuratorka Domu Jana Brummela w Pil\u017anie oraz za\u0142o\u017cycielka Komitetu Naukowego ds. Rozwoju Dom\u00f3w Muze\u00f3w przy ICOMOS Czechy. Aktywnie dzia\u0142a w mi\u0119dzynarodowych organizacjach ICOM DEMHIST i ICONICHOUSES, promuj\u0105c ochron\u0119 dziedzictwa nowoczesnej architektury.<\/p>\n<p>Debat\u0119 poprowadzi krajowa koordynatorka EDD <strong>Patrycja Jastrz\u0119bska<\/strong> z Narodowego Instytutu Dziedzictwa. Historyczka sztuki, spo\u0142eczniczka, kuratorka, badaczka i popularyzatorka powojennej architektury \u2013 dziedzictwa i jego ochrony. Publikowa\u0142a m.in. w czasopismach: \u201eArchitektura Murator\u201d, \u201eObieg\u201d, \u201eArt&amp;Business\u201d, \u201eKronika Warszawy\u201d. Autorka inicjatywy \u201eTu by\u0142o, tu sta\u0142o\u201d, w kwartalniku \u201eStolica\u201d prowadzi autorsk\u0105 rubryk\u0119 o tej samej nazwie. Inicjatorka licznych akcji spo\u0142ecznych i projekt\u00f3w.<\/p>\n<p>&nbsp;<\/p>","protected":false},"excerpt":{"rendered":"<p>Willa Bohdana Pniewskiego w Warszawie to z ca\u0142\u0105 pewno\u015bci\u0105 per\u0142a w\u015br\u00f3d architektury mieszkaniowej XX wieku. We wtorek, 2 grudnia o godz. 18, w ZODIAKU Warszawskim Pawilonie Architektury odb\u0119dzie si\u0119 debata [&hellip;]<\/p>","protected":false},"author":4,"featured_media":30770,"template":"","meta":{"_et_pb_use_builder":"","_et_pb_old_content":"","_et_gb_content_width":"","_monsterinsights_skip_tracking":false,"_monsterinsights_sitenote_active":false,"_monsterinsights_sitenote_note":"","_monsterinsights_sitenote_category":0,"_tribe_events_status":"","_tribe_events_status_reason":"","footnotes":""},"tags":[],"tribe_events_cat":[125],"class_list":["post-30771","tribe_events","type-tribe_events","status-publish","has-post-thumbnail","hentry","tribe_events_cat-wydarzenie","cat_wydarzenie"],"yoast_head":"<!-- This site is optimized with the Yoast SEO plugin v26.5 - https:\/\/yoast.com\/wordpress\/plugins\/seo\/ -->\n<title>Debata \u201eIkoniczne domy. Budynki jak dzie\u0142a sztuki.\u201d - NID<\/title>\n<meta name=\"robots\" content=\"index, follow, max-snippet:-1, max-image-preview:large, max-video-preview:-1\" \/>\n<link rel=\"canonical\" href=\"https:\/\/nid.pl\/en\/wydarzenie\/debata-ikoniczne-domy\/\" \/>\n<meta property=\"og:locale\" content=\"en_GB\" \/>\n<meta property=\"og:type\" content=\"article\" \/>\n<meta property=\"og:title\" content=\"Debata \u201eIkoniczne domy. Budynki jak dzie\u0142a sztuki.\u201d - NID\" \/>\n<meta property=\"og:description\" content=\"Willa Bohdana Pniewskiego w Warszawie to z ca\u0142\u0105 pewno\u015bci\u0105 per\u0142a w\u015br\u00f3d architektury mieszkaniowej XX wieku. We wtorek, 2 grudnia o godz. 18, w ZODIAKU Warszawskim Pawilonie Architektury odb\u0119dzie si\u0119 debata [&hellip;]\" \/>\n<meta property=\"og:url\" content=\"https:\/\/nid.pl\/en\/wydarzenie\/debata-ikoniczne-domy\/\" \/>\n<meta property=\"og:site_name\" content=\"NID\" \/>\n<meta property=\"article:publisher\" content=\"https:\/\/www.facebook.com\/zabytek\" \/>\n<meta property=\"og:image\" content=\"https:\/\/nid.pl\/wp-content\/uploads\/2025\/11\/Debata-ikoniczne-domy_min.jpg\" \/>\n\t<meta property=\"og:image:width\" content=\"1200\" \/>\n\t<meta property=\"og:image:height\" content=\"800\" \/>\n\t<meta property=\"og:image:type\" content=\"image\/jpeg\" \/>\n<meta name=\"twitter:card\" content=\"summary_large_image\" \/>\n<meta name=\"twitter:site\" content=\"@NarIDpl\" \/>\n<meta name=\"twitter:label1\" content=\"Estimated reading time\" \/>\n\t<meta name=\"twitter:data1\" content=\"3 minutes\" \/>\n<script type=\"application\/ld+json\" class=\"yoast-schema-graph\">{\"@context\":\"https:\/\/schema.org\",\"@graph\":[{\"@type\":\"WebPage\",\"@id\":\"https:\/\/nid.pl\/wydarzenie\/debata-ikoniczne-domy\/\",\"url\":\"https:\/\/nid.pl\/wydarzenie\/debata-ikoniczne-domy\/\",\"name\":\"Debata \u201eIkoniczne domy. Budynki jak dzie\u0142a sztuki.\u201d - NID\",\"isPartOf\":{\"@id\":\"https:\/\/nid.pl\/#website\"},\"primaryImageOfPage\":{\"@id\":\"https:\/\/nid.pl\/wydarzenie\/debata-ikoniczne-domy\/#primaryimage\"},\"image\":{\"@id\":\"https:\/\/nid.pl\/wydarzenie\/debata-ikoniczne-domy\/#primaryimage\"},\"thumbnailUrl\":\"https:\/\/nid.pl\/wp-content\/uploads\/2025\/11\/Debata-ikoniczne-domy_min.jpg\",\"datePublished\":\"2025-11-27T13:58:11+00:00\",\"breadcrumb\":{\"@id\":\"https:\/\/nid.pl\/wydarzenie\/debata-ikoniczne-domy\/#breadcrumb\"},\"inLanguage\":\"en-GB\",\"potentialAction\":[{\"@type\":\"ReadAction\",\"target\":[\"https:\/\/nid.pl\/wydarzenie\/debata-ikoniczne-domy\/\"]}]},{\"@type\":\"ImageObject\",\"inLanguage\":\"en-GB\",\"@id\":\"https:\/\/nid.pl\/wydarzenie\/debata-ikoniczne-domy\/#primaryimage\",\"url\":\"https:\/\/nid.pl\/wp-content\/uploads\/2025\/11\/Debata-ikoniczne-domy_min.jpg\",\"contentUrl\":\"https:\/\/nid.pl\/wp-content\/uploads\/2025\/11\/Debata-ikoniczne-domy_min.jpg\",\"width\":1200,\"height\":800,\"caption\":\"Debata \u201eIkoniczne domy. Budynki jak dzie\u0142a sztuki.\u201d\"},{\"@type\":\"BreadcrumbList\",\"@id\":\"https:\/\/nid.pl\/wydarzenie\/debata-ikoniczne-domy\/#breadcrumb\",\"itemListElement\":[{\"@type\":\"ListItem\",\"position\":1,\"name\":\"Home\",\"item\":\"https:\/\/nid.pl\/\"},{\"@type\":\"ListItem\",\"position\":2,\"name\":\"Wydarzenia\",\"item\":\"https:\/\/nid.pl\/wydarzenia\/\"},{\"@type\":\"ListItem\",\"position\":3,\"name\":\"Debata \u201eIkoniczne domy. Budynki jak dzie\u0142a sztuki.\u201d\"}]},{\"@type\":\"WebSite\",\"@id\":\"https:\/\/nid.pl\/#website\",\"url\":\"https:\/\/nid.pl\/\",\"name\":\"NID\",\"description\":\"Narodowy Instytut Dziedzictwa\",\"publisher\":{\"@id\":\"https:\/\/nid.pl\/#organization\"},\"potentialAction\":[{\"@type\":\"SearchAction\",\"target\":{\"@type\":\"EntryPoint\",\"urlTemplate\":\"https:\/\/nid.pl\/?s={search_term_string}\"},\"query-input\":{\"@type\":\"PropertyValueSpecification\",\"valueRequired\":true,\"valueName\":\"search_term_string\"}}],\"inLanguage\":\"en-GB\"},{\"@type\":\"Organization\",\"@id\":\"https:\/\/nid.pl\/#organization\",\"name\":\"Narodowy Instytut Dziedzictwa\",\"url\":\"https:\/\/nid.pl\/\",\"logo\":{\"@type\":\"ImageObject\",\"inLanguage\":\"en-GB\",\"@id\":\"https:\/\/nid.pl\/#\/schema\/logo\/image\/\",\"url\":\"https:\/\/nid.pl\/wp-content\/uploads\/2022\/10\/logoRedDark.png\",\"contentUrl\":\"https:\/\/nid.pl\/wp-content\/uploads\/2022\/10\/logoRedDark.png\",\"width\":200,\"height\":197,\"caption\":\"Narodowy Instytut Dziedzictwa\"},\"image\":{\"@id\":\"https:\/\/nid.pl\/#\/schema\/logo\/image\/\"},\"sameAs\":[\"https:\/\/www.facebook.com\/zabytek\",\"https:\/\/x.com\/NarIDpl\",\"https:\/\/www.instagram.com\/nid.pl\/?hl=pl\",\"https:\/\/www.linkedin.com\/company\/narodowy-instytut-dziedzictwa\",\"https:\/\/www.youtube.com\/channel\/UCQXuhKa2uHtmNvLRUSx40JA\"]}]}<\/script>\n<!-- \/ Yoast SEO plugin. -->","yoast_head_json":{"title":"Debata \u201eIkoniczne domy. Budynki jak dzie\u0142a sztuki.\u201d - NID","robots":{"index":"index","follow":"follow","max-snippet":"max-snippet:-1","max-image-preview":"max-image-preview:large","max-video-preview":"max-video-preview:-1"},"canonical":"https:\/\/nid.pl\/en\/wydarzenie\/debata-ikoniczne-domy\/","og_locale":"en_GB","og_type":"article","og_title":"Debata \u201eIkoniczne domy. Budynki jak dzie\u0142a sztuki.\u201d - NID","og_description":"Willa Bohdana Pniewskiego w Warszawie to z ca\u0142\u0105 pewno\u015bci\u0105 per\u0142a w\u015br\u00f3d architektury mieszkaniowej XX wieku. We wtorek, 2 grudnia o godz. 18, w ZODIAKU Warszawskim Pawilonie Architektury odb\u0119dzie si\u0119 debata [&hellip;]","og_url":"https:\/\/nid.pl\/en\/wydarzenie\/debata-ikoniczne-domy\/","og_site_name":"NID","article_publisher":"https:\/\/www.facebook.com\/zabytek","og_image":[{"width":1200,"height":800,"url":"https:\/\/nid.pl\/wp-content\/uploads\/2025\/11\/Debata-ikoniczne-domy_min.jpg","type":"image\/jpeg"}],"twitter_card":"summary_large_image","twitter_site":"@NarIDpl","twitter_misc":{"Estimated reading time":"3 minutes"},"schema":{"@context":"https:\/\/schema.org","@graph":[{"@type":"WebPage","@id":"https:\/\/nid.pl\/wydarzenie\/debata-ikoniczne-domy\/","url":"https:\/\/nid.pl\/wydarzenie\/debata-ikoniczne-domy\/","name":"Debata \u201eIkoniczne domy. Budynki jak dzie\u0142a sztuki.\u201d - NID","isPartOf":{"@id":"https:\/\/nid.pl\/#website"},"primaryImageOfPage":{"@id":"https:\/\/nid.pl\/wydarzenie\/debata-ikoniczne-domy\/#primaryimage"},"image":{"@id":"https:\/\/nid.pl\/wydarzenie\/debata-ikoniczne-domy\/#primaryimage"},"thumbnailUrl":"https:\/\/nid.pl\/wp-content\/uploads\/2025\/11\/Debata-ikoniczne-domy_min.jpg","datePublished":"2025-11-27T13:58:11+00:00","breadcrumb":{"@id":"https:\/\/nid.pl\/wydarzenie\/debata-ikoniczne-domy\/#breadcrumb"},"inLanguage":"en-GB","potentialAction":[{"@type":"ReadAction","target":["https:\/\/nid.pl\/wydarzenie\/debata-ikoniczne-domy\/"]}]},{"@type":"ImageObject","inLanguage":"en-GB","@id":"https:\/\/nid.pl\/wydarzenie\/debata-ikoniczne-domy\/#primaryimage","url":"https:\/\/nid.pl\/wp-content\/uploads\/2025\/11\/Debata-ikoniczne-domy_min.jpg","contentUrl":"https:\/\/nid.pl\/wp-content\/uploads\/2025\/11\/Debata-ikoniczne-domy_min.jpg","width":1200,"height":800,"caption":"Debata \u201eIkoniczne domy. Budynki jak dzie\u0142a sztuki.\u201d"},{"@type":"BreadcrumbList","@id":"https:\/\/nid.pl\/wydarzenie\/debata-ikoniczne-domy\/#breadcrumb","itemListElement":[{"@type":"ListItem","position":1,"name":"Home","item":"https:\/\/nid.pl\/"},{"@type":"ListItem","position":2,"name":"Wydarzenia","item":"https:\/\/nid.pl\/wydarzenia\/"},{"@type":"ListItem","position":3,"name":"Debata \u201eIkoniczne domy. Budynki jak dzie\u0142a sztuki.\u201d"}]},{"@type":"WebSite","@id":"https:\/\/nid.pl\/#website","url":"https:\/\/nid.pl\/","name":"NID","description":"Narodowy Instytut Dziedzictwa","publisher":{"@id":"https:\/\/nid.pl\/#organization"},"potentialAction":[{"@type":"SearchAction","target":{"@type":"EntryPoint","urlTemplate":"https:\/\/nid.pl\/?s={search_term_string}"},"query-input":{"@type":"PropertyValueSpecification","valueRequired":true,"valueName":"search_term_string"}}],"inLanguage":"en-GB"},{"@type":"Organization","@id":"https:\/\/nid.pl\/#organization","name":"Narodowy Instytut Dziedzictwa","url":"https:\/\/nid.pl\/","logo":{"@type":"ImageObject","inLanguage":"en-GB","@id":"https:\/\/nid.pl\/#\/schema\/logo\/image\/","url":"https:\/\/nid.pl\/wp-content\/uploads\/2022\/10\/logoRedDark.png","contentUrl":"https:\/\/nid.pl\/wp-content\/uploads\/2022\/10\/logoRedDark.png","width":200,"height":197,"caption":"Narodowy Instytut Dziedzictwa"},"image":{"@id":"https:\/\/nid.pl\/#\/schema\/logo\/image\/"},"sameAs":["https:\/\/www.facebook.com\/zabytek","https:\/\/x.com\/NarIDpl","https:\/\/www.instagram.com\/nid.pl\/?hl=pl","https:\/\/www.linkedin.com\/company\/narodowy-instytut-dziedzictwa","https:\/\/www.youtube.com\/channel\/UCQXuhKa2uHtmNvLRUSx40JA"]}]}},"_links":{"self":[{"href":"https:\/\/nid.pl\/en\/wp-json\/wp\/v2\/tribe_events\/30771","targetHints":{"allow":["GET"]}}],"collection":[{"href":"https:\/\/nid.pl\/en\/wp-json\/wp\/v2\/tribe_events"}],"about":[{"href":"https:\/\/nid.pl\/en\/wp-json\/wp\/v2\/types\/tribe_events"}],"author":[{"embeddable":true,"href":"https:\/\/nid.pl\/en\/wp-json\/wp\/v2\/users\/4"}],"version-history":[{"count":0,"href":"https:\/\/nid.pl\/en\/wp-json\/wp\/v2\/tribe_events\/30771\/revisions"}],"wp:featuredmedia":[{"embeddable":true,"href":"https:\/\/nid.pl\/en\/wp-json\/wp\/v2\/media\/30770"}],"wp:attachment":[{"href":"https:\/\/nid.pl\/en\/wp-json\/wp\/v2\/media?parent=30771"}],"wp:term":[{"taxonomy":"post_tag","embeddable":true,"href":"https:\/\/nid.pl\/en\/wp-json\/wp\/v2\/tags?post=30771"},{"taxonomy":"tribe_events_cat","embeddable":true,"href":"https:\/\/nid.pl\/en\/wp-json\/wp\/v2\/tribe_events_cat?post=30771"}],"curies":[{"name":"wp","href":"https:\/\/api.w.org\/{rel}","templated":true}]}}