{"id":30665,"date":"2025-11-24T09:56:36","date_gmt":"2025-11-24T08:56:36","guid":{"rendered":"https:\/\/nid.pl\/?post_type=tribe_events&#038;p=30665"},"modified":"2025-11-24T09:58:35","modified_gmt":"2025-11-24T08:58:35","slug":"webinarium-dziedzictwo-diagnozy","status":"publish","type":"tribe_events","link":"https:\/\/nid.pl\/en\/wydarzenie\/webinarium-dziedzictwo-diagnozy\/","title":{"rendered":"Webinarium \u201eDziedzictwo kulturowe w diagnozach rewitalizacyjnych\u201d"},"content":{"rendered":"<p><strong>Narodowy Instytut Dziedzictwa zaprasza na webinarium po\u015bwi\u0119cone problematyce uwzgl\u0119dniania materialnego i niematerialnego dziedzictwa kulturowego w diagnozie s\u0142u\u017c\u0105cej wyznaczeniu obszaru zdegradowanego i obszaru rewitalizacji, monitorowaniu oraz ocenie procesu rewitalizacji.<\/strong><\/p>\n<p><strong>Problematyka webinarium obejmie m. in. zagadnienia:<\/strong><\/p>\n<ul>\n<li>obowi\u0105zk\u00f3w gmin zwi\u0105zanych z prowadzeniem procesu delimitacji obszaru zdegradowanego i rewitalizacji,<\/li>\n<li>przyczynowo-skutkowych powi\u0105za\u0144 delimitacji z pog\u0142\u0119bion\u0105 diagnoz\u0105 obszaru interwencji w gminnym programie rewitalizacji,<\/li>\n<li>zasad prowadzenia analiz wska\u017anikowych w procesie programowania oraz monitorowania procesu rewitalizacji,<\/li>\n<li>aspekt\u00f3w niematerialnego dziedzictwa kulturowego i mo\u017cliwo\u015bci jego uj\u0119cia w regulacjach gminnego programu rewitalizacji, ze szczeg\u00f3lnym uwzgl\u0119dnieniem dzia\u0142a\u0144 Narodowego Instytut Dziedzictwa podejmowanych na rzecz jego ochrony.<\/li>\n<\/ul>\n<p><strong>Webinarium jest dedykowane:<\/strong><\/p>\n<ul>\n<li>przedstawicielom JST, w szczeg\u00f3lno\u015bci pracownikom urz\u0119d\u00f3w miast i gmin zajmuj\u0105cych si\u0119 rewitalizacj\u0105 i\/lub ochron\u0105 zabytk\u00f3w,<\/li>\n<li>interesariuszom procesu rewitalizacji prowadzonego w oparciu o potencja\u0142 lokalnego dziedzictwa kulturowego,<\/li>\n<li>osobom zainteresowanym problematyk\u0105 uwzgl\u0119dniania materialnego i niematerialnego dziedzictwa kulturowego w procesie rewitalizacji.<\/li>\n<\/ul>\n<p>Webinarium poprowadz\u0105 ekspertki Centrum Doradztwa Rewitalizacyjnego Instytutu Rozwoju Miast i Region\u00f3w oraz Narodowego Instytutu Dziedzictwa:<\/p>\n<ul>\n<li><strong>Katarzyna Spad\u0142o, Centrum Doradztwa Rewitalizacyjnego IRMiR<\/strong><br \/>\nKierownik Centrum Doradztwa Rewitalizacyjnego IRMiR, ekspertka ds. rewitalizacji i polityki miejskiej, ekonomistka, specjalistka w zakresie rewitalizacji miast i polityki miejskiej. Autorka licznych opracowa\u0144, publikacji, poradnik\u00f3w i artyku\u0142\u00f3w dotycz\u0105cych rewitalizacji, a tak\u017ce bada\u0144, analiz i ewaluacji. Trenerka szkole\u0144 oraz doradca merytoryczny z zakresu rewitalizacji w ramach projekt\u00f3w pilota\u017cowych, konkursu dotacji \u201eModelowa Rewitalizacja Miast\u201d, \u201eRegion\u00f3w Rewitalizacji\u201d, programu \u201eRozw\u00f3j Lokalny\u201d oraz projekt\u00f3w usprawniaj\u0105cych polityki rewitalizacyjne: \u201eEDINA \u2013 Rozw\u00f3j efektywno\u015bci energetycznej w Specjalnych Strefach Rewitalizacji i na obszarach miejskich\u201d, \u201eSprawny system rewitalizacji \u2013 podsumowanie 10-lecia funkcjonowania ustawy o rewitalizacji w Polsce\u201d.<\/li>\n<li><strong>Katarzyna Sadowska-Mazur, Narodowy Instytut Dziedzictwa<\/strong><br \/>\nAbsolwentka Etnologii i Antropologii Kulturowej UW. Obecnie kierownik Centrum Dziedzictwa Niematerialnego w Narodowym Instytucie Dziedzictwa, gdzie od 2011 roku zajmuje si\u0119 wdra\u017caniem zalece\u0144 Konwencji UNESCO z 2003 roku w sprawie ochrony niematerialnego dziedzictwa kulturowego. Wsp\u00f3\u0142tw\u00f3rczyni Krajowej listy NDK oraz koordynatorka wpis\u00f3w na ni\u0105. Organizatorka I Forum Eksperckiego Chiny \u2013 Europa \u015arodkowa i Wschodnia na temat ochrony niematerialnego dziedzictwa kulturowego a tak\u017ce wielu konferencji, warsztat\u00f3w i szkole\u0144 dotycz\u0105cych min: sposob\u00f3w wdra\u017cania Konwencji z 2003 roku czy dobrych praktyk w zakresie NDK. Pomys\u0142odawczyni i realizatorka wystawy zorganizowanej w siedzibie UNESCO w Pary\u017cu, prezentuj\u0105cej zjawiska wpisane na Krajow\u0105 list\u0119 z udzia\u0142em tw\u00f3rc\u00f3w prezentuj\u0105cych wybrane wpisy. Autorka artyku\u0142\u00f3w i opracowa\u0144 po\u015bwi\u0119conych tematyce dziedzictwa niematerialnego.<\/li>\n<li><strong>Edyta Tomczyk, Centrum Doradztwa Rewitalizacyjnego IRMiR<\/strong><br \/>\nEkspertka do spraw polityk rozwojowych, szczeg\u00f3lnie rewitalizacji, badaczka miejska, autorka artyku\u0142\u00f3w i innych publikacji naukowych oraz eksperckich, w tym program\u00f3w rewitalizacji, analiz ewaluacyjnych. Z ramienia IRMiR koordynowa\u0142a projekty doradcze dla przedstawicieli administracji mo\u0142dawskiej i Mazowieckiego Instytutu Kultury. Nale\u017ca\u0142a do zespo\u0142u opracowuj\u0105cego modelowy gminny program rewitalizacji w ramach NewUrbPact \u2013 Nowy Model Urbanizacji w Polsce. Prowadzi szkolenia i warsztaty na temat lokalnych polityk rozwojowych, specjalizuj\u0105c si\u0119 m.in. w zagadnieniach zwi\u0105zanych z dziedzictwem kulturowym, kultur\u0105 i partycypacj\u0105 spo\u0142eczn\u0105. Jako redaktorka i t\u0142umaczka przez wiele lat wsp\u00f3\u0142pracowa\u0142a m.in. z Narodowym Centrum Kultury. Absolwentka Instytutu Lingwistyki Stosowanej Uniwersytetu Warszawskiego, a tak\u017ce podyplomowych studi\u00f3w Rewitalizacja miast \u2013 organizacja i finansowanie prowadzonych przez Szko\u0142\u0119 G\u0142\u00f3wn\u0105 Handlow\u0105 i Uniwersytet Jagiello\u0144ski oraz Archi:Kultura Edukator Architektoniczny organizowanych pod patronatem Narodowego Instytutu Architektury i Urbanistyki.<br \/>\nInformacje og\u00f3lne<\/li>\n<\/ul>\n<p>&nbsp;<\/p>\n<p>\ud83d\udcc6Termin: 09.12.2025 r., godz. 10.00-13.00<br \/>\n\ud83d\udccdPlatforma Teams<\/p>\n<p>Na wydarzenie obowi\u0105zuje rejestracja: <a href=\"https:\/\/rejestracja.nid.pl\/webinarium_dziedzictwo_kulturowe_w_diagnozach_rewitalizacyjnych_2025\" target=\"_blank\" rel=\"noopener\">https:\/\/rejestracja.nid.pl\/webinarium_dziedzictwo_kulturowe_w_diagnozach_rewitalizacyjnych_2025<\/a><\/p>\n<p>Po zarejestrowaniu si\u0119 na wydarzenie, uczestnicy otrzymaj\u0105 link do platformy, na kt\u00f3rej odb\u0119dzie si\u0119 webinarium.<\/p>\n<p><img loading=\"lazy\" decoding=\"async\" class=\"aligncenter size-full wp-image-30628\" src=\"https:\/\/nid.pl\/wp-content\/uploads\/2025\/11\/1500-x-1500-px-11.jpg\" alt=\"grafika miasta\" width=\"1500\" height=\"1500\" srcset=\"https:\/\/nid.pl\/wp-content\/uploads\/2025\/11\/1500-x-1500-px-11.jpg 1500w, https:\/\/nid.pl\/wp-content\/uploads\/2025\/11\/1500-x-1500-px-11-1280x1280.jpg 1280w, https:\/\/nid.pl\/wp-content\/uploads\/2025\/11\/1500-x-1500-px-11-980x980.jpg 980w, https:\/\/nid.pl\/wp-content\/uploads\/2025\/11\/1500-x-1500-px-11-480x480.jpg 480w\" sizes=\"(min-width: 0px) and (max-width: 480px) 480px, (min-width: 481px) and (max-width: 980px) 980px, (min-width: 981px) and (max-width: 1280px) 1280px, (min-width: 1281px) 1500px, 100vw\" \/><\/p>","protected":false},"excerpt":{"rendered":"<p>Narodowy Instytut Dziedzictwa zaprasza na webinarium po\u015bwi\u0119cone problematyce uwzgl\u0119dniania materialnego i niematerialnego dziedzictwa kulturowego w diagnozie s\u0142u\u017c\u0105cej wyznaczeniu obszaru zdegradowanego i obszaru rewitalizacji, monitorowaniu oraz ocenie procesu rewitalizacji. Problematyka webinarium [&hellip;]<\/p>","protected":false},"author":4,"featured_media":30629,"template":"","meta":{"_et_pb_use_builder":"","_et_pb_old_content":"","_et_gb_content_width":"","_monsterinsights_skip_tracking":false,"_monsterinsights_sitenote_active":false,"_monsterinsights_sitenote_note":"","_monsterinsights_sitenote_category":0,"_tribe_events_status":"","_tribe_events_status_reason":"","footnotes":""},"tags":[],"tribe_events_cat":[95],"class_list":["post-30665","tribe_events","type-tribe_events","status-publish","has-post-thumbnail","hentry","tribe_events_cat-webinaria","cat_webinaria"],"yoast_head":"<!-- This site is optimized with the Yoast SEO plugin v26.5 - https:\/\/yoast.com\/wordpress\/plugins\/seo\/ -->\n<title>Webinarium \u201eDziedzictwo kulturowe w diagnozach rewitalizacyjnych\u201d - NID<\/title>\n<meta name=\"description\" content=\"Narodowy Instytut Dziedzictwa zaprasza na webinarium po\u015bwi\u0119cone problematyce uwzgl\u0119dniania materialnego i niematerialnego dziedzictwa kulturowego w diagnozie s\u0142u\u017c\u0105cej wyznaczeniu obszaru zdegradowanego i obszaru rewitalizacji, monitorowaniu oraz ocenie procesu rewitalizacji.\" \/>\n<meta name=\"robots\" content=\"index, follow, max-snippet:-1, max-image-preview:large, max-video-preview:-1\" \/>\n<link rel=\"canonical\" href=\"https:\/\/nid.pl\/en\/wydarzenie\/webinarium-dziedzictwo-diagnozy\/\" \/>\n<meta property=\"og:locale\" content=\"en_GB\" \/>\n<meta property=\"og:type\" content=\"article\" \/>\n<meta property=\"og:title\" content=\"Webinarium \u201eDziedzictwo kulturowe w diagnozach rewitalizacyjnych\u201d - NID\" \/>\n<meta property=\"og:description\" content=\"Narodowy Instytut Dziedzictwa zaprasza na webinarium po\u015bwi\u0119cone problematyce uwzgl\u0119dniania materialnego i niematerialnego dziedzictwa kulturowego w diagnozie s\u0142u\u017c\u0105cej wyznaczeniu obszaru zdegradowanego i obszaru rewitalizacji, monitorowaniu oraz ocenie procesu rewitalizacji.\" \/>\n<meta property=\"og:url\" content=\"https:\/\/nid.pl\/en\/wydarzenie\/webinarium-dziedzictwo-diagnozy\/\" \/>\n<meta property=\"og:site_name\" content=\"NID\" \/>\n<meta property=\"article:publisher\" content=\"https:\/\/www.facebook.com\/zabytek\" \/>\n<meta property=\"article:modified_time\" content=\"2025-11-24T08:58:35+00:00\" \/>\n<meta property=\"og:image\" content=\"https:\/\/nid.pl\/wp-content\/uploads\/2025\/11\/miniatura-www-NID-glowny-8.jpg\" \/>\n\t<meta property=\"og:image:width\" content=\"1200\" \/>\n\t<meta property=\"og:image:height\" content=\"800\" \/>\n\t<meta property=\"og:image:type\" content=\"image\/jpeg\" \/>\n<meta name=\"twitter:card\" content=\"summary_large_image\" \/>\n<meta name=\"twitter:site\" content=\"@NarIDpl\" \/>\n<meta name=\"twitter:label1\" content=\"Estimated reading time\" \/>\n\t<meta name=\"twitter:data1\" content=\"4 minutes\" \/>\n<script type=\"application\/ld+json\" class=\"yoast-schema-graph\">{\"@context\":\"https:\/\/schema.org\",\"@graph\":[{\"@type\":\"WebPage\",\"@id\":\"https:\/\/nid.pl\/wydarzenie\/webinarium-dziedzictwo-diagnozy\/\",\"url\":\"https:\/\/nid.pl\/wydarzenie\/webinarium-dziedzictwo-diagnozy\/\",\"name\":\"Webinarium \u201eDziedzictwo kulturowe w diagnozach rewitalizacyjnych\u201d - NID\",\"isPartOf\":{\"@id\":\"https:\/\/nid.pl\/#website\"},\"primaryImageOfPage\":{\"@id\":\"https:\/\/nid.pl\/wydarzenie\/webinarium-dziedzictwo-diagnozy\/#primaryimage\"},\"image\":{\"@id\":\"https:\/\/nid.pl\/wydarzenie\/webinarium-dziedzictwo-diagnozy\/#primaryimage\"},\"thumbnailUrl\":\"https:\/\/nid.pl\/wp-content\/uploads\/2025\/11\/miniatura-www-NID-glowny-8.jpg\",\"datePublished\":\"2025-11-24T08:56:36+00:00\",\"dateModified\":\"2025-11-24T08:58:35+00:00\",\"description\":\"Narodowy Instytut Dziedzictwa zaprasza na webinarium po\u015bwi\u0119cone problematyce uwzgl\u0119dniania materialnego i niematerialnego dziedzictwa kulturowego w diagnozie s\u0142u\u017c\u0105cej wyznaczeniu obszaru zdegradowanego i obszaru rewitalizacji, monitorowaniu oraz ocenie procesu rewitalizacji.\",\"breadcrumb\":{\"@id\":\"https:\/\/nid.pl\/wydarzenie\/webinarium-dziedzictwo-diagnozy\/#breadcrumb\"},\"inLanguage\":\"en-GB\",\"potentialAction\":[{\"@type\":\"ReadAction\",\"target\":[\"https:\/\/nid.pl\/wydarzenie\/webinarium-dziedzictwo-diagnozy\/\"]}]},{\"@type\":\"ImageObject\",\"inLanguage\":\"en-GB\",\"@id\":\"https:\/\/nid.pl\/wydarzenie\/webinarium-dziedzictwo-diagnozy\/#primaryimage\",\"url\":\"https:\/\/nid.pl\/wp-content\/uploads\/2025\/11\/miniatura-www-NID-glowny-8.jpg\",\"contentUrl\":\"https:\/\/nid.pl\/wp-content\/uploads\/2025\/11\/miniatura-www-NID-glowny-8.jpg\",\"width\":1200,\"height\":800,\"caption\":\"grafika miasta\"},{\"@type\":\"BreadcrumbList\",\"@id\":\"https:\/\/nid.pl\/wydarzenie\/webinarium-dziedzictwo-diagnozy\/#breadcrumb\",\"itemListElement\":[{\"@type\":\"ListItem\",\"position\":1,\"name\":\"Home\",\"item\":\"https:\/\/nid.pl\/\"},{\"@type\":\"ListItem\",\"position\":2,\"name\":\"Wydarzenia\",\"item\":\"https:\/\/nid.pl\/wydarzenia\/\"},{\"@type\":\"ListItem\",\"position\":3,\"name\":\"Webinarium \u201eDziedzictwo kulturowe w diagnozach rewitalizacyjnych\u201d\"}]},{\"@type\":\"WebSite\",\"@id\":\"https:\/\/nid.pl\/#website\",\"url\":\"https:\/\/nid.pl\/\",\"name\":\"NID\",\"description\":\"Narodowy Instytut Dziedzictwa\",\"publisher\":{\"@id\":\"https:\/\/nid.pl\/#organization\"},\"potentialAction\":[{\"@type\":\"SearchAction\",\"target\":{\"@type\":\"EntryPoint\",\"urlTemplate\":\"https:\/\/nid.pl\/?s={search_term_string}\"},\"query-input\":{\"@type\":\"PropertyValueSpecification\",\"valueRequired\":true,\"valueName\":\"search_term_string\"}}],\"inLanguage\":\"en-GB\"},{\"@type\":\"Organization\",\"@id\":\"https:\/\/nid.pl\/#organization\",\"name\":\"Narodowy Instytut Dziedzictwa\",\"url\":\"https:\/\/nid.pl\/\",\"logo\":{\"@type\":\"ImageObject\",\"inLanguage\":\"en-GB\",\"@id\":\"https:\/\/nid.pl\/#\/schema\/logo\/image\/\",\"url\":\"https:\/\/nid.pl\/wp-content\/uploads\/2022\/10\/logoRedDark.png\",\"contentUrl\":\"https:\/\/nid.pl\/wp-content\/uploads\/2022\/10\/logoRedDark.png\",\"width\":200,\"height\":197,\"caption\":\"Narodowy Instytut Dziedzictwa\"},\"image\":{\"@id\":\"https:\/\/nid.pl\/#\/schema\/logo\/image\/\"},\"sameAs\":[\"https:\/\/www.facebook.com\/zabytek\",\"https:\/\/x.com\/NarIDpl\",\"https:\/\/www.instagram.com\/nid.pl\/?hl=pl\",\"https:\/\/www.linkedin.com\/company\/narodowy-instytut-dziedzictwa\",\"https:\/\/www.youtube.com\/channel\/UCQXuhKa2uHtmNvLRUSx40JA\"]}]}<\/script>\n<!-- \/ Yoast SEO plugin. -->","yoast_head_json":{"title":"Webinarium \u201eDziedzictwo kulturowe w diagnozach rewitalizacyjnych\u201d - NID","description":"Narodowy Instytut Dziedzictwa zaprasza na webinarium po\u015bwi\u0119cone problematyce uwzgl\u0119dniania materialnego i niematerialnego dziedzictwa kulturowego w diagnozie s\u0142u\u017c\u0105cej wyznaczeniu obszaru zdegradowanego i obszaru rewitalizacji, monitorowaniu oraz ocenie procesu rewitalizacji.","robots":{"index":"index","follow":"follow","max-snippet":"max-snippet:-1","max-image-preview":"max-image-preview:large","max-video-preview":"max-video-preview:-1"},"canonical":"https:\/\/nid.pl\/en\/wydarzenie\/webinarium-dziedzictwo-diagnozy\/","og_locale":"en_GB","og_type":"article","og_title":"Webinarium \u201eDziedzictwo kulturowe w diagnozach rewitalizacyjnych\u201d - NID","og_description":"Narodowy Instytut Dziedzictwa zaprasza na webinarium po\u015bwi\u0119cone problematyce uwzgl\u0119dniania materialnego i niematerialnego dziedzictwa kulturowego w diagnozie s\u0142u\u017c\u0105cej wyznaczeniu obszaru zdegradowanego i obszaru rewitalizacji, monitorowaniu oraz ocenie procesu rewitalizacji.","og_url":"https:\/\/nid.pl\/en\/wydarzenie\/webinarium-dziedzictwo-diagnozy\/","og_site_name":"NID","article_publisher":"https:\/\/www.facebook.com\/zabytek","article_modified_time":"2025-11-24T08:58:35+00:00","og_image":[{"width":1200,"height":800,"url":"https:\/\/nid.pl\/wp-content\/uploads\/2025\/11\/miniatura-www-NID-glowny-8.jpg","type":"image\/jpeg"}],"twitter_card":"summary_large_image","twitter_site":"@NarIDpl","twitter_misc":{"Estimated reading time":"4 minutes"},"schema":{"@context":"https:\/\/schema.org","@graph":[{"@type":"WebPage","@id":"https:\/\/nid.pl\/wydarzenie\/webinarium-dziedzictwo-diagnozy\/","url":"https:\/\/nid.pl\/wydarzenie\/webinarium-dziedzictwo-diagnozy\/","name":"Webinarium \u201eDziedzictwo kulturowe w diagnozach rewitalizacyjnych\u201d - NID","isPartOf":{"@id":"https:\/\/nid.pl\/#website"},"primaryImageOfPage":{"@id":"https:\/\/nid.pl\/wydarzenie\/webinarium-dziedzictwo-diagnozy\/#primaryimage"},"image":{"@id":"https:\/\/nid.pl\/wydarzenie\/webinarium-dziedzictwo-diagnozy\/#primaryimage"},"thumbnailUrl":"https:\/\/nid.pl\/wp-content\/uploads\/2025\/11\/miniatura-www-NID-glowny-8.jpg","datePublished":"2025-11-24T08:56:36+00:00","dateModified":"2025-11-24T08:58:35+00:00","description":"Narodowy Instytut Dziedzictwa zaprasza na webinarium po\u015bwi\u0119cone problematyce uwzgl\u0119dniania materialnego i niematerialnego dziedzictwa kulturowego w diagnozie s\u0142u\u017c\u0105cej wyznaczeniu obszaru zdegradowanego i obszaru rewitalizacji, monitorowaniu oraz ocenie procesu rewitalizacji.","breadcrumb":{"@id":"https:\/\/nid.pl\/wydarzenie\/webinarium-dziedzictwo-diagnozy\/#breadcrumb"},"inLanguage":"en-GB","potentialAction":[{"@type":"ReadAction","target":["https:\/\/nid.pl\/wydarzenie\/webinarium-dziedzictwo-diagnozy\/"]}]},{"@type":"ImageObject","inLanguage":"en-GB","@id":"https:\/\/nid.pl\/wydarzenie\/webinarium-dziedzictwo-diagnozy\/#primaryimage","url":"https:\/\/nid.pl\/wp-content\/uploads\/2025\/11\/miniatura-www-NID-glowny-8.jpg","contentUrl":"https:\/\/nid.pl\/wp-content\/uploads\/2025\/11\/miniatura-www-NID-glowny-8.jpg","width":1200,"height":800,"caption":"grafika miasta"},{"@type":"BreadcrumbList","@id":"https:\/\/nid.pl\/wydarzenie\/webinarium-dziedzictwo-diagnozy\/#breadcrumb","itemListElement":[{"@type":"ListItem","position":1,"name":"Home","item":"https:\/\/nid.pl\/"},{"@type":"ListItem","position":2,"name":"Wydarzenia","item":"https:\/\/nid.pl\/wydarzenia\/"},{"@type":"ListItem","position":3,"name":"Webinarium \u201eDziedzictwo kulturowe w diagnozach rewitalizacyjnych\u201d"}]},{"@type":"WebSite","@id":"https:\/\/nid.pl\/#website","url":"https:\/\/nid.pl\/","name":"NID","description":"Narodowy Instytut Dziedzictwa","publisher":{"@id":"https:\/\/nid.pl\/#organization"},"potentialAction":[{"@type":"SearchAction","target":{"@type":"EntryPoint","urlTemplate":"https:\/\/nid.pl\/?s={search_term_string}"},"query-input":{"@type":"PropertyValueSpecification","valueRequired":true,"valueName":"search_term_string"}}],"inLanguage":"en-GB"},{"@type":"Organization","@id":"https:\/\/nid.pl\/#organization","name":"Narodowy Instytut Dziedzictwa","url":"https:\/\/nid.pl\/","logo":{"@type":"ImageObject","inLanguage":"en-GB","@id":"https:\/\/nid.pl\/#\/schema\/logo\/image\/","url":"https:\/\/nid.pl\/wp-content\/uploads\/2022\/10\/logoRedDark.png","contentUrl":"https:\/\/nid.pl\/wp-content\/uploads\/2022\/10\/logoRedDark.png","width":200,"height":197,"caption":"Narodowy Instytut Dziedzictwa"},"image":{"@id":"https:\/\/nid.pl\/#\/schema\/logo\/image\/"},"sameAs":["https:\/\/www.facebook.com\/zabytek","https:\/\/x.com\/NarIDpl","https:\/\/www.instagram.com\/nid.pl\/?hl=pl","https:\/\/www.linkedin.com\/company\/narodowy-instytut-dziedzictwa","https:\/\/www.youtube.com\/channel\/UCQXuhKa2uHtmNvLRUSx40JA"]}]}},"_links":{"self":[{"href":"https:\/\/nid.pl\/en\/wp-json\/wp\/v2\/tribe_events\/30665","targetHints":{"allow":["GET"]}}],"collection":[{"href":"https:\/\/nid.pl\/en\/wp-json\/wp\/v2\/tribe_events"}],"about":[{"href":"https:\/\/nid.pl\/en\/wp-json\/wp\/v2\/types\/tribe_events"}],"author":[{"embeddable":true,"href":"https:\/\/nid.pl\/en\/wp-json\/wp\/v2\/users\/4"}],"version-history":[{"count":0,"href":"https:\/\/nid.pl\/en\/wp-json\/wp\/v2\/tribe_events\/30665\/revisions"}],"wp:featuredmedia":[{"embeddable":true,"href":"https:\/\/nid.pl\/en\/wp-json\/wp\/v2\/media\/30629"}],"wp:attachment":[{"href":"https:\/\/nid.pl\/en\/wp-json\/wp\/v2\/media?parent=30665"}],"wp:term":[{"taxonomy":"post_tag","embeddable":true,"href":"https:\/\/nid.pl\/en\/wp-json\/wp\/v2\/tags?post=30665"},{"taxonomy":"tribe_events_cat","embeddable":true,"href":"https:\/\/nid.pl\/en\/wp-json\/wp\/v2\/tribe_events_cat?post=30665"}],"curies":[{"name":"wp","href":"https:\/\/api.w.org\/{rel}","templated":true}]}}