{"id":29895,"date":"2025-09-29T15:23:09","date_gmt":"2025-09-29T13:23:09","guid":{"rendered":"https:\/\/nid.pl\/?post_type=tribe_events&#038;p=29895"},"modified":"2025-11-24T11:24:28","modified_gmt":"2025-11-24T10:24:28","slug":"3-edycja-miedzynarodowej-konferencji-ether-eternal-heritage-wieczne-dziedzictwo","status":"publish","type":"tribe_events","link":"https:\/\/nid.pl\/en\/wydarzenie\/3-edycja-miedzynarodowej-konferencji-ether-eternal-heritage-wieczne-dziedzictwo\/","title":{"rendered":"3. edycja mi\u0119dzynarodowej konferencji ETHER \u2013 Eternal Heritage \/ Wieczne Dziedzictwo"},"content":{"rendered":"<p><strong>Narodowy Instytut Dziedzictwa zaprasza do udzia\u0142u w 3. edycji mi\u0119dzynarodowej konferencji ETHER \u2013 Eternal Heritage \/ Wieczne Dziedzictwo, kt\u00f3ra odb\u0119dzie si\u0119 w dniach 3-4 grudnia 2025 roku w Muzeum Historii \u017byd\u00f3w Polskich POLIN w Warszawie.<\/strong><\/p>\n<p>Konferencja po\u015bwi\u0119cona jest zagadnieniom digitalizacji dziedzictwa kulturowego, wykorzystania nowoczesnych technologii w ochronie zabytk\u00f3w oraz tworzenia most\u00f3w mi\u0119dzy \u015bwiatem nauki, instytucjami kultury, administracj\u0105 publiczn\u0105 i sektorami kreatywnymi \u2013 filmem, grami komputerowymi czy wzornictwem przemys\u0142owym.<\/p>\n<p>Program wydarzenia obejmie panele dyskusyjne, wyk\u0142ady oraz warsztaty, podczas kt\u00f3rych zaprezentowane zostan\u0105 innowacyjne projekty wykorzystuj\u0105ce tr\u00f3jwymiarowe modelowanie i technologie wizualizacyjne w:<\/p>\n<ul class=\"wp-block-list\">\n<li>projektowaniu wystaw muzealnych,<\/li>\n<li>dokumentowaniu architektury zabytkowej,<\/li>\n<li>badaniach archeologicznych,<\/li>\n<li>analizach dzie\u0142 sztuki.<\/li>\n<\/ul>\n<p>ETHER to nie tylko platforma wymiany wiedzy i do\u015bwiadcze\u0144, ale tak\u017ce przestrze\u0144 budowania wsp\u00f3\u0142pracy pomi\u0119dzy instytucjami dbaj\u0105cymi o dziedzictwo kulturowe a przedstawicielami bran\u017c kreatywnych.<\/p>\n<h6 class=\"wp-block-heading has-text-color has-link-color wp-elements-48126c5c38bbe42dc9702b3d98b6be62\"><strong>Informacje organizacyjne<\/strong><\/h6>\n<p><strong>\ud83d\udccdMiejsce: <\/strong>Muzeum Historii \u017byd\u00f3w Polskich POLIN w Warszawie<br \/>\n<strong>\ud83d\udde8\ufe0fJ\u0119zyk:\u00a0<\/strong>wydarzenie b\u0119dzie dost\u0119pne w j\u0119zyku polskim i angielskim<br \/>\n<strong>\ud83c\udfdb\ufe0f\ud83c\udfa5Forma konferencji:<\/strong>\u00a0konferencja odb\u0119dzie si\u0119 stacjonarnie w Warszawie; planowane jest tak\u017ce udost\u0119pnienie nagra\u0144 pokonferencyjnych na kanale YouTube NID \u2013 TV NID.<br \/>\n<strong>\ud83d\udcc4Program:\u00a0<\/strong><a href=\"https:\/\/nid.pl\/wp-content\/uploads\/2025\/11\/ETHER-2025-program.pdf\">pobierz w formacie PDF<\/a><br \/>\n<strong>\ud83d\udcddRejestracja:<\/strong> udzia\u0142 w wydarzeniu wymaga wcze\u015bniejszej rejestracji. Szczeg\u00f3\u0142owe informacje oraz linki rejestracyjne znajduj\u0105 si\u0119 poni\u017cej.<\/p>\n<p>&nbsp;<\/p>\n<p style=\"text-align: center;\"><a href=\"https:\/\/nid.pl\/en\/2025\/11\/19\/3-edycja-miedzynarodowej-konferencji-ether-rejestracja\/\" target=\"_blank\" rel=\"noopener\">3. edycja Mi\u0119dzynarodowej Konferencji ETHER \u2013 Eternal Heritage \/ Wieczne Dziedzictwo \u2013 rejestracja na wydarzenie<\/a><\/p>\n<p><a href=\"https:\/\/nid.pl\/en\/2025\/11\/19\/3-edycja-miedzynarodowej-konferencji-ether-rejestracja\/\" target=\"_blank\" rel=\"noopener\"><img loading=\"lazy\" decoding=\"async\" class=\"aligncenter wp-image-30609 size-medium\" title=\"3. edycja Mi\u0119dzynarodowej Konferencji ETHER \u2013 Eternal Heritage \/ Wieczne Dziedzictwo \u2013 rejestracja na wydarzenie\" src=\"https:\/\/nid.pl\/wp-content\/uploads\/2025\/11\/ETHER_2025-rejestracja-kwadrat-2-300x300.jpg\" alt=\"\" width=\"300\" height=\"300\" \/><\/a><\/p>\n<p style=\"text-align: center;\"><a href=\"https:\/\/nid.pl\/en\/2025\/11\/18\/rejestracja-warsztaty-ether\/\" target=\"_blank\" rel=\"noopener\">Ruszy\u0142a rejestracja na warsztaty digitalizacyjne towarzysz\u0105ce 3. edycji Mi\u0119dzynarodowej Konferencji ETHER \u2013 Eternal Heritage \/ Wieczne Dziedzictwo<\/a><\/p>\n<p><a href=\"https:\/\/nid.pl\/en\/2025\/11\/18\/rejestracja-warsztaty-ether\/\" target=\"_blank\" rel=\"noopener\"><img loading=\"lazy\" decoding=\"async\" class=\"aligncenter wp-image-30562 size-medium\" title=\"Ruszy\u0142a rejestracja na warsztaty digitalizacyjne towarzysz\u0105ce 3. edycji Mi\u0119dzynarodowej Konferencji ETHER \u2013 Eternal Heritage \/ Wieczne Dziedzictwo\" src=\"https:\/\/nid.pl\/wp-content\/uploads\/2025\/11\/ETHER_2025_warsztaty_zarejestrujsie-300x300.jpg\" alt=\"\" width=\"300\" height=\"300\" \/><\/a><\/p>\n<p><strong>Narodowy Instytut Dziedzictwa,<\/strong>\u00a0jako instytucja statutowo odpowiedzialna za ochron\u0119, dokumentowanie i badanie zabytk\u00f3w, od 16 lat pe\u0142ni r\u00f3wnie\u017c funkcj\u0119 Centrum Kompetencji ds. Digitalizacji Dziedzictwa, powierzon\u0105 przez Ministra Kultury i Dziedzictwa Narodowego. W ramach tej roli prowadzimy dzia\u0142ania maj\u0105ce na celu rozw\u00f3j metodyki stosowania nowoczesnych technologii pomiarowych, standaryzacj\u0119 proces\u00f3w oraz tworzenie modeli cyfrowej dokumentacji tr\u00f3jwymiarowej dla obiekt\u00f3w zabytkowych \u2013 od architektury, przez malarstwo \u015bcienne, po detale kamieniarskie i przedmioty muzealne.<\/p>\n<p>Wierz\u0105c, \u017ce digitalizacja nie tylko umo\u017cliwia precyzyjne dokumentowanie stanu zachowania dziedzictwa, ale tak\u017ce stanowi niewyczerpane \u017ar\u00f3d\u0142o inspiracji dla wsp\u00f3\u0142czesnych tw\u00f3rc\u00f3w, podejmujemy dzia\u0142ania na rzecz integracji \u015brodowisk naukowych i kreatywnych. Naszym celem jest budowanie synergii pomi\u0119dzy instytucjami sprawuj\u0105cymi piecz\u0119 nad dziedzictwem kulturowym a przedstawicielami takich dziedzin jak kinematografia, przemys\u0142 gier komputerowych czy wzornictwo przemys\u0142owe. Wszystko to w duchu wzmacniania rodzimego \u201esoft power\u201d opartego na fundamencie naszego historycznego dziedzictwa.<\/p>\n<p>&nbsp;<\/p>","protected":false},"excerpt":{"rendered":"<p>Narodowy Instytut Dziedzictwa zaprasza do udzia\u0142u w 3. edycji mi\u0119dzynarodowej konferencji ETHER \u2013 Eternal Heritage \/ Wieczne Dziedzictwo, kt\u00f3ra odb\u0119dzie si\u0119 w dniach 3-4 grudnia 2025 roku w Muzeum Historii [&hellip;]<\/p>","protected":false},"author":7,"featured_media":30607,"template":"","meta":{"_et_pb_use_builder":"","_et_pb_old_content":"","_et_gb_content_width":"","_monsterinsights_skip_tracking":false,"_monsterinsights_sitenote_active":false,"_monsterinsights_sitenote_note":"","_monsterinsights_sitenote_category":0,"_tribe_events_status":"","_tribe_events_status_reason":"","footnotes":""},"tags":[],"tribe_events_cat":[93,125],"class_list":["post-29895","tribe_events","type-tribe_events","status-publish","has-post-thumbnail","hentry","tribe_events_cat-konferencje","tribe_events_cat-wydarzenie","cat_konferencje","cat_wydarzenie"],"yoast_head":"<!-- This site is optimized with the Yoast SEO plugin v26.5 - https:\/\/yoast.com\/wordpress\/plugins\/seo\/ -->\n<title>3. edycja mi\u0119dzynarodowej konferencji ETHER \u2013 Eternal Heritage \/ Wieczne Dziedzictwo - NID<\/title>\n<meta name=\"robots\" content=\"index, follow, max-snippet:-1, max-image-preview:large, max-video-preview:-1\" \/>\n<link rel=\"canonical\" href=\"https:\/\/nid.pl\/en\/wydarzenie\/3-edycja-miedzynarodowej-konferencji-ether-eternal-heritage-wieczne-dziedzictwo\/\" \/>\n<meta property=\"og:locale\" content=\"en_GB\" \/>\n<meta property=\"og:type\" content=\"article\" \/>\n<meta property=\"og:title\" content=\"3. edycja mi\u0119dzynarodowej konferencji ETHER \u2013 Eternal Heritage \/ Wieczne Dziedzictwo - NID\" \/>\n<meta property=\"og:description\" content=\"Narodowy Instytut Dziedzictwa zaprasza do udzia\u0142u w 3. edycji mi\u0119dzynarodowej konferencji ETHER \u2013 Eternal Heritage \/ Wieczne Dziedzictwo, kt\u00f3ra odb\u0119dzie si\u0119 w dniach 3-4 grudnia 2025 roku w Muzeum Historii [&hellip;]\" \/>\n<meta property=\"og:url\" content=\"https:\/\/nid.pl\/en\/wydarzenie\/3-edycja-miedzynarodowej-konferencji-ether-eternal-heritage-wieczne-dziedzictwo\/\" \/>\n<meta property=\"og:site_name\" content=\"NID\" \/>\n<meta property=\"article:publisher\" content=\"https:\/\/www.facebook.com\/zabytek\" \/>\n<meta property=\"article:modified_time\" content=\"2025-11-24T10:24:28+00:00\" \/>\n<meta property=\"og:image\" content=\"https:\/\/nid.pl\/wp-content\/uploads\/2025\/11\/ETHER_2025.jpg\" \/>\n\t<meta property=\"og:image:width\" content=\"1875\" \/>\n\t<meta property=\"og:image:height\" content=\"1238\" \/>\n\t<meta property=\"og:image:type\" content=\"image\/jpeg\" \/>\n<meta name=\"twitter:card\" content=\"summary_large_image\" \/>\n<meta name=\"twitter:site\" content=\"@NarIDpl\" \/>\n<meta name=\"twitter:label1\" content=\"Estimated reading time\" \/>\n\t<meta name=\"twitter:data1\" content=\"3 minutes\" \/>\n<script type=\"application\/ld+json\" class=\"yoast-schema-graph\">{\"@context\":\"https:\/\/schema.org\",\"@graph\":[{\"@type\":\"WebPage\",\"@id\":\"https:\/\/nid.pl\/wydarzenie\/3-edycja-miedzynarodowej-konferencji-ether-eternal-heritage-wieczne-dziedzictwo\/\",\"url\":\"https:\/\/nid.pl\/wydarzenie\/3-edycja-miedzynarodowej-konferencji-ether-eternal-heritage-wieczne-dziedzictwo\/\",\"name\":\"3. edycja mi\u0119dzynarodowej konferencji ETHER \u2013 Eternal Heritage \/ Wieczne Dziedzictwo - NID\",\"isPartOf\":{\"@id\":\"https:\/\/nid.pl\/#website\"},\"primaryImageOfPage\":{\"@id\":\"https:\/\/nid.pl\/wydarzenie\/3-edycja-miedzynarodowej-konferencji-ether-eternal-heritage-wieczne-dziedzictwo\/#primaryimage\"},\"image\":{\"@id\":\"https:\/\/nid.pl\/wydarzenie\/3-edycja-miedzynarodowej-konferencji-ether-eternal-heritage-wieczne-dziedzictwo\/#primaryimage\"},\"thumbnailUrl\":\"https:\/\/nid.pl\/wp-content\/uploads\/2025\/11\/ETHER_2025.jpg\",\"datePublished\":\"2025-09-29T13:23:09+00:00\",\"dateModified\":\"2025-11-24T10:24:28+00:00\",\"breadcrumb\":{\"@id\":\"https:\/\/nid.pl\/wydarzenie\/3-edycja-miedzynarodowej-konferencji-ether-eternal-heritage-wieczne-dziedzictwo\/#breadcrumb\"},\"inLanguage\":\"en-GB\",\"potentialAction\":[{\"@type\":\"ReadAction\",\"target\":[\"https:\/\/nid.pl\/wydarzenie\/3-edycja-miedzynarodowej-konferencji-ether-eternal-heritage-wieczne-dziedzictwo\/\"]}]},{\"@type\":\"ImageObject\",\"inLanguage\":\"en-GB\",\"@id\":\"https:\/\/nid.pl\/wydarzenie\/3-edycja-miedzynarodowej-konferencji-ether-eternal-heritage-wieczne-dziedzictwo\/#primaryimage\",\"url\":\"https:\/\/nid.pl\/wp-content\/uploads\/2025\/11\/ETHER_2025.jpg\",\"contentUrl\":\"https:\/\/nid.pl\/wp-content\/uploads\/2025\/11\/ETHER_2025.jpg\",\"width\":1875,\"height\":1238},{\"@type\":\"BreadcrumbList\",\"@id\":\"https:\/\/nid.pl\/wydarzenie\/3-edycja-miedzynarodowej-konferencji-ether-eternal-heritage-wieczne-dziedzictwo\/#breadcrumb\",\"itemListElement\":[{\"@type\":\"ListItem\",\"position\":1,\"name\":\"Home\",\"item\":\"https:\/\/nid.pl\/\"},{\"@type\":\"ListItem\",\"position\":2,\"name\":\"Wydarzenia\",\"item\":\"https:\/\/nid.pl\/wydarzenia\/\"},{\"@type\":\"ListItem\",\"position\":3,\"name\":\"3. edycja mi\u0119dzynarodowej konferencji ETHER \u2013 Eternal Heritage \/ Wieczne Dziedzictwo\"}]},{\"@type\":\"WebSite\",\"@id\":\"https:\/\/nid.pl\/#website\",\"url\":\"https:\/\/nid.pl\/\",\"name\":\"NID\",\"description\":\"Narodowy Instytut Dziedzictwa\",\"publisher\":{\"@id\":\"https:\/\/nid.pl\/#organization\"},\"potentialAction\":[{\"@type\":\"SearchAction\",\"target\":{\"@type\":\"EntryPoint\",\"urlTemplate\":\"https:\/\/nid.pl\/?s={search_term_string}\"},\"query-input\":{\"@type\":\"PropertyValueSpecification\",\"valueRequired\":true,\"valueName\":\"search_term_string\"}}],\"inLanguage\":\"en-GB\"},{\"@type\":\"Organization\",\"@id\":\"https:\/\/nid.pl\/#organization\",\"name\":\"Narodowy Instytut Dziedzictwa\",\"url\":\"https:\/\/nid.pl\/\",\"logo\":{\"@type\":\"ImageObject\",\"inLanguage\":\"en-GB\",\"@id\":\"https:\/\/nid.pl\/#\/schema\/logo\/image\/\",\"url\":\"https:\/\/nid.pl\/wp-content\/uploads\/2022\/10\/logoRedDark.png\",\"contentUrl\":\"https:\/\/nid.pl\/wp-content\/uploads\/2022\/10\/logoRedDark.png\",\"width\":200,\"height\":197,\"caption\":\"Narodowy Instytut Dziedzictwa\"},\"image\":{\"@id\":\"https:\/\/nid.pl\/#\/schema\/logo\/image\/\"},\"sameAs\":[\"https:\/\/www.facebook.com\/zabytek\",\"https:\/\/x.com\/NarIDpl\",\"https:\/\/www.instagram.com\/nid.pl\/?hl=pl\",\"https:\/\/www.linkedin.com\/company\/narodowy-instytut-dziedzictwa\",\"https:\/\/www.youtube.com\/channel\/UCQXuhKa2uHtmNvLRUSx40JA\"]}]}<\/script>\n<!-- \/ Yoast SEO plugin. -->","yoast_head_json":{"title":"3. edycja mi\u0119dzynarodowej konferencji ETHER \u2013 Eternal Heritage \/ Wieczne Dziedzictwo - NID","robots":{"index":"index","follow":"follow","max-snippet":"max-snippet:-1","max-image-preview":"max-image-preview:large","max-video-preview":"max-video-preview:-1"},"canonical":"https:\/\/nid.pl\/en\/wydarzenie\/3-edycja-miedzynarodowej-konferencji-ether-eternal-heritage-wieczne-dziedzictwo\/","og_locale":"en_GB","og_type":"article","og_title":"3. edycja mi\u0119dzynarodowej konferencji ETHER \u2013 Eternal Heritage \/ Wieczne Dziedzictwo - NID","og_description":"Narodowy Instytut Dziedzictwa zaprasza do udzia\u0142u w 3. edycji mi\u0119dzynarodowej konferencji ETHER \u2013 Eternal Heritage \/ Wieczne Dziedzictwo, kt\u00f3ra odb\u0119dzie si\u0119 w dniach 3-4 grudnia 2025 roku w Muzeum Historii [&hellip;]","og_url":"https:\/\/nid.pl\/en\/wydarzenie\/3-edycja-miedzynarodowej-konferencji-ether-eternal-heritage-wieczne-dziedzictwo\/","og_site_name":"NID","article_publisher":"https:\/\/www.facebook.com\/zabytek","article_modified_time":"2025-11-24T10:24:28+00:00","og_image":[{"width":1875,"height":1238,"url":"https:\/\/nid.pl\/wp-content\/uploads\/2025\/11\/ETHER_2025.jpg","type":"image\/jpeg"}],"twitter_card":"summary_large_image","twitter_site":"@NarIDpl","twitter_misc":{"Estimated reading time":"3 minutes"},"schema":{"@context":"https:\/\/schema.org","@graph":[{"@type":"WebPage","@id":"https:\/\/nid.pl\/wydarzenie\/3-edycja-miedzynarodowej-konferencji-ether-eternal-heritage-wieczne-dziedzictwo\/","url":"https:\/\/nid.pl\/wydarzenie\/3-edycja-miedzynarodowej-konferencji-ether-eternal-heritage-wieczne-dziedzictwo\/","name":"3. edycja mi\u0119dzynarodowej konferencji ETHER \u2013 Eternal Heritage \/ Wieczne Dziedzictwo - NID","isPartOf":{"@id":"https:\/\/nid.pl\/#website"},"primaryImageOfPage":{"@id":"https:\/\/nid.pl\/wydarzenie\/3-edycja-miedzynarodowej-konferencji-ether-eternal-heritage-wieczne-dziedzictwo\/#primaryimage"},"image":{"@id":"https:\/\/nid.pl\/wydarzenie\/3-edycja-miedzynarodowej-konferencji-ether-eternal-heritage-wieczne-dziedzictwo\/#primaryimage"},"thumbnailUrl":"https:\/\/nid.pl\/wp-content\/uploads\/2025\/11\/ETHER_2025.jpg","datePublished":"2025-09-29T13:23:09+00:00","dateModified":"2025-11-24T10:24:28+00:00","breadcrumb":{"@id":"https:\/\/nid.pl\/wydarzenie\/3-edycja-miedzynarodowej-konferencji-ether-eternal-heritage-wieczne-dziedzictwo\/#breadcrumb"},"inLanguage":"en-GB","potentialAction":[{"@type":"ReadAction","target":["https:\/\/nid.pl\/wydarzenie\/3-edycja-miedzynarodowej-konferencji-ether-eternal-heritage-wieczne-dziedzictwo\/"]}]},{"@type":"ImageObject","inLanguage":"en-GB","@id":"https:\/\/nid.pl\/wydarzenie\/3-edycja-miedzynarodowej-konferencji-ether-eternal-heritage-wieczne-dziedzictwo\/#primaryimage","url":"https:\/\/nid.pl\/wp-content\/uploads\/2025\/11\/ETHER_2025.jpg","contentUrl":"https:\/\/nid.pl\/wp-content\/uploads\/2025\/11\/ETHER_2025.jpg","width":1875,"height":1238},{"@type":"BreadcrumbList","@id":"https:\/\/nid.pl\/wydarzenie\/3-edycja-miedzynarodowej-konferencji-ether-eternal-heritage-wieczne-dziedzictwo\/#breadcrumb","itemListElement":[{"@type":"ListItem","position":1,"name":"Home","item":"https:\/\/nid.pl\/"},{"@type":"ListItem","position":2,"name":"Wydarzenia","item":"https:\/\/nid.pl\/wydarzenia\/"},{"@type":"ListItem","position":3,"name":"3. edycja mi\u0119dzynarodowej konferencji ETHER \u2013 Eternal Heritage \/ Wieczne Dziedzictwo"}]},{"@type":"WebSite","@id":"https:\/\/nid.pl\/#website","url":"https:\/\/nid.pl\/","name":"NID","description":"Narodowy Instytut Dziedzictwa","publisher":{"@id":"https:\/\/nid.pl\/#organization"},"potentialAction":[{"@type":"SearchAction","target":{"@type":"EntryPoint","urlTemplate":"https:\/\/nid.pl\/?s={search_term_string}"},"query-input":{"@type":"PropertyValueSpecification","valueRequired":true,"valueName":"search_term_string"}}],"inLanguage":"en-GB"},{"@type":"Organization","@id":"https:\/\/nid.pl\/#organization","name":"Narodowy Instytut Dziedzictwa","url":"https:\/\/nid.pl\/","logo":{"@type":"ImageObject","inLanguage":"en-GB","@id":"https:\/\/nid.pl\/#\/schema\/logo\/image\/","url":"https:\/\/nid.pl\/wp-content\/uploads\/2022\/10\/logoRedDark.png","contentUrl":"https:\/\/nid.pl\/wp-content\/uploads\/2022\/10\/logoRedDark.png","width":200,"height":197,"caption":"Narodowy Instytut Dziedzictwa"},"image":{"@id":"https:\/\/nid.pl\/#\/schema\/logo\/image\/"},"sameAs":["https:\/\/www.facebook.com\/zabytek","https:\/\/x.com\/NarIDpl","https:\/\/www.instagram.com\/nid.pl\/?hl=pl","https:\/\/www.linkedin.com\/company\/narodowy-instytut-dziedzictwa","https:\/\/www.youtube.com\/channel\/UCQXuhKa2uHtmNvLRUSx40JA"]}]}},"_links":{"self":[{"href":"https:\/\/nid.pl\/en\/wp-json\/wp\/v2\/tribe_events\/29895","targetHints":{"allow":["GET"]}}],"collection":[{"href":"https:\/\/nid.pl\/en\/wp-json\/wp\/v2\/tribe_events"}],"about":[{"href":"https:\/\/nid.pl\/en\/wp-json\/wp\/v2\/types\/tribe_events"}],"author":[{"embeddable":true,"href":"https:\/\/nid.pl\/en\/wp-json\/wp\/v2\/users\/7"}],"version-history":[{"count":0,"href":"https:\/\/nid.pl\/en\/wp-json\/wp\/v2\/tribe_events\/29895\/revisions"}],"wp:featuredmedia":[{"embeddable":true,"href":"https:\/\/nid.pl\/en\/wp-json\/wp\/v2\/media\/30607"}],"wp:attachment":[{"href":"https:\/\/nid.pl\/en\/wp-json\/wp\/v2\/media?parent=29895"}],"wp:term":[{"taxonomy":"post_tag","embeddable":true,"href":"https:\/\/nid.pl\/en\/wp-json\/wp\/v2\/tags?post=29895"},{"taxonomy":"tribe_events_cat","embeddable":true,"href":"https:\/\/nid.pl\/en\/wp-json\/wp\/v2\/tribe_events_cat?post=29895"}],"curies":[{"name":"wp","href":"https:\/\/api.w.org\/{rel}","templated":true}]}}