{"id":28751,"date":"2025-07-31T09:19:04","date_gmt":"2025-07-31T07:19:04","guid":{"rendered":"https:\/\/nid.pl\/?post_type=tribe_events&#038;p=28751"},"modified":"2025-07-31T10:47:19","modified_gmt":"2025-07-31T08:47:19","slug":"lato-z-parkiem-muzakowskim-sierpien-2","status":"publish","type":"tribe_events","link":"https:\/\/nid.pl\/en\/wydarzenie\/lato-z-parkiem-muzakowskim-sierpien-2\/","title":{"rendered":"Lato z Parkiem Mu\u017cakowskim &#8211; sierpie\u0144"},"content":{"rendered":"<h4><strong>Nie uda\u0142o Wam si\u0119 wzi\u0105\u0107 udzia\u0142u w lipcowych oprowadzaniach i wycieczkach rowerowych po Parku Mu\u017cakowskim? Nic straconego! Od 11 do 17 sierpnia zapraszamy na kolejny tydzie\u0144 atrakcji \u2013 piesze i rowerowe wycieczki z przewodnikiem, spacer o zmierzchu oraz edukacyjne przygody dla dzieci z Sakwoja\u017cem JHR.<\/strong><\/h4>\n<p>&nbsp;<\/p>\n<h4><span style=\"color: #ffcc00;\"><strong>Program wydarzenia:<\/strong><\/span><\/h4>\n<p><span style=\"color: #727272;\"><strong>15 sierpnia (pi\u0105tek)<\/strong><\/span><\/p>\n<ul class=\"wp-block-list\">\n<li><strong>10.30<\/strong> \u2013 Rowerem po Parku Mu\u017cakowskim (3 godziny, j\u0119zyk polski); <strong><a href=\"https:\/\/rejestracja.nid.pl\/lato_z_parkiem_muzakowskim_sierpien_rppm_2025\" target=\"_blank\" rel=\"noopener\">rejestracja<\/a><\/strong><\/li>\n<li><strong>11.30<\/strong> \u2013 Rowerem po Parku Mu\u017cakowskim (3 godziny, j\u0119zyk niemiecki); <strong><a href=\"https:\/\/rejestracja.nid.pl\/lato_z_parkiem_muzakowskim_august_ppf_de_2025\" target=\"_blank\" rel=\"noopener\">rejestracja<\/a><\/strong><\/li>\n<\/ul>\n<p><em>*Uczestnicy proszeni s\u0105 o zabranie w\u0142asnych rower\u00f3w i kask\u00f3w. Istnieje mo\u017cliwo\u015b\u0107 wypo\u017cyczenia roweru w \u0141\u0119knicy i Bad Muskau. Szczeg\u00f3\u0142y:\u00a0<\/em><a href=\"https:\/\/www.facebook.com\/parkmuzakowski.nid\/posts\/pfbid05ffd7n9FKFsBXCtQxNfzm3tYDiCgvwGCw3vr49AdGqW1LF2UDQckjvW9btsz6Y39l\"><em>&lt;tutaj&gt;<\/em><\/a><\/p>\n<ul class=\"wp-block-list\">\n<li><strong>14.30<\/strong>\u2013 Poznaj Park Mu\u017cakowski \u2013 trasa kr\u00f3tka (1,5 godziny, j\u0119zyk polski); <strong><a href=\"https:\/\/rejestracja.nid.pl\/lato_z_parkiem_muzakowskim_sierpien_ppm_tk_20_2025\" target=\"_blank\" rel=\"noopener\">rejestracja<\/a><\/strong><\/li>\n<li><strong>15.00<\/strong> \u2013 Poznaj Park Mu\u017cakowski \u2013 trasa kr\u00f3tka (1,5 godziny, j\u0119zyk niemiecki); <strong><a href=\"https:\/\/rejestracja.nid.pl\/lato_z_parkiem_muzakowskim_august_ppm_tk_de_2025\" target=\"_blank\" rel=\"noopener\">rejestracja<\/a><\/strong><\/li>\n<\/ul>\n<p><em>*Trasa odpowiednia dla rodzin, senior\u00f3w i os\u00f3b z ograniczeniami ruchowymi.<\/em><\/p>\n<ul class=\"wp-block-list\">\n<li><strong>20.15<\/strong>\u00a0\u2013 Spacer o zmierzchu (2 godziny, j\u0119zyk polski i niemiecki); zalecamy zabranie ze sob\u0105 latarki;<br \/>\n<strong><a href=\"https:\/\/rejestracja.nid.pl\/lato_z_parkiem_muzakowskim_sierpien_soz_pl_2025\" target=\"_blank\" rel=\"noopener\">rejestracja PL<\/a><\/strong>; <strong><a href=\"https:\/\/rejestracja.nid.pl\/lato_z_parkiem_muzakowskim_sierpien_soz_de_2025\" target=\"_blank\" rel=\"noopener\">rejestracja DE<\/a><\/strong><\/li>\n<\/ul>\n<p><span style=\"color: #727272;\"><strong>16 sierpnia (sobota)<\/strong><\/span><\/p>\n<ul class=\"wp-block-list\">\n<li><strong>10.00<\/strong> \u2013 Poznaj Park Mu\u017cakowski \u2013 trasa d\u0142uga (3 godziny, j\u0119zyk polski); <strong><a href=\"https:\/\/rejestracja.nid.pl\/lato_z_parkiem_muzakowskim_sierpien_ppm_td_2025\" target=\"_blank\" rel=\"noopener\">rejestracja<\/a><\/strong><\/li>\n<li><strong>14.00<\/strong> \u2013 Poznaj Park Mu\u017cakowski \u2013 trasa d\u0142uga (3 godziny, j\u0119zyk niemiecki); <strong><a href=\"https:\/\/rejestracja.nid.pl\/lato_z_parkiem_muzakowskim_august_ppm_td_de_2025\" target=\"_blank\" rel=\"noopener\">rejestracja<\/a><\/strong><\/li>\n<\/ul>\n<p><span style=\"color: #727272;\"><strong>17 sierpnia (niedziela)<\/strong><\/span><\/p>\n<ul class=\"wp-block-list\">\n<li><strong>11.00<\/strong> \u2013 Poznaj Park Mu\u017cakowski \u2013 trasa kr\u00f3tka (1,5 godziny, j\u0119zyk polski); <a href=\"https:\/\/rejestracja.nid.pl\/lato_z_parkiem_muzakowskim_17sierpien_ppm_tk_2025\" target=\"_blank\" rel=\"noopener\"><strong>rejestracja<\/strong><\/a><\/li>\n<li><strong>11.30<\/strong> \u2013 Poznaj Park Mu\u017cakowski \u2013 trasa kr\u00f3tka (1,5 godziny, j\u0119zyk niemiecki); <strong><a href=\"https:\/\/rejestracja.nid.pl\/lato_z_parkiem_muzakowskim_17august_ppm_tk_de_2025\" target=\"_blank\" rel=\"noopener\">rejestracja<\/a><\/strong><\/li>\n<\/ul>\n<p><em>*Trasa odpowiednia dla rodzin, senior\u00f3w i os\u00f3b z ograniczeniami ruchowymi.<\/em><\/p>\n<p><span style=\"color: #727272;\"><strong>11\u201317 sierpnia<\/strong><\/span><\/p>\n<ul class=\"wp-block-list\">\n<li><strong>9.00\u201317.00<\/strong>\u00a0\u2013 Wypo\u017cyczenie Sakwoja\u017cu JHR (j\u0119zyk polski\/niemiecki\/angielski), Punkt Informacyjny (ul. Hutnicza 19, \u0141\u0119knica)<\/li>\n<\/ul>\n<p><strong><em>*Sakwoja\u017c JHR\u00a0<\/em><\/strong><em>to plecak pe\u0142en zagadek, kart edukacyjnych i innych akcesori\u00f3w, kt\u00f3re zamieniaj\u0105 spacer po Parku w przygod\u0119 badawcz\u0105. Plecak przygotowany zosta\u0142 z my\u015bl\u0105 o rodzinach z dzie\u0107mi w wieku 5\u201310 lat.<\/em><\/p>\n<p>&nbsp;<\/p>\n<p>&nbsp;<\/p>\n<p>Lato z Parkiem Mu\u017cakowskim sfinansowano ze \u015brodk\u00f3w Programu Wsp\u00f3\u0142pracy INTERREG 2021 \u2013 2027 oraz Ministra Kultury i Dziedzictwa Narodowego.<br \/>\nWydarzenie organizowane przez Narodowy Instytut Dziedzictwa, we wsp\u00f3\u0142pracy z Fundacj\u0105 \u201ePark Ksi\u0119cia P\u00fccklera Bad Muskau\u201d.<\/p>\n<p>&nbsp;<\/p>\n<p><img loading=\"lazy\" decoding=\"async\" class=\"aligncenter wp-image-28618\" src=\"https:\/\/nid.pl\/wp-content\/uploads\/2025\/07\/IMG_7611-3-1024x1024.jpeg\" alt=\"\" width=\"500\" height=\"500\" \/><\/p>\n<p><img loading=\"lazy\" decoding=\"async\" class=\"aligncenter wp-image-28605\" src=\"https:\/\/nid.pl\/wp-content\/uploads\/2025\/07\/image.png\" alt=\"\" width=\"751\" height=\"250\" \/><\/p>","protected":false},"excerpt":{"rendered":"<p>Nie uda\u0142o Wam si\u0119 wzi\u0105\u0107 udzia\u0142u w lipcowych oprowadzaniach i wycieczkach rowerowych po Parku Mu\u017cakowskim? Nic straconego! Od 11 do 17 sierpnia zapraszamy na kolejny tydzie\u0144 atrakcji \u2013 piesze i [&hellip;]<\/p>","protected":false},"author":7,"featured_media":28630,"template":"","meta":{"_et_pb_use_builder":"","_et_pb_old_content":"","_et_gb_content_width":"","_monsterinsights_skip_tracking":false,"_monsterinsights_sitenote_active":false,"_monsterinsights_sitenote_note":"","_monsterinsights_sitenote_category":0,"_tribe_events_status":"","_tribe_events_status_reason":"","footnotes":""},"tags":[],"tribe_events_cat":[123,125],"class_list":["post-28751","tribe_events","type-tribe_events","status-publish","has-post-thumbnail","hentry","tribe_events_cat-wydarzenia-cykliczne","tribe_events_cat-wydarzenie","cat_wydarzenia-cykliczne","cat_wydarzenie"],"yoast_head":"<!-- This site is optimized with the Yoast SEO plugin v26.5 - https:\/\/yoast.com\/wordpress\/plugins\/seo\/ -->\n<title>Lato z Parkiem Mu\u017cakowskim - sierpie\u0144 - NID<\/title>\n<meta name=\"robots\" content=\"index, follow, max-snippet:-1, max-image-preview:large, max-video-preview:-1\" \/>\n<link rel=\"canonical\" href=\"https:\/\/nid.pl\/en\/wydarzenie\/lato-z-parkiem-muzakowskim-sierpien-2\/\" \/>\n<meta property=\"og:locale\" content=\"en_GB\" \/>\n<meta property=\"og:type\" content=\"article\" \/>\n<meta property=\"og:title\" content=\"Lato z Parkiem Mu\u017cakowskim - sierpie\u0144 - NID\" \/>\n<meta property=\"og:description\" content=\"Nie uda\u0142o Wam si\u0119 wzi\u0105\u0107 udzia\u0142u w lipcowych oprowadzaniach i wycieczkach rowerowych po Parku Mu\u017cakowskim? Nic straconego! Od 11 do 17 sierpnia zapraszamy na kolejny tydzie\u0144 atrakcji \u2013 piesze i [&hellip;]\" \/>\n<meta property=\"og:url\" content=\"https:\/\/nid.pl\/en\/wydarzenie\/lato-z-parkiem-muzakowskim-sierpien-2\/\" \/>\n<meta property=\"og:site_name\" content=\"NID\" \/>\n<meta property=\"article:publisher\" content=\"https:\/\/www.facebook.com\/zabytek\" \/>\n<meta property=\"article:modified_time\" content=\"2025-07-31T08:47:19+00:00\" \/>\n<meta property=\"og:image\" content=\"https:\/\/nid.pl\/wp-content\/uploads\/2025\/07\/Lato-z-Parkiem-Muzakowskim-sierpien.jpg\" \/>\n\t<meta property=\"og:image:width\" content=\"1850\" \/>\n\t<meta property=\"og:image:height\" content=\"1238\" \/>\n\t<meta property=\"og:image:type\" content=\"image\/jpeg\" \/>\n<meta name=\"twitter:card\" content=\"summary_large_image\" \/>\n<meta name=\"twitter:site\" content=\"@NarIDpl\" \/>\n<meta name=\"twitter:label1\" content=\"Estimated reading time\" \/>\n\t<meta name=\"twitter:data1\" content=\"3 minutes\" \/>\n<script type=\"application\/ld+json\" class=\"yoast-schema-graph\">{\"@context\":\"https:\/\/schema.org\",\"@graph\":[{\"@type\":\"WebPage\",\"@id\":\"https:\/\/nid.pl\/wydarzenie\/lato-z-parkiem-muzakowskim-sierpien-2\/\",\"url\":\"https:\/\/nid.pl\/wydarzenie\/lato-z-parkiem-muzakowskim-sierpien-2\/\",\"name\":\"Lato z Parkiem Mu\u017cakowskim - sierpie\u0144 - NID\",\"isPartOf\":{\"@id\":\"https:\/\/nid.pl\/#website\"},\"primaryImageOfPage\":{\"@id\":\"https:\/\/nid.pl\/wydarzenie\/lato-z-parkiem-muzakowskim-sierpien-2\/#primaryimage\"},\"image\":{\"@id\":\"https:\/\/nid.pl\/wydarzenie\/lato-z-parkiem-muzakowskim-sierpien-2\/#primaryimage\"},\"thumbnailUrl\":\"https:\/\/nid.pl\/wp-content\/uploads\/2025\/07\/Lato-z-Parkiem-Muzakowskim-sierpien.jpg\",\"datePublished\":\"2025-07-31T07:19:04+00:00\",\"dateModified\":\"2025-07-31T08:47:19+00:00\",\"breadcrumb\":{\"@id\":\"https:\/\/nid.pl\/wydarzenie\/lato-z-parkiem-muzakowskim-sierpien-2\/#breadcrumb\"},\"inLanguage\":\"en-GB\",\"potentialAction\":[{\"@type\":\"ReadAction\",\"target\":[\"https:\/\/nid.pl\/wydarzenie\/lato-z-parkiem-muzakowskim-sierpien-2\/\"]}]},{\"@type\":\"ImageObject\",\"inLanguage\":\"en-GB\",\"@id\":\"https:\/\/nid.pl\/wydarzenie\/lato-z-parkiem-muzakowskim-sierpien-2\/#primaryimage\",\"url\":\"https:\/\/nid.pl\/wp-content\/uploads\/2025\/07\/Lato-z-Parkiem-Muzakowskim-sierpien.jpg\",\"contentUrl\":\"https:\/\/nid.pl\/wp-content\/uploads\/2025\/07\/Lato-z-Parkiem-Muzakowskim-sierpien.jpg\",\"width\":1850,\"height\":1238,\"caption\":\"drzewo z Parku Mu\u017cakowskiego\"},{\"@type\":\"BreadcrumbList\",\"@id\":\"https:\/\/nid.pl\/wydarzenie\/lato-z-parkiem-muzakowskim-sierpien-2\/#breadcrumb\",\"itemListElement\":[{\"@type\":\"ListItem\",\"position\":1,\"name\":\"Home\",\"item\":\"https:\/\/nid.pl\/\"},{\"@type\":\"ListItem\",\"position\":2,\"name\":\"Wydarzenia\",\"item\":\"https:\/\/nid.pl\/wydarzenia\/\"},{\"@type\":\"ListItem\",\"position\":3,\"name\":\"Lato z Parkiem Mu\u017cakowskim &#8211; sierpie\u0144\"}]},{\"@type\":\"WebSite\",\"@id\":\"https:\/\/nid.pl\/#website\",\"url\":\"https:\/\/nid.pl\/\",\"name\":\"NID\",\"description\":\"Narodowy Instytut Dziedzictwa\",\"publisher\":{\"@id\":\"https:\/\/nid.pl\/#organization\"},\"potentialAction\":[{\"@type\":\"SearchAction\",\"target\":{\"@type\":\"EntryPoint\",\"urlTemplate\":\"https:\/\/nid.pl\/?s={search_term_string}\"},\"query-input\":{\"@type\":\"PropertyValueSpecification\",\"valueRequired\":true,\"valueName\":\"search_term_string\"}}],\"inLanguage\":\"en-GB\"},{\"@type\":\"Organization\",\"@id\":\"https:\/\/nid.pl\/#organization\",\"name\":\"Narodowy Instytut Dziedzictwa\",\"url\":\"https:\/\/nid.pl\/\",\"logo\":{\"@type\":\"ImageObject\",\"inLanguage\":\"en-GB\",\"@id\":\"https:\/\/nid.pl\/#\/schema\/logo\/image\/\",\"url\":\"https:\/\/nid.pl\/wp-content\/uploads\/2022\/10\/logoRedDark.png\",\"contentUrl\":\"https:\/\/nid.pl\/wp-content\/uploads\/2022\/10\/logoRedDark.png\",\"width\":200,\"height\":197,\"caption\":\"Narodowy Instytut Dziedzictwa\"},\"image\":{\"@id\":\"https:\/\/nid.pl\/#\/schema\/logo\/image\/\"},\"sameAs\":[\"https:\/\/www.facebook.com\/zabytek\",\"https:\/\/x.com\/NarIDpl\",\"https:\/\/www.instagram.com\/nid.pl\/?hl=pl\",\"https:\/\/www.linkedin.com\/company\/narodowy-instytut-dziedzictwa\",\"https:\/\/www.youtube.com\/channel\/UCQXuhKa2uHtmNvLRUSx40JA\"]}]}<\/script>\n<!-- \/ Yoast SEO plugin. -->","yoast_head_json":{"title":"Lato z Parkiem Mu\u017cakowskim - sierpie\u0144 - NID","robots":{"index":"index","follow":"follow","max-snippet":"max-snippet:-1","max-image-preview":"max-image-preview:large","max-video-preview":"max-video-preview:-1"},"canonical":"https:\/\/nid.pl\/en\/wydarzenie\/lato-z-parkiem-muzakowskim-sierpien-2\/","og_locale":"en_GB","og_type":"article","og_title":"Lato z Parkiem Mu\u017cakowskim - sierpie\u0144 - NID","og_description":"Nie uda\u0142o Wam si\u0119 wzi\u0105\u0107 udzia\u0142u w lipcowych oprowadzaniach i wycieczkach rowerowych po Parku Mu\u017cakowskim? Nic straconego! Od 11 do 17 sierpnia zapraszamy na kolejny tydzie\u0144 atrakcji \u2013 piesze i [&hellip;]","og_url":"https:\/\/nid.pl\/en\/wydarzenie\/lato-z-parkiem-muzakowskim-sierpien-2\/","og_site_name":"NID","article_publisher":"https:\/\/www.facebook.com\/zabytek","article_modified_time":"2025-07-31T08:47:19+00:00","og_image":[{"width":1850,"height":1238,"url":"https:\/\/nid.pl\/wp-content\/uploads\/2025\/07\/Lato-z-Parkiem-Muzakowskim-sierpien.jpg","type":"image\/jpeg"}],"twitter_card":"summary_large_image","twitter_site":"@NarIDpl","twitter_misc":{"Estimated reading time":"3 minutes"},"schema":{"@context":"https:\/\/schema.org","@graph":[{"@type":"WebPage","@id":"https:\/\/nid.pl\/wydarzenie\/lato-z-parkiem-muzakowskim-sierpien-2\/","url":"https:\/\/nid.pl\/wydarzenie\/lato-z-parkiem-muzakowskim-sierpien-2\/","name":"Lato z Parkiem Mu\u017cakowskim - sierpie\u0144 - NID","isPartOf":{"@id":"https:\/\/nid.pl\/#website"},"primaryImageOfPage":{"@id":"https:\/\/nid.pl\/wydarzenie\/lato-z-parkiem-muzakowskim-sierpien-2\/#primaryimage"},"image":{"@id":"https:\/\/nid.pl\/wydarzenie\/lato-z-parkiem-muzakowskim-sierpien-2\/#primaryimage"},"thumbnailUrl":"https:\/\/nid.pl\/wp-content\/uploads\/2025\/07\/Lato-z-Parkiem-Muzakowskim-sierpien.jpg","datePublished":"2025-07-31T07:19:04+00:00","dateModified":"2025-07-31T08:47:19+00:00","breadcrumb":{"@id":"https:\/\/nid.pl\/wydarzenie\/lato-z-parkiem-muzakowskim-sierpien-2\/#breadcrumb"},"inLanguage":"en-GB","potentialAction":[{"@type":"ReadAction","target":["https:\/\/nid.pl\/wydarzenie\/lato-z-parkiem-muzakowskim-sierpien-2\/"]}]},{"@type":"ImageObject","inLanguage":"en-GB","@id":"https:\/\/nid.pl\/wydarzenie\/lato-z-parkiem-muzakowskim-sierpien-2\/#primaryimage","url":"https:\/\/nid.pl\/wp-content\/uploads\/2025\/07\/Lato-z-Parkiem-Muzakowskim-sierpien.jpg","contentUrl":"https:\/\/nid.pl\/wp-content\/uploads\/2025\/07\/Lato-z-Parkiem-Muzakowskim-sierpien.jpg","width":1850,"height":1238,"caption":"drzewo z Parku Mu\u017cakowskiego"},{"@type":"BreadcrumbList","@id":"https:\/\/nid.pl\/wydarzenie\/lato-z-parkiem-muzakowskim-sierpien-2\/#breadcrumb","itemListElement":[{"@type":"ListItem","position":1,"name":"Home","item":"https:\/\/nid.pl\/"},{"@type":"ListItem","position":2,"name":"Wydarzenia","item":"https:\/\/nid.pl\/wydarzenia\/"},{"@type":"ListItem","position":3,"name":"Lato z Parkiem Mu\u017cakowskim &#8211; sierpie\u0144"}]},{"@type":"WebSite","@id":"https:\/\/nid.pl\/#website","url":"https:\/\/nid.pl\/","name":"NID","description":"Narodowy Instytut Dziedzictwa","publisher":{"@id":"https:\/\/nid.pl\/#organization"},"potentialAction":[{"@type":"SearchAction","target":{"@type":"EntryPoint","urlTemplate":"https:\/\/nid.pl\/?s={search_term_string}"},"query-input":{"@type":"PropertyValueSpecification","valueRequired":true,"valueName":"search_term_string"}}],"inLanguage":"en-GB"},{"@type":"Organization","@id":"https:\/\/nid.pl\/#organization","name":"Narodowy Instytut Dziedzictwa","url":"https:\/\/nid.pl\/","logo":{"@type":"ImageObject","inLanguage":"en-GB","@id":"https:\/\/nid.pl\/#\/schema\/logo\/image\/","url":"https:\/\/nid.pl\/wp-content\/uploads\/2022\/10\/logoRedDark.png","contentUrl":"https:\/\/nid.pl\/wp-content\/uploads\/2022\/10\/logoRedDark.png","width":200,"height":197,"caption":"Narodowy Instytut Dziedzictwa"},"image":{"@id":"https:\/\/nid.pl\/#\/schema\/logo\/image\/"},"sameAs":["https:\/\/www.facebook.com\/zabytek","https:\/\/x.com\/NarIDpl","https:\/\/www.instagram.com\/nid.pl\/?hl=pl","https:\/\/www.linkedin.com\/company\/narodowy-instytut-dziedzictwa","https:\/\/www.youtube.com\/channel\/UCQXuhKa2uHtmNvLRUSx40JA"]}]}},"_links":{"self":[{"href":"https:\/\/nid.pl\/en\/wp-json\/wp\/v2\/tribe_events\/28751","targetHints":{"allow":["GET"]}}],"collection":[{"href":"https:\/\/nid.pl\/en\/wp-json\/wp\/v2\/tribe_events"}],"about":[{"href":"https:\/\/nid.pl\/en\/wp-json\/wp\/v2\/types\/tribe_events"}],"author":[{"embeddable":true,"href":"https:\/\/nid.pl\/en\/wp-json\/wp\/v2\/users\/7"}],"version-history":[{"count":0,"href":"https:\/\/nid.pl\/en\/wp-json\/wp\/v2\/tribe_events\/28751\/revisions"}],"wp:featuredmedia":[{"embeddable":true,"href":"https:\/\/nid.pl\/en\/wp-json\/wp\/v2\/media\/28630"}],"wp:attachment":[{"href":"https:\/\/nid.pl\/en\/wp-json\/wp\/v2\/media?parent=28751"}],"wp:term":[{"taxonomy":"post_tag","embeddable":true,"href":"https:\/\/nid.pl\/en\/wp-json\/wp\/v2\/tags?post=28751"},{"taxonomy":"tribe_events_cat","embeddable":true,"href":"https:\/\/nid.pl\/en\/wp-json\/wp\/v2\/tribe_events_cat?post=28751"}],"curies":[{"name":"wp","href":"https:\/\/api.w.org\/{rel}","templated":true}]}}