{"id":28513,"date":"2025-07-28T15:56:41","date_gmt":"2025-07-28T13:56:41","guid":{"rendered":"https:\/\/nid.pl\/?post_type=tribe_events&#038;p=28513"},"modified":"2025-08-22T16:54:19","modified_gmt":"2025-08-22T14:54:19","slug":"dad2025-mz","status":"publish","type":"tribe_events","link":"https:\/\/nid.pl\/en\/wydarzenie\/dad2025-mz\/","title":{"rendered":"Dni Architektury Drewnianej 2025 w wojew\u00f3dztwie mazowieckim"},"content":{"rendered":"<p><strong>Zapraszamy na wydarzenia <a href=\"https:\/\/nid.pl\/en\/dad\/\">Dni Architektury Drewnianej<\/a> 2025 w wojew\u00f3dztwie mazowieckim!<\/strong><\/p>\n<p><span data-contrast=\"auto\">Tegoroczna edycja DAD na Mazowszu to wyj\u0105tkowa okazja do poznania bogactwa drewnianej architektury regionu, od zabytkowych willi \u015awidermajer\u00f3w, przez le\u015bnicz\u00f3wki, po modernistyczn\u0105 Zielon\u0105 Will\u0119 w Komorowie. Program obejmuje spacery historyczno-architektoniczne, panele dyskusyjne, warsztaty oraz wystawy.<\/span><span data-ccp-props=\"{&quot;134233117&quot;:false,&quot;134233118&quot;:false,&quot;335551550&quot;:0,&quot;335551620&quot;:0,&quot;335559738&quot;:240,&quot;335559739&quot;:240}\"> Wydarzenia zosta\u0142y zorganizowane przez Oddzia\u0142 Terenowy NID w Warszawie, we wsp\u00f3\u0142pracy z Mazowieckim Wojew\u00f3dzkim Konserwatorem Zabytk\u00f3w, Stowarzyszeniem W\u0142a\u015bcicieli, Mieszka\u0144c\u00f3w i Mi\u0142o\u015bnik\u00f3w Dom\u00f3w Drewnianych na Linii Otwockiej &#8211; \u015awidermajerowie, Gmin\u0105 Micha\u0142owice, Lasami Miejskimi Warszawa, Muzeum Piaseczna.<\/span><\/p>\n<p>Wszystkich zainteresowanych zabytkow\u0105 architektur\u0105 drewnian\u0105 zapraszamy na spotkania po\u015bwi\u0119cone opiece i utrzymaniu architektury drewnianej, w tym prelekcje specjalist\u00f3w, pokazy konserwacji oraz oprowadzanie i zwiedzanie obiekt\u00f3w architektury drewnianej.<\/p>\n<p>Dni Architektury Drewnianej maj\u0105 na celu promocj\u0119 i popularyzacj\u0119 architektury drewnianej poprzez zwr\u00f3cenie uwagi na ten szczeg\u00f3lny zas\u00f3b, bardzo szybko znikaj\u0105cy z polskiego krajobrazu kulturowego. Do udzia\u0142u zaproszeni zostali w\u0142a\u015bciciele i u\u017cytkownicy obiekt\u00f3w drewnianych, zar\u00f3wno osoby prywatne jak i instytucje kultury i samorz\u0105dy.<\/p>\n<p>Wydarzenie organizowane jest w ramach dzia\u0142alno\u015bci Pracowni Terenowej \u2013 Centrum Architektury Drewnianej NID w Zakopanem.<\/p>\n<p>Dni Architektury Drewnianej 2025 obj\u0119te zosta\u0142y patronatem honorowym Ministra Kultury i Dziedzictwa Narodowego. Patronami medialnymi wydarzenia s\u0105 Polskie Radio oraz TVP 3.<\/p>\n<p>Na wszystkie wydarzenia obowi\u0105zuje <strong>wst\u0119p wolny.<\/strong><\/p>\n<p>&nbsp;<\/p>\n<h4><span style=\"color: #6b6767;\"><strong>Program wydarze\u0144:<\/strong><\/span><\/h4>\n<h5><span style=\"color: #d45c68;\"><strong>21 sierpnia 2025 r. (czwartek) &#8211; Zapowied\u017a Dni Architektury Drewnianej na Mazowszu (godz. 17:30, siedziba Mazowieckiego Wojew\u00f3dzkiego Konserwatora Zabytk\u00f3w, ul. Nowy \u015awiat 18\/20, Warszawa)<\/strong><\/span><\/h5>\n<ul>\n<li><span data-contrast=\"auto\">Zaproszenie na Dni Architektury Drewnianej na Mazowszu (wyst\u0105pienia otwieraj\u0105ce) \u2013 Anna Groth-Kubicka, kierownik Oddzia\u0142u Terenowego NID w Warszawie; Marcin Dawidowicz, Mazowiecki Wojew\u00f3dzki Konserwator Zabytk\u00f3w; Hanna \u0141ubie\u0144ska, Stowarzyszenie W\u0142a\u015bcicieli, Mieszka\u0144c\u00f3w i Mi\u0142o\u015bnik\u00f3w Dom\u00f3w Drewnianych na Linii Otwockiej \u015awidermajerowie<\/span><\/li>\n<li><span data-contrast=\"auto\">Prelekcja: \u201ePer\u0142y J\u00f3zefowa i Otwocka\u201d \u2013 Lidia Da\u0144ko, Stowarzyszenie W\u0142a\u015bcicieli, Mieszka\u0144c\u00f3w i Mi\u0142o\u015bnik\u00f3w Dom\u00f3w Drewnianych na Linii Otwockiej \u015awidermajerowie<\/span><\/li>\n<li><span data-contrast=\"auto\">Prezentacja ksi\u0105\u017cki <\/span><i><span data-contrast=\"auto\">\u201eNad Brzegami \u015awidra\u201d<\/span><\/i><span data-contrast=\"auto\"> \u2013 Fundacja Wspierania Kultury Brzegi Andriollego w \u015awidrze\u00a0<\/span><\/li>\n<li><span data-contrast=\"auto\">Wernisa\u017c wystawy plenerowej \u201eDrewniany Otwock i jego s\u0142ynni mieszka\u0144cy&#8221; oraz &#8220;Drewniane domy J\u00f3zefowa i ich mieszka\u0144cy&#8221;<\/span><\/li>\n<li><span data-contrast=\"auto\">Zwiedzanie Apteki Micha\u0142a Mutnia\u0144skiego z oryginalnym XIX-wiecznym wyposa\u017ceniem<\/span><span data-ccp-props=\"{&quot;134233117&quot;:false,&quot;134233118&quot;:false,&quot;335551550&quot;:0,&quot;335551620&quot;:0,&quot;335559738&quot;:240,&quot;335559739&quot;:240}\">\u00a0<\/span><\/li>\n<\/ul>\n<h5><span style=\"color: #d45c68;\"><strong>30 sierpnia 2025 r. (sobota) &#8211; Dzie\u0144 Architektury Drewnianej w Otwocku i \u015awi\u0119to Ulicy Mickiewicza (Powiatowe Centrum Pomocy Rodzinie Ognisko Wychowawcze \u201e\u015awider&#8221; im. Kazimierza Lisieckiego \u201eDziadka&#8221;, ul. Mickiewicza 43\/47 Otwock &#8211; \u015awider)<\/strong><\/span><\/h5>\n<p><span data-contrast=\"auto\">10.00-11.15 \u2013 spacer \u201eDrewniane wille przy ul. Mickiewicza i drzewa im towarzysz\u0105ce\u201d \u2013 Pawe\u0142 Ajdacki, dr hab. i\u017c. Ewa M. Zara\u015b (start: stacja PKP \u015awider)<\/span><br \/>\n<span data-contrast=\"auto\"> 11.30-12.30 \u2013 \u015bniadanie s\u0105siedzkie (teren ogniska u \u201eDziadka\u201d Lisieckiego w \u015awidrze)<\/span><br \/>\n<span data-contrast=\"auto\"> 13.00-13.45 \u2013 otwarcie wystawy prac z warsztat\u00f3w fotograficznych (dawny most kolejowy)<\/span><br \/>\n<span data-contrast=\"auto\"> 13.45-15.45 \u2013 spacer \u201eWille \u015awidra i drzewa im towarzysz\u0105ce\u201d \u2013 Justyna G\u00f3rnowicz, dr hab. i\u017c. Ewa M. Zara\u015b (start: dawny most kolejowy)<\/span><br \/>\n<span data-contrast=\"auto\"> 16.00 \u2013 warsztaty rzemie\u015blnicze dla dzieci (teren ogniska u \u201eDziadka\u201d Lisieckiego w \u015awidrze)<\/span><br \/>\n<span data-contrast=\"auto\"> 16.30-17.30 \u2013 punkty konsultacyjne NID i MWKZ dla w\u0142a\u015bcicieli dom\u00f3w drewnianych (teren ogniska u \u201eDziadka\u201d Lisieckiego w \u015awidrze)<\/span><br \/>\n<span data-contrast=\"auto\"> 16.00-16.15 \u2013 film \u201e\u015awider\u201d 2000 (budynek \u201eJamnik\u201d &#8211; teren ogniska u \u201eDziadka\u201d Lisieckiego w \u015awidrze)<\/span><br \/>\n<span data-contrast=\"auto\"> 16.15-16.30 \u2013 oficjalne powitanie uczestnik\u00f3w DAD przez Kierownika Oddzia\u0142u Terenowego w Warszawie NID, Mazowieckiego Wojew\u00f3dzkiego Konserwatora Zabytk\u00f3w, Prezesa Stowarzyszenia W\u0142a\u015bcicieli, Mieszka\u0144c\u00f3w i Mi\u0142o\u015bnik\u00f3w Dom\u00f3w Drewnianych na Linii Otwockiej \u015awidermajerowie (budynek \u201eJamnik\u201d &#8211; teren ogniska u \u201eDziadka\u201d Lisieckiego w \u015awidrze)<\/span><br \/>\n<span data-contrast=\"auto\"> 16.30-18.00 \u2013 panel dyskusyjny: <\/span><span data-contrast=\"auto\">Spotkanie autorskie wok\u00f3\u0142 ksi\u0105\u017cki <\/span><i><span data-contrast=\"auto\">\u201eNad Brzegami \u015awidra\u201d, <\/span><\/i><span data-contrast=\"auto\">\u201eDlaczego warto mieszka\u0107 w \u015awidermajerach\u201d \u2013 rozmowy z w\u0142a\u015bcicielami \u00a0(budynek \u201eJamnik\u201d &#8211; teren ogniska u \u201eDziadka\u201d Lisieckiego w \u015awidrze)<br \/>\n<\/span><\/p>\n<h5><span style=\"color: #d45c68;\"><strong>31 sierpnia 2025 r. (niedziela) &#8211; Dzie\u0144 Architektury Drewnianej w w Komorowie (<b>Zielona Willa, ul. Krasi\u0144skiego 34, Komor\u00f3w)<\/b><\/strong><\/span><\/h5>\n<p><span data-contrast=\"auto\">12.00-13.00 \u2013 spacer \u201eLetnisko Komor\u00f3w i jego drewniana architektura\u201d \u2013 Lidia Kulczy\u0144ska-Pilch (stacja WKD Komor\u00f3w)<\/span><br \/>\n<span data-contrast=\"auto\"> 13.00-13.15 \u2013 powitanie uczestnik\u00f3w DAD<br \/>\n<\/span>13.20-13.40<span data-contrast=\"auto\"> \u2013 Zielona Willa jako przyk\u0142ad architektury modernistycznej \u2013 Marcin Dawidowicz, Mazowiecki Wojew\u00f3dzki Konserwator Zabytk\u00f3w<br \/>\n<\/span>13.40-14.20 <span data-contrast=\"auto\">\u2013 <\/span>Zielona Willa Pa\u0144stwa Grabowskich &#8211; om\u00f3wienie bada\u0144 konserwatorskich i dokumentacji przedprojektowej \u2013 Pawe\u0142 Kinsner<br \/>\n<span data-contrast=\"auto\"> 14.20-14.40 \u2013 Zielona Willa wyj\u0105tkowe miejsce Gminy Micha\u0142owice &#8211; Ma\u0142gorzata Pachecka, W\u00f3jt Gminy Micha\u0142owice<\/span><br \/>\n<span data-contrast=\"auto\"> 14.40-15.00 \u2013 <\/span><span data-contrast=\"auto\">Historia rodziny Grabowskich \u2013 Karolina Zalewska<\/span><span data-ccp-props=\"{&quot;134233117&quot;:false,&quot;134233118&quot;:false,&quot;335551550&quot;:0,&quot;335551620&quot;:0,&quot;335559738&quot;:240,&quot;335559739&quot;:240}\">\u00a0<\/span><span data-contrast=\"auto\">\u00a0<\/span><br \/>\n<span data-contrast=\"auto\"> 15.00-15.20 \u2013 Ogr\u00f3d przy Zielonej Wilii &#8211; Dorota Sikora, Szko\u0142a G\u0142\u00f3wna Gospodarstwa Wiejskiego<\/span><br \/>\n<span data-contrast=\"auto\"> 15.20<\/span>-16.20 \u2013 oprowadzanie po Zielonej Wilii (w grupach, po zapisach)<\/p>\n<ul>\n<li aria-setsize=\"-1\" data-leveltext=\"\uf0b7\" data-font=\"Symbol\" data-listid=\"8\" data-list-defn-props=\"{&quot;335552541&quot;:1,&quot;335559683&quot;:0,&quot;335559684&quot;:-2,&quot;335559685&quot;:720,&quot;335559991&quot;:360,&quot;469769226&quot;:&quot;Symbol&quot;,&quot;469769242&quot;:[8226],&quot;469777803&quot;:&quot;left&quot;,&quot;469777804&quot;:&quot;\uf0b7&quot;,&quot;469777815&quot;:&quot;hybridMultilevel&quot;}\" data-aria-posinset=\"5\" data-aria-level=\"1\">Wydarzenia towarzysz\u0105ce \u2013 start godz. 13.00\n<ul>\n<li>kino plenerowe: \u201eDziedzictwo drewniane i jego ochrona\u201d,<\/li>\n<li>wystawa plenerowa,<\/li>\n<li>warsztaty familijne,<\/li>\n<li>s\u0142odki pocz\u0119stunek.<\/li>\n<\/ul>\n<\/li>\n<\/ul>\n<h5><span style=\"color: #d45c68;\"><strong>23-24 sierpnia i 30-31 sierpnia 2025 r. (sobota, niedziela) &#8211; obiekty otwarte \u2013 budynki drewniane wyr\u00f3\u017cnione w konkursie Generalnego Konserwatora Zabytk\u00f3w \u201eZabytek Zadbany&#8221;<\/strong><\/span><\/h5>\n<p><b><span data-contrast=\"auto\">30 sierpnia (sobota) &#8211; Dom \u201eZo\u015bki\u201d<\/span><\/b><span data-contrast=\"auto\"> \u2013 otwarty dla zwiedzaj\u0105cych w godz. 11.00-17.00 (ul. Kr\u00f3lowej Jadwigi 11, Piaseczno)<br \/>\n<\/span><b><span data-contrast=\"auto\">23-24 sierpnia i 30-31 sierpnia (sobota, niedziela) &#8211; Le\u015bnicz\u00f3wka z Lasu Kabackiego<\/span><\/b><span data-contrast=\"auto\"> \u2013 otwarta dla zwiedzaj\u0105cych w godz. 10.00-13.00<\/span><span data-ccp-props=\"{&quot;134233117&quot;:false,&quot;134233118&quot;:false,&quot;335551550&quot;:0,&quot;335551620&quot;:0,&quot;335559738&quot;:240,&quot;335559739&quot;:240}\"> (ul. Rydzowa 1, Warszawa). <\/span>Obowi\u0105zuj\u0105 zapisy &#8211; https:\/\/lasymiejskie.waw.pl\/edukacja\/zapisy-na-zajecia UWAGA! Link b\u0119dzie aktywny w po\u0142owie sierpnia.<\/p>","protected":false},"excerpt":{"rendered":"<p>Zapraszamy na wydarzenia Dni Architektury Drewnianej 2025 w wojew\u00f3dztwie mazowieckim! Tegoroczna edycja DAD na Mazowszu to wyj\u0105tkowa okazja do poznania bogactwa drewnianej architektury regionu, od zabytkowych willi \u015awidermajer\u00f3w, przez le\u015bnicz\u00f3wki, [&hellip;]<\/p>","protected":false},"author":17,"featured_media":28697,"template":"","meta":{"_et_pb_use_builder":"","_et_pb_old_content":"","_et_gb_content_width":"","_monsterinsights_skip_tracking":false,"_monsterinsights_sitenote_active":false,"_monsterinsights_sitenote_note":"","_monsterinsights_sitenote_category":0,"_tribe_events_status":"","_tribe_events_status_reason":"","footnotes":""},"tags":[],"tribe_events_cat":[121,123],"class_list":["post-28513","tribe_events","type-tribe_events","status-publish","has-post-thumbnail","hentry","tribe_events_cat-dzien-architektury-drewnianej","tribe_events_cat-wydarzenia-cykliczne","cat_dzien-architektury-drewnianej","cat_wydarzenia-cykliczne"],"yoast_head":"<!-- This site is optimized with the Yoast SEO plugin v26.5 - https:\/\/yoast.com\/wordpress\/plugins\/seo\/ -->\n<title>Dni Architektury Drewnianej 2025 w wojew\u00f3dztwie mazowieckim - NID<\/title>\n<meta name=\"robots\" content=\"index, follow, max-snippet:-1, max-image-preview:large, max-video-preview:-1\" \/>\n<link rel=\"canonical\" href=\"https:\/\/nid.pl\/en\/wydarzenie\/dad2025-mz\/\" \/>\n<meta property=\"og:locale\" content=\"en_GB\" \/>\n<meta property=\"og:type\" content=\"article\" \/>\n<meta property=\"og:title\" content=\"Dni Architektury Drewnianej 2025 w wojew\u00f3dztwie mazowieckim - NID\" \/>\n<meta property=\"og:description\" content=\"Zapraszamy na wydarzenia Dni Architektury Drewnianej 2025 w wojew\u00f3dztwie mazowieckim! Tegoroczna edycja DAD na Mazowszu to wyj\u0105tkowa okazja do poznania bogactwa drewnianej architektury regionu, od zabytkowych willi \u015awidermajer\u00f3w, przez le\u015bnicz\u00f3wki, [&hellip;]\" \/>\n<meta property=\"og:url\" content=\"https:\/\/nid.pl\/en\/wydarzenie\/dad2025-mz\/\" \/>\n<meta property=\"og:site_name\" content=\"NID\" \/>\n<meta property=\"article:publisher\" content=\"https:\/\/www.facebook.com\/zabytek\" \/>\n<meta property=\"article:modified_time\" content=\"2025-08-22T14:54:19+00:00\" \/>\n<meta property=\"og:image\" content=\"https:\/\/nid.pl\/wp-content\/uploads\/2025\/07\/dad-2025-mazowieckie.jpg\" \/>\n\t<meta property=\"og:image:width\" content=\"1920\" \/>\n\t<meta property=\"og:image:height\" content=\"1080\" \/>\n\t<meta property=\"og:image:type\" content=\"image\/jpeg\" \/>\n<meta name=\"twitter:card\" content=\"summary_large_image\" \/>\n<meta name=\"twitter:site\" content=\"@NarIDpl\" \/>\n<meta name=\"twitter:label1\" content=\"Estimated reading time\" \/>\n\t<meta name=\"twitter:data1\" content=\"5 minutes\" \/>\n<script type=\"application\/ld+json\" class=\"yoast-schema-graph\">{\"@context\":\"https:\/\/schema.org\",\"@graph\":[{\"@type\":\"WebPage\",\"@id\":\"https:\/\/nid.pl\/wydarzenie\/dad2025-mz\/\",\"url\":\"https:\/\/nid.pl\/wydarzenie\/dad2025-mz\/\",\"name\":\"Dni Architektury Drewnianej 2025 w wojew\u00f3dztwie mazowieckim - NID\",\"isPartOf\":{\"@id\":\"https:\/\/nid.pl\/#website\"},\"primaryImageOfPage\":{\"@id\":\"https:\/\/nid.pl\/wydarzenie\/dad2025-mz\/#primaryimage\"},\"image\":{\"@id\":\"https:\/\/nid.pl\/wydarzenie\/dad2025-mz\/#primaryimage\"},\"thumbnailUrl\":\"https:\/\/nid.pl\/wp-content\/uploads\/2025\/07\/dad-2025-mazowieckie.jpg\",\"datePublished\":\"2025-07-28T13:56:41+00:00\",\"dateModified\":\"2025-08-22T14:54:19+00:00\",\"breadcrumb\":{\"@id\":\"https:\/\/nid.pl\/wydarzenie\/dad2025-mz\/#breadcrumb\"},\"inLanguage\":\"en-GB\",\"potentialAction\":[{\"@type\":\"ReadAction\",\"target\":[\"https:\/\/nid.pl\/wydarzenie\/dad2025-mz\/\"]}]},{\"@type\":\"ImageObject\",\"inLanguage\":\"en-GB\",\"@id\":\"https:\/\/nid.pl\/wydarzenie\/dad2025-mz\/#primaryimage\",\"url\":\"https:\/\/nid.pl\/wp-content\/uploads\/2025\/07\/dad-2025-mazowieckie.jpg\",\"contentUrl\":\"https:\/\/nid.pl\/wp-content\/uploads\/2025\/07\/dad-2025-mazowieckie.jpg\",\"width\":1920,\"height\":1080,\"caption\":\"dad-2025-mazowieckie\"},{\"@type\":\"BreadcrumbList\",\"@id\":\"https:\/\/nid.pl\/wydarzenie\/dad2025-mz\/#breadcrumb\",\"itemListElement\":[{\"@type\":\"ListItem\",\"position\":1,\"name\":\"Home\",\"item\":\"https:\/\/nid.pl\/\"},{\"@type\":\"ListItem\",\"position\":2,\"name\":\"Wydarzenia\",\"item\":\"https:\/\/nid.pl\/wydarzenia\/\"},{\"@type\":\"ListItem\",\"position\":3,\"name\":\"Dni Architektury Drewnianej 2025 w wojew\u00f3dztwie mazowieckim\"}]},{\"@type\":\"WebSite\",\"@id\":\"https:\/\/nid.pl\/#website\",\"url\":\"https:\/\/nid.pl\/\",\"name\":\"NID\",\"description\":\"Narodowy Instytut Dziedzictwa\",\"publisher\":{\"@id\":\"https:\/\/nid.pl\/#organization\"},\"potentialAction\":[{\"@type\":\"SearchAction\",\"target\":{\"@type\":\"EntryPoint\",\"urlTemplate\":\"https:\/\/nid.pl\/?s={search_term_string}\"},\"query-input\":{\"@type\":\"PropertyValueSpecification\",\"valueRequired\":true,\"valueName\":\"search_term_string\"}}],\"inLanguage\":\"en-GB\"},{\"@type\":\"Organization\",\"@id\":\"https:\/\/nid.pl\/#organization\",\"name\":\"Narodowy Instytut Dziedzictwa\",\"url\":\"https:\/\/nid.pl\/\",\"logo\":{\"@type\":\"ImageObject\",\"inLanguage\":\"en-GB\",\"@id\":\"https:\/\/nid.pl\/#\/schema\/logo\/image\/\",\"url\":\"https:\/\/nid.pl\/wp-content\/uploads\/2022\/10\/logoRedDark.png\",\"contentUrl\":\"https:\/\/nid.pl\/wp-content\/uploads\/2022\/10\/logoRedDark.png\",\"width\":200,\"height\":197,\"caption\":\"Narodowy Instytut Dziedzictwa\"},\"image\":{\"@id\":\"https:\/\/nid.pl\/#\/schema\/logo\/image\/\"},\"sameAs\":[\"https:\/\/www.facebook.com\/zabytek\",\"https:\/\/x.com\/NarIDpl\",\"https:\/\/www.instagram.com\/nid.pl\/?hl=pl\",\"https:\/\/www.linkedin.com\/company\/narodowy-instytut-dziedzictwa\",\"https:\/\/www.youtube.com\/channel\/UCQXuhKa2uHtmNvLRUSx40JA\"]}]}<\/script>\n<!-- \/ Yoast SEO plugin. -->","yoast_head_json":{"title":"Dni Architektury Drewnianej 2025 w wojew\u00f3dztwie mazowieckim - NID","robots":{"index":"index","follow":"follow","max-snippet":"max-snippet:-1","max-image-preview":"max-image-preview:large","max-video-preview":"max-video-preview:-1"},"canonical":"https:\/\/nid.pl\/en\/wydarzenie\/dad2025-mz\/","og_locale":"en_GB","og_type":"article","og_title":"Dni Architektury Drewnianej 2025 w wojew\u00f3dztwie mazowieckim - NID","og_description":"Zapraszamy na wydarzenia Dni Architektury Drewnianej 2025 w wojew\u00f3dztwie mazowieckim! Tegoroczna edycja DAD na Mazowszu to wyj\u0105tkowa okazja do poznania bogactwa drewnianej architektury regionu, od zabytkowych willi \u015awidermajer\u00f3w, przez le\u015bnicz\u00f3wki, [&hellip;]","og_url":"https:\/\/nid.pl\/en\/wydarzenie\/dad2025-mz\/","og_site_name":"NID","article_publisher":"https:\/\/www.facebook.com\/zabytek","article_modified_time":"2025-08-22T14:54:19+00:00","og_image":[{"width":1920,"height":1080,"url":"https:\/\/nid.pl\/wp-content\/uploads\/2025\/07\/dad-2025-mazowieckie.jpg","type":"image\/jpeg"}],"twitter_card":"summary_large_image","twitter_site":"@NarIDpl","twitter_misc":{"Estimated reading time":"5 minutes"},"schema":{"@context":"https:\/\/schema.org","@graph":[{"@type":"WebPage","@id":"https:\/\/nid.pl\/wydarzenie\/dad2025-mz\/","url":"https:\/\/nid.pl\/wydarzenie\/dad2025-mz\/","name":"Dni Architektury Drewnianej 2025 w wojew\u00f3dztwie mazowieckim - NID","isPartOf":{"@id":"https:\/\/nid.pl\/#website"},"primaryImageOfPage":{"@id":"https:\/\/nid.pl\/wydarzenie\/dad2025-mz\/#primaryimage"},"image":{"@id":"https:\/\/nid.pl\/wydarzenie\/dad2025-mz\/#primaryimage"},"thumbnailUrl":"https:\/\/nid.pl\/wp-content\/uploads\/2025\/07\/dad-2025-mazowieckie.jpg","datePublished":"2025-07-28T13:56:41+00:00","dateModified":"2025-08-22T14:54:19+00:00","breadcrumb":{"@id":"https:\/\/nid.pl\/wydarzenie\/dad2025-mz\/#breadcrumb"},"inLanguage":"en-GB","potentialAction":[{"@type":"ReadAction","target":["https:\/\/nid.pl\/wydarzenie\/dad2025-mz\/"]}]},{"@type":"ImageObject","inLanguage":"en-GB","@id":"https:\/\/nid.pl\/wydarzenie\/dad2025-mz\/#primaryimage","url":"https:\/\/nid.pl\/wp-content\/uploads\/2025\/07\/dad-2025-mazowieckie.jpg","contentUrl":"https:\/\/nid.pl\/wp-content\/uploads\/2025\/07\/dad-2025-mazowieckie.jpg","width":1920,"height":1080,"caption":"dad-2025-mazowieckie"},{"@type":"BreadcrumbList","@id":"https:\/\/nid.pl\/wydarzenie\/dad2025-mz\/#breadcrumb","itemListElement":[{"@type":"ListItem","position":1,"name":"Home","item":"https:\/\/nid.pl\/"},{"@type":"ListItem","position":2,"name":"Wydarzenia","item":"https:\/\/nid.pl\/wydarzenia\/"},{"@type":"ListItem","position":3,"name":"Dni Architektury Drewnianej 2025 w wojew\u00f3dztwie mazowieckim"}]},{"@type":"WebSite","@id":"https:\/\/nid.pl\/#website","url":"https:\/\/nid.pl\/","name":"NID","description":"Narodowy Instytut Dziedzictwa","publisher":{"@id":"https:\/\/nid.pl\/#organization"},"potentialAction":[{"@type":"SearchAction","target":{"@type":"EntryPoint","urlTemplate":"https:\/\/nid.pl\/?s={search_term_string}"},"query-input":{"@type":"PropertyValueSpecification","valueRequired":true,"valueName":"search_term_string"}}],"inLanguage":"en-GB"},{"@type":"Organization","@id":"https:\/\/nid.pl\/#organization","name":"Narodowy Instytut Dziedzictwa","url":"https:\/\/nid.pl\/","logo":{"@type":"ImageObject","inLanguage":"en-GB","@id":"https:\/\/nid.pl\/#\/schema\/logo\/image\/","url":"https:\/\/nid.pl\/wp-content\/uploads\/2022\/10\/logoRedDark.png","contentUrl":"https:\/\/nid.pl\/wp-content\/uploads\/2022\/10\/logoRedDark.png","width":200,"height":197,"caption":"Narodowy Instytut Dziedzictwa"},"image":{"@id":"https:\/\/nid.pl\/#\/schema\/logo\/image\/"},"sameAs":["https:\/\/www.facebook.com\/zabytek","https:\/\/x.com\/NarIDpl","https:\/\/www.instagram.com\/nid.pl\/?hl=pl","https:\/\/www.linkedin.com\/company\/narodowy-instytut-dziedzictwa","https:\/\/www.youtube.com\/channel\/UCQXuhKa2uHtmNvLRUSx40JA"]}]}},"_links":{"self":[{"href":"https:\/\/nid.pl\/en\/wp-json\/wp\/v2\/tribe_events\/28513","targetHints":{"allow":["GET"]}}],"collection":[{"href":"https:\/\/nid.pl\/en\/wp-json\/wp\/v2\/tribe_events"}],"about":[{"href":"https:\/\/nid.pl\/en\/wp-json\/wp\/v2\/types\/tribe_events"}],"author":[{"embeddable":true,"href":"https:\/\/nid.pl\/en\/wp-json\/wp\/v2\/users\/17"}],"version-history":[{"count":0,"href":"https:\/\/nid.pl\/en\/wp-json\/wp\/v2\/tribe_events\/28513\/revisions"}],"wp:featuredmedia":[{"embeddable":true,"href":"https:\/\/nid.pl\/en\/wp-json\/wp\/v2\/media\/28697"}],"wp:attachment":[{"href":"https:\/\/nid.pl\/en\/wp-json\/wp\/v2\/media?parent=28513"}],"wp:term":[{"taxonomy":"post_tag","embeddable":true,"href":"https:\/\/nid.pl\/en\/wp-json\/wp\/v2\/tags?post=28513"},{"taxonomy":"tribe_events_cat","embeddable":true,"href":"https:\/\/nid.pl\/en\/wp-json\/wp\/v2\/tribe_events_cat?post=28513"}],"curies":[{"name":"wp","href":"https:\/\/api.w.org\/{rel}","templated":true}]}}