{"id":25479,"date":"2025-02-12T17:25:47","date_gmt":"2025-02-12T16:25:47","guid":{"rendered":"https:\/\/nid.pl\/?post_type=tribe_events&#038;p=25479"},"modified":"2025-06-03T11:13:24","modified_gmt":"2025-06-03T09:13:24","slug":"ii-zjazd-szkoly-ciesielskiej-nid-pogorze-izerskie-grabiszyce-dolne","status":"publish","type":"tribe_events","link":"https:\/\/nid.pl\/en\/wydarzenie\/ii-zjazd-szkoly-ciesielskiej-nid-pogorze-izerskie-grabiszyce-dolne\/","title":{"rendered":"II zjazd Szko\u0142y Ciesielskiej NID &#8211; Pog\u00f3rze Izerskie \u2013 Grabiszyce Dolne"},"content":{"rendered":"<p><span data-contrast=\"auto\">Warsztaty po\u015bwi\u0119cone historycznym konstrukcjom drewnianym skierowane s\u0105 wy\u0142\u0105cznie <strong>do aktywnych cie\u015bli.<\/strong> Praca b\u0119dzie odbywa\u0142a si\u0119 cz\u0119\u015bciowo w terenie. <\/span><\/p>\n<p><strong><a href=\"https:\/\/nid.pl\/wp-content\/uploads\/2025\/06\/Harmonogram_Grabiszyce-Dolne_aktual.pdf\" target=\"_blank\" rel=\"noreferrer noopener\">Program zjazd\u00f3w<\/a><\/strong><br \/>\n<a href=\"https:\/\/rejestracja.nid.pl\/szkoly_ciesielskie_2025_grabiszyce_dolne\"><strong>Link do rejestracji<\/strong><\/a><\/p>\n<p><span data-contrast=\"auto\">Udzia\u0142 w warsztatach jest nieodp\u0142atny. Organizatorzy zapewniaj\u0105 zaplecze merytoryczne, materia\u0142y edukacyjne oraz szkolenie BHP. Organizatorzy nie pokrywaj\u0105 koszt\u00f3w zwi\u0105zanych z zakwaterowaniem, wy\u017cywieniem oraz dojazdem. Uczestnicy szkolenia otrzymaj\u0105 \u015bwiadectwa uko\u0144czenia Szko\u0142y Ciesielskiej NID.<\/span><span data-ccp-props=\"{&quot;335551550&quot;:6,&quot;335551620&quot;:6,&quot;335559685&quot;:0}\">\u00a0<\/span><\/p>\n<p><span data-contrast=\"auto\">Zasady dotycz\u0105ce zg\u0142osze\u0144:<\/span><span data-ccp-props=\"{&quot;134233117&quot;:false,&quot;134233118&quot;:false,&quot;201341983&quot;:0,&quot;335551550&quot;:6,&quot;335551620&quot;:6,&quot;335559685&quot;:0,&quot;335559737&quot;:0,&quot;335559738&quot;:0,&quot;335559739&quot;:160,&quot;335559740&quot;:259}\">\u00a0<\/span><\/p>\n<ul>\n<li><span data-contrast=\"auto\">Uczestnicy b\u0119d\u0105 wybierani na podstawie ich do\u015bwiadczenia w praktycznej pracy przy drewnianych konstrukcjach historycznych. Dob\u00f3r uczestnik\u00f3w ma na celu stworzenie grup o zbli\u017conych kompetencjach i umiej\u0119tno\u015bciach.<\/span><\/li>\n<li><span data-contrast=\"auto\">Dob\u00f3r uczestnik\u00f3w b\u0119dzie konsultowany z cie\u015blami prowadz\u0105cymi zaj\u0119cia.<\/span><\/li>\n<li><span data-contrast=\"auto\">Uczestnicy powinni mie\u0107 na uwadze, \u017ce warsztaty b\u0119d\u0105 polega\u0142y g\u0142\u00f3wnie na pracy fizycznej.<\/span><\/li>\n<li><span data-contrast=\"auto\">Przy zapisach NIE DECYDUJE kolejno\u015b\u0107 zg\u0142osze\u0144.<\/span><span data-ccp-props=\"{&quot;335551550&quot;:6,&quot;335551620&quot;:6}\">\u00a0<\/span><\/li>\n<\/ul>\n<p>&nbsp;<\/p>\n<p><span data-ccp-props=\"{&quot;335551550&quot;:6,&quot;335551620&quot;:6}\">\u00a0<\/span><\/p>","protected":false},"excerpt":{"rendered":"<p>Warsztaty po\u015bwi\u0119cone historycznym konstrukcjom drewnianym skierowane s\u0105 wy\u0142\u0105cznie do aktywnych cie\u015bli. Praca b\u0119dzie odbywa\u0142a si\u0119 cz\u0119\u015bciowo w terenie. Program zjazd\u00f3w Link do rejestracji Udzia\u0142 w warsztatach jest nieodp\u0142atny. Organizatorzy zapewniaj\u0105 [&hellip;]<\/p>","protected":false},"author":15,"featured_media":25500,"template":"","meta":{"_et_pb_use_builder":"","_et_pb_old_content":"","_et_gb_content_width":"","_monsterinsights_skip_tracking":false,"_monsterinsights_sitenote_active":false,"_monsterinsights_sitenote_note":"","_monsterinsights_sitenote_category":0,"_tribe_events_status":"","_tribe_events_status_reason":"","footnotes":""},"tags":[142,141],"tribe_events_cat":[108],"class_list":["post-25479","tribe_events","type-tribe_events","status-publish","has-post-thumbnail","hentry","tag-centrumarchitekturydrewnianej","tag-szkolaciesielskanid","tribe_events_cat-warsztaty","cat_warsztaty"],"yoast_head":"<!-- This site is optimized with the Yoast SEO plugin v26.5 - https:\/\/yoast.com\/wordpress\/plugins\/seo\/ -->\n<title>II zjazd Szko\u0142y Ciesielskiej NID - Pog\u00f3rze Izerskie \u2013 Grabiszyce Dolne - NID<\/title>\n<meta name=\"robots\" content=\"index, follow, max-snippet:-1, max-image-preview:large, max-video-preview:-1\" \/>\n<link rel=\"canonical\" href=\"https:\/\/nid.pl\/en\/wydarzenie\/ii-zjazd-szkoly-ciesielskiej-nid-pogorze-izerskie-grabiszyce-dolne\/\" \/>\n<meta property=\"og:locale\" content=\"en_GB\" \/>\n<meta property=\"og:type\" content=\"article\" \/>\n<meta property=\"og:title\" content=\"II zjazd Szko\u0142y Ciesielskiej NID - Pog\u00f3rze Izerskie \u2013 Grabiszyce Dolne - NID\" \/>\n<meta property=\"og:description\" content=\"Warsztaty po\u015bwi\u0119cone historycznym konstrukcjom drewnianym skierowane s\u0105 wy\u0142\u0105cznie do aktywnych cie\u015bli. Praca b\u0119dzie odbywa\u0142a si\u0119 cz\u0119\u015bciowo w terenie. Program zjazd\u00f3w Link do rejestracji Udzia\u0142 w warsztatach jest nieodp\u0142atny. Organizatorzy zapewniaj\u0105 [&hellip;]\" \/>\n<meta property=\"og:url\" content=\"https:\/\/nid.pl\/en\/wydarzenie\/ii-zjazd-szkoly-ciesielskiej-nid-pogorze-izerskie-grabiszyce-dolne\/\" \/>\n<meta property=\"og:site_name\" content=\"NID\" \/>\n<meta property=\"article:publisher\" content=\"https:\/\/www.facebook.com\/zabytek\" \/>\n<meta property=\"article:modified_time\" content=\"2025-06-03T09:13:24+00:00\" \/>\n<meta property=\"og:image\" content=\"https:\/\/nid.pl\/wp-content\/uploads\/2025\/02\/szkoly-ciesielskie-2025-miniatura-980x653-1.png\" \/>\n\t<meta property=\"og:image:width\" content=\"980\" \/>\n\t<meta property=\"og:image:height\" content=\"653\" \/>\n\t<meta property=\"og:image:type\" content=\"image\/png\" \/>\n<meta name=\"twitter:card\" content=\"summary_large_image\" \/>\n<meta name=\"twitter:site\" content=\"@NarIDpl\" \/>\n<meta name=\"twitter:label1\" content=\"Estimated reading time\" \/>\n\t<meta name=\"twitter:data1\" content=\"1 minute\" \/>\n<script type=\"application\/ld+json\" class=\"yoast-schema-graph\">{\"@context\":\"https:\/\/schema.org\",\"@graph\":[{\"@type\":\"WebPage\",\"@id\":\"https:\/\/nid.pl\/wydarzenie\/ii-zjazd-szkoly-ciesielskiej-nid-pogorze-izerskie-grabiszyce-dolne\/\",\"url\":\"https:\/\/nid.pl\/wydarzenie\/ii-zjazd-szkoly-ciesielskiej-nid-pogorze-izerskie-grabiszyce-dolne\/\",\"name\":\"II zjazd Szko\u0142y Ciesielskiej NID - Pog\u00f3rze Izerskie \u2013 Grabiszyce Dolne - NID\",\"isPartOf\":{\"@id\":\"https:\/\/nid.pl\/#website\"},\"primaryImageOfPage\":{\"@id\":\"https:\/\/nid.pl\/wydarzenie\/ii-zjazd-szkoly-ciesielskiej-nid-pogorze-izerskie-grabiszyce-dolne\/#primaryimage\"},\"image\":{\"@id\":\"https:\/\/nid.pl\/wydarzenie\/ii-zjazd-szkoly-ciesielskiej-nid-pogorze-izerskie-grabiszyce-dolne\/#primaryimage\"},\"thumbnailUrl\":\"https:\/\/nid.pl\/wp-content\/uploads\/2025\/02\/szkoly-ciesielskie-2025-miniatura-980x653-1.png\",\"datePublished\":\"2025-02-12T16:25:47+00:00\",\"dateModified\":\"2025-06-03T09:13:24+00:00\",\"breadcrumb\":{\"@id\":\"https:\/\/nid.pl\/wydarzenie\/ii-zjazd-szkoly-ciesielskiej-nid-pogorze-izerskie-grabiszyce-dolne\/#breadcrumb\"},\"inLanguage\":\"en-GB\",\"potentialAction\":[{\"@type\":\"ReadAction\",\"target\":[\"https:\/\/nid.pl\/wydarzenie\/ii-zjazd-szkoly-ciesielskiej-nid-pogorze-izerskie-grabiszyce-dolne\/\"]}]},{\"@type\":\"ImageObject\",\"inLanguage\":\"en-GB\",\"@id\":\"https:\/\/nid.pl\/wydarzenie\/ii-zjazd-szkoly-ciesielskiej-nid-pogorze-izerskie-grabiszyce-dolne\/#primaryimage\",\"url\":\"https:\/\/nid.pl\/wp-content\/uploads\/2025\/02\/szkoly-ciesielskie-2025-miniatura-980x653-1.png\",\"contentUrl\":\"https:\/\/nid.pl\/wp-content\/uploads\/2025\/02\/szkoly-ciesielskie-2025-miniatura-980x653-1.png\",\"width\":980,\"height\":653,\"caption\":\"ok\u0142adka z napisem Szko\u0142y ciesielskie\"},{\"@type\":\"BreadcrumbList\",\"@id\":\"https:\/\/nid.pl\/wydarzenie\/ii-zjazd-szkoly-ciesielskiej-nid-pogorze-izerskie-grabiszyce-dolne\/#breadcrumb\",\"itemListElement\":[{\"@type\":\"ListItem\",\"position\":1,\"name\":\"Home\",\"item\":\"https:\/\/nid.pl\/\"},{\"@type\":\"ListItem\",\"position\":2,\"name\":\"Wydarzenia\",\"item\":\"https:\/\/nid.pl\/wydarzenia\/\"},{\"@type\":\"ListItem\",\"position\":3,\"name\":\"II zjazd Szko\u0142y Ciesielskiej NID &#8211; Pog\u00f3rze Izerskie \u2013 Grabiszyce Dolne\"}]},{\"@type\":\"WebSite\",\"@id\":\"https:\/\/nid.pl\/#website\",\"url\":\"https:\/\/nid.pl\/\",\"name\":\"NID\",\"description\":\"Narodowy Instytut Dziedzictwa\",\"publisher\":{\"@id\":\"https:\/\/nid.pl\/#organization\"},\"potentialAction\":[{\"@type\":\"SearchAction\",\"target\":{\"@type\":\"EntryPoint\",\"urlTemplate\":\"https:\/\/nid.pl\/?s={search_term_string}\"},\"query-input\":{\"@type\":\"PropertyValueSpecification\",\"valueRequired\":true,\"valueName\":\"search_term_string\"}}],\"inLanguage\":\"en-GB\"},{\"@type\":\"Organization\",\"@id\":\"https:\/\/nid.pl\/#organization\",\"name\":\"Narodowy Instytut Dziedzictwa\",\"url\":\"https:\/\/nid.pl\/\",\"logo\":{\"@type\":\"ImageObject\",\"inLanguage\":\"en-GB\",\"@id\":\"https:\/\/nid.pl\/#\/schema\/logo\/image\/\",\"url\":\"https:\/\/nid.pl\/wp-content\/uploads\/2022\/10\/logoRedDark.png\",\"contentUrl\":\"https:\/\/nid.pl\/wp-content\/uploads\/2022\/10\/logoRedDark.png\",\"width\":200,\"height\":197,\"caption\":\"Narodowy Instytut Dziedzictwa\"},\"image\":{\"@id\":\"https:\/\/nid.pl\/#\/schema\/logo\/image\/\"},\"sameAs\":[\"https:\/\/www.facebook.com\/zabytek\",\"https:\/\/x.com\/NarIDpl\",\"https:\/\/www.instagram.com\/nid.pl\/?hl=pl\",\"https:\/\/www.linkedin.com\/company\/narodowy-instytut-dziedzictwa\",\"https:\/\/www.youtube.com\/channel\/UCQXuhKa2uHtmNvLRUSx40JA\"]}]}<\/script>\n<!-- \/ Yoast SEO plugin. -->","yoast_head_json":{"title":"II zjazd Szko\u0142y Ciesielskiej NID - Pog\u00f3rze Izerskie \u2013 Grabiszyce Dolne - NID","robots":{"index":"index","follow":"follow","max-snippet":"max-snippet:-1","max-image-preview":"max-image-preview:large","max-video-preview":"max-video-preview:-1"},"canonical":"https:\/\/nid.pl\/en\/wydarzenie\/ii-zjazd-szkoly-ciesielskiej-nid-pogorze-izerskie-grabiszyce-dolne\/","og_locale":"en_GB","og_type":"article","og_title":"II zjazd Szko\u0142y Ciesielskiej NID - Pog\u00f3rze Izerskie \u2013 Grabiszyce Dolne - NID","og_description":"Warsztaty po\u015bwi\u0119cone historycznym konstrukcjom drewnianym skierowane s\u0105 wy\u0142\u0105cznie do aktywnych cie\u015bli. Praca b\u0119dzie odbywa\u0142a si\u0119 cz\u0119\u015bciowo w terenie. Program zjazd\u00f3w Link do rejestracji Udzia\u0142 w warsztatach jest nieodp\u0142atny. Organizatorzy zapewniaj\u0105 [&hellip;]","og_url":"https:\/\/nid.pl\/en\/wydarzenie\/ii-zjazd-szkoly-ciesielskiej-nid-pogorze-izerskie-grabiszyce-dolne\/","og_site_name":"NID","article_publisher":"https:\/\/www.facebook.com\/zabytek","article_modified_time":"2025-06-03T09:13:24+00:00","og_image":[{"width":980,"height":653,"url":"https:\/\/nid.pl\/wp-content\/uploads\/2025\/02\/szkoly-ciesielskie-2025-miniatura-980x653-1.png","type":"image\/png"}],"twitter_card":"summary_large_image","twitter_site":"@NarIDpl","twitter_misc":{"Estimated reading time":"1 minute"},"schema":{"@context":"https:\/\/schema.org","@graph":[{"@type":"WebPage","@id":"https:\/\/nid.pl\/wydarzenie\/ii-zjazd-szkoly-ciesielskiej-nid-pogorze-izerskie-grabiszyce-dolne\/","url":"https:\/\/nid.pl\/wydarzenie\/ii-zjazd-szkoly-ciesielskiej-nid-pogorze-izerskie-grabiszyce-dolne\/","name":"II zjazd Szko\u0142y Ciesielskiej NID - Pog\u00f3rze Izerskie \u2013 Grabiszyce Dolne - NID","isPartOf":{"@id":"https:\/\/nid.pl\/#website"},"primaryImageOfPage":{"@id":"https:\/\/nid.pl\/wydarzenie\/ii-zjazd-szkoly-ciesielskiej-nid-pogorze-izerskie-grabiszyce-dolne\/#primaryimage"},"image":{"@id":"https:\/\/nid.pl\/wydarzenie\/ii-zjazd-szkoly-ciesielskiej-nid-pogorze-izerskie-grabiszyce-dolne\/#primaryimage"},"thumbnailUrl":"https:\/\/nid.pl\/wp-content\/uploads\/2025\/02\/szkoly-ciesielskie-2025-miniatura-980x653-1.png","datePublished":"2025-02-12T16:25:47+00:00","dateModified":"2025-06-03T09:13:24+00:00","breadcrumb":{"@id":"https:\/\/nid.pl\/wydarzenie\/ii-zjazd-szkoly-ciesielskiej-nid-pogorze-izerskie-grabiszyce-dolne\/#breadcrumb"},"inLanguage":"en-GB","potentialAction":[{"@type":"ReadAction","target":["https:\/\/nid.pl\/wydarzenie\/ii-zjazd-szkoly-ciesielskiej-nid-pogorze-izerskie-grabiszyce-dolne\/"]}]},{"@type":"ImageObject","inLanguage":"en-GB","@id":"https:\/\/nid.pl\/wydarzenie\/ii-zjazd-szkoly-ciesielskiej-nid-pogorze-izerskie-grabiszyce-dolne\/#primaryimage","url":"https:\/\/nid.pl\/wp-content\/uploads\/2025\/02\/szkoly-ciesielskie-2025-miniatura-980x653-1.png","contentUrl":"https:\/\/nid.pl\/wp-content\/uploads\/2025\/02\/szkoly-ciesielskie-2025-miniatura-980x653-1.png","width":980,"height":653,"caption":"ok\u0142adka z napisem Szko\u0142y ciesielskie"},{"@type":"BreadcrumbList","@id":"https:\/\/nid.pl\/wydarzenie\/ii-zjazd-szkoly-ciesielskiej-nid-pogorze-izerskie-grabiszyce-dolne\/#breadcrumb","itemListElement":[{"@type":"ListItem","position":1,"name":"Home","item":"https:\/\/nid.pl\/"},{"@type":"ListItem","position":2,"name":"Wydarzenia","item":"https:\/\/nid.pl\/wydarzenia\/"},{"@type":"ListItem","position":3,"name":"II zjazd Szko\u0142y Ciesielskiej NID &#8211; Pog\u00f3rze Izerskie \u2013 Grabiszyce Dolne"}]},{"@type":"WebSite","@id":"https:\/\/nid.pl\/#website","url":"https:\/\/nid.pl\/","name":"NID","description":"Narodowy Instytut Dziedzictwa","publisher":{"@id":"https:\/\/nid.pl\/#organization"},"potentialAction":[{"@type":"SearchAction","target":{"@type":"EntryPoint","urlTemplate":"https:\/\/nid.pl\/?s={search_term_string}"},"query-input":{"@type":"PropertyValueSpecification","valueRequired":true,"valueName":"search_term_string"}}],"inLanguage":"en-GB"},{"@type":"Organization","@id":"https:\/\/nid.pl\/#organization","name":"Narodowy Instytut Dziedzictwa","url":"https:\/\/nid.pl\/","logo":{"@type":"ImageObject","inLanguage":"en-GB","@id":"https:\/\/nid.pl\/#\/schema\/logo\/image\/","url":"https:\/\/nid.pl\/wp-content\/uploads\/2022\/10\/logoRedDark.png","contentUrl":"https:\/\/nid.pl\/wp-content\/uploads\/2022\/10\/logoRedDark.png","width":200,"height":197,"caption":"Narodowy Instytut Dziedzictwa"},"image":{"@id":"https:\/\/nid.pl\/#\/schema\/logo\/image\/"},"sameAs":["https:\/\/www.facebook.com\/zabytek","https:\/\/x.com\/NarIDpl","https:\/\/www.instagram.com\/nid.pl\/?hl=pl","https:\/\/www.linkedin.com\/company\/narodowy-instytut-dziedzictwa","https:\/\/www.youtube.com\/channel\/UCQXuhKa2uHtmNvLRUSx40JA"]}]}},"_links":{"self":[{"href":"https:\/\/nid.pl\/en\/wp-json\/wp\/v2\/tribe_events\/25479","targetHints":{"allow":["GET"]}}],"collection":[{"href":"https:\/\/nid.pl\/en\/wp-json\/wp\/v2\/tribe_events"}],"about":[{"href":"https:\/\/nid.pl\/en\/wp-json\/wp\/v2\/types\/tribe_events"}],"author":[{"embeddable":true,"href":"https:\/\/nid.pl\/en\/wp-json\/wp\/v2\/users\/15"}],"version-history":[{"count":0,"href":"https:\/\/nid.pl\/en\/wp-json\/wp\/v2\/tribe_events\/25479\/revisions"}],"wp:featuredmedia":[{"embeddable":true,"href":"https:\/\/nid.pl\/en\/wp-json\/wp\/v2\/media\/25500"}],"wp:attachment":[{"href":"https:\/\/nid.pl\/en\/wp-json\/wp\/v2\/media?parent=25479"}],"wp:term":[{"taxonomy":"post_tag","embeddable":true,"href":"https:\/\/nid.pl\/en\/wp-json\/wp\/v2\/tags?post=25479"},{"taxonomy":"tribe_events_cat","embeddable":true,"href":"https:\/\/nid.pl\/en\/wp-json\/wp\/v2\/tribe_events_cat?post=25479"}],"curies":[{"name":"wp","href":"https:\/\/api.w.org\/{rel}","templated":true}]}}