{"id":23824,"date":"2024-11-14T15:55:39","date_gmt":"2024-11-14T14:55:39","guid":{"rendered":"https:\/\/nid.pl\/?post_type=tribe_events&#038;p=23824"},"modified":"2025-01-09T11:37:05","modified_gmt":"2025-01-09T10:37:05","slug":"wyklad-online-object-id-standard-uniwersalny-miedzynarodowy-system-opisu-kolekcji","status":"publish","type":"tribe_events","link":"https:\/\/nid.pl\/en\/wydarzenie\/wyklad-online-object-id-standard-uniwersalny-miedzynarodowy-system-opisu-kolekcji\/","title":{"rendered":"Wyk\u0142ad online \u201eObject ID Standard \u2013 uniwersalny, mi\u0119dzynarodowy system opisu kolekcji\u201d"},"content":{"rendered":"<p><b><span data-contrast=\"none\">Zapraszamy na kolejny wyk\u0142ad online z cyklu \u201eObr\u00f3t dobrami kultury. Aspekty prawne, administracyjne i celne\u201d, kt\u00f3ry odb\u0119dzie si\u0119 21 listopada o godz. 14.00. Podczas spotkania\u00a0Marcin Sabaci\u0144ski, ekspert Narodowego Instytutu Dziedzictwa zaprezentuje Object ID Standard, czyli bezkosztowy system samodzielnego katalogowania antyk\u00f3w i dzie\u0142 sztuki opracowany przez Getty Research Institute. <\/span><\/b><span data-ccp-props=\"{&quot;134233117&quot;:false,&quot;134233118&quot;:false,&quot;335557856&quot;:16777215,&quot;335559738&quot;:0,&quot;335559739&quot;:0}\">\u00a0<\/span><\/p>\n<p><span data-contrast=\"none\">System Object ID Standard polecany jest m. in. przez ICOM, ICOMOS i Interpol.<\/span><span data-ccp-props=\"{&quot;134233117&quot;:false,&quot;134233118&quot;:false,&quot;335557856&quot;:16777215,&quot;335559738&quot;:0,&quot;335559739&quot;:0}\">\u00a0<\/span><span data-contrast=\"none\">Pozwala stworzy\u0107 opis kolekcji na w\u0142asny u\u017cytek i stanowi doskona\u0142e narz\u0119dzie do zinwentaryzowania posiadanych dzie\u0142 sztuki czy innych przedmiot\u00f3w kolekcjonerskich. Mo\u017ce te\u017c stanowi\u0107 zabezpieczenie na wypadek kradzie\u017cy lub zniszczenia w wyniku nieszcz\u0119\u015bliwego wypadku, takiego jak po\u017car czy katastrofa naturalna. Dok\u0142adna inwentaryzacja jest nieodzowna jako materia\u0142 dowodowy w \u015bledztwie czy jako dokumentacja dla ubezpieczyciela. Wyk\u0142ad b\u0119dzie okazj\u0105 do obalenia szkodliwych mit\u00f3w, kt\u00f3re nagromadzi\u0142y si\u0119 wok\u00f3\u0142 tego narz\u0119dzia.<\/span><span data-ccp-props=\"{&quot;134233117&quot;:false,&quot;134233118&quot;:false,&quot;335557856&quot;:16777215,&quot;335559738&quot;:0,&quot;335559739&quot;:0}\">\u00a0<\/span><\/p>\n<p><span data-contrast=\"none\">Po wyk\u0142adzie przewidziano czas na zadawanie pyta\u0144.<\/span><span data-ccp-props=\"{&quot;134233117&quot;:false,&quot;134233118&quot;:false,&quot;335557856&quot;:16777215,&quot;335559738&quot;:0,&quot;335559739&quot;:0}\">\u00a0<\/span><\/p>\n<p><b><span data-contrast=\"none\">Termin:<\/span><\/b><span data-contrast=\"none\"> 21 listopada 2024 r., godz. 14:00<\/span><br \/>\n<b><span data-contrast=\"none\">Prelegent: <\/span><\/b><span data-contrast=\"none\">Marcin Sabaci\u0144ski, Narodowy Instytut Dziedzictwa<\/span><br \/>\n<b><span data-contrast=\"none\">Temat:<\/span><\/b><span data-contrast=\"none\"> \u201eObject ID Standard \u2013 uniwersalny, mi\u0119dzynarodowy system opisu kolekcji\u201d<\/span><span data-ccp-props=\"{&quot;134233117&quot;:false,&quot;134233118&quot;:false,&quot;335557856&quot;:16777215,&quot;335559738&quot;:0,&quot;335559739&quot;:0}\">\u00a0<\/span><\/p>\n<p><span data-contrast=\"none\">Wyk\u0142ad odb\u0119dzie si\u0119 na platformie Teams. <\/span><br \/>\n<span data-ccp-props=\"{&quot;134233117&quot;:false,&quot;134233118&quot;:false,&quot;335557856&quot;:16777215,&quot;335559738&quot;:0,&quot;335559739&quot;:0}\">\u00a0<\/span><b><span data-contrast=\"none\">Link do rejestracji: <\/span><\/b><a href=\"https:\/\/events.teams.microsoft.com\/event\/b743c8c0-7a2f-46f8-baa8-cf2295be04e1@263a2be6-39c0-4c4d-9b57-59437c69146e\"><b><span data-contrast=\"none\">tutaj<\/span><\/b><\/a><span data-ccp-props=\"{&quot;134233117&quot;:false,&quot;134233118&quot;:false,&quot;335557856&quot;:16777215,&quot;335559738&quot;:0,&quot;335559739&quot;:0}\">\u00a0<\/span><\/p>\n<p><span data-ccp-props=\"{&quot;134233117&quot;:false,&quot;134233118&quot;:false,&quot;335557856&quot;:16777215,&quot;335559738&quot;:0,&quot;335559739&quot;:0}\">\u00a0<\/span><span data-contrast=\"none\">Wyk\u0142ad skierowany jest do uczestnik\u00f3w rynku sztuki, w tym:<\/span><span data-ccp-props=\"{&quot;134233117&quot;:false,&quot;134233118&quot;:false,&quot;335557856&quot;:16777215,&quot;335559738&quot;:0,&quot;335559739&quot;:0}\">\u00a0<\/span><\/p>\n<ul>\n<li><span data-contrast=\"none\">antykwariuszy,\u00a0<\/span><\/li>\n<li><span data-contrast=\"none\">numizmatyk\u00f3w,\u00a0<\/span><\/li>\n<li><span data-contrast=\"none\">kolekcjoner\u00f3w,\u00a0<\/span><\/li>\n<li><span data-contrast=\"none\">art advisor\u00f3w,\u00a0<\/span><\/li>\n<li><span data-contrast=\"none\">inspektor\u00f3w ochrony zabytk\u00f3w zatrudnionych w Wojew\u00f3dzkich Urz\u0119dach Ochrony oraz wszystkich os\u00f3b zainteresowanych tematem obrotu dzie\u0142ami sztuki i zabytkowymi przedmiotami.\u00a0<\/span><span data-ccp-props=\"{&quot;134233117&quot;:false,&quot;134233118&quot;:false,&quot;201341983&quot;:0,&quot;335557856&quot;:16777215,&quot;335559738&quot;:0,&quot;335559739&quot;:0,&quot;335559740&quot;:390}\">\u00a0<\/span><\/li>\n<\/ul>\n<p><span data-contrast=\"none\">Cykl wyk\u0142ad\u00f3w online <\/span><a href=\"https:\/\/nid.pl\/en\/2024\/04\/04\/cykl-wykladow-online-rynek-sztuki-2024\/\"><span data-contrast=\"none\">\u201eObr\u00f3t dobrami kultury. Aspekty prawne, administracyjne i celne\u201d<\/span><\/a><span data-contrast=\"none\"> po\u015bwi\u0119cony jest prawnym oraz praktycznym aspektom importu i eksportu dzie\u0142 sztuki i zabytk\u00f3w. Do tej pory odby\u0142y si\u0119 trzy spotkania, kt\u00f3rych nagrania mo\u017cna obejrze\u0107 na naszym kanale <\/span><a href=\"https:\/\/www.youtube.com\/watch?v=eKoSFTEba7M&amp;list=PL9WzZUVLsKgMDV4Ar3kscqY7Z6sIqpYSP\" target=\"_blank\" rel=\"noopener\"><span data-contrast=\"none\">YouTube TV NID.<\/span><\/a><span data-ccp-props=\"{&quot;134233117&quot;:false,&quot;134233118&quot;:false,&quot;335557856&quot;:16777215,&quot;335559738&quot;:0,&quot;335559739&quot;:0}\">\u00a0<\/span><\/p>\n<p><b><span data-contrast=\"auto\">Marcin Sabaci\u0144ski<\/span><\/b><span data-contrast=\"auto\"> &#8211; archeolog, pracownik Zespo\u0142u Zadaniowego ds. Bezpiecze\u0144stwa Dziedzictwa Narodowego Instytutu Dziedzictwa. Od 2007 roku jest odpowiedzialny za wsparcie merytoryczne s\u0142u\u017cb celnych, Stra\u017cy Granicznej i Policji w sprawach zwalczania i zapobiegania przest\u0119pczo\u015bci przeciwko zabytkom. Specjalista z zakresu identyfikowania i przeciwdzia\u0142ania zagro\u017ceniom dla d\u00f3br kultury. Wyk\u0142ada\u0142 na Uniwersytecie Warszawskim oraz w Akademii Marynarki Wojennej w Gdyni. Autor kilkudziesi\u0119ciu publikacji z zakresu ochrony zabytk\u00f3w, cz\u0142onek rady redakcyjnej kwartalnika \u201eCenne Bezcenne Utracone\u201d. Stypendysta Ministra Kultury i Dziedzictwa Narodowego oraz Prezydenta m.st. Warszawy.<\/span><span data-ccp-props=\"{&quot;134233117&quot;:false,&quot;134233118&quot;:false,&quot;335557856&quot;:16777215,&quot;335559738&quot;:0,&quot;335559739&quot;:0}\">\u00a0<\/span><\/p>","protected":false},"excerpt":{"rendered":"<p>Zapraszamy na kolejny wyk\u0142ad online z cyklu \u201eObr\u00f3t dobrami kultury. Aspekty prawne, administracyjne i celne\u201d, kt\u00f3ry odb\u0119dzie si\u0119 21 listopada o godz. 14.00. Podczas spotkania\u00a0Marcin Sabaci\u0144ski, ekspert Narodowego Instytutu Dziedzictwa [&hellip;]<\/p>","protected":false},"author":15,"featured_media":23812,"template":"","meta":{"_et_pb_use_builder":"","_et_pb_old_content":"","_et_gb_content_width":"","_monsterinsights_skip_tracking":false,"_monsterinsights_sitenote_active":false,"_monsterinsights_sitenote_note":"","_monsterinsights_sitenote_category":0,"_tribe_events_status":"","_tribe_events_status_reason":"","footnotes":""},"tags":[],"tribe_events_cat":[95],"class_list":["post-23824","tribe_events","type-tribe_events","status-publish","has-post-thumbnail","hentry","tribe_events_cat-webinaria","cat_webinaria"],"yoast_head":"<!-- This site is optimized with the Yoast SEO plugin v26.5 - https:\/\/yoast.com\/wordpress\/plugins\/seo\/ -->\n<title>Wyk\u0142ad online \u201eObject ID Standard \u2013 uniwersalny, mi\u0119dzynarodowy system opisu kolekcji\u201d - NID<\/title>\n<meta name=\"robots\" content=\"index, follow, max-snippet:-1, max-image-preview:large, max-video-preview:-1\" \/>\n<link rel=\"canonical\" href=\"https:\/\/nid.pl\/en\/wydarzenie\/wyklad-online-object-id-standard-uniwersalny-miedzynarodowy-system-opisu-kolekcji\/\" \/>\n<meta property=\"og:locale\" content=\"en_GB\" \/>\n<meta property=\"og:type\" content=\"article\" \/>\n<meta property=\"og:title\" content=\"Wyk\u0142ad online \u201eObject ID Standard \u2013 uniwersalny, mi\u0119dzynarodowy system opisu kolekcji\u201d - NID\" \/>\n<meta property=\"og:description\" content=\"Zapraszamy na kolejny wyk\u0142ad online z cyklu \u201eObr\u00f3t dobrami kultury. Aspekty prawne, administracyjne i celne\u201d, kt\u00f3ry odb\u0119dzie si\u0119 21 listopada o godz. 14.00. Podczas spotkania\u00a0Marcin Sabaci\u0144ski, ekspert Narodowego Instytutu Dziedzictwa [&hellip;]\" \/>\n<meta property=\"og:url\" content=\"https:\/\/nid.pl\/en\/wydarzenie\/wyklad-online-object-id-standard-uniwersalny-miedzynarodowy-system-opisu-kolekcji\/\" \/>\n<meta property=\"og:site_name\" content=\"NID\" \/>\n<meta property=\"article:publisher\" content=\"https:\/\/www.facebook.com\/zabytek\" \/>\n<meta property=\"article:modified_time\" content=\"2025-01-09T10:37:05+00:00\" \/>\n<meta property=\"og:image\" content=\"https:\/\/nid.pl\/wp-content\/uploads\/2024\/11\/Obrot-dobrami-kultury.-wyklad-4-miniatura-www.jpg\" \/>\n\t<meta property=\"og:image:width\" content=\"1857\" \/>\n\t<meta property=\"og:image:height\" content=\"1238\" \/>\n\t<meta property=\"og:image:type\" content=\"image\/jpeg\" \/>\n<meta name=\"twitter:card\" content=\"summary_large_image\" \/>\n<meta name=\"twitter:site\" content=\"@NarIDpl\" \/>\n<meta name=\"twitter:label1\" content=\"Estimated reading time\" \/>\n\t<meta name=\"twitter:data1\" content=\"3 minutes\" \/>\n<script type=\"application\/ld+json\" class=\"yoast-schema-graph\">{\"@context\":\"https:\/\/schema.org\",\"@graph\":[{\"@type\":\"WebPage\",\"@id\":\"https:\/\/nid.pl\/wydarzenie\/wyklad-online-object-id-standard-uniwersalny-miedzynarodowy-system-opisu-kolekcji\/\",\"url\":\"https:\/\/nid.pl\/wydarzenie\/wyklad-online-object-id-standard-uniwersalny-miedzynarodowy-system-opisu-kolekcji\/\",\"name\":\"Wyk\u0142ad online \u201eObject ID Standard \u2013 uniwersalny, mi\u0119dzynarodowy system opisu kolekcji\u201d - NID\",\"isPartOf\":{\"@id\":\"https:\/\/nid.pl\/#website\"},\"primaryImageOfPage\":{\"@id\":\"https:\/\/nid.pl\/wydarzenie\/wyklad-online-object-id-standard-uniwersalny-miedzynarodowy-system-opisu-kolekcji\/#primaryimage\"},\"image\":{\"@id\":\"https:\/\/nid.pl\/wydarzenie\/wyklad-online-object-id-standard-uniwersalny-miedzynarodowy-system-opisu-kolekcji\/#primaryimage\"},\"thumbnailUrl\":\"https:\/\/nid.pl\/wp-content\/uploads\/2024\/11\/Obrot-dobrami-kultury.-wyklad-4-miniatura-www.jpg\",\"datePublished\":\"2024-11-14T14:55:39+00:00\",\"dateModified\":\"2025-01-09T10:37:05+00:00\",\"breadcrumb\":{\"@id\":\"https:\/\/nid.pl\/wydarzenie\/wyklad-online-object-id-standard-uniwersalny-miedzynarodowy-system-opisu-kolekcji\/#breadcrumb\"},\"inLanguage\":\"en-GB\",\"potentialAction\":[{\"@type\":\"ReadAction\",\"target\":[\"https:\/\/nid.pl\/wydarzenie\/wyklad-online-object-id-standard-uniwersalny-miedzynarodowy-system-opisu-kolekcji\/\"]}]},{\"@type\":\"ImageObject\",\"inLanguage\":\"en-GB\",\"@id\":\"https:\/\/nid.pl\/wydarzenie\/wyklad-online-object-id-standard-uniwersalny-miedzynarodowy-system-opisu-kolekcji\/#primaryimage\",\"url\":\"https:\/\/nid.pl\/wp-content\/uploads\/2024\/11\/Obrot-dobrami-kultury.-wyklad-4-miniatura-www.jpg\",\"contentUrl\":\"https:\/\/nid.pl\/wp-content\/uploads\/2024\/11\/Obrot-dobrami-kultury.-wyklad-4-miniatura-www.jpg\",\"width\":1857,\"height\":1238,\"caption\":\"Obr\u00f3t dobrami kultury. wyklad 4 miniatura www\"},{\"@type\":\"BreadcrumbList\",\"@id\":\"https:\/\/nid.pl\/wydarzenie\/wyklad-online-object-id-standard-uniwersalny-miedzynarodowy-system-opisu-kolekcji\/#breadcrumb\",\"itemListElement\":[{\"@type\":\"ListItem\",\"position\":1,\"name\":\"Home\",\"item\":\"https:\/\/nid.pl\/\"},{\"@type\":\"ListItem\",\"position\":2,\"name\":\"Wydarzenia\",\"item\":\"https:\/\/nid.pl\/wydarzenia\/\"},{\"@type\":\"ListItem\",\"position\":3,\"name\":\"Wyk\u0142ad online \u201eObject ID Standard \u2013 uniwersalny, mi\u0119dzynarodowy system opisu kolekcji\u201d\"}]},{\"@type\":\"WebSite\",\"@id\":\"https:\/\/nid.pl\/#website\",\"url\":\"https:\/\/nid.pl\/\",\"name\":\"NID\",\"description\":\"Narodowy Instytut Dziedzictwa\",\"publisher\":{\"@id\":\"https:\/\/nid.pl\/#organization\"},\"potentialAction\":[{\"@type\":\"SearchAction\",\"target\":{\"@type\":\"EntryPoint\",\"urlTemplate\":\"https:\/\/nid.pl\/?s={search_term_string}\"},\"query-input\":{\"@type\":\"PropertyValueSpecification\",\"valueRequired\":true,\"valueName\":\"search_term_string\"}}],\"inLanguage\":\"en-GB\"},{\"@type\":\"Organization\",\"@id\":\"https:\/\/nid.pl\/#organization\",\"name\":\"Narodowy Instytut Dziedzictwa\",\"url\":\"https:\/\/nid.pl\/\",\"logo\":{\"@type\":\"ImageObject\",\"inLanguage\":\"en-GB\",\"@id\":\"https:\/\/nid.pl\/#\/schema\/logo\/image\/\",\"url\":\"https:\/\/nid.pl\/wp-content\/uploads\/2022\/10\/logoRedDark.png\",\"contentUrl\":\"https:\/\/nid.pl\/wp-content\/uploads\/2022\/10\/logoRedDark.png\",\"width\":200,\"height\":197,\"caption\":\"Narodowy Instytut Dziedzictwa\"},\"image\":{\"@id\":\"https:\/\/nid.pl\/#\/schema\/logo\/image\/\"},\"sameAs\":[\"https:\/\/www.facebook.com\/zabytek\",\"https:\/\/x.com\/NarIDpl\",\"https:\/\/www.instagram.com\/nid.pl\/?hl=pl\",\"https:\/\/www.linkedin.com\/company\/narodowy-instytut-dziedzictwa\",\"https:\/\/www.youtube.com\/channel\/UCQXuhKa2uHtmNvLRUSx40JA\"]}]}<\/script>\n<!-- \/ Yoast SEO plugin. -->","yoast_head_json":{"title":"Wyk\u0142ad online \u201eObject ID Standard \u2013 uniwersalny, mi\u0119dzynarodowy system opisu kolekcji\u201d - NID","robots":{"index":"index","follow":"follow","max-snippet":"max-snippet:-1","max-image-preview":"max-image-preview:large","max-video-preview":"max-video-preview:-1"},"canonical":"https:\/\/nid.pl\/en\/wydarzenie\/wyklad-online-object-id-standard-uniwersalny-miedzynarodowy-system-opisu-kolekcji\/","og_locale":"en_GB","og_type":"article","og_title":"Wyk\u0142ad online \u201eObject ID Standard \u2013 uniwersalny, mi\u0119dzynarodowy system opisu kolekcji\u201d - NID","og_description":"Zapraszamy na kolejny wyk\u0142ad online z cyklu \u201eObr\u00f3t dobrami kultury. Aspekty prawne, administracyjne i celne\u201d, kt\u00f3ry odb\u0119dzie si\u0119 21 listopada o godz. 14.00. Podczas spotkania\u00a0Marcin Sabaci\u0144ski, ekspert Narodowego Instytutu Dziedzictwa [&hellip;]","og_url":"https:\/\/nid.pl\/en\/wydarzenie\/wyklad-online-object-id-standard-uniwersalny-miedzynarodowy-system-opisu-kolekcji\/","og_site_name":"NID","article_publisher":"https:\/\/www.facebook.com\/zabytek","article_modified_time":"2025-01-09T10:37:05+00:00","og_image":[{"width":1857,"height":1238,"url":"https:\/\/nid.pl\/wp-content\/uploads\/2024\/11\/Obrot-dobrami-kultury.-wyklad-4-miniatura-www.jpg","type":"image\/jpeg"}],"twitter_card":"summary_large_image","twitter_site":"@NarIDpl","twitter_misc":{"Estimated reading time":"3 minutes"},"schema":{"@context":"https:\/\/schema.org","@graph":[{"@type":"WebPage","@id":"https:\/\/nid.pl\/wydarzenie\/wyklad-online-object-id-standard-uniwersalny-miedzynarodowy-system-opisu-kolekcji\/","url":"https:\/\/nid.pl\/wydarzenie\/wyklad-online-object-id-standard-uniwersalny-miedzynarodowy-system-opisu-kolekcji\/","name":"Wyk\u0142ad online \u201eObject ID Standard \u2013 uniwersalny, mi\u0119dzynarodowy system opisu kolekcji\u201d - NID","isPartOf":{"@id":"https:\/\/nid.pl\/#website"},"primaryImageOfPage":{"@id":"https:\/\/nid.pl\/wydarzenie\/wyklad-online-object-id-standard-uniwersalny-miedzynarodowy-system-opisu-kolekcji\/#primaryimage"},"image":{"@id":"https:\/\/nid.pl\/wydarzenie\/wyklad-online-object-id-standard-uniwersalny-miedzynarodowy-system-opisu-kolekcji\/#primaryimage"},"thumbnailUrl":"https:\/\/nid.pl\/wp-content\/uploads\/2024\/11\/Obrot-dobrami-kultury.-wyklad-4-miniatura-www.jpg","datePublished":"2024-11-14T14:55:39+00:00","dateModified":"2025-01-09T10:37:05+00:00","breadcrumb":{"@id":"https:\/\/nid.pl\/wydarzenie\/wyklad-online-object-id-standard-uniwersalny-miedzynarodowy-system-opisu-kolekcji\/#breadcrumb"},"inLanguage":"en-GB","potentialAction":[{"@type":"ReadAction","target":["https:\/\/nid.pl\/wydarzenie\/wyklad-online-object-id-standard-uniwersalny-miedzynarodowy-system-opisu-kolekcji\/"]}]},{"@type":"ImageObject","inLanguage":"en-GB","@id":"https:\/\/nid.pl\/wydarzenie\/wyklad-online-object-id-standard-uniwersalny-miedzynarodowy-system-opisu-kolekcji\/#primaryimage","url":"https:\/\/nid.pl\/wp-content\/uploads\/2024\/11\/Obrot-dobrami-kultury.-wyklad-4-miniatura-www.jpg","contentUrl":"https:\/\/nid.pl\/wp-content\/uploads\/2024\/11\/Obrot-dobrami-kultury.-wyklad-4-miniatura-www.jpg","width":1857,"height":1238,"caption":"Obr\u00f3t dobrami kultury. wyklad 4 miniatura www"},{"@type":"BreadcrumbList","@id":"https:\/\/nid.pl\/wydarzenie\/wyklad-online-object-id-standard-uniwersalny-miedzynarodowy-system-opisu-kolekcji\/#breadcrumb","itemListElement":[{"@type":"ListItem","position":1,"name":"Home","item":"https:\/\/nid.pl\/"},{"@type":"ListItem","position":2,"name":"Wydarzenia","item":"https:\/\/nid.pl\/wydarzenia\/"},{"@type":"ListItem","position":3,"name":"Wyk\u0142ad online \u201eObject ID Standard \u2013 uniwersalny, mi\u0119dzynarodowy system opisu kolekcji\u201d"}]},{"@type":"WebSite","@id":"https:\/\/nid.pl\/#website","url":"https:\/\/nid.pl\/","name":"NID","description":"Narodowy Instytut Dziedzictwa","publisher":{"@id":"https:\/\/nid.pl\/#organization"},"potentialAction":[{"@type":"SearchAction","target":{"@type":"EntryPoint","urlTemplate":"https:\/\/nid.pl\/?s={search_term_string}"},"query-input":{"@type":"PropertyValueSpecification","valueRequired":true,"valueName":"search_term_string"}}],"inLanguage":"en-GB"},{"@type":"Organization","@id":"https:\/\/nid.pl\/#organization","name":"Narodowy Instytut Dziedzictwa","url":"https:\/\/nid.pl\/","logo":{"@type":"ImageObject","inLanguage":"en-GB","@id":"https:\/\/nid.pl\/#\/schema\/logo\/image\/","url":"https:\/\/nid.pl\/wp-content\/uploads\/2022\/10\/logoRedDark.png","contentUrl":"https:\/\/nid.pl\/wp-content\/uploads\/2022\/10\/logoRedDark.png","width":200,"height":197,"caption":"Narodowy Instytut Dziedzictwa"},"image":{"@id":"https:\/\/nid.pl\/#\/schema\/logo\/image\/"},"sameAs":["https:\/\/www.facebook.com\/zabytek","https:\/\/x.com\/NarIDpl","https:\/\/www.instagram.com\/nid.pl\/?hl=pl","https:\/\/www.linkedin.com\/company\/narodowy-instytut-dziedzictwa","https:\/\/www.youtube.com\/channel\/UCQXuhKa2uHtmNvLRUSx40JA"]}]}},"_links":{"self":[{"href":"https:\/\/nid.pl\/en\/wp-json\/wp\/v2\/tribe_events\/23824","targetHints":{"allow":["GET"]}}],"collection":[{"href":"https:\/\/nid.pl\/en\/wp-json\/wp\/v2\/tribe_events"}],"about":[{"href":"https:\/\/nid.pl\/en\/wp-json\/wp\/v2\/types\/tribe_events"}],"author":[{"embeddable":true,"href":"https:\/\/nid.pl\/en\/wp-json\/wp\/v2\/users\/15"}],"version-history":[{"count":0,"href":"https:\/\/nid.pl\/en\/wp-json\/wp\/v2\/tribe_events\/23824\/revisions"}],"wp:featuredmedia":[{"embeddable":true,"href":"https:\/\/nid.pl\/en\/wp-json\/wp\/v2\/media\/23812"}],"wp:attachment":[{"href":"https:\/\/nid.pl\/en\/wp-json\/wp\/v2\/media?parent=23824"}],"wp:term":[{"taxonomy":"post_tag","embeddable":true,"href":"https:\/\/nid.pl\/en\/wp-json\/wp\/v2\/tags?post=23824"},{"taxonomy":"tribe_events_cat","embeddable":true,"href":"https:\/\/nid.pl\/en\/wp-json\/wp\/v2\/tribe_events_cat?post=23824"}],"curies":[{"name":"wp","href":"https:\/\/api.w.org\/{rel}","templated":true}]}}