{"id":21182,"date":"2024-08-09T11:37:18","date_gmt":"2024-08-09T09:37:18","guid":{"rendered":"https:\/\/nid.pl\/?post_type=tribe_events&#038;p=21182"},"modified":"2024-08-22T11:28:35","modified_gmt":"2024-08-22T09:28:35","slug":"dad-mp","status":"publish","type":"tribe_events","link":"https:\/\/nid.pl\/en\/wydarzenie\/dad-mp\/","title":{"rendered":"Dzie\u0144 Architektury Drewnianej w wojew\u00f3dztwie ma\u0142opolskim"},"content":{"rendered":"<p><strong>Zapraszamy na wydarzenia Dnia Architektury Drewnianej w wojew\u00f3dztwie ma\u0142opolskim<\/strong><\/p>\n<p>W dniach 23-25 sierpnia 2024 r. zapraszamy na <a href=\"https:\/\/nid.pl\/en\/dad\/\" target=\"_blank\" rel=\"noopener\">Dzie\u0144 Architektury Drewnianej<\/a>, kt\u00f3ry po raz pierwszy odb\u0119dzie si\u0119 na terenie ca\u0142ego kraju. W wojew\u00f3dztwie ma\u0142opolskim wydarzenia odb\u0119d\u0105 si\u0119 w dziewi\u0119ciu miejscowo\u015bciach: Szymbarku, Zakrzowie, Wygie\u0142zowie, Nowym S\u0105czu, Binarowej, Orawce, Roztoce-Brzezinach oraz Sromowcach Ni\u017cnych. Dla Zakopanego, gdzie mie\u015bci si\u0119 Pracownia Terenowa Centrum Architektury Drewnianej NID, zosta\u0142 przygotowany <a href=\"https:\/\/nid.pl\/en\/wydarzenie\/dad-zak\/\" target=\"_blank\" rel=\"noopener\">specjalny program obchod\u00f3w DAD<\/a>.<\/p>\n<p>Wszystkich zainteresowanych zabytkow\u0105 architektur\u0105 drewnian\u0105 zapraszamy na spotkania po\u015bwi\u0119cone opiece i utrzymaniu architektury drewnianej, w tym prelekcje specjalist\u00f3w, pokazy konserwacji oraz oprowadzanie i zwiedzanie obiekt\u00f3w architektury drewnianej.<\/p>\n<p>Dzie\u0144 Architektury Drewnianej ma na celu promocj\u0119 i popularyzacj\u0119 architektury drewnianej poprzez zwr\u00f3cenie uwagi na ten szczeg\u00f3lny zas\u00f3b, bardzo szybko znikaj\u0105cy z polskiego krajobrazu kulturowego. Do udzia\u0142u zaproszeni zostali w\u0142a\u015bciciele i u\u017cytkownicy obiekt\u00f3w drewnianych, zar\u00f3wno osoby prywatne jak i instytucje kultury i samorz\u0105dy.<\/p>\n<p>Wydarzenia zosta\u0142y zorganizowane przez Oddzia\u0142 Terenowy NID w Krakowie, wsp\u00f3\u0142pracy z Muzeum \u2013 Dwory Karwacjan\u00f3w i G\u0142adysz\u00f3w w Gorlicach oraz w\u0142a\u015bcicielami i opiekunami udost\u0119pnionych obiekt\u00f3w architektury drewnianej.<\/p>\n<p>Patronat honorowy nad Dniem Architektury Drewnianej obj\u0119\u0142a Bo\u017cena \u017belazowska, Generalny Konserwator Zabytk\u00f3w, Sekretarz Stanu w Ministerstwie Kultury i Dziedzictwa Narodowego.<\/p>\n<p>Wydarzenie zosta\u0142o sfinansowane ze \u015brodk\u00f3w Ministra Kultury i Dziedzictwa Narodowego w ramach dzia\u0142alno\u015bci Pracowni Terenowej Centrum Architektury Drewnianej NID.<\/p>\n<p>Dzie\u0144 Architektury Drewnianej obj\u0119ty jest patronatem Polskiego Radia S.A.<\/p>\n<p>Na wszystkie wydarzenia obowi\u0105zuje wst\u0119p wolny.<\/p>\n<p>Zapraszamy do \u015bledzenia wydarze\u0144 na naszym <a href=\"https:\/\/www.facebook.com\/events\/1902052253573542\" target=\"_blank\" rel=\"noopener\">Facebooku<\/a>.<\/p>\n<h4><strong>Dzie\u0144 Architektury Drewnianej w wojew\u00f3dztwie ma\u0142opolskim<\/strong><\/h4>\n<h4><span style=\"color: #f9bd81;\"><strong>23 sierpnia 2024 r. (pi\u0105tek)<\/strong><\/span><\/h4>\n<ul>\n<li><strong>Seminarium z warsztatami etnograficzno-modelarskimi \u201eAkcja translokacja\u201d<\/strong><\/li>\n<\/ul>\n<p style=\"padding-left: 40px;\"><strong>O\u015brodek Konferencyjno-Wystawienniczy Kasztel w Szymbarku<\/strong><br \/>\nSzymbark<br \/>\ngodz. 10.00-13.00<\/p>\n<p style=\"padding-left: 40px;\">Program spotkania:<br \/>\n10.00-10.30 wyst\u0105pienia otwieraj\u0105ce<br \/>\n10.30-10.50 wyst\u0105pienia programowe:<br \/>\n\u201eZobaczy\u0107 niewidzialne. Reinterpretacja przesz\u0142ych struktur wobec mo\u017cliwo\u015bci nowych technologii&#8221;, Katarzyna Zieli\u0144ska \u2013 Daryin, Akademia Sztuk Pi\u0119knych w Krakowie<br \/>\n\u201eSposoby zabezpieczenia obiekt\u00f3w drewnianych na przyk\u0142adzie cerkwi w Kwiatoniu (UNESCO)&#8221;, Jan Hyra, przewodnik i opiekun cerkwi w Kwiatoniu<br \/>\n11.30-12.10 warsztaty \u201eAkcja translokacja&#8221; zaj\u0119cia etnograficzno \u2013 modelarskie<br \/>\nprowadzenie: Klaudia Zbiegie\u0144, Zhanna Orchel, Zagroda Maziarska w \u0141osiu, Oddzia\u0142 Muzeum \u2013 Dwory Karwacjan\u00f3w i G\u0142adysz\u00f3w w Gorlicach<br \/>\nJak dawniej wygl\u0105da\u0142a \u0142emkowska wie\u015b? Jak budowano wiejski dom? Czy dom mo\u017cna wzi\u0105\u0107 ze sob\u0105 i przenie\u015b\u0107 w inne miejsce? Na te i na inne pytania znajdziemy odpowied\u017a w czasie warsztat\u00f3w, wcielaj\u0105c si\u0119 w postacie budowniczych sprzed ponad 100 laty, kt\u00f3rych g\u0142\u00f3wnym zadaniem b\u0119dzie translokowanie (przeniesienie) modelu drewnianej chy\u017cy (w skali 1:10) w nowe miejsce. W czasie warsztat\u00f3w uczestnicy w praktyce poznaj\u0105 podstawowe terminy zwi\u0105zane z wiejskim budownictwem: zr\u0105b, zamki ciesielskie, komora, boisko. Poznaj\u0105 te\u017c i por\u00f3wnaj\u0105 tradycyjne i wsp\u00f3\u0142czesne elementy krajobrazu wsi.<br \/>\n12.10-12.50 prezentacja filmu \u201ePi\u0119kne, polskie, drewniane\u201d, prod. NID<br \/>\n13.00-13.30 pocz\u0119stunek regionalny przygotowany przez Ko\u0142o Gospody\u0144 Wiejskich Dominikowice<\/p>\n<ul>\n<li><strong>Zwiedzanie skansen\u00f3w<\/strong><\/li>\n<\/ul>\n<p style=\"padding-left: 40px;\">13.30-14.30 zwiedzanie Skansenu Wsi Pog\u00f3rza\u0144skiej im. Prof. R. Reinfussa w Szymbarku<br \/>\n15.00-15.30 oprowadzanie po zrekonstruowanej Cerkwi w G\u0142adyszowie, prowadzenie ks. J. Grycz<br \/>\n16.00-16.30 zwiedzanie Cerkwi greckokatolickiej \u015bw. Kosmy i Damiana w Bartnem<\/p>\n<ul>\n<li><strong>Drzwi otwarte w obiektach Architektury Drewnianej<\/strong><\/li>\n<\/ul>\n<p style=\"padding-left: 40px;\"><strong>Ko\u015bci\u00f3\u0142 \u015bw. Micha\u0142a Archanio\u0142a w Binarowej<\/strong><br \/>\nudost\u0119pniony dla zwiedzaj\u0105cych<br \/>\nw godz. 12.00-18.00<\/p>\n<p style=\"padding-left: 40px;\"><strong>Ko\u015bci\u00f3\u0142 \u015bw. Jana Chrzciciela w Orawce<\/strong><br \/>\nudost\u0119pniony dla zwiedzaj\u0105cych<br \/>\nw godz. 9.00-17.30<\/p>\n<p style=\"padding-left: 40px;\"><strong>Ko\u015bci\u00f3\u0142 pw. \u015bw. Katarzyny w Sromowcach Ni\u017cnych<\/strong><br \/>\nudost\u0119pniony dla zwiedzaj\u0105cych<br \/>\nw godz. 9.00-18.00<\/p>\n<p style=\"padding-left: 40px;\"><strong>Ko\u015bci\u00f3\u0142 pw. Matki Boskiej Cz\u0119stochowskiej w M\u0119tkowie<\/strong><br \/>\nul. \u015bw. Floriana 1, 32-551 M\u0119tk\u00f3w (pow. chrzanowski)<br \/>\nudost\u0119pniony dla zwiedzaj\u0105cych od godz. 16.00<\/p>\n<h5><span style=\"color: #f9bd81;\"><strong>24 sierpnia 2024 r. (sobota)<\/strong><\/span><\/h5>\n<ul>\n<li><strong>Drzwi otwarte w obiektach Architektury Drewnianej<\/strong><\/li>\n<\/ul>\n<p style=\"padding-left: 40px;\"><strong>&#8220;Zagroda Apolonia&#8221; w Zakrzowie<\/strong><br \/>\nZakrz\u00f3w 173, Pod\u0142\u0119\u017ce, gmina Niepo\u0142omice, powiat Wieliczka<br \/>\ngodz. 09.00, 11.00, 13.00, 15.00<br \/>\nprogram: bezp\u0142atne oprowadzanie grup po zagrodzie<\/p>\n<p style=\"padding-left: 40px;\"><strong>Skansen w Wygie\u0142zowie<\/strong><br \/>\nPark Etnograficzny Krakowiak\u00f3w Zachodnich w Wygie\u0142zowie<br \/>\nWygie\u0142z\u00f3w, ul Podzamcze 1, Babice<br \/>\nprogram:<br \/>\n13.00 &#8211; 15.00 &#8211; warsztaty prowadzone przez pracownik\u00f3w Skansenu<br \/>\n15:00 &#8211; 17:00 &#8211; bezp\u0142atne zwiedzanie, prelekcja zwi\u0105zana z dzia\u0142alno\u015bci\u0105 skansenu<\/p>\n<p style=\"padding-left: 40px;\"><strong>Ko\u015bci\u00f3\u0142 \u015bw. Micha\u0142a Archanio\u0142a w Binarowej<\/strong><br \/>\nudost\u0119pniony dla zwiedzaj\u0105cych<br \/>\nw godz. 12.00-18.00<\/p>\n<p style=\"padding-left: 40px;\"><strong>Ko\u015bci\u00f3\u0142 \u015bw. Jana Chrzciciela w Orawce<\/strong><br \/>\nudost\u0119pniony dla zwiedzaj\u0105cych<br \/>\nw godz. 9.00-17.30<\/p>\n<p style=\"padding-left: 40px;\"><strong>Ko\u015bci\u00f3\u0142 pw. \u015bw. Katarzyny w Sromowcach Ni\u017cnych<\/strong><br \/>\nudost\u0119pniony dla zwiedzaj\u0105cych<br \/>\nw godz. 9.00-18.00<\/p>\n<h5><span style=\"color: #f9bd81;\"><strong>25 sierpnia 2024 r. (niedziela)<\/strong><\/span><\/h5>\n<ul>\n<li><strong>Drzwi otwarte w obiektach Architektury Drewnianej<\/strong><\/li>\n<\/ul>\n<p style=\"padding-left: 40px;\">S\u0105decki Park Etnograficzny \u2013 Muzeum Ziemi S\u0105deckiej<br \/>\nNowy S\u0105cz, ul. B. Wieniawy-D\u0142ugoszowskiego 83 B<\/p>\n<p>S\u0105decki Park Etnograficzny to najwi\u0119ksze muzeum skansenowskie w Ma\u0142opolsce, prezentuj\u0105ce architektur\u0119 drewnian\u0105 i tradycyjn\u0105 kultur\u0119 ludow\u0105 lokalnych grup etnograficznych \u2013 Lach\u00f3w, Pog\u00f3rzan i G\u00f3rali S\u0105deckich oraz grup etnicznych: \u0141emk\u00f3w, Niemc\u00f3w i Cygan\u00f3w. Na powierzchni 20 ha znajduje si\u0119 kilkadziesi\u0105t budynk\u00f3w, m.in. XIX \u2013 wieczne zagrody ch\u0142opskie, XVII- wieczny dw\u00f3r szlachecki z unikaln\u0105 polichromi\u0105 we wn\u0119trzach, folwark dworski oraz trzy \u015bwi\u0105tynie: ko\u015bci\u00f3\u0142 rzymskokatolicki, cerkiew grekokatolicka i ko\u015bci\u00f3\u0142 protestancki.<\/p>\n<p style=\"padding-left: 40px;\">W ramach og\u00f3lnopolskiej akcji Dzie\u0144 Architektury Drewnianej zapraszamy do obiekt\u00f3w, kt\u00f3re na co dzie\u0144 nie s\u0105 udost\u0119pniane zwiedzaj\u0105cym.<\/p>\n<p>program:<\/p>\n<p>11.00-16.00<\/p>\n<div>\n<ul type=\"disc\">\n<li>zwiedzanie empor w ko\u015bciele ewangelickim ze Stade\u0142 nr 67<\/li>\n<\/ul>\n<\/div>\n<div>\n<ul type=\"disc\">\n<li>zwiedzanie wie\u017cy wraz \u00a0z ch\u00f3rem w ko\u015bciele z \u0141ososiny Dolnej nr 11<\/li>\n<\/ul>\n<\/div>\n<div>\n<ul type=\"disc\">\n<li>zwiedzanie \u201esypa\u0144ca\u201d- \u0142emkowskiego spichlerza\u00a0z Muszynki nr 35<\/li>\n<\/ul>\n<\/div>\n<div>\n<ul type=\"disc\">\n<li>zwiedzanie stodo\u0142y folwarcznej z Kamienicy nr 31 oraz szopy kieratowej z Kru\u017clowej nr 13<\/li>\n<\/ul>\n<\/div>\n<div>\n<ul type=\"disc\">\n<li>pogadanka na temat tajemniczej przesz\u0142o\u015bci rdzawskiego dworu \u00a0 nr 17wst\u0119p\u00a0 od 11.00-16.00 bezp\u0142atny &#8211; pozosta\u0142e godziny wg obowi\u0105zuj\u0105cego cennika, bezp\u0142atne udost\u0119pnienie kilku obiekt\u00f3w na has\u0142o: \u201eDZIE\u0143 ARCHITEKTURY DREWNIANEJ\u201d, w kt\u00f3rych pracownicy skansenu b\u0119d\u0105 opowiadali o szczeg\u00f3\u0142owej historii danego zabytku, a tak\u017ce o zwi\u0105zanej z nim problematyce konserwatorskiej, organizator zastrzega mo\u017cliwo\u015b\u0107 zmiany programu<\/li>\n<\/ul>\n<\/div>\n<p style=\"padding-left: 40px;\"><strong>Ko\u015bci\u00f3\u0142 \u015bw. Micha\u0142a Archanio\u0142a w Binarowej<\/strong><br \/>\nudost\u0119pniony dla zwiedzaj\u0105cych<br \/>\nw godz. 12.00-18.00<\/p>\n<p style=\"padding-left: 40px;\"><strong>Ko\u015bci\u00f3\u0142 \u015bw. Jana Chrzciciela w Orawce<\/strong><br \/>\nudost\u0119pniony dla zwiedzaj\u0105cych<br \/>\nw godz. 11.30-16.30<\/p>\n<p style=\"padding-left: 40px;\"><strong>Ko\u015bci\u00f3\u0142 pw. \u015bw. Katarzyny w Sromowcach Ni\u017cnych<\/strong><br \/>\nudost\u0119pniony dla zwiedzaj\u0105cych<br \/>\nw godz. 9.00-18.00<\/p>\n<p style=\"padding-left: 40px;\"><strong>Osada m\u0142y\u0144ska w Roztoce-Brzezinach<\/strong><br \/>\nRoztoka Brzeziny 105, Gr\u00f3dek nad Dunajcem<br \/>\ngodz. 12.00-18.00<\/p>\n<p>&nbsp;<\/p>","protected":false},"excerpt":{"rendered":"<p>Zapraszamy na wydarzenia Dnia Architektury Drewnianej w wojew\u00f3dztwie ma\u0142opolskim W dniach 23-25 sierpnia 2024 r. zapraszamy na Dzie\u0144 Architektury Drewnianej, kt\u00f3ry po raz pierwszy odb\u0119dzie si\u0119 na terenie ca\u0142ego kraju. [&hellip;]<\/p>","protected":false},"author":4,"featured_media":21293,"template":"","meta":{"_et_pb_use_builder":"","_et_pb_old_content":"","_et_gb_content_width":"","_monsterinsights_skip_tracking":false,"_monsterinsights_sitenote_active":false,"_monsterinsights_sitenote_note":"","_monsterinsights_sitenote_category":0,"_tribe_events_status":"","_tribe_events_status_reason":"","footnotes":""},"tags":[],"tribe_events_cat":[121,123],"class_list":["post-21182","tribe_events","type-tribe_events","status-publish","has-post-thumbnail","hentry","tribe_events_cat-dzien-architektury-drewnianej","tribe_events_cat-wydarzenia-cykliczne","cat_dzien-architektury-drewnianej","cat_wydarzenia-cykliczne"],"yoast_head":"<!-- This site is optimized with the Yoast SEO plugin v26.5 - https:\/\/yoast.com\/wordpress\/plugins\/seo\/ -->\n<title>Dzie\u0144 Architektury Drewnianej w wojew\u00f3dztwie ma\u0142opolskim - NID<\/title>\n<meta name=\"robots\" content=\"index, follow, max-snippet:-1, max-image-preview:large, max-video-preview:-1\" \/>\n<link rel=\"canonical\" href=\"https:\/\/nid.pl\/en\/wydarzenie\/dad-mp\/\" \/>\n<meta property=\"og:locale\" content=\"en_GB\" \/>\n<meta property=\"og:type\" content=\"article\" \/>\n<meta property=\"og:title\" content=\"Dzie\u0144 Architektury Drewnianej w wojew\u00f3dztwie ma\u0142opolskim - NID\" \/>\n<meta property=\"og:description\" content=\"Zapraszamy na wydarzenia Dnia Architektury Drewnianej w wojew\u00f3dztwie ma\u0142opolskim W dniach 23-25 sierpnia 2024 r. zapraszamy na Dzie\u0144 Architektury Drewnianej, kt\u00f3ry po raz pierwszy odb\u0119dzie si\u0119 na terenie ca\u0142ego kraju. [&hellip;]\" \/>\n<meta property=\"og:url\" content=\"https:\/\/nid.pl\/en\/wydarzenie\/dad-mp\/\" \/>\n<meta property=\"og:site_name\" content=\"NID\" \/>\n<meta property=\"article:publisher\" content=\"https:\/\/www.facebook.com\/zabytek\" \/>\n<meta property=\"article:modified_time\" content=\"2024-08-22T09:28:35+00:00\" \/>\n<meta property=\"og:image\" content=\"https:\/\/nid.pl\/wp-content\/uploads\/2024\/08\/dad-2024-mp-scaled.jpg\" \/>\n\t<meta property=\"og:image:width\" content=\"2560\" \/>\n\t<meta property=\"og:image:height\" content=\"1440\" \/>\n\t<meta property=\"og:image:type\" content=\"image\/jpeg\" \/>\n<meta name=\"twitter:card\" content=\"summary_large_image\" \/>\n<meta name=\"twitter:site\" content=\"@NarIDpl\" \/>\n<meta name=\"twitter:label1\" content=\"Estimated reading time\" \/>\n\t<meta name=\"twitter:data1\" content=\"6 minutes\" \/>\n<script type=\"application\/ld+json\" class=\"yoast-schema-graph\">{\"@context\":\"https:\/\/schema.org\",\"@graph\":[{\"@type\":\"WebPage\",\"@id\":\"https:\/\/nid.pl\/wydarzenie\/dad-mp\/\",\"url\":\"https:\/\/nid.pl\/wydarzenie\/dad-mp\/\",\"name\":\"Dzie\u0144 Architektury Drewnianej w wojew\u00f3dztwie ma\u0142opolskim - NID\",\"isPartOf\":{\"@id\":\"https:\/\/nid.pl\/#website\"},\"primaryImageOfPage\":{\"@id\":\"https:\/\/nid.pl\/wydarzenie\/dad-mp\/#primaryimage\"},\"image\":{\"@id\":\"https:\/\/nid.pl\/wydarzenie\/dad-mp\/#primaryimage\"},\"thumbnailUrl\":\"https:\/\/nid.pl\/wp-content\/uploads\/2024\/08\/dad-2024-mp-scaled.jpg\",\"datePublished\":\"2024-08-09T09:37:18+00:00\",\"dateModified\":\"2024-08-22T09:28:35+00:00\",\"breadcrumb\":{\"@id\":\"https:\/\/nid.pl\/wydarzenie\/dad-mp\/#breadcrumb\"},\"inLanguage\":\"en-GB\",\"potentialAction\":[{\"@type\":\"ReadAction\",\"target\":[\"https:\/\/nid.pl\/wydarzenie\/dad-mp\/\"]}]},{\"@type\":\"ImageObject\",\"inLanguage\":\"en-GB\",\"@id\":\"https:\/\/nid.pl\/wydarzenie\/dad-mp\/#primaryimage\",\"url\":\"https:\/\/nid.pl\/wp-content\/uploads\/2024\/08\/dad-2024-mp-scaled.jpg\",\"contentUrl\":\"https:\/\/nid.pl\/wp-content\/uploads\/2024\/08\/dad-2024-mp-scaled.jpg\",\"width\":2560,\"height\":1440,\"caption\":\"Dzie\u0144 Architektury Drewnianej w wojew\u00f3dztwie ma\u0142opolskim\"},{\"@type\":\"BreadcrumbList\",\"@id\":\"https:\/\/nid.pl\/wydarzenie\/dad-mp\/#breadcrumb\",\"itemListElement\":[{\"@type\":\"ListItem\",\"position\":1,\"name\":\"Home\",\"item\":\"https:\/\/nid.pl\/\"},{\"@type\":\"ListItem\",\"position\":2,\"name\":\"Wydarzenia\",\"item\":\"https:\/\/nid.pl\/wydarzenia\/\"},{\"@type\":\"ListItem\",\"position\":3,\"name\":\"Dzie\u0144 Architektury Drewnianej w wojew\u00f3dztwie ma\u0142opolskim\"}]},{\"@type\":\"WebSite\",\"@id\":\"https:\/\/nid.pl\/#website\",\"url\":\"https:\/\/nid.pl\/\",\"name\":\"NID\",\"description\":\"Narodowy Instytut Dziedzictwa\",\"publisher\":{\"@id\":\"https:\/\/nid.pl\/#organization\"},\"potentialAction\":[{\"@type\":\"SearchAction\",\"target\":{\"@type\":\"EntryPoint\",\"urlTemplate\":\"https:\/\/nid.pl\/?s={search_term_string}\"},\"query-input\":{\"@type\":\"PropertyValueSpecification\",\"valueRequired\":true,\"valueName\":\"search_term_string\"}}],\"inLanguage\":\"en-GB\"},{\"@type\":\"Organization\",\"@id\":\"https:\/\/nid.pl\/#organization\",\"name\":\"Narodowy Instytut Dziedzictwa\",\"url\":\"https:\/\/nid.pl\/\",\"logo\":{\"@type\":\"ImageObject\",\"inLanguage\":\"en-GB\",\"@id\":\"https:\/\/nid.pl\/#\/schema\/logo\/image\/\",\"url\":\"https:\/\/nid.pl\/wp-content\/uploads\/2022\/10\/logoRedDark.png\",\"contentUrl\":\"https:\/\/nid.pl\/wp-content\/uploads\/2022\/10\/logoRedDark.png\",\"width\":200,\"height\":197,\"caption\":\"Narodowy Instytut Dziedzictwa\"},\"image\":{\"@id\":\"https:\/\/nid.pl\/#\/schema\/logo\/image\/\"},\"sameAs\":[\"https:\/\/www.facebook.com\/zabytek\",\"https:\/\/x.com\/NarIDpl\",\"https:\/\/www.instagram.com\/nid.pl\/?hl=pl\",\"https:\/\/www.linkedin.com\/company\/narodowy-instytut-dziedzictwa\",\"https:\/\/www.youtube.com\/channel\/UCQXuhKa2uHtmNvLRUSx40JA\"]}]}<\/script>\n<!-- \/ Yoast SEO plugin. -->","yoast_head_json":{"title":"Dzie\u0144 Architektury Drewnianej w wojew\u00f3dztwie ma\u0142opolskim - NID","robots":{"index":"index","follow":"follow","max-snippet":"max-snippet:-1","max-image-preview":"max-image-preview:large","max-video-preview":"max-video-preview:-1"},"canonical":"https:\/\/nid.pl\/en\/wydarzenie\/dad-mp\/","og_locale":"en_GB","og_type":"article","og_title":"Dzie\u0144 Architektury Drewnianej w wojew\u00f3dztwie ma\u0142opolskim - NID","og_description":"Zapraszamy na wydarzenia Dnia Architektury Drewnianej w wojew\u00f3dztwie ma\u0142opolskim W dniach 23-25 sierpnia 2024 r. zapraszamy na Dzie\u0144 Architektury Drewnianej, kt\u00f3ry po raz pierwszy odb\u0119dzie si\u0119 na terenie ca\u0142ego kraju. [&hellip;]","og_url":"https:\/\/nid.pl\/en\/wydarzenie\/dad-mp\/","og_site_name":"NID","article_publisher":"https:\/\/www.facebook.com\/zabytek","article_modified_time":"2024-08-22T09:28:35+00:00","og_image":[{"width":2560,"height":1440,"url":"https:\/\/nid.pl\/wp-content\/uploads\/2024\/08\/dad-2024-mp-scaled.jpg","type":"image\/jpeg"}],"twitter_card":"summary_large_image","twitter_site":"@NarIDpl","twitter_misc":{"Estimated reading time":"6 minutes"},"schema":{"@context":"https:\/\/schema.org","@graph":[{"@type":"WebPage","@id":"https:\/\/nid.pl\/wydarzenie\/dad-mp\/","url":"https:\/\/nid.pl\/wydarzenie\/dad-mp\/","name":"Dzie\u0144 Architektury Drewnianej w wojew\u00f3dztwie ma\u0142opolskim - NID","isPartOf":{"@id":"https:\/\/nid.pl\/#website"},"primaryImageOfPage":{"@id":"https:\/\/nid.pl\/wydarzenie\/dad-mp\/#primaryimage"},"image":{"@id":"https:\/\/nid.pl\/wydarzenie\/dad-mp\/#primaryimage"},"thumbnailUrl":"https:\/\/nid.pl\/wp-content\/uploads\/2024\/08\/dad-2024-mp-scaled.jpg","datePublished":"2024-08-09T09:37:18+00:00","dateModified":"2024-08-22T09:28:35+00:00","breadcrumb":{"@id":"https:\/\/nid.pl\/wydarzenie\/dad-mp\/#breadcrumb"},"inLanguage":"en-GB","potentialAction":[{"@type":"ReadAction","target":["https:\/\/nid.pl\/wydarzenie\/dad-mp\/"]}]},{"@type":"ImageObject","inLanguage":"en-GB","@id":"https:\/\/nid.pl\/wydarzenie\/dad-mp\/#primaryimage","url":"https:\/\/nid.pl\/wp-content\/uploads\/2024\/08\/dad-2024-mp-scaled.jpg","contentUrl":"https:\/\/nid.pl\/wp-content\/uploads\/2024\/08\/dad-2024-mp-scaled.jpg","width":2560,"height":1440,"caption":"Dzie\u0144 Architektury Drewnianej w wojew\u00f3dztwie ma\u0142opolskim"},{"@type":"BreadcrumbList","@id":"https:\/\/nid.pl\/wydarzenie\/dad-mp\/#breadcrumb","itemListElement":[{"@type":"ListItem","position":1,"name":"Home","item":"https:\/\/nid.pl\/"},{"@type":"ListItem","position":2,"name":"Wydarzenia","item":"https:\/\/nid.pl\/wydarzenia\/"},{"@type":"ListItem","position":3,"name":"Dzie\u0144 Architektury Drewnianej w wojew\u00f3dztwie ma\u0142opolskim"}]},{"@type":"WebSite","@id":"https:\/\/nid.pl\/#website","url":"https:\/\/nid.pl\/","name":"NID","description":"Narodowy Instytut Dziedzictwa","publisher":{"@id":"https:\/\/nid.pl\/#organization"},"potentialAction":[{"@type":"SearchAction","target":{"@type":"EntryPoint","urlTemplate":"https:\/\/nid.pl\/?s={search_term_string}"},"query-input":{"@type":"PropertyValueSpecification","valueRequired":true,"valueName":"search_term_string"}}],"inLanguage":"en-GB"},{"@type":"Organization","@id":"https:\/\/nid.pl\/#organization","name":"Narodowy Instytut Dziedzictwa","url":"https:\/\/nid.pl\/","logo":{"@type":"ImageObject","inLanguage":"en-GB","@id":"https:\/\/nid.pl\/#\/schema\/logo\/image\/","url":"https:\/\/nid.pl\/wp-content\/uploads\/2022\/10\/logoRedDark.png","contentUrl":"https:\/\/nid.pl\/wp-content\/uploads\/2022\/10\/logoRedDark.png","width":200,"height":197,"caption":"Narodowy Instytut Dziedzictwa"},"image":{"@id":"https:\/\/nid.pl\/#\/schema\/logo\/image\/"},"sameAs":["https:\/\/www.facebook.com\/zabytek","https:\/\/x.com\/NarIDpl","https:\/\/www.instagram.com\/nid.pl\/?hl=pl","https:\/\/www.linkedin.com\/company\/narodowy-instytut-dziedzictwa","https:\/\/www.youtube.com\/channel\/UCQXuhKa2uHtmNvLRUSx40JA"]}]}},"_links":{"self":[{"href":"https:\/\/nid.pl\/en\/wp-json\/wp\/v2\/tribe_events\/21182","targetHints":{"allow":["GET"]}}],"collection":[{"href":"https:\/\/nid.pl\/en\/wp-json\/wp\/v2\/tribe_events"}],"about":[{"href":"https:\/\/nid.pl\/en\/wp-json\/wp\/v2\/types\/tribe_events"}],"author":[{"embeddable":true,"href":"https:\/\/nid.pl\/en\/wp-json\/wp\/v2\/users\/4"}],"version-history":[{"count":0,"href":"https:\/\/nid.pl\/en\/wp-json\/wp\/v2\/tribe_events\/21182\/revisions"}],"wp:featuredmedia":[{"embeddable":true,"href":"https:\/\/nid.pl\/en\/wp-json\/wp\/v2\/media\/21293"}],"wp:attachment":[{"href":"https:\/\/nid.pl\/en\/wp-json\/wp\/v2\/media?parent=21182"}],"wp:term":[{"taxonomy":"post_tag","embeddable":true,"href":"https:\/\/nid.pl\/en\/wp-json\/wp\/v2\/tags?post=21182"},{"taxonomy":"tribe_events_cat","embeddable":true,"href":"https:\/\/nid.pl\/en\/wp-json\/wp\/v2\/tribe_events_cat?post=21182"}],"curies":[{"name":"wp","href":"https:\/\/api.w.org\/{rel}","templated":true}]}}