{"id":21136,"date":"2024-08-08T14:00:04","date_gmt":"2024-08-08T12:00:04","guid":{"rendered":"https:\/\/nid.pl\/?post_type=tribe_events&#038;p=21136"},"modified":"2024-08-13T09:46:11","modified_gmt":"2024-08-13T07:46:11","slug":"dad-sl","status":"publish","type":"tribe_events","link":"https:\/\/nid.pl\/en\/wydarzenie\/dad-sl\/","title":{"rendered":"Dzie\u0144 Architektury Drewnianej w wojew\u00f3dztwie \u015bl\u0105skim"},"content":{"rendered":"<p><strong>Zapraszamy na wydarzenia Dnia Architektury Drewnianej w wojew\u00f3dztwie \u015bl\u0105skim<\/strong><\/p>\n<p>W dniach 23-25 sierpnia 2024 r. zapraszamy na <a href=\"https:\/\/nid.pl\/en\/dad\/\" target=\"_blank\" rel=\"noopener\">Dzie\u0144 Architektury Drewnianej<\/a>, kt\u00f3ry po raz pierwszy odb\u0119dzie si\u0119 na terenie ca\u0142ego kraju. W wojew\u00f3dztwie \u015bl\u0105skim wydarzenia odb\u0119d\u0105 si\u0119 w czterech miejscowo\u015bciach.<\/p>\n<p>Wszystkich zainteresowanych zabytkow\u0105 architektur\u0105 drewnian\u0105 zapraszamy na spotkania po\u015bwi\u0119cone opiece i konserwacji architektury drewnianej, w tym prelekcje specjalist\u00f3w, pokazy konserwacji oraz oprowadzanie i zwiedzanie obiekt\u00f3w architektury drewnianej.<\/p>\n<p>Dzie\u0144 Architektury Drewnianej ma na celu promocj\u0119 i popularyzacj\u0119 architektury drewnianej poprzez zwr\u00f3cenie uwagi na ten szczeg\u00f3lny zas\u00f3b, bardzo szybko znikaj\u0105cy z polskiego krajobrazu kulturowego. Do udzia\u0142u zaproszeni zostali w\u0142a\u015bciciele i u\u017cytkownicy obiekt\u00f3w drewnianych, zar\u00f3wno osoby prywatne jak i instytucje kultury i samorz\u0105dy.<\/p>\n<p>Wydarzenia zosta\u0142y zorganizowane przez Oddzia\u0142 Terenowy NID w Katowicach, we wsp\u00f3\u0142pracy z Muzeum \u201eG\u00f3rno\u015bl\u0105ski Park Etnograficzny w Chorzowie\u201d, Muzeum Beskidzkim im. Andrzeja Pod\u017corskiego w Wi\u015ble, Beskidzkim Domem Zielin \u201ePrzytulia\u201d w Brennej i Muzeum Jana Wa\u0142acha w Istebnej.<\/p>\n<p>Patronat honorowy nad Dniem Architektury Drewnianej obj\u0119\u0142a Bo\u017cena \u017belazowska, Generalny Konserwator Zabytk\u00f3w, Sekretarz Stanu w Ministerstwie Kultury i Dziedzictwa Narodowego.<\/p>\n<p>Wydarzenie zosta\u0142o sfinansowane ze \u015brodk\u00f3w Ministra Kultury i Dziedzictwa Narodowego w ramach dzia\u0142alno\u015bci Pracowni Terenowej Centrum Architektury Drewnianej NID.<\/p>\n<p>Dzie\u0144 Architektury Drewnianej obj\u0119ty jest patronatem Polskiego Radia S.A.<\/p>\n<p>Na wszystkie wydarzenia obowi\u0105zuje wst\u0119p wolny.<\/p>\n<p>Zapraszamy do \u015bledzenia wydarze\u0144 na naszym <a href=\"https:\/\/www.facebook.com\/events\/1902052253573542\">Facebooku<\/a>.<\/p>\n<h4><strong>Dzie\u0144 Architektury Drewnianej w wojew\u00f3dztwie \u015bl\u0105skim<\/strong><\/h4>\n<h5><span style=\"color: #2099a2;\"><strong>23 sierpnia 2024 r. (pi\u0105tek)<\/strong><\/span><\/h5>\n<ul>\n<li><strong>Nieodp\u0142atne zwiedzanie wn\u0119trza Beskidzkiego Domu Zielin &#8220;Przytulia&#8221; wraz z wystaw\u0105 obrazuj\u0105c\u0105 znaczenie zi\u00f3\u0142 w kulturze g\u00f3rali \u015bl\u0105skich<\/strong><\/li>\n<\/ul>\n<p style=\"padding-left: 40px;\">ul. Wyzwolenia 69,<br \/>\nBrenna<br \/>\ngodz. 9.00-12.00 oraz 12.00-15.00<\/p>\n<h5><span style=\"color: #2099a2;\"><strong>24 sierpnia 2024 r. (sobota)<\/strong><\/span><\/h5>\n<ul>\n<li><strong>Etnospacer \u2013 zwiedzanie z przewodnikiem oraz warsztaty stolarskie dla dzieci i doros\u0142ych<\/strong><\/li>\n<\/ul>\n<p style=\"padding-left: 40px;\">Miejsce: Muzeum \u201eG\u00f3rno\u015bl\u0105ski Park Etnograficzny w Chorzowie\u201d, ul. Parkowa 25, 41-500 Chorz\u00f3w<br \/>\nstart grup na Etnospacer: 11.00, 12.30, 14.00, 15.30; ka\u017cda grupa maks. 30 os\u00f3b, czas przej\u015bcia 2 godziny. Obowi\u0105zuj\u0105 zapisy.<br \/>\nWarsztaty stolarskie:<br \/>\n1. godz. 11.00 \u2013 13.30 &#8211; warsztaty dla dzieci w wieku 6-12 lat (max. 12 uczestnik\u00f3w), miejsce: zagroda z Krasowych.<br \/>\n2. godz. 14.00 \u2013 16.30 &#8211; Warsztaty dla doros\u0142ych i dzieci powy\u017cej 13 roku \u017cycia (maks. 12 uczestnik\u00f3w\/6 zespo\u0142\u00f3w), miejsce: zagroda z Krasowych.<\/p>\n<ul>\n<li><strong>Spotkanie i spacer szlakiem architektury drewnianej w Wi\u015ble<\/strong><br \/>\nMiejsce: Muzeum Beskidzkie im. Andrzeja Pod\u017corskiego w Wi\u015ble, ul. Stellera 1, 43-460 Wis\u0142a<br \/>\ngodz. 10.00-14.00<\/li>\n<\/ul>\n<p style=\"padding-left: 40px;\">Program wydarzenia:<br \/>\no godz. 10.00\u201310.20 &#8211; wyst\u0105pienie otwieraj\u0105ce, Agnieszka Olczyk (kierownik OT NID w Katowicach)<br \/>\no godz. 10.20\u201310.50 \u2013 \u201eArchitektura drewniana w Wi\u015ble\u201d, dr Micha\u0142 Kawulok (kierownik Muzeum Beskidzkiego im. A. Pod\u017corskiego w Wi\u015ble)<br \/>\no godz. 11.00-14.00 Spacer szlakiem architektury drewnianej architektury w Wi\u015ble, prowadzenie dr Micha\u0142 Kawulok, start przy Muzeum Beskidzkim, ul. Stellera 1<\/p>\n<ul>\n<li><strong>Oprowadzanie tematyczne po wn\u0119trzu Beskidzkiego Domu Zielin, po\u015bwi\u0119cone historii i architekturze budynku oraz jego adaptacji na muzeum<\/strong><\/li>\n<\/ul>\n<p style=\"padding-left: 40px;\">Miejsce: Beskidzki Dom Zielin \u201ePrzytulia\u201d, ul. Wyzwolenia 69, 43-438 Brenna<br \/>\ngodz. 13.00<\/p>\n<ul>\n<li><strong>Nieodp\u0142atne zwiedzanie wn\u0119trza Beskidzkiego Domu Zielin &#8220;Przytulia&#8221; wraz z wystaw\u0105 obrazuj\u0105c\u0105 znaczenie zi\u00f3\u0142 w kulturze g\u00f3rali \u015bl\u0105skich<\/strong><\/li>\n<\/ul>\n<p style=\"padding-left: 40px;\">ul. Wyzwolenia 69, Brenna<br \/>\ngodz. 9.00-12.00 oraz 12.00-15.00<\/p>\n<h5><span style=\"color: #2099a2;\"><strong>25 sierpnia 2024 r. (niedziela)<\/strong><\/span><\/h5>\n<ul>\n<li><strong>Dzie\u0144 Architektury Drewnianej w Muzeum Jana Wa\u0142acha<\/strong><\/li>\n<\/ul>\n<p style=\"padding-left: 40px;\">Muzeum Jana Wa\u0142acha<br \/>\nIstebna &#8211; Andzio\u0142\u00f3wka 293, 43-470 Istebna<br \/>\nul. Zielona 1, J\u00f3zef\u00f3w<br \/>\ngodz. 15.00-18.00<\/p>\n<p style=\"padding-left: 40px;\">Program wydarzenia:<\/p>\n<p style=\"padding-left: 40px;\">15.00-18.00 Zwiedzanie Muzeum Jana Wa\u0142acha<br \/>\nPracownia, wybudowana w 1922 roku z belek \u015bwierkowych, by\u0142a niegdy\u015b atelier malarskim Jana Wa\u0142acha. Usytuowana na skraju polany, otoczona lasem \u015bwierkowym, obecnie s\u0142u\u017cy jako muzeum biograficzne. W jej wn\u0119trzu znajduj\u0105 si\u0119 sprz\u0119ty, sztalugi oraz dzie\u0142a artysty: oleje, rysunki, gwasze i grafiki o r\u00f3\u017cnorodnej tematyce, w tym pejza\u017ce, portrety, kwiaty, martwe natury oraz kompozycje religijne.<\/p>\n<p style=\"padding-left: 40px;\">15.00-18.00 Zwiedzanie domu Jana Wa\u0142acha<br \/>\nW odleg\u0142o\u015bci 40 metr\u00f3w od pracowni znajduje si\u0119 drewniany dom artysty, kt\u00f3rego historia si\u0119ga oko\u0142o 1865 roku. Przebudowany w latach 1911-1912, dom posiada konstrukcj\u0119 zr\u0119bow\u0105 i dach kryty gontem z charakterystycznym &#8220;wolim oczkiem&#8221;, przycz\u00f3\u0142kami i &#8220;kozubkami&#8221; w szczytach. Zar\u00f3wno dom, jak i pracownia s\u0105 cz\u0119\u015bci\u0105<\/p>\n<p style=\"padding-left: 40px;\">16.00 Koncert zespo\u0142u Wa\u0142asi we wn\u0119trzu niegdysiejszego atelier malarskiego<\/p>","protected":false},"excerpt":{"rendered":"<p>Zapraszamy na wydarzenia Dnia Architektury Drewnianej w wojew\u00f3dztwie \u015bl\u0105skim W dniach 23-25 sierpnia 2024 r. zapraszamy na Dzie\u0144 Architektury Drewnianej, kt\u00f3ry po raz pierwszy odb\u0119dzie si\u0119 na terenie ca\u0142ego kraju. [&hellip;]<\/p>","protected":false},"author":4,"featured_media":21297,"template":"","meta":{"_et_pb_use_builder":"","_et_pb_old_content":"","_et_gb_content_width":"","_monsterinsights_skip_tracking":false,"_monsterinsights_sitenote_active":false,"_monsterinsights_sitenote_note":"","_monsterinsights_sitenote_category":0,"_tribe_events_status":"","_tribe_events_status_reason":"","footnotes":""},"tags":[],"tribe_events_cat":[121,123],"class_list":["post-21136","tribe_events","type-tribe_events","status-publish","has-post-thumbnail","hentry","tribe_events_cat-dzien-architektury-drewnianej","tribe_events_cat-wydarzenia-cykliczne","cat_dzien-architektury-drewnianej","cat_wydarzenia-cykliczne"],"yoast_head":"<!-- This site is optimized with the Yoast SEO plugin v26.5 - https:\/\/yoast.com\/wordpress\/plugins\/seo\/ -->\n<title>Dzie\u0144 Architektury Drewnianej w wojew\u00f3dztwie \u015bl\u0105skim - NID<\/title>\n<meta name=\"robots\" content=\"index, follow, max-snippet:-1, max-image-preview:large, max-video-preview:-1\" \/>\n<link rel=\"canonical\" href=\"https:\/\/nid.pl\/en\/wydarzenie\/dad-sl\/\" \/>\n<meta property=\"og:locale\" content=\"en_GB\" \/>\n<meta property=\"og:type\" content=\"article\" \/>\n<meta property=\"og:title\" content=\"Dzie\u0144 Architektury Drewnianej w wojew\u00f3dztwie \u015bl\u0105skim - NID\" \/>\n<meta property=\"og:description\" content=\"Zapraszamy na wydarzenia Dnia Architektury Drewnianej w wojew\u00f3dztwie \u015bl\u0105skim W dniach 23-25 sierpnia 2024 r. zapraszamy na Dzie\u0144 Architektury Drewnianej, kt\u00f3ry po raz pierwszy odb\u0119dzie si\u0119 na terenie ca\u0142ego kraju. [&hellip;]\" \/>\n<meta property=\"og:url\" content=\"https:\/\/nid.pl\/en\/wydarzenie\/dad-sl\/\" \/>\n<meta property=\"og:site_name\" content=\"NID\" \/>\n<meta property=\"article:publisher\" content=\"https:\/\/www.facebook.com\/zabytek\" \/>\n<meta property=\"article:modified_time\" content=\"2024-08-13T07:46:11+00:00\" \/>\n<meta property=\"og:image\" content=\"https:\/\/nid.pl\/wp-content\/uploads\/2024\/08\/dad-2024-sl-scaled.jpg\" \/>\n\t<meta property=\"og:image:width\" content=\"2560\" \/>\n\t<meta property=\"og:image:height\" content=\"1440\" \/>\n\t<meta property=\"og:image:type\" content=\"image\/jpeg\" \/>\n<meta name=\"twitter:card\" content=\"summary_large_image\" \/>\n<meta name=\"twitter:site\" content=\"@NarIDpl\" \/>\n<meta name=\"twitter:label1\" content=\"Estimated reading time\" \/>\n\t<meta name=\"twitter:data1\" content=\"4 minutes\" \/>\n<script type=\"application\/ld+json\" class=\"yoast-schema-graph\">{\"@context\":\"https:\/\/schema.org\",\"@graph\":[{\"@type\":\"WebPage\",\"@id\":\"https:\/\/nid.pl\/wydarzenie\/dad-sl\/\",\"url\":\"https:\/\/nid.pl\/wydarzenie\/dad-sl\/\",\"name\":\"Dzie\u0144 Architektury Drewnianej w wojew\u00f3dztwie \u015bl\u0105skim - NID\",\"isPartOf\":{\"@id\":\"https:\/\/nid.pl\/#website\"},\"primaryImageOfPage\":{\"@id\":\"https:\/\/nid.pl\/wydarzenie\/dad-sl\/#primaryimage\"},\"image\":{\"@id\":\"https:\/\/nid.pl\/wydarzenie\/dad-sl\/#primaryimage\"},\"thumbnailUrl\":\"https:\/\/nid.pl\/wp-content\/uploads\/2024\/08\/dad-2024-sl-scaled.jpg\",\"datePublished\":\"2024-08-08T12:00:04+00:00\",\"dateModified\":\"2024-08-13T07:46:11+00:00\",\"breadcrumb\":{\"@id\":\"https:\/\/nid.pl\/wydarzenie\/dad-sl\/#breadcrumb\"},\"inLanguage\":\"en-GB\",\"potentialAction\":[{\"@type\":\"ReadAction\",\"target\":[\"https:\/\/nid.pl\/wydarzenie\/dad-sl\/\"]}]},{\"@type\":\"ImageObject\",\"inLanguage\":\"en-GB\",\"@id\":\"https:\/\/nid.pl\/wydarzenie\/dad-sl\/#primaryimage\",\"url\":\"https:\/\/nid.pl\/wp-content\/uploads\/2024\/08\/dad-2024-sl-scaled.jpg\",\"contentUrl\":\"https:\/\/nid.pl\/wp-content\/uploads\/2024\/08\/dad-2024-sl-scaled.jpg\",\"width\":2560,\"height\":1440,\"caption\":\"Dzie\u0144 Architektury Drewnianej w wojew\u00f3dztwie \u015bl\u0105skim\"},{\"@type\":\"BreadcrumbList\",\"@id\":\"https:\/\/nid.pl\/wydarzenie\/dad-sl\/#breadcrumb\",\"itemListElement\":[{\"@type\":\"ListItem\",\"position\":1,\"name\":\"Home\",\"item\":\"https:\/\/nid.pl\/\"},{\"@type\":\"ListItem\",\"position\":2,\"name\":\"Wydarzenia\",\"item\":\"https:\/\/nid.pl\/wydarzenia\/\"},{\"@type\":\"ListItem\",\"position\":3,\"name\":\"Dzie\u0144 Architektury Drewnianej w wojew\u00f3dztwie \u015bl\u0105skim\"}]},{\"@type\":\"WebSite\",\"@id\":\"https:\/\/nid.pl\/#website\",\"url\":\"https:\/\/nid.pl\/\",\"name\":\"NID\",\"description\":\"Narodowy Instytut Dziedzictwa\",\"publisher\":{\"@id\":\"https:\/\/nid.pl\/#organization\"},\"potentialAction\":[{\"@type\":\"SearchAction\",\"target\":{\"@type\":\"EntryPoint\",\"urlTemplate\":\"https:\/\/nid.pl\/?s={search_term_string}\"},\"query-input\":{\"@type\":\"PropertyValueSpecification\",\"valueRequired\":true,\"valueName\":\"search_term_string\"}}],\"inLanguage\":\"en-GB\"},{\"@type\":\"Organization\",\"@id\":\"https:\/\/nid.pl\/#organization\",\"name\":\"Narodowy Instytut Dziedzictwa\",\"url\":\"https:\/\/nid.pl\/\",\"logo\":{\"@type\":\"ImageObject\",\"inLanguage\":\"en-GB\",\"@id\":\"https:\/\/nid.pl\/#\/schema\/logo\/image\/\",\"url\":\"https:\/\/nid.pl\/wp-content\/uploads\/2022\/10\/logoRedDark.png\",\"contentUrl\":\"https:\/\/nid.pl\/wp-content\/uploads\/2022\/10\/logoRedDark.png\",\"width\":200,\"height\":197,\"caption\":\"Narodowy Instytut Dziedzictwa\"},\"image\":{\"@id\":\"https:\/\/nid.pl\/#\/schema\/logo\/image\/\"},\"sameAs\":[\"https:\/\/www.facebook.com\/zabytek\",\"https:\/\/x.com\/NarIDpl\",\"https:\/\/www.instagram.com\/nid.pl\/?hl=pl\",\"https:\/\/www.linkedin.com\/company\/narodowy-instytut-dziedzictwa\",\"https:\/\/www.youtube.com\/channel\/UCQXuhKa2uHtmNvLRUSx40JA\"]}]}<\/script>\n<!-- \/ Yoast SEO plugin. -->","yoast_head_json":{"title":"Dzie\u0144 Architektury Drewnianej w wojew\u00f3dztwie \u015bl\u0105skim - NID","robots":{"index":"index","follow":"follow","max-snippet":"max-snippet:-1","max-image-preview":"max-image-preview:large","max-video-preview":"max-video-preview:-1"},"canonical":"https:\/\/nid.pl\/en\/wydarzenie\/dad-sl\/","og_locale":"en_GB","og_type":"article","og_title":"Dzie\u0144 Architektury Drewnianej w wojew\u00f3dztwie \u015bl\u0105skim - NID","og_description":"Zapraszamy na wydarzenia Dnia Architektury Drewnianej w wojew\u00f3dztwie \u015bl\u0105skim W dniach 23-25 sierpnia 2024 r. zapraszamy na Dzie\u0144 Architektury Drewnianej, kt\u00f3ry po raz pierwszy odb\u0119dzie si\u0119 na terenie ca\u0142ego kraju. [&hellip;]","og_url":"https:\/\/nid.pl\/en\/wydarzenie\/dad-sl\/","og_site_name":"NID","article_publisher":"https:\/\/www.facebook.com\/zabytek","article_modified_time":"2024-08-13T07:46:11+00:00","og_image":[{"width":2560,"height":1440,"url":"https:\/\/nid.pl\/wp-content\/uploads\/2024\/08\/dad-2024-sl-scaled.jpg","type":"image\/jpeg"}],"twitter_card":"summary_large_image","twitter_site":"@NarIDpl","twitter_misc":{"Estimated reading time":"4 minutes"},"schema":{"@context":"https:\/\/schema.org","@graph":[{"@type":"WebPage","@id":"https:\/\/nid.pl\/wydarzenie\/dad-sl\/","url":"https:\/\/nid.pl\/wydarzenie\/dad-sl\/","name":"Dzie\u0144 Architektury Drewnianej w wojew\u00f3dztwie \u015bl\u0105skim - NID","isPartOf":{"@id":"https:\/\/nid.pl\/#website"},"primaryImageOfPage":{"@id":"https:\/\/nid.pl\/wydarzenie\/dad-sl\/#primaryimage"},"image":{"@id":"https:\/\/nid.pl\/wydarzenie\/dad-sl\/#primaryimage"},"thumbnailUrl":"https:\/\/nid.pl\/wp-content\/uploads\/2024\/08\/dad-2024-sl-scaled.jpg","datePublished":"2024-08-08T12:00:04+00:00","dateModified":"2024-08-13T07:46:11+00:00","breadcrumb":{"@id":"https:\/\/nid.pl\/wydarzenie\/dad-sl\/#breadcrumb"},"inLanguage":"en-GB","potentialAction":[{"@type":"ReadAction","target":["https:\/\/nid.pl\/wydarzenie\/dad-sl\/"]}]},{"@type":"ImageObject","inLanguage":"en-GB","@id":"https:\/\/nid.pl\/wydarzenie\/dad-sl\/#primaryimage","url":"https:\/\/nid.pl\/wp-content\/uploads\/2024\/08\/dad-2024-sl-scaled.jpg","contentUrl":"https:\/\/nid.pl\/wp-content\/uploads\/2024\/08\/dad-2024-sl-scaled.jpg","width":2560,"height":1440,"caption":"Dzie\u0144 Architektury Drewnianej w wojew\u00f3dztwie \u015bl\u0105skim"},{"@type":"BreadcrumbList","@id":"https:\/\/nid.pl\/wydarzenie\/dad-sl\/#breadcrumb","itemListElement":[{"@type":"ListItem","position":1,"name":"Home","item":"https:\/\/nid.pl\/"},{"@type":"ListItem","position":2,"name":"Wydarzenia","item":"https:\/\/nid.pl\/wydarzenia\/"},{"@type":"ListItem","position":3,"name":"Dzie\u0144 Architektury Drewnianej w wojew\u00f3dztwie \u015bl\u0105skim"}]},{"@type":"WebSite","@id":"https:\/\/nid.pl\/#website","url":"https:\/\/nid.pl\/","name":"NID","description":"Narodowy Instytut Dziedzictwa","publisher":{"@id":"https:\/\/nid.pl\/#organization"},"potentialAction":[{"@type":"SearchAction","target":{"@type":"EntryPoint","urlTemplate":"https:\/\/nid.pl\/?s={search_term_string}"},"query-input":{"@type":"PropertyValueSpecification","valueRequired":true,"valueName":"search_term_string"}}],"inLanguage":"en-GB"},{"@type":"Organization","@id":"https:\/\/nid.pl\/#organization","name":"Narodowy Instytut Dziedzictwa","url":"https:\/\/nid.pl\/","logo":{"@type":"ImageObject","inLanguage":"en-GB","@id":"https:\/\/nid.pl\/#\/schema\/logo\/image\/","url":"https:\/\/nid.pl\/wp-content\/uploads\/2022\/10\/logoRedDark.png","contentUrl":"https:\/\/nid.pl\/wp-content\/uploads\/2022\/10\/logoRedDark.png","width":200,"height":197,"caption":"Narodowy Instytut Dziedzictwa"},"image":{"@id":"https:\/\/nid.pl\/#\/schema\/logo\/image\/"},"sameAs":["https:\/\/www.facebook.com\/zabytek","https:\/\/x.com\/NarIDpl","https:\/\/www.instagram.com\/nid.pl\/?hl=pl","https:\/\/www.linkedin.com\/company\/narodowy-instytut-dziedzictwa","https:\/\/www.youtube.com\/channel\/UCQXuhKa2uHtmNvLRUSx40JA"]}]}},"_links":{"self":[{"href":"https:\/\/nid.pl\/en\/wp-json\/wp\/v2\/tribe_events\/21136","targetHints":{"allow":["GET"]}}],"collection":[{"href":"https:\/\/nid.pl\/en\/wp-json\/wp\/v2\/tribe_events"}],"about":[{"href":"https:\/\/nid.pl\/en\/wp-json\/wp\/v2\/types\/tribe_events"}],"author":[{"embeddable":true,"href":"https:\/\/nid.pl\/en\/wp-json\/wp\/v2\/users\/4"}],"version-history":[{"count":0,"href":"https:\/\/nid.pl\/en\/wp-json\/wp\/v2\/tribe_events\/21136\/revisions"}],"wp:featuredmedia":[{"embeddable":true,"href":"https:\/\/nid.pl\/en\/wp-json\/wp\/v2\/media\/21297"}],"wp:attachment":[{"href":"https:\/\/nid.pl\/en\/wp-json\/wp\/v2\/media?parent=21136"}],"wp:term":[{"taxonomy":"post_tag","embeddable":true,"href":"https:\/\/nid.pl\/en\/wp-json\/wp\/v2\/tags?post=21136"},{"taxonomy":"tribe_events_cat","embeddable":true,"href":"https:\/\/nid.pl\/en\/wp-json\/wp\/v2\/tribe_events_cat?post=21136"}],"curies":[{"name":"wp","href":"https:\/\/api.w.org\/{rel}","templated":true}]}}