{"id":21071,"date":"2024-08-07T18:13:32","date_gmt":"2024-08-07T16:13:32","guid":{"rendered":"https:\/\/nid.pl\/?post_type=tribe_events&#038;p=21071"},"modified":"2024-08-14T15:16:07","modified_gmt":"2024-08-14T13:16:07","slug":"dad-pd","status":"publish","type":"tribe_events","link":"https:\/\/nid.pl\/en\/wydarzenie\/dad-pd\/","title":{"rendered":"Dzie\u0144 Architektury Drewnianej w wojew\u00f3dztwie podlaskim"},"content":{"rendered":"<p><strong>Zapraszamy na wydarzenia Dnia Architektury Drewnianej w wojew\u00f3dztwie podlaskim<\/strong><\/p>\n<p>W dniach 23-25 sierpnia 2024 r. zapraszamy na <a href=\"https:\/\/nid.pl\/en\/dad\/\"><strong>Dzie\u0144 Architektury Drewnianej<\/strong><\/a>, kt\u00f3ry po raz pierwszy odb\u0119dzie si\u0119 na terenie ca\u0142ego kraju. W wojew\u00f3dztwie podlaskim wydarzenia odb\u0119d\u0105 si\u0119 w sze\u015bciu miejscowo\u015bciach.<\/p>\n<p>Wszystkich zainteresowanych zabytkow\u0105 architektur\u0105 drewnian\u0105 zapraszamy na spotkania po\u015bwi\u0119cone opiece i utrzymaniu architektury drewnianej, w tym prelekcje specjalist\u00f3w, pokazy r\u0119kodzie\u0142a oraz oprowadzanie i zwiedzanie obiekt\u00f3w architektury drewnianej.<\/p>\n<p>Dzie\u0144 Architektury Drewnianej ma na celu promocj\u0119 i popularyzacj\u0119 architektury drewnianej poprzez zwr\u00f3cenie uwagi na ten szczeg\u00f3lny zas\u00f3b, bardzo szybko znikaj\u0105cy z polskiego krajobrazu kulturowego. Do udzia\u0142u zaproszeni zostali w\u0142a\u015bciciele i u\u017cytkownicy obiekt\u00f3w drewnianych, zar\u00f3wno osoby prywatne jak i instytucje kultury i samorz\u0105dy.<\/p>\n<p>Wydarzenia zosta\u0142y zorganizowane przez Oddzia\u0142 Terenowy NID w Bia\u0142ymstoku, we wsp\u00f3\u0142pracy z Centrum Bada\u0144 nad Histori\u0105 i Kultur\u0105 Ma\u0142ych Miast w Tykocinie, Muzeum Rolnictwa im. ks. Krzysztofa Kluka w Ciechanowcu, Oddzia\u0142 w Drewnowie-Ziemakach, Podlaskim Muzeum Kultury Ludowej w Wasilkowie oraz indywidualnymi w\u0142a\u015bcicielami i opiekunami udost\u0119pnionych obiekt\u00f3w architektury drewnianej w Wo\u017anawsi gm. Rajgr\u00f3d.<\/p>\n<p>Patronat honorowy nad Dniem Architektury Drewnianej obj\u0119\u0142a Bo\u017cena \u017belazowska, Generalny Konserwator Zabytk\u00f3w, Sekretarz Stanu w Ministerstwie Kultury i Dziedzictwa Narodowego.<\/p>\n<p>Wydarzenie zosta\u0142o sfinansowane ze \u015brodk\u00f3w Ministra Kultury i Dziedzictwa Narodowego w ramach dzia\u0142alno\u015bci Pracowni Terenowej Centrum Architektury Drewnianej NID.<\/p>\n<p>Dzie\u0144 Architektury Drewnianej obj\u0119ty jest patronatem Polskiego Radia S.A.<\/p>\n<p><strong>Na wszystkie wydarzenia obowi\u0105zuje wst\u0119p wolny.<\/strong><\/p>\n<p>Zapraszamy do \u015bledzenia wydarze\u0144 na naszym <a href=\"https:\/\/www.facebook.com\/events\/1902052253573542\">Facebooku<\/a>.<\/p>\n<h4><strong>Dzie\u0144 Architektury Drewnianej w wojew\u00f3dztwie podlaskim<\/strong><\/h4>\n<p>&nbsp;<\/p>\n<h5><span style=\"color: #99ccff;\"><strong>24 sierpnia 2024 r. (sobota)<\/strong><\/span><\/h5>\n<ul>\n<li>\n<h6><strong>\u201eArchitektura drewniana w krajobrazie historycznym Tykocina\u201d<\/strong><\/h6>\n<\/li>\n<\/ul>\n<p style=\"padding-left: 40px;\">Centrum Bada\u0144 nad Histori\u0105 i Kultur\u0105 Ma\u0142ych Miast<br \/>\nPlac Czarnieckiego 10, Tykocin<br \/>\ngodz. 11.00-14.00<\/p>\n<p style=\"padding-left: 80px;\"><strong>Program spotkania:<\/strong><\/p>\n<ul>\n<li style=\"list-style-type: none;\">\n<ul>\n<li><strong>11.00-11.15<\/strong> Wyst\u0105pienia otwieraj\u0105ce.<\/li>\n<li><strong>11.15-12.00<\/strong> Seminarium:<br \/>\nPrezentacja dokumentacji architektonicznej tykoci\u0144skich dom\u00f3w drewnianych wykonanej przez student\u00f3w Wydzia\u0142u Architektury Politechniki Bia\u0142ostockiej w latach 2022 \u2013 2024.<br \/>\n\u201eZnaczenie architektury drewnianej w krajobrazie historycznym Tykocina\u201d, dr in\u017c. arch. Aleksander Owerczuk, Wydzia\u0142 Architektury Politechniki Bia\u0142ostockiej i Maria Markiewicz, Centrum Bada\u0144 nad Histori\u0105 i Kultur\u0105 Ma\u0142ych Miast.<\/li>\n<li><strong>12.00-13.30<\/strong> \u201eSpacer Szlakiem Architektury Drewnianej Tykocina. Szanse zachowania architektury drewnianej z perspektywy w\u0142a\u015bcicieli obiekt\u00f3w\u201d. Zwiedzanie dom\u00f3w przy Placu Czarnieckiego 10, Z\u0142otej 13 oraz Kaczorowskiej 1. Spotkanie z mieszka\u0144cami dom\u00f3w. Przewodnik Maria Markiewicz, Centrum Bada\u0144 nad Histori\u0105 i Kultur\u0105 Ma\u0142ych Miast.<\/li>\n<\/ul>\n<\/li>\n<li><strong>Dni Architektury Drewnianej w zagrodzie m\u0142ynarskiej w Drewnowie-Ziemakach<\/strong><\/li>\n<\/ul>\n<p style=\"padding-left: 40px;\"><strong>Oddzia\u0142 Muzeum Rolnictwa im. ks. Krzysztofa Kluka w Ciechanowcu<\/strong><br \/>\nDrewnowo-Ziemaki<br \/>\ngodz. 10.00-16.00<\/p>\n<p style=\"padding-left: 40px;\">W Drewnowie-Ziemakach Muzeum Rolnictwa w Ciechanowcu prowadzi punkt muzealny, w kt\u00f3rym znajduje si\u0119 zrekonstruowana zagroda m\u0142ynarza. Obok XIX-wiecznego wiatraka ko\u017alaka (z pe\u0142nym, sprawnym wyposa\u017ceniem) znajduje si\u0119 XIX wieczna (ok. 1875) chata translokowana z miejscowo\u015bci Usza Ma\u0142a, w kt\u00f3rej mo\u017cna podziwia\u0107 wystr\u00f3j wn\u0119trza z l. 50. XX wieku oraz piwnica tzw. ziemianka. Na oprowadzanie po obiektach zapraszaj\u0105 pracownicy muzeum.<\/p>\n<ul>\n<li><strong>Zwiedzanie indywidualne obiekt\u00f3w udost\u0119pnionych w ramach DAD<\/strong><\/li>\n<\/ul>\n<p style=\"padding-left: 40px;\"><strong>Wo\u017anawie\u015b<\/strong> 68 A, gm. Rajgr\u00f3d, Budynek szko\u0142y wybudowanej w latach 1933-1935, w stylu narodowym. W czasie II wojny \u015bwiatowej w budynku tym mie\u015bci\u0142 si\u0119 posterunek \u017candarmerii niemieckiej.<br \/>\nw\u0142a\u015bciciel: Micha\u0142 Grabowski<br \/>\ngodz. 9.00-12.00<\/p>\n<h5><span style=\"color: #99ccff;\"><strong>25 sierpnia 2024 r. (niedziela)<\/strong><\/span><\/h5>\n<ul>\n<li><strong>Spacer architektoniczny \u201eArchitektura i zdobnictwo dom\u00f3w drewnianych w Krainie Otwartych Okiennic\u201d (Puch\u0142y, Soce, Trze\u015bcianka) i warsztaty snycerskie z wyk\u0142adem<\/strong><\/li>\n<\/ul>\n<p style=\"padding-left: 40px;\"><strong>Stowarzyszenie Dziedzictwo Podlasia z siedzib\u0105 w Puch\u0142ach, gm. Narew<\/strong><br \/>\nPuch\u0142y 62, gm. Narew<br \/>\n11.00-15.30<\/p>\n<p style=\"padding-left: 80px;\"><strong>Program spotkania:<\/strong><\/p>\n<ul>\n<li style=\"list-style-type: none;\">\n<ul>\n<li>11.00-11.15 Wyst\u0105pienia otwieraj\u0105ce<\/li>\n<li>11.15-13.30 Spacer architektoniczny \u201eArchitektura i zdobnictwo dom\u00f3w drewnianych w Krainie Otwartych Okiennic\u201d \u2013 zwiedzanie trzech wsi w Krainie Otwartych Okiennic (Puch\u0142y, Soce, Trze\u015bcianka), wej\u015bcie do kilku tradycyjnych dom\u00f3w. Opcjonalnie zwiedzanie dw\u00f3ch cerkwi prawos\u0142awnych w Puch\u0142ach i Trze\u015bciance. Zwiedzanie z prelekcj\u0105 poprowadzi dr Miros\u0142aw Stepaniuk, przewodnik turystyczny po wojew\u00f3dztwie podlaskim<\/li>\n<li>13.30-13.50 Pocz\u0119stunek regionalny dla uczestnik\u00f3w<\/li>\n<li>14.00\u201315.30 Warsztaty snycerskie z wyk\u0142adem metodycznym, poprowadzenie Jerzy Ostapczuk, kierownik Pracowni Konserwacji Zabytk\u00f3w Muzeum Podlaskiego.<\/li>\n<\/ul>\n<\/li>\n<\/ul>\n<ul>\n<li><strong>Dni Architektury Drewnianej w zagrodzie m\u0142ynarskiej w Drewnowie-Ziemakach<\/strong><\/li>\n<\/ul>\n<p style=\"padding-left: 40px;\"><strong>Oddzia\u0142 Muzeum Rolnictwa im. ks. Krzysztofa Kluka w Ciechanowcu<\/strong><br \/>\nDrewnowo-Ziemaki<br \/>\ngodz. 10.00-16.00<\/p>\n<p style=\"padding-left: 40px;\">W Drewnowie-Ziemakach Muzeum Rolnictwa w Ciechanowcu prowadzi punkt muzealny, w kt\u00f3rym znajduje si\u0119 zrekonstruowana zagroda m\u0142ynarza. Obok XIX-wiecznego wiatraka ko\u017alaka (z pe\u0142nym, sprawnym wyposa\u017ceniem) znajduje si\u0119 XIX wieczna (ok. 1875) chata translokowana z miejscowo\u015bci Usza Ma\u0142a, w kt\u00f3rej mo\u017cna podziwia\u0107 wystr\u00f3j wn\u0119trza z l. 50. XX wieku oraz piwnica tzw. ziemianka. Na oprowadzanie po obiektach zapraszaj\u0105 pracownicy muzeum.<\/p>\n<ul>\n<li><strong>Zwiedzanie indywidualne obiekt\u00f3w udost\u0119pnionych do w ramach DAD<\/strong><\/li>\n<\/ul>\n<p style=\"padding-left: 40px;\"><strong>Wo\u017anawie\u015b 68<\/strong> A, gm. Rajgr\u00f3d, Budynek szko\u0142y wybudowanej w latach 1933-1935, w stylu narodowym. W czasie II wojny \u015bwiatowej w budynku tym mie\u015bci\u0142 si\u0119 posterunek \u017candarmerii niemieckiej.<br \/>\nw\u0142a\u015bciciel: Micha\u0142 Grabowski<br \/>\ngodz. 9.00-12.00<\/p>\n<ul>\n<li><strong>Dni Architektury Drewnianej w Skansenie w Wasilkowie<\/strong><\/li>\n<\/ul>\n<p style=\"padding-left: 40px;\"><strong>Podlaskie Muzeum Kultury Ludowej<\/strong><br \/>\nul. Le\u015bna 11, Wasilk\u00f3w<br \/>\ngodz. 10.00-18.00<\/p>\n<p style=\"padding-left: 40px;\">W wasilkowskim skansenie udost\u0119pnione zostan\u0105 dwa obiekty translokowane 2016 roku z miejscowo\u015bci Czy\u017ce: dom mieszkalny z 1946 roku, szerokofrontowy, szalowany, bogato zdobiony oraz dom z 1888 roku, o konstrukcji zr\u0119bowej, szerokofrontowy, w kt\u00f3rego wn\u0119trzu znajduje si\u0119 wystawa sta\u0142a \u2013 wn\u0119trze z okresu mi\u0119dzywojennego. Dodatkowo zorganizowane zostan\u0105 warsztaty snycerskie wykonywania detali architektonicznych, kt\u00f3re poprowadzi Ewa Korniluk r\u0119kodzielniczka, kt\u00f3ra odtwarza podlaskie ornamenty okienne.<\/p>\n<h5><span style=\"color: #99ccff;\"><strong>31 sierpnia 2024 r. (sobota)<\/strong><\/span><\/h5>\n<ul>\n<li><strong>Rajd rowerowy przez Krain\u0119 Otwartych Okiennic<\/strong><\/li>\n<\/ul>\n<p style=\"padding-left: 40px;\"><strong>Stowarzyszenie Dziedzictwo Podlasia z siedzib\u0105 w Puch\u0142ach, gm. Narew<\/strong><br \/>\nPuch\u0142y 62, gm. Narew<br \/>\nstart: godz. 11.00<\/p>\n<p style=\"padding-left: 40px;\">","protected":false},"excerpt":{"rendered":"<p>Zapraszamy na wydarzenia Dnia Architektury Drewnianej w wojew\u00f3dztwie podlaskim W dniach 23-25 sierpnia 2024 r. zapraszamy na Dzie\u0144 Architektury Drewnianej, kt\u00f3ry po raz pierwszy odb\u0119dzie si\u0119 na terenie ca\u0142ego kraju. [&hellip;]<\/p>","protected":false},"author":4,"featured_media":21295,"template":"","meta":{"_et_pb_use_builder":"","_et_pb_old_content":"","_et_gb_content_width":"","_monsterinsights_skip_tracking":false,"_monsterinsights_sitenote_active":false,"_monsterinsights_sitenote_note":"","_monsterinsights_sitenote_category":0,"_tribe_events_status":"","_tribe_events_status_reason":"","footnotes":""},"tags":[],"tribe_events_cat":[121,123],"class_list":["post-21071","tribe_events","type-tribe_events","status-publish","has-post-thumbnail","hentry","tribe_events_cat-dzien-architektury-drewnianej","tribe_events_cat-wydarzenia-cykliczne","cat_dzien-architektury-drewnianej","cat_wydarzenia-cykliczne"],"yoast_head":"<!-- This site is optimized with the Yoast SEO plugin v26.5 - https:\/\/yoast.com\/wordpress\/plugins\/seo\/ -->\n<title>Dzie\u0144 Architektury Drewnianej w wojew\u00f3dztwie podlaskim - NID<\/title>\n<meta name=\"robots\" content=\"index, follow, max-snippet:-1, max-image-preview:large, max-video-preview:-1\" \/>\n<link rel=\"canonical\" href=\"https:\/\/nid.pl\/en\/wydarzenie\/dad-pd\/\" \/>\n<meta property=\"og:locale\" content=\"en_GB\" \/>\n<meta property=\"og:type\" content=\"article\" \/>\n<meta property=\"og:title\" content=\"Dzie\u0144 Architektury Drewnianej w wojew\u00f3dztwie podlaskim - NID\" \/>\n<meta property=\"og:description\" content=\"Zapraszamy na wydarzenia Dnia Architektury Drewnianej w wojew\u00f3dztwie podlaskim W dniach 23-25 sierpnia 2024 r. zapraszamy na Dzie\u0144 Architektury Drewnianej, kt\u00f3ry po raz pierwszy odb\u0119dzie si\u0119 na terenie ca\u0142ego kraju. [&hellip;]\" \/>\n<meta property=\"og:url\" content=\"https:\/\/nid.pl\/en\/wydarzenie\/dad-pd\/\" \/>\n<meta property=\"og:site_name\" content=\"NID\" \/>\n<meta property=\"article:publisher\" content=\"https:\/\/www.facebook.com\/zabytek\" \/>\n<meta property=\"article:modified_time\" content=\"2024-08-14T13:16:07+00:00\" \/>\n<meta property=\"og:image\" content=\"https:\/\/nid.pl\/wp-content\/uploads\/2024\/08\/dad-2024-pdl-scaled.jpg\" \/>\n\t<meta property=\"og:image:width\" content=\"2560\" \/>\n\t<meta property=\"og:image:height\" content=\"1440\" \/>\n\t<meta property=\"og:image:type\" content=\"image\/jpeg\" \/>\n<meta name=\"twitter:card\" content=\"summary_large_image\" \/>\n<meta name=\"twitter:site\" content=\"@NarIDpl\" \/>\n<meta name=\"twitter:label1\" content=\"Estimated reading time\" \/>\n\t<meta name=\"twitter:data1\" content=\"5 minutes\" \/>\n<script type=\"application\/ld+json\" class=\"yoast-schema-graph\">{\"@context\":\"https:\/\/schema.org\",\"@graph\":[{\"@type\":\"WebPage\",\"@id\":\"https:\/\/nid.pl\/wydarzenie\/dad-pd\/\",\"url\":\"https:\/\/nid.pl\/wydarzenie\/dad-pd\/\",\"name\":\"Dzie\u0144 Architektury Drewnianej w wojew\u00f3dztwie podlaskim - NID\",\"isPartOf\":{\"@id\":\"https:\/\/nid.pl\/#website\"},\"primaryImageOfPage\":{\"@id\":\"https:\/\/nid.pl\/wydarzenie\/dad-pd\/#primaryimage\"},\"image\":{\"@id\":\"https:\/\/nid.pl\/wydarzenie\/dad-pd\/#primaryimage\"},\"thumbnailUrl\":\"https:\/\/nid.pl\/wp-content\/uploads\/2024\/08\/dad-2024-pdl-scaled.jpg\",\"datePublished\":\"2024-08-07T16:13:32+00:00\",\"dateModified\":\"2024-08-14T13:16:07+00:00\",\"breadcrumb\":{\"@id\":\"https:\/\/nid.pl\/wydarzenie\/dad-pd\/#breadcrumb\"},\"inLanguage\":\"en-GB\",\"potentialAction\":[{\"@type\":\"ReadAction\",\"target\":[\"https:\/\/nid.pl\/wydarzenie\/dad-pd\/\"]}]},{\"@type\":\"ImageObject\",\"inLanguage\":\"en-GB\",\"@id\":\"https:\/\/nid.pl\/wydarzenie\/dad-pd\/#primaryimage\",\"url\":\"https:\/\/nid.pl\/wp-content\/uploads\/2024\/08\/dad-2024-pdl-scaled.jpg\",\"contentUrl\":\"https:\/\/nid.pl\/wp-content\/uploads\/2024\/08\/dad-2024-pdl-scaled.jpg\",\"width\":2560,\"height\":1440,\"caption\":\"Dzie\u0144 Architektury Drewnianej w wojew\u00f3dztwie podlaskim\"},{\"@type\":\"BreadcrumbList\",\"@id\":\"https:\/\/nid.pl\/wydarzenie\/dad-pd\/#breadcrumb\",\"itemListElement\":[{\"@type\":\"ListItem\",\"position\":1,\"name\":\"Home\",\"item\":\"https:\/\/nid.pl\/\"},{\"@type\":\"ListItem\",\"position\":2,\"name\":\"Wydarzenia\",\"item\":\"https:\/\/nid.pl\/wydarzenia\/\"},{\"@type\":\"ListItem\",\"position\":3,\"name\":\"Dzie\u0144 Architektury Drewnianej w wojew\u00f3dztwie podlaskim\"}]},{\"@type\":\"WebSite\",\"@id\":\"https:\/\/nid.pl\/#website\",\"url\":\"https:\/\/nid.pl\/\",\"name\":\"NID\",\"description\":\"Narodowy Instytut Dziedzictwa\",\"publisher\":{\"@id\":\"https:\/\/nid.pl\/#organization\"},\"potentialAction\":[{\"@type\":\"SearchAction\",\"target\":{\"@type\":\"EntryPoint\",\"urlTemplate\":\"https:\/\/nid.pl\/?s={search_term_string}\"},\"query-input\":{\"@type\":\"PropertyValueSpecification\",\"valueRequired\":true,\"valueName\":\"search_term_string\"}}],\"inLanguage\":\"en-GB\"},{\"@type\":\"Organization\",\"@id\":\"https:\/\/nid.pl\/#organization\",\"name\":\"Narodowy Instytut Dziedzictwa\",\"url\":\"https:\/\/nid.pl\/\",\"logo\":{\"@type\":\"ImageObject\",\"inLanguage\":\"en-GB\",\"@id\":\"https:\/\/nid.pl\/#\/schema\/logo\/image\/\",\"url\":\"https:\/\/nid.pl\/wp-content\/uploads\/2022\/10\/logoRedDark.png\",\"contentUrl\":\"https:\/\/nid.pl\/wp-content\/uploads\/2022\/10\/logoRedDark.png\",\"width\":200,\"height\":197,\"caption\":\"Narodowy Instytut Dziedzictwa\"},\"image\":{\"@id\":\"https:\/\/nid.pl\/#\/schema\/logo\/image\/\"},\"sameAs\":[\"https:\/\/www.facebook.com\/zabytek\",\"https:\/\/x.com\/NarIDpl\",\"https:\/\/www.instagram.com\/nid.pl\/?hl=pl\",\"https:\/\/www.linkedin.com\/company\/narodowy-instytut-dziedzictwa\",\"https:\/\/www.youtube.com\/channel\/UCQXuhKa2uHtmNvLRUSx40JA\"]}]}<\/script>\n<!-- \/ Yoast SEO plugin. -->","yoast_head_json":{"title":"Dzie\u0144 Architektury Drewnianej w wojew\u00f3dztwie podlaskim - NID","robots":{"index":"index","follow":"follow","max-snippet":"max-snippet:-1","max-image-preview":"max-image-preview:large","max-video-preview":"max-video-preview:-1"},"canonical":"https:\/\/nid.pl\/en\/wydarzenie\/dad-pd\/","og_locale":"en_GB","og_type":"article","og_title":"Dzie\u0144 Architektury Drewnianej w wojew\u00f3dztwie podlaskim - NID","og_description":"Zapraszamy na wydarzenia Dnia Architektury Drewnianej w wojew\u00f3dztwie podlaskim W dniach 23-25 sierpnia 2024 r. zapraszamy na Dzie\u0144 Architektury Drewnianej, kt\u00f3ry po raz pierwszy odb\u0119dzie si\u0119 na terenie ca\u0142ego kraju. [&hellip;]","og_url":"https:\/\/nid.pl\/en\/wydarzenie\/dad-pd\/","og_site_name":"NID","article_publisher":"https:\/\/www.facebook.com\/zabytek","article_modified_time":"2024-08-14T13:16:07+00:00","og_image":[{"width":2560,"height":1440,"url":"https:\/\/nid.pl\/wp-content\/uploads\/2024\/08\/dad-2024-pdl-scaled.jpg","type":"image\/jpeg"}],"twitter_card":"summary_large_image","twitter_site":"@NarIDpl","twitter_misc":{"Estimated reading time":"5 minutes"},"schema":{"@context":"https:\/\/schema.org","@graph":[{"@type":"WebPage","@id":"https:\/\/nid.pl\/wydarzenie\/dad-pd\/","url":"https:\/\/nid.pl\/wydarzenie\/dad-pd\/","name":"Dzie\u0144 Architektury Drewnianej w wojew\u00f3dztwie podlaskim - NID","isPartOf":{"@id":"https:\/\/nid.pl\/#website"},"primaryImageOfPage":{"@id":"https:\/\/nid.pl\/wydarzenie\/dad-pd\/#primaryimage"},"image":{"@id":"https:\/\/nid.pl\/wydarzenie\/dad-pd\/#primaryimage"},"thumbnailUrl":"https:\/\/nid.pl\/wp-content\/uploads\/2024\/08\/dad-2024-pdl-scaled.jpg","datePublished":"2024-08-07T16:13:32+00:00","dateModified":"2024-08-14T13:16:07+00:00","breadcrumb":{"@id":"https:\/\/nid.pl\/wydarzenie\/dad-pd\/#breadcrumb"},"inLanguage":"en-GB","potentialAction":[{"@type":"ReadAction","target":["https:\/\/nid.pl\/wydarzenie\/dad-pd\/"]}]},{"@type":"ImageObject","inLanguage":"en-GB","@id":"https:\/\/nid.pl\/wydarzenie\/dad-pd\/#primaryimage","url":"https:\/\/nid.pl\/wp-content\/uploads\/2024\/08\/dad-2024-pdl-scaled.jpg","contentUrl":"https:\/\/nid.pl\/wp-content\/uploads\/2024\/08\/dad-2024-pdl-scaled.jpg","width":2560,"height":1440,"caption":"Dzie\u0144 Architektury Drewnianej w wojew\u00f3dztwie podlaskim"},{"@type":"BreadcrumbList","@id":"https:\/\/nid.pl\/wydarzenie\/dad-pd\/#breadcrumb","itemListElement":[{"@type":"ListItem","position":1,"name":"Home","item":"https:\/\/nid.pl\/"},{"@type":"ListItem","position":2,"name":"Wydarzenia","item":"https:\/\/nid.pl\/wydarzenia\/"},{"@type":"ListItem","position":3,"name":"Dzie\u0144 Architektury Drewnianej w wojew\u00f3dztwie podlaskim"}]},{"@type":"WebSite","@id":"https:\/\/nid.pl\/#website","url":"https:\/\/nid.pl\/","name":"NID","description":"Narodowy Instytut Dziedzictwa","publisher":{"@id":"https:\/\/nid.pl\/#organization"},"potentialAction":[{"@type":"SearchAction","target":{"@type":"EntryPoint","urlTemplate":"https:\/\/nid.pl\/?s={search_term_string}"},"query-input":{"@type":"PropertyValueSpecification","valueRequired":true,"valueName":"search_term_string"}}],"inLanguage":"en-GB"},{"@type":"Organization","@id":"https:\/\/nid.pl\/#organization","name":"Narodowy Instytut Dziedzictwa","url":"https:\/\/nid.pl\/","logo":{"@type":"ImageObject","inLanguage":"en-GB","@id":"https:\/\/nid.pl\/#\/schema\/logo\/image\/","url":"https:\/\/nid.pl\/wp-content\/uploads\/2022\/10\/logoRedDark.png","contentUrl":"https:\/\/nid.pl\/wp-content\/uploads\/2022\/10\/logoRedDark.png","width":200,"height":197,"caption":"Narodowy Instytut Dziedzictwa"},"image":{"@id":"https:\/\/nid.pl\/#\/schema\/logo\/image\/"},"sameAs":["https:\/\/www.facebook.com\/zabytek","https:\/\/x.com\/NarIDpl","https:\/\/www.instagram.com\/nid.pl\/?hl=pl","https:\/\/www.linkedin.com\/company\/narodowy-instytut-dziedzictwa","https:\/\/www.youtube.com\/channel\/UCQXuhKa2uHtmNvLRUSx40JA"]}]}},"_links":{"self":[{"href":"https:\/\/nid.pl\/en\/wp-json\/wp\/v2\/tribe_events\/21071","targetHints":{"allow":["GET"]}}],"collection":[{"href":"https:\/\/nid.pl\/en\/wp-json\/wp\/v2\/tribe_events"}],"about":[{"href":"https:\/\/nid.pl\/en\/wp-json\/wp\/v2\/types\/tribe_events"}],"author":[{"embeddable":true,"href":"https:\/\/nid.pl\/en\/wp-json\/wp\/v2\/users\/4"}],"version-history":[{"count":0,"href":"https:\/\/nid.pl\/en\/wp-json\/wp\/v2\/tribe_events\/21071\/revisions"}],"wp:featuredmedia":[{"embeddable":true,"href":"https:\/\/nid.pl\/en\/wp-json\/wp\/v2\/media\/21295"}],"wp:attachment":[{"href":"https:\/\/nid.pl\/en\/wp-json\/wp\/v2\/media?parent=21071"}],"wp:term":[{"taxonomy":"post_tag","embeddable":true,"href":"https:\/\/nid.pl\/en\/wp-json\/wp\/v2\/tags?post=21071"},{"taxonomy":"tribe_events_cat","embeddable":true,"href":"https:\/\/nid.pl\/en\/wp-json\/wp\/v2\/tribe_events_cat?post=21071"}],"curies":[{"name":"wp","href":"https:\/\/api.w.org\/{rel}","templated":true}]}}