{"id":21025,"date":"2024-08-06T15:58:51","date_gmt":"2024-08-06T13:58:51","guid":{"rendered":"https:\/\/nid.pl\/?post_type=tribe_events&#038;p=21025"},"modified":"2024-08-20T13:15:03","modified_gmt":"2024-08-20T11:15:03","slug":"dad-kp","status":"publish","type":"tribe_events","link":"https:\/\/nid.pl\/en\/wydarzenie\/dad-kp\/","title":{"rendered":"Dzie\u0144 Architektury Drewnianej w wojew\u00f3dztwie kujawsko-pomorskim"},"content":{"rendered":"<p><strong>Zapraszamy na wydarzenia Dnia Architektury Drewnianej w wojew\u00f3dztwie kujawsko-pomorskim<\/strong><\/p>\n<p>W dniach 23-25 sierpnia 2024 r. zapraszamy na <a href=\"https:\/\/nid.pl\/en\/dad\/\" target=\"_blank\" rel=\"noopener\">Dzie\u0144 Architektury Drewnianej<\/a>, kt\u00f3ry po raz pierwszy odb\u0119dzie si\u0119 na terenie ca\u0142ego kraju. W wojew\u00f3dztwie kujawsko-pomorskim wydarzenia odb\u0119d\u0105 si\u0119 w czterech miejscowo\u015bciach.<\/p>\n<p>Wszystkich zainteresowanych zabytkow\u0105 architektur\u0105 drewnian\u0105 zapraszamy na spotkania po\u015bwi\u0119cone opiece i konserwacji architektury drewnianej, w tym prelekcje specjalist\u00f3w, pokazy konserwacji oraz oprowadzanie i zwiedzanie obiekt\u00f3w architektury drewnianej.<\/p>\n<p>Dzie\u0144 Architektury Drewnianej ma na celu promocj\u0119 i popularyzacj\u0119 architektury drewnianej poprzez zwr\u00f3cenie uwagi na ten szczeg\u00f3lny zas\u00f3b, bardzo szybko znikaj\u0105cy z polskiego krajobrazu kulturowego. Do udzia\u0142u zaproszeni zostali w\u0142a\u015bciciele i u\u017cytkownicy obiekt\u00f3w drewnianych, zar\u00f3wno osoby prywatne jak i instytucje kultury i samorz\u0105dy.<\/p>\n<p>Wydarzenia zosta\u0142y zorganizowane przez Oddzia\u0142 Terenowy NID w Toruniu, we wsp\u00f3\u0142pracy z Muzeum Etnograficznym im. Marii Znamierowskiej-Pr\u00fcfferowej w Toruniu, Miejskim Centrum Kultury w Ciechocinku i Uzdrowiskiem Ciechocinek S.A.<\/p>\n<p>Patronat honorowy nad Dniem Architektury Drewnianej obj\u0119\u0142a Bo\u017cena \u017belazowska, Generalny Konserwator Zabytk\u00f3w, Sekretarz Stanu w Ministerstwie Kultury i Dziedzictwa Narodowego.<br \/>\nWydarzenie zosta\u0142o sfinansowane ze \u015brodk\u00f3w Ministra Kultury i Dziedzictwa Narodowego w ramach dzia\u0142alno\u015bci Pracowni Terenowej Centrum Architektury Drewnianej NID.<\/p>\n<p>Dzie\u0144 Architektury Drewnianej obj\u0119ty jest patronatem Polskiego Radia S.A.<\/p>\n<p><strong>Na wszystkie wydarzenia obowi\u0105zuje wst\u0119p wolny.<\/strong><\/p>\n<p>Zapraszamy do \u015bledzenia wydarze\u0144 na naszym <a href=\"https:\/\/www.facebook.com\/events\/1902052253573542\">Facebooku<\/a>.<\/p>\n<p>&nbsp;<\/p>\n<h4><strong>Dzie\u0144 Architektury Drewnianej w wojew\u00f3dztwie kujawsko-pomorskim<\/strong><\/h4>\n<h5><span style=\"color: #fec63d;\"><strong>24 sierpnia 2024 r. (sobota)<br \/>\nToru\u0144, Wielka Nieszawka, Kaszczorek<\/strong><\/span><\/h5>\n<ul>\n<li>\n<h6><strong>Dzie\u0144 otwarty z architektur\u0105 drewnian\u0105 w Muzeum (Park Etnograficzny w centrum Torunia)<\/strong><\/h6>\n<\/li>\n<\/ul>\n<p style=\"padding-left: 40px;\">Muzeum Etnograficzne im. Marii Znamierowskiej-Pr\u00fcfferowej w Toruniu (MET),<br \/>\nWa\u0142y gen. Sikorskiego 19, 87-100 Toru\u0144<br \/>\ngodz. 10.00-18.00<\/p>\n<p style=\"padding-left: 80px;\"><strong>Program:<\/strong><\/p>\n<p style=\"padding-left: 80px;\"><strong>12.00-12.10<\/strong> &#8211; wyst\u0105pienia otwieraj\u0105ce<br \/>\n<strong>12.10-13.10<\/strong> &#8211; wyk\u0142ad pt. \u201eSnycerstwo w architekturze drewnianej\u201d po\u0142\u0105czony z pokazem element\u00f3w detalu architektonicznego &#8211; dr Stanis\u0142aw Ko\u015bmi\u0144ski &#8211; Wydzia\u0142 Sztuk Pi\u0119knych Uniwersytetu Miko\u0142aja Kopernika w Toruniu<\/p>\n<p style=\"padding-left: 80px;\">Po wyk\u0142adzie pocz\u0119stunek regionalny przygotowany przez Ko\u0142o Gospody\u0144 Wiejskich NAWRA<\/p>\n<p><strong>R\u00f3wnolegle w Oddzia\u0142ach MET:<\/strong><\/p>\n<p style=\"padding-left: 40px;\"><strong>godz. 10.00-18.00 &#8211;<\/strong> Dzie\u0144 otwarty z architektur\u0105 drewnian\u0105 w Oddzia\u0142ach MET:<br \/>\n<strong>Miejsce:<\/strong> Park Etnograficzny w Kaszczorku (ul. Turystyczna 130)<br \/>\n<strong>Miejsce:<\/strong> Olenderski Park Etnograficzny w Wielkiej Nieszawce (ul. Mennonit\u00f3w 14)<\/p>\n<p style=\"padding-left: 40px;\"><strong>godz. 15.00 &#8211; 17.00<\/strong> &#8211; Prelekcja po\u0142\u0105czona ze zwiedzaniem pt. &#8220;Translokacja architektury drewnianej na przyk\u0142adzie zagr\u00f3d w Olenderskim Parku Etnograficznym&#8221;<br \/>\nAnna Ma\u015blak \u2013 kierownik Olenderskiego parku Etnograficznego<\/p>\n<p><span style=\"color: #fec63d;\"><strong>24 sierpnia 2024 r. (sobota)<br \/>\nCiechocinek<\/strong><\/span><\/p>\n<p style=\"padding-left: 40px;\"><strong>godz. 13:00-15:00 oraz 16:00-18:00 &#8211; <\/strong>Spacer tematyczny: \u201eNiejeden tkwi tu s\u0119k!\u201d &#8211; oprowadzanie \u015bladami architektury drewnianej po Ciechocinku.<br \/>\n<strong>Miejsce:<\/strong> obiekty architektury drewnianej Ciechocinka (wraz z T\u0119\u017cni\u0105 nr 2 Uzdrowiska Ciechocinek S.A.)<br \/>\n<strong>Oprowadzaj\u0105:<\/strong> Micha\u0142 Tadeusz Gajewski \u2013 dyrektor Miejskiego Centrum Kultury w Ciechocinku, Andrzej Kloc &#8211; przewodnik PTTK<\/p>\n<p>&nbsp;<\/p>\n<p>&nbsp;<\/p>","protected":false},"excerpt":{"rendered":"<p>Zapraszamy na wydarzenia Dnia Architektury Drewnianej w wojew\u00f3dztwie kujawsko-pomorskim W dniach 23-25 sierpnia 2024 r. zapraszamy na Dzie\u0144 Architektury Drewnianej, kt\u00f3ry po raz pierwszy odb\u0119dzie si\u0119 na terenie ca\u0142ego kraju. [&hellip;]<\/p>","protected":false},"author":4,"featured_media":21290,"template":"","meta":{"_et_pb_use_builder":"","_et_pb_old_content":"","_et_gb_content_width":"","_monsterinsights_skip_tracking":false,"_monsterinsights_sitenote_active":false,"_monsterinsights_sitenote_note":"","_monsterinsights_sitenote_category":0,"_tribe_events_status":"","_tribe_events_status_reason":"","footnotes":""},"tags":[],"tribe_events_cat":[121,123],"class_list":["post-21025","tribe_events","type-tribe_events","status-publish","has-post-thumbnail","hentry","tribe_events_cat-dzien-architektury-drewnianej","tribe_events_cat-wydarzenia-cykliczne","cat_dzien-architektury-drewnianej","cat_wydarzenia-cykliczne"],"yoast_head":"<!-- This site is optimized with the Yoast SEO plugin v26.5 - https:\/\/yoast.com\/wordpress\/plugins\/seo\/ -->\n<title>Dzie\u0144 Architektury Drewnianej w wojew\u00f3dztwie kujawsko-pomorskim - NID<\/title>\n<meta name=\"robots\" content=\"index, follow, max-snippet:-1, max-image-preview:large, max-video-preview:-1\" \/>\n<link rel=\"canonical\" href=\"https:\/\/nid.pl\/en\/wydarzenie\/dad-kp\/\" \/>\n<meta property=\"og:locale\" content=\"en_GB\" \/>\n<meta property=\"og:type\" content=\"article\" \/>\n<meta property=\"og:title\" content=\"Dzie\u0144 Architektury Drewnianej w wojew\u00f3dztwie kujawsko-pomorskim - NID\" \/>\n<meta property=\"og:description\" content=\"Zapraszamy na wydarzenia Dnia Architektury Drewnianej w wojew\u00f3dztwie kujawsko-pomorskim W dniach 23-25 sierpnia 2024 r. zapraszamy na Dzie\u0144 Architektury Drewnianej, kt\u00f3ry po raz pierwszy odb\u0119dzie si\u0119 na terenie ca\u0142ego kraju. [&hellip;]\" \/>\n<meta property=\"og:url\" content=\"https:\/\/nid.pl\/en\/wydarzenie\/dad-kp\/\" \/>\n<meta property=\"og:site_name\" content=\"NID\" \/>\n<meta property=\"article:publisher\" content=\"https:\/\/www.facebook.com\/zabytek\" \/>\n<meta property=\"article:modified_time\" content=\"2024-08-20T11:15:03+00:00\" \/>\n<meta property=\"og:image\" content=\"https:\/\/nid.pl\/wp-content\/uploads\/2024\/08\/dad-2024-kuj-pom-scaled.jpg\" \/>\n\t<meta property=\"og:image:width\" content=\"2560\" \/>\n\t<meta property=\"og:image:height\" content=\"1440\" \/>\n\t<meta property=\"og:image:type\" content=\"image\/jpeg\" \/>\n<meta name=\"twitter:card\" content=\"summary_large_image\" \/>\n<meta name=\"twitter:site\" content=\"@NarIDpl\" \/>\n<meta name=\"twitter:label1\" content=\"Estimated reading time\" \/>\n\t<meta name=\"twitter:data1\" content=\"3 minutes\" \/>\n<script type=\"application\/ld+json\" class=\"yoast-schema-graph\">{\"@context\":\"https:\/\/schema.org\",\"@graph\":[{\"@type\":\"WebPage\",\"@id\":\"https:\/\/nid.pl\/wydarzenie\/dad-kp\/\",\"url\":\"https:\/\/nid.pl\/wydarzenie\/dad-kp\/\",\"name\":\"Dzie\u0144 Architektury Drewnianej w wojew\u00f3dztwie kujawsko-pomorskim - NID\",\"isPartOf\":{\"@id\":\"https:\/\/nid.pl\/#website\"},\"primaryImageOfPage\":{\"@id\":\"https:\/\/nid.pl\/wydarzenie\/dad-kp\/#primaryimage\"},\"image\":{\"@id\":\"https:\/\/nid.pl\/wydarzenie\/dad-kp\/#primaryimage\"},\"thumbnailUrl\":\"https:\/\/nid.pl\/wp-content\/uploads\/2024\/08\/dad-2024-kuj-pom-scaled.jpg\",\"datePublished\":\"2024-08-06T13:58:51+00:00\",\"dateModified\":\"2024-08-20T11:15:03+00:00\",\"breadcrumb\":{\"@id\":\"https:\/\/nid.pl\/wydarzenie\/dad-kp\/#breadcrumb\"},\"inLanguage\":\"en-GB\",\"potentialAction\":[{\"@type\":\"ReadAction\",\"target\":[\"https:\/\/nid.pl\/wydarzenie\/dad-kp\/\"]}]},{\"@type\":\"ImageObject\",\"inLanguage\":\"en-GB\",\"@id\":\"https:\/\/nid.pl\/wydarzenie\/dad-kp\/#primaryimage\",\"url\":\"https:\/\/nid.pl\/wp-content\/uploads\/2024\/08\/dad-2024-kuj-pom-scaled.jpg\",\"contentUrl\":\"https:\/\/nid.pl\/wp-content\/uploads\/2024\/08\/dad-2024-kuj-pom-scaled.jpg\",\"width\":2560,\"height\":1440,\"caption\":\"Dzie\u0144 Architektury Drewnianej w wojew\u00f3dztwie kujawsko-pomorskim\"},{\"@type\":\"BreadcrumbList\",\"@id\":\"https:\/\/nid.pl\/wydarzenie\/dad-kp\/#breadcrumb\",\"itemListElement\":[{\"@type\":\"ListItem\",\"position\":1,\"name\":\"Home\",\"item\":\"https:\/\/nid.pl\/\"},{\"@type\":\"ListItem\",\"position\":2,\"name\":\"Wydarzenia\",\"item\":\"https:\/\/nid.pl\/wydarzenia\/\"},{\"@type\":\"ListItem\",\"position\":3,\"name\":\"Dzie\u0144 Architektury Drewnianej w wojew\u00f3dztwie kujawsko-pomorskim\"}]},{\"@type\":\"WebSite\",\"@id\":\"https:\/\/nid.pl\/#website\",\"url\":\"https:\/\/nid.pl\/\",\"name\":\"NID\",\"description\":\"Narodowy Instytut Dziedzictwa\",\"publisher\":{\"@id\":\"https:\/\/nid.pl\/#organization\"},\"potentialAction\":[{\"@type\":\"SearchAction\",\"target\":{\"@type\":\"EntryPoint\",\"urlTemplate\":\"https:\/\/nid.pl\/?s={search_term_string}\"},\"query-input\":{\"@type\":\"PropertyValueSpecification\",\"valueRequired\":true,\"valueName\":\"search_term_string\"}}],\"inLanguage\":\"en-GB\"},{\"@type\":\"Organization\",\"@id\":\"https:\/\/nid.pl\/#organization\",\"name\":\"Narodowy Instytut Dziedzictwa\",\"url\":\"https:\/\/nid.pl\/\",\"logo\":{\"@type\":\"ImageObject\",\"inLanguage\":\"en-GB\",\"@id\":\"https:\/\/nid.pl\/#\/schema\/logo\/image\/\",\"url\":\"https:\/\/nid.pl\/wp-content\/uploads\/2022\/10\/logoRedDark.png\",\"contentUrl\":\"https:\/\/nid.pl\/wp-content\/uploads\/2022\/10\/logoRedDark.png\",\"width\":200,\"height\":197,\"caption\":\"Narodowy Instytut Dziedzictwa\"},\"image\":{\"@id\":\"https:\/\/nid.pl\/#\/schema\/logo\/image\/\"},\"sameAs\":[\"https:\/\/www.facebook.com\/zabytek\",\"https:\/\/x.com\/NarIDpl\",\"https:\/\/www.instagram.com\/nid.pl\/?hl=pl\",\"https:\/\/www.linkedin.com\/company\/narodowy-instytut-dziedzictwa\",\"https:\/\/www.youtube.com\/channel\/UCQXuhKa2uHtmNvLRUSx40JA\"]}]}<\/script>\n<!-- \/ Yoast SEO plugin. -->","yoast_head_json":{"title":"Dzie\u0144 Architektury Drewnianej w wojew\u00f3dztwie kujawsko-pomorskim - NID","robots":{"index":"index","follow":"follow","max-snippet":"max-snippet:-1","max-image-preview":"max-image-preview:large","max-video-preview":"max-video-preview:-1"},"canonical":"https:\/\/nid.pl\/en\/wydarzenie\/dad-kp\/","og_locale":"en_GB","og_type":"article","og_title":"Dzie\u0144 Architektury Drewnianej w wojew\u00f3dztwie kujawsko-pomorskim - NID","og_description":"Zapraszamy na wydarzenia Dnia Architektury Drewnianej w wojew\u00f3dztwie kujawsko-pomorskim W dniach 23-25 sierpnia 2024 r. zapraszamy na Dzie\u0144 Architektury Drewnianej, kt\u00f3ry po raz pierwszy odb\u0119dzie si\u0119 na terenie ca\u0142ego kraju. [&hellip;]","og_url":"https:\/\/nid.pl\/en\/wydarzenie\/dad-kp\/","og_site_name":"NID","article_publisher":"https:\/\/www.facebook.com\/zabytek","article_modified_time":"2024-08-20T11:15:03+00:00","og_image":[{"width":2560,"height":1440,"url":"https:\/\/nid.pl\/wp-content\/uploads\/2024\/08\/dad-2024-kuj-pom-scaled.jpg","type":"image\/jpeg"}],"twitter_card":"summary_large_image","twitter_site":"@NarIDpl","twitter_misc":{"Estimated reading time":"3 minutes"},"schema":{"@context":"https:\/\/schema.org","@graph":[{"@type":"WebPage","@id":"https:\/\/nid.pl\/wydarzenie\/dad-kp\/","url":"https:\/\/nid.pl\/wydarzenie\/dad-kp\/","name":"Dzie\u0144 Architektury Drewnianej w wojew\u00f3dztwie kujawsko-pomorskim - NID","isPartOf":{"@id":"https:\/\/nid.pl\/#website"},"primaryImageOfPage":{"@id":"https:\/\/nid.pl\/wydarzenie\/dad-kp\/#primaryimage"},"image":{"@id":"https:\/\/nid.pl\/wydarzenie\/dad-kp\/#primaryimage"},"thumbnailUrl":"https:\/\/nid.pl\/wp-content\/uploads\/2024\/08\/dad-2024-kuj-pom-scaled.jpg","datePublished":"2024-08-06T13:58:51+00:00","dateModified":"2024-08-20T11:15:03+00:00","breadcrumb":{"@id":"https:\/\/nid.pl\/wydarzenie\/dad-kp\/#breadcrumb"},"inLanguage":"en-GB","potentialAction":[{"@type":"ReadAction","target":["https:\/\/nid.pl\/wydarzenie\/dad-kp\/"]}]},{"@type":"ImageObject","inLanguage":"en-GB","@id":"https:\/\/nid.pl\/wydarzenie\/dad-kp\/#primaryimage","url":"https:\/\/nid.pl\/wp-content\/uploads\/2024\/08\/dad-2024-kuj-pom-scaled.jpg","contentUrl":"https:\/\/nid.pl\/wp-content\/uploads\/2024\/08\/dad-2024-kuj-pom-scaled.jpg","width":2560,"height":1440,"caption":"Dzie\u0144 Architektury Drewnianej w wojew\u00f3dztwie kujawsko-pomorskim"},{"@type":"BreadcrumbList","@id":"https:\/\/nid.pl\/wydarzenie\/dad-kp\/#breadcrumb","itemListElement":[{"@type":"ListItem","position":1,"name":"Home","item":"https:\/\/nid.pl\/"},{"@type":"ListItem","position":2,"name":"Wydarzenia","item":"https:\/\/nid.pl\/wydarzenia\/"},{"@type":"ListItem","position":3,"name":"Dzie\u0144 Architektury Drewnianej w wojew\u00f3dztwie kujawsko-pomorskim"}]},{"@type":"WebSite","@id":"https:\/\/nid.pl\/#website","url":"https:\/\/nid.pl\/","name":"NID","description":"Narodowy Instytut Dziedzictwa","publisher":{"@id":"https:\/\/nid.pl\/#organization"},"potentialAction":[{"@type":"SearchAction","target":{"@type":"EntryPoint","urlTemplate":"https:\/\/nid.pl\/?s={search_term_string}"},"query-input":{"@type":"PropertyValueSpecification","valueRequired":true,"valueName":"search_term_string"}}],"inLanguage":"en-GB"},{"@type":"Organization","@id":"https:\/\/nid.pl\/#organization","name":"Narodowy Instytut Dziedzictwa","url":"https:\/\/nid.pl\/","logo":{"@type":"ImageObject","inLanguage":"en-GB","@id":"https:\/\/nid.pl\/#\/schema\/logo\/image\/","url":"https:\/\/nid.pl\/wp-content\/uploads\/2022\/10\/logoRedDark.png","contentUrl":"https:\/\/nid.pl\/wp-content\/uploads\/2022\/10\/logoRedDark.png","width":200,"height":197,"caption":"Narodowy Instytut Dziedzictwa"},"image":{"@id":"https:\/\/nid.pl\/#\/schema\/logo\/image\/"},"sameAs":["https:\/\/www.facebook.com\/zabytek","https:\/\/x.com\/NarIDpl","https:\/\/www.instagram.com\/nid.pl\/?hl=pl","https:\/\/www.linkedin.com\/company\/narodowy-instytut-dziedzictwa","https:\/\/www.youtube.com\/channel\/UCQXuhKa2uHtmNvLRUSx40JA"]}]}},"_links":{"self":[{"href":"https:\/\/nid.pl\/en\/wp-json\/wp\/v2\/tribe_events\/21025","targetHints":{"allow":["GET"]}}],"collection":[{"href":"https:\/\/nid.pl\/en\/wp-json\/wp\/v2\/tribe_events"}],"about":[{"href":"https:\/\/nid.pl\/en\/wp-json\/wp\/v2\/types\/tribe_events"}],"author":[{"embeddable":true,"href":"https:\/\/nid.pl\/en\/wp-json\/wp\/v2\/users\/4"}],"version-history":[{"count":0,"href":"https:\/\/nid.pl\/en\/wp-json\/wp\/v2\/tribe_events\/21025\/revisions"}],"wp:featuredmedia":[{"embeddable":true,"href":"https:\/\/nid.pl\/en\/wp-json\/wp\/v2\/media\/21290"}],"wp:attachment":[{"href":"https:\/\/nid.pl\/en\/wp-json\/wp\/v2\/media?parent=21025"}],"wp:term":[{"taxonomy":"post_tag","embeddable":true,"href":"https:\/\/nid.pl\/en\/wp-json\/wp\/v2\/tags?post=21025"},{"taxonomy":"tribe_events_cat","embeddable":true,"href":"https:\/\/nid.pl\/en\/wp-json\/wp\/v2\/tribe_events_cat?post=21025"}],"curies":[{"name":"wp","href":"https:\/\/api.w.org\/{rel}","templated":true}]}}