{"id":18105,"date":"2024-04-15T16:06:27","date_gmt":"2024-04-15T14:06:27","guid":{"rendered":"https:\/\/nid.pl\/?post_type=tribe_events&#038;p=18105"},"modified":"2024-06-26T13:04:21","modified_gmt":"2024-06-26T11:04:21","slug":"szkola-ciesielska-2-zjazd-wojszyn","status":"publish","type":"tribe_events","link":"https:\/\/nid.pl\/en\/wydarzenie\/szkola-ciesielska-2-zjazd-wojszyn\/","title":{"rendered":"II zjazd Szko\u0142y Ciesielskiej NID w Wojszynie &#8211; Prace naprawcze w obr\u0119bie historycznych konstrukcji zr\u0119bowych"},"content":{"rendered":"<p><strong>W dniach od 12 do 14 lipca odb\u0119dzie si\u0119 II zjazd Szko\u0142y Ciesielskiej w O\u015brodku Dzia\u0142a\u0144 Tw\u00f3rczych i Edukacyjnych \u201eSPICHLERZOWNIA\u201d w Wojszynie, po\u015bwi\u0119cone tradycjom budownictwa zr\u0119bowego. <\/strong><\/p>\n<p><strong>Tematem II zjazdu b\u0119d\u0105 prace naprawcze w obr\u0119bie historycznych konstrukcji zr\u0119bowych.<\/strong><\/p>\n<p>Warsztaty przygotowane zosta\u0142y z my\u015bl\u0105 o wykonawcach pracuj\u0105cych przy zabytkowych obiektach zr\u0119bowych, przedstawicielach s\u0142u\u017cb konserwatorskich, architektach i u\u017cytkownikach obiekt\u00f3w ryglowych oraz szerokim gronie zainteresowanych tradycyjnym ciesielstwem i zabytkami drewnianej architektury zr\u0119bowej.<\/p>\n<p><strong>Harmonogram:<\/strong><\/p>\n<ul>\n<li><strong>Pi\u0105tek, 12 lipca 2024 r.<\/strong><\/li>\n<\/ul>\n<p><strong>10:00<\/strong> \u2013 rozpocz\u0119cie warsztat\u00f3w<br \/>\nWprowadzenie [dr hab. Jakub Pieleszek]<br \/>\n<strong>10:15 \u2013 12:00<\/strong> wyk\u0142ady<br \/>\n1. Procedury administracyjne przy prowadzeniu prac przy zabytkach, mo\u017cliwo\u015bci pozyskania dotacji i refundacji na prace konserwatorskie [dr Dariusz Kopciowski, Lubelski Wojew\u00f3dzki Konserwator Zabytk\u00f3w, WUOZ w Lublinie]<br \/>\n2. Ocena stanu zabytku i jego podatno\u015bci adaptacyjnej. Granice dopuszczalnej ingerencji w zabytek [Wojciech Cybula, Monika Kurczewicz, WUOZ w Lublinie]<br \/>\n<strong>12:00 \u2013 13:00<\/strong> przerwa<br \/>\n<strong>13:00 \u2013 15:30<\/strong> zaj\u0119cia warsztatowe<br \/>\n<strong>15:30<\/strong> \u2013 przerwa kawowa<br \/>\n<strong>15:45 \u2013 18:00<\/strong> zaj\u0119cia warsztatowe<\/p>\n<ul>\n<li><strong>Sobota, 13 lipca 2024 r.<\/strong><\/li>\n<\/ul>\n<p><strong>9:00 \u2013 11:00<\/strong> wyk\u0142ady<br \/>\n1. Konserwatorskie badania stratygraficzne, technologiczne i materia\u0142owe [El\u017cbieta Grabo\u015b, konserwator dzie\u0142 sztuki, tw\u00f3rca Zagrody Apolonia]<br \/>\n2. Metody dokumentacji zabytk\u00f3w drewnianej architektury [Karol Czajkowski, NID Dzia\u0142 Digitalizacji]<br \/>\n<strong>11:00<\/strong> \u2013 przerwa kawowa<br \/>\n<strong>11:30 \u2013 14:00<\/strong> zaj\u0119cia warsztatowe<br \/>\n<strong>14:00 \u2013 15:00<\/strong> przerwa<br \/>\n<strong>15:00 \u2013 18:00<\/strong> zaj\u0119cia warsztatowe<\/p>\n<ul>\n<li><strong>Niedziela, 14 lipca 2024 r.<\/strong><\/li>\n<\/ul>\n<p><strong>9:00 \u2013 10:00<\/strong> wyk\u0142ady<br \/>\n1. Opieka nad zabytkami drewnianej architektury zr\u0119bowej [mgr in\u017c. Piotr Horodyski]<br \/>\n<strong>11:00 \u2013 14:00<\/strong> zaj\u0119cia warsztatowe<br \/>\n<strong>14:00<\/strong> \u2013 Podsumowanie II zjazdu i zako\u0144czenie warsztat\u00f3w<\/p>\n<p><strong>Rejestracja na wydarzenie jest zako\u0144czona.<br \/>\n<\/strong><\/p>\n<p><a href=\"https:\/\/nid.pl\/wp-content\/uploads\/2024\/06\/Harmonogram-Wojszyn.pdf\" target=\"_blank\" rel=\"noopener\"><strong>SZCZEG\u00d3\u0141OWY HARMONOGRAM DO POBRANIA<\/strong><\/a><\/p>\n<p>Wsp\u00f3\u0142organizatorami wydarzenia s\u0105 Narodowy Instytut Dziedzictwa oraz O\u015brodek Dzia\u0142a\u0144 Tw\u00f3rczych i Edukacyjnych \u201eSPICHLERZOWNIA\u201d.<\/p>\n<p>Szko\u0142y ciesielskie finansowe s\u0105 ze \u015brodk\u00f3w Ministra Kultury i Dziedzictwa Narodowego w ramach dzia\u0142a\u0144 Pracowni Terenowej NID &#8211; Centrum Architektury Drewnianej.<\/p>","protected":false},"excerpt":{"rendered":"<p>W dniach od 12 do 14 lipca odb\u0119dzie si\u0119 II zjazd Szko\u0142y Ciesielskiej w O\u015brodku Dzia\u0142a\u0144 Tw\u00f3rczych i Edukacyjnych \u201eSPICHLERZOWNIA\u201d w Wojszynie, po\u015bwi\u0119cone tradycjom budownictwa zr\u0119bowego. Tematem II zjazdu b\u0119d\u0105 [&hellip;]<\/p>","protected":false},"author":4,"featured_media":18103,"template":"","meta":{"_et_pb_use_builder":"","_et_pb_old_content":"","_et_gb_content_width":"","_monsterinsights_skip_tracking":false,"_monsterinsights_sitenote_active":false,"_monsterinsights_sitenote_note":"","_monsterinsights_sitenote_category":0,"_tribe_events_status":"","_tribe_events_status_reason":"","footnotes":""},"tags":[],"tribe_events_cat":[108],"class_list":["post-18105","tribe_events","type-tribe_events","status-publish","has-post-thumbnail","hentry","tribe_events_cat-warsztaty","cat_warsztaty"],"yoast_head":"<!-- This site is optimized with the Yoast SEO plugin v26.5 - https:\/\/yoast.com\/wordpress\/plugins\/seo\/ -->\n<title>II zjazd Szko\u0142y Ciesielskiej NID w Wojszynie - Prace naprawcze w obr\u0119bie historycznych konstrukcji zr\u0119bowych - NID<\/title>\n<meta name=\"robots\" content=\"index, follow, max-snippet:-1, max-image-preview:large, max-video-preview:-1\" \/>\n<link rel=\"canonical\" href=\"https:\/\/nid.pl\/en\/wydarzenie\/szkola-ciesielska-2-zjazd-wojszyn\/\" \/>\n<meta property=\"og:locale\" content=\"en_GB\" \/>\n<meta property=\"og:type\" content=\"article\" \/>\n<meta property=\"og:title\" content=\"II zjazd Szko\u0142y Ciesielskiej NID w Wojszynie - Prace naprawcze w obr\u0119bie historycznych konstrukcji zr\u0119bowych - NID\" \/>\n<meta property=\"og:description\" content=\"W dniach od 12 do 14 lipca odb\u0119dzie si\u0119 II zjazd Szko\u0142y Ciesielskiej w O\u015brodku Dzia\u0142a\u0144 Tw\u00f3rczych i Edukacyjnych \u201eSPICHLERZOWNIA\u201d w Wojszynie, po\u015bwi\u0119cone tradycjom budownictwa zr\u0119bowego. Tematem II zjazdu b\u0119d\u0105 [&hellip;]\" \/>\n<meta property=\"og:url\" content=\"https:\/\/nid.pl\/en\/wydarzenie\/szkola-ciesielska-2-zjazd-wojszyn\/\" \/>\n<meta property=\"og:site_name\" content=\"NID\" \/>\n<meta property=\"article:publisher\" content=\"https:\/\/www.facebook.com\/zabytek\" \/>\n<meta property=\"article:modified_time\" content=\"2024-06-26T11:04:21+00:00\" \/>\n<meta property=\"og:image\" content=\"https:\/\/nid.pl\/wp-content\/uploads\/2024\/04\/Wojszyn_aktulanosci.jpg\" \/>\n\t<meta property=\"og:image:width\" content=\"1857\" \/>\n\t<meta property=\"og:image:height\" content=\"1238\" \/>\n\t<meta property=\"og:image:type\" content=\"image\/jpeg\" \/>\n<meta name=\"twitter:card\" content=\"summary_large_image\" \/>\n<meta name=\"twitter:site\" content=\"@NarIDpl\" \/>\n<meta name=\"twitter:label1\" content=\"Estimated reading time\" \/>\n\t<meta name=\"twitter:data1\" content=\"2 minutes\" \/>\n<script type=\"application\/ld+json\" class=\"yoast-schema-graph\">{\"@context\":\"https:\/\/schema.org\",\"@graph\":[{\"@type\":\"WebPage\",\"@id\":\"https:\/\/nid.pl\/wydarzenie\/szkola-ciesielska-2-zjazd-wojszyn\/\",\"url\":\"https:\/\/nid.pl\/wydarzenie\/szkola-ciesielska-2-zjazd-wojszyn\/\",\"name\":\"II zjazd Szko\u0142y Ciesielskiej NID w Wojszynie - Prace naprawcze w obr\u0119bie historycznych konstrukcji zr\u0119bowych - NID\",\"isPartOf\":{\"@id\":\"https:\/\/nid.pl\/#website\"},\"primaryImageOfPage\":{\"@id\":\"https:\/\/nid.pl\/wydarzenie\/szkola-ciesielska-2-zjazd-wojszyn\/#primaryimage\"},\"image\":{\"@id\":\"https:\/\/nid.pl\/wydarzenie\/szkola-ciesielska-2-zjazd-wojszyn\/#primaryimage\"},\"thumbnailUrl\":\"https:\/\/nid.pl\/wp-content\/uploads\/2024\/04\/Wojszyn_aktulanosci.jpg\",\"datePublished\":\"2024-04-15T14:06:27+00:00\",\"dateModified\":\"2024-06-26T11:04:21+00:00\",\"breadcrumb\":{\"@id\":\"https:\/\/nid.pl\/wydarzenie\/szkola-ciesielska-2-zjazd-wojszyn\/#breadcrumb\"},\"inLanguage\":\"en-GB\",\"potentialAction\":[{\"@type\":\"ReadAction\",\"target\":[\"https:\/\/nid.pl\/wydarzenie\/szkola-ciesielska-2-zjazd-wojszyn\/\"]}]},{\"@type\":\"ImageObject\",\"inLanguage\":\"en-GB\",\"@id\":\"https:\/\/nid.pl\/wydarzenie\/szkola-ciesielska-2-zjazd-wojszyn\/#primaryimage\",\"url\":\"https:\/\/nid.pl\/wp-content\/uploads\/2024\/04\/Wojszyn_aktulanosci.jpg\",\"contentUrl\":\"https:\/\/nid.pl\/wp-content\/uploads\/2024\/04\/Wojszyn_aktulanosci.jpg\",\"width\":1857,\"height\":1238,\"caption\":\"narz\u0119dzia ciesielskie\"},{\"@type\":\"BreadcrumbList\",\"@id\":\"https:\/\/nid.pl\/wydarzenie\/szkola-ciesielska-2-zjazd-wojszyn\/#breadcrumb\",\"itemListElement\":[{\"@type\":\"ListItem\",\"position\":1,\"name\":\"Home\",\"item\":\"https:\/\/nid.pl\/\"},{\"@type\":\"ListItem\",\"position\":2,\"name\":\"Wydarzenia\",\"item\":\"https:\/\/nid.pl\/wydarzenia\/\"},{\"@type\":\"ListItem\",\"position\":3,\"name\":\"II zjazd Szko\u0142y Ciesielskiej NID w Wojszynie &#8211; Prace naprawcze w obr\u0119bie historycznych konstrukcji zr\u0119bowych\"}]},{\"@type\":\"WebSite\",\"@id\":\"https:\/\/nid.pl\/#website\",\"url\":\"https:\/\/nid.pl\/\",\"name\":\"NID\",\"description\":\"Narodowy Instytut Dziedzictwa\",\"publisher\":{\"@id\":\"https:\/\/nid.pl\/#organization\"},\"potentialAction\":[{\"@type\":\"SearchAction\",\"target\":{\"@type\":\"EntryPoint\",\"urlTemplate\":\"https:\/\/nid.pl\/?s={search_term_string}\"},\"query-input\":{\"@type\":\"PropertyValueSpecification\",\"valueRequired\":true,\"valueName\":\"search_term_string\"}}],\"inLanguage\":\"en-GB\"},{\"@type\":\"Organization\",\"@id\":\"https:\/\/nid.pl\/#organization\",\"name\":\"Narodowy Instytut Dziedzictwa\",\"url\":\"https:\/\/nid.pl\/\",\"logo\":{\"@type\":\"ImageObject\",\"inLanguage\":\"en-GB\",\"@id\":\"https:\/\/nid.pl\/#\/schema\/logo\/image\/\",\"url\":\"https:\/\/nid.pl\/wp-content\/uploads\/2022\/10\/logoRedDark.png\",\"contentUrl\":\"https:\/\/nid.pl\/wp-content\/uploads\/2022\/10\/logoRedDark.png\",\"width\":200,\"height\":197,\"caption\":\"Narodowy Instytut Dziedzictwa\"},\"image\":{\"@id\":\"https:\/\/nid.pl\/#\/schema\/logo\/image\/\"},\"sameAs\":[\"https:\/\/www.facebook.com\/zabytek\",\"https:\/\/x.com\/NarIDpl\",\"https:\/\/www.instagram.com\/nid.pl\/?hl=pl\",\"https:\/\/www.linkedin.com\/company\/narodowy-instytut-dziedzictwa\",\"https:\/\/www.youtube.com\/channel\/UCQXuhKa2uHtmNvLRUSx40JA\"]}]}<\/script>\n<!-- \/ Yoast SEO plugin. -->","yoast_head_json":{"title":"II zjazd Szko\u0142y Ciesielskiej NID w Wojszynie - Prace naprawcze w obr\u0119bie historycznych konstrukcji zr\u0119bowych - NID","robots":{"index":"index","follow":"follow","max-snippet":"max-snippet:-1","max-image-preview":"max-image-preview:large","max-video-preview":"max-video-preview:-1"},"canonical":"https:\/\/nid.pl\/en\/wydarzenie\/szkola-ciesielska-2-zjazd-wojszyn\/","og_locale":"en_GB","og_type":"article","og_title":"II zjazd Szko\u0142y Ciesielskiej NID w Wojszynie - Prace naprawcze w obr\u0119bie historycznych konstrukcji zr\u0119bowych - NID","og_description":"W dniach od 12 do 14 lipca odb\u0119dzie si\u0119 II zjazd Szko\u0142y Ciesielskiej w O\u015brodku Dzia\u0142a\u0144 Tw\u00f3rczych i Edukacyjnych \u201eSPICHLERZOWNIA\u201d w Wojszynie, po\u015bwi\u0119cone tradycjom budownictwa zr\u0119bowego. Tematem II zjazdu b\u0119d\u0105 [&hellip;]","og_url":"https:\/\/nid.pl\/en\/wydarzenie\/szkola-ciesielska-2-zjazd-wojszyn\/","og_site_name":"NID","article_publisher":"https:\/\/www.facebook.com\/zabytek","article_modified_time":"2024-06-26T11:04:21+00:00","og_image":[{"width":1857,"height":1238,"url":"https:\/\/nid.pl\/wp-content\/uploads\/2024\/04\/Wojszyn_aktulanosci.jpg","type":"image\/jpeg"}],"twitter_card":"summary_large_image","twitter_site":"@NarIDpl","twitter_misc":{"Estimated reading time":"2 minutes"},"schema":{"@context":"https:\/\/schema.org","@graph":[{"@type":"WebPage","@id":"https:\/\/nid.pl\/wydarzenie\/szkola-ciesielska-2-zjazd-wojszyn\/","url":"https:\/\/nid.pl\/wydarzenie\/szkola-ciesielska-2-zjazd-wojszyn\/","name":"II zjazd Szko\u0142y Ciesielskiej NID w Wojszynie - Prace naprawcze w obr\u0119bie historycznych konstrukcji zr\u0119bowych - NID","isPartOf":{"@id":"https:\/\/nid.pl\/#website"},"primaryImageOfPage":{"@id":"https:\/\/nid.pl\/wydarzenie\/szkola-ciesielska-2-zjazd-wojszyn\/#primaryimage"},"image":{"@id":"https:\/\/nid.pl\/wydarzenie\/szkola-ciesielska-2-zjazd-wojszyn\/#primaryimage"},"thumbnailUrl":"https:\/\/nid.pl\/wp-content\/uploads\/2024\/04\/Wojszyn_aktulanosci.jpg","datePublished":"2024-04-15T14:06:27+00:00","dateModified":"2024-06-26T11:04:21+00:00","breadcrumb":{"@id":"https:\/\/nid.pl\/wydarzenie\/szkola-ciesielska-2-zjazd-wojszyn\/#breadcrumb"},"inLanguage":"en-GB","potentialAction":[{"@type":"ReadAction","target":["https:\/\/nid.pl\/wydarzenie\/szkola-ciesielska-2-zjazd-wojszyn\/"]}]},{"@type":"ImageObject","inLanguage":"en-GB","@id":"https:\/\/nid.pl\/wydarzenie\/szkola-ciesielska-2-zjazd-wojszyn\/#primaryimage","url":"https:\/\/nid.pl\/wp-content\/uploads\/2024\/04\/Wojszyn_aktulanosci.jpg","contentUrl":"https:\/\/nid.pl\/wp-content\/uploads\/2024\/04\/Wojszyn_aktulanosci.jpg","width":1857,"height":1238,"caption":"narz\u0119dzia ciesielskie"},{"@type":"BreadcrumbList","@id":"https:\/\/nid.pl\/wydarzenie\/szkola-ciesielska-2-zjazd-wojszyn\/#breadcrumb","itemListElement":[{"@type":"ListItem","position":1,"name":"Home","item":"https:\/\/nid.pl\/"},{"@type":"ListItem","position":2,"name":"Wydarzenia","item":"https:\/\/nid.pl\/wydarzenia\/"},{"@type":"ListItem","position":3,"name":"II zjazd Szko\u0142y Ciesielskiej NID w Wojszynie &#8211; Prace naprawcze w obr\u0119bie historycznych konstrukcji zr\u0119bowych"}]},{"@type":"WebSite","@id":"https:\/\/nid.pl\/#website","url":"https:\/\/nid.pl\/","name":"NID","description":"Narodowy Instytut Dziedzictwa","publisher":{"@id":"https:\/\/nid.pl\/#organization"},"potentialAction":[{"@type":"SearchAction","target":{"@type":"EntryPoint","urlTemplate":"https:\/\/nid.pl\/?s={search_term_string}"},"query-input":{"@type":"PropertyValueSpecification","valueRequired":true,"valueName":"search_term_string"}}],"inLanguage":"en-GB"},{"@type":"Organization","@id":"https:\/\/nid.pl\/#organization","name":"Narodowy Instytut Dziedzictwa","url":"https:\/\/nid.pl\/","logo":{"@type":"ImageObject","inLanguage":"en-GB","@id":"https:\/\/nid.pl\/#\/schema\/logo\/image\/","url":"https:\/\/nid.pl\/wp-content\/uploads\/2022\/10\/logoRedDark.png","contentUrl":"https:\/\/nid.pl\/wp-content\/uploads\/2022\/10\/logoRedDark.png","width":200,"height":197,"caption":"Narodowy Instytut Dziedzictwa"},"image":{"@id":"https:\/\/nid.pl\/#\/schema\/logo\/image\/"},"sameAs":["https:\/\/www.facebook.com\/zabytek","https:\/\/x.com\/NarIDpl","https:\/\/www.instagram.com\/nid.pl\/?hl=pl","https:\/\/www.linkedin.com\/company\/narodowy-instytut-dziedzictwa","https:\/\/www.youtube.com\/channel\/UCQXuhKa2uHtmNvLRUSx40JA"]}]}},"_links":{"self":[{"href":"https:\/\/nid.pl\/en\/wp-json\/wp\/v2\/tribe_events\/18105","targetHints":{"allow":["GET"]}}],"collection":[{"href":"https:\/\/nid.pl\/en\/wp-json\/wp\/v2\/tribe_events"}],"about":[{"href":"https:\/\/nid.pl\/en\/wp-json\/wp\/v2\/types\/tribe_events"}],"author":[{"embeddable":true,"href":"https:\/\/nid.pl\/en\/wp-json\/wp\/v2\/users\/4"}],"version-history":[{"count":0,"href":"https:\/\/nid.pl\/en\/wp-json\/wp\/v2\/tribe_events\/18105\/revisions"}],"wp:featuredmedia":[{"embeddable":true,"href":"https:\/\/nid.pl\/en\/wp-json\/wp\/v2\/media\/18103"}],"wp:attachment":[{"href":"https:\/\/nid.pl\/en\/wp-json\/wp\/v2\/media?parent=18105"}],"wp:term":[{"taxonomy":"post_tag","embeddable":true,"href":"https:\/\/nid.pl\/en\/wp-json\/wp\/v2\/tags?post=18105"},{"taxonomy":"tribe_events_cat","embeddable":true,"href":"https:\/\/nid.pl\/en\/wp-json\/wp\/v2\/tribe_events_cat?post=18105"}],"curies":[{"name":"wp","href":"https:\/\/api.w.org\/{rel}","templated":true}]}}