{"id":17694,"date":"2024-04-05T12:35:53","date_gmt":"2024-04-05T10:35:53","guid":{"rendered":"https:\/\/nid.pl\/?post_type=tribe_events&#038;p=17694"},"modified":"2024-04-05T12:54:15","modified_gmt":"2024-04-05T10:54:15","slug":"cykl-konserwacja-wyklad-organy","status":"publish","type":"tribe_events","link":"https:\/\/nid.pl\/en\/wydarzenie\/cykl-konserwacja-wyklad-organy\/","title":{"rendered":"Wyk\u0142ad online &#8211; \u201eOrgany historyczne \u2013 zabytek i \u017cywy instrument. Problematyka ochrony konserwatorskiej\u201d"},"content":{"rendered":"<p>Zapraszamy do udzia\u0142u w <a href=\"https:\/\/nid.pl\/en\/2024\/03\/06\/spotkania-z-konserwacja-cykl-wykladow-online\/\" target=\"_blank\" rel=\"noopener\">cyklu otwartych wyk\u0142ad\u00f3w online pod tytu\u0142em \u201eSpotkania z konserwacj\u0105\u201d<\/a> z udzia\u0142em ekspert\u00f3w w dziedzinie konserwacji zabytk\u00f3w. Przed ka\u017cdym wydarzeniem wymagana jest bezp\u0142atna rejestracja. Linki do rejestracji b\u0119d\u0105 sukcesywnie publikowane w harmonogramie poni\u017cej.<\/p>\n<p><strong>Termin:\u00a013 marca 2024 r., godz. 11.00<br \/>\n<\/strong><strong>Prelegenci:<\/strong>\u00a0dr hab. Ma\u0142gorzata Trzaskalik-Wyrwa, dr hab. Krzysztof Urbaniak, dr Marek Fronc<br \/>\n<strong>Temat:<\/strong>\u00a0<a href=\"https:\/\/nid.pl\/en\/2024\/03\/07\/13-marca-zapraszamy-na-wyklad-online-organy-historyczne-zabytek-i-zywy-instrument\/\">\u201eOrgany historyczne \u2013 zabytek i \u017cywy instrument. Problematyka ochrony konserwatorskiej\u201d<\/a><br \/>\n<strong>Nagranie dost\u0119pne na kanale YouTube TV NID:\u00a0<a href=\"https:\/\/www.youtube.com\/watch?v=OAyTaqd_FW0\">&lt;tutaj&gt;<\/a><\/strong><\/p>","protected":false},"excerpt":{"rendered":"<p>Zapraszamy do udzia\u0142u w cyklu otwartych wyk\u0142ad\u00f3w online pod tytu\u0142em \u201eSpotkania z konserwacj\u0105\u201d z udzia\u0142em ekspert\u00f3w w dziedzinie konserwacji zabytk\u00f3w. Przed ka\u017cdym wydarzeniem wymagana jest bezp\u0142atna rejestracja. Linki do rejestracji [&hellip;]<\/p>","protected":false},"author":4,"featured_media":16756,"template":"","meta":{"_et_pb_use_builder":"","_et_pb_old_content":"","_et_gb_content_width":"","_monsterinsights_skip_tracking":false,"_monsterinsights_sitenote_active":false,"_monsterinsights_sitenote_note":"","_monsterinsights_sitenote_category":0,"_tribe_events_status":"","_tribe_events_status_reason":"","footnotes":""},"tags":[],"tribe_events_cat":[94],"class_list":["post-17694","tribe_events","type-tribe_events","status-publish","has-post-thumbnail","hentry","tribe_events_cat-wyklady","cat_wyklady"],"yoast_head":"<!-- This site is optimized with the Yoast SEO plugin v26.5 - https:\/\/yoast.com\/wordpress\/plugins\/seo\/ -->\n<title>Wyk\u0142ad online - \u201eOrgany historyczne \u2013 zabytek i \u017cywy instrument. Problematyka ochrony konserwatorskiej\u201d - NID<\/title>\n<meta name=\"robots\" content=\"index, follow, max-snippet:-1, max-image-preview:large, max-video-preview:-1\" \/>\n<link rel=\"canonical\" href=\"https:\/\/nid.pl\/en\/wydarzenie\/cykl-konserwacja-wyklad-organy\/\" \/>\n<meta property=\"og:locale\" content=\"en_GB\" \/>\n<meta property=\"og:type\" content=\"article\" \/>\n<meta property=\"og:title\" content=\"Wyk\u0142ad online - \u201eOrgany historyczne \u2013 zabytek i \u017cywy instrument. Problematyka ochrony konserwatorskiej\u201d - NID\" \/>\n<meta property=\"og:description\" content=\"Zapraszamy do udzia\u0142u w cyklu otwartych wyk\u0142ad\u00f3w online pod tytu\u0142em \u201eSpotkania z konserwacj\u0105\u201d z udzia\u0142em ekspert\u00f3w w dziedzinie konserwacji zabytk\u00f3w. Przed ka\u017cdym wydarzeniem wymagana jest bezp\u0142atna rejestracja. Linki do rejestracji [&hellip;]\" \/>\n<meta property=\"og:url\" content=\"https:\/\/nid.pl\/en\/wydarzenie\/cykl-konserwacja-wyklad-organy\/\" \/>\n<meta property=\"og:site_name\" content=\"NID\" \/>\n<meta property=\"article:publisher\" content=\"https:\/\/www.facebook.com\/zabytek\" \/>\n<meta property=\"article:modified_time\" content=\"2024-04-05T10:54:15+00:00\" \/>\n<meta property=\"og:image\" content=\"https:\/\/nid.pl\/wp-content\/uploads\/2024\/03\/webinary_2024-organy2-scaled.jpg\" \/>\n\t<meta property=\"og:image:width\" content=\"2560\" \/>\n\t<meta property=\"og:image:height\" content=\"1835\" \/>\n\t<meta property=\"og:image:type\" content=\"image\/jpeg\" \/>\n<meta name=\"twitter:card\" content=\"summary_large_image\" \/>\n<meta name=\"twitter:site\" content=\"@NarIDpl\" \/>\n<meta name=\"twitter:label1\" content=\"Estimated reading time\" \/>\n\t<meta name=\"twitter:data1\" content=\"1 minute\" \/>\n<script type=\"application\/ld+json\" class=\"yoast-schema-graph\">{\"@context\":\"https:\/\/schema.org\",\"@graph\":[{\"@type\":\"WebPage\",\"@id\":\"https:\/\/nid.pl\/wydarzenie\/cykl-konserwacja-wyklad-organy\/\",\"url\":\"https:\/\/nid.pl\/wydarzenie\/cykl-konserwacja-wyklad-organy\/\",\"name\":\"Wyk\u0142ad online - \u201eOrgany historyczne \u2013 zabytek i \u017cywy instrument. Problematyka ochrony konserwatorskiej\u201d - NID\",\"isPartOf\":{\"@id\":\"https:\/\/nid.pl\/#website\"},\"primaryImageOfPage\":{\"@id\":\"https:\/\/nid.pl\/wydarzenie\/cykl-konserwacja-wyklad-organy\/#primaryimage\"},\"image\":{\"@id\":\"https:\/\/nid.pl\/wydarzenie\/cykl-konserwacja-wyklad-organy\/#primaryimage\"},\"thumbnailUrl\":\"https:\/\/nid.pl\/wp-content\/uploads\/2024\/03\/webinary_2024-organy2-scaled.jpg\",\"datePublished\":\"2024-04-05T10:35:53+00:00\",\"dateModified\":\"2024-04-05T10:54:15+00:00\",\"breadcrumb\":{\"@id\":\"https:\/\/nid.pl\/wydarzenie\/cykl-konserwacja-wyklad-organy\/#breadcrumb\"},\"inLanguage\":\"en-GB\",\"potentialAction\":[{\"@type\":\"ReadAction\",\"target\":[\"https:\/\/nid.pl\/wydarzenie\/cykl-konserwacja-wyklad-organy\/\"]}]},{\"@type\":\"ImageObject\",\"inLanguage\":\"en-GB\",\"@id\":\"https:\/\/nid.pl\/wydarzenie\/cykl-konserwacja-wyklad-organy\/#primaryimage\",\"url\":\"https:\/\/nid.pl\/wp-content\/uploads\/2024\/03\/webinary_2024-organy2-scaled.jpg\",\"contentUrl\":\"https:\/\/nid.pl\/wp-content\/uploads\/2024\/03\/webinary_2024-organy2-scaled.jpg\",\"width\":2560,\"height\":1835,\"caption\":\"plakat cyklu wyk\u0142ad\u00f3w online\"},{\"@type\":\"BreadcrumbList\",\"@id\":\"https:\/\/nid.pl\/wydarzenie\/cykl-konserwacja-wyklad-organy\/#breadcrumb\",\"itemListElement\":[{\"@type\":\"ListItem\",\"position\":1,\"name\":\"Home\",\"item\":\"https:\/\/nid.pl\/\"},{\"@type\":\"ListItem\",\"position\":2,\"name\":\"Wydarzenia\",\"item\":\"https:\/\/nid.pl\/wydarzenia\/\"},{\"@type\":\"ListItem\",\"position\":3,\"name\":\"Wyk\u0142ad online &#8211; \u201eOrgany historyczne \u2013 zabytek i \u017cywy instrument. Problematyka ochrony konserwatorskiej\u201d\"}]},{\"@type\":\"WebSite\",\"@id\":\"https:\/\/nid.pl\/#website\",\"url\":\"https:\/\/nid.pl\/\",\"name\":\"NID\",\"description\":\"Narodowy Instytut Dziedzictwa\",\"publisher\":{\"@id\":\"https:\/\/nid.pl\/#organization\"},\"potentialAction\":[{\"@type\":\"SearchAction\",\"target\":{\"@type\":\"EntryPoint\",\"urlTemplate\":\"https:\/\/nid.pl\/?s={search_term_string}\"},\"query-input\":{\"@type\":\"PropertyValueSpecification\",\"valueRequired\":true,\"valueName\":\"search_term_string\"}}],\"inLanguage\":\"en-GB\"},{\"@type\":\"Organization\",\"@id\":\"https:\/\/nid.pl\/#organization\",\"name\":\"Narodowy Instytut Dziedzictwa\",\"url\":\"https:\/\/nid.pl\/\",\"logo\":{\"@type\":\"ImageObject\",\"inLanguage\":\"en-GB\",\"@id\":\"https:\/\/nid.pl\/#\/schema\/logo\/image\/\",\"url\":\"https:\/\/nid.pl\/wp-content\/uploads\/2022\/10\/logoRedDark.png\",\"contentUrl\":\"https:\/\/nid.pl\/wp-content\/uploads\/2022\/10\/logoRedDark.png\",\"width\":200,\"height\":197,\"caption\":\"Narodowy Instytut Dziedzictwa\"},\"image\":{\"@id\":\"https:\/\/nid.pl\/#\/schema\/logo\/image\/\"},\"sameAs\":[\"https:\/\/www.facebook.com\/zabytek\",\"https:\/\/x.com\/NarIDpl\",\"https:\/\/www.instagram.com\/nid.pl\/?hl=pl\",\"https:\/\/www.linkedin.com\/company\/narodowy-instytut-dziedzictwa\",\"https:\/\/www.youtube.com\/channel\/UCQXuhKa2uHtmNvLRUSx40JA\"]}]}<\/script>\n<!-- \/ Yoast SEO plugin. -->","yoast_head_json":{"title":"Wyk\u0142ad online - \u201eOrgany historyczne \u2013 zabytek i \u017cywy instrument. Problematyka ochrony konserwatorskiej\u201d - NID","robots":{"index":"index","follow":"follow","max-snippet":"max-snippet:-1","max-image-preview":"max-image-preview:large","max-video-preview":"max-video-preview:-1"},"canonical":"https:\/\/nid.pl\/en\/wydarzenie\/cykl-konserwacja-wyklad-organy\/","og_locale":"en_GB","og_type":"article","og_title":"Wyk\u0142ad online - \u201eOrgany historyczne \u2013 zabytek i \u017cywy instrument. Problematyka ochrony konserwatorskiej\u201d - NID","og_description":"Zapraszamy do udzia\u0142u w cyklu otwartych wyk\u0142ad\u00f3w online pod tytu\u0142em \u201eSpotkania z konserwacj\u0105\u201d z udzia\u0142em ekspert\u00f3w w dziedzinie konserwacji zabytk\u00f3w. Przed ka\u017cdym wydarzeniem wymagana jest bezp\u0142atna rejestracja. Linki do rejestracji [&hellip;]","og_url":"https:\/\/nid.pl\/en\/wydarzenie\/cykl-konserwacja-wyklad-organy\/","og_site_name":"NID","article_publisher":"https:\/\/www.facebook.com\/zabytek","article_modified_time":"2024-04-05T10:54:15+00:00","og_image":[{"width":2560,"height":1835,"url":"https:\/\/nid.pl\/wp-content\/uploads\/2024\/03\/webinary_2024-organy2-scaled.jpg","type":"image\/jpeg"}],"twitter_card":"summary_large_image","twitter_site":"@NarIDpl","twitter_misc":{"Estimated reading time":"1 minute"},"schema":{"@context":"https:\/\/schema.org","@graph":[{"@type":"WebPage","@id":"https:\/\/nid.pl\/wydarzenie\/cykl-konserwacja-wyklad-organy\/","url":"https:\/\/nid.pl\/wydarzenie\/cykl-konserwacja-wyklad-organy\/","name":"Wyk\u0142ad online - \u201eOrgany historyczne \u2013 zabytek i \u017cywy instrument. Problematyka ochrony konserwatorskiej\u201d - NID","isPartOf":{"@id":"https:\/\/nid.pl\/#website"},"primaryImageOfPage":{"@id":"https:\/\/nid.pl\/wydarzenie\/cykl-konserwacja-wyklad-organy\/#primaryimage"},"image":{"@id":"https:\/\/nid.pl\/wydarzenie\/cykl-konserwacja-wyklad-organy\/#primaryimage"},"thumbnailUrl":"https:\/\/nid.pl\/wp-content\/uploads\/2024\/03\/webinary_2024-organy2-scaled.jpg","datePublished":"2024-04-05T10:35:53+00:00","dateModified":"2024-04-05T10:54:15+00:00","breadcrumb":{"@id":"https:\/\/nid.pl\/wydarzenie\/cykl-konserwacja-wyklad-organy\/#breadcrumb"},"inLanguage":"en-GB","potentialAction":[{"@type":"ReadAction","target":["https:\/\/nid.pl\/wydarzenie\/cykl-konserwacja-wyklad-organy\/"]}]},{"@type":"ImageObject","inLanguage":"en-GB","@id":"https:\/\/nid.pl\/wydarzenie\/cykl-konserwacja-wyklad-organy\/#primaryimage","url":"https:\/\/nid.pl\/wp-content\/uploads\/2024\/03\/webinary_2024-organy2-scaled.jpg","contentUrl":"https:\/\/nid.pl\/wp-content\/uploads\/2024\/03\/webinary_2024-organy2-scaled.jpg","width":2560,"height":1835,"caption":"plakat cyklu wyk\u0142ad\u00f3w online"},{"@type":"BreadcrumbList","@id":"https:\/\/nid.pl\/wydarzenie\/cykl-konserwacja-wyklad-organy\/#breadcrumb","itemListElement":[{"@type":"ListItem","position":1,"name":"Home","item":"https:\/\/nid.pl\/"},{"@type":"ListItem","position":2,"name":"Wydarzenia","item":"https:\/\/nid.pl\/wydarzenia\/"},{"@type":"ListItem","position":3,"name":"Wyk\u0142ad online &#8211; \u201eOrgany historyczne \u2013 zabytek i \u017cywy instrument. Problematyka ochrony konserwatorskiej\u201d"}]},{"@type":"WebSite","@id":"https:\/\/nid.pl\/#website","url":"https:\/\/nid.pl\/","name":"NID","description":"Narodowy Instytut Dziedzictwa","publisher":{"@id":"https:\/\/nid.pl\/#organization"},"potentialAction":[{"@type":"SearchAction","target":{"@type":"EntryPoint","urlTemplate":"https:\/\/nid.pl\/?s={search_term_string}"},"query-input":{"@type":"PropertyValueSpecification","valueRequired":true,"valueName":"search_term_string"}}],"inLanguage":"en-GB"},{"@type":"Organization","@id":"https:\/\/nid.pl\/#organization","name":"Narodowy Instytut Dziedzictwa","url":"https:\/\/nid.pl\/","logo":{"@type":"ImageObject","inLanguage":"en-GB","@id":"https:\/\/nid.pl\/#\/schema\/logo\/image\/","url":"https:\/\/nid.pl\/wp-content\/uploads\/2022\/10\/logoRedDark.png","contentUrl":"https:\/\/nid.pl\/wp-content\/uploads\/2022\/10\/logoRedDark.png","width":200,"height":197,"caption":"Narodowy Instytut Dziedzictwa"},"image":{"@id":"https:\/\/nid.pl\/#\/schema\/logo\/image\/"},"sameAs":["https:\/\/www.facebook.com\/zabytek","https:\/\/x.com\/NarIDpl","https:\/\/www.instagram.com\/nid.pl\/?hl=pl","https:\/\/www.linkedin.com\/company\/narodowy-instytut-dziedzictwa","https:\/\/www.youtube.com\/channel\/UCQXuhKa2uHtmNvLRUSx40JA"]}]}},"_links":{"self":[{"href":"https:\/\/nid.pl\/en\/wp-json\/wp\/v2\/tribe_events\/17694","targetHints":{"allow":["GET"]}}],"collection":[{"href":"https:\/\/nid.pl\/en\/wp-json\/wp\/v2\/tribe_events"}],"about":[{"href":"https:\/\/nid.pl\/en\/wp-json\/wp\/v2\/types\/tribe_events"}],"author":[{"embeddable":true,"href":"https:\/\/nid.pl\/en\/wp-json\/wp\/v2\/users\/4"}],"version-history":[{"count":0,"href":"https:\/\/nid.pl\/en\/wp-json\/wp\/v2\/tribe_events\/17694\/revisions"}],"wp:featuredmedia":[{"embeddable":true,"href":"https:\/\/nid.pl\/en\/wp-json\/wp\/v2\/media\/16756"}],"wp:attachment":[{"href":"https:\/\/nid.pl\/en\/wp-json\/wp\/v2\/media?parent=17694"}],"wp:term":[{"taxonomy":"post_tag","embeddable":true,"href":"https:\/\/nid.pl\/en\/wp-json\/wp\/v2\/tags?post=17694"},{"taxonomy":"tribe_events_cat","embeddable":true,"href":"https:\/\/nid.pl\/en\/wp-json\/wp\/v2\/tribe_events_cat?post=17694"}],"curies":[{"name":"wp","href":"https:\/\/api.w.org\/{rel}","templated":true}]}}