{"id":8,"date":"2020-12-09T11:01:38","date_gmt":"2020-12-09T10:01:38","guid":{"rendered":"https:\/\/nid.pl\/?page_id=8"},"modified":"2026-04-28T10:43:54","modified_gmt":"2026-04-28T08:43:54","slug":"aktualnosci-2","status":"publish","type":"page","link":"https:\/\/nid.pl\/en\/","title":{"rendered":"News"},"content":{"rendered":"<p>[et_pb_section fb_built=&#8221;1&#8243; _builder_version=&#8221;4.27.4&#8243; _module_preset=&#8221;default&#8221; custom_padding=&#8221;0px||0px|||&#8221; global_colors_info=&#8221;{}&#8221;][et_pb_row _builder_version=&#8221;4.27.4&#8243; _module_preset=&#8221;default&#8221; width=&#8221;100%&#8221; max_width=&#8221;2560px&#8221; custom_margin=&#8221;|auto|-3px|auto|false|false&#8221; custom_padding=&#8221;0px||0px|||&#8221; link_option_url_new_window=&#8221;on&#8221; locked=&#8221;off&#8221; global_colors_info=&#8221;{}&#8221;][et_pb_column type=&#8221;4_4&#8243; _builder_version=&#8221;4.16&#8243; _module_preset=&#8221;default&#8221; global_colors_info=&#8221;{}&#8221;][et_pb_slider admin_label=&#8221;Slider &#8211; strona g\u0142\u00f3wna&#8221; _builder_version=&#8221;4.27.5&#8243; _module_preset=&#8221;default&#8221; header_font=&#8221;||||||||&#8221; body_text_color=&#8221;#000000&#8243; background_enable_image=&#8221;off&#8221; width_tablet=&#8221;&#8221; width_phone=&#8221;100%&#8221; width_last_edited=&#8221;on|phone&#8221; max_width_tablet=&#8221;&#8221; max_width_phone=&#8221;100%&#8221; max_width_last_edited=&#8221;on|phone&#8221; min_height=&#8221;100%&#8221; min_height_tablet=&#8221;100%&#8221; min_height_phone=&#8221;100%&#8221; min_height_last_edited=&#8221;on|phone&#8221; custom_padding=&#8221;||||false|false&#8221; auto=&#8221;on&#8221; auto_speed=&#8221;7500&#8243; link_option_url_new_window=&#8221;on&#8221; global_colors_info=&#8221;{}&#8221;][et_pb_slide button_link=&#8221;https:\/\/nid.pl\/2026\/04\/15\/majowka-z-parkiem-muzakowskim-2026\/&#8221; url_new_window=&#8221;on&#8221; use_bg_overlay=&#8221;off&#8221; use_text_overlay=&#8221;off&#8221; admin_title=&#8221;Maj\u00f3wka z Parkiem Mu\u017cakowskim&#8221; _builder_version=&#8221;4.27.5&#8243; _module_preset=&#8221;default&#8221; header_text_color=&#8221;RGBA(255,255,255,0)&#8221; body_text_color=&#8221;#000000&#8243; background_enable_color=&#8221;off&#8221; background_image=&#8221;https:\/\/nid.pl\/wp-content\/uploads\/2026\/04\/majowka-z-parkiem-muzakowskim.jpg&#8221; background_enable_image=&#8221;on&#8221; background_enable_video_mp4=&#8221;off&#8221; max_width=&#8221;60%&#8221; custom_padding=&#8221;0px||0px||false|false&#8221; link_option_url=&#8221;https:\/\/nid.pl\/2026\/04\/15\/majowka-z-parkiem-muzakowskim-2026\/&#8221; link_option_url_new_window=&#8221;on&#8221; custom_css_slide_container=&#8221;left: 25%;||top: 5vh;&#8221; global_colors_info=&#8221;{}&#8221; sticky_transition=&#8221;on&#8221;][\/et_pb_slide][et_pb_slide button_link=&#8221;https:\/\/nid.pl\/2026\/04\/01\/nowy-numer-magazynu-spotkania-z-zabytkami-juz-dostepny-2\/&#8221; url_new_window=&#8221;on&#8221; use_bg_overlay=&#8221;off&#8221; use_text_overlay=&#8221;off&#8221; admin_title=&#8221;Spotkania z Zabytkami 2026&#8243; _builder_version=&#8221;4.27.5&#8243; _module_preset=&#8221;default&#8221; header_text_color=&#8221;RGBA(255,255,255,0)&#8221; body_text_color=&#8221;#000000&#8243; background_enable_color=&#8221;off&#8221; background_image=&#8221;https:\/\/nid.pl\/wp-content\/uploads\/2026\/04\/Header-SzZ-22026.jpg&#8221; background_enable_image=&#8221;on&#8221; background_enable_video_mp4=&#8221;off&#8221; max_width=&#8221;60%&#8221; custom_padding=&#8221;0px||0px||false|false&#8221; link_option_url=&#8221;https:\/\/nid.pl\/2026\/04\/01\/nowy-numer-magazynu-spotkania-z-zabytkami-juz-dostepny-2\/&#8221; link_option_url_new_window=&#8221;on&#8221; custom_css_slide_container=&#8221;left: 25%;||top: 5vh;&#8221; global_colors_info=&#8221;{}&#8221; sticky_transition=&#8221;on&#8221;][\/et_pb_slide][et_pb_slide button_link=&#8221;https:\/\/nid.pl\/2026\/02\/03\/wedrowki-po-parku-muzakowskim\/&#8221; url_new_window=&#8221;on&#8221; use_bg_overlay=&#8221;off&#8221; use_text_overlay=&#8221;off&#8221; admin_title=&#8221;W\u0119dr\u00f3wki po Parku Mu\u017cakowskim&#8221; _builder_version=&#8221;4.27.5&#8243; _module_preset=&#8221;default&#8221; header_text_color=&#8221;RGBA(255,255,255,0)&#8221; body_text_color=&#8221;#000000&#8243; background_enable_color=&#8221;off&#8221; background_image=&#8221;https:\/\/nid.pl\/wp-content\/uploads\/2026\/02\/Header-wedrowki-po-Parku-Muzakowskim-scaled.jpg&#8221; background_enable_image=&#8221;on&#8221; background_enable_video_mp4=&#8221;off&#8221; max_width=&#8221;60%&#8221; custom_padding=&#8221;0px||0px||false|false&#8221; link_option_url=&#8221;https:\/\/nid.pl\/2026\/02\/03\/wedrowki-po-parku-muzakowskim\/&#8221; link_option_url_new_window=&#8221;on&#8221; custom_css_slide_container=&#8221;left: 25%;||top: 5vh;&#8221; global_colors_info=&#8221;{}&#8221; sticky_transition=&#8221;on&#8221;][\/et_pb_slide][et_pb_slide button_link=&#8221;https:\/\/ochronazabytkow.nid.pl\/numery\/ochrona-zabytkow-1-2025\/&#8221; url_new_window=&#8221;on&#8221; use_bg_overlay=&#8221;off&#8221; use_text_overlay=&#8221;off&#8221; admin_title=&#8221;Ochrona Zabytk\u00f3w &#8221; _builder_version=&#8221;4.27.4&#8243; _module_preset=&#8221;default&#8221; header_text_color=&#8221;RGBA(255,255,255,0)&#8221; body_text_color=&#8221;#000000&#8243; background_enable_color=&#8221;off&#8221; background_image=&#8221;https:\/\/nid.pl\/wp-content\/uploads\/2025\/08\/ochrona-zabytkow-header-2.jpg&#8221; background_enable_image=&#8221;on&#8221; background_enable_video_mp4=&#8221;off&#8221; max_width=&#8221;60%&#8221; custom_padding=&#8221;0px||0px||false|false&#8221; link_option_url=&#8221;https:\/\/ochronazabytkow.nid.pl\/numery\/ochrona-zabytkow-1-2025\/&#8221; link_option_url_new_window=&#8221;on&#8221; custom_css_slide_container=&#8221;left: 25%;||top: 5vh;&#8221; global_colors_info=&#8221;{}&#8221; sticky_transition=&#8221;on&#8221;][\/et_pb_slide][\/et_pb_slider][\/et_pb_column][\/et_pb_row][\/et_pb_section][et_pb_section fb_built=&#8221;1&#8243; _builder_version=&#8221;4.16&#8243; _module_preset=&#8221;default&#8221; custom_margin=&#8221;||||false|false&#8221; custom_padding=&#8221;50px|50px|4px|50px|false|false&#8221; global_colors_info=&#8221;{}&#8221;][et_pb_row column_structure=&#8221;1_2,1_2&#8243; _builder_version=&#8221;4.16&#8243; _module_preset=&#8221;default&#8221; width=&#8221;100%&#8221; max_width=&#8221;100%&#8221; custom_margin=&#8221;|auto|9px|auto||&#8221; custom_padding=&#8221;0px||0px||false|false&#8221; global_colors_info=&#8221;{}&#8221;][et_pb_column type=&#8221;1_2&#8243; _builder_version=&#8221;4.16&#8243; _module_preset=&#8221;default&#8221; global_colors_info=&#8221;{}&#8221;][et_pb_text _builder_version=&#8221;4.16&#8243; _module_preset=&#8221;default&#8221; text_font_size=&#8221;26px&#8221; custom_margin=&#8221;||25px||false|false&#8221; custom_padding=&#8221;||||false|false&#8221; global_colors_info=&#8221;{}&#8221;]<\/p>\n<p><strong>News<\/strong><\/p>\n<p>[\/et_pb_text][\/et_pb_column][et_pb_column type=&#8221;1_2&#8243; _builder_version=&#8221;4.16&#8243; _module_preset=&#8221;default&#8221; global_colors_info=&#8221;{}&#8221;][et_pb_button button_url=&#8221;https:\/\/nid.pl\/wydarzenia\/&#8221; button_text=&#8221;Kalendarz wydarze\u0144&#8221; button_alignment=&#8221;right&#8221; _builder_version=&#8221;4.27.3&#8243; _module_preset=&#8221;default&#8221; custom_button=&#8221;on&#8221; button_text_size=&#8221;19px&#8221; button_text_color=&#8221;#FFFFFF&#8221; button_bg_color=&#8221;rgba(102,102,102,0.66)&#8221; button_border_width=&#8221;0px&#8221; button_border_radius=&#8221;10px&#8221; button_letter_spacing=&#8221;2px&#8221; button_font=&#8221;|600|||||||&#8221; button_icon=&#8221;&#xf073;||fa||400&#8243; button_icon_color=&#8221;#FFFFFF&#8221; button_icon_placement=&#8221;left&#8221; button_on_hover=&#8221;off&#8221; background_layout=&#8221;dark&#8221; custom_margin=&#8221;||||false|false&#8221; custom_padding=&#8221;|10px||45px|false|false&#8221; hover_transition_duration=&#8221;350ms&#8221; hover_transition_speed_curve=&#8221;ease-in&#8221; global_colors_info=&#8221;{}&#8221; button_text_color__hover_enabled=&#8221;off|desktop&#8221; button_bg_color__hover_enabled=&#8221;on|hover&#8221; button_bg_color__hover=&#8221;#E52330&#8243; button_bg_enable_color__hover=&#8221;on&#8221;][\/et_pb_button][\/et_pb_column][\/et_pb_row][et_pb_row _builder_version=&#8221;4.16&#8243; _module_preset=&#8221;default&#8221; width=&#8221;100%&#8221; max_width=&#8221;100%&#8221; custom_margin=&#8221;||||false|false&#8221; custom_padding=&#8221;0px|0px|0px|0px|false|false&#8221; global_colors_info=&#8221;{}&#8221;][et_pb_column type=&#8221;4_4&#8243; _builder_version=&#8221;4.16&#8243; _module_preset=&#8221;default&#8221; global_colors_info=&#8221;{}&#8221;][et_pb_divider _builder_version=&#8221;4.27.3&#8243; _module_preset=&#8221;default&#8221; background_color=&#8221;#666666&#8243; height=&#8221;5px&#8221; custom_padding=&#8221;||||false|false&#8221; global_colors_info=&#8221;{}&#8221;][\/et_pb_divider][\/et_pb_column][\/et_pb_row][et_pb_row _builder_version=&#8221;4.16&#8243; _module_preset=&#8221;default&#8221; width=&#8221;100%&#8221; max_width=&#8221;100%&#8221; custom_padding=&#8221;25px|0px|0px|0px|false|false&#8221; global_colors_info=&#8221;{}&#8221;][et_pb_column type=&#8221;4_4&#8243; _builder_version=&#8221;4.16&#8243; _module_preset=&#8221;default&#8221; global_colors_info=&#8221;{}&#8221;][et_pb_blog posts_number=&#8221;4&#8243; include_categories=&#8221;3&#8243; excerpt_length=&#8221;150&#8243; show_author=&#8221;off&#8221; show_categories=&#8221;off&#8221; _builder_version=&#8221;4.27.4&#8243; _module_preset=&#8221;default&#8221; header_font=&#8221;|600|||||||&#8221; header_text_color=&#8221;#e52330&#8243; header_font_size=&#8221;19px&#8221; header_line_height=&#8221;1.2em&#8221; body_text_color=&#8221;#000000&#8243; meta_font=&#8221;||||||||&#8221; meta_text_color=&#8221;#9b9b9b&#8221; read_more_font=&#8221;|700||||on|||&#8221; read_more_text_color=&#8221;#000000&#8243; custom_padding=&#8221;||||false|false&#8221; custom_css_main_element=&#8221;column-count: 4;||column-gap: 25px;&#8221; global_colors_info=&#8221;{}&#8221; custom_css_main_element_last_edited=&#8221;on|phone&#8221; custom_css_main_element_tablet=&#8221;column-count: 2;||column-gap: 25px;&#8221; custom_css_main_element_phone=&#8221;column-count: 1;||column-gap: 0px;&#8221;][\/et_pb_blog][\/et_pb_column][\/et_pb_row][\/et_pb_section][et_pb_section fb_built=&#8221;1&#8243; _builder_version=&#8221;4.23.2&#8243; _module_preset=&#8221;default&#8221; background_color=&#8221;#FFFFFF&#8221; custom_margin=&#8221;||-41px||false|false&#8221; custom_padding=&#8221;0px|50px|50px|50px|false|false&#8221; global_colors_info=&#8221;{}&#8221;][et_pb_row _builder_version=&#8221;4.16&#8243; _module_preset=&#8221;default&#8221; width=&#8221;100%&#8221; max_width=&#8221;100%&#8221; custom_padding=&#8221;25px|0px|0px|0px|false|false&#8221; global_colors_info=&#8221;{}&#8221;][et_pb_column type=&#8221;4_4&#8243; _builder_version=&#8221;4.16&#8243; _module_preset=&#8221;default&#8221; global_colors_info=&#8221;{}&#8221;][et_pb_text _builder_version=&#8221;4.16&#8243; _module_preset=&#8221;default&#8221; text_font_size=&#8221;26px&#8221; custom_margin=&#8221;||25px||false|false&#8221; custom_padding=&#8221;||||false|false&#8221; locked=&#8221;off&#8221; global_colors_info=&#8221;{}&#8221;]<\/p>\n<p><strong>Projekty<\/strong><\/p>\n<p>[\/et_pb_text][et_pb_divider _builder_version=&#8221;4.27.3&#8243; _module_preset=&#8221;default&#8221; background_color=&#8221;#666666&#8243; height=&#8221;5px&#8221; custom_padding=&#8221;||||false|false&#8221; locked=&#8221;off&#8221; global_colors_info=&#8221;{}&#8221;][\/et_pb_divider][\/et_pb_column][\/et_pb_row][\/et_pb_section][et_pb_section fb_built=&#8221;1&#8243; _builder_version=&#8221;4.27.4&#8243; _module_preset=&#8221;default&#8221; background_color=&#8221;#f6f6f6&#8243; min_height=&#8221;663px&#8221; custom_margin=&#8221;||||false|false&#8221; custom_padding=&#8221;15px|50px|50px|50px|false|false&#8221; global_colors_info=&#8221;{}&#8221;][et_pb_row column_structure=&#8221;1_4,1_4,1_4,1_4&#8243; _builder_version=&#8221;4.27.4&#8243; _module_preset=&#8221;default&#8221; width=&#8221;97%&#8221; max_width=&#8221;2560px&#8221; global_colors_info=&#8221;{}&#8221;][et_pb_column type=&#8221;1_4&#8243; admin_label=&#8221;ETHER&#8221; _builder_version=&#8221;4.27.4&#8243; _module_preset=&#8221;default&#8221; global_colors_info=&#8221;{}&#8221;][et_pb_image src=&#8221;https:\/\/nid.pl\/wp-content\/uploads\/2026\/03\/kafel-mdoz-2026.jpg&#8221; alt=&#8221;konferencja w Krakowie&#8221; title_text=&#8221;kafel-mdoz-2026&#8243; url=&#8221;https:\/\/nid.pl\/miedzynarodowy-dzien-ochrony-zabytkow\/&#8221; url_new_window=&#8221;on&#8221; _builder_version=&#8221;4.27.5&#8243; _module_preset=&#8221;default&#8221; locked=&#8221;off&#8221; global_colors_info=&#8221;{}&#8221;][\/et_pb_image][et_pb_text _builder_version=&#8221;4.27.5&#8243; _module_preset=&#8221;default&#8221; link_option_url=&#8221;https:\/\/nid.pl\/miedzynarodowy-dzien-ochrony-zabytkow\/&#8221; link_option_url_new_window=&#8221;on&#8221; locked=&#8221;off&#8221; global_colors_info=&#8221;{}&#8221;]<\/p>\n<h4><strong><span style=\"color: #e52330;\">Mi\u0119dzynarodowy Dzie\u0144 Ochrony Zabytk\u00f3w<\/span><\/strong><\/h4>\n<p>\u015awi\u0119to wszystkich, kt\u00f3rzy z pasj\u0105 i zaanga\u017cowaniem po\u015bwi\u0119caj\u0105 si\u0119 ochronie dziedzictwa kulturowego. MDOZ, to dzie\u0144 szczeg\u00f3lnego uznania dla konserwator\u00f3w, historyk\u00f3w sztuki i architektury, urbanist\u00f3w, archeolog\u00f3w oraz przedstawicieli wielu innych profesji, kt\u00f3rych codzienna praca przyczynia si\u0119 do zachowania zabytk\u00f3w dla przysz\u0142ych pokole\u0144.<\/p>\n<p>[\/et_pb_text][\/et_pb_column][et_pb_column type=&#8221;1_4&#8243; admin_label=&#8221;zabytek zadbany&#8221; _builder_version=&#8221;4.27.4&#8243; _module_preset=&#8221;default&#8221; global_colors_info=&#8221;{}&#8221;][et_pb_image src=&#8221;https:\/\/nid.pl\/wp-content\/uploads\/2026\/03\/kafel-szkoly-ciesielskie-2026.jpg&#8221; alt=&#8221;Szyd\u0142owiecki&#8221; title_text=&#8221;kafel-szkoly-ciesielskie-2026&#8243; url=&#8221;https:\/\/nid.pl\/2026\/03\/10\/szkoly-ciesielskie-2026-ruszyla-rejestracja\/&#8221; url_new_window=&#8221;on&#8221; _builder_version=&#8221;4.27.5&#8243; _module_preset=&#8221;default&#8221; locked=&#8221;off&#8221; global_colors_info=&#8221;{}&#8221;][\/et_pb_image][et_pb_text _builder_version=&#8221;4.27.5&#8243; _module_preset=&#8221;default&#8221; link_option_url=&#8221;https:\/\/nid.pl\/2026\/03\/10\/szkoly-ciesielskie-2026-ruszyla-rejestracja\/&#8221; link_option_url_new_window=&#8221;on&#8221; locked=&#8221;off&#8221; global_colors_info=&#8221;{}&#8221;]<\/p>\n<h4><span style=\"color: #e52330;\"><strong>Szko\u0142y Ciesielskie<\/strong><\/span><\/h4>\n<p>Cykliczny program edukacyjny, kt\u00f3ry \u0142\u0105czy praktyczn\u0105 nauk\u0119 tradycyjnych technik ciesielskich z wiedz\u0105 eksperck\u0105 z zakresu ochrony zabytk\u00f3w i analizy konstrukcji historycznych budynk\u00f3w drewnianych.<\/p>\n<p>[\/et_pb_text][\/et_pb_column][et_pb_column type=&#8221;1_4&#8243; admin_label=&#8221;edd&#8221; _builder_version=&#8221;4.27.4&#8243; _module_preset=&#8221;default&#8221; global_colors_info=&#8221;{}&#8221;][et_pb_image src=&#8221;https:\/\/nid.pl\/wp-content\/uploads\/2026\/04\/Kafel-nid-2026.jpg&#8221; alt=&#8221;grafika Europejskich Dni Dziedzictwa&#8221; title_text=&#8221;Kafel nid 2026&#8243; url=&#8221;https:\/\/nid.pl\/europejskie-dni-dziedzictwa\/&#8221; url_new_window=&#8221;on&#8221; _builder_version=&#8221;4.27.5&#8243; _module_preset=&#8221;default&#8221; hover_enabled=&#8221;0&#8243; global_colors_info=&#8221;{}&#8221; sticky_enabled=&#8221;0&#8243;][\/et_pb_image][et_pb_text _builder_version=&#8221;4.27.4&#8243; _module_preset=&#8221;default&#8221; link_option_url=&#8221;https:\/\/nid.pl\/europejskie-dni-dziedzictwa\/&#8221; link_option_url_new_window=&#8221;on&#8221; locked=&#8221;off&#8221; global_colors_info=&#8221;{}&#8221;]<\/p>\n<h4><strong><span style=\"color: #e52330;\">Europejskie Dni Dziedzictwa<\/span><\/strong><\/h4>\n<p>Wsp\u00f3lna inicjatywa Rady Europy i Unii Europejskiej ustanowiona w 1991, w Polsce obecna od 1993. Narodowy Instytut Dziedzictwa jest og\u00f3lnopolskim koordynatorem tego projektu.<\/p>\n<p>[\/et_pb_text][\/et_pb_column][et_pb_column type=&#8221;1_4&#8243; admin_label=&#8221;eda&#8221; _builder_version=&#8221;4.27.4&#8243; _module_preset=&#8221;default&#8221; global_colors_info=&#8221;{}&#8221;][et_pb_image src=&#8221;https:\/\/nid.pl\/wp-content\/uploads\/2026\/04\/EDA_projekty.jpg&#8221; alt=&#8221;Ostr\u00f3w Lednicki&#8221; title_text=&#8221;EDA_projekty&#8221; url=&#8221;https:\/\/nid.pl\/dzialalnosc\/europejskie-dni-archeologii\/&#8221; url_new_window=&#8221;on&#8221; _builder_version=&#8221;4.27.5&#8243; _module_preset=&#8221;default&#8221; global_colors_info=&#8221;{}&#8221;][\/et_pb_image][et_pb_text _builder_version=&#8221;4.24.2&#8243; _module_preset=&#8221;default&#8221; link_option_url=&#8221;https:\/\/nid.pl\/dzialalnosc\/europejskie-dni-archeologii\/&#8221; link_option_url_new_window=&#8221;on&#8221; global_colors_info=&#8221;{}&#8221;]<\/p>\n<h4><span style=\"color: #e52330;\"><strong>Europejskie Dni Archeologii<\/strong><\/span><\/h4>\n<p>Europejskie Dni Archeologii (#EDA) to inicjatywa realizowana w Polsce od 2019 roku, kt\u00f3ra zosta\u0142a zainicjowana w roku 2010 jako wydarzenie francuskie, przez Narodowy Instytut Archeologicznych Bada\u0144 Ratowniczych (Inrap).<\/p>\n<p>[\/et_pb_text][\/et_pb_column][\/et_pb_row][et_pb_row column_structure=&#8221;1_4,1_4,1_4,1_4&#8243; _builder_version=&#8221;4.27.4&#8243; _module_preset=&#8221;default&#8221; width=&#8221;97%&#8221; max_width=&#8221;2560px&#8221; global_colors_info=&#8221;{}&#8221;][et_pb_column type=&#8221;1_4&#8243; admin_label=&#8221;konferencje&#8221; _builder_version=&#8221;4.27.4&#8243; _module_preset=&#8221;default&#8221; global_colors_info=&#8221;{}&#8221;][et_pb_image src=&#8221;https:\/\/nid.pl\/wp-content\/uploads\/2025\/10\/projekty_konferencjewyklady.jpg&#8221; alt=&#8221;kafelki tematyczne_konferencje&#8221; title_text=&#8221;projekty_konferencje,wyk\u0142ady&#8221; url=&#8221;https:\/\/nid.pl\/dzialalnosc\/konferencje\/&#8221; url_new_window=&#8221;on&#8221; _builder_version=&#8221;4.27.4&#8243; _module_preset=&#8221;default&#8221; global_colors_info=&#8221;{}&#8221;][\/et_pb_image][et_pb_text _builder_version=&#8221;4.27.4&#8243; _module_preset=&#8221;default&#8221; link_option_url=&#8221;https:\/\/nid.pl\/dzialalnosc\/konferencje\/&#8221; link_option_url_new_window=&#8221;on&#8221; global_colors_info=&#8221;{}&#8221;]<\/p>\n<h4><span style=\"color: #e52330;\"><strong>Konferencje naukowe, wyk\u0142ady, webinaria<\/strong><\/span><\/h4>\n<p><span>Narodowy Instytut Dziedzictwa zaprasza do udzia\u0142u w konferencjach naukowych, wyk\u0142adach oraz webinariach za temat ochrony dziedzictwa kulturowego.<\/span><\/p>\n<p>[\/et_pb_text][\/et_pb_column][et_pb_column type=&#8221;1_4&#8243; admin_label=&#8221;niematerialne&#8221; _builder_version=&#8221;4.27.4&#8243; _module_preset=&#8221;default&#8221; global_colors_info=&#8221;{}&#8221;][et_pb_image src=&#8221;https:\/\/nid.pl\/wp-content\/uploads\/2024\/02\/kafelki-tematyczne_niematerialne.png&#8221; alt=&#8221;Redyk jesienny w Sobl\u00f3wce&#8221; title_text=&#8221;kafelki tematyczne_niematerialne&#8221; url=&#8221;https:\/\/niematerialne.nid.pl\/&#8221; url_new_window=&#8221;on&#8221; _builder_version=&#8221;4.27.0&#8243; _module_preset=&#8221;default&#8221; global_colors_info=&#8221;{}&#8221;][\/et_pb_image][et_pb_text _builder_version=&#8221;4.27.4&#8243; _module_preset=&#8221;default&#8221; link_option_url=&#8221;https:\/\/niematerialne.nid.pl\/&#8221; link_option_url_new_window=&#8221;on&#8221; locked=&#8221;off&#8221; global_colors_info=&#8221;{}&#8221;]<\/p>\n<h4><span style=\"color: #e52330;\"><strong>Niematerialne Dziedzictwo Kulturowe<\/strong><\/span><\/h4>\n<p>\u017bywe dziedzictwo, przekazywane z pokolenia na pokolenie i nieustannie odtwarzane przez wsp\u00f3lnoty w relacji z otoczeniem, buduje ich to\u017csamo\u015b\u0107 i ci\u0105g\u0142o\u015b\u0107, wspieraj\u0105c zarazem poszanowanie r\u00f3\u017cnorodno\u015bci kulturowej i ludzkiej kreatywno\u015bci.<\/p>\n<p>&nbsp;<\/p>\n<p>[\/et_pb_text][\/et_pb_column][et_pb_column type=&#8221;1_4&#8243; admin_label=&#8221;park mu\u017cakowski&#8221; _builder_version=&#8221;4.27.4&#8243; _module_preset=&#8221;default&#8221; global_colors_info=&#8221;{}&#8221;][et_pb_image src=&#8221;https:\/\/nid.pl\/wp-content\/uploads\/2025\/09\/projekty_zabytek-zadbany-2025.jpg&#8221; alt=&#8221;konferencja w Krakowie&#8221; title_text=&#8221;projekty_zabytek-zadbany-2025&#8243; url=&#8221;https:\/\/nid.pl\/konkursy\/zabytek-zadbany\/&#8221; url_new_window=&#8221;on&#8221; _builder_version=&#8221;4.27.5&#8243; _module_preset=&#8221;default&#8221; global_colors_info=&#8221;{}&#8221;][\/et_pb_image][et_pb_text _builder_version=&#8221;4.27.5&#8243; _module_preset=&#8221;default&#8221; link_option_url=&#8221;https:\/\/nid.pl\/konkursy\/zabytek-zadbany\/&#8221; link_option_url_new_window=&#8221;on&#8221; locked=&#8221;off&#8221; global_colors_info=&#8221;{}&#8221;]<\/p>\n<h4><strong><span style=\"color: #e52330;\">Zabytek Zadbany<\/span><\/strong><\/h4>\n<p>Jubileuszowa edycja konkursu Ministra Kultury i Dziedzictwa Narodowego oraz Generalnego Konserwatora Zabytk\u00f3w \u201eZabytek Zadbany\u201d w\u0142a\u015bnie ruszy\u0142a. Ju\u017c od pi\u0119\u0107dziesi\u0119ciu lat w\u0142a\u015bciciele, posiadacze i zarz\u0105dcy zabytk\u00f3w s\u0105 nagradzani za prace konserwatorskie, adaptacyjne i wzorcow\u0105 opiek\u0119 nad obiektami. Narodowy Instytut Dziedzictwa od 2011 prowadzi procedur\u0119 konkursow\u0105.<\/p>\n<p>[\/et_pb_text][\/et_pb_column][et_pb_column type=&#8221;1_4&#8243; admin_label=&#8221;digitalizacja&#8221; _builder_version=&#8221;4.27.4&#8243; _module_preset=&#8221;default&#8221; global_colors_info=&#8221;{}&#8221;][et_pb_image src=&#8221;https:\/\/nid.pl\/wp-content\/uploads\/2025\/07\/Kafel-digitalizacja-zabytkow-2025.jpg&#8221; alt=&#8221;grafika Europejskich Dni Dziedzictwa&#8221; title_text=&#8221;Kafel digitalizacja zabytk\u00f3w 2025&#8243; url=&#8221;https:\/\/nid.pl\/centrum-kompetencji-ds-digitalizacji-zabytkow\/&#8221; url_new_window=&#8221;on&#8221; _builder_version=&#8221;4.27.4&#8243; _module_preset=&#8221;default&#8221; global_colors_info=&#8221;{}&#8221;][\/et_pb_image][et_pb_text _builder_version=&#8221;4.27.4&#8243; _module_preset=&#8221;default&#8221; link_option_url=&#8221;https:\/\/nid.pl\/centrum-kompetencji-ds-digitalizacji-zabytkow\/&#8221; link_option_url_new_window=&#8221;on&#8221; global_colors_info=&#8221;{}&#8221;]<\/p>\n<h4><strong><span style=\"color: #e52330;\">Centrum Kompetencji ds. digitalizacji zabytk\u00f3w<\/span><\/strong><\/h4>\n<p><strong><\/strong>Od ponad dwudziestu lat KOBiDZ, a obecnie Dzia\u0142 Digitalizacji NID, wykorzystuje cyfrowe technologie do inwentaryzacji zabytk\u00f3w, wyznaczaj\u0105c i aktualizuj\u0105c standardy, szkol\u0105c kadry instytucji kultury oraz promuj\u0105c zasoby cyfrowe.<\/p>\n<p>[\/et_pb_text][\/et_pb_column][\/et_pb_row][et_pb_row column_structure=&#8221;1_4,1_4,1_4,1_4&#8243; disabled_on=&#8221;on|on|on&#8221; _builder_version=&#8221;4.27.4&#8243; _module_preset=&#8221;default&#8221; width=&#8221;97%&#8221; max_width=&#8221;2560px&#8221; disabled=&#8221;on&#8221; global_colors_info=&#8221;{}&#8221;][et_pb_column type=&#8221;1_4&#8243; admin_label=&#8221;wystawy&#8221; _builder_version=&#8221;4.27.4&#8243; _module_preset=&#8221;default&#8221; global_colors_info=&#8221;{}&#8221;][et_pb_image src=&#8221;https:\/\/nid.pl\/wp-content\/uploads\/2024\/02\/kafelki-tematyczne_wystawy-1024&#215;683.png&#8221; title_text=&#8221;kafelki tematyczne_wystawy&#8221; url=&#8221;https:\/\/nid.pl\/skarby-drewnianej-architektury-sakralnej-koscioly-i-cerkwie-na-liscie-swiatowego-dziedzictwa-unesco\/&#8221; url_new_window=&#8221;on&#8221; _builder_version=&#8221;4.27.4&#8243; _module_preset=&#8221;default&#8221; global_colors_info=&#8221;{}&#8221;][\/et_pb_image][et_pb_text _builder_version=&#8221;4.16&#8243; _module_preset=&#8221;default&#8221; link_option_url=&#8221;https:\/\/nid.pl\/skarby-drewnianej-architektury-sakralnej-koscioly-i-cerkwie-na-liscie-swiatowego-dziedzictwa-unesco\/&#8221; link_option_url_new_window=&#8221;on&#8221; locked=&#8221;off&#8221; global_colors_info=&#8221;{}&#8221;]<\/p>\n<h4><strong><span style=\"color: #e52330;\">Skarby drewnianej architektury sakralnej. Ko\u015bcio\u0142y i cerkwie na Li\u015bcie \u015bwiatowego dziedzictwa UNESCO<\/span><\/strong><\/h4>\n<p>Wystawa Narodowego Instytutu Dziedzictwa z okazji jubileuszu wpis\u00f3w na List\u0119 \u015bwiatowego dziedzictwa UNESCO.<\/p>\n<p>&nbsp;<\/p>\n<p>[\/et_pb_text][\/et_pb_column][et_pb_column type=&#8221;1_4&#8243; admin_label=&#8221;niematerialne&#8221; _builder_version=&#8221;4.27.4&#8243; _module_preset=&#8221;default&#8221; global_colors_info=&#8221;{}&#8221;][et_pb_image src=&#8221;https:\/\/nid.pl\/wp-content\/uploads\/2024\/02\/kafelki-tematyczne_niematerialne-1024&#215;683.png&#8221; alt=&#8221;Redyk jesienny w Sobl\u00f3wce&#8221; title_text=&#8221;kafelki tematyczne_niematerialne&#8221; url=&#8221;https:\/\/nid.pl\/tradycje-od-pokolen-niematerialne-dziedzictwo-kulturowe-w-polsce\/&#8221; url_new_window=&#8221;on&#8221; _builder_version=&#8221;4.24.2&#8243; _module_preset=&#8221;default&#8221; global_colors_info=&#8221;{}&#8221;][\/et_pb_image][et_pb_text _builder_version=&#8221;4.24.2&#8243; _module_preset=&#8221;default&#8221; link_option_url=&#8221;https:\/\/nid.pl\/tradycje-od-pokolen-niematerialne-dziedzictwo-kulturowe-w-polsce\/&#8221; link_option_url_new_window=&#8221;on&#8221; global_colors_info=&#8221;{}&#8221;]<\/p>\n<h4><span style=\"color: #e52330;\"><strong>Tradycje od pokole\u0144. Niematerialne dziedzictwo kulturowe w Polsce<\/strong><\/span><\/h4>\n<p>Wystawa Narodowy Instytut Dziedzictwa z okazji jubileuszu powstania Konwencji UNESCO w sprawie ochrony niematerialnego dziedzictwa kulturowego oraz jubileuszu 10-lecia Krajowej listy niematerialnego dziedzictw kulturowego.<\/p>\n<p>[\/et_pb_text][\/et_pb_column][et_pb_column type=&#8221;1_4&#8243; admin_label=&#8221;edd&#8221; _builder_version=&#8221;4.27.4&#8243; _module_preset=&#8221;default&#8221; global_colors_info=&#8221;{}&#8221;][et_pb_image src=&#8221;https:\/\/nid.pl\/wp-content\/uploads\/2024\/10\/projekty_pomniki-historii.jpg&#8221; title_text=&#8221;projekty_pomniki-historii&#8221; url=&#8221;https:\/\/nid.pl\/pomniki-historii\/&#8221; url_new_window=&#8221;on&#8221; _builder_version=&#8221;4.27.4&#8243; _module_preset=&#8221;default&#8221; locked=&#8221;off&#8221; global_colors_info=&#8221;{}&#8221;][\/et_pb_image][et_pb_text _builder_version=&#8221;4.27.4&#8243; _module_preset=&#8221;default&#8221; link_option_url=&#8221;https:\/\/nid.pl\/pomniki-historii\/&#8221; link_option_url_new_window=&#8221;on&#8221; locked=&#8221;off&#8221; global_colors_info=&#8221;{}&#8221;]<\/p>\n<h4><strong><span style=\"color: #e52330;\">Pomniki historii<\/span><\/strong><\/h4>\n<p><strong><\/strong>Opr\u00f3cz istotnej roli w polskim dziedzictwie kulturowym, wyr\u00f3\u017cniaj\u0105 si\u0119 znaczeniem ponadregionalnym, wysok\u0105 warto\u015bci\u0105 historyczn\u0105, naukow\u0105 i artystyczn\u0105, stanowi\u0105c \u017ar\u00f3d\u0142o inspiracji dla kolejnych pokole\u0144. U<span>stanawiany jest rozporz\u0105dzeniem Prezydenta RP na wniosek Ministra Kultury i Dziedzictwa Narodowego.\u00a0<\/span><\/p>\n<p>[\/et_pb_text][\/et_pb_column][et_pb_column type=&#8221;1_4&#8243; admin_label=&#8221;mdoz&#8221; _builder_version=&#8221;4.27.4&#8243; _module_preset=&#8221;default&#8221; global_colors_info=&#8221;{}&#8221;][et_pb_image src=&#8221;https:\/\/nid.pl\/wp-content\/uploads\/2025\/04\/Kafel-MDOZ_2025.jpg&#8221; title_text=&#8221;Kafel MDOZ_2025&#8243; _builder_version=&#8221;4.27.4&#8243; _module_preset=&#8221;default&#8221; global_colors_info=&#8221;{}&#8221;][\/et_pb_image][et_pb_text _builder_version=&#8221;4.27.4&#8243; _module_preset=&#8221;default&#8221; global_colors_info=&#8221;{}&#8221;]<\/p>\n<p>\u015awi\u0119to wszystkich pracuj\u0105cych na rzecz ochrony zabytk\u00f3w, a tak\u017ce wszystkich odpowiedzialnych w\u0142a\u015bcicieli, opiekun\u00f3w i zarz\u0105dc\u00f3w obiekt\u00f3w zabytkowych.<\/p>\n<p>[\/et_pb_text][\/et_pb_column][\/et_pb_row][\/et_pb_section][et_pb_section fb_built=&#8221;1&#8243; _builder_version=&#8221;4.23.2&#8243; _module_preset=&#8221;default&#8221; background_color=&#8221;#FFFFFF&#8221; custom_margin=&#8221;||||false|false&#8221; custom_padding=&#8221;16px|50px|50px|50px|false|false&#8221; global_colors_info=&#8221;{}&#8221;][et_pb_row _builder_version=&#8221;4.16&#8243; _module_preset=&#8221;default&#8221; width=&#8221;100%&#8221; max_width=&#8221;100%&#8221; custom_margin=&#8221;||||false|false&#8221; custom_padding=&#8221;12px|0px|0px|0px|false|false&#8221; global_colors_info=&#8221;{}&#8221;][et_pb_column type=&#8221;4_4&#8243; _builder_version=&#8221;4.16&#8243; _module_preset=&#8221;default&#8221; global_colors_info=&#8221;{}&#8221;][et_pb_text _builder_version=&#8221;4.16&#8243; _module_preset=&#8221;default&#8221; text_font_size=&#8221;26px&#8221; custom_margin=&#8221;||25px||false|false&#8221; custom_padding=&#8221;||||false|false&#8221; global_colors_info=&#8221;{}&#8221;][\/et_pb_text][et_pb_text _builder_version=&#8221;4.16&#8243; _module_preset=&#8221;default&#8221; text_font_size=&#8221;26px&#8221; custom_margin=&#8221;||25px||false|false&#8221; custom_padding=&#8221;||||false|false&#8221; global_colors_info=&#8221;{}&#8221;]<\/p>\n<p><strong>Polecane<\/strong><\/p>\n<p>[\/et_pb_text][et_pb_divider _builder_version=&#8221;4.27.3&#8243; _module_preset=&#8221;default&#8221; background_color=&#8221;#666666&#8243; height=&#8221;5px&#8221; custom_padding=&#8221;||||false|false&#8221; global_colors_info=&#8221;{}&#8221;][\/et_pb_divider][\/et_pb_column][\/et_pb_row][et_pb_row column_structure=&#8221;1_4,1_4,1_4,1_4&#8243; _builder_version=&#8221;4.16&#8243; _module_preset=&#8221;default&#8221; width=&#8221;97%&#8221; max_width=&#8221;2560px&#8221; global_colors_info=&#8221;{}&#8221;][et_pb_column type=&#8221;1_4&#8243; _builder_version=&#8221;4.16&#8243; _module_preset=&#8221;default&#8221; global_colors_info=&#8221;{}&#8221;][et_pb_image src=&#8221;https:\/\/nid.pl\/wp-content\/uploads\/2024\/01\/konserwator-1024&#215;683.png&#8221; title_text=&#8221;konserwator&#8221; url=&#8221;https:\/\/konserwator.nid.pl\/&#8221; url_new_window=&#8221;on&#8221; _builder_version=&#8221;4.24.2&#8243; _module_preset=&#8221;default&#8221; global_colors_info=&#8221;{}&#8221;][\/et_pb_image][et_pb_text _builder_version=&#8221;4.16&#8243; _module_preset=&#8221;default&#8221; link_option_url=&#8221;https:\/\/konserwator.nid.pl\/&#8221; link_option_url_new_window=&#8221;on&#8221; locked=&#8221;off&#8221; global_colors_info=&#8221;{}&#8221;]<\/p>\n<h4><strong><span style=\"color: #e52330;\">konserwator.nid.pl<\/span><\/strong><\/h4>\n<p>Portal konserwator.nid.pl, to platforma dedykowana specjalistom, w\u0142a\u015bcicielom i zarz\u0105dcom nieruchomo\u015bci, opiekunom obiekt\u00f3w zabytkowych oraz wszystkim zainteresowanym zabytkami w Polsce.<\/p>\n<p>[\/et_pb_text][\/et_pb_column][et_pb_column type=&#8221;1_4&#8243; _builder_version=&#8221;4.16&#8243; _module_preset=&#8221;default&#8221; global_colors_info=&#8221;{}&#8221;][et_pb_image src=&#8221;https:\/\/nid.pl\/wp-content\/uploads\/2024\/01\/szkolenia-1024&#215;683.png&#8221; title_text=&#8221;szkolenia&#8221; url=&#8221;https:\/\/szkolenianid.learncom.pl\/Account_LogOn&#8221; url_new_window=&#8221;on&#8221; _builder_version=&#8221;4.24.2&#8243; _module_preset=&#8221;default&#8221; global_colors_info=&#8221;{}&#8221;][\/et_pb_image][et_pb_text _builder_version=&#8221;4.23.1&#8243; _module_preset=&#8221;default&#8221; link_option_url=&#8221;https:\/\/szkolenianid.learncom.pl\/Account_LogOn&#8221; link_option_url_new_window=&#8221;on&#8221; global_colors_info=&#8221;{}&#8221;]<\/p>\n<h4><strong><span style=\"color: #e52330;\">platforma e-szkoleniowa<\/span><\/strong><\/h4>\n<p>Platforma szkoleniowa NID to spos\u00f3b na zwi\u0119kszanie kompetencji urz\u0119dnik\u00f3w gmin i innych lider\u00f3w lokalnych.<br \/>Dost\u0119pne 24\/7 e-szkolenia pozwalaj\u0105 na zapoznanie si\u0119 z zagadnieniami zwi\u0105zanymi z zarz\u0105dzaniem dziedzictwem lokalnym w r\u00f3\u017cnych dziedzinach \u017cycia gminy, np. w planowaniu przestrzennym, promocji, przedsi\u0119biorczo\u015bci.<\/p>\n<p>[\/et_pb_text][\/et_pb_column][et_pb_column type=&#8221;1_4&#8243; _builder_version=&#8221;4.16&#8243; _module_preset=&#8221;default&#8221; global_colors_info=&#8221;{}&#8221;][et_pb_image src=&#8221;https:\/\/nid.pl\/wp-content\/uploads\/2024\/01\/zabytek.pl_-1024&#215;683.png&#8221; title_text=&#8221;zabytek.pl&#8221; url=&#8221;https:\/\/zabytek.pl\/pl&#8221; url_new_window=&#8221;on&#8221; _builder_version=&#8221;4.24.2&#8243; _module_preset=&#8221;default&#8221; global_colors_info=&#8221;{}&#8221;][\/et_pb_image][et_pb_text _builder_version=&#8221;4.16&#8243; _module_preset=&#8221;default&#8221; link_option_url=&#8221;https:\/\/zabytek.pl\/pl&#8221; link_option_url_new_window=&#8221;on&#8221; global_colors_info=&#8221;{}&#8221;]<\/p>\n<h4><span style=\"color: #e52330;\"><strong>zabytek.pl<\/strong><\/span><\/h4>\n<p>Portal zabytek.pl jest prowadzony przez Narodowy Instytut Dziedzictwa. Jego celem jest szerokie upowszechnianie wiedzy o zabytkach nieruchomych na terenie Polski. Zabytek.pl w nowoczesny spos\u00f3b udost\u0119pnia informacje o zabytkach wraz z ich opisami, dokumentacj\u0105, zdj\u0119ciami, a tak\u017ce modelami 3D obiekt\u00f3w, chmurami punkt\u00f3w, panoramami, filmami.<\/p>\n<p>[\/et_pb_text][\/et_pb_column][et_pb_column type=&#8221;1_4&#8243; _builder_version=&#8221;4.16&#8243; _module_preset=&#8221;default&#8221; global_colors_info=&#8221;{}&#8221;][et_pb_image src=&#8221;https:\/\/nid.pl\/wp-content\/uploads\/2024\/01\/samorzad.nid_.pl_-1024&#215;683.png&#8221; title_text=&#8221;samorzad.nid.pl&#8221; url=&#8221;https:\/\/samorzad.nid.pl\/&#8221; url_new_window=&#8221;on&#8221; _builder_version=&#8221;4.24.2&#8243; _module_preset=&#8221;default&#8221; global_colors_info=&#8221;{}&#8221;][\/et_pb_image][et_pb_text _builder_version=&#8221;4.16&#8243; _module_preset=&#8221;default&#8221; link_option_url=&#8221;https:\/\/samorzad.nid.pl\/&#8221; link_option_url_new_window=&#8221;on&#8221; locked=&#8221;off&#8221; global_colors_info=&#8221;{}&#8221;]<\/p>\n<h4><span style=\"color: #e52330;\"><strong>samorzad.nid.pl<\/strong><\/span><\/h4>\n<p>Jak zidentyfikowa\u0107 i rozpozna\u0107 dziedzictwo kulturowe? Jak je chroni\u0107 oraz jak je wykorzysta\u0107 do rozwoju gminy?<br \/>Odpowiedzi na te i wiele innych pyta\u0144 s\u0105 opracowywane przez ekspert\u00f3w w czterech kategoriach tematycznych: Dziedzictwo, Finanse, Prawo, Zarz\u0105dzanie i rozw\u00f3j<\/p>\n<p>[\/et_pb_text][\/et_pb_column][\/et_pb_row][\/et_pb_section][et_pb_section fb_built=&#8221;1&#8243; _builder_version=&#8221;4.23.2&#8243; _module_preset=&#8221;default&#8221; background_color=&#8221;#FFFFFF&#8221; min_height=&#8221;80.8px&#8221; custom_margin=&#8221;||||false|false&#8221; custom_padding=&#8221;15px|50px|13px|50px|false|false&#8221; global_colors_info=&#8221;{}&#8221;][et_pb_row disabled_on=&#8221;off|off|off&#8221; _builder_version=&#8221;4.16&#8243; _module_preset=&#8221;default&#8221; width=&#8221;100%&#8221; max_width=&#8221;100%&#8221; custom_margin=&#8221;||||false|false&#8221; custom_padding=&#8221;0px|0px|0px|0px|false|false&#8221; global_colors_info=&#8221;{}&#8221;][et_pb_column type=&#8221;4_4&#8243; _builder_version=&#8221;4.16&#8243; _module_preset=&#8221;default&#8221; global_colors_info=&#8221;{}&#8221;][et_pb_text disabled_on=&#8221;on|on|on&#8221; _builder_version=&#8221;4.27.4&#8243; _module_preset=&#8221;default&#8221; text_font_size=&#8221;26px&#8221; custom_margin=&#8221;||25px||false|false&#8221; custom_padding=&#8221;||||false|false&#8221; disabled=&#8221;on&#8221; global_colors_info=&#8221;{}&#8221;]<\/p>\n<p><strong>Wakacje z Narodowym Instytutem Dziedzictwa<\/strong><\/p>\n<p>[\/et_pb_text][et_pb_divider disabled_on=&#8221;on|on|on&#8221; _builder_version=&#8221;4.27.3&#8243; _module_preset=&#8221;default&#8221; background_color=&#8221;#666666&#8243; height=&#8221;5px&#8221; custom_padding=&#8221;||||false|false&#8221; disabled=&#8221;on&#8221; global_colors_info=&#8221;{}&#8221;][\/et_pb_divider][\/et_pb_column][\/et_pb_row][\/et_pb_section][et_pb_section fb_built=&#8221;1&#8243; disabled_on=&#8221;on|on|on&#8221; _builder_version=&#8221;4.24.2&#8243; _module_preset=&#8221;default&#8221; background_color=&#8221;#f6f6f6&#8243; custom_margin=&#8221;||||false|false&#8221; custom_padding=&#8221;16px|50px|50px|50px|false|false&#8221; disabled=&#8221;on&#8221; global_colors_info=&#8221;{}&#8221; background__hover_enabled=&#8221;on|hover&#8221; background_color__hover=&#8221;#f6f6f6&#8243; background_enable_color__hover=&#8221;on&#8221;][et_pb_row _builder_version=&#8221;4.16&#8243; _module_preset=&#8221;default&#8221; width=&#8221;100%&#8221; max_width=&#8221;100%&#8221; custom_padding=&#8221;25px|0px|0px|0px|false|false&#8221; global_colors_info=&#8221;{}&#8221;][et_pb_column type=&#8221;4_4&#8243; _builder_version=&#8221;4.16&#8243; _module_preset=&#8221;default&#8221; global_colors_info=&#8221;{}&#8221;][et_pb_blog posts_number=&#8221;4&#8243; include_categories=&#8221;146&#8243; excerpt_length=&#8221;150&#8243; show_author=&#8221;off&#8221; show_categories=&#8221;off&#8221; disabled_on=&#8221;on|on|on&#8221; _builder_version=&#8221;4.27.4&#8243; _module_preset=&#8221;default&#8221; header_font=&#8221;|600|||||||&#8221; header_text_color=&#8221;#e52330&#8243; header_font_size=&#8221;19px&#8221; header_line_height=&#8221;1.2em&#8221; body_text_color=&#8221;#000000&#8243; meta_font=&#8221;||||||||&#8221; meta_text_color=&#8221;#9b9b9b&#8221; read_more_font=&#8221;|700||||on|||&#8221; read_more_text_color=&#8221;#000000&#8243; custom_padding=&#8221;||||false|false&#8221; custom_css_main_element=&#8221;column-count: 4;||column-gap: 25px;&#8221; disabled=&#8221;on&#8221; global_colors_info=&#8221;{}&#8221; custom_css_main_element_last_edited=&#8221;on|phone&#8221; custom_css_main_element_tablet=&#8221;column-count: 2;||column-gap: 25px;&#8221; custom_css_main_element_phone=&#8221;column-count: 1;||column-gap: 0px;&#8221;][\/et_pb_blog][\/et_pb_column][\/et_pb_row][\/et_pb_section][et_pb_section fb_built=&#8221;1&#8243; _builder_version=&#8221;4.23.2&#8243; _module_preset=&#8221;default&#8221; background_color=&#8221;#FFFFFF&#8221; min_height=&#8221;80.8px&#8221; custom_margin=&#8221;||||false|false&#8221; custom_padding=&#8221;15px|50px|13px|50px|false|false&#8221; global_colors_info=&#8221;{}&#8221;][et_pb_row disabled_on=&#8221;off|off|off&#8221; _builder_version=&#8221;4.16&#8243; _module_preset=&#8221;default&#8221; width=&#8221;100%&#8221; max_width=&#8221;100%&#8221; custom_margin=&#8221;||||false|false&#8221; custom_padding=&#8221;0px|0px|0px|0px|false|false&#8221; global_colors_info=&#8221;{}&#8221;][et_pb_column type=&#8221;4_4&#8243; _builder_version=&#8221;4.16&#8243; _module_preset=&#8221;default&#8221; global_colors_info=&#8221;{}&#8221;][et_pb_text _builder_version=&#8221;4.16&#8243; _module_preset=&#8221;default&#8221; text_font_size=&#8221;26px&#8221; custom_margin=&#8221;||25px||false|false&#8221; custom_padding=&#8221;||||false|false&#8221; global_colors_info=&#8221;{}&#8221;]<\/p>\n<p><strong>Patronaty<\/strong><\/p>\n<p>[\/et_pb_text][et_pb_divider _builder_version=&#8221;4.27.3&#8243; _module_preset=&#8221;default&#8221; background_color=&#8221;#666666&#8243; height=&#8221;5px&#8221; custom_padding=&#8221;||||false|false&#8221; global_colors_info=&#8221;{}&#8221;][\/et_pb_divider][\/et_pb_column][\/et_pb_row][\/et_pb_section][et_pb_section fb_built=&#8221;1&#8243; _builder_version=&#8221;4.27.4&#8243; _module_preset=&#8221;default&#8221; background_color=&#8221;RGBA(255,255,255,0)&#8221; custom_margin=&#8221;||||false|false&#8221; custom_padding=&#8221;16px|50px|50px|50px|false|false&#8221; global_colors_info=&#8221;{}&#8221; background__hover_enabled=&#8221;on|hover&#8221; background_color__hover=&#8221;#f6f6f6&#8243; background_enable_color__hover=&#8221;on&#8221;][et_pb_row _builder_version=&#8221;4.16&#8243; _module_preset=&#8221;default&#8221; width=&#8221;100%&#8221; max_width=&#8221;100%&#8221; custom_padding=&#8221;25px|0px|0px|0px|false|false&#8221; global_colors_info=&#8221;{}&#8221;][et_pb_column type=&#8221;4_4&#8243; _builder_version=&#8221;4.16&#8243; _module_preset=&#8221;default&#8221; global_colors_info=&#8221;{}&#8221;][et_pb_blog posts_number=&#8221;4&#8243; include_categories=&#8221;28&#8243; excerpt_length=&#8221;150&#8243; show_author=&#8221;off&#8221; show_categories=&#8221;off&#8221; _builder_version=&#8221;4.23.2&#8243; _module_preset=&#8221;default&#8221; header_font=&#8221;|600|||||||&#8221; header_text_color=&#8221;#e52330&#8243; header_font_size=&#8221;19px&#8221; header_line_height=&#8221;1.2em&#8221; body_text_color=&#8221;#000000&#8243; meta_font=&#8221;||||||||&#8221; meta_text_color=&#8221;#9b9b9b&#8221; read_more_font=&#8221;|700||||on|||&#8221; read_more_text_color=&#8221;#000000&#8243; custom_padding=&#8221;||||false|false&#8221; custom_css_main_element=&#8221;column-count: 4;||column-gap: 25px;&#8221; global_colors_info=&#8221;{}&#8221; custom_css_main_element_last_edited=&#8221;on|phone&#8221; custom_css_main_element_tablet=&#8221;column-count: 2;||column-gap: 25px;&#8221; custom_css_main_element_phone=&#8221;column-count: 1;||column-gap: 0px;&#8221;][\/et_pb_blog][\/et_pb_column][\/et_pb_row][\/et_pb_section][et_pb_section fb_built=&#8221;1&#8243; disabled_on=&#8221;on|on|on&#8221; _builder_version=&#8221;4.16&#8243; _module_preset=&#8221;default&#8221; custom_margin=&#8221;||||false|false&#8221; custom_padding=&#8221;50px|50px|50px|50px|false|false&#8221; disabled=&#8221;on&#8221; global_colors_info=&#8221;{}&#8221;][et_pb_row _builder_version=&#8221;4.23.2&#8243; _module_preset=&#8221;default&#8221; width=&#8221;100%&#8221; max_width=&#8221;100%&#8221; custom_margin=&#8221;||||false|false&#8221; custom_padding=&#8221;0px|0px|0px|0px|false|false&#8221; global_colors_info=&#8221;{}&#8221;][et_pb_column type=&#8221;4_4&#8243; _builder_version=&#8221;4.16&#8243; _module_preset=&#8221;default&#8221; global_colors_info=&#8221;{}&#8221;][et_pb_text _builder_version=&#8221;4.16&#8243; _module_preset=&#8221;default&#8221; text_font_size=&#8221;26px&#8221; custom_margin=&#8221;||25px||false|false&#8221; custom_padding=&#8221;||||false|false&#8221; global_colors_info=&#8221;{}&#8221;]<\/p>\n<p><strong>Nasi partnerzy<\/strong><\/p>\n<p>[\/et_pb_text][et_pb_divider _builder_version=&#8221;4.16&#8243; _module_preset=&#8221;default&#8221; background_color=&#8221;#E52330&#8243; height=&#8221;5px&#8221; custom_padding=&#8221;||||false|false&#8221; global_colors_info=&#8221;{}&#8221;][\/et_pb_divider][et_pb_code _builder_version=&#8221;4.23.2&#8243; _module_preset=&#8221;default&#8221; global_colors_info=&#8221;{}&#8221;]<style id=\"sp_lcp_dynamic_css1587\">div#logo-carousel-free-1587.logo-carousel-free .sp-lc-logo{border: 0px solid #dddddd;border-radius: 0px;overflow: hidden;}div#logo-carousel-free-1587.logo-carousel-free .sp-lc-logo:hover{border-color: #16a08b;}#logo-carousel-free-1587.sp-lc-container .sp-lc-pagination .swiper-pagination-bullet {background-color: #dddddd;margin: 0 4px;}#logo-carousel-free-1587.sp-lc-container .sp-lc-pagination .swiper-pagination-bullet.swiper-pagination-bullet-active{background-color: #e52330; }@media only screen and (max-width: 576px) {#logo-carousel-free-1587.sp-lc-container .sp-lc-button-prev,#logo-carousel-free-1587.sp-lc-container .sp-lc-button-next {display: none;}} .logo-carousel-free-area#logo-carousel-free-1587{position: relative;}#lcp-preloader-1587{position: absolute;left: 0;top: 0;height: 100%;width: 100%;text-align: center;display: flex;align-items: center;justify-content: center;background: #fff;z-index: 9999;} .logo-carousel-free-area#logo-carousel-free-1587 .sp-logo-carousel-section-title{margin-bottom: 30px;}#logo-carousel-free-1587 .sp-lc-grid-container { justify-content: left; align-items: center; } #logo-carousel-free-1587 .swiper-wrapper .swiper-slide { align-self: center; }#logo-carousel-free-1587 .sp-lc-grid-container {margin-left: -6px;margin-right: -6px;width: calc( 100% + 12px);}#logo-carousel-free-1587 .sp-lc-grid-container [class*=\"lc-col\"] {padding-left: 6px;padding-right: 6px;padding-bottom: 12px;}@media screen and (min-width: 1200px ){.logo-carousel-free-area#logo-carousel-free-1587 .sp-logo-carousel:not([class*=\"-initialized\"]) > .swiper-wrapper {display: flex;width: calc( 100% + 12px );}.logo-carousel-free-area#logo-carousel-free-1587 .sp-logo-carousel:not([class*=\"-initialized\"]) > .swiper-wrapper > .swiper-slide {width: 20%;padding-right: 12px;}}<\/style>\n<div id='logo-carousel-free-1587' class=\"logo-carousel-free logo-carousel-free-area sp-lc-container\">\n\t\t\t<div id=\"lcp-preloader-1587\" class=\"sp-logo-carousel-preloader\"><img decoding=\"async\" src=\"https:\/\/nid.pl\/wp-content\/plugins\/logo-carousel-free\/admin\/assets\/images\/spinner.svg\" class=\"skip-lazy\" alt=\"Loader Image\"\/><\/div>\n\t\t\t<div id=\"sp-logo-carousel-id-1587\" class=\"swiper-container sp-logo-carousel  lcp-preloader\" dir=\"ltr\" data-carousel='{ \"speed\":600,\"spaceBetween\": 12, \"autoplay\": true, \"infinite\":true, \"autoplay_speed\": 3000, \"stop_onHover\": true, \"pagination\": true, \"navigation\": false, \"MobileNav\": false, \"MobilePagi\": true, \"simulateTouch\": true,\"freeMode\": false,\"swipeToSlide\": false, \"carousel_accessibility\": true,\"adaptiveHeight\": false,\"allowTouchMove\": true, \"slidesPerView\": { \"lg_desktop\": 5, \"desktop\": 4, \"tablet\": 3, \"mobile\": 1, \"mobile_landscape\": 2 } }' data-carousel-starts-onscreen=\"false\">\n\t\t<div class=\"swiper-wrapper\">\n\t\t\t\t<div class=\"swiper-slide\"><div class=\"sp-lc-logo\"><img loading=\"lazy\" decoding=\"async\" src=\"https:\/\/nid.pl\/wp-content\/uploads\/2020\/12\/parnter2.png\" title=\"\" alt=\"parnter\" width=\"175\" height=\"78\" class=\"sp-lc-image\"><\/div><\/div>\n\t\t<div class=\"swiper-slide\"><div class=\"sp-lc-logo\"><img loading=\"lazy\" decoding=\"async\" src=\"https:\/\/nid.pl\/wp-content\/uploads\/2020\/12\/partner3.png\" title=\"\" alt=\"partner\" width=\"263\" height=\"78\" class=\"sp-lc-image\"><\/div><\/div>\n\t\t<div class=\"swiper-slide\"><div class=\"sp-lc-logo\"><img loading=\"lazy\" decoding=\"async\" src=\"https:\/\/nid.pl\/wp-content\/uploads\/2021\/08\/POT_LOGO_na_bieli.png\" title=\"\" alt=\"POT LOGO na bieli\" width=\"192\" height=\"78\" class=\"sp-lc-image\"><\/div><\/div>\n\t\t<div class=\"swiper-slide\"><div class=\"sp-lc-logo\"><img loading=\"lazy\" decoding=\"async\" src=\"https:\/\/nid.pl\/wp-content\/uploads\/2021\/08\/icomos.jpg\" title=\"\" alt=\"icomos\" width=\"136\" height=\"100\" class=\"sp-lc-image\"><\/div><\/div>\n\t\t<div class=\"swiper-slide\"><div class=\"sp-lc-logo\"><img loading=\"lazy\" decoding=\"async\" src=\"https:\/\/nid.pl\/wp-content\/uploads\/2021\/08\/nck-1.png\" title=\"\" alt=\"nck\" width=\"169\" height=\"78\" class=\"sp-lc-image\"><\/div><\/div>\n\t\t<div class=\"swiper-slide\"><div class=\"sp-lc-logo\"><img loading=\"lazy\" decoding=\"async\" src=\"https:\/\/nid.pl\/wp-content\/uploads\/2021\/08\/polin-2.png\" title=\"\" alt=\"polin\" width=\"130\" height=\"78\" class=\"sp-lc-image\"><\/div><\/div>\n\t\t\t<\/div>\n\n\t\t\t\t\t<div class=\"sp-lc-pagination swiper-pagination dots\"><\/div>\n\t\t\t\t<\/div>\n<\/div>\n[\/et_pb_code][\/et_pb_column][\/et_pb_row][\/et_pb_section][et_pb_section fb_built=&#8221;1&#8243; _builder_version=&#8221;4.7.4&#8243; _module_preset=&#8221;default&#8221; custom_margin=&#8221;43px||||false|false&#8221; custom_padding=&#8221;0px||0px||false|false&#8221; global_module=&#8221;353&#8243; saved_tabs=&#8221;all&#8221; global_colors_info=&#8221;{}&#8221;][et_pb_row column_structure=&#8221;1_3,1_3,1_3&#8243; use_custom_gutter=&#8221;on&#8221; gutter_width=&#8221;1&#8243; _builder_version=&#8221;4.16&#8243; _module_preset=&#8221;default&#8221; background_color=&#8221;rgba(0,0,0,0)&#8221; width=&#8221;100%&#8221; max_width=&#8221;2560px&#8221; custom_padding=&#8221;0px||0px||false|false&#8221; global_colors_info=&#8221;{}&#8221;][et_pb_column type=&#8221;1_3&#8243; _builder_version=&#8221;4.16&#8243; _module_preset=&#8221;default&#8221; background_color=&#8221;#e52330&#8243; global_colors_info=&#8221;{}&#8221;][et_pb_blurb title=&#8221;Logotypy NID&#8221; url_new_window=&#8221;on&#8221; use_icon=&#8221;on&#8221; font_icon=&#8221;&#xe004;||divi||400&#8243; icon_placement=&#8221;left&#8221; image_icon_width=&#8221;50px&#8221; module_class=&#8221;bigButtonModules&#8221; _builder_version=&#8221;4.27.2&#8243; _module_preset=&#8221;default&#8221; header_level=&#8221;h3&#8243; header_font=&#8221;|700|||||||&#8221; header_text_color=&#8221;#ffffff&#8221; body_text_color=&#8221;#ffffff&#8221; background_color=&#8221;#E52330&#8243; custom_margin=&#8221;||||false|false&#8221; custom_padding=&#8221;25px|25px|25px|25px|false|false&#8221; animation=&#8221;off&#8221; link_option_url=&#8221;https:\/\/nid.pl\/logotypy\/&#8221; link_option_url_new_window=&#8221;on&#8221; custom_css_blurb_image=&#8221;padding-right: 20px;||vertical-align: middle;&#8221; icon_font_size=&#8221;50px&#8221; global_colors_info=&#8221;{}&#8221;]<\/p>\n<p>Pobierz znaki promocyjne <br \/>Narodowego Instytutu Dziedzictwa<\/p>\n<p>[\/et_pb_blurb][\/et_pb_column][et_pb_column type=&#8221;1_3&#8243; _builder_version=&#8221;4.16&#8243; _module_preset=&#8221;default&#8221; background_color=&#8221;#e52330&#8243; global_colors_info=&#8221;{}&#8221;][et_pb_code _builder_version=&#8221;4.23.2&#8243; _module_preset=&#8221;default&#8221; global_colors_info=&#8221;{}&#8221;][\/et_pb_code][et_pb_blurb title=&#8221;Ksi\u0119garnia NID&#8221; url_new_window=&#8221;on&#8221; use_icon=&#8221;on&#8221; font_icon=&#8221;&#xe022;||divi||400&#8243; icon_placement=&#8221;left&#8221; image_icon_width=&#8221;50px&#8221; module_class=&#8221;bigButtonModules&#8221; _builder_version=&#8221;4.16&#8243; _module_preset=&#8221;default&#8221; header_level=&#8221;h3&#8243; header_font=&#8221;|700|||||||&#8221; header_text_color=&#8221;#ffffff&#8221; body_text_color=&#8221;#ffffff&#8221; background_color=&#8221;#444444&#8243; custom_margin=&#8221;||||false|false&#8221; custom_padding=&#8221;25px|25px|25px|25px|false|false&#8221; animation=&#8221;off&#8221; link_option_url=&#8221;https:\/\/ksiegarnia.nid.pl\/&#8221; link_option_url_new_window=&#8221;on&#8221; custom_css_blurb_image=&#8221;padding-right: 20px;||vertical-align: middle;&#8221; icon_font_size=&#8221;50px&#8221; global_colors_info=&#8221;{}&#8221;]<\/p>\n<p>Sprawd\u017a nasze produkty w ksi\u0119garni. Zamawiaj bez wychodzenia z domu ju\u017c teraz!<\/p>\n<p>[\/et_pb_blurb][\/et_pb_column][et_pb_column type=&#8221;1_3&#8243; _builder_version=&#8221;4.16&#8243; _module_preset=&#8221;default&#8221; background_color=&#8221;#e52330&#8243; global_colors_info=&#8221;{}&#8221;][et_pb_blurb title=&#8221;Zabytek.pl&#8221; url_new_window=&#8221;on&#8221; image=&#8221;https:\/\/nid.pl\/wp-content\/uploads\/2025\/12\/zabytek.pl_favicona_sm.png&#8221; icon_placement=&#8221;left&#8221; image_icon_width=&#8221;50px&#8221; module_class=&#8221;bigButtonModules&#8221; _builder_version=&#8221;4.27.5&#8243; _module_preset=&#8221;default&#8221; header_level=&#8221;h3&#8243; header_font=&#8221;|700|||||||&#8221; header_text_color=&#8221;#ffffff&#8221; body_text_color=&#8221;#ffffff&#8221; background_color=&#8221;#6b6b6b&#8221; custom_margin=&#8221;||||false|false&#8221; custom_padding=&#8221;25px|25px|25px|25px|false|false&#8221; animation=&#8221;off&#8221; link_option_url=&#8221;https:\/\/zabytek.pl\/pl&#8221; link_option_url_new_window=&#8221;on&#8221; custom_css_blurb_image=&#8221;padding-right: 20px;||vertical-align: middle;&#8221; icon_font_size=&#8221;50px&#8221; global_colors_info=&#8221;{}&#8221;]<\/p>\n<p>Serwis Narodowego Instytutu Dziedzictwa, kt\u00f3ry w nowoczesny i kompleksowy spos\u00f3b udost\u0119pnia informacje o polskich zabytkach!<\/p>\n<p>[\/et_pb_blurb][\/et_pb_column][\/et_pb_row][\/et_pb_section]<\/p>","protected":false},"excerpt":{"rendered":"<p>[et_pb_section fb_built=&#8221;1&#8243; _builder_version=&#8221;4.27.4&#8243; _module_preset=&#8221;default&#8221; custom_padding=&#8221;0px||0px|||&#8221; global_colors_info=&#8221;{}&#8221;][et_pb_row _builder_version=&#8221;4.27.4&#8243; _module_preset=&#8221;default&#8221; width=&#8221;100%&#8221; max_width=&#8221;2560px&#8221; custom_margin=&#8221;|auto|-3px|auto|false|false&#8221; custom_padding=&#8221;0px||0px|||&#8221; link_option_url_new_window=&#8221;on&#8221; locked=&#8221;off&#8221; global_colors_info=&#8221;{}&#8221;][et_pb_column type=&#8221;4_4&#8243; _builder_version=&#8221;4.16&#8243; _module_preset=&#8221;default&#8221; global_colors_info=&#8221;{}&#8221;][et_pb_slider admin_label=&#8221;Slider &#8211; strona g\u0142\u00f3wna&#8221; _builder_version=&#8221;4.27.5&#8243; _module_preset=&#8221;default&#8221; header_font=&#8221;||||||||&#8221; body_text_color=&#8221;#000000&#8243; background_enable_image=&#8221;off&#8221; width_tablet=&#8221;&#8221; width_phone=&#8221;100%&#8221; [&hellip;]<\/p>","protected":false},"author":1,"featured_media":0,"parent":0,"menu_order":0,"comment_status":"closed","ping_status":"closed","template":"","meta":{"_et_pb_use_builder":"on","_et_pb_old_content":"","_et_gb_content_width":"","_monsterinsights_skip_tracking":false,"_monsterinsights_sitenote_active":false,"_monsterinsights_sitenote_note":"","_monsterinsights_sitenote_category":0,"footnotes":""},"class_list":["post-8","page","type-page","status-publish","hentry"],"yoast_head":"<!-- This site is optimized with the Yoast SEO plugin v26.5 - https:\/\/yoast.com\/wordpress\/plugins\/seo\/ -->\n<title>Aktualno\u015bci - NID<\/title>\n<meta name=\"description\" content=\"Narodowy Instytut Dziedzictwa to pa\u0144stwowa instytucja kultury, b\u0119d\u0105ca eksperckim i opiniodawczym wsparciem dla Ministerstwa Kultury i Dziedzictwa Narodowego oraz instytucji publicznych w zakresie ochrony i opieki nad zabytkami.\" \/>\n<meta name=\"robots\" content=\"index, follow, max-snippet:-1, max-image-preview:large, max-video-preview:-1\" \/>\n<link rel=\"canonical\" href=\"https:\/\/nid.pl\/en\/\" \/>\n<meta property=\"og:locale\" content=\"en_GB\" \/>\n<meta property=\"og:type\" content=\"article\" \/>\n<meta property=\"og:title\" content=\"Aktualno\u015bci - NID\" \/>\n<meta property=\"og:description\" content=\"Narodowy Instytut Dziedzictwa to pa\u0144stwowa instytucja kultury, b\u0119d\u0105ca eksperckim i opiniodawczym wsparciem dla Ministerstwa Kultury i Dziedzictwa Narodowego oraz instytucji publicznych w zakresie ochrony i opieki nad zabytkami.\" \/>\n<meta property=\"og:url\" content=\"https:\/\/nid.pl\/en\/\" \/>\n<meta property=\"og:site_name\" content=\"NID\" \/>\n<meta property=\"article:publisher\" content=\"https:\/\/www.facebook.com\/zabytek\" \/>\n<meta property=\"article:modified_time\" content=\"2026-04-28T08:43:54+00:00\" \/>\n<meta name=\"twitter:card\" content=\"summary_large_image\" \/>\n<meta name=\"twitter:site\" content=\"@NarIDpl\" \/>\n<meta name=\"twitter:label1\" content=\"Estimated reading time\" \/>\n\t<meta name=\"twitter:data1\" content=\"9 minutes\" \/>\n<script type=\"application\/ld+json\" class=\"yoast-schema-graph\">{\"@context\":\"https:\/\/schema.org\",\"@graph\":[{\"@type\":\"WebPage\",\"@id\":\"https:\/\/nid.pl\/\",\"url\":\"https:\/\/nid.pl\/\",\"name\":\"Aktualno\u015bci - NID\",\"isPartOf\":{\"@id\":\"https:\/\/nid.pl\/#website\"},\"datePublished\":\"2020-12-09T10:01:38+00:00\",\"dateModified\":\"2026-04-28T08:43:54+00:00\",\"description\":\"Narodowy Instytut Dziedzictwa to pa\u0144stwowa instytucja kultury, b\u0119d\u0105ca eksperckim i opiniodawczym wsparciem dla Ministerstwa Kultury i Dziedzictwa Narodowego oraz instytucji publicznych w zakresie ochrony i opieki nad zabytkami.\",\"breadcrumb\":{\"@id\":\"https:\/\/nid.pl\/#breadcrumb\"},\"inLanguage\":\"en-GB\",\"potentialAction\":[{\"@type\":\"ReadAction\",\"target\":[\"https:\/\/nid.pl\/\"]}]},{\"@type\":\"BreadcrumbList\",\"@id\":\"https:\/\/nid.pl\/#breadcrumb\",\"itemListElement\":[{\"@type\":\"ListItem\",\"position\":1,\"name\":\"Home\",\"item\":\"https:\/\/nid.pl\/\"},{\"@type\":\"ListItem\",\"position\":2,\"name\":\"Aktualno\u015bci\"}]},{\"@type\":\"WebSite\",\"@id\":\"https:\/\/nid.pl\/#website\",\"url\":\"https:\/\/nid.pl\/\",\"name\":\"NID\",\"description\":\"Narodowy Instytut Dziedzictwa\",\"publisher\":{\"@id\":\"https:\/\/nid.pl\/#organization\"},\"potentialAction\":[{\"@type\":\"SearchAction\",\"target\":{\"@type\":\"EntryPoint\",\"urlTemplate\":\"https:\/\/nid.pl\/?s={search_term_string}\"},\"query-input\":{\"@type\":\"PropertyValueSpecification\",\"valueRequired\":true,\"valueName\":\"search_term_string\"}}],\"inLanguage\":\"en-GB\"},{\"@type\":\"Organization\",\"@id\":\"https:\/\/nid.pl\/#organization\",\"name\":\"Narodowy Instytut Dziedzictwa\",\"url\":\"https:\/\/nid.pl\/\",\"logo\":{\"@type\":\"ImageObject\",\"inLanguage\":\"en-GB\",\"@id\":\"https:\/\/nid.pl\/#\/schema\/logo\/image\/\",\"url\":\"https:\/\/nid.pl\/wp-content\/uploads\/2022\/10\/logoRedDark.png\",\"contentUrl\":\"https:\/\/nid.pl\/wp-content\/uploads\/2022\/10\/logoRedDark.png\",\"width\":200,\"height\":197,\"caption\":\"Narodowy Instytut Dziedzictwa\"},\"image\":{\"@id\":\"https:\/\/nid.pl\/#\/schema\/logo\/image\/\"},\"sameAs\":[\"https:\/\/www.facebook.com\/zabytek\",\"https:\/\/x.com\/NarIDpl\",\"https:\/\/www.instagram.com\/nid.pl\/?hl=pl\",\"https:\/\/www.linkedin.com\/company\/narodowy-instytut-dziedzictwa\",\"https:\/\/www.youtube.com\/channel\/UCQXuhKa2uHtmNvLRUSx40JA\"]}]}<\/script>\n<!-- \/ Yoast SEO plugin. -->","yoast_head_json":{"title":"Aktualno\u015bci - NID","description":"Narodowy Instytut Dziedzictwa to pa\u0144stwowa instytucja kultury, b\u0119d\u0105ca eksperckim i opiniodawczym wsparciem dla Ministerstwa Kultury i Dziedzictwa Narodowego oraz instytucji publicznych w zakresie ochrony i opieki nad zabytkami.","robots":{"index":"index","follow":"follow","max-snippet":"max-snippet:-1","max-image-preview":"max-image-preview:large","max-video-preview":"max-video-preview:-1"},"canonical":"https:\/\/nid.pl\/en\/","og_locale":"en_GB","og_type":"article","og_title":"Aktualno\u015bci - NID","og_description":"Narodowy Instytut Dziedzictwa to pa\u0144stwowa instytucja kultury, b\u0119d\u0105ca eksperckim i opiniodawczym wsparciem dla Ministerstwa Kultury i Dziedzictwa Narodowego oraz instytucji publicznych w zakresie ochrony i opieki nad zabytkami.","og_url":"https:\/\/nid.pl\/en\/","og_site_name":"NID","article_publisher":"https:\/\/www.facebook.com\/zabytek","article_modified_time":"2026-04-28T08:43:54+00:00","twitter_card":"summary_large_image","twitter_site":"@NarIDpl","twitter_misc":{"Estimated reading time":"9 minutes"},"schema":{"@context":"https:\/\/schema.org","@graph":[{"@type":"WebPage","@id":"https:\/\/nid.pl\/","url":"https:\/\/nid.pl\/","name":"Aktualno\u015bci - NID","isPartOf":{"@id":"https:\/\/nid.pl\/#website"},"datePublished":"2020-12-09T10:01:38+00:00","dateModified":"2026-04-28T08:43:54+00:00","description":"Narodowy Instytut Dziedzictwa to pa\u0144stwowa instytucja kultury, b\u0119d\u0105ca eksperckim i opiniodawczym wsparciem dla Ministerstwa Kultury i Dziedzictwa Narodowego oraz instytucji publicznych w zakresie ochrony i opieki nad zabytkami.","breadcrumb":{"@id":"https:\/\/nid.pl\/#breadcrumb"},"inLanguage":"en-GB","potentialAction":[{"@type":"ReadAction","target":["https:\/\/nid.pl\/"]}]},{"@type":"BreadcrumbList","@id":"https:\/\/nid.pl\/#breadcrumb","itemListElement":[{"@type":"ListItem","position":1,"name":"Home","item":"https:\/\/nid.pl\/"},{"@type":"ListItem","position":2,"name":"Aktualno\u015bci"}]},{"@type":"WebSite","@id":"https:\/\/nid.pl\/#website","url":"https:\/\/nid.pl\/","name":"NID","description":"Narodowy Instytut Dziedzictwa","publisher":{"@id":"https:\/\/nid.pl\/#organization"},"potentialAction":[{"@type":"SearchAction","target":{"@type":"EntryPoint","urlTemplate":"https:\/\/nid.pl\/?s={search_term_string}"},"query-input":{"@type":"PropertyValueSpecification","valueRequired":true,"valueName":"search_term_string"}}],"inLanguage":"en-GB"},{"@type":"Organization","@id":"https:\/\/nid.pl\/#organization","name":"Narodowy Instytut Dziedzictwa","url":"https:\/\/nid.pl\/","logo":{"@type":"ImageObject","inLanguage":"en-GB","@id":"https:\/\/nid.pl\/#\/schema\/logo\/image\/","url":"https:\/\/nid.pl\/wp-content\/uploads\/2022\/10\/logoRedDark.png","contentUrl":"https:\/\/nid.pl\/wp-content\/uploads\/2022\/10\/logoRedDark.png","width":200,"height":197,"caption":"Narodowy Instytut Dziedzictwa"},"image":{"@id":"https:\/\/nid.pl\/#\/schema\/logo\/image\/"},"sameAs":["https:\/\/www.facebook.com\/zabytek","https:\/\/x.com\/NarIDpl","https:\/\/www.instagram.com\/nid.pl\/?hl=pl","https:\/\/www.linkedin.com\/company\/narodowy-instytut-dziedzictwa","https:\/\/www.youtube.com\/channel\/UCQXuhKa2uHtmNvLRUSx40JA"]}]}},"_links":{"self":[{"href":"https:\/\/nid.pl\/en\/wp-json\/wp\/v2\/pages\/8","targetHints":{"allow":["GET"]}}],"collection":[{"href":"https:\/\/nid.pl\/en\/wp-json\/wp\/v2\/pages"}],"about":[{"href":"https:\/\/nid.pl\/en\/wp-json\/wp\/v2\/types\/page"}],"author":[{"embeddable":true,"href":"https:\/\/nid.pl\/en\/wp-json\/wp\/v2\/users\/1"}],"replies":[{"embeddable":true,"href":"https:\/\/nid.pl\/en\/wp-json\/wp\/v2\/comments?post=8"}],"version-history":[{"count":39,"href":"https:\/\/nid.pl\/en\/wp-json\/wp\/v2\/pages\/8\/revisions"}],"predecessor-version":[{"id":34475,"href":"https:\/\/nid.pl\/en\/wp-json\/wp\/v2\/pages\/8\/revisions\/34475"}],"wp:attachment":[{"href":"https:\/\/nid.pl\/en\/wp-json\/wp\/v2\/media?parent=8"}],"curies":[{"name":"wp","href":"https:\/\/api.w.org\/{rel}","templated":true}]}}