{"id":4485,"date":"2021-12-20T13:19:10","date_gmt":"2021-12-20T12:19:10","guid":{"rendered":"https:\/\/nid.pl\/?page_id=4485"},"modified":"2026-02-20T15:10:55","modified_gmt":"2026-02-20T14:10:55","slug":"ogloszenia","status":"publish","type":"page","link":"https:\/\/nid.pl\/en\/bip\/ogloszenia\/","title":{"rendered":"Og\u0142oszenia"},"content":{"rendered":"<p>[et_pb_section fb_built=&#8221;1&#8243; _builder_version=&#8221;4.16&#8243; _module_preset=&#8221;default&#8221; custom_padding=&#8221;0px|0px|0px|0px|false|false&#8221; global_colors_info=&#8221;{}&#8221;][et_pb_row _builder_version=&#8221;4.16&#8243; _module_preset=&#8221;default&#8221; width=&#8221;100%&#8221; max_width=&#8221;100%&#8221; custom_padding=&#8221;50px|50px|50px|50px|false|false&#8221; global_colors_info=&#8221;{}&#8221;][et_pb_column type=&#8221;4_4&#8243; _builder_version=&#8221;4.16&#8243; _module_preset=&#8221;default&#8221; global_colors_info=&#8221;{}&#8221;][et_pb_text module_id=&#8221;backButtonBox&#8221; _builder_version=&#8221;4.7.4&#8243; _module_preset=&#8221;default&#8221; custom_margin=&#8221;0px|0px|0px|0px|false|false&#8221; custom_padding=&#8221;0px|0px|0px|0px|false|false&#8221; global_module=&#8221;2594&#8243; locked=&#8221;off&#8221; global_colors_info=&#8221;{}&#8221;]<\/p>\n<div class=\"backButton\" onclick=\"javascript:window.history.back();\"><span>\u2190<\/span>Powr\u00f3t<\/div>\n<p>[\/et_pb_text][et_pb_text _builder_version=&#8221;4.16&#8243; _dynamic_attributes=&#8221;content&#8221; _module_preset=&#8221;default&#8221; text_font_size=&#8221;26px&#8221; custom_margin=&#8221;||25px||false|false&#8221; custom_padding=&#8221;||||false|false&#8221; global_colors_info=&#8221;{}&#8221;]@ET-DC@eyJkeW5hbWljIjp0cnVlLCJjb250ZW50IjoicG9zdF90aXRsZSIsInNldHRpbmdzIjp7ImJlZm9yZSI6IiIsImFmdGVyIjoiIn19@[\/et_pb_text][et_pb_divider _builder_version=&#8221;4.27.3&#8243; _module_preset=&#8221;default&#8221; background_color=&#8221;#e52330&#8243; height=&#8221;5px&#8221; custom_margin=&#8221;0px||25px||false|false&#8221; custom_padding=&#8221;0px||0px||false|false&#8221; global_colors_info=&#8221;{}&#8221;][\/et_pb_divider][et_pb_text disabled_on=&#8221;off|off|off&#8221; _builder_version=&#8221;4.27.5&#8243; _module_preset=&#8221;default&#8221; min_height=&#8221;35.8px&#8221; custom_margin=&#8221;||9px|||&#8221; locked=&#8221;off&#8221; global_colors_info=&#8221;{}&#8221;]<\/p>\n<h4><span style=\"color: #808080;\"><strong>2026<\/strong><\/span><\/h4>\n<p>[\/et_pb_text][et_pb_blog include_categories=&#8221;159&#8243; show_thumbnail=&#8221;off&#8221; show_author=&#8221;off&#8221; show_categories=&#8221;off&#8221; show_excerpt=&#8221;off&#8221; admin_label=&#8221;Og\u0142oszenia NID&#8221; _builder_version=&#8221;4.27.5&#8243; _module_preset=&#8221;default&#8221; header_font=&#8221;|600|||||||&#8221; header_font_size=&#8221;14px&#8221; background_color=&#8221;#f4f4f4&#8243; custom_margin=&#8221;10px||10px||false|false&#8221; hover_enabled=&#8221;0&#8243; global_colors_info=&#8221;{}&#8221; sticky_enabled=&#8221;0&#8243;][\/et_pb_blog][et_pb_text _builder_version=&#8221;4.27.5&#8243; _module_preset=&#8221;default&#8221; min_height=&#8221;35.8px&#8221; custom_margin=&#8221;||9px|||&#8221; custom_padding=&#8221;50px|||||&#8221; locked=&#8221;off&#8221; global_colors_info=&#8221;{}&#8221;]<\/p>\n<h4><span style=\"color: #808080;\"><strong>Archiwum<\/strong><\/span><\/h4>\n<p>[\/et_pb_text][et_pb_text _builder_version=&#8221;4.27.4&#8243; _module_preset=&#8221;default&#8221; min_height=&#8221;35.8px&#8221; custom_margin=&#8221;||9px|||&#8221; locked=&#8221;off&#8221; global_colors_info=&#8221;{}&#8221;]<\/p>\n<h4><span style=\"color: #808080;\"><strong>2025<\/strong><\/span><\/h4>\n<p>[\/et_pb_text][et_pb_accordion open_toggle_text_color=&#8221;#e52330&#8243; icon_color=&#8221;#e52330&#8243; _builder_version=&#8221;4.27.4&#8243; _module_preset=&#8221;default&#8221; toggle_level=&#8221;h6&#8243; toggle_font=&#8221;|700|||||||&#8221; custom_margin=&#8221;||0px||false|false&#8221; global_colors_info=&#8221;{}&#8221;][et_pb_accordion_item title=&#8221;Narodowy Instytut Dziedzictwa zaprasza do z\u0142o\u017cenia ofert na: \u015bwiadczenie us\u0142ug na rzecz Narodowego Instytutu Dziedzictwa &#8211; Zespo\u0142u Pa\u0142acowo-Parkowego w Trzebinach, obejmuj\u0105cych utrzymanie teren\u00f3w zielonych, prace porz\u0105dkowe oraz obs\u0142ug\u0119 kot\u0142owni centralnego ogrzewania  w sezonie grzewczym.&#8221; open=&#8221;on&#8221; _builder_version=&#8221;4.27.4&#8243; _module_preset=&#8221;default&#8221; custom_margin=&#8221;||-5px||false|false&#8221; global_colors_info=&#8221;{}&#8221; toggle_font=&#8221;|600|||||||&#8221;]<\/p>\n<p style=\"text-align: right;\">Data publikacji: <strong>28 listopada 2025 r.<\/strong><\/p>\n<p><strong>Narodowy Instytut Dziedzictwa zaprasza do z\u0142o\u017cenia ofert na:\u00a0<\/strong><strong>\u015bwiadczenie us\u0142ug na rzecz Narodowego Instytutu Dziedzictwa &#8211; Zespo\u0142u Pa\u0142acowo-Parkowego w Trzebinach, obejmuj\u0105cych utrzymanie teren\u00f3w zielonych, prace porz\u0105dkowe oraz obs\u0142ug\u0119 kot\u0142owni centralnego ogrzewania w sezonie grzewczym.<\/strong><\/p>\n<p><a class=\"attachment\" href=\"https:\/\/nid.pl\/wp-content\/uploads\/2025\/11\/Zapytanie-ofertowe_tereny-zielone-kotlownia-Trzebiny.pdf\" target=\"_blank\" rel=\"noopener\" title=\"Link zostanie otwarty w nowym oknie\">Zapytanie ofertowe (.pdf)<\/a><\/p>\n<p><a class=\"attachment\" href=\"https:\/\/nid.pl\/wp-content\/uploads\/2025\/11\/Zalacznik-1_tereny-zielone-kotlownia-Trzebiny.pdf\" target=\"_blank\" rel=\"noopener\" title=\"Link zostanie otwarty w nowym oknie\">Za\u0142\u0105cznik nr 1 do zapytania ofertowego (.pdf)<\/a><\/p>\n<p><a class=\"attachment\" href=\"https:\/\/nid.pl\/wp-content\/uploads\/2025\/11\/Formularz-ofertowy_tereny-zielone-kotlownia-Trzebiny.docx\" target=\"_blank\" rel=\"noopener\" title=\"Pobierz dokument w formacie docx\">Formularz ofertowy (.docx)<\/a><\/p>\n<p>&nbsp;<\/p>\n<p><strong>Termin<\/strong><strong><\/strong><\/p>\n<p>Ofert\u0119 nale\u017cy przes\u0142a\u0107 za po\u015brednictwem poczty elektronicznej na adres <a href=\"mailto:%20awigura@nid.pl\" target=\"_blank\" rel=\"noopener\">awigura@nid.pl<\/a> lub dostarczy\u0107 osobi\u015bcie do siedziby wybranego Oddzia\u0142u Terenowego. Termin sk\u0142adania ofert up\u0142ywa w dniu <strong>5 grudnia 2025 r.<\/strong><\/p>\n<p><strong>UWAGA! Oferty z\u0142o\u017cone po up\u0142ywie wskazanego terminu nie b\u0119d\u0105 rozpatrywane.<\/strong><strong><\/strong>[\/et_pb_accordion_item][et_pb_accordion_item title=&#8221;Narodowy Instytut Dziedzictwa zaprasza do z\u0142o\u017cenia ofert na: \u015bwiadczenie us\u0142ug na rzecz NID zwi\u0105zanych z piel\u0119gnacj\u0105 i utrzymaniem rabat kwiatowych, ro\u015blin ozdobnych oraz przestrzeni parkowej w Zespole Pa\u0142acowo-Parkowym w Trzebinach&#8221; _builder_version=&#8221;4.27.4&#8243; _module_preset=&#8221;default&#8221; custom_margin=&#8221;||-5px||false|false&#8221; global_colors_info=&#8221;{}&#8221; toggle_font=&#8221;|600|||||||&#8221; open=&#8221;off&#8221;]<\/p>\n<p style=\"text-align: right;\">Data publikacji: <strong>28 listopada 2025 r.<\/strong><\/p>\n<p><strong>Narodowy Instytut Dziedzictwa zaprasza do z\u0142o\u017cenia ofert na: \u015bwiadczenie us\u0142ug na rzecz NID zwi\u0105zanych z piel\u0119gnacj\u0105 i utrzymaniem rabat kwiatowych, ro\u015blin ozdobnych oraz przestrzeni parkowej w Zespole Pa\u0142acowo-Parkowym w Trzebinach.<br \/>\n<\/strong><strong><\/strong><\/p>\n<p><strong>\u00a0<\/strong><\/p>\n<p><a class=\"attachment\" href=\"https:\/\/nid.pl\/wp-content\/uploads\/2025\/11\/Zapytanie-ofertowe_pielegnacja-rosliny-ozdobne-Trzebiny.pdf\" target=\"_blank\" rel=\"noopener\" title=\"Link zostanie otwarty w nowym oknie\">Zapytanie ofertowe (.pdf)<\/a><\/p>\n<p><a class=\"attachment\" href=\"https:\/\/nid.pl\/wp-content\/uploads\/2025\/11\/Zalacznik-1_pielegnacja-rosliny-ozdobne-Trzebiny.pdf\" target=\"_blank\" rel=\"noopener\" title=\"Link zostanie otwarty w nowym oknie\">Za\u0142\u0105cznik nr 1 do zapytania ofertowego (.pdf)<\/a><\/p>\n<p><a class=\"attachment\" href=\"https:\/\/nid.pl\/wp-content\/uploads\/2025\/11\/Formularz-ofertowy_pielegnacja-rosliny-ozdobne-Trzebiny.docx\" target=\"_blank\" rel=\"noopener\" title=\"Pobierz dokument w formacie docx\">Formularz ofertowy (.docx)<\/a><\/p>\n<p>&nbsp;<\/p>\n<p><strong>Termin<\/strong><\/p>\n<p>Ofert\u0119 nale\u017cy przes\u0142a\u0107 za po\u015brednictwem poczty elektronicznej na adres <a href=\"mailto:%20awigura@nid.pl\" target=\"_blank\" rel=\"noopener\">awigura@nid.pl<\/a> lub dostarczy\u0107 osobi\u015bcie do siedziby wybranego Oddzia\u0142u Terenowego. Termin sk\u0142adania ofert up\u0142ywa w dniu <strong>5 grudnia 2025 r.<\/strong><\/p>\n<p><strong>UWAGA! Oferty z\u0142o\u017cone po up\u0142ywie wskazanego terminu nie b\u0119d\u0105 rozpatrywane.<\/strong><strong><\/strong>[\/et_pb_accordion_item][et_pb_accordion_item title=&#8221;Narodowy Instytut Dziedzictwa zaprasza do z\u0142o\u017cenia ofert na \u015bwiadczenie us\u0142ug kompleksowego sprz\u0105tania i utrzymania czysto\u015bci pomieszcze\u0144 biurowych, sanitariat\u00f3w, korytarzy oraz cz\u0119\u015bci wsp\u00f3lnych w wyszczeg\u00f3lnionych lokalizacjach NID&#8221; _builder_version=&#8221;4.27.4&#8243; _module_preset=&#8221;default&#8221; custom_margin=&#8221;||-5px||false|false&#8221; global_colors_info=&#8221;{}&#8221; toggle_font=&#8221;|600|||||||&#8221; open=&#8221;off&#8221;]<\/p>\n<p style=\"text-align: right;\">Data publikacji: <strong>18 listopada 2025 r.<\/strong><\/p>\n<p><strong>Narodowy Instytut Dziedzictwa zaprasza do z\u0142o\u017cenia ofert na \u015bwiadczenie us\u0142ug kompleksowego sprz\u0105tania i utrzymania czysto\u015bci pomieszcze\u0144 biurowych, sanitariat\u00f3w, korytarzy oraz cz\u0119\u015bci wsp\u00f3lnych w poni\u017cej wyszczeg\u00f3lnionych lokalizacjach Narodowego Instytutu Dziedzictwa:<br \/><\/strong><strong><\/strong><\/p>\n<p>I. Oddzia\u0142 Terenowy w Gda\u0144sku, ul. \u015aw. Tr\u00f3jcy 5, kod pocztowy 80-822<br \/>II. Oddzia\u0142 Terenowy w Krakowie, ul. \u015aw. Tomasza 8, kod pocztowy 31-014<br \/>III. Oddzia\u0142 Terenowy w Lublinie, ul. Krakowskie Przedmie\u015bcie 10 \/ Przechodnia 2\/4, kod pocztowy 20-002<br \/>IV. Oddzia\u0142 Terenowy w \u0141odzi, ul. Rewolucji 1905 r. 9 lok. 4U, kod pocztowy 90-273<br \/>V. Oddzia\u0142 Terenowy w Rzeszowie, ul. Hetma\u0144ska 15, kod pocztowy 35-045<br \/>VI. Oddzia\u0142 Terenowy w Toruniu, ul. Rabia\u0144ska 21, kod pocztowy 87-100<br \/>VII. Oddzia\u0142 Terenowy w Zielonej G\u00f3rze, ul. Boles\u0142awa Chrobrego 16 (3\/4), kod pocztowy 65-052<strong><br \/><\/strong><\/p>\n<p><a class=\"attachment\" href=\"https:\/\/nid.pl\/wp-content\/uploads\/2025\/11\/Zapytanie-ofertowe-usluga-sprzatania_2025-11-18.docx\" target=\"_blank\" rel=\"noopener\" title=\"Link zostanie otwarty w nowym oknie\">Zapytanie ofertowe (.docx)<\/a><\/p>\n<p><a class=\"attachment\" href=\"https:\/\/nid.pl\/wp-content\/uploads\/2025\/11\/Zapytanie-ofertowe-usluga-sprzatania_2025-11-18.pdf\" target=\"_blank\" rel=\"noopener\" title=\"Link zostanie otwarty w nowym oknie\">Zapytanie ofertowe (.pdf)<\/a><\/p>\n<p><strong><\/strong><\/p>\n<p><strong>Termin<\/strong><br \/>Ofert\u0119 nale\u017cy przes\u0142a\u0107 za po\u015brednictwem poczty elektronicznej na adres <a href=\"mailto:%20awigura@nid.pl\" target=\"_blank\" rel=\"noopener\">awigura@nid.pl<\/a> lub dostarczy\u0107 osobi\u015bcie do siedziby wybranego Oddzia\u0142u Terenowego. Termin sk\u0142adania ofert up\u0142ywa w dniu <strong>25 listopada 2025 r.<\/strong><\/p>\n<p><strong>UWAGA! Oferty z\u0142o\u017cone po up\u0142ywie wskazanego terminu nie b\u0119d\u0105 rozpatrywane.<\/strong><strong><\/strong><\/p>\n<p>[\/et_pb_accordion_item][et_pb_accordion_item title=&#8221;Narodowy Instytut Dziedzictwa zaprasza do z\u0142o\u017cenia oferty na przed\u0142u\u017cenie wa\u017cno\u015bci Umowy Serwisowej: Axence nVision&#8221; _builder_version=&#8221;4.27.4&#8243; _module_preset=&#8221;default&#8221; custom_margin=&#8221;||-5px||false|false&#8221; global_colors_info=&#8221;{}&#8221; toggle_font=&#8221;|600|||||||&#8221; open=&#8221;off&#8221;]<\/p>\n<p style=\"text-align: right;\">Data publikacji: <strong>8 pa\u017adziernika 2025 r.<\/strong><\/p>\n<p><strong>Narodowy Instytut Dziedzictwa zaprasza do z\u0142o\u017cenia oferty na przed\u0142u\u017cenie wa\u017cno\u015bci Umowy Serwisowej: Axence nVision<\/strong><strong><\/strong><\/p>\n<p><a class=\"attachment\" href=\"https:\/\/nid.pl\/wp-content\/uploads\/2025\/10\/Zapytanie-ofertowe-Axence_2025-10-08.docx\" target=\"_blank\" rel=\"noopener\" title=\"Link zostanie otwarty w nowym oknie\">Zapytanie ofertowe (.docx)<\/a><\/p>\n<p><a class=\"attachment\" href=\"https:\/\/nid.pl\/wp-content\/uploads\/2025\/10\/Zapytanie-ofertowe-Axence_2025-10-08.pdf\" target=\"_blank\" rel=\"noopener\" title=\"Link zostanie otwarty w nowym oknie\">Zapytanie ofertowe (.pdf)<\/a><\/p>\n<p><strong>Termin<\/strong><br \/>Ofert\u0119 wraz z za\u0142\u0105cznikami nale\u017cy przes\u0142a\u0107 za po\u015brednictwem poczty elektronicznej w nieprzekraczalnym terminie <strong>do 15 pa\u017adziernika 2025 r. (pi\u0105tek) <\/strong>na adres e-mail: <a href=\"mailto:mzawadzki@nid.pl\" target=\"_blank\" rel=\"noopener\">mzawadzki@nid.pl<\/a><\/p>\n<p><strong>UWAGA! Oferty z\u0142o\u017cone po up\u0142ywie wskazanego terminu nie b\u0119d\u0105 rozpatrywane.<\/strong><strong><\/strong><\/p>\n<p>[\/et_pb_accordion_item][et_pb_accordion_item title=&#8221;Narodowy Instytut Dziedzictwa zaprasza do z\u0142o\u017cenia ofert na wykonanie ekspertyzy mikologicznej zabytkowych t\u0119\u017cni w Ciechocinku (UNIEWA\u017bNIONE)&#8221; _builder_version=&#8221;4.27.4&#8243; _module_preset=&#8221;default&#8221; custom_margin=&#8221;||-5px||false|false&#8221; global_colors_info=&#8221;{}&#8221; toggle_font=&#8221;|600|||||||&#8221; open=&#8221;off&#8221;]<\/p>\n<p style=\"text-align: right;\">Data publikacji: <strong>18 sierpnia 2025 r.<\/strong><\/p>\n<p><strong>Narodowy Instytut Dziedzictwa zaprasza do z\u0142o\u017cenia ofert na wykonanie ekspertyzy mikologicznej zabytkowych t\u0119\u017cni w Ciechocinku. <\/strong><strong><\/strong><\/p>\n<p><a class=\"attachment\" href=\"https:\/\/nid.pl\/wp-content\/uploads\/2025\/08\/Zapytanie-ofertowe-Ciechocinek.docx\" target=\"_blank\" rel=\"noopener\" title=\"Link zostanie otwarty w nowym oknie\">Zapytanie ofertowe (.docx)<\/a><\/p>\n<p><a class=\"attachment\" href=\"https:\/\/nid.pl\/wp-content\/uploads\/2025\/08\/Zapytanie-ofertowe-Ciechocinek.pdf\" target=\"_blank\" rel=\"noopener\" title=\"Link zostanie otwarty w nowym oknie\">Zapytanie ofertowe (.pdf)<\/a><\/p>\n<p>Ofert\u0119 nale\u017cy przes\u0142a\u0107 na formularzu przes\u0142anym przez Zamawiaj\u0105cego w nieprzekraczalnym terminie <strong>do 22 sierpnia 2025 r., <\/strong>w wersji elektronicznej na adres e-mail: <a href=\"mailto:ejagielska@nid.pl\" target=\"_blank\" rel=\"noopener\">ejagielska@nid.pl<\/a><\/p>\n<p><strong>UWAGA! Oferty z\u0142o\u017cone po up\u0142ywie wskazanego terminu nie b\u0119d\u0105 rozpatrywane.<\/strong><\/p>\n<p><strong><\/strong><\/p>\n<p><strong><\/strong>&#8212;<\/p>\n<p style=\"text-align: right;\">Data publikacji: <strong>26 sierpnia 2025 r.\u00a0<\/strong><\/p>\n<p><strong>Zamawiaj\u0105cy &#8211; Narodowy Instytut Dziedzictwa &#8211; informuje o uniewa\u017cnieniu post\u0119powania na wykonanie ekspertyzy mikologicznej zabytkowych t\u0119\u017cni w Ciechocinku.<\/strong><\/p>\n<p>Post\u0119powanie zosta\u0142o uniewa\u017cnione zgodnie z pkt. 8 zapytania ofertowego. \u201dZamawiaj\u0105cy do chwili podpisania umowy zastrzega sobie mo\u017cliwo\u015b\u0107 uniewa\u017cnienia post\u0119powania na ka\u017cdym etapie jego prowadzenia, bez podawania przyczyny\u201d.<\/p>\n<p>Wszystkim Wykonawcom dzi\u0119kujemy za udzia\u0142 w post\u0119powaniu.<\/p>\n<p><a class=\"attachment\" href=\"https:\/\/nid.pl\/wp-content\/uploads\/2025\/08\/2025-08-26_NID_informacja-o-uniewaznieniu.pdf\" target=\"_blank\" rel=\"noopener\" title=\"Pobierz pismo z podpisem elektronicznym w formacie PDF\">Informacja z dnia 26 sierpnia 2025 roku dotycz\u0105ca uniewa\u017cnienia zapytania ofertowego<\/a><\/p>\n<p>[\/et_pb_accordion_item][et_pb_accordion_item title=&#8221;Og\u0142oszenie wynik\u00f3w naboru w programie \u201eNiematerialne &#8211; przeka\u017c dalej\u201d w 2025&#8243; _builder_version=&#8221;4.27.4&#8243; _module_preset=&#8221;default&#8221; custom_margin=&#8221;||-5px||false|false&#8221; global_colors_info=&#8221;{}&#8221; toggle_font=&#8221;|600|||||||&#8221; open=&#8221;off&#8221;]<\/p>\n<p style=\"text-align: right;\">Data publikacji: <strong>17.07.2025 r.<\/strong><\/p>\n<p><strong><img decoding=\"async\" src=\"https:\/\/nid.pl\/wp-content\/uploads\/2025\/04\/nid_stopka_mkidn_nid_2024-300x67.png\" \/><\/strong><\/p>\n<p><strong>W ramach przeprowadzonego naboru do 16 maja br. z\u0142o\u017cono 115 wniosk\u00f3w o dofinansowanie, na \u0142\u0105czn\u0105 kwot\u0119 ponad 3,7 mln z\u0142. Po przeprowadzeniu procedury oceny wniosk\u00f3w zgodnie z warunkami i kryteriami okre\u015blonymi w regulaminie programu, dofinansowanie otrzyma\u0142o 20 zada\u0144.<\/strong><strong><\/strong><\/p>\n<p>Wnioski zosta\u0142y sprawdzone i ocenione zgodnie z wymogami i kryteriami okre\u015blonymi w Regulaminie Programu.<span>\u00a0<\/span>Po ocenie formalnej, 34 wnioski zosta\u0142y odrzucone z powodu nie spe\u0142niania\u00a0okre\u015blonych w nim\u00a0wymog\u00f3w.\u00a0Pozosta\u0142e 81 wniosk\u00f3w przesz\u0142o pe\u0142en proces oceny punktowej.<\/p>\n<p>Oceny warto\u015bci merytorycznej projekt\u00f3w dokona\u0142 Zesp\u00f3\u0142 steruj\u0105cy, sk\u0142adaj\u0105cy si\u0119 z ekspert\u00f3w w dziedzinie dziedzictwa niematerialnego. Druga cz\u0119\u015b\u0107 oceny \u2013 pod k\u0105tem strategicznej zgodno\u015bci z celami programu oraz organizacyjnych warunk\u00f3w i mo\u017cliwo\u015bci wykonania zada\u0144 \u2013 zosta\u0142a wykonana w Narodowym Instytucie Dziedzictwa.<\/p>\n<p>Zgodnie z regulaminem programu, dofinansowanie mo\u017ce by\u0107 przyznane zadaniom, kt\u00f3re w wyniku oceny otrzyma\u0142y co najmniej 70 pkt. Tak\u0105 ocen\u0119 uzyska\u0142o 59 wniosk\u00f3w, jednak \u015brodki przeznaczone na dofinansowania w ramach programu (500 000 z\u0142) by\u0142y niewystarczaj\u0105ce do wsparcia realizacji wszystkich tych zada\u0144.<\/p>\n<p>Przy rozpatrywaniu wniosk\u00f3w z\u0142o\u017conych do program\u00f3w dotacyjnych Narodowy Instytut Dziedzictwa od lat kieruje si\u0119 zasad\u0105 przyznawania dofinansowania na realizacj\u0119 zada\u0144 w takiej wysoko\u015bci, by pozwoli\u0142a Beneficjentowi na jak najpe\u0142niejsze wykonanie za\u0142o\u017conych cel\u00f3w i wska\u017anik\u00f3w. W zwi\u0105zku z tym, na podstawie \u00a7 10 ust. 16 regulaminu programu, Dyrektor NID podj\u0119\u0142a decyzj\u0119 o podniesieniu progu punktowego do 88 pkt., zatem<span>\u00a0<\/span><strong>dofinansowanie otrzyma\u0142o 20 zada\u0144<\/strong>.<strong><\/strong><\/p>\n<p><strong>Download<\/strong><\/p>\n<p><strong>1.<span>\u00a0<\/span><a href=\"https:\/\/nid.pl\/wp-content\/uploads\/2025\/07\/Wyniki-naboru.-Niematerialne-przekaz-dalej-2025.pdf\" target=\"_blank\" rel=\"noopener\" title=\"Plik zostanie otwarty w nowym oknie\">Wyniki naboru wniosk\u00f3w 2025 (pdf)<\/a><\/strong><\/p>\n<p><strong>2. <a href=\"https:\/\/nid.pl\/wp-content\/uploads\/2025\/07\/Sklad-Zespolu-sterujacego-Niemateirlane-przekaz-dalej-2025.pdf\" target=\"_blank\" rel=\"noopener\">Sk\u0142ad Zespo\u0142u steruj\u0105cego 2025 (.pdf)<\/a><\/strong><\/p>\n<p><strong><\/strong><\/p>\n<p>Program \u201eNiematerialne \u2013 przeka\u017c dalej\u201d jest finansowany ze \u015brodk\u00f3w Ministra Kultury i Dziedzictwa Narodowego<\/p>\n<p>&nbsp;<\/p>\n<div class=\"et_pb_toggle_content clearfix\">\n<p><img loading=\"lazy\" decoding=\"async\" src=\"https:\/\/nid.pl\/wp-content\/uploads\/2022\/10\/MKiDN-01-2022.png\" width=\"300\" height=\"93\" \/><\/p>\n<\/div>\n<p>&nbsp;<\/p>\n<p>[\/et_pb_accordion_item][et_pb_accordion_item title=&#8221;Og\u0142oszenie wynik\u00f3w naboru w programie \u201eWsp\u00f3lnie dla dziedzictwa\u201d w 2025&#8243; _builder_version=&#8221;4.27.4&#8243; _module_preset=&#8221;default&#8221; custom_margin=&#8221;||-5px||false|false&#8221; global_colors_info=&#8221;{}&#8221; toggle_font=&#8221;|600|||||||&#8221; open=&#8221;off&#8221;]<\/p>\n<p style=\"text-align: right;\">Data publikacji: <strong>01.07.2025 r.<\/strong><\/p>\n<p><img decoding=\"async\" src=\"https:\/\/nid.pl\/wp-content\/uploads\/2025\/04\/nid_stopka_mkidn_nid_2024-300x67.png\" \/><br \/><strong>W ramach naboru z\u0142o\u017cono 158 wniosk\u00f3w. Dofinansowanie otrzyma\u0142o 37 zada\u0144.<\/strong><br \/><strong>Z powodu b\u0142\u0119d\u00f3w formalnych odrzucono 33 wnioski.<\/strong><\/p>\n<p>Zgodnie z regulaminem programu, dofinansowanie mo\u017ce by\u0107 przyznane zadaniom, kt\u00f3rych \u0142\u0105czna ocena punktowa wynosi co najmniej 70 pkt. Tak\u0105 ocen\u0119 uzyska\u0142y 64 wnioski, jednak \u015brodki pozostaj\u0105ce w dyspozycji Narodowego Instytutu Dziedzictwa by\u0142y niewystarczaj\u0105ce na dofinansowanie wszystkich tych zada\u0144. W zwi\u0105zku z tym, na podstawie \u00a710 ust. 16 regulaminu programu, Dyrektor NID podj\u0105\u0142 decyzj\u0119 o podniesieniu progu punktowego do 78,75 pkt. Wobec powy\u017cszego dofinansowanie otrzyma\u0142o 37 zada\u0144.<\/p>\n<p><strong>Download<\/strong><br \/><strong>1.<span>\u00a0<\/span><a href=\"https:\/\/nid.pl\/wp-content\/uploads\/2025\/08\/Wyniki-naboru-Wspolnie-dla-dziedzictwa-2025.pdf\" target=\"_blank\" rel=\"noopener\" title=\"Pobierz plik w formacie pdf\">Wyniki naboru Wsp\u00f3lnie dla Dziedzictwa 2025 (pdf)<\/a><\/strong><br \/><strong>2.<span>\u00a0<\/span><a href=\"https:\/\/nid.pl\/wp-content\/uploads\/2025\/07\/Sklad-Zespolu-Sterujacego-Wspolnie-dla-dziedzictwa-2025.pdf\" target=\"_blank\" rel=\"noopener\" title=\"Pobierz plik w formacie pdf\">Sk\u0142ad Zespo\u0142u Steruj\u0105cego Wsp\u00f3lnie dla Dziedzictwa 2025 (pdf)<\/a><\/strong><\/p>\n<p>Program Wsp\u00f3lnie dla dziedzictwa jest realizowany ze \u015brodk\u00f3w Ministra Kultury\u00a0i Dziedzictwa Narodowego.<\/p>\n<p><img loading=\"lazy\" decoding=\"async\" src=\"https:\/\/nid.pl\/wp-content\/uploads\/2022\/10\/MKiDN-01-2022.png\" width=\"300\" height=\"93\" \/><\/p>\n<p>&nbsp;<\/p>\n<p>[\/et_pb_accordion_item][et_pb_accordion_item title=&#8221;Narodowy Instytut Dziedzictwa zaprasza do z\u0142o\u017cenia ofert na wykonanie kwerendy historycznej w ramach projektu: Park Mu\u017cakowski \u2013 zwi\u0119kszenie atrakcyjno\u015bci turystycznej i dost\u0119pno\u015bci obiektu \u015bwiatowego dziedzictwa UNESCO, realizowanego w ramach Programu Interreg Polska-Saksonia 2021-2027&#8243; _builder_version=&#8221;4.27.4&#8243; _module_preset=&#8221;default&#8221; custom_margin=&#8221;||-5px||false|false&#8221; global_colors_info=&#8221;{}&#8221; toggle_font=&#8221;|600|||||||&#8221; open=&#8221;off&#8221;]<\/p>\n<p style=\"text-align: right;\">Data publikacji: <strong>13 czerwca 2025 r.<\/strong><\/p>\n<p><strong>Narodowy Instytut Dziedzictwa zaprasza do z\u0142o\u017cenia ofert na wykonanie kwerendy historycznej w ramach projektu: Park Mu\u017cakowski \u2013 zwi\u0119kszenie atrakcyjno\u015bci turystycznej i dost\u0119pno\u015bci obiektu \u015bwiatowego dziedzictwa UNESCO, realizowanego w ramach Programu Interreg Polska-Saksonia 2021-2027.<\/strong><strong><\/strong><\/p>\n<p><a class=\"attachment\" href=\"https:\/\/nid.pl\/wp-content\/uploads\/2025\/06\/Zapytanie-ofertowe-kwerenda-historyczna-PM.docx\" target=\"_blank\" rel=\"noopener\" title=\"Link zostanie otwarty w nowym oknie\">Zapytanie ofertowe (.docx)<\/a><\/p>\n<p><a class=\"attachment\" href=\"https:\/\/nid.pl\/wp-content\/uploads\/2025\/06\/Zapytanie-ofertowe-kwerenda-historyczna-PM.pdf\" target=\"_blank\" rel=\"noopener\" title=\"Link zostanie otwarty w nowym oknie\">Zapytanie ofertowe (.pdf)<\/a><\/p>\n<p>&nbsp;<\/p>\n<p><strong><\/strong><\/p>\n<p><strong>Termin<\/strong><br \/>Ofert\u0119 nale\u017cy przes\u0142a\u0107 za po\u015brednictwem poczty elektronicznej w nieprzekraczalnym terminie <strong>do 23 czerwca 2025 r., <\/strong>na adres e-mail: <a href=\"mailto:lszura@nid.pl\">lszura@nid.pl<\/a><\/p>\n<p><strong>UWAGA! Oferty z\u0142o\u017cone po up\u0142ywie wskazanego terminu nie b\u0119d\u0105 rozpatrywane.<\/strong><\/p>\n<p><strong>\u00a0<\/strong><strong><\/strong><\/p>\n<p>[\/et_pb_accordion_item][et_pb_accordion_item title=&#8221;Narodowy Instytut Dziedzictwa zaprasza do z\u0142o\u017cenia oferty na kompleksow\u0105 obs\u0142ug\u0119 cateringow\u0105 wydarzenia EUROPEANA 2025 dla 300 go\u015bci&#8221; _builder_version=&#8221;4.27.4&#8243; _module_preset=&#8221;default&#8221; custom_margin=&#8221;||-5px||false|false&#8221; global_colors_info=&#8221;{}&#8221; toggle_font=&#8221;|600|||||||&#8221; open=&#8221;off&#8221;]<\/p>\n<p style=\"text-align: right;\">Data publikacji: <strong>20 maja 2025 r.<\/strong><\/p>\n<p><strong><\/strong><\/p>\n<p><strong>Narodowy Instytut Dziedzictwa zaprasza do z\u0142o\u017cenia oferty na kompleksow\u0105 obs\u0142ug\u0119 cateringow\u0105 wydarzenia EUROPEANA 2025 dla 300 go\u015bci. Wydarzenie odb\u0119dzie si\u0119 w dniach 11\u201312 czerwca 2025 roku w siedzibie Muzeum POLIN w Warszawie.<\/strong><\/p>\n<p><a class=\"attachment\" href=\"https:\/\/nid.pl\/wp-content\/uploads\/2025\/05\/Zapytanie-ofertowe-catering-EUROPEANA-2025.docx\" target=\"_blank\" rel=\"noopener\" title=\"Link zostanie otwarty w nowym oknie\">Zapytanie ofertowe na kompleksow\u0105 obs\u0142ug\u0119 cateringow\u0105 wydarzenia EUROPEANA 2025 dla 300 go\u015bci (.docx)<\/a><\/p>\n<p><a class=\"attachment\" href=\"https:\/\/nid.pl\/wp-content\/uploads\/2025\/05\/Zapytanie-ofertowe-catering-EUROPEANA-2025.pdf\" target=\"_blank\" rel=\"noopener\">Zapytanie ofertowe na kompleksow\u0105 obs\u0142ug\u0119 cateringow\u0105 wydarzenia EUROPEANA 2025 dla 300 go\u015bci (.pdf)<\/a><\/p>\n<p><a class=\"attachment\" href=\"https:\/\/nid.pl\/wp-content\/uploads\/2025\/05\/Zalacznik-nr-1_szczegolowy-opis-zamowienia-EUROPEANA-2025.docx\" target=\"_blank\" rel=\"noopener\" title=\"Link zostanie otwarty w nowym oknie\">Za\u0142\u0105cznik nr 1 &#8211; szczeg\u00f3\u0142owy opis zam\u00f3wienia (.docx)<\/a><\/p>\n<p><a class=\"attachment\" href=\"https:\/\/nid.pl\/wp-content\/uploads\/2025\/05\/Zalacznik-nr-1-szczegolowy-opis-zamowienia-EUROPEANA-2025.pdf\" target=\"_blank\" rel=\"noopener\" title=\"Link zostanie otwarty w nowym oknie\">Za\u0142\u0105cznik nr 1 &#8211; szczeg\u00f3\u0142owy opis zam\u00f3wienia (.pdf)<\/a><\/p>\n<p><a class=\"attachment\" href=\"https:\/\/nid.pl\/wp-content\/uploads\/2025\/05\/Zalacznik-nr-2-formularz-ofertowy-wraz-z-oswiadczenaimi-EUROPEANA-2025.docx\" target=\"_blank\" rel=\"noopener\" title=\"Link zostanie otwarty w nowym oknie\">Za\u0142\u0105cznik nr 2 &#8211; formularz ofertowy wraz z o\u015bwiadczeniami (.docx)<\/a><\/p>\n<p><a class=\"attachment\" href=\"https:\/\/nid.pl\/wp-content\/uploads\/2025\/05\/Zalacznik-nr-2-formularz-ofertowy-wraz-z-oswiadczenaimi-EUROPEANA-2025.pdf\" target=\"_blank\" rel=\"noopener\" title=\"Link zostanie otwarty w nowym oknie\">Za\u0142\u0105cznik nr 2 &#8211; formularz ofertowy wraz z o\u015bwiadczeniami (.pdf)<\/a><\/p>\n<p><a class=\"attachment\" href=\"https:\/\/nid.pl\/wp-content\/uploads\/2025\/05\/Zalacznik-nr-3_wzor-umowy-EUROPEANA-2025.docx\" target=\"_blank\" rel=\"noopener\" title=\"Link zostanie otwarty w nowym oknie\">Za\u0142\u0105cznik nr 3 &#8211; wz\u00f3r umowy (.docx)<\/a><\/p>\n<p><a class=\"attachment\" href=\"https:\/\/nid.pl\/wp-content\/uploads\/2025\/05\/Zalacznik-nr-3-wzor-umowy-EUROPEANA-2025.pdf\" target=\"_blank\" rel=\"noopener\" title=\"Link zostanie otwarty w nowym oknie\">Za\u0142\u0105cznik nr 3 &#8211; wz\u00f3r umowy (.pdf)<\/a><\/p>\n<p><a class=\"attachment\" href=\"https:\/\/nid.pl\/wp-content\/uploads\/2025\/05\/Zalacznik-nr-4-EUROPEANA-2025.docx\" target=\"_blank\" rel=\"noopener\" title=\"Link zostanie otwarty w nowym oknie\">Za\u0142\u0105cznik nr 4 &#8211; klauzula informacyjna dotycz\u0105ca przetwarzania danych osobowych (.docx)<\/a><\/p>\n<p><a class=\"attachment\" href=\"https:\/\/nid.pl\/wp-content\/uploads\/2025\/05\/Zalacznik-nr-4-EUROPEANA-2025.pdf\" target=\"_blank\" rel=\"noopener\" title=\"Link zostanie otwarty w nowym oknie\">Za\u0142\u0105cznik nr 4 &#8211; klauzula informacyjna dotycz\u0105ca przetwarzania danych osobowych (.pdf)<\/a><\/p>\n<p><a class=\"attachment\" href=\"https:\/\/nid.pl\/wp-content\/uploads\/2025\/05\/Zalacznik-nr-5_wzor-protokolu-odbioru-EUROPEANA-2025.docx\" target=\"_blank\" rel=\"noopener\" title=\"Link zostanie otwarty w nowym oknie\">Za\u0142\u0105cznik nr 5 &#8211; wz\u00f3r protoko\u0142u odbioru (.docx)<\/a><\/p>\n<p><a class=\"attachment\" href=\"https:\/\/nid.pl\/wp-content\/uploads\/2025\/05\/Zalacznik-nr-5-wzor-protokolu-odbioru-EUROPEANA-2025.pdf\" target=\"_blank\" rel=\"noopener\" title=\"Link zostanie otwarty w nowym oknie\">Za\u0142\u0105cznik nr 5 &#8211; wz\u00f3r protoko\u0142u odbioru (.pdf)<\/a><\/p>\n<p><a class=\"attachment\" href=\"https:\/\/nid.pl\/wp-content\/uploads\/2025\/05\/Catering-companies-Kompleksowa-obsluga-cateringowa-wydarzenia-Europeana-2025.pdf\" target=\"_blank\" rel=\"noopener\" title=\"Link zostanie otwarty w nowym oknie\">Catering companies (.pdf)<\/a><\/p>\n<p>&nbsp;<\/p>\n<p><strong>Termin<\/strong><br \/>Ofert\u0119 wraz z za\u0142\u0105cznikami nale\u017cy przes\u0142a\u0107 za po\u015brednictwem poczty elektronicznej w nieprzekraczalnym terminie <strong>do 23 maja 2025 r. (pi\u0105tek), do godz. 10:00 <\/strong>na adres e-mail: <a href=\"mailto:mboncza@nid.pl\">mboncza@nid.pl<\/a><\/p>\n<p><strong>UWAGA! Oferty z\u0142o\u017cone po up\u0142ywie wskazanego terminu nie b\u0119d\u0105 rozpatrywane.<\/strong><\/p>\n<p><strong>\u00a0<\/strong><strong><\/strong><\/p>\n<p>[\/et_pb_accordion_item][et_pb_accordion_item title=&#8221;Narodowy Instytut Dziedzictwa og\u0142asza nab\u00f3r wniosk\u00f3w do programu \u201eNiematerialne \u2013 przeka\u017c dalej\u201d w 2025 r.&#8221; _builder_version=&#8221;4.27.4&#8243; _module_preset=&#8221;default&#8221; custom_margin=&#8221;||-5px||false|false&#8221; global_colors_info=&#8221;{}&#8221; toggle_font=&#8221;|600|||||||&#8221; open=&#8221;off&#8221;]<\/p>\n<p style=\"text-align: right;\">Data publikacji: <strong>15.04.2025 r.<\/strong><\/p>\n<p><strong><img loading=\"lazy\" decoding=\"async\" src=\"https:\/\/nid.pl\/wp-content\/uploads\/2025\/04\/nid_stopka_mkidn_nid_2024-300x67.png\" width=\"300\" height=\"67\" alt=\"\" class=\"wp-image-26380 alignnone size-medium\" \/><\/strong><\/p>\n<p><strong>Narodowy Instytut Dziedzictwa og\u0142asza nab\u00f3r wniosk\u00f3w do programu \u201eNiematerialne \u2013 przeka\u017c dalej\u201d. <\/strong><\/p>\n<p>Celem programu jest wspieranie projekt\u00f3w s\u0142u\u017c\u0105cych wzmocnieniu przekazu pokoleniowego, ochrony i popularyzacji zjawisk wpisanych na Krajow\u0105 list\u0119 niematerialnego dziedzictwa kulturowego oraz praktyk wpisanych do Krajowego rejestru dobrych praktyk w ochronie niematerialnego dziedzictwa kulturowego.<\/p>\n<p>O dofinansowanie w ramach programu mog\u0105 ubiega\u0107 si\u0119:<\/p>\n<p style=\"padding-left: 40px;\">a) organizacje pozarz\u0105dowe b\u0119d\u0105ce podmiotami prawa polskiego,<br \/>b) samorz\u0105dowe instytucje kultury, z wy\u0142\u0105czeniem wsp\u00f3\u0142prowadzonych przez Ministra Kultury i Dziedzictwa Narodowego,<br \/>c) ko\u015bcio\u0142y i zwi\u0105zki wyznaniowe.<\/p>\n<p>Aplikowanie odbywa si\u0119 za pomoc\u0105 platformy <a href=\"https:\/\/witkac.pl\/Account\/Login#\/contest\/view?id=36603\" target=\"_blank\" rel=\"noopener\">Witkac<\/a><\/p>\n<p><strong>Nab\u00f3r wniosk\u00f3w trwa do 16 maja 2025 r. do godz. 15.00.<\/strong><\/p>\n<p><strong>Wi\u0119cej informacji: <\/strong><a href=\"https:\/\/nid.pl\/en\/dotacje\/niematerialne-przekaz-dalej\/\" target=\"_blank\" rel=\"noopener\"><strong>Dotacje\/Niematerialne \u2013 przeka\u017c dalej<\/strong><\/a><\/p>\n<p><strong><\/strong><\/p>\n<p><strong>Download<\/strong><\/p>\n<p><a class=\"attachment\" href=\"https:\/\/nid.pl\/wp-content\/uploads\/2025\/04\/Regulamin-programu-Niematerialne-przekaz-dalej-2025.pdf\" target=\"_blank\" rel=\"noopener\"><strong>Regulamin programu \u201eNiematerialne \u2013 przeka\u017c dalej\u201d 2025<\/strong><\/a><\/p>\n<p><a class=\"attachment\" href=\"https:\/\/nid.pl\/wp-content\/uploads\/2025\/04\/Instrukcja-wypelniania-wniosku-Niematerialne-przekaz-dalej-2025.pdf\" target=\"_blank\" rel=\"noopener\"><strong>Instrukcja wype\u0142niania wniosku \u201eNiematerialne \u2013 przeka\u017c dalej\u201d 2025<\/strong><\/a><\/p>\n<p><strong><\/strong><\/p>\n<p>Program \u201eNiematerialne \u2013 przeka\u017c dalej\u201d jest realizowany ze \u015brodk\u00f3w Ministra Kultury i Dziedzictwa Narodowego.<\/p>\n<p>&nbsp;<\/p>\n<p>[\/et_pb_accordion_item][et_pb_accordion_item title=&#8221;Narodowy Instytut Dziedzictwa og\u0142asza nab\u00f3r do programu \u201eWsp\u00f3lnie dla dziedzictwa%22  w 2025 r. &#8221; _builder_version=&#8221;4.27.4&#8243; _module_preset=&#8221;default&#8221; custom_margin=&#8221;||-5px||false|false&#8221; global_colors_info=&#8221;{}&#8221; toggle_font=&#8221;|600|||||||&#8221; open=&#8221;off&#8221;]<\/p>\n<p style=\"text-align: right;\">Data publikacji: <strong>09.04.2025 r.<\/strong><\/p>\n<p><strong><img loading=\"lazy\" decoding=\"async\" src=\"https:\/\/nid.pl\/wp-content\/uploads\/2025\/04\/nid_stopka_mkidn_nid_2024-300x67.png\" width=\"300\" height=\"67\" alt=\"\" class=\"wp-image-26380 alignnone size-medium\" \/><\/strong><\/p>\n<p><strong>Narodowy Instytut Dziedzictwa og\u0142asza nab\u00f3r do programu \u201eWsp\u00f3lnie dla dziedzictwa\u201d.<\/strong><\/p>\n<p>Jego celem jest tworzenie warunk\u00f3w do zr\u00f3wnowa\u017conej ochrony dziedzictwa kulturowego i wykorzystania jago warto\u015bci dla rozwoju spo\u0142ecznego obecnych i przysz\u0142ych pokole\u0144.<\/p>\n<p><strong>Program adresowany jest do organizacji pozarz\u0105dowych.<\/strong><\/p>\n<p>Aplikowanie odbywa si\u0119 za pomoc\u0105 platformy informatycznej Witkac \u2013 <a href=\"https:\/\/witkac.pl\/Account\/Login#\/contest\/view\/36527\" target=\"_blank\" rel=\"noopener\">witkac.pl<span> <\/span><\/a><\/p>\n<p><strong>Nab\u00f3r wniosk\u00f3w do programu trwa do 9 maja 2025 r. do godz. 15.00.<\/strong><\/p>\n<p><strong><\/strong><\/p>\n<p><strong>Wi\u0119cej informacji: <\/strong><a href=\"https:\/\/nid.pl\/en\/dotacje\/wspolnie-dla-dziedzictwa\/\" target=\"_blank\" rel=\"noopener\"><strong>Dotacje\/Wsp\u00f3lnie dla dziedzictwa<\/strong><\/a><\/p>\n<p><strong><\/strong><\/p>\n<p><strong>Download<\/strong><\/p>\n<p><a class=\"attachment\" href=\"https:\/\/nid.pl\/wp-content\/uploads\/2025\/04\/Regulamin-programu-Wspolnie-dla-dziedzictwa-2025.pdf\" target=\"_blank\" rel=\"noopener\">Regulamin Programu Wsp\u00f3lnie dla dziedzictwa 2025<\/a><\/p>\n<p><a class=\"attachment\" href=\"https:\/\/nid.pl\/wp-content\/uploads\/2025\/04\/Instrukcja-wypelniania-wniosku-WDD-2025.pdf\" target=\"_blank\" rel=\"noopener\">Instrukcja wype\u0142niania wniosku WDD 2025<\/a><\/p>\n<p>&nbsp;<\/p>\n<p>Program Wsp\u00f3lnie dla dziedzictwa jest realizowany ze \u015brodk\u00f3w Ministra Kultury\u00a0i Dziedzictwa Narodowego.<\/p>\n<p>&nbsp;<\/p>\n<p>[\/et_pb_accordion_item][et_pb_accordion_item title=&#8221;Zawiadomienie o wyborze oferty na us\u0142ug\u0119 sprzeda\u017cy i dostarczania krajowych i mi\u0119dzynarodowych bilet\u00f3w lotniczych dla Narodowego Instytutu Dziedzictwa&#8221; _builder_version=&#8221;4.27.4&#8243; _module_preset=&#8221;default&#8221; custom_margin=&#8221;||-5px||false|false&#8221; global_colors_info=&#8221;{}&#8221; toggle_font=&#8221;|600|||||||&#8221; open=&#8221;off&#8221;]<\/p>\n<p style=\"text-align: right;\">Data publikacji: <strong>04 kwietnia 2025 r., godz. 16:20<\/strong><\/p>\n<p><strong><\/strong><\/p>\n<p><strong>Dotyczy:<\/strong> <strong>zapytania ofertowego na<\/strong> <strong>wykonanie zam\u00f3wienia polegaj\u0105cego na: <\/strong><span><strong>us\u0142udze sprzeda\u017cy i dostarczania krajowych i mi\u0119dzynarodowych bilet\u00f3w lotniczych dla\u00a0 Narodowego Instytutu Dziedzictwa.<\/strong><\/span><\/p>\n<p>Zamawiaj\u0105cy Narodowy Instytut Dziedzictwa informuje, i\u017c w zapytaniu ofertowym w zakresie <span><strong>sprzeda\u017cy i dostarczania krajowych i mi\u0119dzynarodowych bilet\u00f3w lotniczych dla\u00a0 Narodowego Instytutu Dziedzictwa<\/strong><\/span>, przeprowadzonego z wy\u0142\u0105czeniem stosowania przepis\u00f3w ustawy z dnia 11 wrze\u015bnia 2019 Prawo zam\u00f3wie\u0144 publicznych (Dz. U. z 2024r. poz. 1320), o warto\u015bci zam\u00f3wienia nie przekraczaj\u0105cej kwoty 130.000 z\u0142 netto. Wybrano ofert\u0119 Wykonawcy: <strong>UpHotel Sp. z o.o. ul. Solna 4, 58-500 Jelenia G\u00f3ra<\/strong>, \u00a0kt\u00f3ry zaproponowa\u0142 najni\u017csz\u0105 <span>cena za op\u0142at\u0119 transakcyjn\u0105<\/span> <strong>tj.<\/strong> <strong>9,00 z\u0142 i otrzyma\u0142 100,00 w kryterium oceny ofert. <\/strong><\/p>\n<p>&nbsp;<\/p>\n<p>Wybrany Wykonawca zaoferowa\u0142 najni\u017csz\u0105 cen\u0119, spo\u015br\u00f3d z\u0142o\u017conych ofert w niniejszym zapytaniu ofertowym.<\/p>\n<p>&nbsp;<\/p>\n<p><a class=\"attachment\" href=\"https:\/\/nid.pl\/wp-content\/uploads\/2025\/04\/Zawiadomienie-o-wyborze-oferty-usluga-sprzedazy-i-dostarczania-biletow-lotniczych-dla-NID.docx\" target=\"_blank\" rel=\"noopener\">Zawiadomienie o wyborze oferty .docx<\/a><\/p>\n<p><a class=\"attachment\" href=\"https:\/\/nid.pl\/wp-content\/uploads\/2025\/04\/Zawiadomienie-o-wyborze-oferty-usluga-sprzedazy-i-dostarczania-biletow-lotniczych-dla-NID.pdf\" target=\"_blank\" rel=\"noopener\">Zawiadomienie o wyborze oferty .pdf<\/a><\/p>\n<p>&nbsp;<\/p>\n<p>[\/et_pb_accordion_item][et_pb_accordion_item title=&#8221;Og\u0142oszenie wynik\u00f3w naboru na Partnera projektu \u201eDost\u0119pno\u015b\u0107 i Dziedzictwo. Standardy dost\u0119pno\u015bci w zabytkach%22&#8243; _builder_version=&#8221;4.27.4&#8243; _module_preset=&#8221;default&#8221; custom_margin=&#8221;||-5px||false|false&#8221; global_colors_info=&#8221;{}&#8221; toggle_font=&#8221;|600|||||||&#8221; open=&#8221;off&#8221;]<\/p>\n<p style=\"text-align: right;\">Data publikacji: <strong>02 kwietnia 2025 r.<\/strong><\/p>\n<p><strong>Narodowy Instytut Dziedzictwa na podstawie art. 39 ustawy z dnia 28 kwietnia 2022 r. o zasadach realizacji zada\u0144 finansowanych ze \u015brodk\u00f3w europejskich w perspektywie finansowej 2021-2027 (Dz.U. 2022 poz. 1079 ze zm.), wyst\u0119puj\u0105c jako przysz\u0142y Lider Projektu, w dniach 17 lutego \u2013 10 marca 2025 r., przeprowadzi\u0142 otwarty nab\u00f3r ofert og\u00f3lnopolskiej organizacji pozarz\u0105dowych zwi\u0105zanych z \u015brodowiskami os\u00f3b z r\u00f3\u017cnymi rodzajami niepe\u0142nosprawno\u015bci na Partnera projektu \u201eDost\u0119pno\u015b\u0107 i Dziedzictwo. Standardy dost\u0119pno\u015bci w zabytkach\u201d. Projekt b\u0119dzie realizowany w ramach Programu Fundusze Europejskie dla Rozwoju Spo\u0142ecznego 2021-2027, Priorytetu FERS.03 Dost\u0119pno\u015b\u0107 i us\u0142ugi dla os\u00f3b z niepe\u0142nosprawno\u015bciami, Dzia\u0142ania 03.03 Systemowa poprawa dost\u0119pno\u015bci w latach 2025-2028.<\/strong><strong><\/strong><\/p>\n<p>W odpowiedzi na og\u0142oszenie wp\u0142yn\u0119\u0142o sze\u015b\u0107 ofert, kt\u00f3re spe\u0142nia\u0142y wszystkie wymagania formalne i merytoryczne, a nast\u0119pnie zosta\u0142y poddane ocenie merytorycznej. Trzy spo\u015br\u00f3d nich uzyska\u0142y maksymaln\u0105 liczb\u0119 punkt\u00f3w. Zgodnie z pkt 6.VIII Og\u0142oszenia o naborze, ostateczna decyzja zosta\u0142a podj\u0119ta na podstawie dodatkowego kryterium rozstrzygaj\u0105cego.<\/p>\n<p>Narodowy Instytut Dziedzictwa informuje, \u017ce w wyniku prac Komisji ds. Oceny Ofert na Partnera projektu \u201eDost\u0119pno\u015b\u0107 i Dziedzictwo. Standardy dost\u0119pno\u015bci w zabytkach\u201d wybrana zosta\u0142a <strong>Fundacja Aktywnej Rehabilitacji.<\/strong><\/p>\n<p><strong><\/strong><\/p>\n<p>&nbsp;<\/p>\n<p>[\/et_pb_accordion_item][et_pb_accordion_item title=&#8221;Narodowy Instytut Dziedzictwa zaprasza do z\u0142o\u017cenia oferty na us\u0142ug\u0119 sprzeda\u017cy i dostarczania krajowych i mi\u0119dzynarodowych bilet\u00f3w lotniczych&#8221; _builder_version=&#8221;4.27.4&#8243; _module_preset=&#8221;default&#8221; custom_margin=&#8221;||-5px||false|false&#8221; global_colors_info=&#8221;{}&#8221; toggle_font=&#8221;|600|||||||&#8221; open=&#8221;off&#8221;]<\/p>\n<p style=\"text-align: right;\">Data publikacji: <strong>28 marca 2025 r.<\/strong><\/p>\n<p><strong><\/strong><\/p>\n<p><strong>Narodowy Instytut Dziedzictwa zaprasza do z\u0142o\u017cenia oferty na us\u0142ug\u0119 sprzeda\u017cy i dostarczania krajowych i mi\u0119dzynarodowych bilet\u00f3w lotniczych.<\/strong><\/p>\n<p><a class=\"attachment\" href=\"https:\/\/nid.pl\/wp-content\/uploads\/2025\/03\/Zaproszenie-do-zlozenia-oferty-usluga-sprzedazy-i-dostarczania-krajowych-i-miedzynarodowych-biletow-lotniczych-dla-Narodowego-Instytutu-Dziedzictwa-.docx\" target=\"_blank\" rel=\"noopener\" title=\"Link zostanie otwarty w nowym oknie\">Zaproszenie do z\u0142o\u017cenia oferty &#8211; us\u0142uga sprzeda\u017cy i dostarczania krajowych i mi\u0119dzynarodowych bilet\u00f3w lotniczych dla NID (.docx)<\/a><\/p>\n<p><a class=\"attachment\" href=\"https:\/\/nid.pl\/wp-content\/uploads\/2025\/03\/Zaproszenie-do-zlozenia-oferty-usluga-sprzedazy-i-dostarczania-krajowych-i-miedzynarodowych-biletow-lotniczych-dla-Narodowego-Instytutu-Dziedzictwa-.pdf\" target=\"_blank\" rel=\"noopener\" title=\"Link zostanie otwarty w nowym oknie\">Zaproszenie do z\u0142o\u017cenia oferty &#8211; us\u0142uga sprzeda\u017cy i dostarczania krajowych i mi\u0119dzynarodowych bilet\u00f3w lotniczych dla NID (.pdf)<\/a><\/p>\n<p><a class=\"attachment\" href=\"https:\/\/nid.pl\/wp-content\/uploads\/2025\/04\/SZCZEGOLOWY-OPIS-PRZEDMIOTU-ZAMOWIENIA-Bilety-Lotnicze.docx\" target=\"_blank\" rel=\"noopener\">Szczeg\u00f3\u0142owy opis przedmiotu zam\u00f3wienia (.doc)<\/a><\/p>\n<p><a class=\"attachment\" href=\"https:\/\/nid.pl\/wp-content\/uploads\/2025\/04\/SZCZEGOLOWY-OPIS-PRZEDMIOTU-ZAMOWIENIA-Bilety-Lotnicze.pdf\" target=\"_blank\" rel=\"noopener\">Szczeg\u00f3\u0142owy opis przedmiotu zam\u00f3wienia (.pdf)<\/a><\/p>\n<p><strong><\/strong><\/p>\n<p><strong>Termin<\/strong><br \/>Ofert\u0119 wraz z za\u0142\u0105cznikami nale\u017cy przes\u0142a\u0107 za po\u015brednictwem poczty elektronicznej w nieprzekraczalnym terminie <strong>do 4 kwietnia br., do godz. 10:00 <\/strong>na adres e-mail: <a href=\"mailto:mtobiasz@nid.pl\">mtobiasz@nid.pl<\/a><\/p>\n<p><strong>UWAGA! Oferty z\u0142o\u017cone po up\u0142ywie wskazanego terminu nie b\u0119d\u0105 rozpatrywane.<\/strong><\/p>\n<p><strong>\u00a0<\/strong><strong><\/strong><\/p>\n<p>[\/et_pb_accordion_item][et_pb_accordion_item title=&#8221;Narodowy Instytut Dziedzictwa og\u0142asza otwarty nab\u00f3r na partnera spo\u0142ecznego projektu \u201eDost\u0119pno\u015b\u0107 i Dziedzictwo. Standardy Dost\u0119pno\u015bci w Zabytkach\u201d&#8221; _builder_version=&#8221;4.27.4&#8243; _module_preset=&#8221;default&#8221; custom_margin=&#8221;||-5px||false|false&#8221; global_colors_info=&#8221;{}&#8221; toggle_font=&#8221;|600|||||||&#8221; open=&#8221;off&#8221;]<\/p>\n<p style=\"text-align: right;\">Data publikacji: <strong>25\u00a0lutego 2025 r.<\/strong><\/p>\n<p><strong>Czy chcesz zosta\u0107 partnerem spo\u0142ecznym projektu, kt\u00f3ry ma na celu popraw\u0119 dost\u0119pno\u015bci architektonicznej zabytk\u00f3w pe\u0142ni\u0105cych funkcje publiczne? Je\u015bli tak, zg\u0142o\u015b si\u0119 do naboru na partnera do realizacji projektu \u201eDost\u0119pno\u015b\u0107 i Dziedzictwo. Standardy Dost\u0119pno\u015bci w Zabytkach\u201d.<\/strong><strong><\/strong><\/p>\n<p>Projekt realizowany jest w ramach Programu Fundusze Europejskie dla Rozwoju Spo\u0142ecznego 2021-2027, Priorytetu FERS.03 Dost\u0119pno\u015b\u0107 i us\u0142ugi dla os\u00f3b z niepe\u0142nosprawno\u015bciami, Dzia\u0142ania 03.03 Systemowa poprawa dost\u0119pno\u015bci w latach 2025-2028.<\/p>\n<p><strong>Kto mo\u017ce zosta\u0107 partnerem?<\/strong><br \/>Og\u00f3lnopolska organizacja pozarz\u0105dowa reprezentuj\u0105ca \u015brodowiska os\u00f3b z r\u00f3\u017cnymi rodzajami niepe\u0142nosprawno\u015bci.<\/p>\n<p><strong>Cele partnerstwa<\/strong><br \/>Wsp\u00f3lnie z liderem projektu \u2013 Narodowym Instytutem Dziedzictwa oraz pozosta\u0142ymi partnerami, czyli Departamentem Ochrony Zabytk\u00f3w Ministerstwa Kultury i Dziedzictwa Narodowego oraz Pa\u0144stwowym Funduszem Rehabilitacji Os\u00f3b Niepe\u0142nosprawnych nale\u017cy:<\/p>\n<ul>\n<li><strong>przygotowa\u0107 wniosek o dofinansowanie projektu, dotycz\u0105cego zwi\u0119kszenia dost\u0119pno\u015bci architektonicznej obiekt\u00f3w zabytkowych pe\u0142ni\u0105cych funkcje publiczne;<\/strong><\/li>\n<li><strong>zrealizowa\u0107 projekt po otrzymaniu dofinansowania ze \u015brodk\u00f3w Programu Fundusze Europejskie dla Rozwoju Spo\u0142ecznego 2021-2027.<\/strong><\/li>\n<\/ul>\n<p>Narodowy Instytut Dziedzictwa b\u0119dzie jednocze\u015bnie sprawowa\u0142 nadz\u00f3r merytoryczny nad projektem oraz wyznacza\u0142 kierunki dzia\u0142a\u0144.<\/p>\n<p><strong>Za\u0142\u0105czniki<\/strong><\/p>\n<p>Wi\u0119cej informacji na temat wymaga\u0144 dotycz\u0105cych partnera, przysz\u0142ych zada\u0144 do realizacji oraz dokument\u00f3w niezb\u0119dnych do przygotowania i z\u0142o\u017cenia oferty tutaj.<\/p>\n<p><a class=\"attachment\" href=\"https:\/\/nid.pl\/wp-content\/uploads\/2025\/02\/Ogloszenie-o-naborze-podpisane.pdf\" target=\"_blank\" rel=\"noopener\" title=\"Link zostanie otwarty w nowym oknie\">Og\u0142oszenie o naborze (PDF)<\/a><\/p>\n<p><a class=\"attachment\" href=\"https:\/\/nid.pl\/wp-content\/uploads\/2025\/02\/Zalacznik-nr-1-Fiszka-Projektu-Dostepnosc-i-Dziedzictwo.pdf\" target=\"_blank\" rel=\"noopener\" title=\"Link zostanie otwarty w nowym oknie\">Za\u0142\u0105cznik nr 1 \u2013 Fiszka Projektu Dost\u0119pno\u015b\u0107 i Dziedzictwo<\/a><\/p>\n<p><a class=\"attachment\" href=\"https:\/\/nid.pl\/wp-content\/uploads\/2025\/02\/Zalacznik-nr-2-Formularz-ofertowy.docx\" target=\"_blank\" rel=\"noopener\" title=\"Pobierz plik\">Za\u0142\u0105cznik nr 2 \u2013 Formularz ofertowy (.docx)<\/a><\/p>\n<p><strong>Termin<\/strong><br \/>Ofert\u0119 wraz z za\u0142\u0105cznikami nale\u017cy z\u0142o\u017cy\u0107 w nieprzekraczalnym terminie <strong>do 10 marca br.<\/strong><\/p>\n<p>za po\u015brednictwem skrzynki ePUAP Narodowego instytut Dziedzictwa (\/NID\/SkrytkaESP) lub<br \/>na adres poczty elektronicznej: <a href=\"mailto:did@nid.pl\">did@nid.pl<\/a>.<\/p>\n<p><strong>UWAGA! Oferty z\u0142o\u017cone po up\u0142ywie wskazanego terminu nie b\u0119d\u0105 rozpatrywane.<\/strong><\/p>\n<p><strong>\u00a0<\/strong><\/p>\n<p><strong><\/strong><\/p>\n<p>[\/et_pb_accordion_item][et_pb_accordion_item title=&#8221;Narodowy Instytut Dziedzictwa og\u0142asza otwarty nab\u00f3r gmin do Projektu Partnerskiego \u201eDziedzictwo kulturowe w rewitalizacji\u201d.&#8221; _builder_version=&#8221;4.27.4&#8243; _module_preset=&#8221;default&#8221; custom_margin=&#8221;||-5px||false|false&#8221; global_colors_info=&#8221;{}&#8221; toggle_font=&#8221;|600|||||||&#8221; open=&#8221;off&#8221;]<\/p>\n<p style=\"text-align: right;\">Data publikacji:<span>\u00a0<\/span><strong>14 lutego 2025 r.<\/strong><\/p>\n<p style=\"text-align: left;\">Projekt Partnerski \u201eDziedzictwo kulturowe w rewitalizacji\u201d zak\u0142ada d\u0142ugoterminow\u0105 wsp\u00f3\u0142prac\u0119 z wybranymi 16 gminami uwzgl\u0119dniaj\u0105cymi dziedzictwo kulturowe jako potencja\u0142 w programowaniu i wdra\u017caniu rewitalizacji na podstawie Gminnego programu rewitalizacji. Jego celem jest udzielenie tym gminom indywidualnego wsparcia merytorycznego przez poszczeg\u00f3lne Centra Kompetencji ds. Rewitalizacji w Narodowym Instytucie Dziedzictwa.<strong><\/strong><\/p>\n<p>Do udzia\u0142u w naborze zaproszone s\u0105 gminy miejskie, miejsko-wiejskie i miasta na prawach powiatu, kt\u00f3re rozpocz\u0119\u0142y dzia\u0142ania na rzecz prowadzenia rewitalizacji zgodnie z Ustaw\u0105 o rewitalizacji z dnia 9 pa\u017adziernika 2015 r.<\/p>\n<p>W\u015br\u00f3d oferowanego wsparcia znajduje si\u0119:<br \/>a. P<strong>rzygotowanie opracowa\u0144 specjalistycznych z zakresu dziedzictwa kulturowego<\/strong>, m.in. opracowa\u0144 dotycz\u0105cych rozpoznania zasobu dziedzictwa kulturowego, analiz historycznych i konserwatorskich, bada\u0144 konserwatorskich, opinii, rekomendacji, wniosk\u00f3w konserwatorskich, studi\u00f3w ochrony warto\u015bci kulturowych. Opracowania mog\u0105 s\u0142u\u017cy\u0107 identyfikacji i rozpoznaniu materialnego i niematerialnego dziedzictwa kulturowego oraz przyczyni\u0107 si\u0119 do efektywnego wykorzystania jego potencja\u0142u na etapie programowania i wdra\u017cania rewitalizacji<\/p>\n<p>b.<span>\u00a0<\/span><strong>Doradztwo i konsultacje dotycz\u0105ce uwzgl\u0119dniania dziedzictwa kulturowego na r\u00f3\u017cnych etapach planowania i wdra\u017cania rewitalizacji<\/strong>, w szczeg\u00f3lno\u015bci w zakresie:<\/p>\n<p>\u2022 diagnozy potencja\u0142\u00f3w kulturowych jako elementu diagnozy s\u0142u\u017c\u0105cej wyznaczeniu obszaru zdegradowanego i obszaru rewitalizacji;<br \/>\u2022 delimitacji obszaru zdegradowanego i obszaru rewitalizacji w zakresie potrzeb ochrony zabytk\u00f3w i wykorzystania potencja\u0142u dziedzictwa kulturowego;<br \/>\u2022 wyznaczania wizji, cel\u00f3w i kierunk\u00f3w dzia\u0142a\u0144 rewitalizacji zwi\u0105zanych z dziedzictwem;<br \/>\u2022 planowania i wdra\u017cania przedsi\u0119wzi\u0119\u0107 rewitalizacyjnych zwi\u0105zanych z zabytkami (infrastrukturalnych, architektonicznych, konserwatorskich, adaptacji obiekt\u00f3w do nowych funkcji);<br \/>\u2022 planowania i wdra\u017cania przedsi\u0119wzi\u0119\u0107 rewitalizacyjnych zwi\u0105zanych z lokaln\u0105 kultur\u0105 i tradycj\u0105, wykorzystaniem niematerialnego dziedzictwa kulturowego.<\/p>\n<p>c.<span>\u00a0<\/span><strong>Organizacja spotka\u0144 edukacyjnych:<\/strong><span>\u00a0<\/span>Dla ka\u017cdej gminy zostanie zorganizowane co najmniej jedno spotkanie edukacyjne o charakterze og\u00f3lnym, dotycz\u0105ce uwzgl\u0119dniania dziedzictwa kulturowego w procesie rewitalizacji oraz dodatkowe dzia\u0142ania edukacyjne odpowiadaj\u0105ce na zidentyfikowane, szczeg\u00f3lne potrzeby danej gminy w tym zakresie, obejmuj\u0105ce np. zagadnienia zwi\u0105zane z zieleni\u0105 zabytkow\u0105 czy dzia\u0142aniami partycypacyjnymi prowadzonymi w oparciu o lokalne dziedzictwo.<\/p>\n<p>d.<span>\u00a0<\/span><strong>Sieciowanie gmin obj\u0119tych Projektem Partnerskim<\/strong>: Sieciowanie gmin bior\u0105cych udzia\u0142 w projekcie, zapewniaj\u0105ce wymian\u0119 wiedzy i prezentacj\u0119 dobrych praktyk mi\u0119dzy gminami \u2013 wizyty studyjne\/spotkania. Ich celem b\u0119dzie zapoznanie uczestnik\u00f3w z dobrymi praktykami i przyk\u0142adami uwzgl\u0119dniania potencja\u0142u dziedzictwa kulturowego w programowaniu i wdra\u017caniu rewitalizacji, wsparcie w nawi\u0105zywaniu kontakt\u00f3w i wsp\u00f3\u0142pracy mi\u0119dzy gminami prowadz\u0105cymi rewitalizacj\u0119.<\/p>\n<p>Realizowane wsparcie pozwoli przedstawicielom wybranej w ramach naboru gminy zaplanowa\u0107 lub zrealizowa\u0107 przy wsparciu Centr\u00f3w Kompetencji NID ds. rewitalizacji przedsi\u0119wzi\u0119cie uwzgl\u0119dniaj\u0105ce potencja\u0142 lokalnego dziedzictwa kulturowego w rewitalizacji b\u0119d\u0105ce modelowym rozwi\u0105zaniem w prowadzeniu rewitalizacji z wykorzystaniem dziedzictwa kulturowego.<\/p>\n<p>Zg\u0142oszenie nale\u017cy sk\u0142ada\u0107 w formie elektronicznej przez ePUAP do NID, na formularzu zg\u0142oszeniowym wed\u0142ug wzoru za\u0142\u0105czonego do niniejszego og\u0142oszenia (za\u0142\u0105cznik nr 1) w<span>\u00a0<\/span><strong>nie przekraczalnym terminie do dnia 31 marca 2025 r.<\/strong><\/p>\n<p><strong>Nab\u00f3r zostanie rozstrzygni\u0119ty do dnia 30 kwietnia 2025 r.<\/strong><\/p>\n<p>Wszystkie informacje dotycz\u0105ce naboru znajduj\u0105 si\u0119 w za\u0142\u0105czonych dokumentach: Regulaminie naboru oraz Formularzu zg\u0142oszeniowym.<\/p>\n<p>&nbsp;<\/p>\n<p><strong>Download<\/strong><\/p>\n<p><a class=\"attachment\" href=\"https:\/\/nid.pl\/wp-content\/uploads\/2025\/02\/END_regulamin-nabor-gmin-rewitalizacja_Projekt-Partnerski_Rewitalizacja.pdf\" target=\"_blank\" rel=\"noopener\" title=\"Link zostanie otwarty w nowym oknie\">Regulamin naboru<\/a><\/p>\n<p><a class=\"attachment\" href=\"https:\/\/nid.pl\/wp-content\/uploads\/2025\/02\/END_zalacznik-numer-1_formularz-zgloszeniowy_Projekt-Partnerski_Rewitalizacja.docx\" target=\"_blank\" rel=\"noopener\" title=\"Pobierz plik w formacie .docx\">Formularz zg\u0142oszeniowy (za\u0142\u0105cznik nr 1 do Regulaminu)<\/a><\/p>\n<p>&nbsp;<\/p>\n<p>Projekt Partnerski na lata 2025-2027, realizowany jest w ramach Projektu \u201eCentra Kompetencji ds. Rewitalizacji w Narodowym Instytucie Dziedzictwa\u201d, kt\u00f3ry jest dofinansowany ze \u015brodk\u00f3w Programu Pomoc Techniczna dla Funduszy Europejskich na lata 2021-2027.<\/p>\n<p>Projekt \u201eCentra Kompetencji ds. Rewitalizacji w Narodowym Instytucie Dziedzictwa\u201d jest komplementarny z Projektem \u201eRegiony Rewitalizacji Edycja 3.0\u201d, realizowanym przez Urz\u0119dy Marsza\u0142kowskie we wsp\u00f3\u0142pracy z Ministerstwem Funduszy i Polityki Regionalnej, dofinansowanym z Programu Pomoc Techniczna dla Funduszy Europejskich 2021-2027. Informacje o dzia\u0142aniach realizowanych w ramach ww. projekt\u00f3w s\u0105 dost\u0119pne na stronie samorzad.nid.pl<span>\u00a0<\/span><a href=\"https:\/\/samorzad.nid.pl\/rewitalizacja\/o-projekcie\/\" target=\"_blank\" rel=\"noopener\" title=\"Link zostanie otwarty w nowym oknie\">https:\/\/samorzad.nid.pl\/rewitalizacja\/o-projekcie\/<\/a><span>\u00a0<\/span>oraz na stronie Krajowego Centrum Wiedzy o Rewitalizacji<span>\u00a0<\/span><a href=\"https:\/\/www.funduszeeuropejskie.gov.pl\/strony\/o-funduszach\/rewitalizacja\/\" target=\"_blank\" rel=\"noopener\" title=\"Link zostanie otwarty w nowym oknie\">https:\/\/www.funduszeeuropejskie.gov.pl\/strony\/o-funduszach\/rewitalizacja\/<\/a>.<\/p>\n<p>&nbsp;<\/p>\n<p><strong>#FunduszeUE #WsparcieJST #RewitalizacjaCentraKompetencjiNID<\/strong><\/p>\n<p>&nbsp;<\/p>\n<p>&nbsp;<\/p>\n<p><img loading=\"lazy\" decoding=\"async\" src=\"https:\/\/nid.pl\/wp-content\/uploads\/2024\/10\/belka-Centra-ds.-Rewitalizacji-2021-2027.png\" width=\"1097\" height=\"137\" alt=\"\" class=\"wp-image-22687 aligncenter size-full\" srcset=\"https:\/\/nid.pl\/wp-content\/uploads\/2024\/10\/belka-Centra-ds.-Rewitalizacji-2021-2027-980x122.png 980w, https:\/\/nid.pl\/wp-content\/uploads\/2024\/10\/belka-Centra-ds.-Rewitalizacji-2021-2027-480x60.png 480w\" sizes=\"(min-width: 0px) and (max-width: 480px) 480px, (min-width: 481px) and (max-width: 980px) 980px, (min-width: 981px) 1097px, 100vw\" \/><\/p>\n<p>[\/et_pb_accordion_item][\/et_pb_accordion][et_pb_divider _builder_version=&#8221;4.27.4&#8243; _module_preset=&#8221;default&#8221; custom_margin=&#8221;||19px|||&#8221; global_colors_info=&#8221;{}&#8221;][\/et_pb_divider][et_pb_text _builder_version=&#8221;4.27.3&#8243; _module_preset=&#8221;default&#8221; min_height=&#8221;38.8px&#8221; custom_margin=&#8221;||9px|||&#8221; locked=&#8221;off&#8221; global_colors_info=&#8221;{}&#8221;]<\/p>\n<h4><span style=\"color: #808080;\"><strong>2024<\/strong><\/span><\/h4>\n<p>[\/et_pb_text][et_pb_accordion open_toggle_text_color=&#8221;#e52330&#8243; icon_color=&#8221;#e52330&#8243; _builder_version=&#8221;4.27.4&#8243; _module_preset=&#8221;default&#8221; toggle_level=&#8221;h6&#8243; toggle_font=&#8221;|700|||||||&#8221; custom_margin=&#8221;||0px||false|false&#8221; global_colors_info=&#8221;{}&#8221;][et_pb_accordion_item title=&#8221;Narodowy Instytut Dziedzictwa zaprasza do z\u0142o\u017cenia oferty na wykonanie zam\u00f3wienia polegaj\u0105cego na dostawie 5-letniej licencji na system zarz\u0105dzania procesami i dzia\u0142aniami\/projektami.&#8221; open=&#8221;on&#8221; _builder_version=&#8221;4.27.4&#8243; _module_preset=&#8221;default&#8221; custom_margin=&#8221;||0px||false|false&#8221; global_colors_info=&#8221;{}&#8221;]<\/p>\n<p style=\"text-align: right;\">Data publikacji : <b>10.12.2024 r.\u00a0<\/b><\/p>\n<p>Narodowy Instytut Dziedzictwa zaprasza do z\u0142o\u017cenia oferty <span>na wykonanie zam\u00f3wienia polegaj\u0105cego na dostawie<\/span> 5-letniej licencji na system zarz\u0105dzania procesami i dzia\u0142aniami\/projektami.<\/p>\n<p><span><\/span><\/p>\n<p><strong>Download<\/strong><\/p>\n<p><strong><a class=\"attachment\" href=\"https:\/\/nid.pl\/wp-content\/uploads\/2024\/12\/zapytanie-ofertowe_licencja-na-system-zarzadzania-procesami-i-dzialaniami-projektami.pdf\" target=\"_blank\" rel=\"noopener\" title=\"Plik zostanie otwarty w nowym oknie\">Zaproszenie do z\u0142o\u017cenia oferty &#8211; licencja na system zarz\u0105dzania procesami i dzia\u0142aniami\/projektami (.pdf)<\/a><\/strong><\/p>\n<p><strong> <a class=\"attachment\" href=\"https:\/\/nid.pl\/wp-content\/uploads\/2024\/12\/zapytanie-ofertowe_licencja-na-system-zarzadzania-procesami-i-dzialaniami-projektami.docx\" target=\"_blank\" rel=\"noopener\" title=\"Plik zostanie otwarty w nowym oknie\">Zaproszenie do z\u0142o\u017cenia oferty &#8211; licencja na system zarz\u0105dzania procesami i dzia\u0142aniami\/projektami (.docx)<\/a><\/strong><\/p>\n<p>&nbsp;<\/p>\n<p>[\/et_pb_accordion_item][et_pb_accordion_item title=&#8221;Narodowy Instytut Dziedzictwa zaprasza do z\u0142o\u017cenia ofert na wykonanie zam\u00f3wienia polegaj\u0105cego na: \u015bwiadczeniu us\u0142ug kompleksowego sprz\u0105tania i utrzymania czysto\u015bci pomieszcze\u0144 biurowych, sanitariat\u00f3w, korytarzy oraz cz\u0119\u015bci wsp\u00f3lnych w poni\u017cej wyszczeg\u00f3lnionych lokalizacjach Narodowego Instytutu Dziedzictwa&#8221; _builder_version=&#8221;4.27.3&#8243; _module_preset=&#8221;default&#8221; custom_margin=&#8221;||0px||false|false&#8221; global_colors_info=&#8221;{}&#8221; open=&#8221;off&#8221;]<\/p>\n<p style=\"text-align: right;\">Data publikacji : <b>19.11.2024 r.\u00a0<\/b><\/p>\n<p>Narodowy Instytut Dziedzictwa zaprasza do z\u0142o\u017cenia ofert na wykonanie zam\u00f3wienia polegaj\u0105cego na: \u015bwiadczeniu us\u0142ug kompleksowego sprz\u0105tania i utrzymania czysto\u015bci pomieszcze\u0144 biurowych, sanitariat\u00f3w, korytarzy oraz cz\u0119\u015bci wsp\u00f3lnych w poni\u017cej wyszczeg\u00f3lnionych lokalizacjach Narodowego Instytutu Dziedzictwa:<\/p>\n<p style=\"padding-left: 40px;\">I. Oddzia\u0142 Terenowy w Gda\u0144sku, ul. \u015aw. Tr\u00f3jcy 5, kod pocztowy 80-822<br \/>II. Oddzia\u0142 Terenowy w Krakowie, ul. \u015aw. Tomasza 8, kod pocztowy 31-014<br \/>III. Oddzia\u0142 Terenowy w Lublinie, ul. Krakowskie Przedmie\u015bcie 10 \/ Przechodnia 2\/4, kod pocztowy 20-002<br \/>IV. Oddzia\u0142 Terenowy w \u0141odzi, ul. Rewolucji 1905 r. 9 lok. 4U, kod pocztowy 90-273<br \/>V. Oddzia\u0142 Terenowy w Rzeszowie, ul. Hetma\u0144ska 15, kod pocztowy 35-045<br \/>VI. Oddzia\u0142 Terenowy w Toruniu, ul. Rabia\u0144ska 21, kod pocztowy 87-100<br \/>VII. Oddzia\u0142 Terenowy w Zielonej G\u00f3rze, ul. Boles\u0142awa Chrobrego 16 (3\/4), kod pocztowy 65-052<\/p>\n<p><span><\/span><\/p>\n<p><strong>Download<\/strong><\/p>\n<p><strong><a class=\"attachment\" href=\"https:\/\/nid.pl\/wp-content\/uploads\/2024\/11\/Zapytanie-ofertowe-sprzatanie-pomieszczen-lokalizacje-nid.docx\" target=\"_blank\" rel=\"noopener\" title=\"Plik zostanie otwarty w nowym oknie\">Zapytanie ofertowe (docx)<\/a><\/strong><\/p>\n<p><strong> <a class=\"attachment\" href=\"https:\/\/nid.pl\/wp-content\/uploads\/2024\/11\/Formularz-ofertowy-sprzatanie-pomieszczen-lokalizacje-nid.docx\" target=\"_blank\" rel=\"noopener\" title=\"Plik zostanie otwarty w nowym oknie\">Formularz ofertowy (docx)<\/a><\/strong><\/p>\n<p><strong><a class=\"attachment\" href=\"https:\/\/nid.pl\/wp-content\/uploads\/2024\/11\/2024-11-22_Sprostowanie-do-zapytania-ofertowego.pdf\" target=\"_blank\" rel=\"noopener\" title=\"Plik zostanie otwarty w nowym oknie\">Sprostowanie do zapytania ofertowego<\/a><\/strong><\/p>\n<p><strong><a class=\"attachment\" href=\"https:\/\/nid.pl\/wp-content\/uploads\/2024\/11\/2024-11-22_Odpowiedzi-NID-pytania-dot-OT-w-Rzeszowie.pdf\" target=\"_blank\" rel=\"noopener\" title=\"Plik zostanie otwarty w nowym oknie\">Odpowiedzi NID na zadane pytania dotycz\u0105ce Oddzia\u0142u Terenowego w Rzeszowie<\/a><\/strong><\/p>\n<p>&nbsp;<\/p>\n<p>[\/et_pb_accordion_item][et_pb_accordion_item title=&#8221;Narodowy Instytut Dziedzictwa zaprasza do z\u0142o\u017cenia ofert na wykonanie zam\u00f3wienia polegaj\u0105cego na sprzeda\u017cy 2 subskrypcji rocznych na oprogramowanie PointCab Origins Pro + wtyczka 4AutoCAD + pakiet wsparcia premium. &#8221; _builder_version=&#8221;4.27.3&#8243; _module_preset=&#8221;default&#8221; custom_margin=&#8221;||0px||false|false&#8221; global_colors_info=&#8221;{}&#8221; open=&#8221;off&#8221;]<\/p>\n<p style=\"text-align: right;\">Data publikacji : <b>19.11.2024 r.\u00a0<\/b><\/p>\n<p>Narodowy Instytut Dziedzictwa zaprasza do z\u0142o\u017cenia ofert na wykonanie zam\u00f3wienia polegaj\u0105cego na sprzeda\u017cy 2 subskrypcji rocznych na oprogramowanie PointCab Origins Pro + wtyczka 4AutoCAD + pakiet wsparcia premium.<\/p>\n<p><span><\/span><\/p>\n<p><strong>Download<\/strong><\/p>\n<p><strong><a class=\"attachment\" href=\"https:\/\/nid.pl\/wp-content\/uploads\/2024\/11\/Zaproszenie-do-zlozenia-oferty-na-oprogramowanie-PointCab.pdf\" target=\"_blank\" rel=\"noopener\" title=\"Plik zostanie otwarty w nowym oknie\">Zaproszenie do z\u0142o\u017cenia oferty na oprogramowanie PointCab (pdf)<\/a><\/strong><\/p>\n<p><strong> <a class=\"attachment\" href=\"https:\/\/nid.pl\/wp-content\/uploads\/2024\/11\/Zaproszenie-Formularz-ofertowy-oprogramowanie-PointCab.docx\" target=\"_blank\" rel=\"noopener\" title=\"Plik zostanie otwarty w nowym oknie\">Zaproszenie do z\u0142o\u017cenia oferty na oprogramowanie PointCab (docx)<\/a><\/strong><\/p>\n<p>&nbsp;<\/p>\n<p>[\/et_pb_accordion_item][et_pb_accordion_item title=&#8221;Narodowy Instytut Dziedzictwa zaprasza do z\u0142o\u017cenia ofert na: \u015bwiadczenie us\u0142ug na rzecz NID zwi\u0105zanych z piel\u0119gnacj\u0105 i utrzymaniem rabat kwiatowych, ro\u015blin ozdobnych oraz przestrzeni parkowej w Zespole Pa\u0142acowo-Parkowym w Trzebinach.&#8221; _builder_version=&#8221;4.27.3&#8243; _module_preset=&#8221;default&#8221; custom_margin=&#8221;||0px||false|false&#8221; global_colors_info=&#8221;{}&#8221; open=&#8221;off&#8221;]<\/p>\n<p style=\"text-align: right;\">Data publikacji : <b>19.11.2024 r.\u00a0<\/b><\/p>\n<p>Narodowy Instytut Dziedzictwa zaprasza do z\u0142o\u017cenia ofert na: \u015bwiadczenie us\u0142ug na rzecz NID zwi\u0105zanych z piel\u0119gnacj\u0105 i utrzymaniem rabat kwiatowych, ro\u015blin ozdobnych oraz przestrzeni parkowej w Zespole Pa\u0142acowo-Parkowym w Trzebinach.<\/p>\n<p><span><\/span><\/p>\n<p><strong>Download<\/strong><\/p>\n<p><strong><a class=\"attachment\" href=\"https:\/\/nid.pl\/wp-content\/uploads\/2024\/11\/Zapytanie-ofertowe_pielegnacja-i-utrzymanie-roslin-ozdob-oraz-przestrzeni-park-ZPP-Trzebiny.pdf\" target=\"_blank\" rel=\"noopener\" title=\"Plik zostanie otwarty w nowym oknie\">Zapytanie ofertowe (pdf) <\/a><\/strong><\/p>\n<p><strong> <a class=\"attachment\" href=\"https:\/\/nid.pl\/wp-content\/uploads\/2024\/11\/Zalacznik-nr-1_pielegnacja-i-utrzymanie-roslin-ozdob-oraz-przestrzeni-park-ZPP-Trzebiny.pdf\" target=\"_blank\" rel=\"noopener\" title=\"Plik zostanie otwarty w nowym oknie\">Za\u0142\u0105cznik nr 1 &#8211; Opis przedmiotu zam\u00f3wienia i przyk\u0142adowy harmonogram (pdf) <\/a><\/strong><\/p>\n<p><strong> <a class=\"attachment\" href=\"https:\/\/nid.pl\/wp-content\/uploads\/2024\/11\/Formularz-ofertowy_pielegnacja-i-utrzymanie-roslin-ozdob-oraz-przestrzeni-park-ZPP-Trzebiny.docx\" target=\"_blank\" rel=\"noopener\" title=\"Plik zostanie otwarty w nowym oknie\">Formularz ofertowy (docx) <\/a><\/strong><\/p>\n<p>&nbsp;<\/p>\n<p>[\/et_pb_accordion_item][et_pb_accordion_item title=&#8221;Narodowy Instytut Dziedzictwa zaprasza do z\u0142o\u017cenia ofert na: \u015bwiadczenie us\u0142ug na rzecz Narodowego Instytutu Dziedzictwa &#8211; Zespo\u0142u Pa\u0142acowo-Parkowego w Trzebinach, obejmuj\u0105cych utrzymanie teren\u00f3w zielonych, prace porz\u0105dkowe oraz obs\u0142ug\u0119 kot\u0142owni centralnego ogrzewania w sezonie grzewczym&#8221; _builder_version=&#8221;4.27.3&#8243; _module_preset=&#8221;default&#8221; custom_margin=&#8221;||0px||false|false&#8221; global_colors_info=&#8221;{}&#8221; open=&#8221;off&#8221;]<\/p>\n<p style=\"text-align: right;\">Data publikacji : <b>19.11.2024 r.\u00a0<\/b><\/p>\n<p><span>Narodowy Instytut Dziedzictwa zaprasza do z\u0142o\u017cenia ofert na: \u015bwiadczenie us\u0142ug na rzecz Narodowego Instytutu Dziedzictwa &#8211; Zespo\u0142u Pa\u0142acowo-Parkowego w Trzebinach, obejmuj\u0105cych utrzymanie teren\u00f3w zielonych, prace porz\u0105dkowe oraz obs\u0142ug\u0119 kot\u0142owni centralnego ogrzewania w sezonie grzewczym.<\/span><\/p>\n<p><span><\/span><\/p>\n<p><strong>Download<\/strong><\/p>\n<p><strong><a class=\"attachment\" href=\"https:\/\/nid.pl\/wp-content\/uploads\/2024\/11\/Zapytanie-ofertowe_utrzymanie-ter-zielonych-prace-porzadkowe-obsluga-kotlowni-ZPP-Trzebiny.pdf\" target=\"_blank\" rel=\"noopener\" title=\"Plik zostanie otwarty w nowym oknie\">Zapytanie ofertowe (pdf) <\/a><\/strong><\/p>\n<p><strong> <a class=\"attachment\" href=\"https:\/\/nid.pl\/wp-content\/uploads\/2024\/11\/Zalacznik-1_utrzymanie-ter-zielonych-prace-porzadkowe-obsluga-kotlowni-ZPP-Trzebiny.pdf\" target=\"_blank\" rel=\"noopener\" title=\"Plik zostanie otwarty w nowym oknie\">Za\u0142\u0105cznik nr 1 &#8211; Opis przedmiotu zam\u00f3wienia i przyk\u0142adowy harmonogram (pdf) <\/a><\/strong><\/p>\n<p><strong> <a class=\"attachment\" href=\"https:\/\/nid.pl\/wp-content\/uploads\/2024\/11\/Formularz-ofertowy_utrzymanie-ter-zielonych-prace-porzadkowe-obsluga-kotlowni-ZPP-Trzebiny.docx\" target=\"_blank\" rel=\"noopener\" title=\"Plik zostanie otwarty w nowym oknie\">Formularz ofertowy (docx) <\/a><\/strong><\/p>\n<p>&nbsp;<\/p>\n<p>[\/et_pb_accordion_item][et_pb_accordion_item title=&#8221;Og\u0142oszenie wynik\u00f3w naboru w programie \u201eNiematerialne \u2013 przeka\u017c dalej\u201d w 2024 r.&#8221; _builder_version=&#8221;4.27.3&#8243; _module_preset=&#8221;default&#8221; custom_margin=&#8221;||0px||false|false&#8221; global_colors_info=&#8221;{}&#8221; open=&#8221;off&#8221;]<\/p>\n<p style=\"text-align: right;\">Data publikacji: <b>1.08.2024 r.\u00a0<\/b><\/p>\n<p><strong>W ramach przeprowadzonego naboru do 22 maja br. z\u0142o\u017cono 81 wniosk\u00f3w o dofinansowanie, na \u0142\u0105czn\u0105 kwot\u0119 ponad 2,3 mln z\u0142. Po przeprowadzeniu procedury oceny wniosk\u00f3w zgodnie z warunkami i kryteriami okre\u015blonymi w regulaminie programu, dofinansowanie otrzyma\u0142o 19 zada\u0144.<\/strong><br \/><strong><\/strong><\/p>\n<p>W ramach prowadzonego naboru wniosk\u00f3w, do <strong>22 maja 2024 roku do NID z\u0142o\u017cono <\/strong>\u0142\u0105cznie <strong>81 wniosk\u00f3w <\/strong>o dofinansowanie,<strong> na \u0142\u0105czn\u0105 kwot\u0119 ponad 2,3 mln. z\u0142.<\/strong><\/p>\n<p>Wnioski zosta\u0142y sprawdzone i ocenione zgodnie z wymogami i kryteriami okre\u015blonymi w Regulaminie Programu. <strong>Po ocenie formalnej, 18 wniosk\u00f3w zosta\u0142o odrzuconych z powodu nie spe\u0142niania<\/strong> okre\u015blonych w nim <strong>wymog\u00f3w<\/strong>. <strong>Pozosta\u0142e 63 wnioski przesz\u0142y pe\u0142en proces oceny punktowej.<\/strong><\/p>\n<p>Oceny warto\u015bci merytorycznej projekt\u00f3w dokona\u0142 Zesp\u00f3\u0142 steruj\u0105cy, sk\u0142adaj\u0105cy si\u0119 z ekspert\u00f3w w dziedzinie dziedzictwa niematerialnego. Druga cz\u0119\u015b\u0107 oceny \u2013 pod k\u0105tem strategicznej zgodno\u015bci z celami programu oraz organizacyjnych warunk\u00f3w i mo\u017cliwo\u015bci wykonania zada\u0144 \u2013 zosta\u0142a wykonana w Narodowym Instytucie Dziedzictwa.<\/p>\n<p>Zgodnie z regulaminem programu, dofinansowanie mo\u017ce by\u0107 przyznane zadaniom, kt\u00f3re w wyniku oceny otrzyma\u0142y co najmniej 70 pkt. Tak\u0105 ocen\u0119 uzyska\u0142o 29 wniosk\u00f3w, jednak \u015brodki przeznaczone na dofinansowania w ramach programu (500 000 z\u0142) by\u0142y niewystarczaj\u0105ce do wsparcia realizacji wszystkich tych zada\u0144.<\/p>\n<p>Przy rozpatrywaniu wniosk\u00f3w z\u0142o\u017conych do program\u00f3w dotacyjnych Narodowy Instytut Dziedzictwa od lat kieruje si\u0119 zasad\u0105 przyznawania dofinansowania na realizacj\u0119 zada\u0144 w takiej wysoko\u015bci, by pozwoli\u0142a Beneficjentowi na jak najpe\u0142niejsze wykonanie za\u0142o\u017conych cel\u00f3w i wska\u017anik\u00f3w. W zwi\u0105zku z tym, na podstawie \u00a7 10 ust. 16 regulaminu programu, Dyrektor NID podj\u0119\u0142a decyzj\u0119 o podniesieniu progu punktowego do 78 pkt., zatem <strong>dofinansowanie otrzyma\u0142o 19 zada\u0144<\/strong>.<strong><\/strong><\/p>\n<p><strong>Download<\/strong><br \/><strong>1. <a href=\"https:\/\/nid.pl\/wp-content\/uploads\/2024\/08\/Niematerialne-przekaz-dalej_Wyniki-naboru-2024.pdf\" target=\"_blank\" rel=\"noopener\" title=\"Plik zostanie otwarty w nowym oknie\">Wyniki naboru wniosk\u00f3w 2024 (pdf)<\/a><\/strong><br \/><strong>2. <a href=\"https:\/\/nid.pl\/wp-content\/uploads\/2024\/08\/Niematerialne-przekaz-dalej_Sklad-Zespolu-sterujacego-2024.pdf\" target=\"_blank\" rel=\"noopener\" title=\"Plik zostanie otwarty w nowym oknie\">Sk\u0142ad Zespo\u0142u steruj\u0105cego 2024 (pdf)<\/a><\/strong><\/p>\n<p><strong><\/strong><\/p>\n<p>Program \u201eNiematerialne \u2013 przeka\u017c dalej\u201d jest finansowany ze \u015brodk\u00f3w Ministra Kultury i Dziedzictwa Narodowego<\/p>\n<p><img loading=\"lazy\" decoding=\"async\" src=\"https:\/\/nid.pl\/wp-content\/uploads\/2022\/10\/MKiDN-01-2022.png\" width=\"300\" height=\"93\" \/><\/p>\n<p>[\/et_pb_accordion_item][et_pb_accordion_item title=&#8221;Og\u0142oszenie wynik\u00f3w naboru w programie \u201eWsp\u00f3lnie dla dziedzictwa\u201d w 2024&#8243; _builder_version=&#8221;4.27.3&#8243; _module_preset=&#8221;default&#8221; custom_margin=&#8221;||0px||false|false&#8221; global_colors_info=&#8221;{}&#8221; open=&#8221;off&#8221;]<\/p>\n<p style=\"text-align: right;\">Data publikacji: <b>25.07.2024 r.\u00a0<\/b><\/p>\n<p><strong>W ramach naboru z\u0142o\u017cono 200 wniosk\u00f3w. Dofinansowanie otrzyma\u0142o 31 zada\u0144. <\/strong><br \/><strong>Z powodu b\u0142\u0119d\u00f3w formalnych odrzucono 81 wniosk\u00f3w.<\/strong><\/p>\n<p>Zgodnie z regulaminem programu, dofinansowanie mo\u017ce by\u0107 przyznane zadaniom, kt\u00f3rych \u0142\u0105czna ocena punktowa wynosi co najmniej 70 pkt. Tak\u0105 ocen\u0119 uzyska\u0142y 42 wnioski, jednak \u015brodki pozostaj\u0105ce w dyspozycji Narodowego Instytutu Dziedzictwa by\u0142y niewystarczaj\u0105ce na dofinansowanie wszystkich tych zada\u0144. W zwi\u0105zku z tym, na podstawie \u00a710 ust. 16 regulaminu programu, Dyrektor NID podj\u0105\u0142 decyzj\u0119 o podniesieniu progu punktowego do 75 pkt. Wobec powy\u017cszego <strong>dofinansowanie otrzyma\u0142o 31 zada\u0144.<\/strong><\/p>\n<p><strong><\/strong><\/p>\n<p><strong>Download<\/strong><br \/><strong>1. <a href=\"https:\/\/nid.pl\/wp-content\/uploads\/2024\/07\/Wyniki-naboru-program-Wspolnie-dla-dziedzictwa-2024.pdf\" target=\"_blank\" rel=\"noopener\" title=\"Plik zostanie otwarty w nowym oknie\">Wyniki naboru Wsp\u00f3lnie dla Dziedzictwa 2024 (pdf)<\/a><\/strong><br \/><strong>2. <a href=\"https:\/\/nid.pl\/wp-content\/uploads\/2024\/07\/Sklad-Zespolu-Sterujacego-Wspolnie-dla-dziedzictwa-2024.pdf\" target=\"_blank\" rel=\"noopener\" title=\"Plik zostanie otwarty w nowym oknie\">Sk\u0142ad Zespo\u0142u Steruj\u0105cego Wsp\u00f3lnie dla Dziedzictwa 2024 (pdf)<\/a><\/strong><\/p>\n<p><strong><\/strong><\/p>\n<p>Program Wsp\u00f3lnie dla dziedzictwa jest realizowany ze \u015brodk\u00f3w Ministra Kultury\u00a0i Dziedzictwa Narodowego.<\/p>\n<p><img loading=\"lazy\" decoding=\"async\" src=\"https:\/\/nid.pl\/wp-content\/uploads\/2022\/10\/MKiDN-01-2022.png\" width=\"300\" height=\"93\" \/><\/p>\n<p>[\/et_pb_accordion_item][et_pb_accordion_item title=&#8221;Komunikat: z dniem 10 czerwca 2024 r. dokonuje si\u0119 po\u0142\u0105czenia pa\u0144stwowych instytucji kultury: Narodowego Instytutu Dziedzictwa i Narodowego Instytutu Konserwacji Zabytk\u00f3w&#8221; _builder_version=&#8221;4.27.3&#8243; _module_preset=&#8221;default&#8221; custom_margin=&#8221;||0px||false|false&#8221; global_colors_info=&#8221;{}&#8221; open=&#8221;off&#8221;]<\/p>\n<p style=\"text-align: right;\">Data publikacji: <b>07.06.2024 r.\u00a0<\/b><\/p>\n<p><strong>Zarz\u0105dzeniem Ministra Kultury i Dziedzictwa Narodowego z dniem 10 czerwca 2024 r. dokonuje si\u0119 po\u0142\u0105czenia pa\u0144stwowych instytucji kultury: Narodowego Instytutu Dziedzictwa i Narodowego Instytutu Konserwacji Zabytk\u00f3w. Powsta\u0142a w wyniku po\u0142\u0105czenia pa\u0144stwowa instytucja kultury otrzymuje nazw\u0119: Narodowy Instytut Dziedzictwa<\/strong><\/p>\n<p>Na podstawie Zarz\u0105dzenia Ministra Kultury i Dziedzictwa Narodowego z dnia 17 maja 2024 roku opublikowanego w Dzienniku Urz\u0119dowym Ministra Kultury i Dziedzictwa Narodowego w dniu 20 maja 2024 roku, pod pozycj\u0105 58, zmienionym Zarz\u0105dzeniem Ministra Kultury i Dziedzictwa Narodowego z dnia 31 maja 2024 roku, opublikowanym w Dzienniku Urz\u0119dowym Ministra Kultury i Dziedzictwa Narodowego w dniu 31 maja 2024 roku, pod pozycj\u0105 67 z dniem 10 czerwca 2024 r. dokonuje si\u0119 po\u0142\u0105czenia pa\u0144stwowych instytucji kultury: Narodowego Instytutu Dziedzictwa i Narodowego Instytutu Konserwacji Zabytk\u00f3w.<\/p>\n<p>Powsta\u0142a w wyniku po\u0142\u0105czenia pa\u0144stwowa instytucja kultury otrzymuje nazw\u0119: <strong>Narodowy Instytut Dziedzictwa<\/strong><\/p>\n<p>Przej\u0119cie przez Narodowy Instytut Dziedzictwa mienia oraz zobowi\u0105za\u0144 i wierzytelno\u015bci \u0142\u0105czonych instytucji kultury nast\u0119puje z dniem ponownego wpisu Instytutu do rejestru instytucji kultury, prowadzonego przez ministra w\u0142a\u015bciwego do spraw kultury i ochrony dziedzictwa narodowego.<\/p>\n<p>Pracownicy \u0142\u0105czonych instytucji kultury staj\u0105 si\u0119 pracownikami Narodowego Instytutu Dziedzictwa i zachowuj\u0105 uprawnienia wynikaj\u0105ce ze stosunku pracy na podstawie art. 23<sup>1<\/sup> ustawy z dnia 26 czerwca 1974 r. \u2013 Kodeks pracy (t. j. Dz. U. z 2023 r. poz. 1465).<\/p>\n<p>Zmianie ulegn\u0105 nast\u0119puj\u0105ce dane Narodowego Instytutu Dziedzictwa:<\/p>\n<ul>\n<li>numer wpisu do rejestru instytucji kultury<\/li>\n<li>REGON<\/li>\n<li>NIP<\/li>\n<\/ul>\n<p>Wszelkie porozumienia i umowy zawarte z Narodowym Instytutem Dziedzictwa oraz Narodowym Instytutem Konserwacji Zabytk\u00f3w przed dniem 10 czerwca 2024 roku pozostaj\u0105 w mocy. Kontrahenci zostan\u0105 powiadomieni o nowych danych rejestrowych, niezw\u0142ocznie po ich nadaniu przez w\u0142a\u015bciwe organy. Informacje te zostan\u0105 r\u00f3wnie\u017c opublikowane na stronie nid.pl oraz bip.nid.pl.<\/p>\n<p>Zakres dzia\u0142alno\u015bci Narodowego Instytutu Dziedzictwa od dnia 10 czerwca 2024 roku okre\u015bla Statut Narodowego Instytutu Dziedzictwa stanowi\u0105cy za\u0142\u0105cznik do zarz\u0105dzenia Ministra Kultury i Dziedzictwa Narodowego z dnia 17 maja 2024 r. (poz. 59).<\/p>\n<p>&nbsp;<\/p>\n<p>Download<\/p>\n<p><a class=\"attachment\" href=\"https:\/\/nid.pl\/wp-content\/uploads\/2024\/05\/Dziennik-Urzedowy-MKiDN_poz.58-utworzenia-NID.pdf\" target=\"_blank\" rel=\"noopener\">Zarz\u0105dzenie Ministra Kultury i Dziedzictwa Narodowego z dnia 17 maja 2024 r. (poz. 58)<\/a><\/p>\n<p><a class=\"attachment\" href=\"https:\/\/nid.pl\/wp-content\/uploads\/2024\/05\/Dziennik-Urzedowy-MKiDN_poz.59_w-sprawie-nadania-statutu-NID.pdf\" target=\"_blank\" rel=\"noopener\">Zarz\u0105dzenie Ministra Kultury i Dziedzictwa Narodowego z dnia 17 maja 2024 r. (poz. 59)<\/a><\/p>\n<p><a class=\"attachment\" href=\"https:\/\/nid.pl\/wp-content\/uploads\/2024\/05\/Dziennik-Urzedowy-MKiDN_poz.67_zmiany-zarzadzenia-o-utworzeniu-NID.pdf\" target=\"_blank\" rel=\"noopener\">Zarz\u0105dzenie Ministra Kultury i Dziedzictwa Narodowego z dnia 31 maja 2024 r. (poz. 67)<\/a><\/p>\n<p><a class=\"attachment\" href=\"https:\/\/nid.pl\/wp-content\/uploads\/2024\/06\/Dziennik-Urzedowy-MKiDN_poz.68_w-sprawie-zmiany-statutu-NID.pdf\" target=\"_blank\" rel=\"noopener\">Zarz\u0105dzenie Ministra Kultury i Dziedzictwa Narodowego z dnia 31 maja 2024 r. (poz. 68)<\/a><\/p>\n<p>&nbsp;<\/p>\n<p>[\/et_pb_accordion_item][et_pb_accordion_item title=&#8221;Post\u0119powanie pn. %22Cykl letnich koncert\u00f3w w Parku Mu\u017cakowskim z Filharmoni\u0105 Zielonog\u00f3rsk\u0105%22&#8243; _builder_version=&#8221;4.27.3&#8243; _module_preset=&#8221;default&#8221; custom_margin=&#8221;||0px||false|false&#8221; global_colors_info=&#8221;{}&#8221; open=&#8221;off&#8221;]<\/p>\n<p><img loading=\"lazy\" decoding=\"async\" src=\"https:\/\/nid.pl\/wp-content\/uploads\/2023\/04\/Logo_NID_MKiDN_2023.png\" width=\"500\" height=\"93\" \/><\/p>\n<p style=\"text-align: right;\">Data publikacji: <b>26.04.2024 r.\u00a0<\/b><\/p>\n<p><strong>Narodowy Instytut dziedzictwa informuje o udzielanym zam\u00f3wieniu na dostawy i\/lub us\u0142ugi z zakresu dzia\u0142alno\u015bci kulturalnej pn. &#8220;Cykl letnich koncert\u00f3w w Parku Mu\u017cakowskim z Filharmoni\u0105 Zielonog\u00f3rsk\u0105&#8221;.<\/strong><\/p>\n<p><strong>I. Zamawiaj\u0105cy:<\/strong> Narodowy Instytut Dziedzictwa, z siedzib\u0105 w Warszawie (00-924), przy ul. Kopernika 36\/40, NIP 526-26-54-633, REGON 015263890<\/p>\n<p><strong>II. Podstawa Prawna udzielanego zam\u00f3wienia:<\/strong><\/p>\n<p>Art.\u00a011 ust. 5 pkt 2\u00a0ustawy Prawo zam\u00f3wie\u0144 publicznych<br \/>dostawa \/ us\u0142uga z zakresu dzia\u0142alno\u015bci kulturalnej z kategorii:<\/p>\n<ul>\n<li><strong><\/strong>Wystawy, koncerty, konkursy, festiwale, widowiska, spektakle teatralne<\/li>\n<li>Przedsi\u0119wzi\u0119cia z zakresu edukacji kulturalnej<\/li>\n<\/ul>\n<p><strong>III. Przedmiot zam\u00f3wienia:<\/strong><\/p>\n<p>Nazwa post\u0119powania: <strong>Cykl letnich koncert\u00f3w w Parku Mu\u017cakowskim\u00a0z Filharmoni\u0105 Zielonog\u00f3rsk\u0105<br \/><\/strong><\/p>\n<p>Okre\u015blenie przedmiotu oraz wielko\u015bci lub zakresu zam\u00f3wienia (np. parametry, spos\u00f3b i miejsce realizacji, termin realizacji, istotne postanowienia umowy): <strong><br \/><\/strong><\/p>\n<p><strong>Planowane s\u0105 trzy rodzaje koncert\u00f3w:<\/strong><\/p>\n<ul>\n<li>Kameralne koncerty na \u0142\u0105ce przy Punkcie Informacyjnym lub Domu Angielskim; czas trwania ok. 40 min, z uwzgl\u0119dnieniem 2 bis\u00f3w;<\/li>\n<li>Sobotnie kameralne koncerty przy Domu Angielskim, godz. 12:00, 14:00, 15:00; czas trwania ka\u017cdego ok. 20 min, z uwzgl\u0119dnieniem 1 bisu;<\/li>\n<li>Koncert\u00a0 na \u0141\u0105ce Rotha z udzia\u0142em publiczno\u015bci (1000 os.).<\/li>\n<\/ul>\n<p><strong>Kryteria oceny ofert: nie dotyczy<br \/><\/strong><\/p>\n<p>Termin i miejsce prowadzenia negocjacji: <strong>do dnia 30 kwietnia 2024 r. za po\u015brednictwem \u015brodk\u00f3w komunikacji elektronicznej.<br \/><\/strong><\/p>\n<p>Niezw\u0142ocznie po udzieleniu zam\u00f3wienia zamawiaj\u0105cy zamie\u015bci na stronie podmiotowej Biuletynu Informacji Publicznej, informacj\u0119 o udzieleniu zam\u00f3wienia, podaj\u0105c nazw\u0119 albo imi\u0119 i nazwisko podmiotu, z kt\u00f3rym zawar\u0142 umow\u0119 w sprawie zam\u00f3wienia publicznego.<\/p>\n<p>W razie nieudzielenia zam\u00f3wienia zamawiaj\u0105cy niezw\u0142ocznie zamie\u015bci na stronie podmiotowej Biuletynu Informacji Publicznej informacj\u0119 o nieudzieleniu zam\u00f3wienia.<\/p>\n<p>&nbsp;<\/p>\n<p><b><span>Download<br \/><\/span><\/b><\/p>\n<p><a class=\"attachment\" href=\"https:\/\/nid.pl\/wp-content\/uploads\/2024\/04\/ogloszenie_Cykl-letnich-koncertow-w-Parku-Muzakowskim-z-Filharmonia-Zielonogorska.docx\" target=\"_blank\" rel=\"noopener\" title=\"plik zostanie otwarty w nowym oknie\">Og\u0142oszenie o udzielanym zam\u00f3wieniu \u201eCykl letnich koncert\u00f3w w Parku Mu\u017cakowskim z Filharmoni\u0105 Zielonog\u00f3rsk\u0105\u201d<\/a><\/p>\n<p><b><span>\u00a0<\/span><\/b><\/p>\n<p>[\/et_pb_accordion_item][et_pb_accordion_item title=&#8221;Narodowy Instytut dziedzictwa og\u0142asza nab\u00f3r do programu %22Wsp\u00f3lnie dla dziedzictwa%22 w 2024 r&#8221; _builder_version=&#8221;4.27.3&#8243; _module_preset=&#8221;default&#8221; custom_margin=&#8221;||0px||false|false&#8221; global_colors_info=&#8221;{}&#8221; open=&#8221;off&#8221;]<\/p>\n<p><img loading=\"lazy\" decoding=\"async\" src=\"https:\/\/nid.pl\/wp-content\/uploads\/2023\/04\/Logo_NID_MKiDN_2023.png\" width=\"500\" height=\"93\" \/><\/p>\n<p style=\"text-align: right;\">Data publikacji: <strong>25.04.2024 r.\u00a0<\/strong><\/p>\n<p><strong>Narodowy Instytut dziedzictwa og\u0142asza nab\u00f3r do programu \u201eWsp\u00f3lnie dla dziedzictwa\u201d.<\/strong><\/p>\n<p>Jego celem jest tworzenie warunk\u00f3w do zr\u00f3wnowa\u017conej ochrony dziedzictwa kulturowego i wykorzystania jago warto\u015bci dla rozwoju spo\u0142ecznego obecnych i przysz\u0142ych pokole\u0144.<\/p>\n<p><strong>Program adresowany jest do organizacji pozarz\u0105dowych.<\/strong><\/p>\n<p>Aplikowanie odbywa si\u0119 za pomoc\u0105 platformy informatycznej Witkac &#8211; <a href=\"https:\/\/witkac.pl\/#\/contest\/view\/31256\" target=\"_blank\" rel=\"noopener\" title=\"Link zostanie otwarty w nowym oknie\">witkac.pl<\/a><br \/><strong>Nab\u00f3r wniosk\u00f3w do programu trwa do 27 maja 2024 r. do godz. 15.00.<\/strong><\/p>\n<p><b><span>Wi\u0119cej informacji: <a href=\"https:\/\/nid.pl\/en\/dotacje\/wspolnie-dla-dziedzictwa\/\" target=\"_blank\" rel=\"noopener\" title=\"Link zostanie otwarty w nowym oknie\"><strong>Dotacje\/Wsp\u00f3lnie dla dziedzictwa<\/strong><\/a><\/span><\/b><\/p>\n<p><b><span><\/span><\/b><\/p>\n<p><b><span>Download<br \/><\/span><\/b><\/p>\n<p><a class=\"attachment\" href=\"https:\/\/nid.pl\/wp-content\/uploads\/2024\/04\/Regulamin-programu-Wspolnie-dla-dziedzictwa-2024.pdf\" target=\"_blank\" rel=\"noopener noreferrer\" title=\"Plik zostanie otwarty w nowym oknie\">Regulamin Programu Wsp\u00f3lnie dla dziedzictwa 2024<\/a><\/p>\n<p><a class=\"attachment\" href=\"https:\/\/nid.pl\/wp-content\/uploads\/2024\/04\/Instrukcja-wypelniania-wniosku-WDD-2024.pdf\" target=\"_blank\" rel=\"noopener noreferrer\" title=\"Plik zostanie otwarty w nowym oknie\">Instrukcja wype\u0142niania wniosku WDD 2024<\/a><\/p>\n<p><b><span>\u00a0<\/span><\/b><\/p>\n<p>[\/et_pb_accordion_item][et_pb_accordion_item title=&#8221;Narodowy Instytut Dziedzictwa og\u0142asza nab\u00f3r wniosk\u00f3w do programu \u201eNiematerialne \u2013 przeka\u017c dalej\u201d. &#8221; _builder_version=&#8221;4.27.3&#8243; _module_preset=&#8221;default&#8221; custom_margin=&#8221;||0px||false|false&#8221; global_colors_info=&#8221;{}&#8221; open=&#8221;off&#8221;]<\/p>\n<p><img loading=\"lazy\" decoding=\"async\" src=\"https:\/\/nid.pl\/wp-content\/uploads\/2023\/04\/Logo_NID_MKiDN_2023.png\" width=\"500\" height=\"93\" \/><\/p>\n<p style=\"text-align: right;\">Data publikacji:<b> 22.04.2024 r.\u00a0<\/b><\/p>\n<p><strong>Narodowy Instytut Dziedzictwa og\u0142asza nab\u00f3r wniosk\u00f3w do programu \u201eNiematerialne \u2013 przeka\u017c dalej\u201d.<\/strong><\/p>\n<p>Celem programu jest wspieranie projekt\u00f3w s\u0142u\u017c\u0105cych wzmocnieniu przekazu pokoleniowego, ochrony i popularyzacji zjawisk wpisanych na Krajow\u0105 list\u0119 niematerialnego dziedzictwa kulturowego oraz praktyk wpisanych do Krajowego rejestru dobrych praktyk w ochronie niematerialnego dziedzictwa kulturowego.<\/p>\n<p>O dofinansowanie w ramach programu mog\u0105 ubiega\u0107 si\u0119:<br \/>a) organizacje pozarz\u0105dowe b\u0119d\u0105ce podmiotami prawa polskiego,<br \/>b) samorz\u0105dowe instytucje kultury, z wy\u0142\u0105czeniem wsp\u00f3\u0142prowadzonych przez Ministra Kultury i Dziedzictwa Narodowego,<br \/>c) ko\u015bcio\u0142y i zwi\u0105zki wyznaniowe.<br \/>Aplikowanie odbywa si\u0119 za pomoc\u0105 platformy informatycznej Witkac \u2013 <a href=\"https:\/\/witkac.pl\/#\/contest\/view?id=26155\" target=\"_blank\" rel=\"noopener\" title=\"Link zostanie otwarty w nowym oknie\">witkac.pl<\/a><\/p>\n<p><strong>Nab\u00f3r wniosk\u00f3w trwa od 22 kwietnia 2024 r. do 22 maja 2024 r. do godz. 15.00.<\/strong><br \/><b><span><\/span><\/b><\/p>\n<p><b><span>Wi\u0119cej informacji: <a href=\"https:\/\/nid.pl\/en\/dotacje\/niematerialne-przekaz-dalej\/\" target=\"_blank\" rel=\"noopener\" title=\"Link zostanie otwarty w nowym oknie\">Dotacje\/Niematerialne &#8211; przeka\u017c dalej<\/a><\/span><\/b><\/p>\n<p><b><span>Download<br \/><a href=\"https:\/\/nid.pl\/wp-content\/uploads\/2024\/04\/Regulamin-programu-Niematerialne-przekaz-dalej-2024.pdf\" target=\"_blank\" rel=\"noopener\" title=\"Link zostanie otwarty w nowym oknie\">Regulamin programu \u201eNiematerialne \u2013 przeka\u017c dalej\u201d 2024<\/a><br \/><a href=\"https:\/\/nid.pl\/wp-content\/uploads\/2024\/04\/Instrukcja-wypelniania-wniosku-Niematerialne-przekaz-dalej-2024.pdf\" target=\"_blank\" rel=\"noopener\" title=\"Link zostanie otwarty w nowym oknie\">Instrukcja wype\u0142niania wniosku \u201eNiematerialne \u2013 przeka\u017c dalej\u201d 2024<\/a><\/span><\/b><\/p>\n<p><b><span><\/span><\/b><\/p>\n<p>Program \u201eNiematerialne \u2013 przeka\u017c dalej\u201d jest realizowany ze \u015brodk\u00f3w Ministra Kultury i Dziedzictwa Narodowego<\/p>\n<p>&nbsp;<\/p>\n<p>[\/et_pb_accordion_item][\/et_pb_accordion][et_pb_divider _builder_version=&#8221;4.27.4&#8243; _module_preset=&#8221;default&#8221; custom_margin=&#8221;||44px|||&#8221; global_colors_info=&#8221;{}&#8221;][\/et_pb_divider][et_pb_text _builder_version=&#8221;4.27.3&#8243; _module_preset=&#8221;default&#8221; min_height=&#8221;35.8px&#8221; custom_margin=&#8221;||9px|||&#8221; locked=&#8221;off&#8221; global_colors_info=&#8221;{}&#8221;]<\/p>\n<h4><span style=\"color: #808080;\"><strong>2023<\/strong><\/span><\/h4>\n<p>[\/et_pb_text][et_pb_accordion open_toggle_text_color=&#8221;#e52330&#8243; icon_color=&#8221;#e52330&#8243; _builder_version=&#8221;4.27.3&#8243; _module_preset=&#8221;default&#8221; toggle_level=&#8221;h6&#8243; toggle_font=&#8221;|700|||||||&#8221; custom_margin=&#8221;||0px||false|false&#8221; global_colors_info=&#8221;{}&#8221;][et_pb_accordion_item title=&#8221;Og\u0142oszenie wynik\u00f3w naboru w programie Wsp\u00f3lnie dla Dziedzictwa w 2023 r.&#8221; open=&#8221;on&#8221; _builder_version=&#8221;4.27.3&#8243; _module_preset=&#8221;default&#8221; custom_margin=&#8221;||0px||false|false&#8221; global_colors_info=&#8221;{}&#8221;]<\/p>\n<p style=\"text-align: right;\">Data publikacji: <b>6.07.2023 r.\u00a0<\/b><\/p>\n<p>W ramach przeprowadzonego naboru od 14 kwietnia br. do 16 maja br. z\u0142o\u017cono 152 wnioski o dofinansowanie, na kwot\u0119 ponad 8,6 mln z\u0142.<\/p>\n<p>Wnioski zosta\u0142y sprawdzone i ocenione zgodnie z wymogami i kryteriami okre\u015blonymi w regulaminie programu. Po ocenie formalnej, 36 wniosk\u00f3w zosta\u0142o odrzuconych z powodu nie spe\u0142niania okre\u015blonych w nim wymog\u00f3w. Pozosta\u0142e wnioski w liczbie 116 przesz\u0142y pe\u0142en proces oceny punktowej.<\/p>\n<p>Oceny warto\u015bci merytorycznej projekt\u00f3w dokona\u0142 Zesp\u00f3\u0142 steruj\u0105cy, sk\u0142adaj\u0105cy si\u0119 z sze\u015bciu ekspert\u00f3w ds. dziedzictwa kulturowego. Druga cz\u0119\u015b\u0107 oceny \u2013 pod k\u0105tem strategicznej zgodno\u015bci z celami programu oraz organizacyjnych warunk\u00f3w i mo\u017cliwo\u015bci wykonania zada\u0144 \u2013 zosta\u0142a wykonana w Narodowym Instytucie Dziedzictwa.<\/p>\n<p>Zgodnie z regulaminem programu, dofinansowanie mo\u017ce by\u0107 przyznane zadaniom, kt\u00f3re w wyniku oceny otrzyma\u0142y, co najmniej 70 pkt. Tak\u0105 ocen\u0119 uzyska\u0142o 40 wniosk\u00f3w, jednak \u015brodki przeznaczone na dofinansowania w ramach programu (bud\u017cet programu 1 220 000 z\u0142) by\u0142y niewystarczaj\u0105ce do wsparcia realizacji wszystkich tych zada\u0144.<\/p>\n<p>Przy rozpatrywaniu wniosk\u00f3w z\u0142o\u017conych do program\u00f3w dotacyjnych Narodowy Instytut Dziedzictwa od lat kieruje si\u0119 zasad\u0105 przyznawania dofinansowania na realizacj\u0119 zada\u0144 w takiej wysoko\u015bci, by pozwoli\u0142a Beneficjentowi na jak najpe\u0142niejsze wykonanie za\u0142o\u017conych cel\u00f3w i wska\u017anik\u00f3w. W zwi\u0105zku z tym, na podstawie \u00a710 ust. 16 regulaminu programu, Dyrektor NID podj\u0119\u0142a decyzj\u0119 o podniesieniu progu punktowego do 77 pkt., zatem <strong>dofinansowanie otrzyma\u0142o 29 zada\u0144.<\/strong><\/p>\n<p><strong>Download<\/strong><br \/><strong>1. <a href=\"https:\/\/nid.pl\/wp-content\/uploads\/2023\/07\/Wyniki-naboru-programu-WDD-2023_03.07.2023.pdf\" target=\"_blank\" rel=\"noopener\" title=\"Plik zostanie otwarty w nowym oknie\">Wyniki naboru Wsp\u00f3lnie dla Dziedzictwa 2023<\/a><\/strong><br \/><strong>2. <a href=\"https:\/\/nid.pl\/wp-content\/uploads\/2023\/07\/Sklad-Zespolu-Sterujacego-programu-Wspolnie-dla-dziedzictwa-2023.pdf\" target=\"_blank\" rel=\"noopener\" title=\"Plik zostanie otwarty w nowym oknie\">Sk\u0142ad Zespo\u0142u Steruj\u0105cego Wsp\u00f3lnie dla Dziedzictwa 2023<\/a><\/strong><\/p>\n<p><strong><\/strong><\/p>\n<p>Program Wsp\u00f3lnie dla dziedzictwa jest realizowany ze \u015brodk\u00f3w Ministra Kultury\u00a0i Dziedzictwa Narodowego.<\/p>\n<p><img loading=\"lazy\" decoding=\"async\" src=\"https:\/\/nid.pl\/wp-content\/uploads\/2022\/10\/MKiDN-01-2022.png\" width=\"300\" height=\"93\" \/><\/p>\n<p>[\/et_pb_accordion_item][et_pb_accordion_item title=&#8221;Og\u0142oszenie wynik\u00f3w naboru w programie \u201eNiematerialne \u2013 przeka\u017c dalej\u201d w 2023 r.&#8221; _builder_version=&#8221;4.27.3&#8243; _module_preset=&#8221;default&#8221; custom_margin=&#8221;||0px||false|false&#8221; global_colors_info=&#8221;{}&#8221; open=&#8221;off&#8221;]<\/p>\n<p style=\"text-align: right;\">Data publikacji: <b>5.07.2023 r.\u00a0<\/b><\/p>\n<p><strong>W ramach przeprowadzonego naboru do 16 maja br. z\u0142o\u017cono 50 wniosk\u00f3w o dofinansowanie, na \u0142\u0105czn\u0105 kwot\u0119 ponad 1,8 mln z\u0142. Po przeprowadzeniu procedury oceny wniosk\u00f3w zgodnie z warunkami i kryteriami okre\u015blonymi w regulaminie programu, dofinansowanie otrzyma\u0142o 11 zada\u0144.<\/strong><\/p>\n<p>W ramach prowadzonego naboru wniosk\u00f3w, do <strong>16 maja 2023 roku do NID z\u0142o\u017cono<\/strong> \u0142\u0105cznie <strong>50 wniosk\u00f3w<\/strong> o dofinansowanie, <strong>na \u0142\u0105czn\u0105 kwot\u0119 ponad 1,8 mln. z\u0142.<\/strong><\/p>\n<p>Wnioski zosta\u0142y sprawdzone i ocenione zgodnie z wymogami i kryteriami okre\u015blonymi w Regulaminie Programu. <strong>Po ocenie formalnej, 7 wniosk\u00f3w zosta\u0142o odrzuconych z powodu nie spe\u0142niania<\/strong> okre\u015blonych w nim <strong>wymog\u00f3w<\/strong>. <strong>Pozosta\u0142e 43 wnioski przesz\u0142y pe\u0142en proces oceny punktowej.<\/strong><\/p>\n<p>Oceny warto\u015bci merytorycznej projekt\u00f3w dokona\u0142 Zesp\u00f3\u0142 steruj\u0105cy, sk\u0142adaj\u0105cy si\u0119 z ekspert\u00f3w w dziedzinie dziedzictwa niematerialnego. Druga cz\u0119\u015b\u0107 oceny \u2013 pod k\u0105tem strategicznej zgodno\u015bci z celami programu oraz organizacyjnych warunk\u00f3w i mo\u017cliwo\u015bci wykonania zada\u0144 \u2013 zosta\u0142a wykonana w Narodowym Instytucie Dziedzictwa.<\/p>\n<p>Zgodnie z regulaminem programu, dofinansowanie mo\u017ce by\u0107 przyznane zadaniom, kt\u00f3re w wyniku oceny otrzyma\u0142y co najmniej 70 pkt. Tak\u0105 ocen\u0119 uzyska\u0142o 16 wniosk\u00f3w, jednak \u015brodki przeznaczone na dofinansowania w ramach programu (300 000 z\u0142) by\u0142y niewystarczaj\u0105ce do wsparcia realizacji wszystkich tych zada\u0144.<\/p>\n<p>Przy rozpatrywaniu wniosk\u00f3w z\u0142o\u017conych do program\u00f3w dotacyjnych Narodowy Instytut Dziedzictwa od lat kieruje si\u0119 zasad\u0105 przyznawania dofinansowania na realizacj\u0119 zada\u0144 w takiej wysoko\u015bci, by pozwoli\u0142a Beneficjentowi na jak najpe\u0142niejsze wykonanie za\u0142o\u017conych cel\u00f3w i wska\u017anik\u00f3w. W zwi\u0105zku z tym, na podstawie \u00a710 ust. 16 regulaminu programu, Dyrektor NID podj\u0119\u0142a decyzj\u0119 o podniesieniu progu punktowego do 74 pkt., zatem <strong>dofinansowanie otrzyma\u0142o 11 zada\u0144.<\/strong><\/p>\n<p><strong><\/strong><\/p>\n<p><strong>Download<\/strong><br \/><strong>1. <a href=\"https:\/\/nid.pl\/wp-content\/uploads\/2023\/07\/Niematerialne-przekaz-dalej.-Wyniki-naboru-wnioskow-2023.pdf\" target=\"_blank\" rel=\"noopener\" title=\"Plik zostanie otwarty w nowym oknie\">Wyniki naboru wniosk\u00f3w 2023<\/a><\/strong><br \/><strong>2. <\/strong><a href=\"https:\/\/nid.pl\/wp-content\/uploads\/2023\/07\/Niematerialne-przekaz-dalej.Sklad-Zespolu-sterujacego-2023.pdf\" target=\"_blank\" rel=\"noopener\" title=\"Plik zostanie otwarty w nowym oknie\"><strong>Sk\u0142ad Zespo\u0142u steruj\u0105cego 2023<\/strong><\/a><\/p>\n<p><strong><\/strong><\/p>\n<p>Program \u201eNiematerialne \u2013 przeka\u017c dalej\u201d jest finansowany ze \u015brodk\u00f3w Ministra Kultury i Dziedzictwa Narodowego<\/p>\n<p><img loading=\"lazy\" decoding=\"async\" src=\"https:\/\/nid.pl\/wp-content\/uploads\/2022\/10\/MKiDN-01-2022.png\" width=\"300\" height=\"93\" \/><\/p>\n<p>[\/et_pb_accordion_item][et_pb_accordion_item title=&#8221;Narodowy Instytut Dziedzictwa og\u0142asza nab\u00f3r wniosk\u00f3w do programu \u201eNiematerialne \u2013 przeka\u017c dalej\u201d. &#8221; _builder_version=&#8221;4.27.3&#8243; _module_preset=&#8221;default&#8221; custom_margin=&#8221;||0px||false|false&#8221; global_colors_info=&#8221;{}&#8221; open=&#8221;off&#8221;]<\/p>\n<p><img loading=\"lazy\" decoding=\"async\" src=\"https:\/\/nid.pl\/wp-content\/uploads\/2023\/04\/Logo_NID_MKiDN_2023.png\" width=\"500\" height=\"93\" \/><\/p>\n<p style=\"text-align: right;\">Data publikacji:<b> 14.04.2023 r.\u00a0<\/b><\/p>\n<p><strong>Narodowy Instytut Dziedzictwa og\u0142asza nab\u00f3r wniosk\u00f3w do programu \u201eNiematerialne \u2013 przeka\u017c dalej\u201d. <\/strong><\/p>\n<p>Celem programu jest wspieranie projekt\u00f3w, kt\u00f3re b\u0119d\u0105 zwi\u0119ksza\u0107 wiedz\u0119 spo\u0142ecze\u0144stwa na temat roli tego dziedzictwa niematerialnego w kulturze lokalnej i og\u00f3lnopolskiej, aktywizowa\u0107 spo\u0142eczno\u015bci lokalne i budowa\u0107 sieci wsp\u00f3\u0142pracy w zakresie poznawania, ochrony i opieki nad dziedzictwem niematerialnym.<\/p>\n<p>Program adresowany jest do <strong>organizacji pozarz\u0105dowych<\/strong>, kt\u00f3re s\u0105 Depozytariuszami zjawisk wpisanych na Krajow\u0105 list\u0119 dziedzictwa niematerialnego b\u0105d\u017a wsp\u00f3\u0142pracuj\u0105 z Depozytariuszem takiego zjawiska.<\/p>\n<p>Aplikowanie odbywa si\u0119 za pomoc\u0105 platformy informatycznej Witkac &#8211; <a href=\"https:\/\/witkac.pl\/#\/contest\/view?id=26155\" target=\"_blank\" rel=\"noopener\" title=\"Link zostanie otwarty w nowym oknie\">witkac.pl<\/a><br \/><strong>Nab\u00f3r wniosk\u00f3w trwa od 14 kwietnia 2023 r. do 16 maja 2023 r. do godz. 15.00.<\/strong><\/p>\n<p><b><span>Wi\u0119cej informacji: <a href=\"https:\/\/nid.pl\/en\/dotacje\/niematerialne-przekaz-dalej\/\" target=\"_blank\" rel=\"noopener\" title=\"Link zostanie otwarty w nowym oknie\">Dotacje\/Niematerialne &#8211; przeka\u017c dalej<\/a><\/span><\/b><\/p>\n<p><b><span>Download<br \/><a href=\"https:\/\/nid.pl\/wp-content\/uploads\/2023\/04\/Regulamin-programu-Niematerialne-przekaz-dalej-2023.pdf\" target=\"_blank\" rel=\"noopener\" title=\"Link zostanie otwarty w nowym oknie\">Regulamin programu \u201eNiematerialne \u2013 przeka\u017c dalej\u201d<\/a><br \/><a href=\"https:\/\/nid.pl\/wp-content\/uploads\/2023\/04\/Instrukcja-wypelnienia-wniosku-do-programu-Niematerialne-przekaz-dalej-2023.pdf\" target=\"_blank\" rel=\"noopener\" title=\"Link zostanie otwarty w nowym oknie\">Instrukcja wype\u0142niania wniosku \u201eNiematerialne \u2013 przeka\u017c dalej\u201d 2023<\/a><\/span><\/b><\/p>\n<p>[\/et_pb_accordion_item][et_pb_accordion_item title=&#8221;Narodowy Instytut dziedzictwa og\u0142asza nab\u00f3r do programu %22Wsp\u00f3lnie dla dziedzictwa%22&#8243; _builder_version=&#8221;4.27.3&#8243; _module_preset=&#8221;default&#8221; custom_margin=&#8221;||0px||false|false&#8221; global_colors_info=&#8221;{}&#8221; open=&#8221;off&#8221;]<\/p>\n<p><img loading=\"lazy\" decoding=\"async\" src=\"https:\/\/nid.pl\/wp-content\/uploads\/2023\/04\/Logo_NID_MKiDN_2023.png\" width=\"500\" height=\"93\" \/><\/p>\n<p style=\"text-align: right;\">Data publikacji: <b>14.04.2023 r.\u00a0<\/b><\/p>\n<p><strong>Narodowy Instytut dziedzictwa og\u0142asza nab\u00f3r do programu \u201eWsp\u00f3lnie dla dziedzictwa\u201d.<\/strong><\/p>\n<p>Jego celem jest tworzenie warunk\u00f3w do zr\u00f3wnowa\u017conej ochrony dziedzictwa kulturowego i wykorzystania jago warto\u015bci dla rozwoju spo\u0142ecznego obecnych i przysz\u0142ych pokole\u0144.<\/p>\n<p><strong>Program adresowany jest do organizacji pozarz\u0105dowych.<\/strong><\/p>\n<p>Aplikowanie odbywa si\u0119 za pomoc\u0105 platformy informatycznej Witkac &#8211; <a href=\"https:\/\/witkac.pl\/#\/contest\/view?id=26137\" target=\"_blank\" rel=\"noopener\" title=\"Link zostanie otwarty w nowym oknie\">witkac.pl<\/a><br \/><strong>Nab\u00f3r wniosk\u00f3w do programu trwa do 16 maja 2023 r. do godz. 15.00.<\/strong><\/p>\n<p><b><span>Wi\u0119cej informacji: <a href=\"https:\/\/nid.pl\/en\/dotacje\/wspolnie-dla-dziedzictwa\/\" target=\"_blank\" rel=\"noopener\" title=\"Link zostanie otwarty w nowym oknie\"><strong>Dotacje\/Wsp\u00f3lnie dla dziedzictwa<\/strong><\/a><\/span><\/b><\/p>\n<p><b><span>Download<br \/><a href=\"https:\/\/nid.pl\/wp-content\/uploads\/2023\/04\/Regulamin-Programu-Wspolnie-dla-Dziedzictwa-2023.pdf\" target=\"_blank\" rel=\"noopener\" title=\"Link zostanie otwarty w nowym oknie\">Regulamin Programu Wsp\u00f3lnie dla dziedzictwa 2023<\/a><br \/><a href=\"https:\/\/nid.pl\/en\/instrukcja-wypelniania-wniosku-wdd-2023\/\" target=\"_blank\" rel=\"noopener\" title=\"Link zostanie otwarty w nowym oknie\">Instrukcja wype\u0142niania wniosku WDD 2023<\/a><\/span><\/b><\/p>\n<p>&nbsp;<\/p>\n<p>[\/et_pb_accordion_item][\/et_pb_accordion][et_pb_divider _builder_version=&#8221;4.27.3&#8243; _module_preset=&#8221;default&#8221; global_colors_info=&#8221;{}&#8221;][\/et_pb_divider][et_pb_text _builder_version=&#8221;4.27.3&#8243; _module_preset=&#8221;default&#8221; min_height=&#8221;28.8px&#8221; custom_margin=&#8221;||9px|||&#8221; locked=&#8221;off&#8221; global_colors_info=&#8221;{}&#8221;]<\/p>\n<h4><span style=\"color: #808080;\"><strong>2022<\/strong><\/span><\/h4>\n<p>[\/et_pb_text][et_pb_accordion open_toggle_text_color=&#8221;#e52330&#8243; icon_color=&#8221;#e52330&#8243; _builder_version=&#8221;4.27.3&#8243; _module_preset=&#8221;default&#8221; toggle_level=&#8221;h6&#8243; toggle_font=&#8221;|700|||||||&#8221; custom_margin=&#8221;||0px||false|false&#8221; global_colors_info=&#8221;{}&#8221;][et_pb_accordion_item title=&#8221;Post\u0119powanie pn.: \u201e Us\u0142uga polegaj\u0105ca na przeszkoleniu 2 os\u00f3b w zakresie zarzadzania zmian\u0105\u201d, numer og\u0142oszenia: 2022-39880-124590 &#8221; open=&#8221;on&#8221; content_tablet=&#8221;<\/p>\n<p><img src=\"%22https:\/\/nid.pl\/wp-content\/uploads\/2022\/08\/belka.jpg%22\" width=\"%22970%22\" height=\"%2293%22\" \/><\/p>\n<p><b>18.08.2022 r. <\/b><\/p>\n<p>Narodowy Instytut Dziedzictwa informuje, \u017ce post\u0119powanie pn.: <strong>\u201eUs\u0142uga polegaj\u0105ca na przeszkoleniu 2 os\u00f3b w zakresie zarzadzania zmian\u0105\u201d, <\/strong>prowadzone jest w trybie zapytania ofertowego za po\u015brednictwem serwisu Baza Konkurencyjno\u015bci pod adresem: <a href=\"\/en\/%22https:\/\/bazakonkurencyjnosci.funduszeeuropejskie.gov.pl\/%22\/\" data-et-target-link=\"%22_blank%22\" rel=\"%22noopener%22\" title=\"%22Link\" zostanie otwarty w nowym oknie%22>https:\/\/bazakonkurencyjnosci.funduszeeuropejskie.gov.pl<\/a><\/p>\n<p>Numer og\u0142oszenia : 2022-39880-122192 (data publikacji 18.08.2022r)<\/p>\n<p>Szkolenie odb\u0119dzie si\u0119 w zwi\u0105zku z realizowanym przez Narodowy Instytut Dziedzictwa projektem, pn.: Digitalizacja i udost\u0119pnianie cyfrowych d\u00f3br kultury \u2013 zabytk\u00f3w oraz grob\u00f3w i cmentarzy wojennych (nr projektu: POPC.02.03.02-00-0017\/18). Projekt jest realizowany w ramach Programu Operacyjnego Polska Cyfrowa 2014 \u2013 2020 w oparciu o umow\u0119 o dofinansowanie ze \u015brodk\u00f3w Europejskiego Funduszu Rozwoju Regionalnego.<\/p>\n<p>Dokumentacja post\u0119powania dost\u0119pna jest pod linkiem:<br \/><a href=\"\/en\/%22https:\/\/bazakonkurencyjnosci.funduszeeuropejskie.gov.pl\/ogloszenia\/122192%22\/\" data-et-target-link=\"%22_blank%22\" rel=\"%22noopener%22\" title=\"%22Link\" zostanie otwarty w nowym oknie%22>https:\/\/bazakonkurencyjnosci.funduszeeuropejskie.gov.pl\/ogloszenia\/122192<\/a><\/p>\n<p>&#8221; content_phone=&#8221;<\/p>\n<p><img src=\"%22https:\/\/nid.pl\/wp-content\/uploads\/2022\/08\/belka.jpg%22\" width=\"%22970%22\" height=\"%2293%22\" \/><\/p>\n<p><b>18.08.2022 r. <\/b><\/p>\n<p>Narodowy Instytut Dziedzictwa informuje, \u017ce post\u0119powanie pn.: <strong>\u201eUs\u0142uga polegaj\u0105ca na przeszkoleniu 2 os\u00f3b w zakresie zarzadzania zmian\u0105\u201d, <\/strong>prowadzone jest w trybie zapytania ofertowego za po\u015brednictwem serwisu Baza Konkurencyjno\u015bci pod adresem: <a href=\"\/en\/%22https:\/\/bazakonkurencyjnosci.funduszeeuropejskie.gov.pl\/%22\/\" data-et-target-link=\"%22_blank%22\" rel=\"%22noopener%22\" title=\"%22Link\" zostanie otwarty w nowym oknie%22>https:\/\/bazakonkurencyjnosci.funduszeeuropejskie.gov.pl<\/a><\/p>\n<p>Numer og\u0142oszenia : 2022-39880-122192 (data publikacji 18.08.2022r)<\/p>\n<p>Szkolenie odb\u0119dzie si\u0119 w zwi\u0105zku z realizowanym przez Narodowy Instytut Dziedzictwa projektem, pn.: Digitalizacja i udost\u0119pnianie cyfrowych d\u00f3br kultury \u2013 zabytk\u00f3w oraz grob\u00f3w i cmentarzy wojennych (nr projektu: POPC.02.03.02-00-0017\/18). Projekt jest realizowany w ramach Programu Operacyjnego Polska Cyfrowa 2014 \u2013 2020 w oparciu o umow\u0119 o dofinansowanie ze \u015brodk\u00f3w Europejskiego Funduszu Rozwoju Regionalnego.<\/p>\n<p>Dokumentacja post\u0119powania dost\u0119pna jest pod linkiem:<br \/><a href=\"\/en\/%22https:\/\/bazakonkurencyjnosci.funduszeeuropejskie.gov.pl\/ogloszenia\/122192%22\/\" data-et-target-link=\"%22_blank%22\" rel=\"%22noopener%22\" title=\"%22Link\" zostanie otwarty w nowym oknie%22>https:\/\/bazakonkurencyjnosci.funduszeeuropejskie.gov.pl\/ogloszenia\/122192<\/a><\/p>\n<p>&#8221; content_last_edited=&#8221;on|desktop&#8221; _builder_version=&#8221;4.27.3&#8243; _module_preset=&#8221;default&#8221; background_enable_image=&#8221;off&#8221; custom_margin=&#8221;||-1px||false|false&#8221; global_colors_info=&#8221;{}&#8221;]<\/p>\n<p><img loading=\"lazy\" decoding=\"async\" src=\"https:\/\/nid.pl\/wp-content\/uploads\/2022\/08\/belka.jpg\" width=\"970\" height=\"93\" \/><\/p>\n<p style=\"text-align: right;\">Data publikacji: <b>01.09.2022 r.\u00a0<\/b><\/p>\n<p>Narodowy Instytut Dziedzictwa informuje, \u017ce post\u0119powanie pn.: <strong>\u201eUs\u0142uga polegaj\u0105ca na przeszkoleniu 2 os\u00f3b w zakresie zarzadzania zmian\u0105\u201d, <\/strong>prowadzone jest w trybie zapytania ofertowego za po\u015brednictwem serwisu Baza Konkurencyjno\u015bci pod adresem: <a href=\"https:\/\/bazakonkurencyjnosci.funduszeeuropejskie.gov.pl\/\" target=\"_blank\" rel=\"noopener\" title=\"Link zostanie otwarty w nowym oknie\">https:\/\/bazakonkurencyjnosci.funduszeeuropejskie.gov.pl<\/a><\/p>\n<p>Numer og\u0142oszenia : 2022-39880-124590 (data publikacji 01.09.2022r)<\/p>\n<p>Szkolenie odb\u0119dzie si\u0119 w zwi\u0105zku z realizowanym przez Narodowy Instytut Dziedzictwa projektem, pn.: Digitalizacja i udost\u0119pnianie cyfrowych d\u00f3br kultury \u2013 zabytk\u00f3w oraz grob\u00f3w i cmentarzy wojennych (nr projektu: POPC.02.03.02-00-0017\/18). Projekt jest realizowany w ramach Programu Operacyjnego Polska Cyfrowa 2014 \u2013 2020 w oparciu o umow\u0119 o dofinansowanie ze \u015brodk\u00f3w Europejskiego Funduszu Rozwoju Regionalnego.<\/p>\n<p><strong>Termin sk\u0142adania ofert up\u0142ywa w dniu 09.09.2022 o godz. 10.00<\/strong><\/p>\n<p>Dokumentacja post\u0119powania dost\u0119pna jest pod linkiem:<br \/><a href=\"https:\/\/bazakonkurencyjnosci.funduszeeuropejskie.gov.pl\/ogloszenia\/124590\" target=\"_blank\" rel=\"noopener\" title=\"Link zostanie otwarty w nowym oknie\">https:\/\/bazakonkurencyjnosci.funduszeeuropejskie.gov.pl\/ogloszenia\/124590<\/a><\/p>\n<p>[\/et_pb_accordion_item][et_pb_accordion_item title=&#8221;Post\u0119powanie pn.: \u201e Us\u0142uga polegaj\u0105ca na przeszkoleniu 2 os\u00f3b w zakresie zarzadzania zmian\u0105\u201d, numer og\u0142oszenia: 2022-39880-122192&#8243; content_tablet=&#8221;<\/p>\n<p><img src=\"%22https:\/\/nid.pl\/wp-content\/uploads\/2022\/08\/belka.jpg%22\" width=\"%22970%22\" height=\"%2293%22\" \/><\/p>\n<p><b>18.08.2022 r. <\/b><\/p>\n<p>Narodowy Instytut Dziedzictwa informuje, \u017ce post\u0119powanie pn.: <strong>\u201eUs\u0142uga polegaj\u0105ca na przeszkoleniu 2 os\u00f3b w zakresie zarzadzania zmian\u0105\u201d, <\/strong>prowadzone jest w trybie zapytania ofertowego za po\u015brednictwem serwisu Baza Konkurencyjno\u015bci pod adresem: <a href=\"\/en\/%22https:\/\/bazakonkurencyjnosci.funduszeeuropejskie.gov.pl\/%22\/\" data-et-target-link=\"%22_blank%22\" rel=\"%22noopener%22\" title=\"%22Link\" zostanie otwarty w nowym oknie%22>https:\/\/bazakonkurencyjnosci.funduszeeuropejskie.gov.pl<\/a><\/p>\n<p>Numer og\u0142oszenia : 2022-39880-122192 (data publikacji 18.08.2022r)<\/p>\n<p>Szkolenie odb\u0119dzie si\u0119 w zwi\u0105zku z realizowanym przez Narodowy Instytut Dziedzictwa projektem, pn.: Digitalizacja i udost\u0119pnianie cyfrowych d\u00f3br kultury \u2013 zabytk\u00f3w oraz grob\u00f3w i cmentarzy wojennych (nr projektu: POPC.02.03.02-00-0017\/18). Projekt jest realizowany w ramach Programu Operacyjnego Polska Cyfrowa 2014 \u2013 2020 w oparciu o umow\u0119 o dofinansowanie ze \u015brodk\u00f3w Europejskiego Funduszu Rozwoju Regionalnego.<\/p>\n<p>Dokumentacja post\u0119powania dost\u0119pna jest pod linkiem:<br \/><a href=\"\/en\/%22https:\/\/bazakonkurencyjnosci.funduszeeuropejskie.gov.pl\/ogloszenia\/122192%22\/\" data-et-target-link=\"%22_blank%22\" rel=\"%22noopener%22\" title=\"%22Link\" zostanie otwarty w nowym oknie%22>https:\/\/bazakonkurencyjnosci.funduszeeuropejskie.gov.pl\/ogloszenia\/122192<\/a><\/p>\n<p>&#8221; content_phone=&#8221;<\/p>\n<p><img src=\"%22https:\/\/nid.pl\/wp-content\/uploads\/2022\/08\/belka.jpg%22\" width=\"%22970%22\" height=\"%2293%22\" \/><\/p>\n<p><b>18.08.2022 r. <\/b><\/p>\n<p>Narodowy Instytut Dziedzictwa informuje, \u017ce post\u0119powanie pn.: <strong>\u201eUs\u0142uga polegaj\u0105ca na przeszkoleniu 2 os\u00f3b w zakresie zarzadzania zmian\u0105\u201d, <\/strong>prowadzone jest w trybie zapytania ofertowego za po\u015brednictwem serwisu Baza Konkurencyjno\u015bci pod adresem: <a href=\"\/en\/%22https:\/\/bazakonkurencyjnosci.funduszeeuropejskie.gov.pl\/%22\/\" data-et-target-link=\"%22_blank%22\" rel=\"%22noopener%22\" title=\"%22Link\" zostanie otwarty w nowym oknie%22>https:\/\/bazakonkurencyjnosci.funduszeeuropejskie.gov.pl<\/a><\/p>\n<p>Numer og\u0142oszenia : 2022-39880-122192 (data publikacji 18.08.2022r)<\/p>\n<p>Szkolenie odb\u0119dzie si\u0119 w zwi\u0105zku z realizowanym przez Narodowy Instytut Dziedzictwa projektem, pn.: Digitalizacja i udost\u0119pnianie cyfrowych d\u00f3br kultury \u2013 zabytk\u00f3w oraz grob\u00f3w i cmentarzy wojennych (nr projektu: POPC.02.03.02-00-0017\/18). Projekt jest realizowany w ramach Programu Operacyjnego Polska Cyfrowa 2014 \u2013 2020 w oparciu o umow\u0119 o dofinansowanie ze \u015brodk\u00f3w Europejskiego Funduszu Rozwoju Regionalnego.<\/p>\n<p>Dokumentacja post\u0119powania dost\u0119pna jest pod linkiem:<br \/><a href=\"\/en\/%22https:\/\/bazakonkurencyjnosci.funduszeeuropejskie.gov.pl\/ogloszenia\/122192%22\/\" data-et-target-link=\"%22_blank%22\" rel=\"%22noopener%22\" title=\"%22Link\" zostanie otwarty w nowym oknie%22>https:\/\/bazakonkurencyjnosci.funduszeeuropejskie.gov.pl\/ogloszenia\/122192<\/a><\/p>\n<p>&#8221; content_last_edited=&#8221;on|desktop&#8221; _builder_version=&#8221;4.27.3&#8243; _module_preset=&#8221;default&#8221; background_enable_image=&#8221;off&#8221; custom_margin=&#8221;||-1px||false|false&#8221; global_colors_info=&#8221;{}&#8221; open=&#8221;off&#8221;]<\/p>\n<p><img loading=\"lazy\" decoding=\"async\" src=\"https:\/\/nid.pl\/wp-content\/uploads\/2022\/08\/belka.jpg\" width=\"970\" height=\"93\" \/><\/p>\n<p style=\"text-align: right;\">Data publikacji: <b>18.08.2022 r.\u00a0<\/b><\/p>\n<p>Narodowy Instytut Dziedzictwa informuje, \u017ce post\u0119powanie pn.: <strong>\u201eUs\u0142uga polegaj\u0105ca na przeszkoleniu 2 os\u00f3b w zakresie zarzadzania zmian\u0105\u201d, <\/strong>prowadzone jest w trybie zapytania ofertowego za po\u015brednictwem serwisu Baza Konkurencyjno\u015bci pod adresem: <a href=\"https:\/\/bazakonkurencyjnosci.funduszeeuropejskie.gov.pl\/\" target=\"_blank\" rel=\"noopener\" title=\"Link zostanie otwarty w nowym oknie\">https:\/\/bazakonkurencyjnosci.funduszeeuropejskie.gov.pl<\/a><\/p>\n<p>Numer og\u0142oszenia : 2022-39880-122192 (data publikacji 18.08.2022r)<\/p>\n<p>Szkolenie odb\u0119dzie si\u0119 w zwi\u0105zku z realizowanym przez Narodowy Instytut Dziedzictwa projektem,\u00a0pn.: Digitalizacja i udost\u0119pnianie cyfrowych d\u00f3br kultury \u2013 zabytk\u00f3w oraz grob\u00f3w i cmentarzy\u00a0wojennych (nr projektu: POPC.02.03.02-00-0017\/18). Projekt jest realizowany w ramach Programu\u00a0Operacyjnego Polska Cyfrowa 2014 \u2013 2020 w oparciu o umow\u0119 o dofinansowanie ze \u015brodk\u00f3w\u00a0Europejskiego Funduszu Rozwoju Regionalnego.<\/p>\n<p>Dokumentacja post\u0119powania dost\u0119pna jest pod linkiem:<br \/><a href=\"https:\/\/bazakonkurencyjnosci.funduszeeuropejskie.gov.pl\/ogloszenia\/122192\" target=\"_blank\" rel=\"noopener\" title=\"Link zostanie otwarty w nowym oknie\">https:\/\/bazakonkurencyjnosci.funduszeeuropejskie.gov.pl\/ogloszenia\/122192<\/a><\/p>\n<p>[\/et_pb_accordion_item][et_pb_accordion_item title=&#8221;Zaproszenie do z\u0142o\u017cenia ofert na wykonanie zam\u00f3wienia polegaj\u0105cego na:  ewaluacji szkole\u0144 z zarz\u0105dzania dziedzictwem, przeprowadzonych przez NID dla samorz\u0105d\u00f3w lokalnych w latach 2016-2022 &#8221; _builder_version=&#8221;4.27.3&#8243; _module_preset=&#8221;default&#8221; custom_margin=&#8221;||-1px||false|false&#8221; global_colors_info=&#8221;{}&#8221; open=&#8221;off&#8221;]<\/p>\n<p style=\"text-align: right;\">Data publikacji: <b>10.08.2022 r.\u00a0<\/b><\/p>\n<p>Narodowy Instytut Dziedzictwa zaprasza do z\u0142o\u017cenia ofert na wykonanie zam\u00f3wienia polegaj\u0105cego na: \u00a0ewaluacji szkole\u0144 z zarz\u0105dzania dziedzictwem, przeprowadzonych przez NID dla samorz\u0105d\u00f3w lokalnych w latach 2016-2022<\/p>\n<p>Download<\/p>\n<p><a class=\"attachment\" href=\"https:\/\/nid.pl\/wp-content\/uploads\/2022\/08\/Zapytanie-ofertowe_ewaluacja-szkolen_NID.docx\" target=\"_blank\" rel=\"noopener noreferrer\" title=\"Plik zostanie otwarty w nowym oknie\">Zapytanie ofertowe_ewaluacja szkole\u0144_NID (docx)<\/a><span><\/span><\/p>\n<p>[\/et_pb_accordion_item][et_pb_accordion_item title=&#8221;Og\u0142oszenie wynik\u00f3w naboru w programie \u201eWsp\u00f3lnie dla dziedzictwa\u201d w 2022 r.&#8221; _builder_version=&#8221;4.27.3&#8243; _module_preset=&#8221;default&#8221; custom_margin=&#8221;||-1px||false|false&#8221; global_colors_info=&#8221;{}&#8221; open=&#8221;off&#8221;]<\/p>\n<p style=\"text-align: right;\">Data publikacji:<b> 7.07.2022 r.\u00a0<\/b><\/p>\n<p>W ramach naboru z\u0142o\u017cono 223 wnioski.<br \/>Z powodu b\u0142\u0119d\u00f3w formalnych odrzucono 35 wniosk\u00f3w.<\/p>\n<p>Zgodnie z regulaminem programu, dofinansowanie mo\u017ce by\u0107 przyznane zadaniom, kt\u00f3rych \u0142\u0105czna ocena punktowa wynosi co najmniej 70 pkt. Tak\u0105 ocen\u0119 uzyska\u0142o 91 wniosk\u00f3w, jednak \u015brodki pozostaj\u0105ce w dyspozycji Narodowego Instytutu Dziedzictwa by\u0142y niewystarczaj\u0105ce na dofinansowanie wszystkich tych zada\u0144. W zwi\u0105zku z tym, na podstawie \u00a710 ust. 16 regulaminu programu, Dyrektor NID podj\u0105\u0142 decyzj\u0119 o podniesieniu progu punktowego do 75,25 pkt. Wobec powy\u017cszego <strong>dofinansowanie otrzyma\u0142o 60 zada\u0144.<\/strong><\/p>\n<p>Download<\/p>\n<p><a class=\"attachment\" href=\"https:\/\/nid.pl\/wp-content\/uploads\/2022\/07\/Sklad-Zespolu-Sterujacego_WDD-2022.pdf\" target=\"_blank\" rel=\"noopener noreferrer\" title=\"Plik zostanie otwarty w nowym oknie\">sk\u0142ad zespo\u0142u steruj\u0105cego \u2013 pdf<\/a><span><\/span><br \/><a class=\"attachment\" href=\"https:\/\/nid.pl\/wp-content\/uploads\/2022\/07\/Wyniki-naboru-Wspolnie-dla-Dziedzictwa-2022_23-mln-zl-.pdf\" target=\"_blank\" rel=\"noopener noreferrer\" title=\"Plik zostanie otwarty w nowym oknie\">wyniki naboru WDD 2022 &#8211; pdf<\/a><\/p>\n<p>[\/et_pb_accordion_item][et_pb_accordion_item title=&#8221;Ruszy\u0142 nab\u00f3r do Programu  Wsp\u00f3lnie dla dziedzictwa w 2022 roku&#8221; _builder_version=&#8221;4.27.3&#8243; _module_preset=&#8221;default&#8221; custom_margin=&#8221;||-5px||false|false&#8221; global_colors_info=&#8221;{}&#8221; toggle_font=&#8221;|600|||||||&#8221; open=&#8221;off&#8221;]<\/p>\n<p style=\"text-align: right;\">Data publikacji: <strong>13.04.2022<\/strong><\/p>\n<p><strong>Narodowy Instytut dziedzictwa og\u0142asza nab\u00f3r do programu &#8220;Wsp\u00f3lnie dla dziedzictwa&#8221;.<\/strong><\/p>\n<p>Jego celem jest tworzenie warunk\u00f3w do zr\u00f3wnowa\u017conej ochrony dziedzictwa kulturowego i wykorzystania jago warto\u015bci dla rozwoju spo\u0142ecznego obecnych i przysz\u0142ych pokole\u0144.<\/p>\n<p><strong>Program adresowany jest do organizacji pozarz\u0105dowych.<\/strong><\/p>\n<p>Aplikowanie odbywa si\u0119 za pomoc\u0105 platformy informatycznej Witkac (www.witkac.pl).<br \/><strong>Nab\u00f3r wniosk\u00f3w do programu trwa do 13 maja 2022 r. do godz. 15.00.<\/strong><\/p>\n<p>Wi\u0119cej informacji:<br \/><a href=\"https:\/\/nid.pl\/en\/2022\/04\/13\/ruszyl-nabor-do-programu-wspolnie-dla-dziedzictwa-w-2022-roku\/\" target=\"_blank\" rel=\"noopener\" title=\"Link zostanie otwarty w nowym oknie\">nid.pl\/2022\/04\/13\/ruszyl-nabor-do-programu-wspolnie-dla-dziedzictwa-w-2022-roku\/<\/a><\/p>\n<p><strong>Download<\/strong><br \/><a class=\"attachment\" href=\"https:\/\/nid.pl\/wp-content\/uploads\/2022\/04\/Regulamin-Programu-Wspolnie-dla-dziedzictwa-2022.pdf\" target=\"_blank\" rel=\"noopener\" title=\"Link zostanie otwarty w nowym oknie\">Regulamin Programu Wsp\u00f3lnie dla dziedzictwa<\/a><br \/><a class=\"attachment\" href=\"https:\/\/nid.pl\/wp-content\/uploads\/2022\/04\/Instrukcja-wypelniania-wniosku-Wspolnie-dla-dziedzictwa-2022.pdf\" target=\"_blank\" rel=\"noopener\" title=\"Link zostanie otwarty w nowym oknie\">Instrukcja wype\u0142niania wniosku<\/a><\/p>\n<p>[\/et_pb_accordion_item][\/et_pb_accordion][et_pb_divider _builder_version=&#8221;4.27.3&#8243; _module_preset=&#8221;default&#8221; global_colors_info=&#8221;{}&#8221;][\/et_pb_divider][et_pb_text _builder_version=&#8221;4.27.3&#8243; _module_preset=&#8221;default&#8221; min_height=&#8221;35.8px&#8221; custom_margin=&#8221;||12px|||&#8221; global_colors_info=&#8221;{}&#8221;]<\/p>\n<h4><span style=\"color: #808080;\"><strong>2021<\/strong><\/span><\/h4>\n<p>[\/et_pb_text][et_pb_accordion open_toggle_text_color=&#8221;#e52330&#8243; icon_color=&#8221;#e52330&#8243; _builder_version=&#8221;4.27.4&#8243; _module_preset=&#8221;default&#8221; toggle_level=&#8221;h6&#8243; toggle_font=&#8221;|700|||||||&#8221; custom_margin=&#8221;||0px||false|false&#8221; global_colors_info=&#8221;{}&#8221;][et_pb_accordion_item title=&#8221;Zwi\u0119kszenie bud\u017cetu programu Wsp\u00f3lnie dla Dziedzictwa&#8221; open=&#8221;on&#8221; _builder_version=&#8221;4.27.3&#8243; _module_preset=&#8221;default&#8221; custom_margin=&#8221;||-5px||false|false&#8221; global_colors_info=&#8221;{}&#8221; toggle_font=&#8221;|600|||||||&#8221;]<\/p>\n<p style=\"text-align: right;\">Data publikacji:<strong>01.10.2021<\/strong><\/p>\n<p><span>Decyzj\u0105 Pana Premiera prof. dr hab. Piotra Gli\u0144skiego, z uwagi na du\u017c\u0105 liczb\u0119 wniosk\u00f3w kwalifikuj\u0105cych si\u0119 do dofinansowania w programie Narodowego Instytutu Dziedzictwa \u201eWsp\u00f3lnie dla dziedzictwa\u201d, kt\u00f3re z powodu limitu finansowego programu nie otrzyma\u0142y dofinansowania, bud\u017cet programu w roku 2021 zosta\u0142 zwi\u0119kszony o kwot\u0119 500 tys. z\u0142.<\/span><br \/><span>Zgodnie z regulaminem programu dofinansowanie mo\u017ce by\u0107 przyznane zadaniom, kt\u00f3rych \u0142\u0105czna ocena punktowa wynosi co najmniej 70 pkt. Tak\u0105 ocen\u0119 uzyska\u0142o 51 wniosk\u00f3w. Bud\u017cet programu, w regulaminowej wysoko\u015bci 1 mln. z\u0142 pozwoli\u0142 dofinansowa\u0107\u00a0<\/span><b>27 zada\u0144<\/b><span>.<\/span><\/p>\n<p><b>Zwi\u0119kszenie bud\u017cetu o dodatkowe 500 tys. z\u0142 pozwoli\u0142o dofinansowa\u0107 kolejnych 15 zada\u0144.<\/b><span><\/span><\/p>\n<p><span>Z uwagi na p\u00f3\u017any termin decyzji, nie wszyscy wnioskodawcy zdecydowali si\u0119 na realizacj\u0119 zada\u0144 w tak ograniczonym czasie. Lista z wynikami naboru WDD 2021 + 500 tys. uwzgl\u0119dnia decyzje tych podmiot\u00f3w.<\/span><\/p>\n<p><strong>Download<\/strong><\/p>\n<p><a class=\"attachment\" href=\"https:\/\/nid.pl\/wp-content\/uploads\/2021\/12\/wyniki-naboru-WDD-2021-500-tys..pdf\" target=\"_blank\" rel=\"noopener noreferrer\" title=\"Plik zostanie otwarty w nowym oknie\" style=\"font-size: 14px;\">wyniki naboru WDD 2021 + 500 tys.pdf<\/a><\/p>\n<p>[\/et_pb_accordion_item][et_pb_accordion_item title=&#8221;Og\u0142oszenie wynik\u00f3w naboru w programie \u201eWsp\u00f3lnie dla dziedzictwa\u201d w 2021 r.&#8221; _builder_version=&#8221;4.27.3&#8243; _module_preset=&#8221;default&#8221; custom_margin=&#8221;||-1px||false|false&#8221; global_colors_info=&#8221;{}&#8221; open=&#8221;off&#8221;]<\/p>\n<p style=\"text-align: right;\">Data publikacji: <b>28.07.2021 r.\u00a0<\/b><\/p>\n<p>W ramach naboru z\u0142o\u017cono\u00a0193 wnioski.<br \/>Z powodu b\u0142\u0119d\u00f3w formalnych odrzucono\u00a017 wniosk\u00f3w.<\/p>\n<p>Zgodnie z regulaminem programu dofinansowanie mo\u017ce by\u0107 przyznane zadaniom, kt\u00f3rych \u0142\u0105czna ocena punktowa wynosi co najmniej 70 pkt. Tak\u0105 ocen\u0119 uzyska\u0142o 51 wniosk\u00f3w, jednak \u015brodki pozostaj\u0105ce w dyspozycji Dyrektora Narodowego Instytutu Dziedzictwa by\u0142y niewystarczaj\u0105ce na dofinansowanie wszystkich tych zada\u0144. W zwi\u0105zku z tym, na podstawie \u00a710 ust. 16 regulaminu programu, Dyrektor NID podj\u0105\u0142 decyzj\u0119 o podniesieniu progu punktowego do 79 pkt. Wobec powy\u017cszego dofinansowanie otrzyma\u0142o 27 zada\u0144.<\/p>\n<p>Download<\/p>\n<p><a class=\"attachment\" href=\"https:\/\/nid.pl\/wp-content\/uploads\/2021\/12\/Sklad-zespolu-sterujacego-WDD-2021.pdf\" target=\"_blank\" rel=\"noopener noreferrer\" title=\"Plik zostanie otwarty w nowym oknie\">sk\u0142ad zespo\u0142u steruj\u0105cego \u2013 pdf<\/a><span><\/span><br \/><a class=\"attachment\" href=\"https:\/\/nid.pl\/wp-content\/uploads\/2021\/12\/wyniki-naboru-edycja-2021_28.07.2021.pdf\" target=\"_blank\" rel=\"noopener noreferrer\" title=\"Plik zostanie otwarty w nowym oknie\">wyniki naboru WDD 2021 &#8211; pdf<\/a><\/p>\n<p>[\/et_pb_accordion_item][et_pb_accordion_item title=&#8221;Narodowy Instytut dziedzictwa og\u0142asza nab\u00f3r do programu %22Wsp\u00f3lnie dla dziedzictwa%22&#8243; _builder_version=&#8221;4.27.3&#8243; _module_preset=&#8221;default&#8221; custom_margin=&#8221;||0px||false|false&#8221; global_colors_info=&#8221;{}&#8221; open=&#8221;off&#8221;]<\/p>\n<p style=\"text-align: right;\">Data publikacji: <b>20.05.2021 r.<\/b><\/p>\n<p>Celem programu &#8220;Wsp\u00f3lnie dla dziedzictwa&#8221; jest tworzenie warunk\u00f3w do zr\u00f3wnowa\u017conej ochrony dziedzictwa kulturowego i wykorzystania jago warto\u015bci dla rozwoju spo\u0142ecznego obecnych i przysz\u0142ych pokole\u0144.<\/p>\n<p>Program adresowany jest do organizacji pozarz\u0105dowych.<\/p>\n<p>Aplikowanie odbywa si\u0119 za pomoc\u0105 platformy informatycznej Witkac (www.witkac.pl).<br \/>Nab\u00f3r wniosk\u00f3w do programu trwa do 21 czerwca 2021 r. do godz. 15.00.<\/p>\n<p><b><span>Wi\u0119cej informacji:\u00a0<\/span><\/b><\/p>\n<p><b><span>Download<br \/><a class=\"attachment\" href=\"https:\/\/www.nid.pl\/pl\/Informacje_ogolne\/Konkursy\/WSPOLNIE-DLA-DZIEDZICTWA\/EDYCJA%202021\/Regulamin%20Programu%20WDD%202021.pdf\" target=\"_blank\" rel=\"noopener\">Regulamin Programu Wsp\u00f3lnie dla dziedzictwa<\/a><br \/><a class=\"attachment\" href=\"https:\/\/www.nid.pl\/pl\/Informacje_ogolne\/Konkursy\/WSPOLNIE-DLA-DZIEDZICTWA\/EDYCJA%202021\/Instrukcja%20wype%C5%82niania%20wniosku%20WDD%202021.pdf\" target=\"_blank\" rel=\"noopener\">Instrukcja wype\u0142niania wniosku<\/a><\/span><\/b><\/p>\n<p>[\/et_pb_accordion_item][et_pb_accordion_item title=&#8221;Raport o stanie dost\u0119pno\u015bci podmiotu publicznego&#8221; _builder_version=&#8221;4.27.3&#8243; _module_preset=&#8221;default&#8221; custom_margin=&#8221;||0px||false|false&#8221; global_colors_info=&#8221;{}&#8221; open=&#8221;off&#8221;]<\/p>\n<p style=\"text-align: right;\">Data publikacji: <b>1.02.2021 r.\u00a0<\/b><\/p>\n<p><b><span><\/span><\/b><\/p>\n<p><b><span>Download<br \/><a class=\"attachment\" href=\"https:\/\/nid.pl\/wp-content\/uploads\/2021\/12\/Raport-o-stanie-dostepnosci-podmiotu-publicznego_NID.pdf\" target=\"_blank\" rel=\"noopener noreferrer\" title=\"Plik zostanie otwarty w nowym oknie\">Raport o stanie dost\u0119pno\u015bci podmiotu publicznego<\/a><br \/><\/span><\/b><\/p>\n<p>[\/et_pb_accordion_item][\/et_pb_accordion][et_pb_text _builder_version=&#8221;4.16&#8243; _module_preset=&#8221;default&#8221; min_height=&#8221;35.8px&#8221; custom_margin=&#8221;||12px|||&#8221; global_colors_info=&#8221;{}&#8221;][\/et_pb_text][et_pb_text disabled_on=&#8221;on|on|on&#8221; _builder_version=&#8221;4.27.3&#8243; _module_preset=&#8221;default&#8221; custom_margin=&#8221;||17px|||&#8221; disabled=&#8221;on&#8221; global_colors_info=&#8221;{}&#8221;]<\/p>\n<h4><span style=\"color: #808080;\"><strong>ARCHIWUM NA DZIE\u0143 19.11.2024<\/strong><\/span><\/h4>\n<p>[\/et_pb_text][et_pb_accordion open_toggle_text_color=&#8221;#e52330&#8243; icon_color=&#8221;#e52330&#8243; disabled_on=&#8221;on|on|on&#8221; _builder_version=&#8221;4.27.3&#8243; _module_preset=&#8221;default&#8221; toggle_level=&#8221;h6&#8243; toggle_font=&#8221;|700|||||||&#8221; custom_margin=&#8221;||0px||false|false&#8221; disabled=&#8221;on&#8221; global_colors_info=&#8221;{}&#8221;][et_pb_accordion_item title=&#8221;Og\u0142oszenie wynik\u00f3w naboru w programie \u201eNiematerialne \u2013 przeka\u017c dalej\u201d w 2024 r.&#8221; open=&#8221;on&#8221; _builder_version=&#8221;4.27.0&#8243; _module_preset=&#8221;default&#8221; custom_margin=&#8221;||0px||false|false&#8221; global_colors_info=&#8221;{}&#8221;]<\/p>\n<p><b>1.08.2024 r.\u00a0<\/b><\/p>\n<p><strong>W ramach przeprowadzonego naboru do 22 maja br. z\u0142o\u017cono 81 wniosk\u00f3w o dofinansowanie, na \u0142\u0105czn\u0105 kwot\u0119 ponad 2,3 mln z\u0142. Po przeprowadzeniu procedury oceny wniosk\u00f3w zgodnie z warunkami i kryteriami okre\u015blonymi w regulaminie programu, dofinansowanie otrzyma\u0142o 19 zada\u0144.<\/strong><br \/><strong><\/strong><\/p>\n<p>W ramach prowadzonego naboru wniosk\u00f3w, do <strong>22 maja 2024 roku do NID z\u0142o\u017cono <\/strong>\u0142\u0105cznie <strong>81 wniosk\u00f3w <\/strong>o dofinansowanie,<strong> na \u0142\u0105czn\u0105 kwot\u0119 ponad 2,3 mln. z\u0142.<\/strong><\/p>\n<p>Wnioski zosta\u0142y sprawdzone i ocenione zgodnie z wymogami i kryteriami okre\u015blonymi w Regulaminie Programu. <strong>Po ocenie formalnej, 18 wniosk\u00f3w zosta\u0142o odrzuconych z powodu nie spe\u0142niania<\/strong> okre\u015blonych w nim <strong>wymog\u00f3w<\/strong>. <strong>Pozosta\u0142e 63 wnioski przesz\u0142y pe\u0142en proces oceny punktowej.<\/strong><\/p>\n<p>Oceny warto\u015bci merytorycznej projekt\u00f3w dokona\u0142 Zesp\u00f3\u0142 steruj\u0105cy, sk\u0142adaj\u0105cy si\u0119 z ekspert\u00f3w w dziedzinie dziedzictwa niematerialnego. Druga cz\u0119\u015b\u0107 oceny \u2013 pod k\u0105tem strategicznej zgodno\u015bci z celami programu oraz organizacyjnych warunk\u00f3w i mo\u017cliwo\u015bci wykonania zada\u0144 \u2013 zosta\u0142a wykonana w Narodowym Instytucie Dziedzictwa.<\/p>\n<p>Zgodnie z regulaminem programu, dofinansowanie mo\u017ce by\u0107 przyznane zadaniom, kt\u00f3re w wyniku oceny otrzyma\u0142y co najmniej 70 pkt. Tak\u0105 ocen\u0119 uzyska\u0142o 29 wniosk\u00f3w, jednak \u015brodki przeznaczone na dofinansowania w ramach programu (500 000 z\u0142) by\u0142y niewystarczaj\u0105ce do wsparcia realizacji wszystkich tych zada\u0144.<\/p>\n<p>Przy rozpatrywaniu wniosk\u00f3w z\u0142o\u017conych do program\u00f3w dotacyjnych Narodowy Instytut Dziedzictwa od lat kieruje si\u0119 zasad\u0105 przyznawania dofinansowania na realizacj\u0119 zada\u0144 w takiej wysoko\u015bci, by pozwoli\u0142a Beneficjentowi na jak najpe\u0142niejsze wykonanie za\u0142o\u017conych cel\u00f3w i wska\u017anik\u00f3w. W zwi\u0105zku z tym, na podstawie \u00a7 10 ust. 16 regulaminu programu, Dyrektor NID podj\u0119\u0142a decyzj\u0119 o podniesieniu progu punktowego do 78 pkt., zatem <strong>dofinansowanie otrzyma\u0142o 19 zada\u0144<\/strong>.<strong><\/strong><\/p>\n<p><strong>Download<\/strong><br \/><strong>1. <a href=\"https:\/\/nid.pl\/wp-content\/uploads\/2024\/08\/Niematerialne-przekaz-dalej_Wyniki-naboru-2024.pdf\" target=\"_blank\" rel=\"noopener\" title=\"Plik zostanie otwarty w nowym oknie\">Wyniki naboru wniosk\u00f3w 2024 (pdf)<\/a><\/strong><br \/><strong>2. <a href=\"https:\/\/nid.pl\/wp-content\/uploads\/2024\/08\/Niematerialne-przekaz-dalej_Sklad-Zespolu-sterujacego-2024.pdf\" target=\"_blank\" rel=\"noopener\" title=\"Plik zostanie otwarty w nowym oknie\">Sk\u0142ad Zespo\u0142u steruj\u0105cego 2024 (pdf)<\/a><\/strong><\/p>\n<p><strong><\/strong><\/p>\n<p>Program \u201eNiematerialne \u2013 przeka\u017c dalej\u201d jest finansowany ze \u015brodk\u00f3w Ministra Kultury i Dziedzictwa Narodowego<\/p>\n<p><img loading=\"lazy\" decoding=\"async\" src=\"https:\/\/nid.pl\/wp-content\/uploads\/2022\/10\/MKiDN-01-2022.png\" width=\"300\" height=\"93\" \/><\/p>\n<p>[\/et_pb_accordion_item][et_pb_accordion_item title=&#8221;Og\u0142oszenie wynik\u00f3w naboru w programie \u201eWsp\u00f3lnie dla dziedzictwa\u201d w 2024&#8243; _builder_version=&#8221;4.26.0&#8243; _module_preset=&#8221;default&#8221; custom_margin=&#8221;||0px||false|false&#8221; global_colors_info=&#8221;{}&#8221; open=&#8221;off&#8221;]<\/p>\n<p><b>25.07.2024 r.\u00a0<\/b><\/p>\n<p><strong>W ramach naboru z\u0142o\u017cono 200 wniosk\u00f3w. Dofinansowanie otrzyma\u0142o 31 zada\u0144. <\/strong><br \/><strong>Z powodu b\u0142\u0119d\u00f3w formalnych odrzucono 81 wniosk\u00f3w.<\/strong><\/p>\n<p>Zgodnie z regulaminem programu, dofinansowanie mo\u017ce by\u0107 przyznane zadaniom, kt\u00f3rych \u0142\u0105czna ocena punktowa wynosi co najmniej 70 pkt. Tak\u0105 ocen\u0119 uzyska\u0142y 42 wnioski, jednak \u015brodki pozostaj\u0105ce w dyspozycji Narodowego Instytutu Dziedzictwa by\u0142y niewystarczaj\u0105ce na dofinansowanie wszystkich tych zada\u0144. W zwi\u0105zku z tym, na podstawie \u00a710 ust. 16 regulaminu programu, Dyrektor NID podj\u0105\u0142 decyzj\u0119 o podniesieniu progu punktowego do 75 pkt. Wobec powy\u017cszego <strong>dofinansowanie otrzyma\u0142o 31 zada\u0144.<\/strong><\/p>\n<p><strong><\/strong><\/p>\n<p><strong>Download<\/strong><br \/><strong>1. <a href=\"https:\/\/nid.pl\/wp-content\/uploads\/2024\/07\/Wyniki-naboru-program-Wspolnie-dla-dziedzictwa-2024.pdf\" target=\"_blank\" rel=\"noopener\" title=\"Plik zostanie otwarty w nowym oknie\">Wyniki naboru Wsp\u00f3lnie dla Dziedzictwa 2024 (pdf)<\/a><\/strong><br \/><strong>2. <a href=\"https:\/\/nid.pl\/wp-content\/uploads\/2024\/07\/Sklad-Zespolu-Sterujacego-Wspolnie-dla-dziedzictwa-2024.pdf\" target=\"_blank\" rel=\"noopener\" title=\"Plik zostanie otwarty w nowym oknie\">Sk\u0142ad Zespo\u0142u Steruj\u0105cego Wsp\u00f3lnie dla Dziedzictwa 2024 (pdf)<\/a><\/strong><\/p>\n<p><strong><\/strong><\/p>\n<p>Program Wsp\u00f3lnie dla dziedzictwa jest realizowany ze \u015brodk\u00f3w Ministra Kultury\u00a0i Dziedzictwa Narodowego.<\/p>\n<p><img loading=\"lazy\" decoding=\"async\" src=\"https:\/\/nid.pl\/wp-content\/uploads\/2022\/10\/MKiDN-01-2022.png\" width=\"300\" height=\"93\" \/><\/p>\n<p>[\/et_pb_accordion_item][et_pb_accordion_item title=&#8221;Komunikat: z dniem 10 czerwca 2024 r. dokonuje si\u0119 po\u0142\u0105czenia pa\u0144stwowych instytucji kultury: Narodowego Instytutu Dziedzictwa i Narodowego Instytutu Konserwacji Zabytk\u00f3w&#8221; _builder_version=&#8221;4.25.1&#8243; _module_preset=&#8221;default&#8221; custom_margin=&#8221;||0px||false|false&#8221; global_colors_info=&#8221;{}&#8221; open=&#8221;off&#8221;]<\/p>\n<p><b>07.06.2024 r.\u00a0<\/b><\/p>\n<p><strong>Zarz\u0105dzeniem Ministra Kultury i Dziedzictwa Narodowego z dniem 10 czerwca 2024 r. dokonuje si\u0119 po\u0142\u0105czenia pa\u0144stwowych instytucji kultury: Narodowego Instytutu Dziedzictwa i Narodowego Instytutu Konserwacji Zabytk\u00f3w. Powsta\u0142a w wyniku po\u0142\u0105czenia pa\u0144stwowa instytucja kultury otrzymuje nazw\u0119: Narodowy Instytut Dziedzictwa<\/strong><\/p>\n<p>Na podstawie Zarz\u0105dzenia Ministra Kultury i Dziedzictwa Narodowego z dnia 17 maja 2024 roku opublikowanego w Dzienniku Urz\u0119dowym Ministra Kultury i Dziedzictwa Narodowego w dniu 20 maja 2024 roku, pod pozycj\u0105 58, zmienionym Zarz\u0105dzeniem Ministra Kultury i Dziedzictwa Narodowego z dnia 31 maja 2024 roku, opublikowanym w Dzienniku Urz\u0119dowym Ministra Kultury i Dziedzictwa Narodowego w dniu 31 maja 2024 roku, pod pozycj\u0105 67 z dniem 10 czerwca 2024 r. dokonuje si\u0119 po\u0142\u0105czenia pa\u0144stwowych instytucji kultury: Narodowego Instytutu Dziedzictwa i Narodowego Instytutu Konserwacji Zabytk\u00f3w.<\/p>\n<p>Powsta\u0142a w wyniku po\u0142\u0105czenia pa\u0144stwowa instytucja kultury otrzymuje nazw\u0119: <strong>Narodowy Instytut Dziedzictwa<\/strong><\/p>\n<p>Przej\u0119cie przez Narodowy Instytut Dziedzictwa mienia oraz zobowi\u0105za\u0144 i wierzytelno\u015bci \u0142\u0105czonych instytucji kultury nast\u0119puje z dniem ponownego wpisu Instytutu do rejestru instytucji kultury, prowadzonego przez ministra w\u0142a\u015bciwego do spraw kultury i ochrony dziedzictwa narodowego.<\/p>\n<p>Pracownicy \u0142\u0105czonych instytucji kultury staj\u0105 si\u0119 pracownikami Narodowego Instytutu Dziedzictwa i zachowuj\u0105 uprawnienia wynikaj\u0105ce ze stosunku pracy na podstawie art. 23<sup>1<\/sup> ustawy z dnia 26 czerwca 1974 r. \u2013 Kodeks pracy (t. j. Dz. U. z 2023 r. poz. 1465).<\/p>\n<p>Zmianie ulegn\u0105 nast\u0119puj\u0105ce dane Narodowego Instytutu Dziedzictwa:<\/p>\n<ul>\n<li>numer wpisu do rejestru instytucji kultury<\/li>\n<li>REGON<\/li>\n<li>NIP<\/li>\n<\/ul>\n<p>Wszelkie porozumienia i umowy zawarte z Narodowym Instytutem Dziedzictwa oraz Narodowym Instytutem Konserwacji Zabytk\u00f3w przed dniem 10 czerwca 2024 roku pozostaj\u0105 w mocy. Kontrahenci zostan\u0105 powiadomieni o nowych danych rejestrowych, niezw\u0142ocznie po ich nadaniu przez w\u0142a\u015bciwe organy. Informacje te zostan\u0105 r\u00f3wnie\u017c opublikowane na stronie nid.pl oraz bip.nid.pl.<\/p>\n<p>Zakres dzia\u0142alno\u015bci Narodowego Instytutu Dziedzictwa od dnia 10 czerwca 2024 roku okre\u015bla Statut Narodowego Instytutu Dziedzictwa stanowi\u0105cy za\u0142\u0105cznik do zarz\u0105dzenia Ministra Kultury i Dziedzictwa Narodowego z dnia 17 maja 2024 r. (poz. 59).<\/p>\n<p>&nbsp;<\/p>\n<p>Download<\/p>\n<p><a class=\"attachment\" href=\"https:\/\/nid.pl\/wp-content\/uploads\/2024\/05\/Dziennik-Urzedowy-MKiDN_poz.58-utworzenia-NID.pdf\" target=\"_blank\" rel=\"noopener\">Zarz\u0105dzenie Ministra Kultury i Dziedzictwa Narodowego z dnia 17 maja 2024 r. (poz. 58)<\/a><\/p>\n<p><a class=\"attachment\" href=\"https:\/\/nid.pl\/wp-content\/uploads\/2024\/05\/Dziennik-Urzedowy-MKiDN_poz.59_w-sprawie-nadania-statutu-NID.pdf\" target=\"_blank\" rel=\"noopener\">Zarz\u0105dzenie Ministra Kultury i Dziedzictwa Narodowego z dnia 17 maja 2024 r. (poz. 59)<\/a><\/p>\n<p><a class=\"attachment\" href=\"https:\/\/nid.pl\/wp-content\/uploads\/2024\/05\/Dziennik-Urzedowy-MKiDN_poz.67_zmiany-zarzadzenia-o-utworzeniu-NID.pdf\" target=\"_blank\" rel=\"noopener\">Zarz\u0105dzenie Ministra Kultury i Dziedzictwa Narodowego z dnia 31 maja 2024 r. (poz. 67)<\/a><\/p>\n<p><a class=\"attachment\" href=\"https:\/\/nid.pl\/wp-content\/uploads\/2024\/06\/Dziennik-Urzedowy-MKiDN_poz.68_w-sprawie-zmiany-statutu-NID.pdf\" target=\"_blank\" rel=\"noopener\">Zarz\u0105dzenie Ministra Kultury i Dziedzictwa Narodowego z dnia 31 maja 2024 r. (poz. 68)<\/a><\/p>\n<p>&nbsp;<\/p>\n<p>[\/et_pb_accordion_item][et_pb_accordion_item title=&#8221;Post\u0119powanie pn. %22Cykl letnich koncert\u00f3w w Parku Mu\u017cakowskim z Filharmoni\u0105 Zielonog\u00f3rsk\u0105%22&#8243; _builder_version=&#8221;4.24.2&#8243; _module_preset=&#8221;default&#8221; custom_margin=&#8221;||0px||false|false&#8221; global_colors_info=&#8221;{}&#8221; open=&#8221;off&#8221;]<\/p>\n<p><img loading=\"lazy\" decoding=\"async\" src=\"https:\/\/nid.pl\/wp-content\/uploads\/2023\/04\/Logo_NID_MKiDN_2023.png\" width=\"500\" height=\"93\" \/><\/p>\n<p><b>26.04.2024 r.\u00a0<\/b><\/p>\n<p><strong>Narodowy Instytut dziedzictwa informuje o udzielanym zam\u00f3wieniu na dostawy i\/lub us\u0142ugi z zakresu dzia\u0142alno\u015bci kulturalnej pn. &#8220;Cykl letnich koncert\u00f3w w Parku Mu\u017cakowskim z Filharmoni\u0105 Zielonog\u00f3rsk\u0105&#8221;.<\/strong><\/p>\n<p><strong>I. Zamawiaj\u0105cy:<\/strong> Narodowy Instytut Dziedzictwa, z siedzib\u0105 w Warszawie (00-924), przy ul. Kopernika 36\/40, NIP 526-26-54-633, REGON 015263890<\/p>\n<p><strong>II. Podstawa Prawna udzielanego zam\u00f3wienia:<\/strong><\/p>\n<p>Art.\u00a011 ust. 5 pkt 2\u00a0ustawy Prawo zam\u00f3wie\u0144 publicznych<br \/>dostawa \/ us\u0142uga z zakresu dzia\u0142alno\u015bci kulturalnej z kategorii:<\/p>\n<ul>\n<li><strong><\/strong>Wystawy, koncerty, konkursy, festiwale, widowiska, spektakle teatralne<\/li>\n<li>Przedsi\u0119wzi\u0119cia z zakresu edukacji kulturalnej<\/li>\n<\/ul>\n<p><strong>III. Przedmiot zam\u00f3wienia:<\/strong><\/p>\n<p>Nazwa post\u0119powania: <strong>Cykl letnich koncert\u00f3w w Parku Mu\u017cakowskim\u00a0z Filharmoni\u0105 Zielonog\u00f3rsk\u0105<br \/><\/strong><\/p>\n<p>Okre\u015blenie przedmiotu oraz wielko\u015bci lub zakresu zam\u00f3wienia (np. parametry, spos\u00f3b i miejsce realizacji, termin realizacji, istotne postanowienia umowy): <strong><br \/><\/strong><\/p>\n<p><strong>Planowane s\u0105 trzy rodzaje koncert\u00f3w:<\/strong><\/p>\n<ul>\n<li>Kameralne koncerty na \u0142\u0105ce przy Punkcie Informacyjnym lub Domu Angielskim; czas trwania ok. 40 min, z uwzgl\u0119dnieniem 2 bis\u00f3w;<\/li>\n<li>Sobotnie kameralne koncerty przy Domu Angielskim, godz. 12:00, 14:00, 15:00; czas trwania ka\u017cdego ok. 20 min, z uwzgl\u0119dnieniem 1 bisu;<\/li>\n<li>Koncert\u00a0 na \u0141\u0105ce Rotha z udzia\u0142em publiczno\u015bci (1000 os.).<\/li>\n<\/ul>\n<p><strong>Kryteria oceny ofert: nie dotyczy<br \/><\/strong><\/p>\n<p>Termin i miejsce prowadzenia negocjacji: <strong>do dnia 30 kwietnia 2024 r. za po\u015brednictwem \u015brodk\u00f3w komunikacji elektronicznej.<br \/><\/strong><\/p>\n<p>Niezw\u0142ocznie po udzieleniu zam\u00f3wienia zamawiaj\u0105cy zamie\u015bci na stronie podmiotowej Biuletynu Informacji Publicznej, informacj\u0119 o udzieleniu zam\u00f3wienia, podaj\u0105c nazw\u0119 albo imi\u0119 i nazwisko podmiotu, z kt\u00f3rym zawar\u0142 umow\u0119 w sprawie zam\u00f3wienia publicznego.<\/p>\n<p>W razie nieudzielenia zam\u00f3wienia zamawiaj\u0105cy niezw\u0142ocznie zamie\u015bci na stronie podmiotowej Biuletynu Informacji Publicznej informacj\u0119 o nieudzieleniu zam\u00f3wienia.<\/p>\n<p>&nbsp;<\/p>\n<p><b><span>Download<br \/><\/span><\/b><\/p>\n<p><a class=\"attachment\" href=\"https:\/\/nid.pl\/wp-content\/uploads\/2024\/04\/ogloszenie_Cykl-letnich-koncertow-w-Parku-Muzakowskim-z-Filharmonia-Zielonogorska.docx\" target=\"_blank\" rel=\"noopener\" title=\"plik zostanie otwarty w nowym oknie\">Og\u0142oszenie o udzielanym zam\u00f3wieniu \u201eCykl letnich koncert\u00f3w w Parku Mu\u017cakowskim z Filharmoni\u0105 Zielonog\u00f3rsk\u0105\u201d<\/a><\/p>\n<p><b><span>\u00a0<\/span><\/b><\/p>\n<p>[\/et_pb_accordion_item][et_pb_accordion_item title=&#8221;Narodowy Instytut dziedzictwa og\u0142asza nab\u00f3r do programu %22Wsp\u00f3lnie dla dziedzictwa%22 w 2024 r&#8221; _builder_version=&#8221;4.24.2&#8243; _module_preset=&#8221;default&#8221; custom_margin=&#8221;||0px||false|false&#8221; global_colors_info=&#8221;{}&#8221; open=&#8221;off&#8221;]<\/p>\n<p><img loading=\"lazy\" decoding=\"async\" src=\"https:\/\/nid.pl\/wp-content\/uploads\/2023\/04\/Logo_NID_MKiDN_2023.png\" width=\"500\" height=\"93\" \/><\/p>\n<p><b>25.04.2024 r.\u00a0<\/b><\/p>\n<p><strong>Narodowy Instytut dziedzictwa og\u0142asza nab\u00f3r do programu \u201eWsp\u00f3lnie dla dziedzictwa\u201d.<\/strong><\/p>\n<p>Jego celem jest tworzenie warunk\u00f3w do zr\u00f3wnowa\u017conej ochrony dziedzictwa kulturowego i wykorzystania jago warto\u015bci dla rozwoju spo\u0142ecznego obecnych i przysz\u0142ych pokole\u0144.<\/p>\n<p><strong>Program adresowany jest do organizacji pozarz\u0105dowych.<\/strong><\/p>\n<p>Aplikowanie odbywa si\u0119 za pomoc\u0105 platformy informatycznej Witkac &#8211; <a href=\"https:\/\/witkac.pl\/#\/contest\/view\/31256\" target=\"_blank\" rel=\"noopener\" title=\"Link zostanie otwarty w nowym oknie\">witkac.pl<\/a><br \/><strong>Nab\u00f3r wniosk\u00f3w do programu trwa do 27 maja 2024 r. do godz. 15.00.<\/strong><\/p>\n<p><b><span>Wi\u0119cej informacji: <a href=\"https:\/\/nid.pl\/en\/dotacje\/wspolnie-dla-dziedzictwa\/\" target=\"_blank\" rel=\"noopener\" title=\"Link zostanie otwarty w nowym oknie\"><strong>Dotacje\/Wsp\u00f3lnie dla dziedzictwa<\/strong><\/a><\/span><\/b><\/p>\n<p><b><span><\/span><\/b><\/p>\n<p><b><span>Download<br \/><\/span><\/b><\/p>\n<p><a class=\"attachment\" href=\"https:\/\/nid.pl\/wp-content\/uploads\/2024\/04\/Regulamin-programu-Wspolnie-dla-dziedzictwa-2024.pdf\" target=\"_blank\" rel=\"noopener noreferrer\" title=\"Plik zostanie otwarty w nowym oknie\">Regulamin Programu Wsp\u00f3lnie dla dziedzictwa 2024<\/a><\/p>\n<p><a class=\"attachment\" href=\"https:\/\/nid.pl\/wp-content\/uploads\/2024\/04\/Instrukcja-wypelniania-wniosku-WDD-2024.pdf\" target=\"_blank\" rel=\"noopener noreferrer\" title=\"Plik zostanie otwarty w nowym oknie\">Instrukcja wype\u0142niania wniosku WDD 2024<\/a><\/p>\n<p><b><span>\u00a0<\/span><\/b><\/p>\n<p>[\/et_pb_accordion_item][et_pb_accordion_item title=&#8221;Narodowy Instytut Dziedzictwa og\u0142asza nab\u00f3r wniosk\u00f3w do programu \u201eNiematerialne \u2013 przeka\u017c dalej\u201d. &#8221; _builder_version=&#8221;4.24.2&#8243; _module_preset=&#8221;default&#8221; custom_margin=&#8221;||0px||false|false&#8221; global_colors_info=&#8221;{}&#8221; open=&#8221;off&#8221;]<\/p>\n<p><img loading=\"lazy\" decoding=\"async\" src=\"https:\/\/nid.pl\/wp-content\/uploads\/2023\/04\/Logo_NID_MKiDN_2023.png\" width=\"500\" height=\"93\" \/><\/p>\n<p><b>22.04.2024 r.\u00a0<\/b><\/p>\n<p><strong>Narodowy Instytut Dziedzictwa og\u0142asza nab\u00f3r wniosk\u00f3w do programu \u201eNiematerialne \u2013 przeka\u017c dalej\u201d.<\/strong><\/p>\n<p>Celem programu jest wspieranie projekt\u00f3w s\u0142u\u017c\u0105cych wzmocnieniu przekazu pokoleniowego, ochrony i popularyzacji zjawisk wpisanych na Krajow\u0105 list\u0119 niematerialnego dziedzictwa kulturowego oraz praktyk wpisanych do Krajowego rejestru dobrych praktyk w ochronie niematerialnego dziedzictwa kulturowego.<\/p>\n<p>O dofinansowanie w ramach programu mog\u0105 ubiega\u0107 si\u0119:<br \/>a) organizacje pozarz\u0105dowe b\u0119d\u0105ce podmiotami prawa polskiego,<br \/>b) samorz\u0105dowe instytucje kultury, z wy\u0142\u0105czeniem wsp\u00f3\u0142prowadzonych przez Ministra Kultury i Dziedzictwa Narodowego,<br \/>c) ko\u015bcio\u0142y i zwi\u0105zki wyznaniowe.<br \/>Aplikowanie odbywa si\u0119 za pomoc\u0105 platformy informatycznej Witkac \u2013 <a href=\"https:\/\/witkac.pl\/#\/contest\/view?id=26155\" target=\"_blank\" rel=\"noopener\" title=\"Link zostanie otwarty w nowym oknie\">witkac.pl<\/a><\/p>\n<p><strong>Nab\u00f3r wniosk\u00f3w trwa od 22 kwietnia 2024 r. do 22 maja 2024 r. do godz. 15.00.<\/strong><br \/><b><span><\/span><\/b><\/p>\n<p><b><span>Wi\u0119cej informacji: <a href=\"https:\/\/nid.pl\/en\/dotacje\/niematerialne-przekaz-dalej\/\" target=\"_blank\" rel=\"noopener\" title=\"Link zostanie otwarty w nowym oknie\">Dotacje\/Niematerialne &#8211; przeka\u017c dalej<\/a><\/span><\/b><\/p>\n<p><b><span>Download<br \/><a href=\"https:\/\/nid.pl\/wp-content\/uploads\/2024\/04\/Regulamin-programu-Niematerialne-przekaz-dalej-2024.pdf\" target=\"_blank\" rel=\"noopener\" title=\"Link zostanie otwarty w nowym oknie\">Regulamin programu \u201eNiematerialne \u2013 przeka\u017c dalej\u201d 2024<\/a><br \/><a href=\"https:\/\/nid.pl\/wp-content\/uploads\/2024\/04\/Instrukcja-wypelniania-wniosku-Niematerialne-przekaz-dalej-2024.pdf\" target=\"_blank\" rel=\"noopener\" title=\"Link zostanie otwarty w nowym oknie\">Instrukcja wype\u0142niania wniosku \u201eNiematerialne \u2013 przeka\u017c dalej\u201d 2024<\/a><\/span><\/b><\/p>\n<p><b><span><\/span><\/b><\/p>\n<p>Program \u201eNiematerialne \u2013 przeka\u017c dalej\u201d jest realizowany ze \u015brodk\u00f3w Ministra Kultury i Dziedzictwa Narodowego<\/p>\n<p>&nbsp;<\/p>\n<p>[\/et_pb_accordion_item][et_pb_accordion_item title=&#8221;Og\u0142oszenie wynik\u00f3w naboru w programie Wsp\u00f3lnie dla Dziedzictwa w 2023 r.&#8221; _builder_version=&#8221;4.26.0&#8243; _module_preset=&#8221;default&#8221; custom_margin=&#8221;||0px||false|false&#8221; global_colors_info=&#8221;{}&#8221; open=&#8221;off&#8221;]<\/p>\n<p><b>6.07.2023 r.\u00a0<\/b><\/p>\n<p>W ramach przeprowadzonego naboru od 14 kwietnia br. do 16 maja br. z\u0142o\u017cono 152 wnioski o dofinansowanie, na kwot\u0119 ponad 8,6 mln z\u0142.<\/p>\n<p>Wnioski zosta\u0142y sprawdzone i ocenione zgodnie z wymogami i kryteriami okre\u015blonymi w regulaminie programu. Po ocenie formalnej, 36 wniosk\u00f3w zosta\u0142o odrzuconych z powodu nie spe\u0142niania okre\u015blonych w nim wymog\u00f3w. Pozosta\u0142e wnioski w liczbie 116 przesz\u0142y pe\u0142en proces oceny punktowej.<\/p>\n<p>Oceny warto\u015bci merytorycznej projekt\u00f3w dokona\u0142 Zesp\u00f3\u0142 steruj\u0105cy, sk\u0142adaj\u0105cy si\u0119 z sze\u015bciu ekspert\u00f3w ds. dziedzictwa kulturowego. Druga cz\u0119\u015b\u0107 oceny \u2013 pod k\u0105tem strategicznej zgodno\u015bci z celami programu oraz organizacyjnych warunk\u00f3w i mo\u017cliwo\u015bci wykonania zada\u0144 \u2013 zosta\u0142a wykonana w Narodowym Instytucie Dziedzictwa.<\/p>\n<p>Zgodnie z regulaminem programu, dofinansowanie mo\u017ce by\u0107 przyznane zadaniom, kt\u00f3re w wyniku oceny otrzyma\u0142y, co najmniej 70 pkt. Tak\u0105 ocen\u0119 uzyska\u0142o 40 wniosk\u00f3w, jednak \u015brodki przeznaczone na dofinansowania w ramach programu (bud\u017cet programu 1 220 000 z\u0142) by\u0142y niewystarczaj\u0105ce do wsparcia realizacji wszystkich tych zada\u0144.<\/p>\n<p>Przy rozpatrywaniu wniosk\u00f3w z\u0142o\u017conych do program\u00f3w dotacyjnych Narodowy Instytut Dziedzictwa od lat kieruje si\u0119 zasad\u0105 przyznawania dofinansowania na realizacj\u0119 zada\u0144 w takiej wysoko\u015bci, by pozwoli\u0142a Beneficjentowi na jak najpe\u0142niejsze wykonanie za\u0142o\u017conych cel\u00f3w i wska\u017anik\u00f3w. W zwi\u0105zku z tym, na podstawie \u00a710 ust. 16 regulaminu programu, Dyrektor NID podj\u0119\u0142a decyzj\u0119 o podniesieniu progu punktowego do 77 pkt., zatem <strong>dofinansowanie otrzyma\u0142o 29 zada\u0144.<\/strong><\/p>\n<p><strong>Download<\/strong><br \/><strong>1. <a href=\"https:\/\/nid.pl\/wp-content\/uploads\/2023\/07\/Wyniki-naboru-programu-WDD-2023_03.07.2023.pdf\" target=\"_blank\" rel=\"noopener\" title=\"Plik zostanie otwarty w nowym oknie\">Wyniki naboru Wsp\u00f3lnie dla Dziedzictwa 2023<\/a><\/strong><br \/><strong>2. <a href=\"https:\/\/nid.pl\/wp-content\/uploads\/2023\/07\/Sklad-Zespolu-Sterujacego-programu-Wspolnie-dla-dziedzictwa-2023.pdf\" target=\"_blank\" rel=\"noopener\" title=\"Plik zostanie otwarty w nowym oknie\">Sk\u0142ad Zespo\u0142u Steruj\u0105cego Wsp\u00f3lnie dla Dziedzictwa 2023<\/a><\/strong><\/p>\n<p><strong><\/strong><\/p>\n<p>Program Wsp\u00f3lnie dla dziedzictwa jest realizowany ze \u015brodk\u00f3w Ministra Kultury\u00a0i Dziedzictwa Narodowego.<\/p>\n<p><img loading=\"lazy\" decoding=\"async\" src=\"https:\/\/nid.pl\/wp-content\/uploads\/2022\/10\/MKiDN-01-2022.png\" width=\"300\" height=\"93\" \/><\/p>\n<p>[\/et_pb_accordion_item][et_pb_accordion_item title=&#8221;Og\u0142oszenie wynik\u00f3w naboru w programie \u201eNiematerialne \u2013 przeka\u017c dalej\u201d w 2023 r.&#8221; _builder_version=&#8221;4.16&#8243; _module_preset=&#8221;default&#8221; custom_margin=&#8221;||0px||false|false&#8221; global_colors_info=&#8221;{}&#8221; open=&#8221;off&#8221;]<\/p>\n<p><b>5.07.2023 r.\u00a0<\/b><\/p>\n<p><strong>W ramach przeprowadzonego naboru do 16 maja br. z\u0142o\u017cono 50 wniosk\u00f3w o dofinansowanie, na \u0142\u0105czn\u0105 kwot\u0119 ponad 1,8 mln z\u0142. Po przeprowadzeniu procedury oceny wniosk\u00f3w zgodnie z warunkami i kryteriami okre\u015blonymi w regulaminie programu, dofinansowanie otrzyma\u0142o 11 zada\u0144.<\/strong><\/p>\n<p>W ramach prowadzonego naboru wniosk\u00f3w, do <strong>16 maja 2023 roku do NID z\u0142o\u017cono<\/strong> \u0142\u0105cznie <strong>50 wniosk\u00f3w<\/strong> o dofinansowanie, <strong>na \u0142\u0105czn\u0105 kwot\u0119 ponad 1,8 mln. z\u0142.<\/strong><\/p>\n<p>Wnioski zosta\u0142y sprawdzone i ocenione zgodnie z wymogami i kryteriami okre\u015blonymi w Regulaminie Programu. <strong>Po ocenie formalnej, 7 wniosk\u00f3w zosta\u0142o odrzuconych z powodu nie spe\u0142niania<\/strong> okre\u015blonych w nim <strong>wymog\u00f3w<\/strong>. <strong>Pozosta\u0142e 43 wnioski przesz\u0142y pe\u0142en proces oceny punktowej.<\/strong><\/p>\n<p>Oceny warto\u015bci merytorycznej projekt\u00f3w dokona\u0142 Zesp\u00f3\u0142 steruj\u0105cy, sk\u0142adaj\u0105cy si\u0119 z ekspert\u00f3w w dziedzinie dziedzictwa niematerialnego. Druga cz\u0119\u015b\u0107 oceny \u2013 pod k\u0105tem strategicznej zgodno\u015bci z celami programu oraz organizacyjnych warunk\u00f3w i mo\u017cliwo\u015bci wykonania zada\u0144 \u2013 zosta\u0142a wykonana w Narodowym Instytucie Dziedzictwa.<\/p>\n<p>Zgodnie z regulaminem programu, dofinansowanie mo\u017ce by\u0107 przyznane zadaniom, kt\u00f3re w wyniku oceny otrzyma\u0142y co najmniej 70 pkt. Tak\u0105 ocen\u0119 uzyska\u0142o 16 wniosk\u00f3w, jednak \u015brodki przeznaczone na dofinansowania w ramach programu (300 000 z\u0142) by\u0142y niewystarczaj\u0105ce do wsparcia realizacji wszystkich tych zada\u0144.<\/p>\n<p>Przy rozpatrywaniu wniosk\u00f3w z\u0142o\u017conych do program\u00f3w dotacyjnych Narodowy Instytut Dziedzictwa od lat kieruje si\u0119 zasad\u0105 przyznawania dofinansowania na realizacj\u0119 zada\u0144 w takiej wysoko\u015bci, by pozwoli\u0142a Beneficjentowi na jak najpe\u0142niejsze wykonanie za\u0142o\u017conych cel\u00f3w i wska\u017anik\u00f3w. W zwi\u0105zku z tym, na podstawie \u00a710 ust. 16 regulaminu programu, Dyrektor NID podj\u0119\u0142a decyzj\u0119 o podniesieniu progu punktowego do 74 pkt., zatem <strong>dofinansowanie otrzyma\u0142o 11 zada\u0144.<\/strong><\/p>\n<p><strong><\/strong><\/p>\n<p><strong>Download<\/strong><br \/><strong>1. <a href=\"https:\/\/nid.pl\/wp-content\/uploads\/2023\/07\/Niematerialne-przekaz-dalej.-Wyniki-naboru-wnioskow-2023.pdf\" target=\"_blank\" rel=\"noopener\" title=\"Plik zostanie otwarty w nowym oknie\">Wyniki naboru wniosk\u00f3w 2023<\/a><\/strong><br \/><strong>2. <\/strong><a href=\"https:\/\/nid.pl\/wp-content\/uploads\/2023\/07\/Niematerialne-przekaz-dalej.Sklad-Zespolu-sterujacego-2023.pdf\" target=\"_blank\" rel=\"noopener\" title=\"Plik zostanie otwarty w nowym oknie\"><strong>Sk\u0142ad Zespo\u0142u steruj\u0105cego 2023<\/strong><\/a><\/p>\n<p><strong><\/strong><\/p>\n<p>Program \u201eNiematerialne \u2013 przeka\u017c dalej\u201d jest finansowany ze \u015brodk\u00f3w Ministra Kultury i Dziedzictwa Narodowego<\/p>\n<p>\u00a0<img loading=\"lazy\" decoding=\"async\" src=\"https:\/\/nid.pl\/wp-content\/uploads\/2022\/10\/MKiDN-01-2022.png\" width=\"300\" height=\"93\" \/><\/p>\n<p>[\/et_pb_accordion_item][et_pb_accordion_item title=&#8221;Narodowy Instytut Dziedzictwa og\u0142asza nab\u00f3r wniosk\u00f3w do programu \u201eNiematerialne \u2013 przeka\u017c dalej\u201d. &#8221; _builder_version=&#8221;4.16&#8243; _module_preset=&#8221;default&#8221; custom_margin=&#8221;||0px||false|false&#8221; global_colors_info=&#8221;{}&#8221; open=&#8221;off&#8221;]<\/p>\n<p><img loading=\"lazy\" decoding=\"async\" src=\"https:\/\/nid.pl\/wp-content\/uploads\/2023\/04\/Logo_NID_MKiDN_2023.png\" width=\"500\" height=\"93\" \/><\/p>\n<p><b>14.04.2023 r.\u00a0<\/b><\/p>\n<p><strong>Narodowy Instytut Dziedzictwa og\u0142asza nab\u00f3r wniosk\u00f3w do programu \u201eNiematerialne \u2013 przeka\u017c dalej\u201d. <\/strong><\/p>\n<p>Celem programu jest wspieranie projekt\u00f3w, kt\u00f3re b\u0119d\u0105 zwi\u0119ksza\u0107 wiedz\u0119 spo\u0142ecze\u0144stwa na temat roli tego dziedzictwa niematerialnego w kulturze lokalnej i og\u00f3lnopolskiej, aktywizowa\u0107 spo\u0142eczno\u015bci lokalne i budowa\u0107 sieci wsp\u00f3\u0142pracy w zakresie poznawania, ochrony i opieki nad dziedzictwem niematerialnym.<\/p>\n<p>Program adresowany jest do <strong>organizacji pozarz\u0105dowych<\/strong>, kt\u00f3re s\u0105 Depozytariuszami zjawisk wpisanych na Krajow\u0105 list\u0119 dziedzictwa niematerialnego b\u0105d\u017a wsp\u00f3\u0142pracuj\u0105 z Depozytariuszem takiego zjawiska.<\/p>\n<p>Aplikowanie odbywa si\u0119 za pomoc\u0105 platformy informatycznej Witkac &#8211; <a href=\"https:\/\/witkac.pl\/#\/contest\/view?id=26155\" target=\"_blank\" rel=\"noopener\" title=\"Link zostanie otwarty w nowym oknie\">witkac.pl<\/a><br \/><strong>Nab\u00f3r wniosk\u00f3w trwa od 14 kwietnia 2023 r. do 16 maja 2023 r. do godz. 15.00.<\/strong><\/p>\n<p><b><span>Wi\u0119cej informacji: <a href=\"https:\/\/nid.pl\/en\/dotacje\/niematerialne-przekaz-dalej\/\" target=\"_blank\" rel=\"noopener\" title=\"Link zostanie otwarty w nowym oknie\">Dotacje\/Niematerialne &#8211; przeka\u017c dalej<\/a><\/span><\/b><\/p>\n<p><b><span>Download<br \/><a href=\"https:\/\/nid.pl\/wp-content\/uploads\/2023\/04\/Regulamin-programu-Niematerialne-przekaz-dalej-2023.pdf\" target=\"_blank\" rel=\"noopener\" title=\"Link zostanie otwarty w nowym oknie\">Regulamin programu \u201eNiematerialne \u2013 przeka\u017c dalej\u201d<\/a><br \/><a href=\"https:\/\/nid.pl\/wp-content\/uploads\/2023\/04\/Instrukcja-wypelnienia-wniosku-do-programu-Niematerialne-przekaz-dalej-2023.pdf\" target=\"_blank\" rel=\"noopener\" title=\"Link zostanie otwarty w nowym oknie\">Instrukcja wype\u0142niania wniosku \u201eNiematerialne \u2013 przeka\u017c dalej\u201d 2023<\/a><\/span><\/b><\/p>\n<p>[\/et_pb_accordion_item][et_pb_accordion_item title=&#8221;Narodowy Instytut dziedzictwa og\u0142asza nab\u00f3r do programu %22Wsp\u00f3lnie dla dziedzictwa%22&#8243; _builder_version=&#8221;4.24.2&#8243; _module_preset=&#8221;default&#8221; custom_margin=&#8221;||0px||false|false&#8221; global_colors_info=&#8221;{}&#8221; open=&#8221;off&#8221;]<\/p>\n<p><img loading=\"lazy\" decoding=\"async\" src=\"https:\/\/nid.pl\/wp-content\/uploads\/2023\/04\/Logo_NID_MKiDN_2023.png\" width=\"500\" height=\"93\" \/><\/p>\n<p><b>14.04.2023 r.\u00a0<\/b><\/p>\n<p><strong>Narodowy Instytut dziedzictwa og\u0142asza nab\u00f3r do programu \u201eWsp\u00f3lnie dla dziedzictwa\u201d.<\/strong><\/p>\n<p>Jego celem jest tworzenie warunk\u00f3w do zr\u00f3wnowa\u017conej ochrony dziedzictwa kulturowego i wykorzystania jago warto\u015bci dla rozwoju spo\u0142ecznego obecnych i przysz\u0142ych pokole\u0144.<\/p>\n<p><strong>Program adresowany jest do organizacji pozarz\u0105dowych.<\/strong><\/p>\n<p>Aplikowanie odbywa si\u0119 za pomoc\u0105 platformy informatycznej Witkac &#8211; <a href=\"https:\/\/witkac.pl\/#\/contest\/view?id=26137\" target=\"_blank\" rel=\"noopener\" title=\"Link zostanie otwarty w nowym oknie\">witkac.pl<\/a><br \/><strong>Nab\u00f3r wniosk\u00f3w do programu trwa do 16 maja 2023 r. do godz. 15.00.<\/strong><\/p>\n<p><b><span>Wi\u0119cej informacji: <a href=\"https:\/\/nid.pl\/en\/dotacje\/wspolnie-dla-dziedzictwa\/\" target=\"_blank\" rel=\"noopener\" title=\"Link zostanie otwarty w nowym oknie\"><strong>Dotacje\/Wsp\u00f3lnie dla dziedzictwa<\/strong><\/a><\/span><\/b><\/p>\n<p><b><span>Download<br \/><a href=\"https:\/\/nid.pl\/wp-content\/uploads\/2023\/04\/Regulamin-Programu-Wspolnie-dla-Dziedzictwa-2023.pdf\" target=\"_blank\" rel=\"noopener\" title=\"Link zostanie otwarty w nowym oknie\">Regulamin Programu Wsp\u00f3lnie dla dziedzictwa 2023<\/a><br \/><a href=\"https:\/\/nid.pl\/en\/instrukcja-wypelniania-wniosku-wdd-2023\/\" target=\"_blank\" rel=\"noopener\" title=\"Link zostanie otwarty w nowym oknie\">Instrukcja wype\u0142niania wniosku WDD 2023<\/a><\/span><\/b><\/p>\n<p>&nbsp;<\/p>\n<p>[\/et_pb_accordion_item][et_pb_accordion_item title=&#8221;Post\u0119powanie pn.: \u201e Us\u0142uga polegaj\u0105ca na przeszkoleniu 2 os\u00f3b w zakresie zarzadzania zmian\u0105\u201d, numer og\u0142oszenia: 2022-39880-124590 &#8221; content_tablet=&#8221;<\/p>\n<p><img src=\"%22https:\/\/nid.pl\/wp-content\/uploads\/2022\/08\/belka.jpg%22\" width=\"%22970%22\" height=\"%2293%22\" \/><\/p>\n<p><b>18.08.2022 r. <\/b><\/p>\n<p>Narodowy Instytut Dziedzictwa informuje, \u017ce post\u0119powanie pn.: <strong>\u201eUs\u0142uga polegaj\u0105ca na przeszkoleniu 2 os\u00f3b w zakresie zarzadzania zmian\u0105\u201d, <\/strong>prowadzone jest w trybie zapytania ofertowego za po\u015brednictwem serwisu Baza Konkurencyjno\u015bci pod adresem: <a href=\"\/en\/%22https:\/\/bazakonkurencyjnosci.funduszeeuropejskie.gov.pl\/%22\/\" data-et-target-link=\"%22_blank%22\" rel=\"%22noopener%22\" title=\"%22Link\" zostanie otwarty w nowym oknie%22>https:\/\/bazakonkurencyjnosci.funduszeeuropejskie.gov.pl<\/a><\/p>\n<p>Numer og\u0142oszenia : 2022-39880-122192 (data publikacji 18.08.2022r)<\/p>\n<p>Szkolenie odb\u0119dzie si\u0119 w zwi\u0105zku z realizowanym przez Narodowy Instytut Dziedzictwa projektem, pn.: Digitalizacja i udost\u0119pnianie cyfrowych d\u00f3br kultury \u2013 zabytk\u00f3w oraz grob\u00f3w i cmentarzy wojennych (nr projektu: POPC.02.03.02-00-0017\/18). Projekt jest realizowany w ramach Programu Operacyjnego Polska Cyfrowa 2014 \u2013 2020 w oparciu o umow\u0119 o dofinansowanie ze \u015brodk\u00f3w Europejskiego Funduszu Rozwoju Regionalnego.<\/p>\n<p>Dokumentacja post\u0119powania dost\u0119pna jest pod linkiem:<br \/><a href=\"\/en\/%22https:\/\/bazakonkurencyjnosci.funduszeeuropejskie.gov.pl\/ogloszenia\/122192%22\/\" data-et-target-link=\"%22_blank%22\" rel=\"%22noopener%22\" title=\"%22Link\" zostanie otwarty w nowym oknie%22>https:\/\/bazakonkurencyjnosci.funduszeeuropejskie.gov.pl\/ogloszenia\/122192<\/a><\/p>\n<p>&#8221; content_phone=&#8221;<\/p>\n<p><img src=\"%22https:\/\/nid.pl\/wp-content\/uploads\/2022\/08\/belka.jpg%22\" width=\"%22970%22\" height=\"%2293%22\" \/><\/p>\n<p><b>18.08.2022 r. <\/b><\/p>\n<p>Narodowy Instytut Dziedzictwa informuje, \u017ce post\u0119powanie pn.: <strong>\u201eUs\u0142uga polegaj\u0105ca na przeszkoleniu 2 os\u00f3b w zakresie zarzadzania zmian\u0105\u201d, <\/strong>prowadzone jest w trybie zapytania ofertowego za po\u015brednictwem serwisu Baza Konkurencyjno\u015bci pod adresem: <a href=\"\/en\/%22https:\/\/bazakonkurencyjnosci.funduszeeuropejskie.gov.pl\/%22\/\" data-et-target-link=\"%22_blank%22\" rel=\"%22noopener%22\" title=\"%22Link\" zostanie otwarty w nowym oknie%22>https:\/\/bazakonkurencyjnosci.funduszeeuropejskie.gov.pl<\/a><\/p>\n<p>Numer og\u0142oszenia : 2022-39880-122192 (data publikacji 18.08.2022r)<\/p>\n<p>Szkolenie odb\u0119dzie si\u0119 w zwi\u0105zku z realizowanym przez Narodowy Instytut Dziedzictwa projektem, pn.: Digitalizacja i udost\u0119pnianie cyfrowych d\u00f3br kultury \u2013 zabytk\u00f3w oraz grob\u00f3w i cmentarzy wojennych (nr projektu: POPC.02.03.02-00-0017\/18). Projekt jest realizowany w ramach Programu Operacyjnego Polska Cyfrowa 2014 \u2013 2020 w oparciu o umow\u0119 o dofinansowanie ze \u015brodk\u00f3w Europejskiego Funduszu Rozwoju Regionalnego.<\/p>\n<p>Dokumentacja post\u0119powania dost\u0119pna jest pod linkiem:<br \/><a href=\"\/en\/%22https:\/\/bazakonkurencyjnosci.funduszeeuropejskie.gov.pl\/ogloszenia\/122192%22\/\" data-et-target-link=\"%22_blank%22\" rel=\"%22noopener%22\" title=\"%22Link\" zostanie otwarty w nowym oknie%22>https:\/\/bazakonkurencyjnosci.funduszeeuropejskie.gov.pl\/ogloszenia\/122192<\/a><\/p>\n<p>&#8221; content_last_edited=&#8221;on|desktop&#8221; _builder_version=&#8221;4.16&#8243; _module_preset=&#8221;default&#8221; background_enable_image=&#8221;off&#8221; custom_margin=&#8221;||-1px||false|false&#8221; global_colors_info=&#8221;{}&#8221; open=&#8221;off&#8221;]<\/p>\n<p><img loading=\"lazy\" decoding=\"async\" src=\"https:\/\/nid.pl\/wp-content\/uploads\/2022\/08\/belka.jpg\" width=\"970\" height=\"93\" \/><\/p>\n<p><b>01.09.2022 r.\u00a0<\/b><\/p>\n<p>Narodowy Instytut Dziedzictwa informuje, \u017ce post\u0119powanie pn.: <strong>\u201eUs\u0142uga polegaj\u0105ca na przeszkoleniu 2 os\u00f3b w zakresie zarzadzania zmian\u0105\u201d, <\/strong>prowadzone jest w trybie zapytania ofertowego za po\u015brednictwem serwisu Baza Konkurencyjno\u015bci pod adresem: <a href=\"https:\/\/bazakonkurencyjnosci.funduszeeuropejskie.gov.pl\/\" target=\"_blank\" rel=\"noopener\" title=\"Link zostanie otwarty w nowym oknie\">https:\/\/bazakonkurencyjnosci.funduszeeuropejskie.gov.pl<\/a><\/p>\n<p>Numer og\u0142oszenia : 2022-39880-124590 (data publikacji 01.09.2022r)<\/p>\n<p>Szkolenie odb\u0119dzie si\u0119 w zwi\u0105zku z realizowanym przez Narodowy Instytut Dziedzictwa projektem, pn.: Digitalizacja i udost\u0119pnianie cyfrowych d\u00f3br kultury \u2013 zabytk\u00f3w oraz grob\u00f3w i cmentarzy wojennych (nr projektu: POPC.02.03.02-00-0017\/18). Projekt jest realizowany w ramach Programu Operacyjnego Polska Cyfrowa 2014 \u2013 2020 w oparciu o umow\u0119 o dofinansowanie ze \u015brodk\u00f3w Europejskiego Funduszu Rozwoju Regionalnego.<\/p>\n<p><strong>Termin sk\u0142adania ofert up\u0142ywa w dniu 09.09.2022 o godz. 10.00<\/strong><\/p>\n<p>Dokumentacja post\u0119powania dost\u0119pna jest pod linkiem:<br \/><a href=\"https:\/\/bazakonkurencyjnosci.funduszeeuropejskie.gov.pl\/ogloszenia\/124590\" target=\"_blank\" rel=\"noopener\" title=\"Link zostanie otwarty w nowym oknie\">https:\/\/bazakonkurencyjnosci.funduszeeuropejskie.gov.pl\/ogloszenia\/124590<\/a><\/p>\n<p>[\/et_pb_accordion_item][et_pb_accordion_item title=&#8221;Post\u0119powanie pn.: \u201e Us\u0142uga polegaj\u0105ca na przeszkoleniu 2 os\u00f3b w zakresie zarzadzania zmian\u0105\u201d, numer og\u0142oszenia: 2022-39880-122192&#8243; content_tablet=&#8221;<\/p>\n<p><img src=\"%22https:\/\/nid.pl\/wp-content\/uploads\/2022\/08\/belka.jpg%22\" width=\"%22970%22\" height=\"%2293%22\" \/><\/p>\n<p><b>18.08.2022 r. <\/b><\/p>\n<p>Narodowy Instytut Dziedzictwa informuje, \u017ce post\u0119powanie pn.: <strong>\u201eUs\u0142uga polegaj\u0105ca na przeszkoleniu 2 os\u00f3b w zakresie zarzadzania zmian\u0105\u201d, <\/strong>prowadzone jest w trybie zapytania ofertowego za po\u015brednictwem serwisu Baza Konkurencyjno\u015bci pod adresem: <a href=\"\/en\/%22https:\/\/bazakonkurencyjnosci.funduszeeuropejskie.gov.pl\/%22\/\" data-et-target-link=\"%22_blank%22\" rel=\"%22noopener%22\" title=\"%22Link\" zostanie otwarty w nowym oknie%22>https:\/\/bazakonkurencyjnosci.funduszeeuropejskie.gov.pl<\/a><\/p>\n<p>Numer og\u0142oszenia : 2022-39880-122192 (data publikacji 18.08.2022r)<\/p>\n<p>Szkolenie odb\u0119dzie si\u0119 w zwi\u0105zku z realizowanym przez Narodowy Instytut Dziedzictwa projektem, pn.: Digitalizacja i udost\u0119pnianie cyfrowych d\u00f3br kultury \u2013 zabytk\u00f3w oraz grob\u00f3w i cmentarzy wojennych (nr projektu: POPC.02.03.02-00-0017\/18). Projekt jest realizowany w ramach Programu Operacyjnego Polska Cyfrowa 2014 \u2013 2020 w oparciu o umow\u0119 o dofinansowanie ze \u015brodk\u00f3w Europejskiego Funduszu Rozwoju Regionalnego.<\/p>\n<p>Dokumentacja post\u0119powania dost\u0119pna jest pod linkiem:<br \/><a href=\"\/en\/%22https:\/\/bazakonkurencyjnosci.funduszeeuropejskie.gov.pl\/ogloszenia\/122192%22\/\" data-et-target-link=\"%22_blank%22\" rel=\"%22noopener%22\" title=\"%22Link\" zostanie otwarty w nowym oknie%22>https:\/\/bazakonkurencyjnosci.funduszeeuropejskie.gov.pl\/ogloszenia\/122192<\/a><\/p>\n<p>&#8221; content_phone=&#8221;<\/p>\n<p><img src=\"%22https:\/\/nid.pl\/wp-content\/uploads\/2022\/08\/belka.jpg%22\" width=\"%22970%22\" height=\"%2293%22\" \/><\/p>\n<p><b>18.08.2022 r. <\/b><\/p>\n<p>Narodowy Instytut Dziedzictwa informuje, \u017ce post\u0119powanie pn.: <strong>\u201eUs\u0142uga polegaj\u0105ca na przeszkoleniu 2 os\u00f3b w zakresie zarzadzania zmian\u0105\u201d, <\/strong>prowadzone jest w trybie zapytania ofertowego za po\u015brednictwem serwisu Baza Konkurencyjno\u015bci pod adresem: <a href=\"\/en\/%22https:\/\/bazakonkurencyjnosci.funduszeeuropejskie.gov.pl\/%22\/\" data-et-target-link=\"%22_blank%22\" rel=\"%22noopener%22\" title=\"%22Link\" zostanie otwarty w nowym oknie%22>https:\/\/bazakonkurencyjnosci.funduszeeuropejskie.gov.pl<\/a><\/p>\n<p>Numer og\u0142oszenia : 2022-39880-122192 (data publikacji 18.08.2022r)<\/p>\n<p>Szkolenie odb\u0119dzie si\u0119 w zwi\u0105zku z realizowanym przez Narodowy Instytut Dziedzictwa projektem, pn.: Digitalizacja i udost\u0119pnianie cyfrowych d\u00f3br kultury \u2013 zabytk\u00f3w oraz grob\u00f3w i cmentarzy wojennych (nr projektu: POPC.02.03.02-00-0017\/18). Projekt jest realizowany w ramach Programu Operacyjnego Polska Cyfrowa 2014 \u2013 2020 w oparciu o umow\u0119 o dofinansowanie ze \u015brodk\u00f3w Europejskiego Funduszu Rozwoju Regionalnego.<\/p>\n<p>Dokumentacja post\u0119powania dost\u0119pna jest pod linkiem:<br \/><a href=\"\/en\/%22https:\/\/bazakonkurencyjnosci.funduszeeuropejskie.gov.pl\/ogloszenia\/122192%22\/\" data-et-target-link=\"%22_blank%22\" rel=\"%22noopener%22\" title=\"%22Link\" zostanie otwarty w nowym oknie%22>https:\/\/bazakonkurencyjnosci.funduszeeuropejskie.gov.pl\/ogloszenia\/122192<\/a><\/p>\n<p>&#8221; content_last_edited=&#8221;on|desktop&#8221; _builder_version=&#8221;4.16&#8243; _module_preset=&#8221;default&#8221; background_enable_image=&#8221;off&#8221; custom_margin=&#8221;||-1px||false|false&#8221; global_colors_info=&#8221;{}&#8221; open=&#8221;off&#8221;]<\/p>\n<p><img loading=\"lazy\" decoding=\"async\" src=\"https:\/\/nid.pl\/wp-content\/uploads\/2022\/08\/belka.jpg\" width=\"970\" height=\"93\" \/><\/p>\n<p><b>18.08.2022 r.\u00a0<\/b><\/p>\n<p>Narodowy Instytut Dziedzictwa informuje, \u017ce post\u0119powanie pn.: <strong>\u201eUs\u0142uga polegaj\u0105ca na przeszkoleniu 2 os\u00f3b w zakresie zarzadzania zmian\u0105\u201d, <\/strong>prowadzone jest w trybie zapytania ofertowego za po\u015brednictwem serwisu Baza Konkurencyjno\u015bci pod adresem: <a href=\"https:\/\/bazakonkurencyjnosci.funduszeeuropejskie.gov.pl\/\" target=\"_blank\" rel=\"noopener\" title=\"Link zostanie otwarty w nowym oknie\">https:\/\/bazakonkurencyjnosci.funduszeeuropejskie.gov.pl<\/a><\/p>\n<p>Numer og\u0142oszenia : 2022-39880-122192 (data publikacji 18.08.2022r)<\/p>\n<p>Szkolenie odb\u0119dzie si\u0119 w zwi\u0105zku z realizowanym przez Narodowy Instytut Dziedzictwa projektem,\u00a0pn.: Digitalizacja i udost\u0119pnianie cyfrowych d\u00f3br kultury \u2013 zabytk\u00f3w oraz grob\u00f3w i cmentarzy\u00a0wojennych (nr projektu: POPC.02.03.02-00-0017\/18). Projekt jest realizowany w ramach Programu\u00a0Operacyjnego Polska Cyfrowa 2014 \u2013 2020 w oparciu o umow\u0119 o dofinansowanie ze \u015brodk\u00f3w\u00a0Europejskiego Funduszu Rozwoju Regionalnego.<\/p>\n<p>Dokumentacja post\u0119powania dost\u0119pna jest pod linkiem:<br \/><a href=\"https:\/\/bazakonkurencyjnosci.funduszeeuropejskie.gov.pl\/ogloszenia\/122192\" target=\"_blank\" rel=\"noopener\" title=\"Link zostanie otwarty w nowym oknie\">https:\/\/bazakonkurencyjnosci.funduszeeuropejskie.gov.pl\/ogloszenia\/122192<\/a><\/p>\n<p>[\/et_pb_accordion_item][et_pb_accordion_item title=&#8221;Zaproszenie do z\u0142o\u017cenia ofert na wykonanie zam\u00f3wienia polegaj\u0105cego na:  ewaluacji szkole\u0144 z zarz\u0105dzania dziedzictwem, przeprowadzonych przez NID dla samorz\u0105d\u00f3w lokalnych w latach 2016-2022 &#8221; _builder_version=&#8221;4.16&#8243; _module_preset=&#8221;default&#8221; custom_margin=&#8221;||-1px||false|false&#8221; global_colors_info=&#8221;{}&#8221; open=&#8221;off&#8221;]<b>10.08.2022 r.\u00a0<\/b><\/p>\n<p>Narodowy Instytut Dziedzictwa zaprasza do z\u0142o\u017cenia ofert na wykonanie zam\u00f3wienia polegaj\u0105cego na: \u00a0ewaluacji szkole\u0144 z zarz\u0105dzania dziedzictwem, przeprowadzonych przez NID dla samorz\u0105d\u00f3w lokalnych w latach 2016-2022<\/p>\n<p>Download<\/p>\n<p><a class=\"attachment\" href=\"https:\/\/nid.pl\/wp-content\/uploads\/2022\/08\/Zapytanie-ofertowe_ewaluacja-szkolen_NID.docx\" target=\"_blank\" rel=\"noopener noreferrer\" title=\"Plik zostanie otwarty w nowym oknie\">Zapytanie ofertowe_ewaluacja szkole\u0144_NID (docx)<\/a><span><\/span>[\/et_pb_accordion_item][et_pb_accordion_item title=&#8221;Og\u0142oszenie wynik\u00f3w naboru w programie \u201eWsp\u00f3lnie dla dziedzictwa\u201d w 2022 r.&#8221; _builder_version=&#8221;4.24.2&#8243; _module_preset=&#8221;default&#8221; custom_margin=&#8221;||-1px||false|false&#8221; global_colors_info=&#8221;{}&#8221; open=&#8221;off&#8221;]<\/p>\n<p><b>7.07.2022 r.\u00a0<\/b><\/p>\n<p>W ramach naboru z\u0142o\u017cono 223 wnioski.<br \/>Z powodu b\u0142\u0119d\u00f3w formalnych odrzucono 35 wniosk\u00f3w.<\/p>\n<p>Zgodnie z regulaminem programu, dofinansowanie mo\u017ce by\u0107 przyznane zadaniom, kt\u00f3rych \u0142\u0105czna ocena punktowa wynosi co najmniej 70 pkt. Tak\u0105 ocen\u0119 uzyska\u0142o 91 wniosk\u00f3w, jednak \u015brodki pozostaj\u0105ce w dyspozycji Narodowego Instytutu Dziedzictwa by\u0142y niewystarczaj\u0105ce na dofinansowanie wszystkich tych zada\u0144. W zwi\u0105zku z tym, na podstawie \u00a710 ust. 16 regulaminu programu, Dyrektor NID podj\u0105\u0142 decyzj\u0119 o podniesieniu progu punktowego do 75,25 pkt. Wobec powy\u017cszego <strong>dofinansowanie otrzyma\u0142o 60 zada\u0144.<\/strong><\/p>\n<p>Download<\/p>\n<p><a class=\"attachment\" href=\"https:\/\/nid.pl\/wp-content\/uploads\/2022\/07\/Sklad-Zespolu-Sterujacego_WDD-2022.pdf\" target=\"_blank\" rel=\"noopener noreferrer\" title=\"Plik zostanie otwarty w nowym oknie\">sk\u0142ad zespo\u0142u steruj\u0105cego \u2013 pdf<\/a><span><\/span><br \/><a class=\"attachment\" href=\"https:\/\/nid.pl\/wp-content\/uploads\/2022\/07\/Wyniki-naboru-Wspolnie-dla-Dziedzictwa-2022_23-mln-zl-.pdf\" target=\"_blank\" rel=\"noopener noreferrer\" title=\"Plik zostanie otwarty w nowym oknie\">wyniki naboru WDD 2022 &#8211; pdf<\/a><\/p>\n<p>[\/et_pb_accordion_item][et_pb_accordion_item title=&#8221;Ruszy\u0142 nab\u00f3r do Programu  Wsp\u00f3lnie dla dziedzictwa w 2022 roku&#8221; _builder_version=&#8221;4.16&#8243; _module_preset=&#8221;default&#8221; custom_margin=&#8221;||-5px||false|false&#8221; global_colors_info=&#8221;{}&#8221; toggle_font=&#8221;|600|||||||&#8221; open=&#8221;off&#8221;]<strong>13.04.2022<\/strong><\/p>\n<p><strong>Narodowy Instytut dziedzictwa og\u0142asza nab\u00f3r do programu &#8220;Wsp\u00f3lnie dla dziedzictwa&#8221;.<\/strong><\/p>\n<p>Jego celem jest tworzenie warunk\u00f3w do zr\u00f3wnowa\u017conej ochrony dziedzictwa kulturowego i wykorzystania jago warto\u015bci dla rozwoju spo\u0142ecznego obecnych i przysz\u0142ych pokole\u0144.<\/p>\n<p><strong>Program adresowany jest do organizacji pozarz\u0105dowych.<\/strong><\/p>\n<p>Aplikowanie odbywa si\u0119 za pomoc\u0105 platformy informatycznej Witkac (www.witkac.pl).<br \/>\n<strong>Nab\u00f3r wniosk\u00f3w do programu trwa do 13 maja 2022 r. do godz. 15.00.<\/strong><\/p>\n<p>Wi\u0119cej informacji:<br \/>\n<a href=\"https:\/\/nid.pl\/en\/2022\/04\/13\/ruszyl-nabor-do-programu-wspolnie-dla-dziedzictwa-w-2022-roku\/\" target=\"_blank\" rel=\"noopener\" title=\"Link zostanie otwarty w nowym oknie\">nid.pl\/2022\/04\/13\/ruszyl-nabor-do-programu-wspolnie-dla-dziedzictwa-w-2022-roku\/<\/a><\/p>\n<p><strong>Download<\/strong><br \/>\n<a class=\"attachment\" href=\"https:\/\/nid.pl\/wp-content\/uploads\/2022\/04\/Regulamin-Programu-Wspolnie-dla-dziedzictwa-2022.pdf\" target=\"_blank\" rel=\"noopener\" title=\"Link zostanie otwarty w nowym oknie\">Regulamin Programu Wsp\u00f3lnie dla dziedzictwa<\/a><br \/>\n<a class=\"attachment\" href=\"https:\/\/nid.pl\/wp-content\/uploads\/2022\/04\/Instrukcja-wypelniania-wniosku-Wspolnie-dla-dziedzictwa-2022.pdf\" target=\"_blank\" rel=\"noopener\" title=\"Link zostanie otwarty w nowym oknie\">Instrukcja wype\u0142niania wniosku<\/a>[\/et_pb_accordion_item][et_pb_accordion_item title=&#8221;Zwi\u0119kszenie bud\u017cetu programu Wsp\u00f3lnie dla Dziedzictwa&#8221; _builder_version=&#8221;4.16&#8243; _module_preset=&#8221;default&#8221; custom_margin=&#8221;||-5px||false|false&#8221; global_colors_info=&#8221;{}&#8221; toggle_font=&#8221;|600|||||||&#8221; open=&#8221;off&#8221;]<strong>01.10.2021<\/strong><\/p>\n<p><span>Decyzj\u0105 Pana Premiera prof. dr hab. Piotra Gli\u0144skiego, z uwagi na du\u017c\u0105 liczb\u0119 wniosk\u00f3w kwalifikuj\u0105cych si\u0119 do dofinansowania w programie Narodowego Instytutu Dziedzictwa \u201eWsp\u00f3lnie dla dziedzictwa\u201d, kt\u00f3re z powodu limitu finansowego programu nie otrzyma\u0142y dofinansowania, bud\u017cet programu w roku 2021 zosta\u0142 zwi\u0119kszony o kwot\u0119 500 tys. z\u0142.<\/span><br \/>\n<span>Zgodnie z regulaminem programu dofinansowanie mo\u017ce by\u0107 przyznane zadaniom, kt\u00f3rych \u0142\u0105czna ocena punktowa wynosi co najmniej 70 pkt. Tak\u0105 ocen\u0119 uzyska\u0142o 51 wniosk\u00f3w. Bud\u017cet programu, w regulaminowej wysoko\u015bci 1 mln. z\u0142 pozwoli\u0142 dofinansowa\u0107\u00a0<\/span><b>27 zada\u0144<\/b><span>.<\/span><\/p>\n<p><b>Zwi\u0119kszenie bud\u017cetu o dodatkowe 500 tys. z\u0142 pozwoli\u0142o dofinansowa\u0107 kolejnych 15 zada\u0144.<\/b><span><\/span><\/p>\n<p><span>Z uwagi na p\u00f3\u017any termin decyzji, nie wszyscy wnioskodawcy zdecydowali si\u0119 na realizacj\u0119 zada\u0144 w tak ograniczonym czasie. Lista z wynikami naboru WDD 2021 + 500 tys. uwzgl\u0119dnia decyzje tych podmiot\u00f3w.<\/span><\/p>\n<p><strong>Download<\/strong><\/p>\n<p><a class=\"attachment\" href=\"https:\/\/nid.pl\/wp-content\/uploads\/2021\/12\/wyniki-naboru-WDD-2021-500-tys..pdf\" target=\"_blank\" rel=\"noopener noreferrer\" title=\"Plik zostanie otwarty w nowym oknie\" style=\"font-size: 14px;\">wyniki naboru WDD 2021 + 500 tys.pdf<\/a>[\/et_pb_accordion_item][et_pb_accordion_item title=&#8221;Og\u0142oszenie wynik\u00f3w naboru w programie \u201eWsp\u00f3lnie dla dziedzictwa\u201d w 2021 r.&#8221; _builder_version=&#8221;4.16&#8243; _module_preset=&#8221;default&#8221; custom_margin=&#8221;||-1px||false|false&#8221; global_colors_info=&#8221;{}&#8221; open=&#8221;off&#8221;]<\/p>\n<p><b>28.07.2021 r.\u00a0<\/b><\/p>\n<p>W ramach naboru z\u0142o\u017cono\u00a0193 wnioski.<br \/>Z powodu b\u0142\u0119d\u00f3w formalnych odrzucono\u00a017 wniosk\u00f3w.<\/p>\n<p>Zgodnie z regulaminem programu dofinansowanie mo\u017ce by\u0107 przyznane zadaniom, kt\u00f3rych \u0142\u0105czna ocena punktowa wynosi co najmniej 70 pkt. Tak\u0105 ocen\u0119 uzyska\u0142o 51 wniosk\u00f3w, jednak \u015brodki pozostaj\u0105ce w dyspozycji Dyrektora Narodowego Instytutu Dziedzictwa by\u0142y niewystarczaj\u0105ce na dofinansowanie wszystkich tych zada\u0144. W zwi\u0105zku z tym, na podstawie \u00a710 ust. 16 regulaminu programu, Dyrektor NID podj\u0105\u0142 decyzj\u0119 o podniesieniu progu punktowego do 79 pkt. Wobec powy\u017cszego dofinansowanie otrzyma\u0142o 27 zada\u0144.<\/p>\n<p>Download<\/p>\n<p><a class=\"attachment\" href=\"https:\/\/nid.pl\/wp-content\/uploads\/2021\/12\/Sklad-zespolu-sterujacego-WDD-2021.pdf\" target=\"_blank\" rel=\"noopener noreferrer\" title=\"Plik zostanie otwarty w nowym oknie\">sk\u0142ad zespo\u0142u steruj\u0105cego \u2013 pdf<\/a><span><\/span><br \/><a class=\"attachment\" href=\"https:\/\/nid.pl\/wp-content\/uploads\/2021\/12\/wyniki-naboru-edycja-2021_28.07.2021.pdf\" target=\"_blank\" rel=\"noopener noreferrer\" title=\"Plik zostanie otwarty w nowym oknie\">wyniki naboru WDD 2021 &#8211; pdf<\/a><\/p>\n<p>[\/et_pb_accordion_item][et_pb_accordion_item title=&#8221;Narodowy Instytut dziedzictwa og\u0142asza nab\u00f3r do programu %22Wsp\u00f3lnie dla dziedzictwa%22&#8243; _builder_version=&#8221;4.16&#8243; _module_preset=&#8221;default&#8221; custom_margin=&#8221;||0px||false|false&#8221; global_colors_info=&#8221;{}&#8221; open=&#8221;off&#8221;]<b>20.05.2021 r.<\/b><\/p>\n<p>Celem programu &#8220;Wsp\u00f3lnie dla dziedzictwa&#8221; jest tworzenie warunk\u00f3w do zr\u00f3wnowa\u017conej ochrony dziedzictwa kulturowego i wykorzystania jago warto\u015bci dla rozwoju spo\u0142ecznego obecnych i przysz\u0142ych pokole\u0144.<\/p>\n<p>Program adresowany jest do organizacji pozarz\u0105dowych.<\/p>\n<p>Aplikowanie odbywa si\u0119 za pomoc\u0105 platformy informatycznej Witkac (www.witkac.pl).<br \/>\nNab\u00f3r wniosk\u00f3w do programu trwa do 21 czerwca 2021 r. do godz. 15.00.<\/p>\n<p><b><span>Wi\u0119cej informacji:\u00a0<\/span><\/b><\/p>\n<p><b><span>Download<br \/>\n<a class=\"attachment\" href=\"https:\/\/www.nid.pl\/pl\/Informacje_ogolne\/Konkursy\/WSPOLNIE-DLA-DZIEDZICTWA\/EDYCJA%202021\/Regulamin%20Programu%20WDD%202021.pdf\" target=\"_blank\" rel=\"noopener\">Regulamin Programu Wsp\u00f3lnie dla dziedzictwa<\/a><br \/>\n<a class=\"attachment\" href=\"https:\/\/www.nid.pl\/pl\/Informacje_ogolne\/Konkursy\/WSPOLNIE-DLA-DZIEDZICTWA\/EDYCJA%202021\/Instrukcja%20wype%C5%82niania%20wniosku%20WDD%202021.pdf\" target=\"_blank\" rel=\"noopener\">Instrukcja wype\u0142niania wniosku<\/a><\/span><\/b>[\/et_pb_accordion_item][et_pb_accordion_item title=&#8221;Raport o stanie dost\u0119pno\u015bci podmiotu publicznego&#8221; _builder_version=&#8221;4.16&#8243; _module_preset=&#8221;default&#8221; custom_margin=&#8221;||0px||false|false&#8221; global_colors_info=&#8221;{}&#8221; open=&#8221;off&#8221;]<b>1.02.2021 r.\u00a0<\/b><\/p>\n<p><b><span><\/span><\/b><\/p>\n<p><b><span>Download<br \/>\n<a class=\"attachment\" href=\"https:\/\/nid.pl\/wp-content\/uploads\/2021\/12\/Raport-o-stanie-dostepnosci-podmiotu-publicznego_NID.pdf\" target=\"_blank\" rel=\"noopener noreferrer\" title=\"Plik zostanie otwarty w nowym oknie\">Raport o stanie dost\u0119pno\u015bci podmiotu publicznego<\/a><br \/>\n<\/span><\/b>[\/et_pb_accordion_item][\/et_pb_accordion][\/et_pb_column][\/et_pb_row][\/et_pb_section][et_pb_section fb_built=&#8221;1&#8243; _builder_version=&#8221;4.7.4&#8243; _module_preset=&#8221;default&#8221; custom_margin=&#8221;43px||||false|false&#8221; custom_padding=&#8221;0px||0px||false|false&#8221; global_module=&#8221;353&#8243; saved_tabs=&#8221;all&#8221; global_colors_info=&#8221;{}&#8221;][et_pb_row column_structure=&#8221;1_3,1_3,1_3&#8243; use_custom_gutter=&#8221;on&#8221; gutter_width=&#8221;1&#8243; _builder_version=&#8221;4.16&#8243; _module_preset=&#8221;default&#8221; background_color=&#8221;rgba(0,0,0,0)&#8221; width=&#8221;100%&#8221; max_width=&#8221;2560px&#8221; custom_padding=&#8221;0px||0px||false|false&#8221; global_colors_info=&#8221;{}&#8221;][et_pb_column type=&#8221;1_3&#8243; _builder_version=&#8221;4.16&#8243; _module_preset=&#8221;default&#8221; background_color=&#8221;#e52330&#8243; global_colors_info=&#8221;{}&#8221;][et_pb_blurb title=&#8221;Logotypy NID&#8221; url_new_window=&#8221;on&#8221; use_icon=&#8221;on&#8221; font_icon=&#8221;&#xe004;||divi||400&#8243; icon_placement=&#8221;left&#8221; image_icon_width=&#8221;50px&#8221; module_class=&#8221;bigButtonModules&#8221; _builder_version=&#8221;4.27.2&#8243; _module_preset=&#8221;default&#8221; header_level=&#8221;h3&#8243; header_font=&#8221;|700|||||||&#8221; header_text_color=&#8221;#ffffff&#8221; body_text_color=&#8221;#ffffff&#8221; background_color=&#8221;#E52330&#8243; custom_margin=&#8221;||||false|false&#8221; custom_padding=&#8221;25px|25px|25px|25px|false|false&#8221; animation=&#8221;off&#8221; link_option_url=&#8221;https:\/\/nid.pl\/logotypy\/&#8221; link_option_url_new_window=&#8221;on&#8221; custom_css_blurb_image=&#8221;padding-right: 20px;||vertical-align: middle;&#8221; icon_font_size=&#8221;50px&#8221; global_colors_info=&#8221;{}&#8221;]<\/p>\n<p>Pobierz znaki promocyjne <br \/>Narodowego Instytutu Dziedzictwa<\/p>\n<p>[\/et_pb_blurb][\/et_pb_column][et_pb_column type=&#8221;1_3&#8243; _builder_version=&#8221;4.16&#8243; _module_preset=&#8221;default&#8221; background_color=&#8221;#e52330&#8243; global_colors_info=&#8221;{}&#8221;][et_pb_code _builder_version=&#8221;4.23.2&#8243; _module_preset=&#8221;default&#8221; global_colors_info=&#8221;{}&#8221;][\/et_pb_code][et_pb_blurb title=&#8221;Ksi\u0119garnia NID&#8221; url_new_window=&#8221;on&#8221; use_icon=&#8221;on&#8221; font_icon=&#8221;&#xe022;||divi||400&#8243; icon_placement=&#8221;left&#8221; image_icon_width=&#8221;50px&#8221; module_class=&#8221;bigButtonModules&#8221; _builder_version=&#8221;4.16&#8243; _module_preset=&#8221;default&#8221; header_level=&#8221;h3&#8243; header_font=&#8221;|700|||||||&#8221; header_text_color=&#8221;#ffffff&#8221; body_text_color=&#8221;#ffffff&#8221; background_color=&#8221;#444444&#8243; custom_margin=&#8221;||||false|false&#8221; custom_padding=&#8221;25px|25px|25px|25px|false|false&#8221; animation=&#8221;off&#8221; link_option_url=&#8221;https:\/\/ksiegarnia.nid.pl\/&#8221; link_option_url_new_window=&#8221;on&#8221; custom_css_blurb_image=&#8221;padding-right: 20px;||vertical-align: middle;&#8221; icon_font_size=&#8221;50px&#8221; global_colors_info=&#8221;{}&#8221;]<\/p>\n<p>Sprawd\u017a nasze produkty w ksi\u0119garni. Zamawiaj bez wychodzenia z domu ju\u017c teraz!<\/p>\n<p>[\/et_pb_blurb][\/et_pb_column][et_pb_column type=&#8221;1_3&#8243; _builder_version=&#8221;4.16&#8243; _module_preset=&#8221;default&#8221; background_color=&#8221;#e52330&#8243; global_colors_info=&#8221;{}&#8221;][et_pb_blurb title=&#8221;Zabytek.pl&#8221; url_new_window=&#8221;on&#8221; image=&#8221;https:\/\/nid.pl\/wp-content\/uploads\/2025\/12\/zabytek.pl_favicona_sm.png&#8221; icon_placement=&#8221;left&#8221; image_icon_width=&#8221;50px&#8221; module_class=&#8221;bigButtonModules&#8221; _builder_version=&#8221;4.27.5&#8243; _module_preset=&#8221;default&#8221; header_level=&#8221;h3&#8243; header_font=&#8221;|700|||||||&#8221; header_text_color=&#8221;#ffffff&#8221; body_text_color=&#8221;#ffffff&#8221; background_color=&#8221;#6b6b6b&#8221; custom_margin=&#8221;||||false|false&#8221; custom_padding=&#8221;25px|25px|25px|25px|false|false&#8221; animation=&#8221;off&#8221; link_option_url=&#8221;https:\/\/zabytek.pl\/pl&#8221; link_option_url_new_window=&#8221;on&#8221; custom_css_blurb_image=&#8221;padding-right: 20px;||vertical-align: middle;&#8221; icon_font_size=&#8221;50px&#8221; global_colors_info=&#8221;{}&#8221;]<\/p>\n<p>Serwis Narodowego Instytutu Dziedzictwa, kt\u00f3ry w nowoczesny i kompleksowy spos\u00f3b udost\u0119pnia informacje o polskich zabytkach!<\/p>\n<p>[\/et_pb_blurb][\/et_pb_column][\/et_pb_row][\/et_pb_section]<\/p>","protected":false},"excerpt":{"rendered":"<p>\u2190Powr\u00f3t 2026Archiwum2025Data publikacji: 28 listopada 2025 r. Narodowy Instytut Dziedzictwa zaprasza do z\u0142o\u017cenia ofert na:\u00a0\u015bwiadczenie us\u0142ug na rzecz Narodowego Instytutu Dziedzictwa &#8211; Zespo\u0142u Pa\u0142acowo-Parkowego w Trzebinach, obejmuj\u0105cych utrzymanie teren\u00f3w zielonych, [&hellip;]<\/p>","protected":false},"author":4,"featured_media":0,"parent":1609,"menu_order":0,"comment_status":"closed","ping_status":"closed","template":"","meta":{"_et_pb_use_builder":"on","_et_pb_old_content":"","_et_gb_content_width":"","_monsterinsights_skip_tracking":false,"_monsterinsights_sitenote_active":false,"_monsterinsights_sitenote_note":"","_monsterinsights_sitenote_category":0,"footnotes":""},"class_list":["post-4485","page","type-page","status-publish","hentry"],"yoast_head":"<!-- This site is optimized with the Yoast SEO plugin v26.5 - https:\/\/yoast.com\/wordpress\/plugins\/seo\/ -->\n<title>Og\u0142oszenia - NID<\/title>\n<meta name=\"robots\" content=\"index, follow, max-snippet:-1, max-image-preview:large, max-video-preview:-1\" \/>\n<link rel=\"canonical\" href=\"https:\/\/nid.pl\/en\/bip\/ogloszenia\/\" \/>\n<meta property=\"og:locale\" content=\"en_GB\" \/>\n<meta property=\"og:type\" content=\"article\" \/>\n<meta property=\"og:title\" content=\"Og\u0142oszenia - NID\" \/>\n<meta property=\"og:description\" content=\"\u2190Powr\u00f3t 2026Archiwum2025Data publikacji: 28 listopada 2025 r. Narodowy Instytut Dziedzictwa zaprasza do z\u0142o\u017cenia ofert na:\u00a0\u015bwiadczenie us\u0142ug na rzecz Narodowego Instytutu Dziedzictwa - Zespo\u0142u Pa\u0142acowo-Parkowego w Trzebinach, obejmuj\u0105cych utrzymanie teren\u00f3w zielonych, [&hellip;]\" \/>\n<meta property=\"og:url\" content=\"https:\/\/nid.pl\/en\/bip\/ogloszenia\/\" \/>\n<meta property=\"og:site_name\" content=\"NID\" \/>\n<meta property=\"article:publisher\" content=\"https:\/\/www.facebook.com\/zabytek\" \/>\n<meta property=\"article:modified_time\" content=\"2026-02-20T14:10:55+00:00\" \/>\n<meta property=\"og:image\" content=\"https:\/\/nid.pl\/wp-content\/uploads\/2025\/04\/nid_stopka_mkidn_nid_2024.png\" \/>\n\t<meta property=\"og:image:width\" content=\"892\" \/>\n\t<meta property=\"og:image:height\" content=\"200\" \/>\n\t<meta property=\"og:image:type\" content=\"image\/png\" \/>\n<meta name=\"twitter:card\" content=\"summary_large_image\" \/>\n<meta name=\"twitter:site\" content=\"@NarIDpl\" \/>\n<meta name=\"twitter:label1\" content=\"Estimated reading time\" \/>\n\t<meta name=\"twitter:data1\" content=\"71 minutes\" \/>\n<script type=\"application\/ld+json\" class=\"yoast-schema-graph\">{\"@context\":\"https:\/\/schema.org\",\"@graph\":[{\"@type\":\"WebPage\",\"@id\":\"https:\/\/nid.pl\/bip\/ogloszenia\/\",\"url\":\"https:\/\/nid.pl\/bip\/ogloszenia\/\",\"name\":\"Og\u0142oszenia - NID\",\"isPartOf\":{\"@id\":\"https:\/\/nid.pl\/#website\"},\"primaryImageOfPage\":{\"@id\":\"https:\/\/nid.pl\/bip\/ogloszenia\/#primaryimage\"},\"image\":{\"@id\":\"https:\/\/nid.pl\/bip\/ogloszenia\/#primaryimage\"},\"thumbnailUrl\":\"https:\/\/nid.pl\/wp-content\/uploads\/2025\/04\/nid_stopka_mkidn_nid_2024-300x67.png\",\"datePublished\":\"2021-12-20T12:19:10+00:00\",\"dateModified\":\"2026-02-20T14:10:55+00:00\",\"breadcrumb\":{\"@id\":\"https:\/\/nid.pl\/bip\/ogloszenia\/#breadcrumb\"},\"inLanguage\":\"en-GB\",\"potentialAction\":[{\"@type\":\"ReadAction\",\"target\":[\"https:\/\/nid.pl\/bip\/ogloszenia\/\"]}]},{\"@type\":\"ImageObject\",\"inLanguage\":\"en-GB\",\"@id\":\"https:\/\/nid.pl\/bip\/ogloszenia\/#primaryimage\",\"url\":\"https:\/\/nid.pl\/wp-content\/uploads\/2025\/04\/nid_stopka_mkidn_nid_2024-300x67.png\",\"contentUrl\":\"https:\/\/nid.pl\/wp-content\/uploads\/2025\/04\/nid_stopka_mkidn_nid_2024-300x67.png\"},{\"@type\":\"BreadcrumbList\",\"@id\":\"https:\/\/nid.pl\/bip\/ogloszenia\/#breadcrumb\",\"itemListElement\":[{\"@type\":\"ListItem\",\"position\":1,\"name\":\"Home\",\"item\":\"https:\/\/nid.pl\/\"},{\"@type\":\"ListItem\",\"position\":2,\"name\":\"BIP\",\"item\":\"https:\/\/nid.pl\/bip\/\"},{\"@type\":\"ListItem\",\"position\":3,\"name\":\"Og\u0142oszenia\"}]},{\"@type\":\"WebSite\",\"@id\":\"https:\/\/nid.pl\/#website\",\"url\":\"https:\/\/nid.pl\/\",\"name\":\"NID\",\"description\":\"Narodowy Instytut Dziedzictwa\",\"publisher\":{\"@id\":\"https:\/\/nid.pl\/#organization\"},\"potentialAction\":[{\"@type\":\"SearchAction\",\"target\":{\"@type\":\"EntryPoint\",\"urlTemplate\":\"https:\/\/nid.pl\/?s={search_term_string}\"},\"query-input\":{\"@type\":\"PropertyValueSpecification\",\"valueRequired\":true,\"valueName\":\"search_term_string\"}}],\"inLanguage\":\"en-GB\"},{\"@type\":\"Organization\",\"@id\":\"https:\/\/nid.pl\/#organization\",\"name\":\"Narodowy Instytut Dziedzictwa\",\"url\":\"https:\/\/nid.pl\/\",\"logo\":{\"@type\":\"ImageObject\",\"inLanguage\":\"en-GB\",\"@id\":\"https:\/\/nid.pl\/#\/schema\/logo\/image\/\",\"url\":\"https:\/\/nid.pl\/wp-content\/uploads\/2022\/10\/logoRedDark.png\",\"contentUrl\":\"https:\/\/nid.pl\/wp-content\/uploads\/2022\/10\/logoRedDark.png\",\"width\":200,\"height\":197,\"caption\":\"Narodowy Instytut Dziedzictwa\"},\"image\":{\"@id\":\"https:\/\/nid.pl\/#\/schema\/logo\/image\/\"},\"sameAs\":[\"https:\/\/www.facebook.com\/zabytek\",\"https:\/\/x.com\/NarIDpl\",\"https:\/\/www.instagram.com\/nid.pl\/?hl=pl\",\"https:\/\/www.linkedin.com\/company\/narodowy-instytut-dziedzictwa\",\"https:\/\/www.youtube.com\/channel\/UCQXuhKa2uHtmNvLRUSx40JA\"]}]}<\/script>\n<!-- \/ Yoast SEO plugin. -->","yoast_head_json":{"title":"Og\u0142oszenia - NID","robots":{"index":"index","follow":"follow","max-snippet":"max-snippet:-1","max-image-preview":"max-image-preview:large","max-video-preview":"max-video-preview:-1"},"canonical":"https:\/\/nid.pl\/en\/bip\/ogloszenia\/","og_locale":"en_GB","og_type":"article","og_title":"Og\u0142oszenia - NID","og_description":"\u2190Powr\u00f3t 2026Archiwum2025Data publikacji: 28 listopada 2025 r. Narodowy Instytut Dziedzictwa zaprasza do z\u0142o\u017cenia ofert na:\u00a0\u015bwiadczenie us\u0142ug na rzecz Narodowego Instytutu Dziedzictwa - Zespo\u0142u Pa\u0142acowo-Parkowego w Trzebinach, obejmuj\u0105cych utrzymanie teren\u00f3w zielonych, [&hellip;]","og_url":"https:\/\/nid.pl\/en\/bip\/ogloszenia\/","og_site_name":"NID","article_publisher":"https:\/\/www.facebook.com\/zabytek","article_modified_time":"2026-02-20T14:10:55+00:00","og_image":[{"width":892,"height":200,"url":"https:\/\/nid.pl\/wp-content\/uploads\/2025\/04\/nid_stopka_mkidn_nid_2024.png","type":"image\/png"}],"twitter_card":"summary_large_image","twitter_site":"@NarIDpl","twitter_misc":{"Estimated reading time":"71 minutes"},"schema":{"@context":"https:\/\/schema.org","@graph":[{"@type":"WebPage","@id":"https:\/\/nid.pl\/bip\/ogloszenia\/","url":"https:\/\/nid.pl\/bip\/ogloszenia\/","name":"Og\u0142oszenia - NID","isPartOf":{"@id":"https:\/\/nid.pl\/#website"},"primaryImageOfPage":{"@id":"https:\/\/nid.pl\/bip\/ogloszenia\/#primaryimage"},"image":{"@id":"https:\/\/nid.pl\/bip\/ogloszenia\/#primaryimage"},"thumbnailUrl":"https:\/\/nid.pl\/wp-content\/uploads\/2025\/04\/nid_stopka_mkidn_nid_2024-300x67.png","datePublished":"2021-12-20T12:19:10+00:00","dateModified":"2026-02-20T14:10:55+00:00","breadcrumb":{"@id":"https:\/\/nid.pl\/bip\/ogloszenia\/#breadcrumb"},"inLanguage":"en-GB","potentialAction":[{"@type":"ReadAction","target":["https:\/\/nid.pl\/bip\/ogloszenia\/"]}]},{"@type":"ImageObject","inLanguage":"en-GB","@id":"https:\/\/nid.pl\/bip\/ogloszenia\/#primaryimage","url":"https:\/\/nid.pl\/wp-content\/uploads\/2025\/04\/nid_stopka_mkidn_nid_2024-300x67.png","contentUrl":"https:\/\/nid.pl\/wp-content\/uploads\/2025\/04\/nid_stopka_mkidn_nid_2024-300x67.png"},{"@type":"BreadcrumbList","@id":"https:\/\/nid.pl\/bip\/ogloszenia\/#breadcrumb","itemListElement":[{"@type":"ListItem","position":1,"name":"Home","item":"https:\/\/nid.pl\/"},{"@type":"ListItem","position":2,"name":"BIP","item":"https:\/\/nid.pl\/bip\/"},{"@type":"ListItem","position":3,"name":"Og\u0142oszenia"}]},{"@type":"WebSite","@id":"https:\/\/nid.pl\/#website","url":"https:\/\/nid.pl\/","name":"NID","description":"Narodowy Instytut Dziedzictwa","publisher":{"@id":"https:\/\/nid.pl\/#organization"},"potentialAction":[{"@type":"SearchAction","target":{"@type":"EntryPoint","urlTemplate":"https:\/\/nid.pl\/?s={search_term_string}"},"query-input":{"@type":"PropertyValueSpecification","valueRequired":true,"valueName":"search_term_string"}}],"inLanguage":"en-GB"},{"@type":"Organization","@id":"https:\/\/nid.pl\/#organization","name":"Narodowy Instytut Dziedzictwa","url":"https:\/\/nid.pl\/","logo":{"@type":"ImageObject","inLanguage":"en-GB","@id":"https:\/\/nid.pl\/#\/schema\/logo\/image\/","url":"https:\/\/nid.pl\/wp-content\/uploads\/2022\/10\/logoRedDark.png","contentUrl":"https:\/\/nid.pl\/wp-content\/uploads\/2022\/10\/logoRedDark.png","width":200,"height":197,"caption":"Narodowy Instytut Dziedzictwa"},"image":{"@id":"https:\/\/nid.pl\/#\/schema\/logo\/image\/"},"sameAs":["https:\/\/www.facebook.com\/zabytek","https:\/\/x.com\/NarIDpl","https:\/\/www.instagram.com\/nid.pl\/?hl=pl","https:\/\/www.linkedin.com\/company\/narodowy-instytut-dziedzictwa","https:\/\/www.youtube.com\/channel\/UCQXuhKa2uHtmNvLRUSx40JA"]}]}},"_links":{"self":[{"href":"https:\/\/nid.pl\/en\/wp-json\/wp\/v2\/pages\/4485","targetHints":{"allow":["GET"]}}],"collection":[{"href":"https:\/\/nid.pl\/en\/wp-json\/wp\/v2\/pages"}],"about":[{"href":"https:\/\/nid.pl\/en\/wp-json\/wp\/v2\/types\/page"}],"author":[{"embeddable":true,"href":"https:\/\/nid.pl\/en\/wp-json\/wp\/v2\/users\/4"}],"replies":[{"embeddable":true,"href":"https:\/\/nid.pl\/en\/wp-json\/wp\/v2\/comments?post=4485"}],"version-history":[{"count":6,"href":"https:\/\/nid.pl\/en\/wp-json\/wp\/v2\/pages\/4485\/revisions"}],"predecessor-version":[{"id":32408,"href":"https:\/\/nid.pl\/en\/wp-json\/wp\/v2\/pages\/4485\/revisions\/32408"}],"up":[{"embeddable":true,"href":"https:\/\/nid.pl\/en\/wp-json\/wp\/v2\/pages\/1609"}],"wp:attachment":[{"href":"https:\/\/nid.pl\/en\/wp-json\/wp\/v2\/media?parent=4485"}],"curies":[{"name":"wp","href":"https:\/\/api.w.org\/{rel}","templated":true}]}}