{"id":4435,"date":"2021-12-17T09:45:19","date_gmt":"2021-12-17T08:45:19","guid":{"rendered":"https:\/\/nid.pl\/?page_id=4435"},"modified":"2024-10-24T14:50:21","modified_gmt":"2024-10-24T12:50:21","slug":"deklaracja-dostepnosci","status":"publish","type":"page","link":"https:\/\/nid.pl\/en\/deklaracja-dostepnosci\/","title":{"rendered":"Deklaracja dost\u0119pno\u015bci"},"content":{"rendered":"<p>[et_pb_section fb_built=&#8221;1&#8243; _builder_version=&#8221;4.16&#8243; _module_preset=&#8221;default&#8221; custom_padding=&#8221;0px||0px|||&#8221; global_colors_info=&#8221;{}&#8221;][et_pb_row _builder_version=&#8221;4.16&#8243; _module_preset=&#8221;default&#8221; background_image=&#8221;https:\/\/nid.pl\/wp-content\/uploads\/2020\/12\/library.png&#8221; width=&#8221;100%&#8221; max_width=&#8221;100%&#8221; height=&#8221;400px&#8221; custom_margin=&#8221;|auto||auto|false|false&#8221; custom_padding=&#8221;0px||0px|||&#8221; custom_css_main_element=&#8221;display: none;&#8221; global_colors_info=&#8221;{}&#8221;][et_pb_column type=&#8221;4_4&#8243; _builder_version=&#8221;4.16&#8243; _module_preset=&#8221;default&#8221; global_colors_info=&#8221;{}&#8221;][\/et_pb_column][\/et_pb_row][\/et_pb_section][et_pb_section fb_built=&#8221;1&#8243; _builder_version=&#8221;4.16&#8243; _module_preset=&#8221;default&#8221; custom_padding=&#8221;0px|0px|0px|0px|false|false&#8221; global_colors_info=&#8221;{}&#8221;][et_pb_row _builder_version=&#8221;4.16&#8243; _module_preset=&#8221;default&#8221; width=&#8221;100%&#8221; max_width=&#8221;100%&#8221; custom_padding=&#8221;50px|50px|50px|50px|false|false&#8221; global_colors_info=&#8221;{}&#8221;][et_pb_column type=&#8221;4_4&#8243; _builder_version=&#8221;4.16&#8243; _module_preset=&#8221;default&#8221; global_colors_info=&#8221;{}&#8221;][et_pb_text module_id=&#8221;backButtonBox&#8221; _builder_version=&#8221;4.7.4&#8243; _module_preset=&#8221;default&#8221; custom_margin=&#8221;0px|0px|0px|0px|false|false&#8221; custom_padding=&#8221;0px|0px|0px|0px|false|false&#8221; global_module=&#8221;2594&#8243; locked=&#8221;off&#8221; global_colors_info=&#8221;{}&#8221;]<\/p>\n<div class=\"backButton\" onclick=\"javascript:window.history.back();\"><span>\u2190<\/span>Powr\u00f3t<\/div>\n<p>[\/et_pb_text][et_pb_text _builder_version=&#8221;4.16&#8243; _dynamic_attributes=&#8221;content&#8221; _module_preset=&#8221;default&#8221; text_font_size=&#8221;26px&#8221; custom_margin=&#8221;||25px||false|false&#8221; custom_padding=&#8221;||||false|false&#8221; global_colors_info=&#8221;{}&#8221;]@ET-DC@eyJkeW5hbWljIjp0cnVlLCJjb250ZW50IjoicG9zdF90aXRsZSIsInNldHRpbmdzIjp7ImJlZm9yZSI6IiIsImFmdGVyIjoiIn19@[\/et_pb_text][et_pb_divider _builder_version=&#8221;4.16&#8243; _module_preset=&#8221;default&#8221; background_color=&#8221;#e52330&#8243; height=&#8221;5px&#8221; custom_margin=&#8221;0px||25px||false|false&#8221; custom_padding=&#8221;0px||0px||false|false&#8221; global_colors_info=&#8221;{}&#8221;][\/et_pb_divider][et_pb_text _builder_version=&#8221;4.27.2&#8243; _module_preset=&#8221;default&#8221; header_font_size=&#8221;26px&#8221; header_2_font_size=&#8221;22px&#8221; header_3_font_size=&#8221;18px&#8221; hover_enabled=&#8221;0&#8243; global_colors_info=&#8221;{}&#8221; sticky_enabled=&#8221;0&#8243;]<\/p>\n<h1 id=\"a11y-deklaracja\">Deklaracja dost\u0119pno\u015bci http:\/\/nid.pl\/pl\/<\/h1>\n<p id=\"a11y-wstep\"><span id=\"a11y-podmiot\">Narodowy Instytut Dziedzictwa<\/span> zobowi\u0105zuje si\u0119 zapewni\u0107 dost\u0119pno\u015b\u0107 swojej strony internetowej zgodnie z przepisami ustawy z dnia 4\u00a0kwietnia 2019\u00a0r. o dost\u0119pno\u015bci cyfrowej stron internetowych i aplikacji mobilnych podmiot\u00f3w publicznych. O\u015bwiadczenie w sprawie dost\u0119pno\u015bci ma zastosowanie do strony internetowej <a id=\"a11y-url\" href=\"http:\/\/nid.pl\/pl\/\">http:\/\/nid.pl\/pl\/<\/a>.<\/p>\n<ul>\n<li>Data publikacji strony internetowej: <time id=\"a11y-data-publikacja\" datetime=\"09.12.2020&lt;\/\">09.12.2020<\/time><\/li>\n<li>Data ostatniej istotnej aktualizacji: <time id=\"a11y-data-aktualizacja\" datetime=\"10.11.2023\">09.10.2024<\/time><\/li>\n<\/ul>\n<h2>Status pod wzgl\u0119dem zgodno\u015bci z ustaw\u0105<\/h2>\n<p>Strona internetowa jest <strong id=\"a11y-status\">cz\u0119\u015bciowo zgodna<\/strong> z ustaw\u0105 o dost\u0119pno\u015bci cyfrowej stron internetowych i aplikacji mobilnych podmiot\u00f3w publicznych z powodu niezgodno\u015bci lub wy\u0142\u0105cze\u0144 wymienionych poni\u017cej.<\/p>\n<h3>Tre\u015bci niedost\u0119pne<\/h3>\n<ul>\n<li>Brak tekstu alternatywnego dla obraz\u00f3w, pola formularza<\/li>\n<li>Elementy mog\u0105 nie posiada\u0107 odpowiedniego kontrastu<\/li>\n<li>Nieprawid\u0142owa struktura dokumentu<\/li>\n<\/ul>\n<h3>Przygotowanie deklaracji w sprawie dost\u0119pno\u015bci<\/h3>\n<ul>\n<li>Deklaracj\u0119 sporz\u0105dzono dnia: <time id=\"a11y-data-sporzadzenie\" datetime=\"30.12.2021\">30.12.2021<\/time><\/li>\n<li>Deklaracj\u0119 zosta\u0142a ostatnio poddana przegl\u0105dowi i aktualizacji dnia: 23.10.2024<\/li>\n<\/ul>\n<p>Deklaracj\u0119 sporz\u0105dzono na podstawie samooceny.<\/p>\n<h2 id=\"a11y-kontakt\">Informacje zwrotne i dane kontaktowe<\/h2>\n<ul>\n<li>Za rozpatrywanie uwag i wniosk\u00f3w odpowiada: <span id=\"a11y-osoba\">Pawe\u0142 Ho\u0142ubiec<\/span>.<\/li>\n<li>E-mail: <span id=\"a11y-email\">promocja@nid.pl<\/span><\/li>\n<li>Telefon: 22 826 92 47 wew. 132<\/li>\n<\/ul>\n<p id=\"a11y-procedura\">Ka\u017cdy ma prawo:<\/p>\n<ul>\n<li>zg\u0142osi\u0107 uwagi dotycz\u0105ce dost\u0119pno\u015bci cyfrowej strony lub jej elementu,<\/li>\n<li>zg\u0142osi\u0107 \u017c\u0105danie zapewnienia dost\u0119pno\u015bci cyfrowej strony lub jej elementu,<\/li>\n<li>wnioskowa\u0107 o udost\u0119pnienie niedost\u0119pnej informacji w innej alternatywnej formie.<\/li>\n<\/ul>\n<p>\u017b\u0105danie musi zawiera\u0107:<\/p>\n<ul>\n<li>dane kontaktowe osoby zg\u0142aszaj\u0105cej,<\/li>\n<li>wskazanie strony lub elementu strony, kt\u00f3rej dotyczy \u017c\u0105danie,<\/li>\n<li>wskazanie dogodnej formy udost\u0119pnienia informacji, je\u015bli \u017c\u0105danie dotyczy udost\u0119pnienia w formie alternatywnej informacji niedost\u0119pnej.<\/li>\n<\/ul>\n<p>Rozpatrzenie zg\u0142oszenia powinno nast\u0105pi\u0107 niezw\u0142ocznie, najp\u00f3\u017aniej w ci\u0105gu 7 dni. Je\u015bli w tym terminie zapewnienie dost\u0119pno\u015bci albo zapewnienie dost\u0119pu w alternatywnej formie nie jest mo\u017cliwe, powinno nast\u0105pi\u0107 najdalej w ci\u0105gu 2 miesi\u0119cy od daty zg\u0142oszenia.<\/p>\n<h3>Skargi i odwo\u0142ania<\/h3>\n<p>Na niedotrzymanie tych termin\u00f3w oraz na odmow\u0119 realizacji \u017c\u0105dania mo\u017cna z\u0142o\u017cy\u0107 skarg\u0119 do organu nadzoruj\u0105cego poczt\u0105 lub drog\u0105 elektroniczn\u0105 na adres:<\/p>\n<ul>\n<li>Organ nadzoruj\u0105cy: Narodowy Instytut Dziedzictwa<\/li>\n<li>Adres: ul. M. Kopernika 36\/40<br \/>00-924 Warszawa<\/li>\n<li>E-mail: nid@nid.pl<\/li>\n<li>Telefon: +48 22 826 93 52<\/li>\n<\/ul>\n<p>Skarg\u0119 mo\u017cna z\u0142o\u017cy\u0107 r\u00f3wnie\u017c do <a href=\"https:\/\/www.rpo.gov.pl\/content\/jak-zglosic-sie-do-rzecznika-praw-obywatelskich\">Rzecznika Praw Obywatelskich<\/a>.<\/p>\n<p>&nbsp;<\/p>\n<h1 id=\"a11y-deklaracja\">Dost\u0119pno\u015b\u0107 architektoniczna<\/h1>\n<p>&nbsp;<\/p>\n<h2>Siedziba Narodowego Instytutu Dziedzictwa \u2013 ul. Miko\u0142aja Kopernika 36\/40, Warszawa<\/h2>\n<p>Przed budynkiem wyznaczono 2 miejsca parkingowe dla os\u00f3b niepe\u0142nosprawnych w odleg\u0142o\u015bci oko\u0142o 25 metr\u00f3w od wej\u015bcia g\u0142\u00f3wnego.<br \/>Wej\u015bcie do budynku znajduje si\u0119 od strony Placu Juliusza Osterwy. Wej\u015bcie g\u0142\u00f3wne znajduje si\u0119 u zbiegu ulic Kopernika i Bartoszewicza. Do wej\u015bcia prowadz\u0105 schody. Przy schodach po lewej stronie znajduje si\u0119 podjazd dla w\u00f3zk\u00f3w. Jest to r\u00f3wnie\u017c wej\u015bcie przeznaczone dla go\u015bci.<br \/>Pomieszczenia Instytutu znajduj\u0105 si\u0119 na pi\u0119trach: 1, 2, 3. Recepcja znajduje si\u0119 po lewej stronie od wej\u015bcia. W holu g\u0142\u00f3wnym na wysoko\u015bci recepcji znajduj\u0105 si\u0119 niewielkie schody, do kt\u00f3rych jest rozstawiany podjazd po prawej stronie. W budynku znajduje si\u0119 winda, gabarytowo odpowiednia dla przewo\u017cenia os\u00f3b na w\u00f3zkach inwalidzkich. Wind\u0105 mo\u017cna dojecha\u0107 i dotrze\u0107 bez przeszk\u00f3d na 1 pi\u0119tro budynku, w kt\u00f3rym znajduje si\u0119 gabinet Dyrektora, sekretariat, kancelaria oraz cz\u0119\u015b\u0107 dzia\u0142\u00f3w merytorycznych. Nie ma mo\u017cliwo\u015bci dojechania wind\u0105 na pi\u0119tro 2 oraz 3 do cz\u0119\u015bci dzia\u0142\u00f3w merytorycznych, kadr, ksi\u0119gowo\u015bci oraz administracji.<br \/>W budynku nie ma toalet dostosowanych do potrzeb os\u00f3b niepe\u0142nosprawnych.<br \/>Do budynku i wszystkich jego pomieszcze\u0144 mo\u017cna wej\u015b\u0107 z psem asystuj\u0105cym i psem przewodnikiem.<br \/>W budynku nie ma oznacze\u0144 w alfabecie brajla ani oznacze\u0144 kontrastowych lub w druku powi\u0119kszonym dla os\u00f3b niewidomych i s\u0142abowidz\u0105cych.<\/p>\n<h2>Siedziba Narodowego Instytutu Dziedzictwa \u2013 Al. Jerozolimskie 87 (4 pi\u0119tro), Warszawa<\/h2>\n<p>Niedaleko wej\u015bcia (ok. 50m) znajduje si\u0119 jedno, og\u00f3lnodost\u0119pne miejsce parkingowe dla niepe\u0142nosprawnych od strony Al. Jerozolimskich na wysoko\u015bci budynku 89. Miejsce dost\u0119pne komunikacyjnie poprzez blisk\u0105 infrastruktur\u0119 komunikacji miejskiej.<br \/>Oznaczone wej\u015bcie znajduje si\u0119 w pierwszej klatce schodowej od strony zachodniej budynku, czyli od strony budynku 89. Barier\u0119 stanowi\u0105 dwa niskie stopnie, potem kolejne dziewi\u0119\u0107 stopni. Drzwi dwuskrzyd\u0142owe, r\u0119cznie otwierane, wymagaj\u0105ce u\u017cycia si\u0142y, szeroko\u015b\u0107 odpowiednia dla os\u00f3b na w\u00f3zkach inwalidzkich. . W budynku znajduje si\u0119 winda, jednak\u017ce drzwi o szeroko\u015bci 72 cm uniemo\u017cliwiaj\u0105 przejazd osobom na w\u00f3zkach inwalidzkich.<br \/>Korytarze s\u0105 dost\u0119pne na ka\u017cdym z zajmowanych pi\u0119ter, jednak cz\u0119\u015b\u0107 pomieszcze\u0144 znajduje si\u0119 za przew\u0119\u017ceniami o szeroko\u015bci 98 cm. Schody o szeroko\u015bci 140 cm posiadaj\u0105 jedn\u0105 barierk\u0119 od strony wewn\u0119trznej. Drzwi na pi\u0119trach s\u0105 o szeroko\u015bci 84 cm, a cz\u0119\u015b\u0107 drzwi do pokoj\u00f3w ma 80 cm szeroko\u015bci.<br \/>Dost\u0119pny jest schodo\u0142az.<br \/>Brak jest toalet dla os\u00f3b niepe\u0142nosprawnych.<br \/>Nie ma informacji g\u0142osowych oraz p\u0119tli indukcyjnych. Brak jest oznacze\u0144 w alfabecie brajla oraz oznacze\u0144 kontrastowych lub w druku powi\u0119kszonym dla os\u00f3b s\u0142abowidz\u0105cych.<br \/>Do budynku i wszystkich jego pomieszcze\u0144 mo\u017cna wej\u015b\u0107 z psem asystuj\u0105cym i psem przewodnikiem.<\/p>\n<h2>Zesp\u00f3\u0142 Zadaniowy Oddzia\u0142 Terenowy w Bia\u0142ymstoku \u2013 ul. \u015aw. Miko\u0142aja 1, 15-419 Bia\u0142ystok, V pi\u0119tro lokal nr 3, V pi\u0119tro lokal nr 6<\/h2>\n<p>Przed budynkiem wyznaczono o oznakowano 1 miejsca parkingowe dla os\u00f3b niepe\u0142nosprawnych.<br \/>Wej\u015bcie do budynku znajduje si\u0119 od strony ul. \u015aw. Miko\u0142aja, u zbiegu ulic \u015bw. Miko\u0142\u0105ja i Liniarskiego. Do wej\u015bcia prowadz\u0105 schody. Drzwi widoczne na tle fasady, nie wymagaj\u0105 u\u017cycia nadmiernej si\u0142y. Budynek posiada podjazd dla w\u00f3zk\u00f3w oraz wind\u0119, kt\u00f3ra posiada szeroko\u015b\u0107 drzwi min. 90 cm z przestrzeni\u0105 manewrow\u0105. Wind\u0105 mo\u017cna dojecha\u0107 bez przeszk\u00f3d do pomieszczenia Instytutu, kt\u00f3re znajduj\u0105 si\u0119 na V pi\u0119trze. Korytarze posiadaj\u0105 szeroko\u015b\u0107 ok. 150 cm, bez barier architektonicznych.<br \/>W budynku nie ma toalet dostosowanych do potrzeb os\u00f3b niepe\u0142nosprawnych.<br \/>Do budynku i wszystkich jego pomieszcze\u0144 mo\u017cna wej\u015b\u0107 z psem asystuj\u0105cym i psem przewodnikiem.<br \/>W budynku nie ma oznacze\u0144 w alfabecie brajla ani oznacze\u0144 kontrastowych lub w druku powi\u0119kszonym dla os\u00f3b niewidomych i s\u0142abowidz\u0105cych.<\/p>\n<h2>Zesp\u00f3\u0142 Zadaniowy Oddzia\u0142 Terenowy NID w Gda\u0144sku \u2013 ul. \u015aw. Tr\u00f3jcy 5, Gda\u0144sk<\/h2>\n<p>Miejsca parkingowe znajduj\u0105 si\u0119 w odleg\u0142o\u015bci 100 m od siedziby Oddzia\u0142u, przy ul. Rze\u017anickiej. Jest 1 znaczone miejsce parkingowe dla os\u00f3b z niepe\u0142nosprawno\u015bciami. W odleg\u0142o\u015bci 150 m od siedziby Oddzia\u0142u, przy ul. Rze\u017anickiej 65 znajduje si\u0119 og\u00f3lnodost\u0119pny parking (zbiorczy naziemny) czynny ca\u0142\u0105 dob\u0119.<br \/>G\u0142\u00f3wne wej\u015bcie do Oddzia\u0142u znajduje si\u0119 z chodnika pokrytego nawierzchni\u0105 bitumiczn\u0105 przy ul. \u015bw. Tr\u00f3jcy. Barier\u0105 mo\u017ce by\u0107 pr\u00f3g kamienny o wysoko\u015bci ok. 8 cm. Drzwi s\u0105 jednoskrzyd\u0142owe otwierane do \u015brodka (cz\u0119\u015b\u0107 ruchoma o szeroko\u015bci 90 cm oraz cz\u0119\u015b\u0107 sta\u0142a z mo\u017cliwo\u015bci\u0105 otwarcia o szeroko\u015bci ok. 30 cm). Nast\u0119pnie we wn\u0119trzu, po pokonaniu ok. 2 m znajduje si\u0119 drewniana przegroda wiatro\u0142apu z drzwiami jednoskrzyd\u0142owymi o szeroko\u015bci 90 cm, bez progu. Nawierzchnia wiatro\u0142apu i sieni jest wsp\u00f3lna \u2013 s\u0105 to p\u0142yty kamienne uk\u0142adane bez fug.<br \/>Sekretariat i pomieszczenia biurowe pracownik\u00f3w znajduj\u0105 si\u0119 na 2 kondygnacji naziemnej, na kt\u00f3r\u0105 prowadzi klatka schodowa z tr\u00f3jbiegowymi schodami i du\u017c\u0105 dusz\u0105 (pust\u0105 przestrzeni\u0105) w \u015brodku. W budynku nie ma windy.<br \/>Na parterze, na zach\u00f3d od sieni (po lewej stronie), znajduje si\u0119 wej\u015bcie do archiwum Oddzia\u0142u (drzwi jednoskrzyd\u0142owe, otwierane do wn\u0119trza, o szeroko\u015bci 90 cm). Do pomieszcze\u0144 tych mo\u017cna dosta\u0107 si\u0119 z antresoli, na kt\u00f3r\u0105 prowadz\u0105 schody drewniane jednobiegowe), bez windy.<br \/>We wn\u0119trzu brak udogodnie\u0144 dla os\u00f3b z niepe\u0142nosprawno\u015bciami, konieczna jest pomoc pracownik\u00f3w Oddzia\u0142u, nie ma dzwonk\u00f3w przywo\u0142awczych.<br \/>We wn\u0119trzu znajduj\u0105 si\u0119 4 toalety \u2013 2 na parterze (damska i m\u0119ska) i 2 na p\u00f3\u0142pi\u0119trze, powy\u017cej 2 kondygnacji. Wej\u015bcie do toalet za po\u015brednictwem wiatro\u0142apu z drzwiami o szeroko\u015bci 80 cm. W Oddziale nie ma toalet dla os\u00f3b z niepe\u0142nosprawno\u015bciami.<br \/>W pomieszczeniach biurowych nie ma p\u0119tli indukcyjnych ani mo\u017cliwo\u015bci skorzystania z pomocy t\u0142umacza polskiego j\u0119zyka migowego.<br \/>Do pomieszcze\u0144 biurowych Oddzia\u0142u mo\u017cna wej\u015b\u0107 z psem asystuj\u0105cym i psem przewodnikiem. Nie ma oznacze\u0144 w alfabecie Braille\u2019a lub oznacze\u0144 kontrastowych.<\/p>\n<h2>Zesp\u00f3\u0142 Zadaniowy Oddzia\u0142 Terenowy NID w Katowicach \u2013 ul. Mickiewicza 29, Katowice<\/h2>\n<p>Najbli\u017csze miejsca parkingowe znajduj\u0105 si\u0119 bezpo\u015brednio pod siedzib\u0105 Pracowni, przy ul. Mickiewicza i ul. Sobieskiego. Ponadto w s\u0105siedztwie biurowca, przy ul. Mickiewicza 23-27, mie\u015bci si\u0119 du\u017cy, p\u0142atny parking strze\u017cony. Najbli\u017csze dwa miejsca parkingowe dla os\u00f3b z niepe\u0142nosprawno\u015bciami zlokalizowane s\u0105 naprzeciw budynku, na rogu ul. Mickiewicza i Sobieskiego (ok. 40 m od budynku).<br \/>Wej\u015bcie g\u0142\u00f3wne do budynku, w kt\u00f3rym mie\u015bci si\u0119 Oddzia\u0142, poprzedzone jest schodami. Wej\u015bcie boczne, z wind\u0105 dla os\u00f3b poruszaj\u0105cych si\u0119 na w\u00f3zkach inwalidzkich, mie\u015bci si\u0119 po prawej stronie od wej\u015bcia g\u0142\u00f3wnego, w wie\u017cy B (wschodniej), i jest widoczne z ul. Mickiewicza. Przy wej\u015bciu tym umieszczony jest dzwonek przywo\u0142uj\u0105cy pracownika recepcji.<br \/>Oddzia\u0142 mie\u015bci si\u0119 na 17. pi\u0119trze w wie\u017cy A. Po wej\u015bciu do budynku nale\u017cy uda\u0107 si\u0119 do recepcji w celu pobrania magnetycznej karty dost\u0119pu, umo\u017cliwiaj\u0105cej przej\u015bcie przez bramki wej\u015bciowe i dost\u0119p do windy.<br \/>W budynku nie ma barier przestrzennych w dost\u0119pie dla os\u00f3b ze szczeg\u00f3lnymi potrzebami w poziomych lub pionowych ci\u0105gach komunikacyjnych. Zainstalowane s\u0105 windy zapewniaj\u0105ce komunikacj\u0119 z kondygnacj\u0105, na kt\u00f3rej mie\u015bci si\u0119 Oddzia\u0142. Drzwi windy otwieraj\u0105 si\u0119 automatycznie, ponadto windy wyposa\u017cone s\u0105 w system sygnalizacji optycznej i d\u017awi\u0119kowej. Dost\u0119pno\u015b\u0107 biura oraz szeroko\u015b\u0107 korytarzy i schod\u00f3w w obiekcie umo\u017cliwia swobodne poruszanie si\u0119 os\u00f3b z dysfunkcjami ruchowymi i na w\u00f3zkach inwalidzkich.<br \/>Na pi\u0119trze, na kt\u00f3rym mie\u015bci si\u0119 Oddzia\u0142, znajduj\u0105 si\u0119 toalety og\u00f3lnodost\u0119pne. Toaleta dla os\u00f3b z niepe\u0142nosprawno\u015bciami znajduje si\u0119 na poziomie wysokiego parteru w wie\u017cy A (dost\u0119p wind\u0105).<br \/>W Pracowni nie ma p\u0119tli indukcyjnych ani mo\u017cliwo\u015bci skorzystania z pomocy t\u0142umacza polskiego j\u0119zyka migowego. W windach zainstalowany jest system sygnalizacji \u015bwietlnej (przyj\u0119cie wezwania sygnalizowane jest ich pod\u015bwietleniem).<br \/>Do pomieszcze\u0144 biurowych NID mo\u017cna wej\u015b\u0107 z psem asystuj\u0105cym i psem przewodnikiem. W windach zainstalowany jest system sygnalizacji d\u017awi\u0119kowej (dotarcie do celu i po\u0142o\u017cenie windy sygnalizowane jest informacj\u0105 g\u0142osow\u0105).<\/p>\n<h2>Zesp\u00f3\u0142 Zadaniowy Oddzia\u0142 Terenowy NID w Kielcach \u2013 al. IX Wiek\u00f3w Kielc 16\/13, Kielce<\/h2>\n<p>Miejsca postojowe znajduj\u0105 si\u0119 bezpo\u015brednio przy budynku, z mo\u017cliwo\u015bci\u0105 zaparkowania na poszerzonym miejscu parkingowym dedykowanym NID, w odleg\u0142o\u015bci ok. 15 m od wej\u015bcia tylnego i ok. 70 m od wej\u015bcia frontowego.<br \/>Doj\u015bcie\/dojazd do wej\u015bcia frontowego jest p\u0142aski, bezstopniowy i bezkraw\u0119\u017cnikowy. Wej\u015bcie z chodnika bez stopni, drzwiami rozwieranymi o szeroko\u015bci 95 cm, z progiem 2 cm.<br \/>Budynek ma parter i\u00a0dwa pi\u0119tra. Oddzia\u0142 znajduje si\u0119 na II pi\u0119trze, na kt\u00f3re doj\u015bcie prowadzi dwubiegowymi schodami o szeroko\u015bci 125 cm z podestami 150 cm. Nie ma windy ani podno\u015bnika schodowego.<br \/>Lokal Pracowni znajduje si\u0119 na dw\u00f3ch poziomach \u2013 na podstawowym s\u0105 pokoje biurowe, na antresoli biblioteka oddzia\u0142owa, dost\u0119pna schodami wewn\u0119trznymi. Wej\u015bcie z klatki schodowej do lokalu drzwiami o szeroko\u015bci 90 cm bezprogowymi; poziom podstawowy jest jednolity, a drzwi mi\u0119dzy pokojami o szeroko\u015bci 80 cm. Nie ma ogranicze\u0144 w dost\u0119pno\u015bci pomieszcze\u0144 poziomu podstawowego.<br \/>Toaleta znajduje si\u0119 na poziomie podstawowym, nie jest przystosowana dla os\u00f3b poruszaj\u0105cych si\u0119 na w\u00f3zkach inwalidzkich.<br \/>Mo\u017cliwa jest wizyta z psem asystuj\u0105cym lub przewodnikiem.<br \/>Nie ma oznacze\u0144 kontrastowych lub w j\u0119zyku brajla.<br \/>Nie ma p\u0119tli indukcyjnych oraz t\u0142umaczenia polskiego j\u0119zyka migowego.<\/p>\n<h2>Zesp\u00f3\u0142 Zadaniowy Oddzia\u0142 Terenowy NID w Krakowie \u2013 ul. \u015aw. Tomasza 8\/7, Krak\u00f3w<\/h2>\n<p>Miejsce parkingowe dedykowane osobom z niepe\u0142nosprawno\u015bciami znajduje si\u0119 50 metr\u00f3w od wej\u015bcia do budynku mieszcz\u0105cego siedzib\u0119 Oddzia\u0142u. Ponadto, miejsca parkingowe znajduj\u0105 si\u0119 bezpo\u015brednio przed wej\u015bciem do budynku. Jest to strefa ograniczonego ruchu. Ograniczenia nie obejmuj\u0105 pojazd\u00f3w z identyfikatorem osoby niepe\u0142nosprawnej.<br \/>Lokal mieszcz\u0105cy Oddzia\u0142 znajduje si\u0119 w prywatnej kamienicy wpisanej do rejestru zabytk\u00f3w, jest wynajmowany przez NID, co ogranicza mo\u017cliwo\u015b\u0107 wprowadzania modyfikacji w substancj\u0119 architektoniczn\u0105. Pomieszczenia biurowe znajduj\u0105 si\u0119 na pierwszym pi\u0119trze, a w oficynie znajduje si\u0119 archiwum PP PKZ.<br \/>Do kamienicy prowadzi wej\u015bcie bez prog\u00f3w i schod\u00f3w, kt\u00f3re jest odpowiednio szerokie, aby m\u00f3c wjecha\u0107 w\u00f3zkiem. Oddzia\u0142 znajduje si\u0119 na pierwszym pi\u0119trze i jest dost\u0119pny wy\u0142\u0105cznie za pomoc\u0105 schod\u00f3w drewnianych dwubiegowych ze spocznikiem. Nie ma udogodnie\u0144 dla os\u00f3b z ograniczeniami ruchowymi.<br \/>Oficyna archiwalna znajduje si\u0119 na ty\u0142ach posesji, dost\u0119p do niej z sieni kamienicy prowadzi przez podw\u00f3rko z nier\u00f3wn\u0105 nawierzchni\u0105 z p\u0142yt chodnikowych. W drzwiach wej\u015bciowych jest niski stopie\u0144. Wewn\u0105trz komunikacja pionowa (cztery kondygnacje) odbywa si\u0119 wy\u0142\u0105cznie klatk\u0105 schodow\u0105 bez windy i udogodnie\u0144 dla os\u00f3b z ograniczeniami ruchu.<br \/>W pomieszczeniach Oddzia\u0142u nie ma r\u00f3\u017cnic poziom\u00f3w. Utrudnieniem s\u0105 niskie, drewniane progi w drzwiach do poszczeg\u00f3lnych pomieszcze\u0144 oraz \u201elabiryntowy\u201d uk\u0142ad pomieszcze\u0144 z d\u0142ugimi drogami doj\u015bcia do konkretnych pokoi.<br \/>W oficynie archiwalnej komunikacj\u0119 pionow\u0105 zapewnia klatka schodowa ze schodami dwubiegowymi, ze spocznikami. Sala studialna znajduje si\u0119 w najwy\u017cszej kondygnacji. Praktycznie jest niedost\u0119pna dla os\u00f3b ze szczeg\u00f3lnymi potrzebami.<br \/>Toaleta znajduje si\u0119 w pobli\u017cu wej\u015bcia do lokalu. Nie jest przystosowana dla os\u00f3b ze szczeg\u00f3lnymi potrzebami, ale jest przestronna, wyposa\u017cona w umywalk\u0119, a dost\u0119p zapewniaj\u0105 drzwi o odpowiedniej szeroko\u015bci.<br \/>W oficynie archiwalnej toaleta znajduje si\u0119 na najwy\u017cszej kondygnacji, jest ma\u0142a i wej\u015bcie do niej prowadzi przez w\u0105skie drzwi.<br \/>W pomieszczeniach biurowych Oddzia\u0142u nie s\u0105 dost\u0119pne p\u0119tle indukcyjne i nie ma mo\u017cliwo\u015bci skorzystania z pomocy t\u0142umacza polskiego j\u0119zyka migowego.<br \/>Do Oddzia\u0142u mo\u017cna wej\u015b\u0107 z psem asystuj\u0105cym i psem przewodnikiem. Nie ma oznacze\u0144 w alfabecie brajla lub oznacze\u0144 kontrastowych.<\/p>\n<h2>Zesp\u00f3\u0142 Zadaniowy Oddzia\u0142 Terenowy NID w Lublinie \u2013 ul. Krakowskie Przedmie\u015bcie 10\/Przechodnia 2, Lublin<\/h2>\n<p>Najbli\u017csze og\u00f3lnodost\u0119pne miejsca parkingowe znajduj\u0105 si\u0119 na Placu Wolno\u015bci, przy budynku III LO im. Unii Lubelskiej. S\u0105 to miejsca p\u0142atne \u2013 po\u0142o\u017cone w strefie p\u0142atnego parkowania na terenie centrum miasta Lublin. W tym miejscu znajduje si\u0119 tak\u017ce jedno miejsce przeznaczone dla os\u00f3b niepe\u0142nosprawnych. Odleg\u0142o\u015b\u0107 od miejsca parkingowego dla os\u00f3b niepe\u0142nosprawnych do wej\u015bcia do budynku od strony ul. Przechodniej wynosi ok. 100 m. Trasa mi\u0119dzy miejscem parkingowym a wej\u015bciem do budynku nie zawiera barier architektonicznych: prowadzi po r\u00f3wnym terenie, bez kraw\u0119\u017cnik\u00f3w przy przej\u015bciu dla pieszych.<br \/>Wej\u015bcie do budynku znajduje si\u0119 od strony ulicy Przechodniej, do budynku prowadzi 1 stopie\u0144. Oddzia\u0142 zlokalizowana jest na 3 i 4 kondygnacji obiektu (biuro na 3, archiwum na 4). Schody nie posiadaj\u0105 \u017cadnych udogodnie\u0144 dla os\u00f3b o szczeg\u00f3lnych potrzebach. W budynku nie ma windy.<br \/>Wewn\u0105trz pomieszcze\u0144 biura Pracowni nie ma \u017cadnych barier utrudniaj\u0105cych poruszanie. Pomi\u0119dzy biurem, a archiwum s\u0105 schody bez udogodnie\u0144.<br \/>Toaleta nie jest dostosowana dla os\u00f3b z niepe\u0142nosprawno\u015bciami.<br \/>W budynku nie ma p\u0119tli indukcyjnych.<br \/>Do pomieszcze\u0144 Pracowni mo\u017cna wej\u015b\u0107 z psem asystuj\u0105cym. Nie ma oznacze\u0144 w alfabecie brajla oraz oznacze\u0144 kontrastowych.<\/p>\n<h2>Zesp\u00f3\u0142 Zadaniowy Oddzia\u0142 Terenowy NID w \u0141odzi \u2013 ul. Rewolucji 1905 r. 9 lok. 4U, \u0141\u00f3d\u017a<\/h2>\n<p>Biuro zlokalizowane jest przy do\u015b\u0107 ruchliwej ulicy, wzd\u0142u\u017c kt\u00f3rej zlokalizowane s\u0105 og\u00f3lnodost\u0119pne, p\u0142atne, parkingi miejskie siedziby (w zasi\u0119gu oko\u0142o 50 \u2013 100 metr\u00f3w od wej\u015bcia do budynku). Przy ul. Rewolucji, w pobli\u017cu Oddzia\u0142u brak miejsc przeznaczonych wy\u0142\u0105cznie dla os\u00f3b niepe\u0142noprawnych. Siedziba mie\u015bci si\u0119 w kamienicy, do kt\u00f3rej nale\u017cy podw\u00f3rze. Jednak na podw\u00f3rzu nie ma miejsc przeznaczonych dla NID \u2013 st\u0105d brak pewno\u015bci parkowania.<br \/>Wej\u015bcie do siedziby z poziomu ulicy prowadzi przez bram\u0119. Istnieje mo\u017cliwo\u015b\u0107 pe\u0142nego otwarcia bramy dla osoby poruszaj\u0105cej si\u0119 na w\u00f3zku. Barier\u0105 jest wysoki stopie\u0144 (ok. 40 cm) przed wej\u015bciem z bramy do klatki schodowej. W budynku jest winda standardowych rozmiar\u00f3w. Siedziba mie\u015bci si\u0119 na II pi\u0119trze, w pomieszczeniach nie ma barier architektonicznych.<br \/>W siedzibie jest toaleta, w g\u0142\u0119bi zajmowanego mieszkania. Pomieszczenie jest do\u015b\u0107 w\u0105skie. Szeroko\u015b\u0107 drzwi wej\u015bciowych \u2013 60 cm.<br \/>W siedzibie brak mo\u017cliwo\u015bci skorzystania z t\u0142umacza j\u0119zyka migowego. Mo\u017cliwy jest pisemny kontakt z osobami niedos\u0142ysz\u0105cymi i nies\u0142ysz\u0105cymi.<br \/>Do siedziby Oddzia\u0142u w \u0141odzi \u0142atwo mo\u017cna wej\u015b\u0107 z psem przewodnikiem, psem asystuj\u0105cym. Brak oznacze\u0144 kontrastowych oraz oznacze\u0144 w alfabecie brajla.<\/p>\n<h2>Zesp\u00f3\u0142 Zadaniowy Oddzia\u0142 Terenowy NID w Olsztynie \u2013 ul. 11 Listopada 4, Olsztyn<\/h2>\n<p>Najbli\u017csze miejsca parkingowe znajduj\u0105 si\u0119 bezpo\u015brednio przy budynku, od strony podw\u00f3rza. Jest to ma\u0142y parking (3-4 samochody). Brak tam miejsca do parkowania dla niepe\u0142nosprawnych. Jest mo\u017cliwo\u015b\u0107 zaparkowania na drugim parkingu, w odleg\u0142o\u015bci ok. 120 metr\u00f3w od budynku. Na tym parkingu s\u0105 wydzielone 2 miejsca dla niepe\u0142nosprawnych.<br \/>Oddzia\u0142 dysponuje lokalem znajduj\u0105cym si\u0119 na 3 kondygnacji budynku biurowego, usytuowanego bezpo\u015brednio przy ulicy.<br \/>Do budynku prowadz\u0105 dwa wej\u015bcia: od ulicy i od podw\u00f3rka. Wej\u015bcie od ulicy poprzedzone jest progiem oraz schodami ju\u017c wewn\u0105trz budynku (trzy stopnie). Od strony podw\u00f3rka znajduj\u0105 si\u0119 wysokie schody, o biegu r\u00f3wnoleg\u0142ym do budynku, s\u0105siaduj\u0105ce ze schodami do innych wej\u015b\u0107. Nie ma pochylni dla w\u00f3zk\u00f3w.<br \/>Oddzia\u0142 znajduje si\u0119 na drugim pi\u0119trze. Schody s\u0105 wysokie i szerokie. Nie ma windy ani innych urz\u0105dze\u0144 pozwalaj\u0105cych dotrze\u0107 osobom na w\u00f3zkach.<br \/>Klatka schodowa prowadzi do korytarza, przy kt\u00f3rym znajduj\u0105 si\u0119 pokoje biurowe i biblioteka Oddzia\u0142u. Przy wej\u015bciu do biura jest pr\u00f3g utrudniaj\u0105cy wjazd w\u00f3zkiem, pomieszczenie biblioteki dost\u0119pne jest bez prog\u00f3w.<br \/>W pomieszczeniach biurowych i bibliotece znajduj\u0105 si\u0119 stosunkowo w\u0105skie jednoskrzyd\u0142owe drzwi.<br \/>W budynku nie ma og\u00f3lnodost\u0119pnej toalety dla dostosowanej dla os\u00f3b ze szczeg\u00f3lnymi potrzebami.<br \/>W pomieszczeniach Oddzia\u0142u nie s\u0105 dost\u0119pne p\u0119tle indukcyjne, nie ma te\u017c mo\u017cliwo\u015bci skorzystania z pomocy t\u0142umacza polskiego j\u0119zyka migowego.<br \/>Do pomieszcze\u0144 biurowych oddzia\u0142u mo\u017cna wej\u015b\u0107 z psem asystuj\u0105cym i psem przewodnikiem. Nie ma oznacze\u0144 w alfabecie brajla lub oznacze\u0144 kontrastowych.<\/p>\n<h2>Zesp\u00f3\u0142 Zadaniowy Oddzia\u0142 Terenowy NID w Opolu \u2013 ul. Krawiecka 13, Opole<\/h2>\n<p>Do budynku prowadzi jedno wej\u015bcie znajduj\u0105ce si\u0119 na\u00a0poziomie 0.<br \/>Siedziba Oddzia\u0142u Terenowego w Opolu znajduje si\u0119 na pierwszym pi\u0119trze po prawej stronie, obok siedziby Wydzia\u0142u \u015arodowiska UM Opole. Do siedziby Oddzia\u0142u NID prowadzi szeroka, widna klatka schodowa bez specjalnych udogodnie\u0144 architektonicznych dla os\u00f3b z trudno\u015bciami w poruszaniu si\u0119.<br \/>Dla os\u00f3b na\u00a0w\u00f3zkach dost\u0119pny jest szeroki korytarz bez podest\u00f3w i\u00a0drzwi, z dodatkowo\u00a0 (w razie potrzeby) otwieranym skrzyd\u0142em na\u00a0parterze. W\u00a0budynku nie ma windy, ani publicznych toalet dost\u0119pna dla os\u00f3b z niepe\u0142nosprawno\u015bci\u0105 (w razie konieczno\u015bci mo\u017cna skorzysta\u0107 z toalety OT znajduj\u0105cej si\u0119 w ci\u0105gu komunikacyjnym korytarza).<br \/>Budynek usytuowany jest w bliskim s\u0105siedztwie Rynku w Opolu, w centrum miasta. Przy siedzibie OT na ul. Krawieckiej znajduj\u0105 si\u0119 miejsca parkingowe (strefa parkingowa A \u2013 p\u0142atna), w tym dwa zarezerwowane dla os\u00f3b z niepe\u0142nosprawno\u015bciami (bezpo\u015brednio przed wej\u015bciem do siedziby OT, w odleg\u0142o\u015bci oko\u0142o 2 metr\u00f3w). Do budynku i\u00a0wszystkich jego pomieszcze\u0144 mo\u017cna wej\u015b\u0107 z\u00a0psem asystuj\u0105cym i\u00a0psem przewodnikiem.<br \/>W budynku nie ma p\u0119tli indukcyjnych.<br \/>W budynku nie ma oznacze\u0144 w\u00a0alfabecie brajla ani oznacze\u0144 kontrastowych lub w\u00a0druku powi\u0119kszonym dla os\u00f3b niewidomych i\u00a0s\u0142abowidz\u0105cych. W budynku nie ma mo\u017cliwo\u015bci skorzystania z\u00a0t\u0142umacza polskiego j\u0119zyka migowego.<\/p>\n<h2>Zesp\u00f3\u0142 Zadaniowy Oddzia\u0142 Terenowy NID w Poznaniu \u2013 ul. Miel\u017cy\u0144skiego 27\/29, Pozna\u0144<\/h2>\n<p>Przed bram\u0105 budynku znajduj\u0105 si\u0119 miejsca parkingowe oznaczone. Oddzia\u0142 mie\u015bci si\u0119 na 2 pi\u0119trze. W budynku nie ma windy.<br \/>W Oddziale nie ma toalety przystosowanej dla os\u00f3b z niepe\u0142nosprawno\u015bciami. Toaleta dost\u0119pna znajduje si\u0119 na parterze.<br \/>W pomieszczeniach biurowych nie ma p\u0119tli indukcyjnych. Nie ma oznacze\u0144 w alfabecie brajla lub oznacze\u0144 kontrastowych.<br \/>Do Oddzia\u0142u mo\u017cna wej\u015b\u0107 z psem asystuj\u0105cym lub przewodnikiem.<\/p>\n<h2>Zesp\u00f3\u0142 Zadaniowy Oddzia\u0142 Terenowy NID w Rzeszowie \u2013 ul. Hetma\u0144ska 15, Rzesz\u00f3w<\/h2>\n<p>P\u0142atne miejsca parkingowe dost\u0119pne s\u0105 przy ul. Hetma\u0144skiej, w odleg\u0142o\u015bci ok. 10 m od budynku. Miejsca te znajduj\u0105 si\u0119 na wydzielonym przez samorz\u0105d miasta obszarze \u2013 wzd\u0142u\u017c chodnika ul. Hetma\u0144skiej, m.in.\u00a0 przylegaj\u0105cym\u00a0 do budynku, w kt\u00f3rym znajduje si\u0119 siedziba Oddzia\u0142u. Kilka miejsc przy budynku dedykowanych jest osobom z niepe\u0142nosprawno\u015bciami \u2013 zarezerwowane s\u0105 dla Polskiego Zwi\u0105zku Niewidomych.<br \/>Siedziba Oddzia\u0142u znajduje si\u0119 na parterze kilkukondygnacjowego budynku, jednak brak jest rozwi\u0105za\u0144 umo\u017cliwiaj\u0105cych samodzielne wej\u015bcie dla os\u00f3b poruszaj\u0105cych si\u0119 na w\u00f3zkach. Wej\u015bcie do siedziby Oddzia\u0142u posiada bariery przestrzenne \u2013 dwa schody zewn\u0119trzne i pi\u0119\u0107 wewn\u0119trznych. Wej\u015bcie zaopatrzone jest w domofon; po jego uruchomieniu mo\u017cliwa jest pomoc pracownika Oddzia\u0142u. Wewn\u0105trz siedziby nie ma ogranicze\u0144 w dost\u0119pie dla os\u00f3b poruszaj\u0105cych si\u0119 na w\u00f3zkach \u2013 lokal jest przestronny, usytuowany na jednym poziomie.<br \/>W siedzibie Oddzia\u0142u nie ma toalet dostosowanych dla os\u00f3b z niepe\u0142nosprawno\u015bciami. W pomieszczeniach biurowych nie s\u0105 dost\u0119pne p\u0119tle indukcyjne, nie ma r\u00f3wnie\u017c mo\u017cliwo\u015bci skorzystania z pomocy t\u0142umacza polskiego j\u0119zyka migowego.<br \/>Do pomieszcze\u0144 Oddzia\u0142u mo\u017cna wej\u015b\u0107 z psem asystuj\u0105cym i psem przewodnikiem, ale brak jest oznacze\u0144 w\u00a0alfabecie brajla oraz oznacze\u0144 kontrastowych.<\/p>\n<h2>Zesp\u00f3\u0142 Zadaniowy Oddzia\u0142 Terenowy NID w Szczecinie \u2013 Plac Or\u0142a Bia\u0142ego 1, Szczecin<\/h2>\n<p>Oddzia\u0142 Terenowy mie\u015bci si\u0119 w budynku przy pl. Or\u0142a Bia\u0142ego 1, w \u015bcis\u0142ym centrum miasta, w dzielnicy Stare Miasto. Wzd\u0142u\u017c pierzei zabudowy wydzielone s\u0105 p\u0142atne miejsca parkingowe, w tym stanowiska dla os\u00f3b niepe\u0142nosprawnych \u2013 w odleg\u0142o\u015bci oko\u0142o 30 metr\u00f3w od wej\u015bcia do budynku.<br \/>Dodatkowo, bezpo\u015brednio przed wej\u015bciem do budynku, znajduj\u0105 si\u0119 dwa miejsca postojowe, przeznaczone do rotacyjnej obs\u0142ugi pomieszcze\u0144 biurowych i us\u0142ugowych.<br \/>Bezpo\u015brednie wej\u015bcie do budynku (do holu) poprzedzone jest jednym stopniem. Oddzia\u0142 znajduje si\u0119 na 1-pi\u0119trze, dost\u0119pnym po trzybiegowych schodach (z podestami), o szeroko\u015bci bieg\u00f3w ok. 1,3 m. Drzwi wej\u015bciowe s\u0105 jednoskrzyd\u0142owe, o szeroko\u015bci 85 cm.<br \/>Lokal biurowy PTS mie\u015bci si\u0119 na jednaj kondygnacji, z pomieszczeniami na jednym poziomie, dost\u0119pnymi od strony wewn\u0119trznego, szerokiego (ok. 3 m) korytarza.<br \/>Budynek biurowo-us\u0142ugowy przy pl. Or\u0142a Bia\u0142ego 1 jest dwupi\u0119trowy (z poddaszem), z dwiema klatkami schodowymi, bez windy.<br \/>W lokalu biurowym PTS znajduj\u0105 si\u0119 dwie (\u017ce\u0144ska i m\u0119ska) toalety, dost\u0119pne przez standardowe drzwi o szer. 80 cm. Toalety nie s\u0105 dostosowane dla os\u00f3b z niepe\u0142nosprawno\u015bciami.<br \/>Najbli\u017csza toaleta, przystosowana dla os\u00f3b z niepe\u0142nosprawno\u015bciami, znajduje si\u0119 na parterze budynku, w restauracji i jest dost\u0119pna po zg\u0142oszeniu si\u0119 do obs\u0142ugi lokalu.<br \/>W Pracowni nie ma p\u0119tli indukcyjnej oraz nie ma osoby ze znajomo\u015bci\u0105 polskiego j\u0119zyka migowego.<br \/>Do Pracowni mo\u017cna wej\u015b\u0107 z psem asystuj\u0105cym lub psem przewodnikiem. Oddzia\u0142 nie posiada oznacze\u0144 w alfabecie brajla i nie ma oznacze\u0144 kontrastowych.<\/p>\n<h2>Zesp\u00f3\u0142 Zadaniowy Oddzia\u0142 Terenowy NID w Toruniu \u2013 ul. Rabia\u0144ska 21, Toru\u0144<\/h2>\n<p>Budynek mieszcz\u0105cy pracowni\u0119 znajduje si\u0119 w strefie zamieszkania, w kt\u00f3rej obowi\u0105zuj\u0105 szczeg\u00f3lne zasady ruchu drogowego. Parkowanie pojazd\u00f3w jest dozwolone jedynie w miejscach do tego wyznaczonych. Na odcinku ulicy Rabia\u0144skiej, przy kt\u00f3rym znajduje si\u0119 wej\u015bcie do budynku, miejsca parkowania nie zosta\u0142y wyznaczone. Mo\u017cliwo\u015b\u0107 pozostawienia pojazdu istnieje na ulicach s\u0105siednich: Piekary, Rabia\u0144ska (na odcinku poni\u017cej numeru 18) oraz \u015aw. Ducha \u2013 miejsca przeznaczone dla os\u00f3b niepe\u0142nosprawnych. Drogi doj\u015b\u0107 z pobliskich miejsc parkingowych zawieraj\u0105 si\u0119 w przedziale 50-150 m.<br \/>Wej\u015bcie do budynku jest przy ul. Rabia\u0144skiej, poprzedzone zewn\u0119trznymi schodami o czterech stopniach. Schody nie zosta\u0142y wyposa\u017cone w urz\u0105dzenia umo\u017cliwiaj\u0105ce lub u\u0142atwiaj\u0105ce poruszanie si\u0119 osobom niepe\u0142nosprawnym. Nie s\u0105 wyposa\u017cone w por\u0119cze.<br \/>Za drzwiami wej\u015bciowymi do budynku znajduje si\u0119 ma\u0142y wiatro\u0142ap, na kt\u00f3rego \u015bcianie na wprost drzwi wej\u015bciowych zainstalowany jest domofon po\u0142\u0105czony bezpo\u015brednio z pomieszczeniami pracowni. Po lewej stronie od wej\u015bcia do wiatro\u0142apu znajduj\u0105 si\u0119 drzwi wewn\u0119trzne, odblokowywane zdalnie systemem domofonu. Drzwi wewn\u0119trzne zosta\u0142y wyposa\u017cone w mechanizm samoczynnego zamykania. Po poinformowaniu o trudno\u015bciach wej\u015bcia istnieje mo\u017cliwo\u015b\u0107 podej\u015bcia pracownika w celu r\u0119cznego otworzenia drzwi i przytrzymania skrzyd\u0142a.<br \/>Pomieszczenia biurowe Pracowni znajduj\u0105 si\u0119 na trzecim i czwartym pi\u0119trze. Do poziomu trzeciego pi\u0119tra prowadzi winda. Pomieszczenia s\u0105 dost\u0119pne te\u017c z klatki schodowej. Pomieszczenia biurowe nie posiadaj\u0105 specjalnych urz\u0105dze\u0144 u\u0142atwiaj\u0105cych poruszanie si\u0119 osobom niepe\u0142nosprawnym. Toalety, kt\u00f3re znajduj\u0105 si\u0119 na trzecim i czwartym pi\u0119trze, nie s\u0105 dostosowane do potrzeb os\u00f3b ze szczeg\u00f3lnymi potrzebami.<br \/>Na parterze wej\u015bcie do windy znajduje w przeciwleg\u0142ym (w stosunku do drzwi wej\u015bciowych do budynku), prawym naro\u017cniku holu, b\u0119d\u0105cym nast\u0119pnym pomieszczeniem za wiatro\u0142apem. Po prawej stronie od windy znajduj\u0105 schody prowadz\u0105ce na pi\u0119tra z pomieszczeniami pracowni. Poniewa\u017c schody u\u017cywane s\u0105 wy\u0142\u0105cznie w sytuacjach szczeg\u00f3lnych wej\u015bcie na nie jest mo\u017cliwe dopiero do zdj\u0119ciu separuj\u0105cego je sznura, zawieszonego mi\u0119dzy \u015bcian\u0105 (z lewej strony) a balustrad\u0105 (z prawej).<br \/>W budynku nie ma p\u0119tli indukcyjnych ani mo\u017cliwo\u015bci skorzystania z pomocy t\u0142umacza j\u0119zyka migowego.<br \/>W budynku nie ma oznacze\u0144 w alfabecie brajla i oznacze\u0144 kontrastowych. Jest mo\u017cliwo\u015b\u0107 wej\u015bcia do budynku z psem asystuj\u0105cym lub psem przewodnikiem.<\/p>\n<h2>Zesp\u00f3\u0142 Zadaniowy Oddzia\u0142 Terenowy NID we Wroc\u0142awiu \u2013 \u2013 ul. Pl. Teatralny 1, Wroc\u0142aw (lok. 4, 2 pi\u0119tro)<\/h2>\n<p>W pobli\u017cu wej\u015bcia nie ma miejsc dla os\u00f3b niepe\u0142nosprawnych. W pobli\u017cu przystanek tramwajowy.<br \/>Wej\u015bcie do budynku jest widoczne, drzwi kontrastowe na tle fasady i elewacji. Przed wej\u015bciem umieszczona tablica informacyjna. Barier\u0105 mo\u017ce by\u0107 pr\u00f3g kamienny o wysoko\u015bci ok. 8 cm, wynikaj\u0105cy z zabytkowego charakteru budynku.<br \/>Pomieszczenia znajduj\u0105 si\u0119 na 2 pi\u0119trze. W budynku znajduje si\u0119 winda, gabarytowo odpowiednia dla przewo\u017cenia os\u00f3b na w\u00f3zkach inwalidzkich. W windzie s\u0105 kontrastowe i wypuk\u0142e przyciski sterownicze, nie ma oznaczenia w alfabecie brajla. Wind\u0105 mo\u017cna dojecha\u0107 i dotrze\u0107 bez przeszk\u00f3d do oznaczonych informacyjnie pomieszcze\u0144.<br \/>W budynku nie ma toalet dostosowanych do potrzeb os\u00f3b niepe\u0142nosprawnych.<br \/>Do budynku i wszystkich jego pomieszcze\u0144 mo\u017cna wej\u015b\u0107 z psem asystuj\u0105cym i psem przewodnikiem.<br \/>W budynku nie ma p\u0119tli indukcyjnych ani mo\u017cliwo\u015bci skorzystania z t\u0142umacza polskiego j\u0119zyka migowego.<br \/>W budynku nie ma oznacze\u0144 w alfabecie brajla ani oznacze\u0144 kontrastowych lub w druku powi\u0119kszonym dla os\u00f3b niewidomych i s\u0142abowidz\u0105cych.<br \/>Przy wej\u015bciu do budynku jest pochylnia, a dalej winda dostosowana do samodzielnego przejazdu w\u00f3zkiem inwalidzkim. Budynek jest po remoncie, spe\u0142nia wymagania likwidacji barier architektonicznych.<br \/>Nie ma barier przestrzennych (schod\u00f3w, prog\u00f3w) w pomieszczeniach biurowych oraz w czytelni, gdzie udost\u0119pniane s\u0105 materia\u0142y Oddzia\u0142u.<br \/>Jedna z toalet w siedzib\u0119 OT jest dostosowana dla os\u00f3b z niepe\u0142nosprawno\u015bciami.<br \/>Do pomieszcze\u0144 OT mo\u017cna wej\u015b\u0107 z psem asystuj\u0105cym i psem przewodnikiem. W windzie, na przyciskach sterowniczych, s\u0105 oznaczenia w alfabecie brajla. W pomieszczenia Oddzia\u0142u nie ma takich oznacze\u0144.<\/p>\n<h2>Zesp\u00f3\u0142 Zadaniowy Oddzia\u0142 Terenowy NID w Zielonej G\u00f3rze \u2013 ul. B. Chrobrego 16\/3, Zielona G\u00f3ra<\/h2>\n<p>Wzd\u0142u\u017c ulicy B. Chrobrego, tu\u017c przy budynku w kt\u00f3rym mie\u015bci si\u0119 Oddzia\u0142, \u00a0znajduje si\u0119 szereg p\u0142atnych miejsc parkingowych, w tym dla os\u00f3b z niepe\u0142nosprawno\u015bciami. Wej\u015bcie do biura znajduje si\u0119 z ty\u0142u budynku. Odleg\u0142o\u015b\u0107 od miejsc parkingowych do tego wej\u015bcia wynosi ok. 20 m. Ponadto, istnieje mo\u017cliwo\u015b\u0107 dojazdu na podw\u00f3rko, gdzie pracownicy parkuj\u0105 swoje samochody \u2013 wtedy odleg\u0142o\u015b\u0107 do drzwi wynosi kilka metr\u00f3w.<br \/>Oddzia\u0142 znajduje si\u0119 na pierwszym pi\u0119trze. Wej\u015bcie do budynku poprzedzone jest trzema ceglanymi stopniami. Wy\u017cej prowadz\u0105 dwubiegowe schody z drewnianymi stopniami oraz z barierk\u0105 z pochwytem. W budynku nie ma windy.<br \/>Drzwi wej\u015bciowe s\u0105 szerokie, podobnie jak drzwi do poszczeg\u00f3lnych pomieszcze\u0144 (ok. 100 cm.). Szeroki jest tak\u017ce korytarz (ok. 180 cm.). Wszystkie pomieszczenia znajduj\u0105 si\u0119 na tym samym poziomie, a w drzwiach nie ma prog\u00f3w.<br \/>W biurze znajduj\u0105 si\u0119 dwie toalety. Nie s\u0105 przystosowane dla os\u00f3b z niepe\u0142nosprawno\u015bciami ale s\u0105 na tyle du\u017ce, \u017ce osoby z trudno\u015bciami w poruszaniu si\u0119 mog\u0105 z nich korzysta\u0107.<br \/>W pomieszczeniach biurowych nie ma p\u0119tli indukcyjnych. Nie ma oznacze\u0144 w alfabecie brajla lub oznacze\u0144 kontrastowych. Do Pracowni mo\u017cna wej\u015b\u0107 z psem asystuj\u0105cym lub przewodnikiem.<\/p>\n<h2>Zesp\u00f3\u0142 Zadaniowy &#8211; Park Mu\u017cakowski w \u0141\u0119knicy \u2013 ul. Wybrze\u017cna 25, \u0141\u0119knica<\/h2>\n<p>Pracownia w \u0141\u0119knicy ma 3 siedziby, dwie z nich znajduj\u0105 si\u0119 przy ul. Granicznej, trzecia to Pawilon Informacyjny przy wej\u015bciu na teren Parku Mu\u017cakowskiego. Wizyty w siedzibach wi\u0105\u017c\u0105 si\u0119 przede wszystkim z obs\u0142ug\u0105 ruchu turystycznego oraz sprzeda\u017c\u0105 towar\u00f3w i us\u0142ug.<br \/>Parkingi s\u0105 og\u00f3lnodost\u0119pne dla u\u017cytkownik\u00f3w i petent\u00f3w, bezp\u0142atne. Nie ma wyznaczonych miejsc parkingowych dla niepe\u0142nosprawnych. Parkingi znajduj\u0105 si\u0119 w odleg\u0142o\u015bci od 10 do 30 metr\u00f3w do wej\u015bcia.<br \/>Biuro g\u0142\u00f3wne znajduje si\u0119 przy ul. Granicznej 7 w budynku pi\u0119trowym. Wej\u015bcie znajduje si\u0119 z ty\u0142u budynku. G\u0142\u00f3wne biuro znajduje si\u0119 na 3 pi\u0119trze, do kt\u00f3rego prowadzi klatka schodowa bez windy. W biurze nie ma recepcji. Biuro nie jest przeznaczone dla petent\u00f3w. Nie ma barier architektonicznych. Korytarze, szeroko\u015b\u0107 otwor\u00f3w drzwiowych i toaleta s\u0105 dostosowane do os\u00f3b poruszaj\u0105cych si\u0119 na w\u00f3zkach (toaleta jest og\u00f3lnodost\u0119pna). Do wszystkich pomieszcze\u0144 mo\u017cna wej\u015b\u0107 z\u00a0psem asystuj\u0105cym i\u00a0psem przewodnikiem. W budynku nie ma p\u0119tli indukcyjnych. W budynku nie ma oznacze\u0144 w\u00a0alfabecie brajla ani oznacze\u0144 kontrastowych lub w\u00a0druku powi\u0119kszonym dla os\u00f3b niewidomych i s\u0142abowidz\u0105cych. Nie ma mo\u017cliwo\u015bci skorzystania z\u00a0t\u0142umacza polskiego j\u0119zyka migowego.<br \/>Biuro techniczne znajduje si\u0119 przy ul. Granicznej 7 w budynku parterowym. Wej\u015bcie do biura technicznego znajduje si\u0119 z przodu budynku. Nie ma w nim recepcji. W godzinach pracy pracownik ochrony pe\u0142ni rol\u0119 dozoruj\u0105co \u2013 informacyjn\u0105. Przy wej\u015bciu s\u0105 wysokie progi \u2013 bariera dla os\u00f3b na w\u00f3zkach. W biurze odbywa si\u0119 obs\u0142uga os\u00f3b zwi\u0105zana ze sprzeda\u017c\u0105 drewna i us\u0142ug. Nie ma barier architektonicznych. Korytarze, szeroko\u015b\u0107 otwor\u00f3w drzwiowych, toaleta s\u0105 dostosowane do os\u00f3b poruszaj\u0105cych si\u0119 na w\u00f3zkach (toaleta jest og\u00f3lnodost\u0119pna). Do wszystkich pomieszcze\u0144 mo\u017cna wej\u015b\u0107 z\u00a0psem asystuj\u0105cym i\u00a0psem przewodnikiem. W budynku nie ma p\u0119tli indukcyjnych. W budynku nie ma oznacze\u0144 w\u00a0alfabecie brajla ani oznacze\u0144 kontrastowych lub w\u00a0druku powi\u0119kszonym dla os\u00f3b niewidomych i s\u0142abowidz\u0105cych. Nie ma mo\u017cliwo\u015bci skorzystania z\u00a0t\u0142umacza polskiego j\u0119zyka migowego.<br \/>Pawilon Informacyjny znajduje si\u0119 przy wej\u015bciu na teren Parku Mu\u017cakowskiego. Jest to budynek parterowy, drewniany, czynny sezonowo, przeznaczony g\u0142\u00f3wnie do obs\u0142ugi ruchu turystycznego.<br \/>Parking jest przy wej\u015bciu w strefie obj\u0119tej zakazem wjazdu. Jest dost\u0119pny tylko dla u\u017cytkownik\u00f3w i petent\u00f3w, bezp\u0142atny. W tej strefie jest r\u00f3wnie\u017c wyznaczony i oznakowany parking dla os\u00f3b niepe\u0142nosprawnych, niep\u0142atny, w odleg\u0142o\u015bci oko\u0142o 20 metr\u00f3w od wej\u015bcia. Pozosta\u0142e parkingi \u2013 dla turyst\u00f3w poza terenem parku, s\u0105 p\u0142atne. Przy parkingu jest toaleta dostosowana do os\u00f3b niepe\u0142nosprawnych \u2013 jest to teren miasta \u0141\u0119knica.<br \/>Wej\u015bcie do budynku ze wzgl\u0119du na wysoki pr\u00f3g mo\u017ce by\u0107 barier\u0105 dla os\u00f3b na w\u00f3zkach. W budynku wyst\u0119puj\u0105 bariery architektoniczne \u2013 korytarze, szeroko\u015b\u0107 otwor\u00f3w drzwiowych i toaleta nie s\u0105 dostosowane do os\u00f3b poruszaj\u0105cych si\u0119 na w\u00f3zkach, nie ma toalety og\u00f3lnodost\u0119pnej w budynku. Do wszystkich pomieszcze\u0144 mo\u017cna wej\u015b\u0107 z\u00a0psem asystuj\u0105cym i\u00a0psem przewodnikiem. W budynku nie ma p\u0119tli indukcyjnych. W budynku nie ma oznacze\u0144 w\u00a0alfabecie brajla ani oznacze\u0144 kontrastowych lub w\u00a0druku powi\u0119kszonym dla os\u00f3b niewidomych i s\u0142abowidz\u0105cych. Nie ma mo\u017cliwo\u015bci skorzystania z\u00a0t\u0142umacza polskiego j\u0119zyka migowego.<br \/>Teren parku jest dost\u0119pny dla os\u00f3b niepe\u0142nosprawnych i poruszaj\u0105cych si\u0119 na w\u00f3zkach. G\u0142\u00f3wne drogi nie maj\u0105 barier architektonicznych, maj\u0105 odpowiedni\u0105 szeroko\u015b\u0107 i nawierzchni\u0119. Du\u017ce r\u00f3\u017cnice wysoko\u015bci terenu mog\u0105 wymaga\u0107 pomocy os\u00f3b trzecich. \u015acie\u017cki parkowe maj\u0105 bariery w postaci schod\u00f3w i w\u0105skich k\u0142adek. Istnieje mo\u017cliwo\u015b\u0107 zwiedzania parku bryczkami. Na terenie parku nie ma oznacze\u0144 w\u00a0alfabecie brajla ani oznacze\u0144 kontrastowych lub w\u00a0druku powi\u0119kszonym dla os\u00f3b niewidomych i s\u0142abowidz\u0105cych. Zwiedzanie mo\u017ce odbywa\u0107 si\u0119 z\u00a0psem asystuj\u0105cym i\u00a0psem przewodnikiem.<\/p>\n<h2>Zesp\u00f3\u0142 Zadaniowy ds. Za\u0142o\u017cenia Pa\u0142acowo-Parkowego w Trzebinach \u2013 Trzebiny-Pa\u0142ac<\/h2>\n<p>Od strony wschodniej Pa\u0142acu znajduje si\u0119 utwardzony parking. Mo\u017cliwe jest te\u017c zaparkowanie na podje\u017adzie przed wej\u015bciem g\u0142\u00f3wnym oraz od strony parku. Autokary mog\u0105 parkowa\u0107 przed bram\u0105 parku, na drodze wewn\u0119trznej NID (dz. 83\/1).<br \/>Do g\u0142\u00f3wnego wej\u015bcia do budynku prowadz\u0105 trzy stopnie. Za drzwiami wej\u015bciowymi s\u0105 wewn\u0119trzne drzwi wahad\u0142owe. Pracownicy pomagaj\u0105 w poruszaniu osobom ze szczeg\u00f3lnymi potrzebami.<br \/>Pa\u0142ac ma parter i pi\u0119tro. Wewn\u0105trz pa\u0142acu znajduje si\u0119 dziedziniec, z kt\u00f3rego mo\u017cna przej\u015b\u0107 do parku i na holl. Na pi\u0119tro mo\u017cna dosta\u0107 si\u0119 wy\u0142\u0105cznie po schodach. W pa\u0142acu znajduje si\u0119 prawid\u0142owo oznakowane wyj\u015bcie ewakuacyjne.<br \/>Toalety znajduj\u0105 si\u0119 na parterze i pi\u0119trze. Nie s\u0105 przystosowane dla os\u00f3b niepe\u0142nosprawnych.<br \/>W budynku nie ma p\u0119tli indukcyjnych ani mo\u017cliwo\u015bci skorzystania z pomocy t\u0142umacza j\u0119zyka migowego.\u00a0Nie ma oznacze\u0144 w alfabecie brajla lub oznacze\u0144 kontrastowych.<br \/>Jest mo\u017cliwo\u015b\u0107 wej\u015bcia do budynku z psem asystuj\u0105cym lub psem przewodnikiem.\u00a0Dla ps\u00f3w dost\u0119pna jest woda do picia.<\/p>\n<h2>Zesp\u00f3\u0142 Zadaniowy &#8211; Centrum Architektury Drewnianej &#8211; ul. Orkana 2a, 34-500 Zakopane<\/h2>\n<p>Przed budynkiem nie ma miejsc parkingowych specjalnie oznaczonych dla os\u00f3b niepe\u0142nosprawnych, natomiast mo\u017cna swobodnie zaparkowa\u0107.<br \/>Do budynku prowadzi kilka schodk\u00f3w, nie ma mo\u017cliwo\u015bci wjechania na w\u00f3zku inwalidzkim. Natomiast budynek wyposa\u017cony w schodo\u0142az. Drzwi widoczne na tle fasady, nie wymagaj\u0105 u\u017cycia nadmiernej si\u0142y. W budynku jest recepja\/informacja. W budynku nie ma windy, wyst\u0119puj\u0105 bariery architektoniczne w postacu schod\u00f3w i r\u00f3\u017cnic poziom\u00f3w.<br \/>W budynku nie ma toalet dostosowanych do potrzeb os\u00f3b niepe\u0142nosprawnych.<br \/>Do budynku i wszystkich jego pomieszcze\u0144 mo\u017cna wej\u015b\u0107 z psem asystuj\u0105cym i psem przewodnikiem.<br \/>W budynku nie ma oznacze\u0144 w alfabecie brajla ani oznacze\u0144 kontrastowych lub w druku powi\u0119kszonym dla os\u00f3b niewidomych i s\u0142abowidz\u0105cych.<\/p>\n<p>[\/et_pb_text][\/et_pb_column][\/et_pb_row][\/et_pb_section][et_pb_section fb_built=&#8221;1&#8243; _builder_version=&#8221;4.7.4&#8243; _module_preset=&#8221;default&#8221; custom_margin=&#8221;43px||||false|false&#8221; custom_padding=&#8221;0px||0px||false|false&#8221; global_module=&#8221;353&#8243; saved_tabs=&#8221;all&#8221; global_colors_info=&#8221;{}&#8221;][et_pb_row column_structure=&#8221;1_3,1_3,1_3&#8243; use_custom_gutter=&#8221;on&#8221; gutter_width=&#8221;1&#8243; _builder_version=&#8221;4.16&#8243; _module_preset=&#8221;default&#8221; background_color=&#8221;rgba(0,0,0,0)&#8221; width=&#8221;100%&#8221; max_width=&#8221;2560px&#8221; custom_padding=&#8221;0px||0px||false|false&#8221; global_colors_info=&#8221;{}&#8221;][et_pb_column type=&#8221;1_3&#8243; _builder_version=&#8221;4.16&#8243; _module_preset=&#8221;default&#8221; background_color=&#8221;#e52330&#8243; global_colors_info=&#8221;{}&#8221;][et_pb_blurb title=&#8221;Logotypy NID&#8221; url_new_window=&#8221;on&#8221; use_icon=&#8221;on&#8221; font_icon=&#8221;&#xe004;||divi||400&#8243; icon_placement=&#8221;left&#8221; image_icon_width=&#8221;50px&#8221; module_class=&#8221;bigButtonModules&#8221; _builder_version=&#8221;4.27.2&#8243; _module_preset=&#8221;default&#8221; header_level=&#8221;h3&#8243; header_font=&#8221;|700|||||||&#8221; header_text_color=&#8221;#ffffff&#8221; body_text_color=&#8221;#ffffff&#8221; background_color=&#8221;#E52330&#8243; custom_margin=&#8221;||||false|false&#8221; custom_padding=&#8221;25px|25px|25px|25px|false|false&#8221; animation=&#8221;off&#8221; link_option_url=&#8221;https:\/\/nid.pl\/logotypy\/&#8221; link_option_url_new_window=&#8221;on&#8221; custom_css_blurb_image=&#8221;padding-right: 20px;||vertical-align: middle;&#8221; icon_font_size=&#8221;50px&#8221; global_colors_info=&#8221;{}&#8221;]<\/p>\n<p>Pobierz znaki promocyjne Narodowego Instytutu Dziedzictwa<\/p>\n<p>[\/et_pb_blurb][\/et_pb_column][et_pb_column type=&#8221;1_3&#8243; _builder_version=&#8221;4.16&#8243; _module_preset=&#8221;default&#8221; background_color=&#8221;#e52330&#8243; global_colors_info=&#8221;{}&#8221;][et_pb_code _builder_version=&#8221;4.23.2&#8243; _module_preset=&#8221;default&#8221; global_colors_info=&#8221;{}&#8221;][\/et_pb_code][et_pb_blurb title=&#8221;Ksi\u0119garnia NID&#8221; url_new_window=&#8221;on&#8221; use_icon=&#8221;on&#8221; font_icon=&#8221;&#xe022;||divi||400&#8243; icon_placement=&#8221;left&#8221; image_icon_width=&#8221;50px&#8221; module_class=&#8221;bigButtonModules&#8221; _builder_version=&#8221;4.16&#8243; _module_preset=&#8221;default&#8221; header_level=&#8221;h3&#8243; header_font=&#8221;|700|||||||&#8221; header_text_color=&#8221;#ffffff&#8221; body_text_color=&#8221;#ffffff&#8221; background_color=&#8221;#444444&#8243; custom_margin=&#8221;||||false|false&#8221; custom_padding=&#8221;25px|25px|25px|25px|false|false&#8221; animation=&#8221;off&#8221; link_option_url=&#8221;https:\/\/ksiegarnia.nid.pl\/&#8221; link_option_url_new_window=&#8221;on&#8221; custom_css_blurb_image=&#8221;padding-right: 20px;||vertical-align: middle;&#8221; icon_font_size=&#8221;50px&#8221; global_colors_info=&#8221;{}&#8221;]<\/p>\n<p>Sprawd\u017a nasze produkty w ksi\u0119garni. Zamawiaj bez wychodzenia z domu ju\u017c teraz!<\/p>\n<p>[\/et_pb_blurb][\/et_pb_column][et_pb_column type=&#8221;1_3&#8243; _builder_version=&#8221;4.16&#8243; _module_preset=&#8221;default&#8221; background_color=&#8221;#e52330&#8243; global_colors_info=&#8221;{}&#8221;][et_pb_blurb title=&#8221;Platforma szkoleniowa&#8221; url_new_window=&#8221;on&#8221; use_icon=&#8221;on&#8221; font_icon=&#8221;&#xe0e9;||divi||400&#8243; icon_placement=&#8221;left&#8221; image_icon_width=&#8221;50px&#8221; module_class=&#8221;bigButtonModules&#8221; _builder_version=&#8221;4.16&#8243; _module_preset=&#8221;default&#8221; header_level=&#8221;h3&#8243; header_font=&#8221;|700|||||||&#8221; header_text_color=&#8221;#ffffff&#8221; body_text_color=&#8221;#ffffff&#8221; background_color=&#8221;#6b6b6b&#8221; custom_margin=&#8221;||||false|false&#8221; custom_padding=&#8221;25px|25px|25px|25px|false|false&#8221; animation=&#8221;off&#8221; link_option_url=&#8221;https:\/\/szkolenianid.learncom.pl&#8221; link_option_url_new_window=&#8221;on&#8221; custom_css_blurb_image=&#8221;padding-right: 20px;||vertical-align: middle;&#8221; icon_font_size=&#8221;50px&#8221; global_colors_info=&#8221;{}&#8221;]<\/p>\n<p>Zapisz si\u0119 na nasz\u0105 platform\u0119 e-szkoleniow\u0105 i dowiedz si\u0119 jak zarz\u0105dza\u0107 dziedzictwem i wykorzysta\u0107 jego potencja\u0142.<\/p>\n<p>[\/et_pb_blurb][\/et_pb_column][\/et_pb_row][\/et_pb_section]<\/p>","protected":false},"excerpt":{"rendered":"<p>\u2190Powr\u00f3t Deklaracja dost\u0119pno\u015bci http:\/\/nid.pl\/pl\/ Narodowy Instytut Dziedzictwa zobowi\u0105zuje si\u0119 zapewni\u0107 dost\u0119pno\u015b\u0107 swojej strony internetowej zgodnie z przepisami ustawy z dnia 4\u00a0kwietnia 2019\u00a0r. o dost\u0119pno\u015bci cyfrowej stron internetowych i aplikacji mobilnych [&hellip;]<\/p>","protected":false},"author":1,"featured_media":0,"parent":0,"menu_order":0,"comment_status":"closed","ping_status":"closed","template":"","meta":{"_et_pb_use_builder":"on","_et_pb_old_content":"","_et_gb_content_width":"","_monsterinsights_skip_tracking":false,"_monsterinsights_sitenote_active":false,"_monsterinsights_sitenote_note":"","_monsterinsights_sitenote_category":0,"footnotes":""},"class_list":["post-4435","page","type-page","status-publish","hentry"],"yoast_head":"<!-- This site is optimized with the Yoast SEO plugin v26.5 - https:\/\/yoast.com\/wordpress\/plugins\/seo\/ -->\n<title>Deklaracja dost\u0119pno\u015bci - NID<\/title>\n<meta name=\"robots\" content=\"index, follow, max-snippet:-1, max-image-preview:large, max-video-preview:-1\" \/>\n<link rel=\"canonical\" href=\"https:\/\/nid.pl\/en\/deklaracja-dostepnosci\/\" \/>\n<meta property=\"og:locale\" content=\"en_GB\" \/>\n<meta property=\"og:type\" content=\"article\" \/>\n<meta property=\"og:title\" content=\"Deklaracja dost\u0119pno\u015bci - NID\" \/>\n<meta property=\"og:description\" content=\"\u2190Powr\u00f3t Deklaracja dost\u0119pno\u015bci http:\/\/nid.pl\/pl\/ Narodowy Instytut Dziedzictwa zobowi\u0105zuje si\u0119 zapewni\u0107 dost\u0119pno\u015b\u0107 swojej strony internetowej zgodnie z przepisami ustawy z dnia 4\u00a0kwietnia 2019\u00a0r. o dost\u0119pno\u015bci cyfrowej stron internetowych i aplikacji mobilnych [&hellip;]\" \/>\n<meta property=\"og:url\" content=\"https:\/\/nid.pl\/en\/deklaracja-dostepnosci\/\" \/>\n<meta property=\"og:site_name\" content=\"NID\" \/>\n<meta property=\"article:publisher\" content=\"https:\/\/www.facebook.com\/zabytek\" \/>\n<meta property=\"article:modified_time\" content=\"2024-10-24T12:50:21+00:00\" \/>\n<meta name=\"twitter:card\" content=\"summary_large_image\" \/>\n<meta name=\"twitter:site\" content=\"@NarIDpl\" \/>\n<meta name=\"twitter:label1\" content=\"Estimated reading time\" \/>\n\t<meta name=\"twitter:data1\" content=\"33 minutes\" \/>\n<script type=\"application\/ld+json\" class=\"yoast-schema-graph\">{\"@context\":\"https:\/\/schema.org\",\"@graph\":[{\"@type\":\"WebPage\",\"@id\":\"https:\/\/nid.pl\/deklaracja-dostepnosci\/\",\"url\":\"https:\/\/nid.pl\/deklaracja-dostepnosci\/\",\"name\":\"Deklaracja dost\u0119pno\u015bci - NID\",\"isPartOf\":{\"@id\":\"https:\/\/nid.pl\/#website\"},\"datePublished\":\"2021-12-17T08:45:19+00:00\",\"dateModified\":\"2024-10-24T12:50:21+00:00\",\"breadcrumb\":{\"@id\":\"https:\/\/nid.pl\/deklaracja-dostepnosci\/#breadcrumb\"},\"inLanguage\":\"en-GB\",\"potentialAction\":[{\"@type\":\"ReadAction\",\"target\":[\"https:\/\/nid.pl\/deklaracja-dostepnosci\/\"]}]},{\"@type\":\"BreadcrumbList\",\"@id\":\"https:\/\/nid.pl\/deklaracja-dostepnosci\/#breadcrumb\",\"itemListElement\":[{\"@type\":\"ListItem\",\"position\":1,\"name\":\"Home\",\"item\":\"https:\/\/nid.pl\/\"},{\"@type\":\"ListItem\",\"position\":2,\"name\":\"Deklaracja dost\u0119pno\u015bci\"}]},{\"@type\":\"WebSite\",\"@id\":\"https:\/\/nid.pl\/#website\",\"url\":\"https:\/\/nid.pl\/\",\"name\":\"NID\",\"description\":\"Narodowy Instytut Dziedzictwa\",\"publisher\":{\"@id\":\"https:\/\/nid.pl\/#organization\"},\"potentialAction\":[{\"@type\":\"SearchAction\",\"target\":{\"@type\":\"EntryPoint\",\"urlTemplate\":\"https:\/\/nid.pl\/?s={search_term_string}\"},\"query-input\":{\"@type\":\"PropertyValueSpecification\",\"valueRequired\":true,\"valueName\":\"search_term_string\"}}],\"inLanguage\":\"en-GB\"},{\"@type\":\"Organization\",\"@id\":\"https:\/\/nid.pl\/#organization\",\"name\":\"Narodowy Instytut Dziedzictwa\",\"url\":\"https:\/\/nid.pl\/\",\"logo\":{\"@type\":\"ImageObject\",\"inLanguage\":\"en-GB\",\"@id\":\"https:\/\/nid.pl\/#\/schema\/logo\/image\/\",\"url\":\"https:\/\/nid.pl\/wp-content\/uploads\/2022\/10\/logoRedDark.png\",\"contentUrl\":\"https:\/\/nid.pl\/wp-content\/uploads\/2022\/10\/logoRedDark.png\",\"width\":200,\"height\":197,\"caption\":\"Narodowy Instytut Dziedzictwa\"},\"image\":{\"@id\":\"https:\/\/nid.pl\/#\/schema\/logo\/image\/\"},\"sameAs\":[\"https:\/\/www.facebook.com\/zabytek\",\"https:\/\/x.com\/NarIDpl\",\"https:\/\/www.instagram.com\/nid.pl\/?hl=pl\",\"https:\/\/www.linkedin.com\/company\/narodowy-instytut-dziedzictwa\",\"https:\/\/www.youtube.com\/channel\/UCQXuhKa2uHtmNvLRUSx40JA\"]}]}<\/script>\n<!-- \/ Yoast SEO plugin. -->","yoast_head_json":{"title":"Deklaracja dost\u0119pno\u015bci - NID","robots":{"index":"index","follow":"follow","max-snippet":"max-snippet:-1","max-image-preview":"max-image-preview:large","max-video-preview":"max-video-preview:-1"},"canonical":"https:\/\/nid.pl\/en\/deklaracja-dostepnosci\/","og_locale":"en_GB","og_type":"article","og_title":"Deklaracja dost\u0119pno\u015bci - NID","og_description":"\u2190Powr\u00f3t Deklaracja dost\u0119pno\u015bci http:\/\/nid.pl\/pl\/ Narodowy Instytut Dziedzictwa zobowi\u0105zuje si\u0119 zapewni\u0107 dost\u0119pno\u015b\u0107 swojej strony internetowej zgodnie z przepisami ustawy z dnia 4\u00a0kwietnia 2019\u00a0r. o dost\u0119pno\u015bci cyfrowej stron internetowych i aplikacji mobilnych [&hellip;]","og_url":"https:\/\/nid.pl\/en\/deklaracja-dostepnosci\/","og_site_name":"NID","article_publisher":"https:\/\/www.facebook.com\/zabytek","article_modified_time":"2024-10-24T12:50:21+00:00","twitter_card":"summary_large_image","twitter_site":"@NarIDpl","twitter_misc":{"Estimated reading time":"33 minutes"},"schema":{"@context":"https:\/\/schema.org","@graph":[{"@type":"WebPage","@id":"https:\/\/nid.pl\/deklaracja-dostepnosci\/","url":"https:\/\/nid.pl\/deklaracja-dostepnosci\/","name":"Deklaracja dost\u0119pno\u015bci - NID","isPartOf":{"@id":"https:\/\/nid.pl\/#website"},"datePublished":"2021-12-17T08:45:19+00:00","dateModified":"2024-10-24T12:50:21+00:00","breadcrumb":{"@id":"https:\/\/nid.pl\/deklaracja-dostepnosci\/#breadcrumb"},"inLanguage":"en-GB","potentialAction":[{"@type":"ReadAction","target":["https:\/\/nid.pl\/deklaracja-dostepnosci\/"]}]},{"@type":"BreadcrumbList","@id":"https:\/\/nid.pl\/deklaracja-dostepnosci\/#breadcrumb","itemListElement":[{"@type":"ListItem","position":1,"name":"Home","item":"https:\/\/nid.pl\/"},{"@type":"ListItem","position":2,"name":"Deklaracja dost\u0119pno\u015bci"}]},{"@type":"WebSite","@id":"https:\/\/nid.pl\/#website","url":"https:\/\/nid.pl\/","name":"NID","description":"Narodowy Instytut Dziedzictwa","publisher":{"@id":"https:\/\/nid.pl\/#organization"},"potentialAction":[{"@type":"SearchAction","target":{"@type":"EntryPoint","urlTemplate":"https:\/\/nid.pl\/?s={search_term_string}"},"query-input":{"@type":"PropertyValueSpecification","valueRequired":true,"valueName":"search_term_string"}}],"inLanguage":"en-GB"},{"@type":"Organization","@id":"https:\/\/nid.pl\/#organization","name":"Narodowy Instytut Dziedzictwa","url":"https:\/\/nid.pl\/","logo":{"@type":"ImageObject","inLanguage":"en-GB","@id":"https:\/\/nid.pl\/#\/schema\/logo\/image\/","url":"https:\/\/nid.pl\/wp-content\/uploads\/2022\/10\/logoRedDark.png","contentUrl":"https:\/\/nid.pl\/wp-content\/uploads\/2022\/10\/logoRedDark.png","width":200,"height":197,"caption":"Narodowy Instytut Dziedzictwa"},"image":{"@id":"https:\/\/nid.pl\/#\/schema\/logo\/image\/"},"sameAs":["https:\/\/www.facebook.com\/zabytek","https:\/\/x.com\/NarIDpl","https:\/\/www.instagram.com\/nid.pl\/?hl=pl","https:\/\/www.linkedin.com\/company\/narodowy-instytut-dziedzictwa","https:\/\/www.youtube.com\/channel\/UCQXuhKa2uHtmNvLRUSx40JA"]}]}},"_links":{"self":[{"href":"https:\/\/nid.pl\/en\/wp-json\/wp\/v2\/pages\/4435","targetHints":{"allow":["GET"]}}],"collection":[{"href":"https:\/\/nid.pl\/en\/wp-json\/wp\/v2\/pages"}],"about":[{"href":"https:\/\/nid.pl\/en\/wp-json\/wp\/v2\/types\/page"}],"author":[{"embeddable":true,"href":"https:\/\/nid.pl\/en\/wp-json\/wp\/v2\/users\/1"}],"replies":[{"embeddable":true,"href":"https:\/\/nid.pl\/en\/wp-json\/wp\/v2\/comments?post=4435"}],"version-history":[{"count":0,"href":"https:\/\/nid.pl\/en\/wp-json\/wp\/v2\/pages\/4435\/revisions"}],"wp:attachment":[{"href":"https:\/\/nid.pl\/en\/wp-json\/wp\/v2\/media?parent=4435"}],"curies":[{"name":"wp","href":"https:\/\/api.w.org\/{rel}","templated":true}]}}