{"id":4026,"date":"2021-12-08T11:58:13","date_gmt":"2021-12-08T10:58:13","guid":{"rendered":"https:\/\/nid.pl\/?page_id=4026"},"modified":"2024-10-17T15:49:28","modified_gmt":"2024-10-17T13:49:28","slug":"przetwarzanie-danych-osobowych","status":"publish","type":"page","link":"https:\/\/nid.pl\/en\/przetwarzanie-danych-osobowych\/","title":{"rendered":"Przetwarzanie danych osobowych"},"content":{"rendered":"<p>[et_pb_section fb_built=&#8221;1&#8243; _builder_version=&#8221;4.16&#8243; _module_preset=&#8221;default&#8221; custom_padding=&#8221;0px||0px|||&#8221; global_colors_info=&#8221;{}&#8221;][et_pb_row _builder_version=&#8221;4.16&#8243; _module_preset=&#8221;default&#8221; background_image=&#8221;https:\/\/nid.pl\/wp-content\/uploads\/2020\/12\/library.png&#8221; width=&#8221;100%&#8221; max_width=&#8221;100%&#8221; height=&#8221;400px&#8221; custom_margin=&#8221;|auto||auto|false|false&#8221; custom_padding=&#8221;0px||0px|||&#8221; custom_css_main_element=&#8221;display: none;&#8221; global_colors_info=&#8221;{}&#8221;][et_pb_column type=&#8221;4_4&#8243; _builder_version=&#8221;4.16&#8243; _module_preset=&#8221;default&#8221; global_colors_info=&#8221;{}&#8221;][\/et_pb_column][\/et_pb_row][\/et_pb_section][et_pb_section fb_built=&#8221;1&#8243; _builder_version=&#8221;4.16&#8243; _module_preset=&#8221;default&#8221; custom_padding=&#8221;0px|0px|0px|0px|false|false&#8221; global_colors_info=&#8221;{}&#8221;][et_pb_row _builder_version=&#8221;4.16&#8243; _module_preset=&#8221;default&#8221; width=&#8221;100%&#8221; max_width=&#8221;100%&#8221; custom_padding=&#8221;50px|50px|50px|50px|false|false&#8221; global_colors_info=&#8221;{}&#8221;][et_pb_column type=&#8221;4_4&#8243; _builder_version=&#8221;4.16&#8243; _module_preset=&#8221;default&#8221; global_colors_info=&#8221;{}&#8221;][et_pb_text module_id=&#8221;backButtonBox&#8221; _builder_version=&#8221;4.7.4&#8243; _module_preset=&#8221;default&#8221; custom_margin=&#8221;0px|0px|0px|0px|false|false&#8221; custom_padding=&#8221;0px|0px|0px|0px|false|false&#8221; global_module=&#8221;2594&#8243; locked=&#8221;off&#8221; global_colors_info=&#8221;{}&#8221;]<\/p>\n<div class=\"backButton\" onclick=\"javascript:window.history.back();\"><span>\u2190<\/span>Powr\u00f3t<\/div>\n<p>[\/et_pb_text][et_pb_text _builder_version=&#8221;4.16&#8243; _dynamic_attributes=&#8221;content&#8221; _module_preset=&#8221;default&#8221; text_font_size=&#8221;26px&#8221; custom_margin=&#8221;||25px||false|false&#8221; custom_padding=&#8221;||||false|false&#8221; global_colors_info=&#8221;{}&#8221;]@ET-DC@eyJkeW5hbWljIjp0cnVlLCJjb250ZW50IjoicG9zdF90aXRsZSIsInNldHRpbmdzIjp7ImJlZm9yZSI6IiIsImFmdGVyIjoiIn19@[\/et_pb_text][et_pb_divider _builder_version=&#8221;4.16&#8243; _module_preset=&#8221;default&#8221; background_color=&#8221;#e52330&#8243; height=&#8221;5px&#8221; custom_margin=&#8221;0px||25px||false|false&#8221; custom_padding=&#8221;0px||0px||false|false&#8221; global_colors_info=&#8221;{}&#8221;][\/et_pb_divider][et_pb_text _builder_version=&#8221;4.27.2&#8243; _module_preset=&#8221;default&#8221; hover_enabled=&#8221;0&#8243; global_colors_info=&#8221;{}&#8221; sticky_enabled=&#8221;0&#8243;]<\/p>\n<p>Narodowy Instytut Dziedzictwa chroni Pa\u0144stwa dane osobowe i wykonuje Pa\u0144stwa prawa.<\/p>\n<p>Kiedy za\u0142atwiaj\u0105 Pa\u0144stwo sprawy w Narodowym Instytucie Dziedzictwa, podaj\u0105 Pa\u0144stwo swoje dane osobowe. Ich administratorem jest Narodowy Instytut Dziedzictwa. Wykorzystujemy je tylko w celach, kt\u00f3re wynikaj\u0105 z przepis\u00f3w, zawartej z Pa\u0144stwem umowy b\u0105d\u017a zakresu zgody, kt\u00f3rej nam Pa\u0144stwo udzielili. Zbieramy wy\u0142\u0105cznie dane niezb\u0119dne do za\u0142atwienia Pa\u0144stwa sprawy. Czas ich przetwarzania reguluj\u0105 w\u0142a\u015bciwe przepisy.<\/p>\n<p>Zgodnie z art. 13 oraz 14 Rozporz\u0105dzenia Parlamentu Europejskiego i Rady (UE) 2016\/679 z dnia 27 kwietnia 2016 r. w sprawie ochrony os\u00f3b fizycznych w zwi\u0105zku z przetwarzaniem danych osobowych i w sprawie swobodnego przep\u0142ywu takich danych oraz uchylenia dyrektywy 95\/46\/WE (og\u00f3lne rozporz\u0105dzenie o ochronie danych) (DZ. Urz. UE L 119 z 04.05.2016, str. 1), zwanym w dalszej cz\u0119\u015bci RODO, informuj\u0119, \u017ce:<\/p>\n<ol>\n<li>Administratorem Pani\/Pana danych osobowych jest Narodowy Instytut Dziedzictwa (NID) z siedzib\u0105: ul. Kopernika 36\/40, 00-924 Warszawa.<\/li>\n<li>Administrator wyznaczy\u0142 Inspektora Ochrony Danych Pana Rados\u0142awa Aniszczyka, z kt\u00f3rym mo\u017ce si\u0119 Pani\/Pan skontaktowa\u0107 w sprawach zwi\u0105zanych z ochron\u0105 danych osobowych, w nast\u0119puj\u0105cy spos\u00f3b:\n<ol>\n<li>pod adresem poczty elektronicznej: <a href=\"mailto:%20iod@nid.pl\">iod@nid.pl<\/a><\/li>\n<li>pisemnie na adres siedziby administratora.<\/li>\n<\/ol>\n<\/li>\n<li>Pani\/Pana dane osobowe przetwarzane b\u0119d\u0105 w celu wype\u0142nienia obowi\u0105zku prawnego, wykonania zadania realizowanego w interesie publicznym lub sprawowania w\u0142adzy publicznej (art. 6 ust. 1 lit. c oraz e RODO). Podstaw\u0105 przetwarzania Pani\/Pana danych osobowych mo\u017ce by\u0107 tak\u017ce udzielona przez Pani\u0105\/Pana wyra\u017ana zgoda, jak r\u00f3wnie\u017c przetwarzanie mo\u017ce by\u0107 niezb\u0119dne do zawarcia lub wykonania umowy, kt\u00f3rej Pani\/Pan jest stron\u0105 (art. 6 ust. 1 lit. a oraz b RODO).<\/li>\n<li>Pani\/Pana dane osobowe mog\u0105 zosta\u0107 udost\u0119pniane podmiotom uprawnionym do ich przetwarzania na podstawie przepis\u00f3w prawa oraz podmiotom wsp\u00f3\u0142pracuj\u0105cym z administratorem (tzw. podmioty przetwarzaj\u0105ce) w zakresie m.in. obs\u0142ugi administracyjnej, informatycznej oraz innej w celu realizacji zada\u0144 na\u0142o\u017conych przez administratora na podstawie zawartej umowy powierzenia przetwarzania danych osobowych.<\/li>\n<li>Pani\/Pana dane osobowe przechowywane b\u0119d\u0105 przez okres niezb\u0119dny do realizacji wskazanych w pkt. 3 cel\u00f3w, a po tym czasie przez okres wymagany przez przepisy prawa. Po spe\u0142nieniu celu, dla kt\u00f3rego Pani\/Pana dane osobowe zosta\u0142y zebrane, mog\u0105 one by\u0107 przechowywane jedynie w celach archiwalnych, przez okres, kt\u00f3ry wyznaczony zostanie na podstawie rozporz\u0105dzenia Prezesa Rady Ministr\u00f3w w sprawie instrukcji kancelaryjnej, jednolitych rzeczowych wykaz\u00f3w akt oraz instrukcji w sprawie organizacji i zakresu dzia\u0142ania archiw\u00f3w zak\u0142adowych, chyba \u017ce przepisy szczeg\u00f3lne stanowi\u0105 inaczej. Okres przetwarzania danych mo\u017ce by\u0107 przed\u0142u\u017cony w przypadku, gdy przetwarzanie jest niezb\u0119dne do ustalenia lub dochodzenia roszcze\u0144 lub obrony przed roszczeniami (z uwzgl\u0119dnieniem okres\u00f3w przedawnienia).<\/li>\n<li>Pani\/Pana dane osobowe nie b\u0119d\u0105 przekazywane do pa\u0144stwa trzeciego lub organizacji mi\u0119dzynarodowej.<\/li>\n<li>Posiada Pani\/Pan prawo do \u017c\u0105dania od administratora dost\u0119pu do danych osobowych Pani\/Pana dotycz\u0105cych, prawo do ich sprostowania, prawo do usuni\u0119cia danych osobowych oraz prawo sprzeciwu, przenoszenia lub ograniczenia przetwarzania danych osobowych, z zastrze\u017ceniem przypadk\u00f3w, o kt\u00f3rych mowa w RODO. Tam, gdzie do przetwarzania danych osobowych potrzebna jest zgoda, ma Pani\/Pan prawo nie wyrazi\u0107 zgody, a w przypadku jej wcze\u015bniejszego wyra\u017cenia do cofni\u0119cia zgody.<\/li>\n<li>Ma Pani\/Pan prawo do wniesienia skargi do organu nadzorczego, kt\u00f3rym jest Prezes Urz\u0119du Ochrony Danych Osobowych (na adres: Urz\u0105d Ochrony Danych Osobowych ul. Stawki 2, 00-193 Warszawa).<\/li>\n<li>Obowi\u0105zek podania przez Pani\u0105\/Pana danych osobowych bezpo\u015brednio Pani\/Pana dotycz\u0105cych jest w zale\u017cno\u015bci od sytuacji wymogiem ustawowym wynikaj\u0105cym z przepis\u00f3w prawa lub umownym. O szczeg\u00f3\u0142ach podstawy gromadzenia danych osobowych i ewentualnym obowi\u0105zku lub dobrowolno\u015bci ich podania oraz potencjalnych konsekwencjach niepodania danych, informowani Pa\u0144stwo b\u0119dziecie przez w\u0142a\u015bciwe kom\u00f3rki organizacyjne Narodowego Instytutu Dziedzictwa.<\/li>\n<li>Pani\/Pana dane mog\u0105 by\u0107 przetwarzane w spos\u00f3b zautomatyzowany i nie b\u0119d\u0105 profilowane.<\/li>\n<\/ol>\n<p>[\/et_pb_text][\/et_pb_column][\/et_pb_row][\/et_pb_section][et_pb_section fb_built=&#8221;1&#8243; _builder_version=&#8221;4.7.4&#8243; _module_preset=&#8221;default&#8221; custom_margin=&#8221;43px||||false|false&#8221; custom_padding=&#8221;0px||0px||false|false&#8221; global_module=&#8221;353&#8243; saved_tabs=&#8221;all&#8221; global_colors_info=&#8221;{}&#8221;][et_pb_row column_structure=&#8221;1_3,1_3,1_3&#8243; use_custom_gutter=&#8221;on&#8221; gutter_width=&#8221;1&#8243; _builder_version=&#8221;4.16&#8243; _module_preset=&#8221;default&#8221; background_color=&#8221;rgba(0,0,0,0)&#8221; width=&#8221;100%&#8221; max_width=&#8221;2560px&#8221; custom_padding=&#8221;0px||0px||false|false&#8221; global_colors_info=&#8221;{}&#8221;][et_pb_column type=&#8221;1_3&#8243; _builder_version=&#8221;4.16&#8243; _module_preset=&#8221;default&#8221; background_color=&#8221;#e52330&#8243; global_colors_info=&#8221;{}&#8221;][et_pb_blurb title=&#8221;Logotypy NID&#8221; url_new_window=&#8221;on&#8221; use_icon=&#8221;on&#8221; font_icon=&#8221;&#xe004;||divi||400&#8243; icon_placement=&#8221;left&#8221; image_icon_width=&#8221;50px&#8221; module_class=&#8221;bigButtonModules&#8221; _builder_version=&#8221;4.27.2&#8243; _module_preset=&#8221;default&#8221; header_level=&#8221;h3&#8243; header_font=&#8221;|700|||||||&#8221; header_text_color=&#8221;#ffffff&#8221; body_text_color=&#8221;#ffffff&#8221; background_color=&#8221;#E52330&#8243; custom_margin=&#8221;||||false|false&#8221; custom_padding=&#8221;25px|25px|25px|25px|false|false&#8221; animation=&#8221;off&#8221; link_option_url=&#8221;https:\/\/nid.pl\/logotypy\/&#8221; link_option_url_new_window=&#8221;on&#8221; custom_css_blurb_image=&#8221;padding-right: 20px;||vertical-align: middle;&#8221; icon_font_size=&#8221;50px&#8221; global_colors_info=&#8221;{}&#8221;]<\/p>\n<p>Pobierz znaki promocyjne Narodowego Instytutu Dziedzictwa<\/p>\n<p>[\/et_pb_blurb][\/et_pb_column][et_pb_column type=&#8221;1_3&#8243; _builder_version=&#8221;4.16&#8243; _module_preset=&#8221;default&#8221; background_color=&#8221;#e52330&#8243; global_colors_info=&#8221;{}&#8221;][et_pb_code _builder_version=&#8221;4.23.2&#8243; _module_preset=&#8221;default&#8221; global_colors_info=&#8221;{}&#8221;][\/et_pb_code][et_pb_blurb title=&#8221;Ksi\u0119garnia NID&#8221; url_new_window=&#8221;on&#8221; use_icon=&#8221;on&#8221; font_icon=&#8221;&#xe022;||divi||400&#8243; icon_placement=&#8221;left&#8221; image_icon_width=&#8221;50px&#8221; module_class=&#8221;bigButtonModules&#8221; _builder_version=&#8221;4.16&#8243; _module_preset=&#8221;default&#8221; header_level=&#8221;h3&#8243; header_font=&#8221;|700|||||||&#8221; header_text_color=&#8221;#ffffff&#8221; body_text_color=&#8221;#ffffff&#8221; background_color=&#8221;#444444&#8243; custom_margin=&#8221;||||false|false&#8221; custom_padding=&#8221;25px|25px|25px|25px|false|false&#8221; animation=&#8221;off&#8221; link_option_url=&#8221;https:\/\/ksiegarnia.nid.pl\/&#8221; link_option_url_new_window=&#8221;on&#8221; custom_css_blurb_image=&#8221;padding-right: 20px;||vertical-align: middle;&#8221; icon_font_size=&#8221;50px&#8221; global_colors_info=&#8221;{}&#8221;]<\/p>\n<p>Sprawd\u017a nasze produkty w ksi\u0119garni. Zamawiaj bez wychodzenia z domu ju\u017c teraz!<\/p>\n<p>[\/et_pb_blurb][\/et_pb_column][et_pb_column type=&#8221;1_3&#8243; _builder_version=&#8221;4.16&#8243; _module_preset=&#8221;default&#8221; background_color=&#8221;#e52330&#8243; global_colors_info=&#8221;{}&#8221;][et_pb_blurb title=&#8221;Platforma szkoleniowa&#8221; url_new_window=&#8221;on&#8221; use_icon=&#8221;on&#8221; font_icon=&#8221;&#xe0e9;||divi||400&#8243; icon_placement=&#8221;left&#8221; image_icon_width=&#8221;50px&#8221; module_class=&#8221;bigButtonModules&#8221; _builder_version=&#8221;4.16&#8243; _module_preset=&#8221;default&#8221; header_level=&#8221;h3&#8243; header_font=&#8221;|700|||||||&#8221; header_text_color=&#8221;#ffffff&#8221; body_text_color=&#8221;#ffffff&#8221; background_color=&#8221;#6b6b6b&#8221; custom_margin=&#8221;||||false|false&#8221; custom_padding=&#8221;25px|25px|25px|25px|false|false&#8221; animation=&#8221;off&#8221; link_option_url=&#8221;https:\/\/szkolenianid.learncom.pl&#8221; link_option_url_new_window=&#8221;on&#8221; custom_css_blurb_image=&#8221;padding-right: 20px;||vertical-align: middle;&#8221; icon_font_size=&#8221;50px&#8221; global_colors_info=&#8221;{}&#8221;]<\/p>\n<p>Zapisz si\u0119 na nasz\u0105 platform\u0119 e-szkoleniow\u0105 i dowiedz si\u0119 jak zarz\u0105dza\u0107 dziedzictwem i wykorzysta\u0107 jego potencja\u0142.<\/p>\n<p>[\/et_pb_blurb][\/et_pb_column][\/et_pb_row][\/et_pb_section]<\/p>","protected":false},"excerpt":{"rendered":"<p>\u2190Powr\u00f3t Narodowy Instytut Dziedzictwa chroni Pa\u0144stwa dane osobowe i wykonuje Pa\u0144stwa prawa. Kiedy za\u0142atwiaj\u0105 Pa\u0144stwo sprawy w Narodowym Instytucie Dziedzictwa, podaj\u0105 Pa\u0144stwo swoje dane osobowe. Ich administratorem jest Narodowy Instytut [&hellip;]<\/p>","protected":false},"author":1,"featured_media":0,"parent":0,"menu_order":0,"comment_status":"closed","ping_status":"closed","template":"","meta":{"_et_pb_use_builder":"on","_et_pb_old_content":"","_et_gb_content_width":"","_monsterinsights_skip_tracking":false,"_monsterinsights_sitenote_active":false,"_monsterinsights_sitenote_note":"","_monsterinsights_sitenote_category":0,"footnotes":""},"class_list":["post-4026","page","type-page","status-publish","hentry"],"yoast_head":"<!-- This site is optimized with the Yoast SEO plugin v26.5 - https:\/\/yoast.com\/wordpress\/plugins\/seo\/ -->\n<title>Przetwarzanie danych osobowych - NID<\/title>\n<meta name=\"robots\" content=\"index, follow, max-snippet:-1, max-image-preview:large, max-video-preview:-1\" \/>\n<link rel=\"canonical\" href=\"https:\/\/nid.pl\/en\/przetwarzanie-danych-osobowych\/\" \/>\n<meta property=\"og:locale\" content=\"en_GB\" \/>\n<meta property=\"og:type\" content=\"article\" \/>\n<meta property=\"og:title\" content=\"Przetwarzanie danych osobowych - NID\" \/>\n<meta property=\"og:description\" content=\"\u2190Powr\u00f3t Narodowy Instytut Dziedzictwa chroni Pa\u0144stwa dane osobowe i wykonuje Pa\u0144stwa prawa. Kiedy za\u0142atwiaj\u0105 Pa\u0144stwo sprawy w Narodowym Instytucie Dziedzictwa, podaj\u0105 Pa\u0144stwo swoje dane osobowe. Ich administratorem jest Narodowy Instytut [&hellip;]\" \/>\n<meta property=\"og:url\" content=\"https:\/\/nid.pl\/en\/przetwarzanie-danych-osobowych\/\" \/>\n<meta property=\"og:site_name\" content=\"NID\" \/>\n<meta property=\"article:publisher\" content=\"https:\/\/www.facebook.com\/zabytek\" \/>\n<meta property=\"article:modified_time\" content=\"2024-10-17T13:49:28+00:00\" \/>\n<meta name=\"twitter:card\" content=\"summary_large_image\" \/>\n<meta name=\"twitter:site\" content=\"@NarIDpl\" \/>\n<meta name=\"twitter:label1\" content=\"Estimated reading time\" \/>\n\t<meta name=\"twitter:data1\" content=\"7 minutes\" \/>\n<script type=\"application\/ld+json\" class=\"yoast-schema-graph\">{\"@context\":\"https:\/\/schema.org\",\"@graph\":[{\"@type\":\"WebPage\",\"@id\":\"https:\/\/nid.pl\/przetwarzanie-danych-osobowych\/\",\"url\":\"https:\/\/nid.pl\/przetwarzanie-danych-osobowych\/\",\"name\":\"Przetwarzanie danych osobowych - NID\",\"isPartOf\":{\"@id\":\"https:\/\/nid.pl\/#website\"},\"datePublished\":\"2021-12-08T10:58:13+00:00\",\"dateModified\":\"2024-10-17T13:49:28+00:00\",\"breadcrumb\":{\"@id\":\"https:\/\/nid.pl\/przetwarzanie-danych-osobowych\/#breadcrumb\"},\"inLanguage\":\"en-GB\",\"potentialAction\":[{\"@type\":\"ReadAction\",\"target\":[\"https:\/\/nid.pl\/przetwarzanie-danych-osobowych\/\"]}]},{\"@type\":\"BreadcrumbList\",\"@id\":\"https:\/\/nid.pl\/przetwarzanie-danych-osobowych\/#breadcrumb\",\"itemListElement\":[{\"@type\":\"ListItem\",\"position\":1,\"name\":\"Home\",\"item\":\"https:\/\/nid.pl\/\"},{\"@type\":\"ListItem\",\"position\":2,\"name\":\"Przetwarzanie danych osobowych\"}]},{\"@type\":\"WebSite\",\"@id\":\"https:\/\/nid.pl\/#website\",\"url\":\"https:\/\/nid.pl\/\",\"name\":\"NID\",\"description\":\"Narodowy Instytut Dziedzictwa\",\"publisher\":{\"@id\":\"https:\/\/nid.pl\/#organization\"},\"potentialAction\":[{\"@type\":\"SearchAction\",\"target\":{\"@type\":\"EntryPoint\",\"urlTemplate\":\"https:\/\/nid.pl\/?s={search_term_string}\"},\"query-input\":{\"@type\":\"PropertyValueSpecification\",\"valueRequired\":true,\"valueName\":\"search_term_string\"}}],\"inLanguage\":\"en-GB\"},{\"@type\":\"Organization\",\"@id\":\"https:\/\/nid.pl\/#organization\",\"name\":\"Narodowy Instytut Dziedzictwa\",\"url\":\"https:\/\/nid.pl\/\",\"logo\":{\"@type\":\"ImageObject\",\"inLanguage\":\"en-GB\",\"@id\":\"https:\/\/nid.pl\/#\/schema\/logo\/image\/\",\"url\":\"https:\/\/nid.pl\/wp-content\/uploads\/2022\/10\/logoRedDark.png\",\"contentUrl\":\"https:\/\/nid.pl\/wp-content\/uploads\/2022\/10\/logoRedDark.png\",\"width\":200,\"height\":197,\"caption\":\"Narodowy Instytut Dziedzictwa\"},\"image\":{\"@id\":\"https:\/\/nid.pl\/#\/schema\/logo\/image\/\"},\"sameAs\":[\"https:\/\/www.facebook.com\/zabytek\",\"https:\/\/x.com\/NarIDpl\",\"https:\/\/www.instagram.com\/nid.pl\/?hl=pl\",\"https:\/\/www.linkedin.com\/company\/narodowy-instytut-dziedzictwa\",\"https:\/\/www.youtube.com\/channel\/UCQXuhKa2uHtmNvLRUSx40JA\"]}]}<\/script>\n<!-- \/ Yoast SEO plugin. -->","yoast_head_json":{"title":"Przetwarzanie danych osobowych - NID","robots":{"index":"index","follow":"follow","max-snippet":"max-snippet:-1","max-image-preview":"max-image-preview:large","max-video-preview":"max-video-preview:-1"},"canonical":"https:\/\/nid.pl\/en\/przetwarzanie-danych-osobowych\/","og_locale":"en_GB","og_type":"article","og_title":"Przetwarzanie danych osobowych - NID","og_description":"\u2190Powr\u00f3t Narodowy Instytut Dziedzictwa chroni Pa\u0144stwa dane osobowe i wykonuje Pa\u0144stwa prawa. Kiedy za\u0142atwiaj\u0105 Pa\u0144stwo sprawy w Narodowym Instytucie Dziedzictwa, podaj\u0105 Pa\u0144stwo swoje dane osobowe. Ich administratorem jest Narodowy Instytut [&hellip;]","og_url":"https:\/\/nid.pl\/en\/przetwarzanie-danych-osobowych\/","og_site_name":"NID","article_publisher":"https:\/\/www.facebook.com\/zabytek","article_modified_time":"2024-10-17T13:49:28+00:00","twitter_card":"summary_large_image","twitter_site":"@NarIDpl","twitter_misc":{"Estimated reading time":"7 minutes"},"schema":{"@context":"https:\/\/schema.org","@graph":[{"@type":"WebPage","@id":"https:\/\/nid.pl\/przetwarzanie-danych-osobowych\/","url":"https:\/\/nid.pl\/przetwarzanie-danych-osobowych\/","name":"Przetwarzanie danych osobowych - NID","isPartOf":{"@id":"https:\/\/nid.pl\/#website"},"datePublished":"2021-12-08T10:58:13+00:00","dateModified":"2024-10-17T13:49:28+00:00","breadcrumb":{"@id":"https:\/\/nid.pl\/przetwarzanie-danych-osobowych\/#breadcrumb"},"inLanguage":"en-GB","potentialAction":[{"@type":"ReadAction","target":["https:\/\/nid.pl\/przetwarzanie-danych-osobowych\/"]}]},{"@type":"BreadcrumbList","@id":"https:\/\/nid.pl\/przetwarzanie-danych-osobowych\/#breadcrumb","itemListElement":[{"@type":"ListItem","position":1,"name":"Home","item":"https:\/\/nid.pl\/"},{"@type":"ListItem","position":2,"name":"Przetwarzanie danych osobowych"}]},{"@type":"WebSite","@id":"https:\/\/nid.pl\/#website","url":"https:\/\/nid.pl\/","name":"NID","description":"Narodowy Instytut Dziedzictwa","publisher":{"@id":"https:\/\/nid.pl\/#organization"},"potentialAction":[{"@type":"SearchAction","target":{"@type":"EntryPoint","urlTemplate":"https:\/\/nid.pl\/?s={search_term_string}"},"query-input":{"@type":"PropertyValueSpecification","valueRequired":true,"valueName":"search_term_string"}}],"inLanguage":"en-GB"},{"@type":"Organization","@id":"https:\/\/nid.pl\/#organization","name":"Narodowy Instytut Dziedzictwa","url":"https:\/\/nid.pl\/","logo":{"@type":"ImageObject","inLanguage":"en-GB","@id":"https:\/\/nid.pl\/#\/schema\/logo\/image\/","url":"https:\/\/nid.pl\/wp-content\/uploads\/2022\/10\/logoRedDark.png","contentUrl":"https:\/\/nid.pl\/wp-content\/uploads\/2022\/10\/logoRedDark.png","width":200,"height":197,"caption":"Narodowy Instytut Dziedzictwa"},"image":{"@id":"https:\/\/nid.pl\/#\/schema\/logo\/image\/"},"sameAs":["https:\/\/www.facebook.com\/zabytek","https:\/\/x.com\/NarIDpl","https:\/\/www.instagram.com\/nid.pl\/?hl=pl","https:\/\/www.linkedin.com\/company\/narodowy-instytut-dziedzictwa","https:\/\/www.youtube.com\/channel\/UCQXuhKa2uHtmNvLRUSx40JA"]}]}},"_links":{"self":[{"href":"https:\/\/nid.pl\/en\/wp-json\/wp\/v2\/pages\/4026","targetHints":{"allow":["GET"]}}],"collection":[{"href":"https:\/\/nid.pl\/en\/wp-json\/wp\/v2\/pages"}],"about":[{"href":"https:\/\/nid.pl\/en\/wp-json\/wp\/v2\/types\/page"}],"author":[{"embeddable":true,"href":"https:\/\/nid.pl\/en\/wp-json\/wp\/v2\/users\/1"}],"replies":[{"embeddable":true,"href":"https:\/\/nid.pl\/en\/wp-json\/wp\/v2\/comments?post=4026"}],"version-history":[{"count":0,"href":"https:\/\/nid.pl\/en\/wp-json\/wp\/v2\/pages\/4026\/revisions"}],"wp:attachment":[{"href":"https:\/\/nid.pl\/en\/wp-json\/wp\/v2\/media?parent=4026"}],"curies":[{"name":"wp","href":"https:\/\/api.w.org\/{rel}","templated":true}]}}