{"id":4013,"date":"2021-12-07T16:50:24","date_gmt":"2021-12-07T15:50:24","guid":{"rendered":"https:\/\/nid.pl\/?page_id=4013"},"modified":"2025-01-16T20:09:32","modified_gmt":"2025-01-16T19:09:32","slug":"polityka-prywatnosci","status":"publish","type":"page","link":"https:\/\/nid.pl\/en\/polityka-prywatnosci\/","title":{"rendered":"Polityka prywatno\u015bci"},"content":{"rendered":"<p>[et_pb_section fb_built=&#8221;1&#8243; _builder_version=&#8221;4.16&#8243; _module_preset=&#8221;default&#8221; custom_padding=&#8221;0px||0px|||&#8221; global_colors_info=&#8221;{}&#8221;][et_pb_row _builder_version=&#8221;4.16&#8243; _module_preset=&#8221;default&#8221; background_image=&#8221;https:\/\/nid.pl\/wp-content\/uploads\/2020\/12\/library.png&#8221; width=&#8221;100%&#8221; max_width=&#8221;100%&#8221; height=&#8221;400px&#8221; custom_margin=&#8221;|auto||auto|false|false&#8221; custom_padding=&#8221;0px||0px|||&#8221; custom_css_main_element=&#8221;display: none;&#8221; global_colors_info=&#8221;{}&#8221;][et_pb_column type=&#8221;4_4&#8243; _builder_version=&#8221;4.16&#8243; _module_preset=&#8221;default&#8221; global_colors_info=&#8221;{}&#8221;][\/et_pb_column][\/et_pb_row][\/et_pb_section][et_pb_section fb_built=&#8221;1&#8243; _builder_version=&#8221;4.16&#8243; _module_preset=&#8221;default&#8221; custom_padding=&#8221;0px|0px|0px|0px|false|false&#8221; global_colors_info=&#8221;{}&#8221;][et_pb_row _builder_version=&#8221;4.16&#8243; _module_preset=&#8221;default&#8221; width=&#8221;100%&#8221; max_width=&#8221;100%&#8221; custom_padding=&#8221;50px|50px|50px|50px|false|false&#8221; global_colors_info=&#8221;{}&#8221;][et_pb_column type=&#8221;4_4&#8243; _builder_version=&#8221;4.16&#8243; _module_preset=&#8221;default&#8221; global_colors_info=&#8221;{}&#8221;][et_pb_text module_id=&#8221;backButtonBox&#8221; _builder_version=&#8221;4.7.4&#8243; _module_preset=&#8221;default&#8221; custom_margin=&#8221;0px|0px|0px|0px|false|false&#8221; custom_padding=&#8221;0px|0px|0px|0px|false|false&#8221; global_module=&#8221;2594&#8243; locked=&#8221;off&#8221; global_colors_info=&#8221;{}&#8221;]<\/p>\n<div class=\"backButton\" onclick=\"javascript:window.history.back();\"><span>\u2190<\/span>Powr\u00f3t<\/div>\n<p>[\/et_pb_text][et_pb_text _builder_version=&#8221;4.16&#8243; _dynamic_attributes=&#8221;content&#8221; _module_preset=&#8221;default&#8221; text_font_size=&#8221;26px&#8221; custom_margin=&#8221;||25px||false|false&#8221; custom_padding=&#8221;||||false|false&#8221; global_colors_info=&#8221;{}&#8221;]@ET-DC@eyJkeW5hbWljIjp0cnVlLCJjb250ZW50IjoicG9zdF90aXRsZSIsInNldHRpbmdzIjp7ImJlZm9yZSI6IiIsImFmdGVyIjoiIn19@[\/et_pb_text][et_pb_divider _builder_version=&#8221;4.16&#8243; _module_preset=&#8221;default&#8221; background_color=&#8221;#e52330&#8243; height=&#8221;5px&#8221; custom_margin=&#8221;0px||25px||false|false&#8221; custom_padding=&#8221;0px||0px||false|false&#8221; global_colors_info=&#8221;{}&#8221;][\/et_pb_divider][et_pb_text _builder_version=&#8221;4.27.4&#8243; _module_preset=&#8221;default&#8221; global_colors_info=&#8221;{}&#8221;]<\/p>\n<p><span style=\"font-weight: 400;\">Na podstawie Rozporz\u0105dzenia Parlamentu Europejskiego i Rady (UE) 2016\/679 z dnia 27 kwietnia 2016 r. w sprawie ochrony os\u00f3b fizycznych w zwi\u0105zku z przetwarzaniem danych osobowych i w sprawie swobodnego przep\u0142ywu takich danych oraz uchylenia dyrektywy 95\/46\/WE oraz Ustawy z dnia 10 maja 2018 r. o ochronie danych osobowych (Dz.U. 2018 poz. 1000). informujemy, i\u017c:<\/span><br style=\"font-weight: 400;\" \/><span style=\"font-weight: 400;\">1.\u00a0\u00a0 \u00a0administratorem Pani\/Pana danych osobowych jest Narodowy Instytut Dziedzictwa (NID) <\/span><span style=\"font-weight: 400;\">z siedzib\u0105 w Warszawie, ul. M. Kopernika 36\/40,<\/span><br style=\"font-weight: 400;\" \/><span style=\"font-weight: 400;\">2.\u00a0 \u00a0 kontakt do Inspektora Danych Osobowych: <a href=\"mailto:iod@nid.pl\" target=\"_blank\" rel=\"noopener noreferrer\">iod@nid.pl<\/a>,<\/span><br style=\"font-weight: 400;\" \/><span style=\"font-weight: 400;\">3.\u00a0\u00a0 \u00a0Pani\/Pana dane osobowe przetwarzane b\u0119d\u0105 w nast\u0119puj\u0105cych celach i podstawach prawnych:<\/span><\/p>\n<table>\n<tbody>\n<tr>\n<td colspan=\"2\" width=\"237\"><strong>Okoliczno\u015bci przetwarzania danych osobowych przez NID<\/strong><\/td>\n<td width=\"142\"><strong>Podstawa prawna oraz okres przechowywania danych\u00a0<\/strong><\/td>\n<td width=\"209\"><strong>Uzasadniony cel przetwarzania danych osobowych<\/strong><\/td>\n<\/tr>\n<tr>\n<td colspan=\"2\" width=\"237\">\u00a0Zawarcie i wykonanie um\u00f3w cywilnoprawnych<\/td>\n<td width=\"142\">\n<p>\u00a0<u><a href=\"https:\/\/eur-lex.europa.eu\/legal-content\/PL\/ALL\/?uri=CELEX%3A32016R0679\">Art. 6 ust. 1 lit. b oraz lit. c) i e) RODO<\/a><\/u><\/p>\n<p>Administrator przetwarza dane osobowe przez czas trwania umowy, do momentu wyga\u015bni\u0119cia roszcze\u0144 zwi\u0105zanych z wykonaniem zobowi\u0105za\u0144 umownych, chyba \u017ce niezb\u0119dny b\u0119dzie d\u0142u\u017cszy okres przetwarzania w przypadkach nakazanych prawem lub te\u017c dalsze przetwarzanie tych danych b\u0119dzie konieczne dla realizacji zadania realizowanego w interesie publicznym<\/p>\n<\/td>\n<td width=\"209\">\n<p>Przetwarzanie danych osobowych przez NID jest niezb\u0119dne do zawarcia i realizacji umowy<\/p>\n<p>W przypadku um\u00f3w, w kt\u00f3rych NID wyst\u0119puje jako zamawiaj\u0105cy w wyniku udzielonego zam\u00f3wienia publicznego, przetwarzanie danych nast\u0119puje tak\u017ce w celu wype\u0142nienia obowi\u0105zk\u00f3w prawnych ci\u0105\u017c\u0105cych na NID oraz w celu realizacji zada\u0144 realizowanych w interesie publicznym (w szczeg\u00f3lno\u015bci w zakresie wykonywanych przez NID zada\u0144.<\/p>\n<\/td>\n<\/tr>\n<tr>\n<td colspan=\"2\" width=\"237\">Prowadzenie serwisu internetowego<\/td>\n<td width=\"142\">\n<p><u><a href=\"https:\/\/eur-lex.europa.eu\/legal-content\/PL\/ALL\/?uri=CELEX%3A32016R0679\">Art. 6 ust. 1 lit. a), b), c) i e) RODO<\/a><\/u><\/p>\n<p>Dane osobowe b\u0119d\u0105 przetwarzane z uwzgl\u0119dnieniem wymog\u00f3w Google Ireland Limited, najp\u00f3\u017aniej do180 dni od wycofania zgody przez u\u017cytkownika<\/p>\n<\/td>\n<td width=\"209\">NID przetwarza dane osobowe os\u00f3b korzystaj\u0105cych z serwisu internetowego (dane zawarte w plikach cookies) w celach statystycznych, marketingowych, dostosowania zawarto\u015bci stron do preferencji u\u017cytkownika. Przetwarzanie danych nast\u0119puje tak\u017ce w celu realizacji us\u0142ugi (newsletter).<\/td>\n<\/tr>\n<tr>\n<td colspan=\"2\" width=\"237\">Dochodzenie roszcze\u0144 lub obrona przed roszczeniami prawnymi<\/td>\n<td width=\"142\">\n<p><a href=\"https:\/\/eur-lex.europa.eu\/legal-content\/PL\/ALL\/?uri=CELEX%3A32016R0679\">A<u>rt. 6 ust. 1 lit. f)<br \/>i c) RODO<\/u><\/a><\/p>\n<p>Do momentu wyga\u015bni\u0119cia roszcze\u0144 zwi\u0105zanych z wykonaniem zobowi\u0105za\u0144 umownych, a w przypadku wszcz\u0119cia post\u0119powa\u0144 na drodze s\u0105dowej w celu dochodzenia roszcze\u0144 -do czasu ich prawomocnego zako\u0144czenia, a w przypadku post\u0119powa\u0144 egzekucyjnych do czasu ostatecznego zaspokojenia dochodzonych roszcze\u0144. W przypadku zam\u00f3wie\u0144 publicznych z regu\u0142y 4 lata (szczeg\u00f3\u0142y poni\u017cej)<\/p>\n<\/td>\n<td width=\"209\">Administrator mo\u017ce przetwarza\u0107 dane pracownik\u00f3w\/wsp\u00f3\u0142pracownik\u00f3w klient\u00f3w lub kontrahent\u00f3w, a tak\u017ce podmiot\u00f3w bior\u0105cych udzia\u0142 w postepowaniu o udzielenie zam\u00f3wienia publicznego w celach ustalenia, dochodzenia lub obrony przed roszczeniami, kt\u00f3re mog\u0105 powsta\u0107 w zwi\u0105zku z realizacj\u0105 um\u00f3w lub prowadzonymi post\u0119powaniami o udzielenie zam\u00f3wienia publicznego<\/td>\n<\/tr>\n<tr>\n<td colspan=\"2\" width=\"237\">\u00a0Zam\u00f3wienia publiczne<\/td>\n<td width=\"142\">\n<p>\u00a0<u><a href=\"https:\/\/eur-lex.europa.eu\/legal-content\/PL\/ALL\/?uri=CELEX%3A32016R0679\">Art. 6 ust. 1 lit. c) RODO<\/a><\/u><\/p>\n<p>Dane osobowe b\u0119d\u0105 przechowywane, przez okres 4 lat od dnia zako\u0144czenia post\u0119powania o udzielenie zam\u00f3wienia, a je\u017celi czas trwania umowy przekracza 4 lata, okres przechowywania obejmuje ca\u0142y czas trwania umowy<\/p>\n<\/td>\n<td width=\"209\">\u00a0Przetwarzanie danych osobowych nast\u0119puje w celu zwi\u0105zanym<br \/>z post\u0119powaniem o udzielenie zam\u00f3wienia publicznego, kt\u00f3re jest jawne (art. 8 PZP) i stanowi realizacj\u0119 obowi\u0105zku wydatkowania \u015brodk\u00f3w publicznych w spos\u00f3b celowy i oszcz\u0119dny<u><a href=\"http:\/\/prawo.sejm.gov.pl\/isap.nsf\/DocDetails.xsp?id=WDU20091571240\"><span>\u00a0<\/span>(art. 44 ust. 3 u.f.p.)<\/a><\/u><\/td>\n<\/tr>\n<tr>\n<td rowspan=\"2\" width=\"120\">Przechowywanie dokumentacji<span>\u00a0<\/span><u><a href=\"http:\/\/prawo.sejm.gov.pl\/isap.nsf\/DocDetails.xsp?id=WDU20180000217\">archiwalnej i niearchiwalnej (kat. A i B)<\/a><\/u><\/td>\n<td width=\"116\">Przechowywanie dokument\u00f3w, tj. um\u00f3w i dokument\u00f3w rozliczeniowych<\/td>\n<td width=\"142\">\n<p>\u00a0<u><a href=\"https:\/\/eur-lex.europa.eu\/legal-content\/PL\/ALL\/?uri=CELEX%3A32016R0679\">Art. 6 ust. 1 lit. f) i c) RODO<\/a><\/u><\/p>\n<p>Przez okresy wskazane przepisami prawa, a je\u017celi co do okre\u015blonych dokument\u00f3w nie s\u0105 one wskazane, przez czas kiedy ich przechowywanie mie\u015bci si\u0119 w ramach prawnie uzasadnionego celu administratora regulowanego czasem mo\u017cliwego dochodzenia roszcze\u0144<\/p>\n<\/td>\n<td width=\"209\">Przetwarzanie danych nast\u0119puje w celach archiwalnych wobec prawnie uzasadnionego interesu zabezpieczenia i przechowania danych osobowych, na wypadek prawnej potrzeby potwierdzenia fakt\u00f3w, a tak\u017ce stanowi realizacj\u0119 obowi\u0105zk\u00f3w wynikaj\u0105cych z przepis\u00f3w prawa, w szczeg\u00f3lno\u015bci podatkowego i rachunkowego<\/td>\n<\/tr>\n<tr>\n<td width=\"116\">Przechowywanie dokumentacji pracowniczej i p\u0142acowej<\/td>\n<td width=\"142\">\n<p><u><a href=\"https:\/\/eur-lex.europa.eu\/legal-content\/PL\/ALL\/?uri=CELEX%3A32016R0679\">Art. 6 ust. 1 lit. c RODO<\/a><\/u><\/p>\n<p>Zgodnie z obowi\u0105zuj\u0105cymi przepisami pracodawca winien przechowywa\u0107 dokumentacj\u0119 pracownicz\u0105 przez okres 10 (od ustania stosunku pracy dla um\u00f3w zawartych w 2019 roku) lub 50 lat (od ustania stosunku pracy dla um\u00f3w zawartych do 2018 r. w\u0142\u0105cznie). Akta osobowe \u2013 kat. BE50 \u2013 po up\u0142ywie okresu przechowywania powinny by\u0107 poddane ekspertyzie pod k\u0105tem przekwalifikowania na kat. A. Dokumentacja p\u0142acowa jest przechowywana przez 50 lat od ustania stosunku pracy<\/p>\n<\/td>\n<td width=\"209\">Obowi\u0105zek przechowywania dokument\u00f3w pracowniczych i p\u0142acowych wynika z przepis\u00f3w prawa, w szczeg\u00f3lno\u015bci z zakresu prawa pracy i ubezpiecze\u0144 spo\u0142ecznych<\/td>\n<\/tr>\n<tr>\n<td colspan=\"2\" width=\"237\">Monitoring<\/td>\n<td width=\"142\">\n<p><u><a href=\"https:\/\/eur-lex.europa.eu\/legal-content\/PL\/ALL\/?uri=CELEX%3A32016R0679\">Art. 9 ust. 2 lit. a) i b) RODO<\/a><\/u><\/p>\n<p>Nagrania obrazu przetwarzane s\u0105 wy\u0142\u0105cznie do cel\u00f3w, dla kt\u00f3rych zosta\u0142y zebrane, i przechowuje przez okres nieprzekraczaj\u0105cy 3 miesi\u0119cy od dnia nagrania, chyba \u017ce nagranie stanowi dow\u00f3d w post\u0119powaniu, w\u00f3wczas do czasu prawomocnego zako\u0144czenia post\u0119powania lub do czasu wniesienia sprzeciwu<\/p>\n<\/td>\n<td width=\"209\">Prowadzenie kontroli dost\u0119pu dla os\u00f3b przebywaj\u0105cy na terenie administratora nast\u0119puje w celu podniesienia bezpiecze\u0144stwa pracownik\u00f3w i go\u015bci, ochrony mienia oraz zachowania tajemnicy informacji i nast\u0119puje na podstawie wyra\u017conej zgody. W przypadku pracownik\u00f3w przetwarzanie danych osobowych wynika r\u00f3wnie\u017c z przepisu prawa<span>\u00a0<\/span><u><a href=\"https:\/\/www.lexlege.pl\/kp\/art-22\/\">(art. 222 KP)<\/a><\/u><\/td>\n<\/tr>\n<tr>\n<td colspan=\"2\" width=\"237\">Prowadzenie rekrutacji<\/td>\n<td width=\"142\">\n<p>\u00a0<u><a href=\"https:\/\/eur-lex.europa.eu\/legal-content\/PL\/ALL\/?uri=CELEX%3A32016R0679\">Art. 6 ust. 1 lit. a), c) i f) RODO<\/a><\/u><\/p>\n<p>Do 6 miesi\u0119cy od zako\u0144czenia procesu rekrutacji, a w przypadku wyra\u017conej zgody na dalsze procesy rekrutacyjne nie d\u0142u\u017cej ni\u017c rok<\/p>\n<\/td>\n<td width=\"209\">Administrator bez dodatkowej zgody osoby, kt\u00f3rej dane dotycz\u0105 mo\u017ce przechowywa\u0107 dane kandydat\u00f3w do pracy na podstawie<span>\u00a0<\/span><u><a href=\"https:\/\/www.lexlege.pl\/kp\/art-22\/\">art. 22(1) KP<\/a><\/u>. Przetwarzanie danych w zakresie szerszym ni\u017c okre\u015blony w\/w przepisie nast\u0119puje na podstawie zgody kandydata w uzasadnionym celu NID, jakim jest umo\u017cliwienie kontaktu z kandydatem i udzia\u0142 w przysz\u0142ych rekrutacjach.<\/td>\n<\/tr>\n<\/tbody>\n<\/table>\n<p><span style=\"font-weight: 400;\">4.\u00a0\u00a0\u00a0 W zwi\u0105zku z prowadzon\u0105 dzia\u0142alno\u015bci\u0105 NID b\u0119dzie ujawnia\u0107 Pa\u0144stwa dane osobowe nast\u0119puj\u0105cym podmiotom:<br \/><\/span>\u2022\u00a0\u00a0\u00a0 organom pa\u0144stwowym lub innym podmiotom uprawnionym na podstawie przepis\u00f3w prawa,<br \/>\u2022\u00a0\u00a0\u00a0 podmiotom wspieraj\u0105cym nas w prowadzonej dzia\u0142alno\u015bci na nasze zlecenie,<br \/>w szczeg\u00f3lno\u015bci: podmiotom \u015bwiadcz\u0105cym us\u0142ugi informatyczne, jak r\u00f3wnie\u017c dostawcom zewn\u0119trznych system\u00f3w teleinformatycznych wspieraj\u0105cym nasz\u0105 dzia\u0142alno\u015b\u0107, w tym Microsoft, bankom, podmiotom \u015bwiadcz\u0105cym pomoc prawn\u0105, us\u0142ugi informatyczne, audytorskie, kurierskie i pocztowe. Podstaw\u0119 przetwarzania stanowi\u0107 b\u0119d\u0105 umowy powierzenia przetwarzania danych osobowych zapewniaj\u0105ce bezpiecze\u0144stwo tych danych. Powierzenie danych innym podmiotom nast\u0119puje tylko i wy\u0142\u0105cznie w zakresie i celu opisanym w niniejszej Polityce.<br \/>5.\u00a0\u00a0\u00a0 Pani\/Pana dane osobowe nie b\u0119d\u0105 przekazywane do pa\u0144stw trzecich,<br \/>6.\u00a0\u00a0\u00a0 Pani\/Pana dane osobowe b\u0119d\u0105 przechowywane w okresie udzielonej zgody, lub do czasu ustania podstawy prawnej,<br \/>7.\u00a0\u00a0\u00a0 posiada Pani\/Pan prawo dost\u0119pu do tre\u015bci swoich danych oraz prawo ich sprostowania, usuni\u0119cia, ograniczenia przetwarzania, prawo do przenoszenia danych, prawo wniesienia sprzeciwu, prawo do cofni\u0119cia zgody w dowolnym momencie bez wp\u0142ywu na zgodno\u015b\u0107 z prawem przetwarzania, kt\u00f3rego dokonano na podstawie zgody przed jej cofni\u0119ciem,<br \/>8.\u00a0\u00a0\u00a0 ma Pani\/Pan prawo wniesienia skargi do Prezesa Urz\u0119du Ochrony Danych Osobowych, gdy uzna Pani\/Pan, i\u017c przetwarzanie danych osobowych Pani\/Pana dotycz\u0105cych narusza przepisy og\u00f3lnego rozporz\u0105dzenia o ochronie danych osobowych z dnia 27 kwietnia 2016 r.<br \/>9.\u00a0\u00a0\u00a0 podanie przez Pani\u0105\/Pana danych osobowych jest dobrowolne,<br \/>10.\u00a0\u00a0\u00a0 Pani\/Pana dane b\u0119d\u0105 przetwarzane w spos\u00f3b zautomatyzowany i nie b\u0119d\u0105 profilowane.<\/p>\n<p>[\/et_pb_text][\/et_pb_column][\/et_pb_row][\/et_pb_section][et_pb_section fb_built=&#8221;1&#8243; _builder_version=&#8221;4.7.4&#8243; _module_preset=&#8221;default&#8221; custom_margin=&#8221;43px||||false|false&#8221; custom_padding=&#8221;0px||0px||false|false&#8221; global_module=&#8221;353&#8243; saved_tabs=&#8221;all&#8221; global_colors_info=&#8221;{}&#8221;][et_pb_row column_structure=&#8221;1_3,1_3,1_3&#8243; use_custom_gutter=&#8221;on&#8221; gutter_width=&#8221;1&#8243; _builder_version=&#8221;4.16&#8243; _module_preset=&#8221;default&#8221; background_color=&#8221;rgba(0,0,0,0)&#8221; width=&#8221;100%&#8221; max_width=&#8221;2560px&#8221; custom_padding=&#8221;0px||0px||false|false&#8221; global_colors_info=&#8221;{}&#8221;][et_pb_column type=&#8221;1_3&#8243; _builder_version=&#8221;4.16&#8243; _module_preset=&#8221;default&#8221; background_color=&#8221;#e52330&#8243; global_colors_info=&#8221;{}&#8221;][et_pb_blurb title=&#8221;Logotypy NID&#8221; url_new_window=&#8221;on&#8221; use_icon=&#8221;on&#8221; font_icon=&#8221;&#xe004;||divi||400&#8243; icon_placement=&#8221;left&#8221; image_icon_width=&#8221;50px&#8221; module_class=&#8221;bigButtonModules&#8221; _builder_version=&#8221;4.27.2&#8243; _module_preset=&#8221;default&#8221; header_level=&#8221;h3&#8243; header_font=&#8221;|700|||||||&#8221; header_text_color=&#8221;#ffffff&#8221; body_text_color=&#8221;#ffffff&#8221; background_color=&#8221;#E52330&#8243; custom_margin=&#8221;||||false|false&#8221; custom_padding=&#8221;25px|25px|25px|25px|false|false&#8221; animation=&#8221;off&#8221; link_option_url=&#8221;https:\/\/nid.pl\/logotypy\/&#8221; link_option_url_new_window=&#8221;on&#8221; custom_css_blurb_image=&#8221;padding-right: 20px;||vertical-align: middle;&#8221; icon_font_size=&#8221;50px&#8221; global_colors_info=&#8221;{}&#8221;]<\/p>\n<p>Pobierz znaki promocyjne Narodowego Instytutu Dziedzictwa<\/p>\n<p>[\/et_pb_blurb][\/et_pb_column][et_pb_column type=&#8221;1_3&#8243; _builder_version=&#8221;4.16&#8243; _module_preset=&#8221;default&#8221; background_color=&#8221;#e52330&#8243; global_colors_info=&#8221;{}&#8221;][et_pb_code _builder_version=&#8221;4.23.2&#8243; _module_preset=&#8221;default&#8221; global_colors_info=&#8221;{}&#8221;][\/et_pb_code][et_pb_blurb title=&#8221;Ksi\u0119garnia NID&#8221; url_new_window=&#8221;on&#8221; use_icon=&#8221;on&#8221; font_icon=&#8221;&#xe022;||divi||400&#8243; icon_placement=&#8221;left&#8221; image_icon_width=&#8221;50px&#8221; module_class=&#8221;bigButtonModules&#8221; _builder_version=&#8221;4.16&#8243; _module_preset=&#8221;default&#8221; header_level=&#8221;h3&#8243; header_font=&#8221;|700|||||||&#8221; header_text_color=&#8221;#ffffff&#8221; body_text_color=&#8221;#ffffff&#8221; background_color=&#8221;#444444&#8243; custom_margin=&#8221;||||false|false&#8221; custom_padding=&#8221;25px|25px|25px|25px|false|false&#8221; animation=&#8221;off&#8221; link_option_url=&#8221;https:\/\/ksiegarnia.nid.pl\/&#8221; link_option_url_new_window=&#8221;on&#8221; custom_css_blurb_image=&#8221;padding-right: 20px;||vertical-align: middle;&#8221; icon_font_size=&#8221;50px&#8221; global_colors_info=&#8221;{}&#8221;]<\/p>\n<p>Sprawd\u017a nasze produkty w ksi\u0119garni. Zamawiaj bez wychodzenia z domu ju\u017c teraz!<\/p>\n<p>[\/et_pb_blurb][\/et_pb_column][et_pb_column type=&#8221;1_3&#8243; _builder_version=&#8221;4.16&#8243; _module_preset=&#8221;default&#8221; background_color=&#8221;#e52330&#8243; global_colors_info=&#8221;{}&#8221;][et_pb_blurb title=&#8221;Platforma szkoleniowa&#8221; url_new_window=&#8221;on&#8221; use_icon=&#8221;on&#8221; font_icon=&#8221;&#xe0e9;||divi||400&#8243; icon_placement=&#8221;left&#8221; image_icon_width=&#8221;50px&#8221; module_class=&#8221;bigButtonModules&#8221; _builder_version=&#8221;4.16&#8243; _module_preset=&#8221;default&#8221; header_level=&#8221;h3&#8243; header_font=&#8221;|700|||||||&#8221; header_text_color=&#8221;#ffffff&#8221; body_text_color=&#8221;#ffffff&#8221; background_color=&#8221;#6b6b6b&#8221; custom_margin=&#8221;||||false|false&#8221; custom_padding=&#8221;25px|25px|25px|25px|false|false&#8221; animation=&#8221;off&#8221; link_option_url=&#8221;https:\/\/szkolenianid.learncom.pl&#8221; link_option_url_new_window=&#8221;on&#8221; custom_css_blurb_image=&#8221;padding-right: 20px;||vertical-align: middle;&#8221; icon_font_size=&#8221;50px&#8221; global_colors_info=&#8221;{}&#8221;]<\/p>\n<p>Zapisz si\u0119 na nasz\u0105 platform\u0119 e-szkoleniow\u0105 i dowiedz si\u0119 jak zarz\u0105dza\u0107 dziedzictwem i wykorzysta\u0107 jego potencja\u0142.<\/p>\n<p>[\/et_pb_blurb][\/et_pb_column][\/et_pb_row][\/et_pb_section]<\/p>","protected":false},"excerpt":{"rendered":"<p>\u2190Powr\u00f3t Na podstawie Rozporz\u0105dzenia Parlamentu Europejskiego i Rady (UE) 2016\/679 z dnia 27 kwietnia 2016 r. w sprawie ochrony os\u00f3b fizycznych w zwi\u0105zku z przetwarzaniem danych osobowych i w sprawie [&hellip;]<\/p>","protected":false},"author":1,"featured_media":0,"parent":0,"menu_order":0,"comment_status":"closed","ping_status":"closed","template":"","meta":{"_et_pb_use_builder":"on","_et_pb_old_content":"","_et_gb_content_width":"","_monsterinsights_skip_tracking":false,"_monsterinsights_sitenote_active":false,"_monsterinsights_sitenote_note":"","_monsterinsights_sitenote_category":0,"footnotes":""},"class_list":["post-4013","page","type-page","status-publish","hentry"],"yoast_head":"<!-- This site is optimized with the Yoast SEO plugin v26.5 - https:\/\/yoast.com\/wordpress\/plugins\/seo\/ -->\n<title>Polityka prywatno\u015bci - NID<\/title>\n<meta name=\"robots\" content=\"index, follow, max-snippet:-1, max-image-preview:large, max-video-preview:-1\" \/>\n<link rel=\"canonical\" href=\"https:\/\/nid.pl\/en\/polityka-prywatnosci\/\" \/>\n<meta property=\"og:locale\" content=\"en_GB\" \/>\n<meta property=\"og:type\" content=\"article\" \/>\n<meta property=\"og:title\" content=\"Polityka prywatno\u015bci - NID\" \/>\n<meta property=\"og:description\" content=\"\u2190Powr\u00f3t Na podstawie Rozporz\u0105dzenia Parlamentu Europejskiego i Rady (UE) 2016\/679 z dnia 27 kwietnia 2016 r. w sprawie ochrony os\u00f3b fizycznych w zwi\u0105zku z przetwarzaniem danych osobowych i w sprawie [&hellip;]\" \/>\n<meta property=\"og:url\" content=\"https:\/\/nid.pl\/en\/polityka-prywatnosci\/\" \/>\n<meta property=\"og:site_name\" content=\"NID\" \/>\n<meta property=\"article:publisher\" content=\"https:\/\/www.facebook.com\/zabytek\" \/>\n<meta property=\"article:modified_time\" content=\"2025-01-16T19:09:32+00:00\" \/>\n<meta name=\"twitter:card\" content=\"summary_large_image\" \/>\n<meta name=\"twitter:site\" content=\"@NarIDpl\" \/>\n<meta name=\"twitter:label1\" content=\"Estimated reading time\" \/>\n\t<meta name=\"twitter:data1\" content=\"10 minutes\" \/>\n<script type=\"application\/ld+json\" class=\"yoast-schema-graph\">{\"@context\":\"https:\/\/schema.org\",\"@graph\":[{\"@type\":\"WebPage\",\"@id\":\"https:\/\/nid.pl\/polityka-prywatnosci\/\",\"url\":\"https:\/\/nid.pl\/polityka-prywatnosci\/\",\"name\":\"Polityka prywatno\u015bci - NID\",\"isPartOf\":{\"@id\":\"https:\/\/nid.pl\/#website\"},\"datePublished\":\"2021-12-07T15:50:24+00:00\",\"dateModified\":\"2025-01-16T19:09:32+00:00\",\"breadcrumb\":{\"@id\":\"https:\/\/nid.pl\/polityka-prywatnosci\/#breadcrumb\"},\"inLanguage\":\"en-GB\",\"potentialAction\":[{\"@type\":\"ReadAction\",\"target\":[\"https:\/\/nid.pl\/polityka-prywatnosci\/\"]}]},{\"@type\":\"BreadcrumbList\",\"@id\":\"https:\/\/nid.pl\/polityka-prywatnosci\/#breadcrumb\",\"itemListElement\":[{\"@type\":\"ListItem\",\"position\":1,\"name\":\"Home\",\"item\":\"https:\/\/nid.pl\/\"},{\"@type\":\"ListItem\",\"position\":2,\"name\":\"Polityka prywatno\u015bci\"}]},{\"@type\":\"WebSite\",\"@id\":\"https:\/\/nid.pl\/#website\",\"url\":\"https:\/\/nid.pl\/\",\"name\":\"NID\",\"description\":\"Narodowy Instytut Dziedzictwa\",\"publisher\":{\"@id\":\"https:\/\/nid.pl\/#organization\"},\"potentialAction\":[{\"@type\":\"SearchAction\",\"target\":{\"@type\":\"EntryPoint\",\"urlTemplate\":\"https:\/\/nid.pl\/?s={search_term_string}\"},\"query-input\":{\"@type\":\"PropertyValueSpecification\",\"valueRequired\":true,\"valueName\":\"search_term_string\"}}],\"inLanguage\":\"en-GB\"},{\"@type\":\"Organization\",\"@id\":\"https:\/\/nid.pl\/#organization\",\"name\":\"Narodowy Instytut Dziedzictwa\",\"url\":\"https:\/\/nid.pl\/\",\"logo\":{\"@type\":\"ImageObject\",\"inLanguage\":\"en-GB\",\"@id\":\"https:\/\/nid.pl\/#\/schema\/logo\/image\/\",\"url\":\"https:\/\/nid.pl\/wp-content\/uploads\/2022\/10\/logoRedDark.png\",\"contentUrl\":\"https:\/\/nid.pl\/wp-content\/uploads\/2022\/10\/logoRedDark.png\",\"width\":200,\"height\":197,\"caption\":\"Narodowy Instytut Dziedzictwa\"},\"image\":{\"@id\":\"https:\/\/nid.pl\/#\/schema\/logo\/image\/\"},\"sameAs\":[\"https:\/\/www.facebook.com\/zabytek\",\"https:\/\/x.com\/NarIDpl\",\"https:\/\/www.instagram.com\/nid.pl\/?hl=pl\",\"https:\/\/www.linkedin.com\/company\/narodowy-instytut-dziedzictwa\",\"https:\/\/www.youtube.com\/channel\/UCQXuhKa2uHtmNvLRUSx40JA\"]}]}<\/script>\n<!-- \/ Yoast SEO plugin. -->","yoast_head_json":{"title":"Polityka prywatno\u015bci - NID","robots":{"index":"index","follow":"follow","max-snippet":"max-snippet:-1","max-image-preview":"max-image-preview:large","max-video-preview":"max-video-preview:-1"},"canonical":"https:\/\/nid.pl\/en\/polityka-prywatnosci\/","og_locale":"en_GB","og_type":"article","og_title":"Polityka prywatno\u015bci - NID","og_description":"\u2190Powr\u00f3t Na podstawie Rozporz\u0105dzenia Parlamentu Europejskiego i Rady (UE) 2016\/679 z dnia 27 kwietnia 2016 r. w sprawie ochrony os\u00f3b fizycznych w zwi\u0105zku z przetwarzaniem danych osobowych i w sprawie [&hellip;]","og_url":"https:\/\/nid.pl\/en\/polityka-prywatnosci\/","og_site_name":"NID","article_publisher":"https:\/\/www.facebook.com\/zabytek","article_modified_time":"2025-01-16T19:09:32+00:00","twitter_card":"summary_large_image","twitter_site":"@NarIDpl","twitter_misc":{"Estimated reading time":"10 minutes"},"schema":{"@context":"https:\/\/schema.org","@graph":[{"@type":"WebPage","@id":"https:\/\/nid.pl\/polityka-prywatnosci\/","url":"https:\/\/nid.pl\/polityka-prywatnosci\/","name":"Polityka prywatno\u015bci - NID","isPartOf":{"@id":"https:\/\/nid.pl\/#website"},"datePublished":"2021-12-07T15:50:24+00:00","dateModified":"2025-01-16T19:09:32+00:00","breadcrumb":{"@id":"https:\/\/nid.pl\/polityka-prywatnosci\/#breadcrumb"},"inLanguage":"en-GB","potentialAction":[{"@type":"ReadAction","target":["https:\/\/nid.pl\/polityka-prywatnosci\/"]}]},{"@type":"BreadcrumbList","@id":"https:\/\/nid.pl\/polityka-prywatnosci\/#breadcrumb","itemListElement":[{"@type":"ListItem","position":1,"name":"Home","item":"https:\/\/nid.pl\/"},{"@type":"ListItem","position":2,"name":"Polityka prywatno\u015bci"}]},{"@type":"WebSite","@id":"https:\/\/nid.pl\/#website","url":"https:\/\/nid.pl\/","name":"NID","description":"Narodowy Instytut Dziedzictwa","publisher":{"@id":"https:\/\/nid.pl\/#organization"},"potentialAction":[{"@type":"SearchAction","target":{"@type":"EntryPoint","urlTemplate":"https:\/\/nid.pl\/?s={search_term_string}"},"query-input":{"@type":"PropertyValueSpecification","valueRequired":true,"valueName":"search_term_string"}}],"inLanguage":"en-GB"},{"@type":"Organization","@id":"https:\/\/nid.pl\/#organization","name":"Narodowy Instytut Dziedzictwa","url":"https:\/\/nid.pl\/","logo":{"@type":"ImageObject","inLanguage":"en-GB","@id":"https:\/\/nid.pl\/#\/schema\/logo\/image\/","url":"https:\/\/nid.pl\/wp-content\/uploads\/2022\/10\/logoRedDark.png","contentUrl":"https:\/\/nid.pl\/wp-content\/uploads\/2022\/10\/logoRedDark.png","width":200,"height":197,"caption":"Narodowy Instytut Dziedzictwa"},"image":{"@id":"https:\/\/nid.pl\/#\/schema\/logo\/image\/"},"sameAs":["https:\/\/www.facebook.com\/zabytek","https:\/\/x.com\/NarIDpl","https:\/\/www.instagram.com\/nid.pl\/?hl=pl","https:\/\/www.linkedin.com\/company\/narodowy-instytut-dziedzictwa","https:\/\/www.youtube.com\/channel\/UCQXuhKa2uHtmNvLRUSx40JA"]}]}},"_links":{"self":[{"href":"https:\/\/nid.pl\/en\/wp-json\/wp\/v2\/pages\/4013","targetHints":{"allow":["GET"]}}],"collection":[{"href":"https:\/\/nid.pl\/en\/wp-json\/wp\/v2\/pages"}],"about":[{"href":"https:\/\/nid.pl\/en\/wp-json\/wp\/v2\/types\/page"}],"author":[{"embeddable":true,"href":"https:\/\/nid.pl\/en\/wp-json\/wp\/v2\/users\/1"}],"replies":[{"embeddable":true,"href":"https:\/\/nid.pl\/en\/wp-json\/wp\/v2\/comments?post=4013"}],"version-history":[{"count":0,"href":"https:\/\/nid.pl\/en\/wp-json\/wp\/v2\/pages\/4013\/revisions"}],"wp:attachment":[{"href":"https:\/\/nid.pl\/en\/wp-json\/wp\/v2\/media?parent=4013"}],"curies":[{"name":"wp","href":"https:\/\/api.w.org\/{rel}","templated":true}]}}