{"id":29273,"date":"2025-08-21T15:50:51","date_gmt":"2025-08-21T13:50:51","guid":{"rendered":"https:\/\/nid.pl\/?page_id=29273"},"modified":"2026-03-18T10:00:40","modified_gmt":"2026-03-18T09:00:40","slug":"struktura","status":"publish","type":"page","link":"https:\/\/nid.pl\/en\/o-nas\/struktura\/","title":{"rendered":"Struktura"},"content":{"rendered":"<p>[et_pb_section fb_built=&#8221;1&#8243; _builder_version=&#8221;4.16&#8243; _module_preset=&#8221;default&#8221; custom_padding=&#8221;0px||0px|||&#8221; global_colors_info=&#8221;{}&#8221;][et_pb_row _builder_version=&#8221;4.16&#8243; _module_preset=&#8221;default&#8221; background_image=&#8221;https:\/\/nid.pl\/wp-content\/uploads\/2021\/08\/O-nas-Struktura.jpg&#8221; width=&#8221;100%&#8221; max_width=&#8221;100%&#8221; height=&#8221;400px&#8221; custom_margin=&#8221;|auto||auto|false|false&#8221; custom_padding=&#8221;0px||0px|||&#8221; global_colors_info=&#8221;{}&#8221;][et_pb_column type=&#8221;4_4&#8243; _builder_version=&#8221;4.16&#8243; _module_preset=&#8221;default&#8221; global_colors_info=&#8221;{}&#8221;][\/et_pb_column][\/et_pb_row][\/et_pb_section][et_pb_section fb_built=&#8221;1&#8243; _builder_version=&#8221;4.16&#8243; _module_preset=&#8221;default&#8221; custom_padding=&#8221;0px|0px|0px|0px|false|false&#8221; global_colors_info=&#8221;{}&#8221;][et_pb_row _builder_version=&#8221;4.16&#8243; _module_preset=&#8221;default&#8221; width=&#8221;100%&#8221; max_width=&#8221;100%&#8221; custom_padding=&#8221;50px|50px|50px|50px|false|false&#8221; global_colors_info=&#8221;{}&#8221;][et_pb_column type=&#8221;4_4&#8243; _builder_version=&#8221;4.16&#8243; _module_preset=&#8221;default&#8221; global_colors_info=&#8221;{}&#8221;][et_pb_text module_id=&#8221;backButtonBox&#8221; _builder_version=&#8221;4.7.4&#8243; _module_preset=&#8221;default&#8221; custom_margin=&#8221;0px|0px|0px|0px|false|false&#8221; custom_padding=&#8221;0px|0px|0px|0px|false|false&#8221; global_module=&#8221;2594&#8243; locked=&#8221;off&#8221; global_colors_info=&#8221;{}&#8221;]<\/p>\n<div class=\"backButton\" onclick=\"javascript:window.history.back();\"><span>\u2190<\/span>Powr\u00f3t<\/div>\n<p>[\/et_pb_text][et_pb_text _builder_version=&#8221;4.16&#8243; _dynamic_attributes=&#8221;content&#8221; _module_preset=&#8221;default&#8221; text_font_size=&#8221;26px&#8221; custom_margin=&#8221;||25px||false|false&#8221; custom_padding=&#8221;||||false|false&#8221; global_colors_info=&#8221;{}&#8221;]@ET-DC@eyJkeW5hbWljIjp0cnVlLCJjb250ZW50IjoicG9zdF90aXRsZSIsInNldHRpbmdzIjp7ImJlZm9yZSI6IiIsImFmdGVyIjoiIn19@[\/et_pb_text][et_pb_divider _builder_version=&#8221;4.16&#8243; _module_preset=&#8221;default&#8221; background_color=&#8221;#e52330&#8243; height=&#8221;5px&#8221; custom_margin=&#8221;0px||25px||false|false&#8221; custom_padding=&#8221;0px||0px||false|false&#8221; global_colors_info=&#8221;{}&#8221;][\/et_pb_divider][et_pb_code _builder_version=&#8221;4.27.4&#8243; _module_preset=&#8221;default&#8221; global_colors_info=&#8221;{}&#8221;]<script><!-- [et_pb_line_break_holder] -->jQuery(function($) {<!-- [et_pb_line_break_holder] -->    $('.tree a[href^=\"#\"]').on('click', function(e) {<!-- [et_pb_line_break_holder] -->        e.preventDefault();<!-- [et_pb_line_break_holder] -->        var targetId = $(this).attr('href');<!-- [et_pb_line_break_holder] -->        var $targetContent = $(targetId);<!-- [et_pb_line_break_holder] -->        if ($targetContent.length) {<!-- [et_pb_line_break_holder] -->            var $targetToggle = $targetContent.closest('.et_pb_toggle');<!-- [et_pb_line_break_holder] -->            $('.et_pb_toggle_open').not($targetToggle).each(function() {<!-- [et_pb_line_break_holder] -->                $(this).find('.et_pb_toggle_title').trigger('click');<!-- [et_pb_line_break_holder] -->            });<!-- [et_pb_line_break_holder] -->            if ($targetToggle.length && $targetToggle.hasClass('et_pb_toggle_close')) {<!-- [et_pb_line_break_holder] -->                $targetToggle.find('.et_pb_toggle_title').trigger('click');<!-- [et_pb_line_break_holder] -->            }<!-- [et_pb_line_break_holder] -->            setTimeout(function() {<!-- [et_pb_line_break_holder] -->                $('html, body').animate({<!-- [et_pb_line_break_holder] -->                    scrollTop: $targetToggle.offset().top - 150<!-- [et_pb_line_break_holder] -->                }, 500);<!-- [et_pb_line_break_holder] -->            }, 350);<!-- [et_pb_line_break_holder] -->        }<!-- [et_pb_line_break_holder] -->    });<!-- [et_pb_line_break_holder] -->});<!-- [et_pb_line_break_holder] --><\/script><!-- [et_pb_line_break_holder] --><!-- [et_pb_line_break_holder] --><\/p>\n<div class=\"treeBox\"><!-- [et_pb_line_break_holder] -->\t<\/p>\n<div class=\"tree\"><!-- [et_pb_line_break_holder] -->\t\t<\/p>\n<ul><!-- [et_pb_line_break_holder] -->\t\t\t<\/p>\n<li><!-- [et_pb_line_break_holder] -->\t\t\t\t<a href=\"#DYR\"><!-- [et_pb_line_break_holder] -->\n<div>Dyrektor<\/div>\n<p><!-- [et_pb_line_break_holder] -->\t\t\t\t<\/a><!-- [et_pb_line_break_holder] -->\t\t\t\t<\/p>\n<ul><!-- [et_pb_line_break_holder] -->\t\t\t\t\t<\/p>\n<li><!-- [et_pb_line_break_holder] -->\t\t\t\t\t\t<a href=\"#DSD\" class=\"dzial\">Dzia\u0142 \u015awiatowego Dziedzictwa<\/a><!-- [et_pb_line_break_holder] -->\n<ul><!-- [et_pb_line_break_holder] -->\t\t\t\t\t\t\t<\/p>\n<li><!-- [et_pb_line_break_holder] -->\t\t\t\t\t\t\t\t<a href=\"#DP\" class=\"dzial\">Dzia\u0142<!\u2013- [et_pb_br_holder] -\u2013>Prawny<\/a><!-- [et_pb_line_break_holder] -->\n<ul><!-- [et_pb_line_break_holder] -->\t\t\t\t\t\t\t\t\t<\/p>\n<li><!-- [et_pb_line_break_holder] -->\t\t\t\t\t\t\t\t\t\t<a href=\"#SZP\">Sekcja Zam\u00f3wie\u0144 Publicznych<\/a><!-- [et_pb_line_break_holder] -->\n<ul><!-- [et_pb_line_break_holder] -->\t\t\t\t\t\t\t\t\t\t\t<\/p>\n<li><!-- [et_pb_line_break_holder] -->\t\t\t\t\t\t\t\t\t\t\t\t<a href=\"#SOA\">Sekcja Orzecznictwa Administracyjnego<\/a><!-- [et_pb_line_break_holder] -->\n<ul><!-- [et_pb_line_break_holder] -->\t\t\t\t\t\t\t\t\t\t\t\t\t<\/p>\n<li><!-- [et_pb_line_break_holder] -->\t\t\t\t\t\t\t\t\t\t\t\t\t\t<a href=\"#SSIR\" class=\"dzial\">Samodzielne stanowisko ds. strategii i rozwoju<\/a><!-- [et_pb_line_break_holder] -->\n<ul><!-- [et_pb_line_break_holder] -->\t\t\t\t\t\t\t\t\t\t\t\t\t\t\t<\/p>\n<li><!-- [et_pb_line_break_holder] -->\t\t\t\t\t\t\t\t\t\t\t\t\t\t\t\t<a href=\"#AW\" class=\"dzial\">Audytor<!\u2013- [et_pb_br_holder] -\u2013>Wewn\u0119trzny<\/a><!-- [et_pb_line_break_holder] -->\n<ul><!-- [et_pb_line_break_holder] -->\t\t\t\t\t\t\t\t\t\t\t\t\t\t\t\t\t<\/p>\n<li><!-- [et_pb_line_break_holder] -->\t\t\t\t\t\t\t\t\t\t\t\t\t\t\t\t\t\t<a href=\"#POIN\" class=\"dzial\">Pe\u0142nomocnik ds. Ochrony Informacji Niejawnej<\/a><!-- [et_pb_line_break_holder] -->\n<ul><!-- [et_pb_line_break_holder] -->\t\t\t\t\t\t\t\t\t\t\t\t\t\t\t\t\t\t\t<\/p>\n<li><!-- [et_pb_line_break_holder] -->\t\t\t\t\t\t\t\t\t\t\t\t\t\t\t\t\t\t\t\t<a href=\"#RP\" class=\"dzial\">Radca<!\u2013- [et_pb_br_holder] -\u2013>Prawny<\/a><!-- [et_pb_line_break_holder] -->\t\t\t\t\t\t\t\t\t\t\t\t\t\t\t\t\t\t\t<\/li>\n<p><!-- [et_pb_line_break_holder] -->\t\t\t\t\t\t\t\t\t\t\t\t\t\t\t\t\t\t<\/ul>\n<p><!-- [et_pb_line_break_holder] -->\t\t\t\t\t\t\t\t\t\t\t\t\t\t\t\t\t<\/li>\n<p><!-- [et_pb_line_break_holder] -->\t\t\t\t\t\t\t\t\t\t\t\t\t\t\t\t<\/ul>\n<p><!-- [et_pb_line_break_holder] -->\t\t\t\t\t\t\t\t\t\t\t\t\t\t\t<\/li>\n<p><!-- [et_pb_line_break_holder] -->\t\t\t\t\t\t\t\t\t\t\t\t\t\t<\/ul>\n<p><!-- [et_pb_line_break_holder] -->\t\t\t\t\t\t\t\t\t\t\t\t\t<\/li>\n<p><!-- [et_pb_line_break_holder] -->\t\t\t\t\t\t\t\t\t\t\t\t<\/ul>\n<p><!-- [et_pb_line_break_holder] -->\t\t\t\t\t\t\t\t\t\t\t<\/li>\n<p><!-- [et_pb_line_break_holder] -->\t\t\t\t\t\t\t\t\t\t<\/ul>\n<p><!-- [et_pb_line_break_holder] -->\t\t\t\t\t\t\t\t\t<\/li>\n<p><!-- [et_pb_line_break_holder] -->\t\t\t\t\t\t\t\t<\/ul>\n<p><!-- [et_pb_line_break_holder] -->\t\t\t\t\t\t\t<\/li>\n<p><!-- [et_pb_line_break_holder] -->\t\t\t\t\t\t<\/ul>\n<p><!-- [et_pb_line_break_holder] -->\t\t\t\t\t<\/li>\n<p><!-- [et_pb_line_break_holder] -->\t\t\t\t\t<\/p>\n<li><!-- [et_pb_line_break_holder] -->\t\t\t\t\t\t<a href=\"#ZCA\">Zast\u0119pca Dyrektora<\/a><!-- [et_pb_line_break_holder] -->\n<ul><!-- [et_pb_line_break_holder] -->\t\t\t\t\t\t\t<\/p>\n<li><!-- [et_pb_line_break_holder] -->\t\t\t\t\t\t\t\t<a href=\"#DAR\" class=\"dzial\">Dzia\u0142<!\u2013- [et_pb_br_holder] -\u2013>Archeologii <\/a><!-- [et_pb_line_break_holder] -->\n<ul><!-- [et_pb_line_break_holder] -->\t\t\t\t\t\t\t\t\t<\/p>\n<li><!-- [et_pb_line_break_holder] -->\t\t\t\t\t\t\t\t\t\t<a href=\"#DBZ\" class=\"dzial\">Dzia\u0142 Bezpiecze\u0144stwa Zabytk\u00f3w<\/a><!-- [et_pb_line_break_holder] -->\n<ul><!-- [et_pb_line_break_holder] -->\t\t\t\t\t\t\t\t\t\t\t<\/p>\n<li><!-- [et_pb_line_break_holder] -->\t\t\t\t\t\t\t\t\t\t\t\t<a href=\"#DDC\" class=\"dzial\">Dzia\u0142 Danych Cyfrowych<\/a><!-- [et_pb_line_break_holder] -->\n<ul><!-- [et_pb_line_break_holder] -->\t\t\t\t\t\t\t\t\t\t\t\t\t<\/p>\n<li><!-- [et_pb_line_break_holder] -->\t\t\t\t\t\t\t\t\t\t\t\t\t\t<a href=\"#DD\" class=\"dzial\">Dzia\u0142<!\u2013- [et_pb_br_holder] -\u2013>Digitalizacji<\/a><!-- [et_pb_line_break_holder] -->\n<ul><!-- [et_pb_line_break_holder] -->\t\t\t\t\t\t\t\t\t\t\t\t\t\t\t<\/p>\n<li><!-- [et_pb_line_break_holder] -->\t\t\t\t\t\t\t\t\t\t\t\t\t\t\t\t<a href=\"#DDA\" class=\"dzial\">Dzia\u0142 Dokumentacji Archiwalnej<\/a><!-- [et_pb_line_break_holder] -->\n<ul><!-- [et_pb_line_break_holder] -->\t\t\t\t\t\t\t\t\t\t\t\t\t\t\t\t\t<\/p>\n<li><!-- [et_pb_line_break_holder] -->\t\t\t\t\t\t\t\t\t\t\t\t\t\t\t\t\t\t<a href=\"#DRE\" class=\"dzial\">Dzia\u0142 Rejestru i Ewidencji<\/a><!-- [et_pb_line_break_holder] -->\n<ul><!-- [et_pb_line_break_holder] -->\t\t\t\t\t\t\t\t\t\t\t\t\t\t\t\t\t\t\t<\/p>\n<li><!-- [et_pb_line_break_holder] -->\t\t\t\t\t\t\t\t\t\t\t\t\t\t\t\t\t\t\t\t<a href=\"#SOH\">Sekcja Organ\u00f3w Historycznych<\/a><!-- [et_pb_line_break_holder] -->\n<ul><!-- [et_pb_line_break_holder] -->\t\t\t\t\t\t\t\t\t\t\t\t\t\t\t\t\t\t\t\t\t<\/p>\n<li><!-- [et_pb_line_break_holder] -->\t\t\t\t\t\t\t\t\t\t\t\t\t\t\t\t\t\t\t\t\t\t<a href=\"#DKT\" class=\"dzial\">Dzia\u0142 Kultury Tradycyjnej<\/a><!-- [et_pb_line_break_holder] -->\n<ul><!-- [et_pb_line_break_holder] -->\t\t\t\t\t\t\t\t\t\t\t\t\t\t\t\t\t\t\t\t\t\t\t<\/p>\n<li><!-- [et_pb_line_break_holder] -->\t\t\t\t\t\t\t\t\t\t\t\t\t\t\t\t\t\t\t\t\t\t\t\t<a href=\"#CDN\"> Pracownia Terenowa Centrum Dziedzictwa Niematerialnego<\/a><!-- [et_pb_line_break_holder] -->\n<ul><!-- [et_pb_line_break_holder] -->\t\t\t\t\t\t\t\t\t\t\t\t\t\t\t\t\t\t\t\t\t\t\t\t\t<\/p>\n<li><!-- [et_pb_line_break_holder] -->\t\t\t\t\t\t\t\t\t\t\t\t\t\t\t\t\t\t\t\t\t\t\t\t\t\t<a href=\"#CADZ\"> Pracownia Terenowa Centrum Architektury Drewnianej w Zakopanem<\/a><!-- [et_pb_line_break_holder] -->\n<ul><!-- [et_pb_line_break_holder] -->\t\t\t\t\t\t\t\t\t\t\t\t\t\t\t\t\t\t\t\t\t\t\t\t\t\t\t<\/p>\n<li><!-- [et_pb_line_break_holder] -->\t\t\t\t\t\t\t\t\t\t\t\t\t\t\t\t\t\t\t\t\t\t\t\t\t\t\t\t<a href=\"#CADO\"> Pracownia Terenowa Centrum Architektury Drewnianej w Otwocku<\/a><!-- [et_pb_line_break_holder] -->\t\t\t\t\t\t\t\t\t\t\t\t\t\t\t\t\t\t\t\t\t\t\t\t\t\t\t<\/li>\n<p><!-- [et_pb_line_break_holder] -->\t\t\t\t\t\t\t\t\t\t\t\t\t\t\t\t\t\t\t\t\t\t\t\t\t\t<\/ul>\n<p><!-- [et_pb_line_break_holder] -->\t\t\t\t\t\t\t\t\t\t\t\t\t\t\t\t\t\t\t\t\t\t\t\t\t<\/li>\n<p><!-- [et_pb_line_break_holder] -->\t\t\t\t\t\t\t\t\t\t\t\t\t\t\t\t\t\t\t\t\t\t\t\t<\/ul>\n<p><!-- [et_pb_line_break_holder] -->\t\t\t\t\t\t\t\t\t\t\t\t\t\t\t\t\t\t\t\t\t\t\t<\/li>\n<p><!-- [et_pb_line_break_holder] -->\t\t\t\t\t\t\t\t\t\t\t\t\t\t\t\t\t\t\t\t\t\t<\/ul>\n<p><!-- [et_pb_line_break_holder] -->\t\t\t\t\t\t\t\t\t\t\t\t\t\t\t\t\t\t\t\t\t<\/li>\n<p><!-- [et_pb_line_break_holder] -->\t\t\t\t\t\t\t\t\t\t\t\t\t\t\t\t\t\t\t\t<\/ul>\n<p><!-- [et_pb_line_break_holder] -->\t\t\t\t\t\t\t\t\t\t\t\t\t\t\t\t\t\t\t<\/li>\n<p><!-- [et_pb_line_break_holder] -->\t\t\t\t\t\t\t\t\t\t\t\t\t\t\t\t\t\t<\/ul>\n<p><!-- [et_pb_line_break_holder] -->\t\t\t\t\t\t\t\t\t\t\t\t\t\t\t\t\t<\/li>\n<p><!-- [et_pb_line_break_holder] -->\t\t\t\t\t\t\t\t\t\t\t\t\t\t\t\t<\/ul>\n<p><!-- [et_pb_line_break_holder] -->\t\t\t\t\t\t\t\t\t\t\t\t\t\t\t<\/li>\n<p><!-- [et_pb_line_break_holder] -->\t\t\t\t\t\t\t\t\t\t\t\t\t\t<\/ul>\n<p><!-- [et_pb_line_break_holder] -->\t\t\t\t\t\t\t\t\t\t\t\t\t<\/li>\n<p><!-- [et_pb_line_break_holder] -->\t\t\t\t\t\t\t\t\t\t\t\t<\/ul>\n<p><!-- [et_pb_line_break_holder] -->\t\t\t\t\t\t\t\t\t\t\t<\/li>\n<p><!-- [et_pb_line_break_holder] -->\t\t\t\t\t\t\t\t\t\t<\/ul>\n<p><!-- [et_pb_line_break_holder] -->\t\t\t\t\t\t\t\t\t<\/li>\n<p><!-- [et_pb_line_break_holder] -->\t\t\t\t\t\t\t\t<\/ul>\n<p><!-- [et_pb_line_break_holder] -->\t\t\t\t\t\t\t<\/li>\n<p><!-- [et_pb_line_break_holder] -->\t\t\t\t\t\t<\/ul>\n<p><!-- [et_pb_line_break_holder] -->\t\t\t\t\t<\/li>\n<p><!-- [et_pb_line_break_holder] -->\t\t\t\t\t<\/p>\n<li><!-- [et_pb_line_break_holder] -->\t\t\t\t\t\t<a href=\"#ZCA\">Zast\u0119pca Dyrektora<\/a><!-- [et_pb_line_break_holder] -->\n<ul><!-- [et_pb_line_break_holder] -->\t\t\t\t\t\t\t<\/p>\n<li><!-- [et_pb_line_break_holder] -->\t\t\t\t\t\t\t\t<a href=\"#DPD\" class=\"dzial\">Dzia\u0142 Program\u00f3w Dotacyjnych<\/a><!-- [et_pb_line_break_holder] -->\n<ul><!-- [et_pb_line_break_holder] -->\t\t\t\t\t\t\t\t\t<\/p>\n<li><!-- [et_pb_line_break_holder] -->\t\t\t\t\t\t\t\t\t\t<a href=\"#DPS\" class=\"dzial\">Dzia\u0142 Projekt\u00f3w Strategicznych<\/a><!-- [et_pb_line_break_holder] -->\n<ul><!-- [et_pb_line_break_holder] -->\t\t\t\t\t\t\t\t\t\t\t<\/p>\n<li><!-- [et_pb_line_break_holder] -->\t\t\t\t\t\t\t\t\t\t\t\t<a href=\"#DSL\" class=\"dzial\">Dzia\u0142 Strategii Lokalnych<\/a><!-- [et_pb_line_break_holder] -->\n<ul><!-- [et_pb_line_break_holder] -->\t\t\t\t\t\t\t\t\t\t\t\t\t<\/p>\n<li><!-- [et_pb_line_break_holder] -->\t\t\t\t\t\t\t\t\t\t\t\t\t\t<a href=\"#DWP\" class=\"dzial\">Dzia\u0142 Wydawnictw Naukowych i Popularyzacji Wiedzy<\/a><!-- [et_pb_line_break_holder] -->\n<ul><!-- [et_pb_line_break_holder] -->\t\t\t\t\t\t\t\t\t\t\t\t\t\t\t<\/p>\n<li><!-- [et_pb_line_break_holder] -->\t\t\t\t\t\t\t\t\t\t\t\t\t\t\t\t<a href=\"#SB\">Sekcja Biblioteki<\/a><!-- [et_pb_line_break_holder] -->\n<ul><!-- [et_pb_line_break_holder] -->\t\t\t\t\t\t\t\t\t\t\t\t\t\t\t\t\t<\/p>\n<li><!-- [et_pb_line_break_holder] -->\t\t\t\t\t\t\t\t\t\t\t\t\t\t\t\t\t\t<a href=\"#SE\">Sekcja Edukacji<\/a><!-- [et_pb_line_break_holder] -->\n<ul><!-- [et_pb_line_break_holder] -->\t\t\t\t\t\t\t\t\t\t\t\t\t\t\t\t\t\t\t<\/p>\n<li><!-- [et_pb_line_break_holder] -->\t\t\t\t\t\t\t\t\t\t\t\t\t\t\t\t\t\t\t\t<a href=\"#PM\u0141\" class=\"dzial\">Pracownia Terenowa Park Mu\u017cakowski w \u0141\u0119knicy<\/a><!-- [et_pb_line_break_holder] -->\n<ul><!-- [et_pb_line_break_holder] -->\t\t\t\t\t\t\t\t\t\t\t\t\t\t\t\t\t\t\t\t\t<\/p>\n<li><!-- [et_pb_line_break_holder] -->\t\t\t\t\t\t\t\t\t\t\t\t\t\t\t\t\t\t\t\t\t\t<a href=\"#ZPPT\" class=\"dzial\">Pracownia Terenowa Zesp\u00f3\u0142 Pa\u0142acowo-Parkowy w Trzebinach<\/a><!-- [et_pb_line_break_holder] -->\t\t\t\t\t\t\t\t\t\t\t\t\t\t\t\t\t\t\t\t\t<\/li>\n<p><!-- [et_pb_line_break_holder] -->\t\t\t\t\t\t\t\t\t\t\t\t\t\t\t\t\t\t\t\t<\/ul>\n<p><!-- [et_pb_line_break_holder] -->\t\t\t\t\t\t\t\t\t\t\t\t\t\t\t\t\t\t\t<\/li>\n<p><!-- [et_pb_line_break_holder] -->\t\t\t\t\t\t\t\t\t\t\t\t\t\t\t\t\t\t<\/ul>\n<p><!-- [et_pb_line_break_holder] -->\t\t\t\t\t\t\t\t\t\t\t\t\t\t\t\t\t<\/li>\n<p><!-- [et_pb_line_break_holder] -->\t\t\t\t\t\t\t\t\t\t\t\t\t\t\t\t<\/ul>\n<p><!-- [et_pb_line_break_holder] -->\t\t\t\t\t\t\t\t\t\t\t\t\t\t\t<\/li>\n<p><!-- [et_pb_line_break_holder] -->\t\t\t\t\t\t\t\t\t\t\t\t\t\t<\/ul>\n<p><!-- [et_pb_line_break_holder] -->\t\t\t\t\t\t\t\t\t\t\t\t\t<\/li>\n<p><!-- [et_pb_line_break_holder] -->\t\t\t\t\t\t\t\t\t\t\t\t<\/ul>\n<p><!-- [et_pb_line_break_holder] -->\t\t\t\t\t\t\t\t\t\t\t<\/li>\n<p><!-- [et_pb_line_break_holder] -->\t\t\t\t\t\t\t\t\t\t<\/ul>\n<p><!-- [et_pb_line_break_holder] -->\t\t\t\t\t\t\t\t\t<\/li>\n<p><!-- [et_pb_line_break_holder] -->\t\t\t\t\t\t\t\t<\/ul>\n<p><!-- [et_pb_line_break_holder] -->\t\t\t\t\t\t\t<\/li>\n<p><!-- [et_pb_line_break_holder] -->\t\t\t\t\t\t<\/ul>\n<p><!-- [et_pb_line_break_holder] -->\t\t\t\t\t<\/li>\n<p><!-- [et_pb_line_break_holder] -->\t\t\t\t\t<\/p>\n<li><!-- [et_pb_line_break_holder] -->\t\t\t\t\t\t<a href=\"#ZCA\">Zast\u0119pca Dyrektora<\/a><!-- [et_pb_line_break_holder] -->\n<ul><!-- [et_pb_line_break_holder] -->\t\t\t\t\t\t\t<\/p>\n<li><!-- [et_pb_line_break_holder] -->\t\t\t\t\t\t\t\t<a href=\"#DKZ\" class=\"dzial\">Dzia\u0142 Krajobrazu i Za\u0142o\u017ce\u0144 Zieleni<\/a><!-- [et_pb_line_break_holder] -->\n<ul><!-- [et_pb_line_break_holder] -->\t\t\t\t\t\t\t\t\t<\/p>\n<li><!-- [et_pb_line_break_holder] -->\t\t\t\t\t\t\t\t\t\t<a href=\"#DA\" class=\"dzial\">Dzia\u0142<!\u2013- [et_pb_br_holder] -\u2013>Architektury<\/a><!-- [et_pb_line_break_holder] -->\n<ul><!-- [et_pb_line_break_holder] -->\t\t\t\t\t\t\t\t\t\t\t<\/p>\n<li><!-- [et_pb_line_break_holder] -->\t\t\t\t\t\t\t\t\t\t\t\t<a href=\"#SPH\">Sekcja Pomnik\u00f3w Historii<\/a><!-- [et_pb_line_break_holder] -->\n<ul><!-- [et_pb_line_break_holder] -->\t\t\t\t\t\t\t\t\t\t\t\t\t<\/p>\n<li><!-- [et_pb_line_break_holder] -->\t\t\t\t\t\t\t\t\t\t\t\t\t\t<a href=\"#SOIE\" class=\"dzial\">Samodzielne stanowisko ds. opinii i ekspertyz<\/a><!-- [et_pb_line_break_holder] -->\n<ul><!-- [et_pb_line_break_holder] -->\t\t\t\t\t\t\t\t\t\t\t\t\t\t\t<\/p>\n<li><!-- [et_pb_line_break_holder] -->\t\t\t\t\t\t\t\t\t\t\t\t\t\t\t\t<a href=\"#OTB\" class=\"dzial\">Oddzia\u0142 Terenowy w Bia\u0142ymstoku<\/a><!-- [et_pb_line_break_holder] -->\n<ul><!-- [et_pb_line_break_holder] -->\t\t\t\t\t\t\t\t\t\t\t\t\t\t\t\t\t<\/p>\n<li><!-- [et_pb_line_break_holder] -->\t\t\t\t\t\t\t\t\t\t\t\t\t\t\t\t\t\t<a href=\"#OTG\" class=\"dzial\">Oddzia\u0142 Terenowy w Gda\u0144sku<\/a><!-- [et_pb_line_break_holder] -->\n<ul><!-- [et_pb_line_break_holder] -->\t\t\t\t\t\t\t\t\t\t\t\t\t\t\t\t\t\t\t<\/p>\n<li><!-- [et_pb_line_break_holder] -->\t\t\t\t\t\t\t\t\t\t\t\t\t\t\t\t\t\t\t\t<a href=\"#OTKT\" class=\"dzial\">Oddzia\u0142 Terenowy w Katowicach<\/a><!-- [et_pb_line_break_holder] -->\n<ul><!-- [et_pb_line_break_holder] -->\t\t\t\t\t\t\t\t\t\t\t\t\t\t\t\t\t\t\t\t\t<\/p>\n<li><!-- [et_pb_line_break_holder] -->\t\t\t\t\t\t\t\t\t\t\t\t\t\t\t\t\t\t\t\t\t\t<a href=\"#OTKL\" class=\"dzial\">Oddzia\u0142 Terenowy w Kielcach<\/a><!-- [et_pb_line_break_holder] -->\n<ul><!-- [et_pb_line_break_holder] -->\t\t\t\t\t\t\t\t\t\t\t\t\t\t\t\t\t\t\t\t\t\t\t<\/p>\n<li><!-- [et_pb_line_break_holder] -->\t\t\t\t\t\t\t\t\t\t\t\t\t\t\t\t\t\t\t\t\t\t\t\t<a href=\"#OTKR\" class=\"dzial\">Oddzia\u0142 Terenowy w Krakowie<\/a><!-- [et_pb_line_break_holder] -->\n<ul><!-- [et_pb_line_break_holder] -->\t\t\t\t\t\t\t\t\t\t\t\t\t\t\t\t\t\t\t\t\t\t\t\t\t<\/p>\n<li><!-- [et_pb_line_break_holder] -->\t\t\t\t\t\t\t\t\t\t\t\t\t\t\t\t\t\t\t\t\t\t\t\t\t\t<a href=\"#OTL\" class=\"dzial\">Oddzia\u0142 Terenowy w Lublinie<\/a><!-- [et_pb_line_break_holder] -->\n<ul><!-- [et_pb_line_break_holder] -->\t\t\t\t\t\t\t\t\t\t\t\t\t\t\t\t\t\t\t\t\t\t\t\t\t\t\t<\/p>\n<li><!-- [et_pb_line_break_holder] -->\t\t\t\t\t\t\t\t\t\t\t\t\t\t\t\t\t\t\t\t\t\t\t\t\t\t\t\t<a href=\"#OT\u0141\" class=\"dzial\">Oddzia\u0142 Terenowy w \u0141odzi<\/a><!-- [et_pb_line_break_holder] -->\n<ul><!-- [et_pb_line_break_holder] -->\t\t\t\t\t\t\t\t\t\t\t\t\t\t\t\t\t\t\t\t\t\t\t\t\t\t\t\t\t<\/p>\n<li><!-- [et_pb_line_break_holder] -->\t\t\t\t\t\t\t\t\t\t\t\t\t\t\t\t\t\t\t\t\t\t\t\t\t\t\t\t\t\t<a href=\"#OTOL\" class=\"dzial\">Oddzia\u0142 Terenowy w Olsztynie<\/a><!-- [et_pb_line_break_holder] -->\n<ul><!-- [et_pb_line_break_holder] -->\t\t\t\t\t\t\t\t\t\t\t\t\t\t\t\t\t\t\t\t\t\t\t\t\t\t\t\t\t\t\t<\/p>\n<li><!-- [et_pb_line_break_holder] -->\t\t\t\t\t\t\t\t\t\t\t\t\t\t\t\t\t\t\t\t\t\t\t\t\t\t\t\t\t\t\t\t<a href=\"#OTOP\" class=\"dzial\">Oddzia\u0142 Terenowy w Opolu<\/a><!-- [et_pb_line_break_holder] -->\n<ul><!-- [et_pb_line_break_holder] -->\t\t\t\t\t\t\t\t\t\t\t\t\t\t\t\t\t\t\t\t\t\t\t\t\t\t\t\t\t\t\t\t\t<\/p>\n<li><!-- [et_pb_line_break_holder] -->\t\t\t\t\t\t\t\t\t\t\t\t\t\t\t\t\t\t\t\t\t\t\t\t\t\t\t\t\t\t\t\t\t\t<a href=\"#OTP\" class=\"dzial\">Oddzia\u0142 Terenowy w Poznaniu<\/a><!-- [et_pb_line_break_holder] -->\n<ul><!-- [et_pb_line_break_holder] -->\t\t\t\t\t\t\t\t\t\t\t\t\t\t\t\t\t\t\t\t\t\t\t\t\t\t\t\t\t\t\t\t\t\t\t<\/p>\n<li><!-- [et_pb_line_break_holder] -->\t\t\t\t\t\t\t\t\t\t\t\t\t\t\t\t\t\t\t\t\t\t\t\t\t\t\t\t\t\t\t\t\t\t\t\t<a href=\"#OTR\" class=\"dzial\">Oddzia\u0142 Terenowy w Rzeszowie<\/a><!-- [et_pb_line_break_holder] -->\n<ul><!-- [et_pb_line_break_holder] -->\t\t\t\t\t\t\t\t\t\t\t\t\t\t\t\t\t\t\t\t\t\t\t\t\t\t\t\t\t\t\t\t\t\t\t\t\t<\/p>\n<li><!-- [et_pb_line_break_holder] -->\t\t\t\t\t\t\t\t\t\t\t\t\t\t\t\t\t\t\t\t\t\t\t\t\t\t\t\t\t\t\t\t\t\t\t\t\t\t<a href=\"#OTS\" class=\"dzial\">Oddzia\u0142 Terenowy w Szczecinie<\/a><!-- [et_pb_line_break_holder] -->\n<ul><!-- [et_pb_line_break_holder] -->\t\t\t\t\t\t\t\t\t\t\t\t\t\t\t\t\t\t\t\t\t\t\t\t\t\t\t\t\t\t\t\t\t\t\t\t\t\t\t<\/p>\n<li><!-- [et_pb_line_break_holder] -->\t\t\t\t\t\t\t\t\t\t\t\t\t\t\t\t\t\t\t\t\t\t\t\t\t\t\t\t\t\t\t\t\t\t\t\t\t\t\t\t<a href=\"#OTT\" class=\"dzial\">Oddzia\u0142 Terenowy w Toruniu<\/a><!-- [et_pb_line_break_holder] -->\n<ul><!-- [et_pb_line_break_holder] -->\t\t\t\t\t\t\t\t\t\t\t\t\t\t\t\t\t\t\t\t\t\t\t\t\t\t\t\t\t\t\t\t\t\t\t\t\t\t\t\t\t<\/p>\n<li><!-- [et_pb_line_break_holder] -->\t\t\t\t\t\t\t\t\t\t\t\t\t\t\t\t\t\t\t\t\t\t\t\t\t\t\t\t\t\t\t\t\t\t\t\t\t\t\t\t\t\t<a href=\"#OTW\" class=\"dzial\">Oddzia\u0142 Terenowy w Warszawie<\/a><!-- [et_pb_line_break_holder] -->\n<ul><!-- [et_pb_line_break_holder] -->\t\t\t\t\t\t\t\t\t\t\t\t\t\t\t\t\t\t\t\t\t\t\t\t\t\t\t\t\t\t\t\t\t\t\t\t\t\t\t\t\t\t\t<\/p>\n<li><!-- [et_pb_line_break_holder] -->\t\t\t\t\t\t\t\t\t\t\t\t\t\t\t\t\t\t\t\t\t\t\t\t\t\t\t\t\t\t\t\t\t\t\t\t\t\t\t\t\t\t\t\t<a href=\"#OTWR\" class=\"dzial\">Oddzia\u0142 Terenowy we Wroc\u0142awiu<\/a><!-- [et_pb_line_break_holder] -->\n<ul><!-- [et_pb_line_break_holder] -->\t\t\t\t\t\t\t\t\t\t\t\t\t\t\t\t\t\t\t\t\t\t\t\t\t\t\t\t\t\t\t\t\t\t\t\t\t\t\t\t\t\t\t\t\t<\/p>\n<li><!-- [et_pb_line_break_holder] -->\t\t\t\t\t\t\t\t\t\t\t\t\t\t\t\t\t\t\t\t\t\t\t\t\t\t\t\t\t\t\t\t\t\t\t\t\t\t\t\t\t\t\t\t\t\t<a href=\"#OTZ\" class=\"dzial\">Oddzia\u0142 Terenowy w Zielonej G\u00f3rze<\/a><!-- [et_pb_line_break_holder] -->\t\t\t\t\t\t\t\t\t\t\t\t\t\t\t\t\t\t\t\t\t\t\t\t\t\t\t\t\t\t\t\t\t\t\t\t\t\t\t\t\t\t\t\t\t<\/li>\n<p><!-- [et_pb_line_break_holder] -->\t\t\t\t\t\t\t\t\t\t\t\t\t\t\t\t\t\t\t\t\t\t\t\t\t\t\t\t\t\t\t\t\t\t\t\t\t\t\t\t\t\t\t\t<\/ul>\n<p><!-- [et_pb_line_break_holder] -->\t\t\t\t\t\t\t\t\t\t\t\t\t\t\t\t\t\t\t\t\t\t\t\t\t\t\t\t\t\t\t\t\t\t\t\t\t\t\t\t\t\t\t<\/li>\n<p><!-- [et_pb_line_break_holder] -->\t\t\t\t\t\t\t\t\t\t\t\t\t\t\t\t\t\t\t\t\t\t\t\t\t\t\t\t\t\t\t\t\t\t\t\t\t\t\t\t\t\t<\/ul>\n<p><!-- [et_pb_line_break_holder] -->\t\t\t\t\t\t\t\t\t\t\t\t\t\t\t\t\t\t\t\t\t\t\t\t\t\t\t\t\t\t\t\t\t\t\t\t\t\t\t\t\t<\/li>\n<p><!-- [et_pb_line_break_holder] -->\t\t\t\t\t\t\t\t\t\t\t\t\t\t\t\t\t\t\t\t\t\t\t\t\t\t\t\t\t\t\t\t\t\t\t\t\t\t\t\t<\/ul>\n<p><!-- [et_pb_line_break_holder] -->\t\t\t\t\t\t\t\t\t\t\t\t\t\t\t\t\t\t\t\t\t\t\t\t\t\t\t\t\t\t\t\t\t\t\t\t\t\t\t<\/li>\n<p><!-- [et_pb_line_break_holder] -->\t\t\t\t\t\t\t\t\t\t\t\t\t\t\t\t\t\t\t\t\t\t\t\t\t\t\t\t\t\t\t\t\t\t\t\t\t\t<\/ul>\n<p><!-- [et_pb_line_break_holder] -->\t\t\t\t\t\t\t\t\t\t\t\t\t\t\t\t\t\t\t\t\t\t\t\t\t\t\t\t\t\t\t\t\t\t\t\t\t<\/li>\n<p><!-- [et_pb_line_break_holder] -->\t\t\t\t\t\t\t\t\t\t\t\t\t\t\t\t\t\t\t\t\t\t\t\t\t\t\t\t\t\t\t\t\t\t\t\t<\/ul>\n<p><!-- [et_pb_line_break_holder] -->\t\t\t\t\t\t\t\t\t\t\t\t\t\t\t\t\t\t\t\t\t\t\t\t\t\t\t\t\t\t\t\t\t\t\t<\/li>\n<p><!-- [et_pb_line_break_holder] -->\t\t\t\t\t\t\t\t\t\t\t\t\t\t\t\t\t\t\t\t\t\t\t\t\t\t\t\t\t\t\t\t\t\t<\/ul>\n<p><!-- [et_pb_line_break_holder] -->\t\t\t\t\t\t\t\t\t\t\t\t\t\t\t\t\t\t\t\t\t\t\t\t\t\t\t\t\t\t\t\t\t<\/li>\n<p><!-- [et_pb_line_break_holder] -->\t\t\t\t\t\t\t\t\t\t\t\t\t\t\t\t\t\t\t\t\t\t\t\t\t\t\t\t\t\t\t\t<\/ul>\n<p><!-- [et_pb_line_break_holder] -->\t\t\t\t\t\t\t\t\t\t\t\t\t\t\t\t\t\t\t\t\t\t\t\t\t\t\t\t\t\t\t<\/li>\n<p><!-- [et_pb_line_break_holder] -->\t\t\t\t\t\t\t\t\t\t\t\t\t\t\t\t\t\t\t\t\t\t\t\t\t\t\t\t\t\t<\/ul>\n<p><!-- [et_pb_line_break_holder] -->\t\t\t\t\t\t\t\t\t\t\t\t\t\t\t\t\t\t\t\t\t\t\t\t\t\t\t\t\t<\/li>\n<p><!-- [et_pb_line_break_holder] -->\t\t\t\t\t\t\t\t\t\t\t\t\t\t\t\t\t\t\t\t\t\t\t\t\t\t\t\t<\/ul>\n<p><!-- [et_pb_line_break_holder] -->\t\t\t\t\t\t\t\t\t\t\t\t\t\t\t\t\t\t\t\t\t\t\t\t\t\t\t<\/li>\n<p><!-- [et_pb_line_break_holder] -->\t\t\t\t\t\t\t\t\t\t\t\t\t\t\t\t\t\t\t\t\t\t\t\t\t\t<\/ul>\n<p><!-- [et_pb_line_break_holder] -->\t\t\t\t\t\t\t\t\t\t\t\t\t\t\t\t\t\t\t\t\t\t\t\t\t<\/li>\n<p><!-- [et_pb_line_break_holder] -->\t\t\t\t\t\t\t\t\t\t\t\t\t\t\t\t\t\t\t\t\t\t\t\t<\/ul>\n<p><!-- [et_pb_line_break_holder] -->\t\t\t\t\t\t\t\t\t\t\t\t\t\t\t\t\t\t\t\t\t\t\t<\/li>\n<p><!-- [et_pb_line_break_holder] -->\t\t\t\t\t\t\t\t\t\t\t\t\t\t\t\t\t\t\t\t\t\t<\/ul>\n<p><!-- [et_pb_line_break_holder] -->\t\t\t\t\t\t\t\t\t\t\t\t\t\t\t\t\t\t\t\t\t<\/li>\n<p><!-- [et_pb_line_break_holder] -->\t\t\t\t\t\t\t\t\t\t\t\t\t\t\t\t\t\t\t\t<\/ul>\n<p><!-- [et_pb_line_break_holder] -->\t\t\t\t\t\t\t\t\t\t\t\t\t\t\t\t\t\t\t<\/li>\n<p><!-- [et_pb_line_break_holder] -->\t\t\t\t\t\t\t\t\t\t\t\t\t\t\t\t\t\t<\/ul>\n<p><!-- [et_pb_line_break_holder] -->\t\t\t\t\t\t\t\t\t\t\t\t\t\t\t\t\t<\/li>\n<p><!-- [et_pb_line_break_holder] -->\t\t\t\t\t\t\t\t\t\t\t\t\t\t\t\t<\/ul>\n<p><!-- [et_pb_line_break_holder] -->\t\t\t\t\t\t\t\t\t\t\t\t\t\t\t<\/li>\n<p><!-- [et_pb_line_break_holder] -->\t\t\t\t\t\t\t\t\t\t\t\t\t\t<\/ul>\n<p><!-- [et_pb_line_break_holder] -->\t\t\t\t\t\t\t\t\t\t\t\t\t<\/li>\n<p><!-- [et_pb_line_break_holder] -->\t\t\t\t\t\t\t\t\t\t\t\t<\/ul>\n<p><!-- [et_pb_line_break_holder] -->\t\t\t\t\t\t\t\t\t\t\t<\/li>\n<p><!-- [et_pb_line_break_holder] -->\t\t\t\t\t\t\t\t\t\t<\/ul>\n<p><!-- [et_pb_line_break_holder] -->\t\t\t\t\t\t\t\t\t<\/li>\n<p><!-- [et_pb_line_break_holder] -->\t\t\t\t\t\t\t\t<\/ul>\n<p><!-- [et_pb_line_break_holder] -->\t\t\t\t\t\t\t<\/li>\n<p><!-- [et_pb_line_break_holder] -->\t\t\t\t\t\t<\/ul>\n<p><!-- [et_pb_line_break_holder] -->\t\t\t\t\t<\/li>\n<p><!-- [et_pb_line_break_holder] -->\t\t\t\t\t<\/p>\n<li><!-- [et_pb_line_break_holder] -->\t\t\t\t\t\t<a href=\"#ZCA\">Zast\u0119pca Dyrektora<\/a><!-- [et_pb_line_break_holder] -->\n<ul><!-- [et_pb_line_break_holder] -->\t\t\t\t\t\t\t<\/p>\n<li><!-- [et_pb_line_break_holder] -->\t\t\t\t\t\t\t\t<a href=\"#DADM\" class=\"dzial\">Dzia\u0142<!\u2013- [et_pb_br_holder] -\u2013>Administracji<\/a><!-- [et_pb_line_break_holder] -->\n<ul><!-- [et_pb_line_break_holder] -->\t\t\t\t\t\t\t\t\t<\/p>\n<li><!-- [et_pb_line_break_holder] -->\t\t\t\t\t\t\t\t\t\t<a href=\"#DIT\" class=\"dzial\">Dzia\u0142<!\u2013- [et_pb_br_holder] -\u2013>Informatyki<\/a><!-- [et_pb_line_break_holder] -->\n<ul><!-- [et_pb_line_break_holder] -->\t\t\t\t\t\t\t\t\t\t\t<\/p>\n<li><!-- [et_pb_line_break_holder] -->\t\t\t\t\t\t\t\t\t\t\t\t<a href=\"#DK\" class=\"dzial\">Dzia\u0142<!\u2013- [et_pb_br_holder] -\u2013>Kadr<\/a><!-- [et_pb_line_break_holder] -->\n<ul><!-- [et_pb_line_break_holder] -->\t\t\t\t\t\t\t\t\t\t\t\t\t<\/p>\n<li><!-- [et_pb_line_break_holder] -->\t\t\t\t\t\t\t\t\t\t\t\t\t\t<a href=\"#DKM\" class=\"dzial\">Dzia\u0142<!\u2013- [et_pb_br_holder] -\u2013>Komunikacji<\/a><!-- [et_pb_line_break_holder] -->\n<ul><!-- [et_pb_line_break_holder] -->\t\t\t\t\t\t\t\t\t\t\t\t\t\t\t<\/p>\n<li><!-- [et_pb_line_break_holder] -->\t\t\t\t\t\t\t\t\t\t\t\t\t\t\t\t<a href=\"#SOW\">Sekcja Organizacji Wydarze\u0144<\/a><!-- [et_pb_line_break_holder] -->\n<ul><!-- [et_pb_line_break_holder] -->\t\t\t\t\t\t\t\t\t\t\t\t\t\t\t\t\t<\/p>\n<li><!-- [et_pb_line_break_holder] -->\t\t\t\t\t\t\t\t\t\t\t\t\t\t\t\t\t\t<a href=\"#ABSI\" class=\"dzial\">Administrator Bezpiecze\u0144stwa System\u00f3w Informatycznych<\/a><!-- [et_pb_line_break_holder] -->\t\t\t\t\t\t\t\t\t\t\t\t\t\t\t\t\t<\/li>\n<p><!-- [et_pb_line_break_holder] -->\t\t\t\t\t\t\t\t\t\t\t\t\t\t\t\t<\/ul>\n<p><!-- [et_pb_line_break_holder] -->\t\t\t\t\t\t\t\t\t\t\t\t\t\t\t<\/li>\n<p><!-- [et_pb_line_break_holder] -->\t\t\t\t\t\t\t\t\t\t\t\t\t\t<\/ul>\n<p><!-- [et_pb_line_break_holder] -->\t\t\t\t\t\t\t\t\t\t\t\t\t<\/li>\n<p><!-- [et_pb_line_break_holder] -->\t\t\t\t\t\t\t\t\t\t\t\t<\/ul>\n<p><!-- [et_pb_line_break_holder] -->\t\t\t\t\t\t\t\t\t\t\t<\/li>\n<p><!-- [et_pb_line_break_holder] -->\t\t\t\t\t\t\t\t\t\t<\/ul>\n<p><!-- [et_pb_line_break_holder] -->\t\t\t\t\t\t\t\t\t<\/li>\n<p><!-- [et_pb_line_break_holder] -->\t\t\t\t\t\t\t\t<\/ul>\n<p><!-- [et_pb_line_break_holder] -->\t\t\t\t\t\t\t<\/li>\n<p><!-- [et_pb_line_break_holder] -->\t\t\t\t\t\t<\/ul>\n<p><!-- [et_pb_line_break_holder] -->\t\t\t\t\t<\/li>\n<p><!-- [et_pb_line_break_holder] -->\t\t\t\t\t<\/p>\n<li><!-- [et_pb_line_break_holder] -->\t\t\t\t\t\t<a href=\"#GK\">G\u0142\u00f3wny Ksi\u0119gowy<\/a><!-- [et_pb_line_break_holder] -->\n<ul><!-- [et_pb_line_break_holder] -->\t\t\t\t\t\t\t<\/p>\n<li><!-- [et_pb_line_break_holder] -->\t\t\t\t\t\t\t\t<a href=\"#DF\" class=\"dzial\">Dzia\u0142 Finans\u00f3w<\/a><!-- [et_pb_line_break_holder] -->\t\t\t\t\t\t\t<\/li>\n<p><!-- [et_pb_line_break_holder] -->\t\t\t\t\t\t<\/ul>\n<p><!-- [et_pb_line_break_holder] -->\t\t\t\t\t<\/li>\n<p><!-- [et_pb_line_break_holder] -->\t\t\t\t<\/ul>\n<p><!-- [et_pb_line_break_holder] -->\t<\/div>\n<p><!-- [et_pb_line_break_holder] --><\/div>\n<p>[\/et_pb_code][\/et_pb_column][\/et_pb_row][et_pb_row disabled_on=&#8221;off|off|off&#8221; _builder_version=&#8221;4.27.4&#8243; _module_preset=&#8221;default&#8221; width=&#8221;100%&#8221; max_width=&#8221;100%&#8221; custom_margin=&#8221;||||false|false&#8221; custom_padding=&#8221;0px|209px|50px|50px|false|false&#8221; global_colors_info=&#8221;{}&#8221;][et_pb_column type=&#8221;4_4&#8243; _builder_version=&#8221;4.27.4&#8243; _module_preset=&#8221;default&#8221; global_colors_info=&#8221;{}&#8221;][et_pb_toggle title=&#8221;Dyrektor&#8221; open_toggle_text_color=&#8221;#e52330&#8243; closed_toggle_text_color=&#8221;#474747&#8243; disabled_on=&#8221;off|off|off&#8221; _builder_version=&#8221;4.27.4&#8243; _module_preset=&#8221;default&#8221; title_font=&#8221;|700|||||||&#8221; closed_title_font=&#8221;|700|||||||&#8221; width=&#8221;100%&#8221; custom_margin=&#8221;||10px|||&#8221; global_colors_info=&#8221;{}&#8221;]<\/p>\n<div class=\"title\" id=\"DYR\"><\/div>\n<div class=\"firstColumnInfo\">Zarz\u0105dza Instytutem, odpowiada za strategi\u0119 dzia\u0142ania Instytutu i reprezentuje go na zewn\u0105trz. Realizuje zadania wynikaj\u0105ce z ustawy z dnia 21 listopada 1967 r. o powszechnym obowi\u0105zku obrony Rzeczpospolitej Polskiej oraz zadania zwi\u0105zane z ochron\u0105 danych osobowych zgodnie z rozporz\u0105dzeniem Parlamentu Europejskiego i Rady Europejskiej. Dyrektor dokonuje czynno\u015bci w sprawach z zakresu prawa pracy wobec wszystkich pracownik\u00f3w Instytutu. Udziela informacji o dzia\u0142alno\u015bci Instytutu dla podmiot\u00f3w zewn\u0119trznych, w tym medi\u00f3w.<\/div>\n<div class=\"secondColumnInfo\">\n<p>Marlena Happach<\/p>\n<p>Sekretariat Dyrektora<br \/>\ntel.: <a href=\"tel:+48228269352\"> +48 22 826 93 52<\/a> wew. 111, 148<br \/>\ne-mail: <a href=\"mailto:nid@nid.pl\" target=\"_blank\" rel=\"noopener noreferrer\">nid@nid.pl<\/a><\/p>\n<\/div>\n<p>[\/et_pb_toggle][et_pb_toggle title=&#8221;Zast\u0119pcy Dyrektora&#8221; open_toggle_text_color=&#8221;#e52330&#8243; closed_toggle_text_color=&#8221;#474747&#8243; disabled_on=&#8221;off|off|off&#8221; module_id=&#8221;zastepcydyrektora&#8221; _builder_version=&#8221;4.27.4&#8243; _module_preset=&#8221;default&#8221; title_font=&#8221;|700|||||||&#8221; closed_title_font=&#8221;|700|||||||&#8221; width=&#8221;100%&#8221; custom_margin=&#8221;||10px|||&#8221; global_colors_info=&#8221;{}&#8221;]<\/p>\n<div class=\"title\" id=\"ZCA\"><\/div>\n<div class=\"firstColumnInfo\">Kieruj\u0105 powierzonymi im sprawami i sprawuj\u0105 bie\u017c\u0105cy nadz\u00f3r nad dzia\u0142alno\u015bci\u0105 podleg\u0142ych kom\u00f3rek organizacyjnych. Zast\u0119puj\u0105 Dyrektora podczas jego nieobecno\u015bci. Reprezentuj\u0105 Instytut na zewn\u0105trz w zakresie udzielonego przez Dyrektora upowa\u017cnienia, a tak\u017ce wykonuj\u0105 inne zadania zlecone przez Dyrektora.\n<\/div>\n<div class=\"secondColumnInfo\">\nKarol Czajkowski<br \/>\nNatalia Dzieduszycka<br \/>\nAndrzej Siwek<br \/>\nAnna Zawadzka<\/p>\n<p>Sekretariat Dyrektora<br \/>\ntel.: <a href=\"tel:+48228269352\"> +48 22 826 93 52<\/a> wew. 111, 148<br \/>\ne-mail: <a href=\"mailto:nid@nid.pl\" target=\"_blank\" rel=\"noopener noreferrer\">nid@nid.pl<\/a>\n<\/div>\n<p>[\/et_pb_toggle][et_pb_toggle title=&#8221;G\u0142\u00f3wny Ksi\u0119gowy&#8221; open_toggle_text_color=&#8221;#e52330&#8243; closed_toggle_text_color=&#8221;#474747&#8243; disabled_on=&#8221;off|off|off&#8221; module_id=&#8221;zastepcydyrektora&#8221; _builder_version=&#8221;4.27.4&#8243; _module_preset=&#8221;default&#8221; title_font=&#8221;|700|||||||&#8221; closed_title_font=&#8221;|700|||||||&#8221; width=&#8221;100%&#8221; custom_margin=&#8221;||10px|||&#8221; global_colors_info=&#8221;{}&#8221;]<\/p>\n<div class=\"title\" id=\"GK\"><\/div>\n<div class=\"firstColumnInfo\">Podlega bezpo\u015brednio Dyrektorowi. Prowadzi rachunkowo\u015b\u0107 Instytutu i dysponuje \u015brodkami pieni\u0119\u017cnymi. Dokonuje wst\u0119pnej kontroli zgodno\u015bci operacji gospodarczych i finansowych z planem finansowym. Dokonuje wst\u0119pnej kontroli kompletno\u015bci i rzetelno\u015bci dokument\u00f3w dotycz\u0105cych operacji gospodarczych i finansowych. Opiniuje projekty i realizowane przedsi\u0119wzi\u0119cia gospodarcze oraz przedk\u0142ada w tych sprawach wnioski Dyrektorowi. Bada efektywno\u015b\u0107 ekonomiczn\u0105 oraz zgodno\u015b\u0107 planowania i gospodarowania z og\u00f3lnymi zasadami rachunku ekonomicznego i racjonalnej gospodarki. Ustala zasady prawid\u0142owego sporz\u0105dzania, przyjmowania, obiegu i kontroli dokument\u00f3w finansowych, w spos\u00f3b zapewniaj\u0105cy w\u0142a\u015bciwy przebieg operacji gospodarczych z uwzgl\u0119dnieniem ochrony mienia Instytutu. Sprawuje nadz\u00f3r nad bie\u017c\u0105cym i prawid\u0142owym prowadzeniem rachunkowo\u015bci oraz sporz\u0105dzaniem sprawozda\u0144 finansowych. Prowadzi rozliczenia w zakresie podatk\u00f3w, ubezpiecze\u0144 spo\u0142ecznych i innych obci\u0105\u017ce\u0144 publicznoprawnych.\n<\/div>\n<div class=\"secondColumnInfo\">\nBeata Szczepanek-Zera<\/p>\n<p>Sekretariat Dyrektora<br \/>\ntel.: <a href=\"tel:+48228269352\"> +48 22 826 93 52<\/a> wew. 111, 148<br \/>\ne-mail: <a href=\"mailto:nid@nid.pl\" target=\"_blank\" rel=\"noopener noreferrer\">nid@nid.pl<\/a>\n<\/div>\n<p>[\/et_pb_toggle][et_pb_toggle title=&#8221;Dzia\u0142 Administracji&#8221; open_toggle_text_color=&#8221;#e52330&#8243; closed_toggle_text_color=&#8221;#474747&#8243; disabled_on=&#8221;off|off|off&#8221; module_id=&#8221;zastepcydyrektora&#8221; _builder_version=&#8221;4.27.4&#8243; _module_preset=&#8221;default&#8221; title_font=&#8221;|700|||||||&#8221; closed_title_font=&#8221;|700|||||||&#8221; width=&#8221;100%&#8221; custom_margin=&#8221;||10px|||&#8221; global_colors_info=&#8221;{}&#8221;]<\/p>\n<div class=\"title\" id=\"DADM\"><\/div>\n<div class=\"firstColumnInfo\">Do zada\u0144 dzia\u0142u nale\u017cy:<\/div>\n<div class=\"firstColumnInfo\">1) administrowanie sk\u0142adnikami maj\u0105tku Instytutu, w tym nieruchomo\u015bciami, \u015brodkami trwa\u0142ymi oraz wyposa\u017ceniem;<br \/>2) koordynacja administracyjno-organizacyjna pracy oddzia\u0142\u00f3w i pracowni terenowych;<br \/>3) opracowywanie plan\u00f3w zakup\u00f3w inwestycyjnych oraz prac modernizacyjnych i remontowych, koordynowanie ich realizacji, a tak\u017ce planowanie i zakup sk\u0142adnik\u00f3w maj\u0105tkowych w oparciu o zg\u0142oszone potrzeby kom\u00f3rek organizacyjnych Instytutu;<br \/>4) zapewnienie sprawnego funkcjonowania infrastruktury technicznej, budowlanej, urz\u0105dze\u0144 biurowych i \u015brodk\u00f3w \u0142\u0105czno\u015bci;<br \/>5) organizacja ochrony i ubezpieczenia mienia Instytutu;<br \/>6) prowadzenie sekretariat\u00f3w Instytutu, organizacja spotka\u0144 Dyrektora i jego zast\u0119pc\u00f3w;<br \/>7) organizacja spotka\u0144 i prowadzenie sekretariatu Rady Programowej Instytutu;<br \/>8) obs\u0142uga kancelaryjna poczty Instytutu;<br \/>9) dystrybucja wydawnictw;<br \/>10) prowadzenie spraw zwi\u0105zanych z ochron\u0105 danych osobowych w zakresie okre\u015blonym odr\u0119bnymi przepisami prawa i wewn\u0119trznymi uregulowaniami;<br \/>11) realizacja zada\u0144 obronnych, zarz\u0105dzania kryzysowego i ochrony dziedzictwa kulturowego na wypadek szczeg\u00f3lnych zagro\u017ce\u0144 w zakresie okre\u015blonym odr\u0119bnymi przepisami prawa i wewn\u0119trznymi uregulowaniami;<br \/>12) prowadzenie spraw zwi\u0105zanych z u\u017cywaniem symboli pa\u0144stwowych zgodnie z ustaw\u0105 z dnia 31 stycznia 1980 r. o godle, barwach i hymnie Rzeczypospolitej Polskiej oraz o piecz\u0119ciach pa\u0144stwowych (Dz. U. z 2024 r. poz. 155);<br \/>13) wykonywanie zada\u0144 w zakresie zaopatrzenia w materia\u0142y biurowe i eksploatacyjne;<br \/>14) obs\u0142uga transportowa Instytutu.<\/div>\n<div class=\"secondColumnInfo\">Kierownik<br \/>Iwona Patejuk<br \/>tel.: <a herf=\"tel:+48225515691\">+48 22 55 15 691<\/a><br \/>mobile: <a herf=\"tel:+48605171903\">+48 605 171 903<\/a><br \/>e-mail: <a href=\"mailto:ipatejuk@nid.pl\" target=\"_blank\" rel=\"noopener noreferrer\">ipatejuk@nid.pl<\/a><\/div>\n<p>[\/et_pb_toggle][et_pb_toggle title=&#8221;Dzia\u0142 Archeologii&#8221; open_toggle_text_color=&#8221;#e52330&#8243; closed_toggle_text_color=&#8221;#474747&#8243; disabled_on=&#8221;off|off|off&#8221; _builder_version=&#8221;4.27.4&#8243; _module_preset=&#8221;default&#8221; title_font=&#8221;|700|||||||&#8221; closed_title_font=&#8221;|700|||||||&#8221; width=&#8221;100%&#8221; custom_margin=&#8221;||10px|||&#8221; global_colors_info=&#8221;{}&#8221;]<\/p>\n<div class=\"title\" id=\"DAR\"><\/div>\n<div class=\"firstColumnInfo\">Do zada\u0144 dzia\u0142u nale\u017cy:<\/div>\n<div class=\"firstColumnInfo\">1) opracowywanie i upowszechnianie standard\u00f3w dokumentacji, bada\u0144, konserwacji i post\u0119powa\u0144 z zabytkami archeologicznymi;<br \/>2) monitorowanie i analizowanie zagro\u017ce\u0144 dla dziedzictwa archeologicznego, a tak\u017ce wypracowywanie metod przeciwdzia\u0142ania takim zagro\u017ceniom;<br \/>3) przygotowywanie na rzecz organ\u00f3w administracji publicznej opinii i ekspertyz dotycz\u0105cych dzia\u0142a\u0144 przy zabytkach archeologicznych;<br \/>4) przygotowywanie opracowa\u0144 studialnych i innych dokument\u00f3w dotycz\u0105cych zabytk\u00f3w archeologicznych, a tak\u017ce prowadzenie lub udzia\u0142 w projektach naukowo-badawczych i konserwatorskich dotycz\u0105cych dziedzictwa archeologicznego oraz upowszechnianie ich wynik\u00f3w;<br \/>5) udzia\u0142, w zakresie dotycz\u0105cym zabytk\u00f3w archeologicznych, w opracowaniu planu rozwoju sieci magazyn\u00f3w;<br \/>6) realizacja porozumie\u0144 dotycz\u0105cych dziedzictwa archeologicznego;<br \/>7) udzia\u0142, w zakresie dziedzictwa archeologicznego, w prowadzeniu cyfrowego systemu danych o dziedzictwie kulturowym, w tym danych geolokalizacyjnych, oraz w digitalizacji i udost\u0119pnianiu danych o zabytkach.<\/div>\n<div class=\"secondColumnInfo\">Kierownik<br \/>Jakub Wrzosek<br \/>tel.: <a href=\"\/en\/tel.+48228260239\/\">+48 22 826 02 39<\/a> wew. 115<br \/>mobile: <a herf=\"tel:+48506364427\">+48 506 364 427<\/a><br \/>e-mail: <a href=\"mailto:jwrzosek@nid.pl\" target=\"_blank\" rel=\"noopener noreferrer\">jwrzosek@nid.pl<\/a><\/div>\n<p>[\/et_pb_toggle][et_pb_toggle title=&#8221;Dzia\u0142 Architektury&#8221; open_toggle_text_color=&#8221;#e52330&#8243; closed_toggle_text_color=&#8221;#474747&#8243; disabled_on=&#8221;off|off|off&#8221; _builder_version=&#8221;4.27.4&#8243; _module_preset=&#8221;default&#8221; title_font=&#8221;|700|||||||&#8221; closed_title_font=&#8221;|700|||||||&#8221; width=&#8221;100%&#8221; custom_margin=&#8221;||10px|||&#8221; global_colors_info=&#8221;{}&#8221;]<\/p>\n<div class=\"title\" id=\"DA\"><\/div>\n<div class=\"firstColumnInfo\">\n<p>Do zada\u0144 dzia\u0142u nale\u017cy:<br \/>1) opracowywanie i upowszechnianie standard\u00f3w post\u0119powania konserwatorskiego w zakresie ochrony zabytk\u00f3w nieruchomych, w szczeg\u00f3lno\u015bci uk\u0142ad\u00f3w urbanistycznych i obiekt\u00f3w architektonicznych;<br \/>2) przygotowywanie na rzecz organ\u00f3w administracji publicznej, we wsp\u00f3\u0142pracy z odpowiednimi oddzia\u0142ami terenowymi, specjalistycznych opinii i ekspertyz dotycz\u0105cych ochrony zabytk\u00f3w nieruchomych;<br \/>3) gromadzenie danych na temat warto\u015bciowania oraz wykonywanie analiz historycznych, prac studialnych i koncepcyjnych na temat zabytk\u00f3w nieruchomych, ich zespo\u0142\u00f3w oraz obszar\u00f3w zabytkowych;<br \/>4) przygotowywanie i koordynowanie dzia\u0142a\u0144 zwi\u0105zanych z ocen\u0105 stanu zachowania zasobu zabytkowego;<br \/>5) monitorowanie i analizowanie zagro\u017ce\u0144 dla zabytk\u00f3w nieruchomych, a tak\u017ce wypracowywanie metod przeciwdzia\u0142ania tym zagro\u017ceniom;<br \/>6) opracowanie og\u00f3lnopolskich raport\u00f3w na potrzeby kreowania polityki konserwatorskiej pa\u0144stwa (m.in. wyra\u017canej w kolejnych Krajowych Programach Ochrony Zabytk\u00f3w).<\/p>\n<p>W ramach Dzia\u0142u Architektury dzia\u0142a <strong>Sekcja Pomnik\u00f3w Historii.<\/strong><\/p>\n<\/div>\n<div class=\"secondColumnInfo\">Kierownik<br \/>Maciej Warcho\u0142<br \/>tel.: <a href=\"\/en\/tel.+48225515580\/\">+48 22 55 15 580<\/a><br \/>e-mail: <a href=\"mailto:mwarchol@nid.pl\" target=\"_blank\" rel=\"noopener noreferrer\">mwarchol@nid.pl<\/a><\/div>\n<p>[\/et_pb_toggle][et_pb_toggle title=&#8221;Sekcja Pomnik\u00f3w Historii&#8221; open_toggle_text_color=&#8221;#e52330&#8243; closed_toggle_text_color=&#8221;#474747&#8243; disabled_on=&#8221;off|off|off&#8221; _builder_version=&#8221;4.27.4&#8243; _module_preset=&#8221;default&#8221; title_font=&#8221;|700|||||||&#8221; closed_title_font=&#8221;|600|||||||&#8221; width=&#8221;100%&#8221; custom_margin=&#8221;||10px|||&#8221; custom_padding=&#8221;|||50px||&#8221; global_colors_info=&#8221;{}&#8221;]<\/p>\n<div class=\"title\" id=\"SPH\"><\/div>\n<div class=\"firstColumnInfo\">\n<p>Do zada\u0144 sekcji nale\u017cy:<br \/>1) koordynacja procedury rozpatrywania wniosku kierowanego do Ministra o uznanie przez Prezydenta RP zabytku nieruchomego za pomniki historii, w tym formalna i merytoryczna weryfikacja wniosku, wydanie opinii co do zasadno\u015bci wniosku, przygotowanie projektu rozporz\u0105dzenia Prezydenta RP o uznaniu za pomnik historii;<br \/>2) gromadzenie i opracowywanie danych z monitorowania stanu zachowania i sposobu zarz\u0105dzania pomnikami historii;<br \/>3) podejmowanie wsp\u00f3\u0142pracy z w\u0142a\u015bcicielami lub zarz\u0105dcami pomnik\u00f3w historii na rzecz w\u0142a\u015bciwego sprawowania opieki i zarz\u0105dzania ww. zabytkami;<br \/>4) opracowywanie tekst\u00f3w dotycz\u0105cych pomnik\u00f3w historii do publikacji i serwis\u00f3w internetowych Instytutu.<\/p>\n<\/div>\n<div class=\"secondColumnInfo\">Kierownik<br \/>Anna Hanaka<br \/>tel.: <a href=\"tel:+48225515667\">+48 22 55 15 667<\/a><br \/>e-mail: <a href=\"mailto:ahanaka@nid.pl\" target=\"_blank\" rel=\"noopener noreferrer\">ahanaka@nid.pl<\/a><\/div>\n<p>[\/et_pb_toggle][et_pb_toggle title=&#8221;Dzia\u0142 Bezpiecze\u0144stwa Zabytk\u00f3w&#8221; open_toggle_text_color=&#8221;#e52330&#8243; closed_toggle_text_color=&#8221;#474747&#8243; disabled_on=&#8221;off|off|off&#8221; _builder_version=&#8221;4.27.4&#8243; _module_preset=&#8221;default&#8221; title_font=&#8221;|700|||||||&#8221; closed_title_font=&#8221;|700|||||||&#8221; width=&#8221;100%&#8221; custom_margin=&#8221;||10px|||&#8221; global_colors_info=&#8221;{}&#8221;]<\/p>\n<div class=\"title\" id=\"DBZ\"><\/div>\n<div class=\"firstColumnInfo\">\n<p>Do zada\u0144 dzia\u0142u nale\u017cy:<br \/>1) nawi\u0105zywanie relacji i prowadzenie wsp\u00f3lnych dzia\u0142a\u0144 z podmiotami zewn\u0119trznymi w zakresie bezpiecze\u0144stwa dziedzictwa kulturowego w kraju i za granic\u0105;<br \/>2) monitorowanie bie\u017c\u0105cej sytuacji i proponowanie rozwi\u0105za\u0144 w zakresie ochrony dziedzictwa kulturowego w kraju i za granic\u0105, w szczeg\u00f3lno\u015bci w obliczu konflikt\u00f3w zbrojnych, kl\u0119sk \u017cywio\u0142owych i sytuacji kryzysowych;<br \/>3) komunikowanie i podnoszenie \u015bwiadomo\u015bci spo\u0142ecznej w dziedzinie warto\u015bci dziedzictwa kulturowego, a tak\u017ce zagro\u017ce\u0144 dla jego ochrony;<br \/>4) wypracowywanie metod przeciwdzia\u0142ania zagro\u017ceniom dla dziedzictwa materialnego i niematerialnego, w tym prowadzenie i koordynowanie dzia\u0142a\u0144 zwi\u0105zanych z jego dokumentowaniem i zabezpieczaniem na wypadek kl\u0119ski \u017cywio\u0142owej lub konflikt\u00f3w zbrojnych;<br \/>5) prowadzenie \u2013 w zakresie powierzonym przez Ministra \u2013 post\u0119powa\u0144 administracyjnych w przedmiocie pozwolenia na przyw\u00f3z zabytk\u00f3w do kraju i ich wyw\u00f3z za granic\u0119 obejmuj\u0105ce:<\/p>\n<p style=\"padding-left: 40px;\">a) realizacji Konwencji UNESCO z 1970 r. dotycz\u0105cej \u015brodk\u00f3w zmierzaj\u0105cych do zakazu i zapobiegania nielegalnemu przywozowi, wywozowi i przenoszeniu w\u0142asno\u015bci d\u00f3br kultury (Dz. U. z 1974 r. poz. 106),<br \/>b) realizacji rozporz\u0105dzenia Rady (WE) nr 116\/2009 z dnia 18 grudnia 2008 r. w sprawie wywozu d\u00f3br kultury oraz rozporz\u0105dzenia wykonawczego Komisji (UE) nr 1081\/2012 z dnia 9 listopada 2012 r. do cel\u00f3w rozporz\u0105dzenia Rady (WE) nr 116\/2009 w sprawie wywozu d\u00f3br kultury,<br \/>c) realizacji rozporz\u0105dzenia Parlamentu Europejskiego i Rady (UE) nr 2019\/880 z dnia 17 kwietnia 2019 r. w sprawie wprowadzania i przywozu d\u00f3br kultury (Dz. Urz. UE L 151 z 07.06.2019 r., s. 1),<br \/>d) uczestnictwa w pracach Dyrekcji Generalnej ds. podatk\u00f3w i Unii Celnej przy Komisji Europejskiej (TAXUD) oraz Komitetu do spraw wywozu oraz przywozu d\u00f3br kultury, dzia\u0142aj\u0105cego przy Komisji Europejskiej;<\/p>\n<p>6) wsp\u00f3\u0142dzia\u0142anie ze s\u0142u\u017cbami mundurowymi \u2013 w szczeg\u00f3lno\u015bci Policj\u0105, Krajow\u0105 Administracj\u0105 Skarbow\u0105, Stra\u017c\u0105 Graniczn\u0105 oraz prokuratur\u0105 \u2013 a tak\u017ce prowadzenie spraw zwi\u0105zanych ze wsp\u00f3\u0142prac\u0105 mi\u0119dzynarodow\u0105 w celu wype\u0142niania zobowi\u0105za\u0144 prawa europejskiego i mi\u0119dzynarodowego w zakresie zapobiegania i zwalczania przest\u0119pczo\u015bci skierowanej przeciwko dziedzictwu kulturowemu.<\/p>\n<\/div>\n<div class=\"secondColumnInfo\">Kierownik<br \/>Monika O\u015bkiewicz<br \/>tel.: <a href=\"tel:+48225515755\">+48 22 55 15 755<\/a><br \/>mobile: <a href=\"tel:+48572001349\">+48 572 001 349<\/a><br \/>e-mail: <a href=\"mailto:moskiewicz@nid.pl\" target=\"_blank\" rel=\"noopener noreferrer\">moskiewicz@nid.pl<\/a><\/div>\n<p>[\/et_pb_toggle][et_pb_toggle title=&#8221;Dzia\u0142 Danych Cyfrowych&#8221; open_toggle_text_color=&#8221;#e52330&#8243; closed_toggle_text_color=&#8221;#474747&#8243; disabled_on=&#8221;off|off|off&#8221; _builder_version=&#8221;4.27.4&#8243; _module_preset=&#8221;default&#8221; title_font=&#8221;|700|||||||&#8221; closed_title_font=&#8221;|700|||||||&#8221; width=&#8221;100%&#8221; custom_margin=&#8221;||10px|||&#8221; global_colors_info=&#8221;{}&#8221;]<\/p>\n<div class=\"title\" id=\"DDC\"><\/div>\n<div class=\"firstColumnInfo\">\n<p>Do zada\u0144 dzia\u0142u nale\u017cy:<br \/>1) zarz\u0105dzanie Centraln\u0105 Baz\u0105 Danych o Zabytkach, gromadzenie i przechowywanie zgromadzonych w niej danych cyfrowych;<br \/>2) udost\u0119pnianie zdigitalizowanych materia\u0142\u00f3w;<br \/>3) administrowanie serwisami internetowymi publikuj\u0105cymi zdigitalizowane dane o zabytkach;<br \/>4) wsp\u00f3\u0142praca z instytucjami krajowymi w zakresie danych przestrzennych dotycz\u0105cych zabytk\u00f3w;<br \/>5) koordynowanie dzia\u0142a\u0144 Instytutu zwi\u0105zanych z rozbudow\u0105 baz danych, stron internetowych i repozytori\u00f3w;<br \/>6) wdra\u017canie nowych technologii w zakresie tworzenia baz danych o zabytkach oraz digitalizacji;<br \/>7) prowadzenie projekt\u00f3w digitalizacyjnych w zakresie kompetencji dzia\u0142u.<\/p>\n<\/div>\n<div class=\"secondColumnInfo\">Kierownik<br \/>Grzegorz Urba\u0144ski<br \/>tel.: <a href=\"tel:+48225515662\">+48 22 55 15 662<\/a><br \/>e-mail: <a href=\"mailto:gurbanski@nid.pl\" target=\"_blank\" rel=\"noopener noreferrer\">gurbanski@nid.pl<\/a><\/div>\n<p>[\/et_pb_toggle][et_pb_toggle title=&#8221;Dzia\u0142 Digitalizacji&#8221; open_toggle_text_color=&#8221;#e52330&#8243; closed_toggle_text_color=&#8221;#474747&#8243; disabled_on=&#8221;off|off|off&#8221; _builder_version=&#8221;4.27.4&#8243; _module_preset=&#8221;default&#8221; title_font=&#8221;|700|||||||&#8221; closed_title_font=&#8221;|700|||||||&#8221; width=&#8221;100%&#8221; custom_margin=&#8221;||10px|||&#8221; global_colors_info=&#8221;{}&#8221;]<\/p>\n<div class=\"title\" id=\"DD\"><\/div>\n<div class=\"firstColumnInfo\">Do zada\u0144 dzia\u0142u nale\u017cy:<br \/>1) monitorowanie i rejestrowanie stanu istniej\u0105cego zachowania zabytk\u00f3w oraz wdra\u017canie nowych rozwi\u0105za\u0144 technologicznych w zakresie pomiar\u00f3w, wizualizacji i publikacji cyfrowej zabytk\u00f3w nieruchomych, ruchomych oraz dziedzictwa niematerialnego;<br \/>2) prowadzenie prac digitalizacyjnych zwi\u0105zanych z zabytkami architektury i archeologii, w tym inwentaryzacja metodami cyfrowymi, a tak\u017ce wspomaganie innych kom\u00f3rek organizacyjnych Instytutu w pracach badawczych;<br \/>3) wdra\u017canie zmian technologicznych dotycz\u0105cych technik i metod digitalizacji obiekt\u00f3w architektury zabytkowej oraz wskazywanie dobrych praktyk i metodologii dla wykonywania i publikowania cyfrowej dokumentacji dziedzictwa.<br \/>4) koordynacja dzia\u0142a\u0144 Centrum Kompetencji ds. Digitalizacji w Narodowym Instytucie Dziedzictwa, kt\u00f3rego zadania realizuj\u0105 wyznaczeni pracownicy w dziale oraz w poszczeg\u00f3lnych jednostkach struktury Instytutu.<\/div>\n<div class=\"secondColumnInfo\">Kierownik<br \/>Ryszard Zimek<br \/>tel.: <a href=\"tel:+48225515783\">+48 22 55 15 783<\/a><br \/>e-mail: <a href=\"mailto:rzimek@nid.pl\" target=\"_blank\" rel=\"noopener noreferrer\">rzimek@nid.pl<\/a><\/div>\n<p>[\/et_pb_toggle][et_pb_toggle title=&#8221;Dzia\u0142 Dokumentacji Archiwalnej&#8221; open_toggle_text_color=&#8221;#e52330&#8243; closed_toggle_text_color=&#8221;#474747&#8243; disabled_on=&#8221;off|off|off&#8221; _builder_version=&#8221;4.27.4&#8243; _module_preset=&#8221;default&#8221; title_font=&#8221;|700|||||||&#8221; closed_title_font=&#8221;|700|||||||&#8221; width=&#8221;100%&#8221; custom_margin=&#8221;||10px|||&#8221; global_colors_info=&#8221;{}&#8221;]<\/p>\n<div class=\"title\" id=\"DDA\"><\/div>\n<div class=\"firstColumnInfo\">\n<p>Do zada\u0144 dzia\u0142u nale\u017cy:<br \/>1) zarz\u0105dzanie zasobami archiwalnymi Instytutu, w tym ich opracowywanie, ewidencjonowanie oraz przechowywanie;<br \/>2) prowadzenie zbioru materia\u0142\u00f3w fotograficznych (fototeki) Instytutu;<br \/>3) porz\u0105dkowanie, ewidencjonowanie, przechowywanie zabezpieczanie i udost\u0119pnianie u\u017cyczonych materia\u0142\u00f3w archiwalnych;<br \/>4) digitalizacja zasob\u00f3w archiwalnych oraz wdra\u017canie zmian technologicznych dotycz\u0105cych technik i metod digitalizacji materia\u0142\u00f3w p\u0142askich;<br \/>5) wsp\u00f3\u0142dzia\u0142anie z Naczeln\u0105 Dyrekcj\u0105 Archiw\u00f3w Pa\u0144stwowych i archiwum pa\u0144stwowym sprawuj\u0105cym nadz\u00f3r nad zasobem archiwalnym Instytutu;<br \/>6) prowadzenie archiwum zak\u0142adowego Instytutu;<br \/>7) udost\u0119pnianie zasobu archiwalnego zainteresowanym podmiotom.<\/p>\n<\/div>\n<div class=\"secondColumnInfo\">Kierownik<br \/>Katarzyna Ciemi\u0119ga<br \/>tel.: <a href=\"tel:+48222860239\">+48 22 826 02 39<\/a> wew. 120<br \/>e-mail: <a href=\"mailto:kciemiega@nid.pl\" target=\"_blank\" rel=\"noopener noreferrer\">kciemiega@nid.pl<\/a><\/div>\n<p>[\/et_pb_toggle][et_pb_toggle title=&#8221;Dzia\u0142 Finans\u00f3w&#8221; open_toggle_text_color=&#8221;#e52330&#8243; closed_toggle_text_color=&#8221;#474747&#8243; disabled_on=&#8221;off|off|off&#8221; _builder_version=&#8221;4.27.4&#8243; _module_preset=&#8221;default&#8221; title_font=&#8221;|700|||||||&#8221; closed_title_font=&#8221;|700|||||||&#8221; width=&#8221;100%&#8221; custom_margin=&#8221;||10px|||&#8221; global_colors_info=&#8221;{}&#8221;]<\/p>\n<div class=\"title\" id=\"DF\"><\/div>\n<div class=\"firstColumnInfo\">\n<p>Do zada\u0144 dzia\u0142u nale\u017cy:<br \/>1) realizowanie zasad gospodarki finansowej i rachunkowo\u015bci, w szczeg\u00f3lno\u015bci poprzez:<\/p>\n<p>&nbsp;<\/p>\n<p style=\"padding-left: 40px;\">a) prowadzenie gospodarki finansowej przy przestrzeganiu zasad rozlicze\u0144 pieni\u0119\u017cnych i zapewnieniu nale\u017cytej ochrony warto\u015bci pieni\u0119\u017cnych, terminowego \u015bci\u0105gania nale\u017cno\u015bci i dochodzenia roszcze\u0144 oraz wywi\u0105zywaniu si\u0119 ze zobowi\u0105za\u0144 finansowych;<br \/>b) prawid\u0142owe i rzetelne prowadzenie ksi\u0105g rachunkowych zgodnie z ustaw\u0105 o rachunkowo\u015bci, wycena aktyw\u00f3w i pasyw\u00f3w oraz ustalanie wyniku finansowego, sporz\u0105dzanie sprawozda\u0144 finansowych, obs\u0142uga sprawozdawczo\u015bci do GUS;<br \/>c) wsp\u00f3\u0142prac\u0119 z ministerstwem nadzoruj\u0105cym Instytut w zakresie uzgodnie\u0144 i akceptacji plan\u00f3w rzeczowo-finansowych oraz innych wydatk\u00f3w celowych finansowanych z bud\u017cetu pa\u0144stwa;<br \/>d) planowanie rzeczowo-finansowe Instytutu;<br \/>e) prowadzenie ewidencji \u015brodk\u00f3w trwa\u0142ych i warto\u015bci niematerialnych i prawnych oraz rozliczanie inwentaryzacji okresowych;<br \/>f) sporz\u0105dzanie deklaracji podatkowych, w szczeg\u00f3lno\u015bci: VAT, PIT, CIT, PCC;<br \/>g) realizacja przelew\u00f3w krajowych i zagranicznych i obs\u0142uga dokumentacji bankowej, obs\u0142uga kasy z\u0142ot\u00f3wkowej oraz dewizowej Instytutu;<br \/>h) wystawianie faktur sprzeda\u017cy, not obci\u0105\u017ceniowych i koryguj\u0105cych zwi\u0105zanych z dzia\u0142alno\u015bci\u0105 Instytutu;<br \/>i) weryfikacja pod wzgl\u0119dem formalno-rachunkowym dowod\u00f3w ksi\u0119gowych Instytutu i wsp\u00f3\u0142praca z kom\u00f3rkami organizacyjnymi Instytutu w zakresie kontroli zgodno\u015bci finansowej z ewidencj\u0105 ksi\u0119gow\u0105;<br \/>j) rozliczanie delegacji krajowych i zagranicznych pracownik\u00f3w, go\u015bci i partner\u00f3w Instytutu;<br \/>k) uzgadnianie zakup\u00f3w bibliotecznych;<br \/>l) rozliczanie nagr\u00f3d w konkursach;<br \/>m) wsp\u00f3\u0142praca z bieg\u0142ym rewidentem;<\/p>\n<p>2) realizowanie zada\u0144 z zakresu rachuby p\u0142ac, w szczeg\u00f3lno\u015bci poprzez:<\/p>\n<p style=\"padding-left: 40px;\">a) terminowe naliczanie oraz wyp\u0142at\u0119 wynagrodze\u0144 i innych \u015bwiadcze\u0144 pracownikom Instytutu;<br \/>b) naliczanie i sporz\u0105dzanie list wyp\u0142at na podstawie rachunk\u00f3w do zawartych um\u00f3w zlecenia i um\u00f3w o dzie\u0142o;<br \/>c) sporz\u0105dzanie miesi\u0119cznych i rocznych deklaracji podatkowych i rozliczeniowych dotycz\u0105cych os\u00f3b fizycznych (w tym w szczeg\u00f3lno\u015bci PIT, ZUS, GUS, RUD).<\/p>\n<p>3) realizowanie zada\u0144 z zakresu rozlicze\u0144 i analizy finansowej, w szczeg\u00f3lno\u015bci poprzez:<\/p>\n<p style=\"padding-left: 40px;\">a) koordynacja rozlicze\u0144 otrzymanych dotacji, w tym wsp\u00f3\u0142praca z jednostkami Instytutu odpowiedzialnymi merytorycznie za realizacj\u0119 dofinansowania oraz w\u0142a\u015bciwymi jednostkami organizacyjnymi Ministerstwa Kultury i Dziedzictwa Narodowego;<br \/>b) udzia\u0142 w opracowywaniu plan\u00f3w rzeczowo-finansowych i harmonogram\u00f3w poszczeg\u00f3lnych program\u00f3w oraz sk\u0142adanie odpowiednich wniosk\u00f3w w Systemie Obs\u0142ugi Kultury;<br \/>c) przygotowywanie pod wzgl\u0119dem formalnym i finansowym projekt\u00f3w um\u00f3w o dotacje, wprowadzanie w nich zmian i aktualizacji;<br \/>d) kontrola formalna i finansowa realizacji oraz weryfikowanie dokument\u00f3w finansowych, wniosk\u00f3w, um\u00f3w pod wzgl\u0119dem zgodno\u015bci z bud\u017cetem otrzymanego dofinansowania oraz za\u0142o\u017conymi \u017ar\u00f3d\u0142ami finansowania;<br \/>e) udzia\u0142 w pracach zwi\u0105zanych z opracowaniem rocznego bud\u017cetu, w tym rocznych bud\u017cet\u00f3w zadaniowych, plan\u00f3w rzeczowo-finansowych poszczeg\u00f3lnych kom\u00f3rek organizacyjnych, opracowywanie wska\u017anik\u00f3w i monitorowanie ich wykonania oraz udzia\u0142 w sporz\u0105dzaniu sprawozdawczo\u015bci Instytutu;<br \/>f) obs\u0142uga wydatkowania \u015brodk\u00f3w, bie\u017c\u0105ce zarz\u0105dzanie kosztami, monitorowanie i nadz\u00f3r wykorzystania \u015brodk\u00f3w na poziomie kom\u00f3rek organizacyjnych (cykliczne przegl\u0105dy bud\u017cetowe);<br \/>g) opracowywanie dora\u017anych, bie\u017c\u0105cych i okresowych analiz finansowych;<br \/>h) prowadzenie rejestru um\u00f3w, w tym um\u00f3w sprzeda\u017cy, u\u017cyczenia, us\u0142ugowych, wykonawczych, licencyjnych, zlecenia, o dzie\u0142o oraz porozumie\u0144 o wsp\u00f3\u0142pracy.<\/p>\n<\/div>\n<div class=\"secondColumnInfo\">Kierownik<br \/>Barbara B\u0105ka\u0142a<br \/>tel.: <a href=\"tel:+48225515562\">+48 22 55 15 562<\/a><br \/>mobile: <a href=\"tel:+48572505310\">+48 572 505 310<\/a><br \/>e-mail: <a href=\"mailto:bbakala@nid.pl\" target=\"_blank\" rel=\"noopener noreferrer\">bbakala@nid.pl<\/a><\/div>\n<p>[\/et_pb_toggle][et_pb_toggle title=&#8221;Dzia\u0142 Informatyki&#8221; open_toggle_text_color=&#8221;#e52330&#8243; closed_toggle_text_color=&#8221;#474747&#8243; disabled_on=&#8221;off|off|off&#8221; _builder_version=&#8221;4.27.4&#8243; _module_preset=&#8221;default&#8221; title_font=&#8221;|700|||||||&#8221; closed_title_font=&#8221;|700|||||||&#8221; width=&#8221;100%&#8221; custom_margin=&#8221;||10px|||&#8221; global_colors_info=&#8221;{}&#8221;]<\/p>\n<div class=\"title\" id=\"DIT\"><\/div>\n<div class=\"firstColumnInfo\">Do zada\u0144 dzia\u0142u nale\u017cy:<br \/>\n1) opracowywanie i wdra\u017canie strategii rozwoju i funkcjonowania system\u00f3w teleinformatycznych;<br \/>\n2) opracowywanie i wdra\u017canie zasad i procedur zwi\u0105zanych z zarz\u0105dzaniem bezpiecze\u0144stwem informacji w systemach teleinformatycznych Instytutu;<br \/>\n3) zapewnienie ci\u0105g\u0142ego funkcjonowania sieci oraz sprawnego, pod wzgl\u0119dem technicznym i u\u017cytkowym, funkcjonowania infrastruktury technicznej, informatycznej, urz\u0105dze\u0144 biurowych i teletechnicznych;<br \/>\n4) zapewnienie bezpiecze\u0144stwa system\u00f3w u\u017cytku wewn\u0119trznego, w tym w szczeg\u00f3lno\u015bci okresowe kontrolowanie, przechowywanie kopii zapasowych i zapewnienie zaplecza technicznego do przechowywania kopii cyfrowych materia\u0142\u00f3w archiwalnych wytwarzanych w procesach digitalizacji;<br \/>\n5) bie\u017c\u0105ca obs\u0142uga kom\u00f3rek organizacyjnych Instytutu w zakresie wsparcia technicznego w ramach infrastruktury teleinformatycznej, sprz\u0119tu komputerowego i oprogramowania, doradztwo i instrukta\u017c stanowiskowy;<br \/>\n6) monitorowanie zasob\u00f3w Instytutu w zakresie sprz\u0119tu teleinformatycznego, kontrola sposobu ich wykorzystywania oraz prowadzenie dokumentacji technicznej w tym zakresie;<br \/>\n7) okre\u015blanie i planowanie potrzeb w zakresie oprogramowania sieciowego, sprz\u0119tu sieciowego i komputerowego, organizacja zakup\u00f3w (w tym prowadzenie post\u0119powa\u0144 przetargowych), a tak\u017ce instalowanie i konfiguracja oprogramowania, wdro\u017cenie i eksploatacja us\u0142ug informatycznych;<br \/>\n8) administrowanie zintegrowanymi \u015brodowiskami informatycznymi (np. system biblioteczny, systemy FK oraz EZD, optima, e-nova itd.);<br \/>\n9) prowadzenie polityki licencyjnej oprogramowania;<br \/>\n10) realizacja zada\u0144 zwi\u0105zanych z hostingiem stron internetowych Instytutu.<\/div>\n<div class=\"secondColumnInfo\">Kierownik<br \/>\nMateusz Zawadzki<br \/>\ntel.: <a href=\"tel:+48222860239\">+48 22 826 02 39<\/a> wew. 126<br \/>\nmobile: <a href=\"tel:+48798291888\">+48 798 291 888<\/a><br \/>\ne-mail: <a href=\"mailto:mzawadzki@nid\" target=\"_blank\" rel=\"noopener noreferrer\">mzawadzki@nid<\/a><\/div>\n<p>[\/et_pb_toggle][et_pb_toggle title=&#8221;Dzia\u0142 Kadr&#8221; open_toggle_text_color=&#8221;#e52330&#8243; closed_toggle_text_color=&#8221;#474747&#8243; disabled_on=&#8221;off|off|off&#8221; _builder_version=&#8221;4.27.4&#8243; _module_preset=&#8221;default&#8221; title_font=&#8221;|700|||||||&#8221; closed_title_font=&#8221;|700|||||||&#8221; width=&#8221;100%&#8221; custom_margin=&#8221;||10px|||&#8221; global_colors_info=&#8221;{}&#8221;]<\/p>\n<div class=\"title\" id=\"DK\"><\/div>\n<div class=\"firstColumnInfo\">\n<p>Do zada\u0144 dzia\u0142u nale\u017cy:<br \/>1) koordynacja realizacji polityki p\u0142acowo-kadrowej, w tym m.in. prowadzenie spraw wynikaj\u0105cych z nawi\u0105zania, trwania, zmian i ustania stosunku pracy pracownik\u00f3w Instytutu (w tym w szczeg\u00f3lno\u015bci prowadzenie: akt osobowych, ewidencji czasu pracy, urlop\u00f3w, zwolnienia od pracy itp.);<br \/>2) wsp\u00f3\u0142dzia\u0142anie z innymi kom\u00f3rkami organizacyjnymi przy opracowywaniu wewn\u0119trznych akt\u00f3w prawnych, prowadzenie i udost\u0119pnianie pracownikom zbioru przepis\u00f3w i dokument\u00f3w organizacyjnych dotycz\u0105cych Instytutu;<br \/>3) komunikacja z Zak\u0142adem Ubezpiecze\u0144 Spo\u0142ecznych w zakresie rejestrowania i wyrejestrowywania pracownik\u00f3w;<br \/>4) realizacja obowi\u0105zk\u00f3w pracodawcy wynikaj\u0105cych z przepis\u00f3w powszechnie obowi\u0105zuj\u0105cych, w tym w szczeg\u00f3lno\u015bci do ZUS, GUS, PFRON;<br \/>5) nadz\u00f3r nad przestrzeganiem dyscypliny pracy i rozliczaniem czasu pracy;<br \/>6) organizowanie kszta\u0142cenia, szkolenia i doskonalenia zawodowego pracownik\u00f3w;<br \/>7) prowadzenie rekrutacji na wolne stanowiska pracy, a tak\u017ce organizacja praktyk studenckich, wolontariatu i sta\u017cy;<br \/>8) prowadzenie rejestru krajowych i zagranicznych delegacji s\u0142u\u017cbowych pracownik\u00f3w;<br \/>9) koordynacja spraw zwi\u0105zanych z udzia\u0142em pracownik\u00f3w i os\u00f3b z kt\u00f3rymi zawarto umowy cywilnoprawne w Pracowniczych Planach Kapita\u0142owych czy innych programach tego rodzaju;<br \/>10) realizowanie zada\u0144 bezpiecze\u0144stwa i higieny pracy okre\u015blonych przepisami Kodeksu pracy i rozporz\u0105dzenia Rady Ministr\u00f3w z dnia 2 wrze\u015bnia 1997 r. w sprawie s\u0142u\u017cby bezpiecze\u0144stwa i higieny pracy (Dz. U. z 1997 r. Nr 109 poz. 704 ze zm.);<br \/>11) obs\u0142uga Zak\u0142adowego Funduszu \u015awiadcze\u0144 Socjalnych.<\/p>\n<\/div>\n<div class=\"secondColumnInfo\">Kierownik<br \/>El\u017cbieta Pawlak<br \/>tel.: <a href=\"tel:+48225515564\">+48 22 55 15 564<\/a><br \/>e-mail: <a href=\"mailto:epawlak@nid.pl\" target=\"_blank\" rel=\"noopener noreferrer\">epawlak@nid.pl<\/a><\/div>\n<p>[\/et_pb_toggle][et_pb_toggle title=&#8221;Dzia\u0142 Komunikacji&#8221; open_toggle_text_color=&#8221;#e52330&#8243; closed_toggle_text_color=&#8221;#474747&#8243; disabled_on=&#8221;off|off|off&#8221; _builder_version=&#8221;4.27.4&#8243; _module_preset=&#8221;default&#8221; title_font=&#8221;|700|||||||&#8221; closed_title_font=&#8221;|700|||||||&#8221; width=&#8221;100%&#8221; custom_margin=&#8221;||10px|||&#8221; global_colors_info=&#8221;{}&#8221; custom_padding=&#8221;20px|||||&#8221;]<\/p>\n<div class=\"title\" id=\"DKM\"><\/div>\n<div class=\"firstColumnInfo\">\n<p>Do zada\u0144 dzia\u0142u nale\u017cy:<br \/>\n1) opracowywanie i realizacja strategii informacyjnej, komunikacyjnej i promocyjnej (w tym reklamowej i marketingowej) Instytutu;<br \/>\n2) budowa identyfikacji wizualnej Instytutu, w tym tworzenie i aktualizacja ksi\u0119gi identyfikacji;<br \/>\n3) opracowywanie materia\u0142\u00f3w graficznych (w tym animacji, infografik i innych dynamicznych element\u00f3w multimedialnych) na potrzeby wydarze\u0144, kampanii promocyjnych, materia\u0142\u00f3w reklamowych, stron internetowych, medi\u00f3w spo\u0142eczno\u015bciowych oraz innych kana\u0142\u00f3w komunikacji;<br \/>\n4) produkcja materia\u0142\u00f3w promocyjnych oraz przygotowywanie w tym zakresie specyfikacji do zam\u00f3wie\u0144 i um\u00f3w;<br \/>\n5) realizacja spot\u00f3w promocyjnych z wydarze\u0144 Instytutu;<br \/>\n6) wsp\u00f3\u0142praca z pozosta\u0142ymi kom\u00f3rkami organizacyjnymi Instytutu w zakresie przygotowania plan\u00f3w oraz realizacji wydarze\u0144 zwi\u0105zanych z promocj\u0105 Instytutu, tj. wystaw, konferencji, warsztat\u00f3w;.<br \/>\n7) koordynacja realizacji zada\u0144 wynikaj\u0105cych z przepis\u00f3w o dost\u0119pie do informacji publicznej;<br \/>\n8) koordynacja dzia\u0142a\u0144 w zakresie dost\u0119pno\u015bci stron internetowych Instytutu;<br \/>\n9) obs\u0142uga medialna i prasowa Instytutu, w tym prowadzenie webinar\u00f3w oraz organizacja konferencji prasowych;<br \/>\n10) koordynacja serwis\u00f3w internetowych, prowadzenie, aktualizacja i redakcja stron internetowych (w tym BIP) oraz prowadzenie kana\u0142\u00f3w komunikacyjnych w serwisach spo\u0142eczno\u015bciowych, z wy\u0142\u0105czeniem serwis\u00f3w i ich dzia\u0142\u00f3w, kt\u00f3re maj\u0105 w\u0142asnych redaktor\u00f3w tre\u015bci we w\u0142a\u015bciwych kom\u00f3rkach organizacyjnych Instytutu;<br \/>\n11) monitorowanie obecno\u015bci spraw z zakresu dziedzictwa kulturowego w \u015brodkach spo\u0142ecznego przekazu oraz opracowanie codziennego przegl\u0105du medi\u00f3w;<br \/>\n12) opracowywanie materia\u0142\u00f3w oraz wydawnictw informacyjnych Instytutu.<\/p>\n<p>&nbsp;<\/p>\n<p>W ramach Dzia\u0142u Komunikacji dzia\u0142a <strong>Sekcja Organizacji Wydarze\u0144<\/strong>.<\/p>\n<\/div>\n<div class=\"secondColumnInfo\">Kierownik<br \/>\nPawe\u0142 Ho\u0142ubiec<br \/>\nmobile: <a href=\"tel:+48228269247\">+48 508 008 210<\/a><br \/>\ne-mail: <a href=\"mailto:pholubiec@nid.pl\" target=\"_blank\" rel=\"noopener noreferrer\">pholubiec@nid.pl<\/a><\/div>\n<p>[\/et_pb_toggle][et_pb_toggle title=&#8221;Sekcja Organizacji Wydarze\u0144&#8221; open_toggle_text_color=&#8221;#e52330&#8243; closed_toggle_text_color=&#8221;#474747&#8243; disabled_on=&#8221;off|off|off&#8221; _builder_version=&#8221;4.27.4&#8243; _module_preset=&#8221;default&#8221; title_font=&#8221;|700|||||||&#8221; closed_title_font=&#8221;|600|||||||&#8221; width=&#8221;100%&#8221; custom_margin=&#8221;||10px|||&#8221; custom_padding=&#8221;|||50px||&#8221; global_colors_info=&#8221;{}&#8221;]<\/p>\n<div class=\"title\" id=\"SOW\"><\/div>\n<div class=\"firstColumnInfo\">Do zada\u0144 sekcji nale\u017cy:<br \/>1) wsp\u00f3\u0142praca z kom\u00f3rkami organizacyjnymi Instytutu w zakresie przygotowania plan\u00f3w oraz realizacji wydarze\u0144 zwi\u0105zanych z promocj\u0105 Instytutu, tj. wystaw, konferencji, warsztat\u00f3w, w tym m.in. przygotowywanie harmonogram\u00f3w;<br \/>2) organizacja konferencji, warsztat\u00f3w, szkole\u0144, wyk\u0142ad\u00f3w, wystaw itp., promuj\u0105cych warto\u015b\u0107 dziedzictwa narodowego i jego ochron\u0119;<br \/>3) prowadzenie i koordynacja kalendarza wydarze\u0144 Instytutu;<br \/>4) obs\u0142uga logistyczna Instytutu zwi\u0105zana w szczeg\u00f3lno\u015bci z zamawianiem bilet\u00f3w lotniczych, rezerwacj\u0105 miejsc hotelowych, us\u0142ug cateringowych i gastronomicznych, t\u0142umacze\u0144.<\/div>\n<div class=\"secondColumnInfo\">Kierownik<br \/>Aleksandra Pogorzelska<br \/>mobile: <a href=\"tel:+48609003681\">+48 609 003 681<\/a><br \/>e-mail: <a href=\"mailto:apogorzelska@nid.pl\" target=\"_blank\" rel=\"noopener noreferrer\">apogorzelska@nid.pl<\/a><\/div>\n<p>[\/et_pb_toggle][et_pb_toggle title=&#8221;Dzia\u0142 Krajobrazu i Za\u0142o\u017ce\u0144 Zieleni&#8221; open_toggle_text_color=&#8221;#e52330&#8243; closed_toggle_text_color=&#8221;#474747&#8243; disabled_on=&#8221;off|off|off&#8221; _builder_version=&#8221;4.27.4&#8243; _module_preset=&#8221;default&#8221; title_font=&#8221;|700|||||||&#8221; closed_title_font=&#8221;|700|||||||&#8221; width=&#8221;100%&#8221; min_height=&#8221;52px&#8221; custom_margin=&#8221;||10px|||&#8221; global_colors_info=&#8221;{}&#8221;]<\/p>\n<div class=\"title\" id=\"DKZ\"><\/div>\n<div class=\"firstColumnInfo\">Do zada\u0144 dzia\u0142u nale\u017cy:<br \/>1) opracowywanie projekt\u00f3w i upowszechnianie standard\u00f3w Generalnego Konserwatora Zabytk\u00f3w post\u0119powania konserwatorskiego w obszarze ochrony krajobrazu kulturowego oraz w odniesieniu do zabytkowych park\u00f3w, ogrod\u00f3w, cmentarzy i innych form zaprojektowanej zieleni;<br \/>2) przygotowywanie na rzecz organ\u00f3w administracji publicznej specjalistycznych opinii i ekspertyz dotycz\u0105cych dzia\u0142a\u0144 przy zabytkowych parkach, ogrodach, cmentarzach i innych formach zaprojektowanej zieleni oraz dzia\u0142a\u0144 zwi\u0105zanych z krajobrazem kulturowym;<br \/>3) wykonywanie analiz historycznych, prac studialnych i koncepcyjnych na temat obszar\u00f3w krajobrazu kulturowego, zabytkowych park\u00f3w, ogrod\u00f3w, cmentarzy oraz innych form zaprojektowanej zieleni;<br \/>4) monitorowanie i analizowanie zagro\u017ce\u0144 dla krajobrazu kulturowego, zabytkowych park\u00f3w, ogrod\u00f3w, cmentarzy oraz innych form zaprojektowanej zieleni.<\/div>\n<div class=\"secondColumnInfo\">Kierownik<br \/>dr Renata Stacha\u0144czyk<br \/>tel.: <a href=\"tel:+48228269247\">+48 22 826 92 47<\/a>wew. 143<br \/>mobile: <a href=\"tel:+48571207767\">+48 571 207 767<\/a><br \/>e-mail: <a href=\"mailto:rstachanczyk@nid.pl\" target=\"_blank\" rel=\"noopener noreferrer\">rstachanczyk@nid.pl<\/a><\/div>\n<p>[\/et_pb_toggle][et_pb_toggle title=&#8221;Dzia\u0142 Kultury Tradycyjnej&#8221; open_toggle_text_color=&#8221;#e52330&#8243; closed_toggle_text_color=&#8221;#474747&#8243; disabled_on=&#8221;off|off|off&#8221; _builder_version=&#8221;4.27.5&#8243; _module_preset=&#8221;default&#8221; title_font=&#8221;|700|||||||&#8221; closed_title_font=&#8221;|700|||||||&#8221; width=&#8221;100%&#8221; min_height=&#8221;52px&#8221; custom_margin=&#8221;||10px|||&#8221; hover_enabled=&#8221;0&#8243; global_colors_info=&#8221;{}&#8221; sticky_enabled=&#8221;0&#8243;]<\/p>\n<div class=\"title\" id=\"DKT\"><\/div>\n<div class=\"firstColumnInfo\">\n<p>Do zada\u0144 dzia\u0142u nale\u017cy:<br \/>1) dzia\u0142ania na rzecz identyfikowania, ochrony i gromadzenia wiedzy o dziedzictwie materialnym i niematerialnym;<br \/>2) dzia\u0142ania na rzecz identyfikowania, gromadzenia wiedzy i ochrony architektury drewnianej;<br \/>3) dzia\u0142ania na rzecz ochrony, promocji o gromadzenia wiedzy dotycz\u0105cej tradycyjnego rzemios\u0142a i r\u0119kodzie\u0142a;<br \/>4) realizacja \u2013 w zakresie powierzonych zada\u0144 \u2013 dzia\u0142a\u0144 zwi\u0105zanych z ochron\u0105 i opiek\u0105 nad dziedzictwem materialnym niematerialnym, wynikaj\u0105cych z porozumie\u0144 i innych dokument\u00f3w ratyfikowanych przez Rzeczpospolit\u0105 Polsk\u0105;<br \/>5) wsp\u00f3\u0142praca z instytucjami i organizacjami zajmuj\u0105cymi si\u0119 dzia\u0142alno\u015bci\u0105 badawcz\u0105, dokumentacyjn\u0105, edukacyjn\u0105 i kulturaln\u0105 w zakresie materialnego i niematerialnego dziedzictwa kulturowego.<\/p>\n<p>&nbsp;<\/p>\n<p>Dzia\u0142 Kultury Tradycyjnej nadzoruje Pracownie Terenowe: <strong>Centrum Dziedzictwa Niematerialnego i Centra Architektury Drewnianej w Zakopanem i w Otwocku.<\/strong><\/p>\n<\/div>\n<div class=\"secondColumnInfo\">Kierownik<br \/>dr hab. Katarzyna Zalasi\u0144ska<br \/>mobile.: <a href=\"tel:+48510849290\">+48 510 849 290<\/a><br \/>e-mail: <a href=\"mailto:kzalasinska@nid.pl\" target=\"_blank\" rel=\"noopener noreferrer\">kzalasinska@nid.pl<\/a><\/div>\n<p>[\/et_pb_toggle][et_pb_toggle title=&#8221;Pracownia Terenowa &#8211; Centrum Dziedzictwa Niematerialnego&#8221; open_toggle_text_color=&#8221;#e52330&#8243; closed_toggle_text_color=&#8221;#474747&#8243; disabled_on=&#8221;off|off|off&#8221; _builder_version=&#8221;4.27.4&#8243; _module_preset=&#8221;default&#8221; title_font=&#8221;|700|||||||&#8221; closed_title_font=&#8221;|600|||||||&#8221; width=&#8221;100%&#8221; custom_margin=&#8221;||10px|||&#8221; custom_padding=&#8221;|||50px||&#8221; global_colors_info=&#8221;{}&#8221;]<\/p>\n<div class=\"title\" id=\"CDN\"><\/div>\n<div class=\"firstColumnInfo\">Do zada\u0144 pracowni nale\u017cy:<br \/>1) gromadzenie wiedzy na temat dziedzictwa niematerialnego w Polsce, opracowywanie i upowszechnianie wytycznych Generalnego Konserwatora Zabytk\u00f3w dotycz\u0105cych jego ochrony i promocji;<br \/>2) obs\u0142uga procesu prowadzenia Krajowej listy niematerialnego dziedzictwa kulturowego oraz rejestru najlepszych praktyk na rzecz ochrony niematerialnego dziedzictwa kulturowego;<br \/>3) prowadzenie monitoringu element\u00f3w niematerialnego dziedzictwa kulturowego wpisanych na Krajow\u0105 list\u0119 niematerialnego dziedzictwa kulturowego;<br \/>4) wsparcie merytoryczne depozytariuszy w procesie ochrony niematerialnego dziedzictwa kulturowego;<br \/>5) realizacja \u2013 w zakresie powierzonych zada\u0144 \u2013 dzia\u0142a\u0144 zwi\u0105zanych z ochron\u0105 i opiek\u0105 nad dziedzictwem niematerialnym, wynikaj\u0105cych z porozumie\u0144 i innych dokument\u00f3w ratyfikowanych przez Rzeczpospolit\u0105 Polsk\u0105;<br \/>6) wsp\u00f3\u0142praca z instytucjami i organizacjami zajmuj\u0105cymi si\u0119 dzia\u0142alno\u015bci\u0105 badawcz\u0105, dokumentacyjn\u0105, edukacyjn\u0105 i kulturaln\u0105 w zakresie niematerialnego dziedzictwa kulturowego;<br \/>7) koordynacja dzia\u0142a\u0144 zwi\u0105zanych z identyfikacj\u0105 i inwentaryzacj\u0105 dziedzictwa niematerialnego na terenie kraju oraz zada\u0144 w ramach ochrony dziedzictwa niematerialnego na poziomie krajowym w oparciu o Konwencj\u0119 UNESCO w sprawie ochrony niematerialnego dziedzictwa kulturowego z dnia 17 pa\u017adziernika 2003 r. (Dz. U. z 2011 r. poz. 1018),we wsp\u00f3\u0142pracy z Oddzia\u0142ami Terenowymi.<\/div>\n<div class=\"secondColumnInfo\">Kierownik<br \/>Katarzyna Sadowska-Mazur<br \/>tel.: <a href=\"tel:+482222 5515692\">+48 22 55 15 692<\/a><br \/>mobile: <a href=\"tel:+48506090540\">+48 506 090 540<\/a><br \/>e-mail: <a href=\"mailto:kmazur@nid.pl\" target=\"_blank\" rel=\"noopener noreferrer\">kmazur@nid.pl<\/a><\/div>\n<p>[\/et_pb_toggle][et_pb_toggle title=&#8221;Pracownia Terenowa &#8211; Centrum Architektury Drewnianej w Zakopanem&#8221; open_toggle_text_color=&#8221;#e52330&#8243; closed_toggle_text_color=&#8221;#474747&#8243; disabled_on=&#8221;off|off|off&#8221; _builder_version=&#8221;4.27.4&#8243; _module_preset=&#8221;default&#8221; title_font=&#8221;|700|||||||&#8221; closed_title_font=&#8221;|600|||||||&#8221; width=&#8221;100%&#8221; custom_margin=&#8221;||10px|||&#8221; custom_padding=&#8221;|||50px||&#8221; global_colors_info=&#8221;{}&#8221;]<\/p>\n<div class=\"title\" id=\"CADZ\"><\/div>\n<div class=\"firstColumnInfo\">Do zada\u0144 pracowni nale\u017cy:<br \/>1) gromadzenie wiedzy i danych na temat architektury i budownictwa drewnianego;<br \/>2) koordynowanie prac w zakresie badania, dokumentowania i monitorowania zasobu oraz gromadzenia danych do raportowania o jego stanie;<br \/>3) tworzenie i upowszechnianie katalogu dobrych praktyk przy obiektach architektury i budownictwa drewnianego;<br \/>4) organizowanie szkole\u0144 w zakresie popularyzacji wiedzy i w\u0142a\u015bciwego post\u0119powania z obiektami architektury i budownictwa drewnianego;<br \/>5) organizowanie kurs\u00f3w rzemios\u0142a tradycyjnego podnosz\u0105cych kompetencje os\u00f3b zajmuj\u0105cych si\u0119 pracami przy obiektach zabytkowego budownictwa drewnianego;<br \/>6) wsp\u00f3\u0142praca z instytucjami i organizacjami regionalnymi, og\u00f3lnopolskimi i mi\u0119dzynarodowymi zajmuj\u0105cymi si\u0119 ochron\u0105 zabytk\u00f3w architektury i budownictwa drewnianego i upowszechnianiem wiedzy w tym zakresie.<\/div>\n<div class=\"secondColumnInfo\">Kierownik<br \/>Natalia Skiepko<br \/>mobile: <a href=\"tel:+48573006996\">+48 573 006 996<\/a><br \/>e-mail: <a href=\"mailto:nskiepko@nid.pl\" target=\"_blank\" rel=\"noopener noreferrer\">nskiepko@nid.pl<\/a><\/div>\n<p>[\/et_pb_toggle][et_pb_toggle title=&#8221;Pracownia Terenowa &#8211; Centrum Architektury Drewnianej w Otwocku&#8221; open_toggle_text_color=&#8221;#e52330&#8243; closed_toggle_text_color=&#8221;#474747&#8243; disabled_on=&#8221;off|off|off&#8221; _builder_version=&#8221;4.27.4&#8243; _module_preset=&#8221;default&#8221; title_font=&#8221;|700|||||||&#8221; closed_title_font=&#8221;|600|||||||&#8221; width=&#8221;100%&#8221; custom_margin=&#8221;||10px|||&#8221; custom_padding=&#8221;|||50px||&#8221; global_colors_info=&#8221;{}&#8221;]<\/p>\n<div class=\"title\" id=\"CADO\"><\/div>\n<div class=\"firstColumnInfo\">Do zada\u0144 pracowni nale\u017cy:<br \/>1) gromadzenie wiedzy i danych na temat architektury i budownictwa drewnianego;<br \/>2) koordynowanie prac w zakresie badania, dokumentowania i monitorowania zasobu oraz gromadzenia danych do raportowania o jego stanie;<br \/>3) tworzenie i upowszechnianie katalogu dobrych praktyk przy obiektach architektury i budownictwa drewnianego;<br \/>4) gromadzenie wiedzy i danych oraz prowadzenie bada\u0144 nad stanem rzemios\u0142a i r\u0119kodzie\u0142a;<br \/>5) realizacja \u2013 w zakresie powierzonych zada\u0144 \u2013 dzia\u0142a\u0144 zwi\u0105zanych z ochron\u0105 i opiek\u0105 nad dziedzictwem materialnym i niematerialnym, wynikaj\u0105cych z porozumie\u0144 i innych dokument\u00f3w ratyfikowanych przez Rzeczpospolit\u0105 Polsk\u0105;<br \/>6) wsp\u00f3\u0142praca z instytucjami i organizacjami zajmuj\u0105cymi si\u0119 dzia\u0142alno\u015bci\u0105 badawcz\u0105, dokumentacyjn\u0105, edukacyjn\u0105 i kulturaln\u0105 w zakresie materialnego i niematerialnego dziedzictwa kulturowego;<br \/>7) organizowanie szkole\u0144 w zakresie popularyzacji wiedzy i w\u0142a\u015bciwego post\u0119powania z obiektami architektury i budownictwa drewnianego;<br \/>8) organizowanie kurs\u00f3w rzemios\u0142a tradycyjnego oraz szkole\u0144 podnosz\u0105cych kompetencje os\u00f3b zajmuj\u0105cych si\u0119 pracami przy obiektach zabytkowego budownictwa drewnianego.<\/div>\n<div class=\"secondColumnInfo\">Kierownik<br \/>Agata Mucha<br \/>mobile: <a href=\"tel:+48690418430\">+48 690 418 430<\/a><br \/>e-mail: <a href=\"mailto:amucha@nid.pl\" target=\"_blank\" rel=\"noopener noreferrer\">amucha@nid.pl<\/a><\/div>\n<p>[\/et_pb_toggle][et_pb_toggle title=&#8221;Dzia\u0142 Prawny&#8221; open_toggle_text_color=&#8221;#e52330&#8243; closed_toggle_text_color=&#8221;#474747&#8243; disabled_on=&#8221;off|off|off&#8221; _builder_version=&#8221;4.27.4&#8243; _module_preset=&#8221;default&#8221; title_font=&#8221;|700|||||||&#8221; closed_title_font=&#8221;|700|||||||&#8221; width=&#8221;100%&#8221; min_height=&#8221;52px&#8221; custom_margin=&#8221;||10px|||&#8221; global_colors_info=&#8221;{}&#8221;]<\/p>\n<div class=\"title\" id=\"DP\"><\/div>\n<div class=\"firstColumnInfo\">\n<p>Do zada\u0144 dzia\u0142u nale\u017cy:<br \/>1) przygotowywanie i opiniowanie projekt\u00f3w um\u00f3w i porozumie\u0144 zawieranych przez Instytut;<br \/>2) udzielanie pomocy prawnej \u2013 w zakresie interpretacji przepis\u00f3w prawnych i ich praktycznego zastosowania \u2013 pracownikom Instytutu w zwi\u0105zku z wykonywaniem ich s\u0142u\u017cbowych obowi\u0105zk\u00f3w, z wy\u0142\u0105czeniem zagadnie\u0144 prawa pracy i ubezpiecze\u0144 spo\u0142ecznych oraz zam\u00f3wie\u0144 publicznych;<br \/>3) nadz\u00f3r nad planowaniem i realizacj\u0105 zam\u00f3wie\u0144 publicznych;<br \/>4) prowadzenie w zleconym zakresie prac analitycznych zwi\u0105zanych z prawnymi lub doktrynalnymi uwarunkowaniami dotycz\u0105cymi zabytk\u00f3w;<br \/>5) reprezentowanie Instytutu w post\u0119powaniach s\u0105dowych w zakresie uzgodnionym z Dyrektorem;<br \/>6) wsp\u00f3\u0142praca z radc\u0105 prawnym i zewn\u0119trznymi kancelariami prawnymi w zakresie ich czynno\u015bci podejmowanych na rzecz Instytutu;<br \/>7) prowadzenie \u2013 w zakresie powierzonym przez Ministra \u2013 post\u0119powa\u0144 administracyjnych;<br \/>8) sporz\u0105dzanie analiz przepis\u00f3w prawnych i formu\u0142owanie uwag do projekt\u00f3w akt\u00f3w prawnych z zakresu ochrony zabytk\u00f3w i opieki nad zabytkami.<\/p>\n<p>&nbsp;<\/p>\n<p>W ramach Dzia\u0142u Prawnego dzia\u0142aj\u0105: <strong>Sekcja Zam\u00f3wie\u0144 Publicznych <\/strong>i <strong>Sekcja Orzecznictwa Administracyjnego<\/strong><\/p>\n<\/div>\n<div class=\"secondColumnInfo\">Kierownik<br \/>dr Julianna Maki\u0142\u0142a-Polak<br \/>tel.: <a href=\"tel:+48228269247\">+48 22 826 92 47<\/a> wew. 137<br \/>mobile: <a href=\"tel:+48500854470\">+48 500 854 470<\/a><br \/>e-mail: <a href=\"mailto:jmakilla@nid.pl\" target=\"_blank\" rel=\"noopener noreferrer\">jmakilla@nid.pl<\/a><\/div>\n<p>[\/et_pb_toggle][et_pb_toggle title=&#8221;Sekcja Zam\u00f3wie\u0144 Publicznych&#8221; open_toggle_text_color=&#8221;#e52330&#8243; closed_toggle_text_color=&#8221;#474747&#8243; disabled_on=&#8221;off|off|off&#8221; _builder_version=&#8221;4.27.4&#8243; _module_preset=&#8221;default&#8221; title_font=&#8221;|700|||||||&#8221; closed_title_font=&#8221;|600|||||||&#8221; width=&#8221;100%&#8221; custom_margin=&#8221;||10px|||&#8221; custom_padding=&#8221;|||50px||&#8221; global_colors_info=&#8221;{}&#8221;]<\/p>\n<div class=\"title\" id=\"SZP\"><\/div>\n<div class=\"firstColumnInfo\">Do zada\u0144 sekcji nale\u017cy:<br \/>1) planowanie i realizacja zam\u00f3wie\u0144 publicznych, zgodnie z obowi\u0105zuj\u0105cym stanem prawnym oraz wewn\u0119trznymi uregulowaniami;<br \/>2) przygotowywanie i prowadzenie post\u0119powa\u0144 o udzielenie zam\u00f3wie\u0144 publicznych we wsp\u00f3\u0142pracy z kom\u00f3rkami organizacyjnymi Instytutu, w tym sporz\u0105dzanie i przechowywanie dokumentacji;<br \/>3) publikowanie og\u0142osze\u0144 \u2013 w zale\u017cno\u015bci od warto\u015bci zam\u00f3wienia \u2013 na stronie internetowej Instytutu, w Biuletynie Zam\u00f3wie\u0144 Publicznych oraz w Dzienniku Urz\u0119dowym WE;<br \/>4) udzielanie kom\u00f3rkom organizacyjnym Instytutu informacji o trybach post\u0119powa\u0144 przewidzianych w obowi\u0105zuj\u0105cych przepisach prawa;<br \/>5) prowadzenie rejestru wniosk\u00f3w o udzielanie zam\u00f3wie\u0144 publicznych Instytutu;<br \/>6) przygotowywanie sprawozda\u0144 we wszystkich obszarach zwi\u0105zanych z zam\u00f3wieniami publicznymi;<br \/>7) wsp\u00f3\u0142dzia\u0142anie z Urz\u0119dem Zam\u00f3wie\u0144 Publicznych w ramach obowi\u0105zk\u00f3w wynikaj\u0105cych z ustawy z dnia 11 wrze\u015bnia 2019 r. Prawo zam\u00f3wie\u0144 publicznych (Dz. U. z 2024 r. poz. 1320), w szczeg\u00f3lno\u015bci w zakresie wniosk\u00f3w i zapyta\u0144 sk\u0142adanych do organ\u00f3w Urz\u0119du Zam\u00f3wie\u0144 Publicznych.<\/div>\n<div hidden=\"\" class=\"secondColumnInfo\">Kierownik<br \/>Imi\u0119 i Nazwisko<br \/>e-mail: <a href=\"mailto:nid@nid.pl\" target=\"_blank\" rel=\"noopener noreferrer\">nid@nid.pl<\/a><\/div>\n<p>[\/et_pb_toggle][et_pb_toggle title=&#8221;Sekcja Orzecznictwa Administracyjnego&#8221; open_toggle_text_color=&#8221;#e52330&#8243; closed_toggle_text_color=&#8221;#474747&#8243; disabled_on=&#8221;off|off|off&#8221; _builder_version=&#8221;4.27.4&#8243; _module_preset=&#8221;default&#8221; title_font=&#8221;|700|||||||&#8221; closed_title_font=&#8221;|600|||||||&#8221; width=&#8221;100%&#8221; custom_margin=&#8221;||10px|||&#8221; custom_padding=&#8221;|||50px||&#8221; global_colors_info=&#8221;{}&#8221;]<\/p>\n<div class=\"title\" id=\"SOA\"><\/div>\n<div class=\"firstColumnInfo\">Do zada\u0144 sekcji nale\u017cy:<br \/>1) prowadzenie \u2013 w zakresie powierzonym przez Ministra \u2013 post\u0119powa\u0144 administracyjnych wszczynanych z urz\u0119du w przedmiocie skre\u015blenia z rejestru zabytk\u00f3w obiekt\u00f3w nieistniej\u0105cych oraz obszarowych zabytk\u00f3w nieruchomych stanowi\u0105cych historyczne uk\u0142ady urbanistyczne i historyczne uk\u0142ady ruralistyczne;<br \/>2) sporz\u0105dzanie analiz przepis\u00f3w prawnych i formu\u0142owanie uwag do projekt\u00f3w akt\u00f3w prawnych z zakresu ochrony zabytk\u00f3w i opieki nad zabytkami.<\/div>\n<div class=\"secondColumnInfo\">Kierownik<br \/>\u0141ukasz Czwojda<br \/>e-mail: <a href=\"mailto:lczwojda@nid.pl\" target=\"_blank\" rel=\"noopener noreferrer\">lczwojda@nid.pl<\/a><\/div>\n<p>[\/et_pb_toggle][et_pb_toggle title=&#8221;Dzia\u0142 Program\u00f3w Dotacyjnych&#8221; open_toggle_text_color=&#8221;#e52330&#8243; closed_toggle_text_color=&#8221;#474747&#8243; disabled_on=&#8221;off|off|off&#8221; _builder_version=&#8221;4.27.4&#8243; _module_preset=&#8221;default&#8221; title_font=&#8221;|700|||||||&#8221; closed_title_font=&#8221;|700|||||||&#8221; width=&#8221;100%&#8221; min_height=&#8221;52px&#8221; custom_margin=&#8221;||10px|||&#8221; custom_padding=&#8221;||20px|||&#8221; global_colors_info=&#8221;{}&#8221;]<\/p>\n<div class=\"title\" id=\"DPD\"><\/div>\n<div class=\"firstColumnInfo\">\n<p>Dzia\u0142 odpowiada za zarz\u0105dzanie programami dotacyjnymi \u2013 w\u0142asnymi i rz\u0105dowymi \u2013 oraz realizacj\u0119 strategii i program\u00f3w rz\u0105dowych, w tym Krajowego Programu Ochrony Zabytk\u00f3w i Opieki nad Zabytkami.<\/p>\n<p>Do zada\u0144 dzia\u0142u nale\u017cy:<br \/>1) opracowywanie propozycji program\u00f3w dotacyjnych, w tym ich regulamin\u00f3w, harmonogram\u00f3w, bud\u017cet\u00f3w, wytycznych i procedur;<br \/>2) wsp\u00f3\u0142praca z w\u0142a\u015bciwymi jednostkami organizacyjnym Instytutu i Ministerstwa Kultury i Dziedzictwa Narodowego przy przygotowywaniu, realizacji, monitorowaniu, sprawozdawczo\u015bci i ewaluacji dotycz\u0105cych program\u00f3w;<br \/>3) przeprowadzanie w zarz\u0105dzanych programach dotacyjnych naboru wniosk\u00f3w i ich oceny pod wzgl\u0119dem formalnym i organizacyjnym;<br \/>4) koordynacja pracy zespo\u0142\u00f3w steruj\u0105cych, przygotowywanie propozycji ocen strategicznych oraz schemat\u00f3w podzia\u0142u \u015brodk\u00f3w w programach;<br \/>5) przygotowywanie w porozumieniu z Dzia\u0142em Prawnym um\u00f3w dotycz\u0105cych dofinansowania, inicjacja i koordynacja uruchamianie \u015brodk\u00f3w przyznanych w ramach program\u00f3w;<br \/>6) prowadzenie monitoringu realizacji zada\u0144, kontrola i wsparcie prawid\u0142owej realizacji za\u0142o\u017ce\u0144 program\u00f3w;<br \/>7) prowadzenie rozlicze\u0144 przekazanych dotacji, wymaganej dokumentacji, sprawozdawczo\u015bci oraz ewaluacji realizacji program\u00f3w.<\/p>\n<\/div>\n<div class=\"secondColumnInfo\">Kierownik<br \/>Ma\u0142gorzata Brzozowska<br \/>tel.: <a href=\"tel:+48225515648\">+48 22 55 15 648<\/a><br \/>mobile: <a href=\"tel:+48507185592\">+48 507 185 592<\/a><br \/>e-mail: <a href=\"mailto:mbrzozowska@nid.pl\" target=\"_blank\" rel=\"noopener noreferrer\">mbrzozowska@nid.pl<\/a><\/div>\n<p>[\/et_pb_toggle][et_pb_toggle title=&#8221;Dzia\u0142 Projekt\u00f3w Strategicznych&#8221; open_toggle_text_color=&#8221;#e52330&#8243; closed_toggle_text_color=&#8221;#474747&#8243; disabled_on=&#8221;off|off|off&#8221; _builder_version=&#8221;4.27.4&#8243; _module_preset=&#8221;default&#8221; title_font=&#8221;|700|||||||&#8221; closed_title_font=&#8221;|700|||||||&#8221; width=&#8221;100%&#8221; min_height=&#8221;52px&#8221; custom_margin=&#8221;||10px|||&#8221; global_colors_info=&#8221;{}&#8221;]<\/p>\n<div class=\"title\" id=\"DPS\"><\/div>\n<div class=\"firstColumnInfo\">Do zada\u0144 dzia\u0142u nale\u017cy przygotowanie i realizacja projekt\u00f3w obejmuj\u0105cych zakresy merytoryczne kilku dzia\u0142\u00f3w lub ca\u0142ego Instytutu, w tym m.in.:<br \/>1) opracowywanie strategii dzia\u0142ania, plan\u00f3w funkcjonalnych, harmonogram\u00f3w, kosztorys\u00f3w, zamawianie dokumentacji budowlanej lub konserwatorskiej oraz nadz\u00f3r nad realizacj\u0105 zamierze\u0144 w obiektach stanowi\u0105cych mienie Instytutu lub oddanych w jego w\u0142adanie;<br \/>2) realizacja, we wsp\u00f3\u0142pracy z innymi dzia\u0142ami Instytutu, wskazanych projekt\u00f3w, w tym projekt\u00f3w badawczych, inwestycyjnych oraz cyfrowych;<br \/>3) pozyskiwanie nowych \u017ar\u00f3de\u0142 finansowania dzia\u0142a\u0144 Instytutu, np. grant\u00f3w, dotacji i innych funduszy zewn\u0119trznych.<\/div>\n<div class=\"secondColumnInfo\">Kierownik<br \/>Dorota Kwinta<br \/>mobile: <a href=\"tel:+48609004723\">+48 609 004 723<\/a><br \/>e-mail: <a href=\"mailto:dkwinta@nid.pl\" target=\"_blank\" rel=\"noopener noreferrer\">dkwinta@nid.pl<\/a><\/div>\n<p>[\/et_pb_toggle][et_pb_toggle title=&#8221;Dzia\u0142 Rejestru i Ewidencji&#8221; open_toggle_text_color=&#8221;#e52330&#8243; closed_toggle_text_color=&#8221;#474747&#8243; disabled_on=&#8221;off|off|off&#8221; _builder_version=&#8221;4.27.4&#8243; _module_preset=&#8221;default&#8221; title_font=&#8221;|700|||||||&#8221; closed_title_font=&#8221;|700|||||||&#8221; width=&#8221;100%&#8221; min_height=&#8221;52px&#8221; custom_margin=&#8221;||10px|||&#8221; global_colors_info=&#8221;{}&#8221;]<\/p>\n<div class=\"title\" id=\"DRE\"><\/div>\n<div class=\"firstColumnInfo\">\n<p>Do zada\u0144 dzia\u0142u nale\u017cy:<br \/>1) prowadzenie Krajowej Ewidencji Zabytk\u00f3w w zakresie powierzonym przez Ministra, analiza danych zgromadzonych w tej ewidencji oraz ich udost\u0119pnianie;<br \/>2) gromadzenie dokumentacji dotycz\u0105cej rejestru i ewidencji, analiza tej dokumentacji i jej udost\u0119pnianie;<br \/>3) ewidencjonowanie bada\u0144 archeologicznych prowadzonych na terenie kraju;<br \/>4) wykonywanie zada\u0144 digitalizacyjnych dokumentacji rejestrowej i ewidencyjnej zabytk\u00f3w oraz wsp\u00f3\u0142praca z innymi dzia\u0142ami Instytutu w tym zakresie;<br \/>5) opracowywanie i upowszechnianie standard\u00f3w dokumentacji ewidencyjnej dla zabytk\u00f3w, prowadzenie szkole\u0144 w tym zakresie.<\/p>\n<p>&nbsp;<\/p>\n<p>W ramach Dzia\u0142u Rejestru i Ewidencji dzia\u0142a <strong>Sekcja Organ\u00f3w Historycznych.<\/strong><\/p>\n<\/div>\n<div class=\"secondColumnInfo\">Kierownik<br \/>Ligia Kwiatkowska<br \/>tel.: <a href=\"tel:+48228269247\">+48 22 826 92 47<\/a> wew. 128<br \/>mobile: <a href=\"tel:+48500741314\">+48 500 741 314<\/a><br \/>e-mail: <a href=\"mailto:lkwiatkowska@nid.pl\" target=\"_blank\" rel=\"noopener noreferrer\">lkwiatkowska@nid.pl<\/a><\/div>\n<p>[\/et_pb_toggle][et_pb_toggle title=&#8221;Sekcja Organ\u00f3w Historycznych&#8221; open_toggle_text_color=&#8221;#e52330&#8243; closed_toggle_text_color=&#8221;#474747&#8243; disabled_on=&#8221;off|off|off&#8221; _builder_version=&#8221;4.27.4&#8243; _module_preset=&#8221;default&#8221; title_font=&#8221;|700|||||||&#8221; closed_title_font=&#8221;|600|||||||&#8221; width=&#8221;100%&#8221; custom_margin=&#8221;||10px|||&#8221; custom_padding=&#8221;|||50px||&#8221; global_colors_info=&#8221;{}&#8221;]<\/p>\n<div class=\"title\" id=\"SOH\"><\/div>\n<div class=\"firstColumnInfo\">Do zada\u0144 sekcji nale\u017cy:<br \/>\n1) rozpoznanie zasobu ewidencyjnego i dokumentacyjnego dotycz\u0105cego organ\u00f3w historycznych w celu oszacowania polskiego krajobrazu organowego, stanu bada\u0144 i stworzenia strategii post\u0119powania badawczego;<br \/>\n2) przygotowanie na rzecz organ\u00f3w administracji publicznej specjalistycznych opinii dotycz\u0105cych dzia\u0142a\u0144 przy zabytkowych organach;<br \/>\n3) rozpoznanie zasobu organ\u00f3w wpisanych do rejestru zabytk\u00f3w, oszacowanie ilo\u015bciowe zasobu;<br \/>\n4) warto\u015bciowanie zasobu zabytkowych organ\u00f3w w Polsce;<br \/>\n5) opracowywanie standard\u00f3w post\u0119powa\u0144 konserwatorskich dotycz\u0105cych konserwacji i restauracji oraz dokumentacji organ\u00f3w historycznych.<\/div>\n<div class=\"secondColumnInfo\">Kierownik<br \/>\ndr hab. Ma\u0142gorzata Trzaskalik-Wyrwa<br \/>\ntel.: <a href=\"tel:+48225515640\">+48 22 55 15 640<\/a><br \/>\nmobile: <a href=\"tel:+48690418209\">+48 690 418 209<\/a><br \/>\ne-mail: <a href=\"mailto:mtrzaskalik@nid.pl\" target=\"_blank\" rel=\"noopener noreferrer\">mtrzaskalik@nid.pl<\/a><\/div>\n<p>[\/et_pb_toggle][et_pb_toggle title=&#8221;Dzia\u0142 Strategii Lokalnych&#8221; open_toggle_text_color=&#8221;#e52330&#8243; closed_toggle_text_color=&#8221;#474747&#8243; disabled_on=&#8221;off|off|off&#8221; _builder_version=&#8221;4.27.4&#8243; _module_preset=&#8221;default&#8221; title_font=&#8221;|700|||||||&#8221; closed_title_font=&#8221;|700|||||||&#8221; width=&#8221;100%&#8221; min_height=&#8221;52px&#8221; custom_margin=&#8221;||10px|||&#8221; global_colors_info=&#8221;{}&#8221;]<\/p>\n<div class=\"title\" id=\"DSL\"><\/div>\n<div class=\"firstColumnInfo\">Do zada\u0144 dzia\u0142u nale\u017cy:<br \/>\n1) prowadzenie studi\u00f3w, bada\u0144 kontekstu i potencja\u0142u spo\u0142eczno-gospodarczego dziedzictwa kulturowego, wsp\u00f3\u0142czesnej roli i znaczenia dziedzictwa kulturowego;<br \/>\n2) gromadzenie oraz analiza danych, przede wszystkim statystycznych, z zakresu ochrony dziedzictwa kulturowego i opieki nad zabytkami;<br \/>\n3) koordynacja dzia\u0142a\u0144 Centr\u00f3w Kompetencji ds. Rewitalizacji w Narodowym Instytucie Dziedzictwa, kt\u00f3rych zadania realizuj\u0105 wyznaczeni pracownicy w dziale oraz w poszczeg\u00f3lnych oddzia\u0142ach terenowych;<br \/>\n4) merytoryczne wspieranie jednostek samorz\u0105du terytorialnego w procesach planowania i wdra\u017cania projekt\u00f3w rewitalizacyjnych uwzgl\u0119dniaj\u0105cych dziedzictwo kulturowe, jako istotny zas\u00f3b s\u0142u\u017c\u0105cy przezwyci\u0119\u017caniu problem\u00f3w spo\u0142ecznych i infrastrukturalnych;<br \/>\n5) badanie wp\u0142ywu zmian klimatu na zabytki nieruchome i dziedzictwo kulturowe oraz rozpoznawanie metod budowania odporno\u015bci zabytk\u00f3w nieruchomych na zmiany klimatu;<br \/>\n6) wsp\u00f3\u0142praca z w\u0142a\u015bcicielami i zarz\u0105dcami zabytk\u00f3w, organami administracji rz\u0105dowej, samorz\u0105dowej, organizacjami zawodowymi, pozarz\u0105dowymi oraz \u015brodowiskiem naukowym na rzecz w\u0142a\u015bciwego zarz\u0105dzania zasobem dziedzictwa kulturowego w celu zapewniania dost\u0119pno\u015bci zabytk\u00f3w z uwzgl\u0119dnieniem potrzeb ich ochrony.<\/div>\n<div class=\"secondColumnInfo\">Kierownik<br \/>\ndr Anna Kozio\u0142-S\u0142upska<br \/>\ntel.: <a href=\"tel:+48225515682\">+48 22 551 56 82<\/a><br \/>\nmobile: <a href=\"tel:+48798389289\">+48 798 389 289<\/a><br \/>\ne-mail: <a href=\"mailto:akoziol@nid.pl\" target=\"_blank\" rel=\"noopener noreferrer\">akoziol@nid.pl<\/a><\/div>\n<p>[\/et_pb_toggle][et_pb_toggle title=&#8221;Dzia\u0142 \u015awiatowego Dziedzictwa&#8221; open_toggle_text_color=&#8221;#e52330&#8243; closed_toggle_text_color=&#8221;#474747&#8243; disabled_on=&#8221;off|off|off&#8221; _builder_version=&#8221;4.27.4&#8243; _module_preset=&#8221;default&#8221; title_font=&#8221;|700|||||||&#8221; closed_title_font=&#8221;|700|||||||&#8221; width=&#8221;100%&#8221; min_height=&#8221;52px&#8221; custom_margin=&#8221;||10px|||&#8221; global_colors_info=&#8221;{}&#8221;]<\/p>\n<div class=\"title\" id=\"DSD\"><\/div>\n<div class=\"firstColumnInfo\">Do zada\u0144 dzia\u0142u nale\u017cy:<br \/>1) koordynowanie dzia\u0142a\u0144 zwi\u0105zanych z wdra\u017caniem Konwencji w sprawie ochrony \u015bwiatowego dziedzictwa kulturalnego i naturalnego w zakresie powierzonym Instytutowi przez Ministra;<br \/>2) gromadzenie i opracowywanie danych z prowadzonego monitorowania stanu zachowania i sposobu zarz\u0105dzania obiektami z Listy \u015bwiatowego dziedzictwa UNESCO;<br \/>3) podejmowanie wsp\u00f3\u0142pracy z w\u0142a\u015bcicielami lub zarz\u0105dcami obiekt\u00f3w z Listy \u015bwiatowego dziedzictwa UNESCO na rzecz w\u0142a\u015bciwego sprawowania opieki i zarz\u0105dzania ww. dobrami.<\/div>\n<div class=\"secondColumnInfo\">Kierownik<br \/>Anna Marconi-Betka<br \/>tel.: <a href=\"tel:+48225515649\">+48 22 551 56 49<\/a><br \/>mobile: <a href=\"tel:+48506095773\">+48 506 095 773<\/a><br \/>e-mail: <a href=\"mailto:amarconi@nid.pl\" target=\"_blank\" rel=\"noopener noreferrer\">amarconi@nid.pl<\/a><\/div>\n<p>[\/et_pb_toggle][et_pb_toggle title=&#8221;Dzia\u0142 Wydawnictw Naukowych i Popularyzacji Wiedzy&#8221; open_toggle_text_color=&#8221;#e52330&#8243; closed_toggle_text_color=&#8221;#474747&#8243; disabled_on=&#8221;off|off|off&#8221; _builder_version=&#8221;4.27.4&#8243; _module_preset=&#8221;default&#8221; title_font=&#8221;|700|||||||&#8221; closed_title_font=&#8221;|700|||||||&#8221; width=&#8221;100%&#8221; min_height=&#8221;52px&#8221; custom_margin=&#8221;||10px|||&#8221; global_colors_info=&#8221;{}&#8221;]<\/p>\n<div class=\"title\" id=\"DWP\"><\/div>\n<div class=\"firstColumnInfo\">\n<p>Do zada\u0144 sekcji nale\u017cy:<br \/>1) kreowanie i realizowanie polityki wydawniczej Instytutu;<br \/>2) prowadzenie i koordynacja procesu wydawniczego publikacji specjalistycznych, w tym periodyk\u00f3w, wydawnictw zwartych, czasopism, monografii itp., oraz prac organizacyjno-technicznych, w tym m.in. prac redaktorskich, korektorskich oraz graficznych;<br \/>3) prowadzenie i koordynacja procesu wydawniczego publikacji i portali popularyzatorskich, w szczeg\u00f3lno\u015bci czasopisma \u201eSpotkania z Zabytkami\u201d oraz portalu Spotkania z Zabytkami, w tym m.in. prace redaktorskie i korektorskie, dzia\u0142ania nastawione na wzrost zasi\u0119g\u00f3w oraz sprzeda\u017cy, wsp\u00f3\u0142praca z innymi redakcjami w celu pozyskiwania i publikacji materia\u0142\u00f3w dotycz\u0105cych dziedzictwa kulturowego, organizacja sprzeda\u017cy, dystrybucja egzemplarzy promocyjnych, udzielanie patronat\u00f3w czasopisma i portalu, przygotowanie i wysy\u0142ka newsletter\u00f3w;<br \/>4) koordynacja przygotowania tre\u015bci dla portali internetowych Instytutu, w szczeg\u00f3lno\u015bci zabytek.pl oraz aplikacji Monument App;<br \/>5) prowadzenie biblioteki Instytutu.<\/p>\n<p>&nbsp;<\/p>\n<p>W ramach Dzia\u0142u Wydawnictw Naukowych i Popularyzacji Wiedzy dzia\u0142aj\u0105: <strong>Sekcja Biblioteki<\/strong> i <strong>Sekcja Edukacji<\/strong><\/p>\n<\/div>\n<div class=\"secondColumnInfo\">Kierownik<br \/>Lucyna Szura<br \/>mobile: <a href=\"tel:+48501066815\">+48 501 066 815<\/a><br \/>e-mail: <a href=\"mailto:lszura@nid.pl\" target=\"_blank\" rel=\"noopener noreferrer\">lszura@nid.pl<\/a><\/div>\n<p>[\/et_pb_toggle][et_pb_toggle title=&#8221;Sekcja Biblioteki&#8221; open_toggle_text_color=&#8221;#e52330&#8243; closed_toggle_text_color=&#8221;#474747&#8243; disabled_on=&#8221;off|off|off&#8221; _builder_version=&#8221;4.27.4&#8243; _module_preset=&#8221;default&#8221; title_font=&#8221;|700|||||||&#8221; closed_title_font=&#8221;|600|||||||&#8221; width=&#8221;100%&#8221; custom_margin=&#8221;||10px|||&#8221; custom_padding=&#8221;|||50px||&#8221; global_colors_info=&#8221;{}&#8221;]<\/p>\n<div class=\"title\" id=\"SB\"><\/div>\n<div class=\"firstColumnInfo\">Do zada\u0144 sekcji nale\u017cy:<br \/>\n1) opieka nad zasobem bibliotecznym Instytutu;<br \/>\n2) gromadzenie, opracowanie, przechowywanie i selekcja zbior\u00f3w;<br \/>\n3) udost\u0119pnianie zbior\u00f3w, informowanie o zbiorach w\u0142asnych oraz innych bibliotek;<br \/>\n4) prowadzenie kwerend bibliograficznych;<br \/>\n5) prowadzenie wsp\u00f3\u0142pracy z innymi instytucjami kultury i bibliotekami specjalistycznymi w kraju i za granic\u0105, w tym w zakresie wymiany mi\u0119dzybibliotecznej.<\/div>\n<div class=\"secondColumnInfo\">Kierownik<br \/>\nBeata Wojda<br \/>\ntel.: <a href=\"tel:+48228260239\">+48 22 826 02 39<\/a> wew. 116<br \/>\ne-mail: <a href=\"mailto:bwojda@nid.pl\" target=\"_blank\" rel=\"noopener noreferrer\">bwojda@nid.pl<\/a><\/div>\n<p>[\/et_pb_toggle][et_pb_toggle title=&#8221;Sekcja Edukacji&#8221; open_toggle_text_color=&#8221;#e52330&#8243; closed_toggle_text_color=&#8221;#474747&#8243; disabled_on=&#8221;off|off|off&#8221; _builder_version=&#8221;4.27.4&#8243; _module_preset=&#8221;default&#8221; title_font=&#8221;|700|||||||&#8221; closed_title_font=&#8221;|600|||||||&#8221; width=&#8221;100%&#8221; custom_margin=&#8221;||10px|||&#8221; custom_padding=&#8221;|||50px||&#8221; global_colors_info=&#8221;{}&#8221;]<\/p>\n<div class=\"title\" id=\"SE\"><\/div>\n<div class=\"firstColumnInfo\">Do zada\u0144 sekcji nale\u017cy:<br \/>\n1) tworzenie i prowadzenie projekt\u00f3w edukacyjnych Instytutu, w szczeg\u00f3lno\u015bci organizowanie seminari\u00f3w i konferencji bran\u017cowych, wsp\u00f3\u0142praca ze szko\u0142ami, kadr\u0105 pedagogiczn\u0105 itp. poprzez m.in. wsp\u00f3\u0142organizacj\u0119 szkole\u0144, warsztat\u00f3w, konkurs\u00f3w, olimpiad;<br \/>\n2) dzia\u0142anie na rzecz podnoszenia kwalifikacji zawodowych w zakresie ochrony zabytk\u00f3w i dziedzictwa kulturowego poprzez organizacj\u0119 i wsp\u00f3\u0142organizacj\u0119 konferencji, szkole\u0144 oraz warsztat\u00f3w praktycznych;<br \/>\n3) podejmowanie dzia\u0142a\u0144 na rzecz wzrostu spo\u0142ecznego zaanga\u017cowania w system ochrony dziedzictwa kulturowego, koordynacja program\u00f3w i wsparcie dzia\u0142a\u0144 wolontariackich wok\u00f3\u0142 ochrony dziedzictwa, w tym m.in. spo\u0142ecznych opiekun\u00f3w zabytk\u00f3w i os\u00f3b z organizacji pozarz\u0105dowych.<\/div>\n<div hidden class=\"secondColumnInfo\">Kierownik<br \/>\nLucyna Szura<br \/>\nmobile: <a href=\"tel:+48501066815\">+48 501 066 815<\/a><br \/>\ne-mail: <a href=\"mailto:lszura@nid.pl\" target=\"_blank\" rel=\"noopener noreferrer\">lszura@nid.pl<\/a><\/div>\n<p>[\/et_pb_toggle][et_pb_toggle title=&#8221;Oddzia\u0142y Terenowe&#8221; open_toggle_text_color=&#8221;#e52330&#8243; closed_toggle_text_color=&#8221;#474747&#8243; disabled_on=&#8221;off|off|off&#8221; _builder_version=&#8221;4.27.4&#8243; _module_preset=&#8221;default&#8221; title_font=&#8221;|700|||||||&#8221; closed_title_font=&#8221;|700|||||||&#8221; width=&#8221;100%&#8221; min_height=&#8221;52px&#8221; custom_margin=&#8221;||10px|||&#8221; global_colors_info=&#8221;{}&#8221;]<\/p>\n<div hidden=\"\" class=\"firstColumnInfo\">Oddzia\u0142y terenowe realizuj\u0105 na obszarze swojego dzia\u0142ania cele i zadania statutowe Instytutu, ze szczeg\u00f3lnym uwzgl\u0119dnieniem potrzeb ochrony dziedzictwa na poziomach regionalnych i lokalnych, a tak\u017ce zadania powierzane im przez Dyrektora. W ramach realizowanych dzia\u0142a\u0144 Oddzia\u0142y Terenowe wsp\u00f3\u0142pracuj\u0105 z organami ochrony zabytk\u00f3w, regionalnymi i lokalnymi instytucjami kultury oraz w\u0142a\u015bcicielami i zarz\u0105dcami zabytk\u00f3w.<\/div>\n<div class=\"firstColumnInfo\">Realizuj\u0105 na obszarze wojew\u00f3dztwa cele i zadania statutowe Instytutu, ze szczeg\u00f3lnym uwzgl\u0119dnieniem potrzeb ochrony dziedzictwa na poziomach regionalnych i lokalnych.<\/div>\n<div class=\"firstColumnInfo\"><\/div>\n<div class=\"firstColumnInfo\">Do zada\u0144 oddzia\u0142\u00f3w terenowych nale\u017c\u0105 w szczeg\u00f3lno\u015bci:<br \/>1) wsp\u00f3\u0142praca z organami ochrony zabytk\u00f3w, organami administracji samorz\u0105dowej, regionalnymi i lokalnymi instytucjami kultury, organizacjami pozarz\u0105dowymi oraz w\u0142a\u015bcicielami i zarz\u0105dcami zabytk\u00f3w;<br \/>2) gromadzenie informacji o zabytkach, prowadzenie bada\u0144 oraz wykonywanie dokumentacji i opracowa\u0144 studialnych dotycz\u0105cych zasobu zabytkowego;<br \/>3) przygotowywanie na rzecz organ\u00f3w administracji specjalistycznych opinii i ekspertyz dotycz\u0105cych problematyki ochrony zabytk\u00f3w;<br \/>4) monitoring zasobu zabytkowego z terenu dzia\u0142ania, w tym szczeg\u00f3lnie pomnik\u00f3w historii i miejsc \u015bwiatowego dziedzictwa;<br \/>5) okre\u015blanie warto\u015bci zasobu zabytkowego;<br \/>6) gromadzenie wiedzy na temat dziedzictwa niematerialnego;<br \/>7) prowadzenie monitoringu element\u00f3w niematerialnego dziedzictwa kulturowego wpisanych na Krajow\u0105 list\u0119 niematerialnego dziedzictwa;<br \/>8) prowadzenie dzia\u0142a\u0144 edukacyjnych i popularyzatorskich;<br \/>9) podnoszenie \u015bwiadomo\u015bci spo\u0142ecznej w zakresie warto\u015bci i ochrony dziedzictwa kulturowego;<br \/>10) opracowywanie materia\u0142\u00f3w do wydawnictw, w szczeg\u00f3lno\u015bci informacyjnych i promocyjnych, Instytutu;<br \/>11) gromadzenie, opracowanie, przechowywanie i selekcja zbior\u00f3w oraz opieka nad zasobem bibliotecznym oddzia\u0142u;<br \/>12) porz\u0105dkowanie, ewidencjonowanie, przechowywanie, zabezpieczanie i udost\u0119pnianie zasobu archiwalnego znajduj\u0105cego si\u0119 w oddziale;<br \/>13) wykonywanie zada\u0144 administracyjno-finansowych w zakresie niezb\u0119dnym dla funkcjonowania oddzia\u0142u.<\/div>\n<p>[\/et_pb_toggle][et_pb_toggle title=&#8221;Oddzia\u0142 Terenowy w Bia\u0142ymstoku&#8221; open_toggle_text_color=&#8221;#e52330&#8243; closed_toggle_text_color=&#8221;#474747&#8243; disabled_on=&#8221;off|off|off&#8221; _builder_version=&#8221;4.27.4&#8243; _module_preset=&#8221;default&#8221; title_font=&#8221;|700|||||||&#8221; closed_title_font=&#8221;|600|||||||&#8221; width=&#8221;100%&#8221; custom_margin=&#8221;||10px|||&#8221; custom_padding=&#8221;|||50px||&#8221; global_colors_info=&#8221;{}&#8221;]<\/p>\n<div class=\"title\" id=\"OTB\"><\/div>\n<div class=\"firstColumnInfo\">Zarz\u0105dza dzia\u0142aniami Narodowego Instytutu Dziedzictwa i spe\u0142nia jego misj\u0119 dla obszaru woj. podlaskiego.<\/div>\n<div class=\"secondColumnInfo\">Kierownik<br \/>Iwona G\u00f3rska<br \/>tel.: <a href=\"tel:+48857482220\">+48 85 748 22 20<\/a><br \/>mobile: <a href=\"tel:+48668148883\">+48 668 148 883<\/a><br \/>e-mail: <a href=\"mailto:igorska@nid.pl\" target=\"_blank\" rel=\"noopener noreferrer\">igorska@nid.pl<\/a><\/div>\n<p>[\/et_pb_toggle][et_pb_toggle title=&#8221;Oddzia\u0142 Terenowy w Gda\u0144sku&#8221; open_toggle_text_color=&#8221;#e52330&#8243; closed_toggle_text_color=&#8221;#474747&#8243; disabled_on=&#8221;off|off|off&#8221; _builder_version=&#8221;4.27.4&#8243; _module_preset=&#8221;default&#8221; title_font=&#8221;|700|||||||&#8221; closed_title_font=&#8221;|600|||||||&#8221; width=&#8221;100%&#8221; custom_margin=&#8221;||10px|||&#8221; custom_padding=&#8221;|||50px||&#8221; global_colors_info=&#8221;{}&#8221;]<\/p>\n<div class=\"title\" id=\"OTG\"><\/div>\n<div class=\"firstColumnInfo\">Zarz\u0105dza dzia\u0142aniami Narodowego Instytutu Dziedzictwa i spe\u0142nia jego misj\u0119 dla obszaru woj. pomorskiego.<\/div>\n<div class=\"secondColumnInfo\">Kierownik<br \/>\nTomasz B\u0142yskosz<br \/>\ntel.: <a href=\"tel:+48583014786\">+48 58 301 47 86<\/a> wew. 21<br \/>\nmobile: <a href=\"tel:+48506090470\">+48 506 090 470<\/a><br \/>\ne-mail: <a href=\"mailto:tblyskosz@nid.pl\" target=\"_blank\" rel=\"noopener noreferrer\">tblyskosz@nid.pl<\/a><\/div>\n<p>[\/et_pb_toggle][et_pb_toggle title=&#8221;Oddzia\u0142 Terenowy w Katowicach&#8221; open_toggle_text_color=&#8221;#e52330&#8243; closed_toggle_text_color=&#8221;#474747&#8243; disabled_on=&#8221;off|off|off&#8221; _builder_version=&#8221;4.27.4&#8243; _module_preset=&#8221;default&#8221; title_font=&#8221;|700|||||||&#8221; closed_title_font=&#8221;|600|||||||&#8221; width=&#8221;100%&#8221; custom_margin=&#8221;||10px|||&#8221; custom_padding=&#8221;|||50px||&#8221; global_colors_info=&#8221;{}&#8221;]<\/p>\n<div class=\"title\" id=\"OTKT\"><\/div>\n<div class=\"firstColumnInfo\">Zarz\u0105dza dzia\u0142aniami Narodowego Instytutu Dziedzictwa i spe\u0142nia jego misj\u0119 dla obszaru woj. \u015bl\u0105skiego.<\/div>\n<div class=\"secondColumnInfo\">\nKierownik<br \/>\nAgnieszka Olczyk<br \/>\ntel.: <a href=\"tel:+48322072401\">+48 32 207 24 01<\/a><br \/>\nmobile: <a href=\"tel:+48511142961\">+48 511 142 961<\/a><br \/>\ne-mail: <a href=\"mailto:aolczyk@nid.pl\" target=\"_blank\" rel=\"noopener noreferrer\">aolczyk@nid.pl<\/a><\/div>\n<p>[\/et_pb_toggle][et_pb_toggle title=&#8221;Oddzia\u0142 Terenowy w Kielcach&#8221; open_toggle_text_color=&#8221;#e52330&#8243; closed_toggle_text_color=&#8221;#474747&#8243; disabled_on=&#8221;off|off|off&#8221; _builder_version=&#8221;4.27.4&#8243; _module_preset=&#8221;default&#8221; title_font=&#8221;|700|||||||&#8221; closed_title_font=&#8221;|600|||||||&#8221; width=&#8221;100%&#8221; custom_margin=&#8221;||10px|||&#8221; custom_padding=&#8221;|||50px||&#8221; global_colors_info=&#8221;{}&#8221;]<\/p>\n<div class=\"title\" id=\"OTKL\"><\/div>\n<div class=\"firstColumnInfo\">Zarz\u0105dza dzia\u0142aniami Narodowego Instytutu Dziedzictwa i spe\u0142nia jego misj\u0119 dla obszaru woj. \u015bwi\u0119tokrzyskiego.<\/div>\n<div class=\"secondColumnInfo\">\nKierownik<br \/>\nW\u0142odzimierz Pedrycz<br \/>\ntel.: <a href=\"tel:+48413430272\">+48 41 343 02 72<\/a><br \/>\nmobile: <a href=\"tel:+48517874196\">+48 517 874 196<\/a><br \/>\ne-mail: <a href=\"mailto:wpedrycz@nid.pl\" target=\"_blank\" rel=\"noopener noreferrer\">wpedrycz@nid.pl<\/a><\/div>\n<p>[\/et_pb_toggle][et_pb_toggle title=&#8221;Oddzia\u0142 Terenowy w Krakowie&#8221; open_toggle_text_color=&#8221;#e52330&#8243; closed_toggle_text_color=&#8221;#474747&#8243; disabled_on=&#8221;off|off|off&#8221; _builder_version=&#8221;4.27.4&#8243; _module_preset=&#8221;default&#8221; title_font=&#8221;|700|||||||&#8221; closed_title_font=&#8221;|600|||||||&#8221; width=&#8221;100%&#8221; custom_margin=&#8221;||10px|||&#8221; custom_padding=&#8221;|||50px||&#8221; global_colors_info=&#8221;{}&#8221;]<\/p>\n<div class=\"title\" id=\"OTKR\"><\/div>\n<div class=\"firstColumnInfo\">Zarz\u0105dza dzia\u0142aniami Narodowego Instytutu Dziedzictwa i spe\u0142nia jego misj\u0119 dla obszaru woj. ma\u0142opolskiego.<\/div>\n<div class=\"secondColumnInfo\">\nKierownik<br \/>\nWitold G\u00f3rny<br \/>\ntel.: <a href=\"tel:+48124291011\">+48 12 429 10 11<\/a> wew. 24<br \/>\nmobile: <a href=\"tel:+48508008538\">+48 508 008 538<\/a><br \/>\ne-mail: <a href=\"mailto:wgorny@nid.pl\" target=\"_blank\" rel=\"noopener\">wgorny@nid.pl<\/a><\/div>\n<p>[\/et_pb_toggle][et_pb_toggle title=&#8221;Oddzia\u0142 Terenowy w Lublinie&#8221; open_toggle_text_color=&#8221;#e52330&#8243; closed_toggle_text_color=&#8221;#474747&#8243; disabled_on=&#8221;off|off|off&#8221; _builder_version=&#8221;4.27.4&#8243; _module_preset=&#8221;default&#8221; title_font=&#8221;|700|||||||&#8221; closed_title_font=&#8221;|600|||||||&#8221; width=&#8221;100%&#8221; custom_margin=&#8221;||10px|||&#8221; custom_padding=&#8221;|||50px||&#8221; global_colors_info=&#8221;{}&#8221;]<\/p>\n<div class=\"title\" id=\"OTL\"><\/div>\n<div class=\"firstColumnInfo\">Zarz\u0105dza dzia\u0142aniami Narodowego Instytutu Dziedzictwa i spe\u0142nia jego misj\u0119 dla obszaru woj. lubelskiego.<\/div>\n<div class=\"secondColumnInfo\">\nKierownik<br \/>\ndr Dominik Szulc<br \/>\ntel.: <a href=\"tel:+48817437088\">+48 81 743 70 88<\/a><br \/>\nmobile: <a href=\"tel:+48572181010\">+48 572 181 010<\/a><br \/>\ne-mail: <a href=\"mailto:dszulc@nid.pl\" target=\"_blank\" rel=\"noopener noreferrer\">\u00a0dszulc@nid.pl<\/a><\/div>\n<p>[\/et_pb_toggle][et_pb_toggle title=&#8221;Oddzia\u0142 Terenowy w \u0141odzi&#8221; open_toggle_text_color=&#8221;#e52330&#8243; closed_toggle_text_color=&#8221;#474747&#8243; disabled_on=&#8221;off|off|off&#8221; _builder_version=&#8221;4.27.4&#8243; _module_preset=&#8221;default&#8221; title_font=&#8221;|700|||||||&#8221; closed_title_font=&#8221;|600|||||||&#8221; width=&#8221;100%&#8221; custom_margin=&#8221;||10px|||&#8221; custom_padding=&#8221;|||50px||&#8221; global_colors_info=&#8221;{}&#8221;]<\/p>\n<div class=\"title\" id=\"OT\u0141\"><\/div>\n<div class=\"firstColumnInfo\">Zarz\u0105dza dzia\u0142aniami Narodowego Instytutu Dziedzictwa i spe\u0142nia jego misj\u0119 dla obszaru woj. \u0142\u00f3dzkiego.<\/div>\n<div class=\"secondColumnInfo\">Kierownik<br \/>Agnieszka Lorenc-Karczewska<br \/>tel.: <a href=\"tel:+48426826244\">+48 42 682 62 44<\/a><br \/>mobile: <a href=\"tel:+48571226992\">+48 571 226 992<\/a><br \/>e-mail: <a href=\"mailto:akarczewska@nid.pl\" target=\"_blank\" rel=\"noopener noreferrer\">akarczewska@nid.pl<\/a><\/div>\n<p>[\/et_pb_toggle][et_pb_toggle title=&#8221;Oddzia\u0142 Terenowy w Olsztynie&#8221; open_toggle_text_color=&#8221;#e52330&#8243; closed_toggle_text_color=&#8221;#474747&#8243; disabled_on=&#8221;off|off|off&#8221; _builder_version=&#8221;4.27.4&#8243; _module_preset=&#8221;default&#8221; title_font=&#8221;|700|||||||&#8221; closed_title_font=&#8221;|600|||||||&#8221; width=&#8221;100%&#8221; custom_margin=&#8221;||10px|||&#8221; custom_padding=&#8221;|||50px||&#8221; global_colors_info=&#8221;{}&#8221;]<\/p>\n<div class=\"title\" id=\"OTOL\"><\/div>\n<div class=\"firstColumnInfo\">Zarz\u0105dza dzia\u0142aniami Narodowego Instytutu Dziedzictwa i spe\u0142nia jego misj\u0119 dla obszaru woj. warmi\u0144sko-mazurskiego.<\/div>\n<div class=\"secondColumnInfo\">\nKierownik<br \/>\ndr Iwona Li\u017cewska<br \/>\ntel.: <a href=\"tel:+48895212690\">+48 89 521 26 90<\/a><br \/>\nmobile: <a href=\"tel:+48506090320\">+48 506 090 320<\/a><br \/>\ne-mail: <a href=\"mailto:ilizewska@nid.pl\" target=\"_blank\" rel=\"noopener noreferrer\">ilizewska@nid.pl<\/a><\/div>\n<p>[\/et_pb_toggle][et_pb_toggle title=&#8221;Oddzia\u0142 Terenowy w Opolu&#8221; open_toggle_text_color=&#8221;#e52330&#8243; closed_toggle_text_color=&#8221;#474747&#8243; disabled_on=&#8221;off|off|off&#8221; _builder_version=&#8221;4.27.4&#8243; _module_preset=&#8221;default&#8221; title_font=&#8221;|700|||||||&#8221; closed_title_font=&#8221;|600|||||||&#8221; width=&#8221;100%&#8221; custom_margin=&#8221;||10px|||&#8221; custom_padding=&#8221;|||50px||&#8221; global_colors_info=&#8221;{}&#8221;]<\/p>\n<div class=\"title\" id=\"OTOP\"><\/div>\n<div class=\"firstColumnInfo\">Zarz\u0105dza dzia\u0142aniami Narodowego Instytutu Dziedzictwa i spe\u0142nia jego misj\u0119 dla obszaru woj. opolskiego.<\/div>\n<div class=\"secondColumnInfo\">\nKierownik<br \/>\ndr Joanna Banik<br \/>\ntel.: <a href=\"tel:+48774230184\">+48 77 423 01 84<\/a><br \/>\nmobile: <a href=\"tel:+48504162824\">+48 504 162 824<\/a><br \/>\ne-mail: <a href=\"mailto:jbanik@nid.pl\" target=\"_blank\" rel=\"noopener noreferrer\">jbanik@nid.pl<\/a><\/div>\n<p>[\/et_pb_toggle][et_pb_toggle title=&#8221;Oddzia\u0142 Terenowy w Poznaniu&#8221; open_toggle_text_color=&#8221;#e52330&#8243; closed_toggle_text_color=&#8221;#474747&#8243; disabled_on=&#8221;off|off|off&#8221; _builder_version=&#8221;4.27.4&#8243; _module_preset=&#8221;default&#8221; title_font=&#8221;|700|||||||&#8221; closed_title_font=&#8221;|600|||||||&#8221; width=&#8221;100%&#8221; custom_margin=&#8221;||10px|||&#8221; custom_padding=&#8221;|||50px||&#8221; global_colors_info=&#8221;{}&#8221;]<\/p>\n<div class=\"title\" id=\"OTP\"><\/div>\n<div class=\"firstColumnInfo\">Zarz\u0105dza dzia\u0142aniami Narodowego Instytutu Dziedzictwa i spe\u0142nia jego misj\u0119 dla obszaru woj. wielkopolskiego.<\/div>\n<div class=\"secondColumnInfo\">\nKierownik<br \/>\nTeresa Palacz<br \/>\ntel.: <a href=\"tel:+48618517364\">+48 61 851 73 64<\/a><br \/>\nmobile: <a href=\"tel:+48506364411\">+48 506 364 411<\/a><br \/>\ne-mail: <a href=\"mailto:tpalacz@nid.pl\" target=\"_blank\" rel=\"noopener noreferrer\">tpalacz@nid.pl<\/a><\/div>\n<p>[\/et_pb_toggle][et_pb_toggle title=&#8221;Oddzia\u0142 Terenowy w Rzeszowie&#8221; open_toggle_text_color=&#8221;#e52330&#8243; closed_toggle_text_color=&#8221;#474747&#8243; disabled_on=&#8221;off|off|off&#8221; _builder_version=&#8221;4.27.4&#8243; _module_preset=&#8221;default&#8221; title_font=&#8221;|700|||||||&#8221; closed_title_font=&#8221;|600|||||||&#8221; width=&#8221;100%&#8221; custom_margin=&#8221;||10px|||&#8221; custom_padding=&#8221;|||50px||&#8221; global_colors_info=&#8221;{}&#8221;]<\/p>\n<div class=\"title\" id=\"OTR\"><\/div>\n<div class=\"firstColumnInfo\">Zarz\u0105dza dzia\u0142aniami Narodowego Instytutu Dziedzictwa i spe\u0142nia jego misj\u0119 dla obszaru woj. podkarpackiego.<\/div>\n<div class=\"secondColumnInfo\">\nKierownik<br \/>\nAnna Fortuna-Marek<br \/>\ntel.: <a href=\"tel:+48178532943\">+48 17 853 29 43<\/a><br \/>\nmobile: <a href=\"tel:+48608312063\">+48 608 312 063<\/a><br \/>\ne-mail: <a href=\"mailto:amarek@nid.pl\" target=\"_blank\" rel=\"noopener noreferrer\">amarek@nid.pl<\/a><\/div>\n<p>[\/et_pb_toggle][et_pb_toggle title=&#8221;Oddzia\u0142 Terenowy w Szczecinie&#8221; open_toggle_text_color=&#8221;#e52330&#8243; closed_toggle_text_color=&#8221;#474747&#8243; disabled_on=&#8221;off|off|off&#8221; _builder_version=&#8221;4.27.4&#8243; _module_preset=&#8221;default&#8221; title_font=&#8221;|700|||||||&#8221; closed_title_font=&#8221;|600|||||||&#8221; width=&#8221;100%&#8221; custom_margin=&#8221;||10px|||&#8221; custom_padding=&#8221;|||50px||&#8221; global_colors_info=&#8221;{}&#8221;]<\/p>\n<div class=\"title\" id=\"OTS\"><\/div>\n<div class=\"firstColumnInfo\">Zarz\u0105dza dzia\u0142aniami Narodowego Instytutu Dziedzictwa i spe\u0142nia jego misj\u0119 dla obszaru woj. zachodniopomorskiego.<\/div>\n<div class=\"secondColumnInfo\">\nKierownik<br \/>\nWaldemar Witek<br \/>\ntel.: <a href=\"tel:+48914336167\">+48 91 433 61 67<\/a><br \/>\nmobile: <a href=\"tel:+48572660090\">+48 572 660 090<\/a><br \/>\ne-mail: <a href=\"mailto:wwitek@nid.pl\" target=\"_blank\" rel=\"noopener noreferrer\">wwitek@nid.pl<\/a><\/div>\n<p>[\/et_pb_toggle][et_pb_toggle title=&#8221;Oddzia\u0142 Terenowy w Toruniu&#8221; open_toggle_text_color=&#8221;#e52330&#8243; closed_toggle_text_color=&#8221;#474747&#8243; disabled_on=&#8221;off|off|off&#8221; _builder_version=&#8221;4.27.4&#8243; _module_preset=&#8221;default&#8221; title_font=&#8221;|700|||||||&#8221; closed_title_font=&#8221;|600|||||||&#8221; width=&#8221;100%&#8221; custom_margin=&#8221;||10px|||&#8221; custom_padding=&#8221;|||50px||&#8221; global_colors_info=&#8221;{}&#8221;]<\/p>\n<div class=\"title\" id=\"OTT\"><\/div>\n<div class=\"firstColumnInfo\">Zarz\u0105dza dzia\u0142aniami Narodowego Instytutu Dziedzictwa i spe\u0142nia jego misj\u0119 dla obszaru woj. kujawsko-pomorskiego.<\/div>\n<div class=\"secondColumnInfo\">Kierownik<br \/>\nRobert Kola<br \/>\ntel.: <a href=\"tel:+48566635794\">+48 56 663 57 94<\/a>, <a href=\"tel:+48566635588\">56 663 55 88<\/a><br \/>\nmobile: <a href=\"tel:+48608496726\">+48 608 496 726<\/a><br \/>\ne-mail: <a href=\"mailto:rkola@nid.pl\" target=\"_blank\" rel=\"noopener noreferrer\">rkola@nid.pl<\/a><\/div>\n<p>[\/et_pb_toggle][et_pb_toggle title=&#8221;Oddzia\u0142 Terenowy w Warszawie&#8221; open_toggle_text_color=&#8221;#e52330&#8243; closed_toggle_text_color=&#8221;#474747&#8243; disabled_on=&#8221;off|off|off&#8221; _builder_version=&#8221;4.27.4&#8243; _module_preset=&#8221;default&#8221; title_font=&#8221;|700|||||||&#8221; closed_title_font=&#8221;|600|||||||&#8221; width=&#8221;100%&#8221; custom_margin=&#8221;||10px|||&#8221; custom_padding=&#8221;|||50px||&#8221; global_colors_info=&#8221;{}&#8221;]<\/p>\n<div class=\"title\" id=\"OTW\"><\/div>\n<div class=\"firstColumnInfo\">Zarz\u0105dza dzia\u0142aniami Narodowego Instytutu Dziedzictwa i spe\u0142nia jego misj\u0119 dla obszaru woj. mazowieckiego.<\/div>\n<div class=\"secondColumnInfo\">\nKierownik<br \/>\nAnna Groth-Kubicka<br \/>\ntel.: <a href=\"tel:+48225515784\">+48 22 551 57 84<\/a><br \/>\nmobile: <a href=\"tel:+48518017422\">+48 518 017 422<\/a><br \/>\ne-mail: <a href=\"mailto:akubicka@nid.pl\" target=\"_blank\" rel=\"noopener noreferrer\">akubicka@nid.pl<\/a><\/div>\n<p>[\/et_pb_toggle][et_pb_toggle title=&#8221;Oddzia\u0142 Terenowy we Wroc\u0142awiu&#8221; open_toggle_text_color=&#8221;#e52330&#8243; closed_toggle_text_color=&#8221;#474747&#8243; disabled_on=&#8221;off|off|off&#8221; _builder_version=&#8221;4.27.4&#8243; _module_preset=&#8221;default&#8221; title_font=&#8221;|700|||||||&#8221; closed_title_font=&#8221;|600|||||||&#8221; width=&#8221;100%&#8221; custom_margin=&#8221;||10px|||&#8221; custom_padding=&#8221;|||50px||&#8221; global_colors_info=&#8221;{}&#8221;]<\/p>\n<div class=\"title\" id=\"OTWR\"><\/div>\n<div class=\"firstColumnInfo\">Zarz\u0105dza dzia\u0142aniami Narodowego Instytutu Dziedzictwa i spe\u0142nia jego misj\u0119 dla obszaru woj. dolno\u015bl\u0105skiego.<\/div>\n<div class=\"secondColumnInfo\">Kierownik<br \/>\ndr Grzegorz Grajewski<br \/>\ntel.: <a href=\"tel:+48713266997\">+48 71 326 69 97<\/a><br \/>\nmobile: <a href=\"tel:+48607104900\">+48 607 104 900<\/a><br \/>\ne-mail: <a href=\"mailto:ggrajewski@nid.pl\" target=\"_blank\" rel=\"noopener noreferrer\">ggrajewski@nid.pl<\/a><\/div>\n<p>[\/et_pb_toggle][et_pb_toggle title=&#8221;Oddzia\u0142 Terenowy w Zielonej G\u00f3rze&#8221; open_toggle_text_color=&#8221;#e52330&#8243; closed_toggle_text_color=&#8221;#474747&#8243; disabled_on=&#8221;off|off|off&#8221; _builder_version=&#8221;4.27.4&#8243; _module_preset=&#8221;default&#8221; title_font=&#8221;|700|||||||&#8221; closed_title_font=&#8221;|600|||||||&#8221; width=&#8221;100%&#8221; custom_margin=&#8221;||10px|||&#8221; custom_padding=&#8221;|||50px||&#8221; global_colors_info=&#8221;{}&#8221;]<\/p>\n<div class=\"title\" id=\"OTZ\"><\/div>\n<div class=\"firstColumnInfo\">Zarz\u0105dza dzia\u0142aniami Narodowego Instytutu Dziedzictwa i spe\u0142nia jego misj\u0119 dla obszaru woj. lubuskiego.<\/div>\n<div class=\"secondColumnInfo\">Kierownik<br \/>\nKarolina Idryjan<br \/>\ntel.: <a href=\"tel:+48683291490\">+48 68 329 14 90<\/a><br \/>\nmobile: <a href=\"tel:+48518017421\">+48 518 017 421<\/a><br \/>\ne-mail: <a href=\"mailto:ikidryjan@nid.pl\" target=\"_blank\" rel=\"noopener noreferrer\">ikidryjan@nid.pl<\/a><\/div>\n<p>[\/et_pb_toggle][et_pb_toggle title=&#8221;Pracownia Terenowa &#8211; Park Mu\u017cakowski w \u0141\u0119knicy&#8221; open_toggle_text_color=&#8221;#e52330&#8243; closed_toggle_text_color=&#8221;#474747&#8243; disabled_on=&#8221;off|off|off&#8221; _builder_version=&#8221;4.27.4&#8243; _module_preset=&#8221;default&#8221; title_font=&#8221;|700|||||||&#8221; closed_title_font=&#8221;|700|||||||&#8221; width=&#8221;100%&#8221; min_height=&#8221;52px&#8221; custom_margin=&#8221;||10px|||&#8221; global_colors_info=&#8221;{}&#8221;]<\/p>\n<div class=\"title\" id=\"PM\u0141\"><\/div>\n<div class=\"firstColumnInfo\">Zadaniem pracowni jest zarz\u0105dzanie i sprawowanie opieki nad polsk\u0105 cz\u0119\u015bci\u0105 Parku Mu\u017cakowskiego poprzez:<br \/>\n1) prowadzenie bie\u017c\u0105cej dokumentacji prac i zmian zachodz\u0105cych w parku (dokumentacja fotograficzna, sprawozdania, monitoring \u015brodowiska przyrodniczego i stanu technicznego infrastruktury i dr\u00f3g);<br \/>\n2) wsp\u00f3\u0142dzia\u0142anie w zakresie opieki, promocji, edukacji, turystyki z w\u0142a\u015bciwymi jednostkami samorz\u0105du terytorialnego oraz lokalnymi organizacjami pozarz\u0105dowymi, w tym Fundacj\u0105 F\u00fcrst-P\u00fcckler-Park Bad Muskau;<br \/>\n3) realizacj\u0119 oraz nadz\u00f3r w ramach posiadanych uprawnie\u0144 nad pracami piel\u0119gnacyjno-odtworzeniowymi i rewaloryzacyjnymi w ramach zatwierdzonych plan\u00f3w i projekt\u00f3w;<br \/>\n4) bie\u017c\u0105c\u0105 piel\u0119gnacj\u0105 parku i koordynacj\u0119 obs\u0142ugi ruchu turystycznego;<br \/>\n5) nadz\u00f3r nad zadaniami realizowanymi na terenie parku przez jednostki zewn\u0119trzne;<br \/>\n6) prowadzenie gospodarki finansowej (m.in. sprzeda\u017c drewna i inne dochody).<\/div>\n<div class=\"secondColumnInfo\">Kierownik<br \/>\nBarbara Iwlew<br \/>\ntel.: <a href=\"tel:+48683624182\">+48 68 362 41 82<\/a><br \/>\nmobile: <a href=\"tel:+48513098160\">+48 513 098 160<\/a><br \/>\ne-mail: <a href=\"mailto:biwlew@nid\" target=\"_blank\" rel=\"noopener noreferrer\">biwlew@nid<\/a><\/div>\n<p>[\/et_pb_toggle][et_pb_toggle title=&#8221;Pracownia Terenowa &#8211; Zesp\u00f3\u0142 Pa\u0142acowo-Parkowy w Trzebinach&#8221; open_toggle_text_color=&#8221;#e52330&#8243; closed_toggle_text_color=&#8221;#474747&#8243; disabled_on=&#8221;off|off|off&#8221; _builder_version=&#8221;4.27.4&#8243; _module_preset=&#8221;default&#8221; title_font=&#8221;|700|||||||&#8221; closed_title_font=&#8221;|700|||||||&#8221; width=&#8221;100%&#8221; min_height=&#8221;52px&#8221; custom_margin=&#8221;||10px|||&#8221; global_colors_info=&#8221;{}&#8221;]<\/p>\n<div class=\"title\" id=\"ZPPT\"><\/div>\n<div class=\"firstColumnInfo\">Do zada\u0144 pracowni nale\u017cy:<br \/>\n1) prowadzenie bie\u017c\u0105cej dokumentacji prac i zmian zachodz\u0105cych w zespole pa\u0142acowo-parkowym (dokumentacja fotograficzna, raporty okresowe, sprawozdania, monitoring \u015brodowiska przyrodniczego i stanu technicznego infrastruktury i dr\u00f3g);<br \/>\n2) realizowanie koniecznych prac w zakresie bie\u017c\u0105cej konserwacji obiektu i piel\u0119gnacji parku;<br \/>\n3) nadz\u00f3r nad zadaniami realizowanymi na terenie parku przez jednostki zewn\u0119trzne;<br \/>\n4) opieka nad przechowywanym zbiorem archiwali\u00f3w.<\/div>\n<div class=\"secondColumnInfo\">Kierownik<br \/>\nMarek Wr\u00f3bel<br \/>\ntel.: <a href=\"tel:+48655330347\">+48 65 533 03 47<\/a><br \/>\nmobile: <a href=\"tel:+48603775115\">+48 603 775 115<\/a><br \/>\ne-mail: <a href=\"mailto:mwrobel@nid.pl\" target=\"_blank\" rel=\"noopener noreferrer\">mwrobel@nid.pl<\/a><\/div>\n<p>[\/et_pb_toggle][et_pb_toggle title=&#8221;Administrator Bezpiecze\u0144stwa System\u00f3w Informatycznych&#8221; open_toggle_text_color=&#8221;#e52330&#8243; closed_toggle_text_color=&#8221;#474747&#8243; disabled_on=&#8221;off|off|off&#8221; _builder_version=&#8221;4.27.4&#8243; _module_preset=&#8221;default&#8221; title_font=&#8221;|700|||||||&#8221; closed_title_font=&#8221;|700|||||||&#8221; width=&#8221;100%&#8221; min_height=&#8221;52px&#8221; custom_margin=&#8221;||10px|||&#8221; global_colors_info=&#8221;{}&#8221;]<\/p>\n<div class=\"title\" id=\"ABSI\"><\/div>\n<div class=\"firstColumnInfo\">Do zada\u0144 stanowiska nale\u017cy:<br \/>1) systematyczne kontrolowanie zastosowanych \u015brodk\u00f3w technicznych zapewniaj\u0105cych ochron\u0119 przetwarzanych danych w systemach informatycznych, odpowiedni\u0105 do zagro\u017ce\u0144 oraz kategorii danych obj\u0119tych ochron\u0105;<br \/>2) cykliczne szacowanie ryzyka dla system\u00f3w informatycznych;<br \/>3) nadz\u00f3r na stosowaniem polityk i procedur zwi\u0105zanych z bezpiecze\u0144stwem Systemu Informatycznego Instytutu;<br \/>4) nadz\u00f3r nad opracowywaniem i wdro\u017ceniem Systemu Zarz\u0105dzania Bezpiecze\u0144stwem Informacji;<br \/>5) nadz\u00f3r nad procesem rozbudowy i wdra\u017caniem nowo projektowanych komponent\u00f3w Architektury Informatycznej Instytutu;<br \/>6) nadz\u00f3r nad napraw\u0105 oraz likwidacj\u0105 urz\u0105dze\u0144 komputerowych, na kt\u00f3rych przetwarzane s\u0105 dane osobowe;<br \/>7) monitorowanie przegl\u0105du i konserwacji system\u00f3w informatycznych s\u0142u\u017c\u0105cych do przetwarzania danych osobowych;<br \/>8) monitorowanie zabezpiecze\u0144 system\u00f3w s\u0142u\u017c\u0105cych do przetwarzania danych osobowych przed dzia\u0142aniem oprogramowania z\u0142o\u015bliwego.<\/div>\n<div class=\"secondColumnInfo\">Maciej Bednarski<br \/>e-mail: <a href=\"mailto:mbednarski@nid.pl\" target=\"_blank\" rel=\"noopener noreferrer\">bednarski@nid.pl<\/a><\/div>\n<p>[\/et_pb_toggle][et_pb_toggle title=&#8221;Audytor Wewn\u0119trzny&#8221; open_toggle_text_color=&#8221;#e52330&#8243; closed_toggle_text_color=&#8221;#474747&#8243; disabled_on=&#8221;off|off|off&#8221; _builder_version=&#8221;4.27.4&#8243; _module_preset=&#8221;default&#8221; title_font=&#8221;|700|||||||&#8221; closed_title_font=&#8221;|700|||||||&#8221; width=&#8221;100%&#8221; min_height=&#8221;52px&#8221; custom_margin=&#8221;||10px|||&#8221; global_colors_info=&#8221;{}&#8221;]<\/p>\n<div class=\"title\" id=\"AW\"><\/div>\n<div class=\"firstColumnInfo\">Do zada\u0144 stanowiska nale\u017cy:<br \/>1) planowanie i prowadzenie audytu w kom\u00f3rkach organizacyjnych Instytutu oraz sporz\u0105dzanie sprawozda\u0144 z prowadzonych dzia\u0142a\u0144 i przedstawianie ich Dyrektorowi;<br \/>2) informowanie Dyrektora o adekwatno\u015bci, skuteczno\u015bci i efektywno\u015bci kontroli zarz\u0105dczej;<br \/>3) wsp\u00f3\u0142praca z audytorami zewn\u0119trznymi, jednostkami i instytucjami prowadz\u0105cymi audyt lub kontrole w Instytucie;<br \/>4) monitorowanie realizacji wniosk\u00f3w i zalece\u0144 z kontroli i audyt\u00f3w.<\/div>\n<div class=\"secondColumnInfo\">Marcin Dobruk<br \/>e-mail: <a href=\"mailto:mdobruk@nid.pl\" target=\"_blank\" rel=\"noopener noreferrer\">mdobruk@nid.pl<\/a><\/div>\n<p>[\/et_pb_toggle][et_pb_toggle title=&#8221;Pe\u0142nomocnik ds. Ochrony Informacji Niejawnych&#8221; open_toggle_text_color=&#8221;#e52330&#8243; closed_toggle_text_color=&#8221;#474747&#8243; disabled_on=&#8221;off|off|off&#8221; _builder_version=&#8221;4.27.4&#8243; _module_preset=&#8221;default&#8221; title_font=&#8221;|700|||||||&#8221; closed_title_font=&#8221;|700|||||||&#8221; width=&#8221;100%&#8221; min_height=&#8221;52px&#8221; custom_margin=&#8221;||10px|||&#8221; global_colors_info=&#8221;{}&#8221;]<\/p>\n<div class=\"title\" id=\"POIN\"><\/div>\n<div class=\"firstColumnInfo\">Pe\u0142nomocnik wykonuje zadania wynikaj\u0105ce z ustawy z dnia 5 sierpnia 2010 r. o ochronie informacji niejawnych (Dz. U. z 2024 r. poz. 632 ze zm.)<\/div>\n<div class=\"secondColumnInfo\">Kacper \u0106wiek<br \/>e-mail: <a href=\"mailto:mailto:kcwiek@nid.pl\" target=\"_blank\" rel=\"noopener noreferrer\">kcwiek@nid.pl<\/a><\/div>\n<p>[\/et_pb_toggle][et_pb_toggle title=&#8221;Radca Prawny&#8221; open_toggle_text_color=&#8221;#e52330&#8243; closed_toggle_text_color=&#8221;#474747&#8243; disabled_on=&#8221;off|off|off&#8221; _builder_version=&#8221;4.27.4&#8243; _module_preset=&#8221;default&#8221; title_font=&#8221;|700|||||||&#8221; closed_title_font=&#8221;|700|||||||&#8221; width=&#8221;100%&#8221; min_height=&#8221;52px&#8221; custom_margin=&#8221;||10px|||&#8221; global_colors_info=&#8221;{}&#8221;]<\/p>\n<div class=\"title\" id=\"RP\"><\/div>\n<div class=\"firstColumnInfo\">Do zada\u0144 stanowiska nale\u017cy:<br \/>1) przygotowywanie i opiniowanie projekt\u00f3w wewn\u0119trznych akt\u00f3w prawnych;<br \/>2) sprawdzenie pod wzgl\u0119dem prawnym wewn\u0119trznych akt\u00f3w prawnych;<br \/>3) doradztwo prawne w zakresie prawa pracy i ubezpiecze\u0144 spo\u0142ecznych, w tym przygotowywanie projekt\u00f3w pe\u0142nomocnictw;<br \/>4) reprezentowanie Instytutu w post\u0119powaniach s\u0105dowych.<\/div>\n<div class=\"secondColumnInfo\">Konrad Wyrobek<br \/>e-mail: <a href=\"mailto:kwyrobek@nid.pl\" target=\"_blank\" rel=\"noopener noreferrer\">kwyrobek@nid.pl<\/a><\/div>\n<p>[\/et_pb_toggle][et_pb_toggle title=&#8221;Samodzielne stanowisko ds. opinii i ekspertyz&#8221; open_toggle_text_color=&#8221;#e52330&#8243; closed_toggle_text_color=&#8221;#474747&#8243; disabled_on=&#8221;off|off|off&#8221; _builder_version=&#8221;4.27.4&#8243; _module_preset=&#8221;default&#8221; title_font=&#8221;|700|||||||&#8221; closed_title_font=&#8221;|700|||||||&#8221; width=&#8221;100%&#8221; min_height=&#8221;52px&#8221; custom_margin=&#8221;||10px|||&#8221; global_colors_info=&#8221;{}&#8221;]<\/p>\n<div class=\"title\" id=\"SOIE\"><\/div>\n<div class=\"firstColumnInfo\">Do zada\u0144 stanowiska nale\u017cy:<br \/>1) zlecanie innym jednostkom organizacyjnym Instytutu wykonania opinii lub ekspertyz oraz ustalanie harmonogramu ich realizacji;<br \/>2) monitorowanie procesu opracowania opinii lub ekspertyz oraz rozliczanie terminowo\u015bci ich realizacji, a w razie potrzeby podejmowanie dzia\u0142a\u0144 s\u0142u\u017c\u0105cych zapewnieniu terminowo\u015bci ich wykonania;<br \/>3) weryfikowanie zawarto\u015bci opinii lub ekspertyz pod wzgl\u0119dem kompletno\u015bci formalnej i poprawno\u015bci doktrynalno-merytorycznej;<br \/>4) gromadzenie, analiza i udost\u0119pnianie danych o wydanych opiniach Instytutu;<br \/>5) standaryzacja opinii w zakresie formalnym i doktrynalnym;<br \/>6) formu\u0142owanie wytycznych do polityki konserwatorskiej Instytutu w zakresie opiniowania i analizy obiekt\u00f3w zabytkowych.<\/div>\n<div class=\"secondColumnInfo\">El\u017cbieta Jagielska<br \/>tel.: <a href=\"tel:+48228260239\">+48 22 826 02 39<\/a> wew.127<br \/>mobile: <a href=\"tel:+48516037520\">+48 516 037 520<\/a><br \/>e-mail: <a href=\"mailto:ejagielska@nid.pl\" target=\"_blank\" rel=\"noopener noreferrer\">ejagielska@nid.pl<\/a><\/div>\n<p>[\/et_pb_toggle][et_pb_toggle title=&#8221;Samodzielne stanowisko ds. strategii i rozwoju&#8221; open_toggle_text_color=&#8221;#e52330&#8243; closed_toggle_text_color=&#8221;#474747&#8243; disabled_on=&#8221;off|off|off&#8221; _builder_version=&#8221;4.27.4&#8243; _module_preset=&#8221;default&#8221; title_font=&#8221;|700|||||||&#8221; closed_title_font=&#8221;|700|||||||&#8221; width=&#8221;100%&#8221; min_height=&#8221;52px&#8221; custom_margin=&#8221;||10px|||&#8221; global_colors_info=&#8221;{}&#8221;]<\/p>\n<div class=\"title\" id=\"SSIR\"><\/div>\n<div class=\"firstColumnInfo\">\n<p>Do zada\u0144 stanowiska nale\u017cy:<br \/>\n1) tworzenie za\u0142o\u017ce\u0144 merytorycznych, organizacyjnych, komunikacyjnych oraz dotycz\u0105cych rozwoju zawodowego pracownik\u00f3w Instytutu, w szczeg\u00f3lno\u015bci:<\/p>\n<p style=\"padding-left: 40px;\">a) monitorowanie realizacji strategii Instytutu;<br \/>\nb) planowanie i realizacja programu rozwoju i podnoszenia kompetencji zawodowych pracownik\u00f3w;<br \/>\nc) organizacja i prowadzenie procesu planowania i sprawozdawczo\u015bci, dotycz\u0105cego dzia\u0142alno\u015bci merytorycznej Instytutu;<br \/>\nd) gromadzenie i opracowywanie niezb\u0119dnych danych i wiedzy na potrzeby Dyrektora oraz jego zast\u0119pc\u00f3w;<br \/>\ne) przeprowadzanie ewaluacji i przygotowywanie rekomendacji dla wybranych dzia\u0142a\u0144 Instytutu w celu oceny ich rezultat\u00f3w oraz utrwalania dobrych praktyk;<br \/>\nf) prowadzenie oraz koordynowanie komunikacji wewn\u0119trznej Instytutu;<\/p>\n<p>2) inicjowanie, prowadzenie i koordynowanie wsp\u00f3\u0142pracy krajowej i mi\u0119dzynarodowej z partnerami instytucjonalnymi i nieinstytucjonalnymi, w szczeg\u00f3lno\u015bci przygotowywanie um\u00f3w i porozumie\u0144, organizacja wizyt studyjnych w zakresie ochrony i opieki nad dziedzictwem kulturowym, przy wsp\u00f3\u0142pracy z innymi kom\u00f3rkami organizacyjnymi Instytutu.<\/p>\n<\/div>\n<div hidden class=\"secondColumnInfo\">Anna Czerniawska<br \/>\nmobile: <a href=\"tel:+48609004775\">+48 609 004 775<\/a><br \/>\ne-mail: <a href=\"mailto:aczerniawska@nid.pl\" target=\"_blank\" rel=\"noopener noreferrer\">aczerniawska@nid.pl<\/a><\/div>\n<p>[\/et_pb_toggle][\/et_pb_column][\/et_pb_row][et_pb_row _builder_version=&#8221;4.16&#8243; _module_preset=&#8221;default&#8221; width=&#8221;100%&#8221; max_width=&#8221;100%&#8221; custom_margin=&#8221;||||false|false&#8221; custom_padding=&#8221;0px|50px|50px|50px|false|false&#8221; global_colors_info=&#8221;{}&#8221;][et_pb_column type=&#8221;4_4&#8243; _builder_version=&#8221;4.16&#8243; _module_preset=&#8221;default&#8221; global_colors_info=&#8221;{}&#8221;][et_pb_text disabled_on=&#8221;on|on|on&#8221; _builder_version=&#8221;4.27.4&#8243; _module_preset=&#8221;default&#8221; width=&#8221;100%&#8221; max_width=&#8221;100%&#8221; min_height=&#8221;153px&#8221; custom_margin=&#8221;0px|0px|17px|0px|false|false&#8221; custom_padding=&#8221;38px|0px|13px|0px|false|false&#8221; disabled=&#8221;on&#8221; global_colors_info=&#8221;{}&#8221;]<\/p>\n<div class=\"title\" id=\"xxx\">Dyrektor<\/div>\n<div class=\"firstColumnInfo\">Zarz\u0105dza Instytutem, odpowiada za strategi\u0119 dzia\u0142ania Instytutu i reprezentuje go na zewn\u0105trz. Realizuje zadania wynikaj\u0105ce z ustawy z dnia 21 listopada 1967 r. o powszechnym obowi\u0105zku obrony Rzeczpospolitej Polskiej oraz zadania zwi\u0105zane z ochron\u0105 danych osobowych zgodnie z rozporz\u0105dzeniem Parlamentu Europejskiego i Rady Europejskiej. Dyrektor dokonuje czynno\u015bci w sprawach z zakresu prawa pracy wobec wszystkich pracownik\u00f3w Instytutu. Udziela informacji o dzia\u0142alno\u015bci Instytutu dla podmiot\u00f3w zewn\u0119trznych, w tym medi\u00f3w.<\/div>\n<div class=\"secondColumnInfo\">\n<p>Marlena Happach<\/p>\n<p>Sekretariat Dyrektora<br \/>tel.: <a href=\"tel:+48228269352\"> +48 22 826 93 52<\/a> wew. 111, 148<br \/>e-mail: <a href=\"mailto:nid@nid.pl\" target=\"_blank\" rel=\"noopener noreferrer\">nid@nid.pl<\/a><\/p>\n<\/div>\n<div class=\"title\" id=\"xxx\">Zast\u0119pcy Dyrektora<\/div>\n<div class=\"firstColumnInfo\">Kieruj\u0105 powierzonymi im sprawami i sprawuj\u0105 bie\u017c\u0105cy nadz\u00f3r nad dzia\u0142alno\u015bci\u0105 podleg\u0142ych kom\u00f3rek organizacyjnych. Zast\u0119puj\u0105 Dyrektora podczas jego nieobecno\u015bci. Reprezentuj\u0105 Instytut na zewn\u0105trz w zakresie udzielonego przez Dyrektora upowa\u017cnienia, a tak\u017ce wykonuj\u0105 inne zadania zlecone przez Dyrektora.<\/div>\n<div class=\"secondColumnInfo\">\n<p>Karol Czajkowski<br \/>Natalia Dzieduszycka<br \/>Andrzej Siwek<br \/>Anna Zawadzka<\/p>\n<p>Sekretariat Dyrektora<br \/>tel.: <a href=\"tel:+48228269352\"> +48 22 826 93 52<\/a> wew. 111, 148<br \/>e-mail: <a href=\"mailto:nid@nid.pl\" target=\"_blank\" rel=\"noopener noreferrer\">nid@nid.pl<\/a><\/p>\n<\/div>\n<div class=\"title\" id=\"xxx\">G\u0142\u00f3wny Ksi\u0119gowy<\/div>\n<div class=\"firstColumnInfo\">Podlega bezpo\u015brednio Dyrektorowi. Prowadzi rachunkowo\u015b\u0107 Instytutu i dysponuje \u015brodkami pieni\u0119\u017cnymi. Dokonuje wst\u0119pnej kontroli zgodno\u015bci operacji gospodarczych i finansowych z planem finansowym. Dokonuje wst\u0119pnej kontroli kompletno\u015bci i rzetelno\u015bci dokument\u00f3w dotycz\u0105cych operacji gospodarczych i finansowych. Opiniuje projekty i realizowane przedsi\u0119wzi\u0119cia gospodarcze oraz przedk\u0142ada w tych sprawach wnioski Dyrektorowi. Bada efektywno\u015b\u0107 ekonomiczn\u0105 oraz zgodno\u015b\u0107 planowania i gospodarowania z og\u00f3lnymi zasadami rachunku ekonomicznego i racjonalnej gospodarki. Ustala zasady prawid\u0142owego sporz\u0105dzania, przyjmowania, obiegu i kontroli dokument\u00f3w finansowych, w spos\u00f3b zapewniaj\u0105cy w\u0142a\u015bciwy przebieg operacji gospodarczych z uwzgl\u0119dnieniem ochrony mienia Instytutu. Sprawuje nadz\u00f3r nad bie\u017c\u0105cym i prawid\u0142owym prowadzeniem rachunkowo\u015bci oraz sporz\u0105dzaniem sprawozda\u0144 finansowych. Prowadzi rozliczenia w zakresie podatk\u00f3w, ubezpiecze\u0144 spo\u0142ecznych i innych obci\u0105\u017ce\u0144 publicznoprawnych.<\/div>\n<div class=\"secondColumnInfo\">\n<p>Beata Szczepanek-Zera<\/p>\n<p>Sekretariat Dyrektora<br \/>tel.: <a href=\"tel:+48228269352\"> +48 22 826 93 52<\/a> wew. 111, 148<br \/>e-mail: <a href=\"mailto:nid@nid.pl\" target=\"_blank\" rel=\"noopener noreferrer\">nid@nid.pl<\/a><\/p>\n<\/div>\n<div class=\"title\" id=\"xxx\">Dzia\u0142u Administracji<\/div>\n<div class=\"firstColumnInfo\">\n<p>Do zada\u0144 dzia\u0142u nale\u017cy:<\/p>\n<p>1) administrowanie sk\u0142adnikami maj\u0105tku Instytutu, w tym nieruchomo\u015bciami, \u015brodkami trwa\u0142ymi oraz wyposa\u017ceniem;<br \/>2) koordynacja administracyjno-organizacyjna pracy oddzia\u0142\u00f3w i pracowni terenowych;<br \/>3) opracowywanie plan\u00f3w zakup\u00f3w inwestycyjnych oraz prac modernizacyjnych i remontowych, koordynowanie ich realizacji, a tak\u017ce planowanie i zakup sk\u0142adnik\u00f3w maj\u0105tkowych w oparciu o zg\u0142oszone potrzeby kom\u00f3rek organizacyjnych Instytutu;<br \/>4) zapewnienie sprawnego funkcjonowania infrastruktury technicznej, budowlanej, urz\u0105dze\u0144 biurowych i \u015brodk\u00f3w \u0142\u0105czno\u015bci;<br \/>5) organizacja ochrony i ubezpieczenia mienia Instytutu;<br \/>6) prowadzenie sekretariat\u00f3w Instytutu, organizacja spotka\u0144 Dyrektora i jego zast\u0119pc\u00f3w;<br \/>7) organizacja spotka\u0144 i prowadzenie sekretariatu Rady Programowej Instytutu;<br \/>8) obs\u0142uga kancelaryjna poczty Instytutu;<br \/>9) dystrybucja wydawnictw;<br \/>10) prowadzenie spraw zwi\u0105zanych z ochron\u0105 danych osobowych w zakresie okre\u015blonym odr\u0119bnymi przepisami prawa i wewn\u0119trznymi uregulowaniami;<br \/>11) realizacja zada\u0144 obronnych, zarz\u0105dzania kryzysowego i ochrony dziedzictwa kulturowego na wypadek szczeg\u00f3lnych zagro\u017ce\u0144 w zakresie okre\u015blonym odr\u0119bnymi przepisami prawa i wewn\u0119trznymi uregulowaniami;<br \/>12) prowadzenie spraw zwi\u0105zanych z u\u017cywaniem symboli pa\u0144stwowych zgodnie z ustaw\u0105 z dnia 31 stycznia 1980 r. o godle, barwach i hymnie Rzeczypospolitej Polskiej oraz o piecz\u0119ciach pa\u0144stwowych (Dz. U. z 2024 r. poz. 155);<br \/>13) wykonywanie zada\u0144 w zakresie zaopatrzenia w materia\u0142y biurowe i eksploatacyjne;<br \/>14) obs\u0142uga transportowa Instytutu.<\/p>\n<\/div>\n<div class=\"secondColumnInfo\">\n<p>Kierownik<br \/>Iwona Patejuk<br \/>tel.: <a herf=\"tel:+48225515691\">+48 22 55 15 691<\/a><br \/>mobile: <a herf=\"tel:+48605171903\">+48 605 171 903<\/a><br \/>e-mail: <a href=\"mailto:ipatejuk@nid.pl\" target=\"_blank\" rel=\"noopener noreferrer\">ipatejuk@nid.pl<\/a><\/p>\n<\/div>\n<p>[\/et_pb_text][\/et_pb_column][\/et_pb_row][\/et_pb_section][et_pb_section fb_built=&#8221;1&#8243; _builder_version=&#8221;4.7.4&#8243; _module_preset=&#8221;default&#8221; custom_margin=&#8221;43px||||false|false&#8221; custom_padding=&#8221;0px||0px||false|false&#8221; global_module=&#8221;353&#8243; saved_tabs=&#8221;all&#8221; global_colors_info=&#8221;{}&#8221;][et_pb_row column_structure=&#8221;1_3,1_3,1_3&#8243; use_custom_gutter=&#8221;on&#8221; gutter_width=&#8221;1&#8243; _builder_version=&#8221;4.16&#8243; _module_preset=&#8221;default&#8221; background_color=&#8221;rgba(0,0,0,0)&#8221; width=&#8221;100%&#8221; max_width=&#8221;2560px&#8221; custom_padding=&#8221;0px||0px||false|false&#8221; global_colors_info=&#8221;{}&#8221;][et_pb_column type=&#8221;1_3&#8243; _builder_version=&#8221;4.16&#8243; _module_preset=&#8221;default&#8221; background_color=&#8221;#e52330&#8243; global_colors_info=&#8221;{}&#8221;][et_pb_blurb title=&#8221;Logotypy NID&#8221; url_new_window=&#8221;on&#8221; use_icon=&#8221;on&#8221; font_icon=&#8221;&#xe004;||divi||400&#8243; icon_placement=&#8221;left&#8221; image_icon_width=&#8221;50px&#8221; module_class=&#8221;bigButtonModules&#8221; _builder_version=&#8221;4.27.2&#8243; _module_preset=&#8221;default&#8221; header_level=&#8221;h3&#8243; header_font=&#8221;|700|||||||&#8221; header_text_color=&#8221;#ffffff&#8221; body_text_color=&#8221;#ffffff&#8221; background_color=&#8221;#E52330&#8243; custom_margin=&#8221;||||false|false&#8221; custom_padding=&#8221;25px|25px|25px|25px|false|false&#8221; animation=&#8221;off&#8221; link_option_url=&#8221;https:\/\/nid.pl\/logotypy\/&#8221; link_option_url_new_window=&#8221;on&#8221; custom_css_blurb_image=&#8221;padding-right: 20px;||vertical-align: middle;&#8221; icon_font_size=&#8221;50px&#8221; global_colors_info=&#8221;{}&#8221;]<\/p>\n<p>Pobierz znaki promocyjne <br \/>Narodowego Instytutu Dziedzictwa<\/p>\n<p>[\/et_pb_blurb][\/et_pb_column][et_pb_column type=&#8221;1_3&#8243; _builder_version=&#8221;4.16&#8243; _module_preset=&#8221;default&#8221; background_color=&#8221;#e52330&#8243; global_colors_info=&#8221;{}&#8221;][et_pb_code _builder_version=&#8221;4.23.2&#8243; _module_preset=&#8221;default&#8221; global_colors_info=&#8221;{}&#8221;][\/et_pb_code][et_pb_blurb title=&#8221;Ksi\u0119garnia NID&#8221; url_new_window=&#8221;on&#8221; use_icon=&#8221;on&#8221; font_icon=&#8221;&#xe022;||divi||400&#8243; icon_placement=&#8221;left&#8221; image_icon_width=&#8221;50px&#8221; module_class=&#8221;bigButtonModules&#8221; _builder_version=&#8221;4.16&#8243; _module_preset=&#8221;default&#8221; header_level=&#8221;h3&#8243; header_font=&#8221;|700|||||||&#8221; header_text_color=&#8221;#ffffff&#8221; body_text_color=&#8221;#ffffff&#8221; background_color=&#8221;#444444&#8243; custom_margin=&#8221;||||false|false&#8221; custom_padding=&#8221;25px|25px|25px|25px|false|false&#8221; animation=&#8221;off&#8221; link_option_url=&#8221;https:\/\/ksiegarnia.nid.pl\/&#8221; link_option_url_new_window=&#8221;on&#8221; custom_css_blurb_image=&#8221;padding-right: 20px;||vertical-align: middle;&#8221; icon_font_size=&#8221;50px&#8221; global_colors_info=&#8221;{}&#8221;]<\/p>\n<p>Sprawd\u017a nasze produkty w ksi\u0119garni. Zamawiaj bez wychodzenia z domu ju\u017c teraz!<\/p>\n<p>[\/et_pb_blurb][\/et_pb_column][et_pb_column type=&#8221;1_3&#8243; _builder_version=&#8221;4.16&#8243; _module_preset=&#8221;default&#8221; background_color=&#8221;#e52330&#8243; global_colors_info=&#8221;{}&#8221;][et_pb_blurb title=&#8221;Zabytek.pl&#8221; url_new_window=&#8221;on&#8221; image=&#8221;https:\/\/nid.pl\/wp-content\/uploads\/2025\/12\/zabytek.pl_favicona_sm.png&#8221; icon_placement=&#8221;left&#8221; image_icon_width=&#8221;50px&#8221; module_class=&#8221;bigButtonModules&#8221; _builder_version=&#8221;4.27.5&#8243; _module_preset=&#8221;default&#8221; header_level=&#8221;h3&#8243; header_font=&#8221;|700|||||||&#8221; header_text_color=&#8221;#ffffff&#8221; body_text_color=&#8221;#ffffff&#8221; background_color=&#8221;#6b6b6b&#8221; custom_margin=&#8221;||||false|false&#8221; custom_padding=&#8221;25px|25px|25px|25px|false|false&#8221; animation=&#8221;off&#8221; link_option_url=&#8221;https:\/\/zabytek.pl\/pl&#8221; link_option_url_new_window=&#8221;on&#8221; custom_css_blurb_image=&#8221;padding-right: 20px;||vertical-align: middle;&#8221; icon_font_size=&#8221;50px&#8221; global_colors_info=&#8221;{}&#8221;]<\/p>\n<p>Serwis Narodowego Instytutu Dziedzictwa, kt\u00f3ry w nowoczesny i kompleksowy spos\u00f3b udost\u0119pnia informacje o polskich zabytkach!<\/p>\n<p>[\/et_pb_blurb][\/et_pb_column][\/et_pb_row][\/et_pb_section]<\/p>","protected":false},"excerpt":{"rendered":"<p>\u2190Powr\u00f3t Zarz\u0105dza Instytutem, odpowiada za strategi\u0119 dzia\u0142ania Instytutu i reprezentuje go na zewn\u0105trz. Realizuje zadania wynikaj\u0105ce z ustawy z dnia 21 listopada 1967 r. o powszechnym obowi\u0105zku obrony Rzeczpospolitej Polskiej [&hellip;]<\/p>","protected":false},"author":4,"featured_media":0,"parent":4390,"menu_order":0,"comment_status":"closed","ping_status":"closed","template":"","meta":{"_et_pb_use_builder":"on","_et_pb_old_content":"","_et_gb_content_width":"","_monsterinsights_skip_tracking":false,"_monsterinsights_sitenote_active":false,"_monsterinsights_sitenote_note":"","_monsterinsights_sitenote_category":0,"footnotes":""},"class_list":["post-29273","page","type-page","status-publish","hentry"],"yoast_head":"<!-- This site is optimized with the Yoast SEO plugin v26.5 - https:\/\/yoast.com\/wordpress\/plugins\/seo\/ -->\n<title>Struktura - NID<\/title>\n<meta name=\"robots\" content=\"index, follow, max-snippet:-1, max-image-preview:large, max-video-preview:-1\" \/>\n<link rel=\"canonical\" href=\"https:\/\/nid.pl\/en\/o-nas\/struktura\/\" \/>\n<meta property=\"og:locale\" content=\"en_GB\" \/>\n<meta property=\"og:type\" content=\"article\" \/>\n<meta property=\"og:title\" content=\"Struktura - NID\" \/>\n<meta property=\"og:description\" content=\"\u2190Powr\u00f3t Zarz\u0105dza Instytutem, odpowiada za strategi\u0119 dzia\u0142ania Instytutu i reprezentuje go na zewn\u0105trz. Realizuje zadania wynikaj\u0105ce z ustawy z dnia 21 listopada 1967 r. o powszechnym obowi\u0105zku obrony Rzeczpospolitej Polskiej [&hellip;]\" \/>\n<meta property=\"og:url\" content=\"https:\/\/nid.pl\/en\/o-nas\/struktura\/\" \/>\n<meta property=\"og:site_name\" content=\"NID\" \/>\n<meta property=\"article:publisher\" content=\"https:\/\/www.facebook.com\/zabytek\" \/>\n<meta property=\"article:modified_time\" content=\"2026-03-18T09:00:40+00:00\" \/>\n<meta name=\"twitter:card\" content=\"summary_large_image\" \/>\n<meta name=\"twitter:site\" content=\"@NarIDpl\" \/>\n<meta name=\"twitter:label1\" content=\"Estimated reading time\" \/>\n\t<meta name=\"twitter:data1\" content=\"24 minutes\" \/>\n<script type=\"application\/ld+json\" class=\"yoast-schema-graph\">{\"@context\":\"https:\/\/schema.org\",\"@graph\":[{\"@type\":\"WebPage\",\"@id\":\"https:\/\/nid.pl\/o-nas\/struktura\/\",\"url\":\"https:\/\/nid.pl\/o-nas\/struktura\/\",\"name\":\"Struktura - NID\",\"isPartOf\":{\"@id\":\"https:\/\/nid.pl\/#website\"},\"datePublished\":\"2025-08-21T13:50:51+00:00\",\"dateModified\":\"2026-03-18T09:00:40+00:00\",\"breadcrumb\":{\"@id\":\"https:\/\/nid.pl\/o-nas\/struktura\/#breadcrumb\"},\"inLanguage\":\"en-GB\",\"potentialAction\":[{\"@type\":\"ReadAction\",\"target\":[\"https:\/\/nid.pl\/o-nas\/struktura\/\"]}]},{\"@type\":\"BreadcrumbList\",\"@id\":\"https:\/\/nid.pl\/o-nas\/struktura\/#breadcrumb\",\"itemListElement\":[{\"@type\":\"ListItem\",\"position\":1,\"name\":\"Home\",\"item\":\"https:\/\/nid.pl\/\"},{\"@type\":\"ListItem\",\"position\":2,\"name\":\"O nas\",\"item\":\"https:\/\/nid.pl\/o-nas\/\"},{\"@type\":\"ListItem\",\"position\":3,\"name\":\"Struktura\"}]},{\"@type\":\"WebSite\",\"@id\":\"https:\/\/nid.pl\/#website\",\"url\":\"https:\/\/nid.pl\/\",\"name\":\"NID\",\"description\":\"Narodowy Instytut Dziedzictwa\",\"publisher\":{\"@id\":\"https:\/\/nid.pl\/#organization\"},\"potentialAction\":[{\"@type\":\"SearchAction\",\"target\":{\"@type\":\"EntryPoint\",\"urlTemplate\":\"https:\/\/nid.pl\/?s={search_term_string}\"},\"query-input\":{\"@type\":\"PropertyValueSpecification\",\"valueRequired\":true,\"valueName\":\"search_term_string\"}}],\"inLanguage\":\"en-GB\"},{\"@type\":\"Organization\",\"@id\":\"https:\/\/nid.pl\/#organization\",\"name\":\"Narodowy Instytut Dziedzictwa\",\"url\":\"https:\/\/nid.pl\/\",\"logo\":{\"@type\":\"ImageObject\",\"inLanguage\":\"en-GB\",\"@id\":\"https:\/\/nid.pl\/#\/schema\/logo\/image\/\",\"url\":\"https:\/\/nid.pl\/wp-content\/uploads\/2022\/10\/logoRedDark.png\",\"contentUrl\":\"https:\/\/nid.pl\/wp-content\/uploads\/2022\/10\/logoRedDark.png\",\"width\":200,\"height\":197,\"caption\":\"Narodowy Instytut Dziedzictwa\"},\"image\":{\"@id\":\"https:\/\/nid.pl\/#\/schema\/logo\/image\/\"},\"sameAs\":[\"https:\/\/www.facebook.com\/zabytek\",\"https:\/\/x.com\/NarIDpl\",\"https:\/\/www.instagram.com\/nid.pl\/?hl=pl\",\"https:\/\/www.linkedin.com\/company\/narodowy-instytut-dziedzictwa\",\"https:\/\/www.youtube.com\/channel\/UCQXuhKa2uHtmNvLRUSx40JA\"]}]}<\/script>\n<!-- \/ Yoast SEO plugin. -->","yoast_head_json":{"title":"Struktura - NID","robots":{"index":"index","follow":"follow","max-snippet":"max-snippet:-1","max-image-preview":"max-image-preview:large","max-video-preview":"max-video-preview:-1"},"canonical":"https:\/\/nid.pl\/en\/o-nas\/struktura\/","og_locale":"en_GB","og_type":"article","og_title":"Struktura - NID","og_description":"\u2190Powr\u00f3t Zarz\u0105dza Instytutem, odpowiada za strategi\u0119 dzia\u0142ania Instytutu i reprezentuje go na zewn\u0105trz. Realizuje zadania wynikaj\u0105ce z ustawy z dnia 21 listopada 1967 r. o powszechnym obowi\u0105zku obrony Rzeczpospolitej Polskiej [&hellip;]","og_url":"https:\/\/nid.pl\/en\/o-nas\/struktura\/","og_site_name":"NID","article_publisher":"https:\/\/www.facebook.com\/zabytek","article_modified_time":"2026-03-18T09:00:40+00:00","twitter_card":"summary_large_image","twitter_site":"@NarIDpl","twitter_misc":{"Estimated reading time":"24 minutes"},"schema":{"@context":"https:\/\/schema.org","@graph":[{"@type":"WebPage","@id":"https:\/\/nid.pl\/o-nas\/struktura\/","url":"https:\/\/nid.pl\/o-nas\/struktura\/","name":"Struktura - NID","isPartOf":{"@id":"https:\/\/nid.pl\/#website"},"datePublished":"2025-08-21T13:50:51+00:00","dateModified":"2026-03-18T09:00:40+00:00","breadcrumb":{"@id":"https:\/\/nid.pl\/o-nas\/struktura\/#breadcrumb"},"inLanguage":"en-GB","potentialAction":[{"@type":"ReadAction","target":["https:\/\/nid.pl\/o-nas\/struktura\/"]}]},{"@type":"BreadcrumbList","@id":"https:\/\/nid.pl\/o-nas\/struktura\/#breadcrumb","itemListElement":[{"@type":"ListItem","position":1,"name":"Home","item":"https:\/\/nid.pl\/"},{"@type":"ListItem","position":2,"name":"O nas","item":"https:\/\/nid.pl\/o-nas\/"},{"@type":"ListItem","position":3,"name":"Struktura"}]},{"@type":"WebSite","@id":"https:\/\/nid.pl\/#website","url":"https:\/\/nid.pl\/","name":"NID","description":"Narodowy Instytut Dziedzictwa","publisher":{"@id":"https:\/\/nid.pl\/#organization"},"potentialAction":[{"@type":"SearchAction","target":{"@type":"EntryPoint","urlTemplate":"https:\/\/nid.pl\/?s={search_term_string}"},"query-input":{"@type":"PropertyValueSpecification","valueRequired":true,"valueName":"search_term_string"}}],"inLanguage":"en-GB"},{"@type":"Organization","@id":"https:\/\/nid.pl\/#organization","name":"Narodowy Instytut Dziedzictwa","url":"https:\/\/nid.pl\/","logo":{"@type":"ImageObject","inLanguage":"en-GB","@id":"https:\/\/nid.pl\/#\/schema\/logo\/image\/","url":"https:\/\/nid.pl\/wp-content\/uploads\/2022\/10\/logoRedDark.png","contentUrl":"https:\/\/nid.pl\/wp-content\/uploads\/2022\/10\/logoRedDark.png","width":200,"height":197,"caption":"Narodowy Instytut Dziedzictwa"},"image":{"@id":"https:\/\/nid.pl\/#\/schema\/logo\/image\/"},"sameAs":["https:\/\/www.facebook.com\/zabytek","https:\/\/x.com\/NarIDpl","https:\/\/www.instagram.com\/nid.pl\/?hl=pl","https:\/\/www.linkedin.com\/company\/narodowy-instytut-dziedzictwa","https:\/\/www.youtube.com\/channel\/UCQXuhKa2uHtmNvLRUSx40JA"]}]}},"_links":{"self":[{"href":"https:\/\/nid.pl\/en\/wp-json\/wp\/v2\/pages\/29273","targetHints":{"allow":["GET"]}}],"collection":[{"href":"https:\/\/nid.pl\/en\/wp-json\/wp\/v2\/pages"}],"about":[{"href":"https:\/\/nid.pl\/en\/wp-json\/wp\/v2\/types\/page"}],"author":[{"embeddable":true,"href":"https:\/\/nid.pl\/en\/wp-json\/wp\/v2\/users\/4"}],"replies":[{"embeddable":true,"href":"https:\/\/nid.pl\/en\/wp-json\/wp\/v2\/comments?post=29273"}],"version-history":[{"count":2,"href":"https:\/\/nid.pl\/en\/wp-json\/wp\/v2\/pages\/29273\/revisions"}],"predecessor-version":[{"id":33745,"href":"https:\/\/nid.pl\/en\/wp-json\/wp\/v2\/pages\/29273\/revisions\/33745"}],"up":[{"embeddable":true,"href":"https:\/\/nid.pl\/en\/wp-json\/wp\/v2\/pages\/4390"}],"wp:attachment":[{"href":"https:\/\/nid.pl\/en\/wp-json\/wp\/v2\/media?parent=29273"}],"curies":[{"name":"wp","href":"https:\/\/api.w.org\/{rel}","templated":true}]}}