{"id":21539,"date":"2024-08-20T12:28:43","date_gmt":"2024-08-20T10:28:43","guid":{"rendered":"https:\/\/nid.pl\/?page_id=21539"},"modified":"2026-03-04T14:39:01","modified_gmt":"2026-03-04T13:39:01","slug":"ether","status":"publish","type":"page","link":"https:\/\/nid.pl\/en\/ether\/","title":{"rendered":"Mi\u0119dzynarodowa konferencja ETHER &#8211; Eternal Heritage \/ Wieczne Dziedzictwo"},"content":{"rendered":"<p>[et_pb_section fb_built=&#8221;1&#8243; _builder_version=&#8221;4.16&#8243; _module_preset=&#8221;default&#8221; custom_padding=&#8221;0px||0px|||&#8221; global_colors_info=&#8221;{}&#8221;][et_pb_row _builder_version=&#8221;4.27.4&#8243; _module_preset=&#8221;default&#8221; background_color=&#8221;#000000&#8243; background_enable_image=&#8221;off&#8221; background_video_mp4=&#8221;https:\/\/nid.pl\/wp-content\/uploads\/2025\/11\/ETHER_2025_header.mp4&#8243; width=&#8221;100%&#8221; max_width=&#8221;100%&#8221; height=&#8221;565px&#8221; custom_margin=&#8221;|auto|12px|auto|false|false&#8221; custom_padding=&#8221;0px||0px|||&#8221; global_colors_info=&#8221;{}&#8221;][et_pb_column type=&#8221;4_4&#8243; _builder_version=&#8221;4.23&#8243; _module_preset=&#8221;default&#8221; background_image=&#8221;https:\/\/nid.pl\/wp-content\/uploads\/2023\/11\/KonferencjaETHER_header.png&#8221; global_colors_info=&#8221;{}&#8221;][\/et_pb_column][\/et_pb_row][\/et_pb_section][et_pb_section fb_built=&#8221;1&#8243; _builder_version=&#8221;4.16&#8243; _module_preset=&#8221;default&#8221; custom_padding=&#8221;0px|0px|0px|0px|false|false&#8221; global_colors_info=&#8221;{}&#8221;][et_pb_row _builder_version=&#8221;4.16&#8243; _module_preset=&#8221;default&#8221; width=&#8221;100%&#8221; max_width=&#8221;100%&#8221; custom_padding=&#8221;50px|50px|50px|50px|false|false&#8221; global_colors_info=&#8221;{}&#8221;][et_pb_column type=&#8221;4_4&#8243; _builder_version=&#8221;4.16&#8243; _module_preset=&#8221;default&#8221; global_colors_info=&#8221;{}&#8221;][et_pb_text module_id=&#8221;backButtonBox&#8221; _builder_version=&#8221;4.7.4&#8243; _module_preset=&#8221;default&#8221; custom_margin=&#8221;0px|0px|0px|0px|false|false&#8221; custom_padding=&#8221;0px|0px|0px|0px|false|false&#8221; global_module=&#8221;2594&#8243; locked=&#8221;off&#8221; global_colors_info=&#8221;{}&#8221;]<\/p>\n<div class=\"backButton\" onclick=\"javascript:window.history.back();\"><span>\u2190<\/span>Powr\u00f3t<\/div>\n<p>[\/et_pb_text][et_pb_text _builder_version=&#8221;4.16&#8243; _dynamic_attributes=&#8221;content&#8221; _module_preset=&#8221;default&#8221; text_font_size=&#8221;26px&#8221; custom_margin=&#8221;||25px||false|false&#8221; custom_padding=&#8221;||||false|false&#8221; global_colors_info=&#8221;{}&#8221;]@ET-DC@eyJkeW5hbWljIjp0cnVlLCJjb250ZW50IjoicG9zdF90aXRsZSIsInNldHRpbmdzIjp7ImJlZm9yZSI6IiIsImFmdGVyIjoiIn19@[\/et_pb_text][et_pb_divider _builder_version=&#8221;4.16&#8243; _module_preset=&#8221;default&#8221; background_color=&#8221;#e52330&#8243; height=&#8221;5px&#8221; custom_margin=&#8221;0px||25px||false|false&#8221; custom_padding=&#8221;0px||0px||false|false&#8221; global_colors_info=&#8221;{}&#8221;][\/et_pb_divider][et_pb_accordion icon_color=&#8221;#e52330&#8243; module_class=&#8221;specialAccordion keepOpenAccordion&#8221; _builder_version=&#8221;4.27.5&#8243; _module_preset=&#8221;default&#8221; hover_enabled=&#8221;0&#8243; locked=&#8221;off&#8221; global_colors_info=&#8221;{}&#8221; sticky_enabled=&#8221;0&#8243;][et_pb_accordion_item title=&#8221;O konferencji&#8221; open=&#8221;on&#8221; _builder_version=&#8221;4.27.0&#8243; _module_preset=&#8221;default&#8221; global_colors_info=&#8221;{}&#8221;]<\/p>\n<p><strong>Mi\u0119dzynarodowa konferencja ETHER \u2013 Eternal Heritage \/ Wieczne Dziedzictwo<\/strong> ma na celu integracj\u0119 \u015brodowisk naukowych, archeolog\u00f3w, architekt\u00f3w, historyk\u00f3w sztuki, konserwator\u00f3w, muzealnik\u00f3w oraz szeroko rozumianych sektor\u00f3w kreatywnych, a tak\u017ce stworzenie fundament\u00f3w dla mi\u0119dzynarodowego systemu wsp\u00f3\u0142pracy, wymiany do\u015bwiadcze\u0144, potrzeb oraz wzajemnego wykorzystywania swoich zasob\u00f3w. Obecnie, wsp\u00f3\u0142praca ta ma ogromne znaczenie w kontek\u015bcie wykorzystania technologii w digitalizacji zabytk\u00f3w, a wi\u0119c r\u00f3wnie\u017c ochrony ich substancji i mo\u017cliwo\u015bci ich upowszechniania. Potencja\u0142 drzemie r\u00f3wnie\u017c w popularyzacji dziedzictwa kulturowego za pomoc\u0105 przemys\u0142u kreatywnego \u2013 m.in. film\u00f3w, gier czy wzornictwa przemys\u0142owego.<\/p>\n<p>[\/et_pb_accordion_item][et_pb_accordion_item title=&#8221;3-4 grudnia 2025: Mi\u0119dzynarodowa konferencja ETHER \u2013 Eternal Heritage \/ Wieczne Dziedzictwo&#8221; _builder_version=&#8221;4.27.5&#8243; _module_preset=&#8221;default&#8221; hover_enabled=&#8221;0&#8243; global_colors_info=&#8221;{}&#8221; open=&#8221;off&#8221; sticky_enabled=&#8221;0&#8243;]W dniach 3\u20134 grudnia 2025 r. odby\u0142a si\u0119 trzecia edycja mi\u0119dzynarodowej konferencji<strong> ETHER \u2013 Eternal Heritage \/ Wieczne Dziedzictwo<\/strong>. Jej celem by\u0142a integracja \u015brodowisk naukowych, instytucji kultury, administracji publicznej oraz sektor\u00f3w kreatywnych wok\u00f3\u0142 zagadnie\u0144 zwi\u0105zanych z digitalizacj\u0105 i wykorzystaniem nowych technologii w ochronie dziedzictwa kulturowego.<\/p>\n<p>Konferencja stanowi\u0142a kontynuacj\u0119 dzia\u0142a\u0144 zapocz\u0105tkowanych w 2023 roku. Dwie pierwsze edycje wydarzenia by\u0142y pioniersk\u0105 pr\u00f3b\u0105 stworzenia przestrzeni do wymiany do\u015bwiadcze\u0144 i pog\u0142\u0119bionej wsp\u00f3\u0142pracy w zakresie tworzenia i wykorzystywania cyfrowych danych o zabytkach.<br \/>\nProgram tegorocznej ods\u0142ony obejmie <strong>panele dyskusyjne, wyk\u0142ady oraz cz\u0119\u015b\u0107 warsztatow\u0105<\/strong>. W trakcie dwudniowych obrad zaprezentowane zosta\u0142y projekty naukowe i praktyczne przyk\u0142ady zastosowania technologii tr\u00f3jwymiarowego modelowania w:<br \/>\n\u2022 projektowaniu wystaw muzealnych,<br \/>\n\u2022 dokumentowaniu architektury zabytkowej,<br \/>\n\u2022 badaniach archeologicznych,<br \/>\n\u2022 analizach dzie\u0142 sztuki.<\/p>\n<p>Szczeg\u00f3ln\u0105 uwag\u0119 po\u015bwi\u0119cili\u015bmy potencja\u0142owi zasob\u00f3w gromadzonych przez instytucje opiekuj\u0105ce si\u0119 dziedzictwem kulturowym oraz mo\u017cliwo\u015bciom, jakie daj\u0105 nowoczesne technologie dokumentacyjno-wizualizacyjne w dzia\u0142alno\u015bci sektor\u00f3w kreatywnych.<\/p>\n<table border=\"1\" style=\"width: 50%; border-collapse: collapse; border-style: hidden; margin-left: auto; margin-right: auto; float: left;\">\n<tbody>\n<tr>\n<td style=\"width: 50%;\"><a href=\"https:\/\/nid.pl\/en\/2025\/11\/19\/3-edycja-miedzynarodowej-konferencji-ether-rejestracja\/\" target=\"_blank\" rel=\"noopener\" title=\"Szczeg\u00f3\u0142owe informacje oraz linki rejestracyjne na wydarzenie\"><img loading=\"lazy\" decoding=\"async\" src=\"https:\/\/nid.pl\/wp-content\/uploads\/2025\/11\/ETHER_2025-rejestracja-kwadrat-2-300x300.jpg\" width=\"300\" height=\"300\" alt=\"\" class=\"wp-image-30609 aligncenter size-medium\" \/><\/a><\/td>\n<td style=\"width: 50%;\"><a href=\"https:\/\/nid.pl\/en\/2025\/11\/18\/rejestracja-warsztaty-ether\/\" target=\"_blank\" rel=\"noopener\" title=\"Szczeg\u00f3\u0142owe informacje i linki do rejestracji na warsztaty.\"><img loading=\"lazy\" decoding=\"async\" src=\"https:\/\/nid.pl\/wp-content\/uploads\/2025\/11\/ETHER_2025_warsztaty_zarejestrujsie-300x300.jpg\" width=\"300\" height=\"300\" alt=\"\" class=\"wp-image-30562 aligncenter size-medium\" \/><\/a><\/td>\n<\/tr>\n<\/tbody>\n<\/table>\n<p>&nbsp;<\/p>\n<div class=\"video-wrapper\">\n<p>&nbsp;<\/p>\n<p>&nbsp;<\/p>\n<p>&nbsp;<\/p>\n<p>&nbsp;<\/p>\n<p>&nbsp;<\/p>\n<p>&nbsp;<\/p>\n<p>&nbsp;<\/p>\n<p>&nbsp;<\/p>\n<p><strong>\ud83c\udfdb\ufe0f\ud83c\udfa5 Film promuj\u0105cy konferencj\u0119:<\/strong><\/p>\n<div class=\"video-wrapper\">\n  <video width=\"560\" height=\"315\" controls preload=\"metadata\"><source src=\"https:\/\/nid.pl\/dopobrania\/FILMY\/Ether_2025.mp4\" type=\"video\/mp4\">Twoja przegl\u0105darka nie obs\u0142uguje wideo.<\/video>\n<\/div>\n<p>&nbsp;<\/p>\n<p>&nbsp;<\/p>\n<\/div>\n<p><strong>Narodowy Instytut Dziedzictwa<\/strong>, jako instytucja statutowo odpowiedzialna za ochron\u0119, dokumentowanie i badanie zabytk\u00f3w, od 16 lat pe\u0142ni r\u00f3wnie\u017c funkcj\u0119 <strong>Centrum Kompetencji ds.\u00a0Digitalizacji Dziedzictwa<\/strong>, powierzon\u0105 przez Ministra Kultury i Dziedzictwa Narodowego. W\u00a0ramach tej roli prowadzimy dzia\u0142ania maj\u0105ce na celu rozw\u00f3j metodyki stosowania nowoczesnych technologii pomiarowych, standaryzacj\u0119 proces\u00f3w oraz tworzenie modeli cyfrowej dokumentacji tr\u00f3jwymiarowej dla obiekt\u00f3w zabytkowych \u2013 od architektury, przez malarstwo \u015bcienne, po detale kamieniarskie i przedmioty muzealne.<\/p>\n<p>Wierz\u0105c, \u017ce digitalizacja nie tylko umo\u017cliwia precyzyjne dokumentowanie stanu zachowania dziedzictwa, ale tak\u017ce stanowi niewyczerpane \u017ar\u00f3d\u0142o inspiracji dla wsp\u00f3\u0142czesnych tw\u00f3rc\u00f3w, podejmujemy dzia\u0142ania na rzecz integracji \u015brodowisk naukowych i kreatywnych. Naszym celem jest\u00a0budowanie synergii pomi\u0119dzy instytucjami sprawuj\u0105cymi piecz\u0119 nad dziedzictwem kulturowym a\u00a0przedstawicielami takich dziedzin jak kinematografia, przemys\u0142 gier komputerowych czy\u00a0wzornictwo przemys\u0142owe. Wszystko to w duchu wzmacniania rodzimego \u201esoft power\u201d opartego na fundamencie naszego historycznego dziedzictwa.[\/et_pb_accordion_item][\/et_pb_accordion][et_pb_text _builder_version=&#8221;4.16&#8243; _module_preset=&#8221;default&#8221; custom_margin=&#8221;||18px|||&#8221; locked=&#8221;off&#8221; global_colors_info=&#8221;{}&#8221;]<\/p>\n<p><strong>News<\/strong><\/p>\n<p>[\/et_pb_text][et_pb_blog posts_number=&#8221;4&#8243; include_categories=&#8221;124&#8243; excerpt_length=&#8221;150&#8243; show_author=&#8221;off&#8221; show_categories=&#8221;off&#8221; module_class=&#8221;specialPosts&#8221; _builder_version=&#8221;4.27.2&#8243; _module_preset=&#8221;default&#8221; header_font=&#8221;|600|||||||&#8221; header_text_color=&#8221;#e52330&#8243; header_font_size=&#8221;19px&#8221; header_line_height=&#8221;1.2em&#8221; body_text_color=&#8221;#000000&#8243; meta_font=&#8221;||||||||&#8221; meta_text_color=&#8221;#9b9b9b&#8221; read_more_font=&#8221;|700||||on|||&#8221; read_more_text_color=&#8221;#000000&#8243; custom_margin=&#8221;-32px|||||&#8221; custom_padding=&#8221;||||false|false&#8221; custom_css_main_element=&#8221;column-count: 4;||column-gap: 25px;&#8221; locked=&#8221;off&#8221; global_colors_info=&#8221;{}&#8221; custom_css_main_element_last_edited=&#8221;on|phone&#8221; custom_css_main_element_tablet=&#8221;column-count: 2;||column-gap: 25px;&#8221; custom_css_main_element_phone=&#8221;column-count: 1;||column-gap: 0px;&#8221;][\/et_pb_blog][et_pb_text _builder_version=&#8221;4.24.2&#8243; _module_preset=&#8221;default&#8221; custom_margin=&#8221;||16px|||&#8221; locked=&#8221;off&#8221; global_colors_info=&#8221;{}&#8221;]<\/p>\n<p><strong>Archiwum<\/strong><\/p>\n<p>[\/et_pb_text][et_pb_accordion icon_color=&#8221;#e52330&#8243; module_class=&#8221;specialAccordion keepOpenAccordion&#8221; _builder_version=&#8221;4.27.4&#8243; _module_preset=&#8221;default&#8221; locked=&#8221;off&#8221; global_colors_info=&#8221;{}&#8221;][et_pb_accordion_item title=&#8221;2024&#8243; open=&#8221;on&#8221; _builder_version=&#8221;4.27.4&#8243; _module_preset=&#8221;default&#8221; global_colors_info=&#8221;{}&#8221;]<\/p>\n<p style=\"text-align: center;\"><img loading=\"lazy\" decoding=\"async\" src=\"https:\/\/nid.pl\/wp-content\/uploads\/2025\/09\/ETHER_2025_header.jpg\" width=\"1898\" height=\"560\" alt=\"\" class=\"wp-image-29630 aligncenter size-full\" srcset=\"https:\/\/nid.pl\/wp-content\/uploads\/2025\/09\/ETHER_2025_header.jpg 1898w, https:\/\/nid.pl\/wp-content\/uploads\/2025\/09\/ETHER_2025_header-1280x378.jpg 1280w, https:\/\/nid.pl\/wp-content\/uploads\/2025\/09\/ETHER_2025_header-980x289.jpg 980w, https:\/\/nid.pl\/wp-content\/uploads\/2025\/09\/ETHER_2025_header-480x142.jpg 480w\" sizes=\"(min-width: 0px) and (max-width: 480px) 480px, (min-width: 481px) and (max-width: 980px) 980px, (min-width: 981px) and (max-width: 1280px) 1280px, (min-width: 1281px) 1898px, 100vw\" \/><\/p>\n<p style=\"text-align: left;\"><strong>W dniach 5 i 6 listopada 2024 r. odby\u0142a si\u0119 kolejna edycja mi\u0119dzynarodowej konferencji ETHER &#8211; Eternal Heritage \/ Wieczne Dziedzictwo, skierowanej do naukowc\u00f3w, badaczy, projektant\u00f3w i tw\u00f3rc\u00f3w korzystaj\u0105cych w swoich dzia\u0142aniach z technologii tr\u00f3jwymiarowego modelowania, Augmented i Virtual Reality czy sztucznej inteligencji.<\/strong><br \/><strong><\/strong><\/p>\n<p>Technologia digitalizacji zabytk\u00f3w, poza precyzyjn\u0105 dokumentacj\u0105, daje nam mo\u017cliwo\u015b\u0107 szerokiego udost\u0119pniania i zachowania o nich pami\u0119ci dla przysz\u0142ych pokole\u0144. Szczeg\u00f3lnie dzisiaj, dziedzictwo kulturowe potrzebuje <strong>digitalizacji<\/strong>, usystematyzowanej <strong>archiwizacji<\/strong> oraz <strong>upowszechniania<\/strong> w bezkresnych przestrzeniach wirtualnego \u015bwiata.<\/p>\n<p>Mi\u0119dzynarodowa konferencja <strong>ETHER \u2013 Eternal Heritage \/ Wieczne Dziedzictwo<\/strong> ma na celu integracj\u0119 \u015brodowisk naukowych, archeolog\u00f3w, architekt\u00f3w, historyk\u00f3w sztuki, konserwator\u00f3w, muzealnik\u00f3w oraz szeroko rozumianych sektor\u00f3w kreatywnych, a tak\u017ce stworzenie fundament\u00f3w dla <strong>mi\u0119dzynarodowego systemu wsp\u00f3\u0142pracy<\/strong>, wymiany do\u015bwiadcze\u0144, potrzeb oraz wzajemnego wykorzystywania swoich zasob\u00f3w. Obecnie, wsp\u00f3\u0142praca ta ma ogromne znaczenie w kontek\u015bcie wykorzystania technologii w digitalizacji zabytk\u00f3w, a wi\u0119c r\u00f3wnie\u017c ochrony ich substancji i mo\u017cliwo\u015bci ich upowszechniania. Potencja\u0142 drzemie r\u00f3wnie\u017c w popularyzacji dziedzictwa kulturowego za pomoc\u0105 przemys\u0142u kreatywnego \u2013 m.in. film\u00f3w, gier czy wzornictwa przemys\u0142owego.<\/p>\n<h4><span style=\"color: #20525b;\"><strong>Mi\u0119dzynarodowa konferencja<\/strong> <strong>ETHER \u2013 Eternal Heritage \/ Wieczne Dziedzictwo<\/strong><\/span><\/h4>\n<p><strong>\ud83d\udcc6Termin:<span> <\/span><\/strong><span>5-6<\/span> listopada 2024 r.<br \/><strong>\ud83d\udccdMiejsce:<\/strong><span> Muzeum Historii \u017byd\u00f3w Polskich POLIN w Warszawie<\/span><br \/><strong>\ud83d\udde3\ufe0f J\u0119zyk:<span>\u00a0<\/span><\/strong>wydarzenie by\u0142o dost\u0119pne w j\u0119zyku polskim i angielskim<\/p>\n<p><strong>Download<\/strong><\/p>\n<p style=\"padding-left: 40px; text-align: left;\"><a class=\"attachment\" href=\"https:\/\/nid.pl\/wp-content\/uploads\/2024\/10\/ETHER-conference-PROGRAM.pdf\" target=\"_blank\" rel=\"noopener\"><strong>Program konferencji<\/strong><\/a><\/p>\n<p style=\"padding-left: 40px; text-align: left;\"><strong><a class=\"attachment\" href=\"https:\/\/nid.pl\/wp-content\/uploads\/2024\/10\/ETHER-PROGRAM_bialy.pdf\" target=\"_blank\" rel=\"noopener\">Program konferencji &#8211; do druku<\/a><\/strong><\/p>\n<p><strong>Forma konferencji:<\/strong><br \/>Konferencja odby\u0142a si\u0119 stacjonarnie w Warszawie. Nie by\u0142a transmitowana on-line. Nagranie pokonferencyjne zosta\u0142o udost\u0119pnione na kanale <a href=\"https:\/\/www.youtube.com\/@tvnid\">YouTube NID \u2013 TV NID<\/a>. Zach\u0119camy do subskrypcji.<\/p>\n<p>Udzia\u0142 w konferencji i warsztatach by\u0142 bezp\u0142atny.<\/p>\n<p>&nbsp;<\/p>\n<h3><strong><span style=\"color: #20525b;\">Podsumowanie konferencji<\/span><\/strong><\/h3>\n<p>Mi\u0119dzynarodowa konferencja ETHER ju\u017c po raz kolejny sta\u0142a si\u0119 przestrzeni\u0105 inspiruj\u0105cych spotka\u0144 naukowc\u00f3w, ekspert\u00f3w i praktyk\u00f3w z ca\u0142ego \u015bwiata, kt\u00f3rzy wsp\u00f3lnie poszukiwali odpowiedzi na pytania o przysz\u0142o\u015b\u0107 dziedzictwa w dobie dynamicznego rozwoju technologii. W trakcie dw\u00f3ch intensywnych dni uczestnicy mieli okazj\u0119 zg\u0142\u0119bia\u0107 najnowsze narz\u0119dzia cyfrowe, techniki wizualizacji, zastosowania sztucznej inteligencji oraz nowatorskie sposoby ochrony i opowiadania o dziedzictwie \u2013 zar\u00f3wno materialnym, jak i niematerialnym. Spotkanie by\u0142o nie tylko przegl\u0105dem nowoczesnych rozwi\u0105za\u0144, ale tak\u017ce platform\u0105 do dyskusji nad etycznymi, prawnymi i spo\u0142ecznymi aspektami cyfryzacji kultury.<\/p>\n<p>Wydarzenie zosta\u0142o podzielone na cztery panele tematyczne, po\u015bwi\u0119cone kolejno: przysz\u0142o\u015bciowym technologiom, dziedzictwu niematerialnemu, mocy danych oraz ochronie zasob\u00f3w cyfrowych i kulturowych. Uzupe\u0142nieniem programu by\u0142y dwa specjalistyczne warsztaty: jeden po\u015bwi\u0119cony fotogrametrycznemu skanowaniu obiekt\u00f3w dziedzictwa, drugi \u2013 wykorzystaniu skaningu laserowego w dokumentacji zabytk\u00f3w.<\/p>\n<p><iframe loading=\"lazy\" width=\"560\" height=\"315\" src=\"https:\/\/www.youtube.com\/embed\/zFOYEHmzHlk?si=GftQ9vdQI7eJXTHO\" title=\"YouTube video player\" frameborder=\"0\" allow=\"accelerometer; autoplay; clipboard-write; encrypted-media; gyroscope; picture-in-picture; web-share\" referrerpolicy=\"strict-origin-when-cross-origin\" allowfullscreen=\"\"><\/iframe><\/p>\n<h4><span style=\"color: #20525b;\"><b><strong><\/strong><\/b><\/span><\/h4>\n<h4><span style=\"color: #20525b;\"><b><strong>Panele tematyczne<\/strong><\/b><\/span><\/h4>\n<p><strong><span style=\"text-decoration: underline;\">Pierwszy panel FUTURE-DRIVEN HERITAGE \u2013 o wykorzystaniu technologii cyfrowych w badaniach naukowych<\/span><\/strong><\/p>\n<p><strong>Karol Czajkowski<\/strong>, zast\u0119pca dyrektora Narodowego Instytutu Dziedzictwa przedstawi\u0142 fascynuj\u0105c\u0105 histori\u0119 rycerza Piotra, kt\u00f3rego \u015bw. Stanis\u0142aw mia\u0142 wskrzesi\u0107, aby zosta\u0142 \u015bwiadkiem w procesie o ziemi\u0119. Historia znana ze \u015bredniowiecznych \u017ar\u00f3de\u0142 zosta\u0142a wzbogacona o zdigitalizowany model kaplicy pw. \u015bw. Stanis\u0142awa Biskupa oraz p\u0142yty nagrobnej Piotra.<\/p>\n<p>Podczas drugiej prelekcji, <strong>prof. Robert Erdmann<\/strong> z Uniwersytetu Amsterdamskiego pokaza\u0142 na \u017cywo prac\u0119 programu opartego na AI, kt\u00f3ry na podstawie np. obrazu z kamery w u\u0142amek sekundy wyszukuje wszystkie obiekty zdigitalizowane w repozytorium cyfrowym, kt\u00f3re wizualnie podobne s\u0105 do tego przesy\u0142anego przez kamer\u0119. Nieco inne spojrzenie na wykorzystanie sztucznej inteligencji przedstawi\u0142 <strong>prof. Eric Postma<\/strong>, doradca naukowy w Art Recognition, firmie weryfikuj\u0105cej autentyczno\u015b\u0107 dzie\u0142 sztuki. Pokaza\u0142 on, \u017ce algorytm jest w stanie przeanalizowa\u0107 tekstur\u0119, kolorystyk\u0119 i rytmik\u0119 ruch\u00f3w p\u0119dzla, \u017ceby wspiera\u0107 historyk\u00f3w sztuki.<\/p>\n<p>Kolejne dwa wyst\u0105pienia dotyczy\u0142y wykorzystania technologii w archeologii. Najpierw <strong>dr Micha\u0142 Jakubiak<\/strong> por\u00f3wnywa\u0142 prac\u0119 archeologa \u017cmudnie badaj\u0105cego teren w poszukiwaniu kurhan\u00f3w oraz dzia\u0142anie sieci neuronowych, kt\u00f3re archeolog mo\u017ce nauczy\u0107 rozpoznawania takich obiekt\u00f3w na podstawie skan\u00f3w LIDAR. Okazuje si\u0119, \u017ce sie\u0107 neuronowa nie jest jeszcze w stanie znale\u017a\u0107 wszystkich kurhan\u00f3w zidentyfikowanych przez eksperta, ale samodzielnie rozpozna\u0142a kilka obiekt\u00f3w, kt\u00f3re archeologom nie by\u0142y znane. <strong>Dr Noemi Zabari<\/strong> ze sp\u00f3\u0142ki Muotech pokaza\u0142a z kolei prototyp skanera wykorzystuj\u0105cego promienie kosmiczne \u2013 muony do precyzyjnego obrazowania przedmiot\u00f3w oraz struktur podziemnych si\u0119gaj\u0105cych do 3 km wg\u0142\u0105b Ziemi.<\/p>\n<p>Pierwszy panel zako\u0144czy\u0142 si\u0119 tematami z zakresu historii. <strong>Prof. Tomasz Jasi\u0144ski<\/strong> z Uniwersytetu im. Adama Mickiewicza w Poznaniu zafascynowa\u0142 uczestnik\u00f3w opowie\u015bci\u0105 o swoich wieloletnich badaniach kroniki Galla Anonima \u2013 od postawienia pyta\u0144 badawczych, przez polemiki w naukowym \u015bwiecie, wyzwania zwi\u0105zane z opracowaniem w\u0142a\u015bciwego narz\u0119dzia do analizy rytm\u00f3w w 16 milionach rekord\u00f3w, po konkluzj\u0119, kt\u00f3ra rozwi\u0105za\u0142a sp\u00f3r trwaj\u0105cy od XVI wieku. Nast\u0119pnie Adam Dylewski z Muzeum Historii \u017byd\u00f3w Polskich POLIN pokaza\u0142 na przyk\u0142adzie \u017ar\u00f3de\u0142 historycznych dotycz\u0105cych \u017byd\u00f3w pruskich, \u017ce do niekt\u00f3rych analiz nie potrzeba specjalnych program\u00f3w ani sztucznej inteligencji, wystarczy dobrze zbudowana baza danych w arkuszu kalkulacyjnym.<\/p>\n<p><a href=\"https:\/\/youtu.be\/-Sd9BJwBQyI?si=J_UP5EHwsq_IZvc4\" target=\"_blank\" rel=\"noopener\" title=\"Link zostanie otwarty w nowym oknie\"><strong><img loading=\"lazy\" decoding=\"async\" src=\"https:\/\/nid.pl\/wp-content\/uploads\/2025\/09\/1-ether-2024-future-driven.jpg\" width=\"251\" height=\"141\" alt=\"\" class=\"wp-image-29762 aligncenter size-full\" style=\"float: left;\" \/><\/strong><\/a><\/p>\n<p>&nbsp;<\/p>\n<p>&nbsp;<\/p>\n<p>&nbsp;<\/p>\n<p>&nbsp;<\/p>\n<p>Zobacz relacj\u0119 na TV NID: ETHER 2024 \u2013 <a href=\"https:\/\/youtu.be\/-Sd9BJwBQyI?si=J_UP5EHwsq_IZvc4\" target=\"_blank\" rel=\"noopener\" title=\"Link zostanie otwarty w nowym oknie\"><strong>Panel I<\/strong><\/a><\/p>\n<p><strong><span style=\"text-decoration: underline;\"><\/span><\/strong><\/p>\n<p><strong><span style=\"text-decoration: underline;\">Drugi panel ELUSIVE HERITAGE \u2013 o digitalizacji dziedzictwa niematerialnego oraz tworzeniu kreatywnych opowie\u015bci o <\/span><\/strong><\/p>\n<p><strong>Dr Jacek Jackowski<\/strong><span>\u00a0<\/span>zaprezentowa\u0142 projekt Etnofon, kt\u00f3rym kieruje. Po dziesi\u0119ciu latach od jego rozpocz\u0119cia, w repozytorium cyfrowym zgromadzono ogromn\u0105 dokumentacj\u0119 polskich zbior\u00f3w fonograficznych i ta\u0144c\u00f3w ludowych. Ju\u017c teraz jest to wa\u017cny system chroni\u0105cy to dziedzictwo i u\u0142atwiaj\u0105cy jego badanie, w przysz\u0142o\u015bci by\u0107 mo\u017ce zostanie wsparty narz\u0119dziami AI.<strong>\u00a0J\u00f3zef Markiewicz<\/strong><span>\u00a0<\/span>z Muzeum Historii \u017byd\u00f3w Polskich POLIN pokaza\u0142 tworzony w Muzeum zbi\u00f3r historii m\u00f3wionych i jak te relacje \u0142\u0105cz\u0105 si\u0119 z histori\u0105 przedmiot\u00f3w.<\/p>\n<p>Na koniec pierwszego dnia konferencji uczestnicy mogli zanurzy\u0107 si\u0119 w cyfrowo wykreowane \u015bwiaty \u2013<span>\u00a0<\/span><strong>dr hab. in\u017c arch. Rafa\u0142 Szrajber<\/strong><span>\u00a0<\/span>zaprezentowa\u0142 nieistniej\u0105cy, cho\u0107 zakorzeniony w dziedzictwie przemys\u0142owym \u0141odzi, \u015bwiat w multimedialnym projekcie SteamRift. Zwr\u00f3ci\u0142 uwag\u0119 na to, \u017ce w grach wideo drzemie ogromny potencja\u0142 do promocji dziedzictwa, \u0142\u0105cz\u0105cy wizualno\u015b\u0107 obiekt\u00f3w dziedzictwa materialnego z multisensorycznym do\u015bwiadczaniem dziedzictwa niematerialnego.<span>\u00a0<\/span><strong>Dr<\/strong><span>\u00a0<\/span><strong>Joanne Popi\u0144ska i Thomas Hall<\/strong><span>\u00a0<\/span>zaproponowali z kolei VR-ow\u0105 podr\u00f3\u017c do trudnych czas\u00f3w III Rzeszy.\u00a0 Projekt Reich of Ashes to cyfrowo odtworzone relacje Ocala\u0142ych zaprezentowane na historycznym tle. Odbiorca mo\u017ce samodzielnie porusza\u0107 si\u0119 w wirtualnym czasie i przestrzeni, kt\u00f3ra \u0142\u0105czy si\u0119 z realn\u0105 przestrzeni\u0105 muzeum i znajduj\u0105cymi si\u0119 w niej eksponatami.<\/p>\n<p><a href=\"https:\/\/youtu.be\/hE8V0iP25JM?si=QKaWIF2TXjs_NKzG\" target=\"_blank\" rel=\"noopener\" title=\"Link zostanie otwarty w nowym oknie\"><img loading=\"lazy\" decoding=\"async\" src=\"https:\/\/nid.pl\/wp-content\/uploads\/2025\/09\/2-ether-2024-elusive.jpg\" width=\"251\" height=\"141\" alt=\"\" class=\"wp-image-29763 aligncenter size-full\" style=\"float: left;\" \/><\/a><\/p>\n<p>&nbsp;<\/p>\n<p>&nbsp;<\/p>\n<p>&nbsp;<\/p>\n<p>&nbsp;<\/p>\n<p>Zobacz relacj\u0119 na TV NID: ETHER 2024 \u2013 <a href=\"https:\/\/youtu.be\/hE8V0iP25JM?si=QKaWIF2TXjs_NKzG\" target=\"_blank\" rel=\"noopener\" title=\"Link zostanie otwarty w nowym oknie\"><strong>Panel II<\/strong><\/a><\/p>\n<p><strong><span style=\"text-decoration: underline;\"><\/span><\/strong><\/p>\n<p><strong><span style=\"text-decoration: underline;\">Trzeci panel DATA-POWERED HERITAGE \u2013 o\u00a0technikach\u00a0wizualizacji zabytk\u00f3w i wykorzystaniu danych cyfrowych<\/span><\/strong><br \/>Jako pierwsi wyst\u0105pili<span>\u00a0<\/span><strong>Maria Wardzy\u0144ska<span>\u00a0<\/span><\/strong>ze sp\u00f3\u0142ki Pa\u0142ac Saski oraz<span>\u00a0<\/span><strong>Eryk Bunsch<\/strong>, reprezentant firmy Heritage Imagining. Znalezione w trakcie bada\u0144 archeologicznych Pa\u0142acu Saskiego i Pa\u0142acu Bruhla fragmenty kamieniarki zosta\u0142y zeskanowane metod\u0105 fotogrametryczn\u0105, dzi\u0119ki kt\u00f3rej mo\u017cliwe jest precyzyjne odtworzenie elewacji zburzonego po Powstaniu Warszawskim budynku, a nawet rozpoznanie konkretnych technik rzemie\u015blniczych na podstawie \u015blad\u00f3w po d\u0142ucie.<\/p>\n<p><strong>Dr hab. Ma\u0142gorzata Trzaskalik-Wyrwa<\/strong>, kierownik Zespo\u0142u ds. organ\u00f3w historycznych w Narodowym Instytucie Dziedzictwa oraz<span>\u00a0<\/span><strong>Vitalij Chyzhewskyy<\/strong><span>\u00a0<\/span>\u2013 przedstawiciel firmy ARS ORGANUM Adam Olejnik pokazali, \u017ce organy, instrument ogl\u0105dany zwykle tylko od strony reprezentacyjnych i monumentalnych piszcza\u0142ek, kryje w sobie niezwykle z\u0142o\u017cone mechanizmy, kt\u00f3re szersza publiczno\u015b\u0107 pozna\u0107 mo\u017ce dzi\u0119ki skanom 3D. Dokumentacja historycznych organ\u00f3w, kt\u00f3ra w formie tradycyjnych rysunk\u00f3w i przekroj\u00f3w, mo\u017ce trwa\u0107 a\u017c cztery lata, jest znacz\u0105co przyspieszona dzi\u0119ki wykorzystaniu skaner\u00f3w, jednak sama technologia nadal nie potrafi zast\u0105pi\u0107 interpretacji cyfrowego obrazu przez organmistrza.<\/p>\n<p>Nast\u0119pnie<span>\u00a0<\/span><strong>Kamil Janik<\/strong><span>\u00a0<\/span>pokaza\u0142 uczestnikom niezwykle praktyczne wykorzystanie cyfrowej wizualizacji pi\u0119tnastowiecznych polichromii w ko\u015bciele pw. \u015bw. Marcina w Gnojniku.\u00a0Zanim przeprowadzono prace konserwatorskie, prelegent wykona\u0142 kilka wariant\u00f3w mo\u017cliwych rekonstrukcji warstwy malarskiej. Pos\u0142u\u017cy\u0142y one nie tylko do wybrania najodpowiedniejszego rozwi\u0105zania, ale te\u017c pomog\u0142y w budowaniu pozytywnych relacji pomi\u0119dzy konserwatorami a lokaln\u0105 spo\u0142eczno\u015bci\u0105.<\/p>\n<p>Kolejne, praktyczne podej\u015bcie do danych cyfrowych zaprezentowa\u0142\u00a0<strong>dr Tadas \u017di\u017ei\u016bnas<\/strong>, kierownik Laboratorium Cyfryzacji 3D i Bada\u0144 Cyfrowych Uniwersytetu Wile\u0144skiego. Wsp\u00f3\u0142tworzony przez niego system monitorowania miast historycznych, integruj\u0105cy skany i zdj\u0119cia 2D\/3D\/360\u00ba oraz dane GPS\/GIS jest w stanie wychwyci\u0107 nawet najmniejsze zmiany powsta\u0142e w wyniku ingerencji cz\u0142owieka lub natury w substancj\u0119 zabytkow\u0105.<\/p>\n<p>Prelekcja<span>\u00a0<\/span><strong>Andrzeja Go\u0142embnika<\/strong><span>\u00a0<\/span>skupia\u0142a si\u0119 na znaczeniu kategoryzacji odkry\u0107 w procesie prac archeologicznych, podkre\u015blaj\u0105c rol\u0119 dokumentacji cyfrowej i algorytm\u00f3w sztucznej inteligencji w analizie i klasyfikacji danych terenowych. Systematyczna kategoryzacja i u\u017cycie nowoczesnych technologii, takich jak skanowanie geodezyjne i bazy danych GIS, umo\u017cliwiaj\u0105 precyzyjne mapowanie warstw i struktur, wspieraj\u0105c proces archiwizacji i interpretacji wynik\u00f3w bada\u0144.<\/p>\n<p>Na koniec tego panelu,\u00a0<strong>Karol Argasi\u0144ski\u00a0<\/strong>podkre\u015blili znaczenie jednolitego s\u0142ownictwa i zintegrowanych narz\u0119dzi cyfrowych, takich jak BIM i HBIM, aby u\u0142atwi\u0107 komunikacj\u0119 i wymian\u0119 danych mi\u0119dzy r\u00f3\u017cnymi specjalistami.\u00a0Prelegent oraz wsp\u00f3\u0142autor prelekcji,<span>\u00a0<\/span><strong>Artur Tomczak<\/strong>\u00a0wykazali, \u017ce takie podej\u015bcie umo\u017cliwia lepsze zarz\u0105dzanie informacj\u0105 oraz jej zachowanie dla przysz\u0142ych pokole\u0144 w sp\u00f3jnym i \u0142atwo dost\u0119pnym formacie.<\/p>\n<p><a href=\"https:\/\/youtu.be\/CtvX2QlGf2M?si=TcLZDjF5zidU_cKF\" target=\"_blank\" rel=\"noopener\" title=\"Link zostanie otwarty w nowym oknie\"><img loading=\"lazy\" decoding=\"async\" src=\"https:\/\/nid.pl\/wp-content\/uploads\/2025\/09\/3-ether-2024-data-powered.jpg\" width=\"251\" height=\"141\" alt=\"\" class=\"wp-image-29764 aligncenter size-full\" style=\"float: left;\" \/><\/a><\/p>\n<p>&nbsp;<\/p>\n<p>&nbsp;<\/p>\n<p>&nbsp;<\/p>\n<p>&nbsp;<\/p>\n<p>Zobacz relacj\u0119 na TV NID: ETHER 2024 \u2013 <strong><a href=\"https:\/\/youtu.be\/CtvX2QlGf2M?si=TcLZDjF5zidU_cKF\" target=\"_blank\" rel=\"noopener\" title=\"Link zostanie otwarty w nowym oknie\">Panel III<\/a><\/strong><\/p>\n<p><strong><span style=\"text-decoration: underline;\">Czwarty panel SAFEGURADED HERITAGE \u2013 o ochronie dziedzictwa przy pomocy technologii oraz ochrony danych cyfrowych\u00a0<\/span><\/strong><br \/>Panel otworzy\u0142\u00a0<strong>prof. Wojciech Kowalski<\/strong>\u00a0z Narodowego Instytutu Dziedzictwa. Profesor om\u00f3wi\u0142 proces tworzenia dokumentacji cyfrowej dziedzictwa, kt\u00f3ry obejmuje pomiary terenowe oraz prace gabinetowe. Podkre\u015bli\u0142, \u017ce dokumentacja cyfrowa spe\u0142nia kryteria utworu chronionego prawem autorskim, co zobowi\u0105zuje do poszanowania praw tw\u00f3rc\u00f3w do ich integralno\u015bci i autorstwa. Prezentacja<span>\u00a0<\/span><strong>dr hab. Katarzyny Zalasi\u0144skiej<span>\u00a0<\/span><\/strong>dotyczy\u0142a ochrony prawnej tre\u015bci cyfrowych jako d\u00f3br kultury oraz wyzwa\u0144 zwi\u0105zanych z ich trwa\u0142ym zachowaniem i autentyczno\u015bci\u0105. Prelegentka wskaza\u0142a na potrzeb\u0119 stworzenia sp\u00f3jnego systemu ochrony cyfrowych zasob\u00f3w kultury, w tym wprowadzenia publicznego rejestru zasob\u00f3w oraz standard\u00f3w bezpiecze\u0144stwa i cyberochrony.<\/p>\n<p>Panel zako\u0144czy\u0142 si\u0119\u00a0debat\u0105\u00a0na temat ochrony dziedzictwa za pomoc\u0105 nowoczesnych narz\u0119dzi, w kt\u00f3rej udzia\u0142 wzi\u0119li<strong><span>\u00a0<\/span>Stefan Kami\u0144ski<span>\u00a0<\/span><\/strong>\u2013 prezes zarz\u0105du Krajowej Izby Gospodarczej Elektroniki i Telekomunikacji,<span>\u00a0<\/span><strong>Arkadiusz Ko\u0142odziej<span>\u00a0<\/span><\/strong>\u2013 kierownik Dzia\u0142u \u0141adu Architektonicznego w NASK,<span>\u00a0<\/span><strong>dr hab. Katarzyna Cha\u0142ubi\u0144ska-Jentkiewicz<\/strong><span>\u00a0<\/span>\u2013 dyrektor ds. Rejestru Domen Internetowych w NASK,<span>\u00a0<\/span><strong>dr hab. in\u017c. Robert Olszewski<span>\u00a0<\/span><\/strong>\u2013 kierownik Zak\u0142adu Kartografii Politechniki Warszawskiej oraz przedstawiciele Narodowego Instytutu Dziedzictwa \u2013 dr hab. Katarzyna Zalasi\u0144ska oraz Karol Czajkowski.\u00a0 Eksperci rozwa\u017cali efektywne metody integracji technologii z ochron\u0105 dziedzictwa, podkre\u015blaj\u0105c potrzeb\u0119 koordynacji dzia\u0142a\u0144 na r\u00f3\u017cnych poziomach, w tym lokalnym i pa\u0144stwowym.<\/p>\n<p><a href=\"https:\/\/youtu.be\/PeY1ns0lz64?si=2ColJ-DphSk0Xnmb\" target=\"_blank\" rel=\"noopener\" title=\"Link zostanie otwarty w nowym oknie\"><img loading=\"lazy\" decoding=\"async\" src=\"https:\/\/nid.pl\/wp-content\/uploads\/2025\/09\/4-ether-2024-saveguarded.jpg\" width=\"251\" height=\"141\" alt=\"\" class=\"wp-image-29761 aligncenter size-full\" style=\"float: left;\" \/><\/a><\/p>\n<p>&nbsp;<\/p>\n<p>&nbsp;<\/p>\n<p>&nbsp;<\/p>\n<p>&nbsp;<\/p>\n<p>Zobacz relacj\u0119 na TV NID: ETHER 2024 \u2013<strong><a href=\"https:\/\/youtu.be\/PeY1ns0lz64?si=2ColJ-DphSk0Xnmb\" target=\"_blank\" rel=\"noopener\" title=\"Link zostanie otwarty w nowym oknie\">Panel IV<\/a><\/strong><\/p>\n<h4><span style=\"color: #20525b;\"><b><\/b><\/span><\/h4>\n<h4><span style=\"color: #20525b;\"><b>Warsztaty<\/b><\/span><\/h4>\n<p><span style=\"text-decoration: underline;\"><strong>Warsztat \u201eSkanowanie fotogrametryczne obiekt\u00f3w dziedzictwa kultury\u201d<\/strong><\/span><\/p>\n<p><strong>Prowadz\u0105cy:<span>\u00a0<\/span><\/strong>Ryszard Zimek \u2013 kierownik Zespo\u0142u Zadaniowego ds. Digitalizacji NID<\/p>\n<p><strong>Opis:<\/strong> Uczestnicy poznali techniki fotogrametryczne umo\u017cliwiaj\u0105ce tworzenie modeli 3D obiekt\u00f3w. Przedstawiony zosta\u0142 ca\u0142y proces: od wyboru i przygotowania sprz\u0119tu, przez wykonanie zdj\u0119\u0107, po ich profesjonaln\u0105 obr\u00f3bk\u0119, sk\u0142adanie modelu w aplikacji, optymalizacj\u0119 siatki, eksport i przygotowanie tekstur na potrzeby publikacji online.<\/p>\n<p><span style=\"text-decoration: underline;\"><strong>Warsztat \u201eWykorzystanie skaningu laserowego w dokumentacji obiekt\u00f3w zabytkowych \u2013 mo\u017cliwo\u015bci, ograniczenia i wyzwania\u201d<\/strong><\/span><\/p>\n<p><strong>Prowadz\u0105cy:<span>\u00a0<\/span><\/strong>Marcin G\u0142adki \u2013 wsp\u00f3\u0142tw\u00f3rca firmy PAST realizuj\u0105cej od roku 2006 projekty dokumentacji obiekt\u00f3w zabytkowych z u\u017cyciem skaningu laserowego i fotogrametrii; prezes Fundacji Dajna im. Jerzego Okulicza-Kozaryna.<\/p>\n<p><strong>Opis:<span>\u00a0<\/span><\/strong>Warsztaty obejmowa\u0142y problematyk\u0119 zastosowania skaningu laserowego w procesie dokumentacji obiektu zabytkowego. W ramach dwudniowego cyklu zaprezentowane zosta\u0142ty zagadnienia teoretyczne zwi\u0105zane z mo\u017cliwo\u015bciami i ograniczeniami sprz\u0119tu i oprogramowania, proces planowania i wykonania prac terenowych oraz ich p\u00f3\u017aniejszego opracowania. Przedstawione zosta\u0142y tak\u017ce rozwi\u0105zania praktyczne wynikaj\u0105ce z blisko 20-letniego do\u015bwiadczenia w zakresie digitalizacji i dokumentacji obiekt\u00f3w zabytkowych z r\u00f3\u017cnych epok w Polsce, Europie p\u00f3\u0142nocnej oraz w basenie Morza \u015ar\u00f3dziemnego.<\/p>\n<ul class=\"wp-block-list\"><\/ul>\n<p data-start=\"3440\" data-end=\"3491\"><iframe loading=\"lazy\" width=\"560\" height=\"315\" src=\"https:\/\/www.youtube.com\/embed\/OpTRU9MW_Ho?si=P2i3h4475QmMeAAF\" title=\"YouTube video player\" frameborder=\"0\" allow=\"accelerometer; autoplay; clipboard-write; encrypted-media; gyroscope; picture-in-picture; web-share\" referrerpolicy=\"strict-origin-when-cross-origin\" allowfullscreen=\"\"><\/iframe><\/p>\n<p><strong><span><\/span><\/strong><\/p>\n<h4><span style=\"color: #20525b;\"><strong>Komitet organizacyjny oraz sekretariat konferencji:<\/strong><\/span><\/h4>\n<ul>\n<li>Centrum kompetencji do spraw digitalizacji zabytk\u00f3w, Zesp\u00f3\u0142 Zadaniowy ds. Digitalizacji Narodowego Instytutu Dziedzictwa.<br \/>Kontakt:\u00a0 &lt;<a href=\"mailto:ether@nid.pl\" target=\"_blank\" rel=\"noreferrer noopener\">ether@nid.pl<\/a>&gt;<\/li>\n<li>Sekretarz konferencji: Monika Ciura, &lt;<ins><a href=\"mailto:osobymciura@nid.pl\">mciura@nid.pl<\/a><\/ins>&gt;<\/li>\n<\/ul>\n<h4><strong><span style=\"color: #20525b;\">Rada naukowa konferencji ETHER:<\/span><\/strong><\/h4>\n<ul class=\"wp-block-list\">\n<li>Prof. Robert Erdmann, University of Amsterdam \u2013 przewodnicz\u0105cy<\/li>\n<li>Karol Czajkowski, Narodowy Instytut Dziedzictwa<\/li>\n<li>Arkadiusz Ko\u0142odziej, NASK<\/li>\n<li>Joanna Kr\u00f3l-Kom\u0142a, Muzeum Historii \u017byd\u00f3w Polskich POLIN<\/li>\n<li>Marta Mejzner, Ministerstwo Kultury i Dziedzictwa Narodowego<\/li>\n<li>Artur Paprocki, Veles Productions<\/li>\n<li>Dr Maciej Prarat, Uniwersytet Miko\u0142aja Kopernika w Toruniu<\/li>\n<li>Dr hab. Katarzyna Zalasi\u0144ska, Uniwersytet Warszawski<\/li>\n<\/ul>\n<p>&nbsp;<\/p>\n<p><strong>Organizatorem wydarzenia<\/strong> by\u0142 <strong>Narodowy Instytut Dziedzictwa<\/strong>, a wsp\u00f3\u0142organizatorem <strong>Muzeum Historii \u017byd\u00f3w Polskich POLIN<\/strong>.<\/p>\n<p>Konferencja zosta\u0142a obj\u0119ta honorowym patronatem sekretarz stanu w Ministerstwie Kultury i Dziedzictwa Narodowego, Generalnej Konserwator Zabytk\u00f3w Bo\u017ceny \u017belazowskiej, Polskiego Komitetu ds. UNESCO oraz Narodowego Centrum Kultury.<\/p>\n<p>Patronem medialnym konferencji by\u0142 Program 2 Polskiego Radia.<\/p>\n<p>Organizacja mi\u0119dzynarodowej konferencji ETHER \u2013 Eternal Heritage \/ Wieczne Dziedzictwo zosta\u0142a dofinansowana ze \u015brodk\u00f3w Ministra Kultury i Dziedzictwa Narodowego, w ramach realizacji zadania \u201eDofinansowanie dzia\u0142alno\u015bci Centrum Kompetencji ds. digitalizacji zabytk\u00f3w\u201d.<\/p>\n<p>&nbsp;<\/p>\n<p><img loading=\"lazy\" decoding=\"async\" src=\"https:\/\/nid.pl\/wp-content\/uploads\/2024\/10\/ETHER_organizatorzypatronaty.png\" width=\"641\" height=\"188\" alt=\"\" class=\"wp-image-22983 aligncenter size-full\" style=\"display: block; margin-left: auto; margin-right: auto;\" \/><\/p>\n<p>&nbsp;<\/p>\n<p>&#8212;<\/p>\n<p>Od ponad 20 lat Krajowy O\u015brodek Bada\u0144 i Dokumentacji Zabytk\u00f3w, a nast\u0119pnie Dzia\u0142 Digitalizacji Narodowego Instytutu Dziedzictwa wykorzystuje cyfrowe technologie pomiaru i obrazowania do inwentaryzacji obiekt\u00f3w zabytkowych. Pierwszy skaner laserowy zakupiony zosta\u0142 w 2005 roku, wtedy ju\u017c technologia pozwala\u0142a na tr\u00f3jwymiarowe odwzorowanie przedmiot\u00f3w, budynk\u00f3w czy stanowisk archeologicznych. Z up\u0142ywem lat, urz\u0105dzenia staj\u0105 si\u0119 coraz bardziej precyzyjne, opracowanie danych szybsze, a efekty czytelniejsze dla odbiorcy. Od 15 lat NID realizuje powierzon\u0105 mu przez Ministra Kultury i Dziedzictwa Narodowego funkcj\u0119 Centrum Kompetencji w obszarze digitalizacji zabytk\u00f3w.<\/p>\n<p>Do zada\u0144<span>\u00a0<\/span><a href=\"https:\/\/nid.pl\/en\/centrum-kompetencji-ds-digitalizacji-zabytkow\/\">Centrum Kompetencji ds. Digitalizacji Zabytk\u00f3w<\/a><span>\u00a0<\/span>nale\u017cy przede wszystkim koordynacja i wdra\u017canie zmian technologicznych dotycz\u0105cych digitalizacji i przechowywania danych cyfrowych oraz koordynacja w zakresie ich gromadzenia, przechowywania i udost\u0119pniania. Centrum zajmuje si\u0119 tak\u017ce wyznaczaniem standard\u00f3w, udost\u0119pnianiem ich oraz popularyzacj\u0105, w tym edukacj\u0105 kadr instytucji kultury w zakresie digitalizacji obiekt\u00f3w nieruchomych oraz promocj\u0105 zasob\u00f3w cyfrowych.<\/p>\n<p>W ramach prowadzonych dzia\u0142a\u0144 Centrum opracowuje\u00a0<a href=\"https:\/\/ksiegarnia.nid.pl\/produkt\/nowoczesne-technologie-w-dokumentacji-zabytkow\/\" target=\"_blank\" rel=\"noreferrer noopener\">zestaw dobrych praktyk<\/a>\u00a0i zalece\u0144 dotycz\u0105cych inwentaryzacji architektonicznych wykonywanych metodami cyfrowymi. Realizuje r\u00f3wnie\u017c cyfrow\u0105 inwentaryzacj\u0119 zabytk\u00f3w o strategicznym znaczeniu dla zachowania dziedzictwa kulturowego. W zakresie prowadzonych dzia\u0142a\u0144 powstaje zar\u00f3wno dokumentacja techniczna, jak i materia\u0142 wizualny do wykorzystania w popularyzacji i promocji zabytku. Wszystkie materia\u0142y s\u0105 publikowane na portalu\u00a0<a href=\"https:\/\/zabytek.pl\/pl\" target=\"_blank\" rel=\"noreferrer noopener\">zabytek.pl<\/a><span>\u00a0<\/span>oraz na portalu\u00a0<a href=\"https:\/\/sketchfab.com\/nid-official\" target=\"_blank\" rel=\"noreferrer noopener\">Sketchfab<\/a>. Wi\u0119cej o dzia\u0142aniach Centrum w artykule:<span>\u00a0<\/span><a href=\"https:\/\/nid.pl\/en\/2024\/02\/20\/dwadziescia-lat-doswiadczenia-nid-w-digitalizacji-dziedzictwa-kulturowego\/\">https:\/\/nid.pl\/2024\/02\/20\/dwadziescia-lat-doswiadczenia-nid-w-digitalizacji-dziedzictwa-kulturowego\/<\/a>.<\/p>\n<p>[\/et_pb_accordion_item][et_pb_accordion_item title=&#8221;2023&#8243; _builder_version=&#8221;4.27.4&#8243; _module_preset=&#8221;default&#8221; global_colors_info=&#8221;{}&#8221; open=&#8221;off&#8221;]<\/p>\n<p style=\"text-align: center;\"><img decoding=\"async\" src=\"https:\/\/nid.pl\/wp-content\/uploads\/2023\/11\/KonferencjaETHER_header.png\" alt=\"Plakat ETHER 2023\" title=\"Konferencja ETHER 2023\" \/><\/p>\n<p><strong>9 listopada 2023 w Warszawie odby\u0142a si\u0119 mi\u0119dzynarodowa konferencja \u201eETHER \u2013 Eternal Heritage\/Wieczne Dziedzictwo\u201d \u0142\u0105cz\u0105ca \u015brodowiska naukowc\u00f3w i tw\u00f3rc\u00f3w.<\/strong><\/p>\n<p>Dziedzictwo kulturowe to r\u00f3wnie\u017c wielka si\u0142a i wielka inspiracja, dla szerokiego grona tw\u00f3rc\u00f3w reprezentuj\u0105cych sektory kreatywne. W swoich, niekiedy w\u0105skich dziedzinach, pos\u0142uguj\u0105 si\u0119 oni podobnymi metodami i technologiami, wytwarzaj\u0105c produkty swojego rzemios\u0142a, sztuki korzystaj\u0105 z podobnych narz\u0119dzi. Czy dwa \u015bwiaty \u2013 naukowc\u00f3w i tw\u00f3rc\u00f3w, mog\u0142yby wsp\u00f3\u0142pracowa\u0107? Narodowy Instytut Dziedzictwa zaprasza do udzia\u0142u w konferencji interdyscyplinarnej, po\u015bwi\u0119conej wykorzystaniu technologii cyfrowych w obrazowaniu, dokumentowaniu i prezentowaniu dziedzictwa kulturowego, kt\u00f3ra odb\u0119dzie si\u0119 9 listopada w Filmotece Narodowej \u2013\u00a0Instytucie Audiowizualnym w Warszawie.<\/p>\n<p>Technologie digitalizacji zabytk\u00f3w, poza precyzyjn\u0105 dokumentacj\u0105, daj\u0105 nam mo\u017cliwo\u015b\u0107 szerokiego udost\u0119pniania i zachowania o nich pami\u0119ci dla przysz\u0142ych pokole\u0144. Szczeg\u00f3lnie dzisiaj, dziedzictwo kulturowe potrzebuje digitalizacji, usystematyzowanej archiwizacji oraz upowszechnienia w bezkresnych przestrzeniach wirtualnego \u015bwiata.<\/p>\n<p>Eternal Heritage \u2013 ETHER \u2013 Wieczne Dziedzictwo, to mi\u0119dzynarodowa konferencja, to pierwsza pr\u00f3ba integracji \u015brodowisk naukowych \u2013 archeologii, architektury, historii sztuki i konserwacji, muzealnik\u00f3w oraz szeroko rozumianych sektor\u00f3w kreatywnych. Podczas jednodniowego spotkania zaprezentowane zosta\u0142y najciekawsze projekty naukowe wykorzystuj\u0105ce techniki dokumentacyjne modelowania tr\u00f3jwymiarowego w architekturze zabytkowej, badaniach archeologicznych oraz analizach zabytk\u00f3w muzealnictwa oraz te zwi\u0105zane z przemys\u0142ami kreatywnymi: przemys\u0142em filmowym, przemys\u0142em gier, wzornictwem przemys\u0142owym oraz technologiami wizualizacyjnymi.<\/p>\n<p>Program konferencji obejmowa\u0142 trzy panele tematyczne, integruj\u0105ce wykorzystanie technologii digitalizacyjnych oraz ochron\u0119 i popularyzacj\u0119 dziedzictwa kulturowego. <strong>Pierwszy panel<\/strong> po\u015bwi\u0119cony by\u0142 badaniom, a wi\u0119c wsp\u00f3\u0142czesnym technologiom dokumentuj\u0105cym architektur\u0119 oraz zabytki archeologiczne. Uczestnikami tego panelu byli m.in. pracownicy Narodowego Instytutu Dziedzictwa, Ryszard Zimek zaprezentowa\u0142 projekt digitalizacji roma\u0144skich relikt\u00f3w opactwa w Czerwi\u0144sku, a prelekcja przygotowana przez dr Klar\u0119 Kantorowicz i Tomasza \u017bebrowskiego mia\u0142a na celu ukazanie jak zaskakuj\u0105ce informacje i zaginione historie mo\u017ce ujawni\u0107 cyfrowa rekonstrukcja architektury.<\/p>\n<p>Zobacz relacj\u0119 na TV NID:\u00a0<strong><a href=\"https:\/\/www.youtube.com\/watch?v=o08QPi-xF6A\" target=\"_blank\" rel=\"noopener\" title=\"Link zostanie otwarty w nowym oknie\">ETHER \u2013 Panel I<\/a><\/strong><\/p>\n<p>W <strong>drugim panelu<\/strong> o tematyce wystawienniczej wyst\u0105pili eksperci z Polski, Holandii i Wielkiej Brytanii. S\u0142uchacze mogli pozna\u0107 od podszewki proces powstawania zdj\u0119cia \u201eStra\u017cy Nocnej\u201d Rembrandta w ultra wysokiej rozdzielczo\u015bci oraz dowiedzie\u0107 si\u0119 jak wykorzysta\u0107 zdigitalizowane zabytki do promocji muze\u00f3w, bibliotek oraz edukacji m\u0142odzie\u017cy i student\u00f3w. Ekspertami ostatniego panelu po\u015bwi\u0119conego dzia\u0142aniom tw\u00f3rczym byli przedstawiciele sektor\u00f3w kreatywnych, rozwa\u017caj\u0105cy dziedzictwo kulturowe jako \u017ar\u00f3d\u0142o inspiracji w popkulturze, produkcji filmowej i projektach komercyjnych.<\/p>\n<p>Zobacz relacj\u0119 na TV NID: <strong><a href=\"https:\/\/www.youtube.com\/watch?v=VTJ-Ki77BO4\" target=\"_blank\" rel=\"noopener\" title=\"Link zostanie otwarty w nowym oknie\">ETHER \u2013 Panel II<\/a><\/strong><\/p>\n<p>Konferencja zako\u0144czy\u0142a si\u0119 <strong>panelem dyskusyjnym<\/strong>. Debat\u0119 na temat \u201eDziedzictwo kulturowe, niewykorzystany potencja\u0142?\u201d oraz rozmow\u0119 o zwi\u0105zkach pomi\u0119dzy dokumentacj\u0105 i kreacj\u0105 poprowadzili dr hab. Katarzyna Zalasi\u0144ska, dyrektor Narodowego Instytutu Dziedzictwa razem z Karolem Czajkowskim, ekspertem z Centrum Kompetencji ds. Digitalizacji Zabytk\u00f3w w Narodowym Instytucie Dziedzictwa.<\/p>\n<p>Zobacz relacj\u0119 na TV NID:<strong> <a href=\"https:\/\/www.youtube.com\/watch?v=VTJ-Ki77BO4\" target=\"_blank\" rel=\"noopener\" title=\"Link zostanie otwarty w nowym oknie\">ETHER \u2013 Panel III<\/a><\/strong><\/p>\n<p>Narodowy Instytut Dziedzictwa od 14 lat realizuje powierzon\u0105 mu funkcj\u0119 Centrum Kompetencji w obszarze digitalizacji zabytk\u00f3w.<\/p>\n<p>Do zada\u0144 Centrum Kompetencji ds. Digitalizacji Zabytk\u00f3w nale\u017cy przede wszystkim koordynacja i wdra\u017canie zmian technologicznych dotycz\u0105cych digitalizacji i przechowywania danych cyfrowych oraz koordynacja w zakresie ich gromadzenia, przechowywania i udost\u0119pniania. Zadaniem Centrum jest wyznaczanie standard\u00f3w, ich udost\u0119pnianie oraz popularyzacja, w tym edukacja kadr instytucji kultury w zakresie digitalizacji obiekt\u00f3w nieruchomych oraz promocja zasob\u00f3w cyfrowych.<\/p>\n<p>W ramach prowadzonych dzia\u0142a\u0144 Centrum opracowuje\u00a0<a href=\"https:\/\/ksiegarnia.nid.pl\/produkt\/nowoczesne-technologie-w-dokumentacji-zabytkow\/\">zestaw dobrych praktyk<\/a>\u00a0i zalece\u0144 dotycz\u0105cych inwentaryzacji architektonicznych wykonywanych metodami cyfrowymi. Realizuje r\u00f3wnie\u017c cyfrow\u0105 inwentaryzacj\u0119 zabytk\u00f3w o strategicznym znaczeniu dla zachowania dziedzictwa kulturowego. W zakresie prowadzonych dzia\u0142a\u0144 powstaje zar\u00f3wno dokumentacja techniczna, jak i materia\u0142 wizualny do wykorzystania w popularyzacji i promocji zabytku. Wszystkie materia\u0142y s\u0105 publikowane na portalu\u00a0<a href=\"https:\/\/zabytek.pl\/pl\">zabytek.pl<\/a>: chmury punkt\u00f3w wybranych zabytk\u00f3w\u00a0<a href=\"https:\/\/zabytek.pl\/pl\/obiekty?media=cumulus\">https:\/\/zabytek.pl\/pl\/obiekty?media=cumulus\u00a0<\/a>zabytki w 3D na\u00a0<a href=\"https:\/\/zabytek.pl\/pl\/obiekty?media=3d\">Obiekty \u2013 Zabytek.pl<\/a>\u00a0oraz na portalu Sketchfab\u00a0\u00a0<a href=\"https:\/\/sketchfab.com\/nid-official\">nid-official \u2013 Sketchfab<\/a><\/p>\n<p><strong>\ud83d\udcc6 Termin:<span>\u00a0<\/span><\/strong>9 listopada 2023 r. godz. 10.00-17.00<br \/><strong>\ud83d\udccdMiejsce:<\/strong><span>\u00a0<\/span>Filmoteka Narodowa \u2013 Instytut Audiowizualny, ul. Wa\u0142brzyska 3\/5, Warszawa<br \/><strong>\ud83d\udde3\ufe0f J\u0119zyk:<\/strong><span>\u00a0<\/span>polski, angielski<br \/><strong><\/strong><\/p>\n<p><strong>Organizator: <\/strong>Narodowy Instytut Dziedzictwa, przy wsp\u00f3\u0142pracy Filmoteki Narodowej \u2013 Instytutu Audiowizualnego, Centrum Rozwoju Przemys\u0142\u00f3w Kreatywnych oraz Instytutu Wzornictwa Przemys\u0142owego.<\/p>\n<p><strong>Organizacja konferencji zosta\u0142a dofinansowana ze \u015brodk\u00f3w Ministerstwa Kultury i Dziedzictwa Narodowego,<\/strong> w ramach realizacji zadania \u201eCentrum kompetencji do spraw digitalizacji zabytk\u00f3w Narodowego Instytutu Dziedzictwa\u201d.<\/p>\n<p><strong>Pobierz:<\/strong><\/p>\n<p><a class=\"attachment\" href=\"https:\/\/nid.pl\/wp-content\/uploads\/2023\/11\/ETHER23-Program.pdf\" target=\"_blank\" rel=\"noopener\" title=\"link zostanie otwarty w nowym oknie\">Program konferencji<\/a><\/p>\n<p style=\"text-align: center;\"><iframe loading=\"lazy\" width=\"560\" height=\"315\" src=\"https:\/\/www.youtube.com\/embed\/B4a6DCA2aRg?si=U6wTDjVr1y-3FzEc\" title=\"YouTube video player\" frameborder=\"0\" allow=\"accelerometer; autoplay; clipboard-write; encrypted-media; gyroscope; picture-in-picture; web-share\" referrerpolicy=\"strict-origin-when-cross-origin\" allowfullscreen=\"\"><\/iframe><\/p>\n<p>[\/et_pb_accordion_item][\/et_pb_accordion][\/et_pb_column][\/et_pb_row][\/et_pb_section][et_pb_section fb_built=&#8221;1&#8243; _builder_version=&#8221;4.7.4&#8243; _module_preset=&#8221;default&#8221; custom_margin=&#8221;43px||||false|false&#8221; custom_padding=&#8221;0px||0px||false|false&#8221; global_module=&#8221;353&#8243; saved_tabs=&#8221;all&#8221; global_colors_info=&#8221;{}&#8221;][et_pb_row column_structure=&#8221;1_3,1_3,1_3&#8243; use_custom_gutter=&#8221;on&#8221; gutter_width=&#8221;1&#8243; _builder_version=&#8221;4.16&#8243; _module_preset=&#8221;default&#8221; background_color=&#8221;rgba(0,0,0,0)&#8221; width=&#8221;100%&#8221; max_width=&#8221;2560px&#8221; custom_padding=&#8221;0px||0px||false|false&#8221; global_colors_info=&#8221;{}&#8221;][et_pb_column type=&#8221;1_3&#8243; _builder_version=&#8221;4.16&#8243; _module_preset=&#8221;default&#8221; background_color=&#8221;#e52330&#8243; global_colors_info=&#8221;{}&#8221;][et_pb_blurb title=&#8221;Logotypy NID&#8221; url_new_window=&#8221;on&#8221; use_icon=&#8221;on&#8221; font_icon=&#8221;&#xe004;||divi||400&#8243; icon_placement=&#8221;left&#8221; image_icon_width=&#8221;50px&#8221; module_class=&#8221;bigButtonModules&#8221; _builder_version=&#8221;4.27.2&#8243; _module_preset=&#8221;default&#8221; header_level=&#8221;h3&#8243; header_font=&#8221;|700|||||||&#8221; header_text_color=&#8221;#ffffff&#8221; body_text_color=&#8221;#ffffff&#8221; background_color=&#8221;#E52330&#8243; custom_margin=&#8221;||||false|false&#8221; custom_padding=&#8221;25px|25px|25px|25px|false|false&#8221; animation=&#8221;off&#8221; link_option_url=&#8221;https:\/\/nid.pl\/logotypy\/&#8221; link_option_url_new_window=&#8221;on&#8221; custom_css_blurb_image=&#8221;padding-right: 20px;||vertical-align: middle;&#8221; icon_font_size=&#8221;50px&#8221; global_colors_info=&#8221;{}&#8221;]<\/p>\n<p>Pobierz znaki promocyjne <br \/>Narodowego Instytutu Dziedzictwa<\/p>\n<p>[\/et_pb_blurb][\/et_pb_column][et_pb_column type=&#8221;1_3&#8243; _builder_version=&#8221;4.16&#8243; _module_preset=&#8221;default&#8221; background_color=&#8221;#e52330&#8243; global_colors_info=&#8221;{}&#8221;][et_pb_code _builder_version=&#8221;4.23.2&#8243; _module_preset=&#8221;default&#8221; global_colors_info=&#8221;{}&#8221;][\/et_pb_code][et_pb_blurb title=&#8221;Ksi\u0119garnia NID&#8221; url_new_window=&#8221;on&#8221; use_icon=&#8221;on&#8221; font_icon=&#8221;&#xe022;||divi||400&#8243; icon_placement=&#8221;left&#8221; image_icon_width=&#8221;50px&#8221; module_class=&#8221;bigButtonModules&#8221; _builder_version=&#8221;4.16&#8243; _module_preset=&#8221;default&#8221; header_level=&#8221;h3&#8243; header_font=&#8221;|700|||||||&#8221; header_text_color=&#8221;#ffffff&#8221; body_text_color=&#8221;#ffffff&#8221; background_color=&#8221;#444444&#8243; custom_margin=&#8221;||||false|false&#8221; custom_padding=&#8221;25px|25px|25px|25px|false|false&#8221; animation=&#8221;off&#8221; link_option_url=&#8221;https:\/\/ksiegarnia.nid.pl\/&#8221; link_option_url_new_window=&#8221;on&#8221; custom_css_blurb_image=&#8221;padding-right: 20px;||vertical-align: middle;&#8221; icon_font_size=&#8221;50px&#8221; global_colors_info=&#8221;{}&#8221;]<\/p>\n<p>Sprawd\u017a nasze produkty w ksi\u0119garni. Zamawiaj bez wychodzenia z domu ju\u017c teraz!<\/p>\n<p>[\/et_pb_blurb][\/et_pb_column][et_pb_column type=&#8221;1_3&#8243; _builder_version=&#8221;4.16&#8243; _module_preset=&#8221;default&#8221; background_color=&#8221;#e52330&#8243; global_colors_info=&#8221;{}&#8221;][et_pb_blurb title=&#8221;Zabytek.pl&#8221; url_new_window=&#8221;on&#8221; image=&#8221;https:\/\/nid.pl\/wp-content\/uploads\/2025\/12\/zabytek.pl_favicona_sm.png&#8221; icon_placement=&#8221;left&#8221; image_icon_width=&#8221;50px&#8221; module_class=&#8221;bigButtonModules&#8221; _builder_version=&#8221;4.27.5&#8243; _module_preset=&#8221;default&#8221; header_level=&#8221;h3&#8243; header_font=&#8221;|700|||||||&#8221; header_text_color=&#8221;#ffffff&#8221; body_text_color=&#8221;#ffffff&#8221; background_color=&#8221;#6b6b6b&#8221; custom_margin=&#8221;||||false|false&#8221; custom_padding=&#8221;25px|25px|25px|25px|false|false&#8221; animation=&#8221;off&#8221; link_option_url=&#8221;https:\/\/zabytek.pl\/pl&#8221; link_option_url_new_window=&#8221;on&#8221; custom_css_blurb_image=&#8221;padding-right: 20px;||vertical-align: middle;&#8221; icon_font_size=&#8221;50px&#8221; global_colors_info=&#8221;{}&#8221;]<\/p>\n<p>Serwis Narodowego Instytutu Dziedzictwa, kt\u00f3ry w nowoczesny i kompleksowy spos\u00f3b udost\u0119pnia informacje o polskich zabytkach!<\/p>\n<p>[\/et_pb_blurb][\/et_pb_column][\/et_pb_row][\/et_pb_section]<\/p>","protected":false},"excerpt":{"rendered":"<p>\u2190Powr\u00f3t Mi\u0119dzynarodowa konferencja ETHER \u2013 Eternal Heritage \/ Wieczne Dziedzictwo ma na celu integracj\u0119 \u015brodowisk naukowych, archeolog\u00f3w, architekt\u00f3w, historyk\u00f3w sztuki, konserwator\u00f3w, muzealnik\u00f3w oraz szeroko rozumianych sektor\u00f3w kreatywnych, a tak\u017ce stworzenie [&hellip;]<\/p>","protected":false},"author":4,"featured_media":0,"parent":0,"menu_order":0,"comment_status":"closed","ping_status":"closed","template":"","meta":{"_et_pb_use_builder":"on","_et_pb_old_content":"","_et_gb_content_width":"","_monsterinsights_skip_tracking":false,"_monsterinsights_sitenote_active":false,"_monsterinsights_sitenote_note":"","_monsterinsights_sitenote_category":0,"footnotes":""},"class_list":["post-21539","page","type-page","status-publish","hentry"],"yoast_head":"<!-- This site is optimized with the Yoast SEO plugin v26.5 - https:\/\/yoast.com\/wordpress\/plugins\/seo\/ -->\n<title>Mi\u0119dzynarodowa konferencja ETHER - Eternal Heritage \/ Wieczne Dziedzictwo - NID<\/title>\n<meta name=\"robots\" content=\"index, follow, max-snippet:-1, max-image-preview:large, max-video-preview:-1\" \/>\n<link rel=\"canonical\" href=\"https:\/\/nid.pl\/en\/ether\/\" \/>\n<meta property=\"og:locale\" content=\"en_GB\" \/>\n<meta property=\"og:type\" content=\"article\" \/>\n<meta property=\"og:title\" content=\"Mi\u0119dzynarodowa konferencja ETHER - Eternal Heritage \/ Wieczne Dziedzictwo - NID\" \/>\n<meta property=\"og:description\" content=\"\u2190Powr\u00f3t Mi\u0119dzynarodowa konferencja ETHER \u2013 Eternal Heritage \/ Wieczne Dziedzictwo ma na celu integracj\u0119 \u015brodowisk naukowych, archeolog\u00f3w, architekt\u00f3w, historyk\u00f3w sztuki, konserwator\u00f3w, muzealnik\u00f3w oraz szeroko rozumianych sektor\u00f3w kreatywnych, a tak\u017ce stworzenie [&hellip;]\" \/>\n<meta property=\"og:url\" content=\"https:\/\/nid.pl\/en\/ether\/\" \/>\n<meta property=\"og:site_name\" content=\"NID\" \/>\n<meta property=\"article:publisher\" content=\"https:\/\/www.facebook.com\/zabytek\" \/>\n<meta property=\"article:modified_time\" content=\"2026-03-04T13:39:01+00:00\" \/>\n<meta property=\"og:image\" content=\"https:\/\/nid.pl\/wp-content\/uploads\/2025\/11\/ETHER_2025-rejestracja-kwadrat-2.jpg\" \/>\n\t<meta property=\"og:image:width\" content=\"2160\" \/>\n\t<meta property=\"og:image:height\" content=\"2160\" \/>\n\t<meta property=\"og:image:type\" content=\"image\/jpeg\" \/>\n<meta name=\"twitter:card\" content=\"summary_large_image\" \/>\n<meta name=\"twitter:site\" content=\"@NarIDpl\" \/>\n<meta name=\"twitter:label1\" content=\"Estimated reading time\" \/>\n\t<meta name=\"twitter:data1\" content=\"10 minutes\" \/>\n<script type=\"application\/ld+json\" class=\"yoast-schema-graph\">{\"@context\":\"https:\/\/schema.org\",\"@graph\":[{\"@type\":\"WebPage\",\"@id\":\"https:\/\/nid.pl\/ether\/\",\"url\":\"https:\/\/nid.pl\/ether\/\",\"name\":\"Mi\u0119dzynarodowa konferencja ETHER - Eternal Heritage \/ Wieczne Dziedzictwo - NID\",\"isPartOf\":{\"@id\":\"https:\/\/nid.pl\/#website\"},\"primaryImageOfPage\":{\"@id\":\"https:\/\/nid.pl\/ether\/#primaryimage\"},\"image\":{\"@id\":\"https:\/\/nid.pl\/ether\/#primaryimage\"},\"thumbnailUrl\":\"https:\/\/nid.pl\/wp-content\/uploads\/2025\/11\/ETHER_2025-rejestracja-kwadrat-2-300x300.jpg\",\"datePublished\":\"2024-08-20T10:28:43+00:00\",\"dateModified\":\"2026-03-04T13:39:01+00:00\",\"breadcrumb\":{\"@id\":\"https:\/\/nid.pl\/ether\/#breadcrumb\"},\"inLanguage\":\"en-GB\",\"potentialAction\":[{\"@type\":\"ReadAction\",\"target\":[\"https:\/\/nid.pl\/ether\/\"]}]},{\"@type\":\"ImageObject\",\"inLanguage\":\"en-GB\",\"@id\":\"https:\/\/nid.pl\/ether\/#primaryimage\",\"url\":\"https:\/\/nid.pl\/wp-content\/uploads\/2025\/11\/ETHER_2025-rejestracja-kwadrat-2-300x300.jpg\",\"contentUrl\":\"https:\/\/nid.pl\/wp-content\/uploads\/2025\/11\/ETHER_2025-rejestracja-kwadrat-2-300x300.jpg\"},{\"@type\":\"BreadcrumbList\",\"@id\":\"https:\/\/nid.pl\/ether\/#breadcrumb\",\"itemListElement\":[{\"@type\":\"ListItem\",\"position\":1,\"name\":\"Home\",\"item\":\"https:\/\/nid.pl\/\"},{\"@type\":\"ListItem\",\"position\":2,\"name\":\"Mi\u0119dzynarodowa konferencja ETHER &#8211; Eternal Heritage \/ Wieczne Dziedzictwo\"}]},{\"@type\":\"WebSite\",\"@id\":\"https:\/\/nid.pl\/#website\",\"url\":\"https:\/\/nid.pl\/\",\"name\":\"NID\",\"description\":\"Narodowy Instytut Dziedzictwa\",\"publisher\":{\"@id\":\"https:\/\/nid.pl\/#organization\"},\"potentialAction\":[{\"@type\":\"SearchAction\",\"target\":{\"@type\":\"EntryPoint\",\"urlTemplate\":\"https:\/\/nid.pl\/?s={search_term_string}\"},\"query-input\":{\"@type\":\"PropertyValueSpecification\",\"valueRequired\":true,\"valueName\":\"search_term_string\"}}],\"inLanguage\":\"en-GB\"},{\"@type\":\"Organization\",\"@id\":\"https:\/\/nid.pl\/#organization\",\"name\":\"Narodowy Instytut Dziedzictwa\",\"url\":\"https:\/\/nid.pl\/\",\"logo\":{\"@type\":\"ImageObject\",\"inLanguage\":\"en-GB\",\"@id\":\"https:\/\/nid.pl\/#\/schema\/logo\/image\/\",\"url\":\"https:\/\/nid.pl\/wp-content\/uploads\/2022\/10\/logoRedDark.png\",\"contentUrl\":\"https:\/\/nid.pl\/wp-content\/uploads\/2022\/10\/logoRedDark.png\",\"width\":200,\"height\":197,\"caption\":\"Narodowy Instytut Dziedzictwa\"},\"image\":{\"@id\":\"https:\/\/nid.pl\/#\/schema\/logo\/image\/\"},\"sameAs\":[\"https:\/\/www.facebook.com\/zabytek\",\"https:\/\/x.com\/NarIDpl\",\"https:\/\/www.instagram.com\/nid.pl\/?hl=pl\",\"https:\/\/www.linkedin.com\/company\/narodowy-instytut-dziedzictwa\",\"https:\/\/www.youtube.com\/channel\/UCQXuhKa2uHtmNvLRUSx40JA\"]}]}<\/script>\n<!-- \/ Yoast SEO plugin. -->","yoast_head_json":{"title":"Mi\u0119dzynarodowa konferencja ETHER - Eternal Heritage \/ Wieczne Dziedzictwo - NID","robots":{"index":"index","follow":"follow","max-snippet":"max-snippet:-1","max-image-preview":"max-image-preview:large","max-video-preview":"max-video-preview:-1"},"canonical":"https:\/\/nid.pl\/en\/ether\/","og_locale":"en_GB","og_type":"article","og_title":"Mi\u0119dzynarodowa konferencja ETHER - Eternal Heritage \/ Wieczne Dziedzictwo - NID","og_description":"\u2190Powr\u00f3t Mi\u0119dzynarodowa konferencja ETHER \u2013 Eternal Heritage \/ Wieczne Dziedzictwo ma na celu integracj\u0119 \u015brodowisk naukowych, archeolog\u00f3w, architekt\u00f3w, historyk\u00f3w sztuki, konserwator\u00f3w, muzealnik\u00f3w oraz szeroko rozumianych sektor\u00f3w kreatywnych, a tak\u017ce stworzenie [&hellip;]","og_url":"https:\/\/nid.pl\/en\/ether\/","og_site_name":"NID","article_publisher":"https:\/\/www.facebook.com\/zabytek","article_modified_time":"2026-03-04T13:39:01+00:00","og_image":[{"width":2160,"height":2160,"url":"https:\/\/nid.pl\/wp-content\/uploads\/2025\/11\/ETHER_2025-rejestracja-kwadrat-2.jpg","type":"image\/jpeg"}],"twitter_card":"summary_large_image","twitter_site":"@NarIDpl","twitter_misc":{"Estimated reading time":"10 minutes"},"schema":{"@context":"https:\/\/schema.org","@graph":[{"@type":"WebPage","@id":"https:\/\/nid.pl\/ether\/","url":"https:\/\/nid.pl\/ether\/","name":"Mi\u0119dzynarodowa konferencja ETHER - Eternal Heritage \/ Wieczne Dziedzictwo - NID","isPartOf":{"@id":"https:\/\/nid.pl\/#website"},"primaryImageOfPage":{"@id":"https:\/\/nid.pl\/ether\/#primaryimage"},"image":{"@id":"https:\/\/nid.pl\/ether\/#primaryimage"},"thumbnailUrl":"https:\/\/nid.pl\/wp-content\/uploads\/2025\/11\/ETHER_2025-rejestracja-kwadrat-2-300x300.jpg","datePublished":"2024-08-20T10:28:43+00:00","dateModified":"2026-03-04T13:39:01+00:00","breadcrumb":{"@id":"https:\/\/nid.pl\/ether\/#breadcrumb"},"inLanguage":"en-GB","potentialAction":[{"@type":"ReadAction","target":["https:\/\/nid.pl\/ether\/"]}]},{"@type":"ImageObject","inLanguage":"en-GB","@id":"https:\/\/nid.pl\/ether\/#primaryimage","url":"https:\/\/nid.pl\/wp-content\/uploads\/2025\/11\/ETHER_2025-rejestracja-kwadrat-2-300x300.jpg","contentUrl":"https:\/\/nid.pl\/wp-content\/uploads\/2025\/11\/ETHER_2025-rejestracja-kwadrat-2-300x300.jpg"},{"@type":"BreadcrumbList","@id":"https:\/\/nid.pl\/ether\/#breadcrumb","itemListElement":[{"@type":"ListItem","position":1,"name":"Home","item":"https:\/\/nid.pl\/"},{"@type":"ListItem","position":2,"name":"Mi\u0119dzynarodowa konferencja ETHER &#8211; Eternal Heritage \/ Wieczne Dziedzictwo"}]},{"@type":"WebSite","@id":"https:\/\/nid.pl\/#website","url":"https:\/\/nid.pl\/","name":"NID","description":"Narodowy Instytut Dziedzictwa","publisher":{"@id":"https:\/\/nid.pl\/#organization"},"potentialAction":[{"@type":"SearchAction","target":{"@type":"EntryPoint","urlTemplate":"https:\/\/nid.pl\/?s={search_term_string}"},"query-input":{"@type":"PropertyValueSpecification","valueRequired":true,"valueName":"search_term_string"}}],"inLanguage":"en-GB"},{"@type":"Organization","@id":"https:\/\/nid.pl\/#organization","name":"Narodowy Instytut Dziedzictwa","url":"https:\/\/nid.pl\/","logo":{"@type":"ImageObject","inLanguage":"en-GB","@id":"https:\/\/nid.pl\/#\/schema\/logo\/image\/","url":"https:\/\/nid.pl\/wp-content\/uploads\/2022\/10\/logoRedDark.png","contentUrl":"https:\/\/nid.pl\/wp-content\/uploads\/2022\/10\/logoRedDark.png","width":200,"height":197,"caption":"Narodowy Instytut Dziedzictwa"},"image":{"@id":"https:\/\/nid.pl\/#\/schema\/logo\/image\/"},"sameAs":["https:\/\/www.facebook.com\/zabytek","https:\/\/x.com\/NarIDpl","https:\/\/www.instagram.com\/nid.pl\/?hl=pl","https:\/\/www.linkedin.com\/company\/narodowy-instytut-dziedzictwa","https:\/\/www.youtube.com\/channel\/UCQXuhKa2uHtmNvLRUSx40JA"]}]}},"_links":{"self":[{"href":"https:\/\/nid.pl\/en\/wp-json\/wp\/v2\/pages\/21539","targetHints":{"allow":["GET"]}}],"collection":[{"href":"https:\/\/nid.pl\/en\/wp-json\/wp\/v2\/pages"}],"about":[{"href":"https:\/\/nid.pl\/en\/wp-json\/wp\/v2\/types\/page"}],"author":[{"embeddable":true,"href":"https:\/\/nid.pl\/en\/wp-json\/wp\/v2\/users\/4"}],"replies":[{"embeddable":true,"href":"https:\/\/nid.pl\/en\/wp-json\/wp\/v2\/comments?post=21539"}],"version-history":[{"count":11,"href":"https:\/\/nid.pl\/en\/wp-json\/wp\/v2\/pages\/21539\/revisions"}],"predecessor-version":[{"id":33570,"href":"https:\/\/nid.pl\/en\/wp-json\/wp\/v2\/pages\/21539\/revisions\/33570"}],"wp:attachment":[{"href":"https:\/\/nid.pl\/en\/wp-json\/wp\/v2\/media?parent=21539"}],"curies":[{"name":"wp","href":"https:\/\/api.w.org\/{rel}","templated":true}]}}