{"id":2002,"date":"2021-08-20T15:04:43","date_gmt":"2021-08-20T13:04:43","guid":{"rendered":"https:\/\/nid.pl\/?page_id=2002"},"modified":"2024-10-01T16:27:14","modified_gmt":"2024-10-01T14:27:14","slug":"program-identyfikacji-i-oznakowania-cmentarzy-zydowskich-na-terenie-rp","status":"publish","type":"page","link":"https:\/\/nid.pl\/en\/program-identyfikacji-i-oznakowania-cmentarzy-zydowskich-na-terenie-rp\/","title":{"rendered":"Program identyfikacji i oznakowania cmentarzy \u017cydowskich na terenie RP"},"content":{"rendered":"<p>[et_pb_section fb_built=&#8221;1&#8243; _builder_version=&#8221;4.16&#8243; _module_preset=&#8221;default&#8221; custom_padding=&#8221;0px||0px|||&#8221; global_colors_info=&#8221;{}&#8221;][et_pb_row _builder_version=&#8221;4.16&#8243; _module_preset=&#8221;default&#8221; background_image=&#8221;https:\/\/nid.pl\/wp-content\/uploads\/2021\/11\/cmentarze1900x560_v3.jpg&#8221; width=&#8221;100%&#8221; max_width=&#8221;100%&#8221; height=&#8221;400px&#8221; custom_margin=&#8221;|auto||auto|false|false&#8221; custom_padding=&#8221;0px||0px|||&#8221; global_colors_info=&#8221;{}&#8221;][et_pb_column type=&#8221;4_4&#8243; _builder_version=&#8221;4.16&#8243; _module_preset=&#8221;default&#8221; global_colors_info=&#8221;{}&#8221;][\/et_pb_column][\/et_pb_row][\/et_pb_section][et_pb_section fb_built=&#8221;1&#8243; _builder_version=&#8221;4.16&#8243; _module_preset=&#8221;default&#8221; custom_padding=&#8221;0px|0px|0px|0px|false|false&#8221; global_colors_info=&#8221;{}&#8221;][et_pb_row _builder_version=&#8221;4.16&#8243; _module_preset=&#8221;default&#8221; width=&#8221;100%&#8221; max_width=&#8221;100%&#8221; custom_padding=&#8221;50px|50px|50px|50px|false|false&#8221; global_colors_info=&#8221;{}&#8221;][et_pb_column type=&#8221;4_4&#8243; _builder_version=&#8221;4.16&#8243; _module_preset=&#8221;default&#8221; global_colors_info=&#8221;{}&#8221;][et_pb_text module_id=&#8221;backButtonBox&#8221; _builder_version=&#8221;4.7.4&#8243; _module_preset=&#8221;default&#8221; custom_margin=&#8221;0px|0px|0px|0px|false|false&#8221; custom_padding=&#8221;0px|0px|0px|0px|false|false&#8221; global_module=&#8221;2594&#8243; locked=&#8221;off&#8221; global_colors_info=&#8221;{}&#8221;]<\/p>\n<div class=\"backButton\" onclick=\"javascript:window.history.back();\"><span>\u2190<\/span>Powr\u00f3t<\/div>\n<p>[\/et_pb_text][et_pb_text _builder_version=&#8221;4.16&#8243; _dynamic_attributes=&#8221;content&#8221; _module_preset=&#8221;default&#8221; text_font_size=&#8221;26px&#8221; custom_margin=&#8221;||25px||false|false&#8221; custom_padding=&#8221;||||false|false&#8221; global_colors_info=&#8221;{}&#8221;]@ET-DC@eyJkeW5hbWljIjp0cnVlLCJjb250ZW50IjoicG9zdF90aXRsZSIsInNldHRpbmdzIjp7ImJlZm9yZSI6IiIsImFmdGVyIjoiIn19@[\/et_pb_text][et_pb_divider _builder_version=&#8221;4.16&#8243; _module_preset=&#8221;default&#8221; background_color=&#8221;#e52330&#8243; height=&#8221;5px&#8221; custom_margin=&#8221;0px||25px||false|false&#8221; custom_padding=&#8221;0px||0px||false|false&#8221; global_colors_info=&#8221;{}&#8221;][\/et_pb_divider][et_pb_accordion icon_color=&#8221;#e52330&#8243; module_class=&#8221;specialAccordion keepOpenAccordion&#8221; _builder_version=&#8221;4.25.1&#8243; _module_preset=&#8221;default&#8221; global_colors_info=&#8221;{}&#8221;][et_pb_accordion_item title=&#8221;O programie&#8221; open=&#8221;on&#8221; _builder_version=&#8221;4.23.2&#8243; _module_preset=&#8221;default&#8221; global_colors_info=&#8221;{}&#8221;]<\/p>\n<p>Od 2017 roku Narodowy Instytut Dziedzictwa prowadzi program \u201eOznakowanie cmentarzy \u017cydowskich na terenie Rzeczypospolitej Polskiej\u201d, w ramach realizacji dzia\u0142a\u0144 powierzonych przez Ministerstwo Kultury i Dziedzictwa Narodowego.<\/p>\n<p>Na pierwszym etapie realizacji programu, zosta\u0142o przeprowadzone rozpoznanie dokumentacji konserwatorskiej cmentarzy \u017cydowskich b\u0119d\u0105cej w zasobach Narodowego Instytutu Dziedzictwa oraz instytucji muzealnych i naukowych zajmuj\u0105cych si\u0119 badaniem kultury \u017cydowskiej. Przeprowadzono r\u00f3wnie\u017c digitalizacj\u0119 Kart ewidencyjnych cmentarzy \u017cydowskich, kt\u00f3re nast\u0119pnie udost\u0119pniono na portalu zabytek.pl.<\/p>\n<p>We wsp\u00f3\u0142pracy z Wojew\u00f3dzkimi Konserwatorami Zabytk\u00f3w, Muzeum Historii \u017byd\u00f3w Polskich POLIN, Zwi\u0105zkiem Gmin Wyznaniowych \u017bydowskich w RP, \u017bydowskim Instytutem Historycznym oraz Fundacj\u0105 Ochrony Dziedzictwa \u017bydowskiego, NID opracowa\u0142 program weryfikacji terenowej cmentarzy \u017cydowskich, na podstawie kt\u00f3rego wykonywana jest szczeg\u00f3\u0142owa inwentaryzacja na terenie ca\u0142ej Polski.<\/p>\n<p>Od 2018 roku Instytut przeprowadzi\u0142 weryfikacj\u0119 terenow\u0105 1218 cmentarzy na terenie ca\u0142ej Polski, podczas kt\u00f3rej sprawdzano lokalizacj\u0119 cmentarza, stan zachowania, okre\u015blano czytelno\u015b\u0107 historycznych granic oraz istnienie element\u00f3w upami\u0119tniaj\u0105cych. Na dzie\u0144 dzisiejszy uda\u0142o si\u0119 potwierdzi\u0107 lokalizacj\u0119 1167 obiekt\u00f3w.<\/p>\n<p>W trakcie realizacji projektu podj\u0119to inicjatyw\u0119 sp\u00f3jnego oznakowania zidentyfikowanych i opracowanych cmentarzy \u017cydowskich. Projekt tablic w formie macewy z inskrypcj\u0105 w j\u0119zyku polskim i hebrajskim zosta\u0142 uzgodniony z Generalnym Konserwatorem Zabytk\u00f3w oraz Naczelnym Rabinem Polski. Umieszczony na tablicy kod QR odsy\u0142a do szerszych opis\u00f3w na portalu zabytek.pl, gdzie znajduje si\u0119 informacja na temat danego cmentarza oraz spo\u0142eczno\u015bci \u017cydowskiej, kt\u00f3ra zamieszkiwa\u0142a ten teren. W ten spos\u00f3b do ko\u0144ca 2023 roku oznakowano 52 nekropolie.<\/p>\n<p>Niezmiernie istotnym elementem programu jest anga\u017cowanie lokalnych spo\u0142eczno\u015bci w ca\u0142y proces oznakowania cmentarzy. I taki cel przy\u015bwieca\u0142 programowi realizowanemu przez Muzeum POLIN we wsp\u00f3\u0142pracy z NID, w ramach kt\u00f3rego uroczysto\u015bciom prezentacji oznakowania cmentarza \u017cydowskiego towarzyszy\u0142y zaj\u0119cia edukacyjne w szko\u0142ach.<\/p>\n<p>Partnerzy programu: Muzeum Historii \u017byd\u00f3w Polskich POLIN, \u017bydowski Instytut Historyczny, Zwi\u0105zek Gmin Wyznaniowych \u017bydowskich w RP, Fundacja Ochrony Dziedzictwa \u017bydowskiego oraz Generalna Dyrekcja Las\u00f3w Pa\u0144stwowych.<\/p>\n<p>[\/et_pb_accordion_item][et_pb_accordion_item title=&#8221;Kalendarium&#8221; _builder_version=&#8221;4.25.1&#8243; _module_preset=&#8221;default&#8221; global_colors_info=&#8221;{}&#8221; open=&#8221;off&#8221;]<\/p>\n<p><strong>2024<br \/><\/strong>Do 31 maja oznakowano 4 obiekty &#8211; cmentarz \u017cydowski w O\u0142awie we wsp\u00f3\u0142pracy z Gmin\u0105 Wyznaniow\u0105 \u017bydowsk\u0105 we Wroc\u0142awiu, cmentarz \u017cydowski w Dzier\u017coniowie we wsp\u00f3\u0142pracy z Gmin\u0105 Wyznaniow\u0105 \u017bydowsk\u0105 we Wroc\u0142awiu, cmentarz \u017cydowski w L\u0105dku-Zdroju we wsp\u00f3\u0142pracy z Urz\u0119dem Miasta i L\u0105deckim Towarzystwem Historyczno- Eksploracyjnym oraz cmentarz \u017cydowski w Kcyni we wsp\u00f3\u0142pracy z Urz\u0119dem Miasta.<br \/>Na cmentarzach w Dzier\u017coniowie i Kcyni zorganizowano uroczysto\u015bci prezentacji oznakowania cmentarzy we wsp\u00f3\u0142pracy z Muzeum Historii \u017byd\u00f3w Polskich POLIN i w\u0142adzami obu miast.<\/p>\n<p><strong>2023<\/strong><br \/>W 2023 roku oznakowano 16 cmentarzy w miejscowo\u015bciach: Lubiechnia Wielka (okre\u015blany jako cmentarz w Rzepinie), Zasieki, D\u0105browa Tarnowska, Proszowice, Przysucha, Serock, \u0141a\u0144cut, Chojnice (cmentarz stary i nowy), Olsztyn, Pisz, W\u0119gorzwo, Ziele\u0144, Racib\u00f3rz, Kalisz, Gniewkowo.<\/p>\n<p>W Muzeum POLIN, 29 listopada 2023 roku odby\u0142o si\u0119 spotkanie podsumowuj\u0105ce pi\u0119\u0107 lat programu. Spotkanie otworzyli dyrektor Narodowego Instytutu Dziedzictwa, dr hab. Katarzyna Zalasi\u0144ska, dyrektor Muzeum Historii \u017byd\u00f3w Polskich POLIN, Zygmunt St\u0119pi\u0144ski, przedstawiciel Gmin Wyznaniowych \u017bydowskich, rabin Icchak Rapoport oraz dyrektor Fundacji Ochrony Dziedzictwa \u017bydowskiego, Piotr Puchta. Nast\u0119pnie prezentowano wyniki dotychczasowych dzia\u0142a\u0144 na wybranych, oznakowanych obiektach.<\/p>\n<p><strong>2022<\/strong><br \/>W ramach dzia\u0142a\u0144 programu w 2022 roku dokonano oznakowania 20 obiekt\u00f3w tablicami pami\u0105tkowymi w nast\u0119puj\u0105cych miejscowo\u015bciach: Sulbiny \/ Garwolin, Brzoz\u00f3w, Stepnica, Zakroczym, Olesno, Z\u0142ot\u00f3w, Modliborzyce, Lubart\u00f3w, G\u00f3rczyna \/ Szlichtyngowa, B\u0105czek \/ Skarszewy, Rzemie\u0144, Chorupnik \/ Gorzk\u00f3w, Markusz\u00f3w, Gniewosz\u00f3w ul. Dolna, Gniewosz\u00f3w ul. Zacisze, Starowola \/ Parys\u00f3w, \u017buromin, Iwaniska, Stasz\u00f3w ul. Ko\u015bciuszki, Bia\u0142obrzegi.<\/p>\n<p>Prowadzone dzia\u0142ania upami\u0119tniaj\u0105ce nieczynnych cmentarzy wymaga\u0142y wypracowania ro\u017cnych form wsp\u00f3\u0142pracy z lokalnymi partnerami. Oznakowanie tej liczby obiekt\u00f3w by\u0142o mo\u017cliwe dzi\u0119ki dobrej wsp\u00f3\u0142pracy z licznymi partnerami projektu, Nadle\u015bnictwami Las\u00f3w Pa\u0144stwowych, w\u0142adzami samorz\u0105dowymi, organizacjami pozarz\u0105dowymi oraz Komisj\u0105 rabiniczna i WUOZ. Wiod\u0105cymi partnerami w procesie oznakowywania cmentarzy sta\u0142y si\u0119 nadle\u015bnictwa Las\u00f3w Pa\u0144stwowych (5 obiekt\u00f3w) oraz Fundacja Ochrony Dziedzictwa \u017bydowskiego (7 obiekt\u00f3w), za\u015b partnerami dla oznakowania kolejnych 8 obiekt\u00f3w by\u0142y lokalne w\u0142adze samorz\u0105dowe.<\/p>\n<p>Dzia\u0142aniem towarzysz\u0105cym oznakowaniu cmentarzy by\u0142y ceremonie prezentacji dokonanego oznaczenia adresowane do lokalnej spo\u0142eczno\u015bci organizowane wsp\u00f3lnie z Muzeum Historii \u017byd\u00f3w Polskich POLIN. Ich celem by\u0142o przywracanie pami\u0119ci o cmentarzach oraz o spo\u0142eczno\u015bci \u017cydowskiej. W 2022 roku zorganizowano 7 ceremonii, 5 z nich towarzyszy\u0142y realizowane przez Muzeum POLIN zaj\u0119cia edukacyjne w szko\u0142ach.<\/p>\n<p>Wykonano uzupe\u0142niaj\u0105c\u0105 kwerend\u0119 dla obiekt\u00f3w obj\u0119tych oznakowaniem oraz redagowano noty o historii cmentarzy i spo\u0142eczno\u015bci \u017cydowskich. Prowadzono ci\u0105g\u0142\u0105 aktualizacj\u0119 bazy cmentarzy \u017cydowskich oparta na nowych danych od WUOZ, FOD\u017b, Komisji Rabinicznej, \u017bIH, GW\u017b, OT NID, POLIN, FDK.<\/p>\n<p><strong>2021<\/strong><br \/>W 2021 w ramach Programu \u201eOznakowanie cmentarzy \u017cydowskich na terenie Rzeczypospolitej Polskiej\u201d oznakowano cmentarze w Bolimowie, G\u00f3rkach (okre\u015blany jako cmentarz w Sosnowicy), Janowcu, Janowie Lubelskim i w Szamotu\u0142ach.<\/p>\n<p><strong>2020<\/strong><br \/>W 2020 roku podpisano porozumienia o d\u0142ugoterminowej wsp\u00f3\u0142pracy z Muzeum Historii \u017byd\u00f3w Polskich \u201cPOLIN\u201d, Fundacj\u0105 Ochrony Dziedzictwa \u017bydowskiego oraz Fundacj\u0105 Dziedzictwa Kulturowego. Celem porozumienia z Muzeum \u201cPOLIN\u201d jest upowszechniane informacji o cmentarzach \u017cydowskich i innych obiektach kultury \u017cydowskiej w Polsce oraz organizowanie akcji edukacyjnych s\u0142u\u017c\u0105cych wypracowywaniu mechanizm\u00f3w ich ochrony z udzia\u0142em lokalnych spo\u0142eczno\u015bci.<\/p>\n<p>Celem porozumienia z Fundacj\u0105 Ochrony Dziedzictwa \u017bydowskiego jest wsp\u00f3\u0142praca przy oznakowaniu i piel\u0119gnowania cmentarzy \u017cydowskich oraz wzajemna wymian informacji na temat podejmowanych dzia\u0142a\u0144. Fundacj\u0105 Ochrony Dziedzictwa \u017bydowskiego wyst\u0119puje w tym wypadku, jako prawny w\u0142a\u015bciciel i opiekun stu kilkudziesi\u0119ciu oraz inicjator dzia\u0142a\u0144 konserwatorskich w imieniu spo\u0142eczno\u015bci \u017cydowskiej w Polsce. Te same cele przy\u015bwiecaj\u0105 porozumieniu z Fundacj\u0105 Dziedzictwa Kulturowego.<\/p>\n<p>W 2020 roku wypracowano wraz z Fundacj\u0105 Ochrony Dziedzictwa \u017bydowskiego, Komisj\u0105 Rabiniczn\u0105 ds. cmentarzy dzia\u0142aj\u0105ca przy Zwi\u0105zku Gmin Wyznaniowych \u017bydowskich i Fundacj\u0105 Dziedzictwa Kulturowego mo\u017cliwo\u015bci oznakowania kolejnych cmentarzy \u017cydowskich z udzia\u0142em w\u0142adz samorz\u0105dowych i lokalnych dzia\u0142aczy z wykorzystaniem tablic wyprodukowanych w 2019 roku. Pandemia ograniczy\u0142a mo\u017cliwo\u015b\u0107 dzia\u0142a\u0144 oznakowanie wi\u0119kszej ilo\u015b\u0107 dzia\u0142a\u0144 terenowych. Oznakowano cmentarz \u017cydowski w Tuszynie, stanowi\u0105cy w\u0142asno\u015b\u0107 Gminy Wyznaniowej \u017bydowskiej w \u0141odzi.<\/p>\n<p><strong>2019<\/strong><br \/>W 2019 r. Narodowy Instytut Dziedzictwa kontynuowa\u0142 realizacj\u0119 programu \u201eOznakowanie cmentarzy \u017cydowskich na terenie Rzeczypospolitej Polskiej\u201d. Dane z weryfikacji terenowej cmentarzy \u017cydowskich wraz z lokalizacjami cmentarzy wprowadzono do Geoprzestrzennej Bazy NID. We wsp\u00f3\u0142pracy z Fundacj\u0105 Dziedzictwa Kulturowego, Fundacj\u0105 Ochrony Dziedzictwa \u017bydowskiego, Muzeum Historii \u017byd\u00f3w Polskich POLIN aktualizowano informacje o stanie zachowania i w\u0142asno\u015bci cmentarzy. Wydano folder \u201eOznakowanie cmentarzy \u017cydowskich w Rzeczypospolitej Polskiej\u201d prezentuj\u0105cy metod\u0119 weryfikacji i znakowania cmentarzy. W 2019 oznakowano w terenie 4 cmentarze \u017cydowskie: Cmentarz \u017cydowski nowy w Wyszogrodzie, Cmentarz \u017cydowski w \u0141om\u017cy, Cmentarz \u017cydowski w Nasielsku, Cmentarz \u017cydowski w Orli.<\/p>\n<p><strong>2018<\/strong><br \/>Narodowy Instytut Dziedzictwa rozpocz\u0105\u0142 realizacj\u0119 Programu \u201eOznakowanie cmentarzy \u017cydowskich na terenie Rzeczypospolitej Polskiej\u201d.<br \/>W 2018 r. NID przeprowadzi\u0142 terenow\u0105 weryfikacj\u0119 cmentarzy na terenie ca\u0142ej Polski. Weryfikacja terenowa cmentarzy \u017cydowskich wykonana przez Oddzia\u0142y Terenowe Narodowego Instytutu Dziedzictwa obj\u0119\u0142a 1218 obiekt\u00f3w. Podczas wizji terenowych i og\u00f3lnych kwerend potwierdzano lokalizacj\u0119 cmentarza, stan zachowania, okre\u015blano czytelno\u015bci historycznych granic oraz istnienie element\u00f3w upami\u0119tniaj\u0105cych (potwierdzenie lokalizacji 1150 obiekt\u00f3w).<br \/>Integraln\u0105 cz\u0119\u015bci\u0105 projektu by\u0142a pilota\u017cowe oznakowanie wybranych cmentarzy \u017cydowskich. Oznakowanie obj\u0119\u0142o 6 obiekt\u00f3w wpisanych do rejestru zabytk\u00f3w, nale\u017c\u0105cych do Gminy Wyznaniowej \u017bydowskiej w Warszawie oraz Fundacji Ochrony Dziedzictwa \u017bydowskiego. W ramach pilota\u017cu wykonano projekt znacznik\u00f3w granic i tablic uzgodnionych przez Generalnego Konserwatora Zabytk\u00f3w i Naczelnego Rabina Polski oraz zamontowano przygotowane elementy na cmentarzach w Tykocinie, Siedlcach, G\u00f3rze Kalwarii, Warszawie ul. Okopowa, Broku, Lublinie ul. Kalinowszczyzna. Oznakowaniu towarzyszy\u0142o umieszczenie informacji historycznych o cmentarzach portalu ZABYTEK.PL w j\u0119zyku polskim, hebrajskim i angielskim. Na cmentarzu w Broku wykonano prace porz\u0105dkowe i dokonano geodezyjnego wyznaczenia historycznych granic. W Tykocinie i w Lublinie na cmentarzach \u017cydowskich odby\u0142y si\u0119 prezentacje oznakowania z udzia\u0142em Wojew\u00f3dzkich Konserwator\u00f3w Zabytk\u00f3w, w\u0142a\u015bcicieli obiekt\u00f3w, badaczy dziedzictwa \u017cydowskiego oraz lokalnej spo\u0142eczno\u015bci.<\/p>\n<p><strong>2017<\/strong><br \/>W 2017 r. Ministerstwo Kultury i Dziedzictwa Narodowego og\u0142osi\u0142o program \u201eOznakowanie cmentarzy \u017cydowskich na terenie Rzeczypospolitej Polskiej\u201d i powierzy\u0142o jego realizacj\u0119 Narodowemu Instytutowi Dziedzictwa. G\u0142\u00f3wnym celem programu jest identyfikacja i przywr\u00f3cenie pami\u0119ci o zapomnianych cmentarza \u017cydowskich, w znacznej przypadk\u00f3w pozbawionych ca\u0142kowicie powierzchniowych \u015blad\u00f3w ich istnienia. Narodowy Instytut Dziedzictwa dokona\u0142 przegl\u0105du istniej\u0105cej dokumentacji konserwatorskiej cmentarzy \u017cydowskich we w\u0142asnych zasobach oraz w instytucjach muzealnych i naukowych zajmuj\u0105cych badaniem kultury \u017cydowskiej. Dokonano digitalizacji Kart cmentarzy \u017cydowskich. Nawi\u0105zano wsp\u00f3\u0142prac\u0119 z partnerami Programu \u2013 Muzeum Historii \u017byd\u00f3w Polskich POLIN, \u017bydowskim Instytutem Historycznym, Zwi\u0105zkiem Gmin Wyznaniowych \u017bydowskich w RP, Fundacj\u0105 Ochrony Dziedzictwa \u017bydowskiego. Z udzia\u0142em Muzeum POLIN przygotowano list\u0119 cmentarzy do weryfikacji. Opracowano metod\u0119 i plan weryfikacji terenowej cmentarzy \u017cydowskich. Program weryfikacji zosta\u0142 przygotowany we wsp\u00f3\u0142pracy z Wojew\u00f3dzkimi Konserwatorami Zabytk\u00f3w, Muzeum Historii \u017byd\u00f3w Polskich POLIN, Zwi\u0105zkiem Gmin Wyznaniowych \u017bydowskich w RP, \u017bydowskim Instytutem Historycznym, Fundacj\u0105 Ochrony Dziedzictwa \u017bydowskiego.<\/p>\n<p>Program Oznakowanie cmentarzy \u017cydowskich na terenie RP finansowany jest ze \u015brodk\u00f3w Ministra Kultury i Dziedzictwa Narodowego.<\/p>\n<p>[\/et_pb_accordion_item][\/et_pb_accordion][et_pb_text _builder_version=&#8221;4.23.2&#8243; _module_preset=&#8221;default&#8221; global_colors_info=&#8221;{}&#8221;]<\/p>\n<p><strong>News<\/strong><\/p>\n<p>[\/et_pb_text][et_pb_blog posts_number=&#8221;4&#8243; include_categories=&#8221;100&#8243; excerpt_length=&#8221;150&#8243; show_author=&#8221;off&#8221; show_categories=&#8221;off&#8221; module_class=&#8221;specialPosts&#8221; _builder_version=&#8221;4.23.2&#8243; _module_preset=&#8221;default&#8221; header_font=&#8221;|600|||||||&#8221; header_text_color=&#8221;#e52330&#8243; header_font_size=&#8221;19px&#8221; header_line_height=&#8221;1.2em&#8221; body_text_color=&#8221;#000000&#8243; meta_font=&#8221;||||||||&#8221; meta_text_color=&#8221;#9b9b9b&#8221; read_more_font=&#8221;|700||||on|||&#8221; read_more_text_color=&#8221;#000000&#8243; custom_margin=&#8221;-32px|||||&#8221; custom_padding=&#8221;||||false|false&#8221; custom_css_main_element=&#8221;column-count: 4;||column-gap: 25px;&#8221; global_colors_info=&#8221;{}&#8221; custom_css_main_element_tablet=&#8221;column-count: 2;||column-gap: 25px;&#8221; custom_css_main_element_phone=&#8221;column-count: 1;||column-gap: 0px;&#8221; custom_css_main_element_last_edited=&#8221;on|phone&#8221;][\/et_pb_blog][et_pb_text _builder_version=&#8221;4.23.2&#8243; _module_preset=&#8221;default&#8221; locked=&#8221;off&#8221; global_colors_info=&#8221;{}&#8221;][\/et_pb_text][\/et_pb_column][\/et_pb_row][et_pb_row column_structure=&#8221;1_2,1_2&#8243; _builder_version=&#8221;4.16&#8243; _module_preset=&#8221;default&#8221; width=&#8221;100%&#8221; max_width=&#8221;1604px&#8221; global_colors_info=&#8221;{}&#8221;][et_pb_column type=&#8221;1_2&#8243; _builder_version=&#8221;4.16&#8243; _module_preset=&#8221;default&#8221; global_colors_info=&#8221;{}&#8221;][et_pb_text _builder_version=&#8221;4.23.2&#8243; _module_preset=&#8221;default&#8221; custom_margin=&#8221;||13px|||&#8221; border_width_top=&#8221;1px&#8221; border_color_top=&#8221;#D6D6D6&#8243; global_colors_info=&#8221;{}&#8221;]<\/p>\n<p><strong>Oznakowanie cmentarza w Bolimowie, woj. mazowieckie<\/strong><\/p>\n<p>[\/et_pb_text][et_pb_gallery gallery_ids=&#8221;2460,2457&#8243; posts_number=&#8221;2&#8243; show_pagination=&#8221;off&#8221; admin_label=&#8221;Oznakowanie cmentarza \u017cydowskiego w Orli, woj. podlaskie&#8221; _builder_version=&#8221;4.23.2&#8243; _module_preset=&#8221;default&#8221; title_level=&#8221;h6&#8243; custom_margin=&#8221;||2px|||&#8221; global_colors_info=&#8221;{}&#8221;][\/et_pb_gallery][et_pb_text _builder_version=&#8221;4.23.2&#8243; _module_preset=&#8221;default&#8221; custom_margin=&#8221;||13px|||&#8221; border_width_top=&#8221;1px&#8221; border_color_top=&#8221;#D6D6D6&#8243; global_colors_info=&#8221;{}&#8221;]<\/p>\n<p><strong>Oznakowanie cmentarza w Broku, woj. mazowieckie<\/strong><\/p>\n<p>[\/et_pb_text][et_pb_gallery gallery_ids=&#8221;2455,2456&#8243; posts_number=&#8221;2&#8243; show_pagination=&#8221;off&#8221; admin_label=&#8221;Oznakowanie cmentarza \u017cydowskiego w Orli, woj. podlaskie&#8221; _builder_version=&#8221;4.23.2&#8243; _module_preset=&#8221;default&#8221; title_level=&#8221;h6&#8243; custom_margin=&#8221;||2px|||&#8221; global_colors_info=&#8221;{}&#8221;][\/et_pb_gallery][et_pb_text _builder_version=&#8221;4.27.0&#8243; _module_preset=&#8221;default&#8221; custom_margin=&#8221;||13px|||&#8221; hover_enabled=&#8221;0&#8243; border_width_top=&#8221;1px&#8221; border_color_top=&#8221;#D6D6D6&#8243; global_colors_info=&#8221;{}&#8221; sticky_enabled=&#8221;0&#8243;]<\/p>\n<p><strong>Oznakowanie cmentarza w Czy\u017cewie, woj. podlaskie<\/strong><\/p>\n<p>[\/et_pb_text][et_pb_gallery gallery_ids=&#8221;22622,22626&#8243; posts_number=&#8221;2&#8243; show_pagination=&#8221;off&#8221; admin_label=&#8221;Oznakowanie cmentarza \u017cydowskiego w Orli, woj. podlaskie&#8221; _builder_version=&#8221;4.27.0&#8243; _module_preset=&#8221;default&#8221; title_level=&#8221;h6&#8243; custom_margin=&#8221;||2px|||&#8221; hover_enabled=&#8221;0&#8243; global_colors_info=&#8221;{}&#8221; sticky_enabled=&#8221;0&#8243;][\/et_pb_gallery][et_pb_text _builder_version=&#8221;4.25.1&#8243; _module_preset=&#8221;default&#8221; custom_margin=&#8221;||13px|||&#8221; border_width_top=&#8221;1px&#8221; border_color_top=&#8221;#D6D6D6&#8243; global_colors_info=&#8221;{}&#8221;]<\/p>\n<p><strong>Oznakowanie cmentarza \u017cydowskiego w Dzier\u017coniowie<\/strong><\/p>\n<p>[\/et_pb_text][et_pb_gallery gallery_ids=&#8221;19528,19529&#8243; posts_number=&#8221;2&#8243; show_pagination=&#8221;off&#8221; admin_label=&#8221;Oznakowanie cmentarza \u017cydowskiego w Orli, woj. podlaskie&#8221; _builder_version=&#8221;4.25.1&#8243; _module_preset=&#8221;default&#8221; title_level=&#8221;h6&#8243; custom_margin=&#8221;||2px|||&#8221; global_colors_info=&#8221;{}&#8221;][\/et_pb_gallery][et_pb_text _builder_version=&#8221;4.23.2&#8243; _module_preset=&#8221;default&#8221; custom_margin=&#8221;||13px|||&#8221; border_width_top=&#8221;1px&#8221; border_color_top=&#8221;#D6D6D6&#8243; global_colors_info=&#8221;{}&#8221;]<\/p>\n<p><strong>Oznakowanie cmentarza \u017cydowskiego w Iwaniskach<\/strong><\/p>\n<p>[\/et_pb_text][et_pb_gallery gallery_ids=&#8221;16287,16288&#8243; posts_number=&#8221;2&#8243; admin_label=&#8221;Oznakowanie cmentarza \u017cydowskiego w Iwaniskach&#8221; _builder_version=&#8221;4.23.2&#8243; _module_preset=&#8221;default&#8221; title_level=&#8221;h6&#8243; custom_margin=&#8221;||1px||false|false&#8221; global_colors_info=&#8221;{}&#8221;][\/et_pb_gallery][et_pb_text _builder_version=&#8221;4.25.1&#8243; _module_preset=&#8221;default&#8221; custom_margin=&#8221;||13px|||&#8221; border_width_top=&#8221;1px&#8221; border_color_top=&#8221;#D6D6D6&#8243; global_colors_info=&#8221;{}&#8221;]<\/p>\n<p><strong>Oznakowanie cmentarza \u017cydowskiego w Kcyni<\/strong><\/p>\n<p>[\/et_pb_text][et_pb_gallery gallery_ids=&#8221;19535,19534&#8243; posts_number=&#8221;2&#8243; admin_label=&#8221;Oznakowanie cmentarza \u017cydowskiego w Iwaniskach&#8221; _builder_version=&#8221;4.25.1&#8243; _module_preset=&#8221;default&#8221; title_level=&#8221;h6&#8243; custom_margin=&#8221;||1px||false|false&#8221; global_colors_info=&#8221;{}&#8221;][\/et_pb_gallery][et_pb_text _builder_version=&#8221;4.25.1&#8243; _module_preset=&#8221;default&#8221; custom_margin=&#8221;||13px|||&#8221; border_width_top=&#8221;1px&#8221; border_color_top=&#8221;#D6D6D6&#8243; global_colors_info=&#8221;{}&#8221;]<\/p>\n<p><strong>Oznakowanie cmentarza \u017cydowskiego w L\u0105dku-Zdroju<\/strong><\/p>\n<p>[\/et_pb_text][et_pb_gallery gallery_ids=&#8221;19539,19530&#8243; posts_number=&#8221;2&#8243; admin_label=&#8221;Oznakowanie cmentarza \u017cydowskiego w Iwaniskach&#8221; _builder_version=&#8221;4.25.1&#8243; _module_preset=&#8221;default&#8221; title_level=&#8221;h6&#8243; custom_margin=&#8221;||1px||false|false&#8221; global_colors_info=&#8221;{}&#8221;][\/et_pb_gallery][et_pb_text _builder_version=&#8221;4.23.2&#8243; _module_preset=&#8221;default&#8221; custom_margin=&#8221;||13px|||&#8221; border_width_top=&#8221;1px&#8221; border_color_top=&#8221;#D6D6D6&#8243; global_colors_info=&#8221;{}&#8221;]<\/p>\n<p><strong>Oznakowanie cmentarza \u017cydowskiego w \u0141a\u0144cucie, woj. podkarpackie<\/strong><\/p>\n<p>[\/et_pb_text][et_pb_gallery gallery_ids=&#8221;16285,16286&#8243; posts_number=&#8221;2&#8243; show_pagination=&#8221;off&#8221; admin_label=&#8221;Oznakowanie cmentarza \u017cydowskiego w \u0141a\u0144cucie, woj. podkarpackie&#8221; _builder_version=&#8221;4.23.2&#8243; _module_preset=&#8221;default&#8221; title_level=&#8221;h6&#8243; custom_margin=&#8221;||2px|||&#8221; global_colors_info=&#8221;{}&#8221;][\/et_pb_gallery][et_pb_text _builder_version=&#8221;4.25.1&#8243; _module_preset=&#8221;default&#8221; custom_margin=&#8221;||13px|||&#8221; border_width_top=&#8221;1px&#8221; border_color_top=&#8221;#D6D6D6&#8243; global_colors_info=&#8221;{}&#8221;]<\/p>\n<p><strong>Oznakowanie cmentarza \u017cydowskiego w O\u0142awie<\/strong><\/p>\n<p>[\/et_pb_text][et_pb_gallery gallery_ids=&#8221;19533,19532&#8243; posts_number=&#8221;2&#8243; show_pagination=&#8221;off&#8221; admin_label=&#8221;Oznakowanie cmentarza \u017cydowskiego w \u0141a\u0144cucie, woj. podkarpackie&#8221; _builder_version=&#8221;4.25.1&#8243; _module_preset=&#8221;default&#8221; title_level=&#8221;h6&#8243; custom_margin=&#8221;||2px|||&#8221; global_colors_info=&#8221;{}&#8221;][\/et_pb_gallery][\/et_pb_column][et_pb_column type=&#8221;1_2&#8243; _builder_version=&#8221;4.16&#8243; _module_preset=&#8221;default&#8221; global_colors_info=&#8221;{}&#8221;][et_pb_text _builder_version=&#8221;4.23.2&#8243; _module_preset=&#8221;default&#8221; custom_margin=&#8221;||13px|||&#8221; border_width_top=&#8221;1px&#8221; border_color_top=&#8221;#D6D6D6&#8243; global_colors_info=&#8221;{}&#8221;]<\/p>\n<p><strong>Oznakowanie cmentarza w Nasielsku, woj. mazowieckie<\/strong><\/p>\n<p>[\/et_pb_text][et_pb_gallery gallery_ids=&#8221;2459,2458&#8243; posts_number=&#8221;2&#8243; show_pagination=&#8221;off&#8221; admin_label=&#8221;Oznakowanie cmentarza \u017cydowskiego w Orli, woj. podlaskie&#8221; _builder_version=&#8221;4.23.2&#8243; _module_preset=&#8221;default&#8221; title_level=&#8221;h6&#8243; custom_margin=&#8221;||2px|||&#8221; global_colors_info=&#8221;{}&#8221;][\/et_pb_gallery][et_pb_text _builder_version=&#8221;4.23.2&#8243; _module_preset=&#8221;default&#8221; custom_margin=&#8221;||13px|||&#8221; border_width_top=&#8221;1px&#8221; border_color_top=&#8221;#D6D6D6&#8243; global_colors_info=&#8221;{}&#8221;]<\/p>\n<p><strong>Oznakowanie cmentarza \u017cydowskiego w Orli, woj. podlaskie<\/strong><\/p>\n<p>[\/et_pb_text][et_pb_gallery gallery_ids=&#8221;2465,2466&#8243; posts_number=&#8221;2&#8243; show_pagination=&#8221;off&#8221; admin_label=&#8221;Oznakowanie cmentarza \u017cydowskiego w Orli, woj. podlaskie&#8221; _builder_version=&#8221;4.23.2&#8243; _module_preset=&#8221;default&#8221; title_level=&#8221;h6&#8243; custom_margin=&#8221;||2px|||&#8221; global_colors_info=&#8221;{}&#8221;][\/et_pb_gallery][et_pb_text _builder_version=&#8221;4.23.2&#8243; _module_preset=&#8221;default&#8221; custom_margin=&#8221;||13px|||&#8221; border_width_top=&#8221;1px&#8221; border_color_top=&#8221;#D6D6D6&#8243; global_colors_info=&#8221;{}&#8221;]<\/p>\n<p><strong>Oznakowanie cmentarza \u017cydowskiego w Serocku<\/strong><\/p>\n<p>[\/et_pb_text][et_pb_gallery gallery_ids=&#8221;16292,16293&#8243; posts_number=&#8221;2&#8243; admin_label=&#8221;Oznakowanie cmentarza \u017cydowskiego w Serocku&#8221; _builder_version=&#8221;4.23.2&#8243; _module_preset=&#8221;default&#8221; title_level=&#8221;h6&#8243; custom_margin=&#8221;||1px||false|false&#8221; global_colors_info=&#8221;{}&#8221;][\/et_pb_gallery][et_pb_text _builder_version=&#8221;4.23.2&#8243; _module_preset=&#8221;default&#8221; custom_margin=&#8221;||13px|||&#8221; border_width_top=&#8221;1px&#8221; border_color_top=&#8221;#D6D6D6&#8243; global_colors_info=&#8221;{}&#8221;]<\/p>\n<p><strong>Oznakowanie cmentarza \u017cydowskiego w Trzemesznie<\/strong><\/p>\n<p>[\/et_pb_text][et_pb_gallery gallery_ids=&#8221;16289,16290&#8243; posts_number=&#8221;2&#8243; admin_label=&#8221;Oznakowanie cmentarza \u017cydowskiego w Trzemesznie&#8221; _builder_version=&#8221;4.23.2&#8243; _module_preset=&#8221;default&#8221; title_level=&#8221;h6&#8243; custom_margin=&#8221;||1px||false|false&#8221; global_colors_info=&#8221;{}&#8221;][\/et_pb_gallery][et_pb_text _builder_version=&#8221;4.23.2&#8243; _module_preset=&#8221;default&#8221; custom_margin=&#8221;||13px|||&#8221; border_width_top=&#8221;1px&#8221; border_color_top=&#8221;#D6D6D6&#8243; global_colors_info=&#8221;{}&#8221;]<\/p>\n<p><strong>Oznakowanie cmentarza w Tuszynie woj. \u0142\u00f3dzkie<\/strong><\/p>\n<p>[\/et_pb_text][et_pb_gallery gallery_ids=&#8221;2453,2454&#8243; posts_number=&#8221;2&#8243; show_pagination=&#8221;off&#8221; admin_label=&#8221;Oznakowanie cmentarza \u017cydowskiego w Orli, woj. podlaskie&#8221; _builder_version=&#8221;4.23.2&#8243; _module_preset=&#8221;default&#8221; title_level=&#8221;h6&#8243; custom_margin=&#8221;||2px|||&#8221; global_colors_info=&#8221;{}&#8221;][\/et_pb_gallery][et_pb_text _builder_version=&#8221;4.23.2&#8243; _module_preset=&#8221;default&#8221; custom_margin=&#8221;||13px|||&#8221; border_width_top=&#8221;1px&#8221; border_color_top=&#8221;#D6D6D6&#8243; global_colors_info=&#8221;{}&#8221;]<\/p>\n<p><strong>Oznakowanie cmentarza w Tykocinie, woj. podlaskie<\/strong><\/p>\n<p>[\/et_pb_text][et_pb_gallery gallery_ids=&#8221;2464,2463&#8243; posts_number=&#8221;2&#8243; show_pagination=&#8221;off&#8221; admin_label=&#8221;Oznakowanie cmentarza \u017cydowskiego w Orli, woj. podlaskie&#8221; _builder_version=&#8221;4.23.2&#8243; _module_preset=&#8221;default&#8221; title_level=&#8221;h6&#8243; custom_margin=&#8221;||2px|||&#8221; global_colors_info=&#8221;{}&#8221;][\/et_pb_gallery][et_pb_text _builder_version=&#8221;4.23.2&#8243; _module_preset=&#8221;default&#8221; custom_margin=&#8221;||13px|||&#8221; border_width_top=&#8221;1px&#8221; border_color_top=&#8221;#D6D6D6&#8243; global_colors_info=&#8221;{}&#8221;]<\/p>\n<p><strong>Oznakowanie cmentarza \u017cydowskiego przy ul. Okopowej w Warszawie<\/strong><\/p>\n<p>[\/et_pb_text][et_pb_gallery gallery_ids=&#8221;16282,16283&#8243; posts_number=&#8221;2&#8243; show_pagination=&#8221;off&#8221; admin_label=&#8221;Oznakowanie cmentarza \u017cydowskiego przy ul. Okopowej w Warszawie&#8221; _builder_version=&#8221;4.23.2&#8243; _module_preset=&#8221;default&#8221; title_level=&#8221;h6&#8243; custom_margin=&#8221;||2px|||&#8221; global_colors_info=&#8221;{}&#8221;][\/et_pb_gallery][et_pb_text _builder_version=&#8221;4.23.2&#8243; _module_preset=&#8221;default&#8221; custom_margin=&#8221;||13px|||&#8221; border_width_top=&#8221;1px&#8221; border_color_top=&#8221;#D6D6D6&#8243; global_colors_info=&#8221;{}&#8221;]<\/p>\n<p><strong>Oznakowanie cmentarza w Wyszogrodzie, woj. mazowieckie<\/strong><\/p>\n<p>[\/et_pb_text][et_pb_gallery gallery_ids=&#8221;2462,2461&#8243; posts_number=&#8221;2&#8243; show_pagination=&#8221;off&#8221; admin_label=&#8221;Oznakowanie cmentarza \u017cydowskiego w Orli, woj. podlaskie&#8221; _builder_version=&#8221;4.23.2&#8243; _module_preset=&#8221;default&#8221; title_level=&#8221;h6&#8243; custom_margin=&#8221;||2px|||&#8221; global_colors_info=&#8221;{}&#8221;][\/et_pb_gallery][\/et_pb_column][\/et_pb_row][\/et_pb_section][et_pb_section fb_built=&#8221;1&#8243; _builder_version=&#8221;4.7.4&#8243; _module_preset=&#8221;default&#8221; custom_margin=&#8221;43px||||false|false&#8221; custom_padding=&#8221;0px||0px||false|false&#8221; global_module=&#8221;353&#8243; saved_tabs=&#8221;all&#8221; global_colors_info=&#8221;{}&#8221;][et_pb_row column_structure=&#8221;1_3,1_3,1_3&#8243; use_custom_gutter=&#8221;on&#8221; gutter_width=&#8221;1&#8243; _builder_version=&#8221;4.16&#8243; _module_preset=&#8221;default&#8221; background_color=&#8221;rgba(0,0,0,0)&#8221; width=&#8221;100%&#8221; max_width=&#8221;2560px&#8221; custom_padding=&#8221;0px||0px||false|false&#8221; global_colors_info=&#8221;{}&#8221;][et_pb_column type=&#8221;1_3&#8243; _builder_version=&#8221;4.16&#8243; _module_preset=&#8221;default&#8221; background_color=&#8221;#e52330&#8243; global_colors_info=&#8221;{}&#8221;][et_pb_blurb title=&#8221;Subskrybuj newsletter NID&#8221; use_icon=&#8221;on&#8221; font_icon=&#8221;&#xe106;||divi||400&#8243; icon_placement=&#8221;left&#8221; image_icon_width=&#8221;50px&#8221; module_class=&#8221;bigButtonModules&#8221; _builder_version=&#8221;4.16&#8243; _module_preset=&#8221;default&#8221; header_level=&#8221;h3&#8243; header_font=&#8221;|700|||||||&#8221; header_text_color=&#8221;#ffffff&#8221; body_text_color=&#8221;#ffffff&#8221; background_color=&#8221;#E52330&#8243; custom_margin=&#8221;||||false|false&#8221; custom_padding=&#8221;25px|25px|25px|25px|false|false&#8221; animation=&#8221;off&#8221; link_option_url=&#8221;https:\/\/nid.pl\/newsletter&#8221; custom_css_blurb_image=&#8221;padding-right: 20px;||vertical-align: middle;&#8221; icon_font_size=&#8221;50px&#8221; global_colors_info=&#8221;{}&#8221;]<\/p>\n<p>Zapisz si\u0119 do naszego newslettera i otrzymuj naj\u015bwie\u017csze informacj\u0119 ze \u015bwiata kultury.<\/p>\n<p>[\/et_pb_blurb][\/et_pb_column][et_pb_column type=&#8221;1_3&#8243; _builder_version=&#8221;4.16&#8243; _module_preset=&#8221;default&#8221; background_color=&#8221;#e52330&#8243; global_colors_info=&#8221;{}&#8221;][et_pb_code _builder_version=&#8221;4.23.2&#8243; _module_preset=&#8221;default&#8221; global_colors_info=&#8221;{}&#8221;][\/et_pb_code][et_pb_blurb title=&#8221;Ksi\u0119garnia NID&#8221; url_new_window=&#8221;on&#8221; use_icon=&#8221;on&#8221; font_icon=&#8221;&#xe022;||divi||400&#8243; icon_placement=&#8221;left&#8221; image_icon_width=&#8221;50px&#8221; module_class=&#8221;bigButtonModules&#8221; _builder_version=&#8221;4.16&#8243; _module_preset=&#8221;default&#8221; header_level=&#8221;h3&#8243; header_font=&#8221;|700|||||||&#8221; header_text_color=&#8221;#ffffff&#8221; body_text_color=&#8221;#ffffff&#8221; background_color=&#8221;#444444&#8243; custom_margin=&#8221;||||false|false&#8221; custom_padding=&#8221;25px|25px|25px|25px|false|false&#8221; animation=&#8221;off&#8221; link_option_url=&#8221;https:\/\/ksiegarnia.nid.pl\/&#8221; link_option_url_new_window=&#8221;on&#8221; custom_css_blurb_image=&#8221;padding-right: 20px;||vertical-align: middle;&#8221; icon_font_size=&#8221;50px&#8221; global_colors_info=&#8221;{}&#8221;]<\/p>\n<p>Sprawd\u017a nasze produkty w ksi\u0119garni. Zamawiaj bez wychodzenia z domu ju\u017c teraz!<\/p>\n<p>[\/et_pb_blurb][\/et_pb_column][et_pb_column type=&#8221;1_3&#8243; _builder_version=&#8221;4.16&#8243; _module_preset=&#8221;default&#8221; background_color=&#8221;#e52330&#8243; global_colors_info=&#8221;{}&#8221;][et_pb_blurb title=&#8221;Platforma szkoleniowa&#8221; url_new_window=&#8221;on&#8221; use_icon=&#8221;on&#8221; font_icon=&#8221;&#xe0e9;||divi||400&#8243; icon_placement=&#8221;left&#8221; image_icon_width=&#8221;50px&#8221; module_class=&#8221;bigButtonModules&#8221; _builder_version=&#8221;4.16&#8243; _module_preset=&#8221;default&#8221; header_level=&#8221;h3&#8243; header_font=&#8221;|700|||||||&#8221; header_text_color=&#8221;#ffffff&#8221; body_text_color=&#8221;#ffffff&#8221; background_color=&#8221;#6b6b6b&#8221; custom_margin=&#8221;||||false|false&#8221; custom_padding=&#8221;25px|25px|25px|25px|false|false&#8221; animation=&#8221;off&#8221; link_option_url=&#8221;https:\/\/szkolenianid.learncom.pl&#8221; link_option_url_new_window=&#8221;on&#8221; custom_css_blurb_image=&#8221;padding-right: 20px;||vertical-align: middle;&#8221; icon_font_size=&#8221;50px&#8221; global_colors_info=&#8221;{}&#8221;]<\/p>\n<p>Zapisz si\u0119 na nasz\u0105 platform\u0119 e-szkoleniow\u0105 i dowiedz si\u0119 jak zarz\u0105dza\u0107 dziedzictwem i wykorzysta\u0107 jego potencja\u0142.<\/p>\n<p>[\/et_pb_blurb][\/et_pb_column][\/et_pb_row][\/et_pb_section]<\/p>","protected":false},"excerpt":{"rendered":"<p>\u2190Powr\u00f3t Od 2017 roku Narodowy Instytut Dziedzictwa prowadzi program \u201eOznakowanie cmentarzy \u017cydowskich na terenie Rzeczypospolitej Polskiej\u201d, w ramach realizacji dzia\u0142a\u0144 powierzonych przez Ministerstwo Kultury i Dziedzictwa Narodowego. Na pierwszym etapie [&hellip;]<\/p>","protected":false},"author":1,"featured_media":0,"parent":0,"menu_order":0,"comment_status":"closed","ping_status":"closed","template":"","meta":{"_et_pb_use_builder":"on","_et_pb_old_content":"","_et_gb_content_width":"","_monsterinsights_skip_tracking":false,"_monsterinsights_sitenote_active":false,"_monsterinsights_sitenote_note":"","_monsterinsights_sitenote_category":0,"footnotes":""},"class_list":["post-2002","page","type-page","status-publish","hentry"],"yoast_head":"<!-- This site is optimized with the Yoast SEO plugin v26.5 - https:\/\/yoast.com\/wordpress\/plugins\/seo\/ -->\n<title>Program identyfikacji i oznakowania cmentarzy \u017cydowskich na terenie RP - NID<\/title>\n<meta name=\"robots\" content=\"index, follow, max-snippet:-1, max-image-preview:large, max-video-preview:-1\" \/>\n<link rel=\"canonical\" href=\"https:\/\/nid.pl\/en\/program-identyfikacji-i-oznakowania-cmentarzy-zydowskich-na-terenie-rp\/\" \/>\n<meta property=\"og:locale\" content=\"en_GB\" \/>\n<meta property=\"og:type\" content=\"article\" \/>\n<meta property=\"og:title\" content=\"Program identyfikacji i oznakowania cmentarzy \u017cydowskich na terenie RP - NID\" \/>\n<meta property=\"og:description\" content=\"\u2190Powr\u00f3t Od 2017 roku Narodowy Instytut Dziedzictwa prowadzi program \u201eOznakowanie cmentarzy \u017cydowskich na terenie Rzeczypospolitej Polskiej\u201d, w ramach realizacji dzia\u0142a\u0144 powierzonych przez Ministerstwo Kultury i Dziedzictwa Narodowego. Na pierwszym etapie [&hellip;]\" \/>\n<meta property=\"og:url\" content=\"https:\/\/nid.pl\/en\/program-identyfikacji-i-oznakowania-cmentarzy-zydowskich-na-terenie-rp\/\" \/>\n<meta property=\"og:site_name\" content=\"NID\" \/>\n<meta property=\"article:publisher\" content=\"https:\/\/www.facebook.com\/zabytek\" \/>\n<meta property=\"article:modified_time\" content=\"2024-10-01T14:27:14+00:00\" \/>\n<meta name=\"twitter:card\" content=\"summary_large_image\" \/>\n<meta name=\"twitter:site\" content=\"@NarIDpl\" \/>\n<script type=\"application\/ld+json\" class=\"yoast-schema-graph\">{\"@context\":\"https:\/\/schema.org\",\"@graph\":[{\"@type\":\"WebPage\",\"@id\":\"https:\/\/nid.pl\/program-identyfikacji-i-oznakowania-cmentarzy-zydowskich-na-terenie-rp\/\",\"url\":\"https:\/\/nid.pl\/program-identyfikacji-i-oznakowania-cmentarzy-zydowskich-na-terenie-rp\/\",\"name\":\"Program identyfikacji i oznakowania cmentarzy \u017cydowskich na terenie RP - NID\",\"isPartOf\":{\"@id\":\"https:\/\/nid.pl\/#website\"},\"datePublished\":\"2021-08-20T13:04:43+00:00\",\"dateModified\":\"2024-10-01T14:27:14+00:00\",\"breadcrumb\":{\"@id\":\"https:\/\/nid.pl\/program-identyfikacji-i-oznakowania-cmentarzy-zydowskich-na-terenie-rp\/#breadcrumb\"},\"inLanguage\":\"en-GB\",\"potentialAction\":[{\"@type\":\"ReadAction\",\"target\":[\"https:\/\/nid.pl\/program-identyfikacji-i-oznakowania-cmentarzy-zydowskich-na-terenie-rp\/\"]}]},{\"@type\":\"BreadcrumbList\",\"@id\":\"https:\/\/nid.pl\/program-identyfikacji-i-oznakowania-cmentarzy-zydowskich-na-terenie-rp\/#breadcrumb\",\"itemListElement\":[{\"@type\":\"ListItem\",\"position\":1,\"name\":\"Home\",\"item\":\"https:\/\/nid.pl\/\"},{\"@type\":\"ListItem\",\"position\":2,\"name\":\"Program identyfikacji i oznakowania cmentarzy \u017cydowskich na terenie RP\"}]},{\"@type\":\"WebSite\",\"@id\":\"https:\/\/nid.pl\/#website\",\"url\":\"https:\/\/nid.pl\/\",\"name\":\"NID\",\"description\":\"Narodowy Instytut Dziedzictwa\",\"publisher\":{\"@id\":\"https:\/\/nid.pl\/#organization\"},\"potentialAction\":[{\"@type\":\"SearchAction\",\"target\":{\"@type\":\"EntryPoint\",\"urlTemplate\":\"https:\/\/nid.pl\/?s={search_term_string}\"},\"query-input\":{\"@type\":\"PropertyValueSpecification\",\"valueRequired\":true,\"valueName\":\"search_term_string\"}}],\"inLanguage\":\"en-GB\"},{\"@type\":\"Organization\",\"@id\":\"https:\/\/nid.pl\/#organization\",\"name\":\"Narodowy Instytut Dziedzictwa\",\"url\":\"https:\/\/nid.pl\/\",\"logo\":{\"@type\":\"ImageObject\",\"inLanguage\":\"en-GB\",\"@id\":\"https:\/\/nid.pl\/#\/schema\/logo\/image\/\",\"url\":\"https:\/\/nid.pl\/wp-content\/uploads\/2022\/10\/logoRedDark.png\",\"contentUrl\":\"https:\/\/nid.pl\/wp-content\/uploads\/2022\/10\/logoRedDark.png\",\"width\":200,\"height\":197,\"caption\":\"Narodowy Instytut Dziedzictwa\"},\"image\":{\"@id\":\"https:\/\/nid.pl\/#\/schema\/logo\/image\/\"},\"sameAs\":[\"https:\/\/www.facebook.com\/zabytek\",\"https:\/\/x.com\/NarIDpl\",\"https:\/\/www.instagram.com\/nid.pl\/?hl=pl\",\"https:\/\/www.linkedin.com\/company\/narodowy-instytut-dziedzictwa\",\"https:\/\/www.youtube.com\/channel\/UCQXuhKa2uHtmNvLRUSx40JA\"]}]}<\/script>\n<!-- \/ Yoast SEO plugin. -->","yoast_head_json":{"title":"Program identyfikacji i oznakowania cmentarzy \u017cydowskich na terenie RP - NID","robots":{"index":"index","follow":"follow","max-snippet":"max-snippet:-1","max-image-preview":"max-image-preview:large","max-video-preview":"max-video-preview:-1"},"canonical":"https:\/\/nid.pl\/en\/program-identyfikacji-i-oznakowania-cmentarzy-zydowskich-na-terenie-rp\/","og_locale":"en_GB","og_type":"article","og_title":"Program identyfikacji i oznakowania cmentarzy \u017cydowskich na terenie RP - NID","og_description":"\u2190Powr\u00f3t Od 2017 roku Narodowy Instytut Dziedzictwa prowadzi program \u201eOznakowanie cmentarzy \u017cydowskich na terenie Rzeczypospolitej Polskiej\u201d, w ramach realizacji dzia\u0142a\u0144 powierzonych przez Ministerstwo Kultury i Dziedzictwa Narodowego. Na pierwszym etapie [&hellip;]","og_url":"https:\/\/nid.pl\/en\/program-identyfikacji-i-oznakowania-cmentarzy-zydowskich-na-terenie-rp\/","og_site_name":"NID","article_publisher":"https:\/\/www.facebook.com\/zabytek","article_modified_time":"2024-10-01T14:27:14+00:00","twitter_card":"summary_large_image","twitter_site":"@NarIDpl","schema":{"@context":"https:\/\/schema.org","@graph":[{"@type":"WebPage","@id":"https:\/\/nid.pl\/program-identyfikacji-i-oznakowania-cmentarzy-zydowskich-na-terenie-rp\/","url":"https:\/\/nid.pl\/program-identyfikacji-i-oznakowania-cmentarzy-zydowskich-na-terenie-rp\/","name":"Program identyfikacji i oznakowania cmentarzy \u017cydowskich na terenie RP - NID","isPartOf":{"@id":"https:\/\/nid.pl\/#website"},"datePublished":"2021-08-20T13:04:43+00:00","dateModified":"2024-10-01T14:27:14+00:00","breadcrumb":{"@id":"https:\/\/nid.pl\/program-identyfikacji-i-oznakowania-cmentarzy-zydowskich-na-terenie-rp\/#breadcrumb"},"inLanguage":"en-GB","potentialAction":[{"@type":"ReadAction","target":["https:\/\/nid.pl\/program-identyfikacji-i-oznakowania-cmentarzy-zydowskich-na-terenie-rp\/"]}]},{"@type":"BreadcrumbList","@id":"https:\/\/nid.pl\/program-identyfikacji-i-oznakowania-cmentarzy-zydowskich-na-terenie-rp\/#breadcrumb","itemListElement":[{"@type":"ListItem","position":1,"name":"Home","item":"https:\/\/nid.pl\/"},{"@type":"ListItem","position":2,"name":"Program identyfikacji i oznakowania cmentarzy \u017cydowskich na terenie RP"}]},{"@type":"WebSite","@id":"https:\/\/nid.pl\/#website","url":"https:\/\/nid.pl\/","name":"NID","description":"Narodowy Instytut Dziedzictwa","publisher":{"@id":"https:\/\/nid.pl\/#organization"},"potentialAction":[{"@type":"SearchAction","target":{"@type":"EntryPoint","urlTemplate":"https:\/\/nid.pl\/?s={search_term_string}"},"query-input":{"@type":"PropertyValueSpecification","valueRequired":true,"valueName":"search_term_string"}}],"inLanguage":"en-GB"},{"@type":"Organization","@id":"https:\/\/nid.pl\/#organization","name":"Narodowy Instytut Dziedzictwa","url":"https:\/\/nid.pl\/","logo":{"@type":"ImageObject","inLanguage":"en-GB","@id":"https:\/\/nid.pl\/#\/schema\/logo\/image\/","url":"https:\/\/nid.pl\/wp-content\/uploads\/2022\/10\/logoRedDark.png","contentUrl":"https:\/\/nid.pl\/wp-content\/uploads\/2022\/10\/logoRedDark.png","width":200,"height":197,"caption":"Narodowy Instytut Dziedzictwa"},"image":{"@id":"https:\/\/nid.pl\/#\/schema\/logo\/image\/"},"sameAs":["https:\/\/www.facebook.com\/zabytek","https:\/\/x.com\/NarIDpl","https:\/\/www.instagram.com\/nid.pl\/?hl=pl","https:\/\/www.linkedin.com\/company\/narodowy-instytut-dziedzictwa","https:\/\/www.youtube.com\/channel\/UCQXuhKa2uHtmNvLRUSx40JA"]}]}},"_links":{"self":[{"href":"https:\/\/nid.pl\/en\/wp-json\/wp\/v2\/pages\/2002","targetHints":{"allow":["GET"]}}],"collection":[{"href":"https:\/\/nid.pl\/en\/wp-json\/wp\/v2\/pages"}],"about":[{"href":"https:\/\/nid.pl\/en\/wp-json\/wp\/v2\/types\/page"}],"author":[{"embeddable":true,"href":"https:\/\/nid.pl\/en\/wp-json\/wp\/v2\/users\/1"}],"replies":[{"embeddable":true,"href":"https:\/\/nid.pl\/en\/wp-json\/wp\/v2\/comments?post=2002"}],"version-history":[{"count":0,"href":"https:\/\/nid.pl\/en\/wp-json\/wp\/v2\/pages\/2002\/revisions"}],"wp:attachment":[{"href":"https:\/\/nid.pl\/en\/wp-json\/wp\/v2\/media?parent=2002"}],"curies":[{"name":"wp","href":"https:\/\/api.w.org\/{rel}","templated":true}]}}