{"id":19846,"date":"2026-03-17T09:42:34","date_gmt":"2026-03-17T08:42:34","guid":{"rendered":"https:\/\/nid.pl\/?page_id=19846"},"modified":"2026-03-17T09:52:11","modified_gmt":"2026-03-17T08:52:11","slug":"rada-programowa","status":"publish","type":"page","link":"https:\/\/nid.pl\/en\/rada-programowa\/","title":{"rendered":"Rada programowa"},"content":{"rendered":"<p>[et_pb_section fb_built=&#8221;1&#8243; _builder_version=&#8221;4.16&#8243; _module_preset=&#8221;default&#8221; custom_padding=&#8221;0px||0px|||&#8221; global_colors_info=&#8221;{}&#8221;][et_pb_row _builder_version=&#8221;4.16&#8243; _module_preset=&#8221;default&#8221; background_image=&#8221;https:\/\/nid.pl\/wp-content\/uploads\/2021\/11\/O-nas-Rada-Programowa.jpg&#8221; width=&#8221;100%&#8221; max_width=&#8221;100%&#8221; height=&#8221;400px&#8221; custom_margin=&#8221;|auto||auto|false|false&#8221; custom_padding=&#8221;0px||0px|||&#8221; global_colors_info=&#8221;{}&#8221;][et_pb_column type=&#8221;4_4&#8243; _builder_version=&#8221;4.16&#8243; _module_preset=&#8221;default&#8221; global_colors_info=&#8221;{}&#8221;][\/et_pb_column][\/et_pb_row][\/et_pb_section][et_pb_section fb_built=&#8221;1&#8243; _builder_version=&#8221;4.16&#8243; _module_preset=&#8221;default&#8221; custom_padding=&#8221;0px|0px|0px|0px|false|false&#8221; global_colors_info=&#8221;{}&#8221;][et_pb_row _builder_version=&#8221;4.16&#8243; _module_preset=&#8221;default&#8221; width=&#8221;100%&#8221; max_width=&#8221;100%&#8221; custom_padding=&#8221;50px|50px|50px|50px|false|false&#8221; global_colors_info=&#8221;{}&#8221;][et_pb_column type=&#8221;4_4&#8243; _builder_version=&#8221;4.16&#8243; _module_preset=&#8221;default&#8221; global_colors_info=&#8221;{}&#8221;][et_pb_text module_id=&#8221;backButtonBox&#8221; _builder_version=&#8221;4.7.4&#8243; _module_preset=&#8221;default&#8221; custom_margin=&#8221;0px|0px|0px|0px|false|false&#8221; custom_padding=&#8221;0px|0px|0px|0px|false|false&#8221; global_module=&#8221;2594&#8243; locked=&#8221;off&#8221; global_colors_info=&#8221;{}&#8221;]<\/p>\n<div class=\"backButton\" onclick=\"javascript:window.history.back();\"><span>\u2190<\/span>Powr\u00f3t<\/div>\n<p>[\/et_pb_text][et_pb_text _builder_version=&#8221;4.16&#8243; _dynamic_attributes=&#8221;content&#8221; _module_preset=&#8221;default&#8221; text_font_size=&#8221;26px&#8221; custom_margin=&#8221;||25px||false|false&#8221; custom_padding=&#8221;||||false|false&#8221; global_colors_info=&#8221;{}&#8221;]@ET-DC@eyJkeW5hbWljIjp0cnVlLCJjb250ZW50IjoicG9zdF90aXRsZSIsInNldHRpbmdzIjp7ImJlZm9yZSI6IiIsImFmdGVyIjoiIn19@[\/et_pb_text][et_pb_divider _builder_version=&#8221;4.16&#8243; _module_preset=&#8221;default&#8221; background_color=&#8221;#e52330&#8243; height=&#8221;5px&#8221; custom_margin=&#8221;0px||25px||false|false&#8221; custom_padding=&#8221;0px||0px||false|false&#8221; global_colors_info=&#8221;{}&#8221;][\/et_pb_divider][et_pb_text _builder_version=&#8221;4.27.5&#8243; _module_preset=&#8221;default&#8221; global_colors_info=&#8221;{}&#8221;]<\/p>\n<div class=\"title\">Sk\u0142ad Rady Programowej na kadencj\u0119 w latach 2025-2027<\/div>\n<ul>\n<li>Piotr \u017buchowski &#8211; Przewodnicz\u0105cy Rady<\/li>\n<li>prof. dr hab. in\u017c. arch. Ma\u0142gorzata Rozbicka &#8211; Zast\u0119pca Przewodnicz\u0105cego<\/li>\n<li><span style=\"font-size: 14px;\">dr Aleksander Broda<\/span><\/li>\n<li>dr hab. Kinga Czerwi\u0144ska<\/li>\n<li>dr hab. in\u017c. arch. Robert Hirsch<\/li>\n<li>dr hab. Alicja Jagielska-Burduk<\/li>\n<li>dr Dariusz Kopciowski<\/li>\n<li>prof. dr hab. Jadwiga \u0141ukaszewicz<\/li>\n<li>ks. prof. ucz. dr hab. Miros\u0142aw Mejzner<\/li>\n<li>Robert Piaskowski<\/li>\n<li>ks. Andrzej Rusak<\/li>\n<li>prof. dr hab. in\u017c. Robert Sitnik<\/li>\n<li>prof. dr hab. Maciej Trzci\u0144ski<\/li>\n<li>dr hab. in\u017c. arch. Bartosz Walczak<\/li>\n<li>prof. dr hab. in\u017c. arch. Agata Zachariasz<\/li>\n<\/ul>\n<p>[\/et_pb_text][et_pb_text disabled_on=&#8221;on|on|on&#8221; _builder_version=&#8221;4.27.5&#8243; _module_preset=&#8221;default&#8221; disabled=&#8221;on&#8221; global_colors_info=&#8221;{}&#8221;]<\/p>\n<div class=\"title\">Sk\u0142ad Rady Programowej na kadencj\u0119 w latach 2025-2027<\/div>\n<ul>\n<li><strong>dr Aleksander Broda, <\/strong>historyk sztuki, doktor nauk humanistycznych, w latach 1999\u20132001 generalny konserwator zabytk\u00f3w. Wcze\u015bniej \u2013 wojew\u00f3dzki konserwator zabytk\u00f3w w Cz\u0119stochowie, gdzie prowadzi\u0142 m.in. prace renowacyjne na Jasnej G\u00f3rze.<\/li>\n<li><strong>dr hab. Kinga Czerwi\u0144ska, <\/strong>etnograf, antropolog, zast\u0119pca dyrektora Instytutu Nauk o Kulturze Uniwersytetu \u015al\u0105skiego, specjalizuje si\u0119 w sztuce ludowej i ochronie niematerialnego dziedzictwa.<\/li>\n<li><strong>dr hab. in\u017c. arch. Robert Hirsch<\/strong>, profesor uczelni w Katedrze Historii Architektury i Konserwacji Zabytk\u00f3w na Wydziale Architektury Politechniki Gda\u0144skiej. Pe\u0142ni\u0142 funkcj\u0119 miejskiego konserwatora zabytk\u00f3w w Gdyni.<\/li>\n<li><strong>dr hab. Alicja Jagielska-Burduk, <\/strong>sekretarz generalna Polskiego Komitetu ds. UNESCO, doktor habilitowana nauk prawnych, profesor w Zak\u0142adzie Prawa i Post\u0119powania Cywilnego Wydzia\u0142u Prawa i Administracji Uniwersytetu Opolskiego oraz kierownik Centrum Prawa Ochrony D\u00f3br Kultury UNESCO na Uniwersytecie Opolskim. Autorka licznych publikacji naukowych z zakresu prawa prywatnego, prawa ochrony dziedzictwa kultury i prawa rynku sztuki.<\/li>\n<li><strong>dr Dariusz Kopciowski<\/strong>, historyk sztuki i konserwator zabytk\u00f3w, od 1988 roku zwi\u0105zany z Wojew\u00f3dzkim Urz\u0119dem Ochrony Zabytk\u00f3w w Lublinie. W 2016 roku obj\u0105\u0142 stanowisko lubelskiego wojew\u00f3dzkiego konserwatora zabytk\u00f3w.<\/li>\n<li><strong>prof. dr hab. Jadwiga \u0141ukaszewicz, <\/strong>konserwator dzie\u0142 sztuki i historyk sztuki, zwi\u0105zana z Uniwersytetem Miko\u0142aja Kopernika w Toruniu. Specjalizuje si\u0119 w konserwacji zabytk\u00f3w kamiennych i architektury, analizie przyczyn i mechanizm\u00f3w korozji zabytk\u00f3w, nowych materia\u0142ach i metodach konserwacji budowli, detali architektonicznych, rze\u017ab oraz projektowaniu konserwatorskim.<\/li>\n<li><strong>Robert Piaskowski, <\/strong>dyrektor Narodowego Centrum Kultury. Manager i animator kultury, socjolog. Studiowa\u0142 polonistyk\u0119, socjologi\u0119, nauki spo\u0142eczne, dyplomacj\u0119 kulturaln\u0105 na Uniwersytecie Jagiello\u0144skim, University of Provence Aix-Marseille i w Collegium Civitas w Warszawie.<\/li>\n<li><strong>ks. dr hab. Miros\u0142aw Mejzner<\/strong>, pallotyn, teolog i profesor Uniwersytetu Kardyna\u0142a Stefana Wyszy\u0144skiego specjalizuj\u0105cy si\u0119 w patrologii, chrystologii i eschatologii. Jest rektorem Wy\u017cszego Seminarium Duchownego Stowarzyszenia Apostolstwa Katolickiego w O\u0142tarzewie, wcze\u015bniej uzyska\u0142 doktorat w Rzymie oraz habilitacj\u0119 na UKSW. Znany jest tak\u017ce z dzia\u0142alno\u015bci organizacyjnej i publicystycznej oraz sukces\u00f3w w szachowych mistrzostwach duchowie\u0144stwa.<\/li>\n<li><strong>prof. dr hab. in\u017c. arch. Ma\u0142gorzata Rozbicka, <\/strong>architekt, doktor habilitowana nauk technicznych, profesor zwyczajny Politechniki Warszawskiej, kierownik Zak\u0142adu Architektury Polskiej na Wydziale Architektury PW, dyrektor Narodowego Instytutu Dziedzictwa (2013\u20132017), przewodnicz\u0105ca Komitetu do spraw \u015awiatowego Dziedzictwa Kulturowego w Polsce, autorka wielu publikacji oraz prac naukowych.<\/li>\n<li><strong>ks. Andrzej Rusak<\/strong>, kanonik gremialny Kapitu\u0142y Katedralnej w Sandomierzu, historyk sztuki, dyrektor Muzeum Diecezjalnego Dom D\u0142ugosza w Sandomierzu, diecezjalny konserwator zabytk\u00f3w.<\/li>\n<li><strong>prof. dr hab. in\u017c. Robert Sitnik,<\/strong>specjalizuje si\u0119 w obrazowaniu 3D obiekt\u00f3w statycznych i dynamicznych. Jego badania obejmuj\u0105 rozw\u00f3j algorytm\u00f3w przetwarzania danych 3D, kt\u00f3re znajduj\u0105 zastosowanie w medycynie, in\u017cynierii i dokumentacji dziedzictwa kulturowego.<\/li>\n<li><strong>prof. dr hab. Maciej Trzci\u0144ski, <\/strong>archeolog i prawnik, specjalizuj\u0105cy si\u0119 w ochronie dziedzictwa kulturowego oraz przest\u0119pstwach przeciwko zabytkom. Kierownik Katedry Kryminalistyki na Wydziale Prawa, Administracji i Ekonomii Uniwersytetu Wroc\u0142awskiego oraz kierownik Mi\u0119dzywydzia\u0142owych Studi\u00f3w Podyplomowych Archeologii S\u0105dowej.<\/li>\n<li><strong>dr hab. in\u017c. arch. Bartosz Walczak, <\/strong>profesor na Politechnice \u0141\u00f3dzkiej, zast\u0119pca kierownika dyscypliny Architektura i Urbanistyka oraz cz\u0142onek Rady ds. Stopni Naukowych.<\/li>\n<li><strong>prof. dr hab. in\u017c. arch. Agata Zachariasz<\/strong>, profesor w Instytucie Architektury Krajobrazu na Wydziale Architektury Politechniki Krakowskiej. Dyrektor Instytutu Architektury Krajobrazu oraz cz\u0142onek Komisji Urbanistyki i Architektury krakowskiego oddzia\u0142u Polskiej Akademii Nauk.<\/li>\n<li><strong>Piotr \u017buchowski,<\/strong> uznany polski historyk sztuki, polityk i mened\u017cer kultury, pe\u0142ni\u0142 funkcj\u0119 wicemarsza\u0142ka wojew\u00f3dztwa warmi\u0144sko-mazurskiego, a nast\u0119pnie by\u0142 wiceministrem kultury oraz generalnym konserwatorem zabytk\u00f3w. Dyrektor Muzeum Warmii i Mazur w Olsztynie.<\/li>\n<\/ul>\n<p>[\/et_pb_text][\/et_pb_column][\/et_pb_row][\/et_pb_section][et_pb_section fb_built=&#8221;1&#8243; _builder_version=&#8221;4.7.4&#8243; _module_preset=&#8221;default&#8221; custom_margin=&#8221;43px||||false|false&#8221; custom_padding=&#8221;0px||0px||false|false&#8221; global_module=&#8221;353&#8243; saved_tabs=&#8221;all&#8221; global_colors_info=&#8221;{}&#8221;][et_pb_row column_structure=&#8221;1_3,1_3,1_3&#8243; use_custom_gutter=&#8221;on&#8221; gutter_width=&#8221;1&#8243; _builder_version=&#8221;4.16&#8243; _module_preset=&#8221;default&#8221; background_color=&#8221;rgba(0,0,0,0)&#8221; width=&#8221;100%&#8221; max_width=&#8221;2560px&#8221; custom_padding=&#8221;0px||0px||false|false&#8221; global_colors_info=&#8221;{}&#8221;][et_pb_column type=&#8221;1_3&#8243; _builder_version=&#8221;4.16&#8243; _module_preset=&#8221;default&#8221; background_color=&#8221;#e52330&#8243; global_colors_info=&#8221;{}&#8221;][et_pb_blurb title=&#8221;Logotypy NID&#8221; url_new_window=&#8221;on&#8221; use_icon=&#8221;on&#8221; font_icon=&#8221;&#xe004;||divi||400&#8243; icon_placement=&#8221;left&#8221; image_icon_width=&#8221;50px&#8221; module_class=&#8221;bigButtonModules&#8221; _builder_version=&#8221;4.27.2&#8243; _module_preset=&#8221;default&#8221; header_level=&#8221;h3&#8243; header_font=&#8221;|700|||||||&#8221; header_text_color=&#8221;#ffffff&#8221; body_text_color=&#8221;#ffffff&#8221; background_color=&#8221;#E52330&#8243; custom_margin=&#8221;||||false|false&#8221; custom_padding=&#8221;25px|25px|25px|25px|false|false&#8221; animation=&#8221;off&#8221; link_option_url=&#8221;https:\/\/nid.pl\/logotypy\/&#8221; link_option_url_new_window=&#8221;on&#8221; custom_css_blurb_image=&#8221;padding-right: 20px;||vertical-align: middle;&#8221; icon_font_size=&#8221;50px&#8221; global_colors_info=&#8221;{}&#8221;]<\/p>\n<p>Pobierz znaki promocyjne <br \/>Narodowego Instytutu Dziedzictwa<\/p>\n<p>[\/et_pb_blurb][\/et_pb_column][et_pb_column type=&#8221;1_3&#8243; _builder_version=&#8221;4.16&#8243; _module_preset=&#8221;default&#8221; background_color=&#8221;#e52330&#8243; global_colors_info=&#8221;{}&#8221;][et_pb_code _builder_version=&#8221;4.23.2&#8243; _module_preset=&#8221;default&#8221; global_colors_info=&#8221;{}&#8221;][\/et_pb_code][et_pb_blurb title=&#8221;Ksi\u0119garnia NID&#8221; url_new_window=&#8221;on&#8221; use_icon=&#8221;on&#8221; font_icon=&#8221;&#xe022;||divi||400&#8243; icon_placement=&#8221;left&#8221; image_icon_width=&#8221;50px&#8221; module_class=&#8221;bigButtonModules&#8221; _builder_version=&#8221;4.16&#8243; _module_preset=&#8221;default&#8221; header_level=&#8221;h3&#8243; header_font=&#8221;|700|||||||&#8221; header_text_color=&#8221;#ffffff&#8221; body_text_color=&#8221;#ffffff&#8221; background_color=&#8221;#444444&#8243; custom_margin=&#8221;||||false|false&#8221; custom_padding=&#8221;25px|25px|25px|25px|false|false&#8221; animation=&#8221;off&#8221; link_option_url=&#8221;https:\/\/ksiegarnia.nid.pl\/&#8221; link_option_url_new_window=&#8221;on&#8221; custom_css_blurb_image=&#8221;padding-right: 20px;||vertical-align: middle;&#8221; icon_font_size=&#8221;50px&#8221; global_colors_info=&#8221;{}&#8221;]<\/p>\n<p>Sprawd\u017a nasze produkty w ksi\u0119garni. Zamawiaj bez wychodzenia z domu ju\u017c teraz!<\/p>\n<p>[\/et_pb_blurb][\/et_pb_column][et_pb_column type=&#8221;1_3&#8243; _builder_version=&#8221;4.16&#8243; _module_preset=&#8221;default&#8221; background_color=&#8221;#e52330&#8243; global_colors_info=&#8221;{}&#8221;][et_pb_blurb title=&#8221;Zabytek.pl&#8221; url_new_window=&#8221;on&#8221; image=&#8221;https:\/\/nid.pl\/wp-content\/uploads\/2025\/12\/zabytek.pl_favicona_sm.png&#8221; icon_placement=&#8221;left&#8221; image_icon_width=&#8221;50px&#8221; module_class=&#8221;bigButtonModules&#8221; _builder_version=&#8221;4.27.5&#8243; _module_preset=&#8221;default&#8221; header_level=&#8221;h3&#8243; header_font=&#8221;|700|||||||&#8221; header_text_color=&#8221;#ffffff&#8221; body_text_color=&#8221;#ffffff&#8221; background_color=&#8221;#6b6b6b&#8221; custom_margin=&#8221;||||false|false&#8221; custom_padding=&#8221;25px|25px|25px|25px|false|false&#8221; animation=&#8221;off&#8221; link_option_url=&#8221;https:\/\/zabytek.pl\/pl&#8221; link_option_url_new_window=&#8221;on&#8221; custom_css_blurb_image=&#8221;padding-right: 20px;||vertical-align: middle;&#8221; icon_font_size=&#8221;50px&#8221; global_colors_info=&#8221;{}&#8221;]<\/p>\n<p>Serwis Narodowego Instytutu Dziedzictwa, kt\u00f3ry w nowoczesny i kompleksowy spos\u00f3b udost\u0119pnia informacje o polskich zabytkach!<\/p>\n<p>[\/et_pb_blurb][\/et_pb_column][\/et_pb_row][\/et_pb_section]<\/p>","protected":false},"excerpt":{"rendered":"<p>\u2190Powr\u00f3t Sk\u0142ad Rady Programowej na kadencj\u0119 w latach 2025-2027 Piotr \u017buchowski &#8211; Przewodnicz\u0105cy Rady prof. dr hab. in\u017c. arch. Ma\u0142gorzata Rozbicka &#8211; Zast\u0119pca Przewodnicz\u0105cego dr Aleksander Broda dr hab. Kinga [&hellip;]<\/p>","protected":false},"author":4,"featured_media":0,"parent":0,"menu_order":0,"comment_status":"closed","ping_status":"closed","template":"","meta":{"_et_pb_use_builder":"on","_et_pb_old_content":"","_et_gb_content_width":"","_monsterinsights_skip_tracking":false,"_monsterinsights_sitenote_active":false,"_monsterinsights_sitenote_note":"","_monsterinsights_sitenote_category":0,"footnotes":""},"class_list":["post-19846","page","type-page","status-publish","hentry"],"yoast_head":"<!-- This site is optimized with the Yoast SEO plugin v26.5 - https:\/\/yoast.com\/wordpress\/plugins\/seo\/ -->\n<title>Rada programowa - NID<\/title>\n<meta name=\"robots\" content=\"index, follow, max-snippet:-1, max-image-preview:large, max-video-preview:-1\" \/>\n<link rel=\"canonical\" href=\"https:\/\/nid.pl\/en\/rada-programowa\/\" \/>\n<meta property=\"og:locale\" content=\"en_GB\" \/>\n<meta property=\"og:type\" content=\"article\" \/>\n<meta property=\"og:title\" content=\"Rada programowa - NID\" \/>\n<meta property=\"og:description\" content=\"\u2190Powr\u00f3t Sk\u0142ad Rady Programowej na kadencj\u0119 w latach 2025-2027 Piotr \u017buchowski - Przewodnicz\u0105cy Rady prof. dr hab. in\u017c. arch. Ma\u0142gorzata Rozbicka - Zast\u0119pca Przewodnicz\u0105cego dr Aleksander Broda dr hab. Kinga [&hellip;]\" \/>\n<meta property=\"og:url\" content=\"https:\/\/nid.pl\/en\/rada-programowa\/\" \/>\n<meta property=\"og:site_name\" content=\"NID\" \/>\n<meta property=\"article:publisher\" content=\"https:\/\/www.facebook.com\/zabytek\" \/>\n<meta property=\"article:modified_time\" content=\"2026-03-17T08:52:11+00:00\" \/>\n<meta name=\"twitter:card\" content=\"summary_large_image\" \/>\n<meta name=\"twitter:site\" content=\"@NarIDpl\" \/>\n<meta name=\"twitter:label1\" content=\"Estimated reading time\" \/>\n\t<meta name=\"twitter:data1\" content=\"7 minutes\" \/>\n<script type=\"application\/ld+json\" class=\"yoast-schema-graph\">{\"@context\":\"https:\/\/schema.org\",\"@graph\":[{\"@type\":\"WebPage\",\"@id\":\"https:\/\/nid.pl\/rada-programowa\/\",\"url\":\"https:\/\/nid.pl\/rada-programowa\/\",\"name\":\"Rada programowa - NID\",\"isPartOf\":{\"@id\":\"https:\/\/nid.pl\/#website\"},\"datePublished\":\"2026-03-17T08:42:34+00:00\",\"dateModified\":\"2026-03-17T08:52:11+00:00\",\"breadcrumb\":{\"@id\":\"https:\/\/nid.pl\/rada-programowa\/#breadcrumb\"},\"inLanguage\":\"en-GB\",\"potentialAction\":[{\"@type\":\"ReadAction\",\"target\":[\"https:\/\/nid.pl\/rada-programowa\/\"]}]},{\"@type\":\"BreadcrumbList\",\"@id\":\"https:\/\/nid.pl\/rada-programowa\/#breadcrumb\",\"itemListElement\":[{\"@type\":\"ListItem\",\"position\":1,\"name\":\"Home\",\"item\":\"https:\/\/nid.pl\/\"},{\"@type\":\"ListItem\",\"position\":2,\"name\":\"Rada programowa\"}]},{\"@type\":\"WebSite\",\"@id\":\"https:\/\/nid.pl\/#website\",\"url\":\"https:\/\/nid.pl\/\",\"name\":\"NID\",\"description\":\"Narodowy Instytut Dziedzictwa\",\"publisher\":{\"@id\":\"https:\/\/nid.pl\/#organization\"},\"potentialAction\":[{\"@type\":\"SearchAction\",\"target\":{\"@type\":\"EntryPoint\",\"urlTemplate\":\"https:\/\/nid.pl\/?s={search_term_string}\"},\"query-input\":{\"@type\":\"PropertyValueSpecification\",\"valueRequired\":true,\"valueName\":\"search_term_string\"}}],\"inLanguage\":\"en-GB\"},{\"@type\":\"Organization\",\"@id\":\"https:\/\/nid.pl\/#organization\",\"name\":\"Narodowy Instytut Dziedzictwa\",\"url\":\"https:\/\/nid.pl\/\",\"logo\":{\"@type\":\"ImageObject\",\"inLanguage\":\"en-GB\",\"@id\":\"https:\/\/nid.pl\/#\/schema\/logo\/image\/\",\"url\":\"https:\/\/nid.pl\/wp-content\/uploads\/2022\/10\/logoRedDark.png\",\"contentUrl\":\"https:\/\/nid.pl\/wp-content\/uploads\/2022\/10\/logoRedDark.png\",\"width\":200,\"height\":197,\"caption\":\"Narodowy Instytut Dziedzictwa\"},\"image\":{\"@id\":\"https:\/\/nid.pl\/#\/schema\/logo\/image\/\"},\"sameAs\":[\"https:\/\/www.facebook.com\/zabytek\",\"https:\/\/x.com\/NarIDpl\",\"https:\/\/www.instagram.com\/nid.pl\/?hl=pl\",\"https:\/\/www.linkedin.com\/company\/narodowy-instytut-dziedzictwa\",\"https:\/\/www.youtube.com\/channel\/UCQXuhKa2uHtmNvLRUSx40JA\"]}]}<\/script>\n<!-- \/ Yoast SEO plugin. -->","yoast_head_json":{"title":"Rada programowa - NID","robots":{"index":"index","follow":"follow","max-snippet":"max-snippet:-1","max-image-preview":"max-image-preview:large","max-video-preview":"max-video-preview:-1"},"canonical":"https:\/\/nid.pl\/en\/rada-programowa\/","og_locale":"en_GB","og_type":"article","og_title":"Rada programowa - NID","og_description":"\u2190Powr\u00f3t Sk\u0142ad Rady Programowej na kadencj\u0119 w latach 2025-2027 Piotr \u017buchowski - Przewodnicz\u0105cy Rady prof. dr hab. in\u017c. arch. Ma\u0142gorzata Rozbicka - Zast\u0119pca Przewodnicz\u0105cego dr Aleksander Broda dr hab. Kinga [&hellip;]","og_url":"https:\/\/nid.pl\/en\/rada-programowa\/","og_site_name":"NID","article_publisher":"https:\/\/www.facebook.com\/zabytek","article_modified_time":"2026-03-17T08:52:11+00:00","twitter_card":"summary_large_image","twitter_site":"@NarIDpl","twitter_misc":{"Estimated reading time":"7 minutes"},"schema":{"@context":"https:\/\/schema.org","@graph":[{"@type":"WebPage","@id":"https:\/\/nid.pl\/rada-programowa\/","url":"https:\/\/nid.pl\/rada-programowa\/","name":"Rada programowa - NID","isPartOf":{"@id":"https:\/\/nid.pl\/#website"},"datePublished":"2026-03-17T08:42:34+00:00","dateModified":"2026-03-17T08:52:11+00:00","breadcrumb":{"@id":"https:\/\/nid.pl\/rada-programowa\/#breadcrumb"},"inLanguage":"en-GB","potentialAction":[{"@type":"ReadAction","target":["https:\/\/nid.pl\/rada-programowa\/"]}]},{"@type":"BreadcrumbList","@id":"https:\/\/nid.pl\/rada-programowa\/#breadcrumb","itemListElement":[{"@type":"ListItem","position":1,"name":"Home","item":"https:\/\/nid.pl\/"},{"@type":"ListItem","position":2,"name":"Rada programowa"}]},{"@type":"WebSite","@id":"https:\/\/nid.pl\/#website","url":"https:\/\/nid.pl\/","name":"NID","description":"Narodowy Instytut Dziedzictwa","publisher":{"@id":"https:\/\/nid.pl\/#organization"},"potentialAction":[{"@type":"SearchAction","target":{"@type":"EntryPoint","urlTemplate":"https:\/\/nid.pl\/?s={search_term_string}"},"query-input":{"@type":"PropertyValueSpecification","valueRequired":true,"valueName":"search_term_string"}}],"inLanguage":"en-GB"},{"@type":"Organization","@id":"https:\/\/nid.pl\/#organization","name":"Narodowy Instytut Dziedzictwa","url":"https:\/\/nid.pl\/","logo":{"@type":"ImageObject","inLanguage":"en-GB","@id":"https:\/\/nid.pl\/#\/schema\/logo\/image\/","url":"https:\/\/nid.pl\/wp-content\/uploads\/2022\/10\/logoRedDark.png","contentUrl":"https:\/\/nid.pl\/wp-content\/uploads\/2022\/10\/logoRedDark.png","width":200,"height":197,"caption":"Narodowy Instytut Dziedzictwa"},"image":{"@id":"https:\/\/nid.pl\/#\/schema\/logo\/image\/"},"sameAs":["https:\/\/www.facebook.com\/zabytek","https:\/\/x.com\/NarIDpl","https:\/\/www.instagram.com\/nid.pl\/?hl=pl","https:\/\/www.linkedin.com\/company\/narodowy-instytut-dziedzictwa","https:\/\/www.youtube.com\/channel\/UCQXuhKa2uHtmNvLRUSx40JA"]}]}},"_links":{"self":[{"href":"https:\/\/nid.pl\/en\/wp-json\/wp\/v2\/pages\/19846","targetHints":{"allow":["GET"]}}],"collection":[{"href":"https:\/\/nid.pl\/en\/wp-json\/wp\/v2\/pages"}],"about":[{"href":"https:\/\/nid.pl\/en\/wp-json\/wp\/v2\/types\/page"}],"author":[{"embeddable":true,"href":"https:\/\/nid.pl\/en\/wp-json\/wp\/v2\/users\/4"}],"replies":[{"embeddable":true,"href":"https:\/\/nid.pl\/en\/wp-json\/wp\/v2\/comments?post=19846"}],"version-history":[{"count":4,"href":"https:\/\/nid.pl\/en\/wp-json\/wp\/v2\/pages\/19846\/revisions"}],"predecessor-version":[{"id":33714,"href":"https:\/\/nid.pl\/en\/wp-json\/wp\/v2\/pages\/19846\/revisions\/33714"}],"wp:attachment":[{"href":"https:\/\/nid.pl\/en\/wp-json\/wp\/v2\/media?parent=19846"}],"curies":[{"name":"wp","href":"https:\/\/api.w.org\/{rel}","templated":true}]}}