{"id":19464,"date":"2024-06-03T12:00:07","date_gmt":"2024-06-03T10:00:07","guid":{"rendered":"https:\/\/nid.pl\/?page_id=19464"},"modified":"2024-06-19T11:04:31","modified_gmt":"2024-06-19T09:04:31","slug":"park-muzakowski-projekt-interreg","status":"publish","type":"page","link":"https:\/\/nid.pl\/en\/park-muzakowski-projekt-interreg\/","title":{"rendered":"Park Mu\u017cakowski \u2013 zwi\u0119kszenie atrakcyjno\u015bci turystycznej i dost\u0119pno\u015bci obiektu \u015bwiatowego dziedzictwa UNESCO"},"content":{"rendered":"<p>[et_pb_section fb_built=&#8221;1&#8243; _builder_version=&#8221;4.16&#8243; _module_preset=&#8221;default&#8221; custom_padding=&#8221;0px||0px|||&#8221; global_colors_info=&#8221;{}&#8221;][et_pb_row _builder_version=&#8221;4.25.1&#8243; _module_preset=&#8221;default&#8221; background_image=&#8221;https:\/\/nid.pl\/wp-content\/uploads\/2024\/02\/Park_Muzakowski_9-header.jpg&#8221; width=&#8221;100%&#8221; max_width=&#8221;100%&#8221; height=&#8221;400px&#8221; custom_margin=&#8221;|auto||auto|false|false&#8221; custom_padding=&#8221;0px||0px|||&#8221; global_colors_info=&#8221;{}&#8221;][et_pb_column type=&#8221;4_4&#8243; _builder_version=&#8221;4.16&#8243; _module_preset=&#8221;default&#8221; global_colors_info=&#8221;{}&#8221;][\/et_pb_column][\/et_pb_row][\/et_pb_section][et_pb_section fb_built=&#8221;1&#8243; _builder_version=&#8221;4.16&#8243; _module_preset=&#8221;default&#8221; custom_padding=&#8221;0px|0px|0px|0px|false|false&#8221; global_colors_info=&#8221;{}&#8221;][et_pb_row _builder_version=&#8221;4.16&#8243; _module_preset=&#8221;default&#8221; width=&#8221;100%&#8221; max_width=&#8221;100%&#8221; custom_padding=&#8221;50px|50px|50px|50px|false|false&#8221; global_colors_info=&#8221;{}&#8221;][et_pb_column type=&#8221;4_4&#8243; _builder_version=&#8221;4.16&#8243; _module_preset=&#8221;default&#8221; global_colors_info=&#8221;{}&#8221;][et_pb_text module_id=&#8221;backButtonBox&#8221; _builder_version=&#8221;4.7.4&#8243; _module_preset=&#8221;default&#8221; custom_margin=&#8221;0px|0px|0px|0px|false|false&#8221; custom_padding=&#8221;0px|0px|0px|0px|false|false&#8221; global_module=&#8221;2594&#8243; locked=&#8221;off&#8221; global_colors_info=&#8221;{}&#8221;]<\/p>\n<div class=\"backButton\" onclick=\"javascript:window.history.back();\"><span>\u2190<\/span>Powr\u00f3t<\/div>\n<p>[\/et_pb_text][et_pb_text _builder_version=&#8221;4.16&#8243; _dynamic_attributes=&#8221;content&#8221; _module_preset=&#8221;default&#8221; text_font_size=&#8221;26px&#8221; custom_margin=&#8221;||25px||false|false&#8221; custom_padding=&#8221;||||false|false&#8221; global_colors_info=&#8221;{}&#8221;]@ET-DC@eyJkeW5hbWljIjp0cnVlLCJjb250ZW50IjoicG9zdF90aXRsZSIsInNldHRpbmdzIjp7ImJlZm9yZSI6IiIsImFmdGVyIjoiIn19@[\/et_pb_text][et_pb_divider _builder_version=&#8221;4.16&#8243; _module_preset=&#8221;default&#8221; background_color=&#8221;#e52330&#8243; height=&#8221;5px&#8221; custom_margin=&#8221;0px||25px||false|false&#8221; custom_padding=&#8221;0px||0px||false|false&#8221; global_colors_info=&#8221;{}&#8221;][\/et_pb_divider][et_pb_text _builder_version=&#8221;4.25.1&#8243; _module_preset=&#8221;default&#8221; global_colors_info=&#8221;{}&#8221;]<\/p>\n<p>19 kwietnia 2024 roku Narodowy Instytut Dziedzictwa, wraz z Fundacj\u0105 \u201ePark Ksi\u0119cia P\u00fccklera Bad Muskau\u201d, rozpocz\u0105\u0142 realizacj\u0119 wsp\u00f3lnego projektu pn. \u201ePark Mu\u017cakowski \u2013 zwi\u0119kszenie atrakcyjno\u015bci turystycznej i dost\u0119pno\u015bci obiektu \u015bwiatowego dziedzictwa UNESCO\u201d\/ Muskauer Park \u2013 Steigerung der touristischen Attraktivit\u00e4t und Barrierefreiheit des UNESCO-Weltkulturerbes, finansowanego z Programu Wsp\u00f3\u0142pracy INTERREG 2021-2027.<\/p>\n<p>W ramach projektu, do ko\u0144ca 2025 roku, zrealizowany zostanie bogaty program wydarze\u0144 kulturalno-edukacyjnych, m.in. spacery, warsztaty, spotkania i koncerty, o kt\u00f3rych mo\u017cna dowiedzie\u0107 si\u0119 zar\u00f3wno ze <a href=\"https:\/\/parkmuzakowski.nid.pl\/\">strony Parku<\/a>, jak i medi\u00f3w spo\u0142eczno\u015bciowych &#8211; <a href=\"https:\/\/www.facebook.com\/parkmuzakowski.nid\">Facebooka<\/a> i <a href=\"https:\/\/www.instagram.com\/park_muzakowski\/\">Instagrama<\/a>.<\/p>\n<p>Park Mu\u017cakowski, szczeg\u00f3lnie dla tych odwiedzaj\u0105cych go po raz pierwszy, mo\u017ce by\u0107 ogromnym wyzwaniem pod wzgl\u0119dem odnalezienia si\u0119 w terenie. W zwi\u0105zku z tym powstanie nowa, czytelna mapa dla \u0142atwiejszego i przyjemniejszego zwiedzania rezydencji. Aby przybli\u017cy\u0107 odwiedzaj\u0105cym najwa\u017cniejsz\u0105 dla powstania Parku posta\u0107 &#8211; Hermanna von Pu\u0308ckler-Muskau \u2013 wydane zostan\u0105: kanonicza ksi\u0105\u017cka ksi\u0119cia Pu\u0308cklera \u201eSzkice o ogrodnictwie\u201d i teka z reprodukcjami rycin autorstwa Johanna Wilhelma Schirmera. Dzi\u0119ki niej \u0142atwiej b\u0119dzie mo\u017cna wyobrazi\u0107 sobie jak wygl\u0105da\u0142by Park, gdyby jego tw\u00f3rca zrealizowa\u0142 swoje wszystkie, nawet najbardziej szalone pomys\u0142y. Pozosta\u0142\u0105 wiedz\u0119 b\u0119dzie mo\u017cna czerpa\u0107 z nowej strony internetowej Parku, w postaci Wirtualnej Bazy Wiedzy i powi\u0105zanej z ni\u0105 \u015bcie\u017ck\u0105 QR, z punktami obejmuj\u0105cymi najwa\u017cniejsze i najpi\u0119kniejsze miejsca.<\/p>\n<p>Dzi\u0119ki pozyskanemu finansowaniu, zostanie zrekonstruowana zniszczona w czasie II wojny \u015bwiatowej Brama Koble\u0144ska, kt\u00f3ra znajdowa\u0142a si\u0119 nieopodal Domu Angielskiego. B\u0119dzie to pierwszy krok na drodze do jednego z najwi\u0119kszych wyzwa\u0144, czyli stworzenia programu rewitalizacji pozosta\u0142ych historycznych i niezachowanych budynk\u00f3w po polskiej stronie.<\/p>\n<p>Na terenie Parku Mu\u017cakowskiego pojawi si\u0119 nowa infrastruktura w postaci tablic informacyjnych, \u0142awek i koszy na \u015bmieci. Dzi\u0119ki wprowadzeniu inteligentnych system\u00f3w IT b\u0119dzie mo\u017cliwe monitorowanie bezpiecze\u0144stwa w Parku, si\u0142y wiatru, tak aby m\u00f3c na bie\u017c\u0105co informowa\u0107 o potencjalnym zagro\u017ceniu. Ponadto b\u0119dzie mo\u017cna tak\u017ce pozna\u0107 liczb\u0119 odwiedzaj\u0105cych, co pozwoli na dok\u0142adniejsze dostosowanie oferty do potrzeb go\u015bci.<\/p>\n<p>Z my\u015bl\u0105 o osobach o specjalnych potrzebach zostanie zakupiony meleks, dzi\u0119ki kt\u00f3remu zwi\u0119kszy si\u0119 dost\u0119pno\u015b\u0107 odleg\u0142ych miejsc w Parku. Kolejne dwa s\u0105 przewidziane dla Ogrodnik\u00f3w Parku Mu\u017cakowskiego, aby mogli jeszcze lepiej dba\u0107 o flor\u0119 i faun\u0119.<\/p>\n<p>Projekt jest realizowany dzi\u0119ki wsparciu finansowemu w ramach Programu Wsp\u00f3\u0142pracy INTERREG Polska-Saksonia 2021-2027 w wysoko\u015bci 916 589,09 \u20ac oraz dotacji celowej ze \u015brodk\u00f3w Ministra Kultury i Dziedzictwa Narodowego w wysoko\u015bci 969\u202f019, 28 PLN.<\/p>\n<p>[\/et_pb_text][et_pb_image src=&#8221;https:\/\/nid.pl\/wp-content\/uploads\/2024\/06\/Park-Muzakowski-INTERREG-2021-2027.jpg&#8221; alt=&#8221;grafika informuj\u0105ca o Projekcie %22Park Mu\u017cakowski \u2013 zwi\u0119kszenie atrakcyjno\u015bci turystycznej i dost\u0119pno\u015bci obiektu \u015bwiatowego dziedzictwa UNESCO%22&#8243; title_text=&#8221;Park Muzakowski &#8211; INTERREG-2021-2027&#8243; _builder_version=&#8221;4.25.1&#8243; _module_preset=&#8221;default&#8221; width=&#8221;50%&#8221; module_alignment=&#8221;center&#8221; global_colors_info=&#8221;{}&#8221;][\/et_pb_image][et_pb_image src=&#8221;https:\/\/nid.pl\/wp-content\/uploads\/2024\/06\/bip_dofinansowanie_Interreg_Park-Muzakowski.jpg&#8221; title_text=&#8221;bip_dofinansowanie_Interreg_Park Mu\u017cakowski&#8221; disabled_on=&#8221;off|off|off&#8221; _builder_version=&#8221;4.25.1&#8243; _module_preset=&#8221;default&#8221; locked=&#8221;off&#8221; global_colors_info=&#8221;{}&#8221;][\/et_pb_image][et_pb_image src=&#8221;https:\/\/nid.pl\/wp-content\/uploads\/2024\/06\/interreg-park-muzakowski-scaled.jpg&#8221; title_text=&#8221;interreg-park-muzakowski&#8221; disabled_on=&#8221;off|off|off&#8221; _builder_version=&#8221;4.25.1&#8243; _module_preset=&#8221;default&#8221; locked=&#8221;off&#8221; global_colors_info=&#8221;{}&#8221;][\/et_pb_image][et_pb_image src=&#8221;https:\/\/nid.pl\/wp-content\/uploads\/2021\/11\/Logo_POPC_1.png&#8221; title_text=&#8221;Logo_POPC_1&#8243; disabled_on=&#8221;on|on|on&#8221; _builder_version=&#8221;4.16&#8243; _module_preset=&#8221;default&#8221; disabled=&#8221;on&#8221; global_colors_info=&#8221;{}&#8221;][\/et_pb_image][et_pb_text _builder_version=&#8221;4.16&#8243; _module_preset=&#8221;default&#8221; locked=&#8221;off&#8221; global_colors_info=&#8221;{}&#8221;]<\/p>\n<p><strong>News<\/strong><\/p>\n<p>[\/et_pb_text][et_pb_blog posts_number=&#8221;4&#8243; include_categories=&#8221;117&#8243; excerpt_length=&#8221;150&#8243; show_author=&#8221;off&#8221; show_categories=&#8221;off&#8221; module_class=&#8221;specialPosts&#8221; _builder_version=&#8221;4.25.1&#8243; _module_preset=&#8221;default&#8221; header_font=&#8221;|600|||||||&#8221; header_text_color=&#8221;#e52330&#8243; header_font_size=&#8221;19px&#8221; header_line_height=&#8221;1.2em&#8221; body_text_color=&#8221;#000000&#8243; meta_font=&#8221;||||||||&#8221; meta_text_color=&#8221;#9b9b9b&#8221; read_more_font=&#8221;|700||||on|||&#8221; read_more_text_color=&#8221;#000000&#8243; custom_margin=&#8221;-38px|||||&#8221; custom_padding=&#8221;||||false|false&#8221; hover_enabled=&#8221;0&#8243; custom_css_main_element=&#8221;column-count: 4;||column-gap: 25px;&#8221; locked=&#8221;off&#8221; global_colors_info=&#8221;{}&#8221; custom_css_main_element_last_edited=&#8221;on|phone&#8221; custom_css_main_element_tablet=&#8221;column-count: 2;||column-gap: 25px;&#8221; custom_css_main_element_phone=&#8221;column-count: 1;||column-gap: 0px;&#8221; sticky_enabled=&#8221;0&#8243;][\/et_pb_blog][\/et_pb_column][\/et_pb_row][\/et_pb_section][et_pb_section fb_built=&#8221;1&#8243; _builder_version=&#8221;4.7.4&#8243; _module_preset=&#8221;default&#8221; custom_margin=&#8221;43px||||false|false&#8221; custom_padding=&#8221;0px||0px||false|false&#8221; global_module=&#8221;353&#8243; saved_tabs=&#8221;all&#8221; global_colors_info=&#8221;{}&#8221;][et_pb_row column_structure=&#8221;1_3,1_3,1_3&#8243; use_custom_gutter=&#8221;on&#8221; gutter_width=&#8221;1&#8243; _builder_version=&#8221;4.16&#8243; _module_preset=&#8221;default&#8221; background_color=&#8221;rgba(0,0,0,0)&#8221; width=&#8221;100%&#8221; max_width=&#8221;2560px&#8221; custom_padding=&#8221;0px||0px||false|false&#8221; global_colors_info=&#8221;{}&#8221;][et_pb_column type=&#8221;1_3&#8243; _builder_version=&#8221;4.16&#8243; _module_preset=&#8221;default&#8221; background_color=&#8221;#e52330&#8243; global_colors_info=&#8221;{}&#8221;][et_pb_blurb title=&#8221;Subskrybuj newsletter NID&#8221; use_icon=&#8221;on&#8221; font_icon=&#8221;&#xe106;||divi||400&#8243; icon_placement=&#8221;left&#8221; image_icon_width=&#8221;50px&#8221; module_class=&#8221;bigButtonModules&#8221; _builder_version=&#8221;4.16&#8243; _module_preset=&#8221;default&#8221; header_level=&#8221;h3&#8243; header_font=&#8221;|700|||||||&#8221; header_text_color=&#8221;#ffffff&#8221; body_text_color=&#8221;#ffffff&#8221; background_color=&#8221;#E52330&#8243; custom_margin=&#8221;||||false|false&#8221; custom_padding=&#8221;25px|25px|25px|25px|false|false&#8221; animation=&#8221;off&#8221; link_option_url=&#8221;https:\/\/nid.pl\/newsletter&#8221; custom_css_blurb_image=&#8221;padding-right: 20px;||vertical-align: middle;&#8221; icon_font_size=&#8221;50px&#8221; global_colors_info=&#8221;{}&#8221;]<\/p>\n<p>Zapisz si\u0119 do naszego newslettera i otrzymuj naj\u015bwie\u017csze informacj\u0119 ze \u015bwiata kultury.<\/p>\n<p>[\/et_pb_blurb][\/et_pb_column][et_pb_column type=&#8221;1_3&#8243; _builder_version=&#8221;4.16&#8243; _module_preset=&#8221;default&#8221; background_color=&#8221;#e52330&#8243; global_colors_info=&#8221;{}&#8221;][et_pb_code _builder_version=&#8221;4.23.2&#8243; _module_preset=&#8221;default&#8221; global_colors_info=&#8221;{}&#8221;][\/et_pb_code][et_pb_blurb title=&#8221;Ksi\u0119garnia NID&#8221; url_new_window=&#8221;on&#8221; use_icon=&#8221;on&#8221; font_icon=&#8221;&#xe022;||divi||400&#8243; icon_placement=&#8221;left&#8221; image_icon_width=&#8221;50px&#8221; module_class=&#8221;bigButtonModules&#8221; _builder_version=&#8221;4.16&#8243; _module_preset=&#8221;default&#8221; header_level=&#8221;h3&#8243; header_font=&#8221;|700|||||||&#8221; header_text_color=&#8221;#ffffff&#8221; body_text_color=&#8221;#ffffff&#8221; background_color=&#8221;#444444&#8243; custom_margin=&#8221;||||false|false&#8221; custom_padding=&#8221;25px|25px|25px|25px|false|false&#8221; animation=&#8221;off&#8221; link_option_url=&#8221;https:\/\/ksiegarnia.nid.pl\/&#8221; link_option_url_new_window=&#8221;on&#8221; custom_css_blurb_image=&#8221;padding-right: 20px;||vertical-align: middle;&#8221; icon_font_size=&#8221;50px&#8221; global_colors_info=&#8221;{}&#8221;]<\/p>\n<p>Sprawd\u017a nasze produkty w ksi\u0119garni. Zamawiaj bez wychodzenia z domu ju\u017c teraz!<\/p>\n<p>[\/et_pb_blurb][\/et_pb_column][et_pb_column type=&#8221;1_3&#8243; _builder_version=&#8221;4.16&#8243; _module_preset=&#8221;default&#8221; background_color=&#8221;#e52330&#8243; global_colors_info=&#8221;{}&#8221;][et_pb_blurb title=&#8221;Platforma szkoleniowa&#8221; url_new_window=&#8221;on&#8221; use_icon=&#8221;on&#8221; font_icon=&#8221;&#xe0e9;||divi||400&#8243; icon_placement=&#8221;left&#8221; image_icon_width=&#8221;50px&#8221; module_class=&#8221;bigButtonModules&#8221; _builder_version=&#8221;4.16&#8243; _module_preset=&#8221;default&#8221; header_level=&#8221;h3&#8243; header_font=&#8221;|700|||||||&#8221; header_text_color=&#8221;#ffffff&#8221; body_text_color=&#8221;#ffffff&#8221; background_color=&#8221;#6b6b6b&#8221; custom_margin=&#8221;||||false|false&#8221; custom_padding=&#8221;25px|25px|25px|25px|false|false&#8221; animation=&#8221;off&#8221; link_option_url=&#8221;https:\/\/szkolenianid.learncom.pl&#8221; link_option_url_new_window=&#8221;on&#8221; custom_css_blurb_image=&#8221;padding-right: 20px;||vertical-align: middle;&#8221; icon_font_size=&#8221;50px&#8221; global_colors_info=&#8221;{}&#8221;]<\/p>\n<p>Zapisz si\u0119 na nasz\u0105 platform\u0119 e-szkoleniow\u0105 i dowiedz si\u0119 jak zarz\u0105dza\u0107 dziedzictwem i wykorzysta\u0107 jego potencja\u0142.<\/p>\n<p>[\/et_pb_blurb][\/et_pb_column][\/et_pb_row][\/et_pb_section]<\/p>","protected":false},"excerpt":{"rendered":"<p>\u2190Powr\u00f3t 19 kwietnia 2024 roku Narodowy Instytut Dziedzictwa, wraz z Fundacj\u0105 \u201ePark Ksi\u0119cia P\u00fccklera Bad Muskau\u201d, rozpocz\u0105\u0142 realizacj\u0119 wsp\u00f3lnego projektu pn. \u201ePark Mu\u017cakowski \u2013 zwi\u0119kszenie atrakcyjno\u015bci turystycznej i dost\u0119pno\u015bci obiektu [&hellip;]<\/p>","protected":false},"author":4,"featured_media":0,"parent":0,"menu_order":0,"comment_status":"closed","ping_status":"closed","template":"","meta":{"_et_pb_use_builder":"on","_et_pb_old_content":"","_et_gb_content_width":"","_monsterinsights_skip_tracking":false,"_monsterinsights_sitenote_active":false,"_monsterinsights_sitenote_note":"","_monsterinsights_sitenote_category":0,"footnotes":""},"class_list":["post-19464","page","type-page","status-publish","hentry"],"yoast_head":"<!-- This site is optimized with the Yoast SEO plugin v26.5 - https:\/\/yoast.com\/wordpress\/plugins\/seo\/ -->\n<title>Park Mu\u017cakowski \u2013 zwi\u0119kszenie atrakcyjno\u015bci turystycznej i dost\u0119pno\u015bci obiektu \u015bwiatowego dziedzictwa UNESCO - NID<\/title>\n<meta name=\"robots\" content=\"index, follow, max-snippet:-1, max-image-preview:large, max-video-preview:-1\" \/>\n<link rel=\"canonical\" href=\"https:\/\/nid.pl\/en\/park-muzakowski-projekt-interreg\/\" \/>\n<meta property=\"og:locale\" content=\"en_GB\" \/>\n<meta property=\"og:type\" content=\"article\" \/>\n<meta property=\"og:title\" content=\"Park Mu\u017cakowski \u2013 zwi\u0119kszenie atrakcyjno\u015bci turystycznej i dost\u0119pno\u015bci obiektu \u015bwiatowego dziedzictwa UNESCO - NID\" \/>\n<meta property=\"og:description\" content=\"\u2190Powr\u00f3t 19 kwietnia 2024 roku Narodowy Instytut Dziedzictwa, wraz z Fundacj\u0105 \u201ePark Ksi\u0119cia P\u00fccklera Bad Muskau\u201d, rozpocz\u0105\u0142 realizacj\u0119 wsp\u00f3lnego projektu pn. \u201ePark Mu\u017cakowski \u2013 zwi\u0119kszenie atrakcyjno\u015bci turystycznej i dost\u0119pno\u015bci obiektu [&hellip;]\" \/>\n<meta property=\"og:url\" content=\"https:\/\/nid.pl\/en\/park-muzakowski-projekt-interreg\/\" \/>\n<meta property=\"og:site_name\" content=\"NID\" \/>\n<meta property=\"article:publisher\" content=\"https:\/\/www.facebook.com\/zabytek\" \/>\n<meta property=\"article:modified_time\" content=\"2024-06-19T09:04:31+00:00\" \/>\n<meta name=\"twitter:card\" content=\"summary_large_image\" \/>\n<meta name=\"twitter:site\" content=\"@NarIDpl\" \/>\n<meta name=\"twitter:label1\" content=\"Estimated reading time\" \/>\n\t<meta name=\"twitter:data1\" content=\"7 minutes\" \/>\n<script type=\"application\/ld+json\" class=\"yoast-schema-graph\">{\"@context\":\"https:\/\/schema.org\",\"@graph\":[{\"@type\":\"WebPage\",\"@id\":\"https:\/\/nid.pl\/park-muzakowski-projekt-interreg\/\",\"url\":\"https:\/\/nid.pl\/park-muzakowski-projekt-interreg\/\",\"name\":\"Park Mu\u017cakowski \u2013 zwi\u0119kszenie atrakcyjno\u015bci turystycznej i dost\u0119pno\u015bci obiektu \u015bwiatowego dziedzictwa UNESCO - NID\",\"isPartOf\":{\"@id\":\"https:\/\/nid.pl\/#website\"},\"datePublished\":\"2024-06-03T10:00:07+00:00\",\"dateModified\":\"2024-06-19T09:04:31+00:00\",\"breadcrumb\":{\"@id\":\"https:\/\/nid.pl\/park-muzakowski-projekt-interreg\/#breadcrumb\"},\"inLanguage\":\"en-GB\",\"potentialAction\":[{\"@type\":\"ReadAction\",\"target\":[\"https:\/\/nid.pl\/park-muzakowski-projekt-interreg\/\"]}]},{\"@type\":\"BreadcrumbList\",\"@id\":\"https:\/\/nid.pl\/park-muzakowski-projekt-interreg\/#breadcrumb\",\"itemListElement\":[{\"@type\":\"ListItem\",\"position\":1,\"name\":\"Home\",\"item\":\"https:\/\/nid.pl\/\"},{\"@type\":\"ListItem\",\"position\":2,\"name\":\"Park Mu\u017cakowski \u2013 zwi\u0119kszenie atrakcyjno\u015bci turystycznej i dost\u0119pno\u015bci obiektu \u015bwiatowego dziedzictwa UNESCO\"}]},{\"@type\":\"WebSite\",\"@id\":\"https:\/\/nid.pl\/#website\",\"url\":\"https:\/\/nid.pl\/\",\"name\":\"NID\",\"description\":\"Narodowy Instytut Dziedzictwa\",\"publisher\":{\"@id\":\"https:\/\/nid.pl\/#organization\"},\"potentialAction\":[{\"@type\":\"SearchAction\",\"target\":{\"@type\":\"EntryPoint\",\"urlTemplate\":\"https:\/\/nid.pl\/?s={search_term_string}\"},\"query-input\":{\"@type\":\"PropertyValueSpecification\",\"valueRequired\":true,\"valueName\":\"search_term_string\"}}],\"inLanguage\":\"en-GB\"},{\"@type\":\"Organization\",\"@id\":\"https:\/\/nid.pl\/#organization\",\"name\":\"Narodowy Instytut Dziedzictwa\",\"url\":\"https:\/\/nid.pl\/\",\"logo\":{\"@type\":\"ImageObject\",\"inLanguage\":\"en-GB\",\"@id\":\"https:\/\/nid.pl\/#\/schema\/logo\/image\/\",\"url\":\"https:\/\/nid.pl\/wp-content\/uploads\/2022\/10\/logoRedDark.png\",\"contentUrl\":\"https:\/\/nid.pl\/wp-content\/uploads\/2022\/10\/logoRedDark.png\",\"width\":200,\"height\":197,\"caption\":\"Narodowy Instytut Dziedzictwa\"},\"image\":{\"@id\":\"https:\/\/nid.pl\/#\/schema\/logo\/image\/\"},\"sameAs\":[\"https:\/\/www.facebook.com\/zabytek\",\"https:\/\/x.com\/NarIDpl\",\"https:\/\/www.instagram.com\/nid.pl\/?hl=pl\",\"https:\/\/www.linkedin.com\/company\/narodowy-instytut-dziedzictwa\",\"https:\/\/www.youtube.com\/channel\/UCQXuhKa2uHtmNvLRUSx40JA\"]}]}<\/script>\n<!-- \/ Yoast SEO plugin. -->","yoast_head_json":{"title":"Park Mu\u017cakowski \u2013 zwi\u0119kszenie atrakcyjno\u015bci turystycznej i dost\u0119pno\u015bci obiektu \u015bwiatowego dziedzictwa UNESCO - NID","robots":{"index":"index","follow":"follow","max-snippet":"max-snippet:-1","max-image-preview":"max-image-preview:large","max-video-preview":"max-video-preview:-1"},"canonical":"https:\/\/nid.pl\/en\/park-muzakowski-projekt-interreg\/","og_locale":"en_GB","og_type":"article","og_title":"Park Mu\u017cakowski \u2013 zwi\u0119kszenie atrakcyjno\u015bci turystycznej i dost\u0119pno\u015bci obiektu \u015bwiatowego dziedzictwa UNESCO - NID","og_description":"\u2190Powr\u00f3t 19 kwietnia 2024 roku Narodowy Instytut Dziedzictwa, wraz z Fundacj\u0105 \u201ePark Ksi\u0119cia P\u00fccklera Bad Muskau\u201d, rozpocz\u0105\u0142 realizacj\u0119 wsp\u00f3lnego projektu pn. \u201ePark Mu\u017cakowski \u2013 zwi\u0119kszenie atrakcyjno\u015bci turystycznej i dost\u0119pno\u015bci obiektu [&hellip;]","og_url":"https:\/\/nid.pl\/en\/park-muzakowski-projekt-interreg\/","og_site_name":"NID","article_publisher":"https:\/\/www.facebook.com\/zabytek","article_modified_time":"2024-06-19T09:04:31+00:00","twitter_card":"summary_large_image","twitter_site":"@NarIDpl","twitter_misc":{"Estimated reading time":"7 minutes"},"schema":{"@context":"https:\/\/schema.org","@graph":[{"@type":"WebPage","@id":"https:\/\/nid.pl\/park-muzakowski-projekt-interreg\/","url":"https:\/\/nid.pl\/park-muzakowski-projekt-interreg\/","name":"Park Mu\u017cakowski \u2013 zwi\u0119kszenie atrakcyjno\u015bci turystycznej i dost\u0119pno\u015bci obiektu \u015bwiatowego dziedzictwa UNESCO - NID","isPartOf":{"@id":"https:\/\/nid.pl\/#website"},"datePublished":"2024-06-03T10:00:07+00:00","dateModified":"2024-06-19T09:04:31+00:00","breadcrumb":{"@id":"https:\/\/nid.pl\/park-muzakowski-projekt-interreg\/#breadcrumb"},"inLanguage":"en-GB","potentialAction":[{"@type":"ReadAction","target":["https:\/\/nid.pl\/park-muzakowski-projekt-interreg\/"]}]},{"@type":"BreadcrumbList","@id":"https:\/\/nid.pl\/park-muzakowski-projekt-interreg\/#breadcrumb","itemListElement":[{"@type":"ListItem","position":1,"name":"Home","item":"https:\/\/nid.pl\/"},{"@type":"ListItem","position":2,"name":"Park Mu\u017cakowski \u2013 zwi\u0119kszenie atrakcyjno\u015bci turystycznej i dost\u0119pno\u015bci obiektu \u015bwiatowego dziedzictwa UNESCO"}]},{"@type":"WebSite","@id":"https:\/\/nid.pl\/#website","url":"https:\/\/nid.pl\/","name":"NID","description":"Narodowy Instytut Dziedzictwa","publisher":{"@id":"https:\/\/nid.pl\/#organization"},"potentialAction":[{"@type":"SearchAction","target":{"@type":"EntryPoint","urlTemplate":"https:\/\/nid.pl\/?s={search_term_string}"},"query-input":{"@type":"PropertyValueSpecification","valueRequired":true,"valueName":"search_term_string"}}],"inLanguage":"en-GB"},{"@type":"Organization","@id":"https:\/\/nid.pl\/#organization","name":"Narodowy Instytut Dziedzictwa","url":"https:\/\/nid.pl\/","logo":{"@type":"ImageObject","inLanguage":"en-GB","@id":"https:\/\/nid.pl\/#\/schema\/logo\/image\/","url":"https:\/\/nid.pl\/wp-content\/uploads\/2022\/10\/logoRedDark.png","contentUrl":"https:\/\/nid.pl\/wp-content\/uploads\/2022\/10\/logoRedDark.png","width":200,"height":197,"caption":"Narodowy Instytut Dziedzictwa"},"image":{"@id":"https:\/\/nid.pl\/#\/schema\/logo\/image\/"},"sameAs":["https:\/\/www.facebook.com\/zabytek","https:\/\/x.com\/NarIDpl","https:\/\/www.instagram.com\/nid.pl\/?hl=pl","https:\/\/www.linkedin.com\/company\/narodowy-instytut-dziedzictwa","https:\/\/www.youtube.com\/channel\/UCQXuhKa2uHtmNvLRUSx40JA"]}]}},"_links":{"self":[{"href":"https:\/\/nid.pl\/en\/wp-json\/wp\/v2\/pages\/19464","targetHints":{"allow":["GET"]}}],"collection":[{"href":"https:\/\/nid.pl\/en\/wp-json\/wp\/v2\/pages"}],"about":[{"href":"https:\/\/nid.pl\/en\/wp-json\/wp\/v2\/types\/page"}],"author":[{"embeddable":true,"href":"https:\/\/nid.pl\/en\/wp-json\/wp\/v2\/users\/4"}],"replies":[{"embeddable":true,"href":"https:\/\/nid.pl\/en\/wp-json\/wp\/v2\/comments?post=19464"}],"version-history":[{"count":0,"href":"https:\/\/nid.pl\/en\/wp-json\/wp\/v2\/pages\/19464\/revisions"}],"wp:attachment":[{"href":"https:\/\/nid.pl\/en\/wp-json\/wp\/v2\/media?parent=19464"}],"curies":[{"name":"wp","href":"https:\/\/api.w.org\/{rel}","templated":true}]}}