{"id":18243,"date":"2024-04-18T12:56:47","date_gmt":"2024-04-18T10:56:47","guid":{"rendered":"https:\/\/nid.pl\/?page_id=18243"},"modified":"2026-01-19T15:12:21","modified_gmt":"2026-01-19T14:12:21","slug":"pomniki-historii","status":"publish","type":"page","link":"https:\/\/nid.pl\/en\/pomniki-historii\/","title":{"rendered":"Pomniki historii"},"content":{"rendered":"<p>[et_pb_section fb_built=&#8221;1&#8243; _builder_version=&#8221;4.16&#8243; _module_preset=&#8221;default&#8221; custom_padding=&#8221;0px||0px|||&#8221; global_colors_info=&#8221;{}&#8221;][et_pb_row _builder_version=&#8221;4.24.2&#8243; _module_preset=&#8221;default&#8221; background_image=&#8221;https:\/\/nid.pl\/wp-content\/uploads\/2024\/01\/header-dzialalnosc-pomniki-historii-koszuty-zespol-palacowo-parkow.png&#8221; width=&#8221;100%&#8221; max_width=&#8221;100%&#8221; height=&#8221;400px&#8221; custom_margin=&#8221;|auto||auto|false|false&#8221; custom_padding=&#8221;0px||0px|||&#8221; global_colors_info=&#8221;{}&#8221;][et_pb_column type=&#8221;4_4&#8243; _builder_version=&#8221;4.24.2&#8243; _module_preset=&#8221;default&#8221; global_colors_info=&#8221;{}&#8221;][\/et_pb_column][\/et_pb_row][\/et_pb_section][et_pb_section fb_built=&#8221;1&#8243; _builder_version=&#8221;4.16&#8243; _module_preset=&#8221;default&#8221; custom_padding=&#8221;0px|0px|0px|0px|false|false&#8221; global_colors_info=&#8221;{}&#8221;][et_pb_row column_structure=&#8221;3_4,1_4&#8243; _builder_version=&#8221;4.24.2&#8243; _module_preset=&#8221;default&#8221; width=&#8221;100%&#8221; max_width=&#8221;100%&#8221; min_height=&#8221;1069.9px&#8221; custom_padding=&#8221;50px|50px|2px|50px|false|false&#8221; global_colors_info=&#8221;{}&#8221;][et_pb_column type=&#8221;3_4&#8243; _builder_version=&#8221;4.24.2&#8243; _module_preset=&#8221;default&#8221; global_colors_info=&#8221;{}&#8221;][et_pb_text _builder_version=&#8221;4.27.4&#8243; _dynamic_attributes=&#8221;content&#8221; _module_preset=&#8221;default&#8221; text_font_size=&#8221;26px&#8221; width=&#8221;99.7%&#8221; custom_margin=&#8221;||25px||false|false&#8221; custom_padding=&#8221;||||false|false&#8221; global_colors_info=&#8221;{}&#8221;]@ET-DC@eyJkeW5hbWljIjp0cnVlLCJjb250ZW50IjoicG9zdF90aXRsZSIsInNldHRpbmdzIjp7ImJlZm9yZSI6IiIsImFmdGVyIjoiIn19@[\/et_pb_text][et_pb_divider color=&#8221;#E52330&#8243; _builder_version=&#8221;4.16&#8243; _module_preset=&#8221;default&#8221; background_color=&#8221;#E52330&#8243; height=&#8221;5px&#8221; custom_margin=&#8221;0px||25px||false|false&#8221; custom_padding=&#8221;0px||0px||false|false&#8221; global_colors_info=&#8221;{}&#8221;][\/et_pb_divider][et_pb_accordion icon_color=&#8221;#e52330&#8243; module_class=&#8221;specialAccordion keepOpenAccordion&#8221; _builder_version=&#8221;4.27.5&#8243; _module_preset=&#8221;default&#8221; width=&#8221;99.5%&#8221; hover_enabled=&#8221;0&#8243; locked=&#8221;off&#8221; global_colors_info=&#8221;{}&#8221; sticky_enabled=&#8221;0&#8243;][et_pb_accordion_item title=&#8221;O pomnikach historii&#8221; open=&#8221;on&#8221; _builder_version=&#8221;4.27.0&#8243; _module_preset=&#8221;default&#8221; global_colors_info=&#8221;{}&#8221;]<\/p>\n<p><strong>Pomnik historii to jedna z pi\u0119ciu form ochrony zabytk\u00f3w<\/strong> wymienionych w ustawie z dnia 23 lipca 2003r. o ochronie zabytk\u00f3w i opiece nad zabytkami. Terminem tym okre\u015bla si\u0119 zabytek nieruchomy o szczeg\u00f3lnym znaczeniu dla kultury. Rang\u0119 pomnika historii podkre\u015bla fakt, \u017ce jest on ustanawiany rozporz\u0105dzeniem Prezydenta Rzeczypospolitej Polskiej na wniosek Ministra Kultury i Dziedzictwa Narodowego. W tre\u015bci prezydenckiego rozporz\u0105dzenia okre\u015bla si\u0119 cechy zabytku \u015bwiadcz\u0105ce o jego szczeg\u00f3lnej warto\u015bci, precyzyjnie wyznacza jego granice i zamieszcza schematyczn\u0105 map\u0119 z lokalizacj\u0105 i granicami obiektu.<\/p>\n<p>Pomniki historii, opr\u00f3cz znaczenia dla polskiego dziedzictwa kulturowego, powinny wyr\u00f3\u017cnia\u0107 si\u0119 m.in. znaczeniem ponadregionalnym, du\u017cymi warto\u015bciami historycznymi, naukowymi i artystycznymi, by\u0107 utrwalone w \u015bwiadomo\u015bci spo\u0142ecznej i stanowi\u0107 \u017ar\u00f3d\u0142o inspiracji dla kolejnych pokole\u0144. Do tego presti\u017cowego grona mog\u0105 do\u0142\u0105cza\u0107 krajobrazy kulturowe, uk\u0142ady urbanistyczne lub ruralistyczne, dzie\u0142a architektury i budownictwa oraz ich zespo\u0142y, dzie\u0142a budownictwa obronnego, zabytki techniki, parki i ogrody, cmentarze, miejsca upami\u0119tniaj\u0105ce wydarzenia historyczne b\u0105d\u017a zwi\u0105zane z dzia\u0142alno\u015bci\u0105 wybitnych osobisto\u015bci lub instytucji oraz zabytki archeologiczne. Inaczej m\u00f3wi\u0105c, lista pomnik\u00f3w historii to najcenniejszy zas\u00f3b dziedzictwa materialnego naszego kraju. S\u0105 to zabytki, z kt\u00f3rych mo\u017cemy by\u0107 dumni i kt\u00f3re s\u0105 wizyt\u00f3wk\u0105 naszego dziedzictwa na arenie mi\u0119dzynarodowej. To w\u0142a\u015bnie z tej listy Minister Kultury i Dziedzictwa Narodowego wybiera obiekty zg\u0142aszane do wpisu na List\u0119 \u015bwiatowego dziedzictwa UNESCO.<\/p>\n<p>Uznanie danego zabytku za pomnik historii zaproponowano ju\u017c w 1962 roku, w ustawie o ochronie d\u00f3br kultury. Zgodnie z tym aktem prawnym, w ten spos\u00f3b wyr\u00f3\u017cniony m\u00f3g\u0142 zosta\u0107 zabytek nieruchomy o szczeg\u00f3lnej warto\u015bci dla kultury narodowej.<\/p>\n<p>Na pocz\u0105tku lat dziewi\u0119\u0107dziesi\u0105tych \u00f3wcze\u015bni cz\u0142onkowie Rady Ochrony Zabytk\u00f3w, w sk\u0142adzie profesor\u00f3w: Janusza Bogdanowskiego, Mariana Arszy\u0144skiego, Jerzego \u0141ozi\u0144skiego, Adama Mi\u0142ob\u0119dzkiego i Micha\u0142a Kobusiewicza, opracowali list\u0119 100 obiekt\u00f3w spe\u0142niaj\u0105cych kryteria opracowane dla miejsc \u015bwiatowego dziedzictwa z uwzgl\u0119dnieniem aspektu historycznego zwi\u0105zanego z dziejami Polski. Na tej podstawie przygotowano pierwsz\u0105 list\u0119 i 8 wrze\u015bnia 1994 roku, \u00f3wczesny Prezydent RP, Lech Wa\u0142\u0119sa wyda\u0142 zarz\u0105dzenia ustanawiaj\u0105ce pierwsze w Polsce pomniki historii. Wpisy uporz\u0105dkowano alfabetycznie, i tak na pierwszej pozycji pojawi\u0142 si\u0119 Biskupin. Kolejne pozycje to Jasna G\u00f3ra w Cz\u0119stochowie, zesp\u00f3\u0142 katedralny we Fromborku, XVII-wieczny zesp\u00f3\u0142 miejski w Gda\u0144sku, katedra w Gnie\u017anie, Kazimierz Dolny, historyczny zesp\u00f3\u0142 miasta Krakowa, neolityczna kopalnia w Krzemionkach, zamek w Malborku, Ostr\u00f3w Lednicki, Stare i Nowe Miasto w Toruniu, historyczny zesp\u00f3\u0142 miasta z traktem kr\u00f3lewskim i Wilanowem w Warszawie, kopalnia soli w Wieliczce, zesp\u00f3\u0142 historycznego centrum Wroc\u0142awia oraz historyczny zesp\u00f3\u0142 miasta w Zamo\u015bciu. W sumie 8 wrze\u015bnia 1994 roku pomnikami historii zosta\u0142o 15 zabytk\u00f3w.<\/p>\n<p>W ustawie z 2003 roku o ochronie zabytk\u00f3w i opiece nad zabytkami dodano, \u017ce pomnikiem historii mo\u017ce zosta\u0107 nie tylko zabytek nieruchomy wpisany do rejestru, ale r\u00f3wnie\u017c park kulturowy o szczeg\u00f3lnej warto\u015bci dla kultury.<\/p>\n<p>Rekordowym rokiem by\u0142 2017 roku, kiedy lista pomnik\u00f3w historii poszerzy\u0142a si\u0119 o 21 obiekt\u00f3w, co by\u0142o zwi\u0105zane z projektem \u201e100 Pomnik\u00f3w Historii na 100-lecie odzyskania niepodleg\u0142o\u015bci\u201d.<\/p>\n<p><iframe loading=\"lazy\" width=\"560\" height=\"315\" src=\"https:\/\/www.youtube.com\/embed\/ssEQwfCXcPA?si=_s16y5rJu0-5uTE3\" title=\"YouTube video player\" frameborder=\"0\" allow=\"accelerometer; autoplay; clipboard-write; encrypted-media; gyroscope; picture-in-picture; web-share\" referrerpolicy=\"strict-origin-when-cross-origin\" allowfullscreen=\"\"><\/iframe><\/p>\n<p>[\/et_pb_accordion_item][et_pb_accordion_item title=&#8221;Procedura&#8221; _builder_version=&#8221;4.24.2&#8243; _module_preset=&#8221;default&#8221; global_colors_info=&#8221;{}&#8221; open=&#8221;off&#8221;]<\/p>\n<p>Zgodnie z przepisami ustawy o ochronie zabytk\u00f3w i opiece nad zabytkami, Prezydent RP, na wniosek ministra w\u0142a\u015bciwego do spraw kultury i ochrony dziedzictwa narodowego, w drodze rozporz\u0105dzenia, uznaje za pomnik historii zabytek nieruchomy wpisany do rejestru lub park kulturowy o szczeg\u00f3lnej warto\u015bci dla kultury (art. 15.1). Minister sk\u0142ada taki wniosek po uzyskaniu opinii Rady Ochrony Zabytk\u00f3w (art.15.2). Procedur\u0119 i kryteria wyboru popnik\u00f3w historii dookre\u015bla dokument: <em>Kryteria i procedury uznawania obiektu za Pomnik Historii,<\/em> przyj\u0119ty i zarekomendowany do stosowania w 2005 r. przez Rad\u0119 Ochrony Zabytk\u00f3w, kt\u00f3ry zawiera r\u00f3wnie\u017c wz\u00f3r dokumentacji zg\u0142oszenia.<\/p>\n<p>Procedur\u0119 uznawania za pomnik historii prowadzi Narodowy Instytut Dziedzictwa w imieniu Ministerstwa Kultury i Dziedzictwa Narodowego. Do NID sp\u0142ywaj\u0105 pisma wnioskowe i dokumentacje oraz opinie Wojew\u00f3dzkich Konserwator\u00f3w Zabytk\u00f3w dotycz\u0105ce danych wniosk\u00f3w. NID poddaje zg\u0142oszenia szczeg\u00f3\u0142owej analizie formalnej i merytorycznej oraz wizytuje kandyduj\u0105cy zabytek w celu zapoznania si\u0119 z jego obecnym stanem zachowania, sposobem utrzymania, u\u017cytkowania itp. Konkluzje w postaci opinii co do zasadno\u015bci propozycji uznania obiektu za pomnik historii przekazywane s\u0105 pod obrady dzia\u0142aj\u0105cej przy Ministrze Rady Ochrony Zabytk\u00f3w. Cz\u0142onkowie Rady podczas posiedze\u0144 dyskutuj\u0105 nad poszczeg\u00f3lnymi kandydaturami i g\u0142osuj\u0105 za lub przeciw udzieleniu im swojej rekomendacji. Po uzyskaniu rekomendacji Rady, Minister wyst\u0119puje do Prezydenta RP o uznanie danego zabytku za pomnik historii, natomiast NID opracowuje projekt rozporz\u0105dzenia wraz z uzasadnieniem i za\u0142\u0105cznikiem graficznym, kt\u00f3ry przekazywany jest Kancelarii Prezydenta RP za po\u015brednictwem MKiDN. Je\u015bli wniosek Ministra uzyska akceptacj\u0119, procedur\u0119 zamyka podpisanie rozporz\u0105dzenia przez Prezydenta RP i publikacja dokumentu w Dzienniku Ustaw Rzeczypospolitej Polskiej.<\/p>\n<p><strong>Download<\/strong><\/p>\n<p><a class=\"attachment\" target=\"_blank\" href=\"https:\/\/nid.pl\/wp-content\/uploads\/2021\/11\/KRYTERIA-WYBORU.pdf\" rel=\"attachment wp-att-2435 noopener noreferrer\">Kryteria wyboru<\/a><\/p>\n<p><a class=\"attachment\" target=\"_blank\" href=\"https:\/\/nid.pl\/wp-content\/uploads\/2021\/11\/PROCEDURY-WYBORU.pdf\" rel=\"attachment wp-att-2436 noopener noreferrer\">Procedury wyboru<\/a><\/p>\n<p><a class=\"attachment\" target=\"_blank\" href=\"https:\/\/nid.pl\/wp-content\/uploads\/2024\/02\/Wzor-dokumentacji-zgloszenia_aktualizacja-05.02.2024.pdf\" rel=\"attachment noopener noreferrer wp-att-2437\">Wz\u00f3r dokumentacji zg\u0142oszenia<\/a><\/p>\n<p>[\/et_pb_accordion_item][et_pb_accordion_item title=&#8221;Identyfikacja wizualna pomnik\u00f3w historii&#8221; _builder_version=&#8221;4.27.5&#8243; _module_preset=&#8221;default&#8221; hover_enabled=&#8221;0&#8243; global_colors_info=&#8221;{}&#8221; open=&#8221;off&#8221; sticky_enabled=&#8221;0&#8243;]<\/p>\n<p>Pomniki historii posiadaj\u0105 w\u0142asne logo wraz z Ksi\u0119g\u0105 Znaku. Logo we wszystkich dopuszczalnych wersjach wraz z Ksi\u0119g\u0105 Znaku jest w\u0142asno\u015bci\u0105 NID, kt\u00f3ry posiada prawa autorskie do jego wykorzystywania.<\/p>\n<p>W celu wykorzystania znaku promocyjnego pomnik\u00f3w historii nale\u017cy ka\u017cdoroazowo uzyska\u0107 zgod\u0119 Narodowego Instytutu Dziedzictwa. Logotyp zostanie udost\u0119pniony na pisemn\u0105 pro\u015bb\u0119 w\u0142a\u015bciciela obiektu, kt\u00f3r\u0105 nale\u017cy skierowa\u0107 na adres: <a href=\"mailto:%20promocja@nid.pl\" target=\"_blank\" rel=\"noopener\">promocja@nid.pl<\/a>.<\/p>\n<p>Logo powinno by\u0107 stosowane przez w\u0142a\u015bcicieli, zarz\u0105dc\u00f3w i opiekun\u00f3w pomnik\u00f3w historii. Mo\u017cna je wykorzysta\u0107 do oznaczenia obiektu w terenie oraz we wszelkich publikacjach tradycyjnych i internetowych maj\u0105cych na celu popularyzacj\u0119 zabytku o najwy\u017cszej randze w kraju. Znak graficzny ma za zadanie przybli\u017cy\u0107 spo\u0142ecze\u0144stwu poj\u0119cie Pomnika Historii i wzmo\u017cy\u0107 zainteresowanie oznaczonymi tym znakiem obiektami.<\/p>\n<p>Narodowy Instytut Dziedzictwa przekazuje bezp\u0142atnie logo pomnik\u00f3w historii, z zastrze\u017ceniem jego u\u017cytkowania zgodnie z Ksi\u0119g\u0105 Znaku (Logo manual), kt\u00f3ra okre\u015bla warunki korzystania z logo, jego konstrukcj\u0119, pola ochrony, dopuszczalne wersje kolorystyczne jak r\u00f3wnie\u017c wz\u00f3r tablic, s\u0142u\u017c\u0105cych do oznakowania obiekt\u00f3w uznanych przez Prezydenta RP za pomnik historii.<\/p>\n<p>Mamy nadziej\u0119, \u017ce przekazany Pa\u0144stwu znak graficzny oka\u017ce si\u0119 przydatnym narz\u0119dziem w dobrym zarz\u0105dzaniu najcenniejszymi dla polskiej kultury zabytkami.<\/p>\n<p>Przypominamy, \u017ce u\u017cycie logo w celu oznaczenia pomnika historii w jego obszarze, musi mie\u0107 zgod\u0119 Wojew\u00f3dzkiego Konserwatora Zabytk\u00f3w.<\/p>\n<p>[\/et_pb_accordion_item][et_pb_accordion_item title=&#8221;Aktualna lista pomnik\u00f3w historii&#8221; _builder_version=&#8221;4.27.3&#8243; _module_preset=&#8221;default&#8221; global_colors_info=&#8221;{}&#8221; open=&#8221;off&#8221;]<\/p>\n<p>&nbsp;<\/p>\n<p><strong>Obecnie za pomniki historii uznano 133 zabytki.<\/strong><\/p>\n<p>Wszystkie obiekty opisane s\u0105 na portalu <a href=\"https:\/\/zabytek.pl\/pl\" target=\"_blank\" rel=\"noopener\" title=\"Link zostanie otwarty w nowym oknie\">zabytek.pl<\/a>, gdzie dost\u0119pna jest r\u00f3wnie\u017c mapa pomnik\u00f3w historii.<\/p>\n<p>Poni\u017cej prezentujemy list\u0119 w kolejno\u015bci alfabetycznej.<\/p>\n<ol>\n<li><a target=\"_blank\" href=\"https:\/\/zabytek.pl\/pl\/obiekty\/bialystok-zespol-kosciola-pw-chrystusa-krola-i-sw-rocha\" rel=\"noopener\">Bia\u0142ystok \u2013 zesp\u00f3\u0142 ko\u015bcio\u0142a pw. Chrystusa Kr\u00f3la i \u015bw. Rocha<\/a><\/li>\n<li><a target=\"_blank\" href=\"https:\/\/zabytek.pl\/pl\/obiekty\/biskupin-rezerwat-archeologiczny-biskupin\" rel=\"noopener\">Biskupin \u2013 rezerwat archeologiczny<\/a><\/li>\n<li><a target=\"_blank\" href=\"https:\/\/zabytek.pl\/pl\/obiekty\/bochnia-bochnia-kopalnia-soli\" rel=\"noopener\">Bochnia \u2013 kopalnia soli<\/a><\/li>\n<li><a target=\"_blank\" href=\"https:\/\/zabytek.pl\/pl\/obiekty\/bohoniki-kruszyniany-bohoniki-i-kruszyniany-meczety-i-mizary\" rel=\"noopener\">Bohoniki i Kruszyniany \u2013 meczety i mizary<\/a><\/li>\n<li><a target=\"_blank\" href=\"https:\/\/zabytek.pl\/pl\/obiekty\/bobrka-najstarsza-kopalnia-ropy-naftowej\" rel=\"noopener\">B\u00f3brka \u2013 najstarsza kopalnia ropy naftowej<\/a><\/li>\n<li><a target=\"_blank\" href=\"https:\/\/zabytek.pl\/pl\/obiekty\/brzeg-zamek-piastow-slaskich-z-renesansowa-brama-i-kaplica\" rel=\"noopener\">Brzeg \u2013 Zamek Piast\u00f3w \u015al\u0105skich z renesansow\u0105 bram\u0105 i kaplic\u0105 zamkow\u0105 pod wezwaniem \u015bw. Jadwigi \u2013 nekropoli\u0105 Piast\u00f3w<\/a><\/li>\n<li><a target=\"_blank\" href=\"https:\/\/zabytek.pl\/pl\/obiekty\/chelmno-chelmno-stare-miasto\" rel=\"noopener\">Che\u0142mno \u2013 stare miasto<\/a><\/li>\n<li><a target=\"_blank\" href=\"https:\/\/zabytek.pl\/pl\/obiekty\/ciechocinek-ciechocinek-zespol-tezni-i-warzelni-soli-wraz-z-pa\" rel=\"noopener\">Ciechocinek \u2013 Zesp\u00f3\u0142 t\u0119\u017cni i warzelni soli wraz z parkami T\u0119\u017cniowym i Zdrojowym<\/a><\/li>\n<li><a target=\"_blank\" href=\"https:\/\/zabytek.pl\/pl\/obiekty\/czerwinsk-nad-wisla-dawne-opactwo-kanonikow-regularnych--2\" rel=\"noopener\">Czerwi\u0144sk nad Wis\u0142\u0105 \u2013 dawne opactwo Kanonik\u00f3w Regularnych<\/a><\/li>\n<li><a target=\"_blank\" href=\"https:\/\/zabytek.pl\/pl\/obiekty\/czestochowa-jasna-gora-zespol-klasztoru-oo-paulinow\" rel=\"noopener\">Cz\u0119stochowa \u2013 Jasna G\u00f3ra, zesp\u00f3\u0142 klasztoru oo. Paulin\u00f3w<\/a><\/li>\n<li><a target=\"_blank\" href=\"https:\/\/zabytek.pl\/pl\/obiekty\/dobrzyca-zespol-palacowo-parkowy-2\" rel=\"noopener\">Dobrzyca \u2013 zesp\u00f3\u0142 pa\u0142acowo-parkowy<\/a><\/li>\n<li><a target=\"_blank\" href=\"https:\/\/zabytek.pl\/pl\/obiekty\/duszniki-zdroj-duszniki-zdroj-mlyn-papierniczy\" rel=\"noopener\">Duszniki Zdr\u00f3j \u2013 m\u0142yn papierniczy<\/a><\/li>\n<li><a target=\"_blank\" href=\"https:\/\/zabytek.pl\/pl\/obiekty\/frombork-frombork-zespol-katedralny\" rel=\"noopener\">Frombork \u2013 zesp\u00f3\u0142 katedralny<\/a><\/li>\n<li><a target=\"_blank\" href=\"https:\/\/zabytek.pl\/pl\/obiekty\/gdansk-gdansk-miasto-w-zasiegu-obwarowan-z-xvii-wieku\" rel=\"noopener\">Gda\u0144sk \u2013 miasto w zasi\u0119gu obwarowa\u0144 z XVII wieku<\/a><\/li>\n<li><a target=\"_blank\" href=\"https:\/\/zabytek.pl\/pl\/obiekty\/gdansk-pole-bitwy-na-westerplatte-111\" rel=\"noopener\">Gda\u0144sk \u2013 pole bitwy na Westerplatte<\/a><\/li>\n<li><a target=\"_blank\" href=\"https:\/\/zabytek.pl\/pl\/obiekty\/gdansk-stocznia-gdanska-miejsce-narodzin-solidarnosci\" rel=\"noopener\">Gda\u0144sk \u2013 Stocznia Gda\u0144ska, miejsce narodzin Solidarno\u015bci<\/a><\/li>\n<li><a target=\"_blank\" href=\"https:\/\/zabytek.pl\/pl\/obiekty\/gdansk-gdansk-twierdza-wisloujscie\" rel=\"noopener\">Gda\u0144sk \u2013 Twierdza Wis\u0142ouj\u015bcie<\/a><\/li>\n<li><a target=\"_blank\" href=\"https:\/\/zabytek.pl\/pl\/obiekty\/gdansk-gdansk-oliwa-zespol-pocystersko-katedralny\" rel=\"noopener\">Gda\u0144sk \u2013 Zesp\u00f3\u0142 pocystersko-katedralny w Gda\u0144sku Oliwie<\/a><\/li>\n<li><a target=\"_blank\" href=\"https:\/\/zabytek.pl\/pl\/obiekty\/gdynia-gdynia-historyczny-uklad-urbanistyczny-srodmiescia\" rel=\"noopener\">Gdynia \u2013 historyczny uk\u0142ad urbanistyczny \u015br\u00f3dmie\u015bcia<\/a><\/li>\n<li><a target=\"_blank\" href=\"https:\/\/zabytek.pl\/pl\/obiekty\/gliwice-gliwice-radiostacja\" rel=\"noopener\">Gliwice \u2013 radiostacja<\/a><\/li>\n<li><a target=\"_blank\" href=\"https:\/\/zabytek.pl\/pl\/obiekty\/gniezno-gniezno-katedra-pw-wniebowziecia-najswietszej-marii-pan\" rel=\"noopener\">Gniezno \u2013 katedra pw. Wniebowzi\u0119cia NMP i \u015bw. Wojciecha<\/a><\/li>\n<li><a target=\"_blank\" href=\"https:\/\/zabytek.pl\/pl\/obiekty\/glogowko-zespol-klasztorny-kongregacji-oratorium-sw-filipa-neri\" rel=\"noopener\">Gosty\u0144 \u2013 G\u0142og\u00f3wko zesp\u00f3\u0142 klasztorny Kongregacji Oratorium \u015bw. Filipa Neri<\/a><\/li>\n<li><a target=\"_blank\" href=\"https:\/\/zabytek.pl\/pl\/obiekty\/goscikowo-goscikowo-paradyz-pocysterski-zespol-klasztorny-2\" rel=\"noopener\">Go\u015bcikowo-Parady\u017c \u2013 Pocysterski zesp\u00f3\u0142 klasztorny<\/a><\/li>\n<li><a target=\"_blank\" href=\"https:\/\/zabytek.pl\/pl\/obiekty\/gora-swietej-anny-gora-swietej-anny-komponowany-krajobraz-kultur\" rel=\"noopener\">G\u00f3ra \u015aw. Anny \u2013 komponowany krajobraz kulturowo-przyrodniczy<\/a><\/li>\n<li><a target=\"_blank\" href=\"https:\/\/zabytek.pl\/pl\/obiekty\/grudziadz-grudziadz-zespol-zabytkowych-spichlerzy-wraz-z-pan\" rel=\"noopener\">Grudzi\u0105dz \u2013 Zesp\u00f3\u0142 zabytkowych spichlerzy wraz z panoram\u0105 od strony Wis\u0142y<\/a><\/li>\n<li><a target=\"_blank\" href=\"https:\/\/zabytek.pl\/pl\/obiekty\/grunwald-grunwald-pole-bitwy\" rel=\"noopener\">Grunwald \u2013 Pole Bitwy<\/a><\/li>\n<li><a href=\"https:\/\/zabytek.pl\/pl\/obiekty\/jableczna-cerkiew-prawoslawna-pw-sw-onufrego\">Jab\u0142eczna \u2013 prawos\u0142awny klasztor \u015bw. Onufrego<\/a><\/li>\n<li><a target=\"_blank\" href=\"https:\/\/zabytek.pl\/pl\/obiekty\/janow-podlaski-janow-podlaski-stadnina-koni\" rel=\"noopener\">Jan\u00f3w Podlaski \u2013 Stadnina koni<\/a><\/li>\n<li><a target=\"_blank\" href=\"https:\/\/zabytek.pl\/pl\/obiekty\/jawor-jawor-kosciol-ewangelicko-augsburski-pw-ducha-swietego\" rel=\"noopener\">Jawor \u2013 ko\u015bci\u00f3\u0142 ewangelicko-augsburski pw. Ducha \u015awi\u0119tego zwany ko\u015bcio\u0142em Pokoju<\/a><\/li>\n<li><a target=\"_blank\" href=\"https:\/\/zabytek.pl\/pl\/obiekty\/kalwaria-zebrzydowska-kalwaria-krajobrazowy-zespol-manierystyczn\" rel=\"noopener\">Kalwaria Zebrzydowska \u2013 krajobrazowy zesp\u00f3\u0142 manierystycznego parku pielgrzymkowego<\/a><\/li>\n<li><a href=\"https:\/\/zabytek.pl\/pl\/obiekty\/kamieniec-zabkowicki-zespol-architektoniczno-krajobrazowy-\">Kamieniec Z\u0105bkowicki &#8211; zesp\u00f3\u0142 architektoniczno-krajobrazowy<\/a><\/li>\n<li><a target=\"_blank\" href=\"https:\/\/zabytek.pl\/pl\/obiekty\/kamien-pomorski-kamien-pomorski-zespol-katedralny\" rel=\"noopener\">Kamie\u0144 Pomorski \u2013 zesp\u00f3\u0142 katedralny<\/a><\/li>\n<li><a target=\"_blank\" href=\"https:\/\/zabytek.pl\/pl\/obiekty\/augustow-kanal-augustowski-14\" rel=\"noopener\">Kana\u0142 Augustowski \u2013 droga wodna<\/a><\/li>\n<li><a target=\"_blank\" href=\"https:\/\/zabytek.pl\/pl\/obiekty\/elblag-kanal-elblaski-73\" rel=\"noopener\">Kana\u0142 Elbl\u0105ski<\/a><\/li>\n<li><a target=\"_blank\" href=\"https:\/\/zabytek.pl\/pl\/obiekty\/katowice-katowice-gmach-wojewodztwa-i-sejmu-slaskiego-oraz-z\" rel=\"noopener\">Katowice \u2013 Gmach Wojew\u00f3dztwa i Sejmu \u015al\u0105skiego oraz zesp\u00f3\u0142 katedralny<\/a><\/li>\n<li><a target=\"_blank\" href=\"https:\/\/zabytek.pl\/pl\/obiekty\/katowice-katowice-osiedle-robotnicze-nikiszowiec\" rel=\"noopener\">Katowice \u2013 osiedle robotnicze Nikiszowiec<\/a><\/li>\n<li><a target=\"_blank\" href=\"https:\/\/zabytek.pl\/pl\/obiekty\/kazimierz-dolny-kazimierz-dolny\" rel=\"noopener\">Kazimierz Dolny<\/a><\/li>\n<li><a target=\"_blank\" href=\"https:\/\/zabytek.pl\/pl\/obiekty\/kielce-kielce-dawny-palac-biskupow-i-katedra-2\" rel=\"noopener\">Kielce \u2013 Dawny pa\u0142ac biskup\u00f3w i katedra<\/a><\/li>\n<li><a target=\"_blank\" href=\"https:\/\/zabytek.pl\/pl\/obiekty\/klepsk-klepsk-kosciol-pw-nawiedzenia-najswietszej-maryi-panny\" rel=\"noopener\">Kl\u0119psk \u2013 ko\u015bci\u00f3\u0142 pw. Nawiedzenia Naj\u015bwi\u0119tszej Maryi Panny<\/a><\/li>\n<li><a target=\"_blank\" href=\"https:\/\/zabytek.pl\/pl\/obiekty\/kolbacz-kolbacz-zalozenie-dawnego-klasztoru-cystersow-pozniejsz\" rel=\"noopener\">Ko\u0142bacz \u2013 za\u0142o\u017cenie dawnego klasztoru cysters\u00f3w<\/a><\/li>\n<li><a target=\"_blank\" href=\"https:\/\/zabytek.pl\/pl\/obiekty\/koszuty-koszuty-zespol-dworsko-parkowy\" rel=\"noopener\">Koszuty \u2013 zesp\u00f3\u0142 dworsko-parkowy<\/a><\/li>\n<li><a target=\"_blank\" href=\"https:\/\/zabytek.pl\/pl\/obiekty\/palace-i-parki-krajobrazowe-kotliny-jeleniogorskiej\" rel=\"noopener\">Kotlina Jeleniog\u00f3rska \u2013 pa\u0142ace i parki krajobrazowe Kotliny Jeleniog\u00f3rskiej<\/a><\/li>\n<li><a target=\"_blank\" href=\"https:\/\/zabytek.pl\/pl\/obiekty\/kozlowka-kozlowka-zespol-palacowo-parkowy\" rel=\"noopener\">Koz\u0142\u00f3wka \u2013 zesp\u00f3\u0142 pa\u0142acowo-parkowy<\/a><\/li>\n<li><a target=\"_blank\" href=\"https:\/\/zabytek.pl\/pl\/obiekty\/kornik-kornik-zespol-zamkowo-parkowy-wraz-z-kosciolem-parafialny\" rel=\"noopener\">K\u00f3rnik \u2013 zesp\u00f3\u0142 zamkowo-parkowy wraz z ko\u015bcio\u0142em parafialnym \u2013 nekropoli\u0105 w\u0142a\u015bcicieli<\/a><\/li>\n<li><a href=\"https:\/\/zabytek.pl\/pl\/obiekty\/dzielnica-nowa-huta-\">Krak\u00f3w &#8211; dzielnica Nowa Huta<\/a><\/li>\n<li><a target=\"_blank\" href=\"https:\/\/zabytek.pl\/pl\/obiekty\/krakow-krakow-historyczny-zespol-miasta\" rel=\"noopener\">Krak\u00f3w \u2013 historyczny zesp\u00f3\u0142 miasta<\/a><\/li>\n<li><a target=\"_blank\" href=\"https:\/\/zabytek.pl\/pl\/obiekty\/krakow-krakow-kopiec-kosciuszki-z-otoczeniem-2\" rel=\"noopener\">Krak\u00f3w \u2013 Kopiec Ko\u015bciuszki z otoczeniem<\/a><\/li>\n<li><a href=\"https:\/\/zabytek.pl\/pl\/obiekty\/krakow-opactwo-cystersow-w-mogile-\">Krak\u00f3w &#8211; opactwo Cysters\u00f3w w Mogile<\/a><\/li>\n<li><a target=\"_blank\" href=\"https:\/\/zabytek.pl\/pl\/obiekty\/krasiczyn-krasiczyn-zespol-zamkowo-palacowy\" rel=\"noopener\">Krasiczyn \u2013 zesp\u00f3\u0142 zamkowo-parkowy<\/a><\/li>\n<li><a target=\"_blank\" href=\"https:\/\/zabytek.pl\/pl\/obiekty\/sudol-krzemionki-kopalnie-krzemienia-z-epoki-neolitu\" rel=\"noopener\">Krzemionki k. Ostrowca \u015awi\u0119tokrzyskiego \u2013 kopalnie krzemienia z okresu neolitu<\/a><\/li>\n<li><a target=\"_blank\" href=\"https:\/\/zabytek.pl\/pl\/obiekty\/krzeszow-krzeszow-opactwo-cystersow\" rel=\"noopener\">Krzesz\u00f3w \u2013 zesp\u00f3\u0142 dawnego opactwa cysters\u00f3w<\/a><\/li>\n<li><a target=\"_blank\" href=\"https:\/\/zabytek.pl\/pl\/obiekty\/kwidzyn-kwidzyn-zespol-katedralno-zamkowy\" rel=\"noopener\">Kwidzyn \u2013 zesp\u00f3\u0142 katedralno-zamkowy<\/a><\/li>\n<li><a target=\"_blank\" href=\"https:\/\/zabytek.pl\/pl\/obiekty\/lad-zespol-dawnego-opactwa-cysterskiego-w-ladzie-nad-warta\" rel=\"noopener\">L\u0105d \u2013 zesp\u00f3\u0142 dawnego opactwa cysterskiego w L\u0105dzie nad Wart\u0105<\/a><\/li>\n<li><a target=\"_blank\" href=\"https:\/\/zabytek.pl\/pl\/obiekty\/legnickie-pole-legnickie-pole-pobenedyktynski-zespol-klasztorny\" rel=\"noopener\">Legnickie Pole \u2013 pobenedykty\u0144ski zesp\u00f3\u0142 klasztorny<\/a><\/li>\n<li><a target=\"_blank\" href=\"https:\/\/zabytek.pl\/pl\/obiekty\/lezajsk-lezajsk-zespol-klasztoru-oo-bernardynow\" rel=\"noopener\">Le\u017cajsk \u2013 zesp\u00f3\u0142 klasztorny oo. bernardyn\u00f3w<\/a><\/li>\n<li><a target=\"_blank\" href=\"https:\/\/zabytek.pl\/pl\/obiekty\/lidzbark-warminski-zamek-biskupow-warminskich\" rel=\"noopener\">Lidzbark Warmi\u0144ski\u00a0 \u2013 zamek biskup\u00f3w warmi\u0144skich<\/a><\/li>\n<li><a target=\"_blank\" href=\"https:\/\/zabytek.pl\/pl\/obiekty\/lubin-lubin-zespol-opactwa-benedyktynow\" rel=\"noopener\">Lubi\u0144 \u2013 zesp\u00f3\u0142 opactwa benedyktyn\u00f3w<\/a><\/li>\n<li><a target=\"_blank\" href=\"https:\/\/zabytek.pl\/pl\/obiekty\/lublin-lublin-historyczny-zespol-architektoniczno-urbanistyczny\" rel=\"noopener\">Lublin \u2013 historyczny zesp\u00f3\u0142 architektoniczno-urbanistyczny<\/a><\/li>\n<li><a href=\"https:\/\/zabytek.pl\/pl\/obiekty\/lubostron-zespol-palacowo-parkowy-\">Lubostro\u0144 &#8211; zesp\u00f3\u0142 pa\u0142acowo-parkowy<\/a><\/li>\n<li><a target=\"_blank\" href=\"https:\/\/zabytek.pl\/pl\/obiekty\/lancut-lancut-zespol-zamkowo-parkowy\" rel=\"noopener\">\u0141a\u0144cut \u2013 zesp\u00f3\u0142 zamkowo-parkowy<\/a><\/li>\n<li><a target=\"_blank\" href=\"https:\/\/zabytek.pl\/pl\/obiekty\/leknica-park-muzakowski-w-leknicy-park-w-stylu-krajobrazowym\" rel=\"noopener\">\u0141\u0119knica \u2013 Park Mu\u017cakowski, park w stylu krajobrazowym<\/a><\/li>\n<li><a target=\"_blank\" href=\"https:\/\/zabytek.pl\/pl\/obiekty\/lodz-lodz-wielokulturowy-krajobraz-miasta-przemyslowego\" rel=\"noopener\">\u0141\u00f3d\u017a \u2013 wielokulturowy krajobraz miasta przemys\u0142owego<\/a><\/li>\n<li><a target=\"_blank\" href=\"https:\/\/zabytek.pl\/pl\/obiekty\/lowicz-lowicz-bazylika-katedralna-dawna-kolegiata-prymasowska\" rel=\"noopener\">\u0141owicz \u2013 Bazylika Katedralna (dawna Kolegiata Prymasowska) pod wezwaniem Wniebowzi\u0119cia Naj\u015bwi\u0119tszej Marii Panny<\/a><\/li>\n<li><a target=\"_blank\" href=\"https:\/\/zabytek.pl\/pl\/obiekty\/malbork-malbork-zespol-zamku-krzyzackiego-2\" rel=\"noopener\">Malbork \u2013 zesp\u00f3\u0142 zamku krzy\u017cackiego<\/a><\/li>\n<li><a href=\"https:\/\/zabytek.pl\/pl\/obiekty\/malujowice-kosciol-parafialny-pod-wezwaniem-sw-jakuba\">Ma\u0142ujowice \u2013 ko\u015bci\u00f3\u0142 parafialny pod wezwaniem \u015bw. Jakuba Aposto\u0142a<\/a><\/li>\n<li><a href=\"https:\/\/zabytek.pl\/pl\/obiekty\/miedzyrzecz-zamek-piastowski-z-zespolem-dworsko-parkowym-\" target=\"_blank\" rel=\"noopener\">Mi\u0119dzyrzecz &#8211; zamek piastowski z zespo\u0142em dworsko-parkowym<\/a><\/li>\n<li><a target=\"_blank\" href=\"https:\/\/zabytek.pl\/pl\/obiekty\/arkadia-nieborow-i-arkadia-zespol-palacowo-ogrodowy-i-ogrod\" rel=\"noopener\">Niebor\u00f3w i Arkadia \u2013 zesp\u00f3\u0142 pa\u0142acowo ogrodowy i ogr\u00f3d sentymentalno-romantyczny<\/a><\/li>\n<li><a target=\"_blank\" href=\"https:\/\/zabytek.pl\/pl\/obiekty\/nowy-wisnicz-nowy-wisnicz-zespol-architektoniczno-krajobrazo\" rel=\"noopener\">Nowy Wi\u015bnicz \u2013 zesp\u00f3\u0142 architektoniczno-krajobrazowy<\/a><\/li>\n<li><a target=\"_blank\" href=\"https:\/\/zabytek.pl\/pl\/obiekty\/nysa-nysa-zespol-kosciola-farnego-pod-wezwaniem-sw-jakuba-stars\" rel=\"noopener\">Nysa \u2013 zesp\u00f3\u0142 ko\u015bcio\u0142a farnego pod wezwaniem \u015bw. Jakuba Starszego Aposto\u0142a i \u015bw. Agnieszki Dziewicy i M\u0119czennicy<\/a><\/li>\n<li><a target=\"_blank\" href=\"https:\/\/zabytek.pl\/pl\/obiekty\/oblegorek-palacyk-henryka-sienkiewicza-wraz-z-zabytkowym-pa\" rel=\"noopener\">Obl\u0119gorek \u2013 pa\u0142acyk Henryka Sienkiewicza wraz z zabytkowym parkiem i alej\u0105 lipow\u0105<\/a><\/li>\n<li><a target=\"_blank\" href=\"https:\/\/zabytek.pl\/pl\/obiekty\/olesno-kosciol-odpustowy-pw-sw-anny-2\" rel=\"noopener\">Olesno \u2013 ko\u015bci\u00f3\u0142 odpustowy pod wezwaniem \u015bw. Anny<\/a><\/li>\n<li><a href=\"https:\/\/zabytek.pl\/pl\/obiekty\/olsztyn-zamek-kapituly-warminskiej-\">Olsztyn &#8211; zamek kapitu\u0142y warmi\u0144skiej<\/a><\/li>\n<li><a href=\"https:\/\/zabytek.pl\/pl\/obiekty\/opatow-zespol-kolegiaty-pod-wezwaniem-sw-marcina-biskupa-\">Opat\u00f3w &#8211; zesp\u00f3\u0142 kolegiaty pw. \u015bw. Marcina Biskupa<\/a><\/li>\n<li><a target=\"_blank\" href=\"https:\/\/zabytek.pl\/pl\/obiekty\/orawka-kosciol-pod-wezwaniem-sw-jana-chrzciciela-2\" rel=\"noopener\">Orawka \u2013 ko\u015bci\u00f3\u0142 pod wezwaniem \u015bw. Jana Chrzciciela<\/a><\/li>\n<li><a target=\"_blank\" href=\"https:\/\/zabytek.pl\/pl\/obiekty\/rybitwy-wyspa-ostrow-lednicki\" rel=\"noopener\">Ostr\u00f3w Lednicki<\/a><\/li>\n<li><a target=\"_blank\" href=\"https:\/\/zabytek.pl\/pl\/obiekty\/ozimek-ozimek-zelazny-lancuchowy-most-wiszacy-na-rzece-mala-pa\" rel=\"noopener\">Ozimek \u2013 \u017celazny \u0142a\u0144cuchowy most wisz\u0105cy na rzece Ma\u0142a Panew<\/a><\/li>\n<li><a target=\"_blank\" href=\"https:\/\/zabytek.pl\/pl\/obiekty\/paczkow-paczkow-zespol-staromiejski-ze-sredniowiecznym-systemem\" rel=\"noopener\">Paczk\u00f3w \u2013 zesp\u00f3\u0142 staromiejski ze \u015bredniowiecznym systemem fortyfikacji<\/a><\/li>\n<li><a target=\"_blank\" href=\"https:\/\/zabytek.pl\/pl\/obiekty\/pelplin-pelplin-zespol-pocystersko-katedralny\" rel=\"noopener\">Pelplin \u2013 zesp\u00f3\u0142 pocystersko-katedralny<\/a><\/li>\n<li><a target=\"_blank\" href=\"https:\/\/zabytek.pl\/pl\/obiekty\/plock-plock-wzgorze-tumskie\" rel=\"noopener\">P\u0142ock \u2013 Wzg\u00f3rze Tumskie<\/a><\/li>\n<li><a target=\"_blank\" href=\"https:\/\/zabytek.pl\/pl\/obiekty\/poznan-poznan-historyczny-zespol-miasta\" rel=\"noopener\">Pozna\u0144 \u2013 historyczny zesp\u00f3\u0142 miasta<\/a><\/li>\n<li><a target=\"_blank\" href=\"https:\/\/zabytek.pl\/pl\/obiekty\/twierdza-przemysl\" rel=\"noopener\">Przemy\u015bl \u2013 Twierdza Przemy\u015bl<\/a><\/li>\n<li><a target=\"_blank\" href=\"https:\/\/zabytek.pl\/pl\/obiekty\/przemysl-zespol-staromiejski\" rel=\"noopener\">Przemy\u015bl \u2013 zesp\u00f3\u0142 staromiejski<\/a><\/li>\n<li><a target=\"_blank\" href=\"https:\/\/zabytek.pl\/pl\/obiekty\/pszczyna-zespol-zamkowo-parkowy-\" rel=\"noopener\">Pszczyna \u2013 zesp\u00f3\u0142 zamkowo-parkowy<\/a><\/li>\n<li><a target=\"_blank\" href=\"https:\/\/zabytek.pl\/pl\/obiekty\/pulawy-zespol-palacowo-parkowy\" rel=\"noopener\">Pu\u0142awy \u2013 zesp\u00f3\u0142 pa\u0142acowo-parkowy<\/a><\/li>\n<li><a target=\"_blank\" href=\"https:\/\/zabytek.pl\/pl\/obiekty\/pultusk-kolegiata-pw-zwiastowania-najswietszej-marii-panny\" rel=\"noopener\">Pu\u0142tusk \u2013 kolegiata pod wezwaniem Zwiastowania Naj\u015bwi\u0119tszej Maryi Pannie<\/a><\/li>\n<li><a target=\"_blank\" href=\"https:\/\/zabytek.pl\/pl\/obiekty\/raclawice-raclawice-teren-historycznej-bitwy-raclawickiej\" rel=\"noopener\">Rac\u0142awice \u2013 teren historycznej Bitwy Rac\u0142awickiej<\/a><\/li>\n<li><a href=\"https:\/\/zabytek.pl\/pl\/obiekty\/radom-zespol-klasztorny-bernardynow-\" target=\"_blank\" rel=\"noopener\">Radom &#8211; zesp\u00f3\u0142 klasztorny Bernardyn\u00f3w<\/a><\/li>\n<li><a target=\"_blank\" href=\"https:\/\/zabytek.pl\/pl\/obiekty\/radruz-radruz-zespol-cerkiewny-2\" rel=\"noopener\">Radru\u017c \u2013 zesp\u00f3\u0142 cerkiewny<\/a><\/li>\n<li><a target=\"_blank\" href=\"https:\/\/zabytek.pl\/pl\/obiekty\/rogalin-rogalin-zespol-palacowy-z-ogrodem-i-parkiem\" rel=\"noopener\">Rogalin \u2013 zesp\u00f3\u0142 pa\u0142acowo-parkowy z obszarem dawnego maj\u0105tku ziemskiego<\/a><\/li>\n<li><a href=\"https:\/\/nid.pl\/en\/2024\/11\/28\/131-pomnik-historii-sanktuarium-matki-bozej-rokitnianskiej-w-rokitnie\/\" target=\"_blank\" rel=\"noopener\">Rokitno &#8211; Sanktuarium Matki Bo\u017cej Rokitnia\u0144skiej<\/a><\/li>\n<li><a target=\"_blank\" href=\"https:\/\/zabytek.pl\/pl\/obiekty\/rydzyna-rydzyna-zalozenie-rezydencjonalno-urbanistyczne\" rel=\"noopener\">Rydzyna &#8211; za\u0142o\u017cenie rezydencjonalno-urbanistyczne<\/a><\/li>\n<li><a target=\"_blank\" href=\"https:\/\/zabytek.pl\/pl\/obiekty\/rytwiany-pokamedulski-zespol-klasztorny-pustelnia-zlotego-l\" rel=\"noopener\">Rytwiany \u2013 pokamedulski zesp\u00f3\u0142 klasztorny Pustelnia Z\u0142otego Lasu<\/a><\/li>\n<li><a target=\"_blank\" href=\"https:\/\/zabytek.pl\/pl\/obiekty\/sandomierz-sandomierz-historyczny-zespol-architektoniczno-kr\" rel=\"noopener\">Sandomierz \u2013 Historyczny zesp\u00f3\u0142 architektoniczno-krajobrazowy<\/a><\/li>\n<li><a target=\"_blank\" href=\"https:\/\/zabytek.pl\/pl\/obiekty\/srebrna-gora-twierdza-srebrnogorska-nowozytna-warownia-gorska-z-\" rel=\"noopener\">Srebrna G\u00f3ra \u2013 Twierdza Srebrnog\u00f3rska, nowo\u017cytna warownia g\u00f3rska z XVIII wieku<\/a><\/li>\n<li><a target=\"_blank\" href=\"https:\/\/zabytek.pl\/pl\/obiekty\/staniatki-opactwo-sw-wojciecha-mniszek-benedyktynek\" rel=\"noopener\">Stani\u0105tki \u2013 opactwo \u015bw. Wojciecha Mniszek Benedyktynek<\/a><\/li>\n<li><a target=\"_blank\" href=\"https:\/\/zabytek.pl\/pl\/obiekty\/stargard-stargard-szczecinski-zespol-kosciola-pw-najswietszej-m\" rel=\"noopener\">Stargard \u2013 zesp\u00f3\u0142 ko\u015bcio\u0142a pod wezwaniem Naj\u015bwi\u0119tszej Marii Panny Kr\u00f3lowej \u015awiata oraz \u015bredniowieczne mury obronne miasta<\/a><\/li>\n<li><a target=\"_blank\" href=\"https:\/\/zabytek.pl\/pl\/obiekty\/stary-sacz-zespol-staromiejski-wraz-z-klasztorem-siostr-kla\" rel=\"noopener\">Stary S\u0105cz \u2013 zesp\u00f3\u0142 staromiejski wraz z klasztorem Si\u00f3str Klarysek<\/a><\/li>\n<li><a href=\"https:\/\/zabytek.pl\/pl\/obiekty\/stoczek-klasztorny-sanktuarium-matki-pokoju-\">Stoczek Klasztorny &#8211; Sanktuarium Matki Pokoju<\/a><\/li>\n<li><a target=\"_blank\" href=\"https:\/\/zabytek.pl\/pl\/obiekty\/strzegom-strzegom-kosciol-pw-sw-apostolow-piotra-i-pawla\" rel=\"noopener\">Strzegom \u2013 ko\u015bci\u00f3\u0142 pod wezwaniem \u015bw. \u015bw. Aposto\u0142\u00f3w Piotra i Paw\u0142a<\/a><\/li>\n<li><a target=\"_blank\" href=\"https:\/\/zabytek.pl\/pl\/obiekty\/strzelno-strzelno-zespol-dawnego-klasztoru-norbertanek\" rel=\"noopener\">Strzelno \u2013 zesp\u00f3\u0142 dawnego klasztoru Norbertanek<\/a><\/li>\n<li><a target=\"_blank\" href=\"https:\/\/zabytek.pl\/pl\/obiekty\/sulejow-sulejow-zespol-opactwa-cystersow-2\" rel=\"noopener\">Sulej\u00f3w \u2013 zesp\u00f3\u0142 opactwa cysters\u00f3w<\/a><\/li>\n<li><a target=\"_blank\" href=\"https:\/\/zabytek.pl\/pl\/obiekty\/sulejowek-milusin-zespol-domu-marszalka-jozefa-pilsudskiego\" rel=\"noopener\">Sulej\u00f3wek &#8211; Milusin, zesp\u00f3\u0142 domu Marsza\u0142ka J\u00f3zefa Pi\u0142sudskiego<\/a><\/li>\n<li><a href=\"https:\/\/zabytek.pl\/pl\/obiekty\/zespol-klasztorny-bazylianow-ob-monaster-zwiastowania\">Supra\u015bl &#8211; Klasztor M\u0119ski Zwiastowania Naj\u015bwi\u0119tszej Marii Panny<\/a><\/li>\n<li><a target=\"_blank\" href=\"https:\/\/zabytek.pl\/pl\/obiekty\/swidnica-swidnica-katedra-pw-sw-stanislawa-biskupa-i-meczenn\" rel=\"noopener\">\u015awidnica \u2013 katedra pw. \u015bw. Stanis\u0142awa Biskupa i M\u0119czennika i \u015bw. Wac\u0142awa M\u0119czennika<\/a><\/li>\n<li><a target=\"_blank\" href=\"https:\/\/zabytek.pl\/pl\/obiekty\/swidnica-swidnica-zespol-kosciola-ewangelicko-augsburskiego-pw\" rel=\"noopener\">\u015awidnica \u2013 zesp\u00f3\u0142 ko\u015bcio\u0142a ewangelicko-augsburskiego pw. \u015awi\u0119tej Tr\u00f3jcy<\/a><\/li>\n<li><a target=\"_blank\" href=\"https:\/\/zabytek.pl\/pl\/obiekty\/swieta-lipka-swieta-lipka-sanktuarium-pielgrzymkowe\" rel=\"noopener\">\u015awi\u0119ta Lipka \u2013 sanktuarium pielgrzymkowe<\/a><\/li>\n<li><a target=\"_blank\" href=\"https:\/\/zabytek.pl\/pl\/obiekty\/swiety-krzyz-swiety-krzyz-pobenedyktynski-zespol-klasztorny-or\" rel=\"noopener\">\u015awi\u0119ty Krzy\u017c \u2013 pobenedykty\u0144ski zesp\u00f3\u0142 klasztorny oraz przedchrze\u015bcija\u0144skie obwa\u0142owania kamienne na \u0141ysej G\u00f3rze<\/a><\/li>\n<li><a target=\"_blank\" href=\"https:\/\/zabytek.pl\/pl\/obiekty\/szalowa-szalowa-kosciol-parafialny-pw-sw-michala-archaniola\" rel=\"noopener\">Szalowa \u2013 ko\u015bci\u00f3\u0142 parafialny \u015bw. Micha\u0142a Archanio\u0142a<\/a><\/li>\n<li><a target=\"_blank\" href=\"https:\/\/zabytek.pl\/pl\/obiekty\/tarnowskie-gory-tarnowskie-gory-podziemia-zabytkowej-kopalni-rud\" rel=\"noopener\">Tarnowskie G\u00f3ry \u2013 podziemia zabytkowej kopalni rud srebrono\u015bnych oraz sztolni \u201eCzarnego Pstr\u0105ga\u201d<\/a><\/li>\n<li><a target=\"_blank\" href=\"https:\/\/zabytek.pl\/pl\/obiekty\/torun-torun-stare-i-nowe-miasto\" rel=\"noopener\">Toru\u0144 \u2013 Stare i Nowe Miasto<\/a><\/li>\n<li><a target=\"_blank\" href=\"https:\/\/zabytek.pl\/pl\/obiekty\/trzebnica-trzebnica-zespol-dawnego-opactwa-cysterek\" rel=\"noopener\">Trzebnica \u2013 zesp\u00f3\u0142 dawnego opactwa cysterek<\/a><\/li>\n<li><a href=\"https:\/\/zabytek.pl\/pl\/obiekty\/tum-zespol-archikolegiaty-pod-wezwaniem-najswietszej-maryi\">Tum \u2013 zesp\u00f3\u0142 archikolegiaty pod wezwaniem Naj\u015bwi\u0119tszej Maryi Panny i \u015bw. Aleksego<\/a><\/li>\n<li><a target=\"_blank\" href=\"https:\/\/zabytek.pl\/pl\/obiekty\/tykocin-historyczny-zespol-miasta-tykocin\" rel=\"noopener\">Tykocin \u2013 historyczny zesp\u00f3\u0142 miasta<\/a><\/li>\n<li><a target=\"_blank\" href=\"https:\/\/zabytek.pl\/pl\/obiekty\/tyniec-tyniec-zespol-opactwa-benedyktynow\" rel=\"noopener\">Tyniec \u2013 zesp\u00f3\u0142 opactwa benedyktyn\u00f3w<\/a><\/li>\n<li><a target=\"_blank\" href=\"https:\/\/zabytek.pl\/pl\/obiekty\/ujazd-ujazd-ruiny-zamku-krzyztopor\" rel=\"noopener\">Ujazd \u2013 ruiny zamku Krzy\u017ctop\u00f3r<\/a><\/li>\n<li><a target=\"_blank\" href=\"https:\/\/zabytek.pl\/pl\/obiekty\/wachock-wachock-zespol-opactwa-cystersow\" rel=\"noopener\">W\u0105chock \u2013 zesp\u00f3\u0142 opactwa cysters\u00f3w<\/a><\/li>\n<li><a href=\"https:\/\/zabytek.pl\/pl\/obiekty\/warszawa-gmach-dawnego-Ministerstwa-WRiOP\" target=\"_blank\" rel=\"noopener\" title=\"Link zostanie otwarty w nowym oknie\">Warszawa &#8211; gmach dawnego Ministerstwa Wyzna\u0144 Religijnych i O\u015bwiecenia Publicznego<\/a><\/li>\n<li><a target=\"_blank\" href=\"https:\/\/zabytek.pl\/pl\/obiekty\/warszawa-warszawa-historyczny-zespol-miasta-z-traktem-krolewskim\" rel=\"noopener\">Warszawa \u2013 historyczny zesp\u00f3\u0142 miasta z Traktem Kr\u00f3lewskim i Wilanowem<\/a><\/li>\n<li><a target=\"_blank\" href=\"https:\/\/zabytek.pl\/pl\/obiekty\/warszawa-warszawa-zespol-stacji-filtrow-williama-lindleya\" rel=\"noopener\">Warszawa \u2013 Zesp\u00f3\u0142 Stacji Filtr\u00f3w Williama Lindleya<\/a><\/li>\n<li><a target=\"_blank\" href=\"https:\/\/zabytek.pl\/pl\/obiekty\/warszawa-warszawa-zespol-zabytkowych-cmentarzy-wyznaniowych-na-p\" rel=\"noopener\">Warszawa \u2013 zesp\u00f3\u0142 zabytkowych cmentarzy wyznaniowych na Pow\u0105zkach<\/a><\/li>\n<li><a target=\"_blank\" href=\"https:\/\/zabytek.pl\/pl\/obiekty\/wieliczka-wieliczka-kopalnia-soli\" rel=\"noopener\">Wieliczka \u2013 kopalnia soli<\/a><\/li>\n<li><a target=\"_blank\" href=\"https:\/\/zabytek.pl\/pl\/obiekty\/wislica-zespol-kolegiaty-pw-narodzenia-najswietszej-maryi-p\" rel=\"noopener\">Wi\u015blica \u2013 zesp\u00f3\u0142 kolegiaty pod wezwaniem Narodzenia Naj\u015bwi\u0119tszej Maryi Panny wraz z reliktami ko\u015bcio\u0142a pod wezwaniem \u015bw. Miko\u0142aja oraz grodzisko<\/a><\/li>\n<li><a target=\"_blank\" href=\"https:\/\/zabytek.pl\/pl\/obiekty\/wloclawek-katedra-pw-wniebowziecia-najswietszej-marii-panny\" rel=\"noopener\">W\u0142oc\u0142awek \u2013 katedra pod wezwaniem Wniebowzi\u0119cia Naj\u015bwi\u0119tszej Maryi Panny<\/a><\/li>\n<li><a target=\"_blank\" href=\"https:\/\/zabytek.pl\/pl\/obiekty\/wroclaw-wroclaw-zespol-historycznego-centrum\" rel=\"noopener\">Wroc\u0142aw \u2013 zesp\u00f3\u0142 historycznego centrum<\/a><\/li>\n<li><a target=\"_blank\" href=\"https:\/\/zabytek.pl\/pl\/obiekty\/wroclaw-wroclaw-hala-stulecia\" rel=\"noopener\">Wroc\u0142aw \u2013 Hala Stulecia<\/a><\/li>\n<li><a target=\"_blank\" href=\"https:\/\/zabytek.pl\/pl\/obiekty\/zabrze-zespol-zabytkowych-kopalni-wegla-kamiennego\" rel=\"noopener\">Zabrze &#8211; zesp\u00f3\u0142 zabytkowych kopalni w\u0119gla kamiennego<\/a><\/li>\n<li><a target=\"_blank\" href=\"https:\/\/zabytek.pl\/pl\/obiekty\/zamosc-zamosc-historyczny-zespol-miasta-w-zasiegu-obwarowan-z-xi\" rel=\"noopener\">Zamo\u015b\u0107 \u2013 historyczny zesp\u00f3\u0142 miasta w zasi\u0119gu obwarowa\u0144 XIX wieku<\/a><\/li>\n<li><a target=\"_blank\" href=\"https:\/\/zabytek.pl\/pl\/obiekty\/ziebice-kosciol-parafialny-pod-wezwaniem-sw-jerzego-\" rel=\"noopener\">Zi\u0119bice \u2013 ko\u015bci\u00f3\u0142 parafialny pod wezwaniem \u015bw. Jerzego<\/a><\/li>\n<li><a target=\"_blank\" href=\"https:\/\/zabytek.pl\/pl\/obiekty\/zagan-zagan-poaugustianski-zespol-klasztorny\" rel=\"noopener\">\u017baga\u0144 \u2013 poaugustia\u0144ski zesp\u00f3\u0142 klasztorny<\/a><\/li>\n<li><a href=\"https:\/\/zabytek.pl\/pl\/obiekty\/zorawina-kosciol-pod-wezwaniem-trojcy-swietej-wraz-z-dzielem\" target=\"_blank\" rel=\"noopener\" title=\"Link zostanie otwarty w nowym oknie\">\u017b\u00f3rawina \u2013 ko\u015bci\u00f3\u0142 pod wezwaniem Tr\u00f3jcy \u015awi\u0119tej wraz z dzie\u0142em budownictwa obronnego<\/a><\/li>\n<li><a target=\"_blank\" href=\"https:\/\/zabytek.pl\/pl\/obiekty\/zyrardow-zyrardow-xix-wieczna-osada-fabryczna-2\" rel=\"noopener\">\u017byrard\u00f3w \u2013 XIX-wieczna Osada Fabryczna<\/a><\/li>\n<li><a href=\"https:\/\/zabytek.pl\/pl\/obiekty\/trzebiechow-dawne-sanatorium-\">Trzebiech\u00f3w &#8211; dawne sanatorium<\/a><\/li>\n<li><a href=\"https:\/\/zabytek.pl\/pl\/obiekty\/walbrzych-zespol-zamkowo-parkowy-ksiaz-\">Wa\u0142brzych &#8211; zesp\u00f3\u0142 zamkowo-parkowy Ksi\u0105\u017c<\/a><\/li>\n<\/ol>\n<p>&nbsp;<\/p>\n<p>[\/et_pb_accordion_item][et_pb_accordion_item title=&#8221;Kontakt&#8221; _builder_version=&#8221;4.27.4&#8243; _module_preset=&#8221;default&#8221; global_colors_info=&#8221;{}&#8221; open=&#8221;off&#8221;]Sekcja Pomnik\u00f3w Historii<br \/>\ntel. +48 22 551 56 67<br \/>\ne-mail: <a href=\"mailto:nid@nid.pl\">nid@nid.pl<\/a>[\/et_pb_accordion_item][et_pb_accordion_item title=&#8221;Do pobrania&#8221; _builder_version=&#8221;4.24.2&#8243; _module_preset=&#8221;default&#8221; global_colors_info=&#8221;{}&#8221; open=&#8221;off&#8221;]<a class=\"attachment\" href=\"https:\/\/nid.pl\/wp-content\/uploads\/2024\/04\/NID_mapa-pomnikow-historii-129.pdf\" target=\"_blank\" rel=\"noopener\" title=\"Link zostanie otwarty w nowym oknie\">Mapa pomnik\u00f3w historii w formacie pdf<\/a>[\/et_pb_accordion_item][\/et_pb_accordion][\/et_pb_column][et_pb_column type=&#8221;1_4&#8243; _builder_version=&#8221;4.24.2&#8243; _module_preset=&#8221;default&#8221; global_colors_info=&#8221;{}&#8221;][et_pb_text _builder_version=&#8221;4.24.2&#8243; _module_preset=&#8221;default&#8221; global_colors_info=&#8221;{}&#8221;]<\/p>\n<p>&nbsp;<\/p>\n<p>[\/et_pb_text][et_pb_image src=&#8221;https:\/\/nid.pl\/wp-content\/uploads\/2024\/04\/pomniki_historii_logo.png&#8221; alt=&#8221;logotyp&#8221; title_text=&#8221;pomniki_historii_logo&#8221; align=&#8221;center&#8221; _builder_version=&#8221;4.24.2&#8243; _module_preset=&#8221;default&#8221; width=&#8221;100%&#8221; module_alignment=&#8221;center&#8221; min_height=&#8221;100px&#8221; height=&#8221;421px&#8221; max_height=&#8221;1000px&#8221; global_colors_info=&#8221;{}&#8221;][\/et_pb_image][et_pb_text module_class=&#8221;subButton&#8221; _builder_version=&#8221;4.27.4&#8243; _module_preset=&#8221;default&#8221; text_orientation=&#8221;center&#8221; width=&#8221;100%&#8221; module_alignment=&#8221;center&#8221; link_option_url=&#8221;https:\/\/zabytek.pl\/pl\/obiekty?sekcja=pomniki-historii&#8221; link_option_url_new_window=&#8221;on&#8221; locked=&#8221;off&#8221; global_colors_info=&#8221;{}&#8221;]<\/p>\n<p>pomniki historii &#8211; obiekty<\/p>\n<p>[\/et_pb_text][et_pb_text module_class=&#8221;subButton&#8221; _builder_version=&#8221;4.27.4&#8243; _module_preset=&#8221;default&#8221; text_orientation=&#8221;center&#8221; width=&#8221;100%&#8221; module_alignment=&#8221;center&#8221; link_option_url=&#8221;https:\/\/zabytek.pl\/pl\/mapa?sekcja=pomniki-historii&#8221; link_option_url_new_window=&#8221;on&#8221; locked=&#8221;off&#8221; global_colors_info=&#8221;{}&#8221;]<\/p>\n<p>pomniki historii &#8211; mapa interaktywna<\/p>\n<p>[\/et_pb_text][\/et_pb_column][\/et_pb_row][et_pb_row column_structure=&#8221;3_5,2_5&#8243; disabled_on=&#8221;on|on|on&#8221; _builder_version=&#8221;4.24.2&#8243; _module_preset=&#8221;default&#8221; width=&#8221;100%&#8221; max_width=&#8221;100%&#8221; min_height=&#8221;1207.3px&#8221; custom_margin=&#8221;39px|auto||auto||&#8221; custom_padding=&#8221;4px|50px|50px|50px|false|false&#8221; disabled=&#8221;on&#8221; locked=&#8221;off&#8221; global_colors_info=&#8221;{}&#8221;][et_pb_column type=&#8221;3_5&#8243; module_class=&#8221;fullWidthOnMobile&#8221; _builder_version=&#8221;4.16&#8243; _module_preset=&#8221;default&#8221; custom_css_main_element=&#8221;width: -moz-calc(100% &#8211; 180px) !important;||width: -webkit-calc(100% &#8211; 180px) !important;||width: -o-calc(100% &#8211; 180px) !important;||width: calc(100% &#8211; 180px) !important;||margin-right: 30px !important;&#8221; global_colors_info=&#8221;{}&#8221;][et_pb_text module_id=&#8221;backButtonBox&#8221; _builder_version=&#8221;4.7.4&#8243; _module_preset=&#8221;default&#8221; custom_margin=&#8221;0px|0px|0px|0px|false|false&#8221; custom_padding=&#8221;0px|0px|0px|0px|false|false&#8221; global_module=&#8221;2594&#8243; locked=&#8221;off&#8221; global_colors_info=&#8221;{}&#8221;]<\/p>\n<div class=\"backButton\" onclick=\"javascript:window.history.back();\"><span>\u2190<\/span>Powr\u00f3t<\/div>\n<p>[\/et_pb_text][et_pb_text disabled_on=&#8221;off|off|off&#8221; _builder_version=&#8221;4.24.2&#8243; _module_preset=&#8221;default&#8221; text_font_size=&#8221;26px&#8221; custom_margin=&#8221;||25px||false|false&#8221; custom_padding=&#8221;38px||||false|false&#8221; global_colors_info=&#8221;{}&#8221;]<\/p>\n<p>Mapa pomnik\u00f3w historii<\/p>\n<p>[\/et_pb_text][et_pb_divider color=&#8221;#E52330&#8243; disabled_on=&#8221;off|off|off&#8221; _builder_version=&#8221;4.16&#8243; _module_preset=&#8221;default&#8221; background_color=&#8221;#E52330&#8243; height=&#8221;5px&#8221; custom_margin=&#8221;0px||25px||false|false&#8221; custom_padding=&#8221;0px||0px||false|false&#8221; global_colors_info=&#8221;{}&#8221;][\/et_pb_divider][et_pb_image src=&#8221;https:\/\/nid.pl\/wp-content\/uploads\/2024\/04\/NID_mapa-pomnikow-historii-129-\u2014-kopia-scaled.jpg&#8221; alt=&#8221;mapa z zaznaczonymi obiektami uznanymi za pomnik historii&#8221; title_text=&#8221;NID_mapa-pomnik\u00f3w-historii-129 \u2014 kopia&#8221; url=&#8221;https:\/\/nid.pl\/wp-content\/uploads\/2024\/04\/NID_mapa-pomnikow-historii-129-scaled.jpg&#8221; url_new_window=&#8221;on&#8221; disabled_on=&#8221;off|off|off&#8221; _builder_version=&#8221;4.24.2&#8243; _module_preset=&#8221;default&#8221; locked=&#8221;off&#8221; global_colors_info=&#8221;{}&#8221;][\/et_pb_image][\/et_pb_column][et_pb_column type=&#8221;2_5&#8243; module_class=&#8221;subPagesBox&#8221; disabled_on=&#8221;off|off|off&#8221; _builder_version=&#8221;4.16&#8243; _module_preset=&#8221;default&#8221; custom_css_main_element=&#8221;width: 150px !important;&#8221; global_colors_info=&#8221;{}&#8221;][\/et_pb_column][\/et_pb_row][et_pb_row column_structure=&#8221;1_2,1_2&#8243; disabled_on=&#8221;off|off|off&#8221; _builder_version=&#8221;4.16&#8243; _module_preset=&#8221;default&#8221; width=&#8221;100%&#8221; max_width=&#8221;100%&#8221; custom_padding=&#8221;50px|50px|2px|50px|false|false&#8221; locked=&#8221;off&#8221; global_colors_info=&#8221;{}&#8221;][et_pb_column type=&#8221;1_2&#8243; module_class=&#8221;fullWidthOnMobile&#8221; _builder_version=&#8221;4.16&#8243; _module_preset=&#8221;default&#8221; custom_css_main_element=&#8221;width: -moz-calc(100% &#8211; 180px) !important;||width: -webkit-calc(100% &#8211; 180px) !important;||width: -o-calc(100% &#8211; 180px) !important;||width: calc(100% &#8211; 180px) !important;||margin-right: 30px !important;&#8221; global_colors_info=&#8221;{}&#8221;][et_pb_text module_id=&#8221;backButtonBox&#8221; _builder_version=&#8221;4.7.4&#8243; _module_preset=&#8221;default&#8221; custom_margin=&#8221;0px|0px|0px|0px|false|false&#8221; custom_padding=&#8221;0px|0px|0px|0px|false|false&#8221; global_module=&#8221;2594&#8243; locked=&#8221;off&#8221; global_colors_info=&#8221;{}&#8221;]<\/p>\n<div class=\"backButton\" onclick=\"javascript:window.history.back();\"><span>\u2190<\/span>Powr\u00f3t<\/div>\n<p>[\/et_pb_text][et_pb_divider color=&#8221;#E52330&#8243; _builder_version=&#8221;4.16&#8243; _module_preset=&#8221;default&#8221; background_color=&#8221;#E52330&#8243; height=&#8221;5px&#8221; custom_margin=&#8221;0px||25px||false|false&#8221; custom_padding=&#8221;0px||0px||false|false&#8221; global_colors_info=&#8221;{}&#8221;][\/et_pb_divider][et_pb_text _builder_version=&#8221;4.24.2&#8243; _module_preset=&#8221;default&#8221; custom_margin=&#8221;||16px|||&#8221; global_colors_info=&#8221;{}&#8221;]<\/p>\n<p><strong>News<\/strong><\/p>\n<p>[\/et_pb_text][et_pb_blog posts_number=&#8221;4&#8243; include_categories=&#8221;109&#8243; excerpt_length=&#8221;150&#8243; show_author=&#8221;off&#8221; show_categories=&#8221;off&#8221; module_class=&#8221;specialPosts&#8221; _builder_version=&#8221;4.24.2&#8243; _module_preset=&#8221;default&#8221; header_font=&#8221;|600|||||||&#8221; header_font_size=&#8221;19px&#8221; header_line_height=&#8221;1.2em&#8221; body_text_color=&#8221;#000000&#8243; meta_font=&#8221;||||||||&#8221; meta_text_color=&#8221;#9b9b9b&#8221; read_more_font=&#8221;|700||||on|||&#8221; read_more_text_color=&#8221;#000000&#8243; min_height=&#8221;582.2px&#8221; custom_padding=&#8221;||||false|false&#8221; custom_css_main_element=&#8221;column-count: 4;||column-gap: 25px;&#8221; locked=&#8221;off&#8221; global_colors_info=&#8221;{}&#8221; custom_css_main_element_last_edited=&#8221;on|phone&#8221; custom_css_main_element_tablet=&#8221;column-count: 2;||column-gap: 25px;&#8221; custom_css_main_element_phone=&#8221;column-count: 1;||column-gap: 0px;&#8221;][\/et_pb_blog][\/et_pb_column][et_pb_column type=&#8221;1_2&#8243; module_class=&#8221;subPagesBox&#8221; _builder_version=&#8221;4.16&#8243; _module_preset=&#8221;default&#8221; custom_css_main_element=&#8221;width: 150px !important;&#8221; global_colors_info=&#8221;{}&#8221;][\/et_pb_column][\/et_pb_row][et_pb_row column_structure=&#8221;3_4,1_4&#8243; disabled_on=&#8221;on|on|on&#8221; _builder_version=&#8221;4.24.2&#8243; _module_preset=&#8221;default&#8221; width=&#8221;100%&#8221; max_width=&#8221;100%&#8221; custom_padding=&#8221;50px|50px|2px|50px|false|false&#8221; disabled=&#8221;on&#8221; global_colors_info=&#8221;{}&#8221;][et_pb_column type=&#8221;3_4&#8243; _builder_version=&#8221;4.24.2&#8243; _module_preset=&#8221;default&#8221; global_colors_info=&#8221;{}&#8221;][et_pb_text _builder_version=&#8221;4.24.2&#8243; _module_preset=&#8221;default&#8221; text_font_size=&#8221;26px&#8221; min_height=&#8221;44.8px&#8221; custom_margin=&#8221;||25px||false|false&#8221; custom_padding=&#8221;19px||||false|false&#8221; locked=&#8221;off&#8221; global_colors_info=&#8221;{}&#8221;]<\/p>\n<p>Mapa pomnik\u00f3w historii<\/p>\n<p>[\/et_pb_text][et_pb_divider color=&#8221;#E52330&#8243; _builder_version=&#8221;4.16&#8243; _module_preset=&#8221;default&#8221; background_color=&#8221;#E52330&#8243; height=&#8221;5px&#8221; custom_margin=&#8221;0px||25px||false|false&#8221; custom_padding=&#8221;0px||0px||false|false&#8221; global_colors_info=&#8221;{}&#8221;][\/et_pb_divider][et_pb_image src=&#8221;https:\/\/nid.pl\/wp-content\/uploads\/2024\/04\/NID_mapa-pomnikow-historii-129-\u2014-kopia-scaled.jpg&#8221; alt=&#8221;mapa z zaznaczonymi obiektami uznanymi za pomnik historii&#8221; title_text=&#8221;NID_mapa-pomnik\u00f3w-historii-129 \u2014 kopia&#8221; _builder_version=&#8221;4.24.2&#8243; _module_preset=&#8221;default&#8221; global_colors_info=&#8221;{}&#8221;][\/et_pb_image][\/et_pb_column][et_pb_column type=&#8221;1_4&#8243; _builder_version=&#8221;4.24.2&#8243; _module_preset=&#8221;default&#8221; global_colors_info=&#8221;{}&#8221;][\/et_pb_column][\/et_pb_row][\/et_pb_section][et_pb_section fb_built=&#8221;1&#8243; _builder_version=&#8221;4.7.4&#8243; _module_preset=&#8221;default&#8221; custom_margin=&#8221;43px||||false|false&#8221; custom_padding=&#8221;0px||0px||false|false&#8221; global_module=&#8221;353&#8243; saved_tabs=&#8221;all&#8221; global_colors_info=&#8221;{}&#8221;][et_pb_row column_structure=&#8221;1_3,1_3,1_3&#8243; use_custom_gutter=&#8221;on&#8221; gutter_width=&#8221;1&#8243; _builder_version=&#8221;4.16&#8243; _module_preset=&#8221;default&#8221; background_color=&#8221;rgba(0,0,0,0)&#8221; width=&#8221;100%&#8221; max_width=&#8221;2560px&#8221; custom_padding=&#8221;0px||0px||false|false&#8221; global_colors_info=&#8221;{}&#8221;][et_pb_column type=&#8221;1_3&#8243; _builder_version=&#8221;4.16&#8243; _module_preset=&#8221;default&#8221; background_color=&#8221;#e52330&#8243; global_colors_info=&#8221;{}&#8221;][et_pb_blurb title=&#8221;Logotypy NID&#8221; url_new_window=&#8221;on&#8221; use_icon=&#8221;on&#8221; font_icon=&#8221;&#xe004;||divi||400&#8243; icon_placement=&#8221;left&#8221; image_icon_width=&#8221;50px&#8221; module_class=&#8221;bigButtonModules&#8221; _builder_version=&#8221;4.27.2&#8243; _module_preset=&#8221;default&#8221; header_level=&#8221;h3&#8243; header_font=&#8221;|700|||||||&#8221; header_text_color=&#8221;#ffffff&#8221; body_text_color=&#8221;#ffffff&#8221; background_color=&#8221;#E52330&#8243; custom_margin=&#8221;||||false|false&#8221; custom_padding=&#8221;25px|25px|25px|25px|false|false&#8221; animation=&#8221;off&#8221; link_option_url=&#8221;https:\/\/nid.pl\/logotypy\/&#8221; link_option_url_new_window=&#8221;on&#8221; custom_css_blurb_image=&#8221;padding-right: 20px;||vertical-align: middle;&#8221; icon_font_size=&#8221;50px&#8221; global_colors_info=&#8221;{}&#8221;]<\/p>\n<p>Pobierz znaki promocyjne <br \/>Narodowego Instytutu Dziedzictwa<\/p>\n<p>[\/et_pb_blurb][\/et_pb_column][et_pb_column type=&#8221;1_3&#8243; _builder_version=&#8221;4.16&#8243; _module_preset=&#8221;default&#8221; background_color=&#8221;#e52330&#8243; global_colors_info=&#8221;{}&#8221;][et_pb_code _builder_version=&#8221;4.23.2&#8243; _module_preset=&#8221;default&#8221; global_colors_info=&#8221;{}&#8221;][\/et_pb_code][et_pb_blurb title=&#8221;Ksi\u0119garnia NID&#8221; url_new_window=&#8221;on&#8221; use_icon=&#8221;on&#8221; font_icon=&#8221;&#xe022;||divi||400&#8243; icon_placement=&#8221;left&#8221; image_icon_width=&#8221;50px&#8221; module_class=&#8221;bigButtonModules&#8221; _builder_version=&#8221;4.16&#8243; _module_preset=&#8221;default&#8221; header_level=&#8221;h3&#8243; header_font=&#8221;|700|||||||&#8221; header_text_color=&#8221;#ffffff&#8221; body_text_color=&#8221;#ffffff&#8221; background_color=&#8221;#444444&#8243; custom_margin=&#8221;||||false|false&#8221; custom_padding=&#8221;25px|25px|25px|25px|false|false&#8221; animation=&#8221;off&#8221; link_option_url=&#8221;https:\/\/ksiegarnia.nid.pl\/&#8221; link_option_url_new_window=&#8221;on&#8221; custom_css_blurb_image=&#8221;padding-right: 20px;||vertical-align: middle;&#8221; icon_font_size=&#8221;50px&#8221; global_colors_info=&#8221;{}&#8221;]<\/p>\n<p>Sprawd\u017a nasze produkty w ksi\u0119garni. Zamawiaj bez wychodzenia z domu ju\u017c teraz!<\/p>\n<p>[\/et_pb_blurb][\/et_pb_column][et_pb_column type=&#8221;1_3&#8243; _builder_version=&#8221;4.16&#8243; _module_preset=&#8221;default&#8221; background_color=&#8221;#e52330&#8243; global_colors_info=&#8221;{}&#8221;][et_pb_blurb title=&#8221;Zabytek.pl&#8221; url_new_window=&#8221;on&#8221; image=&#8221;https:\/\/nid.pl\/wp-content\/uploads\/2025\/12\/zabytek.pl_favicona_sm.png&#8221; icon_placement=&#8221;left&#8221; image_icon_width=&#8221;50px&#8221; module_class=&#8221;bigButtonModules&#8221; _builder_version=&#8221;4.27.5&#8243; _module_preset=&#8221;default&#8221; header_level=&#8221;h3&#8243; header_font=&#8221;|700|||||||&#8221; header_text_color=&#8221;#ffffff&#8221; body_text_color=&#8221;#ffffff&#8221; background_color=&#8221;#6b6b6b&#8221; custom_margin=&#8221;||||false|false&#8221; custom_padding=&#8221;25px|25px|25px|25px|false|false&#8221; animation=&#8221;off&#8221; link_option_url=&#8221;https:\/\/zabytek.pl\/pl&#8221; link_option_url_new_window=&#8221;on&#8221; custom_css_blurb_image=&#8221;padding-right: 20px;||vertical-align: middle;&#8221; icon_font_size=&#8221;50px&#8221; global_colors_info=&#8221;{}&#8221;]<\/p>\n<p>Serwis Narodowego Instytutu Dziedzictwa, kt\u00f3ry w nowoczesny i kompleksowy spos\u00f3b udost\u0119pnia informacje o polskich zabytkach!<\/p>\n<p>[\/et_pb_blurb][\/et_pb_column][\/et_pb_row][\/et_pb_section]<\/p>","protected":false},"excerpt":{"rendered":"<p>Pomnik historii to jedna z pi\u0119ciu form ochrony zabytk\u00f3w wymienionych w ustawie z dnia 23 lipca 2003r. o ochronie zabytk\u00f3w i opiece nad zabytkami. Terminem tym okre\u015bla si\u0119 zabytek nieruchomy [&hellip;]<\/p>","protected":false},"author":4,"featured_media":0,"parent":0,"menu_order":0,"comment_status":"closed","ping_status":"closed","template":"","meta":{"_et_pb_use_builder":"on","_et_pb_old_content":"","_et_gb_content_width":"","_monsterinsights_skip_tracking":false,"_monsterinsights_sitenote_active":false,"_monsterinsights_sitenote_note":"","_monsterinsights_sitenote_category":0,"footnotes":""},"class_list":["post-18243","page","type-page","status-publish","hentry"],"yoast_head":"<!-- This site is optimized with the Yoast SEO plugin v26.5 - https:\/\/yoast.com\/wordpress\/plugins\/seo\/ -->\n<title>Pomniki historii - NID<\/title>\n<meta name=\"robots\" content=\"index, follow, max-snippet:-1, max-image-preview:large, max-video-preview:-1\" \/>\n<link rel=\"canonical\" href=\"https:\/\/nid.pl\/en\/pomniki-historii\/\" \/>\n<meta property=\"og:locale\" content=\"en_GB\" \/>\n<meta property=\"og:type\" content=\"article\" \/>\n<meta property=\"og:title\" content=\"Pomniki historii - NID\" \/>\n<meta property=\"og:description\" content=\"Pomnik historii to jedna z pi\u0119ciu form ochrony zabytk\u00f3w wymienionych w ustawie z dnia 23 lipca 2003r. o ochronie zabytk\u00f3w i opiece nad zabytkami. Terminem tym okre\u015bla si\u0119 zabytek nieruchomy [&hellip;]\" \/>\n<meta property=\"og:url\" content=\"https:\/\/nid.pl\/en\/pomniki-historii\/\" \/>\n<meta property=\"og:site_name\" content=\"NID\" \/>\n<meta property=\"article:publisher\" content=\"https:\/\/www.facebook.com\/zabytek\" \/>\n<meta property=\"article:modified_time\" content=\"2026-01-19T14:12:21+00:00\" \/>\n<meta name=\"twitter:card\" content=\"summary_large_image\" \/>\n<meta name=\"twitter:site\" content=\"@NarIDpl\" \/>\n<meta name=\"twitter:label1\" content=\"Estimated reading time\" \/>\n\t<meta name=\"twitter:data1\" content=\"13 minutes\" \/>\n<script type=\"application\/ld+json\" class=\"yoast-schema-graph\">{\"@context\":\"https:\/\/schema.org\",\"@graph\":[{\"@type\":\"WebPage\",\"@id\":\"https:\/\/nid.pl\/pomniki-historii\/\",\"url\":\"https:\/\/nid.pl\/pomniki-historii\/\",\"name\":\"Pomniki historii - NID\",\"isPartOf\":{\"@id\":\"https:\/\/nid.pl\/#website\"},\"datePublished\":\"2024-04-18T10:56:47+00:00\",\"dateModified\":\"2026-01-19T14:12:21+00:00\",\"breadcrumb\":{\"@id\":\"https:\/\/nid.pl\/pomniki-historii\/#breadcrumb\"},\"inLanguage\":\"en-GB\",\"potentialAction\":[{\"@type\":\"ReadAction\",\"target\":[\"https:\/\/nid.pl\/pomniki-historii\/\"]}]},{\"@type\":\"BreadcrumbList\",\"@id\":\"https:\/\/nid.pl\/pomniki-historii\/#breadcrumb\",\"itemListElement\":[{\"@type\":\"ListItem\",\"position\":1,\"name\":\"Home\",\"item\":\"https:\/\/nid.pl\/\"},{\"@type\":\"ListItem\",\"position\":2,\"name\":\"Pomniki historii\"}]},{\"@type\":\"WebSite\",\"@id\":\"https:\/\/nid.pl\/#website\",\"url\":\"https:\/\/nid.pl\/\",\"name\":\"NID\",\"description\":\"Narodowy Instytut Dziedzictwa\",\"publisher\":{\"@id\":\"https:\/\/nid.pl\/#organization\"},\"potentialAction\":[{\"@type\":\"SearchAction\",\"target\":{\"@type\":\"EntryPoint\",\"urlTemplate\":\"https:\/\/nid.pl\/?s={search_term_string}\"},\"query-input\":{\"@type\":\"PropertyValueSpecification\",\"valueRequired\":true,\"valueName\":\"search_term_string\"}}],\"inLanguage\":\"en-GB\"},{\"@type\":\"Organization\",\"@id\":\"https:\/\/nid.pl\/#organization\",\"name\":\"Narodowy Instytut Dziedzictwa\",\"url\":\"https:\/\/nid.pl\/\",\"logo\":{\"@type\":\"ImageObject\",\"inLanguage\":\"en-GB\",\"@id\":\"https:\/\/nid.pl\/#\/schema\/logo\/image\/\",\"url\":\"https:\/\/nid.pl\/wp-content\/uploads\/2022\/10\/logoRedDark.png\",\"contentUrl\":\"https:\/\/nid.pl\/wp-content\/uploads\/2022\/10\/logoRedDark.png\",\"width\":200,\"height\":197,\"caption\":\"Narodowy Instytut Dziedzictwa\"},\"image\":{\"@id\":\"https:\/\/nid.pl\/#\/schema\/logo\/image\/\"},\"sameAs\":[\"https:\/\/www.facebook.com\/zabytek\",\"https:\/\/x.com\/NarIDpl\",\"https:\/\/www.instagram.com\/nid.pl\/?hl=pl\",\"https:\/\/www.linkedin.com\/company\/narodowy-instytut-dziedzictwa\",\"https:\/\/www.youtube.com\/channel\/UCQXuhKa2uHtmNvLRUSx40JA\"]}]}<\/script>\n<!-- \/ Yoast SEO plugin. -->","yoast_head_json":{"title":"Pomniki historii - NID","robots":{"index":"index","follow":"follow","max-snippet":"max-snippet:-1","max-image-preview":"max-image-preview:large","max-video-preview":"max-video-preview:-1"},"canonical":"https:\/\/nid.pl\/en\/pomniki-historii\/","og_locale":"en_GB","og_type":"article","og_title":"Pomniki historii - NID","og_description":"Pomnik historii to jedna z pi\u0119ciu form ochrony zabytk\u00f3w wymienionych w ustawie z dnia 23 lipca 2003r. o ochronie zabytk\u00f3w i opiece nad zabytkami. Terminem tym okre\u015bla si\u0119 zabytek nieruchomy [&hellip;]","og_url":"https:\/\/nid.pl\/en\/pomniki-historii\/","og_site_name":"NID","article_publisher":"https:\/\/www.facebook.com\/zabytek","article_modified_time":"2026-01-19T14:12:21+00:00","twitter_card":"summary_large_image","twitter_site":"@NarIDpl","twitter_misc":{"Estimated reading time":"13 minutes"},"schema":{"@context":"https:\/\/schema.org","@graph":[{"@type":"WebPage","@id":"https:\/\/nid.pl\/pomniki-historii\/","url":"https:\/\/nid.pl\/pomniki-historii\/","name":"Pomniki historii - NID","isPartOf":{"@id":"https:\/\/nid.pl\/#website"},"datePublished":"2024-04-18T10:56:47+00:00","dateModified":"2026-01-19T14:12:21+00:00","breadcrumb":{"@id":"https:\/\/nid.pl\/pomniki-historii\/#breadcrumb"},"inLanguage":"en-GB","potentialAction":[{"@type":"ReadAction","target":["https:\/\/nid.pl\/pomniki-historii\/"]}]},{"@type":"BreadcrumbList","@id":"https:\/\/nid.pl\/pomniki-historii\/#breadcrumb","itemListElement":[{"@type":"ListItem","position":1,"name":"Home","item":"https:\/\/nid.pl\/"},{"@type":"ListItem","position":2,"name":"Pomniki historii"}]},{"@type":"WebSite","@id":"https:\/\/nid.pl\/#website","url":"https:\/\/nid.pl\/","name":"NID","description":"Narodowy Instytut Dziedzictwa","publisher":{"@id":"https:\/\/nid.pl\/#organization"},"potentialAction":[{"@type":"SearchAction","target":{"@type":"EntryPoint","urlTemplate":"https:\/\/nid.pl\/?s={search_term_string}"},"query-input":{"@type":"PropertyValueSpecification","valueRequired":true,"valueName":"search_term_string"}}],"inLanguage":"en-GB"},{"@type":"Organization","@id":"https:\/\/nid.pl\/#organization","name":"Narodowy Instytut Dziedzictwa","url":"https:\/\/nid.pl\/","logo":{"@type":"ImageObject","inLanguage":"en-GB","@id":"https:\/\/nid.pl\/#\/schema\/logo\/image\/","url":"https:\/\/nid.pl\/wp-content\/uploads\/2022\/10\/logoRedDark.png","contentUrl":"https:\/\/nid.pl\/wp-content\/uploads\/2022\/10\/logoRedDark.png","width":200,"height":197,"caption":"Narodowy Instytut Dziedzictwa"},"image":{"@id":"https:\/\/nid.pl\/#\/schema\/logo\/image\/"},"sameAs":["https:\/\/www.facebook.com\/zabytek","https:\/\/x.com\/NarIDpl","https:\/\/www.instagram.com\/nid.pl\/?hl=pl","https:\/\/www.linkedin.com\/company\/narodowy-instytut-dziedzictwa","https:\/\/www.youtube.com\/channel\/UCQXuhKa2uHtmNvLRUSx40JA"]}]}},"_links":{"self":[{"href":"https:\/\/nid.pl\/en\/wp-json\/wp\/v2\/pages\/18243","targetHints":{"allow":["GET"]}}],"collection":[{"href":"https:\/\/nid.pl\/en\/wp-json\/wp\/v2\/pages"}],"about":[{"href":"https:\/\/nid.pl\/en\/wp-json\/wp\/v2\/types\/page"}],"author":[{"embeddable":true,"href":"https:\/\/nid.pl\/en\/wp-json\/wp\/v2\/users\/4"}],"replies":[{"embeddable":true,"href":"https:\/\/nid.pl\/en\/wp-json\/wp\/v2\/comments?post=18243"}],"version-history":[{"count":1,"href":"https:\/\/nid.pl\/en\/wp-json\/wp\/v2\/pages\/18243\/revisions"}],"predecessor-version":[{"id":31623,"href":"https:\/\/nid.pl\/en\/wp-json\/wp\/v2\/pages\/18243\/revisions\/31623"}],"wp:attachment":[{"href":"https:\/\/nid.pl\/en\/wp-json\/wp\/v2\/media?parent=18243"}],"curies":[{"name":"wp","href":"https:\/\/api.w.org\/{rel}","templated":true}]}}