{"id":17548,"date":"2024-04-02T21:42:03","date_gmt":"2024-04-02T19:42:03","guid":{"rendered":"https:\/\/nid.pl\/?page_id=17548"},"modified":"2025-08-08T13:10:50","modified_gmt":"2025-08-08T11:10:50","slug":"dad","status":"publish","type":"page","link":"https:\/\/nid.pl\/en\/dad\/","title":{"rendered":"Dni Architektury Drewnianej"},"content":{"rendered":"[et_pb_section fb_built=&#8221;1&#8243; _builder_version=&#8221;4.16&#8243; _module_preset=&#8221;default&#8221; custom_padding=&#8221;0px||0px|||&#8221; global_colors_info=&#8221;{}&#8221;][et_pb_row _builder_version=&#8221;4.27.4&#8243; _module_preset=&#8221;default&#8221; background_image=&#8221;https:\/\/nid.pl\/wp-content\/uploads\/2025\/07\/dad-2025-header-1.jpg&#8221; width=&#8221;100%&#8221; max_width=&#8221;100%&#8221; height=&#8221;400px&#8221; custom_margin=&#8221;|auto||auto|false|false&#8221; custom_padding=&#8221;0px||0px|||&#8221; global_colors_info=&#8221;{}&#8221;][et_pb_column type=&#8221;4_4&#8243; _builder_version=&#8221;4.16&#8243; _module_preset=&#8221;default&#8221; global_colors_info=&#8221;{}&#8221;][\/et_pb_column][\/et_pb_row][\/et_pb_section][et_pb_section fb_built=&#8221;1&#8243; _builder_version=&#8221;4.16&#8243; _module_preset=&#8221;default&#8221; custom_padding=&#8221;0px|0px|0px|0px|false|false&#8221; global_colors_info=&#8221;{}&#8221;][et_pb_row _builder_version=&#8221;4.16&#8243; _module_preset=&#8221;default&#8221; width=&#8221;100%&#8221; max_width=&#8221;100%&#8221; custom_padding=&#8221;50px|50px|33px|50px|false|false&#8221; global_colors_info=&#8221;{}&#8221;][et_pb_column type=&#8221;4_4&#8243; _builder_version=&#8221;4.16&#8243; _module_preset=&#8221;default&#8221; global_colors_info=&#8221;{}&#8221;][et_pb_text module_id=&#8221;backButtonBox&#8221; _builder_version=&#8221;4.7.4&#8243; _module_preset=&#8221;default&#8221; custom_margin=&#8221;0px|0px|0px|0px|false|false&#8221; custom_padding=&#8221;0px|0px|0px|0px|false|false&#8221; global_module=&#8221;2594&#8243; locked=&#8221;off&#8221; global_colors_info=&#8221;{}&#8221;]<div class=\"backButton\" onclick=\"javascript:window.history.back();\"><span>\u2190<\/span>Powr\u00f3t<\/div>\n[\/et_pb_text][et_pb_text _builder_version=&#8221;4.27.4&#8243; _dynamic_attributes=&#8221;content&#8221; _module_preset=&#8221;default&#8221; text_font_size=&#8221;26px&#8221; custom_margin=&#8221;||25px||false|false&#8221; custom_padding=&#8221;||||false|false&#8221; global_colors_info=&#8221;{}&#8221;]@ET-DC@eyJkeW5hbWljIjp0cnVlLCJjb250ZW50IjoicG9zdF90aXRsZSIsInNldHRpbmdzIjp7ImJlZm9yZSI6IiIsImFmdGVyIjoiIn19@[\/et_pb_text][et_pb_divider _builder_version=&#8221;4.27.4&#8243; _module_preset=&#8221;default&#8221; background_color=&#8221;#e52330&#8243; height=&#8221;5px&#8221; custom_margin=&#8221;0px||25px||false|false&#8221; custom_padding=&#8221;0px||0px||false|false&#8221; global_colors_info=&#8221;{}&#8221;][\/et_pb_divider][et_pb_accordion icon_color=&#8221;#e52330&#8243; module_class=&#8221;specialAccordion keepOpenAccordion&#8221; _builder_version=&#8221;4.27.4&#8243; _module_preset=&#8221;default&#8221; hover_enabled=&#8221;0&#8243; locked=&#8221;off&#8221; global_colors_info=&#8221;{}&#8221; sticky_enabled=&#8221;0&#8243;][et_pb_accordion_item title=&#8221;O wydarzeniu&#8221; open=&#8221;on&#8221; _builder_version=&#8221;4.27.4&#8243; _module_preset=&#8221;default&#8221; global_colors_info=&#8221;{}&#8221;]<p><strong>G\u0142\u00f3wn\u0105 ide\u0105 Dni Architektury Drewnianej jest upowszechnianie<\/strong> tego wyj\u0105tkowego elementu kultury poprzez nieodp\u0142atne udost\u0119pnienie zabytkowych obiekt\u00f3w szerokiej publiczno\u015bci. Jest to <strong>promocja oraz popularyzacja obiekt\u00f3w drewnianych<\/strong>, ale i tak\u017ce unaocznienie codziennej pracy oraz troski sprawowanej przez w\u0142a\u015bcicieli, u\u017cytkownik\u00f3w oraz opiekun\u00f3w tych szczeg\u00f3lnych miejsc. Wydarzenie ma charakter edukacyjny i popularyzatorski. Prowadzone w jego toku prelekcje, wyk\u0142ady oraz <strong>promocja dobrych praktyk <\/strong>podnosz\u0105 kompetencje u\u017cytkownik\u00f3w oraz og\u00f3\u0142u spo\u0142ecze\u0144stwa.<\/p>\n<p>Pierwsza edycja Dni Architektury Drewnianej odby\u0142a si\u0119 26 sierpnia 2023 roku, w Zakopanem. Do udzia\u0142u w wydarzeniu uda\u0142o nam si\u0119 zaprosi\u0107 w\u0142a\u015bcicieli 17 obiekt\u00f3w. Zwiedza\u0107 mo\u017cna by\u0142o wyj\u0105tkowe, drewniane wille, takie jak Dom \u201cPod Jedlami\u201d Jana Gwalberta Pawlikowskiego, willa \u201eKoszysta\u201d \u2013 dom Jana Sztaudyngera, willa \u201eCicha\u201d \u2013 dom Karola K\u0142osowskiego, willa \u201eHarenda\u201d \u2013 dom Jana Kasprowicza czy willa \u201eMaliniak\u00f3wka\u201d \u2013 dom rze\u017abiarza Antoniego Kenara. Muzeum Tatrza\u0144skie im. dra Tytusa Cha\u0142ubi\u0144skiego, na has\u0142o \u201edzie\u0144 architektury drewnianej\u201d, nieodp\u0142atnie otworzy\u0142o oddzia\u0142y \u2013 will\u0119 \u201eKolib\u0119\u201d, will\u0119 \u201eOksz\u0119\u201d oraz cha\u0142up\u0119 G\u0105sienic\u00f3w Sobczak\u00f3w. W ci\u0105gu jednego dnia obiekty zosta\u0142y odwiedzone przez blisko 1500 os\u00f3b.<\/p>\n<p>W drugiej edycji Dni Architektury Drewnianej do udzia\u0142u zostali zaproszeni w\u0142a\u015bciciele i u\u017cytkownicy obiekt\u00f3w drewnianych, zar\u00f3wno osoby prywatne jak i instytucje kultury oraz samorz\u0105dy w ca\u0142ym kraju. Wydarzenia by\u0142y koordynowane w 12 wojew\u00f3dztwach przez Oddzia\u0142y i Pracownie Terenowe Narodowego Instytutu Dziedzictwa.<\/p>\n<p>Informacje o tegorocznej edycji Dni Architektury Drewnianej znajduj\u0105 si\u0119 w zak\u0142adce poni\u017cej.<\/p>\n<p>&nbsp;<\/p>[\/et_pb_accordion_item][et_pb_accordion_item title=&#8221;Dni Architektury Drewnianej 2025&#8243; _builder_version=&#8221;4.27.4&#8243; _module_preset=&#8221;default&#8221; global_colors_info=&#8221;{}&#8221; open=&#8221;off&#8221;]<p><b><span data-contrast=\"auto\">W tym roku Dni Architektury Drewnianej potrwaj\u0105 d\u0142u\u017cej &#8211; zapraszamy na dwa weekendy pe\u0142ne spotka\u0144 z tradycyjnym budownictwem: 23-24 oraz 30-31 sierpnia.<\/span><\/b><span data-ccp-props=\"{&quot;134233117&quot;:false,&quot;134233118&quot;:false,&quot;335551550&quot;:6,&quot;335551620&quot;:6,&quot;335559738&quot;:240,&quot;335559739&quot;:240}\">\u00a0<\/span><\/p>\n<p><span data-contrast=\"auto\">Wydarzenie organizowane przez Narodowy Instytut Dziedzictwa wraz z partnerami po raz kolejny po\u0142\u0105czy mi\u0142o\u015bnik\u00f3w architektury drewnianej z ca\u0142ej Polski. W programie znajd\u0105 si\u0119 spacery, warsztaty, wyk\u0142ady i pokazy, a przede wszystkim\u00a0niepowtarzalna okazja do zwiedzenia na co dzie\u0144 niedost\u0119pnych obiekt\u00f3w architektury drewnianej.<\/span><span data-ccp-props=\"{&quot;134233117&quot;:false,&quot;134233118&quot;:false,&quot;335551550&quot;:6,&quot;335551620&quot;:6,&quot;335559738&quot;:240,&quot;335559739&quot;:240}\">\u00a0<\/span><\/p>\n<p><span data-contrast=\"auto\">Dni Architektury Drewnianej 2025 odb\u0119d\u0105 si\u0119 w<strong> 11 wojew\u00f3dztwach<\/strong>, a udzia\u0142 wezm\u0105 w\u0142a\u015bciciele i u\u017cytkownicy drewnianych obiekt\u00f3w &#8211; zar\u00f3wno osoby prywatne, jak i przedstawiciele instytucji kultury, samorz\u0105d\u00f3w, fundacji oraz stowarzysze\u0144.<\/span><span data-ccp-props=\"{&quot;134233117&quot;:false,&quot;134233118&quot;:false,&quot;335551550&quot;:6,&quot;335551620&quot;:6,&quot;335559738&quot;:240,&quot;335559739&quot;:240}\">\u00a0<\/span><\/p>\n<p><span data-ccp-props=\"{&quot;134233117&quot;:false,&quot;134233118&quot;:false,&quot;335551550&quot;:6,&quot;335551620&quot;:6,&quot;335559738&quot;:240,&quot;335559739&quot;:240}\"><\/span><\/p>\n<p><span data-ccp-props=\"{&quot;134233117&quot;:false,&quot;134233118&quot;:false,&quot;335551550&quot;:6,&quot;335551620&quot;:6,&quot;335559738&quot;:240,&quot;335559739&quot;:240}\"> <\/span><\/p>\n<p><a href=\"https:\/\/nid.pl\/en\/wydarzenie\/dad2025-mz\/\" target=\"_blank\" rel=\"noopener\">Dni Architektury Drewnianej 2025 w wojew\u00f3dztwie mazowieckim<\/a><br \/><a href=\"https:\/\/nid.pl\/en\/wydarzenie\/dad2025-ls\/\" target=\"_blank\" rel=\"noopener\">Dni Architektury Drewnianej 2025 w wojew\u00f3dztwie lubuskim<\/a><br \/><a href=\"https:\/\/nid.pl\/en\/wydarzenie\/dad2025-kp\/\" target=\"_blank\" rel=\"noopener\">Dni Architektury Drewnianej 2025 w wojew\u00f3dztwie kujawsko-pomorskim<\/a><br \/><a href=\"https:\/\/nid.pl\/en\/wydarzenie\/dad2025-sk\/\" target=\"_blank\" rel=\"noopener\">Dni Architektury Drewnianej 2025 w wojew\u00f3dztwie \u015bwi\u0119tokrzyskim<\/a><br \/><a href=\"https:\/\/nid.pl\/en\/wydarzenie\/dad2025-pd\/\" target=\"_blank\" rel=\"noopener\">Dni Architektury Drewnianej 2025 w wojew\u00f3dztwie podlaskim<\/a><br \/><a href=\"https:\/\/nid.pl\/en\/wydarzenie\/dad2025-sl\/\" target=\"_blank\" rel=\"noopener\">Dni Architektury Drewnianej 2025 w wojew\u00f3dztwie \u015bl\u0105skim<\/a><br \/><a href=\"https:\/\/nid.pl\/en\/wydarzenie\/dad2025-zp\/\" target=\"_blank\" rel=\"noopener\">Dni Architektury Drewnianej 2025 w wojew\u00f3dztwie zachodniopomorskim<\/a><br \/><a href=\"https:\/\/nid.pl\/en\/wydarzenie\/dad2025-mp\/\" target=\"_blank\" rel=\"noopener\">Dni Architektury Drewnianej 2025 w wojew\u00f3dztwie ma\u0142opolskim<\/a><br \/><a href=\"https:\/\/nid.pl\/en\/wydarzenie\/dad2025-op\/\" target=\"_blank\" rel=\"noopener\">Dni Architektury Drewnianej 2025 w wojew\u00f3dztwie opolskim<\/a><br \/><a href=\"https:\/\/nid.pl\/en\/wydarzenie\/dad2025-wp\/\" target=\"_blank\" rel=\"noopener\">Dni Architektury Drewnianej 2025 w wojew\u00f3dztwie wielkopolskim<\/a><br \/><a href=\"https:\/\/nid.pl\/en\/wydarzenie\/dad2025-ld\/\" target=\"_blank\" rel=\"noopener\">Dni Architektury Drewnianej 2025 w wojew\u00f3dztwie \u0142\u00f3dzkim<\/a><\/p>\n<p><span data-ccp-props=\"{&quot;134233117&quot;:false,&quot;134233118&quot;:false,&quot;335551550&quot;:6,&quot;335551620&quot;:6,&quot;335559738&quot;:240,&quot;335559739&quot;:240}\"><\/span><\/p>\n<p><span data-ccp-props=\"{&quot;134233117&quot;:false,&quot;134233118&quot;:false,&quot;335551550&quot;:6,&quot;335551620&quot;:6,&quot;335559738&quot;:240,&quot;335559739&quot;:240}\">Dni Architektury Drewnianej 2025 obj\u0119te zosta\u0142y patronatem honorowym Ministra Kultury i Dziedzictwa Narodowego.<br \/>Patronami medialnymi wydarzenia s\u0105 Polskie Radio oraz TVP 3.<\/span><span data-ccp-props=\"{&quot;134233117&quot;:false,&quot;134233118&quot;:false,&quot;335551550&quot;:6,&quot;335551620&quot;:6,&quot;335559738&quot;:240,&quot;335559739&quot;:240}\"><\/span><\/p>\n<p>&nbsp;<\/p>[\/et_pb_accordion_item][et_pb_accordion_item title=&#8221;Pliki do pobrania&#8221; _builder_version=&#8221;4.27.4&#8243; _module_preset=&#8221;default&#8221; hover_enabled=&#8221;0&#8243; global_colors_info=&#8221;{}&#8221; open=&#8221;off&#8221; sticky_enabled=&#8221;0&#8243;]<p><strong><\/strong><\/p>\n<p><strong>Dni Architektury Drewnianej 2025:<\/strong><\/p>\n<p>&nbsp;<\/p>\n<p><a class=\"attachment\" href=\"https:\/\/nid.pl\/wp-content\/uploads\/2025\/07\/dad-2025-plakat-B1-2.zip\" target=\"_blank\" rel=\"noopener\">DAD 2025 &#8211; oficjalny plakat (.zip)<\/a><\/p>\n<p><a class=\"attachment\" href=\"https:\/\/nid.pl\/wp-content\/uploads\/2025\/08\/dad-2025-inauguracja-plakat-B1-druk.zip\" target=\"_blank\" rel=\"noopener\">Plakat B1 &#8211; inauguracja (.zip)<\/a><\/p>\n<p><a class=\"attachment\" href=\"https:\/\/nid.pl\/wp-content\/uploads\/2025\/08\/dad-2025-kujawsko-pomorskie-plakat-B1-druk.zip\" b1=\"\" -=\"\" a=\"\" target=\"_blank\" rel=\"noopener\">Plakat B1 &#8211; wojew\u00f3dztwo kujwsko-pomorskie (.zip)<\/a><\/p>\n<p><a class=\"attachment\" href=\"https:\/\/nid.pl\/wp-content\/uploads\/2025\/08\/dad-2025-lodzkie-plakat-B1-druk.zip\" b1=\"\" -=\"\" a=\"\" target=\"_blank\" rel=\"noopener\">Plakat B1 &#8211; wojew\u00f3dztwo \u0142\u00f3dzkie (.zip)<\/a><\/p>\n<p><a class=\"attachment\" href=\"https:\/\/nid.pl\/wp-content\/uploads\/2025\/08\/dad-2025-lubuskie-plakat-B1-druk.zip\" b1=\"\" -=\"\" a=\"\" target=\"_blank\" rel=\"noopener\">Plakat B1 &#8211; wojew\u00f3dztwo lubuskie (.zip)<\/a><\/p>\n<p><a class=\"attachment\" href=\"https:\/\/nid.pl\/wp-content\/uploads\/2025\/08\/dad-2025-malopolskie-plakat-B1-druk.zip\" b1=\"\" -=\"\" a=\"\" target=\"_blank\" rel=\"noopener\">Plakat B1 &#8211; wojew\u00f3dztwo ma\u0142opolskie (.zip)<\/a><\/p>\n<p><a class=\"attachment\" href=\"https:\/\/nid.pl\/wp-content\/uploads\/2025\/08\/dad-2025-mazowieckie-plakat-B1-druk.zip\" b1=\"\" -=\"\" a=\"\" target=\"_blank\" rel=\"noopener\">Plakat B1 &#8211; wojew\u00f3dztwo mazowieckie (.zip)<\/a><\/p>\n<p><a class=\"attachment\" href=\"https:\/\/nid.pl\/wp-content\/uploads\/2025\/08\/dad-2025-opolskie-plakat-B1-druk.zip\" b1=\"\" -=\"\" a=\"\" target=\"_blank\" rel=\"noopener\">Plakat B1 &#8211; wojew\u00f3dztwo opolskie (.zip)<\/a><\/p>\n<p><a class=\"attachment\" href=\"https:\/\/nid.pl\/wp-content\/uploads\/2025\/08\/dad-2025-podlaskie-plakat-B1-druk.zip\" b1=\"\" -=\"\" a=\"\" target=\"_blank\" rel=\"noopener\">Plakat B1 &#8211; wojew\u00f3dztwo podlaskie (.zip)<\/a><\/p>\n<p><a class=\"attachment\" href=\"https:\/\/nid.pl\/wp-content\/uploads\/2025\/08\/dad-2025-slaskie-plakat-B1-druk.zip\" b1=\"\" -=\"\" a=\"\" target=\"_blank\" rel=\"noopener\">Plakat B1 &#8211; wojew\u00f3dztwo \u015bl\u0105skie (.zip)<\/a><\/p>\n<p><a class=\"attachment\" href=\"https:\/\/nid.pl\/wp-content\/uploads\/2025\/08\/dad-2025-swietokrzyskie-plakat-B1-druk.zip\" b1=\"\" -=\"\" a=\"\" target=\"_blank\" rel=\"noopener\">Plakat B1 &#8211; wojew\u00f3dztwo \u015bwi\u0119tokrzyskie (.zip)<\/a><\/p>\n<p><a class=\"attachment\" href=\"https:\/\/nid.pl\/wp-content\/uploads\/2025\/08\/dad-2025-wielkopolskie-plakat-B1-druk.zip\" b1=\"\" -=\"\" a=\"\" target=\"_blank\" rel=\"noopener\">Plakat B1 &#8211; wojew\u00f3dztwo wielkopolskie (.zip)<\/a><\/p>\n<p><a class=\"attachment\" href=\"https:\/\/nid.pl\/wp-content\/uploads\/2025\/08\/dad-2025-zachodniopomorskie-plakat-B1-druk.zip\" b1=\"\" -=\"\" a=\"\" target=\"_blank\" rel=\"noopener\">Plakat B1 &#8211; wojew\u00f3dztwo zachodniopomorskie (.zip)<\/a><\/p>[\/et_pb_accordion_item][\/et_pb_accordion][et_pb_text _builder_version=&#8221;4.16&#8243; _module_preset=&#8221;default&#8221; locked=&#8221;off&#8221; global_colors_info=&#8221;{}&#8221;]<p><strong>News<\/strong><\/p>[\/et_pb_text][et_pb_blog posts_number=&#8221;4&#8243; include_categories=&#8221;105&#8243; excerpt_length=&#8221;150&#8243; show_author=&#8221;off&#8221; show_categories=&#8221;off&#8221; module_class=&#8221;specialPosts&#8221; _builder_version=&#8221;4.24.2&#8243; _module_preset=&#8221;default&#8221; header_font=&#8221;|600|||||||&#8221; header_text_color=&#8221;#e52330&#8243; header_font_size=&#8221;19px&#8221; header_line_height=&#8221;1.2em&#8221; body_text_color=&#8221;#000000&#8243; meta_font=&#8221;||||||||&#8221; meta_text_color=&#8221;#9b9b9b&#8221; read_more_font=&#8221;|700||||on|||&#8221; read_more_text_color=&#8221;#000000&#8243; custom_margin=&#8221;-38px|||||&#8221; custom_padding=&#8221;||||false|false&#8221; custom_css_main_element=&#8221;column-count: 4;||column-gap: 25px;&#8221; locked=&#8221;off&#8221; global_colors_info=&#8221;{}&#8221; custom_css_main_element_last_edited=&#8221;on|phone&#8221; custom_css_main_element_tablet=&#8221;column-count: 2;||column-gap: 25px;&#8221; custom_css_main_element_phone=&#8221;column-count: 1;||column-gap: 0px;&#8221;][\/et_pb_blog][et_pb_text _builder_version=&#8221;4.24.2&#8243; _module_preset=&#8221;default&#8221; custom_margin=&#8221;||16px|||&#8221; locked=&#8221;off&#8221; global_colors_info=&#8221;{}&#8221;]<p><strong>Archiwum<\/strong><\/p>[\/et_pb_text][et_pb_accordion icon_color=&#8221;#e52330&#8243; module_class=&#8221;specialAccordion keepOpenAccordion&#8221; _builder_version=&#8221;4.27.4&#8243; _module_preset=&#8221;default&#8221; locked=&#8221;off&#8221; global_colors_info=&#8221;{}&#8221;][et_pb_accordion_item title=&#8221;2024&#8243; open=&#8221;on&#8221; _builder_version=&#8221;4.27.4&#8243; _module_preset=&#8221;default&#8221; global_colors_info=&#8221;{}&#8221;]<p>Wydarzenia Dnia Architektury Drewnianej odby\u0142y si\u0119 w dniach 23-25 sierpnia 2024 r. Do udzia\u0142u zostali zaproszeni w\u0142a\u015bciciele i u\u017cytkownicy obiekt\u00f3w drewnianych, zar\u00f3wno osoby prywatne jak i instytucje kultury oraz samorz\u0105dy w ca\u0142ym kraju. Wydarzenia by\u0142y koordynowane przez 12 Oddzia\u0142\u00f3w Terenowych Narodowego Instytutu Dziedzictwa.<\/p>\n<p>Patronat honorowy nad Dniem Architektury Drewnianej obj\u0119\u0142a Bo\u017cena \u017belazowska, Generalny Konserwator Zabytk\u00f3w, Sekretarz Stanu w Ministerstwie Kultury i Dziedzictwa Narodowego.<\/p>\n<p>Wydarzenie zosta\u0142o sfinansowane ze \u015brodk\u00f3w Ministra Kultury i Dziedzictwa Narodowego w ramach dzia\u0142alno\u015bci Pracowni Terenowej Centrum Architektury Drewnianej NID.<\/p>\n<p>Dzie\u0144 Architektury Drewnianej obj\u0119ty zosta\u0142 patronatem Polskiego Radia S.A.<\/p>\n<p>Zach\u0119camy do zapoznania si\u0119 z <a href=\"https:\/\/nid.pl\/en\/2024\/08\/28\/podsumowanie-2-edycji-dad\/\" target=\"_blank\" rel=\"noopener\"><strong>podsumowaniem Dnia Architektury Drewnianej 2024.<\/strong><\/a><\/p>\n<ul>\n<li><a href=\"https:\/\/nid.pl\/en\/wydarzenie\/dad-kujawsko-pomorskie\/\" target=\"_blank\" rel=\"noopener\" title=\"Link zostanie otwarty w nowym oknie\">Dzie\u0144 Architektury Drewnianej w wojew\u00f3dztwie kujawsko-pomorskim<\/a><\/li>\n<li><a href=\"https:\/\/nid.pl\/en\/wydarzenie\/dad-ls\/\" target=\"_blank\" rel=\"noopener\" title=\"Link zostanie otwarty w nowym oknie\">Dzie\u0144 Architektury Drewnianej w wojew\u00f3dztwie lubuskim<\/a><\/li>\n<li><a href=\"https:\/\/nid.pl\/en\/wydarzenie\/dad-ld\/\" target=\"_blank\" rel=\"noopener\" title=\"Link zostanie otwarty w nowym oknie\">Dzie\u0144 Architektury Drewnianej w wojew\u00f3dztwie \u0142\u00f3dzkim<\/a><\/li>\n<li><a href=\"https:\/\/nid.pl\/en\/wydarzenie\/dad-mp\/\" target=\"_blank\" rel=\"noopener\" title=\"link zostanie otwarty w nowym oknie\">Dzie\u0144 Architektury Drewnianej w wojew\u00f3dztwie ma\u0142opolskim<\/a><\/li>\n<li><a href=\"https:\/\/nid.pl\/en\/wydarzenie\/dad-mz\/\" target=\"_blank\" rel=\"noopener\" title=\"Link zostanie otwarty w nowym oknie\">Dzie\u0144 Architektury Drewnianej w wojew\u00f3dztwie mazowieckim<\/a><\/li>\n<li><a href=\"https:\/\/nid.pl\/en\/wydarzenie\/dad-op\/\" target=\"_blank\" rel=\"noopener\" title=\"Link zostanie otwarty w nowym oknie\">Dzie\u0144 Architektury Drewnianej w wojew\u00f3dztwie opolskim<\/a><\/li>\n<li><a href=\"https:\/\/nid.pl\/en\/wydarzenie\/dad-pk\/\" target=\"_blank\" rel=\"noopener\" title=\"Link zostanie otwarty w nowym oknie\">Dzie\u0144 Architektury Drewnianej w wojew\u00f3dztwie podkarpackim<\/a><\/li>\n<li><a href=\"https:\/\/nid.pl\/en\/wydarzenie\/dad-pd\/\" target=\"_blank\" rel=\"noopener\" title=\"Link zostanie otwarty w nowym oknie\">Dzie\u0144 Architektury Drewnianej w wojew\u00f3dztwie podlaskim<\/a><\/li>\n<li><a href=\"https:\/\/nid.pl\/en\/wydarzenie\/dad-sl\/\" target=\"_blank\" rel=\"noopener\" title=\"Link zostanie otwarty w nowym oknie\">Dzie\u0144 Architektury Drewnianej w wojew\u00f3dztwie \u015bl\u0105skim<\/a><\/li>\n<li><a href=\"https:\/\/nid.pl\/en\/wydarzenie\/dad-sw\/\" target=\"_blank\" rel=\"noopener\">Dzie\u0144 Architektury Drewnianej w wojew\u00f3dztwie \u015bwi\u0119tokrzyskim<\/a><\/li>\n<li><a href=\"https:\/\/nid.pl\/en\/wydarzenie\/dad-wlp\/\" target=\"_blank\" rel=\"noopener\">Dzie\u0144 Architektury Drewnianej w wojew\u00f3dztwie wielkopolskim<\/a><\/li>\n<li><a href=\"https:\/\/nid.pl\/en\/wydarzenie\/dad-wm\/\" target=\"_blank\" rel=\"noopener\">Dzie\u0144 Architektury Drewnianej w wojew\u00f3dztwie warmi\u0144sko-mazurskim<\/a><\/li>\n<li><a href=\"https:\/\/nid.pl\/en\/wydarzenie\/dad-zp\/\" target=\"_blank\" rel=\"noopener\" title=\"Link zostanie otwarty w nowym oknie\">Dzie\u0144 Architektury Drewnianej w wojew\u00f3dztwie zachodniopomorskim<\/a><\/li>\n<li><a href=\"https:\/\/nid.pl\/en\/wydarzenie\/dad-zak\/\" target=\"_blank\" rel=\"noopener\" title=\"https:\/\/nid.pl\/wydarzenie\/dad-zak\">Dzie\u0144 Architektury Drewnianej w Zakopanem<\/a><\/li>\n<\/ul>[\/et_pb_accordion_item][et_pb_accordion_item title=&#8221;2023&#8243; _builder_version=&#8221;4.27.4&#8243; _module_preset=&#8221;default&#8221; global_colors_info=&#8221;{}&#8221; open=&#8221;off&#8221;]<p>Inauguracja pierwszego Dnia Architektury Drewnianej odby\u0142a si\u0119 w 2023 roku, w Muzeum Tatrza\u0144skim im. Dra Tytusa Cha\u0142bi\u0144skiego \u2013 Muzeum Stylu Zakopia\u0144skiego Willa Koliba. Wzi\u0119li w niej udzia\u0142 przedstawiciele urz\u0119d\u00f3w oraz instytucji kultury oraz opiekunowie i w\u0142a\u015bciciele udost\u0119pnionych obiekt\u00f3w. Tego dnia po po\u0142udniu w siedzibie CAD odby\u0142o si\u0119 spotkanie w\u0142a\u015bcicieli zabytkowych budynk\u00f3w drewnianych. Dla najm\u0142odszych zorganizowano warsztaty, kt\u00f3rych uczestnicy mieli okazj\u0119 pozna\u0107 tajniki architektury podhala\u0144skiej.<br \/>Lista obiekt\u00f3w udost\u0119pnionych dla zwiedzaj\u0105cych podczas Dnia Architektury Drewnianej, 26 sierpnia 2023 r.:<\/p>\n<ul>\n<li>Muzeum Stylu Zakopia\u0144skiego w willi Koliba, filia Muzeum Tatrza\u0144skiego, ul. Ko\u015bcieliska 18<\/li>\n<li>Cha\u0142upa G\u0105sienic\u00f3w-Sobczak\u00f3w, filia Muzeum Tatrza\u0144skiego, ul. Droga do Roj\u00f3w 6<\/li>\n<li>Willa Maliniak\u00f3wka, obecnie Galeria Antoniego Kenara, ul. Sobczak\u00f3wka 9<\/li>\n<li>Willa Cicha, ul. Ko\u015bcieliska 42<\/li>\n<li>Cha\u0142upa Saba\u0142y, ul. Stare Krzept\u00f3wki 17<\/li>\n<li>Willa Harenda, obecnie Muzeum Jana Kasprowicza, ul. Harenda 12A<\/li>\n<li>Ko\u015bci\u00f3\u0142 pw. \u015bw. Jana Aposto\u0142a i Ewangelisty na Harendzie, ul. Harenda 14A<\/li>\n<li>Galeria Sztuki w willi Oksza, filia Muzeum Tatrza\u0144skiego, ul. Hr. W\u0142adys\u0142awa Zamoyskiego 25<\/li>\n<li>Dom pod Jedlami, ul. Droga na Kozieniec 1<\/li>\n<li>Willa Koszysta, ul. J\u00f3zefa Pi\u0142sudskiego 69<\/li>\n<li>Willa Grab\u00f3wka, ul. Henryka Sienkiewicza 31<\/li>\n<li>Willa El\u017cbiecina, Dom Wojciecha Korfantego, ul. Hr. W\u0142adys\u0142awa Zamoyskiego 30<\/li>\n<li>Willa Jadwini\u00f3wka, dom c\u00f3rki dra Tytusa Cha\u0142ubi\u0144skiego, ul. Hr. W\u0142adys\u0142awa Zamoyskiego 32<\/li>\n<li>Dom Doktora, ul. Stanis\u0142awa Witkiewicza 19<\/li>\n<li>Restauracja regionalna Sopa i Lis, restauracja w dawnej sopie, ul. Ko\u015bcieliska 52<\/li>\n<li>Willa Konstantyn\u00f3wka, obecnie Restauracja Zakopia\u0144ska, ul. Jagiello\u0144ska 18<\/li>\n<li>Dawna le\u015bnicz\u00f3wka, obecnie restauracja Le\u015bnicz\u00f3wka Resto Bar, ul. Ku\u017anice 15<\/li>\n<\/ul>[\/et_pb_accordion_item][\/et_pb_accordion][\/et_pb_column][\/et_pb_row][\/et_pb_section][et_pb_section fb_built=&#8221;1&#8243; _builder_version=&#8221;4.7.4&#8243; _module_preset=&#8221;default&#8221; custom_margin=&#8221;43px||||false|false&#8221; custom_padding=&#8221;0px||0px||false|false&#8221; global_module=&#8221;353&#8243; saved_tabs=&#8221;all&#8221; global_colors_info=&#8221;{}&#8221;][et_pb_row column_structure=&#8221;1_3,1_3,1_3&#8243; use_custom_gutter=&#8221;on&#8221; gutter_width=&#8221;1&#8243; _builder_version=&#8221;4.16&#8243; _module_preset=&#8221;default&#8221; background_color=&#8221;rgba(0,0,0,0)&#8221; width=&#8221;100%&#8221; max_width=&#8221;2560px&#8221; custom_padding=&#8221;0px||0px||false|false&#8221; global_colors_info=&#8221;{}&#8221;][et_pb_column type=&#8221;1_3&#8243; _builder_version=&#8221;4.16&#8243; _module_preset=&#8221;default&#8221; background_color=&#8221;#e52330&#8243; global_colors_info=&#8221;{}&#8221;][et_pb_blurb title=&#8221;Logotypy NID&#8221; url_new_window=&#8221;on&#8221; use_icon=&#8221;on&#8221; font_icon=&#8221;&#xe004;||divi||400&#8243; icon_placement=&#8221;left&#8221; image_icon_width=&#8221;50px&#8221; module_class=&#8221;bigButtonModules&#8221; _builder_version=&#8221;4.27.2&#8243; _module_preset=&#8221;default&#8221; header_level=&#8221;h3&#8243; header_font=&#8221;|700|||||||&#8221; header_text_color=&#8221;#ffffff&#8221; body_text_color=&#8221;#ffffff&#8221; background_color=&#8221;#E52330&#8243; custom_margin=&#8221;||||false|false&#8221; custom_padding=&#8221;25px|25px|25px|25px|false|false&#8221; animation=&#8221;off&#8221; link_option_url=&#8221;https:\/\/nid.pl\/logotypy\/&#8221; link_option_url_new_window=&#8221;on&#8221; custom_css_blurb_image=&#8221;padding-right: 20px;||vertical-align: middle;&#8221; icon_font_size=&#8221;50px&#8221; global_colors_info=&#8221;{}&#8221;]<p>Pobierz znaki promocyjne Narodowego Instytutu Dziedzictwa<\/p>[\/et_pb_blurb][\/et_pb_column][et_pb_column type=&#8221;1_3&#8243; _builder_version=&#8221;4.16&#8243; _module_preset=&#8221;default&#8221; background_color=&#8221;#e52330&#8243; global_colors_info=&#8221;{}&#8221;][et_pb_code _builder_version=&#8221;4.23.2&#8243; _module_preset=&#8221;default&#8221; global_colors_info=&#8221;{}&#8221;][\/et_pb_code][et_pb_blurb title=&#8221;Ksi\u0119garnia NID&#8221; url_new_window=&#8221;on&#8221; use_icon=&#8221;on&#8221; font_icon=&#8221;&#xe022;||divi||400&#8243; icon_placement=&#8221;left&#8221; image_icon_width=&#8221;50px&#8221; module_class=&#8221;bigButtonModules&#8221; _builder_version=&#8221;4.16&#8243; _module_preset=&#8221;default&#8221; header_level=&#8221;h3&#8243; header_font=&#8221;|700|||||||&#8221; header_text_color=&#8221;#ffffff&#8221; body_text_color=&#8221;#ffffff&#8221; background_color=&#8221;#444444&#8243; custom_margin=&#8221;||||false|false&#8221; custom_padding=&#8221;25px|25px|25px|25px|false|false&#8221; animation=&#8221;off&#8221; link_option_url=&#8221;https:\/\/ksiegarnia.nid.pl\/&#8221; link_option_url_new_window=&#8221;on&#8221; custom_css_blurb_image=&#8221;padding-right: 20px;||vertical-align: middle;&#8221; icon_font_size=&#8221;50px&#8221; global_colors_info=&#8221;{}&#8221;]<p>Sprawd\u017a nasze produkty w ksi\u0119garni. Zamawiaj bez wychodzenia z domu ju\u017c teraz!<\/p>[\/et_pb_blurb][\/et_pb_column][et_pb_column type=&#8221;1_3&#8243; _builder_version=&#8221;4.16&#8243; _module_preset=&#8221;default&#8221; background_color=&#8221;#e52330&#8243; global_colors_info=&#8221;{}&#8221;][et_pb_blurb title=&#8221;Platforma szkoleniowa&#8221; url_new_window=&#8221;on&#8221; use_icon=&#8221;on&#8221; font_icon=&#8221;&#xe0e9;||divi||400&#8243; icon_placement=&#8221;left&#8221; image_icon_width=&#8221;50px&#8221; module_class=&#8221;bigButtonModules&#8221; _builder_version=&#8221;4.16&#8243; _module_preset=&#8221;default&#8221; header_level=&#8221;h3&#8243; header_font=&#8221;|700|||||||&#8221; header_text_color=&#8221;#ffffff&#8221; body_text_color=&#8221;#ffffff&#8221; background_color=&#8221;#6b6b6b&#8221; custom_margin=&#8221;||||false|false&#8221; custom_padding=&#8221;25px|25px|25px|25px|false|false&#8221; animation=&#8221;off&#8221; link_option_url=&#8221;https:\/\/szkolenianid.learncom.pl&#8221; link_option_url_new_window=&#8221;on&#8221; custom_css_blurb_image=&#8221;padding-right: 20px;||vertical-align: middle;&#8221; icon_font_size=&#8221;50px&#8221; global_colors_info=&#8221;{}&#8221;]<p>Zapisz si\u0119 na nasz\u0105 platform\u0119 e-szkoleniow\u0105 i dowiedz si\u0119 jak zarz\u0105dza\u0107 dziedzictwem i wykorzysta\u0107 jego potencja\u0142.<\/p>[\/et_pb_blurb][\/et_pb_column][\/et_pb_row][\/et_pb_section]","protected":false},"excerpt":{"rendered":"<p>\u2190Powr\u00f3t G\u0142\u00f3wn\u0105 ide\u0105 Dni Architektury Drewnianej jest upowszechnianie tego wyj\u0105tkowego elementu kultury poprzez nieodp\u0142atne udost\u0119pnienie zabytkowych obiekt\u00f3w szerokiej publiczno\u015bci. Jest to promocja oraz popularyzacja obiekt\u00f3w drewnianych, ale i tak\u017ce unaocznienie [&hellip;]<\/p>","protected":false},"author":4,"featured_media":0,"parent":0,"menu_order":0,"comment_status":"closed","ping_status":"closed","template":"","meta":{"_et_pb_use_builder":"on","_et_pb_old_content":"","_et_gb_content_width":"","_monsterinsights_skip_tracking":false,"_monsterinsights_sitenote_active":false,"_monsterinsights_sitenote_note":"","_monsterinsights_sitenote_category":0,"footnotes":""},"class_list":["post-17548","page","type-page","status-publish","hentry"],"yoast_head":"<!-- This site is optimized with the Yoast SEO plugin v26.5 - https:\/\/yoast.com\/wordpress\/plugins\/seo\/ -->\n<title>Dni Architektury Drewnianej - NID<\/title>\n<meta name=\"robots\" content=\"index, follow, max-snippet:-1, max-image-preview:large, max-video-preview:-1\" \/>\n<link rel=\"canonical\" href=\"https:\/\/nid.pl\/en\/dad\/\" \/>\n<meta property=\"og:locale\" content=\"en_GB\" \/>\n<meta property=\"og:type\" content=\"article\" \/>\n<meta property=\"og:title\" content=\"Dni Architektury Drewnianej - NID\" \/>\n<meta property=\"og:description\" content=\"\u2190Powr\u00f3t G\u0142\u00f3wn\u0105 ide\u0105 Dni Architektury Drewnianej jest upowszechnianie tego wyj\u0105tkowego elementu kultury poprzez nieodp\u0142atne udost\u0119pnienie zabytkowych obiekt\u00f3w szerokiej publiczno\u015bci. Jest to promocja oraz popularyzacja obiekt\u00f3w drewnianych, ale i tak\u017ce unaocznienie [&hellip;]\" \/>\n<meta property=\"og:url\" content=\"https:\/\/nid.pl\/en\/dad\/\" \/>\n<meta property=\"og:site_name\" content=\"NID\" \/>\n<meta property=\"article:publisher\" content=\"https:\/\/www.facebook.com\/zabytek\" \/>\n<meta property=\"article:modified_time\" content=\"2025-08-08T11:10:50+00:00\" \/>\n<meta name=\"twitter:card\" content=\"summary_large_image\" \/>\n<meta name=\"twitter:site\" content=\"@NarIDpl\" \/>\n<meta name=\"twitter:label1\" content=\"Estimated reading time\" \/>\n\t<meta name=\"twitter:data1\" content=\"10 minutes\" \/>\n<script type=\"application\/ld+json\" class=\"yoast-schema-graph\">{\"@context\":\"https:\/\/schema.org\",\"@graph\":[{\"@type\":\"WebPage\",\"@id\":\"https:\/\/nid.pl\/dad\/\",\"url\":\"https:\/\/nid.pl\/dad\/\",\"name\":\"Dni Architektury Drewnianej - NID\",\"isPartOf\":{\"@id\":\"https:\/\/nid.pl\/#website\"},\"datePublished\":\"2024-04-02T19:42:03+00:00\",\"dateModified\":\"2025-08-08T11:10:50+00:00\",\"breadcrumb\":{\"@id\":\"https:\/\/nid.pl\/dad\/#breadcrumb\"},\"inLanguage\":\"en-GB\",\"potentialAction\":[{\"@type\":\"ReadAction\",\"target\":[\"https:\/\/nid.pl\/dad\/\"]}]},{\"@type\":\"BreadcrumbList\",\"@id\":\"https:\/\/nid.pl\/dad\/#breadcrumb\",\"itemListElement\":[{\"@type\":\"ListItem\",\"position\":1,\"name\":\"Home\",\"item\":\"https:\/\/nid.pl\/\"},{\"@type\":\"ListItem\",\"position\":2,\"name\":\"Dni Architektury Drewnianej\"}]},{\"@type\":\"WebSite\",\"@id\":\"https:\/\/nid.pl\/#website\",\"url\":\"https:\/\/nid.pl\/\",\"name\":\"NID\",\"description\":\"Narodowy Instytut Dziedzictwa\",\"publisher\":{\"@id\":\"https:\/\/nid.pl\/#organization\"},\"potentialAction\":[{\"@type\":\"SearchAction\",\"target\":{\"@type\":\"EntryPoint\",\"urlTemplate\":\"https:\/\/nid.pl\/?s={search_term_string}\"},\"query-input\":{\"@type\":\"PropertyValueSpecification\",\"valueRequired\":true,\"valueName\":\"search_term_string\"}}],\"inLanguage\":\"en-GB\"},{\"@type\":\"Organization\",\"@id\":\"https:\/\/nid.pl\/#organization\",\"name\":\"Narodowy Instytut Dziedzictwa\",\"url\":\"https:\/\/nid.pl\/\",\"logo\":{\"@type\":\"ImageObject\",\"inLanguage\":\"en-GB\",\"@id\":\"https:\/\/nid.pl\/#\/schema\/logo\/image\/\",\"url\":\"https:\/\/nid.pl\/wp-content\/uploads\/2022\/10\/logoRedDark.png\",\"contentUrl\":\"https:\/\/nid.pl\/wp-content\/uploads\/2022\/10\/logoRedDark.png\",\"width\":200,\"height\":197,\"caption\":\"Narodowy Instytut Dziedzictwa\"},\"image\":{\"@id\":\"https:\/\/nid.pl\/#\/schema\/logo\/image\/\"},\"sameAs\":[\"https:\/\/www.facebook.com\/zabytek\",\"https:\/\/x.com\/NarIDpl\",\"https:\/\/www.instagram.com\/nid.pl\/?hl=pl\",\"https:\/\/www.linkedin.com\/company\/narodowy-instytut-dziedzictwa\",\"https:\/\/www.youtube.com\/channel\/UCQXuhKa2uHtmNvLRUSx40JA\"]}]}<\/script>\n<!-- \/ Yoast SEO plugin. -->","yoast_head_json":{"title":"Dni Architektury Drewnianej - NID","robots":{"index":"index","follow":"follow","max-snippet":"max-snippet:-1","max-image-preview":"max-image-preview:large","max-video-preview":"max-video-preview:-1"},"canonical":"https:\/\/nid.pl\/en\/dad\/","og_locale":"en_GB","og_type":"article","og_title":"Dni Architektury Drewnianej - NID","og_description":"\u2190Powr\u00f3t G\u0142\u00f3wn\u0105 ide\u0105 Dni Architektury Drewnianej jest upowszechnianie tego wyj\u0105tkowego elementu kultury poprzez nieodp\u0142atne udost\u0119pnienie zabytkowych obiekt\u00f3w szerokiej publiczno\u015bci. Jest to promocja oraz popularyzacja obiekt\u00f3w drewnianych, ale i tak\u017ce unaocznienie [&hellip;]","og_url":"https:\/\/nid.pl\/en\/dad\/","og_site_name":"NID","article_publisher":"https:\/\/www.facebook.com\/zabytek","article_modified_time":"2025-08-08T11:10:50+00:00","twitter_card":"summary_large_image","twitter_site":"@NarIDpl","twitter_misc":{"Estimated reading time":"10 minutes"},"schema":{"@context":"https:\/\/schema.org","@graph":[{"@type":"WebPage","@id":"https:\/\/nid.pl\/dad\/","url":"https:\/\/nid.pl\/dad\/","name":"Dni Architektury Drewnianej - NID","isPartOf":{"@id":"https:\/\/nid.pl\/#website"},"datePublished":"2024-04-02T19:42:03+00:00","dateModified":"2025-08-08T11:10:50+00:00","breadcrumb":{"@id":"https:\/\/nid.pl\/dad\/#breadcrumb"},"inLanguage":"en-GB","potentialAction":[{"@type":"ReadAction","target":["https:\/\/nid.pl\/dad\/"]}]},{"@type":"BreadcrumbList","@id":"https:\/\/nid.pl\/dad\/#breadcrumb","itemListElement":[{"@type":"ListItem","position":1,"name":"Home","item":"https:\/\/nid.pl\/"},{"@type":"ListItem","position":2,"name":"Dni Architektury Drewnianej"}]},{"@type":"WebSite","@id":"https:\/\/nid.pl\/#website","url":"https:\/\/nid.pl\/","name":"NID","description":"Narodowy Instytut Dziedzictwa","publisher":{"@id":"https:\/\/nid.pl\/#organization"},"potentialAction":[{"@type":"SearchAction","target":{"@type":"EntryPoint","urlTemplate":"https:\/\/nid.pl\/?s={search_term_string}"},"query-input":{"@type":"PropertyValueSpecification","valueRequired":true,"valueName":"search_term_string"}}],"inLanguage":"en-GB"},{"@type":"Organization","@id":"https:\/\/nid.pl\/#organization","name":"Narodowy Instytut Dziedzictwa","url":"https:\/\/nid.pl\/","logo":{"@type":"ImageObject","inLanguage":"en-GB","@id":"https:\/\/nid.pl\/#\/schema\/logo\/image\/","url":"https:\/\/nid.pl\/wp-content\/uploads\/2022\/10\/logoRedDark.png","contentUrl":"https:\/\/nid.pl\/wp-content\/uploads\/2022\/10\/logoRedDark.png","width":200,"height":197,"caption":"Narodowy Instytut Dziedzictwa"},"image":{"@id":"https:\/\/nid.pl\/#\/schema\/logo\/image\/"},"sameAs":["https:\/\/www.facebook.com\/zabytek","https:\/\/x.com\/NarIDpl","https:\/\/www.instagram.com\/nid.pl\/?hl=pl","https:\/\/www.linkedin.com\/company\/narodowy-instytut-dziedzictwa","https:\/\/www.youtube.com\/channel\/UCQXuhKa2uHtmNvLRUSx40JA"]}]}},"_links":{"self":[{"href":"https:\/\/nid.pl\/en\/wp-json\/wp\/v2\/pages\/17548","targetHints":{"allow":["GET"]}}],"collection":[{"href":"https:\/\/nid.pl\/en\/wp-json\/wp\/v2\/pages"}],"about":[{"href":"https:\/\/nid.pl\/en\/wp-json\/wp\/v2\/types\/page"}],"author":[{"embeddable":true,"href":"https:\/\/nid.pl\/en\/wp-json\/wp\/v2\/users\/4"}],"replies":[{"embeddable":true,"href":"https:\/\/nid.pl\/en\/wp-json\/wp\/v2\/comments?post=17548"}],"version-history":[{"count":0,"href":"https:\/\/nid.pl\/en\/wp-json\/wp\/v2\/pages\/17548\/revisions"}],"wp:attachment":[{"href":"https:\/\/nid.pl\/en\/wp-json\/wp\/v2\/media?parent=17548"}],"curies":[{"name":"wp","href":"https:\/\/api.w.org\/{rel}","templated":true}]}}