{"id":1488,"date":"2021-06-24T13:14:39","date_gmt":"2021-06-24T11:14:39","guid":{"rendered":"https:\/\/nid.pl\/?page_id=1488"},"modified":"2026-01-22T21:05:42","modified_gmt":"2026-01-22T20:05:42","slug":"swiatowe-dziedzictwo","status":"publish","type":"page","link":"https:\/\/nid.pl\/en\/swiatowe-dziedzictwo\/","title":{"rendered":"\u015awiatowe dziedzictwo"},"content":{"rendered":"<p>[et_pb_section fb_built=&#8221;1&#8243; _builder_version=&#8221;4.16&#8243; _module_preset=&#8221;default&#8221; custom_padding=&#8221;0px||0px|||&#8221; global_colors_info=&#8221;{}&#8221;][et_pb_row _builder_version=&#8221;4.16&#8243; _module_preset=&#8221;default&#8221; background_image=&#8221;https:\/\/nid.pl\/wp-content\/uploads\/2021\/08\/Dzialalnosc-Swiatowe-dziedzictwo.jpg&#8221; width=&#8221;100%&#8221; max_width=&#8221;100%&#8221; height=&#8221;400px&#8221; custom_margin=&#8221;|auto||auto|false|false&#8221; custom_padding=&#8221;0px||0px|||&#8221; global_colors_info=&#8221;{}&#8221;][et_pb_column type=&#8221;4_4&#8243; _builder_version=&#8221;4.16&#8243; _module_preset=&#8221;default&#8221; global_colors_info=&#8221;{}&#8221;][\/et_pb_column][\/et_pb_row][\/et_pb_section][et_pb_section fb_built=&#8221;1&#8243; _builder_version=&#8221;4.16&#8243; _module_preset=&#8221;default&#8221; custom_padding=&#8221;0px|0px|0px|0px|false|false&#8221; global_colors_info=&#8221;{}&#8221;][et_pb_row _builder_version=&#8221;4.16&#8243; _module_preset=&#8221;default&#8221; width=&#8221;100%&#8221; max_width=&#8221;100%&#8221; custom_padding=&#8221;50px|50px|50px|50px|false|false&#8221; global_colors_info=&#8221;{}&#8221;][et_pb_column type=&#8221;4_4&#8243; _builder_version=&#8221;4.16&#8243; _module_preset=&#8221;default&#8221; global_colors_info=&#8221;{}&#8221;][et_pb_text module_id=&#8221;backButtonBox&#8221; _builder_version=&#8221;4.7.4&#8243; _module_preset=&#8221;default&#8221; custom_margin=&#8221;0px|0px|0px|0px|false|false&#8221; custom_padding=&#8221;0px|0px|0px|0px|false|false&#8221; global_module=&#8221;2594&#8243; locked=&#8221;off&#8221; global_colors_info=&#8221;{}&#8221;]<\/p>\n<div class=\"backButton\" onclick=\"javascript:window.history.back();\"><span>\u2190<\/span>Powr\u00f3t<\/div>\n<p>[\/et_pb_text][et_pb_text _builder_version=&#8221;4.16&#8243; _dynamic_attributes=&#8221;content&#8221; _module_preset=&#8221;default&#8221; text_font_size=&#8221;26px&#8221; custom_margin=&#8221;||25px||false|false&#8221; custom_padding=&#8221;||||false|false&#8221; global_colors_info=&#8221;{}&#8221;]@ET-DC@eyJkeW5hbWljIjp0cnVlLCJjb250ZW50IjoicG9zdF90aXRsZSIsInNldHRpbmdzIjp7ImJlZm9yZSI6IiIsImFmdGVyIjoiIn19@[\/et_pb_text][et_pb_divider _builder_version=&#8221;4.16&#8243; _module_preset=&#8221;default&#8221; background_color=&#8221;#e52330&#8243; height=&#8221;5px&#8221; custom_margin=&#8221;0px||25px||false|false&#8221; custom_padding=&#8221;0px||0px||false|false&#8221; global_colors_info=&#8221;{}&#8221;][\/et_pb_divider][et_pb_text _builder_version=&#8221;4.27.5&#8243; _module_preset=&#8221;default&#8221; hover_enabled=&#8221;0&#8243; global_colors_info=&#8221;{}&#8221; sticky_enabled=&#8221;0&#8243;]<\/p>\n<p>Ze wzgl\u0119du na zmiany i\u00a0zniszczenia, jakie niesie ewolucja spo\u0142eczna i\u00a0gospodarcza na \u015bwiecie uznano, \u017ce dziedzictwo kulturowe i\u00a0przyrodnicze jest coraz bardziej zagro\u017cone. W\u00a0celu zapobie\u017cenia tej tendencji opracowano Konwencj\u0119 w\u00a0sprawie ochrony \u015bwiatowego dziedzictwa kulturalnego i\u00a0naturalnego, kt\u00f3ra zosta\u0142a przyj\u0119ta przez Konferencj\u0119 Generaln\u0105 UNESCO w\u00a01972\u00a0r. Polska ratyfikuj\u0105c konwencj\u0119 w\u00a01976\u00a0r., jako jedno z\u00a0pierwszych pa\u0144stw, jednocze\u015bnie przyj\u0119\u0142a zobowi\u0105zanie ochrony swojego dziedzictwa, kt\u00f3re posiada wybitne warto\u015bci rozpoznawane w skali \u015bwiatowej.<\/p>\n<p><strong>Narodowy Instytut Dziedzictwa<\/strong> koordynuje realizacj\u0119 postanowie\u0144 Konwencji \u015bwiatowego dziedzictwa z 1972 r. w Polsce. Dzia\u0142ania te maj\u0105 na celu <strong>zachowanie dziedzictwa o wyj\u0105tkowej powszechnej warto\u015bci, podniesienie poziomu ochrony i zarz\u0105dzania dobrami \u015bwiatowego dziedzictwa w Polsce, stworzenie forum wymiany informacji i wypracowanie modelu efektywnej wsp\u00f3\u0142pracy pomi\u0119dzy podmiotami odpowiedzialnymi za dobra \u015bwiatowego dziedzictwa. <\/strong>Obejmuj\u0105 one:<\/p>\n<ul>\n<li><strong>aktywne wsparcie<\/strong> s\u0142u\u017cb konserwatorskich, organ\u00f3w samorz\u0105du terytorialnego, zarz\u0105dc\u00f3w oraz instytucji rz\u0105dowych w ochronie i konserwacji d\u00f3br wpisanych i kandyduj\u0105cych na List\u0119 \u015bwiatowego dziedzictwa;<\/li>\n<li><strong>zapewnienie platformy wsp\u00f3\u0142pracy i wymiany informacji<\/strong> dla jednostek rz\u0105dowych i organizacji pozarz\u0105dowych, a tak\u017ce szeroko rozumianego spo\u0142ecze\u0144stwa w ochronie i opiece nad obszarami \u015bwiatowego dziedzictwa;<\/li>\n<li><strong>prowadzenie monitoringu i ocen\u0119 stanu zachowania<\/strong> polskich miejsc wpisanych na List\u0119 \u015bwiatowego dziedzictwa UNESCO;<\/li>\n<li><strong>opracowywanie dla Centrum \u015awiatowego Dziedzictwa UNESCO raport\u00f3w okresowych<\/strong> dotycz\u0105cych polityki pa\u0144stwa w zakresie realizacji Konwencji oraz koordynacja opracowywania raport\u00f3w okresowych dla poszczeg\u00f3lnych miejsc wpisanych na List\u0119 \u015awiatowego Dziedzictwa UNESCO;<\/li>\n<li><strong>popularyzowanie \u015bwiatowego dziedzictwa<\/strong> i jego znaczenia dla spo\u0142ecze\u0144stwa;<\/li>\n<li><strong>organizacj\u0119 spotka\u0144 opiekun\u00f3w miejsc \u015bwiatowego dziedzictwa<\/strong>, kt\u00f3re maj\u0105 na celu zapoznanie opiekun\u00f3w i zarz\u0105dc\u00f3w polskich miejsc oraz s\u0142u\u017cby konserwatorskie z tematyk\u0105 \u015bwiatowego dziedzictwa, a tak\u017ce stanowi\u0105 platform\u0119 do wymiany do\u015bwiadcze\u0144. Ka\u017cde spotkanie porusza konkretne zagadnienia zwi\u0105zane z ochron\u0105 oraz zarz\u0105dzaniem \u015bwiatowym dziedzictwem w Polsce i na \u015bwiecie.<\/li>\n<\/ul>\n<p>&nbsp;<\/p>\n<p><span style=\"text-decoration: underline;\">Aktualna lista zabytk\u00f3w wpisanych na List\u0119 \u015awiatowego Dziedzictwa:<\/span><\/p>\n<ol>\n<li><a href=\"https:\/\/zabytek.pl\/pl\/obiekty\/krakow-historyczne-centrum-krakowa\" target=\"_blank\" rel=\"noopener noreferrer\">Historyczne Centrum Krakowa<\/a><\/li>\n<li><a href=\"https:\/\/zabytek.pl\/pl\/obiekty\/wieliczka-bochnia-krolewskie-kopalnie-soli-w-wieliczce-i-bochni\" target=\"_blank\" rel=\"noopener noreferrer\">Kr\u00f3lewskie kopalnie soli w Wieliczce i Bochni<\/a><\/li>\n<li><a href=\"https:\/\/zabytek.pl\/pl\/obiekty\/bialowieza-puszcza-bialowieska-2\" target=\"_blank\" rel=\"noopener noreferrer\">Puszcza Bia\u0142owieska<\/a><\/li>\n<li><a href=\"https:\/\/zabytek.pl\/pl\/obiekty\/oswiecim-auschwitz-birkenau-niemiecki-nazistowski-oboz-koncentr-\" target=\"_blank\" rel=\"noopener noreferrer\">Auschwitz Birkenau, niemiecki nazistowski ob\u00f3z koncentracyjny i zag\u0142ady (1940-1945)<\/a><\/li>\n<li><a href=\"https:\/\/zabytek.pl\/pl\/obiekty\/warszawa-historyczne-centrum-warszawy\" target=\"_blank\" rel=\"noopener noreferrer\">Historyczne centrum Warszawy<\/a><\/li>\n<li><a href=\"https:\/\/zabytek.pl\/pl\/obiekty\/zamosc-stare-miasto-w-zamosciu-2\" target=\"_blank\" rel=\"noopener noreferrer\">Stare Miasto w Zamo\u015bciu<\/a><\/li>\n<li><a href=\"https:\/\/zabytek.pl\/pl\/obiekty\/torun-sredniowieczne-miasto-w-toruniu\" target=\"_blank\" rel=\"noopener noreferrer\">\u015aredniowieczne miasto w Toruniu<\/a><\/li>\n<li><a href=\"https:\/\/zabytek.pl\/pl\/obiekty\/malbork-zamek-krzyzacki-w-malborku-2\" target=\"_blank\" rel=\"noopener noreferrer\">Zamek krzy\u017cacki w Malborku<\/a><\/li>\n<li><a href=\"https:\/\/zabytek.pl\/pl\/obiekty\/kalwaria-zebrzydowska-kalwaria-zebrzydowska-manierystyczny-zesp\" target=\"_blank\" rel=\"noopener noreferrer\">Kalwaria Zebrzydowska: manierystyczny zesp\u00f3\u0142 architektoniczno-krajobrazowy oraz park pielgrzymkowy<\/a><\/li>\n<li><a href=\"https:\/\/zabytek.pl\/pl\/obiekty\/jawor-swidnica-koscioly-pokoju-w-jaworze-i-swidnicy\" target=\"_blank\" rel=\"noopener noreferrer\">Ko\u015bcio\u0142y Pokoju w Jaworze i \u015awidnicy<\/a><\/li>\n<li><a href=\"https:\/\/zabytek.pl\/pl\/obiekty\/drewniane-koscioly-poludniowej-malopolski\" target=\"_blank\" rel=\"noopener noreferrer\">Drewniane ko\u015bcio\u0142y po\u0142udniowej Ma\u0142opolski<\/a><\/li>\n<li><a href=\"https:\/\/zabytek.pl\/pl\/obiekty\/leknica-muskauer-park-park-muzakowski-2\" target=\"_blank\" rel=\"noopener noreferrer\">Muskauer Park \/ Park Mu\u017cakowski<\/a><\/li>\n<li><a href=\"https:\/\/zabytek.pl\/pl\/obiekty\/wroclaw-hala-stulecia-we-wroclawiu-2\" target=\"_blank\" rel=\"noopener noreferrer\">Hala Stulecia we Wroc\u0142awiu<\/a><\/li>\n<li><a href=\"https:\/\/zabytek.pl\/pl\/obiekty\/drewniane-cerkwie-w-polskim-i-ukrainskim-regionie-karpat\" target=\"_blank\" rel=\"noopener noreferrer\">Drewniane cerkwie w polskim i ukrai\u0144skim regionie Karpat<\/a><\/li>\n<li><a href=\"https:\/\/zabytek.pl\/pl\/obiekty\/tarnowskie-gory-tarnowskie-gory-kopalnia-rud-olowiu-srebra-i-c\" target=\"_blank\" rel=\"noopener noreferrer\" title=\"Link zostanie otwarty w nowy oknie\">Kopalnie rud o\u0142owiu, srebra i cynku wraz z systemem gospodarowania wodami podziemnymi w Tarnowskich G\u00f3rach<\/a><\/li>\n<li><a href=\"https:\/\/zabytek.pl\/pl\/obiekty\/g-298387\" target=\"_blank\" rel=\"noopener noreferrer\">Krzemionkowski region pradziejowego g\u00f3rnictwa krzemienia pasiastego<\/a><\/li>\n<li><a href=\"https:\/\/zabytek.pl\/pl\/obiekty\/pradawne-i-pierwotne-lasy-bukowe-w-karpatach-i-innych\" target=\"_blank\" rel=\"noopener noreferrer\">Pradawne i pierwotne lasy bukowe w Karpatach i innych regionach Europy<\/a><\/li>\n<\/ol>\n<p>[\/et_pb_text][\/et_pb_column][\/et_pb_row][et_pb_row _builder_version=&#8221;4.16&#8243; _module_preset=&#8221;default&#8221; width=&#8221;100%&#8221; max_width=&#8221;100%&#8221; custom_padding=&#8221;50px|50px|50px|50px|false|false&#8221; global_colors_info=&#8221;{}&#8221;][et_pb_column type=&#8221;4_4&#8243; _builder_version=&#8221;4.16&#8243; _module_preset=&#8221;default&#8221; global_colors_info=&#8221;{}&#8221;][et_pb_text module_id=&#8221;backButtonBox&#8221; _builder_version=&#8221;4.7.4&#8243; _module_preset=&#8221;default&#8221; custom_margin=&#8221;0px|0px|0px|0px|false|false&#8221; custom_padding=&#8221;0px|0px|0px|0px|false|false&#8221; global_module=&#8221;2594&#8243; locked=&#8221;off&#8221; global_colors_info=&#8221;{}&#8221;]<\/p>\n<div class=\"backButton\" onclick=\"javascript:window.history.back();\"><span>\u2190<\/span>Powr\u00f3t<\/div>\n<p>[\/et_pb_text][et_pb_text _builder_version=&#8221;4.16&#8243; _module_preset=&#8221;default&#8221; locked=&#8221;off&#8221; global_colors_info=&#8221;{}&#8221;]<\/p>\n<p><strong>News<\/strong><\/p>\n<p>[\/et_pb_text][et_pb_blog posts_number=&#8221;4&#8243; include_categories=&#8221;91&#8243; excerpt_length=&#8221;150&#8243; show_author=&#8221;off&#8221; show_categories=&#8221;off&#8221; module_class=&#8221;specialPosts&#8221; _builder_version=&#8221;4.22.1&#8243; _module_preset=&#8221;default&#8221; header_font=&#8221;|600|||||||&#8221; header_text_color=&#8221;#e52330&#8243; header_font_size=&#8221;19px&#8221; header_line_height=&#8221;1.2em&#8221; body_text_color=&#8221;#000000&#8243; meta_font=&#8221;||||||||&#8221; meta_text_color=&#8221;#9b9b9b&#8221; read_more_font=&#8221;|700||||on|||&#8221; read_more_text_color=&#8221;#000000&#8243; custom_margin=&#8221;-32px|||||&#8221; custom_padding=&#8221;||||false|false&#8221; custom_css_main_element=&#8221;column-count: 4;||column-gap: 25px;&#8221; global_module=&#8221;14043&#8243; saved_tabs=&#8221;all&#8221; locked=&#8221;off&#8221; global_colors_info=&#8221;{}&#8221; custom_css_main_element_last_edited=&#8221;on|phone&#8221; custom_css_main_element_tablet=&#8221;column-count: 2;||column-gap: 25px;&#8221; custom_css_main_element_phone=&#8221;column-count: 1;||column-gap: 0px;&#8221;][\/et_pb_blog][\/et_pb_column][\/et_pb_row][\/et_pb_section][et_pb_section fb_built=&#8221;1&#8243; _builder_version=&#8221;4.7.4&#8243; _module_preset=&#8221;default&#8221; custom_margin=&#8221;43px||||false|false&#8221; custom_padding=&#8221;0px||0px||false|false&#8221; global_module=&#8221;353&#8243; saved_tabs=&#8221;all&#8221; global_colors_info=&#8221;{}&#8221;][et_pb_row column_structure=&#8221;1_3,1_3,1_3&#8243; use_custom_gutter=&#8221;on&#8221; gutter_width=&#8221;1&#8243; _builder_version=&#8221;4.16&#8243; _module_preset=&#8221;default&#8221; background_color=&#8221;rgba(0,0,0,0)&#8221; width=&#8221;100%&#8221; max_width=&#8221;2560px&#8221; custom_padding=&#8221;0px||0px||false|false&#8221; global_colors_info=&#8221;{}&#8221;][et_pb_column type=&#8221;1_3&#8243; _builder_version=&#8221;4.16&#8243; _module_preset=&#8221;default&#8221; background_color=&#8221;#e52330&#8243; global_colors_info=&#8221;{}&#8221;][et_pb_blurb title=&#8221;Logotypy NID&#8221; url_new_window=&#8221;on&#8221; use_icon=&#8221;on&#8221; font_icon=&#8221;&#xe004;||divi||400&#8243; icon_placement=&#8221;left&#8221; image_icon_width=&#8221;50px&#8221; module_class=&#8221;bigButtonModules&#8221; _builder_version=&#8221;4.27.2&#8243; _module_preset=&#8221;default&#8221; header_level=&#8221;h3&#8243; header_font=&#8221;|700|||||||&#8221; header_text_color=&#8221;#ffffff&#8221; body_text_color=&#8221;#ffffff&#8221; background_color=&#8221;#E52330&#8243; custom_margin=&#8221;||||false|false&#8221; custom_padding=&#8221;25px|25px|25px|25px|false|false&#8221; animation=&#8221;off&#8221; link_option_url=&#8221;https:\/\/nid.pl\/logotypy\/&#8221; link_option_url_new_window=&#8221;on&#8221; custom_css_blurb_image=&#8221;padding-right: 20px;||vertical-align: middle;&#8221; icon_font_size=&#8221;50px&#8221; global_colors_info=&#8221;{}&#8221;]<\/p>\n<p>Pobierz znaki promocyjne <br \/>Narodowego Instytutu Dziedzictwa<\/p>\n<p>[\/et_pb_blurb][\/et_pb_column][et_pb_column type=&#8221;1_3&#8243; _builder_version=&#8221;4.16&#8243; _module_preset=&#8221;default&#8221; background_color=&#8221;#e52330&#8243; global_colors_info=&#8221;{}&#8221;][et_pb_code _builder_version=&#8221;4.23.2&#8243; _module_preset=&#8221;default&#8221; global_colors_info=&#8221;{}&#8221;][\/et_pb_code][et_pb_blurb title=&#8221;Ksi\u0119garnia NID&#8221; url_new_window=&#8221;on&#8221; use_icon=&#8221;on&#8221; font_icon=&#8221;&#xe022;||divi||400&#8243; icon_placement=&#8221;left&#8221; image_icon_width=&#8221;50px&#8221; module_class=&#8221;bigButtonModules&#8221; _builder_version=&#8221;4.16&#8243; _module_preset=&#8221;default&#8221; header_level=&#8221;h3&#8243; header_font=&#8221;|700|||||||&#8221; header_text_color=&#8221;#ffffff&#8221; body_text_color=&#8221;#ffffff&#8221; background_color=&#8221;#444444&#8243; custom_margin=&#8221;||||false|false&#8221; custom_padding=&#8221;25px|25px|25px|25px|false|false&#8221; animation=&#8221;off&#8221; link_option_url=&#8221;https:\/\/ksiegarnia.nid.pl\/&#8221; link_option_url_new_window=&#8221;on&#8221; custom_css_blurb_image=&#8221;padding-right: 20px;||vertical-align: middle;&#8221; icon_font_size=&#8221;50px&#8221; global_colors_info=&#8221;{}&#8221;]<\/p>\n<p>Sprawd\u017a nasze produkty w ksi\u0119garni. Zamawiaj bez wychodzenia z domu ju\u017c teraz!<\/p>\n<p>[\/et_pb_blurb][\/et_pb_column][et_pb_column type=&#8221;1_3&#8243; _builder_version=&#8221;4.16&#8243; _module_preset=&#8221;default&#8221; background_color=&#8221;#e52330&#8243; global_colors_info=&#8221;{}&#8221;][et_pb_blurb title=&#8221;Zabytek.pl&#8221; url_new_window=&#8221;on&#8221; image=&#8221;https:\/\/nid.pl\/wp-content\/uploads\/2025\/12\/zabytek.pl_favicona_sm.png&#8221; icon_placement=&#8221;left&#8221; image_icon_width=&#8221;50px&#8221; module_class=&#8221;bigButtonModules&#8221; _builder_version=&#8221;4.27.5&#8243; _module_preset=&#8221;default&#8221; header_level=&#8221;h3&#8243; header_font=&#8221;|700|||||||&#8221; header_text_color=&#8221;#ffffff&#8221; body_text_color=&#8221;#ffffff&#8221; background_color=&#8221;#6b6b6b&#8221; custom_margin=&#8221;||||false|false&#8221; custom_padding=&#8221;25px|25px|25px|25px|false|false&#8221; animation=&#8221;off&#8221; link_option_url=&#8221;https:\/\/zabytek.pl\/pl&#8221; link_option_url_new_window=&#8221;on&#8221; custom_css_blurb_image=&#8221;padding-right: 20px;||vertical-align: middle;&#8221; icon_font_size=&#8221;50px&#8221; global_colors_info=&#8221;{}&#8221;]<\/p>\n<p>Serwis Narodowego Instytutu Dziedzictwa, kt\u00f3ry w nowoczesny i kompleksowy spos\u00f3b udost\u0119pnia informacje o polskich zabytkach!<\/p>\n<p>[\/et_pb_blurb][\/et_pb_column][\/et_pb_row][\/et_pb_section]<\/p>","protected":false},"excerpt":{"rendered":"<p>\u2190Powr\u00f3t Ze wzgl\u0119du na zmiany i\u00a0zniszczenia, jakie niesie ewolucja spo\u0142eczna i\u00a0gospodarcza na \u015bwiecie uznano, \u017ce dziedzictwo kulturowe i\u00a0przyrodnicze jest coraz bardziej zagro\u017cone. W\u00a0celu zapobie\u017cenia tej tendencji opracowano Konwencj\u0119 w\u00a0sprawie ochrony [&hellip;]<\/p>","protected":false},"author":1,"featured_media":0,"parent":0,"menu_order":0,"comment_status":"closed","ping_status":"closed","template":"","meta":{"_et_pb_use_builder":"on","_et_pb_old_content":"","_et_gb_content_width":"","_monsterinsights_skip_tracking":false,"_monsterinsights_sitenote_active":false,"_monsterinsights_sitenote_note":"","_monsterinsights_sitenote_category":0,"footnotes":""},"class_list":["post-1488","page","type-page","status-publish","hentry"],"yoast_head":"<!-- This site is optimized with the Yoast SEO plugin v26.5 - https:\/\/yoast.com\/wordpress\/plugins\/seo\/ -->\n<title>\u015awiatowe dziedzictwo - NID<\/title>\n<meta name=\"robots\" content=\"index, follow, max-snippet:-1, max-image-preview:large, max-video-preview:-1\" \/>\n<link rel=\"canonical\" href=\"https:\/\/nid.pl\/en\/swiatowe-dziedzictwo\/\" \/>\n<meta property=\"og:locale\" content=\"en_GB\" \/>\n<meta property=\"og:type\" content=\"article\" \/>\n<meta property=\"og:title\" content=\"\u015awiatowe dziedzictwo - NID\" \/>\n<meta property=\"og:description\" content=\"\u2190Powr\u00f3t Ze wzgl\u0119du na zmiany i\u00a0zniszczenia, jakie niesie ewolucja spo\u0142eczna i\u00a0gospodarcza na \u015bwiecie uznano, \u017ce dziedzictwo kulturowe i\u00a0przyrodnicze jest coraz bardziej zagro\u017cone. W\u00a0celu zapobie\u017cenia tej tendencji opracowano Konwencj\u0119 w\u00a0sprawie ochrony [&hellip;]\" \/>\n<meta property=\"og:url\" content=\"https:\/\/nid.pl\/en\/swiatowe-dziedzictwo\/\" \/>\n<meta property=\"og:site_name\" content=\"NID\" \/>\n<meta property=\"article:publisher\" content=\"https:\/\/www.facebook.com\/zabytek\" \/>\n<meta property=\"article:modified_time\" content=\"2026-01-22T20:05:42+00:00\" \/>\n<meta name=\"twitter:card\" content=\"summary_large_image\" \/>\n<meta name=\"twitter:site\" content=\"@NarIDpl\" \/>\n<meta name=\"twitter:label1\" content=\"Estimated reading time\" \/>\n\t<meta name=\"twitter:data1\" content=\"7 minutes\" \/>\n<script type=\"application\/ld+json\" class=\"yoast-schema-graph\">{\"@context\":\"https:\/\/schema.org\",\"@graph\":[{\"@type\":\"WebPage\",\"@id\":\"https:\/\/nid.pl\/swiatowe-dziedzictwo\/\",\"url\":\"https:\/\/nid.pl\/swiatowe-dziedzictwo\/\",\"name\":\"\u015awiatowe dziedzictwo - NID\",\"isPartOf\":{\"@id\":\"https:\/\/nid.pl\/#website\"},\"datePublished\":\"2021-06-24T11:14:39+00:00\",\"dateModified\":\"2026-01-22T20:05:42+00:00\",\"breadcrumb\":{\"@id\":\"https:\/\/nid.pl\/swiatowe-dziedzictwo\/#breadcrumb\"},\"inLanguage\":\"en-GB\",\"potentialAction\":[{\"@type\":\"ReadAction\",\"target\":[\"https:\/\/nid.pl\/swiatowe-dziedzictwo\/\"]}]},{\"@type\":\"BreadcrumbList\",\"@id\":\"https:\/\/nid.pl\/swiatowe-dziedzictwo\/#breadcrumb\",\"itemListElement\":[{\"@type\":\"ListItem\",\"position\":1,\"name\":\"Home\",\"item\":\"https:\/\/nid.pl\/\"},{\"@type\":\"ListItem\",\"position\":2,\"name\":\"\u015awiatowe dziedzictwo\"}]},{\"@type\":\"WebSite\",\"@id\":\"https:\/\/nid.pl\/#website\",\"url\":\"https:\/\/nid.pl\/\",\"name\":\"NID\",\"description\":\"Narodowy Instytut Dziedzictwa\",\"publisher\":{\"@id\":\"https:\/\/nid.pl\/#organization\"},\"potentialAction\":[{\"@type\":\"SearchAction\",\"target\":{\"@type\":\"EntryPoint\",\"urlTemplate\":\"https:\/\/nid.pl\/?s={search_term_string}\"},\"query-input\":{\"@type\":\"PropertyValueSpecification\",\"valueRequired\":true,\"valueName\":\"search_term_string\"}}],\"inLanguage\":\"en-GB\"},{\"@type\":\"Organization\",\"@id\":\"https:\/\/nid.pl\/#organization\",\"name\":\"Narodowy Instytut Dziedzictwa\",\"url\":\"https:\/\/nid.pl\/\",\"logo\":{\"@type\":\"ImageObject\",\"inLanguage\":\"en-GB\",\"@id\":\"https:\/\/nid.pl\/#\/schema\/logo\/image\/\",\"url\":\"https:\/\/nid.pl\/wp-content\/uploads\/2022\/10\/logoRedDark.png\",\"contentUrl\":\"https:\/\/nid.pl\/wp-content\/uploads\/2022\/10\/logoRedDark.png\",\"width\":200,\"height\":197,\"caption\":\"Narodowy Instytut Dziedzictwa\"},\"image\":{\"@id\":\"https:\/\/nid.pl\/#\/schema\/logo\/image\/\"},\"sameAs\":[\"https:\/\/www.facebook.com\/zabytek\",\"https:\/\/x.com\/NarIDpl\",\"https:\/\/www.instagram.com\/nid.pl\/?hl=pl\",\"https:\/\/www.linkedin.com\/company\/narodowy-instytut-dziedzictwa\",\"https:\/\/www.youtube.com\/channel\/UCQXuhKa2uHtmNvLRUSx40JA\"]}]}<\/script>\n<!-- \/ Yoast SEO plugin. -->","yoast_head_json":{"title":"\u015awiatowe dziedzictwo - NID","robots":{"index":"index","follow":"follow","max-snippet":"max-snippet:-1","max-image-preview":"max-image-preview:large","max-video-preview":"max-video-preview:-1"},"canonical":"https:\/\/nid.pl\/en\/swiatowe-dziedzictwo\/","og_locale":"en_GB","og_type":"article","og_title":"\u015awiatowe dziedzictwo - NID","og_description":"\u2190Powr\u00f3t Ze wzgl\u0119du na zmiany i\u00a0zniszczenia, jakie niesie ewolucja spo\u0142eczna i\u00a0gospodarcza na \u015bwiecie uznano, \u017ce dziedzictwo kulturowe i\u00a0przyrodnicze jest coraz bardziej zagro\u017cone. W\u00a0celu zapobie\u017cenia tej tendencji opracowano Konwencj\u0119 w\u00a0sprawie ochrony [&hellip;]","og_url":"https:\/\/nid.pl\/en\/swiatowe-dziedzictwo\/","og_site_name":"NID","article_publisher":"https:\/\/www.facebook.com\/zabytek","article_modified_time":"2026-01-22T20:05:42+00:00","twitter_card":"summary_large_image","twitter_site":"@NarIDpl","twitter_misc":{"Estimated reading time":"7 minutes"},"schema":{"@context":"https:\/\/schema.org","@graph":[{"@type":"WebPage","@id":"https:\/\/nid.pl\/swiatowe-dziedzictwo\/","url":"https:\/\/nid.pl\/swiatowe-dziedzictwo\/","name":"\u015awiatowe dziedzictwo - NID","isPartOf":{"@id":"https:\/\/nid.pl\/#website"},"datePublished":"2021-06-24T11:14:39+00:00","dateModified":"2026-01-22T20:05:42+00:00","breadcrumb":{"@id":"https:\/\/nid.pl\/swiatowe-dziedzictwo\/#breadcrumb"},"inLanguage":"en-GB","potentialAction":[{"@type":"ReadAction","target":["https:\/\/nid.pl\/swiatowe-dziedzictwo\/"]}]},{"@type":"BreadcrumbList","@id":"https:\/\/nid.pl\/swiatowe-dziedzictwo\/#breadcrumb","itemListElement":[{"@type":"ListItem","position":1,"name":"Home","item":"https:\/\/nid.pl\/"},{"@type":"ListItem","position":2,"name":"\u015awiatowe dziedzictwo"}]},{"@type":"WebSite","@id":"https:\/\/nid.pl\/#website","url":"https:\/\/nid.pl\/","name":"NID","description":"Narodowy Instytut Dziedzictwa","publisher":{"@id":"https:\/\/nid.pl\/#organization"},"potentialAction":[{"@type":"SearchAction","target":{"@type":"EntryPoint","urlTemplate":"https:\/\/nid.pl\/?s={search_term_string}"},"query-input":{"@type":"PropertyValueSpecification","valueRequired":true,"valueName":"search_term_string"}}],"inLanguage":"en-GB"},{"@type":"Organization","@id":"https:\/\/nid.pl\/#organization","name":"Narodowy Instytut Dziedzictwa","url":"https:\/\/nid.pl\/","logo":{"@type":"ImageObject","inLanguage":"en-GB","@id":"https:\/\/nid.pl\/#\/schema\/logo\/image\/","url":"https:\/\/nid.pl\/wp-content\/uploads\/2022\/10\/logoRedDark.png","contentUrl":"https:\/\/nid.pl\/wp-content\/uploads\/2022\/10\/logoRedDark.png","width":200,"height":197,"caption":"Narodowy Instytut Dziedzictwa"},"image":{"@id":"https:\/\/nid.pl\/#\/schema\/logo\/image\/"},"sameAs":["https:\/\/www.facebook.com\/zabytek","https:\/\/x.com\/NarIDpl","https:\/\/www.instagram.com\/nid.pl\/?hl=pl","https:\/\/www.linkedin.com\/company\/narodowy-instytut-dziedzictwa","https:\/\/www.youtube.com\/channel\/UCQXuhKa2uHtmNvLRUSx40JA"]}]}},"_links":{"self":[{"href":"https:\/\/nid.pl\/en\/wp-json\/wp\/v2\/pages\/1488","targetHints":{"allow":["GET"]}}],"collection":[{"href":"https:\/\/nid.pl\/en\/wp-json\/wp\/v2\/pages"}],"about":[{"href":"https:\/\/nid.pl\/en\/wp-json\/wp\/v2\/types\/page"}],"author":[{"embeddable":true,"href":"https:\/\/nid.pl\/en\/wp-json\/wp\/v2\/users\/1"}],"replies":[{"embeddable":true,"href":"https:\/\/nid.pl\/en\/wp-json\/wp\/v2\/comments?post=1488"}],"version-history":[{"count":1,"href":"https:\/\/nid.pl\/en\/wp-json\/wp\/v2\/pages\/1488\/revisions"}],"predecessor-version":[{"id":31707,"href":"https:\/\/nid.pl\/en\/wp-json\/wp\/v2\/pages\/1488\/revisions\/31707"}],"wp:attachment":[{"href":"https:\/\/nid.pl\/en\/wp-json\/wp\/v2\/media?parent=1488"}],"curies":[{"name":"wp","href":"https:\/\/api.w.org\/{rel}","templated":true}]}}