{"id":1482,"date":"2021-06-24T13:12:50","date_gmt":"2021-06-24T11:12:50","guid":{"rendered":"https:\/\/nid.pl\/?page_id=1482"},"modified":"2025-04-09T14:26:08","modified_gmt":"2025-04-09T12:26:08","slug":"badania-spoleczne","status":"publish","type":"page","link":"https:\/\/nid.pl\/en\/zasoby\/badania-spoleczne\/","title":{"rendered":"Badania spo\u0142eczne"},"content":{"rendered":"<p>[et_pb_section fb_built=&#8221;1&#8243; _builder_version=&#8221;4.16&#8243; _module_preset=&#8221;default&#8221; custom_padding=&#8221;0px||0px|||&#8221; global_colors_info=&#8221;{}&#8221;][et_pb_row _builder_version=&#8221;4.16&#8243; _module_preset=&#8221;default&#8221; background_image=&#8221;https:\/\/nid.pl\/wp-content\/uploads\/2021\/11\/Dziaa\u0328alnoe\u0307U\u0308-Spotkanie-opiekunE\u0328w-PomnikE\u0328w-historii.jpg&#8221; width=&#8221;100%&#8221; max_width=&#8221;100%&#8221; height=&#8221;400px&#8221; custom_margin=&#8221;|auto||auto|false|false&#8221; custom_padding=&#8221;0px||0px|||&#8221; global_colors_info=&#8221;{}&#8221;][et_pb_column type=&#8221;4_4&#8243; _builder_version=&#8221;4.16&#8243; _module_preset=&#8221;default&#8221; global_colors_info=&#8221;{}&#8221;][\/et_pb_column][\/et_pb_row][\/et_pb_section][et_pb_section fb_built=&#8221;1&#8243; _builder_version=&#8221;4.16&#8243; _module_preset=&#8221;default&#8221; custom_padding=&#8221;0px|0px|0px|0px|false|false&#8221; global_colors_info=&#8221;{}&#8221;][et_pb_row _builder_version=&#8221;4.16&#8243; _module_preset=&#8221;default&#8221; width=&#8221;100%&#8221; max_width=&#8221;100%&#8221; custom_padding=&#8221;50px|50px|50px|50px|false|false&#8221; global_colors_info=&#8221;{}&#8221;][et_pb_column type=&#8221;4_4&#8243; _builder_version=&#8221;4.16&#8243; _module_preset=&#8221;default&#8221; global_colors_info=&#8221;{}&#8221;][et_pb_text module_id=&#8221;backButtonBox&#8221; _builder_version=&#8221;4.7.4&#8243; _module_preset=&#8221;default&#8221; custom_margin=&#8221;0px|0px|0px|0px|false|false&#8221; custom_padding=&#8221;0px|0px|0px|0px|false|false&#8221; global_module=&#8221;2594&#8243; locked=&#8221;off&#8221; global_colors_info=&#8221;{}&#8221;]<\/p>\n<div class=\"backButton\" onclick=\"javascript:window.history.back();\"><span>\u2190<\/span>Powr\u00f3t<\/div>\n<p>[\/et_pb_text][et_pb_text _builder_version=&#8221;4.16&#8243; _dynamic_attributes=&#8221;content&#8221; _module_preset=&#8221;default&#8221; text_font_size=&#8221;26px&#8221; custom_margin=&#8221;||25px||false|false&#8221; custom_padding=&#8221;||||false|false&#8221; global_colors_info=&#8221;{}&#8221;]@ET-DC@eyJkeW5hbWljIjp0cnVlLCJjb250ZW50IjoicG9zdF90aXRsZSIsInNldHRpbmdzIjp7ImJlZm9yZSI6IiIsImFmdGVyIjoiIn19@[\/et_pb_text][et_pb_divider _builder_version=&#8221;4.16&#8243; _module_preset=&#8221;default&#8221; background_color=&#8221;#e52330&#8243; height=&#8221;5px&#8221; custom_margin=&#8221;0px||25px||false|false&#8221; custom_padding=&#8221;0px||0px||false|false&#8221; global_colors_info=&#8221;{}&#8221;][\/et_pb_divider][et_pb_text _builder_version=&#8221;4.27.4&#8243; _module_preset=&#8221;default&#8221; hover_enabled=&#8221;0&#8243; global_colors_info=&#8221;{}&#8221; sticky_enabled=&#8221;0&#8243;]<\/p>\n<p>Narodowy Instytut Dziedzictwa prowadzi dzia\u0142ania maj\u0105ce na celu powi\u0119kszanie zasobu danych o dziedzictwie i rozwijanie bada\u0144 z wykorzystaniem tych danych. Nowym w skali kraju podej\u015bciem jest projekt wspierania bada\u0144 w naukach humanistycznych, nie zwi\u0105zanych bezpo\u015brednio z ochron\u0105 dziedzictwa, a skupiaj\u0105cych si\u0119 na dziedzinach \u017cycia, w kt\u00f3rych dziedzictwo jest obecne. S\u0105 to dyscypliny ekonomiczne, socjologiczne itp. Naszym celem jest zwi\u0119kszanie wiedzy na temat dziedzictwa i jego roli w \u017cyciu spo\u0142ecznym oraz rozw\u00f3j bada\u0144 w tym zakresie. Jednym z takich dzia\u0142a\u0144 jest realizacja bada\u0144 spo\u0142ecznych i statystycznych dotycz\u0105cych r\u00f3\u017cnych aspekt\u00f3w dziedzictwa. Wyniki tych bada\u0144 s\u0105 analizowane, wykorzystywane w realizacji kolejnych zada\u0144 Instytutu (np. do projektowania celowanych kampanii spo\u0142ecznych) i systematycznie publikowane. Zale\u017cy nam, aby w\u0142adze na poziomie centralnym, regionalnym i lokalnym podejmowa\u0142y decyzje odno\u015bcie dziedzictwa w oparciu o dane, kt\u00f3rych zas\u00f3b b\u0119dzie si\u0119 powi\u0119ksza\u0142 dzi\u0119ki rozwojowi bada\u0144 akademickich. Dlatego wyniki naszych bada\u0144 spo\u0142ecznych konsekwentnie udost\u0119pniamy, aby mog\u0142y by\u0107 wykorzystywane przez \u015brodowiska akademickie.<\/p>\n<p>Jednym z kierunk\u00f3w tej dzia\u0142alno\u015bci jest tworzenie we wsp\u00f3\u0142pracy z Instytutem Socjologii Uniwersytetu Jagiello\u0144skiego serii wydawniczej \u201eDziedzictwo kulturowe w badaniach\u201d.<\/p>\n<p><strong><u>Zach\u0119camy do korzystania z poni\u017cszych opracowa\u0144 i raport\u00f3w:<\/u><\/strong><\/p>\n<p><strong><u><\/u><\/strong><\/p>\n<ol>\n<li><a href=\"https:\/\/nid.pl\/wp-content\/uploads\/2021\/11\/Raport-metodologiczny_DoM_Wywiad-kwestionariuszony-w-Polsce.pdf\" target=\"_blank\" rel=\"noopener noreferrer\" title=\"Plik zostanie otwarty w nowym oknie\">RAPORT METODOLOGICZNY Z PRZEPROWADZONEGO BADANIA &#8211; Dziedzictwo obok Mnie \u2013 Polacy i Norwedzy wobec lokalnego dziedzictwa kulturowego. Wywiad\u00a0 w Polsce<\/a>.<\/li>\n<li><a href=\"https:\/\/nid.pl\/wp-content\/uploads\/2021\/11\/wdrazanie-GPOnZ_raport-final.docx\" target=\"_blank\" rel=\"noopener noreferrer\" title=\"Plik zostanie otwarty w nowym oknie\">Fundacja Socjometr Laboratorium Rozwi\u0105za\u0144 Spo\u0142ecznych &#8211; Tworzenie i wdra\u017canie Gminnych Program\u00f3w Opieki nad Zabytkami (GPOnZ) &#8211; Raport z og\u00f3lnopolskich bada\u0144 spo\u0142ecznych.<\/a><\/li>\n<li><a href=\"https:\/\/nid.pl\/wp-content\/uploads\/2023\/01\/Badanie-wiedzy-i-swiadomosci-Polakow-dotyczace-dziedzictwa-archeologicznego.pdf\">Badanie wiedzy i \u015bwiadomo\u015bci Polak\u00f3w dotycz\u0105cych dziedzictwa archeologicznego \u2013 raport z badania.<\/a><\/li>\n<li><a href=\"https:\/\/nid.pl\/wp-content\/uploads\/2021\/11\/Zapotrzebowanie-gmin-na-oferte-CK-ds-rewitalizacji.pdf\" target=\"_blank\" rel=\"noopener noreferrer\" title=\"Plik zostanie otwarty w nowym oknie\">Badanie zapotrzebowania gmin na ofert\u0119 Centr\u00f3w Kompetencji ds. rewitalizacji Narodowego Instytutu Dziedzictwa.<\/a><\/li>\n<li><a href=\"https:\/\/nid.pl\/wp-content\/uploads\/2021\/07\/Polacy-wobec-dziedzictwa.-Raport-z-badan-spolecznych.pdf\" target=\"_blank\" rel=\"noopener noreferrer\" title=\"Plik zostanie otwarty w nowym oknie\">Dziedzictwo kulturowe w badaniach. Tom 1: Polacy wobec dziedzictwa. Raport z bada\u0144 spo\u0142ecznych.<\/a><\/li>\n<li><a href=\"https:\/\/nid.pl\/wp-content\/uploads\/2021\/07\/Polish-civil-society-and-the-Faro-Convention_Final_A-Chabiera_01.02.-2021.pdf\" target=\"_blank\" rel=\"noopener noreferrer\" title=\"Plik zostanie otwarty w nowym oknie\">Polish civil society and the aims of the Faro Convention.<\/a><\/li>\n<li><a href=\"https:\/\/nid.pl\/wp-content\/uploads\/2021\/12\/Raport-koncowy-z-badania-archeologow_TemboLab.pdf\" target=\"_blank\" rel=\"noopener noreferrer\" title=\"Plik zostanie otwarty w nowym oknie\">Raport z badania \u015bwiadomo\u015bci potrzeby i zakresu realizacji dzia\u0142a\u0144 popularyzatorskich dotycz\u0105cych dziedzictwa archeologicznego w\u015br\u00f3d \u015brodowisk archeologicznych<\/a><\/li>\n<li><a href=\"https:\/\/nid.pl\/wp-content\/uploads\/2021\/12\/2015-RAPORT_NID-Klon_Jawor-samorzad_ngo.pdf\" target=\"_blank\" rel=\"noopener noreferrer\" title=\"Plik zostanie otwarty w nowym oknie\">Dzia\u0142ania organizacji pozarz\u0105dowych oraz samorz\u0105d\u00f3w w obszarze dziedzictwa kulturowego: wsp\u00f3\u0142praca, potrzeby, zaanga\u017cowanie wolontariuszy<\/a><\/li>\n<li><a href=\"https:\/\/nid.pl\/wp-content\/uploads\/2021\/12\/RAPORT_GUS_Ochrona-zabytkow-i-opieka-nad-zabytkami-w-gminach_2019.pdf\" target=\"_blank\" rel=\"noopener noreferrer\" title=\"Plik zostanie otwarty w nowym oknie\">Raport GUS: Ochrona zabytk\u00f3w i opieka nad zabytkami w gminach 2019<\/a><\/li>\n<li><a href=\"https:\/\/nid.pl\/wp-content\/uploads\/2021\/12\/Dziedzictwo-kulturowe-w-badaniach.pdf\" target=\"_blank\" rel=\"noopener noreferrer\" title=\"Plik zostanie otwarty w nowym oknie\">Dziedzictwo kulturowe w badaniach. Tom 2: Rozw\u00f3j lokalny i strategiczne zarz\u0105dzanie rozwojem gminy w oparciu o dziedzictwo kulturowe<\/a><\/li>\n<li><a href=\"https:\/\/nid.pl\/wp-content\/uploads\/2021\/12\/NID_Poradnik-dla-promotorow-dziedzictwa_Segmentacja-Polakow-wobec-dziedzictwa_27.04.2021.pdf\" target=\"_blank\" rel=\"noopener noreferrer\" title=\"Plik zostanie otwarty w nowym oknie\">Poradnik dla promotor\u00f3w dziedzictwa Segmentacja Polak\u00f3w wobec dziedzictwa<\/a><\/li>\n<li><a href=\"https:\/\/nid.pl\/wp-content\/uploads\/2021\/12\/NID_infografika_Segmentacja-Polako\u0301w-wobec-dziedzictwa_27.04.2021.pdf\" target=\"_blank\" rel=\"noopener noreferrer\" title=\"Plik zostanie otwarty w nowym oknie\">Segmentacja Polak\u00f3w wobec dziedzictwa (wyniki badania)<\/a><\/li>\n<li><a href=\"https:\/\/nid.pl\/dopobrania\/KSIEGARNIA\/DKwB\/Dziedzictwo-kulturowe-w-badaniach_t3.pdf\" target=\"_blank\" rel=\"noopener\" title=\"Link zostanie otwarty w nowym oknie\">Dziedzictwo kulturowe w badaniach. Tom 3: Spo\u0142eczno-ekonomiczne oddzia\u0142ywanie dziedzictwa kulturowego Stan bada\u0144 oraz perspektywy i potrzeby badawcze w kontek\u015bcie polskim<\/a>.<\/li>\n<li><a href=\"https:\/\/nid.pl\/wp-content\/uploads\/2022\/05\/Analiza-polskich-naukowcow-zajmujacych-sie-badaniem-dziedzictwa-kulturowego-jako-zasobu-rozwojowego.pdf\" target=\"_blank\" rel=\"noopener\" title=\"Dokument zostanie otwarty w nowym oknie\">Analiza polskich naukowc\u00f3w zajmuj\u0105cych si\u0119 badaniem dziedzictwa kulturowego jako zasobu rozwojowego<\/a>\u00a0 +\u00a0 <a href=\"https:\/\/nid.pl\/wp-content\/uploads\/2022\/05\/Analiza-polskich-naukowcow-zajmujacych-sie-badaniem-dziedzictwa-kulturowego-jako-zasobu-rozwojowgo_zalaczniki-do-badania.pdf\" target=\"_blank\" rel=\"noopener\" title=\"Dokument zostanie otwarty w nowym oknie\">Za\u0142\u0105czniki do badania<\/a><\/li>\n<li><a href=\"https:\/\/nid.pl\/wp-content\/uploads\/2024\/08\/Stosunek-Polakow-do-zabytkow-innych-kultur-na-terenie-Polski.pdf\" target=\"_blank\" rel=\"noopener\">Raport z bada\u0144 \u201eStosunek Polak\u00f3w do zabytk\u00f3w innych kultur na terenie Polski\u201d (PBS)<\/a><\/li>\n<li><a href=\"https:\/\/nid.pl\/wp-content\/uploads\/2024\/08\/Przeszlosc-w-sluzbie-przyszlosci_Raport.pdf\" target=\"_blank\" rel=\"noopener\">Raport z bada\u0144 \u201ePrzesz\u0142o\u015b\u0107 w s\u0142u\u017cbie przysz\u0142o\u015bci\u201d (Ipsos)<\/a><\/li>\n<li><a href=\"https:\/\/nid.pl\/wp-content\/uploads\/2024\/08\/Polacy-wobec-zabytkow_Raport-ipsos.pdf\" target=\"_blank\" rel=\"noopener\">Raport z bada\u0144 &#8220;Polacy wobec zabytk\u00f3w&#8221; (Ipsos)<\/a><\/li>\n<li><a href=\"https:\/\/nid.pl\/wp-content\/uploads\/2025\/04\/Dziedzictwo-w-antropocenie.pdf\" target=\"_blank\" rel=\"noopener\">Dziedzictwo w antropocenie. Wp\u0142yw zmian klimatu na pomniki historii \u2013 skr\u00f3cony raport z badania.<\/a><\/li>\n<\/ol>\n<p>[\/et_pb_text][\/et_pb_column][\/et_pb_row][\/et_pb_section][et_pb_section fb_built=&#8221;1&#8243; _builder_version=&#8221;4.7.4&#8243; _module_preset=&#8221;default&#8221; custom_margin=&#8221;43px||||false|false&#8221; custom_padding=&#8221;0px||0px||false|false&#8221; global_module=&#8221;353&#8243; saved_tabs=&#8221;all&#8221; global_colors_info=&#8221;{}&#8221;][et_pb_row column_structure=&#8221;1_3,1_3,1_3&#8243; use_custom_gutter=&#8221;on&#8221; gutter_width=&#8221;1&#8243; _builder_version=&#8221;4.16&#8243; _module_preset=&#8221;default&#8221; background_color=&#8221;rgba(0,0,0,0)&#8221; width=&#8221;100%&#8221; max_width=&#8221;2560px&#8221; custom_padding=&#8221;0px||0px||false|false&#8221; global_colors_info=&#8221;{}&#8221;][et_pb_column type=&#8221;1_3&#8243; _builder_version=&#8221;4.16&#8243; _module_preset=&#8221;default&#8221; background_color=&#8221;#e52330&#8243; global_colors_info=&#8221;{}&#8221;][et_pb_blurb title=&#8221;Logotypy NID&#8221; url_new_window=&#8221;on&#8221; use_icon=&#8221;on&#8221; font_icon=&#8221;&#xe004;||divi||400&#8243; icon_placement=&#8221;left&#8221; image_icon_width=&#8221;50px&#8221; module_class=&#8221;bigButtonModules&#8221; _builder_version=&#8221;4.27.2&#8243; _module_preset=&#8221;default&#8221; header_level=&#8221;h3&#8243; header_font=&#8221;|700|||||||&#8221; header_text_color=&#8221;#ffffff&#8221; body_text_color=&#8221;#ffffff&#8221; background_color=&#8221;#E52330&#8243; custom_margin=&#8221;||||false|false&#8221; custom_padding=&#8221;25px|25px|25px|25px|false|false&#8221; animation=&#8221;off&#8221; link_option_url=&#8221;https:\/\/nid.pl\/logotypy\/&#8221; link_option_url_new_window=&#8221;on&#8221; custom_css_blurb_image=&#8221;padding-right: 20px;||vertical-align: middle;&#8221; icon_font_size=&#8221;50px&#8221; global_colors_info=&#8221;{}&#8221;]<\/p>\n<p>Pobierz znaki promocyjne Narodowego Instytutu Dziedzictwa<\/p>\n<p>[\/et_pb_blurb][\/et_pb_column][et_pb_column type=&#8221;1_3&#8243; _builder_version=&#8221;4.16&#8243; _module_preset=&#8221;default&#8221; background_color=&#8221;#e52330&#8243; global_colors_info=&#8221;{}&#8221;][et_pb_code _builder_version=&#8221;4.23.2&#8243; _module_preset=&#8221;default&#8221; global_colors_info=&#8221;{}&#8221;][\/et_pb_code][et_pb_blurb title=&#8221;Ksi\u0119garnia NID&#8221; url_new_window=&#8221;on&#8221; use_icon=&#8221;on&#8221; font_icon=&#8221;&#xe022;||divi||400&#8243; icon_placement=&#8221;left&#8221; image_icon_width=&#8221;50px&#8221; module_class=&#8221;bigButtonModules&#8221; _builder_version=&#8221;4.16&#8243; _module_preset=&#8221;default&#8221; header_level=&#8221;h3&#8243; header_font=&#8221;|700|||||||&#8221; header_text_color=&#8221;#ffffff&#8221; body_text_color=&#8221;#ffffff&#8221; background_color=&#8221;#444444&#8243; custom_margin=&#8221;||||false|false&#8221; custom_padding=&#8221;25px|25px|25px|25px|false|false&#8221; animation=&#8221;off&#8221; link_option_url=&#8221;https:\/\/ksiegarnia.nid.pl\/&#8221; link_option_url_new_window=&#8221;on&#8221; custom_css_blurb_image=&#8221;padding-right: 20px;||vertical-align: middle;&#8221; icon_font_size=&#8221;50px&#8221; global_colors_info=&#8221;{}&#8221;]<\/p>\n<p>Sprawd\u017a nasze produkty w ksi\u0119garni. Zamawiaj bez wychodzenia z domu ju\u017c teraz!<\/p>\n<p>[\/et_pb_blurb][\/et_pb_column][et_pb_column type=&#8221;1_3&#8243; _builder_version=&#8221;4.16&#8243; _module_preset=&#8221;default&#8221; background_color=&#8221;#e52330&#8243; global_colors_info=&#8221;{}&#8221;][et_pb_blurb title=&#8221;Platforma szkoleniowa&#8221; url_new_window=&#8221;on&#8221; use_icon=&#8221;on&#8221; font_icon=&#8221;&#xe0e9;||divi||400&#8243; icon_placement=&#8221;left&#8221; image_icon_width=&#8221;50px&#8221; module_class=&#8221;bigButtonModules&#8221; _builder_version=&#8221;4.16&#8243; _module_preset=&#8221;default&#8221; header_level=&#8221;h3&#8243; header_font=&#8221;|700|||||||&#8221; header_text_color=&#8221;#ffffff&#8221; body_text_color=&#8221;#ffffff&#8221; background_color=&#8221;#6b6b6b&#8221; custom_margin=&#8221;||||false|false&#8221; custom_padding=&#8221;25px|25px|25px|25px|false|false&#8221; animation=&#8221;off&#8221; link_option_url=&#8221;https:\/\/szkolenianid.learncom.pl&#8221; link_option_url_new_window=&#8221;on&#8221; custom_css_blurb_image=&#8221;padding-right: 20px;||vertical-align: middle;&#8221; icon_font_size=&#8221;50px&#8221; global_colors_info=&#8221;{}&#8221;]<\/p>\n<p>Zapisz si\u0119 na nasz\u0105 platform\u0119 e-szkoleniow\u0105 i dowiedz si\u0119 jak zarz\u0105dza\u0107 dziedzictwem i wykorzysta\u0107 jego potencja\u0142.<\/p>\n<p>[\/et_pb_blurb][\/et_pb_column][\/et_pb_row][\/et_pb_section]<\/p>","protected":false},"excerpt":{"rendered":"<p>\u2190Powr\u00f3t Narodowy Instytut Dziedzictwa prowadzi dzia\u0142ania maj\u0105ce na celu powi\u0119kszanie zasobu danych o dziedzictwie i rozwijanie bada\u0144 z wykorzystaniem tych danych. Nowym w skali kraju podej\u015bciem jest projekt wspierania bada\u0144 [&hellip;]<\/p>","protected":false},"author":1,"featured_media":0,"parent":2486,"menu_order":0,"comment_status":"closed","ping_status":"closed","template":"","meta":{"_et_pb_use_builder":"on","_et_pb_old_content":"","_et_gb_content_width":"","_monsterinsights_skip_tracking":false,"_monsterinsights_sitenote_active":false,"_monsterinsights_sitenote_note":"","_monsterinsights_sitenote_category":0,"footnotes":""},"class_list":["post-1482","page","type-page","status-publish","hentry"],"yoast_head":"<!-- This site is optimized with the Yoast SEO plugin v26.5 - https:\/\/yoast.com\/wordpress\/plugins\/seo\/ -->\n<title>Badania spo\u0142eczne - NID<\/title>\n<meta name=\"robots\" content=\"index, follow, max-snippet:-1, max-image-preview:large, max-video-preview:-1\" \/>\n<link rel=\"canonical\" href=\"https:\/\/nid.pl\/en\/zasoby\/badania-spoleczne\/\" \/>\n<meta property=\"og:locale\" content=\"en_GB\" \/>\n<meta property=\"og:type\" content=\"article\" \/>\n<meta property=\"og:title\" content=\"Badania spo\u0142eczne - NID\" \/>\n<meta property=\"og:description\" content=\"\u2190Powr\u00f3t Narodowy Instytut Dziedzictwa prowadzi dzia\u0142ania maj\u0105ce na celu powi\u0119kszanie zasobu danych o dziedzictwie i rozwijanie bada\u0144 z wykorzystaniem tych danych. Nowym w skali kraju podej\u015bciem jest projekt wspierania bada\u0144 [&hellip;]\" \/>\n<meta property=\"og:url\" content=\"https:\/\/nid.pl\/en\/zasoby\/badania-spoleczne\/\" \/>\n<meta property=\"og:site_name\" content=\"NID\" \/>\n<meta property=\"article:publisher\" content=\"https:\/\/www.facebook.com\/zabytek\" \/>\n<meta property=\"article:modified_time\" content=\"2025-04-09T12:26:08+00:00\" \/>\n<meta name=\"twitter:card\" content=\"summary_large_image\" \/>\n<meta name=\"twitter:site\" content=\"@NarIDpl\" \/>\n<meta name=\"twitter:label1\" content=\"Estimated reading time\" \/>\n\t<meta name=\"twitter:data1\" content=\"6 minutes\" \/>\n<script type=\"application\/ld+json\" class=\"yoast-schema-graph\">{\"@context\":\"https:\/\/schema.org\",\"@graph\":[{\"@type\":\"WebPage\",\"@id\":\"https:\/\/nid.pl\/zasoby\/badania-spoleczne\/\",\"url\":\"https:\/\/nid.pl\/zasoby\/badania-spoleczne\/\",\"name\":\"Badania spo\u0142eczne - NID\",\"isPartOf\":{\"@id\":\"https:\/\/nid.pl\/#website\"},\"datePublished\":\"2021-06-24T11:12:50+00:00\",\"dateModified\":\"2025-04-09T12:26:08+00:00\",\"breadcrumb\":{\"@id\":\"https:\/\/nid.pl\/zasoby\/badania-spoleczne\/#breadcrumb\"},\"inLanguage\":\"en-GB\",\"potentialAction\":[{\"@type\":\"ReadAction\",\"target\":[\"https:\/\/nid.pl\/zasoby\/badania-spoleczne\/\"]}]},{\"@type\":\"BreadcrumbList\",\"@id\":\"https:\/\/nid.pl\/zasoby\/badania-spoleczne\/#breadcrumb\",\"itemListElement\":[{\"@type\":\"ListItem\",\"position\":1,\"name\":\"Home\",\"item\":\"https:\/\/nid.pl\/\"},{\"@type\":\"ListItem\",\"position\":2,\"name\":\"Zasoby\",\"item\":\"https:\/\/nid.pl\/zasoby\/\"},{\"@type\":\"ListItem\",\"position\":3,\"name\":\"Badania spo\u0142eczne\"}]},{\"@type\":\"WebSite\",\"@id\":\"https:\/\/nid.pl\/#website\",\"url\":\"https:\/\/nid.pl\/\",\"name\":\"NID\",\"description\":\"Narodowy Instytut Dziedzictwa\",\"publisher\":{\"@id\":\"https:\/\/nid.pl\/#organization\"},\"potentialAction\":[{\"@type\":\"SearchAction\",\"target\":{\"@type\":\"EntryPoint\",\"urlTemplate\":\"https:\/\/nid.pl\/?s={search_term_string}\"},\"query-input\":{\"@type\":\"PropertyValueSpecification\",\"valueRequired\":true,\"valueName\":\"search_term_string\"}}],\"inLanguage\":\"en-GB\"},{\"@type\":\"Organization\",\"@id\":\"https:\/\/nid.pl\/#organization\",\"name\":\"Narodowy Instytut Dziedzictwa\",\"url\":\"https:\/\/nid.pl\/\",\"logo\":{\"@type\":\"ImageObject\",\"inLanguage\":\"en-GB\",\"@id\":\"https:\/\/nid.pl\/#\/schema\/logo\/image\/\",\"url\":\"https:\/\/nid.pl\/wp-content\/uploads\/2022\/10\/logoRedDark.png\",\"contentUrl\":\"https:\/\/nid.pl\/wp-content\/uploads\/2022\/10\/logoRedDark.png\",\"width\":200,\"height\":197,\"caption\":\"Narodowy Instytut Dziedzictwa\"},\"image\":{\"@id\":\"https:\/\/nid.pl\/#\/schema\/logo\/image\/\"},\"sameAs\":[\"https:\/\/www.facebook.com\/zabytek\",\"https:\/\/x.com\/NarIDpl\",\"https:\/\/www.instagram.com\/nid.pl\/?hl=pl\",\"https:\/\/www.linkedin.com\/company\/narodowy-instytut-dziedzictwa\",\"https:\/\/www.youtube.com\/channel\/UCQXuhKa2uHtmNvLRUSx40JA\"]}]}<\/script>\n<!-- \/ Yoast SEO plugin. -->","yoast_head_json":{"title":"Badania spo\u0142eczne - NID","robots":{"index":"index","follow":"follow","max-snippet":"max-snippet:-1","max-image-preview":"max-image-preview:large","max-video-preview":"max-video-preview:-1"},"canonical":"https:\/\/nid.pl\/en\/zasoby\/badania-spoleczne\/","og_locale":"en_GB","og_type":"article","og_title":"Badania spo\u0142eczne - NID","og_description":"\u2190Powr\u00f3t Narodowy Instytut Dziedzictwa prowadzi dzia\u0142ania maj\u0105ce na celu powi\u0119kszanie zasobu danych o dziedzictwie i rozwijanie bada\u0144 z wykorzystaniem tych danych. Nowym w skali kraju podej\u015bciem jest projekt wspierania bada\u0144 [&hellip;]","og_url":"https:\/\/nid.pl\/en\/zasoby\/badania-spoleczne\/","og_site_name":"NID","article_publisher":"https:\/\/www.facebook.com\/zabytek","article_modified_time":"2025-04-09T12:26:08+00:00","twitter_card":"summary_large_image","twitter_site":"@NarIDpl","twitter_misc":{"Estimated reading time":"6 minutes"},"schema":{"@context":"https:\/\/schema.org","@graph":[{"@type":"WebPage","@id":"https:\/\/nid.pl\/zasoby\/badania-spoleczne\/","url":"https:\/\/nid.pl\/zasoby\/badania-spoleczne\/","name":"Badania spo\u0142eczne - NID","isPartOf":{"@id":"https:\/\/nid.pl\/#website"},"datePublished":"2021-06-24T11:12:50+00:00","dateModified":"2025-04-09T12:26:08+00:00","breadcrumb":{"@id":"https:\/\/nid.pl\/zasoby\/badania-spoleczne\/#breadcrumb"},"inLanguage":"en-GB","potentialAction":[{"@type":"ReadAction","target":["https:\/\/nid.pl\/zasoby\/badania-spoleczne\/"]}]},{"@type":"BreadcrumbList","@id":"https:\/\/nid.pl\/zasoby\/badania-spoleczne\/#breadcrumb","itemListElement":[{"@type":"ListItem","position":1,"name":"Home","item":"https:\/\/nid.pl\/"},{"@type":"ListItem","position":2,"name":"Zasoby","item":"https:\/\/nid.pl\/zasoby\/"},{"@type":"ListItem","position":3,"name":"Badania spo\u0142eczne"}]},{"@type":"WebSite","@id":"https:\/\/nid.pl\/#website","url":"https:\/\/nid.pl\/","name":"NID","description":"Narodowy Instytut Dziedzictwa","publisher":{"@id":"https:\/\/nid.pl\/#organization"},"potentialAction":[{"@type":"SearchAction","target":{"@type":"EntryPoint","urlTemplate":"https:\/\/nid.pl\/?s={search_term_string}"},"query-input":{"@type":"PropertyValueSpecification","valueRequired":true,"valueName":"search_term_string"}}],"inLanguage":"en-GB"},{"@type":"Organization","@id":"https:\/\/nid.pl\/#organization","name":"Narodowy Instytut Dziedzictwa","url":"https:\/\/nid.pl\/","logo":{"@type":"ImageObject","inLanguage":"en-GB","@id":"https:\/\/nid.pl\/#\/schema\/logo\/image\/","url":"https:\/\/nid.pl\/wp-content\/uploads\/2022\/10\/logoRedDark.png","contentUrl":"https:\/\/nid.pl\/wp-content\/uploads\/2022\/10\/logoRedDark.png","width":200,"height":197,"caption":"Narodowy Instytut Dziedzictwa"},"image":{"@id":"https:\/\/nid.pl\/#\/schema\/logo\/image\/"},"sameAs":["https:\/\/www.facebook.com\/zabytek","https:\/\/x.com\/NarIDpl","https:\/\/www.instagram.com\/nid.pl\/?hl=pl","https:\/\/www.linkedin.com\/company\/narodowy-instytut-dziedzictwa","https:\/\/www.youtube.com\/channel\/UCQXuhKa2uHtmNvLRUSx40JA"]}]}},"_links":{"self":[{"href":"https:\/\/nid.pl\/en\/wp-json\/wp\/v2\/pages\/1482","targetHints":{"allow":["GET"]}}],"collection":[{"href":"https:\/\/nid.pl\/en\/wp-json\/wp\/v2\/pages"}],"about":[{"href":"https:\/\/nid.pl\/en\/wp-json\/wp\/v2\/types\/page"}],"author":[{"embeddable":true,"href":"https:\/\/nid.pl\/en\/wp-json\/wp\/v2\/users\/1"}],"replies":[{"embeddable":true,"href":"https:\/\/nid.pl\/en\/wp-json\/wp\/v2\/comments?post=1482"}],"version-history":[{"count":0,"href":"https:\/\/nid.pl\/en\/wp-json\/wp\/v2\/pages\/1482\/revisions"}],"up":[{"embeddable":true,"href":"https:\/\/nid.pl\/en\/wp-json\/wp\/v2\/pages\/2486"}],"wp:attachment":[{"href":"https:\/\/nid.pl\/en\/wp-json\/wp\/v2\/media?parent=1482"}],"curies":[{"name":"wp","href":"https:\/\/api.w.org\/{rel}","templated":true}]}}