{"id":1476,"date":"2021-06-24T13:11:01","date_gmt":"2021-06-24T11:11:01","guid":{"rendered":"https:\/\/nid.pl\/?page_id=1476"},"modified":"2026-03-30T14:43:16","modified_gmt":"2026-03-30T12:43:16","slug":"biblioteka","status":"publish","type":"page","link":"https:\/\/nid.pl\/en\/zasoby\/biblioteka\/","title":{"rendered":"Biblioteka"},"content":{"rendered":"<p>[et_pb_section fb_built=&#8221;1&#8243; _builder_version=&#8221;4.16&#8243; _module_preset=&#8221;default&#8221; custom_padding=&#8221;0px||0px|||&#8221; global_colors_info=&#8221;{}&#8221;][et_pb_row _builder_version=&#8221;4.16&#8243; _module_preset=&#8221;default&#8221; background_image=&#8221;https:\/\/nid.pl\/wp-content\/uploads\/2021\/11\/biblioteka1900x560.jpg&#8221; width=&#8221;100%&#8221; max_width=&#8221;100%&#8221; height=&#8221;400px&#8221; custom_margin=&#8221;|auto||auto|false|false&#8221; custom_padding=&#8221;0px||0px|||&#8221; global_colors_info=&#8221;{}&#8221;][et_pb_column type=&#8221;4_4&#8243; _builder_version=&#8221;4.16&#8243; _module_preset=&#8221;default&#8221; global_colors_info=&#8221;{}&#8221;][\/et_pb_column][\/et_pb_row][\/et_pb_section][et_pb_section fb_built=&#8221;1&#8243; _builder_version=&#8221;4.16&#8243; _module_preset=&#8221;default&#8221; custom_padding=&#8221;0px|0px|0px|0px|false|false&#8221; global_colors_info=&#8221;{}&#8221;][et_pb_row _builder_version=&#8221;4.16&#8243; _module_preset=&#8221;default&#8221; width=&#8221;100%&#8221; max_width=&#8221;100%&#8221; custom_padding=&#8221;50px|50px|50px|50px|false|false&#8221; locked=&#8221;off&#8221; global_colors_info=&#8221;{}&#8221;][et_pb_column type=&#8221;4_4&#8243; module_class=&#8221;fullWidthOnMobile&#8221; _builder_version=&#8221;4.16&#8243; _module_preset=&#8221;default&#8221; custom_css_main_element=&#8221;width: -moz-calc(100% &#8211; 180px) !important;||width: -webkit-calc(100% &#8211; 180px) !important;||width: -o-calc(100% &#8211; 180px) !important;||width: calc(100% &#8211; 180px) !important;||margin-right: 30px !important;&#8221; global_colors_info=&#8221;{}&#8221;][et_pb_text module_id=&#8221;backButtonBox&#8221; _builder_version=&#8221;4.16&#8243; _module_preset=&#8221;default&#8221; custom_margin=&#8221;0px|0px|0px|0px|false|false&#8221; custom_padding=&#8221;0px|0px|0px|0px|false|false&#8221; global_colors_info=&#8221;{}&#8221;]<\/p>\n<div class=\"backButton\" onclick=\"javascript:window.history.back();\"><span>\u2190<\/span>Powr\u00f3t<\/div>\n<p>[\/et_pb_text][et_pb_text _builder_version=&#8221;4.16&#8243; _dynamic_attributes=&#8221;content&#8221; _module_preset=&#8221;default&#8221; text_font_size=&#8221;26px&#8221; custom_margin=&#8221;||25px||false|false&#8221; custom_padding=&#8221;||||false|false&#8221; global_colors_info=&#8221;{}&#8221;]@ET-DC@eyJkeW5hbWljIjp0cnVlLCJjb250ZW50IjoicG9zdF90aXRsZSIsInNldHRpbmdzIjp7ImJlZm9yZSI6IiIsImFmdGVyIjoiIn19@[\/et_pb_text][et_pb_divider _builder_version=&#8221;4.16&#8243; _module_preset=&#8221;default&#8221; background_color=&#8221;#E52330&#8243; height=&#8221;5px&#8221; custom_margin=&#8221;0px|-163px|25px||false|false&#8221; custom_padding=&#8221;0px|0px|0px||false|false&#8221; global_colors_info=&#8221;{}&#8221;][\/et_pb_divider][et_pb_text module_id=&#8221;contactFirstColumn&#8221; _builder_version=&#8221;4.27.5&#8243; _module_preset=&#8221;default&#8221; custom_margin=&#8221;|-159px|24px||false|false&#8221; custom_padding=&#8221;|0px|0px||false|false&#8221; global_colors_info=&#8221;{}&#8221;]<\/p>\n<div class=\"title\">\u00a0O bibliotece<\/div>\n<div>\n<p>Biblioteka powsta\u0142a jako cz\u0119\u015b\u0107 powo\u0142anego w 1962 roku O\u015brodka Dokumentacji Zabytk\u00f3w. Podstaw\u0105 jej dzia\u0142alno\u015bci sta\u0142 si\u0119 bogaty zbi\u00f3r druk\u00f3w Zarz\u0105du Muze\u00f3w i Ochrony Zabytk\u00f3w w Ministerstwie Kultury i Sztuki. Pe\u0142ni\u0142 on pocz\u0105tkowo rol\u0119 ksi\u0119gozbioru podr\u0119cznego dla pracownik\u00f3w \u00f3wczesnego ODZ, a tak\u017ce zaplecza merytorycznego do ich codziennej pracy. Z czasem okaza\u0142 si\u0119 r\u00f3wnie\u017c niezwykle przydatny szerszemu gronu specjalist\u00f3w, w tym historykom sztuki, konserwatorom czy muzealnikom.<\/p>\n<p>Biblioteka NID jest bibliotek\u0105 specjalistyczn\u0105, a jej obecny ksi\u0119gozbi\u00f3r liczy oko\u0142o 60 000 wolumin\u00f3w ksi\u0105\u017cek i czasopism. Gromadzi i udost\u0119pnia przede wszystkim literatur\u0119 dotycz\u0105c\u0105 zabytk\u00f3w w Polsce oraz ochrony, konserwacji i zarz\u0105dzania dziedzictwem kulturowym.<\/p>\n<p>Zbiory biblioteczne udost\u0119pniane s\u0105 wszystkim zainteresowanym wy\u0142\u0105cznie na miejscu, prawo do wypo\u017cyczania maj\u0105 tylko pracownicy Instytutu.<\/p>\n<div class=\"title\">Download<\/div>\n<p><a href=\"https:\/\/nid.pl\/wp-content\/uploads\/2021\/12\/Regulamin-Biblioteki-NID.pdf\" target=\"_blank\" rel=\"noopener noreferrer\">Regulamin Biblioteki NID<\/a><\/p>\n<div><\/div>\n<div class=\"title\">If you wish to get engaged or obtain more information please contact us via:<\/div>\n<div><a href=\"https:\/\/nid.pl\/en\/kontakt\/\" target=\"_blank\" rel=\"noopener noreferrer\" title=\"Strona otworzy si\u0119 w nowym oknie\">Biblioteka NID\u00a0<\/a><\/div>\n<div><\/div>\n<div><\/div>\n<\/div>\n<div>\n<div class=\"title\">Godziny otwarcia:<\/div>\n<p>poniedzia\u0142ek &#8211; czwartek\u00a0 w godzinach 9:00 &#8211; 14:00<br \/>pi\u0105tek &#8211; nieczynne<\/p>\n<p>&nbsp;<\/p>\n<div>\n<div><\/div>\n<\/div>\n<\/div>\n<p>[\/et_pb_text][et_pb_text disabled_on=&#8221;on|on|on&#8221; module_id=&#8221;contactFirstColumn&#8221; _builder_version=&#8221;4.27.5&#8243; _module_preset=&#8221;default&#8221; custom_margin=&#8221;|-159px|24px||false|false&#8221; custom_padding=&#8221;|0px|0px||false|false&#8221; disabled=&#8221;on&#8221; global_colors_info=&#8221;{}&#8221;]<\/p>\n<div><strong>Uprzejmie informujemy, \u017ce w dniu 18 grudnia 2025 r. Biblioteka b\u0119dzie nieczynna.<br \/><\/strong><strong>Za utrudnienia przepraszamy i dzi\u0119kujemy za wyrozumia\u0142o\u015b\u0107.<\/strong><\/div>\n<div>\n<div>\n<div><\/div>\n<\/div>\n<\/div>\n<p>[\/et_pb_text][et_pb_code _builder_version=&#8221;4.16&#8243; _module_preset=&#8221;default&#8221; custom_margin=&#8221;-19px|||||&#8221; global_colors_info=&#8221;{}&#8221;]<\/p>\n<div class=\"subButtonTableDiv\"><!-- [et_pb_line_break_holder] --><\/p>\n<div class=\"subButtonRowDiv\"><!-- [et_pb_line_break_holder] --><\/p>\n<div class=\"subButtonColDiv\"><a href=\"https:\/\/nid.pl\/en\/katalogi\/\" class=\"subButton\"><\/p>\n<div>Katalogi<\/div>\n<p><\/a><\/div>\n<p><!-- [et_pb_line_break_holder] --><\/p>\n<div class=\"subButtonColDiv\"><a href=\"https:\/\/nid.pl\/en\/publikacje-do-pobrania\/\" class=\"subButton\"><\/p>\n<div>Publikacje do pobrania<\/div>\n<p><\/a><!-- [et_pb_line_break_holder] --><\/div>\n<p><!-- [et_pb_line_break_holder] --><\/div>\n<p>[\/et_pb_code][et_pb_text module_id=&#8221;contactFirstColumn&#8221; _builder_version=&#8221;4.16&#8243; _module_preset=&#8221;default&#8221; custom_margin=&#8221;||24px||false|false&#8221; custom_padding=&#8221;||0px||false|false&#8221; global_colors_info=&#8221;{}&#8221;]<\/p>\n<div class=\"title\">Wykaz nabytk\u00f3w bibliotecznych<\/div>\n<div>\n<p><span style=\"font-family: inherit; font-weight: normal;\"><span style=\"color: #666666;\"><\/span><\/span><\/p>\n<div>\n<div><\/div>\n<\/div>\n<\/div>\n<p>[\/et_pb_text][et_pb_toggle title=&#8221;2026&#8243; open_toggle_text_color=&#8221;#e52330&#8243; closed_toggle_text_color=&#8221;#000000&#8243; _builder_version=&#8221;4.27.5&#8243; _module_preset=&#8221;default&#8221; title_font=&#8221;|700|||||||&#8221; closed_title_font=&#8221;|700|||||||&#8221; width=&#8221;100%&#8221; custom_margin=&#8221;||10px|||&#8221; hover_enabled=&#8221;0&#8243; locked=&#8221;off&#8221; global_colors_info=&#8221;{}&#8221; sticky_enabled=&#8221;0&#8243;]<\/p>\n<p><strong>marzec<br \/><span style=\"color: #999999;\">liczba nowo\u015bci: 68<\/span><\/strong><\/p>\n<p><strong>Wykaz na nabytk\u00f3w \u2013 marzec 2026.<\/strong><strong><\/strong><\/p>\n<ol>\n<li>Architektura M\u0142odego Miasta: materia\u0142y seminarium, 13-14 maja 2024 \/ red.: Miko\u0142aj Wantoch Rekowski, Piotr Lorens. &#8211; Gda\u0144sk: Biuro Architekta Miasta 2025.<\/li>\n<li>Architektura i elektryczno\u015b\u0107: 1880-1940: konstruowanie, do\u015bwiadczanie, reprezentacja \/ Filip Burno. &#8211; Warszawa: Akademia Sztuk Pi\u0119knych w Warszawie 2025.<\/li>\n<li>Chata kurpiowska: opracowana pod\u0142ug materia\u0142\u00f3w zebranych na miejscu: z 207 fotogr., planami i rysunkami wykonanymi przez autora \/ Adam Ch\u0119tnik. &#8211; [Julian\u00f3w]; [Piaseczno]: Fundacja im. Adama Ch\u0119tnika [2025].<\/li>\n<li>Jak ginie dawna Kurpiowszczyzna \/ Adam Ch\u0119tnik. &#8211; \u0141om\u017ca: Zarz\u0105d G\u0142\u00f3wny Towarzystwa Przyjaci\u00f3\u0142 Ziemi \u0141om\u017cy\u0144skiej 2025.<\/li>\n<li>Krajobraz podzielony granic\u0105: szlakiem rezydencji po\u0142udniowego pogranicza polsko-niemieckiego: na szlaku architektury rezydencjonalnej powiatu \u017caga\u0144skiego i Oberspreewald-Lausitz = Geteilte Landschaft: auf den Spuren des Kultur- und Bildungspfads &#8220;Residenzarchitektur&#8230;&#8221; im s\u00fcdlichen deutsch-polnischen Grenzraum: der Kulturpfad &#8220;Residenzarchitektur in den Landkreisen \u017baga\u0144 und Oberspreewald-Lausitz&#8221; \/ [tekst: Ma\u0142gorzata Majcher; t\u0142umaczenie: Jerzy Bielerzewski, Jens Freske]. &#8211; Kwidzyn: Vega Studio Adv. Tomasz M\u00fcller; \u017baga\u0144: na zlecenie Powiatu \u017baga\u0144skiego 2025.<\/li>\n<li>Odbudowa\u0107 nieodbudowane: problematyka odbudowy i rekonstrukcji w \u015bwietle wsp\u00f3\u0142czesnych wyzwa\u0144 = Rebuilding what was lost: current challenges in restoring and reconstructing architectural heritage \/ [red. nauk. dr Filip Burno, dr hab. Tomasz Waliszewski prof. ucz.]. &#8211; Warszawa: Akademia Sztuk Pi\u0119knych w Warszawie: Pa\u0142ac Saski sp. z o.o. 2025.<\/li>\n<li>Renowacje konstrukcji obiekt\u00f3w zabytkowych. Cz. 4 \/ \u0141ukasz Drobiec. &#8211; [Warszawa]: Archmedia Gra\u017cyna Ga\u0142ka 2025.<\/li>\n<li>Rze\u017aba wsz\u0119dzie?: problematyka sztuki w przestrzeni publicznej: materia\u0142y pokongresowe z lat 2021-2024 \/ pod redakcj\u0105 Katarzyny Chrudzimskiej-Uhery. &#8211; Oro\u0144sko: Centrum Rze\u017aby Polskiej w Oro\u0144sku 2025.<\/li>\n<li>Galeria Sztuki Europejskiej: przewodnik: Muzeum Narodowe w Krakowie, Gmach G\u0142\u00f3wny \/ Mi\u0142osz Kargol, Katarzyna P\u0142onka-Ba\u0142us, Adam Spodaryk. &#8211; Krak\u00f3w: Muzeum Narodowe w Krakowie 2025.<\/li>\n<li>Ikonografia \u015ar\u00f3dmie\u015bcia Krakowa: aneks do tom\u00f3w 1-10 \/ Tomasz Gwiazda, Iwona K\u0119der, Micha\u0142 Klinke, Waldemar Komorowski. &#8211; Krak\u00f3w: Muzeum Narodowe w Krakowie 2025.<\/li>\n<li>Medalierstwo prywatne: historia i wsp\u00f3\u0142czesno\u015b\u0107 \/ [red. nauk. Agnieszka Smo\u0142ucha-S\u0142adkowska, Mateusz Wo\u017aniak]. &#8211; Krak\u00f3w: Muzeum Narodowe w Krakowie 2025.<\/li>\n<li>Ochrona grob\u00f3w i cmentarzy wojennych z perspektywy prawa mi\u0119dzynarodowego i polskich regulacji prawnych \/ pod red. Jolanty Miko\u0142ajczyk. &#8211; Warszawa; Krak\u00f3w: Instytut Pami\u0119ci Narodowej 2025.<\/li>\n<li>Perebory: ods\u0142ony \/ Agnieszka Mikszta. &#8211; Bia\u0142a Podlaska: Muzeum Po\u0142udniowego Podlasia w Bia\u0142ej Podlaskiej 2025.<\/li>\n<li>Wystawa \u201eBro\u0144 i Barwa\u201d: opowie\u015bci o historii, kulturze, rzemio\u015ble i tradycji: przewodnik \/ Micha\u0142 Dziewulski. &#8211; Krak\u00f3w: Muzeum Narodowe w Krakowie 2025.<\/li>\n<li>Christoph Maucher: bursztynowa szkatu\u0142a pe\u0142na tajemnic = amber casket full of secrets \/ [autorki tekstu: Katarzyna Kita, Jolanta Ratuszna]. &#8211; Malbork: Muzeum Zamkowe w Malborku 2025.<\/li>\n<li>Polski plakat wojenny = Polish world war II posters \/ [tekst, wyb\u00f3r i opracowanie plakat\u00f3w Ma\u0142gorzata Gwara; t\u0142umaczenie Igor Niewiadomski]. &#8211; Warszawa: Centralna Biblioteka Wojskowa im. Marsza\u0142ka J\u00f3zefa Pi\u0142sudskiego 2025.<\/li>\n<li>Zabytki metalowe z epoki br\u0105zu i wczesnej epoki \u017celaza w zbiorach Muzeum \u017bup Krakowskich Wieliczka. T. 1 = Metal artefacts from the Bronze Age and Early Iron Age in the collection of the Cracow Saltworks Museum in Wieliczka. Vol. 1 \/ Ewelina Kolebuk, Justyna Rzo\u0144ca, Jaros\u0142aw M. Fra\u015b. &#8211; Wieliczka: Muzeum \u017bup Krakowskich Wieliczka 2025.<\/li>\n<li>Zabytki metalowe z epoki br\u0105zu i wczesnej epoki \u017celaza w zbiorach Muzeum \u017bup Krakowskich Wieliczka. T. 2, Katalog = Metal artefacts from the Bronze Age and Early Iron Age in the collection of the Cracow Saltworks Museum in Wieliczka. Vol. 2, Catalogue \/ Ewelina Kolebuk, Justyna Rzo\u0144ca, Jaros\u0142aw M. Fra\u015b. &#8211; Wieliczka: Muzeum \u017bup Krakowskich Wieliczka 2025.<\/li>\n<li>Zapro\u015bcie mnie do sto\u0142u&#8230;: porcelana polska z manufaktur w Korcu i Baran\u00f3wce na Wo\u0142yniu w zbiorach Muzeum Zamkowego w Malborku = Invite me to your table&#8230;: Polish porcelain from manufactories in Korets and Baranivka (Volhynia) in the Malbork Castle Museum collection \/ Barbara Pospieszna. &#8211; Malbork: Muzeum Zamkowe 2025.<\/li>\n<li>Feliks Kopera (1871-1952): biografia muzealnika \/ Diana Helena B\u0142o\u0144ska. &#8211; Krak\u00f3w: Wydawnictwo Zamku Kr\u00f3lewskiego na Wawelu 2025.<\/li>\n<li>He\u0142my w zbiorach Zamku Kr\u00f3lewskiego na Wawelu \/ Krzysztof J. Czy\u017cewski. &#8211; Krak\u00f3w: Wydawnictwo Zamku Kr\u00f3lewskiego na Wawelu 2025.<\/li>\n<li>Polskie malarstwo olejne po 1945 roku w zbiorach Zamku Kr\u00f3lewskiego na Wawelu \/ Lidia Brzyska, Justyna Osuch. &#8211; Krak\u00f3w: Wydawnictwo Zamku Kr\u00f3lewskiego na Wawelu 2025.<\/li>\n<li>Wawel i XVI wiek \/ red. nauk. Andrzej Betlej, Lidia Brzyska, Natalia Koziara-Och\u0119duszko. &#8211; Krak\u00f3w: Wydawnictwo Zamku Kr\u00f3lewskiego na Wawelu 2025.<\/li>\n<li>Z\u0142otnictwo augsburskie w zbiorach Zamku Kr\u00f3lewskiego na Wawelu \/ Dariusz Nowacki. &#8211; Krak\u00f3w: Wydawnictwo Zamku Kr\u00f3lewskiego na Wawelu 2025.<\/li>\n<li>Adolf Basler: krytyk, marszand, kolekcjoner \/ Anna Wierzbicka. &#8211; Warszawa: Instytut Sztuki PAN 2025.<\/li>\n<li>Conrada Steinbrechta pruskie zamki biskupie i kapitulne \/ Piotr Lasek, Wojciech W\u00f3\u0142kowski. &#8211; Warszawa: Instytut Sztuki PAN: Politechnika Warszawska &#8211; Wydzia\u0142 Architektury 2025.<\/li>\n<li>Die mittelalterlichen Glasmalereien in Kleinpolen (ohne die Marienkirche in Krakau), im Przemy\u015bler Land und in Schlesien \/ Dobros\u0142awa Horzela; [\u00dcbersetzung: Dominik Petruk]. &#8211; Krak\u00f3w: Universitas 2025.<\/li>\n<li>Miejsca pami\u0119ci &#8211; historia &#8211; turystyka = Sites of memory &#8211; history &#8211; tourism \/ pod red. Magdaleny Nowak, Bianki Sadowskiej. &#8211; Gda\u0144sk; Sopot: Wydawnictwo Uniwersytetu Gda\u0144skiego 2025.<\/li>\n<li>Paradoksy wiejskich katedr: neogotycka architektura sakralna na prowincji Kr\u00f3lestwa Polskiego w latach 1886-1915 \/ Jan Maciej Nowicki. &#8211; Warszawa: Instytut Sztuki PAN 2025.<\/li>\n<li>Presja zagospodarowania przestrzennego w otoczeniu polskich park\u00f3w narodowych: przypadek Roztocza\u0144skiego Parku Narodowego na tle pozosta\u0142ych park\u00f3w \/ Mariusz Kistowski. &#8211; Gda\u0144sk; Sopot: Wydawnictwo Uniwersytetu Gda\u0144skiego 2025.<\/li>\n<li>W polskim tylko stroju: projektowanie ozd\u00f3b choinkowych i koncepcja choinki polskiej 1909-1939 \/ Anna Myczkowska-Szczerska. &#8211; Krak\u00f3w: Wydawnictwo Akademii Sztuk Pi\u0119knych im. Jana Matejki w Krakowie 2025.<\/li>\n<li>Estetyka Witkacego: w kontek\u015bcie prze\u0142omu antynaturalistycznego i mo\u017cliwych inspiracji \/ J\u00f3zef Tarnowski. &#8211; Gda\u0144sk; Sopot: Wydawnictwo Uniwersytetu Gda\u0144skiego 2025.<\/li>\n<li>Muzealne \u0142amig\u0142\u00f3wki: post\u0119powanie z obiektami o nieuregulowanym statusie prawnym \/ red. Paulina Gwo\u017adziewicz-Matan, Aldona Modrzewska. &#8211; Gda\u0144sk; Sopot: Wydawnictwo Uniwersytetu Gda\u0144skiego; 2025.<\/li>\n<li>Rzemios\u0142o miejskie w Malborku do 1626 roku \/ Aleksandra Girsztowt-Biskup. &#8211; Gda\u0144sk: Wydawnictwo Uniwersytetu Gda\u0144skiego 2025.<\/li>\n<li>Parki i ogrody Poznania \/ Pawe\u0142 Piotr Szumiga\u0142a, Przemys\u0142aw Tomczak. &#8211; Pozna\u0144: Wydawnictwo Uniwersytetu Przyrodniczego w Poznaniu 2025.<\/li>\n<li>Ro\u015bliny naczyniowe na starych, nieczynnych cmentarzach Wielkopolski. T. 1, Analiza danych \/ Aneta Czarna. &#8211; Pozna\u0144: Wydawnictwo Uniwersytetu Przyrodniczego w Poznaniu 2025.<\/li>\n<li>Ro\u015bliny naczyniowe na starych, nieczynnych cmentarzach Wielkopolski. T. 2, Rozmieszczenie i zasoby \/ Aneta Czarna. &#8211; Pozna\u0144: Wydawnictwo Uniwersytetu Przyrodniczego w Poznaniu 2025.<\/li>\n<li>Taka jest moja wola: historia i architektura pa\u0142acu, kt\u00f3ry czeka na ratunek \/ Mateusz Zapart, Jaros\u0142aw Szaban. &#8211; Pozna\u0144: Wydawnictwo Uniwersytetu Przyrodniczego w Poznaniu 2025.<\/li>\n<li>Dzieje budynk\u00f3w Uniwersytetu Szczeci\u0144skiego do 1945 roku \/ Rados\u0142aw Gazi\u0144ski. &#8211; Szczecin: Wydawnictwo Naukowe Uniwersytetu Szczeci\u0144skiego 2025.<\/li>\n<li>Huta szk\u0142a w Jab\u0142onnie (Legionowie) 1897-1944 \/ Jacek Emil Szczepa\u0144ski. &#8211; Legionowo: Muzeum Historyczne 2025.<\/li>\n<li>Krakowski Zak\u0142ad Witra\u017c\u00f3w S.G. \u017bele\u0144ski. T. 1 \/ Gra\u017cyna Fija\u0142kowska. &#8211; Krak\u00f3w: Muzeum Historyczne Miasta Krakowa 2025.<\/li>\n<li>Krakowski Zak\u0142ad Witra\u017c\u00f3w S.G. \u017bele\u0144ski. T. 2 \/ Gra\u017cyna Fija\u0142kowska. &#8211; Krak\u00f3w: Muzeum Historyczne Miasta Krakowa 2025.<\/li>\n<li>Stefan Knapp: alchemik i wizjoner \/ red. Katarzyna Moska\u0142a, Joanna Cie\u015blikowska. &#8211; Toru\u0144: Wydawnictwo Naukowe Uniwersytetu Miko\u0142aja Kopernika 2025.<\/li>\n<li>T\u0119\u017cnie solankowe: architektoniczny i prozdrowotny fenomen \/ pod redakcj\u0105 Marty Chyli\u0144skiej. &#8211; Toru\u0144: Wydawnictwo Naukowe Uniwersytetu Miko\u0142aja Kopernika 2025.<\/li>\n<li>Wok\u00f3\u0142 placu Szczepa\u0144skiego \/ Iwona Kawalla-Lulewicz. &#8211; Krak\u00f3w: Muzeum Krakowa 2025.<\/li>\n<li>Andeutungen \u00fcber Landschaftsg\u00e4rtnerei: verbunden mit der Beschreibung ihrer praktischen Anwendung in Muskau \/ vom F\u00fcrsten von P\u00fcckler-Muskau; [wissenschaftliche Redaktion Dr. Anna Czerwi\u0144ska-Walczak; \u00dcbersetzung Mateusz Siedlecki]. &#8211; Warszawa: Narodowy Instytut Dziedzictwa 2025.<\/li>\n<li>Krajobrazy ksi\u0119cia P\u00fccklera: teka = F\u00fcrst P\u00fccklers Landschaften: Mappe \/ [wyb\u00f3r ilustracji Astrid Roscher; t\u0142umaczenie Mateusz Siedlecki]. &#8211; Warszawa: Narodowy Instytut Dziedzictwa 2025.<\/li>\n<li>Szkice o ogrodnictwie krajobrazowym: wraz z opisem praktycznych zastosowa\u0144 w Mu\u017cakowie \/ przez ksi\u0119cia von P\u00fcckler-Muskau; prze\u0142o\u017cy\u0142a Justyna G\u00f3rny; [redakcja naukowa Anna Czerwi\u0144ska-Walczak]. &#8211; Warszawa: Narodowy Instytut Dziedzictwa 2025.<\/li>\n<li>Zesp\u00f3\u0142 pa\u0142acowo-parkowy Warszewice: gmina \u0141ubianka, powiat toru\u0144ski \/ Tomasz Niklas. &#8211; Toru\u0144: Kujawsko-Pomorskie Centrum Dziedzictwa w Toruniu 2025.<\/li>\n<li>Kamie\u0144 i ceg\u0142a \/ pod redakcj\u0105 Ireny Kontny. &#8211; Katowice: \u015al\u0105ski Wojew\u00f3dzki Konserwator Zabytk\u00f3w: Instytut im. Wojciecha Korfantego 2025.<\/li>\n<li>Mikro\u015bwiaty: obrazy w ma\u0142ych formatach ze zbior\u00f3w Muzeum Narodowego we Wroc\u0142awiu = Microworlds: small-format paintings from the collection of the National Museum in Wroc\u0142aw \/ Anna Jezierska, Ma\u0142gorzata Macura. &#8211; Wroc\u0142aw: Muzeum Narodowe we Wroc\u0142awiu 2025.<\/li>\n<li>Sztuka w przestrzeni postindustrialnej: III Forum Dziedzictwa Kultury Przemys\u0142owej: Instytut im. Wojciecha Korfantego, Katowice, 9-10 maja 2025 r.: publikacja pokonferencyjna \/ [redakcja naukowa: prof. dr hab. Irma Kozina]. &#8211; Katowice: Instytut im. Wojciecha Korfantego [2025].<\/li>\n<li>Nasi Niemcy \/ Maciej Falkowski. &#8211; Wo\u0142owiec: Wydawnictwo Czarne 2026.<\/li>\n<li>Nietuzinkowe historie pa\u0142ac\u00f3w Warszawy: opowie\u015bci warszawskiej przewodniczki \/ Ewa Sztompke. &#8211; Warszawa : Veda 2026.<\/li>\n<li>Nietuzinkowe historie plac\u00f3w Warszawy: opowie\u015bci warszawskiej przewodniczki \/ Ewa Sztompke. &#8211; Warszawa : Veda 2026.<\/li>\n<li>Sztuka Poznania w latach 1919-1939: malarstwo, rze\u017aba, grafika \/ Jaros\u0142aw Mulczy\u0144ski. &#8211; Pozna\u0144: Wydawnictwo Miejskie Posnania 2026.<\/li>\n<li>Wanda Telakowska: pi\u0119kno dla wszystkich, czyli jak powsta\u0142o polskie wzornictwo powojenne \/ Katarzyna Rzehak. &#8211; Warszawa: Marginesy 2026.<\/li>\n<li>Konstelacje i korespondencje: sztuka jako medium ludzkiego rozumienia \/ Ma\u0142gorzata Krakowiak, Aleksandra D\u0119bska-Kossakowska. &#8211; Katowice: Wydawnictwo Uniwersytetu \u015al\u0105skiego 2025.<\/li>\n<li>Krakowskie osiedla: badanie jako\u015bci \u015brodowiska mieszkaniowego \/ pod red. Karoliny Dudzic-Gyurkovich. &#8211; Krak\u00f3w: PK 2025.<\/li>\n<li>Meble ze zbior\u00f3w Zamku Ksi\u0105\u017c\u0105t Pomorskich Muzeum w Dar\u0142owie: katalog \/ Anna Feliks, Ewelina B\u0105dyra. &#8211; Dar\u0142owo: Zamek Ksi\u0105\u017c\u0105t Pomorskich &#8211; Muzeum w Dar\u0142owie 2025.<\/li>\n<li>Radom: ilustrowany atlas architektury = an illustrated atlas of architecture \/ koncepcja i projekt: Magdalena Piwowar; wyb\u00f3r i tekst: Monika Lipko, Olga Stawczyk; ilustracje: Mateusz Gryz\u0142o, Peter \u0141yczkowski. &#8211; Warszawa: Centrum Architektury 2025.<\/li>\n<li>Sale sesyjne Urz\u0119du Miasta Poznania: refektarz i pomieszczenia towarzysz\u0105ce dawnego kolegium jezuickiego \/ opracowa\u0142a Eliza Buszko. &#8211; Pozna\u0144: Wydawnictwo Miejskie Posnania 2026.<\/li>\n<li>Tradycyjne narz\u0119dzia tkackie na Pomorzu: katalog zbior\u00f3w \/ Barbara Maciejewska. &#8211; Gda\u0144sk: Oddzia\u0142 Etnografii Muzeum Narodowego w Gda\u0144sku 2025.<\/li>\n<li>European Conference on the archaeology of historic gardens: Krzy\u017ctop\u00f3r Castle in Ujazd 6-8 September 2023 \/ [scientific editor: Brian Dix; translation from Polish Anne-Marie Fabianowska]. &#8211; Warszawa: Narodowy Instytut Dziedzictwa 2025.<\/li>\n<li>Prace przy zabytkach: poradnik dla inwestor\u00f3w \/ Paula Drzyma\u0142a. &#8211; Warszawa: Narodowy Instytut Dziedzictwa 2025.<\/li>\n<li>Przemiany w architekturze i wyposa\u017ceniu wn\u0119trz drewnianych cerkwi unickich na Podlasiu \/ Aneta Ku\u0142ak. &#8211; Warszawa: Narodowy Instytut Dziedzictwa 2025.<\/li>\n<li>Zabytek Zadbany A.D. 2024 \/ [tekst: Hanna Mackiewicz; red. prow.: Joanna Piotrowska]. &#8211; Warszawa: Narodowy Instytut Dziedzictwa 2025.<\/li>\n<li>Zabytek Zadbany A.D. 2025 \/ [red.: Iwona Li\u017cewska, Joanna Piotrowska]. &#8211; Warszawa: Narodowy Instytut Dziedzictwa 2025.<\/li>\n<\/ol>\n<p><strong><\/strong><\/p>\n<p><strong>stycze\u0144-luty<br \/><span style=\"color: #999999;\">liczba nowo\u015bci: 55<\/span><\/strong><\/p>\n<p><strong>Wykaz na nabytk\u00f3w \u2013 stycze\u0144-luty 2026.<\/strong><\/p>\n<ol>\n<li>Historia klasztoru i ko\u015bcio\u0142a pod wezwaniem \u015bw. Bernardyna ze Sieny w Krakowie (1453-2023). T. 1, Historia \/ pod redakcj\u0105 Aleksandra Krzysztofa Sitnika OFM i Martyniana Marcina Czechowskiego OFM. &#8211; Krak\u00f3w : Attyka 2025.<\/li>\n<li>Historia klasztoru i ko\u015bcio\u0142a pod wezwaniem \u015bw. Bernardyna ze Sieny w Krakowie (1453-2023). T. 2, Dzia\u0142alno\u015b\u0107 Bernardyn\u00f3w krakowskich w latach 1918-1945 w \u015bwietle archiw\u00f3w zakonnych \/ Szymon Maksymilian Wilk. &#8211; Krak\u00f3w : Attyka 2025.<\/li>\n<li>Historia klasztoru i ko\u015bcio\u0142a pod wezwaniem \u015bw. Bernardyna ze Sieny w Krakowie (1453-2023). T. 3, Bernardyni w Krakowie w latach 1945-1989 \/ Aleksander Krzysztof Sitnik OFM. &#8211; Krak\u00f3w : Attyka 2025.<\/li>\n<li>Historia klasztoru i ko\u015bcio\u0142a pod wezwaniem \u015bw. Bernardyna ze Sieny w Krakowie (1453-2023). T. 4, Historia sztuki \/ pod redakcj\u0105 Agaty Dworzak. &#8211; Krak\u00f3w : Attyka 2025.<\/li>\n<li>Ku ochronie i zbawieniu : studia nad fenomenem \u015blad\u00f3w do\u0142kowych \/ Seweryn Pauch. &#8211; Pelplin : Wydawnictwo Bernardinum 2025.<\/li>\n<li>Lista Grundmanna. 2, Losy dzie\u0142 sztuki na Dolnym \u015al\u0105sku po zako\u0144czeniu II wojny \u015bwiatowej \/\u00a0 J. Robert Kudelski. &#8211; Jelenia G\u00f3ra : Wydawnictwo Ad Rem 2025.<\/li>\n<li>Pawe\u0142 &#8211; pierwszy z pustelnik\u00f3w : \u015awi\u0119ty Pawe\u0142 z Teb w sztuce Zachodu do ko\u0144ca epoki nowo\u017cytnej \/ Dobros\u0142awa Horzela. &#8211; Cz\u0119stochowa : Paulinianum : Jasnog\u00f3rski Instytut Maryjny 2025.<\/li>\n<li>Z Warszawy do legendy : Stefan Starzy\u0144ski i budowa nowoczesnej stolicy 1934-1939 \/ Ryszard M\u0105czewski, Adrian Sobieszcza\u0144ski, Jakub Jastrz\u0119bski, Grzegorz Mika, prof. dr hab. Grzegorz Nowik. &#8211; Warszawa : Muzeum Powstania Warszawskiego ; \u0141\u00f3d\u017a : obs\u0142uga wydawnicza Ksi\u0119\u017cy M\u0142yn Dom Wydawniczy Micha\u0142 Koli\u0144ski 2025.<\/li>\n<li>Z powa\u017caniem : Stanis\u0142aw Tabe\u0144ski \u2013 budowniczy \/ Magdalena \u017bmudzi\u0144ska-Nowak, Jakub Br\u00f3dka. &#8211; Katowice : Wydawnictwo Biblioteki \u015al\u0105skiej 2025.<\/li>\n<li>Ma\u0142a anatomia nie\u015bwiadomo\u015bci fizycznej lub anatomia obrazu \/ Hans Bellmer ; prze\u0142. Jakub D\u0105browski. &#8211; Krak\u00f3w : Wydaw. Ha!art 2025.<\/li>\n<li>Muzeum w \u015bwiecie warto\u015bci : miejsca pami\u0119ci \/ Grzegorz \u017buk. &#8211; Lublin : Wydawnictwo Uniwersytetu Marii Curie-Sk\u0142odowskiej 2025.<\/li>\n<li>Nowe formy w malarstwie i wynikaj\u0105ce st\u0105d nieporozumienia \/ Stanis\u0142aw Ignacy Witkiewicz. &#8211; Krak\u00f3w : Vis-\u00e0-vis Etiuda 2025.<\/li>\n<li>Obraz i przemoc : wyb\u00f3r pism o sztuce \/ Jean-Luc Nancy ; wst\u0119p i oprac. Jakub Momro ; przek\u0142. Jakub Momro, Anna Turczyn. &#8211; Krak\u00f3w : Wydaw. Uniwersytetu Jagiello\u0144skiego 2025.<\/li>\n<li>Prawo w sztuce, sztuka w prawie \/ pod redakcj\u0105 Kacpra Komana, Gabrieli Kubali, Kacpra \u0141\u0105dkowskiego, Alexandra Stachurskiego. &#8211; Krak\u00f3w : Wydawnictwo Uniwersytetu Jagiello\u0144skiego 2025.<\/li>\n<li>Tak by\u0142o w Warszawie : historie sprzed stu lat \/ Marcin Ludwicki. &#8211; \u0141\u00f3d\u017a : Ksi\u0119\u017cy M\u0142yn Dom Wydawniczy 2025.<\/li>\n<li>Architektura gmach\u00f3w u\u017cyteczno\u015bci publicznej doby wczesnego modernizmu na ziemiach Kr\u00f3lestwa Polskiego (1909-1914) \/ Piotr Kilanowski. &#8211; Warszawa : Oficyna Wydawnicza Politechniki Warszawskiej 2025.<\/li>\n<li>Twierdza Zamo\u015b\u0107 na tle europejskiej sztuki obronnej \/ Gra\u017cyna Michalska, \u0141ukasz Michalski. &#8211; Lublin : Wydawnictwo Werset 2025.<\/li>\n<li>W kolebce katowickiej grafiki u\u017cytkowej \/ Piotr Rypson. &#8211; Katowice : ASP w Katowicach 2025.<\/li>\n<li>Mi\u0142osierne oszustwa? : o roli dzie\u0142 sztuki w zarz\u0105dzaniu epidemiami w epoce nowo\u017cytnej \/ Piotr Krasny. &#8211; Krak\u00f3w : Towarzystwo Autor\u00f3w i Wydawc\u00f3w Prac Naukowych Universitas 2025.<\/li>\n<li>Teatr Wielki w Poznaniu \/ Zenon Pa\u0142at, Ma\u0142gorzata Arentowska. &#8211; Pozna\u0144 : Wydawnictwo Miejskie Posnania 2025.<\/li>\n<li>Warszawski modernizm : wsp\u00f3\u0142czesny portret mi\u0119dzywojennej stolicy \/ Micha\u0142 \u0141ukasik ; teksty: Aleksandra Bo\u0107kowska, Jaros\u0142aw Trybu\u015b. &#8211; Warszawa : OsnoVa 2025.<\/li>\n<li>\u0141\u00f3dzkie typo-historie : miasto w \u015bwietle neon\u00f3w \/ Natalia Kawczy\u0144ska. &#8211; \u0141\u00f3d\u017a : Ksi\u0119\u017cy M\u0142yn Dom Wydawniczy 2025.<\/li>\n<li>&#8220;Marywil&#8221; &#8211; ogie\u0144 i czas : dziedzictwo ceramiczne Radomia \/ Marta Wiktoria Trojanowska, Tomasz Staniszewski. &#8211; Radom : Muzeum im. J. Malczewskiego 2025.<\/li>\n<li>80 lat PKS : kr\u00f3tkie wspomnienia o organizacji i dzia\u0142alno\u015bci firm spod znaku PKS \/ [opracowa\u0142: Zdzis\u0142aw Szczerbaciuk]. &#8211; Warszawa : Polska Izba Gospodarcza Transportu Samochodowego i Spedycji w Warszawie [2025].<\/li>\n<li>Berendtowie : stulecie gda\u0144skich z\u0142otnik\u00f3w (1713-1804) : katalog wystawy Muzeum Gda\u0144ska Dom Uphagena &#8211; Muzeum Wn\u0119trz Mieszcza\u0144skich, 10 kwietnia &#8211; 15 wrze\u015bnia 2025 r. \/ [redakcja naukowa: Anna Fr\u0105ckowska]. &#8211; Gda\u0144sk : Muzeum Gda\u0144ska 2025.<\/li>\n<li>Kamienica Rynek 2 \/ Krzysztof Przyby\u0142owicz. &#8211; Gliwice ; Biecz : [Muzeum Ziemi Bieckiej w Bieczu] 2025.<\/li>\n<li>M.S. &#8220;Pi\u0142sudski&#8221;, M.S. &#8220;Batory&#8221; : statki, kt\u00f3re opowiedzia\u0142y Polsk\u0119 \u015bwiatu = MS Pi\u0142sudski and MS Batory : ships that told the world about Poland \/ redaktor tomu = edited by Patryk Klein. &#8211; Gda\u0144sk : Narodowe Muzeum Morskie w Gda\u0144sku 2025.<\/li>\n<li>Muzyka \u015bwiat\u0142a : witra\u017ce : od artefaktu do metafizyki \/ [redakcja naukowa: Aneta I. Oborny ; noty katalogowe: Adam Miernik]. &#8211; Szyd\u0142owiec : Muzeum Ludowych Instrument\u00f3w Muzycznych w Szyd\u0142owcu 2025.<\/li>\n<li>Od straganu do domu towarowego : architektura handlowa XIX i pierwszej po\u0142owy XX wieku \/ [redakcja: Mateusz Soli\u0144ski] ; Kujawsko-Pomorskie Centrum Kultury w Bydgoszczy. &#8211; Bydgoszcz : Kujawsko-Pomorskie Centrum Kultury w Bydgoszczy 2025.<\/li>\n<li>Polichromie : kierunek Kujawsko-Pomorskie : Europejskie Dni Dziedzictwa : 2025 \/ [autor koncepcji: Ewa Krupa ; autorzy tekst\u00f3w: Anna Maj, Katarzyna Nadratowska, Mateusz Soli\u0144ski, Krystian Strauss, Adam Szefer]. &#8211; Bydgoszcz : Kujawsko-Pomorskie Centrum Kultury w Bydgoszczy : [Dom Wydawniczy Margrafsen] 2025.<\/li>\n<li>Wincenty Wodzinowski : czu\u0142y obserwator \/ El\u017cbieta Lang, Janusz Tadeusz Nowak. &#8211; Krak\u00f3w : Muzeum Krakowa 2025.<\/li>\n<li>Karpaty : opowie\u015b\u0107 o pewnych g\u00f3rach \/ Maciej Janowski. &#8211; Krak\u00f3w : Mi\u0119dzynarodowe Centrum Kultury 2025.<\/li>\n<li>Aleksander Kotsis : katalog dzie\u0142 zebranych \/ Aleksandra Krypczyk-De Barra. &#8211; Krak\u00f3w : Muzeum Narodowe w Krakowie 2025.<\/li>\n<li>Budowle s\u0142u\u017c\u0105ce kuracjom, zabawom i wygodzie go\u015bci : architektura drewniana uzdrowisk polskich w XIX i na pocz\u0105tku XX wieku \/ Gra\u017cyna Ruszczyk. &#8211; Warszawa : Instytut Sztuki PAN 2025.<\/li>\n<li>Che\u0142mo\u0144ski : przewodnik do wystawy = exhibition guidebook \/ [koncepcja i redakcja naukowa publikacji: Aleksandra Krypczyk-De Barra]. &#8211; Krak\u00f3w : Muzeum Narodowe w Krakowie 2025.<\/li>\n<li>Katalog zabytk\u00f3w sztuki : miasto Przemy\u015bl. Cz. 2, Zasanie \/ oprac. Dagny Nestorow, Rafa\u0142 Nestorow. &#8211; Warszawa :\u00a0 Instytut Sztuki Polskiej Akademii Nauk 2025.<\/li>\n<li>Katalog zabytk\u00f3w sztuki : wojew\u00f3dztwo lubelskie : Kock i okolice \/ red. i oprac. Katarzyna Kolendo-Korczakowa, Anna Ole\u0144ska, Marcin Zgli\u0144ski. &#8211; Warszawa :\u00a0 Instytut Sztuki Polskiej Akademii Nauk 2025.<\/li>\n<li>Modernistyczna architektura wschodniokarpackich uzdrowisk : (dawne wojew\u00f3dztwa lwowskie i stanis\u0142awowskie) \/ Weronika Grzesiak. &#8211; Warszawa : Narodowy Instytut Dziedzictwa Kulturowego za Granic\u0105 Polonika 2025.<\/li>\n<li>Muzea domowe 2025 : muzea prywatne i kolekcjonerzy w Polsce i zagranic\u0105 : wyb\u00f3r materia\u0142\u00f3w pokonferencyjnych \/ [red. Maria Marcinkowska]. &#8211; Nowy S\u0105cz : Muzeum Ziemi S\u0105deckiej 2025.<\/li>\n<li>Sinibaldo Scorza&#8217;s drawings in the Princes Czartoryski Collection in the National Museum in Krakow : a complete catalogue \/ Jan K. Ostrowski, Ewa Nogie\u0107-Czepiel, Agnieszka Widacka. &#8211; Krak\u00f3w : Muzeum Narodowe w Krakowie 2025.<\/li>\n<li>Ukryte znaczenia : motyw wn\u0119trz w sztuce polskiej od XIX do XXI wieku = Hidden meanings : the motif of interiors in Polish art from the 19th to the 21st century \/ red. Agnieszka Skalska. &#8211; Pozna\u0144 : Muzeum Narodowe w Poznaniu 2025.<\/li>\n<li>Ulec z\u0142udzeniu : badania i konserwacja obrazu &#8220;Targ na jarzyny na placu \u017belaznej Bramy w Warszawie&#8221; \/ [autorzy: Arkadiusz Krawczyk, Agnieszka R\u0119kawek ; redakcja merytoryczna: Agnieszka Kunicka-Goldfinger]. &#8211; Pozna\u0144 : Muzeum Narodowe w Poznaniu 2025.<\/li>\n<li>Pi\u0119kno nieoczywiste : konserwacja przedmiot\u00f3w u\u017cytku codziennego ze zbior\u00f3w Muzeum Narodowego Ziemi Przemyskiej oraz Wielkopolskiego Muzeum Niepodleg\u0142o\u015bci \/ Aleksandra Grali\u0144ska-Grubecka, Zuzanna Jarmulska-Kr\u00f3l, Adam Ka\u017amierczak, Piotr Ma\u0107ko, Piotr Niemcewicz, Agata Ogi\u0144ska, Arletta Piasecka, Gra\u017cyna Szczepa\u0144ska. &#8211; Toru\u0144 : Wydawnictwo Naukowe Uniwersytetu Miko\u0142aja Kopernika 2025.<\/li>\n<li>Wok\u00f3\u0142 zagadnie\u0144 warsztatu artysty: malarza, rze\u017abiarza, architekta&#8230; T. 3 \/ redakcja naukowa Ewa Dole\u017cy\u0144ska-Sewerniak i Ryszard M\u0105czy\u0144ski. &#8211; Toru\u0144 : Wydawnictwo Naukowe Uniwersytetu Miko\u0142aja Kopernika 2025.<\/li>\n<li>Metro Stefana Starzy\u0144skiego? \/ Jakub Jastrz\u0119bski. &#8211; Warszawa : Skarpa Warszawska 2025.<\/li>\n<li>Pod Z\u0142ot\u0105 Palm\u0105 : Rynek 58 we Wroc\u0142awiu : budynek &#8211; ludzie &#8211; biblioteka \/ Rafa\u0142 Werszler. &#8211; Wroc\u0142aw : Oficyna Wydawnicza ATUT 2025.<\/li>\n<li>Twierdza zroszona krwi\u0105 : polski G\u0142og\u00f3w w r\u0119kach Niemc\u00f3w i Sowiet\u00f3w \/ Marek A. Koprowski. &#8211; Pozna\u0144 : Wydawnictwo Replika 2025.<\/li>\n<li>\u015awi\u0105tynia i \u015bmietnik : architektura dla \u017cycia \/ Grzegorz Pi\u0105tek. &#8211; Warszawa : Wydawnictwo Wab 2025.<\/li>\n<li>Blokowiska Lublina : ZOR Zach\u00f3d, LSM I Mickiewicza, LSM II S\u0142owackiego, LSM III Bronowice, Tatary, Przyja\u017a\u0144, Kalinowszczyzna, Kalinowszczyzna II Motor, Czech\u00f3w, Kruczkowskiego \/ Ma\u0142gorzata Domaga\u0142a. &#8211; \u0141\u00f3d\u017a : Ksi\u0119\u017cy M\u0142yn Dom Wydawniczy 2025.<\/li>\n<li>By\u0142o takie miasto&#8230; : Warszawa na starych zdj\u0119ciach i kartach pocztowych z kolekcji Rafa\u0142a Bielskiego. T. 3, 1918-1939 \/ t\u0142umaczenie: Dorota Radzimi\u0144ska. &#8211; Warszawa : Skarpa Warszawska 2025.<\/li>\n<li>Diagnostyka, rewitalizacja i monitoring zabytkowych obiekt\u00f3w budowlanych \/ Dariusz Bajno. &#8211; Warszawa : Wydawnictwo Naukowe PWN 2025.<\/li>\n<li>Przystanek Tworki : historia pewnego szpitala \/ Grzegorz \u0141y\u015b. &#8211; Warszawa : Wydawnictwo WAB 2025.<\/li>\n<li>Ziemianie z podkarpackich dwor\u00f3w. T. 2 \/ \u0141ukasz Bajda. &#8211; Rzesz\u00f3w : Libra PL 2025.<\/li>\n<li>Fundamentowanie budynku drewnianego \/ Piotr Horodyski. &#8211; Lublin ; Krak\u00f3w : Boni Libri 2025.<\/li>\n<li>Siedem zasad remontu budynku drewnianego \/ Monika Bogdanowska, Piotr Horodyski, Katarzyna Sielicka. &#8211; Lublin ; Krak\u00f3w : Boni Libri 2025.<\/li>\n<\/ol>\n<p>[\/et_pb_toggle][et_pb_toggle title=&#8221;2025&#8243; open_toggle_text_color=&#8221;#e52330&#8243; closed_toggle_text_color=&#8221;#000000&#8243; _builder_version=&#8221;4.27.5&#8243; _module_preset=&#8221;default&#8221; title_font=&#8221;|700|||||||&#8221; closed_title_font=&#8221;|700|||||||&#8221; width=&#8221;100%&#8221; custom_margin=&#8221;||10px|||&#8221; locked=&#8221;off&#8221; global_colors_info=&#8221;{}&#8221;]<\/p>\n<p><span style=\"color: #999999;\">liczba nowo\u015bci: 479<\/span><\/p>\n<p><strong>grudzie\u0144<br \/><span style=\"color: #999999;\">liczba nowo\u015bci: 55<\/span><\/strong><\/p>\n<ol>\n<li>Bydgoskie Zak\u0142ady Elektromechaniczne Belma S.A. : 155 lat \/ tekst Edmund Jask\u00f3lski, Kamila Paj\u0105czkowska. &#8211; Bydgoszcz : Bydgoskie Zak\u0142ady Elektromechaniczne Belma S.A. : Wydawnictwo Pejza\u017c Stadnicki s.k., 2023.<\/li>\n<li>In\u017cynier Stefan Ciszewski : pionier polskiego przemys\u0142u elektrotechnicznego i jego fabryka \/ Rafa\u0142 Berger, Janusz Nowastowski. &#8211; Bydgoszcz : Stowarzyszenie Elektryk\u00f3w Polskich, 2024.<\/li>\n<li>Historia zamku, wsi i miasta Korfant\u00f3w : od pradziej\u00f3w do wsp\u00f3\u0142czesno\u015bci \/ Marek Misztal. &#8211; Korfant\u00f3w : Gmina Korfant\u00f3w, 2025.<\/li>\n<li>Kczewo : szkic do dziej\u00f3w miejscowo\u015bci do 1989 roku \/ Barbara K\u0105kol. &#8211; [Kartuzy] : Gmina Przodkowo : Muzeum Kaszubskie im. Franciszka Tredera : Towarzystwo Przyjaci\u00f3\u0142 Muzeum Kaszubskiego ; Gdynia : Wydawnictwo REGION Jaros\u0142aw Ellwart, 2023.<\/li>\n<li>Nietoperz w \u015bwi\u0105tyni : biografia Jerzego Nowosielskiego \/ Krystyna Czerni. &#8211; Wyd 3., przejrzane i uzupe\u0142nione. &#8211; Krak\u00f3w : Wydawnictwo Wysoki Zamek : Muzeum Narodowe w Krakowie, 2025.<\/li>\n<li>W kr\u0119gu sztuki baroku : ze zbior\u00f3w Muzeum Archidiecezji Lubelskiej \/ [redakcja katalogu: Nina Matczak]. &#8211; Ciechan\u00f3w : Muzeum Szlachty Mazowieckiej w Ciechanowie, 2025.<\/li>\n<li>Warto\u015bci a niematerialne dziedzictwo kulturowe : aksjosemiotyczne studium Wigilii Bo\u017cego Narodzenia\u00a0\/ Katarzyna Smyk. &#8211; Lublin : Wydawnictwo Uniwersytetu Marii Curie-Sk\u0142odowskiej, 2025.<\/li>\n<li>Za obiektywem : krakowskie zak\u0142ady fotograficzne pierwszej po\u0142owy XX wieku : katalog wystawy \/ scenariusz i opracowanie Barbara Zbroja. &#8211; Krak\u00f3w : Archiwum Narodowe w Krakowie, 2022.<\/li>\n<li>Zofia Formela : ig\u0142\u0105 i d\u0142utem \/ Barbara K\u0105kol. &#8211; Kartuzy : Muzeum Kaszubskie im. Franciszka Tredera : Towarzystwo Przyjaci\u00f3\u0142 Muzeum Kaszubskiego, 2024.<\/li>\n<li>Atlas historyczny miast polskich. T. 1, Prusy Kr\u00f3lewskie i Warmia. Z. 8, Toru\u0144 \/ autorzy Roman Czaja, Rados\u0142aw Golba, Cezary Kardasz, Jaros\u0142aw K\u0142aczkow, Zenon Kozie\u0142, Krzysztof Mikulski, Agnieszka Pilarska, Agnieszka Zieli\u0144ska. &#8211; Toru\u0144 : Wydawnictwo Naukowe Uniwersytetu Miko\u0142aja Kopernika, 2019.<\/li>\n<li>Lotnicze miejsca Torunia 1913-1945. Z. 2, Lotnisko Toru\u0144-Bielany \/ Arkadiusz Kali\u0144ski, Mi\u0142osz Rusiecki. &#8211; Toru\u0144 : Towarzystwo Naukowe w Toruniu, 2024.<\/li>\n<li>&#8220;Marmury Kieleckie&#8221; \/ Pawe\u0142 Kr\u00f3l, Jan Urban. &#8211; Kielce : Kieleckie Towarzystwo Naukowe, 2025.<\/li>\n<li>Matejko nieznany : dzie\u0142a z Lwowskiej Narodowej Galerii Sztuki oraz kolekcji prywatnych \/ [redaktor naukowy Mariusz Klarecki]. &#8211; Warszawa : Zamek Kr\u00f3lewski w Warszawie &#8211; Muzeum, 2024.<\/li>\n<li>Miejski konserwator zabytk\u00f3w w Poznaniu : historia i tera\u017aniejszo\u015b\u0107 1955-2025 \/ Iwona B\u0142aszczyk. &#8211; Pozna\u0144 : Wydawnictwo Miejskie Posnania : publikacja wydana z inicjatywy Miejskiego Biura Konserwatora Zabytk\u00f3w w Poznaniu, 2025.<\/li>\n<li>Pp\u0142k in\u017c. arch. Piotr Leon Czy\u017cewski : cz\u0142owiek, kt\u00f3ry wybudowa\u0142 polskie fabryki lotnicze \/ Tomasz Lachowski. &#8211; Sandomierz : Stratus, 2025.<\/li>\n<li>\u015aladami Profesora Kazimierza Bielenina : w stulecie urodzin \/ redakcja naukowa Szymon Orzechowski. &#8211; Kielce : Kieleckie Towarzystwo Naukowe, 2023.<\/li>\n<li>Zamek w Stopnicy : wst\u0119p do problematyki badawczej \/ Dariusz Kalina. \u2013 Kielce : Wydawnictwo \u015awiatowid ; Stopnica : na zlecenie Gminnego Centrum Kultury w Stopnicy, 2014.<\/li>\n<li>Atlas historyczny miast polskich. T. 5, Ma\u0142opolska. Z. 6, Tarn\u00f3w \/ redaktor Zdzis\u0142aw Noga ; autorzy Konrad Meus, Zdzis\u0142aw Noga, Miros\u0142aw P\u0142onka, Marcin Sepia\u0142, Andrzej Szpunar. &#8211; Toru\u0144 ; Krak\u00f3w : Towarzystwo Naukowe w Toruniu, 2024.<\/li>\n<li>Atlas historyczny miast polskich. T. 5, Ma\u0142opolska. Z. 9, Zamo\u015b\u0107 \/ redaktor Zdzis\u0142aw Noga ; autorzy Zdzis\u0142aw Noga, Ryszard Szczygie\u0142, Jakub \u017bygawski ; opracowanie kartograficzne: Jakub Kuna, Mateusz Zawadzki. &#8211; Toru\u0144 ; Krak\u00f3w : Towarzystwo Naukowe w Toruniu, 2024.<\/li>\n<li>Integracja wok\u00f3\u0142 dziedzictwa : materia\u0142y na III Kongres Konserwator\u00f3w Polskich 14\u201316 X 2025. T. 1, Pami\u0119tnik Pierwszego Zjazdu Mi\u0142o\u015bnik\u00f3w Ojczystych Zabytk\u00f3w w Krakowie w dniach 3 i 4 lipca 1911 roku \/ redaktorzy Jacek Rulewicz, Roman Marcinek. &#8211; Warszawa ; Krak\u00f3w : StowarzyszenieKonserwator\u00f3w Zabytk\u00f3w, 2025.<\/li>\n<li>Integracja wok\u00f3\u0142 dziedzictwa : materia\u0142y na III Kongres Konserwator\u00f3w Polskich 14\u201316 X 2025. T. 2, Raporty zespo\u0142\u00f3w eksperckich zorganizowanych przez zarz\u0105d g\u0142\u00f3wny Stowarzyszenie Konserwator\u00f3w Zabytk\u00f3w \/ redaktorzy Jacek Rulewicz, Roman Marcinek. &#8211; Warszawa ; Krak\u00f3w : Stowarzyszenia Konserwator\u00f3w Zabytk\u00f3w, 2025.<\/li>\n<li>Po pozna\u0144sku : raport o niematerialnym dziedzictwie miasta \/ red. nauk. Anna Weronika Brzezi\u0144ska, Karolina Echaust, Monika Herkt. &#8211; Pozna\u0144 : Pozna\u0144skie Centrum Dziedzictwa ; Wroc\u0142aw : Polskie Towarzystwo Ludoznawcze, 2025.<\/li>\n<li>400 lat Klasztoru Franciszkan\u00f3w w Wieliczce \/ opracowanie zbiorowe: o. Mariusz Tabor OFM, o. Kamil Kura\u015b OFM, o. Alojzy Warot OFM, Marek Skubisz. &#8211; Wieliczka : Muzeum \u017bup Krakowskich, 2025.<\/li>\n<li>Architektura kampus\u00f3w \/ Piotr \u017babicki. &#8211; Warszawa : Warszawska Firma Wydawnicza, 2021.<\/li>\n<li>Cunctis patet ingressus : zbiory Anny i Paw\u0142a Maciukiewicz\u00f3w : katalog wystawy zorganizowanej przez Muzeum \u017bup Krakowskich Wieliczka w Zamku \u017bupnym (13 marca &#8211; 8 czerwca 2025) \/ Anna i Pawe\u0142 Maciukiewicz. &#8211; Wieliczka : Muzeum \u017bup Krakowskich, 2025.<\/li>\n<li>Lampy g\u00f3rnicze : zbiory Muzeum \u017bup Krakowskich Wieliczka \/ Urszula Mr\u00f3z. &#8211; Wieliczka : Muzeum \u017bup Krakowskich, 2025.<\/li>\n<li>Ulice Bemowa \/ Marek Wagner. &#8211; Warszawa : Warszawska Firma Wydawnicza, 2025.<\/li>\n<li>Znane &#8211; nieznane : Wieliczka na fotografii z czas\u00f3w zaboru austriackiego \/ Barbara Konwerska. &#8211; Wieliczka : Muzeum \u017bup Krakowskich, 2025.<\/li>\n<li>Dziedzictwo przestrzenne G\u00f3rnego \u015al\u0105ska w procesie przekszta\u0142ce\u0144 : szanse i zagro\u017cenia \/ redakcja naukowa Magdalena \u017bmudzi\u0144ska-Nowak, Rafa\u0142 Radziewicz-Winnicki. &#8211; Gliwice : Wydawnictwo Politechniki \u015al\u0105skiej, 2025.<\/li>\n<li>Odlewnictwo artystyczne : przegl\u0105d wybranych technologii formowania i odlewania \/ J\u00f3zef Gawro\u0144ski, Marcin Stawarz, Jan Szajnar, Tadeusz Wojarski. &#8211; Gliwice : Wydawnictwo Politechniki \u015al\u0105skiej, 2025.<\/li>\n<li>Dziedzictwo unii brzeskiej \/ red. Rados\u0142aw Dobrowolski, Mariusz Zem\u0142o. &#8211; Lublin : Wydawnictwo KUL ; Supra\u015bl : Collegium Suprasliense, 2012.<\/li>\n<li>Napoleon Orda : ze zbior\u00f3w Muzeum im. Kazimierza Pu\u0142askiego w Warce, 15 grudnia 2022-14 maja 2023 = Napoleon Orda : 15 grudn\u00e2 2022-14 travn\u00e2 2023 \/ kurator wystawy: Karol Kucharski = kurator vistavki Karol\u02b9 Kuhars\u02b9kij ; wsp\u00f3\u0142praca: Iwona Stefaniak = spivprac\u00e2 Ivona Stefan\u00e2k. &#8211; Warka : Muzeum im. Kazimierza Pu\u0142askiego w Warce, [2022].<\/li>\n<li>Opactwo Cysters\u00f3w w Krzeszowie : europejski o\u015brodek sztuki i my\u015bli teologicznej \/ redakcja naukowa: Andrzej Kozie\u0142, ks. S\u0142awomir Stasiak. &#8211; Wroc\u0142aw : Papieski Wydzia\u0142 Teologiczny we Wroc\u0142awiu, 2025.<\/li>\n<li>Podr\u00f3\u017ce artystyczne : artysta w podr\u00f3\u017cy \/ pod red. Ryszarda Kasperowicza, Jacka Ja\u017awierskiego, Marcina Pastwy. &#8211; Lublin : Towarzystwo Naukowe Katolickiego Uniwersytetu Lubelskiego Jana Paw\u0142a II : Katolicki Uniwersytet Lubelski Jana Paw\u0142a II, 2010.<\/li>\n<li>Skrzynki pocztowe : w zbiorach Muzeum Poczty i Telekomunikacji we Wroc\u0142awiu \/ Tomasz Suma. &#8211; Wroc\u0142aw : Muzeum Poczty i Telekomunikacji, 2025.<\/li>\n<li>Widoki poczty : katalog zbior\u00f3w dawnej poczt\u00f3wki \/ Tomasz Suma. &#8211; Wroc\u0142aw : Muzeum Poczty i Telekomunikacji, 2023.<\/li>\n<li>Bitwy o metro \/ Andrzej Rogi\u0144ski. &#8211; Warszawa : Oficyna Wydawniczo-Poligraficzna &#8220;Adam&#8221;, 2008.<\/li>\n<li>Czterdzie\u015bci miast-ogrod\u00f3w : dzieje budowy i architektura kolonii urz\u0119dniczych na ziemiach wschodnich II Rzeczypospolitej 1924-1925 \/ Micha\u0142 Pszcz\u00f3\u0142kowski. &#8211; Warszawa : Narodowy Instytut Dziedzictwa Kulturowego za Granic\u0105 Polonika, 2025.<\/li>\n<li>Mosty na Wi\u015ble i ich budowniczowie \/ Boles\u0142aw Chwa\u015bci\u0144ski ; [Fundacja Rozwoju Nauki w Zakresie In\u017cynierii L\u0105dowej im. A. i Z. Wasiuty\u0144skich]. &#8211; Warszawa : FAZW, 1997.<\/li>\n<li>Architektura nazistowskich oboz\u00f3w zag\u0142ady w Be\u0142\u017ccu, Sobiborze i Treblince \/ Annika Wienert ; t\u0142umaczenie Ma\u0142gorzata S\u0142abicka-Turpeinen. &#8211; Lublin : Pa\u0144stwowe Muzeum na Majdanku, 2022.<\/li>\n<li>Problematyka w\u0142asno\u015bci nieruchomo\u015bci warszawskich w okresie PRL i przemian ustrojowych \/ Micha\u0142 G\u00f3rski. &#8211; Toru\u0144 : Wydawnictwo Adam Marsza\u0142ek, 2006.<\/li>\n<li>Targowa 50\/52 : posesja i jej mieszka\u0144cy = the property and its residents \/ [teksty Katarzyna Kuzko-Zwierz, Jolanta Wi\u015bniewska]. &#8211; Wydanie 2. poprawione i uzupe\u0142nione. &#8211; Warszawa : Muzeum Warszawy, 2017.<\/li>\n<li>Warszawa Bielany wczoraj i dzi\u015b = Warsaw-Bielany yesterday and today \/ [tekst Jaros\u0142aw Zieli\u0144ski ; fot. Mariola Godlewska, Andrzej Widerkiewicz]. &#8211; Warszawa : Gmina Warszawa-Bielany ; Bydgoszcz : Unitex&#8221;, 2001.<\/li>\n<li>Wawer : korzenie i wsp\u00f3\u0142czesno\u015b\u0107 \/ Jan Czerniawski. &#8211; Warszawa : Urz\u0105d m.st. Warszawy. Wydzia\u0142 Kultury dla Dzielnicy Wawer, 2008.<\/li>\n<li>Integracja wok\u00f3\u0142 dziedzictwa : materia\u0142y na III Kongres Konserwator\u00f3w Polskich 14\u201316 X 2025. T. 3, Materia\u0142y uzupe\u0142niaj\u0105ce dyskusje przedkongresowe \/ redaktorzy Jacek Rulewicz, Roman Marcinek. &#8211; Warszawa ; Krak\u00f3w : Stowarzyszenie Konserwator\u00f3w Zabytk\u00f3w, 2025.<\/li>\n<li>Vodeni znakovi XIII. i XIV. vijeka. 1 \/ priredili Vladimir A. Mo\u0161in i Seid M. Tralji\u0107. &#8211; Zagreb : Jugoslavenska Akademija Znanosti i Umjetnosti. Historijski Institut, 1957.<\/li>\n<li>Dawne mistrzynie : kobiety, sztuka i ideologia \/ Rozsika Parker, Griselda Pollock ; przek\u0142ad Anna Arno. &#8211; Sopot : Smak S\u0142owa, 2025.<\/li>\n<li>Krzemionki opatowskie prag\u00f3rnicz\u0105 genez\u0105 naszej cywilizacji : g\u00f3rnicy z AGH w Krakowie na 100-lecie odkrycia prastarych kopal\u0144 krzemienia pasiastego \/ Tadeusz Miko\u015b, Andrzej Szumi\u0144ski, Antoni Tajdu\u015b, Tomasz Migdas. &#8211; Krak\u00f3w : Wydawnictwa AGH, 2025.<\/li>\n<li>Odrzania : podr\u00f3\u017c po ziemiach odzyskanych \/ Zbigniew Rokita. &#8211; Krak\u00f3w : Znak Litera Nova, 2023.<\/li>\n<li>Patron i jego budowniczy : dzieje wsp\u00f3\u0142pracy ksi\u0119cia Stanis\u0142awa Poniatowskiego z architektem Stanis\u0142awem Zawadzkim \/ Ryszard M\u0105czy\u0144ski. &#8211; Toru\u0144 : Wydawnictwo Naukowe Uniwersytetu Miko\u0142aja Kopernika, 2025.<\/li>\n<li>Prawie nic : J\u00f3zef Czapski : biografia malarza \/ Eric Karpeles ; prze\u0142o\u017cy\u0142 Marek Fedyszak. &#8211; Warszawa : Noir sur Blanc, 2025.<\/li>\n<li>Renowacje obiekt\u00f3w budowlanych : projektowanie i warunki techniczne wykonania i odbioru rob\u00f3t \/ Maciej Rokiel. &#8211; Wydanie II uzupe\u0142nione. &#8211; Warszawa : Grupa Medium, 2025.<\/li>\n<li>W\u0142asny \u015bwiat : artystki wobec przeciwno\u015bci \/ Frances Borzello ; prze\u0142o\u017cy\u0142a Ma\u0142gorzata Glasenapp. &#8211; Warszawa : PWN, 2025.<\/li>\n<li>Ziemianki : co panie z dwor\u00f3w \u0142\u0105czy\u0142o z ch\u0142opkami \/ Marta Strzelecka. &#8211; Warszawa : Marginesy, 2023.<\/li>\n<li>Ziemia\u0144skie \u015bwi\u0119ta i zabawy : tradycje karnawa\u0142owe, \u015blubne, do\u017cynkowe i inne \/ Tomasz Adam Pruszak. &#8211; Warszawa : Wydawnictwo Naukowe PWN, 2012.<\/li>\n<\/ol>\n<p><strong><\/strong><\/p>\n<p><strong>pa\u017adziernik<br \/><span style=\"color: #999999;\">liczba nowo\u015bci: 51<\/span><\/strong><\/p>\n<ol>\n<li>Katowice : przewodnik architektoniczny : architektura po 1945 roku \/ Jakub Br\u00f3dka. &#8211; Berlin : DOM Publishers, 2025.<\/li>\n<li>Plany Twierdzy Przemy\u015bl = The Stronghold of Przemy\u015bl &#8211; plans \/ Bogus\u0142aw Bobusia, Marek Goszty\u0142a, Monika Zub ; Archiwum Pa\u0144stwowe w Przemy\u015blu [et al.]. &#8211; Przemy\u015bl : Archiwum Pa\u0144stwowe [etc.], 2004.<\/li>\n<li>Plany Twierdzy Przemy\u015bl. Cz. 2 = The Stronghold of Przemy\u015bl &#8211; plans. Pt. 2 \/ Bogus\u0142aw Bobusia, Marek Goszty\u0142a ; [t\u0142. Walentyna Borysowa] ; Archiwum Pa\u0144stwowe w Przemy\u015blu, Przemyskie Towarzystwo Archiwistyczne &#8220;Archiwariusz&#8221; w Przemy\u015blu, Stowarzyszenie Opieki nad Twierdz\u0105 Przemy\u015bl i Dziedzictwem Kulturowym Ziemi Przemyskiej. &#8211; Przemy\u015bl : Archiwum Pa\u0144stwowe [etc.], 2006.<\/li>\n<li>Plany Twierdzy Przemy\u015bl. Cz. 3 = The Stronghold of Przemy\u015bl &#8211; plans. Pt. 3 \/ Bogus\u0142aw Bobusia, Marek Goszty\u0142a, Lech Licho\u0142ai ; [t\u0142. Walentyna Borysowa] ; Archiwum Pa\u0144stwowe w Przemy\u015blu, Przemyskie Towarzystwo Archiwistyczne &#8220;Archiwariusz&#8221; w Przemy\u015blu, Stowarzyszenie Opieki nad Twierdz\u0105 Przemy\u015bl i Dziedzictwem Kulturowym Ziemi Przemyskiej. &#8211; Przemy\u015bl : Archiwum Pa\u0144stwowe [etc.], 2010.<\/li>\n<li>Miejskie \u015bcie\u017cki : wok\u00f3\u0142 Muzeum Warszawy \/ pod redakcj\u0105 Aleksandry So\u0142tan i Krzysztofa Zwierza. &#8211; Warszawa : Muzeum Warszawy, 2025.<\/li>\n<li>Czarny karnawa\u0142 : Ensor\/Wojtkiewicz = Black carnival : Ensor\/Wojtkiewicz \/ [redakcja naukowa Agnieszka Lajus, Kamilla Pijanowska-Badysiak]. &#8211; Warszawa : Muzeum Narodowe w Warszawie, \u00a9 2025.<\/li>\n<li>Julian Boss-Gos\u0142awski : ca\u0142y ten z\u0142om = all that scrap \/ teksty = texts Anna Borowiec, Monika Czerobska-Witek. &#8211; Pozna\u0144 : Fundacja 9\/11 Art Space, 2022.<\/li>\n<li>Nie tylko Bauhaus : imperatyw modernizmu w architekturze przemys\u0142owej G\u00f3rnego \u015al\u0105ska w dwudziestoleciu mi\u0119dzywojennym \/ Irma Kozina. &#8211; Katowice : Instytut im. Wojciecha Korfantego, 2025.<\/li>\n<li>Dominika\u0144ski klasztor \u015bw. Miko\u0142aja w Sochaczewie w XIII-XIX wieku \/ Micha\u0142 Skoczy\u0144ski. &#8211; Sochaczew : Stowarzyszenie &#8220;Nasz Zamek&#8221;, 2014.<\/li>\n<li>Fabryka g\u0142os\u00f3w : stuletnie dzieje warszawskiej firmy organmistrzowskiej Kami\u0144skich. Tom 2 \/ Pawe\u0142 Pasternak. &#8211; Tarn\u00f3w : Stowarzyszenie &#8220;Musicam Sacram&#8221;, 2025.<\/li>\n<li>Sacrum przydro\u017cne : krajobraz &#8211; architektura &#8211; dzieje regionu : \u0141uk\u00f3w &#8211; Radzy\u0144 Podlaski &#8211; Ryki \/ fotografie Tomasz M\u0142ynarczyk ; wst\u0119p Zbigniew Sm\u00f3\u0142ko. &#8211; Bydgoszcz : Oficyna Wydawnicza Liber Novum, 2014.<\/li>\n<li>Skarb \u015aredzki na wystawach w Muzeum Narodowym we Wroc\u0142awiu w latach 2018-2025 \/ Jacek Witecki. &#8211; Wroc\u0142aw : Muzeum Narodowe we Wroc\u0142awiu, 2025.<\/li>\n<li>A jak Anna : wczoraj i dzi\u015b pierwszego osiedla &#8220;Nowych Tych\u00f3w&#8221; \/ Maria Lipok-Bierwiaczonek. &#8211; Tychy : Muzeum Miejskie, 2009.<\/li>\n<li>Cmentarze wyznaniowe do 1945 roku w granicach wojew\u00f3dztwa lubuskiego. T. 20, Powiat nowosolski, gminy Nowa S\u00f3l i Oty\u0144 \/ Robert Romuald Kufel. &#8211; Zielona G\u00f3ra : Agencja Wydawnicza &#8220;PDN&#8221;, 2025.<\/li>\n<li>&#8220;Nam ko\u015bci\u00f3\u0142 potrzebny jak chleb&#8221; : problem budownictwa sakralnego w diecezji lubelskiej w latach 1944-1989 \/ Joanna Kumor-Mielnik. &#8211; Lublin : Wydawnictwo KUL, 2024.<\/li>\n<li>Stella : niezaistnia\u0142e osiedle przysz\u0142o\u015bci \/ [Mateusz Mi\u0142o\u0144]. &#8211; Tychy : Muzeum Miejskie w Tychach, 2025.<\/li>\n<li>Szk\u0142o Huty &#8220;Niemen&#8221; \/ Pawe\u0142 Bana\u015b. &#8211; P\u0142ock : Muzeum Mazowieckie w P\u0142ocku, 2023.<\/li>\n<li>Szk\u0142o \u015bl\u0105skie w XVIII wieku : ze zbior\u00f3w muzealnych i kolekcji prywatnych w Polsce. T. 1, Artyku\u0142y \/ El\u017cbieta Gajewska-Prorok, Aleksandra J. Kasprzak, Edyta Bernady. &#8211; Krak\u00f3w : Wydawnictwo Akademii Sztuk Pi\u0119knych im. Jana Matejki w Krakowie, 2024.<\/li>\n<li>Gabinet sztuki europejskiej : arcydzie\u0142a z Narodowego Muzeum Sztuki im. Bohdana i Warwary Chanenk\u00f3w w Kijowie : [wystawa, Zamek Kr\u00f3lewski, Warszawa, 6 grudnia 2024 &#8211; 30 marca 2025] \/ [red. nauk. Tomasz Jakubowski]. &#8211; Warszawa : Zamek Kr\u00f3lewski w Warszawie &#8211; Muzeum, 2024.<\/li>\n<li>Karolina Lanckoro\u0144ska : noblesse oblige : eseje \/ [red. nauk. Ewa W\u0142och]. &#8211; Warszawa : Zamek Kr\u00f3lewski w Warszawie &#8211; Muzeum, 2024.<\/li>\n<li>Krzesz\u00f3w &#8211; Gr\u00fcssau : autorstwo ko\u015bcio\u0142a opackiego : kilka uwag o budowaniu ko\u015bcio\u0142a bo\u017cogrobc\u00f3w w Nysie \/ Karol Guttmejer. &#8211; Warszawa : Stowarzyszenie Historyk\u00f3w Sztuki, 2025.<\/li>\n<li>Sala Tronowa : majestat kr\u00f3la i Rzeczypospolitej \/ [red. nauk. Agnieszka J\u0119drzejewska-Kurek, Pawe\u0142 Tyszka]. &#8211; Warszawa : Arx Regia : Zamek Kr\u00f3lewski w Warszawie &#8211; Muzeum, 2024.<\/li>\n<li>Anatomia antyku : cia\u0142o i ruch w rze\u017abie \/ [redaktor naukowy Norbert Hali\u0144ski]. &#8211; Warszawa : Zamek Kr\u00f3lewski w Warszawie &#8211; Muzeum, 2025.<\/li>\n<li>&#8220;Artificem commendat opus&#8221; : studia o grafice : [materia\u0142y z mi\u0119dzynarodowej konferencji, online, 18-19 listopada 2021] \/ pod red. Magdaleny Adamskiej i Agnieszki Fludy-Krokos. &#8211; Krak\u00f3w : Polska Akademia Umiej\u0119tno\u015bci, 2023.<\/li>\n<li>Drog\u0105 S3 w przesz\u0142o\u015b\u0107 : odkrycia archeologiczne z lat 2015-2017 \/ [kuratorzy wystawy i autorzy katalogu: Tomasz Stolarczyk, Przemys\u0142aw Paruzel ; Muzeum Miedzi w Legnicy]. &#8211; Legnica : Muzeum Miedzi w Legnicy, [2019].<\/li>\n<li>Katalog Gabinetu Rycin PAU w Bibliotece Naukowej PAU i PAN w Krakowie : szko\u0142a niemiecka XVI, XVII i XVIII w. : V\u00e1clav Hollar \/ Anna Olszewska ; Polska Akademia Umiej\u0119tno\u015bci, Biblioteka Naukowa PAU i PAN w Krakowie. &#8211; Krak\u00f3w : Polska Akademia Umiej\u0119tno\u015bci, 2023.<\/li>\n<li>Manifestacje warszawskie 1916-1936 \/ tekst i wyb\u00f3r Micha\u0142 Zarychta ; Instytut Pami\u0119ci Narodowej. Komisja \u015acigania Zbrodni przeciwko Narodowi Polskiemu. Oddzia\u0142 w Warszawie. &#8211; Warszawa : Wydawnictwo Instytutu Pami\u0119ci Narodowej, 2024.<\/li>\n<li>Muzeum Miedzi w Legnicy : dzieje i zbiory \/ [redakcja naukowa: Marcin Makuch, Konrad By\u015b]. &#8211; Legnica : Muzeum Miedzi w Legnicy, 2022.<\/li>\n<li>Nieodbudowany : sp\u00f3r o Zamek Kr\u00f3lewski w Warszawie 1945-1971 \/ \u0141ukasz Bukowiecki. &#8211; Warszawa : Zamek Kr\u00f3lewski w Warszawie &#8211; Muzeum, 2024.<\/li>\n<li>Przyczyny zagrzybienia budynk\u00f3w i metody ich zwalczania : praca zbiorowa \/ pod redakcj\u0105 Jana Antoniego Rubina ; [Polski Zwi\u0105zek In\u017cynier\u00f3w i Technik\u00f3w Budownictwa. Oddzia\u0142 Gliwice]. &#8211; Gliwice : Wydawnictwo Politechniki \u015al\u0105skiej, 2022.<\/li>\n<li>Splendor gloriae Dei&#8230; : barokowe z\u0142otnictwo liturgiczne ko\u015bcio\u0142\u00f3w ziemi puckiej : refleksje ikonograficzne \/ Jan P. Dettlaff. &#8211; Puck ; \u017belistrzewo : O\u015brodek Kultury, Sportu i Turystyki w Gminie Puck, 2024.<\/li>\n<li>Zabytki archeologiczne ze \u015bredniowiecznych cmentarzysk kurhanowych p\u00f3\u0142nocno-zachodniej Bia\u0142orusi w zbiorach Pa\u0144stwowego Muzeum Archeologicznego w Warszawie \/ Miko\u0142aj P\u0142awi\u0144ski. &#8211; Warszawa : Wydzia\u0142 Archeologii Uniwersytetu Warszawskiego ; Pa\u0144stwowe Muzeum Archeologiczne w Warszawie, 2024.<\/li>\n<li>Gliwice : biografia miasta \/ Bogus\u0142aw Tracz. &#8211; Gliwice : Muzeum w Gliwicach, 2018.<\/li>\n<li>Gliwice znane i nieznane IX : zabytki Gliwickich Dni Dziedzictwa Kulturowego \/ pod redakcj\u0105 Damiana Rec\u0142awa. &#8211; Gliwice : Muzeum w Gliwicach, 2025.<\/li>\n<li>Gliwice znane i nieznane VII : zabytki Gliwickich Dni Dziedzictwa Kulturowego \/ redakcja tomu Anna Kwiecie\u0144. &#8211; Gliwice : Muzeum w Gliwicach, 2021.<\/li>\n<li>Kopalnie i huty Katowic \/ Grzegorz Grzegorek, Adam Fru\u017cy\u0144ski, Piotr Rygus tekst ; Grzegorz Grzegorek kreacja i redakcja ; Leszek Jodli\u0144ski wst\u0119p. &#8211; Katowice : Wydawnictwo Prasa i Ksi\u0105\u017cka Grzegorz Grzegorek ; Zabrze : przy wsp\u00f3\u0142pracy Muzeum G\u00f3rnictwa W\u0119glowego, 2017.<\/li>\n<li>Mury i szczeliny : przestrzenie getta warszawskiego \/ Justyna Majewska. &#8211; Warszawa : \u017bydowski Instytut Historyczny im. Emanuela Ringelbluma, 2024.<\/li>\n<li>Spirala : zwierzenia projektanta \/ Romana Duszka wys\u0142ucha\u0142a Ewa Satalecka. &#8211; Krak\u00f3w : Karakter, 2021.<\/li>\n<li>Synagogi na G\u00f3rnym \u015al\u0105sku \/ Bo\u017cena Kubit, Przemys\u0142aw Nadolski, Jerzy Krzysztof Kos. &#8211; Wydanie drugie (uzupe\u0142nione). &#8211; Gliwice : Muzeum w Gliwicach, 2025.<\/li>\n<li>Ksi\u0119ga pami\u0119ci gminy \u017cydowskiej w Soko\u0142ach \/ redakcja orygina\u0142u Mosze Grosman ; redakcja naukowa wydania polskiego Ma\u0142gorzata Krystyna Fr\u0105ckiewicz, Justyna Majewska, Miros\u0142aw Reczko ; konsultacje regionalisty Henryk Pogorzelski ; t\u0142umaczenie z j\u0119zyka jidysz Aleksandra Kr\u00f3l, t\u0142umaczenie z j\u0119zyka angielskiego Miros\u0142aw Reczko. &#8211; \u0141om\u017ca : \u0141om\u017cy\u0144skie Towarzystwo Naukowe im. Wag\u00f3w : Polskie Towarzystwo Historyczne. Oddzia\u0142 w \u0141om\u017cy, 2025.<\/li>\n<li>Zniszczenie i odbudowa Zamku Kr\u00f3lewskiego w Warszawie \/ Bo\u017cena Radzio. &#8211; Wydanie 2 zmienione. &#8211; Warszawa : Zamek Kr\u00f3lewski w Warszawie &#8211; Muzeum, 2025.<\/li>\n<li>Ubiory z krypt ko\u015bcio\u0142a \u015bw. Franciszka z Asy\u017cu w Krakowie : polski ubi\u00f3r narodowy, \u017cupany, czechmany, ferezje, delie, kontusze, damskie suknie, szaty, koszule, ubiory dzieci\u0119ce, ubiory os\u00f3b duchownych, ubiory cz\u0142onk\u00f3w Arcybractwa Dobrej \u015amierci, dodatki do ubior\u00f3w \/ Anna Dr\u0105\u017ckowska. &#8211; Toru\u0144 : Wydawnictwo Naukowe Uniwersytetu Miko\u0142aja Kopernika, 2025.<\/li>\n<li>3 Maja \/ Urszula Karasi\u0144ska. &#8211; Gorlice : Miasto Gorlice : Miejska Biblioteka Publiczna im. Stanis\u0142awa Gabryela w Gorlicach, 2023.<\/li>\n<li>Jagie\u0142\u0142y \/ Urszula Karasi\u0144ska. &#8211; Gorlice : Miasto Gorlice : Miejska Biblioteka Publiczna im. Stanis\u0142awa Gabryela w Gorlicach, 2021.<\/li>\n<li>Ks. \u015awieykowskiego, Pi\u0142sudskiego, Narutowicza, \u0141ukasiewicza \/ Urszula Karasi\u0144ska. &#8211; Gorlice : Miasto Gorlice : Miejska Biblioteka Publiczna im. Stanis\u0142awa Gabryela w Gorlicach, 2024.<\/li>\n<li>Str\u00f3\u017cowska \/ Urszula Karasi\u0144ska. &#8211; Gorlice : Miasto Gorlice : Miejska Biblioteka Publiczna im. Stanis\u0142awa Gabryela w Gorlicach, 2021.<\/li>\n<li>Wr\u00f3blewskiego \/ Urszula Karasi\u0144ska. &#8211; Gorlice : Miasto Gorlice : Miejska Biblioteka Publiczna im. Stanis\u0142awa Gabryela w Gorlicach, 2025.<\/li>\n<li>Aglo : bank\u0105 po \u015al\u0105sku \/ Zbigniew Rokita. &#8211; Krak\u00f3w : Znak Litera Nova, 2025.<\/li>\n<li>Hotel Twoich Sn\u00f3w : architektura hotelowa wielkomiejskiej Polski doby Edwarda Gierka \/ red. Artur Tanikowski. &#8211; Warszawa : Narodowy Instytut Architektury i Urbanistyki, 2025.<\/li>\n<li>Kolekcje dizajnu : historie rzeczy znanych i mniej znanych \/ Aleksandra Koperda. &#8211; Krak\u00f3w : Znak Koncept, 2025.<\/li>\n<li>Tychy oczywiste i nieoczywiste : ksi\u0105\u017c\u0119ce \u015blady, dotkni\u0119cie sacrum i nowe miasto \/ Maria Lipok-Bierwiaczonek ; wst\u0119p Marek S. Szczepa\u0144ski. &#8211; Tychy : Urz\u0105d Miasta : Muzeum Miejskie, 2015.<\/li>\n<\/ol>\n<p><strong><\/strong><\/p>\n<p><strong>wrzesie\u0144<br \/><span style=\"color: #999999;\">liczba nowo\u015bci: 75<\/span><\/strong><\/p>\n<ol>\n<li>Delta : przez \u017bu\u0142awy \/ Tomasz S\u0142omczy\u0144ski. &#8211; Wo\u0142owiec : Wydawnictwo Czarne, 2025.<\/li>\n<li>Goodbye Gierek : cosmoderna \/ Marcin Wojdak. &#8211; Krak\u00f3w : Znak Koncept, 2025.<\/li>\n<li>Przedwojenna architektura \u017cydowska : najpi\u0119kniejsze fotografie \/ Stanis\u0142aw Kryci\u0144ski. &#8211; Warszawa : Wydawnictwo RM, cop. 2014.<\/li>\n<li>Tu Muran\u00f3w : dzielnica ponad gruzami \/ [koncepcja i redakcja merytoryczna Kamila Radecka-Mikulicz]. &#8211; Warszawa : Muzeum Historii \u017byd\u00f3w Polskich POLIN, 2020.<\/li>\n<li>W obiektywie bia\u0142ostockiego fotoreportera : 1956-1980 \/ Zdzis\u0142aw Zaremba. &#8211; Bia\u0142ystok : Fundacja S\u0105siedzi, 2018.<\/li>\n<li>Powiat Szamotulski : historia i zabytki \/ [teksty Michalina Janaszak]. &#8211; Szamotu\u0142y : Powiat Szamotulski ; Muzeum &#8211; Zamek G\u00f3rk\u00f3w w Szamotu\u0142ach, [2013].<\/li>\n<li>Krakowskie, Tatry i Pieniny \/ [tekst Jan Lankau, Mieczys\u0142aw \u015awierz, Kazimierz Sosnowski ; obja\u015bn. fot. Antoni Karczewski]. &#8211; Rzesz\u00f3w : Libra PL, 2012.<\/li>\n<li>Krak\u00f3w \/ [tekst Tadeusz Szyd\u0142owski, obja\u015bn. fot. Antoni Karczewski]. &#8211; Rzesz\u00f3w : Libra PL, 2012.<\/li>\n<li>Morze i Pomorze \/ [tekst Mariusz Zaruski, Mieczys\u0142aw Or\u0142owicz]. &#8211; Rzesz\u00f3w : Libra PL, 2012.<\/li>\n<li>Wojew\u00f3dztwo warszawskie i \u0142\u00f3dzkie \/ [tekst W\u0142adys\u0142aw Woydyno ; obja\u015bn. fot.\u00a0W\u0142odzimierz Dzwonkowski]. &#8211; Rzesz\u00f3w : Libra PL, 2012.<\/li>\n<li>Wojew\u00f3dztwo wile\u0144skie i nowogrodzkie \/ [tekst Jerzy Remer (wojew\u00f3dztwo wile\u0144skie), Adam Wis\u0142ocki (wojew\u00f3dztwo nowogr\u00f3dzkie) ; obja\u015bn. fot. Antoni Karczewski]. &#8211; Rzesz\u00f3w\u00a0: Libra PL, 2012.<\/li>\n<li>Morfologiczne przekszta\u0142cenia przestrzeni miejskiej Katowic \/ Marta E. Chmielewska.- Katowice : Wydawnictwo Uniwersytetu \u015al\u0105skiego, 2016.<\/li>\n<li>Auschwitz Bauleitung : designing a death camp = Auschwitz Bauleitung : projektowanie obozu \u015bmierci \/ Piotr M. A. Cywi\u0144ski. &#8211; O\u015bwi\u0119cim : Pa\u0144stwowe Muzeum Auschwitz-Birkenau, 2023.<\/li>\n<li>Echa dawnej Warszawy : kolejne 100 adres\u00f3w. [2] \/ Ireneusz Zalewski. &#8211; Warszawa : Agencja Wydawniczo-Reklamowa Skarpa Warszawska, 2016.<\/li>\n<li>Jedyna : biografia Karoliny Lanckoro\u0144skiej \/ Marcin Wilk. &#8211; Krak\u00f3w : Wydawnictwo Znak, 2025.<\/li>\n<li>Rozbudowa KL Auschwitz 1942-1945 w \u015bwietle materia\u0142\u00f3w \u017ar\u00f3d\u0142owych = The expansion of\u00a0KL Auschwitz 1942-1945 in the light of the source materials \/ Igor Bartosik, \u0141ukasz Martyniak, Piotr Setkiewicz. &#8211; O\u015bwi\u0119cim : Pa\u0144stwowe Muzeum Auschwitz-Birkenau, 2022.<\/li>\n<li>XVI Konferencja Polskiego Muzealnictwa Morskiego i Rzecznego &#8220;Dziedzictwo Rzeki&#8221; : Krak\u00f3w 2023 \/ [pod redakcj\u0105 Marcina Wesphala]. &#8211; Gda\u0144sk : Narodowe Muzeum Morskie w Gda\u0144sku, 2025.<\/li>\n<li>Koleje w\u0105skotorowe PKP \/ Bogdan Pokropi\u0144ski. &#8211; Wydanie 2 uzupe\u0142nione. &#8211; Sulej\u00f3wek : Wydawnictwa Komunikacji i \u0141\u0105czno\u015bci, 2024.<\/li>\n<li>Kolejka marecka \/ Bogdan Pokropi\u0144ski. &#8211; Wydanie 2 przejrzane. &#8211; Sulej\u00f3wek : Wydawnictwa Komunikacji i \u0141\u0105czno\u015bci, 2024.<\/li>\n<li>&#8220;Miasto-ogr\u00f3d&#8221; \u017barki : historia \/ Dorota Malczewska-Pawelec. &#8211; Katowice : Wydawnictwo Uniwersytetu \u015al\u0105skiego, 2022.<\/li>\n<li>Niepodleg\u0142a Warszawa w obiektywie Zdzis\u0142awa Marcinkowskiego \/ [redakcja: Anna\u00a0Mieczkowska]. &#8211; Warszawa : Skarpa Warszawska ; Archiwum Pa\u0144stwowe w\u00a0Warszawie, 2018.<\/li>\n<li>Polskie t\u0119\u017cniogrody \/ Bogumi\u0142 R. Korzeniewski. &#8211; Ciechocinek ; Polanica-Zdr\u00f3j : Wydawnictwo PressForum, 2019.<\/li>\n<li>Si\u0142a niepokonana : dzieje rzemios\u0142a w Gdyni. T. 1, Lata 1920-1956 \/ Mariusz Kardas, Julian\u00a0Aleksander Micha\u015b, Ryszard Toczek. &#8211; Gdynia : Cech Rzemios\u0142a i Przedsi\u0119biorczo\u015bci ; [O\u015bwi\u0119cim] : Wydawnictwo Napoleon V, 2017.<\/li>\n<li>Ko\u015bci\u00f3\u0142 pw. \u015bw. Marcina Biskupa w Wyrzysku i&#8230; : 375 zada\u0144 i rozwi\u0105za\u0144 \/ Zbigniew\u00a0Grochowski. &#8211; Toru\u0144 : Wydawnictwo Adam Marsza\u0142ek, 2024.<\/li>\n<li>Wiktorowi Zinowi w podzi\u0119kowaniu mieszka\u0144cy Hrubieszowa : w 100. rocznic\u0119 urodzin profesora i 625. rocznic\u0119 lokacji kr\u00f3lewskiego miasta : 725 (100 plus 625) zada\u0144 i\u00a0rozwi\u0105za\u0144 \/ Zbigniew Grochowski. &#8211; Toru\u0144 : Wydawnictwo Adam Marsza\u0142ek, 2025.<\/li>\n<li>Budownictwo og\u00f3lne w uj\u0119ciu tradycyjnym \/ Erwin Wojtczak. &#8211; Wyd. II nak\u0142. III. &#8211; Gda\u0144sk : Wydawnictwo Politechniki Gda\u0144skiej, 2024.<\/li>\n<li>Kamienie milowe : materia\u0142y opracowane z okazji obchod\u00f3w Europejskich Dni Dziedzictwa 2011 w wojew\u00f3dztwie zachodniopomorskim \/ [red. Anna Bartczak, Maria Witek]. &#8211; Szczecin : Biuro Dokumentacji Zabytk\u00f3w, 2011.<\/li>\n<li>Konkurs na Najlepiej Zachowany Zabytek Wiejskiego Budownictwa Drewnianego w\u00a0Wojew\u00f3dztwie Podlaskim 2016 : pod patronatem Generalnego Konserwatora Zabytk\u00f3w \/ [tekst i fot. Artur Gawe\u0142]. &#8211; Bia\u0142ystok ; Ciechanowiec : Muzeum Rolnictwa im.\u00a0ks.\u00a0Krzysztofa Kluka, 2016.<\/li>\n<li>Pier\u015bcionek z or\u0142em w koronie : katalog wystawy \/ [tekst: Katarzyna Zarzycka]. &#8211; Stalowa Wola : Muzeum Regionalne, 2016.<\/li>\n<li>Ratownicy \/ Hubert Klimko-Dobrzaniecki. &#8211; Wroc\u0142aw : Biuro Festiwalowe IMPART 2016, 2017.<\/li>\n<li>Wzornik rzeszowski : haft czerwono-niebieski \/ Bart\u0142omiej Jankiewicz. &#8211; Rzesz\u00f3w : [Muzeum Okr\u0119gowe w Rzeszowie], 2021.<\/li>\n<li>Wzornik rzeszowski : haft czerwono-niebieski. Teczka 2 \/ Bart\u0142omiej Jankiewicz. &#8211; Rzesz\u00f3w\u00a0: [Muzeum Okr\u0119gowe w Rzeszowie], 2021.<\/li>\n<li>200 lat browaru w Po\u0142czynie-Zdroju : historia opowiedziana zdj\u0119ciami \/ S\u0142awomir Dryja. &#8211; Krak\u00f3w : Wydawnictwo Ksiegarnia Akademicka ; Po\u0142czyn, 2025.<\/li>\n<li>Bodzentyn utracony, odzyskany \/ Wojciech Kalwat. &#8211; Warszawa : Fundacja \u015awi\u0119tokrzyska. G\u00f3ry Historii, 2015.<\/li>\n<li>Na cegle pisane : historia miasteczka Ceg\u0142\u00f3w \/ Andrzej Marek Nowik, Artur Rogalski, Andrzej Chojnacki, Ma\u0142gorzata \u015aluzek. &#8211; Ceg\u0142\u00f3w : Gminna Biblioteka Publiczna &#8211; Kulturoteka w Ceg\u0142owie, 2021.<\/li>\n<li>Na solidnych podwalinach : historia ukryta w domach \/ Lidia G\u0142a\u017cewska-Da\u0144ko, Justyna G\u00f3rnowicz. &#8211; Otwock ; J\u00f3zef\u00f3w : Stowarzyszenie W\u0142a\u015bcicieli, Mieszka\u0144c\u00f3w i Mi\u0142o\u015bnik\u00f3w Dom\u00f3w Drewnianych na Linii Otwockiej &#8211; \u015awidermajerowie, 2025.<\/li>\n<li>Nad brzegami \u015awidra \/ praca zbiorowa pod redakcj\u0105 Stanis\u0142awa Zaj\u0105ca. &#8211; Wydanie III uzupe\u0142nione i poprawione. &#8211; Otwock : Fundacja Wspierania Kultury Brzegi Andriollego ; Mazowiecki Wojew\u00f3dzki Konserwator Zabytk\u00f3w \/ 2025.<\/li>\n<li>Anio\u0142y chrzcielne : zachowane dziedzictwo sztuki ewangelickiej \/ redakcja Miros\u0142aw Jonakowski ; Muzeum Miko\u0142aja Kopernika we Fromborku. &#8211; Frombork : Muzeum Miko\u0142aja Kopernika, 2020.<\/li>\n<li>Gmina Ceg\u0142\u00f3w : przewodnik encyklopedyczny \/ pod red. Danuty Grzegorczyk i Ma\u0142gorzaty \u015aluzek. &#8211; Ceg\u0142\u00f3w : Gminna Biblioteka Publiczna, 2014.<\/li>\n<li>Haft ludowy z Czarnkowa i okolic \/ Miko\u0142aj Ko\u0142akowski, Karolina R\u0105\u017cewska-Golik, Romualda Bartkowiak. &#8211; Czarnk\u00f3w : Muzeum Ziemi Czarnkowskiej, 2025.<\/li>\n<li>Hajstry : krajobraz bocznych dr\u00f3g \/ Adam Robi\u0144ski. &#8211; Wydanie II. &#8211; Wo\u0142owiec : Wydawnictwo Czarne, 2023.<\/li>\n<li>Kaj\u015b : opowie\u015b\u0107 o G\u00f3rnym \u015al\u0105sku \/ Zbigniew Rokita. &#8211; Wo\u0142owiec : Wydawnictwo Czarne, 2020.<\/li>\n<li>Kamienie musia\u0142y polecie\u0107 : wymazywana przesz\u0142o\u015b\u0107 Podlasia \/ Aneta Prymaka-Oniszk. &#8211; Wo\u0142owiec : Wydawnictwo Czarne, 2024.<\/li>\n<li>Kasz\u00ebb\u00eb \/ Tomasz S\u0142omczy\u0144ski. &#8211; Wo\u0142owiec : Wydawnictwo Czarne, 2021.<\/li>\n<li>Kiczery : podr\u00f3\u017c przez Bieszczady \/ Adam Robi\u0144ski. &#8211; Wo\u0142owiec : Wydawnictwo Czarne, 2019.<\/li>\n<li>Kieszonkowa metropolia : w rok dooko\u0142a Bydgoszczy \/ Micha\u0142 Tabaczy\u0144ski. &#8211; Wo\u0142owiec : Wydawnictwo Czarne, 2025.<\/li>\n<li>Leksykon oprawoznawczy \/ El\u017cbieta Pokorzy\u0144ska, Ma\u0142gorzata Pronobis-Brzezi\u0144ska, Arkadiusz Wagner. &#8211; Bydgoszcz : Wydawnictwo Uniwersytetu Kazimierza Wielkiego, 2023.<\/li>\n<li>Miasto w uj\u0119ciu interdyscyplinarnym \/ redakcja Albert S. Kotowski, Marta Rajewska. &#8211; Bydgoszcz : Wydawnictwo Uniwersytetu Kazimierza Wielkiego, 2023.<\/li>\n<li>Ogr\u00f3d Botaniczny Uniwersytetu Kazimierza Wielkiego w Bydgoszczy : historia i przyroda \/ redakcja Barbara Waldon-Rudzionek. &#8211; Bydgoszcz : Wydawnictwo Uniwersytetu Kazimierza Wielkiego, 2025.<\/li>\n<li>Orzeszkowo 14 : historie z Podlasia \/ Anna Romaniuk. &#8211; Wydanie II. &#8211; Wo\u0142owiec : Wydawnictwo Czarne, 2024.<\/li>\n<li>Per\u0142a Oporowa \/ [fotografie] \u0141ukasz Ma\u0142kiewicz ; [tekst] Maciej Urban. &#8211; Leszno : Miejska Biblioteka Publiczna im. Stanis\u0142awa Grochowiaka w Lesznie, 2024.<\/li>\n<li>Poniemieckie \/ Karolina Kuszyk. &#8211; Wo\u0142owiec : Wydawnictwo Czarne, 2019.<\/li>\n<li>Puszcza domowa : co kryje Kampinos \/ Adam Robi\u0144ski. &#8211; Wo\u0142owiec : Wydawnictwo Czarne, 2024.<\/li>\n<li>Rzeki, kt\u00f3rych nie ma \/ Maciej Robert. &#8211; Wo\u0142owiec : Wydawnictwo Czarne, 2023.<\/li>\n<li>Skarb Przybylskiego : haft ludowy z Czarnkowszczyzny \/ Miko\u0142aj Ko\u0142akowski, Karolina R\u0105\u017cewska-Golik, Romualda Bartkowiak. &#8211; Czarnk\u00f3w : Muzeum Ziemi Czarnkowskiej, 2025.<\/li>\n<li>Sk\u00f3ra anatomiczna\/sk\u00f3ra sakralna : katalog wystawy : Szpital \u015bw. Ducha (Dzia\u0142 Historii Medycyny Muzeum Miko\u0142aja Kopernika we Fromborku) : Frombork czerwiec 2022 &#8211; luty 2023 \/ [redakcja katalogu &#8211; dr Jowita Jagla].- Frombork : Muzeum Miko\u0142aja Kopernika we Fromborku, 2024.<\/li>\n<li>Sopoty \/ Tomasz S\u0142omczy\u0144ski. &#8211; Wo\u0142owiec : Wydawnictwo Czarne, 2023.<\/li>\n<li>\u015alachta : historie z podlasko-mazowieckiego pogranicza \/ Maciej Falkowski. &#8211; Wo\u0142owiec : Wydawnictwo Czarne, 2024.<\/li>\n<li>U nas ka\u017cdy jest prorokiem : o Tatarach w Polsce \/ Bartosz Panek. &#8211; Wo\u0142owiec : Wydawnictwo Czarne, 2020.<\/li>\n<li>Wieczny pocz\u0105tek : Warmia i Mazury \/ Beata Szady. &#8211; Wo\u0142owiec : Wydawnictwo Czarne, 2020.<\/li>\n<li>Wyspy odzyskane : Wolin i nieznany archipelag \/ Piotr Oleksy. &#8211; Wo\u0142owiec : Wydawnictwo Czarne, 2021.<\/li>\n<li>Za\u015bni\u0119cie Anisy : opowie\u015b\u0107 o polskich starowierach \/ Katarzyna Roman-Rawska. &#8211; Wo\u0142owiec : Wydawnictwo Czarne, 2024.<\/li>\n<li>Polki na Montparnassie \/ Sylwia Zientek. &#8211; Warszawa : Wydawnictwo Agora, 2021.<\/li>\n<li>Rubens na \u015al\u0105sku \/ [teksty Aurelia Zdu\u0144czyk, Piotr Oszczanowski ; redakcja Urszula Bednarz]. &#8211; Wroc\u0142aw : Muzeum Narodowe we Wroc\u0142awiu, 2025.<\/li>\n<li>W\u0142asna pracownia : gdzie tworzy\u0142y artystki prze\u0142omu wiek\u00f3w \/ Karolina Dzimira-Zarzycka. &#8211; Warszawa : Marginesy, 2025.<\/li>\n<li>Od szkicu do Panoramy : czterdziestolecie udost\u0119pnienia &#8220;Panoramy Rac\u0142awickiej&#8221; we\u00a0Wroc\u0142awiu \/ Natalia Sienkiewicz. &#8211; Wroc\u0142aw : Muzeum Narodowe we Wroc\u0142awiu, 2024.<\/li>\n<li>Panorama Rac\u0142awicka z bardzo bliska, czyli Zoom na detal \/ Izabela Tremba\u0142owicz-Ch\u0119\u0107. &#8211; Wroc\u0142aw : Muzeum Narodowe we Wroc\u0142awiu, 2025.<\/li>\n<li>Zamek Malbork w czasach wielkich mistrz\u00f3w oraz zarys jego dalszych dziej\u00f3w : vademecum dla zwiedzaj\u0105cych \/ [Marek Stokowski, Janusz Trupinda]. &#8211; Wydanie II. &#8211; Malbork : Muzeum Zamkowe w Malborku, [2025].<\/li>\n<li>Archeologia krakowska w latach 1815-1918 \/ Marzena Wo\u017any. &#8211; Krak\u00f3w : Polska Akademia Umiej\u0119tno\u015bci : Muzeum Archeologiczne w Krakowie, 2025.<\/li>\n<li>Jak to dzia\u0142a\u0142o? : Zabytkowe mechanizmy w zamku malborskim \/ Ryszard Rz\u0105d. &#8211; Malbork : Muzeum Zamkowe w Malborku, 2025.<\/li>\n<li>Krzy\u017cackie zamki komturskie w Prusach : topografia i uk\u0142ad przestrzenny na podstawie \u015bredniowiecznych \u017ar\u00f3de\u0142 pisanych \/ S\u0142awomir J\u00f3\u017awiak, Janusz Trupinda. &#8211; Wydanie 2 poprawione i uzupe\u0142nione. &#8211; Malbork : Muzeum Zamkowe w Malborku, 2024.<\/li>\n<li>Region Sudecki : szkice do krajobrazu kulturowego \/ [redakcja i opracowanie: Dorota \u0141uczewska, Barbara Siomkaj\u0142o]. &#8211; Wroc\u0142aw : Oficyna Wydawnicza Politechniki Wroc\u0142awskiej, 2024.<\/li>\n<li>Bo\u017cogrobcy przeworscy : studia z dziej\u00f3w Bazyliki Kolegiackiej pw. Ducha \u015awi\u0119tego i\u00a0klasztoru Kanonik\u00f3w Regularnych Grobu Bo\u017cego w Przeworsku \/ pod redakcj\u0105 \u0141ukasza Mroza i Szymona Wilka. &#8211; Przeworsk : Muzeum w Przeworsku Zesp\u00f3\u0142 Pa\u0142acowo-Parkowy : Parafia rzymskokatolicka pw. Ducha \u015awi\u0119tego ; Sandomierz : Wydawnictwo Diecezjalne i\u00a0Drukarnia Sandomierz Sp. z o.o., 2023.<\/li>\n<li>Bo\u017cogrobcy przeworscy : studia z dziej\u00f3w Bazyliki Kolegiackiej pw. Ducha \u015awi\u0119tego i\u00a0klasztoru Kanonik\u00f3w Regularnych Grobu Bo\u017cego w Przeworsku. 2 \/ pod redakcj\u0105 \u0141ukasza Mroza i Szymona Wilka. &#8211; Przeworsk : Muzeum w Przeworsku Zesp\u00f3\u0142 Pa\u0142acowo-Parkowy : Parafia rzymskokatolicka pw. Ducha \u015awi\u0119tego ; Zamo\u015b\u0107 : Akademia Zamojska. Officina Simonidis Wydawnictwo Akademii Zamojskiej ; Miech\u00f3w : Muzeum Ziemi Miechowskiej, 2025.<\/li>\n<\/ol>\n<p><strong>lipiec<br \/><span style=\"color: #999999;\">liczba nowo\u015bci: 41<\/span><\/strong><\/p>\n<ol>\n<li>Colloquia Braniciana \/ pod red. Adama Danilczyka i Waldemara F. Wilczewskiego. &#8211; Bia\u0142ystok: Muzeum Podlaskie w Bia\u0142ymstoku, 2024.<\/li>\n<li>\u015aladami Branickich \/ Anna D\u0105browska. &#8211; Bia\u0142ystok: Muzeum Podlaskie w Bia\u0142ymstoku, 2024.<\/li>\n<li>Umundurowanie, uzbrojenie i wyposa\u017cenie regimentu pieszego szefostwa Jana Klemensa Branickiego w latach 1736-1771 \/ Tomasz Karpi\u0144ski. &#8211; Bia\u0142ystok: Muzeum Podlaskie w Bia\u0142ymstoku, 2025.<\/li>\n<li>Fiedosiejewskie mniszki: artystyczna spu\u015bcizna staroobrz\u0119dowego \u017ce\u0144skiego monasteru w Wojnowie \/ [teksty Katarzyna Antonowicz, Aneta Jurgilewicz-St\u0119pie\u0144, Dominika Ka\u0142abun-Nakielska, Piotr Sawicki; redakcja Aneta Jurgilewicz-St\u0119pie\u0144, Ewa Zalewska]. &#8211; Bia\u0142ystok: Muzeum Podlaskie w Bia\u0142ymstoku, 2024.<\/li>\n<li>\u017belazny \u015bwiat: zabytkowe zamki, klucze, k\u0142\u00f3dki, okucia, skrzynie, drzwi \/ Tadeusz Fercowicz. &#8211; Wroc\u0142aw: Muzeum Narodowe we Wroc\u0142awiu, 2025.<\/li>\n<li>Aktualno\u015b\u0107 sztuki: innowacyjna opieka nad sztuk\u0105 nowoczesn\u0105 i wsp\u00f3\u0142czesn\u0105 \/ Iwona Szmelter. &#8211; Warszawa: Akademia Sztuk Pi\u0119knych w Warszawie, 2024.<\/li>\n<li>Cmentarz historyczny: poradnik dla opiekun\u00f3w \/ redakcja naukowa: Monika Bogdanowska, Dorota Sikora. &#8211; Warszawa: Narodowy Instytut Dziedzictwa, 2024.<\/li>\n<li>Jacek Malczewski w Anatolii: [wystawa, Zamek Kr\u00f3lewski na Wawelu, 30 maja &#8211; 17 sierpnia 2025] \/ Joanna Winiewicz-Wolska. &#8211; Krak\u00f3w: Zamek Kr\u00f3lewski na Wawelu &#8211; Pa\u0144stwowe Zbiory Sztuki, 2025.<\/li>\n<li>Translokacja zabytkowych budynk\u00f3w drewnianych: poradnik \/ Anna Ma\u015blak, Jan \u015awi\u0119ch, Edwin A. Wilbik. &#8211; Warszawa: Narodowy Instytut Dziedzictwa, 2024.<\/li>\n<li>Wawel na dawnej poczt\u00f3wce: [wystawa, Zamek Kr\u00f3lewski na Wawelu, 27 czerwca &#8211; 12 pa\u017adziernika 2025] \/ Katarzyna Paj\u0105k. &#8211; Krak\u00f3w: Zamek Kr\u00f3lewski na Wawelu &#8211; Pa\u0144stwowe Zbiory Sztuki, 2025.<\/li>\n<li>Dawne wzg\u00f3rze zamkowe w \u0141a\u0144cucie: wyniki bada\u0144 archeologicznych z 2017 roku = The Former Castle Hill in \u0141a\u0144cut: Results of Archaeological Research from 2017 \/ Micha\u0142 Dzik, Monika Hozer, Joanna Kluz, Miros\u0142aw Mazurek. &#8211; Rzesz\u00f3w: Wydawnictwo Uniwersytetu Rzeszowskiego; \u0141a\u0144cut: Muzeum-Zamek w \u0141a\u0144cucie, 2024.<\/li>\n<li>Mi\u0119dzy sztuk\u0105, nauk\u0105 a polityk\u0105: ochrona zabytk\u00f3w na pruskim \u015al\u0105sku w czasach Trzeciej Rzeszy \/ Grzegorz Grajewski. &#8211; Warszawa: Narodowy Instytut Dziedzictwa; Wroc\u0142aw: Muzeum Architektury we Wroc\u0142awiu, 2024.<\/li>\n<li>Pa\u0142ace Cytadeli Cabash w Algierze: historia &#8211; architektura &#8211; rewaloryzacja \/ Andrzej Macur. &#8211; Warszawa: Narodowy Instytut Dziedzictwa, 2025.<\/li>\n<li>Familoki: \u015bl\u0105skie mikrokosmosy \/ Kamil Iwanicki. &#8211; Gliwice: Helion S. A., 2023.<\/li>\n<li>Ko\u015bci\u00f3\u0142 pw. \u015bw. J\u00f3zefa w Kozienicach \/ Lucyna Czermi\u0144ska CSFA. &#8211; Krak\u00f3w: Bratni Zew Wydawnictwo Franciszkan\u00f3w, copyright 2024.<\/li>\n<li>Nowe Miasto Lubawskie: 700 lat historii. 1 \/ pod redakcj\u0105 Andrzeja Radzimi\u0144skiego. &#8211; Toru\u0144: Wydawnictwo Adam Marsza\u0142ek, 2025.<\/li>\n<li>Nowe Miasto Lubawskie: 700 lat historii. 2 \/ pod redakcj\u0105 Andrzeja Radzimi\u0144skiego. &#8211; Toru\u0144: Wydawnictwo Adam Marsza\u0142ek, 2025.<\/li>\n<li>O rysowaniu architektury \/ Janusz Sepio\u0142. &#8211; Krak\u00f3w; Budapeszt; Syrakuzy: Wydawnictwo Austeria, 2024.<\/li>\n<li>Ochrona klimatu: dlaczego tak trudno o sukces? \/ Ma\u0142gorzata Burchard-Dziubi\u0144ska. &#8211; \u0141\u00f3d\u017a: Wydawnictwo Uniwersytetu \u0141\u00f3dzkiego, 2025.<\/li>\n<li>Sztuczna inteligencja w instytucjach kultury: prawo, odpowiedzi na pytania, programy, instrukcje, wskaz\u00f3wki \/ Ma\u0142gorzata Bykowska, Katarzyna Kalita, Mariusz Kusion, Maciej Lipka. &#8211; Warszawa: Wiedza i Praktyka, 2025.<\/li>\n<li>Doctrina ex praxis: badania recepcji wzor\u00f3w graficznych w sztuce Rzeczypospolitej w XVIII wieku \/ Andrzej Betlej. &#8211; Krak\u00f3w: Wydawnictwo Towarzystwa Naukowego &#8220;Societas Vistulana&#8221;, 2025.<\/li>\n<li>Ikonografia Jagiellon\u00f3w jako kr\u00f3l\u00f3w polskich i wielkich ksi\u0105\u017c\u0105t litewskich oraz cz\u0142onk\u00f3w ich rodzin (1386-1795). T. 1 \/ Mateusz Grz\u0119da, Marek Walczak. &#8211; Krak\u00f3w: Societas Vistulana: Polskie Towarzystwo Historyczne, 2024.<\/li>\n<li>Ikonografia Jagiellon\u00f3w jako kr\u00f3l\u00f3w polskich i wielkich ksi\u0105\u017c\u0105t litewskich oraz cz\u0142onk\u00f3w ich rodzin (1386-1795). T. 2 \/ Mateusz Grz\u0119da, Marek Walczak. &#8211; Krak\u00f3w: Societas Vistulana: Polskie Towarzystwo Historyczne, 2024.<\/li>\n<li>Archiwum Sobieskich z \u017b\u00f3\u0142kwi: studia i materia\u0142y. T. 1 \/ oprac. Przemys\u0142aw Gawron, Krzysztof Kossarzecki, Tomasz Szwaci\u0144ski. &#8211; Warszawa: Muzeum Pa\u0142acu Kr\u00f3la Jana III w Wilanowie; Fundacja Lanckoro\u0144skich, 2024.<\/li>\n<li>Meczety: tatarskie miejsca modlitwy w Polsce = Mosques: Tatar places of prayer in Poland = Nas\u0101\u01e7id: am\u0101kin al-\u1e63al\u0101\u1e97 al-tat\u0101riyya\u1e97 f\u012b B\u016bland\u0101 \/ [koncepcja: Mufti Rzeczypospolitej Polskiej Tomasz Mi\u015bkiewicz; teksty, opracowanie: Barbara Pawlic-Mi\u015bkiewicz; redakcja, korekta: Musa \u00c7axarxan Czachorowski]. &#8211; Bia\u0142ystok: Muzu\u0142ma\u0144ski Zwi\u0105zek Religijny w Rzeczypospolitej Polskiej. Najwy\u017csze Kolegium Muzu\u0142ma\u0144skie, 1445 = 2023.<\/li>\n<li>(Nie)Legendy nowodworskie po raz drugi \/ Maria Mo\u017cd\u017cy\u0144ska. &#8211; Nowy Dw\u00f3r Mazowiecki; Kwidzyn: Vega Studio Adv., Tomasz M\u00fcller, 2024.<\/li>\n<li>Rubensiana w kolekcjach polskich: co jest czym: orygina\u0142, replika, kopia \/ [red. nauk.: Dorota Folga-Januszewska, Dominika Walawender-Musz]. &#8211; Warszawa: Muzeum Pa\u0142acu Kr\u00f3la Jana III w Wilanowie, 2024.<\/li>\n<li>Komorowice Krakowskie, Komorowice \u015al\u0105skie: dzieje dw\u00f3ch miejscowo\u015bci, potem czterech, a dzisiaj dzielnic(y) Bielska-Bia\u0142ej \/ Wac\u0142aw Gojniczek, Lech Krzy\u017canowski, Jerzy Sperka. &#8211; Bielsko-Bia\u0142a: Ksi\u0105\u017cnica Beskidzka w Bielsku-Bia\u0142ej: we wsp\u00f3\u0142pracy z Urz\u0119dem Miejskim w Bielsku-Bia\u0142ej: [Wydawnictwo Cum Laude], 2024.<\/li>\n<li>Micha\u0142 hr. Tyszkiewicz (1828\u20131897): wybitny kolekcjoner antyku: mi\u0119dzy W\u0142ochami a Francj\u0105 \/ Mariola Kazimierczak. &#8211; Warszawa: Polski Instytut Studi\u00f3w nad Sztuk\u0105 \u015awiata; Toru\u0144: Wydawnictwo Tako, 2024.<\/li>\n<li>Pi\u0119kno ocalone: wsp\u00f3\u0142czesna architektura w zabytku postindustrialnym \/ [redakcja naukowa: prof. dr hab. Irma Kozina]. &#8211; Katowice: Instytut im. Wojciecha Korfantego, [2025].<\/li>\n<li>Signum temporis: zielonog\u00f3rskie pomniki i rze\u017aby plenerowe = monuments and outdoor sculptures of Zielona G\u00f3ra \/ Igor Myszkiewicz. &#8211; Zielona G\u00f3ra: Stowarzyszenie Forum Art, 2024.<\/li>\n<li>W cieniu G\u00f3r Olbrzymich: o\u0142tarz g\u0142\u00f3wny w ko\u015bciele pw. \u015bw. Erazma i \u015bw. Pankracego w Jeleniej G\u00f3rze \/ Artur Kolbiarz, Andrzej Kozie\u0142. &#8211; Wroc\u0142aw: Wydawnictwo Uniwersytetu Wroc\u0142awskiego, 2025.<\/li>\n<li>Walory kulturowe ziemi cz\u0119stochowskiej: obrz\u0119dowo\u015b\u0107 doroczna, str\u00f3j ludowy, tradycyjna zabudowa: w granicach subregionu p\u00f3\u0142nocnego wojew\u00f3dztwa \u015bl\u0105skiego i powiatu zawiercia\u0144skiego \/ Robert Garstka, Aleksander Lysko. &#8211; Katowice: Instytut im. Wojciecha Korfantego, 2023.<\/li>\n<li>Cmentarze ewangelickie lewobrze\u017cnego Torunia \/ Micha\u0142 Wi\u015bniewski. &#8211; Toru\u0144: ToMiTo, 2024.<\/li>\n<li>To\u017csamo\u015bci kulturowe region\u00f3w karpackich: cz\u0142owiek &#8211; j\u0119zyk &#8211; architektura &#8211; sztuka &#8211; krajobraz \/ red. nauk. Krystyna Styrna-Bartkowicz, Anna J\u0119drysko. &#8211; Nowy Targ: Akademia Nauk Stosowanych, 2024.<\/li>\n<li>Wzornik Lasowiacki: hafty z okolic Le\u017cajska \/ Bart\u0142omiej Jankiewicz. &#8211; Rzesz\u00f3w: Muzeum Okr\u0119gowe w Rzeszowie, 2023.<\/li>\n<li>Wzornik Lasowiacki: hafty z okolic Tarnobrzega \/ Bart\u0142omiej Jankiewicz. &#8211; Rzesz\u00f3w: Muzeum Okr\u0119gowe w Rzeszowie, 2024.<\/li>\n<li>Wzornik Lasowiacki: hafty z okolic Kolbuszowej \/ Bart\u0142omiej Jankiewicz. &#8211; Rzesz\u00f3w: Muzeum Okr\u0119gowe w Rzeszowie, 2022.<\/li>\n<li>Drewniana stolarka okienna : remont metod\u0105 skandynawsk\u0105 \/ Natalia Skiepko, Monika Sabljak, Anna Dzwolak, Albert Berne. &#8211; Warszawa: Narodowy Instytut Dziedzictwa, 2024.<\/li>\n<li>Jeleniog\u00f3rskie szko\u0142y koronki ig\u0142owej = Die Hirschberger Nadelspitzenschulen \/ Stefania \u017belasko. &#8211; Jelenia G\u00f3ra: Stefania \u017belasko, 2024.<\/li>\n<li>Pa\u0142ac w Ciechanowicach: historia i tera\u017aniejszo\u015b\u0107 od \u015bredniowiecza do Meller\u00f3w \/ Danuta Eysymontt, Rafa\u0142 Eysymontt, Andrzej Kozie\u0142. &#8211; Jelenia G\u00f3ra: Wydawnictwo Ad Rem, 2025.<\/li>\n<\/ol>\n<p><strong><\/strong><\/p>\n<p><strong>czerwiec<br \/><span style=\"color: #999999;\">liczba nowo\u015bci: 44<\/span><\/strong><\/p>\n<ol>\n<li>Cz\u0142owiek, samorz\u0105d i pa\u0144stwo wobec zagro\u017ce\u0144 zabytk\u00f3w w trakcie pokoju i w czasie wojny \/ redakcja Piotr Dobosz, Adam Kozie\u0144, Joanna Kotulska, Aleksander Pyrzyk, Tomasz Walto\u015b. &#8211; Krak\u00f3w : Wydawnictwo Uniwersytetu Jagiello\u0144skiego, 2024.<\/li>\n<li>Rozw\u00f3j urbanistyczny Lublina w latach 1918-1989 \/ Tomasz Brzuszkiewicz. &#8211; Lublin : Biuro Reklama, 2025.<\/li>\n<li>200 lat ulicy Piotrkowskiej : architektura, ludzie, wydarzenia \/ autorzy Daria Rutkowska-Siuda, Krzysztof Stefa\u0144ski. &#8211; \u0141\u00f3d\u017a : Biuro Architekta Miasta, 2024.<\/li>\n<li>Gdynia : opowie\u015bci o dawnym letnisku \/ Ewelina Truszczy\u0144ska-Marciniak. &#8211; Wydanie II uzupe\u0142nione. &#8211; Gdynia : Wydawnictwo Region, 2025.<\/li>\n<li>Pami\u0119\u0107 Polski : pi\u0105ta edycja : Lista Krajowa Programu UNESCO Pami\u0119\u0107 \u015awiata \/ opracowanie komentarzy do katalogu: Anna Krochmal. &#8211; Warszawa : Archiwa Pa\u0144stwowe, 2024.<\/li>\n<li>\u015aladami kartuskich dom\u00f3w \/ pod redakcj\u0105 Barbary K\u0105kol. &#8211; Kartuzy : Muzeum Kaszubskie im. Franciszka Tredera w Kartuzach, 2025.<\/li>\n<li>Architekci i &#8220;paragraf aryjski&#8221; : przypadek SARP-u (1934-1939) \/ Agnieszka Tomaszewicz, Joanna Majczyk. &#8211; Krak\u00f3w : EMG, 2025.<\/li>\n<li>Podgrodzie : miasteczko dzieci\u0119ce \/ Barbara Sowi\u0144ska-Adamczyk. &#8211; \u0141\u00f3d\u017a : Ksi\u0119\u017cy M\u0142yn Dom Wydawniczy, 2024.<\/li>\n<li>Zapomniane miejsca : Opolskie. Cz\u0119\u015b\u0107 zachodnia \/ [Jakub Jagie\u0142\u0142o]. &#8211; Warszawa : Wydawnictwo CM, 2024.<\/li>\n<li>Dwory i pa\u0142ace Mazowsza : powiat gr\u00f3jecki \/ Nina Herzberg-Zielezi\u0144ska. &#8211; Warszawa : Wydawnictwo CM, 2025.<\/li>\n<li>Zagroda M\u0142y\u0144ska w Bogda\u0144cu \/ [tekst: dr Miros\u0142aw Pecuch, Pawe\u0142 Ka\u017amierczak]. &#8211; Gorz\u00f3w Wielkopolski : Muzeum Lubuskie im. Jana Dekerta w Gorzowie Wielkopolskim, 2023.<\/li>\n<li>Archiwum Olgi Bozna\u0144skiej : historia kulturowa zapis\u00f3w i rzeczy malarki \/ Marlena Wilczak. &#8211; Warszawa : Instytut Bada\u0144 Literackich PAN. Wydawnictwo, 2024.<\/li>\n<li>Kamionek \/ tekst Marcin Wicha ; zdj\u0119cia Agnieszka Rayss. &#8211; Warszawa : Muzeum Warszawy, 2025.<\/li>\n<li>Dzieje i kultura cysters\u00f3w w Polsce. 3 \/ pod redakcj\u0105 Dariusza Tabora CR ; Opactwo Ojc\u00f3w Cysters\u00f3w w Krakowie-Mogile. &#8211; Krak\u00f3w : Wydawnictwo Ksi\u0119garnia Akademicka, copyright 2024.<\/li>\n<li>Nurt ekspresjonistyczny w architekturze wsp\u00f3\u0142czesnych budynk\u00f3w u\u017cyteczno\u015bci publicznej \/ Filip Zamiatnin. &#8211; \u0141\u00f3d\u017a : Wydawnictwo Politechniki \u0141\u00f3dzkiej, 2025.<\/li>\n<li>Z dziej\u00f3w Parafii \u015bw. Floriana w Pleszewie \/ Stanis\u0142aw Ma\u0142yszko. &#8211; Pleszew : Parafia \u015bw. Floriana, 2025.<\/li>\n<li>Kokoszki : historia gda\u0144skiej dzielnicy \/ Kamil Sobolewski. &#8211; Gda\u0144sk : POGGENKRUG Jaros\u0142aw Wasielewski, 2025.<\/li>\n<li>Kompleks stanowisk w miejscowo\u015bci Hrebenne, powiat hrubieszowski, w \u015bwietle bada\u0144 archeologicznych w latach 1991-1999 = A complex of sites in the village of Hrebenne, Hrubiesz\u00f3w district in light of archaeological research conducted from 1991 to 1999 \/ redakcja = edited by Anna Hyrcha\u0142a ; [t\u0142umaczenie na j\u0119zyk angielski El\u017cbieta Zab\u0142ocka]. &#8211; Lublin ; Hrubiesz\u00f3w : Wydawnictwo Uniwersytetu Marii Curie-Sk\u0142odowskiej, 2024.<\/li>\n<li>Ul\u00f3w : archeologiczna per\u0142a Roztocza : wielokulturowy zesp\u00f3\u0142 osadniczy w \u015bwietle wynik\u00f3w bada\u0144 interdyscyplinarnych. T. 1 \/ red. Barbara Niezabitowska-Wi\u015bniewska. &#8211; Lublin : Instytut Archeologii UMCS ; Wydawnictwo UMCS, 2024.<\/li>\n<li>Ul\u00f3w : archeologiczna per\u0142a Roztocza : wielokulturowy zesp\u00f3\u0142 osadniczy w \u015bwietle wynik\u00f3w bada\u0144 interdyscyplinarnych. T. 2 \/ red. Barbara Niezabitowska-Wi\u015bniewska. &#8211; Lublin : Instytut Archeologii UMCS ; Wydawnictwo UMCS, 2024.<\/li>\n<li>Ul\u00f3w : archeologiczna per\u0142a Roztocza : wielokulturowy zesp\u00f3\u0142 osadniczy w \u015bwietle wynik\u00f3w bada\u0144 interdyscyplinarnych. T. 3 \/ red. Barbara Niezabitowska-Wi\u015bniewska. &#8211; Lublin : Instytut Archeologii UMCS ; Wydawnictwo UMCS, 2024.<\/li>\n<li>Wielkopolskie krypty i podziemia \/ Emilian Pra\u0142at. &#8211; Pozna\u0144 : Wydawnictwo Uniwersytetu Przyrodniczego w Poznaniu ; Turew : Fundacja &#8220;Bonum adipisci&#8221; &#8211; D\u0105\u017cy\u0107 do dobra, 2025.<\/li>\n<li>Fantastyczne stwory i bestie w dziejach i kulturze od antyku po czasy najnowsze : [konferencja, Wroc\u0142aw, 21-22 wrze\u015bnia 2023] \/ pod red. Jagny Rity Sobel i Marka L. W\u00f3jcika. &#8211; Krak\u00f3w : Wydaw. Ksi\u0119garnia Akademicka, 2025.<\/li>\n<li>Historia organ\u00f3w \/ Roland Eberlein ; [t\u0142umaczenie, zesp\u00f3\u0142 redakcyjny: dr hab. Ma\u0142gorzata Trzaskalik-Wyrwa, Krzysztof Musia\u0142, Micha\u0142 Ko\u0142odziej, Katarzyna Wiwer, Rafa\u0142 Monita]. &#8211; Krak\u00f3w : Wydawnictwo Astraia, 2024.<\/li>\n<li>Kolej w Skawinie i gminie skawi\u0144skiej (1884-2024) : 140 lat historii \/ Andrzej Nowakowski. &#8211; Krak\u00f3w : Ksi\u0119garnia Akademicka, 2025.<\/li>\n<li>Od &#8220;Chusty \u015awi\u0119tej Weroniki&#8221; do o\u0142tarza Wita Stwosza : \u015bladami profesora Mariana S\u0142oneckiego (1886-1969) : Lw\u00f3w &#8211; Wilno &#8211; Grodno &#8211; Warszawa &#8211; Krak\u00f3w &#8211; Podlipce &#8211; Z\u0142ocz\u00f3w &#8211; Pyrzany \/ Anna Dereszowska, Bogus\u0142aw Mykiet\u00f3w, Ma\u0142gorzata \u015aliwka, Beata Wo\u017aniak. &#8211; Zielona G\u00f3ra ; Pyrzany : Bogus\u0142aw Mykiet\u00f3w, 2025.<\/li>\n<li>Obraz w historii i poza histori\u0105 : materia\u0142y Seminarium Metodologicznego Historii Sztuki im. Edwarda Aleksandra Raczy\u0144skiego, Pa\u0142ac w Rogalinie, 19-21 pa\u017adziernika 2023 roku \/ pod redakcj\u0105 Micha\u0142a Haake, Piotra Juszkiewicza, \u0141ukasza Kiepuszewskiego ; Uniwersytet im. Adama Mickiewicza w Poznaniu, Muzeum Narodowe w Poznaniu, Stowarzyszenie Historyk\u00f3w Sztuki. &#8211; Pozna\u0144 : Wydawnictwo Naukowe UAM, 2024.<\/li>\n<li>Zwyczaje zapustne w wojew\u00f3dztwie \u015bl\u0105skim \/ Robert Garstka. &#8211; Katowice : Regionalny Instytut Kultury im. Wojciecha Korfantego, [2025].<\/li>\n<li>Warszawskie getto : pomiejsce \/ Micha\u0142 Krasucki. &#8211; Krak\u00f3w : Mi\u0119dzynarodowe Centrum Kultury, 2025.<\/li>\n<li>Kapi\u015bci : sto lat = Kapists : happy 100th! \/ [teksty: Stefania Krzysztofowicz-Kozakowska, \u015awiatos\u0142aw Lenartowicz ; noty: Agnieszka Kosi\u0144ska, \u015awiatos\u0142aw Lenartowicz ; t\u0142umaczenie na j\u0119zyk angielski: Karolina D\u0105browska]. &#8211; Krak\u00f3w : Muzeum Narodowe w Krakowie, 2024.<\/li>\n<li>Epitafium Bart\u0142omieja Boreschowa z bazyliki archikatedralnej we Fromborku : badania, dzieje, interpretacje = The epitaph of Bartholomew Boreschow from the archicathedral basilica in Frombork : research, history, interpretations \/ redakcja = edited by Ma\u0142gorzata Nowali\u0144ska. &#8211; Krak\u00f3w : Wydawnictwo Akademii Sztuk Pi\u0119knych im. Jana Matejki w Krakowie, 2024.<\/li>\n<li>Kopiowanie dzie\u0142 sztuki rze\u017abiarskiej z zastosowaniem cyfrowych technik 3D \/ Marta Kalata-Paw\u0142owska. &#8211; Krak\u00f3w : Wydawnictwo Akademii Sztuk Pi\u0119knych im. Jana Matejki w Krakowie, 2024.<\/li>\n<li>(Nie)widzialne pomniki wolno\u015bci : z bada\u0144 etnograficznych. [T. 2] \/ Dorota Majkowska-Szajer, Justyna Matwijewicz, Magdalena Zych. &#8211; Krak\u00f3w : Muzeum Etnograficzne im. Seweryna Udzieli w Krakowie, 2024.<\/li>\n<li>(Nie)widzialne pomniki wolno\u015bci. [T. 1] \/ Wojciech Wilczyk ; [wsp\u00f3\u0142autorzy: Katarzyna Czeczot, Micha\u0142 Rauszer, Magdalena Zych]. &#8211; Krak\u00f3w : Muzeum Etnograficzne im. Seweryna Udzieli w Krakowie, 2024.<\/li>\n<li>Szk\u0142o \u015bl\u0105skie w XVIII wieku : ze zbior\u00f3w muzealnych i kolekcji prywatnych w Polsce. T. 2, Katalog \/ Aleksandra J. Kasprzak, El\u017cbieta Gajewska-Prorok. &#8211; Krak\u00f3w : Wydawnictwo Akademii Sztuk Pi\u0119knych im. Jana Matejki w Krakowie, 2024.<\/li>\n<li>MDM : Marsza\u0142kowska dzielnica marze\u0144 \/ Krzysztof Mordy\u0144ski. &#8211; Warszawa : Centrum Architektury, 2025.<\/li>\n<li>Podg\u00f3rz ko\u0142o Torunia : architektura i kultura, miejsca i ludzie \/ [redakcja naukowa: Katarzyna Kluczwajd, Micha\u0142 Pszcz\u00f3\u0142kowski]. &#8211; Toru\u0144 : Stowarzyszenie Historyk\u00f3w Sztuki, 2025.<\/li>\n<li>\u017bycie na nowo : rewitalizacje : Grupa 5 Architekci \/ z architektami rozmawia\u0142 Jakub G\u0142az ; [autor rozdzia\u0142\u00f3w: Jakub G\u0142az, autor opis\u00f3w projekt\u00f3w za rozdzia\u0142ami 2 i 8: Krzysztof Mycielski ; t\u0142umaczenia Zofia Socha\u0144ska]. &#8211; Warszawa : Grupa 5 Architekci, 2025.<\/li>\n<li>Toru\u0144 za prezydentury Antoniego Bolta : przestrze\u0144 wsp\u00f3lna, architektura, kultura \/ [redakcja naukowa: Katarzyna Kluczwajd, Micha\u0142 Pszcz\u00f3\u0142kowski]. &#8211; Toru\u0144 : Stowarzyszenie Historyk\u00f3w Sztuki, 2024.<\/li>\n<li>The art front : the defense of French collections 1939-1945 \/ Rose Valland ; translated from the French by Oph\u00e9lie Jouan ; edited by Robert M. Edsel and Casey L. Shelton. &#8211; Dallas : Laurel, [2024].<\/li>\n<li>Bi\u017cuteria w Polsce : nowo\u017cytno\u015b\u0107 i czasy nowsze \/ [redakcja naukowa: Katarzyna Kluczwajd, Anna Saratowicz-Dudy\u0144ska]. &#8211; Toru\u0144 : Toru\u0144ski Oddzia\u0142 Stowarzyszenia Historyk\u00f3w Sztuki, 2024.<\/li>\n<li>Dwory, pa\u0142ace, folwarki powiatu mi\u0144skiego w przekroju historycznym \/ Pawe\u0142 Ajdacki. &#8211; Mi\u0144sk Mazowiecki : Muzeum Ziemi Mi\u0144skiej, 2024.<\/li>\n<li>Zniszczy\u0107 obraz : ikonoklazm europejski : akt destrukcji i akt tw\u00f3rczy : studia \/ pod redakcj\u0105 Alicji Saar-Koz\u0142owskiej. &#8211; Warszawa : Stowarzyszenie Historyk\u00f3w Sztuki, 2024.<\/li>\n<li>Podwory : martwa architektura Pomorza \/ Micha\u0142 Piotrowski, Marcin Tymi\u0144ski. &#8211; Warszawa : Wydawnictwo CM, 2025.<\/li>\n<\/ol>\n<p>&nbsp;<\/p>\n<p><strong>maj<br \/><span style=\"color: #999999;\">liczba nowo\u015bci: 33<\/span><\/strong><\/p>\n<ol>\n<li>Ceramika historyczna w zbiorach Muzeum Zamkowego w Kwidzynie = Historical ceramics in the Castle in Kwidzyn collections \/ Barbara Pospieszna ; [t\u0142. Petruk-Sztuka T\u0142umaczenia ; zdj. Bo\u017cena i Lech Oko\u0144scy]. &#8211; Malbork : Muzeum Zamkowe w Malborku, 2024.<\/li>\n<li>Fr\u00fchneuzeitliche Herrenh\u00e4user der \u00f6stlichen Oberlausitz : Architektur, Bautechnik, Wohnkultur \/ Andrzej Bruno Kutiak. &#8211; Berlin : Lukas Verlag, 2024.<\/li>\n<li>Ochrona i konserwacja zabytkowych obiekt\u00f3w sakralnych : og\u00f3lnopolska konferencja naukowa, 26-28 wrze\u015bnia 2023, Muzeum Zamkowe w Malborku : wybrane materia\u0142y konferencyjne \/ [redakcja Jacek Rulewicz ; Stowarzyszenie Konserwator\u00f3w Zabytk\u00f3w Zarz\u0105d G\u0142\u00f3wny]. &#8211; Warszawa : SKZ, 2024.<\/li>\n<li>Porcelana firm : &#8220;Giesche&#8221;, &#8220;Czuday&#8221;, &#8220;Huta Franciszka&#8221; : katalog zbior\u00f3w Muzeum Historii Katowic \/ opracowanie Magdalena Nizio\u0142ek. &#8211; Katowice : Muzeum Historii Katowic, 2024.<\/li>\n<li>Moje Nalewki \/ Bernard Singer (Regnis). &#8211; Gda\u0144sk : Wydawnictwo S\u0142owo\/Obraz Terytoria ; Warszawa : \u017bydowski Instytut Historyczny im. Emanuela Ringelbluma, 2025.<\/li>\n<li>\u015amier\u0107 przed obrazem : o sztuce, staro\u015bci i znikaniu \/ Maria Poprz\u0119cka. &#8211; Gda\u0144sk : S\u0142owo\/Obraz Terytoria, 2024.<\/li>\n<li>U\u015bpione miasto : Gda\u0144sk i jego architektura w latach 1793-1862 \/ Magdalena Star\u0119ga. &#8211; Gda\u0144sk : S\u0142owo\/Obraz Terytoria, 2025.<\/li>\n<li>Jak czyta\u0107 architektur\u0119 : najwa\u017cniejsze informacje o stylach i detalach \/ Carol Cragoe Davidson ; [t\u0142umaczenie Ewa Romkowska]. &#8211; Warszawa : Wydawnictwo Arkady, 2025.<\/li>\n<li>Jak czyta\u0107 nowoczesne budynki : przyspieszony kurs wiedzy o architekturze epoki nowoczesnej \/ Will Jones ; [t\u0142umaczenie Anna Cichowicz]. &#8211; dodruk. &#8211; Warszawa : Wydawnictwo Arkady, 2025.<\/li>\n<li>Spacery po Warszawie. Spacer 2, Nowe Miasto \/ Micha\u0142 Szyma\u0144ski. &#8211; Wydanie II. &#8211; Warszawa : Wydawnictwo CM, 2024.<\/li>\n<li>Zapory wodne w Sudetach do 1945 roku \/ Przemys\u0142aw Dominas. &#8211; \u0141\u00f3d\u017a : Ksi\u0119\u017cy M\u0142yn Dom Wydawniczy, 2025.<\/li>\n<li>Najlepszy adres w Warszawie, czyli historia udomowiona \/ Krzysztof Mazowski. &#8211; \u0141omianki : LTW, 2025.<\/li>\n<li>Spacery po Warszawie. Spacer 1, Stare Miasto \/ Micha\u0142 Szyma\u0144ski. &#8211; Wydanie II. &#8211; Warszawa : Wydawnictwo CM, 2024.<\/li>\n<li>Biskup Andreas von Jerin i jego o\u0142tarz we wroc\u0142awskiej archikatedrze pw. \u015bw. Jana Chrzciciela \/ pod redakcj\u0105 Stanis\u0142awa Araszczuka. &#8211; Wroc\u0142aw : Papieski Wydzia\u0142 Teologiczny : Redakcja Wydawnictwa TUM, 2024.<\/li>\n<li>Jagiellonowie i ich \u015bwiat : bogactwo i ub\u00f3stwo Jagiellon\u00f3w \/ pod red. Bo\u017ceny Czwojdrak, Jerzego Sperki i Piotra W\u0119cowskiego. &#8211; Krak\u00f3w : Wydawnictwo Towarzystwa Naukowego &#8220;Societas Vistulana&#8221;, 2025.<\/li>\n<li>(po)\u017cydowskie&#8230; : sztetl Opat\u00f3w oczami Majera Kirszenblata \/ [koncepcja: Justyna Koszarska-Szulc, Natalia Romik ; redakcja merytoryczna: Justyna Koszarska-Szulc, Natalia Romik, Barbara Kirshenblatt-Gimblett ; t\u0142umaczenie z j\u0119zyka angielskiego: Zofia Socha\u0144ska]. &#8211; Warszawa : Muzeum Historii \u017byd\u00f3w Polskich Polin, 2024.<\/li>\n<li>XIX-wieczne odlewnictwo artystyczne ze zbior\u00f3w Muzeum G\u00f3rno\u015bl\u0105skiego w Bytomiu = 19-th century fine art casting from the collection of the Upper Silesian Museum in Bytom \/ Helena Kisielewska. &#8211; Bytom : Muzeum G\u00f3rno\u015bl\u0105skie w Bytomiu, 2024.<\/li>\n<li>Straty w obiektach sakralnych diecezji sandomierskiej w czasie II wojny \u015bwiatowej \/ pod redakcj\u0105 ks. Piotra Tylca. &#8211; [Kielce] : Muzeum Wsi Kieleckiej, 2024.<\/li>\n<li>Sztuka w kr\u0119gu krakowskich dominikan\u00f3w : nowe studia \/ pod redakcj\u0105 Anny Markiewicz, Marcina Szymy i Marka Walczaka. &#8211; Krak\u00f3w : Wydawnictwo Towarzystwa Naukowego &#8220;Societas Vistulana&#8221;, 2024.<\/li>\n<li>Umar\u0142e budowle Stoczni Gda\u0144skiej : portrety : katalog wystawy \/ [scenariusz i opracowanie merytoryczne wystawy Andrzej Trzeciak ; autorka grafik: Agnieszka Nag\u00f3rska]. &#8211; Gda\u0144sk : Instytut Dziedzictwa Solidarno\u015bci, 2024.<\/li>\n<li>Ludowe tradycje Suwalszczyzny : \u017ar\u00f3d\u0142a i inspiracje : praca zbiorowa \/ pod redakcj\u0105 Krzysztofa Snarskiego. &#8211; Suwa\u0142ki : Muzeum Okr\u0119gowe w Suwa\u0142kach, 2024.<\/li>\n<li>Starych Pow\u0105zek g\u0142\u0119boki cie\u0144 : materia\u0142y konferencji &#8220;230 lat historii Cmentarza Pow\u0105zkowskiego&#8221;, Zamek Kr\u00f3lewski w Warszawie, 3 listopada 2022 \/ redakcja naukowa Joanna M. Sosnowska. &#8211; Warszawa : Fundacja &#8220;Stare Pow\u0105zki&#8221; : Liber Pro Arte, 2024.<\/li>\n<li>Teatr Ziemi Rybnickiej : architektura i historia \/ opracowanie zbiorowe Instytutu Dokumentacji Architektury Biblioteki \u015al\u0105skiej pod redakcj\u0105 naukow\u0105 prof. dr hab. in\u017c. arch. Magdaleny \u017bmudzi\u0144skiej-Nowak ; [tekst dr in\u017c. arch. Jacek Kami\u0144ski]. &#8211; Katowice : Biblioteka \u015al\u0105ska : Wydawnictwo Biblioteki \u015al\u0105skiej, 2024.<\/li>\n<li>Za\u0142o\u017cenia dworsko-ogrodowe na terenie dawnego Wojew\u00f3dztwa lwowskiego, Tom. 1, Powiaty dobromilski, mo\u015bcicki, przemyski \/ Dagny Nestorow, Rafa\u0142 Nestorow. &#8211; Krak\u00f3w : Wydawnictwo Attyka, 2024.<\/li>\n<li>\u017babieniec, Cegielnia, Zofij\u00f3wka : tajemnice Bydgoskiego Przedmie\u015bcia : katalog wystawy Archiwum Pa\u0144stwowego w Toruniu \/ Mateusz Superczy\u0144ski. &#8211; Toru\u0144 : Towarzystwo Naukowe w Toruniu, 2024.<\/li>\n<li>Dzieje nieruchomo\u015bci Jacobson\u00f3w na warszawskim Lesznie 1770-1940 : siedziba, w\u0142a\u015bciciele, s\u0105siedztwo \/ El\u017cbieta Mazur, Dariusz G\u0142\u00f3wka. &#8211; Warszawa : Wydawnictwo Instytutu Archeologii i Etnologii Polskiej Akademii Nauk, 2024.<\/li>\n<li>Najstarszy atlas Rzeczypospolitej Obojga Narod\u00f3w : mapy i chorografia Nicolasa Sansona (1600-1667) \/ [autor i opracowanie tekst\u00f3w \u017ar\u00f3d\u0142owych] Wojciech Walczak, Karol \u0141opatecki ; [autor i t\u0142umaczenie tekst\u00f3w \u017ar\u00f3d\u0142owych na j\u0119zyk angielski] Andrew B. Pernal ; [t\u0142umaczenie tekst\u00f3w \u017ar\u00f3d\u0142owych na j\u0119zyk polski Piotr Herbich]. &#8211; Warszawa : Narodowy Instytut Polskiego Dziedzictwa Kulturowego za Granic\u0105 &#8220;Polonika&#8221;, 2024.<\/li>\n<li>Nie znali go wcale : Tomasz Oskar Sosnowski : polski rze\u017abiarz w dziewi\u0119tnastowiecznym Rzymie \/ Lechos\u0142aw Lame\u0144ski ; Ministerstwo Kultury i Dziedzictwa Narodowego. &#8211; Warszawa : Narodowy Instytut Polskiego Dziedzictwa Kulturowego za Granic\u0105 &#8220;Polonika&#8221;, 2024.<\/li>\n<li>Typologie codzienno\u015bci : naczynia gliniane na nowo\u017cytnym Mazowszu i Podlasiu (XVI-XIX w.) : studium archeologiczne \/ Maciej Trzeciecki. &#8211; Warszawa : Wydawnictwo Instytutu Archeologii i Etnologii Polskiej Akademii Nauk, 2024.<\/li>\n<li>U \u017ar\u00f3de\u0142 wsp\u00f3\u0142czesnej konserwacji malarstwa w Polsce : studium dzia\u0142alno\u015bci Bohdana Marconiego \/ Anna Czerwi\u0144ska-Walczak. &#8211; Warszawa : Muzeum Pa\u0142acu Kr\u00f3la Jana III w Wilanowie : Narodowy Instytut Dziedzictwa, 2024.<\/li>\n<li>Zamek kazimierzowski w Kruszwicy : najnowsze badania \/ redakcja Joanna Sawicka, Wojciech Dzieduszycki ; Instytut Archeologii i Etnologii Polskiej Akademii Nauk. O\u015brodek Studi\u00f3w Pradziejowych i \u015aredniowiecznych w Poznaniu. &#8211; Pozna\u0144 : Kruszwica : [Warszawa] : Instytut Archeologii i Etnologii PAN, 2024.<\/li>\n<li>Zmar\u0142, jak \u017cy\u0142, na skrzyd\u0142ach&#8230; : Antoni Wiwulski (1877-1919) : artysta epoki M\u0142odej Polski \/ Krzysztof Stefa\u0144ski. &#8211; Warszawa : Narodowy Instytut Polskiego Dziedzictwa Kulturowego za Granic\u0105 &#8220;Polonika&#8221;, 2024.<\/li>\n<li>The Atlas of Climate Change Impact on European Cultural Heritage : Scientific Analysis and Management Strategies \/ edited by C. Sabbioni, P. Brimblecombe, M. Cassar. &#8211; London ; New York : Anthem ; Luxembourg : Publications Office, 2012.<\/li>\n<\/ol>\n<p><strong><\/strong><\/p>\n<p><strong>kwiecie\u0144<br \/><span style=\"color: #999999;\">liczba nowo\u015bci: 56<\/span><\/strong><\/p>\n<ol>\n<li>Niematerialne dziedzictwo kulturowe : zbi\u00f3r dokument\u00f3w \/ redakcja naukowa Hanna Schreiber. &#8211; Warszawa : Wydawnictwo Uniwersytetu Warszawskiego, 2023.<\/li>\n<li>Drzwi i wrota w Gda\u0144sku : od \u015bredniowiecza do wsp\u00f3\u0142czesno\u015bci \/ Katarzyna Darecka. &#8211; Gda\u0144sk : Wydawnictwo Muzeum Gda\u0144ska : Politechnika Gda\u0144ska. Wydzia\u0142 Architektury, 2024.<\/li>\n<li>Historie gda\u0144skich dzielnic. T. 5, Zaspa i Przymorze \/ pod red. Janusza Dargacza i Piotra Paluchowskiego. &#8211; Gda\u0144sk : Muzeum Gda\u0144ska, 2024.<\/li>\n<li>Klucz do wszystkiego : dzieje napoleo\u0144skiej twierdzy Gda\u0144sk 1807-1814 \/ Andrzej Nieuwa\u017cny. &#8211; Gda\u0144sk : Muzeum Gda\u0144ska ; Sopot : Wydawnictwo Arche, 2022.<\/li>\n<li>Miasto romantyk\u00f3w : idee i motywy w tw\u00f3rczo\u015bci XIX-wiecznych artyst\u00f3w w Gda\u0144sku = City of romantics : ideas and motifs in the works of 19th-century artists in Gda\u0144sk \/ [autorki tekst\u00f3w Izabela Jastrzembska-Olkowska, Marta Krzy\u017cowska, Dorota Powirska ; t\u0142umaczenie Dorota Powirska, Marta Krzy\u017cowska, Izabela Jastrzembska-Olkowska]. &#8211; Gda\u0144sk : Muzeum Gda\u0144ska, 2023.<\/li>\n<li>Tera\u017aniejszo\u015b\u0107 przesz\u0142o\u015bci : muzealnictwo i historiografia w Gda\u0144sku i na Pomorzu po roku 1945 \/ pod red. Ewy Barylewskiej-Szyma\u0144skiej i Sylwii Bykowskiej. &#8211; Gda\u0144sk : Muzeum Gda\u0144ska : Instytut Historii im. Tadeusza Manteuffla Polskiej Akademii Nauk, 2024.<\/li>\n<li>1944 : meandry historii : katalog wystawy \/ [koncepcja i opracowanie katalogu Monika Bordzo\u0142, Karolina Wilkowicz, Gra\u017cyna Antoniuk]. &#8211; Koz\u0142\u00f3wka : Muzeum Zamoyskich w Koz\u0142\u00f3wce, 2024.<\/li>\n<li>Archeologia na obwodnicy Kazimierzy Wielkiej : od \u015blad\u00f3w wczesnych rolnik\u00f3w po starsz\u0105 epok\u0119 br\u0105zu w dolinie Nidzicy \/ redakcja Ma\u0142gorzata Byrska-Fudali, Rados\u0142aw Czerniak, Pawe\u0142 Jarosz. &#8211; P\u0119kowice : Wydawnictwo i Pracownia Archeologiczna PROFIL-ARCHEO ; Krak\u00f3w : Stowarzyszenie Archeolog\u00f3w Terenowych &#8220;Stater&#8221;, 2024.<\/li>\n<li>Birytualne cmentarzysko z epoki br\u0105zu i wczesnej epoki \u017celaza odkryte w Opolu-Groszowicach\u00a0: badania w latach 1967 i 1969 = Biritual cemetery from the Bronze and Early Iron Ages at Opole-Groszowice : excavation in 1967 and 1969 \/ Tomasz Purowski. \u2013 Warszawa\u00a0: Instytut Archeologii i Etnologii Polskiej Akademii Nauk : Fundacja Przyjaci\u00f3\u0142 Instytutu Archeologii i Etnologii Polskiej Akademii Nauk, 2024.<\/li>\n<li>Kazimierza Wielka, stanowisko 12 : od neolitycznej osady do cmentarzyska z okresu wp\u0142yw\u00f3w rzymskich \/ redakcja Marcin M. Przyby\u0142a, Anita Szczepanek, Joanna Zag\u00f3rska-Telega. &#8211; P\u0119kowice : Wydawnictwo i Pracownia Archeologiczna PROFIL-ARCHEO ; Krak\u00f3w : Stowarzyszenie Archeolog\u00f3w Terenowych &#8220;Stater&#8221;, 2024.<\/li>\n<li>Mosty obronne na Dolnej Wi\u015ble \/ J\u00f3zef M. Zi\u00f3\u0142kowski. &#8211; Wyd. 2 popr. i uzup. &#8211; Tczew : Fabryka Sztuk, 2015.<\/li>\n<li>Najmniejsze miasto Korony Polskiej : dzieje pozna\u0144skiego Ostr\u00f3wka w \u015bwietle bada\u0144 interdyscyplinarnych \/ pod redakcj\u0105 Marzeny Szmyt i Paw\u0142a Pawlaka. &#8211; Pozna\u0144 : Muzeum Archeologiczne, 2024.<\/li>\n<li>Propius ad Deum : sztuka sakralna na Ponidziu \/ tekst Justyna Dziadek. &#8211; Pi\u0144cz\u00f3w : Muzeum Regionalne w Pi\u0144czowie, 2022.<\/li>\n<li>Przewodnik po dawnym getcie warszawskim \/ Masza Makarowa. &#8211; Warszawa : Muzeum Getta Warszawskiego, 2023.<\/li>\n<li>Skromny domek Bo\u017cy : ko\u015bci\u00f3\u0142 \u015bw. Anny w Brzezinach \/ redakcja: Andrzej Cie\u015blik. &#8211; Brzeziny : Komitet Odnowy Ko\u015bcio\u0142a \u015aw. Anny, 2020.<\/li>\n<li>Szpital Bersohn\u00f3w i Bauman\u00f3w w Warszawie \/ Hanna W\u0119grzynek, Konrad Zieli\u0144ski. \u2013 Warszawa\u00a0: Muzeum Getta Warszawskiego, 2020.<\/li>\n<li>Zesp\u00f3\u0142 pa\u0142acowo-parkowy w Koz\u0142\u00f3wce = The palace and park complex in Koz\u0142\u00f3wka \/ [red.\u00a0naczelny: Andrzej Pruszkowski]. &#8211; Koz\u0142\u00f3wka : Muzeum Zamoyskich w Koz\u0142\u00f3wce, 2024.<\/li>\n<li>Archeologia Biecza. T. 1, Opracowanie wynik\u00f3w bada\u0144 z 2. po\u0142owy XX w. Cz. 1, Dokumentacja i ceramika naczyniowa \/ redakcja Pawe\u0142 Koca\u0144da. &#8211; Biecz : Muzeum Ziemi Bieckiej, 2024.<\/li>\n<li>Cysterki w O\u0142oboku : jubileusz 800-lecia lokacji klasztoru \/ [oprac. Ewa Kotowska-Rasiak, Justyna Sprutta]. &#8211; Sieroszewice : Urz\u0105d Gminy, 2014.<\/li>\n<li>Dakowie nad G\u00f3rnym Dniestrem : eponimiczne cmentarzysko kultury lipickiej w Lipicy G\u00f3rnej (Ukraina) =The Dacians on the Upper Dniester : the eponymic cemetery of the lipitsa culture in Verhn\u00e2 Lipic\u00e2 (Ukraine) \/ Rados\u0142aw Liwoch, Ma\u0142gorzata Wawer. &#8211; Krak\u00f3w : Muzeum Archeologiczne, 2024.<\/li>\n<li>Dawne cementownie \u015al\u0105ska Opolskiego \/ Teresa Kudyba. &#8211; Opole : Sindruk-DIMK ; [Daniec] : na zlecenie Teresa Kudyba Produkcja Telewizyjna i Filmowa tressFilm, 2024.<\/li>\n<li>Karpacki szlak ogrod\u00f3w i dom\u00f3w historycznych : mapa = Carpathian trail of historical houses and gardens : map : skala 1:360 000 \/ oprac. i kre\u015blenie mapy, rys. Karolina Kiwior. &#8211; Rzesz\u00f3w : Podkarpacka Regionalna Organizacja Turystyczna, 2015.<\/li>\n<li>Karpacki Szlak Ogrod\u00f3w i Dom\u00f3w Historycznych : przewodnik turystyczny \/ [tekst Bo\u017cena Figiela]. &#8211; Rzesz\u00f3w : Podkarpacka Regionalna Organizacja Turystyczna, 2015.<\/li>\n<li>Motywy ro\u015blinne na nagrobkach starych, nieczynnych cmentarzy Wielkopolski \/ Aneta\u00a0Czarna. &#8211; Pozna\u0144 : Wydawnictwo Uniwersytetu Przyrodniczego w Poznaniu, 2024.<\/li>\n<li>Muzu\u0142ma\u0144ski Cmentarz Tatarski w Warszawie \/ Barbara Pawlic-Mi\u015bkiewicz. &#8211; Bia\u0142ystok : Muzu\u0142ma\u0144ski Zwi\u0105zek Religijny w Rzeczypospolitej Polskiej. Najwy\u017csze Kolegium Muzu\u0142ma\u0144skie, 1446\/2024.<\/li>\n<li>Odkrywaj\u0105c przesz\u0142o\u015b\u0107 : tajemnice cmentarzyska w Domas\u0142awiu \/ Anna J\u00f3zefowska, Lidia Kamyszek, Leszek \u017bygad\u0142o, Ma\u0142gorzata Markiewicz, Izabella Dolata-Daszkiewicz, Katarzyna \u015awi\u0105tek, Tomasz Purowski, Krzysztof Demidziuk. &#8211; Wroc\u0142aw : Instytut Archeologii i Etnologii Polskiej Akademii Nauk ; Kobierzyce : Gmina Kobierzyce ; P\u0119kowice : Fundacja Nauki Archaeologia Silesiae, 2024.<\/li>\n<li>Sanok 58 i 59-60 : kompleks stanowisk z epoki br\u0105zu i epoki \u017celaza w dorzeczu g\u00f3rnego Sanu = Sanok 58 and 59-60 : a complex of bronze and iron age archaeological sites in the upper San river basin \/ red. Miros\u0142aw Mazurek, Aleksandra Sznajdrowska-Pondel. &#8211; Rzesz\u00f3w : Fundacja Rzeszowskiego O\u015brodka Archeologicznego : Fundacja Bada\u0144 nad Dziedzictwem Kulturowym : Wydawnictwo Edytorial, 2024.<\/li>\n<li>Stroje regionalne osadnik\u00f3w na Dolnym \u015al\u0105sku : Kresy Wschodnie, Bukowina rumu\u0144ska, Bo\u015bnia : katalog zbior\u00f3w \/ Hanna Golla. &#8211; Wroc\u0142aw : Muzeum Narodowe, 2025.<\/li>\n<li>Sura\u017c, stan. 2 : \u015bredniowieczna nekropola na pograniczu polsko-rusko-ja\u0107wieskim \/ Hanna Olczak, Dariusz Krasnod\u0119bski, Krystyna Bie\u0144kowska, Judyta J. G\u0142adykowska-Rzeczycka, Agata Bisiecka, Sylwia Wajda. &#8211; Warszawa : Instytut Archeologii i Etnologii Polskiej Akademii Nauk : Fundacja Przyjaci\u00f3\u0142 Instytutu Archeologii i Etnologii Polskiej Akademii Nauk ; Bia\u0142ystok\u00a0: Muzeum Podlaskie, 2024.<\/li>\n<li>\u015amier\u0107 ich przywiod\u0142a : przedstawienia \u015bwi\u0119tych Sebastiana, Rocha i Rozalii oraz ich kult w katolickiej Europie ze szczeg\u00f3lnym uwzgl\u0119dnieniem Orawy XVII-XIX wieku \/ Tadeusz M. Trajdos. &#8211; Nowy Targ : Podhala\u0144skie Towarzystwo Przyjaci\u00f3\u0142 Nauk, 2024.<\/li>\n<li>Wczesno\u015bredniowieczne cmentarzysko w Grucznie na Pomorzu Wschodnim (stanowisko 1) \/ Jacek Bojarski, Wojciech Chudziak, Ma\u0142gorzata Kurzy\u0144ska, Alicja Drozd-Lipi\u0144ska, Violetta Stawska. &#8211; Toru\u0144 : Wydawnictwo Naukowe Uniwersytetu Miko\u0142aja Kopernika, 2024.<\/li>\n<li>Witra\u017ce Karola Frycza w Sanktuarium Matki Bo\u017cej Bolesnej w Sulis\u0142awicach \/ Ewelina Janiczek. &#8211; Sulis\u0142awice : Ochotnicza Stra\u017c Po\u017carna w Sulis\u0142awicach, 2021.<\/li>\n<li>Cmentarzysko z epoki br\u0105zu w Domas\u0142awiu 10\/11\/12 i Chrzanowie 4, pow. wroc\u0142awski. Tom\u00a0IV\u00a0\/ Anna J\u00f3zefowska, Krzysztof Nowaczyk, Lubomi\u0142a Nowaczyk, Marek Anio\u0142a, Agnieszka Zarzycka-Anio\u0142a. &#8211; Wroc\u0142aw : Fundacja Nauki Archaeologia Silesiae ; P\u0119kowice : Wydawnictwo i Pracownia Archeologiczna Profil-Archeo, 2024.<\/li>\n<li>Fabryka tworzy miasto : wsp\u00f3lna historia Zak\u0142ad\u00f3w Zbrojeniowych i Skar\u017cyska-Kamiennej \/ Barbara Kasprzyk-Dulewicz. &#8211; Skar\u017cysko-Kamienna : MESKO SA. : Barbara Kasprzyk-Dulewicz, 2019.<\/li>\n<li>Jan\u00f3w Pomorski\/Truso : struktura i zabudowa strefy portowej (badania 2000-2008) \/ Marek Franciszek Jagodzi\u0144ski ; [t\u0142umaczenie: Borys Zakrzewski]. &#8211; Elbl\u0105g : Muzeum Archeologiczno-Historyczne, 2024.<\/li>\n<li>Ksi\u0119ga fabryk \u0141odzi \/ Jacek Kusi\u0144ski, Ryszard Bonis\u0142awski, Maciej Janik ; [aut. tekst\u00f3w: &#8220;O\u00a0\u0141odzi, przemy\u015ble i &#8220;Ksi\u0119dze fabryk&#8221;&#8221; Maciej Janik, &#8220;Miasto niedoko\u0144czone&#8221; Jan Salm, &#8220;Miasto fabryka&#8221; Tomasz W\u0142odkowski]. &#8211; \u0141\u00f3d\u017a : Wydawnictwo Jacek Kusi\u0144ski, cop. 2009.<\/li>\n<li>Ludzie z \u017celaza : Pakosz\u00f3wka, stan. 33 : cmentarzysko kultury przeworskiej = Men of Iron &#8211; Pakosz\u00f3wka Site 33 : Burial ground of the Przeworsk culture \/ redakcja: Jan Bulas, Piotr Kotowicz, Magdalena Oko\u0144ska-Bulas. &#8211; Tarnowiec : Fundacja Arch ; Sanok : Muzeum Historyczne w Sanoku, 2024.<\/li>\n<li>Miasto podziemne : metodologia bada\u0144 konserwatorskich i zarz\u0105dzanie obiektami podziemnymi we wsp\u00f3\u0142czesnym mie\u015bcie \/ [redakcja merytoryczna Anna Jagiellak, Paulina \u015awi\u0105tek]. &#8211; Warszawa : Miasto Sto\u0142eczne Warszawa : Pa\u0144stwowe Muzeum Archeologiczne w\u00a0Warszawie, 2024.<\/li>\n<li>Osiedle : reurbanizacja \/ Krystyna Gruszecka, S\u0142awomir Gzell, Gabriela Rembarz. &#8211; Warszawa : Urbanista, 2009.<\/li>\n<li>Pocz\u0105tki \u0141\u0119czycy. T. 4, Przedpiastowski gr\u00f3d w Czerchowie \/ pod redakcj\u0105 Ryszarda Grygiela i\u00a0Tomasza Jurka. &#8211; \u0141\u00f3d\u017a : Muzeum Archeologiczne i Etnograficzne, 2024.<\/li>\n<li>Projektowanie krajobrazu miasta \/ redakcja naukowa Jeremi T. Kr\u00f3likowski, Kinga Rybak-Niedzi\u00f3\u0142ka, Ewa A. Ryka\u0142a. &#8211; Warszawa : Wydawnictwo SGGW, 2017.<\/li>\n<li>Przew\u0142oka : nowa karta w badaniach osadnictwa \u015bredniowiecznego na szlaku \u017ceglugowym Warta-Gop\u0142o-Wis\u0142a \/ redakcja naukowa Katarzyna Schellner, Jadwiga Lewandowska, Krzysztof Gorczyca. &#8211; Konin : Muzeum Okr\u0119gowe w Koninie, 2024.<\/li>\n<li>Przewodnik Architektoniczny Osiedla Boernerowo \/ Ewa Kalnoj-Ziajkowska, Marek Piwowarski, Mateusz Potempski. &#8211; Warszawa : SAWAPW, 2023.<\/li>\n<li>Resolution on the national programme for culture 2024-2031 : &#8220;Solidarity, Sustainability, Commons.&#8221; &#8211; Ljubljana : Ministry of Culture, 2025.<\/li>\n<li>Skarb monet z XVII wieku z E\u0142ku = A seventeenth-century coin hoard from E\u0142k \/ [Grzegorz \u015anie\u017cko ; t\u0142umaczenie: Marta Budny oraz Grzegorz \u015anie\u017cko]. &#8211; E\u0142k : Muzeum Historyczne w E\u0142ku ; [Warszawa] : Instytut Archeologii i Etnologii Polskiej Akademii Nauk, 2024.<\/li>\n<li>Warszawa nie umiera nigdy : Henryk \u015amigacz &#8211; fotograf walcz\u0105cej stolicy (1939, 1944) \/ Joanna Dardzi\u0144ska. &#8211; Warszawa : Wydawnictwo Instytutu Pami\u0119ci Narodowej, 2024.<\/li>\n<li>Architektura budynk\u00f3w us\u0142ug spo\u0142ecznych w Europie \u015arodkowej i Wschodniej XX wieku \/ pod\u00a0redakcj\u0105 Marii Jolanty So\u0142tysik. &#8211; Gdynia : Urz\u0105d Miasta ; Gda\u0144sk : Wydzia\u0142 Architektury Politechniki Gda\u0144skiej, 2024.<\/li>\n<li>Asteroid i p\u00f3\u0142kotapczan : o polskim wzornictwie powojennym \/ Katarzyna Jasio\u0142ek. &#8211; Wydanie drugie. &#8211; Warszawa : Marginesy, 2025.<\/li>\n<li>Kryminalny atlas sztuki : kradzie\u017ce, akty wandalizmu i fa\u0142szerstwa \/ Laura Evans ; prze\u0142o\u017cy\u0142 Pawe\u0142 Wieczorek. &#8211; Warszawa : Wydawnictwo Arkady, 2025.<\/li>\n<li>Kamienny Pozna\u0144 : o ska\u0142ach, kt\u00f3re tworz\u0105 miasto \/ Janusz Skoczylas. &#8211; Pozna\u0144 : Wydawnictwo Miejskie Posnania, 2024.<\/li>\n<li>\u015awiat w moich oczach \/ J\u00f3zef Czapski ; rozmowy przeprowadzi\u0142 Piotr K\u0142oczowski. &#8211; Warszawa : Wydawnictwo Pr\u00f3by, 2024.<\/li>\n<li>Ulice Solca \/ Ryszard \u017belichowski. &#8211; Wydanie drugie rozszerzone. &#8211; Warszawa : Nova Veda\u00a0sp.\u00a0z o.o. : Dom Spotka\u0144 z Histori\u0105, 2024.<\/li>\n<li>Ko\u015bcio\u0142y Diecezji Rzeszowskiej w jubileuszu 30-lecia jej powstania. T. 1 \/ [autorzy publikacji Ma\u0142gorzata Krzy\u017canowska-Witkowska, \u0141ukasz Wyszomirski]. &#8211; Bydgoszcz : Ikona, [2023].<\/li>\n<li>Ko\u015bcio\u0142y Diecezji Rzeszowskiej w jubileuszu 30-lecia jej powstania. T. 2 \/ [autorzy publikacji Ma\u0142gorzata Krzy\u017canowska-Witkowska, \u0141ukasz Wyszomirski]. &#8211; Bydgoszcz : Ikona, [2021].<\/li>\n<li>Ko\u015bcio\u0142y Diecezji Rzeszowskiej w jubileuszu 30-lecia jej powstania. T. 3 \/ [autorzy publikacji Ma\u0142gorzata Krzy\u017canowska-Witkowska, \u0141ukasz Wyszomirski]. &#8211; Bydgoszcz : Ikona, [2023].<\/li>\n<li>Ko\u015bcio\u0142y Diecezji Rzeszowskiej w jubileuszu 30-lecia jej powstania. T. 4 \/ [autorzy publikacji Ma\u0142gorzata Krzy\u017canowska-Witkowska, \u0141ukasz Wyszomirski]. &#8211; Bydgoszcz : Ikona, [2023].<\/li>\n<\/ol>\n<p><strong><\/strong><\/p>\n<p><strong>marzec<\/strong><br \/><strong><span style=\"color: #999999;\">liczba nowo\u015bci: 28<\/span><\/strong><\/p>\n<ol>\n<li>Studia z architektury nowoczesnej. T. 12, Architektura przemys\u0142owa \/ red. Joanna Kucharzewska ; Polski Instytut Studi\u00f3w nad Sztuk\u0105 \u015awiata, Katedra Historii Sztuki Nowoczesnej i Pozaeuropejskiej. Wydzia\u0142 Sztuk Pi\u0119knych. Uniwersytet Miko\u0142aja Kopernika. &#8211; Warszawa : Polski Instytut Studi\u00f3w nad Sztuk\u0105 \u015awiata ; Toru\u0144 : Wydawnictwo Tako, 2024.<\/li>\n<li>Nowosielski : ikony cerkwi i szkice architektoniczne \/ Krystyna Czerni. &#8211; Krak\u00f3w : Szpalanka Lab, 2024.<\/li>\n<li>Osiedla dom\u00f3w jednorodzinnych Lublina z okresu PRL : koncepcje, realizacja, eksploatacja \/ Micha\u0142 Dmitruk. &#8211; Lublin : Wydawnictwo Politechniki Lubelskiej, 2024.<\/li>\n<li>Dziedzictwo kulturowe ksi\u0119stwa \u015bwidnicko-jaworskiego \/ pod redakcj\u0105 Andrzeja Kozie\u0142a, Dobies\u0142awa Karsta, Arkadiusza Mu\u0142y. &#8211; Wroc\u0142aw : Wydawnictwo Uniwersytetu Wroc\u0142awskiego, 2024.<\/li>\n<li>Most Kierbedzia : fotoreporta\u017c z budowy pierwszego sta\u0142ego mostu w Warszawie \/ [wst\u0119p i oprac. podpis\u00f3w Anna Chyli\u0144ska-Sta\u0144czak] ; Biblioteka Publiczna m.st Warszawy &#8211; Biblioteka G\u0142\u00f3wna Wojew\u00f3dztwa Mazowieckiego. &#8211; Warszawa : Biblioteka Publiczna m.st. Warszawy &#8211; Biblioteka G\u0142\u00f3wna Wojew\u00f3dztwa Mazowieckiego, 2024.<\/li>\n<li>Radziwi\u0142\u0142owie w Antoninie \/ Edmund Radziszewski. &#8211; Przygodzice : Biblioteka Publiczna Gminy Przygodzice im. Gustawa Bojanowskiego, 2024.<\/li>\n<li>Jezuici w Malborku w XVII wieku \/ Rafa\u0142 Panfil. &#8211; Malbork : Muzeum Zamkowe w Malborku, 2024.<\/li>\n<li>Katalog zbioru poczt\u00f3wek Muzeum Zamkowego w Malborku \/ Artur Dobry. &#8211; Wyd. 2 uzup. i popr. &#8211; Malbork : Muzeum Zamkowe, 2024.<\/li>\n<li>Fortyfikacje pancerne Twierdzy Toru\u0144 \/ Miros\u0142aw Gi\u0119tkowski, Adam Kowalkowski. &#8211; Toru\u0144 : Muzeum Twierdzy Toru\u0144, [2024].<\/li>\n<li>Leksykon termin\u00f3w archeologicznych \/ redakcja Arkadiusz Marciniak, Anna I. Zalewska, Dorota Cyngot, Stanis\u0142aw Iwaniszewski, Hanna Kowalewska-Marsza\u0142ek, Franciszek M. St\u0119pniowski. &#8211; Krak\u00f3w : Towarzystwo Autor\u00f3w i Wydawc\u00f3w Prac Naukowych Universitas ; Pozna\u0144 : Oddzia\u0142 PAN w Poznaniu &#8211; Komisja Archeologiczna ; Warszawa : Uniwersytet Warszawski. Wydzia\u0142 Archeologii : Instytut Archeologii i Etnologii PAN w Warszawie ; \u0141\u00f3d\u017a : Uniwersytet \u0141\u00f3dzki. Instytut Archeologii, 2024.<\/li>\n<li>Usuwanie skutk\u00f3w powodzi w budynkach tradycyjnych \/ Piotr Horodyski, Katarzyna Sielicka ; pod redakcj\u0105 Moniki Bogdanowskiej. &#8211; Lublin ; Krak\u00f3w : Boni Libri, 2025.<\/li>\n<li>W s\u0142u\u017cbie nowoczesno\u015bci : fotografia w Warszawie w latach 1864-1883 \/ Marta Zi\u0119tkiewicz. &#8211; Warszawa : Instytut Sztuki Polskiej Akademii Nauk, 2024.<\/li>\n<li>Wn\u0119trza. 2 \/ pod redakcj\u0105 Ireny Kontny. &#8211; Katowice : \u015al\u0105ski Wojew\u00f3dzki Konserwator Zabytk\u00f3w : Instytut My\u015bli Polskiej im. Wojciecha Korfantego, 2024.<\/li>\n<li>Architecture in global socialism : Eastern Europe, West Africa, and the Middle East in the Cold War \/ \u0141ukasz Stanek. &#8211; Princeton ; Oxford : Princeton University Press, 2020.<\/li>\n<li>Pami\u0105tka znad morza : Wytw\u00f3rnia Wyrob\u00f3w Bursztynowych w Gda\u0144sku : historia i produkcja \/ Micha\u0142 My\u015bli\u0144ski. &#8211; Warszawa : Instytut Sztuki Polskiej Akademii Nauk, 2024.<\/li>\n<li>W\u0142adys\u0142aw Skoczylas w zbiorach Muzeum Akademii Sztuk Pi\u0119knych w Warszawie = in the collection of the Museum of the Academy of Fine Arts in Warsaw \/ [teksty, opracowanie katalogu] Maryla Sitkowska. &#8211; Warszawa : Akademia Sztuk Pi\u0119knych w Warszawie, 2024.<\/li>\n<li>Niech spoczywaj\u0105 w spokoju : inwentaryzacja cennych historycznie pomnik\u00f3w nagrobnych na zabytkowym cmentarzu parafialnym \u015bw. Anny w Piasecznie. Tom 1 \/ Piotr Kalbarczyk, Anna Zgli\u0144ska, Monika Weso\u0142owska. &#8211; Piaseczno : Towarzystwo Przyjaci\u00f3\u0142 Piaseczna, 2024.<\/li>\n<li>Rodziny szlacheckie Gminy Zambr\u00f3w \/ pod redakcj\u0105 Andrzeja Brz\u00f3ski. &#8211; Wola Zambrowska : Centrum Kultury Gminy Zambr\u00f3w, 2024.<\/li>\n<li>Budownictwo tradycyjne w powiatach bytowskim i chojnickim \/ Alfons Klonowski ; opracowanie naukowe Cezary Obracht-Prondzy\u0144ski. &#8211; Gda\u0144sk : Instytut Kaszubski w Gda\u0144sku ; Byt\u00f3w : Muzeum Zachodniokaszubskie w Bytowie, 2024.<\/li>\n<li>Fajanse w zbiorach Muzeum w Gliwicach od XVII do po\u0142owy XIX w. : katalog kolekcji \/ Wojciech W. Kowalski ; [artyku\u0142y: Stanis\u0142aw Siess-Krzyszkowski, Patrycja Gwo\u017adziewicz]. &#8211; Gliwice : Muzeum w Gliwicach, 2024.<\/li>\n<li>Architektura dworc\u00f3w kolejowych 1918-1939 \/ [teksty: Beata M\u0142ynarska]. &#8211; Warszawa : Stacja Muzeum, 2024.<\/li>\n<li>Miasto Warta w okresie drugiej wojny \u015bwiatowej \/ Marian Binkowski. &#8211; Wydanie drugie poprawione. &#8211; Warta : Stowarzyszenie im. Ireneusza \u015alipka na rzecz dialogu polsko-\u017cydowskiego w Warcie, [2024].<\/li>\n<li>Poradnik dobrych praktyk architektonicznych : Ochota \/ redakcja merytoryczna: Jerzy S. Majewski, Grzegorz Mika ; autorzy tekst\u00f3w: Grzegorz A. Buczek [et al.]. &#8211; Warszawa : Fundacja Hereditas, 2024.<\/li>\n<li>Poradnik dobrych praktyk architektonicznych : warszawskie kamienice prze\u0142omu XIX i XX wieku \/ redakcja merytoryczna: Jerzy S. Majewski, Grzegorz Mika ; autorzy tekst\u00f3w: Grzegorz A. Buczek [et al.]. &#8211; Warszawa : Fundacja Hereditas, 2024.<\/li>\n<li>Pozorna krucho\u015b\u0107 : ceramika w zbiorach etnograficznych Muzeum Historycznego w Bielsku-Bia\u0142ej \/ Sylwia Grudzie\u0144. &#8211; Bielsko-Bia\u0142a : Muzeum Historyczne w Bielsku-Bia\u0142ej, 2024.<\/li>\n<li>Typologia obiekt\u00f3w sakralnych w krajobrazie o z\u0142o\u017conym dziedzictwie kulturowym ziemi k\u0142odzkiej \/ redakcja naukowa Aneta Marek, Janusz \u0141ach. &#8211; Lublin : Wydawnictwo Episteme, 2024.<\/li>\n<li>Wielki dizajn z s\u0105siedztwa. Miasto w procesie \/ [autorzy projektu Monika Iwanowska, Kamil Myszkowski, Magdalena Nizio\u0142ek, Agata Piche\u0144-Kowalska ; redakcja Agata B\u0142asiak, El\u017cbieta Spadzi\u0144ska-\u017bak]. &#8211; Katowice : Muzeum \u015al\u0105skie, 2024.<\/li>\n<li>Rzeczy pi\u0119kne : studia z dziej\u00f3w historii sztuki, kultury i architektury dedykowane pami\u0119ci Doktora Jacka Kriegseisena \/ redakcja naukowa Edmund Kizik, Klaudiusz Grabowski. &#8211; Gda\u0144sk ; Sopot : Wydawnictwo Uniwersytetu Gda\u0144skiego, 2024.<\/li>\n<\/ol>\n<p>&nbsp;<\/p>\n<p><strong>luty<\/strong><br \/><strong><span style=\"color: #999999;\">liczba nowo\u015bci: 36<\/span><\/strong><\/p>\n<ol>\n<li>Akt obrazu \/ Horst Bredekamp ; przek\u0142ad Ma\u0142gorzata S\u0142abicka-Turpeinen ; pos\u0142owie Pawe\u0142 Mo\u015bcicki ; redakcja naukowa Magdalena Saryusz-Wolska. &#8211; Warszawa : Wydawnictwa Uniwersytetu Warszawskiego, 2024.<\/li>\n<li>Alwernia : historia znana i nieznana \/ Monika Bachowska. &#8211; Alwernia : Samorz\u0105dowy O\u015brodek Kultury w Alwerni, 2024.<\/li>\n<li>J\u00f3zef Che\u0142mo\u0144ski : przewodnik po wystawie = exhibition guidebook \/ Ewa Micke-Broniarek, Wojciech G\u0142owacki ; [przek\u0142ad na j\u0119zyk angielski Aleksandra Szkud\u0142apska]. &#8211; Warszawa : Muzeum Narodowe w Warszawie, 2024.<\/li>\n<li>J\u00f3zef Che\u0142mo\u0144ski 1849-1914. T. 1 \/ redaktorzy naukowi Ewa Micke-Broniarek, Wojciech G\u0142owacki. &#8211; Warszawa : Muzeum Narodowe w Warszawie, 2024.<\/li>\n<li>J\u00f3zef Che\u0142mo\u0144ski 1849-1914. T. 2 \/ redaktorzy naukowi Ewa Micke-Broniarek, Wojciech G\u0142owacki. &#8211; Warszawa : Muzeum Narodowe w Warszawie ; Pozna\u0144 : Muzeum Narodowe w Poznaniu ; Krak\u00f3w : Muzeum Narodowe w Krakowie, 2024.<\/li>\n<li>Kompozycja miasta XXI wieku : rozwi\u0105zania urbanistyczne i krajobrazowe \/ Katarzyna Pluta. &#8211; Warszawa : Oficyna Wydawnicza Politechniki Warszawskiej, 2024.<\/li>\n<li>Krajobrazy zwyczajne, krajobrazy zamieszkane : wizje, teorie, praktyki \/ Joanna Giecewicz. &#8211; Warszawa : Politechnika Warszawska, 2024.<\/li>\n<li>Lublin ma\u0142o znany : przewodnik. Cz. 4, Miasto na przestrzeni wiek\u00f3w \/ Wojciech G\u00f3rski. &#8211; Lublin : Ad Montem, 2024.<\/li>\n<li>Peri-urban : typologia strefy podmiejskiej \u015brednich miast Mazowsza \/ Ma\u0142gorzata Denis. &#8211; Warszawa : Oficyna Wydawnicza Politechniki Warszawskiej, 2024.<\/li>\n<li>Gotyk nowo\u017cytny : tradycja gotycka w murowanej architekturze ko\u015bcielnej Wielkopolski i Polski \u015brodkowej w XVI i XVII wieku \/ Witold Miedziak. &#8211; Pozna\u0144 : Wydawnictwo Pozna\u0144skiego Towarzystwa Przyjaci\u00f3\u0142 Nauk, 2024.<\/li>\n<li>Historia zapisana w krajobrazie Mazur : cmentarze ewangelickie \/ zdj\u0119cia Waldemar Bzura ; [t\u0142umaczenie na j\u0119zyk niemiecki: Krzysztof G\u0119bura]. &#8211; Kruty\u0144 : Mazurski Park Krajobrazowy ; Kwidzyn : Vega Studio Adv. Tomasz M\u00fcller, 2024.<\/li>\n<li>Malarki z Powi\u015bla D\u0105browskiego \/ autor tekstu i wyb\u00f3r fotografii Urszula Giero\u0144. &#8211; Tarn\u00f3w : Muzeum Ziemi Tarnowskiej, 2024.<\/li>\n<li>Mi\u0119dzy \u015al\u0105skiem a Itali\u0105 : studia z historii sztuki po\u015bwi\u0119cone pami\u0119ci Arkadiusza Wojty\u0142y \/ pod redakcj\u0105 Andrzeja Kozie\u0142a i Ma\u0142gorzaty Wyrzykowskiej. &#8211; Wroc\u0142aw : Wydawnictwo Uniwersytetu Wroc\u0142awskiego, 2024.<\/li>\n<li>Miniatury w zbiorach Muzeum Ziemi Tarnowskiej \/ kuratorki wystawy: Barbara Bu\u0142dys, Bo\u017cena Szczupak. &#8211; Tarn\u00f3w : Muzeum Ziemi Tarnowskiej, 2024.<\/li>\n<li>Polskie plakaty z lat 1915-1945 w zbiorach Muzeum Narodowego w Krakowie \/ Magdalena Czubi\u0144ska. &#8211; Krak\u00f3w : Muzeum Narodowe, 2024.<\/li>\n<li>Transformacje : nowoczesno\u015b\u0107 w III RP = Transformations : modernity in the Third Polish Republic \/ redakcja = edited by Czes\u0142awa Frejlich, Andrzej Szczerski. &#8211; Krak\u00f3w : Muzeum Narodowe w Krakowie, copyright 2024.<\/li>\n<li>Wn\u0119trza Politechniki Gda\u0144skiej \/ teksty: Jakub Szczepa\u0144ski ; fotografie: Krzysztof Krzempek. &#8211; Gda\u0144sk : Politechnika Gda\u0144ska, 2023.<\/li>\n<li>Wo\u0142y\u0144 : historia, ludzie, zabytki. T. 1 \/ Ireneusz Jasiuk, Damian Jasiuk. &#8211; Lublin : Kresowe Drogi, 2023.<\/li>\n<li>Wo\u0142y\u0144 : historia, ludzie, zabytki. T. 2 \/ Ireneusz Jasiuk, Damian Jasiuk. &#8211; Lublin : Kresowe Drogi, 2023.<\/li>\n<li>Architektura \u015bredniowieczna i archeologia : konteksty \/ pod redakcj\u0105 Teresy Rodzi\u0144skiej-Chor\u0105\u017cy. &#8211; Wroc\u0142aw ; [Lutynia] : Chronicon Wydawnictwo, 2024.<\/li>\n<li>Kr\u00f3lewski ko\u015bci\u00f3\u0142 : Nowa Wie\u015b pod Wrze\u015bni\u0105 : ko\u015bci\u00f3\u0142 parafialny pw. \u015bw. Andrzeja Aposto\u0142a w Nowej Wsi Kr\u00f3lewskiej : jeden z najstarszych drewnianych ko\u015bcio\u0142\u00f3w Wielkopolski \/ oprac. i red. Sebastian Mazurkiewicz &#8211; Wrze\u015bnia : Muzeum Regionalne im. Dzieci Wrzesi\u0144skich, 2024.<\/li>\n<li>\u0141azienki w Zamku w \u0141a\u0144cucie \/ Barbara Trojnar. &#8211; \u0141a\u0144cut : Muzeum-Zamek w \u0141a\u0144cucie, 2024.<\/li>\n<li>O polskim z\u0142otnictwie bardziej i mniej artystycznym po roku 1945 i nieco wcze\u015bniej \/ Jacek A. Rochacki. &#8211; Sandomierz : Galeria Otwarta, 2024.<\/li>\n<li>O reparacji wyrob\u00f3w z\u0142otniczych du\u017cych i mniejszych oraz o wybranych technikach przydatnych w reparacjach \/ Jacek A. Rochacki. &#8211; Sandomierz : Galeria Otwarta, 2024.<\/li>\n<li>O r\u0119kodzielniczych obiektach z\u0142otniczych i ich budowaniu \/ Jacek A. Rochacki. &#8211; Sandomierz : Galeria Otwarta, 2024.<\/li>\n<li>Ochrona zabytk\u00f3w : komentarz \/ Artur Ginter, Anna Michalak. &#8211; Wydanie 2, stan prawny na 1 wrze\u015bnia 2024 r. z uwzgl\u0119dnieniem zmian uchwalonych ustaw\u0105 z 13 lipca 2023 r. o zmianie ustawy o ochronie zabytk\u00f3w i opiece nad zabytkami (Dz.U. z 2023 r. poz. 1904 oraz z 2024 r. poz. 647), kt\u00f3re wejd\u0105 w \u017cycie 1 maja 2025 r. &#8211; Warszawa : Wolters Kluwer, 2024.<\/li>\n<li>Szkice z historii Wilanowa i okolic \/ Krzysztof Kanabus. &#8211; Warszawa : Fundacja im. Adama i Beaty Branickich z Wilanowa ; Dziekan\u00f3w Le\u015bny : Wydawnictwo LTW, 2024.<\/li>\n<li>\u015awiat\u0142a miasta : historia katowickich neon\u00f3w \/ koncepcja publikacji: Dominik Tokarski ; tekst i redakcja Katarzyna Ossoli\u0144ska. &#8211; Katowice : Fundacja Neon Katowice, 2024.<\/li>\n<li>Uniwersytet Warszawski : kampus historyczny i jego dzieje \/ Jerzy Mizio\u0142ek, Jerzy Pieszczurykow, Adam Tyszkiewicz. &#8211; Warszawa : Wydawnictwa Uniwersytetu Warszawskiego, 2024.<\/li>\n<li>Urbanistyka XXI wieku \/ S\u0142awomir Gzell. &#8211; Wydanie II. &#8211; Warszawa : PWN, 2024.<\/li>\n<li>Zamki, pa\u0142ace i dwory Dolnego \u015al\u0105ska. [3], Powiat ole\u015bnicki \/ Damian D\u0105browski. &#8211; Warszawa : Wydawnictwo CM, 2024.<\/li>\n<li>Ma\u0142a architektura sakralna Bi\u0142gorajszczyzny : fotograficzne \u015blady przesz\u0142o\u015bci \/ Krzysztof Garbacz. &#8211; Zielona G\u00f3ra : Agencja Wydawnicza &#8220;PDN&#8221;, 2025.<\/li>\n<li>Gin\u0105ce miejsca, zapomniane historie kujawsko-pomorskie \/ Micha\u0142 Jankowski. &#8211; Bydgoszcz : Wydawnictwo Pejza\u017c, Stadnicki s.k., 2024.<\/li>\n<li>Pasje Marii Starzewskiej \/ redakcja Piotr Oszczanowski, Maria Je\u017cewska. &#8211; Wroc\u0142aw : Muzeum Narodowe, 2024.<\/li>\n<li>Wielka czw\u00f3rka i inni : ceramiczna rze\u017aba kameralna w PRL-u \/ Barbara Bana\u015b. &#8211; Wroc\u0142aw : Muzeum Narodowe, 2024.<\/li>\n<li>Sp\u00f3r o zbiory Muzeum Brytyjskiego jako trudny przypadek w prawie \/ Agnieszka Plata. &#8211; Stan prawny na dzie\u0144: 21 marca 2024 r. &#8211; Gda\u0144sk : Wydawnictwo Uniwersytetu Gda\u0144skiego ; Warszawa : Narodowy Instytut Dziedzictwa, 2024.<\/li>\n<\/ol>\n<p><strong><\/strong><\/p>\n<p><strong>stycze\u0144<br \/><span style=\"color: #999999;\">liczba nowo\u015bci: 60<\/span><\/strong><\/p>\n<ol>\n<li>Sp\u00f3r o zbiory Muzeum Brytyjskiego jako trudny przypadek w prawie \/ Agnieszka Plata. &#8211; Stan prawny na dzie\u0144: 21 marca 2024 r. &#8211; Gda\u0144sk : Wydawnictwo Uniwersytetu Gda\u0144skiego ; Warszawa : Narodowy Instytut Dziedzictwa, 2024.<\/li>\n<li>75 lat muze\u00f3w na ziemi lubuskiej \/ pod redakcj\u0105 Longina Dzie\u017cyca. &#8211; Zielona G\u00f3ra : Muzeum Ziemi Lubuskiej : Towarzystwo Przyjaci\u00f3\u0142 Muzeum Ziemi Lubuskiej, 2022.<\/li>\n<li>Muzealnictwo na Ziemi Lubuskiej w latach 1945-2000 \/ Longin Dzie\u017cyc. &#8211; Zielona G\u00f3ra : Muzeum Ziemi Lubuskiej : Towarzystwo Przyjaci\u00f3\u0142 Muzeum Ziemi Lubuskiej, 2014.<\/li>\n<li>Toru\u0144skie Dwory Artusa : architektura, kultura, ludzie \/ Katarzyna Kluczwajd. &#8211; Toru\u0144 : Towarzystwo Naukowe w Toruniu, 2024.<\/li>\n<li>Boles\u0142aw Barbacki 1891-1941. T. 2, Portrecista \/ [koncepcja, opracowanie i redakcja wydawnictwa: Piotr Dro\u017adzik, Agnieszka Ma\u0142ecka]. &#8211; Nowy S\u0105cz : Drukarnia Goldruk : Muzeum Ziemi S\u0105deckiej, [2024].<\/li>\n<li>Gmach G\u0142\u00f3wny : przewodnik \/ red. Maria Marcinowska, Edyta Ross-Pazdyk, Anna Wide\u0142. &#8211; Nowy S\u0105cz : Muzeum Ziemi S\u0105deckiej, 2024.<\/li>\n<li>Materia\u0142y z konferencji rocznicowej : Krajobrazy Ba\u0142tyckie&#8230; w 130. lecie odkrycia osady z epoki kamienia w Rzucewie, 40. lecie wznowienia bada\u0144 archeologicznych oraz 30 lat od konferencji : Krajobrazy Ba\u0142tyckie : \u015brodowisko kulturowe strefy nadmorskiej w epoce kamienia \/ pod redakcj\u0105 Jana P. Dettlaff i Danuty Kr\u00f3l ; W\u00f3jt Gminy Puck, O\u015brodek Kultury, Sportu i Turystyki w Gminie Puck, Park Kulturowy Osada \u0141owc\u00f3w Fok w Rzucewie. &#8211; Rzucewo ; \u017belistrzewo : O\u015brodek Kultury, Sportu i Turystyki w Gminie Puck, 2024.<\/li>\n<li>Miasteczko Galicyjskie : przewodnik \/ red. Anna Florek, Edyta Ross-Pazdyk, Anna Wide\u0142. &#8211; Nowy S\u0105cz : Muzeum Ziemi S\u0105deckiej, 2024.<\/li>\n<li>Muzeum Lach\u00f3w S\u0105deckich im. Zofii i Stanis\u0142awa Chrz\u0105stowskich w Podegrodziu : przewodnik \/ red. Izabela Skrzypiec-Dagnan. &#8211; Nowy S\u0105cz : Muzeum Ziemi S\u0105deckiej, 2024.<\/li>\n<li>Muzeum Nikifora w Krynicy-Zdroju : przewodnik \/ red. Zbigniew Wolanin. &#8211; Nowy S\u0105cz : Muzeum Ziemi S\u0105deckiej, 2024.<\/li>\n<li>Muzeum Pieni\u0144skie im. J. Szalaya w Szlachtowej : przewodnik \/ red. Barbara A. W\u0119glarz, Anna Wawrzczak. &#8211; Nowy S\u0105cz : Muzeum Ziemi S\u0105deckiej, 2024.<\/li>\n<li>Pomniki polskiego dziedzictwa dokumentacyjnego : 10 lat Polskiej Listy Krajowej Programu UNESCO Pami\u0119\u0107 \u015awiata \/ redakcja: Anna Krochmal, Pawe\u0142 Pietrzyk. &#8211; Warszawa : Archiwa Pa\u0144stwowe, 2024.<\/li>\n<li>S\u0105decki zielnik etnobotaniczny \/ koncepcja i redakcja: Joanna Ho\u0142da, Maria Magdalena Kroh. &#8211; Nowy S\u0105cz : Muzeum Ziemi S\u0105deckiej, 2024.<\/li>\n<li>Utracone, ocalone : historia powstania i rozpadu zbior\u00f3w Muzeum Ziemi S\u0105deckiej oraz powojenne losy Muzeum w Nowym S\u0105czu \/ redakcja katalogu Beata Wierzbicka. &#8211; Nowy S\u0105cz : Muzeum Okr\u0119gowe w Nowym S\u0105czu, 2023.<\/li>\n<li>Aleja Ko\u015bciuszki 65 \/ opracowanie, teksty, wyb\u00f3r ilustracji: Wojciech Wendland. &#8211; \u0141\u00f3d\u017a : S\u0105d Apelacyjny w \u0141odzi : we wsp\u00f3\u0142pracy z Muzeum Tradycji Niepodleg\u0142o\u015bciowych w \u0141odzi, 2023.<\/li>\n<li>Aleksander Sochaczewski i jego czasy : praca zbiorowa \/ pod red. Beaty Michalec i Tadeusza Skoczka. &#8211; Warszawa : Muzeum Niepodleg\u0142o\u015bci, 2023.<\/li>\n<li>Kolekcja i to\u017csamo\u015b\u0107 : kolekcjonerstwo warszawskiej bur\u017cuazji i inteligencji pochodzenia \u017cydowskiego jako wyraz identyfikacji kulturowo-narodowej (1880-1939) \/ Milena Wo\u017aniak-Koch. &#8211; Gda\u0144sk : s\u0142owo\/obraz terytoria, 2024.<\/li>\n<li>Towarzystwo Przyjaci\u00f3\u0142 Warszawy w latach 1963-1991 \/ Beata Michalec ; redakcja Tadeusz Skoczek. &#8211; Warszawa : Wydawnictwo Muzeum Niepodleg\u0142o\u015bci, 2024.<\/li>\n<li>Walery Eljasz-Radzikowski &#8211; artysta i patriota : katalog wystawy, [Galeria Malarstwa Historycznego Muzeum Niepodleg\u0142o\u015bci, Warszawa, 18 stycznia &#8211; 18 kwietnia 2023] \/ pod red. Beaty Michalec i Tadeusza Skoczka. &#8211; Warszawa : Muzeum Niepodleg\u0142o\u015bci, 2023.<\/li>\n<li>Wroc\u0142awski Szpital imienia Cesarzowej Augusty &#8211; Pa\u0144stwowy Szpital Kliniczny nr 3 Akademii Medycznej &#8211; osiedle Lokum Vena \/ Ma\u0142gorzata W\u00f3jtowicz, Dariusz Patrza\u0142ek. &#8211; Wroc\u0142aw : Uniwersytet Medyczny im. Piast\u00f3w \u015al\u0105skich we Wroc\u0142awiu, 2024.<\/li>\n<li>Blokowiska \u0141odzi. Vol. 2, Manhattan, Ba\u0142uty, Radiostacja i Matejki, Stoki, Stary Widzew, Widzew Wsch\u00f3d, Olech\u00f3w-Jan\u00f3w, D\u0105browa, Zarzew, Czerwony Rynek, Kurak-Piast\u00f3w, Chojny \/ Piotr Borowski, Micha\u0142 Koli\u0144ski. &#8211; \u0141\u00f3d\u017a : Ksi\u0119\u017cy M\u0142yn Dom Wydawniczy, 2024.<\/li>\n<li>Galeria Marii Ritter i Stare Wn\u0119trza Mieszcza\u0144skie : przewodnik \/ red. Edyta Ross-Pazdyk, Justyna Stasiek-Harabin. &#8211; Nowy S\u0105cz : Muzeum Ziemi S\u0105deckiej, 2024.<\/li>\n<li>Ignacego Potockiego zabawy architektur\u0105 : refleksje nad autorskim jego dzie\u0142em z zakresu my\u015bli o sztuce \/ Ryszard M\u0105czy\u0144ski. &#8211; Toru\u0144 : Wydaw. Naukowe Uniwersytetu Miko\u0142aja Kopernika, 2024.<\/li>\n<li>Muzea domowe : o\u017cywianie to\u017csamo\u015bci w spo\u0142eczno\u015bciach lokalnych Ma\u0142opolski oraz rozbudowa Mi\u0119dzynarodowej Sieci Muze\u00f3w Domowych \/ [kolegium redakcyjne: Bogus\u0142awa B\u0142a\u017cewicz, Piotr Dro\u017adzik, Maria Marcinowska, Leszek Migra\u0142a, Danuta Plata, Barbara Szafran, Anna Wide\u0142 (sekretarz), Beata Wierzbicka ; t\u0142umaczenie tekstu z j\u0119zyka ukrai\u0144skiego: Yevhen Goryachkin]. &#8211; Nowy S\u0105cz : Muzeum Okr\u0119gowe w Nowym S\u0105czu, 2021.<\/li>\n<li>S\u0105decki Park Etnograficzny : przewodnik \/ Magdalena Kroh, Bogus\u0142aw B\u0142a\u017cewicz, Kamil Basta. &#8211; Nowy S\u0105cz : Muzeum Ziemi S\u0105deckiej, 2024.<\/li>\n<li>Socrealizm : architektura polska 1949-1956 \/ Krzysztof Stefa\u0144ski. &#8211; \u0141\u00f3d\u017a : Ksi\u0119\u017cy M\u0142yn Dom Wydawniczy, 2024.<\/li>\n<li>Str\u00f3j Rusin\u00f3w Szlachtowskich \/ [autor tekstu do katalogu, kurator wystawy Barbara W\u0119glarz]. &#8211; Nowy S\u0105cz : Muzeum Ziemi S\u0105deckiej, 2024.<\/li>\n<li>Zauwa\u017caj\u0105c i chroni\u0105c : detale dawnej architektury drewnianej \u017cu\u0142awskiej cz\u0119\u015bci gminy Pruszcz Gda\u0144ski \/ \u0141ukasz K\u0119pski, Jerzy Domino, Aleksandra Paprot-Wielopolska. &#8211; Cieplewo : O\u015brodek Kultury, Sztuki i Biblioteka Publiczna Gminy Pruszcz Gda\u0144ski, 2024.<\/li>\n<li>Zofia Rydet : dokumentacje 1950-1978 : s\u0105deckie \/ red. Anna Florek. &#8211; Nowy S\u0105cz : Muzeum Okr\u0119gowe w Nowym S\u0105czu, 2023.<\/li>\n<li>Niezwyk\u0142a historia zwyk\u0142ych obiekt\u00f3w : Gda\u0144sk, ul. Kurkowa 12 : budynek, ludzie, wydarzenia \/ Waldemar Kowalski ; Instytut Pami\u0119ci Narodowej. Oddzia\u0142 w Gda\u0144sku. &#8211; Gda\u0144sk : Instytut Pami\u0119ci Narodowej. Oddzia\u0142 w Gda\u0144sku, 2023.<\/li>\n<li>Niezwyk\u0142a historia zwyk\u0142ych obiekt\u00f3w : Gda\u0144sk, ul. Orzeszkowej 2 : budynek, ludzie, wydarzenia \/ Daniel Czerwi\u0144ski, Andrzej G\u0105siorowski ; Instytut Pami\u0119ci Narodowej. Oddzia\u0142 w Gda\u0144sku. &#8211; Gda\u0144sk : Instytut Pami\u0119ci Narodowej. Oddzia\u0142 w Gda\u0144sku, 2023.<\/li>\n<li>Niezwyk\u0142a historia zwyk\u0142ych obiekt\u00f3w : Gdynia, ul. Korzeniowskiego 8\/10 : budynek, ludzie, wydarzenia \/ Piotr Semk\u00f3w ; Instytut Pami\u0119ci Narodowej. Oddzia\u0142 w Gda\u0144sku. &#8211; Gda\u0144sk : Instytut Pami\u0119ci Narodowej. Oddzia\u0142 w Gda\u0144sku, 2021.<\/li>\n<li>Senat : architektura i sztuka : wn\u0119trza senackie na przestrzeni wiek\u00f3w \/ Bo\u017cena Wierzbicka. &#8211; Warszawa : Kancelaria Senatu, 2019.<\/li>\n<li>Bracia Klukowscy : sztuka i medycyna \/ [scenariusz Monika Klimowska ; wsp\u00f3\u0142praca Agata Ma\u0142kowska, Gra\u017cyna Jermakowicz ; t\u0142umaczenie Honorata Kielar-Franaszczyk]. &#8211; Warszawa : Muzeum Historii Medycyny Warszawskiego Uniwersytetu Medycznego, 2024.<\/li>\n<li>Drzeworyt i tkanina : historia ludowego zadruku tkanin i katalog wystawy \/ opracowa\u0142 Grzegorz Cie\u0107ka. &#8211; Narol : Gminny O\u015brodek Kultury w Narolu : Wydawnictwo Miasta i Gminy Narol, 2024.<\/li>\n<li>Drzeworyt z P\u0142azowa : powr\u00f3t do korzeni drzeworytu \/ opracowa\u0142 Grzegorz Cie\u0107ka. &#8211; Narol : Gminny O\u015brodek Kultury w Narolu : Wydawnictwo Miasta i Gminy Narol, 2024.<\/li>\n<li>Wn\u0119trza i otoczenie Senatu RP \/ koncepcja: Ma\u0142gorzata Szyd\u0142owska. &#8211; Warszawa : Kancelaria Senatu, 2017.<\/li>\n<li>Awangardzistka = Avant-garde artist : Maria Nicz-Borowiakowa 1896-1944 \/ red. Agnieszka Salamon-Radecka, Agnieszka Skalska. &#8211; Pozna\u0144 : Muzeum Narodowe w Poznaniu, 2022.<\/li>\n<li>Budownictwo drewniane okolic Wieruszowa \/ Grzegorz Szyma\u0144ski. &#8211; Wierusz\u00f3w : Powiatowa Biblioteka Publiczna w Wieruszowie, 2024.<\/li>\n<li>Cmentarze dawnego powiatu tarnopolskiego : kaplice, grobowce i nagrobki z inskrypcjami zapisanymi w alfabecie \u0142aci\u0144skim (1800-1945) = Kladovi\u015da koli\u0161n&#8217;ogo ternop\u00ecl&#8217;skogo pov\u00ectu : kaplic\u00ec, grobnic\u00ec \u00ec nadgrobki z napisami zapisanimi latins&#8217;kimi l\u00ecterami (1800-1945). T. 2 \/ pod red. Anny Sylwii Czy\u017c i Bart\u0142omieja Gutowskiego. &#8211; Krak\u00f3w : Societas Vistulana, 2019.<\/li>\n<li>Piece i kafle ze zbior\u00f3w Muzeum Miko\u0142aja Kopernika we Fromborku = Stoves and tiles from the collection of The Nicolaus Copernicus Museum in Frombork \/ Jagoda Semk\u00f3w, Weronika Wojnowska. &#8211; Frombork : Muzeum Miko\u0142aja Kopernika, 2024.<\/li>\n<li>Wsp\u00f3lnoty pracy i wiary : cechy w miastach Prus Kr\u00f3lewskich. T. 1, Eseje \/ pod red. Franciszka Skibi\u0144skiego. &#8211; Gda\u0144sk : Muzeum Narodowe w Gda\u0144sku, 2024.<\/li>\n<li>Wsp\u00f3lnoty pracy i wiary : cechy w miastach Prus Kr\u00f3lewskich. T. 2, Katalog \/ pod red. Franciszka Skibi\u0144skiego. &#8211; Gda\u0144sk : Muzeum Narodowe w Gda\u0144sku, 2024.<\/li>\n<li>Dzieje zamku na Wzg\u00f3rzu Przemys\u0142a w \u015bredniowieczu \/ Tomasz Jasi\u0144ski. &#8211; Pozna\u0144 : Muzeum Narodowe w Poznaniu, 2023.<\/li>\n<li>Go\u0142uchowskie &#8220;luoghi ritirati&#8221; : kolekcja rycin i rysunk\u00f3w Izabeli z Czartoryskich Dzia\u0142y\u0144skiej \/ Gra\u017cyna Ha\u0142asa. &#8211; Pozna\u0144 : Muzeum Narodowe, 2022.<\/li>\n<li>Narodziny nowoczesnego miasta : Pozna\u0144 w latach 1918-1929 \/ Justyna \u017barczy\u0144ska. &#8211; Pozna\u0144 : Muzeum Narodowe, 2018.<\/li>\n<li>Odbudowa\u0107, zmieni\u0107, zachowa\u0107? : Zamki w krajobrazie Polski. Tom 1 \/ redakcja naukowa: Jan Janczykowski, Micha\u0142 Laszczkowski. &#8211; Warszawa : Narodowy Instytut Dziedzictwa : [2024].<\/li>\n<li>Odbudowa\u0107, zmieni\u0107, zachowa\u0107? : Zamki w krajobrazie Polski. Tom 2 \/ redakcja naukowa: Jan Janczykowski, Micha\u0142 Laszczkowski. &#8211; Warszawa : Narodowy Instytut Dziedzictwa : [2024].<\/li>\n<li>Przestrze\u0144 a to\u017csamo\u015b\u0107 miasta : planowanie, ochrona, rewitalizacja \/ Krzysztof K. Paw\u0142owski. &#8211; Warszawa : Narodowy Instytut Dziedzictwa, 2024.<\/li>\n<li>Socmodernizm : architektura w Europie \u015arodkowej czasu zimnej wojny \/ \u0141ukasz Galusek, Micha\u0142 Wi\u015bniewski ; wraz z esejem Heleny Huber-Doudovej. &#8211; Krak\u00f3w : Mi\u0119dzynarodowe Centrum Kultury, 2024.<\/li>\n<li>\u015aredniowieczne rze\u017aby z Pomorza Zachodniego w zbiorach Muzeum Narodowego w Poznaniu \/ Patrycja \u0141obodzi\u0144ska. &#8211; Pozna\u0144 : Muzeum Narodowe, 2023.<\/li>\n<li>Krajowa lista niematerialnego dziedzictwa kulturowego : krajowy rejestr dobrych praktyk w ochronie niematerialnego dziedzictwa kulturowego \/ [redakcja Katarzyna Sadowska-Mazur ; opracowanie tekst\u00f3w Katarzyna Sadowska-Mazur, Anna Borkowska-Knio\u0142ek, Amudena Rutkowska, Julia W\u0142odarczyk, Agata Mucha, Krzysztof Czartoryski, Tomasz \u0141uczak]. &#8211; Wydanie dziewi\u0105te, rozszerzone i poprawione. &#8211; Warszawa : Narodowy Instytut Dziedzictwa, 2024.<\/li>\n<li>Przerwa na \u015bwiat\u0142o : fotografie polskich podr\u00f3\u017cnik\u00f3w i badaczy : Leon Barszczewski, Maria Czaplicka, Kazimierz Zag\u00f3rski \/ tekst: Wojciech Nowicki, kreacja: Katarzyna Mirczak. &#8211; Warszawa : Narodowy Instytut Dziedzictwa, 2024.<\/li>\n<li>Wzmacnianie naszego dziedzictwa : zestaw narz\u0119dzi 2.0 : ocena efektywno\u015bci zarz\u0105dzania dobrami \u015bwiatowego dziedzictwa i innymi miejscami dziedzictwa \/ [koordynatorzy publikacji: Laira Frank (UNESCO), Eugene Jo (ICCROM) ; t\u0142umaczenie: LINGUA LAB S.C., Barbara Furmanik ; redakcja merytoryczna polskiej wersji j\u0119zykowej: Barbara Furmanik, Anna Marconi-Betka]. &#8211; Pary\u017c : Organizacja Narod\u00f3w Zjednoczonych dla Wychowania, Nauki i Kultury (UNESCO) ; Rzym : Mi\u0119dzynarodowe Centrum Bada\u0144 nad Ochron\u0105 i Konserwacj\u0105 Dziedzictwa Kulturowego (ICCROM) ; Charenton-le-Pont : Mi\u0119dzynarodowa Rada Ochrony Zabytk\u00f3w i Miejsc Historycznych (ICOMOS) ; Gland : Mi\u0119dzynarodowa Unia Ochrony Przyrody (IUCN) ; Warszawa : Narodowy Instytut Dziedzictwa, 2024.<\/li>\n<li>Dzia\u0142alno\u015b\u0107 organmistrzowska Stanis\u0142awa i Stefana Krukowskich w latach (1879-1963) \/ Antoni Pietrzyk. &#8211; Piotrk\u00f3w Trybunalski : Miejska Biblioteka Publiczna im. Adama Pr\u00f3chnika, 2024.<\/li>\n<li>Drzwi i bramy w architekturze \u015bwieckiej miasta Jaros\u0142awia od ko\u0144ca wieku XVIII do roku 1939 \/ Jadwiga St\u0119ch\u0142y &#8211; Warszawa : Narodowy Instytut Dziedzictwa, 2023.<\/li>\n<li>Modernistyczna willa : poradnik dla w\u0142a\u015bcicieli i u\u017cytkownik\u00f3w \/ Katarzyna \u0141akomy. &#8211; Warszawa : Narodowy Instytut Dziedzictwa, 2024.<\/li>\n<li>Ocali\u0107 dziedzictwo Ukrainy : raport Narodowego Instytutu Dziedzictwa &#8211; Centrum Pomocy dla Kultury na Ukrainie 2023 \/ [autorzy tekst\u00f3w: Aleksandra Brodowska, Robert Kudelski, Marta Or\u0119ziak, Monika O\u015bkiewicz, Wiktoria S\u0142obodiana, Anna \u015amigielska]. &#8211; Warszawa : Narodowy Instytut Dziedzictwa, 2023.<\/li>\n<li>Ogr\u00f3dki kawiarniane w zabytkowym otoczeniu : poradnik dla w\u0142a\u015bcicieli \/ Roman Marcinek. &#8211; Warszawa : Narodowy Instytut Konserwacji Zabytk\u00f3w, 2024.<\/li>\n<li>Zabytkowy rower : poradnik dla u\u017cytkownik\u00f3w \/ \u0141ukasz Kubacki. &#8211; Warszawa : Narodowy Instytut Dziedzictwa, 2024.<\/li>\n<\/ol>\n<p>[\/et_pb_toggle][et_pb_toggle title=&#8221;2024&#8243; open_toggle_text_color=&#8221;#e52330&#8243; closed_toggle_text_color=&#8221;#000000&#8243; _builder_version=&#8221;4.27.4&#8243; _module_preset=&#8221;default&#8221; title_font=&#8221;|700|||||||&#8221; closed_title_font=&#8221;|700|||||||&#8221; width=&#8221;100%&#8221; custom_margin=&#8221;||10px|||&#8221; locked=&#8221;off&#8221; global_colors_info=&#8221;{}&#8221;]<span style=\"color: #808080;\">liczba nowo\u015bci: 284<\/span><\/p>\n<p><strong>listopad, grudzie\u0144<br \/>\n<span style=\"color: #999999;\">liczba nowo\u015bci: 70<\/span><\/strong><\/p>\n<ol>\n<li>Radom nie do poznania \/ [wyb\u00f3r i opracowanie materia\u0142\u00f3w: Marta Urba\u0144czyk, Krzysztof G\u0142owacki] ; Archiwa Pa\u0144stwowe. Archiwum Pa\u0144stwowe w Radomiu. &#8211; Radom : Archiwum Pa\u0144stwowe w Radomiu, 2024.<\/li>\n<li>Ciekawostki o rzeszowskich zabytkach : czy wiesz, \u017ce&#8230; \/ [tekst i opracowanie Karolina Chomiczewska, Edyta Dawidziak]. &#8211; Rzesz\u00f3w : Bonus Liber Drukarnia Wydawnictwo, [2023].<\/li>\n<li>Drzwi i wrota w Gda\u0144sku : od \u015bredniowiecza do wsp\u00f3\u0142czesno\u015bci \/ Katarzyna Darecka. &#8211; Gda\u0144sk : Muzeum Gda\u0144ska, 2024.<\/li>\n<li>Jaki znak Tw\u00f3j? : czyli o identyfikacji wizualnej w dawnych wiekach \/ red. nauk. dr Mateusz Gil. &#8211; Wieliczka : Muzeum \u017bup Krakowskich, 2024.<\/li>\n<li>\u0141ugownictwo w wielickiej kopalni \/ El\u017cbieta W\u0142odarczyk-\u017burek, Rafa\u0142 Zadak. &#8211; Wieliczka : Muzeum \u017bup Krakowskich, 2024.<\/li>\n<li>Muzeum II Wojny \u015awiatowej : katalog wystawy g\u0142\u00f3wnej \/ [autorzy Rafa\u0142 Wnuk, Pawe\u0142 Machcewicz, Oliwia Ga\u0142ka-Olejko, \u0141ukasz Jasi\u0144ski ; wsp\u00f3\u0142praca Jan Daniluk]. &#8211; Wydanie poprawione. &#8211; Gda\u0144sk : Muzeum II Wojny \u015awiatowej, 2024.<\/li>\n<li>Powro\u017anictwo w grafice \/ Marek Skubisz. &#8211; Wieliczka : Muzeum \u017bup Krakowskich, 2024.<\/li>\n<li>Tajemnice ko\u015bcio\u0142a \u015bw. Klemensa w Wieliczce \/ Klementyna Ochniak-Dudek. &#8211; Wieliczka : Muzeum \u017bup Krakowskich, 2024.<\/li>\n<li>Kompleksowa Ekspedycja Ja\u0107wieska : biografia i dziedzictwo \/ red. Ma\u0142gorzata Karczewska, Maciej Karczewski, Miros\u0142aw J. Hoffmann, Bogdan Radzicki. &#8211; Bia\u0142ystok : O\u015brodek Bada\u0144 Europy \u015arodkowo-Wschodniej ; Olsztyn : Towarzystwo Naukowe Pruthenia, 2024.<\/li>\n<li>Straty wojenne Muzeum Miejskiego w Bydgoszczy \/ red. nauk. Gabriela Frischke. &#8211; Bydgoszcz : Muzeum Okr\u0119gowe, 2024.<\/li>\n<li>\u015arodowisko artystyczne Bydgoszczy 1920-1939 : tw\u00f3rcy i dzie\u0142a \/ Barbara Chojnacka. &#8211; Bydgoszcz : Muzeum Okr\u0119gowe im. Leona Wycz\u00f3\u0142kowskiego, 2024.<\/li>\n<li>Cerkwie, kt\u00f3re sta\u0142y si\u0119 ikonami. Cz. 2, Cerkwie murowane \/ Petro Skrijka, Igor Ju\u017awiak. &#8211; Krak\u00f3w : nak\u0142adem autora, 2024.<\/li>\n<li>Komandoria Joannit\u00f3w w Poznaniu i inne posiad\u0142o\u015bci zakonu w historycznej Wielkopolsce \/ Tadeusz Wojciech Lange. &#8211; Pozna\u0144 : Zysk i S-ka Wydawnictwo, copyright \u00a92024.<\/li>\n<li>Ludzki wymiar architektury : teoria dla praktyki \/ Ewa Kury\u0142owicz. &#8211; Warszawa : Narodowy Instytut Architektury i Urbanistyki, 2024.<\/li>\n<li>Mi\u0119dzy Lwowem a Krakowem : szkice architektoniczne \/ Janusz Sepio\u0142 ; tekst i rysunki Janusz Sepio\u0142. &#8211; Krak\u00f3w : Towarzystwo Autor\u00f3w i Wydawc\u00f3w Prac Naukowych Universitas, 2024.<\/li>\n<li>Od huzar\u00f3w do czo\u0142g\u00f3w : historia bydgoskich obiekt\u00f3w wojskowych \/ Krzysztof Drozdowski. &#8211; Chrzan : Stara Szuflada, 2024.<\/li>\n<li>Dzieje wsi i parafii Jerzmanowice \/ Kazimierz Tomczyk. &#8211; Jerzmanowice : Kazimierz Tomczyk, 2024.<\/li>\n<li>Lubi\u0105\u017c : biografia cudu : ca\u0142a historia Polski w jednym miejscu \/ Tomasz Bonek. &#8211; Krak\u00f3w : Znak Horyzont, Tomasz Bonek. 2024.<\/li>\n<li>Parki wiejskie Dorzecza Pars\u0119ty \/ Zbigniew Sobisz, Mariola Truchan, Zbigniew Osadowski. &#8211; S\u0142upsk : Uniwersytet Pomorski w S\u0142upsku, [2024].<\/li>\n<li>Podr\u0119cznik projektowania architektoniczno-budowlanego : podstawy, normy, przepisy dotycz\u0105ce planowania, budowy, projektowania architektonicznego, wymaga\u0144 przestrzennych i relacji mi\u0119dzy nimi, wymiar\u00f3w budynk\u00f3w i pomieszcze\u0144, wyposa\u017cenia, sprz\u0119t\u00f3w, dla kt\u00f3rych cz\u0142owiek jest miar\u0105 i celem \/ Ernst Neufert ; redakcja merytoryczna: Anna Tofiluk. &#8211; Warszawa : Wydawnictwo Arkady, 2024.<\/li>\n<li>Znowelizowane warunki techniczne jakim powinny odpowiada\u0107 budynki i ich usytuowanie 2024 : przepisy z komentarzem w tym 202 rysunki, skorowidz rzeczowy, 4 aneksy : poradnik \/ W\u0142adys\u0142aw Korzeniewski, Rafa\u0142 Korzeniewski. &#8211; Wydanie 15, stan prawny na dzie\u0144 1 kwietnia 2024 r. &#8211; Warszawa : Polcen, 2024.<\/li>\n<li>Architektura i moralno\u015b\u0107 \/ Janusz Sepio\u0142. &#8211; Krak\u00f3w ; Budapeszt ; Syrakuzy : Wydawnictwo Austeria, 2024.<\/li>\n<li>Architektura i zwierz\u0119ta \/ Joanna Gellner, Mateusz Boczar. &#8211; Krak\u00f3w : EMG, 2021.<\/li>\n<li>Aspekty technologiczne metod zabezpiecze\u0144 konserwatorskich na przyk\u0142adzie zabytkowych obiekt\u00f3w sakralnych w Rzeszowie \/ Krystian Sikorski. &#8211; Rzesz\u00f3w : Oficyna Wydawnicza Politechniki Rzeszowskiej, 2024.<\/li>\n<li>By\u0142o takie miasto&#8230; : Warszawa na starych zdj\u0119ciach i kartach pocztowych z kolekcji Rafa\u0142a Bielskiego. T. 2, 1905-1918 \/ t\u0142umaczenie: Anna Bergiel. &#8211; Warszawa : Skarpa Warszawska, 2024.<\/li>\n<li>Region, miasto, miasteczko : nowe impulsy rozwojowe \/ red. nauk. Anna Martyka, Dorota Jopek. &#8211; Rzesz\u00f3w : Oficyna Wydawnicza Politechniki Rzeszowskiej, 2022.<\/li>\n<li>Restytucja d\u00f3br kultury w stosunkach polsko-rosyjskich : studium mi\u0119dzynarodowoprawne \/ Aleksandra Gebuza. &#8211; Warszawa : Wydawnictwo Naukowe Scholar, 2024.<\/li>\n<li>Zawadka : zarys dziej\u00f3w wsi, szko\u0142y i sportu \/ Andrzej Nowakowski. &#8211; Krak\u00f3w : Wydawnictwo Ksi\u0119garnia Akademicka, 2024.<\/li>\n<li>Kobieta w ikonografii prawos\u0142awnej \/ Piotr Chomik. &#8211; Bia\u0142ystok : Wydawnictwo Uniwersytetu w Bia\u0142ymstoku, 2024.<\/li>\n<li>Komunikowanie dziedzictwa kulturowego \/ Leszek Korporowicz. &#8211; Krak\u00f3w : Wydawnictwo Ksi\u0119garnia Akademicka, 2024.<\/li>\n<li>Krak\u00f3w z bliska i z oddali : studia i szkice ofiarowane Profesorowi Jackowi Purchli z okazji 70. rocznicy urodzin \/ pod redakcj\u0105 Dominiki Ho\u0142uj i Andrzeja Laskowskiego. &#8211; Krak\u00f3w : Wydawnictwo Ksi\u0119garnia Akademicka, 2024.<\/li>\n<li>Krypty prymas\u00f3w : \u0142owicka nekropolia \/ autorzy tekst\u00f3w: Anna Dr\u0105\u017ckowska, Monika Kami\u0144ska, Jakub Sito, Micha\u0142 S\u0142omski, Pawe\u0142 Staniszewski. &#8211; \u0141owicz : Diecezja \u0141owicka, [2021].<\/li>\n<li>Raport roczny NID 2023 : od 60 lat na stra\u017cy dziedzictwa \/ redakcja: Anna Turowska, Pawe\u0142 Ho\u0142ubiec, Anna \u015amigielska, Anna Zawadzka. &#8211; Warszawa : Narodowy Instytut Dziedzictwa, 2024.<\/li>\n<li>Wyznania muzealniczki : historie, wspomnienia, impresje \/ Lucyna Be\u0142towska. &#8211; Krak\u00f3w : Wydawnictwo Ostrogi, 2024.<\/li>\n<li>Zamek Kr\u00f3lewski w Nowym S\u0105czu : (oko\u0142o 1300-1611) \/ Jerzy Rajman. &#8211; Krak\u00f3w : Wydawnictwo Naukowe UP : na zlecenie S\u0105deckiej Agencji Rozwoju Regionalnego S.A., 2023.<\/li>\n<li>Architektura utracona \/ [redaktorka prowadz\u0105ca seri\u0119 Ewa Ma\u0144kowska-Grin]. &#8211; Krak\u00f3w : EMG, 2024.<\/li>\n<li>Straty wojenne Muzeum w Grudzi\u0105dzu \/ pod redakcj\u0105 Dawida Schoenwalda. &#8211; Grudzi\u0105dz : Muzeum im. ks. dr. W\u0142adys\u0142awa \u0141\u0119gi w Grudzi\u0105dzu, 2024.<\/li>\n<li>30 Jahre Gartendenkmalpflege in Schleswig-Holstein 1993-2023 : Personen &#8211; Projekte &#8211; Planungen \/ red. Diana H\u00e4rtich, Margita Meyer, Lilia Hort. &#8211; Kiel : Landesamt fu\u0308r Denkmalpflege Schleswig-Holstein, [2024].<\/li>\n<li>Bia\u0142ystok Branickich : rekonstrukcja mapy z 2. po\u0142owy XVIII wieku \/ [opracowanie] Wydawnictwo Kartograficzne Atikart ; rekonstrukcja planu Tomasz Pop\u0142awski ; [tekst] dr Waldemar F. Wilczewski Dyrektor Muzeum Podlaskiego w Bia\u0142ymstoku. &#8211; Bia\u0142ystok : Muzeum Podlaskie w Bia\u0142ymstoku, 2023.<\/li>\n<li>Pa\u0142acyk Henryka Sienkiewicza w Obl\u0119gorku \/ \u0141ukasz Wojtczak. &#8211; Kielce : Muzeum Narodowe, 2024.<\/li>\n<li>Architektura obiekt\u00f3w administracji pa\u0144stwowej i samorz\u0105dowej w XIX i XX wieku \/ [redakcja: Bogna Derkowska-Kostkowska, Mateusz Soli\u0144ski] ; Kujawsko-Pomorskie Centrum Kultury w Bydgoszczy. &#8211; Bydgoszcz : Kujawsko-Pomorskie Centrum Kultury w Bydgoszczy, 2024.<\/li>\n<li>Ko\u015bcio\u0142y ewangelickie i poewangelickie : szlakiem architektury sakralnej \/ [autor koncepcji: Ewa Krupa]. &#8211; Bydgoszcz : Kujawsko-Pomorskie Centrum Kultury, 2024.<\/li>\n<li>Zamek w Sztumie : siedziba krzy\u017cackich w\u00f3jt\u00f3w, wielkich mistrz\u00f3w i polskich starost\u00f3w \/ pod redakcj\u0105 Bogusza Wasika. &#8211; Malbork : Muzeum Zamkowe w Malborku, 2024.<\/li>\n<li>Zamki i wie\u017ce rycerskie na terenie wojew\u00f3dztwa lubuskiego \/ Jerzy L. Dubiel. &#8211; Gorz\u00f3w Wielkopolski : [Jerzy Ludwik Dubiel], 2023.<\/li>\n<li>Arcydzie\u0142a z kolekcji Lanckoro\u0144skich : ods\u0142ona druga \/ Joanna Winiewicz-Wolska. &#8211; Krak\u00f3w : Zamek Kr\u00f3lewski na Wawelu. Pa\u0144stwowe Zbiory Sztuki, 2024.<\/li>\n<li>Meble drugiej po\u0142owy XIX i pocz\u0105tku XX wieku : katalog zbior\u00f3w \/ Ma\u0142gorzata Kor\u017cel-Kra\u015bna. &#8211; Wroc\u0142aw : Muzeum Narodowe we Wroc\u0142awiu, 2024.<\/li>\n<li>Niech \u017cyje kr\u00f3l! : koronacje Sas\u00f3w na Wawelu : katalog wystawy \/ [red. nauk. Marta Golik-Gryglas, Rafa\u0142 Och\u0119duszko]. &#8211; Krak\u00f3w : Zamek Kr\u00f3lewski na Wawelu, 2024.<\/li>\n<li>Inwentarz starostwa tykoci\u0144skiego z 1571 roku \/ opracowa\u0142 i wst\u0119pem poprzedzi\u0142 Micha\u0142 Sierba. &#8211; Bia\u0142ystok : Muzeum Podlaskie w Bia\u0142ymstoku ; Warszawa : Instytut Historii im. Tadeusza Manteuffla Polskiej Akademii Nauk ; Tykocin : Gmina Tykocin, 2024.<\/li>\n<li>Malarki warszawskie : katalog zbior\u00f3w Pa\u0144stwowego Muzeum Etnograficznego w Warszawie = Warsaw painters : the catalogue of the collection of The National Ethnographic Muzeum in Warsaw = Var\u0161avs&#8217;ki hydo\u017enici : katalog kolekci\u00ef Der\u017eavnogo Etnografi\u010dnogo Muze\u00fb u Var\u0161avi \/ [tekst: Alicja Mironiuk Nikolska ; t\u0142umaczenie: Dariusz Rudzi\u0144ski]. &#8211; Warszawa : Pa\u0144stwowe Muzeum Etnograficzne w Warszawie, 2024.<\/li>\n<li>Malbork oko\u0142o 1800 = Marienburg um 1800 : materia\u0142y pokonferencyjne Muzeum Zamkowe w Malborku, O\u015brodek Konferencyjny KARWAN, 28-29 maja 2019 = Tagungsmaterialien Schlossmuzeum in Malbork, Konferenzzentrum KARWAN, 28.-29. Mai 2019 \/ pod redakcj\u0105 Justyny Lijki i Christofera Herrmanna. &#8211; Malbork : Muzeum Zamkowe, 2024.<\/li>\n<li>Odkrywaj\u0105c Eugeniusza Kazimirowskiego : prace artysty w zbiorach Muzeum Podlaskiego w Bia\u0142ymstoku \/ ks. Piotr Szweda MS. &#8211; Bia\u0142ystok : Muzeum Podlaskie w Bia\u0142ymstoku, 2023.<\/li>\n<li>XXIII Sesja Pomorzoznawcza : od epoki kamienia do czas\u00f3w wsp\u00f3\u0142czesnych \/ redakcja naukowa: Ewa Fudzi\u0144ska. &#8211; Malbork : Muzeum Zamkowe, 2024.<\/li>\n<li>Beskid Niski w fotografii Stanis\u0142awa Kryci\u0144skiego \/ s\u0142owo wst\u0119pne Andrzej Wielocha ; koncepcja albumu, wyb\u00f3r zdj\u0119\u0107, redakcja Jakub \u0141obocki ; zdj\u0119cia, wyb\u00f3r zdj\u0119\u0107 Stanis\u0142aw Kryci\u0144ski]. &#8211; Krosno : Wydawnictwo Ruthenus Rafa\u0142 Barski, 2024.<\/li>\n<li>Fortyfikacje P\u00f3\u0142wyspu Helskiego : mapa turystyczna \/ opracowanie merytoryczne i graficzne: Arkadiusz Wo\u017aniakowski. &#8211; Wejherowo : Casamata &#8211; Arkadiusz Wo\u017aniakowski, 2022.<\/li>\n<li>Kana\u0142 Elbl\u0105ski \/ pod red. Stanis\u0142awa Januszewskiego. &#8211; Wyd. drugie, uzupe\u0142nione. &#8211; [Elbl\u0105g] : Stowarzyszenie \u0141\u0105czy Nas Kana\u0142 Elbl\u0105ski Lokalna Grupa Dzia\u0142ania ; Wroc\u0142aw : [Fundacja Otwartego Muzeum Techniki], 2021.<\/li>\n<li>Kolekcjonerka : Teresa Szwedkowicz (1930\u20132001) = The Collector : Teresa Szwedkowicz (1930-2024) \/ teksty: Joanna Bartuszek, Julia Grudzie\u0144 ; redakcja i korekta: Marta Elas, Zofia \u015awirek. &#8211; Warszawa : Pa\u0144stwowe Muzeum Etnograficzne w Warszawie, 2024.<\/li>\n<li>Lorentz &#8211; Odnalaz\u0142em Matejk\u0119! : na tropach grabie\u017cy dzie\u0142 sztuki \/ Janusz Skowro\u0144ski. &#8211; Warszawa : Agencja Wydawnicza CB, 2024.<\/li>\n<li>Od klasztoru do browaru : historia miejsca i przekszta\u0142ce\u0144 posesji przy ul. Bernardy\u0144skiej 15 w Lublinie \/ Krzysztof Janus. &#8211; Lublin : Politechnika Lubelska. Wydawnictwo, 2023.<\/li>\n<li>Orawka : ko\u015bci\u00f3\u0142 w\u0119gierskich \u015bwi\u0119tych \/ tekst: Marek Zalewski ; zdj\u0119cia: \u0141ukasz Sowi\u0144ski. &#8211; Warszawa : Pa\u0144stwowe Muzeum Etnograficzne w Warszawie ; P\u00fcsp\u00f6klad\u00e1ny : Centrum Informacji, Kultury i Muzeum w P\u00fcsp\u00f6klad\u00e1ny ; Warszawa : Instytut Liszta. W\u0119gierskie Centrum Kultury Warszawa, 2024.<\/li>\n<li>B\u0105d\u017a co b\u0105d\u017a \/ opracowanie Janusz S. Nowak, Janusz Pezda, Pawe\u0142 Wierzbicki. &#8211; Krak\u00f3w : Muzeum Narodowe w Krakowie, 2024.<\/li>\n<li>Corpus Vitrearum Polska : korpus witra\u017cy z lat 1800-1945 w ko\u015bcio\u0142ach rzymskokatolickich. T. 6, Archidiecezja katowicka. Cz. 1 \/ Joanna Utzig ; wsp\u00f3\u0142praca Irena Kontny, Kamila Twardowska. &#8211; Krak\u00f3w : Universitas : Imedius Agencja Reklamowa sp. z o.o., 2023.<\/li>\n<li>Corpus Vitrearum Polska : korpus witra\u017cy z lat 1800-1945 w ko\u015bcio\u0142ach rzymskokatolickich. T. 6, Archidiecezja katowicka. Cz. 2 \/ Joanna Utzig ; wsp\u00f3\u0142praca Irena Kontny, Kamila Twardowska. &#8211; Krak\u00f3w : Universitas : Imedius Agencja Reklamowa sp. z o.o., 2023.<\/li>\n<li>Falerystyka Legion\u00f3w Polskich 1914-1918 \/ [tekst: Piotr Wilkosz]. &#8211; Krak\u00f3w : Muzeum Narodowe w Krakowie, 2024.<\/li>\n<li>Geniusz Lwowa : Lw\u00f3w jako o\u015brodek sztuki i jego kolekcje artystyczne \/ red. nauk. Przemys\u0142aw Mrozowski. &#8211; Warszawa : Zamek Kr\u00f3lewski w Warszawie &#8211; Muzeum, 2023.<\/li>\n<li>Kobierce i tkaniny kaukaskie : katalog zbior\u00f3w \/ Katarzyna Po\u0142ujan. &#8211; Warszawa : Zamek Kr\u00f3lewski w Warszawie &#8211; Muzeum, 2023.<\/li>\n<li>Ko\u017amin Wielkopolski na poczt\u00f3wce i fotografii z lat 1894-1918 = Koschmin Stadtansichten auf Ansichtskarten und Photographien aus den Jahren 1894-1918 \/ Daniel Szczepaniak ; [t\u0142umaczenie na j\u0119zyk niemiecki Agnieszka Pietrus-Rajman]. &#8211; Wydanie drugie poszerzone. &#8211; Ko\u017amin : Urz\u0105d Miasta i Gminy w Ko\u017aminie Wielkopolskim ; Jarocin : Drukarnia Projekt Sp\u00f3\u0142ka z ograniczon\u0105 odpowiedzialno\u015bci\u0105, 2023.<\/li>\n<li>Kruche arcydzie\u0142a : porcelana mi\u015bnie\u0144ska z kolekcji Zamku Kr\u00f3lewskiego w Warszawie &#8211; Muzeum \/ Anna Szkur\u0142at. &#8211; Warszawa : Zamek Kr\u00f3lewski w Warszawie &#8211; Muzeum, 2024.<\/li>\n<li>Pozna\u0107 zabytkowe ogrody : opisy na potrzeby edukacji wizualnej os\u00f3b niewidomych \/ Anna Traut-Seliga, Albina Mo\u015bcicka, Emilia \u015amiechowska-Petrovskij. &#8211; Warszawa : Wojskowa Akademia Techniczna, 2024.<\/li>\n<li>Zachowa\u0107 w pami\u0119ci&#8230; : ko\u017ami\u0144skie obiekty &#8211; \u015bwiadkowie historii mniej lub bardziej znanej \/ pod red. Andrzeja Joachimiaka. &#8211; Ko\u017amin Wielkopolski ; Jarocin : Drukarnia Projekt Sp\u00f3\u0142ka z ograniczon\u0105 odpowiedzialno\u015bci\u0105, 2024.<\/li>\n<li>Ksi\u0105\u017c\u0119 Hermann von P\u00fcckler-Muskau \/ Eduard Petzold ; [t\u0142umaczenia z j\u0119zyka niemieckiego Jowita Selewska]. &#8211; \u015acinawka G\u00f3rna : Fundacja Odbudowy Dworu Sarny ; [Chociebu\u017c] : partner wydania: Fundacja Muzeum Ksi\u0119cia P\u00fccklera, Park i Pa\u0142ac w Branitz, 2024.<\/li>\n<\/ol>\n<p><strong>sierpie\u0144<br \/>\n<span style=\"color: #999999;\">liczba nowo\u015bci: 63<\/span><\/strong><\/p>\n<ol>\n<li>Z dziej\u00f3w budownictwa w P\u0142ocku : inwestorzy, projektanci, wykonawcy \/ W\u0142odzimierz Serafimowicz, Bogumi\u0142 Tr\u0119bala. &#8211; P\u0142ock : Naczelna Organizacja Techniczna. Federacja Stowarzysze\u0144 Naukowo-Technicznych. Rada w P\u0142ocku, 2008.<\/li>\n<li>Fortyfikacja sta\u0142a przed i w czasie I wojny \u015bwiatowej \/ W. W. Jakowlew, N. I. Szmakow ; [t\u0142. Jaros\u0142aw Chorz\u0119pa, Joanna Wap, Anatol Wap]. &#8211; Przasnysz : Wydawnictwo &#8220;Forteca&#8221;, 2004.<\/li>\n<li>Na szlaku dwor\u00f3w i pa\u0142ac\u00f3w p\u00f3\u0142nocnych Kaszub : z nami odkryjesz miejsca, gdzie zachwycisz si\u0119 i odpoczniesz \/ [tekst: Justyna Michalkiewicz-Waloszek]. &#8211; K\u0142anino : Stowarzyszenie Turystyczne &#8220;Kaszuby P\u00f3\u0142nocne&#8221; Lokalna Organizacja Turystyczna, 2022.<\/li>\n<li>Parki publiczne miejskie, podworskie i przypa\u0142acowe jako przestrzenie wielofunkcyjne : perspektywa interdyscyplinarna \/ red. nauk. Anna Martyka, Gra\u017cyna Stojak. &#8211; Rzesz\u00f3w : Oficyna Wydawnicza Politechniki Rzeszowskiej, 2024.<\/li>\n<li>Zamek w Bytowie : historia mniej znana : odbudowa \/ [tekst i opracowanie Katarzyna Juchniewicz, Maciej Kwa\u015bkiewicz]. &#8211; [Byt\u00f3w] : [Muzeum Zachodniokaszubskie w Bytowie], 2019.<\/li>\n<li>Zamki i dwory w dorzeczach rzek pomorskich pomi\u0119dzy Reg\u0105 a \u0141eb\u0105 = Schl\u00f6sser und Herrenh\u00e4user im Stromgebiet pommerscher Fl\u00fcsse zwischen Rega und Leba \/ Edda Gutsche ; [t\u0142. Monika D\u0105browska-Piesik]. &#8211; Wydanie IV. &#8211; Pruszcz Gda\u0144ski : Wydawnictwo Jasne, 2023.<\/li>\n<li>Dawne dzieje Inow\u0142odza \/ Zbigniew Lechowicz, Marek Ol\u0119dzki. &#8211; \u0141\u00f3d\u017a : Katedra Bada\u0144 Wschodu. Wydzia\u0142 Studi\u00f3w Mi\u0119dzynarodowych i Politologicznych, 2004.<\/li>\n<li>Emocje : lwowska rze\u017aba rokokowa : katalog wystawy \/ Andrzej Betlej, Agata Dworzak, Joanna Pa\u0142ka. &#8211; Krak\u00f3w : Zamek Kr\u00f3lewski na Wawelu &#8211; Pa\u0144stwowe Zbiory Sztuki, 2024.<\/li>\n<li>Gmina Warszawa-Bia\u0142o\u0142\u0119ka : tereny Gminy Warszawa-Bia\u0142o\u0142\u0119ka na dawnych mapach \u015brednioskalowanych XVIII-XX wiek oraz na mapach wsp\u00f3\u0142czesnych \/ [oprac. cz. historycznej i wyb\u00f3r kartografii Adam Jankiewicz]. &#8211; Krak\u00f3w : PJM Group, 2001.<\/li>\n<li>Groby i cmentarze wojenne : przepisy, ewidencja, finansowanie \/ autorzy: Bartosz Biega\u0142a, dr S\u0142awomir J\u00f3zefiak. &#8211; Pozna\u0144 : Wojewoda Wielkopolski, 2024.<\/li>\n<li>Kana\u0142 Elbl\u0105ski : ocena krajobrazu \/ Magdalena G\u0105sowska. &#8211; Warszawa : Wydawnictwo Sztuka ogrodu. Sztuka krajobrazu, 2009.<\/li>\n<li>Krok po kroku : Poch\u00f3d Gwarkowski \/ red. Krzysztof Str\u0119cioch. &#8211; Tarnowskie G\u00f3ry : Tarnog\u00f3rskie Centrum Kultury, 2023.<\/li>\n<li>Miasteczko Polski odrodzonej czyli Ekspozycja i zabytki w Muzeum Wsi Lubelskiej : o wp\u0142ywie prawa II Rzeczypospolitej na warto\u015bci i \u017cycie codzienne : praca zbiorowa \/ pod redakcj\u0105 Andrzeja Wrony. &#8211; Lublin : Drukarnia Akapit : na zlecenie Muzeum Wsi Lubelskiej, 2018.<\/li>\n<li>Ochrona przeciwpo\u017carowa zabytk\u00f3w : Trzecie Mi\u0119dzynarodowe Sympozjum, Cz\u0119stochowa 1999 = Fire protection of historical monuments \/ Stowarzyszenie In\u017cynier\u00f3w i Technik\u00f3w Po\u017carnictwa, Instytut Techniki Budowlanej. &#8211; [S.l.] : [s.n.], 1999.<\/li>\n<li>Ogrody tymczasowe w przestrzeniach kolektywnych = Temporary gardens in collective spaces \/ Krzysztof Herman. &#8211; Warszawa : Wydawnictwo Sztuka Ogrodu Sztuka Krajobrazu, 2011.<\/li>\n<li>Pan kolega i ja : korespondencja mi\u0119dzy prehistorykami W\u0142odzimierzem Demetrykiewiczem i J\u00f3zefem Kostrzewskim z lat 1913-1933 \/ Marzena Wo\u017any. &#8211; Krak\u00f3w : Muzeum Archeologiczne w Krakowie ; P\u0119kowice k. Krakowa : Wydawnictwo i Pracownia Archeologiczna Profil-Archeo, 2019.<\/li>\n<li>Pokochaj Kurpie : polsko-angielski przewodnik turystyczny = Fall in love with Kurpie : Polish-English tourist guide \/ autorzy tekstu = text authors Miros\u0142aw Grzyb, Iwona Chroszewska-Zy\u015bk ; redakcja = text editing Iwona Choroszewska-Zy\u015bk. &#8211; Myszyniec : Zwi\u0105zek Stowarzysze\u0144 &#8220;Kurpsie Razem&#8221;, 2020.<\/li>\n<li>Powr\u00f3t do przesz\u0142o\u015bci : dzieje tradycyjnej kultury regionu che\u0142mskiego \/ Andrzej Bronicki [et al.] ; Muzeum Che\u0142mskie w Che\u0142mie. &#8211; Che\u0142m : Drukarnia Kresowa, 2007.<\/li>\n<li>Pradzieje i wczesne \u015bredniowiecze Ma\u0142opolski : przewodnik po wystawie, katalog zabytk\u00f3w = Prehistory and early middle ages of Little Poland : exhibition guide and catalogue \/ [red. Jacek Rydzewski] ; Muzeum Archeologiczne w Krakowie. &#8211; Krak\u00f3w : MA, 2005.<\/li>\n<li>Wilan\u00f3w : dawny i wsp\u00f3\u0142czesny = past and present \/ Wojciech Fija\u0142kowski, Jacek Krawczyk. &#8211; Warszawa : Pagina, 2002.<\/li>\n<li>Else M\u00f6gelin : Bauhaus i duchowo\u015b\u0107 na Pomorzu = Bauhaus und Spiritualit\u00e4t in Pommern \/ Szymon Piotr Kubiak. &#8211; Szczecin : Muzeum Narodowe w Szczecinie, 2024.<\/li>\n<li>Julia Keilowa : metaloplastyczka na nowe czasy \/ Ma\u0142gorzata Czy\u0144ska. &#8211; Warszawa : Marginesy, 2024.<\/li>\n<li>Per\u0142a gotyku : konserwacja i restauracja XIV-wiecznego zamku w Lidzbarku Warmi\u0144skim z funduszy MF EOG w latach 2009-2024 = The pearl of the gothic style : conservation and restoration of the 14th century castle in Lidzbark Warmi\u0144ski from EEA FM funds in 2009-2024 \/ [redakcja oraz wyb\u00f3r tekst\u00f3w i zdj\u0119\u0107: El\u017cbieta Krupa, Sebastian Mierzy\u0144ski, Milena Piskorska, Magdalena Wa\u0142kuska]. &#8211; Olsztyn : Muzeum Warmii i Mazur w Olsztynie, 2024.<\/li>\n<li>Willa Geyera : Dom Lekarzy \/ Marcin Gawryszczak, \u0141ukasz Grzejszczak, Marcin Szyma\u0144ski. &#8211; \u0141\u00f3d\u017a : Ksi\u0119\u017cy M\u0142yn Dom Wydawniczy Micha\u0142 Koli\u0144ski, 2023.<\/li>\n<li>Andrzej Szwalbe (1923-2002) \/ Adam Szefer. &#8211; Bydgoszcz : Kujawsko-Pomorskie Centrum Kultury w Bydgoszczy, 2023.<\/li>\n<li>Sielanka : od koncepcji miasta ogrodu do wsp\u00f3\u0142czesno\u015bci \/ Bogna Derkowska-Kostkowska. &#8211; Bydgoszcz : Kujawsko-Pomorskie Centrum Kultury w Bydgoszczy, 2024.<\/li>\n<li>Zadanie: forma : pracownia profesora Tadeusza Breyera w warszawskiej Akademii Sztuk Pi\u0119knych w latach 1923-1939 \/ Maria Anna Rudzka. &#8211; Wydanie drugie, zmienione i poprawione. &#8211; Warszawa : Maria Anna Rudzka : Akademia Sztuk Pi\u0119knych w Warszawie, 2023.<\/li>\n<li>Zielonog\u00f3rskie domy i ich tw\u00f3rcy z prze\u0142omu XIX i XX wieku \/ Zbigniew Bujkiewicz ; Archiwum Pa\u0144stwowe w Zielonej G\u00f3rze. &#8211; Zielona G\u00f3ra : Archiwum Pa\u0144stwowe w Zielonej G\u00f3rze, 2024.<\/li>\n<li>Nowosielski &#8211; sztuka sakralna : Lourdes, Bia\u0142y B\u00f3r, zbiory prywatne \/ Krystyna Czerni. &#8211; Krak\u00f3w : Fundacja Akeda, 2023.<\/li>\n<li>\u015aladem obiekt\u00f3w zabytkowych na cmentarzu centralnym w Sanoku \/ Piotr Paszkiewicz. &#8211; Rzesz\u00f3w : Wydawnictwo Edytorial, 2024.<\/li>\n<li>Cmentarze I wojny \u015bwiatowej w Polsce po\u0142udniowo-wschodniej \/ Marcin Pielesz. &#8211; Bielsko-Bia\u0142a : Wydawnictwo Dragon, 2012.<\/li>\n<li>Cultural Heritage in a Changing Climate \/ Baltic Region Heritage Committee, Arts Council Norway, The Directorate for Cultural Heritage. &#8211; Oslo : Directorate for Cultural Heritage, 2022.<\/li>\n<li>Dom jak marzenie : katalog : [30 orginalnych projekt\u00f3w: dom, dom i apteka, dom i sklep, dom i wiejski budynek gospodarczy, dom i zak\u0142ad us\u0142ugowy&#8230;] \/ red. Adam Rymont. &#8211; Krak\u00f3w : Zielony Kraj : Zesp\u00f3\u0142 Jurajskich Park\u00f3w Krajobrazowych, 1992.<\/li>\n<li>Dziedzictwo miast : ochrona i rozw\u00f3j = Heritage of the cities : Preservation and development \/ Danuta K\u0142osek-Koz\u0142owska. &#8211; Wydanie 2. &#8211; Warszawa : Oficyna Wydawnicza Politechniki Warszawskiej, \u00a9 2024.<\/li>\n<li>Historia latarni morskiej Hel \/ Apoloniusz \u0141ysejko. &#8211; Gdynia ; Gda\u0144sk : Towarzystwo Przyjaci\u00f3\u0142 Centralnego Muzeum Morskiego, 2007.<\/li>\n<li>Kultura w rozwoju lokalnym : jak muzea zmieniaj\u0105 nasze otoczenie ? \/ redakcja merytoryczna: Dorota Folga-Januszewska przy wsp\u00f3\u0142pracy Anny Czarneckiej i Marleny Pierepioki ; redakcja Gra\u017cyna Waluga ; t\u0142umaczenie Summa Linguae Technologie S.A, Krak\u00f3w ; Centrum Przedsi\u0119biorczo\u015bci, Ma\u0142ych i \u015arednich Przedsi\u0119biorstw, Region\u00f3w i Miast OECD ; Mi\u0119dzynarodowa Rada Muzeum (ICOM). &#8211; Warszawa : Ministerstwo Funduszy i Polityki Regionalnej, 2021.<\/li>\n<li>Obra\u017anik i obra\u017aniczka &#8211; to brzmi dumnie! : tradycja pok\u0142onu feretron\u00f3w podczas pielgrzymek na Kalwari\u0119 Wejherowsk\u0105 \/ redakcja Katarzyna Smyk, Andrzej Szoszkiewicz. &#8211; Wejherowo : Powiatowa Biblioteka Publiczna w Wejherowie, 2023.<\/li>\n<li>Ochrona zabytk\u00f3w : aspekty materialnoprawne i procesowe : studium konserwatorskie \/ red. Katarzyna Zalasi\u0144ska. &#8211; Warszawa : Krajowa Szko\u0142a Administracji Publicznej, 2021.<\/li>\n<li>Od kolekcjonerstwa do muzealnictwa : 160-lecie pierwszej wystawy w Muzeum Archeologicznym w Krakowie : wystawa czasowa = From collecting to museology : 160th anniversary of first exhibition in the Archeological Museum in Krak\u00f3w : temporary exhibition \/ redaktor Jacek G\u00f3rski ; Muzeum Archeologiczne w Krakowie. &#8211; Krak\u00f3w : Muzeum Archeologiczne w Krakowie, 2018.<\/li>\n<li>Pa\u0142ac w Kopicach = Schloss Koppitz \/ Marek Gaworski. &#8211; Strzelce Opolskie : Wydawnictwo Matiang, 2020.<\/li>\n<li>Pa\u0142ac w \u017byrowej = Schloss Zyrowa \/ Marek Gaworski. &#8211; Strzelce Opolskie : Wydawnictwo Luma, 2022.<\/li>\n<li>Wie\u015b &#8211; dw\u00f3r &#8211; miasteczko : historia zapisuje &#8211; Muzeum Wsi Lubelskiej opowiada : katalog ekspozycji i zabytk\u00f3w = Village &#8211; manor &#8211; town : as written by history and told by the Open Air Village Museum in Lublin \/ \u0141ucja Kondratowicz-Miliszkiewicz, Grzegorz Miliszkiewicz, Halina Stachyra. &#8211; Lublin : Muzeum Wsi Lubelskiej, 2021.<\/li>\n<li>Zapa\u0142czarnia w Cz\u0119stochowie : historia, tera\u017aniejszo\u015b\u0107, perspektywy \/ redakcja naukowa Anna Odrzywolska. &#8211; Cz\u0119stochowa : Regionalny O\u015brodek Kultury ; Katowice : Muzeum \u015al\u0105skie, 2020.<\/li>\n<li>Ikonografia Plant krakowskich \/ Iwona K\u0119der, Micha\u0142 Klinke, Waldemar Komorowski. &#8211; Krak\u00f3w : Muzeum Narodowe w Krakowie, 2024.<\/li>\n<li>Magistro et amico in memoriam : ksi\u0119ga pami\u0105tkowa ku czci Profesora Lecha Kalinowskiego = The memorial book in honour of Professor Lech Kalinowski \/ red. Rafa\u0142 Kalinowski, Wojciech Marcinkowski, Pawe\u0142 Pencakowski, Kamilla Twardowska, Tomasz W\u0119c\u0142awowicz. &#8211; Krak\u00f3w : Wydawnictwo Towarzystwa Naukowego Societas Vistulana : Muzeum Narodowe w Krakowie, 2023.<\/li>\n<li>Das Residenzschloss zu Dresden und seine f\u00fcrstlichen Bauherren \/ Andr\u00e9 Fester, Norbert Oelsner, Rosemarie Pohlack ; herausgegeben vom Landesamt f\u00fcr Denkmalpflege Sachsen. &#8211; Dresden : Sandstein, 2024.<\/li>\n<li>Uskrzydlone : putta w sztuce renesansu = Winged : putti in renaissance art \/ red. nauk. Marcin Fabia\u0144ski. &#8211; Krak\u00f3w : Muzeum Narodowe w Krakowie, 2024.<\/li>\n<li>Corpus Vitrearum Polska : korpus witra\u017cy z lat 1800-1945 w ko\u015bcio\u0142ach rzymskokatolickich. T. 7, Diecezja gliwicka. Cz. 2 \/ Tomasz Szybisty ; wsp\u00f3\u0142praca Joanna Utzig. &#8211; Krak\u00f3w : Universitas : Imedius Agencja Reklamowa sp. z o.o., 2023.<\/li>\n<li>Corpus Vitrearum Polska : korpus witra\u017cy z lat 1800-1945 w ko\u015bcio\u0142ach rzymskokatolickich. T. 7, Diecezja gliwicka. Cz. 1 \/ Tomasz Szybisty ; wsp\u00f3\u0142praca Joanna Utzig. &#8211; Krak\u00f3w : Universitas : Imedius Agencja Reklamowa sp. z o.o., 2023.<\/li>\n<li>Surrealizm : inne mity = Surrealism : other myths \/ [koncepcja katalogu i redakcja naukowa Hanna Doroszuk ; przek\u0142ad na j\u0119zyk angielski Szymon W\u0142och]. &#8211; Warszawa : Muzeum Narodowe w Warszawie, 2024.<\/li>\n<li>Zabytki sakralne gminy Wa\u0142cz. T. 1 \/ Jaros\u0142aw i Maciek Leszcze\u0142owscy. &#8211; Stawno ; Gda\u0144sk : Us\u0142ugi Informatyczne Swan-IT, 2023.<\/li>\n<li>Zabytki sakralne gminy Wa\u0142cz. T. 2 \/ Jaros\u0142aw i Maciek Leszcze\u0142owscy. &#8211; Stawno ; Gda\u0144sk : Us\u0142ugi Informatyczne Swan-IT, 2024.<\/li>\n<li>Badania kwarta\u0142u IX : dawne parcele Targ Drzewny 19-21. T. 5, 2 \/ pod red. Marcina Majewskiego i Iwony Wojciechowskiej ; Muzeum Archeologiczno-Historyczne w Stargardzie, Bogucki Wydawnictwo Naukowe. &#8211; Stargard : Muzeum w Stargardzie ; Pozna\u0144 : Bogucki Wydawnictwo Naukowe, 2023.<\/li>\n<li>Dom g\u0142\u00f3wny frontowy&#8230; wybuduj\u0119 : o ratuszu w Sierpcu i jego mieszka\u0144cach opowie\u015b\u0107 niebanalna \/ Ma\u0142gorzata Gmiter. &#8211; Sierpc : Muzeum Wsi Mazowieckiej w Sierpcu, 2022.<\/li>\n<li>Ko\u015bcio\u0142y drewniane ziemi wielu\u0144skiej na tle typ\u00f3w o\u015bciennych (do ko\u0144ca XVII wieku) \/ Damian Langner. &#8211; Krak\u00f3w : Wydawnictwo Astraia, 2023.<\/li>\n<li>Tartaczna : studium \u017cycia przedlokacyjnego Gda\u0144ska. Tom I \/ red. Ewa Trawicka. &#8211; Gda\u0144sk : Muzeum Archeologiczne w Gda\u0144sku, 2024.<\/li>\n<li>Tartaczna : studium \u017cycia przedlokacyjnego Gda\u0144ska. Tom II \/ red. Ewa Trawicka. &#8211; Gda\u0144sk : Muzeum Archeologiczne w Gda\u0144sku, 2024.<\/li>\n<li>Tezaurus nadliwiecki : zabytki i pami\u0105tki przesz\u0142o\u015bci na obszarze Stowarzyszenia &#8211; Lokalnej Grupy Dzia\u0142ania &#8220;B\u0105d\u017amy Razem&#8221; \/ [tekst: Ma\u0142gorzata Lipka-Chudzik, Monika Maliszewska-Lis, Roman Postek, Paulina Sulich, Ma\u0142gorzata Szeja]. &#8211; W\u0119gr\u00f3w : Stowarzyszenie &#8211; Lokalna Grupa Dzia\u0142ania &#8220;B\u0105d\u017amy Razem&#8221; ; \u0141och\u00f3w : partner: Miejski i Gminny O\u015brodek Kultury w \u0141ochowie, 2019.<\/li>\n<li>Wczesno\u015bredniowieczne Gniezno. Tom III, Stanowisko 14 : wyniki bada\u0144 archeologicznych \/ red. nauk. Marta Si\u0142akowska, Artur R\u00f3\u017ca\u0144ski. &#8211; Gniezno : Muzeum Pocz\u0105tk\u00f3w Pa\u0144stwa Polskiego w Gnie\u017anie, 2023.<\/li>\n<li>\u0179r\u00f3d\u0142a archeologiczne w rejonie Parku Kulturowego Wietrzychowice. T. 2, Cmentarzysko kultury puchar\u00f3w lejkowatych w Gaju, stanowisko 1 \/ Piotr Papiernik, Rafa\u0142 Brzejszczak, Joanna Wicha. &#8211; \u0141\u00f3d\u017a : Wydawnictwo Fundacji Bada\u0144 Archeologicznych Imienia Profesora Konrada Ja\u017cd\u017cewskiego : Muzeum Archeologiczne i Etnograficzne w \u0141odzi, 2023.<\/li>\n<li>Czyj sen Wroc\u0142aw \u015bni? : od Wilhelmstadt do Centrum Po\u0142udniowego \/ pod redakcj\u0105 Agnieszki Zab\u0142ockiej-Kos, Adama Pacholaka, Aleksandry Podlejskiej. &#8211; Wroc\u0142aw : Wydawnictwo Uniwersytetu Wroc\u0142awskiego, 2023.<\/li>\n<li>Przez historie i legendy : spojrzenie na 700 lat ksi\u0119stwa zi\u0119bickiego : materia\u0142y z konferencji naukowej w Muzeum Domu \u015al\u0105skiego w Zi\u0119bicach w dniach 7-8.10.2022 roku \/ red. Romuald Kaczmarek, Adam Organisty. &#8211; Zi\u0119bice : Muzeum Domu \u015al\u0105skiego ; [Wroc\u0142aw] : Instytut Historii Sztuki Uniwersytetu Wroc\u0142awskiego, 2024.<\/li>\n<li>Sztuka i rewolucja : wieloperspektywiczne uj\u0119cie sztuki polskiej zaraz po wojnie \/ Anna Markowska. &#8211; Krak\u00f3w : Towarzystwo Autor\u00f3w i Wydawc\u00f3w Prac Naukowych Universitas, 2023.<\/li>\n<\/ol>\n<p><strong>kwiecie\u0144<br \/>\n<\/strong><strong><span style=\"color: #999999;\">liczba nowo\u015bci: 93<br \/>\n<\/span><\/strong><\/p>\n<ol>\n<li>Album zmian kostnych \u015bredniowiecznej populacji z Gruczna = Album of human bone lesions in the medieval population from Gruczno \/ Alicja Drozd-Lipi\u0144ska, Andrzej Roma\u0144ski. &#8211; Toru\u0144 : Wydawnictwo Naukowe Uniwersytetu Miko\u0142aja Kopernika, 2023.<\/li>\n<li>Nowa Huta-Mogi\u0142a, stan 55 (kopiec Wandy) : wielofazowa osada kultury trzcinieckiej\u00a0i\u00a0\u0142u\u017cyckiej \/ z udzia\u0142em: Aldony Garbacz-Klempki, Damiana Stefa\u0144skiego, Katarzyny Py\u017cewicz, Marii Lity\u0144skiej-Zaj\u0105c, Jerzego J. Langera, S\u0142awomira Pietrzaka, Ulany Gocman, Anity Szczepanek. &#8211; Krak\u00f3w : Muzeum Archeologiczne, 2023.<\/li>\n<li>O cmentarzu \u015bw. Jana czyli najstarszej nekropolii \/ Bart\u0142omiej Gruszka, S\u0142awomir Ka\u0142agate.\u00a0&#8211; Zielona G\u00f3ra : Fundacja T\u0142ocznia, 2023.<\/li>\n<li>Straty wojenne kolekcji malarstwa Jacoba i Augusta Kabrun\u00f3w \/ Helena Kowalska. &#8211; Gda\u0144sk : Muzeum Narodowe, 2023.<\/li>\n<li>Weklice : cmentarzysko kultury wielbarskiej na wschodnim obrze\u017cu delty Wis\u0142y : (badania 2005-2018) \/ Magdalena Natuniewicz-Seku\u0142a, Marek Baczewski. &#8211; Warszawa : Fundacja Monumenta Archaeologica Barbarica ; Instytut Archeologii i Etnologii Polskiej Akademii Nauk, 2023.<\/li>\n<li>Archeologia konflikt\u00f3w XX wieku : wyniki ratowniczych bada\u0144 archeologicznych Przedmo\u015bcia Warszawa = The archeology of 20th century conflicts : results of rescue archaeological research of the bridgehead Warsaw \/ red. Miros\u0142aw Mazurek, Aleksandra Sznajdrowska-Pondel. &#8211; Rzesz\u00f3w : Fundacja Bada\u0144 nad Dziedzictwem Kulturowym : realizacja wydawnicza Wydawnictwo Edytorial, 2023.<\/li>\n<li>Bones of contention : the industrial exploitation of human bones in the modern age \/ edited by Bernard Wilkin and Robin Sch\u00e4fer. &#8211; Bruxelles : Algemeen Rijksarchief, 2024.<\/li>\n<li>European Studies and Europe : Twenty Years of Euroculture \/ edited by Janny de Jong, Marek Neuman, Senka Neuman Stanivukovi\u0107 and Margriet van der Waal. &#8211; G\u00f6ttingen : Universit\u00e4tsverlag G\u00f6ttingen, 2020.<\/li>\n<li>Jartypory, stan. 2 : cmentarzysko kultury wielbarskiej we wschodniej Polsce. Cz\u0119\u015b\u0107 1 \/ Jacek Andrzejowski. &#8211; Warszawa : Pa\u0144stwowe Muzeum Archeologiczne ; Fundacja Monumenta Archaeologica Barbarica, 2023.<\/li>\n<li>Kleszewo : cmentarzysko kultury przeworskiej i wielbarskiej na P\u00f3\u0142nocnym Mazowszu. Cz\u0119\u015b\u0107 2, Analiza \/ Marcin Wo\u017aniak ; Muzeum Staro\u017cytnego Hutnictwa Mazowieckiego im. Stefana Woydy, Fundacja Monumenta Archaeologica Barbarica, Instytut Archeologii Uniwersytetu Warszawskiego. &#8211; Pruszk\u00f3w : Muzeum Staro\u017cytnego Hutnictwa Mazowieckiego im. Stefana Woydy ; Warszawa : Fundacja Monumenta Archaeologica Barbarica ; Instytut Archeologii Uniwersytetu Warszawskiego, 2023.<\/li>\n<li>Krypta Grobowa rodu Wejher\u00f3w w ko\u015bciele parafialnym w Pucku \/ red. K. Blusiewicz, M.\u00a0Starski. &#8211; Warszawa : Wydzia\u0142 Archeologii. Uniwersytet Warszawski, 2023.<\/li>\n<li>Miasto na plus : eseje o polskich przestrzeniach miejskich \/ pomys\u0142, redakcja i wst\u0119p Hubert Mazur ; [teksty Hubert Bara\u0144ski, \u0141ukasz Franek, Hanna Gill-Pi\u0105tek, Jacek Grunt-Mejer, Piotr Kempf, El\u017cbieta Koterba, Pawe\u0142 Kubicki, Piotr Mazik, Oliver Schneider, Janusz\u00a0Sepio\u0142, Marcin W\u00f3jcik, Marta \u017bakowska]. &#8211; Krak\u00f3w : Wysoki Zamek, 2017.<\/li>\n<li>Przykopka 12 : nowo\u017cytna nekropolia pogranicza : wyniki ratowniczych bada\u0144 archeologicznych = Przykopka 12 : neuzeitliche Grenzlandnekropole : Ergebnisse der arch\u00e4ologischen Rettungsgrabungen \/ red. Herausgegeben von Micha\u0142 Grabowski, Urszula Wilkoszewska. &#8211; Rzesz\u00f3w : Fundacja Bada\u0144 nad Dziedzictwem Kulturowym : realizacja wydawnicza Wydawnictwo Edytorial, 2023.<\/li>\n<li>Ratownicze badania archeologiczne na stanowisku 2-4 w Rogaszynie, pow. \u0141\u0119czyca, woj.\u00a0\u0142\u00f3dzkie : (trasa autostrady A-1) \/ B\u0142a\u017cej Muzolf, Dominik Kacper P\u0142aza, Przemys\u0142aw Muzolf. &#8211; \u0141\u00f3d\u017a : Fundacja Bada\u0144 Archeologicznych Imienia Profesora Konrada Ja\u017cd\u017cewskiego ; Muzeum Archeologiczne i Etnograficzne, 2023.<\/li>\n<li>Schy\u0142kowo paleolityczne materia\u0142y krzemienne z obszaru doliny Wis\u0142y pod Krakowem \/ Damian Stefa\u0144ski. &#8211; Krak\u00f3w : Muzeum Archeologiczne, 2023.<\/li>\n<li>Skarb z Cichob\u00f3rza : studia nad depozytem rzymskich denar\u00f3w oraz ich na\u015bladownictw = the Cichob\u00f3rz hoard : a study of the deposit of Roman denarii and their imitations \/ redakcja\/editors Bart\u0142omiej Bartecki, Anna Hyrcha\u0142a, Kyrylo Myzgin. &#8211; Hrubiesz\u00f3w : Muzeum im. ks. Stanis\u0142awa Staszica, 2023.<\/li>\n<li>Skarb z Jastrz\u0119bnik ko\u0142o Kalisza : problematyka najm\u0142odszych typ\u00f3w denar\u00f3w krzy\u017cowych\u00a0\/ Adam K\u0119dzierski. &#8211; Warszawa : Instytut Archeologii i Etnologii Polskiej Akademii Nauk : Fundacja Przyjaci\u00f3\u0142 Instytutu Archeologii i Etnologii Polskiej Akademii Nauk, 2023.<\/li>\n<li>Villisaz : o\u015brodek krzy\u017cackiego komturstwa w ziemi che\u0142mi\u0144skiej : wyniki prac badawczych w Wieldz\u0105dzu (stanowiska 1 i 21) \/ redakcja Dariusz Poli\u0144ski. &#8211; Toru\u0144 : Europejska Fundacja &#8220;Pami\u0119\u0107 i Dziedzictwo&#8221; : Instytut Archeologii Uniwersytetu Miko\u0142aja Kopernika w Toruniu : Jagiello\u0144ski Instytut Wydawniczy, 2023.<\/li>\n<li>Wczesno\u015bredniowieczne grodziska w Polsce. T. 8, Powiat inowroc\u0142awski \/ Wojciech\u00a0Chudziak, Marcin Weinkauf. &#8211; Toru\u0144 : Instytut Archeologii Uniwersytetu Miko\u0142aja Kopernika, 2023.<\/li>\n<li>Zadowice bei Kalisz, Fundstelle 1 : ein Brandgr\u00e4berfeld vom Ende der Hallstattzeit bis\u00a0zur\u00a0Phase D der r\u00f6mischen Kaiserzeit = Zadowice pod Kaliszem, stanowisko 1 : cmentarzysko cia\u0142opalne z ko\u0144ca okresu halsztackiego po faz\u0119 D okresu rzymskiego \/ Eleonora Kaszewska ; [redaktor tomu Piotr Papiernik, Wojciech Sici\u0144ski]. &#8211; \u0141\u00f3d\u017a : Muzeum Archeologiczne i Etnograficzne, 2023.<\/li>\n<li>Cmentarz \u015bw. Jana : najstarsza nekropolia Zielonej G\u00f3ry \/ pod redakcj\u0105 Bart\u0142omieja Gruszki i S\u0142awomira Ka\u0142agate. &#8211; Zielona G\u00f3ra : Fundacja T\u0142ocznia, 2023.<\/li>\n<li>Kalisz-Stare Miasto : cmentarzysko. Cz\u0119\u015b\u0107 I, Archeologia \/ Dariusz Wycz\u00f3\u0142kowski. &#8211; Warszawa : Instytut Archeologii i Etnologii Polskiej Akademii Nauk : Fundacja Przyjaci\u00f3\u0142 Instytutu Archeologii i Etnologii Polskiej Akademii Nauk ; Szczecin : Pomorski Uniwersytet Medyczny, 2023.<\/li>\n<li>Kalisz-Stare Miasto : cmentarzysko. Cz\u0119\u015b\u0107 II, Antropologia \/ Agata Bisiecka. &#8211; Warszawa : Instytut Archeologii i Etnologii Polskiej Akademii Nauk : Fundacja Przyjaci\u00f3\u0142 Instytutu Archeologii i Etnologii Polskiej Akademii Nauk ; Szczecin : Pomorski Uniwersytet Medyczny, 2023.<\/li>\n<li>Mo\u017cliwo\u015bci turystycznego wykorzystania zabytk\u00f3w Staropolskiego Okr\u0119gu Przemys\u0142owego\u00a0\/ red. Wojciech Pasek. &#8211; Ko\u0144skie : Muzeum Regionalne PTTK w Ko\u0144skich, 2023.<\/li>\n<li>Uroczysko Granica : rewitalizacja zespo\u0142u zabytkowych obiekt\u00f3w architektury drewnianej na terenie O\u015brodka Dydaktyczno-Muzealnego Kampinoskiego Parku Narodowego \/ red.\u00a0Ma\u0142gorzata Mickiewicz, Ma\u0142gorzata Wawryszuk. &#8211; Izabelin : Kampinoski Park Narodowy, 2023.<\/li>\n<li>W\u0119giel : natura i kultura \/ Ralph Crane ; t\u0142umaczenie Marta Tomczok i Pawe\u0142 Tomczok.- Katowice : Wydawnictwo Uniwersytetu \u015al\u0105skiego, 2023.<\/li>\n<li>Arkadia \/ [koncepcja katalogu i redakcja naukowa Agnieszka Rosales Rodr\u00edguez, Antoni\u00a0Ziemba]. &#8211; Warszawa : Muzeum Narodowe w Warszawie, 2023.<\/li>\n<li>Bez gorsetu : Camille Claudel i polskie rze\u017abiarki XIX wieku = Corsets off : Camille Claudel and Polish women sculptors of the 19th century \/ [koncepcja katalogu i redakcja naukowa Ewa Ziembi\u0144ska]. &#8211; Warszawa : Muzeum Narodowe w Warszawie, 2023.<\/li>\n<li>Peinture &#8211; Peinture! : niech \u017cyje kolor! Komitet Paryski 1923-2023 = let the colour win! The\u00a0Kapist Group 1923-2023 \/ red. nacz. Karolina R\u00f3\u017cewska. &#8211; K\u0119pno : Muzeum Ziemi K\u0119pi\u0144skiej im. T. P. Potworowskiego, 2024.<\/li>\n<li>Cultural diplomacy in Europe : between the domestic and the international \/ edited by\u00a0Caterina Carta, Richard Higgott. &#8211; Cham : Palgrave Macmillan, 2020.<\/li>\n<li>Culture and Climate Resilience : Perspectives from Europe \/ edited by Grit Martinez. &#8211; Cham : Springer International Publishing, 2021.<\/li>\n<li>Enhancing Participation in the Arts in the EU : Challenges and Methods \/ edited by Victoria M. Ateca-Amestoy, Victor Ginsburgh, Isidoro Mazza, John O&#8217;Hagan, Juan Prieto-Rodriguez.\u00a0&#8211; Cham : Springer International Publishing, 2017.<\/li>\n<li>Historic cities in the face of disasters : reconstruction, recovery and resilience of societies\u00a0\/ editors: Fatemeh Farnaz Arefian, Judith Ryser, Andrew Hopkins, Jamie Mackee. &#8211; Cham : Springer, 2021.<\/li>\n<li>Inclusive Design for Historic Buildings : Architectural Approaches to Accessibility \/ David\u00a0Bonnett, Pauline Nee. &#8211; Ramsbury : The Crowood Press, 2021.<\/li>\n<li>Kamienice : opowie\u015bci przedwojennych mieszka\u0144c\u00f3w Wroc\u0142awia. [2] \/ Joanna\u00a0Mielewczyk. &#8211; [Wroc\u0142aw] : Oficyna Wydawnicza Kamienice, 2023.<\/li>\n<li>Dzianisz : Ko\u015bci\u00f3\u0142 Matki Bo\u017cej Cz\u0119stochowskiej \/ Andrzej Skorupa, Rafa\u0142 Monita. \u2013 Krak\u00f3w\u00a0: Wydawnictwo Astraia ; Dzianisz : Parafia Rzymskokatolicka MB Cz\u0119stochowskiej, 2023.<\/li>\n<li>Naprawa tynk\u00f3w : aspekty budowlane i konserwatorskie \/ Piotr Opa\u0142ka. &#8211; Warszawa : Wydawnictwo Naukowe PWN, 2016.<\/li>\n<li>Podziemny Muran\u00f3w \/ Jacek Leociak ; z fotografiami Artura \u017bmijewskiego. &#8211; Wo\u0142owiec : Wydawnictwo Czarne, 2024.<\/li>\n<li>Polichromie drewnianych strop\u00f3w w kamienicach Torunia &#8211; XVIII w. : zagadnienia ikonografii, typologii, technologii i techniki malarskiej. Cz. 1 \/ Klaudia Rajmann. &#8211; Toru\u0144 : Wydawnictwo Naukowe Uniwersytetu Miko\u0142aja Kopernika, 2023.<\/li>\n<li>W\u0119druj\u0105c ulicami Gda\u0144ska \/ Andrzej Januszajtis. &#8211; Gda\u0144sk : Wydawnictwo Marpress, 2024.<\/li>\n<li>W\u0142oskie spacery po Warszawie \/ red. nauk. Wioletta Gurdak, Maciej Jaskot, Wojciech Sosnowski, Marta Wojakowska. &#8211; Warszawa : Bosz, 2024.<\/li>\n<li>Wybrane zagadnienia z konserwacji sztuki wsp\u00f3\u0142czesnej \/ red. Dariusz Markowski. \u2013 Toru\u0144\u00a0: Wydawnictwo Naukowe Uniwersytetu Miko\u0142aja Kopernika, 2024.<\/li>\n<li>Starzy\u0144ski : prezydent z pomnika \/ Grzegorz Pi\u0105tek. &#8211; Wydanie II uzupe\u0142nione. \u2013 Warszawa\u00a0: Wydawnictwo W.A.B., 2024.<\/li>\n<li>By\u0142o takie miasto&#8230; : Warszawa na starych zdj\u0119ciach i kartach pocztowych z kolekcji Rafa\u0142a Bielskiego. T. 1, 1860-1905 \/ t\u0142umaczenie: Anna Bergiel. &#8211; Warszawa : Skarpa Warszawska, 2023.<\/li>\n<li>Cmentarze Podg\u00f3rza \/ Karolina Grodziska. &#8211; Krak\u00f3w : Wydaw. i Drukarnia &#8220;Secesja&#8221;, 1992.<\/li>\n<li>Europejski fajans delikatny z XIX wieku : kolekcja Wojciecha W. Kowalskiego \/ Wojciech W. Kowalski ; redaktor Maciej Kluss ; tekst Wojciech W. Kowalski, Wanda Za\u0142\u0119ska. \u2013 Pszczyna\u00a0: Muzeum Zamkowe w Pszczynie, 2023.<\/li>\n<li>Historia i wsp\u00f3\u0142czesno\u015b\u0107 gminy Sarnaki \/ [tekst Agata Wasilewska, Rafa\u0142 Zubkowicz]. &#8211; Wydanie II, poprawione. &#8211; Sarnaki : Gmina Sarnaki, 2018.<\/li>\n<li>Inwentaryzacja cmentarzy ewangelickich Gminy S\u0142upsk \/ redakcja Andrzej Stachowiak ; S\u0142upskie Stowarzyszenie Eksploracyjno-Historyczne &#8220;Gryf&#8221;. &#8211; Pruszcz Gda\u0144ski ; S\u0142upsk ; Gda\u0144sk ; Warszawa : Wydawnictwo Jasne, 2023.<\/li>\n<li>Karol Estreicher jr 1906-1984 : biografia wielkiego Polaka. T. 1, Do 1939 roku \/ Dariusz Matelski. &#8211; Krak\u00f3w : Pa\u0142ac Sztuki Towarzystwa Przyjaci\u00f3\u0142 Sztuk Pi\u0119knych, 2016.<\/li>\n<li>Katalog \u015bwiadk\u00f3w wiary w Barczewie, Sz\u0105bruku i K\u0119trzynie : studium z edukacji artystycznej w zakresie sztuk plastycznych \/ pod red. Jacka Macieja Wojtkowskiego. &#8211; Olsztyn : Archidiecezja Warmi\u0144ska, 2009.<\/li>\n<li>Katedra w Zamo\u015bciu \/ zdj\u0119cia Wies\u0142aw Lipiec ; [teksty Marek Dobosz]. &#8211; Zwierzyniec : Wydawnictwo Lipiec, 2016.<\/li>\n<li>Ko\u015bcio\u0142y warszawskie w ruinie i odbudowie 1939-1945 \/ Stanis\u0142aw Marzy\u0144ski ; widoki rys. Zygmunt St\u0119pi\u0144ski ; [plany kre\u015bli\u0142 J\u00f3zef P\u0119ka\u0142a]. &#8211; Warszawa : Polski Zwi\u0105zek In\u017cynier\u00f3w Budowlanych, 1946.<\/li>\n<li>Ko\u015bci\u00f3\u0142 parafialny pw. \u015bw. Stanis\u0142awa BM w Sarnakach \/ ks. pra\u0142. dr Andrzej Jakubowicz.<\/li>\n<li>Krzy\u017ctop\u00f3r \/ Tomasz Kuls ; [przek\u0142. na j\u0119z. ang. Andrzej Piotr Zakrzewski]. &#8211; Warszawa : Wydawnictwo Teka Tomasz Kuls, 2014.<\/li>\n<li>Kultura i Dziedzictwo Narodowe w 2022 r. \/ G\u0142\u00f3wny Urz\u0105d Statystyczny, Urz\u0105d Statystyczny w Krakowie. &#8211; Warszawa : Zak\u0142ad Wydawnictw Statystycznych, 2023.<\/li>\n<li>Monografia gminy Zabierz\u00f3w \/ pod red. naukow\u0105 Piotra Hapanowicza i Stanis\u0142awa Piwowarskiego. &#8211; Krak\u00f3w ; Zabierz\u00f3w : Urz\u0105d Gminy Zabierz\u00f3w, 2009.<\/li>\n<li>Post\u0119powanie z materia\u0142ami archiwalnymi w archiwach ko\u015bcielnych : katalog dobrych praktyk : wersja 1.1 \/ pod redakcj\u0105 ks. Roberta R. Kufla i Anny Laszuk. &#8211; Warszawa ; Zielona G\u00f3ra : Stowarzyszenie Archiwist\u00f3w Ko\u015bcielnych, 2023.<\/li>\n<li>Problemy odnowy Krakowa : materia\u0142y z narady konsultacyjnej w sprawie odnowy zespo\u0142\u00f3w zabytkowych Krakowa, 28 IX 1978. &#8211; Krak\u00f3w : Wydaw. Literackie, 1978.<\/li>\n<li>Promnice : zameczek my\u015bliwski = hunting lodge \/ tekst = text Maciej Kluss ; redakcja = editor Maciej Kluss. &#8211; Pszczyna : Muzeum Zamkowe w Pszczynie, 2019.<\/li>\n<li>Pszczyna wczoraj i dzisiaj = Pszczyna yesterday and today \/ redakcja = editor Maciej Kluss.\u00a0&#8211; Pszczyna : Muzeum Zamkowe w Pszczynie, 2020.<\/li>\n<li>Renowacja Bazyliki Mariackiej 1989-1999 \/ [red. Stanis\u0142aw Bercal]. &#8211; Krak\u00f3w : Wydawnictwo \u015aw. Stanis\u0142awa BM, 1999.<\/li>\n<li>Sanktuaria Archidiecezji Warmi\u0144skiej \/ pod red. Janiny Bosko, Jacka Macieja Wojtkowskiego ; przy wsp\u00f3\u0142pr. Miros\u0142awa Ga\u0142\u0119ziewskiego. &#8211; Olsztyn : Agencja Wydawnicza &#8220;Remix&#8221;, 2009.<\/li>\n<li>Spichrze polskie \/ Juliusz Dumnicki. &#8211; Warszawa : Arkady, 1987.<\/li>\n<li>Sztuka baroku : materia\u0142y sesji naukowej ku czci \u015bp. profesor\u00f3w Adama Bochnaka i J\u00f3zefa Lepiarczyka zorganizowanej przez Krakowski Oddzia\u0142 Stowarzyszenia Historyk\u00f3w Sztuki i Instytut Historii Sztuki UJ : Krak\u00f3w, 8-9 czerwca 1990 roku \/ [red. Marcin Fabia\u0144ski, Kazimierz Kuczman]. &#8211; Krak\u00f3w : Wydaw. Klubu Inteligencji Katolickiej, 1991.<\/li>\n<li>Wojew\u00f3dztwo tarnowskie : monografia \/ pod red. Jadwigi Warszy\u0144skiej ; Polska Akademia Nauk &#8211; Oddzia\u0142 w Krakowie. Komisja Nauk Geograficznych. &#8211; Wroc\u0142aw : Zak\u0142ad Narodowy im. Ossoli\u0144skich &#8211; Wydaw. Polskiej Akademii Nauk, 1988.<\/li>\n<li>Ziemia chrzanowska i Jaworzno : monografia \/ red. Janina Lewandowska. &#8211; Krak\u00f3w : Wydaw. Literackie, 1969.<\/li>\n<li>Zmienny krajobraz : 200 lat Muzeum Ksi\u0105\u017c\u0105t Lubomirskich \/ redaktor prowadz\u0105cy: Pawe\u0142 Szroniak. &#8211; Wroc\u0142aw : Wydawnictwo Ossolineum, 2023.<\/li>\n<li>Bedeker sopocki \/ Tomasz Kot. &#8211; Sopot : Smak S\u0142owa, 2024.<\/li>\n<li>D\u0142ugie lata 90. : architektura w Polsce czas\u00f3w transformacji \/ Anna Cymer. &#8211; Warszawa : Centrum Architektury, 2024.<\/li>\n<li>Dzie\u0142o opata z Saint-Denis a architektura gotycka po\u0142udniowej Polski : mistyka, cystersi, o\u0142tarz = L&#8217;\u0153uvre de l&#8217;abb\u00e9 de Saint-Denis et l&#8217;architecture gothique au sud de la Pologne : la mystique, les cisterciens, l&#8217;autel \/ Miros\u0142aw Bogdan. &#8211; Katowice : &#8220;\u015al\u0105sk&#8221; Sp. z o.o. Wydawnictwo Naukowe, 2023.<\/li>\n<li>Gobeliny \/ [opracowanie not katalogowych Magdalena Olszewska, dr Agnieszka Wysocka]. &#8211; Bydgoszcz : [Dom Wydawniczy Margrafsen Adam Senska], 2024.<\/li>\n<li>Jak studiowa\u0107 \u017cycie w przestrzeni publicznej \/ Jan Gehl i Birgitte Svarre ; przek\u0142ad Marta\u00a0A.\u00a0Urba\u0144ska. &#8211; Warszawa : Narodowy Instytut Architektury i Urbanistyki, 2021.<\/li>\n<li>Ko\u015bci\u00f3\u0142 \u015bw. Andrzeja w Barczewie : historia przekszta\u0142ce\u0144 zespo\u0142u franciszka\u0144skiego \/ Piotr Sam\u00f3l. &#8211; Gda\u0144sk : Wydawnictwo Uniwersytetu Gda\u0144skiego, 2023.<\/li>\n<li>Miasto &#8211; idea : nowe podej\u015bcie do gospodarowania zasobami miasta \/ Micha\u0142 Kud\u0142acz. &#8211; Warszawa : CeDeWu, 2021.<\/li>\n<li>Miasto \u017cyczliwe : jak kszta\u0142towa\u0107 miasto z trosk\u0105 o wszystkich \/ David Sim ; przek\u0142ad Klementyna Dec, Weronika Mincer ; przedmowa do polskiego wydania Joanna Erbel ; wst\u0119p Jan Gehl. &#8211; Krak\u00f3w : Wydawnictwo Wysoki Zamek, 2020.<\/li>\n<li>Mi\u0119dzynarodowe teksty doktrynalne ochrony i konserwacji zabytk\u00f3w \/ wprowadzenie i wyb\u00f3r Bogus\u0142aw Szmygin. &#8211; Lublin : Wydawnictwo Politechniki Lubelskiej ; Warszawa : Polski Komitet Narodowy Mi\u0119dzynarodowej Rady Ochrony Zabytk\u00f3w ICOMOS Polska, 2023.<\/li>\n<li>Nasz \u015awidermajer \/ Hanna Litwin. &#8211; \u0141\u00f3d\u017a : Ksi\u0119\u017cy M\u0142yn Dom Wydawniczy, 2023.<\/li>\n<li>Rze\u017aba \/ [opracowanie not katalogowych dr Dorota Grubba-Thiede, dr Agnieszka Wysocka]. &#8211; Bydgoszcz : [Dom Wydawniczy Margrafsen Adam Senska], 2023.<\/li>\n<li>Spacerownik sopocki : siedem tras po magicznych zak\u0105tkach Sopotu \/ Tomasz Kot. &#8211; Sopot : Smak S\u0142owa, 2023.<\/li>\n<li>Wielkie plany w r\u0119kach obywateli : na koalicyjnym szlaku \/ Artur Jerzy Filip. &#8211; Wydanie II. &#8211; Warszawa : B\u0119c Zmiana, 2019.<\/li>\n<li>Wytyczne i zestaw narz\u0119dzi do ocen oddzia\u0142ywania : w kontek\u015bcie \u015bwiatowego dziedzictwa\u00a0\/ [autorzy: Sarah Court (ICCROM), Eugene Jo (ICCROM), Richard Mackay (ICOMOS), Mizuki Murai (IUCN), Riki Therivel ; t\u0142umaczenie: Iwona Kaczanowska]. \u2013 Pary\u017c\u00a0: Organizacja Narod\u00f3w Zjednoczonych dla Wychowania, Nauki i Kultury (UNESCO) ; Rzym \u00a0 Mi\u0119dzynarodowe Centrum Bada\u0144 nad Ochron\u0105 i Konserwacj\u0105 Dziedzictwa Kulturowego (ICCROM) ; Charenton-le-Pont : Mi\u0119dzynarodowa Rada Ochrony Zabytk\u00f3w i Miejsc Historycznych (ICOMOS) ; Gland : Mi\u0119dzynarodowa Unia Ochrony Przyrody (IUCN)\u00a0; Warszawa : Narodowy Instytut Dziedzictwa, 2023.<\/li>\n<li>Budowniczowie i fundatorzy architektury dawnego Bytomia \/ Helena Jadwiszczok-Molencka. &#8211; Bytom : Towarzystwo Mi\u0142o\u015bnik\u00f3w Bytomia, 2023.<\/li>\n<li>Zabytkowe obiekty u\u017cyteczno\u015bci publicznej, przemys\u0142u i techniki \/ Tadeusz Korowaj. &#8211; K\u0119trzyn : CBK, 2024.<\/li>\n<li>W\u0142asno\u015b\u0107 powiernicza d\u00f3br kultury jako element nowego modelu zarz\u0105dzania dziedzictwem kultury \/ Piotr Lasik. &#8211; Stan prawny na dzie\u0144 1 sierpnia 2023 r. &#8211; Gda\u0144sk ; Sopot : Wydawnictwo Uniwersytetu Gda\u0144skiego ; Warszawa : Narodowy Instytut Dziedzictwa, 2023.<\/li>\n<li>Zabytki nieruchome w r\u0119kach prywatnych : historia, ochrona i konserwacja na przyk\u0142adach obiekt\u00f3w wpisanych do rejestru zabytk\u00f3w w \u0141odzi \/ Katarzyna Schatt-Babi\u0144ska. &#8211; Gda\u0144sk ; Sopot : Wydawnictwo Uniwersytetu Gda\u0144skiego ; Warszawa : Narodowy Instytut Dziedzictwa, 2023.<\/li>\n<li>Kunst in Polen von der Gotik bis heute : Kunsthaus Z\u00fcrich, 26. Juni bis 8. September 1974\u00a0\/ [bearb. des Kataloges: Vorw. Stanis\u0142aw Lorentz ; Katalog Tadeusz Dobrzeniecki et al.]. &#8211; Z\u00fcrich : Kunsthaus ; Warschau : Nationalmuseum, 1974.<\/li>\n<li>European Heritage, Dialogue and Digital Practices \/ edited by Areti Galani, Rhiannon Mason, Gabi Arrigoni. &#8211; London ; New York : Routledge, 2020.<\/li>\n<li>The integration of cultural considerations in EU law and policies \/ by Evangelia Psychogiopoulou. &#8211; Leiden ; Boston : Martinus Nijhoff Publishers, 2008.<\/li>\n<li>Creating and governing cultural heritage in the European Union : the European heritage label \/ Tuuli L\u00e4hdesm\u00e4ki, Viktorija L. A. \u010ceginskas, Sigrid Kaasik-Krogerus, Katja M\u00e4kinen and Johanna Turunen. &#8211; London ; New York : Routledge, 2020.<\/li>\n<li>Europe from Below : Notions of Europe and the European among Participants in EU Cultural Initiatives \/ Tuuli L\u00e4hdesm\u00e4ki, Katja M\u00e4kinen, Viktorija L. A. \u010ceginskas and Sigrid Kaasik-Krogerus &#8211; Boston : BRILL, 2021.<\/li>\n<li>Media and cultural policy in the European Union \/ edited by Katharine Sarikakis. &#8211; Amsterdam ; New York : Rodopi, 2007.<\/li>\n<li>Post-trauma and the Recovery Governance of Cultural Heritage \/ ed. Toshiyuki Kono, Junko Okahashi. &#8211; Singapore : Springer Nature, 2023.<\/li>\n<li>The Relevance of Culture and Cultural Heritage for Healing, Peace and Resilience \/ by\u00a0J.\u00a0L.\u00a0Breitling. &#8211; Munich : Grin Verlag, 2024.<\/li>\n<\/ol>\n<p><strong>grudzie\u0144, stycze\u0144<br \/>\n<\/strong><strong><span style=\"color: #999999;\">liczba nowo\u015bci: 58<br \/>\n<\/span><\/strong><\/p>\n<ol>\n<li>Skarbce, kolekcje i muzea Mazowsza \/ pod red. Micha\u0142a Wardzy\u0144skiego. &#8211; Warszawa : Mazowiecki Instytut Kultury ; Truskaw : Wydawnictwo Naukowe Sub Lupa, 2023.<\/li>\n<li>Cmentarze wyznaniowe do 1945 roku w granicach wojew\u00f3dztwa lubuskiego. T. 18, Powiat \u017caga\u0144ski, gminy Wymiarki i \u017baga\u0144 \/ Robert Romuald Kufel. &#8211; Zielona G\u00f3ra : Agencja Wydawnicza &#8220;PDN&#8221;, 2023.<\/li>\n<li>Le\u015bne \u015bcie\u017cki : wok\u00f3\u0142 Miejsca Pami\u0119ci Palmiry \/ pod red. Dominiki Jarzy\u0144skiej-Pokojskiej i Marii Kami\u0144skiej. &#8211; Warszawa : Muzeum Warszawy, 2023.<\/li>\n<li>Ratusz w Strzelinie : historia i restytucja \/ Maciej Ma\u0142achowicz, Rafa\u0142 Karnicki. &#8211; Wydanie II uzupe\u0142nione. &#8211; Wroc\u0142aw : Oficyna Wydawnicza Atut &#8211; Wroc\u0142awskie Wydawnictwo O\u015bwiatowe, 2023.<\/li>\n<li>Toru\u0144skie k\u0142opotliwe dziedzictwo : historie z okresu Trzeciej Rzeszy \/ [redakcja naukowa: Katarzyna Kluczwajd, Micha\u0142 Pszcz\u00f3\u0142kowski]. &#8211; Toru\u0144 : Stowarzyszenie Historyk\u00f3w Sztuki ; [Warszawa] : [Stowarzyszenie Historyk\u00f3w Sztuki. Zarz\u0105d G\u0142\u00f3wny], 2023.<\/li>\n<li>Warszawa dwudziestolecia : \u017cycie artystyczne i nowa to\u017csamo\u015b\u0107 miasta \/ pod redakcj\u0105 Katarzyny Nowakowskiej-Sito. &#8211; Warszawa : Stowarzyszenie Historyk\u00f3w Sztuki, 2023.<\/li>\n<li>Ekslibrisy bibliotek polskich i ksi\u0119gozbior\u00f3w obcych wykonanych przez polskich artyst\u00f3w w zbiorach Gabinetu Grafiki i Rysunku Muzeum Narodowego w Krakowie \/ Katarzyna Podniesi\u0144ska. &#8211; Krak\u00f3w : Muzeum Narodowe w Krakowie, 2023.<\/li>\n<li>Katalog strat wojennych i zbior\u00f3w rozproszonych zamku w Malborku. T. 2, Ceramika, detal architektoniczny, kafle \/ Barbara Pospieszna. &#8211; Malbork : Muzeum Zamkowe w Malborku, 2023.<\/li>\n<li>Nowoczesno\u015b\u0107 reglamentowana : modernizm w PRL \/ red. Piotr Juszkiewicz, Andrzej Szczerski. &#8211; Krak\u00f3w : Muzeum Narodowe w Krakowie, 2023.<\/li>\n<li>Polskie plakaty do roku 1914 w zbiorach Muzeum Narodowego w Krakowie \/ Magdalena Czubi\u0144ska. &#8211; Krak\u00f3w : Muzeum Narodowe, 2023.<\/li>\n<li>Prusice na dawnej fotografii \/ oprac. Renata Faron-Bartels. &#8211; Prusice : Urz\u0105d Miejski w Prusicach, 2023.<\/li>\n<li>Zabytek zadbany AD 2023 \/ [tekst : Hanna Mackiewicz ; red. prow. : Joanna Piotrowska]. &#8211; Warszawa : Narodowy Instytut Dziedzictwa, 2023.<\/li>\n<li>Cmentarz \u017cydowski w Mszanie Dolnej : &#8220;I pami\u0119\u0107 o nich nie ustanie u potomnych&#8221; (Est 9, 28) = The Jewish Cemetery in Mszana Dolna : &#8220;And their memory shall not cease among their descendants&#8221; (Esth. 9: 28) \/ Urszula Antosz-Rekucka, Jolanta Kruszniewska. &#8211; Edycja 2. Poprawiona i rozszerzona. &#8211; Mszana Dolna : Fundacja Sztetl Mszana Dolna, 2023.<\/li>\n<li>Pomniki historii \/ Monika Karolczuk. &#8211; Krak\u00f3w : Aromat S\u0142owa, 2022.<\/li>\n<li>Siedem wiek\u00f3w Warszawy : kalendarium historii miasta do ko\u0144ca XIX wieku \/ Marcin Roso\u0142owski, Arkadiusz Bi\u0144czyk. &#8211; Warszawa : Magam : Fundacja im. XBW Ignacego Krasickiego, 2023.<\/li>\n<li>Siedziby w\u0142adz miejskich : szlakiem ratuszy i urz\u0119d\u00f3w \/ [autor koncepcji: Ewa Krupa]. &#8211; Bydgoszcz : Kujawsko-Pomorskie Centrum Kultury, 2023.<\/li>\n<li>Zamki w Polsce u progu nowych czas\u00f3w : transformacje i fundacje w XV w. \/ red. nauk. Agnieszka Boche\u0144ska, Przemys\u0142aw Mrozowski ; Zamek Kr\u00f3lewski w Warszawie &#8211; Muzeum. &#8211; Warszawa : Arx Regia O\u015brodek Wydawniczy Zamku Kr\u00f3lewskiego w Warszawie &#8211; Muzeum, 2023.<\/li>\n<li>Tynki szlachetne okresu modernizmu : problemy ochrony \/ praca zbiorowa pod red. Marcina Furtaka. &#8211; Krak\u00f3w : Wydawnictwo Politechniki Krakowskiej, 2023.<\/li>\n<li>Ko\u015bci\u00f3\u0142 Notre-Dame-de-Bonsecours w Nancy : polskie mauzoleum kr\u00f3lewskie w Lotaryngii \/ Pawe\u0142 Migasiewicz, Jakub Sito. &#8211; Warszawa : Narodowy Instytut Polskiego Dziedzictwa Kulturowego za Granic\u0105 &#8220;Polonika&#8221;, 2023.<\/li>\n<li>Marian Lalewicz : architekt petersbursko-warszawski \/ Ma\u0142gorzata Omilanowska-Kilja\u0144czyk. &#8211; Warszawa : Narodowy Instytut Polskiego Dziedzictwa Kulturowego za Granic\u0105 Polonika, 2023.<\/li>\n<li>Ostra Brama w Wilnie = Au\u0161ros vartai Vilniuje \/ Maria Ka\u0142amajska-Saeed ; t\u0142umaczy\u0142 na j\u0119zyk litewski = \u012f lietuvi\u0173 kalb\u0105 vert\u0117 Mindaugas Paknys. &#8211; Warszawa : Narodowy Instytut Polskiego Dziedzictwa Kulturowego za Granic\u0105 &#8220;Polonika&#8221;, 2023.<\/li>\n<li>Szcz\u0119\u015bliwe nieba kraj\u00f3w w\u0142oskich! : Freskant Michelangelo Palloni w Wielkim Ksi\u0119stwie Litewskim \/ Anna Sylwia Czy\u017c, Piotr Jamski. &#8211; Warszawa : Narodowy Instytut Polskiego Dziedzictwa Kulturowego za Granic\u0105 &#8220;Polonika&#8221;, 2023.<\/li>\n<li>100 lat Muzeum Okr\u0119gowego im. Leona Wycz\u00f3\u0142kowskiego w Bydgoszczy (1923-2023) \/ Kamil \u015aciesi\u0144ski ; Muzeum Okr\u0119gowe im. Leona Wycz\u00f3\u0142kowskiego w Bydgoszczy. &#8211; Bydgoszcz : Muzeum Okr\u0119gowe im. Leona Wycz\u00f3\u0142kowskiego w Bydgoszczy, 2023.<\/li>\n<li>50 na 50 : jubileusz 50-lecia Dzia\u0142u Sztuki Wydawniczej Muzeum Narodowego we Wroc\u0142awiu \/ Jakub Maciej \u0141ubocki. &#8211; Wroc\u0142aw : Muzeum Narodowe, 2023.<\/li>\n<li>Leon Piesowocki : artysta Genera\u0142a W\u0142adys\u0142awa Andersa = Leon Piesowocki : an artist of General W\u0142adys\u0142aw Anders : katalog wystawy \/ autorzy tekst\u00f3w: Jan Wiktor Sienkiewicz ; Muzeum Okr\u0119gowe im. Leona Wycz\u00f3\u0142kowskiego w Bydgoszczy. &#8211; Bydgoszcz : Muzeum Okr\u0119gowe im. Leona Wycz\u00f3\u0142kowskiego, 2022.<\/li>\n<li>Poradnik dobrych praktyk architektonicznych : Saska K\u0119pa \/ redakcja merytoryczna Jakub Jastrz\u0119bski, Grzegorz Mika. &#8211; Warszawa : Fundacja Hereditas, 2023.<\/li>\n<li>Wycinanki kurpiowskie z kolekcji Karola Tchorka = The Kurpie paper-cuttings from the collection of Karol Tchorek \/ redakcja = editors Robert Andrzej Dul, Maria Samsel. &#8211; Wydanie II. &#8211; Warszawa : Stowarzyszenie Akademia Wilanowska, 2022.<\/li>\n<li>\u017bycie artystyczne w Bydgoszczy w latach 1920-1939 \/ Barbara Chojnacka ; Muzeum Okr\u0119gowe im. Leona Wycz\u00f3\u0142kowskiego w Bydgoszczy. &#8211; Bydgoszcz : Muzeum Okr\u0119gowe im. Leona Wycz\u00f3\u0142kowskiego w Bydgoszczy, 2023.<\/li>\n<li>Histories of conservation and art history in modern Europe \/ edited by Sven Dupre\u0301 and Jenny Boulboulle\u0301. &#8211; New York, NY : Routledge, 2022.<\/li>\n<li>Mieszkanie kawalera : mi\u0119dzy imperatywem nowoczesno\u015bci i gustem w\u0142asnym inwestora \/ Leszek Jodli\u0144ski. &#8211; Krak\u00f3w : Wydawnictwo Azory, 2023.<\/li>\n<li>Dzieje i skarby ko\u015bcio\u0142a \u015aw. Jakuba w Toruniu : nowe rozpoznanie \/ redakcja naukowa Anna B\u0142a\u017cejewska, El\u017cbieta Pilecka, Alicja Saar-Koz\u0142owska. &#8211; Toru\u0144 : Oddzia\u0142 Toru\u0144ski Stowarzyszenia Historyk\u00f3w Sztuki : Towarzystwo Naukowe, 2023.<\/li>\n<li>M\u0142yny wodne, wiatraki i kieraty w XIX i 1. po\u0142owie XX w. na terenie Pomorza (w granicach dawnych Prus Zachodnich) : technika i architektura \/ Maciej Prarat. &#8211; Toru\u0144 : Wydawnictwo Naukowe Uniwersytetu Miko\u0142aja Kopernika, 2023.<\/li>\n<li>75 lat Muzeum Miko\u0142aja Kopernika we Fromborku : katalog zbior\u00f3w = 75 Years of the Nicolaus Copernicus Museum in Frombork : Collection Catalogue \/ red. Marta Jag\u0142a Wojnowska. &#8211; Frombork : Muzeum Miko\u0142aja Kopernika we Fromborku, 2023.<\/li>\n<li>Burzyciele \u015bwiata w natarciu : sowieckie grafiki antyreligijne z lat 1918-1941 \/ Aleksander Majewski, Dmitriy Panto. &#8211; Gda\u0144sk : Muzeum II Wojny \u015awiatowej w Gda\u0144sku, 2023.<\/li>\n<li>Ludzie &#8211; projekty &#8211; badania \/ Zak\u0142ad Architektury Polskiej, Wydzia\u0142 Architektury Politechniki Warszawskiej ; redaktor naukowy serii Ma\u0142gorzata Rozbicka. &#8211; Warszawa : Oficyna Wydawnicza Politechniki Warszawskiej, 2022.<\/li>\n<li>200 lat Ossolineum : rozprawy i materia\u0142y \/ pod redakcj\u0105 Mariusza Dworsatschka. &#8211; Wroc\u0142aw : Wydawnictwo Ossolineum, 2022.<\/li>\n<li>Archistorie : jak odkrywa\u0107 przestrze\u0144 miast? \/ Rados\u0142aw Gajda, Natalia Szcze\u015bniak. &#8211; Wydanie drugie rozszerzone. &#8211; Warszawa : Natalia Szcze\u015bniak Dobre Pomys\u0142y, 2023.<\/li>\n<li>Aukcje dzie\u0142 sztuki na \u015bwiecie i w Polsce : tendencje i kierunki rozwoju \/ Joanna Bia\u0142ynicka-Birula. &#8211; Krak\u00f3w : Wydawnictwo Uniwersytetu Ekonomicznego w Krakowie, 2023.<\/li>\n<li>Bechertowie : rodzina rze\u017abiarzy z Jeleniej G\u00f3ry \/ Jakub Jagie\u0142\u0142o. &#8211; Warszawa : Wydawnictwo CM, 2021.<\/li>\n<li>Synagoga w Grodzisku Mazowieckim \/ Piotr Strzemieczny. &#8211; Grodzisk Mazowiecki : Wydawnictwo Taurus Edukacja i Kultura : Stowarzyszenie Nowa Kultura i Edukacja, 2023.<\/li>\n<li>Ukryta przestrze\u0144 : wojskowe lata warszawskiego Bemowa : 1945\u20131989 \/ Pawe\u0142 Brudek. &#8211; \u0141\u00f3d\u017a : Ksi\u0119\u017cy M\u0142yn Dom Wydawniczy, 2023.<\/li>\n<li>ZETO : elektronowy m\u00f3zg miasta : idea nowoczesnego Wroc\u0142awia a budynek ZETO \/ Adam Pacholak. &#8211; Wroc\u0142aw : Wydawnictwo Via Nova, 2019.<\/li>\n<li>Dzielnica \u017cydowska w P\u0142ocku : Synagogalna &#8211; Nieca\u0142a &#8211; Jerozolimska &#8211; Szeroka &#8211; Tylna : przewodnik = The Jewish district of P\u0142ock : the guidebook \/ Gabriela Nowak-D\u0105browska. -P\u0142ock : Fundacja Nobiscum, 2021.<\/li>\n<li>Leszczy\u0144scy i Su\u0142kowscy w XVI-XVIII wieku : sztuka &#8211; kultura &#8211; konserwacja \/ pod redakcj\u0105 Aliny Barczyk i Tadeusza Bernatowicza. &#8211; Leszno : Miasto Leszno : Organizacja Turystyczna Leszno &#8211; Region ; \u0141\u00f3d\u017a : Instytut Historii Sztuki Uniwersytetu \u0141\u00f3dzkiego, 2023.<\/li>\n<li>Sztuka u S\u0142owian : o tradycjach artystycznych i kszta\u0142towaniu si\u0119 to\u017csamo\u015bci narodowej \/ Jaros\u0142aw Jarzewicz. &#8211; Pozna\u0144 : Uniwersytet im. Adama Mickiewicza w Poznaniu. Wydzia\u0142 Historii, 2023.<\/li>\n<li>Aleje Jerozolimskie w Warszawie : wydarzenia, ludzie, domy \/ Artur Bojarski. &#8211; Warszawa : Wydawnictwo Bellona, 2023.<\/li>\n<li>Blokowiska \u0141odzi. Vol. 1, Nowe Rokicie, Obywatelska, Karolew, Retkinia, Koziny, Montwi\u0142\u0142a-Mireckiego, \u017bubard\u017a, Wielkopolska i Miko\u0142aja Reja, Teofil\u00f3w, Pojezierska i Hipoteczna, Radogoszcz \/ Piotr Borowski, Micha\u0142 Koli\u0144ski. &#8211; \u0141\u00f3d\u017a : Ksi\u0119\u017cy M\u0142yn Dom Wydawniczy, 2022.<\/li>\n<li>Blokowiska Radomia : Akademickie, Borki, Go\u0142\u0119bi\u00f3w I, Go\u0142\u0119bi\u00f3w II, Micha\u0142\u00f3w, M\u0142odzian\u00f3w, Nad Potokiem, Obozisko, Planty, Po\u0142udnie, Pr\u0119docinek, \u015ar\u00f3dmie\u015bcie, Ustronie, Wo\u015bniki, XV-lecia, Zam\u0142ynie \/ Marek Zi\u00f3\u0142kowski. &#8211; \u0141\u00f3d\u017a : Ksi\u0119\u017cy M\u0142yn Dom Wydawniczy, 2023.<\/li>\n<li>Kamienice : opowie\u015bci o miejscach, kt\u00f3rych nie ma. [4] \/ Piotr Lis. &#8211; Wroc\u0142aw : Oficyna Wydawnicza Kamienice, 2023.<\/li>\n<li>Kontusz : z dziej\u00f3w polskiego ubioru narodowego \/ Beata Biedro\u0144ska-S\u0142ota, Maria Molenda. &#8211; Warszawa : Pa\u0144stwowy Instytut Wydawniczy, 2023.<\/li>\n<li>Pozna\u0144skie Towarzystwo Przyjaci\u00f3\u0142 Nauk \/ Dobros\u0142awa Gucia, Gabriela Krause. &#8211; Pozna\u0144 : Wydawnictwo Miejskie Posnania, 2023.<\/li>\n<li>\u015ar\u00f3dka i Ostr\u00f3wek : antiqua civitas Posnaniensis \/ Jan Kaczmarek. &#8211; Pozna\u0144 : Wydawnictwo Miejskie Posnania, 2023.<\/li>\n<li>Tkanina : sztuka i rzemios\u0142o \/ Katarzyna Jasio\u0142ek. &#8211; Warszawa : Marginesy, 2023.<\/li>\n<li>Za kulisami twierdzy \/ pod redakcj\u0105 Zbigniewa Pilarczyka. &#8211; Pozna\u0144 : Wydawnictwo Miejskie Posnania, 2023.<\/li>\n<li>Malarz nad malarzami : Nikifor w kolekcji Pa\u0144stwowego Muzeum Etnograficznego w Warszawie = A painter unlike any other : Nikifor in the collection of The National Ethnographic Museum in Warsaw = Hudo\u017enik nad hudo\u017enikami : Nikifor u kolekc\u00ec\u00ef Der\u017eavnogo Etnograf\u00ec\u010dnogo Muze\u00fb u Var\u0161av\u00ec \/ [koncepcja i redakcja merytoryczna Alicja Mironiuk Nikolska, J\u00f3zef Zalewski, Robert Zydel]. &#8211; Warszawa : Pa\u0144stwowe Muzeum Etnograficzne w Warszawie, 2022.<\/li>\n<li>Szklane \u017cyciorysy : polskie projektantki szk\u0142a (1945\u20132020) : informator \/ Barbara Bana\u015b. &#8211; Wroc\u0142aw : Muzeum Narodowe we Wroc\u0142awiu, 2023.<\/li>\n<li>\u015al\u0105ska ars moriendi : \u015bredniowieczne metalowe p\u0142yty nagrobne \/ Agata Stasi\u0144ska, Mateusz Tomy\u015blak. &#8211; Wroc\u0142aw : Muzeum Narodowe we Wroc\u0142awiu, 2023.<\/li>\n<li>Zaklinacze czasu : kol\u0119dniczy teatr obrz\u0119dowy \/ Dorota Jasnowska. &#8211; Wroc\u0142aw : Muzeum Narodowe we Wroc\u0142awiu, 2023.<\/li>\n<\/ol>\n<p>[\/et_pb_toggle][et_pb_toggle title=&#8221;2023&#8243; open_toggle_text_color=&#8221;#e52330&#8243; closed_toggle_text_color=&#8221;#000000&#8243; _builder_version=&#8221;4.27.4&#8243; _module_preset=&#8221;default&#8221; title_font=&#8221;|700|||||||&#8221; closed_title_font=&#8221;|700|||||||&#8221; width=&#8221;100%&#8221; custom_margin=&#8221;||10px|||&#8221; locked=&#8221;off&#8221; global_colors_info=&#8221;{}&#8221;]<\/p>\n<p><span style=\"color: #808080;\">liczba nowo\u015bci: 443<\/span><\/p>\n<p><span style=\"color: #808080;\"><\/span><\/p>\n<ol>\n<li>(Nie)utracone dziedzictwo : inwentaryzacja zabytk\u00f3w sztuki na ziemiach wschodnich dawnej Rzeczypospolitej \/ red. nauk. dr Rafa\u0142 Nestorow, dr Dagny Nestorow, Piotr Jamski. \u2013 Krak\u00f3w : Uniwersytet Jagiello\u0144ski w Krakowie : Wydawnictwo Attyka, 2022.<\/li>\n<li>\u201cB\u0142ogos\u0142awi\u0107 mnie b\u0119d\u0105 wszystkie pokolenia\u2026\u201d : s\u0142yn\u0105ce \u0142askami ikony na Podlasiu \/ [teksty Helena Czaban i Ewa \u017bukowska]. \u2013 Bia\u0142ystok : Muzeum Podlaskie w Bia\u0142ymstoku. Instytucja\u00a0Kultury Wojew\u00f3dztwa Podlaskiego wsp\u00f3\u0142prowadzona przez MKiDN, 2022.<\/li>\n<li>\u201cPanorama Rac\u0142awicka\u201d : sprawa narodowa : udzia\u0142 pracownik\u00f3w Wydzia\u0142u Konserwacji i\u00a0Restauracji Dzie\u0142 Sztuki Akademii Sztuk Pi\u0119knych im. Jana Matejki w Krakowie w badaniach i\u00a0projektowaniu programu konserwacji \u201cPanoramy Rac\u0142awickiej\u201d w latach 1981-1984 \/ Jadwiga\u00a0Wyszy\u0144ska. \u2013 Krak\u00f3w : Wydawnictwo Akademii Sztuk Pi\u0119knych im. Jana Matejki, 2022.<\/li>\n<li>120 lat lubelskich wodoci\u0105g\u00f3w \/ Stanis\u0142aw Micha\u0142owski. \u2013 Lublin : Wydawnictwo Uniwersytetu Marii Curie-Sk\u0142odowskiej, 2019.<\/li>\n<li>450 lat Unii Lubelskiej : Kongres Dw\u00f3ch Unii : od Unii Lubelskiej do Unii Europejskiej \/ praca zbiorowa pod redakcj\u0105 Katarzyny Czerlunczakiewicz, Huberta M\u0105cika, Micha\u0142a Trzewika. \u2013 Lublin : Urz\u0105d Miasta Lublin, 2020.<\/li>\n<li>500 lat dzwonu Zygmunta \/ pod redakcj\u0105 Mieczys\u0142awa Rokosza i ks. Jacka Urbana. \u2013 Krak\u00f3w : Wydawnictwo Ksi\u0119garnia Akademicka, copyright 2023.<\/li>\n<li>600 lat Parafii Przemienienia Pa\u0144skiego w Garwolinie \/ zesp\u00f3\u0142 redakcyjny: Ryszard Andruszczak, Zbigniew Gnat-Wieteska, Wies\u0142aw Mu\u0107ka. \u2013 Wydanie drugie, rozszerzone. \u2013 Garwolin : staraniem Starostwa Powiatowego w Garwolinie, 2019.<\/li>\n<li>Abakanowicz : trauma i s\u0142awa \/ Pawe\u0142 Kowal. \u2013 Warszawa : Wydawnictwo Agora, 2023.<\/li>\n<li>Adolf Duszek : fotograf Warszawy \/ wyb\u00f3r zdj\u0119\u0107 i komentarze: Joanna Roli\u0144ska, Mateusz\u00a0Napieralski. \u2013 Warszawa : Warszawa Bielany : Wydawnictwo RM, 2022.<\/li>\n<li>Aktualne wyzwania w ochronie dziedzictwa kulturowego i naturalnego \/ red. Piotr Dobosz, Witold G\u00f3rny, Jan K\u0142apa, Joanna Kotulska, Adam Kozie\u0144, Anna Mazur, Aleksander Pyrzyk. \u2013 Krak\u00f3w : Wydawnictwo Uniwersytetu Jagiello\u0144skiego, 2023.<\/li>\n<li>Aleja w krajobrazie miasta : charakterystyka formy i rozw\u00f3j na terenie Krakowa \/ Justyna Mazur. \u2013 Krak\u00f3w : Wydawnictwo Uniwersytetu Rolniczego, 2019.<\/li>\n<li>Allgemeines K\u00fcnstler-Lexikon : die Bildenden K\u00fcnstler aller Zeiten und V\u00f6lker. Bd.\u00a0118, Yiadom-B. \u2013 Ziemi\u00f3n \/ Hrsg. von Andreas Beyer, B\u00e9n\u00e9dicte Savoy, Wolf Tegethoff. \u2013 Berlin : de Gruyter, 2023.<\/li>\n<li>Allgemeines K\u00fcnstler-Lexikon : die Bildenden K\u00fcnstler aller Zeiten und V\u00f6lker. Bd.\u00a0119, Zem\u0142a \u2013 ZYX \/ Hrsg. von Andreas Beyer, B\u00e9n\u00e9dicte Savoy, Wolf Tegethoff. \u2013 Berlin : de Gruyter, 2023.<\/li>\n<li>Amor Deo, amor patriae, amor familiae : rzecz o rodzinie Matejk\u00f3w \/ Barbara Ciciora, Ma\u0142gorzata Buyko. \u2013 Siedlce : Muzeum Diecezjalne w Siedlcach, 2022.<\/li>\n<li>Anna Mazur. \u2013 Wydanie 1. Stan prawny na dzie\u0144 21 marca 2022 r. \u2013 Krak\u00f3w : Wydawnictwo Uniwersytetu Jagiello\u0144skiego, 2022.<\/li>\n<li>Antiqua campana : wprowadzenie do ochrony i konserwacji dzwon\u00f3w \/ Marceli Tureczek. \u2013 Krak\u00f3w : Wydawnictwo Avalon, 2023.<\/li>\n<li>Antyk w polskiej sztuce i kulturze artystycznej ko\u0144ca XVIII i w XIX wieku \/ red. Jerzy Malinowski, Gra\u017cyna Raj. \u2013 Warszawa : Polski Instytut Studi\u00f3w nad Sztuk\u0105 \u015awiata ; Toru\u0144 : Tako, 2022.<\/li>\n<li>Archeologia wsp\u00f3lnotowa : poznaj\u0105c przesz\u0142o\u015b\u0107, nie zapominaj\u0105c o tera\u017aniejszo\u015bci \/ red. Kornelia Kajda, Dawid Kobia\u0142ka, Arkadiusz Marciniak. \u2013 Krak\u00f3w : Towarzystwo Autor\u00f3w i Wydawc\u00f3w Prac Naukowych Universitas, 2022.<\/li>\n<li>Architekci krakowscy : z dziej\u00f3w Oddzia\u0142u SARP 1877-1958 \/ redakcja: Bohdan Lisowski, Krystyna \u0141yczakowska. \u2013 Krak\u00f3w : Stowarzyszenie Architekt\u00f3w Polskich SARP. Oddzia\u0142 w Krakowie, 2017.<\/li>\n<li>Architekt Krzysztof Bonadura starszy i cech murator\u00f3w w Poznaniu \/ Aleksander Stankiewicz. \u2013 Krak\u00f3w : Towarzystwo Naukowe Societas Vistulana, 2022.<\/li>\n<li>Architektura \u2013 wyb\u00f3r czy przeznaczenie \/ L\u00e9on Krier ; [t\u0142. Piotr Choynowski]. \u2013 Warszawa : \u201cArkady\u201d, 2021.<\/li>\n<li>Architektura i urbanistyka w badaniach m\u0142odych naukowc\u00f3w. Tom I, Architektura i urbanistyka wobec sytuacji kryzysowych \/ pod red. Cezarego Ga\u0142uszka i Krystyny Solarek. \u2013 Warszawa : Oficyna Wydawnicza Politechniki Warszawskiej, 2022.<\/li>\n<li>Architektura neogotyckich budowli sakralnych obrz\u0105dku \u0142aci\u0144skiego w Przemy\u015blu \/ Micha\u0142 Proksa. \u2013 Rzesz\u00f3w : Oficyna Wydawnicza Politechniki Rzeszowskiej, 2022.<\/li>\n<li>Architektura przemys\u0142owa i architektura poprzemys\u0142owa w XIX i XX wieku \/ red. Bogna Derkowska-Kostkowska, Mateusz Soli\u0144ski. \u2013 Bydgoszcz : Kujawsko-Pomorskie Centrum Kultury, 2022.<\/li>\n<li>Architektura przemys\u0142owa, portowa i miejska XX wieku \/ red. Maria Jolanta So\u0142tysik, Marek\u00a0St\u0119pa. \u2013 Gdynia : Urz\u0105d Miasta ; Gda\u0144sk : Wydzia\u0142 Architektury Politechniki Gda\u0144skiej, 2022.<\/li>\n<li>Architektura regionalna \u2013 rzeczywista potrzeba czy iluzja? : o budowaniu zgodnie z tradycj\u0105 i krajobrazem \/ red. Iwona Li\u017cewska. \u2013 Warszawa : Narodowy Instytut Dziedzictwa, 2022.<\/li>\n<li>Architektura Rzeszowa od czas\u00f3w autonomii galicyjskiej \/ pod kierunkiem Janusza Sepio\u0142a. \u2013 Rzesz\u00f3w : Biuro Architekta Miasta Urz\u0119du Miasta Rzeszowa : Stowarzyszenie Architekt\u00f3w Polskich SARP Oddzia\u0142 w Rzeszowie : Biuro Miejskiego Konserwatora Zabytk\u00f3w Urz\u0119du Miasta Rzeszowa : Wojew\u00f3dzki Urz\u0105d Ochrony Zabytk\u00f3w z\/s w Przemy\u015blu Delegatura w Rzeszowie : Archiwum Pa\u0144stwowe w Rzeszowie, 2023.<\/li>\n<li>Architektura, urbanistyka, sztuka \/ pod red. S\u0142awomira Gzella. \u2013 Warszawa : Narodowy Instytut Architektury i Urbanistyki, 2022.<\/li>\n<li>Architekt-urz\u0119dnik w s\u0142u\u017cbie rosyjskiej : Antoni Jab\u0142o\u0144ski Jasie\u0144czyk (1854-1918) \/ Ma\u0142gorzata Omilanowska-Kilja\u0144czyk. \u2013 Warszawa : Wydawnictwo Uniwersytetu Warszawskiego, 2022.<\/li>\n<li>Archiwum po drodze\u2026 : dzielnice Opola w \u017ar\u00f3d\u0142ach Archiwum Pa\u0144stwowego w Opolu. T. 1, Czarnow\u0105sy, Groszowice, Grudzice, Nowa Wie\u015b Kr\u00f3lewska, W\u00f3jtowa Wie\u015b i Szczepanowice \/ redakcja Aleksandra Starczewska-Wojnar. \u2013 Opole : Archiwum Pa\u0144stwowe w Opolu : Instytut\u00a0\u015al\u0105ski, 2022.<\/li>\n<li>Arcy\u015bwi\u0105tkarz Wowro \/ autorki tekst\u00f3w: Kinga Czerwi\u0144ska, Joanna Kryszka ; wsp\u00f3\u0142praca: Krystyna Pieronkiewicz-Pieczko. \u2013 Katowice : Muzeum \u015al\u0105skie, 2022.<\/li>\n<li>Arrasy heraldyczno-monogramowe kr\u00f3la Zygmunta Augusta \/ Ryszard Szmydki. \u2013 Warszawa : Wydawnictwo Neriton, 2022.<\/li>\n<li>Artefakty nauki : historyczne przyrz\u0105dy naukowe w zbiorach polskich muze\u00f3w \/ Ewa Wyka. \u2013 Warszawa : Wydawnictwo Naukowe PWN, 2023.<\/li>\n<li>Arty\u015bci i Krak\u00f3w : studia ofiarowane Tomaszowi Gryglewiczowi \/ red. Jan Ostrowski, Andrzej Szczerski, Marek Walczak, Marek Zg\u00f3rniak. \u2013 Krak\u00f3w : Uniwersytet Jagiello\u0144ski : iMEDIUS, 2022.<\/li>\n<li>Aspekty archeologiczne i ochrony dziedzictwa w budownictwie : Niemcy, Irlandia, Polska, Hiszpania : monografia \/ pod redakcj\u0105 naukow\u0105 Paw\u0142a Nowaka i Janusza Sobieraja ; [autorzy g\u0142\u00f3wni: Tatiana Garc\u00eda-Segura, Mariola Ksi\u0105\u017cek-Nowak, Albert Laskowski, Andrzej Minasowicz, Laura Montalb\u00e1n-Domingo, Christoph Motzko, Sieter Neff, Pawe\u0142 Nowak, Piotr Nowak, Jerzy Ros\u0142on, Sandra Ruhl, Janusz Sobieraj, El\u017cbieta Sobieraj-Maciak, Janusz Zaleski, Jacek Zawistowski ; wsp\u00f3\u0142autorzy i doradcy: Eugenio Pellicer,<\/li>\n<li>Bellum et artes : casus Silesiae : sztuki pi\u0119kne i religia na \u015al\u0105sku podczas wojen XVII wieku = fine arts and religion in Silesia during the wars in the 17th century \/ Agnieszka Seidel-Grzesi\u0144ska, Marcin Wis\u0142ocki. \u2013 Wroc\u0142aw : Oficyna Wydawnicza Atut \u2013 Wroc\u0142awskie Wydawnictwo O\u015bwiatowe, 2023.<\/li>\n<li>Bernardo Bellotto : w 300. rocznic\u0119 urodzin malarza \/ red. nauk. Artur Badach, Magdalena Kr\u00f3likiewicz ; t\u0142um. Artur Badach, Magdalena Kr\u00f3likiewicz, Barbara Ostrowska, Mateusz Salwa, James West. \u2013 Warszawa : Zamek Kr\u00f3lewski w Warszawie \u2013 Muzeum, 2022.<\/li>\n<li>Biografia jednego budynku : Dom Polski w Olsztynie \/ Jerzy Kie\u0142bik. \u2013 Olsztyn : Instytut P\u00f3\u0142nocny im. Wojciecha K\u0119trzy\u0144skiego, 2023.<\/li>\n<li>Blask i splendor drewnianych ko\u015bcio\u0142\u00f3w Beskidzkiego Muzeum Rozproszonego Diecezji Bielsko-\u017bywieckiej \/ Szymon Tracz. \u2013 Bielsko-Bia\u0142a : nak\u0142adem autora, 2022.<\/li>\n<li>Bo\u017ce Narodzenie w tradycji polskiej \/ Barbara Ogrodowska. \u2013 Warszawa : Centrum Animacji Kultury, 2000.<\/li>\n<li>Browary \u0141odzi i regionu : historia i wsp\u00f3\u0142czesno\u015b\u0107 \/ Marcin Jakub Szyma\u0144ski. \u2013 \u0141\u00f3d\u017a : Ksi\u0119\u017cy\u00a0M\u0142yn Dom Wydawniczy, 2011.<\/li>\n<li>Budowle sakralne powiatu nowosolskiego \/ Tomasz Andrzejewski. \u2013 Nowa S\u00f3l : [s.n.], 2007.<\/li>\n<li>Budownictwo ko\u015bcio\u0142\u00f3w na \u015al\u0105sku Opolskim w Polsce Ludowej (1945-1989) : \u201cBogu na chwa\u0142\u0119, nam na zbawienie\u201d \/ Renata So\u0142tysek. \u2013 Opole : Instytut \u015al\u0105ski, 2022.<\/li>\n<li>Budownictwo og\u00f3lne : podstawy projektowania i obliczania konstrukcji budynk\u00f3w \/ Krzysztof Schabowicz, Tomasz Gorzela\u0144czyk. \u2013 Wroc\u0142aw : Dolno\u015bl\u0105skie Wydawnictwo Edukacyjne, 2017.<\/li>\n<li>Centrum Pomocy dla Kultury na Ukrainie : raport \/ Robert Kudelski, Wojciech Kowalski, Katarzyna Zalasi\u0144ska. \u2013 Warszawa : Narodowy Instytut Dziedzictwa, 2022.<\/li>\n<li>Ceramika tu\u0142owicka : Tu\u0142owice poKolei \/ [teksty Justyna Bojkowska, Piotr Gil, Marek Jary, Monika Konarska, Ewa Mroczkowska, Roman Skiba, Piotr Sopel, Jerzy Stemplewski, Helena Wojtasik, Mariusz Wo\u017aniak]. \u2013 Tu\u0142owice : Gmina Tu\u0142owice : [Tu\u0142owicki O\u015brodek Kultury], 2022.<\/li>\n<li>Cerkwie gminy Oleszyce \/ Adam Szczupak. \u2013 Oleszyce : Miejsko-Gminna Biblioteka Publiczna w Oleszycach ; Rzesz\u00f3w : realizacja wydawnicza Wydawnictwo Edytorial, 2022.<\/li>\n<li>Cerkwie i ikony \u0141emkowszczyzny \/ Jaros\u0142aw Giemza, tekst rozdzia\u0142u \u201cArchitektura cerkiewna\u201d Jerzy Tur. \u2013 Wydanie III, poprawione i rozszerzone. \u2013 Rzesz\u00f3w : Libra, 2023.<\/li>\n<li>Climate Change and Archaeology \/ ed. by Hannah Fluck and Kate Guest. \u2013 Namur : Europae Archaeologiae Consilium : Association Internationale sans But Lucratif (AISBL), 2021.<\/li>\n<li>Cmentarz Partyzancki w Kielcach : \u201cMortui viventes obligant\u201d (Zmarli zobowi\u0105zuj\u0105 \u017cyj\u0105cych) \/ Teresa i Zdzis\u0142aw Sabatowie z Wielkopola. \u2013 Wyd. II popr. i uzup. \u2013 Kielce : na zlecenie \u015awi\u0119tokrzyskiego Wojew\u00f3dzkiego Konserwatora Zabytk\u00f3w : Drukarnia PanZet, 2022.<\/li>\n<li>Cmentarz \u017cydowski w Bieczu \/ Krzysztof Przyby\u0142owicz. \u2013 Biecz : Muzeum Ziemi Bieckiej ; Libusza : Centrum Informacji o Dawnej Gminie Izraelickiej Biecz, 2021.<\/li>\n<li>Cmentarze dzielnicy D\u0119bniki : Kobierzyn, Pychowice, Skotniki, Tyniec \/ Karolina Grodziska ; fotografie Zbigniew Kos. \u2013 Krak\u00f3w: Karolina Grodziska, 2023.<\/li>\n<li>Cmentarze w Bia\u0142ymstoku \/ opracowanie autorskie Iwona G\u00f3rska, Joanna Koty\u0144ska-Stetkiewicz, Aneta Ku\u0142ak, Lech Pawlata, Grzegorz Ry\u017cewski, Klara Stetkiewicz, Wies\u0142aw Wr\u00f3bel. \u2013 Bia\u0142ystok : Urz\u0105d Miejski w Bia\u0142ymstoku. Departament Kultury, Promocji i Sportu : [Prezydent Miasta Bia\u0142egostoku], 2022.<\/li>\n<li>Cmentarze w Polsce : zagadnienia administracyjnoprawne \/ Pawe\u0142 Sularz. \u2013 Warszawa : Wolters Kluwer Polska, 2022.<\/li>\n<li>Cmentarze wyznaniowe do 1945 roku w granicach wojew\u00f3dztwa lubuskiego. T. 16, Powiat\u00a0\u017caga\u0144ski, Gmina Niegos\u0142awice \/ Robert Romuald Kufel. \u2013 Zielona G\u00f3ra : Agencja Wydawnicza \u201cPDN\u201d, 2022.<\/li>\n<li>Cmentarze wyznaniowe do 1945 roku w granicach wojew\u00f3dztwa lubuskiego. T. 17, Powiat \u017caga\u0144ski, Gmina Szprotawa \/ Robert Romuald Kufel. \u2013 Zielona G\u00f3ra : Agencja Wydawnicza \u201cPDN\u201d, 2023.<\/li>\n<li>Cmentarze z czas\u00f3w I wojny \u015bwiatowej w Puszczy Kurpiowskiej : Kierzek i Zawady \/ Ma\u0142gorzata\u00a0Karczewska, Maciej Karczewski, Jacek Czaplicki. \u2013 Bia\u0142ystok : O\u015brodek Bada\u0144 Europy \u015arodkowo-Wschodniej : Gmina Kadzid\u0142o, 2023.<\/li>\n<li>Co mo\u017cna zrobi\u0107 z dzie\u0142em sztuki? : aspekty prawne kultury i sztuki \/ redakcja naukowa Katarzyna Zalasi\u0144ska. \u2013 Warszawa : Wydawnictwa Uniwersytetu Warszawskiego, 2023.<\/li>\n<li>Czas \u017cupan\u00f3w, czas czechman\u00f3w : str\u00f3j polski w \u017ar\u00f3d\u0142ach archeologicznych, ikonograficznych i pisanych \/ Ma\u0142gorzata Grupa. \u2013 Toru\u0144 : Wydawnictwo Naukowe Uniwersytetu Miko\u0142aja Kopernika, 2022.<\/li>\n<li>Cz\u0142owiek, przedmiot, regu\u0142a : studium kultury budowania na G\u00f3rnym \u015al\u0105sku \/ Eugeniusz Jaworski ; poda\u0142a do druku Ewa Kosowska. \u2013 Katowice : \u015al\u0105sk, 2022.<\/li>\n<li>Czy\u017cew : kartki z dziej\u00f3w miasta, gminy i parafii (do 1944 roku) \/ Ewa Bohusz-Rubaszewska, Olga Regina Tomaszewska, Norbert Dariusz Tomaszewski. \u2013 Czy\u017cew : Urz\u0105d Miejski w Czy\u017cewie, 2022.<\/li>\n<li>Das Bauwesen in Brandenburg-Preu\u00dfen im 18. Jahrhundert \/ Rolf-Herbert Kr\u00fcger. \u2013 Berlin : Berliner Wissenschafts-Verlag, 2020<\/li>\n<li>Dawne malarstwo portretowe ze zbior\u00f3w Muzeum Narodowego w Krakowie \/ Tomasz Zaucha. \u2013 Krak\u00f3w : Muzeum Narodowe w Krakowie, 2023.<\/li>\n<li>Dawny P\u0142ock w fotografii : z zasobu Archiwum Pa\u0144stwowego w P\u0142ocku \/ Tomasz Piekarski. \u2013 P\u0142ock : Archiwum Pa\u0144stwowe w P\u0142ocku, 2022.<\/li>\n<li>Dawny Truskawiec : 1827-1939 = Davnij Truskavec\u2019 \/ Chrystyna Charczuk = Hristina Har\u010duk ; [t\u0142umaczenia na j\u0119zyk polski Chrystyna Charczuk]. \u2013 Warszawa : Narodowy Instytut Polskiego Dziedzictwa Kulturowego za Granic\u0105 \u201cPolonika\u201d, 2022.<\/li>\n<li>Detal architektoniczny ko\u015bcio\u0142a Mariackiego w Gda\u0144sku : katalog i zarys problematyki \/ Anna B\u0142a\u017cejewska, El\u017cbieta Pilecka. \u2013 Pelplin : Wydawnictwo Bernardinum, 2022.<\/li>\n<li>Detective dell\u2019arte : Carabinieri na stra\u017cy dziedzictwa kultury \/ Roberto Riccardi ; z\u00a0przedmow\u0105 Piotra Stepnowskiego i Kamila Zeidlera ; przek\u0142ad Hanna Kosto\u0142owska. \u2013 Gda\u0144sk ; Sopot : Wydawnictwo Uniwersytetu Gda\u0144skiego, 2022.<\/li>\n<li>Dobrzy przyjaciele, dobre przyjaci\u00f3\u0142ki : malarstwo w Gda\u0144sku w XIX wieku \/ Magdalena Mielnik. \u2013 Gda\u0144sk : Oddzia\u0142 Sztuki Dawnej Muzeum Narodowego w Gda\u0144sku : [Muzeum Narodowe w Gda\u0144sku], 2023.<\/li>\n<li>Dom Uphagena : materia\u0142y \/ [red. Ma\u0142gorzata Danielewicz, Ewa Barylewska-Szyma\u0144ska, Wojciech Szyma\u0144ski]. \u2013 Gda\u0144sk : Muzeum Historii Miasta Gda\u0144ska. Oddzia\u0142 Dom Uphagena ; 1996.<\/li>\n<li>Dost\u0119pno\u015b\u0107 architektoniczna obiekt\u00f3w zabytkowych dla os\u00f3b ze szczeg\u00f3lnymi potrzebami \/ Bogus\u0142aw Szmygin. \u2013 Warszawa : Narodowy Instytut Dziedzictwa ; Wydawnictwo Politechniki Lubelskiej, 2022.<\/li>\n<li>Dostosowanie zabytk\u00f3w do potrzeb os\u00f3b ze szczeg\u00f3lnymi potrzebami : przepisy, zasady, dobre praktyki. Cz. 1 \/ redaktor naczelny Bogus\u0142aw Szmygin. \u2013 [Warszawa] : Polski Komitet Mi\u0119dzynarodowej Rady Ochrony Zabytk\u00f3w ICOMOS ; [Lublin] : Politechnika Lubelska, 2022.<\/li>\n<li>Dostosowanie zabytk\u00f3w do potrzeb os\u00f3b ze szczeg\u00f3lnymi potrzebami : przepisy, zasady, dobre praktyki. Cz. 2 \/ redaktor naczelny Bogus\u0142aw Szmygin. \u2013 [Warszawa] : Polski Komitet Mi\u0119dzynarodowej Rady Ochrony Zabytk\u00f3w ICOMOS ; [Lublin] : Politechnika Lubelska, 2022.<\/li>\n<li>Drewniana architektura sakralna \/ red. Artur Gawe\u0142, Przemys\u0142aw Sianko, Urszula Szymak-Wa\u015bkiewicz. \u2013 Wasilk\u00f3w : Podlaskie Muzeum Kultury Ludowej, 2022.<\/li>\n<li>Drewniane ko\u015bcio\u0142y w powiecie kaliskim i Kaliszu \/ Stanis\u0142aw Ma\u0142yszko. \u2013 \u017belazk\u00f3w : Stowarzyszenie Nasze Kaliskie, 2022.<\/li>\n<li>Drewno : w\u0142a\u015bciwo\u015bci i zastosowanie. T. 3, Konserwacja drewna zabytkowego \/ Karol Kope\u0107. \u2013 Starachowice : PPHU Czerwone Korale Anna Kope\u0107, 2019.<\/li>\n<li>Druga szansa Zak\u0142ad\u00f3w Przemys\u0142owych Vetter w Lublinie : 2nd chance \u2013 integrated action plan \/ redakcja Katarzyna Czerlunczakiewicz, Hubert M\u0105cik, Micha\u0142 Trzewik. \u2013 Lublin : Urz\u0105d Miasta Lublin, 2018.<\/li>\n<li>Druskieniki : kurort przedwojennej Polski \/ Jan Sk\u0142odowski. \u2013 \u0141\u00f3d\u017a : Ksi\u0119\u017cy M\u0142yn Dom Wydawniczy ; Warszawa : Narodowy Instytut Polskiego Dziedzictwa Kulturowego za Granic\u0105 POLONIKA, 2022.<\/li>\n<li>Dworek z Suchedniowa : koleje losu \/ \u0141ukasz Wo\u0142czyk. \u2013 Kielce ; Tokarnia : Muzeum Wsi Kieleckiej, 2022.<\/li>\n<li>Dwory i pa\u0142ace po\u0142udniowej cz\u0119\u015bci wojew\u00f3dztwa mazowieckiego : powiat radomski i okolice \/ Wies\u0142aw Marek Kowalik. \u2013 Radom : Starostwo Powiatowe w\u00a0Radomiu, 2020.<\/li>\n<li>Dwudziestowieczne plany urbanistyczne Rybnika i ich realizacje \/ Jacek Kami\u0144ski. \u2013 Rybnik : Muzeum im. o. Emila Drobnego, 2020.<\/li>\n<li>Dziedzictwo architektoniczne : warto\u015bciowanie w procesie projektowym \/ Cezary G\u0142uszek. \u2013 Warszawa : Oficyna Wydawnicza Politechniki Warszawskiej, 2022.<\/li>\n<li>Dziedzictwo I wojny \u015bwiatowej po stuleciu : stan bada\u0144 i ochrony \/ red.\u00a0Ma\u0142gorzata\u00a0Karczewska. \u2013 Bia\u0142ystok : O\u015brodek Bada\u0144 Europy \u015arodkowo-Wschodniej, 2020.<\/li>\n<li>Dziedzictwo kulturowe powiatu k\u0119trzy\u0144skiego : dwory i pa\u0142ace \/ Tadeusz Korowaj. \u2013 K\u0119trzyn : Wydawnictwo Labrita, 2020.<\/li>\n<li>Dziedzictwo kulturowe powiatu k\u0119trzy\u0144skiego : zabytkowe obiekty sakralne \/ Tadeusz Korowaj. \u2013 K\u0119trzyn : Wydawnictwo Labrita, 2017.<\/li>\n<li>Dziedzictwo kulturowe w rewitalizacji : praktyczny poradnik \/ zesp\u00f3\u0142 redakcyjny Narodowego Instytutu Dziedzictwa: Anna Kozio\u0142-S\u0142upska, Maria Bade\u0144ska-Stapp, Anna Fogel ; zesp\u00f3\u0142 redakcyjny Instytutu Rozwoju Miast i Region\u00f3w: Edyta Tomczyk, Katarzyna Spad\u0142o. \u2013 Warszawa : Narodowy Instytut Dziedzictwa, 2022.<\/li>\n<li>Dziedzictwo niedoceniane : ch\u0142opskie budownictwo kamienne na Kielecczy\u017anie od po\u0142. XIX w. do lat 50-tych wieku XX \/ Ma\u0142gorzata Imio\u0142ek. \u2013 Kielce : Muzeum Wsi Kieleckiej, 2022.<\/li>\n<li>Dziedzictwo rzemios\u0142a artystycznego : tradycyjne techniki oraz nowoczesna konserwacja i\u00a0restauracja. T. 2 \/ pod red. Piotra Niemcewicza i Hanny Rubinkowicz-G\u00f3\u017ad\u017a. \u2013 Toru\u0144 : Wydawnictwo Naukowe Uniwersytetu Miko\u0142aja Kopernika, 2022.<\/li>\n<li>Dzieje drogownictwa w P\u0142ocku (XIX-XXI wiek) \/ Krystyna Grochowska-Iwa\u0144ska, Piotr\u00a0Gryszpanowicz. \u2013 P\u0142ock : Politechnika Warszawska. Wydzia\u0142 Budownictwa Mechaniki i\u00a0Petrochemii. Instytut Budownictwa, 2020.<\/li>\n<li>Dzieje P\u0142ocka : praca zbiorowa. T. 1, Historia miasta do 1793 roku \/ pod red. Mariana Kallasa. \u2013 Wyd. 3. uaktualnione, rozszerz. i uzup. \u2013 P\u0142ock : Towarzystwo Naukowe P\u0142ockie, 2000.<\/li>\n<li>Dzieje P\u0142ocka : praca zbiorowa. T. 3, Historia miasta w latach 1945-2020 \/ pod redakcj\u0105 Grzegorza Go\u0142\u0119biewskiego i Tomasza Piekarskiego. \u2013 Wydanie pierwsze. \u2013 P\u0142ock : Towarzystwo Naukowe P\u0142ockie, 2020.<\/li>\n<li>Dzieje Raszyna i Falent : 190 rocznica bitwy pod Raszynem 1809-1999 \/ Honorata Kaszuba. \u2013 Warszawa : Wydawnictwo Archidiecezji Warszawskiej, 1999.<\/li>\n<li>Dzieje Ursusa w zarysie \/ Jerzy Dom\u017calski. \u2013 Warszawa : Urz\u0105d Dzielnicy Ursus m.\u00a0st. Warszawy, 2018.<\/li>\n<li>Dziewi\u0119tnastowieczne relacje z w\u0119dr\u00f3wek na \u015awi\u0119ty Krzy\u017c \/ Anna Kurska. \u2013 Kielce : Wojew\u00f3dzka Biblioteka Publiczna im. Witolda Gombrowicza, 2022.<\/li>\n<li>Edward Manteuffel (1908-1940) \/ Jerzy Pawlikowski. \u2013 Lublin : Norbertinum, 2021.<\/li>\n<li>Ekorewitalizacja : zagadnienia architektoniczne \/ Marek Adam Wo\u0142oszyn. \u2013 Pozna\u0144 : Wydawnictwo Exemplum ; Szczecin : Zachodniopomorski Uniwersytet Technologiczny, 2013.<\/li>\n<li>Ekspresja : lwowska rze\u017aba rokokowa \/ [autorzy Andrzej Betlej, Agata Dworzak, Jan K. Ostrowski, Joanna Pa\u0142ka]. \u2013 Krak\u00f3w : Wydawnictwo Zamku Kr\u00f3lewskiego na Wawelu, 2023.<\/li>\n<li>Fabryka nici w Nowej Soli. Cz. 1, 1816-1945 \/ Tomasz Andrzejewski. \u2013 Nowa S\u00f3l : Muzeum\u00a0Miejskie, 2021.<\/li>\n<li>Fabryka nici w Nowej Soli. Cz. 2, 1945-2009 \/ Tomasz Andrzejewski ; wsp\u00f3\u0142praca Jaros\u0142aw\u00a0Parahus. \u2013 Nowa S\u00f3l : Muzeum Miejskie, 2022.<\/li>\n<li>Fara w Le\u017cajsku w czterechsetn\u0105 rocznic\u0119 konsekracji (1619-2019) \/ pod redakcj\u0105 Bartosza Podubny i ks. Wac\u0142awa Siwaka. \u2013 Le\u017cajsk : Bonus Liber, 2023.<\/li>\n<li>Formy piernikarskie ze zbior\u00f3w Muzeum Okr\u0119gowego w Toruniu : katalog \/ Ma\u0142gorzata Mikulska-Wernerowicz, Krzysztof Lewandowski. \u2013 Toru\u0144 : Muzeum Okr\u0119gowe w Toruniu, 2020.<\/li>\n<li>Franz Kugler (1808-1858), Hans Lutsch (1854-1922) i Hugo Lemcke (1835-1926) : z dziej\u00f3w bada\u0144 nad sztuk\u0105 Pomorza Zachodniego \/ Barbara Ochendowska-Grzelak. \u2013 Szczecin : Wydawnictwo Naukowe Uniwersytetu Szczeci\u0144skiego, 2023.<\/li>\n<li>Frontem do morza : plan, budowa, architektura portu w Gdyni \/ Anna Orchowska. \u2013 Gda\u0144sk : Fundacja Terytoria Ksi\u0105\u017cki, 2023.<\/li>\n<li>Frontov\u00e9 a lazaretn\u00e9 vojnov\u00e9 cintor\u00edny z prvej svetovej vojny z \u00fazemia severov\u00fdchodn\u00e9ho Slovenska : pamiatky hist\u00f3rie \/ Anton Li\u0161ka. \u2013 Bratislava : Pamiatkov\u00fd \u00farad SR, 2022.<\/li>\n<li>Funkcja i tre\u015b\u0107 : dychotomie polskiej architektury XX wieku w tw\u00f3rczo\u015bci Jana Kruga (1911-1987) \/ Jerzy Wowczak. \u2013 Krak\u00f3w : Oficyna Wydawnicza AFM, 2021.<\/li>\n<li>Futera\u0142 : o urz\u0105dzaniu mieszka\u0144 w PRL-u \/ Agata Szyd\u0142owska. \u2013 Wo\u0142owiec : Wydawnictwo Czarne, 2023.<\/li>\n<li>\u017bele\u0144ski : o rodzinie i witra\u017cach \/ Danuta Czapczy\u0144ska-Kleszczy\u0144ska. \u2013 Krak\u00f3w : Stowarzyszenie Mi\u0142o\u015bnik\u00f3w Witra\u017cy \u201cARS VITREA POLONA\u201d, 2022.<\/li>\n<li>Geneza i plany zamku s\u0105deckiego \/ autorzy tekst\u00f3w: Jaros\u0142aw Suwa\u0142a, Grzegorz Olszewski. \u2013 Nowy S\u0105cz : S\u0105decka Agencja Rozwoju Regionalnego S.A., 2020.<\/li>\n<li>G\u0142osy zabitego miasta : wst\u0119pna prezentacja rezultat\u00f3w bada\u0144 archeologicznych na terenie dawnego getta warszawskiego w latach 2021-2022 \/ Jacek Konik. \u2013 Warszawa : Muzeum Getta Warszawskiego ; Wroc\u0142aw ; [Lutynia] : Chronicon Wydawnictwo, 2023.<\/li>\n<li>Gotyckie kaplice przyko\u015bcielne na Dolnym \u015al\u0105sku : fundator \u2013 funkcja \u2013 forma \/ Agata Rusnak-Koz\u0142owska. \u2013 Wroc\u0142aw : Yellow Point Publications, 2023.<\/li>\n<li>G\u00f3rnictwo i sztuka : kolekcja porcelany Middelschulte = Mining and art : Middelschulte porcelain collection = Bergbau und Kunst : die Porcellansammlung Middelschulte \/ [redaktor naczelny: Jan God\u0142owski ; autorzy tekst\u00f3w: Jan God\u0142owski, prof. dr. Sunhild Kleing\u00e4rtner, dr h.c. Achim Middelschulte, Klementyna Ochniak-Dudek]. \u2013 Wieliczka : Muzeum \u017bup Krakowskich Wieliczka, 2023.<\/li>\n<li>Granice obiekt\u00f3w architektury krajobrazu : monografia \/ Lidia Ozimkowska. \u2013 Warszawa : Oficyna Wydawnicza WSEiZ \u2013 Wy\u017cszej Szko\u0142y Ekologii i Zarz\u0105dzania, 2013.<\/li>\n<li>GRO : ilustrowany atlas architektury Grochowa \/ koncepcja i projekt Magdalena Piwowar ; wyb\u00f3r i tekst Cezary Polak, Anna Wro\u0144ska ; ilustracje Mateusz Gryz\u0142o, Maria \u0141omniak, Peter\u00a0\u0141yczkowski, Hubert Przybyszewski. \u2013 Warszawa : Fundacja Centrum Architektury, 2023.<\/li>\n<li>Groby i cmentarze I wojny \u015bwiatowej w powiecie gi\u017cyckim \/ Ma\u0142gorzata Karczewska. \u2013 Bia\u0142ystok : O\u015brodek Bada\u0144 Europy \u015arodkowo-Wschodniej, 2022.<\/li>\n<li>Gr\u00f3d Kalisz-Zawodzie we wczesnym \u015bredniowieczu \/ redakcja Tadeusz Baranowski, Dorota Cyngot. \u2013 Warszawa : Wydawnictwo Instytutu Archeologii i Etnologii Polskiej Akademii Nauk, 2023.<\/li>\n<li>Grupa Dziesi\u0119ciu 1932-1939 : Zrzeszenie Artyst\u00f3w Krakowskich \/ Magdalena Ko\u0142tunowicz. \u2013 Radom : Muzeum im. Jacka Malczewskiego w Radomiu, 2022.<\/li>\n<li>Hanna Lachert : wygoda wa\u017cniejsza ni\u017c pi\u0119kno \/ Katarzyna Jasio\u0142ek. \u2013 Warszawa : Wydawnictwo Marginesy, 2022.<\/li>\n<li>Historia Dworca G\u0142\u00f3wnego przy \u201cTowarowej\u201d \/ [opracowanie Beata Zofia M\u0142ynarska]. \u2013 Warszawa : Stacja Muzeum, 2021.<\/li>\n<li>Historia i kultura \u017byd\u00f3w Janowca nad Wis\u0142\u0105, Kazimierza Dolnego i Pu\u0142aw : fenomen kulturowy miasteczka \u2013 sztetl : materia\u0142y z sesji naukowej \u201cV Janowieckie Spotkania Historyczne\u201d, Janowiec nad Wis\u0142\u0105, 28 czerwca 2003 roku \/ [redakcja Filip Jaroszy\u0144ski]. \u2013 Wydanie drugie, niezmienione. \u2013 Janowiec nad Wis\u0142\u0105 : Towarzystwo Przyjaci\u00f3\u0142 Janowca nad Wis\u0142\u0105, 2021.<\/li>\n<li>Historia mojego miasta : Sulej\u00f3wek. Cz. 1 \/ Irmina Matyjasek-Ja\u0142owiecka. \u2013 Sulej\u00f3wek : Miasto Sulej\u00f3wek, 2022.<\/li>\n<li>Historia mojego miasta : Sulej\u00f3wek. Cz. 2 \/ Irmina Matyjasek-Ja\u0142owiecka. \u2013 Sulej\u00f3wek : Miasto Sulej\u00f3wek, 2022.<\/li>\n<li>Historia mojego miasta : Sulej\u00f3wek. Cz. 3 \/ Irmina Matyjasek-Ja\u0142owiecka. \u2013 Sulej\u00f3wek : Miasto Sulej\u00f3wek, 2022.<\/li>\n<li>Historia Pragi \u017cyciorysami pisana \/ Joanna Kiwilszo. \u2013 Warszawa : Agencja Wydawniczo-Reklamowa Skarpa Warszawska, 2023.<\/li>\n<li>Historia spo\u0142eczno\u015bci \u017cydowskiej w Pi\u0144czowie \/ Renata Urban. \u2013 Pi\u0144cz\u00f3w : Muzeum Regionalne w Pi\u0144czowie, 2022.<\/li>\n<li>Historia sztuki jako instytucja : studia z historii sztuki \/ pod red. Wojciecha W\u0142odarczyka. \u2013 Warszawa : Stowarzyszenie Historyk\u00f3w Sztuki : Fundacja Kultura Miejsca, 2022.<\/li>\n<li>Historia warszawskich hoteli. T. 1 \/ Piotr Wierzbicki. \u2013 Warszawa : Skarpa Warszawska, 2023.<\/li>\n<li>Historia zamkni\u0119ta w murach : koszary w Gda\u0144sku Nowym Porcie \/ Grzegorz Gory\u0144ski ; Instytut Pami\u0119ci Narodowej. Oddzia\u0142 w Gda\u0144sku. \u2013 Gda\u0144sk : Instytut Pami\u0119ci Narodowej. Oddzia\u0142 w Gda\u0144sku, 2022.<\/li>\n<li>Historie gda\u0144skich dzielnic. T. 4, Siedlce \/ pod red. Katarzyny Kurkowskiej i\u00a0Leszka\u00a0Molendowskiego. \u2013 Gda\u0144sk : Muzeum Gda\u0144ska, 2022.<\/li>\n<li>Huty \u017celaza i stali \/ Adam Fru\u017cy\u0144ski. \u2013 \u0141\u00f3d\u017a : Ksi\u0119\u017cy M\u0142yn Dom Wydawniczy, 2022.<\/li>\n<li>Idea wolno\u015bci jednostki-w\u0142a\u015bciciela zabytku w Unii Europejskiej w kontek\u015bcie modelu kar administracyjnych w prawie polskim \/ Adam Kozie\u0144. \u2013 Wydanie I, stan prawny na dzie\u0144 1\u00a0pa\u017adziernika 2022 r. \u2013 Krak\u00f3w : Wydawnictwo Uniwersytetu Jagiello\u0144skiego, copyright 2023.<\/li>\n<li>Ikonografia ulicy Szpitalnej, placu Ducha \u015aw. oraz wschodnich odcink\u00f3w ulic \u015aw. Marka i\u00a0\u015aw.\u00a0Tomasza w Krakowie \/ Iwona K\u0119der, Micha\u0142 Klinke, Waldemar Komorowski. \u2013 Krak\u00f3w : Muzeum Narodowe w Krakowie, 2022.<\/li>\n<li>Imperium peryferii : architektura i modernizacyjne procesy przestrzenne w Kaliszu pod koniec XIX wieku \/ Makary G\u00f3rzy\u0144ski. \u2013 Kalisz : Wydawnictwo Naukowe Akademii Kaliskiej, 2023.<\/li>\n<li>Infrastruktura sportowa mi\u0119dzywojennej Warszawy na tle innych du\u017cych miast II\u00a0Rzeczpospolitej \/ Kamil Bartosz Potrzuski. \u2013 Warszawa : Wydawnictwa Uniwersytetu Warszawskiego, 2023.<\/li>\n<li>Innowacyjno\u015b\u0107 zespo\u0142\u00f3w mieszkaniowych projektowanych wed\u0142ug zasad New Urbanism a\u00a0za\u0142o\u017cenia modernizmu Karty Ate\u0144skiej \/ Ewa Teresa Krzy\u017canowska. \u2013 Warszawa : Oficyna Wydawnicza WSEiZ \u2013 Wy\u017cszej Szko\u0142y Ekologii i Zarz\u0105dzania, 2015.<\/li>\n<li>Jacek Malczewski : romantyczny = Jacek Malczewski : the romantic \/ Urszula Kozakowska-Zaucha. \u2013 Krak\u00f3w : Muzeum Narodowe w Krakowie, 2022.<\/li>\n<li>Jacob Mertens i malarstwo krakowskie oko\u0142o roku 1600 \/ Krzysztof J. Czy\u017cewski, Marek\u00a0Walczak. \u2013 Krak\u00f3w : Wydawnictwo Zamku Kr\u00f3lewskiego na Wawelu, 2022.<\/li>\n<li>Jak dzia\u0142a\u0142a Stocznia Gda\u0144ska : zachowane elementy dziedzictwa przemys\u0142owego Stoczni Gda\u0144skiej oraz ich funkcja produkcyjna w latach 70. i 80. XX wieku \/ Andrzej Trzeciak, Andrzej\u00a0Nawrocki. \u2013 Gda\u0144sk : Instytut Dziedzictwa Solidarno\u015bci ; Warszawa : Narodowy Instytut Dziedzictwa, 2022.<\/li>\n<li>Jan Klemens Branicki : splendor i mira\u017c \/ pod redakcj\u0105 Adama Danilczyka i\u00a0Waldemara\u00a0F.\u00a0Wilczewskiego. \u2013 Bia\u0142ystok : Muzeum Podlaskie w Bia\u0142ymstoku, 2022.<\/li>\n<li>Jan Piotr Norblin : sentymentalny reporter : grafika i malarstwo \/ redaktor naukowy Marta\u00a0Zda\u0144kowska ; autorzy not Regina Dmowska, Pawe\u0142 Ignaczak, Marta Zda\u0144kowska. \u2013 Warszawa : Zamek Kr\u00f3lewski w Warszawie \u2013 Muzeum, 2022.<\/li>\n<li>Janowiec nad Wis\u0142\u0105 : dzieje miasta 1537-1869 \/ Andrzej Szymanek. \u2013 Janowiec : Towarzystwo Przyjaci\u00f3\u0142 Janowca, 2022.<\/li>\n<li>Jan\u00f3wek czy Fangor\u00f3wka \/ Mira Walczykowska, Ma\u0142gorzata Szyma\u0144czyk. \u2013 Warszawa : Fundacja Promocji Tw\u00f3rczo\u015bci Wojciecha Fangora, 2022.<\/li>\n<li>Jastkowska per\u0142a architektury : pa\u0142ac w Panie\u0144szczy\u017anie \/ Teresa Kot, Andrzej Przegali\u0144ski, Anna Poterucha-Radomska, Bogus\u0142awa Reszka, Katarzyna Juszczak. \u2013 Jastk\u00f3w : Gmina Jastk\u00f3w, 2023.<\/li>\n<li>Kaliska II : skarb przedmiot\u00f3w metalowych z p\u00f3\u017anej epoki br\u0105zu na Pomorzu \/ Grzegorz Szczurek, Maciej Kaczmarek. \u2013 Pozna\u0144 : Uniwersytet im. Adama Mickiewicza. Wydzia\u0142\u00a0Archeologii, 2022.<\/li>\n<li>Kamienne siekiery i topory w zbiorach Muzeum \u017bup Krakowskich Wieliczka = Stone axes and hatchets from the collection of Cracow Saltworks Museum in Wieliczka \/ Jaros\u0142aw M. Fra\u015b, Katarzyna Lajs. \u2013 Wieliczka : Muzeum \u017bup Krakowskich Wieliczka, 2019.<\/li>\n<li>Kanalizacja Lwowa : zarys historii od \u015bredniowiecza do ko\u0144ca lat 30. XX wieku \/ Giennadij Andropow. \u2013 Bydgoszcz : Miejskie Wodoci\u0105gi i Kanalizacja : Wydawnictwo Pejza\u017c, Stadnicki s.k., 2022.<\/li>\n<li>Kapliczki przydro\u017cne : szlakiem \u015bwi\u0119tych patron\u00f3w \/ autor koncepcji i koordynator wydawnictwa: Ewa Krupa. \u2013 Bydgoszcz : Kujawsko-Pomorskie Centrum Kultury, 2022.<\/li>\n<li>Karol Estreicher : stra\u017cnik polskiego dziedzictwa kultury \/ koncepcja i tekst Tomasz Siewierski, Zbigniew Zielonka. \u2013 Wroc\u0142aw : Mi\u0119dzynarodowy O\u015brodek Szkolenia i Bada\u0144 nad Dziedzictwem Kultury w Zagro\u017ceniu im. mjr. prof. Karola Estreichera, 2022.<\/li>\n<li>Karty z dziej\u00f3w zamku ksi\u0105\u017c\u0119cego w Szczecinie. T. 1 \/ pod redakcj\u0105 Barbary Igielskiej, Janiny Kochanowskiej, Kacpra Pencarskiego, Jolanty Rybkiewicz, Renaty Zdero. \u2013 Szczecin : Zamek Ksi\u0105\u017c\u0105t Pomorskich w Szczecinie, 2020.<\/li>\n<li>Karty z dziej\u00f3w zamku ksi\u0105\u017c\u0119cego w Szczecinie. T. 2 \/ redakcja naukowa Kacper Pencarski ; zesp\u00f3\u0142 redakcyjny Barbara Igielska, Jolanta Rybkiewicz, Renata Zdero. \u2013 Szczecin : Zamek Ksi\u0105\u017c\u0105t Pomorskich w Szczecinie, 2021.<\/li>\n<li>Katalog strat wojennych i zbior\u00f3w rozproszonych zamku w Malborku. T. 1, Malarstwo, rysunek, grafika \/ pod redakcj\u0105 Justyny Lijki, Aleksandry Siuciak i Janusza Trupindy. \u2013 Malbork : Muzeum Zamkowe w Malborku, 2022.<\/li>\n<li>Katalog zabytk\u00f3w sztuki w Polsce. T. 4, Miasto Krak\u00f3w. Cz. 14, Ko\u015bcio\u0142y i klasztory : Garbary, \u0141obz\u00f3w, Nowa Wie\u015b \/ oprac. aut. Pawe\u0142 Dettloff, Dagny Nestorow, Rafa\u0142 Nestorow, Andrzej W\u0142odarek. \u2013 Warszawa : Instytut Sztuki Polskiej Akademii Nauk, 2022.<\/li>\n<li>Katedra pozna\u0144ska : studia o sztuce \/ pod redakcj\u0105 Jacka Kowalskiego i Witolda Miedziaka. \u2013 Pozna\u0144 : Wydawnictwo Pozna\u0144skiego Towarzystwa Przyjaci\u00f3\u0142 Nauk : Wydawnictwo Miejskie Posnania, 2022.<\/li>\n<li>Katedra \u015awidnicka : ocalona \/ Jaros\u0142aw Kurzawa, Tadeusz J\u00f3zef S\u0142obodzian. \u2013 \u015awidnica : Stowarzyszenie Rewaloryzacji i Konserwacji Zabytk\u00f3w Architektury Miasta \u015awidnicy, 2023.<\/li>\n<li>Ka\u017cd\u0105 iskr\u0105 rozpaleni\u2026 : \u017cydowscy arty\u015bci w kr\u0119gu nowej sztuki : idee \u2013 postawy \u2013 relacje \/ redakcja naukowa Irmina Gadowska, Krystyna Radziszewska, Agnieszka \u015awi\u0119tos\u0142awska. \u2013 \u0141\u00f3d\u017a : Wydawnictwo Uniwersytetu \u0141\u00f3dzkiego, 2022.<\/li>\n<li>Klasztor i sztuka : \u017cycie i tw\u00f3rczo\u015b\u0107 s. bernardynki Anieli Kisielewskiej \/ o. Cyprian Moryc ; fotografie Adam Bujak. \u2013 Krak\u00f3w : Bia\u0142y Kruk : we wsp\u00f3\u0142pracy z Klasztorem Si\u00f3str Bernardynek w Krakowie, 2022.<\/li>\n<li>Klatki schodowe w Poznaniu = The staircases of Pozna\u0144 : centrum, Je\u017cyce, \u0141azarz \/ Zbigniew Zachariasik. \u2013 Pozna\u0144 : Wydawnictwo Miejskie Posnania, 2023.<\/li>\n<li>Kolebka polskiej motoryzacji \/ Andrzej Krzysztof Wr\u00f3blewski. \u2013 Warszawa : Wydawnictwo WEI, 2021.<\/li>\n<li>Kolekcja \u201cEx-libris\u00f3w\u201d Antoniego Ryszarda w Krakowie \/ Halina Marcinkowska, Katarzyna Podniesi\u0144ska, Przemys\u0142aw M. \u017bukowski ; pod red. Diany B\u0142o\u0144skiej. \u2013 Krak\u00f3w : Ksi\u0119garnia Akademicka, 2015.<\/li>\n<li>Kolekcja szk\u0142a u\u017cytkowego Pa\u0142acu Schoena Muzeum w Sosnowcu : szk\u0142o dolno\u015bl\u0105skie i kryszta\u0142owe = Utility glass collection in Schoen\u2019s Palace Museum in Sosnowiec : the Lower Silesian glass and crystal glass \/ red. Ewa Chmielewska, Pawe\u0142 Dusza. \u2013 Sosnowiec : Pa\u0142ac Schoena Muzeum, 2021.<\/li>\n<li>Kolekcja szk\u0142a u\u017cytkowego Pa\u0142acu Schoena Muzeum w Sosnowcu : szk\u0142o zag\u0142\u0119biowskie i prasowane = Utility glass collection in Schoen\u2019s Palace Museum in Sosnowiec : glass from Zag\u0142\u0119bie D\u0105browskie and pressed glass \/ red. Ewa Chmielewska, Pawe\u0142 Dusza. \u2013 Sosnowiec : Pa\u0142ac Schoena Muzeum, 2018.<\/li>\n<li>Kolumna-Las : miasto-ogr\u00f3d : prace inwentaryzacyjne, fotograficzne i rysunkowe student\u00f3w architektury Politechniki \u0141\u00f3dzkiej : tera\u017aniejszo\u015b\u0107 i przysz\u0142o\u015b\u0107 Kolumny i\u00a0miast ogrod\u00f3w : konkurs \u201cKolumna \u2013 moje miejsce na ziemi\u201d : zdj\u0119cia plenerowe Ko\u0142a Naukowego Analog. T. 2 \/ [teksty W\u0142odzimierz Witkowski et a.]. \u2013 \u0141\u00f3d\u017a : Wydzia\u0142 Budownictwa, Architektury i In\u017cynierii \u015arodowiska. Instytut Architektury i\u00a0Urbanistyki P\u0141. Ko\u0142o Naukowe Student\u00f3w Architektury Politechniki \u0141\u00f3dzkiej \u201cIX\u00a0Pi\u0119tro\u201d : 2017.<\/li>\n<li>Kolumna-Las : miasto-ogr\u00f3d : prace plenerowe i inwentaryzacje pomiarowe student\u00f3w architektury Politechniki \u0141\u00f3dzkiej lato 2014 \/ [teksty: Katarzyna B\u0142aszczyk et al. ; Wydzia\u0142 Budownictwa, Architektury i In\u017cynierii \u015arodowiska. Instytut Architektury i Urbanistyki P\u0141. Ko\u0142o Naukowe Student\u00f3w Architektury]. \u2013 \u0141\u00f3d\u017a : Wydzia\u0142 Budownictwa, Architektury i In\u017cynierii \u015arodowiska, 2017.<\/li>\n<li>Konkursy szopek krakowskich 1937-2017. \u2013 Krak\u00f3w : Muzeum Historyczne Miasta Krakowa, 2017.<\/li>\n<li>Konserwacja zapobiegawcza \u015brodowiska. 9, Dziedzictwo kultur tradycyjnych \/ pod red. Joanny Wawrzeniuk i Katarzyny Zdeb. \u2013 Warszawa : Wydawnictwo Naukowe Uniwersytetu Kardyna\u0142a Stefana Wyszy\u0144skiego, 2022.<\/li>\n<li>Kontrola wywozu d\u00f3br kultury z Ukrainy : zbi\u00f3r przepis\u00f3w prawnych \/ dr Marta Adamiv, dr\u00a0\u017baneta Gwardzi\u0144ska-Chowaniec. \u2013 Warszawa : Narodowy Instytut Dziedzictwa, 2022.<\/li>\n<li>Kopernik i jego \u015bwiat \/ redaktorzy naukowi Norbert Hali\u0144ski, Marcin Bana\u015b. \u2013 Warszawa : Arx\u00a0Regia Wydawnictwo Zamku Kr\u00f3lewskiego w Warszawie \u2013 Muzeum, 2023.<\/li>\n<li>Ko\u015bcio\u0142y drewniane w Polsce \/ Piotr Krasny. \u2013 Krak\u00f3w : Wydawnictwo M, 2022.<\/li>\n<li>Ko\u015bcio\u0142y i klasztory rzymskokatolickie na terenie dawnego wojew\u00f3dztwa be\u0142skiego. T. 1 \/ pod\u00a0red. Andrzeja Betleja i Agaty Dworzak. \u2013 Krak\u00f3w : Societas Vistulana, 2021.<\/li>\n<li>Ko\u015bcio\u0142y i klasztory rzymskokatolickie na terenie dawnego wojew\u00f3dztwa be\u0142skiego. T. 2 \/ pod\u00a0red. Andrzeja Betleja i Agaty Dworzak. \u2013 Krak\u00f3w : Societas Vistulana, 2021.<\/li>\n<li>Ko\u015bcio\u0142y na \u015al\u0105sku \/ red. nauk. Bernard Linek i Piotr Pa\u0142ys. \u2013 Opole : Wydawnictwa Pa\u0144stwowego Instytutu Naukowego Instytutu \u015al\u0105skiego, 2017.<\/li>\n<li>Ko\u015bci\u00f3\u0142 i klasztor OO. Bernardyn\u00f3w w Kole \/ Krzysztof Witkowski. \u2013 Ko\u0142o : Gmina Miejska, 2022.<\/li>\n<li>Ko\u015bci\u00f3\u0142 Mariacki w Krakowie = St. Mary\u2019s Church in Cracow \/ tekst Krzysztof J. Czy\u017cewski, Marek\u00a0Walczak. \u2013 Krak\u00f3w : Bazylika Mariacka w Krakowie : Biblioteka Krak\u00f3w, 2023.<\/li>\n<li>Ko\u015bci\u00f3\u0142 pod wezwaniem \u015bwi\u0119tego Jana Chrzciciela w Mi\u0119dzyrzeczu \/ Marceli Tureczek. \u2013\u00a0Krak\u00f3w : Wydawnictwo Avalon, 2022.<\/li>\n<li>Ko\u015bci\u00f3\u0142 w Orawce \/ Tadeusz M. Trajdos, Hanna Pie\u0144kowska. \u2013 Krak\u00f3w : \u201cSecesja\u201d, 1999.<\/li>\n<li>Krajowa lista niematerialnego dziedzictwa kulturowego : krajowy rejestr dobrych praktyk w ochronie niematerialnego dziedzictwa kulturowego \/ [redakcja Katarzyna Sadowska-Mazur ; opracowanie tekst\u00f3w Katarzyna Sadowska-Mazur, Amudena Rutkowska, Julia W\u0142odarczyk, Agata Mucha, Krzysztof Czartoryski, Tomasz \u0141uczak]. \u2013 Wydanie sz\u00f3ste rozszerzone. \u2013 Warszawa : Narodowy Instytut Dziedzictwa, 2022.<\/li>\n<li>Krakowski Kazimierz : historia i kultura \/ Bogus\u0142aw Krasnowolski. \u2013 Krak\u00f3w : Towarzystwo\u00a0Mi\u0142o\u015bnik\u00f3w Historii i Zabytk\u00f3w Krakowa : Ksi\u0119garnia Akademicka, 2022.<\/li>\n<li>Krakowskie Przedmie\u015bcie : w 450-lecie Unii Lubelskiej \/ praca zbiorowa pod redakcja Rafa\u0142a Nied\u017awiadka. \u2013 Lublin : Gmina Lublin : przy wsp\u00f3\u0142pracy Wydzia\u0142u Inwestycji i Remont\u00f3w Urz\u0119du Miasta Lublin : oraz Referatu ds. Marketingu Miasta Kancelarii Prezydenta, 2019.<\/li>\n<li>Kresowe rezydencje : zamki, pa\u0142ace i dwory na dawnych ziemiach wschodnich II RP. T. 2, Wojew\u00f3dztwo nowogr\u00f3dzkie \/ Grzegorz R\u0105kowski. \u2013 Warszawa : Instytut Pami\u0119ci Narodowej. Komisja \u015acigania Zbrodni przeciwko Narodowi Polskiemu, 2021.<\/li>\n<li>Kruszwica wczesno\u015bredniowieczna \/ redakcja Wojciech Dzieduszycki, Joanna Sawicka. \u2013 Warszawa : Wydawnictwo Instytutu Archeologii i Etnologii Polskiej Akademii Nauk, 2023.<\/li>\n<li>Krytyczne studia nad dziedzictwem : poj\u0119cia, metody, teorie i perspektywy \/ redakcja naukowa Monika Stobiecka. \u2013 Warszawa : Wydawnictwa Uniwersytetu Warszawskiego, 2023.<\/li>\n<li>Kuczki \u017bydowskie : nieoszlifowane diamenty architektury \u0142\u00f3dzkiej \/ Renata Przew\u0142ocka. \u2013 \u0141\u00f3d\u017a : Wydawnictwo Politechniki \u0141\u00f3dzkiej, 2022.<\/li>\n<li>Kultura ludowa G\u00f3rali Babiog\u00f3rskich \/ [Dokument elektroniczny] pod red. Urszuli Janickiej-Krzywdy. \u2013 Wyd. 2. \u2013 Krak\u00f3w : Oficyna Wydawnicza \u201cWierchy\u201d. Centralny O\u015brodek Turystyki G\u00f3rskiej PTTK, 2016.<\/li>\n<li>Kultura ludowa G\u00f3rali Kliszczackich \/ [Dokument elektroniczny] pod red. Katarzyny Ceklarz i Justyny Mas\u0142owiec. \u2013 Krak\u00f3w : Oficyna Wydawnicza \u201cWierchy\u201d. Centralny O\u015brodek Turystyki G\u00f3rskiej PTTK, 2015.<\/li>\n<li>Kultura ludowa G\u00f3rali Pieni\u0144skich \/ pod red. Katarzyny Ceklarz i Urszuli Janickiej-Krzywdy. \u2013 Wydanie drugie. \u2013 Krak\u00f3w : Oficyna Wydawnicza \u201cWierchy\u201d. Centralny O\u015brodek Turystyki G\u00f3rskiej PTTK, 2014.<\/li>\n<li>Kultura ludowa G\u00f3rali S\u0105deckich : od Kamienicy, \u0141\u0105cka i Jazowska \/ [Dokument elektroniczny] pod red. Katarzyny Ceklarz i Magdaleny Kroh. \u2013 Krak\u00f3w : Oficyna Wydawnicza \u201cWierchy\u201d. Centralny O\u015brodek Turystyki G\u00f3rskiej PTTK, 2016.<\/li>\n<li>Kultura ludowa G\u00f3rali Zag\u00f3rza\u0144skich \/ [Dokument elektroniczny] pod red. Urszuli Janickiej-Krzywdy. \u2013 Wyd. 2., popr. i uzup. \u2013 Krak\u00f3w : Oficyna Wydawnicza \u201cWierchy\u201d. Centralny O\u015brodek Turystyki G\u00f3rskiej PTTK, 2015.<\/li>\n<li>Kultura ludowa G\u00f3rali \u017bywieckich \/ pod red. Katarzyny Ceklarz i Barbary Rosiek. \u2013 Krak\u00f3w : Oficyna Wydawnicza \u201cWierchy\u201d. Centralny O\u015brodek Turystyki G\u00f3rskiej PTTK, 2018.<\/li>\n<li>Leksykon architekt\u00f3w i budowniczych pochodzenia \u017cydowskiego w Krakowie w latach 1868-1939 \/ Barbara Zbroja. \u2013 Krak\u00f3w : Wysoki Zamek, 2023.<\/li>\n<li>Lelewel : rytownik polski \/ redakcja naukowa Janina Wilkosz ; s\u0142owo wst\u0119pne Janina Wilkosz ; Muzeum Narodowe w Krakowie. \u2013 Krak\u00f3w : Muzeum Narodowe w Krakowie, 2022.<\/li>\n<li>Lot nad Ok\u0119ciem : historia lotniska w latach 1918-1939 \/ Tomasz Lachowski. \u2013 Warszawa : Urz\u0105d Dzielnicy W\u0142ochy m.st. Warszawy, 2019.<\/li>\n<li>Ludzie i architektura : historia toru\u0144skiego Ratusza Staromiejskiego \/ Maria Magdalena Gessek. \u2013 Toru\u0144 : Muzeum Okr\u0119gowe, 2019.<\/li>\n<li>\u0141\u00f3d\u017a : pa\u0142ace i wille \/ Krzysztof Stefa\u0144ski, Jacek Kusi\u0144ski. \u2013 \u0141\u00f3d\u017a : Kusi\u0144ski Ksi\u0105\u017cki o \u0141odzi, 2017.<\/li>\n<li>Ma\u0142e rewitalizacje podw\u00f3rek : spo\u0142eczno-pedagogiczne badania-dzia\u0142ania \/ Anita Gulczy\u0144ska, Mariusz Granosik. \u2013 \u0141\u00f3d\u017a : Wydawnictwo Uniwersytetu \u0141\u00f3dzkiego, 2022.<\/li>\n<li>Maso\u0144skie tropy w Dobrzycy : widoczne \u2013 nieoczywiste \/ Pawe\u0142 Fija\u0142kowski. \u2013 Warszawa : Enetia\u00a0Wydawnictwo Szkolenia, 2023.<\/li>\n<li>Materia\u0142y archiwalne zwi\u0105zane z osob\u0105 Jana Matejki przechowywane w\u00a0Archiwum\u00a0Narodowym w Krakowie : przewodnik \/ Bo\u017cena Lesiak-Przyby\u0142, Aldona Warzecha. \u2013 Krak\u00f3w : Archiwum Narodowe w Krakowie, 2021.<\/li>\n<li>Meandry bada\u0144 nad kszta\u0142towaniem miasta : geneza, niespodzianki, refleksje, czyli kwadratura ko\u0142a \/ Krzysztof Kazimierz Paw\u0142owski. \u2013 Warszawa : Narodowy Instytut Architektury i Urbanistyki : Polski Komitet Narodowy ICOMOS, 2023.<\/li>\n<li>Meble Kowalskich : ludzie i rzeczy \/ Jacek Kowalski \u2013 Pozna\u0144 : Fundacja spo\u0142eczno-kulturalna SARMATIA : Wydawnictwo D\u0119bog\u00f3ra, 2014.<\/li>\n<li>Medale prywatne w I Rzeczypospolitej : (od XVI do XVIII wieku) = Private medals in the Polish-Lithuanian commonwealth : (from 16th to the 18th century) \/ Agnieszka Smo\u0142ucha-S\u0142adkowska ; Muzeum Narodowe w Krakowie. \u2013 Krak\u00f3w : Muzeum Narodowe w Krakowie, 2022.<\/li>\n<li>Metro w Polsce \/ Andrzej Rogi\u0144ski. \u2013 \u0141\u00f3d\u017a : Ksi\u0119\u017cy M\u0142yn Dom Wydawniczy Micha\u0142 Koli\u0144ski, 2022.<\/li>\n<li>Miasto Ko\u0142o gdzie zabytki naoko\u0142o = Ko\u0142o \u2013 a town with landmarks all around \/ Krzysztof\u00a0Witkowski. \u2013 Ko\u0142o : Gmina Miejska, 2021.<\/li>\n<li>Miasto szcz\u0119\u015bliwe : jak zmieni\u0107 nasze \u017cycie, zmieniaj\u0105c nasze miasta \/ Charles Montgomery. \u2013 Krak\u00f3w : Wysoki Zamek, 2021.<\/li>\n<li>Micha\u0142 Lancz z Kitzingen : franko\u0144ski malarz w Krakowie (1507-1523) \/ Adam Spodaryk. \u2013 Krak\u00f3w : Wydawnictwo Towarzystwa Naukowego \u201cSocietas Vistulana\u201d : [Muzeum Narodowe w Krakowie], 2023.<\/li>\n<li>Miejsce refleksji : refleksja o miejscu : szkice kulturowe o przestrzeniach Senatu \/ redakcja\u00a0naukowa dr hab. Igor Piotrowski. \u2013 Warszawa : Wydawnictwo Senackie, 2022.<\/li>\n<li>Mi\u0119dzy \u201csensus catholicus\u201d a \u201cuchrze\u015bcijanionym nacjonalizmem\u201d : sztuka Ko\u015bcio\u0142a rzymskokatolickiego na G\u00f3rnym \u015al\u0105sku wobec dyskurs\u00f3w narodowych \/ Jerzy Gorzelik. \u2013 Katowice : Wydawnictwo Uniwersytetu \u015al\u0105skiego, 2020.<\/li>\n<li>Mi\u0119dzy prowincjonalizmem a nowoczesno\u015bci\u0105 : przeobra\u017cenia Gda\u0144ska na tle proces\u00f3w modernizacyjnych wschodnich prowincji Prus w XIX wieku \/ pod red. Janusza Dargacza i\u00a0Tomasza Krzemi\u0144skiego. \u2013 Gda\u0144sk : Muzeum Gda\u0144ska ; Warszawa : Instytut Historii im.\u00a0Tadeusza Manteuffla Polskiej Akademii Nauk, 2022.<\/li>\n<li>Mi\u0142o\u015b\u0107 i obowi\u0105zek : powstanie styczniowe 1863 \/ red. nauk. Pawe\u0142 Tyszka, red.\u00a0Monika\u00a0Baranowska, Lucyna Wydra. \u2013 Warszawa : Zamek Kr\u00f3lewski w Warszawie \u2013 Muzeum, 2023.<\/li>\n<li>Miniatury artyst\u00f3w polskich i obcych w Polsce dzia\u0142aj\u0105cych : Muzeum Narodowe w Krakowie : katalog zbior\u00f3w = Miniatures by Polish artists and by foreign artists active in Poland : The National Museum in Krakow : a catalogue of the collection \/ Lucyna Lencznarowicz, Danuta Gody\u0144. \u2013 Krak\u00f3w : Muzeum Narodowe w Krakowie, 2022.<\/li>\n<li>Mistrzowie : ludwisarze z R\u00f3\u017cany, \u017bele\u017anik, W\u0119growa w XIX-XX wieku \/ Piotr Jamski. \u2013 Warszawa : Instytut Sztuki Polskiej Akademii Nauk ; W\u0119gr\u00f3w : Stowarzyszenie Klasztor W\u0119gr\u00f3w \u2013 Centrum Dialogu Kultur, 2022.<\/li>\n<li>M\u0142awski wrzesie\u0144 1939 w niemieckim obiektywie \/ red. Jaros\u0142aw Janiszewski, Zbigniew\u00a0Grzemski, Robert Zaborowski. \u2013 M\u0142awa : Stowarzyszenie M\u0142awa Miasto Zabytkowe, 2022.<\/li>\n<li>Modern architecture and climate : design before air conditioning \/ Daniel A. Barber. \u2013 Princeton\u00a0; Oxford : Princeton University Press, 2020.<\/li>\n<li>Modernizm, socrealizm, socmodernizm, postmodernizm : przewodnik po architekturze Krakowa XX wieku \/ red. Dorota Le\u015bniak-Rychlak, Micha\u0142 Wi\u015bniewski, Marta Karpi\u0144ska. \u2013 Krak\u00f3w : Fundacja Instytut Architektury, 2022.<\/li>\n<li>Monitoring diagnostyczny obiekt\u00f3w historycznych \/ \u0141ukasz Jan Bednarz. \u2013 Wroc\u0142aw : Oficyna Wydawnicza Atut, 2023.<\/li>\n<li>Montownie samochod\u00f3w w II Rzeczypospolitej \/ Romuald Cie\u015blak. \u2013 Warszawa : Wydawnictwa Komunikacji i \u0141\u0105czno\u015bci, 2018.<\/li>\n<li>Muzeum Archeologiczne w Wi\u015blicy \/ Gabriela Kie\u0142tyka-So\u0142tysiak. \u2013 Wydanie II poprawione. \u2013 Kielce : Muzeum Narodowe w Kielcach, 2023.<\/li>\n<li>Muzeum Lubomirskich 1823 \u2013 1940 : zbi\u00f3r malarstwa \/ Beata D\u0142ugajczyk, Leszek Machnik. \u2013 Wroc\u0142aw : Wydawnictwo Ossolineum, 2019.<\/li>\n<li>Na bursztynowym brzegu : mariny W\u0142odzimierza Na\u0142\u0119cza : XX wystawa z cyklu \u201cPolscy arty\u015bci o morzu\u201d \/ Monika Jankiewicz-Brzostowska, Zuzanna Miko\u0142ajek-Kie\u0142b. \u2013 Gda\u0144sk : Narodowe Muzeum Morskie w Gda\u0144sku, 2023.<\/li>\n<li>Nekropolie \u017cydowskie na terenie wojew\u00f3dztwa \u015bl\u0105skiego jako dziedzictwo architektoniczne i\u00a0kulturowe \/ Karolina Chodura. \u2013 Gliwice : Wydawnictwo Politechniki \u015al\u0105skiej, 2021.<\/li>\n<li>Nie taki straszny dw\u00f3r w Kalinowej \/ Anna Wr\u00f3bel. \u2013 Strzelce Opolskie : Wydawnictwo Matiang, 2021.<\/li>\n<li>Niezwyk\u0142a historia zwyk\u0142ych obiekt\u00f3w : Gda\u0144sk, ul. Okopowa 9 : budynek, ludzie, wydarzenia \/ Daniel Czerwi\u0144ski, Mateusz Kubicki ; Instytut Pami\u0119ci Narodowej. Oddzia\u0142 w Gda\u0144sku. \u2013 Gda\u0144sk ; [Warszawa] : Instytut Pami\u0119ci Narodowej \u2013 Komisja \u015acigania Zbrodni przeciwko Narodowi Polskiemu, 2022.<\/li>\n<li>Niezwyk\u0142y Ursus \/ Jerzy Dom\u017calski. \u2013 Wydanie II uaktualnione. \u2013 Warszawa : Urz\u0105d Dzielnicy Ursus m. st. Warszawy, [2020].<\/li>\n<li>Novitas versus auctoritas w sztuce \u015bredniowiecznej : studia dedykowane Profesorowi Piotrowi\u00a0Skubiszewskiemu w dziewi\u0119\u0107dziesi\u0105t\u0105 rocznic\u0119 urodzin \/ pod red. Jakuba Adamskiego i Juliusza Raczkowskiego. \u2013 Warszawa : Zarz\u0105d G\u0142\u00f3wny Stowarzyszenia Historyk\u00f3w Sztuki, 2022.<\/li>\n<li>Nowosielski : sztuka sakralna : Podlasie, Warmia i Mazury, Lublin \/ Krystyna Czerni. \u2013 Bia\u0142ystok : Muzeum Podlaskie : Samorz\u0105d Wojew\u00f3dztwa Podlaskiego ; [Olsztyn] : Samorz\u0105d Wojew\u00f3dztwa Warmi\u0144sko-Mazurskiego : Centrum Edukacji i Inicjatyw Kulturalnych, 2019.<\/li>\n<li>Nowy pocz\u0105tek : modernizm w II RP \/ red. Piotr Juszkiewicz, Andrzej Szczerski. \u2013 Krak\u00f3w : Muzeum Narodowe w Krakowie, 2022.<\/li>\n<li>Nowy Port i Westerplatte na dawnej poczt\u00f3wce \/ [Marcin Tymi\u0144ski, Aleksander Mas\u0142owski, Marcin St\u0105porek]. \u2013 Gdynia : Wydawnictwo Region ; Sulmin : GKW, 2021.<\/li>\n<li>O konserwacji rzemios\u0142 rozmaitych z kolekcji rodziny Wagner\u00f3w \/ redakcja Paula \u015awituszak, Agata Ogi\u0144ska, Andrzej Podg\u00f3rski; wsp\u00f3\u0142praca Arkadiusz Wagner. \u2013 Toru\u0144 : Wydawnictwo Naukowe Uniwersytetu Miko\u0142aja Kopernika, 2023.<\/li>\n<li>O miejsce ksi\u0105\u017cki w historii sztuki. Cz. 3, Sztuka ksi\u0105\u017cki oko\u0142o 1900 : w 150. rocznic\u0119 urodzin Stanis\u0142awa Wyspia\u0144skiego \/ redakcja naukowa Agnieszka Gronek. \u2013 Krak\u00f3w : Ksi\u0119garnia Akademicka, 2022.<\/li>\n<li>O przysz\u0142o\u015b\u0107 Rapperswilu i inne teksty \/ Stefan \u017beromski. \u2013 Kielce : Muzeum Narodowe w Kielcach, 2023.<\/li>\n<li>Obiekty sakralne i cmentarze Puszczy Kozienickiej \/ Marcin Sta\u0144czuk ; Muzeum Wsi Radomskiej. \u2013 Radom : Muzeum Wsi Radomskiej, 2017.<\/li>\n<li>Obiekty zabytkowe w Piasecznie : o historii i przesz\u0142o\u015bci : podsumowanie prac badawczych prowadzonych w 2018 roku na terenie Parku im. Ksi\u0105\u017c\u0105t Mazowieckich w Piasecznie : wydawnictwo pokonferencyjne. \u2013 Piaseczno : Urz\u0105d Miasta i Gminy Piaseczno, 2021.<\/li>\n<li>Obraz Matki Boskiej Roudnickiej z ko\u015bcio\u0142a pw. Bo\u017cego Cia\u0142a w Krakowie : konserwacja, badania, nowe spojrzenie na histori\u0119 dzie\u0142a : praca zbiorowa \/ pod kierunkiem Ma\u0142gorzaty Schuster-Gaw\u0142owskiej ; z udzia\u0142em Heleny Ma\u0142kiewicz\u00f3wny, Jerzego Gadomskiego, Jerzego\u00a0\u017bmudzi\u0144skiego, Wojciecha Bochnaka ; redakcja Ma\u0142gorzata Nowali\u0144ska. \u2013 Krak\u00f3w : Wydawnictwo Akademii Sztuk Pi\u0119knych im. Jana Matejki w Krakowie, 2021.<\/li>\n<li>Obywatelski Komitet Odbudowy Zamku Kr\u00f3lewskiego w Warszawie : wyb\u00f3r materia\u0142\u00f3w \u017ar\u00f3d\u0142owych z lat 1971-1984 \/ wyb\u00f3r tekst\u00f3w \u017ar\u00f3d\u0142owych Beata Kruk. \u2013 Warszawa : Zamek\u00a0Kr\u00f3lewski w Warszawie \u2013 Muzeum, 2022.<\/li>\n<li>Ocali\u0107 to, co najdro\u017csze : wok\u00f3\u0142 wsp\u00f3\u0142czesnej problematyki niszczenia i ratowania dziedzictwa kulturowego \/ pod red. Izabeli Boguszewskiej i Moniki Gom\u00f3\u0142ki. \u2013 Gda\u0144sk : Muzeum II Wojny \u015awiatowej, 2022.<\/li>\n<li>Ocena stanu technicznego zachowania budynku drewnianego \/ Piotr Horodyski. \u2013 Warszawa : Narodowy Instytut Dziedzictwa, 2022.<\/li>\n<li>Ochrona i modernizacja zabytkowych szpitali \/ Piotr Gerber. \u2013 Wroc\u0142aw : Oficyna Wydawnicza Politechniki Wroc\u0142awskiej, 2019.<\/li>\n<li>Ochrona zabytk\u00f3w : historia, doktryny, systemy prawne \/ Bogus\u0142aw Krasnowolski. \u2013 Krak\u00f3w : Wydawnictwo Akademii Sztuk Pi\u0119knych im. Jana Matejki w Krakowie, 2023.<\/li>\n<li>Od portretu do selfie \/ red. Mariusz Szajda, Agnieszka Paw\u0142owska. \u2013 Szczecin : Wydawnictwo\u00a0Akademii Sztuki w Szczecinie, 2021.<\/li>\n<li>Odbudowa kaliskich kamienic po zniszczeniach I wojny \u015bwiatowej : problem stylu \/ Mateusz\u00a0Rabiega. \u2013 Kalisz : Kaliskie Towarzystwo Przyjaci\u00f3\u0142 Nauk, 2023.<\/li>\n<li>Odbudowa Warszawy na nowo opowiedziana \/ Andrzej Kozicki. \u2013 Warszawa : Fundacja na rzecz Warsztat\u00f3w Analiz Socjologicznych, 2020.<\/li>\n<li>Odkryj Polsk\u0119 na nowo : unijne projekty w kulturze = Discover Poland anew : EU projects in\u00a0culture. \u2013 [Warszawa] : Ministerstwo Kultury i Dziedzictwa Narodowego. Departament Funduszy i Spraw Europejskich, 2022.<\/li>\n<li>Odkrywanie kieleckiej synagogi \/ Piotr \u015awierczy\u0144ski. \u2013 Kielce : Stowarzyszenie im.\u00a0Jana\u00a0Karskiego, 2022.<\/li>\n<li>Ogrody i parki Bia\u0142egostoku \/ opracowanie autorskie Iwona G\u00f3rska, Joanna Koty\u0144ska-Stetkiewicz, Aneta Ku\u0142ak, Lech Pawlata, Grzegorz Ry\u017cewski, Klara Stetkiewicz, Wies\u0142aw Wr\u00f3bel. \u2013 Bia\u0142ystok : Urz\u0105d Miejski w Bia\u0142ymstoku. Departament Kultury, Promocji i Sportu, 2021.<\/li>\n<li>Ogrody klasztorne w krajobrazie historycznego Lublina \/ Ma\u0142gorzata Milecka, Seweryn\u00a0Malawski. \u2013 Lublin : Wydawnictwo Uniwersytetu Przyrodniczego w Lublinie, 2022.<\/li>\n<li>Ogrody szcz\u0119\u015bcia \/ Grzegorz \u017buk. \u2013 Lublin : Wydawnictwo Uniwersytetu Marii Curie-Sk\u0142odowskiej, 2022.<\/li>\n<li>Optymalizacja metod konserwacji : zagadnienie nier\u00f3wnowagi wilgotno\u015bciowej w\u00a0obiektach zabytkowych \/ Wojciech Eckert, Pawe\u0142 Filipowicz, Grzegorz M\u0142ynarczyk, W\u0142odzimierz Pedrycz, Bogumi\u0142a J. Rouba ; red. nauk. Bogumi\u0142a J.\u00a0Rouba. \u2013 Warszawa : Narodowy Instytut Dziedzictwa, 2022.<\/li>\n<li>Osiedleni : Mistrzejowice \/ pod redakcj\u0105 Magdaleny Smagi. \u2013 Krak\u00f3w : Muzeum Krakowa, 2021.<\/li>\n<li>Pa\u0142ace Dolnego \u015al\u0105ska. 2 , Powiat wo\u0142owski \/ Damian D\u0105browski. \u2013 Warszawa : Wydawnictwo CM, 2022.<\/li>\n<li>Pa\u0142ace na Dolnym \u015al\u0105sku w s\u0142u\u017cbie III Rzeszy : sportschule : zakamuflowane plac\u00f3wki szkolenia przedwojennego \/ Szymon Wrzesi\u0144ski. \u2013 Warszawa : Agencja Wydawnicza CB, 2023.<\/li>\n<li>Pa\u0142ace Podlasia \/ Katarzyna i Jerzy Samusikowie. \u2013 Bia\u0142ystok : Fundacja S\u0105siedzi, 2019.<\/li>\n<li>Pami\u0119\u0107 i dziedzictwo kulturowe : studia i szkice : in memoriam Andrzej Pankowicz (1950-2011) \/ redakcja Pawe\u0142 Plichta. \u2013 Krak\u00f3w : Ksi\u0119garnia Akademicka, 2022.<\/li>\n<li>Panoptikum : sztuka, nauka, wyobra\u017ania : studia ofiarowane profesorowi Andrzejowi Pie\u0144kosowi z okazji 60. urodzin \/ red. nauk. Agnieszka Bagi\u0144ska, Marek Czapelski, Kamila\u00a0Pijanowska, Agnieszka Rosales Rodr\u00edguez, Aleksandra Sulikowska-Be\u0142czowska \u2013 Warszawa : Wydawnictwo Neriton, 2022.<\/li>\n<li>Panorama Rac\u0142awicka : idea, kontekst, wsp\u00f3\u0142czesno\u015b\u0107 \/ pod redakcj\u0105 Romualda Nowaka, Piotra Oszczanowskiego, Beaty Stragierowicz. \u2013 Wroc\u0142aw : Muzeum Narodowe we Wroc\u0142awiu, 2023.<\/li>\n<li>Panteon Karkonoszy : dawny cmentarz ewangelicki w Szklarskiej Por\u0119bie : wczoraj \u2013 dzi\u015b \u2013 jutro\u00a0\/ red. I. \u0141aborewicz, J. I. Zaprucka. \u2013 Jelenia G\u00f3ra : Muzeum Karkonoskie w Jeleniej G\u00f3rze, 2022.<\/li>\n<li>Parochia ruska we wsi Tyniowice eparchii przemyskiej w XIV-XX wieku \/ J\u00f3zef P\u00f3\u0142\u0107wiartek, Maria \u015al\u0119k-P\u00f3\u0142\u0107wiartek, Jaros\u0142aw Giemza. \u2013 Rzesz\u00f3w : Wydawnictwo Libra PL, 2022.<\/li>\n<li>Perspektywa prawna i urbanistyczna w planowaniu przestrzennym : wybrane zagadnienia = Legal and urban planning perspective in spatial planning : selected issues \/ Maciej J. Nowak [i\u00a019 pozosta\u0142ych] ; Polska Akademia Nauk. Komitet Przestrzennego Zagospodarowania Kraju. \u2013 Warszawa : Polska Akademia Nauk. Komitet Przestrzennego Zagospodarowania Kraju, 2022.<\/li>\n<li>Piec ceglano-kaflowy \/ Jaros\u0142aw Szewczyk. \u2013 Wydanie II. \u2013 Milan\u00f3wek : ARCHITREND.PL, 2022.<\/li>\n<li>Plac Centralny : w poszukiwaniu centrum \/ pod redakcj\u0105 Jacka Salwi\u0144skiego. \u2013 Krak\u00f3w : Muzeum Krakowa, 2022.<\/li>\n<li>Podr\u00f3\u017ce malownicze przez Polsk\u0119 1780-1784 = Pictoresque travels through Poland 1780-1784 = \u017divopisnye pute\u0161estvi\u00e2 po Pol\u02b9\u0161e 1780-1784 \/ Johann Heinrich M\u00fcntz ; opracowanie = editing = obrabotka El\u017cbieta Budzi\u0144ska ; [przek\u0142ad z orygina\u0142u francuskiego na j\u0119zyk polski: Piotr Herbich i Henryka Martyniak, przek\u0142ad na j\u0119zyk angielski: Krzysztof Z. Cieszkowski, przek\u0142ad na j\u0119zyk rosyjski: Natalia Mizerniuk-Rotkiewicz i Agnieszka Pospiszil]. \u2013 Warszawa : Narodowy\u00a0Instytut Polskiego Dziedzictwa Kulturowe<\/li>\n<li>Podwaliny : drewniane domy Podlasia i ich mieszka\u0144cy \/ Magdalena Stopa. \u2013 Ciechanowiec : Muzeum Rolnictwa im. ks. Krzysztofa Kluka w Ciechanowcu, 2018.<\/li>\n<li>Pokoszarowe : zabytkowa architektura Wojciechowic \/ [teksty: Jacek Karczewski, Jolanta\u00a0\u017bubrowska ; redakcja: Tomasz Kania]. \u2013 Ostro\u0142\u0119ka : Fundacja Splot Pami\u0119ci, 2022.<\/li>\n<li>Polityka publiczna wobec zabytk\u00f3w nieruchomych w Polsce : do\u015bwiadczenia \u2013 regu\u0142y \u2013 model \/ Katarzyna Agnieszka Ob\u0142\u0105kowska. \u2013 Warszawa : Wydawnictwo Instytutu Studi\u00f3w Podatkowych, 2023.<\/li>\n<li>Polonia, Lithuania et Ucraina : mapy z kolekcji dr. Tomasza Niewodnicza\u0144skiego : katalog wystawy \/ Tomasz Jakubowski. \u2013 Warszawa : Zamek Kr\u00f3lewski w Warszawie \u2013 Muzeum, 2022.<\/li>\n<li>Polonika w kolekcji grafiki w Pa\u0144stwowym Muzeum Historii Religii w Petersburgu \/ Tomasz Jakubowski. \u2013 Warszawa : Narodowy Instytut Polskiego Dziedzictwa Kulturowego za Granic\u0105 \u201cPolonika\u201d, 2022.<\/li>\n<li>Polsce wolno\u015b\u0107 wr\u00f3\u0107! : groby wojenne z okresu powstania styczniowego w Wielkopolsce \/ autorzy Bartosz Biega\u0142a, S\u0142awomir J\u00f3zefiak. \u2013 Pozna\u0144 : Wojewoda Wielkopolski, 2022.<\/li>\n<li>Polska : kalendarz \u015bwi\u0105t = Poland : calendar of feasts \/ Barbara Ogrodowska. \u2013 Warszawa : Sport i Turystyka \u2013 Muza, 2009.<\/li>\n<li>Polska w instytucjach mi\u0119dzynarodowych w latach 1918-2018 \/ pod red. Edwarda Hali\u017caka, Teresy \u0141o\u015b-Nowak, Anny Potyra\u0142y, Joanny Starzyk-Sulejewskiej. \u2013 Warszawa : Narodowe Centrum Kultury : Polskie Towarzystwo Studi\u00f3w Mi\u0119dzynarodowych, 2019.<\/li>\n<li>Polski m\u0119\u017cczyzna 1910-2010 : katalog wystawy = Polish man 1910-2010 : exhibition catalogue \/ wyb\u00f3r i koncepcja = selection and concept Iwona Rajkowska ; [redakcja naukowa prof. dr hab. Robert Kotowski ; wersja angielska Iwona Rajkowska ; opracowanie biogram\u00f3w artyst\u00f3w Iwona Rajkowska ; autorzy not katalogowych Agnieszka Bartk\u00f3w, \u0141ukasz Szostkiewicz, Iwona Rajkowska, Katarzyna Kot, Irena Buchenfeld, Urszula Kozakowska-Zaucha, dr Aleksandra Krypczyk-De Barra, \u015awiatos\u0142aw Lenartowicz, Agata Ma\u0142odobr<\/li>\n<li>Polski s\u0142ownik biograficzny konserwator\u00f3w zabytk\u00f3w. Z. 6 \/ pod red. Iwony B\u0142aszczyk, Henryka Kondzieli, Romana Marcinka ; Stowarzyszenie Konserwator\u00f3w Zabytk\u00f3w, Narodowy Instytut Dziedzictwa. \u2013 Warszawa : Zarz\u0105d G\u0142\u00f3wny Stowarzyszenia Konserwator\u00f3w Zabytk\u00f3w ; Narodowy Instytut Dziedzictwa, 2022.<\/li>\n<li>Polski S\u0142ownik Biograficzny. T. 54\/1, z. 220, Teoplitz Teodor \u2013 Tomasz Biskup P\u0142ocki \/ [red. nacz. Andrzej Romanowski] ; Polska Akademia Nauk, Polska Akademia Umiej\u0119tno\u015bci. \u2013 Warszawa : Instytut Historii PAN ; Krak\u00f3w : wsp\u00f3\u0142praca wydawnicza: Towarzystwo Naukowe Societas Vistulana, 2022.<\/li>\n<li>Polski S\u0142ownik Biograficzny. T. 54\/2, z. 221, Tomasz Biskup P\u0142ocki \u2013 Tomicki J\u00f3zef \/ [red. nacz. Andrzej Romanowski] ; Polska Akademia Nauk, Polska Akademia Umiej\u0119tno\u015bci. \u2013 Warszawa : Instytut Historii PAN ; Krak\u00f3w : wsp\u00f3\u0142praca wydawnicza: Towarzystwo Naukowe Societas Vistulana, 2022.<\/li>\n<li>Polski S\u0142ownik Biograficzny. T. 54\/3, z. 222, Tomicki J\u00f3zef \u2013 Towarnicki Ambro\u017cy \/ [red. nacz. Andrzej Romanowski] ; Polska Akademia Nauk, Polska Akademia Umiej\u0119tno\u015bci. \u2013 Warszawa : Instytut Historii PAN ; Krak\u00f3w : wsp\u00f3\u0142praca wydawnicza: Towarzystwo Naukowe Societas Vistulana, 2022.<\/li>\n<li>Polskie Pa\u0144stwo Podziemne i \u017bydzi w czasie II wojny \u015bwiatowej \/ Joshua D.\u00a0Zimmerman. \u2013 Warszawa : Wydawnictwo Naukowe PWN, 2018.<\/li>\n<li>Pomi\u0119dzy malarstwem, rze\u017ab\u0105 i architektur\u0105 : tw\u00f3rczo\u015b\u0107 Stefana Krygiera \/ Joanna\u00a0Matuszewska. \u2013 \u0141\u00f3d\u017a : Politechnika \u0141\u00f3dzka, 2022.<\/li>\n<li>Pomniki oporu : \u017ar\u00f3d\u0142a artystyczne do studi\u00f3w nad pami\u0119ci\u0105 o powstaniu w getcie warszawskim 1943-1956 = Monuments of resistance : memory of the Warsaw Ghetto uprising in artistic sources 1943-1956 \/ Marta Kape\u0142u\u015b, Micha\u0142 Krasicki, Piotr S\u0142odkowski. \u2013 Warszawa : \u017bydowski Instytut Historyczny, 2023.<\/li>\n<li>Poradnik dobrych praktyk architektonicznych : architektura drewniana Warszawy \/ Iwona Bartnik, Hubert Kosiniec. \u2013 Warszawa : TWBK, 2022.<\/li>\n<li>Poradnik dobrych praktyk architektonicznych : socmodernizm \/ [Klaudia Obr\u0119bska et al.]. \u2013 Warszawa : TONZ OW, 2022.<\/li>\n<li>Posesja przy ulicy Krakowskiej pod numerem 30 na krakowskim Kazimierzu : ponowne przedstawienie problematyki historycznej oraz rekonstrukcja zabudowy (od XVI do XVIII wieku) \/ S\u0142awomir Dryja, Stanis\u0142aw S\u0142awi\u0144ski. \u2013 Krak\u00f3w : Wydawnictwo Ksi\u0119garnia Akademicka, 23 cm.<\/li>\n<li>Pozna\u0144scy Bambrzy : historia niezwyk\u0142a 1719-2019 = Die Posener Bamberger : eine\u00a0ungew\u00f6hnliche Geschichte \/ [przek\u0142ad na j\u0119zyk niemiecki: El\u017cbieta Marsza\u0142ek, Reinhard Lauterbach]. \u2013 Pozna\u0144 : Towarzystwo Bambr\u00f3w Pozna\u0144skich : Wydawnictwo Miejskie Posnania, 2022.<\/li>\n<li>Pozna\u0144skie Towarzystwo Przyjaci\u00f3\u0142 Nauk \/ Dobros\u0142awa Gucia, Gabriela Krause. \u2013 Pozna\u0144 : Wydawnictwo Miejskie Posnania, 2023.<\/li>\n<li>Praxis sine theoria : ksi\u0119ga pami\u0105tkowa po\u015bwi\u0119cona pami\u0119ci Adama Ma\u0142kiewicza : w 140-lecie powstania pierwszej katedry historii sztuki na ziemiach polskich \/ red. Andrzej Betlej, Agata Dworzak. \u2013 Krak\u00f3w : Wydawnictwo Attyka : Instytut Historii Sztuki UJ : Zamek Kr\u00f3lewski na Wawelu \u2013 Pa\u0144stwowe Zbiory Sztuki, 2022.<\/li>\n<li>Preserving the stave churches : craftsmanship and research \/ ed. Kristin Bakken ; The Norwegian Directorate for Cultural Heritage. \u2013 Oslo : Pax Forlag ; The\u00a0Norwegian Directorate for Cultural Heritage, 2016.<\/li>\n<li>PRL w narracji muzealnej 1989-2017 \/ Maria W\u0105cha\u0142a-Skindzier. \u2013 Krak\u00f3w : Wydawnictwo Ksi\u0119garnia Akademicka, 2023.<\/li>\n<li>Producenci nadwozi samochodowych w II Rzeczypospolitej \/ Romuald Cie\u015blak. \u2013 Warszawa : Wydawnictwa Komunikacji i \u0141\u0105czno\u015bci, 2021.<\/li>\n<li>Produkcja przestrzeni \u017cydowskiej w dawnej i wsp\u00f3\u0142czesnej Polsce \/ Konrad Matyjaszek. \u2013 Krak\u00f3w : Towarzystwo Autor\u00f3w i Wydawc\u00f3w Prac Naukowych Universitas, 2019.<\/li>\n<li>Przedwojenny Garwolin : z album\u00f3w mieszka\u0144c\u00f3w \/ redakcja: Krzysztof Kot, Sebastian J\u0119drych, Anna Ogonowska. \u2013 Garwolin : Urz\u0105d Miasta Garwolina, 2019.<\/li>\n<li>Przejdziem Wis\u0142\u0119 i nie tylko : dzieje most\u00f3w na Mazowszu \/ Jaros\u0142aw Loretz. \u2013 Warszawa : Wydawnictwo Warszawskie, 2021.<\/li>\n<li>Przejmowanie cerkwi greckokatolickich przez Ko\u015bci\u00f3\u0142 rzymskokatolicki na terenie diecezji przemyskiej w latach 1944-1989 \/ Krzysztof Stanis\u0142aw Buczek. \u2013 Krosno : Wydawnictwo Ruthenus \u2013 Rafa\u0142 Barski, 2022.<\/li>\n<li>Przestrze\u0144 oswojona : zdobnictwo architektoniczne, dekoracja w wiejskiej izbie \/ Marcin Sta\u0144czuk, Magdalena Szejgiec ; Muzeum Wsi Radomskiej. \u2013 Radom : Muzeum Wsi Radomskiej, 2015.<\/li>\n<li>Przesz\u0142e i tera\u017aniejsze kolekcje w \u015bwietle problematyki strat wojennych i bada\u0144 proweniencyjnych : materia\u0142y z konferencji naukowej zorganizowanej przez Muzeum Zamkowe w Malborku 10 grudnia 2021 roku \/ pod redakcj\u0105 Aleksandry Siuciak i\u00a0Joanny\u00a0Czarnowskiej-Pfeifer. \u2013 Malbork : Muzeum Zamkowe w Malborku, 2022.<\/li>\n<li>Przydro\u017cne krzy\u017ce, kapliczki i figury w gminie Kostrzyn i okolicy \/ red. Kazimierz Matysek, Ma\u0142gorzata Kemnitz, Waldemar Biskupski. \u2013 Kostrzyn : Gmina Kostrzyn : przy wsp\u00f3\u0142pracy z\u00a0Bibliotek\u0105 Publiczn\u0105 Miasta i Gminy im. Kazimiery I\u0142\u0142akowicz\u00f3wny w Kostrzynie, 2022.<\/li>\n<li>Rado\u015b\u0107 wszelkiego stworzenia : rzecz o Adwencie i Bo\u017cym Narodzeniu : historia, tradycja, obyczaj polski \/ Barbara Ogrodowska. \u2013 Warszawa : Verbinum \u2013 Wydawnictwo Ksi\u0119\u017cy Werbist\u00f3w, 2008.<\/li>\n<li>Raptularz zamkowy, czyli szkice z historii Szamotu\u0142 \/ spisane przez Monik\u0119 Romanowsk\u0105-Pietrzak. \u2013 Szamotu\u0142y : Muzeum-Zamek G\u00f3rk\u00f3w w Szamotu\u0142ach, 2022.<\/li>\n<li>Ratusz i Rynek w \u017belechowie : wczoraj i dzi\u015b. \u2013 \u017belech\u00f3w : Gmina \u017belech\u00f3w, 2020.<\/li>\n<li>Recepta na lepszy klimat : zdrowsze miasta dla choruj\u0105cego \u015bwiata \/ Szymon Bujalski. \u2013 Krak\u00f3w : Wysoki Zamek, 2022.<\/li>\n<li>Regnum defendo ense et alis tego stricto = Kr\u00f3lestwa broni\u0119 dobytym mieczem i os\u0142aniam skrzyd\u0142ami : Malbork w Prusach Kr\u00f3lewskich. T. 2 \/ redakcja naukowa: Rafa\u0142 Panfil, Artur Dobry. \u2013 Malbork : Muzeum Zamkowe w Malborku, 2022.<\/li>\n<li>Renowacja czy rekonstrukcja : prace konserwatorskie prowadzone na zamku Rabsztyn \/ red. Jacek Sypie\u0144, Tomasz Szygulski. \u2013 Olkusz : Grafpress : na zlecenie Stowarzyszenia \u201cZamek Rabsztyn\u201d w Olkuszu, 2019.<\/li>\n<li>Renowacje konstrukcji obiekt\u00f3w zabytkowych. Cz. 3 \/ \u0141ukasz Drobiec. \u2013 [Warszawa] : Archmedia Gra\u017cyna Ga\u0142ka, 2022.<\/li>\n<li>Rewaloryzacja zabytkowych park\u00f3w : przyk\u0142ady dzia\u0142a\u0144 jednostek samorz\u0105du terytorialnego na rzecz zachowania dziedzictwa przyrodniczego wojew\u00f3dztwa \u0142\u00f3dzkiego \/ redakcja naukowa dr Iwona Wieczorek. \u2013 \u0141\u00f3d\u017a : Wydawnictwo Narodowego Instytutu Samorz\u0105du Terytorialnego, 2021.<\/li>\n<li>Rezerwat przyrody \u201cStawy Raszy\u0144skie\u201d : walory przyrodnicze i historyczne : przewodnik \/ Jerzy Barszczewski [et al.]. \u2013 Falenty : Instytut Melioracji i U\u017cytk\u00f3w Zielonych, 2003.<\/li>\n<li>Rezydencje \/ pod redakcj\u0105 Ireny Kontny. \u2013 Katowice : \u015al\u0105ski Wojew\u00f3dzki Konserwator Zabytk\u00f3w : Instytut My\u015bli Polskiej im. Wojciecha Korfantego, 2022.<\/li>\n<li>Rokokowa polichromia : per\u0142a Zamartego \/ Piotr Winter. \u2013 Bydgoszcz : Kujawsko-Pomorskie Centrum Kultury w Bydgoszczy, 2022.<\/li>\n<li>Ruch tektoniczny : przewodnik po powojennej architekturze wojew\u00f3dztwa \u015bwi\u0119tokrzyskiego \/ Kacper K\u0119pi\u0144ski. \u2013 Warszawa : Narodowy Instytut Architektury i Urbanistyki, 2023.<\/li>\n<li>Rzecz o konserwacji archiwali\u00f3w w Polsce w XX i XXI wieku \/ Katarzyna Kwa\u015bniewicz. \u2013 Warszawa : Archiwa Pa\u0144stwowe, 2022.<\/li>\n<li>Rze\u017aba kamienna czeskiego stylu pi\u0119knego z lat 1380-1400 na terenie pa\u0144stwa Zakonu Krzy\u017cackiego w Prusach : materia\u0142 \u2013 technika \u2013 styl \u2013 funkcja \/ pod redakcj\u0105 Moniki Jakubek-Raczkowskiej. \u2013 Malbork : Muzeum Zamkowe w Malborku ; Toru\u0144 : Towarzystwo Naukowe w\u00a0Toruniu, 2022.<\/li>\n<li>Rze\u017aba nagrobna na Mazowszu w XVI wieku \/ Olga M. Hajduk. \u2013 Warszawa : Wojew\u00f3dzki Urz\u0105d Ochrony Zabytk\u00f3w w Warszawie, 2021.<\/li>\n<li>Sarkofagi cynowe z grob\u00f3w kr\u00f3lewskich na Wawelu oraz mauzole\u00f3w rodzin Promnitz\u00f3w w\u00a0Pszczynie i Hochberg\u00f3w w \u015awiebodzicach : konserwacja i restauracja, technika, technologia\u2026 \/ Agnieszka Trzos. \u2013 Toru\u0144 : Wydawnictwo Naukowe Uniwersytetu Miko\u0142aja Kopernika, 2023.<\/li>\n<li>Saving Ukraine\u2019a culture : activity report : February 2022 \u2013 December 2022 \/ Katarzyna\u00a0Zalasi\u0144ska, Aleksandra Brodowska. \u2013 Warszawa : National Institute of Cultural Heritage, 2023.<\/li>\n<li>Sejmiki Rzeczypospolitej szlacheckiej w XVII i XVIII wieku \/ Wojciech Kriegseisen. \u2013 Warszawa : Wydawnictwo Sejmowe, 1991.<\/li>\n<li>Sen w rze\u017abie nagrobnej Bartolomea Berrecciego \/ Marcin Fabia\u0144ski. \u2013 Krak\u00f3w : Towarzystwo Autor\u00f3w i Wydawc\u00f3w Prac Naukowych Universitas, 2022.<\/li>\n<li>Serock : przewodnik historyczny \/ [autor: Miros\u0142aw Paku\u0142a ; wsp\u00f3\u0142praca: Marlena Strojecka, Agnieszka Wo\u017aniakowska ; t\u0142umaczenie na j\u0119zyk angielski: Maciej J. Jab\u0142o\u0144ski]. \u2013 Serock : Urz\u0105d Miasta i Gminy w Serocku ; Krak\u00f3w : Amistad Sp. z o.o., [2022].<\/li>\n<li>Serock i okolice : z dziej\u00f3w dawnych i najnowszych \/ redakcja naukowa Miros\u0142aw Paku\u0142a. \u2013 Serock : Meritum Bo\u017cena Zimmermann : na zlecenie Urz\u0119du Miasta i Gminy w Serocku, 2022.<\/li>\n<li>Sic itur ad astra : apoteoza Jana Klemensa Branickiego w programie ideowym ogrodu pa\u0142acowego w Bia\u0142ymstoku. Cz. 1, 1735-1746 \/ Jan Nieciecki. \u2013 Bia\u0142ystok : Urz\u0105d Miejski w\u00a0Bia\u0142ymstoku. Departament Kultury, Promocji i Sportu : Prezydent Miasta Bia\u0142egostoku, 2022.<\/li>\n<li>Siedziby rycerskie na ziemi gliwickiej \/ Piotr Siemko. \u2013 Katowice : Wydawnictwo Prasa i Ksi\u0105\u017cka Grzegorz Grzegorek, 2022.<\/li>\n<li>Simplices fenestrae cistercienses : geneza, tre\u015bci ideowe i \u017ar\u00f3d\u0142a estetyczne przeszkle\u0144 witra\u017cowych w ko\u015bcio\u0142ach i klasztorach cysters\u00f3w do po\u0142owy XIII wieku \/ Joanna Utzig. \u2013 Krak\u00f3w : Wydawnictwo Towarzystwa Naukowego \u201cSocietas Vistulana\u201d, 2022.<\/li>\n<li>Skansen mazowiecko-podlaski \/ pod redakcj\u0105 Adama Czes\u0142awa Dobro\u0144skiego i Anny Wi\u015bniewskiej. \u2013 Ciechanowiec : Muzeum Rolnictwa im. ks. Krzysztofa Kluka. Instytucja Kultury Wojew\u00f3dztwa Podlaskiego ; Bia\u0142ystok : Urz\u0105d Marsza\u0142kowski Wojew\u00f3dztwa Podlaskiego. Departament Kultury i Dziedzictwa Narodowego, 2018.<\/li>\n<li>Skarb z rodowodem : o damach i rycerzach z Dolnego \u015al\u0105ska historie zapisane w kamieniu \/ Lila\u00a0Dmochowska. \u2013 Wroc\u0142aw : Yellow Point Publications, 2023.<\/li>\n<li>Sk\u0105d ci W\u0142osi? : o renesansowej i nie tylko architekturze cieszy\u0144skiego rynku \/ Irena Kwa\u015bny. \u2013 Cieszyn : nak\u0142adem w\u0142asnym autorki, 2023.<\/li>\n<li>Skubanie pierza na \u015al\u0105sku Opolskim \/ Joanna Banik. \u2013 Opole : Narodowy Instytut Dziedzictwa Oddzia\u0142. Terenowy w Opolu, 2023.<\/li>\n<li>S\u0142owo architekta : opowie\u015bci o architekturze Polski Ludowej \/ B\u0142a\u017cej Ciarkowski. \u2013 \u0141\u00f3d\u017a : Wydawnictwo Uniwersytetu \u0141\u00f3dzkiego, 2023.<\/li>\n<li>Sny o Warszawie : wizje przebudowy miasta 1945-1952 \/ Krzysztof Mordy\u0144ski. \u2013 Warszawa : Pr\u00f3szy\u0144ski i S-ka, 2021.<\/li>\n<li>Spacerownik ostro\u0142\u0119cki \/ [koncepcja i koordynacja Jolanta \u017bubrowska ; autorzy i autorki tekst\u00f3w Krzysztof Augustyniak, Barbara Kalinowska, Jacek Karczewski, Zenon Kowalczyk, Tomasz Mrozek, Sebastian Wicher, Joanna Zy\u015bk, Jolanta \u017bubrowska]. \u2013 Ostro\u0142\u0119ka : Fundacja Splot Pami\u0119ci, 2022.<\/li>\n<li>Sta\u0142 dw\u00f3r szlachecki \/ Melania Tutak [et al.]. \u2013 Krak\u00f3w : Muzeum Krakowa, 2022.<\/li>\n<li>Stanis\u0142aw Bohusz-Siestrze\u0144cewicz : tw\u00f3rczo\u015b\u0107, konteksty, przyczynki = Stanislovas Bohu\u0161as-Sest\u0161encevi\u010dius : k\u016bryba, kontekstai, ma\u017eieji k\u016briniai \/ [autorzy tekst\u00f3w prof. dr hab. El\u017cbieta Basiul, dr Irena Fedorowicz, dr Ma\u0142gorzata Geron, Anna Klugowska, Zita Kolo\u0161evska, dr\u00a0\u0141ukasz\u00a0Kossowski, dr Laima Lau\u010dkait\u0117, prof. zw. dr hab. Jerzy Malinowski, dr\u00a0Jolita\u00a0Mulevi\u010di\u016bt\u0117, Eliza Ptaszy\u0144ska ; koncepcja i redakcja Eliza Ptaszy\u0144ska ; t\u0142umaczenia \u017bivile Wygo\u0144ska, Barbara Dwilewicz]. \u2013 Suwa\u0142ki : Muzeum Okr<\/li>\n<li>Stanis\u0142aw\u00f3w 20\/XX : miasto i architektura (1918-1939) \/ \u017banna Komar. \u2013 Wojnowice : Kolegium\u00a0Europy Wschodniej, 2023.<\/li>\n<li>Stary Ratusz w Nowym S\u0105czu (do 1894 r.) \/ Grzegorz Olszewski. \u2013 Nowy S\u0105cz : S\u0105decka Agencja Rozwoju Regionalnego, 2022.<\/li>\n<li>Stary Ratusz w Rybniku 1822-2022 \/ Aleksandra Frydrychowicz, Ewa Kulik. \u2013 Rybnik : Muzeum\u00a0im. o. Emila Drobnego w Rybniku, 2022.<\/li>\n<li>Status ruchomych d\u00f3br kultury na Ziemiach Odzyskanych w prawie mi\u0119dzynarodowym i prawie krajowym \/ Bart\u0142omiej Sierzputowski. \u2013 Stan prawny na dzie\u0144 9 kwietnia 2021 r. \u2013 Warszawa : Ministerstwo Kultury i Dziedzictwa Narodowego. Departament Dziedzictwa Kulturowego za Granic\u0105 i Strat Wojennych, 2021.<\/li>\n<li>Sto lat warszawskiego metra : od pomys\u0142u do realizacji \/ Jakub Jastrz\u0119bski. \u2013 Warszawa : Skarpa Warszawska, 2019.<\/li>\n<li>Strony rodzinne matki Chopina : materia\u0142y do biografii Justyny z Krzy\u017canowskich Chopinowej \/ Krzysztof Dorcz. \u2013 W\u0142oc\u0142awek : Muzeum Ziemi Kujawskiej i Dobrzy\u0144skiej we W\u0142oc\u0142awku, 2023.<\/li>\n<li>Studia historyczne nad architektur\u0105, urbanistyk\u0105 i sztuk\u0105 = Studies in history of\u00a0architecture, urban planing and art \/ pod redakcj\u0105 Makarego G\u00f3rzy\u0144skiego. \u2013 Kalisz : Kaliskie Towarzystwo Przyjaci\u00f3\u0142 Nauk, 2021.<\/li>\n<li>Studia z architektury nowoczesnej. T. 10, Budynki kultury : teatry, opery, filharmonie \/ red.\u00a0Joanna Kucharzewska ; Polski Instytut Studi\u00f3w nad Sztuk\u0105 \u015awiata, Katedra Historii Sztuki Nowoczesnej i Pozaeuropejskiej. Wydzia\u0142 Sztuk Pi\u0119knych. Uniwersytet Miko\u0142aja Kopernika. \u2013 Warszawa : Polski Instytut Studi\u00f3w nad Sztuk\u0105 \u015awiata ; Toru\u0144 : Wydawnictwo Tako, 2022.<\/li>\n<li>Studia z architektury nowoczesnej. T. 9, Architektura wsp\u00f3lnoty : architektura sakralna i\u00a0szkolna \/ red. Joanna Kucharzewska ; Polski Instytut Studi\u00f3w nad Sztuk\u0105 \u015awiata, Katedra Historii Sztuki Nowoczesnej i Pozaeuropejskiej. Wydzia\u0142 Sztuk Pi\u0119knych. Uniwersytet Miko\u0142aja Kopernika. \u2013 Warszawa : Polski Instytut Studi\u00f3w nad Sztuk\u0105 \u015awiata ; Toru\u0144 : Wydawnictwo Tako, 2021.<\/li>\n<li>Studia z dziej\u00f3w katedry na Wawelu \/ pod redakcj\u0105 Eweliny Zych. \u2013 Krak\u00f3w : Wydawnictwo Ksi\u0119garnia Akademicka, copyright 2023.<\/li>\n<li>Studia z historii i archeologii architektury : ksi\u0119ga jubileuszowa ofiarowana Profesorowi Zbigniewowi Pianowskiemu w 70. rocznic\u0119 urodzin \/ red. Paulina Gorazd-Dziuban, Pawe\u0142 Koca\u0144da, Andrzej Rozwa\u0142ka. \u2013 Rzesz\u00f3w : Wydawnictwo Uniwersytetu Rzeszowskiego, 2021.<\/li>\n<li>Stulecie sochaczewskiej kolei w\u0105skotorowej 1922-2022 \/ \u0141ukasz Popowski. \u2013 Sochaczew ; [Warszawa] : Muzeum Kolei W\u0105skotorowej w Sochaczewie Filia Stacji Muzeum w Warszawie, 2022.<\/li>\n<li>Stulecie Towarzystwa Urbanist\u00f3w Polskich 1923-2023 \/ autorzy: Barbara Ba\u0144kowska, Magdalena Belof, Jan Maciej Chmielewski, Ma\u0142gorzata Havel, Janusz Korze\u0144, Tomasz Majda, El\u017cbieta Przesmycka i Anna Aneta Tomczak ; redakcja merytoryczna: Janusz Korze\u0144. \u2013 Warszawa : Narodowy Instytut Architektury i Urbanistyki : Towarzystwo Urbanist\u00f3w Polskich, 2022.<\/li>\n<li>Super fundamenta : ksi\u0119ga jubileuszowa dedykowana Profesorowi Szcz\u0119snemu Skibi\u0144skiemu\u00a0\/ redakcja naukowa Jaros\u0142aw Jarzewicz, Tomasz Ratajczak, Adam So\u0107ko, Tadeusz J. \u017buchowski. \u2013 Pozna\u0144 : Wydawnictwo Naukowe Uniwersytetu im. Adama Mickiewicza, 2022.<\/li>\n<li>Synagoga w Kielcach = Synagogue in Kielce \/ Leszek Dziedzic. \u2013 Kielce : Muzeum Historii Kielc, 2022.<\/li>\n<li>Synagoga w Pi\u0144czowie : przewodnik historyczny = Synagogue in Pi\u0144cz\u00f3w : historical guide \/ Renata Urban. \u2013 Pi\u0144cz\u00f3w : Muzeum Regionalne w Pi\u0144czowie, 2022.<\/li>\n<li>Szable ze zbior\u00f3w Muzeum Podlaskiego w Bia\u0142ymstoku i ich tajemnice \/ Janusz S\u0119kowski. \u2013 Bia\u0142ystok : Muzeum Podlaskie w Bia\u0142ymstoku, 2023.<\/li>\n<li>Szczeci\u0144ska architektura modernistyczna lat 20. i 30. XX wieku : Ufa-Palast, Kreuzkirche, Kunstgewerbeschule \/ Wojciech \u0141opuch. \u2013 Szczecin : WGC, 2022.<\/li>\n<li>Szczeci\u0144ska architektura modernistyczna lat 60. XX wieku : kino Kosmos, Bar Extra, basen Pogoni \/ Maria \u0141opuch. \u2013 Szczecin : WGC, 2021.<\/li>\n<li>Szczeci\u0144skie wodoci\u0105gi i kanalizacja : od XVI wieku do 2018 roku \/ Pawe\u0142 Gut ; konsultacja naukowa Ryszard Rydzy\u0144ski ; Zak\u0142ad Wodoci\u0105g\u00f3w i Kanalizacji w Szczecinie. \u2013 Wydanie drugie poprawione i uzupe\u0142nione. \u2013 Szczecin : Zak\u0142ad Wodoci\u0105g\u00f3w i Kanalizacji, 2019.<\/li>\n<li>Szlachta \u2013 przemys\u0142 \u2013 inwestycje : materia\u0142y pokonferencyjne \/ redakcja naukowa Jan Sasor, Arkadiusz Kuzio-Podrucki. \u2013 Katowice : Muzeum \u015al\u0105skie ; Nak\u0142o \u015al\u0105skie : Centrum Kultury \u015al\u0105skiej, 2022.<\/li>\n<li>Szpital Juliusza : od lecznictwa szpitalnego do edukacji humanistycznej : 1865-2022 \/ Bogdan\u00a0Kloch. \u2013 Rybnik : Muzeum im. o. Emila Drobnego w Rybniku, 2022.<\/li>\n<li>\u015aladami Piotra Trieblera \/ Mateusz Soli\u0144ski. \u2013 Bydgoszcz : Kujawsko-Pomorskie Centrum Kultury w Bydgoszczy, 2022.<\/li>\n<li>\u015al\u0105sk : panorama dziedzictwa \/ Pawe\u0142 Grzesik. \u2013 [Kielce : Muzeum Dialogu Kultur, 2023].<\/li>\n<li>\u015aR\u00d3D PD : ilustrowany atlas architektury \u015ar\u00f3dmie\u015bcia Po\u0142udniowego = an illustrated atlas of \u015ar\u00f3dmie\u015bcie Po\u0142udniowe architecture \/ koncepcja i projekt = concept and design Magdalena Piwowar ; wyb\u00f3r i tekst = selection and text Micha\u0142 Kempi\u0144ski, Krzysztof Mordy\u0144ski ; ilustracje = illustrations Mateusz Gryz\u0142o, Maria \u0141omiak, Peter \u0141yczkowski, Hubert Przybyszewski. \u2013 Warszawa : Fundacja Centrum Architektury, 2023.<\/li>\n<li>\u015awiat duchowej wyobra\u017ani : dewocyjne obrazy pochodzenia fabrycznego w zbiorach etnograficznych Muzeum Ziemi Kujawskiej i Dobrzy\u0144skiej we W\u0142oc\u0142awku \/ Krystyna\u00a0Paw\u0142owska. \u2013 W\u0142oc\u0142awek : Muzeum Ziemi Kujawskiej i Dobrzy\u0144skiej we W\u0142oc\u0142awku, 2022.<\/li>\n<li>\u015awiat dworu polskiego \/ Danuta M. Piekut-Brodzka. \u2013 Warszawa : Wydawnictwo Graf_ika, 2022.<\/li>\n<li>\u015awiat\u0142oczu\u0142y modernizm : osiedla spo\u0142eczne warszawskiego Ko\u0142a \/ koncepcja tomu i redakcja \u0141ukasz Strzelczyk. \u2013 Warszawa : Wolskie Centrum Kultury, 2020.<\/li>\n<li>\u015awidermajerowie \/ Katarzyna Chudy\u0144ska-Szuchnik. \u2013 Warszawa : Wydawnictwo Dowody, 2023.<\/li>\n<li>\u015awi\u0119ta polskie : tradycja i obyczaj \/ Barbara Ogrodowska. \u2013 Warszawa : Alfa-Wero, 2000.<\/li>\n<li>Ta\u0142esy, kapoty, za\u0142\u00f3\u017cki : opowie\u015b\u0107 o ubiorach polskich \u017byd\u00f3w od \u015bredniowiecza po pierwsze dekady XX wieku \/ Maria Molenda. \u2013 Nowy S\u0105cz : Fundacja Nomina Rosae ; Krak\u00f3w : Archiwum\u00a0Narodowe w Krakowie, 2020.<\/li>\n<li>Taniec \u017cycia, taniec \u015bmierci : w 250. rocznic\u0119 \u015bmierci Jana Klemensa Branickiego (1689-1771) : katalog wystawy \/ [opisy eksponat\u00f3w: Iwona Murawska, dr Ewa Rogalewska, Monika Samsel-Niewiarowska]. \u2013 Bia\u0142ystok : Muzeum Podlaskie w Bia\u0142ymstoku, 2021.<\/li>\n<li>Techniczno-prawne uwarunkowania rewitalizacji ulic Starego Miasta w P\u0142ocku \/ Piotr\u00a0Gryszpanowicz. \u2013 P\u0142ock : Politechnika Warszawska. Wydzia\u0142 Budownictwa, Mechaniki i\u00a0Petrochemii. Instytut Budownictwa, 2022.<\/li>\n<li>The Cultural Heritage of the Polish-Slovak Borderlands \/ chief editor Mariola Tymochowicz. \u2013 Wroc\u0142aw : Oficyna Wydawnicza ATUT, 2022.<\/li>\n<li>The Warsaw group Rytm (1922-1932) and modernist classicism \/ Ma\u0142gorzata Sears. \u2013 Krak\u00f3w : Towarzystwo Autor\u00f3w i Wydawc\u00f3w Prac Naukowych Universitas, 2022.<\/li>\n<li>Theatrum orbis terrarum : zabytkowe atlasy z kolekcji Biblioteki Raczy\u0144skich = historic atlases from the collection of the Raczy\u0144ski Library = historische Atlanten aus der Sammlung der Raczy\u0144ski-Bibliothek \/ redakcja i korekta tekstu polskiego = Polish version edited by = Editierung und Korrekturlesen des polnischen Textes Katarzyna Smardzewska, Magdalena Siemiginowska. \u2013 Pozna\u0144 : Biblioteka Raczy\u0144skich, 2022.<\/li>\n<li>Tkanina dwuosnowowa \/ Wojciech Kowalczuk. \u2013 Wasilk\u00f3w : Podlaskie Muzeum Kultury Ludowej, 2022.<\/li>\n<li>Tkaniny zabytkowe z okresu od XV do XVII wieku ze zbior\u00f3w krakowskich ko\u015bcio\u0142\u00f3w i\u00a0klasztor\u00f3w. T. 2, Tkaniny z XVII wieku \/ redakcja i noty katalogowe Natalia Krupa ; Uniwersytet Papieski Jana Paw\u0142a II w Krakowie. \u2013 Krak\u00f3w : Uniwersytet Papieski Jana Paw\u0142a II w Krakowie : Wydawnictwo Ksi\u0119garnia Akademicka, 2021.<\/li>\n<li>Toru\u0144 tylko zaplanowany \/ Katarzyna Kluczwajd. \u2013 \u0141\u00f3d\u017a : Ksi\u0119\u017cy M\u0142yn Dom Wydawniczy, 2022.<\/li>\n<li>Toru\u0144ska Star\u00f3wka : ochrona i konserwacja dziedzictwa kulturowego UNESCO : etap II = Mediaeval Town of Toru\u0144 : protection and conservation of UNESCO cultural heritage : stage II \/ tekst : Piotr Birecki. \u2013 Toru\u0144 : Gmina Miasta, 2022.<\/li>\n<li>Toru\u0144skie historie znikania : burzenie, modernizacje, \u201cujednolicanie\u201d \/ [redakcja naukowa: Katarzyna Kluczwajd, Micha\u0142 Pszcz\u00f3\u0142kowski]. \u2013 Toru\u0144 : Stowarzyszenie Historyk\u00f3w Sztuki, 2022.<\/li>\n<li>Toru\u0144skie rocznice kopernika\u0144skie : fakty, ideologie, kreacje \/ [redakcja naukowa: Katarzyna Kluczwajd, Micha\u0142 Pszcz\u00f3\u0142kowski]. \u2013 Toru\u0144 : Stowarzyszenie Historyk\u00f3w Sztuki, 2023.<\/li>\n<li>Tradycje kociewskie w praktykach kulturowych wsp\u00f3lnoty gminy Morzeszczyn : uj\u0119cie antropologiczne \/ Przemys\u0142aw Kilian. \u2013 Warszawa : Fundacja na rzecz Rozwoju Polskiego Rolnictwa : Wydawnictwo Naukowe SCHOLAR, 2022.<\/li>\n<li>Tradycyjne budownictwo cha\u0142up ziemi che\u0142mi\u0144skiej : studium etnograficzne \/ Klemens\u00a0Krajewski ; redakcja naukowa i wprowadzenie Maciej Prarat. \u2013 Toru\u0144 : Muzeum Etnograficzne im. Marii Znamierowskiej-Pr\u00fcfferowej w Toruniu, 2022.<\/li>\n<li>Tradycyjne stroje wojew\u00f3dztwa podlaskiego. Cz. 1, Z okolic \u0141om\u017cy, Zambrowa, Ciechanowca, Siemiatycz, Bia\u0142egostoku, Bielska Podlaskiego i Hajn\u00f3wki \/ El\u017cbieta Piskorz-Branekova ; wsp\u00f3\u0142praca Aleksandra Pluta. \u2013 Wasilk\u00f3w : Podlaskie Muzeum Kultury Ludowej, 2022.<\/li>\n<li>Trzy historie o mie\u015bcie spod ziemi : architektura, modernizacja, niepami\u0119\u0107 \/ Makary G\u00f3rzy\u0144ski. \u2013 Kalisz : Kaliskie Towarzystwo Przyjaci\u00f3\u0142 Nauk, 2022.<\/li>\n<li>Tysi\u0105c szk\u00f3\u0142 na Tysi\u0105clecie : Szko\u0142y Tysi\u0105clecia : architektura, propaganda, polityka \/ Krzysztof Wa\u0142aszewski. \u2013 \u0141\u00f3d\u017a : Ksi\u0119\u017cy M\u0142yn Dom Wydawniczy, 2018.<\/li>\n<li>Tysi\u0105clecie : historia katowickiego osiedla \/ Jacek Kurek. \u2013 Katowice : Muzeum Historii Katowic, 2021.<\/li>\n<li>Ukrai\u0144ski system ochrony zabytk\u00f3w \/ Marta Adamiv. \u2013 Warszawa : Narodowy Instytut Dziedzictwa, 2022.<\/li>\n<li>Ulica dost\u0119pna w rewitalizacji obszar\u00f3w \u015br\u00f3dmiejskich \/ pod redakcj\u0105 naukow\u0105 Agnieszki Labus. \u2013 Katowice : \u201c\u015al\u0105sk\u201d, 2022.<\/li>\n<li>Uwierzy\u0107 w wie\u017ce : rewitalizacja wie\u017c wodnych w Polsce \/ Marcin W\u0105do\u0142owski. \u2013 Chorz\u00f3w : Lokalne Dziedzictwo LH. Local Heritage, 2023.<\/li>\n<li>VI wiek\u00f3w Mi\u0144ska Mazowieckiego. T. 1, Archeologia : najdawniejsze dzieje \/ Marek Zalewski, Agata W\u00f3jcik. \u2013 Mi\u0144sk Mazowiecki : Muzeum Ziemi Mi\u0144skiej, 2016.<\/li>\n<li>VI wiek\u00f3w Mi\u0144ska Mazowieckiego. T. 2, Pod rz\u0105dami Piast\u00f3w i Jagiellon\u00f3w \/ Andrzej\u00a0Marek\u00a0Nowik i Anna Salina ; Muzeum Ziemi Mi\u0144skiej w Mi\u0144sku Mazowieckim oraz\u00a0Instytut Historii im. Tadeusza Manteuffla Polskiej Akademii Nauk. \u2013 Mi\u0144sk Mazowiecki : Muzeum Ziemi Mi\u0144skiej ; [Warszawa] : Instytut Historii im. Tadeusza Manteuffla Polskiej Akademii Nauk, 2022.<\/li>\n<li>VI wiek\u00f3w Mi\u0144ska Mazowieckiego. T. 3, Mi\u0144sk Mazowiecki w XVI-XVIII wieku \/ Dariusz\u00a0Milewski (red.) ; Muzeum Ziemi Mi\u0144skiej w Mi\u0144sku Mazowieckim, wsp\u00f3\u0142praca Uniwersytet Kardyna\u0142a Stefana Wyszy\u0144skiego w Warszawie. \u2013 Mi\u0144sk Mazowiecki : Muzeum\u00a0Ziemi Mi\u0144skiej, 2021.<\/li>\n<li>VI wiek\u00f3w Mi\u0144ska Mazowieckiego. T. 4, Mi\u0144sk Mazowiecki w dobie zabor\u00f3w \/ Waldemar\u00a0Gli\u0144ski (red.) ; Muzeum Ziemi Mi\u0144skiej w Mi\u0144sku Mazowieckim oraz Uniwersytet Kardyna\u0142a Stefana Wyszy\u0144skiego w Warszawie. \u2013 Mi\u0144sk Mazowiecki : Muzeum Ziemi Mi\u0144skiej\u00a0; Warszawa : Uniwersytet Kardyna\u0142a Stefana Wyszy\u0144skiego, 2022.<\/li>\n<li>VI wiek\u00f3w Mi\u0144ska Mazowieckiego. T. 5, Mi\u0144sk Mazowiecki w okresie mi\u0119dzywojennym \/ Janusz Kuligowski. \u2013 Mi\u0144sk Mazowiecki : Muzeum Ziemi Mi\u0144skiej, 2018-2019.<\/li>\n<li>VI wiek\u00f3w Mi\u0144ska Mazowieckiego. T. 6, Mi\u0144sk Mazowiecki w latach 1939-1944 (wojna\u00a0i\u00a0okupacja) \/ S\u0142awomir Kuligowski ; Muzeum Ziemi Mi\u0144skiej w Mi\u0144sku Mazowieckim. \u2013 Mi\u0144sk Mazowiecki : Muzeum Ziemi Mi\u0144skiej, 2020.<\/li>\n<li>W g\u0142\u00f3wnym nurcie dziej\u00f3w : Katedra Wniebowzi\u0119cia NMP w Gorzowie Wielkopolskim od\u00a0ko\u0144ca XIII wieku do roku 2017 : praca zbiorowa \/ pod redakcj\u0105 Dariusza A. Rymara ; Naczelna Dyrekcja Archiw\u00f3w Pa\u0144stwowych, Archiwum Pa\u0144stwowe w Gorzowie Wielkopolskim. \u2013 [Warszawa] : Naczelna Dyrekcja Archiw\u00f3w Pa\u0144stwowych ; Gorzo\u0301w\u00a0Wielkopolski : przy wsp\u00f3\u0142pracy Archiwum Pa\u0144stwowego w Gorzowie Wielkopolskim, 2017.<\/li>\n<li>W skansenie i pa\u0142acu \/ pod redakcj\u0105 Adama Czes\u0142awa Dobro\u0144skiego ; Muzeum Rolnictwa im. ks. Krzysztofa Kluka w Ciechanowcu. \u2013 Ciechanowiec : Muzeum Rolnictwa im. ks. Krzysztofa Kluka w Ciechanowcu, 2022.<\/li>\n<li>W stron\u0119 uniwersalnej nauki : dekoracja rze\u017abiarsko-malarska biblioteki Jana III w pa\u0142acu w\u00a0Wilanowie \/ Konrad Morawski. \u2013 Warszawa : Muzeum Pa\u0142acu Kr\u00f3la Jana III w Wilanowie, 2022.<\/li>\n<li>Warszawa : o czym m\u00f3wi\u0105 pomniki i kamienie \/ pod red. Karola M\u00f3rawskiego i\u00a0Andrzeja Stawarza ; Muzeum Niepodleg\u0142o\u015bci w Warszawie, Muzeum Woli. Oddzia\u0142 Muzeum Historycznego m. st. Warszawy. \u2013 Warszawa : Muzeum Niepodleg\u0142o\u015bci, 2000.<\/li>\n<li>Warto\u015bci przyrodnicze i przyrodniczo-kulturowe zieleni w obszarze Aglomeracji G\u00f3rno\u015bl\u0105skiej \/ Barbara Stankiewicz. \u2013 Gliwice : Wydawnictwo Politechniki \u015al\u0105skiej, 2020.<\/li>\n<li>Wawel : biografia \/ Kamil Janicki. \u2013 Krak\u00f3w : Wydawnictwo Literackie, 2023.<\/li>\n<li>Wedlowie : czekoladowe imperium \/ \u0141ukasz Garbal. \u2013 Wo\u0142owiec : Wydawnictwo Czarne, 2021.<\/li>\n<li>W\u0119gierskie pami\u0105tki w Polsce \/ Istv\u00e1n Kov\u00e1cs, Mikl\u00f3s Mitrovits ; przek\u0142ad i uzupe\u0142nienie Daniel\u00a0Warmuz. \u2013 Budapeszt : Antall J\u00f3zsef Knowledge Centre, 2019.<\/li>\n<li>W\u0119gr\u00f3w, miasto moje, a w nim\u2026 \/ Jan Mielniczek. \u2013 W\u0119gr\u00f3w : Miasto W\u0119gr\u00f3w, 2021.<\/li>\n<li>Wielkie inwestycje w kontek\u015bcie zagro\u017ce\u0144 i ochrony krajobrazu \/ Aleksandra Sas-Bojarska. \u2013 Gda\u0144sk : Wydawnictwo Politechniki Gda\u0144skiej, 2017.<\/li>\n<li>Wie\u017ca Ratusza Staromiejskiego w Toruniu : historia budowlana od XIII do XXI wieku w \u015bwietle bada\u0144 architektonicznych \/ Maciej Prarat, Urlich Schaaf. \u2013 Toru\u0144 : Towarzystwo Mi\u0142o\u015bnik\u00f3w\u00a0Torunia : Muzeum Okr\u0119gowe w Toruniu, 2022.<\/li>\n<li>Wi\u0119cej ni\u017c muzeum : szkice ofiarowane Profesorowi Janowi \u015awi\u0119chowi \/ redakcja Janusz Bara\u0144ski, Katarzyna Maniak, Stanis\u0142awa Trebunia-Staszel. \u2013 Krak\u00f3w : Wydawnictwo Uniwersytetu Jagiello\u0144skiego, copyright 2022.<\/li>\n<li>Willa Hansa Lehmanna w Gorzowie Wielkopolskim (Landsbergu) : opowie\u015b\u0107 o rodzinie Jaehne\u2019\u00f3w i Lehmann\u00f3w, ich maj\u0105tku i fabryce maszyn w Frydrychowie (Friedrichstadt) \/ Matthias Lehmann ; redakcja wydania polskiego Grzegorz Urbanek. \u2013 Gorz\u00f3w Wielkopolski : Wojew\u00f3dzka i Miejska Biblioteka Publiczna im. Zbigniewa Herberta w\u00a0Gorzowie\u00a0Wielkopolskim, 2022.<\/li>\n<li>Witaj dniu uroczysty : Wielkanoc w Polsce : tradycja, obrz\u0119dy i zwyczaje \/ Barbara Ogrodowska. \u2013 Warszawa : Verbinum \u2013 Wydawnictwo Ksi\u0119\u017cy Werbist\u00f3w, 2007.<\/li>\n<li>Witra\u017ce w krakowskich obiektach sakralnych : przewodnik osobisty \/ Gra\u017cyna Fija\u0142kowska. \u2013 Krak\u00f3w : Muzeum Krakowa, 2021.<\/li>\n<li>Wodoci\u0105gi P\u0142ockie : materia\u0142y \u017ar\u00f3d\u0142owe do dziej\u00f3w wodoci\u0105g\u00f3w i kanalizacji w P\u0142ocku \/ zebra\u0142 i przygotowa\u0142 Piotr Gryszpanowicz. \u2013 P\u0142ock : Politechnika Warszawska. Wydzia\u0142 Budownictwa, Mechaniki i Petrochemii. Instytut Budownictwa, 2022.<\/li>\n<li>Wojew\u00f3dzki konserwator zabytk\u00f3w jako oskar\u017cyciel posi\u0142kowy w polskim procesie karnym \/ Monika Bartnik. \u2013 Lublin : Wydawnictwo KUL, 2021.<\/li>\n<li>Wok\u00f3\u0142 lotniska Rakowice \/ Mateusz Niemiec. \u2013 Krak\u00f3w : Muzeum Krakowa, 2021.<\/li>\n<li>Wok\u00f3\u0142 pi\u0119kna \/ red. Mariusz Szajda, Agnieszka Paw\u0142owska. \u2013 Szczecin : Wydawnictwo Akademii Sztuki w Szczecinie, 2021.<\/li>\n<li>Wroc\u0142aw : gr\u00f3d na Ostrowie Tumskim we wczesnym \u015bredniowieczu \/ Aleksandra Pankiewicz. \u2013 Warszawa : Instytut Archeologii i Etnologii Polskiej Akademii Nauk ; Wroc\u0142aw : Instytut Archeologii Uniwersytetu Wroc\u0142awskiego, 2023.<\/li>\n<li>Wst\u0119p do projektowania architektonicznego : podr\u0119cznik dla technikum \/ Krzysztof Tauszy\u0144ski. \u2013 Wyd. 14. \u2013 Warszawa : Wydawnictwa Szkolne i Pedagogiczne, 2013.<\/li>\n<li>Wszystko na mojej g\u0142owie! \/ pod redakcj\u0105 Ma\u0142gorzaty Wrze\u015bniak i Norberta Moj\u017cyna. \u2013 Warszawa : Wydawnictwo Naukowe UKSW, 2022.<\/li>\n<li>Wybrane aspekty zr\u00f3wnowa\u017conego rozwoju zielonych przestrzeni miejskich \/ Beata Fornal-Pieniak, Agnieszka Mandziuk, Marta Kiraga. \u2013 Warszawa : Wydawnictwo SGGW, 2023.<\/li>\n<li>Wybrane zabytki techniki, rzemios\u0142a artystycznego oraz zabytkowe pojazdy powiatu koszali\u0144skiego \/ red. Agnieszka Kulesza. \u2013 Koszalin : Powiat Koszali\u0144ski, 2020.<\/li>\n<li>Wydzia\u0142 Konserwacji i Restauracji Dzie\u0142 Sztuki Akademii Sztuk Pi\u0119knych im. Jana Matejki w\u00a0Krakowie 1950-2020 : geneza, historia, znaczenie dla ochrony dziedzictwa \/ Bogus\u0142aw\u00a0Krasnowolski ; pod redakcj\u0105 Marty Lempart-Geratowskiej. \u2013 Krak\u00f3w : Wydawnictwo Akademii Sztuk Pi\u0119knych im. Jana Matejki w Krakowie, 2021.<\/li>\n<li>Wyryki : cz\u0142owiek \u2013 kultura \u2013 \u015brodowisko \/ Justyna Torbicz, Miroslaw Torbicz. \u2013 Wyryki : [Miros\u0142aw Torbicz], 2012.<\/li>\n<li>Wyryki : wie\u015b z drewna budowana : charakterystyka wiejskiej zagrody i standardy jej ochrony \/ pod red. Justyny Torbicz. \u2013 Wyryki : Gminna Biblioteka Publiczna w\u00a0Wyrykach, 2021.<\/li>\n<li>Wysiewanie serc i krzy\u017cy na polach w okolicach Strzelec Opolskich \/ Joanna Banik. \u2013 Opole : Narodowy Instytut Dziedzictwa. Oddzia\u0142 Terenowy w Opolu, 2023.<\/li>\n<li>Wyspia\u0144ski : szkicowniki i rysunki w zbiorach Muzeum Narodowego w Krakowie \/ Magdalena\u00a0Laskowska. \u2013 Krak\u00f3w : Muzeum Narodowe w Krakowie, 2023.<\/li>\n<li>Wyznania ratuszowych duch\u00f3w \/ Remigiusz Matyjas. \u2013 Wyd. I. \u2013 Gr\u00f3jec : Urz\u0105d Gminy i Miasta, 2019.<\/li>\n<li>XV Konferencja Polskiego Muzealnictwa Morskiego i Rzecznego : Puck 2021 \/ [pod redakcj\u0105 Roberta Dom\u017ca\u0142a i Marcina Westphala]. \u2013 Gda\u0144sk : Narodowe Muzeum Morskie w Gda\u0144sku, 2023.<\/li>\n<li>Z serca fabryki 1939-1951 : historia Fabryki Cukierniczej \u201cKopernik\u201d S.A. w \u017ar\u00f3d\u0142ach \/ Aleksandra Kle\u015bta-Nawrocka. \u2013 Toru\u0144 : Muzeum Okr\u0119gowe w Toruniu, 2019.<\/li>\n<li>Zabytki \u2013 biologia \u2013 konserwacja \/ praca zbiorowa pod redakcj\u0105 Joanny Karbowskiej-Berent i\u00a0Tomasza Kozielca. \u2013 Toru\u0144 : Wydawnictwo Naukowe Uniwersytetu Miko\u0142aja Kopernika, 2022.<\/li>\n<li>Zabytki Radoszyc \u015bwiadectwem przesz\u0142o\u015bci miasta \/ Tadeusz Czarnecki. \u2013 Radoszyce : Nadle\u015bnictwo Radoszyce, 2021.<\/li>\n<li>Zabytki Trzciany : nasza polska to\u017csamo\u015b\u0107 \/ J\u00f3zef Ciosek, Zofia Dziedzic. \u2013 Trzciana : Urz\u0105d Gminy \u015awilcza, 2021.<\/li>\n<li>Zabytkowa architektura drewniana w o\u015brodkach miejskich : problematyka ochrony \/ [redakcja merytoryczna i koordynacja publikacji Ma\u0142gorzata Jaworska ; konsultacja i wsp\u00f3\u0142praca Paulina \u015awi\u0105tek, Anna Jagiellak ; s\u0142ownik wybranych termin\u00f3w Maciej Warcho\u0142]. \u2013 Warszawa : Miasto Sto\u0142eczne Warszawa : Narodowy Instytut Dziedzictwa, 2022.<\/li>\n<li>Zabytkowa ziele\u0144 i jej rewaloryzacja w dzia\u0142aniach samorz\u0105du terytorialnego \/ Iwona Wieczorek, Aleksandra Nowakowska, Agnieszka Rze\u0144ca. \u2013 \u0141\u00f3d\u017a : Wydawnictwo Narodowego Instytutu Samorz\u0105du Terytorialnego, 2022.<\/li>\n<li>Zabytkowe cmentarze : przesz\u0142o\u015b\u0107 na mogi\u0142ach zapisana \/ Tadeusz Korowaj. \u2013 K\u0119trzyn : Wydawnictwo Labrita, 2022.<\/li>\n<li>Zabytkowe pa\u0142ace, dwory\u2026 i inne obiekty powiatu koszali\u0144skiego 2019 \/ redakcja Agnieszka Kulesza, Jerzy Banasiak. \u2013 Koszalin : Powiat Koszali\u0144ski, 2019.<\/li>\n<li>Zabytkowe szpitale na Dolnym \u015al\u0105sku = Historical hospitals in Lower Silesia \/ Piotr Gerber, Renata Halicka. \u2013 [Wroc\u0142aw] : Fundacja Ochrony Dziedzictwa Przemys\u0142owego \u015al\u0105ska, 2017.<\/li>\n<li>Zabytkowy tabor w zbiorach Stacji Muzeum w Warszawie : ilustrowany przewodnik \/ zesp\u00f3\u0142 redakcyjny Dominika Leszczy\u0144ska, Micha\u0142 Fludzi\u0144ski, Piotr Ka\u0142u\u017cy\u0144ski ; ilustracje Wojciech Baraniuk [i pozostali]. \u2013 Warszawa : Stacja Muzeum, 2018.<\/li>\n<li>Zachowa\u0107, zmieni\u0107, zburzy\u0107 : losy pomnik\u00f3w w czasach przemian \/ pod redakcj\u0105 Piotra \u017buchowskiego, Tadeusza J. \u017buchowskiego. \u2013 Pozna\u0144 : Wydawnictwo Naukowe Uniwersytetu im. Adama Mickiewicza, 2022.<\/li>\n<li>Zachowali\u015bmy si\u0119 jak trzeba\u2026 : groby wojenne ofiar komunizmu w wojew\u00f3dztwie wielkopolskim \/ autorzy: Bartosz Biega\u0142a, dr S\u0142awomir J\u00f3zefiak. \u2013 Pozna\u0144 : Wojewoda\u00a0Wielkopolski ; [\u015awi\u0119ty Wojciech Dom Medialny sp. z o.o.], 2023.<\/li>\n<li>Zachowanie i konserwacja zbior\u00f3w muzealnych = Preservation and conservation of museum collections : praca zbiorowa \/ [redaktor prof. dr hab. Krzysztof Wis\u0142ocki] ; Pozna\u0144skie Towarzystwo Przyjaci\u00f3\u0142 Nauk = The Pozna\u0144 Society for the Advancement of Arts and Sciences, Muzeum Narodowe Rolnictwa i Przemys\u0142u Rolno-Spo\u017cywczego w Szreniawie = The National Museum of Agriculture and Food Industry in Szreniawa. \u2013 Pozna\u0144 : Pozna\u0144skie Towarzystwo Przyjaci\u00f3\u0142 Nauk ; Szreniawa : Muzeum Narodowe Rolnictwa i Przem<\/li>\n<li>Zaginiony skarbiec kamie\u0144ski : katalog strat wojennych z katedry w Kamieniu Pomorskim = The lost Kamie\u0144 treasury : a catalogue of war losses from the Cathedral in Kamie\u0144 Pomorski = Der verlorene Camminer Domschatz : Katalog mit Kriegsverlusten aus dem Camminer Dom = Propav\u0161ie sokrovi\u015da kafedral\u2019nogo sobora : katalog voennyh poter\u2019 sobora v gorode Kamen\u2019-Pomorski \/ Marek \u0141uczak ; [t\u0142um. Marina \u0141uczak]. \u2013 Warszawa : Ministerstwo Kultury i\u00a0Dziedzictwa Narodowego, 2020.<\/li>\n<li>Zamek w Bielsku : zarys historyczny = The castle in Bielsko : a historical profile \/ Bogus\u0142aw Chor\u0105\u017cy, Piotr Kenig, Grzegorz Madej. \u2013 Bielsko-Bia\u0142a : Muzeum Historyczne w Bielsku-Bia\u0142ej, 2021.<\/li>\n<li>Zamki konwentualne Pa\u0144stwa Krzy\u017cackiego w Prusach. Cz. 2, Katalog \/ Tomasz Torbus. \u2013 Gda\u0144sk : Fundacja Terytoria Ksi\u0105\u017cki : s\u0142owo\/obraz terytoria, 2023.<\/li>\n<li>Zamki na G\u00f3rnym \u015al\u0105sku od ich powstania do ko\u0144ca wojny trzydziestoletniej \/ Piotr Siemko. \u2013 Katowice : Wydawnictwo Prasa i Ksi\u0105\u017cka Grzegorz Grzegorek, 2023.<\/li>\n<li>Zapomniane miejsca : Lubuskie. Cz\u0119\u015b\u0107 p\u00f3\u0142nocna \/ [Jakub Jagie\u0142\u0142o, Adam Sowa]. \u2013 Warszawa : Wydawnictwo CM, 2023.<\/li>\n<li>Zapomniane miejsca : Warmi\u0144sko-Mazurskie. Cz\u0119\u015b\u0107 p\u00f3\u0142nocna \/ Marek Dudziak, Tomasz Sowi\u0144ski. \u2013 Warszawa : Wydawnictwo CM, 2022.<\/li>\n<li>Zapomniane miejsca : Zachodnio-Pomorskie. Cz\u0119\u015b\u0107 p\u00f3\u0142nocna \/ Marek Dudziak. \u2013 Warszawa : Wydawnictwo CM, 2022.<\/li>\n<li>Zapomniane miejsca Dolnego \u015al\u0105ska : przewodnik. Cz. 5, Wroc\u0142aw, Ole\u015bnica, Strzelin i okolice \/ [Jakub Jagie\u0142\u0142o, Dariusz Wojciechowski]. \u2013 Warszawa : Wydawnictwo CM, 2022.<\/li>\n<li>Zapomniane miejsca Mazowsza : przewodnik \/ [aut. Jakub Jagie\u0142\u0142o, Ewa Perli\u0144ska-Kobierzy\u0144ska, Micha\u0142 Szyma\u0144ski, Danuta Maciejewska-Bogusz]. \u2013 Wyd. 3. \u2013 Warszawa : Wydawnictwo CM, 2022.<\/li>\n<li>Zarys historii ceramiki \/ Agnieszka Gubernat, Magdalena Zarzecka-Napiera\u0142a. \u2013 Krak\u00f3w : Wydawnictwa AGH, 2022.<\/li>\n<li>Zatem Naj\u015bwi\u0119tsza Maria Panna musi ogl\u0105da\u0107 swoj\u0105 sprofanowan\u0105 siedzib\u0119 : Malbork mi\u0119dzy polityk\u0105 a sacrum (1772-1856) = So muss die heilige Jungfrau ihren Sitz entweihen sehn : Marienburg zwischen Politik und Sacrum (1772-1856). T. 1 = Bd. 1, Eseje = Essays \/ redakcja\u00a0naukowa = wissenschaftliche Redaktion Barbara Pospieszna. \u2013 Malbork : Muzeum Zamkowe, 2022.<\/li>\n<li>Zegary i zegarki w zbiorach Muzeum Narodowego w Gda\u0144sku \/ Anna Baranowska-Fietkiewicz, Lech \u0141opuski. \u2013 Gda\u0144sk : Muzeum Narodowe w Gda\u0144sku, 2023.<\/li>\n<li>Zesp\u00f3\u0142 dworski w Stanis\u0142awowie \/ pod red. Damiana Staniszewskiego. \u2013 Wrze\u015bnia : Stowarzyszenie Projekt Wrze\u015bnia, 2022.<\/li>\n<li>Zielniki : ochrona i konserwacja \/ Magdalena Grenda-Kurmanow. \u2013 Warszawa : Wydawnictwo Naukowe PWN SA, 2023.<\/li>\n<li>Zielone \u015bcie\u017cki : wok\u00f3\u0142 Izby Pami\u0119ci na Woli \/ pod red. Aleksandry So\u0142tan-Lipskiej. \u2013 Warszawa : Muzeum Warszawy, 2022.<\/li>\n<li>Ziemia Ostrowska : do 1914 roku \/ Adam Czes\u0142aw Dobro\u0144ski ; wsp\u00f3\u0142praca Jan Dobro\u0144ski, Piotr Sobieszczak. \u2013 Ostr\u00f3w Mazowiecka : Miejska Biblioteka Publiczna im. Marii Dombrowskiej w Ostrowi Mazowieckiej, 2021.<\/li>\n<li>Zmienno\u015b\u0107 fortuny : alegorie Hermana Hana \/ redaktor naukowy katalogu Jacek \u017bukowski. \u2013 Warszawa : Zamek Kr\u00f3lewski w Warszawie \u2013 Muzeum, 2023.<\/li>\n<li>\u017belech\u00f3w dzi\u015b : z histori\u0105 w tle. \u2013 \u017belech\u00f3w : Gmina \u017belech\u00f3w ; [Cz\u0119stochowa] : Wydawnictwo Precjoza, [2020].<\/li>\n<li>\u017belech\u00f3w na starej fotografii : ocali\u0107 od zapomnienia. Cz. 2, t. 1 \/ Micha\u0142 Sztelmach. \u2013 \u017belech\u00f3w : Gmina \u017belech\u00f3w, 2021.<\/li>\n<li>\u017bydzi w Rozwadowie i Stalowej Woli : czas wojny i okupacji \/ Dionizy Garbacz. \u2013 Stalowa Wola : Fundacja Dionizego Garbacza Stalovianum, 2022<\/li>\n<li>\u017bywe dziedzictwo kopernika\u0144skie : wsp\u00f3\u0142czesne inspiracje artystyczne i naukowe \/ pod red. Ma\u0142gorzaty Geron, Justyny Olszewskiej-\u015awietlik, Nikodema Pr\u0119gowskiego. \u2013 Toru\u0144 : Wydawnictwo Naukowe Uniwersytetu Miko\u0142aja Kopernika, 2023.<\/li>\n<\/ol>\n<p>[\/et_pb_toggle][et_pb_toggle title=&#8221;2022&#8243; open_toggle_text_color=&#8221;#e52330&#8243; closed_toggle_text_color=&#8221;#000000&#8243; _builder_version=&#8221;4.27.4&#8243; _module_preset=&#8221;default&#8221; title_font=&#8221;|700|||||||&#8221; closed_title_font=&#8221;|700|||||||&#8221; width=&#8221;100%&#8221; custom_margin=&#8221;||10px|||&#8221; locked=&#8221;off&#8221; global_colors_info=&#8221;{}&#8221;]<\/p>\n<p><span style=\"color: #808080;\">liczba nowo\u015bci: 418<\/span><\/p>\n<ol>\n<li>#miasto : \u0141\u00f3d\u017a w krajobrazie miast \/ Andrzej Olejniczak. \u2013 \u0141\u00f3d\u017a : Biuro Architekta Miasta, 2017.<\/li>\n<li>\u201c\u2026 mein Tumulus wird bleiben, solange die Erde steht.\u201d : die Seepyramide im F\u00fcrst-P\u00fcckler-Park Branitz : Geschichte und Restaurierung \/ Claudius Wecke. \u2013 Berlin : Bebra Wissenschaft Verlag, 2015.<\/li>\n<li>\u201cMiasta skoszarowane\u201d : Gda\u0144sk i Sopot jako garnizon Wehrmachtu w latach 1939-1945 \/ Jan Daniluk. \u2013 Wydanie I, 2019 (dodruk). \u2013 Gda\u0144sk : Muzeum Gda\u0144ska, 2019.<\/li>\n<li>\u201cOtoczy\u0107 nar\u00f3d sw\u00f3j pi\u0119knem\u2026\u201d : dyskusja wok\u00f3\u0142 idei kultury i sztuki narodowej na ziemiach polskich na prze\u0142omie XIX i XX wieku na tle pr\u0105d\u00f3w europejskich \/ Adrianna Dominika Sznapik. \u2013 Warszawa : Instytut Historii PAN, 2021.<\/li>\n<li>\u201cS\u0105d nad arianami\u201d w kieleckim Pa\u0142acu Biskup\u00f3w Krakowskich \/ Jacek \u017bukowski. \u2013 Kielce : Muzeum Narodowe w Kielcach, 2018.<\/li>\n<li>\u201cWzrokiem ton\u0119 w morzu, niebie\u2026\u201d : malarstwo marynistyczne Aneri Ireny Weissowej i Wojciecha Weissa \/ red. nauk. Monika Jankiewicz-Brzostowska. \u2013 Gda\u0144sk : Narodowe Muzeum Morskie w Gda\u0144sku, 2022.<\/li>\n<li>\u201cZgody nie wyra\u017cono\u201d : problem budownictwa sakralnego w diecezji \u0142\u00f3dzkiej 1945-1989 \/ Mateusz Opali\u0144ski. \u2013 \u0141\u00f3d\u017a : Ksi\u0119\u017cy M\u0142yn Dom Wydawniczy, 2018.<\/li>\n<li>650 lat herbu miasta Krakowa : wystawa dedykowana Profesorowi Marianowi Friedbergowi w pi\u0119\u0107dziesi\u0105t\u0105 rocznic\u0119 \u015bmierci : katalog wystawy \/ scenariusz Zenon Piech ; opracowanie merytoryczne Bo\u017cena Lesiak-Przyby\u0142, Zenon Piech, Aldona Warzecha. \u2013 Krak\u00f3w : Archiwum Narodowe, 2019.<\/li>\n<li>70\/70 Muzeum \u017bup Krakowskich Wieliczka : wystawa jubileuszowa : katalog \/ redaktor naczelny Jan God\u0142owski. \u2013 Wieliczka : Muzeum \u017bup Krakowskich Wieliczka, 2021.<\/li>\n<li>900 lat dach\u00f3wki ceramicznej w Polsce \/ Maciej Ma\u0142achowicz. \u2013 Wroc\u0142aw : Oficyna Wydawnicza ATUT, 2022.<\/li>\n<li>Akademia zmienia Szczecin : Pa\u0142ac Ziemstwa Pomorskiego \/ red. Agnieszka Lisowska. \u2013 Szczecin : Wydawnictwo Akademii Sztuki w Szczecinie, 2022.<\/li>\n<li>Akta Komitetu Reparacji Zamku Krakowskiego 1830\u20131836 \/ oprac. El\u017cbieta Bularz, Ryszard Skowron ; Zamek Kr\u00f3lewski na Wawelu. Pa\u0144stwowe Zbiory Sztuki. \u2013 Krak\u00f3w : Zamek Kr\u00f3lewski na Wawelu. Pa\u0144stwowe Zbiory Sztuki, 2021.<\/li>\n<li>Albert Severin : pierwszy architekt Gr\u00fcnbergu \/ Aleksandra Mr\u00f3wka \u0141obodzi\u0144ska, Robert Dziuba. \u2013 Zielona G\u00f3ra : Stowarzyszenie Forum Art, 2021.<\/li>\n<li>Alina Scholtz : projektantka warszawskiej zieleni \/ red. Anna Wro\u0144ska, Ewelina Solarek. \u2013 Warszawa : Muzeum Warszawy, 2021.<\/li>\n<li>Antroponimia z\u0142otnik\u00f3w pozna\u0144skich XVI-XVIII wieku : studium onomastyczno-kulturowe \/ Ewa Nowak-Pasterska. \u2013 Pozna\u0144 : Wydawnictwo Rys, 2020.<\/li>\n<li>Archeologia dawnego osadnictwa Wielkopolski \/ [redakcja Henryk Machajewski]. \u2013 Pozna\u0144 : Wojew\u00f3dzki Urz\u0105d Ochrony Zabytk\u00f3w : Stowarzyszenie Naukowe Archeolog\u00f3w Polskich. Oddzia\u0142 Wielkopolski, 2018.<\/li>\n<li>Archipelag CIAM : listy Heleny Syrkus \/ red. Aleksandra K\u0119dziorek, Katarzyna Uchowicz, Maja Wirkus. \u2013 Warszawa : Narodowy Instytut Architektury i\u00a0Urbanistyki, 2019.<\/li>\n<li>Architekci i budowniczowie dzia\u0142aj\u0105cy w Lublinie oraz wojew\u00f3dztwie lubelskim w latach II Rzeczypospolitej : leksykon \/ Jerzy \u017bywicki. \u2013 Lublin : Wydawnictwo Uniwersytetu Marii Curie-Sk\u0142odowskiej, 2022.<\/li>\n<li>Architekt Tadeusz Witkowski : (1904-1986) : kalendarium \u017cycia i tw\u00f3rczo\u015bci \/ Halina Danczowska. \u2013 Lublin : [Wydawnictwo Grasshopper] : Akapit, 2009.<\/li>\n<li>Architektura i planowanie przestrzenne uniwersytet\u00f3w od \u015bredniowiecza do po\u0142owy XIX wieku \/ Barbara Arciszewska. \u2013 Warszawa : Wydawnictwa Uniwersytetu Warszawskiego, 2021.<\/li>\n<li>Architektura i urbanistyka w dokumentach KC PZPR \/ wyb\u00f3r i opracowanie Andrzej Skalimowski. \u2013 Warszawa : Narodowy Instytut Architektury i Urbanistyki, 2022.<\/li>\n<li>Architektura ko\u015bcio\u0142a \u015bw. Jakuba w Toruniu jako przedmiot bada\u0144 naukowych \/ Anna B\u0142a\u017cejewska. \u2013 Toru\u0144 : Wydawnictwo Naukowe Uniwersytetu Miko\u0142aja Kopernika, 2022.<\/li>\n<li>Architektura ko\u015bcio\u0142\u00f3w dominika\u0144skich w \u015bredniowiecznych Prusach \/ Piotr Sam\u00f3l. \u2013 Gda\u0144sk : wydawnictwo s\u0142owo\/obraz terytoria, 2022.<\/li>\n<li>Architektura na bank : siedziby polskiego banku centralnego w Warszawie \/ S\u0142awomir Parfianowicz. \u2013 Warszawa : Narodowy Bank Polski, cop. 2015.<\/li>\n<li>Architektura na Mazowszu od ko\u0144ca XVIII do ko\u0144ca XX wieku \/ pod red. Andrzeja Pie\u0144kosa. \u2013 Warszawa : Mazowiecki Instytut Kultury ; Truskaw : Wydawnictwo Naukowe Sub Lupa, 2021.<\/li>\n<li>Architektura polska lat 1945-1960 na obszarze Pomorza Zachodniego \/ Wojciech Bal, Robert Dawidowski, Ryszard D\u0142ugopolski, Adam M. Szymski. \u2013 Wydanie II. \u2013 \u0141\u00f3d\u017a : Ksi\u0119\u017cy M\u0142yn Dom Wydawniczy, 2022.<\/li>\n<li>Architektura sakralna dekanatu k\u0119pi\u0144skiego : historia i wsp\u00f3\u0142czesno\u015b\u0107 \/ Jerzy Kazimierz Babiak. \u2013 K\u0119pno ; Pozna\u0144 : Silva Rerum, 2021.<\/li>\n<li>Arcydzie\u0142a z kolekcji Lanckoro\u0144skich \/ Joanna Winiewicz-Wolska. \u2013 Krak\u00f3w : Zamek Kr\u00f3lewski na Wawelu. Pa\u0144stwowe Zbiory Sztuki, 2022.<\/li>\n<li>Artystka : Anna Bili\u0144ska 1854-1893 \/ [koncepcja katalogu i redakcja naukowa Agnieszka Bagi\u0144ska, Renata Higersberger]. \u2013 Warszawa : Muzeum Narodowe w Warszawie, 2021.<\/li>\n<li>Artystyczne dzieje kolegiaty \u015awi\u0119tego Jana Chrzciciela w Skalbmierzu \/ Wojciech Sowa\u0142a. \u2013 Kielce : Wydawnictwo Jedno\u015b\u0107, 2022.<\/li>\n<li>Atlas historyczny miast polskich. T. 5, Ma\u0142opolska. Z. 7, Biecz \/ Zbigniew Beiersdorf, Pawe\u0142 Koca\u0144da, Bogus\u0142aw Krasnowolski, Zdzis\u0142aw Noga ; red. Zdzis\u0142aw Noga. \u2013 Toru\u0144 ; Krak\u00f3w : Towarzystwo Naukowe w Toruniu, 2021.<\/li>\n<li>Atlas historyczny miast polskich. T. 6, Wielkopolska. Z. 1, Kalisz \/ Urszula Sowina, Tadeusz Baranowski, Dariusz Wycz\u00f3\u0142kowski, Adam K\u0119dzierski, \u0141ukasz Tru\u015bci\u0144ski, Jerzy Aleksander Splitt ; red. Roman Czaja. \u2013 Toru\u0144 : Towarzystwo Naukowe w\u00a0Toruniu ; Warszawa : Instytut Historii im. Tadeusza Manteuffla Polskiej Akademii Nauk, 2021.<\/li>\n<li>Autobusem i trolejbusem przez lubelskie osiedla 1945-1989 \/ Jacek Pud\u0142o, Micha\u0142 Krawczyk. \u2013 \u0141\u00f3d\u017a : Ksi\u0119\u017cy M\u0142yn Dom Wydawniczy, 2021.<\/li>\n<li>Bielany : przewodnik historyczny \/ Jaros\u0142aw Zieli\u0144ski. \u2013 Wydanie II zmienione. \u2013 Warszawa : Wydawnictwo RM, 2015.<\/li>\n<li>Boreczno i Ba\u0142oszyce : archeologia dwor\u00f3w wczesnonowo\u017cytnych w G\u00f3rnych Prusach \/ Magdalena \u017burek. \u2013 Warszawa : Uniwersytet Kardyna\u0142a Stefana Wyszy\u0144skiego, 2021.<\/li>\n<li>Budowania \u015bwiata : wok\u00f3\u0142 tw\u00f3rczo\u015bci Tomasza Ma\u0144kowskiego \/ Micha\u0142 Wi\u015bniewski. \u2013 Krak\u00f3w : EMG, 2022.<\/li>\n<li>Budownictwo mieszkaniowe P\u0142ocka (1918-1939) \/ Piotr Gryszpanowicz, Piotr Wili\u0144ski ; Politechnika Warszawska. \u2013 P\u0142ock : Politechnika Warszawska. Wydzia\u0142 Budownictwa Mechaniki i Petrochemii. Instytut Budownictwa, 2021.<\/li>\n<li>Bydgoszcz nad wod\u0105 \/ Anna Nadolska, Karol Kantorski, Wojciech Wo\u017aniak. \u2013 Bydgoszcz : Muzeum Okr\u0119gowe im. Leona Wycz\u00f3\u0142kowskiego, 2021.<\/li>\n<li>By\u0142 dw\u00f3r, nie ma dworu : reforma rolna w Polsce \/ Anna Wylega\u0142a. \u2013 Wyd. 2. \u2013 Wo\u0142owiec : Wydawnictwo Czarne, 2022.<\/li>\n<li>Bystrzyca K\u0142odzka : zarys rozwoju miasta na przestrzeni wiek\u00f3w \/ Ma\u0142gorzata Ruchniewicz, Stanis\u0142aw Rosik, Przemys\u0142aw Wiszewski. \u2013 Wydanie 2. poprawione i rozszerzone. \u2013 \u0141\u00f3d\u017a : Ksi\u0119\u017cy M\u0142yn Dom Wydawniczy Micha\u0142 Koli\u0144ski, 2018.<\/li>\n<li>Canaletto : mistrz miejskiego pejza\u017cu \/ Luba Ristujczina. \u2013 Bielsko Bia\u0142a : Wydawnictwo Dragon, 2021.<\/li>\n<li>Caravaggio i inni mistrzowie : arcydzie\u0142a z kolekcji Roberta Longhiego \/ redaktor katalogu w\u0142oskiego Maria Cristina Bandera, redakcja naukowa wydania polskiego Artur Badach. \u2013 Warszawa : Zamek Kr\u00f3lewski w Warszawie \u2013 Muzeum, 2021.<\/li>\n<li>Castrum Bene 15 : a castle as a status symbol \/ edited by Artur Boguszewicz, Janina Radziszewska. \u2013 Wroc\u0142aw : Uniwersytet Wroc\u0142awski, 2020.<\/li>\n<li>Cerkiew pw. Narodzenia Przenaj\u015bwi\u0119tszej Bogarodzicy w Bia\u0142ym Borze : wz\u00f3r integracji architektury i malarstwa sakralnego \/ Maria B\u0142a\u017cko. \u2013 \u0141\u00f3d\u017a : ArchaeGraph Wydawnictwo Naukowe, 2022.<\/li>\n<li>Chaos Warszawa : porz\u0105dki przestrzenne polskiego kapitalizmu \/ Joanna Kusiak. \u2013 Warszawa : Fundacja Nowej Kultury B\u0119c Zmiana : Muzeum Warszawy, 2017.<\/li>\n<li>Cmentarze ewangelickie, polskokatolickie i muzu\u0142ma\u0144ski w wojew\u00f3dztwie \u015bwi\u0119tokrzyskim \/ Teresa i Zdzis\u0142aw Sabatowie. \u2013 Kielce : wydano na zlecenie \u015awi\u0119tokrzyskiego Wojew\u00f3dzkiego Konserwatora Zabytk\u00f3w w Kielcach : Drukarnia PanZet, 2021.<\/li>\n<li>Cmentarze i groby prawos\u0142awne w wojew\u00f3dztwie \u015bwi\u0119tokrzyskim \/ Teresa i Zdzis\u0142aw Sabatowie. \u2013 Kielce : na zlecenie \u015awi\u0119tokrzyskiego Wojew\u00f3dzkiego Konserwatora Zabytk\u00f3w w Kielcach : Drukarnia PanZet, 2020.<\/li>\n<li>Cmentarze przy Wielkiej Alei w Gda\u0144sku 1867-1945 : studium z dziej\u00f3w kultury funeralnej \/ Anna Kr\u00fcger. \u2013 Gda\u0144sk : Fundacja Terytoria Ksi\u0105\u017cki, 2021.<\/li>\n<li>Collecting Antiquities from the Middle Ages to the End of the Nineteenth Century : Proceedings of the International Conference Held on March 25-26, 2021 at the Wroc\u0142aw University Institute of Art History \/ edited by Agata Kubala ; University of Wroc\u0142aw. \u2013 Krak\u00f3w ; Wroc\u0142aw : Wydawnictwo Ksi\u0119garnia Akademicka, 2021.<\/li>\n<li>Collegium Maius w Poznaniu \/ Maciej Michalski, Zenon Pa\u0142at. \u2013 Pozna\u0144 : Wydawnictwo Miejskie Posnania : Pozna\u0144skie Towarzystwo Przyjaci\u00f3\u0142 Nauk, 2020.<\/li>\n<li>Collegium Minus w Poznaniu \/ Maciej Michalski, Jakub Skutecki \u2013 Pozna\u0144 : Wydawnictwo Miejskie Posnania, 2021.<\/li>\n<li>Competing Values in Archaeological Heritage \/ edited by Stuart Campbell, Liz\u00a0White, Suzie Thomas. \u2013 Cham : Springer, 2019.<\/li>\n<li>Cr\u00e8me de la cr\u00e8me : katalog nabytk\u00f3w nie wszystkich Zamku Kr\u00f3lewskiego w Warszawie \u2013 Muzeum : 2020 \/ red. serii Tatiana Hardej ; red. prow. Monika Baranowska. \u2013 Warszawa : Arx Regia Wydawnictwo Zamku Kr\u00f3lewskiego w Warszawie \u2013 Muzeum, 2021.<\/li>\n<li>Czas niezwyk\u0142y : obrz\u0119dowo\u015b\u0107 doroczna na G\u00f3rnym \u015al\u0105sku \/ Robert Garstka, Aleksander Lysko. \u2013 Wydanie II rozszerzone. \u2013 Katowice : Instytut My\u015bli Polskiej im. Wojciecha Korfantego, 2022.<\/li>\n<li>Czas wielkich zada\u0144 Dagoberta Freya i Asmusa barona von Troschke (wrzesie\u0144 1939 \u2013 pa\u017adziernik 1942) : dokumentacja Centralnego Biura Inwentaryzacji Zabytk\u00f3w Sztuki w Polsce w planach i dzia\u0142aniach niemieckich badaczy dziedzictwa kulturowego na Wschodzie i s\u0142u\u017cb ochrony zabytk\u00f3w w Generalnym Gubernatorstwie \/ Tadeusz Zadro\u017cny. \u2013 Warszawa : Instytut Sztuki Polskiej Akademii Nauk, 2021.<\/li>\n<li>D30 : biografia zapomnianego budynku \/ Marta Urbaniak. \u2013 Wydanie drugie. \u2013 Warszawa : Fundacja Charytatywni, 2022<\/li>\n<li>Darczy\u0144cy polskich muze\u00f3w : historia i wsp\u00f3\u0142czesno\u015b\u0107. T. 1 \/ redakcja naukowa Magdalena Bia\u0142onowska, Katarzyna M\u0105czewska. \u2013 Warszawa : Muzeum Narodowe w Warszawie, 2021.<\/li>\n<li>Dawna architektura Politechniki \u0141\u00f3dzkiej : pa\u0142ac rodziny Scheibler\u00f3w \/ Krystyna Popiel, Ma\u0142gorzata Wilbik. \u2013 \u0141\u00f3d\u017a : Muzeum Politechniki \u0141\u00f3dzkiej : nak\u0142adem Politechniki \u0141\u00f3dzkiej : 2021.<\/li>\n<li>Dawna Legnica : obraz miasta w grafice i malarstwie w zbiorach Muzeum Miedzi \/ Gra\u017cyna Hume\u0144czuk. \u2013 Legnica : Muzeum Miedzi w Legnicy, 2020.<\/li>\n<li>Dawne konstrukcje ciesielskie \u0142aci\u0144skiej archikatedry pw. Wniebowzi\u0119cia Naj\u015bwi\u0119tszej Panny Marii we Lwowie \/ Maciej Warcho\u0142 ; badania dendrochronologiczne Tomasz Wa\u017cny. \u2013 Warszawa : Narodowy Instytut Polskiego Dziedzictwa Kulturowego za Granic\u0105 \u201cPolonika\u201d, 2021.<\/li>\n<li>Dawne ratusze warmi\u0144skie : geneza form architektonicznych i ochrona konserwatorska \/ Wies\u0142awa Chodkowska. \u2013 Olsztyn : Instytut P\u00f3\u0142nocny im. Wojciecha K\u0119trzy\u0144skiego, 2021.<\/li>\n<li>Dawny Gda\u0144sk w rycinach z kolekcji pastora Johanna Jacoba Haselaua \/ Teresa Tylicka, Jacek Tylicki. \u2013 Gda\u0144sk : Muzeum Narodowe, 2022.<\/li>\n<li>Dawny Z\u0142ot\u00f3w : kultura miasta w okresie staropolskim \/ Andrzej P. Kowalski. \u2013 Z\u0142ot\u00f3w : Muzeum Ziemi Z\u0142otowskiej ; Gda\u0144sk : Instytut Kaszubski, 2020.<\/li>\n<li>Die arch\u00e4ologischen Funde aus Polen und dem Baltikum im Germanischen Nationalmuseum : Gedenkschrift f\u00fcr Wilfried Menghin \/ hrsg. von Angelika Hofmann und Wojciech Nowakowski. \u2013 N\u00fcrnberg : Germanisches Nationalmuseum, 2022.<\/li>\n<li>Dioecesis Nostrae Patroni : wydawnictwo jubileuszowe z okazji trzydziestej rocznicy erygowania Diecezji Toru\u0144skiej \/ pod red. Juliusza Raczkowskiego. \u2013 Toru\u0144, TNOiK Dom Organizatora, 2022.<\/li>\n<li>Dom na Podlasiu : katalog projekt\u00f3w dom\u00f3w jednorodzinnych dla teren\u00f3w wiejskich i podmiejskich wojew\u00f3dztwa podlaskiego \/ [koncepcja i opracowanie katalogu: Iwona Li\u017cewska]. \u2013 Warszawa : Narodowy Instytut Dziedzictwa, [2022].<\/li>\n<li>Dom na \u015al\u0105sku : katalog projekt\u00f3w dom\u00f3w jednorodzinnych dla teren\u00f3w wiejskich i podmiejskich wojew\u00f3dztwa \u015bl\u0105skiego \/ [koncepcja i opracowanie katalogu: Iwona Li\u017cewska]. \u2013 Warszawa : Narodowy Instytut Dziedzictwa, [2022].<\/li>\n<li>Dom Zdrojowy : kurort Brze\u017ano : 1893-2021 \/ Jan Daniluk. \u2013 Gda\u0144sk : Hevelianum, 2021.<\/li>\n<li>Dominikanie w Gda\u0144sku : 800 lat zakonu dominikan\u00f3w w Polsce : katalog wystawy Muzeum Gda\u0144ska \/ red. nauk. Katarzyna Darecka, Anna Fr\u0105ckowska. \u2013 Gda\u0144sk : Muzeum Gda\u0144ska : Fundacja Centrum \u015bw. Jacka, 2021.<\/li>\n<li>Dwory i pa\u0142ace powiatu w\u0142oszczowskiego : gmina Krasocin : budownictwo rezydencjonalno-obronne na terenie wojew\u00f3dztwa \u015bwi\u0119tokrzyskiego \/ Dariusz Kalina, Adam Malicki. \u2013 Krasocin : [s.n.] ; 2021.<\/li>\n<li>Dwory, zamki i pa\u0142ace Polski \/ Bart\u0142omiej Kaczorowski. \u2013 Bielsko-Bia\u0142a : Wydawnictwo Dragon, 2022.<\/li>\n<li>Dziedzictwo architektoniczne : ochrona i badania obiekt\u00f3w zabytkowych \/ pod redakcj\u0105 Ewy \u0141u\u017cynieckiej. \u2013 Wroc\u0142aw : Oficyna Wydawnicza Politechniki Wroc\u0142awskiej, 2020.<\/li>\n<li>Dziedzictwo architektoniczne : zabytki kolejnictwa \/ pod redakcj\u0105 Ewy \u0141u\u017cynieckiej. \u2013 Wroc\u0142aw : Oficyna Wydawnicza Politechniki Wroc\u0142awskiej, 2020.<\/li>\n<li>Dziedzictwo kulturowe Bodzentyna \/ red. nauk. Urszula Oettingen. \u2013 Kielce : Wydawnictwo Kieleckiego Towarzystwa Naukowego, 2021.<\/li>\n<li>Dziedzictwo kulturowe w kontek\u015bcie wyzwa\u0144 zr\u00f3wnowa\u017conego rozwoju \/ red. Micha\u0142 Pawleta, Arkadiusz Marciniak. \u2013 Krak\u00f3w : Universitas ; Pozna\u0144 : Oddzia\u0142 Polskiej Akademii Nauk w Poznaniu, 2021.<\/li>\n<li>Dziedzictwo Kunstkamery : jak Kazimierz Osi\u0144ski tworzy\u0142 muzeum \/ autorzy artyku\u0142\u00f3w Anna Durkacz-Foremska [i 14 pozosta\u0142ych] ; autorzy not katalogowych Dorota Stonawska [i 10 pozosta\u0142ych] ; t\u0142umaczenie na j\u0119zyk angielski Agnieszka Andrzejewska. \u2013 Przemy\u015bl : Muzeum Narodowe Ziemi Przemyskiej, 2020.<\/li>\n<li>Dziedzictwo we wsp\u00f3\u0142czesnym \u015bwiecie : kultura, natura, cz\u0142owiek \/ redakcja Arkadiusz Marciniak, Micha\u0142 Pawleta, Kornelia Kajda. \u2013 Krak\u00f3w : Towarzystwo Autor\u00f3w i Wydawc\u00f3w Prac Naukowych \u201cUniversitas\u201d, 2018.<\/li>\n<li>Dzieje i sztuka Polskiego Spisza \/ Andrzej Skorupa, Rafa\u0142 Monita. \u2013 Krak\u00f3w : Lud\u017amierz : Wydawnictwo Astraia, 2021.<\/li>\n<li>Dzieje miejscowo\u015bci gminy Tomasz\u00f3w Lubelski \/ Ewa Nied\u017awied\u017a, J\u00f3zef Nied\u017awied\u017a, Marzena Czubaj-Gancarz. \u2013 Zamo\u015b\u0107 ; Tomasz\u00f3w Lubelski : JN-Profil : AKAPIT, 2021.<\/li>\n<li>Dzie\u0142a o tematyce \u015bwieckiej \/ pod redakcj\u0105 Jerzego Malinowskiego. \u2013 Warszawa : Polski Instytut Studi\u00f3w nad Sztuk\u0105 \u015awiata ; Toru\u0144 : Wydawnictwo Tako ; Krak\u00f3w : Muzeum Narodowe w Krakowie, 2021.<\/li>\n<li>Dzie\u0142a sztuki : konserwacja i badania \/ pod redakcj\u0105 Justyny Olszewskiej-\u015awietlik. \u2013 Toru\u0144 : Uniwersytet Miko\u0142aja Kopernika w Toruniu. Wydzia\u0142 Sztuk Pi\u0119knych : Wydawnictwo Naukowe UMK, 2021.<\/li>\n<li>Dzie\u0142a z historii staro\u017cytnej, wczesnego chrze\u015bcija\u0144stwa i religijne \/ pod redakcj\u0105 Jerzego Malinowskiego. \u2013 Warszawa : Polski Instytut Studi\u00f3w nad Sztuk\u0105 \u015awiata ; Toru\u0144 : Wydawnictwo Tako ; Krak\u00f3w : Muzeum Narodowe w Krakowie, 2021.<\/li>\n<li>Dzie\u0142o pot\u0119\u017cne w dolinach Bobrzy, Czarnej i Kamiennej : zabytki Staropolskiego Okr\u0119gu Przemys\u0142owego na fotografii dawnej i wsp\u00f3\u0142czesnej \/ projekt plastyczny wystawy Alicja Ciosek ; sk\u0142ad katalogu Mariusz Stec. \u2013 Kielce : Muzeum Historii Kielc, 2021.<\/li>\n<li>Dzwony i wie\u017ce wawelskiej Katedry \/ Mieczys\u0142aw Rokosz. \u2013 Wydanie II, przejrzane i uzupe\u0142nione. \u2013 Krak\u00f3w : Wydawnictwo Ksi\u0119garnia Akademicka, 2021.<\/li>\n<li>Dzwony w pejza\u017cu Pogranicza Nadsa\u0144skiego \/ Ma\u0142gorzata Dziura. \u2013 Wydanie drugie. \u2013 Przemy\u015bl : Muzeum Narodowe Ziemi Przemyskiej, 2019.<\/li>\n<li>Edukacja artystyczna w Europie \u015arodkowej i Wschodniej w 20 i 21 wieku \/ red. Ma\u0142gorzata Geron, Jerzy Malinowski. \u2013 Warszawa : Polski Instytut Studi\u00f3w nad Sztuk\u0105 \u015awiata ; Toru\u0144 : Tako, 2021.<\/li>\n<li>Efemerofity na ziemiach polskich : \u015bladem migracji instrument\u00f3w muzycznych : og\u00f3lnopolska konferencja naukowa : 10-16 grudnia 2020 : Muzeum Ludowych Instrument\u00f3w Muzycznych w Szyd\u0142owcu \/ red. Aneta I. Oborny. \u2013 Szyd\u0142owiec : Muzeum Ludowych Instrument\u00f3w Muzycznych w Szyd\u0142owcu, 2021.<\/li>\n<li>Eques polonus : rycerski pomnik nagrobny w sztuce polskiej XVI wieku jako wyraz stanowego presti\u017cu szlachty \/ Rafa\u0142 Stanis\u0142aw Nawrocki. \u2013 Lublin : Towarzystwo Naukowe Katolickiego Uniwersytetu Lubelskiego Jana Paw\u0142a II, 2021.<\/li>\n<li>Fabryka Schindlera oraz historia przed i po \/ Maria Anna Potocka. \u2013 Krak\u00f3w : Muzeum Sztuki Wsp\u00f3\u0142czesnej MOCAK, 2021.<\/li>\n<li>Fajans z wytw\u00f3rni europejskich : katalog zbior\u00f3w \/ Jolanta Soza\u0144ska. \u2013 Wroc\u0142aw : Muzeum Narodowe we Wroc\u0142awiu, 2022.<\/li>\n<li>Festung Krakau : Krak\u00f3w w cieniu twierdzy (1850-1914) \/ Andrzej Chwalba. \u2013\u00a0Krak\u00f3w : Wydawnictwo Literackie, 2022.<\/li>\n<li>Fisharmonia w kulturze ziem polskich XIX i XX wieku \/ Janusz Musialik. \u2013 Lublin : Wydawnictwo Muzyczne Polihymnia, 2022.<\/li>\n<li>Flemmichowie i Schielowie \u2013 tekstylne dziedzictwo \/ Michal Vyhl\u00eddal. \u2013 R\u00fdma\u0159ov : M\u011bstsk\u00e9 Muzeum R\u00fdma\u0159ov ; Prudnik : Muzeum Ziemi Prudnickiej ; Wilczyn : Studio Plan, 2019.<\/li>\n<li>Fr\u00e4nklowie i Pinkusovie \u2013 ocala\u0142e dziedzictwo \/ Marcin Husak.. \u2013 Prudnik : Muzeum Ziemi Prudnickiej ; R\u00fdma\u0159ov : M\u011bstsk\u00e9 Muzeum R\u00fdma\u0159ov ; Wilczyn : Studio Plan, 2019.<\/li>\n<li>Fundacje na rzecz bernardynek w Polsce w jej granicach historycznych od XV do\u00a0XX wieku \/ o. dr hab. Aleksander Krzysztof Sitnik OFM. \u2013 Kalwaria Zebrzydowska : Calvarianum Wydawnictwo OO. Bernardyn\u00f3w, 2021.<\/li>\n<li>Funkcja i estetyka : detale nowoczesnej architektury mieszkaniowej lat 30. XX w. \/ Grzegorz Mika. \u2013 Warszawa : Fundacja Hereditas, 2021.<\/li>\n<li>Gdynia obiecana : miasto, modernizm, modernizacja 1920-1939 \/ Grzegorz Pi\u0105tek. \u2013 Warszawa : Wydawnictwo W.A.B., 2022.<\/li>\n<li>Gin\u0105ce miejsca : kujawsko-pomorskie \/ Micha\u0142 Jankowski. \u2013 Bydgoszcz : Wydawnictwo Pejza\u017c, 2021.<\/li>\n<li>G\u0142osy o tw\u00f3rczo\u015bci Henryka Siemiradzkiego \/ pod redakcj\u0105 Agnieszki Kluczewskiej-W\u00f3jcik. \u2013 Warszawa : Polski Instytut Studi\u00f3w nad Sztuk\u0105 \u015awiata ; Toru\u0144 : Wydawnictwo Tako ; Krak\u00f3w : Muzeum Narodowe w Krakowie, 2021.<\/li>\n<li>Go\u0142\u0119bnik : historia miejsca \/ Barbara Klich-Kluczewska. \u2013 Krak\u00f3w : Ksi\u0119garnia Akademicka, 2018.<\/li>\n<li>Haft kujawski wczoraj i dzi\u015b : katalog \u015bcieg\u00f3w, motyw\u00f3w i wzor\u00f3w. Cz. 2. \u2013 W\u0142oc\u0142awek : Muzeum Ziemi Kujawskiej i Dobrzy\u0144skiej we W\u0142oc\u0142awku, 2021.<\/li>\n<li>Haft kujawski wczoraj i dzi\u015b : katalog wzor\u00f3w. Cz. 1 \/ Dorota Kalinowska. \u2013 W\u0142oc\u0142awek : Muzeum Ziemi Kujawskiej i Dobrzy\u0144skiej we W\u0142oc\u0142awku, 2021.<\/li>\n<li>Hafty krakowskie do po\u0142owy wieku XV i ich tw\u00f3rcy \/ Katarzyna Moskal. \u2013 Krak\u00f3w : Towarzystwo Mi\u0142o\u015bnik\u00f3w Historii i Zabytk\u00f3w Krakowa, 2021.<\/li>\n<li>Hafty wilanowskie = Wilan\u00f3w embroidery \/ [tekst: El\u017cbieta Piskorz-Branekova ; rysunki \u2013 wzory haftu: El\u017cbieta Piskorz-Branekova ; redakcja: Robert Andrzej Dul, Gra\u017cyna Le\u015bniak]. \u2013 [Warszawa] : Wojew\u00f3dztwo Mazowieckie, 2020.<\/li>\n<li>Hale i polany : dziedzictwo zagro\u017cone \/ Krzysztof Buczek, Wojciech Mulet. \u2013 Ochotnica G\u00f3rna : Gmina Ochotnica Dolna, 2022.<\/li>\n<li>Henryk Hirszenberg (1885-1955) i \u015brodowisko \u017cydowskich architekt\u00f3w w \u0141odzi \/ Krzysztof Stefa\u0144ski. \u2013 \u0141\u00f3d\u017a : Wydawnictwo Uniwersytetu \u0141\u00f3dzkiego, 2021.<\/li>\n<li>Heritage and environment \/ edited by Agata W\u0105sowska-Pawlik and Jacek Purchla. \u2013 Krak\u00f3w : International Cultural Centre, 2021.<\/li>\n<li>Herse : warszawski dom mody \/ Agnieszka D\u0105browska. \u2013 Warszawa : Muzeum Warszawy, 2019.<\/li>\n<li>Hinc omnia : zbiory XIX-wieczne : organizacja, terminologia, metodyka bada\u0144, konserwacja \/ red. nauk. Marta M. Kacprzak, Jolanta Talbierska. \u2013 Warszawa : Wydawnictwa Uniwersytetu Warszawskiego, 2021.<\/li>\n<li>Historia zamkni\u0119ta w kamieniu \/ Piotr Nowak, Ryszard Sieroci\u0144ski. \u2013 Tum : Prof-Art Ryszard Sieroci\u0144ski, 2018.<\/li>\n<li>Huculszczyzna 2018 : XX Wyprawa Naukowa Student\u00f3w Architektury Politechniki \u0141\u00f3dzkiej w Karpaty Wschodnie \/ redakcja: Katarzyna B\u0142aszczyk, Katarzyna Gawli\u0144ska, Patryk Wac\u0142awiak, W\u0142odzimierz Witkowski. \u2013 \u0141\u00f3d\u017a : Instytut Architektury i Urbanistyki Politechniki \u0141\u00f3dzkiej : Ko\u0142o Naukowe Student\u00f3w Architektury Politechniki \u0141\u00f3dzkiej \u201cIX Pi\u0119tro\u201d, 2019.<\/li>\n<li>Integracja sztuki i techniki w architekturze i urbanistyce. T. 6\/1 \/ redaktor naczelny J\u00f3zef Flizikowski ; Uniwersytet Technologiczno-Przyrodniczy im. Jana i J\u0119drzeja \u015aniadeckich w Bydgoszczy. Wydzia\u0142 Budownictwa, Architektury i In\u017cynierii \u015arodowiska. Katedra Urbanistyki i Planowania Przestrzennego. \u2013 Bydgoszcz : Wydawnictwa Uczelniane Uniwersytetu Technologiczno-Przyrodniczego, 2020.<\/li>\n<li>Integracja sztuki i techniki w architekturze i urbanistyce. T. 6\/2 \/ redaktor naczelny J\u00f3zef Flizikowski ; Uniwersytet Technologiczno-Przyrodniczy im. Jana i J\u0119drzeja \u015aniadeckich w Bydgoszczy. Wydzia\u0142 Budownictwa, Architektury i In\u017cynierii \u015arodowiska. Katedra Urbanistyki i Planowania Przestrzennego. \u2013 Bydgoszcz : Wydawnictwa Uczelniane Uniwersytetu Technologiczno-Przyrodniczego, 2020.<\/li>\n<li>Interdyscyplinarne badania wielofazowych osiedli obronnych z Pojezierza I\u0142awskiego i Garbu Lubawskiego \/ pod redakcj\u0105 Rafa\u0142a Soleckiego. \u2013 Warszawa : Uniwersytet Kardyna\u0142a Stefana Wyszy\u0144skiego, 2021.<\/li>\n<li>Interpretacja estetyki dzie\u0142 architektury : w procesie ich ochrony na przyk\u0142adzie Krakowa. Tom 1, Lata 1945-1970 \/ \u0141ukasz Kadela. \u2013 Warszawa : Wydawnictwo Naukowe PWN SA, 2021.<\/li>\n<li>Inwentaryzacja i katalog zabytk\u00f3w jako podstawa ochrony i polityki konserwatorskiej : metody, osi\u0105gni\u0119cia, zamierzenia \/ redaktor merytoryczny prof. dr hab. Jakub Lewicki. \u2013 Warszawa : Wojew\u00f3dzki Urz\u0105d Ochrony Zabytk\u00f3w w Warszawie, 2020.<\/li>\n<li>Inwentaryzacja zabytk\u00f3w w Polsce : dzieje, metody, osi\u0105gni\u0119cia \/ red. Micha\u0142 F. Wo\u017aniak. \u2013 Toru\u0144 : Towarzystwo Naukowe w Toruniu, 2021.<\/li>\n<li>Inwentarz kolekcji Theodora Josepha Blella : opracowanie krytyczne \/ autorzy opracowania dr Daniel Gosk, Aleksander Mas\u0142owski, Bart\u0142omiej Butryn ; wsp\u00f3\u0142praca Aleksandra Siuciak ; t\u0142umaczenia Aleksander Mas\u0142owski. \u2013 Malbork : Muzeum Zamkowe w Malborku, 2021.<\/li>\n<li>Inwentarze gmin \u017cydowskich z ziem polskich 1918-1939 : studium \u017ar\u00f3d\u0142oznawcze \/ Tomasz Kawski. \u2013 Bydgoszcz : Wydawnictwo Uniwersytetu Kazimierza Wielkiego, 2021.<\/li>\n<li>Jak mieszka\u0142 magnat w Warszawie za Sas\u00f3w : architektura rezydencjonalna Warszawy w pierwszej po\u0142owie XVIII wieku \/ Jolanta Putkowska. \u2013 Warszawa : Oficyna Wydawnicza Politechniki Warszawskiej, 2021.<\/li>\n<li>Jak wyja\u015bni\u0107 obraz? : metodologiczne tropy historii sztuki w epoce Ernsta H. Gombricha \/ Stanis\u0142aw Czekalski. \u2013 Pozna\u0144 : Wydawnictwo Naukowe UAM, 2022.<\/li>\n<li>Jakby luksusowo : przewodnik po architekturze Warszawy lat 90. \/ Aleksandra St\u0119pie\u0144-D\u0105browska. \u2013 Warszawa : Narodowy Instytut Architektury i Urbanistyki, 2021.<\/li>\n<li>Jan III Sobieski : historia, dziedzictwo, pami\u0119\u0107 \/ pod redakcj\u0105 Bogus\u0142awa Dybasia i Anny Ziemlewskiej. \u2013 Warszawa : Muzeum Pa\u0142acu Kr\u00f3la Jana III w Wilanowie, 2021.<\/li>\n<li>Jan Ziarnko czy Jean le Grain? : tw\u00f3rczo\u015b\u0107 lwowskiego artysty w XVII-wiecznym Pary\u017cu \/ Ma\u0142gorzata Bi\u0142oz\u00f3r-Salwa. \u2013 Warszawa : Narodowy Instytut Polskiego Dziedzictwa Kulturowego za Granic\u0105 POLONIKA, 2021.<\/li>\n<li>Jezuickie przestrzenie baroku : przekszta\u0142cenia strukturalne miast polskich na prze\u0142omie XVI i XVII wieku \/ Danuta K\u0142osek-Koz\u0142owska. \u2013 Warszawa : Oficyna Wydawnicza Politechniki Warszawskiej, 2021.<\/li>\n<li>J\u00f3zef Che\u0142mo\u0144ski : \u201cM\u0119cze\u0144stwo \u015bw. Bart\u0142omieja\u201d : obraz z ko\u015bcio\u0142a parafialnego \u015bw. Bart\u0142omieja Aposto\u0142a w Paw\u0142owicach \/ El\u017cbieta Charazi\u0144ska. \u2013 Radziejowice : Dom Pracy Tw\u00f3rczej w Radziejowicach, 2014.<\/li>\n<li>Juliusz Kossak 1824-1899, Wojciech Kossak 1856-1942 \/ red. Eliza Ptaszy\u0144ska, Ma\u0142gorzata Wi\u015bniewska. \u2013 Suwa\u0142ki : Muzeum Okr\u0119gowe, 2018.<\/li>\n<li>Kaliska I : skarb przedmiot\u00f3w metalowych z p\u00f3\u017anej epoki br\u0105zu na Pomorzu \/ Maciej Kaczmarek, Grzegorz Szczurek, Agnieszka Krzysiak. \u2013 Pozna\u0144 : Uniwersytet im. Adama Mickiewicza. Wydzia\u0142 Archeologii, 2021.<\/li>\n<li>Kalwaria Zebrzydowska na poczt\u00f3wce \/ Zygmunt Wojciech Gola. \u2013 Kalwaria Zebrzydowska : \u201cCalvarianum\u201d, 2002.<\/li>\n<li>Kalwarie polskie : perspektywa komunikacyjna \/ Marek Prejs. \u2013 Warszawa : Wydawnictwa Uniwersytetu Warszawskiego, 2022.<\/li>\n<li>Kaszubskie dziedzictwo kulturowe : ochrona \u2013 trwanie \u2013 rozw\u00f3j \/ red. Ewa Koc\u00f3j, Cezary Obracht-Prondzy\u0144ski, Katarzyna Bara\u0144ska, Miros\u0142aw Kuklik. \u2013 Krak\u00f3w : Wydawnictwo Uniwersytetu Jagiello\u0144skiego, 2021.<\/li>\n<li>Katalog solniczek : muzeum \u017cup Krakowskich Wieliczka : nabytki z lat 2014-2020 \/ Klementyna Ochniak-Dudek. \u2013 Wieliczka : Muzeum \u017bup Krakowskich Wieliczka, 2021.<\/li>\n<li>Katalog Wzornik\u00f3w Tkackich w zbiorach Muzeum Ziemi Prudnickiej \/ \u0141ukasz Grzejszczak. \u2013 Prudnik : Muzeum Ziemi Prudnickiej, 2022.<\/li>\n<li>Katalog zabytk\u00f3w budownictwa przemys\u0142owego w Polsce. T. 7, Wojew\u00f3dztwo lubelskie. z. 3, Powiat \u0142ukowski \/ Piotr Czepas ; Muzeum Archeologiczne i Etnograficzne w \u0141odzi; Instytut Archeologii i Etnologii Polskiej Akademii Nauk w Warszawie. \u2013 \u0141\u00f3d\u017a ; Warszawa : MAiE : IAiE PAN, 2020.<\/li>\n<li>Katedra \u015bwidnicka : per\u0142a Dolnego \u015al\u0105ska \/ Barbara Skoczylas-Stadnik, Franciszek Grzywacz. \u2013 Wydanie III. \u2013 Legnica : Wydawnictwo Edytor, 2020.<\/li>\n<li>Katedra Wniebowzi\u0119cia Naj\u015bwi\u0119tszej Maryi Panny w Kielcach \/ Pawe\u0142 Tkaczyk, Krzysztof P\u0119czalski. \u2013 Kielce : Wydawnictwo Jedno\u015b\u0107, 2021.<\/li>\n<li>KinoFunkcja a KinoRola : modernistyczna architektura powojennych kin polskich \/ red. Rafa\u0142 Paku\u0142a, aut. tekst. Anna Brzezi\u0144ska-Czerska, Ilona Buczkowska, \u0141ukasz Kowalewski, Rafa\u0142 Syska, Kamil \u017byto. \u2013 \u0141\u00f3d\u017a : \u201cEC1 \u0141\u00f3d\u017a \u2013 Miasto Kultury\u201d w \u0141odzi : Narodowe Centrum Kultury Filmowej, 2022.<\/li>\n<li>Klasztor k\u0142obucki : przestrze\u0144, ludzie, aktywno\u015b\u0107, kultura \/ Kazimierz \u0141atak. \u2013 \u0141omianki ; Dziekan\u00f3w Le\u015bny : 2022.<\/li>\n<li>K\u0142opotliwe pami\u0105tki : trud dziedziczenia \/ pod red. Zofii Budrewicz i Marii Sienko. \u2013 Krak\u00f3w : Wydawnictwo Naukowe Uniwersytetu Pedagogicznego, 2012.<\/li>\n<li>Kobieta w czasach Waz\u00f3w \/ Magdalena \u015aniegulska-Gomu\u0142a. \u2013 Kielce : Muzeum Narodowe w Kielcach, 2022.<\/li>\n<li>Koleje biela\u0144skie \/ Bogdan Pokropi\u0144ski. \u2013 Warszawa : Wydawnictwo RM, 2022.<\/li>\n<li>Koleje ziemi z\u0105bkowickiej \/ Przemys\u0142aw Dominas, Tomasz Przerwa. \u2013 \u0141\u00f3d\u017a : Ksi\u0119\u017cy M\u0142yn Dom Wydawniczy Micha\u0142 Koli\u0144ski, 2015.<\/li>\n<li>Kolekcja rodziny Pinno : dar profesora Andrzeja Pinno dla Muzeum im. Jacka Malczewskiego w Radomiu \/ oprac. El\u017cbieta Kwiecie\u0144, Iwona Micke, Katarzyna Wrona. \u2013 Radom : Muzeum im. Jacka Malczewskiego w Radomiu, 2021.<\/li>\n<li>Kolekcjonerzy i arty\u015bci z dwor\u00f3w i pa\u0142ac\u00f3w \/ pod redakcj\u0105 Stanis\u0142awa Borowiaka. \u2013 Dobrzyca : Muzeum Ziemia\u0144stwa w Dobrzycy Zesp\u00f3\u0142 Pa\u0142acowo-Parkowy, 2019.<\/li>\n<li>Kolory miasta \/ Ewa Pokorska-O\u017c\u00f3g. \u2013 Gliwice : Muzeum w Gliwicach, 2021.<\/li>\n<li>Konserwacja malowide\u0142 \u015bciennych : problemy estetyczne : historia, teoria, praktyka\u00a0\/ Tytus Sawicki. \u2013 Warszawa : Akademia Sztuk Pi\u0119knych, 2010.<\/li>\n<li>Konstytucyjna regulacja dziedzictwa narodowego oraz d\u00f3br kultury \/ Anna Frankiewicz-Bodynek. \u2013 Toru\u0144 : Wydawnictwo Adam Marsza\u0142ek, 2019.<\/li>\n<li>Konteksty polskiej bi\u017cuterii patriotycznej : konfederacja barska i powstania narodowe w XIX wieku : historia kulturowa \/ Ewa Letkiewicz. \u2013 Lublin : Wydawnictwo Uniwersytetu Marii Curie-Sk\u0142odowskiej, 2021.<\/li>\n<li>Korzy\u015bci spo\u0142eczne p\u0142yn\u0105ce z bada\u0144 archeologicznych \/ Narodowy Instytut Dziedzictwa. \u2013 [Warszawa] : [Narodowy Instytut Dziedzictwa], [2022].<\/li>\n<li>Ko\u015bcielisko : ko\u015bci\u00f3\u0142 \u015bw. Kazimierza \/ Andrzej Skorupa, Rafa\u0142 Monita. \u2013 Krak\u00f3w : Wydawnictwo Astraia, 2022.<\/li>\n<li>Ko\u015bcio\u0142y drewnem budowane w powiecie z\u0142otowskim \/ Janusz Justyna, Grzegorz Mrozik. \u2013 Z\u0142ot\u00f3w : Muzeum Ziemi Z\u0142otowskiej, 2022.<\/li>\n<li>Ko\u015bcio\u0142y drewniane na \u015al\u0105sku : wojew\u00f3dztwo opolskie \/ Jacek Kubik. \u2013 [Gliwice] : J. Kubik, 2022.<\/li>\n<li>Ko\u015bci\u00f3\u0142 biela\u0144ski : pokamedulski \/ Micha\u0142 Janocha. \u2013 Izabelin-Warszawa : Rosikon Press, 2012.<\/li>\n<li>Ko\u015bci\u00f3\u0142 dominikan\u00f3w w Gda\u0144sku : architektura i jej przeobra\u017cenia \/ Ewa \u0141u\u017cyniecka. \u2013 Wroc\u0142aw : Oficyna Wydawnicza Politechniki Wroc\u0142awskiej, 2022.<\/li>\n<li>Ko\u015bci\u00f3\u0142 parafii pw. Narodzenia \u015bw. Jana Chrzciciela w Korzkwi \/ Piotr S. Szlezynger. \u2013 Wydanie II, rozszerzone i uzupe\u0142nione. \u2013 Krak\u00f3w : Wydawnictwo Instytutu Teologicznego Ksi\u0119\u017cy Misjonarzy, 2022.<\/li>\n<li>Ko\u015bci\u00f3\u0142 \u015bw. Jakuba w Toruniu : historia w ziemi zapisana \/ Krystyna Sulkowska-Tuszy\u0144ska. \u2013 Toru\u0144 : Towarzystwo Mi\u0142o\u015bnik\u00f3w Torunia, 2022.<\/li>\n<li>Ko\u015bci\u00f3\u0142 \u015bw. Jana Kantego w K\u0119tach \/ oprac. Kazimierz Brzuska, Marta Tylza-Janosz. \u2013 K\u0119ty : Towarzystwo Mi\u0142o\u015bnik\u00f3w K\u0119t, 2017.<\/li>\n<li>Ko\u015bci\u00f3\u0142 w Gogo\u0142owie pw. \u015bw. Katarzyny Aleksandryjskiej \/ [rys historyczny Pawe\u0142 Batory]. \u2013 Krosno : Wydawnictwo AGAZAH ; na zlecenie Parafii rzymskokatolickiej pw. \u015bw. Katarzyny Aleksandryjskiej w Gogo\u0142owie, 2022.<\/li>\n<li>Ko\u015bciuszko z Machowa i inni : antologia godek lasowiackich \/ oprac. Patrycja Laskowska-Chy\u0142a, Beata Lorens, El\u017cbieta Wi\u0105cek. \u2013 Stalowa Wola : Miejski Dom Kultury w Stalowej Woli, 2022.<\/li>\n<li>Kowad\u0142a i m\u0142otki : dom, warsztat i wytw\u00f3rczo\u015b\u0107 gda\u0144skiego z\u0142otnika w XVIII wieku \/ Jacek Kriegseisen. \u2013 Gda\u0144sk : Wydawnictwo Uniwersytetu Gda\u0144skiego, 2021.<\/li>\n<li>Krainy pami\u0119ci : o dziedzictwie i to\u017csamo\u015bci we wsp\u00f3\u0142czesnej Europie \/ Sharon Macdonald. \u2013 Krak\u00f3w : Mi\u0119dzynarodowe Centrum Kultury, 2021.<\/li>\n<li>Krajowa lista niematerialnego dziedzictwa kulturowego : krajowy rejestr dobrych praktyk w ochronie niematerialnego dziedzictwa kulturowego \/ [redakcja Katarzyna Sadowska-Mazur ; opracowanie tekst\u00f3w Katarzyna Sadowska-Mazur, Amudena Rutkowska, Julia W\u0142odarczyk]. \u2013 Wydanie pi\u0105te rozszerzone. \u2013 Warszawa : Narodowy Instytut Dziedzictwa, 2021.<\/li>\n<li>Kredens Babuni \/ oprac. Magdalena Przysi\u0119\u017cna-Pizarska, red. Krzysztof Spycha\u0142a ; Narodowy Instytut Dziedzictwa. \u2013 Opole : Narodowy Instytut Dziedzictwa. Odzia\u0142 Terenowy w Opolu, 2021.<\/li>\n<li>Kr\u00f3lewskie miasto : trzy stulecia przemian kultury artystycznej Torunia 1454-1793 : wystawa na 160-lecie Muzeum Okr\u0119gowego w Toruniu : katalog \/ red. Micha\u0142 Kurkowski. \u2013 Toru\u0144 : Muzeum Okr\u0119gowe w Toruniu, Towarzystwo Naukowe w Toruniu, 2021.<\/li>\n<li>Ksi\u0119ga standard\u00f3w ulicy Piotrkowskiej : zasady kszta\u0142towania front\u00f3w lokali us\u0142ugowych w Parku Kulturowym ulicy Piotrkowskiej \/ autorzy: RWSL pracownia architektoniczna ; nadz\u00f3r i wsp\u00f3\u0142pr. Kamila Kwieci\u0144ska-Trzewikowska, Aleksandra Sztuka, Marta Nowacka. \u2013 \u0141\u00f3d\u017a : Urz\u0105d Miasta, 2016.<\/li>\n<li>Kszta\u0142towanie uk\u0142ad\u00f3w urbanistycznych i przestrzennych dawnych granicznych o\u015brodk\u00f3w kolejowych Polski \/ Weronika Dragan. \u2013 Katowice : Wydawnictwo Uniwersytetu \u015al\u0105skiego, 2021.<\/li>\n<li>Kutno : powstanie i rozw\u00f3j ma\u0142ego o\u015brodka miejskiego w uj\u0119ciu interdyscyplinarnym \/ praca zbiorowa pod redakcj\u0105 Artura Gintera, Judyty Ginter. \u2013 Kutno : \u0141\u00f3d\u017a, Muzeum Regionalne w Kutnie ; Instytut Archeologii Uniwersytetu \u0141\u00f3dzkiego, 2021.<\/li>\n<li>Laudatissimus Phidias noster : rze\u017abiarz Johann Riedel SJ (1654-1736) mi\u0119dzy czesk\u0105 tradycj\u0105 cechow\u0105 a francusk\u0105 sztuk\u0105 akademick\u0105 \/ Pawe\u0142 Migasiewicz. \u2013 Warszawa : Instytut Sztuki PAN, 2021.<\/li>\n<li>Lawinit : mi\u0119dzy ceramik\u0105 a br\u0105zem : wyroby lawinitowe z lat 1923-1939 w zbiorach Muzeum Ziemi Kujawskiej i Dobrzy\u0144skiej we W\u0142oc\u0142awku \/ Karolina Bandziak-Kwiatkowska. \u2013 W\u0142oc\u0142awek : Muzeum Ziemi Kujawskiej i Dobrzy\u0144skiej we W\u0142oc\u0142awku, 2021.<\/li>\n<li>L\u0105d Pomnikiem Historii : dawne opactwo cysterskie z XII w. z perspektywy dekady 2009-2019 \/ Mariusz Chamarczuk. \u2013 L\u0105d nad Wart\u0105 : Wy\u017csze Seminarium Duchowne Towarzystwa Salezja\u0144skiego, 2020.<\/li>\n<li>Lekarze duszy : 200 lat dzia\u0142alno\u015bci muzealnik\u00f3w na \u015al\u0105sku \/ Marcin W\u0105do\u0142owski. \u2013 Siemianowice \u015al\u0105skie : Muzeum Miejskie w Siemianowicach \u015al\u0105skich, 2022.<\/li>\n<li>Lela : \u017cycie i tw\u00f3rczo\u015b\u0107 Anieli z Wolskich Pawlikowskiej (1901-1980) \/ Marta Trojanowska. \u2013 Przemy\u015bl : Muzeum Narodowe Ziemi Przemyskiej, 2021.<\/li>\n<li>Leon Chwistek : \u017cycie i dzie\u0142o \/ Wojciech S\u0142omski. \u2013 Warszawa : Oficyna Wydawnicza Aspra-JR, 2022.<\/li>\n<li>Les restes humains : l\u00e9gislation, int\u00e9r\u00eat scientifique et enjeu \u00e9thique des ensembles anthropobiologiques \/ sous la direction de Yann Ardagna et Anne Chaillou. \u2013 Aix-en-Provence : Presses Universitaires de Provence, 2022.<\/li>\n<li>Letnisko : subiektywny przewodnik po linii otwockiej \/ Agnieszka Kowalska. \u2013 Warszawa : Dom Spotka\u0144 z Histori\u0105, 2021.<\/li>\n<li>Listy znad jeziora Como \/ Romano Guardini. \u2013 Warszawa : Narodowy Instytut Architektury i Urbanistyki, 2021.<\/li>\n<li>Local architecture heritage in the integrated approach : research \u2013 protection \u2013 education \/ Magdalena \u017bmudzi\u0144ska-Nowak. \u2013 Gliwice : Wydawnictwo Politechniki \u015al\u0105skiej, 2019.<\/li>\n<li>Lokalne polityki pami\u0119ci zmar\u0142ych : \u201ccmentarze nieistniej\u0105cych cmentarzy\u201d w Gda\u0144sku i Wroc\u0142awiu \/ Izabela Sk\u00f3rzy\u0144ska, Anna Wachowiak. \u2013 Pozna\u0144 : Instytut Historii UAM, 2016.<\/li>\n<li>Lw\u00f3w miasto trzech katedr : \u015bladami wielokulturowej architektury sakralnej \/ Jerzy Kazimierz Babiak, Jurij Smirnow. \u2013 Pozna\u0144 ; Lw\u00f3w : Silva Rerum, 2021.<\/li>\n<li>\u0141\u00f3dzkie mozaiki i inne monumentalne akcenty plastyczne czas\u00f3w PRL \/ Bartosz St\u0119pie\u0144. \u2013 \u0141\u00f3d\u017a : Ksi\u0119\u017cy M\u0142yn Dom Wydawniczy Micha\u0142 Koli\u0144ski, 2021.<\/li>\n<li>\u0141\u00f3dzkie neony : zapomniane per\u0142y wzornictwa PRL-u \/ Bartosz St\u0119pie\u0144. \u2013 \u0141\u00f3d\u017a : Ksi\u0119\u017cy M\u0142yn Dom Wydawniczy Micha\u0142 Koli\u0144ski, cop. 2014.<\/li>\n<li>\u0141\u00f3d\u017a : ilustrowany atlas architektury \/ koncepcja i projekt Magdalena Piwowar ; wyb\u00f3r i tekst Anna Ciarkowska, B\u0142a\u017cej Ciarkowski, ilustracje Mateusz Gryz\u0142o, Maria \u0141omniak, Hubert Przybyszewski. \u2013 Warszawa : Fundacja Centrum Architektury, 2022.<\/li>\n<li>\u0141\u00f3d\u017a : kalendarium XX wieku : 1901-2000 \/ Gra\u017cyna Kobojek. \u2013 \u0141\u00f3d\u017a : Pi\u0105tek Trzynastego Wydawnictwo, 2005.<\/li>\n<li>\u0141\u00f3d\u017a Kamienice \/ Jacek Kusi\u0144ski, Krzysztof Stefa\u0144ski, Marcin Szyma\u0144ski. \u2013 \u0141\u00f3d\u017a : Wydawnictwo Kusi\u0144ski, 2021.<\/li>\n<li>Magia krajobrazu : polska liryka pejza\u017cowa i malarstwo XIX oraz XX wieku \/ Marcin Rychlewski. \u2013 Pozna\u0144 : Wydawnictwo Naukowe Uniwersytetu im. Adama Mickiewicza, 2018.<\/li>\n<li>Malarz : J\u00f3zef Che\u0142mo\u0144ski \/ Joanna M. Sosnowska. \u2013 Warszawa : Instytut Sztuki PAN, 2021.<\/li>\n<li>Ma\u0142a architektura sakralna Kaszub : perspektywa antropologiczna \/ red. Katarzyna Marciniak. \u2013 Gda\u0144sk : Muzeum Narodowe, 2016.<\/li>\n<li>Ma\u0142opolska architektura drewniana \/ tekst i oprac. merytoryczne Joanna Daranowska-\u0141ukaszewska. \u2013 Olszanica : Wydawnictwo Bosz, 2005.<\/li>\n<li>Maria i Kazimierz Piechotkowie : wspomnienia architekt\u00f3w \/ Maria i Kazimierz Piechotkowie ; redaktor prowadz\u0105ca Katarzyna Mado\u0144-Mitzner. \u2013 Warszawa : Dom Spotka\u0144 z Histori\u0105, 2021.<\/li>\n<li>Marketing dziedzictwa kulturowego : obiekt zabytkowy na rynku \/ Andrzej Szromnik. \u2013 Warszawa : Wydawnictwo C. H. Beck, 2022.<\/li>\n<li>Marmury kr\u00f3lewskie : badania nad aktywno\u015bci\u0105 przestrzeni mikroporowych przy pr\u00f3bach nasycenia wybranymi impregnatami konserwatorskimi \/ Wies\u0142aw Procyk. \u2013 Warszawa : Akademia Sztuk Pi\u0119knych, 2013.<\/li>\n<li>Mazurzy \/ opracowanie pod red. S\u0142awomira Sobotki. \u2013 Warszawa : Polskie Towarzystwo Historyczne ; Olsztyn : Polskie Towarzystwo Historyczne. Oddzia\u0142 w Olsztynie : Pracownia Wydawnicza ElSet, 2020.<\/li>\n<li>Michael Willmann (1630-1706) : \u015bl\u0105ski mistrz malarstwa barokowego \/ Andrzej Kozie\u0142. \u2013 Wroc\u0142aw : Via Nova, 2019.<\/li>\n<li>Miejsce, kt\u00f3re ratuje : prostota franciszka\u0144ska i rokokowa ekspresja w za\u0142o\u017ceniu pielgrzymkowym w Ratowie nad Wkr\u0105 \/ redakcja naukowa Micha\u0142 Wardzy\u0144ski. \u2013 Warszawa : Wydawnictwo Neriton ; Ratowo : Sanktuarium Diecezjalne \u015bw. Antoniego z Padwy w Ratowie, 2020.<\/li>\n<li>Mi\u0119dzy Krakowem a Pary\u017cem : tw\u00f3rczo\u015b\u0107 graficzna i malarska Jana Rubczaka \/ Katarzyna Anna Kesling. \u2013 Warszawa : Instytut Sztuki Polskiej Akademii Nauk, 2021.<\/li>\n<li>Mistrzostwo rysunku : Andrzej Radwa\u0144ski (1711-1762) \/ Natalia Koziara-Och\u0119duszko. \u2013 Krak\u00f3w : Wydawnictwo Zamku Kr\u00f3lewskiego na Wawelu, 2022.<\/li>\n<li>M\u0142yny i tartaki wodne doliny Popradu \/ Bogdan Potoniec. \u2013 Nowy S\u0105cz : Polskie Towarzystwo Historyczne Oddzia\u0142 w Nowym S\u0105czu, 2021.<\/li>\n<li>Modernizm mi\u0119dzy budynkami \/ Agnieszka K\u0119pkowicz, Ma\u0142gorzata Sosnowska, Ilona Wo\u017aniak-Kostecka. \u2013 Warszawa : Wydawnictwa Uniwersytetu Warszawskiego, 2021.<\/li>\n<li>Modlnica : ko\u015bci\u00f3\u0142 \u015bw. Wojciecha i Matki Bo\u017cej Bolesnej \/ Stanis\u0142aw Nowina Konopka, Rafa\u0142 Monita. \u2013 Krak\u00f3w : Wydawnictwo Astraia, 2021.<\/li>\n<li>Monografia m\u0142yna papierniczego w Dusznikach-Zdroju \/ Jan Ba\u0142chan, Rafa\u0142 Eysymontt, Rainer Sachs, Maciej Szymczyk. \u2013 Duszniki-Zdr\u00f3j : Muzeum Papiernictwa, 2018.<\/li>\n<li>Mowa cia\u0142a w sztuce : pozy i gesty \/ Desmond Morris. \u2013 Warszawa : Wydawnictwo Arkady, 2022.<\/li>\n<li>MUR : ilustrowany atlas architektury Muranowa \/ koncepcja i projekt Magdalena Piwowar ; wyb\u00f3r i tekst Beata Chom\u0105towska, Grzegorz Pi\u0105tek, Katarzyna Uchowicz ; ilustracje Kamila Doniec, Maciej Dr\u0105\u017ckiewicz, Mateusz Gryz\u0142o, Maria \u0141omniak. \u2013 Warszawa : Fundacja Centrum Architektury, 2022.<\/li>\n<li>Murowane budowle obronne w Polsce X-XVII w. T. 1 \/ Adam Wagner. \u2013 Warszawa : Bellona, 2019.<\/li>\n<li>Murowane budowle obronne w Polsce X-XVII w. T. 2 \/ Adam Wagner. \u2013 Warszawa : Bellona, 2019.<\/li>\n<li>Mury miejskie Lublina \/ Jadwiga Teodorowicz-Czerpi\u0144\u015bka, Gra\u017cyna Michalska. \u2013 Lublin : Urz\u0105d Miasta Lublin, 2021.<\/li>\n<li>Muzea-preteksty : niezrealizowane przedsi\u0119wzi\u0119cia muzealne wobec negatywnego dziedzictwa w Warszawie \/ \u0141ukasz Bukowiecki. \u2013 Warszawa : Wydawnictwa Uniwersytetu Warszawskiego, 2021.<\/li>\n<li>Muzeum ReGeneracje : modernizacja zabytkowych kamienic G\u0105ski i Esterki na\u00a0potrzeby \u201cMuzeum Historii Radomia\u201d \u2013 sta\u0142ej ekspozycji Muzeum im. Jacka Malczewskiego w Radomiu 2018-2020 : album \/ pod redakcj\u0105 Adama Duszyka. \u2013 Radom : Muzeum im. Jacka Malczewskiego, 2022.<\/li>\n<li>Na tropach Cysters\u00f3w : Byszewo-Koronowo \/ Bogna Derkowska-Kostkowska. \u2013 Bydgoszcz : Kujawsko-Pomorskie Centrum Kultury w Bydgoszczy, 2022.<\/li>\n<li>Najpi\u0119kniejsze w skarbcu : pami\u0105tki kr\u00f3lewskie \/ red. Izabela Bili\u0144ska-Socha. \u2013 Krak\u00f3w : Zamek Kr\u00f3lewski na Wawelu, 2022.<\/li>\n<li>Najwcze\u015bniejsze relacje konserwatorskie o zabytkach Krosna i powiatu oraz ich autor Ludwik Mieczys\u0142aw Lubicz Potocki (1810-1878) \/ Tadeusz \u0141opatkiewicz. \u2013 Krosno : Karpacka Pa\u0144stwowa Uczelnia w Kro\u015bnie : Wydawnictwo Pigonianum, 2022.<\/li>\n<li>Niechciana sto\u0142eczno\u015b\u0107 : architektura i urbanistyka Krakowa w czasie okupacji niemieckiej 1939-1945 \/ autorzy tekst\u00f3w Diana B\u0142o\u0144ska, Kazimierz Butelski, Andrzej Chwalba, Mateusz Dro\u017cd\u017c, Jadwiga Gwizda\u0142\u00f3wna, Paul Jaskot, Kamil Karski, \u017banna Komar, Krzysztof Lenartowicz, Dominik Lulewicz, Rafa\u0142 Och\u0119duszko, Jacek Purchla, Monika Rydiger, Micha\u0142 Wi\u015bniewski, Barbara Zbroja ; red. nauk. Jacek Purchla ; t\u0142um. Dorota \u017bywczak. \u2013 Krak\u00f3w : Mi\u0119dzynarodowe Centrum Kultury, 2022.<\/li>\n<li>Niewidoczna : rze\u017abiarka Hanna Na\u0142kowska \/ Magdalena Kasa. \u2013 Warszawa : Instytut Sztuki Polskiej Akademii Nauk, 2021.<\/li>\n<li>Nieznane twarze Koszalina : miejsca, kt\u00f3rych ju\u017c nie ma \/ zesp\u00f3\u0142 redakcyjny pod kierunkiem Doroty Cywi\u0144skiej: Krzysztof Urbanowicz, Zbigniew Wojtkiewicz. \u2013 Koszalin : Archiwum Pa\u0144stwowe w Koszalinie, 2021.<\/li>\n<li>Nowa Huta : architektoniczny portret miasta drugiej po\u0142owy XX wieku \/ red. Jaros\u0142aw Kla\u015b. \u2013 Krak\u00f3w : O\u015brodek Kultury im. Cypriana K. Norwida, 2018.<\/li>\n<li>Nowe funkcje w zabytkach \/ pod redakcj\u0105 Ireny Kontny. \u2013 Katowice : \u015al\u0105ski Wojew\u00f3dzki Konserwator Zabytk\u00f3w : Instytut My\u015bli Polskiej im. Wojciecha Korfantego, 2020.<\/li>\n<li>Nowosielski na \u015al\u0105sku : sztuka sakralna \/ Krystyna Czerni. \u2013 Tychy : Muzeum Miejskie w Tychach, 2022.<\/li>\n<li>\u2018O kaliskich fortepianach : fotografie i dokumenty ze zbior\u00f3w Muzeum Okr\u0119gowego Ziemi Kaliskiej \/ Anna Roth. \u2013 Kalisz : Muzeum Okr\u0119gowe Ziemi Kaliskiej, 2018.<\/li>\n<li>\u2018O pocz\u0105tkach lubelskiej wie\u017cy zamkowej \/ Jacek Chachaj. \u2013 Lublin : Wydawnictwo Werset, 2020.<\/li>\n<li>\u2018O salach Senatu Rzeczypospolitej Polskiej w latach mi\u0119dzywojennych i architekcie Stanis\u0142awie Miecznikowskim \/ Jaros\u0142aw Maciej Zawadzki ; Senat Rzeczypospolitej Polskiej. \u2013 Warszawa : Kancelaria Senatu, 2021.<\/li>\n<li>Obiekty sportowe \u0141odzi : od miejskich park\u00f3w i plac\u00f3w po stadiony i hale sportowe \/ Sebastian Glica, Miros\u0142aw Jaskulski. \u2013 \u0141\u00f3d\u017a : Muzeum Miasta \u0141odzi, 2021.<\/li>\n<li>Obrazowanie natury w nowo\u017cytnym Gda\u0144sku : o kulturze kolekcjonerskiej miasta \/ Anna Sobecka. \u2013 Gda\u0144sk : wydawnictwo s\u0142owo\/obraz\/terytoria, 2021.<\/li>\n<li>Obsesja porz\u0105dku : niemieccy architekci planuj\u0105 w okupowanej Polsce : 1939-1945 \/ Niels Gutschow. \u2013 Warszawa : Wydawnictwa Uniwersytetu Warszawskiego, 2021.<\/li>\n<li>Ochrona d\u00f3br kultury : plakaty ze zbior\u00f3w Muzeum Niepodleg\u0142o\u015bci w Warszawie : katalog wystawy \/ pod red. Tadeusza Skoczka ; [autor tekstu: Andrzej Kotecki]. \u2013 Warszawa : Wydawnictwo Naukowe Muzeum Niepodleg\u0142o\u015bci, 2021.<\/li>\n<li>Ochrona d\u00f3br kultury na wypadek szczeg\u00f3lnych zagro\u017ce\u0144 : wybrane aspekty ewakuacji os\u00f3b i zbior\u00f3w \/ red. Krzysztof T. Kocio\u0142ek. \u2013 Krak\u00f3w : Wydawnictwo Szko\u0142y Aspirant\u00f3w Pa\u0144stwowej Stra\u017cy Po\u017carnej, 2017.<\/li>\n<li>Ochrona d\u00f3br kultury w sytuacjach kryzysowych i konfliktach zbrojnych : kazusy i\u00a0instrukcje \/ redakcja naukowa Katarzyna G\u00f3ralczyk, Marta Szuniewicz-St\u0119pie\u0144 ; autorzy : Bo\u017cena Boba-Dyga [et al.]. \u2013 Gdynia : Akademia Marynarki Wojennej ; Krak\u00f3w : Stowarzyszenie Willa Decjusza : Instytut Kultury Willa Decjusza, 2022.<\/li>\n<li>Ochrona d\u00f3br kultury w sytuacjach kryzysowych i konfliktach zbrojnych : wyb\u00f3r \u017ar\u00f3de\u0142 krajowych \/ redakcja naukowa Katarzyna G\u00f3ralczyk, Krzysztof Sa\u0142aci\u0144ski, Marta Szuniewicz-St\u0119pie\u0144. \u2013 Stan prawny na 31.10.2021 r. \u2013 Gdynia : Akademia Marynarki Wojennej ; Krak\u00f3w : Stowarzyszenie Willa Decjusza : Instytut Kultury Willa Decjusza, 2022.<\/li>\n<li>Ochrona d\u00f3br kultury w sytuacjach kryzysowych i konfliktach zbrojnych : wyb\u00f3r \u017ar\u00f3de\u0142 mi\u0119dzynarodowych \/ redakcja naukowa Katarzyna G\u00f3ralczyk, Marek Lemiesz, Marta Szuniewicz-St\u0119pie\u0144. \u2013 Stan prawny na 31.07.2021 r. \u2013 Gdynia : Akademia Marynarki Wojennej ; Krak\u00f3w : Stowarzyszenie Willa Decjusza : Instytut Kultury Willa Decjusza, 2022.<\/li>\n<li>Ochrona d\u00f3br kultury w sytuacjach kryzysowych i konfliktach zbrojnych. T. 1 \/ redakcja naukowa Katarzyna G\u00f3ralczyk, Marta Szuniewicz-St\u0119pie\u0144 ; autorzy : Bo\u017cena Boba-Dyga [et al.]. \u2013 Gdynia : Akademia Marynarki Wojennej ; Krak\u00f3w : Instytut Kultury Willa Decjusza, 2022.<\/li>\n<li>Ochrona d\u00f3br kultury w sytuacjach kryzysowych i konfliktach zbrojnych. T. 2 \/ redakcja naukowa Katarzyna G\u00f3ralczyk, Marta Szuniewicz-St\u0119pie\u0144 ; autorzy : Bo\u017cena Boba-Dyga [et al.]. \u2013 Gdynia : Akademia Marynarki Wojennej ; Krak\u00f3w : Stowarzyszenie Willa Decjusza : Instytut Kultury Willa Decjusza, 2022.<\/li>\n<li>Od ratusza do muzeum : pocz\u0105tki Muzeum Gda\u0144ska 1970-1989 \/ pod redakcj\u0105 Ewy Barylewskiej-Szyma\u0144skiej i Janusza Dragacza. \u2013 Gda\u0144sk : Wydawnictwo Muzeum Gda\u0144ska, 2020.<\/li>\n<li>Od rezydencji do pa\u0142acu sztuki : historie Ko\u015bcielca Kolskiego : materia\u0142y z sesji popularnonaukowej zorganizowanej przez Zesp\u00f3\u0142 Szk\u00f3\u0142 Plastycznych w Kole w pa\u0142acu w Ko\u015bcielcu pow. kolski w dniu 3 pa\u017adziernika 2016 roku \/ pod red. Makarego G\u00f3rzy\u0144skiego. \u2013 Ko\u015bcielec k. Ko\u0142a : Zesp\u00f3\u0142 Szk\u00f3\u0142 Plastycznych w Kole, 2016.<\/li>\n<li>Od Sopotu po Stogi : pocz\u0105tki k\u0105pielisk morskich w okolicach Gda\u0144ska (1800-1870) \/ Janusz Dargacz. \u2013 Gda\u0144sk : Muzeum Gda\u0144ska, 2020.<\/li>\n<li>Odzie\u017c i akcesoria stroju w \u015bredniowiecznym Elbl\u0105gu \/ Anna Rybarczyk. \u2013 \u0141\u00f3d\u017a : Instytut Archeologii i Etnologii Polskiej Akademii Nauk. O\u015brodek Bada\u0144 nad Dawnymi Technologiami, 2021.<\/li>\n<li>Odzyskane : wok\u00f3\u0142 architektury Sopotu \/ red. Karolina Babicz-Kaczmarek. \u2013 Sopot : Muzeum Sopotu, 2021.<\/li>\n<li>Ogrody zwierz\u0105t : staropolskie zwierzy\u0144ce i mena\u017cerie \/ Aleksandra Jak\u00f3bczyk-Gola. \u2013 Warszawa : Wydawnictwa Uniwersytetu Warszawskiego : Muzeum Historii Polski, 2021.<\/li>\n<li>Ogr\u00f3d i Gaj w Gucinie : historia romantycznego ustronia w S\u0142u\u017cewie \/ Maciej \u015awi\u0105tkowski. \u2013 Warszawa : Ogrody Sztuki, 2017.<\/li>\n<li>Organy Jana \u015aliwi\u0144skiego z ko\u015bcio\u0142a pw. Wniebowzi\u0119cia Naj\u015bwi\u0119tszej Maryi Panny w Krynicy-Zdroju \/ Andrzej G\u0142adysz. \u2013 Lublin : Wydawnictwo Muzyczne Polihymnia, 2022.<\/li>\n<li>Oro\u0144sko : in horto artis = w ogrodzie sztuki \/ Maciej \u015awi\u0105tkowski. \u2013 Oro\u0144sko : Centrum Rze\u017aby Polskiej w Oro\u0144sku, 2021.<\/li>\n<li>Oskar Kolberg 1814-1890 \/ oprac. tekstu i il. Katarzyna Markiewicz \u2013 Radom : Muzeum Wsi Radomskiej ; Warszawa : Instytut Muzyki i Ta\u0144ca, 2014.<\/li>\n<li>Ostra sztuka : gotyk na ziemi radomskiej \/ [redakcja albumu Ma\u0142gorzata Cie\u015blak-Kopyt, prof. dr hab. Dariusz Kupisz, Dorota Pogodzi\u0144ska, Katarzyna Sta\u0144czuk]. \u2013 Radom : Muzeum im. Jacka Malczewskiego w Radomiu ; P\u0119kowice : Wydawnictwo i Pracownia Archeologiczna Profil-Archeo, 2022.<\/li>\n<li>Pa\u0142ac Popiel\u00f3w : przemiany architektoniczne i wystr\u00f3j wn\u0119trz : w 200-lecie krakowskiej rezydencji rodzinnej \/ Pawe\u0142 Dettloff. \u2013 Krak\u00f3w : Towarzystwo Naukowe Societas Vistulana, 2021.<\/li>\n<li>Pa\u0142ac w Dukli : skarby utracone \/ Jan Spytek Tarnowski. \u2013 \u0141omianki : Wydawnictwo LTW, 2022.<\/li>\n<li>Pa\u0142ace Wilna XVII-XVIII wieku \/ Anna Sylwia Czy\u017c. \u2013 Warszawa : Narodowy Instytut Polskiego Dziedzictwa Kulturowego za Granic\u0105 \u201cPolonika\u201d, 2021.<\/li>\n<li>Panowie i hrabiowie von der Groeben : szlachecki r\u00f3d w Prusach : wystawa czasowa organizowana w dniach 9 lipca -2 pa\u017adziernika 2022 r., Zamek w Kwidzynie, Oddzia\u0142 Muzeum Zamkowego w Malborku \/ [tekst \u0141ukasz Rzepczy\u0144sk]. \u2013 Malbork : Muzeum Zamkowe, 2022.<\/li>\n<li>Paradoksy dziedzictwa : postindustrialne przestrzenie w optyce kulturoznawczej \/ Karolina Golinowska. \u2013 Pozna\u0144 : Wydawnictwo Nauk Spo\u0142ecznych Uniwersytetu im. Adama Mickiewicza w Poznaniu, 2021.<\/li>\n<li>Park Kulturowy : szansa i wyzwanie \/ koordynator projektu : Wioletta \u0141abuda Iwaniak ; opieka merytoryczna Roman Marcinek. \u2013 Warszawa : Narodowy Instytut Dziedzictwa, 2022.<\/li>\n<li>Patronackie osiedla robotnicze. Tom 1, G\u00f3rny \u015al\u0105sk \/ Micha\u0142 Bulsa. \u2013 \u0141\u00f3d\u017a : Ksi\u0119\u017cy M\u0142yn Dom Wydawniczy, 2022.<\/li>\n<li>Pejza\u017ce na porcelanie : inspiracje malarskie z Bellottem w tle \/ [kurator wystawy i\u00a0redaktor naukowy Anna Szkur\u0142at]. \u2013 Warszawa : Zamek Kr\u00f3lewski w Warszawie \u2013 Muzeum, 2022.<\/li>\n<li>Pilzno : monografia miasta do 1945 roku \/ pod red. ks. Bogdana Stanaszka. \u2013 Pilzno : Towarzystwo Przyjaci\u00f3\u0142 Pilzna i Ziemi Pil\u017anie\u0144skiej : wsp\u00f3\u0142praca Burmistrz : Dom Kultury, 2018.<\/li>\n<li>Plac jako zagadnienie urbanistyczne \/ Ewa Grochowska. \u2013 Warszawa : Oficyna Wydawnicza Politechniki Warszawskiej, 2021.<\/li>\n<li>Pleszewski mikroregion osadniczy spo\u0142eczno\u015bci \u0142u\u017cyckich p\u00f3l popielnicowych. Cz. 1 \/ Grzegorz Szczurek ; Uniwersytet im. Adama Mickiewicza w Poznaniu. Wydzia\u0142 Archeologii. \u2013 Pozna\u0144 : Uniwersytet im. Adama Mickiewicza. Wydzia\u0142 Archeologii, 2021.<\/li>\n<li>Pleszewski mikroregion osadniczy spo\u0142eczno\u015bci \u0142u\u017cyckich p\u00f3l popielnicowych. Cz. 2 \/ Grzegorz Szczurek ; Uniwersytet im. Adama Mickiewicza w Poznaniu. Wydzia\u0142 Archeologii. \u2013 Pozna\u0144 : Uniwersytet im. Adama Mickiewicza. Wydzia\u0142 Archeologii, 2021.<\/li>\n<li>Pocz\u0105tki urbanistyki wsp\u00f3\u0142czesnej : do\u015bwiadczenia zagraniczne a \u015brodowisko warszawskich urbanist\u00f3w prze\u0142omu XIX i XX w. \/ Alicja Szmelter. \u2013 Warszawa : Oficyna Wydawnicza Politechniki Warszawskiej, 2019.<\/li>\n<li>Podr\u00f3\u017c w przesz\u0142o\u015b\u0107 Wieliczki \/ Barbara Konwerska. \u2013 Warszawa : Ministerstwo Kultury i Dziedzictwa Narodowego ; Wieliczka : Muzeum \u017bup Krakowskich Wieliczka, 2022.<\/li>\n<li>Policja budowlana : zrealizowane i niezrealizowane projekty urbanistyczne miasta Wrze\u015bnia z lat 1793-1945 \/ Sebastian Mazurkiewicz. \u2013 Wrze\u015bnia : Muzeum Regionalne im. Dzieci Wrzesi\u0144skich, 2022.<\/li>\n<li>Polska archeologiczna my\u015bl konserwatorska : przemiany na przestrzeni XX wieku \/ Jacek Wysocki. \u2013 Warszawa : Uniwersytet Kardyna\u0142a Stefana Wyszy\u0144skiego, 2021.<\/li>\n<li>Polskie meble 1945-1970 : idee i rzeczywisto\u015b\u0107 \/ Anna Kostrzy\u0144ska-Mi\u0142osz. \u2013 Warszawa : Instytut Sztuki PAN, 2021.<\/li>\n<li>Polskie ogrody XVIII wieku : kompozycje, style, kontekst kulturowy \/ Seweryn Malawski. \u2013 Warszawa : Narodowe Centrum Kultury, 2021.<\/li>\n<li>Pontyfikalia biskupie w zbiorach klasztoru zakonu Braci Mniejszych Konwentualnych \/ Rafa\u0142 Maria Antoszczuk OFMConv. \u2013 Krak\u00f3w : Tyniec Wydawnictwo Benedyktyn\u00f3w, 2021.<\/li>\n<li>Poradnik dobrych praktyk architektonicznych : fabryki prawego brzegu \/ koncepcja i oprac. Adam Lisiecki, Krzysztof Michalski, Piotr Stryczy\u0144ski, Piotr Kilanowski. \u2013 Warszawa : Stowarzyszenie \u201cPorozumienie dla Pragi\u201d, 2020.<\/li>\n<li>Poradnik dobrych praktyk architektonicznych : powojenne osiedla Pragi \/ koncepcja i oprac. Katarzyna Kuzko-Zwierz, Ewa Kalnoj-Ziajkowska, Krzysztof Michalski, Piotr Stryczy\u0144ski, Piotr Kilanowski. \u2013 Warszawa : Stowarzyszenie \u201cPorozumienie dla Pragi\u201d, 2021.<\/li>\n<li>Poradnik dobrych praktyk architektonicznych dla Mokotowa \/ red. merytoryczna Katarzyna Domagalska, Zbigniew Domagalski. \u2013 Warszawa : Fundacja Wzornictwo i \u0141ad, 2021.<\/li>\n<li>Poradnik opiekuna domu drewnianego \/ Filip Gawli\u0144ski. \u2013 Warszawa : Narodowy Instytut Dziedzictwa, 2022.<\/li>\n<li>Portret konny Stanis\u0142awa Kostki Potockiego Jacques\u2019a-Louisa Davida w kolekcji Muzeum Pa\u0142acu Kr\u00f3la Jana III w Wilanowie \/ pod red. Doroty Folgi-Januszewskiej i Joanny Paprockiej-Gajek ; autorki tekst\u00f3w: Anna Guzowska, Anna Kwiatkowska, Dominika Walawender-Musz. \u2013 Warszawa : Muzeum Pa\u0142acu Kr\u00f3la Jana III w Wilanowie, 2021.<\/li>\n<li>Postrzeganie i ocena dzie\u0142 sztuki europejskiej XVII i pierwszej po\u0142owy XVIII wieku w \u015bwietle literatury podr\u00f3\u017cniczej tego okresu \/ Ma\u0142gorzata Wyrzykowska ; Uniwersytet Wroc\u0142awski. Wydzia\u0142 Nauk Historycznych i Pedagogicznych. \u2013 Krak\u00f3w : Wydawnictwo Ksi\u0119garnia Akademicka, 2021.<\/li>\n<li>Prace konserwatorskie w zespole ko\u015bcio\u0142a NMP w Malborku \u2013 pr\u00f3ba podsumowania : materia\u0142y z VIII Konferencji Naukowej z cyklu \u201cSpotkania Malborskie\u201d im. Macieja Kilarskiego\u201d [Muzeum Zamkowe w Malborku, 29-30 listopada 2018] \/ red. Wies\u0142awa Po\u0142om-Jakubowicz, Janusz Trupinda. \u2013 Malbork : Muzeum Zamkowe, 2022.<\/li>\n<li>Prawnokarne i kryminologiczne aspekty ochrony dziedzictwa kultury pogranicza \/ redakcja naukowa Maciej Duda, Szymon Micha\u0142 Buczy\u0144ski. \u2013 Warszawa : Difin, 2021.<\/li>\n<li>Pro lege et pro grege : dekoracja stropu belkowego Izby Sto\u0142owej G\u00f3rnej w Dawnym Pa\u0142acu Biskup\u00f3w Krakowskich \/ Joanna Kaczmarczyk, Ma\u0142gorzata Misztal. \u2013 Kielce : Muzeum Narodowe w Kielcach, 2021.<\/li>\n<li>Pro publico bono : 40 lat Stowarzyszenia Konserwator\u00f3w Zabytk\u00f3w : 1981-2021 \/ pod red. Jacka Rulewicza, Romana Marcinka. \u2013 Warszawa : Narodowy Instytut Dziedzictwa, 2021.<\/li>\n<li>Problemy konserwacji i zachowania zbior\u00f3w muzealnych \/ red. Krzysztof Wis\u0142ocki. \u2013 Pozna\u0144 : Pozna\u0144skie Towarzystwo Przyjaci\u00f3\u0142 Nauk ; Szreniawa : Muzeum Narodowe Rolnictwa i Przemys\u0142u Rolno-Spo\u017cywczego w Szreniawie, 2022.<\/li>\n<li>Procedura post\u0119powania przy odtwarzaniu ogrodze\u0144 na historycznych cmentarzach \u017cydowskich = Procedure for the Reconstruction of Fencing in Historic Jewish Cemeteries \/ opracowanie Maciej Rymkiewicz. \u2013 Warszawa : Narodowy Instytut Dziedzictwa, [2022].<\/li>\n<li>Procesy niszcz\u0105ce malowid\u0142a \u015bcienne oraz metody ich blokowania \/ Andrzej Mazur. \u2013 Warszawa : Akademia Sztuk Pi\u0119knych, 2017.<\/li>\n<li>Projekt oznakowania cmentarzy \u017cydowskich na terenie Rzeczpospolitej Polskiej = Project of Marking Jewish Cemeteries in the Republic of Poland. \u2013 Warszawa : Narodowy Instytut Dziedzictwa, [2022].<\/li>\n<li>Promenada Hugona Richtera : stan zachowania i potencja\u0142 w kontek\u015bcie rozwoju systemu \u015bcie\u017cek spacerowych Wroc\u0142awia \/ Jacek Ku\u015bmierski, El\u017cbieta Szopi\u0144ska. \u2013 Wroc\u0142aw : Wydawnictwo Uniwersytetu Przyrodniczego we Wroc\u0142awiu, 2021.<\/li>\n<li>Przechlewo : parafia \u015awi\u0119tej Anny : 300 lat ko\u015bcio\u0142a parafialnego \/ M\u015bcis\u0142aw Wikaryjczak, Krzysztof Jakubek. \u2013 Przechlewo ; Art-Media Dariusz K\u0119pa, 2020.<\/li>\n<li>Przemin\u0119\u0142o? \/ Bo\u017cena Steinborn. \u2013 Wroc\u0142aw : Muzeum Narodowe we Wroc\u0142awiu, 2022.<\/li>\n<li>Przest\u0119pstwa przeciwko dobrom kultury w mi\u0119dzynarodowym prawie karnym \/ Marcin Rau. \u2013 Warszawa : Instytut Wymiaru Sprawiedliwo\u015bci, 2021.<\/li>\n<li>Przest\u0119pstwo zniszczenia lub uszkodzenia zabytku \/ Katarzyna Lenczowska-Sobo\u0144. \u2013 Stan prawny na 1 stycznia 2022 r. \u2013 Warszawa : Wolters Kluwer Polska, 2022.<\/li>\n<li>Przestrze\u0144 analityczna konserwacji \/ pod red. Joanny Kurkowskiej. \u2013 Warszawa : Akademia Sztuk Pi\u0119knych, 2021.<\/li>\n<li>Przestrze\u0144 i obywatele starej Warszawy od schy\u0142ku XV wieku do 1569 roku \/ Krzysztof Mrozowski. \u2013 Warszawa : Wydawnictwa Uniwersytetu Warszawskiego, 2020.<\/li>\n<li>Przestrze\u0144 publiczna \/ pod redakcj\u0105 Ireny Kontny. \u2013 Katowice : \u015al\u0105ski Wojew\u00f3dzki Konserwator Zabytk\u00f3w : Instytut My\u015bli Polskiej im. Wojciecha Korfantego, 2021.<\/li>\n<li>Przewodnik architektoniczny po Wrzeszczu \/ wst\u0119p Jakub Szczepa\u0144ski, teksty Aurelia Bladowska, Klaudiusz Grabowski, Anna P\u00f3\u0142torzycka, ilustracje Micha\u0142 Pecko, koncepcja Natalia Koralewa, Jakub Knera. \u2013 Gda\u0144sk-Wrzeszcz : Fundacja Palma, 2021.<\/li>\n<li>Radomskie latarenki adresowe \/ Pawe\u0142 Puton. \u2013 \u0141\u00f3d\u017a : Ksi\u0119\u017cy M\u0142yn Dom Wydawniczy, 2021.<\/li>\n<li>Raport. 16 \/ red. S\u0142awomir Kadrow, Jakub Wrzosek. \u2013 Warszawa : Narodowy Instytut Dziedzictwa, 2021.<\/li>\n<li>Regeneracja i modernizacja : architektura Lwowa okresu dwudziestolecia mi\u0119dzywojennego \/ Jakub Lewicki. \u2013 Warszawa : Narodowy Instytut Polskiego Dziedzictwa Kulturowego za Granic\u0105 \u201cPolonika\u201d, 2020.<\/li>\n<li>Rewaloryzacja i modernizacja budynk\u00f3w historycznych w dobie kryzysu klimatycznego \/ pod red. Tomasza Jele\u0144skiego. \u2013 Warszawa : Fundacja Sendzimira, 2022.<\/li>\n<li>Rewitalizacja i jej wp\u0142yw na gospodark\u0119 miasta : studium przypadk\u00f3w \/ Ewa M. Boryczka. \u2013 \u0141\u00f3d\u017a : Wydawnictwo Uniwersytetu \u0141\u00f3dzkiego, 2020.<\/li>\n<li>Rewitalizacja krajobrazu kulturowego : szanse i zagro\u017cenia \/ redakcja naukowa Piotr Opa\u0142ka i Anna Opa\u0142ka ; Pa\u0144stwowa Wy\u017csza Szko\u0142a Zawodowa w Nysie, Wojew\u00f3dzki Opolski Konserwator Zabytk\u00f3w. \u2013 Nysa : Pa\u0144stwowa Wy\u017csza Szko\u0142a Zawodowa w Nysie ; Opole : Uniwersytet Opolski, 2020.<\/li>\n<li>Rewitalizacja Pa\u0142acu Przebendowskich\/Radziwi\u0142\u0142\u00f3w : dostosowanie Pa\u0142acu Przebendowskich\/Radziwi\u0142\u0142\u00f3w do nowych funkcji kulturalnych i edukacyjnych, w tym dla os\u00f3b niepe\u0142nosprawnych \/ wst\u0119p i redakcja Tadeusz Skoczek. \u2013 Warszawa : Wydawnictwo Muzeum Niepodleg\u0142o\u015bci, 2020.<\/li>\n<li>Rewitalizacja Zab\u0142ocia w Krakowie ze szczeg\u00f3lnym uwzgl\u0119dnieniem obszaru poprzemys\u0142owego \/ Magdalena Madeja, Karolina Sm\u0119tkiewicz. \u2013 Krak\u00f3w : Wydawnictwo Naukowe Uniwersytetu Pedagogicznego, 2021.<\/li>\n<li>Rewolucja plenerowa XVIII wieku? : relacje z narodzin pejza\u017cu nowoczesnego \/ Andrzej Pie\u0144kos. \u2013 Warszawa : Wydawnictwa Uniwersytetu Warszawskiego, 2021.<\/li>\n<li>Romantyzm i jego tradycje \/ red. Jerzy Malinowski, Irina Gavrash, Katarzyna Kulpi\u0144ska. \u2013 Warszawa : Polski Instytut Studi\u00f3w nad Sztuk\u0105 \u015awiata ; Toru\u0144 : Tako, 2020.<\/li>\n<li>Rosyjskie pomiary klasztor\u00f3w skasowanych w roku 1832. T. 1 \/ Maria Ka\u0142amajska-Saeed. \u2013 Warszawa : Narodowy Instytut Polskiego Dziedzictwa Kulturowego za Granic\u0105 \u201cPolonika\u201d, 2021.<\/li>\n<li>Rosyjskie pomiary klasztor\u00f3w skasowanych w roku 1832. T. 2 \/ Maria Ka\u0142amajska-Saeed. \u2013 Warszawa : Narodowy Instytut Polskiego Dziedzictwa Kulturowego za Granic\u0105 \u201cPolonika\u201d, 2021.<\/li>\n<li>Rozw\u00f3j lokalny i strategiczne zarz\u0105dzanie rozwojem gminy w oparciu o\u00a0dziedzictwo kulturowe \/ zesp\u00f3\u0142 redakcyjny : Bartosz Skaldawski, Aleksandra Chabiera, Anna Kozio\u0142, Adam D\u0105browski, Piotr Nowak. \u2013 Warszawa : Narodowy Instytut Dziedzictwa ; Krak\u00f3w : Wydawnictwo Uniwersytetu Jagiello\u0144skiego, 2021.<\/li>\n<li>Rozw\u00f3j miasta przez pryzmat proces\u00f3w rewitalizacji : przyk\u0142ad Krakowa : 2004-2017 \/ Marcin Kope\u0107. \u2013 Krak\u00f3w : Ksi\u0119garnia Akademicka, 2017.<\/li>\n<li>Rubinkowo i osiedle Na Skarpie : toru\u0144skie przedmie\u015bcia sprzed lat \/ Anna N. Kmie\u0107. \u2013 \u0141\u00f3d\u017a : Ksi\u0119\u017cy M\u0142yn Dom Wydawniczy, 2020.<\/li>\n<li>Rudolf Macura (1886-1940) : portret architekta niestrudzonego \/ Sebastian Wicher. \u2013 Bia\u0142ystok : Galeria im. Sle\u0144dzi\u0144skich, 2020.<\/li>\n<li>Ruinologie : kontekstualizacje pozosta\u0142o\u015bci architektury \/ Ma\u0142gorzata Nieszczerzewska. \u2013 Pozna\u0144 : Wydawnictwo Naukowe Wydzia\u0142u Nauk Spo\u0142ecznych Uniwersytetu im. Adama Mickiewicza w Poznaniu, 2018.<\/li>\n<li>Rysunki architektoniczne w aktach Dyrekcji Ubezpiecze\u0144 : Kielce. Cz. 3, Dawne wsie podmiejskie Bia\u0142ogon, Czarn\u00f3w, Domaszowice, Dyminy, Szyd\u0142\u00f3wek \/ opracowa\u0142 Krzysztof My\u015bli\u0144ski. \u2013 Kielce : Muzeum Historii Kielc, 2021.<\/li>\n<li>Rytua\u0142y codzienno\u015bci : \u015bwiat szlacheckiego dworu w osiemnastowiecznej Rzeczpospolitej \/ Bo\u017cena Popio\u0142ek. \u2013 Warszawa : Muzeum Pa\u0142acu Kr\u00f3la Jana III w Wilanowie, 2022.<\/li>\n<li>Salon Malarzy Polskich Henryka Frista (1885-1939) : wydawnictwo poczt\u00f3wek krakowskich, artystycznych i patriotycznych \/ Aleksander B. Skotnicki, Marek Sosenko. \u2013 Krak\u00f3w : Wydawnictwo AA, 2018.<\/li>\n<li>Secesja w Toruniu : architektura i plastyka, tw\u00f3rcy i dzie\u0142a \/ red. nauk. Katarzyna Kluczwajd, Micha\u0142 Pszcz\u00f3\u0142kowski. \u2013 Toru\u0144 : Stowarzyszenie Historyk\u00f3w Sztuki : Ksi\u0105\u017cnica Kopernika\u0144ska, 2021.<\/li>\n<li>Sie\u0107 sakralnych obiekt\u00f3w cerkiewnych w granicach wsp\u00f3\u0142czesnej Polski \/ Witold Ko\u0142buk. \u2013 Lublin : Wydawnictwo Werset, 2021.<\/li>\n<li>Skarb \u015bredniowiecznych parament\u00f3w z ko\u015bcio\u0142a Mariackiego w Gda\u0144sku : katalog zbior\u00f3w Muzeum Narodowego w Gda\u0144sku. [T. 1] \/ Helena Hryszko, Monika Stachurska, Agnieszka Krzemi\u0144ska-Maciejko ; Muzeum Narodowe w Gda\u0144sku. \u2013 Gda\u0144sk : Muzeum Narodowe w Gda\u0144sku ; 2020.<\/li>\n<li>Skarb \u015bredniowiecznych parament\u00f3w z ko\u015bcio\u0142a Mariackiego w Gda\u0144sku : katalog zbior\u00f3w Muzeum Narodowego w Gda\u0144sku. [T. 2] \/ Helena Hryszko, Monika Stachurska, Agnieszka Krzemi\u0144ska-Maciejko ; Muzeum Narodowe w Gda\u0144sku. \u2013 Gda\u0144sk : Muzeum Narodowe w Gda\u0144sku ; 2020.<\/li>\n<li>Skarb \u015bredniowiecznych parament\u00f3w z ko\u015bcio\u0142a Mariackiego w Gda\u0144sku : katalog zbior\u00f3w Muzeum Narodowego w Gda\u0144sku. [T. 3] \/ Helena Hryszko, Monika Stachurska, Agnieszka Krzemi\u0144ska-Maciejko ; Muzeum Narodowe w Gda\u0144sku. \u2013 Gda\u0144sk : Muzeum Narodowe w Gda\u0144sku ; 2020.<\/li>\n<li>Skok w nieznane : procesy modernizacyjne, architektura i polityki przestrzenne w Kaliszu pocz\u0105tk\u00f3w XX wieku \/ Makary G\u00f3rzy\u0144ski ; Akademia Kaliska im. Prezydenta Stanis\u0142awa Wojciechowskiego. O\u015brodek Bada\u0144 Regionalnych. \u2013 Kalisz : Wydawnictwo Naukowe Akademii Kaliskiej im. Prezydenta Stanis\u0142awa Wojciechowskiego, 2022.<\/li>\n<li>S\u0142u\u017cew i jego ko\u015bci\u00f3\u0142 \/ [red. Aleksandra So\u0142tan-Lipska]. \u2013 Warszawa : Parafia Rzymskokatolicka \u015bw. Katarzyny, 2013.<\/li>\n<li>Socrealizm i socrealizmy : architektura wn\u0119trz w Polsce 1949-1956 \/ Aleksander Sumorok. \u2013 \u0141\u00f3d\u017a : Akademia Sztuk Pi\u0119knych im. W\u0142adys\u0142awa Strzemi\u0144skiego, 2021.<\/li>\n<li>Socrealizm w Toruniu : architektura, plastyka, bohaterowie \/ [redakcja naukowa: Katarzyna Kluczwajd, Micha\u0142 Pszcz\u00f3\u0142kowski]. \u2013 Toru\u0144 : Stowarzyszenie Historyk\u00f3w Sztuki, 2021.<\/li>\n<li>Somosierra : szkice do Panoramy Wojciecha Kossaka i Micha\u0142a Wywi\u00f3rskiego a ikonografia wojen napoleo\u0144skich \/ Janusz Polaczek. \u2013 Przemy\u015bl : Muzeum Narodowe Ziemi Przemyskiej, 2020.<\/li>\n<li>Spacer po dawnym \u017barowie \/ Zbigniew Malicki. \u2013 \u017bar\u00f3w : Fundacja Inicjatywa B, 2022.<\/li>\n<li>Spis orientali\u00f3w w zbiorach polskich publicznych i prywatnych w roku 1939 \/ Arnold Kunst ; wyda\u0142 i wst\u0119pem opatrzy\u0142 Marek Mejor. \u2013 Warszawa : Dom Wydawniczy Elipsa : Pracownia Studi\u00f3w nad Buddyzmem. Wydzia\u0142 Orientalistyczny. Uniwersytet Warszawski, 2021.<\/li>\n<li>Splendor Cathedralis \/ Krzysztof My\u015bli\u0144ski. \u2013 Kielce : Muzeum Historii Kielc, 2021.<\/li>\n<li>Splendor i wiedza : biblioteka kr\u00f3lewska Stanis\u0142awa Augusta : eseje \/ [redakcja naukowa Alina Dzi\u0119cio\u0142, Tomasz Jakubowski]. \u2013 Warszawa : Arx Regia Wydawnictwo Zamku Kr\u00f3lewskiego w Warszawie \u2013 Muzeum, 2022.<\/li>\n<li>Splendor i wiedza : biblioteka kr\u00f3lewska Stanis\u0142awa Augusta : katalog. T. 1 \/ [redaktorzy naukowi Alina Dzi\u0119cio\u0142, Tomasz Jakubowski]. \u2013 Warszawa : Arx Regia Wydawnictwo Zamku Kr\u00f3lewskiego w Warszawie \u2013 Muzeum, 2022.<\/li>\n<li>Splendor i wiedza : biblioteka kr\u00f3lewska Stanis\u0142awa Augusta : katalog. T. 2 \/ [redaktorzy naukowi Alina Dzi\u0119cio\u0142, Tomasz Jakubowski]. \u2013 Warszawa : Arx Regia Wydawnictwo Zamku Kr\u00f3lewskiego w Warszawie \u2013 Muzeum, 2022.<\/li>\n<li>Spo\u0142eczno-ekonomiczne oddzia\u0142ywanie dziedzictwa kulturowego : stan bada\u0144 oraz perspektywy i potrzeby badawcze w kontek\u015bcie polskim \/ Monika Murzyn-Kupisz, Dominika Ho\u0142uj, Jaros\u0142aw Dzia\u0142ek. \u2013 Warszawa : Narodowy Instytut Dziedzictwa ; Krak\u00f3w : Uniwersytet Jagiello\u0144ski. Instytut Geografii i Gospodarki Przestrzennej, 2021.<\/li>\n<li>Stalowa Wola : architektoniczne oblicza miasta z lat 1945-1989 \/ Marek A. Sta\u0144kowski. \u2013 Rzesz\u00f3w : Wydawnictwo Libra PL, 2022.<\/li>\n<li>Stalowa Wola : historia i przysz\u0142o\u015b\u0107 modernistycznego miasta \/ Filip Burno, Karolina Thel, Paulina Brol. \u2013 Stalowa Wola : Miejski Dom Kultury w Stalowej Woli, 2022.<\/li>\n<li>Stan bada\u0144 nad wielokulturowym dziedzictwem dawnej Rzeczypospolitej. T. 11 \/ pod red. Wojciecha Walczaka i Katarzyny Wiszowatej-Walczak. \u2013 Bia\u0142ystok : Instytut Bada\u0144 nad Dziedzictwem Kulturowym Europy, 2020.<\/li>\n<li>Stan bada\u0144 nad wielokulturowym dziedzictwem dawnej Rzeczypospolitej. T. 12 \/ pod red. Wojciecha Walczaka i Katarzyny Wiszowatej-Walczak. \u2013 Bia\u0142ystok : Instytut Bada\u0144 nad Dziedzictwem Kulturowym Europy, 2020.<\/li>\n<li>Stan bada\u0144 nad wielokulturowym dziedzictwem dawnej Rzeczypospolitej. T. 13 \/ pod red. Wojciecha Walczaka i Katarzyny Wiszowatej-Walczak. \u2013 Bia\u0142ystok : Instytut Bada\u0144 nad Dziedzictwem Kulturowym Europy, 2020.<\/li>\n<li>Stan bada\u0144 nad wielokulturowym dziedzictwem dawnej Rzeczypospolitej. T. 14 \/ pod red. Wojciecha Walczaka i Katarzyny Wiszowatej-Walczak. \u2013 Bia\u0142ystok : Instytut Bada\u0144 nad Dziedzictwem Kulturowym Europy, 2020<\/li>\n<li>Stan rzeczy \/ [redakcja merytoryczna Gra\u017cyna Bastek, Monika Janisz]. \u2013 Warszawa : Muzeum Narodowe, 2022.<\/li>\n<li>Stolem z morza i Kaszub : \u017cycie i tw\u00f3rczo\u015b\u0107 Mariana Mokwy (1889-1987) \/ Romuald Tadeusz B\u0142awat. \u2013 Wydanie II poszerzone. \u2013 Pelplin : Wydawnictwo \u201cBernardinum\u201d, 2017.<\/li>\n<li>Stra\u017cnicy dziedzictwa \/ [scenariusz i tekst Katarzyna Zarzycka ; ilustracje Kamila R\u00f3\u017ca Korta]. \u2013 [Warszawa] : Narodowy Instytut Dziedzictwa, 2021.<\/li>\n<li>Sukiennictwo w \u015bredniowiecznej Polsce \/ Jerzy Maik. \u2013 \u0141\u00f3d\u017a : Instytut Archeologii i Etnologii Polskiej Akademii Nauk. O\u015brodek Bada\u0144 nad Dawnymi Technologiami, 2021.<\/li>\n<li>Sytuacja prawna cmentarzy \u017cydowskich w Polsce : 1944-2019 \/ Ma\u0142gorzata Bednarek. \u2013 Krak\u00f3w ; Budapeszt ; Syrakuzy : Wydawnictwo Austeria, 2020.<\/li>\n<li>Szklarski krzy\u017c : historia hutnik\u00f3w szk\u0142a : \u017cycie polskich szklarzy \/ Wies\u0142awa Szydek. \u2013 [Krak\u00f3w] : Ridero, 2022.<\/li>\n<li>Szlakiem \u015bredniowiecznych grodzisk wzd\u0142u\u017c dolnego biegu Nysy K\u0142odzkiej \/ Krzysztof Spycha\u0142a ; Narodowy Instytut Dziedzictwa. \u2013 Opole : Narodowy Instytut Dziedzictwa. Oddzia\u0142 Terenowy w Opolu, 2021.<\/li>\n<li>Sztuka Jana Bukowskiego \/ red. naukowa Piotr de Bo\u0144cza Bukowski, Artur\u00a0Jurczyszyn. \u2013 Krak\u00f3w : Fundacja Centrum Leczenia Szpiczaka, 2022.<\/li>\n<li>Sztuka ukrai\u0144ska XX wieku i polsko-ukrai\u0144skie zwi\u0105zki artystyczne \/ red. Jerzy Malinowski, Agnieszka Pospiszil, Ewa Su\u0142ek. \u2013 Warszawa : Polski Instytut Studi\u00f3w nad Sztuk\u0105 \u015awiata ; Toru\u0144 : Tako, 2019.<\/li>\n<li>Sztuka w mundurze : Krakowski Oddzia\u0142 Grob\u00f3w Wojennych 1915-1918 = Art in uniform : The War Graves Department in Krak\u00f3w 1915-1918 \/ red. Beata Nykiel ; Mi\u0119dzynarodowe Centrum Kultury. \u2013 Krak\u00f3w : Mi\u0119dzynarodowe Centrum Kultury, 2022.<\/li>\n<li>Szucha 25 : pierwsze ministerstwo wolnej Polski \/ Grzegorz Mika, Patryk Pleskot. \u2013 Warszawa : Instytut Pami\u0119ci Narodowej : Ministerstwo Edukacji i Nauki, 2022.<\/li>\n<li>\u015aredniowieczne kapaliny z ziem polskich na tle europejskim \/ Daniel Gosk ; Muzeum Zamkowe w Malborku. \u2013 Malbork : Muzeum Zamkowe, 2022.<\/li>\n<li>\u015awiat Kopernika w \u015bwietle zabytk\u00f3w ze zbior\u00f3w Muzeum Miko\u0142aja Kopernika we Fromborku \/ red. \u017baneta Wliz\u0142o, Marta Jag\u0142a, Weronika Wojnowska. \u2013 Frombork : Muzeum Miko\u0142aja Kopernika we Fromborku, 2022.<\/li>\n<li>\u015awi\u0119te obrazki : pasje kolekcjonerskie i badawcze o. Nikolausa von Lutterottiego OSB (1892-1955) \/ Arkadiusz Dobrzyniecki, Joanna Kurbiel. \u2013 Wroc\u0142aw : Muzeum Narodowe, 2022.<\/li>\n<li>\u015awi\u0119tokrzyskie widoki : Kieleckie i Sandomierskie w dawnej fotografii z kolekcji Towarzystwa Opieki nad Zabytkami Przesz\u0142o\u015bci \/ Tomis\u0142aw Giergiel, Piotr Jamski, Wojciech Kalwat, Lidia Ujazdowska. \u2013 Sandomierz : Muzeum Okr\u0119gowe ; Warszawa : Fundacja \u015awi\u0119tokrzyska G\u00f3ry Historii : Instytut Sztuki Polskiej Akademii Nauk, 2016.<\/li>\n<li>Tera\u017aniejszo\u015b\u0107 przesz\u0142o\u015bci : muzealnictwo i historiografia w Gda\u0144sku i na Pomorzu do roku 1945 \/ pod red. Ewy Barylewskiej-Szyma\u0144skiej. \u2013 Gda\u0144sk : Muzeum Gda\u0144ska : Instytut Historii im. Tadeusza Manteuffla Polskiej Akademii Nauk, 2021.<\/li>\n<li>The Disputed Bia\u0142owie\u017ca Forest : Legal Remedies for the Protection of Cross-border Properties \/ Maciej Perkowski, Wojciech Zo\u0144, Przemys\u0142aw Saganek. \u2013 Leiden ; Boston : Brill Nijhoff, 2022.<\/li>\n<li>The routledge handbook of archaeological human remains and legislation : an\u00a0international guide laws and practice in the excavation and treatment of\u00a0archaeological human remains \/ [ed.] Nicholas M\u00e1rquez-Grant and Linda Fibiger. \u2013 London ; New York : Routledge Taylor &amp; Francis Group, cop. 2011.<\/li>\n<li>Tkaniny z grobu kr\u00f3lowej Jadwigi \/ Helena Hryszko. \u2013 Warszawa : Akademia Sztuk Pi\u0119knych ; Krak\u00f3w : Archiwum i Biblioteka Krakowskiej Kapitu\u0142y Katedralnej, 2017.<\/li>\n<li>Tkaniny zabytkowe z okresu od XV do XVII wieku ze zbior\u00f3w krakowskich ko\u015bcio\u0142\u00f3w i klasztor\u00f3w. T. 1, Tkaniny z XV i XVI wieku \/ redakcja i noty katalogowe Natalia Krupa ; Uniwersytet Papieski Jana Paw\u0142a II w Krakowie. \u2013 Krak\u00f3w : Tkaniny z XV i XVI wieku, 2021.<\/li>\n<li>Toru\u0144ska kamienica czynszowa w latach 1850-1914 \/ Micha\u0142 Pszcz\u00f3\u0142kowski. \u2013 Toru\u0144 : Towarzystwo Naukowe w Toruniu, 2021.<\/li>\n<li>Toru\u0144skie rewitalizacje : fakty, projekty i zaniechania \/ [redakcja naukowa: Katarzyna Kluczwajd, Micha\u0142 Pszcz\u00f3\u0142kowski]. \u2013 Toru\u0144 : Stowarzyszenie Historyk\u00f3w Sztuki, 2022.<\/li>\n<li>Towarzystwo Polska Sztuka Stosowana \/ Agata W\u00f3jcik. \u2013 Krak\u00f3w : Wydawnictwo Naukowe Uniwersytetu Pedagogicznego, 2022.<\/li>\n<li>Traditional construction for a sustainable future \/ Carole Ryan. \u2013 Hoboken : Taylor &amp; Francis, 2011.<\/li>\n<li>Tradycja i nowoczesno\u015b\u0107 : sztuka w mi\u0119dzywojennym Poznaniu : Stowarzyszenie Artyst\u00f3w Wielkopolskich \u201cPlastyka\u201d 1925-1939 \/ Jaros\u0142aw Mulczy\u0144ski. \u2013 Pozna\u0144 : Muzeum Narodowe w Poznaniu, 2022.<\/li>\n<li>Trudna historia zw\u0142ok. T. 1, \u201cWr\u00f3cisz do ziemi\u201d \/ Przemys\u0142aw Urba\u0144czyk. \u2013 Toru\u0144 : Wydawnictwo Naukowe Uniwersytetu Miko\u0142aja Kopernika, 2020.<\/li>\n<li>Trwa\u0142o\u015b\u0107 i u\u017cyteczno\u015b\u0107 : sopockie realizacje architektoniczne Wilhelma Lippkego \/ red. Justyna Gibbs, Karolina Babicz-Kaczmarek. \u2013 Sopot : Muzeum Sopotu, 2022.<\/li>\n<li>Tunele kolejowe w Polsce : w obecnych granicach, wybudowane do 1945 roku \/ Przemys\u0142aw Dominas. \u2013 \u0141\u00f3d\u017a : Ksi\u0119\u017cy M\u0142yn Dom Wydawniczy, 2020.<\/li>\n<li>U \u017ar\u00f3de\u0142 modernizmu : architekci XVIII wieku \/ J\u00f3zef Rykwert ; przek\u0142ad Ewa Klekot. \u2013 Warszawa : Narodowy Instytut Architektury i Urbanistyki, 2021.<\/li>\n<li>Ubiory rekreacyjne i sportowe od XVII do lat 30. XX wieku \/ [redakcja naukowa Monika Janisz]. \u2013 [Warszawa] : Muzeum Pa\u0142acu w Wilanowie, 2022.<\/li>\n<li>Uk\u0142adanka : projekty i realizacje Leszka Zdeka \/ Aleksandra Czupkiewicz, \u0141ukasz Wojciechowski. \u2013 Wroc\u0142aw : Muzeum Architektury, 2022.<\/li>\n<li>Unter der Br\u00fccken von K\u00f6nigsberg = Pod mostami Kr\u00f3lewca = Pod mostami K\u00ebnigsberga \/ Konzeption und Texte Konrad Nawrocki ; Autoren der Fotografien J. Bittrich [i 18 pozosta\u0142ych] sowie unbekannte Autoren ; Mitarbeit Iwona Cechosz-Felczyk, Wiktor Nowotka, Jan Przypkowski ; Vergro\u0308\u03b2erungen Stanis\u0142aw St\u0119pniewski ; graphische Bearbeitung Magdalena Nowakowska-Troniewska ; U\u0308bersetzer Wolfgang Jo\u0308hling, Sergey Khvatov. \u2013 Warszawa : Oficyna Pegaza, 2011.<\/li>\n<li>Uszanujmy zmar\u0142ych : problematyka ochrony starych cmentarzy i perspektyw prawa pogrzebowego \/ red. Barbara Imio\u0142czyk, Joanna Troszczy\u0144ska-Reyman, Tadeusz J. Zieli\u0144ski. \u2013 Warszawa : Wydawnictwo Naukowe ChAT, 2022.<\/li>\n<li>Viktoria Park i Tivoli : restauracje-ogrody : toru\u0144skie przedmie\u015bcia sprzed lat \/ Katarzyna Kluczwajd. \u2013 \u0141\u00f3d\u017a : Ksi\u0119\u017cy M\u0142yn Dom Wydawniczy, 2021.<\/li>\n<li>W g\u0142\u00f3wnym nurcie dziej\u00f3w : Katedra Wniebowzi\u0119cia NMP w Gorzowie Wielkopolskim od ko\u0144ca XIII wieku do roku 2017 \/ pod red. Dariusza A. Rymara ; Naczelna Dyrekcja Archiw\u00f3w Pa\u0144stwowych, Archiwum Pa\u0144stwowe w Gorzowie Wielkopolskim. \u2013 Warszawa : Naczelna Dyrekcja Archiw\u00f3w Pa\u0144stwowych ; Gorzo\u0301w Wielkopolski : przy wsp\u00f3\u0142pracy Archiwum Pa\u0144stwowego w Gorzowie Wielkopolskim, 2021.<\/li>\n<li>W obliczu przemian i nowej rzeczywisto\u015bci : sztuka lat 1919-1939 : studia z historii sztuki \/ [redakcja Daria Rutkowska-Siuda, Olga Tuszy\u0144ska-Szczepaniak, Agnieszka Lorenc-Karczewska, Ma\u0142gorzata Wr\u00f3blewska Markiewicz]. \u2013 Warszawa : Stowarzyszenie Historyk\u00f3w Sztuki ; \u0141\u00f3d\u017a : Akademia Sztuk Pi\u0119knych im. W\u0142adys\u0142awa Strzemi\u0144skiego, 2021.<\/li>\n<li>W sercu Mazowsza : 105. rocznica poszerzenia granic Warszawy \/ red. Beata Michalec, Tadeusz Skoczka. \u2013 Warszawa : Wydawnictwo Naukowe Muzeum Niepodleg\u0142o\u015bci, 2021.<\/li>\n<li>Warsaw recommendation on recovery and reconstruction of cultural heritage \/ ed. Katarzyna Zalasi\u0144ska. \u2013 Warszawa : Narodowy Instytut Dziedzictwa, 2022.<\/li>\n<li>Warszawa : per\u0142a p\u00f3\u0142nocy \/ Maria Barbasiewicz. \u2013 Warszawa : PWN 2021.<\/li>\n<li>Warszawa na nowo : fotografie reporterskie 1945-1949 = Warsaw reborn : reportage photography 1945-1949 \/ koncepcja i wyb\u00f3r zdj\u0119\u0107 Anna Brzezi\u0144ska, Katarzyna Mado\u0144-Mitzner. \u2013 Warszawa : Dom Spotka\u0144 z Histori\u0105, 2020.<\/li>\n<li>Warszawa rysuje Skopje \/ Kinga Nettman-Multanowska. \u2013 Warszawa : Centrum Architektury, 2022.<\/li>\n<li>Warszawa, kt\u00f3rej nie ma = A Warsaw that no longer exists \/ Ryszard M\u0105czewski. \u2013 \u0141\u00f3d\u017a : Ksi\u0119\u017cy M\u0142yn Dom Wydawniczy, 2016.<\/li>\n<li>Warszawskie wn\u0119trza : zabytkowe lokale miejskie \u2013 mi\u0119dzy zachowaniem a modernizacj\u0105 : Warszawska Konferencja Konserwatorska \/ redakcja merytoryczna Anna Jagiellak. \u2013 Warszawa : Miasto Sto\u0142eczne Warszawa, 2021.<\/li>\n<li>Warszawskie wystawy rolniczo-przemys\u0142owe \/ Mateusz Jan Kowalski. \u2013 \u0141\u00f3d\u017a : Ksi\u0119\u017cy M\u0142yn Dom Wydawniczy, 2021.<\/li>\n<li>Wczesno\u015bredniowieczny gr\u00f3d w Grzybowie \/ redakcja Marcin Danielewski i Jacek Wrzesi\u0144ski z udzia\u0142em Anny G\u0142\u00f3d. \u2013 Warszawa : Wydawnictwo Instytutu Archeologii i Etnologii Polskiej Akademii Nauk, 2021.<\/li>\n<li>Wiatrak ko\u017alak w Chro\u015bnie z ko\u0144ca lat 60. XVIII w. : jego dzieje i problematyka konserwatorska \/ redakcja naukowa Maciej Prarat. \u2013 Toru\u0144 : Muzeum Etnograficzne w Toruniu : Towarzystwo Mi\u0142o\u015bnik\u00f3w Torunia, 2022.<\/li>\n<li>Wieliczka w czasach autonomii galicyjskiej : relacje mi\u0119dzy Miastem a Kopalni\u0105 \/ Klementyna Ochniak-Dudek. \u2013 Wieliczka : Muzeum \u017bup Krakowskich, 2021.<\/li>\n<li>Wielkie powroty : tom rozpraw mi\u0119dzynarodowej konferencji naukowej \u201cWielkie powroty. O dzie\u0142ach sztuki, zbiorach bibliotecznych, archiwalnych i \u015bwi\u0119to\u015bciach polskiego prawos\u0142awia utraconych i wywiezionych w czasie I i II Wojen \u015awiatowych, 15-17 pa\u017adziernika 2021 roku Monaster \u015aw. Onufrego Wielkiego w Jab\u0142ecznej \/ redakcja : Piotr Dawidziuk, Daniel Sawicki, Witali Michalczuk, Jakub Adam Wieczorek. \u2013 Jab\u0142eczna : Towarzystwo Nauki i Kultury \u201cLIBRA\u201d, 2021.<\/li>\n<li>Wilamowianie i ich stroje : dokumentacja j\u0119zykowego i kulturowego dziedzictwa Wilamowic \/ red. Bart\u0142omiej Chromik, Tymoteusz Kr\u00f3l, Maria Ma\u0142anicz-Przybylska. \u2013 Warszawa : Centrum Zaanga\u017cowanych Bada\u0144 nad Ci\u0105g\u0142o\u015bci\u0105 Kulturow\u0105. Wydzia\u0142 \u201eArtes Liberales\u201d Uniwersytetu Warszawskiego, 2020.<\/li>\n<li>Witkacy : sejsmograf epoki przyspieszenia = seismograph of the acceleration age \/ [koncepcja i redakcja naukowa Zofia Machnicka, Pawe\u0142 Polit]. \u2013 Warszawa : Muzeum Narodowe w Warszawie, 2022.<\/li>\n<li>Witkiewicz, ojciec Witkacego \/ Natalia Budzy\u0144ska. \u2013 Krak\u00f3w : Wydawnictwo Znak, 2022.<\/li>\n<li>Witold Cyprian Bieli\u0144ski : rze\u017abiarz, malarz, patriota \/ Zofia Eichstaedt-Jab\u0142o\u0144ska. \u2013 Pruszcz Gda\u0144ski : Wydawnictwo JASNE, 2013.<\/li>\n<li>Witra\u017ce, architektura, szkic historyczny dawnych i obecnych pauli\u0144skich obiekt\u00f3w sakralnych w Polsce \/ Marek Franciszek Hara\u0144czyk OSPPE. \u2013 Jasna G\u00f3ra \u2013 Cz\u0119stochowa : Paulinianum Wydawnictwo Zakonu Paulin\u00f3w, 2013.<\/li>\n<li>W\u0142adztwo W\u0142adys\u0142awa \u0141okietka : 700-lecie koronacji kr\u00f3lewskiej \/ redakcja naukowa Wojciech Fa\u0142kowski, Pawe\u0142 Tyszka. \u2013 Warszawa : Arx Regia Wydawnictwo Zamku Kr\u00f3lewskiego w Warszawie \u2013 Muzeum, 2022.<\/li>\n<li>W\u0142asno\u015b\u0107 intelektualna a dziedzictwo kulturowe : ksi\u0119ga jubileuszowa dedykowana Profesorowi Wojciechowi Kowalskiemu \/ redakcja naukowa Marlena Jankowska, Paulina Gwo\u017adziewicz-Matan, Piotr Stec. \u2013 Warszawa : Wydawnictwo Ius Publicum : Narodowy Instytut Dziedzictwa, 2020.<\/li>\n<li>W\u0142oscy architekci i muratorzy z Piuro i ich dzia\u0142alno\u015b\u0107 na ziemiach Rzeczypospolitej w XVI i XVII wieku \/ Stanis\u0142aw K\u0142osowski. \u2013 Warszawa : Narodowy Instytut Dziedzictwa Kulturowego za Granic\u0105 \u201cPolonika\u201d, 2021.<\/li>\n<li>Wojskowe nieruchomo\u015bci zabytkowe : znane i nieznane \/ zesp\u00f3\u0142 redakcyjny pod kierownictwem Krzysztofa Rychlewskiego ; Wojskowe Centrum Edukacji Obywatelskiej im. p\u0142k. dypl. Mariana Porwita. \u2013 Warszawa : Wojskowe Centrum Edukacji Obywatelskiej im. p\u0142k. dypl. Mariana Porwita, 2019.<\/li>\n<li>Wok\u00f3\u0142 ulicy Karmelickiej \/ Walery Bubie\u0144. \u2013 Krak\u00f3w : Muzeum Krakowa, 2020.<\/li>\n<li>Wo\u0142oskie echa w Ochotnicy i Tylmanowej : architektura i krajobraz na Szlaku Kultury Wo\u0142oskiej w Ma\u0142opolsce \/ Krzysztof Wielgus, Jadwiga \u015arodulska-Wielgus, Piotr K\u0142apyta, Wojciech Mulet, Krzysztof Buczek ; wsp\u00f3\u0142pr. Grzegorz Wielgus, Szymon Wielgus. \u2013 Ochotnica G\u00f3rna : Gmina Ochotnica Dolna, 2022.<\/li>\n<li>Wybrane inwentarze bernardy\u0144skich ko\u015bcio\u0142\u00f3w i klasztor\u00f3w repatriowanych z\u00a0XVIII i XIX wieku \/ Aleksander Krzysztof Sitnik. \u2013 Kalwaria Zebrzydowska : Calvarianum, 2021.<\/li>\n<li>Wzornik : szycie opoczy\u0144skie, \u0142owickie, sieradzkie \/ Alicja Wo\u017aniak. \u2013 \u0141\u00f3d\u017a : \u0141\u00f3dzki Dom Kultury, 2018.<\/li>\n<li>Xawery Dunikowski : malarstwo = painting \/ [redakcja naukowa Joanna Torcha\u0142a]. \u2013 Warszawa : Muzeum Narodowe w Warszawie, 2021.<\/li>\n<li>XX + XXI wiek : Galeria Sztuki Polskiej \/ red. Magdalena Czubi\u0144ska ; Muzeum Narodowe w Krakowie. \u2013 Krak\u00f3w : Muzeum Narodowe w Krakowie, 2021.<\/li>\n<li>Za si\u00f3dm\u0105 g\u00f3r\u0119 : motyw drogi i w\u0119drowania w polskiej kulturze ludowej \/ Micha\u0142 Kwiatkowski. \u2013 W\u0142oc\u0142awek : Muzeum Ziemi Kujawskiej i Dobrzy\u0144skiej we W\u0142oc\u0142awku, 2021.<\/li>\n<li>Zabytek : odkrywanie tajemnic : problematyka bada\u0144 i konserwacji \/ pod redakcj\u0105 Justyny Olszewskiej-\u015awietlik. \u2013 Toru\u0144 : Wydawnictwo Naukowe UMK, 2021.<\/li>\n<li>Zabytek to nie zbytek! : zabytki Siemianowic \u015al\u0105skich \/ Marcin W\u0105do\u0142owski, Patrycja Nycz, Mateusz W\u0105do\u0142owski. \u2013 Siemianowice \u015al\u0105skie : Lokalne Dziedzictwo LH, 2022.<\/li>\n<li>Zabytek zadbany AD 2022 \/ [tekst : Hanna Mackiewicz ; red. prow. : Joanna Piotrowska]. \u2013 Warszawa : Narodowy Instytut Dziedzictwa, 2022.<\/li>\n<li>Zabytkowe nagrobki na cmentarzu parafialnym w Siennicy \/ Waldemar Piekarski. \u2013 Siennica : Stowarzyszenie Przyjaci\u00f3\u0142 Ziemi Siennickiej, 2021.<\/li>\n<li>Zabytkowe obiekty sakralne w wojsku polskim \/ red. Krzysztof Rychlewski ; Biuro Infrastruktury Specjalnej ; Wojskowe Centrum Edukacji Obywatelskiej im. p\u0142k. dypl. Mariana Porwita. \u2013 Warszawa : Biuro Infrastruktury Specjalnej ; Wojskowe Centrum Edukacji Obywatelskiej im. p\u0142k. dypl. Mariana Porwita, 2018.<\/li>\n<li>Zachowane w pami\u0119ci\u2026 \/ Daniela Stankiewicz. \u2013 Wroc\u0142aw : Muzeum Narodowe we Wroc\u0142awiu, 2022.<\/li>\n<li>Zagro\u017cone dziedzictwo : zaskakuj\u0105ce losy zabytk\u00f3w na kr\u0119tych \u015bcie\u017ckach XX wieku \/ Leszek Adamczewski. \u2013 Pozna\u0144 : Wydawnictwo Replika, 2019.<\/li>\n<li>Zaleszczyki : riwiera przedwojennej Polski \/ Jan Sk\u0142odowski. \u2013 \u0141\u00f3d\u017a : Ksi\u0119\u017cy M\u0142yn Dom Wydawniczy, 2021.<\/li>\n<li>Zamek Kr\u00f3lewski w okresie II Rzeczypospolitej : rezydencja prezydenta Mo\u015bcickiego \/ red. nauk. Anna Czekaj ; red. Tatiana Hardej, Anna Wla\u017anik. \u2013 Warszawa : Zamek Kr\u00f3lewski w Warszawie \u2013 Muzeum, 2021.<\/li>\n<li>Zamek w Dzia\u0142dowie : dzieje budowy i problemy konserwatorskie \/ Wojciech W\u00f3\u0142kowski. \u2013 Warszawa : Oficyna Wydawnicza Politechniki Warszawskiej, 2021.<\/li>\n<li>Zamek w Szyd\u0142owcu : wok\u00f3\u0142 mecenatu dawnych w\u0142a\u015bcicieli : katalog wystawy \/ pod red. Anety I. Oborny. \u2013 Szyd\u0142owiec : Muzeum Ludowych Instrument\u00f3w Muzycznych w Szyd\u0142owcu, 2022.<\/li>\n<li>Zamkowe historie : zamek rycerski w Szubinie i jego w\u0142a\u015bciciele na przestrzeni wiek\u00f3w \/ Kamila Czechowska. \u2013 Szubin : Muzeum Ziemi Szubi\u0144skiej im. Zenona Erdmanna, [2021].<\/li>\n<li>Zamo\u015b\u0107 miasto UNESCO : pomnik historii RP produktem turystycznym polskiej gospodarki \/ zdj. Wies\u0142aw Lipiec, Marek Marcola, Adolf Wituch. \u2013 Zamo\u015b\u0107 : Miasto Zamo\u015b\u0107, 2013.<\/li>\n<li>Zapomniane dziedzictwo : dawne cmentarze Poznania i Wielkopolski \/ pod red. Jerzego Ko\u0142ackiego. \u2013 Pozna\u0144 : Wydzia\u0142 Historii UAM, 2022.<\/li>\n<li>Zapomniane miejsca : \u0141\u00f3dzkie. II edycja \/ Jakub Jagie\u0142\u0142o, Ewa Perli\u0144ska-Kobierzy\u0144ska, Aleksandra Szafra\u0144ska-Dolewska, Tomasz Szwagrzak. \u2013 Warszawa : Wydawnictwo CM, 2021.<\/li>\n<li>Zapomniane miejsca : Pomorskie. Cz\u0119\u015b\u0107 po\u0142udniowa \/ Micha\u0142 Piotrowski. \u2013 Warszawa : Wydawnictwo CM, 2021.<\/li>\n<li>Zapomniane miejsca : Pomorskie. Cz\u0119\u015b\u0107 p\u00f3\u0142nocna \/ Micha\u0142 Piotrowski. \u2013 Warszawa : Wydawnictwo CM, 2021.<\/li>\n<li>Zapomniane miejsca : Warmi\u0144sko-Mazurskie. Cz\u0119\u015b\u0107 \u015brodkowa \/ Marek Dudziak, Tomasz Sowi\u0144ski. \u2013 Warszawa : Wydawnictwo CM, 2021.<\/li>\n<li>Zapomniane miejsca : Warmi\u0144sko-Mazurskie. Cz\u0119\u015b\u0107 wschodnia \/ Marek Dudziak, Tomasz Sowi\u0144ski. \u2013 Warszawa : Wydawnictwo CM, 2021.<\/li>\n<li>Zbiory artystyczne polskich ziemian na Pomorzu Nadwi\u015bla\u0144skim od ko\u0144ca XVIII wieku po czasy dzisiejsze \/ Dobromi\u0142a Rzyska-Laube. \u2013 Gda\u0144sk : Muzeum Narodowe, 2022.<\/li>\n<li>Zbroja m\u0142odzie\u0144cza Zygmunta Augusta w zbiorach Zamku Kr\u00f3lewskiego na Wawelu \/ Krzysztof Czy\u017cewski, Rafa\u0142 Och\u0119duszko. \u2013 Krak\u00f3w : Zamek Kr\u00f3lewski na Wawelu. Pa\u0144stwowe Zbiory Sztuki, 2022.<\/li>\n<li>Zielona Warszawa : alternatywny przewodnik \/ Agnieszka Kowalska. \u2013 Warszawa\u00a0: Dom Spotka\u0144 z Histori\u0105, 2022.<\/li>\n<li>Z\u0142ota obecno\u015b\u0107 : bizantyjskie korzenie polskiej ikony \/ Anna Palusi\u0144ska. \u2013 Lublin : Wydawnictwo KUL, 2020.<\/li>\n<li>Zosia Koszelanka rysuje dla Braci Jab\u0142kowskich albo rodzinny miszmasz z Warszaw\u0105 w tle \/ Ma\u0142gorzata Trzci\u0144ska-D\u0105browska. \u2013 Warszawa : Bellona, 2021.<\/li>\n<li>Zr\u0119czni : historie z warszawskich pracowni i warsztat\u00f3w \/ Katarzyna Chudy\u0144ska-Szuchnik. \u2013 Warszawa : Muzeum Warszawy, 2019.<\/li>\n<li>Zwierzy\u0144ce ogrodowe na terenie dawnej Rejencji Opolskiej \/ Anna Steuer-Jurek. \u2013 Opole : Scriptorium Wydawnictwo Naukowe, 2020.<\/li>\n<li>\u017beliwne zabytki na cmentarzach kieleckich \/ Teresa i Zdzis\u0142aw Sabatowie. \u2013 Kielce : Drukarnia PanZet, 2019.<\/li>\n<li>\u017bycie mi\u0119dzy zabytkami : o dziedzictwie w rewitalizacji \/ zesp\u00f3\u0142 redakcyjny : Anna Kozio\u0142, Dorota Hryszkiewicz-Kahlau, Grzegorz M\u0142ynarczyk ; wywiady : Magda Broniatowska. \u2013 Warszawa : Narodowy Instytut Dziedzictwa, 2022.<\/li>\n<li>\u017bydzi g\u0142ogowscy : dzieje i kultura \/ Franz D. Lucas, Margret Heitmann ; prze\u0142. z j\u0119z. niem. Joanna Obru\u015bnik-Jagla. \u2013 G\u0142og\u00f3w : Stowarzyszenie Przyjaci\u00f3\u0142 Muzeum i Historii Miasta G\u0142ogowa : Muzeum Archeologiczno-Historyczne, 2013.<\/li>\n<\/ol>\n<p>&nbsp;<\/p>\n<p>[\/et_pb_toggle][et_pb_toggle title=&#8221;2021&#8243; open_toggle_text_color=&#8221;#e52330&#8243; closed_toggle_text_color=&#8221;#000000&#8243; _builder_version=&#8221;4.27.4&#8243; _module_preset=&#8221;default&#8221; title_font=&#8221;|700|||||||&#8221; closed_title_font=&#8221;|700|||||||&#8221; custom_margin=&#8221;||10px|||&#8221; global_colors_info=&#8221;{}&#8221;]<\/p>\n<p><span style=\"color: #999999;\">liczba nowo\u015bci: 471<\/span><\/p>\n<ol>\n<li>(Re)konstruowane stroje ludowe jako znak manifestowania to\u017csamo\u015bci lokalnej \/ redakcja naukowa Anna Weronika Brzezi\u0144ska, Aleksandra Paprot-Wielopolska, Mariola Tymochowicz. \u2013 Wroc\u0142aw : Polskie Towarzystwo Ludoznawcze, 2020.<\/li>\n<li>\u201cBy skre\u015bli\u0107 histori\u0119 naszych zbior\u00f3w\u201d : polskie kolekcje artystyczne \/ Tomasz F. de Rosset. \u2013 Toru\u0144 : Wydawnictwo Naukowe Uniwersytetu Miko\u0142aja Kopernika, 2021.<\/li>\n<li>100-lecie ko\u015bcio\u0142a pod wezwaniem Matki Boskiej Zwyci\u0119skiej i \u015awi\u0119tego Jerzego w Toruniu : 19-20 maj 2007. \u2013 Toru\u0144 : Toru\u0144skie Wydawnictwo Diecezjalne, 2007.<\/li>\n<li>20 lat Fundacji \u201cPark Ksi\u0119cia P\u00fccklera Bad Muskau\u201d : od fragmentu do transgranicznego miejsca \u015bwiatowego dziedzictwa 1993-2013 \/ aut. Arielle Kohlschmidt &amp; Jan Hufenbach ; aut. podp. pod zdj. Astrid Roscher ; red. Cord Panning, Astrid Roscher, Cornelia Wenzel ; t\u0142.\u00a0Miros\u0142awa Kow\u0119zowska, Iwona Politt, Jerzy Bielerzewski. \u2013 Bad Muskau : Fundacja \u201cF\u00fcrst-P\u00fcckler-Park Bad Muskau\u201d, 2013.<\/li>\n<li>rocznica uchwalenia Konstytucji 3. V : polskie elity a upadek Rzeczypospolitej : katalog wystawy \/ red. naukowy Angela So\u0142tys, red. prowadz\u0105cy Anna Wla\u017anik. \u2013 Warszawa : Arx Regia \u2013 Wydawnictwo Zamku Kr\u00f3lewskiego w Warszawie-Muzeum, 2021.<\/li>\n<li>4 i 5 Pomorska Sesja Sprawozdawcza za lata 2016 i 2018 \/ pod redakcj\u0105 Miros\u0142awa Fudzi\u0144skiego ; Muzeum Archeologiczne w Gda\u0144sku, Instytut Archeologii Uniwersytetu \u0141\u00f3dzkiego, Instytut Archeologii i Etnologii Uniwersytetu Gda\u0144skiego, Stowarzyszenie Promocji Zabytk\u00f3w Archeologicznych w Gda\u0144sku, Fundacja Ochrony Zabytk\u00f3w w Gda\u0144sku, Stowarzyszenie Naukowe Archeolog\u00f3w Polskich. Oddzia\u0142 w Gda\u0144sku, Wojew\u00f3dzki Urz\u0105d Ochrony Zabytk\u00f3w w Gda\u0144sku, Wojew\u00f3dzki Urz\u0105d Ochrony Zabytk\u00f3w w Gda\u0144sku. Delegatura w S\u0142up<\/li>\n<li>50 lat architektury i urbanistyki w Polskiej Akademii Nauk \/ red. Edmund Ma\u0142achowicz ; Polska Akademia Nauk. Oddzia\u0142 we Wroc\u0142awiu. Komisja Architektury i Urbanistyki. \u2013 Wroc\u0142aw : Oddzia\u0142 PAN we Wroc\u0142awiu, 2002.<\/li>\n<li>90 lat osiedla willowego w Katowicach-\u015ar\u00f3dmie\u015bciu \/ red. Krzysztof Kraus. \u2013 Katowice : Fundacja Dom Modernisty, 2018.<\/li>\n<li>A geography of heritage : power, culture and economy \/ Brian Graham, G.J. Ashworth, J.E. Tunbridge. \u2013 London : Arnold ; New York : Oxford University Press, 2004.<\/li>\n<li>Adaptive reuse of the built heritage : concepts and cases of an emerging discipline \/ Bie Plevoets and Koenraad Van Cleempoel. \u2013 London ; New York : Routledge, Taylor &amp; Francis Group, 2019.<\/li>\n<li>Adhibenda : rocznik Archiwum Diecezjalnego w Zielonej G\u00f3rze. \u2013 Zielona G\u00f3ra : Agencja Wydawnicza PDN, 2014-.<\/li>\n<li>Aleksander Kotsis (1836-1877) : odcienie realizmu \/ red. Aleksandra Krypczyk-De Barra ; [aut. tekst\u00f3w Aleksandra Krypczyk-De Barra, Andrzej Szczerski, Monika Tarnowska-Reszczy\u0144ska]. \u2013 Krak\u00f3w : Muzeum Narodowe, 2021.<\/li>\n<li>Alfons Karny : Galeria Portret\u00f3w Wielkich Polak\u00f3w \/ tekst Ryszard Saciuk. \u2013 Bia\u0142ystok : Muzeum Podlaskie w Bia\u0142ymstoku, [2018].<\/li>\n<li>Allgemeines K\u00fcnstler-Lexikon : die Bildenden K\u00fcnstler aller Zeiten und V\u00f6lker. Bd. 110, Toroni \u2013 Tupynamb\u00e1 \/ Hrsg. von Andreas Beyer, B\u00e9n\u00e9dicte Savoy, Wolf Tegethoff. \u2013 Berlin : de Gruyter, 2021.<\/li>\n<li>Allgemeines K\u00fcnstler-Lexikon : die Bildenden K\u00fcnstler aller Zeiten und V\u00f6lker. Bd. 111, Tur \u2013 Valldosera \/ Hrsg. von Andreas Beyer, B\u00e9n\u00e9dicte Savoy, Wolf Tegethoff. \u2013 Berlin : de Gruyter, 2021.<\/li>\n<li>Allgemeines K\u00fcnstler-Lexikon : die Bildenden K\u00fcnstler aller Zeiten und V\u00f6lker. Bd. 112, Valle \u2013 Verner \/ Hrsg. von Andreas Beyer, B\u00e9n\u00e9dicte Savoy, Wolf Tegethoff. \u2013 Berlin : de Gruyter, 2021.<\/li>\n<li>Allgemeines K\u00fcnstler-Lexikon : die Bildenden K\u00fcnstler aller Zeiten und V\u00f6lker. Bd. 113, Vernet \u2013 Voigt, David \/ Hrsg. von Andreas Beyer, B\u00e9n\u00e9dicte Savoy, Wolf Tegethoff. \u2013 Berlin : de Gruyter, 2021.<\/li>\n<li>Analiza por\u00f3wnawcza zapraw iniekcyjnych do podklejania malowide\u0142 \u015bciennych : produkt\u00f3w handlowych i mieszanek w\u0142asnych \/ Karina Ewa Niedzielska. \u2013 Krak\u00f3w : Wydawnictwo Akademii Sztuk Pi\u0119knych im. Jana Matejki, 2020.<\/li>\n<li>Anatomia grabie\u017cy : polityka Rosji wobec polskiego dziedzictwa kultury od XVII do XXI wieku \/ Dariusz Matelski. \u2013 Krak\u00f3w : Wydawnictwo Avalon, 2021.<\/li>\n<li>Andrzej Paszkowski i dzieje willi \u201cKoz\u0142\u00f3wka\u201d \/ Artur Bojarski. \u2013 Legionowo : Muzeum Historyczne w Legionowie, 2021.<\/li>\n<li>Antonio Canova and his Polish Clientele \/ Katarzyna Mikocka-Rachubowa. \u2013 Warsaw : Institute of Art. Polish Academy of Sciences ; 2021.<\/li>\n<li>Archaeological sites and monuments in the care of the state : sharing our experiences \/ ed. by Chris Corlett. \u2013 Namur : Europae Archaeologiae Consilium : Association Internationale sans But Lucratif (AISBL), 2019.<\/li>\n<li>Archaeology and Public Benefit : Moving the Debate Forward \/ ed. by Sadie Watson \u2013 Namur : Europae Archaeologiae Consilium : Association Internationale sans But Lucratif (AISBL), 2020.<\/li>\n<li>Archi(w)tektura Henryka Nahorskiego \/ Marta Le\u015bniakowska, Iwona Jastrz\u0119bska-Puzowska, Katarzyna G\u0119barowska. \u2013 Bydgoszcz : Fundacja Farbiarnia, 2019.<\/li>\n<li>Architekci w miastach XIX i XX wieku \/ [red. Agnieszka Wysocka, Lech \u0141ybik]. \u2013 Bydgoszcz : Kujawsko-Pomorskie Centrum Kultury ; Towarzystwo Mi\u0142o\u015bnik\u00f3w Miasta Bydgoszczy, 2021.<\/li>\n<li>Architekt Akademii : Adolf Szyszko-Bohusz w krakowskiej Akademii Sztuk Pi\u0119knych \/ Micha\u0142 Pilikowski. \u2013 Krak\u00f3w : Wydawnictwo Akademii Sztuk Pi\u0119knych im. Jana Matejki w Krakowie, 2020.<\/li>\n<li>Architekt dobra i pi\u0119kna : rzecz o Stanis\u0142awie Niemczyku \/ Barbara Siemi\u0144ska, Ewa Chudyba. \u2013 Chybie : Prasa Lokalna. Wydawnictwo, 2021.<\/li>\n<li>Architektki \/ redakcja Tomasz Kuntz. \u2013 Krak\u00f3w : EMG, 2016.<\/li>\n<li>Architektoniczne i kulturowe transformacje Nysy : konceptualizacja idei \/ redakcja Tomasz Drewniak, Jakub Lewicki ; Pa\u0144stwowa Wy\u017csza Szko\u0142a Zawodowa w Nysie, Gmina Nysa. \u2013 Nysa : Oficyna Wydawnicza PWSZ, 2017.<\/li>\n<li>Architektura i budownictwo Mazowsza XII-XVIII wieku \/ pod red. Micha\u0142a Wardzy\u0144skiego. \u2013 Warszawa : Mazowiecki Instytut Kultury ; Truskaw : Wydawnictwo Naukowe Sub Lupa, 2020.<\/li>\n<li>Architektura powojennych szpitali \u0141odzi na tle uwarunkowa\u0144 epoki \/ Joanna Borowczyk. \u2013 \u0141\u00f3d\u017a : Wydawnictwo Politechniki \u0141\u00f3dzkiej, 2018.<\/li>\n<li>Architektura schronisk i zajazd\u00f3w w dolinie Dzikiej Orlicy na pograniczu polsko-czeskim \/ Jacek Suchodolski. \u2013 Wroc\u0142aw : Oficyna Wydawnicza Politechniki Wroc\u0142awskiej, 2021.<\/li>\n<li>Architektura w s\u0142u\u017cbie medycyny : ewolucja uk\u0142ad\u00f3w architektoniczno-urbanistycznych szpitali dla psychicznie chorych na przyk\u0142adzie pruskich prowincjonalnych zak\u0142ad\u00f3w leczniczo-opieku\u0144czych z XIX i pocz\u0105tku XX stulecia \/ Daria Br\u0119czewska-Kulesza. \u2013 Bydgoszcz : Wydawnictwa Uczelniane Uniwersytetu Technologiczno-Przyrodniczego, 2020.<\/li>\n<li>Architektura w s\u0142u\u017cbie nauki : dawny Wydzia\u0142 Medyczny we Wroc\u0142awiu \/ Ma\u0142gorzata W\u00f3jtowicz. \u2013 Wroc\u0142aw : Muzeum Architektury we Wroc\u0142awiu : Uniwersytet Medyczny im. Piast\u00f3w \u015al\u0105skich we Wroc\u0142awiu, 2020.<\/li>\n<li>Architektura XX wieku : jej badania i popularyzacja w Gdyni i w Europie = Architecture of the 20th century research and popularisation in Gdynia and Europe \/ redakcja naukowa artyku\u0142\u00f3w Maria Jolanta So\u0142tysik, Robert Hirsch. \u2013 Gdynia : Urz\u0105d Miasta Gdyni ; Wydzia\u0142 Architektury Politechniki Gda\u0144skiej, 2019.<\/li>\n<li>Architektura XX wieku : zachowanie jej autentyzmu i integralno\u015bci w Gdyni i w Europie \/ red. Maria Jolanta So\u0142tysik, Marek St\u0119pa. \u2013 Gdynia : Urz\u0105d Miasta, 2020.<\/li>\n<li>Architektura, miasto, pi\u0119kno : pami\u0119ci profesora Wojciecha Kosi\u0144skiego : praca zbiorowa. T. 1 \/ pod red. Agaty Zachariasz, Mi\u0142osza Zieli\u0144skiego. \u2013 Krak\u00f3w : Oficyna Wydawnicza AFM Krakowskiej Akademii im. Andrzeja Frycza Modrzewskiego, 2021.<\/li>\n<li>Architektura, miasto, pi\u0119kno : pami\u0119ci profesora Wojciecha Kosi\u0144skiego : praca zbiorowa. T. 2 \/ pod red. Artura Jasi\u0144skiego, Macieja Skazy. \u2013 Krak\u00f3w : Oficyna Wydawnicza AFM Krakowskiej Akademii im. Andrzeja Frycza Modrzewskiego, 2021.<\/li>\n<li>Arcydzie\u0142a z Watykanu : wystawa w stulecie urodzin Jana Paw\u0142a II \/ redaktor naukowy Beata Gadomska ; redaktor prowadz\u0105cy Monika Baranowska. \u2013 Warszawa : Arx Regia \u2013 Wydawnictwo Zamku Kr\u00f3lewskiego w Warszawie \u2013 Muzeum, 2020.<\/li>\n<li>Artistic patronage in Central Europe \u2013 from private foundations to state art : proceedings of the 27th Conference of the Working Group of German and Polish Art Historians and Conservators in Warsaw, 19-21 September 2019 \/ ed. by Jakub Adamski. \u2013 Warszawa : Instytut Sztuki PAN : Instytut Historii Sztuki UW, 2021.<\/li>\n<li>Artystyczne Przedmie\u015bcie : o dawnych i wsp\u00f3\u0142czesnych malarzach, grafikach i rze\u017abiarzach sanockiego Przedmie\u015bcia \/ Jerzy Chyt\u0142a. \u2013 Krosno : Wydawnictwo Ruthenus, 2020.<\/li>\n<li>Atlas Twierdzy Toru\u0144. Z. 6, Bramy Twierdzy Toru\u0144 \/ Janusz Pokrzywnicki ; pod red. Janusza Tandeckiego i Lecha Nar\u0119bskiego ; Towarzystwo Naukowe w Toruniu, Towarzystwo Przyjaci\u00f3\u0142 Fortyfikacji im. Adama Freytaga w Toruniu. \u2013 Toru\u0144 : Towarzystwo Naukowe, 2013.<\/li>\n<li>Augsburg jako o\u015brodek rytownictwa wobec Rzeczypospolitej w XVII-XVIII wieku : zapomniane konteksty \/ Zbigniew Michalczyk. \u2013 Warszawa : Narodowy Instytut Polskiego Dziedzictwa Kulturowego za Granic\u0105 \u201cPolonika\u201d, 2020.<\/li>\n<li>Badania konserwatorskie w procesie rewaloryzacji architektury \/ Ma\u0142gorzata Korpa\u0142a. \u2013 Wydanie drugie, poprawione. \u2013 Warszawa : Fundacja Hereditas, 2018.<\/li>\n<li>Badania kwarta\u0142u IX : najstarsze \u015blady osadnictwa : praca zbiorowa. T. 5,1 \/ pod red. Marcina Majewskiego ; Muzeum Archeologiczno-Historyczne w Stargardzie, Bogucki Wydawnictwo Naukowe. \u2013 Stargard : Muzeum w Stargardzie ; Pozna\u0144 : Bogucki Wydawnictwo Naukowe, 2019.<\/li>\n<li>Badania techniczne historycznych ruin \/ Bogus\u0142aw Szmygin, Maciej Trochonowicz, Beata Klimek, Bartosz Szostak. \u2013 Lublin : Wydawnictwo Politechniki Lubelskiej, 2019.<\/li>\n<li>Badania w sektorze kultury : przysz\u0142o\u015b\u0107 i zmiana \/ red. Agnieszka Konior, Olga Kosi\u0144ska, Anna Pluszy\u0144ska. \u2013 Krak\u00f3w : Wydawnictwo Attyka, 2021.<\/li>\n<li>Bazylika Archikatedralna w Przemy\u015blu \/ Juliusz Bachta, Marek Wojnarowski. \u2013 Przemy\u015bl : Muzeum Archidiecezjalne im. \u015bw. J\u00f3zefa Sebastiana Pelczara Biskupa, 2019.<\/li>\n<li>Bene ordinata et eleganter picta : ko\u015bci\u00f3\u0142 \u015bw. Jerzego w Gliwicach-Ostropie (1667-1719-2019) : monografia wydana z okazji 350. rocznicy budowy ko\u015bcio\u0142a oraz 300. rocznicy jej po\u015bwi\u0119cenia \/ autorzy: Jerzy Gorzelik, Piotr G\u00f3recki, Aleksander Konieczny, Micha\u0142 Marchacz, Anna Szadkowska, Antonina \u017baba ; rozdzia\u0142 wprowadzaj\u0105cy: Micha\u0142 Wilner. \u2013 Gliwice ; Opole : Redakcja Wydawnictw Wydzia\u0142u Teologicznego UO : Wydawnictwo i Drukarnia \u015awi\u0119tego Krzy\u017ca, 2019.<\/li>\n<li>Bia\u0142ostockie krzy\u017ce i kapliczki \/ oprac. Marta Wr\u00f3bel. \u2013 Bia\u0142ystok : Urz\u0105d Miejski. Departament Kultury, Promocji i Sportu, 2017.<\/li>\n<li>Bilde von Prage : czeska rze\u017aba kamienna stylu pi\u0119knego oko\u0142o 1400 w pa\u0144stwie krzy\u017cackim w Prusach \/ Monika Jakubek-Raczkowska, Monika Czapska \u2013 Malbork : Muzeum Zamkowe, 2020.<\/li>\n<li>Bitwa pod piramidami \/ Pawe\u0142 J\u0119dryczak, Romuad Nowak. \u2013 Wroc\u0142aw : Muzeum Narodowe, 2021.<\/li>\n<li>Biuletyn Historii Sztuki : [kwartalnik wydawany przez Instytut Sztuki PAN oraz Stowarzyszenie Historyk\u00f3w Sztuki = Bulletin of Art History : a quarterly published by the Institute of Art History of the Polish Academy of Sciences (IS-PAN) in conjunction with the Art Historians\u2019 Society \/ Piotr Paszkiewicz red. nacz.]. \u2013 Warszawa : Instytut Sztuki Polskiej Akademii Nauk : Stowarzyszenie Historyk\u00f3w Sztuki, 1954-.<\/li>\n<li>Blok jako dzie\u0142o sztuki : trzy modele architektury socjalnej w XX-wiecznej Francji : Le Corbusier, \u00c9mile Aillaud, Ricardo Bofill \/ Dorota J\u0119druch. \u2013 Krak\u00f3w : Towarzystwo Autor\u00f3w i Wydawc\u00f3w Prac Naukowych Universitas, 2020.<\/li>\n<li>Bru\u015bnie\u0144skie krzy\u017ce przydro\u017cne : historia w kamieniu \/ oprac. Grzegorz Cie\u0107ka, Daniel Potka\u0144ski, Tomasz Stelmaski. \u2013 Lubacz\u00f3w : Muzeum Kres\u00f3w w Lubaczowie, 2021.<\/li>\n<li>Budownictwo wojskowe w \u0141odzi \/ pod red. Witolda Jarno i Przemys\u0142awa Waingertnera. \u2013 \u0141\u00f3d\u017a : Ksi\u0119\u017cy M\u0142yn Dom Wydawniczy Micha\u0142 Kotli\u0144ski : Instytut Historii Uniwersytetu \u0141\u00f3dzkiego, 2016.<\/li>\n<li>Buduj\u0105c system : ochrona zabytk\u00f3w sakralnych w diecezji tarnowskiej na prze\u0142omie 19 i 20 wieku \/ Andrzej Laskowski. \u2013 Krak\u00f3w : Wydawnictwo Ksi\u0119garnia Akademicka, 2020.<\/li>\n<li>Bud\u017cetowe konsekwencje \u017cywio\u0142owego rozprzestrzeniania si\u0119 miast dla samorz\u0105d\u00f3w gminnych \/ Piotr Lity\u0144ski. \u2013 Krak\u00f3w : Wydawnictwo Uniwersytetu Ekonomicznego, 2019.<\/li>\n<li>Bulletin van het Rijksmuseum. \u2013 Amsterdam: Rijks-Museum, 1953-.<\/li>\n<li>Bydgoszcz nie tylko pieni\u0105dzem sta\u0142a \/ Muzeum Okr\u0119gowe im. Leona Wycz\u00f3\u0142kowskiego w Bydgoszczy ; opracowanie: Jolanta Sza\u0142kowska-\u0141o\u015b, J\u00f3zef \u0141o\u015b. \u2013 Bydgoszcz : Muzeum Okr\u0119gowe im. Leona Wycz\u00f3\u0142kowskiego w Bydgoszczy, 2020.<\/li>\n<li>Cerkwie : wschodnia cz\u0119\u015b\u0107 Beskidu Niskiego \/ Zbigniew Muzyk. \u2013 Nowy S\u0105cz : Wydawnictwo \u201cFundacja\u201d, 2002.<\/li>\n<li>Cerkwie S\u0105decczyzny \/ Zbigniew Muzyk. \u2013 Nowy S\u0105cz : Wydawnictwo \u201cKoliber\u201d, 2013.<\/li>\n<li>Cerkwie w Polsce po\u0142udniowo-wschodniej \/ fotografie Kamil Paluszek, wst\u0119p Jaros\u0142aw Giemza, Damian Nowak \u2013 Rzesz\u00f3w : Wydawnictwo Libra, 2021.<\/li>\n<li>Cmentarz : dziedzictwo materialne i duchowe \/ redakcja naukowa Teresa Klimowicz, Agata Rybi\u0144ska, Monika Tarajko. \u2013 Lublin : Wydawnictwo Uniwersytetu Marii Curie-Sk\u0142odowskiej, 2021.<\/li>\n<li>Cmentarz bernardy\u0144ski w Wilnie 1810-2010 \/ zesp\u00f3\u0142 red. Rimantas Miknys, Jonas Glem\u017ea, J. Marcinkevi\u010dius, Virgilijus Puga\u010diauskas, Sigitas Narbutas, Andrzej Przewo\u017anik, Tomasz Merta. \u2013 Wilno : Wydawnictwo Versus Aureus, 2013.<\/li>\n<li>Cmentarze i pomniki I wojny \u015bwiatowej po stuleciu : stan bada\u0144 i ochrony \/ red. Ma\u0142gorzata Karczewska. \u2013 Bia\u0142ystok : O\u015brodek Bada\u0144 Europy \u015arodkowo-Wschodniej, 2019.<\/li>\n<li>Cmentarze wojenne z I wojny \u015bwiatowej : gaw\u0119da przewodnicka. Cz. 1, Okr\u0119g I \u2013 Nowy \u017bmigr\u00f3d, Okr\u0119g II \u2013 Jas\u0142o \/ Roman Frodyma ; [rysunki cmentarzy Waldemar H\u00fcbner]. \u2013 Krosno : Wydawnictwo Ruthenus \u2013 Rafa\u0142 Barski : Karpackie Towarzystwo Naukowe i\u00a0O\u015bwiatowe, 2015.<\/li>\n<li>Cmentarze wojenne z I wojny \u015bwiatowej : gaw\u0119da przewodnicka. Cz. 2, Okr\u0119g III \u2013 Gorlice, Okr\u0119g IV \u2013 \u0141u\u017cna, Okr\u0119g V \u2013 Pilzno \/ Roman Frodyma. \u2013 Krosno : Wydawnictwo Ruthenus \u2013 Rafa\u0142 Barski : Karpackie Towarzystwo Naukowe i O\u015bwiatowe, 2019.<\/li>\n<li>Cmentarze wojenne z I wojny \u015bwiatowej na ziemi tarnowskiej : przewodnik turystyczny \/ Roman Frodyma. \u2013 Krosno : Wydawnictwo Ruthenus \u2013 Rafa\u0142 Barski : Karpackie Towarzystwo Naukowe i O\u015bwiatowe, 2017.<\/li>\n<li>Cmentarze wyznaniowe do 1945 roku w granicach wojew\u00f3dztwa lubuskiego. T. 13, Powiat \u017carski, Gminy Lubsko i Tuplice \/ Robert Romuald Kufel. \u2013 Zielona G\u00f3ra : Agencja Wydawnicza \u201cPDN\u201d, 2020.<\/li>\n<li>Cmentarze wyznaniowe do 1945 roku w granicach wojew\u00f3dztwa lubuskiego. T. 14, Powiat \u017carski, Gmina \u017bary \/ Robert Romuald Kufel. \u2013 Zielona G\u00f3ra : Agencja Wydawnicza \u201cPDN\u201d, 2021.<\/li>\n<li>Cmentarze wyznaniowe do 1945 roku w granicach wojew\u00f3dztwa lubuskiego. T. 15, Powiat \u017caga\u0144ski, Gminy Brze\u017anica, Gozdnica, I\u0142owa i Ma\u0142omice \/ Robert Romuald Kufel. \u2013 Zielona G\u00f3ra : Agencja Wydawnicza \u201cPDN\u201d, 2021.<\/li>\n<li>Cmentarze wyznaniowe do 1945 roku w granicach wojew\u00f3dztwa lubuskiego. T. 5, Powiat kro\u015bnie\u0144ski, Gminy Bobrowice, Bytnica i D\u0105bie \/ Robert Romuald Kufel. \u2013 Zielona G\u00f3ra : Agencja Wydawnicza \u201cPDN\u201d, 2016.<\/li>\n<li>Cmentarzyska kultur pomorskiej i przeworskiej w G\u0142ogowie-Nosocicach \/ Artur B\u0142a\u017cejewski, Marcin Bohr, Adrianna Chrzanowska. \u2013 Wroc\u0142aw : Wydawnictwo Uniwersytetu Przyrodniczego we Wroc\u0142awiu, 2020.<\/li>\n<li>Cmentarzysko wczesnej epoki \u017celaza w Domas\u0142awiu 10 \/ 11 \/ 12, powiat wroc\u0142awski. Tom 4, Synteza \/ Bogus\u0142aw Gediga, Anna J\u00f3zefowska, Dagmara \u0141aciak, Izabella Dolata-Daszkiewicz ; Fundacja Przyjaci\u00f3\u0142 Instytutu Archeologii Polskiej Akademii Nauk ; Instytut Archeologii i Etnologii Polskiej Akademii Nauk. \u2013 Wroc\u0142aw : Instytut Archeologii i Etnologii Polskiej Akademii Nauk. O\u015brodek Bada\u0144 nad Kultur\u0105 P\u00f3\u017anego Antyku, 2020.<\/li>\n<li>Cmentarzysko wczesnej epoki \u017celaza w Domas\u0142awiu 10 \/ 11 \/ 12, powiat wroc\u0142awski. Tom 5, Opracowania specjalistyczne \/ red. Bogus\u0142aw Gediga, Anna J\u00f3zefowska ; Fundacja Przyjaci\u00f3\u0142 Instytutu Archeologii Polskiej Akademii Nauk ; Instytut Archeologii i Etnologii Polskiej Akademii Nauk. \u2013 Wroc\u0142aw : Instytut Archeologii i Etnologii Polskiej Akademii Nauk. O\u015brodek Bada\u0144 nad Kultur\u0105 P\u00f3\u017anego Antyku, 2020.<\/li>\n<li>Cud jedno\u015bci : architektura i plastyka dwudziestolecia mi\u0119dzywojennego \/ redakcja Katarzyna Wojtczak. \u2013 Gda\u0144sk : Nadba\u0142tyckie Centrum Kultury : Fundacja Terytoria Ksi\u0105\u017cki, 2019.<\/li>\n<li>Cuda na fasadach : detale szczeci\u0144skich budynk\u00f3w \/ Micha\u0142 Rembas. \u2013 Wydanie drugie. \u2013 Szczecin : Bratek Micha\u0142 Rembas, 2021.<\/li>\n<li>Cuda na fasadach : detale szczeci\u0144skich budynk\u00f3w. [Cz. 2] \/ Micha\u0142 Rembas. \u2013 Szczecin : Bratek Micha\u0142 Rembas, 2016.<\/li>\n<li>Cultural economics and cultural policies \/ edited by Alan Peacock and Ilde Rizzo with contributions by Giorgio Brosio [et al.]. \u2013 Dorchdert ; Boston ; London : Kluwer Acedemic Publishers, 1994.<\/li>\n<li>Cultural Heritage in the European Union : a Critical Inquiry into Law and Policy \/ edited by Andrzej Jakubowski, Kristin Hausler, Francesca Fiorentini. \u2013 Leiden ; Boston : Brill Nijhoff, 2019.<\/li>\n<li>Cultural heritage, ageing, disability, and identity : practice, and the development of inclusive capital \/ Simon Hayhoe. \u2013 London ; New York : Routledge, Taylor &amp; Francis Group, 2019.<\/li>\n<li>Czernikowice : cmentarzyska z epoki br\u0105zu i wczesnej epoki \u017celaza \/ Tomasz Stolarczyk, Przemys\u0142aw Paruzel, Dagmara \u0141aciak, Justyna Baron, Agata Ha\u0142uszko, Rados\u0142aw Jarysz, Rados\u0142aw Ku\u017abik, Jeannette J. \u0141ucejko, Marcin Majewski, Kamil Nowak ; Muzeum Miedzi w Legnicy. \u2013 Legnica : Muzeum Miedzi w Legnicy, 2020.<\/li>\n<li>Cz\u0119stochowska Hodegetria \/ Wojciech Kurpik. \u2013 Wydanie 2, rozszerzone. \u2013 Jasna G\u00f3ra : Wydawnictwo Paulinianum, 2020.<\/li>\n<li>Dawna architektura Politechniki \u0141\u00f3dzkiej : willa J\u00f3zefa Richtera = Historic architecture of\u00a0the Lodz University of Technology : Joseph Richter\u2019s Villa \/ Krystyna Popiel, Ma\u0142gorzata Wilbik. \u2013 \u0141\u00f3d\u017a : Pracownia Historyczna Politechniki \u0141\u00f3dzkiej, 2017.<\/li>\n<li>Dawna Hajn\u00f3wka : zabudowa, obiekty, imprezy, mieszka\u0144cy \/ Ryszard Pater. \u2013 Hajn\u00f3wka : Urz\u0105d Miasta Hajn\u00f3wka, 2021.<\/li>\n<li>Denkmalpflege Informationen. \u2013 M\u00fcnchen : Bayerisches Landesamt f\u00fcr Denkmalpflege, 2006-.<\/li>\n<li>Detal w architekturze Politechniki \u0141\u00f3dzkiej \/ autor tekst\u00f3w Renata Przew\u0142ocka-Sionek. \u2013 \u0141\u00f3d\u017a : Pracownia Historyczna Politechniki \u0141\u00f3dzkiej, 2011.<\/li>\n<li>Development-led Archaeology in Europe : Meeting the Needs of Archaeologists, Developers and the Public \/ ed. by Agnes Stef\u00e1nsd\u00f3ttir. \u2013 Budapeszt : Europae Archaeologiae Consilium : Association Internationale sans But Lucratif (AISBL), 2019.<\/li>\n<li>Die Holzkonstruktionen \/ Franz Stade ; mit einem Nachw. von Klaus R\u00f6der. \u2013 Leipzig : Reprint-Verlag, [1994].<\/li>\n<li>Die postindustrielle Stadt und ihr Erbe im 21. Jahrhundert \u2013 Schutz, Erhaltung, Revitalisierung : Beitr\u00e4ge der 25. Konferenz des Arbeitskreises deutscher und polnischer Kunsthistoriker und Denkmalpfleger in Lodz 11 \u2013 14. Oktober 2017 \/ Hrsg. des Bd. Krzysztof Stefa\u0144ski, Paul Zalewski. \u2013 Warszawa : Instytut Sztuki PAN ; \u0141\u00f3d\u017a : Instytut Historii Sztuki Uniwersytetu \u0141\u00f3dzkiego, 2021.<\/li>\n<li>Digital archaeological heritage \/ ed. by Keith May. \u2013 Namur : Europae Archaeologiae Consilium, 2016.<\/li>\n<li>Do \u017ar\u00f3d\u0142a \/ Marek Walczak. \u2013 Krak\u00f3w : Wydawnictwo Towarzystwa Naukowego \u201cSocietas Vistulana\u201d, 2020.<\/li>\n<li>Dom podcieniowy na \u017bu\u0142awach \/ Marta Koperska-Ko\u015bmicka. \u2013 Gda\u0144sk : Instytut Kaszubski, 2020.<\/li>\n<li>Domek M\u0142ynarzy i inne gda\u0144skie r\u00f3\u017cno\u015bci \/ Andrzej Januszajtis. \u2013 Gda\u0144sk : Wydawnictwo Marpress, 2018.<\/li>\n<li>Drewniane budownictwo w krajobrazie Podlasia : dobre praktyki \/ [redakcja: Artur Gawe\u0142, Karolina Rad\u0142owska i Przemys\u0142aw Sianko]. \u2013 Bia\u0142ystok ; Wasilk\u00f3w : Podlaskie Muzeum Kultury Ludowej, 2017.<\/li>\n<li>Drewniane cerkwie : ukryte skarby wsp\u00f3lnej turystyki Karpat \/ [redakcja i wst\u0119p Piotr Zubowski ; opisy cerkwi Barbara \u0141uczkowska, Janusz Mazur, Piotr Zubowski ; fotografie i biogramy O\u0142eh Chawawczak, Serhij Denysenko, Robert Dowhanycz, Serhij Hudak, Krystian K\u0142ysewicz, Jurij Kryliwe\u0107, Marek Kuziemski, Tomasz Michalski, Tomasz Mielnik, Alicja Mr\u00f3z ; t\u0142umaczenia Serhij Hladyshuk]. \u2013 Lubacz\u00f3w : Muzeum Kres\u00f3w w Lubaczowie, 2021.<\/li>\n<li>Drewniane ko\u015bcio\u0142y : od Tatr po Gorce \/ Zbigniew Muzyk. \u2013 Wyd. 2 popr. \u2013 Nowy S\u0105cz : \u201cWydawnictwo Fundacja\u201d : Drukarnia BAAD, 2006.<\/li>\n<li>Drewniane ko\u015bcio\u0142y : Ziemia Tarnowska \u2013 cz\u0119\u015b\u0107 po\u0142udniowa \/ ks. Tadeusz Bukowski. \u2013 Nowy S\u0105cz : \u201cWydawnictwo Fundacja\u201d, 2005.<\/li>\n<li>Drewniane skarbczyki dam : historia kobiet w meblach zapisana \/ Ma\u0142gorzata Kor\u017cel-Kra\u015bna. \u2013 Wroc\u0142aw : Muzeum Narodowe we Wroc\u0142awiu, 2021.<\/li>\n<li>Drzewa \/ [redakcja Tomasz Kunz]. \u2013 Krak\u00f3w : EMG, 2018.<\/li>\n<li>Dworzec Warszawa G\u0142\u00f3wna i linia \u015brednicowa : 1921-1949 \/ Marek \u0106wik\u0142a. \u2013 \u0141\u00f3d\u017a : Ksi\u0119\u017cy M\u0142yn Dom Wydawniczy Micha\u0142 Koli\u0144ski, 2021.<\/li>\n<li>Dwudziestowieczne plany urbanistyczne Rybnika i ich realizacje \/ Jacek Kami\u0144ski. \u2013 Rybnik : Muzeum im. o. Emila Drobnego, 2020.<\/li>\n<li>Dzia\u0142alno\u015b\u0107 kulturalna hrabiny Friederike von Reden (1774-1854) \/ Urszula Bo\u0144czuk-Dawidziuk. \u2013 Wroc\u0142aw : Oficyna Wydawnicza Atut \u2013 Wroc\u0142awskie Wydawnictwo O\u015bwiatowe : partner wydawniczy Strefa Kultury Wroc\u0142aw, 2019.<\/li>\n<li>Dziedzictwo architektoniczne : badania oraz adaptacje budowli sakralnych i obronnych \/ pod redakcj\u0105 Ewy \u0141u\u017cynieckiej. \u2013 Wroc\u0142aw : Oficyna Wydawnicza Politechniki Wroc\u0142awskiej, 2019.<\/li>\n<li>Dziedzictwo architektoniczne : badania podstawowe i ich dokumentowanie \/ pod redakcj\u0105 Ewy \u0141u\u017cynieckiej. \u2013 Wroc\u0142aw : Oficyna Wydawnicza Politechniki Wroc\u0142awskiej, 2018.<\/li>\n<li>Dziedzictwo architektoniczne : rekonstrukcje i badania obiekt\u00f3w zabytkowych \/ pod redakcj\u0105 Ewy \u0141u\u017cynieckiej. \u2013 Wroc\u0142aw : Oficyna Wydawnicza Politechniki Wroc\u0142awskiej, 2017.<\/li>\n<li>Dziedzictwo architektoniczne : restauracje i adaptacje zabytk\u00f3w \/ pod redakcj\u0105 Ewy \u0141u\u017cynieckiej. \u2013 Wroc\u0142aw : Oficyna Wydawnicza Politechniki Wroc\u0142awskiej, 2018.<\/li>\n<li>Dziedzictwo architektoniczne : w kr\u0119gu \u015bwiata przyrodniczego i budowli miejskich \/ pod redakcj\u0105 Ewy \u0141u\u017cynieckiej. \u2013 Wroc\u0142aw : Oficyna Wydawnicza Politechniki Wroc\u0142awskiej, 2019.<\/li>\n<li>Dziedzictwo architektoniczne : z bada\u0144 i konserwacji dach\u00f3w, posadzek oraz \u015bcian ceglanych \/ pod redakcj\u0105 Ewy \u0141u\u017cynieckiej. \u2013 Wroc\u0142aw : Oficyna Wydawnicza Politechniki Wroc\u0142awskiej, 2019.<\/li>\n<li>Dziedzictwo kulturowe \u2013 tera\u017aniejszo\u015b\u0107 \u2013 przysz\u0142o\u015b\u0107 : markowy produkt turystyczny Pomorza \/ pod red. Miros\u0142awa Boruszczaka ; Muzeum Pomorza \u015arodkowego w S\u0142upsku. \u2013 S\u0142upsk : Muzeum Pomorza \u015arodkowego, 2010.<\/li>\n<li>Dziedzictwo kulturowe w \u015bwiadomo\u015bci wsp\u00f3\u0142czesnego cz\u0142owieka \/ red. nauk. Mateusz H\u00fcbner, Krzysztof Zieli\u0144ski. \u2013 Toru\u0144 : Wydawnictwo Edukacyjne Akapit, 2016.<\/li>\n<li>Dziedzictwo obok Mnie : poradnik zarz\u0105dzania dziedzictwem w gminach \/ red. Aleksandra Chabiera, Anna Kozio\u0142, Bartosz Skaldawski. \u2013 Warszawa : Narodowy Instytut Dziedzictwa, 2020.<\/li>\n<li>Dziedzictwo poprzemys\u0142owe jako element zintegrowanego zarz\u0105dzania miastem \/ Filip\u00a0Moterski. \u2013 \u0141\u00f3d\u017a : Wydawnictwo Uniwersytetu \u0141\u00f3dzkiego, 2020.<\/li>\n<li>Dziedzictwo rzemios\u0142a artystycznego : tradycyjne techniki oraz nowoczesna konserwacja i restauracja. T. 1 \/ pod red. Piotra Niemcewicza i Marty Chyli\u0144skiej. \u2013 Toru\u0144 : Wydawnictwo Naukowe Uniwersytetu Miko\u0142aja Kopernika, 2020.<\/li>\n<li>Dziedzictwo Torunia i ziemi che\u0142mi\u0144skiej : odkrycia i reinterpretacje \/ pod red. Moniki Jakubek-Raczkowskiej. \u2013 Toru\u0144, TNOiK Dom Organizatora, 2021.<\/li>\n<li>Dzieje ko\u015bcio\u0142a pw. \u015bw. Tr\u00f3jcy oraz dworu w Nowym Mie\u015bcie nad Wart\u0105 \/ Dariusz Andrzejczak, Witold Miedziak. \u2013 Nowe Miasto nad Wart\u0105 : Biblioteka Publiczna Gminy Nowe Miasto nad Wart\u0105, 2020.<\/li>\n<li>Dzieje Pa\u0142acu Biskupiego w Krakowie w latach 1815-1894 \/ Marlena Hajduk. \u2013 Krak\u00f3w : Ksi\u0119garnia Akademicka, 2020.<\/li>\n<li>Dzieje Zamku Kr\u00f3lewskiego w Sandomierzu \/ Bo\u017cena Ewa W\u00f3dz. \u2013 Sandomierz : Muzeum Okr\u0119gowe w Sandomierzu,.<\/li>\n<li>Dzwony i wie\u017ce kr\u00f3lewskiej Katedry na Wawelu : Dzwon Zygmunta \/ Mieczys\u0142aw Rokosz. \u2013 Krak\u00f3w : Wydawnictwo Ksi\u0119garnia Akademicka, 2021.<\/li>\n<li>Dzwony po\u017cyczone : studia historyczne i prawne nad problematyk\u0105 strat d\u00f3br kultury \/ Marceli Tureczek. \u2013 Pozna\u0144 : Instytut Zachodni, 2020.<\/li>\n<li>Economic Perspectives on Cultural Heritage \/ edited by Michael Hutter and Ilde Rizzo. \u2013 Basingstoke ; New York : Palgrave Macmillan, 1997.<\/li>\n<li>Ekonomia kultury : przewodnik Krytyki Politycznej. \u2013 Warszawa : Wydawnictwo Krytyki Politycznej, 2010.<\/li>\n<li>Eryka i Jan Drostowie : mistrzowie szk\u0142a ze zbior\u00f3w Muzeum Narodowego we Wroc\u0142awiu \/ Barbara Bana\u015b. \u2013 Wroc\u0142aw : Muzeum Narodowe we Wroc\u0142awiu, 2021.<\/li>\n<li>Eseje o arrasach kr\u00f3la Zygmunta Augusta \/ Magdalena Piwocka. \u2013 Krak\u00f3w : Zamek Kr\u00f3lewski na Wawelu, 2020.<\/li>\n<li>Etnografia : materialna kultura ludowa Polski na tle por\u00f3wnawczym \/ Marian Pokropek. \u2013 Warszawa : Wydawnictwo Naukowe PWN SA, 2019.<\/li>\n<li>Figuralne p\u0142yty nagrobne na \u015al\u0105sku i \u0141u\u017cycach w okresie baroku (1650-1750) \/ Ma\u0142gorzata Stankiewicz. \u2013 Wroc\u0142aw : Oficyna Wydawnicza Atut, Wroc\u0142awskie Wydawnictwo O\u015bwiatowe, 2021.<\/li>\n<li>Fortyfikacje Festung Breslau \/ Stanis\u0142aw Kolouszek. \u2013 Jelenia G\u00f3ra : Archiwum \u2013 System, 2014.<\/li>\n<li>Franciszek Wyle\u017cuch \/ Patryk Oczko. \u2013 Tychy : Urz\u0105d Miasta Tychy : Muzeum Miejskie w Tychach, [2021].<\/li>\n<li>Freski fundacji W\u0142adys\u0142awa II Jagie\u0142\u0142y w kolegiacie wi\u015blickiej \/ Piotr \u0141. Grotowski. \u2013 Krak\u00f3w : Wydawnictwo Ksi\u0119garnia Akademicka, 2021.<\/li>\n<li>Freski supraskie : relikty XVI-wiecznego malarstwa postbizanty\u0144skiego w kolekcji Muzeum Ikon w Supra\u015blu \/ redakcja Adam Ruta ; wsp\u00f3\u0142praca redakcyjna Aneta Jurgilewicz-St\u0119pie\u0144 i inni. \u2013 Bia\u0142ystok : Muzeum Podlaskie w Bia\u0142ymstoku. Instytucja Kultury Wojew\u00f3dztwa Podlaskiego, 2019.<\/li>\n<li>Galeria Morska Narodowego Muzeum Morskiego w Gda\u0144sku \/ Monika Jankiewicz-Brzostowska, Liliana Gie\u0142don. \u2013 Gda\u0144sk : Narodowe Muzeum Morskie, 2020.<\/li>\n<li>Gda\u0144sk \u2013 Shipyard \u2013 \u201cSolidarity\u201d : Industrial and Freedom Heritage of the Gda\u0144sk Shipyard \/ author Andrzej Trzeciak, translation Lindex, text editing Dariusz Rudzi\u0144ski, design Piotr Berezowski. \u2013 Warszawa : Narodowy Instytut Dziedzictwa, 2021.<\/li>\n<li>Gda\u0144sk \u2013 Stocznia \u2013 \u201cSolidarno\u015b\u0107\u201d : przemys\u0142owe i wolno\u015bciowe dziedzictwo Stoczni Gda\u0144skiej \/ autor tekstu Andrzej Trzeciak, redakcja Dariusz Rudzi\u0144ski, opracowanie graficzne Piotr Berezowski. \u2013 Warszawa : Narodowy Instytut Dziedzictwa, 2021.<\/li>\n<li>Gda\u0144ski Kr\u00f3l \u017burawi \/ Andrzej Januszajtis. \u2013 Gda\u0144sk : Wydawnictwo Marpress, 2010.<\/li>\n<li>Gda\u0144skie Spichlerze : pi\u0119kno zapomniane \/ Andrzej Januszajtis. \u2013 Gda\u0144sk : Marpress, 2017.<\/li>\n<li>Gematria, geometria i inne fenomeny w architekturze judaizmu \/ Mateusz Michalski. \u2013 Wroc\u0142aw : Oficyna Wydawnicza Politechniki Wroc\u0142awskiej, 2020.<\/li>\n<li>Geniusz Baroku Szymon Czechowicz 1689-1775 \/ red. Andrzej Betlej, Tomasz Zaucha. \u2013 Krak\u00f3w : Muzeum Narodowe w Krakowie, 2020.<\/li>\n<li>Gminny program opieki nad zabytkami miasta Zamo\u015bcia : strategiczny dokument samorz\u0105du w ochronie zabytk\u00f3w \/ Bogus\u0142aw Szmygin, Anna Fortuna-Marek, Andrzej Siwek. \u2013 Lublin : Wydawnictwo Politechniki Lubelskiej, 2020.<\/li>\n<li>G\u00f3rzno : szlakiem gminnych kapliczek i krzy\u017cy \/ red: Krzysztof Magdziak, Dariusz Pude\u0142ko.<\/li>\n<li>Grody i zamki nad Dunajcem i Popradem \/ Krzysztof Moskal. \u2013 Nowy S\u0105cz : Wydawnictwo \u201cKoliber\u201d, 2011.<\/li>\n<li>Grodzisko Piotr\u00f3wka w Radomiu w \u015bwietle bada\u0144 archeologicznych 2010-2013. Cz\u0119\u015b\u0107 1, Stratygrafia i chronologia \/ Maciej Trzeciecki, Micha\u0142 Auch, Katarzyna Sta\u0144czuk. \u2013 Warszawa : Instytut Archeologii i Etnologii Polskiej Akademii Nauk : Fundacja Przyjaci\u00f3\u0142 Instytutu Archeologii i Etnologii Polskiej Akademii Nauk, 2020.<\/li>\n<li>Grudzi\u0105dz-Rz\u0105dz (Rondsen, Kr. Graudenz), stan. 1 : archiwalne cmentarzysko kultury oksywskiej i wielbarskiej \/ Ma\u0142gorzata Kurzy\u0144ska ; z autorskim udzia\u0142em Sebastiana Chrupka, Aldony Garbacz-Klempki, Micha\u0142a Jankowskiego, Anny Juga-Szyma\u0144skiej, \u0141ukasza Kowalskiego, Tomasza Kozielca, Ma\u0142gorzaty Pronobis-Gajdzis, Izabeli Szter ; Muzeum im. ks. dr. W\u0142adys\u0142awa \u0141\u0119gi w Grudzi\u0105dzu. \u2013 Grudzi\u0105dz : Muzeum im. ks. dr W\u0142adys\u0142awa \u0141\u0119gi w Grudzi\u0105dzu, 2020.<\/li>\n<li>Guidelines for elaboration of plans of management, use and protection of historic ruins \/ compiled by Bogus\u0142aw Szmygin, Anna Fortuna-Marek, Andrzej Siwek. \u2013 Lublin : Politechnika Lubelska, 2020.<\/li>\n<li>Guidelines of modern management of historic ruins : best practices handbook \/ [compiled by Sergio Calo\u0300, Maurizio Mal\u00e8, Eugenio Tamburrino ; Venetian Cluster]. \u2013 Lublin : Politechnika Lubelska, 2020.<\/li>\n<li>Handbook on the economics of cultural heritage \/ ed. by Ilde Rizzo, Anna Mignosa. \u2013 Cheltenham ; Northampton : Edward Elgar, 2013.<\/li>\n<li>Historie gda\u0144skich dzielnic. T. 3, Nowy Port \/ pod red. Janusza Dargacza, Katarzyny Kurkowskiej i Leszka Molendowskiego. \u2013 Gda\u0144sk : Muzeum Gda\u0144ska, 2021.<\/li>\n<li>Historyczne oznaczenia strycharskie na ceramice budowlanej wojew\u00f3dztwa lubuskiego \/ Alicja Duda. \u2013 Zielona G\u00f3ra : [Alicja Duda], 2021.<\/li>\n<li>Historyczny krajobraz kulturowy zachodnich Sudet\u00f3w : wst\u0119p do bada\u0144 \/ red. Jerzy Piekalski ; Instytut Archeologii Uniwersytetu Wroc\u0142awskiego. \u2013 Wroc\u0142aw : Instytut Archeologii Uniwersytetu Wroc\u0142awskiego, 2020.<\/li>\n<li>Ikona i Logos : [zeszyty muzealne Muzeum Ikon w Supra\u015blu Oddzia\u0142 Muzeum Podlaskiego w Bia\u0142ymstoku]. \u2013 Bia\u0142ystok : Muzeum Podlaskie, 2019-. T. 1 (2019).<\/li>\n<li>Ikonografia gode\u0142 cechowych na Pomorzu brandenbursko-pruskim \/ Agnieszka Paw\u0142owska. \u2013 Szczecin : Wydawnictwo Naukowe Uniwersytetu Szczeci\u0144skiego, 2019.<\/li>\n<li>Ikonotheka : prace Instytutu Historii Sztuki Uniwersytetu Warszawskiego \/ [kom. red. Jan Bia\u0142ostocki przewodn. ; red. Barbara Chody\u0144ska]. \u2013 Warszawa : Wydawnictwa Uniwersytetu Warszawskiego, 1990-.<\/li>\n<li>Imago Lesnae : ikonografia dawnego Leszna : katalog \/ redakcja Kamila Szyma\u0144ska. \u2013 Leszno : Muzeum Okr\u0119gowe, 2020.<\/li>\n<li>In principio : mit pocz\u0105tku w kulturze \u015bredniowiecznej Europy : tom dedykowany pami\u0119ci prof. Jacka Wiesio\u0142owskiego : materia\u0142y XXXVII Seminarium Mediewistycznego im. Alicji Kar\u0142owskiej-Kamzowej \/ pod redakcj\u0105 Jacka Kowalskiego i Witolda Miedziaka. \u2013 398 s. : fot. barw. ; 24 cm.<\/li>\n<li>Ingenium et labor : studia ofiarowane Profesorowi Antoniemu Ziembie z okazji 60. urodzin \/ redakcja naukowa Piotr Borusowski, Agnieszka Rosales Rodr\u00edguez, Zuzanna Sarnecka, Joanna Sikorska, Aleksandra Sulikowska-Be\u0142czkowska. \u2013 Warszawa ; Uniwersytet Warszawski : Muzeum Narodowe w Warszawie : 2020.<\/li>\n<li>Inowroc\u0142aw na tle polityki historycznej Polski : z okazji 700-letniej rocznicy wyroku w procesie polsko-krzy\u017cackim w Inowroc\u0142awiu \/ Stanis\u0142aw Koc. \u2013 Inowroc\u0142aw : Drukarnia Totem s.c., 2021.<\/li>\n<li>Interpretacja dziedzictwa w turystyce kulturowej : konteksty, podmioty, zarz\u0105dzanie \/ Armin Mikos von Rohrscheidt. \u2013 Pozna\u0144 : Bogucki Wydawnictwo Naukowe : Pozna\u0144skie Centrum Dziedzictwa, 2021.<\/li>\n<li>Inwentaryzacja zabytk\u00f3w architektury w lwowskim okr\u0119gu konserwatorskim 1920\u200b\u20131939 : szkice z dziej\u00f3w \/ Piotr Lasek. \u2013 Warszawa : Instytut Sztuki Polskiej Akademii Nauk, 2021.<\/li>\n<li>In\u017cynieryjne problemy odnowy staromiejskich zespo\u0142\u00f3w zabytkowych : VI konferencja naukowo-techniczna \u201cREW-IN\u017b\u20192004\u201d. T. 3 \/ [kom. red. Krzysztof Chudyba et al.] ; Polska Akademia Nauk Komisja Budownictwa Oddzia\u0142 w Krakowie; Politechnika Krakowska Wydzia\u0142 In\u017cynierii L\u0105dowej; Polski Zwi\u0105zek In\u017cynier\u00f3w i Technik\u00f3w Budownictwa Oddzia\u0142 w Krakowie. \u2013 Krak\u00f3w : [s.n.], 2004.<\/li>\n<li>Ja\u0107wieskie o\u015brodki grodowe \/ Marcin Engel ; Pa\u0144stwowe Muzeum Archeologiczne, Wydzia\u0142 Archeologii Uniwersytetu Warszawskiego. \u2013 Warszawa : Pa\u0144stwowe Muzeum Archeologiczne : Wydzia\u0142 Archeologii Uniwersytetu Warszawskiego, 2020.<\/li>\n<li>Jakle, kiecki i zopaski : str\u00f3j ludowy ziemi rybnickiej \/ Aleksandra Grabiec. \u2013 Rybnik : Muzeum, 2015.<\/li>\n<li>Jako serce po\u015brodku cia\u0142a\u2026 : kultura artystyczna ko\u015bcio\u0142a Mariackiego w Krakowie \/ pod red. Marka Walczaka i Agaty Wolskiej. \u2013 Krak\u00f3w : Rzymskokatolicka Parafia pw. Wniebowzi\u0119cia Naj\u015bwi\u0119tszej Maryi Panny w Krakowie : Towarzystwo Naukowe \u201cSocietas Vistulana\u201d, 2021.<\/li>\n<li>Jan Kossowski (1898-1958) : spotkanie z architektur\u0105 \/ Agnieszka Wysocka. \u2013 Bydgoszcz : Wydawnictwo Uniwersytetu Kazimierza Wielkiego, 2020.<\/li>\n<li>Jan Stanis\u0142awski i jego uczniowie : z kolekcji Wandy i Leonarda Pietraszak\u00f3w \/ opracowanie merytoryczne Inga Kopciewicz. \u2013 Bydgoszcz : Muzeum Okr\u0119gowe im. Leona Wycz\u00f3\u0142kowskiego w Bydgoszczy, 2020.<\/li>\n<li>Jan Szpakowicz : przestrze\u0144 elementarna \/ \u0141ukasz Wojciechowski, Aleksandra Czupkiewicz. \u2013 Wroc\u0142aw : Muzeum Architektury we Wroc\u0142awiu, 2021.<\/li>\n<li>Jego wysoko\u015b\u0107 but \/ pod redakcj\u0105 Ma\u0142gorzaty Wrze\u015bniak. \u2013 Warszawa : Wydawnictwo Naukowe UKSW, 2020.<\/li>\n<li>Jerzy Gottfried : architekt \/ koncepcja, oprac. merytoryczne, red. Iga Herok-Turska ; projekt i oprac. graf. Jaros\u0142aw Kaczmarski. \u2013 Katowice : Biblioteka \u015al\u0105ska w Katowicach : SARP. Oddzia\u0142, 2015.<\/li>\n<li>Journal of cultural heritage. \u2013 Paris : Elsevier, 1999-.<\/li>\n<li>Jubilerstwo w mi\u0119dzywojennej Warszawie : rzemios\u0142o \u2013 ludzie \u2013 bi\u017cuteria \/ Agata Lipczik. \u2013 Warszawa : Instytut Sztuki PAN, 2021.<\/li>\n<li>Jubileusz 300-lecia istnienia Parafii w Medyni G\u0142ogowskiej : 1718-2018 \/ tekst Irena Plizga, kalendarium Danuta Go\u0142ojuch, korekta i konsultacje Lucyna Solak. \u2013 Medynia G\u0142ogowska : parafia Nawiedzenia Naj\u015bwi\u0119tszej Maryi Panny, 2018.<\/li>\n<li>Jurand Jarecki : architekt \/ koncepcja i opracowanie merytoryczne Iga Herok-Turska, wsp\u00f3\u0142praca Dominika \u015aliwi\u0144ska, Ryszard Nakonieczny, Przemys\u0142aw Czernek. \u2013 Katowice : Biblioteka \u015al\u0105ska w Katowicach, 2018.<\/li>\n<li>Kafle z Centralnej Sk\u0142adnicy Muzealnej w zbiorach Muzeum Zamkowego w Malborku : historia i konserwacja : katalog wystawy \/ oprac. Barbara Pospieszna \u2013 Malbork : Muzeum Zamkowe, 2005.<\/li>\n<li>Kamienica Szlachecka : cmentarzysko kultury wielbarskiej na Pojezierzu Kaszubskim \/ Ma\u0142gorzata Tuszy\u0144ska ; Muzeum Archeologiczne w Gda\u0144sku. \u2013 Gda\u0144sk : Muzeum Archeologiczne w Gda\u0144sku, 2020.<\/li>\n<li>Kaplica grobowa \u0141ubie\u0144skich i Soba\u0144skich na cmentarzu w Wiskitkach \/ Marcin Brzezi\u0144ski. \u2013 Warszawa ; Guz\u00f3w ; Wiskitki : Fundacja im. Felixa hr. Soba\u0144skiego, 2020.<\/li>\n<li>Kaplica zamkowa w Raciborzu : per\u0142a gotyku i pomnik dziejowy \/ Grzegorz Wawoczny. \u2013 Racib\u00f3rz : Wydawnictwo i Agencja Informacyjna WAW Grzegorz Wawoczny, 2016.<\/li>\n<li>Kapliczki i krzy\u017ce na terenie miasta Mi\u0144sk Mazowiecki \/ red. Janusz Kuligowski, Micha\u0142 Rogala, Piotr Wojdyga. \u2013 Mi\u0144sk Mazowiecki : Towarzystwo Przyjaci\u00f3\u0142 Mi\u0144ska Mazowieckiego, 2010.<\/li>\n<li>Kapliczki, figury i krzy\u017ce przydro\u017cne w powiecie boche\u0144skim \/ Iwona Zawidzka. \u2013 Bochnia : Muzeum im. Stanis\u0142awa Fischera, 2005.<\/li>\n<li>Katalog Gabinetu Rycin PAU w Bibliotece Naukowej PAU i PAN w Krakowie : szko\u0142a niderlandzka XVI, XVII i XVIII w. Cz. 10, Adolf van der Laan \u2013 Lucas van Leyden \/ Magdalena Adamska, Jan Motyka ; Polska Akademia Umiej\u0119tno\u015bci, Biblioteka Naukowa PAU i PAN w Krakowie. \u2013 Krak\u00f3w : Polska Akademia Umiej\u0119tno\u015bci, 2020.<\/li>\n<li>Katalog r\u0119cznik\u00f3w ludowych gminy Orla \/ Alina D\u0119bowska, Katarzyna So\u0142ub, Jerzy So\u0142ub. \u2013 Bia\u0142ystok : Muzeum Podlaskie w Bia\u0142ymstoku, 2019.<\/li>\n<li>Katalog zabytk\u00f3w sztuki : wojew\u00f3dztwo wroc\u0142awskie (dolno\u015bl\u0105skie) : \u0141ozina i okolice \/ opracowanie autorskie Arkadiusz Dobrzyniecki ; [fotografie kolorowe i czarnobia\u0142e Ma\u0142gorzata Kujda]. \u2013 Warszawa : Instytut Sztuki Polskiej Akademii Nauk, 2020.<\/li>\n<li>Klasztor kanonik\u00f3w regularnych latera\u0144skich w B\u0142oniu : przesz\u0142o\u015b\u0107 na nowo odkryta 1288-1819-1912-2019 \/ Marcin Wojciech Solarz, Jaros\u0142aw Ilski ; redakcja Wies\u0142awa Widery\u0144ska, Katarzyna Meyza. \u2013 B\u0142onie : Muzeum Ziemi B\u0142o\u0144skiej ; Warszawa : Trzecia Strona, 2020.<\/li>\n<li>K\u0142opotliwe dziedzictwo? : architektura Trzeciej Rzeszy w Polsce \/ pod redakcj\u0105 naukow\u0105 Jacka Purchli i \u017banny Komar. \u2013 Krak\u00f3w : Mi\u0119dzynarodowe Centrum Kultury, 2020.<\/li>\n<li>K\u0142opoty ze sztuka ludow\u0105 : gust, ideologie, nowoczesno\u015b\u0107 \/ Ewa Klekot. \u2013 Gda\u0144sk : Wydawnictwo S\u0142owo\/Obraz Terytoria ; Fundacja Terytoria Ksi\u0105\u017cki, 2021.<\/li>\n<li>Kolegiata w G\u0142ogowie : historia, odbudowa, zabytek \/ praca zbiorowa pod redakcj\u0105 Antoniego Boka ; autorzy: Antoni Bok, Jerzy Dymytryszyn, Marek Robert G\u00f3rniak, Andrzej Sadowski, Rafa\u0142 Zendran. \u2013 G\u0142og\u00f3w : Towarzystwo Ziemi G\u0142ogowskiej, 2020.<\/li>\n<li>Kolekcje : kszta\u0142towanie, historia, dziedzictwo utracone = Collections : development, history, lost heritage \/ pod redakcj\u0105 dr Magdaleny Mielnik = edited by dr Magdalena Mielnik. \u2013 Gda\u0144sk : Muzeum Narodowe w Gda\u0144sku, 2020.<\/li>\n<li>Kolory Gda\u0144ska : kompozycje barwne fasad od XVI do ko\u0144ca XVIII wieku \/ Anna Kriegseisen. \u2013 Gda\u0144sk : Wydawnictwo Muzeum Gda\u0144ska, 2021.<\/li>\n<li>Konkurencyjno\u015b\u0107 miasta w kontek\u015bcie wsp\u00f3\u0142czesnych koncepcji teoretycznych i zjawisk gospodarczych \/ Ewelina Szczech-Pietkiewicz. \u2013 Warszawa : Oficyna Wydawnicza SGH : Szko\u0142a G\u0142\u00f3wna Handlowa, 2019.<\/li>\n<li>Kontekst historyczny polskiej edukacji plastycznej \/ Anna Marta \u017bukowska. \u2013 Lublin : Wydawnictwo Uniwersytetu Marii Curie-Sk\u0142odowskiej, 2020.<\/li>\n<li>Kopalnie krzemienia na stanowisku \u201cZa garncarzami\u201d w O\u017carowie \/ pod red. Wojciecha Brzezi\u0144skiego. \u2013 Warszawa : Pa\u0144stwowe Muzeum Archeologiczne w Warszawie ; Wydawnictwo Naukowe UKSW, 2020.<\/li>\n<li>Kopice : historia utraconego pi\u0119kna \/ Janusz L. Dobesz, Irma Kozina, Maciej Mischok. \u2013 Katowice : Muzeum \u015al\u0105skie, 2020.<\/li>\n<li>Ko\u015bcio\u0142y Diecezji Tarnowskiej : nasze dziedzictwo. T. 2 \/ [aut. Ma\u0142gorzata Krzy\u017canowska-Witkowska, \u0141ukasz Wyszomirski ; tekst Piotr Drewniak, Agnieszka Ma\u017cuchowska, Krystyna Nowak, El\u017cbieta Rogucka, Roman Miarecki]. \u2013 Bydgoszcz : Ikona, [2019].<\/li>\n<li>Ko\u015bcio\u0142y Grybowa : monografia historyczno-artystyczna \/ J\u00f3zef Skrabski. \u2013 Krak\u00f3w : DodoEditor, 2010.<\/li>\n<li>Ko\u015bcio\u0142y i klasztory rzymskokatolickie dawnego wojew\u00f3dztwa brzeskolitewskiego. T. 5 \/ red. nauk. Katarzyna Kolendo-Korczak ; oprac. Katarzyna Kolendo-Korczak, Zbigniew Michalczyk, Anna Ole\u0144ska, Dorota Piramidowicz, Katarzyna Uchowicz, Marcin Zgli\u0144ski ; Mi\u0119dzynarodowe Centrum Kultury w Krakowie. \u2013 Krak\u00f3w : Mi\u0119dzynarodowe Centrum Kultury, 2020.<\/li>\n<li>Ko\u015bci\u00f3\u0142 farny w Strzy\u017cowie \/ rys historyczny Ludwik Grzebie\u0144 ; zdj\u0119cia Igor Witowicz. \u2013 Strzy\u017c\u00f3w : Parafia Niepokalanego Pocz\u0119cia NMP ; Rzesz\u00f3w : Larus Studio Witold Ziaja, 2016.<\/li>\n<li>Ko\u015bci\u00f3\u0142 \u015bw. Leonarda : zabytk\u00f3w lipnickich korona \/ aut. Zbigniew Kras, Joanna Wieliczka-Szarkowa, Maria Fortuna-Sudor ; t\u0142. na j\u0119z. ang. Marta Bia\u0142ecka. \u2013 Krak\u00f3w : Wydawnictwo Attyka, 2013.<\/li>\n<li>Ko\u015bci\u00f3\u0142 \u015awi\u0119tego J\u00f3zefa w Gda\u0144sku : dzieje i zabytki \/ Andrzej Januszajtis. \u2013 Gda\u0144sk : Wydawnictwo Marpress, 2020.<\/li>\n<li>Krajka : sok\u00f3lska tkanina ludowa \/ Aleksandra Pluta, Edyta Wi\u015bniewska. \u2013 Wasilk\u00f3w : Podlaskie Muzeum Kultury Ludowej, 2019.<\/li>\n<li>Krajowa lista niematerialnego dziedzictwa kulturowego : krajowy rejestr dobrych praktyk w ochronie niematerialnego dziedzictwa kulturowego \/ red. Katarzyna Sadowska-Mazur. \u2013 Warszawa : Narodowy Instytut Dziedzictwa, 2020.<\/li>\n<li>Krakowiacy, Lachy, G\u00f3rale \u2013 stroje wsi ma\u0142opolskiej. T. 1-10. \u2013 Nowy S\u0105cz : Ma\u0142opolskie Centrum Kultury SOK\u00d3\u0141, 2020.<\/li>\n<li>Kronika wschowskich Bernardyn\u00f3w czyli Archivium klasztoru wschowskiego Braci Mniejszych Obserwant\u00f3w, w kt\u00f3rym [opisane jest] wprowadzenie, fundacja, a nast\u0119pnie wygnanie przez dysydenckich mieszka\u0144c\u00f3w \u2013 odst\u0119pc\u00f3w od prawdziwej wiary, ponowne wprowadzenie a nast\u0119pnie nowa fundacja przez \u017cyczliwych patron\u00f3w, i protektor\u00f3w, rozw\u00f3j i sprawy godne zapami\u0119tania : z dokument\u00f3w i r\u0119kopis\u00f3w opowiedziana Roku Pa\u0144skiego 1790 \/ pod redakcj\u0105 Alojzego Pa\u0144czaka ; t\u0142umaczenie Pius Turba\u0144ski, Alojzy Pa\u0144czak. \u2013 W<\/li>\n<li>Kronika zabytkomaniaka. T. 4 \/ Katarzyna Zarzycka. \u2013 Warszawa : Narodowy Instytut Dziedzictwa, 2020.<\/li>\n<li>Ksi\u0105dz Franciszek Miklasi\u0144ski (1870-1928) \/ Krzysztof Hapta\u015b. \u2013 Kolbuszowa : Miejska i Powiatowa Biblioteka Publiczna w Kolbuszowej, 2016.<\/li>\n<li>Kult \u015bwi\u0119tych patron\u00f3w Kr\u00f3lestwa Polskiego w czasach Jagiellon\u00f3w \/ Piotr Ko\u0142pak. \u2013 Krak\u00f3w : Towarzystwo Naukowe \u201cSocietas Vistulana\u201d, 2020.<\/li>\n<li>Kultura a ekonomia \/ Marian Noga. \u2013 Warszawa : CeDeWu.pl, 2014.<\/li>\n<li>Kultura a rozw\u00f3j \/ redakcja Jerzy Hausner, Anna Karwi\u0144ska, Jacek Purchla. \u2013 Wyd. 2 zmienione i rozsz. \u2013 Krak\u00f3w : Wydawnictwo Nieoczywiste : Fundacja Gospodarki i Administracji Publicznej, 2017.<\/li>\n<li>Kultura na peryferiach \/ pod redakcj\u0105 Ma\u0142gorzaty Jacyno, Tomasza Kuko\u0142owicza, Miko\u0142aja Lewickiego. \u2013 Warszawa : Narodowe Centrum Kultury, 2018.<\/li>\n<li>Kultury i krajobrazy pami\u0119ci \/ pod redakcj\u0105 Marka Dziewierskiego i Bo\u017ceny Pactwy. \u2013 Katowice : Wydawnictwo Uniwersytetu \u015al\u0105skiego, 2020.<\/li>\n<li>Kurhany na Roztoczu \/ praca zbiorowa pod red. Grzegorza M\u0105czki ; Lubelski Wojew\u00f3dzki Konserwator Zabytk\u00f3w w Lublinie. \u2013 Lublin : Wojew\u00f3dzki Urz\u0105d Ochrony Zabytk\u00f3w, 2021.<\/li>\n<li>Kurhany na Wy\u017cynie Lubelskiej \/ praca zbiorowa pod red. Grzegorza M\u0105czki ; Lubelski Wojew\u00f3dzki Konserwator Zabytk\u00f3w w Lublinie. \u2013 Lublin : Wojew\u00f3dzki Urz\u0105d Ochrony Zabytk\u00f3w, 2020.<\/li>\n<li>Kwartalnik Historii Kultury Materialnej \/ Instytut Archeologii i Etnologii Polskiej Akademii Nauk ; [Andrzej Klonder red.]. \u2013 Warszawa : IAiE PAN.<\/li>\n<li>Late Medieval passion panoramas : background, function, reception \/ Kamil Kopania. \u2013 Warsaw ; Bia\u0142ystok : The Aleksander Zelwerowicz National Academy of Dramatic Art in Warsaw. Branch Campus in Bia\u0142ystok, 2020.<\/li>\n<li>Lenda novi aevi : nowo\u017cytne zabytki dawnego opactwa w L\u0105dzie \u2013 nowe odkrycia, najnowsze badania \/ red. Janusz Nowi\u0144ski. \u2013 L\u0105d ; Pozna\u0144 ; Warszawa : Towarzystwo Naukowe Franciszka Salezego, 2019.<\/li>\n<li>Libri veritatis Atanazego Raczy\u0144skiego : suplement \/ opracowanie Kamila K\u0142udkiewicz ; Uniwersytet im. Adama Mickiewicza w Poznaniu. \u2013 Pozna\u0144 : Wydawnictwo Naukowe UAM, 2019.<\/li>\n<li>Lubuskie Materia\u0142y Konserwatorskie \/ Wojew\u00f3dzki Urz\u0105d Ochrony Zabytk\u00f3w w Zielonej G\u00f3rze ; [Jaros\u0142aw Lewczuk red.]. \u2013 Zielona G\u00f3ra : Wojew\u00f3dzki Urz\u0105d Ochrony Zabytk\u00f3w, 2003-. T. 17 (2020).<\/li>\n<li>\u0141aci\u0144skie inskrypcje w ko\u015bcio\u0142ach Gda\u0144ska : p\u0142yty nagrobne Bazyliki Mariackiej \/ El\u017cbieta Starek, Grzegorz Kot\u0142owski ; zdj\u0119cia Lucyna Lewandowska. \u2013 Pelplin : Wydawnictwo Bernardinum, 2021.<\/li>\n<li>\u0141\u00f3d\u017a U Like 2018 : 10. Og\u00f3lnopolskie Seminarium Naukowe Student\u00f3w Architektury : zobaczy\u0107, dotkn\u0105\u0107, do\u015bwiadczy\u0107, prze\u017cy\u0107, opowiedzie\u0107 : monografia \/ redakcja: Katarzyna B\u0142aszczyk, W\u0142odzimierz Witkowski ; Politechnika \u0141\u00f3dzka. Instytut Architektury i Urbanistyki. \u2013 \u0141\u00f3d\u017a : Wydawnictwo Politechniki \u0141\u00f3dzkiej, 2019.<\/li>\n<li>Majerscy dla katedry przemyskiej : historia restauracji katedry przemyskiej obrz\u0105dku \u0142aci\u0144skiego w kontek\u015bcie dzia\u0142alno\u015bci Ferdynanda i Stanis\u0142awa Majerskich \/ Bartosz Podubny. \u2013 Przemy\u015bl ; \u017bo\u0142ynia : Gminny O\u015brodek Kultury w \u017bo\u0142yni, 2020.<\/li>\n<li>Malarstwo niderlandzkie i flamandzkie w zbiorach Zamku Kr\u00f3lewskiego na Wawelu \/ Joanna Winiewicz-Wolska. \u2013 Krak\u00f3w : Zamek Kr\u00f3lewski na Wawelu \u2013 Pa\u0144stwowe Zbiory Sztuki, 2021.<\/li>\n<li>Ma\u0142e Czyste : gm. Stolno, stanowisko 20 : wielokulturowe stanowisko sepulkralne na ziemi che\u0142mi\u0144skiej \/ pod red. Ewy Bokiniec. \u2013 Toru\u0144 : Uniwersytet Miko\u0142aja Kopernika : Muzeum Okr\u0119gowe, 2020.<\/li>\n<li>Management Plan of the UNESCO World Heritage site \u201cTown of Bamberg\u201c \/ conceptual development by Patricia Alberth, Hannah R\u00f6hlen, Diana B\u00fcttner, Hannah Gr\u00f6ner ; City of\u00a0Bamberg World Heritage Office. \u2013 Bamberg : City of Bamberg World Heritage Office, 2019.<\/li>\n<li>Mapy miasta : dziedzictwa i sacrum w przestrzeni Krakowa \/ red. Anna Nied\u017awied\u017a, Kaja Kajder. \u2013 Krak\u00f3w : Wydawnictwo LIBRON \u2013 Filip Lohner, 2020.<\/li>\n<li>Marek Dzieko\u0144ski : koncepcja, kreacja, konteksty \/ Patryk Oczko. \u2013 Tychy : Muzeum Miejskie, 2017.<\/li>\n<li>Metasieci w proaktywnym podej\u015bciu do planowania rewaloryzacji zabytkowych obiekt\u00f3w budowlanych \/ Grzegorz \u015aladowski. \u2013 Krak\u00f3w : Wydawnictwo PK, 2021.<\/li>\n<li>Metropolitan Jewish cemeteries of the 19th and 20th centuries in Central and Eastern Europe : a comparative study \/ Rudolf Klein. \u2013 Petersberg : Michael Imhof Verlag GmbH &amp; Co. KG, 2018.<\/li>\n<li>M\u0119ska rzecz \/ pod red. Ma\u0142gorzaty Wrze\u015bniak. \u2013 Warszawa : Wydawnictwo Naukowe Uniwersytetu Kardyna\u0142a Stefana Wyszy\u0144skiego, 2020.<\/li>\n<li>Miasto w procesie przemian od czas\u00f3w nowo\u017cytnych do wsp\u00f3\u0142czesno\u015bci = La ville et le processus de transition de l\u2019\u00e9poque moderne \u00e0 nos jours \/ pod redakcj\u0105 Magdaleny Gibiec, Doroty Wi\u015bniewskiej, Leszka Zi\u0105tkowskiego. \u2013 Krak\u00f3w : Ksi\u0119garnia Akademicka, 2019.<\/li>\n<li>Miejsca pami\u0119ci czynu niepodleg\u0142o\u015bciowego na p\u00f3\u0142nocno-wschodnim Mazowszu \/ Ma\u0142gorzata Karczewska, Maciej Karczewski. \u2013 Bia\u0142ystok : \u015brodek Bada\u0144 Europy \u015arodkowo-Wschodniej, 2019.<\/li>\n<li>Miejscowy plan zagospodarowania przestrzennego jako prawna forma ochrony zabytk\u00f3w \/ Wojciech Lis. \u2013 Lublin : Wydawnictwo KUL, 2020.<\/li>\n<li>Miejska gra w zielone : ziele\u0144 65 miast na prawach powiatu w latach 2005-2017 \/ Barbara Ko\u0142odziej. \u2013 Pozna\u0144 : Wydawnictwo Uniwersytetu Przyrodniczego w Poznaniu, 2019.<\/li>\n<li>Mi\u0119dzy architektur\u0105 nowoczesn\u0105 a tradycyjn\u0105 [\u2026] mi\u0119dzy konstrukcj\u0105 a form\u0105 : prace naukowe dedykowane Profesorowi Krzysztofowi Stefa\u0144skiemu \/ pod redakcj\u0105 Piotra Gryglewskiego, Tadeusza Bernatowicza, Darii Rutkowskiej-Siudy. \u2013 \u0141\u00f3d\u017a : Wydawnictwo Uniwersytetu \u0141\u00f3dzkiego, 2020.<\/li>\n<li>Mi\u0119dzy norm\u0105 a natur\u0105 : pocz\u0105tki portretu w Europie \u015arodkowej (oko\u0142o 1350-1430) \/ Mateusz Grz\u0119da. \u2013 Krak\u00f3w : Wydawnictwo Towarzystwa Naukowego \u201cSocietas Vistulana\u201d : 2020.<\/li>\n<li>Mi\u0119dzy S\u0142upi\u0105 a Wierzyc\u0105 : cmentarzyska kultury pomorskiej z obszaru Kaszub i Kociewia \/ Piotr Fudzi\u0144ski. \u2013 Gda\u0144sk : Muzeum Archeologiczne w Gda\u0144sku, 2020.<\/li>\n<li>Miniaturowe \u015bwiaty : historia domk\u00f3w dla lalek \/ Piotr Oczko \u2013 Warszawa : Muzeum Pa\u0142acu Kr\u00f3la Jana III w Wilanowie, 2021.<\/li>\n<li>Mira\u017ce natury i architektury : prace naukowe dedykowane profesorowi Tadeuszowi Bernatowiczowi \/ pod red. Aliny Barczyk, Piotra Gryglewskiego. \u2013 \u0141\u00f3d\u017a : Wydawnictwo Uniwersytetu \u0141\u00f3dzkiego : Instytut Historii Sztuki. Uniwersytet \u0141\u00f3dzki ; [Warszawa] : Narodowy Instytut Polskiego Dziedzictwa Kulturowego za Granic\u0105 \u201cPolonika\u201d, 2021.<\/li>\n<li>Mistrzowie ig\u0142y : kilka kart z dziej\u00f3w boche\u0144skiego cechu krawieckiego w XVI i XVII stuleciu \/ Anetta Stacho\u0144. \u2013 Bochnia : Muzeum im. Stanis\u0142awa Fischera, 2001.<\/li>\n<li>Mistrzowie reliefu : najcenniejsze plakiety XV-XVIII w. z dawnej kolekcji Andrzeja Ciechanowskiego \/ Artur Badach. \u2013 Warszawa : Arx Regia \u2013 O\u015brodek Wydawniczy Zamku Kr\u00f3lewskiego w Warszawie, 2020.<\/li>\n<li>Model rewitalizacji miast polskich : na tle do\u015bwiadcze\u0144 niemieckich \/ Aleksandra Jadach-Sepio\u0142o. \u2013 Warszawa ; Krak\u00f3w : Instytut Rozwoju Miast i Region\u00f3w, 2021.<\/li>\n<li>Muzea ko\u015bcielne wobec nowych wyzwa\u0144 \/ pod red. nauk. Natanaeli Wies\u0142awy B\u0142a\u017cejczyk, Piotra Majewskiego. \u2013 Warszawa : Narodowy Instytut Muzealnictwa i Ochrony Zbior\u00f3w, 2019.<\/li>\n<li>Muzea zamkowe i pa\u0142acowe w Polsce w \u015bwietle pozytywnych efekt\u00f3w zewn\u0119trznych ich dzia\u0142alno\u015bci \/ Katarzyna Ob\u0142\u0105kowska. \u2013 Warszawa : Difin, 2021.<\/li>\n<li>Muzealna twarz Klio : wyb\u00f3r tekst\u00f3w z lat 1999-2019 \/ Piotr Majewski. \u2013 Warszawa : Bellona : Narodowy Instytut Muzealnictwa i Ochrony Zbior\u00f3w, 2020.<\/li>\n<li>Muzealnictwo \/ Ministerstwo Kultury i Dziedzictwa Narodowego, O\u015brodek Dokumentacji Zabytk\u00f3w ; [Janusz Odrow\u0105\u017c-Pieni\u0105\u017cek red. nacz.]. \u2013 Warszawa : Ministerstwo Kultury i Dziedzictwa Narodowego : O\u015brodek Dokumentacji Zabytk\u00f3w, 1952-.<\/li>\n<li>Muzeum Podlaskie prezentuje \/ pod redakcj\u0105 Waldemara F. Wilczewskiego. \u2013 Bia\u0142ystok : Muzeum Podlaskie w Bia\u0142ymstoku, 2020.<\/li>\n<li>Muzeum w kulturze pami\u0119ci na ziemiach Rzeczpospolitej Obojga Narod\u00f3w : antologia wczesnych tekst\u00f3w. T. 1, 1766-1882 \/ redakcja Tomasz F. de Rosset, Micha\u0142 F. Wo\u017aniak, Ewelina Bednarz Doiczmanowa. \u2013 Toru\u0144 : Wydawnictwo Naukowe Uniwersytetu Miko\u0142aja Kopernika, 2020.<\/li>\n<li>Muzeum w kulturze pami\u0119ci na ziemiach Rzeczpospolitej Obojga Narod\u00f3w : antologia wczesnych tekst\u00f3w. T. 2, 1882-1917 \/ red. Tomasz F. de Rosset, Micha\u0142 F. Wo\u017aniak, Ewelina Bednarz Doiczmanowa. \u2013 Toru\u0144 : Wydawnictwo Naukowe Uniwersytetu Miko\u0142aja Kopernika, 2020.<\/li>\n<li>Na granicy \u015bwiat\u00f3w : obozowisko kultury magdale\u0144skiej w \u0106mielowie, woj. \u015bwi\u0119tokrzyskie \/ pod red. Micha\u0142a Prze\u017adzieckiego i Witolda Migala. \u2013 Warszawa : Wydzia\u0142 Archeologii Uniwersytetu Warszawskiego ; Pa\u0144stwowe Muzeum Archeologiczne w Warszawie, 2020.<\/li>\n<li>Na skraju Kurpiowszczyzny : parafia pw. \u015bw. Floriana w Jednoro\u017ccu \/ Maria Weronika Kmoch. \u2013 Jednoro\u017cec : Stowarzyszenie \u201cPrzyjaciele Ziemi Jednoro\u017ceckiej\u201d, 2020.<\/li>\n<li>Nagrobek biskupa Jana Konarskiego w katedrze na Wawelu \/ Marcin Fabia\u0144ski. \u2013 Krak\u00f3w : Towarzystwo Autor\u00f3w i Wydawc\u00f3w Prac Naukowych Universitas, 2020.<\/li>\n<li>Najnov\u0161ie poznatky z v\u00fdskumov stredovek\u00fdch pamiatok na Gotickej ceste III : Zborn\u00edk Gotick\u00e1 cesta 3\/2018 \/ zost. Michaela Kalinov\u00e1. \u2013 Ro\u017e\u0148ava : Ob\u010dianske zdru\u017eenie Gotick\u00e1 cesta ; Bratislava : Pamiatkov\u00fd \u00farad Slovenskej republiky, 2020.<\/li>\n<li>Nast\u0119pstwa zag\u0142ady \u017byd\u00f3w : Polska 1944-2010 \/ pod red. nauk. Feliksa Tycha, Moniki Adamczyk-Garbowskiej. \u2013 Lublin : Wydawnictwo Uniwersytetu Marii Curie-Sk\u0142odowskiej ; Warszawa : \u017bydowski Instytut Historyczny im. Emanuela Ringelbluma, 2012.<\/li>\n<li>Naziemne skarby kultury \/ oprac. Jan Flasza ; Muzeum im. Stanis\u0142awa Fischera w Bochni. \u2013 Bochnia : Muzeum w Bochni im. prof. Stanis\u0142awa Fischera, 2020.<\/li>\n<li>Nazwa\u0107, \u017ceby ocali\u0107 : klasycy my\u015bli konserwatorskiej wobec relikt\u00f3w przesz\u0142o\u015bci \/ Janusz Krawczyk. \u2013 Toru\u0144 : Wydawnictwo Naukowe Uniwersytetu Miko\u0142aja Kopernika, 2020.<\/li>\n<li>Nekropolie biskupie w nowo\u017cytnej Rzeczypospolitej (XVI-XVIII w.) : prawodawstwo, lokalizacja poch\u00f3wk\u00f3w, formy komemoracji \/ Krzysztof Rafa\u0142 Prokop. \u2013 Krak\u00f3w ; Warszawa : Instytut Archeologii i Etnologii Polskiej Akademii Nauk, 2020.<\/li>\n<li>Niepodleg\u0142o\u015b\u0107 i nowoczesno\u015b\u0107 : studia z historii sztuki \/ pod redakcj\u0105 Lecha Karwowskiego, Dariusza Kacprzaka, Szymona Piotra Kubiaka. \u2013 Szczecin : Muzeum Narodowe w Szczecinie ; Warszawa : Stowarzyszenie Historyk\u00f3w Sztuki : Fundacja Kultura Miejsca, 2019.<\/li>\n<li>Niewiasty Starego i Nowego Testamentu : ryciny z kolekcji ks. dr. Jana Kwolka : katalog zbior\u00f3w \/ Piotr Lasota. \u2013 Przemy\u015bl : Wydawnictwo Muzeum Archidiecezjalnego, 2020.<\/li>\n<li>Niezniszczalny : Bohdan Pniewski \u2013 architekt salonu i w\u0142adzy \/ Grzegorz Pi\u0105tek ; Teatr Wielki \u2013 Opera Narodowa. \u2013 Warszawa : Wydawnictwo Filtry, 2021.<\/li>\n<li>Nowe \u017cycie dziedzictwa przemys\u0142owego : materialne\/niematerialne \/ red. \u0141ukasz Gawe\u0142, Weronika Pokojska, Agnieszka Pude\u0142ko. \u2013 Krak\u00f3w : Wydawnictwo Attyka, 2017.<\/li>\n<li>Nowo\u017cytne zabytki sztuki protestanckiej na terenie obecnego powiatu s\u0142upskiego : (nastawy o\u0142tarzowe, kazalnice, o\u0142tarze ambonowe, chrzcielnice, epitafia, p\u0142yty nagrobne, obrazy, prospekty organowe, lo\u017ce, \u0142awy, empory, inne zabytki) \/ Katarzyna Bartosiewicz. \u2013 S\u0142upsk : Starostwo Powiatowe w S\u0142upsku, 2021.<\/li>\n<li>O budowaniu kr\u00f3lestwa : ksi\u0105\u017c\u0119ce i kr\u00f3lewskie fundacje architektoniczne w Ma\u0142opolsce jako \u015brodek reprezentacji w\u0142adzy 1243-1370 \/ Piotr Pajor. \u2013 Krak\u00f3w : Wydawnictwo Towarzystwa Naukowego \u201cSocietas Vistulana\u201d : Muzeum Narodowe w Krakowie, 2020.<\/li>\n<li>O czym opowiadaj\u0105 detale na bydgoskich budynkach \/ Agnieszka Wysocka. \u2013 Bydgoszcz : Kujawsko-Pomorskie Centrum Kultury w Bydgoszczy, 2020.<\/li>\n<li>O fenomenie sztuk wizualnych i meandrach ich ochrony : filozofia i elementy nowej teorii i praktyki konserwacji \/ Iwona Szmelter. \u2013 Warszawa : Wydawnictwo Naukowe PWN SA, 2020.<\/li>\n<li>Ob\u0142\u0119dne ogrody : terapeutyczne w\u0142a\u015bciwo\u015bci krajobrazu jako podstawa kompozycji zespo\u0142\u00f3w szpitali psychiatrycznych XIX i na pocz\u0105tku XX wieku \/ Anna Staniewska. \u2013 Krak\u00f3w : Wydawnictwo PK, 2020.<\/li>\n<li>Obraz jako obiekt teoretyczny : studia z teorii i historii bada\u0144 nad sztuk\u0105. T. 2 \/ pod redakcj\u0105 \u0141ukasza Kiepuszewskiego, Micha\u0142a Haake, Piotra Juszkiewicza ; Uniwersytet im. Adama Mickiewicza w Poznaniu, Muzeum Narodowe w Poznaniu. \u2013 Pozna\u0144 : Wydawnictwo Naukowe UAM, 2020.<\/li>\n<li>Obraz wsi w wyobra\u017ceniach mieszka\u0144c\u00f3w : miejsca i ludzie \/ El\u017cbieta Szot-Radziszewska. \u2013 Kielce : Wydawnictwo Politechniki \u015awi\u0119tokrzyskiej, 2013.<\/li>\n<li>Obrazy Szczecina, Szczecin w obrazach : malarstwo, rysunek i grafika = Bilder von Stettin, Stettin in Bildern : Gem\u00e4lde, Zeichnungen und Druckgrafik = Pictures of Szczecin, Szczecin in pictures : paintings, drawings and prints \/ redakcja = Herausgeben von = edited by Dariusz Kacprzak, Szymon Je\u017c ; teksty = Beitr\u00e4ge = essays Ewa Gwiazdowska, Szymon Je\u017c, Dariusz Kacprzak. \u2013 Szczecin : Walkowska Wydawnictwo, 2020.<\/li>\n<li>Ocena warto\u015bci i plan zarz\u0105dzania M\u0142yna Papierniczego w Dusznikach-Zdroju \/ Bogus\u0142aw Szmygin, Anna Fortuna-Marek, Andrzej Siwek. \u2013 Lublin : Politechnika Lubelska ; Duszniki-Zdr\u00f3j : Muzeum Papiernictwa ; Warszawa : Polski Komitet Narodowy ICOMOS Zamek Kr\u00f3lewski, 2017.<\/li>\n<li>Ochrona dziedzictwa dla przysz\u0142ych pokole\u0144 : Narodowy Instytut Dziedzictwa : dzia\u0142alno\u015b\u0107 2020 \/ Narodowy Instytut Dziedzictwa. \u2013 Warszawa : Narodowy Instytut Dziedzictwa, [2021].<\/li>\n<li>Ochrona Zabytk\u00f3w : kwartalnik wydawany przez Zarz\u0105d G\u0142\u00f3wny Zwi\u0105zku Zawodowego Historyk\u00f3w Sztuki i Kultury w Warszawie. \u2013 Warszawa ; Krak\u00f3w : \u201cCzytelnik\u201d, 1948-.<\/li>\n<li>Ochrona zabytk\u00f3w architektury obronnej : materia\u0142y Og\u00f3lnopolskiego Zjazdu Spo\u0142ecznych Opiekun\u00f3w Zabytk\u00f3w i Wojew\u00f3dzkich Konserwator\u00f3w Zabytk\u00f3w i Krajowej Narady Konserwatorskiej Towarzystwa Przyjaci\u00f3\u0142 Fortyfikacji : Gi\u017cycko, 12-14 wrze\u015bnia 1997 r. \/ red. nauk. Piotr Molski. \u2013 Towarzystwo Przyjaci\u00f3\u0142 Fortyfikacji, 1997.<\/li>\n<li>Od Aksamitnej do \u017bytniej : ulice Starego Gda\u0144ska \/ Andrzej Januszajtis. \u2013 Gda\u0144sk : Wydawnictwo \u201cMarpress\u201d, 2017.<\/li>\n<li>Od Gyddanyzc do Wielkiego Gda\u0144ska : dzielnice Gda\u0144ska : nazwy, historia \/ Andrzej Januszajtis. \u2013 Gda\u0144sk : Marpress, 2018.<\/li>\n<li>Od zakazu do wolno\u015bci : historia prawnej pozytywizacji wolno\u015bci sztuki \/ Mateusz Maria Bieczy\u0144ski. \u2013 Pozna\u0144 : Silva Rerum : Uniwersytet Artystyczny, 2017.<\/li>\n<li>Odbudowa miast Pomorza Zachodniego po drugiej wojnie \u015bwiatowej : wybrane problemy \/ redakcja Pawe\u0142 Migdalski ; Bogucki Wydawnictwo Naukowe, Muzeum Historyczno-Archeologiczne w Stargardzie. \u2013 Pozna\u0144 : Bogucki Wydawnictwo Naukowe ; Stargard : Muzeum Archeologiczno-Historyczne w Stargardzie, 2021.<\/li>\n<li>Odzyskany blask : barokowe rze\u017aby o\u0142tarzowe ze zbior\u00f3w Muzeum KUL \/ red. Krzysztof Przylicki. \u2013 Lublin : Muzeum KUL, 2018.<\/li>\n<li>Odzyskany blask : barokowe rze\u017aby o\u0142tarzowe ze zbior\u00f3w Muzeum KUL. Cz. 2 \/ red. Krzysztof Przylicki. \u2013 Lublin : Muzeum KUL, 2019.<\/li>\n<li>Olszty\u0144ski Rocznik Konserwatorski. \u2013 Olsztyn : Pracownia Wydawnicza ElSet, 2014-.<\/li>\n<li>Open Heritage Data an introduction to research, publishing and programming with open data in the heritage sector \/ Henriette Roued-Cunliffe. \u2013 London : Facet Publishing, 2020.<\/li>\n<li>Opolski Informator Konserwatorski \/ Wydzia\u0142 Kultury i Sztuki Urz\u0119du Wojew\u00f3dzkiego w Opolu. Wojew\u00f3dzki O\u015brodek Informacji Naukowej, Technicznej i Ekonomicznej w Opolu. \u2013 Opole : Wojew\u00f3dzki O\u015brodek Informacji Naukowej, Technicznej i Ekonomicznej w Opolu, 1981-. R. 2020.<\/li>\n<li>Opowie\u015bci Starego Gda\u0144ska \/ Andrzej Januszajtis. \u2013 Gda\u0144sk : Wydawnictwo \u201cMarpress\u201d, 2009.<\/li>\n<li>Ornament, forma i symbolika w sztuce ludowej na \u017bmudzi \/ J\u00f3zef Perkowski ; redakcja naukowa i wprowadzenie Justyna S\u0142omska-Nowak. \u2013 Toru\u0144 : Muzeum Etnograficzne im.\u00a0Marii Znamierowskiej-Pr\u00fcfferowej, 2018.<\/li>\n<li>Osadnictwo celtyckie na G\u00f3rnym \u015al\u0105sku \/ Marek Bednarek, Krzysztof Spycha\u0142a. \u2013 Opole : Narodowy Instytut Dziedzictwa. Oddzia\u0142 Terenowy w Opolu, 2020.<\/li>\n<li>Osiedla Wroc\u0142awia : historia \/ red. Halina Ok\u00f3lska we wsp\u00f3\u0142pracy z Tomaszem Kozubkiem. \u2013 Wroc\u0142aw : Wydawnictwo Gajt 1991 s.c. : Muzeum Miejskie Wroc\u0142awia, 2021.<\/li>\n<li>Osowa : osada z okresu wp\u0142yw\u00f3w rzymskich nad Czarn\u0105 Ha\u0144cz\u0105 \/ Danuta Jaskanis, Pawe\u0142 Szyma\u0144ski. \u2013 Bia\u0142ystok : Muzeum Podlaskie w Bia\u0142ymstoku ; Warszawa : Wydzia\u0142 Archeologii Uniwersytetu Warszawskiego, 2020.<\/li>\n<li>Ostr\u00f3w Lednicki : palatium Mieszka I i Boles\u0142awa Chrobrego : chronologia i kontekst \/ red. Danuta Banaszak, Andrzej Kowalczyk, Arkadiusz Tabaka, Andrzej M. Wyrwa. \u2013 Lednica ; Muzeum Pierwszych Piast\u00f3w na Lednicy, 2020.<\/li>\n<li>Pa\u0142ac Kr\u00f3lewski na Wawelu w czasach Zygmunta Starego : cztery studia \/ Stanis\u0142aw Mossakowski. \u2013 Warszawa : Instytut Sztuki Polskiej Akademii Nauk, 2021.<\/li>\n<li>Pa\u0142ace Dolnego \u015al\u0105ska. 1 , Powiat trzebnicki : gmina Trzebnica i Zawonia \/ Damian D\u0105browski. \u2013 Warszawa : Wydawnictwo CM, 2020.<\/li>\n<li>Pami\u0119\u0107 o Niepodleg\u0142ej na p\u00f3\u0142nocno-wschodnim Mazowszu \/ red. Maciej Karczewski. \u2013 Bia\u0142ystok : O\u015brodek Bada\u0144 Europy \u015arodkowo-Wschodniej, 2019.<\/li>\n<li>Panorama i panoramy \/ Beata Stragierowicz. \u2013 Wroc\u0142aw : Muzeum Narodowe, 2021.<\/li>\n<li>Panorama Rac\u0142awicka \/ Romuald Nowak, Beata Stragierowicz. \u2013 Wroc\u0142aw : Muzeum Narodowe, 2021.<\/li>\n<li>Panorama Siedmiogrodzka \/ Romuald Nowak, Beata Stragierowicz. \u2013 Wroc\u0142aw : Muzeum Narodowe, 2021.<\/li>\n<li>PAOJ : przewodnik architektoniczny dla osiedla domk\u00f3w fi\u0144skich na Jazdowie \/ Magda Ko\u017aluk, Mateusz Potempski, Dariusz \u015amiechowski. \u2013 Warszawa : SAWAPW, 2019.<\/li>\n<li>Park Mu\u017cakowski \u2013 \u0141\u0119knica : przewodnik \/ Renata Stacha\u0144czyk. \u2013 Wyd. 3, poprawione. \u2013 Warszawa : Narodowy Instytut Dziedzictwa, 2020.<\/li>\n<li>Park Mu\u017cakowski = Muskauer Park : plan : \u0141\u0119knica\/Bad Muskau. \u2013 Aktualizacja 2017. \u2013 [Polska] : Narodowy Instytut Dziedzictwa, [2021].<\/li>\n<li>Park \u017beromskiego w Warszawie \/ autor tekstu Danuta Sikora ; redakcja Gra\u017cyna Waluga ; Zarz\u0105d Zieleni m. st. Warszawy. \u2013 Warszawa : Urz\u0105d Miasta Sto\u0142ecznego Warszawy, 2018.<\/li>\n<li>Pi\u0119kno niedostrzegane : detal architektoniczny zabytkowego terenu Uniwersytetu Warszawskiego \/ [autor scenariusza wystawy Krzysztof Mordy\u0144ski ; t\u0142umaczenie Anne-Marie Fabianowska]. \u2013 Warszawa : Muzeum Uniwersytetu Warszawskiego : Uniwersytet Warszawski, 2020.<\/li>\n<li>Pionierki \/ redakcja Ewa D\u0105browska. \u2013 Krak\u00f3w : EMG, 2019.<\/li>\n<li>Pisanie pisanek technik\u0105 batikow\u0105 na \u015al\u0105sku Opolskim \/ opracowanie Ewa Banik. \u2013 Opole : Narodowy Instytut Dziedzictwa. Oddzia\u0142 Terenowy w Opolu, 2020.<\/li>\n<li>Plan londy\u0144ski : niezrealizowana wizja odbudowy Warszawy (1945-1946) \/ opracowanie Miko\u0142aj Getka-Kenig. \u2013 Warszawa : Instytut Pileckiego, 2021.<\/li>\n<li>Planowanie proces\u00f3w rewitalizacji miast : teoria a praktyka \/ Katarzyna Olbi\u0144ska. \u2013 \u0141\u00f3d\u017a : Wydawnictwo Uniwersytetu \u0141\u00f3dzkiego, 2020.<\/li>\n<li>Planty, promenady, ringi : \u015br\u00f3dmiejskie za\u0142o\u017cenia pier\u015bcieniowe Gda\u0144ska, Poznania, Wroc\u0142awia i Krakowa \/ \u0141ukasz Bugalski. \u2013 Gda\u0144sk : Fundacja Terytoria Ksi\u0105\u017cki, 2020.<\/li>\n<li>P\u0142aszczyzna porozumienia : sto\u0142y w XVIII i XIX wieku \/ Ma\u0142gorzata Kor\u017cel-Kra\u015bna. \u2013 Wroc\u0142aw : Muzeum Narodowe we Wroc\u0142awiu, 2020.<\/li>\n<li>Podlaskie Zeszyty Archeologiczne \/ Muzeum Podlaskie w Bia\u0142ymstoku. \u2013 Bia\u0142ystok : Muzeum Podlaskie, 2005-. T. 14-15 (2020).<\/li>\n<li>Podr\u0119cznik do inwentaryzacji polskich cmentarzy i nagrobk\u00f3w poza granicami kraju \/ Anna Sylwia Czy\u017c, Bart\u0142omiej Gutowski. \u2013 Warszawa : Narodowy Instytut Polskiego Dziedzictwa Kulturowego za Granic\u0105 Polonika, 2020.<\/li>\n<li>Podr\u00f3\u017c za marzeniami : kultura uzdrowiskowa w Europie \/ Bo\u017cena P\u0142onka-Syroka, Paulina Suchecka. \u2013 Wroc\u0142aw : Muzeum Narodowe we Wroc\u0142awiu, 2021.<\/li>\n<li>Poland \u2013 China : art and cultural heritage \/ ed. by Joanna Wasilewska. \u2013 Krak\u00f3w : Jagiellonian University Press, 2011.<\/li>\n<li>Polejowscy : karta z dziej\u00f3w lwowskiego \u015brodowiska artystycznego w drugiej po\u0142owie XVIII wieku \/ Agata Dworzak. \u2013 Warszawa : Narodowy Instytut Polskiego Dziedzictwa Kulturowego za Granic\u0105 Polonika ; Krak\u00f3w : Towarzystwo Naukowe \u201cSocietas Vistulana\u201d : Uniwersytet Jagiello\u0144ski, 2020.<\/li>\n<li>Polska : si\u0142a obrazu \/ redakcja Iwona Danielewicz, Agnieszka Rosales Rodr\u00edguez. \u2013 Warszawa : Muzeum Narodowe w Warszawie, 2020.<\/li>\n<li>Polski S\u0142ownik Biograficzny. T. 53\/2, z. 217, Teodorowicz Feliks \u2013 Tetmajer Adolf \/ [red. nacz. Andrzej Romanowski] ; Polska Akademia Nauk, Polska Akademia Umiej\u0119tno\u015bci. \u2013 Warszawa : Instytut Historii PAN ; Krak\u00f3w : Polska Akademia Umiej\u0119tno\u015bci, 2020.<\/li>\n<li>Polski S\u0142ownik Biograficzny. T. 53\/3, z. 218, Tetmajer Adolf \u2013 Themerson Stefan \/ [red. nacz. Andrzej Romanowski] ; Polska Akademia Nauk, Polska Akademia Umiej\u0119tno\u015bci. \u2013 Warszawa : Instytut Historii PAN ; Krak\u00f3w : Polska Akademia Umiej\u0119tno\u015bci, 2021.<\/li>\n<li>Polskie wybrze\u017ce w okresie mi\u0119dzywojennym na archiwalnych zdj\u0119ciach i poczt\u00f3wkach \/ Maciej Maksymowicz. \u2013 Gda\u0144sk : Narodowe Muzeum Morskie 2021.<\/li>\n<li>Pomnik Niepodleg\u0142o\u015bci : Ko\u015bci\u00f3\u0142 pw. Chrystusa Kr\u00f3la i \u015bw. Rocha w Bia\u0142ymstoku \/ Iwona G\u00f3rska, Joanna Koty\u0144ska-Stetkiewicz, Aneta Ku\u0142ak, Grzegorz Ry\u017cewski. \u2013 Bia\u0142ystok : Fundacja Ochrony Zabytk\u00f3w \u201cNa Rubie\u017cy\u201d, 2019.<\/li>\n<li>Pomniki historii \/ autor koncepcji i koordynator wydawnictwa: Ewa Krupa ; redakcja: Agnieszka Wysocka, Lech \u0141bik. \u2013 Bydgoszcz : Kujawsko-Pomorskie Centrum Kultury, 2020.<\/li>\n<li>Populism and heritage in Europe : lost in diversity and unity \/ Ayhan Kaya. \u2013 Abingdon, Oxon ; New York, NY : Routledge, 2020.<\/li>\n<li>Portret w Polsce XVI wieku \/ Przemys\u0142aw Mrozowski. \u2013 Warszawa : Muzeum Pa\u0142acu Kr\u00f3la Jana III w Wilanowie, 2021.<\/li>\n<li>Poz\u00f3r kostiumu : historyzm i orientalizm w modzie kobiecej w Polsce od XVIII do pocz\u0105tku XX wieku \/ Ma\u0142gorzata Mo\u017cd\u017cy\u0144ska-Nawotka. \u2013 Wroc\u0142aw : Muzeum Narodowe we\u00a0Wroc\u0142awiu, 2021.<\/li>\n<li>Prace magisterskie 2018\/2019. T. 7 \/ [kom. red. Gra\u017cyna Korpal et al.] ; Wydzia\u0142 Konserwacji i Restauracji Dzie\u0142 Sztuki Akademii Sztuk Pi\u0119knych im. Jana Matejki w Krakowie. \u2013 Krak\u00f3w : Wydawnictwo Akademii Sztuk Pi\u0119knych im. Jana Matejki, 2020.<\/li>\n<li>Prezentacja interpretacyjna zabytk\u00f3w architektury w ochronie dziedzictwa kulturowego \/ Jolanta Sroczy\u0144ska. \u2013 Krak\u00f3w : Wydawnictwo PK, 2018.<\/li>\n<li>Procesja Bo\u017cego Cia\u0142a z tradycj\u0105 kwietnych dywan\u00f3w w Kluczu, Olszowej, Zalesiu \u015al\u0105skim i Zimnej W\u00f3dce \/ opracowanie Joanna Banik. \u2013 Opole : Narodowy Instytut Dziedzictwa. Oddzia\u0142 Terenowy w Opolu, 2020.<\/li>\n<li>Pr\u016fzkumy pam\u00e1tek = Denkmalforschung = Historical Monuments\u2019. \u2013 Praha : Pam\u00e1tkov\u00fd \u00fastav st\u0159edn\u00edch \u010cech, 1994-.<\/li>\n<li>Przekszta\u0142cenia ma\u0142ych miast w Polsce : studium wybranych miast w strefie podmiejskiej Warszawy \/ Anna Majewska. \u2013 Warszawa : Oficyna Wydawnicza Politechniki Warszawskiej, 2021.<\/li>\n<li>Prze\u0142omowe lata 1918-1920 \/ autor koncepcji i koordynator wydawnictwa: Ewa Krupa ; autorzy tekst\u00f3w: Lech \u0141bik, Krystian Strauss. \u2013 Bydgoszcz : Kujawsko-Pomorskie Centrum Kultury, 2018.<\/li>\n<li>Przemiany w szkutnictwie rzecznym w Polsce : studium archeologiczne \/ Waldemar Ossowski ; z oprac. Cezarego \u017brodowskiego pt. Cyfrowa rekonstrukcja kszta\u0142tu historycznych jednostek \u015br\u00f3dl\u0105dowych. \u2013 Gda\u0144sk : Centralne Muzeum Morskie, 2010.<\/li>\n<li>Przestrze\u0144 miasta w gospodarce socjalistycznej : industrializacja i budownictwo mieszkaniowe w latach 1950 \u2013 1980 w Bydgoszczy, Toruniu i W\u0142oc\u0142awku \/ Jakub Kujawa. \u2013 Pozna\u0144 : Wydzia\u0142 Historii UAM, 2020.<\/li>\n<li>Przestrze\u0144 podmiejska : wybrane zagadnienia struktury funkcjonalno-przestrzennej \/ Tomasz Bajwoluk. \u2013 Krak\u00f3w : Wydawnictwo PK, 2020.<\/li>\n<li>Przewodnik po cmentarzu \u017cydowskim w Bochni \/ Iwona Zawidzka. \u2013 Bochnia : Muzeum wBochni im. prof. Stanis\u0142awa Fischera, 2018.<\/li>\n<li>Przewodnik po sowieckich umocnieniach z lat 1940-1941 : Linia Mo\u0142otowa w Przemy\u015blu i Medyce \/ Tomasz Zaj\u0105c, Karol Kicman. \u2013 Przemy\u015bl : Muzeum Narodowe Ziemi Przemyskiej, 2021.<\/li>\n<li>Przewodniki turystyczne i ich znaczenie dla popularyzacji ustale\u0144 polskiej historiografii artystycznej do ko\u0144ca XIX wieku \/ Dominik Ziarkowski. \u2013 Krak\u00f3w : Wydawnictwo Ksi\u0119garnia Akademicka, 2021.<\/li>\n<li>Quart : kwartalnik Instytutu Historii Sztuki Uniwersytetu Wroc\u0142awskiego \/ [red. nacz. Waldemar Oko\u0144]. \u2013 Wroc\u0142aw : Instytut Historii Sztuki Uniwersytetu Wroc\u0142awskiego, 2006-.<\/li>\n<li>Raport. 15 \/ red. S\u0142awomir Kadrow. \u2013 Warszawa : Narodowy Instytut Dziedzictwa, 2020.<\/li>\n<li>Ratusz w Ole\u015bnie \/ opracowanie Katarzyna Latocha. \u2013 Opole : Narodowy Instytut Dziedzictwa. Oddzia\u0142 Terenowy w Opolu, [2020].<\/li>\n<li>Reformaci w miejscowo\u015bciach prowincji ma\u0142opolskiej od XVII do XVIII wieku i ich wp\u0142yw na kszta\u0142towanie krajobraz\u00f3w kulturowych \/ Katarzyna Hodor. \u2013 Krak\u00f3w : Wydawnictwo PK, 2019.<\/li>\n<li>Regnum defendo ense et alis tego stricto : Malbork w Prusach Kr\u00f3lewskich. Tom 1, Prusy Kr\u00f3lewskie i Malbork w okresie staropolskim (1454-1772) \/ redakcja naukowa Rafa\u0142 Panfil, Artur Dobry ; autorzy Janusz Trupinda, Artur Dobry, Rafa\u0142 Panfil [i 16 pozosta\u0142ych]. \u2013 Malbork : Muzeum Zamkowe, 2021.<\/li>\n<li>Rekonstrukcje, dekonstrukcje, (nad)interpretacje : studia o losach architektury \u015brodkowoeuropejskich miast i rezydencji w aspekcie politycznym (XIX-XXI wiek) \/ Tomasz Torbus. \u2013 Gda\u0144sk : Wydawnictwo S\u0142owo \/ Obraz Terytoria, 2019.<\/li>\n<li>Relikty i uzurpatorzy \/ Janusz Sujecki. \u2013 Warszawa : nak\u0142adem autora, 2020.<\/li>\n<li>Relikty \u015bredniowiecznej drewnianej zabudowy wzg\u00f3rza zamkowego w Lublinie : badania interdyscyplinarne i konserwacja \/ pod red. Marty Stasiak-Cyran ; Muzeum Narodowe w Lublinie. \u2013 Lublin : Muzeum Narodowe, 2020.<\/li>\n<li>Renesansowy dw\u00f3r obronny w \u0141\u0119kach G\u00f3rnych \/ Barbara Bosak, Antoni Bosak. \u2013 Krosno : Wydawnictwo \u201cRuthenus\u201d Rafa\u0142 Barski, 2014.<\/li>\n<li>Renowacja element\u00f3w architektury \/ Anna Sieniawska-Kuras, Piotr Potocki. \u2013 Krosno : Wydawnictwo i Handel Ksi\u0105\u017ckami \u201cKaBe\u201d, 2012.<\/li>\n<li>Renowacje i Zabytki : kwartalnik og\u00f3lnopolski : konserwacja, renowacja, adaptacja \/ [red. nacz. Edward Hardt]. \u2013 Krak\u00f3w : AiP \u201craport\u201d, 2002-.<\/li>\n<li>Rewitalizacja miast : teoria, narz\u0119dzia, do\u015bwiadczenia \/ praca zbiorowa pod redakcj\u0105 Piotra Trzepacza i Agaty Warchalskiej-Troll \u2013 Krak\u00f3w : Instytut Rozwoju Miast, 2017.<\/li>\n<li>Rewitalizacja miast : w kierunku integracji proces\u00f3w, mechanizm\u00f3w i metod dzia\u0142ania \/ pod red. Marii Dankowskiej i Bartosza M. Walczaka. \u2013 \u0141\u00f3d\u017a : Wydawnictwo Politechniki \u0141\u00f3dzkiej, 2018.<\/li>\n<li>Rewitalizacja obszar\u00f3w wiejskich : uwarunkowania, modele, konsekwencje \/ Ewa Pa\u0142ka-\u0141ebek. \u2013 Warszawa : Polskie Wydawnictwo Ekonomiczne, 2019.<\/li>\n<li>Rewitalizacja teren\u00f3w poprzemys\u0142owych \/ Alina Maciejewska, Agnieszka Turek. \u2013 Warszawa : Wydawnictwo Naukowe PWN, 2019.<\/li>\n<li>Rezydencje rodu Mniszch\u00f3w w czasach saskich : historia i tre\u015bci ideowe architektury \/ Alina Barczyk. \u2013 \u0141\u00f3d\u017a : Wydawnictwo Uniwersytetu \u0141\u00f3dzkiego, 2021.<\/li>\n<li>rocznica otwarcia Muzeum Pa\u0142acu w Rogalinie, Oddzia\u0142u Muzeum Narodowego w Poznaniu \/ teksty Ewa Leszczy\u0144ska ; wst\u0119p Adam So\u0107ko. \u2013 Pozna\u0144 : Muzeum Narodowe, 2019.<\/li>\n<li>Roczniki Humanistyczne \/ Towarzystwo Naukowe Katolickiego Uniwersytetu Lubelskiego. Wydzia\u0142 Historyczno-Filologiczny. \u2013 Lublin : Towarzystwo Naukowe Katolickiego Uniwersytetu Lubelskiego, 1949-.<\/li>\n<li>Roczniki Sztuki \u015al\u0105skiej \/ Muzeum \u015al\u0105skie we Wroc\u0142awiu. \u2013 Wroc\u0142aw : [s.n.], 1959-.<\/li>\n<li>Ro\u015bliny i zwierz\u0119ta : atlasy historii naturalnej w epoce Linneusza = Plants &amp; animals : atlases of natural history in the age of Linnaeus \/ autorzy tekst\u00f3w = authors of texts Julia Czapla, Julia Fiedorczuk, Agnieszka Fluda-Krokos, Anna Olszewska, Krzysztof Radoszek, Paulina Roszak-Niemirska, Agata W\u0105sowska-Pawlik ; t\u0142umaczenie = translation Jessica Taylor-Kucia. \u2013 Krak\u00f3w : Mi\u0119dzynarodowe Centrum Kultury = International Cultural Centre, 2020.<\/li>\n<li>Rotunda na G\u00f3rze Zamkowej w Cieszynie : badania archeologiczno-architektoniczne 1941-2017 \/ Teresa Rodzi\u0144ska-Chor\u0105\u017cy, Andrzej Tyc, Wac\u0142aw Gojniczek, Bo\u017cena Czwojdrak, Jana Gryc, Zofia Jagosz-Zarzycka, Bogus\u0142aw Chor\u0105\u017cy, Grzegorz Chromik, \u0141ukasz \u0141ukaszewski. \u2013 Cieszyn ; Krak\u00f3w : Muzeum \u015al\u0105ska Cieszy\u0144skiego, 2020.<\/li>\n<li>Ruch turystyczny w Kopalni Soli Wieliczka w okresie zarz\u0105du austriackiego (1772-1918) \/ Barbara Konwerska. \u2013 Wieliczka : Muzeum \u017bup Krakowskich Wieliczka, 2020.<\/li>\n<li>Rynek G\u0142\u00f3wny 25 : dzieje jednego adresu \/ redakcja naukowa Jacek Purchla. \u2013 Krak\u00f3w : Mi\u0119dzynarodowe Centrum Kultury, 2019.<\/li>\n<li>Rysunki architektoniczne w aktach Dyrekcji Ubezpiecze\u0144 : Kielce. Cz. 1, Rynek, ul. Du\u017ca, ul. Jana Paw\u0142a II, pl. NMP, pl. Zamkowy \/ oprac. Krzysztof My\u015bli\u0144ski. \u2013 Kielce : Muzeum Historii Kielc, 2019.<\/li>\n<li>Rysunki architektoniczne w aktach Dyrekcji Ubezpiecze\u0144 : Kielce. Cz. 2, ul. Ma\u0142a, ul. Le\u015bna, ul. Piotrkowska, ul. Sienkiewicza, ul. Weso\u0142a \/ oprac. Krzysztof My\u015bli\u0144ski. \u2013 Kielce : Muzeum Historii Kielc, 2020.<\/li>\n<li>Sacrum na p\u0142\u00f3tnie malowane : zas\u0142ony wielkopostne ko\u015bcio\u0142a \u015bw. Jana Chrzciciela w Orawce \/ Ewa Koc\u00f3j, Maria Borczuch-Bia\u0142kowska, Lucyna Borczuch. \u2013 Krak\u00f3w : Wydawnictwo Ksi\u0119garnia Akademicka, 2021.<\/li>\n<li>Sanktuaria polskie \/ Adam Bujak, tekst Czes\u0142aw Ryszka. \u2013 Krak\u00f3w : Bia\u0142y Kruk, 2021.<\/li>\n<li>SAS : ilustrowany atlas architektury Saskiej K\u0119py \/ koncepcja i projekt Magdalena Piwowar ; tekst Grzegorz Pi\u0105tek, Jaros\u0142aw Trybu\u015b. \u2013 Wyd. 2, rozszerzone. \u2013 Warszawa : Fundacja Centrum Architektury, 2020.<\/li>\n<li>Segmenty dziedzictwa kulturowego : mi\u0119dzy ochron\u0105 dziedzictwa materialnego a niematerialnego \/ red. nauk. Piotr Dobosz, Witold G\u00f3rny, Adam Kozie\u0144, Anna Mazur. \u2013 Krak\u00f3w : AT Wydawnictwo, 2020.<\/li>\n<li>Sen o Warszawie \/ Janusz Targowski. \u2013 Warszawa : Warszawska Firma Wydawnicza, 2021.<\/li>\n<li>Sibi, suisque et Patriae ornamento : fundacje artystyczne Koniecpolskich w XV\u2013XVII wieku \/ Zbigniew Bania. \u2013 \u0141\u00f3d\u017a : Wydawnictwo Uniwersytetu \u0141\u00f3dzkiego, 2021.<\/li>\n<li>Skarpa Warszawska \/ [red. nacz. Danuta Szmit-Zawierucha]. \u2013 Warszawa : Agencja Wydawniczo-Reklamowa Skarpa Warszawska, 2012-.<\/li>\n<li>Sob\u00f3r Zmartwychwstania Pa\u0144skiego w Bia\u0142ymstoku \/ Piotr Chomik, Roman Andrzej P\u0142o\u0144ski, Marek \u0141awreszuk. \u2013 Bia\u0142ystok : Fundacja Vidovdan, 2018.<\/li>\n<li>Spodek w Zenicie : przewodnik po architekturze lat 1945-1989 w wojew\u00f3dztwie \u015bl\u0105skim \/ Anna Syska. \u2013 Warszawa : Narodowy Instytut Architektury i Urbanistyki, 2020.<\/li>\n<li>Sprawozdania Zarz\u0105du Towarzystwa Odbudowy i Upi\u0119kszania Zamku Malborskiego \/ pod red. Artura Dobrego, Janusza Trupindy. \u2013 Malbork : Muzeum Zamkowe, 2020.<\/li>\n<li>Standardy termomodernizacji obiekt\u00f3w zabytkowych : wytyczne Generalnego Konserwatora Zabytk\u00f3w dotycz\u0105ce ochrony warto\u015bci dziedzictwa kulturowego w procesie poprawy charakterystyki energetycznej budowli zabytkowych \/ red. Marta Elas. \u2013 Warszawa : Narodowy Instytut Dziedzictwa, 2020.<\/li>\n<li>Stanowiska 24, 25 i 27 w Mirocinie, gm. Przeworsk : osadnictwo z wczesnego okresu epoki br\u0105zu \/ Pawe\u0142 Jarosz, Miros\u0142aw Mazurek. \u2013 Rzesz\u00f3w : Wydawnictwo Uniwersytetu Rzeszowskiego : Fundacja Rzeszowskiego O\u015brodka Archeologicznego, 2020.<\/li>\n<li>Stary Fordon : synergia w rewitalizacji \/ Ewa Raczy\u0144ska-M\u0105kowska. \u2013 Bydgoszcz : Wydawnictwa Uczelniane Uniwersytetu Technologiczno-Przyrodniczego, 2020.<\/li>\n<li>Sto jeden razy Gda\u0144sk \/ Andrzej Januszajtis. \u2013 Gda\u0144sk : Wydawnictwo \u201cMarpress\u201d, 2017.<\/li>\n<li>Str\u00f3j g\u00f3rali orawskich \/ redakcja Robert Kowalczyk ; fotografie \u0141ukasz Sowi\u0144ski ; [teksty Jadwiga Pilch, Karolina Kowalczyk, Krzysztof Pieronek, Marcin Kowalczyk, Robert Kowalczyk]. \u2013 Jab\u0142onka : Orawskie Centrum Kultury ; Krak\u00f3w : Agent PR, 2018.<\/li>\n<li>Studia jubileuszowe : 70 lat Wydzia\u0142u Konserwacji i Restauracji Dzie\u0142 Sztuki Akademii Sztuk Pi\u0119knych im. Jana Matejki w Krakowie \/ redakcja: Ma\u0142gorzata Nowali\u0144ska. \u2013 Krak\u00f3w : Wydawnictwo Akademii Sztuk Pi\u0119knych im. Jana Matejki, 2020.<\/li>\n<li>Studia o muzealnej pami\u0119ci na ziemiach dawnej Rzeczpospolitej do roku 1918 \/ redakcja Tomasz F. de Rosset, Aldona To\u0142ysz, Ma\u0142gorzata Wawrzak. \u2013 Toru\u0144 : Wydawnictwo Naukowe Uniwersytetu Miko\u0142aja Kopernika, 2020.<\/li>\n<li>Studies in archeological ceramology \/ edited by Zbigniew Kobyli\u0144ski. \u2013 Warszawa : Uniwersytet Kardyna\u0142a Stefana Wyszy\u0144skiego ; 2020.<\/li>\n<li>Sura\u017c : \u015bredniowieczny gr\u00f3d na pograniczu mazowiecko-rusko-litewskim \/ red. Dariusz Krasnod\u0119bski, Hanna Olczak. \u2013 Warszawa : Instytut Archeologii i Etnologii Polskiej Akademii Nauk : Fundacja Przyjaci\u00f3\u0142 Instytutu Archeologii i Etnologii Polskiej Akademii Nauk, 2020.<\/li>\n<li>Suwalski s\u0142ownik biograficzny. T. 1\/ redaktor Zbigniew Fa\u0142tynowicz, kierownik projektu Jerzy Brzozowski. \u2013 Suwa\u0142ki : Muzeum Okr\u0119gowe ; Augustowsko-Suwalskie Towarzystwo Naukowe ; 2021.<\/li>\n<li>Szk\u0142em malowane : problematyka konserwatorska emalierstwa \/ Alina Tomaszewska-Szewczyk. \u2013 Toru\u0144 : Wydawnictwo Naukowe Uniwersytetu Miko\u0142aja Kopernika, 2020.<\/li>\n<li>Szlakiem muze\u00f3w etnograficznych na wolnym powietrzu : w poszukiwaniu wiejskiego krajobrazu \/ Agnieszka Wysocka. \u2013 Bydgoszcz : Kujawsko-Pomorskie Centrum Kultury w Bydgoszczy, 2020.<\/li>\n<li>Sztuka ksi\u0105\u017cki : o kszta\u0142ceniu graficznym w \u015brodowisku akademickim Krakowa i Warszawy w latach 1918-1989 \/ Anna Boguszewska. \u2013 Lublin : Wydawnictwo Uniwersytetu Marii Curie-Sk\u0142odowskiej, 2020.<\/li>\n<li>Sztuka ma\u0142ych form : studia nad produkcj\u0105 i wzornictwem polskiej bi\u017cuterii w latach 1945-1989 \/ Micha\u0142 My\u015bli\u0144ski. \u2013 Warszawa : Instytut Sztuki Polskiej Akademii Nauk, 2021.<\/li>\n<li>Sztuka polska. [T. 6], Sztuka XIX wieku (z uzupe\u0142nieniem o sztuk\u0119 \u015al\u0105ska i Pomorza Zachodniego) \/ Jerzy Malinowski redaktor naukowy tomu ; [autorzy]: Ewa Grochowska, Dariusz Kacprzak, Lech Lechowicz, Piotr \u0141ukaszewicz, Wanda Maria Rudzi\u0144ska, Krzysztof Stefa\u0144ski, Ma\u0142gorzata Szafra\u0144ska, Piotr Szubert, Ewa Wieruch-Jankowska. \u2013 Warszawa : Arkady, 2021.<\/li>\n<li>Sztuka w kr\u0119gu krakowskich franciszkan\u00f3w i klarysek \/ pod redakcj\u0105 Marcina Szymy i Marka Walczaka. \u2013 Krak\u00f3w : Wydawnictwo Towarzystwa Naukowego \u201cSocietas Vistulana\u201d : Muzeum Narodowe w Krakowie, 2020.<\/li>\n<li>Sztuka zagrabiona 2 : Madonna znika pod szklank\u0105 kawy \/ W\u0142odzimierz Kalicki, Monika Kuhnke. \u2013 Warszawa : Agora S.A., 2021.<\/li>\n<li>\u015aladami hrabiny Anieli Potulickiej \/ Agnieszka Wysocka. \u2013 Bydgoszcz : Kujawsko-Pomorskie Centrum Kultury w Bydgoszczy, 2020.<\/li>\n<li>\u015al\u0105ska fabryka fajek glinianych w Zborowskiem : wyniki bada\u0144, studia, konteksty \/ red. nauk. Barbara Papaj. \u2013 Chorz\u00f3w : Muzeum \u201cG\u00f3rno\u015bl\u0105ski Park Etnograficzny w Chorzowie\u201d, 2020.<\/li>\n<li>\u015aR\u00d3D PN : ilustrowany atlas architektury \u015ar\u00f3dmie\u015bcia P\u00f3\u0142nocnego = an illustrated atlas of \u015ar\u00f3dmie\u015bcie P\u00f3\u0142nocne architecture \/ koncepcja i projekt = concept and design Magdalena Piwowar ; wyb\u00f3r i tekst = selection and text Micha\u0142 Kempi\u0144ski, Ewa Ziajkowska ; ilustracje = illustrations Kamila Doniec, Maciej Dr\u0105\u017ckiewicz, Mateusz Gryz\u0142o, Maria \u0141omiak, Peter \u0141yczkowski. \u2013 Warszawa : Fundacja Centrum Architektury, 2021.<\/li>\n<li>\u015aw. Jan od nowa : odbudowa ko\u015bcio\u0142a \u015bw. Jana w Gda\u0144sku 1945-2020 \/ Iwona Berent. \u2013 Gda\u0144sk : Nadba\u0142tyckie Centrum Kultury, 2021.<\/li>\n<li>\u015awiatowe dziedzictwo kultury UNESCO : charakterystyka, metodologia, zarz\u0105dzanie \/ Bogus\u0142aw Szmygin. \u2013 Warszawa : Polski Komitet Narodowy ICOMOS ; Lublin : Politechnika Lubelska, 2016.<\/li>\n<li>\u015awi\u0119ty k\u0105t : o religijno\u015bci ludowej \/ Iwona Zawidzka. \u2013 Bochnia : Muzeum im.\u00a0prof.\u00a0Stanis\u0142awa Fischera, 2016.<\/li>\n<li>Tadeusz Kantor 1947 : nowoczesne do\u015bwiadczenie z nauk\u0105, sztuk\u0105 i Pary\u017cem w tle \/ Wojciech Ba\u0142us. \u2013 Krak\u00f3w : Towarzystwo Autor\u00f3w i Wydawc\u00f3w Prac Naukowych Universitas, 2021.<\/li>\n<li>Tempus edax rerum : utracone ko\u015bcio\u0142y Krakowa wzniesione w okresie od X do XVIII wieku \/ Tomasz Gwiazda ; Instytut Archeologii Uniwersytetu Rzeszowskiego, Fundacja Rzeszowskiego O\u015brodka Archeologicznego. \u2013 Rzesz\u00f3w : Wydawnictwo Uniwersytetu Rzeszowskiego, 2020.<\/li>\n<li>Textus et pictura : \u015bredniowieczny kodeks r\u0119kopi\u015bmienny jako no\u015bnik tre\u015bci, znacze\u0144 i\u00a0warto\u015bci artystycznych \/ pod redakcj\u0105 Moniki Jakubek-Raczkowskiej i Marty Czy\u017cak. \u2013 Toru\u0144 : Wydawnictwo Naukowe Uniwersytetu Miko\u0142aja Kopernika, copyright 2019.<\/li>\n<li>The Old Town in Warsaw \u2013 Authenticity Unknow : Perservation and Conservation of the Plaster and Wall Paintings on the UNESCO World Heritage List \/ edited by Anna Jagiellak. \u2013 Warszawa : Miasto Sto\u0142eczne Warszawa : Narodowy Instytut Dziedzictwa, 2020.<\/li>\n<li>The Oxford handbook of public heritage theory and practice \/ edited by Angela M. Labrador and Neil Asher Silberman. \u2013 New York : Oxford University Press, 2018.<\/li>\n<li>The Tourist-Historic City : Retrospect and Prospect of Managing the Heritage City \/ Gregory John Ashworth and John Tunbridge. \u2013 1st ed. \u2013 Amsterdam ; New York : Pergamon, 2000.<\/li>\n<li>Tkanina : cenne dziedzictwo, przedmiot wsp\u00f3\u0142czesnych bada\u0144 \/ red. nauk. tomu Karolina Stanilewicz. \u2013 Warszawa : Stowarzyszenie Historyk\u00f3w Sztuki ; \u0141\u00f3d\u017a : Akademia Sztuk Pi\u0119knych im. W\u0142adys\u0142awa Strzemi\u0144skiego w \u0141odzi, 2020.<\/li>\n<li>Tkanina artystyczna w zbiorach Muzeum Zamkowego w Malborku \/ Ewa Witkowicz-Pa\u0142ka. \u2013 Malbork : Muzeum Zamkowe, 2020.<\/li>\n<li>Toru\u0144 \u015bredniowieczny i nowo\u017cytny \/ [red. nauk. Jadwiga Chudziakowa, Alina Sosnowska] ; Uniwersytet Miko\u0142aja Kopernika, Uniwersyteckie Centrum Archeologii \u015aredniowiecza i Nowo\u017cytno\u015bci. \u2013 Toru\u0144 : Wydaw. Uniwersytetu Miko\u0142aja Kopernika, 2011.<\/li>\n<li>To\u017csamo\u015b\u0107 polska = Polish National Identity \/ koncepcja, redakcja, teksty Mariusz Knorowski. \u2013 Warszawa : Muzeum Plakatu w Wilanowie. Oddzia\u0142 Muzeum Narodowego w Warszawie ; 2019.<\/li>\n<li>Tramwaje lwowskie 1880-1944 \/ Jan Szajner, Marcin Rech\u0142owicz. \u2013 \u0141\u00f3d\u017a : Ksi\u0119\u017cy M\u0142yn Dom Wydawniczy, 2020.<\/li>\n<li>Transnational model form of socially useful use of historic ruins : best practices handbook \/ [compiled by: Patrizia Borlizzi, Antonino Frenda, Silvia Soldano, Marco Valle]. \u2013 Lublin : Politechnika Lubelska, 2020.<\/li>\n<li>Transnational model of sustainable protection and conservation of historic ruins : best practices handbook \/ team of authors: Bogus\u0142aw Szmygin [ i 52 pozosta\u0142ych]. \u2013 Lublin : Wydawnictwo Politechniki Lubelskiej, 2020.<\/li>\n<li>Trzy pocz\u0105tki 1918\/1945\/1989 \/ [redakcja i teksty Micha\u0142 Duda, Ma\u0142gorzata Devosges-Cuber ; t\u0142umaczenie Anna Molik, Grzegorz Pi\u0105tkowski]. \u2013 Wroc\u0142aw : Muzeum Architektury, 2018.<\/li>\n<li>Twierdza i miasto \/ pod redakcj\u0105 Zbigniewa Pilarczyka. \u2013 Pozna\u0144 : Wydawnictwo Miejskie Posnania, 2020.<\/li>\n<li>Tychy : sztuka w przestrzeni miasta \/ Patryk Oczko. \u2013 Wydanie drugie, rozszerzone. \u2013 Tychy : Miejskie Centrum Kultury w Tychach : Muzeum Miejskie w Tychach, 2020.<\/li>\n<li>U \u017ar\u00f3de\u0142 boles\u0142awieckiej ceramiki : Boles\u0142awiec jako jeden z o\u015brodk\u00f3w garncarstwa \u015brodkowoeuropejskiego od XV do XVII w. \/ Barbara Glinkowska [et al.] \u2013 Jelenia G\u00f3ra : Moniatowicz Foto Studio, 2012.<\/li>\n<li>Ulica 3 Maja w Rzeszowie : archeologia, historia, archeometria, kafle piecowe, antropologia, radiologia, odontologia, katalog \/ red. Joanna Rog\u00f3\u017c, Hubert M\u0105cik. \u2013 Rzesz\u00f3w : Wydawnictwo Uniwersytetu Rzeszowskiego : Fundacja Rzeszowskiego O\u015brodka Archeologicznego, 2019.<\/li>\n<li>Ulica Cieszkowskiego w Bydgoszczy : kr\u00f3tka ulica : ciekawa historia \/ Agnieszka Wysocka. \u2013 Bydgoszcz : Kujawsko-Pomorskie Centrum Kultury w Bydgoszczy, 2020.<\/li>\n<li>Umar\u0142 kr\u00f3l : 650. rocznica \u015bmierci Kazimierza Wielkiego \/ redaktorzy naukowi katalogu Pawe\u0142 Tyszka, Micha\u0142 Zawadzki. \u2013 Warszawa : Zamek Kr\u00f3lewski w Warszawie \u2013 Muzeum, 2020.<\/li>\n<li>Uniwersalna karta oceny stanu technicznego obiekt\u00f3w tradycyjnych i zabytkowych \/ Bogus\u0142aw Szmygin, Maciej Trochonowicz, Bartosz Szostak, Kinga Toru\u0144. \u2013 Lublin : Wydawnictwo Politechniki Lubelskiej, 2018.<\/li>\n<li>Urban planning \u201c\u00e0 la fran\u00e7aise\u201d : one thousand years of practice and European innovations : completing the image. Vol. 1, In search of the origins of European urban planning : models of medieval spatial organization in Southern France : from circulades to bastides \/ Krzysztof Kazimierz Paw\u0142owski. \u2013 Warszawa : Narodowy Instytut Dziedzictwa, 2020.<\/li>\n<li>Urban planning \u201c\u00e0 la fran\u00e7aise\u201d : one thousand years of practice and European innovations : completing the image. Vol. 2, Since the birth of absolutism through the Enlightenment \/ Krzysztof Kazimierz Paw\u0142owski. \u2013 Warszawa : Narodowy Instytut Dziedzictwa, 2020.<\/li>\n<li>Ustawa o muzeach : komentarz \/ Adam Barbasiewicz. \u2013 Stan prawny: listopad 2020. \u2013 Warszawa : Wydawnictwo C. H. Beck, 2021.<\/li>\n<li>Ustawa o muzeach : komentarz \/ Ziemowit Cie\u015blik, Iwona Gredka-Ligarska, Paulina Gwo\u017adziewicz-Matan, Irena Lipowicz, Andrzej Matan, Kamil Zeidler ; [wst\u0119p prof. dr hab. Stanis\u0142aw Walto\u015b]. \u2013 Stan prawny na 1 marca 2021 r. \u2013 Warszawa : Wolters Kluwer, 2021.<\/li>\n<li>Ustawa o rewitalizacji : komentarz \/ Tomasz B\u0105kowski. \u2013 Stan prawny na 31 maja 2017 r. \u2013 Warszawa : Wolters Kluwer Polska, 2017.<\/li>\n<li>Utracone arcydzie\u0142o : losy obrazu \u201cTarg na jarzyny\u201d J\u00f3zefa Pankiewicza \/ Micha\u0142 Haake. \u2013 Pozna\u0144 : Wydawnictwo Naukowe UAM, 2020.<\/li>\n<li>Utracone kamienice warszawskie doby wczesnego modernizmu (1909-1914) \/ Piotr Kilanowski. \u2013 Warszawa : Oficyna Wydawnicza Politechniki Warszawskiej, 2021.<\/li>\n<li>Valuing Cultural Heritage : Applying Environmental Valuation Techniques to Historic Buildings, Monuments and Artifacts \/ edited by S\u00e5tle Navrud and Richard C. Ready. \u2013 Cheltenham : Edward Elgar, 2002.<\/li>\n<li>Varia historiae : wybrane aspekty z dziej\u00f3w i kultury \u015bredniowiecza \/ red. Jan Flasza, Krzysztof Polek. \u2013 Bochnia : Muzeum im. Stanis\u0142awa Fischera, 2018.<\/li>\n<li>W Gda\u0144sku i w szerokim \u015bwiecie \/ Andrzej Januszajtis. \u2013 Gda\u0144sk : Wydawnictwo Marpress, 2021.<\/li>\n<li>W kr\u0119gu Branickich : Muzeum Podlaskie w Bia\u0142ymstoku, maj-wrzesie\u0144 2019 \/ tekst Anna D\u0105browska ; noty katalogowe Anna D\u0105browska, Joanna Tomalska-Wi\u0119cek. \u2013 Bia\u0142ystok : Muzeum Podlaskie w Bia\u0142ymstoku, 2019.<\/li>\n<li>W namiotach wezyrskich : komemoracja wojen tureckich w kulturze szlacheckiej \/ Sabine Jagodzinski. \u2013 Warszawa : Muzeum Pa\u0142acu Kr\u00f3la Jana III w Wilanowie, 2020.<\/li>\n<li>W stylu \u015bwidermajer \/ [wyb\u00f3r ilustracji i opis Ewa Moskwa] ; Wydzia\u0142 Archiwum Biura Administracyjno-Gospodarczego Urz\u0119du m.st. Warszawy. \u2013 Warszawa : Studio Reklamy i Wydawnictwo Masz, 2013.<\/li>\n<li>Warszawa szlakiem \u201cGo\u015bci\u0144ca\u201d Adama Jarz\u0119bskiego : rekonstrukcja miasta z roku 1643 w 25 obrazach \/ Tomasz Kuls. \u2013 Warszawa : Agencja Wydawniczo-Reklamowa Skarpa Warszawska, 2020.<\/li>\n<li>Warszawskie Stare Miasto \u2013 autentyzm nieznany : zachowanie i konserwacja tynk\u00f3w i malarstwa \u015bciennego zabytku \u015bwiatowego dziedzictwa UNESCO \/ redakcja merytoryczna Anna Jagiellak. \u2013 Warszawa : Miasto Sto\u0142eczne Warszawa : Narodowy Instytut Dziedzictwa, 2020.<\/li>\n<li>Warszawskie synagogi : na tropie tajemnic \/ Jaros\u0142aw Zieli\u0144ski. \u2013 \u0141\u00f3d\u017a : Ksi\u0119\u017cy M\u0142yn Dom Wydawniczy, 2020.<\/li>\n<li>Wczesno\u015bredniowieczna Niemcza : archiwalia z bada\u0144 archeologicznych w Niemczy z lat 1950-1981 \/ red. Joanna Kachel-Szyjka, Krzysztof Jaworski, Aleksander Limisiewicz ; Instytut Archeologii Uniwersytetu Wroc\u0142awskiego. \u2013 Wroc\u0142aw : Instytut Archeologii Uniwersytetu Wroc\u0142awskiego, 2020.<\/li>\n<li>Wczesno\u015bredniowieczna Wi\u015blica : urbs famosissima in regno Lechitarum \/ Nina Gli\u0144ska. \u2013 Warszawa : Instytut Archeologii i Etnologii Polskiej Akademii Nauk, 2020.<\/li>\n<li>Wczesno\u015bredniowieczne grodzisko w Tarnawie Rzepi\u0144skiej \/ pod red. Bart\u0142omieja Gruszki, Arkadiusza Michalaka. \u2013 Zielona G\u00f3ra : Wydawnictwo Fundacji Archeologicznej ; Warszawa : Instytut Archeologii i Etnologii Polskiej Akademii Nauk, 2020.<\/li>\n<li>Wczesno\u015bredniowieczne i nowo\u017cytne cmentarzysko w Pniu \/ red. Dariusz Poli\u0144ski. \u2013 Toru\u0144 : Wydawnictwo Edukacyjne \u201cAkapit\u201d s.c. : Jagiello\u0144ski Instytut Wydawniczy : Europejska Fundacja \u201cPami\u0119\u0107 i Dziedzictwo\u201d, 2020.<\/li>\n<li>Wczesny i \u015brodkowy neolit na pojezierzu starogardzkim w \u015bwietle bada\u0144 nad doln\u0105 Wierzyc\u0105 i Jank\u0105 \/ red. Olgierd Felczak. \u2013 Gda\u0144sk : Muzeum Archeologiczne, 2020.<\/li>\n<li>W\u0119druj\u0105ce Madonny : wizerunki Madonn kresowych na Podkarpaciu : materia\u0142y z\u00a0konferencji naukowych odbytych w latach 2016-2020 w Przemy\u015blu \/ redakcja i\u00a0opracowanie graficzne Marek Wojnarowski. \u2013 Przemy\u015bl : Centrum Kulturalne w Przemy\u015blu : przy wsp\u00f3\u0142pracy Muzeum Archidiecezjalnego im. \u015aw. J\u00f3zefa Sebastiana Pelczara Biskupa w Przemy\u015blu, 2020.<\/li>\n<li>Widoki architektury w grafice XIX wieku : z problematyki kszta\u0142towania kanonu zabytk\u00f3w narodowych \/ Ewa Skotniczna. \u2013 Krak\u00f3w : Wydawnictwo Attyka, 2018.<\/li>\n<li>Wielkopolski Biuletyn Konserwatorski \/ Wojew\u00f3dzki Oddzia\u0142 S\u0142u\u017cby Ochrony Zabytk\u00f3w w Poznaniu, Stowarzyszenie Naukowe Archeolog\u00f3w Polskich. Oddzia\u0142 w Poznaniu ; Aleksander Starzy\u0144ski red. \u2013 Pozna\u0144 : Wydaw. Pozna\u0144skie, 2002-.<\/li>\n<li>Wielokulturowo\u015b\u0107 G\u00f3rnego \u015al\u0105ska na przyk\u0142adzie ogrod\u00f3w szreberowskich i\u00a0jordanowskiego w Katowicach \/ Ryszard Nakonieczny. \u2013 Wydanie drugie. \u2013 Katowice : Fundacja Dom Modernisty, 2018.<\/li>\n<li>Wilan\u00f3w to nie tylko obecni mieszka\u0144cy : Cmentarz Wilanowski 1816-2016 \/ Wojciech Parzy\u0144ski. \u2013 Warszawa : Multico Oficyna Wydawnicza, 2021.<\/li>\n<li>Willa Lentza : historia (od)nowa \/ Maciej S\u0142omi\u0144ski, Micha\u0142 D\u0119bowski. \u2013 Szczecin : Willa Lentza, 2021.<\/li>\n<li>Willmann w Warszawie : Willmann Encore \u2013 m\u0119cze\u0144stwa aposto\u0142\u00f3w : Willmann \u2013 opus minor \/ pod red. Miros\u0142awa Nowaka i Marka Pierzcha\u0142y ; Muzeum Narodowe we Wroc\u0142awiu, Muzeum Jana Paw\u0142a II i Prymasa Wyszy\u0144skiego, Muzeum Archidiecezji Warszawskiej. \u2013 Warszawa : Muzeum Archidiecezji Warszawskiej, 2020.<\/li>\n<li>Witra\u017ce : sztuka wci\u0105\u017c odkrywana \/ red. Beata Fekecz-Tomaszewska, Magda \u0141awicka. \u2013 Krak\u00f3w : Stowarzyszenie Mi\u0142o\u015bnik\u00f3w Witra\u017cy Ars Vitrea Polona ; Legnica : Wydawnictwo Edytor, 2020.<\/li>\n<li>Wok\u00f3\u0142 dziedzictwa : historycy sztuki, muzealnicy i konserwatorzy w 40. rocznic\u0119 \u015bmierci prof. Jerzego Remera \/ pod redakcj\u0105 Micha\u0142a Pszcz\u00f3\u0142kowskiego, Marcina Zdanowskiego, Karoliny Zimnej-Kaweckiej. \u2013 Toru\u0144 : Towarzystwo Naukowe w Toruniu, 2020.<\/li>\n<li>Wok\u00f3\u0142 malarstwa monachijskiego : wiek XIX : Monachium, Wiede\u0144, Pary\u017c : studia i szkice \/ pod redakcj\u0105 Elizy Ptaszy\u0144skiej. \u2013 Suwa\u0142ki : Muzeum Okr\u0119gowe w Suwa\u0142kach, 2020.<\/li>\n<li>Wroc\u0142aw wed\u0142ug Bacha \/ Aurelia Zdu\u0144czyk. \u2013 Wroc\u0142aw : Muzeum Narodowe we Wroc\u0142awiu, 2021.<\/li>\n<li>Wschowskie ulice. Cz. 2, Polskie Przedmie\u015bcie. 1 \/ Dariusz Czwojdrak. \u2013 Wschowa : Stowarzyszenie Czas A.R.T., 2018.<\/li>\n<li>Wschowskie ulice. Cz. 3, Polskie Przedmie\u015bcie. 2 \/ Dariusz Czwojdrak, Przemys\u0142aw Wojciech. \u2013 Wschowa : Stowarzyszenie Czas A.R.T., 2018.<\/li>\n<li>Wstecz : historia Warszawy do pocz\u0105tku \/ B\u0142a\u017cej Brzostek. \u2013 Wydanie I. \u2013 Warszawa : Muzeum Warszawy, 2021.<\/li>\n<li>Wszystkie arrasy kr\u00f3la : powroty: 2021-1961-1921 \/ autorzy tekst\u00f3w Magdalena Ozga, Magdalena Piwocka, Jerzy Holc. \u2013 Krak\u00f3w : Zamek Kr\u00f3lewski na Wawelu, 2021.<\/li>\n<li>WUWA 1929-2019 : wroc\u0142awska wystawa Werkbundu \/ Jadwiga Urbanik ; [redaktor naukowy: Jerzy Ilkosz]. \u2013 Wroc\u0142aw : Muzeum Architektury we Wroc\u0142awiu, 2019.<\/li>\n<li>Wysoka k. \u0141a\u0144cuta : studia, szkice i materia\u0142y z dziej\u00f3w parafii i miejscowo\u015bci \/ pod red. abpa Adama Szala i ks. S\u0142awomira Zycha. \u2013 Wysoka ; Przemy\u015bl : Wydawnictwo Archidiecezji Przemyskiej, 2014.<\/li>\n<li>Wysoka k. \u0141a\u0144cuta : studia, szkice i materia\u0142y z dziej\u00f3w parafii i miejscowo\u015bci. T. 2 \/ pod red. abpa Adama Szala i ks. S\u0142awomira Zycha. \u2013 Wysoka ; Przemy\u015bl : Wydawnictwo Archidiecezji Przemyskiej, 2019.<\/li>\n<li>Z dziej\u00f3w Marmur\u00f3w Kieleckich (1876-2016) \/ pod redakcj\u0105 Jana G\u0142\u00f3wki i Jerzego Szczepa\u0144skiego ; Kieleckie Towarzystwo Naukowe. \u2013 Kielce : Kieleckie Towarzystwo Naukowe, 2020.<\/li>\n<li>Z g\u0142owy prababci : czepki, kopki, klapice \/ redakcja Ewa Tomaszewska. \u2013 Leszno ; Muzeum Okr\u0119gowe w Lesznie : 2020.<\/li>\n<li>Z piaskowca i z marmuru : dzie\u0142a mistrza Pokornego \/ Maria Lipok-Bierwiaczonek ; zdj\u0119cia autorki. \u2013 Tychy : Muzeum Miejskie, 2020.<\/li>\n<li>Zabytek zadbany AD 2020 \/ [tekst Joanna Piotrowska]. \u2013 Warszawa : Narodowy Instytut Dziedzictwa, 2020.<\/li>\n<li>Zabytek zadbany AD 2021 \/ [tekst Hanna Mackiewicz]. \u2013 Warszawa : Narodowy Instytut Dziedzictwa, 2021.<\/li>\n<li>Zabytki urbanistyki i architektury wojew\u00f3dztwa tarnowskiego \/ Andrzej B. Krupi\u0144ski. \u2013 Warszawa ; Krak\u00f3w : Wydawnictwo PTTK \u201cKraj\u201d, 1989.<\/li>\n<li>Zagraniczne podr\u00f3\u017ce budowniczych (architekt\u00f3w, kamieniarzy, murarzy) i rze\u017abiarzy w \u0142aci\u0144skiej Europie od X do pierwszej po\u0142owy XIV wieku w \u015bwietle \u017ar\u00f3de\u0142 pisanych \/ Michalina Duda, S\u0142awomir J\u00f3\u017awiak, Marcin Wiewi\u00f3ra. \u2013 Toru\u0144 : Wydawnictwo Naukowe Uniwersytetu Miko\u0142aja Kopernika, 2020.<\/li>\n<li>Zagro\u017cenia mikrobiologiczne zbior\u00f3w muzealnych \/ Magdalena Dyda. \u2013 Warszawa : Narodowy Instytut Muzealnictwa i Ochrony Zbior\u00f3w, 2020.<\/li>\n<li>Zakopane : drewniany ko\u015bci\u00f3\u0142 \u015bw. Jana na Harendzie \/ tekst Andrzej Skorupa ; fotografie Rafa\u0142 Monita. \u2013 Krak\u00f3w : Wydawnictwo Astraia, 2020.<\/li>\n<li>Zamek Malbork w czasach wielkich mistrz\u00f3w oraz zarys jego dalszych dziej\u00f3w : vademecum dla zwiedzaj\u0105cych \/ Marek Stokowski, Janusz Trupinda. \u2013 Malbork : Muzeum Zamkowe, 2020.<\/li>\n<li>Zamki gotyckie \/ autor koncepcji i koordynator wydawnictwa: Ewa Krupa ; tekst: Lech \u0141bik. \u2013 Bydgoszcz : Kujawsko-Pomorskie Centrum Kultury, 2021.<\/li>\n<li>Zarys dziej\u00f3w cmentarza przy zabytkowym ko\u015bciele w Be\u0142ku \/ redakcja Anna Grabowska-Rogus, Ewa Kulik. \u2013 Rybnik : Muzeum im. o. Emila Drobnego, 2021.<\/li>\n<li>Zarz\u0105dzanie dziedzictwem kulturowym w kontek\u015bcie procesu rewitalizacji obszar\u00f3w poprzemys\u0142owych \/ Agnieszka Konior. \u2013 Krak\u00f3w : Wydawnictwo Attyka, 2021.<\/li>\n<li>Zarz\u0105dzanie ryzykiem katastrof w \u015bwiatowym dziedzictwie \/ [red. polskiej wersji j\u0119zykowej Anna Marconi-Betka, Barbara Furmanik]. \u2013 Warszawa : Narodowy Instytut Dziedzictwa, 2020.<\/li>\n<li>Zasady prawa ochrony dziedzictwa kultury w orzecznictwie s\u0105d\u00f3w administracyjnych \/ Ma\u0142gorzata Joanna W\u0119grzak. \u2013 Stan prawny na dzie\u0144 17 listopada 2020 r. \u2013 Gda\u0144sk : Sopot : Wydawnictwo Uniwersytetu Gda\u0144skiego, 2020.<\/li>\n<li>Zasady relacji mi\u0119dzy Rzecz\u0105pospolit\u0105 Polsk\u0105 a Ko\u015bcio\u0142em katolickim w zakresie ochrony ko\u015bcielnych d\u00f3br kultury \/ Andrzej Mo\u015b ; Uniwersytet Gda\u0144ski. Wydzia\u0142 Prawa i Administracji. \u2013 Stan prawny: 15 czerwca 2021 r. \u2013 Gda\u0144sk : Wydawnictwo Uniwersytetu Gda\u0144skiego, 2021.<\/li>\n<li>Za\u0161\u010dita in vzdr\u017eevanje mozaikov in situ : zbornik referatov 2. mednarodnega simpozija o mozaikih 21.-23. oktobra 2015 v Ljubljani = Protection and maintenance of mosaics in situ : proceedings of the 2nd International Symposium on Mosaics 21-23 October 2015 in Ljubljana \/ uredile Sabina Dolenec, Marina Lesar Kikelj, Judita Lux, Bernarda \u017dupanek. \u2013 Ljubljana : Zavod za varstvo kulturne dedi\u0161\u010dine Slovenije ; 2020.<\/li>\n<li>Zb\u0105szy\u0144 zapoznana twierdza \/ redakcja Jerzy Stiller. \u2013 Zb\u0105szy\u0144 : Urz\u0105d Miejski, [2019].<\/li>\n<li>Zbiory naukowe Zak\u0142adu Architektury Polskiej Wydzia\u0142u Architektury Politechniki Warszawskiej z perspektywy 100 lat \/ Zak\u0142ad Architektury Polskiej Wydzia\u0142u Architektury Politechniki Warszawskiej ; redaktor Maria Brykowska. \u2013 Warszawa : Oficyna Wydawnicza Politechniki Warszawskiej, 2020.<\/li>\n<li>Zbiory naukowe Zak\u0142adu Architektury Polskiej Wydzia\u0142u Architektury Politechniki Warszawskiej z perspektywy 100 lat \/ Zak\u0142ad Architektury Polskiej Wydzia\u0142u Architektury Politechniki Warszawskiej ; redaktor naukowy serii Ma\u0142gorzata Rozbicka. \u2013 Warszawa : Oficyna Wydawnicza Politechniki Warszawskiej, 2020.<\/li>\n<li>Zdobnictwo drewnianych dom\u00f3w na Bia\u0142ostocczy\u017anie \/ Artur Gawe\u0142. \u2013 Wydanie III, poprawione i rozszerzone. \u2013 Wasilk\u00f3w : Podlaskie Muzeum Kultury Ludowej, 2021.<\/li>\n<li>Zesp\u00f3\u0142 zamkowy w Janowcu : ocena warto\u015bci i plan zarz\u0105dzania \/ Bogus\u0142aw Szmygin, Andrzej Siwek, Anna Fortuna-Marek. \u2013 Lublin : Politechnika Lubelska, 2020.<\/li>\n<li>Znalezisko gromadne przedmiot\u00f3w metalowych kultury \u0142u\u017cyckiej w Brudzyniu, pow. \u017cni\u0144ski : VI sprawozdanie biskupi\u0144skie \/ red. nauk. Jacek Gackowski, Henryk P. D\u0105browski ; Muzeum Archeologiczne w Biskupinie, Polskie Towarzystwo Historyczne. \u2013 Biskupin : Muzeum Archeologiczne w Biskupinie ; Toru\u0144 : Polskie Towarzystwo Historyczne, 2020.<\/li>\n<li>Zrzeszenie \u017bydowskich Artyst\u00f3w Malarzy i Rze\u017abiarzy w Krakowie (1931-1939) \/ Natasza Styrna. \u2013 Warszawa : Wydawnictwo \u201cNeriton\u201d, 2009.<\/li>\n<li>\u0179r\u00f3d\u0142a archeologiczne w rejonie Parku Kulturowego Wietrzychowice. T. 1, Prospekcje nieinwazyjne i abiotyczne elementy \u015brodowiska geograficznego \/ Piotr Papiernik, Joanna Wicha, Rafa\u0142 Brzejszczak, Piotr Kittel, Piotr Wroniecki. \u2013 \u0141\u00f3d\u017a : Wydawnictwo Fundacji Bada\u0144 Archeologicznych Imienia Profesora Konrada Ja\u017cd\u017cewskiego : Muzeum Archeologiczne i Etnograficzne w \u0141odzi, 2020.<\/li>\n<li>\u017belazna Nowa : stanowisko 2 : cmentarzysko ludno\u015bci kultury przeworskiej z Zapilcza na po\u0142udniowym Mazowszu \/ Ma\u0142gorzata Cie\u015blak-Kopyt, Dorota Pogodzi\u0144ska. \u2013 Radom : Muzeum im. Jacka Malczewskiego ; P\u0119kowice : Wydawnictwo i Pracownia Archeologiczna PROFIL-ARCHEO, 2020.<\/li>\n<li>\u017bo\u0142ynia, Rynek 1, Kamienica D\u0105browskich \/ tekst Magdalena K\u0105tnik-Kowalska ; zdj\u0119cia Marcin Plezia. \u2013 \u017bo\u0142ynia : Gminny O\u015brodek Kultury w \u017bo\u0142yni, 2021.<\/li>\n<\/ol>\n<p>&nbsp;<\/p>\n<p>[\/et_pb_toggle][et_pb_toggle title=&#8221;2020&#8243; open_toggle_text_color=&#8221;#e52330&#8243; closed_toggle_text_color=&#8221;#000000&#8243; _builder_version=&#8221;4.27.4&#8243; _module_preset=&#8221;default&#8221; title_font=&#8221;|700|||||||&#8221; closed_title_font=&#8221;|700|||||||&#8221; custom_margin=&#8221;||10px||false|false&#8221; global_colors_info=&#8221;{}&#8221;]<\/p>\n<p><span style=\"color: #808080;\">liczba nowo\u015bci: 315<\/span><\/p>\n<ol>\n<li>1 Pomorska Sesja Sprawozdawcza \/ pod red. Miros\u0142awa Fudzi\u0144skiego ; Muzeum Archeologiczne w Gda\u0144sku, Stowarzyszenie Promocji Zabytk\u00f3w Archeologicznych. \u2013 Gda\u0144sk : Muzuem Archeologiczne, 2016.<\/li>\n<li>2 i 3 Pomorska Sesja Sprawozdawcza za rok 2012 i 2014 \/ pod redakcj\u0105 Miros\u0142awa Fudzi\u0144skiego ; Muzeum Archeologiczne w Gda\u0144sku, Instytut Archeologii Uniwersytetu \u0141\u00f3dzkiego. \u2013 Gda\u0144sk : Muzeum Archeologiczne ; \u0141\u00f3d\u017a : Instytut Archeologii Uniwersytetu \u0141\u00f3dzkiego, 2018.<\/li>\n<li>Acta Universitatis Nicolai Copernici. Nauki Humanistyczno-Spo\u0142eczne. Zabytkoznawstwo i Konserwatorstwo \/ [Uniwersytet Miko\u0142aja Kopernika w Toruniu]. \u2013 Toru\u0144 : Wydawnictwo Uniwersytetu Miko\u0142aja Kopernika, 1974-.<\/li>\n<li>Allgemeines K\u00fcnstler-Lexikon : die Bildenden K\u00fcnstler aller Zeiten und V\u00f6lker. Bd. 109, Thomann \u2013 Toron \/ Hrsg. von Andreas Beyer, B\u00e9n\u00e9dicte Savoy, Wolf Tegethoff. \u2013 Berlin : de Gruyter, 2020.<\/li>\n<li>Archeologia Bagicza : kulturowe oblicza \u017cycia i \u015bmierci \/ Marta Chmiel-Chrzanowska. \u2013 Szczecin : Wydawnictwo Naukowe Uniwersytetu Szczeci\u0144skiego, 2019.<\/li>\n<li>Archeologia jako humanistyczna interpretacja przesz\u0142o\u015bci : studia dedykowane Profesorowi Henrykowi Mamzerowi \/ red. Aleksandra Posern-Zieli\u0144ska, Joanna Sawicka, Jacek Kabaci\u0144ski, Micha\u0142 Kara, Kinga Zamelska- Monczak ; Instytut Archeologii i Etnologii Polskiej Akademii Nauk. O\u015brodek Studi\u00f3w Pradziejowych i \u015aredniowiecznych w Poznaniu. \u2013 Pozna\u0144 : O\u015brodek Studi\u00f3w Pradziejowych i \u015aredniowiecznych. Instytut Archeologii i Etnologii Polskiej Akademii Nauk, 2018.<\/li>\n<li>Archeologia obwodnicy Inowroc\u0142awia : badania archeologiczne w pasie budowy obwodnicy Inowroc\u0142awia : katalog zabytk\u00f3w\u00a0\/ [zesp\u00f3\u0142 red. Micha\u0142 Wi\u015bniewski, Leszek Kotlewski]. \u2013 Bydgoszcz : Generalna Dyrekcja Dr\u00f3g Krajowych i Autostrad, 2019.<\/li>\n<li>Archeologiczne przywracanie pami\u0119ci o wielkiej wojnie w rejonie Rawki i Bzury (1914-1915) \/ pod red. Anny I. Zalewskiej. \u2013 Warszawa : Wydawnictwo Instytutu Archeologii i Etnologii PAN, 2019.<\/li>\n<li>Architectus : pismo Wydzia\u0142u Architektury Politechniki Wroc\u0142awskiej \/ [red. nauk. Ewa \u0141u\u017cyniecka]. \u2013 [Wroc\u0142aw] : Wydzia\u0142 Architektury Politechniki Wroc\u0142awskiej, 1997-.<\/li>\n<li>Architektura B\u0119dzina 1918-1939 : budynki u\u017cyteczno\u015bci publicznej\u00a0\/ Stefania Lazar. \u2013 B\u0119dzin : Fundacja Brama Cukermana, 2016.<\/li>\n<li>Architektura ceglana w Bia\u0142ymstoku\u00a0\/ oprac. autorskie Iwona G\u00f3rska, Joanna Koty\u0144ska-Stetkiewicz, Aneta Ku\u0142ak, Grzegorz Ry\u017cewski, Wies\u0142aw Wr\u00f3bel. \u2013 Bia\u0142ystok : Urz\u0105d Miejski. Departament Kultury, Promocji i Sportu, 2019.<\/li>\n<li>Architektura drewniana w Bia\u0142ymstoku\u00a0\/ opracowanie autorskie Iwona G\u00f3rska, Joanna Koty\u0144ska-Stetkiewicz, Aneta Ku\u0142ak, Grzegorz Ry\u017cewski, Wies\u0142aw Wr\u00f3bel. \u2013 Bia\u0142ystok : Urz\u0105d Miejski w Bia\u0142ymstoku. Departament Kultury, Promocji i Sportu, 2020.<\/li>\n<li>Architektura sakralna w Wielkopolsce i jej zleceniodawcy na tle regionalizacji baroku \/ Andrzej J\u00f3zef Baranowski. \u2013 Warszawa : Liber pro Arte, 2020.<\/li>\n<li>Architektura Wawelu w czasie okupacji niemieckiej 1939-1945\u00a0\/ Jadwiga Gwizda\u0142\u00f3wna. \u2013 Krak\u00f3w : Zamek Kr\u00f3lewski na Wawelu. Pa\u0144stwowe Zbiory Sztuki, 2019.<\/li>\n<li>Archiwa, Biblioteki i Muzea Ko\u015bcielne : organ O\u015brodka Archiw\u00f3w, Bibliotek i Muze\u00f3w Ko\u015bcielnych przy Katolickim Uniwersytecie Lubelskim = Archiva, Bibliothecae et Musea Ecclesiastica \/ red. Stanis\u0142aw Librowski. \u2013 Lublin : [s.n.], 1959-.<\/li>\n<li>Archiwum Fary Che\u0142mi\u0144skiej \/ Marek G. Zieli\u0144ski. \u2013 Bydgoszcz : Wydawnictwo Uniwersytetu Kazimierza Wielkiego, 2019.<\/li>\n<li>Arty\u015bci i rzemie\u015blnicy artystyczni Gda\u0144ska, Prus Kr\u00f3lewskich oraz Warmii epoki nowo\u017cytnej : skorowidz kwerendalny \/ Janusz Pa\u0142ubicki. \u2013 Gda\u0144sk : Muzeum Narodowe, 2019.<\/li>\n<li>Atomowi \u017co\u0142nierze wolno\u015bci : archeologia magazyn\u00f3w broni j\u0105drowej w Polsce \/ Grzegorz Kiarszys. \u2013 Szczecin : Wydawnictwo Naukowe Uniwersytetu Szczeci\u0144skiego, 2019.<\/li>\n<li>Barok : historia, literatura, sztuka \/ [Instytut Literatury Polskiej Uniwersytetu Warszawskiego ; red. nacz. Janusz Pelc]. \u2013 Warszawa : \u201cSemper\u201d, 1994-.<\/li>\n<li>Betonoza : jak si\u0119 niszczy polskie miasta\u00a0\/ Jan Mencwel. \u2013 Warszawa : Krytyka Polityczna, 2020.<\/li>\n<li>Bieszczad : sprawozdania Towarzystwa Opieki nad Zabytkami O\/Michniowiec. \u2013 Michniowiec : Towarzystwo Opieki nad Zabytkami, 1993-.<\/li>\n<li>Biuletyn Konserwatorski Wojew\u00f3dztwa Podlaskiego \/ Wojew\u00f3dzki Oddzia\u0142 S\u0142u\u017cby Ochrony Zabytk\u00f3w w Bia\u0142ymstoku ; [Janina Ho\u015bci\u0142owicz, Lucyna Stalo\u0144czyk red. zeszytu]. \u2013 Bia\u0142ystok : Wojew\u00f3dzki Oddzia\u0142 S\u0142u\u017cby Ochrony Zabytk\u00f3w, 1999-.<\/li>\n<li>Bi\u017cuteria w Polsce : konteksty, zbiory, ekspozycje \/ [red. nauk. Katarzyna Kluczwajd]. \u2013 Toru\u0144 : Toru\u0144ski Oddzia\u0142 Stowarzyszenia Historyk\u00f3w Sztuki, 2019.<\/li>\n<li>Blask order\u00f3w : w 100-lecie odzyskania niepodleg\u0142o\u015bci. T. 1, Ordery i odznaczenia dawnej Rzeczypospolitej, w Ksi\u0119stwie Warszawskim i Kr\u00f3lestwie Polskim, XVII-XIX w. (1634-1831) \/ pod red. Tadeusza Jeziorowskiego i Mariusza Skotnickiego. \u2013 Warszawa : Muzeum \u0141azienki Kr\u00f3lewskie, 2019.<\/li>\n<li>Blask order\u00f3w : w 100-lecie odzyskania niepodleg\u0142o\u015bci. T. 2, Ordery i odznaczenia dawnej Rzeczypospolitej, Kraj i Uchod\u017astwo, 1919-1992 \/ pod red. Tadeusza Jeziorowskiego i Mariusza Skotnickiego. \u2013 Warszawa : Muzeum \u0141azienki Kr\u00f3lewskie, 2019.<\/li>\n<li>Blask order\u00f3w : w 100-lecie odzyskania niepodleg\u0142o\u015bci. T. 3, Ordery i odznaczenia Polski Ludowej (PRL) i III Rzeczypospolitej \/ pod red. Tadeusza Jeziorowskiego i Mariusza Skotnickiego. \u2013 Warszawa : Muzeum \u0141azienki Kr\u00f3lewskie, 2019.<\/li>\n<li>Bratank\u00f3w dzieje wsp\u00f3lne : unikaty ze zbior\u00f3w budapeszta\u0144skich \/ [autor tekst\u00f3w Micha\u0142 Mackiewicz]. \u2013 Warszawa : Muzeum \u0141azienki Kr\u00f3lewskie, 2019.<\/li>\n<li>Bruegel w towarzystwie : Pieter Bruegel Starszy : dzie\u0142a graficzne ze zbior\u00f3w Muzeum Narodowego w Warszawie \/ red. nauk. Joanna A. Tomicka. \u2013 Warszawa : Muzeum Narodowe, 2019.<\/li>\n<li>Budownictwo drewniane Kurpi\u00f3w Puszczy Zielonej\u00a0\/ Marian Pokropek. \u2013 Ostro\u0142\u0119ka : Muzeum Kultury Kurpiowskiej, 2016.<\/li>\n<li>Ca\u0142e morze budowania : wroc\u0142awska architektura 1956-1970\u00a0\/ Agata Gabi\u015b. \u2013 Wroc\u0142aw : Muzeum Architektury, 2018.<\/li>\n<li>Ciep\u0142e : elitarna nekropola wczesno\u015bredniowieczna na Pomorzu Wschodnim\u00a0\/ pod redakcj\u0105 S\u0142awomira Wadyla. \u2013 Gda\u0144sk : Muzeum Archeologiczne w Gda\u0144sku,.<\/li>\n<li>Civitas et urbs : Szczecin od \u015bredniowiecza do wsp\u00f3\u0142czesno\u015bci : kwarta\u0142 1. T. 1 \/ pod redakcj\u0105 Anny Bogumi\u0142y Kowalskiej. \u2013 Szczecin : Muzeum Narodowe, 2019.<\/li>\n<li>Civitas et urbs : Szczecin od \u015bredniowiecza do wsp\u00f3\u0142czesno\u015bci : kwarta\u0142 1. T. 2 \/ pod redakcj\u0105 Anny Bogumi\u0142y Kowalskiej. \u2013 Szczecin : Muzeum Narodowe, 2019.<\/li>\n<li>Cmentarze wyznaniowe do 1945 roku w granicach wojew\u00f3dztwa lubuskiego. T. 11, Powiat \u017carski, gminy Brody i Jasie\u0144 \/ Robert Romuald Kufel \u2013 Zielona G\u00f3ra : Agencja Wydawnicza PDN, 2020.<\/li>\n<li>Cmentarze wyznaniowe do 1945 roku w granicach wojew\u00f3dztwa lubuskiego. T. 12, Powiat \u017carski, gminy Lipinki \u0141u\u017cyckie, \u0141\u0119knica, Przew\u00f3z i Trzebiel \/ Robert Romuald Kufel \u2013 Zielona G\u00f3ra : Agencja Wydawnicza PDN, 2020.<\/li>\n<li>Cud \u015bwiat\u0142a : witra\u017ce \u015bredniowieczne w Polsce \/ Dobros\u0142awa Horzela ; noty katalogowe Edyta Bernady [i 19 pozosta\u0142ych]. \u2013 Krak\u00f3w : Muzeum Narodowe w Krakowie, 2020.<\/li>\n<li>Cultural Heritage management in China preserving the cities of the Pearl River Delta \/ Hilary du Cros, Yok-shiu F. Lee. \u2013 Wyd. 2. \u2013 London ; New York : Routledge, 2011.<\/li>\n<li>Cultural Tourism \/ Hilary du Cros, Bob McKercher. \u2013 Wyd. 3. \u2013 New York : Routledge Taylor &amp; Francis Group, 2020.<\/li>\n<li>Czerwi\u0144sk nad Wis\u0142\u0105 : historia, rozw\u00f3j, wyzwania\u00a0\/ pod red. Rados\u0142awa Lolo. \u2013 Czerwi\u0144sk ; Warszawa : Wydawnictwo Salezja\u0144skie, 2018.<\/li>\n<li>Dehio-Handbuch der Kunstdenkm\u00e4ler in Polen : Kleinpolen. Bd. 1, Einf\u00fchrung in Geschichte und Kunst\u00a0\/ i.A. des Herder-Instituts f\u00fcr Historische Ostmitteleuropaforschung, Marburg ; i.V.m. dem Instytut Historii Sztuki Uniwersytetu Jagiello\u0144skiego, Krak\u00f3w und dem Narodowy Instytut Dziedzictwa, Warszawa ; sowie in Kooperation mit der Dehio-Vereinigung (Wissenschaftliche Vereinigung zur Fortf\u00fchrung des kunsttopographischen Werkes von Georg Dehio e. V.) ; hrsg. von Wojciech Ba\u0142us und Dietmar Popp ; bea<\/li>\n<li>Dehio-Handbuch der Kunstdenkm\u00e4ler in Polen : Kleinpolen. Bd. 2, Westlicher Teil mit Krakau\u00a0\/ i. A. des Herder-Instituts f\u00fcr Historische Ostmitteleuropaforschung, Marburg ; i.V.m. dem Instytut Historii Sztuki Uniwersytetu Jagiello\u0144skiego, Krak\u00f3w und dem Narodowy Instytut Dziedzictwa, Warszawa ; sowie in Kooperation mit der Dehio-Vereinigung (Wissenschaftliche Vereinigung zur Fortf\u00fchrung des kunsttopographischen Werkes von Georg Dehio e. V.) ; hrsg. Wojciech Ba\u0142us und Dietmar Popp ; bearb. von S\u0142a<\/li>\n<li>Dehio-Handbuch der Kunstdenkm\u00e4ler in Polen : Kleinpolen. Bd. 3, \u00d6stlicher Teil mit Lublin\u00a0\/ i. A. des Herder-Instituts f\u00fcr Historische Ostmitteleuropaforschung, Marburg ; i.V.m. dem Instytut Historii Sztuki Uniwersytetu Jagiello\u0144skiego, Krakow und dem narodowy Instytut Dziedzictwa, Warszawa ; sowie in Kooperation mit der Dehio-Vereinigung (Wissenschaftliche Vereinigung zur Fortf\u00fchrung des kunsttopographischen Werkes von Georg Dehio e. V.) ; hrsg. von Wojciech Ba\u0142us und Dietmar Popp ; bearb. von<\/li>\n<li>DenkMal : Zeitschrift f\u00fcr Denkmalpflege in Schleswig-Holstein. \u2013 Kiel : Landesamt f\u00fcr Denkmalpflege, Schleswig-Holstein, 1994-.<\/li>\n<li>Denkmalpflege in Sachsen : Mitteilungen des Landesamtes f\u00fcr Denkmalpflege Sachsen. \u2013 Drezno : Landesamt f\u00fcr Denkmalpflege Sachsen, 1992-.<\/li>\n<li>Denkmalpflege Informationen. \u2013 M\u00fcnchen : Bayerisches Landesamt f\u00fcr Denkmalpflege, 2006-.<\/li>\n<li>Detal architektoniczny warszawskiej Pragi 1850-1939\u00a0\/ pod red. Jadwigi Roguskiej. \u2013 Warszawa : Fundacja Hereditas, 2018.<\/li>\n<li>Die Gartenkunst. \u2013 Worms am Rhein : Wernersche Verlagsgesellschaft, 1989-.<\/li>\n<li>Dolabella : wenecki malarz Waz\u00f3w : katalog wystawy\u00a0\/ redaktor naukowy Magdalena Bia\u0142onowska ; konsultacja merytoryczna Przemys\u0142aw Mrozowski ; Zamek Kr\u00f3lewski w Warszawie. \u2013 Warszawa : Zamek Kr\u00f3lewski \u2013 Muzeum, 2020.<\/li>\n<li>Dubeczno : stanowisko 1 : Pojezierze \u0141\u0119czy\u0144sko-W\u0142odawskie : materia\u0142y z bada\u0144 archeologicznych w latach 1986-1987\u00a0\/ pod red. Haliny Taras. \u2013 Lublin : Wydawnictwo Uniwersytetu Marii Curie Sk\u0142odowskiej ; Lublin : Ars Libri S.C., 2019.<\/li>\n<li>Dwa grody nad Wirynk\u0105 : D\u0105br\u00f3wka, stanowiska 1 i 2 : woj. wielkopolskie\u00a0\/ pod red. Marzeny Sznyt i Paw\u0142a Pawlaka. \u2013 Pozna\u0144 : Muzeum Archeologiczne, 2019.<\/li>\n<li>Dwory i pa\u0142ace Wielkopolski : styl narodowy\u00a0\/ Jan Skuratowicz. \u2013 Pozna\u0144 : Zysk i S-ka Wydawnictwo, 2020.<\/li>\n<li>Dzia\u0142alno\u015b\u0107 El\u017cbiety Sieniawskiej : polityka \u2013 gospodarka \u2013 kultura\u00a0\/ pod red. Bo\u017ceny Popio\u0142ek. \u2013 Warszawa : Muzeum Pa\u0142acu Kr\u00f3la Jana III w Wilanowie, 2020.<\/li>\n<li>Dzieje S\u0142awkowa\u00a0\/ pod red. Feliksa Kiryka. \u2013 Krak\u00f3w : Wydawnictwo i Drukarnia Secesja, 2001.<\/li>\n<li>Dzieje wilanowskiej nieruchomo\u015bci ziemskiej : zwi\u0105zki funkcjonalno-gospodarcze \/ Miros\u0142aw K\u0142usek \u2013 \u0141\u00f3d\u017a : Wydawnictwo Uniwersytetu \u0141\u00f3dzkiego, 2020.<\/li>\n<li>Dzie\u0142a mistrz\u00f3w renesansu w grafice od XVI do XVIII wieku ze zbior\u00f3w Muzeum Architektury we Wroc\u0142awiu\u00a0\/ Beata Fekecz-Tomaszewska, Olgierd Czerner. \u2013 Wroc\u0142aw : Muzeum Architektury, 2019.<\/li>\n<li>Ecclesia, Studia z Dziej\u00f3w Wielkopolski \/ Uniwersytet im. Adama Mickiewicza. Wydzia\u0142 Teologiczny ; [Feliks Lenort red.]. \u2013 Pozna\u0144 : Uniwersytet Adama Mickiewicza, 2003-.<\/li>\n<li>El\u017cbieta Sieniawska : kr\u00f3lowa bez korony\u00a0\/ pod red. nauk. Konrada Morawskiego, Konrada Pyzela ; Muzeum Pa\u0142acu Jana III w Wilanowie. \u2013 Warszawa : Muzeum Pa\u0142acu Kr\u00f3la Jana III w Wilanowie, 2020.<\/li>\n<li>Etnografia Polska \/ Polska Akademia Nauk. Instytut Historii Kultury Materialnej. \u2013 Wroc\u0142aw : Zak\u0142ad Narodowy im. Ossoli\u0144skich, 1958-.<\/li>\n<li>Fara w mie\u015bcie od \u015bredniowiecza do wsp\u00f3\u0142czesno\u015bci : spo\u0142eczno\u015b\u0107, duchowo\u015b\u0107, architektura, wystr\u00f3j : studia z historii sztuki \/ red. Rafa\u0142 Eysymontt, Dariusz Galewski. \u2013 Wroc\u0142aw : Stowarzyszenie Historyk\u00f3w Sztuki : Wydzia\u0142 Nauk Historycznych i Pedagogicznych Uniwersytetu Wroc\u0142awskiego. Instytut Historii Sztuki, 2019.<\/li>\n<li>Filhellenizm a rodz\u0105ca si\u0119 nowoczesno\u015b\u0107 : kolekcja staro\u017cytno\u015bci Eduarda Schauberta w \u015bwietle zachodz\u0105cych zmian \/ Agata Kubala. \u2013 Krak\u00f3w ; Wroc\u0142aw : Wydawnictwo Ksi\u0119garnia Akademicka, 2019.<\/li>\n<li>Frysztak i okolice : podr\u00f3\u017c ze star\u0105 fotografi\u0105. 2 \/ Agata Zahuta. \u2013 Krosno : AGAZAH Agata Zahuta , 2020.<\/li>\n<li>Gda\u0144skie Studia Muzealne. Seria Nova \/ Muzeum Narodowe w Gda\u0144sku. \u2013 Gda\u0144sk : Muzeum Narodowe, 2019-.<\/li>\n<li>Gotycka architektura sakralna na \u015al\u0105sku w latach 1200-1420 : g\u0142\u00f3wne kierunki rozwoju \/ Jakub Adamski. \u2013 Krak\u00f3w : Towarzystwo Naukowe Societas Vistulana, 2017.<\/li>\n<li>Grafika dawna : wiek XV do lat 20. XIX wieku : Szko\u0142a niemiecka : Barthel Beham i Sebald Beham\u00a0\/ Ma\u0142gorzata \u0141azicka. \u2013 Warszawa : Uniwersytet Warszawski : Biblioteka Uniwersytecka w Warszawie, 2019.<\/li>\n<li>Groby z bi\u017cuteri\u0105 wczesno\u015bredniowiecznego cmentarzyska w Dziekanowicach. T. 1 \/ red. Jacek Wrzesi\u0144ski ; Muzeum Pierwszych Piast\u00f3w na Lednicy. \u2013 Lednica : Muzeum Pierwszych Piast\u00f3w na Lednicy, 2019.<\/li>\n<li>Groby z bi\u017cuteri\u0105 wczesno\u015bredniowiecznego cmentarzyska w Dziekanowicach. T. 2 \/ red. Jacek Wrzesi\u0144ski ; Muzeum Pierwszych Piast\u00f3w na Lednicy. \u2013 Lednica : Muzeum Pierwszych Piast\u00f3w na Lednicy, 2019.<\/li>\n<li>Grody Lubelszczyzny od XI do XIV wieku\u00a0\/ praca zbiorowa pod red. Ewy Banasiewicz-Szyku\u0142y ; Lubelski Wojew\u00f3dzki Konserwator Zabytk\u00f3w w Lublinie. \u2013 Lublin : Wojew\u00f3dzki Urz\u0105d Ochrony Zabytk\u00f3w, 2019.<\/li>\n<li>Hans Memling i sztuka dewocji osobistej w Niderlandach XV i pocz\u0105tku XVI wieku : materia\u0142y z pierwszej mi\u0119dzynarodowej konferencji memlingowskiej \/ pod red. nauk. Marcina Kaleci\u0144skiego. \u2013 Gda\u0144sk : Muzeum Narodowe, 2019.<\/li>\n<li>Heinrich Graf von Br\u00fchl (1700\u20131763) : Bauherr und M\u00e4zen \/ Hendrik B\u00e4rnighausen, Martin Schuster. \u2013 Altenburg : Landesamt f\u00fcr Denkmalpflege Sachsen, 2020.<\/li>\n<li>Helga Matzke presents : Central European drinking culture and Royal Silver dinner table (16th-18th centuries) \/ editor in chief Jan God\u0142owski ; texts by Jan God\u0142owski, Klementyna Ochniak-Dudek, Fred Matzke, Martin Eberle, Christina Ntaflou, Daniela Caroline Herrmann ; catalogue\/notes on the objects Christina Ntaflou. \u2013 Wieliczka : Muzeum \u017bup Krakowskich Wieliczka, 2020.<\/li>\n<li>Hermann Joseph H\u00fcbner (1872-1934) : zapomniany prudnicki proboszcz (1906-1934)\u00a0\/ Janusz Stolarczyk ; Muzeum Ziemi Prudnickiej. \u2013 Prudnik : Narodowy Instytut Dziedzictwa : Muzeum Ziemi Prudnickiej, 2020.<\/li>\n<li>Historia rozwoju urbanistycznego Krakowa w zarysie : podr\u0119cznik dla student\u00f3w szk\u00f3\u0142 wy\u017cszych\u00a0\/ Maciej Motak ; Politechnika Krakowska im. Tadeusza Ko\u015bciuszki. \u2013 Wyd. 2, rozszerzone. \u2013 Krak\u00f3w : Wydawnictwo PK, 2019.<\/li>\n<li>Historia technik budowlanych : fundamenty, rusztowania, mury, wi\u0119\u017aby, sklepienia\u00a0\/ Jan Tajchman, Andrzej Jurecki. \u2013 Warszawa : Wydawnictwo Naukowe PWN, 2020.<\/li>\n<li>Historie gda\u0144skich dzielnic. T. 1, Che\u0142m\u00a0\/ pod redakcj\u0105 Janusza Dargacza, Katarzyny Kurkowskiej i Piotra Paluchowskiego. \u2013 Gda\u0144sk : Muzeum Gda\u0144ska, 2018.<\/li>\n<li>Historyczne ruiny \u2013 ochrona, u\u017cytkowanie, zarz\u0105dzanie \/ red. naczelny Bogus\u0142aw Szmygin. \u2013 Warszawa : Polski Komitet Narodowy ICOMOS : Muzeum \u0141azienki Kr\u00f3lewskie ; Lublin : Politechnika Lubelska, 2018.<\/li>\n<li>Historyczne wn\u0119trze urbanistyczne : materia\u0142y z seminarium, Toru\u0144 19-20 wrze\u015bnia 2001 r. \/ [red. Micha\u0142 Smoktunowicz]. \u2013 Toru\u0144 : Stowarzyszenie Polskie Dziedzictwo \u2013 Kultura Przyroda, 2001.<\/li>\n<li>Hodegetrie Krakowskie. T. 4, 1550-1750. T. 5, 1750-2018 \/ praca zbiorowa pod redakcj\u0105 Ma\u0142gorzaty Schuster-Gaw\u0142owskiej, Marty Lempart-Geratowskiej, Piotra \u0141opatkiewicza, Ma\u0142gorzaty Nowali\u0144skiej, Anny S\u0119kowskiej. \u2013 Krak\u00f3w : Wydawnictwo Akademii Sztuk Pi\u0119knych im. Jana Matejki, 2019.<\/li>\n<li>Huculszczyzna : ceramika pokucka w kolekcji Muzeum Narodowego w Krakowie\u00a0\/ Krystyna Tucholska, Bo\u017cena Kostuch. \u2013 Krak\u00f3w : Muzeum Narodowe, 2008.<\/li>\n<li>Ikona w zbiorach Muzeum Okr\u0119gowego w Koninie : katalog wystawy\u00a0\/ [projekt katalogu Wanda Mazurek]. \u2013 Konin : Muzeum Okr\u0119gowe, 2018.<\/li>\n<li>Ikonotheka : prace Instytutu Historii Sztuki Uniwersytetu Warszawskiego \/ [kom. red. Jan Bia\u0142ostocki przewodn. ; red. Barbara Chody\u0144ska]. \u2013 Warszawa : Wydawnictwa Uniwersytetu Warszawskiego, 1990-.<\/li>\n<li>Ikony w zbiorach Muzeum \u015al\u0105skiego w Katowicach \/ [red. Urszula Ba\u0144cerek]. \u2013 Katowice : Muzeum \u015al\u0105skie, 2017.<\/li>\n<li>Informatica museologica \/ Muzejski dokumentacioni centar. \u2013 Zagreb : Muzejski dokumentacioni centar, 1973-.<\/li>\n<li>Intorno a Marcello Bacciarelli : italiani nelle Varsavia dei Lumi \/ a cura di Andrzej Pie\u0144kos e Mariusz Smoli\u0144ski. \u2013 Warszawa : Instytut Historii Sztuki Uniwersytetu Warszawskiego : Muzeum \u0141azienki Kr\u00f3lewskie, 2019.<\/li>\n<li>Jan Hrynkowski (1891-1971)\u00a0\/ \u015awiatos\u0142aw Lenartowicz. \u2013 Krak\u00f3w : Muzeum Narodowe w Krakowie, 2019.<\/li>\n<li>Journal of cultural heritage management and sustainable development. \u2013 Bingley : Emerald Group Publishing, 2011-.<\/li>\n<li>Journal of cultural heritage. \u2013 Paris : Elsevier, 1999-.<\/li>\n<li>Kaplice i mauzolea na cmentarzach Warszawy w XIX i pierwszej po\u0142owie XX wieku. T. 2, \u0179r\u00f3d\u0142a inspiracji \/ Marta Wiraszka. \u2013 Warszawa : Wydawnictwo Naukowe Uniwersytetu Kardyna\u0142a Stefana Wyszy\u0144skiego, 2019.<\/li>\n<li>Karmin : fenomen powtarzalno\u015bci\u00a0\/ Justyna Baron, Marcin Maciejewski, Rados\u0142aw Jarysz, Rados\u0142aw Ku\u017abik, Dagmara \u0141aciak, Jeannette J. \u0141ucejko, Maksym Mackiewicz, Beata Miazga, Kamil Nowak, Dawid Sych. \u2013 Wroc\u0142aw : Uniwersytet Wroc\u0142awski. Instytut Archeologii, 2019.<\/li>\n<li>Karpackie miasta, miasteczka i wsie \/ Hanna Hrehorowicz-Gaber, El\u017cbieta W\u0119c\u0142awowicz-Bilska, Wojciech W\u00f3jcikowski. \u2013 Krak\u00f3w : Wydawnictwo PK, 2019.<\/li>\n<li>Katalog grodzisk Warmii i Mazur. T. 1 \/ pod redakcj\u0105 Zbigniewa Kobyli\u0144skiego. \u2013 Warszawa : Fundacja Res Publica Multiethnica : Instytut Archeologii Uniwersytetu Kardyna\u0142a Stefana Wyszy\u0144skiego w Warszawie, 2017.<\/li>\n<li>Katalog grodzisk Warmii i Mazur. T. 2 \/ pod redakcj\u0105 Zbigniewa Kobyli\u0144skiego. \u2013 Warszawa : Fundacja Res Publica Multiethnica : Instytut Archeologii Uniwersytetu Kardyna\u0142a Stefana Wyszy\u0144skiego w Warszawie, 2017.<\/li>\n<li>Katalog nagrobk\u00f3w piastowskich \/ opracowa\u0142a Aleksandra Losik-Sidorska. \u2013 Pozna\u0144 : Wydawnictwo Naukowe Uniwersytetu im. Adama Mickiewicza, 2020.<\/li>\n<li>Katalog plan\u00f3w, pomiar\u00f3w i rysunk\u00f3w architektonicznych w zbiorach Instytutu Sztuki PAN. T. 3, Miejscowo\u015bci G. Cz. 2 \/ Piotr Lasek, Piotr Sypczuk ; pod red. Piotra Laska. \u2013 Warszawa : Instytut Sztuki Polskiej Akademii Nauk, 2020.<\/li>\n<li>Katalog studi\u00f3w badawczych Przedsi\u0119biorstwa Pa\u0144stwowego Pracownie Konserwacji Zabytk\u00f3w 1954-1992 : badania laboratoryjne, metody bada\u0144 i konserwacji \/ oprac. Jan Gromnicki. \u2013 Warszawa : Wydawnictwo PP PKZ, 1994.<\/li>\n<li>Katalog zabytk\u00f3w sztuki : wojew\u00f3dztwo wroc\u0142awskie (dolno\u015bl\u0105skie) : powiat trzebnicki [ilustracje] \/ pod red. Jana Harasimowicza ; oprac. aut. Urszula Bo\u0144czuk-Dawidziuk [et al.]. \u2013 Warszawa : Instytut Sztuki Polskiej Akademii Nauk ; Wroc\u0142aw : Instytut Historii Sztuki Uniwersytetu Wroc\u0142awskiego, 2018.<\/li>\n<li>Katalog zabytk\u00f3w sztuki : wojew\u00f3dztwo wroc\u0142awskie (dolno\u015bl\u0105skie) : powiat trzebnicki [tekst] \/ pod red. Jana Harasimowicza ; oprac. aut. Urszula Bo\u0144czuk-Dawidziuk [et al.]. \u2013 Warszawa : Instytut Sztuki Polskiej Akademii Nauk ; Wroc\u0142aw : Instytut Historii Sztuki Uniwersytetu Wroc\u0142awskiego, 2018.<\/li>\n<li>Katalog zbior\u00f3w artystycznych Opactwa Mniszek Benedyktynek w Stani\u0105tkach. T. 1 \/ redakcja naukowa: Kazimierz Kuczman, J\u00f3zef Skrabski, Andrzej W\u0142odarek. \u2013 Krak\u00f3w : Uniwersytet Papieski Jana Paw\u0142a II w Krakowie : Instytut Historii Sztuki i Kultury, 2018.<\/li>\n<li>Katalog zbior\u00f3w artystycznych Opactwa Mniszek Benedyktynek w Stani\u0105tkach. T. 2 \/ redakcja naukowa: Kazimierz Kuczman, J\u00f3zef Skrabski, Andrzej W\u0142odarek. \u2013 Krak\u00f3w : Uniwersytet Papieski Jana Paw\u0142a II w Krakowie : Instytut Historii Sztuki i Kultury, 2018.<\/li>\n<li>Katalog zbior\u00f3w artystycznych Opactwa Mniszek Benedyktynek w Stani\u0105tkach. T. 3 \/ redakcja naukowa: Kazimierz Kuczman, J\u00f3zef Skrabski, Andrzej W\u0142odarek. \u2013 Krak\u00f3w : Uniwersytet Papieski Jana Paw\u0142a II w Krakowie : Instytut Historii Sztuki i Kultury, 2018.<\/li>\n<li>Katalog zbioru bi\u017cuterii Muzeum Okr\u0119gowego w Koninie\u00a0\/ Ma\u0142gorzata Szuman-Gorczyca. \u2013 Konin : Muzeum Okr\u0119gowe w Koninie, 2019.<\/li>\n<li>Kawa czy herbata ? : archeologiczne \u015bwiadectwa konsumpcji napoj\u00f3w w dawnym Gda\u0144sku\u00a0\/ pod red. Beaty Ceynowej; teksty: Ewa Barylewska-Szyma\u0144ska [i 8 pozosta\u0142ych]. \u2013 Gda\u0144sk : Muzeum Archeologiczne w Gda\u0144sku, 2020.<\/li>\n<li>Kazimierz Ch\u0142\u0119dowski i jego pisarstwo o sztuce\u00a0\/ Marta Go\u0142\u0105bek. \u2013 Warszawa : Muzeum Pa\u0142acu Kr\u00f3la Jana III w Wilanowie, 2019.<\/li>\n<li>Kolonia Rych\u0142ocice stanowisko 1, wojew\u00f3dztwo \u0142\u00f3dzkie : cmentarzysko od epoki br\u0105zu po okres w\u0119dr\u00f3wek lud\u00f3w \/ Wojciech Sici\u0144ski ; przy wsp\u00f3\u0142udziale: Rafa\u0142a Brzejszczaka, Piotra Papiernika, Lubomiry Tyszler, Joanny Wichy, Anny Zieli\u0144skiej. \u2013 \u0141\u00f3d\u017a : Fundacja Bada\u0144 Archeologicznych Imienia Profesora Konrada Ja\u017cd\u017cewskiego : Muzeum Archeologiczne i Etnograficzne w \u0141odzi, 2019.<\/li>\n<li>Koni\u0144skie Zeszyty Muzealne \/ Muzeum Okr\u0119gowe w Koninie ; [Lech Stefaniak red. naczelny]. \u2013 Konin : Muzeum Okr\u0119gowe, 2006-.<\/li>\n<li>Konserwacja zapobiegawcza \u015brodowiska. 8, Dziedzictwo nasze czy obce? \/ pod red. Katarzyny Zdeb, Kamila Rabiegi i Rafa\u0142a Soleckiego. \u2013 Warszawa : Wydawnictwo Naukowe Uniwersytetu Kardyna\u0142a Stefana Wyszy\u0144skiego, 2019.<\/li>\n<li>Konteksty : polska sztuka ludowa : antropologia kultury, etnografia, sztuka \/ Polska Akademia Nauk. Instytut Sztuki. \u2013 Warszawa : Instytut Sztuki PAN, 1990-.<\/li>\n<li>Kosin 10, Kopiec 4 i 8 : stanowiska osadniczo-pracowniane tarnobrzeskiej kultury \u0142u\u017cyckiej na terenie wychodni krzemieni \u015bwieciechowskiego oraz go\u015bcieradowskiego \/ pod redakcj\u0105 Anny Zako\u015bcielnej. \u2013 Lublin : Wydawnictwo Uniwersytetu Marii Curie-Sk\u0142odowskiej w Lublinie : \u201cArs Libri\u201d, 2019.<\/li>\n<li>Ko\u015bcio\u0142y i klasztory rzymskokatolickie dawnego wojew\u00f3dztwa brzeskolitewskiego. T. 4, Ko\u015bci\u00f3\u0142 katedralny w Pi\u0144sku \/ red. nauk. Dorota Piramidowicz ; Mi\u0119dzynarodowe Centrum Kultury w Krakowie. \u2013 Krak\u00f3w : Mi\u0119dzynarodowe Centrum Kultury, 2019.<\/li>\n<li>Ko\u015bci\u00f3\u0142 Podwy\u017cszenia Krzy\u017ca \u015awi\u0119tego w Brzegu : przewodnik\u00a0\/ Romuald Nowak. \u2013 Wroc\u0142aw : Wydawnictwo ZET, 2011.<\/li>\n<li>Ko\u015bci\u00f3\u0142 Podwy\u017cszenia Krzy\u017ca \u015awi\u0119tego w Przecznie : wystr\u00f3j i wyposa\u017cenie \/ pod red. Krystyny Sulkowskiej-Tuszy\u0144skiej i ks. Wac\u0142awa Dokturno. \u2013 Przeczno : Towarzystwo Naukowe Organizacji i Kierownictwa, 2019.<\/li>\n<li>Ko\u015bci\u00f3\u0142 pw. \u015bw. Bart\u0142omieja i kaplica T\u0119czy\u0144skich w Staszowie \/ Agata \u0141ucja Bazak. \u2013 Sandomierz : Wydawnictwo Armoryka, 2020.<\/li>\n<li>Ko\u015bci\u00f3\u0142 \u015bw. Katarzyny w Wo\u017anikach w \u015bwietle nieznanej wizytacji 1662 roku oraz innych inwentarzowych zapis\u00f3w z lat 1663-1701\u00a0\/ Bernard Szczech. \u2013 Bytom : Agencja Wydawnicza \u0141ukasz Szczech, 1999.<\/li>\n<li>Ko\u015bci\u00f3\u0142 \u015bwi\u0119tych Piotra i Paw\u0142a w Lewinie Brzeskim : zapomniany pomnik \u015bl\u0105skiej reformacji\u00a0\/ fot. Roman Baran, Jerzy Kochler. \u2013 Lewin Brzeski : O\u015bwiatowo-Kulturowe Stowarzyszenie \u201cCivitatis Loviensis\u201d, 2014.<\/li>\n<li>Krajobraz warowny Polski : procesy rewaloryzacji i percepcji : pr\u00f3ba syntezy \/ Krzysztof Wielgus, Jadwiga \u015arodulska-Wielgus, Anna Staniewska. \u2013 Krak\u00f3w : Wydawnictwo PK, 2019.<\/li>\n<li>Krakowskie synagogi\u00a0\/ Bart\u0142omiej Grzegorz Sala. \u2013 \u0141\u00f3d\u017a : Ksi\u0119\u017cy M\u0142yn Dom Wydawniczy, 2019.<\/li>\n<li>Kresy dawnej Rzeczypospolitej\u00a0\/ redaktor naukowy tomu Robert Kunkel. \u2013 Warszawa : Oficyna Wydawnicza Politechniki Warszawskiej, 2018.<\/li>\n<li>Kronika Miasta Poznania : miesi\u0119cznik po\u015bwi\u0119cony sprawom kulturalnym sto\u0142. m. Poznania\u00a0: (organ Towarzystwa Mi\u0142o\u015bnik\u00f3w Miasta Poznania) \/ red. Zygmunt Zaleski. \u2013 Pozna\u0144 : Magistrat sto\u0142. m. Poznania, 1923-.<\/li>\n<li>Kronika Zamkowa : biuletyn informacyjny Zamku Kr\u00f3lewskiego w Warszawie\u00a0\/ red. Magdalena Bajer, Adam Rutkowski. \u2013 Warszawa : [s. n.], 1983;<\/li>\n<li>Kultura wizualna Niemiec 1768-1945 w \u015bwietle teorii sztuki i estetyki : sprzeciw i fascynacja : dzieje recepcji \/ pod redakcj\u0105 Jacka Ja\u017awierskiego, Ryszarda Kasperowicza, Marcina Pastwy. \u2013 Lublin : Wydawnictwo KUL, 2017.<\/li>\n<li>Kultury pami\u0119ci, kultury zapomnienia : osady pierwszych rolnik\u00f3w w percepcji m\u0142odszych ugrupowa\u0144 naddunajskich : studium wybranych przypadk\u00f3w \/ Joanna Pyzel. \u2013 Gda\u0144sk : Wydawnictwo Uniwersytetu Gda\u0144skiego, 2018.<\/li>\n<li>La Pagode d\u2019argent. Vol. 1, les peintures murales de la galerie dans la cour de la Pagode d\u2019argent (Vat Preah Keo Morokhot) : rapport de la Mission Polono-Cambodgiennie de Conservation des Monuments a Phnom Penh 1985-1992 \/ [ed. Lech Krzy\u017canowski et al.]. \u2013 Warsaw : Wydawnictwa PKZ, 1992.<\/li>\n<li>La Qal\u2019a des Bani Hammad : rapport de la mission polono-alg\u00e9rienne 1987-1988. Vol. 1 \/ [comit\u00e9 de red. Andrzej Bochi\u0144ski et al.]. \u2013 Varsovie : Przedsi\u0119biorstwo Wielobran\u017cowe \u201cEGROSS\u201d : na zlec. PP Pracownie Konserwacji Zabytk\u00f3w, 1990.<\/li>\n<li>Lekcja anatomii u Hansa Memlinga\u00a0\/ Jerzy Jankau. \u2013 Gda\u0144sk : Wydawnictwo Uniwersytetu Gda\u0144skiego, 2019.<\/li>\n<li>Leonardiana w kolekcjach polskich : co jest czym : orygina\u0142, replika, kopia\u00a0\/ autorzy tekst\u00f3w Dorota Folga-Januszewska, Anna Kwiatkowska, El\u017cbieta Modzelewska, Iwona Szmelter, Agnieszka Wo\u017aniak-Wieczorek. \u2013 Warszawa : Muzeum Pa\u0142acu Kr\u00f3la Jana III w Wilanowie, 2019.<\/li>\n<li>Les ateliers Polonais de conservation \u2013 PKZ et la sauvegarde du patrimoine culture : 18-29 Janvier 1993, Paris, UNESCO \/ [responsable de la publication Marek Bara\u0144ski, Krystyna Kra\u015bniewska]. \u2013 Varsovie : Wydawnictwa PKZ, 1993.<\/li>\n<li>Lewin Brzeski i okolice : historia zapisana na starej poczt\u00f3wce\u00a0\/ red. Anna Butrym, Jerzy Kochler. \u2013 Lewin Brzeski : Towarzystwo Przyjaci\u00f3\u0142 Lewina, 2019.<\/li>\n<li>Los polacos en la conservacion de la Habana vieja \/ [red. Marek Bara\u0144ski, Tadeusz Sadowski]. \u2013 Warszawa : Wydawnictwa PKZ, 1988.<\/li>\n<li>Lubuskie Materia\u0142y Konserwatorskie \/ Wojew\u00f3dzki Urz\u0105d Ochrony Zabytk\u00f3w w Zielonej G\u00f3rze ; [Jaros\u0142aw Lewczuk red.]. \u2013 Zielona G\u00f3ra : Wojew\u00f3dzki Urz\u0105d Ochrony Zabytk\u00f3w, 2003-.<\/li>\n<li>Ludwinowo : stanowisko 7 : osada neolityczna na Kujawach\u00a0\/ pod red. Joanny Pyzel. \u2013 Gda\u0144sk ; Wydawnictwo Uniwersytetu Gda\u0144skiego ; P\u0119kowice : Wydawnictwo i Pracownia Archeologiczna PROFIL-ARCHEO, 2019.<\/li>\n<li>Maksymilian Oborski w zbiorach Muzeum Okr\u0119gowego w Koninie : katalog wystawy\u00a0\/ Muzeum Okr\u0119gowe w Koninie ; [projekt katalogu Wanda Mazurek]. \u2013 Konin : Muzeum Okr\u0119gowe, 2017.<\/li>\n<li>Malarski skarb ko\u015bcio\u0142a w Ma\u0142ujowicach\u00a0\/ Tadeusz Jurek, Miros\u0142aw Czoppa ; Parafia Rzymskokatolicka pw. \u015bw. Jakuba Aposto\u0142a w Ma\u0142ujowicach. \u2013 Kwidzyn : VEGA Studio Adv. Tomasz M\u00fcller, 2019.<\/li>\n<li>Ma\u0142e miasta o uk\u0142adach historycznych w Polsce Po\u0142udniowej \/ Agnieszka Ciepiela, Olga Kania, Rita \u0141abuz. \u2013 Krak\u00f3w : Wydawnictwo PK, 2019.<\/li>\n<li>Marina El Alamein. Vol. 1, archaeological background and conservation problems the Polish-Egyptian preservation mission at Marina 1988, the Polish excavation mission at Marina 1987-1989 \/ [comit\u00e9 de red. Andrzej Bochi\u0144ski et al.]. \u2013 Warsaw : Wydawnictwa PKZ, 1991.<\/li>\n<li>Materia\u0142y do Dziej\u00f3w Kultury i Sztuki Bydgoszczy i Regionu \/ Pracownia Dokumentacji i Popularyzacji Zabytk\u00f3w Wojew\u00f3dzkiego O\u015brodka Kultury w Bydgoszczy ; [kom. red. Krzysztof Bartowski, Bogna Derkowska-Kostkowska, Piotr Winter ; red. nauk. Barbara Janiszewska-Mincer]. \u2013 Bydgoszcz : Wojew\u00f3dzki O\u015brodek Kultury, 1996-.<\/li>\n<li>Mausoleum of Qurqumas in Cairo : results of the investigations and conservations works : 1984-1988. Vol. 3 \/ [ed. Jan Gromnicki et al.]. \u2013 Warsaw : Wydawnictwa PKZ, 1991.<\/li>\n<li>Mausoleum of Qurqumas in Cairo. Vol. 2, Results of the investigations and conservations works \/ [ed.-in-chief Lech Krzy\u017canowski et al.]. \u2013 Warszawa : Wydawnictwa PKZ, 1985.<\/li>\n<li>Meandry ochrony dziedzictwa kultury : aspekty prawnokarne i kryminalistyczne \/ pod redakcj\u0105 Marcina Sabaci\u0144skiego i Macieja Trzci\u0144skiego. \u2013 Warszawa : Narodowy Instytut Dziedzictwa, 2019.<\/li>\n<li>Miastoprojekt \u2013 \u0141\u00f3d\u017a swojemu miastu : konkursy \u2013 projekty \u2013 realizacje \/ Rafa\u0142 Paku\u0142a. \u2013 \u0141\u00f3d\u017a : Ksi\u0119\u017cy M\u0142yn Dom Wydawniczy, 2019.<\/li>\n<li>Moda patriotyczna w Polsce : od konfederacji barskiej do powstania warszawskiego\u00a0\/ Nadia Sola-Sa\u0142amacha ; Instytut Pami\u0119ci Narodowej \u2013 Komisja \u015acigania Zbrodni Przeciwko Narodowi Polskiemu. Oddzia\u0142 w Lublinie. \u2013 Lublin ; Warszawa : Instytut Pami\u0119ci Narodowej \u2013 Komisja \u015acigania Zbrodni Przeciwko Narodowi Polskiemu. Oddzia\u0142 w Lublinie, 2019.<\/li>\n<li>Model\u00a0\/ Piotr Gajewski. \u2013 Krak\u00f3w : Wydawnictwo PK, 2019.<\/li>\n<li>Modus : prace z historii sztuki\u00a0\/ Instytut Historii Sztuki Uniwersytetu Jagiello\u0144skiego. \u2013 Krak\u00f3w : Universitas, 2000-.<\/li>\n<li>Mosty z Pruskiej Kr\u00f3lewskiej Huty Malapane w Ozimku\u00a0\/ J\u00f3zef Tomasz Juros. \u2013 Ozimek : Stowarzyszenie Dolina Ma\u0142ej Panwi, 2009.<\/li>\n<li>Muzeologija \/ Muzejski dokumentacijski centar. \u2013 Zagreb : Muzejski dokumentacijski centar, 1974-.<\/li>\n<li>Muzeum Ksi\u0105\u017c\u0105t Czartoryskich\u00a0\/ pod redakcj\u0105 Katarzyny P\u0142onki-Ba\u0142us, Natalii Koziary. \u2013 Krak\u00f3w : Muzeum Narodowe, 2019.<\/li>\n<li>Muzeum Narodowe w Kielcach : Galeria Malarstwa Polskiego i Europejskiej Sztuki Zdobniczej \/ redakcja naukowa Robert Kotowski ; opracowanie tekstu Joanna Kaczmarczyk, Iwona Rajkowska, Magdalena \u015aniegulska-Gomu\u0142a. \u2013 Kielce : Muzeum Narodowe, 2019.<\/li>\n<li>Nagrobek serca kr\u00f3la Jana Kazimierza w ko\u015bciele Saint-Germain-des-Pres w Pary\u017cu : \u00c6tern\u00e6 memori\u00e6 Regis Ortodoxi \/ Pawe\u0142 Migasiewicz \u2013 Warszawa : Narodowy Instytut Polskiego Dziedzictwa Kulturowego za Granic\u0105 POLONIKA, 2019.<\/li>\n<li>Najlepsze miasto \u015bwiata : Warszawa w odbudowie 1944-1949\u00a0\/ Grzegorz Pi\u0105tek. \u2013 Warszawa : Wydawnictwo WAB \u2013 Grupa Wydawnicza Foksal, 2020.<\/li>\n<li>Nasza Przesz\u0142o\u015b\u0107 : studia z dziej\u00f3w Ko\u015bcio\u0142a i kultury katolickiej w Polsce = Notre Pass\u00e9 : \u00e9tudes sur l\u2019histoire de l\u2019\u00c9glise et de la culture catholique en Pologne \/ [red. Jan Duka\u0142a]. \u2013 Krak\u00f3w : Wydawnictwo Instytutu Teologicznego Ksi\u0119\u017cy Misjonarzy, 1946-.<\/li>\n<li>Nekropola z p\u00f3\u017anej epoki br\u0105zu : Wartos\u0142aw-Biezdrowo-Zakrzewo \/ pod redakcj\u0105 Andrzeja Krzyszowskiego. \u2013 Pozna\u0144 : Muzeum Archeologiczne, 2019.<\/li>\n<li>Nic nad orygina\u0142 : ksi\u0119ga dedykowana pami\u0119ci Barbary Tondos i Jerzego Tura\u00a0\/ pod red. Agnieszki Gronek i Joanny Daranowskiej-\u0141ukaszewskiej. \u2013 Krak\u00f3w ; Rzesz\u00f3w : Stowarzyszenie Historyk\u00f3w Sztuki, 2019.<\/li>\n<li>Notes Konserwatorski \/ Biblioteka Narodowa. Dzia\u0142 Ochrony i Konserwacji Zbior\u00f3w Bibliotecznych ; [Barbara Drewniewska-Idziak red. nacz.]. \u2013 Warszawa : Biblioteka Narodowa, 1998-.<\/li>\n<li>Nowe Katowice : forma i ideologia polskiej architektury powojennej na przyk\u0142adzie Katowic (1945-1980) \/ Aneta Borowik. \u2013 Warszawa : Wydawnictwo Neriton, 2019.<\/li>\n<li>Nowoczesne metody badawcze w archeologii : seminarium w Zakrzowie : teksty referat\u00f3w\u00a0\/ [red. zeszytu Krystyna Kruczek] ; PP Pracownie Konserwacji Zabytk\u00f3w. \u2013 Krak\u00f3w : Wydawnictwa PKZ, 1989.<\/li>\n<li>Nowy pocz\u0105tek : (od)budowa kolekcji muzealnych po II wojnie \u015bwiatowej\u00a0\/ pod red. Janusza Trupindy i Aleksandry Siuciak. \u2013 Malbork : Muzeum Zamkowe, 2019.<\/li>\n<li>Nubia Christiana. 2 \/ red. Magdalena \u0141apta\u015b, Stefan Jakobielski ; Uniwersytet Kardyna\u0142a Stefana Wyszy\u0144skiego w Warszawie. \u2013 Warszawa : Wydawnictwo Naukowe Uniwersytetu Kardyna\u0142a Stefana Wyszy\u0144skiego, 2020.<\/li>\n<li>Nummi et humanitas : studia ofiarowane profesorowi Stanis\u0142awowi Suchodolskiemu w 80 rocznic\u0119 urodzin \/ [red. Mateusz Bogucki, Witold Garbaczewski, Grzegorz \u015anie\u017cko]. \u2013 Warszawa : Wydawnictwo Instytutu Archeologii i Etnologii PAN, 2017.<\/li>\n<li>\u2018<\/li>\n<li>O sztuce kopiowania: studia inspirowane badaniami powtarzalno\u015bci przedstawie\u0144 Hodegetrii Krakowskich 1400-1550 \/ Ma\u0142gorzata Nowali\u0144ska. \u2013 Krak\u00f3w : Wydawnictwo Akademii Sztuk Pi\u0119knych im. Jana Matejki, 2019.<\/li>\n<li>Obraz Madonna w p\u0142aszczu opieku\u0144czym Giovanniego da Gaeta ze zbior\u00f3w Zamku Kr\u00f3lewskiego na Wawelu : badania i konserwacja\u00a0\/ red. Ewa Wi\u0142koj\u0107, Joanna Winiewicz-Wolska. \u2013 Krak\u00f3w : Zamek Kr\u00f3lewski na Wawelu, 2019.<\/li>\n<li>Ochota dzielnica z klas\u0105 : architektura i mieszka\u0144cy.\u00a0Cz\u0119\u015b\u0107 2 \/ Jerzy S. Majewski, Grzegorz Mika, Joanna Roli\u0144ska, Jaros\u0142aw Zieli\u0144ski. \u2013 Warszawa : Fundacja Hereditas, 2019.<\/li>\n<li>Ochrona artefakt\u00f3w dziedzictwa kulturowego \/ red. nauk. Samanta Kowalska, Andrzej Szyma\u0144ski. \u2013 Pozna\u0144 ; Kalisz : Uniwersytet im. Adama Mickiewicza. Wydzia\u0142 Pedagogiczno-Artystyczny, 2019.<\/li>\n<li>Ochrona dziedzictwa architektury i urbanistyki : doktryny, teoria, praktyka\u00a0\/ Andrzej Kad\u0142uczka. \u2013 Krak\u00f3w : Wydawnictwo Politechniki Krakowskiej, 2018.<\/li>\n<li>Od Torunia do Charkowa\u00a0\/ pod red. Ma\u0142gorzaty Grupy i Andrzeja Pydyna. \u2013 Toru\u0144 : Wydawnictwo Naukowe Uniwersytetu Miko\u0142aja Kopernika, 2016.<\/li>\n<li>Odrzuceni przez spo\u0142ecze\u0144stwo : cmentarz z ko\u0144ca XV\/1. po\u0142owy XVI wieku odkryty przy ul. Dworcowej w Gliwicach\u00a0\/ Jacek Pierzak, \u0141ukasz Obtu\u0142owicz, Henryk G\u0142\u0105b, Jaros\u0142aw Wr\u00f3bel. \u2013 Gliwice : Muzeum, 2014.<\/li>\n<li>Osiem wiek\u00f3w wschodniopruskiej \u017ceglugi, kana\u0142\u00f3w i dr\u00f3g wodnych\u00a0\/ Cezary Wawrzy\u0144ski. \u2013 Olsztyn : Edytor WERS, 2014.<\/li>\n<li>Parki, ogrody, cmentarze \/ pod red. Ireny Kontny. \u2013 Katowice : \u015al\u0105ski Wojew\u00f3dzki Konserwator Zabytk\u00f3w : Regionalny Instytut Kultury, 2019.<\/li>\n<li>P\u0119dzlem i d\u0142utem : o tw\u00f3rczo\u015bci Ludwika Konarzewskiego juniora (1918-1989) \/ Irena Kontny. \u2013 Wyd. 2. \u2013 Katowice : Regionalny Instytut Kultury w Katowicach, 2019.<\/li>\n<li>Pi\u0119kne przedmioty : ozdoba cia\u0142a i dekoracja wn\u0119trz sakralnych i \u015bwieckich \/ pod red. Agnieszki Benderer, Ma\u0142gorzaty Wrze\u015bniak. \u2013 Warszawa : Wydawnictwo Naukowe Uniwersytetu Kardyna\u0142a Stefana Wyszy\u0144skiego, 2019.<\/li>\n<li>Pocz\u0105tki epoki br\u0105zu na Warmii i Mazurach w \u015bwietle analiz specjalistycznych\u00a0\/ redakcja Jaros\u0142aw Sobieraj. \u2013 Olsztyn : Muzeum Warmii i Mazur, 2019.<\/li>\n<li>Pocz\u0105tki i rozw\u00f3j miast G\u00f3rnego \u015al\u0105ska : studia interdyscyplinarne\u00a0\/ red. tomu Dominik Ab\u0142amowicz, Miros\u0142aw Furmanek, Monika Michnik. \u2013 Gliwice : Muzeum, 2004.<\/li>\n<li>Poka\u017c\u0119 Wam inny G\u00f3rny \u015al\u0105sk : katalog zbior\u00f3w poczt\u00f3wek Muzeum \u015al\u0105skiego w Katowicach \/ oprac. Ma\u0142gorzata Kaganiec. \u2013 Katowice : Muzeum \u015al\u0105skie, 2012.<\/li>\n<li>Policja w walce o zabytki\u00a0\/ Marek \u0141uczak. \u2013 Warszawa : Ministerstwo Kultury i Dziedzictwa Narodowego, 2020.<\/li>\n<li>Polish conservators of monuments in Asia \/ [ed. in chief Lech Krzy\u017canowski]. \u2013 Warszawa : Wydawnictwa PPPKZ, 1994.<\/li>\n<li>Polska bibliografia organ\u00f3w.\u00a0T. 3 \/ Maria Szymanowicz. \u2013 Lublin : Wydawnictwo Muzyczne Polihymnia, 2018.<\/li>\n<li>Polski S\u0142ownik Biograficzny. T. 53\/1, z. 216, Taube Johann \u2013 Teodorowicz Feliks \/ [red. nacz. Andrzej Romanowski] ; Polska Akademia Nauk, Polska Akademia Umiej\u0119tno\u015bci. \u2013 Warszawa : Instytut Historii PAN ; Krak\u00f3w : Polska Akademia Umiej\u0119tno\u015bci, 2019.<\/li>\n<li>Polskie art d\u00e9co : materia\u0142y si\u00f3dmej sesji naukowej \u201cPolskie art d\u00e9co. Malarstwo i grafika\u201d pod przewodnictwem prof. Anny Sieradzkiej, prof. Andrzeja K. Olszewskiego i dr Anny Kostrzy\u0144skiej-Mi\u0142osz w Muzeum Mazowieckim w P\u0142ocku 23-24 pa\u017adziernika 2017 roku\u00a0\/ [oprac. red. Zbigniew Chlewi\u0144ski]. \u2013 P\u0142ock : Muzeum Mazowieckie, 2019.<\/li>\n<li>Pomniki historii : najcenniejsze obiekty i zespo\u0142y zabytkowe w Polsce\u00a0\/ aut. tekst\u00f3w Roman Marcinek ; zesp\u00f3\u0142 red. Anna Hanaka, Anna Kuci\u0144ska-Isaac, Ma\u0142gorzata Maksymiuk, Tadeusz Sadowski, Anna Wawrzy\u0144czuk. \u2013 Wyd. 4, uzup. \u2013 Warszawa : Narodowy Instytut Dziedzictwa, 2019.<\/li>\n<li>Porta Aurea : rocznik Zak\u0142adu Historii Sztuki Uniwersytetu Gda\u0144skiego\u00a0\/ [Zak\u0142ad Historii Sztuki UG Uniwersytetu Gda\u0144skiego, Muzeum Historii Miasta Gda\u0144ska ; red. nauk. Teresa Grzybkowska]. \u2013 Gda\u0144sk : ZHS UG : MHMG, 1992-.<\/li>\n<li>Portret trumienny : studia i szkice\u00a0\/ pod redakcj\u0105 Aleksandra Jankowskiego i Barbary M. Gaw\u0119ckiej. \u2013 Bydgoszcz : Wydawnictwo Uniwersytetu Kazimierza Wielkiego, 2020.<\/li>\n<li>Portret w dawnej Polsce\u00a0\/ Jan K. Ostrowski. \u2013 Warszawa : Muzeum Pa\u0142acu Kr\u00f3la Jana III w Wilanowie, 2019.<\/li>\n<li>Powszechna Wystawa Krajowa 1929 : architektura i urbanistyka \/ Joanna Bielawska-Pa\u0142czy\u0144ska, Hanna Ha\u0142as-Rakowska. \u2013 \u0141\u00f3d\u017a : Ksi\u0119\u017cy M\u0142yn, 2019.<\/li>\n<li>P\u00f3\u0142 wieku z zabytkami : w \u017cyciu i pracach konserwatorskich gda\u0144skiego architekta\u00a0\/ Andrzej Macur. \u2013 Gda\u0144sk : Fundacja Terytoria Ksi\u0105\u017cki, 2018.<\/li>\n<li>P\u00f3\u017ano\u015bredniowieczny warsztat garncarski ze Smolnicy : rekonstrukcja procesu wytwarzania naczy\u0144\u00a0\/ Ma\u0142gorzata Pytlak ; z aneksem Piotra Guni \u201cWyniki interdyscyplinarnych bada\u0144 petrograficzno-geochemicznych \u015bredniowiecznych naczy\u0144 z warsztatu garncarskiego w Smolnicy (woj. zachodniopomorskie)\u201d. \u2013 Gorz\u00f3w Wielkopolski : Muzeum Lubuskie im. Jana Dekerta w Gorzowie Wielkopolskim, 2019.<\/li>\n<li>PRA: ilustrowany atlas architektury Pragi\u00a0\/ koncepcja i projekt Magdalena Piwowar ; tekst Maciej Czeredys, Ewa Ziajkowska ; il. Maciej Dr\u0105\u017ckiewicz, Mateusz Gryz\u0142o, Peter \u0141yczkowski. \u2013 Warszawa : Fundacja Centrum Architektury, 2020.<\/li>\n<li>Prace magisterskie 2017\/2018. T. 6 \/ [kom. red. Gra\u017cyna Korpal et al.] ; Wydzia\u0142 Konserwacji i Restauracji Dzie\u0142 Sztuki Akademii Sztuk Pi\u0119knych im. Jana Matejki w Krakowie. \u2013 Krak\u00f3w : Wydawnictwo Akademii Sztuk Pi\u0119knych im. Jana Matejki, 2019.<\/li>\n<li>Praktyczne aspekty zwalczania przest\u0119pczo\u015bci przeciwko dziedzictwu kulturowemu\u00a0\/ pod red. nauk. Macieja Trzci\u0144skiego ; (autorzy) Bart\u0142omiej Gadecki, Olgierd Jakubowski, Maciej Trzci\u0144ski, Kamil Zeidler. \u2013 Stan prawny na dzie\u0144 1 lipca 2019. \u2013 Gda\u0144sk : Wydawnictwo Uniwersytetu Gda\u0144skiego, 2019.<\/li>\n<li>Prawobrze\u017cne Dolne Powi\u015ble we wczesnej epoce \u017celaza : akulturacja \u2013 infiltracja \u2013 transformacja\u00a0\/ Zbigniew Bukowski. \u2013 Gda\u0144sk : Muzeum Archeologiczne, 2020.<\/li>\n<li>Prewencja jako niezb\u0119dny element opieki nad zbiorami Zamku Kr\u00f3lewskiego na Wawelu : konserwacja prewencyjna kolekcji Lanckoro\u0144skich\u00a0\/ red. Ewa Wi\u0142koj\u0107, Joanna Winiewicz. \u2013 Krak\u00f3w : Zamek Kr\u00f3lewski na Wawelu, 2019.<\/li>\n<li>Profesor Edmund Ma\u0142achowicz : architekt i konserwator : autentyczno\u015b\u0107 i wiarygodno\u015b\u0107 zabytku architektury \/ El\u017cbieta Grodzka. \u2013 Wroc\u0142aw : Oficyna Wydawnicza Politechniki Wroc\u0142awskiej, 2020.<\/li>\n<li>Profesorowi Witoldowi Henslowi \/ [Tadeusz Polak, Tadeusz Ros\u0142anowski]. \u2013 Krak\u00f3w : PKZ, 1979.<\/li>\n<li>Promenada na po\u0142udnie : historia ulicy Ko\u015bciuszki w Katowicach\u00a0\/ pod. red. Magdaleny Chmiel. \u2013 Katowice : Katowice Miasto Ogrod\u00f3w \u2013 Instytucja Kultury im. Krystyny Bochenek, 2019.<\/li>\n<li>Pr\u016fzkumy pam\u00e1tek = Denkmalforschung = Historical Monumets\u2019. \u2013 Praha : Pam\u00e1tkov\u00fd \u00fastav st\u0159edn\u00edch \u010cech, 1994-.<\/li>\n<li>Przewodnik po secesji w \u0141odzi i wojew\u00f3dztwie \u0142\u00f3dzkim \/ Maria Nowakowska. \u2013 \u0141\u00f3d\u017a : Centrum Inicjatyw na rzecz Rozwoju Regio, 2018.<\/li>\n<li>Przewodnik po zabytkowym zespole cmentarnym w \u0141om\u017cy \/ S\u0142awomir Zgrzywa, ks. kan. Marian Mieczkowski. \u2013 \u0141om\u017ca : \u0141om\u017cy\u0144skie Towarzystwo Naukowe im. Wag\u00f3w : Polskie Towarzystwo Historyczne \u2013 Oddzia\u0142 w \u0141om\u017cy, 2019.<\/li>\n<li>Przysz\u0142o\u015b\u0107 rzeczy minionych\u00a0\/ redaktor naukowy tomu Ma\u0142gorzata Rozbicka. \u2013 Warszawa : Oficyna Wydawnicza Politechniki Warszawskiej, 2019.<\/li>\n<li>Radziwi\u0142\u0142owskie dobra Orla (1585-1695)\u00a0\/ Micha\u0142 Sierba. \u2013 Bia\u0142ystok : Bia\u0142oruskie Towarzystwo Historyczne, 2017.<\/li>\n<li>Raport roczny Narodowego Instytutu Dziedzictwa 2019 \/ oprac. Wioletta \u0141abuda-Iwaniak. \u2013 Warszawa : Narodowy Instytut Dziedzictwa, 2020.<\/li>\n<li>Raport. 14 \/ red. S\u0142awomir Kadrow. \u2013 Warszawa : Narodowy Instytut Dziedzictwa, 2019.<\/li>\n<li>Recherches sur les monuments du Champa : rapport de la mission polono-vietnamienne 1981-1982. Vol. 2 \/ [comit\u00e9 de red. Andrzej Bochi\u0144ski et al.]. \u2013 Varsovie : Przedsi\u0119biorstwo Wielobran\u017cowe \u201cEGROSS\u201d : na zlec. PP Pracownie Konserwacji Zabytk\u00f3w, 1990.<\/li>\n<li>Recherches sur les monuments du Champa. Vol. 1, Rapport de la mission polono-vietnamienne 1981-1982 \/ [com. de red. Tadeusz Polak (pr\u00e9sident) et al.]. \u2013 Warszawa : Wydawnictwa PKZ, 1985.<\/li>\n<li>Reformacja i ewangelicyzm nad Ba\u0142tykiem \/ red. nauk. J\u00f3zef Borzyszkowski ; red. Bronis\u0142awa Dejna. \u2013 Gda\u0144sk : Nadba\u0142tyckie Centrum Kultury, 2018.<\/li>\n<li>Rembrandt : zobacz to! : arcydzie\u0142a w Zamku Kr\u00f3lewskim w Warszawie\u00a0\/ Alicja Jakubowska, Magdalena Kr\u00f3likiewicz ; Zamek Kr\u00f3lewski w Warszawie \u2013 Muzeum. \u2013 Warszawa : Zamek Kr\u00f3lewski \u2013 Muzeum, 2020.<\/li>\n<li>Rembrandt osobi\u015bcie : Rembrandt van Rijn : dzie\u0142a graficzne ze zbior\u00f3w Muzeum Narodowego w Warszawie \/ red. nauk. Joanna A. Tomicka. \u2013 Warszawa : Muzeum Narodowe, 2019.<\/li>\n<li>Reports from Ashmunein : Polish-Egyptian archaeological and preservation mission at El-Ashmunein 1987-1990. Vol. 2 \/ [ed. Lech Krzy\u017canowski et al.]. \u2013 Warsaw : Wydawnictwa PKZ, 1992.<\/li>\n<li>Reports from Ashmunein : Polish-Egyptian archeological and preservation mission at El Ashmunein \/ [ed. Jan Gromnicki et al.]. \u2013 Warszawa : Wydawnictwa PKZ, 1989.<\/li>\n<li>Restauratorenbl\u00e4tter\u00a0\/ [Hrsg. \u00d6sterreichische Sektion des IIC (International Institute for Historic and Artistic Works) ; Red.\u00a0Manfred Koller und Rainer Prandtstetten]. \u2013 Klosterneuburg ; Wien : Mayer &amp; Comp, 1979-.<\/li>\n<li>Restytucja zabytk\u00f3w w Polsce : ograniczenia i perspektywy \/ red. nauk. Anna Gerecka-\u017bo\u0142y\u0144ska. \u2013 Pozna\u0144 : Wydawnictwo Naukowe Uniwersytetu im. Adama Mickiewicza, 2019.<\/li>\n<li>Rezydencje, pa\u0142ace i dwory epoki nowo\u017cytnej na obszarze obecnego wojew\u00f3dztwa \u015bl\u0105skiego : studia z historii sztuki\u00a0\/ pod red. Teresy Dudek Bujarek. \u2013 Katowice : Stowarzyszenie Historyk\u00f3w Sztuki. Oddzia\u0142 G\u00f3rno\u015bl\u0105ski, 2019.<\/li>\n<li>Rocznik Krakowski \/ Towarzystwo Mi\u0142o\u015bnik\u00f3w Historii i Zabytk\u00f3w Krakowa ; [red. Stanis\u0142aw Krzy\u017canowski]. \u2013 Krak\u00f3w : Towarzystwo Mi\u0142o\u015bnik\u00f3w Historii i Zabytk\u00f3w Krakowa, 1898-.<\/li>\n<li>Rocznik Muzeum Pocz\u0105tk\u00f3w Pa\u0144stwa Polskiego w Gnie\u017anie\u00a0\/ [red. nacz. Tomasz Sawicki]. \u2013 Gniezno : Muzeum Pocz\u0105tk\u00f3w Pa\u0144stwa Polskiego, 2015-.<\/li>\n<li>Rola samorz\u0105du terytorialnego w zakresie ochrony zabytk\u00f3w i dziedzictwa kulturowego \/ Piotr Schmidt. \u2013 Krak\u00f3w : AT Wydawnictwo, 2019.<\/li>\n<li>Romuald Zerych (1888-1964) : rze\u017abiarz niezapami\u0119tany\u00a0\/ Barbara Kalinowska. \u2013 Ostro\u0142\u0119ka : Muzeum Kultury Kurpiowskiej, 2019.<\/li>\n<li>Rozprawy Muzeum Narodowego w Krakowie. Seria Nowa = Selected Papers from the National Museum in Cracow. New Series \/ [kom. red. Tadeusz Chru\u015bcicki et al.]. \u2013 Krak\u00f3w : MN, 1999-.<\/li>\n<li>Rysunki architektoniczne i dekoracyjne. Tom 1, Tylman van Gameren\u00a0\/ \u2013 Warszawa : Uniwersytet Warszawski : Biblioteka Uniwersytecka w Warszawie, 2019.<\/li>\n<li>Rysunki architektoniczne i dekoracyjne. Tom 2, Tylman van Gameren\u00a0\/ \u2013 Warszawa : Uniwersytet Warszawski : Biblioteka Uniwersytecka w Warszawie, 2019.<\/li>\n<li>Rysunki dawnych mistrz\u00f3w : Wiek XV do lat 20. XIX wieku : szko\u0142a niderlandzka, flamandzka i holenderska\u00a0\/ Jolanta Talbierska. \u2013 Warszawa : Uniwersytet Warszawski : Biblioteka Uniwersytecka w Warszawie, 2019.<\/li>\n<li>Rysunki dawnych mistrz\u00f3w : wiek XV do lat 20. XIX wieku : szko\u0142a polska: S\u00a0\/ \u2013 Warszawa : Uniwersytet Warszawski : Biblioteka Uniwersytecka w Warszawie, 2019.<\/li>\n<li>Sacrum et Decorum : materia\u0142y i studia z historii polskiej sztuki sakralnej = materials and studies on the history of sacred art\u00a0\/ Wydzia\u0142 Sztuki Uniwersytetu Rzeszowskiego. Centrum Dokumentacji Wsp\u00f3\u0142czesnej Sztuki Sakralnej ; [red. nacz. Gra\u017cyna Ryba]. \u2013 Wroc\u0142aw : Wydawnictwo Uniwersytetu Rzeszowskiego, 2008-.<\/li>\n<li>Sad\u0142owo : birytualne cmentarzysko kultury wielbarskiej na ziemi dobrzy\u0144skiej wraz z materia\u0142ami pozosta\u0142ych kultur archeologicznych \/ redakcja naukowa Jadwiga Lewandowska. \u2013 Toru\u0144 : Wydawnictwo Naukowe Grado, 2019.<\/li>\n<li>Sam\u0142awki : zesp\u00f3\u0142 cmentarzysk kurhanowych na Pojezierzu Mr\u0105gowskim\u00a0\/ Marcin G\u0142adki. \u2013 Warszawa : Fundacja Dajna im. Jerzego Okulicza-Kozaryna , 2019.<\/li>\n<li>Santok : stra\u017cnica i klucz Kr\u00f3lestwa Polskiego : wyniki bada\u0144 z lat 1958-1965 \/ pod red. Knigii Zamelskiej-Monczak. \u2013 Warszawa : Instytut Archeologii i Etnologii Polskiej Akademii Nauk, 2019.<\/li>\n<li>Sapientia aedificavit sibi domum : m\u0105dro\u015b\u0107 zbudowa\u0142a sobie dom\u2026 T. 2 \/ red. nauk. Monika Czapska \u2013 Malbork : Muzeum Zamkowe, 2019.<\/li>\n<li>Sapientia aedificavit sibi domum : m\u0105dro\u015b\u0107 zbudowa\u0142a sobie dom\u2026\u00a0\/ red. nauk. Janusz Trupinda. \u2013 Malbork : Muzeum Zamkowe, 2019.<\/li>\n<li>Simo Heikkil\u00e4 : designer\u2019s Life and Work \/ Anna Wi\u015bnicka. \u2013 Warszawa : Wydawnictwo Naukowe Uniwersytetu Kardyna\u0142a Stefana Wyszy\u0144skiego, 2020.<\/li>\n<li>Skarb z Nowego Kramska : analizy, konteksty \/ redakcja Arkadiusz Michalak, Julia Orlicka-Jasnoch. \u2013 Zielona G\u00f3ra ; \u015awidnica : Muzeum Archeologiczne \u015arodkowego Nadodrza w Zielonej G\u00f3rze z\/s w \u015awidnicy, 2019.<\/li>\n<li>Skarby archiwalne 1155-1939 : Sancti, beati atque illustres homines Ecclesiae \u2013 \u015awi\u0119ci, b\u0142ogos\u0142awieni i wybitni ludzie Ko\u015bcio\u0142a \/ [tekst katalogu Jacek Krochmal]. \u2013 Warszawa : Archiwum G\u0142\u00f3wne Akt Dawnych : Naczelna Dyrekcja Archiw\u00f3w Pa\u0144stwowych, 2016.<\/li>\n<li>Skarby epoki Piast\u00f3w : w siedemsetn\u0105 rocznic\u0119 koronacji W\u0142adys\u0142awa \u0141okietka 1320-2020 \/ redakcja Joanna Zi\u0119tkiewicz-Kotz. \u2013 Krako\u0301w : Zamek Kr\u00f3lewski na Wawelu \u2013 Pa\u0144stwowe Zbiory Sztuki, 2020.<\/li>\n<li>So\u015bnia \u201cSzwedzki Most\u201d : materia\u0142y krzemienne ze zbior\u00f3w Zygmunta Glogera \/ Agnieszka Dziedzic. \u2013 Krak\u00f3w : Muzeum Archeologiczne, 2019.<\/li>\n<li>Spis wydawnictw PP Pracownie Konserwacji Zabytk\u00f3w 1966-1980 \/ oprac. Ma\u0142gorzata \u0141ankiewicz, Jan Rudewicz. \u2013 Warszawa : O\u015brodek Informacji PKZ, dr. 1981.<\/li>\n<li>Stacje kolejowe : \u015bwiat, Europa i Kr\u00f3lestwo Polskie 1830-1915 : architektura i budownictwo \/ Jaros\u0142aw Zieli\u0144ski. \u2013 Wydanie I. \u2013 \u0141\u00f3d\u017a : Ksi\u0119\u017cy M\u0142yn Dom Wydawniczy, 2019.<\/li>\n<li>Stacje kolejowe : Warszawa 1845-1915 : architektura i budownictwo \/ Jaros\u0142aw Zieli\u0144ski. \u2013 Wydanie I. \u2013 \u0141\u00f3d\u017a : Ksi\u0119\u017cy M\u0142yn Dom Wydawniczy, 2019.<\/li>\n<li>Stanowisko Bia\u0142a 26 gm. Trzcianka woj. wielkopolskie : studium przypadku\u00a0\/ redakcja Piotr Alagierski. \u2013 Trzcianka : Muzeum Ziemi Nadnoteckiej im. W. Stachowiaka, 2019.<\/li>\n<li>Stare i nowe dziedzictwo Torunia, Bydgoszczy i regionu. T. 2\u00a0\/ pod redakcj\u0105 Juliusza Raczkowskiego i Moniki Jakubek-Raczkowskiej. \u2013 Toru\u0144 : Towarzystwo Naukowe Organizacji i Kierownictwa \u201cDom Organizatora\u201d, 2020.<\/li>\n<li>Stawiski : historia miasta i okolic na tle dziej\u00f3w Mazowsza do II wojny \u015bwiatowej \/ Zenon Krajewski. \u2013 \u0141om\u017ca : \u0141om\u017cy\u0144skie Towarzystwo Naukowe im. Wag\u00f3w, 2020.<\/li>\n<li>Studia i Materia\u0142y do Dziej\u00f3w \u017bup Solnych w Polsce\u00a0\/ Ministerstwo Kultury i Sztuki. Zarz\u0105d Muze\u00f3w i Ochrony Zabytk\u00f3w. \u2013 Wieliczka : Muzeum \u017bup Krakowskich, 1965-.<\/li>\n<li>Studia nad sztuk\u0105 renesansu i baroku. T. 14, Tw\u00f3rca i dzie\u0142o \/ red. Irena Rolska. \u2013 Lublin : Towarzystwo Naukowe Katolickiego Uniwersytetu Lubelskiego Jana Paw\u0142a II : Katolicki Uniwersytet Lubelski Jana Paw\u0142a II, 2019.<\/li>\n<li>Studia Wilanowskie \/ Muzeum Pa\u0142ac w Wilanowie ; [red. Ewa Birkenmajer]. \u2013 Warszawa : Muzeum w Wilanowie, 1977-.<\/li>\n<li>Studia Zamkowe \/ Muzeum Zamkowe w Malborku. \u2013 Malbork : Muzeum Zamkowe, 2004-.<\/li>\n<li>Stylistic trends in Polish furniture 1918-1939 \/ Anna Kostrzy\u0144ska-Mi\u0142osz. \u2013 Warszawa : Instytut Sztuki Polskiej Akademii Nauk : Fundacja Liber pro Arte, 2019.<\/li>\n<li>Szabl\u0105 i krzy\u017cem : pokaz obrazu Jana Henryka Rosena w stulecie Cudu nad Wis\u0142a 1920 : Zamek Kr\u00f3lewski w Warszawie \u2013 Muzeum 23 lipca-15 listopada 2020 r.\u00a0\/ red. nauk. Pawe\u0142 Tyszka. \u2013 Warszawa : Zamek Kr\u00f3lewski \u2013 Muzeum, 2020.<\/li>\n<li>Szarbia, stanowisko 7, gm. Koniusza : osady i cmentarzyska od okresu neolitu po okres wp\u0142yw\u00f3w rzymskich\u00a0\/ pod red. Ryszarda Naglika. \u2013 Krak\u00f3w : Muzeum Archeologiczne, 2019.<\/li>\n<li>Szlak cysterski na Dolnym \u015al\u0105sku w dokumencie archiwalnym \/ Janusz Go\u0142aszewski, Bartosz Grygorcewicz, Ivo \u0141aborewicz. \u2013 Wroc\u0142aw : Dolno\u015bl\u0105ska Organizacja Turystyczna : Archiwum Pa\u0144stwowe, 2017.<\/li>\n<li>Szlakiem architektury drewnianej : \u015bwi\u0105tynie \/ [red. Lech \u0141bik]. \u2013 Bydgoszcz : Kujawsko-Pomorskie Centrum Kultury, 2019.<\/li>\n<li>Sztuka kobiet \u2013 kobiety w sztuce : artystki na \u015al\u0105sku 1880-2000 \/ [red. nauk. Teresa Maria Kulak]. \u2013 Katowice : Muzeum \u015al\u0105skie, 2016.<\/li>\n<li>Sztuka Lublina od \u015bredniowiecza do wsp\u00f3\u0142czesno\u015bci : studia i szkice \/ red. nauk. Lechos\u0142aw Lame\u0144ski, Ewa Letkiewicz, Piotr Majewski, Jerzy \u017bywicki. \u2013 Lublin : Wydawnictwo Uniwersytetu Marii Curie-Sk\u0142odowskiej, 2019.<\/li>\n<li>Sztuka na Mazowszu : nowe otwarcie \/ pod red. Andrzeja Pie\u0144kosa i Micha\u0142a Wardzy\u0144skiego. \u2013 Warszawa : Mazowiecki Instytut Kultury, 2019.<\/li>\n<li>Sztuka w 20-leciu mi\u0119dzywojennym : w stron\u0119 tradycji \/ [red. Ma\u0142gorzata Ruszkowska-Macur]. \u2013 Gda\u0144sk : Muzeum Narodowe, 2019.<\/li>\n<li>Sztuka w \u015awi\u0119tokrzyskiem : studia z historii kultury i sztuki w 19 i 20 wieku \/ pod redakcj\u0105 Jolanty Dr\u0105\u017cyk, Piotra Rosi\u0144skiego, Henryka Suchojada. \u2013 Kielce : Wydawnictwo Uniwersytetu Jana Kochanowskiego, 2019.<\/li>\n<li>\u015aredniowieczne techniki budowlane w Macedonii w \u015bwietle bada\u0144 warowni Markovi Kuli w Prilepie \/ Tadeusz Polak. \u2013 Warszawa : Wydawnictwa PKZ, 1987.<\/li>\n<li>\u015aredniowieczny zesp\u00f3\u0142 rezydencjonalny na G\u00f3rze Katedralnej w Che\u0142mie\u00a0\/ pod red. Andrzeja Buko ; Instytut Archeologii i Etnologii Polskiej Akademii Nauk. \u2013 Warszawa : Wydawnictwo Instytutu Archeologii i Etnologii Polskiej Akademii Nauk, 2019.<\/li>\n<li>\u015ar\u00f3dmie\u015bcia miast polskich : retrospekcja i przysz\u0142o\u015b\u0107. Cz. 1 \/ praca zbiorowa pod redakcj\u0105 Bogus\u0142awa Podhala\u0144skiego. \u2013 Krak\u00f3w : Wydawnictwo PK, 2020.<\/li>\n<li>\u015ar\u00f3dmie\u015bcia miast polskich : retrospekcja i przysz\u0142o\u015b\u0107. Cz. 2 \/ praca zbiorowa pod redakcj\u0105 Kingi Raco\u0144-Leji. \u2013 Krak\u00f3w : Wydawnictwo PK, 2020.<\/li>\n<li>Tematyka moralistyczna w gda\u0144skiej sztuce \u015bwieckiej XVI i XVII wieku \/ Magdalena Mielnik. \u2013 Gda\u0144sk : Muzeum Narodowe, 2019.<\/li>\n<li>Tera\u017aniejszo\u015b\u0107 rzeczy minionych \/ Janusz Kubiak. \u2013 Warszawa : PP Pracownie Konserwacji Zabytk\u00f3w, O\u015brodek Informacji Konserwatorskiej, 1983.<\/li>\n<li>The Bayon Temple. Vol. 1, the report of the Polish-Cambodian archaeological and preservation mission 1990 \/ [comit\u00e9 de red. Andrzej Bochi\u0144ski et al.]. \u2013 Warsaw : Wydawnictwa PKZ, 1991.<\/li>\n<li>The historic environment : policy &amp; practice. \u2013 London : Maney Publishing, 2010-.<\/li>\n<li>The Megzid Janraiseg temple. Vol. 1, The Polish-Mongolian mission for conservation of historic monuments 1989 \/ [ed. El\u017cbieta Kowalczykowa et al.]. \u2013 Warsaw : Wydawnictwa PKZ, 1991.<\/li>\n<li>The temple of Queen Hatshepsut. Vol. 3, Results of the investigations and conservation works of the Polish-Egyptian archeological and preservation mission Deir el-Bahari \/ [editor-in-chief Lech Krzy\u017canowski]. \u2013 Warszawa : Wydawnictwa PKZ, 1985.<\/li>\n<li>The Temple of queen Hatshepsut. Vol. 4, The report of the Polish-Egyptian archaeological and preservation mission Deir El-Bahari 1980-1988 \/ [ed. Lech Krzy\u017canowski et al.]. \u2013 Warsaw : Wydawnictwa PKZ, 1991.<\/li>\n<li>Torunia przestrze\u0144 wsp\u00f3lna : wielokulturowe miasto z cezur\u0105 i bez cezury 1920 r. \/ redakcja naukowa Katarzyna Kluczwajd, Micha\u0142 Pszcz\u00f3\u0142kowski. \u2013 Toru\u0144 : Toru\u0144ski Oddzia\u0142 Stowarzyszenia Historyk\u00f3w Sztuki, 2020.<\/li>\n<li>Toru\u0144skie miejsca do mieszkania i (za)pami\u0119tania : domy, pomniki, cmentarze\u00a0\/ [red. nauk. Katarzyna Kluczwajd, Micha\u0142 Pszcz\u00f3\u0142kowski]. \u2013 Toru\u0144 : Toru\u0144ski Oddzia\u0142 Stowarzyszenia Historyk\u00f3w Sztuki, 2019.<\/li>\n<li>To\u017csamo\u015b\u0107 : 100 lat polskiej architektury\u00a0\/ pod redakcj\u0105 Boles\u0142awa Stelmacha i Karoliny Andrzejewskiej-Batko; teksty: Waldemar Baraniewski [i 14 pozosta\u0142ych]. \u2013 Warszawa : Narodowy Instytut Architektury i Urbanistyki, 2019.<\/li>\n<li>Tw\u00f3rczo\u015b\u0107 malarska Szymona Czechowicza i jej znaczenie dla kultury Rzeczypospolitej Obojga Narod\u00f3w \/ pod redakcj\u0105 Ewy Dole\u017cy\u0144skiej-Sewerniak i Ryszarda M\u0105czy\u0144skiego. \u2013 Toru\u0144 : Wydawnictwo Naukowe Uniwersytetu Miko\u0142aja Kopernika, 2019.<\/li>\n<li>Urbanistyka i architektura okresu III Rzeszy w Polsce \/ red. Karolina Jara, Aleksandra Paradowska. \u2013 Pozna\u0144 : Wydawnictwo Nauka i Innowacje, 2019.<\/li>\n<li>Ustawa o ochronie zabytk\u00f3w i opiece nad zabytkami : komentarz\u00a0\/ Katarzyna Zalasi\u0144ska. \u2013 Warszawa : Wydawnictwo C.H. Beck, 2020.<\/li>\n<li>Varstvo Spomenikov. \u2013 Ljubljana : Ministrstvo za Kulturo : Uprava Republike Slovenije za kulturno dedi\u0161\u010dino, 1948-.<\/li>\n<li>Verbum Domini manet in aeternum : Wschowski Syjon \u2013 centrum wielkopolskiego protestantyzmu\u00a0\/ red. Marta Tatiana Ma\u0142kus ; Muzeum Ziemi Wschowskiej. \u2013 Wschowa : Muzeum Ziemi Wschowskiej, 2017.<\/li>\n<li>W boju i na paradzie : husaria Rzeczypospolitej w XVI-XVII w.\u00a0\/ red. nauk. Zbigniew Hundert, Tomasz Mleczek ; Zamek Kr\u00f3lewski w Warszawie. \u2013 Warszawa : Arx Regia \u2013 O\u015brodek Wydawniczy Zamku Kr\u00f3lewskiego w Warszawie \u2013 Muzeum, 2017.<\/li>\n<li>W poszukiwaniu Lebensraumu : Zag\u0142\u0119bie D\u0105browskie w nazistowskich planach przestrzennych 1939-1944\u00a0\/ Stefania Lazar. \u2013 Czelad\u017a : Muzeum Saturn w Czeladzi ; 2020.<\/li>\n<li>Warownia Markovi Kuli : sprawozdanie z prac misji 1977-1983 \/ [red. Marek Bara\u0144ski, Tadeusz Sadowski]. \u2013 Warszawa : Wydawnictwa PKZ, 1985.<\/li>\n<li>Warownia Markovi Kuli : sprawozdanie z prac misji 1984-1988 \/ [red. Jan Gromnicki et al.] \u2013 Warszawa : Pracownie Konserwacji Zabytk\u00f3w, 1990.<\/li>\n<li>Wczesno\u015bredniowieczny gr\u00f3d i osada w Przytoku : stan. 1 i 2 : wyniki bada\u0144 archeologicznych i \u015brodowiskowych \/ pod red. Bart\u0142omieja Gruszki. \u2013 Zielona G\u00f3ra : Wydawnictwo Fundacji Archeologicznej, 2019.<\/li>\n<li>Wiadomo\u015bci Konserwatorskie : biuletyn Stowarzyszenia Konserwator\u00f3w Zabytk\u00f3w \/ [Stowarzyszenie Konserwator\u00f3w Zabytk\u00f3w. Zarz\u0105d G\u0142\u00f3wny ; zesp\u00f3\u0142 pod kier. J. Frycza i M. Konopki]. \u2013 [Warszawa] : SKZ ZG, 1985-.<\/li>\n<li>Wiadomo\u015bci Konserwatorskie Wojew\u00f3dztwa Lubelskiego\u00a0\/ [Oddzia\u0142 Wojew\u00f3dzki S\u0142u\u017cby Ochrony Zabytk\u00f3w w Lublinie ; zesp\u00f3\u0142 red. Halina Landecka przewodn.]. \u2013 Lublin : Oddzia\u0142 Wojew\u00f3dzki S\u0142u\u017cby Ochrony Zabytk\u00f3w, 1999-.<\/li>\n<li>Wiadomo\u015bci Konserwatorskie\u00a0: biuletyn Stowarzyszenia Konserwator\u00f3w Zabytk\u00f3w \/ [Stowarzyszenie Konserwator\u00f3w Zabytk\u00f3w. Zarz\u0105d G\u0142\u00f3wny ; zesp\u00f3\u0142 pod kier. J. Frycza i M. Konopki]. \u2013 [Warszawa] : SKZ ZG, 1985-.<\/li>\n<li>Wielkie Morawy\u00a0\/ [red. nauk. Pavel Kou\u0159il]. \u2013 Gniezno : Muzeum Pocz\u0105tk\u00f3w Pa\u0144stwa Polskiego ; Szczecin : Wydawnictwo Triglav, 2017.<\/li>\n<li>Wielkie murowanie : zamki w Polsce za Kazimierza Wielkiego \/ [red. nauk. Agnieszka Boche\u0144ska et al.] ; Zamek Kr\u00f3lewski w Warszawie \u2013 Muzeum. \u2013 Warszawa : Arx Regia O\u015brodek Wydawniczy Zamku Kr\u00f3lewskiego w Warszawie \u2013 Muzeum, 2019.<\/li>\n<li>Wikingowie w Polsce : zabytki skandynawskie z ziem polskich\u00a0\/ red. nauk. Micha\u0142 Bogacki, Andrzej Janowski, \u0141ukasz Kaczmarek. \u2013 Gniezno : Muzeum Pocz\u0105tk\u00f3w Pa\u0144stwa Polskiego ; Szczecin : Wydawnictwo Triglav, 2019.<\/li>\n<li>Wilczyce : stanowisko 10 : norma i precedens w rytuale pogrzebowym ma\u0142opolskiej kultury ceramiki sznurowej\u00a0\/ red. Piotr W\u0142odarczyk. \u2013 Krak\u00f3w ; Niepo\u0142omice : Stowarzyszenie Archeolog\u00f3w Terenowych \u201cStater\u201d ; P\u0119kowice : Wydawnictwo i Pracownia Archeologiczna PROFIL-ARCHEO, 2019.<\/li>\n<li>Willmann : opus magnum \/ pod red. Piotra Oszczanowskiego. \u2013 Wroc\u0142aw : Muzeum Narodowe, 2019.<\/li>\n<li>W\u0142adys\u0142aw Grabski (1924-1970) : dzia\u0142alno\u015b\u0107 architekta \u2013 badacza na Politechnice Krakowskiej\u00a0\/ Joanna Jadwiga Bia\u0142kiewicz. \u2013 Krak\u00f3w : Wydawnictwo PK, 2019.<\/li>\n<li>W\u0142ochy w Gda\u0144sku. T. 1, Eseje \/ pod red. nauk. Marcina Kaleci\u0144skiego. \u2013 Gda\u0144sk : Muzeum Narodowe, 2019.<\/li>\n<li>W\u0142ochy w Gda\u0144sku. T. 2, Katalog zabytk\u00f3w \/ pod red. nauk. Marcina Kaleci\u0144skiego. \u2013 Gda\u0144sk : Muzeum Narodowe, 2019.<\/li>\n<li>Wojciech Sadley : tkanina \u017cycia \/ Jacek Barszcz, Jaros\u0142aw Maciej Zawadzki. \u2013 Warszawa : Wydawnictwo Neriton : Akademia Sztuk Pi\u0119knych, 2019.<\/li>\n<li>Wojna trzydziestoletnia : po\u017car miasta w dniu 7 pa\u017adziernika 1635 r. : praca zbiorowa. T. 4 \/ pod red. Marcina Majewskiego ; Muzeum Archeologiczno-Historyczne w Stargardzie, Bogucki Wydawnictwo Naukowe. \u2013 Stargard : Muzeum w Stargardzie ; Pozna\u0144 : Bogucki Wydawnictwo Naukowe, 2019.<\/li>\n<li>Wok\u00f3\u0142 wawelskiego dworu Jagiellon\u00f3w : cztery studia o sztuce renesansowej\u00a0\/ Marcin Fabia\u0144ski ; opracowanie redakcyjne Tomasz Pasteczka. \u2013 Krak\u00f3w : Zamek Kr\u00f3lewski na Wawelu \u2013 Pa\u0144stwowe Zbiory Sztuki, 2020.<\/li>\n<li>Wok\u00f3\u0142 Wielkiej Synagogi w Gda\u0144sku : z dziej\u00f3w lokalnej spo\u0142eczno\u015bci \u017cydowskiej\u00a0\/ pod redakcj\u0105 Ewy Barylewskiej-Szyma\u0144skiej. \u2013 Gda\u0144sk : Muzeum Gda\u0144ska ; Warszawa : \u017bydowski Instytut Historyczny, 2019.<\/li>\n<li>World Heritage \/ UNESCO, INCAFO. \u2013 Madrid : INCAFO, Archivo fotografico, 1996-.<\/li>\n<li>Wp\u0142yw kultury arabskiej na sztuk\u0119 polsk\u0105 : rzemios\u0142o artystyczne, architektura i malarstwo\u00a0\/ redakcja naukowa Tadeusz Majda, Agata S. Nalborczyk. \u2013 Warszawa : Dialog, 2019.<\/li>\n<li>Wsp\u00f3\u0142czesno\u015b\u0107 i historia : medale, plakiety i \u017cetony z lat 1800-1889 : katalog zbior\u00f3w. T. 1 \/ Magdalena Karnicka. \u2013 Wroc\u0142aw : Muzeum Narodowe, 2019.<\/li>\n<li>Wsp\u00f3\u0142czesno\u015b\u0107 i historia : medale, plakiety i \u017cetony z lat 1800-1889 : katalog zbior\u00f3w. T. 2 \/ Magdalena Karnicka. \u2013 Wroc\u0142aw : Muzeum Narodowe, 2019.<\/li>\n<li>Wyrze\u017abiony Wroc\u0142aw : rze\u017abiarze wroc\u0142awscy pierwszej po\u0142owy XX wieku \/ pod red. Barbary Andruszkiewicz i Piotra Oszczanowskiego. \u2013 Wroc\u0142aw : Muzeum Narodowe, 2019.<\/li>\n<li>Wyspia\u0144ski : pos\u0142owie\u00a0\/ Magdalena Laskowska, \u0141ucja Skocze\u0144-R\u0105pa\u0142a. \u2013 Krak\u00f3w : Muzeum Narodowe w Krakowie, 2019.<\/li>\n<li>Wystawa, kt\u00f3rej nie by\u0142o\u2026 : Ignacy \u0141opie\u0144ski (1865-1941) : odnowiciel sztuki graficznej \/ koncepcja i opracowanie katalogu Piotr P. Czy\u017c. \u2013 Warszawa : Muzeum Narodowe w Warszawie, 2019.<\/li>\n<li>XIV-wieczne uk\u0142ady urbanistyczne w Ma\u0142opolsce i na Podkarpaciu : stan zachowania, ochrona i rewaloryzacja\u00a0\/ Dominika Ku\u015bnierz-Krupa. \u2013 Krak\u00f3w : Wydawnictwo PK, 2019.<\/li>\n<li>XVIII Sesja Pomorzoznawcza. Vol. 1, Od epoki kamienia do wczesnego \u015bredniowiecza \/ pod red. Ewy Fudzi\u0144skiej ; Muzeum Zamkowe w Malborku. \u2013 Malbork : Muzeum Zamkowe, 2013.<\/li>\n<li>XVIII Sesja Pomorzoznawcza. Vol. 2, Od p\u00f3\u017anego \u015bredniowiecza do czas\u00f3w nowo\u017cytnych \/ pod red. Ewy Fudzi\u0144skiej ; Muzeum Zamkowe w Malborku. \u2013 Malbork : Muzeum Zamkowe, 2013.<\/li>\n<li>XVIII-wieczne klasztory kapucy\u0144skie na Ukrainie \/ o. Patryk Remigiusz Jankiewicz. \u2013 Krak\u00f3w : Kustodia Ukrainy Zakonu Braci Mniejszych Kapucyn\u00f3w, 2014.<\/li>\n<li>XVIII-wieczne szafki k\u0105towe dekorowane lak\u0105 ze zbior\u00f3w Zamku Kr\u00f3lewskiego na Wawelu : historia, badania, konserwacja\u00a0\/ red. Ewa Wi\u0142koj\u0107, Joanna Winiewicz-Wolska. \u2013 Krak\u00f3w : Zamek Kr\u00f3lewski na Wawelu, 2019.<\/li>\n<li>XX Sesja Pomorzoznawcza \/ pod red. Ewy Trawickiej ; Muzeum Archeologiczne w Gda\u0144sku. \u2013 Gda\u0144sk : Muzeum Archeologiczne, 2018.<\/li>\n<li>Z problem\u00f3w architektury 1 po\u0142owy XX wieku\u00a0\/ redakcja Joanna Kucharzewska. \u2013 Warszawa : Polski Instytut Studi\u00f3w nad Sztuk\u0105 \u015awiata ; Toru\u0144 : Wydawnictwo Tako, 2019.<\/li>\n<li>Zabytek zadbany AD 2019\u00a0\/ [tekst Joanna Piotrowska]. \u2013 Warszawa : Narodowy Instytut Dziedzictwa, 2019.<\/li>\n<li>Zabytki ziemi \u0142om\u017cy\u0144skiej : 92 rysunki wraz z opisami zabytk\u00f3w. T. 1 \/ Jerzy Rudnicki. \u2013 Rajgr\u00f3d : Towarzystwo Mi\u0142o\u015bnik\u00f3w Rajgrodu, 1998.<\/li>\n<li>Zabytki ziemi \u0142om\u017cy\u0144skiej : historia miast i wsi, rysunki zabytk\u00f3w wraz z opisami, portrety i \u017cyciorysy os\u00f3b zas\u0142u\u017conych.\u00a0T. 2 \/ Jerzy Rudnicki. \u2013 Rajgr\u00f3d : Towarzystwo Mi\u0142o\u015bnik\u00f3w Rajgrodu, 2001.<\/li>\n<li>Zabytki ziemi \u0142om\u017cy\u0144skiej : historia miast i wsi, rysunki zabytk\u00f3w wraz z opisami, portrety i \u017cyciorysy os\u00f3b zas\u0142u\u017conych.\u00a0T. 3 \/ Jerzy Rudnicki. \u2013 Rajgr\u00f3d : Towarzystwo Mi\u0142o\u015bnik\u00f3w Rajgrodu, 2005.<\/li>\n<li>Zabytkowe parki dworskie i folwarczne Dorzecza Pars\u0119ty \/ Zbigniew Sobisz, Mariola Truchan, Zbigniew Osadowski. \u2013 S\u0142upsk : Wydawnictwo Naukowe Akademii Pomorskiej w S\u0142upsku, 2019.<\/li>\n<li>Zachodniopomorskie Wiadomo\u015bci Konserwatorskie \/ [Zachodniopomorski Wojew\u00f3dzki Konserwator Zabytk\u00f3w w Szczecinie ; red. Miros\u0142aw Op\u0119chowski]. \u2013 Szczecin : Zachodniopomorski Wojew\u00f3dzki Konserwator Zabytk\u00f3w, 2006-.<\/li>\n<li>Zag\u0142ada cmentarzy \u017cydowskich\u00a0\/ Krzysztof Bielawski \u2013 Warszawa : Wi\u0119\u017a, 2020.<\/li>\n<li>Zagro\u017cone dziedzictwo : polskie dobra kultury na Ukrainie i Bia\u0142orusi \/ Wojciech Kono\u0144czuk, wsp\u00f3\u0142praca: Piotr Kosiewski. \u2013 Warszawa : O\u015brodek Studi\u00f3w Wschodnich im. Marka Karpia, 2020.<\/li>\n<li>Zapomniane dziedzictwo : zbi\u00f3r odlew\u00f3w gipsowych Uniwersytetu Jagiello\u0144skiego\u00a0\/ Andrzej Betlej, Agata Dworzak, Piotr Jamski, R\u00f3\u017ca Ksi\u0105\u017cek-Czerwi\u0144ska, Magdalena Kuni\u0144ska, Jolanta Pollesch ; wsp\u00f3\u0142praca Julianna Karp, Bart\u0142omiej Makowiecki. \u2013 Krak\u00f3w : Towarzystwo Autor\u00f3w i Wydawc\u00f3w Prac Naukowych \u201cUniversitas\u201d, 2019.<\/li>\n<li>Zarz\u0105dzanie dziedzictwem kulturowym : wprowadzenie do problematyki\u00a0\/ Zbigniew Kobyli\u0144ski. \u2013 Warszawa : Wydawnictwo Naukowe UKSW, 2020.<\/li>\n<li>Zarz\u0105dzanie w turystyce kulturowej. T. 1, Konteksty, koncepcje, strategie \/ Armin Mikos von Rohrscheidt. \u2013 Pozna\u0144: Bogucki Wydawnictwo Naukowe : we wsp\u00f3\u0142pracy z Gnie\u017anie\u0144sk\u0105 Szko\u0142\u0105 Wy\u017csz\u0105 Milenium, 2020.<\/li>\n<li>Zarz\u0105dzanie w turystyce kulturowej. T. 2, Obszary, relacje, oferta \/ Armin Mikos von Rohrscheidt. \u2013 Pozna\u0144: Bogucki Wydawnictwo Naukowe : we wsp\u00f3\u0142pracy z Gnie\u017anie\u0144sk\u0105 Szko\u0142\u0105 Wy\u017csz\u0105 Milenium, 2020.<\/li>\n<li>Zasady wykonywania i przedstawiania studi\u00f3w, plan\u00f3w i projekt\u00f3w rewaloryzacji\u00a0\/ Olgierd Sawicki. \u2013 Warszawa : Wydawnictwa PKZ, 1990.<\/li>\n<li>Zeitschrift f\u00fcr Kunsttechnologie und Konservierung : mit den Mitteilungen des deutschen Restauratorenverbandes. \u2013 Worms : Wernersche, 1987-.<\/li>\n<li>\u017bu\u0142awka 13 gm. Wyrzysk : pozosta\u0142o\u015bci wielofazowego osadnictwa z epoki kamienia na terenie Wielkopolski\u00a0\/ pod redakcj\u0105 Katarzyny Py\u017cewicz. \u2013 Pozna\u0144 : Wydawnictwo Pozna\u0144skiego Towarzystwa Przyjaci\u00f3\u0142 Nauk, 2019.<\/li>\n<\/ol>\n<p>&nbsp;<\/p>\n<p>[\/et_pb_toggle][et_pb_toggle title=&#8221;2019&#8243; open_toggle_text_color=&#8221;#e52330&#8243; closed_toggle_text_color=&#8221;#000000&#8243; _builder_version=&#8221;4.16&#8243; _module_preset=&#8221;default&#8221; title_font=&#8221;|700|||||||&#8221; closed_title_font=&#8221;|700|||||||&#8221; custom_margin=&#8221;||10px|||&#8221; global_colors_info=&#8221;{}&#8221;]<\/p>\n<p><span style=\"color: #808080;\">liczba nowo\u015bci: 447<\/span><\/p>\n<p><strong><\/strong><\/p>\n<ol>\n<li>\u00a0100 Monuments of History: historic sites of particular importance in Poland \/ zesp\u00f3\u0142 red. El\u017cbieta Jagielska, Mariusz Czuba, Anna Hanaka, Anna Wawrzy\u0144czuk. &#8211; Warszawa: Narodowy Instytut Dziedzictwa, 2018.<\/li>\n<li>100 Pomnik\u00f3w Historii \/ zesp\u00f3\u0142 red. El\u017cbieta Jagielska, Mariusz Czuba, Anna Hanaka, Anna Wawrzy\u0144czuk. &#8211; Warszawa: Narodowy Instytut Dziedzictwa, 2018.<\/li>\n<li>11.11 1918: niepodleg\u0142o\u015b\u0107 i pami\u0119\u0107 w Europie \u015arodkowej \/ W\u0142odzimierz Borodziej, Maciej G\u00f3rny, Piotr Tadeusz Kwiatkowski. &#8211; Krak\u00f3w: Mi\u0119dzynarodowe Centrum Kultury, 2018.<\/li>\n<li>550 lat: dzieje radomskich bernardyn\u00f3w 1468-2018 \/ Micha\u0142 Krawczyk, Wojciech Stan. &#8211; Radom: Klasztor OO. Bernardyn\u00f3w, 2019.<\/li>\n<li>966: pami\u0119\u0107 w d\u0119bie zachowana \/ [red. Agnieszka Stempin]. &#8211; Pozna\u0144: Muzeum Archeologiczne, 2015.<\/li>\n<li>Adolf Rading: nieznane oblicze wroc\u0142awskiej awangardy \/ pod red. Jerzego Ilkosza i Beate St\u00f6rtkuhl. &#8211; Wroc\u0142aw: Muzeum Architektury: Oficyna Wydawnicza Politechniki Wroc\u0142awskiej, 2019.<\/li>\n<li>Album historyczny Pa\u0142acu Kreutz\u00f3w w Ko\u015bcielcu \/ Makary G\u00f3rzy\u0144ski. &#8211; Ko\u015bcielec: Stowarzyszenie na rzecz Pa\u0144stwowego Liceum Sztuk Plastycznych w Ko\u015bcielcu &#8220;W Ko\u0142o Sztuki&#8221;, 2019.<\/li>\n<li>Aleje Rac\u0142awickie 14: historia gmachu Katolickiego Uniwersytetu Lubelskiego \/ Aneta Kramiszewska. &#8211; Lublin: Wydawnictwo KUL: Towarzystwo Naukowe Katolickiego Uniwersytetu Lubelskiego, 2019.<\/li>\n<li>Allgemeines K\u00fcnstler-Lexikon: die Bildenden K\u00fcnstler aller Zeiten und V\u00f6lker. Bd. 104, Silvestrin &#8211; Somani \/ Hrsg. von Andreas Beyer, B\u00e9n\u00e9dicte Savoy, Wolf Tegethoff. &#8211; Berlin: de Gruyter, 2019.<\/li>\n<li>Allgemeines K\u00fcnstler-Lexikon: die Bildenden K\u00fcnstler aller Zeiten und V\u00f6lker. Bd. 105, Somar\u00e9 &#8211; Steenkamp \/ Hrsg. von Andreas Beyer, B\u00e9n\u00e9dicte Savoy, Wolf Tegethoff. &#8211; Berlin: de Gruyter, 2019.<\/li>\n<li>Allgemeines K\u00fcnstler-Lexikon: die Bildenden K\u00fcnstler aller Zeiten und V\u00f6lker. Bd. 107, Stuntz &#8211; Tandy \/ Hrsg. von Andreas Beyer, B\u00e9n\u00e9dicte Savoy, Wolf Tegethoff. &#8211; Berlin: de Gruyter, 2020.<\/li>\n<li>Allgemeines K\u00fcnstler-Lexikon: die Bildenden K\u00fcnstler aller Zeiten und V\u00f6lker. Bd. 106, Steenroet &#8211; Stundl \/ Hrsg. von Andreas Beyer, B\u00e9n\u00e9dicte Savoy, Wolf Tegethoff. &#8211; Berlin: de Gruyter, 2020.<\/li>\n<li>Andrzej Stanis\u0142aw Ciechanowiecki: kolekcjoner, marszand i mecenas \/ Magdalena Bia\u0142onowska. &#8211; Lublin: Towarzystwo Naukowe Katolickiego Uniwersytetu Lubelskiego Jana Paw\u0142a II, 2012.<\/li>\n<li>Anna Mitkowska, Maria \u0141uczy\u0144ska-Bruzda, Gerard Cio\u0142ek: katalog wystawy \/ [koordynator Katarzyna Hodor]. &#8211; Krak\u00f3w: Politechnika Krakowska, 2019.<\/li>\n<li>Archaeology for everyone: presenting archaeological heritage to the public in Poland \/ Roksana Chowaniec. &#8211; Warsaw: Instytut Archeologii UW, 2017.<\/li>\n<li>Archeologia masonerii. Cz. 1, Symbole wolnomularskie w dekoracjach architektonicznych toru\u0144skich kamienic \/ Marek Ko\u0142yszko. &#8211; Toru\u0144: Machina Druku, 2018.<\/li>\n<li>Architekt Antoni Dygat 1886-1949: \u017cycie pe\u0142ne wyzwa\u0144 \/ Tomasz Lachowski. &#8211; Warszawa: Polska Wytw\u00f3rnia Papier\u00f3w Warto\u015bciowych, 2019.<\/li>\n<li>Architektur und Kunst in der \u00c4ra des s\u00e4chsischen Ministers Heinrich Graf von Br\u00fchl (1738-1763) \/ Hrsg. Tomasz Torbus unter Mitarb. Markus H\u00f6rsch. &#8211; Ostfildern: Jan Thorbecke Verlag, 2014.<\/li>\n<li>Architektura &#8211; wizje niezrealizowane \/ Philip Wilkinson. &#8211; Pozna\u0144: Dom Wydawniczy Rebis, 2018.<\/li>\n<li>Architektura a sztuka \/ Tomasz Koz\u0142owski; Politechnika Krakowska im. Tadeusza Ko\u015bciuszki. &#8211; Krak\u00f3w: Wydawnictwo PK, 2018.<\/li>\n<li>Architektura niepodleg\u0142o\u015bci w Europie \u015arodkowej \/ [red. nauk. \u0141ukasz Galusek]. &#8211; Krak\u00f3w: Mi\u0119dzynarodowe Centrum Kultury, 2018.<\/li>\n<li>Architektura secesyjna w Lublinie \/ Hanna Bieniaszkiewicz. &#8211; Lublin: Towarzystwo Naukowe Katolickiego Uniwersytetu Lubelskiego Jana Paw\u0142a II, 2019.<\/li>\n<li>Architektura \u015bredniowieczna Pomorza Zachodniego \/ Jaros\u0142aw Jarzewicz. &#8211; Pozna\u0144: Wydawnictwo Naukowe Uniwersytetu im. Adama Mickiewicza, 2019.<\/li>\n<li>Architektura w mie\u015bcie, architektura dla miasta: przestrze\u0144 publiczna w miastach ziem polskich w &#8220;d\u0142ugim&#8221; dziewi\u0119tnastym wieku \/ red. nauk. Aleksander \u0141upienko, Agnieszka Zab\u0142ocka-Kos. &#8211; Warszawa: Instytut Historii PAN, 2019.<\/li>\n<li>Architektura w pocz\u0105tkach pa\u0144stw Europy \u015arodkowej \/ [red. Tomasz Janiak, Dariusz Stryniak]. &#8211; Gda\u0144sk: Muzeum Pocz\u0105tk\u00f3w Pa\u0144stwa Polskiego, 2018.<\/li>\n<li>Architektura XX wieku, jej ochrona i konserwacja w Gdyni i w Europie \/ [red. Maria Jolanta So\u0142tysik, Robert Hirsch]. &#8211; Gdynia: Urz\u0105d Miasta, 2018.<\/li>\n<li>Architektura zespo\u0142u Politechniki Gda\u0144skiej 1904-2018 \/ Jakub Szczepa\u0144ski. &#8211; Gda\u0144sk: Fundacja Terytoria Ksi\u0105\u017cki, 2019.<\/li>\n<li>Archiwa, Biblioteki i Muzea Ko\u015bcielne: organ O\u015brodka Archiw\u00f3w, Bibliotek i Muze\u00f3w Ko\u015bcielnych przy Katolickim Uniwersytecie Lubelskim = Archiva, Bibliothecae et Musea Ecclesiastica \/ red. Stanis\u0142aw Librowski. &#8211; Lublin: [s.n.], 1959-.<\/li>\n<li>Arcydzie\u0142a plastyki XIX i XX wieku w \u015bwi\u0105tyniach, rezydencjach i przestrzeni publicznej Mazowsza \/ pod red. Micha\u0142a Wardzy\u0144skiego. &#8211; Warszawa: Mazowiecki Instytut Kultury, 2019.<\/li>\n<li>Arensdorf &#8211; Jarnat\u00f3w \/ [B\u0142a\u017cej Skazi\u0144ski]. &#8211; Berlin: Freundeskreis Schl\u00f6sser und G\u00e4rten der Mark in der Deutschen Gesellschaft e.V., 2017.<\/li>\n<li>Artistic translations between fourteenth and sixteenth centuries: international seminar for young researchers: proceedings \/ [ed. by Zuzanna Sarnecka, Aleksandra Fedorowicz-Jackowska]. &#8211; Warsaw: Institute of Art History University of Warsaw; 2013.<\/li>\n<li>Artysta dla Niepodleg\u0142ej: Dunikowski i odnowa Wawelu \/ Agnieszka Janczyk. &#8211; Krak\u00f3w: Zamek Kr\u00f3lewski na Wawelu. Pa\u0144stwowe Zbiory Sztuki, 2018.<\/li>\n<li>Asian Buddhist heritage: conserving the sacred \/ ed. by Gamini Wijesuriya, Sujeong Lee. &#8211; Roma: ICCROM, 2017.<\/li>\n<li>Aspekty konserwatorskie i ekologiczne w ochronie krajobrazu. Cz. 1 \/ Agata Zachariasz, Katarzyna Hodor, Anna Steuer-Jurek. &#8211; Krak\u00f3w: Wydawnictwo PK, [2019].<\/li>\n<li>Aspekty konserwatorskie i ekologiczne w ochronie krajobrazu. Cz. 2 \/ Marzanna Jagie\u0142\u0142o, Jacek Chrz\u0105szczewski, Katarzyna \u0141akomy. &#8211; Krak\u00f3w: Wydawnictwo PK, [2019].<\/li>\n<li>Atanazy Raczy\u0144ski (1788-1874): biografia \/ Micha\u0142 Mencfel. &#8211; Pozna\u0144: Wydawnictwo Naukowe Uniwersytetu im. Adama Mickiewicza, 2016.<\/li>\n<li>Atrakcyjna narracja jako si\u0142a przyci\u0105gaj\u0105ca ruch turystyczny do dziedzictwa przemys\u0142owego. &#8211; Zabrze: Urz\u0105d Miejski, 2018.<\/li>\n<li>Autobusy z Sanoka 1950-2013 \/ Marek Kuc. &#8211; Wyd. 1, dodruk. &#8211; Warszawa: Wydawnictwa Komunikacji i \u0141\u0105czno\u015bci, 2018.<\/li>\n<li>Awers \/ rewers: architekt Bohdan Lachert \/ Katarzyna Uchowicz. &#8211; Wroc\u0142aw: Muzeum Architektury, 2018.<\/li>\n<li>Bacciarell\u00f3wka &#8211; pracownia i szko\u0142a artystyczna kr\u00f3la Stanis\u0142awa Augusta \/ Anita Chiron-Mrozowska. &#8211; Warszawa: Arx Regia O\u015brodek Wydawniczy Zamku Kr\u00f3lewskiego w Warszawie &#8211; Muzeum, 2018.<\/li>\n<li>Badania archeologiczne na G\u00f3rnym \u015al\u0105sku i ziemiach pogranicznych w 1995 roku \/ [red. t. Eugeniusz Tomczak]; \u015al\u0105skie Centrum Dziedzictwa Kulturowego w Katowicach. &#8211; Katowice: \u015al\u0105skie Centrum Dziedzictwa Kulturowego, 1998.<\/li>\n<li>Badania archeologiczne na G\u00f3rnym \u015al\u0105sku i ziemiach pogranicznych w 1996 roku \/ [red. t. Eugeniusz Tomczak]; \u015al\u0105skie Centrum Dziedzictwa Kulturowego w Katowicach. &#8211; Katowice: \u015al\u0105skie Centrum Dziedzictwa Kulturowego, 2000.<\/li>\n<li>Badania archeologiczne na G\u00f3rnym \u015al\u0105sku i ziemiach pogranicznych w 1997 roku \/ [red. t. Eugeniusz Tomczak]; \u015al\u0105skie Centrum Dziedzictwa Kulturowego w Katowicach. &#8211; Katowice: \u015al\u0105skie Centrum Dziedzictwa Kulturowego, 2000.<\/li>\n<li>Badania archeologiczne na G\u00f3rnym \u015al\u0105sku i ziemiach pogranicznych w 1998 roku \/ [red. t. Eugeniusz Tomczak]; \u015al\u0105skie Centrum Dziedzictwa Kulturowego w Katowicach. &#8211; Katowice: \u015al\u0105skie Centrum Dziedzictwa Kulturowego, 2001.<\/li>\n<li>Barbakany w Polsce \/ Bart\u0142omiej Grzegorz Sala. &#8211; Warszawa: Wydawnictwo CM, 2019.<\/li>\n<li>Bazylika w Strzegomiu: gotycki pomnik historii \/ Tomasz Miko\u0142ajczak. &#8211; Wroc\u0142aw: Oficyna Wydawnicza ATUT &#8211; Wroc\u0142awskie Wydawnictwo O\u015bwiatowe, 2018.<\/li>\n<li>Bild und Konfession im \u00f6stlichen Mitteleuropa \/ Hrsg. Maria Deiters und Evelin Wetter. &#8211; Ostfildern: Jan Thorbecke Verlag, 2013.<\/li>\n<li>Boris Dubovik: &#8220;Moj lubimyj staryj gorod!&#8221;: staryj Tallinn glazami ohranausego pamatniki ctariny \/ Anu Sejdla, Rijn Alatalu. &#8211; [Tallinn]: Eesti ICOMOS: Ajakool, 2019.<\/li>\n<li>Bracia \u0141opie\u0144scy: tytani warszawskiego br\u0105zownictwa: katalog wystawy \/ [red. i koncepcja katalogu Ma\u0142gorzata Mycielska]. &#8211; Warszawa: Muzeum Historyczne m.st. Warszawy, 2013.<\/li>\n<li>Bramy nieba: b\u00f3\u017cnice drewniane na ziemiach dawnej Rzeczypospolitej \/ Maria i Kazimierz Piechotkowie; Polski Instytut Studi\u00f3w nad Sztuk\u0105 \u015awiata, Muzeum Historii \u017byd\u00f3w Polskich POLIN. &#8211; Wyd. 2, zm. i popr. &#8211; Warszawa: Polski Instytut Studi\u00f3w nad Sztuk\u0105 \u015awiata: Muzeum Historii \u017byd\u00f3w Polskich POLIN, 2015.<\/li>\n<li>Bro\u0144 drzewcowa i obuchowa w zbiorach Muzeum Zamkowego w Malborku \/ Antoni Romuald Chody\u0144ski. &#8211; Malbork: Muzeum Zamkowe, 2019.<\/li>\n<li>Bro\u0144 drzewcowa i uzbrojenie ochronne z Ostrowa Lednickiego, Giecza i Grzybowa \/ red. Pawe\u0142 Sankiewicz, Andrzej M. Wyrwa; Muzeum Pierwszych Piast\u00f3w na Lednicy. &#8211; Lednica; Dziekanowice: Muzeum Pierwszych Piast\u00f3w na Lednicy, 2018.<\/li>\n<li>Brzeziny: dzieje miasta i regionu \/ praca zbiorowa pod red. Lubomiry Tyszler, Anny Marciniak-Kajzer, Marka Ol\u0119dzkiego. &#8211; Brzeziny; \u0141\u00f3d\u017a: Urz\u0105d Miasta Brzeziny [etc.], 2014.<\/li>\n<li>Bulletin van het Rijksmuseum. &#8211; Amsterdam: Rijks-Museum, 1953-.<\/li>\n<li>Bydgoszcz przemys\u0142owa: retro przewodnik &#8211; od warsztatu do fabryki \/ [koncepcja Bogna Derkowska-Kostkowska; wsp\u00f3\u0142pr. red. Krystian Strauss]. &#8211; Bydgoszcz: Kujawsko-Pomorskie Centrum Kultury, 2018.<\/li>\n<li>Bzura 1914-1915 \/ Mariusz Samborski, Jakub Wojewoda, Jacek Furma\u0144czyk, Micha\u0142 G\u00f3rny. &#8211; Sochaczew: Muzeum Ziemi Sochaczewskiej i Pola Bitwy nad Bzur\u0105, 2018.<\/li>\n<li>Che\u0142mskie Osiedle Dyrekcja i inne obiekty zabytkowe Che\u0142ma z okresu mi\u0119dzywojennego \/ [teksty Zbigniew Lubaszewski]. &#8211; Che\u0142m: Wydawnictwo Tawa Taurogi\u0144ski Waldemar, [2018].<\/li>\n<li>Che\u0142mskie Osiedle Dyrekcja i inne obiekty zabytkowe Che\u0142ma z okresu mi\u0119dzywojennego \/ [teksty Zbigniew Lubaszewski]. &#8211; Che\u0142m: Wydawnictwo Tawa Taurogi\u0144ski Waldemar, [2018].<\/li>\n<li>Ciechocinek: dzieje uzdrowiska \/ pod red. Szymona Kubiaka; W\u0142oc\u0142awskie Towarzystwo Naukowe. &#8211; W\u0142oc\u0142awek: Lega Oficyna Wydawnicza W\u0142oc\u0142awskiego Towarzystwa Naukowego, 2001.<\/li>\n<li>Cmentarz na Rossie w Wilnie: historia, sztuka, przyroda \/ pod red. Anny Sylwii Czy\u017c i Bart\u0142omieja Gutowskiego. &#8211; Warszawa: Narodowy Instytut Polskiego Dziedzictwa Kulturowego za Granic\u0105 POLONIKA; Krak\u00f3w: Towarzystwo Naukowe Societas Vistulana, 2019.<\/li>\n<li>Cmentarze wyznaniowe do 1945 roku w granicach wojew\u00f3dztwa lubuskiego. T. 6, Powiat kro\u015bnie\u0144ski, Gmina Gubin (Bie\u017cyce-Luboszyce) \/ Robert Romuald Kufel. &#8211; Zielona G\u00f3ra: Agencja Wydawnicza &#8220;PDN&#8221;, 2017.<\/li>\n<li>Cmentarze wyznaniowe do 1945 roku w granicach wojew\u00f3dztwa lubuskiego. T. 7, Powiat kro\u015bnie\u0144ski, Gmina Gubin (\u0141azy-\u017bytowa\u0144) \/ Robert Romuald Kufel. &#8211; Zielona G\u00f3ra: Agencja Wydawnicza &#8220;PDN&#8221;, 2017.<\/li>\n<li>Cmentarze wyznaniowe do 1945 roku w granicach wojew\u00f3dztwa lubuskiego. T. 8, Powiat kro\u015bnie\u0144ski, gminy Krosno Odrza\u0144skie i Maszewo \/ Robert Romuald Kufel. &#8211; Zielona G\u00f3ra: Agencja Wydawnicza &#8220;PDN&#8221;, 2018.<\/li>\n<li>Cmentarze wyznaniowe do 1945 roku w granicach wojew\u00f3dztwa lubuskiego. T. 9, Powiat wschowski, miasto i gmina Wschowa \/ Robert Romuald Kufel. &#8211; Zielona G\u00f3ra: Agencja Wydawnicza &#8220;PDN&#8221;, 2019.<\/li>\n<li>Cmentarze wyznaniowe do 1945 roku w granicach wojew\u00f3dztwa lubuskiego. T. 2, Powiat zielonog\u00f3rski, Gminy Czerwie\u0144sk i Nowogr\u00f3d Bobrza\u0144ski \/ Robert Romuald Kufel. &#8211; Zielona G\u00f3ra: Agencja Wydawnicza &#8220;PDN&#8221;, 2013.<\/li>\n<li>Cmentarze wyznaniowe do 1945 roku w granicach wojew\u00f3dztwa lubuskiego. T. 3, Powiat zielonog\u00f3rski, Gminy Kargowa, Sulech\u00f3w i Trzebiech\u00f3w \/ Robert Romuald Kufel. &#8211; Zielona G\u00f3ra: Agencja Wydawnicza &#8220;PDN&#8221;, 2014.<\/li>\n<li>Cmentarze wyznaniowe do 1945 roku w granicach wojew\u00f3dztwa lubuskiego. T. 10, Powiat wschowski, Gminy S\u0142awa i Szlichtyngowa \/ Robert Romuald Kufel. &#8211; Zielona G\u00f3ra: Agencja Wydawnicza &#8220;PDN&#8221;, 2019.<\/li>\n<li>Cmentarzysko wczesnej epoki \u017celaza w Domas\u0142awiu 10 \/ 11 \/ 12, powiat wroc\u0142awski. Tom 1, Katalog \/ Bogus\u0142aw Gediga, Anna J\u00f3zefowska; Fundacja Przyjaci\u00f3\u0142 Instytutu Archeologii Polskiej Akademii Nauk; Instytut Archeologii i Etnologii Polskiej Akademii Nauk. &#8211; Wroc\u0142aw: Instytut Archeologii i Etnologii Polskiej Akademii Nauk. O\u015brodek Bada\u0144 nad Kultur\u0105 P\u00f3\u017anego Antyku, 2018.<\/li>\n<li>Cmentarzysko wczesnej epoki \u017celaza w Domas\u0142awiu 10 \/ 11 \/ 12, powiat wroc\u0142awski. Tom 2, Tablice, cz\u0119\u015b\u0107 1 \/ Bogus\u0142aw Gediga, Anna J\u00f3zefowska; Fundacja Przyjaci\u00f3\u0142 Instytutu Archeologii Polskiej Akademii Nauk; Instytut Archeologii i Etnologii Polskiej Akademii Nauk. &#8211; Wroc\u0142aw: Instytut Archeologii i Etnologii Polskiej Akademii Nauk. O\u015brodek Bada\u0144 nad Kultur\u0105 P\u00f3\u017anego Antyku, 2018.<\/li>\n<li>Cmentarzysko wczesnej epoki \u017celaza w Domas\u0142awiu 10 \/ 11 \/ 12, powiat wroc\u0142awski. Tom 3, Tablice, cz\u0119\u015b\u0107 2 \/ Bogus\u0142aw Gediga, Anna J\u00f3zefowska; Fundacja Przyjaci\u00f3\u0142 Instytutu Archeologii Polskiej Akademii Nauk; Instytut Archeologii i Etnologii Polskiej Akademii Nauk. &#8211; Wroc\u0142aw: Instytut Archeologii i Etnologii Polskiej Akademii Nauk. O\u015brodek Bada\u0144 nad Kultur\u0105 P\u00f3\u017anego Antyku, 2018.<\/li>\n<li>Czarn\u00f3wko, Fpl. 5: vor- und fr\u00fchgeschichtliche Gr\u00e4berfelder in Pommern. Teil 2, Acht Prunkgr\u00e4ber: Zeugnisse neuer Eliten im 2. Jh. n. Chr. im Ostseeraum \/ herausgegeben von Jacek Andrzejowski, Mariola Pruska und Jan Schuster; Muzeum w L\u0119borku, Fundacja Monumenta Archaeologica Barbarica, Pa\u0144stwowe Muzeum Archeologiczne w Warszawie. &#8211; L\u0119bork: Muzeum w L\u0119borku; Warszawa: Fundacja Monumenta Archaeologica Barbarica; Pa\u0144stwowe Muzeum Archeologiczne, 2018.<\/li>\n<li>Czarn\u00f3wko, stan. 5: cmentarzyska z p\u00f3\u017anej staro\u017cytno\u015bci na Pomorzu. Cz\u0119\u015b\u0107 2 \/ Osiem grob\u00f3w okaza\u0142ych: narodziny nowych elit w II wieku po Chr. w basenie Morza Ba\u0142tyckiego \/ Jan Schuster; pod red. Jacka Andrzejowskiego, marioli Pruskiej i Jana schustera; Muzeum w L\u0119borku, Fundacja Monumenta Archaeologica Barbarica; Pa\u0144stwowe Muzeum Archeologiczne w Warszawie. &#8211; L\u0119bork: Muzeum; Warszawa: Fundacja Monumenta Archaeologica Barbarica, 2018.<\/li>\n<li>Czas prze\u0142omu: sztuka awangardy w Europie \u015arodkowej 1908-1928 \/ red. Karel Srp, Lenka Byd\u017eovsk\u00e1. &#8211; Krak\u00f3w: Mi\u0119dzynarodowe Centrum Kultury; [Praga]: Arbor vitae societas, 2019.<\/li>\n<li>Czerwi\u0144sk \/ Janusz Nowi\u0144ski. &#8211; Warszawa: Towarzystwo Salezja\u0144skie, 2002.<\/li>\n<li>Damnica \/ Hannelore Schardin-Liedtke. &#8211; Szczecin: Fundacja Akademia Europejska Kulice-K\u00fclz, 2019.<\/li>\n<li>Daniela Chodowieckiego przypadki: rzecz o arty\u015bcie spe\u0142nionym z Gda\u0144skiem i Berlinem w tle \/ Kalina Zabuska. &#8211; Gda\u0144sk: Fundacja Terytoria Ksi\u0105\u017cki, 2018.<\/li>\n<li>Dary Ziemi w tworzeniu i promocji terytorialnych marek turystycznych. &#8211; Zabrze: Urz\u0105d Miejski, 2018.<\/li>\n<li>Dawne fortyfikacje dla turystyki, rekreacji i kultury \/ pod red. Lecha Nar\u0119bskiego. &#8211; Toru\u0144: Towarzystwo Opieki nad Zabytkami. Oddzia\u0142, 2018.<\/li>\n<li>Dawne osadnictwo Podlasia w \u015bwietle bada\u0144 ratowniczych prowadzonych w latach 1996 &#8211; 2000 na trasie gazoci\u0105gu jamalskiego \/ red. A. Buko, D. Krasnod\u0119bski, W. Szyma\u0144ski. &#8211; Warszawa: Fundacja Przyjaci\u00f3\u0142 Instytutu Archeologii i Etnologii Polskiej Akademii Nauk: Instytut Archeologii i Etnologii Polskiej Akademii Nauk, 2018.<\/li>\n<li>Dawniej: o ludziach i czasach w Markowej \/ Jacek Tejchma. &#8211; Wyd. 2. &#8211; Markowa: Wydawnictwo Szkolne OMEGA, 2017.<\/li>\n<li>D\u0105b: dzieje dzielnicy Katowic \/ Urszula Rzewiczok. &#8211; Wyd. 2 poszerz. i uzup. &#8211; Katowice: Muzeum Historii Katowic, 2014.<\/li>\n<li>De re nummaria: starodruki numizmatyczne w zbiorach Muzeum Narodowego w Krakowie \/ Agnieszka Perzanowska. &#8211; Krak\u00f3w: Muzeum Narodowe, 2018.<\/li>\n<li>Dehio-Handbuch der Kunstdenkm\u00e4ler in Polen: Schlesien \/ hrsg. von Ernst Badst\u00fcbner, Dietmar Popp, Andrzej Tomaszewski; bearb. von S\u0142awomir Brzezicki und Christine Nielsen unter Mitarb. von Grzegorz Grajewski und Dietmar Popp. &#8211; Berlin: Deutscher Kunstverlag; Warszawa: Krajowy O\u015brodek Bada\u0144 i Dokumentacji Zabytk\u00f3w, 2005.<\/li>\n<li>DenkMal: Zeitschrift f\u00fcr Denkmalpflege in Schleswig-Holstein. &#8211; Kiel: Landesamt f\u00fcr Denkmalpflege, Schleswig-Holstein, 1994-.<\/li>\n<li>Denkmalpflege in Sachsen: Mitteilungen des Landesamtes f\u00fcr Denkmalpflege Sachsen. &#8211; Drezno: Landesamt f\u00fcr Denkmalpflege Sachsen, 1992-.<\/li>\n<li>Depingere fast est: Sebastian Piskorski jako konceptor i prowizor \/ Micha\u0142 Kurzej. &#8211; Krak\u00f3w: Imedius Agencja Reklamowa, 2018.<\/li>\n<li>Detal architektoniczny warszawskiej Pragi 1850-1939 \/ pod red. Jadwigi Roguskiej. &#8211; Warszawa: Fundacja Hereditas, 2018.<\/li>\n<li>Diagnoza stanu ochrony historycznych struktur urbanistyczno-krajobrazowych powiatu pozna\u0144skiego na podstawie metody Historycznych Kod\u00f3w Przestrzennych i zapis\u00f3w miejscowych plan\u00f3w zagospodarowania przestrzennego \/ Pawe\u0142 Piotr Szumiga\u0142a. &#8211; Pozna\u0144: Wydawnictwo Uniwersytetu Przyrodniczego, 2019.<\/li>\n<li>Die Baugeschichte der Friedenskirche Jauer im Spiegel des bautechnischen Befundes sowie der schriftlichen und bildlichen Quellen: ein beitrag zur Entwicklung einer arteigenen Methode der bauhistorischen Erforschung von Fachwerkbauten. Bd. 1, Text \/ Ulrich Schaaf. &#8211; Toru\u0144: Wydawnictwo Naukowe Uniwersytetu Miko\u0142aja Kopernika, 2019.<\/li>\n<li>Die Baugeschichte der Friedenskirche Jauer im Spiegel des bautechnischen Befundes sowie der schriftlichen und bildlichen Quellen: ein beitrag zur Entwicklung einer arteigenen Methode der bauhistorischen Erforschung von Fachwerkbauten. Bd. 2, Abbildungen \/ Ulrich Schaaf. &#8211; Toru\u0144: Wydawnictwo Naukowe Uniwersytetu Miko\u0142aja Kopernika, 2019.<\/li>\n<li>Die Gartenkunst. &#8211; Worms am Rhein: Wernersche Verlagsgesellschaft, 1989-.<\/li>\n<li>Die T\u00fcrkenkriege im Spiegel der polnisch-litauischen Adelskultur: Kommemoration und Repr\u00e4sentation bei den \u017b\u00f3\u0142kiewski, Sobieski und Radziwi\u0142\u0142 \/ Sabine Jagodzinski. &#8211; Ostfildern: Jan Thorbecke Verlag, 2013.<\/li>\n<li>Dlaczego Duchamp nie czesa\u0142 si\u0119 z przedzia\u0142kiem? \/ Anna Markowska. &#8211; Krak\u00f3w: Towarzystwo Autor\u00f3w i Wydawc\u00f3w Prac Naukowych Universitas, 2019.<\/li>\n<li>Dobkowice, stanowiska 37 i 39, woj. podkarpackie: osady kultury mierzanowickiej na Podg\u00f3rzu Rzeszowskim \/ Pawe\u0142 Jarosz, Miros\u0142aw Mazurek, Anita Szczepanek; Fundacja Rzeszowskiego O\u015brodka Archeologicznego. &#8211; Rzesz\u00f3w: Oficyna Wydawnicza &#8220;Zimowit&#8221;, 2018.<\/li>\n<li>Domy dawnej s\u0142u\u017cby folwarcznej i ich znaczenie w kreowaniu wizerunku wsi po\u0142udniowej Wielkopolski \/ Renata Guba\u0144ska. &#8211; Wroc\u0142aw: Wydawnictwo Uniwersytetu Przyrodniczego, 2019.<\/li>\n<li>Domy i ich mieszka\u0144cy: w \u015bwietle bada\u0144 archeologiczno-architektonicznych przy ulicy \u015awi\u0119toja\u0144skiej 6-7 w Gda\u0144sku \/ autorzy Monika Badura et. al.; [red. Joanna D\u0105bal] \/ &#8211; Gda\u0144sk: Uniwersytet Gda\u0144ski; Muzeum Gda\u0144ska, 2018.<\/li>\n<li>Drewniana architektura cerkiewna Ma\u0142opolski \u015arodkowej. Z. 1, Powiat jaros\u0142awski \/ Wojciech Sobocki. &#8211; Br\u00f8ndby: Ator Tryk v\/K. Mazur, [ca1986].<\/li>\n<li>Drewniana architektura sakralna po\u0142udniowego Podlasia: (p\u00f3\u0142nocnej cz\u0119\u015bci wojew\u00f3dztwa lubelskiego) \/ Jan Mara\u015bkiewicz. &#8211; Bia\u0142a Podlaska: Jan Mara\u015bkiewicz, 2019.<\/li>\n<li>Driesen &#8211; Drezdenko \/ [B\u0142a\u017cej Skazi\u0144ski, Zbigniew Kubasik]. &#8211; Berlin: Freundeskreis Schl\u00f6sser und G\u00e4rten der Mark in der Deutschen Gesellschaft e.V., 2017.<\/li>\n<li>Drogi do Niepodleg\u0142o\u015bci: reminiscencje popowstaniowe \/ red. nauk. Tomasz Wolsza. &#8211; Warszawa: Wydawnictwo Neriton: Muzeum Historii Polski, 2018.<\/li>\n<li>Dwa o\u0142tarze: srebrne arcydzie\u0142a z wroc\u0142awskiej katedry \/ Jacek Witecki. &#8211; Wroc\u0142aw: Muzeum Narodowe, 2019.<\/li>\n<li>Dw\u00f3r rodziny Lutosta\u0144skich w Nieborzynie: symbol stulecia niepodleg\u0142o\u015bci ma\u0142ej ojczyzny \/ Ryszard G\u0142oszkowski. &#8211; Kleczew: [Miejsko-Gminna Biblioteka Publiczna], 2018.<\/li>\n<li>Dziecko i jego \u015bwiat: ubiory dzieci\u0119ce od XVII do XIX wieku \/ [red. nauk. Monika Janisz]. &#8211; [Warszawa]: Muzeum Pa\u0142acu Kr\u00f3la Jana III w Wilanowie, 2019.<\/li>\n<li>Dziedzictwo archeologiczne w Polsce: formy edukacji i popularyzacji \/ Roksana Chowaniec. &#8211; Warszawa: Instytut Archeologii Uniwersytet Warszawski, 2010.<\/li>\n<li>Dziedzictwo archeologiczne ziemi z\u0142otoryjskiej \/ Tomasz Stolarczyk, Mariusz \u0141esiuk. &#8211; Radziech\u00f3w: Fundacja Archeologiczna Archeo, 2015.<\/li>\n<li>Dziedzictwo franciszkan\u00f3w konwentualnych w Zamo\u015bciu: architektura, sztuka, historia \/ Ewa Lorentz. &#8211; Zamo\u015b\u0107: Parafia Rzymskokatolicka pw. Zwiastowania NMP OO. Franciszkan\u00f3w Konwentualnych, 2016.<\/li>\n<li>Dziedzictwo kulturowe cz\u0119stochowskiego: wierzenia, zwyczaje i obrz\u0119dy rodzinne \/ Barbara Pabian. &#8211; Wroc\u0142aw: Polskie Towarzystwo Ludoznawcze, 2005.<\/li>\n<li>Dziedzictwo kulturowe wa\u0142brzyskiego: wierzenia, zwyczaje i obrz\u0119dy rodzinne \/ Monika Bisek-Gr\u0105z. &#8211; Wroc\u0142aw: Polskie Towarzystwo Ludoznawcze, 2011.<\/li>\n<li>Dziennik 1887-1897 \/ Sokrates Starynkiewicz. &#8211; Warszawa: Muzeum Historyczne m.st. Warszawy, 2005.<\/li>\n<li>Endangered heritage: emergency evacuation of heritage collections \/ [Aparna Tandon]. &#8211; Roma: ICCROM; Paris: UNESCO, 2016.<\/li>\n<li>Estetyka ogrodu: mi\u0119dzy sztuk\u0105 a ekologi\u0105 \/ Mateusz Salwa. &#8211; \u0141\u00f3d\u017a: Wydawnictwo Przypis, 2016.<\/li>\n<li>Etnograficzne didaskalia: Muzeum Etnograficzne we Wroc\u0142awiu i kultura dolno\u015bl\u0105ska \/ [wprowadzenie El\u017cbieta Berendt]. &#8211; Wroc\u0142aw: Muzeum Narodowe, 2019.<\/li>\n<li>Europejska szko\u0142a hrabiego Zamoyskiego w Ko\u0142bieli \/ pod red. Andrzeja Kami\u0144skiego. &#8211; Ko\u0142biel: Gmina Ko\u0142biel, 2019.<\/li>\n<li>Fenomen miejsca: nekropola kurhanowa z neolitu, epoki br\u0105zu i wczesnego \u015bredniowiecza w Guciowie, pow. zamojski \/ Jacek G\u00f3rski, Anna Tyniec; z udzia\u0142em Janusza Budziszewskiego, et. al. &#8211; Krak\u00f3w: Muzeum Archeologiczne, 2018.<\/li>\n<li>First aid to cultural heritage in times of crisis. 1, Handbook \/ Aparna Tandon. &#8211; Roma: ICCROM; 2018.<\/li>\n<li>First aid to cultural heritage in times of crisis. 2, Toolkit \/ Aparna Tandon. &#8211; Roma: ICCROM; 2018.<\/li>\n<li>Folwarki Lubelszczyzny: historia rozwoju i zabudowy \/ Bart\u0142omiej Kwiatkowski. &#8211; Lublin: Politechnika Lubelska, 2012.<\/li>\n<li>Fotografie ruin: ruiny fotografii 1944-2014 \/ Magdalena Wr\u00f3blewska. &#8211; Warszawa: Muzeum Warszawy, 2014.<\/li>\n<li>French paintings from the 16th to 20th century in the collection of the National Museum in Warsaw: complete illustrated Catalogue Raisonn\u00e9 \/ Iwona Danielewicz; red. Antoni Ziemba, Anna Kie\u0142czewska. &#8211; Warsaw: The National Museum, 2019.<\/li>\n<li>Gabinety i ogrody: polskie nowo\u017cytne traktaty architektoniczne wobec kultury kolekcjonowania \/ Aleksandra Jak\u00f3bczyk-Gola. &#8211; Warszawa: Muzeum Historii Polski, 2019.<\/li>\n<li>Galeria Malarstwa i Rze\u017aby Polskiej od ko\u0144ca XVIII do pocz\u0105tku XXI wieku w Muzeum Okr\u0119gowym w Toruniu: katalog \/ Anna Kroplewska-Gajewska. &#8211; Toru\u0144: Muzeum Okr\u0119gowe, 2018.<\/li>\n<li>Galicja na j\u00f3zefi\u0144skiej mapie topograficznej: 1779-1783. T. 13, Cz. A, Sekcje 323-329, 344-350, 363-369, 380-386 \/ wyda\u0142 Zbigniew Budzy\u0144ski; przy wsp\u00f3\u0142pr. Bogus\u0142awa Dybasia, Zdzis\u0142awa Nogi i \u0141ukasza Walczego; Polska Akademia Nauk. Instytut Archeologii i Etnologii. Stacja Naukowa w Wiedniu, Uniwersytet Rzeszowski. Instytut Historii, Austriackie Archiwum Pa\u0144stwowe. &#8211; Krak\u00f3w: Wydawnictwo Towarzystwa Naukowego &#8220;Societas Vistulana&#8221;, 2018.<\/li>\n<li>Galicja na j\u00f3zefi\u0144skiej mapie topograficznej: 1779-1783. T. 13, Cz. B, Sekcje 323-329, 344-350, 363-369, 380-386 \/ wyda\u0142 Zbigniew Budzy\u0144ski; przy wsp\u00f3\u0142pr. Bogus\u0142awa Dybasia, Zdzis\u0142awa Nogi i \u0141ukasza Walczego; Polska Akademia Nauk. Instytut Archeologii i Etnologii. Stacja Naukowa w Wiedniu, Uniwersytet Rzeszowski. Instytut Historii, Austriackie Archiwum Pa\u0144stwowe. &#8211; [Krak\u00f3w: Wydawnictwo Towarzystwa Naukowego &#8220;Societas Vistulana&#8221;, 2018].<\/li>\n<li>Galicja na j\u00f3zefi\u0144skiej mapie topograficznej: 1779-1783. T. 13, Cz. C, Sekcje 323-329, 344-350, 363-369, 380-386 \/ wyda\u0142 Zbigniew Budzy\u0144ski; przy wsp\u00f3\u0142pr. Bogus\u0142awa Dybasia, Zdzis\u0142awa Nogi i \u0141ukasza Walczego; prze\u0142o\u017cy\u0142 na j\u0119zyk ukrai\u0144ki Oleh Dukh; Polska Akademia Nauk. Instytut Archeologii i Etnologii. Stacja Naukowa w Wiedniu, Uniwersytet Rzeszowski. Instytut Historii, Austriackie Archiwum Pa\u0144stwowe. &#8211; Krak\u00f3w: Wydawnictwo Towarzystwa Naukowego &#8220;Societas Vistulana&#8221;, 2018.<\/li>\n<li>Galicja na j\u00f3zefi\u0144skiej mapie topograficznej: 1779-1783. T. 7, Cz. A, Sekcje 151-159, 170-179, 190-200 \/ red. tomu Waldemar Bukowski, Bogus\u0142aw Dyba\u015b, Zdzis\u0142aw Noga; Polska Akademia Nauk. Instytut Archeologii i Etnologii. Instytut Historii imienia Tadeusza Manteuffla, Stacja Naukowa w Wiedniu, Uniwersytet Pedagogiczny w Krakowie. Instytut Historii i Archiwistyki, Austriackie Archiwum Pa\u0144stwowe. &#8211; Krak\u00f3w: Towarzystwo Naukowe Societas Vistulana; Warszawa: Instytut Archeologii i Etnologii PAN, 2017.<\/li>\n<li>Galicja na j\u00f3zefi\u0144skiej mapie topograficznej: 1779-1783. T. 7, Cz. B, Sekcje 151-159, 170-179, 190-200 \/ [red. Waldemar Bukowski, Bogus\u0142aw Dyba\u015b, Zdzis\u0142aw Noga; Polska Akademia Nauk. Instytut Archeologii i Etnologii, Instytut Historii imienia Tadeusza Manteuffla, Stacja Naukowa w Wiedniu, Uniwersytet Pedagogiczny w Krakowie. Instytut Historii, Austriackie Archiwum Pa\u0144stwowe]. &#8211; [Krak\u00f3w: Towarzystwo Naukowe Societas Vistulana; Warszawa: Instytut Archeologii i Etnologii Polskiej Akademii Nauk, 2017].<\/li>\n<li>Galicja na j\u00f3zefi\u0144skiej mapie topograficznej: 1779-1783. T. 7, Cz. C, Sekcje 151-159, 170-179, 190-200 \/ red. tomu Waldemar Bukowski, Bogus\u0142aw Dyba\u015b, Zdzis\u0142aw Noga; Polska Akademia Nauk. Instytut Archeologii i Etnologii, Instytut Historii imienia Tadeusza Manteuffla, Stacja Naukowa w Wiedniu, Uniwersytet Pedagogiczny w Krakowie. Instytut Historii, Austriackie Archiwum Pa\u0144stwowe. &#8211; Krak\u00f3w: Towarzystwo Naukowe Societas Vistulana; Warszawa: Instytut Archeologii i Etnologii Polskiej Akademii Nauk, 2017.<\/li>\n<li>Galicja na j\u00f3zefi\u0144skiej mapie topograficznej: 1779-1783. T. 9, Cz. A, Sekcje 206-210, 230-234, 256-260, 287-291 \/ wyda\u0142 Andrzej Janeczek; przy wsp\u00f3\u0142pr. Bogus\u0142awa Dybasia i \u0141ukasza Walczewskiego; Polska Akademia Nauk. Instytut Archeologii i Etnologii, Stacja Naukowa w Wiedniu, Austriackie Archiwum Pa\u0144stwowe. &#8211; Krak\u00f3w: Towarzystwo Naukowe Societas Vistulana; Warszawa: Instytut Archeologii i Etnologii PAN, 2017.<\/li>\n<li>Galicja na j\u00f3zefi\u0144skiej mapie topograficznej: 1779-1783. T. 9, Cz. B, Sekcje 206-210, 230-234, 256-260, 287-291 \/ [wyda\u0142 Andrzej Janeczek; przy wsp\u00f3\u0142pr. Bogus\u0142awa Dybasia i \u0141ukasza Walczewskiego; Polska Akademia Nauk. Instytut Archeologii i Etnologii, Stacja Naukowa w Wiedniu, Austriackie Archiwum Pa\u0144stwowe]. &#8211; Krak\u00f3w: Towarzystwo Naukowe Societas Vistulana; Warszawa: Instytut Archeologii i Etnologii PAN, 2017.<\/li>\n<li>Galicja na j\u00f3zefi\u0144skiej mapie topograficznej: 1779-1783. T. 9, Cz. C, Sekcje 206-210, 230-234, 256-260, 287-291 \/ [wyda\u0142 Andrzej Janeczek; przy wsp\u00f3\u0142pr. Bogus\u0142awa Dybasia i \u0141ukasza Walczewskiego; Polska Akademia Nauk. Instytut Archeologii i Etnologii, Stacja Naukowa w Wiedniu, Austriackie Archiwum Pa\u0144stwowe]. &#8211; Krak\u00f3w: Towarzystwo Naukowe Societas Vistulana; Warszawa: Instytut Archeologii i Etnologii PAN, 2017.<\/li>\n<li>Gerard Cio\u0142ek i przyjaciele: kalendarium \u017cycia i pracy 25 pasterzy krajobrazu i zabytk\u00f3w. Cz. 1, 1841-1945 \/ Tadeusz Maciej Cio\u0142ek. &#8211; Krak\u00f3w: Wydawnictwo PK, 2019.<\/li>\n<li>Gerard Cio\u0142ek i przyjaciele: kalendarium \u017cycia i pracy 25 pasterzy krajobrazu i zabytk\u00f3w. Cz. 2, 1946-1991 \/ Tadeusz Maciej Cio\u0142ek. &#8211; Krak\u00f3w: Wydawnictwo PK, 2019.<\/li>\n<li>Giszowiec: monografia historyczna \/ Joanna Tofilska. &#8211; Katowice: Muzeum Historii Katowic, 2016.<\/li>\n<li>Glina: w obiektach zabytkowych &#8211; ochrona i konserwacja \/ pod red. Jacka Rulewicza. &#8211; Warszawa: Stowarzyszenie Konserwator\u00f3w Zabytk\u00f3w. Zarz\u0105d G\u0142\u00f3wny, 2019.<\/li>\n<li>Grody z okresu plemiennego na Lubelszczy\u017anie \/ praca zbiorowa pod red. Ewy Banasiewicz-Szyku\u0142y; Lubelski Wojew\u00f3dzki Konserwator Zabytk\u00f3w w Lublinie. &#8211; Lublin: Wojew\u00f3dzki Urz\u0105d Ochrony Zabytk\u00f3w, 2018.<\/li>\n<li>Grupa Krakowska 1932-1937 \/ pod red. Barbary Ilkosz. &#8211; Wroc\u0142aw: Muzeum Narodowe, 2018.<\/li>\n<li>Grupa Krakowska 1932-1937 \/ pod red. Barbary Ilkosz. &#8211; Wroc\u0142aw: Muzeum Narodowe, 2018.<\/li>\n<li>Halowe ko\u015bcio\u0142y z wieku XV i pierwszej po\u0142owy XVI na \u015al\u0105sku \/ Hanna Kozaczewska-Golasz, Hanny Golasz-Szo\u0142omickiej. &#8211; Wroc\u0142aw: Oficyna Wydawnicza Politechniki Wroc\u0142awskiej, 2018.<\/li>\n<li>Herbarz szlachty kaszubskiej. T. 4 \/ Przemys\u0142aw Pragert. &#8211; Gda\u0144sk: Wydawnictwo Oskar: Wydawnictwo BiT, Beata \u017bmuda-Trzebiatowska, 2015.<\/li>\n<li>Heritage and Society \/ ed. by Robert Kusek and Jacek Purchla. &#8211; Krak\u00f3w: International Cultural Centre, 2019.<\/li>\n<li>Historia sztuki na co dzie\u0144: studia z historii sztuki \/ [red. tomu Jaros\u0142aw Jarzewicz, Janusz Pazder]. &#8211; Warszawa: Stowarzyszenie Historyk\u00f3w Sztuki, 2018.<\/li>\n<li>Historic construction and conservation: materials, systems and damage \/ Pere Roca, Paulo B. Louren\u00e7o, Angelo Gaetani. &#8211; New York: London: Routledge Taylor &amp; Francis Group, 2019.<\/li>\n<li>Hodegetrie Krakowskie. [3], 1490-1550 \/ praca zbiorowa pod redakcj\u0105 Ma\u0142gorzaty Schuster-Gaw\u0142owskiej, Marty Lempart-Geratowskiej, Piotra \u0141opatkiewicza, Ma\u0142gorzaty Nowali\u0144skiej, Anny S\u0119kowskiej. &#8211; Krak\u00f3w: Wydawnictwo Akademii Sztuk Pi\u0119knych im. Jana Matejki, 2018.<\/li>\n<li>Holenderskie flizy na dawnych ziemiach polskich i o\u015bciennych. 1, Umywalnia na Zamku Wysokim w Malborku: jej historia i wystr\u00f3j \/ Piotr Oczko, Jan Pluis; przy wsp\u00f3\u0142pracy Artura Dobrego; Muzeum Zamkowe w Malborku. &#8211; Malbork: Muzeum Zamkowe, 2018.<\/li>\n<li>Holenderskie flizy na dawnych ziemiach polskich i o\u015bciennych. 2, Mody i wn\u0119trza \/ Piotr Oczko, Jan Pluis; przy wsp\u00f3\u0142pracy Artura Dobrego; Muzeum Zamkowe w Malborku. &#8211; Malbork: Muzeum Zamkowe, 2018.<\/li>\n<li>Hotel Bristol: na rogu historii i codzienno\u015bci \/ Faustyna Toeplitz-Cie\u015blak, Izabela \u017bukowska. &#8211; Warszawa: Wydawnictwo Arkady, 2018.<\/li>\n<li>I Sobieski a Roma: la famiglia reale polacca nella Citt\u00e0 Eterna \/ a cura di Julisz A. Chro\u015bcicki, Zuzanna Flisowska, Pawe\u0142 Migasiewicz. &#8211; Varsovia: Muzeum Pa\u0142acu Kr\u00f3la Jana III w Wilanowie, 2018.<\/li>\n<li>Ikonografia ulic \u015aw. Jana, Floria\u0144skiej i Pijarskiej oraz \u015brodkowych odcink\u00f3w ulic \u015aw. Tomasza i \u015aw. Marka w Krakowie \/ Iwona K\u0119der, Waldemar Komorowski, Barbara Zbroja, Agata Dworzak, Micha\u0142 Klinke. &#8211; Krak\u00f3w: Muzeum Narodowe, 2019.<\/li>\n<li>Ikony XIV-XVI wieku w Muzeum Narodowym w Krakowie. T. 1, Katalog \/ Miros\u0142aw Piotr Kruk. &#8211; Krak\u00f3w: Muzeum Narodowe, 2019.<\/li>\n<li>Ikony XIV-XVI wieku w Muzeum Narodowym w Krakowie. T. 2, Badania technologiczne \/ red. Miros\u0142aw Piotr Kruk. &#8211; Krak\u00f3w: Muzeum Narodowe, 2019.<\/li>\n<li>Ikony XIV-XVI wieku w Muzeum Narodowym w Krakowie. T. 3, Ilustracje \/ red. Miros\u0142aw Piotr Kruk. &#8211; Krak\u00f3w: Muzeum Narodowe, 2019.<\/li>\n<li>Ikony z kolekcji Muzeum Budownictwa Ludowego w Sanoku \/ Renata Kinga Jara. &#8211; Sanok: Muzeum Budownictwa Ludowego, 2016.<\/li>\n<li>Informator archeologiczny: badania 1967 r. \/ [red. Ewa Eberle, Marek Konopka, Halina Mackiewicz, Maria Marczak]; Ministerstwo Kultury i Sztuki. Zarz\u0105d Muze\u00f3w i Ochrony Zabytk\u00f3w; Polska Akademia Nauk. Instytut Historii Kultury Materialnej; Polskie Towarzystwo Archeologiczne. &#8211; Warszawa: &#8220;Tekst&#8221;, 1968.<\/li>\n<li>Informator archeologiczny: badania rok 1981 \/ [red. Lidia Eberle, Marek Konopka, Zofia Sulgostowska, Dorota Szlifirska-Woyda]; Ministerstwo Kultury i Sztuki. Zarz\u0105d Muze\u00f3w i Ochrony Zabytk\u00f3w; Generalny Konserwator Zabytk\u00f3w; P.P. Pracownie Konserwacji Zabytk\u00f3w; Polska Akademia Nauk. Instytut Historii Kultury Materialnej; Polskie Towarzystwo Archeologiczne i Numizmatyczne. &#8211; Warszawa: O\u015brodek Dokumentacji Zabytk\u00f3w, 1982.<\/li>\n<li>Informator o zasobie archiwum Zamku Kr\u00f3lewskiego w Warszawie &#8211; Muzeum \/ oprac. zbior. pod red. Beaty Gadomskiej. &#8211; Warszawa: Arx Regia O\u015brodek Wydawniczy Zamku Kr\u00f3lewskiego w Warszawie &#8211; Muzeum, 2018.<\/li>\n<li>Instrumentarium tradycyjne: wystawa ze zbior\u00f3w Muzeum Ludowych Instrument\u00f3w Muzycznych w Szyd\u0142owcu \/ [wprowadzenie Hanna Golla]. &#8211; Wroc\u0142aw: Muzeum Narodowe, 2019.<\/li>\n<li>International conference of Mining and Underground Museums: let&#8217;s meet and share our experiences! \/ [scientific ed. Jan God\u0142owski]; Cracow Saltworks Museum in Wieliczka. &#8211; Wieliczka: Muzeum \u017bup Krakowskich, 2018.<\/li>\n<li>Interpretacja dziedzictwa \/ Freeman Tilden; prze\u0142o\u017cy\u0142a Agnieszka Wilga. &#8211; Pozna\u0144: Centrum Turystyki Kulturowej TRAKT; [Warszawa]: Narodowy Instytut Dziedzictwa, 2019.<\/li>\n<li>Inwentaryzacja zabytk\u00f3w archeologicznych: aspekty prawne, praktyka i potrzeby: materia\u0142y z konferencji \/ red. Jan Gancarski. &#8211; Krosno: Muzeum Podkarpackie: Wydawnictwo Ruthenus, 2018.<\/li>\n<li>Jako\u015b\u0107 \u015brodowiska mieszkalnego a dziedzictwo kulturowe: na przyk\u0142adzie wybranych miast wojew\u00f3dztwa podkarpackiego \/ Justyna Kobylarczyk, Dominika Ku\u015bnierz-Krupa. &#8211; Krak\u00f3w: Wydawnictwo PK, 2018.<\/li>\n<li>Jan Bu\u0142hak: Wilno i Wile\u0144szczyzna w obrazach fotograficznych Jana Bu\u0142haka \/ [aut. Mariola Bali\u0144ska, Maciej Szymanowicz]. &#8211; Gda\u0144sk: Muzeum Narodowe, 2018.<\/li>\n<li>Jan\u00f3w Biskupi: miasto rezydencjonalne biskup\u00f3w \u0142uckich (1465-1796) i podlaskich (1818-1867) \/ Robert Miro\u0144czuk. &#8211; Krak\u00f3w: Towarzystwo Naukowe Societas Vistulana, 2018.<\/li>\n<li>Jatki mi\u0119sne w Gda\u0144sku od XIV do XX wieku \/ pod red. Aleksandry Pud\u0142o, Waldemara Ossowskiego, Ewy Trawickiej. &#8211; Gda\u0144sk: Muzeum Gda\u0144ska: Muzeum Archeologiczne, 2018.<\/li>\n<li>Joachima \u0141uszczewskiego plan i rejestr pomiarowy siedzib miasta Ciechanowa z 1851 roku \/ Grzegorz K\u0119sik. &#8211; Warszawa: Ciechan\u00f3w: Oficyna Wydawnicza ASPRA-JR, 2019.<\/li>\n<li>Journal of cultural heritage management and sustainable development. &#8211; Bingley: Emerald Group Publishing, 2011-.<\/li>\n<li>Journal of cultural heritage management and sustainable development. &#8211; Bingley: Emerald Group Publishing, 2011-.<\/li>\n<li>Journal of cultural heritage. &#8211; Paris: Elsevier, 1999-.<\/li>\n<li>Jurg\u00f3w: ko\u015bci\u00f3\u0142 \u015bwi\u0119tego Sebastiana \/ tekst Andrzej Skorupa; fot. Rafa\u0142 Monita. &#8211; Krak\u00f3w: Wydawnictwo Astraia, 2019.<\/li>\n<li>Katalog plan\u00f3w, pomiar\u00f3w i rysunk\u00f3w architektonicznych w zbiorach Instytutu Sztuki PAN. T. 3, Miejscowo\u015bci D-F. Cz. 1 \/ Piotr Sypczuk, Maria Szkur\u0142at; pod red. Piotra Laska i Wandy Mossakowskiej. &#8211; Warszawa: Instytut Sztuki Polskiej Akademii Nauk, 2018.<\/li>\n<li>Katalog rysunk\u00f3w architektonicznych dawnego Zarz\u0105du Odbudowy Zamku w Malborku (1817-1945) \/ Mariusz Mierzwi\u0144ski. &#8211; Malbork: Muzeum Zamkowe, 2019.<\/li>\n<li>Katalog tradycyjnego budownictwa w Muzeum &#8211; Kaszubskim Parku Etnograficznym we Wdzydzach \/ Tadeusz Sadkowski. &#8211; Wdzydze Kiszewskie: Muzeum &#8211; Kaszubski Park Etnograficzny im. Teodory i Izydora Gulgowskich, 2018.<\/li>\n<li>Katalog zabytk\u00f3w sztuki: wojew\u00f3dztwo lubelskie: powiat Radzy\u0144ski: [ilustracje] \/ red. i oprac. Katarzyna Kolendo-Korczakowa, Anna Ole\u0144ska, Marcin Zgli\u0144ski; dokumentacja fot. Piotr Jamski. &#8211; Warszawa: Instytut Sztuki Polskiej Akademii Nauk, 2019.<\/li>\n<li>Katalog zabytk\u00f3w sztuki: wojew\u00f3dztwo lubelskie: powiat Radzy\u0144ski: [teksty] \/ red. i oprac. Katarzyna Kolendo-Korczakowa, Anna Ole\u0144ska, Marcin Zgli\u0144ski. &#8211; Warszawa: Instytut Sztuki Polskiej Akademii Nauk, 2019.<\/li>\n<li>Katalog zabytk\u00f3w sztuki: wojew\u00f3dztwo podlaskie (bia\u0142ostockie): powiat bielski: [ilustracje] \/ red. Zbigniew Michalczyk, Dorota Piramidowicz, Katarzyna Uchowicz, Marcin Zgli\u0144ski; dokumentacja fot. Piotr Jamski. &#8211; Warszawa: Instytut Sztuki Polskiej Akademii Nauk, 2019.<\/li>\n<li>Katalog zabytk\u00f3w sztuki: wojew\u00f3dztwo podlaskie (bia\u0142ostockie): powiat bielski: [tekst] \/ red. Zbigniew Michalczyk, Dorota Piramidowicz, Katarzyna Uchowicz, Marcin Zgli\u0144ski; dokumentacja fot. Piotr Jamski. &#8211; Warszawa: Instytut Sztuki Polskiej Akademii Nauk, 2019.<\/li>\n<li>Kirkuty na \u015al\u0105sku Opolskim \/ Krzysztof Spycha\u0142a. &#8211; Opole: Narodowy Instytut Dziedzictwa, 2019.<\/li>\n<li>Kolegiata k\u00f3rnicka: od prywatnej \u015bwi\u0105tyni do romantycznego sejmu Rzeczypospolitej: monografia artystyczna \/ Jacek Kowalski; z fot. Miko\u0142aja Potockiego. &#8211; K\u00f3rnik: Fundacja Zak\u0142ady K\u00f3rnickie, 2007.<\/li>\n<li>Kolejowe budownictwo mieszkaniowe na \u015al\u0105sku i w Wielkopolsce \/ Dorota Bali\u0144ska-Ci\u0119\u017cki. &#8211; \u0141\u00f3d\u017a: Ksi\u0119\u017cy M\u0142yn Dom Wydawniczy Micha\u0142 Koli\u0144ski, 2018.<\/li>\n<li>Kolonie robotnicze w Zabrzu i ich mieszka\u0144cy: \u017cy\u0142o si\u0119 biednie, ale szcz\u0119\u015bliwie \/ pod red. Beaty Piechty-von Schagen i Miros\u0142awa W\u0119ckiego. &#8211; Zabrze: Muzeum G\u00f3rnictwa W\u0119glowego, 2017.<\/li>\n<li>Konserwacja zapobiegawcza \u015brodowiska. 7, Dziedzictwo techniki \/ pod red. Katarzyny Zdeb i Kamila Rabiegi. &#8211; Warszawa: Instytut Archeologii Uniwersytetu Kardyna\u0142a Stefana Wyszy\u0144skiego, 2018.<\/li>\n<li>Konteksty i modernizacje: studia z dziej\u00f3w architektury i urbanistyki w PRL \/ Piotr Marciniak. &#8211; Pozna\u0144: Wydawnictwo Politechniki Pozna\u0144skiej, 2018.<\/li>\n<li>Konwergencja zasob\u00f3w architektury lokalnej dla wsp\u00f3\u0142czesnych potrzeb na terenie Ma\u0142opolski \/ Wojciech Jan Chmielewski, Tomasz Kapecki; Politechnika Krakowska im. Tadeusza Ko\u015bciuszki. &#8211; Krak\u00f3w: Wydawnictwo PK, 2019.<\/li>\n<li>Ko\u015bcio\u0142y i klasztory rzymskokatolickie dawnego wojew\u00f3dztwa trockiego. T. 4, Ko\u015bcio\u0142y i klasztory Grodna (4) \/ oprac. Maria Ka\u0142amajska-Saed; Mi\u0119dzynarodowe Centrum Kultury w Krakowie. &#8211; Krak\u00f3w: Mi\u0119dzynarodowe Centrum Kultury, 2018.<\/li>\n<li>Ko\u015bcio\u0142y i parafie Diecezji Mazurskiej przesz\u0142o\u015b\u0107 i tera\u017aniejszo\u015b\u0107: historia ko\u015bcio\u0142\u00f3w i parafii ewangelickich w zarysie ze szczeg\u00f3lnym uwzgl\u0119dnieniem ich los\u00f3w po 1945 roku. T. 1 \/ Rudolf Ba\u017canowski. &#8211; Olsztyn: Mazurskie Towarzystwo Ewangelickie, 2019.<\/li>\n<li>Ko\u015bcio\u0142y i parafie Diecezji Mazurskiej przesz\u0142o\u015b\u0107 i tera\u017aniejszo\u015b\u0107: historia ko\u015bcio\u0142\u00f3w i parafii ewangelickich w zarysie ze szczeg\u00f3lnym uwzgl\u0119dnieniem ich los\u00f3w po 1945 roku. T. 2 \/ Rudolf Ba\u017canowski. &#8211; Olsztyn: Mazurskie Towarzystwo Ewangelickie, 2019.<\/li>\n<li>Ko\u015bcio\u0142y warszawskie rzymsko-katolickie opisane pod wzgl\u0119dem historycznym \/ przez Juljana Bartoszewicza; wizerunki ko\u015bcio\u0142\u00f3w i celniejsze z nich nagrobki rytowa\u0142 na drzewie Micha\u0142 Starkman. &#8211; Szczecin: Volumina.pl Daniel Krzanowski, 2015.<\/li>\n<li>Ko\u015bci\u00f3\u0142 pod wezwaniem \u015bw. Jana Chrzciciela w Mi\u0119dzyrzeczu: przewodnik \/ Grzegorz Paczkowski. &#8211; Mi\u0119dzyrzecz: Stowarzyszenie &#8220;\u015awi\u0119ty Jan Chrzciciel&#8221;, 2008.<\/li>\n<li>Ko\u015bci\u00f3\u0142 pw. \u015bwi\u0119tego Micha\u0142a Archanio\u0142a w Katowicach \/ Jacek Siebel. &#8211; Katowice: Muzeum Historii Katowic, 2018.<\/li>\n<li>Ko\u015bci\u00f3\u0142 w Maria\u0144skim Porzeczu: iluzjonistyczne malarstwo baroku: drewniany skarb Mazowsza \/ [Jan Krajewski]. &#8211; Maria\u0144skie Porzecze: Rzymsko-Katolicka Parafia Matki Boskiej Bolesnej, 2017.<\/li>\n<li>Kowno XX-XXI wiek: przewodnik architektoniczny \/ pod red. Juliji Reklait\u00e9. &#8211; [Warszawa]: Centrum Architektury; [Wilno]: we wsp\u00f3\u0142pracy z Litewskim Instytutem Kultury, 2017.<\/li>\n<li>Krajobraz przemijania: z dziej\u00f3w Lginia 1311-2011 \/ Dariusz Czwojdrak. &#8211; Wschowa: [Muzeum Ziemi Wschowskiej: Urz\u0105d Miasta i Gminy], 2011.<\/li>\n<li>Kronika sanktuarium \u015bw. Jakuba Starszego Aposto\u0142a w Jakubowie: Kronika Jakubowa, ko\u015bcio\u0142a i szko\u0142y \/ spisana przez Viktora Repetzkiego; [wst\u0119p Marek Robert G\u00f3rniak]. &#8211; Jakub\u00f3w: Zielona G\u00f3ra: Wydawnictwo Diecezji Zielonog\u00f3rsko-Gorzowskiej, 2010.<\/li>\n<li>Kronika zabytkomaniaka. T. 3 \/ Katarzyna Zarzycka. &#8211; Warszawa: Narodowy Instytut Dziedzictwa, 2019.<\/li>\n<li>Krosno, stan. 1, nekropola kultury wielbarskiej z obszaru staro\u017cytnego uj\u015bcia Wis\u0142y: materia\u0142y z bada\u0144 w latach 1980-2009 \/ Agnieszka Jarzec; pod red. Adama Cie\u015bli\u0144skiego; Instytut Archeologii Uniwersytetu Warszawskiego. Zak\u0142ad Archeologii Europy Staro\u017cytnej; Fundacja Przyjaci\u00f3\u0142 Instytutu Archeologii Uniwersytetu Warszawskiego. &#8211; Warszawa: Instytut Archeologii Uniwersytetu Warszawskiego: Fundacja Przyjaci\u00f3\u0142 Instytutu Archeologii Uniwersytetu Warszawskiego, 2018.<\/li>\n<li>Kr\u00f3l jedzie!: wizyty w\u0142adc\u00f3w polskich w Gda\u0144sku XV-XVIII w. T. 1, Eseje \/ pod red. Edmunda Kizika. &#8211; Gda\u0144sk: Muzeum Gda\u0144ska, 2018.<\/li>\n<li>Kr\u00f3l jedzie!: wizyty w\u0142adc\u00f3w polskich w Gda\u0144sku XV-XVIII w. T. 2, Katalog \/ pod red. Jacka Kriegseisena. &#8211; Gda\u0144sk: Muzeum Gda\u0144ska, 2018.<\/li>\n<li>Krzycz\u0105c: Polska!: niepodleg\u0142a 1918 \/ [red. nauk. Piotr Rypson]. &#8211; Warszawa: Muzeum Narodowe, 2018.<\/li>\n<li>Ksi\u0119ga klasztor\u00f3w ziemi che\u0142mi\u0144skiej w \u015bredniowieczu. T. 1, Che\u0142mno \/ Monika Jakubek-Raczkowska, Juliusz Raczkowski, Piotr Oli\u0144ski. &#8211; Toru\u0144: Wydawnictwo Naukowe Uniwersytetu Miko\u0142aja Kopernika: Towarzystwo Naukowe w Toruniu, 2019.<\/li>\n<li>Kuczbork-Osada: nekropola z pogranicza staro\u017cytnych \u015bwiat\u00f3w \/ Andrzej Szela. &#8211; Warszawa: Instytut Archeologii Uniwersytetu Warszawskiego, 2018.<\/li>\n<li>Kujawsko-pomorskie ko\u015bcio\u0142y ewangelickie dawniej i dzi\u015b \/ Piotr Birecki, Jaros\u0142aw K\u0142aczkow. &#8211; Toru\u0144: Machina Druku, 2018.<\/li>\n<li>Kultur- und Baugeschichte der s\u00e4chsischen Vieh- und Schlachth\u00f6fe \/ Ulrich H\u00fcbner. &#8211; Dresden: Sandstein Verlag, 2017.<\/li>\n<li>Kwiat kr\u00f3lestwa: archeolog\u00f3w polskich pokolenie trzecie \/ Stefan Karol Koz\u0142owski. &#8211; Warszawa: O\u015brodek Bada\u0144 nad Antykiem Europy Po\u0142udniowo-Wschodniej. Uniwersytet Warszawski; \u0141\u00f3d\u017a: Instytut Archeologii. Uniwersytet \u0141\u00f3dzki, 2015.<\/li>\n<li>L\u0103ca\u015furi din lemn: biserici de sat din S\u0103laj \/ [text Cristian Br\u0103c\u0103cescu]. &#8211; Bucure\u015fti: Igloo, 2015.<\/li>\n<li>Laquearia subter: dekoracja malarska \u017c\u00f3\u0142kiewskiej rezydencji kr\u00f3la Jana III i jej europejskie \u017ar\u00f3d\u0142a \/ Micha\u0142 Witkowski. &#8211; Warszawa: Muzeum Pa\u0142acu Kr\u00f3la Jana III w Wilanowie, 2018.<\/li>\n<li>Leonardo da Vinci: dzie\u0142a malarskie \/ Antonio Paolucci, Jerzy Mizio\u0142ek. &#8211; Warszawa: Muzeum Narodowe, 2019.<\/li>\n<li>Lubin: early medieval stronghold at the mouth of the Oder River \/ edited by Marian R\u0119bkowski. &#8211; Szczecin: Institute of Archaeology and Ethnology Polish Academy of Sciences, 2018.<\/li>\n<li>Lublin: przeobra\u017cenia urbanistyczne 1815-1939 \/ Natalia Przesmycka. &#8211; Lublin: Politechnika Lubelska, 2012.<\/li>\n<li>Ludowe tradycje: dziedzictwo kulturowe ludno\u015bci rodzimej w granicach wojew\u00f3dztwa \u015bl\u0105skiego \/ praca zbiorowa pod red. Barbary Bazielich. &#8211; Wroc\u0142aw: Polskie Towarzystwo Ludoznawcze; Katowice: Muzeum \u015al\u0105skie, 2009.<\/li>\n<li>Lwowskie \u015brodowisko artystyczne w XVIII wieku w \u015bwietle ksi\u0105g metrykalnych i s\u0105dowych \/ Agata Dworzak. &#8211; Krak\u00f3w: Wydawnictwo Attyka, 2018.<\/li>\n<li>\u0141aci\u0144skie inskrypcje w ko\u015bcio\u0142ach Gda\u0144ska: Katedra w Oliwie \/ Grzegorz Kot\u0142owski, El\u017cbieta Starek; zdj\u0119cia Lucyna Lewandowska. &#8211; Pelplin: Wydawnictwo Bernardinum, 2019.<\/li>\n<li>\u0141\u0119gonice Ma\u0142e, stan. II: cmentarzysko kultury przeworskiej nad Doln\u0105 Pilic\u0105 \/ Maria Kordowska, Katarzyna Kowalska; Pa\u0144stwowe Muzeum Archeologiczne w Warszawie, Fundacja Monumenta Archaeologica Barbarica. &#8211; Warszawa: Pa\u0144stwowe Muzeum Archeologiczne: Fundacja Monumenta Archaeologica Barbarica, 2018.<\/li>\n<li>\u0141uk\u00f3w: miasto powiatowe w woj. lubelskiem: monografja z 26 ilustracjami, jedn\u0105 tablic\u0105 barwn\u0105 i 3 planami miasta \/ Jan Stanis\u0142aw Majewski. &#8211; \u0141uk\u00f3w: \u0141ukowskie Towarzystwo Regionalne im. Jana St. Majewskiego, 2014.<\/li>\n<li>Maksymilian Gierymski (1846-1874): katalog dzie\u0142 zebranych \/ koncepcja merytoryczna i red. nauk. katalogu Aleksandra Krypczyk-De Barra. &#8211; Krak\u00f3w: Muzeum Narodowe, 2019.<\/li>\n<li>Mancherlei Gedanken \u00fcber die Art und Weise, G\u00e4rten anzulegen \/ Izabela Czartoryska, [Michael Niedermeier, Barbara Werner, Katrin Schulze, Adam S. Labuda]. &#8211; Weimar: VDG, 2018.<\/li>\n<li>Manifesty polskiej awangardy artystycznej: Formi\u015bci, Bunt, Jung Idysz: 1917-1922 \/ Ma\u0142gorzata Geron, Jerzy Malinowski. &#8211; Warszawa: Polski Instytut Studi\u00f3w nad Sztuk\u0105 \u015awiata; Toru\u0144: Wydawnictwo Tako, 2019.<\/li>\n<li>Materia\u0142y Muzeum Budownictwa Ludowego w Sanoku \/ [red.] Adam Fastnacht. &#8211; Sanok: Muzeum Budownictwa Ludowego, 1964-.<\/li>\n<li>Mauzoleum Marsza\u0142ka J\u00f3zefa Pi\u0142sudskiego na Wawelu w latach 1935-1989 \/ Pawe\u0142 Kajzar. &#8211; Krak\u00f3w: Archiwum i Biblioteka Krakowskiej Kapitu\u0142y Katedralnej, 2018.<\/li>\n<li>Max Fleischer i jego dzie\u0142o: historia \u017cydowskiego cmentarza i domu przedpogrzebowego w Gliwicach \/ [Bo\u017cena Kubit]. &#8211; Gliwice: Muzeum w Gliwicach, 2018.<\/li>\n<li>M\u0105dro\u015b\u0107 ludowa: dziedzictwo kulturowe \u015al\u0105ska Opolskiego \/ Dorota Simonides. &#8211; Wroc\u0142aw: Polskie Towarzystwo Ludoznawcze, 2007.<\/li>\n<li>Miasteczko naszych dziadk\u00f3w: przewodnik \/ Danuta Blin-Olbert. &#8211; Sanok: Muzeum Budownictwa Ludowego, 2018.<\/li>\n<li>Miasto i wojna: wp\u0142yw II wojny \u015bwiatowej na przekszta\u0142cenia struktury przestrzennej i wsp\u00f3\u0142czesn\u0105 kondycj\u0119 urbanistyczn\u0105 wybranych miast europejskich \/ Kinga Raco\u0144-Leja. &#8211; Krak\u00f3w: Wydawnictwo PK, 2019.<\/li>\n<li>Miasto w dzia\u0142aniu: Warszawska Sp\u00f3\u0142dzielnia Mieszkaniowa &#8211; dobro wsp\u00f3lne w epoce nowoczesnej \/ Magdalena Matysek-Imieli\u0144ska. &#8211; 462, [4] s.: fot. cz.-b.; 20 cm.<\/li>\n<li>Miejsca dla kultury i rozrywek: idee, architektura, ludzie \/ [red. nauk. Katarzyna Kluczwajd, Micha\u0142 Pszcz\u00f3\u0142kowski]. &#8211; Toru\u0144: Toru\u0144ski Oddzia\u0142 Stowarzyszenia Historyk\u00f3w Sztuki, 2019.<\/li>\n<li>Miejsca pami\u0119ci w przestrzeni miasta w XIX i XX wieku \/ [red. Lech \u0141bik, Krystian Strauss, Agnieszka Wysocka]. &#8211; Bydgoszcz: Kujawsko-Pomorskie Centrum Kultury, 2019.<\/li>\n<li>Mieszkanie w mie\u015bcie: Pozna\u0144 w kontek\u015bcie europejskich reform mieszkaniowo-urbanistycznych \/ Hanna Grzeszczuk-Brendel. &#8211; Pozna\u0144: Wydawnictwo Miejskie Posnania, 2018.<\/li>\n<li>Mi\u0119dzy obowi\u0105zkami, przywilejami a prawem Rzeczypospolitej XVI-XVIII wieku: spo\u0142ecze\u0144stwo w obronie pa\u0144stwa polsko-litewskiego \/ red. nauk. Anna Kalinowska, Adam Per\u0142akowski, Dariusz Rolnik, Filip Wola\u0144ski. &#8211; Warszawa: Arx Regia O\u015brodek Wydawniczy Zamku Kr\u00f3lewskiego w Warszawie &#8211; Muzeum, 2018.<\/li>\n<li>Migracje: sztuka p\u00f3\u017anogotycka na \u015al\u0105sku \/ [red. nauk. Agnieszka Pata\u0142a]. &#8211; Wroc\u0142aw: Muzeum Narodowe, 2018.<\/li>\n<li>Mistrz i Katarzyna: Hans von Kulmbach i jego dzie\u0142a dla Krakowa \/ red. Miros\u0142aw P. Kruk, Aleksandra Hola, Marek Walczak. &#8211; Krak\u00f3w: Muzeum Narodowe, 2018.<\/li>\n<li>Mistrz Rodziny Marii: dzie\u0142a malarstwa tablicowego jednego z krakowskich warsztat\u00f3w cechowych prze\u0142omu XV i XVI wieku \/ Jaros\u0142aw Adamowicz. &#8211; Krak\u00f3w: Wydawnictwo Akademii Sztuk Pi\u0119knych im. Jana Matejki, 2018.<\/li>\n<li>Modernistyczna architektura Krakowa: problemy konserwatorskie \/ zesp\u00f3\u0142 red. Jerzy Zbiegie\u0144, Katarzyna Biecuszek, Micha\u0142 Szko\u0142a. &#8211; Krak\u00f3w: Urz\u0105d Miasta Krakowa. Biuro Miejskiego Konserwatora Zabytk\u00f3w, 2017.<\/li>\n<li>Modernizm na \u015al\u0105sku 1900-1939: architektura i polityka \/ Beate St\u00f6rtkuhl. &#8211; Wroc\u0142aw: Muzeum Architektury, 2018.<\/li>\n<li>Modernizm w architekturze \u0141odzi XX wieku \/ Krzysztof Stefa\u0144ski, B\u0142a\u017cej Ciarkowski. &#8211; \u0141\u00f3d\u017a: Ksi\u0119\u017cy M\u0142yn Dom Wydawniczy Micha\u0142 Koli\u0144ski, 2018.<\/li>\n<li>Modernizm, sport, polityka: praktyki artystyczne wok\u00f3\u0142 Igrzysk IX Olimpiady w Amsterdamie i Spartakiad 1928 roku \/ Przemys\u0142aw Stro\u017cek. &#8211; Warszawa: Instytut Sztuki PAN, 2019.<\/li>\n<li>Mrowino, stanowisko 3: p\u00f3\u017any neolit nad \u015brodkow\u0105 Wart\u0105 \/ pod red. Marzeny Szmyt; Muzeum Archeologiczne w Poznaniu. &#8211; Pozna\u0144: Muzeum Archeologiczne, 2018.<\/li>\n<li>Muzeum bezpieczne \/ red. Hanna J\u0119dras, Pawe\u0142 Jaskanis. &#8211; Krak\u00f3w: Towarzystwo Autor\u00f3w i Wydawc\u00f3w Prac Naukowych Universitas; Warszawa: Muzeum Pa\u0142acu Kr\u00f3la Jana III w Wilanowie, 2018.<\/li>\n<li>Muzeum OdNowa: modernizacja kamienic Muzeum Warszawy 2015-2018 \/ zdj\u0119cia Marcin Czechowicz; wyb\u00f3r zdj\u0119\u0107 i tekst Joanna Dudelewicz. &#8211; Warszawa: Muzeum Warszawy, 2018.<\/li>\n<li>Muzeum Pa\u0142acu Kr\u00f3la Jana III w Wilanowie: przewodnik \/ [red. prowadz\u0105cy Dorota Folga-Januszewska, Pawe\u0142 Jaskanis]. &#8211; Warszawa: Muzeum Pa\u0142acu Kr\u00f3la Jana III w Wilanowie, 2019.<\/li>\n<li>My\u015blenie miastem: architektura Jana Zawiejskiego \/ Jacek Purchla, Marek \u015awidrak, Kamila Twardowska, Micha\u0142 Wi\u015bniewski. &#8211; Krak\u00f3w: Muzeum Historyczne Miasta Krakowa, 2018.<\/li>\n<li>Na jednej strunie Malczewski i S\u0142owacki: obrazy i rysunki ze zbior\u00f3w Muzeum Narodowego w Warszawie \/ [red. nauk. Anna Grochala, Piotr Kopszak]. &#8211; Warszawa: Muzeum Narodowe, 2019.<\/li>\n<li>Nad brzegami \u015awidra \/ praca zbiorowa pod red. Stanis\u0142awa Zaj\u0105ca. &#8211; Otwock: Brzegi Andriollego Fundacja Wspierania Kultury, 2019.<\/li>\n<li>Nadia konstruktorka: sztuka i komunizm Chodasiewicz-Grabowskiej-L\u00e9ger \/ Karolina Zychowicz. &#8211; Krak\u00f3w: Towarzystwo Autor\u00f3w i Wydawc\u00f3w Prac Naukowych Universitas, 2019.<\/li>\n<li>Najja\u015bniejszym: panegiryki i utwory pochwalne po\u015bwi\u0119cone kr\u00f3lom i kr\u00f3lowym polskim: w zbiorze starych druk\u00f3w Muzeum Narodowego w Krakowie \/ Agnieszka Perzanowska. &#8211; Krak\u00f3w: Muzeum Narodowe, 2018.<\/li>\n<li>Na\u0142\u0119cz\u00f3w: kszta\u0142towanie i rozw\u00f3j uzdrowiska \/ Natalia Przesmycka. &#8211; Lublin: Wydawnictwo Politechniki Lubelskiej, 2019.<\/li>\n<li>Natura i duchowo\u015b\u0107: Carl Borrom\u00e4us Ruthart (1630-1703) \/ [red. nauk. Lucia Arbace, Magdalena Mielnik]. &#8211; Gda\u0144sk: Muzeum Narodowe, 2019.<\/li>\n<li>Nekropolie ludno\u015bci kultury ceramiki sznurowej z III tysi\u0105clecia przed Chr. w Mirocinie na Wysoczy\u017anie Ka\u0144czuckiej \/ pod redakcj\u0105 P. Jarosza i J. Machnika i A. Szczepanek; Fundacja Rzeszowskiego O\u015brodka Archeologicznego; Instytut Archeologii Uniwersytetu Rzeszowskiego. &#8211; Rzesz\u00f3w: Oficyna Wydawnicza &#8220;Zimowit&#8221;, 2019.<\/li>\n<li>Nekropolie ludno\u015bci kultury ceramiki sznurowej z III tysi\u0105clecia przed Chr. w Szczytnej na Wysoczy\u017anie Ka\u0144czuckiej \/ pod redakcj\u0105 P. Jarosza i J. Machnika; Fundacja Rzeszowskiego O\u015brodka Archeologicznego. &#8211; Rzesz\u00f3w: Oficyna Wydawnicza &#8220;Zimowit&#8221;, 2017.<\/li>\n<li>Nieistniej\u0105ce, nieznane, niezwyk\u0142e: ko\u015bcio\u0142y Warszawy \/ Piotr Otr\u0119bski. &#8211; Warszawa: Agencja Wydawniczo-Reklamowa Skarpa Warszawska, 2019.<\/li>\n<li>Niepodleg\u0142o\u015b\u0107: wok\u00f3\u0142 my\u015bli historycznej J\u00f3zefa Pi\u0142sudskiego \/ Wac\u0142awa Milewska. &#8211; Krak\u00f3w: Muzeum Narodowe, 2018.<\/li>\n<li>Nieznana historia cmentarza z terenu Cytadeli Warszawskiej \/ pod red. Wojciecha Borkowskiego i Marzeny Zieleniewskiej-Kasprzyckiej. &#8211; Warszawa: Muzeum Wojska Polskiego, 2018.<\/li>\n<li>Nowe otwarcie dla turystyki: niematerialne dziedzictwo przemys\u0142owe. &#8211; Zabrze: Urz\u0105d Miejski, 2016.<\/li>\n<li>O ko\u015bciele \u015aw. Katarzyny prawie wszystko \/ Andrzej Januszajtis. &#8211; Gda\u0144sk: Wydawnictwo &#8220;Marpress&#8221;, 2018.<\/li>\n<li>O miejsce ksi\u0105\u017cki w historii sztuki. Cz. 2, Pa\u0144stwo i ko\u015bci\u00f3\u0142: w rocznic\u0119 chrztu Polski \/ red. Agnieszka Gronek.<\/li>\n<li>Obrazy mocne &#8211; obrazy s\u0142abe: studia z teorii i historii bada\u0144 nad sztuk\u0105 \/ red. nauk. \u0141ukasz Kiepuszewski, Stanis\u0142aw Czekalski, Mariusz Bryl; Uniwersytet im. Adama Mickiewicza w Poznaniu, Muzeum Narodowe w Poznaniu. &#8211; Pozna\u0144: Wydawnictwo Naukowe Uniwersytetu im. Adama Mickiewicza, 2018.<\/li>\n<li>Ochrona i konserwacja zabytkowych za\u0142o\u017ce\u0144 ogrodowych \/ Longin Majdecki, Anna Majdecka-Strze\u017cek. &#8211; Wyd. 2, zm. &#8211; Warszawa: Wydawnictwo Naukowe PWN, 2019.<\/li>\n<li>Od epoki kamienia do wsp\u00f3\u0142czesno\u015bci: badania archeologiczne w Redczu Krukowym na Kujawach. T. 1 \/ Piotr Papiernik, Dominik Kacper P\u0142aza. &#8211; \u0141\u00f3d\u017a: Fundacja Bada\u0144 Archeologicznych Imienia Profesora Konrada Ja\u017cd\u017cewskiego, 2018.<\/li>\n<li>Od epoki kamienia do wsp\u00f3\u0142czesno\u015bci: badania archeologiczne w Redczu Krukowym na Kujawach. T. 2 \/ Piotr Papiernik, Dominik Kacper P\u0142aza. &#8211; \u0141\u00f3d\u017a: Fundacja Bada\u0144 Archeologicznych Imienia Profesora Konrada Ja\u017cd\u017cewskiego, 2018.<\/li>\n<li>Od upadku do \u015bwietno\u015bci: dzieje zamku w Gniewie od po\u017caru w 1921 roku do czas\u00f3w wsp\u00f3\u0142czesnych \/ Krzysztof Halicki. &#8211; Gdynia: Wydawnictwo Region, 2019.<\/li>\n<li>Od wzlot\u00f3w ducha po \u015bwiat\u0142a rozumu: grafika francuska ze zbior\u00f3w Muzeum Narodowego w Szczecinie \/ Ewa Gwiazdowska. &#8211; Szczecin: Muzeum Narodowe, 2017.<\/li>\n<li>Odkrycie cmentarza przy ko\u015bciele \u015bw. Jerzego: glosy do historii \u015bredniowiecznego Gorzowa Wielkopolskiego \/ [red. Ma\u0142gorzata Pytlak, Gabriela Balcerzak]. &#8211; Gorz\u00f3w Wielkopolski: Muzeum Lubuskie im. Jana Dekerta, 2007.<\/li>\n<li>Odzyskana sto\u0142eczno\u015b\u0107: Warszawa 1915-1918 \/ pod red. Barbary Hensel-Moszczy\u0144skiej i Anny Topolskiej. &#8211; Warszawa: Muzeum Warszawy, 2018.<\/li>\n<li>Ogrody Larass\u00f3w: za\u0142o\u017cenia projekt\u00f3w dworsko-pa\u0142acowych na Warmii i Mazurach. &#8211; Dywity: Fundacja Moda na Warmi\u0119 i Mazury, 2017.<\/li>\n<li>Ogrody w tw\u00f3rczo\u015bci Edwarda Bartmana: wydanie specjalne z okazji 80. urodzin profesora \/ [red. zeszytu Marek Szuma\u0144ski]; Szko\u0142a G\u0142\u00f3wna Gospodarstwa Wiejskiego w Warszawie. Wydzia\u0142 Ogrodnictwa i Architektury Krajobrazu. Katedra Architektury Krajobrazu. &#8211; Warszawa: SGGW, 2009.<\/li>\n<li>O\u0142tarze ambonowe: interdyscyplinarne prace badawcze \/ pod red. Marty Kaluch-Tabisz. &#8211; Wroc\u0142aw: Agencja Wydawnicza ARGI, 2018.<\/li>\n<li>Organizacja \u017cycia na Zamku Krzy\u017cackim w Malborku w czasach Wielkich Mistrz\u00f3w: 1309-1457 \/ S\u0142awomir J\u00f3\u017awiak, Janusz Trupinda. &#8211; Wyd. 3, uzup. i popr. &#8211; Malbork: Muzeum Zamkowe, 2019.<\/li>\n<li>Oro\u0144sko &#8211; miejsce i ludzie \/ Tomasz Palacz. &#8211; Oro\u0144sko: Centrum Rze\u017aby Polskiej, 1997.<\/li>\n<li>Osiedle Montwi\u0142\u0142a-Mireckiego: opowie\u015b\u0107 mieszka\u0144c\u00f3w: przed wojn\u0105, wysiedlenia, powroty \/ Dorota Fornalska. &#8211; \u0141\u00f3d\u017a: Ksi\u0119\u017cy M\u0142yn Dom Wydawniczy Micha\u0142 Koli\u0144ski, 2018.<\/li>\n<li>\u00d6sterreichische Zeitschrift f\u00fcr Kunst und Denkmalpflege. &#8211; Wien: Anton Schroll, 1952-.<\/li>\n<li>Pa\u0142ace \u015bwi\u0119tokrzyskie: dzieje, atrakcje, sekrety: przewodnik \/ Rafa\u0142 Jurkowski. &#8211; Warszawa: Wydawnictwo CM, 2019.<\/li>\n<li>Pami\u0119\u0107 Ojczyzny: dzie\u0142a i druki ze zbior\u00f3w Muzeum Narodowego we Wroc\u0142awiu \/ Beata Stragierowicz. &#8211; Wroc\u0142aw: Muzeum Narodowe, 2018.<\/li>\n<li>Pami\u0119\u0107 pokole\u0144: tradycja kulturowa kresowian subregionu g\u0142ubczyckiego \/ Barbara G\u00f3rnicka-Naszkiewicz. &#8211; Wroc\u0142aw: Polskie Towarzystwo Ludoznawcze, 2018.<\/li>\n<li>Parafia \u015awi\u0119tych Aposto\u0142\u00f3w Piotra i Paw\u0142a w Ciechocinku \/ Katarzyna Hewner. &#8211; Ciechocinek: [Parafia Rzymsko-Katolicka \u015awi\u0119tych Piotra i Paw\u0142a], 2009.<\/li>\n<li>Paragone: rze\u017aba wobec awangardy \/ red. tomu El\u017cbieta B\u0142otnicka-Mazur, Lechos\u0142aw Lame\u0144ski, Marcin Pastwa; Katolicki Uniwersytet Lubelski Jana Paw\u0142a II. Instytut Historii Sztuki. Katedra Historii Sztuki Nowoczesnej i Wsp\u00f3\u0142czesnej. &#8211; Warszawa: Stowarzyszenie Historyk\u00f3w Sztuki; Lublin: Wydawnictwo KUL, 2018.<\/li>\n<li>Park im. J\u00f3zefa Pi\u0142sudskiego (Park Ludowy, Park na Zdrowiu) \/ pod red. Romualda Olaczka. &#8211; \u0141\u00f3d\u017a: Stowarzyszenie Film, Przyroda, Kultura, 2019.<\/li>\n<li>Park imienia Adama Mickiewicza (Park Julianowski) \/ pod red. Romualda Olaczka. &#8211; \u0141\u00f3d\u017a: Stowarzyszenie Film, Przyroda, Kultura, 2016.<\/li>\n<li>Piece i latryny: z bada\u0144 nad urz\u0105dzeniami ogniowymi i sanitarnymi w klasztorach Ma\u0142opolski \/ Anna Boj\u0119\u015b-Bia\u0142asik; Politechnika Krakowska im. Tadeusza Ko\u015bciuszki. &#8211; Krak\u00f3w: Politechnika Krakowska, 2018.<\/li>\n<li>Plac Targowy wczesno\u015bredniowiecznej osady w Ab\u00fb M\u00een\u00e2 \/ Jacek Ko\u015bciuk. &#8211; Wroc\u0142aw: Oficyna Wydawnicza Politechniki Wroc\u0142awskiej, 2019.<\/li>\n<li>Plac Wolno\u015bci we Wroc\u0142awiu: od placu musztry do forum kultury \/ Tomasz Kozubek. &#8211; Wroc\u0142aw: Muzeum Miejskie, 2019.<\/li>\n<li>Plan Warszawy 1825: plany miasta sto\u0142ecznego Warszawy Wymierzony przez Officer\u00f3w Korpusu In\u017cenier\u00f3w w latach 1818 i 1819 i litografowany przez tych\u017ce roku 1822: ze zbior\u00f3w kartograficznych Muzeum Warszawy \/ [ksi\u0105\u017cka] Henryk Bartoszewicz, Pawe\u0142 E. Weszpi\u0144ski; [oprac. planu] Witold Pietrusiewicz, Katarzyna Wagner, [oprac broszury] Katarzyna Wagner, Pawe\u0142 E. Weszpi\u0144ski, Korpus Oficer\u00f3w Wojskowych. &#8211; Warszawa: Muzeum Warszawy, 2017.<\/li>\n<li>Plan Warszawy 1955: plan dzielnic centralnych m.st. Warszawy: ze zbior\u00f3w kartograficznych Muzeum Warszawy \/ Andrzej Skalimowski, Pawe\u0142 E. Weszpi\u0144ski; Pa\u0144stwowe Przedsi\u0119biorstwo Wydawnictw Kartograficznych. &#8211; Warszawa: Muzeum Warszawy, 2018.<\/li>\n<li>Plebania z Ropy czyli z wizyt\u0105 u ksi\u0119dza plebana w sanockim skansenie \/ Renata Kinga Jara. &#8211; Sanok: Muzeum Budownictwa Ludowego, 2017.<\/li>\n<li>P\u0142ockie organy katedralne \/ Marcin Sadowski. &#8211; P\u0142ock: P\u0142ocki Instytut Wydawniczy, 2019.<\/li>\n<li>Pod Z\u0142otym S\u0142o\u0144cem, Rynek 6 we Wroc\u0142awiu: dom mieszczan, rezydencja w\u0142adc\u00f3w, arcydzie\u0142o architektury \/ Piotr Oszczanowski, Arkadiusz Dobrzyniecki. &#8211; Wroc\u0142aw: Zak\u0142ad Narodowy im. Ossoli\u0144skich, 2016.<\/li>\n<li>Polanki: podmiejskie rezydencje mieszczan gda\u0144skich \/ Marcin Gawlicki. &#8211; Gda\u0144sk: Fundacja Terytoria Ksi\u0105\u017cki, 2019.<\/li>\n<li>Polscy architekci krajobrazu: Jan Dominik Smogorzewski \/ Marek Szuma\u0144ski; Szko\u0142a G\u0142\u00f3wna Gospodarstwa Wiejskiego w Warszawie. Wydzia\u0142 Ogrodnictwa, Biotechnologii i Architektury Krajobrazu. Katedra Architektury Krajobrazu. &#8211; Warszawa: SGGW, 2018.<\/li>\n<li>Polscy i rosyjscy architekci w XIX i XX wieku \/ red. Jerzy Malinowski, Irina Gavrash, Agnieszka Pospiszil, Svitlana Levoshko. &#8211; Warszawa: Polski Instytut Studi\u00f3w nad Sztuk\u0105 \u015awiata; Toru\u0144: Wydawnictwo Tako, 2018.<\/li>\n<li>Polska polityka architektoniczna: polityka jako\u015bci krajobrazu, przestrzeni publicznej, architektury \/ aut. Piotr Andrzejewski, Andrzej Baranowski, Grzegorz Buczek, Andrzej Chwalib\u00f3g, Krzysztof Chwalib\u00f3g, Dariusz \u015amiechowski, Stefan Wojciechowski, Przemys\u0142aw Wolski; Polska Rada Architektury, Stowarzyszenie Architekt\u00f3w Polskich, Krajowa Rada Izby Architekt\u00f3w RP, Mazowiecka Okr\u0119gowa Izba Architekt\u00f3w. &#8211; Wyd. 3, rozwini\u0119cie temat\u00f3w. &#8211; Warszawa: Narodowe Centrum Kultury: SARP Stowarzyszenie Architekt\u00f3w Polskich, 2018.<\/li>\n<li>Polski biedermeier &#8211; romantyzm &#8220;udomowiony&#8221; \/ pod red. Agnieszki Rosales Rodriguez. &#8211; Warszawa: Wydawnictwo Neriton, 2019.<\/li>\n<li>Polski S\u0142ownik Biograficzny. T. 11\/2, z. 49, Je\u0142owicki Aleksander &#8211; Jundzi\u0142\u0142 Stanis\u0142aw Bonifacy \/ [red. nacz. Emanuel Rostworowski]; Polska Akademia Nauk. Instytut Historii. &#8211; Wroc\u0142aw: Zak\u0142ad Narodowy im. Ossoli\u0144skich; Warszawa: Instytut Historii PAN, 1965.<\/li>\n<li>Polski S\u0142ownik Biograficzny. T. 52\/3, z. 214, Tar\u0142o Stanis\u0142aw &#8211; Tarnowski Jan \/ [red. nacz. Andrzej Romanowski]; Polska Akademia Nauk, Polska Akademia Umiej\u0119tno\u015bci. &#8211; Warszawa: Instytut Historii PAN; Krak\u00f3w: Polska Akademia Umiej\u0119tno\u015bci, 2018.<\/li>\n<li>Polski S\u0142ownik Biograficzny. T. 52\/4, z. 215, Tarnowski Jan &#8211; Taube Jerzy \/ [red. nacz. Andrzej Romanowski]; Polska Akademia Nauk, Polska Akademia Umiej\u0119tno\u015bci. &#8211; Warszawa: Instytut Historii PAN; Krak\u00f3w: Polska Akademia Umiej\u0119tno\u015bci, 2019.<\/li>\n<li>Polskie kolekcjonerstwo rzemios\u0142a artystycznego \/ red. Magdalena Bia\u0142onowska, Monika Bryl, Anna Fr\u0105ckowska. &#8211; Warszawa: Stowarzyszenie Historyk\u00f3w Sztuki, 2018.<\/li>\n<li>Polskie przestrzenie kultury: wybrane zagadnienia \/ Mateusz Gyurkovich. &#8211; Krak\u00f3w: Wydawnictwo PK, 2019.<\/li>\n<li>Pomniki epigrafiki i heraldyki dawnej Rzeczypospolitej na Ukrainie. T. 5, Ziemia halicka dawnego wojew\u00f3dztwa ruskiego \/ pod red. Wojciecha Drelicharza; oprac. Agnieszka Biedrzycka; Instytut Historii im. Tadeusza Manteuffla Polskiej Akademii Nauk. &#8211; Krak\u00f3w: Wydawnictwo Towarzystwa Naukowego &#8220;Societas Vistulana&#8221;, 2018.<\/li>\n<li>Pomniki Historii: prezentacja wst\u0119pna \/ red. Marek Konopka; Ministerstwo Kultury i Sztuki. &#8211; Warszawa: [O\u015brodek Dokumentacji Zabytk\u00f3w], 1994.<\/li>\n<li>Porcelana mi\u015bnie\u0144ska w zbiorach Zamku Kr\u00f3lewskiego na Wawelu \/ Dorota Gabry\u015b. &#8211; Krak\u00f3w: Zamek Kr\u00f3lewski na Wawelu. Pa\u0144stwowe Zbiory Sztuki, 2019.<\/li>\n<li>Portrety kr\u00f3l\u00f3w i wybitnych polak\u00f3w: serie wydawnicze z lat 1820-1864 \/ Wojciech Przybyszewski. &#8211; Warszawa: Fundacja Hereditas, 2017.<\/li>\n<li>Powiat strzelecko-drezdenecki (do 1815 roku) \/ zebr. i oprac. Marceli Tureczek. &#8211; Toru\u0144: Wydawnictwo Adam Marsza\u0142ek, 2018.<\/li>\n<li>Powiat \u017caga\u0144ski (do 1815 roku) \/ zebr. i oprac. Joachim Zdrenka; przy wsp\u00f3\u0142pracy z Adamem G\u00f3rskim, Ryszardem Patorskim i Marcelim Tureczkiem. &#8211; Toru\u0144: Wydawnictwo Adam Marsza\u0142ek, 2019.<\/li>\n<li>Powiat \u017carski (do 1815 roku) \/ zebr. i oprac. Adam G\u00f3rski, Pawe\u0142 Karp. &#8211; Toru\u0144: Wydawnictwo Adam Marsza\u0142ek, 2019.<\/li>\n<li>Praktyczny patriotyzm w Toruniu 1918\/1920-2018: r\u00f3\u017cne ods\u0142ony niepodleg\u0142o\u015bci \/ [red. nauk. Katarzyna Kluczwajd, Micha\u0142 Pszcz\u00f3\u0142kowski]. &#8211; Toru\u0144: Toru\u0144ski Oddzia\u0142 Stowarzyszenia Historyk\u00f3w Sztuki, 2018.<\/li>\n<li>Proces kszta\u0142towania relacji z natur\u0105 w architekturze wsp\u00f3\u0142czesnej \/ Barbara Widera. &#8211; Wroc\u0142aw: Oficyna Wydawnicza Politechniki Wroc\u0142awskiej, 2018.<\/li>\n<li>Pr\u016fzkumy pam\u00e1tek = Denkmalforschung = Historical Monumets&#8217;. &#8211; Praha: Pam\u00e1tkov\u00fd \u00fastav st\u0159edn\u00edch \u010cech, 1994-.<\/li>\n<li>Przegl\u0105d dokumentacji zabytk\u00f3w: Warszawa &#8211; Mazowsze. Z. 2 \/ Eleonora Bergman, Jaros\u0142awa Szczepa\u0144ska; Sto\u0142eczna Pracownia Dokumentacji D\u00f3br Kultury. &#8211; Warszawa: Sto\u0142eczna Pracownia Dokumentacji D\u00f3br Kultury, 1990.<\/li>\n<li>Przemoc, konflikt, wojna \/ redaktorzy Maciej D\u0119biec, Sylwia J\u0119drzejewska. &#8211; Rzesz\u00f3w: Fundacja Rzeszowskiego O\u015brodka Archeologicznego: Oficyna Wydawnicza &#8220;Zimowit&#8221;, 2018.<\/li>\n<li>Przesz\u0142o\u015b\u0107 przysz\u0142o\u015bci: rola polskiego i ukrai\u0144skiego muzealnictwa w zachowaniu i dokumentowaniu dziedzictwa kulturowego pogranicza: materia\u0142y konferencji naukowej \/ koncepcja konf. i red. nauk. Piotr Kondraciuk. &#8211; Zamo\u015b\u0107: Muzeum Zamojskie, 2006.<\/li>\n<li>Przesz\u0142o\u015b\u0107 wpisana w kamie\u0144: obrz\u0119dowe i siedliskowe formy u\u017cytkowania stanowisk 9 i 10 w Grabkowie na Kujawach \/ pod red. Piotra Chachlikowskiego, Adriany Roma\u0144skiej. &#8211; Pozna\u0144: Instytut Archeologii Uniwersytetu im. Adama Mickiewicza, 2018.<\/li>\n<li>Przygotowanie wniosk\u00f3w o wpisanie na list\u0119 \u015bwiatowego dziedzictwa \/ [red. polskiej wersji j\u0119zykowej Anna Marconi-Betka, Barbara Furmanik]. &#8211; Warszawa: Narodowy Instytut Dziedzictwa, 2016.<\/li>\n<li>Pu\u0142awy-W\u0142ostowice: wielokulturowe stanowisko z zachodniej Lubelszczyzny \/ Barbara Niezabitowska-Wi\u015bniewska; z autorskim udzia\u0142em Monica Abreu-G\u0142owackiej et. al. &#8211; Lublin: Drukarnia Akapit, 2018.<\/li>\n<li>Radom-Wo\u015bniki, stanowisko 2, cmentarzysko kultury \u0142u\u017cyckiej w regionie radomskim \/ El\u017cbieta Ma\u0142gorzata K\u0142osi\u0144ska; analizy specjalistyczne: Marcin J. Biborski, Jerzy Libera, Barbara Mnich, Patrycja Nowakowska, Joanna Pi\u0105tkowska-Ma\u0142ecka, Anna Rauba-Bukowska, Grzegorz Skrzy\u0144ski, Karina Smoli\u0144ska, Krzysztof Szostek; Muzeum im. Jacka Malczewskiego w Radomiu, Wydawnictwo i Pracownia Archeologiczna Profil-Archeo. &#8211; Radom; P\u0119kowice: Wydawnictwo i Pracownia Archeologiczna PROFIL-ARCHEO, 2018.<\/li>\n<li>Raport o stanie zachowania zabytk\u00f3w nieruchomych w wojew\u00f3dztwie dolno\u015bl\u0105skim: zabytki wpisane do rejestru zabytk\u00f3w (ksi\u0119gi A i C) \/ red. nacz. Ma\u0142gorzata Rozbicka; red. prowadz\u0105cy Maciej Warcho\u0142; autorzy tekstu Grzegorz Grajewski, Bogna Oszczanowska, Donata Trenkler. &#8211; Warszawa: Narodowy Instytut Dziedzictwa, 2017.<\/li>\n<li>Raport o stanie zachowania zabytk\u00f3w nieruchomych w wojew\u00f3dztwie kujawsko-pomorskim: zabytki wpisane do rejestru zabytk\u00f3w (ksi\u0119gi A i C) \/ red. nacz. Ma\u0142gorzata Rozbicka; red. prowadz\u0105cy Maciej Warcho\u0142; autorzy tekstu Robert Kola, Leszek Kotlewski, Adam Paczuski. &#8211; Warszawa: Narodowy Instytut Dziedzictwa, 2017.<\/li>\n<li>Raport o stanie zachowania zabytk\u00f3w nieruchomych w wojew\u00f3dztwie lubelskim: zabytki wpisane do rejestru zabytk\u00f3w (ksi\u0119gi A i C) \/ red. nacz. Ma\u0142gorzata Rozbicka; red. prowadz\u0105cy Maciej Warcho\u0142; autorzy tekstu Jan Nied\u017awied\u017a, Ewa Prusicka, Bo\u017cena Stanek-Lebioda. &#8211; Warszawa: Narodowy Instytut Dziedzictwa, 2017.<\/li>\n<li>Raport o stanie zachowania zabytk\u00f3w nieruchomych w wojew\u00f3dztwie lubuskim: zabytki wpisane do rejestru zabytk\u00f3w (ksi\u0119gi A i C) \/ red. nacz. Ma\u0142gorzata Rozbicka; red. prowadz\u0105cy Maciej Warcho\u0142; autorzy tekstu Krzysztof Garbacz, Krzysztof S\u0142owi\u0144ski. &#8211; Warszawa: Narodowy Instytut Dziedzictwa, 2017.<\/li>\n<li>Raport o stanie zachowania zabytk\u00f3w nieruchomych w wojew\u00f3dztwie \u0142\u00f3dzkim: zabytki wpisane do rejestru zabytk\u00f3w (ksi\u0119gi A i C) \/ red. nacz. Ma\u0142gorzata Rozbicka; red. prowadz\u0105cy Maciej Warcho\u0142; autorzy tekstu Pawe\u0142 Filipowicz, Zbigniew Lechowicz, Agnieszka Lorenc-Karczewska, Anna Michalska, Patrycja Podgarbi, Jolanta Welc-J\u0119drzejewska, W\u0142odzimierz Witkowski, Agata W\u00f3jcik. &#8211; Warszawa: Narodowy Instytut Dziedzictwa, 2017.<\/li>\n<li>Raport o stanie zachowania zabytk\u00f3w nieruchomych w wojew\u00f3dztwie ma\u0142opolskim: zabytki wpisane do rejestru zabytk\u00f3w (ksi\u0119gi A i C) \/ red. nacz. Ma\u0142gorzata Rozbicka; red. prowadz\u0105cy Maciej Warcho\u0142; autorzy tekstu Andrzej Siwek, Olga Dyba, Roman Marcinek. &#8211; Warszawa: Narodowy Instytut Dziedzictwa, 2017.<\/li>\n<li>Raport o stanie zachowania zabytk\u00f3w nieruchomych w wojew\u00f3dztwie mazowieckim: zabytki wpisane do rejestru zabytk\u00f3w (ksi\u0119gi A i C) \/ red. nacz. Ma\u0142gorzata Rozbicka; red. prowadz\u0105cy Maciej Warcho\u0142; autorzy tekstu Anna Dymek, Katarzyna Kosior, Ma\u0142gorzata Laskowska-Adamowicz, Bart\u0142omiej Modrzewski, Alicja Suchecka, Jerzy Sza\u0142ygin, Micha\u0142 Seku\u0142a. &#8211; Warszawa: Narodowy Instytut Dziedzictwa, 2017.<\/li>\n<li>Raport o stanie zachowania zabytk\u00f3w nieruchomych w wojew\u00f3dztwie opolskim: zabytki wpisane do rejestru zabytk\u00f3w (ksi\u0119gi A i C) \/ red. nacz. Ma\u0142gorzata Rozbicka; red. prowadz\u0105cy Maciej Warcho\u0142; autorzy tekstu Ewa Kalbarczyk-Klak, Agnieszka Sa\u0142yga-Rzo\u0144ca, Marcin Sabaci\u0144ski. &#8211; Warszawa: Narodowy Instytut Dziedzictwa, 2017.<\/li>\n<li>Raport o stanie zachowania zabytk\u00f3w nieruchomych w wojew\u00f3dztwie podkarpackim: zabytki wpisane do rejestru zabytk\u00f3w (ksi\u0119gi A i C) \/ red. nacz. Ma\u0142gorzata Rozbicka; red. prowadz\u0105cy Maciej Warcho\u0142; autorzy tekstu Ryszard Kwolek, Anna Fortuna-Marek, Zbigniew Misiuk. &#8211; Warszawa: Narodowy Instytut Dziedzictwa, 2017.<\/li>\n<li>Raport o stanie zachowania zabytk\u00f3w nieruchomych w wojew\u00f3dztwie podlaskim: zabytki wpisane do rejestru zabytk\u00f3w (ksi\u0119gi A i C) \/ red. nacz. Ma\u0142gorzata Rozbicka; red. prowadz\u0105cy Maciej Warcho\u0142; autorzy tekstu Anna G\u00f3rska, Aneta Ku\u0142ak, Zbigniew Misiuk. &#8211; Warszawa: Narodowy Instytut Dziedzictwa, 2017.<\/li>\n<li>Raport o stanie zachowania zabytk\u00f3w nieruchomych w wojew\u00f3dztwie pomorskim: zabytki wpisane do rejestru zabytk\u00f3w (ksi\u0119gi A i C) \/ red. nacz. Ma\u0142gorzata Rozbicka; red. prowadz\u0105cy Maciej Warcho\u0142; autorzy tekstu Tomasz B\u0142yskosz, Krystyna Babinis, Beata Dygulska, Dorota Hryszkiewicz-Kahlau, Teofila Lebied\u017a-Gruda &#8211; Warszawa: Narodowy Instytut Dziedzictwa, 2017.<\/li>\n<li>Raport o stanie zachowania zabytk\u00f3w nieruchomych w wojew\u00f3dztwie \u015bl\u0105skim: zabytki wpisane do rejestru zabytk\u00f3w (ksi\u0119gi A i C) \/ red. nacz. Ma\u0142gorzata Rozbicka; red. prowadz\u0105cy Maciej Warcho\u0142; autorzy tekstu Agnieszka Olczyk, Micha\u0142 Bugaj, Agata Mucha. &#8211; Warszawa: Narodowy Instytut Dziedzictwa, 2017.<\/li>\n<li>Raport o stanie zachowania zabytk\u00f3w nieruchomych w wojew\u00f3dztwie \u015bwi\u0119tokrzyskim: zabytki wpisane do rejestru zabytk\u00f3w (ksi\u0119gi A i C) \/ red. nacz. Ma\u0142gorzata Rozbicka; red. prowadz\u0105cy Maciej Warcho\u0142; autorzy tekstu W\u0142odzimierz Pedrycz, Nina Gli\u0144ska, \u0141ukasz M\u0142ynarski, Joanna Rek. &#8211; Warszawa: Narodowy Instytut Dziedzictwa, 2017.<\/li>\n<li>Raport o stanie zachowania zabytk\u00f3w nieruchomych w wojew\u00f3dztwie warmi\u0144sko-mazurskim: zabytki wpisane do rejestru zabytk\u00f3w (ksi\u0119gi A i C) \/ red. nacz. Ma\u0142gorzata Rozbicka; red. prowadz\u0105cy Maciej Warcho\u0142; autorzy tekstu Iwona Li\u017cewska, Hanna Mackiewicz. &#8211; Warszawa: Narodowy Instytut Dziedzictwa, 2017.<\/li>\n<li>Raport o stanie zachowania zabytk\u00f3w nieruchomych w wojew\u00f3dztwie wielkopolskim: zabytki wpisane do rejestru zabytk\u00f3w (ksi\u0119gi A i C) \/ red. nacz. Ma\u0142gorzata Rozbicka; red. prowadz\u0105cy Maciej Warcho\u0142; autorzy tekstu Teresa Palacz, Tomasz \u0141uczak, Barbara Iwanicka-Pinkosz, Marek Wr\u00f3bel. &#8211; Warszawa: Narodowy Instytut Dziedzictwa, 2017.<\/li>\n<li>Raport o stanie zachowania zabytk\u00f3w nieruchomych w wojew\u00f3dztwie zachodniopomorskim: zabytki wpisane do rejestru zabytk\u00f3w (ksi\u0119gi A i C) \/ red. nacz. Ma\u0142gorzata Rozbicka; red. prowadz\u0105cy Maciej Warcho\u0142; autorzy tekstu Beata Makowska, Waldemar Witek, Jakub Wrzosek. &#8211; Warszawa: Narodowy Instytut Dziedzictwa, 2017.<\/li>\n<li>Raport roczny Narodowego Instytutu Dziedzictwa 2018 \/ oprac. Wioletta \u0141abuda-Iwaniak. &#8211; Warszawa: Narodowy Instytut Dziedzictwa, 2019.<\/li>\n<li>Raport. 13 \/ red. S\u0142awomir Kadrow. &#8211; Warszawa: Narodowy Instytut Dziedzictwa, 2018.<\/li>\n<li>Ratownicze badania archeologiczne na stanowisku 14-15 w Witowie, pow. \u0141\u0119czyca, woj. \u0142\u00f3dzkie (trasa autostrady A-1) \/ Lubomira Tyszler, Anna Nierychlewska. &#8211; \u0141\u00f3d\u017a: Fundacja Bada\u0144 Archeologicznych Imienia Profesora Konrada Ja\u017cd\u017cewskiego: Muzeum Archeologiczne i Etnograficzne, 2018.<\/li>\n<li>Recherches Archeologiques de&#8230; \/ L&#8217;Institut d&#8217;Archeologie Polonaise de l&#8217;Universit\u00e9 de Cracovie. &#8211; Krak\u00f3w: AGH, 1968-.<\/li>\n<li>Reformaci w miejscowo\u015bciach prowincji ma\u0142opolskiej od XVII do XVIII wieku i ich wp\u0142yw na kszta\u0142towanie krajobraz\u00f3w kulturowych \/ Katarzyna Hodor. &#8211; Krak\u00f3w: Wydawnictwo PK, 2019.<\/li>\n<li>Re-Konstruktionen: Stadt, Raum, Museum: Stadt, Raum, Museum: Beitr\u00e4ge der 23. Tagung des Arbeitskreises deutscher und polnischer Kunsthistoriker und Denkmalpfleger in Posen, 7.-10. Oktober 2015 \/ hrsg. von Piotr Korduba, Dietmar Popp; Uniwersytet im. Adama Mickiewicza w Poznaniu. Instytut Historii Sztuki, Instytut Sztuki Polskiej Akademii Nauk, Herder-Institut f\u00fcr historische Ostmitteleuropaforschung &#8211; Institut der Leibniz Gemeinschaft. &#8211; Warszawa: Instytut Sztuki Polskiej Akademii Nauk; Marburg: Herder-Institut, 2019.<\/li>\n<li>Residentiae tempore belli et pacis: materia\u0142y do bada\u0144 i ochrony za\u0142o\u017ce\u0144 rezydencjonalnych i obronnych \/ pod red. Piotra Laska i Piotra Sypczuka. &#8211; Warszawa: Instytut Sztuki Polskiej Akademii Nauk, 2019.<\/li>\n<li>Restauratorenbl\u00e4tter \/ [Hrsg. \u00d6sterreichische Sektion des IIC (International Institute for Historic and Artistic Works); Red. Manfred Koller und Rainer Prandtstetten]. &#8211; Klosterneuburg; Wien: Mayer &amp; Comp, 1979-.<\/li>\n<li>Restauro: Zeitschrift f\u00fcr Kunsttechniken, Restaurierung und Museumsfragen: Mitteilungen der IADA \/ [Red. Claus Grimm, Thomas Brachert, Gerd Brinkhus]. &#8211; M\u00fcnchen: Verlag Georg D. W. Callwey, 1988-.<\/li>\n<li>Revisiting authenticity in the Asian context \/ ed. by Gamini Wijesuriya, Jonathan Sweet. &#8211; Roma: ICCROM, 2018.<\/li>\n<li>Rok obrz\u0119dowy na Podlasiu \/ Artur Gawe\u0142. &#8211; Bia\u0142ystok: Muzeum Podlaskie, 2013.<\/li>\n<li>Rolka sztokholmska: skarb Zamku Kr\u00f3lewskiego w Warszawie \/ Marta Zda\u0144kowska. &#8211; Warszawa: Arx Regia O\u015brodek Wydawniczy Zamku Kr\u00f3lewskiego w Warszawie &#8211; Muzeum, 2019.<\/li>\n<li>Roman horsemen against Germanic tribes: the Rhineland frontier cavalry fighting styles 31 BC-AD 256 \/ Rados\u0142aw Andrzej Gawro\u0144ski. &#8211; Warsaw: Institute of Archaeology of the Cardinal Stefan Wyszy\u0144ski University, 2018.<\/li>\n<li>Rytm rozwoju miasta na kulturowym pograniczu: studium strefy placu Nowy Targ we Wroc\u0142awiu. Cz. 1 \/ red. Jerzy Piekalski, Krzysztof Wachowski; Uniwersytet Wroc\u0142awski. Instytut Archeologii. &#8211; Wroc\u0142aw: Uniwersytet Wroc\u0142awski. Instytut Archeologii, 2018.<\/li>\n<li>Rytm rozwoju miasta na kulturowym pograniczu: studium strefy placu Nowy Targ we Wroc\u0142awiu. Cz. 2 \/ redakcja Jerzy Piekalski, Krzysztof Wachowski; Uniwersytet Wroc\u0142awski. Instytut Archeologii. &#8211; Wroc\u0142aw: Uniwersytet Wroc\u0142awski. Instytut Archeologii, 2018.<\/li>\n<li>Rze\u017aba i ma\u0142a architektura w ogrodach wilanowskich \/ Agnieszka \u015awitek. &#8211; Warszawa: Muzeum Pa\u0142acu Kr\u00f3la Jana III w Wilanowie, 2019.<\/li>\n<li>Sacrum i postindustrializm: wschodnie wyspy odrza\u0144skie we Wroc\u0142awiu: historia zabudowy \/ Maria Zwierz. &#8211; Wroc\u0142aw: Muzeum Architektury, 2018.<\/li>\n<li>Sanktuarium J\u00f3zefa Pi\u0142sudskiego w Kielcach: mi\u0119dzy pami\u0119ci\u0105 a polityk\u0105 historyczn\u0105 II Rzeczypospolitej \/ Robert Kotowski, Lidia Michalska-Bracha. &#8211; Kielce: Muzeum Narodowe: Stowarzyszenie Zbiorowego Zarz\u0105dzania Prawami Autorskimi Tw\u00f3rc\u00f3w Dzie\u0142 Naukowych i Technicznych KOPIPOL, 2018.<\/li>\n<li>Sanktuarium Matki Boskiej Pocieszenia w Konradowie \/ Boles\u0142aw Dratwa. &#8211; Konradowo: [s.n.]; 1981.<\/li>\n<li>Secred space: contributions to the archeology of belief \/ ed. by Louis Daniel Nebelsick, Joanna Wawrzeniuk, Katarzyna Zeman-Wi\u015bniewska. &#8211; Warsaw: Institute of Archaeology of the Cardinal Stefan Wyszy\u0144ski University, 2018.<\/li>\n<li>Sierakowice: drewniany ko\u015bci\u00f3\u0142 \u015bwi\u0119tego Marcina \/ tekst Miros\u0142aw Kuczkowski; fot. Rafa\u0142 Monita. &#8211; Krak\u00f3w: Wydawnictwo Astraia, 2019.<\/li>\n<li>Sigalin: towarzysz odbudowy \/ Andrzej Skalimowski. &#8211; Wo\u0142owiec: Wydawnictwo Czarne, 2018.<\/li>\n<li>Skarbnica karpackiej wielokulturowo\u015bci \/ [tekst Jerzy Ginalski]; Muzeum Budownictwa Ludowego w Sanoku. &#8211; Sanok: Muzeum Budownictwa Ludowego, 2018.<\/li>\n<li>Skarby z dawnej zakrystii: zabytkowe szaty liturgiczne z Sanktuarium \u015bw. J\u00f3zefa w Kaliszu \/ Ewa Andrzejewska. &#8211; Kalisz: Muzeum Okr\u0119gowe Ziemi Kaliskiej, 2018.<\/li>\n<li>Skopie: miasto, architektura i sztuka solidarno\u015bci \/ red. nauk. \u0141ukasz Galusek. &#8211; Krak\u00f3w: Mi\u0119dzynarodowe Centrum Kultury, 2019.<\/li>\n<li>S\u0142ownik gwary i kultury Kujaw. T. 1, A-H \/ oprac. Zofia Sawaniewska-Mochowa, W\u0142odzimierz Moch. &#8211; Bydgoszcz: Wydawnictwo Uniwersytetu Kazimierza Wielkiego, 2917.<\/li>\n<li>S\u0142ownik termin\u00f3w u\u017cywanych w dawnych warsztatach z\u0142otniczych oraz wybranych termin\u00f3w pomocniczych w rozumieniu specyfiki warsztatu \/ Jacek A. Rochacki. &#8211; Warszawa: Beta Design, 2019.<\/li>\n<li>S\u0142u\u017cby konserwatorskie w dwudziestoleciu mi\u0119dzywojennym: narodziny, organizacja, dzia\u0142alno\u015b\u0107: w 100-lecie odzyskania niepodleg\u0142o\u015bci \/ [red. nauk. Karol Guttmejer]. &#8211; Warszawa: Miasto Sto\u0142eczne Warszawa, 2018.<\/li>\n<li>Sof\u00ed\u00efvka za tridc\u00e2t&#8217; p&#8217;\u00e2t&#8217; rok\u00ecv (1980-2015): zv\u00ecrnik naukovih i naukovo-popul\u00e2rnih prac&#8217; \/ I. S. Kosenko &#8211; Ki\u00efv: Palivoda, 2015.<\/li>\n<li>Sofiyivka: National Dendrological Park \/ Ivan Kosenko. &#8211; Ki\u00efv: Palivoda, 2016.<\/li>\n<li>Sokolnie galicyjskie: historia i stan obecny \/ Marzanna Rai\u0144ska. &#8211; Nowy S\u0105cz: Ma\u0142opolskie Centrum Kultury &#8220;Sok\u00f3\u0142&#8221;, 2018.<\/li>\n<li>Spacerownik: rosyjskimi \u015bladami po wojew\u00f3dztwie \u0142\u00f3dzkim \/ Joanna Podolska, Micha\u0142 Jagie\u0142\u0142o; fot. Tomasz Sta\u0144czak. &#8211; \u0141\u00f3d\u017a: Agora SA, 2012.<\/li>\n<li>Spis dokument\u00f3w parafialnych w zasobach Archiwum Diecezjalnego w P\u0142ocku \/ Dariusz Majewski. &#8211; P\u0142ock: P\u0142ocki Instytut Wydawniczy, 2011.<\/li>\n<li>Splendide vestitus: o znaczeniu ubior\u00f3w na kr\u00f3lewskim dworze Jagiellon\u00f3w w latach 1447-1572 \/ Maria Molenda. &#8211; Krak\u00f3w: Towarzystwo Naukowe Societas Vistulana, 2012.<\/li>\n<li>Srebra kaliskie XIX wieku w zbiorach Muzeum Okr\u0119gowego Ziemi Kaliskiej \/ Ewa Andrzejewska. &#8211; Kalisz: Muzeum Okr\u0119gowe Ziemi Kaliskiej, 2018.<\/li>\n<li>Stalowa Wola: miasto przesz\u0142o\u015bci &#8211; przysz\u0142o\u015b\u0107 miasta: dziedzictwo architektury przemys\u0142owej \/ red. nauk. El\u017cbieta Przesmycka. &#8211; Stalowa Wola: Muzeum Regionalne, 2018.<\/li>\n<li>Stan zachowania i trwa\u0142o\u015b\u0107 historycznych uk\u0142ad\u00f3w przestrzennych dawnych wsi i maj\u0105tk\u00f3w w strukturze Poznania \/ Agnieszka Wilkaniec. &#8211; Pozna\u0144: Wydawnictwo Uniwersytetu Przyrodniczego, 2018.<\/li>\n<li>Stanis\u0142awice, stan. 9 i 10, pow. boche\u0144ski: osady z okresu wp\u0142yw\u00f3w rzymskich i czas\u00f3w nowo\u017cytnych \/ red. Justyna Rodak. &#8211; Krak\u00f3w: Krakowski Zesp\u00f3\u0142 do Bada\u0144 Autostrad, 2018.<\/li>\n<li>Stare i nowe dziedzictwo Torunia, Bydgoszczy i regionu \/ pod red. Juliusza Raczkowskiego; przy wsp\u00f3\u0142pr. Moniki Jakubek-Raczkowskiej. &#8211; Toru\u0144: Wydzia\u0142 Sztuk Pi\u0119knych Uniwersytetu Miko\u0142aja Kopernika, 2018.<\/li>\n<li>Stare Przedmie\u015bcie \/ pod red. Janusza Dargacza i Katarzyny Kurkowskiej. &#8211; Gda\u0144sk: Muzeum Gda\u0144ska, 2019.<\/li>\n<li>Stolice wielkopolskiego protestantyzmu: Leszno i \u015amigiel: wsp\u00f3\u0142istnienie wyzna\u0144: dziedzictwo \/ pod red. nauk. Kamili Szyma\u0144skiej; Muzeum Okr\u0119gowe w Lesznie. &#8211; Leszno: Muzeum Okr\u0119gowe, 2018.<\/li>\n<li>Strzelce Kraje\u0144skie: Friedeberg (Neumark): historia jednego miasta \/ Grzegorz Grali\u0144ski. &#8211; Strzelce Kraje\u0144skie: Agencja Reklamowa Media Serwis, 2005.<\/li>\n<li>Studia o kulturze cerkiewnej w dawnej Rzeczypospolitej. T. 2 \/ red. Agnieszka Gronek, Alicja Z. Nowak. &#8211; Krak\u00f3w: Ksi\u0119garnia Akademicka, 2019.<\/li>\n<li>Studia z dziej\u00f3w sztuki polskiej w okresie baroku i rokoka \/ Piotr Bohdziewicz. &#8211; Lublin: Towarzystwo Naukowe Katolickiego Uniwersytetu Lubelskiego, 1973.<\/li>\n<li>Studia z historii sztuki i kultury wile\u0144skiej lat 1900-1945: (wyb\u00f3r tekst\u00f3w) \/ J\u00f3zef Poklewski; pod red. nauk. El\u017cbiety Pileckiej, Alicji Saar-Koz\u0142owskiej, Ma\u0142gorzaty Wawrzak. &#8211; Toru\u0144: Wydawnictwo Naukowe Uniwersytetu Miko\u0142aja Kopernika, 2019.<\/li>\n<li>Studium konserwatorsko-krajobrazowe dla dawnej cerkwi pw. \u015bw. Paraskewy w Kwiatoniu, cz\u0119\u015bci dobra \u015bwiatowego dziedzictwa UNESCO \/ D\u0105br\u00f3wka Lipska, Roman Marcinek, Andrzej Siwek, Maciej \u015awi\u0105tkowski, Maciej Warcho\u0142; wsp\u00f3\u0142pr. Klara Kantorowicz, Karol Czajkowski, Boles\u0142aw Kobielski, Hubert Ga\u0142ka; koordynacja Mariusz Czuba. &#8211; Krak\u00f3w: Warszawa: Narodowy Instytut Dziedzictwa, 2019.<\/li>\n<li>Styl narodowy w architekturze sakralnej Polski Odrodzonej (1918-1939) \/ Anna Tejszerska. &#8211; Lublin: Wydawnictwo KUL, 2019.<\/li>\n<li>Sze\u015b\u0107dziesi\u0105t lat z archeologi\u0105 w \u017cyciu cyklisty \/ Bogdan Balcer. &#8211; \u0141\u00f3d\u017a: Fundacja Bada\u0144 Archeologicznych Imienia Profesora Konrada Ja\u017cd\u017cewskiego, 2015.<\/li>\n<li>Szlacheckie i arystokratyczne rezydencje w Sudetach polskich: Sudety Wschodnie i Przedg\u00f3rze Sudeckie \/ Romuald M. \u0141uczy\u0144ski. &#8211; Wydanie 1. &#8211; grudzie\u0144 2018\/2019. &#8211; Wroc\u0142aw: Wydawnictwo Kartograficzne Eko-Graf, 2019.<\/li>\n<li>Szlakiem rezydencji wiejskich: dwory i pa\u0142ace \/ [red. Agnieszka Wysocka, Lech \u0141bik]. &#8211; Bydgoszcz: Kujawsko-Pomorskie Centrum Kultury, 2017.<\/li>\n<li>Sztuka i Kultura \/ [red. nacz. Ryszard M\u0105czy\u0144ski]. &#8211; Toru\u0144: Wydawnictwo Naukowe Uniwersytetu Miko\u0142aja Kopernika, 2013-.<\/li>\n<li>Sztuka pograniczy: studia z historii sztuki \/ pod red. Lechos\u0142awa Lame\u0144skiego, El\u017cbiety B\u0142otnickiej-Mazur, Marcina Pastwy. &#8211; Lublin: Wydawnictwo KUL; Warszawa: Stowarzyszenie Historyk\u00f3w Sztuki, 2018.<\/li>\n<li>Sztuka \u015bl\u0105ska XV-XVIII wieku ze zbior\u00f3w Muzeum Narodowego we Wroc\u0142awiu: przewodnik po wystawie w Muzeum Piast\u00f3w \u015al\u0105skich w Brzegu \/ Bo\u017cena Guldan-Klamecka, Romuald Nowak, Marek Pierzcha\u0142a. &#8211; Wroc\u0142aw: Muzeum Narodowe, 2018.<\/li>\n<li>Sztuka w \u0141odzi (7): inspiracje, metamorfozy, refleksje \/ [zesp\u00f3\u0142 red. Karolina Stanilewicz, \u0141ukasz M. Sadowski, Aleksandra Sumorok]. &#8211; \u0141\u00f3d\u017a: Stowarzyszenie Historyk\u00f3w Sztuki. Oddzia\u0142, 2017.<\/li>\n<li>Sztuka w\u0142oska: katalog wystawy w Muzeum Zamojskim w Zamo\u015bciu \/ [red. naukowa i oprac. Piotr Kondraciuk]; Muzeum Zamojskie w Zamo\u015bciu. &#8211; Zamo\u015b\u0107: Muzeum Zamojskie, 2010.<\/li>\n<li>\u015aredniowieczne r\u0119kopisy iluminowane Biblioteki i Muzeum Ksi\u0105\u017c\u0105t Czartoryskich w Krakowie. T. 2, Bawaria, Czechy, Polska \/ Katarzyna P\u0142onka-Ba\u0142us. &#8211; Krak\u00f3w: Muzeum Narodowe, 2018.<\/li>\n<li>\u015aredniowieczny system obronny miasta Poznania: fragment odcinka p\u00f3\u0142nocnego: wyniki bada\u0144 archeologicznych \/ pod red. Piotra Pawlaka; Muzeum Archeologiczne w Poznaniu. &#8211; Pozna\u0144: Muzeum Archeologiczne, 2018.<\/li>\n<li>Tadeusz Ko\u015bciuszko w falerystce \/ Krzysztof Lachowicz. &#8211; Wroc\u0142aw: Muzeum Narodowe, 2019.<\/li>\n<li>Tajemnicze miasto: spacery po Warszawie. Cz. 10, Dzielnica Mokot\u00f3w: od Siekierek po Wygl\u0119d\u00f3w \/ Micha\u0142 Szyma\u0144ski. &#8211; Warszawa: Wydawnictwo CM, 2016.<\/li>\n<li>Tak to zapami\u0119ta\u0142em \/ Jerzy Hieronim Olszewski; oprac. Barbara Bielasta; Towarzystwo Mi\u0142o\u015bnik\u00f3w Ziemi Ciechanowskiej. &#8211; Ciechan\u00f3w: Towarzystwo Mi\u0142o\u015bnik\u00f3w Ziemi Ciechanowskiej, 2015.<\/li>\n<li>Technische Denkmale in Sachsen \/ Hrsg. Landesamt f\u00fcr Denkmalpflege Sachsen. &#8211; Dresden: Sandstein Verlag, 2017.<\/li>\n<li>Teksty modernizmu: antologia polskiej teorii i krytyki architektury 1918-1981. T. 1, \u0179r\u00f3d\u0142a \/ pod red. Doroty J\u0119druch, Marty Karpi\u0144skiej, Doroty Le\u015bniak-Rychlak. &#8211; [Krak\u00f3w]: Instytut Architektury, 2018.<\/li>\n<li>Teksty modernizmu: antologia polskiej teorii i krytyki architektury 1918-1981. T. 2, Eseje \/ pod red. Doroty J\u0119druch, Marty Karpi\u0144skiej, Doroty Le\u015bniak-Rychlak. &#8211; [Krak\u00f3w]: Instytut Architektury, 2018.<\/li>\n<li>Tendit in ardua virtus: studia ofiarowane profesorowi Kazimierzowi Kuczmanowi w siedemdziesi\u0119ciolecie urodzin \/ red. Joanna Zi\u0119tkiewicz-Kotz. &#8211; Krak\u00f3w: Zamek Kr\u00f3lewski na Wawelu. Pa\u0144stwowe Zbiory Sztuki: Uniwersytet Papieski Jana Paw\u0142a II, 2017.<\/li>\n<li>Teodor Marian Talowski \/ Tadeusz Bystrzak. &#8211; Krak\u00f3w: [ Wydawnictwo Attyka], 2017.<\/li>\n<li>The challenges of World Heritage recovery \/ ed. Magdalena Marcinkowska, Katarzyna Zalasi\u0144ska, D\u0105br\u00f3wka Lipska. &#8211; Warsaw: Narodowy Instytut Dziedzictwa, 2019.<\/li>\n<li>The historic environment: policy &amp; practice. &#8211; London: Maney Publishing, 2010-.<\/li>\n<li>The materiality of troubled pasts: archaeologies of conflicts and wars \/ edited by Anna Zalewska, John M. Scott and Grzegorz Kiarszys. &#8211; Warszawa: Roadside History Lessons Foundation; Szczecin: Department of Archaeology. Szczecin University, 2017.<\/li>\n<li>Toru\u0144skie wyroby konwisarskie od XVI do XIX wieku ze znakami miasta, mistrza i jako\u015bci cyny \/ Micha\u0142 Kurkowski. &#8211; Toru\u0144: Muzeum Okr\u0119gowe, 2018.<\/li>\n<li>Transformacje i redefinicje: adaptacja dziedzictwa architektonicznego do nowej funkcji a zachowanie ci\u0105g\u0142o\u015bci historycznej miejsca \/ Julia Sowi\u0144ska-Heim. &#8211; \u0141\u00f3d\u017a: Wydawnictwo Uniwersytetu \u0141\u00f3dzkiego, 2018.<\/li>\n<li>Transformacje rynk\u00f3w \u015bredniowiecznych miast \u015al\u0105ska Opolskiego od XVIII wieku do czas\u00f3w wsp\u00f3\u0142czesnych: przerwane tradycje, zachowane dziedzictwo, nowe narracje \/ Monika Ewa Adamska. &#8211; Opole: Oficyna Wydawnicza Politechniki Opolskiej, 2019.<\/li>\n<li>Truso: legenda Ba\u0142tyku: katalog wystawy \/ Marek Franciszek Jagodzi\u0144ski. &#8211; Elbl\u0105g: Muzeum Archeologiczno-Historyczne, 2015.<\/li>\n<li>Turystyka w miejscach k\u0142opotliwego dziedzictwa \/ Magdalena Banaszkiewicz. &#8211; Krak\u00f3w: Wydawnictwo Uniwersytetu Jagiello\u0144skiego, 2018.<\/li>\n<li>Tw\u00f3rcy i dzie\u0142a warszawskiej szko\u0142y architektury 1915-2015 \/ Konrad Kucza-Kuczy\u0144ski. &#8211; Warszawa: Oficyna Wydawnicza Politechniki Warszawskiej, 2017.<\/li>\n<li>Tychy: dziedzictwo nowego miasta: architektura i urbanistyka lat 1955-1989 \/ [red. nauk. Patryk Oczko]. &#8211; Tychy: Muzeum Miejskie, 2017.<\/li>\n<li>Tychy: sacrum w mie\u015bcie socjalistycznym \/ Patryk Oczko. &#8211; Tychy: Muzeum Miejskie, 2019.<\/li>\n<li>U \u017ar\u00f3de\u0142 chrze\u015bcija\u0144stwa w Polsce: baseny chrzcielne z Ostrowa Lednickiego: katalog wystawy \/ Janusz G\u00f3recki. &#8211; Lednica: Muzeum Pierwszych Piast\u00f3w na Lednicy, 2019.<\/li>\n<li>Ulica Marsza\u0142kowska po 1945 roku \/ Artur Bojarski. &#8211; Warszawa: Ksi\u0105\u017cka i Wiedza, 2018.<\/li>\n<li>Urbanistyka &#8220;a la fran\u00e7aise&#8221;: tysi\u0105c lat do\u015bwiadcze\u0144 i europejskich innowacji, dope\u0142nienie obrazu. T. 3, Od Wielkiej Rewolucji po nowe tysi\u0105clecie: wiek XIX, epoka pragmatyzmu: wiek XX, laboratorium urbanistycznej nowoczesno\u015bci \/ Miros\u0142aw Wi\u015bniewski, Weronika Wi\u015bniewska. &#8211; Krak\u00f3w: Towarzystwo Autor\u00f3w i Wydawnictw Prac Naukowych Universitas, 2018.<\/li>\n<li>Urbanistyka operacyjna: zarys teorii \/ Tomasz Ossowicz. &#8211; Wroc\u0142aw: Oficyna Wydawnicza Politechniki Wroc\u0142awskiej, 2019.<\/li>\n<li>Verlorenes Kulturerbe?: Leben und Werk des Konservators von Westpreu\u00dfen Bernhard Schmid (1872-1947) \/ Wies\u0142aw Sieradzan. &#8211; Toru\u0144: Wydawnictwo Uniwersytetu Miko\u0142aja Kopernika, 2019.<\/li>\n<li>Vernacular architecture. &#8211; York: Vernacular Architecture Group,.<\/li>\n<li>W przededniu wielkiej odbudowy: zamek malborski na kartach berli\u0144skiego albumu Johanna Friedricha Fricka z prze\u0142omu XVIII i XIX wieku \/ pod red. Justyny Lijki. &#8211; Malbork: Muzeum Zamkowe, 2019.<\/li>\n<li>Warszawa Gutta \/ B\u0142a\u017cej Pindor; teksty Anna Dybczy\u0144ska-Bu\u0142yszko, \u0141ukasz Gorczyca, Boles\u0142aw Stelmach. &#8211; Warszawa: Fundacja Raster: Narodowy Instytut Architektury i Urbanistyki, 2018.<\/li>\n<li>Warszawskie konserwacje 2007-2018: dotacje na zabytki udzielone przez m.st. Warszawa \/ [red. prowadz\u0105cy Katarzyna Zawi\u0142a]. &#8211; Warszawa: Miasto Sto\u0142eczne Warszawa, 2018.<\/li>\n<li>Warszawskie osiedle ZOR \/ [oprac. Barbara Ofla\u0144ska, Andrzej Dobrucki, Wac\u0142aw Orzeszkowski, Jan Kazimierz Zieli\u0144ski]. &#8211; Warszawa: Arkady, 1968.<\/li>\n<li>Warsztat sztukatorski Giovanniego Battisty Falconiego \/ Beata Klimek. &#8211; Lublin: Wydawnictwo Politechniki Lubelskiej, 2018.<\/li>\n<li>W\u0119drowanie sztuki \/ pod red. Artura Badacha i Katarzyny Chrudzimskiej-Uhery. &#8211; Warszawa: Stowarzyszenie Historyk\u00f3w Sztuki, 2018.<\/li>\n<li>Wiadomo\u015bci Konserwatorskie: biuletyn Stowarzyszenia Konserwator\u00f3w Zabytk\u00f3w \/ [Stowarzyszenie Konserwator\u00f3w Zabytk\u00f3w. Zarz\u0105d G\u0142\u00f3wny; zesp\u00f3\u0142 pod kier. J. Frycza i M. Konopki]. &#8211; [Warszawa]: SKZ ZG, 1985-.<\/li>\n<li>Wiatraki na Ziemi Pu\u0142awskiej \/ Aleksander Lewtak. &#8211; Ko\u0144skowola: Ko\u0144skowolskie Towarzystwo Spo\u0142eczno-Regionalne, 2017.<\/li>\n<li>Wielokulturowy obiekt warowny na G\u00f3rze Zamkowej oraz gr\u00f3d cyplowy w Starym Dzierzgoniu: studia i materia\u0142y \/ [redaktor naukowy Daniel Gazda]. &#8211; Warszawa: Trzecia Strona, 2018.<\/li>\n<li>Wie\u017ca Eiffla na Pin\u0105: kresowe marzenia II RP \/ Agnieszka Rybak, Anna Sm\u00f3\u0142ka. &#8211; Wo\u0142owiec: Wydawnictwo Czarne, 2018.<\/li>\n<li>Wilno XX-XXI wiek: przewodnik architektoniczny \/ pod red. Mariji Dr\u0117mait\u0117, R\u016bty Leitanait\u0117, Juliji Reklait\u0117. &#8211; [Warszawa]: Centrum Architektury, 2019.<\/li>\n<li>Wroc\u0142awskie wille i osiedla willowe doby historyzmu \/ Agnieszka Tomaszewicz. &#8211; Wroc\u0142aw: Oficyna Wydawnicza Politechniki Wroc\u0142awskiej, 2019.<\/li>\n<li>Wycena nieruchomo\u015bci zabytkowych: problemy i propozycje: praca zbiorowa \/ pod red. Andrzeja Chrzanowskiego. &#8211; Zielona G\u00f3ra; Krak\u00f3w: Zachodnie Centrum Organizacji, [1997].<\/li>\n<li>Wyspia\u0144ski nieznany \/ pod red. \u0141ukasza Gaw\u0142a, Magdaleny Laskowskiej. &#8211; Krak\u00f3w: Muzeum Narodowe, 2019.<\/li>\n<li>Wytyczne i zalecenia ochrony tynk\u00f3w szlachetnych doby modernizmu \/ [oprac. Monika Bogdanowska, Bo\u017cena Boba-Dyga, Halina Rojkowska-Tasak, Marcin Furtak]. &#8211; Krak\u00f3w: [Politechnika Krakowska: Akademia Sztuk Pi\u0119knych], 2019.<\/li>\n<li>Z Otch\u0142ani Wiek\u00f3w: pismo po\u015bwi\u0119cone pradziejom Polski. &#8211; Pozna\u0144: [s.n.], 1926-1988.<\/li>\n<li>Z przesz\u0142o\u015bci opactwa \u0142ysog\u00f3rskiego \/ red. Krzysztof Bracha, Jaros\u0142aw R\u00f3\u017ca\u0144ski, Marzena Marczewska. &#8211; Kielce: Kieleckie Towarzystwo Naukowe, 2018.<\/li>\n<li>Zabytki techniki &#8211; nie tylko z perspektywy prawnik\u00f3w \/ pod red. Iwony Gredki-Ligarskiej, Anny Rogackiej-\u0141ukasik, Dariusza Rozmusa. &#8211; Sosnowiec: Oficyna Wydawnicza Humanitas, 2018.<\/li>\n<li>Zabytki warte Poznania: 35 lat Towarzystwa Opieki nad Zabytkami Oddzia\u0142 w Poznaniu \/ Pawe\u0142 Cieliszko. &#8211; Pozna\u0144: Wydawnictwo &#8220;Druga Strona Poznania&#8221;, 2018.<\/li>\n<li>Zabytki z wykopalisk Teodora Nieczuja-Ziemi\u0119ckiego w latopisowym Ple\u015bniku (Podhorce na Ukrainie) \/ Rados\u0142aw Liwoch. &#8211; Krak\u00f3w: Muzeum Archeologiczne, 2018.<\/li>\n<li>Zabytkowa infrastruktura kolejowa Polski i Niemiec: dialog konserwatorski Warszawa &#8211; Berlin \/ [red. nauk. Karol Guttmejer]. &#8211; Warszawa: Miasto Sto\u0142eczne Warszawa, 2018.<\/li>\n<li>Zabytkowe ko\u015bcio\u0142y Wielkopolski \/ Adam Dubowski. &#8211; Pozna\u0144: &#8220;Albertinum&#8221; Ksi\u0119garnia \u015bw. Wojciecha, 1956.<\/li>\n<li>Zamek kr\u00f3la Zygmunta I na Wawelu: architektura, dekoracja architektoniczna, funkcje \/ Marcin Fabia\u0144ski. &#8211; Krak\u00f3w: Zamek Kr\u00f3lewski na Wawelu. Pa\u0144stwowe Zbiory Sztuki, 2017.<\/li>\n<li>Zamki \u015bwi\u0119tokrzyskie: skarby, legendy, tajemnice: przewodnik \/ Rafa\u0142 Jurkowski. &#8211; Warszawa: Wydawnictwo CM, 2017.<\/li>\n<li>Zamoyski ocalony \/ [koncepcja publikacji Ewa Ziembi\u0144ska]. &#8211; Warszawa: Muzeum Narodowe, 2019.<\/li>\n<li>Zapomniane dziedzictwo: architektura folwarczna Wielkopolski: fotografie Waldemara \u015aliwczy\u0144skiego \/ [autor Ewa Kosto\u0142owska]. &#8211; Pozna\u0144: Muzeum Narodowe, 2018.<\/li>\n<li>Zapomniane miejsca: Lubuskie. Cz\u0119\u015b\u0107 \u015brodkowa \/ [Jakub Jagie\u0142\u0142o, Adam Sowa]. &#8211; Warszawa: Wydawnictwo CM, 2018.<\/li>\n<li>Zapomniane miejsca Dolnego \u015al\u0105ska. [Cz. 1], Sudety Zachodnie \/ [red. Jakub Jagie\u0142\u0142o]. &#8211; Wyd. 2, zmienione. &#8211; Warszawa: Wydawnictwo CM, 2019.<\/li>\n<li>Zapomniane miejsca Dolnego \u015al\u0105ska. [Cz. 1], Sudety Zachodnie \/ [red. Jakub Jagie\u0142\u0142o]. &#8211; Wyd. 2, zmienione. &#8211; Warszawa: Wydawnictwo CM, 2019.<\/li>\n<li>Zapomniane miejsca Ma\u0142opolskie: po\u0142udnie i wsch\u00f3d \/ [Mateusz Por\u0119bski]. &#8211; Warszawa: Wydawnictwo CM, 2019.<\/li>\n<li>Zbi\u00f3r pasteli w kolekcji pa\u0142acu w Wilanowie \/ Krystyna Gutowska-Dudek. &#8211; Warszawa: Muzeum Pa\u0142acu Kr\u00f3la Jana III w Wilanowie, 2019.<\/li>\n<li>Zeitschrift f\u00fcr Ostmitteleuropa-Forschung: [neue Folge der Zeitschrift f\u00fcr Ostforschung \/ Herder-Institut; Hrsg. Stefan Hartmann et al.]. &#8211; Marburg: Herder-Institut, 1995-.<\/li>\n<li>Zesp\u00f3\u0142 osadniczy z epoki kamienia &#8211; Rzucewo, Gmina Puck, stanowisko 1 \/ pod red. Danuty Kr\u00f3l. &#8211; Gda\u0144sk: Muzeum Archeologiczne, 2018.<\/li>\n<li>Zielony Krak\u00f3w dla przyjemno\u015bci i po\u017cytku Szanownej Publiczno\u015bci \/ Agata Zachariasz. &#8211; Krak\u00f3w: Wydawnictwo PK, 2019.<\/li>\n<li>Znaleziska archeologiczne: problemy konserwacji, inwentaryzacji i przechowywania \/ pod red. Katarzyny Zdeb. &#8211; Warszawa: Instytut Archeologii Uniwersytetu Kardyna\u0142a Stefana Wyszy\u0144skiego; Zielona G\u00f3ra: Fundacja Archeologiczna; G\u0142og\u00f3w: Muzeum Archeologiczno-Historyczne; Legionowo: Muzeum Historyczne, 2017.<\/li>\n<li>Zwi\u0105zki architektury modernistycznej i motoryzacji indywidualnej: wybrane realizacje europejskie 1903-1973 \/ \u0141ukasz Wojciechowski. &#8211; Wroc\u0142aw: Oficyna Wydawnicza Politechniki Wroc\u0142awskiej, 2019.<\/li>\n<li>\u017b\u0105dza chwa\u0142y: W\u0142adys\u0142aw IV Waza w ikonografii performatywnej \/ Jacek \u017bukowski. &#8211; Warszawa: Muzeum Pa\u0142acu Kr\u00f3la Jana III w Wilanowie, 2018.<\/li>\n<li>\u017begluga i kana\u0142y \u017ceglugowe dawnej Rzeczypospolitej \/ Cezary Wawrzy\u0144ski. &#8211; Olsztyn: Edytor &#8220;Wers&#8221;, 2019.<\/li>\n<li>\u017bycie codzienne \/ red. Maciej D\u0119biec. &#8211; Rzesz\u00f3w: Fundacja Rzeszowskiego O\u015brodka Archeologicznego: Oficyna Wydawnicza &#8220;Zimowit&#8221;, 2017.<\/li>\n<li>\u017bycie sztuk\u0105: Go\u0142uch\u00f3w Izabeli z Czartoryskich Dzia\u0142y\u0144skich \/ red. Inga G\u0142uszek. &#8211; Pozna\u0144: Muzeum Narodowe, 2018.<\/li>\n<\/ol>\n<p>[\/et_pb_toggle][et_pb_toggle title=&#8221;2018&#8243; open_toggle_text_color=&#8221;#e52330&#8243; closed_toggle_text_color=&#8221;#000000&#8243; _builder_version=&#8221;4.16&#8243; _module_preset=&#8221;default&#8221; title_font=&#8221;|700|||||||&#8221; closed_title_font=&#8221;|700|||||||&#8221; custom_margin=&#8221;||10px|||&#8221; global_colors_info=&#8221;{}&#8221;]<\/p>\n<p><span style=\"color: #808080;\">liczba nowo\u015bci: 424<\/span><\/p>\n<p><span style=\"color: #808080;\"><\/span><\/p>\n<ol>\n<li>200 lat drewnianego ko\u015bcio\u0142a \u015bw. Marcina w \u017bytniowie \/ Bronis\u0142aw Walacik, Grzegorz Pucka. &#8211; Rudniki: Gminny O\u015brodek Kultury, Sportu i Rekreacji, 2017.<\/li>\n<li>Ad Rem: kwartalnik akademicki \/ [Stowarzyszenie &#8220;Archeo&#8221;; red. nacz. Piotr Lasek]. &#8211; [Warszawa]: Stowarzyszenie &#8220;Archeo&#8221;, 2007-.<\/li>\n<li>Albert Nestrypke: propagator architektury modernistycznej w Kaliszu \/ Joanna Bru\u015b. &#8211; Kalisz: Kaliskie Towarzystwo Przyjaci\u00f3\u0142 Nauk; 2017.<\/li>\n<li>Allgemeines K\u00fcnstler-Lexikon: die Bildenden K\u00fcnstler aller Zeiten und V\u00f6lker. Bd. 101, Rovere-Samon\u00e0 \/ Hrsg. von Andreas Beyer, B\u00e9n\u00e9dicte Savoy, Wolf Tegethoff. &#8211; Berlin: de Gruyter, 2018.<\/li>\n<li>Allgemeines K\u00fcnstler-Lexikon: die Bildenden K\u00fcnstler aller Zeiten und V\u00f6lker. Bd. 100, Rovere-Samon\u00e0 \/ Hrsg. von Andreas Beyer, B\u00e9n\u00e9dicte Savoy, Wolf Tegethoff. &#8211; Berlin: de Gruyter, 2018.<\/li>\n<li>Allgemeines K\u00fcnstler-Lexikon: die Bildenden K\u00fcnstler aller Zeiten und V\u00f6lker. Bd. 102, Schleime-Seitter \/ Hrsg. von Andreas Beyer, B\u00e9n\u00e9dicte Savoy, Wolf Tegethoff. &#8211; Berlin: de Gruyter, 2019.<\/li>\n<li>Allgemeines K\u00fcnstler-Lexikon: die Bildenden K\u00fcnstler aller Zeiten und V\u00f6lker. Bd. 103, Seitz-Silvestre \/ Hrsg. von Andreas Beyer, B\u00e9n\u00e9dicte Savoy, Wolf Tegethoff. &#8211; Berlin: de Gruyter, 2019.<\/li>\n<li>Archeologia Bia\u0142egostoku \/ Ma\u0142gorzata Karczewska, Maciej Karczewski, Halina Karwowska, Katarzyna Rusin, Urszula Stankiewicz, Adam Wawrusiewicz. &#8211; Bia\u0142ystok: O\u015brodek Bada\u0144 Europy \u015arodkowo-Wschodniej, 2015.<\/li>\n<li>Archeologia \u0141om\u017cy. [Dokument elektroniczny] \/ [aut. Ma\u0142gorzata Karczewska, Maciej Karczewski et al.]. &#8211; [Nowodworce: Stowarzyszenie na Rzecz Dziedzictwa Kulturowego i Zr\u00f3wnowa\u017conego Rozwoju &#8220;Ma\u0142a Ojczyzna&#8221;], 2014.<\/li>\n<li>Archeologia przemys\u0142owa w Polsce. T. 1 \/ pod red. Stanis\u0142awa Januszewskiego; Fundacja Otwartego Muzeum Techniki; Biuro Studi\u00f3w i Dokumentacji Zabytk\u00f3w Techniki. &#8211; Wroc\u0142aw: Fundacja Otwartego Muzeum Techniki, 2012.<\/li>\n<li>Archeologia przemys\u0142owa w Polsce. T. 2 \/ pod red. Stanis\u0142awa Januszewskiego; Fundacja Otwartego Muzeum Techniki; Biuro Studi\u00f3w i Dokumentacji Zabytk\u00f3w Techniki. &#8211; Wroc\u0142aw: [Fundacja Otwartego Muzeum Techniki], 2012.<\/li>\n<li>Archeologia przemys\u0142owa w Polsce. T. 3 \/ pod red. Stanis\u0142awa Januszewskiego; Fundacja Otwartego Muzeum Techniki; Biuro Studi\u00f3w i Dokumentacji Zabytk\u00f3w Techniki. &#8211; Wroc\u0142aw: [Fundacja Otwartego Muzeum Techniki], 2012.<\/li>\n<li>Archeologia przemys\u0142owa w Polsce. T. 4 \/ pod red. Stanis\u0142awa Januszewskiego; Fundacja Otwartego Muzeum Techniki. &#8211; Wroc\u0142aw: Fundacja Otwartego Muzeum Techniki, 2013.<\/li>\n<li>Archeologia s\u0105dowa: zarys problematyki \/ Angelika Godzie\u0144. &#8211; Rzesz\u00f3w: Oficyna Wydawnicza &#8220;Zimowit&#8221;, 2017.<\/li>\n<li>Architektura krajobrazu i sztuka ogrodowa: ilustrowany s\u0142ownik angielsko-polski. T. 4, R-Z \/ Aleksander B\u00f6hm, Agata Zachariasz. &#8211; Warszawa: Narodowy Instytut Dziedzictwa, 2017.<\/li>\n<li>Architektura malowana, architektura rzeczywista: miasto z epoki Leona Wycz\u00f3\u0142kowskiego \/ [red. Daria Br\u0119czewska-Kulesza]. &#8211; Bydgoszcz: Wy\u017csza Szko\u0142a Gospodarki: Towarzystwo Mi\u0142o\u015bnik\u00f3w Miasta Bydgoszczy, 2012.<\/li>\n<li>Architektura miasta odbudowanego: wybrane przyk\u0142ady: Elbl\u0105g, G\u0142og\u00f3w, Ko\u0142obrzeg, Szczecin na tle historycznym \/ Piotr Fiuk; Zachodniopomorski Uniwersytet Technologiczny w Szczecinie. &#8211; Szczecin: Zachodniopomorski Uniwersytet Technologiczny, 2017.<\/li>\n<li>Architektura polskiej katedry gotyckiej a jej europejskie \u017ar\u00f3d\u0142o: uniwersalny obraz i r\u00f3\u017cnorodno\u015b\u0107 architektury katedry gotyckiej \/ Miros\u0142aw Bogdan. &#8211; Opole: Politechnika Opolska, 2013.<\/li>\n<li>Architektura renesansowa jako przejaw presti\u017cu fundatora i pozycji tw\u00f3rcy \/ Joanna Arlet. &#8211; Szczecin: Wydawnictwo Uczelniane Zachodniopomorskiego Uniwersytetu Technologicznego, 2017.<\/li>\n<li>Architektura spod znaku Temidy w prowincji \u015bl\u0105skiej w latach 1877-1918 \/ Sebastian Wr\u00f3blewski. &#8211; Wroc\u0142aw: Oficyna Wydawnicza Politechniki Warszawskiej, 2018.<\/li>\n<li>Architektura szkolna II Rzeczypospolitej \/ Micha\u0142 Pszcz\u00f3\u0142kowski. &#8211; \u0141\u00f3d\u017a: Ksi\u0119\u017cy M\u0142yn Dom Wydawniczy Micha\u0142 Koli\u0144ski, 2017.<\/li>\n<li>Architektura w krajobrazie: harmonia, kompromis, konflikt \/ pod red. Weroniki Kobyli\u0144skiej-Bunsch. &#8211; Warszawa: Instytut Historii Sztuki Uniwersytetu Warszawskiego, 2018.<\/li>\n<li>Architektura w mie\u015bcie, architektura dla miasta: spo\u0142eczne i kulturowe aspekty funkcjonowania architektury na ziemiach polskich lat 1815-1914 \/ red. nauk. Miko\u0142aj Getka-Kenig, Aleksander \u0141upienko. &#8211; Warszawa: Instytut Historii PAN, 2017.<\/li>\n<li>Architektura willi i rezydencji Sopockich: projektanci, inwestorzy i u\u017cytkownicy w latach 1870-1945. T. 1 \/ red. Ma\u0142gorzata Buchholz-Todorska. &#8211; Sopot: Muzeum Sopotu, 2017.<\/li>\n<li>Arcydzie\u0142a plastyki dawnej XII-XVIII wieku w \u015bwi\u0105tyniach i rezydencjach Mazowsza \/ pod red. Micha\u0142a Wardzy\u0144skiego. &#8211; Warszawa: Mazowiecki Instytut Kultury, 2018.<\/li>\n<li>Ariergarda modernizmu: katalog projekt\u00f3w i realizacji Bohdana Lacherta i J\u00f3zefa Szanajcy \/ Katarzyna Uchowicz; wsp\u00f3\u0142praca Daria Dorota Pikulska, Dorota Piramidowicz, Piotr Lasek. &#8211; Warszawa: Instytut Sztuki PAN, 2017.<\/li>\n<li>Ars fortificandi: studia i materia\u0142y z dziej\u00f3w architektury obronnej. T. 2 \/ pod red. Paw\u0142a Nastro\u017cnego. &#8211; O\u015bwi\u0119cim: Wydawnictwo Napoleon V, 2018.<\/li>\n<li>Arsena\u0142 Kr\u00f3lewski \/ Tadeusz Czekalski. &#8211; Krak\u00f3w: Ksi\u0119garnia Akademicka, 2018.<\/li>\n<li>Bacciarelli: studia o malarzu kr\u00f3lewskim, dyrektorze, nauczycielu, opiekunie sztuk \/ red. nauk. Andrzej Pie\u0144kos. &#8211; Warszawa: Instytut Historii Sztuki Uniwersytetu Warszawskiego: Muzeum \u0141azienki Kr\u00f3lewskie, 2018.<\/li>\n<li>Bad death in the Early Middle Ages: atypical burials from Poland in a comparative perspective \/ Leszek Garde\u0142a; Fundacja Rzeszowskiego O\u015brodka Archeologicznego, Instytut Archeologii Uniwersytetu Rzeszowskiego. &#8211; Rzesz\u00f3w: Oficyna Wydawnicza &#8220;Zimowit&#8221;, 2017.<\/li>\n<li>Badania na obszarze dawnego ko\u015bcio\u0142a augustia\u0144skiego: praca zbiorowa. T. 1 \/ pod red. Marcina Majewskiego; Muzeum Archeologiczno-Historyczne w Stargardzie. &#8211; Stargard: Muzeum w Stargardzie, 2016.<\/li>\n<li>Badania na obszarze dawnego ko\u015bcio\u0142a augustia\u0144skiego: praca zbiorowa. T. 2 \/ pod red. Marcina Majewskiego; Muzeum Archeologiczno-Historyczne w Stargardzie. &#8211; Stargard: Muzeum w Stargardzie, 2016.<\/li>\n<li>Badania na Rynku Staromiejskim: praca zbiorowa \/ pod red. Marcina Majewskiego i Karoliny Sta\u0144; Muzeum Archeologiczno-Historyczne w Stargardzie. &#8211; Stargard: Muzeum w Stargardzie, 2016.<\/li>\n<li>Barok: historia, literatura, sztuka \/ [Instytut Literatury Polskiej Uniwersytetu Warszawskiego; red. nacz. Janusz Pelc]. &#8211; Warszawa: &#8220;Semper&#8221;, 1994-.<\/li>\n<li>Barok na Broumovsku ze \u015bl\u0105skiej perspektywy: historia i wsp\u00f3\u0142czesno\u015b\u0107 \/ pod red. Arkadiusza Wojty\u0142y i Ma\u0142gorzaty Wyrzykowskiej. &#8211; Wroc\u0142aw: Wydzia\u0142 Nauk Historycznych i Pedagogicznych Uniwersytetu Wroc\u0142awskiego, 2018.<\/li>\n<li>Beautiful objects: personal adornments and decorations for secular and sacred interiors \/ ed. by Agnieszka Bender, Ma\u0142gorzata Wrze\u015bniak, Anna Wi\u015bnicka. &#8211; Warsaw: Wydawnictwo Naukowe Uniwersytetu Kardyna\u0142a Stefana Wyszy\u0144skiego, 2017.<\/li>\n<li>Biblioteka Sapieh\u00f3w z Krasiczyna w Zamku Kr\u00f3lewskim na Wawelu. T. 2\/2, Katalog starych druk\u00f3w &#8211; Druki obce z wieku XVIII \/ red. nauk. Iwona Pietrzykiewicz; Zamek Kr\u00f3lewski na Wawelu. Pa\u0144stwowe Zbiory Sztuki. &#8211; Krak\u00f3w: Zamek Kr\u00f3lewski na Wawelu, 2017.<\/li>\n<li>Biedermeier \/ koncepcja wystawy i katalogu Anna Kozak, Agnieszka Rosales Rodriguez. &#8211; Warszawa: Muzeum Narodowe, 2017.<\/li>\n<li>Budowanie nad Ba\u0142tykiem: studia z architektury i sztuki Gda\u0144ska, Pomorza i \u017bmudzi \/ Ma\u0142gorzata Omilanowska. &#8211; Gda\u0144sk: Fundacja Terytoria Ksi\u0105\u017cki, 2018.<\/li>\n<li>Budownictwo drewniane Krakowiak\u00f3w Zachodnich \/ [Marek Grabski, Agnieszka Oczkowska, Izabela Okr\u0119glicka, Andrzej Siwek, Tomasz Wo\u017aniak]. &#8211; Krak\u00f3w; [Wygie\u0142z\u00f3w]: Muzeum Nadwi\u015bla\u0144ski Park Etnograficzny w Wygie\u0142zowie i Zamek Lipowiec, 2017.<\/li>\n<li>Centralny Okr\u0119g Przemys\u0142owy: wczoraj, dzi\u015b, jutro \/ [red. Anna Garbacz, Beata Trybu\u0142a]. &#8211; Stalowa Wola: Muzeum Regionalne; Warszawa: Muzeum Niepodleg\u0142o\u015bci, 2012.<\/li>\n<li>Ceramika europejska w zbiorach Muzeum Zamkowego w Malborku \/ Barbara Pospieszna, Artur Dobry. &#8211; Malbork: Muzeum Zamkowe, 2018.<\/li>\n<li>Cisterciana: studia z dziej\u00f3w i kultury Zakonu Cysters\u00f3w \/ Andrzej Marek Wyrwa; Opactwo Ojc\u00f3w Cysters\u00f3w w Krakowie-Mogile. &#8211; Krak\u00f3w: Wydawnictwo Towarzystwa Naukowego &#8220;Societas Vistulana&#8221;, 2017.<\/li>\n<li>Claritas et consonantia: funkcje, formy i znaczenia w sztuce \u015bredniowiecza: ksi\u0119ga po\u015bwi\u0119cona pami\u0119ci Kingi Szczepkowskiej-Naliwajek w dziesi\u0105t\u0105 rocznic\u0119 \u015bmierci \/ pod red. Moniki Jakubek-Raczkowskiej i Juliusza Raczkowskiego. &#8211; Toru\u0144: Wydzia\u0142 Sztuk Pi\u0119knych Uniwersytet Miko\u0142aja Kopernika; Warszawa: Stowarzyszenie Historyk\u00f3w Sztuki, 2017.<\/li>\n<li>Cmentarz na Rossie w Wilnie: niezachowane pomniki na podstawie kartotek Wac\u0142awa Wejtki, Lucjana Uzi\u0119b\u0142y i Aleksandra \u015anie\u017cki \/ Anna S. Czy\u017c, Bart\u0142omiej Gutowski. &#8211; Warszawa: Wydawnictwo Naukowe Uniwersytetu Kardyna\u0142a Stefana Wyszy\u0144skiego, 2017.<\/li>\n<li>Cmentarze dawnego powiatu buczackiego \/ pod red. Anny Sylwii Czy\u017c, Bart\u0142omieja Gutowskiego. &#8211; Warszawa: Ministerstwo Kultury i Dziedzictwa Narodowego. Departament Dziedzictwa Kulturowego za Granic\u0105 i Strat Wojennych, 2017.<\/li>\n<li>Cmentarzyska wilanowskie w okresie od \u015bredniowiecza po nowo\u017cytno\u015b\u0107 \/ Rafa\u0142 Solecki. &#8211; Warszawa: Muzeum Pa\u0142acu Kr\u00f3la Jana III w Wilanowie, 2018.<\/li>\n<li>Co znajduje si\u0119 w obrazach Henryka Siemiradzkiego? \/ red. Jerzy Malinowski, Irina Gavrash. &#8211; Warszawa: Polski Instytut Studi\u00f3w nad Sztuk\u0105 \u015awiata; Toru\u0144: Wydawnictwo Tako, 2017.<\/li>\n<li>COP i miasto: nowoczesno\u015b\u0107 i dziedzictwo \/ [oprac. tekst\u00f3w Katarzyna Zarzycka]. &#8211; Stalowa Wola: Muzeum Regionalne, 2017.<\/li>\n<li>COP w obiektywie przedwojennych reporter\u00f3w \/ [oprac., wyb\u00f3r tekst\u00f3w i zdj\u0119\u0107 Katarzyna Zarzycka]. &#8211; Stalowa Wola: Muzeum Regionalne, 2017.<\/li>\n<li>Czarno-bia\u0142y obraz \u015bwiata: problemy ochrony i konserwacji dawnych fotografii \/ red. El\u017cbieta Jab\u0142o\u0144ska, Tomasz Kozielec. &#8211; Toru\u0144: Wydawnictwo Naukowe Uniwersytetu Miko\u0142aja Kopernika, 2018.<\/li>\n<li>Czas ko\u0144ca, czas pocz\u0105tku: architektura i urbanistyka Warszawy historycznej 1939-1956 \/ Piotr Majewski. &#8211; Warszawa: Bellona, 2018.<\/li>\n<li>Dare to choose: making choices in archaeological heritage management \/ ed. by Ann Degraeve. &#8211; Namur: Europae Archaeologiae Consilium: Association Internationale sans But Lucratif (AISBL), 2017.<\/li>\n<li>Denkmalpflege Informationen. &#8211; M\u00fcnchen: Bayerisches Landesamt f\u00fcr Denkmalpflege, 2006.<\/li>\n<li>Die maritime Stadt &#8211; Hafenst\u00e4dte an der Ostsee vom Mittelalter bis in die Gegenwart \/ hrsg. des Tomasz Torbus, Katarzyna Anna Wojtczak; Wydzia\u0142 Historyczny Uniwersytetu Gda\u0144skiego, Instytut Sztuki Polskiej Akademii Nauk, B\u00f6ckler-Mare-Balticum-Stiftung. &#8211; Warszawa: Instytut Sztuki Polskiej Akademii Nauk; Marburg: Herder-Institut, 2017.<\/li>\n<li>Die mittelalterlichen Glasmalereien in der Stadtpfarrkirche Mari\u00e4 Himmelfahrt in Krakau \/ Lech Kalinowski, Helena Ma\u0142kiewicz\u00f3wna, Dobros\u0142awa Horzela; mit einer kunstgeschichtlichen Einleitung von Marek Walczak. &#8211; Krak\u00f3w: TAiWPN Universitas: Polnische Akademie der Wissenschaften und K\u00fcnste, 2018.<\/li>\n<li>Domenico Tintoretto: obrazy z Tarnogrodu \/ [red. nauk. kat. Artur Badach]. &#8211; Warszawa: Zamek Kr\u00f3lewski &#8211; Muzeum, 2017.<\/li>\n<li>Drewno: w\u0142a\u015bciwo\u015bci i zastosowanie. T. 2, Suszenie i odpylanie \/ Karol Kope\u0107. &#8211; Starachowice: Karol Kope\u0107, 2018.<\/li>\n<li>Droga \u015bwi\u0119tego Jakuba Cudu nad Wis\u0142\u0105: przewodnik pielgrzyma \/ [aut. Jerzy Grzegorz Kazimierczak et al.]. &#8211; Warszawa: Konfraternia \u015bw. Jakuba przy Katedrze Polowej WP: Jerzy Grzegorz Kazimierczak, 2015.<\/li>\n<li>Dwory na Suwalszczy\u017anie: mieszka\u0144cy, rodziny \/ Andrzej Matusiewicz. &#8211; Suwa\u0142ki: Starostwo Powiatowe; Muzeum Okr\u0119gowe, 2018.<\/li>\n<li>Dzia\u0142aj i miej nadziej\u0119: stulecie pa\u0144stwowych s\u0142u\u017cb konserwatorskich w Polsce 1918-2018 \/ pod red. Jacka Rulewicza i Romana Marcinka. &#8211; [Warszawa]: Narodowy Instytut Dziedzictwa: Stowarzyszenie Konserwator\u00f3w Zabytk\u00f3w, [2018].<\/li>\n<li>Dzia\u0142alno\u015b\u0107 fundacyjna biskup\u00f3w krakowskich. T. 1 \/ pod red. Marka Walczaka. &#8211; Krak\u00f3w: Towarzystwo Naukowe Societas Vistulana, 2016.<\/li>\n<li>Dzia\u0142alno\u015b\u0107 fundacyjna biskup\u00f3w krakowskich. T. 2 \/ pod red. Marka Walczaka. &#8211; Krak\u00f3w: Towarzystwo Naukowe Societas Vistulana, 2016.<\/li>\n<li>Dzia\u0142alno\u015b\u0107 fundacyjna ksi\u0119cia Mieszka III Starego \/ Tomasz Ginter. &#8211; Krak\u00f3w: Towarzystwo Naukowe Societas Vistulana, 2008.<\/li>\n<li>Dziedzictwo i pami\u0119\u0107 Kres\u00f3w Wschodnich Rzeczypospolitej: II Muzealne Spotkania z Kresami \/ red. Tadeusz Skoczek; Muzeum Niepodleg\u0142o\u015bci w Warszawie. &#8211; Warszawa: Muzeum Niepodleg\u0142o\u015bci, 2017.<\/li>\n<li>Dziedzictwo ksi\u0105\u017c\u0105t mazowieckich: stan bada\u0144 i postulaty badawcze \/ red. nauk. Janusz Grabowski, Rafa\u0142 Mroczek, Przemys\u0142aw Mrozowski; Zamek Kr\u00f3lewski w Warszawie &#8211; Muzeum, Archiwum G\u0142\u00f3wne Akt Dawnych, Naczelna Dyrekcja Archiw\u00f3w Pa\u0144stwowych. &#8211; Warszawa: Arx Regia &#8211; O\u015brodek Wydawniczy Zamku Kr\u00f3lewskiego w Warszawie &#8211; Muzeum, 2017.<\/li>\n<li>Dziedzictwo kulturowe: aksjologia i transgraniczno\u015b\u0107 \/ red. nauk. Samanta Kowalska. &#8211; Pozna\u0144; Kalisz: Uniwersytet im. Adama Mickiewicza. Wydzia\u0142 Pedagogiczno-Artystyczny, 2018.<\/li>\n<li>Dziedzictwo kulturowe miasta Kalisza i regionu po\u0142udniowej Wielkopolski. T. 6 \/ red. nauk. Samanta Kowalska; Uniwersytet im. Adama Mickiewicza w Poznaniu. Wydzia\u0142 Pedagogiczno-Artystyczny. &#8211; Pozna\u0144; Kalisz: Uniwersytet im. Adama Mickiewicza. Wydzia\u0142 Pedagogiczno-Artystyczny, 2017.<\/li>\n<li>Dziedzictwo, dobra kultury, zabytki, ochrona i opieka w prawie \/ praca zbiorowa pod red. Piotra Dobosza, Katarzyny Szepelak, Witolda G\u00f3rnego. &#8211; Stan prawny na 30 czerwca 2015 r. &#8211; Krak\u00f3w: Studio Cubus, 2015.<\/li>\n<li>Dzieje budowlane zamku biskup\u00f3w w Lidzbarku Warmi\u0144skim \/ [tekst Andrzej Rzempo\u0142uch]. &#8211; Olsztyn: Muzeum Warmii i Mazur, 2016.<\/li>\n<li>Dzieje i skarby dominika\u0144skiego ko\u015bcio\u0142a pw. \u015bw. Miko\u0142aja w Toruniu \/ red. nauk. Anna B\u0142a\u017cejewska, Katarzyna Kluczwajd, El\u017cbieta Pilecka. &#8211; Toru\u0144: Stowarzyszenie Historyk\u00f3w Sztuki. Oddzia\u0142 Toru\u0144ski, 2017.<\/li>\n<li>Dzwon w chrze\u015bcija\u0144skiej Europie \/ red. nauk. Gerard Gu\u017alak. &#8211; Bydgoszcz: Wydawnictwo Uniwersytetu Kazimierza Wielkiego, 2017.<\/li>\n<li>Dzwonowo: \u015bredniowieczne zaginione miasto. T. 1, \u015arodowisko naturalne, zarys dziej\u00f3w, badania nieinwazyjne \/ red. Marcin Krzepkowski, Marcin Moeglich i Piotr Wroniecki. &#8211; W\u0105growiec: Muzeum Regionalne, 2017.<\/li>\n<li>Edgar Norwerth 1884-1950: artysta i cz\u0142owiek \/ Tomasz \u015aleboda; Polski Instytut Studi\u00f3w nad Sztuk\u0105 \u015awiata. &#8211; Warszawa: Polski Instytut Studi\u00f3w nad Sztuk\u0105 \u015awiata; Toru\u0144: Wydawnictwo Tako, 2018.<\/li>\n<li>Embarras de richesse, czyli o dziewi\u0119tnastowiecznych sztu\u0107cach sto\u0142owych \/ Marcelina Pali\u0144ska. &#8211; Warszawa: Muzeum Pa\u0142acu Kr\u00f3la Jana III w Wilanowie, 2018.<\/li>\n<li>Encyklopedia Che\u0142ma. T. 2, Miejsca. Cz. 1, A-K \/ [zesp\u00f3\u0142 red. Zygmunt Gardzi\u0144ski et al.]. &#8211; Che\u0142m: Pa\u0144stwowa Wy\u017csza Szko\u0142a Zawodowa: Che\u0142mskie Towarzystwo Naukowe, 2017.<\/li>\n<li>Epitafia i p\u0142yty nagrobne Katedry W\u0142oc\u0142awskiej \/ [red. Stanis\u0142aw Waszczy\u0144ski et al.]. &#8211; W\u0142oc\u0142awek: &#8220;Expol&#8221; P. Rybi\u0144ski, J. D\u0105bek, 2012.<\/li>\n<li>Etnografia Polska \/ Polska Akademia Nauk. Instytut Historii Kultury Materialnej. &#8211; Wroc\u0142aw: Zak\u0142ad Narodowy im. Ossoli\u0144skich, 1958-.<\/li>\n<li>Europe&#8217;s Cultural Landscape: archaeologists and the management of change \/ ed. by Graham Fairclough and Stephen Rippon; assistant ed. David Bull. &#8211; Brussels: Europae Archaeologiae Consilium, 2002.<\/li>\n<li>Fajki z bada\u0144 archeologicznych w zbiorach Zamku Kr\u00f3lewskiego na Wawelu \/ Magdalena Szewczyk-Wojtasiewicz. &#8211; Krak\u00f3w: Zamek Kr\u00f3lewski na Wawelu. Pa\u0144stwowe Zbiory Sztuki, 2017.<\/li>\n<li>Figura \u015bw. Jana Nepomucena ze Szczyt\u00f3w-Dzi\u0119cio\u0142owa: lwowska rze\u017aba rokokowa na Podlasiu \/ pod red. Wojciecha Kono\u0144czuka. &#8211; Warszawa: Fundacja im. Jana Walentego W\u0119gierskiego, 2018.<\/li>\n<li>Fortyfikacje Lubelszczyzny: badania archeologiczne \/ praca zbiorowa pod red. Ewy Banasiewicz-Szyku\u0142y; Lubelski Wojew\u00f3dzki Konserwator Zabytk\u00f3w w Lublinie. &#8211; Lublin: Wojew\u00f3dzki Urz\u0105d Ochrony Zabytk\u00f3w, 2017.<\/li>\n<li>Fortyfikacje Wschowy w \u015bredniowieczu i czasach nowo\u017cytnych \/ Jakub Drgas. &#8211; Wschowa: Muzeum Ziemi Wschowskiej, 2018.<\/li>\n<li>Franciszek Wyspia\u0144ski &#8211; krakowski rze\u017abiarz \/ [tekst Beata Studzi\u017cba-Kubalska]. &#8211; Krak\u00f3w: Muzeum Narodowe, 2017.<\/li>\n<li>Fukier i wino \/ red. Dorota Dias-Lewandowska, Gabriel Kurczewski. &#8211; Warszawa: Stowarzyszenie Historyk\u00f3w Sztuki, 2017.<\/li>\n<li>Galeria Sztuki \u015aredniowiecznej: przewodnik \/ [red. nauk. Antoni Ziemba; autorzy not kat. Justyna Anio\u0142ek, Zofia Herman-Templewicz, Ma\u0142gorzata Kochanowska, Antoni Ziemba]. &#8211; Warszawa: Muzeum Narodowe, 2017.<\/li>\n<li>Galeria Wzornictwa Polskiego \/ [teksty Anna Demska, Anna Fr\u0105ckiewicz, Anna Maga]. &#8211; Warszawa: Muzeum Narodowe, 2017.<\/li>\n<li>Gda\u0144sk ewangelicki \/ Maciej \u017bakiewicz; wst\u0119p Antoni Koz\u0142owski. &#8211; Gda\u0144sk: Fundacja Terytoria Ksi\u0105\u017cki, 2018.<\/li>\n<li>Gda\u0144sk protestancki w epoce nowo\u017cytnej: w 500-lecie wyst\u0105pienia Marcina Lutra. T. 1, Eseje \/ pod red. Edmunda Kizika i S\u0142awomira Ko\u015bcielaka. &#8211; Gda\u0144sk: Muzeum Narodowe, 2017.<\/li>\n<li>Gda\u0144sk protestancki w epoce nowo\u017cytnej: w 500-lecie wyst\u0105pienia Marcina Lutra. T. 2, Katalog \/ [red. nauk. Piotr Paluchowski, Agata Larczy\u0144ska, Monika P\u0142uciennik]. &#8211; Gda\u0144sk: Muzeum Narodowe, 2017.<\/li>\n<li>Gda\u0144skie arcydzie\u0142a sztuki z\u0142otniczej ze zbior\u00f3w Zamku Kr\u00f3lewskiego na Wawelu \/ [aut. kat. Anna Fr\u0105ckowska, Dariusz Nowacki]. &#8211; Gda\u0144sk: Muzeum Gda\u0144ska, 2018.<\/li>\n<li>Gda\u0144skie ogrody \/ [red. Ewa Barylewska-Szyma\u0144ska]. &#8211; Gda\u0144sk: Muzeum Gda\u0144ska, 2018.<\/li>\n<li>Gda\u0144skie Studia Archeologiczne \/ Uniwersytet Gda\u0144ski. Instytut Archeologii. &#8211; Gda\u0144sk; Sopot: Wydawnictwo Uniwersytetu Gda\u0144skiego, 2007-.<\/li>\n<li>Gda\u0144skie Studia Muzealne \/ Muzeum Narodowe w Gda\u0144sku. &#8211; Gda\u0144sk: Muzeum Narodowe, 1976-.<\/li>\n<li>Gmachy i wn\u0119trza sejmowe w Polsce \/ Bo\u017cena Wierzbicka. &#8211; Wyd. 2, popr. i uzup. &#8211; Warszawa: Wydawnictwo Sejmowe, 2018.<\/li>\n<li>Gmina Rytwiany: dziedzictwo kulturowe \/ Dariusz Kalina. &#8211; Rytwiany; Kielce: Wydawnictwo \u015awiatowid, 2017.<\/li>\n<li>Gniezno: wczesno\u015bredniowieczny zesp\u00f3\u0142 grodowy \/ red. Tomasz Sawicki; wsp\u00f3\u0142red. Magdalena Bis. &#8211; Warszawa: Instytut Archeologii i Etnologii Polskiej Akademii Nauk, 2018.<\/li>\n<li>Gotycka architektura sakralna na \u015al\u0105sku w latach 1200-1420: g\u0142\u00f3wne kierunki rozwoju \/ Jakub Adamski. &#8211; Krak\u00f3w: Wydawnictwo Towarzystwa Naukowego &#8220;Societas Vistulana&#8221;, 2017.<\/li>\n<li>G\u00f3rnictwo w czasie, przestrzeni, kulturze \/ pod red. Stanis\u0142awa Januszewskiego; Polski Kongres G\u00f3rniczy 2007, Fundacja Otwartego Muzeum Techniki. &#8211; Wroc\u0142aw: WPHU Pionier, 2007.<\/li>\n<li>Grabkowo, gm. Kowal, stanowiska 7 i 8: \u017ar\u00f3d\u0142a archeologiczne do studi\u00f3w nad okresem przedrzymskim na Nizinie Wielkopolsko-Kujawskiej \/ Wojciech Kaczor, Andrzej Micha\u0142owski, Milena Teska, Marek \u017b\u00f3\u0142kiewski. &#8211; Pozna\u0144: Wydawnictwo Nauka i Innowacje, 2017.<\/li>\n<li>Grafika, portrety: Zamek Kr\u00f3lewski w Warszawie &#8211; Muzeum i Fundacja Zbior\u00f3w im. Ciechanowieckich: katalog zbior\u00f3w \/ Tomasz Jakubowski; Zamek Kr\u00f3lewski w Warszawie &#8211; Muzeum. &#8211; Warszawa: Arx Regia &#8211; O\u015brodek Wydawniczy Zamku Kr\u00f3lewskiego w Warszawie &#8211; Muzeum, 2017.<\/li>\n<li>Gr\u0105dy-Woniecko: ostatni \u0142owcy-zbieracze znad \u015brodkowej Narwi \/ Adam Wawrusiewicz, Tomasz Kalicki, Micha\u0142 Prze\u017adziecki, Marcin Fr\u0105czek, Dariusz Manasterski; z udzia\u0142em Witolda Gru\u017cdzia [et. al.]. &#8211; Bia\u0142ystok: Muzeum Podlaskie, 2017.<\/li>\n<li>Grodziska wczesno\u015bredniowieczne Polski centralnej: archeologiczne badania nieinwazyjne z lat 2013-2016: praca zbiorowa \/ pod red. Aleksandra Andrzejewskiego i Jerzego Sikory. &#8211; \u0141\u00f3d\u017a: Stowarzyszenie Naukowe Archeolog\u00f3w Polskich. Oddzia\u0142: Instytut Archeologii Uniwersytetu \u0141\u00f3dzkiego, 2017.<\/li>\n<li>Grodzisko i zamek w Czudcu na terenie dawnej ziemi sandomierskiej w \u015bwietle bada\u0144 archeologicznych w latach 2001 &#8211; 2010 \/ Antoni Lubelczyk. &#8211; Rzesz\u00f3w: Oficyna Wydawnicza &#8220;Zimowit&#8221;, 2017.<\/li>\n<li>Gwiazdy orderowe: katalog \/ [aut. katalogu Virgilijus Povili\u016bnas, Oleg \u0160eveliov]. &#8211; Malbork: Muzeum Zamkowe, 2017.<\/li>\n<li>Heritage Management of Farmed and Forested Landscapes in Europe \/ ed. by Stephen Trow, Vincent Holyoak and Emmet Byrnes. &#8211; Brussels: Europae Archaeologiae Consilium: Association Internationale sans But Lucratif (AISBL), 2010.<\/li>\n<li>Heritage Reinvents Europe \/ ed. by Dirk Callebaut, Jan Ma\u0159\u00edk and Jana Ma\u0159\u00edkov\u00e1-Kubkov\u00e1. &#8211; Namur: Europae Archaeologiae Consilium: Association Internationale sans But Lucratif (AISBL), 2010.<\/li>\n<li>Historia i ochrona drewnianej architektury sakralnej Kr\u00f3l\u00f3wki, \u0141apanowa, \u0141osiny G\u00f3rnej: wybrane problemy konserwatorskie \/ Marek Jankisz. &#8211; Jastrz\u0119bie-Zdr\u00f3j: Wydawnictwo Black Unicorn, 2016.<\/li>\n<li>Historia klasztoru Benedyktynek w Stani\u0105tkach \/ Bogus\u0142aw Krasnowolski. &#8211; Krak\u00f3w: Klasztor Benedyktynek w Stani\u0105tkach, 1999.<\/li>\n<li>Historia Ostpreussisches Heimatmuseum w Kr\u00f3lewcu \/ Wies\u0142awa Chodkowska, Monika Sabljak-Ol\u0119dzka, Zuzanna Adamiec. &#8211; Olsztynek: Muzeum Budownictwa Ludowego &#8211; Park Etnograficzny, 2015.<\/li>\n<li>Historia, konserwacja, rewitalizacja: funkcjonowanie rezydencji regionu \u0142\u00f3dzkiego w kontek\u015bcie do\u015bwiadcze\u0144 europejskich: prace dedykowane pami\u0119ci Profesora Leszka Kajzera \/ pod red. Tadeusza Bernatowicza, Piotra Gryglewskiego i Krzysztofa Stefa\u0144skiego. &#8211; \u0141\u00f3d\u017a: Katedra Historii Sztuki. Uniwersytet \u0141\u00f3dzki: Stowarzyszenie Naukowe Archeolog\u00f3w Polskich. Oddzia\u0142, 2016.<\/li>\n<li>Ikonografia ulic Szewskiej i Szczepa\u0144skiej, placu Szczepa\u0144skiego, ulic Reformackiej i S\u0142awkowskiej oraz zachodnich odcink\u00f3w ulic \u015aw. Marka i Pijarskiej w Krakowie \/ Iwona K\u0119der, Waldemar Komorowski, Mateusz \u0141epkowski. &#8211; Krak\u00f3w: Muzeum Narodowe, 2018.<\/li>\n<li>Ikonosfera: zeszyty muzealne \/ Muzeum Ikon w Supra\u015blu. &#8211; Bia\u0142ystok: Muzeum Podlaskie, 2012-.<\/li>\n<li>Intangible cultural heritage: safeguarding experiences in Central and Eastern European countries and China: 10th anniversary of the entry into force of the 2003 UNESCO Convention through the prism of Sustainable Development \/ ed. by Hanna Schreiber. &#8211; Warszawa: Narodowy Instytut Dziedzictwa, 2017.<\/li>\n<li>Integracja sztuki i techniki w architekturze i urbanistyce. T. 5\/1 \/ [red. nauk. Grzegorz Rzepecki]; Uniwersytet Technologiczno-Przyrodniczy im. Jana i J\u0119drzeja \u015aniadeckich w Bydgoszczy. Wydzia\u0142 Budownictwa, Architektury i In\u017cynierii \u015arodowiska. Katedra Urbanistyki i Planowania Przestrzennego. &#8211; Bydgoszcz: Wydawnictwo Uczelniane Uniwersytetu Technologiczno-Przyrodniczego, 2017.<\/li>\n<li>Integracja sztuki i techniki w architekturze i urbanistyce. T. 5\/2 \/ [red. nauk. Grzegorz Rzepecki]; Uniwersytet Technologiczno-Przyrodniczy im. Jana i J\u0119drzeja \u015aniadeckich w Bydgoszczy. Wydzia\u0142 Budownictwa, Architektury i In\u017cynierii \u015arodowiska. Katedra Urbanistyki i Planowania Przestrzennego. &#8211; Bydgoszcz: Wydawnictwo Uczelniane Uniwersytetu Technologiczno-Przyrodniczego, 2017.<\/li>\n<li>Inwentaryzacja cmentarzy \u0142emkowskich na terenie gminy S\u0119kowa. T. 1, Bartne, Bodaki, Krzywa, Pstr\u0105\u017cne, Wo\u0142owiec \/ Roman Dubec, Adam Janczy. &#8211; Gorlice: Diecezjalny O\u015brodek Kultury Prawos\u0142awnej &#8220;Elpis&#8221;, 2008.<\/li>\n<li>Inwentaryzacja cmentarzy \u0142emkowskich na terenie gminy S\u0119kowa. T. 2, Ma\u0142ast\u00f3w, M\u0119cina Wielka, Owczary, P\u0119tna, Ropica G\u00f3rna \/ Roman Dubec, Adam Janczy. &#8211; Gorlice: Diecezjalny O\u015brodek Kultury Prawos\u0142awnej &#8220;Elpis&#8221;, 2009.<\/li>\n<li>Inwentaryzacja cmentarzy \u0142emkowskich na terenie gminy U\u015bcie Gorlickie T. 1, Kunkowa, Kwiato\u0144, Leszczyny, Nowica, Przys\u0142up, U\u015bcie Gorlickie \/ Roman Dubec, Adam Janczy. &#8211; Gorlice: Diecezjalny O\u015brodek Kultury Prawos\u0142awnej &#8220;Elpis&#8221;, 2010.<\/li>\n<li>Jan III Sobieski: polski kr\u00f3l w Wiedniu \/ wyd. Pawe\u0142 Jaskanis i Stella Rollig; red. Maike Hohn i Konrad Pyzel. &#8211; M\u00fcnchen: Hirmer Verlag, 2017.<\/li>\n<li>Jan\u00f3w Pomorski\/Truso: struktura i zabudowa strefy portowej (badania 1982-1991). T. 3 :1 \/ Marek Franciszek Jagodzi\u0144ski. &#8211; Elbl\u0105g: Muzeum Archeologiczno-Historyczne, 2017.<\/li>\n<li>Jerzy Staniszkis: architekt \/ Magdalena Stopa. &#8211; Warszawa: Salix Alba, 2018.<\/li>\n<li>Journal of cultural heritage. &#8211; Paris: Elsevier, 1999-.<\/li>\n<li>J\u00f3zef Brandt 1841-1915: malowniczy \u015bwiat polsko\u015bci \/ Ewa Micke-Broniarek. &#8211; Warszawa: Muzeum Narodowe, 2018.<\/li>\n<li>J\u00f3zef Brandt 1841-1915. T. 1 \/ red. nauk. Ewa Micke-Broniarek. &#8211; Warszawa: Muzeum Narodowe, 2018.<\/li>\n<li>J\u00f3zef Brandt 1841-1915. T. 2 \/ red. nauk. Ewa Micke-Broniarek. &#8211; Warszawa: Muzeum Narodowe, 2018.<\/li>\n<li>J\u00f3zef Brandt 1841-1915. T. 3 \/ red. nauk. Ewa Micke-Broniarek. &#8211; Warszawa: Muzeum Narodowe, 2018.<\/li>\n<li>J\u00f3zef Kremer (1806-1875): studia i materia\u0142y \/ red. nauk. Urszula B\u0119czkowska, Ryszard Kasperowicz, Jacek Maj. &#8211; Krak\u00f3w: Instytut Historii Sztuki Uniwersytetu Jagiello\u0144skiego, 2016.<\/li>\n<li>Kalwaria Wielewska: stulecie trwania (1915-2015) \/ red. Bo\u017cena G\u00f3rczy\u0144ska-Przyby\u0142owicz, Fryderyk Mudzo, Monika Jania-Szczechowiak. &#8211; Pozna\u0144: Instytut Historii UAM, 2017.<\/li>\n<li>Karl Grosser: \u015bl\u0105ski architekt (1850-1918) \/ Marta Ostrowska-Bies. &#8211; Wroc\u0142aw: Oficyna Wydawnicza ATUT &#8211; Wroc\u0142awskie Wydawnictwo O\u015bwiatowe, 2017.<\/li>\n<li>Katalog Gabinetu Rycin PAU w Bibliotece Naukowej PAU i PAN w Krakowie: szko\u0142a niderlandzka XVI, XVII i XVIII w. Cz. 2, C \/ oprac. Krzysztof Kru\u017cel; Polska Akademia Umiej\u0119tno\u015bci, Biblioteka Naukowa PAU i PAN w Krakowie. &#8211; Krak\u00f3w: Polska Akademia Umiej\u0119tno\u015bci, 2001.<\/li>\n<li>Katalog Gabinetu Rycin PAU w Bibliotece Naukowej PAU i PAN w Krakowie: szko\u0142a niderlandzka XVI, XVII i XVIII w. Cz. 3, D-E \/ oprac. Jan Motyka; Polska Akademia Umiej\u0119tno\u015bci, Biblioteka Naukowa PAU i PAN w Krakowie. &#8211; Krak\u00f3w: Polska Akademia Umiej\u0119tno\u015bci, 2003.<\/li>\n<li>Katalog Gabinetu Rycin PAU w Bibliotece Naukowej PAU i PAN w Krakowie: szko\u0142a niderlandzka XVI, XVII i XVIII w. Cz. 5, 1, Philips Galle \/ Ma\u0142gorzata Pokorska-Primus; Polska Akademia Umiej\u0119tno\u015bci, Biblioteka Naukowa PAU i PAN w Krakowie. &#8211; Krak\u00f3w: Polska Akademia Umiej\u0119tno\u015bci, 2010.<\/li>\n<li>Katalog Gabinetu Rycin PAU w Bibliotece Naukowej PAU i PAN w Krakowie: szko\u0142a niderlandzka XVI, XVII i XVIII w. Cz. 6, Hendrick Goltzius i jego pracownia \/ Ma\u0142gorzata Pokorska-Primus; Polska Akademia Umiej\u0119tno\u015bci, Biblioteka Naukowa PAU i PAN w Krakowie. &#8211; Krak\u00f3w: Polska Akademia Umiej\u0119tno\u015bci, 2004.<\/li>\n<li>Katalog Gabinetu Rycin PAU w Bibliotece Naukowej PAU i PAN w Krakowie: szko\u0142a niderlandzka XVI, XVII i XVIII w. Cz. 8, Hooghe Romeyn de &#8211; Huys Frans \/ Anna Olszewska; Polska Akademia Umiej\u0119tno\u015bci, Biblioteka Naukowa PAU i PAN w Krakowie. &#8211; Krak\u00f3w: Polska Akademia Umiej\u0119tno\u015bci, 2013.<\/li>\n<li>Katalog Gabinetu Rycin PAU w Bibliotece Naukowej PAU i PAN w Krakowie: szko\u0142a niderlandzka XVI, XVII i XVIII w. Cz. 9, I-K \/ Krzysztof Kru\u017cel; Polska Akademia Umiej\u0119tno\u015bci, Biblioteka Naukowa PAU i PAN w Krakowie. &#8211; Krak\u00f3w: Polska Akademia Umiej\u0119tno\u015bci, 2015.<\/li>\n<li>Katalog Gabinetu Rycin PAU w Bibliotece Naukowej PAU i PAN w Krakowie: szko\u0142a niderlandzka XVI, XVII i XVIII w. Cz. 16, Rembrandt van Rijn \/ Krzysztof Kru\u017cel; Polska Akademia Umiej\u0119tno\u015bci, Biblioteka Naukowa PAU i PAN w Krakowie. &#8211; Krak\u00f3w: Polska Akademia Umiej\u0119tno\u015bci, 2006.<\/li>\n<li>Katalog Gabinetu Rycin PAU w Bibliotece Naukowej PAU i PAN w Krakowie: szko\u0142a niderlandzka XVI, XVII i XVIII w. Cz. 5\/2, Rodzina Galle: Theodoor, Cornelis I, Cornelis II, Cornelis III \/ Ma\u0142gorzata Pokorska-Primus; Polska Akademia Umiej\u0119tno\u015bci, Biblioteka Naukowa PAU i PAN w Krakowie. &#8211; Krak\u00f3w: Polska Akademia Umiej\u0119tno\u015bci, 2018.<\/li>\n<li>Katalog zabytk\u00f3w sztuki: wojew\u00f3dztwo wroc\u0142awskie (dolno\u015bl\u0105skie): Syc\u00f3w, Mi\u0119dzyb\u00f3rz i okolice \/ pod red. Jana Harasimowicza; oprac. aut. Arkadiusz Dobrzyniecki, Ewelina Mielczarek, Piotr Oszczanowski. &#8211; Warszawa: Instytut Sztuki Polskiej Akademii Nauk; [Wroc\u0142aw]: Instytut Historii Sztuki Uniwersytetu Wroc\u0142awskiego, 2018.<\/li>\n<li>Katalog zabytk\u00f3w sztuki w Polsce. T. 5, Wojew\u00f3dztwo pozna\u0144skie. Z. 8, Powiat kolski \/ inwentaryzacj\u0119 przeprowadzi\u0142a Janina Rutkowska. &#8211; Warszawa: Instytut Sztuki Polskiej Akademii Nauk. Dzia\u0142 Inwentaryzacji Zabytk\u00f3w, 1960.<\/li>\n<li>Katedra w\u0142oc\u0142awska \/ Janusz Rosiko\u0144. &#8211; Izabelin; Warszawa: Rosikon Press, 2011.<\/li>\n<li>Klejnot w koronie: 650-lecie konsekracji katedry krakowskiej \/ pod red. Jacka Urbana i Eweliny Zych. &#8211; Krak\u00f3w: Archiwum i Biblioteka Krakowskiej Kapitu\u0142y Katedralnej, 2017.<\/li>\n<li>Klejnoty w s\u0142u\u017cbie sacrum i dewocji: bi\u017cuteria w Polsce \/ [red. nauk. Katarzyna Kluczwajd]. &#8211; Toru\u0144: Toru\u0144ski Oddzia\u0142 Stowarzyszenia Historyk\u00f3w Sztuki, 2017.<\/li>\n<li>Kobieta wodzem chwalebnego czynu: tw\u00f3rczynie pierwszych polskich muze\u00f3w i ogrod\u00f3w filozoficznych \/ Teresa Grzybkowska. &#8211; Warszawa: Polski Instytut Studi\u00f3w nad Sztuk\u0105 \u015awiata; Toru\u0144: Wydawnictwo Tako, 2018.<\/li>\n<li>Kokot\u00f3w, stanowisko 19, gm. Wieliczka: od wczesnej epoki br\u0105zu po schy\u0142ek okresu rzymskiego \/ red. Jacek G\u00f3rski, Andrzej Matoga. &#8211; Krak\u00f3w: Krakowski Zesp\u00f3\u0142 do Bada\u0144 Autostrad, 2017.<\/li>\n<li>Kolekcja portret\u00f3w kr\u00f3l\u00f3w kurkowych ze zbior\u00f3w Muzeum Okr\u0119gowego w Lesznie \/ Gra\u017cyna Michalak; Muzeum Okr\u0119gowe w Lesznie. &#8211; Leszno: Muzeum Okr\u0119gowe, 2017.<\/li>\n<li>Ko\u0142obrzeg: wczesne miasto nad Ba\u0142tykiem \/ pod. red. Lecha Leciejewicza i Mariana R\u0119bkowskiego. &#8211; Warszawa: Fundacja na Rzecz Nauki Polskiej: Instytut Archeologii i Etnologii Polskiej Akademii Nauk: Wydawnictwo Trio, 2007.<\/li>\n<li>Kompozycje przyrody w ikonografii maryjnej na wybranych przyk\u0142adach malarstwa niderlandzkiego i niemieckiego od XV do pocz\u0105tku XVI wieku \/ Ma\u0142gorzata \u017bak-Kulesza. &#8211; Lublin: Wydawnictwo KUL, 2017.<\/li>\n<li>Konserwacja zapobiegawcza \u015brodowiska. 5, Dziedzictwo militarne \/ pod red. Wojciecha Borkowskiego, Wojciecha Brzezi\u0144skiego, Jacka Wysockiego. &#8211; Warszawa: Pa\u0144stwowe Muzeum Archeologiczne: Instytut Archeologii Uniwersytetu Kardyna\u0142a Stefana Wyszy\u0144skiego, 2017.<\/li>\n<li>Kopna G\u00f3ra 1831 \/ red. Rados\u0142aw Dobrowolski. &#8211; Supra\u015bl: Collegium Suprasliense, 2016.<\/li>\n<li>Ko\u015bcio\u0142y drewniane na \u015al\u0105sku \/ Jacek Kubik. &#8211; Gliwice: Wok\u00f3\u0142 Nas, 2018.<\/li>\n<li>Ko\u015bcio\u0142y i klasztory rzymskokatolickie dawnego wojew\u00f3dztwa nowogr\u00f3dzkiego. T. 5, Ko\u015bcio\u0142y Nowogr\u00f3dka \/ red. Maria Ka\u0142amajska-Saeed; Mi\u0119dzynarodowe Centrum Kultury w Krakowie. &#8211; Krak\u00f3w: Mi\u0119dzynarodowe Centrum Kultury, 2017.<\/li>\n<li>Ko\u015bcio\u0142y neoroma\u0144skie w archidiecezji przemyskiej \/ Micha\u0142 Proksa, Monika Zub. &#8211; Rzesz\u00f3w: Oficyna Wydawnicza Politechniki Rzeszowskiej, 2017.<\/li>\n<li>Ko\u015bci\u00f3\u0142 katedralny w Bydgoszczy \/ studia pod red. Aleksandra Jankowskiego i Dariusza Karczewskiego. &#8211; Bydgoszcz: Wydawnictwo Uniwersytetu Kazimierza Wielkiego, 2018.<\/li>\n<li>Krajobrazy socmodernizacji: architektura jubileuszowa trzydziestolecia PRL w Wielkopolsce \/ Weronika Bryl-Roman. &#8211; Pozna\u0144: Wydawnictwo Naukowe Wydzia\u0142u Nauk Spo\u0142ecznych UAM, 2017.<\/li>\n<li>Krajowa lista niematerialnego dziedzictwa kulturowego \/ [oprac. Katarzyna Sadowska-Mazur, Julia W\u0142odarczyk]. &#8211; Warszawa: Narodowy Instytut Dziedzictwa, 2016.<\/li>\n<li>Krajowa lista niematerialnego dziedzictwa kulturowego \/ [oprac. Katarzyna Sadowska-Mazur, Julia W\u0142odarczyk]. &#8211; Warszawa: Narodowy Instytut Dziedzictwa, 2017.<\/li>\n<li>Krak\u00f3w 1900 \/ Urszula Kozakowska-Zaucha. &#8211; Krak\u00f3w: Muzeum Narodowe, 2018.<\/li>\n<li>Kresowe rezydencje: zamki, pa\u0142ace i dwory na dawnych ziemiach wschodnich II RP. T. 1, Wojew\u00f3dztwo wile\u0144skie \/ Grzegorz R\u0105kowski. &#8211; Warszawa: Instytut Pami\u0119ci Narodowej. Komisja \u015acigania Zbrodni przeciwko Narodowi Polskiemu, 2017.<\/li>\n<li>Kronika Boernerowa \/ Lowisa Lermer. &#8211; Warszawa: Instytut Pami\u0119ci Narodowej. Komisja \u015acigania Zbrodni przeciwko Narodowi Polskiemu, 2017.<\/li>\n<li>Kronika Miasta Poznania: miesi\u0119cznik po\u015bwi\u0119cony sprawom kulturalnym sto\u0142. m. Poznania: (organ Towarzystwa Mi\u0142o\u015bnik\u00f3w Miasta Poznania) \/ red. Zygmunt Zaleski. &#8211; Pozna\u0144: Magistrat sto\u0142. m. Poznania, 1923-.<\/li>\n<li>Kr\u00f3lewska rezydencja w \u0141obzowie we wsp\u00f3\u0142czesnej strukturze miasta: monografia \/ Anna Agata Kantarek, Jacek Gyurkovich, Agata Zachariasz; Politechnika Krakowska im. Tadeusza Ko\u015bciuszki. &#8211; Krak\u00f3w: Wydawnictwo PK, 2018.<\/li>\n<li>Kultura trypolska &#8211; kultura puchar\u00f3w lejkowatych: nat\u0119\u017cenie kontakt\u00f3w i ich chronologia \/ Ma\u0142gorzata Rybicka; Instytut Archeologii Uniwersytetu Rzeszowskiego. &#8211; Rzesz\u00f3w: Wydawnictwo Uniwersytetu Rzeszowskiego: Oficyna Wydawnicza &#8220;Zimowit&#8221;, 2017.<\/li>\n<li>Libri veritatis Atanazego Raczy\u0144skiego. T. 1 \/ oprac. Wojciech Suchocki; Uniwersytet im. Adama Mickiewicza w Poznaniu. Wydzia\u0142 Historyczny. Instytut Historii Sztuki. &#8211; Pozna\u0144: Instytut Historii Sztuki Uniwersytetu im. Adama Mickiewicza, 2017.<\/li>\n<li>Libri veritatis Atanazego Raczy\u0144skiego. T. 2 \/ oprac. Wojciech Suchocki; Uniwersytet im. Adama Mickiewicza w Poznaniu. Wydzia\u0142 Historyczny. Instytut Historii Sztuki. &#8211; Pozna\u0144: Instytut Historii Sztuki Uniwersytetu im. Adama Mickiewicza, 2017.<\/li>\n<li>Listing archaeological sites, protecting the historical landscape \/ ed. by Peter A. C. Schut. &#8211; Brussels: Europae Archaeologiae Consilium: Association Internationale sans But Lucratif (AISBL), 2009.<\/li>\n<li>Listy z podr\u00f3\u017cy: korespondencja Jana Chrystiana Kamsetzera z kr\u00f3lem Stanis\u0142awem Augustem i Marcellem Bacciarellim 1776-1777, 1780-1782, 1787 \/ wst\u0119p i oprac. tekstu Marzena Kr\u00f3likowska-Dziubecka. &#8211; Warszawa: Muzeum \u0141azienki Kr\u00f3lewskie, 2017.<\/li>\n<li>Lotnicze skanowanie laserowe jako narz\u0119dzie archeologii \/ pod red. Martina Gojdy i Zbigniewa Kobyli\u0144skiego. &#8211; Warszawa: Instytut Archeologii Uniwersytetu Kardyna\u0142a Stefana Wyszy\u0144skiego: Fundacja Res Publica Multiethnica, 2018.<\/li>\n<li>Lublin wczesno\u015bredniowieczny: studium rozwoju przestrzennego \/ Andrzej Rozwa\u0142ka, Rafa\u0142 Nied\u017awiadek, Marek Stasiak. &#8211; Warszawa: Fundacja na Rzecz Nauki Polskiej: Wydawnictwo Trio, 2006.<\/li>\n<li>Lubuskie: ma\u0142y album dawnej architektury. T. 2, Powiaty: kro\u015bnie\u0144ski i \u015bwiebodzi\u0144ski \/ Krzysztof Garbacz. &#8211; Zielona G\u00f3ra: Agencja Wydawnicza &#8220;PDN&#8221;, 2018.<\/li>\n<li>Lutomiersk &#8211; Wrz\u0105ca, stanowisko 1, gmina Lutomiersk, Mastki, stanowisko 2, gmina Ch\u0105\u015bno, wojew\u00f3dztwo \u0142\u00f3dzkie: cmentarzyska epoki br\u0105zu \u0142u\u017cyckich p\u00f3l popielnicowych z Polski \u015arodkowej \/ B\u0142a\u017cej Muzolf, Anna Zieli\u0144ska, Piotr Kittel. &#8211; \u0141\u00f3d\u017a: Muzeum Archeologiczne i Etnograficzne, 2017.<\/li>\n<li>Lw\u00f3w nowoczesny \/ red. nauk. \u0141ukasz Galusek, Jacek Purchla; koncepcja kat. Julia Bohdanova, \u017banna Komar. &#8211; Krak\u00f3w: Mi\u0119dzynarodowe Centrum Kultury, 2017.<\/li>\n<li>\u0141aci\u0144skie inskrypcje w ko\u015bcio\u0142ach Warmii: katedra we Fromborku \/ El\u017cbieta Starek, Grzegorz Kot\u0142owski. &#8211; Pelplin: Wydawnictwo Bernardinum; Frombork: Muzeum Pomnika Historii &#8220;Frombork Zesp\u00f3\u0142 Katedralny&#8221;, 2017.<\/li>\n<li>\u0141apsze Wy\u017cne: ko\u015bci\u00f3\u0142 \u015awi\u0119tych Aposto\u0142\u00f3w Piotra i Paw\u0142a \/ tekst Andrzej Skorupa; zdj\u0119cia Rafa\u0142 Monita. &#8211; Krak\u00f3w: Wydawnictwo Astraia, 2018.<\/li>\n<li>\u0141\u00f3dzki detal: przewodnik po \u0141odzi szlakami detali architektonicznych \/ Maria Nowakowska. &#8211; \u0141\u00f3d\u017a: Centrum Inicjatyw na rzecz Rozwoju REGIO, 2016.<\/li>\n<li>Magnificentia Rerum: materia\u0142y \u017ar\u00f3d\u0142owe do fundacji artystycznych w XVIII wieku \/ Andrzej Betlej, Anna Markiewicz. &#8211; Krak\u00f3w: Wydawnictwo Attyka, 2017.<\/li>\n<li>Malarstwo barokowe na \u015al\u0105sku \/ pod red. Andrzeja Kozie\u0142a. &#8211; Wroc\u0142aw: Wydawnictwo Via Nova, 2017.<\/li>\n<li>Maria Kazimiera Sobieska (1641-1716): w kr\u0119gu rodziny, polityki i kultury \/ red. nauk. Anna Kalinowska, Pawe\u0142 Tyszka; Zamek Kr\u00f3lewski w Warszawie &#8211; Muzeum. &#8211; Warszawa: Arx Regia &#8211; O\u015brodek Wydawniczy Zamku Kr\u00f3lewskiego w Warszawie &#8211; Muzeum, 2017.<\/li>\n<li>Mazowiecki Rocznik Konserwatorski \/ Biuro Sto\u0142ecznego Konserwatora Zabytk\u00f3w. &#8211; Warszawa: Przedsi\u0119biorstwo Wydawnicze Rzeczpospolita, 2007-.<\/li>\n<li>Meble stylowe ze zbior\u00f3w Muzeum Podlaskiego w Bia\u0142ymstoku \/ Anna D\u0105browska, Jerzy Ostapczuk. &#8211; Bia\u0142ystok: Muzeum Podlaskie, 2018.<\/li>\n<li>Megalityczny grobowiec kultury amfor kulistych z Kierzkowa na Pa\u0142ukach: milcz\u0105cy \u015bwiadek kultu przodk\u00f3w z epoki kamienia \/ pod red. Szymona Nowaczyka, \u0141ukasza Pospiesznego i Iwony Sobkowiak-Tabaki; Muzeum Archeologiczne w Biskupinie. &#8211; Biskupin: Muzeum Archeologiczne, 2017.<\/li>\n<li>Miasta ziemi lubuskiej w obliczu II wojny \u015bwiatowej: miejsca pami\u0119ci: [aut. tekst\u00f3w Barbara Bielinis-Kope\u0107, Stanis\u0142aw Kowalski, Przemys\u0142aw S\u0142owi\u0144ski]. &#8211; Zielona G\u00f3ra: Wojew\u00f3dzki Urz\u0105d Ochrony Zabytk\u00f3w, 2014.<\/li>\n<li>Miastoprojektanci: \u0142\u00f3dzcy architekci w czasach PRL-u \/ B\u0142a\u017cej Ciarkowski. &#8211; \u0141\u00f3d\u017a: Ksi\u0119\u017cy M\u0142yn Dom Wydawniczy Micha\u0142 Koli\u0144ski, 2018.<\/li>\n<li>Michelangelo Palloni: malarz fresk\u00f3w \/ [red. prowadz\u0105cy El\u017cbieta Modzelewska]. &#8211; Warszawa: Muzeum Pa\u0142acu Kr\u00f3la Jana III w Wilanowie, 2017.<\/li>\n<li>Miejsce: studia nad sztuk\u0105 i architektur\u0105 polsk\u0105 XX i XXI wieku \/ [Akademia Sztuk Pi\u0119knych w Warszawie, Fundacja Kultura Miejsca; red. nacz. Lidia Klein]. &#8211; Warszawa: Akademia Sztuk Pi\u0119knych: Fundacja Kultura Miejsca, 2015-.<\/li>\n<li>Mi\u0119dzy Jutlandi\u0105 a Sambi\u0105: Truso w kontek\u015bcie bada\u0144 po\u0142udniowo-zachodniej strefy basenu Morza Ba\u0142tyckiego w okresie wiki\u0144skim. T. 3 :2 \/ red. Marek Franciszek Jagodzi\u0144ski. &#8211; Elbl\u0105g: Muzeum Archeologiczno-Historyczne, 2017.<\/li>\n<li>Mi\u0119dzy miastem a dworem: badania archeologiczne placu Zamkowego w Warszawie w latach 1977-1983. Cz. 1 \/ [red. Zbigniew Polak, Katarzyna Meyza]. &#8211; Warszawa: Muzeum Warszawy, 2017.<\/li>\n<li>Mi\u0119dzy miastem a dworem: badania archeologiczne placu Zamkowego w Warszawie w latach 1977-1983. Cz. 2 \/ [red. Zbigniew Polak, Katarzyna Meyza]. &#8211; Warszawa: Muzeum Warszawy, 2017.<\/li>\n<li>Migracje: materia\u0142y z LXV Og\u00f3lnopolskiej Sesji Naukowej Stowarzyszenia Historyk\u00f3w Sztuki, Warszawa 24-25 listopada 2016 r. \/ pod red. Anny Sylwii Czy\u017c, Katarzyny Chrudzimskiej-Uhery. &#8211; Warszawa: Zarz\u0105d G\u0142\u00f3wny Stowarzyszenia Historyk\u00f3w Sztuki: Oddzia\u0142 Warszawski SHS, 2017.<\/li>\n<li>Miniatury europejskie: katalog zbior\u00f3w \/ Hanna Ma\u0142achowicz; Zamek Kr\u00f3lewski w Warszawie &#8211; Muzeum. &#8211; Warszawa: Arx Regia &#8211; O\u015brodek Wydawniczy Zamku Kr\u00f3lewskiego w Warszawie &#8211; Muzeum, 2018.<\/li>\n<li>M\u0142yn papierniczy w Dusznikach-Zdroju \/ Rafa\u0142 Eysymontt, Reiner Sachs, Maciej Szymczyk. &#8211; Duszniki Zdr\u00f3j: Muzeum Papiernictwa; Velk\u00e9 Losiny: Muzeum Papieru, 2018.<\/li>\n<li>Modernizm w Europie &#8211; modernizm w Gdyni: architektura XX wieku i jej waloryzacja w Gdyni i w Europie \/ [red. Maria Jolanta So\u0142tysik, Robert Hirsch]. &#8211; Gdynia: Urz\u0105d Miasta, 2017.<\/li>\n<li>Modu\u0142y i wie\u017cowce: polscy architekci wobec przemian w budownictwie mieszkaniowym 1956-1970 \/ Marek Czapelski. &#8211; Warszawa: Neriton, 2018.<\/li>\n<li>Modus: prace z historii sztuki \/ Instytut Historii Sztuki Uniwersytetu Jagiello\u0144skiego. &#8211; Krak\u00f3w: Universitas, 2000-.<\/li>\n<li>Muzealnictwo \/ Ministerstwo Kultury i Dziedzictwa Narodowego, O\u015brodek Dokumentacji Zabytk\u00f3w; [Janusz Odrow\u0105\u017c-Pieni\u0105\u017cek red. nacz.]. &#8211; Warszawa: Ministerstwo Kultury i Dziedzictwa Narodowego: O\u015brodek Dokumentacji Zabytk\u00f3w, 1952-.<\/li>\n<li>Muzeum Budownictwa Ludowego Park Etnograficzny w Olsztynku \/ [aut. tekst\u00f3w Jadwiga Wieczerzak, Ewa Wrochna]. &#8211; Olsztynek: Muzeum Budownictwa Ludowego &#8211; Park Etnograficzny, 2015.<\/li>\n<li>Muzeum Staro\u017cytno\u015bci w Wilnie: historia i rekonstrukcja zbior\u00f3w malarstwa i grafiki \/ Natalia Mizerniuk-Rotkiewicz. &#8211; Warszawa: Polski Instytut Studi\u00f3w nad Sztuk\u0105 \u015awiata; Toru\u0144: Wydawnictwo Tako, 2016.<\/li>\n<li>Na ratunek katedrze: historia ocalenia od ruiny \/ [oprac. tekst\u00f3w Stowarzyszenie Rewaloryzacji i Konserwacji Architektury Miasta \u015awidnicy]. &#8211; \u015awidnica: Stowarzyszenie Rewaloryzacji i Konserwacji Architektury Miasta \u015awidnicy, 2017.<\/li>\n<li>Na ratunek Ko\u015bcio\u0142owi: epitafia wroc\u0142awskich kanonik\u00f3w katedralnych (1539-1556) jako wizualny postulat odnowy \u017cycia chrze\u015bcija\u0144skiego \/ Joanna Ka\u017amierczak. &#8211; Wroc\u0142aw: Oficyna Wydawnicza ATUT &#8211; Wroc\u0142awskie Wydawnictwo O\u015bwiatowe, 2018.<\/li>\n<li>Nadziejewo: cmentarzysko cia\u0142opalne z p\u00f3\u017anej epoki br\u0105zu i wczesnej epoki \u017celaza w \u015brodkowej Wielkopolsce \/ Maciej Kaczmarek; Uniwersytet im. Adama Mickiewicza w Poznaniu. Instytut Prahistorii. &#8211; Pozna\u0144: Uniwersytet im. Adama Mickiewicza. Instytut Prahistorii, 2017.<\/li>\n<li>Najpi\u0119kniejsze bydgoskie kamienice czynszowe: Bydgoszcz Belle \u00c9poque \/ Daria Br\u0119czewska-Kulesza. &#8211; Bydgoszcz: Stowarzyszenie Centrum Kultury Belle \u00c9poque, 2014.<\/li>\n<li>Nasi mistrzowie \/ [red. Ma\u0142gorzata Rybicka, Magdalena Rzucek]; Instytut Archeologii UR. &#8211; Rzesz\u00f3w: Instytut Archeologii Uniwersytetu Rzeszowskiego: Oficyna Wydawnicza &#8220;Zimowit&#8221;, 2016.<\/li>\n<li>Nasza Przesz\u0142o\u015b\u0107: studia z dziej\u00f3w Ko\u015bcio\u0142a i kultury katolickiej w Polsce = Notre Pass\u00e9: \u00e9tudes sur l&#8217;histoire de l&#8217;\u00c9glise et de la culture catholique en Pologne \/ [red. Jan Duka\u0142a]. &#8211; Krak\u00f3w: Wydawnictwo Instytutu Teologicznego Ksi\u0119\u017cy Misjonarzy, 1946-.<\/li>\n<li>Nasze &#8211; obce &#8211; wsp\u00f3lne dziedzictwo kulturowe \/ Magdalena Winograd, Marlena Brzozowska, \u0141ukasz Faszcza, Marcin Mironowicz, Izabela Urbaniak-Mastalerz. &#8211; Bia\u0142ystok: Wydzia\u0142 Historyczno-Socjologiczny Uniwersytetu w Bia\u0142ymstoku: O\u015brodek Bada\u0144 Europy \u015arodkowo-Wschodniej, 2016.<\/li>\n<li>Nazwy miejscowe Polski: historia, pochodzenie, zmiany. 14, Sk-Sn \/ pod red. Kazimierza Rymuta, Barbary Czopek-Kopciuch i Urszuli Bijak; Polska Akademia Nauk. Instytut J\u0119zyka Polskiego. &#8211; Krak\u00f3w: Instytut J\u0119zyka Polskiego Polskiej Akademii Nauk, 2017.<\/li>\n<li>Neogotyckie ko\u015bcio\u0142y wojew\u00f3dztwa podlaskiego \/ pod red. Grzegorza Ry\u017cewskiego; oprac aut. Joanna Koty\u0144ska-Stetkiewicz, Aneta Ku\u0142ak, Grzegorz Ry\u017cewski, Marta Wr\u00f3bel. &#8211; Bia\u0142ystok: Fundacja Ochrony Zabytk\u00f3w &#8220;Na Rubie\u017cy&#8221;, 2017.<\/li>\n<li>Nie tylko Orient: nabytki Fundacji Teresy Sahakian 2007-2017 \/ [red. nauk. kat. Katarzyna Po\u0142ujan]; Zamek Kr\u00f3lewski w Warszawie &#8211; Muzeum. &#8211; Warszawa: Arx Regia &#8211; O\u015brodek Wydawniczy Zamku Kr\u00f3lewskiego w Warszawie &#8211; Muzeum, 2017.<\/li>\n<li>Niematerialne dziedzictwo kulturowe: do\u015bwiadczenia w ochronie kraj\u00f3w Europy \u015arodkowej i Wschodniej oraz Chin: 10-lecie wej\u015bcia w \u017cycie Konwencji UNESCO z 2003 roku w perspektywie zr\u00f3wnowa\u017conego rozwoju \/ pod red. Hanny Schreiber. &#8211; Warszawa: Narodowy Instytut Dziedzictwa, 2017.<\/li>\n<li>Niematerialne dziedzictwo kulturowe Pomorza Wschodniego: katalog. Cz. 1 \/ praca zbiorowa pod red. Anny Kwa\u015bniewskiej. &#8211; Gda\u0144sk: Uniwersytet Gda\u0144ski, 2017.<\/li>\n<li>Niematerialne dziedzictwo kulturowe Pomorza Wschodniego: katalog. Cz. 2 \/ praca zbiorowa pod red. Anny Kwa\u015bniewskiej. &#8211; Gda\u0144sk: Uniwersytet Gda\u0144ski, 2017.<\/li>\n<li>Niematerialne dziedzictwo kulturowe Pomorza Wschodniego: monografia \/ praca zbiorowa pod red. Anny Kwa\u015bniewskiej. &#8211; Gda\u0144sk: Uniwersytet Gda\u0144ski, 2017.<\/li>\n<li>Nowoczesno\u015b\u0107: bunt i tradycja: materia\u0142y I Warszawskiego Forum Student\u00f3w Historii Sztuki \/ red. Marcin Lewicki. &#8211; Warszawa: Instytut Historii Sztuki Uniwersytetu Warszawskiego, 2017.<\/li>\n<li>Nowo\u017cytne ossuaria z klasztoru dominika\u0144skiego w Gda\u0144sku: wyniki bada\u0144 interdyscyplinarnych \/ pod red. Aleksandry Pud\u0142o i Macieja Henneberga. &#8211; Gda\u0144sk: Muzeum Archeologiczne, 2017.<\/li>\n<li>Nowy Wi\u015bnicz: niezwyk\u0142y \u015bwiat polskiego baroku \/ Roman Marcinek. &#8211; Nowy Wi\u015bnicz: Muzeum Ziemi Wi\u015bnickiej, 2018.<\/li>\n<li>O nowy typ muze\u00f3w sztuki \/ Marian Minich; oprac. Pawe\u0142 Bro\u017cy\u0144ski; wsp\u00f3\u0142pr. Magdalena Kuni\u0144ska. &#8211; Krak\u00f3w: Towarzystwo Autor\u00f3w i Wydawc\u00f3w Prac Naukowych Universitas, 2018.<\/li>\n<li>O spu\u015bci\u017anie literackiej Stanis\u0142awa Kostki Potockiego: studia i szkice \/ pod red. Doroty Folgi-Januszewskiej i Tomasza Chachulskiego. &#8211; Warszawa: Muzeum Pa\u0142acu Kr\u00f3la Jana III w Wilanowie: Wydawnictwo Naukowe UKSW, 2018.<\/li>\n<li>Oblicza sztuki na obszarze obecnego wojew\u00f3dztwa \u015bl\u0105skiego w latach 1945-1975 \/ pod red. Teresy Dudek Bujarek. &#8211; Katowice: Stowarzyszenie Historyk\u00f3w Sztuki. Oddzia\u0142 G\u00f3rno\u015bl\u0105ski, 2017.<\/li>\n<li>Obowi\u0105zek pi\u0119kna: wzorniki i traktaty architektoniczne w zbiorach PAN Biblioteki Gda\u0144skiej \/ wyb\u00f3r i oprac. Grzegorz Boros; przy wsp\u00f3\u0142udziale Anny Fr\u0105ckowskiej i Franciszka Skibi\u0144skiego. &#8211; Gda\u0144sk: Wydawnictwo S\u0142owo \/ Obraz Terytoria Fundacja Terytoria Ksi\u0105\u017cki, 2017.<\/li>\n<li>Obraz Madonna z Dzieci\u0105tkiem i dwoma anio\u0142ami przypisywany Sandro Botticellemu: badania i konserwacja \/ Ewa Wi\u0142koj\u0107, Anna Klisi\u0144ska-Kopacz. &#8211; Krak\u00f3w: Zamek Kr\u00f3lewski na Wawelu. Pa\u0144stwowe Zbiory Sztuki, 2018.<\/li>\n<li>Obraz \u017cywy \/ pod red. Marii Poprz\u0119ckiej. &#8211; Warszawa: Stowarzyszenie Historyk\u00f3w Sztuki, 2015.<\/li>\n<li>Ochota dzielnica z klas\u0105: architektura i mieszka\u0144cy \/ Jaros\u0142aw Zieli\u0144ski, Grzegorz Mika, Jerzy S. Majewski. &#8211; Warszawa: Fundacja Hereditas, 2018.<\/li>\n<li>Ochrona dziedzictwa kulturowego: intertemporalno\u015b\u0107, archiwum pami\u0119ci \/ red. nauk. Samanta Kowalska. &#8211; Pozna\u0144; Kalisz: Uniwersytet im. Adama Mickiewicza. Wydzia\u0142 Pedagogiczno-Artystyczny, 2018.<\/li>\n<li>Ochrona warto\u015bci kulturowych miast a urbanistyka \/ Danuta K\u0142osek-Koz\u0142owska. &#8211; Warszawa: Oficyna Wydawnicza Politechniki Warszawskiej, 2017.<\/li>\n<li>Ochrona zabytk\u00f3w sakralnych \/ pod red. Mieczys\u0142awa R\u00f3\u017ca\u0144skiego. &#8211; \u0141\u00f3d\u017a: Archidiecezjalne Wydawnictwo \u0141\u00f3dzkie, 2017.<\/li>\n<li>Od historyzmu do modernizmu: bydgoskie wille miejskie i podmiejskie: Bydgoszcz Belle \u00c9poque \/ Daria Br\u0119czewska-Kulesza, Agnieszka Wysocka. &#8211; Bydgoszcz: Stowarzyszenie Centrum Kultury Belle \u00c9poque, 2017.<\/li>\n<li>Ogrodnicy pami\u0119ci: cmentarze \u017cydowskie: podr\u0119cznik dobrych praktyk w ochronie dziedzictwa lokalnego \/ Teresa Klimowicz, Pawe\u0142 Sygowski, Monika Tarajko, Andrzej Trzci\u0144ski. &#8211; Wyd. 2, popr. &#8211; Lublin: Stowarzyszenie &#8220;Studnia Pami\u0119ci&#8221;, 2018.<\/li>\n<li>Okr\u0105g\u0142e fibule tarczowate z ornamentem wyt\u0142aczanym w grupie olszty\u0144skiej \/ Andrzej Grzegorczyk; Fundacja Rzeszowskiego O\u015brodka Archeologicznego, Instytut Archeologii Uniwersytetu Rzeszowskiego. &#8211; Rzesz\u00f3w: Oficyna Wydawnicza &#8220;Zimowit&#8221;, 2015.<\/li>\n<li>Opactwo henrykowskie: klasztor Ksi\u0119gi Henrykowskiej \/ Romuald M. So\u0142dek. &#8211; Wroc\u0142aw: TUM Wydawnictwo Wroc\u0142awskiej Ksi\u0119garni Archidiecezjalnej, 2018.<\/li>\n<li>Opolski Informator Konserwatorski \/ Wydzia\u0142 Kultury i Sztuki Urz\u0119du Wojew\u00f3dzkiego w Opolu. Wojew\u00f3dzki O\u015brodek Informacji Naukowej, Technicznej i Ekonomicznej w Opolu. &#8211; Opole: Wojew\u00f3dzki O\u015brodek Informacji Naukowej, Technicznej i Ekonomicznej w Opolu, 1981-.<\/li>\n<li>Orbis Polonus: studia z historii sztuki XVII-XVIII wieku \/ Stanis\u0142aw Mossakowski. &#8211; Warszawa: Wydawnictwo DiG, 2002.<\/li>\n<li>Osiedle urz\u0119dnicze w Krakowie: urbanistyka i architektura 1924-1942 \/ Maciej Motak. &#8211; Krak\u00f3w: Wydawnictwo PK, 2018.<\/li>\n<li>O\u015brodek staro\u017cytnego br\u0105zownictwa pomorskiego we wczesnej epoce \u017celaza w Juszkowie, gmina Pruszcz Gda\u0144ski \/ Piotr Fudzi\u0144ski, Katarzyna \u015alusarska. &#8211; Gda\u0144sk: Muzeum Archeologiczne, 2017.<\/li>\n<li>O\u015bwieceniowa republika w\u0142adc\u00f3w. T. 2, Rezydencje, kolekcje, mecenat \/ pod red. Andrzeja Pie\u0144kosa. &#8211; Warszawa: Muzeum \u0141azienki Kr\u00f3lewskie. O\u015brodek Bada\u0144 nad Epok\u0105 Stanis\u0142awowsk\u0105, 2017.<\/li>\n<li>Paderewski \/ [red. merytoryczna Joanna Bojarska-Cie\u015blik, Magdalena Pinker, Joanna Popkowska]. &#8211; Warszawa: Muzeum Narodowe, 2018.<\/li>\n<li>Pa\u0142acyk Henryka Sienkiewicza w Obl\u0119gorku: katalog zbior\u00f3w \/ Agnieszka Kowalska-Lasek. &#8211; Kielce: Muzeum Narodowe, 2016.<\/li>\n<li>Pami\u0105tki przesz\u0142o\u015bci 1796-1945: berli\u0144ska linia Radziwi\u0142\u0142\u00f3w \/ [aut. not Monika Antczak et al.]. &#8211; [Niebor\u00f3w]: Muzeum w Nieborowie i Arkadii, [2018].<\/li>\n<li>Panorama pradziej\u00f3w i wczesnego \u015bredniowiecza regionu przemyskiego: katalog wystawy \/ Adam Kostek. &#8211; Przemy\u015bl: Muzeum Narodowe Ziemi Przemyskiej, 2016.<\/li>\n<li>Paragone: rze\u017aba na granicy \/ red. tomu El\u017cbieta B\u0142otnicka-Mazur, Lechos\u0142aw Lame\u0144ski, Marcin Pastwa; Katolicki Uniwersytet Lubelski Jana Paw\u0142a II. Instytut Historii Sztuki. Katedra Historii Sztuki Nowoczesnej i Wsp\u00f3\u0142czesnej. &#8211; Warszawa: Stowarzyszenie Historyk\u00f3w Sztuki; Lublin: Wydawnictwo KUL, 2016.<\/li>\n<li>Park Kulturowy Wierzychowice na europejskim szlaku megalit\u00f3w \/ Piotr Papiernik, Dominik Kacper P\u0142aza; wsp\u00f3\u0142pr. Rafa\u0142 Brzejszczak [et al.]. &#8211; \u0141\u00f3d\u017a: Fundacja Bada\u0144 Archeologicznych Imienia Profesora Konrada Ja\u017cd\u017cewskiego: Muzeum Archeologiczne i Etnograficzne, 2017.<\/li>\n<li>Parki i ogrody Krakowa w obr\u0119bie Plant z Plantami i Wawelem \/ red. Janusz Bogdanowski; O\u015brodek Ochrony Zabytkowego Krajobrazu. &#8211; Warszawa: O\u015brodek Ochrony Zabytkowego Krajobrazu. Narodowa Instytucja Kultury, 1997.<\/li>\n<li>Per\u0142a Staszowa: kaplica Matki Bo\u017cej R\u00f3\u017ca\u0144cowej \/ Agata \u0141ucja Bazak. &#8211; Sandomierz: Wydawnictwo ARMORYKA, 2018.<\/li>\n<li>Per\u0142y renesansu w powiecie radzy\u0144skim: ko\u015bcio\u0142y Tr\u00f3jcy \u015aw. w Radzyniu Podlaskim i \u015aw. Stanis\u0142awa Biskupa i M\u0119czennika w Czemiernikach \/ [Piotr Hapka]. &#8211; Radzy\u0144 Podlaski: Powiat Radzy\u0144ski: wsp\u00f3\u0142wydawcy Parafia pw. Tr\u00f3jcy \u015awi\u0119tej; Czemierniki: Parafia pw. \u015aw. Stanis\u0142awa Biskupa i M\u0119czennika, 2017.<\/li>\n<li>Piel\u0119gnacja \u015bwi\u0105tyni i innych zabytk\u00f3w: ksi\u0105\u017cka nie tylko dla ksi\u0119\u017cy \/ Bogumi\u0142a J. Rouba. &#8211; Wyd. 2 rozsz. &#8211; Toru\u0144: Wydawnictwo Naukowe Uniwersytetu Miko\u0142aja Kopernika, 2014.<\/li>\n<li>Pi\u0119\u0107 wiek\u00f3w konwisarstwa: kolekcja Andrzeja W\u00f3jcika w zbiorach Muzeum Ziemi Kujawskiej i Dobrzy\u0144skiej we W\u0142oc\u0142awku \/ Adam Zapora. &#8211; W\u0142oc\u0142awek: Muzeum Ziemi Kujawskiej i Dobrzy\u0144skiej, 2017.<\/li>\n<li>Plastyka toru\u0144ska 1793-1920: zapomniane oblicze wielokulturowego miasta \/ [red. nauk. Katarzyna Kluczwajd, Micha\u0142 Pszcz\u00f3\u0142kowski]. &#8211; Toru\u0144: Toru\u0144ski Oddzia\u0142 Stowarzyszenia Historyk\u00f3w Sztuki, 2017.<\/li>\n<li>P\u0142ock wczesno\u015bredniowieczny \/ red. nauk. Andrzej Go\u0142embnik. &#8211; Warszawa: Fundacja na Rzecz Nauki Polskiej [etc.], 2011.<\/li>\n<li>Pod znakiem \u015bwi\u0119tego Sebalda: rola Norymbergi w kszta\u0142towaniu p\u00f3\u017anogotyckiego malarstwa tablicowego na \u015al\u0105sku \/ Agnieszka Pata\u0142a. &#8211; Wroc\u0142aw: Wydawnictwo Via Nova, 2018.<\/li>\n<li>Podlaskie Zeszyty Archeologiczne \/ Muzeum Podlaskie w Bia\u0142ymstoku. &#8211; Bia\u0142ystok: Muzeum Podlaskie, 2005-.<\/li>\n<li>Polish Intangible Cultural Heritage List \/ [oprac. Katarzyna Sadowska-Mazur, Julia W\u0142odarczyk]. &#8211; Warszawa: Narodowy Instytut Dziedzictwa, 2016.<\/li>\n<li>Polska bi\u017cuteria patriotyczna i pami\u0105tki historyczne XIX i XX wieku: (na podstawie zbioru autora) \/ Wojciech Postu\u0142a. &#8211; Warszawa: Graf_ika Us\u0142ugi Wydawnicze Iwona Knechta, 2017.<\/li>\n<li>Polska industrialna \/ Pawe\u0142 Klimek ze wst\u0119pem i felietonami Filipa Springera. &#8211; Bielsko-Bia\u0142a: Wydawnictwo Pascal sp. z o.o., 2018.<\/li>\n<li>Polski karnawa\u0142: obrazy obyczaj\u00f3w \u015bwi\u0105tecznych w pi\u015bmiennictwie trzech stuleci od XVII do XIX wieku \/ Ewa Nofikow. &#8211; Bia\u0142ystok: Wydawnictwo Uniwersytetu w Bia\u0142ymstoku, 2015.<\/li>\n<li>Polski S\u0142ownik Biograficzny. T. 52\/14, z. 212, \u015awirski \u0141ukasz &#8211; Tanner Bernard \/ [red. nacz. Andrzej Romanowski]; Polska Akademia Nauk, Polska Akademia Umiej\u0119tno\u015bci. &#8211; Warszawa: Instytut Historii PAN; Krak\u00f3w: Polska Akademia Umiej\u0119tno\u015bci, 2017.<\/li>\n<li>Polski S\u0142ownik Biograficzny. T. 52\/2, z. 213, Tansman Aleksander &#8211; Tar\u0142o Stanis\u0142aw \/ [red. nacz. Andrzej Romanowski]; Polska Akademia Nauk, Polska Akademia Umiej\u0119tno\u015bci. &#8211; Warszawa: Instytut Historii PAN; Krak\u00f3w: Polska Akademia Umiej\u0119tno\u015bci, 2018.<\/li>\n<li>Polskie art d\u00e9co: materia\u0142y sz\u00f3stej sesji naukowej &#8220;Polskie art d\u00e9co. Wn\u0119trza mieszkalne&#8221; pod przewodnictwem prof. Anny Sieradzkiej, prof. Andrzeja K. Olszewskiego i dr Anny Kostrzy\u0144skiej-Mi\u0142osz w Muzeum Mazowieckim w P\u0142ocku 8-9 czerwca 2015 roku \/ [oprac. red. Zbigniew Chlewi\u0144ski]. &#8211; P\u0142ock: Muzeum Mazowieckie, 2017.<\/li>\n<li>Pomniki Fryderyka Chopina \/ Irena Grzesiuk-Olszewska, Andrzej K. Olszewski. &#8211; Warszawa: Wydawnictwo Salix Alba, 2017.<\/li>\n<li>Pomniki publiczne i dyskurs zas\u0142ug w dobie &#8220;wskrzeszonej&#8221; Polski lat 1807-1830 \/ Miko\u0142aj Getka-Kenig; Instytut Historii Sztuki Uniwersytetu Jagiello\u0144skiego. &#8211; Krak\u00f3w: Towarzystwo Autor\u00f3w i Wydawc\u00f3w Prac Naukowych Universitas, 2017.<\/li>\n<li>Pompa funebris ksi\u0105\u017c\u0105t z dynastii Gryfit\u00f3w \/ [red. nauk. Maria \u0141opuch; wsp\u00f3\u0142pr. merytoryczna Jolanta Rybkiewicz, Renata Zdero; noty katalogowe Barbara Ochendowska-Grzelak]. &#8211; Szczecin: Zamek Ksi\u0105\u017c\u0105t Pomorskich, 2017.<\/li>\n<li>Poradnik dobrych praktyk architektonicznych dla \u017boliborza \/ [koncepcja i oprac. Katarzyna Domagalska pod kierunkiem Marii Brukalskiej; teksty Katarzyna Domagalska, \u0141ukasz Kowalski, Maciej Lewandowski]. &#8211; Warszawa: Stowarzyszenie \u017boliborzan: partner Dzielnica \u017boliborz m.st. Warszawy, 2017.<\/li>\n<li>Portret w Gda\u0144sku: od schy\u0142ku \u015bredniowiecza do p\u00f3\u017anego baroku (1420-1700): malarstwo, rysunek \/ Aleksandra Ja\u015bniewicz. &#8211; Gda\u0144sk: Muzeum Narodowe, 2018.<\/li>\n<li>Powiat s\u0142ubicki (do 1815 roku) \/ zebr. i oprac. Joachim Zdrenka. &#8211; Toru\u0144: Wydawnictwo Adam Marsza\u0142ek, 2018.<\/li>\n<li>Powiat soko\u0142owski: historia i zabytki \/ [tekst Tomasz Biadu\u0144, Pawe\u0142 Balcerek, Piotr Orzechowski]. &#8211; Soko\u0142\u00f3w Podlaski: na zlecenie Starostwa Powiatowego, 2015.<\/li>\n<li>Powojenna metaloplastyka: element genius loci o\u015brodk\u00f3w staromiejskich \/ [red. merytoryczna Anna Jagiellak, Paulina \u015awi\u0105tek]. &#8211; Warszawa: Miasto Sto\u0142eczne Warszawa, 2018.<\/li>\n<li>P\u00f3\u017ano\u015bredniowieczny kompleks osadniczy w Starym Rypinie \/ red. nauk. Jadwiga Lewandowska. &#8211; Toru\u0144: Wydawnictwo Adam Marsza\u0142ek, 2016.<\/li>\n<li>Prawne wyzwania ochrony d\u00f3br kultury we wsp\u00f3\u0142czesnym \u015bwiecie \/ praca zbiorowa pod red. Piotra Dobosza, Micha\u0142a Adamusa, Dominiki Guzek, Anny Mazur. &#8211; Stan prawny na 1 wrze\u015bnia 2015 r. &#8211; Krak\u00f3w: Wydawnictwo Kasper: Ko\u0142o Naukowe Sekcja Ochrony D\u00f3br Kultury Towarzystwa Biblioteki S\u0142uchacz\u00f3w Prawa Uniwersytetu Jagiello\u0144skiego, 2015.<\/li>\n<li>Prawo a ochrona d\u00f3br kultury \/ [red. nauk. Piotr Dobosz, Micha\u0142 Adamus, Dominika Soko\u0142owska]. &#8211; Krak\u00f3w: Wydawnictwo Kasper: Ko\u0142o Naukowe Sekcja Ochrony D\u00f3br Kultury Towarzystwa Biblioteki S\u0142uchacz\u00f3w Prawa Uniwersytetu Jagiello\u0144skiego, 2014.<\/li>\n<li>Prawo wobec kultury i sztuki \/ red. nauk. Jacek Sobczak, Katarzyna Cha\u0142ubi\u0144ska-Jentkiewicz, Ksenia Kakareko. &#8211; Stan prawny na 1 pa\u017adziernika 2017 r. &#8211; Warszawa: Wolters Kluwer Polska, 2018.<\/li>\n<li>Preventive conservation of the human environment. 6, Architecture as an element of the landscape \/ ed. by Weronika Kobyli\u0144ska-Bunsch, Zbigniew Kobyli\u0144ski, Louis Daniel Nebelsick. &#8211; Warszawa: Fundacja Res Publica Multiethnica: Instytut Archeologii Uniwersytetu Kardyna\u0142a Stefana Wyszy\u0144skiego, 2017.<\/li>\n<li>Prezentacja interdyscyplinarna zabytk\u00f3w architektury w ochronie dziedzictwa kulturowego \/ Jolanta Sroczy\u0144ska. &#8211; Krak\u00f3w: Wydawnictwo PK, 2018.<\/li>\n<li>Pro Patria: miejsca pami\u0119ci I wojny \u015bwiatowej na przedpolu Twierdzy Osowiec \/ Ma\u0142gorzata Karczewska, Maciej Karczewski. &#8211; Bia\u0142ystok: O\u015brodek Bada\u0144 Europy \u015arodkowo-Wschodniej, 2015.<\/li>\n<li>Problemy dziedzictwa kulturowego w architekturze \/ pod red. Tomasza Drewniaka i Bogus\u0142awa Szuby; Pa\u0144stwowa Wy\u017csza Szko\u0142a Zawodowa w Nysie. &#8211; Nysa: Oficyna Wydawnicza PWSZ, 2005.<\/li>\n<li>Pruchnik: studia z dziej\u00f3w miasta i okolic \/ pod red. Mariana Wolskiego; Gmina Pruchnik. &#8211; Krak\u00f3w: Wydawnictwo Towarzystwa Naukowego &#8220;Societas Vistulana&#8221;, 2017.<\/li>\n<li>Przedstawienia heraldyczne na kaflach gotyckich z wi\u0119kszych kolekcji wielkopolskich \/ Karol \u0141ukomiak. &#8211; \u0141\u00f3d\u017a: ArchaeGraph, 2017.<\/li>\n<li>Przemiany w architekturze europejskich uzdrowisk \/ Izabela Spielvogel. &#8211; Opole: Politechnika Opolska, 2017.<\/li>\n<li>Przemy\u015bl wczesno\u015bredniowieczny \/ red. nauk. Ewa Sosnowska. &#8211; Warszawa: Fundacja na Rzecz Nauki Polskiej: Instytut Archeologii i Etnologii Polskiej Akademii Nauk: Wydawnictwo Uniwersytetu Warszawskiego, 2010.<\/li>\n<li>Przestrze\u0144 i czas &#8211; cmentarzyska tarnobrzeskiej kultury \u0142u\u017cyckiej w kontek\u015bcie rozplanowania grob\u00f3w \/ Katarzyna Tryba\u0142a-Zawi\u015blak; Fundacja Rzeszowskiego O\u015brodka Archeologicznego, Instytut Archeologii Uniwersytetu Rzeszowskiego. &#8211; Rzesz\u00f3w: Oficyna Wydawnicza &#8220;Zimowit&#8221;, 2015.<\/li>\n<li>Przewodnik po dawnej Stalowej Woli: w 70-lecie nadania praw miejskich \/ [tekst i red. Marek Wiatrowicz]. &#8211; Stalowa Wola: Muzeum Regionalne, 2015.<\/li>\n<li>Przewodnik po dawnym Rozwadowie \/ [tekst i red. Marek Wiatrowicz]. &#8211; Wyd. 2. &#8211; Stalowa Wola: Muzeum Regionalne, 2015.<\/li>\n<li>Przewodnik po procesie inwestycyjnym w obiektach zabytkowych \/ Ma\u0142gorzata Gmiter. &#8211; Wyd. 2, stan prawny 18 stycznia 2018 r. &#8211; Wroc\u0142aw: Presscom, 2018.<\/li>\n<li>Przewodnik po szlaku zabytk\u00f3w techniki \u0141odzi \/ Maciej Kronenberg. &#8211; \u0141\u00f3d\u017a: Urz\u0105d Miasta \u0141odzi. Biuro Miejskiego Konserwatora Zabytk\u00f3w. Oddzia\u0142 ds. Zarz\u0105dzania Dziedzictwem, 2017.<\/li>\n<li>Przez S\u0119polno, Zalesie i Krzyki&#8230;: historia tramwaj\u00f3w we Wroc\u0142awiu \/ Tomasz Sielicki. &#8211; Wroc\u0142aw: Muzeum Miejskie, 2017.<\/li>\n<li>Przysz\u0142o\u015b\u0107 do zabudowania: futurologia i architektura PRL \/ Emilia Kiecko. &#8211; Warszawa: Fundacja Nowej Kultury B\u0119c Zmiana, 2018.<\/li>\n<li>Pustelnia Z\u0142otego Lasu w Rytwianach 1617-2017 \/ red. Wies\u0142aw Kowalewski, Katarzyna Cury\u0142o, Barbara Jelonek. &#8211; Rytwiany: Pustelnia Z\u0142otego Lasu, 2017.<\/li>\n<li>Pustelnia Z\u0142otego Lasu w Rytwianach 1617-2017: przewodnik jubileuszowy \/ red. Wies\u0142aw Kowalewski, Katarzyna Cury\u0142o. &#8211; Wyd. 3 uzup. &#8211; Rytwiany: Pustelnia Z\u0142otego Lasu, 2017.<\/li>\n<li>Radziejowicki park i jego tw\u00f3rcy 1817-2017 \/ Maria Barbasiewicz, Beata Fortuna-Antoszkiewicz. &#8211; Radziejowice: Dom Pracy Tw\u00f3rczej, 2017.<\/li>\n<li>Radzim: gr\u00f3d i wie\u015b nad Wart\u0105 \/ red. Andrzej Kowalczyk, Micha\u0142 Skoczy\u0144ski, Andrzej M. Wyrwa. &#8211; Dziekanowice: Muzeum Pierwszych Piast\u00f3w na Lednicy, 2017.<\/li>\n<li>Raport o stanie zachowania zabytk\u00f3w nieruchomych w Polsce: zabytki wpisane do rejestru zabytk\u00f3w (ksi\u0119gi rejestru A i C) \/ [red. Ma\u0142gorzata Rozbicka, Maciej Warcho\u0142]. &#8211; Warszawa: Narodowy Instytut Dziedzictwa, 2017.<\/li>\n<li>Raport roczny Narodowego Instytutu Dziedzictwa 2017 \/ oprac. Wioletta \u0141abuda-Iwaniak. &#8211; Warszawa: Narodowy Instytut Dziedzictwa, 2018.<\/li>\n<li>Raport. 12 \/ red. S\u0142awomir Kadrow. &#8211; Warszawa: Narodowy Instytut Dziedzictwa, 2017.<\/li>\n<li>Ratownicze badania archeologiczne na stanowisku 3 w Ludwinowie, pow. W\u0142oc\u0142awek, woj. kujawsko-pomorskie (trasa autostrady A-1) \/ Ireneusz Marchelak, Anna Nierychlewska, Iwona Nowak, Piotr Papiernik. &#8211; \u0141\u00f3d\u017a: Fundacja Bada\u0144 Archeologicznych Imienia Profesora Konrada Ja\u017cd\u017cewskiego: Muzeum Archeologiczne i Etnograficzne, 2017.<\/li>\n<li>Ratownicze badania archeologiczne na stanowisku 3 w Ludwinowie, pow. W\u0142oc\u0142awek, woj. kujawsko-pomorskie (trasa autostrady A-1). Vol. 2 \/ Ireneusz Marchelak, Anna Nierychlewska, Iwona Nowak, Piotr Papiernik. &#8211; \u0141\u00f3d\u017a: Fundacja Bada\u0144 Archeologicznych Imienia Profesora Konrada Ja\u017cd\u017cewskiego: Muzeum Archeologiczne i Etnograficzne, 2017.<\/li>\n<li>Reflektory: interdyscyplinarne spojrzenie na dziedzictwo architektury G\u00f3rnego \u015al\u0105ska drugiej po\u0142owy XX wieku \/ red. nauk. Magdalena \u017bmudzi\u0144ska-Nowak, Iga Herok-Turska. &#8211; Katowice: Biblioteka \u015al\u0105ska, 2017.<\/li>\n<li>Regiony wyobra\u017ani: peryferyjno\u015b\u0107 w kulturze XIX i XX wieku \/ pod red. Marcina Lachowskiego. &#8211; Warszawa: Instytut Historii Sztuki Uniwersytetu Warszawskiego: Stowarzyszenie Historyk\u00f3w Sztuki, 2017.<\/li>\n<li>Relacja Warszawa &#8211; Zakopane \/ [red. merytoryczna Katarzyna Kucharska-Hornung]. &#8211; Warszawa: Muzeum Narodowe; Zakopane: Muzeum Tatrza\u0144skie im. Dra Tytusa Cha\u0142ubi\u0144skiego, 2017.<\/li>\n<li>Reminiscencje Reformacji: Prusy &#8211; Mazury 1517-2017 \/ pod red. Rudolfa Ba\u017canowskiego i Beaty Wac\u0142awik. &#8211; Olsztyn: Archiwum Pa\u0144stwowe, 2017.<\/li>\n<li>Restytucja i ochrona d\u00f3br kultury: zagadnienie prawne: zwrot d\u00f3br kultury wyprowadzonych niezgodnie z prawem z terytorium pa\u0144stwa cz\u0142onkowskiego na podstawie Dyrektywy 2014\/60\/UE z dnia 15.05.2014 r. \/ pod red. Iwony Gredki-Ligarskiej i Anny Rogackiej-\u0141ukasik. &#8211; Sosnowiec: Oficyna Wydawnicza &#8220;Humanitas&#8221;, 2017.<\/li>\n<li>Rocznik Jubileuszowy Diecezji Sandomierskiej \/ [red. Roman Janiec et al.]. &#8211; Sandomierz: Wydawnictwo Diecezji i Drukarnia w Sandomierzu, 2018.<\/li>\n<li>Roczniki Humanistyczne \/ Towarzystwo Naukowe Katolickiego Uniwersytetu Lubelskiego. Wydzia\u0142 Historyczno-Filologiczny. &#8211; Lublin: Towarzystwo Naukowe Katolickiego Uniwersytetu Lubelskiego, 1949-.<\/li>\n<li>Rola monaster\u00f3w w kszta\u0142towaniu kultury ukrai\u0144skiej w wiekach XI-XX \/ red. Agnieszka Gronek, Alicja Nowak. &#8211; Krak\u00f3w: Wydawnictwo &#8220;Szwajpolt Fiol&#8221;, 2014.<\/li>\n<li>Rozbudowa \u015bwi\u0105tyni: nowa przestrze\u0144 sakralna na kanwie dawnego uk\u0142adu wybranych ko\u015bcio\u0142\u00f3w Ma\u0142opolski \/ Jacek Czechowicz; Politechnika Krakowska im. Tadeusza Ko\u015bciuszki. &#8211; Krak\u00f3w: Wydawnictwo PK, 2018.<\/li>\n<li>Rozprawy Muzeum Narodowego w Krakowie. Seria Nowa = Selected Papers from the National Museum in Cracow. New Series \/ [kom. red. Tadeusz Chru\u015bcicki et al.]. &#8211; Krak\u00f3w: MN, 1999-.<\/li>\n<li>Ruda, c\u00f3rka Cwiego: historia \u017cyd\u00f3w na warszawskiej Pradze \/ Adam Dylewski. &#8211; Wo\u0142owiec: Wydawnictwo Czarne, 2018.<\/li>\n<li>Rycerze, szlachta, ziemianie: szlachetnie urodzeni na ziemi wschowskiej i pograniczu wielkopolsko-\u015bl\u0105skim \/ pod red. Paw\u0142a Klinta, Marty Ma\u0142kus, Kamili Szyma\u0144skiej. &#8211; Wschowa: Stowarzyszenie Czas A.R.T.: Muzeum Ziemi Wschowskiej; Leszno: Muzeum Okr\u0119gowe, 2014.<\/li>\n<li>Rze\u017abiarzu m\u00f3j &#8211; poeto&#8230;: \u017cycie i tw\u00f3rczo\u015b\u0107 Kazimierza Witolda Ostrowskiego: Lw\u00f3w 1840 &#8211; Warszawa 1880 \/ J\u00f3zef J. M. Ostrowski. &#8211; Pary\u017c: Warszawa: J\u00f3zef Ostrowski LOCAUX, 2017.<\/li>\n<li>Sacrum et Decorum: materia\u0142y i studia z historii polskiej sztuki sakralnej = materials and studies on the history of sacred art \/ Wydzia\u0142 Sztuki Uniwersytetu Rzeszowskiego. Centrum Dokumentacji Wsp\u00f3\u0142czesnej Sztuki Sakralnej; [red. nacz. Gra\u017cyna Ryba]. &#8211; Wroc\u0142aw: Wydawnictwo Uniwersytetu Rzeszowskiego, 2008-.<\/li>\n<li>Sakralna architektura drewniana na G\u00f3rnym \u015al\u0105sku: szkicownik architekta sprzed ponad stu lat \/ Piotr Siemko. &#8211; Katowice: Biblioteka \u015al\u0105ska, 2015.<\/li>\n<li>Samowola budowlana w polskim prawie budowlanym \/ Maksymilian Cherka, Wojciech Grecki. &#8211; Stan prawny na 1 lutego 2013 r. &#8211; Warszawa: Wolters Kluwer Polska, 2013.<\/li>\n<li>S\u0105d na Jezusem: studium ikonografii oraz \u017ar\u00f3de\u0142 od chrze\u015bcija\u0144skiego antyku do nowo\u017cytno\u015bci \/ Romana Rupiewicz. &#8211; Warszawa: Uniwersytet Kardyna\u0142a Stefana Wyszy\u0144skiego: Wydawnictwo Neriton, 2018.<\/li>\n<li>Secesja: zbiory i ekspozycje Muzeum Mazowieckiego w P\u0142ocku \/ autorzy tekst\u00f3w Mariola Adamska et al.; [red. nauk. Micha\u0142 Burdzi\u0144ski]. &#8211; P\u0142ock: Muzeum Mazowieckie, 2017.<\/li>\n<li>Sekrety miniatur Kodeksu Baltazara Behema \/ Zofia Rozanow. &#8211; Katowice: Wydawnictwo &#8220;Sapientia&#8221;, 2017.<\/li>\n<li>Serock i Mazowsze na przestrzeni wiek\u00f3w: studia z okazji 600-lecia nadania Serockowi praw miejskich \/ pod red. S\u0142awomira Jakubczaka i Rados\u0142awa Lolo; Urz\u0105d Miasta i Gminy w Serocku. &#8211; Bydgoszcz: Meritum Jaros\u0142aw Zimmermann; Serock: na zlecenie Urz\u0119du Miasta i Gminy, 2017.<\/li>\n<li>Sielanka bydgoska &#8220;dzielnica ogr\u00f3d&#8221;: Bydgoszcz Belle \u00c9poque \/ Daria Br\u0119czewska-Kulesza, Agnieszka Wysocka. &#8211; Bydgoszcz: Stowarzyszenie Centrum Kultury Belle \u00c9poque, 2016.<\/li>\n<li>Siemiech\u00f3w stanowisko 2, wojew\u00f3dztwo \u0142\u00f3dzkie: cmentarzysko i osada kultury przeworskiej \/ Maria Ja\u017cd\u017cewska, Wojciech Sici\u0144ski. &#8211; \u0141\u00f3d\u017a: Fundacja Bada\u0144 Archeologicznych Imienia Profesora Konrada Ja\u017cd\u017cewskiego: Muzeum Archeologiczne i Etnograficzne, 2017.<\/li>\n<li>Skawina w okresie zabor\u00f3w (1772-1918): urbanistyka i architektura miasta \/ Micha\u0142 Krupa. &#8211; Rzesz\u00f3w: Oficyna Wydawnicza Politechniki Rzeszowskiej, 2017.<\/li>\n<li>S\u0142u\u017cby w ochronie dziedzictwa sakralnego i archeologicznego Europy Wschodniej \/ pod red. Marka \u0141uczaka. &#8211; Szczecin: Pomorskie Towarzystwo Historyczne, 2018.<\/li>\n<li>Socrealizmy i modernizacje \/ pod red. Aleksandry Sumorok i Tomasza Za\u0142uskiego. &#8211; \u0141\u00f3d\u017a: Akademia Sztuk Pi\u0119knych im. W\u0142adys\u0142awa Strzemi\u0144skiego, 2017.<\/li>\n<li>Sposoby zamykania pomieszcze\u0144 i skrzy\u0144 w p\u00f3\u017anym \u015bredniowieczu w \u015bwietle \u017ar\u00f3de\u0142 archeologicznych z terenu Polski \/ Karol \u0141ukomiak. &#8211; \u0141\u00f3d\u017a: ArchaeGraph, 2016.<\/li>\n<li>Srebro z Poznania: bi\u017cuteria i galanteria Sp\u00f3\u0142dzielni Pracy R\u0119kodzie\u0142a Artystycznego &#8220;Rytosztuka&#8221; \/ Micha\u0142 My\u015bli\u0144ski. &#8211; Warszawa: Instytut Sztuki Polskiej Akademii Nauk, 2018.<\/li>\n<li>Stalowa Wola: europejskie miasto modernistyczne \/ Anna Fr\u0105ckiewicz, Aneta Garanty, El\u017cbieta Przesmycka, Anna Sieradzka, Marek Adam Sta\u0144kowski. &#8211; Wyd. 2. &#8211; Stalowa Wola: Muzeum Regionalne, 2017.<\/li>\n<li>Stalowa Wola: miasto przesz\u0142o\u015bci &#8211; przysz\u0142o\u015b\u0107 miasta \/ pod red. El\u017cbiety Przesmyckiej. &#8211; Stalowa Wola: Muzeum Regionalne, 2014.<\/li>\n<li>Stan bada\u0144 nad wielokulturowym dziedzictwem dawnej Rzeczypospolitej. T. 7 \/ pod red. Wojciecha Walczaka i Karola \u0141opateckiego. &#8211; Bia\u0142ystok: Instytut Bada\u0144 nad Dziedzictwem Kulturowym Europy, 2017.<\/li>\n<li>Stan bada\u0144 nad wielokulturowym dziedzictwem dawnej Rzeczypospolitej. T. 8 \/ pod red. Wojciecha Walczaka i Karola \u0141opateckiego. &#8211; Bia\u0142ystok: Instytut Bada\u0144 nad Dziedzictwem Kulturowym Europy, 2017.<\/li>\n<li>Stan bada\u0144 nad wielokulturowym dziedzictwem dawnej Rzeczypospolitej. T. 9 \/ pod red. Wojciecha Walczaka i Karola \u0141opateckiego. &#8211; Bia\u0142ystok: Instytut Bada\u0144 nad Dziedzictwem Kulturowym Europy, 2017.<\/li>\n<li>Stan bada\u0144 nad wielokulturowym dziedzictwem dawnej Rzeczypospolitej. T. 10 \/ pod red. Wojciecha Walczaka i Karola \u0141opateckiego. &#8211; Bia\u0142ystok: Instytut Bada\u0144 nad Dziedzictwem Kulturowym Europy, 2017.<\/li>\n<li>Standard i przewodnik po najlepszych praktykach sporz\u0105dzania i przechowywania dokumentacji bada\u0144 archeologicznych oraz pozyskiwania \u017ar\u00f3de\u0142 w Europie \/ Kathy Perrin, Duncan H. Brown, Guus Lange [et al.]; t\u0142. i adaptacja Agnieszka Oniszczuk. &#8211; Namur: Europae Archaeologiae Consilium (EAC), [2017].<\/li>\n<li>Stanis\u0142aw Brz\u0119czkowski 1897-1955: monografia, katalog zbior\u00f3w \/ Barbara Chojnacka. &#8211; Bydgoszcz: Muzeum Okr\u0119gowe im. Leona Wycz\u00f3\u0142kowskiego, 2017.<\/li>\n<li>Stanis\u0142aw Kostka Potocki, \u00dcber die Kunst bei den Alten oder polnischer Wincelmann (O sztuce u dawnych, czyli Winkelman Polski, 1815) und Johann Joachim Winckelmann, Geschichte der Kunst des Alterthums (1776) \/ \u00fcbersetzt von Iwona Leitl; bearbeitet von Eva Hofstetter. &#8211; Warszawa: Muzeum Pa\u0142acu Kr\u00f3la Jana III w Wilanowie; Stendal: Winckelmann-Gesellschaft, 2018.<\/li>\n<li>Stanis\u0142aw Wyspia\u0144ski: na ch\u0119ciach mi nie brakuje&#8230; \/ \u0141ukasz Gawe\u0142. &#8211; Krak\u00f3w: Muzeum Narodowe, 2017.<\/li>\n<li>Staromiejski ko\u015bci\u00f3\u0142 farny pw. Naj\u015bwi\u0119tszej Maryi Panny w Kostrzynie nad Odr\u0105: studia archeologiczno-architektoniczne \/ pod red. Krzysztofa Sochy i Julianny S\u00f3jkowskiej-Sochy. &#8211; Kostrzyn nad Odr\u0105; Zielona G\u00f3ra: Wydawnictwo Fundacji Archeologicznej, 2017.<\/li>\n<li>Stefan Nar\u0119bski 1892-1966: architekt, konserwator, profesor \/ [aut. kat. Micha\u0142 Pszcz\u00f3\u0142kowski]. &#8211; Toru\u0144: Muzeum Okr\u0119gowe, 2017.<\/li>\n<li>Sto lat b\u0119d\u0105 trwa\u0107 bez opieki niczyjej&#8230;: cmentarze wojenne z czas\u00f3w I wojny \u015bwiatowej w Bia\u0142ymstoku i powiecie bia\u0142ostockim \/ Ma\u0142gorzata Karczewska. &#8211; Bia\u0142ystok: O\u015brodek Bada\u0144 Europy \u015arodkowo-Wschodniej, 2017.<\/li>\n<li>Straty wojenne Muzeum Miejskiego (Stadtmuseum) w Gda\u0144sku: seria nowa. T. 1, Malarstwo \/ Helena Kowalska. &#8211; Gda\u0144sk: Muzeum Narodowe, 2017.<\/li>\n<li>Strzelce (Kraje\u0144skie) i okolice na przestrzeni wiek\u00f3w (do 1945 roku) \/ Edward Rymar. &#8211; Strzelce Kraje\u0144skie: Urz\u0105d Miejski, 2011.<\/li>\n<li>Studia nad architektur\u0105 i urbanistyk\u0105 Polski mi\u0119dzywojennej. T. 1, Odbudowa i budowa pa\u0144stwa \/ Maciej Motak, Andrzej Gaczo\u0142, Maciej Kapo\u0142ka; Politechnika Krakowska im. Tadeusza Ko\u015bciuszki. &#8211; Krak\u00f3w: Wydawnictwo Politechniki Krakowskiej, 2017.<\/li>\n<li>Studia nad architektur\u0105 i urbanistyk\u0105 Polski mi\u0119dzywojennej. T. 2, Wiod\u0105ce zagadnienia formalne \/ Maria Jolanta \u017bychowska, Beata Makowska, Piotr Winskowski; praca zbiorowa pod red. Macieja Motaka; Politechnika Krakowska im. Tadeusza Ko\u015bciuszki. &#8211; Krak\u00f3w: Wydawnictwo Politechniki Krakowskiej, 2017.<\/li>\n<li>Studia nad architektur\u0105 i urbanistyk\u0105 Polski mi\u0119dzywojennej. T. 3, Architektura, krajobraz i ludzie \/ Agata Zachariasz, Wojciech Jan Chmielewski, Filip Chmielewski, Maciej Motak, Wojciech Pot\u0119pa; praca zbiorowa pod red. Macieja Motaka; Politechnika Krakowska im. Tadeusza Ko\u015bciuszki. &#8211; Krak\u00f3w: Wydawnictwo Politechniki Krakowskiej, 2017.<\/li>\n<li>Studia nad architektur\u0105 i urbanistyk\u0105 Polski mi\u0119dzywojennej. T. 4, Urbanistyka w s\u0142u\u017cbie nowoczesnego pa\u0144stwa \/ Katarzyna Elwart, Maciej Kapo\u0142ka; praca zbiorowa pod red. Macieja Motaka; Politechnika Krakowska im. Tadeusza Ko\u015bciuszki. &#8211; Krak\u00f3w: Wydawnictwo Politechniki Krakowskiej, 2017.<\/li>\n<li>Studia nad dawn\u0105 Polsk\u0105. T. 5 \/ red. Tomasz Sawicki. &#8211; Gniezno: Muzeum Pocz\u0105tk\u00f3w Pa\u0144stwa Polskiego, 2017.<\/li>\n<li>Studia o kulturze cerkiewnej w dawnej Rzeczypospolitej \/ red. Agnieszka Gronek, Alicja Z. Nowak. &#8211; Krak\u00f3w: Wydawnictwo scriptum, 2016.<\/li>\n<li>Studia o sztuce polskiej XIX i XX wieku \/ Aneta Paw\u0142owska. &#8211; \u0141\u00f3d\u017a: Wydawnictwo Uniwersytetu \u0141\u00f3dzkiego, 2017.<\/li>\n<li>Studia z architektury nowoczesnej. T. 6, Architektura polska &#8211; mi\u0119dzy Wschodem a Zachodem \/ red. Joanna Kucharzewska; Polski Instytut Studi\u00f3w nad Sztuk\u0105 \u015awiata, Zak\u0142ad Historii Sztuki Nowoczesnej. Wydzia\u0142 Sztuk Pi\u0119knych. Uniwersytet Miko\u0142aja Kopernika. &#8211; Warszawa: Polski Instytut Studi\u00f3w nad Sztuk\u0105 \u015awiata; Toru\u0144: Wydawnictwo Tako, 2018.<\/li>\n<li>Studia z dziej\u00f3w drewnianej architektury sakralnej \/ Franciszek Strza\u0142ko. &#8211; Londyn: Nak\u0142adem autora wydane pod auspicjami Polskiego Towarzystwa Naukowego na Obczy\u017anie, 1989.<\/li>\n<li>Studia z historii sztuki polskiej XIX-XX wieku: ikonografia malarstwa religijnego czas\u00f3w porozbiorowych: kolor w architekturze historycznej \/ pod red. Barbary Marii Gaw\u0119ckiej, Aleksandera Jankowskiego. &#8211; Bydgoszcz: Wydawnictwo Uniwersytetu Kazimierza Wielkiego, 2017.<\/li>\n<li>Studium konserwatorsko-krajobrazowe dla dawnej cerkwi pw. \u015bw. Micha\u0142a Archanio\u0142a w Brunarach, cz\u0119\u015bci dobra \u015bwiatowego dziedzictwa UNESCO \/ D\u0105br\u00f3wka Lipska, Roman Marcinek, Andrzej Siwek, Maciej \u015awi\u0105tkowski, Maciej Warcho\u0142; wsp\u00f3\u0142pr. Klara Kantorowicz, Karol Czajkowski, Boles\u0142aw Kobielski, Hubert Ga\u0142ka; koordynacja Mariusz Czuba. &#8211; Krak\u00f3w: Warszawa: Narodowy Instytut Dziedzictwa, 2018.<\/li>\n<li>Systemy prawne ochrony zabytk\u00f3w z perspektywy teorii prawa administracyjnego \/ Piotr Dobosz. &#8211; Stan prawny na 1 wrze\u015bnia 2015 r. &#8211; Krak\u00f3w: Studio Cubus, 2015.<\/li>\n<li>Szkicownik Stanis\u0142awa Wyspia\u0144skiego z naukowo-artystycznej wycieczki w Opoczy\u0144skie z roku 1888 ze zbior\u00f3w Muzeum Uniwersytetu Jagiello\u0144skiego. Z. 1 \/ Piotr \u0141opatkiewicz, Tadeusz \u0141opatkiewicz. &#8211; Krak\u00f3w: Muzeum Narodowe: Muzeum Uniwersytetu Jagiello\u0144skiego, 2018.<\/li>\n<li>Szkicownik Stanis\u0142awa Wyspia\u0144skiego z naukowo-artystycznej wycieczki w S\u0105deckie, Gorlickie i Grybowskie z roku 1889 ze zbior\u00f3w Muzeum Uniwersytetu Jagiello\u0144skiego. Z. 1 \/ Piotr \u0141opatkiewicz, Tadeusz \u0141opatkiewicz. &#8211; Krak\u00f3w: Muzeum Narodowe: Muzeum Uniwersytetu Jagiello\u0144skiego, 2018.<\/li>\n<li>Szko\u0142a G\u0142\u00f3wna Handlowa w Warszawie \/ oprac. Barbara Trzci\u0144ska. &#8211; Wyd. 2 zm. &#8211; Warszawa: Oficyna Wydawnicza SGH &#8211; Szko\u0142a G\u0142\u00f3wna Handlowa, 2017.<\/li>\n<li>Szlacheckie i arystokratyczne rezydencje w Sudetach polskich: Sudety Zachodnie \/ Romuald M. \u0141uczy\u0144ski. &#8211; Wroc\u0142aw: Wydawnictwo Kartograficzne Eko-Graf, 2017.<\/li>\n<li>Szlacheckie i arystokratyczne rezydencje w Sudetach polskich: Sudety \u015arodkowe \/ Romuald M. \u0141uczy\u0144ski. &#8211; Wroc\u0142aw: Wydawnictwo Kartograficzne Eko-Graf, 2018.<\/li>\n<li>Szopenowska Droga \u015bwi\u0119tego Jakuba: przewodnik pielgrzyma \/ [aut. Ryszard Bo\u017cek et al.]. &#8211; Warszawa: Konfraternia \u015awi\u0119tego Jakuba przy Katedrze Polowej WP, 2017.<\/li>\n<li>Sztuka a religia: debaty niemieckie od XVI do XXI wieku \/ wst\u0119p, wyb\u00f3r, oprac. Cezary Lipi\u0144ski, Maria Wojtczak; Uniwersytet im. Adama Mickiewicza w Poznaniu. &#8211; Pozna\u0144: Wydawnictwo Nauka i Innowacje, 2018.<\/li>\n<li>Sztuka dawnego Opola \/ red. nauk. Bogus\u0142aw Czechowicz, Joanna Filipczyk, Andrzej Kozie\u0142. &#8211; Opole: Muzeum \u015al\u0105ska Opolskiego, 2018.<\/li>\n<li>Sztuka druku: europejskie oficyny wydawnicze w starodrukach Biblioteki Narodowej we Wroc\u0142awiu: katalog wystawy \/ Barbara Fercowicz, Maria Piotrowska. &#8211; Wroc\u0142aw: Muzeum Narodowe, 2018.<\/li>\n<li>Sztuka jest KUL: zbiory Muzeum Katolickiego Uniwersytetu Lubelskiego Jana Paw\u0142a II w Malborskim Zamku \/ [kurator wystawy Ewa Witkowicz-Pa\u0142ka, Krzysztof Przylicki]. &#8211; Lublin: Muzeum KUL, 2018.<\/li>\n<li>Sztuka konserwacji, konserwacja sztuki: dokonania konserwator\u00f3w z Zamku Kr\u00f3lewskiego na Wawelu w ostatnim \u0107wier\u0107wieczu \/ [red. Joanna Zi\u0119tkiewicz-Kotz]. &#8211; Krak\u00f3w: Zamek Kr\u00f3lewski na Wawelu. Pa\u0144stwowe Zbiory Sztuki, 2018.<\/li>\n<li>\u015aredniowieczne budownictwo obserwanckie na \u015al\u0105sku: przeobra\u017cenia architektoniczne oraz tre\u015bci ideowo-artystyczne wystroju i wyposa\u017cenia wn\u0119trz klasztor\u00f3w pobernardy\u0144skich we Wroc\u0142awiu i Jaworze \/ Barbara Pier\u015bcionek. &#8211; Opole: Oficyna Wydawnicza Politechniki Opolskiej, 2017.<\/li>\n<li>\u015aredniowieczne malowid\u0142a \u015bcienne w kamienicach mieszcza\u0144skich Starego i Nowego Miasta Torunia \/ Monika Jakubek-Raczkowska, Juliusz Raczkowski przy wsp\u00f3\u0142pr. Tomasza Kowalskiego. &#8211; Toru\u0144: Towarzystwo Naukowe, 2017.<\/li>\n<li>\u015aredniowieczny ko\u015bci\u00f3\u0142 na Ska\u0142ce w Krakowie w \u015bwietle bada\u0144 interdyscyplinarnych \/ red. Jacek Poleski. &#8211; Krak\u00f3w: Polska Akademia Umiej\u0119tno\u015bci, 2018.<\/li>\n<li>\u015awiat kolor\u00f3w garncarzy z rejonu Domas\u0142awia sprzed oko\u0142o 2800 lat \/ Bogus\u0142aw Gediga, Dagmara \u0141aciak, Barbara \u0141yd\u017cba-Kopczy\u0144ska, Ma\u0142gorzata Markiewicz; z analizami specjalistycznymi: Czes\u0142awa Augusta, Marka Hojniaka, Bogdana Miazgi, Grzegorza Ruska, R\u00f3\u017cy Nareckiej; Instytut Archeologii i Etnologii Polskiej Akademii Nauk. &#8211; Wroc\u0142aw: Instytut Archeologii i Etnologii Polskiej Akademii Nauk, 2017.<\/li>\n<li>\u015awi\u0105tynia 2 \/ pod red. Ireny Kontny. &#8211; Katowice: \u015al\u0105ski Wojew\u00f3dzki Konserwator Zabytk\u00f3w: Regionalny Instytut Kultury, 2017.<\/li>\n<li>\u015awi\u0119ci: Jakub Starszy, Jodokus, Peregryn, Roch, Wendelin w Katalogach zabytk\u00f3w sztuki w Polsce \/ Jerzy Grzegorz Kazimierczak. &#8211; Warszawa: Konfraternia \u015bw. Jakuba przy Katedrze Polowej WP, 2018.<\/li>\n<li>\u015awi\u0119tokrzyska Droga \u015bwi\u0119tego Jakuba: przewodnik pielgrzyma \/ [aut. Ryszard Bo\u017cek et al.]. &#8211; Warszawa: Konfraternia \u015awi\u0119tego Jakuba przy Katedrze Polowej WP, 2018.<\/li>\n<li>Technika w dziejach cywilizacji &#8211; z my\u015bl\u0105 o przysz\u0142o\u015bci. T. 12 \/ pod red. Stanis\u0142awa Januszewskiego; Fundacja Otwartego Muzeum Techniki. &#8211; Wroc\u0142aw: Fundacja Otwartego Muzeum Techniki, 2016.<\/li>\n<li>Technika w dziejach cywilizacji &#8211; z my\u015bl\u0105 o przysz\u0142o\u015bci. T. 13 \/ pod red. Stanis\u0142awa Januszewskiego; Fundacja Otwartego Muzeum Techniki. &#8211; Wroc\u0142aw: Fundacja Otwartego Muzeum Techniki, 2017.<\/li>\n<li>Technika w dziejach cywilizacji &#8211; z my\u015bl\u0105 o przysz\u0142o\u015bci. T. 9, X Mi\u0119dzynarodowy Warsztat Archeologii Przemys\u0142owej Nieg\u00f3w 2013 pod patronatem Mazowieckiego Wojew\u00f3dzkiego Konserwatora Zabytk\u00f3w \/ pod red. Stanis\u0142awa Januszewskiego; Fundacja Otwartego Muzeum Techniki, Biuro Studi\u00f3w i Dokumentacji Zabytk\u00f3w Techniki. &#8211; Wroc\u0142aw: Fundacja Otwartego Muzeum Techniki, 2013.<\/li>\n<li>The baroque villa: suburban and country residences c. 1600-1800 \/ ed. by Barbara Arciszewska. &#8211; Warszawa: Wilan\u00f3w Palace Museum, 2009.<\/li>\n<li>The early modern villa: senses and perceptions versus materiality \/ ed. by Barbara Arciszewska. &#8211; Warszawa: Museum of King Jan III&#8217;s Palace at Wilan\u00f3w, 2017.<\/li>\n<li>The Heritage Management of Wetlands in Europe \/ ed. by Bryony Coles and Adrian Olivier; assistant ed. David Bull. &#8211; Brussels: Europae Archaeologiae Consilium (EAC); Exeter: WARP, 2001.<\/li>\n<li>Topory wczesno\u015bredniowieczne z ziem polskich: katalog \u017ar\u00f3de\u0142 \/ Piotr N. Kotowicz; Fundacja Rzeszowskiego O\u015brodka Archeologicznego, Instytut Archeologii Uniwersytetu Rzeszowskiego. &#8211; Rzesz\u00f3w: MITEL, 2014.<\/li>\n<li>Toru\u0144ski cech rze\u017abiarski i snycerka na obszarze jego oddzia\u0142ywania w latach 1695-1793 \/ Bart\u0142omiej \u0141yczak. &#8211; Warszawa: Wydawnictwo DiG, 2017.<\/li>\n<li>Tradycyjne wn\u0119trze domu wiejskiego z XIX wieku oraz zmiany w jego wyposa\u017ceniu pod koniec XIX i na pocz\u0105tku XX wieku \/ [tekst Marta \u017bebrowska]; Muzeum Budownictwa Ludowego. Park Etnograficzny w Olsztynku. &#8211; Olsztynek: Muzeum Budownictwa Ludowego &#8211; Park Etnograficzny, 2015.<\/li>\n<li>Transport \/ pod red. Ireny Kontny. &#8211; Katowice: \u015al\u0105ski Wojew\u00f3dzki Konserwator Zabytk\u00f3w: Regionalny Instytut Kultury, 2018.<\/li>\n<li>Trudne dziedzictwo ziemi: Warmia i Mazury 1945-1989 \/ Izabela Lewandowska. &#8211; Olsztyn: Wydawnictwo Uniwersytetu Warmi\u0144sko-Mazurskiego, 2014.<\/li>\n<li>Twierdza Wroc\u0142aw 1890-1918: monografia \/ \u0141ukasz Pardela, Stanis\u0142aw Kolouszek. &#8211; Wroc\u0142aw: Wydawnictwo Via Nova, 2017.<\/li>\n<li>Uudistava pilguga: maneristlik maal Varssavi Rahvusmuuseumist \/ [tekst Aleksandra Janiszewska, Greta Koppel]. &#8211; Tallinn: Eesti Kunstimuuseum &#8211; Kadrioru Kunstimuuseum, 2017.<\/li>\n<li>V sprawozdanie biskupi\u0144skie \/ pod red. Jaros\u0142awa Kopiasza, Henryka Paw\u0142a D\u0105browskiego, Anny Grossman, Wojciecha Piotrowskiego; Muzeum Archeologiczne w Biskupinie. &#8211; Biskupin: Muzeum Archeologiczne, 2017.<\/li>\n<li>W poszukiwaniu to\u017csamo\u015bci miasta: architektura i urbanistyka Bia\u0142egostoku w latach 1795-1939 \/ Ma\u0142gorzata Dolistowska. &#8211; Wyd. 2 uzup. i poszerz. &#8211; Bia\u0142ystok: Wydawnictwo Uniwersytetu w Bia\u0142ymstoku, 2018.<\/li>\n<li>Walka obraz\u00f3w: przedstawienia wobec idei w Wolnym Mie\u015bcie Gda\u0144sku \/ Jacek Friedrich. &#8211; Gda\u0144sk: Fundacja Terytoria Ksi\u0105\u017cki, 2018.<\/li>\n<li>Warmi\u0144sko-Mazurski Biuletyn Konserwatorski \/ [Wojew\u00f3dzki Oddzia\u0142 S\u0142u\u017cby Ochrony Zabytk\u00f3w w Olsztynie; red. nacz. Jacek Wysocki]. &#8211; Olsztyn: Wojew\u00f3dzki Oddzia\u0142 S\u0142u\u017cby Ochrony Zabytk\u00f3w, 1999-.<\/li>\n<li>Warsaw recommendation on recovery and reconstruction of cultural heritage \/ [ed. Magdalena Marcinkowska, D\u0105br\u00f3wka Lipska]. &#8211; Warszawa: Narodowy Instytut Dziedzictwa, 2018.<\/li>\n<li>Warszawscy z\u0142otnicy, jubilerzy, grawerzy i kupcy wyrob\u00f3w kruszcowych w XIX wieku \/ Ryszard Bobrow. &#8211; Warszawa: Muzeum Narodowe, 2018.<\/li>\n<li>Warszawska droga \u015bwi\u0119tego Jakuba Wi\u0119kszego Aposto\u0142a: przewodnik dla pielgrzym\u00f3w i turyst\u00f3w \/ [aut. Jerzy Grzegorz Kazimierczak]. &#8211; Warszawa: Jerzy Grzegorz Kazimierczak, 2015.<\/li>\n<li>Warszawskie Materia\u0142y Archeologiczne \/ Urz\u0105d m. st. Warszawy. Wydzia\u0142 Kultury i Sztuki, Urz\u0105d Konserwatorski; Muzeum Historyczne m. st. Warszawy; [zesp\u00f3\u0142 red. Jerzy G\u0105ssowski i in.]. &#8211; Warszawa: UMSW, 1967-.<\/li>\n<li>When Valletta meets Faro: the reality of European archaeology in the 21st century \/ ed. by Paulina Florjanowicz. &#8211; Namur: Europae Archaeologiae Consilium: Association Internationale sans But Lucratif (AISBL), 2016.<\/li>\n<li>Who cares?: Perspectives on public awareness, participation and protection in archaeological heritage management \/ ed. by Agneta Lagerl\u00f6f. &#8211; Namur: Europae Archaeologiae Consilium: Association Internationale sans But Lucratif (AISBL), 2013.<\/li>\n<li>Wielmo\u017cni panowie i czcigodne panie: renesansowe nagrobki figuralne na G\u00f3rnym \u015al\u0105sku \/ Sylwia Krzemi\u0144ska-Szo\u0142tysek. &#8211; Wroc\u0142aw: Oficyna Wydawnicza ATUT &#8211; Wroc\u0142awskie Wydawnictwo O\u015bwiatowe, 2017.<\/li>\n<li>Wielokulturowe cmentarzysko w Sko\u0142oszowie, stanowisko 7, pow. jaros\u0142awski, w kontek\u015bcie osadnictwa z neolitu i wczesnej epoki br\u0105zu we wschodniej cz\u0119\u015bci Podg\u00f3rza Rzeszowskiego \/ [red. Ma\u0142gorzata Rybicka]. &#8211; Rzesz\u00f3w: Oficyna Wydawnicza &#8220;Zimowit&#8221;, 2017.<\/li>\n<li>Wielokulturowe stanowisko 3 w Czerniczynie w \u015bwietle bada\u0144 archeologicznych w latach 1981-1985 \/ pod red. Anna Hyrcha\u0142y. &#8211; Hrubiesz\u00f3w: Muzeum im. ks. Stanis\u0142awa Staszica, 2017.<\/li>\n<li>Wielokulturowe stanowisko nr 1 w Zamiechowie, powiat jaros\u0142awski \/ Agnieszka P\u016flp\u00e1nov\u00e1-Reszczy\u0144ska, S\u0142awomir Kadrow, Monika Bober; z aneksami Marzeny i Daniela Makowieckich, Joanny Rog\u00f3\u017c, Danuty Makowicz-Poliszot, Teresy Tomek i Mateusza Kality; Fundacja Rzeszowskiego O\u015brodka Archeologicznego. &#8211; Rzesz\u00f3w: Oficyna Wydawnicza &#8220;Zimowit&#8221;, 2017.<\/li>\n<li>Wilanowski Informator Konserwatorski \/ [red. merytoryczna Pawe\u0142 Jaskanis]. &#8211; Warszawa: [Muzeum Pa\u0142ac w Wilanowie], 2005-.<\/li>\n<li>Wi\u015blane porty Warszawy: historia infrastruktury \u017ceglugi \u015br\u00f3dl\u0105dowej stolicy \/ Anna Mistewicz, Zbigniew Tucholski. &#8211; Warszawa: Miasto Sto\u0142eczne Warszawa &#8211; Biuro Sto\u0142ecznego Konserwatora Zabytk\u00f3w, 2017.<\/li>\n<li>Witra\u017ce &#8211; dziedzictwo cenne czy niechciane? \/ red. Danuta Czapczy\u0144ska-Kleszczy\u0144ska. &#8211; Krak\u00f3w: Stowarzyszenie Mi\u0142o\u015bnik\u00f3w Witra\u017cy Ars Vitrea Polona; Legnica: Wydawnictwo Edytor, 2017.<\/li>\n<li>Witra\u017ce krakowskie w kamienicach mieszkalnych i obiektach u\u017cyteczno\u015bci publicznej z prze\u0142omu wiek\u00f3w XIX i XX \/ Krystyna Paw\u0142owska. &#8211; Wyd. 2, popr. i poszerzone. &#8211; Krak\u00f3w: Stowarzyszenie Mi\u0142o\u015bnik\u00f3w Witra\u017cy Ars Vitrea Polona; Legnica: Wydawnictwo Edytor, 2018.<\/li>\n<li>Wle\u0144ski mikroregion osadniczy w X-XVIII wieku: przemiany krajobrazu kulturowego \/ red. Jerzy Piekalski. &#8211; Wroc\u0142aw: Uniwersytet Wroc\u0142awski. Instytut Archeologii, 2017.<\/li>\n<li>W\u0142asno\u015b\u0107 zabytku a dyskrecjonalna w\u0142adza konserwatorska \/ Ewelina Kowalska. &#8211; Gda\u0144sk: Wydawnictwo Uniwersytetu Gda\u0144skiego, 2018.<\/li>\n<li>Wojskowe domy wypoczynkowe II Rzeczpospolitej Polskiej 1918-1939 \/ Joanna Zagda\u0144ska. &#8211; Warszawa: Joanna Zagda\u0144ska, 2017.<\/li>\n<li>Wok\u00f3\u0142 dziedzictwa poprzemys\u0142owego ziemi tarnowskiej: Skansen Maszyn Parowych przy Zabytkowej Kopalni Srebra w Tarnowskich G\u00f3rach: koncepcje modernizacji \/ red. nauk. Magdalena \u017bmudzi\u0144ska-Nowak, Rafa\u0142 Radziewicz-Winnicki. &#8211; Gliwice: Wydawnictwo Politechniki \u015al\u0105skiej, 2017.<\/li>\n<li>World Heritage Review \/ UNESCO, INCAFO. &#8211; Madrid: INCAFO, Archivo fotografico, 1996-.<\/li>\n<li>Wsp\u00f3lne dziedzictwo: pogranicze s\u0142owacko-polskie w epoce br\u0105zu \/ [red. Martin Javor et. al.]; Uniwersytet Rzeszowski. &#8211; Rzesz\u00f3w: Oficyna Wydawnicza &#8220;Zimowit&#8221;, 2018.<\/li>\n<li>Wybrane zagadnienia dokumentowania i ochrony zabytk\u00f3w hydrotechniki \/ pod red. Tomasza Ka\u0142u\u017cy i Bogdana J. Wosiewicza. &#8211; Pozna\u0144: Bogucki Wydawnictwo Naukowe, 2017.<\/li>\n<li>Wyspia\u0144ski: katalog wystawy ze zbior\u00f3w Muzeum Narodowego w Krakowie \/ red. Danuta Gody\u0144, Magdalena Laskowska. &#8211; Krak\u00f3w: Muzeum Narodowe, 2017.<\/li>\n<li>Zabytek zadbany AD 2017 \/ [tekst Joanna Piotrowska]. &#8211; Warszawa: Narodowy Instytut Dziedzictwa, 2017.<\/li>\n<li>Zabytek zadbany AD 2018 \/ [tekst Joanna Piotrowska]. &#8211; Warszawa: Narodowy Instytut Dziedzictwa, 2018.<\/li>\n<li>Zabytki: prawo i praktyka \/ Kamil Zeidler. &#8211; Gda\u0144sk: Wydawnictwo Uniwersytetu Gda\u0144skiego; Warszawa: Wolters Kluwer Polska, 2017.<\/li>\n<li>Zabytki powiatu hrubieszowskiego \/ [tekst Dorota Grzyma\u0142a, Justyna Wojtiuk]; Muzeum im. ks. Stanis\u0142awa Staszica w Hrubieszowie. &#8211; Hrubiesz\u00f3w: Muzeum im. ks. Stanis\u0142awa Staszica, 2017.<\/li>\n<li>Zabytki techniki \u0141odzi \/ fot. Pawe\u0142 Augustyniak; [tekst Maciej Kronenberg]. &#8211; \u0141\u00f3d\u017a: Urz\u0105d Miasta \u0141odzi. Biuro Miejskiego Konserwatora Zabytk\u00f3w. Oddzia\u0142 ds. Zarz\u0105dzania Dziedzictwem, 2017.<\/li>\n<li><\/li>\n<li>Zabytkowe fisharmonie Ziemi Cz\u0119stochowskiej i Zag\u0142\u0119bia D\u0105browskiego \/ Janusz Musialik. &#8211; Warszawa: Wydawnictwo Uniwersytetu Muzycznego Fryderyka Chopina, 2016.<\/li>\n<li>Zabytkowe rezydencje w krajobrazie przygranicznych region\u00f3w Polski i Niemiec \/ [aut. tekst\u00f3w Mariusz Czuba et al.]. &#8211; Warszawa: Narodowy Instytut Dziedzictwa, 2017.<\/li>\n<li>Zamek Czartoryskich w Klewaniu w \u015bwietle \u017ar\u00f3de\u0142 archiwalnych \/ Rafa\u0142 Nestorow. &#8211; Krak\u00f3w: Wydawnictwo Attyka, 2018.<\/li>\n<li>Zamek Kr\u00f3lewski w Ch\u0119cinach na tle Europy \u015arodkowej: geneza, funkcje, znaczenie \/ pod red. Beaty Wojciechowskiej, Sylwii Konarskiej-Zimnickiej; Zamek Kr\u00f3lewski w Ch\u0119cinach, Urz\u0105d Miasta i Gminy w Ch\u0119cinach, Uniwersytet Jana Kochanowskiego w Kielcach. &#8211; Kielce: Wydawnictwo Uniwersytetu Jana Kochanowskiego, 2018.<\/li>\n<li>Zamek Kr\u00f3lewski w Warszawie &#8211; Muzeum: przewodnik \/ [Andrzej Rottermund, Przemys\u0142aw Mrozowski]. &#8211; Warszawa: Arx Regia &#8211; O\u015brodek Wydawniczy Zamku Kr\u00f3lewskiego w Warszawie &#8211; Muzeum, 2017.<\/li>\n<li>Zamek w Malborku 1882-1945: dni powszednie odbudowy \/ Ryszard Rz\u0105d. &#8211; Wyd. 3 popr. i uzup. &#8211; Malbork: Muzeum Zamkowe, 2018.<\/li>\n<li>Zamieszka\u0107 z Chrystusem i Mari\u0105: sztuka dewocji osobistej w Niderlandach w latach 1450-1530: wystawa ze zbior\u00f3w polskich \/ [red. nauk. Marcin Kaleci\u0144ski]. &#8211; Gda\u0144sk: Muzeum Narodowe, 2017.<\/li>\n<li>Zamki ksi\u0119stwa nyskiego na tle przemian krajobrazu kulturowego w \u015bredniowieczu \/ Maria Legut-Pintal. &#8211; Wroc\u0142aw: Oficyna Wydawnicza ATUT &#8211; Wroc\u0142awskie Wydawnictwo O\u015bwiatowe, 2017.<\/li>\n<li>Zapomniane miejsca: Lubuskie. Cze\u015b\u0107 po\u0142udniowa \/ [Jakub Jagie\u0142\u0142o, Adam Sowa]. &#8211; Warszawa: Wydawnictwo CM, 2018.<\/li>\n<li>Zapomniane miejsca: Warmi\u0144sko-Mazurskie. Cze\u015b\u0107 zachodnia \/ Emilia Jaroszewska. &#8211; Warszawa: Wydawnictwo CM, 2017.<\/li>\n<li>Zawichost we wczesnym \u015bredniowieczu \/ red. Stanis\u0142aw Tabaczy\u0144ski, Dariusz Wycz\u00f3\u0142kowski; wsp\u00f3\u0142pr. red. Dorota Cyngot. &#8211; Warszawa: Instytut Archeologii i Etnologii Polskiej Akademii Nauk, 2018.<\/li>\n<li>Ziele\u0144 w krajobrazie miasta XIX i XX wieku \/ [red. Lech \u0141bik, Krystian Strauss, Agnieszka Wysocka]. &#8211; Bydgoszcz: Kujawsko-Pomorskie Centrum Kultury, 2018.<\/li>\n<li>Zintegrowane podej\u015bcie do dziedzictwa kulturowego w gospodarowaniu przestrzeni\u0105 na przyk\u0142adzie gminy Konstancin-Jeziorna: praca zbiorowa \/ pod red. Aliny Maciejewskiej, Anny Geppert, Adrianny Kupidury. &#8211; Warszawa: Oficyna Wydawnicza Politechniki Warszawskiej, 2017.<\/li>\n<li>Z\u0142otno, Zdrowie i Osiedle im. Montwi\u0142\u0142a-Mireckiego w dokumentach i wspomnieniach mieszka\u0144c\u00f3w \/ Kamila Kula, Piotr A. Kowalczyk. &#8211; \u0141\u00f3d\u017a: Centrum Inicjatyw na rzecz Rozwoju REGIO, 2017.<\/li>\n<li>Zmiana warty: dziedzictwo na prze\u0142omie XX i XXI wieku \/ John Tunbridge. &#8211; Krak\u00f3w: Mi\u0119dzynarodowe Centrum Kultury, 2018.<\/li>\n<li>Zwyczaje pogrzebowe \/ [red. Andrzej Rozwa\u0142ka]. &#8211; Rzesz\u00f3w: Fundacja Rzeszowskiego O\u015brodka Archeologicznego: Oficyna Wydawnicza &#8220;Zimowit&#8221;, [2016].<\/li>\n<\/ol>\n<p>[\/et_pb_toggle][et_pb_toggle title=&#8221;2017&#8243; open_toggle_text_color=&#8221;#e52330&#8243; closed_toggle_text_color=&#8221;#000000&#8243; _builder_version=&#8221;4.16&#8243; _module_preset=&#8221;default&#8221; title_font=&#8221;|700|||||||&#8221; closed_title_font=&#8221;|700|||||||&#8221; custom_margin=&#8221;||10px|||&#8221; global_colors_info=&#8221;{}&#8221;]<\/p>\n<p><span style=\"color: #808080;\">liczba nowo\u015bci: 702<\/span><\/p>\n<p>&nbsp;<\/p>\n<ol>\n<li>&#8220;Francuski wiek&#8221; i obrazy rokoka w \u015bwietle nowoczesnej krytyki i sztuki: wizje, rewizje, interpretacje \/ Agnieszka Rosales Rodriguez. &#8211; Warszawa: Wydawnictwo Neriton, 2016.<\/li>\n<li>&#8220;Sola scriptura&#8221;: biblijne malarstwo i grafika pomorskich protestant\u00f3w od XVI do XX wieku \/ [oprac. kat. Anna O. Sujecka]. &#8211; S\u0142upsk: Muzeum Pomorza \u015arodkowego, 2016.<\/li>\n<li>150 lat Gminy Wawer: vademecum krajoznawcze Wawra i okolic \/ Adam Cie\u0107wierz, Iwona Derlatka, Dorota M. Kozielska, Krzysztof Oktabi\u0144ski; praca pod red. Doroty M. Kozielskiej. &#8211; Warszawa: Biblioteka Publiczna w Dzielnicy Wawer m.st. Warszawy: Urz\u0105d Dzielnicy Wawer m.st. Warszawy, 2015.<\/li>\n<li>50 lat polskich wykopalisk w Egipcie i na Bliskim Wschodzie \/ [red. Zsolt Kiss]; Uniwersytet Warszawski. Stacja Archeologii \u015ar\u00f3dziemnomorskiej im. prof. Kazimierza Micha\u0142owskiego. &#8211; Warszawa: Uniwersytet Warszawski. Stacja Archeologii \u015ar\u00f3dziemnomorskiej im. prof. Kazimierza Micha\u0142owskiego, 1986.<\/li>\n<li>Acta Archaeologica Waweliana \/ Pa\u0144stwowe Zbiory Sztuki na Wawelu. &#8211; Krak\u00f3w: Wydawnictwo &#8220;Secesja&#8221;, 1993-.<\/li>\n<li>Acta artis: studia ofiarowane profesor Wandzie Nowakowskiej \/ pod red. Anety Paw\u0142owskiej, Eleonory Jedli\u0144skiej, Krzysztofa Stefa\u0144skiego. &#8211; \u0141\u00f3d\u017a: Wydawnictwo Uniwersytetu \u0141\u00f3dzkiego, 2016.<\/li>\n<li>Acta Universitatis Nicolai Copernici. Nauki Humanistyczno-Spo\u0142eczne. Zabytkoznawstwo i Konserwatorstwo \/ [Uniwersytet Miko\u0142aja Kopernika w Toruniu]. &#8211; Toru\u0144: Wydawnictwo Uniwersytetu Miko\u0142aja Kopernika, 1974-.<\/li>\n<li>Adhibenda: rocznik Archiwum Diecezjalnego w Zielonej G\u00f3rze. &#8211; Zielona G\u00f3ra: Agencja Wydawnicza PDN, 2014-.<\/li>\n<li>Allgemeines K\u00fcnstler-Lexikon: die Bildenden K\u00fcnstler aller Zeiten und V\u00f6lker. Bd. 95, Pellegrini &#8211; Pinstok \/ Hrsg. von Andreas Beyer, B\u00e9n\u00e9dicte Savoy, Wolf Tegethoff. &#8211; Berlin: de Gruyter, 2017.<\/li>\n<li>Allgemeines K\u00fcnstler-Lexikon: die Bildenden K\u00fcnstler aller Zeiten und V\u00f6lker. Bd. 96, Pintaldi &#8211; Pretro \/ Hrsg. von Andreas Beyer, B\u00e9n\u00e9dicte Savoy, Wolf Tegethoff. &#8211; Berlin: de Gruyter, 2017.<\/li>\n<li>Allgemeines K\u00fcnstler-Lexikon: die Bildenden K\u00fcnstler aller Zeiten und V\u00f6lker. Bd. 97, Pretsch &#8211; Rauh \/ Hrsg. von Andreas Beyer, B\u00e9n\u00e9dicte Savoy, Wolf Tegethoff. &#8211; Berlin: de Gruyter, 2018.<\/li>\n<li>Allgemeines K\u00fcnstler-Lexikon: die Bildenden K\u00fcnstler aller Zeiten und V\u00f6lker. Bd. 98, Raum &#8211; Rimpatta \/ Hrsg. von Andreas Beyer, B\u00e9n\u00e9dicte Savoy, Wolf Tegethoff. &#8211; Berlin: de Gruyter, 2018.<\/li>\n<li>Allgemeines K\u00fcnstler-Lexikon: die Bildenden K\u00fcnstler aller Zeiten und V\u00f6lker. Bd. 99, Rimpl &#8211; Rover \/ Hrsg. von Andreas Beyer, B\u00e9n\u00e9dicte Savoy, Wolf Tegethoff. &#8211; Berlin: de Gruyter, 2018.<\/li>\n<li>Almanach Warszawy \/ Muzeum Warszawy; [Aleksandra So\u0142tan-Lipska red. nacz.]. &#8211; Warszawa: Muzeum Warszawy, 2014-.<\/li>\n<li>Analecta Archaeologica Ressoviensia \/ Instytut Archeologii Uniwersytetu Rzeszowskiego. &#8211; Rzesz\u00f3w: Instytut Archeologii Uniwersytetu Rzeszowskiego, 2006.<\/li>\n<li>Ani centrum, ani peryferie: architektura pruskiego \u015al\u0105ska w okresie autonomii administracyjnej w latach 1740-1815 \/ Jerzy Krzysztof Kos. &#8211; Wroc\u0142aw: Oficyna Wydawnicza ATUT &#8211; Wroc\u0142awskie Wydawnictwo O\u015bwiatowe, 2016.<\/li>\n<li>Anna i Jerzy Tarnawscy \/ Joanna Majczyk, Agnieszka Tomaszewicz. &#8211; Wroc\u0142aw: Stowarzyszenie Architekt\u00f3w Polskich. Oddzia\u0142, 2016.<\/li>\n<li>Archaeological resource management: an international perspective \/ John Carman. &#8211; Cambridge: Cambridge University Press, 2015.<\/li>\n<li>Archeologia Bia\u0142egostoku \/ Ma\u0142gorzata Karczewska, Maciej Karczewski, Halina Karwowska, Katarzyna Rusin, Urszula Stankiewicz, Adam Wawrusiewicz. &#8211; Bia\u0142ystok: O\u015brodek Bada\u0144 Europy \u015arodkowo-Wschodniej, 2015.<\/li>\n<li>Archeologia \u0141om\u017cy. [Dokument elektroniczny] \/ [aut. Ma\u0142gorzata Karczewska, Maciej Karczewski et al.]. &#8211; [Nowodworce: Stowarzyszenie na Rzecz Dziedzictwa Kulturowego i Zr\u00f3wnowa\u017conego Rozwoju &#8220;Ma\u0142a Ojczyzna&#8221;], 2014.<\/li>\n<li>Archeologia wielkopolska: osi\u0105gni\u0119cia i problemy ochrony zabytk\u00f3w \/ Stowarzyszenie Naukowe Archeolog\u00f3w Polskich. Oddzia\u0142 w Poznaniu. &#8211; Pozna\u0144: Instytut Historii UAM, 1998.<\/li>\n<li>Architektura gotycka a sacrum posoborowe \/ Miros\u0142aw Bogdan. &#8211; Katowice: &#8220;\u015al\u0105sk&#8221; Wydawnictwo Naukowe, 2006.<\/li>\n<li>Architektura mieszkaniowa lat siedemdziesi\u0105tych w Rzeszowie: na przyk\u0142adzie wybranych osiedli \/ Marek Goszty\u0142a, Agnieszka Mazur. &#8211; Rzesz\u00f3w: Oficyna Wydawnicza Politechniki Rzeszowskiej, 2016.<\/li>\n<li>Architektura Parku kulturowego w Zabrzu \/ [t\u0142. El\u017cbieta Ga\u0142\u0105zka]. &#8211; Zabrze: Stowarzyszenie na Rzecz Restauracji i Propagowania Sztolni Kr\u00f3lowa Luiza w Zabrzu &#8220;Pro Futuro&#8221;: Zabytkowa Kopalnia W\u0119gla Kamiennego &#8220;Guido&#8221;, 2012.<\/li>\n<li>Architektura polskiej katedry gotyckiej a jej europejskie \u017ar\u00f3d\u0142o: uniwersalny obraz i r\u00f3\u017cnorodno\u015b\u0107 architektury katedry gotyckiej \/ Miros\u0142aw Bogdan. &#8211; Opole: Politechnika Opolska, 2013.<\/li>\n<li>Architektura renesansowa jako przejaw presti\u017cu fundatora i pozycji tw\u00f3rcy \/ Joanna Arlet. &#8211; Szczecin: Wydawnictwo Uczelniane Zachodniopomorskiego Uniwersytetu Technologicznego, 2017.<\/li>\n<li>Architektura rezydencjonalna historycznej Ma\u0142opolski: materia\u0142y sesji Stowarzyszenia Historyk\u00f3w Sztuki, (\u0141a\u0144cut, czerwiec 1975) \/ [oprac. red. Teresa Hrankowska]. &#8211; \u0141a\u0144cut: Zarz\u0105d G\u0142\u00f3wny Stowarzyszenia Historyk\u00f3w Sztuki, 1982 .<\/li>\n<li>Architektura sakralna XIX i pierwszej po\u0142owy XX wieku \/ [red. Agnieszka Wysocka, Bogna Derkowska-Kostkowska, Lech \u0141bik]; Kujawsko-Pomorskie Centrum Kultury w Bydgoszczy, Towarzystwo Mi\u0142o\u015bnik\u00f3w Miasta Bydgoszczy. &#8211; Bydgoszcz: Kujawsko-Pomorskie Centrum Kultury, 2017.<\/li>\n<li>Architektura szkolna II Rzeczypospolitej \/ Micha\u0142 Pszcz\u00f3\u0142kowski. &#8211; \u0141\u00f3d\u017a: Ksi\u0119\u017cy M\u0142yn Dom Wydawniczy Micha\u0142 Koli\u0144ski, 2017.<\/li>\n<li>Architektura szk\u00f3\u0142 powszechnych na Lubelszczy\u017anie w latach 1918-1939 \/ Ewa Mi\u0142kowska; Politechnika Wroc\u0142awska. Wydzia\u0142 Architektury. &#8211; Lublin: &#8220;System-Graf&#8221; Drukarnia Agencja Reklamowo-Wydawnicza Janusz Laskowski, 2017.<\/li>\n<li>Architektura trynitarzy na ziemiach Rzeczypospolitej \/ Miros\u0142awa Sobczy\u0144ska-Szczepa\u0144ska. &#8211; Katowice: Wydawnictwo Uniwersytetu \u015al\u0105skiego, 2017.<\/li>\n<li>Archiwa, Biblioteki i Muzea Ko\u015bcielne: organ O\u015brodka Archiw\u00f3w, Bibliotek i Muze\u00f3w Ko\u015bcielnych przy Katolickim Uniwersytecie Lubelskim = Archiva, Bibliothecae et Musea Ecclesiastica \/ red. Stanis\u0142aw Librowski. &#8211; Lublin: [s.n.], 1959-.<\/li>\n<li>Areszt so\u0142ecki ze Skrzyszowa \/ Tomasz Osi\u0144ski. &#8211; Chorz\u00f3w: Muzeum &#8220;G\u00f3rno\u015bl\u0105ski Park Etnograficzny&#8221;, 2016.<\/li>\n<li>Ariergarda modernizmu: katalog projekt\u00f3w i realizacji Bohdana Lacherta i J\u00f3zefa Szanajcy \/ Katarzyna Uchowicz; wsp\u00f3\u0142praca Daria Dorota Pikulska, Dorota Piramidowicz, Piotr Lasek. &#8211; Warszawa: Instytut Sztuki PAN, 2017.<\/li>\n<li>Ars cisterciensis: ko\u015bci\u00f3\u0142 cysterski w \u015bredniowieczu &#8211; wyposa\u017cenie i wystr\u00f3j \/ Janusz Nowi\u0144ski. &#8211; Warszawa: New Media Concept, 2016.<\/li>\n<li>Artium Quaestiones \/ Uniwersytet im. Adama Mickiewicza w Poznaniu; red. Konstanty Kalinowski. &#8211; Pozna\u0144: [s. n.], 1979-.<\/li>\n<li>Atlas historyczny miast polskich. T. 5, Ma\u0142opolska. Z. 3, Wieliczka \/ Zbigniew Beiersdorf, Antoni Jod\u0142owski, Bogus\u0142aw Krasnowolski, Zdzis\u0142aw Noga; red. Roman Czaja. &#8211; Toru\u0144: Wydawnictwo Naukowe Uniwersytetu Miko\u0142aja Kopernika; [Wieliczka]: Muzeum \u017bup Krakowskich; Krak\u00f3w: Uniwersytet Pedagogiczny, 2015.<\/li>\n<li>Autoportret: pismo o dobrej przestrzeni: kwartalnik Ma\u0142opolskiego Instytutu Kultury. &#8211; Krak\u00f3w: Ma\u0142opolski Instytut Kultury, 2002-.<\/li>\n<li>Badania archeologiczne na G\u00f3rnym \u015al\u0105sku i ziemiach pogranicznych w latach 2009-2010 \/ [red. tomu Eugeniusz Tomczak]; \u015al\u0105skie Centrum Dziedzictwa Kulturowego w Katowicach. &#8211; Katowice: \u015al\u0105skie Centrum Dziedzictwa Kulturowego, 2012.<\/li>\n<li>Badania archeologiczne zespo\u0142\u00f3w sakralnych w Karpatach \/ [red. Jan Gancarski]; Muzeum Podkarpackie w Kro\u015bnie. &#8211; Krosno: Muzeum Podkarpackie, 2016.<\/li>\n<li>Badania na obszarze dawnego ko\u015bcio\u0142a augustia\u0144skiego: praca zbiorowa. T. 1 \/ pod red. Marcina Majewskiego; Muzeum Archeologiczno-Historyczne w Stargardzie. &#8211; Stargard: Muzeum w Stargardzie, 2016.<\/li>\n<li>Badania na obszarze dawnego ko\u015bcio\u0142a augustia\u0144skiego: praca zbiorowa. T. 2 \/ pod red. Marcina Majewskiego; Muzeum Archeologiczno-Historyczne w Stargardzie. &#8211; Stargard: Muzeum w Stargardzie, 2016.<\/li>\n<li>Badania na Rynku Staromiejskim: praca zbiorowa \/ pod red. Marcina Majewskiego i Karoliny Sta\u0144; Muzeum Archeologiczno-Historyczne w Stargardzie. &#8211; Stargard: Muzeum w Stargardzie, 2016.<\/li>\n<li>Barok, romantyzm, kresy \/ Jan K. Ostrowski. &#8211; Warszawa: Wydawnictwo DiG; Bellerive-sur-Allier: Edition La Rama SASU, 2017.<\/li>\n<li>Battles lost and won \/ Roland Silva. &#8211; Colombo: ICOMOS Sri Lanka, 2015.<\/li>\n<li>Bazylika Katedralna w \u0141owiczu: (dawniej Kolegiata Prymasowska): MC-MM \/ Stanis\u0142aw Majkut. &#8211; \u0141owicz: Poligrafia, 2009.<\/li>\n<li>Bazylika Matki Boskiej Bolesnej w Jaros\u0142awiu: dzieje, ludzie i sztuka \/ red. Marek Mi\u0142awicki, Rafa\u0142 Nestorow. &#8211; Krak\u00f3w: Wydawnictwo Esprit, 2016.<\/li>\n<li>Bia\u0142owie\u017ca National Park: know it, understand it, protect it \/ [substantive ed. Czes\u0142aw Oko\u0142\u00f3w, Ma\u0142gorzata Kara\u015b, Aleksander Bo\u0142bot]. &#8211; Bia\u0142owie\u017ca: Bia\u0142owieski Park Narodowy, 2009.<\/li>\n<li>Bia\u0142y Potok: materia\u0142y z bada\u0144 J\u00f3zefa Kostrzewskiego na Podolu \/ pod red. Marzeny Szmyt; Muzeum Archeologiczne w Poznaniu. &#8211; Pozna\u0144: Muzeum Archeologiczne, 2016.<\/li>\n<li>Biblioteka Sapieh\u00f3w z Krasiczyna w Zamku Kr\u00f3lewskim na Wawelu. T. 2\/1, Katalog starych druk\u00f3w &#8211; Druki obce z wiek\u00f3w XV-XVII \/ red. nauk. Iwona Pietrzykiewicz; Zamek Kr\u00f3lewski na Wawelu. Pa\u0144stwowe Zbiory Sztuki. &#8211; Krak\u00f3w: Zamek Kr\u00f3lewski na Wawelu; 2015.<\/li>\n<li>Biblioteka Uniwersytecka w Poznaniu \/ Artur Jazdon, Jakub Skutecki. &#8211; Pozna\u0144: Wydawnictwo Miejskie Posnania, 2017.<\/li>\n<li>Bieszczad: sprawozdania Towarzystwa Opieki nad Zabytkami O\/Michniowiec. &#8211; Michniowiec: Towarzystwo Opieki nad Zabytkami, 1993-.<\/li>\n<li>Biuletyn Historii Sztuki: [kwartalnik wydawany przez Instytut Sztuki PAN oraz Stowarzyszenie Historyk\u00f3w Sztuki = Bulletin of Art History: a quarterly published by the Institute of Art History of the Polish Academy of Sciences (IS-PAN) in conjunction with the Art Historians&#8217; Society \/ Piotr Paszkiewicz red. nacz.]. &#8211; Warszawa: Instytut Sztuki Polskiej Akademii Nauk: Stowarzyszenie Historyk\u00f3w Sztuki, 1954-.<\/li>\n<li>Biuletyn Informacyjny Konserwator\u00f3w Dzie\u0142 Sztuki \/ red. zesp\u00f3\u0142 Joanna Zaj\u0105czkowska-K\u0142oda, Marcin Kozarzewski, Gra\u017cyna Szumska-J\u00f3zefiak. &#8211; \u0141\u00f3d\u017a: [s.n.], 1990-.<\/li>\n<li>Biuletyn Konserwatorski Wojew\u00f3dztwa Podlaskiego \/ Wojew\u00f3dzki Oddzia\u0142 S\u0142u\u017cby Ochrony Zabytk\u00f3w w Bia\u0142ymstoku; [Janina Ho\u015bci\u0142owicz, Lucyna Stalo\u0144czyk red. zeszytu]. &#8211; Bia\u0142ystok: Wojew\u00f3dzki Oddzia\u0142 S\u0142u\u017cby Ochrony Zabytk\u00f3w, 1999-.<\/li>\n<li>Biuletyn Stowarzyszenia Muze\u00f3w na Wolnym Powietrzu w Polsce \/ Stowarzyszenie Muze\u00f3w na Wolnym Powietrzu; [red. Jerzy Adamczewski, Tadeusz Sadkowski, Jan \u015awi\u0119ch]. &#8211; Toru\u0144: Stowarzyszenie Muze\u00f3w na Wolnym Powietrzu w Polsce, 1999-.<\/li>\n<li>Blisko i daleko: ksi\u0119ga Jubileuszowa Instytutu Archeologii Uniwersytetu Warszawskiego \/ [red. Barbara Kaim]. &#8211; Warszawa: Instytut Archeologii Uniwersytetu Warszawskiego, [2009].<\/li>\n<li>Bloki w s\u0142o\u0144cu: ma\u0142a historia Ursynowa P\u00f3\u0142nocnego \/ Lidia Pa\u0144k\u00f3w. &#8211; Wo\u0142owiec: Wydawnictwo Czarne, 2016.<\/li>\n<li>Bodzia: elitarny cmentarz z pocz\u0105tk\u00f3w pa\u0144stwa polskiego \/ pod red. Andrzeja Buko. &#8211; Warszawa: Wydawnictwo Instytutu Archeologii i Etnologii Polskiej Akademii Nauk, 2016.<\/li>\n<li>Boles\u0142aw Kardaszewski: architektura i polityka \/ B\u0142a\u017cej Ciarkowski. &#8211; Krak\u00f3w: Towarzystwo Autor\u00f3w i Wydawc\u00f3w Prac Naukowych Universitas, 2016.<\/li>\n<li>Bon app\u00e9tit: zabytkowe sztu\u0107ce, ich historia, kszta\u0142ty i przeznaczenie \/ [oprac. kat. Katarzyna P\u0105gowska, Anna Sujecka, Beata Zgodzi\u0144ska]. &#8211; S\u0142upsk: Muzeum Pomorza \u015arodkowego, 2016.<\/li>\n<li>Bruki w krajobrazie Krakowa \/ Jerzy Duda. &#8211; Krak\u00f3w: Towarzystwo Mi\u0142o\u015bnik\u00f3w Historii i Zabytk\u00f3w Krakowa, 1998.<\/li>\n<li>Brusno (nie)istnienie w kamieniu \/ pod red. Olgi Solarz. &#8211; Nowica: Stowarzyszenie Magurycz, 2013.<\/li>\n<li>Bydgoska architektura militarna w latach 1772-1945 \/ Krzysztof Drozdowski. &#8211; Warszawa: Agencja Wydawnicza Cinderella Books Andrzej Zasieczny, 2017.<\/li>\n<li>Bydgoski Rocznik Muzealny \/ Muzeum im. Leona Wycz\u00f3\u0142kowskiego. &#8211; Bydgoszcz: Muzeum, 1969-.<\/li>\n<li>Bydgoszcz 1904-2014: fontanna Potop \/ Marek Che\u0142miniak, Stefan Pastuszewski. &#8211; Bydgoszcz: Wydawnictwo Pejza\u017c, 2015.<\/li>\n<li>Bydgoszczanin i budowniczy: o J\u00f3zefie \u015awi\u0119cickim, architekturze i Bydgoszczy 1859-1913 \/ Bogna Derkowska-Kostkowska. &#8211; Bydgoszcz: Bogna Derkowska-Kostkowska, 2016.<\/li>\n<li>By\u0142 sobie pa\u0142ac: opowie\u015b\u0107 o ruinie i odbudowie Pa\u0142acu Branickich \/ Mariusz Stepaniuk, Adam Hermanowicz. &#8211; Bia\u0142ystok: Wydawnictwo Frontier Renata Stepaniuk, 2017.<\/li>\n<li>Ceramika naczyniowa kultury oksywskiej \/ Anna Strobin; Instytut Archeologii i Etnologii Uniwersytetu Gda\u0144skiego. &#8211; Gda\u0144sk: Instytut Archeologii. Uniwersytet Gda\u0144ski , 2011.<\/li>\n<li>Ceramika p\u0142ocka mi\u0119dzy XI a XIX wiekiem: studium archeologiczne \/ Maciej Trzeciecki. &#8211; Warszawa: Instytut Archeologii i Etnologii Polskiej Akademii Nauk, 2016.<\/li>\n<li>Ceramika rzemie\u015blnicza jako \u017ar\u00f3d\u0142o do bada\u0144 nad zr\u00f3\u017cnicowaniem garncarstwa kultury przeworskiej \/ red. Henryk Machajewski, Beata Jurkiewicz; Uniwersytet Gda\u0144ski, Akademia Humanistyczna im. Aleksandra Gieysztora Pu\u0142tusk. &#8211; [Gda\u0144sk]: Instytut Archeologii. Uniwersytet Gda\u0144ski; Pu\u0142tusk: Instytut Antropologii i Archeologii Akademii Humanistycznej im. Aleksandra Gieysztora, 2010.<\/li>\n<li>Cerkwie i ikony \u0141emkowszczyzny \/ Jaros\u0142aw Giemza; tekst rozdzia\u0142u Architektura cerkiewna Jerzy Tur. &#8211; Rzesz\u00f3w: Libra PL, 2017.<\/li>\n<li>Cha\u0142upa z Bykowiny \/ Maciej Dro\u0144. &#8211; Chorz\u00f3w: Muzeum &#8220;G\u00f3rno\u015bl\u0105ski Park Etnograficzny&#8221;, 2016.<\/li>\n<li>Cha\u0142upa z Goleszowa \/ Dawid Gmitruk. &#8211; Chorz\u00f3w: Muzeum &#8220;G\u00f3rno\u015bl\u0105ski Park Etnograficzny&#8221;, 2016.<\/li>\n<li>Chrzest, \u015bw. Wojciech, Polska: dziedzictwo \u015bredniowiecznego Gniezna: katalog wystawy \/ [red. naukowa Tomasz Janiak]. &#8211; Gniezno: Muzeum Pocz\u0105tk\u00f3w Pa\u0144stwa Polskiego, 2016.<\/li>\n<li>Claritas et consonantia: funkcje, formy i znaczenia w sztuce \u015bredniowiecza: ksi\u0119ga po\u015bwi\u0119cona pami\u0119ci Kingi Szczepkowskiej-Naliwajek w dziesi\u0105t\u0105 rocznic\u0119 \u015bmierci \/ pod red. Moniki Jakubek-Raczkowskiej i Juliusza Raczkowskiego. &#8211; Toru\u0144: Wydzia\u0142 Sztuk Pi\u0119knych Uniwersytet Miko\u0142aja Kopernika; Warszawa: Stowarzyszenie Historyk\u00f3w Sztuki, 2017.<\/li>\n<li>Cmentarz na Rossie w Wilnie: niezachowane pomniki na podstawie kartotek Wac\u0142awa Wejtki, Lucjana Uzi\u0119b\u0142y i Aleksandra \u015anie\u017cki \/ Anna S. Czy\u017c, Bart\u0142omiej Gutowski. &#8211; Warszawa: Wydawnictwo Naukowe Uniwersytetu Kardyna\u0142a Stefana Wyszy\u0144skiego, 2017.<\/li>\n<li>Cmentarz \u017cydowski w \u0141odzi \/ [red. naczelny Leszek Ho\u0144do; autorzy Irmina Gadowska et al.]. &#8211; \u0141\u00f3d\u017a: Wydawnictwo Hamal Andrzej Machejek, 2016.<\/li>\n<li>Cmentarze dawnego powiatu buczackiego \/ pod red. Anny Sylwii Czy\u017c, Bart\u0142omieja Gutowskiego. &#8211; Warszawa: Ministerstwo Kultury i Dziedzictwa Narodowego. Departament Dziedzictwa Kulturowego za Granic\u0105 i Strat Wojennych, 2017.<\/li>\n<li>Cmentarze ewangelickie wojew\u00f3dztwa lubuskiego 1815-1945. T. 1, Powiat zielonog\u00f3rski. Z. 1 \/ [red. nauk. Adam G\u00f3rski]. &#8211; Zielona G\u00f3ra: Wydawnictwo Eternum, 2013.<\/li>\n<li>Cmentarze ewangelickie wojew\u00f3dztwa lubuskiego 1815-1945. T. 1, Powiat zielonog\u00f3rski. Z. 2 \/ [red. nauk. Adam G\u00f3rski]. &#8211; Zielona G\u00f3ra: Wydawnictwo Eternum, 2015.<\/li>\n<li>Cmentarze ewangelickie wojew\u00f3dztwa lubuskiego 1815-1945. T. 2, Powiat \u017caga\u0144ski. Z. 1, Miasto \u017baga\u0144 \/ red. nauk. Adam G\u00f3rski; oprac. Micha\u0142 Dalidowicz [et al.]. &#8211; Zielona G\u00f3ra: Wydawnictwo Eternum, 2016.<\/li>\n<li>Cmentarze wyznaniowe do 1945 roku w granicach wojew\u00f3dztwa lubuskiego. T. 1, Powiat zielonog\u00f3rski, gminy Babimost i Bojad\u0142a \/ Robert Romuald Kufel. &#8211; Zielona G\u00f3ra: Agencja Wydawnicza &#8220;PDN&#8221;, 2012.<\/li>\n<li>Cmentarzysko kultury wielbarskiej w Gostkowie \/ Artur Kurpiewski. &#8211; Lublin: Wydawnictwo Uniwersytetu Marii Curie-Sk\u0142odowskiej, 2008.<\/li>\n<li>Codzienno\u015b\u0107 mniejszych miast Pomorza Nadwi\u015bla\u0144skiego ko\u0144ca XIX i pierwszych dziesi\u0119cioleci XX wieku: zmiany warunk\u00f3w materialnych i przeobra\u017cenia obyczajowo\u015bci \/ Tomasz Krzemi\u0144ski. &#8211; Warszawa: Instytut Historii PAN, 2017.<\/li>\n<li>Collegium Kazimierzowskie: na granicy dw\u00f3ch \u015bwiat\u00f3w \/ Stefan G\u0105siorowski, Wojciech Krawczuk. &#8211; Krak\u00f3w: Ksi\u0119garnia Akademicka, 2015.<\/li>\n<li>Co\u015b bierzemy, co\u015b dajemy: reporta\u017ce o wolontariacie dla dziedzictwa \/ pod red. Aleksandry Chabiery, Anny Kozio\u0142 i Bartosza Skaldawskiego. &#8211; Warszawa: Narodowy Instytut Dziedzictwa, 2017.<\/li>\n<li>Cyfryzacja w naukach o przesz\u0142o\u015bci i ochronie zabytk\u00f3w: analiza potencja\u0142u i zagro\u017ce\u0144 na wybranych przyk\u0142adach \/ red. nauk. Rafa\u0142 Zap\u0142ata. &#8211; Warszawa: Wydawnictwo Naukowe Uniwersytetu Kardyna\u0142a Stefana Wyszy\u0144skiego, 2016.<\/li>\n<li>Cystersi w kulturze \u015bredniowiecznej Europy \/ red. Jerzy Strzelczyk. &#8211; Pozna\u0144: Wydawnictwo Naukowe UAM, 1992.<\/li>\n<li>Czas debat: antologia krytyki artystycznej z lat 1945-1954. T. 1, Upowszechnianie kultury i mecenat pa\u0144stwowy \/ wyb\u00f3r i oprac. Agata Pietrasik i Piotr S\u0142odkowski. &#8211; Warszawa: Fundacja Kultura Miejsca: Akademia Sztuk Pi\u0119knych, 2016.<\/li>\n<li>Czas debat: antologia krytyki artystycznej z lat 1945-1954. T. 2, Realizm i formalizm \/ wyb\u00f3r i oprac. Agata Pietrasik i Piotr S\u0142odkowski. &#8211; Warszawa: Fundacja Kultura Miejsca: Akademia Sztuk Pi\u0119knych, 2016.<\/li>\n<li>Czas debat: antologia krytyki artystycznej z lat 1945-1954. T. 3, Wektory geografii artystycznej, reinterpretacje tradycji, sylwetki \/ wyb\u00f3r i oprac. Agata Pietrasik i Piotr S\u0142odkowski. &#8211; Warszawa: Fundacja Kultura Miejsca: Akademia Sztuk Pi\u0119knych, 2016.<\/li>\n<li>Czasopismo Techniczne. A, Architektura. &#8211; Krak\u00f3w: Wydawnictwo Politechniki Krakowskiej, 2007-.<\/li>\n<li>Czekaj\u0105c na odbudow\u0119: Warszawa 1945-1950 w obiektywie Karola P\u0119cherskiego \/ teksty Jerzy S. Majewski; wyb\u00f3r zdj. Joanna Lang. &#8211; Warszawa: Muzeum Powstania Warszawskiego, 2016.<\/li>\n<li>Czersk Wzg\u00f3rze Zamkowe: badania 1974-1983 \/ red. Przemys\u0142aw Urba\u0144czyk, Maciej Trzeciecki. &#8211; Warszawa: Instytut Archeologii i Etnologii Polskiej Akademii Nauk, 2016.<\/li>\n<li>Czy przyby\u0142 ju\u017c pose\u0142 z Lechistanu?: turcica w zbiorze starodruk\u00f3w Muzeum Narodowego w Krakowie \/ Iwona D\u0142ugopolska. &#8211; Krak\u00f3w: Muzeum Narodowe, 2014.<\/li>\n<li>Daniel Mr\u00f3z: pomniki nieuczesane: Krak\u00f3w, marzec &#8211; kwiecie\u0144 2017 \/ [red. i projekt Janina G\u00f3rka-Czarnecka]. &#8211; Krak\u00f3w: Galeria Artemis, 2017.<\/li>\n<li>Das Fraum\u00fcnster in Z\u00fcrich: von der K\u00f6nigsabtei zur Stadtkirche \/ Hg. Peter Niederh\u00e4user und D\u00f6lf Wild. &#8211; Z\u00fcrich: Chronos Verlag, 2012.<\/li>\n<li>Das K\u00f6nigsschloss in Krakau und die Residenzarchitektur unter den Jagiellonen in Polen und Litauen (1499-1548): Baugeschichte, Funktion, Rezeption \/ Tomasz Torbus. &#8211; Ostfildern: Jan Thorbecke Verlag, 2014.<\/li>\n<li>Das neue M\u00fcnchen: Vorschl\u00e4ge zum Wiederaufbau \/ [Karl Meitinger]; hrsg. Mathias Pfeil, Bayerisches Landesamt f\u00fcr Denkmalpflege. &#8211; M\u00fcnchen: Volk Verlag, 2014.<\/li>\n<li>Das Vogtshaus in Oschatz \/ [red. Hendrik B\u00e4rnighausen]. &#8211; Dresden: Sandstein Verlag, 2012.<\/li>\n<li>Dawna grafika w\u0142oska: katalog zbior\u00f3w. T. 1 \/ Izabela \u017bak. &#8211; Old Italian prints. &#8211; Wroc\u0142aw: Muzeum Narodowe, 2017.<\/li>\n<li>Dawna grafika w\u0142oska: katalog zbior\u00f3w. T. 2 \/ Izabela \u017bak. &#8211; Old Italian prints. &#8211; Wroc\u0142aw: Muzeum Narodowe, 2017.<\/li>\n<li>Dawna wytw\u00f3rczo\u015b\u0107 na ziemiach polskich: katalog wystawy w Muzeum Pocz\u0105tk\u00f3w Pa\u0144stwa Polskiego w Gnie\u017anie \/ [aut. tekst\u00f3w Eugeniusz Cnotliwy et al.]. &#8211; Gniezno: Muzeum Pocz\u0105tk\u00f3w Pa\u0144stwa Polskiego, 2015.<\/li>\n<li>Dawne siedziby ziemia\u0144skie wobec wsp\u00f3\u0142czesnych wyzna\u0144 gospodarczych i szans turystycznych \/ [red., wyb\u00f3r i opis materia\u0142u il. S\u0142awomir Kordaczuk]. &#8211; Siedlce: Muzeum Regionalne, 2016.<\/li>\n<li>Dawny Rzesz\u00f3w na kartach pocztowych \/ Jerzy Gacek, Rafa\u0142 Koco\u0142, Marzena Lorens. &#8211; Rzesz\u00f3w: Muzeum Okr\u0119gowe, 2013.<\/li>\n<li>De Nederlandse Tegel: Decors en benamingen 1570-1930 \/ Jan Pluis; wsp\u00f3lpraca Dani\u00ebl Hanekuijk, Piet Bolwerk, Jan van Loo. &#8211; Wyd. 3 popr. i rozsz. &#8211; Leiden: Primavera Pers, 2013.<\/li>\n<li>Dekoracje architektoniczne Gda\u0144ska 1945-1989. T. 1, G\u0142\u00f3wne Miasto &#8211; fresk, sgraffito, mozaika, ceramika \/ red nauk. Jacek Kriegseisen. &#8211; Gda\u0144sk: Nadba\u0142tyckie Centrum Kultury, 2016.<\/li>\n<li>Dekret Rady Regencyjnej z 1918 r. o opiece nad zabytkami sztuki i kultury z komentarzem czyli eseje o prawie ochrony dziedzictwa kultury \/ red. Kamil Zeidler, Magdalena Marcinkowska. &#8211; Stan prawny 1 wrze\u015bnia 2017. &#8211; Gda\u0144sk: Wydawnictwo Uniwersytetu Gda\u0144skiego, 2017.<\/li>\n<li>DenkMal: Zeitschrift f\u00fcr Denkmalpflege in Schleswig-Holstein. &#8211; Kiel: Landesamt f\u00fcr Denkmalpflege, Schleswig-Holstein, 1994-.<\/li>\n<li>Denkmalpflege braucht Substanz: Jahrestagung der Vereinigung der Landesdenkmalpfleger in der Bundesrepublik Deutschland und 83. Tag f\u00fcr Denkmalpflege 7.-10. Juni 2015 in Flensburg \/ hrsg. vom Landesamt f\u00fcr Denkmalpflege Schleswig-Holstein. &#8211; Kiel: Verlag Ludwig, 2017.<\/li>\n<li>Denkmalpflege in Sachsen: Mitteilungen des Landesamtes f\u00fcr Denkmalpflege Sachsen. &#8211; Drezno: Landesamt f\u00fcr Denkmalpflege Sachsen, 1992-.<\/li>\n<li>Denkmalpflege Informationen. &#8211; M\u00fcnchen: Bayerisches Landesamt f\u00fcr Denkmalpflege, 2006-.<\/li>\n<li>Der Cranach-Altar in der Augustusburger Schlosskapelle \/ Landesamt f\u00fcr Denkmalpflege Sachsen. &#8211; Beucha: Markkleeberg: Sax-Verlag, 2015.<\/li>\n<li>Der Dom St. Marien zu Wurzen: 900 Jahre Bau- und Kunstgeschichte der Kollegiatstiftskirche St. Marien zu Wurzen: Beitr\u00e4ge des Kolloquiums vom 17. Oktober 2014 \/ Landesamt f\u00fcr Denkmalpflege Sachsen. &#8211; [s.l.]: Mitteldeutscher Verlag, 2015.<\/li>\n<li>Die alte Augustusbr\u00fccke in Dresden \/ [Red. Diana H\u00e4rtrich et al.]. &#8211; Dresden: Sandstein Verlag, 2014.<\/li>\n<li>Die Chaussee Altona &#8211; Kiel: die erste Kunststra\u00dfe in Schleswig-Holstein \/ Burkhard von Hennigs und Heinrich Kautzky. &#8211; Kiel: Verlag Ludwig, 2015.<\/li>\n<li>Die Gartenkunst. &#8211; Worms am Rhein: Wernersche Verlagsgesellschaft, 1989-.<\/li>\n<li>Die Wind- und Wasserm\u00fchlen in Schleswig-Holstein und Hamburg \/ Uwe Karstens und Wolfgang Kuhlmann. &#8211; Kiel: Verlag Ludwig, 2017.<\/li>\n<li>Dla presti\u017cu i potomnych: \u015bl\u0105skie skrzynki cechowe \/ Ma\u0142gorzata Kor\u017cel-Kra\u015bna. &#8211; Wroc\u0142aw: Muzeum Narodowe, 2017.<\/li>\n<li>Dokument fundacyjny Zbyluta dla klasztoru cysterskiego w \u0141eknie z 1153 \/ wst\u0119p, om\u00f3wienie i komentarz Andrzej M. Wyrwa, t\u0142. Anna Strzelecka. &#8211; Dziekanowice [etc.]: Muzeum Pierwszych Piast\u00f3w na Lednicy, 2016.<\/li>\n<li>Dolls, puppets, sculptures and living images: from the Middle Ages to the end of the 18th century \/ ed. by Kamil Kopania. &#8211; Warsaw: The Aleksander Zelwerowicz National Academy of Dramatic Art in Warsaw &#8211; The Department of Puppetry Art in Bia\u0142ystok, 2017.<\/li>\n<li>Domus Aurea: architektura i sztuka dominika\u0144skiego sanktuarium Matki Bo\u017cej w Gidlach 1516-2016 \/ Anna i Pawe\u0142 Dettloff. &#8211; Warszawa: Instytut Sztuki Polskiej Akademii Nauk, 2016.<\/li>\n<li>Domy i gmachy Katowic. T. 1 \/ tekst Micha\u0142 Bulsa, Grzegorz Grzegorek, Beata Witaszczyk. &#8211; Katowice: Wydawnictwo Prasa i Ksi\u0105\u017cka Grzegorz Grzegorek, 2015.<\/li>\n<li>Domy i gmachy Katowic. T. 2 \/ tekst Grzegorz Grzegorek, Micha\u0142 Bulsa, Beata Witaszczyk. &#8211; Katowice: Wydawnictwo Prasa i Ksi\u0105\u017cka Grzegorz Grzegorek, 2016.<\/li>\n<li>Dorota Szlachcic i Mariusz Szlachcic \/ Maciej Hawrylak. &#8211; Wroc\u0142aw: Stowarzyszenie Architekt\u00f3w Polskich. Oddzia\u0142, 2016.<\/li>\n<li>Dostrzec wi\u0119cej: wybrane zagadnienia wizualizacji w badaniach nad dziedzictwem kulturowym \/ pod red. Agnieszki Seidel-Grzesi\u0144skiej, Kseni Stanickiej-Brzezickiej, Justyny Kolendy. &#8211; Wroc\u0142aw: Agencja Wydawnicza ARGI, 2016.<\/li>\n<li>Drewniane ko\u015bcio\u0142y ziemi gliwickiej \/ [red. i tekst Jerzy Pleszyniak]. &#8211; Katowice: Wydawnictwo ALATUS; Gliwice: Starostwo Powiatowe, 2017.<\/li>\n<li>Drewniane pozosta\u0142o\u015bci osiedla kultury \u0142u\u017cyckiej w Biskupinie: monitoring i stan zachowania \/ Magdalena Zborowska, Leszek Babi\u0144ski, W\u0142odzimierz Pr\u0105dzy\u0144ski, Bogus\u0142awa Waliszewska. &#8211; Pozna\u0144: Wydawnictwo Akademii Rolniczej im. Augusta Cieszkowskiego, 2007.<\/li>\n<li>Drewno: w\u0142a\u015bciwo\u015bci i zastosowanie. T. 1, Budowa i w\u0142a\u015bciwo\u015bci drewna \/ Karol Kope\u0107. &#8211; Starachowice: Karol Kope\u0107, 2017.<\/li>\n<li>Drewno w architekturze. 1 \/ red. nauk. Jan Kurek; Instytut Projektowania Budowlanego. Wydzia\u0142 Architektury. Politechnika Krakowska. &#8211; Krak\u00f3w: Instytut Projektowania Budowlanego Politechniki Krakowskiej, 2016.<\/li>\n<li>Drewno w architekturze. 2 \/ red. nauk. Jan Kurek; Instytut Projektowania Budowlanego. Wydzia\u0142 Architektury. Politechnika Krakowska. &#8211; Krak\u00f3w: Instytut Projektowania Budowlanego Politechniki Krakowskiej, 2016.<\/li>\n<li>Dyplomacja i arrasy: wok\u00f3\u0142 powrotu zbior\u00f3w wawelskich do Polski 1945-1961 \/ Bogdan Grzelo\u0144ski. &#8211; Krak\u00f3w: Towarzystwo Autor\u00f3w i Wydawc\u00f3w Prac Naukowych Universitas, 2016.<\/li>\n<li>Dziedzictwo \/ red. Andrzej Szczerski. &#8211; Krak\u00f3w: Muzeum Narodowe, 2017.<\/li>\n<li>Dziedzictwo kulturowe miasta Kalisza i regionu po\u0142udniowej Wielkopolski. T. 5 \/ red. nauk. Samanta Kowalska; Uniwersytet im. Adama Mickiewicza w Poznaniu. Wydzia\u0142 Pedagogiczno-Artystyczny. &#8211; Pozna\u0144; Kalisz: Uniwersytet im. Adama Mickiewicza. Wydzia\u0142 Pedagogiczno-Artystyczny, 2016.<\/li>\n<li>Dziedzictwo Piast\u00f3w mazowieckich \/ [red. nauk. kat. Rafa\u0142 Mroczek, Przemys\u0142aw Mrozowski]. &#8211; Warszawa: Zamek Kr\u00f3lewski &#8211; Muzeum, 2016.<\/li>\n<li>Dziedzictwo, dobra kultury, zabytki, ochrona i opieka w prawie \/ praca zbiorowa pod red. Piotra Dobosza, Katarzyny Szepelak, Witolda G\u00f3rnego. &#8211; Stan prawny na 30 czerwca 2015 r. &#8211; Krak\u00f3w: Studio Cubus, 2015.<\/li>\n<li>Dzieje budowlane zamku biskup\u00f3w w Lidzbarku Warmi\u0144skim \/ [tekst Andrzej Rzempo\u0142uch]. &#8211; Olsztyn: Muzeum Warmii i Mazur, 2016.<\/li>\n<li>Dzieje i kultura cysters\u00f3w w Polsce. 1 \/ pod red. Marcina Starzy\u0144skiego i Dariusza Tabora; Opactwo Ojc\u00f3w Cysters\u00f3w w Krakowie-Mogile. &#8211; Krak\u00f3w: Wydawnictwo Towarzystwa Naukowego &#8220;Societas Vistulana&#8221;, 2016.<\/li>\n<li>Dzieje i skarby dominika\u0144skiego ko\u015bcio\u0142a pw. \u015bw. Miko\u0142aja w Toruniu \/ red. nauk. Anna B\u0142a\u017cejewska, Katarzyna Kluczwajd, El\u017cbieta Pilecka. &#8211; Toru\u0144: Stowarzyszenie Historyk\u00f3w Sztuki. Oddzia\u0142 Toru\u0144ski, 2017.<\/li>\n<li>Dzieje miejscowo\u015bci gminy Ulh\u00f3wek, powiat tomaszowski \/ Ewa Nied\u017awied\u017a, J\u00f3zef Nied\u017awied\u017a, Mariusz Skorniewski, \u0141ukasz K\u0142\u0119bek. &#8211; Ulh\u00f3wek; Zamo\u015b\u0107: JN-Profil: AKAPIT, 2015.<\/li>\n<li>Dzieje opactwa supraskiego \/ red. Rados\u0142aw Dobrowolski, Mariusz Zem\u0142o. &#8211; Rzym; Lublin; Mi\u0144sk: Wydawnictwo KUL, 2015.<\/li>\n<li>Dzieje Otwocka uzdrowiska \/ Witold Stefan Trybowski. &#8211; Otwock: Polskie Towarzystwo Turystyczno-Krajoznawcze. Oddzia\u0142, 2012.<\/li>\n<li>Dzieje wsi i parafii Przeginia \/ Kazimierz Tomczyk. &#8211; Krak\u00f3w: Kazimierz Tomczyk, 2008.<\/li>\n<li>Dzieje wsi i parafii S\u0105sp\u00f3w \/ Kazimierz Tomczyk. &#8211; Krak\u00f3w: Kazimierz Tomczyk, 2015.<\/li>\n<li>Dzierzgo\u0144: podr\u00f3\u017c sentymentalna \/ Janusz Namenanik. &#8211; Warszawa: Grupa Wydawnicza Bookmark; Dzierzgo\u0144: Bank Sp\u00f3\u0142dzielczy, 2015.<\/li>\n<li>Dziewi\u0119tnastowieczny teatr miejski w Kaliszu: architektura i polityki kulturowe na peryferiach imperium \/ Makary G\u00f3rzy\u0144ski. &#8211; Kalisz: Kaliskie Towarzystwo Przyjaci\u00f3\u0142 Nauk, 2017.<\/li>\n<li>Ecclesia lignea: nie zachowane ko\u015bcio\u0142y drewniane Zabrza \/ Daniel Halmer, Justyna Lach. &#8211; Zabrze: Agencja Reklamowo-Wydawnicza ILLUSTRIS Damian Halmer, 2013.<\/li>\n<li>Ecclesia, Studia z Dziej\u00f3w Wielkopolski \/ Uniwersytet im. Adama Mickiewicza. Wydzia\u0142 Teologiczny; [Feliks Lenort red.]. &#8211; Pozna\u0144: Uniwersytet Adama Mickiewicza, 2003-.<\/li>\n<li>Edukacja muzealna: konteksty teoretyczne i praktyczne \/ red. nauk. Urszula Wr\u00f3blewska, Karolina Rad\u0142owska; Muzeum Podlaskie w Bia\u0142ymstoku, Uniwersytet w Bia\u0142ymstoku. &#8211; Bia\u0142ystok: Muzeum Podlaskie, 2013.<\/li>\n<li>Ekspertyza sygnatury malarskiej \/ Tadeusz Wid\u0142a. &#8211; Katowice: Wydawnictwo Uniwersytetu \u015al\u0105skiego, 2016.<\/li>\n<li>Etnografia: praktyki, teorie, do\u015bwiadczenia \/ [red. nacz. Tarzycjusz Buli\u0144ski]. &#8211; Gda\u0144sk: Wydawnictwo Uniwersytetu Gda\u0144skiego, 2015-.<\/li>\n<li>Etnografia Polska \/ Polska Akademia Nauk. Instytut Historii Kultury Materialnej. &#8211; Wroc\u0142aw: Zak\u0142ad Narodowy im. Ossoli\u0144skich, 1958-.<\/li>\n<li>Europejskie stolice kultury: wybrane zagadnienia \/ pod red. El\u017cbiety Przesmyckiej, El\u017cbiety Trockiej-Leszczy\u0144skiej. &#8211; Wroc\u0142aw: Oficyna Wydawnicza ATUT &#8211; Wroc\u0142awskie Wydawnictwo O\u015bwiatowe, 2016.<\/li>\n<li>Ewangelicki ko\u015bci\u00f3\u0142 \u015awi\u0119tej Tr\u00f3jcy w Warszawie: na jubileusz 500 lat Reformacji: 240-lecie po\u0142o\u017cenia kamienia w\u0119gielnego tego ko\u015bcio\u0142a: 210-lecie \u015bmierci Simona Gottlieba Zuga \/ [red. nauk. Karol Guttmejer]. &#8211; Warszawa: Parafia Ewangelicko-Augsburska \u015awi\u0119tej Tr\u00f3jcy, 2017.<\/li>\n<li>Fajki z bada\u0144 archeologicznych w zbiorach Zamku Kr\u00f3lewskiego na Wawelu \/ Magdalena Szewczyk-Wojtasiewicz. &#8211; Krak\u00f3w: Zamek Kr\u00f3lewski na Wawelu. Pa\u0144stwowe Zbiory Sztuki, 2017.<\/li>\n<li>Fasady nowego miasta: zjawisko fasady kurtynowej w architekturze mieszcza\u0144skiej II po\u0142. XIX w. w Szczecinie \/ Agnieszka Rek-Lipczy\u0144ska. &#8211; Szczecin: Wydawnictwo Hogben, 2015.<\/li>\n<li>Folia Historiae Artium. Seria Nowa \/ Polska Akademia Umiej\u0119tno\u015bci. Komisja Historii Sztuki. &#8211; Krak\u00f3w; Antykwa, 1995-.<\/li>\n<li>Folia Historica Cracoviensia \/ Wydzia\u0142 Historii Ko\u015bcio\u0142a Papieskiej Akademii Teologicznej; [col. red. Wies\u0142aw Murawiec praes.]. &#8211; Krak\u00f3w: Calvarianum, 1989-.<\/li>\n<li>Folusz z Brennej \/ Barbara Klajmon. &#8211; Chorz\u00f3w: Muzeum &#8220;G\u00f3rno\u015bl\u0105ski Park Etnograficzny&#8221;, 2016.<\/li>\n<li>Forschungen zur sp\u00e4tgotischen Retabelkunst \/ Hrsg. Landesamt f\u00fcr Denkmalpflege Sachsen. &#8211; Dresden: Sandstein Verlag, 2016.<\/li>\n<li>Fortyfikacje w przestrzeni miasta \/ pod red. Agnieszki Wilkaniec, Marcina Wichrowskiego. &#8211; Pozna\u0144: Wydawnictwo Akademii Rolniczej im. Augusta Cieszkowskiego, 2006.<\/li>\n<li>Francisco Goya: mi\u0119dzy rozumem a szale\u0144stwem \/ [red. nauk. Barbara Chojnacka, Micha\u0142 F. Wo\u017aniak]; Muzeum Okr\u0119gowe im. Leona Wycz\u00f3\u0142kowskiego w Bydgoszczy. &#8211; Bydgoszcz: Muzeum Okr\u0119gowe im. Leona Wycz\u00f3\u0142kowskiego, 2017.<\/li>\n<li>Franciszek Kwiatkowski: 1912-1985: poeta koloru \/ [tekst inform. Krystyna Kotu\u0142a, Adam Zapora]. &#8211; W\u0142oc\u0142awek: Muzeum Ziemi Kujawskiej i Dobrzy\u0144skiej, [2015].<\/li>\n<li>Franciszek Wyspia\u0144ski &#8211; krakowski rze\u017abiarz \/ [tekst Beata Studzi\u017cba-Kubalska]. &#8211; Krak\u00f3w: Muzeum Narodowe, 2017.<\/li>\n<li>Fryderyk Tadanier \/ Kamila Twardowska. &#8211; Krak\u00f3w: Instytut Architektury, 2016.<\/li>\n<li>Fukier i wino \/ red. Dorota Dias-Lewandowska, Gabriel Kurczewski. &#8211; Warszawa: Stowarzyszenie Historyk\u00f3w Sztuki, 2017.<\/li>\n<li>Gabriel S\u0142awi\u0144ski: p\u00f3\u017anobarokowy malarz w s\u0142u\u017cbie ko\u015bcio\u0142a i cerkwi \/ Magdalena Ludera. &#8211; Krak\u00f3w: Muzeum Narodowe, 2016.<\/li>\n<li>Galeria Faras: wczesnochrze\u015bcija\u0144skie skarby nubijskiej pustyni. &#8211; Pozna\u0144: Wydawnictwo Pozna\u0144skie, 2015.<\/li>\n<li>Galeria Sztuki Dawnej: europejskie i staropolskie rzemios\u0142o artystyczne, malarstwo i rze\u017aba od XV do XVIII wieku \/ [teksty Gra\u017cyna Bastek et al.]. &#8211; Warszawa: Muzeum Narodowe, 2016.<\/li>\n<li>Galicja na j\u00f3zefi\u0144skiej mapie topograficznej: 1779-1783. T. 12, Cz. A, Sekcje 313-322, 336-343, 356-362, 375-379 \/ wyda\u0142 Zbigniew Budzy\u0144ski; przy wsp\u00f3\u0142pr. Oleha Dukha, Bogus\u0142awa Dybasia i \u0141ukasza Walczego; Polska Akademia Nauk. Instytut Archeologii i Etnologii. Stacja Naukowa w Wiedniu, Uniwersytet Pedagogiczny w Krakowie. Instytut Historii, Austriackie Archiwum Pa\u0144stwowe. &#8211; Krak\u00f3w: Wydawnictwo Towarzystwa Naukowego &#8220;Societas Vistulana&#8221;, 2016.<\/li>\n<li>Galicja na j\u00f3zefi\u0144skiej mapie topograficznej: 1779-1783. T. 12, Cz. B, Faksymilia arkuszy 313-322, 336-343, 356-362, 375-379 \/ [wyda\u0142 Zdzis\u0142aw Budzy\u0144ski; przy wsp\u00f3\u0142pr. Oleha Dukha, Bogus\u0142awa Dybasia i \u0141ukasza Walczego; Polska Akademia Nauk. Instytut Archeologii i Etnologii. Stacja Naukowa w Wiedniu, Uniwersytet Pedagogiczny w Krakowie. Instytut Historii, Austriackie Archiwum Pa\u0144stwowe]. &#8211; [Krak\u00f3w: Wydawnictwo Towarzystwa Naukowego &#8220;Societas Vistulana&#8221;, 2016].<\/li>\n<li>Galicja na j\u00f3zefi\u0144skiej mapie topograficznej: 1779-1783. T. 12, Cz. C, Sekcje 313-322, 336-343, 356-362, 375-379 \/ wyda\u0142 Zbigniew Budzy\u0144ski; przy wsp\u00f3\u0142pr. Oleha Dukha, Bogus\u0142awa Dybasia i \u0141ukasza Walczego; Polska Akademia Nauk. Instytut Archeologii i Etnologii. Stacja Naukowa w Wiedniu, Uniwersytet Pedagogiczny w Krakowie. Instytut Historii, Austriackie Archiwum Pa\u0144stwowe. &#8211; Krak\u00f3w: Wydawnictwo Towarzystwa Naukowego &#8220;Societas Vistulana&#8221;, 2016.<\/li>\n<li>Galicja na j\u00f3zefi\u0144skiej mapie topograficznej: 1779-1783. T. 6, Cz. A, Sekcje 144-150, 163-169, 183-189 \/ red. tomu Waldemar Bukowski, Bogus\u0142aw Dyba\u015b, Zdzis\u0142aw Noga; Polska Akademia Nauk. Instytut Archeologii i Etnologii. Stacja Naukowa w Wiedniu, Uniwersytet Pedagogiczny w Krakowie. Instytut Historii i Archiwistyki, Austriackie Archiwum Pa\u0144stwowe. &#8211; Krak\u00f3w: Uniwersytet Pedagogiczny, 2016.<\/li>\n<li>Galicja na j\u00f3zefi\u0144skiej mapie topograficznej: 1779-1783. T. 6, Cz. B, Faksymilia arkuszy 144-150, 163-169, 183-189 \/ [red. tomu Waldemar Bukowski, Bogus\u0142aw Dyba\u015b, Zdzis\u0142aw Noga; Polska Akademia Nauk. Instytut Archeologii i Etnologii. Stacja Naukowa w Wiedniu, Uniwersytet Pedagogiczny w Krakowie. Instytut Historii i Archiwistyki, Austriackie Archiwum Pa\u0144stwowe]. &#8211; [Krak\u00f3w: Uniwersytet Pedagogiczny, 2016].<\/li>\n<li>Galicja na j\u00f3zefi\u0144skiej mapie topograficznej: 1779-1783. T. 8, Cz. A, Sekcje 160-162, 180-182, 202-205, 226-229, 251-255, 283-286 \/ wyda\u0142 Andrzej Janeczek; przy wsp\u00f3\u0142pr. Bogus\u0142awa Dybasia i \u0141ukasza Walczego; Polska Akademia Nauk. Instytut Archeologii i Etnologii. Stacja Naukowa w Wiedniu, Uniwersytet Pedagogiczny w Krakowie. Instytut Historii, Austriackie Archiwum Pa\u0144stwowe. &#8211; Krak\u00f3w: Uniwersytet Pedagogiczny, 2015.<\/li>\n<li>Galicja na j\u00f3zefi\u0144skiej mapie topograficznej: 1779-1783. T. 8, Cz. B, Faksymilia arkuszy 160-162, 180-182, 202-205, 226-229, 251-255, 283-286 \/ [wyda\u0142 Andrzej Janeczek; przy wsp\u00f3\u0142pr. Bogus\u0142awa Dybasia i \u0141ukasza Walczego; Polska Akademia Nauk. Instytut Archeologii i Etnologii. Stacja Naukowa w Wiedniu, Uniwersytet Pedagogiczny w Krakowie. Instytut Historii, Austriackie Archiwum Pa\u0144stwowe]. &#8211; [Krak\u00f3w: Uniwersytet Pedagogiczny, 2015].<\/li>\n<li>Gda\u0144sk protestancki w epoce nowo\u017cytnej: w 500-lecie wyst\u0105pienia Marcina Lutra. T. 1, Eseje \/ pod red. Edmunda Kizika i S\u0142awomira Ko\u015bcielaka. &#8211; Gda\u0144sk: Muzeum Narodowe, 2017.<\/li>\n<li>Gda\u0144sk protestancki w epoce nowo\u017cytnej: w 500-lecie wyst\u0105pienia Marcina Lutra. T. 2, Katalog \/ [red. nauk. Piotr Paluchowski, Agata Larczy\u0144ska, Monika P\u0142uciennik]. &#8211; Gda\u0144sk: Muzeum Narodowe, 2017.<\/li>\n<li>Gda\u0144skie arcydzie\u0142a sztuki z\u0142otniczej ze zbior\u00f3w Zamku Kr\u00f3lewskiego na Wawelu \/ [aut. kat. Anna Fr\u0105ckowska, Dariusz Nowacki]. &#8211; Gda\u0144sk: Muzeum Gda\u0144ska, 2018.<\/li>\n<li>Gda\u0144skie miniatury: style architektoniczne w Gda\u0144sku \/ Klaudiusz Grabowski. &#8211; Gda\u0144sk: Instytut Kultury Miejskiej, 2016.<\/li>\n<li>Gda\u0144skie miniatury: szlakiem ko\u015bcio\u0142\u00f3w, szpitali i przytu\u0142k\u00f3w dawnego Gda\u0144ska \/ [zesp\u00f3\u0142 red. Anna Mackiewicz, Malwina Karczewska, Anna Urba\u0144czyk, Ma\u0142gorzata Ostrowska]. &#8211; Gda\u0144sk: Instytut Kultury Miejskiej, 2015.<\/li>\n<li>Gda\u0144skie Studia Archeologiczne \/ Uniwersytet Gda\u0144ski. Instytut Archeologii. &#8211; Gda\u0144sk; Sopot: Wydawnictwo Uniwersytetu Gda\u0144skiego, 2007-.<\/li>\n<li>Gda\u0144skie Studia Archeologiczne \/ Uniwersytet Gda\u0144ski. Instytut Archeologii. &#8211; Gda\u0144sk; Sopot: Wydawnictwo Uniwersytetu Gda\u0144skiego, 2007-.<\/li>\n<li>Gda\u0144skie Studia Muzealne \/ Muzeum Narodowe w Gda\u0144sku. &#8211; Gda\u0144sk: Muzeum Narodowe, 1976-.<\/li>\n<li>Georg Vick &#8211; toru\u0144ski z\u0142otnik pierwszej po\u0142owy XVIII wieku \/ Bart\u0142omiej \u0141yczak. &#8211; Toru\u0144: Towarzystwo Mi\u0142o\u015bnik\u00f3w Torunia, 2017.<\/li>\n<li>Georges Louis le Rouge &#8211; plan Warszawy 1768 dedykowany Stanis\u0142awowi Augustowi, Kr\u00f3lowi Polskiemu Wielkiemu Ksi\u0119ciu Litewskiemu, przez jego pokornego i uni\u017conego s\u0142ug\u0119 Le Rouge&#8217;a: ze zbior\u00f3w kartograficznych Muzeum Warszawy \/ Katarzyna Wagner, Pawe\u0142 E. Weszpi\u0144ski. &#8211; Warszawa: Muzeum Warszawy, 2014.<\/li>\n<li>Gliwice znane i nieznane V: zabytki Gliwickich Dni Dziedzictwa Kulturowego \/ Muzeum w Gliwicach. &#8211; Gliwice: Muzeum w Gliwicach, 2015.<\/li>\n<li>Goldleder zwischen 1500 und 1800: Herstellung und Erhaltung \/ Andreas Schulze. &#8211; Beucha: Sax-Verlag, 2011.<\/li>\n<li>Gont \/ red. Ewa Caban. &#8211; Warszawa: Narodowy Instytut Dziedzictwa; Katowice: Regionalny Instytut Kultury, 2017.<\/li>\n<li>G\u00f3rnictwo w czasie, przestrzeni, kulturze \/ pod red. Stanis\u0142awa Januszewskiego; Polski Kongres G\u00f3rniczy 2007, Fundacja Otwartego Muzeum Techniki. &#8211; Wroc\u0142aw: WPHU Pionier, 2007.<\/li>\n<li>G\u00f3rnicze metody ratowania zabytkowych dzielnic staromiejskich: 75 lat do\u015bwiadcze\u0144 Akademii G\u00f3rniczo-Hutniczej im. Stanis\u0142awa Staszica w Krakowie \/ Tadeusz Miko\u015b, Janusz Chmura, Antoni Tajdu\u015b. &#8211; Krak\u00f3w: Wydawnictwa AGH, 2013.<\/li>\n<li>G\u00f3rniczo-Geotechniczne metody adaptacji i rekonstrukcji zabytkowych podziemi: 80 lat do\u015bwiadcze\u0144 Akademii G\u00f3rniczo-Hutniczej im. Stanis\u0142awa Staszica w Krakowie w dziale ratowania najcenniejszych wyrobisk \/ Tadeusz Miko\u015b, Janusz Chmura, Antoni Tajdu\u015b. &#8211; Krak\u00f3w: Wydawnictwa AGH, 2014.<\/li>\n<li>Grabkowo, gm. Kowal, stanowiska 7 i 8: \u017ar\u00f3d\u0142a archeologiczne do studi\u00f3w nad okresem przedrzymskim na Nizinie Wielkopolsko-Kujawskiej \/ Wojciech Kaczor, Andrzej Micha\u0142owski, Milena Teska, Marek \u017b\u00f3\u0142kiewski. &#8211; Pozna\u0144: Wydawnictwo Nauka i Innowacje, 2017.<\/li>\n<li>Gr\u0105dy-Woniecko: ostatni \u0142owcy-zbieracze znad \u015brodkowej Narwi \/ Adam Wawrusiewicz, Tomasz Kalicki, Micha\u0142 Prze\u017adziecki, Marcin Fr\u0105czek, Dariusz Manasterski; z udzia\u0142em Witolda Gru\u017cdzia [et. al.]. &#8211; Bia\u0142ystok: Muzeum Podlaskie, 2017.<\/li>\n<li>Groby z monetami wczesno\u015bredniowiecznego cmentarzyska w Dziekanowicach: nummus bonum fragile est. T. 1 \/ red. Jacek Wrzesi\u0144ski; Muzeum Pierwszych Piast\u00f3w na Lednicy. &#8211; Lednica: Muzeum Pierwszych Piast\u00f3w na Lednicy, 2016.<\/li>\n<li>Groch\u00f3w odchodz\u0105ce klimaty \/ Andrzej Bara\u0144ski. &#8211; Warszawa: Centrum Promocji Kultury w Dzielnicy Praga-Po\u0142udnie m.st. Warszawy, 2016.<\/li>\n<li>Grodziska Warmii i Mazur. 2, Nowe badania i interpretacje \/ pod red. Zbigniewa Kobyli\u0144skiego. &#8211; Warszawa: Uniwersytet Kardyna\u0142a Stefana Wyszy\u0144skiego: Wydawnictwo Fundacji Archeologicznej, 2016.<\/li>\n<li>Grodziska wczesno\u015bredniowieczne Polski centralnej: archeologiczne badania nieinwazyjne z lat 2013-2016: praca zbiorowa \/ pod red. Aleksandra Andrzejewskiego i Jerzego Sikory. &#8211; \u0141\u00f3d\u017a: Stowarzyszenie Naukowe Archeolog\u00f3w Polskich. Oddzia\u0142: Instytut Archeologii Uniwersytetu \u0141\u00f3dzkiego, 2017.<\/li>\n<li>Grodzisko i zamek w Czudcu na terenie dawnej ziemi sandomierskiej w \u015bwietle bada\u0144 archeologicznych w latach 2001 &#8211; 2010 \/ Antoni Lubelczyk. &#8211; Rzesz\u00f3w: Oficyna Wydawnicza &#8220;Zimowit&#8221;, 2017.<\/li>\n<li>Grzech: obraz grzechu w sztuce europejskiej od XV do pocz\u0105tku XX wieku: album wystawy \/ [red. nauk. Beata Purc-St\u0119pniak]. &#8211; Gda\u0144sk: Muzeum Narodowe, 2015.<\/li>\n<li>Grzech: obraz grzechu w sztuce europejskiej od XV do pocz\u0105tku XX wieku: eseje i noty \/ [red. nauk. Beata Purc-St\u0119pniak]. &#8211; Gda\u0144sk: Muzeum Narodowe, 2016.<\/li>\n<li>Ha\u0107ki: zesp\u00f3\u0142 przyrodniczo-archeologiczny na R\u00f3wninie Bielskiej \/ pod red. Janusza B. Fali\u0144skiego oraz Andrzeja Bera [et al.]. &#8211; Bia\u0142owie\u017ca; Warszawa: Bia\u0142owieska Stacja Geobotaniczna Uniwersytetu Warszawskiego [etc.], 2005.<\/li>\n<li>Hans Memling S\u0105d Ostateczny z Muzeum Narodowego w Gda\u0144sku \/ Alicja Andrzejewska-Zaj\u0105c, Magdalena Podg\u00f3rzak. &#8211; Gda\u0144sk: Muzeum Narodowe, 2015.<\/li>\n<li>Henryk Siemiradzki i akademizm \/ red. Jerzy Malinowski, Irina Gavrash &amp; Katarzyna Maleszko; wsp\u00f3\u0142praca Tatyana L. Karpova. &#8211; Warszawa: Polski Instytut Studi\u00f3w nad Sztuk\u0105 \u015awiata; Toru\u0144: Wydawnictwo Tako, 2016.<\/li>\n<li>Heritage and beyond \/ [Council of Europe]. &#8211; Strasbourg: Council of Europe Publishing, 2009.<\/li>\n<li>Heritage and the city \/ ed. by Robert Kusek and Jacek Purchla. &#8211; Krak\u00f3w: International Cultural Centre, 2017.<\/li>\n<li>Herito: dziedzictwo, kultura, wsp\u00f3\u0142czesno\u015b\u0107 \/ heritage, culture &amp; the present \/ Mi\u0119dzynarodowe Centrum Kultury; red. nacz. Jacek Purchla. &#8211; Krak\u00f3w: Mi\u0119dzynarodowe Centrum Kultury, 2010-.<\/li>\n<li>Historia Centralnego Okr\u0119gu Przemys\u0142owego: geneza, budowa, wizja przysz\u0142o\u015bci, opinie \/ Marian Marek Drozdowski. &#8211; Warszawa; Radom: Instytut Technologii Eksploatacji &#8211; Pa\u0144stwowy Instytut Badawczy, 2015.<\/li>\n<li>Historia osadnictwa spo\u0142eczno\u015bci kultury ceramiki wst\u0119gowej rytej na Kujawach \/ Joanna Pyzel; Instytut Archeologii i Etnologii Uniwersytetu Gda\u0144skiego. &#8211; Gda\u0144sk: Instytut Archeologii. Uniwersytet Gda\u0144ski , 2010.<\/li>\n<li>Historia Parku Miejskiego w Toruniu (1817\/1818-1939) \/ Bartosz Drzewiecki, Katarzyna P\u0119kacka-Falkowska. &#8211; Toru\u0144: Towarzystwo Mi\u0142o\u015bnik\u00f3w Torunia, 2012.<\/li>\n<li>Historia rodziny Weese &#8211; fabrykant\u00f3w toru\u0144skich piernik\u00f3w &#8211; i jej inwestycje budowlane w Toruniu \/ Joanna Kucharzewska. &#8211; Toru\u0144: Wydawnictwo Naukowe Uniwersytetu Miko\u0142aja Kopernika, 2017.<\/li>\n<li>Historia sztuki: mi\u0119dzy teori\u0105 a praktyk\u0105 \/ pod red. Beaty Skrzydlewskiej i Andrzeja Frejlicha. &#8211; Warszawa: Wydawnictwo Naukowe Uniwersytetu Kardyna\u0142a Stefana Wyszy\u0144skiego, 2016.<\/li>\n<li>Historia Teatru Miejskiego w Gda\u0144sku (1801-1841) \/ Ewelina Damps. &#8211; Gda\u0144sk: Wydawnictwo Uniwersytetu Gda\u0144skiego, 2015.<\/li>\n<li>Historic wooden architecture in Europe and Russia: evidence, study and restoration \/ ed. by Evgeny Khodakovsky and Siri Skjold Lexau. &#8211; Basel: Birkh\u00e4user, 2016.<\/li>\n<li>Historyzm toru\u0144ski XIX i XX wieku: architektura, miejsca i codzienno\u015b\u0107 \/ [red. nauk. Katarzyna Kluczwajd, Micha\u0142 Pszcz\u00f3\u0142kowski]. &#8211; Toru\u0144: Toru\u0144ski Oddzia\u0142 Stowarzyszenia Historyk\u00f3w Sztuki, 2017.<\/li>\n<li>Historyzm, tradycjonalizm, archaizacja: studia z dziej\u00f3w \u015bwiadomo\u015bci historycznej w \u015bredniowieczu i okresie nowo\u017cytnym \/ pod red. Marka Walczaka. &#8211; Krak\u00f3w: Wydawnictwo Towarzystwa Naukowego &#8220;Societas Vistulana&#8221;, 2015.<\/li>\n<li>Hodegetrie Krakowskie. [2], 1450-1490 \/ praca zbiorowa pod redakcj\u0105 Ma\u0142gorzaty Schuster-Gaw\u0142owskiej, Marty Lempart-Geratowskiej. &#8211; Krak\u00f3w: Wydawnictwo Akademii Sztuk Pi\u0119knych im. Jana Matejki, 2017.<\/li>\n<li>I Kongres Muzealnik\u00f3w Polskich \/ [red. prowadz\u0105cy Micha\u0142 Wysocki]. &#8211; Warszawa: Narodowe Centrum Kultury, 2015.<\/li>\n<li>ICOMOS: Tangible risks, intangible opportunities: long-term risk preparedness and responses for threats to cultural heritage. &#8211; Charenton-le-Pont: ICOMOS, 2014.<\/li>\n<li>II Kongres Konserwator\u00f3w Polskich, Warszawa &#8211; Krak\u00f3w 6-9 pa\u017adziernika 2015: tezy \/ red. Jerzy Jasie\u0144ko, Andrzej Kad\u0142uczka; Stowarzyszenie Konserwator\u00f3w Polskich [!], Narodowy Instytut Dziedzictwa, Politechnika Krakowska im. Tadeusza Ko\u015bciuszki. &#8211; Warszawa: Stowarzyszenie Konserwator\u00f3w Zabytk\u00f3w: Narodowy Instytut Dziedzictwa; Krak\u00f3w: Instytut Historii Architektury i Konserwacji Zabytk\u00f3w. Wydzia\u0142 Architektury Politechniki Krakowskiej, 2015.<\/li>\n<li>III Konferencja Muze\u00f3w G\u00f3rniczych i Skansen\u00f3w Podziemnych w Polsce \/ [red. nacz. Antoni Jod\u0142owski; oprac. red. El\u017cbieta Bednarowska, Ma\u0142gorzata Piera]; Muzeum \u017bup Krakowskich Wieliczka. &#8211; Wieliczka: Muzeum \u017bup Krakowskich, 2015.<\/li>\n<li>Ikonografia ulic Brackiej, Wi\u015blnej, Olszewskiego, Go\u0142\u0119biej, \u015aw. Anny i Jagiello\u0144skiej wraz z gmachem Collegium Maius w Krakowie \/ Iwona K\u0119der, Waldemar Komorowski, Agnieszka Bromboszcz. &#8211; Krak\u00f3w: Muzeum Narodowe, 2016.<\/li>\n<li>Ikonosfera: zeszyty muzealne \/ Muzeum Ikon w Supra\u015blu. &#8211; Bia\u0142ystok: Muzeum Podlaskie, 2012-.<\/li>\n<li>Ikonotheka: prace Instytutu Historii Sztuki Uniwersytetu Warszawskiego \/ [kom. red. Jan Bia\u0142ostocki przewodn.; red. Barbara Chody\u0144ska]. &#8211; Warszawa: Wydawnictwa Uniwersytetu Warszawskiego, 1990-.<\/li>\n<li>Imagines pictae: studia nad gotyckim malarstwem w Polsce \/ pod red. Wojciecha Walanusa i Marka Walczaka. &#8211; Krak\u00f3w: Towarzystwo Naukowe Societas Vistulana, 2016.<\/li>\n<li>In facie Ecclesiae: kwatera o\u0142tarzowa ze scen\u0105 za\u015blubin Marii i przedstawieniem postaci \u015bwi\u0119tej Katarzyny Aleksandryjskiej ze zbior\u00f3w Muzeum Narodowego we Wroc\u0142awiu \/ Agnieszka Pata\u0142a. &#8211; Wroc\u0142aw: Muzeum Narodowe, 2017.<\/li>\n<li>Informatica museologica \/ Muzejski dokumentacioni centar. &#8211; Zagreb: Muzejski dokumentacioni centar, 1973-.<\/li>\n<li>Inskrypcje nagrobne cmentarza katedralnego w Sandomierzu (do 1945) \/ oprac. Katarzyna i Pawe\u0142 Madejscy na podstawie materia\u0142u zebranego przez Urszul\u0119 Celi [et al.]. &#8211; Zielona G\u00f3ra: Wydawnictwo Eternum, 2017.<\/li>\n<li>Intangible cultural heritage: safeguarding experiences in Central and Eastern European countries and China: 10th anniversary of the entry into force of the 2003 UNESCO Convention through the prism of Sustainable Development \/ ed. by Hanna Schreiber. &#8211; Warszawa: Narodowy Instytut Dziedzictwa, 2017.<\/li>\n<li>Integracja sztuki i techniki w architekturze i urbanistyce. T. 4\/1 \/ [red. nauk. Grzegorz Rzepecki]; Uniwersytet Technologiczno-Przyrodniczy im. Jana i J\u0119drzeja \u015aniadeckich w Bydgoszczy. Wydzia\u0142 Budownictwa, Architektury i In\u017cynierii \u015arodowiska. Katedra Urbanistyki i Planowania Przestrzennego. &#8211; Bydgoszcz: Wydawnictwo Uczelniane Uniwersytetu Technologiczno-Przyrodniczego, 2016.<\/li>\n<li>Integracja sztuki i techniki w architekturze i urbanistyce. T. 4\/2 \/ [red. nauk. Radomir Nowakowski]; Uniwersytet Technologiczno-Przyrodniczy im. Jana i J\u0119drzeja \u015aniadeckich w Bydgoszczy. Wydzia\u0142 Budownictwa, Architektury i In\u017cynierii \u015arodowiska. Katedra Urbanistyki i Planowania Przestrzennego. &#8211; Bydgoszcz: Wydawnictwo Uczelniane Uniwersytetu Technologiczno-Przyrodniczego, 2016.<\/li>\n<li>International legal standards for heritage protection in a period of economic recession and tools for safeguarding protection standards \/ ed. by Marko Stokin and Sonja Ifko. &#8211; Ljubljana: ICOMOS Slovenia, 2014.<\/li>\n<li>Interpreting our heritage \/ Freeman Tilden. &#8211; Wyd. 3. &#8211; Chapel Hill: The University of North Carolina Press, 1977.<\/li>\n<li>Jahrbuch der Bayerischen Denkmalpflege. &#8211; M\u00fcnchen: Deutscher Kunstverlag, 1971-.<\/li>\n<li>Jan III Sobieski: polski kr\u00f3l w Wiedniu \/ wyd. Pawe\u0142 Jaskanis i Stella Rollig; red. Maike Hohn i Konrad Pyzel. &#8211; M\u00fcnchen: Hirmer Verlag, 2017.<\/li>\n<li>Jan Sas-Zubrzycki: architekt, historyk i teoretyk architektury \/ Jerzy Wowczak. &#8211; Krak\u00f3w: Towarzystwo Wydawnicze Historia Iagellonica, 2017.<\/li>\n<li>Janowiec nad Wis\u0142\u0105: \u017ar\u00f3d\u0142a archeologiczne do dziej\u00f3w miasta (XVI-XVII w.) \/ red. Jerzy Krupp\u00e9, Maria D\u0105browska; Instytut Archeologii i Etnologii Polskiej Akademii Nauk. &#8211; Warszawa: Instytut Archeologii i Etnologii Polskiej Akademii Nauk, 2017.<\/li>\n<li>Jan\u00f3w Pomorski\/Truso: struktura i zabudowa strefy portowej (badania 1982-1991). T. 3 :1 \/ Marek Franciszek Jagodzi\u0144ski. &#8211; Elbl\u0105g: Muzeum Archeologiczno-Historyczne, 2017.<\/li>\n<li>Jesuits and universities: artistic and ideological aspects of Baroque colleges of the Society of Jesus &#8211; examples from Genoa and Wroc\u0142aw \/ ed. by Giacomo Montanari, Arkadiusz Wojty\u0142a, Ma\u0142gorzata Wyrzykowska. &#8211; Wroc\u0142aw: Wydawnictwo Uniwersytetu Wroc\u0142awskiego, 2015.<\/li>\n<li>Josef Grassi: portret Anetki Tyszkiewicz\u00f3wny \/ [red. nauk. Hanna Ma\u0142achowicz]. &#8211; Warszawa: Zamek Kr\u00f3lewski &#8211; Muzeum, 2016.<\/li>\n<li>Journal of cultural heritage management and sustainable development. &#8211; Bingley: Emerald Group Publishing, 2011-.<\/li>\n<li>Journal of cultural heritage. &#8211; Paris: Elsevier, 1999-.<\/li>\n<li>Kamienie wczesno\u015bredniowiecznych budowli Krakowa: ich pochodzenie na tle geologii miasta \/ Jan Bromowicz, Janusz Magiera. &#8211; Krak\u00f3w: Wydawnictwa AGH, 2015.<\/li>\n<li>Kana\u0142 Bydgoski: 240 lat historii \/ Tomasz Izajasz. &#8211; Bydgoszcz: Muzeum Kana\u0142u Bydgoskiego im. Sebastiana Malinowskiego; Wydawnictwo Pejza\u017c, 2014.<\/li>\n<li>Kaplica na Winnicy 1314-2014 \/ pod red. Jana Pawlaka. &#8211; Zielona G\u00f3ra: Agencja Wydawnicza &#8220;PDN&#8221;, 2014.<\/li>\n<li>Kaplica \u015bw. Antoniego w kopalni soli w Wieliczce \/ Barbara Konwerska. &#8211; Wieliczka: Muzeum \u017bup Krakowskich, 2016.<\/li>\n<li>Kaplice i mauzolea na cmentarzach Warszawy w XIX i pierwszej po\u0142owie XX wieku. T. 1, Dzie\u0142a i ich tw\u00f3rcy \/ Marta Wiraszka. &#8211; Warszawa: Wydawnictwo Naukowe Uniwersytetu Kardyna\u0142a Stefana Wyszy\u0144skiego, 2017.<\/li>\n<li>Karol Korn: budowniczy miasta \/ red. Dorota Wiewi\u00f3ra. &#8211; Bielsko-Bia\u0142a; Cieszyn: Oficyna Drukarsko-Wydawnicza AKANT, 2016.<\/li>\n<li>Karta ate\u0144ska \/ Le Corbusier. &#8211; Warszawa: Fundacja Centrum Architektury, 2017.<\/li>\n<li>Kar\u017cniczka: pa\u0142ac na wodzie k. S\u0142upska \/ Katarzyna Bartosiewicz, Lisaweta von Zitzewitz. &#8211; Szczecin: Fundacja Akademia Europejska Kulice-K\u00fclz, 2016.<\/li>\n<li>Katalog arras\u00f3w kr\u00f3la Zygmunta Augusta \/ Maria Hennel-Bernasikowa, Magdalena Piwocka. &#8211; Krak\u00f3w: Zamek Kr\u00f3lewski na Wawelu, 2017.<\/li>\n<li>Katalog plan\u00f3w, pomiar\u00f3w i rysunk\u00f3w architektonicznych w zbiorach Instytutu Sztuki PAN. T. 8, Miejscowo\u015bci R \/ Piotr Lasek, Piotr Sypczuk; pod red. Wandy Mossakowskiej. &#8211; Warszawa: Instytut Sztuki Polskiej Akademii Nauk, 2016.<\/li>\n<li>Katalog zabytk\u00f3w sztuki: miasto Pozna\u0144. Cz. 2, \u015ar\u00f3dmie\u015bcie ko\u015bcio\u0142y i klasztory 2 \/ pod red. Zofii Kurzawy i Andrzeja Kusztelskiego. &#8211; Warszawa: Instytut Sztuki Polskiej Akademii Nauk, 2002.<\/li>\n<li>Katalog zabytk\u00f3w sztuki: wojew\u00f3dztwo podlaskie (bia\u0142ostockie): powiat Bia\u0142ostocki: [ilustracje] \/ pod red. Marcina Zgli\u0144skiego i Katarzyny Kolendo-Korczak. &#8211; Warszawa: Instytut Sztuki Polskiej Akademii Nauk, 2016.<\/li>\n<li>Katalog zabytk\u00f3w sztuki: wojew\u00f3dztwo podlaskie (bia\u0142ostockie): powiat Bia\u0142ostocki: [tekst] \/ pod red. Marcina Zgli\u0144skiego i Katarzyny Kolendo-Korczak. &#8211; Warszawa: Instytut Sztuki Polskiej Akademii Nauk, 2016.<\/li>\n<li>Katalog zabytk\u00f3w sztuki w Polsce. T. 5, Wojew\u00f3dztwo pozna\u0144skie. Z. 8, Powiat kolski \/ inwentaryzacj\u0119 przeprowadzi\u0142a Janina Rutkowska. &#8211; Warszawa: Instytut Sztuki Polskiej Akademii Nauk. Dzia\u0142 Inwentaryzacji Zabytk\u00f3w, 1960.<\/li>\n<li>Kirchen aus Gips &#8211; die Wiederentdeckung einer mittelalterlichen Bauweise in Holstein \/ Hrsg. Dirk Jonkanski, Holger Reimers, Heiko Seidel. &#8211; Kiel: Verlag Ludwig, 2017.<\/li>\n<li>Klasyfikacja i kategoryzacja w systemie ochrony zabytk\u00f3w: praca zbiorowa \/ pod red. Bogus\u0142awa Szmygina. &#8211; Warszawa: Polski Komitet Narodowy ICOMOS: Muzeum \u0141azienki Kr\u00f3lewskie; Lublin: Politechnika Lubelska, 2016.<\/li>\n<li>Klejnot w koronie: 650-lecie konsekracji katedry krakowskiej \/ pod red. Jacka Urbana i Eweliny Zych. &#8211; Krak\u00f3w: Archiwum i Biblioteka Krakowskiej Kapitu\u0142y Katedralnej, 2017.<\/li>\n<li>Klejnoty w s\u0142u\u017cbie sacrum i dewocji: bi\u017cuteria w Polsce \/ [red. nauk. Katarzyna Kluczwajd]. &#8211; Toru\u0144: Toru\u0144ski Oddzia\u0142 Stowarzyszenia Historyk\u00f3w Sztuki, 2017.<\/li>\n<li>Kliniki i zak\u0142ady teoretyczne: Collegium Medicum Uniwersytetu Jagiello\u0144skiego w krakowskiej dzielnicy Weso\u0142a: gmachy i ludzie \/ pod redakcj\u0105 Piotra Franaszka. &#8211; Krak\u00f3w: Ksi\u0119garnia Akademicka, 2016.<\/li>\n<li>K\u0142\u00f3bka &#8211; dzieje d\u00f3br ziemskich: (od XIII wieku do czas\u00f3w wsp\u00f3\u0142czesnych) \/ Tomasz Dziki, Piotr Bokota; pod. red. Tomasza Dzikiego. &#8211; W\u0142oc\u0142awek: Muzeum Ziemi Kujawskiej i Dobrzy\u0144skiej, 2015.<\/li>\n<li>Kokot\u00f3w, stanowisko 19, gm. Wieliczka: od wczesnej epoki br\u0105zu po schy\u0142ek okresu rzymskiego \/ red. Jacek G\u00f3rski, Andrzej Matoga. &#8211; Krak\u00f3w: Krakowski Zesp\u00f3\u0142 do Bada\u0144 Autostrad, 2017.<\/li>\n<li>Kolekcja monet Andr\u00e9 van Bastelaera: katalog zbior\u00f3w \/ Zamek Kr\u00f3lewski w Warszawie &#8211; Muzeum; Borys Paszkiewicz, Anita Chiron-Mrozowska. &#8211; Warszawa: Arx Regia &#8211; O\u015brodek Wydawniczy Zamku Kr\u00f3lewskiego w Warszawie &#8211; Muzeum, 2016.<\/li>\n<li>Kompleks Pa\u0142acu: \u017cycie spo\u0142eczne stalinowskiego wie\u017cowca w kapitalistycznej Warszawie \/ Micha\u0142 Murawski. &#8211; Warszawa: Muzeum Warszawy, 2015.<\/li>\n<li>Kompozycje przyrody w ikonografii maryjnej na wybranych przyk\u0142adach malarstwa niderlandzkiego i niemieckiego od XV do pocz\u0105tku XVI wieku \/ Ma\u0142gorzata \u017bak-Kulesza. &#8211; Lublin: Wydawnictwo KUL, 2017.<\/li>\n<li>Konserwacja dziedzictwa kulturowego: wytyczne dotycz\u0105ce metodyki post\u0119powania z mokrym drewnem na archeologicznych stanowiskach l\u0105dowych [Dokument elektroniczny] \/ Polski Komitet Normalizacyjny. &#8211; Warszawa: Polski Komitet Normalizacyjny, 2016.<\/li>\n<li>Konserwacja dziedzictwa kulturowego: wytyczne dotycz\u0105ce metodyki post\u0119powania z mokrym drewnem na archeologicznych stanowiskach l\u0105dowych \/ Polski Komitet Normalizacyjny. &#8211; Warszawa: Polski Komitet Normalizacyjny, 2016.<\/li>\n<li>Konserwacja okaz\u00f3w etnograficznych \/ Tadeusz Seweryn. &#8211; Krak\u00f3w: Zwi\u0105zek Muze\u00f3w w Polsce, 1948.<\/li>\n<li>Konserwacja zapobiegawcza \u015brodowiska. 3, Dziedzictwo niematerialne i pami\u0119\u0107 \/ pod red. Jacka Wysockiego i Zbigniewa Kobyli\u0144skiego. &#8211; Warszawa: Uniwersytet Kardyna\u0142a Stefana Wyszy\u0144skiego; Zielona G\u00f3ra: Wydawnictwo Fundacji Archeologicznej, 2015.<\/li>\n<li>Konserwacja zapobiegawcza \u015brodowiska. 4, Dziedzictwo kulturowe w lasach \/ pod red. Jacka Wysockiego. &#8211; Warszawa: Instytut Archeologii Uniwersytetu Kardyna\u0142a Stefana Wyszy\u0144skiego; Zielona G\u00f3ra: Wydawnictwo Fundacji Archeologicznej, 2017.<\/li>\n<li>Konteksty: polska sztuka ludowa: antropologia kultury, etnografia, sztuka \/ Polska Akademia Nauk. Instytut Sztuki. &#8211; Warszawa: Instytut Sztuki PAN, 1990-.<\/li>\n<li>Korpus witra\u017cy z lat 1800-1945 w ko\u015bcio\u0142ach rzymskokatolickich metropolii krakowskiej i przemyskiej. T. 4, Diecezja Tarnowska. Cz. 1 \/ Andrzej Laskowski; wskaz\u00f3wki i uzup. Wojciech Ba\u0142us, Tomasz Szybisty. &#8211; Krak\u00f3w: Imedius Agencja Reklamowa, 2017.<\/li>\n<li>Korpus witra\u017cy z lat 1800-1945 w ko\u015bcio\u0142ach rzymskokatolickich metropolii krakowskiej i przemyskiej. T. 4, Diecezja Tarnowska. Cz. 2 \/ Andrzej Laskowski; wskaz\u00f3wki i uzup. Wojciech Ba\u0142us, Tomasz Szybisty. &#8211; Krak\u00f3w: Imedius Agencja Reklamowa, 2017.<\/li>\n<li>Korpus witra\u017cy z lat 1800-1945 w ko\u015bcio\u0142ach rzymskokatolickich metropolii krakowskiej i przemyskiej. T. 5, Diecezja Kielecka \/ Tomasz Szybisty. &#8211; Krak\u00f3w: Imedius Agencja Reklamowa, 2017.<\/li>\n<li>Koszalin: wczoraj i dzi\u015b \/ [teksty Jaros\u0142aw Mroczek]. &#8211; Koszalin: &#8220;Permedia&#8221;, 2009.<\/li>\n<li>Ko\u015bcio\u0142y dekanat\u00f3w zielonog\u00f3rskich \/ Robert Romuald Kufel, Krzysztof Garbacz. &#8211; Zielona G\u00f3ra: Agencja Wydawnicza &#8220;PDN&#8221;, 2012.<\/li>\n<li>Ko\u015bcio\u0142y drewniane Mazowsza: przewodnik \/ Jacek A. Wi\u015bniewski. &#8211; Wyd. 2, popr. i uzup. &#8211; Pruszk\u00f3w; Piast\u00f3w: Oficyna Wydawnicza Rewasz, 2016.<\/li>\n<li>Ko\u015bcio\u0142y i klasztory rzymskokatolickie dawnego wojew\u00f3dztwa nowogr\u00f3dzkiego. T. 5, Ko\u015bcio\u0142y Nowogr\u00f3dka \/ red. Maria Ka\u0142amajska-Saeed; Mi\u0119dzynarodowe Centrum Kultury w Krakowie. &#8211; Krak\u00f3w: Mi\u0119dzynarodowe Centrum Kultury, 2017.<\/li>\n<li>Ko\u015bci\u00f3\u0142 farny \u015bw. Micha\u0142a w Lublinie \/ Jadwiga Kuczy\u0144ska. &#8211; Lublin: Towarzystwo Naukowe Katolickiego Uniwersytetu Lubelskiego Jana Paw\u0142a II, 2016.<\/li>\n<li>Ko\u015bci\u00f3\u0142 Naj\u015bwi\u0119tszego Zbawiciela w Poznaniu \/ Boles\u0142awa Krzy\u015blak. &#8211; Pozna\u0144: Wydawnictwo Miejskie Posnania, 2017.<\/li>\n<li>Ko\u015bci\u00f3\u0142 parafialny pw. \u015bw. Miko\u0142aja w Niwiskach \/ Krzysztof Hapta\u015b; Miejska i Powiatowa Biblioteka Publiczna w Kolbuszowej. &#8211; Kolbuszowa: Miejska i Powiatowa Biblioteka Publiczna, 2016.<\/li>\n<li>Ko\u015bci\u00f3\u0142 pw. \u015bw. Micha\u0142a Archanio\u0142a w \u015awiebodzinie \/ [red. i wyb\u00f3r tekst\u00f3w Kazimierz Gancewski]. &#8211; \u015awiebodzin: Akcja Katolicka przy parafii pw. \u015bw. Micha\u0142a Archanio\u0142a, 2009.<\/li>\n<li>Ko\u015bci\u00f3\u0142 \u015bwi\u0119tego Jana Nepomucena w Zwierzy\u0144cu \/ Halina Mat\u0142awska. &#8211; Zwierzyniec: Halina Mat\u0142awska, 2016.<\/li>\n<li>Ko\u015bci\u00f3\u0142 w Kl\u0119psku: pami\u0119\u0107, biblia, sztuka \/ praca pod red. Ewy Lukas-Janowskiej; [autorzy tekst\u00f3w Jan Harasimowicz, Wolfgang J. Brylla]. &#8211; Wyd. 2. &#8211; Zielona G\u00f3ra: DIApress Ewa Lukas-Janowska, 2015.<\/li>\n<li>Krajobrazy socmodernizacji: architektura jubileuszowa trzydziestolecia PRL w Wielkopolsce \/ Weronika Bryl-Roman. &#8211; Pozna\u0144: Wydawnictwo Naukowe Wydzia\u0142u Nauk Spo\u0142ecznych UAM, 2017.<\/li>\n<li>Kreacja, konstrukcja, rekonstrukcja: studia z architektury XIX-XXI wieku \/ Ma\u0142gorzata Omilanowska. &#8211; Warszawa: Instytut Sztuki Polskiej Akademii Nauk, 2016.<\/li>\n<li>Kresowe rezydencje: zamki, pa\u0142ace i dwory na dawnych ziemiach wschodnich II RP. T. 1, Wojew\u00f3dztwo wile\u0144skie \/ Grzegorz R\u0105kowski. &#8211; Warszawa: Instytut Pami\u0119ci Narodowej. Komisja \u015acigania Zbrodni przeciwko Narodowi Polskiemu, 2017.<\/li>\n<li>Kronika Pa\u0142acu Kazimierzowskiego Feliksa Paw\u0142a Jarockiego \/ Hubert Kowalski, Jerzy Mizio\u0142ek. &#8211; Warszawa: Archiwum Pa\u0144stwowe: Muzeum Uniwersytetu Warszawskiego, 2016.<\/li>\n<li>Kronika Warszawy \/ Fundacja &#8220;Kronika Warszawy; [Jerzy Lileyko red. nacz.]. &#8211; Warszawa: F&#8221;KW&#8221;, 1994-.<\/li>\n<li>Kronika Zamkowa: biuletyn informacyjny Zamku Kr\u00f3lewskiego w Warszawie \/ red. Magdalena Bajer, Adam Rutkowski. &#8211; Warszawa: [s. n.], 1983-.<\/li>\n<li>Kr\u00f3tki opis technik artystycznych. &#8211; Warszawa: Wydawnictwo Ruchomej Wystawy Sztuki, 1933.<\/li>\n<li>Krucyfiks z Kaplicy Jedenastu Tysi\u0119cy Dziewic w Bazylice Mariackiej w Gda\u0144sku: jego znaczenie i recepcja \/ Przemys\u0142aw Waszak. &#8211; Toru\u0144: Wydawnictwo Naukowe Uniwersytetu Miko\u0142aja Kopernika, 2016.<\/li>\n<li>Krystyna Postawka-Barska i Marian Barski \/ Krzysztof Ziental. &#8211; Wroc\u0142aw: Stowarzyszenie Architekt\u00f3w Polskich. Oddzia\u0142, 2016.<\/li>\n<li>Krzemionki: pradziejowe kopalnie krzemienia \/ [tekst Artur Jedynak, Kamil Kaptur]. &#8211; Ostrowiec \u015awi\u0119tokrzyski: Muzeum Historyczno-Archeologiczne; Warszawa: Narodowy Instytut Dziedzictwa, 2017.<\/li>\n<li>Krzemionki: prehistoric flint mines \/ [tekst Artur Jedynak, Kamil Kaptur]. &#8211; Ostrowiec \u015awi\u0119tokrzyski: Muzeum Historyczno-Archeologiczne; Warszawa: Narodowy Instytut Dziedzictwa, 2017.<\/li>\n<li>Krzysztofory: zeszyty naukowe Muzeum Historycznego Miasta Krakowa \/ [red. nacz. J\u00f3zef Mitkowski]. &#8211; Krak\u00f3w: Muzeum Historyczne m. Krakowa, 1974-.<\/li>\n<li>Krzy\u017c i s\u00f3l: dziedzictwo wiary wielickich g\u00f3rnik\u00f3w \/ Agnieszka Wola\u0144ska, Marek Skubisz; Kopalnia Soli &#8220;Wieliczka&#8221;, Muzeum \u017bup Krakowskich Wieliczka. &#8211; Wieliczka: Muzeum \u017bup Krakowskich, 2016.<\/li>\n<li>Ksi\u0105\u017c: pami\u0119tajmy o ogrodach! \/ pod red. Beaty Lejman. &#8211; Wroc\u0142aw: Muzeum Narodowe, 2017.<\/li>\n<li>Kujawsko-Dobrzy\u0144ski Park Etnograficzny w K\u0142\u00f3bce: przewodnik \/ [red. Piotr Nowakowski]. &#8211; W\u0142oc\u0142awek: Muzeum Ziemi Kujawskiej i Dobrzy\u0144skiej, 2015.<\/li>\n<li>Kultur- und Baugeschichte der deutschen Krematorien \/ Ulrich H\u00fcbner. &#8211; Dresden: Sandstein Verlag, 2013.<\/li>\n<li>Kultura i sztuka \u015al\u0105ska Cieszy\u0144skiego na przestrzeni wiek\u00f3w \/ pod red. \u0141ukasza Konarzewskiego. &#8211; Cieszyn: Starostwo Powiatowe, 2016.<\/li>\n<li>KulturErbe in Mecklenburg und Vorpommern \/ hrsg. von der Abteilung Arch\u00e4ologie und Denkmalpflege im Landesamt f\u00fcr Kultur und Denkmalpflege. &#8211; Schwerin: Landesamt f\u00fcr Kultur und Denkmalpflege, 2006-.<\/li>\n<li>Kurier Konserwatorski \/ [Krajowy O\u015brodek Bada\u0144 i Dokumentacji Zabytk\u00f3w; red. nacz. Marcin Gawlicki]. &#8211; Warszawa: KOBIDZ, 2008-.<\/li>\n<li>Kwartalnik Architektury i Urbanistyki: teoria i historia \/ Polska Akademia Nauk. Komitet Architektury i Urbanistyki; [red. nacz. Lech K\u0142osiewicz]. &#8211; Warszawa: DiG.<\/li>\n<li>Kwartalnik Historii Kultury Materialnej \/ Instytut Archeologii i Etnologii Polskiej Akademii Nauk; [Andrzej Klonder red.]. &#8211; Warszawa: IAiE PAN.<\/li>\n<li>Latarnie polskiego Wybrze\u017ca \/ Kazimierz Bielecki. &#8211; Gdynia: Wydawnictwo Region, 2009.<\/li>\n<li>Le Peintre du Roi: Aleksander Ubeleski (1649\/1651-1718) &#8211; malarz polskiego pochodzenia we Francji i jego dzie\u0142a \/ Barbara Hryszko. &#8211; Krak\u00f3w: Akademia Ignatianum: Wydawnictwo WAM, 2016.<\/li>\n<li>Legalne\/nielegalne poszukiwanie zabytk\u00f3w i obr\u00f3t zabytkami: na styku archeologii i prawa \/ pod red. Iwony Gredki-Ligarskiej, Dariusza Rozmusa. &#8211; Sosnowiec: Oficyna Wydawnicza Humanitas, 2017.<\/li>\n<li>Legiony Polskie 1914-1918: wystawa w stulecie wybuchu Wielkiej Wojny i Czynu Legionowego \/ [aut. przewodnika Piotr Wilkosz]. &#8211; Krak\u00f3w: Muzeum Narodowe, 2014.<\/li>\n<li>Leksykon zabytk\u00f3w architektury Kres\u00f3w p\u00f3\u0142nocno-wschodnich \/ Magdalena Osip-Pokrywka, Mirek Osip-Pokrywka. &#8211; Warszawa: Wydawnictwo Arkady, 2017.<\/li>\n<li>Leon Wycz\u00f3\u0142kowski o sobie: autoportrety: w 80. rocznic\u0119 \u015bmierci artysty \/ [Ewa Seku\u0142a Tauer]; Muzeum Okr\u0119gowe im. Leona Wycz\u00f3\u0142kowskiego w Bydgoszczy. &#8211; Bydgoszcz: Muzeum Okr\u0119gowe im. Leona Wycz\u00f3\u0142kowskiego, 2016.<\/li>\n<li>Lubostro\u0144: historia ogrodu i parku w maj\u0119tno\u015bci hrabi\u00f3w Sk\u00f3rzewskich \/ Maciej \u015awi\u0105tkowski, Katarzyna Balik. &#8211; \u0141abiszyn: Pa\u0142ac Lubostro\u0144, [2017].<\/li>\n<li>Lubuskie: ma\u0142y album dawnej architektury. T. 1, Powiat zielonog\u00f3rski \/ Krzysztof Garbacz. &#8211; Zielona G\u00f3ra: Agencja Wydawnicza &#8220;PDN&#8221;, 2016.<\/li>\n<li>Lubuskie Materia\u0142y Konserwatorskie \/ Wojew\u00f3dzki Urz\u0105d Ochrony Zabytk\u00f3w w Zielonej G\u00f3rze; [Jaros\u0142aw Lewczuk red.]. &#8211; Zielona G\u00f3ra: Wojew\u00f3dzki Urz\u0105d Ochrony Zabytk\u00f3w, 2003-.<\/li>\n<li>Ludowy wizerunek Jezusa Chrystusa \/ Jaros\u0142aw Eichstaedt. &#8211; Wielu\u0144: Muzeum Ziemi Wielu\u0144skiej, 2016.<\/li>\n<li>Ludzie, przestrze\u0144, zmiana: dobre praktyki w rewitalizacji polskich miast \/ [red. Andrzej Brzozowy et al.]. &#8211; Warszawa: Ministerstwo Rozwoju, 2016.<\/li>\n<li>Lukier i mi\u0119so: wok\u00f3\u0142 architektury w Polsce po 1989 roku \/ Grzegorz Pi\u0105tek i Jaros\u0142aw Trybu\u015b; rozmawia Marcin Kwietowicz. &#8211; Wyd. 2 rozsz. &#8211; Warszawa: Stowarzyszenie 40 000 Malarzy, 2015.<\/li>\n<li>Lutomiersk &#8211; Wrz\u0105ca, stanowisko 1, gmina Lutomiersk, Mastki, stanowisko 2, gmina Ch\u0105\u015bno, wojew\u00f3dztwo \u0142\u00f3dzkie: cmentarzyska epoki br\u0105zu \u0142u\u017cyckich p\u00f3l popielnicowych z Polski \u015arodkowej \/ B\u0142a\u017cej Muzolf, Anna Zieli\u0144ska, Piotr Kittel. &#8211; \u0141\u00f3d\u017a: Muzeum Archeologiczne i Etnograficzne, 2017.<\/li>\n<li>Magiczna przestrze\u0144 Z\u0142otej Bramy w Malborku: progres badawczy czy regres? \/ Bogna Jakubowska; Muzeum Zamkowe w Malborku. &#8211; Malbork: Muzeum Zamkowe, 2016.<\/li>\n<li>Magnificentia Rerum: materia\u0142y \u017ar\u00f3d\u0142owe do fundacji artystycznych w XVIII wieku \/ Andrzej Betlej, Anna Markiewicz. &#8211; Krak\u00f3w: Wydawnictwo Attyka, 2017.<\/li>\n<li>Malarstwo \u015bcienne drewnianych \u015bwi\u0105ty\u0144 Wielkopolski 1795-1939 \/ Aleksander Jankowski. &#8211; Bydgoszcz: Wydawnictwo Uniwersytetu Kazimierza Wielkiego, 2017.<\/li>\n<li>Malarze w Warszawie czas\u00f3w Stanis\u0142awa Augusta: status, aspiracje, tw\u00f3rczo\u015b\u0107 \/ Aleksandra Bernatowicz. &#8211; Warszawa: Instytut Sztuki PAN, 2016.<\/li>\n<li>Ma\u0142e miasta: osobliwo\u015bci \/ red. Mariusz Zem\u0142o. &#8211; Lublin [etc.]: Wydawnictwo KUL, 2016.<\/li>\n<li>Marmur i alabaster w rze\u017abie i ma\u0142ej architekturze Rzeczypospolitej: studium historyczno-materia\u0142oznawcze przemian tradycji artystycznych od XVI do pocz\u0105tku XVIII wieku \/ Micha\u0142 Wardzy\u0144ski. &#8211; Warszawa: Fundacja Hereditas, 2015.<\/li>\n<li>Mars krwawy: starodruki militarne w zbiorach Muzeum Narodowego w Krakowie \/ Agnieszka Perzanowska. &#8211; Krak\u00f3w: Muzeum Narodowe, 2014.<\/li>\n<li>Materia\u0142y Zachodniopomorskie. Nowa Seria \/ Muzeum Narodowe w Szczecinie. &#8211; Szczecin: Muzeum Narodowe, 2004-.<\/li>\n<li>Matka g\u00f3rno\u015bl\u0105skich zbor\u00f3w: parafia ewangelicka w Tarnowskich G\u00f3rach w latach 1742-1945 \/ Marek Panu\u015b. &#8211; Tarnowskie G\u00f3ry: Parafia Ewangelicko-Augsburska, 2017.<\/li>\n<li>Mazowiecki Rocznik Konserwatorski \/ Biuro Sto\u0142ecznego Konserwatora Zabytk\u00f3w. &#8211; Warszawa: Przedsi\u0119biorstwo Wydawnicze Rzeczpospolita, 2007-.<\/li>\n<li>Meble francuskie w zbiorach Zamku Kr\u00f3lewskiego na Wawelu \/ Stanis\u0142awa Link-Lenczowska. &#8211; Krak\u00f3w: Zamek Kr\u00f3lewski na Wawelu, 2016.<\/li>\n<li>Megalityczny grobowiec kultury amfor kulistych z Kierzkowa na Pa\u0142ukach: milcz\u0105cy \u015bwiadek kultu przodk\u00f3w z epoki kamienia \/ pod red. Szymona Nowaczyka, \u0141ukasza Pospiesznego i Iwony Sobkowiak-Tabaki; Muzeum Archeologiczne w Biskupinie. &#8211; Biskupin: Muzeum Archeologiczne, 2017.<\/li>\n<li>Menonici w Polsce i Prusach w XVI-XIX w. \/ Peter J. Klassen. &#8211; Toru\u0144: Muzeum Etnograficzne im. Marii Znamierowskiej-Pr\u00fcfferowej, 2016.<\/li>\n<li>Metalurdzy znad Kaczawy: cmentarzysko cia\u0142opalne z epoki br\u0105zu odkryte w Legnicy przy ul. Spokojnej \/ pod red. Kamila Nowaka i Tomasza Stolarczyka; Muzeum Miedzi w Legnicy. &#8211; Legnica: Muzeum Miedzi, 2016.<\/li>\n<li>Metoda i \u015brodki stosowane w konserwacji mur\u00f3w ceglanych i kamiennych detali architektonicznych: VII Forum Konserwator\u00f3w Konserwacja architektury ceglanej i kamiennego detalu architektonicznego \/ Jadwiga W. \u0141ukasiewicz. &#8211; [Toru\u0144: s. n., 2004].<\/li>\n<li>Metody konserwacji malowide\u0142 dwustronnych na p\u0142\u00f3tnie w pracach magisterskich Wydzia\u0142u Konserwacji i Restauracji Dzie\u0142 Sztuki Akademii Sztuk Pi\u0119knych im. Jana Matejki w Krakowie \/ Jadwiga Wyszy\u0144ska. &#8211; Krak\u00f3w: Wydawnictwo Akademii Sztuk Pi\u0119knych im. Jana Matejki, 2017.<\/li>\n<li>Miasta wielokulturowe \u0141\u00f3d\u017a, Wilno, Lw\u00f3w: \u015br\u00f3dmiejska zabudowa mieszkaniowa z prze\u0142omu XIX\/XX wieku: podobie\u0144stwa i r\u00f3\u017cnice \/ Renata Przew\u0142ocka-Sionek. &#8211; \u0141\u00f3d\u017a: Wydawnictwo Politechniki \u0141\u00f3dzkiej, 2016.<\/li>\n<li>Miasto bez mur\u00f3w: w 650. rocznic\u0119 lokacji Kleparza (1366-2016). T. 1 \/ [red. Aleksander Radwan]. &#8211; Krak\u00f3w: Muzeum Historyczne Miasta Krakowa, 2016.<\/li>\n<li>Miasto i ludzie u progu nowoczesno\u015bci: socjotopografia Gda\u0144ska w pierwszej po\u0142owie XIX wieku \/ Ewa Barylewska-Szyma\u0144ska, Zofia Maciakowska. &#8211; Gda\u0144sk; Warszawa: Instytut Historii PAN, 2016.<\/li>\n<li>Michelangelo Palloni: malarz fresk\u00f3w \/ [red. prowadz\u0105cy El\u017cbieta Modzelewska]. &#8211; Warszawa: Muzeum Pa\u0142acu Kr\u00f3la Jana III w Wilanowie, 2017.<\/li>\n<li>Miejsca pami\u0119ci narodowej Otwocka, Mazowieckiego Parku Krajobrazowego i okolic \/ Pawe\u0142 Ajdacki, Zbigniew Wili\u0144ski. &#8211; Otwock: Urz\u0105d Miasta: Polskie Towarzystwo Turystyczno-Krajoznawcze. Oddzia\u0142 im. M. E. Andriollego, 2008.<\/li>\n<li>Miejsce: studia nad sztuk\u0105 i architektur\u0105 polsk\u0105 XX i XXI wieku \/ [Akademia Sztuk Pi\u0119knych w Warszawie, Fundacja Kultura Miejsca; red. nacz. Lidia Klein]. &#8211; Warszawa: Akademia Sztuk Pi\u0119knych: Fundacja Kultura Miejsca, 2015-.<\/li>\n<li>Mi\u0119dzy Jutlandi\u0105 a Sambi\u0105: Truso w kontek\u015bcie bada\u0144 po\u0142udniowo-zachodniej strefy basenu Morza Ba\u0142tyckiego w okresie wiki\u0144skim. T. 3 :2 \/ red. Marek Franciszek Jagodzi\u0144ski. &#8211; Elbl\u0105g: Muzeum Archeologiczno-Historyczne, 2017.<\/li>\n<li>Mi\u0119dzy \u0141a\u0144cutem a Antoninami \/ [red. Aldona Cholewianka-Kruszy\u0144ska]. &#8211; \u0141a\u0144cut: Muzeum-Zamek, 2016.<\/li>\n<li>Mi\u0119dzy miastem a dworem: badania archeologiczne placu Zamkowego w Warszawie w latach 1977-1983. Cz. 1 \/ [red. Zbigniew Polak, Katarzyna Meyza]. &#8211; Warszawa: Muzeum Warszawy, 2017.<\/li>\n<li>Mi\u0119dzy miastem a dworem: badania archeologiczne placu Zamkowego w Warszawie w latach 1977-1983. Cz. 2 \/ [red. Zbigniew Polak, Katarzyna Meyza]. &#8211; Warszawa: Muzeum Warszawy, 2017.<\/li>\n<li>Mi\u0119dzy Prag\u0105 a Legnic\u0105: Matth\u00e4us (Matthias) Knote: \u015bl\u0105ski rze\u017abiarz epoki baroku i jego warsztat \/ Artur Kolbiarz; Muzeum Miedzi w Legnicy. &#8211; Legnica: Muzeum Miedzi, 2017.<\/li>\n<li>Migracje: materia\u0142y z LXV Og\u00f3lnopolskiej Sesji Naukowej Stowarzyszenia Historyk\u00f3w Sztuki, Warszawa 24-25 listopada 2016 r. \/ pod red. Anny Sylwii Czy\u017c, Katarzyny Chrudzimskiej-Uhery. &#8211; Warszawa: Zarz\u0105d G\u0142\u00f3wny Stowarzyszenia Historyk\u00f3w Sztuki: Oddzia\u0142 Warszawski SHS, 2017.<\/li>\n<li>Militaria w edukacji historycznej. T. 1, O u\u017cyteczno\u015bci wiedzy wojskowej \/ red. nauk. Andrzej Drzewiecki; Akademia Marynarki Wojennej. Wydzia\u0142 Nauk Humanistycznych i Spo\u0142ecznych. &#8211; Gdynia; O\u015bwi\u0119cim: Wydawnictwo NapoleonV, 2014.<\/li>\n<li>Militaria w edukacji historycznej. T. 2, Przesz\u0142o\u015bci nie mo\u017cna zrekonstruowa\u0107&#8230; \/ red. nauk. Andrzej Drzewiecki, \u0141ukasz R\u00f3\u017cycki; Akademia Marynarki Wojennej. Wydzia\u0142 Nauk Humanistycznych i Spo\u0142ecznych. &#8211; Gdynia; O\u015bwi\u0119cim: Wydawnictwo NapoleonV, 2014.<\/li>\n<li>Miraculosa Trinitas Terrestra: cudowne wizerunki &#8220;Tr\u00f3jcy Ziemskiej&#8221; w nowo\u017cytnej Rzeczypospolitej: ilustracje \/ Katarzyna Poni\u0144ska. &#8211; Warszawa: Wydawnictwo Naukowe Uniwersytetu Kardyna\u0142a Stefana Wyszy\u0144skiego, 2017.<\/li>\n<li>Miraculosa Trinitas Terrestra: cudowne wizerunki &#8220;Tr\u00f3jcy Ziemskiej&#8221; w nowo\u017cytnej Rzeczypospolitej \/ Katarzyna Poni\u0144ska. &#8211; Warszawa: Wydawnictwo Naukowe Uniwersytetu Kardyna\u0142a Stefana Wyszy\u0144skiego, 2017.<\/li>\n<li>M\u0142yn motorowy &#8220;Nowo\u015b\u0107&#8221; w Niegowie \/ Stanis\u0142aw Januszewski; Muzeum Techniki Rolniczej i Gospodarstwa Wiejskiego, Fundacja Otwartego Muzeum Techniki, Fundacja Hereditas. &#8211; Redecz Krukowy: Fundacja Otwartego Muzeum Techniki, 2013.<\/li>\n<li>Moda na Cranacha \/ pod red. Ewy Houszki i Marka Pierzcha\u0142y. &#8211; Wroc\u0142aw: Muzeum Narodowe, 2017.<\/li>\n<li>Modernistyczny uk\u0142ad urbanistyczny \u015br\u00f3dmie\u015bcia Gdyni: pomnik historii: informator \/ [red. Robert Hirsch]. &#8211; Gdynia: Urz\u0105d Miasta, 2015.<\/li>\n<li>Modernizm w Europie &#8211; modernizm w Gdyni: architektura XX wieku i jej waloryzacja w Gdyni i w Europie \/ [red. Maria Jolanta So\u0142tysik, Robert Hirsch]. &#8211; Gdynia: Urz\u0105d Miasta, 2017.<\/li>\n<li>Modus: prace z historii sztuki \/ Instytut Historii Sztuki Uniwersytetu Jagiello\u0144skiego. &#8211; Krak\u00f3w: Universitas, 2000-.<\/li>\n<li>Monografia. Seria Architektura \/ Politechnika Krakowska im. Tadeusza Ko\u015bciuszki. &#8211; Krak\u00f3w: Wydawnictwo Politechniki Krakowskiej.<\/li>\n<li>Mosty \/ [J\u00f3zef Kazaniecki]. &#8211; Kulice; Szczecin: Fundacja Akademia Europejska Kulice-K\u00fclz, 2015.<\/li>\n<li>M\u00f3j wiek XX: 1900-1970 \/ Olgierd Czerner. &#8211; Wroc\u0142aw: Muzeum Architektury, 2016.<\/li>\n<li>M\u00f3j wiek XX: 1971-2000 \/ Olgierd Czerner. &#8211; Wroc\u0142aw: Muzeum Architektury, 2015.<\/li>\n<li>Mundury Stan\u00f3w Galicyjskich: wystawa w dwusetlecie ustanowienia \/ Jan K. Ostrowski, Agnieszka Janczyk. &#8211; Krak\u00f3w: Zamek Kr\u00f3lewski na Wawelu. Pa\u0144stwowe Zbiory Sztuki, 2017.<\/li>\n<li>Najcenniejsze: kolekcja ksi\u0105\u017c\u0105t Czartoryskich \/ [teksty: Janusz Wa\u0142ek oraz Andrzej Betlej]. &#8211; Krak\u00f3w: Muzeum Narodowe, 2017.<\/li>\n<li>Najpi\u0119kniejsze bydgoskie kamienice czynszowe: Bydgoszcz Belle \u00c9poque \/ Daria Br\u0119czewska-Kulesza. &#8211; Bydgoszcz: Stowarzyszenie Centrum Kultury Belle \u00c9poque, 2014.<\/li>\n<li>Najstarszy ikonostas cerkwi wo\u0142oskiej we Lwowie: dzieje zabytku oraz jego rola w przemianach malarstwa cerkiewnego i sztuki ukrai\u0144skiej \/ Mieczys\u0142aw G\u0119barowicz; w oprac. Agnieszki Gronek. &#8211; Wroc\u0142aw: Zak\u0142ad Narodowy im. Ossoli\u0144skich, 2016.<\/li>\n<li>Nasza Przesz\u0142o\u015b\u0107: studia z dziej\u00f3w Ko\u015bcio\u0142a i kultury katolickiej w Polsce = Notre Pass\u00e9: \u00e9tudes sur l&#8217;histoire de l&#8217;\u00c9glise et de la culture catholique en Pologne \/ [red. Jan Duka\u0142a]. &#8211; Krak\u00f3w: Wydawnictwo Instytutu Teologicznego Ksi\u0119\u017cy Misjonarzy, 1946-.<\/li>\n<li>Nasze &#8211; obce &#8211; wsp\u00f3lne dziedzictwo kulturowe \/ Magdalena Winograd, Marlena Brzozowska, \u0141ukasz Faszcza, Marcin Mironowicz, Izabela Urbaniak-Mastalerz. &#8211; Bia\u0142ystok: Wydzia\u0142 Historyczno-Socjologiczny Uniwersytetu w Bia\u0142ymstoku: O\u015brodek Bada\u0144 Europy \u015arodkowo-Wschodniej, 2016.<\/li>\n<li>Nauki \u015bcis\u0142e i zabytki: materia\u0142y z konferencji Krak\u00f3w, 25.09.2015 \/ pod red. Tomasza \u0141ojewskiego i Barbary Krajewskiej; Wydzia\u0142 Chemii Uniwersytetu Jagiello\u0144skiego. &#8211; Krak\u00f3w: Ksi\u0119garnia Akademicka, 2016.<\/li>\n<li>Nazwy miejscowe Polski: historia, pochodzenie, zmiany. 13, Sa-Si \/ pod red. Kazimierza Rymuta, Barbary Czopek-Kopciuch i Urszuli Bijak; Polska Akademia Nauk. Instytut J\u0119zyka Polskiego. &#8211; Krak\u00f3w: Instytut J\u0119zyka Polskiego Polskiej Akademii Nauk, 2016.<\/li>\n<li>Nie g\u0119si: polskie projektowanie graficzne 1919-1949 \/ Piotr Rypson. &#8211; Krak\u00f3w: Wydawnictwo Karakter, 2017.<\/li>\n<li>Nie tylko chusty: tradycje ludowych okry\u0107 kobiecych \/ [oprac. informatora &#8211; Dorota Kalinowska]; Muzeum Ziemi Kujawskiej i Dobrzy\u0144skiej we W\u0142oc\u0142awku. &#8211; W\u0142oc\u0142awek: Muzeum Ziemi Kujawskiej i Dobrzy\u0144skiej, [2015].<\/li>\n<li>Niematerialne dziedzictwo kulturowe: do\u015bwiadczenia w ochronie kraj\u00f3w Europy \u015arodkowej i Wschodniej oraz Chin: 10-lecie wej\u015bcia w \u017cycie Konwencji UNESCO z 2003 roku w perspektywie zr\u00f3wnowa\u017conego rozwoju \/ pod red. Hanny Schreiber. &#8211; Warszawa: Narodowy Instytut Dziedzictwa, 2017.<\/li>\n<li>Nieznane arcydzie\u0142a, nieznani mistrzowie: malarstwo barokowe na \u015al\u0105sku na nowo odkryte \/ Andrzej Kozie\u0142. &#8211; Gliwice: Muzeum w Gliwicach, 2017.<\/li>\n<li>Niszczenie zabytk\u00f3w nieruchomych w Polsce: problematyka prawna, kryminologiczna i kryminalistyczna \/ Ryszard Krawczyk. &#8211; Krak\u00f3w: Wydawnictwo Jak, 2017.<\/li>\n<li>Nowiniec, stan. 2: wczesno\u015bredniowieczny gr\u00f3d na pograniczu \u015bl\u0105sko-\u0142u\u017cyckim w \u015bwietle bada\u0144 interdyscyplinarnych \/ pod red. Bart\u0142omieja Gruszki. &#8211; Zielona G\u00f3ra: Wydawnictwo Fundacji Archeologicznej, 2011.<\/li>\n<li>Nowo\u017cytne ossuaria z klasztoru dominika\u0144skiego w Gda\u0144sku: wyniki bada\u0144 interdyscyplinarnych \/ pod red. Aleksandry Pud\u0142o i Macieja Henneberga. &#8211; Gda\u0144sk: Muzeum Archeologiczne, 2017.<\/li>\n<li>Nurt figuracji w powojennej rze\u017abie polskiej \/ Dorota Grubba-Thiede. &#8211; Warszawa: Polski Instytut Studi\u00f3w nad Sztuk\u0105 \u015awiata; Toru\u0144: Wydawnictwo Tako, 2016.<\/li>\n<li>Obiekty obrz\u0119dowe Puchar\u00f3w Dzwonowatych z Supra\u015bla: z\u0142o\u017cenie dar\u00f3w &#8211; przej\u0119cie terenu czy integracja kulturowa? \/ Adam Wawrusiewicz, Katarzyna Januszek, Dariusz Manasterski. &#8211; Bia\u0142ystok: Muzeum Podlaskie, 2015.<\/li>\n<li>Obiekty zabytkowe Che\u0142ma i powiatu che\u0142mskiego: zabytki architektury i budownictwa \/ [tekst S\u0142awomir Korpysz, Zbigniew Lubaszewski]; Polskie Towarzystwo Turystyczno-Krajoznawcze. Oddzia\u0142 im. Kazimierza Janczykowskiego w Che\u0142mie. Komisja Opieki nad Zabytkami. &#8211; Wyd. 2 uzup. &#8211; Che\u0142m: Wydawnictwo Tawa Taurogi\u0144ski Waldemar, 2016.<\/li>\n<li>Oblicza sztuki na obszarze obecnego wojew\u00f3dztwa \u015bl\u0105skiego w latach 1945-1975 \/ pod red. Teresy Dudek Bujarek. &#8211; Katowice: Stowarzyszenie Historyk\u00f3w Sztuki. Oddzia\u0142 G\u00f3rno\u015bl\u0105ski, 2017.<\/li>\n<li>Ocali\u0107 od zardzewienia: ochrona dziedzictwa technicznego: tradycja i nowoczesno\u015b\u0107 \/ Muzeum Kolejnictwa w Warszawie, Mazowiecki Wojew\u00f3dzki Konserwator Zabytk\u00f3w. &#8211; Warszawa: Wojew\u00f3dzki Urz\u0105d Ochrony Zabytk\u00f3w: Muzeum Kolejnictwa, 2015.<\/li>\n<li>Ochrona i konserwacja zabytk\u00f3w Szczecina po 1945 roku \/ Ma\u0142gorzata Gwiazdowska. &#8211; Szczecin: Wydawnictwo Naukowe Uniwersytetu Szczeci\u0144skiego, 2016.<\/li>\n<li>Ochrona i zarz\u0105dzanie dziedzictwem kulturowym \/ [red. \u0141ukasz Gawe\u0142, Weronika Pokojska, Agnieszka Pude\u0142ko]. &#8211; Krak\u00f3w: Wydawnictwo Attyka, 2016.<\/li>\n<li>Ochrona i zarz\u0105dzanie krajobrazem kulturowym \/ Beata Raszka, Eliza Kalbarczyk, Krzysztof Kasprzak, Robert Kalbarczyk. &#8211; Wroc\u0142aw: Wydawnictwo Uniwersytetu Przyrodniczego, 2016.<\/li>\n<li>Ochrona krajobrazu w procesie przekszta\u0142ce\u0144 obszar\u00f3w wiejskich \/ El\u017cbieta Raszeja. &#8211; Pozna\u0144: Wydawnictwo Uniwersytetu Przyrodniczego, 2013.<\/li>\n<li>Ochrona warto\u015bci w procesie adaptacji zabytk\u00f3w: praca zbiorowa \/ pod red. Bogus\u0142awa Szmygina. &#8211; Warszawa: Polski Komitet Narodowy ICOMOS: Muzeum Pa\u0142acu Kr\u00f3la Jana III w Wilanowie; Lublin: Politechnika Lubelska, 2015.<\/li>\n<li>Ochrona Zabytk\u00f3w: kwartalnik wydawany przez Zarz\u0105d G\u0142\u00f3wny Zwi\u0105zku Zawodowego Historyk\u00f3w Sztuki i Kultury w Warszawie. &#8211; Warszawa; Krak\u00f3w: &#8220;Czytelnik&#8221;, 1948-.<\/li>\n<li>Od Bet Rahary do Domu Mendelsohna: projekt Ericha Mendelsohna w rodzinnym Olsztynie \/ [red. Ewa Romanowska, Kornelia Kurowska]. &#8211; Olsztyn: Urz\u0105d Miasta: Stowarzyszenie Wsp\u00f3lnota Kulturowa &#8220;Borussia&#8221;, 2016.<\/li>\n<li>Od historyzmu do modernizmu: bydgoskie wille miejskie i podmiejskie: Bydgoszcz Belle \u00c9poque \/ Daria Br\u0119czewska-Kulesza, Agnieszka Wysocka. &#8211; Bydgoszcz: Stowarzyszenie Centrum Kultury Belle \u00c9poque, 2017.<\/li>\n<li>Od kamienicy do muzeum: historia siedziby Muzeum Warszawy na Rynku Starego Miasta \/ Ma\u0142gorzata Popio\u0142ek. &#8211; Warszawa: Muzeum Warszawy, 2016.<\/li>\n<li>Od wielkich idei do wielkiej p\u0142yty: burzliwe dzieje warszawskiej architektury \/ Grzegorz Mika. &#8211; Warszawa: Agencja Wydawniczo-Reklamowa Skarpa Warszawska, 2017.<\/li>\n<li>Od ziarna do chleba: dawne narz\u0119dzia kultury agrarnej ze zbior\u00f3w Muzeum Narodowego w Szczecinie \/ Iwona Karwowska. &#8211; Szczecin: Muzeum Narodowe, 2013.<\/li>\n<li>Odcienie szaro\u015bci: architekci i polityka w PRL-u \/ B\u0142a\u017cej Ciarkowski. &#8211; \u0141\u00f3d\u017a: Wydawnictwo Uniwersytetu \u0141\u00f3dzkiego, 2017.<\/li>\n<li>Oduczy\u0107 sztuki: metoda pedagogiczna Leona Tarasewicza na tle tradycji dydaktycznej Wydzia\u0142u Malarstwa Akademii Sztuk Pi\u0119knych w Warszawie \/ Jakub Banasiak. &#8211; Warszawa: Fundacja Kultura Miejsca: Akademia Sztuk Pi\u0119knych, 2016.<\/li>\n<li>Ogrody na \u015al\u0105sku. T. 2, Barok \/ Wojciech Brzezowski, Marzanna Jagie\u0142\u0142o. &#8211; Wroc\u0142aw: Oficyna Wydawnicza Politechniki Wroc\u0142awskiej, 2017.<\/li>\n<li>Ogrody odchodz\u0105ce&#8230;?: z dziej\u00f3w gda\u0144skiej zieleni publicznej 1708-1945 \/ Katarzyna Rozmarynowska. &#8211; Gda\u0144sk: Fundacja Terytoria Ksi\u0105\u017cki, 2017.<\/li>\n<li>Ogrody regularne na terenie dawnych Prus: identyfikacja nawarstwie\u0144 kompozycyjnych jako podstawa ochrony i kreacji krajobrazu wybranych za\u0142o\u017ce\u0144 parkowo-ogrodowych \/ Mi\u0142osz Walerzak. &#8211; Pozna\u0144: Wydawnictwo Uniwersytetu Przyrodniczego, 2017.<\/li>\n<li>Ogrody Zamku Kr\u00f3lewskiego w Warszawie \/ Ma\u0142gorzata Szafra\u0144ska. &#8211; Warszawa: Arx Regia &#8211; O\u015brodek Wydawniczy Zamku Kr\u00f3lewskiego w Warszawie &#8211; Muzeum, 2017.<\/li>\n<li>Olszty\u0144ski Rocznik Konserwatorski. &#8211; Olsztyn: Pracownia Wydawnicza ElSet, 2014-.<\/li>\n<li>Onna: pi\u0119kno, si\u0142a, ekstaza: drzeworyty i malarstwo japo\u0144skie z kolekcji Muzeum Narodowego w Krakowie \/ Beata Romanowicz. &#8211; Krak\u00f3w: Muzeum Narodowe, 2017.<\/li>\n<li>Opolski Informator Konserwatorski \/ Wydzia\u0142 Kultury i Sztuki Urz\u0119du Wojew\u00f3dzkiego w Opolu. Wojew\u00f3dzki O\u015brodek Informacji Naukowej, Technicznej i Ekonomicznej w Opolu. &#8211; Opole: Wojew\u00f3dzki O\u015brodek Informacji Naukowej, Technicznej i Ekonomicznej w Opolu, 1981-.<\/li>\n<li>Opowie\u015bci o archeologii \/ Krzysztof Garbacz. &#8211; Zielona G\u00f3ra: Agencja Wydawnicza &#8220;PDN&#8221;, 2007.<\/li>\n<li>Opuszczone &#8211; ratowane: greckokatolickie zespo\u0142y cerkiewne po\u0142udniowo-wschodniej Polski \/ red. Monika Rzepiejewska. &#8211; Warszawa: Akademia Sztuk Pi\u0119knych, 2013.<\/li>\n<li>Organizacja struktur ko\u015bcio\u0142a katolickiego na terenie obecnej archidiecezji szczeci\u0144sko-kamie\u0144skiej w latach 1945-1989: problematyka odbudowy obiekt\u00f3w sakralnych ze zniszcze\u0144 wojennych i powojennych \/ Janusz Gierlasi\u0144ski. &#8211; Toru\u0144: Wydawnictwo Naukowe Uniwersytetu Miko\u0142aja Kopernika, 2017.<\/li>\n<li>Osadnictwo spo\u0142eczno\u015bci neolitycznych na stanowisku 2 w Janowicach, woj. kujawsko-pomorskie \/ red. nauk. Marzena Szmyt; Uniwersytet im. Adama Mickiewicza w Poznaniu. &#8211; Pozna\u0144: Wydawnictwo Naukowe Uniwersytetu im. Adama Mickiewicza, 2016.<\/li>\n<li>Ostoja tradycji \/ El\u017cbieta D\u0142ugosz, Eugeniusz Duda, Anna Jod\u0142owiec-Dziedzic, Dariusz Niemiec. &#8211; Krak\u00f3w: Muzeum Historyczne Miasta Krakowa, 2016.<\/li>\n<li>O\u015brodek staro\u017cytnego br\u0105zownictwa pomorskiego we wczesnej epoce \u017celaza w Juszkowie, gmina Pruszcz Gda\u0144ski \/ Piotr Fudzi\u0144ski, Katarzyna \u015alusarska. &#8211; Gda\u0144sk: Muzeum Archeologiczne, 2017.<\/li>\n<li>O\u015bwieceniowa republika w\u0142adc\u00f3w. T. 1, Rezydencje, kolekcje, mecenat \/ pod red. Andrzeja Pie\u0144kosa. &#8211; Warszawa: Muzeum \u0141azienki Kr\u00f3lewskie. O\u015brodek Bada\u0144 nad Epok\u0105 Stanis\u0142awowsk\u0105, 2016.<\/li>\n<li>Otwock 1916-2011: \u017ar\u00f3d\u0142a do dziej\u00f3w miasta \/ [pod red. Paw\u0142a Ajdackiego]. &#8211; Otwock: Polskie Towarzystwo Turystyczno-Krajoznawcze. Oddzia\u0142 im. M. E. Andriollego, 2011.<\/li>\n<li>Pa\u0142ac w D\u0119blinie: inwentarze z czas\u00f3w Micha\u0142a Jerzego Wandalina Mniszcha \/ Alina Barczyk. &#8211; Krak\u00f3w: Wydawnictwo Attyka, 2017.<\/li>\n<li>Parafia pw. \u015bw. Barbary w Rumianie: historia i tera\u017aniejszo\u015b\u0107 \/ Wies\u0142aw \u0141u\u017cy\u0144ski. &#8211; Toru\u0144: Powiat Dzia\u0142dowski, 2016.<\/li>\n<li>Paragone: rze\u017aba na granicy \/ red. tomu El\u017cbieta B\u0142otnicka-Mazur, Lechos\u0142aw Lame\u0144ski, Marcin Pastwa; Katolicki Uniwersytet Lubelski Jana Paw\u0142a II. Instytut Historii Sztuki. Katedra Historii Sztuki Nowoczesnej i Wsp\u00f3\u0142czesnej. &#8211; Warszawa: Stowarzyszenie Historyk\u00f3w Sztuki; Lublin: Wydawnictwo KUL, 2016.<\/li>\n<li>Parki i ogrody Krakowa w obr\u0119bie Plant z Plantami i Wawelem \/ red. Janusz Bogdanowski; O\u015brodek Ochrony Zabytkowego Krajobrazu. &#8211; Warszawa: O\u015brodek Ochrony Zabytkowego Krajobrazu. Narodowa Instytucja Kultury, 1997.<\/li>\n<li>Parki Narodowe i Rezerwaty Przyrody \/ Departament Ochrony Przyrody, Las\u00f3w Nadzorowanych i \u0141owiectwa Ministerstwa Le\u015bnictwa i Przemys\u0142u Drzewnego; Bia\u0142owieski Park Narodowy. &#8211; Bia\u0142owie\u017ca: [s. n.], 1980-.<\/li>\n<li>Parki podworskie powiatu che\u0142mskiego \/ [tekst Zbigniew Lubaszewski]; Polskie Towarzystwo Turystyczno-Krajoznawcze. Oddzia\u0142 im. Kazimierza Janczykowskiego w Che\u0142mie. Komisja Ochrony Przyrody. &#8211; Che\u0142m: Wydawnictwo Tawa Taurogi\u0144ski Waldemar, 2006.<\/li>\n<li>Patologie\/wyzwania architektoniczno-planistyczne we wsi ma\u0142opolskiej studium na tle tendencji krajowych i europejskich \/ Marek Kowicki. &#8211; Krak\u00f3w: Wydawnictwo PK, 30 cm.<\/li>\n<li>P\u0115c\u0115 o st\u0159echy historick\u00fdch budov \/ Vojt\u0115ch L\u00e1ska, Alfr\u00e9d Schubert, Milos Sola\u0159, Josef \u0160tulc. &#8211; wyd. 2, uzup. &#8211; Praha: N\u00e1rodn\u00ed pam\u00e1tkov\u00fd \u00fastav &#8211; \u00fast\u0159edni pracovi\u0161t\u011b, 2003.<\/li>\n<li>Pejza\u017c w malarstwie polskim \/ El\u017cbieta Leszczy\u0144ska. &#8211; Warszawa: &#8220;Arkady&#8221;, 2017.<\/li>\n<li>Pelplin i Doberan: architektura opactw cysterskich spokrewnionych filiacyjnie \/ Ewa \u0141u\u017cyniecka. &#8211; Wroc\u0142aw: Oficyna Wydawnicza Politechniki Wroc\u0142awskiej, 2014.<\/li>\n<li>Per\u0142y renesansu w powiecie radzy\u0144skim: ko\u015bcio\u0142y Tr\u00f3jcy \u015aw. w Radzyniu Podlaskim i \u015aw. Stanis\u0142awa Biskupa i M\u0119czennika w Czemiernikach \/ [Piotr Hapka]. &#8211; Radzy\u0144 Podlaski: Powiat Radzy\u0144ski: wsp\u00f3\u0142wydawcy Parafia pw. Tr\u00f3jcy \u015awi\u0119tej; Czemierniki: Parafia pw. \u015aw. Stanis\u0142awa Biskupa i M\u0119czennika, 2017.<\/li>\n<li>Pi\u0119\u0107 wiek\u00f3w konwisarstwa: kolekcja Andrzeja W\u00f3jcika w zbiorach Muzeum Ziemi Kujawskiej i Dobrzy\u0144skiej we W\u0142oc\u0142awku \/ Adam Zapora. &#8211; W\u0142oc\u0142awek: Muzeum Ziemi Kujawskiej i Dobrzy\u0144skiej, 2017.<\/li>\n<li>Pi\u0119kni XX-wieczni: polscy projektanci graficy \/ pod red. Jacka Mrowczyka. &#8211; Krak\u00f3w: 2+3D, 2017.<\/li>\n<li>Piramida w Rapie \/ [Jerzy Marek \u0141apo et al.]. &#8211; W\u0119gorzewo: Muzeum Kultury Ludowej; Gi\u017cycko: Wzorcownia Katarzyna Pilecka, 2016.<\/li>\n<li>Plastyka toru\u0144ska 1793-1920: zapomniane oblicze wielokulturowego miasta \/ [red. nauk. Katarzyna Kluczwajd, Micha\u0142 Pszcz\u00f3\u0142kowski]. &#8211; Toru\u0144: Toru\u0144ski Oddzia\u0142 Stowarzyszenia Historyk\u00f3w Sztuki, 2017.<\/li>\n<li>Pocz\u0105tki murowanych zamk\u00f3w w Polsce do po\u0142owy XIV w. \/ red. nauk. Agnieszka Boche\u0144ska, Przemys\u0142aw Mrozowski. &#8211; Warszawa: Arx Regia &#8211; O\u015brodek Wydawniczy Zamku Kr\u00f3lewskiego w Warszawie &#8211; Muzeum, 2017.<\/li>\n<li>Pod Z\u0142otym S\u0142o\u0144cem, Rynek 6 we Wroc\u0142awiu: dom mieszczan, rezydencja w\u0142adc\u00f3w, arcydzie\u0142o architektury \/ Piotr Oszczanowski, Arkadiusz Dobrzyniecki. &#8211; Wroc\u0142aw: Zak\u0142ad Narodowy im. Ossoli\u0144skich, 2016.<\/li>\n<li>Podlaskie Zeszyty Archeologiczne \/ Muzeum Podlaskie w Bia\u0142ymstoku. &#8211; Bia\u0142ystok: Muzeum Podlaskie, 2005-.<\/li>\n<li>Podr\u0119czny s\u0142ownik angielsko-polski i polsko-angielski dla ogrodnik\u00f3w \/ pod. red. Barbary Polityckiej. &#8211; Pozna\u0144: Wydawnictwo Uniwersytetu Przyrodniczego, 2010.<\/li>\n<li>Podr\u00f3\u017c do Edo: japo\u0144skie drzeworyty ukiyo-e z kolekcji Jerzego Leskowicza \/ [red. nauk. Anna Katarzyna Maleszko]. &#8211; Warszawa: Muzeum Narodowe, 2017.<\/li>\n<li>Podr\u00f3\u017c ku nowoczesno\u015bci: architektura XX wieku w wojew\u00f3dztwie \u015bl\u0105skim \/ pod red. Anny Syski. &#8211; Katowice: \u015al\u0105skie Centrum Dziedzictwa Kulturowego, 2016.<\/li>\n<li>Podziemia bazyliki archikatedralnej w Przemy\u015blu i ich rewitalizacja w latach 2009-2015 \/ Gra\u017cyna Stojak. &#8211; Rzesz\u00f3w: Wydawnictwo Uniwersytetu Rzeszowskiego, 2017.<\/li>\n<li>Polacy wobec dziedzictwa: raport z bada\u0144 spo\u0142ecznych \/ Aleksandra Chabiera, Adam D\u0105browski, Anna Fortuna-Marek, Anna Kozio\u0142, Marcin Luba\u015b, Piotr Nowak, Bartosz Skaldawski, Konrad St\u0119pnik. &#8211; Warszawa: Narodowy Instytut Dziedzictwa: Uniwersytet Jagiello\u0144ski. Instytut Socjologii, 2017.<\/li>\n<li>Polak we W\u0142oszech, W\u0142och w Polsce: sztuka i historia \/ red. Ma\u0142gorzata Wrze\u015bniak, Agnieszka Bender. &#8211; Warszawa: Wydawnictwo Uniwersytetu Kardyna\u0142a Stefana Wyszy\u0144skiego, 2015.<\/li>\n<li>Poland national historical monuments \/ Christian Parma. &#8211; Marki: Wydawnictwo Parma Press, 2017.<\/li>\n<li>Politechnika \u0141\u00f3dzka na starej fotografii \/ [red. Krzysztof Czo\u0142czy\u0144ski]. &#8211; \u0141\u00f3d\u017a: Rektorska Komisja Historyczna Politechniki \u0141\u00f3dzkiej 2016.<\/li>\n<li>Polityczne konteksty sztuki \/ pod red. nauk. Ma\u0142gorzaty St\u0119pnik. &#8211; Lublin: Wydawnictwo Uniwersytetu Marii Curie-Sk\u0142odowskiej, 2016.<\/li>\n<li>Polska: \u015awiatowe Dziedzictwo UNESCO \/ zdj\u0119cia Christian Parma. &#8211; Marki: Wydawnictwo Parma Press, 2017.<\/li>\n<li>Polski s\u0142ownik biograficzny konserwator\u00f3w zabytk\u00f3w. Z. 5 \/ pod red. Iwony B\u0142aszczyk, Henryka Kondzieli, Hanny Krzy\u017canowskiej, Ma\u0142gorzaty Merkel-Mass\u00e9; Stowarzyszenie Konserwator\u00f3w Zabytk\u00f3w, Narodowy Instytut Dziedzictwa. &#8211; Warszawa: Narodowy Instytut Dziedzictwa, 2016.<\/li>\n<li>Polski S\u0142ownik Biograficzny. T. 51\/3, z. 210, \u015awierczewski Eugeniusz &#8211; \u015awi\u0119cki Wojciech \/ [red. nacz. Andrzej Romanowski]; Polska Akademia Nauk, Polska Akademia Umiej\u0119tno\u015bci. &#8211; Warszawa: Instytut Historii PAN; Krak\u00f3w: Polska Akademia Umiej\u0119tno\u015bci, 2016.<\/li>\n<li>Polski S\u0142ownik Biograficzny. T. 51\/4, z. 211, \u015awi\u0119cicki Wojciech &#8211; \u015awirski Krik \/ [red. nacz. Andrzej Romanowski]; Polska Akademia Nauk, Polska Akademia Umiej\u0119tno\u015bci. &#8211; Warszawa: Instytut Historii PAN; Krak\u00f3w: Polska Akademia Umiej\u0119tno\u015bci, 2017.<\/li>\n<li>Pomniki Fryderyka Chopina \/ Irena Grzesiuk-Olszewska, Andrzej K. Olszewski. &#8211; Warszawa: Wydawnictwo Salix Alba, 2017.<\/li>\n<li>Porta Aurea: rocznik Zak\u0142adu Historii Sztuki Uniwersytetu Gda\u0144skiego \/ [Zak\u0142ad Historii Sztuki UG Uniwersytetu Gda\u0144skiego, Muzeum Historii Miasta Gda\u0144ska; red. nauk. Teresa Grzybkowska]. &#8211; Gda\u0144sk: ZHS UG: MHMG, 1992-.<\/li>\n<li>Potencja\u0142 dziedzictwa: spo\u0142eczno-gospodarcze przyk\u0142ady z Europy \u015arodkowej \/ pod red. Joanny Senetry-Szeligi i Katarzyny Jagodzi\u0144skiej. &#8211; Krak\u00f3w: Mi\u0119dzynarodowe Centrum Kultury, 2017.<\/li>\n<li>Pot\u0119ga ornamentu: europejska ceramika artystyczna w budownictwie z lat 1840-1939 i jej przyk\u0142ady w obiektach architektury Krakowa \/ Agnieszka Partridge. &#8211; Krak\u00f3w: Towarzystwo Autor\u00f3w i Wydawc\u00f3w Prac Naukowych Universitas, 2017.<\/li>\n<li>POW: ilustrowany atlas architektury Powi\u015bla \/ koncepcja i projekt Magdalena Piwowar; tekst Ma\u0142gorzata Omilanowska, Katarzyna Uchowicz; il. Maciej Dr\u0105\u017ckiewicz, \u0141ukasz Gadomski, Mateusz Gryz\u0142o. &#8211; Warszawa: Fundacja Centrum Architektury, 2017.<\/li>\n<li>P\u00f3\u017ano\u015bredniowieczne i wczesnonowo\u017cytne naczynia bia\u0142e z Solca nad Wis\u0142\u0105 \/ Magdalena Bis; Instytut Archeologii i Etnologii Polskiej Akademii Nauk. &#8211; Warszawa: Instytut Archeologii i Etnologii Polskiej Akademii Nauk, 2014.<\/li>\n<li>P\u00f3\u017ano\u015bredniowieczny kompleks osadniczy w Starym Rypinie \/ red. nauk. Jadwiga Lewandowska. &#8211; Toru\u0144: Wydawnictwo Adam Marsza\u0142ek, 2016.<\/li>\n<li>Prace magisterskie 2015\/2016. T. 4 \/ [kom. red. Gra\u017cyna Korpal et al.]; Wydzia\u0142 Konserwacji i Restauracji Dzie\u0142 Sztuki Akademii Sztuk Pi\u0119knych im. Jana Matejki w Krakowie. &#8211; Krak\u00f3w: Wydawnictwo Akademii Sztuk Pi\u0119knych im. Jana Matejki, 2017.<\/li>\n<li>Pradziejowe i wczesno\u015bredniowieczne materia\u0142y z Obni\u017cenia Dubienki \/ pod red. Jerzego Libery; Instytut Archeologii Uniwersytetu Marii Curie-Sk\u0142odowskiej w Lublinie. &#8211; Lublin: Wydawnictwo Uniwersytetu Marii Curie-Sk\u0142odowskiej, 2008.<\/li>\n<li>Praktykowanie tradycji w spo\u0142ecze\u0144stwach posttradycyjnych \/ pod red. nauk. Janiny Hajduk-Nijakowskiej. &#8211; Opole: Wydawnictwo Uniwersytetu Opolskiego: Towarzystwo Przyjaci\u00f3\u0142 Nauk; [Wroc\u0142aw]: Polskie Towarzystwo Ludoznawcze, 2014.<\/li>\n<li>Prawne wyzwania ochrony d\u00f3br kultury we wsp\u00f3\u0142czesnym \u015bwiecie \/ praca zbiorowa pod red. Piotra Dobosza, Micha\u0142a Adamusa, Dominiki Guzek, Anny Mazur. &#8211; Stan prawny na 1 wrze\u015bnia 2015 r. &#8211; Krak\u00f3w: Wydawnictwo Kasper: Ko\u0142o Naukowe Sekcja Ochrony D\u00f3br Kultury Towarzystwa Biblioteki S\u0142uchacz\u00f3w Prawa Uniwersytetu Jagiello\u0144skiego, 2015.<\/li>\n<li>Prawo a ochrona d\u00f3br kultury \/ [red. nauk. Piotr Dobosz, Micha\u0142 Adamus, Dominika Soko\u0142owska]. &#8211; Krak\u00f3w: Wydawnictwo Kasper: Ko\u0142o Naukowe Sekcja Ochrony D\u00f3br Kultury Towarzystwa Biblioteki S\u0142uchacz\u00f3w Prawa Uniwersytetu Jagiello\u0144skiego, 2014.<\/li>\n<li>P\u0159edprojektov\u00e1 p\u0159\u00edprava a projektov\u00e1 documentace v procesu p\u00e9\u010de o stavebn\u00cd pam\u00e1tky \/ V\u00e1clav Girsa, Josef Hole\u010dek, Pavel Jerie, Dagmar Michoinov\u00e1. &#8211; Praha: N\u00e1rodn\u00ed pam\u00e1tkov\u00fd \u00fastav &#8211; \u00fast\u0159edni pracovi\u0161t\u011b, 2004.<\/li>\n<li>Pro domo et nomine suo: fundacje i inicjatywy artystyczne Adama Miko\u0142aja i El\u017cbiety Sieniawskich \/ Rafa\u0142 Nestorow. &#8211; Warszawa: Instytut Sztuki Polskiej Akademii Nauk, 2016.<\/li>\n<li>Pro Patria: miejsca pami\u0119ci I wojny \u015bwiatowej na przedpolu Twierdzy Osowiec \/ Ma\u0142gorzata Karczewska, Maciej Karczewski. &#8211; Bia\u0142ystok: O\u015brodek Bada\u0144 Europy \u015arodkowo-Wschodniej, 2015.<\/li>\n<li>Pr\u016fzkumy pam\u00e1tek = Denkmalforschung = Historical Monumets&#8217;. &#8211; Praha: Pam\u00e1tkov\u00fd \u00fastav st\u0159edn\u00edch \u010cech, 1994-.<\/li>\n<li>Przechadzki po ogrodach: esej z dziej\u00f3w ogrodnictwa i pielgrzymowania \/ Cezary Wodzi\u0144ski; wydanie ilustrowane akwarelami Zygmunta Vogla ze zbior\u00f3w Pa\u0144stwowego Muzeum Ermita\u017cu w Sankt Petersburgu. &#8211; Warszawa: \u0141azienki Kr\u00f3lewskie, 2016.<\/li>\n<li>Przedmo\u015bcie Warszawa \/ Pawe\u0142 Ajdacki. &#8211; Otwock: Polskie Towarzystwo Turystyczno-Krajoznawcze. Oddzia\u0142, 2007.<\/li>\n<li>Przedwojenna Saska K\u0119pa \/ Adam Rozmys\u0142owicz. &#8211; Warszawa: EKBIN Studio PR, Ewa Kielak-Ciemniewska, 2016.<\/li>\n<li>Przedwojenny Mokot\u00f3w: najpi\u0119kniejsze fotografie \/ Tomasz Paw\u0142owski. &#8211; Warszawa: Wydawnictwo RM, 2016.<\/li>\n<li>Przemiany w architekturze europejskich uzdrowisk \/ Izabela Spielvogel. &#8211; Opole: Politechnika Opolska, 2017.<\/li>\n<li>Przestrze\u0144 i czas: malarstwo Alfreda, Czes\u0142awa i Joanny Wierusz-Kowalskich \/ [red. Eliza Ptaszy\u0144ska]. &#8211; Warszawa: Muzeum Pa\u0142acu Kr\u00f3la Jana III w Wilanowie, [2016].<\/li>\n<li>Przestrze\u0144 Warszawy: to\u017csamo\u015b\u0107 miasta a urbanistyka \/ Krzysztof Domaradzki. &#8211; Wyd. 2. popr. &#8211; Warszawa: Muzeum Powstania Warszawskiego. Instytut Stefana Starzy\u0144skiego, 2016.<\/li>\n<li>Przesz\u0142o\u015b\u0107 we wsp\u00f3\u0142czesno\u015bci: studium metodologiczne archeologicznie kreowanej przesz\u0142o\u015bci w przestrzeni spo\u0142ecznej \/ Micha\u0142 Pawleta. &#8211; Pozna\u0144: Wydawnictwo Naukowe Uniwersytetu im. Adama Mickiewicza, 2016.<\/li>\n<li>Quart: kwartalnik Instytutu Historii Sztuki Uniwersytetu Wroc\u0142awskiego \/ [red. nacz. Waldemar Oko\u0144]. &#8211; Wroc\u0142aw: Instytut Historii Sztuki Uniwersytetu Wroc\u0142awskiego, 2006-.<\/li>\n<li>Radziejowicki park i jego tw\u00f3rcy 1817-2017 \/ Maria Barbasiewicz, Beata Fortuna-Antoszkiewicz. &#8211; Radziejowice: Dom Pracy Tw\u00f3rczej, 2017.<\/li>\n<li>Rainera Marii Rilkego teksty o sztuce \/ Dorota Kownacka-Rogulska. &#8211; Warszawa: Instytut Sztuki Polskiej Akademii Nauk, 2016.<\/li>\n<li>Raport o stanie zachowania zabytk\u00f3w nieruchomych w Polsce: zabytki wpisane do rejestru zabytk\u00f3w (ksi\u0119gi rejestru A i C) \/ [red. Ma\u0142gorzata Rozbicka, Maciej Warcho\u0142]. &#8211; Warszawa: Narodowy Instytut Dziedzictwa, 2017.<\/li>\n<li>Raport o systemie ochrony dziedzictwa kulturowego w Polsce po roku 1989 \/ Aleksander B\u00f6hm, Piotr Dobosz, Pawe\u0142 Jaskanis, Jacek Purchla, Bogus\u0142aw Szmygin; pod red. Jacka Purchli. &#8211; Warszawa: Narodowe Centrum Kultury, 2009.<\/li>\n<li>Raport roczny Narodowego Instytutu Dziedzictwa 2016 \/ oprac. Wioletta \u0141abuda-Iwaniak. &#8211; Warszawa: Narodowy Instytut Dziedzictwa, 2017.<\/li>\n<li>Raport. 12 \/ red. S\u0142awomir Kadrow. &#8211; Warszawa: Narodowy Instytut Dziedzictwa, 2017.<\/li>\n<li>Ratownictwo dzwon\u00f3w 1915-1921: inwentaryzacja dzwon\u00f3w pochodz\u0105cych z dawnych ziem Rzeczypospolitej ewakuowanych przez w\u0142adze rosyjskie \/ Piotr Jamski, Dagny Nestorow, Rafa\u0142 Nestorow, Andrzej W\u0142odarek. &#8211; Warszawa: Instytut Sztuki Polskiej Akademii Nauk, 2016.<\/li>\n<li>Ratownicze badania archeologiczne na stanowisku 3 w Ludwinowie, pow. W\u0142oc\u0142awek, woj. kujawsko-pomorskie (trasa autostrady A-1) \/ Ireneusz Marchelak, Anna Nierychlewska, Iwona Nowak, Piotr Papiernik. &#8211; \u0141\u00f3d\u017a: Fundacja Bada\u0144 Archeologicznych Imienia Profesora Konrada Ja\u017cd\u017cewskiego: Muzeum Archeologiczne i Etnograficzne, 2017.<\/li>\n<li>Ratownicze badania archeologiczne na stanowisku 3 w Ludwinowie, pow. W\u0142oc\u0142awek, woj. kujawsko-pomorskie (trasa autostrady A-1). Vol. 2 \/ Ireneusz Marchelak, Anna Nierychlewska, Iwona Nowak, Piotr Papiernik. &#8211; \u0141\u00f3d\u017a: Fundacja Bada\u0144 Archeologicznych Imienia Profesora Konrada Ja\u017cd\u017cewskiego: Muzeum Archeologiczne i Etnograficzne, 2017.<\/li>\n<li>Ratusz \/\/ nie ratusz: funkcje Ratusza Staromiejskiego w Gda\u0144sku od 1793 do 1954 roku \/ pod red. Klaudiusza Grabowskiego. &#8211; Gda\u0144sk: Nadba\u0142tyckie Centrum Kultury, 2014.<\/li>\n<li>Ratusz Starego Miasta w Gda\u0144sku: historia, architektura, wn\u0119trza \/ red. Marcin Kaleci\u0144ski, Klaudiusz Grabowski. &#8211; Gda\u0144sk: Nadba\u0142tyckie Centrum Kultury, 2016.<\/li>\n<li>Recenzje i szkice o sztuce \/ Karol Frycz; oprac. i wst\u0119p Lidia Kucht\u00f3wna. &#8211; Warszawa: Instytut Sztuki Polskiej Akademii Nauk, 2016.<\/li>\n<li>Reformacja w Toruniu: wp\u0142yw kultury ewangelickiej na rozw\u00f3j miasta \/ [red. kat. Joanna Arszy\u0144ska, Liliana Lewandowska, Aleksandra Mierzejewska]. &#8211; Toru\u0144: Uniwersytet Miko\u0142aja Kopernika &#8211; Biblioteka Uniwersytecka, [2017].<\/li>\n<li>Rekonstruktion in der Denkmalpflege: \u00dcberlegungen, Definitionen, Erfahrungsberichte \/ Deutsches Nationalkomitee f\u00fcr Denkmalschutz, [Red. Juliane Kirschbaum, Annegret Klein]. &#8211; Wyd. 2. &#8211; Bonn: Deutsches Nationalkomitee f\u00fcr Denkmalschutz c\/o Bundesministerium des Innern, 1998.<\/li>\n<li>Reminiscencje Reformacji: Prusy &#8211; Mazury 1517-2017 \/ pod red. Rudolfa Ba\u017canowskiego i Beaty Wac\u0142awik. &#8211; Olsztyn: Archiwum Pa\u0144stwowe, 2017.<\/li>\n<li>Renowacje i Zabytki: kwartalnik og\u00f3lnopolski: konserwacja, renowacja, adaptacja \/ [red. nacz. Edward Hardt]. &#8211; Krak\u00f3w: AiP &#8220;raport&#8221;, 2002-.<\/li>\n<li>Rewitalizacja miast: aspekt spo\u0142eczny \/ Justyna Przywojska. &#8211; \u0141\u00f3d\u017a: Wydawnictwo Uniwersytetu \u0141\u00f3dzkiego, 2016.<\/li>\n<li>Rewitalizacja wn\u0119trza ko\u015bcio\u0142a i kaplicy parafii ewangelicko-augsburskiej w Toruniu \/ oprac. Jaros\u0142aw K\u0142aczkow i Aleksandra Molin. &#8211; Toru\u0144: Wydawnictwo Adam Marsza\u0142ek, 2014.<\/li>\n<li>Rocznik Bia\u0142ostocki \/ Muzeum w Bia\u0142ymstoku; [red. nacz.] Tadeusz Dzier\u017cykray-Rogalski. &#8211; Bia\u0142ystok: Pa\u0144stwowe Wydawnictwo Naukowe, 1961-.<\/li>\n<li>Rocznik Grudzi\u0105dzki \/ Polskie Towarzystwo Historyczne. Oddzia\u0142 w Grudzi\u0105dzu, Muzeum w Grudzi\u0105dzu; [red. Jan Pakulski]. &#8211; Grudzi\u0105dz: Polskie Towarzystwo Historyczne, 1960-.<\/li>\n<li>Rocznik Krakowski \/ Towarzystwo Mi\u0142o\u015bnik\u00f3w Historii i Zabytk\u00f3w Krakowa; [red. Stanis\u0142aw Krzy\u017canowski]. &#8211; Krak\u00f3w: Towarzystwo Mi\u0142o\u015bnik\u00f3w Historii i Zabytk\u00f3w Krakowa, 1898-.<\/li>\n<li>Rocznik Muzeum Narodowego w Warszawie. &#8211; Warszawa: Muzeum Narodowe, 1938-1992; 2012-.<\/li>\n<li>Rocznik Muzeum Pocz\u0105tk\u00f3w Pa\u0144stwa Polskiego w Gnie\u017anie \/ [red. nacz. Tomasz Sawicki]. &#8211; Gniezno: Muzeum Pocz\u0105tk\u00f3w Pa\u0144stwa Polskiego, 2015-.<\/li>\n<li>Rocznik Muzeum w Gliwicach \/ Muzeum w Gliwicach; [red. W\u0142odzimierz B\u0142aszczyk]. &#8211; Gliwice: Muzeum w Gliwicach, 1985-.<\/li>\n<li>Rocznik Stowarzyszenia Mi\u0142o\u015bnik\u00f3w Jaros\u0142awia. &#8211; Jaros\u0142aw: Stowarzyszenie Mi\u0142o\u015bnik\u00f3w Jaros\u0142awia, 1947-.<\/li>\n<li>Rocznik Toru\u0144ski \/ Towarzystwo Mi\u0142o\u015bnik\u00f3w Torunia. &#8211; Toru\u0144: Towarzystwo Mi\u0142o\u015bnik\u00f3w Torunia, 1966-.<\/li>\n<li>Roczniki Humanistyczne \/ Towarzystwo Naukowe Katolickiego Uniwersytetu Lubelskiego. Wydzia\u0142 Historyczno-Filologiczny. &#8211; Lublin: Towarzystwo Naukowe Katolickiego Uniwersytetu Lubelskiego, 1949-.<\/li>\n<li>Roczniki Sztuki \u015al\u0105skiej \/ Muzeum \u015al\u0105skie we Wroc\u0142awiu. &#8211; Wroc\u0142aw: [s.n.], 1959-.<\/li>\n<li>Rola monaster\u00f3w w kszta\u0142towaniu kultury ukrai\u0144skiej w wiekach XI-XX \/ red. Agnieszka Gronek, Alicja Nowak. &#8211; Krak\u00f3w: Wydawnictwo &#8220;Szwajpolt Fiol&#8221;, 2014.<\/li>\n<li>Rozgry\u017a\u0107 dziedzictwo: podr\u0119cznik dobrych praktyk upowszechniania dziedzictwa i edukacji o dziedzictwie kulturowym \/ tekst Katarzyna Zarzycka; oprac. Fundacja Plenerownia. &#8211; Warszawa: Narodowy Instytut Dziedzictwa, 2016.<\/li>\n<li>Rozpozna\u0107 przesz\u0142o\u015b\u0107 w tera\u017aniejszo\u015bci: dziedzictwo XX i XXI wieku \/ [redakcja: Julia Kolano, Jadwiga Kolasi\u0144ska, Wiktoria Rak; Akademickie Ko\u0142o Student\u00f3w Ochrony D\u00f3br Kultury Uniwersytetu Jagiello\u0144skiego]. &#8211; Krak\u00f3w: [Akademickie Ko\u0142o Student\u00f3w Ochrony D\u00f3br Kultury Uniwersytetu Jagiello\u0144skiego], 2016.<\/li>\n<li>Rozprawy Muzeum Narodowego w Krakowie. Seria Nowa = Selected Papers from the National Museum in Cracow. New Series \/ [kom. red. Tadeusz Chru\u015bcicki et al.]. &#8211; Krak\u00f3w: MN, 1999-.<\/li>\n<li>Rozw\u00f3j po \u015bl\u0105sku: procesy kapitalizacji kultury w \u015bl\u0105skiej spo\u0142eczno\u015bci g\u00f3rniczej \/ Marta Klekotko. &#8211; Krak\u00f3w: Wydawnictwo Uniwersytetu Jagiello\u0144skiego, 2012.<\/li>\n<li>Rynek krakowski odkryty na nowo \/ El\u017cbieta Firlet, Waldemar Komorowski, Jan M. Ma\u0142ecki, Mieczys\u0142aw Rokosz; pod red. nauk. El\u017cbiety Firlet. &#8211; Krak\u00f3w: Muzeum Historyczne Miasta Krakowa, 2014.<\/li>\n<li>Rysunki artyst\u00f3w gda\u0144skich i obcych dzia\u0142aj\u0105cych w Gda\u0144sku w XIX wieku \/ Gra\u017cyna Zin\u00f3wko. &#8211; Gda\u0144sk: Muzeum Narodowe, 2016.<\/li>\n<li>Rysunki, akwarele i pastele z kolekcji Feliksa Jasie\u0144skiego w zbiorach Muzeum Narodowego w Krakowie \/ Danuta Gody\u0144, Magdalena Laskowska. &#8211; Krak\u00f3w: Muzeum Narodowe, 2016<\/li>\n<li>Ryte i malowane dekoracje maswerkowe w architekturze \u015bredniowiecznej na terytorium ziemi che\u0142mi\u0144skiej: studium typologiczno-formalne. T. 1 \/ Micha\u0142 Kurkowski. &#8211; Toru\u0144: Muzeum Okr\u0119gowe: Towarzystwo Naukowe, 2017.<\/li>\n<li>Ryte i malowane dekoracje maswerkowe w architekturze \u015bredniowiecznej na terytorium ziemi che\u0142mi\u0144skiej: studium typologiczno-formalne. T. 2, Katalog \/ Micha\u0142 Kurkowski. &#8211; Toru\u0144: Muzeum Okr\u0119gowe: Towarzystwo Naukowe, 2017.<\/li>\n<li>Rze\u017aba w Muzeum-Zamku w \u0141a\u0144cucie: dzieje kolekcji, ekspozycja, katalog \/ Barbara Trojnar. &#8211; \u0141a\u0144cut: Muzeum-Zamek, 2006.<\/li>\n<li>Rze\u017aba w\u0142oska w Polsce oko\u0142o 1770-1830. [T. 1] \/ Katarzyna Mikocka-Rachubowa. &#8211; Warszawa: Instytut Sztuki Polskiej Akademii Nauk, 2016.<\/li>\n<li>Rze\u017aba w\u0142oska w Polsce oko\u0142o 1770-1830. [T. 2], Katalog \/ Katarzyna Mikocka-Rachubowa. &#8211; Warszawa: Instytut Sztuki Polskiej Akademii Nauk, 2016.<\/li>\n<li>Rze\u017abiarzu m\u00f3j &#8211; poeto&#8230;: \u017cycie i tw\u00f3rczo\u015b\u0107 Kazimierza Witolda Ostrowskiego: Lw\u00f3w 1840 &#8211; Warszawa 1880 \/ J\u00f3zef J. M. Ostrowski. &#8211; Pary\u017c: Warszawa: J\u00f3zef Ostrowski LOCAUX, 2017.<\/li>\n<li>Sacrum Poloniae Iubileum 966-2016 \/ [autorzy not Przemys\u0142aw Deles, Przemys\u0142aw Mrozowski, Micha\u0142 Zawadzki]. &#8211; Warszawa: Zamek Kr\u00f3lewski &#8211; Muzeum, 2016.<\/li>\n<li>Sakralna architektura drewniana na G\u00f3rnym \u015al\u0105sku: szkicownik architekta sprzed ponad stu lat \/ Piotr Siemko. &#8211; Katowice: Biblioteka \u015al\u0105ska, 2015.<\/li>\n<li>Sandomierz w dawnej fotografii: z kolekcji Towarzystwa Opieki nad Zabytkami Przesz\u0142o\u015bci \/ Tomis\u0142aw Giergiel, Piotr Jamski, Wojciech Kalwat, Lidia Ujazdowska. &#8211; Sandomierz: Muzeum Okr\u0119gowe; Warszawa: Fundacja \u015awi\u0119tokrzyska G\u00f3ry Historii: Instytut Sztuki Polskiej Akademii Nauk, 2016.<\/li>\n<li>Sanktuarium Relikwii Drzewa Krzy\u017ca \u015awi\u0119tego na \u015awi\u0119tym Krzy\u017cu \/ tekst Marek Mikos; zdj\u0119cia Krzysztof P\u0119czalski. &#8211; \u015awi\u0119ty Krzy\u017c: Misjonarze Oblaci Maryi Niepokalanej, 2014.<\/li>\n<li>Schloss Rochlitz: Restaurierung und Denkmalpflege \/ [red. Hendrik B\u00e4rnighausen]. &#8211; Beucha: Sax-Verlag, 2013.<\/li>\n<li>Sekrety miniatur Kodeksu Baltazara Behema \/ Zofia Rozanow. &#8211; Katowice: Wydawnictwo &#8220;Sapientia&#8221;, 2017.<\/li>\n<li>Seventy years of Polish archaeology in Egypt \/ [ed. Ewa Laskowska-Kusztal]; Centrum Archeologii \u015ar\u00f3dziemnomorskiej im. Kazimierza Micha\u0142owskiego. &#8211; Warsaw: Polish Centre of Mediterranean Archaeology. University of Warsaw, 2007.<\/li>\n<li>Seventy years of Polish archaeology in Egypt: Egyptan Museum in Cairo, 21 October-21 November 2007 \/ [ed. Aleksandra Majewska]; Centrum Archeologii \u015ar\u00f3dziemnomorskiej im. Kazimierza Micha\u0142owskiego. &#8211; Warsaw: Polish Centre of Mediterranean Archaeology. University of Warsaw, 2007.<\/li>\n<li>Siemiech\u00f3w stanowisko 2, wojew\u00f3dztwo \u0142\u00f3dzkie: cmentarzysko i osada kultury przeworskiej \/ Maria Ja\u017cd\u017cewska, Wojciech Sici\u0144ski. &#8211; \u0141\u00f3d\u017a: Fundacja Bada\u0144 Archeologicznych Imienia Profesora Konrada Ja\u017cd\u017cewskiego: Muzeum Archeologiczne i Etnograficzne, 2017.<\/li>\n<li>Skarbniczka: czasopismo o ochronie dziedzictwa kulturowego \/ [red. nacz. Helena Haracz; Akademickie Ko\u0142o Student\u00f3w Ochrony D\u00f3br Kultury Uniwersytetu Jagiello\u0144skiego]. &#8211; Krak\u00f3w: [Akademickie Ko\u0142o Student\u00f3w Ochrony D\u00f3br Kultury Uniwersytetu Jagiello\u0144skiego], 2016-.<\/li>\n<li>Skarby baroku: mi\u0119dzy Bratys\u0142aw\u0105 a Krakowem \/ [tekst: Katar\u00edna Chmelinov\u00e1 oraz Andrzej Betlej, Alexandra Kus\u00e1]. &#8211; Krak\u00f3w: Muzeum Narodowe, 2017.<\/li>\n<li>Skarby ziemi wydarte: G\u00f3rny \u015al\u0105sk i Pogranicze \/ [red. Eugeniusz Tomczak]. &#8211; Katowice: \u015al\u0105skie Centrum Dziedzictwa Kulturowego, 2005.<\/li>\n<li>Skawina w okresie zabor\u00f3w (1772-1918): urbanistyka i architektura miasta \/ Micha\u0142 Krupa. &#8211; Rzesz\u00f3w: Oficyna Wydawnicza Politechniki Rzeszowskiej, 2017.<\/li>\n<li>S\u0142ownik architekt\u00f3w i budowniczych \u015brodowiska warszawskiego XV-XVIII wieku \/ red. nauk. Pawe\u0142 Migasiewicz, Hanna Osiecka-Samsonowicz, Jakub Sito. &#8211; Warszawa: Instytut Sztuki PAN, 2016.<\/li>\n<li>Sopot w zamierzch\u0142ej przesz\u0142o\u015bci: grodzisko wczesno\u015bredniowieczne \/ Aleksandra Szyma\u0144ska-Bukowska. &#8211; Gda\u0144sk: Muzeum Archeologiczne, 2010.<\/li>\n<li>Spacerownik otwocki: przewodnik historyczno-sentymentalny \/ Pawe\u0142 Ajdacki. &#8211; Wyd. 2 rozsz. &#8211; Otwock: Polskie Towarzystwo Turystyczno-Krajoznawcze. Oddzia\u0142 im. M. E. Andriollego, 2014.<\/li>\n<li>Spektakl i modernizacja: miasta w\u0142oskie w okresie faszyzmu 1922-1945 \/ Filip Burno. &#8211; Warszawa: Fundacja Kultura Miejsca: Akademia Sztuk Pi\u0119knych, 2016.<\/li>\n<li>Spis fundusz\u00f3w i przychod\u00f3w rocznych do probostwa miasta Rawy nale\u017c\u0105cy dokonany w 1818 roku \/ Wiktor Zygmunt \u0141yjak. &#8211; Rawa Mazowiecka, Stowarzyszenie Wychowank\u00f3w Gimnazjum i Liceum Og\u00f3lnokszta\u0142c\u0105cego im. Marii Sk\u0142odowskiej-Curie, 2017.<\/li>\n<li>Spo\u0142eczny raport na temat stanu Twierdzy Toru\u0144: praca zbiorowa \/ pod red. Adama Kowalkowskiego. &#8211; Toru\u0144: Towarzystwo Opieki nad Zabytkami. Oddzia\u0142, 2016.<\/li>\n<li>Sp\u00f3r o odbudow\u0119 Warszawy: od gruz\u00f3w do reprywatyzacji \/ pod red. Tomasza Fudali. &#8211; Warszawa: Muzeum Sztuki Nowoczesnej, 2016.<\/li>\n<li>Sprawczo\u015b\u0107 rycin: rzymska tw\u00f3rczo\u015b\u0107 graficzna Tomasza Tretera i jej europejskie oddzia\u0142ywanie \/ Gra\u017cyna Jurkowlaniec. &#8211; Krak\u00f3w: Towarzystwo Autor\u00f3w i Wydawc\u00f3w Prac Naukowych Universitas, 2017.<\/li>\n<li>Stanis\u0142aw Chlebowski, &#8220;nadworny farbiarz Jego Su\u0142ta\u0144skiej Mo\u015bci&#8221;: \u017cycie i tw\u00f3rczo\u015b\u0107 \/ Agata W\u00f3jcik. &#8211; Warszawa: Wydawnictwa Drugie, 2016.<\/li>\n<li>Stanis\u0142aw Wyspia\u0144ski: na ch\u0119ciach mi nie brakuje&#8230; \/ \u0141ukasz Gawe\u0142. &#8211; Krak\u00f3w: Muzeum Narodowe, 2017.<\/li>\n<li>Stare druki o sztuce w zbiorach Biblioteki Stacji Naukowej PAN w Rzymie \/ Arkadiusz Wagner; Accademia Polacca delle Scienze. Biblioteca e Centro di Studi a Roma. &#8211; Roma: Accademia Polacca Roma, 2016.<\/li>\n<li>Stare Miasto w Poznaniu: zniszczenia, odbudowa, konserwacja 1945-2016 \/ cz. 1 Henryk Kondziela, cz. 2 Iwona B\u0142aszczyk, Aleksandra Dolczewska, Joanna Domek-Nogalska, Joanna Figu\u0142a-Czech, Joanna Go\u0142dych-Paw\u0142owska, Agnieszka Jakubowska, Henryk Kondziela; red. i kosultacja nauk. Iwona B\u0142aszczyk. &#8211; Wyd. 3, zm. i uzup. &#8211; Pozna\u0144: Wydawnictwo Miejskie Posnania, 2017.<\/li>\n<li>Stefan M\u00fcller \/ Aleksander Czupkiewicz, \u0141ukasz Wojciechowski. &#8211; Wroc\u0142aw: Stowarzyszenie Architekt\u00f3w Polskich. Oddzia\u0142, 2016.<\/li>\n<li>Stefan Nar\u0119bski 1892-1966: architekt, konserwator, profesor \/ [aut. kat. Micha\u0142 Pszcz\u00f3\u0142kowski]. &#8211; Toru\u0144: Muzeum Okr\u0119gowe, 2017.<\/li>\n<li>Sto lat b\u0119d\u0105 trwa\u0107 bez opieki niczyjej&#8230;: cmentarze wojenne z czas\u00f3w I wojny \u015bwiatowej w Bia\u0142ymstoku i powiecie bia\u0142ostockim \/ Ma\u0142gorzata Karczewska. &#8211; Bia\u0142ystok: O\u015brodek Bada\u0144 Europy \u015arodkowo-Wschodniej, 2017.<\/li>\n<li>Straty wojenne Muzeum Miejskiego (Stadtmuseum) w Gda\u0144sku: seria nowa. T. 1, Malarstwo \/ Helena Kowalska. &#8211; Gda\u0144sk: Muzeum Narodowe, 2017.<\/li>\n<li>Strmol Castle in Gorenjska \/ Nika Leben. &#8211; Ljubljana: Institute for the Protection of Cultural Heritage of Slovenia, 2013.<\/li>\n<li>Strzelno: ponorberta\u0144ski zesp\u00f3\u0142 klasztorny \/ Dariusz Karczewski. &#8211; Bydgoszcz: Wydawnictwo &#8220;Kronos&#8221;, 2012.<\/li>\n<li>Studia i materia\u0142y do dziej\u00f3w domu gda\u0144skiego. Cz. 3 \/ pod red. Edmunda Kizika. &#8211; Gda\u0144sk; Warszawa: Instytut Historii PAN, 2015.<\/li>\n<li>Studia i Materia\u0142y do Dziej\u00f3w \u017bup Solnych w Polsce \/ Ministerstwo Kultury i Sztuki. Zarz\u0105d Muze\u00f3w i Ochrony Zabytk\u00f3w. &#8211; Wieliczka: Muzeum \u017bup Krakowskich, 1965-.<\/li>\n<li>Studia i Materia\u0142y Konferencji Naukowej Student\u00f3w Konserwacji i Restauracji Dzie\u0142 Sztuki. T. 3 \/ [red. Ma\u0142gorzata Nowali\u0144ska]. &#8211; Krak\u00f3w: Wydawnictwo Akademii Sztuk Pi\u0119knych im. Jana Matejki, 2016.<\/li>\n<li>Studia Lednickie \/ Muzeum Pierwszych Piast\u00f3w na Lednicy; [Zofia Kurnatowska red. nacz.]. &#8211; Lednica; Pozna\u0144: Wydawnictwo Naukowe Uniwersytetu im. Adama Mickiewicza, 1989-.<\/li>\n<li>Studia nad sztuk\u0105 renesansu i baroku. T. 12, Dzie\u0142o sztuki w przestrzeni kulturowej \/ red. Irena Rolska. &#8211; Lublin: Towarzystwo Naukowe Katolickiego Uniwersytetu Lubelskiego Jana Paw\u0142a II: Katolicki Uniwersytet Lubelski Jana Paw\u0142a II, 2015.<\/li>\n<li>Studia Waweliana \/ Pa\u0144stwowe Zbiory Sztuki na Wawelu; [red. prow. Maria Podlodowska-Reklewska]. &#8211; Krak\u00f3w: Pa\u0144stwowe Zbiory Sztuki, 1992-.<\/li>\n<li>Studia Wilanowskie \/ Muzeum Pa\u0142ac w Wilanowie; [red. Ewa Birkenmajer]. &#8211; Warszawa: Muzeum w Wilanowie, 1977-.<\/li>\n<li>Studia Zamkowe \/ Muzeum Zamkowe w Malborku. &#8211; Malbork: Muzeum Zamkowe, 2004-.<\/li>\n<li>Studium konserwatorsko-krajobrazowe dla cerkwi pw. Narodzenia Naj\u015bwi\u0119tszej Marii Panny w Choty\u0144cu, cz\u0119\u015bci dobra \u015bwiatowego dziedzictwa UNESCO \/ D\u0105br\u00f3wka Lipska, Anna Fortuna-Marek, Andrzej Gliwa, Ryszard Kwolek, Damian Nowak, Barbara Potera, Maciej \u015awi\u0105tkowski, Maciej Warcho\u0142; wsp\u00f3\u0142pr. Klara Kantorowicz, Karol Czajkowski, Boles\u0142aw Kobielski; koordynacja Mariusz Czuba. &#8211; Rzesz\u00f3w: Warszawa: Narodowy Instytut Dziedzictwa, 2016.<\/li>\n<li>Studium konserwatorsko-krajobrazowe dla cerkwi pw. Zes\u0142ania Ducha \u015awi\u0119tego w Rohatynie, dobra \u015bwiatowego dziedzictwa UNESCO \/ D\u0105br\u00f3wka Lipska, Maciej \u015awi\u0105tkowski, Maciej Warcho\u0142, Leonora Fichuk, Ihor Somochkin; wsp\u00f3\u0142pr. Klara Kantorowicz; koordynacja Mariusz Czuba. &#8211; Warszawa: Narodowy Instytut Dziedzictwa, 2015.<\/li>\n<li>Studium konserwatorsko-krajobrazowe dla dawnej cerkwi pw. \u015bw. Jakuba M\u0142odszego w Powro\u017aniku, cz\u0119\u015bci dobra \u015bwiatowego dziedzictwa UNESCO \/ D\u0105br\u00f3wka Lipska, Roman Marcinek, Andrzej Siwek, Maciej \u015awi\u0105tkowski, Maciej Warcho\u0142; wsp\u00f3\u0142pr. Jacek Brudnicki, Hubert Ga\u0142ka, Klara Kantorowicz, Karol Czajkowski, Boles\u0142aw Kobielski; koordynacja Mariusz Czuba. &#8211; Krak\u00f3w: Warszawa: Narodowy Instytut Dziedzictwa, 2017.<\/li>\n<li>Supra\u015bl 1913: dokumentacja fotograficzna J\u00f3zefa Jodkowskiego cerkwi Zwiastowania Naj\u015bwi\u0119tszej Marii Pannie \/ [red. nauk., korekta i oprac. il., oprac. edytorskie i graf. Piotr Jacek Jamski i Marek Zalewski]. &#8211; Warszawa: Instytut Sztuki Polskiej Akademii Nauk: Pa\u0144stwowe Muzeum Archeologiczne: Wydawnictwo Hartigrama; [Supra\u015bl]: Stowarzyszenie Kulturalne Collegium Suprasliense, 2016.<\/li>\n<li>Swarzewo: sanktuarium Matki Bo\u017cej Kr\u00f3lowej Polskiego Morza \/ tekst Stanis\u0142aw Majkowski, zdj\u0119cia Rafa\u0142 Monita. &#8211; Krak\u00f3w: Wydawnictwo Astraia, 2017.<\/li>\n<li>Systemy prawne ochrony zabytk\u00f3w z perspektywy teorii prawa administracyjnego \/ Piotr Dobosz. &#8211; Stan prawny na 1 wrze\u015bnia 2015 r. &#8211; Krak\u00f3w: Studio Cubus, 2015.<\/li>\n<li>Szkicownik Stanis\u0142awa Wyspia\u0144skiego z naukowo-artystycznej wycieczki w Opoczy\u0144skie z roku 1888 ze zbior\u00f3w Muzeum Uniwersytetu Jagiello\u0144skiego. Z. 1 \/ Piotr \u0141opatkiewicz, Tadeusz \u0141opatkiewicz. &#8211; Krak\u00f3w: Muzeum Narodowe: Muzeum Uniwersytetu Jagiello\u0144skiego, 2018.<\/li>\n<li>Szkicownik Stanis\u0142awa Wyspia\u0144skiego z naukowo-artystycznej wycieczki w S\u0105deckie, Gorlickie i Grybowskie z roku 1889 ze zbior\u00f3w Muzeum Uniwersytetu Jagiello\u0144skiego. Z. 1 \/ Piotr \u0141opatkiewicz, Tadeusz \u0141opatkiewicz. &#8211; Krak\u00f3w: Muzeum Narodowe: Muzeum Uniwersytetu Jagiello\u0144skiego, 2018.<\/li>\n<li>Szk\u0142o, metal, detal: architektura Gdyni w szczeg\u00f3\u0142ach \/ aut. Anna \u015aliwa, Weronika Szerle, Anna Orchowska-Smoli\u0144ska, Robert Hirsch, Martyna Groth. &#8211; Gdynia: Muzeum Miasta Gdyni, 2017.<\/li>\n<li>Szlacheckie i arystokratyczne rezydencje w Sudetach polskich: Sudety Zachodnie \/ Romuald M. \u0141uczy\u0144ski. &#8211; Wroc\u0142aw: Wydawnictwo Kartograficzne Eko-Graf, 2017.<\/li>\n<li>Szlacheckie i arystokratyczne rezydencje w Sudetach polskich: Sudety \u015arodkowe \/ Romuald M. \u0141uczy\u0144ski. &#8211; Wroc\u0142aw: Wydawnictwo Kartograficzne Eko-Graf, 2018.<\/li>\n<li>Szlakiem Wielkiej Wojny na Mazowszu: cmentarze wojenne z lat 1914-1920 Tannenberg &#8211; Denkmal \/ Pawe\u0142 Ajdacki. &#8211; Otwock: Polskie Towarzystwo Turystyczno-Krajoznawcze. Oddzia\u0142 im. M. E. Andriollego, 2014.<\/li>\n<li>Sztuka cerkiewna w diecezji przemyskiej: materia\u0142y z mi\u0119dzynarodowej konferencji naukowej 25-26 marca 1995 roku \/ [red. Jaros\u0142aw Giemza, Andrzej Stepan]. &#8211; \u0141a\u0144cut: Muzeum-Zamek, 1999.<\/li>\n<li>Sztuka i edukacja w przestrzeni kulturowej regionu \/ red. Gra\u017cyna Kobrzeniecka-Sikorska. &#8211; Olsztyn: Instytut Sztuk Pi\u0119knych Uniwersytetu Warmi\u0144sko-Mazurskiego, 2011.<\/li>\n<li>Sztuka i turystyka w przestrzeni kulturowej regionu \/ red. Gra\u017cyna Kobrzeniecka-Sikorska, Aneta Anna Omelan. &#8211; Olsztyn: Instytut Sztuk Pi\u0119knych Uniwersytetu Warmi\u0144sko-Mazurskiego, 2016.<\/li>\n<li>Sztuka jako prowokacja: akty wandalizmu wobec dzie\u0142 sztuki \/ Julianna Maki\u0142\u0142a-Polak. &#8211; Warszawa: Vizja Press &amp; IT, 2013.<\/li>\n<li>Sztuka kolonii genue\u0144skich w basenie Morza Czarnego (1261-1475): z bada\u0144 nad wymian\u0105 mi\u0119dzykulturow\u0105 w sztuce p\u00f3\u017ano\u015bredniowiecznej \/ Rafa\u0142 Quirini-Pop\u0142awski. &#8211; Krak\u00f3w: Imedius Agencja Reklamowa, 2017.<\/li>\n<li>Sztuka nowo\u017cytna i nowoczesna \/ [red. tomu Piotr Gryglewski, Alina Barczyk]. &#8211; \u0141\u00f3d\u017a: Katedra Historii Sztuki U\u0141: Stowarzyszenie Naukowe Archeolog\u00f3w Polskich. Oddzia\u0142, 2016.<\/li>\n<li>Sztuka stroju, str\u00f3j w sztuce \/ pod redakcj\u0105 Magdaleny Furmanik-Kowalskiej i Anny Straszewskiej. &#8211; Warszawa: Polski Instytut Studi\u00f3w nad Sztuk\u0105 \u015awiata; Toru\u0144: Wydawnictwo Tako, 2016.<\/li>\n<li>Sztuka w muzeum \/ [red. nauk. Inga Kopciewicz, Micha\u0142 F. Wo\u017aniak]; Muzeum Okr\u0119gowe im. Leona Wycz\u00f3\u0142kowskiego w Bydgoszczy, Narodowy Instytut Muzealnictwa i Ochrony Zbior\u00f3w. &#8211; Bydgoszcz: Muzeum Okr\u0119gowe im. Leona Wycz\u00f3\u0142kowskiego; Warszawa: Narodowy Instytut Muzealnictwa i Ochrony Zbior\u00f3w, 2017.<\/li>\n<li>Sztuka w \u015awi\u0119tokrzyskiem: \u015bredniowiecze i czasy nowo\u017cytne \/ pod red. Piotra Rosi\u0144skiego, Henryka Suchojada. &#8211; Kielce: Uniwersytet Jana Kochanowskiego. Biblioteka Uniwersytecka, 2017.<\/li>\n<li>Sztuka wsz\u0119dzie: Akademia Sztuk Pi\u0119knych w Warszawie 1904-1944 [Dokument elektroniczny] \/ [scenariusz wystawy, koncepcja katalogu Maryla Sitkowska; red. nauk. Jola Gola, Maryla Sitkowska, Agnieszka Szewczyk]. &#8211; Warszawa: Akademia Sztuk Pi\u0119knych, 2012.<\/li>\n<li>\u015awiat kolor\u00f3w garncarzy z rejonu Domas\u0142awia sprzed oko\u0142o 2800 lat \/ Bogus\u0142aw Gediga, Dagmara \u0141aciak, Barbara \u0141yd\u017cba-Kopczy\u0144ska, Ma\u0142gorzata Markiewicz; z analizami specjalistycznymi: Czes\u0142awa Augusta, Marka Hojniaka, Bogdana Miazgi, Grzegorza Ruska, R\u00f3\u017cy Nareckiej; Instytut Archeologii i Etnologii Polskiej Akademii Nauk. &#8211; Wroc\u0142aw: Instytut Archeologii i Etnologii Polskiej Akademii Nauk, 2017.<\/li>\n<li>\u015awi\u0105tynia \/ pod red. Ireny Kontny. &#8211; Katowice: \u015al\u0105ski Wojew\u00f3dzki Konserwator Zabytk\u00f3w: Regionalny Instytut Kultury, 2016.<\/li>\n<li>\u015awi\u0105tynia 2 \/ pod red. Ireny Kontny. &#8211; Katowice: \u015al\u0105ski Wojew\u00f3dzki Konserwator Zabytk\u00f3w: Regionalny Instytut Kultury, 2017.<\/li>\n<li>\u015awi\u0105tynie powiatu wejherowskiego \/ koncepcja, tekst i wyb\u00f3r zdj\u0119\u0107 Piotr Kalka, Piotr Syrocki. &#8211; Wejherowo: Starostwo Powiatowe; Gdynia: Wydawnictwo Region Jaros\u0142aw Ellwart, 2017.<\/li>\n<li>\u015awi\u0119ta G\u00f3ra, drzewem Krzy\u017ca naznaczona \/ Krzysztof Marchel. &#8211; Kielce: Krzysztof Marchel, 2010.<\/li>\n<li>Tadeusz To\u0142wi\u0144ski 1887-1951: architekt, urbanista, tw\u00f3rca Polskiej Szko\u0142y Urbanistyki \/ Teresa Kotaszewicz. &#8211; Warszawa: Oficyna Wydawnicza Politechniki Warszawskiej, 2016.<\/li>\n<li>Tajemnice Klasztoru Benedyktynek w Grudzi\u0105dzu \/ [red. Anna Wajler]; Muzeum im. ks. dr. W\u0142adys\u0142awa \u0141\u0119gi w Grudzi\u0105dzu. &#8211; Grudzi\u0105dz: Muzeum im. ks. dr. W\u0142adys\u0142awa \u0141\u0119gi, 2014.<\/li>\n<li>Teatr Polski w Poznaniu \/ Boles\u0142awa Krzy\u015blak. &#8211; Pozna\u0144: Wydawnictwo Miejskie Posnania, 2017.<\/li>\n<li>Teatr zdrojowy: dokumentacja prac konserwatorskich \/ [oprac. merytoryczne Maria Lelek-Pietrzak]. &#8211; Jelenia G\u00f3ra: Stowarzyszenie Wspierania Integracji z Uni\u0105 Europejsk\u0105, 2011.<\/li>\n<li>Techne Texnh: pismo \u0142\u00f3dzkich historyk\u00f3w sztuki: [pismo pracownik\u00f3w, absolwent\u00f3w i sympatyk\u00f3w Katedry Historii Sztuki Uniwersytetu \u0141\u00f3dzkiego \/ red. nacz. Krzysztof Stefa\u0144ski]. &#8211; \u0141\u00f3d\u017a: Fundacja &#8220;Lux pro Monumentis&#8221;, 2012-.<\/li>\n<li>Technika w dziejach cywilizacji &#8211; z my\u015bl\u0105 o przysz\u0142o\u015bci. T. 12 \/ pod red. Stanis\u0142awa Januszewskiego; Fundacja Otwartego Muzeum Techniki. &#8211; Wroc\u0142aw: Fundacja Otwartego Muzeum Techniki, 2016.<\/li>\n<li>Technika w dziejach cywilizacji &#8211; z my\u015bl\u0105 o przysz\u0142o\u015bci. T. 13 \/ pod red. Stanis\u0142awa Januszewskiego; Fundacja Otwartego Muzeum Techniki. &#8211; Wroc\u0142aw: Fundacja Otwartego Muzeum Techniki, 2017.<\/li>\n<li>Technika w dziejach cywilizacji &#8211; z my\u015bl\u0105 o przysz\u0142o\u015bci. T. 9, X Mi\u0119dzynarodowy Warsztat Archeologii Przemys\u0142owej Nieg\u00f3w 2013 pod patronatem Mazowieckiego Wojew\u00f3dzkiego Konserwatora Zabytk\u00f3w \/ pod red. Stanis\u0142awa Januszewskiego; Fundacja Otwartego Muzeum Techniki, Biuro Studi\u00f3w i Dokumentacji Zabytk\u00f3w Techniki. &#8211; Wroc\u0142aw: Fundacja Otwartego Muzeum Techniki, 2013.<\/li>\n<li>Technitas: konteksty dziedzictwa kulturowego techniki \/ Waldemar J. Affelt; [Mi\u0119dzynarodowe Centrum Dokumentacji i Bada\u0144 nad Dziedzictwem Przemys\u0142owym dla Turystyki]. &#8211; Zabrze: Muzeum G\u00f3rnictwa W\u0119glowego, 2015.<\/li>\n<li>Tekstylia w zbiorach sakralnych: inwentaryzacja, konserwacja, przechowywanie \/ [red. nauk. Helena Hryszko, Anna Kwa\u015bnik-Gliwi\u0144ska, Monika Stachurska]. &#8211; Warszawa: Akademia Sztuk Pi\u0119knych, 2013.<\/li>\n<li>Teoria i praktyka prezentacji relikt\u00f3w archeologiczno-architektonicznych \/ Ewa Magdalena Charowska, \u0141ukasz Kowalczyk, Zbigniew Kobyli\u0144ski. &#8211; Warszawa: Uniwersytet Kardyna\u0142a Stefana Wyszy\u0144skiego; Zielona G\u00f3ra: Wydawnictwo Fundacji Archeologicznej, 2016.<\/li>\n<li>Terra incognita: wok\u00f3\u0142 inowroc\u0142awskich grodzisk \/ pod red. \u0141ukasza Oliwkowskiego. &#8211; Inowroc\u0142aw: Pozkal, 2012.<\/li>\n<li>The baroque villa: suburban and country residences c. 1600-1800 \/ ed. by Barbara Arciszewska. &#8211; Warszawa: Wilan\u00f3w Palace Museum, 2009.<\/li>\n<li>The church of St James in Ljubljana \/ Bla\u017e Resman. &#8211; Ljubljana: Institute for the Protection of Cultural Heritage of Slovenia, 2014.<\/li>\n<li>The church of St John the Baptist in Bohinj \/ Ksenija Rozman. &#8211; Ljubljana: Institute for the Protection of Cultural Heritage of Slovenia, 2012.<\/li>\n<li>The early modern villa: senses and perceptions versus materiality \/ ed. by Barbara Arciszewska. &#8211; Warszawa: Museum of King Jan III&#8217;s Palace at Wilan\u00f3w, 2017.<\/li>\n<li>The historic environment: policy &amp; practice. &#8211; London: Maney Publishing, 2010-.<\/li>\n<li>The image of heritage: changing perception, permanent responsibilities: proceedings of the International Conference of the ICOMOS International Scientific Committee for the Theory and the Philosophy of Conservation and Restoration 6-8 March 2009 Florence, Italy \/ ed. by Andrzej Tomaszewski, Simone Giometti. &#8211; Firenze: Edizioni Polistampa, 2011.<\/li>\n<li>The past societies: Polish lands from the first evidence of human presence to the early Middle Ages. 1, 500,000 &#8211; 5,500 BC \/ ed. Przemys\u0142aw Urba\u0144czyk; ed. Jacek Kabaci\u0144ski. &#8211; Warszawa: Institute of Archaeology and Ethnology Polish Academy of Sciences, 2016.<\/li>\n<li>The past societies: Polish lands from the first evidence of human presence to the early Middle Ages. 2, 5500 &#8211; 2000 BC \/ ed. Przemys\u0142aw Urba\u0144czyk; ed. Piotr W\u0142odarczak. &#8211; Warszawa: Institute of Archaeology and Ethnology Polish Academy of Sciences, 2017.<\/li>\n<li>The past societies: Polish lands from the first evidence of human presence to the early Middle Ages. 3, 2000 &#8211; 500 BC \/ ed. Przemys\u0142aw Urba\u0144czyk; ed. Urszula Bugaj. &#8211; Warszawa: Institute of Archaeology and Ethnology Polish Academy of Sciences, 2017.<\/li>\n<li>The past societies: Polish lands from the first evidence of human presence to the early Middle Ages. 4, 500 BC &#8211; 500 AD \/ ed. Przemys\u0142aw Urba\u0144czyk; ed. Aleksandra Rzeszotarska-Nowakiewicz. &#8211; Warszawa: Institute of Archaeology and Ethnology Polish Academy of Sciences, 2016.<\/li>\n<li>The past societies: Polish lands from the first evidence of human presence to the early Middle Ages. 5, 500 AD &#8211; 1000 AD \/ ed. Przemys\u0142aw Urba\u0144czyk; ed. Maciej Trzeciecki. &#8211; Warszawa: Institute of Archaeology and Ethnology Polish Academy of Sciences, 2017.<\/li>\n<li>The space of creation in art and art history \/ ed. by Agnieszka Bagi\u0144ska. &#8211; Warsaw: Institute of Art History, University of Warsaw, 2015.<\/li>\n<li>The turbulent epoch: new materials from the Late Roman Period and the Migration Period. [1] \/ ed. Barbara Niezabitowska-Wi\u015bniewska, Marcin Ju\u015bci\u0144ski, Piotr \u0141uczkiewicz, Sylwester Sadowski; Instytut Archeologii Uniwersytetu Marii Curie-Sk\u0142odowskiej w Lublinie. &#8211; Lublin: Wydawnictwo Uniwersytetu Marii Curie-Sk\u0142odowskiej, 2008.<\/li>\n<li>The turbulent epoch: new materials from the Late Roman Period and the Migration Period. [2] \/ ed. Barbara Niezabitowska-Wi\u015bniewska, Marcin Ju\u015bci\u0144ski, Piotr \u0141uczkiewicz, Sylwester Sadowski; Instytut Archeologii Uniwersytetu Marii Curie-Sk\u0142odowskiej w Lublinie. &#8211; Lublin: Wydawnictwo Uniwersytetu Marii Curie-Sk\u0142odowskiej, 2008.<\/li>\n<li>Theatrum po\u015brodku Rynku: zabudowania targowe na rynku \u015bredniowiecznego Poznania \/ Anna Rogalanka. &#8211; Pozna\u0144: Stowarzyszenie Historyk\u00f3w Sztuki. Oddzia\u0142, 2017.<\/li>\n<li>Thorunensia i inne rysunki z XVIII-wiecznej kolekcji pastora Jana Jakuba Haselaua \/ Teresa Tylicka, Jacek Tylicki. &#8211; Toru\u0144: Towarzystwo Mi\u0142o\u015bnik\u00f3w Torunia, 2016.<\/li>\n<li>Toru\u0144ski cech rze\u017abiarski i snycerka na obszarze jego oddzia\u0142ywania w latach 1695-1793 \/ Bart\u0142omiej \u0141yczak. &#8211; Warszawa: Wydawnictwo DiG, 2017.<\/li>\n<li>Toru\u0144skie Studia o Sztuce Orientu = Torun Studies on Oriental Art \/ [Uniwersytet Miko\u0142aja Kopernika. Wydzia\u0142 Sztuk Pi\u0119knych. Instytut Zabytkoznawstwa i Konserwatorstwa. Pracownia Sztuki Orientu]. &#8211; Toru\u0144: Wydawnictwo Uniwersytetu Miko\u0142aja Kopernika, 2004-.<\/li>\n<li>Tradition and heritage in the contemporary image of the city: monograph. Vol. 1, Fundamentals \/ ed. by Tomasz Jele\u0144ski, Stanis\u0142aw Juchnowicz, Ewelina Wo\u017aniak-Szpakiewicz; International Network for Traditional Building Architecture &amp; Urbanism. &#8211; Krak\u00f3w: Wydawnictwo Politechniki Krakowskiej, 2015.<\/li>\n<li>Tradition and heritage in the contemporary image of the city: monograph. Vol. 2, Challenges and responses \/ ed. by Tomasz Jele\u0144ski, Stanis\u0142aw Juchnowicz, Ewelina Wo\u017aniak-Szpakiewicz; International Network for Traditional Building Architecture &amp; Urbanism. &#8211; Krak\u00f3w: Wydawnictwo Politechniki Krakowskiej, 2014.<\/li>\n<li>Tradition and heritage in the contemporary image of the city: monograph. Vol. 3, Practice and process \/ ed. by Tomasz Jele\u0144ski, Stanis\u0142aw Juchnowicz, Ewelina Wo\u017aniak-Szpakiewicz; International Network for Traditional Building Architecture &amp; Urbanism. &#8211; Krak\u00f3w: Wydawnictwo Politechniki Krakowskiej, 2014.<\/li>\n<li>Tradycja i wsp\u00f3\u0142czesno\u015b\u0107: sztuka witra\u017cowa po 1945 roku \/ red. Beata Fekecz-Tomaszewska i Magda \u0141awicka. &#8211; Krak\u00f3w: Stowarzyszenie Mi\u0142o\u015bnik\u00f3w Witra\u017cy Ars Vitrea Polona; Legnica: Wydawnictwo EDYTOR, 2017.<\/li>\n<li>Tradycje wystawiennicze we Wroc\u0142awiu w latach 1918-1948: architektura i rozplanowanie terenu wystaw \/ Maria Zwierz. &#8211; Wroc\u0142aw: Muzeum Architektury, 2016.<\/li>\n<li>Tur\u00f3w: szkic dziej\u00f3w dolno\u015bl\u0105skiej wsi \/ Artur B\u0142a\u017cejewski, Karol Bykowski. &#8211; Wroc\u0142aw: Wydawnictwo Uniwersytetu Przyrodniczego, 2016.<\/li>\n<li>Twierdza Grudzi\u0105dz: ochrona, zarz\u0105dzanie, zagospodarowanie: materia\u0142y pokonferencyjne \/ [red. Anna Wajler]. &#8211; Grudzi\u0105dz: Wydawnictwo Muzeum im. ks. dr. W\u0142adys\u0142awa \u0141\u0119gi, 2012.<\/li>\n<li>Twierdza Wroc\u0142aw 1890-1918: monografia \/ \u0141ukasz Pardela, Stanis\u0142aw Kolouszek. &#8211; Wroc\u0142aw: Wydawnictwo Via Nova, 2017.<\/li>\n<li>Typologia \u0142\u00f3dzkiej kamienicy \/ Micha\u0142 Domi\u0144czak, Artur Zagu\u0142a. &#8211; \u0141\u00f3d\u017a: Urz\u0105d Miasta \u0141odzi. Biuro Architekta Miasta, 2016.<\/li>\n<li>Ul. Twarda: dzieje ulicy warszawskiej \/ [oprac. katalogu El\u017cbieta Mazur et al.]. &#8211; Warszawa: [Fundacja im. Profesora Moj\u017cesza Schorra], 2013.<\/li>\n<li>Ulice i zau\u0142ki Grudzi\u0105dza: Wybickiego &#8211; Legion\u00f3w \/ [autorzy Dawid Schoenwald, Mariusz \u017bebrowski]. &#8211; Grudzi\u0105dz: Muzeum im. ks. dr. W\u0142adys\u0142awa \u0141\u0119gi, 2015.<\/li>\n<li>Urbanistyka &#8220;a la fran\u00e7aise&#8221;: tysi\u0105c lat do\u015bwiadcze\u0144 i europejskich innowacji, dope\u0142nienie obrazu. T. 2, Francja nowo\u017cytna od narodzin absolutyzmu do epoki o\u015bwiecenia \/ Krzysztof Kazimierz Paw\u0142owski. &#8211; Krak\u00f3w: Towarzystwo Autor\u00f3w i Wydawnictw Prac Naukowych Universitas, 2017.<\/li>\n<li>Utracone skarby dawnych wroc\u0142awskich muze\u00f3w \/ Robert He\u015b. &#8211; Wroc\u0142aw: Muzeum Narodowe, 2017.<\/li>\n<li>Vademecum \u017byrardowa \/ [red. Bogus\u0142aw Nietrzebka]. &#8211; Wyd. 2. &#8211; \u017byrard\u00f3w: Muzeum Mazowsza Zachodniego, 2016.<\/li>\n<li>Varstvo Spomenikov. &#8211; Ljubljana: Ministrstvo za Kulturo: Uprava Republike Slovenije za kulturno dedi\u0161\u010dino, 1948-.<\/li>\n<li>Velis quod possis: studia z historii sztuki ofiarowane profesorowi Janowi Ostrowskiemu \/ [komitet red. Andrzej Betlej, Katarzyna Brzezina-Scheuerer, Agata Dworzak, Marcin Fabia\u0144ski, Piotr Krasny, Micha\u0142 Kurzej, Dagny Nestorow]. &#8211; Krak\u00f3w: Towarzystwo Naukowe Societas Vistulana: Instytut Historii Sztuki Uniwersytetu Jagiello\u0144skiego: Muzeum Narodowe, 2016.<\/li>\n<li>Verbum Domini manet in \u00e6ternum: protestanckie budownictwo ko\u015bcielne epoki nowo\u017cytnej w Europie \/ [red. kat. Jan Harasimowicz, Urszula Bo\u0144czuk-Dawidziuk, Anna Michalska]. &#8211; Wroc\u0142aw: Oficyna Wydawnicza ATUT &#8211; Wroc\u0142awskie Wydawnictwo O\u015bwiatowe, 2017.<\/li>\n<li>W 500-lecie reformacji (1517-2017) z dziej\u00f3w ko\u015bcio\u0142\u00f3w ewangelickich w dawnych Prusach Kr\u00f3lewskich i Ksi\u0105\u017c\u0119cych. 1, Tereny dawnych Prus Kr\u00f3lewskich \/ red nauk. Jaros\u0142aw K\u0142aczkow, Grzegorz Jasi\u0144ski, Piotr Birecki. &#8211; Toru\u0144: Wydawnictwo Adam Marsza\u0142ek, 2017.<\/li>\n<li>W 500-lecie reformacji (1517-2017) z dziej\u00f3w ko\u015bcio\u0142\u00f3w ewangelickich w dawnych Prusach Kr\u00f3lewskich i Ksi\u0105\u017c\u0119cych. 2, Tereny dawnych Prus Ksi\u0105\u017c\u0119cych \/ red nauk. Jaros\u0142aw K\u0142aczkow, Grzegorz Jasi\u0144ski, Piotr Birecki. &#8211; Toru\u0144: Wydawnictwo Adam Marsza\u0142ek, 2017.<\/li>\n<li>W kr\u0119gu bada\u0144 nad sztuk\u0105 polsk\u0105: studia z historii sztuki i kultury \/ pod red. Karola Majewskiego. &#8211; Lublin: Katolicki Uniwersytet Lubelski, 1983.<\/li>\n<li>W kr\u0119gu pradawnych rytua\u0142\u00f3w: o odkryciach sprzed 3000 lat w Tre\u015bcie Rz\u0105dowej \/ tekst \u0141ukasz Oleszczak, Wojciech Twardowski. &#8211; P\u0119kowice: Wydawnictwo i Pracownia Archeologiczna PROFIL, 2011.<\/li>\n<li>W lustrzanym odbiciu: grafika europejska a malarstwo w Rzeczypospolitej w czasach nowo\u017cytnych ze szczeg\u00f3lnym uwzgl\u0119dnieniem p\u00f3\u017anego baroku \/ Zbigniew Michalczyk. &#8211; Warszawa: Instytut Sztuki PAN, 2016.<\/li>\n<li>W warsztacie niderlandzkiego mistrza: holenderskie i flamandzkie rysunki z kolekcji Muzeum Narodowego w Warszawie \/ [autorzy tekst\u00f3w Piotr Borusowski, Aleksandra Janiszewska; red. nauk. Antoni Ziemba]. &#8211; Warszawa: Muzeum Narodowe, 2017.<\/li>\n<li>Warmi\u0144sko-Mazurski Biuletyn Konserwatorski \/ [Wojew\u00f3dzki Oddzia\u0142 S\u0142u\u017cby Ochrony Zabytk\u00f3w w Olsztynie; red. nacz. Jacek Wysocki]. &#8211; Olsztyn: Wojew\u00f3dzki Oddzia\u0142 S\u0142u\u017cby Ochrony Zabytk\u00f3w, 1999-.<\/li>\n<li>Warszawa: cmentarze wojenne \/ Pawe\u0142 Ajdacki, Pawe\u0142 Tywoniuk. &#8211; Otwock: Polskie Towarzystwo Turystyczno-Krajoznawcze. Oddzia\u0142 im. M. E. Andriollego, 2008.<\/li>\n<li>Warszawskie Materia\u0142y Archeologiczne \/ Urz\u0105d m. st. Warszawy. Wydzia\u0142 Kultury i Sztuki, Urz\u0105d Konserwatorski; Muzeum Historyczne m. st. Warszawy; [zesp\u00f3\u0142 red. Jerzy G\u0105ssowski i in.]. &#8211; Warszawa: UMSW, 1967-.<\/li>\n<li>Warto\u015bciowanie dziedzictwa w systemie sv: metody i przyk\u0142ady zastosowania \/ Bogus\u0142aw Szmygin, Anna Fortuna-Marek, Andrzej Siwek. &#8211; Lublin: Politechnika Lubelska, 2017.<\/li>\n<li>Wawer: inwentaryzacja zasob\u00f3w dziedzictwa kultury materialnej \/ [Pawe\u0142 Ajdacki, Adam Cie\u0107wierz]. &#8211; Warszawa: ACAD, 2016.<\/li>\n<li>W\u0119z\u0142owe problemy prawnej ochrony dziedzictwa kulturowego. T. 1, Ochrona dziedzictwa kulturowego w polskim prawie konstytucyjnym i administracyjnym \/ praca zbiorowa pod red. Piotra Dobosza, Micha\u0142a Adamusa, Dominiki Guzek, Anny Mazur. &#8211; Stan prawny na 1 wrze\u015bnia 2016 r. &#8211; Krak\u00f3w: Wydawnictwo Kasper, 2016.<\/li>\n<li>W\u0119z\u0142owe problemy prawnej ochrony dziedzictwa kulturowego. T. 2, Ochrona dziedzictwa kulturowego &#8211; aspekty prawa cywilnego, prawa karnego, prawa Unii Europejskiej, prawa mi\u0119dzynarodowego i praw pa\u0144stw obcych \/ praca zbiorowa pod red. Piotra Dobosza, Micha\u0142a Adamusa, Dominiki Guzek, Anny Mazur. &#8211; Stan prawny na 1 wrze\u015bnia 2016 r. &#8211; Krak\u00f3w: Wydawnictwo Kasper, 2016.<\/li>\n<li>Wiadomo\u015bci Konserwatorskie: biuletyn Stowarzyszenia Konserwator\u00f3w Zabytk\u00f3w \/ [Stowarzyszenie Konserwator\u00f3w Zabytk\u00f3w. Zarz\u0105d G\u0142\u00f3wny; zesp\u00f3\u0142 pod kier. J. Frycza i M. Konopki]. &#8211; [Warszawa]: SKZ ZG, 1985-.<\/li>\n<li>Wieliczka: miasto utrwalone w kadrze \/ Barbara Konwerska. &#8211; Wieliczka: Muzeum \u017bup Krakowskich, 2016.<\/li>\n<li>Wieliczka: zabytkowa Kopalnia Soli Muzeum \u017bup Krakowskich \/ [aut. tekst\u00f3w J\u00f3zef Charkot, Antoni Jod\u0142owski, Wojciech Gawro\u0144ski, Witold Kuc, Ma\u0142gorzata Mi\u0119dzobrodzka, Klementyna Ochniak-Dudek, Marek Skubisz, Barbara Konwerska]; Muzeum \u017bup Krakowskich Wieliczka. &#8211; Wieliczka: Muzeum \u017bup Krakowskich, 2015.<\/li>\n<li>Wielka fala: inspiracje sztuk\u0105 Japonii w polskim malarstwie i grafice \/ \u0141ukasz Kossowski; wsp\u00f3\u0142praca Ma\u0142gorzata Martini. &#8211; Warszawa: Polski Instytut Studi\u00f3w nad Sztuk\u0105 \u015awiata; Toru\u0144: Wydawnictwo Tako, 2016.<\/li>\n<li>Wielkomiejskie cmentarze \u017cydowskie w Europie \u015arodkowo-Wschodniej \/ [red. nauk. Irmina Gadomska]. &#8211; \u0141\u00f3d\u017a: Wydawnictwo Hamal Andrzej Machejek, [2016].<\/li>\n<li>Wielokulturowe cmentarzysko w Sko\u0142oszowie, stanowisko 7, pow. jaros\u0142awski, w kontek\u015bcie osadnictwa z neolitu i wczesnej epoki br\u0105zu we wschodniej cz\u0119\u015bci Podg\u00f3rza Rzeszowskiego \/ [red. Ma\u0142gorzata Rybicka]. &#8211; Rzesz\u00f3w: Oficyna Wydawnicza &#8220;Zimowit&#8221;, 2017.<\/li>\n<li>Wielokulturowe stanowisko 3 w Czerniczynie w \u015bwietle bada\u0144 archeologicznych w latach 1981-1985 \/ pod red. Anna Hyrcha\u0142y. &#8211; Hrubiesz\u00f3w: Muzeum im. ks. Stanis\u0142awa Staszica, 2017.<\/li>\n<li>Wielokulturowe stanowisko nr 1 w Zamiechowie, powiat jaros\u0142awski \/ Agnieszka P\u016flp\u00e1nov\u00e1-Reszczy\u0144ska, S\u0142awomir Kadrow, Monika Bober; z aneksami Marzeny i Daniela Makowieckich, Joanny Rog\u00f3\u017c, Danuty Makowicz-Poliszot, Teresy Tomek i Mateusza Kality; Fundacja Rzeszowskiego O\u015brodka Archeologicznego. &#8211; Rzesz\u00f3w: Oficyna Wydawnicza &#8220;Zimowit&#8221;, 2017.<\/li>\n<li>Wielokulturowy kompleks osadniczy ze stanowiska Kwiatk\u00f3w 11\/20, gm. Brudzew: strefy A1 i A2 \/ pod red. Seweryna Rzepeckiego; Instytut Archeologii Uniwersytetu \u0141\u00f3dzkiego, Fundacja Uniwersytetu \u0141\u00f3dzkiego, \u0141\u00f3dzka Fundacja Bada\u0144 Naukowych. &#8211; \u0141\u00f3d\u017a: Instytut Archeologii Uniwersytetu \u0141\u00f3dzkiego, 2016.<\/li>\n<li>Wie\u017ca ksi\u0105\u017c\u0119ca w Siedl\u0119cinie w \u015bwietle dotychczasowych bada\u0144: podsumowanie na 700-lecie budowy obiektu \/ red. Przemys\u0142aw Nocu\u0144; Stowarzyszenie \u201eWie\u017ca Ksi\u0105\u017c\u0119ca w Siedl\u0119cinie\u201d, Wydawnictwo i Pracownia Archeologiczna Profil-Archeo, Instytut Archeologii Uniwersytetu Jagiello\u0144skiego. &#8211; Siedl\u0119cin [etc.]: Stowarzyszenie \u201eWie\u017ca Ksi\u0105\u017c\u0119ca w Siedl\u0119cinie\u201d [etc.], 2016.<\/li>\n<li>Wilanowski Informator Konserwatorski \/ [red. merytoryczna Pawe\u0142 Jaskanis]. &#8211; Warszawa: [Muzeum Pa\u0142ac w Wilanowie], 2005-.<\/li>\n<li>Wilegiatura: Otwock na starych poczt\u00f3wkach i fotografiach. &#8211; Otwock: Polskie Towarzystwo Turystyczno-Krajoznawcze. Oddzia\u0142 im. M. E. Andriollego, 2014.<\/li>\n<li>Wilkau &#8211; Wilkowo \/ [Maja B\u0142a\u017cejewska]. &#8211; Berlin: Freundeskreis Schl\u00f6sser und G\u00e4rten der Mark in der Deutschen Gesellschaft e.V., 2017.<\/li>\n<li>Willa pod Minerw\u0105: historia domu rodziny Komornickich na Krakowskich D\u0119bnikach \/ \u0141ukasz Komornicki. &#8211; Krak\u00f3w: Collegium Columbinum, 2015.<\/li>\n<li>William Heerlein Lindley &#8211; plan Warszawy 1912: plan niwelacyjny miasta Warszawy: zdj\u0119cia pod kierunkiem G\u0142\u00f3wnego In\u017cyniera W. H. Lindleya: ze zbior\u00f3w kartograficznych Muzeum Warszawy \/ Ryszard \u017belichowski, Pawe\u0142 E. Weszpi\u0144ski. &#8211; Warszawa: Muzeum Warszawy, 2016.<\/li>\n<li>Witra\u017ce &#8211; dziedzictwo cenne czy niechciane? \/ red. Danuta Czapczy\u0144ska-Kleszczy\u0144ska. &#8211; Krak\u00f3w: Stowarzyszenie Mi\u0142o\u015bnik\u00f3w Witra\u017cy Ars Vitrea Polona; Legnica: Wydawnictwo Edytor, 2017.<\/li>\n<li>Wle\u0144ski mikroregion osadniczy w X-XVIII wieku: przemiany krajobrazu kulturowego \/ red. Jerzy Piekalski. &#8211; Wroc\u0142aw: Uniwersytet Wroc\u0142awski. Instytut Archeologii, 2017.<\/li>\n<li>W\u0142adza: symbole i rytua\u0142y \/ Aleksander Gieysztor; red. Przemys\u0142aw Mrozowski, Pawe\u0142 Tyszka, Piotr W\u0119cowski. &#8211; Warszawa: Arx Regia &#8211; O\u015brodek Wydawniczy Zamku Kr\u00f3lewskiego w Warszawie &#8211; Muzeum, 2016.<\/li>\n<li>W\u0142adza i architektura: rezydencje monarch\u00f3w i siedziby w\u0142adz pa\u0144stwowych w Europie: formy i funkcje (XV-XXI w.) \/ red. nauk. Anna Czarniecka, Przemys\u0142aw Deles, Angela So\u0142tys; Zamek Kr\u00f3lewski w Warszawie &#8211; Muzeum. &#8211; Warszawa: Arx Regia &#8211; O\u015brodek Wydawniczy Zamku Kr\u00f3lewskiego w Warszawie &#8211; Muzeum, 2016.<\/li>\n<li>Wojciech Jarz\u0105bek \/ Maciej Hawrylak. &#8211; Wroc\u0142aw: Stowarzyszenie Architekt\u00f3w Polskich. Oddzia\u0142, 2016.<\/li>\n<li>Wok\u00f3\u0142 cz\u0142uchowskiego wzg\u00f3rza zamkowego od XIV do XX w.: architektura, administracja, polityka: materia\u0142y z konferencji w dniu 22 stycznia 2016 r. \/ pod red. Krzysztofy Monikowskiej; Muzeum Regionalne w Cz\u0142uchowie. &#8211; Cz\u0142uch\u00f3w: Muzeum Regionalne, 2016.<\/li>\n<li>Wok\u00f3\u0142 ulicy Grzeg\u00f3rzeckiej \/ Janusz Tadeusz Nowak. &#8211; Krak\u00f3w: Muzeum Historyczne Miasta Krakowa, 2017.<\/li>\n<li>World heritage conservation: the world heritage, convention, linking culture and nature for sustainable development \/ Claire Cave and Elene Negussie. &#8211; London: Routledge, 2017.<\/li>\n<li>Wsp\u00f3\u0142czesna sztuka sakralna w przestrzeni kulturowej regionu \/ red. Gra\u017cyna Kobrzeniecka-Sikorska. &#8211; Olsztyn: Instytut Sztuk Pi\u0119knych Uniwersytetu Warmi\u0144sko-Mazurskiego, 2014.<\/li>\n<li>Wyb\u00f3r i konieczno\u015b\u0107: kolekcje polskiej arystokracji w Wielkopolsce na prze\u0142omie XIX i XX wieku \/ Kamila K\u0142udkiewicz. &#8211; Pozna\u0144: Wydawnictwo Naukowe Uniwersytetu im. Adama Mickiewicza, 2016.<\/li>\n<li>Wybrane problemy ochrony krajobrazu kulturowego polskiej wsi na przyk\u0142adzie Markowej w woj. podkarpackim: pomoc dydaktyczna \/ Ma\u0142gorzata Dro\u017cd\u017c-Szczybura; Politechnika Krakowska im. Tadeusza Ko\u015bciuszki. &#8211; Krak\u00f3w: Politechnika Krakowska, 2000.<\/li>\n<li>Wybrane zagadnienia zarz\u0105dzania dobrami UNESCO w Polsce: praca zbiorowa \/ pod red. Bogus\u0142awa Szmygina. &#8211; Warszawa: Polski Komitet Naukowy Mi\u0119dzynarodowej Rady Ochrony Zabytk\u00f3w ICOMOS; Lublin: Politechnika Lubelska, 2015.<\/li>\n<li>Wyspia\u0144ski: katalog wystawy ze zbior\u00f3w Muzeum Narodowego w Krakowie \/ red. Danuta Gody\u0144, Magdalena Laskowska. &#8211; Krak\u00f3w: Muzeum Narodowe, 2017.<\/li>\n<li>Wzg\u00f3rze wawelskie w s\u0142owie i w obrazie: z bada\u0144 nad kultur\u0105 wieku XIX \/ [red. Joanna Zi\u0119tkiewicz-Kotz]. &#8211; Krak\u00f3w: Zamek Kr\u00f3lewski na Wawelu. Pa\u0144stwowe Zbiory Sztuki, 2014.<\/li>\n<li>XV Polsko-Niemiecka Konferencja i podr\u00f3\u017c studialna Architektura ryglowa &#8211; wsp\u00f3lne dziedzictwo: kolonizacja fryderycja\u0144ska: materia\u0142y konferencyjne, S\u0142ubice 22-24 wrze\u015bnia 2014 r. &#8211; Szczecin: Wydawnictwo Hogben, 2015.<\/li>\n<li>Z dziej\u00f3w historii sztuki: Polska, Niemcy, Europa \/ Adam S. Labuda; Polskie Towarzystwo Historyczne. &#8211; Pozna\u0144: Wydawnictwo Nauka i Innowacje, 2016.<\/li>\n<li>Zabytek zadbany AD 2016 \/ [tekst Joanna Piotrowska]. &#8211; Warszawa: Narodowy Instytut Dziedzictwa, 2016.<\/li>\n<li>Zabytek zadbany AD 2017 \/ [tekst Joanna Piotrowska]. &#8211; Warszawa: Narodowy Instytut Dziedzictwa, 2017.<\/li>\n<li>Zabytki lewobrze\u017cnego Torunia: zachowane, nieistniej\u0105ce, tylko zaplanowane \/ [red. nauk. Katarzyna Kluczwajd, Micha\u0142 Pszcz\u00f3\u0142kowski]. &#8211; Toru\u0144: Toru\u0144ski Oddzia\u0142 Stowarzyszenia Historyk\u00f3w Sztuki, 2017.<\/li>\n<li>Zabytki metrologiczne: katalog zbior\u00f3w \/ Tadeusz Fercowicz. &#8211; Wroc\u0142aw: Muzeum Narodowe, 2017.<\/li>\n<li>Zabytki z okresu wp\u0142yw\u00f3w rzymskich, \u015bredniowiecza i czas\u00f3w nowo\u017cytnych z Bia\u0142orusi w zbiorach Pa\u0144stwowego Muzeum Archeologicznego w Warszawie \/ Jacek Andrzejowski [et. al.]; Pa\u0144stwowe Muzeum Archeologiczne w Warszawie; O\u015brodek Ochrony Dziedzictwa Archeologicznego. &#8211; Warszawa: Pa\u0144stwowe Muzeum Archeologiczne, 2005.<\/li>\n<li>Zabytkowa kaplica grobowa rodziny Hupk\u00f3w \/ Wies\u0142aw Augustyn, S\u0142awomir Zych. &#8211; Kolbuszowa: Miejska i Powiatowa Biblioteka Publiczna, 2016.<\/li>\n<li>Zabytkowe parki w okolicach Mi\u0119dzyrzecza: zarys historii za\u0142o\u017ce\u0144 oraz walory przyrodniczo-kulturowe \/ Marceli Tureczek. &#8211; Mi\u0119dzyrzecz: Urz\u0105d Miejski, 2014.<\/li>\n<li>Zabytkowe rezydencje w krajobrazie przygranicznych region\u00f3w Polski i Niemiec \/ [aut. tekst\u00f3w Mariusz Czuba et al.]. &#8211; Warszawa: Narodowy Instytut Dziedzictwa, 2017.<\/li>\n<li>Zabytkowy Most Tczewski: konteksty \/ pod red. Waldemara J. Affelta. &#8211; Pelplin: Wydawnictwo &#8220;Bernardinum&#8221;, 2009.<\/li>\n<li>Zachodnioukrai\u0144ska sztuka cerkiewna. Cz. 2, Materia\u0142y z mi\u0119dzynarodowej konferencji naukowej, \u0141a\u0144cut &#8211; Kota\u0144, 17-18 kwietnia 2004 roku \/ [red. Jaros\u0142aw Giemza]; Muzeum-Zamek w \u0141a\u0144cucie, Narodowy Naukowo-Badawczy O\u015brodek Konserwatorski Ukrainy. Oddzia\u0142 we Lwowie. &#8211; \u0141a\u0144cut: Muzeum-Zamek, 2004.<\/li>\n<li>Zagro\u017cenia dzie\u0142 sztuki i meandry ich ochrony \/ praca zbiorowa pod red. Ryszarda Krawczyka. &#8211; Krak\u00f3w: Wydawnictwa Jak, 2011.<\/li>\n<li>Za\u0142o\u017cenia systemu s\u0142u\u017cb konserwatorskich w Polsce: praca zbiorowa \/ pod red. Bogus\u0142awa Szmygina. &#8211; Warszawa: Polski Komitet Narodowy ICOMOS: Zamek Kr\u00f3lewski &#8211; Muzeum. Rezydencja Kr\u00f3l\u00f3w i Rzeczypospolitej; Muzeum \u0141azienki Kr\u00f3lewskie; Lublin: Politechnika Lubelska, 2016.<\/li>\n<li>Zamek krzy\u017cacki w Toruniu XIII-XXI w.: studium historyczno-architektoniczne z katalogiem detalu architektonicznego ze zbior\u00f3w Muzeum Okr\u0119gowego w Toruniu \/ [autorzy El\u017cbieta Pilecka, Zbigniew Nawrocki, Romualda Uziemb\u0142o, Jadwiga W. \u0141ukaszewicz]. &#8211; Toru\u0144: Muzeum Okr\u0119gowe, 2017.<\/li>\n<li>Zamek Przemys\u0142awa II w Rogo\u017anie: na tle umocnie\u0144 obronnych miasta i jego zaplecza od IX do XVIII wieku \/ Mieczys\u0142aw Brust. &#8211; Rogo\u017ano: Towarzystwo Przyjaci\u00f3\u0142 Rogo\u017ana, 2016.<\/li>\n<li>Zamek w Bestwinie \/ Teresa Lewczak. &#8211; Bestwina: Gminna Biblioteka Publiczna, [2017].<\/li>\n<li>Zamieszka\u0107 z Chrystusem i Mari\u0105: sztuka dewocji osobistej w Niderlandach w latach 1450-1530: wystawa ze zbior\u00f3w polskich \/ [red. nauk. Marcin Kaleci\u0144ski]. &#8211; Gda\u0144sk: Muzeum Narodowe, 2017.<\/li>\n<li>Zamki Kaszub i Pomorza \u015arodkowego \/ Piotr Skurzy\u0144ski. &#8211; Gdynia: Wydawnictwo Region, 2009.<\/li>\n<li>Zamki krzy\u017cackie powiatu grudzi\u0105dzkiego \/ Ryszard Boguwolski, Lothar Hyss. &#8211; Grudzi\u0105dz: Muzeum, 2004.<\/li>\n<li>Zamojsko-Wo\u0142y\u0144skie Zeszyty Muzealne = Zamosc&#8217;ko-Volins&#8217;k\u00ec Muzejn\u00ec Zo\u0161iti = The Zamo\u015b\u0107-Volyn Museum Periodicals \/ Muzeum Zamojskie w Zamo\u015bciu. &#8211; Zamo\u015b\u0107: Muzeum Zamojskie, 2003-.<\/li>\n<li>Zapomniane miejsca Dolnego \u015al\u0105ska: przewodnik. Cz. 2, Nizina \u015al\u0105ska \/ [Jakub Jagie\u0142\u0142o]. &#8211; Warszawa: Wydawnictwo CM, 2017.<\/li>\n<li>Zapomniane miejsca Ma\u0142opolskie. [Cz. 1], Krak\u00f3w i okolice \/ [red. Mateusz Por\u0119bski]. &#8211; Warszawa: Wydawnictwo CM, 2017.<\/li>\n<li>Zapomniane miejsca Ma\u0142opolskie. [Cz. 2], P\u00f3\u0142noc i zach\u00f3d \/ [Mateusz Por\u0119bski]. &#8211; Warszawa: Wydawnictwo CM, 2017.<\/li>\n<li>Zarz\u0105dzanie dziedzictwem: problemy, obszary, definicje \/ [red. nauk. tomu \u0141ukasz Gawe\u0142, Weronika Pokojska, Agnieszka Pude\u0142ko]. &#8211; Krak\u00f3w: Wydawnictwo Attyka, 2016.<\/li>\n<li>Zarz\u0105dzanie strategiczne w kulturze \/ Lidia Varbanova. &#8211; Warszawa: Narodowe Centrum Kultury, 2015.<\/li>\n<li>Zbawca Europy: o graficznych tezach gloryfikuj\u0105cych Jana III Sobieskiego \/ Magdalena G\u00f3rska; przek\u0142ad i konsultacja inskrypcji \u0142aci\u0144skich Bartosz Radomski. &#8211; Warszawa: Muzeum Pa\u0142acu Kr\u00f3la Jana III w Wilanowie, 2017.<\/li>\n<li>Zbigniew Ma\u0107k\u00f3w \/ Daria Kie\u017cun, Maciej Hawrylak. &#8211; Wroc\u0142aw: Stowarzyszenie Architekt\u00f3w Polskich. Oddzia\u0142, 2016.<\/li>\n<li>Zeitschrift f\u00fcr Kunsttechnologie und Konservierung: mit den Mitteilungen des deutschen Restauratorenverbandes. &#8211; Worms: Wernersche, 1987-.<\/li>\n<li>Zespo\u0142y zabudowy i uk\u0142ad przestrzenny dawnych maj\u0105tk\u00f3w ziemskich na ziemi che\u0142mi\u0144skiej i ich wp\u0142yw na sie\u0107 osadnicz\u0105 na przyk\u0142adzie gminy Papowo Biskupie \/ Paulina Sikorska. &#8211; Toru\u0144: Wydawnictwo Adam Marsza\u0142ek, 2017.<\/li>\n<li>Zeszyty Naukowe Uniwersytetu Jagiello\u0144skiego. Opuscula Musealia \/ [Uniwersytet Jagiello\u0144ski] = Universitatis Iagellonica Acta Scientiarum Litterarumque. Opuscula Musealia \/ [Universitatis Iagellonica; red. Stanis\u0142aw Walto\u015b]. &#8211; Warszawa: Pa\u0144stwowe Wydawnictwo Naukowe; Krak\u00f3w: Uniwersytet Jagiello\u0144ski, 1986-.<\/li>\n<li>Zielona G\u00f3ra: spacer z przesz\u0142o\u015bci\u0105 \/ Krzysztof Garbacz. &#8211; Wyd. 5, poszerz. &#8211; Zielona G\u00f3ra: Agencja Wydawnicza &#8220;PDN&#8221;, 2017.<\/li>\n<li>Zielona G\u00f3ra i okolice w fotografii \/ Krzysztof Garbacz. &#8211; Zielona G\u00f3ra: Agencja Wydawnicza &#8220;PDN&#8221;, 2013.<\/li>\n<li>Ziemia niczyja &#8211; ziemia nieznana: schy\u0142ek staro\u017cytno\u015bci i \u015bredniowiecze na ziemiach mi\u0119dzy Wis\u0142\u0105 a Pilic\u0105 \/ [red. Andrzej Buko, Dariusz G\u0142\u00f3wka, Maciej Trzeciecki]. &#8211; Warszawa: Instytut Archeologii i Etnologii Polskiej Akademii Nauk, 2013.<\/li>\n<li>Z\u0142otnictwo lubelskie ze zbior\u00f3w muzealnych i kolekcji prywatnych: katalog wystawy \/ red. Barbara Czajkowska. &#8211; Lublin: Muzeum Lubelskie, 2017.<\/li>\n<li>Z\u0142otnicy i jubilerzy prowincji Kr\u00f3lestwa Polskiego \/ Ryszard Bobrow. &#8211; Warszawa: Muzeum Narodowe, 2017.<\/li>\n<li>Zsolnay &#8211; w\u0119gierska secesja \/ [autorzy tekst\u00f3w \u0141ukasz Galusek, Orsolya Kov\u00e1cs, \u00c1gnes Pr\u00e9kopa, Jacek Purchla, Natalia \u017bak]. &#8211; Krak\u00f3w: Mi\u0119dzynarodowe Centrum Kultury, 2017.<\/li>\n<li>\u017begluga w Bydgoszczy: rejs w przesz\u0142o\u015b\u0107 \/ [teksty Tomasz Izajasz, Krystyna Cofta-Wysoki\u0144ska, Adam Grajewski; t\u0142. Karolina Izajasz]. &#8211; Bydgoszcz: Muzeum Kana\u0142u Bydgoskiego im. Sebastiana Malinowskiego: Wydawnictwo Pejza\u017c, 2015.<\/li>\n<li>\u017beliwo: odlewnictwo artystyczne w dawnych Gliwicach (1796-1945): wystawa ze zbior\u00f3w Muzeum w Gliwicach \/ Anna Kwiecie\u0144. &#8211; Gliwice: Muzeum w Gliwicach, 2017.<\/li>\n<li>\u017bycie i tw\u00f3rczo\u015b\u0107 malarska brata Adama Swacha (1668-1747) \/ Tomasz Jank. &#8211; Krak\u00f3w: Instytut Studi\u00f3w Franciszka\u0144skich, 2017.<\/li>\n<\/ol>\n<p>[\/et_pb_toggle][et_pb_toggle title=&#8221;2016&#8243; open_toggle_text_color=&#8221;#e52330&#8243; closed_toggle_text_color=&#8221;#000000&#8243; _builder_version=&#8221;4.16&#8243; _module_preset=&#8221;default&#8221; title_font=&#8221;|700|||||||&#8221; closed_title_font=&#8221;|700|||||||&#8221; custom_margin=&#8221;||10px|||&#8221; global_colors_info=&#8221;{}&#8221;]<\/p>\n<p><span style=\"color: #808080;\">liczba nowo\u015bci: 580<\/span><\/p>\n<p><span style=\"color: #808080;\"><\/span><\/p>\n<ol>\n<li>\u201eLivre des merveilles\u201d: burgundzka wizja Orientu p\u00f3\u017anego \u015bredniowiecza w miniaturach manuskryptu fr. 2810 z Biblioth\u00e8que nationale de France \/ Barbara Maria Perucka. &#8211; Warszawa: Polski Instytut Studi\u00f3w nad Sztuk\u0105 \u015awiata; Toru\u0144: Wydawnictwo Tako, 2016.<\/li>\n<li>&#8220;Tygodnik Ilustrowany&#8221;: bibliografia zawarto\u015bci 1890-1899 \/ opracowa\u0142 Grzegorz P. B\u0105biak. &#8211; Warszawa: Wydzia\u0142 Polonistyki Uniwersytetu Warszawskiego, 2015.<\/li>\n<li>30 lat Muzeum Etnograficznego w Tarnowie \/ Danuta Cetera. &#8211; Tarn\u00f3w: Muzeum Okr\u0119gowe, 2014.<\/li>\n<li>ABC dokumentacja organizacyjno-ochronna w muzeach i wybrane przepisy prawa. &#8211; Warszawa: Narodowy Instytut Muzealnictwa i Ochrony Zbior\u00f3w, 2015.<\/li>\n<li>ABC podstawy prowadzenia bada\u0144 proweniencyjnych \/ Anna Lewandowska, Karolina Zalewska, Katarzyna Zieli\u0144ska. &#8211; Warszawa: Narodowy Instytut Muzealnictwa i Ochrony Zbior\u00f3w, 2015.<\/li>\n<li>Acta Archaeologica Waweliana \/ Pa\u0144stwowe Zbiory Sztuki na Wawelu. &#8211; Krak\u00f3w: Wydawnictwo &#8220;Secesja&#8221;, 1993-.<\/li>\n<li>Acta Scansenologica \/ Muzeum Budownictwa Ludowego w Sanoku; red. J. Czajkowski. &#8211; Sanok: [s.n.], 1980-.<\/li>\n<li>Allgemeines K\u00fcnstler-Lexikon: die Bildenden K\u00fcnstler aller Zeiten und V\u00f6lker. Bd. 91, Morris &#8211; Nasedkin \/ Hrsg. von Andreas Beyer, B\u00e9n\u00e9dicte Savoy, Wolf Tegethoff. &#8211; Berlin: de Gruyter, 2016.<\/li>\n<li>Allgemeines K\u00fcnstler-Lexikon: die Bildenden K\u00fcnstler aller Zeiten und V\u00f6lker. Bd. 92, Naselli &#8211; Nordgren \/ Hrsg. von Andreas Beyer, B\u00e9n\u00e9dicte Savoy, Wolf Tegethoff. &#8211; Berlin: de Gruyter, 2016.<\/li>\n<li>Allgemeines K\u00fcnstler-Lexikon: die Bildenden K\u00fcnstler aller Zeiten und V\u00f6lker. Bd. 93, Nordhagen &#8211; Ostrog \/ Hrsg. von Andreas Beyer, B\u00e9n\u00e9dicte Savoy, Wolf Tegethoff. &#8211; Berlin: de Gruyter, 2017.<\/li>\n<li>Allgemeines K\u00fcnstler-Lexikon: die Bildenden K\u00fcnstler aller Zeiten und V\u00f6lker. Bd. 94, Ostrogovi\u0107 &#8211; Pellegrina \/ Hrsg. von Andreas Beyer, B\u00e9n\u00e9dicte Savoy, Wolf Tegethoff. &#8211; Berlin: de Gruyter, 2017.<\/li>\n<li>Almanach Warszawy \/ Muzeum Warszawy; [Aleksandra So\u0142tan-Lipska red. nacz.]. &#8211; Warszawa: Muzeum Warszawy, 2014-.<\/li>\n<li>Andrzej Heidrich malarz polskich banknot\u00f3w \/ Marzena Smolak. &#8211; Wroc\u0142aw: Muzeum Miejskie Wroc\u0142awia, 2016.<\/li>\n<li>Annales Universitatis Mariae Curie-Sk\u0142odowska. Sectio L, Artes \/ Uniwersytet Marii Curie-Sk\u0142odowskiej; [red. nacz. Wies\u0142aw \u015aladkowski; red. sekcji L Maria Przychodzi\u0144ska]. &#8211; Lublin: Wydawnictwo Uniwersytetu Marii Curie-Sk\u0142odowskiej, 2003-.<\/li>\n<li>Archeologia \u015brodowiska zachodnioba\u0142tyjskiego kr\u0119gu kulturowego na pojezierzach \/ Maciej Karczewski. &#8211; Pozna\u0144: Bogucki Wydawnictwo Naukowe; Bia\u0142ystok: Instytut Historii i Nauk Politycznych Uniwersytetu w Bia\u0142ymstoku, 2011.<\/li>\n<li>Archeometria szkie\u0142 zabytkowych \/ El\u017cbieta Greiner-Wronowa. &#8211; Krak\u00f3w: Wydawnictwa AGH, 2015.<\/li>\n<li>Archeotanatologia poch\u00f3wk\u00f3w zbiorowych od pradziej\u00f3w po czasy wsp\u00f3\u0142czesne \/ Anita Szczepanek; Fundacja Rzeszowskiego O\u015brodka Archeologicznego, Instytut Archeologii Uniwersytetu Rzeszowskiego. &#8211; Rzesz\u00f3w: MITEL, 2013.<\/li>\n<li>Architekci sejmowi: Sk\u00f3rewicz, Pniewski, Szczepkowski \/ Waldemar Baraniewski, Marek Czapelski, Katarzyna Chrudzimska-Uhera. &#8211; Warszawa: Biuro Komunikacji Spo\u0142ecznej: Wydawnictwo Sejmowe, 2015.<\/li>\n<li>Architektura a dekonstrukcja: przypadek Petera Eisenmana i Bernarda Tschumiego \/ Cezary W\u0105s. &#8211; Wroc\u0142aw: Instytut Historii Sztuki Uniwersytetu Wroc\u0142awskiego, 2015.<\/li>\n<li>Architektura drewniana: tradycja, dziedzictwo, wsp\u00f3\u0142czesno\u015b\u0107, przysz\u0142o\u015b\u0107 \/ red. Romana Ciel\u0105tkowska, Dorota Jankowska-Wojtowicz. &#8211; Gda\u0144sk: Wydzia\u0142 Architektury Politechniki Gda\u0144skiej, 2014.<\/li>\n<li>Architektura Dzielnicy Uniwersyteckiej w Lublinie \/ Iza Pastuszko. &#8211; Lublin: Wydawnictwo Uniwersytetu Marii Curie-Sk\u0142odowskiej, 2013.<\/li>\n<li>Architektura i urbanistyka Bydgoszczy w dwudziestoleciu mi\u0119dzywojennym \/ Anna Wysocka. &#8211; Lublin: Towarzystwo Naukowe Katolickiego Uniwersytetu Lubelskiego Jana Paw\u0142a II, 2015.<\/li>\n<li>Architektura \u0141odzi akademickiej \/ [red. Stanis\u0142aw Liszewski]. &#8211; \u0141\u00f3d\u017a: \u0141\u00f3dzkie Towarzystwo Naukowe, 2015.<\/li>\n<li>Architektura \u0141odzi akademickiej \/ [red. Stanis\u0142aw Liszewski]. &#8211; \u0141\u00f3d\u017a: \u0141\u00f3dzkie Towarzystwo Naukowe, 2015.<\/li>\n<li>Architektura polskiego socrealizmu w Zach\u0119cie: pierwszy Og\u00f3lnopolski Pokaz Projekt\u00f3w Architektury (1951) i Pierwsza Powszechna Wystawa Architektury Polski Ludowej (1953) \/ Marek Czapelski. &#8211; Warszawa: Zach\u0119ta Narodowa Galeria Sztuki, 2016.<\/li>\n<li>Architektura staroruska w akwarelach Giacoma Quarenghiego \/ Dominik Ziarkowski. &#8211; Warszawa: Polski Instytut Studi\u00f3w nad Sztuk\u0105 \u015awiata; Toru\u0144: Wydawnictwo Tako, 2015.<\/li>\n<li>Architektura VII dnia \/ Izabela Cicho\u0144ska, Karolina Popera, Kuba Snopek. &#8211; Wroc\u0142aw: Biuro Festiwalowe Impart; Warszawa: Fundacja Nowej Kultury B\u0119c Zmiana, 2016.<\/li>\n<li>Architektura Warszawy 1945-1965 na fotografii: obiekty tw\u00f3rc\u00f3w zwi\u0105zanych z Politechnik\u0105 Warszawsk\u0105 \/ [opracowanie: Teresa Gumo\u0142owska, Maria Miller-Jankowska, Ma\u0142gorzata Wornbard; t\u0142umaczenie wst\u0119pu: Aniela Korzeniowska]. &#8211; Warszawa: Biblioteka G\u0142\u00f3wna Politechniki Warszawskiej, 2016.<\/li>\n<li>Archi-traf: opowie\u015bci o architekturze \u015al\u0105ska i Zag\u0142\u0119bia \/ Wojciech Grabowski. &#8211; Katowice: \u015al\u0105sk, 2015.<\/li>\n<li>Archiwa wizualne dziedzictwa kulturowego: archeologia, etnografia, historia sztuki. 1 \/ pod red. Ewy Manikowskiej i Izabeli Kopani. &#8211; Warszawa: Instytut Sztuki Polskiej Akademii Nauk, 2014.<\/li>\n<li>Archiwa wizualne dziedzictwa kulturowego: Towarzystwo Opieki nad Zabytkami Przesz\u0142o\u015bci. 2 \/ pod red. Ewy Manikowskiej i Piotra Jacka Jamskiego. &#8211; Warszawa: Instytut Sztuki Polskiej Akademii Nauk, 2014.<\/li>\n<li>Archiwa, Biblioteki i Muzea Ko\u015bcielne: organ O\u015brodka Archiw\u00f3w, Bibliotek i Muze\u00f3w Ko\u015bcielnych przy Katolickim Uniwersytecie Lubelskim = Archiva, Bibliothecae et Musea Ecclesiastica \/ red. Stanis\u0142aw Librowski. &#8211; Lublin: [s.n.], 1959-.<\/li>\n<li>Argonauci: postminimalizm i sztuka po nowoczesno\u015bci: Eva Hesse &#8211; Felix Gonzalez-Torres &#8211; Roni Horn &#8211; Derek Jarman \/ Wojciech Szyma\u0144ski. &#8211; Krak\u00f3w: Korporacja Ha!art, 2015.<\/li>\n<li>Ars fortificandi: studia i materia\u0142y z dziej\u00f3w architektury obronnej. T. 1 \/ pod red. Paw\u0142a Nastro\u017cnego. &#8211; O\u015bwi\u0119cim: Wydawnictwo Napoleon V, 2016.<\/li>\n<li>Artium Quaestiones \/ Uniwersytet im. Adama Mickiewicza w Poznaniu; red. Konstanty Kalinowski. &#8211; Pozna\u0144: [s. n.], 1979-.<\/li>\n<li>Arty\u015bci znad jezior lombardzkich w nowo\u017cytnej Europie: prace dedykowane pami\u0119ci Profesora Mariusza Karpowicza \/ pod red. Renaty Sulewskiej i Mariusza Smoli\u0144skiego. &#8211; Warszawa: Muzeum Pa\u0142acu Kr\u00f3la Jana III w Wilanowie, 2015.<\/li>\n<li>Ateny nad Izar\u0105: malarstwo monachijskie: studia i szkice \/ pod red. Elizy Ptaszy\u0144skiej. &#8211; Suwa\u0142ki: Muzeum Okr\u0119gowe, 2012.<\/li>\n<li>Atlas historyczny miast polskich. T. 1, Prusy Kr\u00f3lewskie i Warmia. Z. 3, Che\u0142mno \/ red. Antoni Czacharowski; oprac. historyczne Zenon Hubert Nowak; oprac. kartograficzne Zenon Kozie\u0142. &#8211; Toru\u0144: Wydawnictwo Uniwersytetu Miko\u0142aja Kopernika: Towarzystwo Naukowe w Toruniu, 1999.<\/li>\n<li>Autoportret: pismo o dobrej przestrzeni: kwartalnik Ma\u0142opolskiego Instytutu Kultury. &#8211; Krak\u00f3w: Ma\u0142opolski Instytut Kultury, 2002-.<\/li>\n<li>Badingen \/ [Hrsg. Sibylle Badst\u00fcbner-Gr\u00f6ger]. &#8211; Berlin: Freundeskreis Schl\u00f6sser und G\u00e4rten der Mark in der Deutschen Gesellschaft e.V., 2003.<\/li>\n<li>Barok: historia, literatura, sztuka \/ [Instytut Literatury Polskiej Uniwersytetu Warszawskiego; red. nacz. Janusz Pelc]. &#8211; Warszawa: &#8220;Semper&#8221;, 1994-.<\/li>\n<li>Barokowi malarze i rze\u017abiarze w dawnym opactwie Augustian\u00f3w w \u017baganiu \/ Andrzej Kozie\u0142, Artur Kolbiarz, Marek Kwa\u015bny, Ma\u0142gorzata Macura, Adam Szel\u0105g. &#8211; Zielona G\u00f3ra: Wojew\u00f3dzki Urz\u0105d Ochrony Zabytk\u00f3w, 2015.<\/li>\n<li>Bia\u0142obrzegi, stanowisko 18: osada z okresu rzymskiego \/ Bohdan Chmielewski, Dominika Kulikowska, Andrzej Pelisiak; aneksy autorstwa Jaros\u0142awa Bodzka, Ulana Zieli\u0144skiego; Fundacja Rzeszowskiego O\u015brodka Archeologicznego. &#8211; Rzesz\u00f3w: MITEL, 2013.<\/li>\n<li>Biblioteka Juli\u0144ska: dzieje \u0142owiecko-le\u015bnego ksi\u0119gozbioru Potockich z \u0141a\u0144cuta \/ Aldona Cholewianka-Kruszy\u0144ska, Daniel Reniszewski. &#8211; \u0141a\u0144cut: Muzeum-Zamek, 2015.<\/li>\n<li>Bielany: przewodnik historyczny \/ Jaros\u0142aw Zieli\u0144ski. &#8211; Warszawa: Wydawnictwo RM, 2015.<\/li>\n<li>Bieszczad: sprawozdania Towarzystwa Opieki nad Zabytkami O\/Michniowiec. &#8211; Michniowiec: Towarzystwo Opieki nad Zabytkami, 1993-.<\/li>\n<li>Biuletyn Historii Sztuki: [kwartalnik wydawany przez Instytut Sztuki PAN oraz Stowarzyszenie Historyk\u00f3w Sztuki = Bulletin of Art History: a quarterly published by the Institute of Art History of the Polish Academy of Sciences (IS-PAN) in conjunction with the Art Historians&#8217; Society \/ Piotr Paszkiewicz red. nacz.]. &#8211; Warszawa: Instytut Sztuki Polskiej Akademii Nauk: Stowarzyszenie Historyk\u00f3w Sztuki, 1954-.<\/li>\n<li>Biuletyn Konserwatorski Wojew\u00f3dztwa Podlaskiego \/ Wojew\u00f3dzki Oddzia\u0142 S\u0142u\u017cby Ochrony Zabytk\u00f3w w Bia\u0142ymstoku; [Janina Ho\u015bci\u0142owicz, Lucyna Stalo\u0144czyk red. zeszytu]. &#8211; Bia\u0142ystok: Wojew\u00f3dzki Oddzia\u0142 S\u0142u\u017cby Ochrony Zabytk\u00f3w, 1999-.<\/li>\n<li>Blumberg \/ [Hrsg. Sibylle Badst\u00fcbner-Gr\u00f6ger]. &#8211; Berlin: Freundeskreis Schl\u00f6sser und G\u00e4rten der Mark in der Deutschen Gesellschaft e.V., 2009.<\/li>\n<li>Boitzenburg \/ [Hrsg. Sibylle Badst\u00fcbner-Gr\u00f6ger]. &#8211; Berlin: Freundeskreis Schl\u00f6sser und G\u00e4rten der Mark in der Deutschen Gesellschaft e.V., 2006.<\/li>\n<li>Bo\u017ce Cia\u0142o na Lipinach: katalog wystawy \/ Tomasz Liboska. &#8211; Chorz\u00f3w: G\u00f3rno\u015bl\u0105ski Park Etnograficzny, 2009.<\/li>\n<li>Brescia: renesans na p\u00f3\u0142nocy W\u0142och: Moretto, Savoldo, Moroni, Rafael, Tycjan, Lotto \/ [red. merytoryczna Joanna Kilian Michieletti et al.]. &#8211; Warszawa: Muzeum Narodowe, 2016.<\/li>\n<li>Bronis\u0142aw Krystall: testament \/ [red. merytoryczna Katarzyna M\u0105czewska, Krzysztof Za\u0142\u0119ski]. &#8211; Warszawa: Muzeum Narodowe, 2015.<\/li>\n<li>Budowanie na obcej ziemi \/ Ma\u0142gorzata Omilanowska. &#8211; Krak\u00f3w: Towarzystwo Autor\u00f3w i Wydawc\u00f3w Prac Naukowych Universitas, 2016.<\/li>\n<li>Budownictwo szkieletowe w Toruniu: pruski mur &#8211; nielubiane dziedzictwo \/ [red. nauk. Katarzyna Kluczwajd]. &#8211; Toru\u0144: Toru\u0144ski Oddzia\u0142 Stowarzyszenia Historyk\u00f3w Sztuki, 2015.<\/li>\n<li>Budownictwo zamkowe na ziemi che\u0142mi\u0144skiej: (od XIII do XV wieku) \/ Bogusz Wasik. &#8211; Toru\u0144: Wydawnictwo Naukowe Uniwersytetu Miko\u0142aja Kopernika, 2016.<\/li>\n<li>Bu\u0142awy i buzdygany w Polsce od XVI do XVIII wieku \/ Jacek Gutowski. &#8211; Warszawa: Muzeum Pa\u0142acu Kr\u00f3la Jana III w Wilanowie, 2015.<\/li>\n<li>Campanae, quae in confinio sonant: studium z dziej\u00f3w ludwisarstwa na pograniczu \u015bl\u0105sko-brandenbursko-pomorskim w XIII-XVIII wieku \/ Marceli Tureczek. &#8211; Zielona G\u00f3ra: Uniwersytet Zielonog\u00f3rski, 2015.<\/li>\n<li>Cech mosi\u0119\u017cnik\u00f3w warszawskich w czasach O\u015bwiecenia \/ Ryszard M\u0105czy\u0144ski. &#8211; Toru\u0144: Wydawnictwo Naukowe Uniwersytetu Miko\u0142aja Kopernika, 2015.<\/li>\n<li>Centennial Hall in Wroc\u0142aw: conservation management plan \/ red. Jerzy Ilkosz, Hana \u010cervinkova, Grzegorz Grajewski, Jadwiga Urbanik. &#8211; Wroc\u0142aw: Muzeum Architektury, 2016.<\/li>\n<li>Ceremonia\u0142 polskiego dworu kr\u00f3lewskiego w XVII wieku z perspektywy niemieckich uczonych \/ Joanna Kodzik. &#8211; Warszawa: Muzeum Pa\u0142acu Kr\u00f3la Jana III w Wilanowie, 2015.<\/li>\n<li>Cha\u0142upa z Frydka \/ Barbara Grabny, Ewa Zacharyasz. &#8211; Chorz\u00f3w: Muzeum &#8220;G\u00f3rno\u015bl\u0105ski Park Etnograficzny&#8221;, 2015.<\/li>\n<li>Cha\u0142upa z Kromo\u0142owa \/ Piotr Rygus. &#8211; Chorz\u00f3w: Muzeum &#8220;G\u00f3rno\u015bl\u0105ski Park Etnograficzny&#8221;, 2015.<\/li>\n<li>Cha\u0142upa z zagrody \u0142\u0105kowej z Istebnej \/ Piotr Rygus. &#8211; Chorz\u00f3w: Muzeum &#8220;G\u00f3rno\u015bl\u0105ski Park Etnograficzny&#8221;, 2013.<\/li>\n<li>Chamberless tombs in southeastern group of funnel beaker culture \/ Dariusz Kr\u00f3l; Fundacja Rzeszowskiego O\u015brodka Archeologicznego, Instytut Archeologii Uniwersytetu Rzeszowskiego. &#8211; Rzesz\u00f3w: MITEL, 2011.<\/li>\n<li>Chasydzi: katalog wystawy \/ Tomasz Liboska. &#8211; Chorz\u00f3w: G\u00f3rno\u015bl\u0105ski Park Etnograficzny, 2007.<\/li>\n<li>Chorz\u00f3w Stary dawniej i dzi\u015b: katalog wystawy \/ Damian Adamczak, Tomasz Liboska. &#8211; Chorz\u00f3w: G\u00f3rno\u015bl\u0105ski Park Etnograficzny, 2007.<\/li>\n<li>Chrzest na Ostrowie Lednickim \/ Janusz G\u00f3recki. &#8211; Lednica: Muzeum Pierwszych Piast\u00f3w na Lednicy, 2015.<\/li>\n<li>Chrze\u015bcija\u0144ska architektura sakralna Rusi Halickiej i Wo\u0142y\u0144skiej: (do ko\u0144ca panowania Daniela Romanowicza) \/ Dominik Chudzik; Fundacja Rzeszowskiego O\u015brodka Archeologicznego, Instytut Archeologii Uniwersytetu Rzeszowskiego. &#8211; Rzesz\u00f3w: MITEL, 2014.<\/li>\n<li>Cieszacin Wielki, stan. 41, Paw\u0142osi\u00f3w, stan. 55 i Jankowice, stan. 9: kompleks osad z epoki neolitu i wczesnej epoki br\u0105zu \/ Maciej D\u0119biec, Monika D\u0119biec, Andrzej Pelisiak; Fundacja Rzeszowskiego O\u015brodka Archeologicznego. &#8211; Rzesz\u00f3w: MITEL, 2015.<\/li>\n<li>Cmentarz Pow\u0105zkowski w Warszawie: panteon polski \/ Tadeusz Maria Rudkowski. &#8211; Wyd. 2 przejrz. i zm. &#8211; Wroc\u0142aw: Zak\u0142ad Narodowy im. Ossoli\u0144skich &#8211; Wydawnictwo, 2014.<\/li>\n<li>Cmentarze dawnego powiatu zaleszczyckiego: kaplice, grobowce i nagrobki z inskrypcjami zapisanymi w alfabecie \u0142aci\u0144skim (1790-1945) \/ red. nauk. Anna Sylwia Czy\u017c, Bart\u0142omiej Gutowski. &#8211; Warszawa: Uniwersytet Kardyna\u0142a Stefana Wyszy\u0144skiego. Instytut Historii Sztuki: Wydawnictwo Drugie, 2016.<\/li>\n<li>Cmentarze, krypty, p\u0142yty nagrobne i epitafia w Che\u0142mnie XVI-XVIII w. \/ Marek G. Zieli\u0144ski; t\u0142. tekst\u00f3w epitafi\u00f3w Mieczys\u0142aw J\u00f3zefczyk. &#8211; Che\u0142mno: Muzeum Ziemi Che\u0142mi\u0144skiej, 2016.<\/li>\n<li>Cmentarzysko z wczesnej epoki \u017celaza w Kokotowie (stanowisko 19), gm. Wieliczka \/ [red. Jan Chochorowski et. al.]. &#8211; Krak\u00f3w: Krakowski Zesp\u00f3\u0142 do Bada\u0144 Autostrad, 2015.<\/li>\n<li>Collegium Iuridicum \/ Stanis\u0142aw A. Sroka, Marcin Szyma, Andrzej Betlej, Agata Dworzak, Wojciech Ba\u0142us. &#8211; Krak\u00f3w: Ksi\u0119garnia Akademicka, 2015.<\/li>\n<li>Corti rinascimentali extraurbane Un modello di cultura tra Italia e Polonia \/ a cura di Miros\u0142aw Lenart, Magdalena Wrana. &#8211; Padova: Accademia dei Rampanti; Opole: Archiwum Pa\u0144stwowe, 2016.<\/li>\n<li>Cytadela Warszawska w latach 1830-1864: przemiany przestrzenne na \u017boliborzu w \u015bwietle \u017ar\u00f3de\u0142 archiwalnych \/ Iwona \u015aled\u017a. &#8211; Pruszk\u00f3w: Oficyna Wydawnicza &#8220;Ajaks&#8221;, 2016.<\/li>\n<li>Czarn\u00f3wko, stan. 5: cmentarzyska z p\u00f3\u017anej staro\u017cytno\u015bci na Pomorzu. Cz. 1 \/ [pod red. Jacka Andrzejowskiego]; Muzeum w L\u0119borku, Fundacja Monumenta Archaeologica Barbarica. &#8211; L\u0119bork: Muzeum; Warszawa: Fundacja Monumenta Archaeologica Barbarica, 2015.<\/li>\n<li>Czas i miejsce: architektura Politechniki Warszawskiej \/ Anna Agata Wagner. &#8211; Warszawa: Oficyna Wydawnicza Politechniki Warszawskiej, 2015.<\/li>\n<li>Czasopismo Techniczne. A, Architektura. &#8211; Krak\u00f3w: Wydawnictwo Politechniki Krakowskiej, 2007-.<\/li>\n<li>Czterechsetletnie dzieje organ\u00f3w ko\u015bcio\u0142a parafialnego w Janowcu \/ Wiktor Zygmunt \u0141yjak. &#8211; Janowiec: Towarzystwo Przyjaci\u00f3\u0142 Janowca, 2016.<\/li>\n<li>DenkMal: Zeitschrift f\u00fcr Denkmalpflege in Schleswig-Holstein. &#8211; Kiel: Landesamt f\u00fcr Denkmalpflege, Schleswig-Holstein, 1994-.<\/li>\n<li>Denkmalpflege Informationen. &#8211; M\u00fcnchen: Bayerisches Landesamt f\u00fcr Denkmalpflege, 2006-.<\/li>\n<li>Die Gartenkunst. &#8211; Worms am Rhein: Wernersche Verlagsgesellschaft, 1989-.<\/li>\n<li>Dom &#8211; zabytkowa architektura mieszkalna \/ [red. naukowy Aneta Borowik]. &#8211; Katowice: \u015al\u0105ski Wojew\u00f3dzki Konserwator Zabytk\u00f3w: \u015al\u0105skie Centrum Dziedzictwa Kulturowego, 2014.<\/li>\n<li>Droga do nowoczesno\u015bci: osiedla Werkbundu 1927-1932 \/ pod red. Jadwigi Urbanik; autorzy tekst\u00f3w Gra\u017cyna Adamczyk-Arns et al. &#8211; Wroc\u0142aw: Muzeum Architektury, 2016.<\/li>\n<li>Drogi Lubelszczyzny: odkrycia i badania archeologiczne \/ praca zbiorowa pod. red. Ewy Banasiewicz-Szyku\u0142y; Lubelski Wojew\u00f3dzki Konserwator Zabytk\u00f3w w Lublinie. &#8211; Lublin: Wojew\u00f3dzki Urz\u0105d Ochrony Zabytk\u00f3w, 2016.<\/li>\n<li>Dwa oblicza smoka: katalog wystawy. T. 1, Noty \/ [red. Maria Podlodowska-Reklewska]; Zamek Kr\u00f3lewski na Wawelu. Pa\u0144stwowe Zbiory Sztuki. &#8211; Krak\u00f3w: Zamek Kr\u00f3lewski na Wawelu, 2015.<\/li>\n<li>Dwa oblicza smoka: katalog wystawy. T. 2, Eseje \/ [red. Maria Podlodowska-Reklewska, Marcin Starzy\u0144ski]; Zamek Kr\u00f3lewski na Wawelu. Pa\u0144stwowe Zbiory Sztuki. &#8211; Krak\u00f3w: Zamek Kr\u00f3lewski na Wawelu, 2015.<\/li>\n<li>Dwory i dworki oraz ich w\u0142a\u015bciciele w wojew\u00f3dztwie \u015bwi\u0119tokrzyskim. T. 2, (Mi\u0119dzy Wis\u0142\u0105 a Skar\u017cyskiem-Kamienn\u0105, Kielcami i J\u0119drzejowem a zachodni\u0105 granic\u0105 wojew\u00f3dztwa oraz suplement do t. 1 i aneksy do t. 1 i 2) \/ Zbigniew M. Doliwa-Klepacki. &#8211; Ostrowiec \u015awi\u0119tokrzyski: Wy\u017csza Szko\u0142a Biznesu i Przedsi\u0119biorczo\u015bci, 2016.<\/li>\n<li>Dwory i pa\u0142ace Polski p\u00f3\u0142nocno-wschodniej \/ Katarzyna i Jerzy Samusikowie. &#8211; Bia\u0142ystok: Fundacja S\u0105siedzi, 2015.<\/li>\n<li>Dyjecezyja Pozna\u0144ska \/ Wawrzyniec Walkiewicz. &#8211; Cieszyn: Druk. Karol Prochaska, 1860.<\/li>\n<li>Dzieci\u0119ce p\u0142yty nagrobne na \u015al\u0105sku od XVI do XVIII w. \/ Ma\u0142gorzata Stankiewicz. &#8211; Wroc\u0142aw: Oficyna Wydawnicza ATUT &#8211; Wroc\u0142awskie Wydawnictwo O\u015bwiatowe, 2015.<\/li>\n<li>Dziedzictwo kulturowe miasta Kalisza i regionu po\u0142udniowej Wielkopolski. T. 3 \/ red. nauk. Samanta Kowalska. &#8211; Pozna\u0144; Kalisz: Uniwersytet im. Adama Mickiewicza. Wydzia\u0142 Pedagogiczno-Artystyczny, 2013.<\/li>\n<li>Dziedzictwo kulturowe miasta Kalisza i regionu po\u0142udniowej Wielkopolski. T. 4 \/ red. nauk. Samanta Kowalska. &#8211; Pozna\u0144; Kalisz: Uniwersytet im. Adama Mickiewicza. Wydzia\u0142 Pedagogiczno-Artystyczny, 2016.<\/li>\n<li>Dziedzictwo kulturowe na terenie gminy Chmielnik \/ Dariusz Kalina. &#8211; Chmielnik; Sobolewo: Wydawnictwo BUK, 2016.<\/li>\n<li>Dziedzictwo na nowo odkrywane: detal architektoniczny 1850-1939 \/ pod red. Jadwigi Roguskiej. &#8211; Warszawa: Fundacja Hereditas, 2014.<\/li>\n<li>Dziedzictwo obok Mnie: inspiracje do dzia\u0142a\u0144 lokalnych \/ [zesp\u00f3\u0142 red. Aleksandra Chabiera, Anna Kozio\u0142, Bartosz Skaldawski, Noelle Dahl-Poppe, Ingunn Holm, Ole Christian Tollersrud]. &#8211; [Warszawa]: Narodowy Instytut Dziedzictwa, [2016].<\/li>\n<li>Dziedzictwo obok Mnie: poradnik zarz\u0105dzania dziedzictwem w gminach \/ [zesp\u00f3\u0142 red. Aleksandra Chabiera, Anna Kozio\u0142, Bartosz Skaldawski]. &#8211; Warszawa: Narodowy Instytut Dziedzictwa, 2016.<\/li>\n<li>Dzie\u0142a hydrotechniki w Polsce: Kana\u0142 G\u00f3rno\u015bl\u0105ski (Gliwicki) \/ Miron Urbaniak. &#8211; \u0141\u00f3d\u017a: Ksi\u0119\u017cy M\u0142yn Dom Wydawniczy, 2015.<\/li>\n<li>Early Netherlandish, Dutch, Flemish and Belgian paintings 1494-1983 in the Collections of the National Museum in Warsaw and the Palace at Niebor\u00f3w: complete illustrated summary catalogue. Vol. 1, Signed and attributed paintings \/ by Hanna Benesz, Maria Kluk; ed. by Hanna Benesz and Piotr Borusowski. &#8211; Warsaw: The National Museum, 2016.<\/li>\n<li>Early Netherlandish, Dutch, Flemish and Belgian paintings 1494-1983 in the Collections of the National Museum in Warsaw and the Palace at Niebor\u00f3w: complete illustrated summary catalogue. Vol. 2, Anonymous artists: bibliography, appenices, index of names \/ by Hanna Benesz, Maria Kluk; ed. by Hanna Benesz and Piotr Borusowski. &#8211; Warsaw: The National Museum, 2016.<\/li>\n<li>Ekslibris polski: mi\u0119dzy herbem a obrazem \/ Magdalena Czubi\u0144ska, Katarzyna Podniesi\u0144ska. &#8211; Krak\u00f3w: Muzeum Narodowe, 2016.<\/li>\n<li>Ekslibrisy ko\u015bciuszkowskie \/ Krzysztof Lachowicz. &#8211; Wroc\u0142aw: Muzeum Narodowe, 2016.<\/li>\n<li>\u00c9lisabeth Vig\u00e9e Le Brun i Polacy \/ [red. merytoryczna Iwona Danielewicz]. &#8211; Niebor\u00f3w: Muzeum w Nieborowie i Arkadii; Warszawa: Muzeum Warszawy, 2016.<\/li>\n<li>Elizeum: podziemny salon ksi\u0119cia: dla przyjaci\u00f3\u0142 i pi\u0119knych pa\u0144 \/ aut. esej\u00f3w Zofia Zieli\u0144ska, Anna Ole\u0144ska, Aneta Bojanowska, Andrzej Wola\u0144ski, Przemys\u0142aw W\u0105troba; katalog rysunk\u00f3w Przemys\u0142aw W\u0105troba; [red. nauk. Karol Guttmejer]. &#8211; Warszawa: Miasto Sto\u0142eczne Warszawa: Biblioteka Uniwersytecka, 2016.<\/li>\n<li>Emilia: meble, muzeum, modernizm \/ teksty: \u0141ukasz Bireta, B\u0142a\u017cej Brzostek, Aleksandra K\u0119dziorek, Cezary Lisowski, Marcel Andino Velez. &#8211; Krak\u00f3w: Wydawnictwo Karakter; Warszawa: Muzeum Sztuki Nowoczesnej, 2016.<\/li>\n<li>Environment and subsistence &#8211; forty years after Janusz Kruk&#8217;s &#8220;Settlement studies &#8230;&#8221; \/ edited by S\u0142awomir Kadrow, Piotr W\u0142odarczak. &#8211; Rzesz\u00f3w: Institute of Archaeology Rzesz\u00f3w University; Bonn: Dr Rudolf Habelt, 2013.<\/li>\n<li>Epoka br\u0105zu i wczesna epoka \u017celaza na Pomorzu: z najnowszych bada\u0144 i odkry\u0107 \/ pod red. Miros\u0142awa Fudzi\u0144skiego; Muzeum Archeologiczne w Gda\u0144sku, Stowarzyszenie Promocji Zabytk\u00f3w Archeologicznych w Gda\u0144sku. &#8211; Gda\u0144sk: Muzeum Archeologiczne, 2015.<\/li>\n<li>Et in funere perennitas: nowo\u017cytne epitafia drewniane na Pomorzu \u015arodkowym \/ Anna Gut. &#8211; Koszalin: Muzeum w Koszalinie, 2015.<\/li>\n<li>Etnografia Polska \/ Polska Akademia Nauk. Instytut Historii Kultury Materialnej. &#8211; Wroc\u0142aw: Zak\u0142ad Narodowy im. Ossoli\u0144skich, 1958-.<\/li>\n<li>Europa Jagellonica 1386-1572: sztuka, kultura i polityka w Europie \u015arodkowej za panowania Jagiellon\u00f3w: materia\u0142y sesji zorganizowanej przez Zamek Kr\u00f3lewski w Warszawie &#8211; Muzeum i Instytut Historyczny Uniwersytetu Warszawskiego \/ redakcja naukowa Przemys\u0142aw Mrozowski, Pawe\u0142 Tyszka, Piotr W\u0119cowski. &#8211; Warszawa: Arx Regia O\u015brodek Wydawniczy Zamku Kr\u00f3lewskiego, 2015.<\/li>\n<li>Fabrica ecclesiae sandomiriensis: dzieje modernizacji wn\u0119trza kolegiaty sandomierskiej w XVIII wieku w \u015bwietle \u017ar\u00f3de\u0142 archiwalnych \/ Agata Dworzak. &#8211; Krak\u00f3w: Wydawnictwo Attyka, 2016.<\/li>\n<li>Fa\u0142szerstwa dzie\u0142 sztuki: aspekty prawne i kryminalistyczne \/ Dariusz Wilk. &#8211; Warszawa: Wydawnictwo C.H. Beck, 2015.<\/li>\n<li>Fara Gda\u0144skiego Przedmie\u015bcia: przegl\u0105d ikonografii i spojrzenie na architektoniczne dzieje gotyckiego ko\u015bcio\u0142a \u015bw. \u015bw. Piotra i Paw\u0142a w Gda\u0144sku \/ Arkadiusz Staniszewski. &#8211; Gda\u0144sk: Fundacja Karrenwall, 2015.<\/li>\n<li>Ferdinand Lepcke 1866-1909 \/ [aut. tekst\u00f3w Nicky Heise et al.]; Muzeum Okr\u0119gowe im. Leona Wycz\u00f3\u0142kowskiego w Bydgoszczy. &#8211; Bydgoszcz: Muzeum Okr\u0119gowe im. Leona Wycz\u00f3\u0142kowskiego, 2014.<\/li>\n<li>Festum folkloricum: performatywno\u015b\u0107 folkloru w kulturze wsp\u00f3\u0142czesnej: rzecz o mi\u0119dzykulturowych festiwalach folklorystycznych \/ Joanna Dziadowiec. &#8211; Warszawa: Narodowe Centrum Kultury, 2016.<\/li>\n<li>Figury obecno\u015bci i nieobecno\u015bci: wprowadzenie do francuskiej dysputy o \u015bwi\u0119tych obrazach i o roli sztuki w \u017cyciu ko\u015bcio\u0142a w epoce nowo\u017cytnej \/ Piotr Krasny; Instytut Historii Sztuki Uniwersytetu Jagiello\u0144skiego. &#8211; Krak\u00f3w: TAiWPN Universitas, 2016.<\/li>\n<li>Folia Historiae Artium. Seria Nowa \/ Polska Akademia Umiej\u0119tno\u015bci. Komisja Historii Sztuki. &#8211; Krak\u00f3w; Antykwa, 1995-.<\/li>\n<li>Formi\u015bci: tw\u00f3rczo\u015b\u0107 i programy artystyczne \/ Ma\u0142gorzata Geron. &#8211; Toru\u0144: Wydawnictwo Naukowe Uniwersytetu Miko\u0142aja Kopernika, 2015.<\/li>\n<li>Fritz Weidner &#8211; bydgoski architekt z prze\u0142omu XIX i XX wieku \/ Iwona Jastrz\u0119bska-Puzowska. &#8211; Bydgoszcz: Przedsi\u0119biorstwo Marketingowe Logo, 2014.<\/li>\n<li>Fundacje architektoniczne ma\u0142opolskich Leliwit\u00f3w \/ Anna Marciniak-Kajzer; Instytut Archeologii Uniwersytetu \u0141\u00f3dzkiego. &#8211; \u0141\u00f3d\u017a: Inicja\u0142, 2001.<\/li>\n<li>Fundacje artystyczne rodziny Pac\u00f3w: Stefana, Krzysztofa Zygmunta i Miko\u0142aja Stefana: &#8220;Lilium bonae spei ab antiquitate consecratum&#8221; \/ Anna Sylwia Czy\u017c. &#8211; Warszawa: Wydawnictwo Uniwersytetu Kardyna\u0142a Stefana Wyszy\u0144skiego, 2016.<\/li>\n<li>F\u00fcrstenwalde \/ [Hrsg. Sibylle Badst\u00fcbner-Gr\u00f6ger]. &#8211; Berlin: Freundeskreis Schl\u00f6sser und G\u00e4rten der Mark in der Deutschen Gesellschaft e.V., 2001.<\/li>\n<li>Galicja na j\u00f3zefi\u0144skiej mapie topograficznej: 1779-1783. T. 2 Cz. A, Sekcje 31-52 \/ red. tomu Waldemar Bukowski, Bogus\u0142aw Dyba\u015b, Zdzis\u0142aw Noga; Polska Akademia Nauk. Instytut Historii imienia Tadeusza Manteuffla. Stacja Naukowa w Wiedniu, Uniwersytet Pedagogiczny w Krakowie. Instytut Historii. &#8211; Krak\u00f3w: Uniwersytet Pedagogiczny, 2013.<\/li>\n<li>Galicja na j\u00f3zefi\u0144skiej mapie topograficznej: 1779-1783. T. 2 Cz. B, Faksymilia arkuszy 31-52 \/ [red. tomu Waldemar Bukowski, Bogus\u0142aw Dyba\u015b, Zdzis\u0142aw Noga; Polska Akademia Nauk. Instytut Historii imienia Tadeusza Manteuffla. Stacja Naukowa w Wiedniu, Uniwersytet Pedagogiczny w Krakowie. Instytut Historii]. &#8211; [Krak\u00f3w: Uniwersytet Pedagogiczny, 2013].<\/li>\n<li>Galicja na j\u00f3zefi\u0144skiej mapie topograficznej: 1779-1783. T. 3 Cz. A, Sekcje 53-80 \/ red. tomu Waldemar Bukowski, Bogus\u0142aw Dyba\u015b, Zdzis\u0142aw Noga; Polska Akademia Nauk. Instytut Historii imienia Tadeusza Manteuffla. Stacja Naukowa w Wiedniu, Uniwersytet Pedagogiczny w Krakowie. Instytut Historii. &#8211; Krak\u00f3w: Uniwersytet Pedagogiczny, 2015.<\/li>\n<li>Galicja na j\u00f3zefi\u0144skiej mapie topograficznej: 1779-1783. T. 3 Cz. B, Faksymilia arkuszy 53-80 \/ [red. tomu Waldemar Bukowski, Bogus\u0142aw Dyba\u015b, Zdzis\u0142aw Noga; Polska Akademia Nauk. Instytut Historii imienia Tadeusza Manteuffla. Stacja Naukowa w Wiedniu, Uniwersytet Pedagogiczny w Krakowie. Instytut Historii]. &#8211; [Krak\u00f3w: Uniwersytet Pedagogiczny, 2015].<\/li>\n<li>Galicja na j\u00f3zefi\u0144skiej mapie topograficznej: 1779-1783. T. 5 Cz. A, Sekcje 88-93, 102-108, 118-125, 133-142 \/ red. tomu Waldemar Bukowski, Bogus\u0142aw Dyba\u015b, Zdzis\u0142aw Noga; Polska Akademia Nauk. Instytut Historii imienia Tadeusza Manteuffla. Stacja Naukowa w Wiedniu, Uniwersytet Pedagogiczny w Krakowie. Instytut Historii. &#8211; Krak\u00f3w: Uniwersytet Pedagogiczny, 2014.<\/li>\n<li>Galicja na j\u00f3zefi\u0144skiej mapie topograficznej: 1779-1783. T. 5 Cz. B, Faksymilia arkuszy 88-93, 102-108, 118-125, 133-142 \/ [red. tomu Waldemar Bukowski, Bogus\u0142aw Dyba\u015b, Zdzis\u0142aw Noga; Polska Akademia Nauk. Instytut Historii imienia Tadeusza Manteuffla. Stacja Naukowa w Wiedniu, Uniwersytet Pedagogiczny w Krakowie. Instytut Historii]. &#8211; [Krak\u00f3w: Uniwersytet Pedagogiczny, 2014].<\/li>\n<li>Garbarnia z Koniakowa \/ Piotr Rygus. &#8211; Chorz\u00f3w: Muzeum &#8220;G\u00f3rno\u015bl\u0105ski Park Etnograficzny&#8221;, 2014.<\/li>\n<li>Gda\u0144sk na pielgrzymkowych szlakach \u015bredniowiecznej Europy \/ Henryk Paner. &#8211; Gda\u0144sk: Muzeum Archeologiczne, 2016.<\/li>\n<li>Gda\u0144sk w epoce Bartholom\u00e4usa Milwitza \/ pod red. Edmunda Kizika. &#8211; Gda\u0144sk: Muzeum Historyczne Miasta Gda\u0144ska, 2010.<\/li>\n<li>Georges Louis le Rouge &#8211; plan Warszawy 1768 dedykowany Stanis\u0142awowi Augustowi, Kr\u00f3lowi Polskiemu Wielkiemu Ksi\u0119ciu Litewskiemu, przez jego pokornego i uni\u017conego s\u0142ug\u0119 Le Rouge&#8217;a: ze zbior\u00f3w kartograficznych Muzeum Warszawy \/ Katarzyna Wagner, Pawe\u0142 E. Weszpi\u0144ski. &#8211; Warszawa: Muzeum Warszawy, 2014.<\/li>\n<li>Geschichte der Gartentheorie \/ Clemens Alexander Wimmer. &#8211; Darmstadt: Wissenschaftliche Buchgesellschaft, 1989.<\/li>\n<li>Gotyckie z\u0142otnictwo w Polsce. 1, Katalog zabytk\u00f3w \/ Gra\u017cyna Regulska; Instytut Sztuki Polskiej Akademii Nauk. &#8211; Warszawa: Instytut Sztuki Polskiej Akademii Nauk, 2015.<\/li>\n<li>Gotyckie z\u0142otnictwo w Polsce. 2, Album ilustracji \/ Gra\u017cyna Regulska; Instytut Sztuki Polskiej Akademii Nauk. &#8211; Warszawa: Instytut Sztuki Polskiej Akademii Nauk, 2015.<\/li>\n<li>G\u00f3rno\u015bl\u0105skie gospodarstwo rolne w XIX i XX wieku: katalog wystawy \/ [aut. wystawy Tomasz Liboska; G\u00f3rno\u015bl\u0105ski Park Etnograficzny; Muzeum G\u00f3rno\u015bl\u0105skie w Bytomiu]. &#8211; Chorz\u00f3w: G\u00f3rno\u015bl\u0105ski Park Etnograficzny, 2005.<\/li>\n<li>Grabie\u017c o\u0142tarza Wita Stwosza \/ Stanis\u0142aw Walto\u015b. &#8211; Warszawa: Wolters Kluwer, 2015.<\/li>\n<li>Gr\u00f3d piastowski w Gieczu: geneza, funkcja, kontekst \/ red. naukowa Micha\u0142 Kara, Teresa Krysztofiak, Andrzej M. Wyrwa; Instytut Archeologii i Etnologii Polskiej Akademii Nauk, O\u015brodek Studi\u00f3w Pradziejowych i \u015aredniowiecznych w Poznaniu, Pozna\u0144skie Towarzystwo Przyjaci\u00f3\u0142 Nauk. &#8211; Pozna\u0144: Pozna\u0144skie Towarzystwo Przyjaci\u00f3\u0142 Nauk, 2016.<\/li>\n<li>Grube \/ [Hrsg. Sibylle Badst\u00fcbner-Gr\u00f6ger]. &#8211; Berlin: Freundeskreis Schl\u00f6sser und G\u00e4rten der Mark in der Deutschen Gesellschaft e.V., 2014.<\/li>\n<li>Hala Stulecia we Wroc\u0142awiu: konserwatorski plan zarz\u0105dzania \/ red. Jerzy Ilkosz, Hana \u010cervinkova, Grzegorz Grajewski, Jadwiga Urbanik. &#8211; Wroc\u0142aw: Muzeum Architektury, 2016.<\/li>\n<li>Halowe ko\u015bcio\u0142y z XIII wieku na \u015al\u0105sku \/ Hanna Kozaczewska-Golasz. &#8211; Wroc\u0142aw: Oficyna Wydawnicza Politechniki Wroc\u0142awskiej, 2015.<\/li>\n<li>Heinersdorf \/ [Hrsg. Sibylle Badst\u00fcbner-Gr\u00f6ger]. &#8211; Berlin: Freundeskreis Schl\u00f6sser und G\u00e4rten der Mark in der Deutschen Gesellschaft e.V., 1999.<\/li>\n<li>Heritage of My Environment: inspiration for local action \/ [red. Aleksandra Chabiera, Noelle Dahl-Poppe, Ingunn Holm, Anna Kozio\u0142, Bartosz Skaldawski, Ole Christian Tollersrud]. &#8211; [Warszawa]: Narodowy Instytut Dziedzictwa, [2016].<\/li>\n<li>Herito: dziedzictwo, kultura, wsp\u00f3\u0142czesno\u015b\u0107 \/ heritage, culture &amp; the present \/ Mi\u0119dzynarodowe Centrum Kultury; red. nacz. Jacek Purchla. &#8211; Krak\u00f3w: Mi\u0119dzynarodowe Centrum Kultury, 2010-.<\/li>\n<li>Hic mortui vivunt: z bada\u0144 nad archeologi\u0105 funeraln\u0105 \/ pod red. Sylwestra Czopka; Fundacja Rzeszowskiego O\u015brodka Archeologicznego, Instytut Archeologii Uniwersytetu Rzeszowskiego. &#8211; Rzesz\u00f3w: MITEL, 2012.<\/li>\n<li>Historia architektury: [formy i style od staro\u017cytno\u015bci do wsp\u00f3\u0142czesno\u015bci] \/ Ernesto D&#8217;Alfonso, Danilo Samss. &#8211; Warszawa: Arkady, 1997.<\/li>\n<li>Historia dzia\u0142dowskiego zamku: okres budowy i rozkwitu \/ Franciszek Skibicki. &#8211; Dzia\u0142dowo: Towarzystwo Mi\u0142o\u015bnik\u00f3w Ziemi Dzia\u0142dowskiej, 2011.<\/li>\n<li>Historia dzia\u0142dowskiego zamku: okres upadku \/ Franciszek Skibicki. &#8211; Dzia\u0142dowo: Towarzystwo Mi\u0142o\u015bnik\u00f3w Ziemi Dzia\u0142dowskiej, 2012.<\/li>\n<li>Historia kamienicy Cybulskich w Poznaniu \/ Joanna Lubierska. &#8211; Michowo; Pozna\u0144; Gniezno: Wielkopolskie Towarzystwo Genealogiczne &#8220;Gniazdo&#8221;, 2013.<\/li>\n<li>Historia sztuki w dobie globalizacji: materia\u0142y IV \u015arodkowoeuropejskiego Forum Doktorant\u00f3w Historii Sztuki, Wroc\u0142aw 5-8 listopada 2009 \/ pod red. Anny Jezierskiej, Aleksandry Szewczyk, Anny \u015aliwowskiej. &#8211; Wroc\u0142aw: Oficyna Wydawnicza ATUT &#8211; Wroc\u0142awskie Wydawnictwo O\u015bwiatowe: Uniwersytet Wroc\u0142awski, 2013.<\/li>\n<li>Historia w muzeum \/ [red. nauk. Micha\u0142 F. Wo\u017aniak et al.]; Muzeum Okr\u0119gowe im. Leona Wycz\u00f3\u0142kowskiego w Bydgoszczy, Narodowy Instytut Muzealnictwa i Ochrony Zbior\u00f3w. &#8211; Bydgoszcz: Muzeum Okr\u0119gowe im. Leona Wycz\u00f3\u0142kowskiego; Warszawa: Narodowy Instytut Muzealnictwa i Ochrony Zbior\u00f3w, 2013.<\/li>\n<li>Historia, kultura i sztuka dominikan\u00f3w na \u015al\u0105sku 1226-2013: w trzechsetlecie beatyfikacji b\u0142. Czes\u0142awa \/ pod red. Dariusza Galewskiego, Wojciecha Kucharskiego, Marka L. W\u00f3jcika. &#8211; Wroc\u0142aw: Oficyna Wydawnicza ATUT &#8211; Wroc\u0142awskie Wydawnictwo O\u015bwiatowe, 2015.<\/li>\n<li>Historyczne kamienice w Toruniu: gotyk \/ Zbigniew Nawrocki. &#8211; Toru\u0144: Firma Fotograficzno-Wydawnicza Photo Studio WM, 2016.<\/li>\n<li>Hodegetrie Krakowskie 1400-1450. [1] \/ praca zbiorowa pod redakcj\u0105 Ma\u0142gorzaty Schuster-Gaw\u0142owskiej, Marty Lempart-Geratowskiej. &#8211; Krak\u00f3w: Wydawnictwo Akademii Sztuk Pi\u0119knych im. Jana Matejki, 2015.<\/li>\n<li>Hohenlandin \/ [Hrsg. Sibylle Badst\u00fcbner-Gr\u00f6ger]. &#8211; Berlin: Freundeskreis Schl\u00f6sser und G\u00e4rten der Mark in der Deutschen Gesellschaft e.V., 2007.<\/li>\n<li>Holendersko-japo\u0144skie zwi\u0105zki kulturowe i inspiracje Japoni\u0105 w sztuce holenderskiej XVII stulecia \/ Maciej Tybus. &#8211; Warszawa: Polski Instytut Studi\u00f3w nad Sztuk\u0105 \u015awiata; Toru\u0144: Wydawnictwo Tako, 2016.<\/li>\n<li>Ignacy Karol hrabia Korwin-Milewski posta\u0107 niezwyk\u0142a: w 170 rocznic\u0119 urodzin i 90 rocznic\u0119 \u015bmierci Ignacego Korwin-Milewskiego &#8211; \u015bwi\u0119ta Katarzyna 2016 \/ [Maciej Szyma\u0144ski et al.]. &#8211; Warszawa: Ambasada RP w Zagrzebiu i MKiDN, 2016.<\/li>\n<li>Imponderabilia ochrony dziedzictwa kulturowego \/ red. Samanta Kowalska. &#8211; Pozna\u0144; Kalisz: Uniwersytet im. Adama Mickiewicza. Wydzia\u0142 Pedagogiczno-Artystyczny, 2015.<\/li>\n<li>Imputacja kulturowa w polskiej historiografii sztuki 1795-1863 na przyk\u0142adzie wypowiedzi o nagrobkach \/ Lidia Kwiatkowska-Frejlich. &#8211; Lublin: Wydawnictwo Uniwersytetu Marii Curie-Sk\u0142odowskiej, 2014.<\/li>\n<li>In laudes Ioannis Sobiescii: r\u0119kopi\u015bmienny zbi\u00f3r emblemat\u00f3w z rysunkami Johanna Jakoba Rollosa \/ przek\u0142. Barbara Milewska-Wa\u017abi\u0144ska; wst\u0119p i oprac. Magdalena G\u00f3rska i Barbara Milewska-Wa\u017abi\u0144ska. &#8211; Warszawa: Muzeum Pa\u0142acu Kr\u00f3la Jana III w Wilanowie, 2016.<\/li>\n<li>Informatica museologica \/ Muzejski dokumentacioni centar. &#8211; Zagreb: Muzejski dokumentacioni centar, 1973-.<\/li>\n<li>Initium sapientiae humilitas: studia ofiarowane profesorowi Jakubowi Pokorze z okazji 70. urodzin \/ [red. nauk. Magdalena M. Olszewska, Agnieszka Skrodzka; wsp\u00f3\u0142pr. Anna Sylwia Czy\u017c]. &#8211; Warszawa: Uniwersytet Kardyna\u0142a Stefana Wyszy\u0144skiego. Instytut Historii Sztuki, 2015.<\/li>\n<li>Integracja sztuki i techniki w architekturze i urbanistyce. T. 3 \/ [red. nauk. Grzegorz Rzepecki]; Uniwersytet Technologiczno-Przyrodniczy im. Jana i J\u0119drzeja \u015aniadeckich w Bydgoszczy. Wydzia\u0142 Budownictwa, Architektury i In\u017cynierii \u015arodowiska. Katedra Urbanistyki i Planowania Przestrzennego. &#8211; Bydgoszcz: Wydawnictwo Uczelniane Uniwersytetu Technologiczno-Przyrodniczego, 2015.<\/li>\n<li>Inwentarze i lustracje klucza s\u0142awkowskiego z XVII i XVIII wieku \/ do druku przygotowali i wst\u0119pem opatrzyli S\u0142awomir Witkowski i Jaros\u0142aw Krajniewski. &#8211; D\u0105browa G\u00f3rnicza: Muzeum Miejskie &#8220;Sztygarka&#8221;, 2013.<\/li>\n<li>Jagiellonowie i ich \u015bwiat: dynastia kr\u00f3lewska w drugiej po\u0142owie XV i w XVI wieku \/ pod red. Bo\u017ceny Czwojdrak, Jerzego Sperki i Piotra W\u0119cowskiego. &#8211; Krak\u00f3w: Wydawnictwo Towarzystwa Naukowego &#8220;Societas Vistulana&#8221;, 2015.<\/li>\n<li>Jak to by\u0142o mo\u017cliwe?: o powstawaniu mi\u0119dzynarodowego biennale plakatu w Warszawie \/ Katarzyna Matul. &#8211; Krak\u00f3w: Towarzystwo Autor\u00f3w i Wydawc\u00f3w Prac Naukowych Universitas, 2015.<\/li>\n<li>Jan Matejko wszystkim znany \/ Maria Szypowska. &#8211; Wyd. 7. &#8211; Pozna\u0144: Zysk i S-ka Wydawnictwo, 2016.<\/li>\n<li>Jana Henryka M\u00fcntza podr\u00f3\u017ce malownicze po Polsce i Ukrainie (1781-1783): album ze zbior\u00f3w Gabinetu Rycin BUW \/ oprac. El\u017cbieta Budzi\u0144ska. &#8211; Warszawa: Wydawnictwo Uniwersytetu Wroc\u0142awskiego, 1982.<\/li>\n<li>Japonia w kulturze i sztuce polskiej ko\u0144ca XIX i pocz\u0105tk\u00f3w XX wieku \/ Agnieszka Kluczewska-W\u00f3jcik. &#8211; Warszawa: Polski Instytut Studi\u00f3w nad Sztuk\u0105 \u015awiata; Toru\u0144: Wydawnictwo Tako, 2016.<\/li>\n<li>Jerzy Nowosielski w Lublinie \/ Krystyna Czerni. &#8211; Warszawa: Uniwersytet Warszawski; Lublin: Collegium Artium; Krak\u00f3w: Uniwersytet Jagiello\u0144ski, 2015.<\/li>\n<li>Johann Joachim Winckelmann i Stanis\u0142aw Kostka Potocki: mistrzowie i uczniowie. T. 1, Nowe badania i dokumenty \/ ed. przez Pawe\u0142 Jaskanis i Max Kunze. &#8211; Mainz; Ruhpolding: Verlag Franz Philipp Rutzen; Warszawa: Muzeum Pa\u0142acu Kr\u00f3la Jana III w Wilanowie, 2016.<\/li>\n<li>Journal of cultural heritage management and sustainable development. &#8211; Bingley: Emerald Group Publishing, 2011-.<\/li>\n<li>Journal of cultural heritage. &#8211; Paris: Elsevier, 1999-.<\/li>\n<li>Jubileusz Jana Potockiego \/ [autorzy tekst\u00f3w Aldona Cholewianka-Kruszy\u0144ska, Marek Potocki, Daniel Reniszewski, Wit Karol Wojtowicz]. &#8211; \u0141a\u0144cut: Muzeum-Zamek, 2015.<\/li>\n<li>Juliusz Nag\u00f3rski 1887-1944: monografia architekta \/ Marek Tomiczek. &#8211; Warszawa: Lokomobila, 2015.<\/li>\n<li>Kafle i piece kaflowe w Toruniu (XVI-XX wiek) \/ Beata Bielec-Maciejewska. &#8211; Toru\u0144: Wydawnictwo Adam Marsza\u0142ek, 2015.<\/li>\n<li>Kameduli w Warszawie: 1641-2016: 375 lat fundacji eremu na Bielanach \/ [red. nauk. Karol Guttmejer, Anna Sylwia Czy\u017c]. &#8211; Warszawa: Miasto Sto\u0142eczne Warszawa, 2016.<\/li>\n<li>Kamienice czynszowe Warszawy 1864-1914 \/ Aleksander \u0141upienko. &#8211; Warszawa: Instytut Historii PAN, 2015.<\/li>\n<li>Kaplica \u015bw. Anny na Zamku Wysokim w Malborku: dzieje, wystr\u00f3j, konserwacja \/ pod red. Janusza Hochleitnera i Mariusza Mierzwi\u0144skiego; Muzeum Zamkowe w Malborku. &#8211; Malbork: Muzeum Zamkowe, 2016.<\/li>\n<li>Kaplica Zygmunt\u00f3w na Wawelu i ko\u015bci\u00f3\u0142 Magdalenek w Nowogrod\u017acu: od pocz\u0105tku renesansu do schy\u0142ku baroku w architekturze ziem polskich. T. 1 \/ Micha\u0142 Proksa, Monika Zub. &#8211; Rzesz\u00f3w: Oficyna Wydawnicza Politechniki Rzeszowskiej, 2015.<\/li>\n<li>Kaplica Zygmunt\u00f3w na Wawelu i ko\u015bci\u00f3\u0142 Magdalenek w Nowogrod\u017acu: od pocz\u0105tku renesansu do schy\u0142ku baroku w architekturze ziem polskich. T. 2 \/ Micha\u0142 Proksa, Monika Zub. &#8211; Rzesz\u00f3w: Oficyna Wydawnicza Politechniki Rzeszowskiej, 2015.<\/li>\n<li>Karczma ze \u015awierczy\u0144ca \/ Barbara Grabny, Agnieszka Przyby\u0142a-Dumin, Ewa Zacharyasz. &#8211; Chorz\u00f3w: Muzeum &#8220;G\u00f3rno\u015bl\u0105ski Park Etnograficzny&#8221;, 2014.<\/li>\n<li>Karta Wenecka 1964-2014 \/ pod red. Weroniki Bukowskiej, Janusza Krawczyka; Zak\u0142ad Konserwatorstwa. Instytut Zabytkoznawstwa i Konserwatorstwa. Uniwersytet Miko\u0142aja Kopernika w Toruniu. &#8211; Toru\u0144: Wydzia\u0142 Sztuk Pi\u0119knych Uniwersytetu Miko\u0142aja Kopernika, 2015.<\/li>\n<li>Katalog organ\u00f3w diecezji opolskiej. Cz. 1 \/ Grzegorz Po\u017aniak. &#8211; Opole: Redakcja Wydawnictw Wydzia\u0142u Teologicznego Uniwersytetu Opolskiego, 2014.<\/li>\n<li>Katalog organ\u00f3w diecezji opolskiej. Cz. 2 \/ Grzegorz Po\u017aniak. &#8211; Opole: Redakcja Wydawnictw Wydzia\u0142u Teologicznego Uniwersytetu Opolskiego, 2015.<\/li>\n<li>Katalog plakiet, medalion\u00f3w i medali polskich i z Polsk\u0105 zwi\u0105zanych w Lwowskiej Narodowej Galerii Sztuki. T. 1 \/ Igor Chomyn; [ Ministerstwo Kultury i Dziedzictwa Narodowego. Departament Dziedzictwa Kulturowego, Stowarzyszenie Wsp\u00f3lnota Polska]. &#8211; Warszawa: Stowarzyszenie Wsp\u00f3lnota Polska, 2015.<\/li>\n<li>Katalog plakiet, medalion\u00f3w i medali polskich i z Polsk\u0105 zwi\u0105zanych w Lwowskiej Narodowej Galerii Sztuki. T. 2 \/ Igor Chomyn; [ Ministerstwo Kultury i Dziedzictwa Narodowego. Departament Dziedzictwa Kulturowego, Stowarzyszenie Wsp\u00f3lnota Polska]. &#8211; Warszawa: Stowarzyszenie Wsp\u00f3lnota Polska, 2015.<\/li>\n<li>Katalog plan\u00f3w, pomiar\u00f3w i rysunk\u00f3w architektonicznych w zbiorach Instytutu Sztuki PAN. T. 7, Miejscowo\u015bci O-P \/ Piotr Lasek, Piotr Sypczuk; pod red. Wandy Mossakowskiej. &#8211; Warszawa: Instytut Sztuki Polskiej Akademii Nauk, 2016.<\/li>\n<li>Katalog zabytk\u00f3w sztuki w Polsce. T. 4, Miasto Krak\u00f3w. Cz. 12, \u015ar\u00f3dmie\u015bcie: ulica \u015awi\u0119tego Jana \/ oprac. aut. Pawe\u0142 Dettloff. &#8211; Warszawa: Instytut Sztuki Polskiej Akademii Nauk, 2015.<\/li>\n<li>Katalog zbior\u00f3w sztuki wsp\u00f3\u0142czesnej Muzeum Zamoyskich w Koz\u0142\u00f3wce. T. 1, Malarstwo, rysunek, grafika \/ S\u0142awomir Grzechnik. &#8211; Koz\u0142\u00f3wka: Muzeum Zamoyskich, 2016.<\/li>\n<li>Katedra Kijowska \/ Kassyjan Korczy\u0144ski. &#8211; Cieszyn: Druk. Karol Prochaska, 1861.<\/li>\n<li>Katedra wroc\u0142awska na przestrzeni tysi\u0105clecia: studia z historii architektury i sztuki \/ red. nauk. Romuald Kaczmarek, Dariusz Galewski. &#8211; Wroc\u0142aw: Instytut Historii Sztuki Uniwersytetu Wroc\u0142awskiego: Stowarzyszenie Historyk\u00f3w Sztuki. Oddzia\u0142 Wroc\u0142awski, 2016.<\/li>\n<li>Klessen \/ [Hrsg. Sibylle Badst\u00fcbner-Gr\u00f6ger]. &#8211; Berlin: Freundeskreis Schl\u00f6sser und G\u00e4rten der Mark in der Deutschen Gesellschaft e.V., 2009.<\/li>\n<li>Kody pami\u0119ci: ikonografia \u015al\u0105ska w grafice i rysunku od XVIII do pocz\u0105tku XX w. \/ Ewa Halawa. &#8211; Wroc\u0142aw: fot. barw. i cz.-b., ryc., rys., mapa; 29 cm.<\/li>\n<li>Kolegiata pod wezwaniem \u015bw. Miko\u0142aja w Ko\u0144skich: przemiany strukturalne bry\u0142y i wn\u0119trza na przestrzeni wiek\u00f3w \/ Daria Rutkowska. &#8211; Ko\u0144skie: Wydawnictwo Arslibris. Biblioteka Publiczna Miasta i Gminy Ko\u0144skie, 2014.<\/li>\n<li>Kolekcja &#8220;Ex-libris\u00f3w&#8221; Antoniego Ryszarda w Krakowie \/ Halina Marcinkowska, Katarzyna Podniesi\u0144ska, Przemys\u0142aw M. \u017bukowski; pod red. Diany B\u0142o\u0144skiej. &#8211; Krak\u00f3w: Ksi\u0119garnia Akademicka, 2015.<\/li>\n<li>Kolekcja sztuki polskiej II po\u0142owy XX i XXI wieku \/ Barbara Ilkosz. &#8211; Wroc\u0142aw: Muzeum Narodowe, 2016.<\/li>\n<li>Kolekcja sztuki polskiej II po\u0142owy XX i XXI wieku: Pawilon Czterech Kopu\u0142: przewodnik \/ [aut. tekst\u00f3w Anna Chmielarz, Iwona Go\u0142aj; red. merytoryczna Barbara Bana\u015b]. &#8211; Wroc\u0142aw: Muzeum Narodowe, 2016.<\/li>\n<li>Kolekcje i zbiory muzealne: problematyka prawna \/ redakcja Piotr Stec, Piotr Pawe\u0142 Maniurka. &#8211; Opole: Redakcja Wydawnictw Wydzia\u0142u Teologicznego Uniwersytetu Opolskiego, 2015.<\/li>\n<li>Kolekcje ziemi obiecanej: zbiory artystyczne \u0142\u00f3dzkiej bur\u017cuazji wielkoprzemys\u0142owej w latach 1880-1939 \/ Dariusz Kacprzak. &#8211; Warszawa: Narodowy Instytut Muzealnictwa i Ochrony Zbior\u00f3w, 2015.<\/li>\n<li>Kolekcjonerstwo polskie XX i XXI wieku: szkice \/ pod red. Tomasza F. de Rosseta, Agnieszki Kluczewskiej-W\u00f3jcik, Aldony To\u0142ysz. &#8211; Warszawa: Narodowy Instytut Muzealnictwa i Ochrony Zbior\u00f3w, 2015.<\/li>\n<li>Kolor i blask: ceramika architektoniczna oraz mozaiki w Krakowie i Ma\u0142opolsce po 1945 roku \/ Bo\u017cena Kostuch. &#8211; Krak\u00f3w: Muzeum Narodowe, 2015.<\/li>\n<li>Kompleks gmachu: architektura w\u0142adzy \/ Deyan Sudjic; prze\u0142. Agnieszka Rasmus-Zgorzelska. &#8211; Warszawa: Fundacja Centrum Architektury, 2015.<\/li>\n<li>Konserwacja i ochrona zabytk\u00f3w architektury \/ Marek Goszty\u0142a, Peter P\u00e1sztor. &#8211; Wyd. 2 rozsz. &#8211; Rzesz\u00f3w: Oficyna Wydawnicza Politechniki Rzeszowskiej, 2013.<\/li>\n<li>Konserwacja i restauracja XIV-wiecznego zamku w Lidzbarku Warmi\u0144skim: per\u0142y architektury gotyckiej w Polsce \/ [red. wydawnicza Jolanta Weihs]. &#8211; Olsztyn: Muzeum Warmii i Mazur, 2016.<\/li>\n<li>Konserwacja zabytk\u00f3w architektury: teoria i praktyka dzia\u0142a\u0144 konserwatorskich na przyk\u0142adzie reprezentatywnych ko\u015bcio\u0142\u00f3w Rzeszowa \/ Marek Goszty\u0142a, Beata Jagie\u0142a. &#8211; Rzesz\u00f3w: Oficyna Wydawnicza Politechniki Rzeszowskiej, 2015.<\/li>\n<li>Konserwatorskie zwierzenia: rozmowy z Lucjanem Czubielem konserwatorem zabytk\u00f3w w Olsztynie 1956-1993: wywiad-rzeka, materia\u0142y \u017ar\u00f3d\u0142owe \/ Izabela Lewandowska. &#8211; Olsztyn: Wydawnictwo Uniwersytetu Warmi\u0144sko-Mazurskiego, 2015.<\/li>\n<li>Konteksty: polska sztuka ludowa: antropologia kultury, etnografia, sztuka \/ Polska Akademia Nauk. Instytut Sztuki. &#8211; Warszawa: Instytut Sztuki PAN, 1990-.<\/li>\n<li>Kontusz i frak: o symbolice stroju w XVIII-wiecznej literaturze polskiej \/ Agata Ro\u0107ko. &#8211; Warszawa: Muzeum Pa\u0142acu Kr\u00f3la Jana III w Wilanowie, 2015.<\/li>\n<li>Kopyd\u0142owo, Stanowisko 6: osady neolityczne z pogranicza Kujaw i Wielkopolski \/ redakcja Arkadiusz Marciniak, Iwona Sobkowiak-Tabaka, Marta Bartkowiak, Miko\u0142aj Lisowski; Uniwersytet im. Adama Mickiewicza w Poznaniu, Wydawnictwo i Pracownia Archeologiczna PROFIL-ARCHEO. &#8211; Pozna\u0144: Uniwersytet im. Adama Mickiewicza; P\u0119kowice: Wydawnictwo i Pracownia Archeologiczna PROFIL-ARCHEO, 2015.<\/li>\n<li>Korpus witra\u017cy z lat 1800-1945 w ko\u015bcio\u0142ach rzymskokatolickich metropolii krakowskiej i przemyskiej. T. 2, Archidiecezja Krakowska: dekanaty pozakrakowskie \/ Tomasz Szybisty przy wsp\u00f3\u0142pracy Danuty Czapczy\u0144skiej-Kleszczy\u0144skiej. &#8211; Krak\u00f3w: Imedius Agencja Reklamowa, 2015.<\/li>\n<li>Korpus witra\u017cy z lat 1800-1945 w ko\u015bcio\u0142ach rzymskokatolickich metropolii krakowskiej i przemyskiej. T. 3, Diecezja bielsko-\u017cywiecka \/ Irena Kontny, Tomasz Szybisty. &#8211; Krak\u00f3w: Imedius Agencja Reklamowa, 2015.<\/li>\n<li>Kosewo: archiwalne cmentarzysko z okresu w\u0119dr\u00f3wek lud\u00f3w Kossewen III: badania w roku 2014 \/ pod red. Agnieszki Jaremek. &#8211; Warszawa: Fundacja Dajna im. Jerzego Okulicza-Kozaryna, 2015.<\/li>\n<li>Kossakowie: co za sukces, co za popularno\u015b\u0107, grad zaszczyt\u00f3w, honor\u00f3w \/ Stefania Krzysztofowicz-Kozakowska. &#8211; Stalowa Wola: Muzeum Regionalne, 2015.<\/li>\n<li>Kossenblatt \/ [Hrsg. Sibylle Badst\u00fcbner-Gr\u00f6ger]. &#8211; Berlin: Freundeskreis Schl\u00f6sser und G\u00e4rten der Mark in der Deutschen Gesellschaft e.V., 2009.<\/li>\n<li>Ko\u015bcio\u0142y Archidiecezji Szczeci\u0144sko-Kamie\u0144skiej: nasze dziedzictwo. T. 1 \/ [tekst Alicja Lubowicka et al.]. &#8211; Bydgoszcz: Ikona, [2014].<\/li>\n<li>Ko\u015bcio\u0142y Archidiecezji Szczeci\u0144sko-Kamie\u0144skiej: nasze dziedzictwo. T. 3 \/ [tekst Alicja Lubowicka, Maja M\u00f3wi\u0144ska]. &#8211; Bydgoszcz: Ikona, [2013].<\/li>\n<li>Ko\u015bcio\u0142y Archidiecezji Szczeci\u0144sko-Kamie\u0144skiej: nasze dziedzictwo. T. 4 \/ [tekst Alicja Lubowicka, Maja M\u00f3wi\u0144ska]. &#8211; Bydgoszcz: Ikona, [2015].<\/li>\n<li>Ko\u015bcio\u0142y Archidiecezji Wroc\u0142awskiej: nasze dziedzictwo. T. 4 \/ [aut. Ma\u0142gorzata Krzy\u017canowska-Witkowska, \u0141ukasz Wyszomirski; tekst Maja M\u00f3wi\u0144ska]. &#8211; Bydgoszcz: Ikona, [2015].<\/li>\n<li>Ko\u015bcio\u0142y Archidiecezji Wroc\u0142awskiej: nasze dziedzictwo. T. 5 \/ [aut. Ma\u0142gorzata Krzy\u017canowska-Witkowska, \u0141ukasz Wyszomirski; tekst Maja M\u00f3wi\u0144ska]. &#8211; Bydgoszcz: Ikona, [2015].<\/li>\n<li>Ko\u015bcio\u0142y centralne na terenie Czech i Moraw (IX-XIII w.) \/ Judyta Nawrot; Fundacja Rzeszowskiego O\u015brodka Archeologicznego, Instytut Archeologii Uniwersytetu Rzeszowskiego. &#8211; Rzesz\u00f3w: MITEL, 2013.<\/li>\n<li>Ko\u015bcio\u0142y Diecezji Kaliskiej: nasze dziedzictwo. T. 1 \/ [teksty Alicja Lubowicka, Maja M\u00f3wi\u0144ska]. &#8211; Bydgoszcz: Ikona, [2013].<\/li>\n<li>Ko\u015bcio\u0142y Diecezji Kaliskiej: nasze dziedzictwo. T. 2 \/ [teksty Alicja Lubowicka, Maja M\u00f3wi\u0144ska]. &#8211; Bydgoszcz: Ikona, [2014].<\/li>\n<li>Ko\u015bcio\u0142y Diecezji Legnickiej: nasze dziedzictwo. T. 1 \/ [tekst Klaudia Bry\u0142a, Pawe\u0142 Kupsik, Beata Szyd\u0142owska]. &#8211; Bydgoszcz: Ikona, [2015].<\/li>\n<li>Ko\u015bcio\u0142y i kaplice dekanatu drzewieckiego w diecezji radomskiej \/ Andrzej Zygmunt Rola-St\u0119\u017cycki. &#8211; Odrzyw\u00f3\u0142: Instytut Genealogii. Kapitu\u0142a Polskich Heraldyk\u00f3w i Genealog\u00f3w, 2012.<\/li>\n<li>Ko\u015bcio\u0142y i klasztory rzymskokatolickie dawnego wojew\u00f3dztwa brzeskolitewskiego. T. 3 \/ red. nauk. Dorota Piramidowicz; Mi\u0119dzynarodowe Centrum Kultury w Krakowie. &#8211; Krak\u00f3w: Mi\u0119dzynarodowe Centrum Kultury, 2016.<\/li>\n<li>Ko\u015bcio\u0142y i klasztory rzymskokatolickie dawnego wojew\u00f3dztwa ruskiego. T. 23 \/ oprac. Marcin Biernat, Mateusz \u0141epkowski, Krystyna Mamajko, Jan K. Ostrowski, Gra\u017cyna Ruszczyk; wsp\u00f3\u0142praca Andrzej Betlej, Agata Dworzak, Rafa\u0142 Nestorow, Tomasz Pasteczka, Tomasz Zaucha; Mi\u0119dzynarodowe Centrum Kultury w Krakowie. &#8211; Krak\u00f3w: Mi\u0119dzynarodowe Centrum Kultury, 2015.<\/li>\n<li>Ko\u015bcio\u0142y i klasztory rzymskokatolickie dawnego wojew\u00f3dztwa trockiego. T. 3, Ko\u015bcio\u0142y i klasztory Grodna (3) \/ oprac. Maria Ka\u0142amajska-Saeed, Dorota Piramidowicz; Mi\u0119dzynarodowe Centrum Kultury w Krakowie. &#8211; Krak\u00f3w: Mi\u0119dzynarodowe Centrum Kultury, 2016.<\/li>\n<li>Ko\u015bcio\u0142y ryglowe diecezji koszali\u0144sko-ko\u0142obrzeskiej: zarz\u0105dzanie zabytkiem: opieka nad obiektem zabytkowym \/ [autorzy Aleksandra Hamberg-Federowicz, Beata Makowska, Cezary Nowakowski, Henryk Romanik, Maria Witek, Waldemar Witek]. &#8211; Szczecin: [Biuro Dokumentacji Zabytk\u00f3w: Narodowy Instytut Dziedzictwa], 2013.<\/li>\n<li>Ko\u015bci\u00f3\u0142 Naj\u015bwi\u0119tszej Marii Panny na Zamku Wysokim w Malborku: dzieje, wystr\u00f3j, konserwacja \/ pod red. Janusza Hochleitnera i Mariusza Mierzwi\u0144skiego; Muzeum Zamkowe w Malborku. &#8211; Malbork: Muzeum Zamkowe, 2016.<\/li>\n<li>Ko\u015bci\u00f3\u0142 \u015awi\u0119toja\u0144ski w Toruniu &#8211; nowe rozpoznanie: [materia\u0142y z V Sesji Naukowej Toru\u0144skiego Oddzia\u0142u Stowarzyszenia Historyk\u00f3w Sztuki, z cyklu &#8220;Dzieje i skarby ko\u015bcio\u0142\u00f3w toru\u0144skich&#8221;, wsp\u00f3\u0142organizowanej przez Wy\u017csz\u0105 Szko\u0142\u0119 Filologii Hebrajskiej w Toruniu, 15-16 pa\u017adziernika 2014 roku] \/ red. nauk. Katarzyna Kluczwajd. &#8211; Toru\u0144: Toru\u0144ski Oddzia\u0142 Stowarzyszenia Historyk\u00f3w Sztuki, 2015.<\/li>\n<li>Ko\u015bci\u00f3\u0142 w Polsce. T. 1, \u015aredniowiecze \/ [tekst Jerzy K\u0142oczowski, Zygmunt Su\u0142kowski, J\u00f3zef Szyma\u0144ski, Eugeniusz Wi\u015bniowski, Maria Helena Witkowska]. &#8211; Krak\u00f3w: Wydawnictwo Znak, 1966.<\/li>\n<li>Ko\u015bci\u00f3\u0142 w Polsce. T. 2, Wiek XVI-XVIII \/ [tekst Jerzy K\u0142oczowski, Wies\u0142aw M\u00fcller, Stanis\u0142aw Litak, El\u017cbieta Janicka-Olczakowa, Ludomir Bie\u0144kowski]. &#8211; Krak\u00f3w: Wydawnictwo Znak, 1969.<\/li>\n<li>Ko\u015bci\u00f3\u0142ek pw. Nawiedzenia Naj\u015bwi\u0119tszej Panny Maryi w T\u0142uczani: (z dziej\u00f3w zapomnianego ko\u015bci\u00f3\u0142ka wotywnego na t\u0142ucza\u0144skim nawsiu) \/ Jan Rodak. &#8211; Krak\u00f3w: Wydawnictwo scriptum, 2016.<\/li>\n<li>Ko\u015bciuszko w Szwajcarii 1815-1817 \/ Janusz Morkowski, Benedykt Drewnowski. &#8211; Warszawa: Arx Regia &#8211; O\u015brodek Wydawniczy Zamku Kr\u00f3lewskiego w Warszawie &#8211; Muzeum, 2016.<\/li>\n<li>Krajobraz kulturowo-przyrodniczy z perspektywy spo\u0142ecznej \/ red. nauk. S\u0142awomir Ratajski, Marek Zi\u00f3\u0142kowski. &#8211; Warszawa: Polski Komitet do spraw UNESCO: Narodowe Centrum Kultury, 2015.<\/li>\n<li>Krajobraz kulturowy: warsztaty dla nauczycieli i metodyk\u00f3w: rz\u0105dowy program edukacyjny &#8220;\u015awiadome kszta\u0142towanie krajobrazu i ochrona krajobrazu historycznego&#8221;: zeszyt dydaktyczny \/ [zesp\u00f3\u0142 red. Andrzej Micha\u0142owski et al.]. &#8211; Warszawa: O\u015brodek Ochrony Zabytkowego Krajobrazu. Narodowa Instytucja Kultury, 2001.<\/li>\n<li>Krajobraz kulturowy \u0141odzi i wojew\u00f3dztwa \u0142\u00f3dzkiego w nauczaniu m\u0142odzie\u017cy: warsztaty dla nauczycieli i metodyk\u00f3w: rz\u0105dowy program edukacyjny \u015bwiadome kszta\u0142towanie krajobrazu i ochrona krajobrazu historycznego \/ [zesp\u00f3\u0142 red. Andrzej Micha\u0142owski et al.]. &#8211; Warszawa: O\u015brodek Ochrony Zabytkowego Krajobrazu, 2002.<\/li>\n<li>Kresy nowoczesne: architektura na ziemiach wschodnich II Rzeczypospolitej 1921-1939 \/ Micha\u0142 Pszcz\u00f3\u0142kowski. &#8211; \u0141\u00f3d\u017a: Ksi\u0119\u017cy M\u0142yn Dom Wydawniczy, 2016.<\/li>\n<li>Kronika Miasta Poznania: miesi\u0119cznik po\u015bwi\u0119cony sprawom kulturalnym sto\u0142. m. Poznania: (organ Towarzystwa Mi\u0142o\u015bnik\u00f3w Miasta Poznania) \/ red. Zygmunt Zaleski. &#8211; Pozna\u0144: Magistrat sto\u0142. m. Poznania, 1923-.<\/li>\n<li>Kronika zabytkomaniaka. T. 2 \/ Katarzyna Zarzycka. &#8211; Warszawa: Narodowy Instytut Dziedzictwa, 2015.<\/li>\n<li>Kronika Zamkowa: biuletyn informacyjny Zamku Kr\u00f3lewskiego w Warszawie \/ red. Magdalena Bajer, Adam Rutkowski. &#8211; Warszawa: [s. n.], 1983-.<\/li>\n<li>Kr\u00f3l Jan III Sobieski i Rzeczpospolita w latach 1674-1683 \/ red. nauk. Dariusz Milewski. &#8211; Warszawa: Muzeum Pa\u0142acu Kr\u00f3la Jana III w Wilanowie, 2016.<\/li>\n<li>Krzes\u0142a, zydle, fotele: kr\u00f3tka historia mebli do siedzenia \/ Ma\u0142gorzata Kro\u017cel-Kra\u015bna. &#8211; Wroc\u0142aw: Muzeum Narodowe, 2015.<\/li>\n<li>Krzysztofory: zeszyty naukowe Muzeum Historycznego Miasta Krakowa \/ [red. nacz. J\u00f3zef Mitkowski]. &#8211; Krak\u00f3w: Muzeum Historyczne m. Krakowa, 1974-.<\/li>\n<li>Ksi\u0119\u017cna dobrodziejka, Katarzyna z Sobieskich Radziwi\u0142\u0142owa (1634-1694) \/ Jaros\u0142aw Pietrzak. &#8211; Warszawa: Muzeum Pa\u0142acu Kr\u00f3la Jana III w Wilanowie, 2016.<\/li>\n<li>Kszta\u0142towanie si\u0119 grodu na wroc\u0142awskim Ostrowie Tumskim: badania przy ul. \u015bw. Idziego \/ red. Aleksander Limisiewicz, Aleksandra Pankiewicz; Instytut Archeologii Uniwersytetu Wroc\u0142awskiego. &#8211; Wroc\u0142aw: Instytut Archeologii Uniwersytetu Wroc\u0142awskiego, 2015.<\/li>\n<li>Kulturarv der du bor: en inspirasjonsbok \/ [red. Noelle Dahl-Poppe, Ingunn Holm, Ole Christian Tollersrud, Aleksandra Chabiera, Anna Kozio\u0142, Bartosz Skaldawski]. &#8211; [Warszawa]: Narodowy Instytut Dziedzictwa, [2016].<\/li>\n<li>Kurier Konserwatorski \/ [Krajowy O\u015brodek Bada\u0144 i Dokumentacji Zabytk\u00f3w; red. nacz. Marcin Gawlicki]. &#8211; Warszawa: KOBIDZ, 2008-.<\/li>\n<li>Kwatera z dawnego retabulum Adoracja Dzieci\u0105tka, Obrzezanie &#8211; awers, Zwiastowanie &#8211; rewers, 1480 z katedry pw. \u015bw. Jana Chrzciciela i \u015bw. Jana Ewangelisty w Toruniu: historia, badania, technika, konserwacja \/ Justyna Olszewska-\u015awietlik. &#8211; Toru\u0144; W\u0105wa\u0142: Pracownia Wydawnicza EIKON Dorota Dominiak, 2014.<\/li>\n<li>Lanke \/ [Hrsg. Sibylle Badst\u00fcbner-Gr\u00f6ger]. &#8211; Berlin: Freundeskreis Schl\u00f6sser und G\u00e4rten der Mark in der Deutschen Gesellschaft e.V., 2002.<\/li>\n<li>Large-scale excavations in Europe: fieldwork strategies and scientific outcome \/ ed. by J\u00f6rg Bofinger and Dirk Krausse. &#8211; Bruxelles: Europae Archaeologiae Consilium (EAC): Association Internationale sans But Lucratif (AISBL), 2012.<\/li>\n<li>Laudator temporis acti: studia z dziej\u00f3w sztuki i kultury ofiarowane Ksi\u0119dzu Doktorowi Januszowi Niecieckiemu w 65. rocznic\u0119 urodzin \/ red. Irena Rolska, Krzysztof Gombin, Krzysztof Przylicki; Katolicki Uniwersytet Lubelski Jana Paw\u0142a II. Wydzia\u0142 Nauk Humanistycznych. Instytut Historii Sztuki. &#8211; Lublin: Wydawnictwo KUL, 2015.<\/li>\n<li>Lenda medii aevi: \u015bredniowieczne zabytki dawnego opactwa w L\u0105dzie &#8211; nowe odkrycia, najnowsze badania \/ red. Janusz Nowi\u0144ski; przy wsp\u00f3\u0142pracy Przemys\u0142awa Mrozowskiego. &#8211; L\u0105d; Pozna\u0144; Warszawa: Towarzystwo Naukowe Franciszka Salezego, 2015.<\/li>\n<li>Letters of a dead man \/ Prince Hermann von P\u00fcckler-Muskau; ed. and translator Linda B. Parshall. &#8211; Washington: Dumbarton Oaks Research Library and Collection, 2016.<\/li>\n<li>Linowo, stanowisko 6: birytualne cmentarzysko kultury wielbarskiej z p\u00f3\u0142nocno-wschodniej cz\u0119\u015bci ziemi che\u0142mi\u0144skiej \/ Ma\u0142gorzata Kurzy\u0144ska; z materia\u0142ami innych kultur pradziejowych i z wczesnego \u015bredniowiecza oraz analizami specjalistycznymi Kamila Adamczaka, Jacka Gackowskiego, Aldony Garbacz-Klempki, Ryszarda Kirkowskiego, \u0141ukasza Kowalskiego, Tomasza Koz\u0142owskiego, Daniela Makowieckiego, Doroty Malarczyk, Wojciecha Sosnowskiego, Jaros\u0142awa Strobina, Tomasza Wa\u017cnego. &#8211; Grudzi\u0105dz: Muzeum im. ks. dr. W\u0142adys\u0142awa \u0141\u0119gi; Toru\u0144: Muzeum Okr\u0119gowe, 2015.<\/li>\n<li>Lubuskie Materia\u0142y Konserwatorskie \/ Wojew\u00f3dzki Urz\u0105d Ochrony Zabytk\u00f3w w Zielonej G\u00f3rze; [Jaros\u0142aw Lewczuk red.]. &#8211; Zielona G\u00f3ra: Wojew\u00f3dzki Urz\u0105d Ochrony Zabytk\u00f3w, 2003-.<\/li>\n<li>Lucjan Kintopf &#8211; mistrz \u017cakardu i jego uczniowie \/ [koncepcja i red. Ma\u0142gorzata Wr\u00f3blewska Markiewicz et al.]. &#8211; \u0141\u00f3d\u017a: Centralne Muzeum W\u0142\u00f3kiennictwa, 2015.<\/li>\n<li>Lw\u00f3w: miasto architektura modernizm \/ pod red. Bohdana Cherkesa i Andrzeja Szczerskiego. &#8211; Wroc\u0142aw: Muzeum Architektury, 2016.<\/li>\n<li>\u0141abiszyn i okolica na starej widok\u00f3wce \/ Zbigniew Zwierzykowski. &#8211; \u017bnin: Wydawnictwo Dominika Ksi\u0119skiego Wulkan, 2015.<\/li>\n<li>\u0141aci\u0144ska parafia pod wezwaniem \u015bw. Jakuba Aposto\u0142a w \u0141ucku (XV-XVIII w.) \/ Maria D\u0119bowska. &#8211; Lublin: Wydawnictwo Episteme, 2014.<\/li>\n<li>Madonny i Piety: szlakiem gotyckich figur \/ [aut. tekst\u00f3w Bogna Derkowska-Kostkowska, Agnieszka Wysocka, Krzysztof Bartowski, Lech \u0141bik, Piotr Winter]. &#8211; Bydgoszcz: Kujawsko-Pomorskie Centrum Kultury, 2016.<\/li>\n<li>Ma\u0142e miasta: perspektywa archeologiczna \/ red. Marek Zalewski, Mariusz Zem\u0142o. &#8211; Lublin; Supra\u015bl: Wydawnictwo Katolickiego Uniwersytetu Lubelskiego, 2014.<\/li>\n<li>Ma\u0142e miasta: to\u017csamo\u015b\u0107 \/ red. Mariusz Zem\u0142o. &#8211; Lublin; Supra\u015bl: Wydawnictwo Katolickiego Uniwersytetu Lubelskiego, 2015.<\/li>\n<li>Managing archaeological heritage \/ ed. by Ghattas J. Sayej, Donald Henson, Yvonne F. Willumsen. &#8211; Kristiansand: Vest-Agder-museet, 2015.<\/li>\n<li>Maria Mater Misericordiae \/ [teksty Andrzej Betlej et. al.]. &#8211; Krak\u00f3w: Muzeum Narodowe, 2016.<\/li>\n<li>Marzenie i rzeczywisto\u015b\u0107: gmach Muzeum Narodowego w Warszawie \/ [red. merytoryczna Piotr Kibort]. &#8211; Warszawa: Muzeum Narodowe, 2016.<\/li>\n<li>Materia pomnika: studium por\u00f3wnawcze na przyk\u0142adzie monument\u00f3w w Poznaniu i Strasburgu w XIX i XX wieku \/ Ma\u0142gorzata Praczyk. &#8211; Pozna\u0144: Instytut Historii UAM, 2015.<\/li>\n<li>Materia\u0142y archiwalne do biografii artyst\u00f3w nowo\u017cytnej Brodnicy \/ Jacek Tylicki. &#8211; Brodnica: Muzeum, 2014.<\/li>\n<li>Materia\u0142y Zachodniopomorskie. Nowa Seria \/ Muzeum Narodowe w Szczecinie. &#8211; Szczecin: Muzeum Narodowe, 2004-.<\/li>\n<li>Matka Ko\u015bcio\u0142a &#8211; wspomo\u017cycielka modlitwy: ikonografia maryjna. Cz. 1, Najstarsze typy wizerunk\u00f3w Matki Bo\u017cej i ich przyk\u0142ady w kolekcji Muzeum Ikon w Supra\u015blu \/ [aut. tekst\u00f3w Aneta Jurgilewicz-St\u0119pie\u0144, Katarzyna Prokopczyk, Piotr Sawicki, Katarzyna Skibi\u0144ska, Krystyna Stawecka]. &#8211; Bia\u0142ystok: Muzeum Podlaskie, 2012.<\/li>\n<li>Meble XV-XVII wieku: katalog zbior\u00f3w \/ Ma\u0142gorzata Kor\u017cel-Kra\u015bna. &#8211; Wroc\u0142aw: Muzeum Narodowe, 2016.<\/li>\n<li>Mechanizmy prawne zarz\u0105dzania dziedzictwem kultury \/ Alicja Jagielska-Burduk, Wojciech Szafra\u0144ski, \u0141ukasz Gawe\u0142. &#8211; Stan prawny na 15 lutego 2016 r. &#8211; Gda\u0144sk: Wydawnictwo Uniwersytetu Gda\u0144skiego; Warszawa: Wolters Kluwer, 2016.<\/li>\n<li>Metodologia konserwacji zabytk\u00f3w architektury w praktyce \/ Marek Goszty\u0142a, Beata Jagie\u0142a. &#8211; Rzesz\u00f3w: Oficyna Wydawnicza Politechniki Rzeszowskiej, 2015.<\/li>\n<li>Meyenburg \/ [Hrsg. Sibylle Badst\u00fcbner-Gr\u00f6ger]. &#8211; Berlin: Freundeskreis Schl\u00f6sser und G\u00e4rten der Mark in der Deutschen Gesellschaft e.V., 2009.<\/li>\n<li>Miasta-ogrody jutra \/ Ebenezer Howard; prze\u0142o\u017cy\u0142a Martyna Trykozko. &#8211; Warszawa: CA Centrum Architektury; Gda\u0144sk: Instytut Kultury Miejskiej; 2015.<\/li>\n<li>Miasto (post)socjalistyczne: przestrze\u0144 w\u0142adzy. T. 1 \/ red. Kinga N\u0119dza-Sikoniowska, Marika Pirveli. &#8211; Krak\u00f3w: Zak\u0142ad Wydawniczy Nomos, 2015.<\/li>\n<li>Miasto (post)socjalistyczne: przestrze\u0144 w\u0142adzy. T. 2 \/ red. Kinga N\u0119dza-Sikoniowska, Marika Pirveli. &#8211; Szczecin: Wydawnictwo Naukowe Uniwersytetu Szczeci\u0144skiego, 2015.<\/li>\n<li>Miejsca chrzt\u00f3w, urz\u0105dzenia baptyzmalne i ceremonia\u0142 chrzcielny od staro\u017cytno\u015bci chrze\u015bcija\u0144skiej do soboru trydenckiego \/ pod redakcj\u0105 naukow\u0105 Andrzeja M. Wyrwy; Muzeum Pierwszych Piast\u00f3w na Lednicy, Pozna\u0144skie Towarzystwo Przyjaci\u00f3\u0142 Nauk, Instytut Kultury Europejskiej UAM w Gnie\u017anie. &#8211; Pozna\u0144: Wydawnictwo Pozna\u0144skiego Towarzystwa Przyjaci\u00f3\u0142 Nauk, 2016.<\/li>\n<li>Miejsce: studia nad sztuk\u0105 i architektur\u0105 polsk\u0105 XX i XXI wieku \/ [Akademia Sztuk Pi\u0119knych w Warszawie, Fundacja Kultura Miejsca; red. nacz. Lidia Klein]. &#8211; Warszawa: Akademia Sztuk Pi\u0119knych: Fundacja Kultura Miejsca, 2015-.<\/li>\n<li>Miejsce po Wielkiej Synagodze: przekszta\u0142cenia placu Bankowego po 1943 roku \/ Jana Fuchs. &#8211; Warszawa: \u017bydowski Instytut Historyczny im. Emanuela Ringelbluma, 2016.<\/li>\n<li>Mi\u0119dzy Gda\u0144skiem a Santiago: 600-lecie konsekracji ko\u015bcio\u0142a \u015bw. Jakuba fundacji szypr\u00f3w w Gda\u0144sku \/ pod redakcj\u0105 Bart\u0142omieja Sieka, Adama Szarszewskiego, Piotra Paluchowskiego. &#8211; Gda\u0144sk: Wydawnictwo Athenae Gedanenses, 2015.<\/li>\n<li>Mistrzowie pastelu: od Marteau do Witkacego: kolekcja Muzeum Narodowego w Warszawie \/ [red. nauk. kat. Anna Grochala et al.]. &#8211; Warszawa: Muzeum Narodowe, 2015.<\/li>\n<li>M\u0142yn wodny z Imielina \/ Piotr Rygus. &#8211; Chorz\u00f3w: Muzeum &#8220;G\u00f3rno\u015bl\u0105ski Park Etnograficzny&#8221;, 2014.<\/li>\n<li>M\u0142ynarstwo mi\u0119dzy Wis\u0142\u0105 a Pilic\u0105 od po\u0142owy XVIII do XX wieku \/ Bogumi\u0142a Szurowa &#8211; Kielce: Muzeum Wsi Kieleckiej, 2015.<\/li>\n<li>M\u0142yny wodne w wojew\u00f3dztwie lubelskim (do schy\u0142ku XVI wieku) \/ Piotr Plisiecki; Katolicki Uniwersytet Lubelski Jana Paw\u0142a II. Wydzia\u0142 Nauk Humanistycznych. Katedra Historii \u015aredniowiecznej. &#8211; Lublin: Wydawnictwo KUL, 2015.<\/li>\n<li>M\u0142yny zbo\u017cowe w wojew\u00f3dztwie \u015bl\u0105skim: katalog wystawy \/ Damian Adamczak. &#8211; Chorz\u00f3w: G\u00f3rno\u015bl\u0105ski Park Etnograficzny, 2007.<\/li>\n<li>Mniejszo\u015bci narodowe i religijne na \u017bu\u0142awach \/ pod red. Janusza Hochleitnera. &#8211; Malbork: Muzeum Zamkowe, 2016.<\/li>\n<li>Moda i ju\u017c: moda w PRL \/ Joanna Kowalska, Ma\u0142gorzata Mo\u017cd\u017cy\u0144ska-Nawotka; [tekst Zofia Go\u0142ubiew, Piotr Oszczanowski]. &#8211; Krak\u00f3w: Muzeum Narodowe; Wroc\u0142aw: Muzeum Narodowe, 2015.<\/li>\n<li>Modli\u0144ska 257: miejsce magiczne \/ Anna Mieszkowska, Bart\u0142omiej W\u0142odkowski. &#8211; Warszawa: Fundacja AVE: Urz\u0105d Dzielnicy Bia\u0142o\u0142\u0119ka, 2015.<\/li>\n<li>Modlnica, stan. 5 od p\u00f3\u017anej epoki br\u0105zu po czasy \u015bredniowiecza \/ [red. Karol Dzi\u0119gielewski, Magdalena Dzi\u0119gielewska, Agata Sztyber]. &#8211; Krak\u00f3w: Krakowski Zesp\u00f3\u0142 do Bada\u0144 Autostrad, 2015.<\/li>\n<li>Modus: prace z historii sztuki \/ Instytut Historii Sztuki Uniwersytetu Jagiello\u0144skiego. &#8211; Krak\u00f3w: Universitas, 2000-.<\/li>\n<li>Monachijczyk w Malborku: karty z podr\u00f3\u017cy wedutysty Domenica Quaglio do Prus w 1832 roku: katalog wystawy czasowej \/ pod red. Justyny Lijki; Muzeum Zamkowe w Malborku. &#8211; Malbork: Muzeum Zamkowe, 2015.<\/li>\n<li>Monety, zamek, nagrobek: ksi\u0105\u017c\u0119 Karol I z Podiebrad\u00f3w (1476-1536) mi\u0119dzy dziedzictwem przodk\u00f3w w dokonaniami potomk\u00f3w \/ Bogus\u0142aw Czechowicz (ed.); Radek Fukala, Artur Kwa\u015bniewski, Borys Paszkiewicz, Martin \u0160andera. &#8211; \u010cerven\u00fd Kostelec: Pavel Mervart; Wroc\u0142aw: Oficyna Wydawnicza ATUT, 2015.<\/li>\n<li>Monumentalna figura madonny na ko\u015bciele NMP w Malborku: konteksty historyczne, artystyczne i konserwatorskie \/ red. Janusz Hochleitner. &#8211; Malbork: Muzeum Zamkowe, 2015.<\/li>\n<li>Most \u015brednicowy w Warszawie \/ Arkadiusz Borkowski. &#8211; Warszawa: Diametra, 2014.<\/li>\n<li>Mosty \u0142ukowe w Polsce: historia, wsp\u00f3\u0142czesno\u015b\u0107, przysz\u0142o\u015b\u0107 \/ Jan Bliszczuk. &#8211; Wroc\u0142aw: Dolno\u015bl\u0105skie Wydawnictwo Edukacyjne, 2015.<\/li>\n<li>Muzealnictwo \/ Ministerstwo Kultury i Dziedzictwa Narodowego, O\u015brodek Dokumentacji Zabytk\u00f3w; [Janusz Odrow\u0105\u017c-Pieni\u0105\u017cek red. nacz.]. &#8211; Warszawa: Ministerstwo Kultury i Dziedzictwa Narodowego: O\u015brodek Dokumentacji Zabytk\u00f3w, 1952-.<\/li>\n<li>Muzeologija \/ Muzejski dokumentacijski centar. &#8211; Zagreb: Muzejski dokumentacijski centar, 1974-.<\/li>\n<li>Muzeum Narodowe w Warszawie: director&#8217;s choice \/ Agnieszka Morawi\u0144ska. &#8211; London: Scala Arts &amp; Heritage Publishers Ltd.; Warszawa: Muzeum Narodowe, 2016.<\/li>\n<li>Muzeum Staro\u017cytno\u015bci w Wilnie: historia i rekonstrukcja zbior\u00f3w malarstwa i grafiki \/ Natalia Mizerniuk-Rotkiewicz. &#8211; Warszawa: Polski Instytut Studi\u00f3w nad Sztuk\u0105 \u015awiata; Toru\u0144: Wydawnictwo Tako, 2016.<\/li>\n<li>Na pograniczu kultury puchar\u00f3w lejkowatych i kultury trypolskiej \/ pod red. Aleksandra Pozikhovskiego, Jakuba Rogozi\u0144skiego i Ma\u0142gorzaty Rybickiej; Fundacja Rzeszowskiego O\u015brodka Archeologicznego, Instytut Archeologii Uniwersytetu Rzeszowskiego. &#8211; Rzesz\u00f3w: MITEL, 2013.<\/li>\n<li>Narodziny nowoczesno\u015bci: studia o polskiej rze\u017abie dwudziestolecia mi\u0119dzywojennego \/ pod red. Katarzyny Janickiej i Arkadiusza Krawczyka. &#8211; Wolsztyn: Biblioteka Publiczna Miasta i Gminy Wolsztyn im. Stanis\u0142awa Platera, 2016.<\/li>\n<li>Nasza Przesz\u0142o\u015b\u0107: studia z dziej\u00f3w Ko\u015bcio\u0142a i kultury katolickiej w Polsce = Notre Pass\u00e9: \u00e9tudes sur l&#8217;histoire de l&#8217;\u00c9glise et de la culture catholique en Pologne \/ [red. Jan Duka\u0142a]. &#8211; Krak\u00f3w: Wydawnictwo Instytutu Teologicznego Ksi\u0119\u017cy Misjonarzy, 1946-.<\/li>\n<li>Nazwy miejscowe Polski: historia, pochodzenie, zmiany. 10, Ra-Re \/ pod red. Kazimierza Rymuta, Barbary Czopek-Kopciuch i Urszuli Bijak; Polska Akademia Nauk. Instytut J\u0119zyka Polskiego. &#8211; Krak\u00f3w: Instytut J\u0119zyka Polskiego Polskiej Akademii Nauk, 2015.<\/li>\n<li>Nazwy miejscowe Polski: historia, pochodzenie, zmiany. 11, R\u0119-Rs \/ pod red. Kazimierza Rymuta, Barbary Czopek-Kopciuch i Urszuli Bijak; Polska Akademia Nauk. Instytut J\u0119zyka Polskiego. &#8211; Krak\u00f3w: Instytut J\u0119zyka Polskiego Polskiej Akademii Nauk, 2015.<\/li>\n<li>Nazwy miejscowe Polski: historia, pochodzenie, zmiany. 12, Ru-R\u017c \/ pod red. Kazimierza Rymuta, Barbary Czopek-Kopciuch i Urszuli Bijak; Polska Akademia Nauk. Instytut J\u0119zyka Polskiego. &#8211; Krak\u00f3w: Instytut J\u0119zyka Polskiego Polskiej Akademii Nauk, 2015.<\/li>\n<li>Niebor\u00f3w i Arkadia &#8211; 70 lat Muzeum: ksi\u0119ga pami\u0105tkowa \/ [red. nauk. Agnieszka Morawi\u0144ska]. &#8211; [Niebor\u00f3w]: Muzeum w Nieborowie i Arkadii, 2015.<\/li>\n<li>Niematerialne dziedzictwo kulturowe: zakresy, identyfikacja, zagro\u017cenia \/ pod red. Jana Adamowskiego i Katarzyny Smyk. &#8211; Lublin: Wydawnictwo Uniwersytetu Marii Curie-Sk\u0142odowskiej; Warszawa: Narodowy Instytut Dziedzictwa, 2015.<\/li>\n<li>Nietypowe budulce w architekturze czyli o budowlanym zastosowaniu gliny, popio\u0142u, \u0142ajna, moczu, sier\u015bci, s\u0142oniny i podobnych materii, o ich estetyce, semantyce i roli w architekturze. T. 1, Podstawowe cz\u0119\u015bci budynku oraz wybrane elementy wyko\u0144czenia \/ Jaros\u0142aw Szewczyk. &#8211; Bia\u0142ystok: Oficyna Wydawnicza Politechniki Rzeszowskiej, 2013.<\/li>\n<li>Nietypowe budulce w architekturze. T. 2, Plecionki \/ Jaros\u0142aw Szewczyk. &#8211; Bia\u0142ystok: Oficyna Wydawnicza Politechniki Rzeszowskiej, 2015.<\/li>\n<li>Nietypowe budulce w architekturze. T. 3, Ceramika budowlana \/ Jaros\u0142aw Szewczyk. &#8211; Bia\u0142ystok: Oficyna Wydawnicza Politechniki Rzeszowskiej, 2015.<\/li>\n<li>Notes Konserwatorski \/ Biblioteka Narodowa. Dzia\u0142 Ochrony i Konserwacji Zbior\u00f3w Bibliotecznych; [Barbara Drewniewska-Idziak red. nacz.]. &#8211; Warszawa: Biblioteka Narodowa, 1998-.<\/li>\n<li>Nowe pokolenie konserwator\u00f3w krakowskich (II) \/ [komitet red. Gra\u017cyna Korpal et al.]. &#8211; Krak\u00f3w: Wydawnictwo Akademii Sztuk Pi\u0119knych im. Jana Matejki, 2015.<\/li>\n<li>Nowoczesna praarchitektura: architektoniczne pomniki narodowe w wilhelmi\u0144skich Niemczech (1888-1918) \/ Rafa\u0142 Maka\u0142a; Muzeum Narodowe w Szczecinie. &#8211; Szczecin: Muzeum Narodowe, 2015.<\/li>\n<li>Nowosielski w Ma\u0142opolsce: sztuka sakralna \/ Krystyna Czerni; zdj. Marian Curzyd\u0142o. &#8211; Krak\u00f3w: Ma\u0142opolska Fundacja Muzeum Sztuki Wsp\u00f3\u0142czesnej, 2015.<\/li>\n<li>O potrzebie edukacji medialnej w Polsce \/ red. nauk. S\u0142awomir Ratajski, Micha\u0142 Federowicz. &#8211; Warszawa: Polski Komitet do spraw UNESCO, 2015.<\/li>\n<li>O rzeczach pi\u0119knych: rzemios\u0142o artystyczne na przestrzeni wiek\u00f3w \/ red. Agnieszka Bender, Ma\u0142gorzata Wrze\u015bniak. &#8211; Lublin: Towarzystwo Naukowe Katolickiego Uniwersytetu Lubelskiego Jana Paw\u0142a II, 2015.<\/li>\n<li>O zmianach u\u017cytkowania obiekt\u00f3w sakralnych \/ Andrzej Bia\u0142kiewicz. &#8211; Krak\u00f3w: Wydawnictwo PK, 2016.<\/li>\n<li>Obraz Podniesienia krzy\u017ca z ko\u015bcio\u0142a parafialnego w Trzebosi: nieznane dzie\u0142o malarstwa p\u00f3\u017anobarokowego na Podkarpaciu \/ Jerzy \u017bmudzi\u0144ski. &#8211; Rzesz\u00f3w: Indygo, 2014.<\/li>\n<li>Obrazy codzienno\u015bci: polskie malarstwo rodzajowe I po\u0142owy XIX wieku \/ Agnieszka \u015awi\u0119tos\u0142awska. &#8211; Warszawa: Polski Instytut Studi\u00f3w nad Sztuk\u0105 \u015awiata; Toru\u0144: Wydawnictwo Tako, 2015.<\/li>\n<li>OCH: ilustrowany atlas architektury Ochoty \/ koncepcja i projekt Magdalena Piwowar; tekst Mateusz Bz\u00f3wka, Ewelina Kle\u0107kowska; wst\u0119p Grzegorz Pi\u0105tek; ilustracje Maciej Dr\u0105\u017ckiewicz, \u0141ukasz Gadomski, Mateusz Gryz\u0142o. &#8211; Warszawa: Fundacja Centrum Architektury, 2016.<\/li>\n<li>Ochrona dziedzictwa kulturowego w Polsce: nowe otwarcie \/ Jerzy Jasie\u0144ko, Andrzej Kad\u0142uczka, Klaudia Stala; Stowarzyszenie Konserwator\u00f3w Zabytk\u00f3w, Narodowy Instytut Dziedzictwa, Politechnika Krakowska im. Tadeusza Ko\u015bciuszki. &#8211; Warszawa; Stowarzyszenie Konserwator\u00f3w Zabytk\u00f3w: Narodowy Instytut Dziedzictwa; Krak\u00f3w: Instytut Historii Architektury i Konserwacji Zabytk\u00f3w WAPK, 2015.<\/li>\n<li>Ochrona i konserwacja historycznej architektury modernistycznej Gdyni: zarys problematyki \/ Robert Hirsch; Politechnika Gda\u0144ska. &#8211; Gda\u0144sk: Wydawnictwo Politechniki Gda\u0144skiej, 2016.<\/li>\n<li>Ochrona warto\u015bci w procesie adaptacji zabytk\u00f3w \/ praca zbiorowa pod red. Bogus\u0142awa Szmygina. &#8211; Warszawa: Polski Komitet Narodowy ICOMOS: Muzeum Pa\u0142acu Kr\u00f3la Jana III w Wilanowie; Lublin: Politechnika Lubelska, 2015.<\/li>\n<li>Ochrona Zabytk\u00f3w: kwartalnik wydawany przez Zarz\u0105d G\u0142\u00f3wny Zwi\u0105zku Zawodowego Historyk\u00f3w Sztuki i Kultury w Warszawie. &#8211; Warszawa; Krak\u00f3w: &#8220;Czytelnik&#8221;, 1948-.<\/li>\n<li>Od Augusta Mocnego do Augusta III: doniesienia z Warszawy Andrzeja Cichockiego z lat 1732-1734 \/ wyd. Jerzy Dygda\u0142a. &#8211; Warszawa: Muzeum Pa\u0142acu Kr\u00f3la Jana III w Wilanowie, 2016.<\/li>\n<li>Od epoki br\u0105zu do czas\u00f3w nowo\u017cytnych: wybrane odkrycia i znaleziska \/ [red. Jan Chochorowski]. &#8211; Krak\u00f3w: Krakowski Zesp\u00f3\u0142 do Bada\u0144 Autostrad, 2015.<\/li>\n<li>Od kamienicy czynszowej do sp\u00f3\u0142dzielczego osiedla mieszkaniowego: ewolucja idei w szczeci\u0144skiej wielorodzinnej architekturze mieszkaniowej od po\u0142owy XIX w. do II wojny \u015bwiatowej \/ Krzysztof Bizio; Zachodniopomorski Uniwersytet Technologiczny w Szczecinie. &#8211; Szczecin: Wydawnictwo Uczelniane Zachodniopomorskiego Uniwersytetu Technologicznego, 2016.<\/li>\n<li>Od klejnot\u00f3w kr\u00f3lewskich po bi\u017cuteri\u0119 ubog\u0105: o bi\u017cuterii w Polsce \/ [red. nauk. Katarzyna Kluczwajd]. &#8211; Toru\u0144: Toru\u0144ski Oddzia\u0142 Stowarzyszenia Historyk\u00f3w Sztuki, 2015.<\/li>\n<li>Od modernizmu w kierunku ekspresji narodowej to\u017csamo\u015bci: wok\u00f3\u0142 koncepcji sztuki Stanis\u0142awa Szukalskiego (1893-1987) \/ Wioletta Brzezi\u0144ska-Marjanowska. &#8211; Warszawa: Polski Instytut Studi\u00f3w nad Sztuk\u0105 \u015awiata; Toru\u0144: Wydawnictwo Tako, 2015.<\/li>\n<li>Od piwnic po strych: wn\u0119trza dom\u00f3w gda\u0144skich drugiej po\u0142owy XVIII wieku \/ Ewa Brylewska-Szyma\u0144ska. &#8211; Warszawa: Instytut Historii PAN; Gda\u0144sk: Muzeum Historyczne Miasta Gda\u0144ska, 2015.<\/li>\n<li>Od pomys\u0142u do dzie\u0142a: Leon Wycz\u00f3\u0142kowski \/ [oprac. aut. Ewa Seku\u0142a-Tauer]. &#8211; Bydgoszcz: Muzeum Okr\u0119gowe im. Leona Wycz\u00f3\u0142kowskiego, 2015.<\/li>\n<li>Odkryte na nowo: archiwalne cmentarzysko z okresu w\u0119dr\u00f3wek lud\u00f3w Kossewen III: badania w roku 2014 \/ [Agnieszka Jaremek]. &#8211; Warszawa: Fundacja Dajna im. Jerzego Okulicza-Kozaryna, [2015].<\/li>\n<li>Odzie\u017c i insygnia grobowe biskup\u00f3w przemyskich obrz\u0105dku \u0142aci\u0144skiego \/ Anna Dr\u0105\u017ckowska. &#8211; Toru\u0144: Wydawnictwo Naukowe Uniwersytetu Miko\u0142aja Kopernika, 2014.<\/li>\n<li>Ogrody zimowe w II po\u0142. XIX w.: studium wst\u0119pne do projektu rewaloryzacji ogrodu zimowego w Nowej Oran\u017cerii w \u0141azienkach \/ Ma\u0142gorzata Szafra\u0144ska. &#8211; Warszawa: Zarz\u0105d Ochrony i Konserwacji Zespo\u0142\u00f3w Pa\u0142acowo-Ogrodowych Muzeum Narodowego, 1982.<\/li>\n<li>Okruchy \u015bwi\u0119to\u015bci: relikwie Drzewa Krzy\u017ca \u015awi\u0119tego: stauroteka z Ostrowa Lednickiego: katalog wystawy \/ [koncepcja wystawy i autorstwo katalogu Janusz G\u00f3recki]. &#8211; Lednica: Muzeum Pierwszych Piast\u00f3w na Lednicy, 2015.<\/li>\n<li>Olszty\u0144ski Rocznik Konserwatorski. &#8211; Olsztyn: Pracownia Wydawnicza ElSet, 2014-.<\/li>\n<li>Opat\u00f3w Fpl. 1: ein Gr\u00e4berfeld der Przeworsk-Kultur im nordwestlichen Kleinpolen. [4], Naturwissenschaftliche Analysen \/ Renata Madyda-Legutko, Judyta Rodzi\u0144ska-Nowak und Jacek Andrzejowski; Fundacja Monumenta Archaeologica Barbarica, Instytut Archeologii Uniwersytetu Jagiello\u0144skiego, Pa\u0144stwowe Muzeum Archeologiczne w Warszawie. &#8211; Warszawa: Fundacja Monumenta Archaeologica Barbarica; Krak\u00f3w: Instytut Archeologii Uniwersytetu Jagiello\u0144skiego: Warszawa: Pa\u0144stwowe Muzeum Archeologiczne, 2015.<\/li>\n<li>Opat\u00f3w, stan. 1: cmentarzysko kultury przeworskiej w p\u00f3\u0142nocno-zachodniej Ma\u0142opolsce: analizy specjalistyczne \/ pod red. Renaty Madydy-Legutko, Judyty Rodzi\u0144skiej-Nowak i Jacka Andrzejowskiego; Fundacja Monumenta Archaeologica Barbarica, Instytut Archeologii Uniwersytetu Jagiello\u0144skiego, Pa\u0144stwowe Muzeum Archeologiczne w Warszawie. &#8211; Warszawa: Fundacja Monumenta Archaeologica Barbarica; Krak\u00f3w: Instytut Archeologii Uniwersytetu Jagiello\u0144skiego: Warszawa: Pa\u0144stwowe Muzeum Archeologiczne, 2015.<\/li>\n<li>Organizacja i technika \u015bredniowiecznego budownictwa ceglanego w Prusach w kontek\u015bcie europejskim \/ Marian Arszy\u0144ski. &#8211; Malbork: Muzeum Zamkowe, 2016.<\/li>\n<li>Ormia\u0144skie malarstwo miniaturowe w Rzeczypospolitej Obojga Narod\u00f3w \/ Joanna Rydzkowska-Kozak. &#8211; Warszawa: Polski Instytut Studi\u00f3w nad Sztuk\u0105 \u015awiata; Toru\u0144: Wydawnictwo Tako, 2014.<\/li>\n<li>Ornament i dekoracja dzie\u0142a sztuki: studia z historii sztuki \/ pod red. Joanny Daranowskiej-\u0141ukaszewskiej, Agaty Dworzak i Andrzeja Betleja. &#8211; Warszawa: Stowarzyszenie Historyk\u00f3w Sztuki, 2015.<\/li>\n<li>Osady z epoki kamienia oraz wczesnej epoki br\u0105zu na stanowiskach 9 i 10 w Stanis\u0142awicach, pow. boche\u0144ski \/ [red. Marek Nowak, Tomasz Rodak]. &#8211; Krak\u00f3w: Krakowski Zesp\u00f3\u0142 do Bada\u0144 Autostrad, 2015.<\/li>\n<li>Ose\u0142ki z otworem do podwieszania w kulturach stepowych p\u00f3\u017anej epoki br\u0105zu i wczesnej epoki \u017celaza \/ Marcin Burghardt; Fundacja Rzeszowskiego O\u015brodka Archeologicznego, Instytut Archeologii Uniwersytetu Rzeszowskiego. &#8211; Rzesz\u00f3w: MITEL, 2012.<\/li>\n<li>Osiedle patronackie Piaski: historia i architektura \/ Stefania Lazar, Anna Binek-Zajda. &#8211; Czelad\u017a: Towarzystwo Powszechne &#8220;Czelad\u017a&#8221;, 2015.<\/li>\n<li>Pa\u0142ac Branickich w Bia\u0142ymstoku. T. 1, Inwentarze z XVII i XVIII stulecia. Cz. 1 \/ oprac. i do dr. przygot. Karol \u0141opatecki, Wojciech Walczak. &#8211; Bia\u0142ystok: Instytut Bada\u0144 nad Dziedzictwem Kulturowym Europy, 2012.<\/li>\n<li>Pa\u0142ac Larischa \/ Marek Stus. &#8211; Krak\u00f3w: Ksi\u0119garnia Akademicka, 2015.<\/li>\n<li>Pa\u0142ac w Cucu\u0142owcach w \u015bwietle inwentarza po\u015bmiertnego Jerzego Stanis\u0142awa Dzieduszyckiego z 1731 roku \/ Andrzej Betlej, Anna Markiewicz. &#8211; Krak\u00f3w: Wydawnictwo Attyka, 2016.<\/li>\n<li>Pa\u0142ac w Igo\u0142omi: przesz\u0142o\u015b\u0107 i wsp\u00f3\u0142czesno\u015b\u0107 \/ [autorzy: Krzysztof Tunia, Sebastian Niewiarowski]. &#8211; Zakrz\u00f3w: Wydawnictwo Promo, 2013.<\/li>\n<li>Pa\u0142ac w Teofilpolu w \u015bwietle inwentarzy XIX-wiecznych \/ Andrzej Betlej. &#8211; Krak\u00f3w: Wydawnictwo Attyka, 2016.<\/li>\n<li>Pa\u0142ac w Wi\u015bniowcu w \u015bwietle inwentarzy staropolskich \/ Andrzej Betlej, Anna Markiewicz, Agata Dworzak. &#8211; Krak\u00f3w: Wydawnictwo Attyka, 2016.<\/li>\n<li>Pami\u0119\u0107 utrwalona: dary i nabytki Centralnego Muzeum W\u0142\u00f3kiennictwa w \u0141odzi z lat 2003-2014 \/ [red. kat. Dominik Antoszczyk et al.]. &#8211; \u0141\u00f3d\u017a: Centralne Muzeum W\u0142\u00f3kiennictwa, 2015.<\/li>\n<li>Pami\u0119tniki Stanis\u0142awa Augusta na nowo odkryte \/ Teresa Kostkiewiczowa. &#8211; Warszawa: Arx Regia O\u015brodek Wydawniczy Zamku Kr\u00f3lewskiego, 2015.<\/li>\n<li>Park Skaryszewski w Warszawie: przyroda i u\u017cytkowanie \/ redakcja naukowa Jerzy Romanowski. &#8211; Warszawa: Wydawnictwo Uniwersytetu Kardyna\u0142a Stefana Wyszy\u0144skiego, 2016.<\/li>\n<li>Patchwork: architektura Jadwigi Grabowskiej-Hawrylak \/ Micha\u0142 Duda. &#8211; Wroc\u0142aw: Muzeum Architektury, 2016.<\/li>\n<li>Patronat artystyczny Jagiellon\u00f3w \/ pod red. Marka Walczaka i Piotra W\u0119cowskiego. &#8211; Krak\u00f3w: Wydawnictwo Towarzystwa Naukowego &#8220;Societas Vistulana&#8221;, 2015.<\/li>\n<li>Petit Tour. Widoki \u015al\u0105ska: porcelana z kolekcji Muzeum Narodowego we Wroc\u0142awiu \/ Jolanta Soza\u0144ska. &#8211; Wroc\u0142aw: Muzeum Narodowe, 2015.<\/li>\n<li>Pi\u0105tka z panoramy Pragi \/ Janusz Sujecki. &#8211; Warszawa: Oficyna Wydawnicza ASPRA-JR, 2015.<\/li>\n<li>Plakat &#8211; remediacje: 25 Mi\u0119dzynarodowe Biennale Plakatu w Warszawie 2016 \/ [pod red. David Crowley]; Muzeum Plakatu w Wilanowie. Oddzia\u0142 Muzeum Narodowego w Warszawie. &#8211; Warszawa: Muzeum Pa\u0142ac w Wilanowie, 2016.<\/li>\n<li>Plan Warszawy 1939: Plany miasta sto\u0142ecznego Warszawy \/ [ksi\u0105\u017cka] Jaros\u0142aw Trybu\u015b, Pawe\u0142 E. Weszpi\u0144ski; [mapy, skorowidz ulic i plan\u00f3w] Instytut Kartograficzny imienia E. Romera, oprac. Ryszard M\u0105czewski, Witold Pietrusiewicz; [broszury] oprac. Ryszard M\u0105czewski, Ma\u0142gorzata Mycielska. &#8211; Warszawa: Muzeum Warszawy, 2015.<\/li>\n<li>Pliszczyn, Stanowisko 9: eneolityczny kompleks osadniczy na Lubelszczy\u017anie \/ redakcja Tomasz Jacek Chmielewski, Edmund Mitrus; Wydawnictwo i Pracownia Archeologiczna PROFIL-ARCHEO, Fundacja Nauki &#8220;Archaeologia Silesiae&#8221;. &#8211; P\u0119kowice: Wydawnictwo i Pracownia Archeologiczna PROFIL-ARCHEO; Wroc\u0142aw: Fundacja Nauki &#8220;Archaeologia Silesiae&#8221;, 2015.<\/li>\n<li>Pod lup\u0105 konserwatora: wymiana do\u015bwiadcze\u0144 w kontek\u015bcie rewitalizacji zamku w Lidzbarku Warmi\u0144skim \/ [red. wydawnicza Jolanta Weihs]. &#8211; Olsztyn; Lidzbark Warmi\u0144ski: Muzeum Warmii i Mazur, 2016.<\/li>\n<li>Podlaskie Zeszyty Archeologiczne \/ Muzeum Podlaskie w Bia\u0142ymstoku. &#8211; Bia\u0142ystok: Muzeum Podlaskie, 2005-.<\/li>\n<li>Polichromie i sgraffita na fasadach o\u015brodk\u00f3w staromiejskich odbudowanych po 1945 r.: kreacja i konserwacja \/ [red. nauk. Anna Jagiellak, Paulina \u015awi\u0105tek]. &#8211; Warszawa: Miasto Sto\u0142eczne Warszawa; 2015.<\/li>\n<li>Polichromie kru\u017cgank\u00f3w zamku w Lidzbarku Warmi\u0144skim \/ Marcin Kozarzewski, Ryszard \u017bankowski, Adam Szweda. &#8211; Olsztyn: Muzeum Warmii i Mazur, 2016.<\/li>\n<li>Poliptyk toru\u0144ski: studium zabytkoznawczo-konserwatorskie \/ Juliusz Raczkowski. &#8211; Toru\u0144: Wydzia\u0142 Sztuk Pi\u0119knych Uniwersytetu Miko\u0142aja Kopernika, 2016.<\/li>\n<li>Polonya sanat\u0131nda oryantalizm \/ [editors Tadeusz Majda et al.]. &#8211; Istanbul: Pera M\u00fczesi, 2014.<\/li>\n<li>Polski Komitet Narodowy ICOMOS 1965-2015: 50 lat w s\u0142u\u017cbie ochrony zabytk\u00f3w \/ red. Katarzyna Pa\u0142ubska. &#8211; Warszawa: Polski Komitet Naukowy Mi\u0119dzynarodowej Rady Ochrony Zabytk\u00f3w ICOMOS; Muzeum Pa\u0142acu Kr\u00f3la Jana III w Wilanowie, 2015.<\/li>\n<li>Polski S\u0142ownik Biograficzny. T. 50\/4, z. 207, \u015aciska\u0142a Dominik &#8211; \u015aliwka Karol \/ [red. nacz. Andrzej Romanowski]; Polska Akademia Nauk, Polska Akademia Umiej\u0119tno\u015bci. &#8211; Warszawa: Instytut Historii PAN; Krak\u00f3w: Polska Akademia Umiej\u0119tno\u015bci, 2015.<\/li>\n<li>Polski S\u0142ownik Biograficzny. T. 51\/1, z. 208, \u015aliwiak J\u00f3zef &#8211; \u015anigurski Jan \/ [red. nacz. Andrzej Romanowski]; Polska Akademia Nauk, Polska Akademia Umiej\u0119tno\u015bci. &#8211; Warszawa: Instytut Historii PAN; Krak\u00f3w: Polska Akademia Umiej\u0119tno\u015bci, 2016.<\/li>\n<li>Polski S\u0142ownik Biograficzny. T. 51\/2, z. 209, \u015anigurski Jan &#8211; \u015awierczewski Eugeniusz \/ [red. nacz. Andrzej Romanowski]; Polska Akademia Nauk, Polska Akademia Umiej\u0119tno\u015bci. &#8211; Warszawa: Instytut Historii PAN; Krak\u00f3w: Polska Akademia Umiej\u0119tno\u015bci, 2016.<\/li>\n<li>Polskie art d\u00e9co: materia\u0142y czwartej sesji naukowej &#8220;Wn\u0119trza mieszkalne w stylu art d\u00e9co&#8221; pod przewodnictwem prof. Ireny Huml, prof. Anny Sieradzkiej i prof. Andrzeja K. Olszewskiego w Muzeum Mazowieckim w P\u0142ocku 6-7 czerwca 2011 roku \/ [oprac. red. Zbigniew Chlewi\u0144ski]. &#8211; P\u0142ock: Muzeum Mazowieckie, 2015.<\/li>\n<li>Polskie art d\u00e9co: materia\u0142y pi\u0105tej sesji naukowej &#8220;Polskie art d\u00e9co. Rze\u017aba i p\u0142askorze\u017aba&#8221; pod przewodnictwem prof. Ireny Huml, prof. Anny Sieradzkiej i prof. Andrzeja K. Olszewskiego w Muzeum Mazowieckim w P\u0142ocku 22-23 kwietnia 2013 roku \/ [oprac. red. Zbigniew Chlewi\u0144ski]. &#8211; P\u0142ock: Muzeum Mazowieckie, 2015.<\/li>\n<li>Polskie instrumenty ludowe \/ Tomasz Czerwi\u0144ski. &#8211; Warszawa: Sport i Turystyka &#8211; Muza, 2015.<\/li>\n<li>Pomorania Antiqua \/ Muzeum Archeologiczne w Gda\u0144sku. &#8211; Gdynia: Wydawnictwo Morskie, 1965-.<\/li>\n<li>Porta Aurea: rocznik Zak\u0142adu Historii Sztuki Uniwersytetu Gda\u0144skiego \/ [Zak\u0142ad Historii Sztuki UG Uniwersytetu Gda\u0144skiego, Muzeum Historii Miasta Gda\u0144ska; red. nauk. Teresa Grzybkowska]. &#8211; Gda\u0144sk: ZHS UG: MHMG, 1992-.<\/li>\n<li>Portrety gda\u0144skich lekarzy (XVI-XVIII w.) \/ Krystyna Jackowska, Adam Szarszewski, Piotr Paluchowski. &#8211; Gda\u0144sk: Muzeum Historyczne Miasta Gda\u0144ska, 2015.<\/li>\n<li>Portrety i wizerunki ksi\u0119\u017cnej Marsza\u0142kowej \/ Aldona Cholewianka-Kruszy\u0144ska. &#8211; \u0141a\u0144cut: Muzeum-Zamek, 2016.<\/li>\n<li>Postmodernizm jest prawie w porz\u0105dku: polska architektura po socjalistycznej globalizacji \/ [tekst \u0141ukasz Stanek]. &#8211; Warszawa: Fundacja B\u0119c Zmiana: Muzeum Sztuki Nowoczesnej, 2012.<\/li>\n<li>Poszukiwanie to\u017csamo\u015bci kulturowej w Europie \u015arodkowo-Wschodniej 1919-2014 \/ pod red. Ireny Kossowskiej. &#8211; Toru\u0144: Wydawnictwo Naukowe Uniwersytetu Miko\u0142aja Kopernika, 2015.<\/li>\n<li>Prace konserwatorskie w latach 2001-2012 \/ [zesp\u00f3\u0142 pod kier. Janusza Cedro]; Wojew\u00f3dzki Konserwator Zabytk\u00f3w w Kielcach. &#8211; Kielce: Agencja JP s.c., 2014.<\/li>\n<li>Prace magisterskie 2013\/2014. T. 2 \/ [kom. red. Gra\u017cyna Korpal et al.]; Wydzia\u0142 Konserwacji i Restauracji Dzie\u0142 Sztuki Akademii Sztuk Pi\u0119knych im. Jana Matejki w Krakowie. &#8211; Krak\u00f3w: Wydawnictwo Akademii Sztuk Pi\u0119knych im. Jana Matejki, 2013.<\/li>\n<li>Prace magisterskie 2014\/2015. T. 3 \/ [kom. red. Gra\u017cyna Korpal et al.]; Wydzia\u0142 Konserwacji i Restauracji Dzie\u0142 Sztuki Akademii Sztuk Pi\u0119knych im. Jana Matejki w Krakowie. &#8211; Krak\u00f3w: Wydawnictwo Akademii Sztuk Pi\u0119knych im. Jana Matejki, 2016.<\/li>\n<li>Prace Naukowe Politechniki Warszawskiej. Seria Architektura \/ Wydzia\u0142 Architektury Politechniki Warszawskiej. &#8211; Warszawa: Oficyna Wydawnicza Politechniki Warszawskiej, 2006-.<\/li>\n<li>Prace rewaloryzacyjne w zabytkowym Parku im. Wiosny Lud\u00f3w w Kutnie \/ Andrzej Latos. &#8211; Kutno: Towarzystwo Przyjaci\u00f3\u0142 Ziemi Kutnowskiej, 2015.<\/li>\n<li>Projektowa\u0142 Stefan Witold Matejko \/ Gra\u017cyna Fija\u0142kowska. &#8211; Krak\u00f3w: Muzeum Historyczne Miasta Krakowa, 2015.<\/li>\n<li>Proteusz: czyli o przemianach: spacerownik po historii Muzeum Narodowego w Warszawie \/ Jacek Dehnel; wyb\u00f3r i opis materia\u0142u ikonograficznego Anna Mas\u0142owska; projekt i opracowanie graficzne Lech Majewski. &#8211; Warszawa: Muzeum Narodowe, 2015.<\/li>\n<li>Pr\u00f6tzel \/ [Hrsg. Sibylle Badst\u00fcbner-Gr\u00f6ger]. &#8211; Berlin: Freundeskreis Schl\u00f6sser und G\u00e4rten der Mark in der Deutschen Gesellschaft e.V., 1997.<\/li>\n<li>Prudnik w \u015bredniowieczu: studia nad pocz\u0105tkami miasta \/ pod red. Wojciecha Dominiaka. &#8211; Prudnik: Muzeum Ziemi Prudnickiej, 2016.<\/li>\n<li>Pruszcz Gda\u0144ski, stanowisko 5: cmentarzysko z p\u00f3\u017anego okresu wp\u0142yw\u00f3w rzymskich i w\u0119dr\u00f3wek lud\u00f3w \/ Miros\u0142aw Pietrzak, Lidia Cymek, Franciszek Ro\u017cnowski. &#8211; Gda\u0144sk: Muzeum Archeologiczne, 2015.<\/li>\n<li>Pr\u016fzkumy pam\u00e1tek = Denkmalforschung = Historical Monumets&#8217;. &#8211; Praha: Pam\u00e1tkov\u00fd \u00fastav st\u0159edn\u00edch \u010cech, 1994-.<\/li>\n<li>Przemiany osadnicze nad dolnym odcinkiem g\u00f3rnej Wis\u0142y w epoce br\u0105zu i wczesnej epoce \u017celaza \/ Wojciech Rajpold; Fundacja Rzeszowskiego O\u015brodka Archeologicznego, Instytut Archeologii Uniwersytetu Rzeszowskiego. &#8211; Rzesz\u00f3w: MITEL, 2015.<\/li>\n<li>Przest\u0119pczo\u015b\u0107 przeciwko dziedzictwu kulturowemu: diagnoza, zapobieganie, zwalczanie \/ pod red. Macieja Trzci\u0144skiego, Olgierda Jakubowskiego. &#8211; Wroc\u0142aw: Katedra Kryminalistyki Wydzia\u0142u Prawa, Administracji i Ekonomii UWr, 2016.<\/li>\n<li>Przestrzenie historyczne miasta w projektowaniu konserwatorskim: historyczne mury miejskie w \u017borach jako przedmiot opracowania \/ praca zbiorowa pod red. Magdaleny \u017bmudzi\u0144skiej-Nowak i Rafa\u0142a Radziewicza-Winnickiego. &#8211; Gliwice: Wydawnictwo Politechniki \u015al\u0105skiej, 2016.<\/li>\n<li>Przybytki Melpomeny: katalog wystawy, 16 kwietnia &#8211; 8 czerwca 2008 \/ [red. Jolanta Baziak et al.]; Muzeum Okr\u0119gowe im. Leona Wycz\u00f3\u0142kowskiego w Bydgoszczy. &#8211; Bydgoszcz: Muzeum Okr\u0119gowe im. Leona Wycz\u00f3\u0142kowskiego, 2008.<\/li>\n<li>Przywracanie historii: losy malborskich zbior\u00f3w po II wojnie \u015bwiatowej: katalog wystawy czasowej \/ pod red. Aleksandry Siuciak; Muzeum Zamkowe w Malborku. &#8211; Malbork: Muzeum Zamkowe, 2015.<\/li>\n<li>Przywr\u00f3cona pami\u0119ci: Ikona Matki Boskiej Che\u0142mskiej: ikonografia &#8211; kult &#8211; kontekst spo\u0142eczny \/ redakcja Andrzej Gil, Miros\u0142aw Kalinowski, Ihor Skoczylas; Katolicki Uniwersytet Lubelski Jana Paw\u0142a II. Wydzia\u0142 Teologii, Ukrai\u0144ski Uniwersytet Katolicki. Wydzia\u0142 Nauk Humanistycznych, Wydzia\u0142 Filozoficzno-Teologiczny. &#8211; Lublin: Wydawnictwo KUL, 2016.<\/li>\n<li>Puck: archeologia o narodzinach miasta \/ Jerzy Krupp\u00e9, Martyna Milewska. &#8211; Warszawa: Instytut Archeologii Uniwersytetu Warszawskiego: Fundacja Przyjaci\u00f3\u0142 Instytutu Archeologii Uniwersytetu Warszawskiego, 2015.<\/li>\n<li>Quart: kwartalnik Instytutu Historii Sztuki Uniwersytetu Wroc\u0142awskiego \/ [red. nacz. Waldemar Oko\u0144]. &#8211; Wroc\u0142aw: Instytut Historii Sztuki Uniwersytetu Wroc\u0142awskiego, 2006-.<\/li>\n<li>Raport roczny Narodowego Instytutu Dziedzictwa 2015 \/ oprac. Wioletta \u0141abuda-Iwaniak. &#8211; Warszawa: Narodowy Instytut Dziedzictwa, 2016.<\/li>\n<li>Raport. 10 \/ red. S\u0142awomir Kadrow. &#8211; Warszawa: Narodowy Instytut Dziedzictwa, 2015.<\/li>\n<li>Ratownicze badania archeologiczne na stanowisku 1, 2 w Zg\u00f3rzu, pow. Kutno, woj. \u0142\u00f3dzkie: (trasa autostrady A-1) \/ B\u0142a\u017cej Muzolf, Monika Fr\u0105czak, Przemys\u0142aw Muzolf, Dominik K. P\u0142aza. &#8211; \u0141\u00f3d\u017a: Fundacja Bada\u0144 Archeologicznych Imienia Profesora Konrada Ja\u017cd\u017cewskiego; Muzeum Archeologiczne i Etnograficzne, 2015.<\/li>\n<li>Ratusz tarnowski: historia, architektura \/ K. Marek Trusz. &#8211; Tarn\u00f3w: Tarnowskie Towarzystwo Kulturalne: Muzeum Okr\u0119gowe, 2014.<\/li>\n<li>Relacje artystyczne i kulturalne mi\u0119dzy Itali\u0105 a Polsk\u0105 w epoce nowo\u017cytnej: studia z historii sztuki i kultury \/ pod red. Alberta Boesten-Stengela i S\u0142awomira Cendrowskiego; Towarzystwo Mi\u0142o\u015bnik\u00f3w Historii. &#8211; Warszawa: Wydawnictwo DiG; Bellerive-sur-Allier: Edition La Rama SASU, 2016.<\/li>\n<li>Renesansowe kafle zachodniopomorskie: studium z historii ogrzewania wn\u0119trz mieszkalnych \/ Marcin Majewski. &#8211; Stargard; Szczecin: Muzeum Archeologiczno-Historyczne, 2015.<\/li>\n<li>Renowacje i Zabytki: kwartalnik og\u00f3lnopolski: konserwacja, renowacja, adaptacja \/ [red. nacz. Edward Hardt]. &#8211; Krak\u00f3w: AiP &#8220;raport&#8221;, 2002-.<\/li>\n<li>Restauracje katedry kieleckiej w XIX i XX wieku \/ Barbara Maria Gaw\u0119cka. &#8211; Bydgoszcz: Wydawnictwo Uniwersytetu Kazimierza Wielkiego, 2016.<\/li>\n<li>Restauratorenbl\u00e4tter \/ [Hrsg. \u00d6sterreichische Sektion des IIC (International Institute for Historic and Artistic Works); Red. Manfred Koller und Rainer Prandtstetten]. &#8211; Klosterneuburg; Wien: Mayer &amp; Comp, 1979-.<\/li>\n<li>Retrospekcja i ochrona dziedzictwa kulturowego \/ red. Samanta Kowalska, Danuta Wa\u0144ka. &#8211; Pozna\u0144; Kalisz: Uniwersytet im. Adama Mickiewicza. Wydzia\u0142 Pedagogiczno-Artystyczny, 2015.<\/li>\n<li>Rewitalizacja Kana\u0142u Elbl\u0105skiego na odcinkach: Jezioro Dru\u017cno &#8211; Mi\u0142om\u0142yn, Mi\u0142om\u0142yn &#8211; Zalewo, Mi\u0142om\u0142yn &#8211; Ostr\u00f3da &#8211; Stare Jab\u0142onki \/ RZGW w Gda\u0144sku. &#8211; Gda\u0144sk: Regionalny Zarz\u0105d Gospodarki Wodnej, 2015.<\/li>\n<li>Rewitalizacja \u015bredniowiecznych ma\u0142ych miast Pomorza Zachodniego \/ pod red. Zbigniewa Paszkowskiego. &#8211; Szczecin: Wydawnictwo Hogben, 2014.<\/li>\n<li>Rewitalizacja zespo\u0142u ko\u015bcio\u0142a Naj\u015bwi\u0119tszej Marii Panny w Malborku \/ pod red. Janusza Hochleitnera. &#8211; Malbork: Muzeum Zamkowe, 2016.<\/li>\n<li>Rex vinorum: z dziej\u00f3w w\u0119grzyna w dawnej Polsce \/ Roman Marcinek. &#8211; Warszawa: Muzeum Pa\u0142acu Kr\u00f3la Jana III w Wilanowie, 2015.<\/li>\n<li>Rezydencje w procesie zagospodarowania nieruchomo\u015bci Skarbu Pa\u0144stwa na Dolnym \u015al\u0105sku w latach 1989-2011 \/ Adriana Merta-Staszczak. &#8211; Toru\u0144: Wydawnictwo Adam Marsza\u0142ek, 2014.<\/li>\n<li>Rocznik Lwowski \/ Instytut Lwowski. &#8211; Warszawa: Instytut Lwowski, 1991-.<\/li>\n<li>Rocznik Mi\u0119dzynarodowego Centrum Kultury \/ [red. Jacek Purchla]. &#8211; Krak\u00f3w: Mi\u0119dzynarodowe Centrum Kultury, cop. 2008-.<\/li>\n<li>Rocznik Muzealny \/ Muzeum Ziemi Kujawskiej i Dobrzy\u0144skiej; [Agnieszka Kowalewska red.]. &#8211; W\u0142oc\u0142awek: Muzeum Ziemi Kujawskiej i Dobrzy\u0144skiej, 1988-.<\/li>\n<li>Rocznik Muzeum G\u00f3rno\u015bl\u0105ski Park Etnograficzny w Chorzowie \/ [red. nacz. Agnieszka Przyby\u0142a-Dumin]. &#8211; Chorz\u00f3w: Muzeum G\u00f3rno\u015bl\u0105ski Park Etnograficzny; Katowice: \u015al\u0105sk Wydawnictwo Naukowe, 2013-.<\/li>\n<li>Rocznik Muzeum Narodowego w Warszawie. &#8211; Warszawa: Muzeum Narodowe, 1938-1992; 2012-.<\/li>\n<li>Rocznik Muzeum Papiernictwa \/ [Muzeum Papiernictwa w Dusznikach Zdroju; Maciej Szymczyk red. nacz.]. &#8211; Duszniki Zdr\u00f3j: Muzeum Papiernictwa, 2007-.<\/li>\n<li>Rocznik Muzeum Pocz\u0105tk\u00f3w Pa\u0144stwa Polskiego w Gnie\u017anie \/ [red. nacz. Tomasz Sawicki]. &#8211; Gniezno: Muzeum Pocz\u0105tk\u00f3w Pa\u0144stwa Polskiego, 2015-.<\/li>\n<li>Roczniki Humanistyczne \/ Towarzystwo Naukowe Katolickiego Uniwersytetu Lubelskiego. Wydzia\u0142 Historyczno-Filologiczny. &#8211; Lublin: Towarzystwo Naukowe Katolickiego Uniwersytetu Lubelskiego, 1949-.<\/li>\n<li>Roczniki Sztuki \u015al\u0105skiej \/ Muzeum \u015al\u0105skie we Wroc\u0142awiu. &#8211; Wroc\u0142aw: [s.n.], 1959-.<\/li>\n<li>Rodin \/ Dunikowski: kobieta w polu widzenia \/ [red. tekst\u00f3w polskich Maria Porajska-Ha\u0142ka; red. przek\u0142ad\u00f3w angielskich Jennifer Moore-Tymowska; przek\u0142. Karolina Koriat]. &#8211; Warszawa: Muzeum Narodowe; Krak\u00f3w: Muzeum Narodowe, 2016.<\/li>\n<li>Rozbite zwierciad\u0142o: bi\u017cuteria i galanteria Sp\u0142\u00f3dzielni Przemys\u0142u Artystycznego &#8220;Imago Artis&#8221; \/ Micha\u0142 My\u015bli\u0144ski. &#8211; Warszawa: Instytut Sztuki Polskiej Akademii Nauk, 2015.<\/li>\n<li>Rozb\u00f3rz, stanowisko 27: materia\u0142y \u017ar\u00f3d\u0142owe \/ Maciej Karwowski, Dominika Kulikowska; Fundacja Rzeszowskiego O\u015brodka Archeologicznego. &#8211; Rzesz\u00f3w: MITEL, 2014.<\/li>\n<li>Rozprawy Muzeum Narodowego w Krakowie. Seria Nowa = Selected Papers from the National Museum in Cracow. New Series \/ [kom. red. Tadeusz Chru\u015bcicki et al.]. &#8211; Krak\u00f3w: MN, 1999-.<\/li>\n<li>Rozw\u00f3j przestrzenny Szczecina od pocz\u0105tku XIX wieku do II wojny \u015bwiatowej \/ Bogdana Kozi\u0144ska. &#8211; Szczecin: Stowarzyszenie Historyk\u00f3w Sztuki. Oddzia\u0142 Szczeci\u0144ski: Muzeum Narodowe, 2015.<\/li>\n<li>Rynek miasta lokacyjnego w Pucku w \u015bwietle bada\u0144 archeologicznych \/ Micha\u0142 Starski. &#8211; Warszawa: Instytut Archeologii Uniwersytetu Warszawskiego: Fundacja Przyjaci\u00f3\u0142 Instytutu Archeologii Uniwersytetu Warszawskiego, 2015.<\/li>\n<li>Rzeczpospolita dom\u00f3w. 4, Domy miejskie \/ pod red. Krystyny Krawiec-Z\u0142otowskiej; Akademia Pomorska w S\u0142upsku. &#8211; S\u0142upsk: Wydawnictwo Naukowe Akademii Pomorskiej, 2012.<\/li>\n<li>Rzemie\u015blnicy czy arty\u015bci?: ozdoby kobiece z Pomorza u schy\u0142ku staro\u017cytno\u015bci: katalog skr\u00f3cony wystawy \/ Ma\u0142gorzata Tuszy\u0144ska, Anna Strobin, Jaros\u0142aw Strobin; Muzeum Archeologiczne w Gda\u0144sku. &#8211; Gda\u0144sk: Muzeum Archeologiczne, 2016.<\/li>\n<li>Rze\u017aby Marii z Dzieci\u0105tkiem o francuskiej proweniencji stylowej: w Ma\u0142opolsce i na Spiszu w pierwszej po\u0142owie XIV wieku \/ Zolt\u00e1n Gyal\u00f3kay. &#8211; Krak\u00f3w: Wydawnictwo Towarzystwa Naukowego &#8220;Societas Vistulana&#8221;, 2013.<\/li>\n<li>Sacrum et Decorum: materia\u0142y i studia z historii polskiej sztuki sakralnej = materials and studies on the history of sacred art \/ Wydzia\u0142 Sztuki Uniwersytetu Rzeszowskiego. Centrum Dokumentacji Wsp\u00f3\u0142czesnej Sztuki Sakralnej; [red. nacz. Gra\u017cyna Ryba]. &#8211; Wroc\u0142aw: Wydawnictwo Uniwersytetu Rzeszowskiego, 2008-.<\/li>\n<li>Sacrum po polsku: ko\u015bcio\u0142y Polskie 1945-1965: studia formy w autorskim szkicu architektonicznym: monografia \/ Beata Malinowska-Petelenz; Politechnika Krakowska im. Tadeusza Ko\u015bciuszki. &#8211; Krak\u00f3w: Wydawnictwo PK, 2015.<\/li>\n<li>Saloniki w okresie wczesnobizantyjskim (IV-VI wiek) \/ Roman Szl\u0105zak; Fundacja Rzeszowskiego O\u015brodka Archeologicznego, Instytut Archeologii Uniwersytetu Rzeszowskiego. &#8211; Rzesz\u00f3w: MITEL, 2013.<\/li>\n<li>Sanktuarium Naj\u015bwi\u0119tszej Marii Panny Wniebowzi\u0119tej Po\u015bredniczki \u0141ask w Charbielinie \/ Leszek Grzelak. &#8211; Pozna\u0144: Wydawnictwo Rys, 2015.<\/li>\n<li>Secesja we Lwowie \/ \u017banna Komar, Julia Bohdanova; t\u0142. Katarzyna Szuster. &#8211; Krak\u00f3w: Wydawnictwo Wysoki Zamek; Wroc\u0142aw: Kolegium Europy Wschodniej im. Jana Nowaka Jeziora\u0144skiego, 2014.<\/li>\n<li>Sen o Rybakach \/ Juliusz Kulesza. &#8211; Warszawa: Polska Wytw\u00f3rnia Papier\u00f3w Warto\u015bciowych, 2015.<\/li>\n<li>Setting the agenda: giving new meaning to the European archaeological heritage \/ ed. by Peter A. C. Schut, Djurra Scharff and Leonard C. De Wit. &#8211; Namur: Europae Archaeologiae Consilium (EAC): Association Internationale sans But Lucratif (AISBL), 2015.<\/li>\n<li>Sieversdorf \/ [Hrsg. Sibylle Badst\u00fcbner-Gr\u00f6ger]. &#8211; Berlin: Freundeskreis Schl\u00f6sser und G\u00e4rten der Mark in der Deutschen Gesellschaft e.V., 1998.<\/li>\n<li>S\u0142ownik artyst\u00f3w polskich i obcych w Polsce dzia\u0142aj\u0105cych (zmar\u0142ych przed 1996 r.): malarze, rze\u017abiarze, graficy. T. 10, Sa-Si\u0119 \/ pod red. Urszuli Makowskiej; Polska Akademia Nauk. Instytut Sztuki. &#8211; Warszawa: Instytut Sztuki Polskiej Akademii Nauk, 2016.<\/li>\n<li>S\u0142ownik historyczno-geograficzny wojew\u00f3dztwa krakowskiego w \u015bredniowieczu. Cz. 4, z. 3, Mieszczy\u0144ski Staw-Mogiliany \/ oprac. Waldemar Bukowski [et al.]; pod red. Waldemara Bukowskiego; Polska Akademia Nauk. Instytut Historii. &#8211; Krak\u00f3w: Towarzystwo Naukowe &#8220;Societas Vistulana&#8221;, 2011.<\/li>\n<li>S\u0142ownik historyczno-geograficzny wojew\u00f3dztwa krakowskiego w \u015bredniowieczu. Cz. 4, z. 4, Mogilice-Mrzyg\u0142\u00f3d Stary \/ oprac. Waldemar Bukowski [et al.]; wsp\u00f3\u0142pr. archeologiczna Micha\u0142 Wojenka; pod red. Waldemara Bukowskiego; Polska Akademia Nauk. Instytut Historii. &#8211; Krak\u00f3w: Towarzystwo Naukowe &#8220;Societas Vistulana&#8221;, 2014.<\/li>\n<li>Socrealizm po polsku: studia i szkice \/ Marek Hendrykowski. &#8211; Pozna\u0144: Wydawnictwo Naukowe Uniwersytetu im. Adama Mickiewicza, 2015.<\/li>\n<li>Spichlerze pleba\u0144skie z Warszowic i Pilchowic \/ Piotr Rygus. &#8211; Chorz\u00f3w: Muzeum &#8220;G\u00f3rno\u015bl\u0105ski Park Etnograficzny&#8221;, 2015.<\/li>\n<li>Stanowisko 1 w Terliczce nad dolnym Wis\u0142okiem: materia\u0142y z ko\u0144ca epoki br\u0105zu i m\u0142odszego okresu rzymskiego \/ Wojciech Porady\u0142o; Fundacja Rzeszowskiego O\u015brodka Archeologicznego. &#8211; Rzesz\u00f3w: MITEL, 2011.<\/li>\n<li>Stavkirker: norweskie ko\u015bcio\u0142y s\u0142upowe \/ Tadeusz W. Lange. &#8211; Gda\u0144sk: Muzeum Narodowe, 2015.<\/li>\n<li>Stefan Norblin: artysta trzech kontynent\u00f3w \/ [red. Anna Szl\u0105zak]. &#8211; Stalowa Wola: Muzeum Regionalne, 2015.<\/li>\n<li>Struktury osadnicze we wczesnych fazach kultury \u0142u\u017cyckiej na G\u00f3rnym \u015al\u0105sku \/ \u0141ukasz Mr\u00f3wka; Fundacja Rzeszowskiego O\u015brodka Archeologicznego, Instytut Archeologii Uniwersytetu Rzeszowskiego. &#8211; Rzesz\u00f3w: MITEL, 2014.<\/li>\n<li>Studia i Materia\u0142y do Dziej\u00f3w \u017bup Solnych w Polsce \/ Ministerstwo Kultury i Sztuki. Zarz\u0105d Muze\u00f3w i Ochrony Zabytk\u00f3w. &#8211; Wieliczka: Muzeum \u017bup Krakowskich, 1965-.<\/li>\n<li>Studia i materia\u0142y Konferencji Naukowej Student\u00f3w Konserwacji i Restauracji Dzie\u0142 Sztuki. T. 2 \/ pod red. Izabeli Michalik; Studenckie Ko\u0142o Naukowe Wydzia\u0142u Konserwacji i Restauracji Dzie\u0142 Sztuki Akademii Sztuk Pi\u0119knych im. Jana Matejki w Krakowie. &#8211; Krak\u00f3w: Wydawnictwo Akademii Sztuk Pi\u0119knych im. Jana Matejki, 2014.<\/li>\n<li>Studia i Materia\u0142y Lubelskie \/ Muzeum w Lublinie. &#8211; Lublin: Muzeum Okr\u0119gowe, 1962-.<\/li>\n<li>Studia Lednickie \/ Muzeum Pierwszych Piast\u00f3w na Lednicy; [Zofia Kurnatowska red. nacz.]. &#8211; Lednica; Pozna\u0144: Wydawnictwo Naukowe Uniwersytetu im. Adama Mickiewicza, 1989-.<\/li>\n<li>Studia nad dawn\u0105 Polsk\u0105. T. 4 \/ red. Tomasz Sawicki. &#8211; Gniezno: Muzeum Pocz\u0105tk\u00f3w Pa\u0144stwa Polskiego, 2015.<\/li>\n<li>Studia Wilanowskie \/ Muzeum Pa\u0142ac w Wilanowie; [red. Ewa Birkenmajer]. &#8211; Warszawa: Muzeum w Wilanowie, 1977-.<\/li>\n<li>Studia z dziej\u00f3w kultury \u015bredniowiecznego Krakowa \/ Zofia Koz\u0142owska-Budkowa; wyb\u00f3r Stanis\u0142aw Szczur. &#8211; Krak\u00f3w: Towarzystwo Mi\u0142o\u015bnik\u00f3w Historii i Zabytk\u00f3w Krakowa, 2015.<\/li>\n<li>Styl gotycki wyklucza si\u0119: mi\u0119dzywojenna architektura w wojew\u00f3dztwie \u015bl\u0105skim \/ Anna Syska, Tomasz Kie\u0142kowski. &#8211; Katowice: \u015al\u0105skie Centrum Dziedzictwa Kulturowego, 2015.<\/li>\n<li>Systemy warto\u015bciowania dziedzictwa: stan bada\u0144 i problemy \/ praca zbiorowa pod red. Bogus\u0142awa Szmygina. &#8211; Warszawa: Polski Komitet Naukowy Mi\u0119dzynarodowej Rady Ochrony Zabytk\u00f3w ICOMOS; Lublin: Politechnika Lubelska, 2015.<\/li>\n<li>Szko\u0142a z Wapienicy \/ Dagmara Tomiczek. &#8211; Chorz\u00f3w: Muzeum &#8220;G\u00f3rno\u015bl\u0105ski Park Etnograficzny&#8221;, 2015.<\/li>\n<li>Szlaki kulturowe w Europie: organizacja, promocja, zarz\u0105dzanie \/ zbi\u00f3r studi\u00f3w pod red. Tomasza Studzienieckiego. &#8211; Pelplin: Academia Europa Nostra: Stowarzyszenie Szlaki Kulturowe, 2013.<\/li>\n<li>Szlakiem ko\u015bcio\u0142\u00f3w fundacji Krasi\u0144skich: Opinog\u00f3ra, Pa\u0142uki, Krasne \/ [oprac. red. Stanis\u0142awa Maliszewska, Aldona \u0141yszkowska]. &#8211; Opinog\u00f3ra: Muzeum Romantyzmu, 2015.<\/li>\n<li>Sztuka Burgundii i Niderland\u00f3w 1380-1500. T. 3, Wsp\u00f3lnota rzeczy: sztuka niderlandzka i p\u00f3\u0142nocnoeuropejska 1380-1520 \/ Antoni Ziemba. &#8211; Warszawa: Wydawnictwa Uniwersytetu Warszawskiego, 2015.<\/li>\n<li>Sztuka i Nar\u00f3d \/ [red. tekst\u00f3w Joanna Pogorzelska]. &#8211; Warszawa: Muzeum Literatury im. Adama Mickiewicza, 2014.<\/li>\n<li>Sztuka polska. [T. 5], P\u00f3\u017any barok, rokoko, klasycyzm (XVIII wiek) \/ Zbigniew Bania, Andrzej J\u00f3zef Baranowski, Agnieszka Bender, Aleksandra Bernatowicz, Jerzy Kowalczyk, Ewa \u0141omnicka-\u017bakowska, Zbigniew Michalczyk, Jakub Sito. &#8211; Warszawa: Arkady, 2016.<\/li>\n<li>Sztuka w czasach PRL \/ Stefania Krzysztofowicz-Kozakowska. &#8211; Olszanica: Bosz, 2016.<\/li>\n<li>Sztuka w Wojniczu: od \u015bredniowiecza do wsp\u00f3\u0142czesno\u015bci \/ Jerzy \u017bmudzi\u0144ski. &#8211; Wojnicz: Towarzystwo Przyjaci\u00f3\u0142 Ziemi Wojnickiej, 2012.<\/li>\n<li>Sztuka, rzemios\u0142o, przemys\u0142 z XIX-XX wieku: zagadnienia konserwatorskie \/ pod red. El\u017cbiety Jab\u0142o\u0144skiej i Jolanty Czuczko. &#8211; Toru\u0144: Wydawnictwo Naukowe Uniwersytetu Miko\u0142aja Kopernika, 2016.<\/li>\n<li>Szyldy na Starym Mie\u015bcie w Warszawie: dobre praktyki dla w\u0142a\u015bcicieli i u\u017cytkownik\u00f3w \/ tekst Kamila Baturo, Anna Jagiellak. &#8211; Warszawa: Miasto Sto\u0142eczne Warszawa, 2015.<\/li>\n<li>\u015aladami dzie\u0142 Josepha Fahnrotha: przewodnik \/ oprac. Aleksandra Zi\u00f3\u0142kowska. &#8211; Opole: Narodowy Instytut Dziedzictwa, [2016].<\/li>\n<li>\u015aredniowieczna studnia klasztoru Bernardyn\u00f3w w Jaworze: badania interdyscyplinarne \/ pod red. Arkadiusza Mu\u0142y. &#8211; Jawor: Muzeum Regionalne, 2015.<\/li>\n<li>\u015arodowiskowe i kulturowe uwarunkowania rybo\u0142\u00f3wstwa lud\u00f3w wybrze\u017cy Ba\u0142yku w V-IV tysi\u0105cleciu przed Chrystusem na przyk\u0142adzie osady w D\u0105bkach, stan. 9 (gm. Dar\u0142owo) \/ Miros\u0142awa Zabilska-Kunek; Fundacja Rzeszowskiego O\u015brodka Archeologicznego, Instytut Archeologii Uniwersytetu Rzeszowskiego. &#8211; Rzesz\u00f3w: MITEL, 2014.<\/li>\n<li>Tajemnice kupc\u00f3w czyli o dawnych wagach i miarach \/ Grzegorz Wojturski. &#8211; Wroc\u0142aw: Muzeum Narodowe, 2016.<\/li>\n<li>Technika i nauka w muzeum \/ [red. nauk. Micha\u0142 F. Wo\u017aniak et al.]; Muzeum Okr\u0119gowe im. Leona Wycz\u00f3\u0142kowskiego w Bydgoszczy, Narodowy Instytut Muzealnictwa i Ochrony Zbior\u00f3w. &#8211; Bydgoszcz: Muzeum Okr\u0119gowe im. Leona Wycz\u00f3\u0142kowskiego; Warszawa: Narodowy Instytut Muzealnictwa i Ochrony Zbior\u00f3w, 2014.<\/li>\n<li>Technika w dziejach cywilizacji &#8211; z my\u015bl\u0105 o przysz\u0142o\u015bci. T. 10 \/ pod red. Stanis\u0142awa Januszewskiego; Fundacja Otwartego Muzeum Techniki. &#8211; Wroc\u0142aw: Fundacja Otwartego Muzeum Techniki, 2014.<\/li>\n<li>Technika w dziejach cywilizacji &#8211; z my\u015bl\u0105 o przysz\u0142o\u015bci. T. 11 \/ pod red. Stanis\u0142awa Januszewskiego; Fundacja Otwartego Muzeum Techniki. &#8211; Wroc\u0142aw: Fundacja Otwartego Muzeum Techniki, 2015.<\/li>\n<li>The Baltic Sea &#8211; a mediterranean of north Europe: in the light of archaeological, historical and natural science research from ancient to early medieval times \/ [ed. by Olgierd Felczak]; Stowarzyszenie Architekt\u00f3w Polskich. Oddzia\u0142 w Gda\u0144sku, Muzeum Archeologiczne w Gda\u0144sku. &#8211; Gda\u0144sk: Stowarzyszenie Naukowe Archeolog\u00f3w Polskich. Oddzia\u0142: Muzeum Archeologiczne, 2015.<\/li>\n<li>The historic environment: policy &amp; practice. &#8211; London: Maney Publishing, 2010-.<\/li>\n<li>The idea of the cottage in English architecture, 1760-1860 \/ Daniel Maudlin. &#8211; London: Routledge Taylor &amp; Francis Group, 2015.<\/li>\n<li>The Manoppello Icon the prototype of images of Christ \/ Karolina Aszyk, Zbigniew Treppa. &#8211; Gda\u0144sk: Wydawnictwo Uniwersytetu Gda\u0144skiego, 2014.<\/li>\n<li>The Valletta Convention: twenty years after: benefits, problems, challenges \/ ed. by Victoria M. van der Haas, Peter A.C. Schut. &#8211; Bruxelles: Europae Archaeologiae Consilium (EAC): Association Internationale sans But Lucratif (AISBL), 2014.<\/li>\n<li>Toru\u0144ska Star\u00f3wka: ochrona i konserwacja dziedzictwa kulturowego UNESCO \/ [teksty Jakub G\u0142az, Dariusz Stryniak]. &#8211; Toru\u0144: Gmina Miasta, 2014.<\/li>\n<li>Toru\u0144ski modernizm: architektura miasta 1920-1989 \/ [red. nauk. Katarzyna Kluczwajd, Micha\u0142 Pszcz\u00f3\u0142kowski]. &#8211; Toru\u0144: Toru\u0144ski Oddzia\u0142 Stowarzyszenia Historyk\u00f3w Sztuki, [2016].<\/li>\n<li>Tradycja gotycka w architekturze sakralnej ziem ruskich Korony \/ Tomasz Zaucha. &#8211; Krak\u00f3w: Muzeum Narodowe: Towarzystwo Wydawnicze Historia Iagellonica, 2015.<\/li>\n<li>Tradycyjne rzemios\u0142o ludowe &#8220;Gin\u0105ce zawody&#8221;: katalog wystawy \/ [aut. wystawy Damian Adamczak]. &#8211; Chorz\u00f3w: G\u00f3rno\u015bl\u0105ski Park Etnograficzny, 2005.<\/li>\n<li>Treasures of art: the National Museum in Warsaw \/ [foreword by: Agnieszka Morawi\u0144ska et. al]. &#8211; Warsaw: &#8220;Arkady&#8221;: Muzeum Narodowe, 2016.<\/li>\n<li>Tresta Rz\u0105dowa, stanowisko 1 cmentarzysko kultury \u0142u\u017cyckiej z Polski \u015arodkowej \/ \u0141ukasz Oleszczak, Wojciech Twardowski; Wydawnictwo i Pracownia Archeologiczna PROFIL-ARCHEO, Instytut Archeologii Uniwersytetu Jagiello\u0144skiego. &#8211; P\u0119kowice: Wydawnictwo i Pracownia Archeologiczna PROFIL-ARCHEO; Krak\u00f3w: Instytut Archeologii Uniwersytetu Jagiello\u0144skiego, 2011.<\/li>\n<li>Trzy \u015bwiaty \u015bredniowiecza: iuxta castrum Sandouel \/ Grzegorz Kiarszys. &#8211; Szczecin: Wydawnictwo Naukowe Uniwersytetu Szczeci\u0144skiego, 2015.<\/li>\n<li>Tw\u00f3rczo\u015b\u0107 grupy Dziewi\u0119ciu Grafik\u00f3w (1947-1960) \/ Ma\u0142gorzata Ksenia Krzy\u017canowska. &#8211; Warszawa: Polski Instytut Studi\u00f3w nad Sztuk\u0105 \u015awiata; Toru\u0144: Wydawnictwo Tako, 2014.<\/li>\n<li>Tw\u00f3rczo\u015b\u0107 grupy Dziewi\u0119ciu Grafik\u00f3w (1947-1960) \/ Ma\u0142gorzata Ksenia Krzy\u017canowska. &#8211; Warszawa: Polski Instytut Studi\u00f3w nad Sztuk\u0105 \u015awiata; Toru\u0144: Wydawnictwo Tako, 2014.<\/li>\n<li>Tw\u00f3rczo\u015b\u0107 malarzy polskich w papieskim Rzymie w XIX wieku \/ Maria Nitka. &#8211; Warszawa: Polski Instytut Studi\u00f3w nad Sztuk\u0105 \u015awiata; Toru\u0144: Wydawnictwo Tako, 2014.<\/li>\n<li>Tykocin &#8211; zamek nad Narwi\u0105 (XV-XVIII w.): badania archeologiczne w latach 1961-1963 i 1999-2007 \/ red. Magdalena Bis, Wojciech Bis; Instytut Archeologii i Etnologii Polskiej Akademii Nauk. &#8211; Warszawa: Instytut Archeologii i Etnologii Polskiej Akademii Nauk, 2015.<\/li>\n<li>Ubiory na dworze kr\u00f3la Jana III Sobieskiego \/ [red. nauk. Monika Janisz]. &#8211; [Warszawa]: Muzeum Pa\u0142acu Kr\u00f3la Jana III w Wilanowie, [2016].<\/li>\n<li>Uczony dw\u00f3r Ludwiki Marii Gonzagi (1646-1667): z dziej\u00f3w polsko-francuskich stosunk\u00f3w naukowych \/ Karolina Targosz. &#8211; Wyd. 2 z aneksami. &#8211; Warszawa: Muzeum Pa\u0142acu Kr\u00f3la Jana III w Wilanowie, 2015.<\/li>\n<li>Ukrzy\u017cowany na palmowym drzewie: konserwacja rze\u017aby drewnianej polichromowanej Chrystus Ukrzy\u017cowany na drzewie palmowym z ko\u015bcio\u0142a oo. Dominikan\u00f3w w Lublinie na tle ikonografii przedstawienia \/ Natalia Kucia-Szymor. &#8211; Krak\u00f3w: Ksi\u0119garnia Akademicka, 2016.<\/li>\n<li>Urbanistyka &#8220;a la fran\u00e7aise&#8221;: tysi\u0105c lat do\u015bwiadcze\u0144 i europejskich innowacji dope\u0142nienie obrazu. T. 1, W poszukiwaniu \u017ar\u00f3de\u0142 urbanistyki europejskiej: modele \u015bredniowiecznej organizacji przestrzeni po\u0142udniowej Francji: od Cyrkulad do Bastyd \/ Krzysztof Kazimierz Paw\u0142owski. &#8211; Krak\u00f3w: Towarzystwo Autor\u00f3w i Wydawnictw Prac Naukowych Universitas, 2016.<\/li>\n<li>Urz\u0105d marsza\u0142kowski koronny w bezkr\u00f3lewiach XVII-XVIII wieku (1632-1736) \/ Krzysztof Wi\u015bniewski. &#8211; Warszawa: Arx Regia O\u015brodek Wydawniczy Zamku Kr\u00f3lewskiego, 2015.<\/li>\n<li>Ustawa krajobrazowa: komentarz do przepis\u00f3w wprowadzonych w zwi\u0105zku ze wzmocnieniem narz\u0119dzi ochrony krajobrazu \/ red. nauk. Anna Fogel, Grzegorz Gole\u0144, Anna Ma\u0142ecka. &#8211; Stan prawny na 1 grudnia 2015 r. &#8211; Warszawa: Wolters Kluwer, 2016.<\/li>\n<li>Ustawa krajobrazowa, rewitalizacyjna i metropolitalna: komentarz do przepis\u00f3w o planowaniu i zagospodarowaniu przestrzennym \/ Maciej Nowak, Zuzanna Tokarzewska-\u017barna. &#8211; Stan prawny: czerwiec 2016. &#8211; Warszawa: Wydawnictwo C.H. Beck, 2016.<\/li>\n<li>Ustawa o ochronie zabytk\u00f3w i opiece nad zabytkami: komentarz \/ Anna Michalak, Artur Ginter. &#8211; Stan prawny na 1 marca 2016 r. &#8211; Warszawa: Wolters Kluwer, 2016.<\/li>\n<li>Vademecum konserwatora zabytk\u00f3w: mi\u0119dzynarodowe normy ochrony dziedzictwa kultury (edycja 2015) \/ wyb\u00f3r tekst\u00f3w i oprac. Bogus\u0142aw Szmygin. &#8211; Warszawa: Polski Komitet Naukowy Mi\u0119dzynarodowej Rady Ochrony Zabytk\u00f3w ICOMOS, 2015.<\/li>\n<li>Vademecum konserwatora zabytk\u00f3w: mi\u0119dzynarodowe normy ochrony dziedzictwa kultury \/ Polski Komitet Narodowy ICOMOS; red. Marek Konopka, Krzysztof Paw\u0142owski. &#8211; Warszawa: Polski Komitet Narodowy ICOMOS, 1996-.<\/li>\n<li>Vernacular architecture. &#8211; York: Vernacular Architecture Group,.<\/li>\n<li>Visual cultures of death in Central Europe: contemplation and commemoration in early modern Poland-Lithuania \/ Aleksandra Koutny-Jones. &#8211; Leiden; Boston: Brill, 2015.<\/li>\n<li>W cieniu D\u017cersera: badania polskich archeolog\u00f3w w Sakkarze \/ Karol My\u015bliwiec; Fundacja na Rzecz Nauki Polskiej. &#8211; Toru\u0144; Warszawa: Fundacja na Rzecz Nauki Polskiej, 2016.<\/li>\n<li>W czasach, gdy Stargard by\u0142 stolic\u0105&#8230;: o kuflu monetowym ma\u0142\u017conk\u00f3w von Lockst\u00e4dt w zbiorach Muzeum Archeologiczno-Historycznego w Stargardzie \/ pod red. Marcina Majewskiego. &#8211; Stargard: Muzeum Archeologiczno-Historyczne, 2014.<\/li>\n<li>W kr\u0119gu \u00c9cole de Paris: malarze \u017cydowscy z Polski \/ Jerzy Malinowski, Barbara Brus-Malinowska. &#8211; Warszawa: Wydawnictwo DiG, 2007.<\/li>\n<li>W kr\u0119gu \u015bwiat\u0142a lampy naftowej \/ [red. Jan Gancarski]. &#8211; Rzesz\u00f3w: MITEL, 2005.<\/li>\n<li>W kr\u0119gu Wycz\u00f3\u0142a \/ [red. nauk. Micha\u0142 F. Wo\u017aniak]; Muzeum Okr\u0119gowe im. Leona Wycz\u00f3\u0142kowskiego w Bydgoszczy. &#8211; Bydgoszcz: Muzeum Okr\u0119gowe im. Leona Wycz\u00f3\u0142kowskiego, 2013.<\/li>\n<li>W poszukiwaniu zaginionego miasta: 15 lat bada\u0144 \u015bredniowiecznej lokalizacji Nieszawy \/ pod red. Aleksandra Andrzejewskiego i Piotra Wronieckiego; Stowarzyszenie Naukowe Archeolog\u00f3w Polskich. Oddzia\u0142 w \u0141odzi, Instytut Archeologii Uniwersytetu \u0141\u00f3dzkiego. &#8211; \u0141\u00f3d\u017a: Stowarzyszenie Naukowe Archeolog\u00f3w Polskich. Oddzia\u0142: Instytut Archeologii Uniwersytetu \u0141\u00f3dzkiego, 2015.<\/li>\n<li>Wac\u0142aw Nowakowski \/ Marta Karpi\u0144ska. &#8211; Krak\u00f3w: Instytut Architektury, 2015.<\/li>\n<li>Warmi\u0144sko-Mazurski Biuletyn Konserwatorski \/ [Wojew\u00f3dzki Oddzia\u0142 S\u0142u\u017cby Ochrony Zabytk\u00f3w w Olsztynie; red. nacz. Jacek Wysocki]. &#8211; Olsztyn: Wojew\u00f3dzki Oddzia\u0142 S\u0142u\u017cby Ochrony Zabytk\u00f3w, 1999-.<\/li>\n<li>Warszawa Kopczy\u0144skich \/ [red. kat. Alicja Sz\u00f3stka]. &#8211; Warszawa: Muzeum Literatury im. Adama Mickiewicza, 2016.<\/li>\n<li>Warszawski Dom Technika 1905-2015 \/ Bronis\u0142aw Hynowski. &#8211; Warszawa: Federacja Stowarzysze\u0144 Naukowo-Technicznych NOT; Warszawski Dom Technika NOT Sp. z o.o., 2015.<\/li>\n<li>Warszawskie rezydencje na przedmie\u015bciach i pod miastem w XVI-XVIII wieku \/ Jolanta Putkowska. &#8211; Warszawa: Muzeum Pa\u0142acu Kr\u00f3la Jana III w Wilanowie, 2016.<\/li>\n<li>W\u0119gry: zesp\u00f3\u0142 osadniczy na pograniczu pomorsko-pruskim w XI-XII w. \/ Mieczys\u0142aw Haftka, S\u0142awomir Wadyl; we wsp\u00f3\u0142pracy z Danielem Makowieckim i Katarzyn\u0105 Pi\u0144sk\u0105. &#8211; Malbork: Muzeum Zamkowe, 2015.<\/li>\n<li>Wiadomo\u015bci Konserwatorskie: biuletyn Stowarzyszenia Konserwator\u00f3w Zabytk\u00f3w \/ [Stowarzyszenie Konserwator\u00f3w Zabytk\u00f3w. Zarz\u0105d G\u0142\u00f3wny; zesp\u00f3\u0142 pod kier. J. Frycza i M. Konopki]. &#8211; [Warszawa]: SKZ ZG, 1985-.<\/li>\n<li>Wiadomo\u015bci Konserwatorskie Wojew\u00f3dztwa Lubelskiego \/ [Oddzia\u0142 Wojew\u00f3dzki S\u0142u\u017cby Ochrony Zabytk\u00f3w w Lublinie; zesp\u00f3\u0142 red. Halina Landecka przewodn.]. &#8211; Lublin: Oddzia\u0142 Wojew\u00f3dzki S\u0142u\u017cby Ochrony Zabytk\u00f3w, 1999-.<\/li>\n<li>Wicina: katalog zabytk\u00f3w metalowych \/ [pod red. Aliny Jaszewskiej]. &#8211; Zielona G\u00f3ra: Stowarzyszenie Naukowe Archeolog\u00f3w Polskich. Oddzia\u0142 Lubuski, 2011.<\/li>\n<li>Widzialne niewidzialnego: nowe ko\u015bcio\u0142y warszawskie \/ Konrad Kucza-Kuczy\u0144ski. &#8211; Warszawa: Oficyna Wydawnicza Politechniki Warszawskiej, 2015.<\/li>\n<li>Wiejski dom mieszkalny w wid\u0142ach Wis\u0142y i Sanu: forma i funkcja (1850-1965) \/ J\u00f3zef Furdyna. &#8211; Mielec: Samorz\u0105dowe Centrum Kultury, 2014.<\/li>\n<li>Wielki s\u0142ownik angielsko-polski \/ red. nacz. Jadwiga Linde-Usiekniewicz. &#8211; Wyd. 1, dodr. &#8211; Warszawa: Wydawnictwo Naukowe PWN; [Oxford]: Oxford University Press, 2014.<\/li>\n<li>Wielkopolski Biuletyn Konserwatorski \/ Wojew\u00f3dzki Oddzia\u0142 S\u0142u\u017cby Ochrony Zabytk\u00f3w w Poznaniu, Stowarzyszenie Naukowe Archeolog\u00f3w Polskich. Oddzia\u0142 w Poznaniu; Aleksander Starzy\u0144ski red. &#8211; Pozna\u0144: Wydaw. Pozna\u0144skie, 2002-.<\/li>\n<li>Wielofazowe osady kultury mierzanowickiej w Targowisku i Zakrzowcu na Podg\u00f3rzu Wielickim \/ [red. Jacek G\u00f3rski, Pawe\u0142 Jarosz]. &#8211; Krak\u00f3w: Krakowski Zesp\u00f3\u0142 do Bada\u0144 Autostrad, 2015.<\/li>\n<li>Wierzcho\u0142ek papierowej wie\u017cy Babel: Mi\u0119dzynarodowe Biennale Plakatu w Warszawie w latach 1966-2014 \/ Zdzis\u0142aw Schubert; Muzeum Plakatu w Wilanowie. Oddzia\u0142 Muzeum Narodowego w Warszawie. &#8211; Warszawa: Muzeum Pa\u0142ac w Wilanowie, 2016.<\/li>\n<li>Wies\u0142aw Domas\u0142owski \/ Wies\u0142aw Domas\u0142owski, Jadwiga W. \u0141ukaszewicz, Piotr Niemcewicz, Arletta Piasecka, Katarzyna Polak; pod red. Aliny Tomaszewskiej-Szewczyk. &#8211; Toru\u0144: Wydawnictwo Naukowe Uniwersytetu Miko\u0142aja Kopernika, 2016.<\/li>\n<li>Wie\u015b g\u00f3rno\u015bl\u0105ska w dawnej grafice i fotografii: wie\u015b g\u00f3rno\u015bl\u0105ska w przedstawieniach wizualnych od po\u0142owy XIX wieku do 1939 roku \/ [autorzy wyst. Damian Adamczak, Antoni Kreis]. &#8211; Chorz\u00f3w: G\u00f3rno\u015bl\u0105ski Park Etnograficzny, 2013.<\/li>\n<li>Wie\u017ca Klesza i Domek Dzwonnika na Zamku Wysokim w Malborku: dzieje, konserwacja \/ pod red. Janusza Hochleitnera i Mariusza Mierzwi\u0144skiego; Muzeum Zamkowe w Malborku. &#8211; Malbork: Muzeum Zamkowe, 2016.<\/li>\n<li>Wie\u017ce wyci\u0105gowe od \u017curawia do konstrukcji \u017celbetowej: katalog wystawy \/ Adam Fru\u017cy\u0144ski, Piotr Wybraniec. &#8211; Chorz\u00f3w: G\u00f3rno\u015bl\u0105ski Park Etnograficzny, 2008.<\/li>\n<li>Willa w krajobrazie miasta przemys\u0142owego \/ Katarzyna \u0141akomy; Politechnika Krakowska im. Tadeusza Ko\u015bciuszki. &#8211; Krak\u00f3w: Wydawnictwo PK, 2015.<\/li>\n<li>Witold C\u0119ckiewicz. T. 1, Rozmowy o architekturze: projekty \/ pod red. Marty Karpi\u0144skiej, Doroty Le\u015bniak-Rychlak, Micha\u0142a Wi\u015bniewskiego. &#8211; Krak\u00f3w: Instytut Architektury, 2015.<\/li>\n<li>Witold C\u0119ckiewicz. T. 2, Socrealizm, socmodernizm, postmodernizm: eseje \/ pod red. Marty Karpi\u0144skiej, Doroty Le\u015bniak-Rychlak, Micha\u0142a Wi\u015bniewskiego. &#8211; Krak\u00f3w: Instytut Architektury, 2015.<\/li>\n<li>Wobec Formy Otwartej Oskara Hansena: idea, utopia, reinterpretacja \/ pod red. Marcina Lechowskiego, Magdaleny Linkowskiej, Zbigniewa Sobczuka; Towarzystwo Naukowe Katolickiego Uniwersytetu Lubelskiego, Katolicki Uniwersytet Lubelski, Katedra Historii Sztuki Wsp\u00f3\u0142czesnej KUL. &#8211; Lublin: Towarzystwo Naukowe KUL: Lubelskie Towarzystwo Zach\u0119ty Sztuk Pi\u0119knych: Katolicki Uniwersytet Lubelski Jana Paw\u0142a II, 2009.<\/li>\n<li>Woda \/ [red. naukowy Irena Kontny]. &#8211; Katowice: \u015al\u0105ski Wojew\u00f3dzki Konserwator Zabytk\u00f3w: \u015al\u0105skie Centrum Dziedzictwa Kulturowego, 2015.<\/li>\n<li>Wok\u00f3\u0142 dworu i pa\u0142acu w \u0141abu\u0144kach 1771-1944 \/ Agnieszka Szyku\u0142a-\u017bygawska. &#8211; \u0141abunie: Biblioteka Publiczna Gminy \u0141abunie, 2015.<\/li>\n<li>Wok\u00f3\u0142 herbaty, kawy i czekolady \/ Aleksandra Prze\u017adziecka-Kuja\u0142owicz. &#8211; Warszawa: Muzeum Pa\u0142acu Kr\u00f3la Jana III w Wilanowie, 2016.<\/li>\n<li>Wp\u0142yw spo\u0142eczno\u015bci pradziejowych i okresu \u015bredniowiecza na \u015brodowisko przyrodnicze Pojezierza Gostyni\u0144skiego \/ eds. Ma\u0142gorzata Rybicka i Agnieszka Wacnik; Fundacja Rzeszowskiego O\u015brodka Archeologicznego, Instytut Archeologii Uniwersytetu Rzeszowskiego. &#8211; Rzesz\u00f3w: MITEL, 2012.<\/li>\n<li>Wroc\u0142awska Europa: przewodnik \/ [tekst Ewa Houszka, Marek Pierzcha\u0142a, Jacek Witecki]. &#8211; Wroc\u0142aw: Muzeum Narodowe, 2016.<\/li>\n<li>Wschodnie pogranicze grupy po\u0142udniowo-wschodniej kultury puchar\u00f3w lejkowatych \/ pod red. Ma\u0142gorzaty Rybickiej; Fundacja Rzeszowskiego O\u015brodka Archeologicznego, Instytut Archeologii Uniwersytetu Rzeszowskiego. &#8211; Rzesz\u00f3w: MITEL, 2014.<\/li>\n<li>Wskrzeszenie \u0141azarza w teologii i ikonografii \u015bredniowiecza \/ Stanis\u0142aw Kobielus. &#8211; Krak\u00f3w: Tyniec Wydawnictwo Benedyktyn\u00f3w, 2016.<\/li>\n<li>Wsp\u00f3\u0142czesne funkcje handlowe w wybranych ma\u0142ych miastach wojew\u00f3dztwa dolno\u015bl\u0105skiego [Dokument elektroniczny] \/ pod red. nauk. Roberta Masztalskiego. &#8211; Wroc\u0142aw: Oficyna Wydawnicza Politechniki Wroc\u0142awskiej, 2014.<\/li>\n<li>WuWA &#8211; Mieszkanie i miejsce pracy \/ [tekst o osiedlu WuWA: Jadwiga Urbanik; wywiady: Gra\u017cyna Hryncewicz-Lamber]. &#8211; Wroc\u0142aw: Wroc\u0142awska Rewitalizacja, 2014.<\/li>\n<li>Wybrane materia\u0142y w gda\u0144skich warsztatach malarskich od XV do XVIII wieku w \u015bwietle bada\u0144 metod\u0105 spektroskopii Ramana (RS) \/ Justyna Olszewska-\u015awietlik, Edyta Proniewicz, Bo\u017cena Szmelter-Fausek, Ewa Pi\u0119ta. &#8211; Toru\u0144: Pracownia Wydawnicza EIKON Dorota Dominiak, 2014.<\/li>\n<li>Wybrane zagadnienia zarz\u0105dzania dobrami UNESCO w Polsce \/ praca zbiorowa pod red. Bogus\u0142awa Szmygina. &#8211; Warszawa: Polski Komitet Naukowy Mi\u0119dzynarodowej Rady Ochrony Zabytk\u00f3w ICOMOS; Lublin: Politechnika Lubelska, 2015.<\/li>\n<li>Wyjazdy &#8220;za sztuk\u0105&#8221;: nadzieje, zyski i straty artyst\u00f3w XIX i XX wieku \/ red. nauk. Dorota Kudelska, Ewelina Kury\u0142ek. &#8211; Lublin: Towarzystwo Naukowe Katolickiego Uniwersytetu Lubelskiego Jana Paw\u0142a II, 2015.<\/li>\n<li>Wyk\u0142ad prawa ochrony zabytk\u00f3w \/ Katarzyna Zalasi\u0144ska, Kamil Zeidler. &#8211; Warszawa: Wolters Kluwer SA; Gda\u0144sk: Wydawnictwo Uniwersytetu Gda\u0144skiego, 2015.<\/li>\n<li>Wystawy \u015bwiatowe w Barcelonie: problemy zachowania dziedzictwa kulturowego \/ Ksenia Katarzyna Pi\u0105tkowska. &#8211; Gda\u0144sk: Politechnika Gda\u0144ska. Wydzia\u0142 Architektury, 2014.<\/li>\n<li>Wyzwania turystyki kulturowej w Malborku \/ pod red. Janusza Hochleitnera. &#8211; Malbork: Muzeum Zamkowe, 2016.<\/li>\n<li>XVII-wieczny o\u015brodek z\u0142otniczy w Brodnicy: Muzeum w Brodnicy, katalog wystawy, listopad 2001 &#8211; stycze\u0144 2002 \/ Edyta Osiak. &#8211; Brodnica: Muzeum, [2001].<\/li>\n<li>XYZ: o profesorze Mieczys\u0142awie Por\u0119bskim \/ [teksty: Krystyna Czerni, Maria Poprz\u0119cka, Maria Anna Potocka, Julita Kwa\u015bniak]. &#8211; Krak\u00f3w: Muzeum Sztuki Wsp\u00f3\u0142czesnej MOCAK, 2015.<\/li>\n<li>Z dziej\u00f3w Krowodrzy \/ pod red. Ma\u0142gorzaty Niechaj. &#8211; Krak\u00f3w: Ksi\u0119garnia Akademicka, 2015.<\/li>\n<li>Z dziej\u00f3w religijnych Pomezanii w XVIII wieku. T. 1, Synteza dziej\u00f3w \/ Mieczys\u0142aw J\u00f3zefczyk. &#8211; Malbork: Muzeum Zamkowe, 2015.<\/li>\n<li>Z dziej\u00f3w religijnych Pomezanii w XVIII wieku. T. 2, \u0179r\u00f3d\u0142a do dziej\u00f3w XVIII-wiecznej Pomezanii \/ Mieczys\u0142aw J\u00f3zefczyk. &#8211; Malbork: Muzeum Zamkowe, 2015.<\/li>\n<li>Zabytki na Mazowszu: rocznik konserwatorski \/ [Mazowiecki Wojew\u00f3dzki Konserwator Zabytk\u00f3w; red. Rafa\u0142 Nadolny]. &#8211; Warszawa: Wojew\u00f3dzki Urz\u0105d Ochrony Zabytk\u00f3w w Warszawie, 2012-.<\/li>\n<li>Zabytkowe parki podworskie Pomorza \u015arodkowego \/ Zbigniew Sobisz, Mariola Truchan; Pomorska Akademia Pedagogiczna w S\u0142upsku, Fundacja Wsp\u00f3\u0142pracy Polsko-Niemieckiej. &#8211; Wyd. 2 uzup. &#8211; S\u0142upsk: Wydawnictwo Naukowe Akademii Pomorskiej, 2010.<\/li>\n<li>Zagadnienia konserwacji zabytkowej architektury drewnianej: materia\u0142y pomocnicze \/ Tomasz Tomaszek. &#8211; Rzesz\u00f3w: Oficyna Wydawnicza Politechniki Rzeszowskiej, 2015.<\/li>\n<li>Zagroda robotnik\u00f3w le\u015bnych z Bru\u015bka \/ Piotr Rygus. &#8211; Chorz\u00f3w: Muzeum &#8220;G\u00f3rno\u015bl\u0105ski Park Etnograficzny&#8221;, 2014.<\/li>\n<li>Zamek biskup\u00f3w warmi\u0144skich w Lidzbarku Warmi\u0144skim: dzieje budowlane i problemy konserwatorskie \/ Wojciech W\u00f3\u0142kowski. &#8211; Olsztyn: Muzeum Warmii i Mazur, 2016.<\/li>\n<li>Zamek w Cz\u0142uchowie: historia, architektura, archeologia \/ [tekst Maciej Kurdwanowski, Micha\u0142 Starski]. &#8211; Warszawa; Cz\u0142uch\u00f3w: Muzeum Regionalne, 2015.<\/li>\n<li>Zamek w Go\u0142a\u0144czy: dzieje i architektura od po\u0142owy XIV po schy\u0142ek XVIII stulecia \/ Tomasz Olszacki, Artur R\u00f3\u017ca\u0144ski. &#8211; Go\u0142a\u0144cz: Go\u0142aniecki O\u015brodek Kultury. Biblioteka Publiczna, 2015.<\/li>\n<li>Zamiech\u00f3w, stan. 18: wielokulturowe stanowisko na Przedg\u00f3rzu Rzeszowskim \/ Sylwester Czopek, Jaros\u0142aw Bronowicki, Joanna Podg\u00f3rska-Czopek; z aneksami: Marzeny i Daniela Makowieckich, Miros\u0142awy Zabilskiej-Kunek i Joanny Rog\u00f3\u017c; Fundacja Rzeszowskiego O\u015brodka Archeologicznego. &#8211; Rzesz\u00f3w: MITEL, 2015.<\/li>\n<li>Zapomniane miejsca Dolnego \u015al\u0105ska: przewodnik. Cz. 1, Nizina \u015al\u0105ska \/ [Jakub Jagie\u0142\u0142o]. &#8211; Warszawa: Wydawnictwo Ciekawe Miejsca.net, 2016.<\/li>\n<li>Zapomniane miejsca \u015awi\u0119tokrzyskie: przewodnik \/ [Rafa\u0142 Jurkowski]. &#8211; Warszawa: Wydawnictwo Ciekawe Miejsca.net, 2016.<\/li>\n<li>Zeesen \/ [Hrsg. Sibylle Badst\u00fcbner-Gr\u00f6ger]. &#8211; Berlin: Freundeskreis Schl\u00f6sser und G\u00e4rten der Mark in der Deutschen Gesellschaft e.V., 2004.<\/li>\n<li>Zeitschrift f\u00fcr Kunsttechnologie und Konservierung: mit den Mitteilungen des deutschen Restauratorenverbandes. &#8211; Worms: Wernersche, 1987-.<\/li>\n<li>Zernikow \/ [Hrsg. Sibylle Badst\u00fcbner-Gr\u00f6ger]. &#8211; Berlin: Freundeskreis Schl\u00f6sser und G\u00e4rten der Mark in der Deutschen Gesellschaft e.V., 2010.<\/li>\n<li>Zesp\u00f3\u0142 zabytkowy Piotrawina: promocja dziedzictwa: materia\u0142y z og\u00f3lnopolskiej konferencji naukowej po\u015bwi\u0119conej podsumowaniu bada\u0144 archeologicznych i prac remontowo-konserwatorskich w zespole sakralnym w Piotrawinie prowadzonych w latach 2011-2013 oraz wybranym zabytkom zgromadzonym na wystawie przy ko\u015bciele parafialnym \/ Renata Bartnik. &#8211; Piotrawin: Parafia pw. \u015bw. Tomasza Ap. i \u015bw. Stanis\u0142awa BM, 2014.<\/li>\n<li>Zeszyty Naukowe Politechniki Pozna\u0144skiej. Architektura i Urbanistyka \/ [red. zeszyt\u00f3w naukowych Eugeniusz Mitkowski; kom. red. serii Architektura i Urbanistyka Robert Ast przewodn.]. &#8211; Pozna\u0144: Wydawnictwo Politechniki Pozna\u0144skiej, 1999-.<\/li>\n<li>Zeszyty Naukowe Uniwersytetu Jagiello\u0144skiego. Opuscula Musealia \/ [Uniwersytet Jagiello\u0144ski] = Universitatis Iagellonica Acta Scientiarum Litterarumque. Opuscula Musealia \/ [Universitatis Iagellonica; red. Stanis\u0142aw Walto\u015b]. &#8211; Warszawa: Pa\u0144stwowe Wydawnictwo Naukowe; Krak\u00f3w: Uniwersytet Jagiello\u0144ski, 1986-.<\/li>\n<li>Zgromadzenie Pan\u00f3w Z\u0142otnik\u00f3w Krakowskich w latach 1772-1866: cech i sztuka z\u0142otnicza wobec przemian politycznych i gospodarczych Krakowa \/ Micha\u0142 My\u015bli\u0144ski. &#8211; Warszawa: Instytut Sztuki Polskiej Akademii Nauk, 2016.<\/li>\n<li>Ziarnko do ziarnka i b\u0119dzie miarka: dawne przyrz\u0105dy metrologiczne: korce, \u0142okcie, wagi, odwa\u017cniki, cyrkle&#8230;: informator do wystawy \/ Tadeusz Fercowicz. &#8211; Wroc\u0142aw: Muzeum Narodowe, 2016.<\/li>\n<li>Zichow \/ [Hrsg. Sibylle Badst\u00fcbner-Gr\u00f6ger]. &#8211; Berlin: Freundeskreis Schl\u00f6sser und G\u00e4rten der Mark in der Deutschen Gesellschaft e.V., 2010.<\/li>\n<li>Ziele\u0144 Warszawy \/ fot. , uk\u0142ad i oprac. Henryk Lisowski; [teksty i przypisy naukowe i \u017ar\u00f3d\u0142owe Gerard Cio\u0142ek]. &#8211; Warszawa: Sport i Turystyka, 1956.<\/li>\n<li>Zobaczy\u0107 niewidzialne: zabytki sztuki sakralnej w powiecie tarnog\u00f3rskim \/ Zofia Krzykowska. &#8211; Tarnowskie G\u00f3ry: Stowarzyszenie Mi\u0142o\u015bnik\u00f3w Ziemi Tarnog\u00f3rskiej; Muzeum w Tarnowskich G\u00f3rach, 2014.<\/li>\n<li>Zygmunt Radnicki (1894-1969) \/ [\u015awiatos\u0142aw Lenartowicz]. &#8211; Krak\u00f3w: Muzeum Narodowe, 2015.<\/li>\n<li>\u017belazowa Wola: dzieje domu Chopina \/ Mariola Wojtkiewicz. &#8211; Warszawa: Narodowy Instytut Fryderyka Chopina, 2010.<\/li>\n<li>\u017bycie w\u015br\u00f3d pi\u0119kna: \u015bwiat chi\u0144skiego uczonego: sztuka z Chi\u0144skiego Muzeum Narodowego \/ [red. nauk. Joanna Popkowska]. &#8211; Warszawa: Muzeum Narodowe, 2016.<\/li>\n<li>\u0410\u0440\u0445\u0456\u0442\u0435\u043a\u0442\u0443\u0440\u0430 \u0456 \u043c\u0456\u0441\u0442\u043e\u0431\u0443\u0434\u0443\u0432\u0430\u043d\u043d\u044f \u0417\u0430\u0445\u0456\u0434\u043d\u043e\u0457 \u0412\u043e\u043b\u0438\u043d\u0456 1921-1939 \u0440o\u043ai\u0432 \/ \u041e\u043b\u044c\u0433\u0430 \u041c\u0438\u0445\u0430\u0439\u043b\u0438\u0448\u0438\u043d. &#8211; \u0420\u0456\u0432\u043d\u0435: \u0414\u044f\u0442\u043b\u0438\u043a \u041c., 2013.<\/li>\n<\/ol>\n<p>[\/et_pb_toggle][et_pb_toggle title=&#8221;2015&#8243; open_toggle_text_color=&#8221;#e52330&#8243; closed_toggle_text_color=&#8221;#000000&#8243; _builder_version=&#8221;4.16&#8243; _module_preset=&#8221;default&#8221; title_font=&#8221;|700|||||||&#8221; closed_title_font=&#8221;|700|||||||&#8221; custom_margin=&#8221;||10px|||&#8221; global_colors_info=&#8221;{}&#8221;]<\/p>\n<p><span style=\"color: #808080;\">liczba nowo\u015bci: 621<\/span><\/p>\n<p><span style=\"color: #808080;\"><\/span><\/p>\n<ol>\n<li>&#8220;Dubiecko &#8211; na przestrzeni wiek\u00f3w&#8221;: 4 konferencja historyczna, 21-22 wrze\u015bnia 2010 r., Dubiecko \/ [red. projektu Danuta Armata]. &#8211; Dubiecko: Urz\u0105d Gminy, 2010.<\/li>\n<li>&#8220;Dubiecko &#8211; od zarania dziej\u00f3w&#8221;: 3 konferencja historyczna, 23 wrze\u015bnia 2009 r., Dubiecko \/ [red. projektu Danuta Armata]. &#8211; Dubiecko: Urz\u0105d Gminy, 2009.<\/li>\n<li>&#8220;Dziedzictwo kulturowe Dubiecka i okolic&#8221;: 5 konferencja historyczna \/ [red. projektu Danuta Armata]. &#8211; Dubiecko: Urz\u0105d Gminy, 2013.<\/li>\n<li>&#8220;Krzemionki Opatowskie&#8221;: monument prahistorii Europy: kopalnie krzemienia pasiastego \/ Jerzy Tomasz B\u0105bel. &#8211; Ostrowiec \u015awi\u0119tokrzyski: Muzeum Historyczno-Archeologiczne, 2015.<\/li>\n<li>&#8220;Pomniki wdzi\u0119czno\u015bci&#8221; Armii Czerwonej w Polsce Ludowej i w III Rzeczypospolitej \/ Dominika Czarnecka. &#8211; Warszawa: Instytut Pami\u0119ci Narodowej. Komisja \u015acigania Zbrodni przeciwko Narodowi Polskiemu, 2015.<\/li>\n<li>&#8220;Sen architekta&#8221; czyli o historii i historyzmie architektury XIX i XX wieku: studia i materia\u0142y \/ Zdzis\u0142awa To\u0142\u0142oczko; Politechnika Krakowska im. Tadeusza Ko\u015bciuszki. &#8211; Wyd. 2 poszerz. &#8211; Krak\u00f3w: Politechnika Krakowska, 2015.<\/li>\n<li>100 dawnych adres\u00f3w Warszawy \/ Ireneusz Zalewski. &#8211; Warszawa: Agencja Wydawniczo-Reklamowa Skarpa Warszawska, 2015.<\/li>\n<li>100 lat Muzeum w Szczecinie \/ [pod red. Szymona Piotra Kubiaka, Dariusza Kacprzaka]. &#8211; Szczecin: Muzeum Narodowe, 2013.<\/li>\n<li>100 rarytas\u00f3w z kolekcji militari\u00f3w w Muzeum Narodowym w Krakowie \/ Micha\u0142 Dziewulski; [t\u0142. Jerzy Juru\u015b]. &#8211; Krak\u00f3w: Muzeum Narodowe, 2015.<\/li>\n<li>100-lecie ko\u015bcio\u0142a \u015bw. Gotarda na kaliskim Rypinku \/ [red. Jolanta Delura]. &#8211; Kalisz: [s.n.], 2010.<\/li>\n<li>1913 &#8211; \u015awi\u0119to wiosny \/ [pod red. Szymona Piotra Kubiaka, Dariusza Kacprzaka]. &#8211; Szczecin: Muzeum Narodowe, 2013.<\/li>\n<li>40 years World Heritage Convention \/ popularizing the protection of cultural and natural heritage \/ ed. Marie-Theres Albert, Birgitta Ringbeck. &#8211; Berlin: de Gruyter, 2015.<\/li>\n<li>ABC: go\u015b\u0107 niepe\u0142nosprawny w muzeum \/ [red. zeszytu Joanna Grzonkowska]. &#8211; Warszawa: Narodowy Instytut Muzealnictwa i Ochrony Zbior\u00f3w, 2013.<\/li>\n<li>ABC ochrony muze\u00f3w skansenowskich. &#8211; Warszawa: Narodowy Instytut Muzealnictwa i Ochrony Zbior\u00f3w, 2014.<\/li>\n<li>ABC zarz\u0105dzania kolekcj\u0105 muzealn\u0105 \/ [red. zeszytu Joanna Grzonkowska]. &#8211; Warszawa: Narodowy Instytut Muzealnictwa i Ochrony Zbior\u00f3w, 2014.<\/li>\n<li>Abrys, delineatio, kopersztych&#8230; czyli &#8220;przednie rysowanie, godne poszanowania, dobrych magistr\u00f3w rysunki&#8221;: projekty dzie\u0142 ma\u0142ej architektury ze zbior\u00f3w krakowskich \/ Andrzej Betlej, Agata Dworzak. &#8211; Krak\u00f3w: Wydawnictwo Kasper, 2014.<\/li>\n<li>Acta Universitatis Nicolai Copernici. Nauki Humanistyczno-Spo\u0142eczne. Zabytkoznawstwo i Konserwatorstwo \/ [Uniwersytet Miko\u0142aja Kopernika w Toruniu]. &#8211; Toru\u0144: Wydawnictwo Uniwersytetu Miko\u0142aja Kopernika, 1974-.<\/li>\n<li>Adresy gratulacyjne i dyplomy cz\u0142onkowskie z lat 1836-1912 ze zbior\u00f3w Gabinetu Dokument\u00f3w Muzeum Narodowego we Wroc\u0142awiu \/ Zofia Bandurska. &#8211; Wroc\u0142aw: Muzeum Narodowe, 2015.<\/li>\n<li>Akta wizytacji katedry wawelskiej oraz ko\u015bcio\u0142\u00f3w diecezji krakowskiej 1602-1604 \/ oprac. El\u017cbieta Bularz; Zamek Kr\u00f3lewski na Wawelu. Pa\u0144stwowe Zbiory Sztuki. &#8211; Krak\u00f3w: Zamek Kr\u00f3lewski na Wawelu. Pa\u0144stwowe Zbiory Sztuki, 2015.<\/li>\n<li>Aleja Szucha 25: historia gmachu polskiej edukacji \/ [tekst Tomasz Urzykowski]. &#8211; Warszawa; Ministerstwo Edukacji Narodowej, 2014.<\/li>\n<li>Aleksander Gierymski 1850-1901 \/ [red. Zofia Jurkowlaniec (eseje), Maja Porajska-Ha\u0142ka (kalendarium, katalog malarstwa), Ma\u0142gorzata Jurkiewicz (katalog rysunk\u00f3w i ryciny). &#8211; Warszawa: Muzeum Narodowe, 2014.<\/li>\n<li>Alleen in Deutschland: Bedeutung, Pflege, Entwicklung \/ hrsg. von Ingo Lehmann und Michael Rohde. &#8211; Leipzig: Edition Leipzig, 2006.<\/li>\n<li>Allgemeines K\u00fcnstler-Lexikon: die Bildenden K\u00fcnstler aller Zeiten und V\u00f6lker. Bd. 86, Lunt &#8211; Mandelsloh \/ Hrsg. von Andreas Beyer, B\u00e9n\u00e9dicte Savoy, Wolf Tegethoff. &#8211; Berlin: de Gruyter, 2015.<\/li>\n<li>Allgemeines K\u00fcnstler-Lexikon: die Bildenden K\u00fcnstler aller Zeiten und V\u00f6lker. Bd. 87, Mandelstamm Matielli \/ Hrsg. von Andreas Beyer, B\u00e9n\u00e9dicte Savoy, Wolf Tegethoff. &#8211; Berlin: de Gruyter, 2015.<\/li>\n<li>Allgemeines K\u00fcnstler-Lexikon: die Bildenden K\u00fcnstler aller Zeiten und V\u00f6lker. Bd. 88, Matijin &#8211; Meixner \/ Hrsg. von Andreas Beyer, B\u00e9n\u00e9dicte Savoy, Wolf Tegethoff; in Zsarb. mit Eberhard K\u00f6nig. &#8211; Berlin: de Gruyter, 2016.<\/li>\n<li>Allgemeines K\u00fcnstler-Lexikon: die Bildenden K\u00fcnstler aller Zeiten und V\u00f6lker. Bd. 89, Majchar &#8211; Minguzzi \/ Hrsg. von Andreas Beyer, B\u00e9n\u00e9dicte Savoy, Wolf Tegethoff. &#8211; Berlin: de Gruyter, 2016.<\/li>\n<li>Allgemeines K\u00fcnstler-Lexikon: die Bildenden K\u00fcnstler aller Zeiten und V\u00f6lker. Bd. 90, Minh Cao &#8211; Morrillo \/ Hrsg. von Andreas Beyer, B\u00e9n\u00e9dicte Savoy, Wolf Tegethoff. &#8211; Berlin: de Gruyter, 2016.<\/li>\n<li>Andr\u00e9 Le N\u00f4tre in perspective \/ ed. by Patricia Bouchenot-D\u00e9chin and Georges Farhat. &#8211; Paris: Hazan; 2013.<\/li>\n<li>Andrzej Schl\u00fcter: rze\u017abiarz kr\u00f3l\u00f3w \/ Mariusz Karpowicz. &#8211; Warszawa: Muzeum Pa\u0142acu Kr\u00f3la Jana III w Wilanowie, 2014.<\/li>\n<li>Animalia &#8211; anomalia (\u0141\u00f3d\u017a, 19.04.2013); I tak zjedz\u0105 nas robale, czyli O w\u0142a\u015bciwym porz\u0105dku \u015bwiata (\u0141\u00f3d\u017a, 15.03.2013): materia\u0142y ze studencko-doktoranckich konferencji naukowych zorganizowanych przez Sekcj\u0119 Dawn\u0105 Ko\u0142a Naukowego Historyk\u00f3w Sztuki Uniwersytetu \u0141\u00f3dzkiego \/ [red. Krzysztof Stefa\u0144ski]. &#8211; \u0141\u00f3d\u017a: Ko\u0142o Naukowe Historyk\u00f3w Sztuki. Sekcja Dawna. Katedra Historii Sztuki. Uniwersytet \u0141\u00f3dzki, 2014.<\/li>\n<li>Anthropological Perspectives on Intangible Cultural Heritage \/ Lourdes Arizpe, Cristina Amescua. &#8211; Cham: Springer, 2013.<\/li>\n<li>Archaeological heritage management in the modern world \/ ed. by Henryk Cleere. &#8211; London: Routledge Taylor &amp; Francis Group, 2000.<\/li>\n<li>Archeologia powiatu obornickiego: Oborniki &#8211; Rogo\u017ano &#8211; Ryczyw\u00f3\u0142 \/ pod red. Tomasza Skorupki; Muzeum Archeologiczne w Poznaniu, Oddzia\u0142 Pozna\u0144ski Stowarzyszenia Naukowego Archeolog\u00f3w Polskich. &#8211; Pozna\u0144: Muzeum Archeologiczne, 2005.<\/li>\n<li>Archeologia Zamku Ksi\u0105\u017c\u0105t Pomorskich w Szczecinie \/ Eugeniusz Cnotliwy. &#8211; Szczecin: Muzeum Narodowe, 2014.<\/li>\n<li>Archikatedra w Lublinie: konserwacja kaplicy pod wezwaniem Niepokalanego Pocz\u0119cia Marii Panny \/ [zesp\u00f3\u0142 red. Edward Kosakowski et al.]. &#8211; Lublin: Parafia Archikatedralna, 1999.<\/li>\n<li>Architectus: pismo Wydzia\u0142u Architektury Politechniki Wroc\u0142awskiej \/ [red. nauk. Ewa \u0141u\u017cyniecka]. &#8211; [Wroc\u0142aw]: Wydzia\u0142 Architektury Politechniki Wroc\u0142awskiej, 1997-.<\/li>\n<li>Architekci i historia \/ Janusz Sepio\u0142. &#8211; Krak\u00f3w: Towarzystwo Autor\u00f3w i Wydawc\u00f3w Prac Naukowych Universitas, 2015.<\/li>\n<li>Architekt Zdzis\u0142aw M\u0105cze\u0144ski (1878-1961) \/ Agata Szmitkowska. &#8211; Bia\u0142ystok: Oficyna Wydawnicza Politechniki Bia\u0142ostockiej, 2014.<\/li>\n<li>Architektura ch\u0142opska Doliny Dolnej Wis\u0142y w latach 1772-1945 i jej problematyka konserwatorska \/ Maciej Prarat. &#8211; Toru\u0144: Muzeum Etnograficzne im. Marii Znamierowskiej-Pr\u00fcfferowej, 2012.<\/li>\n<li>Architektura Galicji w dobie autonomii na przyk\u0142adzie Jaros\u0142awia \/ Marek Goszty\u0142a, Beata Jagie\u0142a, Iwona Duszik. &#8211; Rzesz\u00f3w: Oficyna Wydawnicza Politechniki Rzeszowskiej, 2012.<\/li>\n<li>Architektura i rozw\u00f3j przestrzenny Zakopanego 1600-2013 \/ Zbigniew Mo\u017adzierz; Towarzystwo Muzeum Tatrza\u0144skiego, Muzeum Tatrza\u0144skiego im. dra T. Cha\u0142ubi\u0144skiego w Zakopanem. &#8211; Zakopane: cop. Towarzystwo Muzeum Tatrza\u0144skiego &amp; Muzeum Tatrza\u0144skiego im. dra T. Cha\u0142ubi\u0144skiego, 2013.<\/li>\n<li>Architektura Kalisza w dobie Kr\u00f3lestwa Kongresowego \/ Iwona Bara\u0144ska; Uniwersytet im. Adama Mickiewicza w Poznaniu. Instytut Pedagogiczno-Artystyczny w Kaliszu, Kaliskie Towarzystwo Przyjaci\u00f3\u0142 Nauk. &#8211; Kalisz: Kaliskie Towarzystwo Przyjaci\u00f3\u0142 Nauk, 2002.<\/li>\n<li>Architektura modernistyczna w Zabrzu \/ [tekst Tomasz Wagner]. &#8211; Zabrze: Urz\u0105d Miejski, 2013.<\/li>\n<li>Architektura pa\u0142acu Goetz\u00f3w-Okocimskich w Brzesku-Okocimiu \/ Mateusz Grz\u0119da; Instytut Historii Sztuki Uniwersytetu Jagiello\u0144skiego. &#8211; Krak\u00f3w: Towarzystwo Autor\u00f3w i Wydawc\u00f3w Prac Naukowych Universitas, 2014.<\/li>\n<li>Architektura Podkowy Le\u015bnej \/ Grzegorz Gr\u0105tkowski. &#8211; Wyd. 2 popr. &#8211; Podkowa Le\u015bna: Towarzystwo Przyjaci\u00f3\u0142 Miasta-Ogrodu Podkowa Le\u015bna, 2007.<\/li>\n<li>Architektura polska lat 1976-2001 na obszarze Pomorza Zachodniego \/ Wojciech Bal, El\u017cbieta Czekiel-\u015awitalska, Wojciech Paw\u0142owski, Mi\u0142osz Raczy\u0144ski, Adam M. Szymski. &#8211; Szczecin: Przedsi\u0119biorstwo Produkcyjno-Handlowe ZAPOL Dmochowski, Sobczyk: Ksi\u0105\u017cnica Pomorska im. Stanis\u0142awa Staszica, 2014.<\/li>\n<li>Architektura schronisk g\u00f3rskich w Sudetach \/ Jacek Suchodolski. &#8211; Wyd. 2 popr. &#8211; Wroc\u0142aw: Oficyna Wydawnicza Politechniki Wroc\u0142awskiej, 2014.<\/li>\n<li>Architektura u\u017cyteczno\u015bci publicznej II Rzeczypospolitej 1918-1939: funkcja \/ Micha\u0142 Pszcz\u00f3\u0142kowski. &#8211; \u0141\u00f3d\u017a: Ksi\u0119\u017cy M\u0142yn Dom Wydawniczy, 2015.<\/li>\n<li>Archiwa, Biblioteki i Muzea Ko\u015bcielne: organ O\u015brodka Archiw\u00f3w, Bibliotek i Muze\u00f3w Ko\u015bcielnych przy Katolickim Uniwersytecie Lubelskim = Archiva, Bibliothecae et Musea Ecclesiastica \/ red. Stanis\u0142aw Librowski. &#8211; Lublin: [s.n.], 1959-.<\/li>\n<li>Arkadia: the illusion and the reality: an eighteenth-century Polish garden under restoration \/ [Fiona Cowell, Ewa \u015awi\u0119cka]. &#8211; [London: Polish Cultural Institute], 1995.<\/li>\n<li>Artifex: pismo Ko\u0142a Naukowego Student\u00f3w Historii Sztuki Uniwersytetu Kardyna\u0142a Stefana Wyszy\u0144skiego \/ [red. Bart\u0142omiej Gutowski, Piotr Janowczyk]. &#8211; [Warszawa: Ko\u0142o Naukowe Student\u00f3w Historii Sztuki Uniwersytetu Kardyna\u0142a Stefana Wyszy\u0144skiego], 2000-.<\/li>\n<li>Artium Quaestiones \/ Uniwersytet im. Adama Mickiewicza w Poznaniu; red. Konstanty Kalinowski. &#8211; Pozna\u0144: [s. n.], 1979-.<\/li>\n<li>Arty\u015bci \u017cydowscy w Warszawie 1939-1945 \/ Magdalena Tarnowska. &#8211; Warszawa: Wydawnictwo DiG, 2015.<\/li>\n<li>Atlas historyczny miast polskich. T. 1, Prusy Kr\u00f3lewskie i Warmia. Z. 5, Malbork \/ red. Antoni Czacharowski, Roman Czaja; oprac. historyczne Wies\u0142aw D\u0142ugo\u0142\u0119cki, Wies\u0142aw Sieradzan przy wsp\u00f3\u0142pr. Mariusza Mierzwi\u0144skiego; oprac. kartograficzne Dariusz Chwia\u0142kowski, Agnieszka Nory\u015bkiewicz, Wies\u0142aw Sieradzan. &#8211; Toru\u0144: Wydawnictwo Uniwersytetu Miko\u0142aja Kopernika, 2002.<\/li>\n<li>Atlas historyczny miast polskich. T. 1, Prusy Kr\u00f3lewskie i Warmia. Z. 6, \u015awiecie \/ red. historyczna Roman Czaja; red. kartograficzna Zenon Kozie\u0142; oprac. historyczne Roman Czaja; oprac. kartograficzne Rados\u0142aw Golba, Zenon Kozie\u0142, Agnieszka Pilarska przy wsp\u00f3\u0142pr. Dariusza Chwia\u0142kowskiego, Agnieszki Nory\u015bkiewicz. &#8211; Toru\u0144: Wydawnictwo Naukowe Uniwersytetu Miko\u0142aja Kopernika, 2012.<\/li>\n<li>Atlas historyczny miast polskich. T. 1, Prusy Kr\u00f3lewskie i Warmia. Z. 7, Chojnice \/ red. historyczna Roman Czaja; red. kartograficzna Zenon Kozie\u0142; oprac. historyczne Roman Czaja; oprac. kartograficzne Rados\u0142aw Golba, Zenon Kozie\u0142, Izabela Lewandowska. &#8211; Toru\u0144: Wydawnictwo Naukowe Uniwersytetu Miko\u0142aja Kopernika, 2013.<\/li>\n<li>Autoportret: pismo o dobrej przestrzeni: kwartalnik Ma\u0142opolskiego Instytutu Kultury. &#8211; Krak\u00f3w: Ma\u0142opolski Instytut Kultury, 2002-.<\/li>\n<li>Badania architektoniczne: historia i perspektywy rozwoju \/ pod red. Mariana Arszy\u0144skiego, Macieja Prarata, Ulricha Schaafa, Bo\u017ceny Zimnowody-Krajewskiej; Zak\u0142ad Konserwatorstwa. Instytut Zabytkoznawstwa i Konserwatorstwa. Uniwersytet Miko\u0142aja Kopernika w Toruniu. &#8211; Toru\u0144; Pelplin: Wydawnictwo Bernardinum, 2015.<\/li>\n<li>Ba\u0142ucianka: w kr\u0119gu zaginionej sztuki \/ Artur Bata. &#8211; Krosno: Kro\u015bnie\u0144ska Oficyna Wydawnicza, 2014.<\/li>\n<li>Barok: historia, literatura, sztuka \/ [Instytut Literatury Polskiej Uniwersytetu Warszawskiego; red. nacz. Janusz Pelc]. &#8211; Warszawa: &#8220;Semper&#8221;, 1994-.<\/li>\n<li>Barokowe organy w katedrze pelpli\u0144skiej: rekonstrukcja i konserwacja \/ [red. Jerzy Deja]. &#8211; Pelplin: Wydawnictwo Diecezji Pelpli\u0144skiej &#8220;Bernardinum&#8221;, 2003.<\/li>\n<li>Barokowe per\u0142y na terenie wojew\u00f3dztwa sandomierskiego: z dziej\u00f3w budownictwa rezydencjonalno-obronnego \/ pod red. Dariusza Kaliny. &#8211; Kielce: Stowarzyszenie Ziemia \u015awi\u0119tokrzyska, 2011.<\/li>\n<li>Bazylika Serca Jezusowego t\u0119tni\u0105ce \u017cyciem serce warszawskiej Pragi \/ Bronis\u0142aw Kant. &#8211; Warszawa: Parafia Rzymsko-Katolicka Naj\u015bwi\u0119tszego Serca Jezusowego, 2008.<\/li>\n<li>Belweder oraz jego mieszka\u0144cy i u\u017cytkownicy (1818-2014) \/ Mariusz Kolmasiak. &#8211; Cz\u0119stochowa; Wydawnictwo Taurus, 2014.<\/li>\n<li>Bernardo Bellotto i jego drezde\u0144ski apartament: o to\u017csamo\u015bci spo\u0142ecznej i artystycznej weneckiego wedutysty \/ Ewa Manikowska. &#8211; Warszawa: Instytut Sztuki PAN, 2014.<\/li>\n<li>Bielajewo: zabytek przesz\u0142o\u015bci \/ Kuba Snopek. &#8211; Warszawa: Fundacja Nowej Kultury B\u0119c Zmiana, 2014.<\/li>\n<li>Biuletyn Konserwatorski Wojew\u00f3dztwa Podlaskiego \/ Wojew\u00f3dzki Oddzia\u0142 S\u0142u\u017cby Ochrony Zabytk\u00f3w w Bia\u0142ymstoku; [Janina Ho\u015bci\u0142owicz, Lucyna Stalo\u0144czyk red. zeszytu]. &#8211; Bia\u0142ystok: Wojew\u00f3dzki Oddzia\u0142 S\u0142u\u017cby Ochrony Zabytk\u00f3w, 1999-.<\/li>\n<li>Biuletyn Oddzia\u0142u Warmi\u0144sko-Mazurskiego Stowarzyszenia Konserwator\u00f3w Zabytk\u00f3w. &#8211; Toru\u0144; Olsztyn: Wydawnictwo &#8220;Algo&#8221;, 2005-.<\/li>\n<li>Blask ciemno\u015bci i \u015bwiat\u0142o niewiedzy \/ Stanis\u0142aw Kobielus. &#8211; Z\u0105bki: Apostolicum Wydawnictwo Ksi\u0119\u017cy Pallotyn\u00f3w Prowincji Chrystusa Kr\u00f3la, 2015.<\/li>\n<li>B\u0142ogos\u0142awiona Salomea i klasztory klarysek w Zawicho\u015bcie, Skale i Krakowie do ko\u0144ca XV wieku \/ El\u017cbieta Sander. &#8211; Krak\u00f3w: Wydawnictwo Instytutu Teologicznego Ksi\u0119\u017cy Misjonarzy, 2015.<\/li>\n<li>Bo to z\u0142a kobieta by\u0142a&#8230;: hetery, prostytutki, wariatki &#8211; kulturowy obraz kobiety: materia\u0142y z og\u00f3lnopolskiej studencko-doktoranckiej konferencji naukowej zorganizowanej przez Sekcj\u0119 Dawn\u0105 Ko\u0142a Naukowego Historyk\u00f3w Sztuki Uniwersytetu \u0141\u00f3dzkiego, (9-10 grudnia 2011) \/ [red. Jowita Jagla]. &#8211; \u0141\u00f3d\u017a: Ko\u0142o Naukowe Historyk\u00f3w Sztuki. Sekcja Dawna. Katedra Historii Sztuki. Uniwersytet \u0141\u00f3dzki, 2013.<\/li>\n<li>Bodzia: a late viking-age elite cemetery in central Poland \/ ed. by Andrzej Buko; ed. assistant Dorota Cyngot. &#8211; Leiden: Boston: Brill, 2015.<\/li>\n<li>Botschaften zur Gartendenkmalpflege: Festschrift f\u00fcr Klaus-Henning von Krosigk: ein bunter Strau\u00df von Aufs\u00e4tzen und Essays von Gartendenkmalpflegern und Freunden zum Abschied aus dem Landesdenkmalamt Berlin \/ Landesdenkmalamt Berlin und Deutsche Gesellschaft f\u00fcr Gartenkunst und Landschaftskultur e.V. &#8211; Petersberg: Michael Imhof Verlag, 2011.<\/li>\n<li>Budowanie w pi\u0119knym krajobrazie. 2 \/ zesp\u00f3\u0142 red. publ. Jacek Godlewski, Andrzej Wi\u0119ckowski, James Burlew; Oddzia\u0142 Towarzystwa Urbanist\u00f3w Polskich w Jeleniej G\u00f3rze, Wydzia\u0142 Architektury Politechniki Wroc\u0142awskiej. &#8211; Jelenia G\u00f3ra: Poligrafia Wydawnictwo AD REM, 2007.<\/li>\n<li>Bursztyn i \u017cu\u0142awskie konteksty kulturowe \/ praca zbiorowa pod red. nauk. Janusza Hochleitnera. &#8211; Malbork: Muzeum Zamkowe; 21 cm.<\/li>\n<li>Bursztynowym szlakiem drewnianych ko\u015bcio\u0142\u00f3w \/ Damian Langner. &#8211; Warszawa: Imprint &#8211; Wydawnictwo Barbelo, 2014.<\/li>\n<li>Bydgoski Rocznik Muzealny \/ Muzeum im. Leona Wycz\u00f3\u0142kowskiego. &#8211; Bydgoszcz: Muzeum, 1969-.<\/li>\n<li>Calor amicus czyli o kaflu i piecu \/ Katarzyna Moskal. &#8211; Krak\u00f3w: Muzeum Historyczne Miasta Krakowa, 2010.<\/li>\n<li>Ceramika \u0107mielowska w zbiorach Muzeum Narodowego w Kielcach: od manufaktury magnackiej do przemys\u0142u \/ Magdalena \u015aniegulska-Gomu\u0142a. &#8211; Kielce: Muzeum Narodowe, 2015.<\/li>\n<li>Cia\u0142a, groby i ikony: kult \u015bwi\u0119tych w ruskiej tradycji literackiej i ikonograficznej \/ Aleksandra Sulikowska. &#8211; Warszawa: Fundacja &#8220;Ars Auro Prior&#8221;: Wydawnictwo Neriton, 2013.<\/li>\n<li>Codzienno\u015b\u0107 dawnej Francji: \u017cycie i rzeczy w czasach ancien r\u00e9gime&#8217;u \/ pod red. Michela Figeaca; prze\u0142. z j\u0119z. fr. Dorota Sie\u0144ko. &#8211; Warszawa: Muzeum Pa\u0142acu Kr\u00f3la Jana III w Wilanowie, 2015.<\/li>\n<li>Collegium Minus \/ Dariusz Niemiec, Marcin Starzy\u0144ski. &#8211; Krak\u00f3w: Ksi\u0119garnia Akademicka, 2015.<\/li>\n<li>Collegium Novum \/ Andrzej Chwalba, Monika Bogdanowska. &#8211; Krak\u00f3w: Ksi\u0119garnia Akademicka, 2014.<\/li>\n<li>Conflictus magnus apud Grunwald 1410: mi\u0119dzy histori\u0105 a tradycj\u0105 \/ red. Katarzyna O\u017c\u00f3g, Janusz Trupinda. &#8211; Malbork: Muzeum Zamkowe, 2013.<\/li>\n<li>Conservation and management of archaeological sites. &#8211; London: James &amp; James (Science Publishers) Ltd., 1995-.<\/li>\n<li>Cultural heritage: management, identity and potential \/ edited by \u0141ukasz Gawe\u0142, Ewa Koc\u00f3j. &#8211; Krak\u00f3w: Jagiellonian University Press, 2015.<\/li>\n<li>Cultural heritage in international investment law and arbitration \/ Valentina Vadi. &#8211; Cambridge: Cambridge University Press, 2014.<\/li>\n<li>Cyna: zabytki sztuki konwisarskiej w zbiorach Zamku Kr\u00f3lewskiego na Wawelu \/ Anna Petrus. &#8211; Krak\u00f3w: Zamek Kr\u00f3lewski na Wawelu, 2014.<\/li>\n<li>Czarny Dunajec: ko\u015bci\u00f3\u0142 Przenaj\u015bwi\u0119tszej Tr\u00f3jcy \/ Rafa\u0142 Monita, Andrzej Skorupa. &#8211; Krak\u00f3w: Wydawnictwo Astraia, 2013.<\/li>\n<li>Czas muze\u00f3w w Europie \u015arodkowej: muzea i centra sztuki wsp\u00f3\u0142czesnej (1989-2014) \/ Katarzyna Jagodzi\u0144ska. &#8211; Krak\u00f3w: Mi\u0119dzynarodowe Centrum Kultury, 2014.<\/li>\n<li>Cztery nowoczesno\u015bci: teksty o sztuce i architekturze polskiej XX wieku \/ Andrzej Szczerski. &#8211; Krak\u00f3w: Studio wydawnicze DodoEditor, 2015.<\/li>\n<li>Dahme \/ [Alexandra Rumanovsk\u00e1]. &#8211; Berlin: Freundeskreis Schl\u00f6sser und G\u00e4rten der Mark in der Deutschen Gesellschaft e.V., 2015.<\/li>\n<li>Das Oratorium Marianum der Universit\u00e4t Breslau &#8211; ein Festsaal des Marienlobs und der K\u00fcnste: seine Geschichte bis zur Wiederherstellung der Deckenmalerei im Jahr 2014 \/ Norbert Conrads. &#8211; Wroc\u0142aw: Via Nowa: Niemiecko-Polskie Towarzystwo Uniwersytetu Wroc\u0142awskiego, 2014.<\/li>\n<li>Das Parkseminar: Gartendenkmalpflege und Naturschutz durch b\u00fcrgerschaftliches Engagement am Beispiel der Parkseminare im Schlospark Brody\/Pf\u00f6rten (Polen) \/ Rudolf Schr\u00f6der und Claudius Wecke; Herg. vom Landesverein S\u00e4chsischer Heimatschutz e.V. und dem Europ\u00e4ischen Parkverbund Lausitz. &#8211; Cottbus: Stiftung F\u00fcrst-P\u00fcckler-Museum Park und Schloss Branitz, 2013.<\/li>\n<li>Dawne piecz\u0119cie: typologia, metody bada\u0144, interpretacje \/ pod red. Zenona Piecha; Polskie Towarzystwo Heraldyczne. &#8211; Warszawa: Wydawnictwo DiG, 2015.<\/li>\n<li>D\u0105b wczesno\u015bredniowieczny &#8211; zapis poznania: badania nad zabezpieczeniem i ochron\u0105 konstrukcji wa\u0142\u00f3w grodowych eksponowanych w Rezerwacie Archeologicznym Genius loci na Ostrowie Tumskim w Poznaniu \/ pod red. Agnieszki Stempin i Wies\u0142awa Olka. &#8211; Pozna\u0144: Wydawnictwo Uniwersytetu Przyrodniczego, 2014.<\/li>\n<li>DenkMal: Zeitschrift f\u00fcr Denkmalpflege in Schleswig-Holstein. &#8211; Kiel: Landesamt f\u00fcr Denkmalpflege, Schleswig-Holstein, 1994-.<\/li>\n<li>Denkmalpflege Informationen. &#8211; M\u00fcnchen: Bayerisches Landesamt f\u00fcr Denkmalpflege, 2006-.<\/li>\n<li>Denkmalpflege-Themen \/ Bayerisches Landesamt f\u00fcr Denkmalpflege. &#8211; M\u00fcnchen: Bayerisches Landesamt f\u00fcr Denkmalpflege, 2010-.<\/li>\n<li>DENKmalWERTE: Beitr\u00e4ge zur Theorie und Aktualit\u00e4t der Denkmalpflege \/ Hans-Rudolf Meier &amp; Ingrid Scheurmann (Hg.). &#8211; Berlin: Deutscher Kunstverlag, 2010.<\/li>\n<li>Dezynfekcja chemiczna zabytk\u00f3w na pod\u0142o\u017cu papierowym: skuteczno\u015b\u0107 i zagro\u017cenia \/ Joanna Karbowska-Berent. &#8211; Toru\u0144: Wydawnictwo Naukowe Uniwersytetu Miko\u0142aja Kopernika, 2014.<\/li>\n<li>Die Entwicklung des Denkmalrechts in Preu\u00dfen 1701-1947 \/ Stefan Mieth. &#8211; Frankfurt am Main: Peter Lang Europ\u00e4ischer Verlag der Wissenschaften, 2005.<\/li>\n<li>Die Gartenkunst. &#8211; Worms am Rhein: Wernersche Verlagsgesellschaft, 1989-.<\/li>\n<li>Domus Malbork: zamek krzy\u017cacki w typie regularnym \/ Kazimierz Pospieszny. &#8211; Toru\u0144: Wydawnictwo Naukowe Uniwersytetu Miko\u0142aja Kopernika, 2014.<\/li>\n<li>Drewniane cerkwie w polskim i ukrai\u0144skim regionie Karpat: Dobra Kultury Rzeczypospolitej Polskiej i Republiki Ukrainy wpisane na List\u0119 \u015awiatowego Dziedzictwa UNESCO \/ scenariusz wystawy Mariusz Czuba, Maciej Rymkiewicz. &#8211; Warszawa: Narodowy Instytut Dziedzictwa, 2014.<\/li>\n<li>Drewniane dzwonnice cerkiewne dawnego wojew\u00f3dztwa przemyskiego \/ Jan Kurek. &#8211; Krak\u00f3w: KMB Press, 2013.<\/li>\n<li>Drewniany ko\u015bci\u00f3\u0142 w Haczowie: pomnik \u015awiatowego Dziedzictwa Kultury \/ Piotr \u0141opatkiewicz. &#8211; Krak\u00f3w: nak\u0142. Parafii Rzymskokatolickiej Wniebowzi\u0119cia NMP w Haczowie, 2015.<\/li>\n<li>Dubiecko &#8211; dzieje najdawniejsze, dawne i wsp\u00f3\u0142czesne: materia\u0142y z konferencji historycznej odbytej w dniach 24-25 wrze\u015bnia 2008 roku w Dubiecku \/ [red. Danuta Armata]. &#8211; Dubiecko: Urz\u0105d Gminy, 2008.<\/li>\n<li>DwaRogi \/ Fryderyk Zgodzaj. &#8211; Katowice: Studio NOA Ireneusz Olsza; Twor\u00f3g: Gminny O\u015brodek Kultury, 2013.<\/li>\n<li>Dwory i pa\u0142ace ziemi wrzesi\u0144skiej&#8230;: &#8220;&#8230;ocali\u0107 od zapomnienia&#8230;&#8221; \/ [aut. zdj\u0119\u0107 Eugenia Dolata et al.].; Wrzesi\u0144ski Uniwersytet Trzeciego Wieku. &#8211; Wrze\u015bnia: Wrzesi\u0144ski Uniwersytet Trzeciego Wieku, 2014.<\/li>\n<li>Dwory w Albumach Inwentaryzacji Wsi Zak\u0142adu Architektury Polskiej Wydzia\u0142u Architektury Politechniki Warszawskiej (1921-1939) \/ Ma\u0142gorzata Rozbicka. &#8211; Warszawa: Oficyna Wydawnicza Politechniki Warszawskiej, 2014.<\/li>\n<li>Dw\u00f3r ze \u015awi\u0119can czyli Domu szlachecko-ziemia\u0144skiego \u017cycia opisane pod\u0142ug urz\u0105dzenia i sprz\u0119t\u00f3w w nim si\u0119 znajduj\u0105cych \/ Renata Kinga Jara. &#8211; Sanok: Muzeum Budownictwa Ludowego, 2014.<\/li>\n<li>Dziedzictwo Fryderyka Chopina: kolekcja Boutroux-Ferr\u00e0 w Valldemossie \/ Bo\u017cena Schmid-Adamczyk; red. nauk. i uzup. Ewa S\u0142awi\u0144ska-Dahlig. &#8211; Warszawa: Ministerstwo Kultury i Dziedzictwa Narodowego, 2015.<\/li>\n<li>Dziedzictwo historyczno-artystyczne Archidiecezji Warmi\u0144skiej: zabytki ruchome \/ Janina Bosko, Jacek Maciej Wojtkowski. &#8211; Olsztyn: Muzeum Archidiecezji Warmi\u0144skiej, 2011.<\/li>\n<li>Dziedzictwo i perspektywy: VIII Mi\u0119dzynarodowa Konferencja o architekturze i sztuce sakralnej z cyklu: &#8220;Ko\u015bcio\u0142y naszych czas\u00f3w&#8221;, Kielce &#8211; SacroExpo 2009 \/ [oprac. edytorskie Regina Kozakiewicz-Opa\u0142ka]; Stowarzyszenie Architekt\u00f3w Polskich. Oddzia\u0142 Kielce, Targi Kieleckie. &#8211; Kielce: Stowarzyszenie Architekt\u00f3w Polskich. Oddzia\u0142, 2013.<\/li>\n<li>Dziedzictwo kulturowe przemys\u0142u i struktur osadniczych w obszarze Aglomeracji G\u00f3rno\u015bl\u0105skiej \/ Barbara Stankiewicz. &#8211; Gliwice: Wydawnictwo Politechniki \u015al\u0105skiej, 2014.<\/li>\n<li>Dzieje ko\u015bcio\u0142a i szpitala \u015bw. Ducha w Kole \/ Krzysztof Witkowski. &#8211; Ko\u0142o: Muzeum Technik Ceramicznych, 2013.<\/li>\n<li>Dzieje miejscowo\u015bci i parafii Ujazd w XIX i XX wieku \/ Werner Szygula. &#8211; Opole: Wydawnictwo i Drukarnia \u015awi\u0119tego Krzy\u017ca: Redakcja Wydawnictw Wydzia\u0142u Teologicznego Uniwersytetu Opolskiego, 2014.<\/li>\n<li>Dzieje parafii i ko\u015bcio\u0142a pw. Znalezienia Krzy\u017ca \u015awi\u0119tego w Ma\u0142ym P\u0142ocku: praca zbiorowa \/ pod red. Marii Przytockiej. &#8211; Ma\u0142y P\u0142ock: Parafia Rzymskokatolicka; \u0141om\u017ca: Wydawnictwo Spes, 2013.<\/li>\n<li>Dzieje Parafii pw. \u015bw. Marcina z Tours w Krzeszowicach (1820-2012) \/ Piotr G\u0119bka, Dorota Strojnowska. &#8211; Krak\u00f3w: Ksi\u0119garnia Akademicka, 2015.<\/li>\n<li>Dzieje wielickiej \u017cupy solnej \/ Antoni Jod\u0142owski. &#8211; Wieliczka: Muzeum \u017bup Krakowskich, 2015.<\/li>\n<li>Dzieje zamku w Pucku \/ Jerzy Krupp\u00e9, Martyna Milewska. &#8211; Warszawa: Instytut Archeologii Uniwersytetu Warszawskiego: Fundacja Przyjaci\u00f3\u0142 Instytutu Archeologii Uniwersytetu Warszawskiego, 2014.<\/li>\n<li>Dziej\u00f3w polskich pomniki: kroniki i dziejopisarstwo w starodrukach z kolekcji Muzeum Narodowego w Krakowie \/ Agnieszka Perzanowska. &#8211; Krak\u00f3w: Muzeum Narodowe, 2015.<\/li>\n<li>Dzie\u0142a i Interpretacje \/ Ko\u0142o Naukowe Student\u00f3w Historii Sztuki Uniwersytetu Wroc\u0142awskiego. &#8211; Wroc\u0142aw: Ko\u0142o Naukowe Student\u00f3w Historii Sztuki Uniwersytetu Wroc\u0142awskiego, 1993-.<\/li>\n<li>Dzie\u0142o sztuki &#8211; dzie\u0142o wiary: przez widziane do niewidzianego \/ Stanis\u0142aw Kobielus. &#8211; Z\u0105bki: Apostolicum Wydawnictwo Ksi\u0119\u017cy Pallotyn\u00f3w Prowincji Chrystusa Kr\u00f3la, 2002.<\/li>\n<li>Dziewi\u0119tnastowieczny ratusz w Kaliszu: architektura i niezrealizowany projekt nowoczesno\u015bci \/ Makary G\u00f3rzy\u0144ski. &#8211; Kalisz: Kaliskie Towarzystwo Przyjaci\u00f3\u0142 Nauk, 2014.<\/li>\n<li>D\u017awi\u0119k w krajobrazie &#8211; stan i perspektywy bada\u0144: materia\u0142y interdyscyplinarnego seminarium, Lublin 3-4 wrze\u015bnia 2008 \/ pod red. Sebastiana Bernata; Uniwersytet Marii Curie-Sk\u0142odowskiej. Instytut Nauk o Ziemi. Zak\u0142ad Ochrony \u015arodowiska [et al.]. &#8211; Lublin: Wydawnictwo Polihymnia, 2008.<\/li>\n<li>El Greco: ekstaza \u015bwi\u0119tego Franciszka z Muzeum Diecezjalnego w Siedlcach \/ [red. nauk. Andrzej Rottermund]. &#8211; Warszawa: Zamek Kr\u00f3lewski &#8211; Muzeum, 2014.<\/li>\n<li>Encyklopedia katolicka. T. 20, V\u00e1c &#8211; \u017bywy R\u00f3\u017caniec \/ [red. nacz. Edward Gigilewicz et al.]; Katolicki Uniwersytet Lubelski Jana Paw\u0142a II. &#8211; Lublin: Towarzystwo Naukowe Katolickiego Uniwersytetu Lubelskiego Jana Paw\u0142a II, 2014.<\/li>\n<li>Etnografia Nowa = The New Ethnography \/ [Pa\u0144stwowe Muzeum Etnograficzne w Warszawie; Ewa Chomicka red. nacz.]. &#8211; Warszawa: Pa\u0144stwowe Muzeum Etnograficzne, 2009-.<\/li>\n<li>Euntes in mundum universum praedicate evangelium: programy ideowe osiemnastowiecznych malowide\u0142 ko\u015bcio\u0142\u00f3w zakonnych na ziemiach po\u0142udniowo-wschodnich dawnej Rzeczypospolitej \/ Janina Dzik. &#8211; Krak\u00f3w: Ksi\u0119garnia Akademicka, 2014.<\/li>\n<li>Europeum \/ Janusz Wa\u0142ek, Dorota Dec. &#8211; Krak\u00f3w: Muzeum Narodowe, 2013.<\/li>\n<li>EwaGlos: European Illustrated Glossary of Conservation Terms for Wall Paintings and Architectural Surfaces \/ ed. by Angela Weyer, Pilar Roig Picazo, Daniel Pop, JoAnn Cassar, Aysun \u00d6zk\u00f6se, Jean-Marc Vallet, Ivan Sr\u0161a. &#8211; Petersberg: Michael Imhof Verlag, 2015.<\/li>\n<li>Feliks &#8220;Manggha&#8221; Jasie\u0144ski i jego kolekcja w Muzeum Narodowym w Krakowie \/ Agnieszka Kluczewska-W\u00f3jcik. &#8211; Krak\u00f3w: Muzeum Narodowe, 2014.<\/li>\n<li>Fidiasz, Micha\u0142 Anio\u0142 i inni: kr\u00f3lewska i uniwersytecka kolekcja odlew\u00f3w gipsowych w Warszawie \/ red. nauk. i koncepcja ksi\u0105\u017cki Jerzy Mizio\u0142ek i Hubert Kowalski. &#8211; Warszawa: Muzeum \u0141azienki Kr\u00f3lewskie, 2012.<\/li>\n<li>Figuralizm Aleksandra Gierymskiego \/ Micha\u0142 Haake. &#8211; Pozna\u0144: Wydawnictwo Naukowe Uniwersytetu im. Adama Mickiewicza, 2015.<\/li>\n<li>Figury retoryczne: Warszawska rze\u017aba architektoniczna 1918-1970 \/ [koncepcja ksi\u0105\u017cki i red. merytoryczna Alicja Gzowska]. &#8211; Warszawa: Muzeum Narodowe, 2015.<\/li>\n<li>Filip Felicjan Szumborski (1771-1851), greckokatolicki biskup che\u0142mski \/ Pawe\u0142 Krzysztof \u015alaza. &#8211; Bia\u0142ystok: Instytut Bada\u0144 nad Dziedzictwem Kulturowym Europy, 2014.<\/li>\n<li>Forma a idea: od pomys\u0142u do realizacji w sztukach wizualnych: materia\u0142y ze studencko-doktoranckiej konferencji naukowej zorganizowanej przez Sekcj\u0119 Dawn\u0105 Ko\u0142a Naukowego Historyk\u00f3w Sztuki Uniwersytetu \u0141\u00f3dzkiego, (\u0141\u00f3d\u017a, 18.05.2012) \/ [red. Krzysztof Stefa\u0144ski]. &#8211; \u0141\u00f3d\u017a: Ko\u0142o Naukowe Historyk\u00f3w Sztuki. Sekcja Dawna. Katedra Historii Sztuki. Uniwersytet \u0141\u00f3dzki, 2014.<\/li>\n<li>Fortyfikacje nowo\u017cytne w Polsce: badania, realizacje, projekty: zagospodarowanie do wsp\u00f3\u0142czesnych funkcji \/ praca zbiorowa pod red. Lecha Nar\u0119bskiego. &#8211; Toru\u0144: Urz\u0105d Marsza\u0142kowski Wojew\u00f3dztwa Kujawsko-Pomorskiego, 2013.<\/li>\n<li>Franciszkanie konwentualni i klaryski w Wielkopolsce od XIII do XIX wieku: katalog wystawy \/ [red. Tadeusz Janiak, Dariusz Stryniak]. &#8211; Gniezno: Muzeum Pocz\u0105tk\u00f3w Pa\u0144stwa Polskiego, 2006.<\/li>\n<li>Franz\u00f6sische und italienische Architekten am Dresdner Hof \/ [red. Anita Niederlag]. &#8211; Dresden: Sandstein Verlag, 2014.<\/li>\n<li>Freski bizanty\u0144sko-ruskie fundacji Jagie\u0142\u0142y w kaplicy Zamku Lubelskiego \/ Anna R\u00f3\u017cycka-Bryzek. &#8211; Wyd. 2. &#8211; Lublin: Muzeum Lubuskie, 2012.<\/li>\n<li>Fundacje miejskie Benedyktyn\u00f3w tynieckich w Ma\u0142opolsce Po\u0142udniowej w okresie \u015aredniowiecza \/ Dominika Ku\u015bnierz-Krupa. &#8211; Krak\u00f3w: Wydawnictwo Politechniki Krakowskiej, 2014.<\/li>\n<li>Funkcje muzeum wsp\u00f3\u0142czesnego: wyzwania i interpretacja oferty muzealnej \/ pod red. Janusza Hochleitnera i Wies\u0142awy Po\u0142om-Jakubowicz. &#8211; Malbork: Muzeum Zamkowe, 2015.<\/li>\n<li>Galeria Faras im. Profesora Kazimierza Micha\u0142owskiego: przewodnik \/ [tekst g\u0142., red. nauk. Bo\u017cena Mierzejewska]. &#8211; Warszawa: Muzeum Narodowe, 2014.<\/li>\n<li>Galeria obraz\u00f3w Stanis\u0142awa Augusta w \u0141azienkach Kr\u00f3lewskich: katalog \/ Dorota Juszczak, Hanna Ma\u0142achowicz. &#8211; Warszawa: \u0141azienki Kr\u00f3lewskie, 2015.<\/li>\n<li>Gda\u0144sk i okolice 1793-1914: miasto, ludzie, wydarzenia w rysunku i grafice \/ [red. naczelny Wojciech Bonis\u0142awski; red. nacz. Aleksander Bali\u0144ski]. &#8211; Gda\u0144sk: Muzeum Narodowe, 2014.<\/li>\n<li>Gdecz &#8211; Giecz: scire est reminisci: kr\u00f3tka historia wydobywania z zapomnienia rezydencji piastowskiej \/ Andrzej M. Wyrwa; Muzeum Pierwszych Piast\u00f3w na Lednicy. &#8211; Dziekanowice; Lednica: Muzeum Pierwszych Piast\u00f3w na Lednicy, 2014.<\/li>\n<li>Georges de La Tour &#8220;U lichwiarza&#8221; z Lwowskiej Narodowej Galerii Sztuki im. B. G. Wo\u017anickiego \/ [red. nauk. Andrzej Rottermund]. &#8211; Warszawa: Zamek Kr\u00f3lewski &#8211; Muzeum, 2015.<\/li>\n<li>Gerard Koch: dzia\u0142alno\u015b\u0107 konserwatorska, rekonstrukcje, kopie oraz realizacje artystyczne \/ [aut. not katalogowych Romuald Nowak, Gerard Koch; red. Ma\u0142gorzata Chilkiewicz; t\u0142. Ma\u0142gorzata S\u0142abicka]. &#8211; Wroc\u0142aw: Niemieckie Towarzystwo Kulturalno-Spo\u0142eczne, 2013.<\/li>\n<li>Gleissen &#8211; Glisno \/ [B\u0142a\u017cej Skazi\u0144ski]. &#8211; Berlin: Freundeskreis Schl\u00f6sser und G\u00e4rten der Mark in der Deutschen Gesellschaft e.V., 2011.<\/li>\n<li>Gmina Dubiecko przyjazna turystom: przewodnik nie tylko historyczny \/ [aut. Maciej Pietrzak, Danuta Armata]. &#8211; Dubiecko: Urz\u0105d Gminy; [Przemy\u015bl]: Oficyna Wydawnicza Mercator, 2011.<\/li>\n<li>Go\u0142uch\u00f3w: rezydencja magnacka w \u015bwietle \u017ar\u00f3de\u0142 \/ R\u00f3\u017ca K\u0105sinowska. &#8211; Wyd. 3. &#8211; Go\u0142uch\u00f3w: O\u015brodek Kultury Le\u015bnej, 2011.<\/li>\n<li>Gotycka przebudowa ko\u015bcio\u0142a klasztornego cysterek w Trzebnicy: kaplica \u015bw. Jadwigi i nieuko\u0144czony ch\u00f3r \/ Stanis\u0142aw Pasiciel. &#8211; Gniezno: Muzeum Pocz\u0105tk\u00f3w Pa\u0144stwa Polskiego, 2014.<\/li>\n<li>Gotyckie ko\u015bcio\u0142y Gminy Ko\u0142baskowo \/ Marek \u0141uczak. &#8211; Szczecin: Pomorskie Towarzystwo Historyczne, 2013.<\/li>\n<li>G\u00f3rno\u015bl\u0105scy potentaci &#8211; dziedzictwo Henckel von Donnersmarck\u00f3w \/ [aut. tekst\u00f3w i zdj\u0119\u0107 Pawe\u0142 Pomykalski, Beata Pomykalska, Joanna Oczko]. &#8211; Gliwice; Opole: Dom Wsp\u00f3\u0142pracy Polsko-Niemieckiej; \u0141\u00f3d\u017a: Ksi\u0119\u017cy M\u0142yn Dom Wydawniczy, 2013.<\/li>\n<li>Grabie\u017c Europy: losy dzie\u0142 sztuki w Trzeciej Rzeszy i podczas II wojny \u015bwiatowej \/ Lynn H. Nicholas. &#8211; Wyd. 2, popr. i uzup. &#8211; Pozna\u0144: Dom Wydawniczy Rebis, 2014.<\/li>\n<li>Grodzisko: dzieje wsi i ko\u015bcio\u0142a 1429-2009 \/ Piotr Smyka\u0142a. &#8211; Opole: Wydawnictwo MS, 2009.<\/li>\n<li>Gryfice: dzieje miasta: praca zbiorowa \/ pod red. Tadeusza Bia\u0142eckiego. &#8211; Szczecin: Uniwersytet Szczeci\u0144ski: Oficyna Wydawnicza Archiwum Pa\u0144stwowego &#8220;Dokument&#8221;; Gryfice: Urz\u0105d Miasta, 2013.<\/li>\n<li>Gutsh\u00f6fe und Herrenh\u00e4user in Schleswig-Holstein \/ Deert Lafrenz; hrsg. vom Landesamt f\u00fcr Denkmalpflege Schleswig-Holstein. &#8211; Petersberg: Michael Imhof Verlag, 2015.<\/li>\n<li>Gwido Chmarzy\u0144ski i jego dzie\u0142o &#8220;Sztuka w Toruniu&#8221; \/ pod red. Emanuela Okonia. &#8211; Toru\u0144: Towarzystwo Naukowe: Muzeum Okr\u0119gowe, 2014.<\/li>\n<li>Halowe ko\u015bcio\u0142y z XIV wieku na \u015al\u0105sku \/ Hanna Kozaczewska-Golasz przy wsp\u00f3\u0142udz. Hanny Golasz-Szo\u0142omickiej. &#8211; Wroc\u0142aw: Oficyna Wydawnicza Politechniki Wroc\u0142awskiej, 2013.<\/li>\n<li>Hanseberg &#8211; Krzym\u00f3w \/ [Kazimiera Kalita-Skwirzy\u0144ska, Miros\u0142aw Op\u0119chowski]. &#8211; Berlin: Freundeskreis Schl\u00f6sser und G\u00e4rten der Mark in der Deutschen Gesellschaft e.V., 2009.<\/li>\n<li>Heritage at risk: ICOMOS world report 2011-2013 on monuments and sites in danger \/ ed. Christoph Machat, Michael Petzet, John Ziesemer; International Council on Monuments and Sites. &#8211; Berlin: Hendrik B\u00e4\u00dfler Verlag, 2014.<\/li>\n<li>Herito: dziedzictwo, kultura, wsp\u00f3\u0142czesno\u015b\u0107 \/ heritage, culture &amp; the present \/ wyd.: Mi\u0119dzynarodowe Centrum Kultury; red. nacz. Jacek Purchla. &#8211; Krak\u00f3w: Mi\u0119dzynarodowe Centrum Kultury, 2010-.<\/li>\n<li>Herrschaftszeiten!: Adel in der Niederlausitz \/ hrsg. von Simone Neuh\u00e4user im Auftrag der Stiftung F\u00fcrst-P\u00fcckler-Museum Park und Schloss Branitz . &#8211; Cottbus: Stiftung F\u00fcrst-P\u00fcckler-Museum Park und Schloss Branitz, 2014.<\/li>\n<li>Historia i zabytki Gminy Ko\u0142baskowo \/ Marek \u0141uczak. &#8211; Szczecin: Pomorskie Towarzystwo Historyczne, 2010.<\/li>\n<li>Historia mebli europejskich: od \u015bredniowiecza do wsp\u00f3\u0142czesno\u015bci ze szczeg\u00f3lnym uwzgl\u0119dnieniem wzor\u00f3w francuskich \/ Pierre Kjellberg; konsultacja nauk. wyd. pol. Stefan Mieleszkiewicz i Monika Janisz. &#8211; Warszawa: Wydawnictwo Arkady, 2014.<\/li>\n<li>Historia sztuki Mariana Soko\u0142owskiego \/ Magdalena Kuni\u0144ska; Instytut Historii Sztuki Uniwersytetu Jagiello\u0144skiego. &#8211; Krak\u00f3w: Towarzystwo Autor\u00f3w i Wydawc\u00f3w Prac Naukowych Universitas, 2014.<\/li>\n<li>Historia sztuki wobec globalizacji \/ pod red. Marii Poprz\u0119ckiej. &#8211; Warszawa: Stowarzyszenie Historyk\u00f3w Sztuki, 2013.<\/li>\n<li>Historia w kamieniu ukryta: p\u0142yty nagrobne i epitafia z ko\u015bcio\u0142a pw. \u015awi\u0119tego Krzy\u017ca w Opolu \/ Marta Czy\u017c. &#8211; Opole: Wydawnictwo i Drukarnia \u015awi\u0119tego Krzy\u017ca, 2014.<\/li>\n<li>Historia, kultura i sztuka dominikan\u00f3w na \u015al\u0105sku 1226-2013: w trzechsetlecie beatyfikacji b\u0142. Czes\u0142awa \/ pod red. Dariusza Galewskiego, Wojciecha Kucharskiego, Marka L. W\u00f3jcika. &#8211; Wroc\u0142aw: Oficyna Wydawnicza ATUT &#8211; Wroc\u0142awskie Wydawnictwo O\u015bwiatowe, 2015.<\/li>\n<li>Historic gardens and climate change: recommendations for preservation \/ [general concept Michael Rohde]. &#8211; Leipzig: Edition Leipzig, 2014.<\/li>\n<li>Historyczna rezydencja we wsp\u00f3\u0142czesnym mie\u015bcie \/ pod red. Marii Poprz\u0119ckiej. &#8211; Warszawa: O\u015brodek Bada\u0144 nad Epok\u0105 Stanis\u0142awowsk\u0105. Muzeum \u0141azienki Kr\u00f3lewskie, 2014.<\/li>\n<li>Historyczne wi\u0119\u017aby dachowe ko\u015bcio\u0142\u00f3w w Warszawie \/ Maciej Warcho\u0142. &#8211; Warszawa: Miasto Sto\u0142eczne Warszawa, 2015.<\/li>\n<li>Hodegetria: ikonografia maryjna. Cz. 2, Najstarsze typy wizerunk\u00f3w Hodegetrii i ich przyk\u0142ady w kolekcji Muzeum Ikon w Supra\u015blu \/ [aut. tekst\u00f3w Maciej \u0106wiklewski et al.]. &#8211; Bia\u0142ystok: Muzeum Podlaskie, 2014.<\/li>\n<li>I \u0141\u00f3dzkie Spotkanie Student\u00f3w Historii Sztuki: materia\u0142y ze studencko-doktoranckiej konferencji naukowej zorganizowanej przez Sekcj\u0119 Dawn\u0105 Ko\u0142a Naukowego Historyk\u00f3w Sztuki Uniwersytetu \u0141\u00f3dzkiego, (\u0141\u00f3d\u017a, 11-12.01.2013) \/ [red. Krzysztof Stefa\u0144ski]. &#8211; \u0141\u00f3d\u017a: Ko\u0142o Naukowe Historyk\u00f3w Sztuki. Sekcja Dawna. Katedra Historii Sztuki. Uniwersytet \u0141\u00f3dzki, 2014.<\/li>\n<li>II \u0141\u00f3dzkie Spotkanie Student\u00f3w Historii Sztuki: materia\u0142y ze studencko-doktoranckiej konferencji naukowej zorganizowanej przez Sekcj\u0119 Dawn\u0105 Ko\u0142a Naukowego Historyk\u00f3w Sztuki Uniwersytetu \u0141\u00f3dzkiego, (\u0141\u00f3d\u017a, 10-11.01.2014) \/ [red. Krzysztof Stefa\u0144ski]. &#8211; \u0141\u00f3d\u017a: Ko\u0142o Naukowe Historyk\u00f3w Sztuki. Sekcja Dawna. Katedra Historii Sztuki. Uniwersytet \u0141\u00f3dzki, 2014.<\/li>\n<li>III \u0141\u00f3dzkie Spotkanie Student\u00f3w Historii Sztuki (\u0141\u00f3d\u017a, 12-14.12.2014): W blasku Orientu, Dziedzictwo postindustrialne problemy, wyzwania, perspektywy, Pod natchnieniem &#8211; \u017ar\u00f3d\u0142a i inspiracje: wybrane materia\u0142y ze studencko-doktoranckiej konferencji naukowej zorganizowanej przez Ko\u0142o Naukowe Historyk\u00f3w Sztuki Uniwersytetu \u0141\u00f3dzkiego \/ [red. Krzysztof Stefa\u0144ski, Alina Barczyk]. &#8211; \u0141\u00f3d\u017a: Ko\u0142o Naukowe Historyk\u00f3w Sztuki. Sekcja Dawna. Katedra Historii Sztuki. Uniwersytet \u0141\u00f3dzki, 2015.<\/li>\n<li>Ikonografia zdrady i \u015bmierci Judasza: staro\u017cytno\u015b\u0107 chrze\u015bcija\u0144ska i \u015bredniowiecze \/ Stanis\u0142aw Kobielus. &#8211; Z\u0105bki: Apostolicum Wydawnictwo Ksi\u0119\u017cy Pallotyn\u00f3w Prowincji Chrystusa Kr\u00f3la, 2005.<\/li>\n<li>Ikonosfera: zeszyty muzealne \/ Muzeum Ikon w Supra\u015blu. &#8211; Bia\u0142ystok: Muzeum Podlaskie, 2012-.<\/li>\n<li>In horto latericio: rozprawy z dziej\u00f3w architektonicznych szk\u00f3\u0142 amsterdamskiej i hamburskiej \/ Zdzis\u0142awa i Tomasz To\u0142\u0142oczko. &#8211; Krak\u00f3w: Wydawnictwo Naukowe DWN: Wydawnictwo Oddzia\u0142u Polskiej Akademii Nauk, 2000.<\/li>\n<li>Innowacja i tradycja: Henryk Brunsberg i p\u00f3\u017anogotycka architektura ceglana Pomorza i Brandenburgii \/ [red. Micha\u0142 Gierke; t\u0142. z niem. Agnieszka Lindenhayn-Fiedorowicz]. &#8211; Chojna: Stowarzyszenie Historyczno-Kulturalne &#8220;Terra Incognita&#8221;; Potsdam: Deutsches Kulturforum \u00d6stliches Europa, 2015.<\/li>\n<li>Interdisciplinary research on the works of art \/ ed. by Justyna Olszewska-\u015awietlik, Joanna M. Arszy\u0144ska, Bo\u017cena Szmelter-Fausek; Department of Painting Technologies and Techniques. Institute for the Study, Conservation and Restoration of Cultural Heritage. Faculty of Fine Arts. Nicolaus Copernicus University in Toru\u0144, Poland. &#8211; Toru\u0144: Wydawnictwo Naukowe Uniwersytetu Miko\u0142aja Kopernika, 2012.<\/li>\n<li>Interdyscyplinarne badania za\u0142o\u017ce\u0144 rezydencjonalnych i obronnych \/ [red. nacz. Piotr Sypczuk]. &#8211; Warszawa: Instytut Archeologii Uniwersytetu Warszawskiego, 2013.<\/li>\n<li>Interpreting archaeological topography: airborne laser scanning, 3D data and ground observation \/ ed. by Rachel S. Opitz, David C. Cowley &#8211; Oxford; Oakville: Oxbow Books, 2013.<\/li>\n<li>Inwentarz Lwowskiej Bazyliki Metropolitalnej obrz\u0105dku \u0142aci\u0144skiego kaplic rezydencji arcybiskup\u00f3w we Lwowie i Obroszynie XIX\/XX wieku oraz jego losy po II wojnie \u015bwiatowej w Polsce \/ oprac. i wyda\u0142 J\u00f3zef Wo\u0142cza\u0144ski. &#8211; Lw\u00f3w; Krak\u00f3w: Wydawnictwo B\u0142. Jakuba Strzemi\u0119 Archidiecezji Lwowskiej ob. \u0142ac. Oddzia\u0142, 2013.<\/li>\n<li>Jak budowano drewniane ko\u015bcio\u0142y w \u015bredniowiecznej Ma\u0142opolsce \/ Ma\u0142gorzata Bajon-Roma\u0144ska. &#8211; Wroc\u0142aw: Dolno\u015bl\u0105skie Wydawnictwo Edukacyjne, 2008.<\/li>\n<li>Jak prawid\u0142owo gospodarowa\u0107 starymi budynkami: poradnik dla u\u017cytkownik\u00f3w obj\u0119tych ochron\u0105 konserwatorsk\u0105 \/ [aut. oprac. \u0141ukasz Urba\u0144czyk]. &#8211; Stan prawny na 28.06.2015 r. &#8211; Ruda \u015al\u0105ska: Miasto Ruda \u015al\u0105ska, 2015.<\/li>\n<li>Joannici i ich zwi\u0105zki z ziemiami polskimi \/ red. nauk. Przemys\u0142aw Deles, Przemys\u0142aw Mrozowski. &#8211; Warszawa: Arx Regia. O\u015brodek Wydawniczy Zamku Kr\u00f3lewskiego, 2014.<\/li>\n<li>Journal of cultural heritage management and sustainable development. &#8211; Bingley: Emerald Group Publishing, 2011-.<\/li>\n<li>Journal of cultural heritage. &#8211; Paris: Elsevier, 1999-.<\/li>\n<li>Kacwin: ko\u015bci\u00f3\u0142 Wszystkich \u015awi\u0119tych \/ zdj\u0119cia Rafa\u0142 Monita, tekst Andrzej Skorupa. &#8211; Krak\u00f3w: Wydawnictwo Astraia, 2015.<\/li>\n<li>Kafle w zbiorach Muzeum Historycznego Miasta Krakowa \/ Katarzyna Moskal. &#8211; Krak\u00f3w: Muzeum Historyczne Miasta Krakowa, 2012.<\/li>\n<li>Kanon obiektu sakralnego?: IX Mi\u0119dzynarodowa Konferencja o architekturze i sztuce sakralnej z cyklu: &#8220;Ko\u015bcio\u0142y naszych czas\u00f3w&#8221;, Kielce &#8211; SacroExpo 2010 \/ [oprac. edytorskie Regina Kozakiewicz-Opa\u0142ka, Grzegorz Zarzycki]; Stowarzyszenie Architekt\u00f3w Polskich. Oddzia\u0142 Kielce, Targi Kieleckie. &#8211; Kielce: Stowarzyszenie Architekt\u00f3w Polskich. Oddzia\u0142, 2013.<\/li>\n<li>Kaplica ogrojcowa przy ko\u015bciele \u015bw. Barbary w Krakowie \/ Joanna S\u0142awi\u0144ska. &#8211; Krak\u00f3w: Towarzystwo Mi\u0142o\u015bnik\u00f3w Historii i Zabytk\u00f3w Krakowa, 2015.<\/li>\n<li>Kaplica \u015bw. Kingi: \u015bwi\u0105tynia wielickich g\u00f3rnik\u00f3w \/ Barbara Konwerska; Muzeum \u017bup Krakowskich Wieliczka. &#8211; Wieliczka: Muzeum \u017bup Krakowskich, 2014.<\/li>\n<li>Kaplica T\u0119czy\u0144skich w Staszowie: przyczynek do dziej\u00f3w obiektu \/ Agata \u0141ucja Bazak. &#8211; Sandomierz: [Wydawnictwo Amoryka], 2014.<\/li>\n<li>Katalog plan\u00f3w, pomiar\u00f3w i rysunk\u00f3w architektonicznych w zbiorach Instytutu Sztuki PAN. T. 6, Miejscowo\u015bci \u0141-N \/ Piotr Lasek, Piotr Sypczuk; pod red. Wandy Mossakowskiej. &#8211; Warszawa: Instytut Sztuki Polskiej Akademii Nauk, 2014.<\/li>\n<li>Katalog solniczek: Muzeum \u017bup Krakowskich \/ Klementyna Ochniak-Dudek; Muzeum \u017bup Krakowskich Wieliczka. &#8211; Wieliczka: Muzeum \u017bup Krakowskich, 2014.<\/li>\n<li>Katalog zabytk\u00f3w sztuki: wojew\u00f3dztwo podlaskie (bia\u0142ostockie): miasto Bia\u0142ystok \/ pod red. Marcina Zgli\u0144skiego i Anny Ole\u0144skiej. &#8211; Warszawa: Instytut Sztuki Polskiej Akademii Nauk, 2015.<\/li>\n<li>Katalog zdobie\u0144 drewnianych dom\u00f3w Bia\u0142ostocczyzny z komentarzem krytycznym. [T. 1, Deskowania, naro\u017ca i okna] \/ Jaros\u0142aw Szewczyk. &#8211; Bia\u0142ystok: Oficyna Wydawnicza Politechniki Bia\u0142ostockiej, 2014.<\/li>\n<li>Katedra \u015bw. Jana Chrzciciela w Kamieniu Pomorskim \/ [Janusz L. Jurkiewicz]. &#8211; Stargard Szczeci\u0144ski: Stowarzyszenie Zachodniopomorskie Dziedzictwo Kulturowe, 2014.<\/li>\n<li>Katedra w Kamieniu Pomorskim \/ Szcz\u0119sny Skibi\u0144ski. &#8211; Pozna\u0144: Partia Polonorum: Ksi\u0119garnia \u015aw. Wojciecha, 2002.<\/li>\n<li>Katedra, ratusz, dw\u00f3r: wielkie miasta a w\u0142adza \u015bwiecka i ko\u015bcielna w kulturze \u015bredniowiecznej Europy \/ pod red. Jacka Kowalskiego i Tomasza Ratajczaka; Pozna\u0144skie Towarzystwo Przyjaci\u00f3\u0142 Nauk. Wydzia\u0142 Nauki o Sztuce. &#8211; Pozna\u0144: Wydawnictwo Pozna\u0144skiego Towarzystwa Przyjaci\u00f3\u0142 Nauk, 2014.<\/li>\n<li>Kazimierza Stronczy\u0144skiego opisy i widoki zabytk\u00f3w w Kr\u00f3lestwie Polskim (1844-1855). T. 5, Gubernia Lubelska: [opisy] \/ oprac. Jadwiga Teodorowicz-Czerepi\u0144ska; przy udziale Gra\u017cyny Michalskiej i Jacka Studzi\u0144skiego; Biblioteka Uniwersytecka w Warszawie. Gabinet Rycin, Narodowy Instytut Dziedzictwa. &#8211; Warszawa: Narodowy Instytut Dziedzictwa, 2014.<\/li>\n<li>Kazimierza Stronczy\u0144skiego opisy i widoki zabytk\u00f3w w Kr\u00f3lestwie Polskim (1844-1855). T. 6, Gubernia Augustowska: [opisy] \/ oprac. Jacek Strudzi\u0144ski; przy udziale Gra\u017cyny Michalskiej i Roberta Kunkla; Biblioteka Uniwersytecka w Warszawie. Gabinet Rycin, Narodowy Instytut Dziedzictwa. &#8211; Warszawa: Narodowy Instytut Dziedzictwa, 2014.<\/li>\n<li>Klasycystyczne za\u0142o\u017cenia pa\u0142acowo-ogrodowe na Wo\u0142yniu 1780-1831 \/ Wioletta Brzezi\u0144ska-Marjanowska. &#8211; Warszawa: Polski Instytut Studi\u00f3w nad Sztuk\u0105 \u015awiata; Toru\u0144: Wydawnictwo Tako, 2014.<\/li>\n<li>Klasztor Franciszkan\u00f3w w Wo\u017anikach: dzieje, ludzie, budowle \/ pod red. Paw\u0142a Klinta, Alojzego Pa\u0144czaka. &#8211; Wo\u017aniki: Wydawnictwo Opalgraf, 2011.<\/li>\n<li>Kleine Kulturgeschichte der schlesischen Schl\u00f6sser: 150 Adelssitze im Portrait. Bd. 1, Niederchlesien \/ hrsg. Arne Franke. &#8211; G\u00f6rlitz: Bergstadverlag, 2015.<\/li>\n<li>Klejnoty krakowskiego Bractwa Kurkowego w zbiorach Muzeum Historycznego Miasta Krakowa \/ Gra\u017cyna Licho\u0144czak-Nurek. &#8211; Krak\u00f3w: Muzeum Historyczne Miasta Krakowa, 2014.<\/li>\n<li>Klimat a drewno zabytkowe: dawna i wsp\u00f3\u0142czesna wiedza o drewnie \/ Pawe\u0142 Kozakiewicz, Mieczys\u0142aw Matejak. &#8211; Wyd. 4 zm. &#8211; Warszawa: Wydawnictwo SGGW, 2013.<\/li>\n<li>Kobierce modlitewne: katalog zbior\u00f3w \/ Katarzyna Po\u0142ujan; Fundacja Teresy Sahakian, Zamek Kr\u00f3lewski w Warszawie &#8211; Muzeum. &#8211; Warszawa: Arx Regia &#8211; O\u015brodek Wydawniczy Zamku Kr\u00f3lewskiego w Warszawie &#8211; Muzeum, 2015.<\/li>\n<li>Kolej Skwierzyna &#8211; Stare Bielice: kolejowy modernizm w Polsce \/ Miron Urbaniak. &#8211; \u0141\u00f3d\u017a: Ksi\u0119\u017cy M\u0142yn Dom Wydawniczy, 2013.<\/li>\n<li>Kolekcja Jana i Jadwigi Nowak-Jeziora\u0144skich w Zak\u0142adzie Narodowym im. Ossoli\u0144skich. Cz. 2, Grafika \/ Arkadiusz Dobrzyniecki, Hanna Ku\u015b-Joachimiak. &#8211; Wroc\u0142aw: Zak\u0142ad Narodowy im. Ossoli\u0144skich, 2014.<\/li>\n<li>Kol\u0119dowanie na Kaszubach: dzieje kol\u0119d na Pomorzu od XVI do XXI wieku \/ Witos\u0142awa Frankowska. &#8211; Warszawa: Instytut Sztuki Polskiej Akademii Nauk, 2015.<\/li>\n<li>Kollegat, yst\u00e4v\u00e4t ja kiistakumppanit: suomalaisten arkeologien kansainv\u00e4liset yhteydet 1870-1950 \/ Timo Salminen. &#8211; Helsinki: [Suomen muinaismuidtoyhdistyksen Aikakauskirja], 2014.<\/li>\n<li>Kompleks osadniczy kultury \u0142u\u017cyckiej w Targowisku, stan. 10-12, pow. wielicki \/ red. Jacek G\u00f3rski. &#8211; Krak\u00f3w: Krakowski Zesp\u00f3\u0142 do Bada\u0144 Autostrad, 2014.<\/li>\n<li>Konrad Brandel 1838-1920 \/ Danuta Jackiewicz. &#8211; Warszawa: Dom Spotka\u0144 z Histori\u0105: Muzeum Narodowe, 2015.<\/li>\n<li>Konserwacja d\u00f3br kultury: og\u00f3lne terminy i definicje \/ Polski Komitet Normalizacyjny. &#8211; Warszawa: Polski Komitet Normalizacyjny, 2013.<\/li>\n<li>Konserwacja d\u00f3br kultury: og\u00f3lne terminy i definicje [Dokument elektroniczny] \/ Polski Komitet Normalizacyjny. &#8211; Warszawa: Polski Komitet Normalizacyjny, 2013.<\/li>\n<li>Konserwacja i kreacja architektury: Jan Tajchman i jego dzia\u0142alno\u015b\u0107 \/ Justyna Brodzka, B\u0142a\u017cej Ciarkowski. &#8211; Toru\u0144: Wydawnictwo Tako, 2014.<\/li>\n<li>Konserwator wobec dzie\u0142a sztuki: pi\u0119\u0107 tekst\u00f3w o praktyce i teorii konserwatorskiej \/ Wojciech Kurpik. &#8211; Warszawa: Akademia Sztuk Pi\u0119knych, 2015.<\/li>\n<li>Kontakty Pojezierza Mazurskiego ze wschodni\u0105 stref\u0105 Ba\u0142tyku w okresie wp\u0142yw\u00f3w rzymskich na przyk\u0142adzie szpil \/ Anna Juga-Szyma\u0144ska; Fundacja Monumenta Archaeologica Barbarica; Pa\u0144stwowe Muzeum Archeologiczne w Warszawie. &#8211; Warszawa: Fundacja Monumenta Archaeologica Barbarica: Pa\u0144stwowe Muzeum Archeologiczne, 2014.<\/li>\n<li>Kontakty ponadregionalne kultury wielbarskiej: przemiany kulturowe w okresie wp\u0142yw\u00f3w rzymskich na Pomorzu \/ [red. Miros\u0142aw Fudzi\u0144ski, Henryk Paner]; Muzeum Archeologiczne w Gda\u0144sku. &#8211; Gda\u0144sk: Muzeum Archeologiczne, 2015.<\/li>\n<li>Kontekstualizacja skarbu z Vettersfeld \/ Witaszkowa: badania archeologiczne na st. 2 w Kozowie w Ziemi Lubuskiej \/ pod red. Zbigniewa Kobyli\u0144skiego; Fundacja Archeologiczna Zielona G\u00f3ra, Instytut Archeologii Uniwersytetu Kardyna\u0142a Stefana Wyszy\u0144skiego w Warszawie, Instytut Archeologii i Etnologii Polskiej Akademii Nauk. Fundacja Archeologiczna Zielona G\u00f3ra &#8211; Zielona G\u00f3ra: Fundacja Archeologiczna, 2014.<\/li>\n<li>Konteksty: polska sztuka ludowa: antropologia kultury, etnografia, sztuka \/ Polska Akademia Nauk. Instytut Sztuki. &#8211; Warszawa: Instytut Sztuki PAN, 1990-.<\/li>\n<li>Konterfekty zwielokrotnione: rozwa\u017cania nad wizerunkiem pijara Stanis\u0142awa Konarskiego \/ Ryszard M\u0105czy\u0144ski. &#8211; Toru\u0144: Wydawnictwo Naukowe Uniwersytetu Miko\u0142aja Kopernika, 2014.<\/li>\n<li>Koszmar partycypacji \/ Markus Miessen. &#8211; Warszawa: Fundacja Nowej Kultury B\u0119c Zmiana, 2013.<\/li>\n<li>Ko\u015bcio\u0142y i cerkwie drewniane UNESCO w Ma\u0142opolsce \/ Pawe\u0142 Kuta\u015b. &#8211; Zakrz\u00f3w: Wydawnictwo Promo, 2014.<\/li>\n<li>Ko\u015bcio\u0142y i klasztory rzymskokatolickie dawnego wojew\u00f3dztwa brzeskolitewskiego. T. 2 \/ red. nauk. Anna Ole\u0144ska; Mi\u0119dzynarodowe Centrum Kultury w Krakowie. &#8211; Krak\u00f3w: Mi\u0119dzynarodowe Centrum Kultury, 2014.<\/li>\n<li>Ko\u015bcio\u0142y i klasztory rzymskokatolickie dawnego wojew\u00f3dztwa trockiego. T. 2, Katedra w Grodnie \/ oprac. Maria Ka\u0142amajska-Saeed; Mi\u0119dzynarodowe Centrum Kultury w Krakowie. &#8211; Krak\u00f3w: Mi\u0119dzynarodowe Centrum Kultury, 2015.<\/li>\n<li>Ko\u015bcio\u0142y nadwi\u015bla\u0144skie Lubelszczyzny w \u015bwietle bada\u0144 archeologicznych: praca zbiorowa \/ pod red. Ewy Banasiewicz-Szyku\u0142y; Lubelski Wojew\u00f3dzki Konserwator Zabytk\u00f3w w Lublinie. &#8211; Lublin: Wojew\u00f3dzki Urz\u0105d Ochrony Zabytk\u00f3w, 2014.<\/li>\n<li>Ko\u015bcio\u0142y naszych czas\u00f3w: idea i rzeczywisto\u015b\u0107: gdzie idziemy, dok\u0105d zmierzamy?: XII Mi\u0119dzynarodowa Konferencja o architekturze i sztuce sakralnej, Kielce &#8211; SacroExpo 2013 \/ [oprac. edytorskie Regina Kozakiewicz-Opa\u0142ka, Grzegorz Zarzycki, Maciej Hetma\u0144czyk]; Stowarzyszenie Architekt\u00f3w Polskich. Oddzia\u0142 Kielce, Targi Kieleckie. &#8211; Kielce: Stowarzyszenie Architekt\u00f3w Polskich. Oddzia\u0142, 2014.<\/li>\n<li>Ko\u015bcio\u0142y ryglowe: Dzisna, gm. Przybier\u00f3w: ko\u015bci\u00f3\u0142 filialny pw. \u015awi\u0119tego Stanis\u0142awa Biskupa M\u0119czennika \/ [tekst Anna Bartczak, Kamila W\u00f3jcik]. &#8211; Szczecin: Biuro Dokumentacji Zabytk\u00f3w, 2013.<\/li>\n<li>Ko\u015bcio\u0142y ryglowe: Krupy, gmina Dar\u0142owo: ko\u015bci\u00f3\u0142 filialny pw. Matki Boskiej Ostrobramskiej \/ [tekst Anna Bartczak, Kamila W\u00f3jcik]. &#8211; Szczecin: Biuro Dokumentacji Zabytk\u00f3w, 2013.<\/li>\n<li>Ko\u015bcio\u0142y ryglowe Diecezji Koszali\u0144sko-Ko\u0142obrzeskiej: problemy konserwatorskie: &#8220;Codzienno\u015b\u0107 sakralnego dziedzictwa&#8221; \/ Biuro Dokumentacji Zabytk\u00f3w w Szczecinie. &#8211; Szczecin: Biuro Dokumentacji Zabytk\u00f3w, 2014.<\/li>\n<li>Ko\u015bci\u00f3\u0142 parafialny pod wezwaniem Narodzenia Naj\u015bwi\u0119tszej Maryi Panny w Rac\u0142awicach \/ Kazimierz Tomczyk. &#8211; Rac\u0142awice: Kazimierz Tomczyk, 2014.<\/li>\n<li>Ko\u015bci\u00f3\u0142 parafialny pw. \u015bw. Bart\u0142omieja we W\u0142odowicach (1708-2008) \/ Marian Wnuk. &#8211; Sopot: [s.n.], 2008.<\/li>\n<li>Ko\u015bci\u00f3\u0142 pw. Niepokalanego Pocz\u0119cia Naj\u015bwi\u0119tszej Marii Panny w Busku-Zdroju: materia\u0142y z sesji naukowej &#8220;\u015awi\u0119ty Norbert i jego dziedzictwo&#8221; \/ pod red. Dariusza Kaliny. &#8211; Busko-Zdr\u00f3j: Wydawnictwo Jedno\u015b\u0107, 2014.<\/li>\n<li>Ko\u015bci\u00f3\u0142 pw. \u015bw. Krzysztofa w Podkowie Le\u015bnej: zarys historyczny \/ Gra\u017cyna Zab\u0142ocka. &#8211; Podkowa Le\u015bna: Towarzystwo Przyjaci\u00f3\u0142 Miasta-Ogrodu Podkowa Le\u015bna, 2006.<\/li>\n<li>Ko\u015bci\u00f3\u0142 \u015bw. Jakuba w Sob\u00f3tce \/ Joanna Smereka. &#8211; Wroc\u0142aw: Oficyna Wydawnicza ATUT &#8211; Wroc\u0142awskie Wydawnictwo O\u015bwiatowe, 2007.<\/li>\n<li>Ko\u015bci\u00f3\u0142 \u015bw. Miko\u0142aja w Przemy\u015blu na tle rotund prostych w Polsce \/ Marek Goszty\u0142a, Micha\u0142 Proksa. &#8211; Przemy\u015bl: Parafia \u015aw. Jana Chrzciciela przy Bazylice Archikatedralnej; [Rzesz\u00f3w: Poligrafia Wy\u017cszego Seminarium Duchownego], 1997.<\/li>\n<li>Ko\u015bci\u00f3\u0142 \u015bw. Wojciecha w Szczawnicy: jego historia i dzieje \/ Andrzej Skorupa. &#8211; Krak\u00f3w: Wydawnictwo Astraia, 2014.<\/li>\n<li>Kowal 14: miejsce sepulkralno-obrz\u0119dowe ludno\u015bci kultury amfor kulistych \/ red. nauk. Grzegorz Osipowicz. &#8211; Toru\u0144: Wydawnictwo Naukowe Uniwersytetu Miko\u0142aja Kopernika, 2014.<\/li>\n<li>Kowalstwo ludowe: rzemios\u0142o i sztuka: katalog zbior\u00f3w \/ Jacek Bohdanowicz. &#8211; Wroc\u0142aw: Muzeum Narodowe, 2014.<\/li>\n<li>Krajobraz: od estetyki the picturesque do do\u015bwiadczenia topograficznego \/ Beata Frydryczak. &#8211; Pozna\u0144: Wydawnictwo Pozna\u0144skiego Towarzystwa Przyjaci\u00f3\u0142 Nauk, 2013.<\/li>\n<li>Krajobrazy i ogrody: uj\u0119cie interdyscyplinarne \/ pod red. Beaty Frydryczak. &#8211; Pozna\u0144: Wydawnictwo Pozna\u0144skiego Towarzystwa Przyjaci\u00f3\u0142 Nauk, 2014.<\/li>\n<li>Krak\u00f3w roma\u0144ski: materia\u0142y sesji naukowej odbytej 13 kwietnia 2013 roku \/ [red. tomu Marta Bochenek]; Towarzystwo Mi\u0142o\u015bnik\u00f3w Historii i Zabytk\u00f3w Krakowa, Muzeum Historii Miasta Krakowa. &#8211; Krak\u00f3w: Towarzystwo Mi\u0142o\u015bnik\u00f3w Historii i Zabytk\u00f3w Krakowa, 2014.<\/li>\n<li>Krempachy: ko\u015bci\u00f3\u0142 \u015bw. Marcina i \u015bw. Walentego \/ zdj\u0119cia Rafa\u0142 Monita, tekst Andrzej Skorupa. &#8211; Krak\u00f3w: Wydawnictwo Astraia, 2015.<\/li>\n<li>Kronika Bydgoska \/ Towarzystwo Mi\u0142o\u015bnik\u00f3w Miasta Bydgoszczy; [kol. red. W\u0142odzimierz Jastrz\u0119bski przewodn.]. &#8211; Bydgoszcz: Towarzystwo Mi\u0142o\u015bnik\u00f3w Miasta Bydgoszczy, 1967-.<\/li>\n<li>Kronika Miasta Poznania: miesi\u0119cznik po\u015bwi\u0119cony sprawom kulturalnym sto\u0142. m. Poznania: (organ Towarzystwa Mi\u0142o\u015bnik\u00f3w Miasta Poznania) \/ red. Zygmunt Zaleski. &#8211; Pozna\u0144: Magistrat sto\u0142. m. Poznania, 1923-.<\/li>\n<li>Kronika PRL 1944-1989. [T. 5], Warszawa \/ Iwona Kienzler. &#8211; Warszawa: Edipresse-Kolekcje: Bellona, 2015.<\/li>\n<li>Kryteria doboru skaner\u00f3w i weryfikacji wynik\u00f3w skanowania \/ Wac\u0142aw Pyzik. &#8211; Warszawa: Narodowy Instytut Muzealnictwa i Ochrony Zbior\u00f3w, 2013.<\/li>\n<li>Kryteria doboru techniki 3D do dokumentacji obiekt\u00f3w dziedzictwa kulturowego \/ Eryk Bunsch, Robert Sitnik. &#8211; Warszawa: Narodowy Instytut Muzealnictwa i Ochrony Zbior\u00f3w, 2014.<\/li>\n<li>Krzysztofory: zeszyty naukowe Muzeum Historycznego Miasta Krakowa \/ [red. nacz. J\u00f3zef Mitkowski]. &#8211; Krak\u00f3w: Muzeum Historyczne m. Krakowa, 1974-.<\/li>\n<li>Ksi\u0119ga standard\u00f3w ulicy Piotrkowskiej: zasady kszta\u0142towania front\u00f3w lokali us\u0142ugowych \/ [autorzy: RWSL pracownia architektoniczna; nadz\u00f3r i wsp\u00f3\u0142pr. Kamila Kwieci\u0144ska-Trzewikowska, Aleksandra Sztuka, Marta Nowacka]. &#8211; \u0141\u00f3d\u017a: Urz\u0105d Miasta, 2014.<\/li>\n<li>Ksi\u0119gozbiory rozproszone: losy ksi\u0119gozbior\u00f3w historycznych po II wojnie \u015bwiatowej \/ [red. Aleksandra Siuciak]; Muzeum Zamkowe w Malborku. &#8211; Malbork: Muzeum Zamkowe, 2014.<\/li>\n<li>Kszta\u0142ty pami\u0119ci: rzecz o Marianie Koniecznym \/ Jerzy Skrobot. &#8211; Krak\u00f3w: Wydawnictwo Promotor, 2009.<\/li>\n<li>Kultura i przemys\u0142 kultury szans\u0105 rozwojow\u0105 dla Polski \/ red. Jan Szomburg. &#8211; Gda\u0144sk: Instytut Bada\u0144 nad Gospodark\u0105 Rynkow\u0105: 2002.<\/li>\n<li>Kultura w praktyce: zagadnienia prawne. [T. 1] \/ red. Alicja Jagielska-Burduk, Wojciech Szafra\u0144ski; Pozna\u0144skie Towarzystwo Przyjaci\u00f3\u0142 Nauk. &#8211; Pozna\u0144: Wydawnictwo Pozna\u0144skiego Towarzystwa Przyjaci\u00f3\u0142 Nauk, 2012.<\/li>\n<li>Kultura w praktyce: zagadnienia prawne. T. 2, Wok\u00f3\u0142 problematyki prawnej zabytk\u00f3w i rynku sztuki \/ red. Alicja Jagielska-Burduk, Wojciech Szafra\u0144ski; Pozna\u0144skie Towarzystwo Przyjaci\u00f3\u0142 Nauk. &#8211; Pozna\u0144: Wydawnictwo Pozna\u0144skiego Towarzystwa Przyjaci\u00f3\u0142 Nauk, 2013.<\/li>\n<li>Kultura w praktyce: zagadnienia prawne. T. 3, Muzea a rynek sztuki: aspekty prawne \/ red. Alicja Jagielska-Burduk, Wojciech Szafra\u0144ski; Pozna\u0144skie Towarzystwo Przyjaci\u00f3\u0142 Nauk. &#8211; Pozna\u0144: Wydawnictwo Pozna\u0144skiego Towarzystwa Przyjaci\u00f3\u0142 Nauk, 2014.<\/li>\n<li>Kulturerbe und Aneignungsprozesse in deutsch-polnischen Kontaktr\u00e4umen: Motivationen, Realit\u00e4ten, Tr\u00e4ume \/ Hrsg. des Bd. Paul Zalewski, Joanna Drejer; Europa-Universit\u00e4t Viadrina Frankfurt (Oder), Instytut Sztuki Polskiej Akademii Nauk. &#8211; Warszawa: Instytut Sztuki Polskiej Akademii Nauk; Frankfurt nad Odr\u0105: Europa-Universit\u00e4t Viadrina, 2014.<\/li>\n<li>Kwartalnik Architektury i Urbanistyki: teoria i historia \/ Polska Akademia Nauk. Komitet Architektury i Urbanistyki; [red. nacz. Lech K\u0142osiewicz]. &#8211; Warszawa: DiG.<\/li>\n<li>Kwartalnik Historii Kultury Materialnej \/ Instytut Archeologii i Etnologii Polskiej Akademii Nauk; [Andrzej Klonder red.]. &#8211; Warszawa: IAiE PAN.<\/li>\n<li>Kwiat co zakwita na ostrzu ze stali&#8230;: zbrodnia i kara, tortury i rze\u017a w sztuce, literaturze i pami\u0119ci: (\u0141\u00f3d\u017a 23-24.05.2014): wybrane materia\u0142y ze studencko-doktoranckiej konferencji naukowej zorganizowanej przez Sekcj\u0119 Dawn\u0105 Ko\u0142a Naukowego Historyk\u00f3w Sztuki Uniwersytetu \u0141\u00f3dzkiego \/ [red. Krzysztof Stefa\u0144ski]. &#8211; \u0141\u00f3d\u017a: Ko\u0142o Naukowe Historyk\u00f3w Sztuki. Sekcja Dawna. Katedra Historii Sztuki. Uniwersytet \u0141\u00f3dzki, 2014.<\/li>\n<li>Lapidarium w Ko\u017cuchowie: 380 lat cmentarza ewangelickiego \/ red. Adam G\u00f3rski; Towarzystwo Przyjaci\u00f3\u0142 Ziemi Ko\u017cuchowskiej. &#8211; Ko\u017cuch\u00f3w: Towarzystwo Przyjaci\u00f3\u0142 Ziemi Ko\u017cuchowskiej, 2014.<\/li>\n<li>L&#8217;Arch\u00e9ologie Industrielle en France \/ Comit\u00e9 d&#8217;Information et de Liaison pour l&#8217;Arch\u00e9ologie l&#8217;\u00c9tude et la Mise en Valeur du Patrimoine Industriel. &#8211; Cilac: Comit\u00e9 d&#8217;Information et de Liaison pour l&#8217;Arch\u00e9ologie l&#8217;\u00c9tude et la Mise en Valeur du Patrimoine Industriel.<\/li>\n<li>Leksykon drewnianej architektury sakralnej wojew\u00f3dztwa podkarpackiego \/ [Krzysztof Zieli\u0144ski]. &#8211; Rzesz\u00f3w: Stowarzyszenie na Rzecz Rozwoju i Promocji Podkarpacia Pro Carpathia, 2015.<\/li>\n<li>Leksykon zabytk\u00f3w architektury Kres\u00f3w po\u0142udniowo-wschodnich \/ Magdalena Osip-Pokrywka, Mirek Osip-Pokrywka. &#8211; Warszawa: Wydawnictwo Arkady, 2014.<\/li>\n<li>Liturgiczny grzebie\u0144 z Ostrowa Lednickiego: studium analityczne \/ red. nauk. Janusz G\u00f3recki, Andrzej M. Wyrwa; Muzeum Pierwszych Piast\u00f3w na Lednicy. &#8211; Dziekanowice; Lednica: Muzeum Pierwszych Piast\u00f3w na Lednicy, 2012.<\/li>\n<li>Lokalne muzeum w globalnym \u015bwiecie \/ Joanna Hajduk, \u0141ucja Piekarska-Duraj, Piotr Idziak, Sebastian Waci\u0119ga. &#8211; Krak\u00f3w: Ma\u0142opolski Instytut Kultury, [2013].<\/li>\n<li>Lubuskie Materia\u0142y Konserwatorskie \/ Wojew\u00f3dzki Urz\u0105d Ochrony Zabytk\u00f3w w Zielonej G\u00f3rze; [Jaros\u0142aw Lewczuk red.]. &#8211; Zielona G\u00f3ra: Wojew\u00f3dzki Urz\u0105d Ochrony Zabytk\u00f3w, 2003-.<\/li>\n<li>Lucjan Korngold: Warszawa &#8211; S\u00e3o Paulo 1897-1963 \/ Grzegorz Rytel. &#8211; Warszawa: Salix Alba, 2014.<\/li>\n<li>Ludowe obrz\u0119dy doroczne w Polsce po\u0142udniowo-wschodniej \/ Andrzej Karczmarzewski. &#8211; Rzesz\u00f3w: Wydawnictwo Libra: Muzeum Okr\u0119gowe, 2011.<\/li>\n<li>\u0141aci\u0144skie inskrypcje w ko\u015bcio\u0142ach Gda\u0144ska: \u015ar\u00f3dmie\u015bcie \/ Grzegorz Kot\u0142owski, El\u017cbieta Starek. &#8211; Pelplin: Wydawnictwo Bernardinum, 2015.<\/li>\n<li>\u0141ag\u00f3w i okolice \/ Dariusz Kalina, Roman Mirowski. &#8211; Kielce: P.U.H.P. Graf-Us Grzegorz Kraska: \u0141ag\u00f3w: Gmina \u0141ag\u00f3w, 2010.<\/li>\n<li>\u0141\u0119\u017cany: cmentarzysko z okresu wp\u0142yw\u00f3w rzymskich i w\u0119dr\u00f3wek lud\u00f3w na Pojezierzu Mr\u0105gowskim: badania w sezonie 2013 \/ Agata Wi\u015bniewska. &#8211; Warszawa: Fundacja Dajna im. Jerzego Okulicza-Kozaryna, 2014.<\/li>\n<li>Madonny drewnianych ko\u015bcio\u0142\u00f3w na ziemi pszczy\u0144skiej \/ Jan Ga\u0142aszek, Natalia M. Ruman, Aleksander Spyra. &#8211; Pszczyna: Towarzystwo Mi\u0142o\u015bnik\u00f3w Ziemi Pszczy\u0144skiej, 2014.<\/li>\n<li>Maksymilian Fajans 1825-1890 \/ Danuta Jackiewicz. &#8211; Warszawa: Dom Spotka\u0144 z Histori\u0105: Muzeum Narodowe, 2014.<\/li>\n<li>Managing archaeology \/ ed. by Malcolm A. Cooper, Antony Firth, John Carman, David Wheatley. &#8211; London: Routledge Taylor &amp; Francis Group, 2012.<\/li>\n<li>Martwa natura kwiatowa w szklanym wazonie barokowego malarza gda\u0144skiego Andreasa Stecha \/ [zesp\u00f3\u0142 aut. Teresa Grzybkowska, Zdzis\u0142aw \u017bygulski, Halina Galera, Aldona Kami\u0144ska, Marianna Kobuszewska-Bieske, Witold G\u0142\u0119bowicz]. &#8211; Warszawa: Muzeum Wojska Polskiego, 2014.<\/li>\n<li>Masoneria: pro publico bono \/ [red. nauk. Tadeusz Cegielski]. &#8211; Warszawa: Muzeum Narodowe, 2014.<\/li>\n<li>Materia\u0142y do Dziej\u00f3w Kultury i Sztuki Bydgoszczy i Regionu \/ Pracownia Dokumentacji i Popularyzacji Zabytk\u00f3w Wojew\u00f3dzkiego O\u015brodka Kultury w Bydgoszczy; [kom. red. Krzysztof Bartowski, Bogna Derkowska-Kostkowska, Piotr Winter; red. nauk. Barbara Janiszewska-Mincer]. &#8211; Bydgoszcz: Wojew\u00f3dzki O\u015brodek Kultury, 1996-.<\/li>\n<li>Materia\u0142y Zachodniopomorskie. Nowa Seria \/ Muzeum Narodowe w Szczecinie. &#8211; Szczecin: Muzeum Narodowe, 2004-.<\/li>\n<li>Matka Boska Krasnobrodzka Szafarka \u0141ask, Pocieszycielka Zamojszczyzny&#8230;: przedstawienia Matki Boskiej Adoruj\u0105cej Dzieci\u0105tko, powsta\u0142e z inspiracji wydarzeniem w borze pod Krasnobrodem 1640 roku \/ Agnieszka Szyku\u0142a-\u017bygawska. &#8211; Krasnobr\u00f3d; Lublin: Wydawnictwo Werset, 2015.<\/li>\n<li>Matka Bo\u017ca Latyczowska \/ Agnieszka Woli\u0144ska-W\u00f3jtowicz. &#8211; Lublin: Wydawnictwo Muzyczne Polihymnia, 2014.<\/li>\n<li>Metamorfozy: kr\u00f3lewska kolekcja grafiki Stanis\u0142awa Augusta: ryciny z kolekcji Stanis\u0142awa Augusta i ze zbioru Jana Kantego Szembeka \/ [koncepcja i red. nauk. Jolanta Talbierska]. &#8211; Warszawa: Muzeum \u0141azienki Kr\u00f3lewskie, 2013.<\/li>\n<li>Metamorfozy Zamku Ksi\u0105\u017c \/ Beata Lejman. &#8211; Wroc\u0142aw: Muzeum Narodowe, 2015.<\/li>\n<li>Mezi tradic\u00ed a m\u00f3dou: Od\u00edv\u00e1n\u00ed v \u010cech\u00e1ch od renesance k baroku \/ Alena Machtmannov\u00e1. &#8211; Praha: N\u00e1rodn\u00ed pam\u00e1tkov\u00fd \u00fastav &#8211; \u00fazemn\u00ed odborn\u00e9 pracovi\u0161t\u011b st\u0159edn\u00edch \u010cech, 2012.<\/li>\n<li>Miasto Busko i jego zdr\u00f3j \/ Dariusz Kalina. &#8211; Busko-Zdr\u00f3j; Kielce; Krak\u00f3w: Ksi\u0119garnia Akademicka, 2014.<\/li>\n<li>Miasto i gmina Busko-Zdr\u00f3j: dzieje i zabytki \/ Dariusz Kalina, Roman Mirowski. &#8211; Busko-Zdr\u00f3j: Gmina Busko-Zdr\u00f3j, 2014.<\/li>\n<li>Miasto i powiat Gorz\u00f3w Wielkopolski \/ zebr. i oprac. Joachim Zdrenka. &#8211; Toru\u0144: Wydawnictwo Adam Marsza\u0142ek, 2015.<\/li>\n<li>Miedziowiec: wrak \u015bredniowiecznego statku i jego \u0142adunek \/ red. Waldemar Ossowski. &#8211; Gda\u0144sk: Narodowe Muzeum Morskie, 2014.<\/li>\n<li>Miejskie zak\u0142ady przemys\u0142owe Wielkiego Ksi\u0119stwa Pozna\u0144skiego: gazownie. T. 1, Zarys dziej\u00f3w \/ Miron Urbaniak. &#8211; \u0141\u00f3d\u017a: Ksi\u0119\u017cy M\u0142yn Dom Wydawniczy, 2011.<\/li>\n<li>Miejskie zak\u0142ady przemys\u0142owe Wielkiego Ksi\u0119stwa Pozna\u0144skiego: gazownie. T. 2, Katalog \/ Miron Urbaniak. &#8211; \u0141\u00f3d\u017a: Ksi\u0119\u017cy M\u0142yn Dom Wydawniczy, 2011.<\/li>\n<li>Mierzyn przez wieki \/ Marek \u0141uczak. &#8211; Szczecin: Pomorskie Towarzystwo Historyczne, 2013.<\/li>\n<li>Mieszcza\u0144skie domy Wrze\u015bni i Mi\u0142os\u0142awia: spacer ulicami&#8230; \/ [aut. tekstu Marian Torzewski]. &#8211; Wrze\u015bnia: Wrzesi\u0144ski Uniwersytet Trzeciego Wieku, 2014.<\/li>\n<li>Mi\u0119dzy ksi\u0105\u017ck\u0105 a sztuk\u0105 Eugeniusza Przyby\u0142a: toru\u0144skiego bibliofila i malarza pasje i rozczarowania \/ Janusz Tondel. &#8211; Toru\u0144: Wydawnictwo Naukowe Uniwersytetu Miko\u0142aja Kopernika, 2014.<\/li>\n<li>Mi\u0119dzy panem a plebanem: wie\u015b, miasto, w\u0142adza \u015bwiecka i duchowna w kulturze \u015bredniowiecznej Europy: materia\u0142y Seminari\u00f3w Mediewistycznych PTPN im. Alicji Kar\u0142owskiej-Kamzowej z lat 2009-2011 \/ pod red. Jacka Kowalskiego i Tomasza Ratajczaka. &#8211; Pozna\u0144: Wydawnictwo Pozna\u0144skiego Towarzystwa Przyjaci\u00f3\u0142 Nauk, 2013.<\/li>\n<li>Mi\u0119dzy pobo\u017cno\u015bci\u0105 a przes\u0105dem: Matka Boska Piaskowa a fenomen cudownych wizerunk\u00f3w maryjnych w Polsce \/ Agnieszka Widacka-Bisaga. &#8211; Krak\u00f3w: Muzeum Narodowe: Towarzystwo Wydawnicze Historia Iagellonica, 2013.<\/li>\n<li>Mi\u0119dzy \u015bwiatem mit\u00f3w i legend a wsp\u00f3\u0142czesno\u015bci\u0105: Louis de Silvestre &#8211; nadworny malarz kr\u00f3l\u00f3w Polski z dynastii Wettyn\u00f3w \/ Krystyna Gutowska-Dudek. &#8211; Warszawa: Muzeum Pa\u0142acu Kr\u00f3la Jana III w Wilanowie, 2015.<\/li>\n<li>Mi\u0119dzy Wschodem a Zachodem: od Damaszku do Andaluzji: pieni\u0105dz islamski w wiekach \u015brednich \/ [red. prowadz. Anna Kowalczyk]. &#8211; Krak\u00f3w: Muzeum Narodowe, 2015.<\/li>\n<li>Mi\u0142o\u015bnictwo rzeczy: studia z historii kolekcjonerstwa na ziemiach polskich w XIX wieku \/ pod red. Kamili K\u0142udkiewicz i Micha\u0142a Mencfela. &#8211; Warszawa: Narodowy Instytut Muzealnictwa i Ochrony Zbior\u00f3w, 2014.<\/li>\n<li>Mistrzowie \u015bwiat\u0142a: witra\u017ce i obrazy malowane szk\u0142em \/ El\u017cbieta Gajewska-Prorok. &#8211; Wroc\u0142aw: Muzeum Narodowe, 2014.<\/li>\n<li>Mit Galicji \/ pod red. nauk. Jacka Purchli, Wolfganga Kosa, \u017banny Komar [et al.]. &#8211; Krak\u00f3w: Mi\u0119dzynarodowe Centrum Kultury; Wien: Wien Museum, 2014.<\/li>\n<li>Mittelalterliche Kirchen zwischen Trave und Peene: Studien zur Entwicklung einer norddeutschen Architekturlandschaft \/ Tilo Sch\u00f6fbeck; hrsg. vom Landesamt f\u00fcr Kultur und Denkmalpflege Mecklenburg-Vorpommern. &#8211; Berlin: Lukas Verlag, 2014.<\/li>\n<li>Moderni\u015bci o sztuce \/ wybra\u0142a, oprac. i wst\u0119pem opatrzy\u0142a El\u017cbieta Grabska. &#8211; Warszawa: Warszawa Pa\u0144stwowe Wydawnictwo Naukowe, 1971.<\/li>\n<li>Modernizm zapoznany: architektura Poznania 1919-1939 \/ Szymon Piotr Kubiak. &#8211; Warszawa: Fundacja Centrum Architektury, 2014.<\/li>\n<li>Modernizmy: architektura nowoczesno\u015bci w II Rzeczypospolitej. T. 2, Katowice i wojew\u00f3dztwo \u015bl\u0105skie \/ pod red. Andrzeja Szczerskiego. &#8211; Krak\u00f3w: Studio wydawnicze DodoEditor: Katowice: Muzeum \u015al\u0105skie, 2014.<\/li>\n<li>Modus: prace z historii sztuki \/ Instytut Historii Sztuki Uniwersytetu Jagiello\u0144skiego. &#8211; Krak\u00f3w: Universitas, 2000-.<\/li>\n<li>MOK: ilustrowany atlas architektury p\u00f3\u0142nocnego Mokotowa \/ koncepcja i projekt Magdalena Piwowar; tekst Joanna Koszewska, Grzegorz Mika; il. Maciej Dr\u0105\u017ckiewicz, \u0141ukasz Gadomski. &#8211; Warszawa: Fundacja Centrum Architektury, 2015.<\/li>\n<li>Monety z ko\u015bcio\u0142a \u015bw. Miko\u0142aja w Gieczu \/ Borys Paszkiewicz; Muzeum Pierwszych Piast\u00f3w na Lednicy. &#8211; Lednica; Muzeum Pierwszych Piast\u00f3w na Lednicy, 2010.<\/li>\n<li>Monografia. Seria Architektura \/ Politechnika Krakowska im. Tadeusza Ko\u015bciuszki. &#8211; Krak\u00f3w: Wydawnictwo Politechniki Krakowskiej.<\/li>\n<li>Mory\u0144: historia i zabytki \/ [tekst i koncepcja wyd. B\u0142a\u017cej Skazi\u0144ski]. &#8211; Mory\u0144; [D\u0119bno]: LM DESIGN Leszek W\u0142odkowski-Moszej, 2012.<\/li>\n<li>Music, politics and ideology in the visual arts \/ edited by Pawe\u0142 Gancarczyk and Dominika Grabiec. &#8211; Warszawa: Stowarzyszenie Liber Pro Arte: Instytut Sztuki Polskiej Akademii Nauk, 2015.<\/li>\n<li>Muzea wojskowe w s\u0142u\u017cbie ochrony zabytk\u00f3w \/ pod red. Paw\u0142a Paw\u0142owskiego i Roberta Sadowskiego. &#8211; Bia\u0142ystok: Muzeum Wojska. O\u015brodek Bada\u0144 Historii Wojska, 2014.<\/li>\n<li>Muzealnictwo \/ Ministerstwo Kultury i Dziedzictwa Narodowego, O\u015brodek Dokumentacji Zabytk\u00f3w; [Janusz Odrow\u0105\u017c-Pieni\u0105\u017cek red. nacz.]. &#8211; Warszawa: Ministerstwo Kultury i Dziedzictwa Narodowego: O\u015brodek Dokumentacji Zabytk\u00f3w, 1952-.<\/li>\n<li>Muzeologija \/ Muzejski dokumentacijski centar. &#8211; Zagreb: Muzejski dokumentacijski centar, 1974-.<\/li>\n<li>Muzeum a zabytek: konflikt czy harmonia? \/ [kom. red. Wojciech Ba\u0142us et al.]. &#8211; Krak\u00f3w: Muzeum Narodowe, 2013.<\/li>\n<li>Muzeum ko\u015bcielne w perspektywie zada\u0144 i trend\u00f3w wsp\u00f3\u0142czesnego muzealnictwa \/ [red. Teresa Dudek Bujarek]. &#8211; Katowice: Stowarzyszenie Historyk\u00f3w Sztuki. Oddzia\u0142 G\u00f3rno\u015bl\u0105ski, 2013.<\/li>\n<li>Muzyka w sztukach wizualnych XIX-XXI wieku: studia \/ pod red. Jolanty Guzy-Pasiak. &#8211; Warszawa: Stowarzyszenie Liber Pro Arte: Instytut Sztuki Polskiej Akademii Nauk, 2013.<\/li>\n<li>My i oni: przestrzenie wsp\u00f3lne: projektowanie dla wsp\u00f3lnoty \/ [pod red. Bogny \u015awi\u0105tkowskiej]. &#8211; Warszawa: Fundacja B\u0119c Zmiana, 2014.<\/li>\n<li>Na rubie\u017cy kultur: badania nad okresem neolitu i wczesn\u0105 epok\u0105 br\u0105zu \/ pod red. Urszuli Stankiewicz i Adama Wawrusiewicza. &#8211; Bia\u0142ystok: Muzeum Podlaskie, 2011.<\/li>\n<li>Nadwi\u015bla\u0144skie Urzecze: podwarszawski mikroregion etnograficzny \/ \u0141ukasz Maurycy Stanaszek. &#8211; Wyd. 2 popr. &#8211; Czersk: Towarzystwo Opieki nad Zabytkami. Oddzia\u0142; Warszawa: Pa\u0144stwowe Muzeum Archeologiczne, 2014.<\/li>\n<li>Nagrobki \u015bredniowieczne w Prusach \/ Tadeusz Jurkowlaniec. &#8211; Warszawa: Instytut Sztuki Polskiej Akademii Nauk, 2015.<\/li>\n<li>Najstarsza katedra w Poznaniu: problem formy i jej genezy w kontek\u015bcie architektury oko\u0142o roku 1000 \/ Aneta Bukowska. &#8211; Krak\u00f3w: Wydawnictwo Towarzystwa Naukowego &#8220;Societas Vistulana&#8221;, 2013.<\/li>\n<li>Napoleon i sztuka \/ [red. nauk. Maciej Choynowski; t\u0142. z j\u0119z. fr. Wawrzyniec Brzozowski, Natalia \u0141adyka]. &#8211; Warszawa: Zamek Kr\u00f3lewski &#8211; Muzeum, 2015.<\/li>\n<li>Nasza Przesz\u0142o\u015b\u0107: studia z dziej\u00f3w Ko\u015bcio\u0142a i kultury katolickiej w Polsce = Notre Pass\u00e9: \u00e9tudes sur l&#8217;histoire de l&#8217;\u00c9glise et de la culture catholique en Pologne \/ [red. Jan Duka\u0142a]. &#8211; Krak\u00f3w: Wydawnictwo Instytutu Teologicznego Ksi\u0119\u017cy Misjonarzy, 1946-.<\/li>\n<li>Nauczanie i popularyzacja ochrony dziedzictwa: praca zbiorowa \/ pod red. Bogus\u0142awa Szmygina. &#8211; Warszawa: Polski Komitet Narodowy ICOMOS, 2014.<\/li>\n<li>Niech \u017cyje sztuka!: kolekcja Feliksa Jasie\u0144skiego: grafika francuska od impresjonizmu do art nouveau \/ Krystyna Kulig-Janarek; [t\u0142. na j\u0119z. ang. Dominika Pietrzykowska]. &#8211; Krak\u00f3w: Muzeum Narodowe, 2015.<\/li>\n<li>Niech \u017cyje sztuka!: kolekcja Feliksa Jasie\u0144skiego: od Japonii do Europy, rzeczy pi\u0119kne i u\u017cyteczne: przewodnik \/ Bronis\u0142awa Gumi\u0144ska. &#8211; Krak\u00f3w: Muzeum Narodowe, 2015.<\/li>\n<li>Niechciane dziedzictwo: materia\u0142y z panelu dyskusyjnego towarzysz\u0105cego wystawie &#8220;Niechciane dziedzictwo. R\u00f3\u017cne oblicza architektury nowoczesnej w Gda\u0144sku i Sopocie&#8221;, Gda\u0144sk 16.04.2005 \/ [red. Agnieszka Wo\u0142od\u017ako]. &#8211; Gda\u0144sk: Centrum Sztuki Wsp\u00f3\u0142czesnej \u0141a\u017ania, 2005.<\/li>\n<li>Niechciane dziedzictwo: r\u00f3\u017cne oblicza architektury nowoczesnej w Gda\u0144sku i Sopocie \/ [red. Agnieszka Wo\u0142od\u017ako]. &#8211; Gda\u0144sk: Centrum Sztuki Wsp\u00f3\u0142czesnej \u0141a\u017ania, 2005.<\/li>\n<li>Niematerialne warto\u015bci krajobraz\u00f3w kulturowych \/ [red. nauk Sebastian Bernat]; Komisja Krajobrazu Kulturowego Polskiego Towarzystwa Geograficznego. &#8211; Sosnowiec: Komisja Krajobrazu Kulturowego Polskiego Towarzystwa Geograficznego, 2011.<\/li>\n<li>Niematerialne warto\u015bci krajobraz\u00f3w kulturowych: materia\u0142y XII Interdyscyplinarnego Seminarium Komisji Krajobrazu Kulturowego PTG, Lublin &#8211; \u0141\u0119czyca 29-30 wrze\u015bnia 2010 \/ pod red. Sebastiana Bernata; Uniwersytet Marii Curie-Sk\u0142odowskiej. Instytut Nauk o Ziemi. Zak\u0142ad Ochrony \u015arodowiska [et al.]. &#8211; Lublin: Wydawnictwo Polihymnia, 2010.<\/li>\n<li>Nikodem Pajzderski (1882-1940): muzealnik, konserwator, historyk sztuki \/ [przedm. Wojciech Suchocki; teksty Wr\u00f3cis\u0142awa Bergandy et al.]. &#8211; Pozna\u0144: Muzeum Narodowe, 2013.<\/li>\n<li>O zegarach i zegarkach w Polsce \/ [red. nauk. Katarzyna Kluczwajd]. &#8211; Toru\u0144: Stowarzyszenie Historyk\u00f3w Sztuki. Oddzia\u0142, 2014.<\/li>\n<li>Obozowiska, osady, wsie: Wroc\u0142aw &#8211; Widawa 17 \/ red. Miros\u0142aw Masoj\u0107; Uniwersytet Wroc\u0142awski. Instytut Archeologii. &#8211; Wroc\u0142aw: Uniwersytet Wroc\u0142awski. Instytut Archeologii, 2014.<\/li>\n<li>Obraz i metoda \/ pod red. Agnieszki Seidel-Grzesi\u0144skiej, Kseni Stanickiej-Brzezickiej. &#8211; Wroc\u0142aw: Agencja Wydawnicza ARGI, 2014.<\/li>\n<li>Obraz \u015awi\u0119tego J\u00f3zefa Kaliskiego \/ J\u00f3zef Flik, Jacek Plota. &#8211; Kalisz: Edytor, 2012.<\/li>\n<li>Obrazy ludowe na \u015al\u0105sku \/ Katarzyna R\u00f3\u017cycka. &#8211; Wroc\u0142aw: Muzeum Narodowe, 2014.<\/li>\n<li>Ocalone dziedzictwo: ochrona zabytk\u00f3w w latach 2008-2015 \/ [red. Bart\u0142omiej Kaczorowski et. al]. &#8211; Warszawa: Ministerstwo Kultury i Dziedzictwa Narodowego, 2015.<\/li>\n<li>Ochrona dziedzictwa archeologicznego w Europie \/ red. Zbigniew Kobyli\u0144ski; Generalny Konserwator Zabytk\u00f3w, Stowarzyszenie Naukowe Archeolog\u00f3w Polskich. &#8211; Warszawa: Stowarzyszenie Naukowe Archeolog\u00f3w Polskich, 1998.<\/li>\n<li>Ochrona dziedzictwa kulturowego: uj\u0119cie krajobrazowe \/ Bogna Lipi\u0144ska. &#8211; Gda\u0144sk: Wydzia\u0142 Architektury Politechniki Gda\u0144skiej, 2011.<\/li>\n<li>Ochrona dziedzictwa kulturowego i naturalnego: perspektywa prawna i kryminologiczna \/ red. Wies\u0142aw P\u0142ywaczewski, Bart\u0142omiej Gadecki. &#8211; Warszawa: Wydawnictwo C.H. Beck, 2015.<\/li>\n<li>Ochrona dziedzictwa kulturowego na terenie wojew\u00f3dztwa kujawsko-pomorskiego: do\u015bwiadczenie, stan obecny, perspektywy: praca zbiorowa \/ pod red. S\u0142awomira \u0141anieckiego. &#8211; Bydgoszcz: Dom Wydawniczy &#8220;Margrafsen&#8221;, 2014.<\/li>\n<li>Ochrona niematerialnego dziedzictwa kulturalnego \/ red. nauk. Maria Po\u017aniak-Niedzielska; aut. Adrian Niew\u0119g\u0142owski, Maria Po\u017aniak-Niedzielska, Anna Przyborowska-Klimczak. &#8211; Stan prawny na 1 listopada 2014 r. &#8211; Warszawa: Wolters Kluwer, 2015.<\/li>\n<li>Ochrona podwodnego dziedzictwa kultury: aspekty prawnokarne i kryminologiczne \/ Bart\u0142omiej Gadecki. &#8211; Warszawa: Wydawnictwo C.H. Beck, 2014.<\/li>\n<li>Ochrona Zabytk\u00f3w: kwartalnik wydawany przez Zarz\u0105d G\u0142\u00f3wny Zwi\u0105zku Zawodowego Historyk\u00f3w Sztuki i Kultury w Warszawie. &#8211; Warszawa; Krak\u00f3w: &#8220;Czytelnik&#8221;, 1948-.<\/li>\n<li>Ochrona zabytk\u00f3w architektury. T. 1, Rozw\u00f3j doktryn i teorii (vademecum) \/ Andrzej Kad\u0142uczka; Politechnika Krakowska im. Tadeusza Ko\u015bciuszki. Wydzia\u0142 Architektury. Instytut Historii Architektury i Konserwacji Zabytk\u00f3w. &#8211; Krak\u00f3w: Stowarzyszenie Konserwator\u00f3w Zabytk\u00f3w, 2000.<\/li>\n<li>Od wozowni do katedry: hala peronowa w architekturze dworc\u00f3w. 1, Historia, konstrukcja \/ Jacek Weso\u0142owski. &#8211; \u0141\u00f3d\u017a: Wydawnictwo Politechniki \u0141\u00f3dzkiej, 2014.<\/li>\n<li>Od wozowni do katedry: hala peronowa w architekturze dworc\u00f3w. 2, Wsp\u00f3\u0142czesno\u015b\u0107, architektura \/ Jacek Weso\u0142owski. &#8211; \u0141\u00f3d\u017a: Wydawnictwo Politechniki \u0141\u00f3dzkiej, 2014.<\/li>\n<li>Odbudowa G\u0142\u00f3wnego Miasta w Gda\u0144sku w latach 1945-1960 \/ Jacek Friedrich. &#8211; Gda\u0144sk: Wydawnictwo S\u0142owo \/ Obraz Terytoria: Fundacja Terytoria Ksi\u0105\u017cki, 2015.<\/li>\n<li>Odnowa wsi: przestrze\u0144, ludzie, dzia\u0142ania \/ Wac\u0142aw Idziak, Ryszard Wilczy\u0144ski. &#8211; Warszawa: Fundacja Program\u00f3w Pomocy dla Rolnictwa FAPA, 2013.<\/li>\n<li>Ogrody na \u015al\u0105sku. T. 1, Od \u015bredniowiecza do XVII w. \/ Marzanna Jagie\u0142\u0142o, Wojciech Brzezowski. &#8211; Wroc\u0142aw: Oficyna Wydawnicza Politechniki Wroc\u0142awskiej, 2014.<\/li>\n<li>Ogrody w kulturze dawnej Japonii \/ Ma\u0142gorzata Wo\u0142od\u017ako. &#8211; Warszawa: Polski Instytut Studi\u00f3w nad Sztuk\u0105 \u015awiata; Toru\u0144: Wydawnictwo Tako, 2013.<\/li>\n<li>Okiem mistyka: fides ex visu \/ red. Aneta Kramiszewska; Katolicki Uniwersytet Lubelski Jana Paw\u0142a II. Katedra Historii Sztuki Ko\u015bcielnej. &#8211; Lublin: Wydawnictwo Werset, 2012.<\/li>\n<li>Oko i my\u015bl: o Zdzis\u0142awie K\u0119pi\u0144skim \/ pod red. Micha\u0142a Haake. &#8211; Pozna\u0144: Muzeum Narodowe w Poznaniu: Pozna\u0144skie Towarzystwo Przyjaci\u00f3\u0142 Nauk, 2012.<\/li>\n<li>Okruch z\u0142ota w popiele ogniska&#8230;: staro\u017cytne nekropolie w Czarn\u00f3wku i ich tajemnice \/ pod red. Jacka Andrzejewskiego; Muzeum w L\u0119borku, Fundacja Monumenta Archaeologica Barbarica. &#8211; L\u0119bork: Muzeum w L\u0119borku; Warszawa: Fundacja Monumenta Archaeologica Barbarica, 2014.<\/li>\n<li>Olga Bozna\u0144ska (1865-1940) \/ [koncepcja merytoryczna katalogu Ewa Bobrowska, Urszula Kozakowska-Zaucha]. &#8211; Krak\u00f3w: Muzeum Narodowe; Warszawa: Muzeum Narodowe, 2014.<\/li>\n<li>Olga Bozna\u0144ska (1865-1940) \/ [red. merytoryczna Renata Higersberger]. &#8211; Warszawa: Muzeum Narodowe, 2015.<\/li>\n<li>Opieka nad zabytkiem nieruchomym: problemy administracyjnoprawne \/ Janusz S\u0142ugocki. &#8211; Warszawa: Wolters Kluwer, 2014.<\/li>\n<li>Opuszczone dziedzictwo: o malowid\u0142ach w cerkwi \u015bw. Onufrego w Posadzie Rybotyckiej \/ Agnieszka Gronek. &#8211; Krak\u00f3w: Ksi\u0119garnia Akademicka, 2015.<\/li>\n<li>Orawka: ko\u015bci\u00f3\u0142 \u015bw. Jana Chrzciciela \/ zdj\u0119cia Rafa\u0142 Monita, tekst Andrzej Skorupa. &#8211; Krak\u00f3w: Wydawnictwo Astraia, 2015.<\/li>\n<li>Ormia\u0144skie malarstwo miniaturowe w Rzeczypospolitej Obojga Narod\u00f3w \/ Joanna Rydzkowska-Kozak. &#8211; Warszawa: Polski Instytut Studi\u00f3w nad Sztuk\u0105 \u015awiata; Toru\u0144: Wydawnictwo Tako, 2014.<\/li>\n<li>Osada kultury p\u00f3l popielnicowych w Grzybianach ko\u0142o Legnicy \/ pod red. Tomasza Stolarczyka i Justyny Baron. &#8211; Wroc\u0142aw; Legnica: Muzeum Miedzi, 2014.<\/li>\n<li>Osiemnastowieczne organy w diecezji siedleckiej \/ Piotr Wo\u017aniak. &#8211; Siedlce: Wydawnictwo Uniwersytetu Przyrodniczo-Humanistycznego, 2015.<\/li>\n<li>Ottomania: Osma\u0144ski Orient w sztuce renesansu \/ Robert Born, Micha\u0142 Dziewulski, Guido Messling [et al.]. &#8211; Krak\u00f3w: Muzeum Narodowe; Bruksela: Bozar Centre for Fine Arts; Ostfildern: Hatje Cantz Verlag, 2015.<\/li>\n<li>Ottomania: Osma\u0144ski Orient w sztuce renesansu: przewodnik \/ Katarzyna Mruga\u0142a. &#8211; Krak\u00f3w: Muzeum Narodowe, 2015.<\/li>\n<li>Pa\u0142ac Branickich w Bia\u0142ymstoku. T. 2, Lata 1802-1809 \/ oprac. i do dr. przygot. Karol \u0141opatecki, Wojciech Walczak. &#8211; Bia\u0142ystok: Instytut Bada\u0144 nad Dziedzictwem Kulturowym Europy, 2015.<\/li>\n<li>Pa\u0142ac Kr\u00f3lewski Zygmunta I na Wawelu jako dzie\u0142o renesansowe \/ Stanis\u0142aw Mossakowski. &#8211; Warszawa: Instytut Sztuki Polskiej Akademii Nauk, 2015.<\/li>\n<li>Pa\u0142ac Pus\u0142owskich \/ Andrzej Chwalba. &#8211; Krak\u00f3w: Ksi\u0119garnia Akademicka, 2014.<\/li>\n<li>Pa\u0142ac w Warszawie \/ Waldemar Baraniewski; z fotografiami B\u0142a\u017ceja Pindora. &#8211; Warszawa: Fundacja Raster, 2014.<\/li>\n<li>Pa\u0142ace-instytucje dziewi\u0119tnastowiecznego Wroc\u0142awia: znak patronatu obywatelskiego \/ Bo\u017cena Grzegorczyk. &#8211; Toru\u0144: Wydawnictwo Naukowe Uniwersytetu Miko\u0142aja Kopernika, 2014.<\/li>\n<li>Panorama Rac\u0142awicka we Wroc\u0142awiu 1985-2015: kultura i turystyka \/ pod red. Beaty Stragierowicz i Romualda Nowaka. &#8211; Wroc\u0142aw: Muzeum Narodowe, 2015.<\/li>\n<li>Panorama z ukosa: wspomnienia z czas\u00f3w konserwacji Panoramy Rac\u0142awickiej w latach 1981-1985 \/ Jadwiga Janowska-Kondratowicz. &#8211; Wroc\u0142aw: Muzeum Narodowe, 2015.<\/li>\n<li>Parafia prawos\u0142awna \u015bw. Miko\u0142aja w Toruniu \/ oprac. Miko\u0142aj Hajduczenia. &#8211; Toru\u0144: Wydawnictwo Adam Marsza\u0142ek, 2014.<\/li>\n<li>P\u0105tnik, podr\u00f3\u017cnik, turysta &#8211; poznawanie \u015bwiata: z kolekcji starodruk\u00f3w i kartografii Muzeum Narodowego w Krakowie \/ Iwona D\u0142ugopolska. &#8211; Krak\u00f3w: Muzeum Narodowe, 2015.<\/li>\n<li>Per\u0142a po\u0142udniowej Wielkopolski: pobernardy\u0144ski Zesp\u00f3\u0142 Klasztorny w Ostrzeszowie \/ [tekst Iwona Bo\u017cena Baczma\u0144ska et al.]. &#8211; Ostrzesz\u00f3w: Oficyna Wydawnicza Kulawiak, 2013.<\/li>\n<li>Perspektywy codzienno\u015bci w okupowanej Warszawie: fotografie niemieckiego urz\u0119dnika pocztowego (1939-1944) \/ Rudolf Jaworski, Florian Peters. &#8211; Marburg: Verlag Herder-Institut, 2013.<\/li>\n<li>Peter Joseph Lenn\u00e9: Parks und G\u00e4rten im Land Brandenburg: Werkverzeichnis \/ bearb. von Detlef Karg und Hans-Joachim Dreger unter Mitarbeit von Katharina Baumgart [et al.]. &#8211; Worms: Wernersche Verlagsgesellschaft, 2005.<\/li>\n<li>Pierzchnica &#8211; nasza ma\u0142a ojczyzna: miejscowo\u015bci gminy Pierzchnica: zarys dziej\u00f3w \/ Dariusz Kalina, Roman Mirowski. &#8211; Kielce: P.U.H.P. Graf-Us Grzegorz Kraska: Pierzchnica: Fundacja Rozwoju Regionu Pierzchnica, 2014.<\/li>\n<li>Pierzchnica i okolice \/ Dariusz Kalina, Roman Mirowski, W\u0142adys\u0142aw Strojny. &#8211; Kielce: P.U.H.P. Graf-Us Grzegorz Kraska: Pierzchnica: Gmina Pierzchnica, 2010.<\/li>\n<li>Pietas et Studium: rocznik Wy\u017cszego Seminarium Duchownego Prowincji Matki Bo\u017cej Anielskiej Zakonu Braci Mniejszych w Krakowie. &#8211; Krak\u00f3w: Wy\u017csze Seminarium Duchowne OO. Franciszkan\u00f3w, 2008-.<\/li>\n<li>Piotr Biega\u0144ski: Honorowa Nagroda SARP 1983 \/ [Lech K\u0142osiewicz] ;Stowarzyszenie Architekt\u00f3w Polskich SARP. &#8211; Warszawa: [SARP], 1983.<\/li>\n<li>Pi\u00f3ro na wodzie: eseje o ks. Januszu St. Pasierbie i studia z ikonografii dedykowane Jego pami\u0119ci \/ pod red. Anny S. Czy\u017c i Krystyny Moisan-Jab\u0142o\u0144skiej. &#8211; Warszawa: Stowarzyszenie Historyk\u00f3w Sztuki, 2015.<\/li>\n<li>Planowanie dziedzictwa \/ Gregory Ashworth. &#8211; Krak\u00f3w: Mi\u0119dzynarodowe Centrum Kultury, 2015.<\/li>\n<li>Pocz\u0105tki Warszawy: spojrzenie po 700 latach \/ pod red. Henryka Rutkowskiego; Towarzystwo Mi\u0142o\u015bnik\u00f3w Historii w Warszawie Oddzia\u0142 Polskiego Towarzystwa Heraldycznego, Instytut Historii im. Tadeusza Manteuffla Polskiej Akademii Nauk. &#8211; Warszawa: Wydawnictwo DiG, 2015.<\/li>\n<li>Poczet kr\u00f3l\u00f3w polskich Jana Matejki \/ Ewa Halawa, Grzegorz Wojturski. &#8211; Wroc\u0142aw: Muzeum Narodowe, 2014.<\/li>\n<li>Podkowa Le\u015bna: miasto ogr\u00f3d \/ [tekst Anna \u017bukowska-Maziarska]. &#8211; Podkowa Le\u015bna: Towarzystwo Przyjaci\u00f3\u0142 Miasta-Ogrodu Podkowa Le\u015bna, 2015.<\/li>\n<li>Podkowa Le\u015bna i Stawisko: szkice z dziej\u00f3w. &#8211; Podkowa Le\u015bna: Towarzystwo Przyjaci\u00f3\u0142 Miasta-Ogrodu Podkowa Le\u015bna, 2000.<\/li>\n<li>Podlaskie Zeszyty Archeologiczne \/ Muzeum Podlaskie w Bia\u0142ymstoku. &#8211; Bia\u0142ystok: Muzeum Podlaskie, 2005-.<\/li>\n<li>Podwodne dziedzictwo archeologiczne Polski: katalog stanowisk (badania 2006-2009) \/ Wojciech Chudziak, Ryszard Ka\u017amierczak, Jacek Niegowski; Uniwersytet Miko\u0142aja Kopernika w Toruniu. Instytut Archeologii, Fundacja AMICUS Universitatis Nicolai Copernici. &#8211; Toru\u0144: Wydawnictwo Fundacji Amicus Universitatis Nicolai Copernici: Instytut Archeologii Uniwersytetu Miko\u0142aja Kopernika, 2011.<\/li>\n<li>Polish Baroque. European Contexts: proceedings of an International Seminar held at The Institute for Interdisciplinary Studies &#8220;Artes Liberales&#8221; University of Warsaw June 27-28, 2011 \/ ed. by Piotr Salwa. &#8211; Warszawa: [Artes Liberales. Instytut Bada\u0144 Interdyscyplinarnych. Uniwersytet Warszawski], 2012.<\/li>\n<li>Politechnika \u0141\u00f3dzka: cztery pory roku \/ [red. Ma\u0142gorzata Wibik, Zbigniew Januszek, Krystyna Popiel]. &#8211; \u0141\u00f3d\u017a: Pracownia Historyczna Politechniki \u0141\u00f3dzkiej, 2014.<\/li>\n<li>Polscy i rosyjscy arty\u015bci i architekci w koloniach artystycznych za granic\u0105 i na emigracji politycznej \/ red. Jerzy Malinowski, Irina Gavrash, Dominik Ziarkowski. &#8211; Warszawa: Polski Instytut Studi\u00f3w nad Sztuk\u0105 \u015awiata; Toru\u0144: Wydawnictwo Tako, 2014.<\/li>\n<li>Polska bibliografia organ\u00f3w. T. 2 \/ Maria Szymanowicz. &#8211; Lublin: Wydawnictwo Muzyczne Polihymnia, 2014.<\/li>\n<li>Polski plakat propagandowy dwudziestolecia mi\u0119dzywojennego w zasobie Archiwum Pa\u0144stwowego w Lublinie \/ oprac. Monika Schmeichel-Zarzeczna. &#8211; Lublin: Archiwum Pa\u0144stwowe; [Warszawa]: Naczelna Dyrekcja Archiw\u00f3w Pa\u0144stwowych, 2014.<\/li>\n<li>Pomnik Grunwaldzki w Zakopanem w latach 1911-2013 \/ Les\u0142aw Dall. &#8211; Zakopane: Urz\u0105d Miasta, 2014.<\/li>\n<li>Pomniki historii: najcenniejsze obiekty i zespo\u0142y zabytkowe w Polsce \/ red. merytor. Ma\u0142gorzata Maksymiuk; aut. tekst\u00f3w Roman Marcinek. &#8211; Wyd. 3, uzup. &#8211; Warszawa: Narodowy Instytut Dziedzictwa, 2014.<\/li>\n<li>Pomorze we wczesnym \u015bredniowieczu w \u015bwietle \u017ar\u00f3de\u0142 archeologicznych: historia, stan aktualny i potrzeby bada\u0144 \/ pod red. Henryka Panera, Miros\u0142awa Fudzi\u0144skiego i Witolda \u015awi\u0119tos\u0142awskiego; Muzeum Archeologiczne w Gda\u0144sku, Instytut Archeologii i Etnologii Uniwersytetu Gda\u0144skiego. &#8211; Gda\u0144sk: Muzeum Archeologiczne, 2014.<\/li>\n<li>Poradnik architektoniczny dla miasta-ogrodu Podkowy Le\u015bnej \/ Izabela Gajny, Andrzej Bruno Kutiak, Magdalena Prosi\u0144ska. &#8211; Podkowa Le\u015bna: Urz\u0105d Miasta, 2014.<\/li>\n<li>Poradnik dla w\u0142a\u015bcicieli i u\u017cytkownik\u00f3w obiekt\u00f3w zabytkowych w \u0141odzi \/ [red. Bartosz M. Walczak]. &#8211; \u0141\u00f3d\u017a: Urz\u0105d Miasta, 2012.<\/li>\n<li>Poradnik dobrych praktyk ochrony \u017cu\u0142awskich zabytk\u00f3w \/ [kier. projektu Magda Wo\u017aniak]. &#8211; Cedry Wielkie: Gmina Cedry Wielkie; Stowarzyszenie Mi\u0142o\u015bnik\u00f3w Nowego Dworu Gda\u0144skiego Klub Nowodworski, 2009.<\/li>\n<li>Portret holenderski: w zbiorach Muzeum Warmii i Mazur w Olsztynie \/ Magdalena Barto\u015b, Kamila Wr\u00f3blewska. &#8211; Olsztyn: Muzeum Warmii i Mazur, 1993.<\/li>\n<li>Portrety artyst\u00f3w w grafice: ryciny z kolekcji Adama Bro\u017ca \/ Tomasz Jakubowski. &#8211; Warszawa: Zamek Kr\u00f3lewski &#8211; Muzeum, 2015.<\/li>\n<li>Powszechna Wystawa \u015awiatowa w Pary\u017cu w 1900 roku: splendory Trzeciej Republiki \/ Eleonora Jedli\u0144ska. &#8211; \u0141\u00f3d\u017a: Wydawnictwo Uniwersytetu \u0141\u00f3dzkiego, 2015.<\/li>\n<li>Pracownia artysty w polskiej sztuce i kulturze w drugiej po\u0142owie XIX i pocz\u0105tku XX wieku \/ Agnieszka Bagi\u0144ska. &#8211; Warszawa: Wydawnictwo Neriton, 2015.<\/li>\n<li>Praecepta politica w toru\u0144skim ratuszu: niezachowany cykl malowide\u0142 z Sali Rady z 1603 roku i jego europejski kontekst \/ Katarzyna Kolendo-Korczak. &#8211; Warszawa: Instytut Sztuki Polskiej Akademii Nauk: Liber Pro Arte, 2014.<\/li>\n<li>Praemiando incitat: Order \u015awi\u0119tego Stanis\u0142awa 1765-1831: w 250. rocznic\u0119 powo\u0142ania orderu \/ [red. nauk. Micha\u0142 Zawadzki, Dariusz Nowacki]. &#8211; Warszawa: Arx Regia &#8211; O\u015brodek Wydawniczy Zamku Kr\u00f3lewskiego w Warszawie &#8211; Muzeum, 2015.<\/li>\n<li>Prahistoryczne bursztyniarstwo na \u017bu\u0142awach Wi\u015blanych: p\u00f3\u017anoneolityczne centrum pozyskiwania i obr\u00f3bki bursztynu w nied\u017awiedzi\u00f3weckim mikroregionie osadniczym (3300-2400 l. p.n.e.) \/ Ryszard F. Mazurowski; Muzeum Zamkowe w Malborku. &#8211; Malbork: Muzeum Zamkowe, 2014.<\/li>\n<li>Prawo autorskie w dzia\u0142alno\u015bci muze\u00f3w \/ Monika Drela, Iwona Gredka. &#8211; Warszawa: Narodowy Instytut Muzealnictwa i Ochrony Zbior\u00f3w, 2014.<\/li>\n<li>Problemy muze\u00f3w zwi\u0105zane z zachowaniem i konserwacj\u0105 zbior\u00f3w: V Mi\u0119dzynarodowa Konferencja Konserwatorska, Szreniawa, 5-6 pa\u017adziernika 2012 \/ oprac. red. Paulina Kryg; Muzeum Narodowe Rolnictwa i Przemys\u0142u Rolno-Spo\u017cywczego w Szreniawie. &#8211; Szreniawa: Muzeum Narodowe Rolnictwa i Przemys\u0142u Rolno-Spo\u017cywczego, 2013.<\/li>\n<li>Procesy przemian w sztuce \u015bredniowiecznej: prze\u0142om, regres, innowacja, tradycja: studia z historii sztuki \/ pod red. Rafa\u0142a Eysymontta i Romualda Kaczmarka. &#8211; Warszawa: Stowarzyszenie Historyk\u00f3w Sztuki, 2014.<\/li>\n<li>Projekty zagospodarowania i ukszta\u0142towania teren\u00f3w zieleni: oznaczenia graficzne na rysunkach [Dokument elektroniczny] \/ Polski Komitet Normalizacyjny. &#8211; Warszawa: Polski Komitet Normalizacyjny, 1971.<\/li>\n<li>Prolegomena do bada\u0144 nad obrazami hodegetrii typu krakowskiego: praca zbiorowa \/ pod kier. Jerzego Gadomskiego z udzia\u0142em Ma\u0142gorzaty Schuster-Gaw\u0142owskiej, Marty Lempart-Geratowskiej, Heleny Ma\u0142kiewicz\u00f3wny, Ma\u0142gorzaty Nowali\u0144skiej, Anny S\u0119kowskiej. &#8211; Krak\u00f3w: Wydawnictwo Akademii Sztuk Pi\u0119knych im. Jana Matejki, 2014.<\/li>\n<li>Pr\u016fzkumy pam\u00e1tek = Denkmalforschung = Historical Monumets&#8217;. &#8211; Praha: Pam\u00e1tkov\u00fd \u00fastav st\u0159edn\u00edch \u010cech, 1994-.<\/li>\n<li>Przeciw chorobie: architektura szpitalna Wielkopolski w dwudziestoleciu mi\u0119dzywojennym \/ Aleksandra Paradowska. &#8211; Pozna\u0144: Wydawnictwo Nauka i Innowacje, 2015.<\/li>\n<li>Przed wojn\u0105 i pa\u0142acem \/ Magdalena Stopa. &#8211; Warszawa: Dom Spotka\u0144 z Histori\u0105, 2015.<\/li>\n<li>Przedmie\u015bcie Odrza\u0144skie we Wroc\u0142awiu \/ [red. Halina Ok\u00f3lska, Tomasz G\u0142owi\u0144ski]. &#8211; Wroc\u0142aw: Muzeum Miejskie Wroc\u0142awia: Wydawnictwo GAJT 1991, 2014.<\/li>\n<li>Prze\u0142om czy kontynuacja?: polska krytyka artystyczna 1917-1930 wobec tradycji m\u0142odopolskiej \/ Diana Wasilewska; Instytut Historii Sztuki Uniwersytetu Jagiello\u0144skiego. &#8211; Krak\u00f3w: Towarzystwo Autor\u00f3w i Wydawc\u00f3w Prac Naukowych Universitas, 2013.<\/li>\n<li>Przewodnik po Bo\u017cym Narodzeniu \/ Agnieszka Kostrzewa, Hanna M. \u0141opaty\u0144ska. &#8211; Toru\u0144: Muzeum Etnograficzne im. Marii Znamierowskiej-Pr\u00fcfferowej, 2014.<\/li>\n<li>Przewodnik po cerkwi \u015bw. Jakuba M\u0142. Ap. w Powro\u017aniku i dziejach tutejszych ludzi \/ Bogus\u0142aw Zawi\u015blak. &#8211; Powro\u017anik: [s.n.], 2013.<\/li>\n<li>Przewodnik po drzewie \u017cywota: o sposobie zachowania dobrego zdrowia w j\u0119zyku jidysz przez anonimowego \u017cydowskiego doktora w Polsce, w roku 1613 drukiem og\u0142oszony \/ t\u0142umaczenie, wprowadzenie oraz red. nauk. Ewa Geller. &#8211; Warszawa: Muzeum Pa\u0142ac w Wilanowie, 2015.<\/li>\n<li>Przewodnik po zabytkach gminy Twor\u00f3g \/ [tekst Fryderyk Zgodzaj]. &#8211; Twor\u00f3g: Urz\u0105d Gminy Twor\u00f3g; Kwidzyn: Vega Studio Adv. Tomasz M\u00fcller, 2014.<\/li>\n<li>Pu\u0142awy &#8211; polskie Ateny: dzieje zespo\u0142u pa\u0142acowo-ogrodowego \/ Gra\u017cyna Ho\u0142ubowicz-Kliza. &#8211; Pu\u0142awy: Instytut Uprawy, Nawo\u017cenia i Gleboznawstwa. Pa\u0144stwowy Instytut Badawczy, 2013.<\/li>\n<li>Radnicki \/ \u015awiatos\u0142aw Lenartowicz. &#8211; Krak\u00f3w: Wydawnictwo Akademii Sztuk Pi\u0119knych im. Jana Matejki: Muzeum Narodowe, 2015.<\/li>\n<li>Raport &#8230; \/ Muzeum Narodowe w Kielcach. &#8211; Kielce: Muzeum Narodowe , 2004-.<\/li>\n<li>Raport roczny Narodowego Instytutu Dziedzictwa 2014 \/ oprac. Wioletta \u0141abuda-Iwaniak. &#8211; Warszawa: Narodowy Instytut Dziedzictwa, [2015].<\/li>\n<li>Raport. 9 \/ [red. S\u0142awomir Kadrow]. &#8211; Warszawa: Narodowy Instytut Dziedzictwa, 2014.<\/li>\n<li>Regionalizm: idea &#8211; tradycje &#8211; perspektywy rozwoju w muzealnictwie \/ [oprac. red. Zbigniew Chlewi\u0144ski]. &#8211; P\u0142ock: Muzeum Mazowieckie, 2007.<\/li>\n<li>Renovatio et restitutio: materia\u0142y do bada\u0144 i ochrony za\u0142o\u017ce\u0144 rezydencjonalnych i obronnych \/ pod red. Piotra Laska i Piotra Sypczuka. &#8211; Warszawa: Instytut Sztuki Polskiej Akademii Nauk, 2015.<\/li>\n<li>Renowacja ko\u015bcio\u0142a pw. Wniebowzi\u0119cia Naj\u015bwi\u0119tszej Maryi Panny w Mierz\u0119cinie. &#8211; [Dobiegniew: Parafia Rzymsko-Katolicka pw. \u015bw. J\u00f3zefa], 2012.<\/li>\n<li>Rewitalizacja konstrukcji budowlanych w obiektach zabytkowych \/ Dariusz Bajno. &#8211; Bydgoszcz: Wydawnictwo Uczelniane Uniwersytetu Technologiczno-Przyrodniczego, 2013.<\/li>\n<li>Rewitalizacja przedpola Pa\u0142acu w Wilanowie: w ramach regionalnego programu operacyjnego wojew\u00f3dztwa mazowieckiego \/ [Pawe\u0142 Jaskanis et al.]. &#8211; Warszawa: Muzeum Pa\u0142ac w Wilanowie, [2013].<\/li>\n<li>Rezydencja &#8211; klasztor &#8211; miasto: sztuka G\u00f3rnego \u015al\u0105ska wobec trydenckiej konfesjonalizacji \/ Jerzy Gorzelik. &#8211; Gliwice: Muzeum, 2014.<\/li>\n<li>Richard Pl\u00fcddemann: architekt Wroc\u0142awia 1846-1910 \/ Agnieszka Gryglewska. &#8211; Wroc\u0142aw: Archiwum Budowlane Archiwum Budowlane miasta Wroc\u0142awia, 1998.<\/li>\n<li>Rocznik Bia\u0142ostocki \/ Muzeum w Bia\u0142ymstoku; [red. nacz.] Tadeusz Dzier\u017cykray-Rogalski. &#8211; Bia\u0142ystok: Pa\u0144stwowe Wydawnictwo Naukowe, 1961-.<\/li>\n<li>Rocznik Historii Sztuki \/ Polska Akademia Nauk. Komitet Nauk o Sztuce. &#8211; Wroc\u0142aw: Zak\u0142ad im. Ossoli\u0144skich &#8211; Wydawnictwo PAN, 1956-.<\/li>\n<li>Rocznik Krakowski \/ Towarzystwo Mi\u0142o\u015bnik\u00f3w Historii i Zabytk\u00f3w Krakowa; [red. Stanis\u0142aw Krzy\u017canowski]. &#8211; Krak\u00f3w: Towarzystwo Mi\u0142o\u015bnik\u00f3w Historii i Zabytk\u00f3w Krakowa, 1898-.<\/li>\n<li>Rocznik Muzealny \/ Muzeum Ziemi Kujawskiej i Dobrzy\u0144skiej; [Agnieszka Kowalewska red.]. &#8211; W\u0142oc\u0142awek: Muzeum Ziemi Kujawskiej i Dobrzy\u0144skiej, 1988-.<\/li>\n<li>Rocznik Muzeum Narodowego w Kielcach. &#8211; Krak\u00f3w: Wydawnictwo Literackie, 1977-.<\/li>\n<li>Rocznik Muzeum Narodowego w Warszawie. &#8211; Warszawa: Muzeum Narodowe, 1938-1992; 2012-.<\/li>\n<li>Rocznik Muzeum Papiernictwa \/ [Muzeum Papiernictwa w Dusznikach Zdroju; Maciej Szymczyk red. nacz.]. &#8211; Duszniki Zdr\u00f3j: Muzeum Papiernictwa, 2007-.<\/li>\n<li>Rocznik Polskiego Towarzystwa Heraldycznego \/ pod red. Stefana K. Kuczy\u0144skiego. &#8211; Warszawa: Wydawnictwo DiG, 1993-.<\/li>\n<li>Rocznik Toru\u0144ski \/ Towarzystwo Mi\u0142o\u015bnik\u00f3w Torunia. &#8211; Toru\u0144: Towarzystwo Mi\u0142o\u015bnik\u00f3w Torunia, 1966-.<\/li>\n<li>Roczniki Humanistyczne \/ Towarzystwo Naukowe Katolickiego Uniwersytetu Lubelskiego. Wydzia\u0142 Historyczno-Filologiczny. &#8211; Lublin: Towarzystwo Naukowe Katolickiego Uniwersytetu Lubelskiego, 1949-.<\/li>\n<li>Roczniki Sztuki \u015al\u0105skiej \/ Muzeum \u015al\u0105skie we Wroc\u0142awiu. &#8211; Wroc\u0142aw: [s.n.], 1959-.<\/li>\n<li>Rohnowie: rodzina rze\u017abiarzy z Wroc\u0142awia \/ Jakub Jagie\u0142\u0142o. &#8211; Warszawa: Wydawnictwo CM, 2015.<\/li>\n<li>Rosyjskie ikony metalowe w kolekcji Muzeum Ikon w Supra\u015blu: katalog zbior\u00f3w \/ Piotr Sawicki. &#8211; Bia\u0142ystok: Muzeum Podlaskie, 2014.<\/li>\n<li>Ro\u015bliny w ma\u0142opolskim gotyckim, malarstwie tablicowym 1420-1540 \/ Magdalena Michniewska. &#8211; Krak\u00f3w: Towarzystwo Naukowe Societas Vistulana, 2014.<\/li>\n<li>Rozebra\u0107 Warszaw\u0119: historie niekt\u00f3rych wyburze\u0144 po roku 1945 \/ Artur Bojarski. &#8211; Warszawa: Wydawnictwo &#8220;Ksi\u0105\u017cka i Wiedza&#8221;, 2015.<\/li>\n<li>Rozmierz 1256-2006 \/ Piotr Smyka\u0142a. &#8211; Strzelce Opolskie: Wydawnictwo Matiang, 2006.<\/li>\n<li>Rozprawa geologiczno-antropologiczna \/ wst\u0119p, wyb\u00f3r i oprac. tekstu Jakub Linetty; Muzeum Pierwszych Piast\u00f3w na Lednicy. &#8211; Lednica; Muzeum Pierwszych Piast\u00f3w na Lednicy, 2013.<\/li>\n<li>Rozprawy Muzeum Narodowego w Krakowie. Seria Nowa = Selected Papers from the National Museum in Cracow. New Series \/ [kom. red. Tadeusz Chru\u015bcicki et al.]. &#8211; Krak\u00f3w: MN, 1999-.<\/li>\n<li>R\u00f3\u017cnimy si\u0119 w wierze: dowody koegzystencji wieloreligijnej na ziemiach Rzeczypospolitej w starodrukach ze zbior\u00f3w Muzeum Narodowego w Krakowie: wystawa w Muzeum Narodowym w Krakowie w Muzeum im. Emeryka Hutten-Czapskiego, stycze\u0144 &#8211; kwiecie\u0144 2015 \/ Iwona D\u0142ugopolska. &#8211; Krak\u00f3w: Muzeum Narodowe, 2015.<\/li>\n<li>Ruchy protestu w architekturze wsp\u00f3\u0142czesnej \/ Jadwiga S\u0142awi\u0144ska. &#8211; Wroc\u0142aw: Oficyna Wydawnicza Politechniki Wroc\u0142awskiej, 1995.<\/li>\n<li>Rysunek budowlany: oznaczenia graficzne stosowane w projektach zagospodarowania dzia\u0142ki lub terenu [Dokument elektroniczny] \/ Polski Komitet Normalizacyjny. &#8211; Warszawa: Polski Komitet Normalizacyjny, 2002.<\/li>\n<li>Rysunek budowlany: projekty zagospodarowania terenu \/ [Dokument elektroniczny] \/ Polski Komitet Normalizacyjny. &#8211; Warszawa: Polski Komitet Normalizacyjny, 2001.<\/li>\n<li>Rzesz\u00f3w, stanowisko 117 &#8211; osada wielokulturowa \/ Sylwester Czopek, Dariusz Niemasik, Wojciech Pasterkiewicz, Andrzej Pelisiak; Muzeum Okr\u0119gowe w Rzeszowie. &#8211; Rzesz\u00f3w: [MITEL], 2014.<\/li>\n<li>Sacrum et Decorum: materia\u0142y i studia z historii polskiej sztuki sakralnej = materials and studies on the history of sacred art \/ Wydzia\u0142 Sztuki Uniwersytetu Rzeszowskiego. Centrum Dokumentacji Wsp\u00f3\u0142czesnej Sztuki Sakralnej; [red. nacz. Gra\u017cyna Ryba]. &#8211; Wroc\u0142aw: Wydawnictwo Uniwersytetu Rzeszowskiego, 2008-.<\/li>\n<li>Sacrum w krajobrazie: materia\u0142y XV Interdyscyplinarnego Seminarium Komisji Krajobrazu Kulturowego PTG, Lublin &#8211; Roztocze 25-27 wrze\u015bnia 2012 \/ pod red. Sebastiana Bernata; Uniwersytet Marii Curie-Sk\u0142odowskiej. Instytut Nauk o Ziemi. Zak\u0142ad Ochrony \u015arodowiska [et al.]. &#8211; Lublin: Wydawnictwo Polihymnia, 2012.<\/li>\n<li>Santander Art and Culture Law Review. &#8211; Bydgoszcz: Wydawnictwo Uniwersytetu Kazimierza Wielkiego, 2015-.<\/li>\n<li>Sens polowania: wsp\u00f3\u0142czesne znaczenia tradycyjnych praktyk na przyk\u0142adzie analizy dyskursu \u0142owieckiego \/ Dorota Rancew-Sikora. &#8211; Warszawa: Wydawnictwo Naukowe Scholar, 2009.<\/li>\n<li>Siatka prostych: o architekturze nadindywidualnej \/ Juliusz \u017b\u00f3rawski; red. nauk. Krzysztof Lenartowicz. &#8211; Krak\u00f3w: Wydawnictwo Politechniki Krakowskiej, 2012.<\/li>\n<li>Siedziba ziemia\u0144ska Korabit\u00f3w Ostrowskich w Maluszynie \/ Karolina Studnicka-Maria\u0144czyk; Polskie Towarzystwo Historyczne. &#8211; Warszawa: Wydawnictwo DiG, 2014.<\/li>\n<li>Sigilla regum et reginarum Poloniae: piecz\u0119cie kr\u00f3l\u00f3w i kr\u00f3lowych Polski ze zbior\u00f3w Archiwum G\u0142\u00f3wnego Akt Dawnych: tabularium actorum antiquorum Varsoviense maximum, divisio prima &#8211; &#8220;insimul&#8221; \/ [t\u0142. Anna Maria Tymosz]; Archiwum G\u0142\u00f3wne Akt Dawnych, Naczelna Dyrekcja Archiw\u00f3w Pa\u0144stwowych. &#8211; Wyd. 2. &#8211; Warszawa: Wydawnictwo DiG, 2015.<\/li>\n<li>Sk\u00f3ra w obiektach muzealnych \/ [aut. tekst\u00f3w Zofia Maniakowska-Jazownik et al.]. &#8211; Warszawa: Narodowy Instytut Muzealnictwa i Ochrony Zbior\u00f3w; Krak\u00f3w: Muzeum Narodowe, [2013].<\/li>\n<li>S\u0142ownik historyczno-geograficzny wojew\u00f3dztwa pozna\u0144skiego w \u015bredniowieczu. Cz. 5, z. 2, Tabliny &#8211; Uni\u0119cice \/ pod red. Tomasza Jurka, oprac. Pawe\u0142 Dembi\u0144ski et al.; Polska Akademia Nauk. Instytut Historii. &#8211; Pozna\u0144: Wydawnictwo Pozna\u0144skiego Towarzystwa Przyjaci\u00f3\u0142 Nauk, 2014.<\/li>\n<li>Spacer po galerii malarstwa polskiego z prze\u0142omu XIX i XX wieku \/ (pod red. Katarzyny Kurpiewskiej); Muzeum Miejskie Wroc\u0142awia. &#8211; Wroc\u0142aw: Muzeum Miejskie Wroc\u0142awia, 2014.<\/li>\n<li>Spacerownik po \u017cydowskiej Warszawie \/ Jerzy S. Majewski, Tomasz Urzykowski. &#8211; Warszawa: Agora: Muzeum Historii \u017byd\u00f3w Polskich, 2014.<\/li>\n<li>Standards in displaying outdoor advertisements and signs on historical buildings and at historical sites \/ Bogus\u0142aw Szmygin, Anna Fortuna-Marek. &#8211; Warszawa: Polski Komitet Narodowy ICOMOS, 2015.<\/li>\n<li>Standardy w zakresie projektowania, realizacji i nadzor\u00f3w prac konserwatorskich dotycz\u0105cych zabytk\u00f3w architektury i budownictwa \/ Jan Tajchman. &#8211; Warszawa: Narodowy Instytut Dziedzictwa, 2014.<\/li>\n<li>Stanis\u0142aw Kubicki &#8211; in transitu: poeta t\u0142umaczy sam siebie \/ Lidia G\u0142uchowska; przedm. Peter Mantis. &#8211; Wroc\u0142aw: O\u015brodek Kultury i Sztuki, O\u015brodek Kultury i Sztuki &#8211; Instytucja Kultury Samorz\u0105du Wojew\u00f3dztwa Dolno\u015bl\u0105skiego, 2015.<\/li>\n<li>Stanis\u0142aw Wyspia\u0144ski w Akademii Sztuk Pi\u0119knych w Krakowie \/ pod red. Janusza Antosa. &#8211; Krak\u00f3w: Wydawnictwo Akademii Sztuk Pi\u0119knych im. Jana Matejki, 2007.<\/li>\n<li>Stare i nowe dziedzictwo Torunia \/ [red. nauk. Juliusz Raczkowski]; Wydzia\u0142 Sztuk Pi\u0119knych UMK w Toruniu. &#8211; Toru\u0144: Wydzia\u0142 Sztuk Pi\u0119knych UMK, 2013.<\/li>\n<li>Starosiedle w Ziemi Lubuskiej: osadnictwo staro\u017cytne i wczesno\u015bredniowieczne \/ pod red. Zbigniewa Kobyli\u0144skiego; Fundacja Res Publica Multiethnica, Instytut Archeologii i Etnologii Polskiej Akademii Nauk, Instytut Archeologii Uniwersytetu Kardyna\u0142a Stefana Wyszy\u0144skiego w Warszawie. &#8211; Warszawa: Fundacja Res Publica Multiethnica, 2014.<\/li>\n<li>Stowarzyszenie Historyk\u00f3w Sztuki 1934-2014: historia, ludzie, siedziby \/ [red. Artur Badach, Anna Sylwia Czy\u017c]. &#8211; Warszawa: Stowarzyszenie Historyk\u00f3w Sztuki, 2014.<\/li>\n<li>Strefa Auschwitz-Birkenau \/ Marek Rawecki. &#8211; Gliwice: Wydawnictwo Politechniki \u015al\u0105skiej, 2003.<\/li>\n<li>Structural health assessment of timber structures. Vol. 1 \/ ed. Jerzy Jasie\u0144ko and Tomasz Nowak. &#8211; Wroc\u0142aw: Dolno\u015bl\u0105skie Wydawnictwo Edukacyjne, 2015.<\/li>\n<li>Structural health assessment of timber structures. Vol. 2 \/ ed. Jerzy Jasie\u0144ko and Tomasz Nowak. &#8211; Wroc\u0142aw: Dolno\u015bl\u0105skie Wydawnictwo Edukacyjne, 2015.<\/li>\n<li>Strukturalne wzmacnianie materia\u0142\u00f3w porowatych z uwzgl\u0119dnieniem obraz\u00f3w \/ Wies\u0142aw Domas\u0142owski. &#8211; Toru\u0144: Wydawnictwo Naukowe Uniwersytetu Miko\u0142aja Kopernika, 2014.<\/li>\n<li>Strzelce Opolskie na starej fotografii. &#8211; Strzelce Opolskie: Urz\u0105d Miasta i Gminy, [po 1998].<\/li>\n<li>Strzelecki Park Miejski: historia odkryta na nowo \/ [wst\u0119p Piotr Smyka\u0142a]. &#8211; Strzelce Opolskie: Urz\u0105d Miejski, 2008.<\/li>\n<li>Studia Claromontana \/ red. nacz. Janusz Zbudniewek. &#8211; Cz\u0119stochowa: Wydawnictwo OO. Paulin\u00f3w, 1981-.<\/li>\n<li>Studia i Materia\u0142y do Dziej\u00f3w \u017bup Solnych w Polsce \/ Ministerstwo Kultury i Sztuki. Zarz\u0105d Muze\u00f3w i Ochrony Zabytk\u00f3w. &#8211; Wieliczka: Muzeum \u017bup Krakowskich, 1965-.<\/li>\n<li>Studia Lednickie \/ Muzeum Pierwszych Piast\u00f3w na Lednicy; [Zofia Kurnatowska red. nacz.]. &#8211; Lednica; Pozna\u0144: Wydawnictwo Naukowe Uniwersytetu im. Adama Mickiewicza, 1989-.<\/li>\n<li>Studia nad dawn\u0105 Polsk\u0105. T. 1 \/ red. Tomasz Sawicki. &#8211; Gniezno: Muzeum Pocz\u0105tk\u00f3w Pa\u0144stwa Polskiego, 2008.<\/li>\n<li>Studia nad dawn\u0105 Polsk\u0105. T. 2 \/ red. Tomasz Sawicki. &#8211; Gniezno: Muzeum Pocz\u0105tk\u00f3w Pa\u0144stwa Polskiego, 2009.<\/li>\n<li>Studia nad dawn\u0105 Polsk\u0105. T. 3 \/ red. Tomasz Sawicki. &#8211; Gniezno: Muzeum Pocz\u0105tk\u00f3w Pa\u0144stwa Polskiego, 2013.<\/li>\n<li>Stw\u00f3rcze r\u0119ce: sztuka metalu doby modernizmu we Wroc\u0142awiu \/ [red. nauk. Jacek Witecki]. &#8211; Wroc\u0142aw: Muzeum Narodowe, 2015.<\/li>\n<li>Symbole i alegorie prawa w malarstwie: (na podstawie wybranych dzie\u0142) \/ Joanna Untersch\u00fctz. &#8211; Elbl\u0105g: Wydawnictwo Pa\u0144stwowej Wy\u017cszej Szko\u0142y Zawodowej, 2014.<\/li>\n<li>Szczecin: D\u0105bie \/ Marek \u0141uczak. &#8211; Szczecin: Pomorskie Towarzystwo Historyczne, 2014.<\/li>\n<li>Szczecin: Gumie\u0144ce, \u015awierczewo \/ Marek \u0141uczak. &#8211; Szczecin: Pomorskie Towarzystwo Historyczne, 2010.<\/li>\n<li>Szczecin: Kl\u0119skowo, Kijewo \/ Marek \u0141uczak. &#8211; Wyd. 2 poszerz. &#8211; Szczecin: Pomorskie Towarzystwo Historyczne, 2012.<\/li>\n<li>Szczecin: Krzekowo, Bezrzecze \/ Marek \u0141uczak. &#8211; Szczecin: Pomorskie Towarzystwo Historyczne, 2010.<\/li>\n<li>Szczecin: Pogodno, \u0141\u0119kno \/ Marek \u0141uczak. &#8211; Szczecin: Pomorskie Towarzystwo Historyczne, 2009.<\/li>\n<li>Szczecin: Pomorzany \/ Marek \u0141uczak. &#8211; Szczecin: Pomorskie Towarzystwo Historyczne, 2010.<\/li>\n<li>Szczecin: Stare Miasto \/ Marek \u0141uczak. &#8211; Szczecin: Pomorskie Towarzystwo Historyczne, 2013.<\/li>\n<li>Szczecin: Wielgowo, Zdunowo, Za\u0142om \/ Marek \u0141uczak. &#8211; Szczecin: Pomorskie Towarzystwo Historyczne, 2012.<\/li>\n<li>Szczecin: Zdroje \/ Marek \u0141uczak. &#8211; Szczecin: Pomorskie Towarzystwo Historyczne, 2008.<\/li>\n<li>Szczecin: \u017belechowa \/ Marek \u0141uczak. &#8211; Szczecin: Pomorskie Towarzystwo Historyczne, 2008.<\/li>\n<li>Szkice z dziej\u00f3w zieleni miejskiej w Rybniku \/ Jakub Abrahamowicz, Dawid Keller, Bogdan Kloch. &#8211; Rybnik: Muzeum: Zarz\u0105d Zieleni Miejskiej, 2014.<\/li>\n<li>Sztuka Afryki w kolekcjach i badaniach polskich \/ [red. S\u0142awomir Szafra\u0144ski et al.]; Muzeum Narodowe w Szczecinie. &#8211; Szczecin: Muzeum Narodowe, 2014.<\/li>\n<li>Sztuka i dyplomacja: zwi\u0105zki sztuki i polskiej dyplomacji w okresie nowo\u017cytnym: praca zbiorowa \/ [red. Monika Kuhnke, Artur Badach]. &#8211; Warszawa: Ministerstwo Spraw Zagranicznych: Stowarzyszenie Historyk\u00f3w Sztuki, 2013.<\/li>\n<li>Sztuka w \u0141odzi (6): z\u0142e miasto &#8211; dobre miasto \/ [zesp\u00f3\u0142 red. Ma\u0142gorzata Wr\u00f3blewska Markiewicz et al.] &#8211; \u0141\u00f3d\u017a: Stowarzyszenie Historyk\u00f3w Sztuki. Oddzia\u0142: Ksi\u0119\u017cy M\u0142yn Dom Wydawniczy, 2014.<\/li>\n<li>Szukalski: teksty o sztuce i wypowiedzi polemiczne oraz korespondencja z lat 1924-1938 \/ Stanis\u0142aw Szukalski; wybra\u0142, u\u0142o\u017cy\u0142, wst\u0119pem i przypisami opatrzy\u0142 Lechos\u0142aw Lame\u0144ski; Katolicki Uniwersytet Lubelski Jana Paw\u0142a II. Wydzia\u0142 Nauk Humanistycznych. &#8211; Lublin: Wydawnictwo KUL, 2013.<\/li>\n<li>Szymisz\u00f3w: wie\u015b i ko\u015bci\u00f3\u0142: 1607-2007 \/ Piotr Smyka\u0142a. &#8211; Opole: Wydawnictwo MS, 2007.<\/li>\n<li>\u015al\u0105scy potentaci &#8211; dziedzictwo Schaffgotsch\u00f3w \/ [aut. tekst\u00f3w i zdj\u0119\u0107 Pawe\u0142 Pomykalski, Beata Pomykalska, Joanna Oczko]. &#8211; Gliwice; Opole: Dom Wsp\u00f3\u0142pracy Polsko-Niemieckiej; \u0141\u00f3d\u017a: Ksi\u0119\u017cy M\u0142yn Dom Wydawniczy, 2014.<\/li>\n<li>\u015aredniowieczne cmentarzysko w Czarnej Wielkiej, stan. 1, woj. podlaskie: (badania 1951-1978). T. 2 \/ [red. nauk. Halina Karwowska]. &#8211; Bia\u0142ystok: Muzeum Podlaskie &#8211; Instytucja Kultury Samorz\u0105du Wojew\u00f3dztwa Podlaskiego, 2014.<\/li>\n<li>\u015aredniowieczne domy krakowskie (od lokacji miast do po\u0142owy XVII wieku): kamienice, pa\u0142ace miejskie i rezydencje kanonicze: trwa\u0142o\u015b\u0107 gotyckiego modelu w nowo\u017cytno\u015bci \/ Waldemar Komorowski. &#8211; Krak\u00f3w: Muzeum Narodowe: Towarzystwo Wydawnicze Historia Iagellonica, 2014.<\/li>\n<li>\u015aroda i powiat \u015bredzki na dawnych poczt\u00f3wkach \/ oprac. Marta Pajchrowska. &#8211; \u015aroda Wielkopolska: Wydawnictwo Wojan, 2004.<\/li>\n<li>Tajemnice jaros\u0142awskich podziemi \/ Zdzis\u0142aw Kohutek, Zbigniew Zi\u0119ba. &#8211; Jaros\u0142aw: [Stowarzyszenie Mi\u0142o\u015bnik\u00f3w Jaros\u0142awia], 2014.<\/li>\n<li>Tajemnice skarbca katedry kamie\u0144skiej \/ Janusz Leszek Jurkiewicz. &#8211; Stargard Szczeci\u0144ski: Stowarzyszenie Zachodniopomorskie Dziedzictwo Kulturowe, 2014.<\/li>\n<li>Tajemnicze miasto: spacery po Warszawie. Cz. 1, Stara Warszawa \/ Micha\u0142 Szyma\u0144ski. &#8211; Warszawa: Wydawnictwo CM, 2015.<\/li>\n<li>Tarcze herbowe z ko\u015bcio\u0142a Mariackiego w Toruniu \/ Krzysztof Mikulski. &#8211; Warszawa: Wydawnictwo DiG, 25 cm.<\/li>\n<li>Tarcze Legion\u00f3w Polskich 1915-1917 r. w zbiorach Muzeum Historycznego Miasta Krakowa \/ Janusz Tadeusz Nowak. &#8211; Krak\u00f3w: Muzeum Historyczne Miasta Krakowa, 2006.<\/li>\n<li>Tarnobrzeg: historia rozwoju przestrzennego \/ Kazimierz Ku\u015bnierz; Politechnika Krakowska. Wydzia\u0142 Architektury. Instytut Historii Architektury i Konserwacji Zabytk\u00f3w. &#8211; Wyd. 2. &#8211; Krak\u00f3w: Wydawnictwo Naukowe Zak\u0142adu Historii Architektury Urbanistyki i Sztuki Powszechnej Wydzia\u0142u Architektury Politechniki Krakowskiej im. T. Ko\u015bciuszki, 1999.<\/li>\n<li>Tarnowskie G\u00f3ry: lead-silver-zinc mine and its underground water management system. &#8211; Tarnowskie G\u00f3ry: Stowarzyszenie Mi\u0142o\u015bnik\u00f3w Ziemi Tarnog\u00f3rskiej; Warszawa: Narodowy Instytut Dziedzictwa, 2015.<\/li>\n<li>Teatr Polski w Poznaniu \/ Jerzy Borwi\u0144ski, Stefan Drajewski. &#8211; Pozna\u0144: Wydawnictwo Miejskie Posnania, 2015.<\/li>\n<li>Teatr Wielki w Warszawie: 250-lecie teatru publicznego w Polsce, 1765-2015 \/ Jerzy Mizio\u0142ek; [przek\u0142. i korekta wersji ang. John Comber]. &#8211; Warszawa: Teatr Wielki &#8211; Opera Narodowa, 2015.<\/li>\n<li>Technika w dziejach cywilizacji &#8211; z my\u015bl\u0105 o przysz\u0142o\u015bci. T. 3, IV Mi\u0119dzynarodowy Warsztat Naukowy Student\u00f3w Sowiog\u00f3rskie Muzeum Techniki FOMT, Dzier\u017coni\u00f3w, 8-11.09.2007 \/ pod red. Stanis\u0142awa Januszewskiego; Mi\u0119dzywydzia\u0142owe Studenckie Ko\u0142o Naukowe PWr &#8220;Ochrona zabytk\u00f3w techniki HP Nadb\u00f3r&#8221;, Fundacja Otwartego Muzeum Techniki, Politechnika Wroc\u0142awska. &#8211; Wroc\u0142aw: Fundacja Otwartego Muzeum Techniki, 2007.<\/li>\n<li>Technika w dziejach cywilizacji &#8211; z my\u015bl\u0105 o przysz\u0142o\u015bci. T. 5, VI Mi\u0119dzynarodowy Warsztat Naukowy Student\u00f3w Sowiog\u00f3rskie Muzeum Techniki FOMT, Dzier\u017coni\u00f3w, 28-30.05.2009 \/ pod red. Stanis\u0142awa Januszewskiego; Mi\u0119dzywydzia\u0142owe Studenckie Ko\u0142o Naukowe PWr &#8220;Ochrona zabytk\u00f3w techniki HP Nadb\u00f3r&#8221;, Fundacja Otwartego Muzeum Techniki, Politechnika Wroc\u0142awska. &#8211; Wroc\u0142aw: Fundacja Otwartego Muzeum Techniki, 2009.<\/li>\n<li>Technika w dziejach cywilizacji &#8211; z my\u015bl\u0105 o przysz\u0142o\u015bci. T. 6, VII Mi\u0119dzynarodowy Warsztat Archeologii Przemys\u0142owej Sowiog\u00f3rskie Muzeum Techniki FOMT, Dzier\u017coni\u00f3w &#8211; \u015awidnica, 20-22.05.2010 \/ pod red. Stanis\u0142awa Januszewskiego; Mi\u0119dzywydzia\u0142owe Studenckie Ko\u0142o Naukowe PWr &#8220;Ochrona zabytk\u00f3w techniki HP Nadb\u00f3r&#8221;, Fundacja Otwartego Muzeum Techniki, Politechnika Wroc\u0142awska. &#8211; Wroc\u0142aw: Fundacja Otwartego Muzeum Techniki, 2010.<\/li>\n<li>Technika w dziejach cywilizacji &#8211; z my\u015bl\u0105 o przysz\u0142o\u015bci. T. 8, IX Mi\u0119dzynarodowy Warsztat Archeologii Przemys\u0142owej Sowiog\u00f3rskie Muzeum Techniki FOMT, Dzier\u017coni\u00f3w, 18-20.05.2012 \/ pod red. Stanis\u0142awa Januszewskiego; Mi\u0119dzywydzia\u0142owe Studenckie Ko\u0142o Naukowe PWr &#8220;Ochrona zabytk\u00f3w techniki HP Nadb\u00f3r&#8221;, Fundacja Otwartego Muzeum Techniki, Politechnika Wroc\u0142awska. &#8211; Wroc\u0142aw: Fundacja Otwartego Muzeum Techniki, 2012.<\/li>\n<li>Teka Komisji Architektury, Urbanistyki i Studi\u00f3w Krajobrazowych = Teka Commission of Architecture, Urban Planning and Landscape Studies \/ Polska Akademia Nauk Oddzia\u0142 w Lublinie. &#8211; Lublin: PAN O\/Lublin, 2005-.<\/li>\n<li>Teoria i praktyka planowania regionalnego: do\u015bwiadczenia polskie w planowaniu przestrzennym po 1998 r. \/ Magdalena Belof. &#8211; Wroc\u0142aw: Oficyna Wydawnicza Politechniki Wroc\u0142awskiej, 2013.<\/li>\n<li>The limits of heritage: the 2nd Heritage Forum of Central Europe \/ ed. by Katarzyna Jagodzi\u0144ska and Jacek Purchla. &#8211; Krak\u00f3w: International Cultural Centre, 2015.<\/li>\n<li>The oeuvre of Leon Wycz\u00f3\u0142kowski (1852-1936): permanent exhibition on the M\u0142y\u0144ska Island in Bydgoszcz: guide \/ [written by Ewa Seku\u0142a-Tauer]; Muzeum Okr\u0119gowe im. Leona Wycz\u00f3\u0142kowskiego w Bydgoszczy. &#8211; Bydgoszcz: Muzeum Okr\u0119gowe im. Leona Wycz\u00f3\u0142kowskiego, 2015.<\/li>\n<li>Translocatio: przeniesienie drewnianych \u015bwi\u0105ty\u0144 trzech obrz\u0105dk\u00f3w \/ Romana Ciel\u0105tkowska. &#8211; Gda\u0144sk: Wydzia\u0142 Architektury Politechniki Gda\u0144skiej, 2014.<\/li>\n<li>Trebschen &#8211; Trzebiech\u00f3w \/ [Barbara Bielinis-Kope\u0107]. &#8211; Berlin: Freundeskreis Schl\u00f6sser und G\u00e4rten der Mark in der Deutschen Gesellschaft e.V., 2014.<\/li>\n<li>Trylogia: dziwne materii pomieszanie: katalog wystawy \/ pod red. Agnieszki Kowalskiej-Lasek. &#8211; Kielce: Muzeum Narodowe, 2014.<\/li>\n<li>Trzy wieki w granicach Rzeczpospolitej: zamek malborski od inkorporacji do rozbioru (1454-1772): katalog wystawy \/ [tekst Artur Dobry]. &#8211; Malbork: Muzeum Zamkowe, 2014.<\/li>\n<li>Tygrysy\/Tigers: Wac\u0142aw K\u0142yszewski, Jerzy Mokrzy\u0144ski, Eugeniusz Wierzbicki \/ Tadeusz Barucki. &#8211; Warszawa: Salix Alba, 2014.<\/li>\n<li>Tykocin: miasto kr\u00f3lewskie \/ J\u00f3zef Maroszek, Witold Nag\u00f3rski. &#8211; Tykocin: Parafia Rzymsko-Katolicka Tr\u00f3jcy Przenaj\u015bwi\u0119tszej, 2004.<\/li>\n<li>U drzwi Twoich: fides ex visu \/ red. Ryszard Knapi\u0144ski, Aneta Kramiszewska; Katolicki Uniwersytet Lubelski Jana Paw\u0142a II. Katedra Historii Sztuki Ko\u015bcielnej. &#8211; Lublin: Wydawnictwo Werset, 2013.<\/li>\n<li>Ubi\u00f3r kobiecy i jego tajemnice 1780-1930: styl, rzemios\u0142o, produkt \/ Przemys\u0142aw Krystian Fary\u015b. &#8211; Warszawa: Wydawnictwo DiG, 2014.<\/li>\n<li>Ukryty modernizm: Warszawa wed\u0142ug Christiana Kereza \/ [tekst Jan Strumi\u0142\u0142o, fot. Nicolas Grospierre]. &#8211; Krak\u00f3w: Wydawnictwo Karakter; Warszawa: Muzeum Sztuki Nowoczesnej, 2015.<\/li>\n<li>Umowa u\u017cyczenia muzealium w prawie prywatnym \/ Paulina Gwo\u017adziewicz-Matan. &#8211; Stan prawny na 1 maja 2015 r. &#8211; Warszawa: Wolters Kluwer SA, 2015.<\/li>\n<li>Urbanistyka: mi\u0119dzyuczelniane zeszyty naukowe: wydawnictwo wsp\u00f3lne szk\u00f3\u0142 architektonicznych Politechnik &#8211; Gda\u0144skiej, Krakowskiej, \u0141\u00f3dzkiej, Szczeci\u0144skiej i Warszawskiej \/ red. nauk. S\u0142awomir Gzell. &#8211; Warszawa: &#8220;Akapit&#8221;-DTP [etc.], 1995-.<\/li>\n<li>Urbanizacja dzielnic Szczecina 1800-1939 \/ Marek \u0141uczak. &#8211; Szczecin: Pomorskie Towarzystwo Historyczne, 2014.<\/li>\n<li>Utracone zabytki sakralne powiatu gryfickiego, kamie\u0144skiego i \u015awinouj\u015bcia \/ Marek \u0141uczak. &#8211; Szczecin: Pomorskie Towarzystwo Historyczne, 2015.<\/li>\n<li>Utracone zabytki sakralne powiatu polickiego \/ Marek \u0141uczak. &#8211; Szczecin: Pomorskie Towarzystwo Historyczne, 2014.<\/li>\n<li>Utrzymanie i u\u017cytkowanie obiekt\u00f3w zabytkowych w warunkach gospodarki rynkowej \/ [wst\u0119p Andrzej Kad\u0142uczka] ;Stowarzyszenie Konserwator\u00f3w Zabytk\u00f3w. Oddzia\u0142 Krak\u00f3w. &#8211; Krak\u00f3w: Stowarzyszenie Konserwator\u00f3w Zabytk\u00f3w, 1998.<\/li>\n<li>Varstvo Spomenikov. &#8211; Ljubljana: Ministrstvo za Kulturo: Uprava Republike Slovenije za kulturno dedi\u0161\u010dino, 1948-.<\/li>\n<li>Vernacular architecture. &#8211; York: Vernacular Architecture Group,.<\/li>\n<li>Via sancti Adalberti \/ Damian Langner. &#8211; Warszawa: Imprint &#8211; Wydawnictwo Barbelo, 2014.<\/li>\n<li>Virtus et Splendor: sztuka w \u017cyciu W\u0142och\u00f3w XIV-XVII w.: wystawa ze zbior\u00f3w Fundacji XX. Czartoryskich \/ [red. nauk. katalogu Marcin Kaleci\u0144ski]. &#8211; Gda\u0144sk: Muzeum Narodowe, 2014.<\/li>\n<li>Vitr\u00e1\u017ee na Slovensku \/ [zostavili Ilona C\u00f3nov\u00e1, Ingrid Gajdo\u0161ov\u00e1, Desana Lackov\u00e1]. &#8211; Bratislava: Pamiatkov\u00fd \u00farad Slovenskej republiky; Vydavatel&#8217;stvo SLOVART, 2006.<\/li>\n<li>W szkatu\u0142ach zieleni: europejski ruch miast ogrod\u00f3w 1903-1930 \/ Edyta Barucka. &#8211; Wyd. 1, dodr. 1. &#8211; Warszawa: Wydawnictwo Uniwersytetu Warszawskiego, 2015.<\/li>\n<li>Walory przyrodnicze zabytkowego Parku Miejskiego w Legnicy \/ [aut. El\u017cbieta Wyszowska-Zaj\u0105c]. &#8211; Legnica: Urz\u0105d Miasta: Studio KZS, 2013.<\/li>\n<li>Wapno dyspergowane: spoiwo zapraw i farb \/ Wies\u0142aw Domas\u0142owski. &#8211; Toru\u0144: Wydawnictwo Naukowe Uniwersytetu Miko\u0142aja Kopernika, 2014.<\/li>\n<li>Warstwy krajobrazu klucza wilanowskiego \/ Piotr Szpanowski. &#8211; Warszawa: Muzeum Pa\u0142acu Kr\u00f3la Jana III w Wilanowie, 2015.<\/li>\n<li>Warszawa: blask wspomnie\u0144: konserwacje zabytk\u00f3w finansowane i wsp\u00f3\u0142finansowane przez miasto sto\u0142eczne Warszawa w latach 2011-2014. T. 3 \/ [red. Agnieszka Kasprzak-Miler, Krzysztof Wrzeszcz]. &#8211; Warszawa: Biuro Sto\u0142ecznego Konserwatora Zabytk\u00f3w , 2014.<\/li>\n<li>Warszawa architekta: wspomnienia pierwszego powojennego prezydenta stolicy \/ Marian Spychalski. &#8211; Warszawa: Bellona, 2015.<\/li>\n<li>Warszawa Siemaszki: fotografie z Narodowego Archiwum Cyfrowego \/ [tekst Katarzyna Kalisz]. &#8211; Warszawa: Narodowe Archiwum Cyfrowe: Naczelna Dyrekcja Archiw\u00f3w Pa\u0144stwowych, 2014.<\/li>\n<li>Warszawskie Materia\u0142y Archeologiczne \/ Urz\u0105d m. st. Warszawy. Wydzia\u0142 Kultury i Sztuki, Urz\u0105d Konserwatorski; Muzeum Historyczne m. st. Warszawy; [zesp\u00f3\u0142 red. Jerzy G\u0105ssowski i in.]. &#8211; Warszawa: UMSW, 1967-.<\/li>\n<li>Warszawskie rzemios\u0142a artystyczne i budowlane w XV w. \/ Ewa Koczorowska-Pieli\u0144ska; Muzeum Historyczne m. st. Warszawy. &#8211; Warszawa: Pa\u0144stwowe Wydawnictwo Naukowe, 1959.<\/li>\n<li>Warto\u015bciowanie zabytk\u00f3w architektury \/ praca zbiorowa pod red. Bogus\u0142awa Szmygina. &#8211; Warszawa: Polski Komitet Naukowy Mi\u0119dzynarodowej Rady Ochrony Zabytk\u00f3w ICOMOS; Warszawa: Muzeum Pa\u0142ac w Wilanowie, 2013.<\/li>\n<li>Warto\u015b\u0107 funkcji w obiektach zabytkowych: praca zbiorowa \/ pod red. Bogus\u0142awa Szmygina. &#8211; Warszawa: Polski Komitet Narodowy ICOMOS: Muzeum Pa\u0142ac w Wilanowie; Lublin: Politechnika Lubelska, 2014.<\/li>\n<li>Wczesnopiastowska architektura sakralna (jako \u017ar\u00f3d\u0142o historyczne do dziej\u00f3w Ko\u015bcio\u0142a w Polsce) \/ Dariusz Andrzej Sikorski. &#8211; Pozna\u0144: Wydawnictwo Pozna\u0144skiego Towarzystwa Przyjaci\u00f3\u0142 Nauk, 2012.<\/li>\n<li>Wczesno\u015bredniowieczny &#8220;skarb hutnika&#8221; z D\u0105browy G\u00f3rniczej-\u0141o\u015bnia: monografia. Cz. 1 \/ Dariusz Rozmus, Stanis\u0142aw Suchodolski, Joanna Tokaj. &#8211; D\u0105browa G\u00f3rnicza: Muzeum Miejskie &#8220;Sztygarka&#8221;, 2014.<\/li>\n<li>Werke aus Kupfer, bronze und Messing \/ &#8211; M\u00fcnchen: Verlag der Anton Siegl Fachbuchhandlung, 2014.<\/li>\n<li>Wiadomo\u015bci Konserwatorskie: biuletyn Stowarzyszenia Konserwator\u00f3w Zabytk\u00f3w \/ [Stowarzyszenie Konserwator\u00f3w Zabytk\u00f3w. Zarz\u0105d G\u0142\u00f3wny; zesp\u00f3\u0142 pod kier. J. Frycza i M. Konopki]. &#8211; [Warszawa]: SKZ ZG, 1985-.<\/li>\n<li>Wiadomo\u015bci Konserwatorskie Wojew\u00f3dztwa Lubelskiego \/ [Oddzia\u0142 Wojew\u00f3dzki S\u0142u\u017cby Ochrony Zabytk\u00f3w w Lublinie; zesp\u00f3\u0142 red. Halina Landecka przewodn.]. &#8211; Lublin: Oddzia\u0142 Wojew\u00f3dzki S\u0142u\u017cby Ochrony Zabytk\u00f3w, 1999-.<\/li>\n<li>Widoki zabytk\u00f3w staro\u017cytno\u015bci w Kr\u00f3lestwie Polskim s\u0142u\u017c\u0105ce do obja\u015bnienia opisu tych\u017ce staro\u017cytno\u015bci, sporz\u0105dzonego przez Delegacy\u0119 wys\u0142an\u0105 z polecenia Rady Administracyjn\u00e9j Kr\u00f3lestwa w latach 1852 i 1853 zebrane. Atlas 6, Gubernia Lubelska: powiat lubelski \/ [oprac. Jadwiga Teodorowicz-Czerepi\u0144ska; przy udziale Gra\u017cyny Michalskiej i Jacka Studzi\u0144skiego; Biblioteka Uniwersytecka w Warszawie. Gabinet Rycin, Narodowy Instytut Dziedzictwa]. &#8211; Warszawa: Narodowy Instytut Dziedzictwa, 2013.<\/li>\n<li>Widoki zabytk\u00f3w staro\u017cytno\u015bci w Kr\u00f3lestwie Polskim s\u0142u\u017c\u0105ce do obja\u015bnienia opisu tych\u017ce staro\u017cytno\u015bci, sporz\u0105dzonego przez Delegacy\u0119 wys\u0142an\u0105 z polecenia Rady Administracyjn\u00e9j Kr\u00f3lestwa w latach 1852 i 1853 zebrane. Atlas 7, Gubernia Lubelska powiaty: krasnostawski, hrubieszowski, zamojski, siedlecki, \u0142ukowski, radzy\u0144ski, bialski i Gubernia Augustowska \/ [oprac. Jadwiga Teodorowicz-Czerepi\u0144ska, Gra\u017cyna Michalska, Jacek Studzi\u0144ski, Robert Kunkel; Biblioteka Uniwersytecka w Warszawie. Gabinet Rycin, Narodowy Instytut Dziedzictwa]. &#8211; Warszawa: Narodowy Instytut Dziedzictwa, 2013.<\/li>\n<li>Wielki fotograf w ma\u0142ym mie\u015bcie &#8211; Jan Bu\u0142hak w Kamieniu Pomorskim w 1946 r.: katalog wystawy \/ [red. kat. B\u0142a\u017cej Bubnowicz, Gra\u017cyna Dre\u015bcik, Grzegorz Kurka]; Muzeum Historii Ziemi Kamie\u0144skiej. &#8211; Kamie\u0144 Pomorski: Muzeum Historii Ziemi Kamie\u0144skiej, 2013.<\/li>\n<li>Wielkie rody fabrykanckie \u0141odzi i ich rola w ukszta\u0142towaniu oblicza miasta: Geyerowie, Scheiblerowie, Pozna\u0144scy, Heinzlowie, Kindermannowie \/ Krzysztof Stefa\u0144ski. &#8211; \u0141\u00f3d\u017a: Ksi\u0119\u017cy M\u0142yn Dom Wydawniczy, 2014.<\/li>\n<li>Wielo\u015b\u0107 w jedno\u015bci: litografia i techniki druku p\u0142askiego w Polsce po 1900 roku \/ oprac i red. nauk. Barbara Chojnacka; Muzeum Okr\u0119gowe im. Leona Wycz\u00f3\u0142kowskiego w Bydgoszczy. &#8211; Bydgoszcz: Muzeum Okr\u0119gowe im. Leona Wycz\u00f3\u0142kowskiego, 2015.<\/li>\n<li>Wie\u017ca zegarowa w Pelplinie \/ Stanis\u0142aw Grunt. &#8211; Pelplin: Wydawnictwo Diecezji Pelpli\u0144skiej &#8220;Bernardinum&#8221;, 1999.<\/li>\n<li>Wirtualna Galeria im. Miel\u017cy\u0144skich: historia, idea, prawo \/ Alicja Jagielska-Burduk, Wojciech Szafra\u0144ski, Monika A. G\u00f3rska. &#8211; Pozna\u0144: Wydawnictwo Pozna\u0144skiego Towarzystwa Przyjaci\u00f3\u0142 Nauk, 2013.<\/li>\n<li>Witra\u017ce w powiecie jaros\u0142awskim \/ Justyna Kruk, Marek Goszty\u0142a. &#8211; Jaros\u0142aw: [WM Projekt, Agencja Reklamowa, Grzegorz Wyczawski], 2009.<\/li>\n<li>Witra\u017ce w zbiorach Muzeum Zamkowego w Malborku: katalog \/ Ewa Witkowicz-Pa\u0142ka. &#8211; Malbork: Muzeum Zamkowe, 2014.<\/li>\n<li>Wizerunki podw\u00f3jnego krzy\u017ca w kulturze Polski \/ Marek Ko\u0142yszko. &#8211; Toru\u0144: Wydawnictwo Naukowe Uniwersytetu Miko\u0142aja Kopernika, 2015.<\/li>\n<li>Wroc\u0142aw na prze\u0142omie \u015bredniowiecza i czas\u00f3w nowo\u017cytnych: materialne przejawy \u017cycia codziennego \/ pod red. Jerzego Piekalskiego i Krzysztofa Wachowskiego; Uniwersytet Wroc\u0142awski. Instytut Archeologii. &#8211; Wroc\u0142aw: Uniwersytet Wroc\u0142awski, 2004.<\/li>\n<li>Wroc\u0142awska drewniana architektura szkieletowa \/ Hanna G\u00f3rska. &#8211; Wroc\u0142aw: [Muzeum Miejskie], 2014.<\/li>\n<li>Wybrane zagadnienia z zakresu ochrony muze\u00f3w i zbior\u00f3w przed po\u017carem \/ [koordynator projektu S\u0142awomir Kocewiak]. &#8211; Warszawa: Narodowy Instytut Muzealnictwa i Ochrony Zbior\u00f3w, 2014.<\/li>\n<li>Wyniki bada\u0144 na wielokulturowym stanowisku 4 w \u0141ysokaniach, gm. K\u0142aj, pow. wielecki \/ red. Ryszar Naglik, Piotr W\u0142odarczak. &#8211; Krak\u00f3w: Krakowski Zesp\u00f3\u0142 do Bada\u0144 Autostrad, 2014.<\/li>\n<li>Wystroje artystyczne ko\u015bcio\u0142a pocysterskiego w Oliwie \/ Aleksander Piwek. &#8211; Gda\u0144sk: Wydzia\u0142 Architektury Politechniki Gda\u0144skiej, 2013.<\/li>\n<li>XVII Sesja Pomorzoznawcza. Vol. 2, Od p\u00f3\u017anego \u015bredniowiecza do czas\u00f3w nowo\u017cytnych \/ pod red. Henryka Panera i Miros\u0142awa Fudzi\u0144skiego; Muzeum Archeologiczne w Gda\u0144sku. &#8211; Gda\u0144sk: Muzeum Archeologiczne, 2013.<\/li>\n<li>Z dziej\u00f3w bada\u0144 archeologicznych na Pomorzu Wschodnim \/ pod red. Miros\u0142awa Fudzi\u0144skiego i Henryka Panera; Muzeum Archeologiczne w Gda\u0144sku. &#8211; Gda\u0144sk: Muzeum Archeologiczne, 2014.<\/li>\n<li>Z dziej\u00f3w religijnych Pomezanii w XVII wieku. T. 2, \u0179r\u00f3d\u0142a do dziej\u00f3w XVII-wiecznej Pomezanii \/ Mieczys\u0142aw J\u00f3zefczyk. &#8211; Malbork: Muzeum Zamkowe, 2013.<\/li>\n<li>Z dziej\u00f3w Sobkowa: w 450. rocznic\u0119 nadania praw miejskich \/ Dariusz Kalina, Roman Mirowski, Krystyna Idzik. &#8211; Sobk\u00f3w; Kielce: Wydawnictwo &#8220;\u015awiatowid&#8221;, 2013.<\/li>\n<li>Z nurtem rzeki \/ [do druku przygotowali Maria Witek, Kamila W\u00f3jcik, Waldemar Witek, Alicja Trojanowska-Duluc]. &#8211; Szczecin: Biuro Dokumentacji Zabytk\u00f3w, 2014.<\/li>\n<li>Zabytek zadbany: co to znaczy? \/ red. Iwona Li\u017cewska. &#8211; Warszawa: Narodowy Instytut Dziedzictwa, 2015.<\/li>\n<li>Zabytki Inowroc\u0142awia: &#8211; archeologiczno-architektoniczne zagadnienia po badaniach w roku 2010 \/ Stanis\u0142aw Koc. &#8211; Inowroc\u0142aw: Stanis\u0142aw Koc, 2014.<\/li>\n<li>Zabytki miasta Turku i powiatu tureckiego. T. 1, Miasto Turek \/ Makary G\u00f3rzy\u0144ski. &#8211; Turek: Miejska i Powiatowa Biblioteka Publiczna im. W\u0142odzimierza Pietrzaka, 2009.<\/li>\n<li>Zabytki miasta Turku i powiatu tureckiego. T. 2 cz. 1, Rezydencje powiatu tureckiego \/ Makary G\u00f3rzy\u0144ski. &#8211; Turek: Miejska i Powiatowa Biblioteka Publiczna im. W\u0142odzimierza Pietrzaka, 2009.<\/li>\n<li>Zabytki miasta Turku i powiatu tureckiego. T. 2 cz. 2, Architektura i sztuka sakralna \/ Makary G\u00f3rzy\u0144ski. &#8211; Turek: Miejska i Powiatowa Biblioteka Publiczna im. W\u0142odzimierza Pietrzaka, 2014.<\/li>\n<li>Zabytki powiatu kieleckiego: przewodnik \/ [tekst Ryszard Garus]. &#8211; Kielce: Agencja JP: na zlec. Starostwa Powiatowego, 2012.<\/li>\n<li>Zabytki przemys\u0142u i techniki \/ [red. serii Magdalena Lachowska]. &#8211; Katowice: \u015al\u0105ski Wojew\u00f3dzki Konserwator Zabytk\u00f3w: \u015al\u0105skie Centrum Dziedzictwa Kulturowego, 2013.<\/li>\n<li>Zabytkowe cmentarze przy Rogatce w Kaliszu \/ Stanis\u0142aw Ma\u0142yszko. &#8211; Kalisz: Kaliskie Towarzystwo Przyjaci\u00f3\u0142 Nauk, 2003.<\/li>\n<li>Zabytkowe parki wojew\u00f3dztwa lubuskiego \/ [red. Barbara Bielinis-Kope\u0107]; Wojew\u00f3dzki Urz\u0105d Ochrony Zabytk\u00f3w w Zielonej G\u00f3rze. &#8211; Zielona G\u00f3ra: Wojew\u00f3dzki Urz\u0105d Ochrony Zabytk\u00f3w, 2013.<\/li>\n<li>Zachodniopomorskie Wiadomo\u015bci Konserwatorskie \/ [Zachodniopomorski Wojew\u00f3dzki Konserwator Zabytk\u00f3w w Szczecinie; red. Miros\u0142aw Op\u0119chowski]. &#8211; Szczecin: Zachodniopomorski Wojew\u00f3dzki Konserwator Zabytk\u00f3w, 2006-.<\/li>\n<li>Zachowa\u0107 dawne nagrania: zarys historii dokumentacji fonograficznej i filmowej polskich tradycji muzycznych i tanecznych. Cz. 1, (Prze\u0142om XIX i XX w. &#8211; do drugiej wojny \u015bwiatowej) \/ Jacek Piotr Jackowski. &#8211; Warszawa: Instytut Sztuki Polskiej Akademii Nauk, 2014.<\/li>\n<li>Zagro\u017cenie zabytk\u00f3w przest\u0119pczo\u015bci\u0105 i po\u017carem: raport za 2012 r. sporz\u0105dzony na podstawie danych uzyskanych od WKZ \/ Krystyna Ogrodzka; Narodowy Instytut Muzealnictwa i Ochrony Zbior\u00f3w. &#8211; Warszawa: Narodowy Instytut Muzealnictwa i Ochrony Zbior\u00f3w, 2013.<\/li>\n<li>Za\u0142o\u017cenia rezydencjonalno-folwarczne na Dolnym \u015al\u0105sku: mo\u017cliwo\u015bci adaptacji do nowej funkcji \/ Renata Guba\u0144ska. &#8211; Wroc\u0142aw: Wydawnictwo Uniwersytetu Przyrodniczego, 2014.<\/li>\n<li>Zamek biskup\u00f3w che\u0142mi\u0144skich w W\u0105brze\u017anie w \u015bwietle bada\u0144 archeologiczno-architektonicznych: studia i materia\u0142y \/ pod red. Marcina Wiewi\u00f3ry; Uniwersytet Miko\u0142aja Kopernika w Toruniu. Instytut Archeologii. &#8211; Toru\u0144: Instytut Archeologii Uniwersytetu Miko\u0142aja Kopernika, 2014.<\/li>\n<li>Zamek Kr\u00f3lewski w Poznaniu: historia i restytucja \/ [zesp\u00f3\u0142 red. Andrzej Kaszubkiewicz, Jaros\u0142aw T. \u0141o\u017cy\u0144ski, Pawe\u0142 Mielewczyk]. &#8211; Pozna\u0144: Bogucki Wydawnictwo Naukowe, 2014.<\/li>\n<li>Zamek krzy\u017cacki w \u015awieciu: pr\u00f3ba rekonstrukcji zamku wysokiego w \u015bredniowieczu \/ Maria Sp\u0142awska-Korczak. &#8211; Toru\u0144: Wydawnictwo Naukowe Uniwersytetu Miko\u0142aja Kopernika, 2014.<\/li>\n<li>Zamki konwentualne Pa\u0144stwa Krzy\u017cackiego w Prusach \/ Tomasz Torbus. &#8211; Gda\u0144sk: Fundacja Terytoria Ksi\u0105\u017cki: s\u0142owo\/obraz terytoria, 2014.<\/li>\n<li>Zamki Lubelszczyzny w \u017ar\u00f3d\u0142ach archeologicznych: praca zbiorowa \/ pod red. Ewy Banasiewicz-Szyku\u0142y; Lubelski Wojew\u00f3dzki Konserwator Zabytk\u00f3w w Lublinie. &#8211; Lublin: Wojew\u00f3dzki Urz\u0105d Ochrony Zabytk\u00f3w, 2015.<\/li>\n<li>Zamki Polski po\u0142udniowo-wschodniej \/ Marek Goszty\u0142a, Micha\u0142 Proksa. &#8211; Przemy\u015bl: Polski Zwi\u0105zek Wschodni, 1997.<\/li>\n<li>Zamo\u015b\u0107: miasto idealne \/ Jawor Marek.<\/li>\n<li>Zapomniane miejsca kujawsko-pomorskie: przewodnik \/ [Tomasz Stochmal]. &#8211; Warszawa: Wydawnictwo Ciekawe Miejsca.net, 2015.<\/li>\n<li>Zarz\u0105dzanie \u015bwiatowym dziedzictwem kulturowym \/ [red. polskiej wersji j\u0119zykowej Katarzyna Piotrowska, D\u0105br\u00f3wka Lipska]. &#8211; Warszawa: Narodowy Instytut Dziedzictwa, 2015.<\/li>\n<li>Zbiory egipskie w Wilanowie \/ Aleksandra Majewska. &#8211; Warszawa: Muzeum Pa\u0142acu Kr\u00f3la Jana III w Wilanowie, 2015.<\/li>\n<li>Zesp\u00f3\u0142 klasztorny franciszkan\u00f3w i klarysek w Gnie\u017anie \/ Stanis\u0142aw Pasiciel. &#8211; Gniezno: Muzeum Pocz\u0105tk\u00f3w Pa\u0144stwa Polskiego, 2005.<\/li>\n<li>Zeszyty Naukowe Muzeum Budownictwa Ludowego &#8211; Park Etnograficzny w Olsztynku = Science Journals Folk Architecture Museum and Ethnographic Park in Olsztynek. &#8211; Olsztynek: Muzeum Budownictwa Ludowego &#8211; Park Etnograficzny, 2010-.<\/li>\n<li>Zeszyty Naukowe Politechniki Bia\u0142ostockiej. Nauki Techniczne Architektura. &#8211; Bia\u0142ystok: Wydawnictwa PB, 1985-1999.<\/li>\n<li>Ziemia Dubiecka w fotografii archiwalnej \/ [red. Danuta Armata]. &#8211; Dubiecko: Urz\u0105d Gminy, [2008].<\/li>\n<li>Z\u0142ota 44 i inne warszawskie niebotyki: Warszawa wielkomiejska \/ Jaros\u0142aw Zieli\u0144ski. &#8211; Warszawa: EKBIN Studio PR Ewa Kielak Ciemniewska, 2015.<\/li>\n<li>Zniszczenia szwedzkie na terenie Korony w okresie potopu 1655-1660 \/ Miros\u0142aw Nagielski, Krzysztof Kossarzecki, \u0141ukasz Przyby\u0142ek, Andrzej Haratym; Towarzystwo Mi\u0142o\u015bnik\u00f3w Historii, Instytut Historyczny Uniwersytetu Warszawskiego. &#8211; Warszawa: Wydawnictwo DiG, 2015.<\/li>\n<li>Zrabowane skarby: losy dzie\u0142 sztuki na ziemiach polskich w czasie II wojny \u015bwiatowej \/ Robert J. Kudelski. &#8211; Krak\u00f3w: Wydawnictwo Technol, 2012.<\/li>\n<li>Z\u00fcllichau &#8211; Sulech\u00f3w \/ [Barbara Bielinis-Kope\u0107]. &#8211; Berlin: Freundeskreis Schl\u00f6sser und G\u00e4rten der Mark in der Deutschen Gesellschaft e.V., 2013.<\/li>\n<li>Zwi\u0119czyca 3: eine bandkeramische Siedlung am Wis\u0142ok \/ von Maciej D\u0119biec; unter Mitarb. von Valeska Becker [et al.]. &#8211; Rzesz\u00f3w: ZIMOWIT: [MITEL], 2014.<\/li>\n<li>\u017bydzi i judaizm w zwierciadle sztuki antycznej \/ Magdalena Maciudzi\u0144ska-Kamczycka. &#8211; Warszawa: Polski Instytut Studi\u00f3w nad Sztuk\u0105 \u015awiata; Toru\u0144: Wydawnictwo Tako, 2014.<\/li>\n<\/ol>\n<p>[\/et_pb_toggle][et_pb_toggle title=&#8221;2014&#8243; open_toggle_text_color=&#8221;#e52330&#8243; closed_toggle_text_color=&#8221;#000000&#8243; _builder_version=&#8221;4.16&#8243; _module_preset=&#8221;default&#8221; title_font=&#8221;|700|||||||&#8221; closed_title_font=&#8221;|700|||||||&#8221; custom_margin=&#8221;||10px|||&#8221; global_colors_info=&#8221;{}&#8221;]<\/p>\n<p><span style=\"color: #808080;\">liczba nowo\u015bci: 603<\/span><\/p>\n<p><span style=\"color: #808080;\"><\/span><\/p>\n<ol>\n<li>&#8220;Lach serdeczny&#8221;: Jan Matejko a Rusini \/ Adam \u015awi\u0105tek. &#8211; Krak\u00f3w: Wydawnictwo Uniwersytetu Jagiello\u0144skiego, 2013.<\/li>\n<li>1000 kilometr\u00f3w muzyki: Warszawa &#8211; Kij\u00f3w \/ Andrzej Bie\u0144kowski. &#8211; Warszawa: Mazowieckie Centrum Kultury i Sztuki, 2009.<\/li>\n<li>ABC organizacji wystaw czasowych w muzeach \/ [red. zeszytu Marek Rogowski]. &#8211; Warszawa: Narodowy Instytut Muzealnictwa i Ochrony Zbior\u00f3w, 2012.<\/li>\n<li>Acta Universitatis Nicolai Copernici. Nauki Humanistyczno-Spo\u0142eczne. Zabytkoznawstwo i Konserwatorstwo \/ [Uniwersytet Miko\u0142aja Kopernika w Toruniu]. &#8211; Toru\u0144: Wydawnictwo Uniwersytetu Miko\u0142aja Kopernika, 1974-.<\/li>\n<li>Administracyjnoprawne instrumenty kszta\u0142towania ochrony zabytk\u00f3w \/ Piotr Dobosz. &#8211; Krak\u00f3w: Oficyna Wydawnicza &#8220;Dajw\u00f3r&#8221;, 1997.<\/li>\n<li>Adolf Szyszko Bohusz \/ Micha\u0142 Wi\u015bniewski; wsp\u00f3\u0142pr. Rafa\u0142 Och\u0119duszko. &#8211; Krak\u00f3w: Instytut Architektury, 2013.<\/li>\n<li>Akademia Dziedzictwa 2001-2013: przegl\u0105d problem\u00f3w badawczych z zakresu zarz\u0105dzania i ochrony dziedzictwa kulturowego w Polsce \/ [red. nauk. Barbara Szyper, Micha\u0142 Wi\u015bniewski]. &#8211; Krak\u00f3w: Mi\u0119dzynarodowe Centrum Kultury, 2013.<\/li>\n<li>Allgemeines K\u00fcnstler-Lexikon: die Bildenden K\u00fcnstler aller Zeiten und V\u00f6lker. Bd. 82, Kretzschmar-Lalique \/ Hrsg. von Andreas Beyer, B\u00e9n\u00e9dicte Savoy, Wolf Tegethoff. &#8211; Berlin: de Gruyter, 2014.<\/li>\n<li>Allgemeines K\u00fcnstler-Lexikon: die Bildenden K\u00fcnstler aller Zeiten und V\u00f6lker. Bd. 83, Lalix-Leibowitz \/ Hrsg. von Andreas Beyer, B\u00e9n\u00e9dicte Savoy, Wolf Tegethoff. &#8211; Berlin: de Gruyter, 2014.<\/li>\n<li>Allgemeines K\u00fcnstler-Lexikon: die Bildenden K\u00fcnstler aller Zeiten und V\u00f6lker. Bd. 84, Leibundgut &#8211; Linssen \/ Hrsg. von Andreas Beyer, B\u00e9n\u00e9dicte Savoy, Wolf Tegethoff. &#8211; Berlin: de Gruyter, 2015.<\/li>\n<li>Allgemeines K\u00fcnstler-Lexikon: die Bildenden K\u00fcnstler aller Zeiten und V\u00f6lker. Bd. 85, Linstow &#8211; Luns \/ Hrsg. von Andreas Beyer, B\u00e9n\u00e9dicte Savoy, Wolf Tegethoff. &#8211; Berlin: de Gruyter, 2015.<\/li>\n<li>Almanach Muzealny \/ Muzeum Historyczne m. st. Warszawy; [kom. red. Janusz Durko, Stanis\u0142aw Ciep\u0142owski, Andrzej So\u0142tan]. &#8211; Warszawa: Muzeum Historyczne m.st. Warszawy, 1997-.<\/li>\n<li>Amor Polonus: trio fortepianowe \/ Marcin B\u0142a\u017cewicz. &#8211; [Warszawa: Muzeum Pa\u0142ac w Wilanowie, 2010].<\/li>\n<li>Amor Polonus czyli mi\u0142o\u015b\u0107 Polak\u00f3w. T. 1 \/ [red. naukowa katalogu Teresa Grzybkowska, Dominika Walawender-Musz, Zdzis\u0142aw \u017bygulski jun.]. &#8211; [Warszawa]: Muzeum Pa\u0142ac w Wilanowie, 2010.<\/li>\n<li>Amor Polonus czyli mi\u0142o\u015b\u0107 Polak\u00f3w. T. 2 \/ [red. naukowa Teresa Grzybkowska, Dominika Walawender-Musz, Zdzis\u0142aw \u017bygulski jun.]. &#8211; [Warszawa]: Muzeum Pa\u0142ac w Wilanowie, 2010.<\/li>\n<li>Anatomia artystyczna: podr\u0119cznik akademicki W\u0142adys\u0142awa \u0141uszczkiewicza \/ [red. Jadwiga Wielgut-Walczak]. &#8211; Krak\u00f3w: Wydawnictwo Akademii Sztuk Pi\u0119knych im. Jana Matejki, 2014.<\/li>\n<li>Andrzej Strumi\u0142\u0142o \/ [red. Anna Kowalczyk]. &#8211; Krak\u00f3w: Muzeum Narodowe, 2013.<\/li>\n<li>Annales Universitatis Mariae Curie-Sk\u0142odowska. Sectio L, Artes \/ Uniwersytet Marii Curie-Sk\u0142odowskiej; [red. nacz. Wies\u0142aw \u015aladkowski; red. sekcji L Maria Przychodzi\u0144ska]. &#8211; Lublin: Wydawnictwo Uniwersytetu Marii Curie-Sk\u0142odowskiej, 2003-.<\/li>\n<li>Archeologia doliny polsko-ukrai\u0144skiej rzeki War\u0119\u017canka \/ [ red. Jerzy Ku\u015bnierz et al.]. &#8211; Zamo\u015b\u0107: Muzeum Zamojskie; [Lw\u00f3w]: R\u00e2t\u00ecvna arheolog\u00ec\u010dna slu\u017eba, 2011.<\/li>\n<li>Archeologia do\u015bwiadczalna w Grodzisku \u017bmijowiska: eksperymenty 2008-2012 \/ [red. Pawe\u0142 Lis]. &#8211; Kazimierz Dolny: Muzeum Nadwi\u015bla\u0144skie, 2014.<\/li>\n<li>Archeologia Gda\u0144ska \/ Muzeum Archeologiczne w Gda\u0144sku. &#8211; Gda\u0144sk: Muzeum Archeologiczne, 2006-.<\/li>\n<li>Archeologia Stargardu: badania zachodniej cz\u0119\u015bci kwarta\u0142u V: praca zbiorowa \/ pod red. Karola Kwiatkowskiego. &#8211; Stargard: Muzeum w Stargardzie, 2012.<\/li>\n<li>Architectura sine historiae nihil est: z dziej\u00f3w architektury i urbanistyki ziem \u0141otwy \/ Zdzis\u0142awa To\u0142\u0142oczko i Tomasz To\u0142\u0142oczko. &#8211; Krak\u00f3w: Wydawnictwo Politechniki Krakowskiej, 2014.<\/li>\n<li>Architectus: pismo Wydzia\u0142u Architektury Politechniki Wroc\u0142awskiej \/ [red. nauk. Ewa \u0141u\u017cyniecka]. &#8211; [Wroc\u0142aw]: Wydzia\u0142 Architektury Politechniki Wroc\u0142awskiej, 1997-.<\/li>\n<li>Architektoniczne rzemios\u0142a artystyczne od XII do XX wieku \/ Agnieszka Gola, Beata Fekecz-Tomaszewska, Magda \u0141awicka. &#8211; Wroc\u0142aw: Muzeum Architektury, 2013.<\/li>\n<li>Architektura drewniana \/ [red. tomu Gabriela Bro\u017cek]. &#8211; Katowice: \u015al\u0105ski Wojew\u00f3dzki Konserwator Zabytk\u00f3w: \u015al\u0105skie Centrum Dziedzictwa Kulturowego, 2011.<\/li>\n<li>Architektura i dzieje ko\u015bcio\u0142a pw. \u015bw. Jana Kantego w K\u0119tach \/ Jan Rodak. &#8211; K\u0119ty; Krak\u00f3w: Wydawnictwo SCRIPTUM, 2014.<\/li>\n<li>Architektura i woda: przekraczanie granic \/ Lucyna Nyka. &#8211; Gda\u0144sk: Wydawnictwo Politechniki Gda\u0144skiej, 2013.<\/li>\n<li>Architektura Katowic w latach mi\u0119dzywojennych 1922-1939 \/ Waldemar Odorowski. &#8211; Wyd. 2, zm. i popr. &#8211; Katowice: Muzeum \u015al\u0105skie, 2013.<\/li>\n<li>Architektura komercyjna: pr\u00f3ba definicji \/ El\u017cbieta Ratajczyk-Pi\u0105tkowska. &#8211; Gda\u0144sk: Wydawnictwo Politechniki Gda\u0144skiej, 2013.<\/li>\n<li>Architektura lat 60-tych w Krakowie \/ Ma\u0142gorzata W\u0142odarczyk. &#8211; Krak\u00f3w: Wydawnictwo WAM, 2006.<\/li>\n<li>Architektura mi\u0119dzywojennego Krakowa 1918-1939: budynki, ludzie, historie \/ Barbara Zbroja. &#8211; Krak\u00f3w: Wysoki Zamek, 2013.<\/li>\n<li>Architektura najnowsza w historycznym \u015brodowisku miast europejskich \/ Ewa W\u0119c\u0142awowicz-Guyrkovich; Politechnika Krakowska im. Tadeusza Ko\u015bciuszki. &#8211; Krak\u00f3w: Wydawnictwo Politechniki Krakowskiej, 2013.<\/li>\n<li>Architektura okupowanej \u0141odzi: niemieckie plany przebudowy miasta \/ Tomasz Bolanowski. &#8211; \u0141\u00f3d\u017a: Ksi\u0119\u017cy M\u0142yn Dom Wydawniczy, 2013.<\/li>\n<li>Architektura roma\u0144ska: historia architektury \u015bredniowiecznej w Polsce: wybrane zagadnienia \/ Teresa Adamczyk-Bomersbach. &#8211; Gliwice: Wydawnictwo Politechniki \u015al\u0105skiej, 2013.<\/li>\n<li>Architektura u\u017cyteczno\u015bci publicznej II Rzeczypospolitej 1918-1939: forma i styl \/ Micha\u0142 Pszcz\u00f3\u0142kowski. &#8211; \u0141\u00f3d\u017a: Ksi\u0119\u017cy M\u0142yn Dom Wydawniczy, 2014.<\/li>\n<li>Archiwa, Biblioteki i Muzea Ko\u015bcielne: organ O\u015brodka Archiw\u00f3w, Bibliotek i Muze\u00f3w Ko\u015bcielnych przy Katolickim Uniwersytecie Lubelskim = Archiva, Bibliothecae et Musea Ecclesiastica \/ red. Stanis\u0142aw Librowski. &#8211; Lublin: [s.n.], 1959-.<\/li>\n<li>Ars omnia vincit: studia z dziej\u00f3w sztuki i kultury artystycznej \/ red. Agnieszka Bender, Ma\u0142gorzata Kierczuk-Macieszko. &#8211; Lublin: Towarzystwo Naukowe KUL: Katolicki Uniwersytet Lubelski Jana Paw\u0142a II, 2012.<\/li>\n<li>Artifex: pismo Ko\u0142a Naukowego Student\u00f3w Historii Sztuki Uniwersytetu Kardyna\u0142a Stefana Wyszy\u0144skiego \/ [red. Bart\u0142omiej Gutowski, Piotr Janowczyk]. &#8211; [Warszawa: Ko\u0142o Naukowe Student\u00f3w Historii Sztuki Uniwersytetu Kardyna\u0142a Stefana Wyszy\u0144skiego], 2000-.<\/li>\n<li>Artium Quaestiones \/ Uniwersytet im. Adama Mickiewicza w Poznaniu; red. Konstanty Kalinowski. &#8211; Pozna\u0144: [s. n.], 1979-.<\/li>\n<li>Autoportret: pismo o dobrej przestrzeni: kwartalnik Ma\u0142opolskiego Instytutu Kultury. &#8211; Krak\u00f3w: Ma\u0142opolski Instytut Kultury, 2002-.<\/li>\n<li>Autorzy Z\u0142otego Wieku o kulturze i sztuce na Wawelu: antologia tekst\u00f3w 1518-1617 \/ wybra\u0142, prze\u0142. i koment. opatrzy\u0142 Marcin Fabia\u0144ski z udzia\u0142em Micha\u0142a Kurzeja oraz przy wsp\u00f3\u0142pr. Anny Lebensztejn, Katarzyny Brzeziny-Scheuerer, Almut Bues, Wojciecha Kurzeja; Zamek Kr\u00f3lewski na Wawelu. Pa\u0144stwowe Zbiory Sztuki. &#8211; Krak\u00f3w: Zamek Kr\u00f3lewski na Wawelu, 2014.<\/li>\n<li>Badania archeologiczno-architektoniczne p\u00f3\u0142nocnej pierzei Placu Teatralnego w Warszawie latach 1995-1997 \/ [red. W\u0142odzimierz Pela]. &#8211; Warszawa: Muzeum Historyczne m.st. Warszawy, 2013.<\/li>\n<li>Badania i ochrona zabytk\u00f3w w Polsce w XX wieku: materia\u0142y konferencji naukowej zorganizowanej staraniem Wydzia\u0142u Architektury Politechniki Warszawskiej, Generalnego Konserwatora Zabytk\u00f3w i Towarzystwa Opieki nad Zabytkami w stulecie urodzin Profesora Jana Zachwatowicza w dniu 4 marca 2000 roku \/ red. nauk. Andrzej Tomaszewski. &#8211; Warszawa: Oficyna Wydawnicza Towarzystwa Opieki nad Zabytkami, 2000.<\/li>\n<li>Barok: historia, literatura, sztuka \/ [Instytut Literatury Polskiej Uniwersytetu Warszawskiego; red. nacz. Janusz Pelc]. &#8211; Warszawa: &#8220;Semper&#8221;, 1994-.<\/li>\n<li>Bazylika pw. Narodzenia NMP w Pszowie \/ Pawe\u0142 Porwo\u0142. &#8211; Wodzis\u0142aw \u015al\u0105ski: Starostwo Powiatowe, 2009.<\/li>\n<li>Bez\u0142awki ocali\u0107 od zniszczenia: wyniki prac interdyscyplinarnych prowadzonych w latach 2008-2011 \/ pod red. Arkadiusza Koperkiewicza; Instytut Archeologii i Etnologii Uniwersytetu Gda\u0144skiego. &#8211; Gda\u0144sk: Wydawnictwo Uniwersytetu Gda\u0144skiego, 2013.<\/li>\n<li>Bezpiecze\u0144stwo biologiczne w muzeach i pracowniach konserwacji zabytk\u00f3w \/ Rafa\u0142 L. G\u00f3rny [et al.]. &#8211; Warszawa: Centralny Instytut Ochrony Pracy &#8211; Pa\u0144stwowy Instytut Badawczy, 2013.<\/li>\n<li>Bibliografia Polska 1901-1939. T. 14, Jol-Ka\u015b \/ red. tomu Ma\u0142gorzata Bara\u0144ska, Ma\u0142gorzata Grochowska, Hanna Machnik; Biblioteka Narodowa. Zak\u0142ad Bibliografii Polskiej 1901-1939. &#8211; Warszawa: Biblioteka Narodowa, 2012.<\/li>\n<li>Bibliografia Polska 1901-1939. T. 15, Kat-Km \/ red. tomu Anna Bobrowicz, Irena Brac\u0142awska, Katarzyna Go\u0142\u0119biowska; Biblioteka Narodowa. Zak\u0142ad Bibliografii Polskiej 1901-1939. &#8211; Warszawa: Biblioteka Narodowa, 2013.<\/li>\n<li>Bibliografia Polska 1901-1939. T. Jednodni\u00f3wki \/ red. tomu Ewa Dombek, Hanna Machnik; Biblioteka Narodowa. Zak\u0142ad Bibliografii Polskiej 1901-1939. &#8211; Warszawa: Biblioteka Narodowa, 2013.<\/li>\n<li>Biblioteka Sapieh\u00f3w z Krasiczyna w Zamku Kr\u00f3lewskim na Wawelu \/ [wg koncepcji i pod kierunkiem Jerzego T. Petrusa]; Zamek Kr\u00f3lewski na Wawelu. Pa\u0144stwowe Zbiory Sztuki. &#8211; Krak\u00f3w: Zamek Kr\u00f3lewski na Wawelu, 2014.<\/li>\n<li>Biblioteka Sapieh\u00f3w z Krasiczyna w zamku Kr\u00f3lewskim na Wawelu. T. 1, Katalog starych druk\u00f3w &#8211; Polonica z wiek\u00f3w XVI-XVIII \/ oprac. i red. nauk. Stanis\u0142aw Siess-Krzyszkowski, Kaja Stomp\u00f3r-Lesiecka, Alina Baran; Zamek Kr\u00f3lewski na Wawelu, Collegium Columbinum. &#8211; Krak\u00f3w: Zamek Kr\u00f3lewski na Wawelu: Collegium Columbinum, 2013.<\/li>\n<li>Bieszczad: sprawozdania Towarzystwa Opieki nad Zabytkami O\/Michniowiec. &#8211; Michniowiec: Towarzystwo Opieki nad Zabytkami, 1993-.<\/li>\n<li>Bilcze Z\u0142ote: materials of the tripolye culture from the Werteba and the Ogr\u00f3d sites \/ S\u0142awomir Kadrow (ed.); ed. coop. El\u017cbieta Trela-Kieferling. &#8211; Krak\u00f3w: Muzeum Archeologiczne, 2013.<\/li>\n<li>Blask dawnej Rabki: architektoniczna podr\u00f3\u017c przez histori\u0119 zdroju \/ Anetta Poliszewska, Magdalena Piekarz. &#8211; Rabka-Zdr\u00f3j: Stowarzyszenie Kulturowy Go\u015bciniec, 2014.<\/li>\n<li>Blaski \u015bredniowiecza \/ [red. tomu Gabriela Bro\u017cek]. &#8211; Katowice: \u015al\u0105ski Wojew\u00f3dzki Konserwator Zabytk\u00f3w: \u015al\u0105skie Centrum Dziedzictwa Kulturowego, 2012.<\/li>\n<li>Bodzia, stan. 6, Witoldowo, stan. 1, \u015aliwkowo, stan. 4: archeologiczne badania ratownicze na trasie autostrady A1 w woj. kujawsko-pomorskim \/ pod red. Wojciecha Kaczora, Marka \u017b\u00f3\u0142kiewskiego. &#8211; Pozna\u0144: Wydawnictwo Nauka i Innowacje, 2013.<\/li>\n<li>Budowanie w pi\u0119knym krajobrazie. 3 \/ zesp\u00f3\u0142 red. publ. Jacek Godlewski, El\u017cbieta Trocka-Leszczy\u0144ska; Oddzia\u0142 Towarzystwa Urbanist\u00f3w Polskich w Jeleniej G\u00f3rze, Wydzia\u0142 Architektury Politechniki Wroc\u0142awskiej. &#8211; Wroc\u0142aw: Oficyna Wydawnicza Politechniki Wroc\u0142awskiej, 2012.<\/li>\n<li>Budowle jezuickie w Polsce XVI-XVIII w. T. 5 \/ Jerzy Paszenda; red. Andrzej Betlej, Ludwik Grzebie\u0144. &#8211; Krak\u00f3w: WAM: Akademia Ignatianum, 2013.<\/li>\n<li>Budownictwo i architektura Katowic \/ red. nauk. Antoni Barciak. &#8211; Katowice: Studio NOA Ireneusz Olsza, 2014.<\/li>\n<li>Castrum Camenecensis \/ Ol&#8217;ga Plamenic&#8217;ka. &#8211; Kam&#8217;\u00e2nec&#8217;-Podil&#8217;s&#8217;kij: FOP Sisin O.B.; 2012.<\/li>\n<li>Cenne, Bezcenne, Utracone \/ [red. prowadz\u0105ca Barbara Kobielska]. &#8211; Warszawa: &#8220;Pagina&#8221;: na zlec. O\u015brodka Ochrony i Konserwacji Zabytk\u00f3w, [19]97-.<\/li>\n<li>Cerkwie Bia\u0142egostoku i okolic \/ El\u017cbieta Danieluk, Andrzej Danieluk, Aleksander Sosna. &#8211; Bia\u0142ystok: Fundacja S\u0105siedzi, 2013.<\/li>\n<li>Ciechan\u00f3w w latach drugiej Rzeczypospolitej 1918-1939 \/ Dariusz Piotrowicz. &#8211; Ciechan\u00f3w: Towarzystwo Mi\u0142o\u015bnik\u00f3w Ziemi Ciechanowskiej, 1998.<\/li>\n<li>Cie\u0144 modernizmu \/ Piotr Juszkiewicz. &#8211; Pozna\u0144: Wydawnictwo Naukowe Uniwersytetu im. Adama Mickiewicza, 2013.<\/li>\n<li>Cieszy\u0144skie Studia Muzealne \/ Muzeum \u015al\u0105ska Cieszy\u0144skiego = T\u011b\u0161\u00ednsk\u00fd Muzejn\u00ed Sborn\u00edk \/ Muzeum T\u011b\u0161\u00ednska; [red. Janusz Spyra]. &#8211; Cieszyn: Muzeum \u015al\u0105ska Cieszy\u0144skiego, 2003-.<\/li>\n<li>Cistercium Mater Nostra: tradycja, historia, kultura \/ Opactwo Cysters\u00f3w w Mogile. &#8211; Krak\u00f3w: Opactwo Cysters\u00f3w w Mogile; Nowy S\u0105cz: Wydawnictwo i Drukarnia Nova Sandec, 2007-.<\/li>\n<li>Cmentarz Br\u00f3dnowski \/ [red. i oprac. nauk. Jan Kieniewicz]. &#8211; Warszawa: Biblioteka Publiczna w Dzielnicy Targ\u00f3wek m. st. Warszawy, 2007.<\/li>\n<li>Cmentarz ewangelicki przy ulicy M\u0142ynowej w Bia\u0142ymstoku. T. 1, Historia miejsca \/ Ma\u0142gorzata Karczewska, Maciej Karczewski; przy wsp\u00f3\u0142pr. Iwony Ptaszy\u0144skiej-Sarosiek [et al.]. &#8211; Bia\u0142ystok; Pozna\u0144: Bogucki Wydawnictwo Naukowe, 2013.<\/li>\n<li>Cmentarz ewangelicki przy ulicy M\u0142ynowej w Bia\u0142ymstoku. T. 2, Pami\u0119\u0107 miejsca \/ red. Ma\u0142gorzata Karczewska, Maciej Karczewski. &#8211; Bia\u0142ystok; Pozna\u0144: Bogucki Wydawnictwo Naukowe, 2013.<\/li>\n<li>Cmentarze I wojny \u015bwiatowej w Galicji Zachodniej 1914-1918 \/ Oktawian Duda. &#8211; Warszawa: O\u015brodek Ochrony Zabytkowego Krajobrazu. Narodowa Instytucja Kultury, 1995.<\/li>\n<li>Cmentarze na \u017bmudzi: polskie znaki przesz\u0142o\u015bci obojga narod\u00f3w \/ Jan Sk\u0142odowski. &#8211; Warszawa: Ministerstwo Kultury i Dziedzictwa Narodowego, 2013.<\/li>\n<li>Cmentarzyska spo\u0142eczno\u015bci kultury mierzanowickiej na Wy\u017cynie Sandomierskiej. Cz. 1, Obrz\u0105dek pogrzebowy \/ Jerzy Tomasz B\u0105bel; Fundacja Rzeszowskiego O\u015brodka Archeologicznego, Instytut Archeologii Uniwersytetu Rzeszowskiego. &#8211; Rzesz\u00f3w: MITEL, 2013.<\/li>\n<li>Cmentarzyska spo\u0142eczno\u015bci kultury mierzanowickiej na Wy\u017cynie Sandomierskiej. Cz. 2, \u0179r\u00f3d\u0142a \/ Jerzy Tomasz B\u0105bel; Fundacja Rzeszowskiego O\u015brodka Archeologicznego, Instytut Archeologii Uniwersytetu Rzeszowskiego. &#8211; Rzesz\u00f3w: MITEL, 2013.<\/li>\n<li>Co nam maj\u0105 do powiedzenia fasady Wilanowa \/ Mariusz Karpowicz. &#8211; Warszawa: Muzeum Pa\u0142ac w Wilanowie, 2011.<\/li>\n<li>Cocto latere nobilitavit: o ceglanych murach ko\u015bcio\u0142\u00f3w \u015bredniowiecznego Krakowa \/ Tomasz W\u0119c\u0142awowicz. &#8211; Krak\u00f3w: Krakowskie Towarzystwo Edukacyjne. Oficyna wydawnicza AFM, 2013.<\/li>\n<li>Collegium Broscianum \/ Wiktor Szymborski. &#8211; Krak\u00f3w: Ksi\u0119garnia Akademicka, 2014.<\/li>\n<li>Collegium Maius \/ Andrzej Chwalba. &#8211; Krak\u00f3w: Ksi\u0119garnia Akademicka, 2009.<\/li>\n<li>Collegium Witkowskiego \/ Piotr Franaszek. &#8211; Krak\u00f3w: Ksi\u0119garnia Akademicka, 2014.<\/li>\n<li>Collegium Wr\u00f3blewskiego \/ Tomasz G\u0105sowski. &#8211; Krak\u00f3w: Ksi\u0119garnia Akademicka, 2013.<\/li>\n<li>Conservation and management of archaeological sites. &#8211; London: James &amp; James (Science Publishers) Ltd., 1995-.<\/li>\n<li>Conservation of wood artifacts: a handbook \/ A. Unger, A. P. Schniewind, W. Unger. &#8211; Berlin: Springer Verlag, 2010.<\/li>\n<li>Cyfrowy archeolog: podr\u0119cznik promocji archeologii w nowych mediach \/ pod red. Szymona Zdzieb\u0142owskiego. &#8211; Pozna\u0144: Muzeum Archeologiczne, 2014.<\/li>\n<li>Czas: katalog wystawy \/ pod red. Joanny Mielcarskiej-Kaczmarczyk. &#8211; Kielce: Muzeum Narodowe: Fundacja Posteris, 2012.<\/li>\n<li>Czas Apokalipsy: wizje dni ostatecznych w kulturze europejskiej od staro\u017cytno\u015bci do wieku XVII \/ pod red. Katarzyna Zalewska-Lorkiewicz. &#8211; Warszawa: Wydawnictwo Neriton, 2013.<\/li>\n<li>Czerwona i czarna kamionka oraz ich na\u015bladownictwa w zbiorach wilanowskich \/ Barbara Szelegejd. &#8211; Warszawa: Muzeum Pa\u0142ac w Wilanowie, 2013.<\/li>\n<li>Czes\u0142aw Przybylski \/ tekst Gra\u017cyna Jonkajtys-Luba. &#8211; Warszawa: Wydawnictwo Arkady, 1996.<\/li>\n<li>Das Residenzschloss zu Dresden. Bd. 1, Von der mittelalterlichen Burg zur Schlossanlange der Sp\u00e4tgotik und Fr\u00fchrenaissance \/ [Red. Kollegium Heinrich Magirius]; Hrsg. Landesamt f\u00fcr Denkmalpflege Sachsen. &#8211; Petersberg: Michael Imhof Verlag, 2013.<\/li>\n<li>Dendrochronologia \/ Andrzej Zielski, Marek Kr\u0105piec. &#8211; Warszawa: Wydawnictwo Naukowe PWN, 2009.<\/li>\n<li>DenkMal: Zeitschrift f\u00fcr Denkmalpflege in Schleswig-Holstein. &#8211; Kiel: Landesamt f\u00fcr Denkmalpflege, Schleswig-Holstein, 1994-.<\/li>\n<li>Denkmalpflege in Sachsen: Mitteilungen des Landesamtes f\u00fcr Denkmalpflege Sachsen. &#8211; Drezno: Landesamt f\u00fcr Denkmalpflege Sachsen, 1992-.<\/li>\n<li>Denkmalpflege Informationen. &#8211; M\u00fcnchen: Bayerisches Landesamt f\u00fcr Denkmalpflege, 2006-.<\/li>\n<li>Detail in architecture of the Lodz University of Technology \/ [tekst Renata Przew\u0142ocka-Sionek]; Historical Office Lodz University of Technology. &#8211; Lodz: Lodz University of Technology. 2013.<\/li>\n<li>Dewocjonalia z ko\u0144ca XVI-XVIII wieku pochodz\u0105ce z bada\u0144 archeologicznych na terenie Polski: (stan zachowania, identyfikacja, zagadnienia konserwatorskie) \/ Marek Ko\u0142yszko. &#8211; Toru\u0144: Wydawnictwo Naukowe Uniwersytetu Miko\u0142aja Kopernika, 2013.<\/li>\n<li>Die Bau- und Kunstdenkm\u00e4ler des Kreises Graudenz. H. 9 \/ [oprac. Johannes Heise]. &#8211; Danzig: Commissions Verlag von Th. Bertling, 1894.<\/li>\n<li>Die Gartenkunst. &#8211; Worms am Rhein: Wernersche Verlagsgesellschaft, 1989-.<\/li>\n<li>Dlaczego i jak w nowoczesny spos\u00f3b chroni\u0107 dziedzictwo kulturowe \/ red. nauk. Andrzej Rottermund. &#8211; Warszawa: Polski Komitet do spraw UNESCO, 2014.<\/li>\n<li>Dom jako forma otwarta: Szumin Hansen\u00f3w \/ teksty Filip Springer, Aleksandra K\u0119dziorek; fot. Jan Smaga. &#8211; Krak\u00f3w: Wydawnictwo Karakter; Warszawa: Muzeum Sztuki Nowoczesnej, 2014.<\/li>\n<li>Dom Towarzystwa Mi\u0142o\u015bnik\u00f3w Historii i Zabytk\u00f3w Krakowa przy ul. \u015aw. Jana 12 \/ pod red. Waldemara Komorowskiego. &#8211; Krak\u00f3w: Towarzystwo Mi\u0142o\u015bnik\u00f3w Historii i Zabytk\u00f3w Krakowa, 2013.<\/li>\n<li>Dom w\u0142asny Maksymiliana Strasza oraz projekt siedziby Rz\u0105du Gubernialnego Krakowskiego jego autorstwa w Kielcach \/ Jan Leszek Adamczyk. &#8211; Kielce: Biuro Dokumentacji Zabytk\u00f3w: Wydzia\u0142 Kultury i Sztuki Urz\u0119du Miejskiego, 1982.<\/li>\n<li>Dom w\u00f3jta w Kielcach \/ Krzysztof My\u015bli\u0144ski. &#8211; Kielce: Muzeum Historii Kielc, 2012.<\/li>\n<li>Drewniana architektura sakralna wojew\u00f3dztwa mazowieckiego \/ Pawe\u0142 J. Mazurkiewicz [et al.]. &#8211; Warszawa: SCRIPT, 2014.<\/li>\n<li>Drewno zabytkowe: badania i konserwacja w XXI wieku \/ [red. prowadz\u0105cy Robert Pasieczny; red. nauk. Ma\u0142gorzata Sawicki et al.]. &#8211; Warszawa: Narodowy Instytut Muzealnictwa i Ochrony Zbior\u00f3w: Akademia Sztuk Pi\u0119knych, 2013.<\/li>\n<li>Dwa mosty Warszawy: 150 lat Mostu Kierbedzia i 100 lat Mostu Poniatowskiego \/ Anna Mistewicz, Zbigniew Tucholski, Barbara Rymsza, Janusz Rymsza. &#8211; Warszawa: Miasto Sto\u0142eczne Warszawa, 2014.<\/li>\n<li>Dwory i dworki oraz ich w\u0142a\u015bciciele w wojew\u00f3dztwie \u015bwi\u0119tokrzyskim. T. 1, (Mi\u0119dzy Wis\u0142\u0105 a Skar\u017cyskiem-Kamienn\u0105, Kielcami i J\u0119drzejowem) \/ Zbigniew M. Doliwa-Klepacki. &#8211; Ostrowiec \u015awi\u0119tokrzyski: Stowarzyszenie &#8220;Nauka, Edukacja, Rozw\u00f3j&#8221;, 2013.<\/li>\n<li>Dwory i pa\u0142ace na Kresach Wschodnich mi\u0119dzy Niemnem a Bugiem \/ Katarzyna i Jerzy Samusikowie. &#8211; Bia\u0142ystok: Fundacja S\u0105siedzi, 2012.<\/li>\n<li>Dwory Ma\u0142opolski: [historia i wsp\u00f3\u0142czesno\u015b\u0107]. 1 \/ Marzanna Rai\u0144ska. &#8211; Nowy S\u0105cz: Ma\u0142opolskie Centrum Kultury &#8220;Sok\u00f3\u0142&#8221;, 2014.<\/li>\n<li>Dwory Ma\u0142opolski: [historia i wsp\u00f3\u0142czesno\u015b\u0107]. 2 \/ Marzanna Rai\u0144ska. &#8211; Nowy S\u0105cz: Ma\u0142opolskie Centrum Kultury &#8220;Sok\u00f3\u0142&#8221;, 2014.<\/li>\n<li>Dwory Ma\u0142opolski: [historia i wsp\u00f3\u0142czesno\u015b\u0107]. 3 \/ Marzanna Rai\u0144ska. &#8211; Nowy S\u0105cz: Ma\u0142opolskie Centrum Kultury &#8220;Sok\u00f3\u0142&#8221;, 2014.<\/li>\n<li>Dzia\u0142alno\u015b\u0107 architektoniczna Czes\u0142awa Przybylskiego w \u0141odzi \/ Rafa\u0142 Paku\u0142a; Polskie Towarzystwo Historyczne. &#8211; Warszawa: Wydawnictwo DiG, 2014.<\/li>\n<li>Dziedzictwo cysters\u00f3w w Polsce \/ [Grzegorz Wawoczny et al.]. &#8211; Racib\u00f3rz: Wydawnictwo i Agencja Informacyjna WAW Grzegorz Wawoczny, 2013.<\/li>\n<li>Dziedzictwo kulturowe &#8211; konteksty odpowiedzialno\u015bci: praca zbiorowa \/ pod red. Krystyny Gutowskiej. &#8211; Warszawa: Kolegium Nauk Spo\u0142ecznych i Administracji Politechniki Warszawskiej, 2003.<\/li>\n<li>Dziedzictwo utracone &#8211; dziedzictwo odzyskane \/ red. nauk. Anna Kamler, Dorota Pietrzkiewicz; Instytut Informacji Naukowej i Studi\u00f3w Bibliotecznych. Wydzia\u0142 Historyczny. Uniwersytet Warszawski. &#8211; Warszawa: Oficyna Wydawnicza ASPRA-JR, 2014.<\/li>\n<li>Dzieje Pa\u0142acu Staszica \/ [tekst i red. Joanna Arvaniti]. &#8211; Warszawa: Polska Akademia Nauk Archiwum, 2013.<\/li>\n<li>Dzieje Raciborza i jego dzielnic: mit einer kurzen Geschichte der Stadt Ratibor in deutscher Sprache \/ Pawe\u0142 Newerla. &#8211; Racib\u00f3rz: Wydawnictwo i Agencja Informacyjna WAW Grzegorz Wawoczny, 2008.<\/li>\n<li>Dziennik wypadk\u00f3w. T. 7, cz. 1, 1981-1984 \/ Karol Estreicher jr; [wst\u0119p i koncepcja ca\u0142o\u015bci Zbigniew Kazimierz Witek; red. Anna Maria Joniak] &#8211; Krak\u00f3w: Towarzystwo Przyjaci\u00f3\u0142 Sztuk Pi\u0119knych, 2013.<\/li>\n<li>Dziennik wypadk\u00f3w. T. 7, cz. 2 \/ Karol Estreicher jr; [koncepcja ca\u0142o\u015bci Zbigniew Kazimierz Witek; red. Anna Maria Joniak]. &#8211; Krak\u00f3w: Towarzystwo Przyjaci\u00f3\u0142 Sztuk Pi\u0119knych, 2013.<\/li>\n<li>Ecclesia Ostrolensis: dzieje parafii i ko\u015bcio\u0142a pod wezwaniem Nawiedzenia Naj\u015bwi\u0119tszej Maryi Panny w Ostro\u0142\u0119ce: praca zbiorowa \/ pod red. Marii Przytockiej. &#8211; Ostro\u0142\u0119ka: Ostro\u0142\u0119ckie Towarzystwo Naukowe im. Adama Ch\u0119tnika, 2013.<\/li>\n<li>Ecclesia, Studia z Dziej\u00f3w Wielkopolski \/ Uniwersytet im. Adama Mickiewicza. Wydzia\u0142 Teologiczny; [Feliks Lenort red.]. &#8211; Pozna\u0144: Uniwersytet Adama Mickiewicza, 2003-.<\/li>\n<li>Elitarna fascynacja czy niedoceniony element obrazu sztuki polskiej?: bi\u017cuteria w Polsce \/ [red. nauk. Katarzyna Kluczwajd]. &#8211; Toru\u0144: Stowarzyszenie Historyk\u00f3w Sztuki. Oddzia\u0142, 2013.<\/li>\n<li>Emil Krcha (1894-1972) \/ [red. Anna Kowalczyk]. &#8211; Krak\u00f3w: Muzeum Narodowe, 2012.<\/li>\n<li>Encyklopedia katolicka. T. 19, Szczepkowski &#8211; U\u017chorodzka Unia \/ [red. nacz. Edward Gigilewicz et al.]; Katolicki Uniwersytet Lubelski Jana Paw\u0142a II. &#8211; Lublin: Towarzystwo Naukowe Katolickiego Uniwersytetu Lubelskiego Jana Paw\u0142a II, 2013.<\/li>\n<li>Ernst May 1886-1970 \/ Claudia Quiring, Wolfgang Voigt, Peter Cachola Schmal, Eckhard Herrel; wersja polska pod red. Jerzego Ilkosza. &#8211; Wroc\u0142aw: Muzeum Architektury, 2012.<\/li>\n<li>Esperancja: kultura i kulturotw\u00f3rcze mechanizmy \/ Wojciech Usakiewicz. &#8211; Warszawa: Instytucja Kultury, 1989.<\/li>\n<li>Estetyka i architektura na rozdro\u017cu \/ Krystyna Pokrzywnicka. &#8211; Gda\u0144sk: Wydawnictwo Politechniki Gda\u0144skiej, 2013.<\/li>\n<li>Etnografia Nowa = The New Ethnography \/ [Pa\u0144stwowe Muzeum Etnograficzne w Warszawie; Ewa Chomicka red. nacz.]. &#8211; Warszawa: Pa\u0144stwowe Muzeum Etnograficzne, 2009-.<\/li>\n<li>Etnografia Polska \/ Polska Akademia Nauk. Instytut Historii Kultury Materialnej. &#8211; Wroc\u0142aw: Zak\u0142ad Narodowy im. Ossoli\u0144skich, 1958-.<\/li>\n<li>Ewangelickie budownictwo ko\u015bcielne w Prusach Zachodnich: relacje mi\u0119dzy pa\u0144stwem a Ko\u015bcio\u0142em ewangelicko-unijnym \/ Piotr Birecki. &#8211; Toru\u0144: Wydawnictwo Naukowe Uniwersytetu Miko\u0142aja Kopernika, 2014.<\/li>\n<li>Fabryka Norblina: opowie\u015b\u0107 o niezwyk\u0142ej fabryce \/ [aut. Ma\u0142gorzata Wittels, Krzysztof Wittels, Joanna Paprocka-Gajek, Bart\u0142omiej Jackiewicz]. &#8211; Warszawa: Stowarzyszenie Nasz Norblin: Fundacja Otwartego Muzeum Dawnej Fabryki Norblina, 2012.<\/li>\n<li>Feliks Michalski (1879-1946): meandry mazowieckiej architektury \/ Artur Lis. &#8211; Warszawa: Mazowieckie Centrum Kultury i Sztuki: Agencja Wydawnicza &#8220;Egros&#8221;, 2012.<\/li>\n<li>Fortyfikacje nowo\u017cytne w Polsce: badania, realizacje, projekty: zagospodarowanie do wsp\u00f3\u0142czesnych funkcji \/ praca zbiorowa pod red. Lecha Nar\u0119bskiego. &#8211; Toru\u0144: Urz\u0105d Marsza\u0142kowski Wojew\u00f3dztwa Kujawsko-Pomorskiego, 2013.<\/li>\n<li>Franciszek Maria Lanci: o maria\u017cu neogotyckiej architektury z przemys\u0142em \/ Olga Baron, Dariusz Majchrzak, Grzegorz Onyszko; Towarzystwo Przyjaci\u00f3\u0142 D\u0105browy G\u00f3rniczej, Muzeum Miejskie &#8220;Sztygarka&#8221;. &#8211; D\u0105browa G\u00f3rnicza: Towarzystwo Przyjaci\u00f3\u0142 D\u0105browy G\u00f3rniczej: Muzeum Miejskie &#8220;Sztygarka&#8221;, 2012.<\/li>\n<li>Franciszek Starowieyski (1930-2009): wirtuoz formy \/ Magdalena Czubi\u0144ska. &#8211; Krak\u00f3w: Muzeum Narodowe, 2013.<\/li>\n<li>Francuski teatr kr\u00f3lowej Marysie\u0144ki \/ Karolina Targosz. &#8211; Warszawa: Muzeum Pa\u0142ac Kr\u00f3la Jana III w Wilanowie, 2013.<\/li>\n<li>Francuskie szafki kredensowe w zbiorach Zamku Kr\u00f3lewskiego na Wawelu \/ Stanis\u0142awa Link-Lenczowska; Zamek Kr\u00f3lewski na Wawelu. Pa\u0144stwowe Zbiory Sztuki. &#8211; Krak\u00f3w: Zamek Kr\u00f3lewski na Wawelu, 2013.<\/li>\n<li>Frydman: ko\u015bci\u00f3\u0142 \u015bw. Stanis\u0142awa BM \/ zdj\u0119cia Rafa\u0142 Monita, tekst Andrzej Skorupa. &#8211; Krak\u00f3w: Wydawnictwo Astraia, 2014.<\/li>\n<li>Gabinet Farfurowy w Pa\u0142acu w Wilanowie: studium historyczno-ikonograficzne \/ Piotr Oczko, Jan Pluis. &#8211; Warszawa: Muzeum Pa\u0142ac Kr\u00f3la Jana III w Wilanowie, 2013.<\/li>\n<li>Gaj w Gucinie: wymowa ideowa parku-pomnika i walka o jego restytucj\u0119 \/ Piotr Sypczuk. &#8211; Warszawa: Muzeum Pa\u0142ac Kr\u00f3la Jana III w Wilanowie, 2013.<\/li>\n<li>Galeria Sztuki \u015aredniowiecznej \/ [tekst Zofia Herman, Antoni Ziemba]. &#8211; Warszawa: Muzeum Narodowe, 2013.<\/li>\n<li>Geschichte macht Architektur \/ Winfried Nerdinger; hrsg von Werner Oechslin. &#8211; M\u00fcnchen: Prestel, 2012.<\/li>\n<li>Gmach Leonarda: zamierzony klasztor si\u00f3str mi\u0142osierdzia \/ Krzysztof My\u015bli\u0144ski. &#8211; Kielce: Muzeum Historii Kielc, 2011.<\/li>\n<li>Gmina Chociwel \/ [tekst Marcin Majewski]. &#8211; Stargard: Muzeum Archeologiczno-Historyczne: Powiat Stargardzki, 2013.<\/li>\n<li>Gmina Dobrzany \/ [tekst Marcin Majewski]. &#8211; Stargard: Muzeum Archeologiczno-Historyczne: Powiat Stargardzki, 2013.<\/li>\n<li>Gmina Dolice \/ [tekst Marcin Majewski]. &#8211; Stargard: Muzeum Archeologiczno-Historyczne: Powiat Stargardzki, 2013.<\/li>\n<li>Gmina I\u0144sko \/ [tekst Marcin Majewski]. &#8211; Stargard: Muzeum Archeologiczno-Historyczne: Powiat Stargardzki, 2013.<\/li>\n<li>Gmina Kobylanka \/ [tekst Marcin Majewski]. &#8211; Stargard: Muzeum Archeologiczno-Historyczne: Powiat Stargardzki, 2013.<\/li>\n<li>Gmina Marianowo \/ [tekst Marcin Majewski]. &#8211; Stargard: Muzeum Archeologiczno-Historyczne: Powiat Stargardzki, 2013.<\/li>\n<li>Gmina Stara D\u0105browa \/ [tekst Marcin Majewski]. &#8211; Stargard: Muzeum Archeologiczno-Historyczne: Powiat Stargardzki, 2013.<\/li>\n<li>Gmina Stargard \/ [tekst Marcin Majewski]. &#8211; Stargard: Muzeum Archeologiczno-Historyczne: Powiat Stargardzki, 2013.<\/li>\n<li>Gmina Sucha\u0144 \/ [tekst Marcin Majewski]. &#8211; Stargard: Muzeum Archeologiczno-Historyczne: Powiat Stargardzki, 2013.<\/li>\n<li>Godi\u0161njak Za\u0161tite Spomenika Kulture Hrvatske = Preservation of Cultural Heritage in Croatia Annual \/ Ministarstvo kulture. Uprava za za\u0161titu kulturne ba\u0161tine. &#8211; Zagreb: Zavod, [1975?]-.<\/li>\n<li>G\u00f3rnicza Wieliczka: przewodnik po mie\u015bcie \/ Ma\u0142gorzata Mi\u0119dzobrodzka, Pawe\u0142 Krokosz; Muzeum \u017bup Krakowskich Wieliczka. &#8211; Wyd. 2 uzup. i popr. &#8211; Wieliczka: Muzeum \u017bup Krakowskich, 2013.<\/li>\n<li>G\u00f3ry i Pog\u00f3rze Kaczawskie: kraina wygas\u0142ych wulkan\u00f3w: przewodnik turystyczny \/ [Ivo \u0141aborewicz et al.]. &#8211; Jelenia G\u00f3ra: Wydawnictwo Turystyczne PLAN: na zlecenie: Gmina Miejska Z\u0142otoryja, [2010].<\/li>\n<li>Gotycka architektura murowana w Polsce \/ Andrzej Grzybkowski. &#8211; Warszawa: Wydawnictwo Uniwersytetu Warszawskiego, 2014.<\/li>\n<li>Gotyckie malarstwo tablicowe Ma\u0142opolski: 1500-1540 \/ Jerzy Gadomski. &#8211; Warszawa; Krak\u00f3w: Wydawnictwo Naukowe PWN, 1995.<\/li>\n<li>Granice recepcji: sztuka polska wobec sztuki obcej \/ pod red. Ma\u0142gorzaty Kitowskiej-\u0141ysiak, Marcina Lechowskiego. &#8211; Lublin: Towarzystwo Naukowe Katolickiego Uniwersytetu Lubelskiego Jana Paw\u0142a II, 2012.<\/li>\n<li>Grodziska Warmii i Mazur. 1, Stan wiedzy i perspektywy badawcze \/ pod red. Zbigniewa Kobyli\u0144skiego. &#8211; Warszawa: Uniwersytet Kardyna\u0142a Stefana Wyszy\u0144skiego; Zielona G\u00f3ra: Wydawnictwo Fundacji Archeologicznej, 2013.<\/li>\n<li>Grodzisko z wczesnej epoki \u017celaza i wczesnego \u015bredniowiecza w Grodzisku gm. Pleszew, woj. wielkopolskie: studia i materia\u0142y \/ red. Grzegorz Szczurek, Artur R\u00f3\u017ca\u0144ski; Fundacja Ochrony Zabytk\u00f3w w Poznaniu, Wydawnictwo i Pracownia Archeologiczna PROFIL-ARCHEO. &#8211; Pozna\u0144: Fundacja Ochrony Zabytk\u00f3w; P\u0119kowice: Wydawnictwo i Pracownia Archeologiczna PROFIL-ARCHEO, 2013.<\/li>\n<li>Gronowo: Ein Gr\u00e4berfeld der Wielbark-Kultur in Westpommern \/ Henryk Machajewski; Fundacja Monumenta Archaeologica Barbarica, Muzeum Narodowe w Szczecinie, Fundacja Rozwoju Uniwersytetu Gda\u0144skiego, Pa\u0144stwowe Muzeum Archeologiczne w Warszawie. &#8211; Warszawa: Fundacja Monumenta Archaeologica Barbarica: Pa\u0144stwowe Muzeum Archeologiczne; Szczecin: Muzeum Narodowe w Szczecinie; Gda\u0144sk: Fundacja Rozwoju Uniwersytetu Gda\u0144skiego, 2013.<\/li>\n<li>Gry sztuki z architektur\u0105: nowoczesne powinowactwa i wsp\u00f3\u0142czesne integracje \/ Gabriela \u015awitek. &#8211; Toru\u0144: Wydawnictwo Naukowe Uniwersytetu Miko\u0142aja Kopernika, 2013.<\/li>\n<li>Grywa\u0142d: ko\u015bci\u00f3\u0142 drewniany \/ tekst Andrzej Skorupa; zdj\u0119cia Rafa\u0142 Monita. &#8211; Wyd. 2, zm., popr., i uzup. &#8211; Krak\u00f3w: Wydawnictwo Astraia, 2014.<\/li>\n<li>Guercino: triumf baroku: arcydzie\u0142a z Cento, Rzymu i kolekcji polskich \/ [red. nauk. kat. Justyna Guze, Joanna Kilian, Joanna Sikorska]. &#8211; Warszawa: Muzeum Narodowe, 2013.<\/li>\n<li>Gulin-M\u0142yn, Stanowisko 1: cmentarzyska kultury pomorskiej i przeworskiej w regionie radomskim \/ Ma\u0142gorzata Cie\u015blak-Kopyt, Ireneusz Mira\u015b; analizy specjalistyczne Marcin Biborski [et al.]; Muzeum im. Jacka Malczewskiego w Radomiu, Wydawnictwo i Pracownia Archeologiczna PROFIL-ARCHEO. &#8211; Radom: Muzeum im. Jacka Malczewskiego; P\u0119kowice: Wydawnictwo i Pracownia Archeologiczna PROFIL-ARCHEO, 2013.<\/li>\n<li>Gwiazdy Sobiescia\u0144skie. &#8211; Warszawa: Muzeum Pa\u0142ac w Wilanowie, 2013.<\/li>\n<li>Hans Lutsch (1854-1922): architekt &#8211; konserwator zabytk\u00f3w &#8211; badacz architektury \/ &#8211; Szczecin: Wydawnictwo Uniwersytetu Szczeci\u0144skiego, 2013.<\/li>\n<li>Hans Scharoun&#8217;s Czech students: Lubomir \u0160lapeta 1908-1983, \u010cestm\u00edr \u0160lapeta 1908-1999 \/ [red. nauk. Jerzy Ilkosz, Vladim\u00edr \u0160lapeta]. &#8211; Wroc\u0142aw: Muzeum Architektury, 2004.<\/li>\n<li>Heinrich Lauterbach: architekt wroc\u0142awskiego modernizmu \/ pod red. Jerzego Ilkosza. &#8211; Wroc\u0142aw: Muzeum Architektury, 2012.<\/li>\n<li>Helena Modrzejewska &#8211; ikona stylu: od dystansu do pokusy \/ [red. El\u017cbieta Michalak]. &#8211; Warszawa: Muzeum Pa\u0142ac w Wilanowie, 2013.<\/li>\n<li>Herito: dziedzictwo, kultura, wsp\u00f3\u0142czesno\u015b\u0107 \/ heritage, culture &amp; the present \/ wyd.: Mi\u0119dzynarodowe Centrum Kultury; red. nacz. Jacek Purchla. &#8211; Krak\u00f3w: Mi\u0119dzynarodowe Centrum Kultury, 2010-.<\/li>\n<li>Hermann Fischer &#8211; rze\u017abiarz z Nysy \/ Jakub Jagie\u0142\u0142o. &#8211; Warszawa: Wydawnictwo CM, 2014.<\/li>\n<li>Historia bada\u0144 archeologicznych i architektonicznych dawnej Warszawy \/ W\u0142odzimierz Pela. &#8211; Warszawa: Muzeum Historyczne m.st. Warszawy, 2013.<\/li>\n<li>Historia rozwoju urbanistycznego Krakowa w zarysie: podr\u0119cznik dla student\u00f3w szk\u00f3\u0142 wy\u017cszych \/ Maciej Motak; Politechnika Krakowska im. Tadeusza Ko\u015bciuszki. &#8211; Krak\u00f3w: Wydawnictwo Politechniki Krakowskiej, 2012.<\/li>\n<li>Ho\u0142d car\u00f3w Szujskich \/ pod red. Juliusza A. Chro\u015bcickiego, Miros\u0142awa Nagielskiego. &#8211; Warszawa: Wydawnictwo Neriton, 2012.<\/li>\n<li>Idea ordo militaris w sztuce barokowej krzy\u017cowc\u00f3w z czerwon\u0105 gwiazd\u0105 \/ Arkadiusz Wojty\u0142a. &#8211; Wroc\u0142aw: Wydawnictwo Uniwersytetu Wroc\u0142awskiego, 2012.<\/li>\n<li>II konferencja Muze\u00f3w G\u00f3rniczych i Skansen\u00f3w Podziemnych w Polsce \/ [red. nacz. Antoni Jod\u0142owski; oprac. red. El\u017cbieta Bednarowska, Ma\u0142gorzata Piera]; Muzeum \u017bup Krakowskich Wieliczka. &#8211; Wieliczka: Muzeum \u017bup Krakowskich, 2012.<\/li>\n<li>Ikonotheka: prace Instytutu Historii Sztuki Uniwersytetu Warszawskiego \/ [kom. red. Jan Bia\u0142ostocki przewodn.; red. Barbara Chody\u0144ska]. &#8211; Warszawa: Wydawnictwa Uniwersytetu Warszawskiego, 1990-.<\/li>\n<li>Instytut Artystyczny \/ [red. Kazimierz Rochecki]; Uniwersytet Miko\u0142aja Kopernika w Toruniu. Wydzia\u0142 Sztuk Pi\u0119knych. &#8211; Toru\u0144: Wydawnictwo Uniwersytetu Miko\u0142aja Kopernika, 1999.<\/li>\n<li>Instytut Zabytkoznawstwa i Konserwatorstwa \/ [red. Janusz Krawczyk]; Uniwersytet Miko\u0142aja Kopernika w Toruniu. Wydzia\u0142 Sztuk Pi\u0119knych. &#8211; Toru\u0144: Wydawnictwo Uniwersytetu Miko\u0142aja Kopernika, 2001.<\/li>\n<li>Intertekstualno\u015b\u0107 i malarstwo: problemy bada\u0144 nad zwi\u0105zkami mi\u0119dzyobrazowymi \/ Stanis\u0142aw Czekalski. &#8211; Pozna\u0144: Wydawnictwo Naukowe Uniwersytetu im. Adama Mickiewicza, 2006.<\/li>\n<li>Iwiczna wczoraj i dzi\u015b: rys historyczny wsi i najbli\u017cszych okolic \/ Marian Kurczuk. &#8211; Wyd. 2 rozsz. i uzup. &#8211; Stara Iwiczna: [s. n.], 2006.<\/li>\n<li>Jak &#8220;modernizowa\u0107&#8221; modernizm?: zabytki architektury mieszkaniowej modernizmu: dobre praktyki konserwatorskie dla mieszka\u0144c\u00f3w i u\u017cytkownik\u00f3w: broszura &#8211; poradnik \/ Anna Jagiellak; oprac. Biuro Sto\u0142ecznego Konserwatora Zabytk\u00f3w. &#8211; Warszawa: Miasto Sto\u0142eczne Warszawa, 2014.<\/li>\n<li>Jak r\u00f3\u017c bia\u0142ych girlandy: studia nad wybranymi siedzibami ziemia\u0144skimi i ich dawnymi w\u0142a\u015bcicielami w p\u00f3\u0142nocno-wschodniej Wielkopolsce \/ Jacek Wojciech Wojciechowski. &#8211; Konin: BPB Arkada Jacek Wojciechowski, 2013.<\/li>\n<li>Jan Lebenstein \/ [oprac.] Mariusz Hermansdorfer; [przek\u0142. Ma\u0142gorzata Mo\u017cd\u017cy\u0144ska-Nawotka]. &#8211; Wroc\u0142aw: Muzeum Narodowe, 2013.<\/li>\n<li>Jan Sawka 1946-2012 \/ [red. Anna Kowalczyk]. &#8211; Krak\u00f3w: Muzeum Narodowe, 2013.<\/li>\n<li>Jan Zachwatowicz: 1900-1983: architekt \/ [red. merytoryczna Ma\u0142gorzata Pleskaczy\u0144ska-Chyli\u0144ska, Piotr M. Majewski]. &#8211; Wyd. 2, uzup. &#8211; Warszawa: Arx Regia. O\u015brodek Wydawniczy Zamku Kr\u00f3lewskiego, 2013.<\/li>\n<li>Jan\u00f3w Pomorski Stan. 1: wyniki ratowniczych bada\u0144 archeologicznych w latach 2007-2008. t. 1:1, Od paleolitu do wczesnego okresu w\u0119dr\u00f3wek lud\u00f3w \/ red. Mateusz Bogucki, Beata Jurkiewicz. &#8211; Elbl\u0105g: Muzeum Archeologiczno-Historyczne, 2012.<\/li>\n<li>Jan\u00f3w Pomorski Stan. 1: wyniki ratowniczych bada\u0144 archeologicznych w latach 2007-2008. t. 1:2, Od p\u00f3\u017anego okresu w\u0119dr\u00f3wek lud\u00f3w do nowo\u017cytno\u015bci \/ red. Mateusz Bogucki, Beata Jurkiewicz. &#8211; Elbl\u0105g: Muzeum Archeologiczno-Historyczne, 2012.<\/li>\n<li>Jan\u00f3w Pomorski Stan. 1: wyniki ratowniczych bada\u0144 archeologicznych w latach 2007-2008. t. 1:3, Analizy \/ red. Mateusz Bogucki, Beata Jurkiewicz. &#8211; Elbl\u0105g: Muzeum Archeologiczno-Historyczne, 2012.<\/li>\n<li>Ja\u015bliska w \u015bredniowieczu na tle miast dawnego powiatu bieckiego \/ Dominika Ku\u015bnierz-Krupa. &#8211; Krak\u00f3w: Wydawnictwo Politechniki Krakowskiej, 2013.<\/li>\n<li>Johann Carl Schultz (1801-1973) znany i nieznany: portret artysty na nowo odkryty \/ red. kat. Justyna Lijka. &#8211; Malbork: Muzeum Zamkowe, 2009.<\/li>\n<li>Journal of cultural heritage management and sustainable development. &#8211; Bingley: Emerald Group Publishing, 2011-.<\/li>\n<li>Journal of cultural heritage. &#8211; Paris: Elsevier, 1999-.<\/li>\n<li>Judaica warszawskie \/ Karol M\u00f3rawski. &#8211; Warszawa: Wydawnictwo Nowy \u015awiat, 2014.<\/li>\n<li>Kamienica mieszcza\u0144ska w \u015awidnicy: karczma i mieszkanie w XIII-XVIII w. \/ Ma\u0142gorzata Chorowska, Czes\u0142aw Lasota. &#8211; Wroc\u0142aw: Oficyna Wydawnicza Politechniki Wroc\u0142awskiej, 2013.<\/li>\n<li>Kamienna figura \u015bw. Jana Nepomucena w Bluszczowie gmina Gorzyce \/ Pawe\u0142 Porwo\u0142. &#8211; Wodzis\u0142aw \u015al\u0105ski: Starostwo Powiatowe, 2009.<\/li>\n<li>Katalog miejsc pami\u0119ci powstania styczniowego w wojew\u00f3dztwie podlaskim \/ [red. Iwona G\u00f3rska]. &#8211; Bia\u0142ystok: Towarzystwo Opieki nad Zabytkami. Oddzia\u0142, 2013.<\/li>\n<li>Katalog plan\u00f3w, pomiar\u00f3w i rysunk\u00f3w architektonicznych w zbiorach Instytutu Sztuki PAN. T. 4, Miejscowo\u015bci H-K\u00f3 \/ Piotr Lasek; pod red. Wandy Mossakowskiej. &#8211; Warszawa: Instytut Sztuki Polskiej Akademii Nauk, 2012.<\/li>\n<li>Katalog plan\u00f3w, pomiar\u00f3w i rysunk\u00f3w architektonicznych w zbiorach Instytutu Sztuki PAN. T. 5, Miejscowo\u015bci Krak\u00f3w &#8211; L \/ Piotr Lasek, Piotr Sypczuk; pod red. Wandy Mossakowskiej. &#8211; Warszawa: Instytut Sztuki Polskiej Akademii Nauk, 2013.<\/li>\n<li>Katalog zabytk\u00f3w sztuki: wojew\u00f3dztwo wroc\u0142awskie (dolno\u015bl\u0105skie): powiat o\u0142awski \/ pod red. El\u017cbiety Ko\u0142aczkiewicz; oprac. aut. Arkadiusz Dobrzyniecki [et al.]. &#8211; Warszawa: Instytut Sztuki PAN; [Wroc\u0142aw]: Instytut Historii Sztuki Uniwersytetu Wroc\u0142awskiego, 2013.<\/li>\n<li>Katalog zabytk\u00f3w sztuki: wojew\u00f3dztwo wroc\u0142awskie (dolno\u015bl\u0105skie): powiat \u015broda \u015bl\u0105ska [ilustracje] \/ pod red. El\u017cbiety Ko\u0142aczkiewicz; oprac. aut. Aleksandra Bek-Kore\u0144 [et al.]. &#8211; Warszawa: Instytut Sztuki Polskiej Akademii Nauk; Wroc\u0142aw: Instytut Historii Sztuki Uniwersytetu Wroc\u0142awskiego, 2014.<\/li>\n<li>Katalog zabytk\u00f3w sztuki: wojew\u00f3dztwo wroc\u0142awskie (dolno\u015bl\u0105skie): powiat \u015broda \u015bl\u0105ska [tekst] \/ pod red. El\u017cbiety Ko\u0142aczkiewicz; oprac. aut. Aleksandra Bek-Kore\u0144 [et al.]. &#8211; Warszawa: Instytut Sztuki Polskiej Akademii Nauk; Wroc\u0142aw: Instytut Historii Sztuki Uniwersytetu Wroc\u0142awskiego, 2014.<\/li>\n<li>Katalog zabytk\u00f3w sztuki: wojew\u00f3dztwo wroc\u0142awskie (dolno\u015bl\u0105skie): powiat \u015broda \u015bl\u0105ska [ilustracje] \/ pod red. El\u017cbiety Ko\u0142aczkiewicz; oprac. aut. Aleksandra Bek-Kore\u0144 [et al.]. &#8211; Warszawa: Instytut Sztuki Polskiej Akademii Nauk; Wroc\u0142aw: Instytut Historii Sztuki Uniwersytetu Wroc\u0142awskiego, 2014.<\/li>\n<li>Katalog zabytk\u00f3w sztuki: wojew\u00f3dztwo wroc\u0142awskie (dolno\u015bl\u0105skie): powiat \u015broda \u015bl\u0105ska [tekst] \/ pod red. El\u017cbiety Ko\u0142aczkiewicz; oprac. aut. Aleksandra Bek-Kore\u0144 [et al.]. &#8211; Warszawa: Instytut Sztuki Polskiej Akademii Nauk; Wroc\u0142aw: Instytut Historii Sztuki Uniwersytetu Wroc\u0142awskiego, 2014.<\/li>\n<li>Katalog zabytk\u00f3w sztuki: wojew\u00f3dztwo zachodniopomorskie: powiat pyrzycki \/ oprac. aut. Dorota Bartosz, Maciej S\u0142omi\u0144ski; red. Maciej Zgli\u0144ski. &#8211; Warszawa: Instytut Sztuki PAN: Stowarzyszenie Liber Pro Arte, 2013.<\/li>\n<li>Katedra Pelplin XVII wiek: kulturowy wymiar barokowej liturgii \/ Agnieszka Laddach. &#8211; Pelplin: Wydawnictwo Bernardinum, 2013.<\/li>\n<li>Katedra wroc\u0142awska: dzieje i architektura \/ Edmund Ma\u0142achowicz. &#8211; Wroc\u0142aw: Oficyna Wydawnicza Politechniki Wroc\u0142awskiej, 2012.<\/li>\n<li>Kiedy katedry by\u0142y bia\u0142e: podr\u00f3\u017c do kraju ludzi nie\u015bmia\u0142ych \/ Le Corbusier. &#8211; Warszawa: Fundacja Centrum Architektury, 2013.<\/li>\n<li>Klasztor dominika\u0144ski w Toruniu: w 750. rocznic\u0119 fundacji \/ pod red. Piotra Oli\u0144skiego, Waldemara Rozynkowskiego, Juliusza Raczkowskiego. &#8211; Toru\u0144: Wydawnictwo Naukowe Uniwersytetu Miko\u0142aja Kopernika, 2013.<\/li>\n<li>Klementowice &#8211; obozowisko ze schy\u0142ku epoki lodowej we wschodniej Polsce \/ [Tadeusz Wi\u015bniewski et al.]. &#8211; Lublin: Uniwersytet im. Marii Curie-Sk\u0142odowskiej. Wydzia\u0142 Humanistyczny, 2013.<\/li>\n<li>K\u0142y\u017c\u00f3w, stan. 2 i Mokrzysz\u00f3w, stan. 2 &#8211; cmentarzyska cia\u0142opalne z wczesnej epoki \u017celaza \/ Katarzyna Tryba\u0142a-Zawi\u015blak; Fundacja Rzeszowskiego O\u015brodka Archeologicznego, Instytut Archeologii Uniwersytetu Rzeszowskiego. &#8211; Rzesz\u00f3w: MITEL, 2012.<\/li>\n<li>Kolegiata \/ Henryka Podoli\u0144ska. &#8211; G\u0142og\u00f3w: Towarzystwo Ziemi G\u0142ogowskiej, 2010.<\/li>\n<li>Kolekcja Emeryka Hutten-Czapskiego \/ [tekst Alicja Kilija\u0144ska]. &#8211; Krak\u00f3w: Muzeum Narodowe, 2013.<\/li>\n<li>Koncepcje rozwoju przestrzennego i ich realizacja w obliczu zmian funkcji miasta na przyk\u0142adzie Ciechanowa 1918-1998 \/ Marek Pieni\u0105\u017cek. &#8211; Ciechan\u00f3w: Urz\u0105d Miasta: Ciechanowskie Towarzystwo Naukowe, 2001.<\/li>\n<li>Konserwacja d\u00f3br kultury: przegl\u0105d i opis stanu zachowania architektonicznego dziedzictwa kultury [Dokument elektroniczny] \/ Polski Komitet Normalizacyjny. &#8211; Warszawa: Polski Komitet Normalizacyjny, 2013.<\/li>\n<li>Konserwacja d\u00f3br kultury: przegl\u0105d i opis stanu zachowania architektonicznego dziedzictwa kultury \/ Polski Komitet Normalizacyjny. &#8211; Warszawa: Polski Komitet Normalizacyjny, 2013.<\/li>\n<li>Konserwacja i ochrona zabytk\u00f3w architektury \/ Marek Goszty\u0142a, Peter P\u00e1sztor. &#8211; Wyd. 2 rozsz. &#8211; Rzesz\u00f3w: Oficyna Wydawnicza Politechniki Rzeszowskiej, 2013.<\/li>\n<li>Konserwacja zapobiegawcza \u015brodowiska. 2, Krajobraz kulturowy \/ pod red. Jacka Wysockiego. &#8211; Warszawa: Uniwersytet Kardyna\u0142a Stefana Wyszy\u0144skiego; Zielona G\u00f3ra: Wydawnictwo Fundacji Archeologicznej, 2014.<\/li>\n<li>Konteksty: polska sztuka ludowa: antropologia kultury, etnografia, sztuka \/ Polska Akademia Nauk. Instytut Sztuki. &#8211; Warszawa: Instytut Sztuki PAN, 1990-.<\/li>\n<li>Kontrola dziesi\u0119cioletnia amelioracji miasta gubernialnego Kielce (1837) \/ [Jan G\u0142owka et al.]. &#8211; Kielce: Muzeum Historii Kielc, 2010.<\/li>\n<li>Konwencja UNESCO w dziedzinie kultury: komentarz \/ Wojciech Kowalski, Katarzyna Piotrowska-Nosek, Hanna Schreiber, Katarzyna Zalasi\u0144ska. &#8211; Stan prawny na 1 stycznia 2014 r. &#8211; Warszawa: Lex a Wolters Kluwer business, 2014.<\/li>\n<li>Korpus witra\u017cy z lat 1800-1945 w ko\u015bcio\u0142ach rzymskokatolickich metropolii krakowskiej i przemyskiej. T. 1, Archidiecezja Krakowska: dekanaty krakowskie \/ Danuta Czapczy\u0144ska-Kleszczy\u0144ska, Tomasz Szybisty. &#8211; Krak\u00f3w: Corpus Vitrearum Polska: Uniwersytet Jagiello\u0144ski, 2014.<\/li>\n<li>Korzenie gospodarki w D\u0105browie G\u00f3rniczej &#8211; kapita\u0142 zagraniczny w stuletniej historii miasta \/ [Arkadiusz Rybak, Andrzej J. W\u00f3jcik]. &#8211; D\u0105browa G\u00f3rnicza: Muzeum Miejskie &#8220;Sztygarka&#8221;; Katowice: Katowicka Specjalna Strefa Ekonomiczna S.A., 2012.<\/li>\n<li>Ko\u015bci\u00f3\u0142 Bernardyn\u00f3w na Czerniakowie: dzie\u0142o, arty\u015bci i projekty Tylmana z Gameren \/ aut. esej\u00f3w Karol Guttmejer, Mariusz Karpowicz, Przemys\u0142aw W\u0105troba; kat. rys. Tylmana z Gameren Przemys\u0142aw W\u0105troba. &#8211; Warszawa: Miasto Sto\u0142eczne Warszawa, 2013.<\/li>\n<li>Ko\u015bci\u00f3\u0142 Bo\u017cego Cia\u0142a w Poznaniu \/ Tomasz Ratajczak; zdj\u0119cia Piotr Sk\u00f3rnicki. &#8211; Pozna\u0144: Wydawnictwo Miejskie Posnania, 2014.<\/li>\n<li>Ko\u015bci\u00f3\u0142 drewniany pw. \u015bw. Anny w Go\u0142kowicach \/ Pawe\u0142 Porwo\u0142. &#8211; Wodzis\u0142aw \u015al\u0105ski: Starostwo Powiatowe, 2004.<\/li>\n<li>Ko\u015bci\u00f3\u0142 ewangelicki (pofranciszka\u0144ski) pw. \u015awi\u0119tej Tr\u00f3jcy w Wodzis\u0142awiu \u015al. \/ Pawe\u0142 Porwo\u0142. &#8211; Wodzis\u0142aw \u015al\u0105ski: Starostwo Powiatowe, 2009.<\/li>\n<li>Ko\u015bci\u00f3\u0142 Matki Boskiej Bolesnej w Poznaniu \/ Boles\u0142aw Krzy\u015blak i Zofia Kurzawa; zdj. Piotr Sk\u00f3rnicki. &#8211; Pozna\u0144: Wydawnictwo Miejskie Posnania, 2013.<\/li>\n<li>Ko\u015bci\u00f3\u0142 pod wezwaniem Wszystkich \u015awi\u0119tych w Rudawie \/ Dominik Ziarkowski. &#8211; Krak\u00f3w: DodoEditor, 2013.<\/li>\n<li>Ko\u015bci\u00f3\u0142 pw. Bo\u017cego Cia\u0142a \/ Marek Robert G\u00f3rniak. &#8211; G\u0142og\u00f3w: Towarzystwo Ziemi G\u0142ogowskiej, [2012].<\/li>\n<li>Ko\u015bci\u00f3\u0142 pw. Matki Bo\u017cej Fatimskiej w Turzy \u015al\u0105skiej \/ Pawe\u0142 Porwo\u0142. &#8211; Wodzis\u0142aw \u015al\u0105ski: Starostwo Powiatowe, 2012.<\/li>\n<li>Ko\u015bci\u00f3\u0142 pw. Wniebowzi\u0119cia Naj\u015bw. Maryi Panny w Wodzis\u0142awiu \u015al\u0105skim \/ Pawe\u0142 Porwo\u0142. &#8211; Wodzis\u0142aw \u015al\u0105ski: Starostwo Powiatowe, 2006.<\/li>\n<li>Ko\u015bci\u00f3\u0142 \u015bw. Miko\u0142aja \/ Wies\u0142aw Maciuszczak. &#8211; G\u0142og\u00f3w: Towarzystwo Ziemi G\u0142ogowskiej, 2010.<\/li>\n<li>Ko\u015bci\u00f3\u0142 \u015bw. Miko\u0142aja w Solcu-Zdroju \/ [tekst Renata Szybowska, Beata Kupiec]. &#8211; Kielce: Wydawnictwo Jedno\u015b\u0107, 2013.<\/li>\n<li>Ko\u015bci\u00f3\u0142 Wang: podr\u00f3\u017c ko\u015bcio\u0142a s\u0142upowo-szkieletowego z norweskich fiord\u00f3w w Karkonosze \/ Anja R\u00f6sner. &#8211; Karpacz: Parafia Ewangelicko-Augsburska Wang, 2012.<\/li>\n<li>Ko\u015bci\u00f3\u0142 Wizytek w Warszawie \/ Maria Chodyko, Karol Guttmejer, Jakub Sito. &#8211; Warszawa: Argraf, 2006.<\/li>\n<li>Ko\u015bcio\u0142y i klasztory rzymskokatolickie dawnego wojew\u00f3dztwa brzeskolitewskiego. T. 1 \/ red. tomu Marcin Zgli\u0144ski; Mi\u0119dzynarodowe Centrum Kultury w Krakowie. &#8211; Krak\u00f3w: Mi\u0119dzynarodowe Centrum Kultury, 2013.<\/li>\n<li>Ko\u015bcio\u0142y i klasztory rzymskokatolickie dawnego wojew\u00f3dztwa nowogr\u00f3dzkiego. T. 4 \/ red. Maria Ka\u0142amajska-Saeed; Mi\u0119dzynarodowe Centrum Kultury w Krakowie. &#8211; Krak\u00f3w: Mi\u0119dzynarodowe Centrum Kultury, 2014.<\/li>\n<li>Ko\u015bcio\u0142y i klasztory rzymskokatolickie dawnego wojew\u00f3dztwa ruskiego. T. 21, Katedra \u0142aci\u0144ska we Lwowie \/ oprac. Jakub Adamski [et al.]; Mi\u0119dzynarodowe Centrum Kultury w Krakowie. &#8211; Krak\u00f3w: Mi\u0119dzynarodowe Centrum Kultury, 2013.<\/li>\n<li>Ko\u015bcio\u0142y i klasztory rzymskokatolickie dawnego wojew\u00f3dztwa ruskiego. T. 22 \/ oprac. Andrzej Betlej [et al.]; Mi\u0119dzynarodowe Centrum Kultury w Krakowie. &#8211; Krak\u00f3w: Mi\u0119dzynarodowe Centrum Kultury, 2014.<\/li>\n<li>Ko\u015bcio\u0142y roma\u0144skie w Polsce \/ Jaros\u0142aw Jarzewicz; zdj\u0119cia Jerzy Andrzejewski. &#8211; Krak\u00f3w: Wydawnictwo M, 2014.<\/li>\n<li>Ko\u015bcio\u0142y, cerkwie i klasztory Lubelszczyzny w \u015bwietle bada\u0144 archeologicznych: praca zbiorowa \/ pod red. Ewy Banasiewicz-Szyku\u0142y; Lubelski Wojew\u00f3dzki Konserwator Zabytk\u00f3w w Lublinie. &#8211; Lublin: Wojew\u00f3dzki Urz\u0105d Ochrony Zabytk\u00f3w, 2013.<\/li>\n<li>Koszyce, Stanowisko 3: przemoc i rytua\u0142 u schy\u0142ku neolitu \/ red. Marcin M. Przyby\u0142a, Anita Szczepanek, Piotr W\u0142odarczak; Stowarzyszenie Archeolog\u00f3w Terenowych &#8220;Stater&#8221;, Wydawnictwo i Pracownia Archeologiczna PROFIL-ARCHEO. &#8211; Krak\u00f3w; P\u0119kowice: Wydawnictwo i Pracownia Archeologiczna PROFIL-ARCHEO, 2013.<\/li>\n<li>Kotlina Kolska w \u015bwietle cmentarzysk z neolitu i epoki br\u0105zu z Nag\u00f3rek Grabowskich, Teofilek i Byszewa \/ pod red. Ma\u0142gorzaty Rybickiej; Muzeum w \u0141\u0119czycy. &#8211; \u0141\u0119czyca: Muzeum w \u0141\u0119czycy; Rzesz\u00f3w: MITEL, 2012.<\/li>\n<li>Kozienice: w\u0119dr\u00f3wka przez stulecia \/ oprac. Eugeniusz Jaworski. &#8211; Kozienice: Elektrownia &#8220;Kozienice&#8221;, 2002.<\/li>\n<li>Kresy: najpi\u0119kniejsze zak\u0105tki \/ Adam Dylewski. &#8211; Warszawa: Wydawnictwo SBM, 2012.<\/li>\n<li>Kronika Miasta Poznania: miesi\u0119cznik po\u015bwi\u0119cony sprawom kulturalnym sto\u0142. m. Poznania: (organ Towarzystwa Mi\u0142o\u015bnik\u00f3w Miasta Poznania) \/ red. Zygmunt Zaleski. &#8211; Pozna\u0144: Magistrat sto\u0142. m. Poznania, 1923-.<\/li>\n<li>Kronika zabytkomaniaka \/ Katarzyna Wydra. &#8211; Warszawa: Narodowy Instytut Dziedzictwa, 2013.<\/li>\n<li>Kronika Zamkowa: biuletyn informacyjny Zamku Kr\u00f3lewskiego w Warszawie \/ red. Magdalena Bajer, Adam Rutkowski. &#8211; Warszawa: [s. n.], 1983-.<\/li>\n<li>Krzysztofory: zeszyty naukowe Muzeum Historycznego Miasta Krakowa \/ [red. nacz. J\u00f3zef Mitkowski]. &#8211; Krak\u00f3w: Muzeum Historyczne m. Krakowa, 1974-.<\/li>\n<li>Ksi\u0105\u017c\u0119 J\u00f3zef Poniatowski (1763-1813): pami\u0105tki i wizerunki w zbiorach Muzeum Narodowego w Krakowie \/ [red. Anna Krawczyk]. &#8211; Krak\u00f3w: Muzeum Narodowe, 2013.<\/li>\n<li>Ksi\u0105\u017c\u0119 Stanis\u0142aw Herakliusz Lubomirski i arty\u015bci \/ Mariusz Karpowicz. &#8211; Warszawa: Muzeum Pa\u0142ac w Wilanowie: Fundacja Ksi\u0105\u017c\u0105t Lubomirskich, 2012.<\/li>\n<li>Ksi\u0119\u017cycowy blask sreber: informator wystawy \/ Dorota Zahel. &#8211; Przemy\u015bl: Muzeum Narodowe Ziemi Przemyskiej, [2012].<\/li>\n<li>Kszta\u0142towanie przestrzeni miejskiej G\u0142\u00f3wnego Miasta w Gda\u0144sku do pocz\u0105tku XV wieku \/ Zofia Maciakowska. &#8211; Gda\u0144sk: Muzeum Archeologiczne, 2011.<\/li>\n<li>Kulice \/ [Lisaweta von Zitzewitz]. &#8211; Kulice; Berlin; Szczecin: Fundacja Akademia Europejska Kulice-K\u00fclz, 2013.<\/li>\n<li>Kult \u015bwi\u0119tych i idea\u0142 \u015bwi\u0119to\u015bci w \u015bredniowieczu \/ pod red. Romana Micha\u0142owskiego; Instytut Historyczny Uniwersytetu Warszawskiego. &#8211; Warszawa: Wydawnictwo DiG, 2011.<\/li>\n<li>Kultura G\u00f3r i Pog\u00f3rza Kaczawskiego \/ [Sandra Nejranowska-Bia\u0142ka]. &#8211; Jelenia G\u00f3ra: Wydawnictwo Turystyczne PLAN, [2010].<\/li>\n<li>Kuppeln und Bogend\u00e4cher aus Holz: von Arabischen Kuppeln bis zum Zollinger-Dach \/ Klaus Erler. &#8211; Stuttgart: Fraunhofer IRB Verlag, 2013.<\/li>\n<li>Kwartalnik Architektury i Urbanistyki: teoria i historia \/ Polska Akademia Nauk. Komitet Architektury i Urbanistyki; [red. nacz. Lech K\u0142osiewicz]. &#8211; Warszawa: DiG.<\/li>\n<li>Lachert i Szanajca: architekci awangardy \/ Beata Chom\u0105towska. &#8211; Wo\u0142owiec: Wydawnictwo Czarne, 2014.<\/li>\n<li>\u0141aci\u0144skie inskrypcje w ko\u015bcio\u0142ach Gda\u0144ska: Bazylika Mariacka \/ Grzegorz Kot\u0142owski, El\u017cbieta Starek. &#8211; Wyd. 2 rozsz. &#8211; Pelplin: Wydawnictwo Bernardinum, 2014.<\/li>\n<li>Las Borek w Che\u0142mie: zapomniane miejsce zbrodni hitlerowskich: wyniki bada\u0144 archeologicznych i historycznych w miejscu ka\u017ani \/ [aut. wystawy Stanis\u0142aw Go\u0142ub et al.]. &#8211; Che\u0142m: [Muzeum Ziemi Che\u0142mskiej im. Wiktora Ambroziewicza], 2012.<\/li>\n<li>\u0141azienki Kr\u00f3lewskie: nowe \u015bwiadectwa &#8211; nowe znaczenia \/ [opieka nauk. Maria Poprz\u0119cka]. &#8211; Warszawa: Muzeum \u0141azienki Kr\u00f3lewskie, 2013.<\/li>\n<li>Legenda obrazowa \u015bw. Klary z dawnego klasztoru klarysek we Wroc\u0142awiu \/ Anna Michalska. &#8211; Wroc\u0142aw: Oficyna Wydawnicza ATUT &#8211; Wroc\u0142awskie Wydawnictwo O\u015bwiatowe, 2013.<\/li>\n<li>Leksykon drewnianej architektury sakralnej Podkarpacia. T. 1, A-\u0141 \/ [red. Krzysztof Zieli\u0144ski]. &#8211; Rzesz\u00f3w: Stowarzyszenie na Rzecz Rozwoju i Promocji Podkarpacia Pro Carpathia, 2011.<\/li>\n<li>Leksykon zabytk\u00f3w architektury Lubelszczyzny i Podkarpacia \/ Jacek \u017babicki. &#8211; Warszawa: Wydawnictwo Arkady, 2013.<\/li>\n<li>Leksykon zieleni Wroc\u0142awia \/ red. nauk. Iwona Bi\u0144kowska, El\u017cbieta Szopi\u0144ska. &#8211; Wroc\u0142aw: Wydawnictwo Via Nova, 2013.<\/li>\n<li>Lentvario ba\u017eny\u010dia ir jos dekoras: 1905-1943 \/ sus. Giedr\u0117 Jankevi\u010diut\u0117. &#8211; Vilnius: Ba\u017enytinio Paveldo Muziejus, 2012.<\/li>\n<li>Leonard Torwirt (1912-1967): artysta malarz, konserwator zabytk\u00f3w \/ [red. nauk. Emanuel Oko\u0144; oprac. Agata Rissmann]. &#8211; Toru\u0144: Muzeum Okr\u0119gowe, 2012.<\/li>\n<li>\u0141\u00f3dzkie wille fabrykanckie \/ Krzysztof Stefa\u0144ski. &#8211; \u0141\u00f3d\u017a: \u0141\u00f3dzkie Towarzystwo Naukowe, 2013.<\/li>\n<li>Lubuskie Materia\u0142y Konserwatorskie \/ Wojew\u00f3dzki Urz\u0105d Ochrony Zabytk\u00f3w w Zielonej G\u00f3rze; [Jaros\u0142aw Lewczuk red.]. &#8211; Zielona G\u00f3ra: Wojew\u00f3dzki Urz\u0105d Ochrony Zabytk\u00f3w, 2003-.<\/li>\n<li>Lutomiersk-Kozi\u00f3wki stanowisko 3 a-c, pow. pabianicki, woj. \u0142\u00f3dzkie: wielokulturowy zesp\u00f3\u0142 osadniczy od schy\u0142kowego paleolitu po okres nowo\u017cytny \/ [aut. \u0141ukasz Antosik et al.]. &#8211; \u0141\u00f3d\u017a: [Muzeum Archeologiczne i Etnograficzne], 2012.<\/li>\n<li>Maciejewo \/ [Rados\u0142aw Walkiewicz]. &#8211; Kulice; Berlin; Szczecin: Fundacja Akademia Europejska Kulice-K\u00fclz, 2013.<\/li>\n<li>Maek Rothko: obrazy z National Gallery of Art w Waszyngtonie \/ koncepcja i red. nauk. Marek Bartelik. &#8211; Warszawa: Muzeum Narodowe, 2013.<\/li>\n<li>Majolika z \u0106mielowa i Nieborowa w kolekcji Muzeum Narodowego w Krakowie \/ Bo\u017cena Kostuch. &#8211; Krak\u00f3w: Muzeum Narodowe, 2013.<\/li>\n<li>Maksymilian Gierymski: dzie\u0142a, inspiracje, recepcja \/ [teksty Zofia Go\u0142ubiew et al.]. &#8211; Krak\u00f3w: Muzeum Narodowe, 2014.<\/li>\n<li>Maksymilian Gierymski: dzie\u0142a, inspiracje, recepcja: przewodnik \/ [teksty Aleksandra Krypczyk et al.]. &#8211; Krak\u00f3w: Muzeum Narodowe, 2014.<\/li>\n<li>Malarstwo polskie od baroku do modernizmu: katalog zbior\u00f3w \/ Ewa Houszka, Piotr \u0141ukaszewicz. &#8211; Wroc\u0142aw: Muzeum Narodowe, 2013.<\/li>\n<li>Malowid\u0142o Philipa Christiana Bentuma z pocz\u0105tku XVIII wieku w bibliotece pocysterskiego klasztoru w Lubi\u0105\u017cu: problemy konserwacji-restauracji monumentalnych barokowych malowide\u0142 na pod\u0142o\u017cu gipsowym \/ Gra\u017cyna Schulze-G\u0142azik. &#8211; Krak\u00f3w: Wydawnictwo Akademii Sztuk Pi\u0119knych im. Jana Matejki, 2013.<\/li>\n<li>Maniera, manieryzm, manieryczno\u015b\u0107: materia\u0142y LX Og\u00f3lnopolskiej Sesji naukowej Stowarzyszenia Historyk\u00f3w Sztuki, Gda\u0144sk, 24-25 listopada 2011 \/ pod red. Jacka Friedricha; przy wsp\u00f3\u0142pr. Ma\u0142gorzaty Omilanowskiej i Jacka Bielaka. &#8211; Warszawa: Stowarzyszenie Historyk\u00f3w Sztuki, 2012.<\/li>\n<li>Many voices, one vision: the early years of the World Heritage Convention \/ Christina Cameron, Mechtild R\u00f6ssler. &#8211; Farnham: Ashgate Publishing Limited, 2013.<\/li>\n<li>Marsza\u0142kowska, r\u00f3g \u015awi\u0119tokrzyskiej i okolice: Warszawa wielkomiejska \/ Jaros\u0142aw Zieli\u0144ski. &#8211; Warszawa: EKBIN Studio PR Ewa Kielak Ciemniewska, 2014.<\/li>\n<li>Mazowsze Studia Regionalne \/ Mazowieckie Biuro Planowania Regionalnego w Warszawie; [red. nacz. Zbigniew Strzelecki]. &#8211; Warszawa: Mazowieckie Biuro Planowania Regionalnego, 2008-.<\/li>\n<li>Megality Pomorza Zachodniego: na tropie budowniczych tajemniczych grobowc\u00f3w z epoki kamienia \/ red. Agnieszka Matuszewska. &#8211; Szczecin: Przedsi\u0119biorstwo Produkcyjno-Handlowe ZAPOL Dmochowski, Przedsi\u0119biorstwo Produkcyjno-Handlowe ZAPOL Dmochowski, Sobczyk, [2012].<\/li>\n<li>Miasto europejskie na przestrzeni dziej\u00f3w: wybrane przyk\u0142ady \/ Ma\u0142gorzata Kostrzewska. &#8211; Gda\u0144sk: Akapit-DTP, 2013.<\/li>\n<li>Miasto Stargard \/ [tekst Marcin Majewski]. &#8211; Stargard: Muzeum Archeologiczno-Historyczne: Powiat Stargardzki, 2013.<\/li>\n<li>Miasto w kulturze \/ pod red. El\u017cbiety Trockiej-Leszczy\u0144skiej, El\u017cbiety Przesmyckiej. &#8211; Wroc\u0142aw: Oficyna Wydawnicza Politechniki Wroc\u0142awskiej, 2012.<\/li>\n<li>Mi\u0119dzy kultur\u0105 pomorsk\u0105 a kultur\u0105 oksywsk\u0105: przemiany kulturowe w okresie late\u0144skim \/ pod red. Miros\u0142awa Fudzi\u0144skiego, Henryka Panera; Muzeum Archeologiczne w Gda\u0144sku. &#8211; Gda\u0144sk: Muzeum Archeologiczne, 2011.<\/li>\n<li>Moda w przedwojennej Polsce: codzienna, sportowa, wieczorowa, \u015blubna, dzieci\u0119ca, bielizna \/ Anna Sieradzka. &#8211; Warszawa: Dom Wydawniczy PWN, 2013.<\/li>\n<li>Modele rewitalizacji i ich zastosowanie w miastach dziedzictwa narodowego: mi\u0119dzynarodowa konferencja PRO-REVITA, \u0141\u00f3d\u017a 2008 \/ [ red. Bartosz M. Walczak]. &#8211; \u0141\u00f3d\u017a: Drukarnia i Wydawnictwo &#8220;PIKTOR&#8221; s.c.: Wydawnictwo Biblioteka, 2010.<\/li>\n<li>Moderne Architektur in Schlesien 1900 bis 1939: Baukultur und Politik \/ Beate St\u00f6rtkuhl. &#8211; M\u00fcnchen: Oldenbourg Verlag, 2013.<\/li>\n<li>Modernizm w architekturze Warszawy lat 60. &#8211; perspektywy ochrony konserwatorskiej: materia\u0142y z seminarium Biura Sto\u0142ecznego Konserwatora Zabytk\u00f3w, pawilon wystawowy SARP-u, 20 listopada 2012 r. \/ red. naukowa Paulina \u015awi\u0105tek. &#8211; Warszawa: Miasto Sto\u0142eczne Warszawa, 2013.<\/li>\n<li>Modernizm w Europie &#8211; modernizm w Gdyni: architektura XX wieku do lat sze\u015b\u0107dziesi\u0105tych i jej ochrona w Gdyni i w Europie \/ [red. Maria Jolanta So\u0142tysik, Robert Hirsch]. &#8211; Gdynia: Urz\u0105d Miasta, 2014.<\/li>\n<li>Modernizm w Legnicy \/ Beate St\u00f6rtkuhl; zdj\u0119cia Czes\u0142aw Pietraszko. &#8211; Wroc\u0142aw: Muzeum Architektury, 2007.<\/li>\n<li>Mokot\u00f3w w fotografii Andrzeja Jastrzembskiego \/ [opisy zdj\u0119\u0107 Andrzej Jastrzembski]. &#8211; Gdynia: Andrzej Jastrzembski, 2013.<\/li>\n<li>Mokotowska 25: dzieje pa\u0142acyku Cukrownik\u00f3w &#8211; siedziby IAM \/ [tekst Jaros\u0142aw Zieli\u0144ski]. &#8211; [Warszawa]: Instytut Adama Mickiewicza, 2013.<\/li>\n<li>Monety i bi\u017cuteria z Ostrowa Lednickiego i okolicy \/ red. Arkadiusz Tabaka, Andrzej M. Wyrwa; Muzeum Pierwszych Piast\u00f3w na Lednicy. &#8211; Lednica; Dziekanowice: Muzeum Pierwszych Piast\u00f3w na Lednicy, 2013.<\/li>\n<li>Monografia. Seria Architektura \/ Politechnika Krakowska im. Tadeusza Ko\u015bciuszki. &#8211; Krak\u00f3w: Wydawnictwo Politechniki Krakowskiej.<\/li>\n<li>Monumentalne zespo\u0142y Kolegium Apostolskiego na terenie dawnego pa\u0144stwa zakonnego w Prusach \/ Juliusz Raczkowski. &#8211; Pelplin: Wydawnictwo Bernardinum, 2013.<\/li>\n<li>Mozaika warszawska: przewodnik po plastyce w architekturze stolicy 1945-1989 \/ Pawe\u0142 Giergo\u0144. &#8211; Warszawa: Muzeum Powstania Warszawskiego, 2014.<\/li>\n<li>Mury obronne, Dom Solny \/ przewodnik \/ \u0141ukasz Tekiela. &#8211; Luba\u0144: \u0141u\u017cyckie Centrum Rozwoju, 2014.<\/li>\n<li>Muzea i uczenie si\u0119 przez ca\u0142e \u017cycie &#8211; podr\u0119cznik europejski \/ [red. nauk. Piotr Majewski; teksty pol. Renata Pater, Joanna Grzonkowska]. &#8211; Warszawa: Narodowy Instytut Muzealnictwa i Ochrony Zbior\u00f3w, 2013.<\/li>\n<li>Muzea prywatne \/ kolekcje lokalne: raport z bada\u0144 \/ [oprac. raportu Monika Maciejewska, Longin Graczyk]. &#8211; Bydgoszcz; Warszawa: Fundacja Ari Ari, 2013.<\/li>\n<li>Muzealnictwo \/ Ministerstwo Kultury i Dziedzictwa Narodowego, O\u015brodek Dokumentacji Zabytk\u00f3w; [Janusz Odrow\u0105\u017c-Pieni\u0105\u017cek red. nacz.]. &#8211; Warszawa: Ministerstwo Kultury i Dziedzictwa Narodowego: O\u015brodek Dokumentacji Zabytk\u00f3w, 1952-.<\/li>\n<li>Muzeum im. Emeryka Hutten-Czapskiego: przewodnik \/ [teksty Jaros\u0142aw Bodzek et. al]. &#8211; Krak\u00f3w: Muzeum Narodowe, 2013.<\/li>\n<li>Muzeum im. Emeryka Hutten-Czapskiego, Oddzia\u0142 Muzeum Narodowego w Krakowie: przewodnik \/ [teksty Jaros\u0142aw Bodzek et. al]. &#8211; Krak\u00f3w: Muzeum Narodowe, 2013.<\/li>\n<li>Muzeum Karola Szymanowskiego w willi &#8220;Atma&#8221; w Zakopanem \/ [teksty Ma\u0142gorzata Janicka-S\u0142ysz, Katarzyna Wydra]; Oddzia\u0142 Muzeum Narodowego w Krakowie. &#8211; Krak\u00f3w: Muzeum Narodowe, 2014.<\/li>\n<li>Muzeum Narodowe w Kielcach: Pa\u0142ac historii i nauki \/ [wst\u0119p Jan Matuszy\u0144ski]. &#8211; Kielce: Muzeum Narodowe, 2012.<\/li>\n<li>Muzeum Narodowe w Warszawie \/ [red. nauk. Agnieszka Morawi\u0144ska, Renata Higersberger]. &#8211; Warszawa: Wydawnictwo Arkady: Muzeum Narodowe, 2013.<\/li>\n<li>Muzeum Papiernictwa w Dusznikach Zdroju: przewodnik \/ [Jan Ba\u0142chan et al.]. &#8211; Wyd. 2 uzup. &#8211; Wroc\u0142aw: ZET; Muzeum Papiernictwa w Dusznikach Zdroju, 2010.<\/li>\n<li>Mysz\u0119cin, stanowisko 19, woj. lubuskie: od m\u0142odszej epoki kamienia po XX wiek \/ pod red. Ewy Pawlak i Paw\u0142a Pawlaka. &#8211; Zielona G\u00f3ra: Wydawnictwo Fundacji Archeologicznej, 2013.<\/li>\n<li>Na \u0142\u00f3w, na \u0142\u00f3w, na \u0142\u00f3w&#8230;: \u0142owiectwo w sztuce polskiej XIX i XX wieku \/ Krystyna Kotula, Grzegorz Wi\u015bniewski; Muzeum Ziemi Kujawskiej i Dobrzy\u0144skiej we W\u0142oc\u0142awku, Zarz\u0105d Okr\u0119gowy Polskiego Zwi\u0105zku \u0141owieckiego we W\u0142oc\u0142awku. &#8211; W\u0142oc\u0142awek: Muzeum Ziemi Kujawskiej i Dobrzy\u0144skiej, 2013.<\/li>\n<li>Nasza Przesz\u0142o\u015b\u0107: studia z dziej\u00f3w Ko\u015bcio\u0142a i kultury katolickiej w Polsce = Notre Pass\u00e9: \u00e9tudes sur l&#8217;histoire de l&#8217;\u00c9glise et de la culture catholique en Pologne \/ [red. Jan Duka\u0142a]. &#8211; Krak\u00f3w: Wydawnictwo Instytutu Teologicznego Ksi\u0119\u017cy Misjonarzy, 1946-.<\/li>\n<li>Nazwy miejscowe Polski: historia, pochodzenie, zmiany. 9, Po-Q \/ pod red. Kazimierza Rymuta i Barbary Czopek-Kopciuch. &#8211; Krak\u00f3w: Instytut J\u0119zyka Polskiego Polskiej Akademii Nauk, 2013.<\/li>\n<li>Nie od razu Wroc\u0142aw odbudowano: plany zagospodarowania przestrzennego, koncepcje oraz projekty urbanistyczne i architektoniczne a ich realizacja w latach 1945-1989 \/ Daniela Przy\u0142\u0119cka. &#8211; Wroc\u0142aw: Oficyna Wydawnicza ATUT &#8211; Wroc\u0142awskie Wydawnictwo O\u015bwiatowe, 2012.<\/li>\n<li>Niematerialne dziedzictwo kulturowe \/ oprac. Anna Marconi-Betka, Katarzyna Sadowska-Mazur, Julia W\u0142odarczyk [et al.]. \/ &#8211; Warszawa: Narodowy Instytut Dziedzictwa: [2014].<\/li>\n<li>Niematerialne dziedzictwo kulturowe: \u017ar\u00f3d\u0142a &#8211; warto\u015bci &#8211; ochrona \/ pod red. Jana Adamowskiego i Katarzyny Smyk. &#8211; Lublin: Wydawnictwo Uniwersytetu Marii Curie-Sk\u0142odowskiej; Warszawa: Narodowy Instytut Dziedzictwa, 2013.<\/li>\n<li>Niematerialne dziedzictwo kulturowe. &#8211; Warszawa: Narodowy Instytut Dziedzictwa, [2014].<\/li>\n<li>Niewczesne obrazy: Nietzsche i sztuki wizualne \/ \u0141ukasz Kiepuszewski. &#8211; Pozna\u0144: Wydawnictwo Naukowe Uniwersytetu im. Adama Mickiewicza, 2013.<\/li>\n<li>Niezwyk\u0142e r\u0119ce wierne tradycji: Zofia Bielecka, Regina Majchrzak, Irena Najdek: katalog wystawy \/ Dorota Kalinowska. &#8211; W\u0142oc\u0142awek: Muzeum Ziemi Kujawskiej i Dobrzy\u0144skiej, 2013.<\/li>\n<li>Nowinka: site 1: the cemetery from the Late Migration Period in the northern Poland \/ Bartosz Kontny, Jerzy Okulicz-Kozaryn, Miros\u0142aw Pietrzak; Instytut Archeologii. Uniwersytet Warszawski, Muzeum Archeologiczne w Gda\u0144sku. &#8211; Gda\u0144sk: Muzeum Archeologiczne; Warszawa: Instytut Archeologii Uniwersytet Warszawski, 2011.<\/li>\n<li>Nowocze\u015bni po katastrofie: sztuka w Polsce w latach 1945-1960 \/ Marcin Lachowski; Katolicki Uniwersytet Lubelski Jana Paw\u0142a II. Wydzia\u0142 Nauk Humanistycznych. Instytut Historii Sztuki. &#8211; Lublin: Wydawnictwo KUL, 2013.<\/li>\n<li>Nowo\u017cytne budownictwo przemys\u0142owe w dobrach biskupich na Mazowszu \/ Janusz Pietrzak; Katedra Archeologii Historycznej Instytutu Archeologii Uniwersytetu \u0141\u00f3dzkiego. &#8211; \u0141\u00f3d\u017a: Instytut Archeologii Uniwersytetu \u0141\u00f3dzkiego, 2013.<\/li>\n<li>Nowo\u017cytny cmentarz przy ko\u015bciele \u015bw. Piotra i Paw\u0142a na Ostrowie Tumskim we Wroc\u0142awiu (lata 1621-1670) \/ red. Aleksandra Pankiewicz; Uniwersytet Wroc\u0142awski. Instytut Archeologii. &#8211; Wroc\u0142aw: Uniwersytet Wroc\u0142awski. Instytut Archeologii, 2012.<\/li>\n<li>Nowo\u017cytny prospekt organowy i jego tw\u00f3rcy \/ Marcin Zgli\u0144ski. &#8211; Warszawa: Instytut Sztuki Polskiej Akademii Nauk, 2012.<\/li>\n<li>Nowy Wi\u015bnicz: historia, architektura, konserwacja \/ Piotr S. Szlezynger. &#8211; Krak\u00f3w: Akademia Wychowania Fizycznego im. Bronis\u0142awa Czecha, 2013.<\/li>\n<li>O istocie dziedzictwa europejskiego &#8211; rozwa\u017cania \/ Krzysztof Kowalski. &#8211; Krak\u00f3w: Mi\u0119dzynarodowe Centrum Kultury, 2013.<\/li>\n<li>O kszta\u0142towaniu muzeum sztuki: przestrze\u0144 pi\u0119kniejsza od przedmiotu \/ Marek Pabich. &#8211; Wyd. 2. &#8211; Katowice: Muzeum \u015al\u0105skie, 2007.<\/li>\n<li>Oblicza modernizmu w architekturze: paradygmat luksusu w architekturze modernizmu XX wieku: &#8220;Tr\u00f3jg\u0142owy smok&#8221; &#8211; architektura dwudziestolecia mi\u0119dzywojennego na G\u00f3rnym \u015al\u0105sku (1922-1939) \/ red. Ryszard Nakonieczny, Justyna Wojtas-Swoszowska. &#8211; Katowice: Stowarzyszenie Thesaurus Silesiae &#8211; Skarb \u015al\u0105ska, 2013.<\/li>\n<li>Obszary portowe &#8211; problemy rewitalizacji \/ Piotr Lorens; Politechnika Gda\u0144ska. Wydzia\u0142 Architektury. &#8211; Szczecin: Fundacja Instytut Studi\u00f3w Regionalnych, 2013.<\/li>\n<li>Obuwie warszawskie z XIV-XVIII wieku: ze zbior\u00f3w archeologicznych Muzeum Historycznego m. st. Warszawy \/ Karolina Blusiewicz. &#8211; Warszawa: Muzeum Historyczne m.st. Warszawy, 2009.<\/li>\n<li>Obwodnica Sulechowa, woj. lubuskie: badania archeologiczne na stanowiskach 10, 25, 26, 27, 28 \/ pod red. Bart\u0142omieja Gruszki, Aliny Jaszewskiej i S\u0142awomira Ka\u0142agate. &#8211; Zielona G\u00f3ra: Wydawnictwo Fundacji Archeologicznej, 2013.<\/li>\n<li>Ochrona i konserwacja ruin zamkowych: wybrane problemy i przyk\u0142ady \/ praca zbiorowa pod red. Bogus\u0142awa Szmygina i Piotra Molskiego. &#8211; Warszawa: Polski Komitet Naukowy Mi\u0119dzynarodowej Rady Ochrony Zabytk\u00f3w ICOMOS; Lublin: Politechnika Lubelska, 2013.<\/li>\n<li>Ochrona Zabytk\u00f3w: kwartalnik wydawany przez Zarz\u0105d G\u0142\u00f3wny Zwi\u0105zku Zawodowego Historyk\u00f3w Sztuki i Kultury w Warszawie. &#8211; Warszawa; Krak\u00f3w: &#8220;Czytelnik&#8221;, 1948-.<\/li>\n<li>Od gotyku do baroku: zabytkowe ko\u015bcio\u0142y gminy Gr\u0119bocice \/ tekst Monika Bry\u0142a, Katarzyna Dziura, Marek Robert G\u00f3rniak; fot. Marek Chwistek. &#8211; Gr\u0119bocice: Gmina Gr\u0119bocice, 2010.<\/li>\n<li>Od romanizmu po renesans: katalog unikatowych malowide\u0142 \u015bciennych oraz element\u00f3w kamiennych i drewnianych w roma\u0144skim ko\u015bciele p.w. \u015bw. Jana i \u015bw. Katarzyny w \u015awierzawie \/ Edward Kosakowski. &#8211; \u015awierzawa: Miejsko-Gminny O\u015brodek Kultury, Sportu i Rekreacji, 2007.<\/li>\n<li>Od Vogla do Cybisa: ikonografia Pieskowej Ska\u0142y (1786-1935): katalog wystawy, sierpie\u0144-wrzesie\u0144 2013 \/ Olgierd Miko\u0142ajski; Zamek w Pieskowej Skale. Oddzia\u0142 Zamku Kr\u00f3lewskiego na Wawelu. &#8211; Krak\u00f3w: Zamek Kr\u00f3lewski na Wawelu, 2013.<\/li>\n<li>Ogr\u00f3d biblijny &#8211; nowy typ ogrodu tematycznego \/ Zofia W\u0142odarczyk. &#8211; Krak\u00f3w: Wydawnictwo Uniwersytetu Rolniczego w Krakowie, 2013.<\/li>\n<li>Omnium sanctorum: ko\u015bci\u00f3\u0142 i parafia Wszystkich \u015awi\u0119tych w Gliwicach \/ pod red. Sebastiana Rosenbauma i Bogus\u0142awa Tracza. &#8211; Gliwice: Muzeum w Gliwicach, 2013.<\/li>\n<li>Opat\u00f3w Fpl. 1: ein Gr\u00e4berfeld der Przeworsk-Kultur im nordwestlichen Kleinpolen. [1], Katalog \/ Renata Madyda-Legutko, Judyta Rodzi\u0144ska-Nowak, Joanna Zag\u00f3rska-Telega; Fundacja Monumenta Archaeologica Barbarica, Instytut Archeologii Uniwersytetu Jagiello\u0144skiego, Pa\u0144stwowe Muzeum Archeologiczne w Warszawie. &#8211; Warszawa: Fundacja Monumenta Archaeologica Barbarica; Krak\u00f3w: Instytut Archeologii Uniwersytetu Jagiello\u0144skiego: Warszawa: Pa\u0144stwowe Muzeum Archeologiczne, 2011.<\/li>\n<li>Opat\u00f3w Fpl. 1: ein Gr\u00e4berfeld der Przeworsk-Kultur im nordwestlichen Kleinpolen. [2], Tafeln \/ Renata Madyda-Legutko, Judyta Rodzi\u0144ska-Nowak, Joanna Zag\u00f3rska-Telega; Fundacja Monumenta Archaeologica Barbarica, Instytut Archeologii Uniwersytetu Jagiello\u0144skiego, Pa\u0144stwowe Muzeum Archeologiczne w Warszawie. &#8211; Warszawa: Fundacja Monumenta Archaeologica Barbarica; Krak\u00f3w: Instytut Archeologii Uniwersytetu Jagiello\u0144skiego: Warszawa: Pa\u0144stwowe Muzeum Archeologiczne, 2011.<\/li>\n<li>Opolski Informator Konserwatorski \/ Wydzia\u0142 Kultury i Sztuki Urz\u0119du Wojew\u00f3dzkiego w Opolu. Wojew\u00f3dzki O\u015brodek Informacji Naukowej, Technicznej i Ekonomicznej w Opolu. &#8211; Opole: Wojew\u00f3dzki O\u015brodek Informacji Naukowej, Technicznej i Ekonomicznej w Opolu, 1981-1991.<\/li>\n<li>Opus Temporis: toru\u0144skiej katedry historia najnowsza: prace konserwatorskie i restauratorskie w latach 2000-2013 \/ red. nauk. Katarzyna Kluczwajd, Marek Rumi\u0144ski. &#8211; Toru\u0144: Toru\u0144skie Wydawnictwo Diecezjalne, 2013.<\/li>\n<li>Organy w ko\u015bcio\u0142ach Jaros\u0142awia \/ Jacek B\u0119\u015b. &#8211; Lublin: Wydawnictwo Polihymnia, 2013.<\/li>\n<li>Ornament i zbrodnia: eseje wybrane \/ Adolf Loos. &#8211; Tarn\u00f3w: BWA; Warszawa: Fundacja Centrum Architektury, 2013.<\/li>\n<li>Osady neolityczne w Stryczowicach, woj. \u015bwi\u0119tokrzyskie \/ Anna Uzarowicz-Chmielewska, Barbara Sa\u0142aci\u0144ska; z analizami specjalistycznymi Piotra Szwarczewskiego [et al.]. &#8211; Warszawa: Pa\u0144stwowe Muzeum Archeologiczne, 2013.<\/li>\n<li>Osiedla wczesno\u015bredniowieczne w Markowicach pod Poznaniem wraz z pozosta\u0142o\u015bciami osadnictwa pradziejowego \/ Ewa Pawlak, Pawe\u0142 Pawlak; we wsp\u00f3\u0142pracy z Danut\u0105 Prinke. &#8211; Pozna\u0144: Wydawnictwo Pozna\u0144skiego Towarzystwa Przyjaci\u00f3\u0142 Nauk, 2008.<\/li>\n<li>Ostatni wiejscy muzykanci \/ Andrzej Bie\u0144kowski. &#8211; Wyd. 2 popr. &#8211; Warszawa: Wydawnictwo Muzyka Odnaleziona: Mazowieckie Centrum Kultury i Sztuki: Narodowe Centrum Kultury, 2012.<\/li>\n<li>Ozdoby i nakrycia g\u0142owy na ziemiach polskich od X do ko\u0144ca XVIII wieku \/ Anna Dr\u0105\u017ckowska. &#8211; Toru\u0144: Wydawnictwo Naukowe Uniwersytetu Miko\u0142aja Kopernika, 2012.<\/li>\n<li>Pa\u0142ac papieski na Watykanie od ko\u0144ca V do pocz\u0105tku XVI wieku: ceremonia\u0142 a ewolucja kompleksu rezydencjonalnego \/ Tadeusz J. \u017buchowski. &#8211; Pozna\u0144: Wydawnictwo Naukowe Uniwersytetu im. Adama Mickiewicza, 1999.<\/li>\n<li>Pa\u0142ac Rzeczypospolitej w Warszawie &#8211; per\u0142a architektury \/ Marta Przyszychowska. &#8211; Warszawa: Biblioteka Narodowa, 2007.<\/li>\n<li>Pa\u0142ac w Kamieniu Z\u0105bkowickim: architektura, w\u0142a\u015bciciele \/ Marek Gaworski. &#8211; Wyd. 2 uzup. &#8211; Strzelce Opolskie: Wydawnictwo Matiang, 2009.<\/li>\n<li>Pa\u0142ac w Lubostroniu Fryderyka Sk\u00f3rzewskiego: pomnik rodowej dumy i zami\u0142owania sztuk plastycznych&#8230; \/ Aleksander Jankowski. &#8211; Bydgoszcz: Wydawnictwo Uniwersytetu Kazimierza Wielkiego, 2014.<\/li>\n<li>Pa\u0142ac Wielopolskich w Chrobrzu siedziba Ordynacji Myszkowskich \/ Krzysztof My\u015bli\u0144ski. &#8211; Kielce: Muzeum Historii Kielc, 2012.<\/li>\n<li>Pa\u0142ace i wille Warszawy: panorama historyczna \/ Marek Kwiatkowski. &#8211; Warszawa: Pa\u0144stwowy Instytut Wydawniczy, 2014.<\/li>\n<li>Pami\u0105tka po prababci, pami\u0105tka po pradziadku: prace laureat\u00f3w VIII Wojew\u00f3dzkiego Konkursu Historycznego &#8220;Zabytki naszego regionu&#8221; \/ [kom. red. Krzysztof Bartowski et al.]; Wojew\u00f3dzki O\u015brodek Kultury i Sztuki w Bydgoszczy. Pracownia Dokumentacji, Popularyzacji Zabytk\u00f3w i Dziedzictwa Narodowego. &#8211; Bydgoszcz: Wojew\u00f3dzki O\u015brodek Kultury i Sztuki: Bydgoski Dom Wydawniczy &#8220;Margrafsen&#8221;, 2012.<\/li>\n<li>Pami\u0105tka z fajansu: w 140. rocznic\u0119 powstania przemys\u0142u ceramicznego we W\u0142oc\u0142awku \/ Karolina Bandziak-Kwiatkowska. &#8211; W\u0142oc\u0142awek: Muzeum Ziemi Kujawskiej i Dobrzy\u0144skiej, 2013.<\/li>\n<li>Pami\u0119\u0107: rejestry i terytoria \/ [autorzy Katarzyna Kaniowska et al.; red. Paulina Or\u0142owska]. &#8211; Krak\u00f3w: Mi\u0119dzynarodowe Centrum Kultury, 2013.<\/li>\n<li>Panorama siedmiogrodzka \/ Adam Bartosz. &#8211; Tarn\u00f3w: Muzeum Okr\u0119gowe, 2013.<\/li>\n<li>Parchment and leather heritage: conservation &#8211; restoration: international conference organized by the department of Paper and Leather Conservation at Nicolaus Copernicus University in Toru\u0144 on the 21-24 October 2010 \/ ed. El\u017cbieta Jab\u0142o\u0144ska, Tomasz Kozielec. &#8211; Toru\u0144: Wydawnictwo Naukowe Uniwersytetu Miko\u0142aja Kopernika, 2012.<\/li>\n<li>Pawilon polski na nowojorskiej wystawie \u015bwiatowej (1939-1940) i jego dalsze dzieje \/ Krystyna Nowakowska. &#8211; Warszawa: Ministerstwo Kultury i Dziedzictwa Narodowego, 2013.<\/li>\n<li>Pe\u0142nia architektury \/ Walter Gropius. &#8211; Krak\u00f3w: Wydawnictwo Karakter, 2014.<\/li>\n<li>P\u0119zino \/ [Kazimiera Kalita-Skwirzy\u0144ska, Miros\u0142aw Op\u0119chowski]. &#8211; Kulice; Berlin; Szczecin: Fundacja Akademia Europejska Kulice-K\u00fclz, 2013.<\/li>\n<li>Pi\u0119kno o\u0142tarza i \u015bwi\u0105tyni gotyckiej \/ Miros\u0142aw Bogdan. &#8211; Katowice: &#8220;\u015al\u0105sk&#8221; Wydawnictwo Naukowe, 2014.<\/li>\n<li>Piel\u0119gnacja \u015bwi\u0105tyni i innych zabytk\u00f3w: ksi\u0105\u017cka nie tylko dla ksi\u0119\u017cy \/ Bogumi\u0142a J. Rouba. &#8211; Wyd. 2 rozsz. &#8211; Toru\u0144: Wydawnictwo Naukowe Uniwersytetu Miko\u0142aja Kopernika, 2014.<\/li>\n<li>Pieni\u0144skie nuty: zbi\u00f3r pie\u015bni szczawnickich \/ zebra\u0142 Micha\u0142 S\u0142owik-Dzwon. &#8211; Krak\u00f3w: Wydawnictwo Astraia, 2014.<\/li>\n<li>Plac Unii Lubelskiej i okolice: Warszawa wielkomiejska \/ [tekst Jaros\u0142aw Zieli\u0144ski]. &#8211; Warszawa: EKBIN Studio PR Ewa Kielak Ciemniewska, 2013.<\/li>\n<li>Plakat polski: ze zbior\u00f3w Muzeum Etnografii i Przemys\u0142u Artystycznego Instytutu Narodoznawstwa Narodowej Akademii Nauk Ukrainy we Lwowie \/ Anna Agnieszka Szablowska, Mariana Se\u0144kiw. &#8211; Warszawa: Ministerstwo Kultury i Dziedzictwa Narodowego, 2009.<\/li>\n<li>Pocz\u0105tki architektury sakralnej w Polsce Centralnej. Cz. 2, Zapilicze i Sieradzkie \/ pod red. Leszka Kajzera; Instytut Archeologii Uniwersytetu \u0141\u00f3dzkiego. &#8211; \u0141\u00f3d\u017a: [Instytut Archeologii Uniwersytetu \u0141\u00f3dzkiego]; Warszawa: Wydawnictwo DiG, 2013.<\/li>\n<li>Pocz\u0105tki \u0141\u0119czycy. T. 1, Archeologia \u015brodowiskowa \u015bredniowiecznej \u0141\u0119czycy: przyroda, gospodarka, spo\u0142ecze\u0144stwo \/ pod red. Ryszarda Grygiela i Tomasza Jurka. &#8211; \u0141\u00f3d\u017a: Muzeum Archeologiczne i Etnograficzne, 2014.<\/li>\n<li>Pocz\u0105tki \u0141\u0119czycy. T. 2, Archeologia o pocz\u0105tkach \u0141\u0119czycy \/ pod red. Ryszarda Grygiela i Tomasza Jurka. &#8211; \u0141\u00f3d\u017a: Muzeum Archeologiczne i Etnograficzne, 2014.<\/li>\n<li>Pocz\u0105tki \u0141\u0119czycy. T. 3, W kr\u0119gu historii i historii sztuki \/ pod red. Ryszarda Grygiela i Tomasza Jurka. &#8211; \u0141\u00f3d\u017a: Muzeum Archeologiczne i Etnograficzne, 2014.<\/li>\n<li>Pod dyktando ideologii: studia z dziej\u00f3w architektury i urbanistyki w Polsce Ludowej \/ pod red. Paw\u0142a Knapa. &#8211; Szczecin: Instytut Pami\u0119ci Narodowej &#8211; Komisja \u015acigania Zbrodni przeciwko Narodowi Polskiemu. Oddzia\u0142, 2013.<\/li>\n<li>Pokusa miejsca: przesz\u0142o\u015b\u0107 i przysz\u0142o\u015b\u0107 miast \/ Joseph Rykwert. &#8211; Krak\u00f3w: Mi\u0119dzynarodowe Centrum Kultury, 2013.<\/li>\n<li>Polska &#8211; Rosja: sztuka i historia: sztuka polska, sztuka rosyjska i polsko-rosyjskie kontakty artystyczne do pocz\u0105tku XX wieku \/ red. Jerzy Malinowski, Irina Gavrash, Natalia Mizerniuk-Rotkiewicz. &#8211; Warszawa: Polski Instytut Studi\u00f3w nad Sztuk\u0105 \u015awiata; Toru\u0144: Wydawnictwo Tako, 2013.<\/li>\n<li>Polska &#8211; Rosja: sztuka i historia: sztuka polska, sztuka rosyjska i polsko-rosyjskie kontakty artystyczne XX-XXI wieku \/ red. Jerzy Malinowski, Irina Gavrash, Zofia Krasnopolska-Wesner. &#8211; Warszawa: Polski Instytut Studi\u00f3w nad Sztuk\u0105 \u015awiata; Toru\u0144: Wydawnictwo Tako, 2014.<\/li>\n<li>Polska: \u015awiatowe Dziedzictwo UNESCO \/ zdj\u0119cia Christian Parma; [tekst Teresa Grzybkowska et al.]. &#8211; Marki: Wydawnictwo Parma Press, 2014.<\/li>\n<li>Polska sztuka wsp\u00f3\u0142czesna: Muzeum Narodowe we Wroc\u0142awiu: przewodnik \/ Iwona Go\u0142aj. &#8211; Wroc\u0142aw: Muzeum Narodowe, 2012.<\/li>\n<li>Polski Barbizo\u0144czyk: losy i dzie\u0142o Ludomira Benedyktowicza \/ Tomasz Adam Pruszak. &#8211; Warszawa: Wydawnictwo Neriton, 2013.<\/li>\n<li>Polski S\u0142ownik Biograficzny. T. 49\/2, z. 201, Szubert Wac\u0142aw &#8211; Szuma\u0144ski Mieczys\u0142aw \/ [red. nacz. Andrzej Romanowski]; Polska Akademia Nauk, Polska Akademia Umiej\u0119tno\u015bci. &#8211; Warszawa: Instytut Historii PAN; Krak\u00f3w: Polska Akademia Umiej\u0119tno\u015bci, 2013.<\/li>\n<li>Polski S\u0142ownik Biograficzny. T. 49\/3, z. 202, Szuma\u0144ski Mieczys\u0142aw &#8211; Szwencki Fryderyk \/ [red. nacz. Andrzej Romanowski]; Polska Akademia Nauk, Polska Akademia Umiej\u0119tno\u015bci. &#8211; Warszawa: Instytut Historii PAN; Krak\u00f3w: Polska Akademia Umiej\u0119tno\u015bci, 2014.<\/li>\n<li>Polski S\u0142ownik Biograficzny. T. 49\/4, z. 203, Szwencki Fryderyk &#8211; Szyjewski Andrzej \/ [red. nacz. Andrzej Romanowski]; Polska Akademia Nauk, Polska Akademia Umiej\u0119tno\u015bci. &#8211; Warszawa: Instytut Historii PAN; Krak\u00f3w: Polska Akademia Umiej\u0119tno\u015bci, 2014.<\/li>\n<li>Polskie meble gi\u0119te: wytw\u00f3rnia &#8220;Polski Przemys\u0142 Drzewny &#8211; Czerski i Jakimowicz&#8221; w Bondyrzu i we Lwowie 1922-1939 \/ Joanna Wojciechowska-Kuci\u0119ba. &#8211; Lublin: Towarzystwo Naukowe Katolickiego Uniwersytetu Lubelskiego Jana Paw\u0142a II, 2012.<\/li>\n<li>Polskie przygody grafiki zachodnioeuropejskiej XVII-XVIII w. \/ Krystyna Moisan-Jab\u0142o\u0144ska. &#8211; Ciche: Sarmatia Artistica Maciej Kamil Jab\u0142o\u0144ski, 2013.<\/li>\n<li>Pomnik chrze\u015bcija\u0144skiego rycerza: nagrobek Melchiora von Redern we Fr\u00fddlancie &#8211; opus vitae Gerharda Hendrika z Amsterdamu \/ Piotr Oszczanowski. &#8211; Wroc\u0142aw: O\u015brodek Kultury i Sztuki: Uniwersytet Wroc\u0142awski: Polsko-Czeskie Towarzystwo Naukowe, 2013.<\/li>\n<li>Portrety miast inflanckich, pie\u015bni gminne \/ Gustaw Manteuffel; wst\u0119p i red. Krzysztof Zajas; oprac. tekstu Karol \u0141opatecki, Wojciech Walczak. &#8211; Bia\u0142ystok: Instytut Bada\u0144 nad Dziedzictwem Kulturowym Europy, 2013.<\/li>\n<li>Postmodernizm polski: architektura i urbanistyka \/ z architektami rozmawiaj\u0105 Alicja Gzowska i Lidia Klein. &#8211; Warszawa: Stowarzyszenie 40 000 Malarzy, 2013.<\/li>\n<li>Postmodernizm polski: architektura i urbanistyka: antologia tekst\u00f3w \/ pod red. Lidii Klein. &#8211; Warszawa: Stowarzyszenie 40 000 Malarzy, 2013.<\/li>\n<li>Pot\u0119ga wizerunk\u00f3w: studia z historii i teorii oddzia\u0142ywania \/ David Freedberg. &#8211; Krak\u00f3w: Wydawnictwo Uniwersytetu Jagiello\u0144skiego, 2005.<\/li>\n<li>Powiat gostyni\u0144ski: przewodnik subiektywny \/ [Barbara Konarska-Pabiniak]. &#8211; Warszawa: Mazowieckie Centrum Kultury i Sztuki: Agencja Wydawnicza &#8220;Egros&#8221;, 2013.<\/li>\n<li>Powiat gr\u00f3jecki: przewodnik subiektywny \/ [Remigiusz Matyjas]. &#8211; Warszawa: Mazowiecki Instytut Kultury, 2014.<\/li>\n<li>Powiat \u0142osicki: przewodnik subiektywny \/ [S\u0142awomir Kordaczuk]. &#8211; Warszawa: Mazowiecki Instytut Kultury, 2014.<\/li>\n<li>Powiat nowosolski \/ zebr. i oprac. Adam G\u00f3rski. &#8211; Toru\u0144: Wydawnictwo Adam Marsza\u0142ek, 2013.<\/li>\n<li>Powiat siedlecki: przewodnik subiektywny \/ [S\u0142awomir Kordaczuk]. &#8211; Warszawa: Mazowieckie Centrum Kultury i Sztuki: Agencja Wydawnicza &#8220;Egros&#8221;, 2013.<\/li>\n<li>Powiat sierpecki: przewodnik subiektywny \/ [Pawe\u0142 Bogdan G\u0105siorowski]. &#8211; Warszawa: Mazowieckie Centrum Kultury i Sztuki: Agencja Wydawnicza &#8220;Egros&#8221;, 2013.<\/li>\n<li>Powiat \u015bwiebodzi\u0144ski \/ zebr. i oprac. Marceli Tureczek. &#8211; Toru\u0144: Wydawnictwo Adam Marsza\u0142ek, 2009.<\/li>\n<li>Powiat zielonog\u00f3rski \/ zebr. i oprac. Adam G\u00f3rski, Pawe\u0142 Karp. &#8211; Toru\u0144: Wydawnictwo Adam Marsza\u0142ek, 2012.<\/li>\n<li>Powojenna odbudowa ulicy Nowy \u015awiat w Warszawie \/ Ma\u0142gorzata Popio\u0142ek. &#8211; Warszawa: Mazowieckie Centrum Kultury i Sztuki: Agencja Wydawnicza &#8220;Egros&#8221;, 2012.<\/li>\n<li>Prace magisterskie 2012\/2013. T.1 \/ [kom. red. Gra\u017cyna Korpal et al.]; Wydzia\u0142 Konserwacji i Restauracji Dzie\u0142 Sztuki Akademii Sztuk Pi\u0119knych im. Jana Matejki w Krakowie. &#8211; Krak\u00f3w: Wydawnictwo Akademii Sztuk Pi\u0119knych im. Jana Matejki, 2013.<\/li>\n<li>Prawnokarna ochrona dziedzictwa kultury: materia\u0142y z konferencji, Gda\u0144sk, 30 maja &#8211; 1 czerwca 2005 r. \/ pod red. Janusza Kaczmarka. &#8211; Krak\u00f3w: Zakamycze, 2006.<\/li>\n<li>Prawo ochrony zabytk\u00f3w \/ red. Kamil Zeidler. &#8211; Stan prawny 1 stycznia 2014 r. &#8211; Warszawa: Wolters Kluwer; Gda\u0144sk: Wydawnictwo Uniwersytetu Gda\u0144skiego, 2014.<\/li>\n<li>Prekursorzy i tw\u00f3rcy chrze\u015bcija\u0144skiej kultury Europy: ksi\u0119ga jubileuszowa ofiarowana ksi\u0119dzu profesorowi Augustynowi Eckmannowi \/ red. Agata \u0141uka, Agnieszka Strycharczuk. &#8211; Lublin: Towarzystwo Naukowe Katolickiego Uniwersytetu Lubelskiego Jana Paw\u0142a II, 2013.<\/li>\n<li>Primus inter pares: pierwszy w\u015br\u00f3d r\u00f3wnych, czyli opowie\u015b\u0107 o kr\u00f3lu Janie III \/ [red. Dominika Walawender-Musz]. &#8211; Warszawa: Muzeum Pa\u0142ac w Wilanowie, 2013.<\/li>\n<li>Problem ochrony zabytk\u00f3w archeologicznych na ziemiach dawnej Rzeczypospolitej pod panowaniem rosyjskim \/ Adrianna Szczerba; Instytut Archeologii Uniwersytetu \u0141\u00f3dzkiego. &#8211; \u0141\u00f3d\u017a: Instytut Archeologii Uniwersytetu \u0141\u00f3dzkiego, 2012.<\/li>\n<li>Projekt &#8211; miasto: wspomnienia pozna\u0144skich architekt\u00f3w 1925-2005 \/ Henryk Marcinkowski, Witold Milewski, Edward Paw\u0142owicz, Regina Pawu\u0142a-Piwowarczyk, Zygmunt Skupniewicz, Ligia Wejchert; [red. i oprac. Danuta Ksi\u0105\u017ckiewicz-Bartkowiak]. &#8211; Pozna\u0144: Wydawnictwo Miejskie Posnania, 2013.<\/li>\n<li>Projekty pozna\u0144skich osiedli z lat 1918-1939 a ich obecny kszta\u0142t \/ Barbara \u015awit-Jankowska. &#8211; Pozna\u0144: Wydawnictwo Politechniki Pozna\u0144skiej, 2011.<\/li>\n<li>Projekty pozna\u0144skich osiedli z lat 1945-1989 a ich obecny kszta\u0142t \/ Adam Nadolny, Karolina Sobczy\u0144ska-Je\u017cewska. &#8211; Pozna\u0144: Wydawnictwo Politechniki Pozna\u0144skiej, 2011.<\/li>\n<li>Przedmie\u015bcie Miko\u0142ajskie we Wroc\u0142awiu \/ [red. nauk. Halina Ok\u00f3lska]. &#8211; Wroc\u0142aw: Muzeum Miejskie Wroc\u0142awia: Wydawnictwo Gajt, 2011.<\/li>\n<li>Przedmie\u015bcie Miko\u0142ajskie we Wroc\u0142awiu: katalog wystawy \/ [oprac. not katalogowych Halina Ok\u00f3lska et al.; Muzeum Miejskie Wroc\u0142awia, Ko\u0142o Przewodnik\u00f3w Miejskich przy Oddziale Wroc\u0142awskim Polskiego Towarzystwa Turystyczno-Krajoznawczego]. &#8211; Wroc\u0142aw: Muzeum Miejskie Wroc\u0142awia, 2010.<\/li>\n<li>Przedmie\u015bcie O\u0142awskie we Wroc\u0142awiu \/ [red. Halina Ok\u00f3lska, Hanna G\u00f3rska, Joanna Wagner-G\u0142owi\u0144ska]. &#8211; Wroc\u0142aw: Muzeum Miejskie Wroc\u0142awia: Wydawnictwo Gajt, 2013.<\/li>\n<li>Przedmie\u015bcie \u015awidnickie we Wroc\u0142awiu \/ [red. nauk. Halina Ok\u00f3lska, Hanna G\u00f3rska]. &#8211; Wroc\u0142aw: Muzeum Miejskie Wroc\u0142awia: Wydawnictwo Gajt, 2012.<\/li>\n<li>Przedmioty z poro\u017ca i ko\u015bci z Janowa Pomorskiego \/ Eugeniusz Cnotliwy; [red. Mateusz Bogucki, Marek F. Jagodzi\u0144ski]. &#8211; Elbl\u0105g: Muzeum Archeologiczno-Historyczne: Instytut Archeologii i Etnologii Polskiej Akademii Nauk, 2013.<\/li>\n<li>Przelewice \/ Maciej S\u0142omi\u0144ski. &#8211; Kulice; Berlin; Szczecin: Fundacja Akademia Europejska Kulice-K\u00fclz, 2013.<\/li>\n<li>Przewodnik archeologiczny po Polsce \/ Agnieszka Malinowska-Sypek, Robert Sypek, Daniel Sukniewicz, wprowadzenie Wojciech Brzezi\u0144ski. &#8211; Warszawa: Wydawnictwo Arkady, 2010.<\/li>\n<li>Przewodnik po zabytkach wojew\u00f3dztwa lubuskiego. T. 2, Powiaty: \u017carski, \u017caga\u0144ski, nowosolski, wschowski \/ Krzysztof Garbacz. &#8211; Zielona G\u00f3ra: Agencja Wydawnicza PDN, 2012.<\/li>\n<li>Przewodnik po zabytkach wojew\u00f3dztwa lubuskiego. T. 3, Powiaty: gorzowski, s\u0142ubicki, sul\u0119ci\u0144ski, mi\u0119dzyrzecki, strzelecko-drezde\u0144ski \/ Krzysztof Garbacz. &#8211; Zielona G\u00f3ra: Agencja Wydawnicza PDN, 2013.<\/li>\n<li>Przez sztuk\u0119 do wieczno\u015bci: Rzeczni\u00f3w i Grabowiec: dzieje, ludzie, sztuka od XVI do XIX wieku \/ Ma\u0142gorzata Szot-Wr\u00f3blewska. &#8211; Solec nad Wis\u0142\u0105: Ma\u0142gorzata Szot-Wr\u00f3blewska; Lipsko: Kolor-Graf, 2013.<\/li>\n<li>Przydro\u017cne kapliczki na terenie powiatu wodzis\u0142awskiego \/ Pawe\u0142 Porwo\u0142. &#8211; Wodzis\u0142aw \u015al\u0105ski: Starostwo Powiatowe, 2011.<\/li>\n<li>Rachunki budowy zamku krakowskiego 1526 \/ oprac. Marek Ferenc; Zamek Kr\u00f3lewski na Wawelu. Pa\u0144stwowe Zbiory Sztuki. &#8211; Krak\u00f3w: Zamek Kr\u00f3lewski na Wawelu. Pa\u0144stwowe Zbiory Sztuki, 2012.<\/li>\n<li>Raport &#8230; \/ Muzeum Narodowe w Kielcach. &#8211; Kielce: Muzeum Narodowe , 2004-.<\/li>\n<li>Raport 2007-2008. T. 2 \/ [red. S\u0142awomir Kadrow]. &#8211; Warszawa: Narodowy Instytut Dziedzictwa, 2013.<\/li>\n<li>Raport roczny Narodowego Instytutu Dziedzictwa 2013 \/ oprac. Wioletta \u0141abuda-Iwaniak. &#8211; Warszawa: Narodowy Instytut Dziedzictwa, [2014].<\/li>\n<li>Ratusz \/ Antoni Bok. &#8211; G\u0142og\u00f3w: Towarzystwo Ziemi G\u0142ogowskiej, 2010.<\/li>\n<li>Reakcja na modernizm: architektura Adolfa Szyszko-Bohusza: katalog wystawy \/ [red. Dorota Le\u015bniak-Rychlak]; Instytut Architektury, Muzeum Narodowe w Krakowie. &#8211; Krak\u00f3w: Instytut Architektury: Muzeum Narodowe, 2013.<\/li>\n<li>Renesansowe i manierystyczne portale Dolnego \u015al\u0105ska \/ Jakub Jagie\u0142\u0142o. &#8211; Warszawa: Wydawnictwo CM, 2013.<\/li>\n<li>Renowacje: kwartalnik og\u00f3lnopolski: zabytki, stare domy, mieszkania, wn\u0119trza, antyki \/ [red. nacz. Witold Lisek]. &#8211; Krak\u00f3w: Agencja Wydawniczo-Handlowa &#8220;Hawit&#8221;, 1998-2001.<\/li>\n<li>Rerum Artis: rocznik prac student\u00f3w Instytutu Historii Sztuki Uniwersytetu Warszawskiego \/ [Studenckie Ko\u0142o Naukowe Instytutu Historii Sztuki Uniwersytetu Warszawskiego; Danuta Maciejewska red. nacz.]. &#8211; Warszawa: Studenckie Ko\u0142o Naukowe Instytutu Historii Sztuki Uniwersytetu, 2006-.<\/li>\n<li>Research by design w architekturze \/ Antoni Taraszkiewicz. &#8211; Gda\u0144sk: Wydawnictwo Politechniki Gda\u0144skiej, 2013.<\/li>\n<li>Rezydencja kr\u00f3lewska na Wawelu w czasach Zygmunta Starego: program u\u017cytkowy i ceremonialny \/ Stanis\u0142aw Mossakowski. &#8211; Warszawa: Instytut Sztuki Polskiej Akademii Nauk, 2013.<\/li>\n<li>Rezydencje i maj\u0105tki szlacheckie w powiecie legnickim do 1945 roku \/ Romuald M. \u0141uczy\u0144ski. &#8211; Wroc\u0142aw: Oficyna Wydawnicza ATUT &#8211; Wroc\u0142awskie Wydawnictwo O\u015bwiatowe, 2012.<\/li>\n<li>Rocznik Choje\u0144ski: pismo historyczno-spo\u0142eczne \/ Stowarzyszenie Historyczno-Kulturalne &#8220;Terra Incognita&#8221; w Chojnie; [Rados\u0142aw Skrycki red. nacz.]. &#8211; Chojna: Stowarzyszenie Historyczno-Kulturalne &#8220;Terra Incognita&#8221;, 2009-.<\/li>\n<li>Rocznik Historii Sztuki \/ Polska Akademia Nauk. Komitet Nauk o Sztuce. &#8211; Wroc\u0142aw: Zak\u0142ad im. Ossoli\u0144skich &#8211; Wydawnictwo PAN, 1956-.<\/li>\n<li>Rocznik Mazowiecki \/ Mazowieckie Towarzystwo Naukowe w Warszawie = Masovian Annuals: dealing with the Masovia and Podlasie Regions \/ Masowian-Scientific Society in Warsaw; [Benon Dymek red.]. &#8211; Warszawa: Ksi\u0105\u017cka i Wiedza, 1967-.<\/li>\n<li>Rocznik Muzeum Narodowego w Kielcach. &#8211; Krak\u00f3w: Wydawnictwo Literackie, 1977-.<\/li>\n<li>Rocznik Muzeum Narodowego w Warszawie. &#8211; Warszawa: Muzeum Narodowe, 1938-1992; 2012-.<\/li>\n<li>Rocznik Muzeum w Gliwicach \/ Muzeum w Gliwicach; [red. W\u0142odzimierz B\u0142aszczyk]. &#8211; Gliwice: Muzeum w Gliwicach, 1985-.<\/li>\n<li>Rocznik Warszawski \/ Towarzystwo Przyjaci\u00f3\u0142 Zamku Kr\u00f3lewskiego w Warszawie. &#8211; Warszawa: Zamek Kr\u00f3lewski, 1960-.<\/li>\n<li>Roczniki Humanistyczne \/ Towarzystwo Naukowe Katolickiego Uniwersytetu Lubelskiego. Wydzia\u0142 Historyczno-Filologiczny. &#8211; Lublin: Towarzystwo Naukowe Katolickiego Uniwersytetu Lubelskiego, 1949-.<\/li>\n<li>Roczniki Sztuki \u015al\u0105skiej \/ Muzeum \u015al\u0105skie we Wroc\u0142awiu. &#8211; Wroc\u0142aw: [s.n.], 1959-.<\/li>\n<li>R\u00f3wnowa\u017cenie rozwoju przestrzennego miast polskich \/ Piotr Lorens; Politechnika Gda\u0144ska. Wydzia\u0142 Architektury. &#8211; Gda\u0144sk: Wydzia\u0142 Architektury Politechniki Gda\u0144skiej, 2013.<\/li>\n<li>Rozprawy Muzeum Narodowego w Krakowie. Seria Nowa = Selected Papers from the National Museum in Cracow. New Series \/ [kom. red. Tadeusz Chru\u015bcicki et al.]. &#8211; Krak\u00f3w: MN, 1999-.<\/li>\n<li>Rybokarty \/ [Anna Walkiewicz]. &#8211; Kulice; Berlin; Szczecin: Fundacja Akademia Europejska Kulice-K\u00fclz, 2013.<\/li>\n<li>Ryzyko zawodowe w muzeach i pracowniach konserwacji zabytk\u00f3w powodowane przez szkodliwe czynniki mikrobiologiczne \/ Rafa\u0142 L. G\u00f3rny [et al.]. &#8211; Warszawa: Centralny Instytut Ochrony Pracy &#8211; Pa\u0144stwowy Instytut Badawczy, 2013.<\/li>\n<li>Rzeczpospolita dom\u00f3w. 3, Domy Bo\u017ce \/ pod red. Krystyny Krawiec-Z\u0142otowskiej; Akademia Pomorska w S\u0142upsku. &#8211; S\u0142upsk: Wydawnictwo Naukowe Akademii Pomorskiej, 2012.<\/li>\n<li>Rzeczy niepospolite: polscy projektanci XX wieku \/ pod red. Czes\u0142awy Frejlich. &#8211; Krak\u00f3w: 2+3D: Fundacja Rzecz Pi\u0119kna, 2013.<\/li>\n<li>Rze\u017aba krakowska drugiej po\u0142owy XVIII w.: tw\u00f3rcy, nurty i tendencje \/ Anna Dettloff. &#8211; Krak\u00f3w: Krakowskie Towarzystwo Edukacyjne. Oficyna wydawnicza AFM, 2013.<\/li>\n<li>Rze\u017aba w Prusach Krzy\u017cackich do po\u0142owy XIV wieku: \u017ar\u00f3d\u0142a stylu \/ Anna B\u0142a\u017cejewska. &#8211; Toru\u0144: Wydawnictwo Naukowe Uniwersytetu Miko\u0142aja Kopernika, 2012.<\/li>\n<li>Sacred space in the state of the Teutonic Order in Prussia \/ ed. by Jaros\u0142aw Wenta in cooperation with Magdalena Kopczy\u0144ska. &#8211; Toru\u0144: Wydawnictwo Naukowe Uniwersytetu Miko\u0142aja Kopernika, 2013.<\/li>\n<li>Sacrum et Decorum: materia\u0142y i studia z historii polskiej sztuki sakralnej = materials and studies on the history of sacred art \/ Wydzia\u0142 Sztuki Uniwersytetu Rzeszowskiego. Centrum Dokumentacji Wsp\u00f3\u0142czesnej Sztuki Sakralnej; [red. nacz. Gra\u017cyna Ryba]. &#8211; Wroc\u0142aw: Wydawnictwo Uniwersytetu Rzeszowskiego, 2008-.<\/li>\n<li>Secesyjna stolarka architektoniczna: oryginalne projekty z 1912 roku \/ Paul M\u00fchlau. &#8211; Milan\u00f3wek: Wydawnictwo G\u00f3rnole\u015bne, 2014.<\/li>\n<li>Sewilskie malarstwo siedemnastego wieku: od wizji mistycznych do martwych natur \/ Andrzej Witko. &#8211; Krak\u00f3w: Wydawnictwo AA; Kielce: Wydawnictwo Jedno\u015b\u0107, 2013.<\/li>\n<li>Skarb \u015bredniowieczny z G\u0142ogowa: analizy specjalistyczne i konserwacja wybranych zabytk\u00f3w \/ Krystian Ksi\u0105\u017cek, Marek Kr\u0105piec, Barbara \u0141yd\u017cba-Kopczy\u0144ska, Halina M\u0142odecka; red. nauk. Borys Paszkiewicz; Muzeum Archeologiczno-Historyczne w G\u0142ogowie. &#8211; G\u0142og\u00f3w: Studio ECHO, 2013.<\/li>\n<li>Skawina w \u015bredniowieczu: zagadnienia urbanistyczno-architektoniczne \/ Dominika Ku\u015bnierz-Krupa; Politechnika Krakowska im. Tadeusza Ko\u015bciuszki. &#8211; Krak\u00f3w: Wydawnictwo Politechniki Krakowskiej, 2012.<\/li>\n<li>Sklepienia pseudopoligonalne w architekturze gotyckiej: studium z dziej\u00f3w architektonicznego iluzjonizmu \/ Jakub Adamski. &#8211; Krak\u00f3w: Wydawnictwo Towarzystwa Naukowego &#8220;Societas Vistulana&#8221;, 2013.<\/li>\n<li>Skrzyd\u0142a gotyckiego tryptyku z \u0141\u0105cka: dzieje, badania, konserwacja, dekoracje patronowe \/ Jerzy Gadomski, Ma\u0142gorzata Nowali\u0144ska, Ewelina Parzych. &#8211; Krak\u00f3w: Wydawnictwo Akademii Sztuk Pi\u0119knych im. Jana Matejki, 2013.<\/li>\n<li>S\u0142ownik architekt\u00f3w, in\u017cynier\u00f3w i budowniczych zwi\u0105zanych z Katowicami w okresie mi\u0119dzywojennym \/ Aneta Borowik. &#8211; Katowice: Wydawnictwo Uniwersytetu \u015al\u0105skiego, 2012.<\/li>\n<li>S\u0142ownik artyst\u00f3w polskich i obcych w Polsce dzia\u0142aj\u0105cych (zmar\u0142ych przed 1996 r.): malarze, rze\u017abiarze, graficy. T. 9, Ro-Rz \/ pod red. Ma\u0142gorzaty Biernackiej; Polska Akademia Nauk. Instytut Sztuki. &#8211; Warszawa: Instytut Sztuki Polska Akademia Nauk, 2013.<\/li>\n<li>Socjalizm w malarstwie polskim \/ Jolanta Studzi\u0144ska. &#8211; Warszawa: Wydawnictwo Naukowe PWN, 2014.<\/li>\n<li>Sozialistischer realismus und Sozialistische Moderne: Welterbevorschl\u00e4ge aus Mittel- und Osteuropa: Dokumentation des europ\u00e4ischen Expertentreffens von ICOMOS \u00fcber M\u00f6glichkeiten einer internationalen seriellen Nominierung von Denkmalen und St\u00e4tten des 20. Jahrhunderts in postsozialistischen L\u00e4ndern f\u00fcr die Welterbeliste der UNESCO &#8211; Warschau, 14-15 April 2013 \/ International Council on Monuments and Sites. &#8211; Berlin: Hendrik B\u00e4\u00dfler Verlag, 2013.<\/li>\n<li>Splendor i fantazja: studia nad rze\u017ab\u0105 rokokow\u0105 w dawnej Rzeczypospolitej i na \u015al\u0105sku \/ pod red. Paw\u0142a Migasiewicza. &#8211; Warszawa: Stowarzyszenie Historyk\u00f3w Sztuki: Instytut Historii Sztuki Uniwersytetu Warszawskiego, 2012.<\/li>\n<li>Spo\u0142eczno-gospodarcze oddzia\u0142ywanie dziedzictwa kulturowego: raport z bada\u0144 spo\u0142ecznych \/ [zesp\u00f3\u0142 aut. Anna Kozio\u0142, Ma\u0142gorzata Trelka, Paulina Florjanowicz]. &#8211; Warszawa: Narodowy Instytut Dziedzictwa, 2013.<\/li>\n<li>Spotkanie z Zabytkiem. Monografia \/ [Wydzia\u0142 Budownictwa Politechniki \u015al\u0105skiej w Gliwicach]; red. Stanis\u0142aw Majewski. &#8211; Gliwice: Wydawnictwo Wydzia\u0142u Budownictwa Politechniki \u015al\u0105skiej, 2007-.<\/li>\n<li>Srebrne kufle gda\u0144skie XVII i XVIII wieku: typologia, stylistyka, ikonografia \/ Anna Fr\u0105ckowska. &#8211; Warszawa: Arx Regia. O\u015brodek Wydawniczy Zamku Kr\u00f3lewskiego, 2013.<\/li>\n<li>\u015aredniowieczna architektura sakralna w Polsce w \u015bwietle najnowszych bada\u0144 \/ red. Tomasz Janiak, Dariusz Stryniak. &#8211; Gniezno: Muzeum Pocz\u0105tk\u00f3w Pa\u0144stwa Polskiego, 2014.<\/li>\n<li>\u015aredniowieczne cmentarzysko w Czarnej Wielkiej: stan. 1, woj. podlaskie (badania 1951-1978). T. 1 \/ Anna Bie\u0144kowska, Micha\u0142 Dzik, Kornelia Piasecka. &#8211; Bia\u0142ystok: Muzeum Podlaskie, 2013.<\/li>\n<li>\u015aredniowieczne przeprawy przez Pilic\u0119 i ich ochrona: \u017barnowiec, Przedb\u00f3rz, Sulej\u00f3w, Inow\u0142\u00f3dz \/ Jerzy Augustyniak. &#8211; \u0141\u00f3d\u017a: Fundacja Bada\u0144 Archeologicznych Imienia Profesora Konrada Ja\u017cd\u017cewskiego: Muzeum Archeologiczne i Etnograficzne, 2014.<\/li>\n<li>\u015aredniowieczne skarby srebrne z Pojezierza I\u0142awskiego w zbiorach Muzeum Warmii i Mazur \/ [red. nacz. El\u017cbieta Jeli\u0144ska]. &#8211; Olsztyn: Muzeum Warmii i Mazur, 2013.<\/li>\n<li>\u015aredniowieczne \u015bwiadectwa kultu maryjnego: pami\u0105tki pielgrzymkowe w zbiorach Muzeum Archeologicznego w Gda\u0144sku \/ Henryk Paner. &#8211; Gda\u0144sk: Muzeum Archeologiczne, 2013.<\/li>\n<li>\u015aredniowieczny system obronny miasta Poznania: odcinek p\u00f3\u0142nocno-zachodni: wyniki bada\u0144 archeologicznych \/ pod red. Piotra Pawlaka. &#8211; Pozna\u0144: Muzeum Archeologiczne, 2013.<\/li>\n<li>Stan bada\u0144 nad wielokulturowym dziedzictwem dawnej Rzeczypospolitej. T. 3, Inflanty Polskie \/ red. nauk. Wojciech Walczak i Karol \u0141opatecki. &#8211; Bia\u0142ystok: Instytut Bada\u0144 nad Dziedzictwem Kulturowym Europy, 2012.<\/li>\n<li>Stan bada\u0144 nad wielokulturowym dziedzictwem dawnej Rzeczypospolitej. T. 4 \/ pod red. Wojciecha Walczaka i Karola \u0141opateckiego. &#8211; Bia\u0142ystok: Instytut Bada\u0144 nad Dziedzictwem Kulturowym Europy, 2013.<\/li>\n<li>Stan bada\u0144 nad wielokulturowym dziedzictwem dawnej Rzeczypospolitej. T. 5 \/ pod red. Wojciecha Walczaka i Karola \u0141opateckiego. &#8211; Bia\u0142ystok: Instytut Bada\u0144 nad Dziedzictwem Kulturowym Europy, 2013.<\/li>\n<li>Stan bada\u0144 nad wielokulturowym dziedzictwem dawnej Rzeczypospolitej. T. 6 \/ pod red. Wojciecha Walczaka i Karola \u0141opateckiego. &#8211; Bia\u0142ystok: Instytut Bada\u0144 nad Dziedzictwem Kulturowym Europy, 2013.<\/li>\n<li>Stanis\u0142aw Zawadzki: 1743-1806 \/ Irena Malinowska; Instytut Urbanistyki i Archeologii. &#8211; Warszawa: Pa\u0144stwowe Wydawnictwo Techniczne, 1953.<\/li>\n<li>Stanowisko 158 w Jaros\u0142awiu, woj. podkarpackie. Cz. 1, Kultura malicka i kultura mierzanowicka \/ Andrzej Pelisiak, Ma\u0142gorzata Rybicka; Fundacja Rzeszowskiego O\u015brodka Archeologicznego. &#8211; Rzesz\u00f3w: MITEL, 2013.<\/li>\n<li>Stargardia: rocznik Muzeum w Stargardzie \/ Muzeum w Stargardzie; [Marcin Majewski red.]. &#8211; Stargard: Muzeum, 2001-.<\/li>\n<li>Starogard \/ [Wulf-Dietrich von Borcke]. &#8211; Kulice; Berlin; Szczecin: Fundacja Akademia Europejska Kulice-K\u00fclz, 2013.<\/li>\n<li>Staro\u017cytne nekropole nad Radomk\u0105 \/ Ma\u0142gorzata Cie\u015blak-Kopyt, Ireneusz Mira\u015b. &#8211; P\u0119kowice: Wydawnictwo i Pracownia Archeologiczna PROFIL-ARCHEO, [2013].<\/li>\n<li>Str\u00f3j &#8211; zwierciad\u0142o kultury \/ pod red. Magdaleny Furmanik-Kowalskiej i Joanna Wasilewska. &#8211; Warszawa: Polski Instytut Studi\u00f3w nad Sztuk\u0105 \u015awiata; Toru\u0144: Wydawnictwo Tako, 2013.<\/li>\n<li>Str\u00f3j polski w malarstwie od XVI do XIX wieku \/ Anna Straszewska. &#8211; Warszawa: Muzeum Pa\u0142acu Kr\u00f3la Jana III w Wilanowie, 2013.<\/li>\n<li>Structural analysis of historical constructions. T. 1 \/ ed. Jerzy Jasie\u0144ko. &#8211; Wroc\u0142aw: Dolno\u015bl\u0105skie Wydawnictwo Edukacyjne, 2012.<\/li>\n<li>Structural analysis of historical constructions. T. 2 \/ ed. Jerzy Jasie\u0144ko. &#8211; Wroc\u0142aw: Dolno\u015bl\u0105skie Wydawnictwo Edukacyjne, 2012.<\/li>\n<li>Structural analysis of historical constructions. T. 3 \/ ed. Jerzy Jasie\u0144ko. &#8211; Wroc\u0142aw: Dolno\u015bl\u0105skie Wydawnictwo Edukacyjne, 2012.<\/li>\n<li>Studia Wilanowskie \/ Muzeum Pa\u0142ac w Wilanowie; [red. Ewa Birkenmajer]. &#8211; Warszawa: Muzeum w Wilanowie, 1977-.<\/li>\n<li>Studia z architektury nowoczesnej. T. 5, Mi\u0119dzy Polsk\u0105 a Rosj\u0105 \/ red. Joanna Kucharzewska; Polski Instytut Studi\u00f3w nad Sztuk\u0105 \u015awiata, Zak\u0142ad Historii Sztuki Nowoczesnej. Wydzia\u0142 Sztuk Pi\u0119knych. Uniwersytet Miko\u0142aja Kopernika. &#8211; Warszawa: Polski Instytut Studi\u00f3w nad Sztuk\u0105 \u015awiata; Toru\u0144: Wydawnictwo Tako, 2013.<\/li>\n<li>Studia Zachodnie \/ Wy\u017csza Szko\u0142a Pedagogiczna im. Tadeusza Kotarbi\u0144skiego. &#8211; Zielona G\u00f3ra: Wydawnictwo Wy\u017cszej Szko\u0142y Pedagogicznej im. Tadeusza Kotarbi\u0144skiego, 1992-.<\/li>\n<li>Stygmatyzacja \u015bw. Franciszka z Asy\u017cu na obrazkach koronkowych z XIX w. \/ Franciszek Kusiak. &#8211; Warszawa: Franciszka\u0144skie Centrum dla Europy Wschodniej i Azji Po\u0142udniowej, 2012.<\/li>\n<li>Stylizacje i modernizacje: o rze\u017abie i rze\u017abiarzach w Zakopanem w latach 1879-1939 \/ Katarzyna Chrudzimska-Uhera. &#8211; Warszawa: Wydawnictwo Uniwersytetu Kardyna\u0142a Stefana Wyszy\u0144skiego, 2013.<\/li>\n<li>Sutiejsk: gr\u00f3d pogranicza polsko-ruskiego z X-XIII wieku: studium interdyscyplinarne \/ pod red. Joanny Kalagi; Instytut Archeologii Uniwersytetu Warszawskiego, Wydawnictwo i Pracownia Archeologiczna PROFIL-ARCHEO. &#8211; Warszawa: Instytut Archeologii Uniwersytetu Warszawskiego; P\u0119kowice: Wydawnictwo i Pracownia Archeologiczna PROFIL-ARCHEO, 2013.<\/li>\n<li>\u015awiat obok nas: obrz\u0119dowo\u015b\u0107 doroczna w wojew\u00f3dztwie \u015bl\u0105skim \/ Robert Garstka. &#8211; Katowice: Regionalny O\u015brodek Kultury, 2013.<\/li>\n<li>\u015awiat\u0142o Wschodu w przestrzeni gotyku: (materia\u0142y pokonferencyjne) \/ Parafia Greckokatolicka pw. Podwy\u017cszenia Krzy\u017ca \u015awi\u0119tego w G\u00f3rowie I\u0142aweckim. &#8211; G\u00f3rowo I\u0142aweckie: Parafia Greckokatolicka pw. Podwy\u017cszenia Krzy\u017ca \u015awi\u0119tego, 2013.<\/li>\n<li>\u015awi\u0119ci or\u0119downicy: rze\u017aba gotycka na zamku w Malborku: katalog wystawy \/ [red. Monika Czapska]; Muzeum Zamkowe w Malborku. &#8211; Malbork: Muzeum Zamkowe, 2013.<\/li>\n<li>\u015awi\u0119ty Karol Boromeusz a sztuka w Ko\u015bciele powszechnym w Polsce, w Niepo\u0142omicach \/ pod red. nauk. Piotra Krasnego i Micha\u0142a Kurzeja. &#8211; Krak\u00f3w: DodoEditor; Niepo\u0142omice: Muzeum Niepo\u0142omickie, 2013.<\/li>\n<li>Szczawnica: ko\u015bci\u00f3\u0142 \u015bwi\u0119tego Wojciecha \/ Rafa\u0142 Monita, Andrzej Skorupa. &#8211; Krak\u00f3w: Wydawnictwo Astraia, 2013.<\/li>\n<li>Szekspirowska dekada: lata 1778-1788 w tw\u00f3rczo\u015bci Daniela Chodowieckiego \/ Karolina Zabuska. &#8211; Gda\u0144sk: Wydawnictwo S\u0142owo \/ Obraz Terytoria, 2013.<\/li>\n<li>Sze\u015b\u0107 pi\u0119ter luksusu: [przerwana historia Domu Braci Jab\u0142kowskich]. \/ Cezary \u0141azarewicz. &#8211; Krak\u00f3w: Wydawnictwo Znak, 2013.<\/li>\n<li>Szesna\u015bcie \u017celbetowych kwiat\u00f3w: dworzec kolejowy w Katowicach \/ Alicja Gzowska. &#8211; Katowice: &#8220;\u015al\u0105sk&#8221; Wydawnictwo Naukowe: Stowarzyszenie Thesaurus Silesiae &#8211; Skarb \u015al\u0105ska, 2012.<\/li>\n<li>Sztuka europejska XV-XX w.: Muzeum Narodowe we Wroc\u0142awiu: przewodnik \/ Beata Lejman. &#8211; Wroc\u0142aw: Muzeum Narodowe, 2013.<\/li>\n<li>Sztuka i Kultura \/ [red. nacz. Ryszard M\u0105czy\u0144ski]. &#8211; Toru\u0144: Wydawnictwo Naukowe Uniwersytetu Miko\u0142aja Kopernika, 2013-.<\/li>\n<li>Sztuka i przemys\u0142: paradygmat innowacji &#8211; dziedzictwo kulturowe na obszarach przemys\u0142owych Niemiec i Polski \/ pod red. Irmy Koziny. &#8211; Katowice: Muzeum \u015al\u0105skie, 2013.<\/li>\n<li>Sztuka II RP \/ Stefania Krzysztofowicz-Kozakowska. &#8211; Olszanica: Bosz, 2013.<\/li>\n<li>Sztuka na dawnych Kresach Wschodnich Rzeczypospolitej: fotografie z XIX wieku \/ pod red. Wojciecha Walanusa. &#8211; Krak\u00f3w: Towarzystwo Autor\u00f3w i Wydawc\u00f3w Prac Naukowych Universitas, 2013.<\/li>\n<li>Sztuka Polska XVII-XIX w.: Muzeum Narodowe we Wroc\u0142awiu: przewodnik \/ Iwona Go\u0142aj, Grzegorz Wojturski. &#8211; Wroc\u0142aw: Muzeum Narodowe, 2012.<\/li>\n<li>Sztuka \u015al\u0105ska XII-XVI w.: Muzeum Narodowe we Wroc\u0142awiu: przewodnik \/ Grzegorz Wojturski. &#8211; Wroc\u0142aw: Muzeum Narodowe, 2012.<\/li>\n<li>Sztuka \u015al\u0105ska XVI-XIX w.: Muzeum Narodowe we Wroc\u0142awiu: przewodnik \/ Iwona Go\u0142aj, Grzegorz Wojturski. &#8211; Wroc\u0142aw: Muzeum Narodowe, 2012.<\/li>\n<li>Sztuka w kr\u0119gu krakowskich dominikan\u00f3w \/ Anna Markiewicz, Marcin Szyma, Marek Walczak. &#8211; Krak\u00f3w: Wydawnictwo Esprit, 2013.<\/li>\n<li>Sztuka zagrabiona: uprowadzenie Madonny \/ W\u0142odzimierz Kalicki, Monika Kuhnke. &#8211; 342, [1] s.: fot. barw. i cz.-b.; 25 cm.<\/li>\n<li>Tadeusz Ko\u015bciuszko w medalierstwie \/ Krzysztof Lachowicz. &#8211; Wroc\u0142aw: Muzeum Narodowe, 2014.<\/li>\n<li>Teatr Miejski \/ Antoni Bok. &#8211; G\u0142og\u00f3w: Towarzystwo Ziemi G\u0142ogowskiej, [2012].<\/li>\n<li>The 1st Heritage Forum of Central Europe \/ ed. by Jacek Purchla. &#8211; Krak\u00f3w: International Cultural Centre, 2012.<\/li>\n<li>The historic environment: policy &amp; practice. &#8211; London: Maney Publishing, 2010-.<\/li>\n<li>The Venice Charter revisited: modernism, conservation and tradition in the 21st century \/ ed. Matthew Hardy. &#8211; Newcastle: Cambridge Scholars Publishing, 2011.<\/li>\n<li>Topory \u015bredniowieczne z Ostrowa Lednickiego i Giecza \/ red. Pawe\u0142 Sankiewicz, Andrzej M. Wyrwa; Muzeum Pierwszych Piast\u00f3w na Lednicy. &#8211; Lednica; Dziekanowice: Muzeum Pierwszych Piast\u00f3w na Lednicy, 2013.<\/li>\n<li>Tracona moc obrazu czyli epizody nowoczesnego realizmu \/ Andrzej Pie\u0144kos. &#8211; Warszawa: Wydawnictwo Neriton, 2012.<\/li>\n<li>Traktat o sztuce z\u0142otniczej Benvenuta Celliniego \/ Jacek A. Rochacki. &#8211; Warszawa: Beta Design; Kazimierz Dolny: Muzeum Nadwi\u015bla\u0144skie, 2013.<\/li>\n<li>Transactions of the Ancient Monuments Society. New series. &#8211; London: Ancient Monuments Society, 1953-.<\/li>\n<li>Trzymajmy si\u0119 morza!: ko\u0142obrzeski skansen morski: X Konferencja Polskiego Muzealnictwa Morskiego i Rzecznego Ko\u0142obrzeg, 12-15 maja 2010 roku: materia\u0142y pokonferencyjne \/ pod red. Malwiny Markiewicz i Paw\u0142a Paw\u0142owskiego; Muzeum Or\u0119\u017ca Polskiego w Ko\u0142obrzegu. &#8211; Ko\u0142obrzeg: Muzeum Or\u0119\u017ca Polskiego, 2012.<\/li>\n<li>Tu ergo flecte genua tua: sztuka a praktyka religijna \u015bwieckich w diecezjach pruskich pa\u0144stwa zakonu krzy\u017cackiego do po\u0142owy XV wieku \/ Monika Jakubek-Raczkowska. &#8211; Pelplin: Wydawnictwo Bernardinum, 2014.<\/li>\n<li>Turris fortissima nomen Domini: murowane wie\u017ce mieszkalne w Kr\u00f3lestwie Polskim od 1300 r. do po\u0142owy XVI w. \/ &#8211; Warszawa: Instytut Sztuki PAN, 2013.<\/li>\n<li>Turystyka i wypoczynek w zabytkowych parkach Warszawy \/ Anna Pawlikowska-Piechotka. &#8211; Gdynia: Nova Res &#8211; Wydawnictwo Innowacyjne, 2009.<\/li>\n<li>Twierdza Modlin w latach 1830-1864: wielkie nadzieje i lata niedoli \/ Piotr Ole\u0144czak. &#8211; Warszawa: Mazowieckie Centrum Kultury i Sztuki: Agencja Wydawnicza &#8220;Egros&#8221;, 2012.<\/li>\n<li>Unicka eparchia turnowsko-pi\u0144ska w XVII-XVIII wieku: struktura organizacyjna \/ Wojciech Walczak. &#8211; Bia\u0142ystok: Instytut Bada\u0144 nad Dziedzictwem Kulturowym Europy, 2012.<\/li>\n<li>Uzbrojenie japo\u0144skie \/ Dorota R\u00f3\u017c-Mielecka. &#8211; Wroc\u0142aw: Muzeum Narodowe, 2013.<\/li>\n<li>Uzdrowiska polskie. &#8211; \u0141\u00f3d\u017a: Ksi\u0119\u017cy M\u0142yn Dom Wydawniczy, 2012.<\/li>\n<li>Vademecum zabezpieczenia obiekt\u00f3w sakralnych \/ S\u0142awomir Kocewiak, Piotr Ogrodzki, Jacek Rulewicz. &#8211; Wyd. 4 rozsz. &#8211; Warszawa: Narodowy Instytut Muzealnictwa i Ochrony Zbior\u00f3w, 2012.<\/li>\n<li>Vernacular architecture. &#8211; York: Vernacular Architecture Group,.<\/li>\n<li>W kr\u0119gu antycznych fascynacji \/ [red. nauk. Hubert Kowalski, Anna Bi\u0144kowska, Ma\u0142gorzata Przybyszewska]. &#8211; Warszawa: Muzeum Uniwersytetu Warszawskiego, 2013.<\/li>\n<li>W Wilanowie wszystko jest mi bliskie: ksi\u0119ga jubileuszowa Wojciecha Fjia\u0142kowskiego \/ [oprac. red. Anna Ekielska, Adam Grabi\u0144ski, Magdalena Gutowska]. &#8211; Warszawa: Muzeum Pa\u0142ac w Wilanowie, 2012.<\/li>\n<li>Warmi\u0144sko-Mazurski Biuletyn Konserwatorski \/ [Wojew\u00f3dzki Oddzia\u0142 S\u0142u\u017cby Ochrony Zabytk\u00f3w w Olsztynie; red. nacz. Jacek Wysocki]. &#8211; Olsztyn: Wojew\u00f3dzki Oddzia\u0142 S\u0142u\u017cby Ochrony Zabytk\u00f3w, 1999-.<\/li>\n<li>Warszawa &#8211; Moskwa 1900-2000 \/ red. nauk. Maria Poprz\u0119cka, Lidia Jowlewa. &#8211; Warszawa: Zach\u0119ta Narodowa Galeria Sztuki, 2004.<\/li>\n<li>Warszawa funkcjonalna: przyczynek do urbanizacji regionu warszawskiego \/ Jan Chmielewski, Szymon Syrkus. &#8211; Warszawa: Fundacja Centrum Architektury, 2013.<\/li>\n<li>Warszawa przedwczorajsza: fotografie ze zbior\u00f3w Muzeum Narodowego w Warszawie \/ Olgierd Budrewicz. &#8211; Olszanica: Bosz, 2004.<\/li>\n<li>Warto\u015bciowanie zabytk\u00f3w architektury \/ praca zbiorowa pod red. Bogus\u0142awa Szmygina. &#8211; Warszawa: Polski Komitet Naukowy Mi\u0119dzynarodowej Rady Ochrony Zabytk\u00f3w ICOMOS; Warszawa: Muzeum Pa\u0142ac w Wilanowie, 2013.<\/li>\n<li>Wczesnobr\u0105zowa osada obronna w Bruszczewie: badania 1964-1968 \/ Patrycja Silska; przy wsp\u00f3\u0142udziale Bernadety Dobosz [et al.]. &#8211; Pozna\u0144: Muzeum Archeologiczne, 2012.<\/li>\n<li>Wczesno\u015bredniowieczna osada w Zawadzie, stan. 1, gm. Zielona G\u00f3ra: studia interdyscyplinarne \/ pod red. Bart\u0142omieja Gruszki. &#8211; Zielona G\u00f3ra: Wydawnictwo Fundacji Archeologicznej, 2014.<\/li>\n<li>Wczesno\u015bredniowieczna osada w Zawadzie, stan. 1, gm. Zielona G\u00f3ra: studia interdyscyplinarne \/ pod red. Bart\u0142omieja Gruszki. &#8211; Zielona G\u00f3ra: Wydawnictwo Fundacji Archeologicznej, 2014.<\/li>\n<li>W\u0119growo, stan. 11: cmentarzysko z p\u00f3\u017anego okresu rzymskiego i wczesnej fazy okresu w\u0119dr\u00f3wek lud\u00f3w na ziemi che\u0142mi\u0144skiej \/ Ma\u0142gorzata Kurzy\u0144ska; z analizami specjalistycznymi Tomasza Koz\u0142owskiego [et al.]; Muzeum im. ks. dr. W\u0142adys\u0142awa \u0141\u0119gi w Grudzi\u0105dzu. &#8211; Grudzi\u0105dz: Muzeum im. ks. dr. W\u0142adys\u0142awa \u0141\u0119gi, 2013.<\/li>\n<li>Weklice: a Cemetery of the Wielbark Culture on the Eastern Margin of Vistula Delta (Excavations 1984-2004) \/ Magdalena Natuniewicz-Seku\u0142a, Jerzy Okulicz-Kozaryn; Fundacja Monumenta Archaeologica Barbarica, Instytut Archeologii i Etnologii Polskiej Akademii Nauk, Pa\u0144stwowe Muzeum Archeologiczne w Warszawie. &#8211; Warszawa: Fundacja Monumenta Archaeologica Barbarica: Instytut Archeologii i Etnologii Polskiej Akademii Nauk: Pa\u0144stwowe Muzeum Archeologiczne, 2011.<\/li>\n<li>Who needs experts?: counter-mapping cultural heritage \/ ed. by John Schofield. &#8211; Farnham: Ashgate Publishing Limited, 2014.<\/li>\n<li>Wiadomo\u015bci Konserwatorskie: biuletyn Stowarzyszenia Konserwator\u00f3w Zabytk\u00f3w \/ [Stowarzyszenie Konserwator\u00f3w Zabytk\u00f3w. Zarz\u0105d G\u0142\u00f3wny; zesp\u00f3\u0142 pod kier. J. Frycza i M. Konopki]. &#8211; [Warszawa]: SKZ ZG, 1985-.<\/li>\n<li>Wicina: badania archeologiczne w latach 2008-2012 oraz skarb przedmiot\u00f3w pochodz\u0105cych z Wiciny \/ pod red. Aliny Jaszewskiej i S\u0142awomira Ka\u0142agate. &#8211; Zielona G\u00f3ra: Wydawnictwo Fundacji Archeologicznej, 2013.<\/li>\n<li>Wielkie warsztaty rze\u017abiarskie Warszawy doby saskiej: modele kariery &#8211; formacja artystyczna &#8211; organizacja produkcji \/ Jakub Sito. &#8211; Warszawa: Muzeum Pa\u0142ac Kr\u00f3la Jana III w Wilanowie, 2013.<\/li>\n<li>Wielokulturowe cmentarzysko w Nowym Targu: stan. 6, gm. Stary Targ \/ pod red. Ewy Fudzi\u0144skiej i Piotra Fudzi\u0144skiego; Muzeum Zamkowe w Malborku. &#8211; Malbork: Muzeum Zamkowe, 2013.<\/li>\n<li>Wielokulturowo\u015b\u0107 Ziemi I\u0142owskiej \/ &#8211; I\u0142\u00f3w: Stowarzyszenie Na Rzecz Rozwoju Ziemi I\u0142owskiej, 2011.<\/li>\n<li>Wie\u017ca Trynitarska, Ko\u015bci\u00f3\u0142 \u015bw. Tr\u00f3jcy: przewodnik \/ \u0141ukasz Tekiela. &#8211; Luba\u0144: Urz\u0105d Miasta, 2011.<\/li>\n<li>Wilanowski Informator Konserwatorski \/ [red. merytoryczna Pawe\u0142 Jaskanis]. &#8211; Warszawa: [Muzeum Pa\u0142ac w Wilanowie], 2005-.<\/li>\n<li>W\u0142oskie tkaniny aksamitne z XV i XVI wieku w zabytkowych tekstyliach ze skarbca katedry na Wawelu: pochodzenie, styl i warsztat technologiczny \/ Natalia Krupa. &#8211; Krak\u00f3w: Archiwum i Biblioteka Krakowskiej Kapitu\u0142y Katedralnej, 2013.<\/li>\n<li>Wodzowskie kurhany kultury wielbarskiej na Podlasiu \/ Jan Jaskanis. &#8211; Bia\u0142ystok: Muzeum Podlaskie &#8211; Instytucja Kultury Samorz\u0105du Wojew\u00f3dztwa Podlaskiego, 2012.<\/li>\n<li>Wok\u00f3\u0142 Karkonoszy i g\u00f3r Izerskich: sztuka baroku na \u015bl\u0105sko-czesko-\u0142u\u017cyckim pograniczu \/ pod red. Andrzeja Kozie\u0142a. &#8211; Jelenia G\u00f3ra: Muzeum Karkonoskie; Wroc\u0142aw: Instytut Historii Sztuki Uniwersytetu Wroc\u0142awskiego, 2012.<\/li>\n<li>Wok\u00f3\u0142 neorenesansu w architekturze XIX wieku: podstawy teoretyczne i realizacje \/ Marek Zag\u00f3rniak. &#8211; Wyd. 2, przejrz. i popr. &#8211; Krak\u00f3w: wydawca Marek Zag\u00f3rniak, 2013.<\/li>\n<li>Wp\u0142yw detalu architektonicznego na krajobraz ma\u0142ego miasta dolno\u015bl\u0105skiego \/ Zuzanna Borcz, Anna Borcz. &#8211; Wroc\u0142aw: Wydawnictwo Uniwersytetu Przyrodniczego, 2013.<\/li>\n<li>Wroc\u0142aw lat pi\u0119\u0107dziesi\u0105tych XX wieku na fotografiach Stefana Arczy\u0144skiego \/ Marzena Smolak. &#8211; Wroc\u0142aw: Muzeum Miejskie Wroc\u0142awia; [Warszawa]: Narodowe Centrum Kultury, 2013.<\/li>\n<li>Wroc\u0142awski Rynek: materia\u0142y z konferencji naukowej zorganizowanej przez Muzeum Historyczne we Wroc\u0142awiu w dniach 22-24 pa\u017adziernika 1998 r. \/ pod red. Marzeny Smolak. &#8211; Wroc\u0142aw: Muzeum Historyczne, 1999.<\/li>\n<li>Wsp\u00f3\u0142czesno\u015b\u0107 &#8211; historia nieznana: studia z historii sztuki \/ pod red. Wojciecha W\u0142odarczyka. &#8211; Warszawa: Stowarzyszenie Historyk\u00f3w Sztuki, 2013.<\/li>\n<li>Wsp\u00f3\u0142czesny krajobraz wsi: szanse i zagro\u017cenia \/ red. nauk. Irena Nied\u017awiecka-Filipiak, Zbigniew Kuriata. &#8211; Wroc\u0142aw: Agencja Wydawnicza ARGI, 2013.<\/li>\n<li>Wszystkie podr\u00f3\u017ce Jana Matejki: przewodnik \/ [teksty Zofia Go\u0142ubiew, Wojciech Nowicki]. &#8211; Krak\u00f3w: Muzeum Narodowe, 2013.<\/li>\n<li>Wyniki analiz specjalistycznych materia\u0142\u00f3w wczesno\u015bredniowiecznych z gnie\u017anie\u0144skiego o\u015brodka osadniczego \/ pod red. nauk. Micha\u0142 Kara. &#8211; Gniezno: Muzeum Pocz\u0105tk\u00f3w Pa\u0144stwa Polskiego, 2012.<\/li>\n<li>Wystawa paryska 1925: materia\u0142y z sesji naukowej Instytutu Sztuki PAN, Warszawa, 16-17 listopada 2005 roku \/ red. nauk. Joanna M. Sosnowska. &#8211; Warszawa: Instytut Sztuki Polskiej Akademii Nauk, 2007.<\/li>\n<li>Wytw\u00f3rczo\u015b\u0107 sk\u00f3rzana w p\u00f3\u017ano\u015bredniowiecznej Dzielnicy Chy\u017cy\u0144skiej w Szczecinie \/ Anna Bogumi\u0142a Kowalska. &#8211; Szczecin: Muzeum Narodowe w Szczecinie, Instytut Archeologii i Etnologii Polskiej Akademii Nauk, O\u015brodek Archeologii \u015aredniowiecza Kraj\u00f3w Nadba\u0142tyckich, 2013.<\/li>\n<li>Wzory ornamentalne Erazma Kamyna &#8211; z\u0142otnika pozna\u0144skiego z XVI wieku \/ Joanna K\u0142ysz-Hackbarth; Polskie Towarzystwo Heraldyczne. &#8211; Warszawa: Wydawnictwo DiG, 2014.<\/li>\n<li>Xi\u0119ga ba\u0142wochwalcza Brunona Schulza \/ [red. Anna Kowalczyk]. &#8211; Krak\u00f3w: Muzeum Narodowe, 2012.<\/li>\n<li>XV Sesja Pomorzoznawcza \/ pod red. Gra\u017cyny Nawrolskiej; Muzeum Archeologiczno-Historyczne w Elbl\u0105gu. &#8211; Elbl\u0105g: Muzeum Archeologiczno-Historyczne, 2007.<\/li>\n<li>XVII Sesja Pomorzoznawcza. Vol. 1, Od epoki kamienia do wczesnego \u015bredniowiecza \/ pod red. Miros\u0142awa Fudzi\u0144skiego i Henryka Panera; Muzeum Archeologiczne w Gda\u0144sku. &#8211; Gda\u0144sk: Muzeum Archeologiczne, 2011.<\/li>\n<li>Z dziej\u00f3w m\u0142awskiego rzemios\u0142a \/ Maciej Lewandowski. &#8211; M\u0142awa: [Powiatowy Cech Rzemios\u0142 R\u00f3\u017cnych i Przedsi\u0119biorczo\u015bci], 2011.<\/li>\n<li>Z dziej\u00f3w staromiejskiego ko\u015bcio\u0142a ewangelickiego obecnie ko\u015bcio\u0142a katolickiego pw. \u015awi\u0119tego Ducha w Toruniu \/ Piotr Birecki. &#8211; Toru\u0144: Wydawnictwo Adam Marsza\u0142ek: Towarzystwo Mi\u0142o\u015bnik\u00f3w Torunia, 2013.<\/li>\n<li>Z zapachem starego drewna: peregrynacje do drewnianych ko\u015bcio\u0142\u00f3w Mazowsza. Cz. 2 \/ Henryk Sienkiewicz. &#8211; Warszawa: Mazowieckie Centrum Kultury i Sztuki: Agencja Wydawnicza &#8220;Egros&#8221;, 2013.<\/li>\n<li>Z zapachem starego drewna: peregrynacje do drewnianych ko\u015bcio\u0142\u00f3w Mazowsza \/ Henryk Sienkiewicz. &#8211; Warszawa: Mazowieckie Centrum Kultury i Sztuki: Agencja Wydawnicza &#8220;Egros&#8221;, 2011.<\/li>\n<li>Zabytki archeologiczne ze zbior\u00f3w in\u017c. Stanis\u0142awa Pijanowskiego z G\u0142uchej Puszczy \/ oprac. pod red. Marcina Krzepkowskiego i Ma\u0142gorzaty Kranc. &#8211; W\u0105growiec: Zak\u0142ad Poligraficzno-Wydawniczy &#8220;M-DRUK&#8221;, 2013.<\/li>\n<li>Zabytki powiatu piaseczy\u0144skiego \/ [Margerita Szuli\u0144ska, Ewa Pop\u0142awska-Buka\u0142o, Anna Marconi-Betka, Jacek Brudnicki]. &#8211; Wyd. 2 uzup. &#8211; Piaseczno; Warszawa: Starostwo Powiatowe: Narodowy Instytut Dziedzictwa, 2014.<\/li>\n<li>Zabytki powiatu radomszcza\u0144skiego \/ [Tomasz Nowak]. &#8211; Kwidzyn: Vega Studio Adv. Tomasz M\u00fcller; Radomsko: Starostwo Powiatowe, 2013.<\/li>\n<li>Zabytki powiatu wodzis\u0142awskiego \/ [Pawe\u0142 Porwo\u0142]. &#8211; Wodzis\u0142aw \u015al\u0105ski: Starostwo Powiatowe, [2013].<\/li>\n<li>Zabytki sakralne Supra\u015bla \/ [Rados\u0142aw Dobrowolski, Joanna Tomalska]. &#8211; Supra\u015bl: Stowarzyszenie Kulturalne Collegium Suprasliense: Centrum Kultury i Rekreacji w Supra\u015blu, 2013.<\/li>\n<li>Zabytkowa architektura dworsko-pa\u0142acowa ziemi lubaczowskiej \/ [tekst Janusz Mazur et al.]. &#8211; Lubacz\u00f3w: Stowarzyszenie Rozwoju Ziemi Lubaczowskiej, 2013.<\/li>\n<li>Zabytkowe parki wojew\u00f3dztwa lubuskiego \/ [red. Barbara Bielinis-Kope\u0107]; Wojew\u00f3dzki Urz\u0105d Ochrony Zabytk\u00f3w w Zielonej G\u00f3rze. &#8211; Zielona G\u00f3ra: Wojew\u00f3dzki Urz\u0105d Ochrony Zabytk\u00f3w, 2013.<\/li>\n<li>Zadania w\u0142adz publicznych w zakresie ochrony i opieki nad zabytkami w Rzeczypospolitej: ze szczeg\u00f3lnym uwzgl\u0119dnieniem obiekt\u00f3w wpisanych na list\u0119 \u015bwiatowego dziedzictwa kulturalnego i naturalnego UNESCO \/ Malwina Rouba. &#8211; Stan prawny stycze\u0144 2012. &#8211; Toru\u0144: Wydawnictwo Adam Marsza\u0142ek, 2013.<\/li>\n<li>Zagadnienia S\u0105downictwa Konstytucyjnego \/ Trybuna\u0142 Konstytucyjny; [red. nacz. Piotr Tuleja]. &#8211; Warszawa: Biuro Trybuna\u0142u Konstytucyjnego, 2011-.<\/li>\n<li>Zakrzewska Osada: cmentarzyska kultury pomorskiej i wielbarskiej na Pojezierzu Kraje\u0144skim \/ Jolanta Sza\u0142kowska-\u0141o\u015b, J\u00f3zef \u0141o\u015b; analizy specjalistyczne Andrzej Florkowski [et al.]; Muzeum Okr\u0119gowe im. Leona Wycz\u00f3\u0142kowskiego w Bydgoszczy, Wydawnictwo i Pracownia Archeologiczna PROFIL-ARCHEO. &#8211; Bydgoszcz: Muzeum Okr\u0119gowe im. Leona Wycz\u00f3\u0142kowskiego; P\u0119kowice: Wydawnictwo i Pracownia Archeologiczna PROFIL-ARCHEO, 2013.<\/li>\n<li>Za\u0142o\u017cenie rezydencjonalne Sapieh\u00f3w w Dubnie: praca zbiorowa \/ pod red. Haliny Karwowskiej i Aleksandra Andrzejewskiego; Muzeum Podlaskie w Bia\u0142ymstoku, Instytut Archeologii Uniwersytetu \u0141\u00f3dzkiego. &#8211; Bia\u0142ystok: Muzeum Podlaskie: Instytucja Kultury Wojew\u00f3dztwa Podlaskiego, 2013.<\/li>\n<li>Zamek Kr\u00f3lewski na G\u00f3rze Przemys\u0142a: przewodnik po historii \/ Jerzy Sobczak. &#8211; Pozna\u0144: Wydawnictwo Miejskie Posnania, 2013.<\/li>\n<li>Zamek w Grudzi\u0105dzu w \u015bwietle bada\u0144 archeologiczno-architektonicznych: studia i materia\u0142y \/ pod red. Marcina Wiewi\u00f3ry; Uniwersytet Miko\u0142aja Kopernika w Toruniu. Instytut Archeologii. &#8211; Toru\u0144: Instytut Archeologii Uniwersytetu Miko\u0142aja Kopernika, 2012.<\/li>\n<li>Zamki i dwory wojew\u00f3dztwa rawskiego w p\u00f3\u017anym \u015bredniowieczu i czasach wczesnonowo\u017cytnych \/ Anna Nierychlewska; Instytut Archeologii Uniwersytetu \u0141\u00f3dzkiego. &#8211; \u0141\u00f3d\u017a: Instytut Archeologii Uniwersytetu \u0141\u00f3dzkiego, 2013.<\/li>\n<li>Zamki, pa\u0142ace, dwory w Polsce \/ Marek W. Kozak. &#8211; Warszawa: Point Group, 2008.<\/li>\n<li>Zandera: Mitteilungen aus der B\u00fccherei des Deutschen Gartenbaues e.V., Berlin. &#8211; Berlin: B\u00fccherei des Deutschen Gartenbaues, 1982-.<\/li>\n<li>Zapomniane miejsca Dolnego \u015al\u0105ska: przewodnik. [Cz. 1], Sudety Zachodnie \/ [red Jakub Jagie\u0142\u0142o]. &#8211; Warszawa: Wydawnictwo Ciekawe Miejsca.net, 2012.<\/li>\n<li>Zapomniane miejsca \u0141odzi i okolic: przewodnik \/ [aut. Jakub Jagie\u0142\u0142o, Ewa Perli\u0144ska,Tomasz Szwagrzak]. &#8211; Warszawa: Wydawnictwo Ciekawe Miejsca.net, 2011.<\/li>\n<li>Zapomniane miejsca Mazowsza: przewodnik \/ [aut. Jakub Jagie\u0142\u0142o, Danuta Maciejewska-Bogusz, Ewa Perli\u0144ska-Kobierzy\u0144ska, Micha\u0142 Szyma\u0144ski]. &#8211; Wyd. 2. &#8211; Warszawa: Wydawnictwo CM, 2014.<\/li>\n<li>Zaprowadzenie chrze\u015bcija\u0144stwa w Polsce: kr\u00f3tkie studium obrazu Jana Matejki &#8220;Zaprowadzenie chrze\u015bcija\u0144stwa R.P. 965&#8221; \/ Barbara Ciciora, Andrzej M. Wyrwa. &#8211; Lednog\u00f3ra: Muzeum Pierwszych Piast\u00f3w na Lednicy, 2013.<\/li>\n<li>Zaw\u00f3d: architekt \/ [oprac. red. tekst\u00f3w Magdalena Syska, \u0141ukasz Wojtysko]. &#8211; [Warszawa: Muzeum Sztuki Nowoczesnej, 2013].<\/li>\n<li>Zegary i zegarki w zbiorach Zamku Kr\u00f3lewskiego na Wawelu \/ Stanis\u0142awa Link-Lenczowska. &#8211; Krak\u00f3w: Zamek Kr\u00f3lewski na Wawelu, 2013.<\/li>\n<li>Zeitschrift f\u00fcr Kunsttechnologie und Konservierung: mit den Mitteilungen des deutschen Restauratorenverbandes. &#8211; Worms: Wernersche, 1987-.<\/li>\n<li>\u017belazne elementy broni drzewcowej z kolekcji wschodniopruskich w zbiorach Muzeum Warmii i Mazur w Olsztynie \/ Kacper Martyka. &#8211; Olsztyn: Muzeum Warmii i Mazur, 2013.<\/li>\n<li>Zesp\u00f3\u0142 budynk\u00f3w sanatoryjnych w Wodzis\u0142awiu \u015al. &#8211; Wilchwach \/ Pawe\u0142 Porwo\u0142. &#8211; Wodzis\u0142aw \u015al\u0105ski: Starostwo Powiatowe, 2009.<\/li>\n<li>Zesp\u00f3\u0142 osadniczy kultury \u0142u\u017cyckiej w Maciejowicach, pow. garwoli\u0144ski, woj. mazowieckie \/ Jan D\u0105browski, Ma\u0142gorzata Mogielnicka-Urban; przy udziale E. Bobryk [et al.]. &#8211; Warszawa: Instytut Archeologii i Etnologii Polskiej Akademii Nauk, 2014.<\/li>\n<li>Zesp\u00f3\u0142 pa\u0142acowo-parkowy w Gorzycach \/ Pawe\u0142 Porwo\u0142. &#8211; Wodzis\u0142aw \u015al\u0105ski: Starostwo Powiatowe, 2009.<\/li>\n<li>Zesp\u00f3\u0142 pa\u0142acowo-parkowy w Kokoszycach \/ Pawe\u0142 Porwo\u0142. &#8211; Wodzis\u0142aw \u015al\u0105ski: Starostwo Powiatowe, 2007.<\/li>\n<li>Zeszyty Naukowe Muzeum Budownictwa Ludowego &#8211; Park Etnograficzny w Olsztynku = Science Journals Folk Architecture Museum and Ethnographic Park in Olsztynek. &#8211; Olsztynek: Muzeum Budownictwa Ludowego &#8211; Park Etnograficzny, 2010-.<\/li>\n<li>Zeszyty Naukowe Uniwersytetu Jagiello\u0144skiego. Opuscula Musealia \/ [Uniwersytet Jagiello\u0144ski] = Universitatis Iagellonica Acta Scientiarum Litterarumque. Opuscula Musealia \/ [Universitatis Iagellonica; red. Stanis\u0142aw Walto\u015b]. &#8211; Warszawa: Pa\u0144stwowe Wydawnictwo Naukowe; Krak\u00f3w: Uniwersytet Jagiello\u0144ski, 1986-.<\/li>\n<li>Zielona Komnata w wie\u017cy \u015bw. Jadwigi zamku ksi\u0105\u017c\u0105t piastowskich w Legnicy \/ Jacek Witkowski. &#8211; Legnica: Wydawnictwo Edytor, 2013.<\/li>\n<li>Z\u0142otnictwo sakralne Prus Kr\u00f3lewskich: studium typologiczno-morfologiczne. [1] \/ Micha\u0142 F. Wo\u017aniak. &#8211; Toru\u0144: Wydawnictwo Naukowe Uniwersytetu Miko\u0142aja Kopernika; Malbork: Muzeum Zamkowe, 2012.<\/li>\n<li>Z\u0142otnictwo sakralne Prus Kr\u00f3lewskich: studium typologiczno-morfologiczne. [2], Ilustracje \/ Micha\u0142 F. Wo\u017aniak. &#8211; Toru\u0144: Wydawnictwo Naukowe Uniwersytetu Miko\u0142aja Kopernika; Malbork: Muzeum Zamkowe, 2012.<\/li>\n<li>\u017bOL: ilustrowany atlas architektury \u017boliborza \/ koncepcja i projekt Magdalena Piwowar; tekst Micha\u0142 Krasucki, Monika Powalisz. &#8211; Warszawa: Fundacja Centrum Architektury, 2014.<\/li>\n<li>\u017boliborz w fotografii Andrzeja Jastrzembskiego \/ [opisy zdj\u0119\u0107 Andrzej Jastrzembski]. &#8211; Gdynia: Andrzej Jastrzembski, 2012.<\/li>\n<li>Zrzeszenie Artyst\u00f3w Plastyk\u00f3w Zwornik \/ [red. Anna Kowalczyk]. &#8211; Krak\u00f3w: Muzeum Narodowe, 2012.<\/li>\n<\/ol>\n<p>[\/et_pb_toggle][et_pb_toggle title=&#8221;2013&#8243; open_toggle_text_color=&#8221;#e52330&#8243; closed_toggle_text_color=&#8221;#000000&#8243; _builder_version=&#8221;4.16&#8243; _module_preset=&#8221;default&#8221; title_font=&#8221;|700|||||||&#8221; closed_title_font=&#8221;|700|||||||&#8221; custom_margin=&#8221;||10px|||&#8221; global_colors_info=&#8221;{}&#8221;]<\/p>\n<p><span style=\"color: #808080;\">liczba nowo\u015bci: 533<\/span><\/p>\n<p><span style=\"color: #808080;\"><\/span><\/p>\n<ol>\n<li>&#8220;Konserwator, tw\u00f3rca, dzie\u0142o&#8221; \/ [red. Urszula Rzepiela]. &#8211; Prudnik:\u00a0 Muzeum Ziemi Prudnickiej; Opole:\u00a0 Wydawnictwo MS, 2003.<\/li>\n<li>&#8220;Wierz\u0119 w cuda nie od dzi\u015b&#8221;:\u00a0 religia w \u017cyciu i tw\u00f3rczo\u015bci Jana Matejki \/ El\u017cbieta Matyaszewska. &#8211; Lublin:\u00a0 Towarzystwo Naukowe Katolickiego Uniwersytetu Lubelskiego Jana Paw\u0142a II, 2007.<\/li>\n<li>[Bartholom\u00e4us Schachman 1559-1614:\u00a0 Sztuka podr\u00f3\u017cy. 2, Album \/ red. Tadeusz Majda, Magdalena Mielnik]. &#8211; [Gda\u0144sk:\u00a0 Muzeum Narodowe, 2012].<\/li>\n<li>100 lat ko\u015bcio\u0142a pw. \u015bwi\u0119tego Stanis\u0142awa Biskupa i M\u0119czennika w Solcu Kujawskim 1912-2012 \/ Rafa\u0142 Kubiak; Muzeum Solca im. Ksi\u0119cia Przemys\u0142awa w Solcu Kujawskim. &#8211; Solec Kujawski:\u00a0 Muzeum Solca im. Ksi\u0119cia Przemys\u0142awa, 2012.<\/li>\n<li>100 lat parafii b\u0142ogos\u0142awionego Wincentego Kad\u0142ubka w J\u0119drzejowie 1913-2013 \/ Marcin Marek Mnich. &#8211; Bydgoszcz:\u00a0 Wydawnictwo Koronis, [2013].<\/li>\n<li>1812-2012:\u00a0 Napoleon, Wielka Armia, Polacy \/ [aut. tekstu Jan K. Ostrowski]. &#8211; Krak\u00f3w:\u00a0 Zamek Kr\u00f3lewski na Wawelu, 2012.<\/li>\n<li>200 lat teatru na Targu W\u0119glowym w Gda\u0144sku \/ pod red. Jana Ciechowicza; ikonografia Mieczys\u0142aw Abramowicz. &#8211; Gda\u0144sk:\u00a0 Nadba\u0142tyckie Centrum Kultury:\u00a0 Wydawnictwo Uniwersytetu Gda\u0144skiego, 2004.<\/li>\n<li>Aby drog\u0119 mierzy\u0107 przysz\u0142\u0105&#8230;:\u00a0 ABC zabytkowego Cmentarza Rzymskokatolickiego przy ul. B. Limanowskiego w Radomiu \/ [tekst Marcin K\u0119pa, koncepcja i fot. Jerzy Kutkowski]. &#8211; Radom:\u00a0 Rada Miejska:\u00a0 &#8220;\u0141a\u017ania&#8221; Radomski Klub \u015arodowisk Tw\u00f3rczych i Galeria, 2012.<\/li>\n<li>Albert Lipczinski 1876-1974 \/ [koncepcja Ma\u0142gorzata Ruszkowska-Macur; red. Iwona Zi\u0119tkiewicz]. &#8211; Gda\u0144sk:\u00a0 Muzeum Narodowe:\u00a0 2011.<\/li>\n<li>Aleksander Kokular:\u00a0 malarz i opiekun kolekcji wilanowskiej \/ B\u0142a\u017cej Szyszkowski. &#8211; Warszawa:\u00a0 Muzeum Pa\u0142ac w Wilanowie, 2012.<\/li>\n<li>Allgemeines K\u00fcnstler-Lexikon:\u00a0 die Bildenden K\u00fcnstler aller Zeiten und V\u00f6lker. Bd. 78, Jeraj &#8211; Jur&#8217;ev \/ Hrsg. von Andreas Beyer, B\u00e9n\u00e9dicte Savoy, Wolf Tegethoff. &#8211; Berlin:\u00a0 de Gruyter, 2013.<\/li>\n<li>Allgemeines K\u00fcnstler-Lexikon:\u00a0 die Bildenden K\u00fcnstler aller Zeiten und V\u00f6lker. Bd. 79, Jurgens &#8211; Kelder \/ Hrsg. von Andreas Beyer, B\u00e9n\u00e9dicte Savoy, Wolf Tegethoff. &#8211; Berlin:\u00a0 de Gruyter, 2013.<\/li>\n<li>Allgemeines K\u00fcnstler-Lexikon:\u00a0 die Bildenden K\u00fcnstler aller Zeiten und V\u00f6lker. Bd. 80, Keldermans &#8211; Knebel \/ Hrsg. von Andreas Beyer, B\u00e9n\u00e9dicte Savoy, Wolf Tegethoff. &#8211; Berlin:\u00a0 de Gruyter, 2014.<\/li>\n<li>Allgemeines K\u00fcnstler-Lexikon:\u00a0 die Bildenden K\u00fcnstler aller Zeiten und V\u00f6lker. Bd. 81, Knecht &#8211; Kretzner \/ Hrsg. von Andreas Beyer, B\u00e9n\u00e9dicte Savoy, Wolf Tegethoff. &#8211; Berlin:\u00a0 de Gruyter, 2014.<\/li>\n<li>Alois Riegl, Georg Dehio i kult zabytk\u00f3w \/ przek\u0142ad i wst\u0119p Ryszard Kasperowicz. &#8211; Warszawa:\u00a0 Muzeum Pa\u0142ac w Wilanowie, 2012.<\/li>\n<li>Antonello da Messina, Tycjan, Veronese:\u00a0 mistrzowie malarstwa w\u0142oskiego z kolekcji Muzeum Narodowego Brukenthala w Sibiu, Rumunia \/ [eseje Maria Olimpia Tudoran Ciugan, Aleksandru Gh. Sonoc; red. nauk. Marcin Kaleci\u0144ski]. &#8211; Gda\u0144sk:\u00a0 Muzeum Narodowe, 2011.<\/li>\n<li>Antropologia:\u00a0 literatura, dialog, przek\u0142ad \/ Marcin Brocki. &#8211; Wroc\u0142aw:\u00a0 Wydawnictwo Katedry Etnologii i Antropologii Kulturowej Uniwersytetu Wroc\u0142awskiego, 2008.<\/li>\n<li>Antropologia:\u00a0 praktykowanie teorii w kulturze i spo\u0142ecze\u0144stwie \/ Michael Herzfeld. &#8211; Krak\u00f3w:\u00a0 Wydawnictwo Uniwersytetu Jagiello\u0144skiego, 2004.<\/li>\n<li>Antropologia kultury wsi polskiej XIX wieku oraz wybrane eseje \/ Ludwik Stomma. &#8211; \u0141\u00f3d\u017a:\u00a0 Piotr Dopiera\u0142a, 2002.<\/li>\n<li>AR\/PS:\u00a0 architektura Arseniusza Romanowicza i Piotra Szymaniaka \/ red. Grzegorz Pi\u0105tek. &#8211; Warszawa:\u00a0 Centralne Architektury, 2012.<\/li>\n<li>Archeologia autostrady:\u00a0 badania archeologiczne w pasie budowy Autostrady A1 w granicach wojew\u00f3dztwa kujawsko-pomorskiego:\u00a0 katalog zabytk\u00f3w \/ [zesp\u00f3\u0142 red. Micha\u0142 Wi\u015bniewski, Leszek Kotlewski]. &#8211; Bydgoszcz:\u00a0 Generalna Dyrekcja Dr\u00f3g Krajowych i Autostrad. Oddzia\u0142, 2013.<\/li>\n<li>Archeologia s\u0105dowa w teorii i praktyce \/ Jerzy Kawecki, Pawe\u0142 Konczewski, Krzysztof Szwagrzyk, Maciej Trzci\u0144ski. &#8211; Warszawa:\u00a0 Wolters Kluwer Polska, 2013.<\/li>\n<li>Architectus:\u00a0 pismo Wydzia\u0142u Architektury Politechniki Wroc\u0142awskiej \/ [red. nauk. Ewa \u0141u\u017cyniecka]. &#8211; [Wroc\u0142aw]:\u00a0 Wydzia\u0142 Architektury Politechniki Wroc\u0142awskiej, 1997-.<\/li>\n<li>Architekt Czes\u0142aw Doria-Derna\u0142owicz (1901-1993):\u00a0 \u017cycie i tw\u00f3rczo\u015b\u0107 \/ Halina Danczowska. &#8211; Lublin:\u00a0 Best Print, 2012.<\/li>\n<li>Architektura drewniana \/ Robert Pasieczny. &#8211; Warszawa:\u00a0 MULTICO Oficyna Wydawnicza, 2011.<\/li>\n<li>Architektura Dzier\u017coniowa XIX wieku \/ Piotr Kmiecik; Fundacja Otwartego Muzeum Techniki, Sowiog\u00f3rskie Muzeum Techniki FOMT. &#8211; Wroc\u0142aw:\u00a0 Fundacja Otwartego Muzeum Techniki, 2009.<\/li>\n<li>Architektura klasztor\u00f3w na \u015al\u0105sku Cieszy\u0144skim i w Ksi\u0119stwie Opawskim do 1939 roku \/ Barbara Uherek-Bradecka. &#8211; Gliwice:\u00a0 Wydawnictwo Politechniki \u015al\u0105skiej, 2012.<\/li>\n<li>Architektura P\u0142ocka i jej tw\u00f3rcy \/ Kazimierz Badowski, Jan Boles\u0142aw Nycek; zdj. Maciej Kowalski. &#8211; P\u0142ock:\u00a0 MAROW &#8211; Jan B. Nycek, 2011.<\/li>\n<li>Architektura sakralna:\u00a0 pow. augustowski, sejne\u0144ski, suwalski \/ oprac. aut. Joanna Koty\u0144ska-Stetkiewicz, Grzegorz Ry\u017cewski. &#8211; Warszawa:\u00a0 Krajowy O\u015brodek Bada\u0144 i Dokumentacji Zabytk\u00f3w; Bia\u0142ystok:\u00a0 Regionalny O\u015brodek Bada\u0144 i Dokumentacji Zabytk\u00f3w, 2005.<\/li>\n<li>Architektura sakralna regionu Podhala:\u00a0 tradycja i nowoczesno\u015b\u0107 \/ Kinga Palus. &#8211; Gliwice:\u00a0 Wydawnictwo Politechniki \u015al\u0105skiej, 2011.<\/li>\n<li>Architektura teatralna w Polsce \/ [red. Dorota Buchwald, Monika Jarzyna, Piotr Morawski]. &#8211; Warszawa:\u00a0 Instytut Teatralny im. Zbigniewa Raszewskiego, 2012.<\/li>\n<li>Architektura wernakularna obszaru Morza Ba\u0142tyckiego:\u00a0 analogie, r\u00f3\u017cnice, obraz og\u00f3lny \/ Piotr Arlet; Zachodniopomorski Uniwersytet Technologiczny w Szczecinie. &#8211; Szczecin:\u00a0 Zachodniopomorski Uniwersytet Technologiczny, 2012.<\/li>\n<li>Archiwa, Biblioteki i Muzea Ko\u015bcielne:\u00a0 organ O\u015brodka Archiw\u00f3w, Bibliotek i Muze\u00f3w Ko\u015bcielnych przy Katolickim Uniwersytecie Lubelskim = Archiva, Bibliothecae et Musea Ecclesiastica \/ red. Stanis\u0142aw Librowski. &#8211; Lublin:\u00a0 [s.n.], 1959-.<\/li>\n<li>Archiwistyka spo\u0142eczna \/ pod red. meryt. Katarzyny Zi\u0119tal. &#8211; Warszawa:\u00a0 O\u015brodek Karta, 2012.<\/li>\n<li>Archiwum Biura Odbudowy Warszawy \/ [red. Jolanta Lewi\u0144ska]. &#8211; Warszawa:\u00a0 Stowarzyszenie Przyjaci\u00f3\u0142 Archiwum Pa\u0144stwowego m.st. Warszawy:\u00a0 Archiwum Pa\u0144stwowe m. st. Warszawy, 2011.<\/li>\n<li>Archiwum Ringelbluma:\u00a0 dzie\u0144 po dniu Zag\u0142ady \/ wyb\u00f3r i oprac. red. Marta Markowska. &#8211; Wyd. 2. &#8211; Warszawa:\u00a0 O\u015brodek Karta; Dom Spotka\u0144 z Histori\u0105; \u017bydowski Instytut Historyczny, 2011.<\/li>\n<li>Arsena\u0142 Wroc\u0142awski:\u00a0 przewodnik historyczny \/ Marek Burak. &#8211; Wyd. 2 popr. i uzup. &#8211; Wroc\u0142aw:\u00a0 Muzeum Miejskie Wroc\u0142awia, 2012.<\/li>\n<li>Art d\u00e9co i lata trzydzieste w Ameryce a sztuka europejska \/ Andrzej K. Olszewski. &#8211; Warszawa:\u00a0 Wydawnictwo DiG, 2013.<\/li>\n<li>Artifex:\u00a0 pismo Ko\u0142a Naukowego Student\u00f3w Historii Sztuki Uniwersytetu Kardyna\u0142a Stefana Wyszy\u0144skiego \/ [red. Bart\u0142omiej Gutowski, Piotr Janowczyk]. &#8211; [Warszawa:\u00a0 Ko\u0142o Naukowe Student\u00f3w Historii Sztuki Uniwersytetu Kardyna\u0142a Stefana Wyszy\u0144skiego, 2000-.<\/li>\n<li>Arty\u015bci polscy w Pary\u017cu:\u00a0 zbiory artystyczne Biblioteki Polskiej w Pary\u017cu \/ Anna Czarnocka, Ma\u0142gorzata Maria Gr\u0105bczewska. &#8211; Gda\u0144sk:\u00a0 Muzeum Narodowe, 2010.<\/li>\n<li>Arty\u015bci w\u0142osko-szwajcarscy w Polsce I po\u0142owy XVII wieku \/ Mariusz Karpowicz. &#8211; Warszawa:\u00a0 Wydawnictwo Si\u00f3str Loretanek, 2013.<\/li>\n<li>August Ludwig Most (1807-1883) \/ pomorski artysta epoki biedermeieru \/ katalog wystawy pod red. Ewy Gwiazdowskiej i Rafa\u0142a Maka\u0142y. &#8211; Szczecin:\u00a0 Muzeum Narodowe, 2007.<\/li>\n<li>Autoportret:\u00a0 pismo o dobrej przestrzeni:\u00a0 kwartalnik Ma\u0142opolskiego Instytutu Kultury. &#8211; Krak\u00f3w:\u00a0 Ma\u0142opolski Instytut Kultury, 2002-.<\/li>\n<li>Bartholom\u00e4us Schachman 1559-1614:\u00a0 Sztuka podr\u00f3\u017cy. 1, [Katalog] \/ [red. Tadeusz Majda, Magdalena Mielnik]. &#8211; Gda\u0144sk:\u00a0 Muzeum Narodowe, 2012.<\/li>\n<li>Bazylika Matki Boskiej Bolesnej w Limanowej:\u00a0 pasjonuj\u0105ce pocz\u0105tki:\u00a0 krakowski konkurs architektoniczny na projekt ko\u015bcio\u0142a pomnika Konstytucji 3 Maja 1908-1909:\u00a0 jedyny konkurs na projekt ko\u015bcio\u0142a przeprowadzony przez krakowskie Towarzystwo &#8220;Polska Sztuka Stosowana&#8221; \/ J\u00f3zef Szymon Wro\u0144ski. &#8211; Limanowa:\u00a0 Parafia Rzymsko-Katolicka pw. Matki Bo\u017cej Bolesnej, 2012.<\/li>\n<li>Bazylika Ojc\u00f3w Franciszkan\u00f3w \u015bw. Ludwika i Wniebowzi\u0119cia Naj\u015bwi\u0119tszej Marii Panny w Katowicach-Panewnikach:\u00a0 stulecie konsekracji (1908-2008) \/ Stefan Gierlotka. &#8211; Katowice:\u00a0 &#8220;\u015al\u0105sk&#8221; Wydawnictwo Naukowe, 2008.<\/li>\n<li>Beatus Ceslaus natione Polonus:\u00a0 dzieje kultu b\u0142ogos\u0142awionego Czes\u0142awa \/ Wojciech Kucharski. &#8211; Krak\u00f3w:\u00a0 Wydawnictwo Esprit, 2012.<\/li>\n<li>Betania:\u00a0 zabudowania dawnego ewangelickiego sanatorium dla dzieci \/ [tekst Marcin Boratyn]. &#8211; Jastrz\u0119bie-Zdr\u00f3j:\u00a0 Miejski O\u015brodek Kultury, 2012.<\/li>\n<li>Biblia ludowa:\u00a0 interpretacja w\u0105tk\u00f3w biblijnych w kulturze ludowej \/ Magdalena Zowczak. &#8211; Wyd. 2. &#8211; Toru\u0144:\u00a0 Wydawnictwo Uniwersytetu Miko\u0142aja Kopernika, 2013.<\/li>\n<li>Bruno Tsch\u00f6tschel (1874-1941):\u00a0 wroc\u0142awski Wit Stwosz XX wieku \/ pod red. Macieja \u0141agiewskiego i Piotra Oszczanowskiego; Muzeum Miejskie Wroc\u0142awia. &#8211; Wroc\u0142aw:\u00a0 Muzeum Miejskie Wroc\u0142awia, 2012.<\/li>\n<li>Budownictwo drewniane w gospodarce przestrzennej europejskiego dziedzictwa \/ [red. nauk. Witold Czarnecki, Marek Proniewski]; Wy\u017csza Szko\u0142a Finans\u00f3w i Zarz\u0105dzania w Bia\u0142ymstoku. &#8211; Bia\u0142ystok:\u00a0 Wydawnictwo Wy\u017cszej Szko\u0142y Finans\u00f3w i Zarz\u0105dzania, 2004.<\/li>\n<li>Budownictwo sakralne Diecezji Warmi\u0144skiej w latach 1821-1945 \/ Marek Jodkowski. &#8211; Olsztyn:\u00a0 Studio Poligrafii Komputerowej SQl, 2011.<\/li>\n<li>Budynki witkiewiczowskie w Zakopanem:\u00a0 materia\u0142y z bada\u0144 inwentaryzacyjno-studialnych obiekt\u00f3w historycznych \/ Teresa Biernot. &#8211; Gliwice:\u00a0 Wydawnictwo Politechniki \u015al\u0105skiej, 2010.<\/li>\n<li>Bulletin \/ Institut Royal du Patrimoine Artistique, Koninklijk Instituut voor het Kunstpatrimonium. &#8211; Bruxelles:\u00a0 Institut Royal du Patrimoine Artistique, [1983]-.<\/li>\n<li>Bunt miast:\u00a0 prawo do miasta i miejska rewolucja \/ David Harvey. &#8211; Warszawa:\u00a0 Fundacja Nowej Kultury B\u0119c Zmiana, 2012.<\/li>\n<li>By\u0142a taka ulica:\u00a0 Marsza\u0142kowska na starych poczt\u00f3wkach \/ kolekcja Pawe\u0142 Stala; tekst Miros\u0142aw Sznajder. &#8211; Warszawa:\u00a0 Wydawnictwo VEDA, 2013.<\/li>\n<li>Chrystus b\u0142ogos\u0142awi\u0105cy dzieci Lucasa Cranacha Starszego w zbiorach Zamku Kr\u00f3lewskiego na Wawelu w \u015bwietle bada\u0144 i dzia\u0142a\u0144 konserwatorskich \/ Ewa Wi\u0142koj\u0107. &#8211; Krak\u00f3w:\u00a0 Zamek Kr\u00f3lewski na Wawelu. Pa\u0144stwowe Zbiory Sztuki, 2012.<\/li>\n<li>Cmentarze jako ogrody \u017cywych i umar\u0142ych \/ Anna D\u0142ugozima. &#8211; Warszawa:\u00a0 Wydawnictwo Sztuka Ogrodu Sztuka Krajobrazu, 2011.<\/li>\n<li>Conservation and management of archaeological sites. &#8211; London:\u00a0 James &amp; James (Science Publishers) Ltd., 1995-.<\/li>\n<li>Conservation of cultural heritage:\u00a0 key principles and approaches \/ Hanna M. Szczepanowska. &#8211; London:\u00a0 Routledge Taylor &amp; Francis Group, 2013.<\/li>\n<li>Cuius regio, eius religio:\u00a0 trzechsetna rocznica powstania ko\u015bcio\u0142\u00f3w \u0141aski na \u015al\u0105sku \/ pod red. nauk. Piotra Oszczanowskiego; Muzeum Karkonoskie w Jeleniej G\u00f3rze, Parafia Ewangelicko-Augsburska ko\u015bcio\u0142a Zbawiciela w Jeleniej G\u00f3rze-Cieplicach. &#8211; Jelenia G\u00f3ra:\u00a0 Muzeum Karkonoskie:\u00a0 Parafia Ewangelicko-Augsburska ko\u015bcio\u0142a Zbawiciela, 2011.<\/li>\n<li>Czasopismo Techniczne. A, Architektura. &#8211; Krak\u00f3w:\u00a0 Wydawnictwo Politechniki Krakowskiej, 2007-.<\/li>\n<li>Cz\u0142owiek spotyka psa \/ [red. Tomasz Borowski, Katarzyna Slipko-Jastrz\u0119bska]. &#8211; Wroc\u0142aw:\u00a0 Muzeum Miejskie Wroc\u0142awia, 2012.<\/li>\n<li>Dar Krystyny Czapskiej dla Zamku Kr\u00f3lewskiego na Wawelu:\u00a0 katalog wystawy, grudzie\u0144 2012 &#8211; marzec 2013 \/ [red. Maria Podlodowska-Reklewska]; Zamek Kr\u00f3lewski na Wawelu. Pa\u0144stwowe Zbiory Sztuki. &#8211; Krak\u00f3w:\u00a0 Zamek Kr\u00f3lewski na Wawelu, 2012.<\/li>\n<li>Dawna kartografia miast \/ pod red. Jerzego Ostrowskiego i Paw\u0142a E. Weszpi\u0144skiego; Instytut Historii Nauki im. L. A. Birkenmajer\u00f3w Polskiej Akademii Nauk, Zesp\u00f3\u0142 Historii Kartografii Archiwum Pa\u0144stwowe m.st. Warszawy, Warszawskie Przedsi\u0119biorstwo Geodezyjne, Stowarzyszenie Przyjaci\u00f3\u0142 Archiwum Pa\u0144stwowego m. st. Warszawy. &#8211; Warszawa:\u00a0 Wydawnictwa IHN PAN, 2011.<\/li>\n<li>Dawna moda dzieci\u0119ca \/ pod red. Ma\u0142gorzata Mo\u017cd\u017cy\u0144ska-Nawotka. &#8211; Wroc\u0142aw:\u00a0 Muzeum Narodowe, 2013.<\/li>\n<li>Deesis:\u00a0 idea wstawiennictwa Bogarodzicy i \u015bw. Jana Chrzciciela w kulturze \u015bredniowiecznej \/ Roman Mazurkiewicz. &#8211; Krak\u00f3w:\u00a0 Towarzystwo Autor\u00f3w i Wydawc\u00f3w Prac Naukowych Universitas, 2012.<\/li>\n<li>DenkMal:\u00a0 Zeitschrift f\u00fcr Denkmalpflege in Schleswig-Holstein. &#8211; Kiel:\u00a0 Landesamt f\u00fcr Denkmalpflege, Schleswig-Holstein, 1994-.<\/li>\n<li>Denkmalpflege Informationen. &#8211; M\u00fcnchen:\u00a0 Bayerisches Landesamt f\u00fcr Denkmalpflege, 2006-.<\/li>\n<li>Denkmalpflege-Themen \/ Bayerisches Landesamt f\u00fcr Denkmalpflege. &#8211; M\u00fcnchen:\u00a0 Bayerisches Landesamt f\u00fcr Denkmalpflege, 2010-.<\/li>\n<li>Detal w architekturze Politechniki \u0141\u00f3dzkiej:\u00a0 detal wewn\u0119trzny \/ [koncepcja i oprac. red. Ma\u0142gorzata Wibik i Zbigniew Januszek]. &#8211; \u0141\u00f3d\u017a:\u00a0 Politechnika \u0141\u00f3dza, 2012.<\/li>\n<li>Development and design of heritage sensitive sites:\u00a0 strategies for listed buildings and conservation areas \/ Kenneth Williamson. &#8211; London:\u00a0 Routledge Taylor &amp; Francis Group, 2010.<\/li>\n<li>Dialog mistrz\u00f3w:\u00a0 Callot, Goya, Tiepolo \/ [tekst Carlos Gonz\u00e1les L\u00f3pez, Jos\u00e9 Manuel Matilla, Alicja Andrzejewska-Zaj\u0105c]. &#8211; Gda\u0144sk:\u00a0 Muzeum Narodowe, 2012.<\/li>\n<li>Die Gartenkunst. &#8211; Worms am Rhein:\u00a0 Wernersche Verlagsgesellschaft, 1989-.<\/li>\n<li>Dobra kultury w sieci \/ pod red. El\u017cbiety Herden, Agnieszki Seidel-Grzesi\u0144skiej, Kseni Stanickiej-Brzezickiej. &#8211; Wroc\u0142aw:\u00a0 Wydawnictwo Uniwersytetu Wroc\u0142awskiego, 2012.<\/li>\n<li>Dobra wigierskie \/ Maciej Ambrosiewicz. &#8211; Suwa\u0142ki:\u00a0 Wydawnictwo &#8220;Ha\u0144cza&#8221;, 2009.<\/li>\n<li>Dolny \u015al\u0105sk:\u00a0 edukacja regionalna \/ [red. prowadz\u0105cy Anna Heine; wyb\u00f3r tekst\u00f3w Monika Jaremk\u00f3w]. &#8211; Wroc\u0142aw:\u00a0 Siedmior\u00f3g, 2008.<\/li>\n<li>Dom Zdrojowy \/ [tekst Marcin Boratyn]. &#8211; Jastrz\u0119bie-Zdr\u00f3j:\u00a0 Miejski O\u015brodek Kultury, 2012.<\/li>\n<li>Drewniane cerkwie w polskim i ukrai\u0144skim regionie Karpat:\u00a0 Dobra Kultury Rzeczypospolitej Polskiej i Republiki Ukrainy wpisane na List\u0119 \u015awiatowego Dziedzictwa UNESCO \/ scenariusz wystawy Mariusz Czuba, Maciej Rymkiewicz. &#8211; Warszawa:\u00a0 Narodowy Instytut Dziedzictwa, 2013.<\/li>\n<li>Drewniane ko\u015bcio\u0142y na spichlerzowych szlakach powiatu gliwickiego \/ [red. i tekst Jerzy Pleszyniak]. &#8211; Katowice:\u00a0 Wydawnictwo ALATUS; Gliwice:\u00a0 Starostwo Powiatowe, 2012.<\/li>\n<li>Drewniany ko\u015bci\u00f3\u0142 pw. \u015bw. Andrzeja Boboli z Nowosolnej \/ Agnieszka Szygendowska. &#8211; \u0141\u00f3d\u017a:\u00a0 Ksi\u0119\u017cy M\u0142yn Dom Wydawniczy, 2012.<\/li>\n<li>Drzewa li\u015bciaste:\u00a0 le\u015bne i alejowe \/ Bronis\u0142aw Ga\u0142czy\u0144ski; wst\u0119p Andrzej Micha\u0142owski. &#8211; Warszawa:\u00a0 O\u015brodek Ochrony Zabytkowego Krajobrazu. Narodowa Instytucja Kultury, 1995.<\/li>\n<li>Drzewa w krajobrazie historycznym:\u00a0 materia\u0142y Seminarium, Krak\u00f3w, 4 listopada 1994 \/ [red. Andrzej Micha\u0142owski et al.]. &#8211; Warszawa:\u00a0 O\u015brodek Ochrony Zabytkowego Krajobrazu. Narodowa Instytucja Kultury, 1995.<\/li>\n<li>Duch romantyzmu i modernizacja:\u00a0 sztuka oficjalna Drugiej Rzeczypospolitej \/ Iwona Luba. &#8211; Warszawa:\u00a0 Wydawnictwo Neriton, 2012.<\/li>\n<li>Dwory Ma\u0142opolski w fotografii archiwalnej \/ Marzanna Rai\u0144ska. &#8211; Warszawa:\u00a0 Graf_ika Us\u0142ugi Wydawnicze Iwona Knechta, 2013.<\/li>\n<li>Dwory szlacheckie ziemi olkuskiej \/ Jacek Sypie\u0144. &#8211; Olkusz:\u00a0 Stowarzyszenie &#8220;Zamek Rabsztyn&#8221;, 2012.<\/li>\n<li>Dw\u00f3r &#8211; polska to\u017csamo\u015b\u0107 \/ Maciej Rydel. &#8211; Pozna\u0144:\u00a0 Zysk i S-ka Wydawnictwo, 2012.<\/li>\n<li>Dw\u00f3r renesansowy w Dziewinie \/ Jakub Jagie\u0142\u0142o. &#8211; Warszawa:\u00a0 Instytut Historii Sztuki Uniwersytetu Warszawskiego, 2004.<\/li>\n<li>Dziad w\u0119drowny w kulturze ludowej S\u0142owian \/ Katia Michaj\u0142owa. &#8211; Warszawa:\u00a0 Oficyna Naukowa, 2010.<\/li>\n<li>Dziedzictwo kulturowe a rozw\u00f3j lokalny \/ Monika Murzyn-Kupisz. &#8211; Krak\u00f3w:\u00a0 Wydawnictwo Uniwersytetu Ekonomicznego, 2012.<\/li>\n<li>Dzieje BGK:\u00a0 gmach centrali. Cz. 1 i 2, Gmach Centrali \/ Bronis\u0142aw Hynowski. &#8211; [Warszawa:\u00a0 s. n., 2012].<\/li>\n<li>Dzieje domu przy ulicy Grzybowskiej 37 w Warszawie \/ Kordian Tarasiewicz. &#8211; Warszawa:\u00a0 Wydawnictwo VEDA, 2013.<\/li>\n<li>Dzieje konserwacji o\u0142tarza Wita Stwosza w ko\u015bciele Mariackim w Krakowie \/ \u0141ukasz Walczy. &#8211; Krak\u00f3w:\u00a0 Towarzystwo Mi\u0142o\u015bnik\u00f3w Historii i Zabytk\u00f3w Krakowa, 2012.<\/li>\n<li>Dzieje malborskiej rezydencji Towarzystwa Jezusowego 1647-1744:\u00a0 z r\u0119kopisu H 11 Archiwum Archidiecezji Warmi\u0144skiej w Olsztynie \/ prze\u0142. biskup Julian Wojtkowski. &#8211; Olsztyn:\u00a0 Instytut Historii i Stosunk\u00f3w Mi\u0119dzynarodowych UMW, 2013.<\/li>\n<li>Dzieje Mazowsza. T. 3, Lata 1795-1918 \/ pr. zbior. pod red. Janusza Szczepa\u0144skiego; Akademia Humanistyczna im. Aleksandra Gieysztora. &#8211; Pu\u0142tusk:\u00a0 Akademia Humanistyczna im. Aleksandra Gieysztora, 2012.<\/li>\n<li>Dzieje Ostr\u00f3dy \/ Johannes M\u00fcller. &#8211; Ostr\u00f3da:\u00a0 Muzeum w Ostr\u00f3dzie, 2010.<\/li>\n<li>Dzieje powiatu wejherowskiego i puckiego \/ Franz Schultz; red. nauk. Rados\u0142aw Biskup. &#8211; Wejherowo:\u00a0 Muzeum Pi\u015bmiennictwa i Muzyki Kaszubsko-Pomorskiej; Gda\u0144sk:\u00a0 Maszoperia Literacka; Puck:\u00a0 Muzeum Ziemi Puckiej, 2011.<\/li>\n<li>Dziennik wypadk\u00f3w. T. 6, 1978 &#8211; 1980 \/ Karol Estreicher jr; [wst\u0119p i koncepcja ca\u0142o\u015bci Zbigniew Kazimierz Witek; red. Anna Maria Joniak] &#8211; Krak\u00f3w:\u00a0 Towarzystwo Przyjaci\u00f3\u0142 Sztuk Pi\u0119knych, 2013.<\/li>\n<li>Dzwonnica ko\u015bcio\u0142a farnego bazyliki mniejszej pw. Tr\u00f3jcy \u015awi\u0119tej w Kro\u015bnie \/ [tekst Zdzis\u0142aw Gil]. &#8211; Krosno:\u00a0 Kro\u015bnie\u0144ska Oficyna Wydawnicza, 2013.<\/li>\n<li>Encyklopedia Gda\u0144ska \/ [zesp\u00f3\u0142 red. B\u0142a\u017cej \u015aliwi\u0144ski et al.]. &#8211; Gda\u0144sk:\u00a0 Fundacja Gda\u0144ska, 2012.<\/li>\n<li>Encyklopedia katolicka. T. 17, Republika &#8211; Serbia \/ [red. nacz. Edward Gigilewicz et al.]; Katolicki Uniwersytet Lubelski Jana Paw\u0142a II. &#8211; Lublin:\u00a0 Towarzystwo Naukowe Katolickiego Uniwersytetu Lubelskiego Jana Paw\u0142a II, 2012.<\/li>\n<li>Encyklopedia katolicka. T. 18, Serbowie &#8211; Szczepa\u0144ski \/ [red. nacz. Edward Gigilewicz et al.]; Katolicki Uniwersytet Lubelski Jana Paw\u0142a II. &#8211; Lublin:\u00a0 Towarzystwo Naukowe Katolickiego Uniwersytetu Lubelskiego Jana Paw\u0142a II, 2013.<\/li>\n<li>Encyklopedia tradycji polskich \/ Renata Hry\u0144-Ku\u015bmierek, Zuzanna \u015aliwa. &#8211; Pozna\u0144:\u00a0 Podsiedlik-Raniowski i Sp\u00f3\u0142ka, 2004.<\/li>\n<li>Erwin Elster:\u00a0 malarstwo \/ [red. kat. Wojciech Zmorzy\u0144ski]. &#8211; Gda\u0144sk:\u00a0 Muzeum Narodowe, 2010.<\/li>\n<li>Etnografia Polska \/ Polska Akademia Nauk. Instytut Historii Kultury Materialnej. &#8211; Wroc\u0142aw:\u00a0 Zak\u0142ad Narodowy im. Ossoli\u0144skich, 1958-.<\/li>\n<li>Etnografia\/animacja\/sztuka:\u00a0 nierozpoznane wymiary rozwoju kulturalnego \/ pod. red. Tomasza Rakowskiego. &#8211; Warszawa:\u00a0 Narodowe Centrum Kultury, 2013.<\/li>\n<li>Etnografowie i ludoznawcy polscy:\u00a0 sylwetki, szkice biograficzne. T. 2 \/ pod red. Ewy Fry\u015b-Pietraszkowej, Anny Spiss. &#8211; Wroc\u0142aw; Krak\u00f3w:\u00a0 Polskie Towarzystwo Ludoznawcze. Oddzia\u0142, 2007.<\/li>\n<li>Etnografowie i ludoznawcy polscy:\u00a0 sylwetki, szkice biograficzne. T. 3 \/ pod red. Anny Spiss i Zofii Szromby-Rysowej. &#8211; Wroc\u0142aw; Krak\u00f3w:\u00a0 Polskie Towarzystwo Ludoznawcze. Oddzia\u0142, 2007.<\/li>\n<li>Eugeniusz Kwiatkowski:\u00a0 chemik, polityk, menad\u017cer \/ Marek Smo\u0142a. &#8211; Tarn\u00f3w:\u00a0 Zak\u0142ady Azotowe; Krak\u00f3w:\u00a0 Grupa Tomami, 2012.<\/li>\n<li>Europa Jagellonica 1386-1572:\u00a0 sztuka i kultura w Europie \u015arodkowej za panowania Jagiellon\u00f3w:\u00a0 przewodnik po wystawie:\u00a0 Muzeum Narodowe w Warszawie, Zamek Kr\u00f3lewski w Warszawie, 10 listopada 2012 &#8211; 27 stycznia 2013 \/ pod red. nauk. Ji\u0159iego Fajta. &#8211; Warszawa:\u00a0 Arx Regia. O\u015brodek Wydawniczy Zamku Kr\u00f3lewskiego, 2012.<\/li>\n<li>Fabryka:\u00a0 dokument dziej\u00f3w \/ Marek Smo\u0142a. &#8211; Tarn\u00f3w:\u00a0 Zak\u0142ady Azotowe; Krak\u00f3w:\u00a0 Grupa Tomami, 2012.<\/li>\n<li>Fabryka Porcelany Huta Franciszka Ruda \u015al\u0105ska Bykowina \/ Irena Gatys, Roman Gatys. &#8211; Nak\u0142o \u015al\u0105skie:\u00a0 Stowarzyszenie Mi\u0142o\u015bnik\u00f3w \u015al\u0105skiej Porcelany i Widok\u00f3wki; 2012.<\/li>\n<li>Feniks \u015bwiata litewskiego:\u00a0 fundacje i inicjatywy artystyczne Kazimierza Leona Sapiehy (1609-1656) \/ Dorota Piramidowicz. &#8211; Warszawa:\u00a0 Instytut Sztuki Polskiej Akademii Nauk, 2012.<\/li>\n<li>Fides ex visu \/ red. Ryszard Knapi\u0144ski, Aneta Kramiszewska. &#8211; Lublin:\u00a0 Towarzystwo Naukowe Katolickiego Uniwersytetu Lubelskiego Jana Paw\u0142a II:\u00a0 Katolicki Uniwersytet Lubelski Jana Paw\u0142a II, 2011.<\/li>\n<li>Fides imaginem quaerens:\u00a0 studia ofiarowane ksi\u0119dzu profesorowi Ryszardowi Knapi\u0144skiemu w siedemdziesi\u0105t\u0105 rocznic\u0119 urodzin \/ red. Aneta Kramiszewska; Katolicki Uniwersytet Lubelski. Katedra Historii Sztuki Ko\u015bcielnej. &#8211; Lublin:\u00a0 Wydawnictwo Werset, 2011.<\/li>\n<li>Figura:\u00a0 Kunst der etsten H\u00e4lfte des 20. Jahrhunderts aus dem Bestand des Nationalmuseums Stettin \/ hrsg. von Szymon Piotr Kubiak und Volker Probst. &#8211; Szczecin:\u00a0 Muzeum Narodowe, 2012.<\/li>\n<li>Figury zbawienia?:\u00a0 idea &#8220;religii sztuki&#8221; w wybranych koncepcjach artystycznych XIX stulecia \/ Ryszard Kasperowicz. &#8211; Lublin:\u00a0 Towarzystwo Naukowe Katolickiego Uniwersytetu Lubelskiego Jana Paw\u0142a II:\u00a0 Katolicki Uniwersytet Lubelski Jana Paw\u0142a II, 2010.<\/li>\n<li>Flirty tradycji z popkultur\u0105:\u00a0 dziedzictwo kulturowe w p\u00f3\u017anej nowoczesno\u015bci \/ El\u017cbieta Nieroba, Anna Czerner i Marek S. Szczepa\u0144ski. &#8211; Warszawa:\u00a0 Wydawnictwo Naukowe Scholar, 2010.<\/li>\n<li>Fortyfikacje Gda\u0144ska \/ pod red. Grzegorza Bukala. &#8211; Wyd. 2 poszerz. &#8211; Gda\u0144sk:\u00a0 Nadba\u0142tyckie Centrum Kultury, 2009.<\/li>\n<li>Fortyfikacje Gda\u0144ska i uj\u015bcia Wis\u0142y 1454-1793:\u00a0 studium z dziej\u00f3w nowo\u017cytnej architektury militarnej \/ Grzegorz Bukal. &#8211; Sopot:\u00a0 Grzegorz Bukal, 2012.<\/li>\n<li>Funkcje hotelarskie zabytkowych obiekt\u00f3w zamkowych \/ Marcin Hyski, Justyna Bednarzak; Akademia Wychowania Fizycznego im. Jerzego Kukuczki w Katowicach. &#8211; Katowice:\u00a0 Wydawnictwo Akademii Wychowania Fizycznego, 2012.<\/li>\n<li>Galicja na j\u00f3zefi\u0144skiej mapie topograficznej:\u00a0 1779-1783. T. 1 Cz. A, Sekcje 1-30 \/ red. tomu Waldemar Bukowski, Bogus\u0142aw Dyba\u015b, Zdzis\u0142aw Noga; Polska Akademia Nauk. Instytut Historii imienia Tadeusza Manteuffla. Stacja Naukowa w Wiedniu, Uniwersytet Pedagogiczny w Krakowie. Instytut Historii. &#8211; Krak\u00f3w:\u00a0 Uniwersytet Pedagogiczny, 2012.<\/li>\n<li>Galicja na j\u00f3zefi\u0144skiej mapie topograficznej:\u00a0 1779-1783. T. 1 Cz. B, Faksymilia arkuszy 1-30 \/ [red. tomu Waldemar Bukowski, Bogus\u0142aw Dyba\u015b, Zdzis\u0142aw Noga; Polska Akademia Nauk. Instytut Historii imienia Tadeusza Manteuffla. Stacja Naukowa w Wiedniu, Uniwersytet Pedagogiczny w Krakowie. Instytut Historii]. &#8211; [Krak\u00f3w:\u00a0 Uniwersytet Pedagogiczny, 2012].<\/li>\n<li>Galicja na j\u00f3zefi\u0144skiej mapie topograficznej:\u00a0 1779-1783. T. 4 Cz. A, Sekcje 81-87, 94-101, 109-117, 126-132, 143 \/ red. tomu Waldemar Bukowski, Bogus\u0142aw Dyba\u015b, Zdzis\u0142aw Noga; Polska Akademia Nauk. Instytut Historii imienia Tadeusza Manteuffla. Stacja Naukowa w Wiedniu, Uniwersytet Pedagogiczny w Krakowie. Instytut Historii. &#8211; Krak\u00f3w:\u00a0 Uniwersytet Pedagogiczny, 2012.<\/li>\n<li>Galicja na j\u00f3zefi\u0144skiej mapie topograficznej:\u00a0 1779-1783. T. 4 Cz. B, Faksymilia arkuszy 81-87, 94-101, 109-117, 126-132, 143 \/ [red. tomu Waldemar Bukowski, Bogus\u0142aw Dyba\u015b, Zdzis\u0142aw Noga; Polska Akademia Nauk. Instytut Historii imienia Tadeusza Manteuffla. Stacja Naukowa w Wiedniu, Uniwersytet Pedagogiczny w Krakowie. Instytut Historii]. &#8211; [Krak\u00f3w:\u00a0 Uniwersytet Pedagogiczny, 2012].<\/li>\n<li>Garwolin w dawnej i wsp\u00f3\u0142czesnej fotografii \/ [red. merytoryczna Barbara Kupczyk-Mikulska]. &#8211; Garwolin:\u00a0 Urz\u0105d Miasta, 2012.<\/li>\n<li>Gda\u0144skie Studia Muzealne \/ Muzeum Narodowe w Gda\u0144sku. &#8211; Gda\u0144sk:\u00a0 Muzeum Narodowe, 1976-.<\/li>\n<li>Geometria maswerk\u00f3w gotyckich \/ Wojciech Guzicki; Stowarzyszenie na Rzecz Edukacji Matematycznej. &#8211; Krak\u00f3w:\u00a0 Wydawnictwo Szkolne Omega, 2011.<\/li>\n<li>Getto warszawskie:\u00a0 przewodnik po nieistniej\u0105cym mie\u015bcie \/ Barbara Engelking, Jacek Leociak; oprac. kartograficzne Pawe\u0142 E. Weszpi\u0144ski. &#8211; Wyd. 2 zm., popr i rozsz. &#8211; Warszawa:\u00a0 Stowarzyszenie Centrum Bada\u0144 nad Zag\u0142ad\u0105 \u017byd\u00f3w, 2013.<\/li>\n<li>Good practices in the preservation and promotion of Jewish heritage:\u00a0 a guide based on the Polish and Belarusian experiences \/ ed. by A. Bielawska, A. Maksimowska, A. Sidarovich. &#8211; Warszawa:\u00a0 Stowarzyszenie \u017bydowski Instytut Historyczny w Polsce, 2012.<\/li>\n<li>Gospodarka przestrzenna polskich miast i wsi \/ red. nauk. Witold Czarnecki, Marek Proniewski; Wy\u017csza Szko\u0142a Finans\u00f3w i Zarz\u0105dzania w Bia\u0142ymstoku. &#8211; Bia\u0142ystok:\u00a0 Wydawnictwo Wy\u017cszej Szko\u0142y Finans\u00f3w i Zarz\u0105dzania; 2002.<\/li>\n<li>Gotyk wielkopolski:\u00a0 architektura sakralna XIII-XVI wieku \/ Jacek Kowalski. &#8211; Pozna\u0144:\u00a0 Fundacja \u015awi\u0119tego Benedykta, 2010.<\/li>\n<li>Goya:\u00a0 Zabawy dzieci\u0119ce:\u00a0 Fundacja Fusara, Madryt \/ [tekst Arturo Ans\u00f3n Navarro, Carlos Gonz\u00e1les L\u00f3pez]. &#8211; Gda\u0144sk:\u00a0 Muzeum Narodowe, 2011.<\/li>\n<li>Grand Hotel Sopot \/ Marzena G\u00f3rska-Karpi\u0144ska. &#8211; Wyd. 2. &#8211; Warszawa:\u00a0 Wydawnictwo VEDA, 2013.<\/li>\n<li>Handbuch Buchverschluss und Buchbeschlag:\u00a0 Terminologie und Geschichte im deutschsprachigen Raum, in den Niderlanden und Italien vom fr\u00fchen Mittelalter bis in die Gegenwart \/ Georg Adler mit Zeichn. von Joachim Krauskopf. &#8211; Wiesbaden:\u00a0 Reichert Verlag, 2010.<\/li>\n<li>Handbuch St\u00e4dtebauliche Denkmalpflege \/ im Auftr. der Vereinigung der Landesdenkmalpfleger in der Bundesrepublik Deutschland; Volkmar Eidloth, Gerhard Ongyerth, Heinrich Walgern. &#8211; Petersberg:\u00a0 Michael Imhof Verlag, 2013.<\/li>\n<li>Herito:\u00a0 dziedzictwo, kultura, wsp\u00f3\u0142czesno\u015b\u0107 \/ heritage, culture &amp; the present \/ wyd.: Mi\u0119dzynarodowe Centrum Kultury; red. nacz. Jacek Purchla. &#8211; Krak\u00f3w:\u00a0 Mi\u0119dzynarodowe Centrum Kultury, 2010-.<\/li>\n<li>Historia i pami\u0119\u0107:\u00a0 cmentarze powiatu gryfi\u0144skiego \/ [oprac. tekstu Monika Baczy\u0144ska-Padjasek, Sylwia Cie\u015bla]. &#8211; Gryfino:\u00a0 Starostwo Powiatowe; Szczecin:\u00a0 Grapus, 2012.<\/li>\n<li>Historia ko\u015bcio\u0142a pw. \u015bwi\u0119tego Idziego w Modrzu \/ Agnieszka Kmiecik, Agnieszka Baumann-Borowicz. &#8211; Pozna\u0144:\u00a0 Wydawnictwo Ars Nova, 2012.<\/li>\n<li>Historia Polski \/ Bernard O&#8217;Connor; red. nauk. Pawe\u0142 Hanczewski. &#8211; Warszawa:\u00a0 Muzeum Pa\u0142ac w Wilanowie, 2012.<\/li>\n<li>History of art history in Central, Eastern and South-Eastern Europe. Vol. 1 \/ ed. by Jerzy Malinowski; Society of Modern Art in Toru\u0144 &amp; Department of History of Modern Art. Faculty of Fine Art, Nicolaus Copernicus University in Toru\u0144. &#8211; Toru\u0144:\u00a0 Society of Modern Art:\u00a0 Tako Publishing House, 2012.<\/li>\n<li>History of art history in Central, Eastern and South-Eastern Europe. Vol. 2 \/ ed. by Jerzy Malinowski; Society of Modern Art in Toru\u0144 &amp; Department of History of Modern Art. Faculty of Fine Art, Nicolaus Copernicus University in Toru\u0144. &#8211; Toru\u0144:\u00a0 Society of Modern Art:\u00a0 Tako Publishing House, 2012.<\/li>\n<li>Historyczne budowle wodno-energetyczne dorzecza Kamiennej i ocena mo\u017cliwo\u015bci budowy nowych elektrowni wodnych \/ Jerzy Suliga. &#8211; Warszawa:\u00a0 O\u015brodek Ochrony Zabytkowego Krajobrazu. Narodowa Instytucja Kultury, 1995.<\/li>\n<li>III Forum Architecturae Poloniae Medievalis:\u00a0 [Krak\u00f3w, 22-24 marca 2013]:\u00a0 praca zbiorowa \/ pod red. Klaudii Stali; [aut. Ma\u0142gorzata Chorowska et al.]. &#8211; Krak\u00f3w:\u00a0 Wydawnictwo PK, 2013.<\/li>\n<li>Ilustrowany atlas dawnej Warszawy \/ Robert Marcinkowski. &#8211; Wyd. 4 popr. &#8211; Warszawa:\u00a0 &#8220;Oliwka&#8221; Piotr Zi\u00f3\u0142kowski, 2013.<\/li>\n<li>I\u0142\u017ca:\u00a0 miasto ko\u015bcielne \/ Pawe\u0142 Nowakowski. &#8211; Radom:\u00a0 Neoflam, 2012.<\/li>\n<li>Impresje Chopinowskie:\u00a0 katalog wystawy \/ [red. Agnieszka Matkowska]; Muzeum Miejskie Wroc\u0142awia. &#8211; Wroc\u0142aw:\u00a0 Muzeum Miejskie Wroc\u0142awia, 2010.<\/li>\n<li>Informator Archeologiczny:\u00a0 badania 1996 \/ [pod red. Marka Gierlacha, Hanny Zaborowskiej, S\u0142awomira \u017b\u00f3\u0142kowskiego]. &#8211; Warszawa:\u00a0 O\u015brodek Ochrony Dziedzictwa Archeologicznego, 2005.<\/li>\n<li>Informator Archeologiczny:\u00a0 badania 1997 \/ [pod red. Doroty Cs\u00e1ky, Hanny Zaborowskiej, S\u0142awomira \u017b\u00f3\u0142kowskiego]. &#8211; Warszawa:\u00a0 O\u015brodek Ochrony Dziedzictwa Archeologicznego, 2006.<\/li>\n<li>Innowacyjno\u015b\u0107 a to\u017csamo\u015b\u0107 miejsca w rewitalizacji obszar\u00f3w miejskich:\u00a0 [Zandka] \/ red. nauk. Magdalena \u017bmudzi\u0144ska-Nowak. &#8211; Gliwice:\u00a0 Politechnika \u015al\u0105ska. Wydzia\u0142 Architektury, 2012.<\/li>\n<li>Intangible heritage \/ ed. by Laurajane Smith and Natsuko Akagawa. &#8211; London; New York:\u00a0 Routledge Taylor &amp; Francis Group, 2009.<\/li>\n<li>Inwentarz d\u00f3br rzucewsko-wejherowskich z roku 1711 \/ wyda\u0142 Andrzej Groth. &#8211; Wejherowo:\u00a0 Muzeum Pi\u015bmiennictwa i Muzyki Kaszubsko-Pomorskiej, 2011.<\/li>\n<li>Inwentarz Generalny 1696 z opracowaniem \/ Anna Kwiatkowska. &#8211; Warszawa:\u00a0 Muzeum Pa\u0142ac w Wilanowie, 2012.<\/li>\n<li>Inwentarze pa\u0142acu w Nieborowie 1694-1939:\u00a0 \u017ar\u00f3d\u0142a do dziej\u00f3w pa\u0142ac\u00f3w Radziwi\u0142\u0142\u00f3w zachowane w bibliotece nieborowskiej \/ zebr. i oprac. Izydor Grzeluk i Walerian Warcha\u0142owski. &#8211; Warszawa:\u00a0 Wydawnictwo DiG, 2012.<\/li>\n<li>Istota kultury \/ Alfred Louis Kroeber. &#8211; Warszawa:\u00a0 Wydawnictwo Naukowe PWN, 2002.<\/li>\n<li>Jacek Malczewski i symboli\u015bci \/ pod red. Krzysztofa St\u0119pnika i Moniki Gabry\u015b-S\u0142awi\u0144skiej. &#8211; Lublin:\u00a0 Wydawnictwo Uniwersytetu Marii Curie-Sk\u0142odowskiej, 2012.<\/li>\n<li>Jasnog\u00f3rski park klasztorny:\u00a0 dzieje, kszta\u0142t, znaczenie \/ Barbara Furs. &#8211; Cz\u0119stochowa:\u00a0 Pro-Auto, 2012.<\/li>\n<li>Jastrz\u0119bie Zdr\u00f3j:\u00a0 dzieje uzdrowiska 1861-1994 \/ Marcin Boratyn, Dariusz Mazur. &#8211; Jastrz\u0119bie-Zdr\u00f3j:\u00a0 Urz\u0105d Miasta, 2011.<\/li>\n<li>Jeremias Joseph Knechtel (1679-1750):\u00a0 legnicki malarz doby baroku \/ pod red. Andrzeja Kozie\u0142a i Emilii K\u0142ody; Muzeum Miedzi w Legnicy. &#8211; Legnica:\u00a0 Muzeum Miedzi, 2012.<\/li>\n<li>Johann Pol rze\u017abiarz z G\u0142ogowa \/ Jakub Jagie\u0142\u0142o. &#8211; Warszawa:\u00a0 Wydawnictwo CM, 2013.<\/li>\n<li>Journal of cultural heritage management and sustainable development. &#8211; Bingley:\u00a0 Emerald Group Publishing, 2011-.<\/li>\n<li>Journal of cultural heritage. &#8211; Paris:\u00a0 Elsevier, 1999-.<\/li>\n<li>Kapliczki i krzy\u017ce przydro\u017cne w Polsce \/ Tomasz Czerwi\u0144ski. &#8211; Warszawa:\u00a0 Sport i Turystyka &#8211; Muza, 2012.<\/li>\n<li>Kartografia miast Mazowsza i ziemi dobrzy\u0144skiej do ko\u0144ca XIX wieku \/ Agnieszka Bartoszewicz, Henryk Bartoszewicz; Naczelna Dyrekcja Archiw\u00f3w Pa\u0144stwowych; Akademia Humanistyczna im. Aleksandra Gieysztora; Archiwum G\u0142\u00f3wne Akt Dawnych. &#8211; Wyd. 2 popr. i uzup. &#8211; Warszawa:\u00a0 Naczelna Dyrekcja Archiw\u00f3w Pa\u0144stwowych; Archiwum G\u0142\u00f3wne Akt Dawnych; Pu\u0142tusk:\u00a0 Akademia Humanistyczna im. Aleksandra Gieysztora, 2012.<\/li>\n<li>Katalog plan\u00f3w, pomiar\u00f3w i rysunk\u00f3w architektonicznych w zbiorach Instytutu Sztuki PAN. T. 2, Warszawa. Cz. 2 \/ Maria Szkur\u0142at; pod red. Wandy Mossakowskiej. &#8211; Warszawa:\u00a0 Instytut Sztuki Polskiej Akademii Nauk, 2011.<\/li>\n<li>Katalog zabytk\u00f3w sztuki:\u00a0 wojew\u00f3dztwo wroc\u0142awskie (dolno\u015bl\u0105skie):\u00a0 powiat o\u0142awski \/ pod red. El\u017cbiety Ko\u0142aczkiewicz; oprac. aut. Arkadiusz Dobrzyniecki [et al.]. &#8211; Warszawa:\u00a0 Instytut Sztuki PAN; [Wroc\u0142aw]:\u00a0 Instytut Historii Sztuki Uniwersytetu Wroc\u0142awskiego, 2013.<\/li>\n<li>Katalog zabytk\u00f3w sztuki w Polsce. T. 4, Miasto Krak\u00f3w. Cz. 11, \u015ar\u00f3dmie\u015bcie:\u00a0 ulica S\u0142awkowska \/ oprac. aut. Pawe\u0142 Dettloff. &#8211; Warszawa:\u00a0 Instytut Sztuki Polskiej Akademii Nauk, 2012.<\/li>\n<li>Katalog zbior\u00f3w malarstwa kraj\u00f3w roma\u0144skich \/ oprac. Bo\u017cena Steinborn; Muzeum Narodowe we Wroc\u0142awiu. &#8211; Wyd. 2 rozsz. i popr. &#8211; Wroc\u0142aw:\u00a0 Muzeum Narodowe, 2012.<\/li>\n<li>Kazimierz odnowiony:\u00a0 jego zabytki i krajobraz kulturowy \/ Adam Mi\u0142ob\u0119dzki, Krzysztof Chmielewski, Jaros\u0142aw Krawczyk. &#8211; Warszawa:\u00a0 Muzeum Pa\u0142ac w Wilanowie, 2012.<\/li>\n<li>Kazimierza Stronczy\u0144skiego opisy i widoki zabytk\u00f3w w Kr\u00f3lestwie Polskim (1844-1855). T. 4, Gubernia P\u0142ocka:\u00a0 [opisy] \/ oprac. Robert Kunkel; przy udziale Wojciecha Szyma\u0144skiego; Biblioteka Uniwersytecka w Warszawie. Gabinet Rycin, Narodowy Instytut Dziedzictwa. &#8211; Warszawa:\u00a0 Narodowy Instytut Dziedzictwa, 2013.<\/li>\n<li>Kolejowe rarytasy \/ Jacek Radziewicz-Winnicki. &#8211; Rybnik:\u00a0 Wydawnictwo Eurospinter, 2011.<\/li>\n<li>Kolekcja wilanowska kontynuacja 1993-2011 \/ [oprac. red. Zofia Jurkowlaniec]. &#8211; Warszawa:\u00a0 Muzeum Pa\u0142ac w Wilanowie, 2012.<\/li>\n<li>Konsekwencje nowoczesno\u015bci \/ Anthony Giddens. &#8211; Krak\u00f3w:\u00a0 Wydawnictwo Uniwersytetu Jagiello\u0144skiego, 2008.<\/li>\n<li>Konservierungswissenschaft schreibt Geschichte:\u00a0 Objektrestaurierung an der Angewandten:\u00a0 ein Beitrag zur Entwicklungsgeschichte der Konservierungswissenschaft und Restaurierung \/ Elisabeth Krack. &#8211; Wien:\u00a0 K\u00f6ln:\u00a0 B\u00f6hlau Verlag, 2012.<\/li>\n<li>Konserwacja dzie\u0142 niezachowanych \/ Roman Jacek Kieferling. &#8211; Krak\u00f3w:\u00a0 Wydawnictwo Akademii Sztuk Pi\u0119knych im. Jana Matejki, 2012.<\/li>\n<li>Konserwacja monet i medali \/ Marek Ko\u0142yszko. &#8211; Warszawa:\u00a0 Polskie Towarzystwo Numizmatyczne, 2012.<\/li>\n<li>Konteksty:\u00a0 polska sztuka ludowa:\u00a0 antropologia kultury, etnografia, sztuka \/ Polska Akademia Nauk. Instytut Sztuki. &#8211; Warszawa:\u00a0 Instytut Sztuki PAN, 1990-.<\/li>\n<li>Korozja biologiczna drewna materialnych d\u00f3br kultury:\u00a0 poradnik konserwatorski \/ Adam Krajewski, Piotr Witomski. &#8211; Warszawa:\u00a0 Wydawnictwo SGGW, 2012.<\/li>\n<li>Kostium historyczny w tw\u00f3rczo\u015bci Jana Matejki na tle malarstwa XIX wieku \/ Anna Straszewska; Polska Akademia Nauk. Instytut Sztuki. &#8211; Warszawa:\u00a0 Liber Pro Arte; Krak\u00f3w:\u00a0 Muzeum Narodowe, 2012.<\/li>\n<li>Kostiumologia polska jako nauka pomocnicza historii \/ Anna Sieradzka; Instytut Historii Polskiej Akademii Nauk. &#8211; Warszawa:\u00a0 Wydawnictwo DiG, 2013.<\/li>\n<li>Ko\u015bcio\u0142y i klasztory rzymskokatolickie dawnego wojew\u00f3dztwa nowogr\u00f3dzkiego. T. 3, Miasto S\u0142onim \/ red. Maria Ka\u0142amajska-Saeed; Mi\u0119dzynarodowe Centrum Kultury w Krakowie. &#8211; Krak\u00f3w:\u00a0 Mi\u0119dzynarodowe Centrum Kultury, 2013.<\/li>\n<li>Ko\u015bcio\u0142y i klasztory rzymskokatolickie dawnego wojew\u00f3dztwa ruskiego. T. 20, Ko\u015bcio\u0142y i klasztory Lwowa z okresu przedrozbiorowego (2) \/ oprac. Andrzej Betlej, Marcin Biernat [et al.]; Mi\u0119dzynarodowe Centrum Kultury w Krakowie. &#8211; Krak\u00f3w:\u00a0 Mi\u0119dzynarodowe Centrum Kultury, 2012.<\/li>\n<li>Ko\u015bcio\u0142y na \u015al\u0105sku z XV i pocz\u0105tku XVI wieku:\u00a0 (Bojsz\u00f3w, Gliwice, Ksi\u0119\u017cy Las, \u0141aziska, \u0141\u0105czna, Poniszowice) \/ Gra\u017cyna Ruszczyk; badania dendrochronologiczne Aleksander Konieczny. &#8211; Warszawa:\u00a0 Instytut Sztuki Polskiej Akademii Nauk, 2012.<\/li>\n<li>Ko\u015bci\u00f3\u0142 parafialny \u015awi\u0119tej Tr\u00f3jcy w Kro\u015bnie w panoramie dziej\u00f3w miasta \/ pod red. Piotra \u0141opatkiewicza; Pa\u0144stwowa Wy\u017csza Szko\u0142a Zawodowa im. Stanis\u0142awa Pigonia w Kro\u015bnie. &#8211; Krosno:\u00a0 Pa\u0144stwowa Wy\u017csza Szko\u0142a Zawodowa im. Stanis\u0142awa Pigonia, 2012.<\/li>\n<li>Ko\u015bci\u00f3\u0142 \u015bw. Jana w Gda\u0144sku \/ Iwona Berent, Jakub Szczepa\u0144ski. &#8211; Gda\u0144sk:\u00a0 Nadba\u0142tyckie Centrum Kultury, 2012.<\/li>\n<li>Ko\u015bci\u00f3\u0142 \u015bw. Jana w Gda\u0144sku:\u00a0 w kr\u0119gu kultury sepulkralnej \/ red. nauk. Jakub Szczepa\u0144ski. &#8211; Gda\u0144sk:\u00a0 Nadba\u0142tyckie Centrum Kultury, 2012.<\/li>\n<li>Ko\u015bci\u00f3\u0142 w D\u0142u\u017cycach:\u00a0 przyk\u0142ad wystroju \u015bwi\u0105tyni lutera\u0144skiej drugiej po\u0142owy XVII wieku na \u015al\u0105sku \/ Piotr Borusowski, Jakub Jagie\u0142\u0142o, Katarzyna M\u0105czewska, Kamil Trzaska. &#8211; Warszawa:\u00a0 Studenckie Ko\u0142o Naukowe Instytutu Historii Sztuki Uniwersytetu Warszawskiego; \u015acinawa:\u00a0 Stowarzyszenie Spo\u0142eczno-Kulturalne Ziemi \u015aciniawskiej &#8220;Ma\u0142a Ojczyzna&#8221;, 2005.<\/li>\n<li>Ko\u015bci\u00f3\u0142, kt\u00f3ry zbudowali anio\u0142owie:\u00a0 zarys dziej\u00f3w ko\u015bcio\u0142a Wniebowzi\u0119cia NMP w Gieczu \/ red. nauk. El\u017cbieta Indycka, Andrzej M. Wyrwa; Muzeum Pierwszych Piast\u00f3w na Lednicy. &#8211; Dziekanowice-Lednica:\u00a0 Muzeum Pierwszych Piast\u00f3w na Lednicy, 2009.<\/li>\n<li>Kozienice:\u00a0 za\u0142o\u017cenie pa\u0142acowo-ogrodowe \/ Agnieszka Jelonkiewicz-Ch\u0119\u0107. &#8211; Kozienice:\u00a0 [ Urz\u0105d Miasta i Gminy], 1999.<\/li>\n<li>Krajobraz g\u00f3rniczy ziemi cz\u0119stochowskiej \/ \u0141ukasz Pabich. &#8211; Cz\u0119stochowa:\u00a0 Muzeum Cz\u0119stochowskie, 2011.<\/li>\n<li>Krajobraz miejski w warunkach demokracji i wolnego rynku \/ pod red. Aleksandra B\u00f6hma. &#8211; Warszawa:\u00a0 O\u015brodek Ochrony Zabytkowego Krajobrazu. Narodowa Instytucja Kultury, 1996.<\/li>\n<li>Krajobraz przestrzeni publicznej wsi:\u00a0 zagadnienia planowania i projektowania ruralistycznego \/ Anna G\u00f3rka. &#8211; Gda\u0144sk:\u00a0 Wydawnictwo Politechniki Gda\u0144skiej, 2012.<\/li>\n<li>Krajobraz wielkoobszarowych maj\u0105tk\u00f3w ziemskich w Wielkopolsce &#8211; od Turwi do Sobiejuch:\u00a0 Materia\u0142y Seminarium Naukowo &#8211; Konserwatorskiego Czempi\u0144 &#8211; Lubostro\u0144, 16 &#8211; 18 wrze\u015bnia 1992 \/ [zesp\u00f3\u0142 red. Andrzej Micha\u0142owski et al.]. &#8211; Warszawa:\u00a0 Zarz\u0105d Ochrony i Konserwacji Zespo\u0142\u00f3w Pa\u0142acowo-Ogrodowych, 1993.<\/li>\n<li>Krajobraz XXI wieku:\u00a0 sztuka krajobrazu i w krajobrazie na tle przemian w sztuce prze\u0142omu XX i XXI wieku \/ pod red. Jan Rylke. &#8211; Warszawa:\u00a0 Wydawnictwo Sztuka Ogrodu Sztuka Krajobrazu, 2011.<\/li>\n<li>Kreator:\u00a0 rze\u017abiarskie dzie\u0142o Xawerego Dunikowskiego \/ Aleksandra Melbechowska-Luty. &#8211; Warszawa:\u00a0 Wydawnictwo Neriton, 2012.<\/li>\n<li>Kronika Miasta Poznania:\u00a0 miesi\u0119cznik po\u015bwi\u0119cony sprawom kulturalnym sto\u0142. m. Poznania:\u00a0 (organ Towarzystwa Mi\u0142o\u015bnik\u00f3w Miasta Poznania) \/ red. Zygmunt Zaleski. &#8211; Pozna\u0144:\u00a0 Magistrat sto\u0142. m. Poznania, 1923-.<\/li>\n<li>Kr\u00f3lowa Wis\u0142a \/ Tadeusz W\u0142adys\u0142aw \u015awi\u0105tek, Rafa\u0142 Chwiszczuk. &#8211; Warszawa:\u00a0 Fundacja &#8220;Cultus&#8221;, 2012.<\/li>\n<li>Kryteria oceny krajobrazu kulturowego miast nowych lub znacznie rozbudowanych w okresie mi\u0119dzywojennym i powojennym:\u00a0 konferencja cz\u0119\u015b\u0107 I i cz\u0119\u015b\u0107 II, M\u0105dralin 2-3.12.1992 &#8211; 16.02.1993 \/ [red. Hanna Adamczewska-Wejchert et al.]. &#8211; Warszawa:\u00a0 O\u015brodek Ochrony Zabytkowego Krajobrazu. Narodowa Instytucja Kultury, 1994.<\/li>\n<li>Krzy\u017cackie zamki komturskie w Prusach:\u00a0 topografia i uk\u0142ad przestrzenny na podstawie \u015bredniowiecznych \u017ar\u00f3de\u0142 pisanych \/ S\u0142awomir J\u00f3\u017awiak, Janusz Trupinda. &#8211; Toru\u0144:\u00a0 Wydawnictwo Naukowe Uniwersytetu Miko\u0142aja Kopernika, 2012.<\/li>\n<li>Krzy\u017ce i kapliczki przydro\u017cne jako znaki spo\u0142ecznej, kulturowej i religijnej pami\u0119ci \/ pod red. Jana Adamowskiego, Marty W\u00f3jcickiej. &#8211; Lublin:\u00a0 Wydawnictwo Uniwersytetu Marii Curie-Sk\u0142odowskiej, 2011.<\/li>\n<li>Krzy\u017ce i kapliczki w Szufnarowej \/ Zenon Petka. &#8211; Szufnarowa; Wi\u015bniowa:\u00a0 Gminna Biblioteka Publiczna, 2012.<\/li>\n<li>Kszta\u0142towanie kopu\u0142 z drewna jednolitego \/ Barbara Misztal. &#8211; Wroc\u0142aw:\u00a0 Oficyna Wydawnicza Politechniki Wroc\u0142awskiej, 2012.<\/li>\n<li>Ku nowej filozofii dziedzictwa \/ Andrzej Tomaszewski; wybra\u0142a i oprac. Ewa \u015awi\u0119cka. &#8211; Krak\u00f3w:\u00a0 Mi\u0119dzynarodowe Centrum Kultury, 2012.<\/li>\n<li>Kulturowe aspekty struktury spo\u0142ecznej:\u00a0 fundamenty, konstrukcje, fasady:\u00a0 praca zbiorowa \/ pod red. Piotra Gli\u0144skiego, Ireneusza Sadowskiego i Alicji Zawistowskiej. &#8211; Warszawa:\u00a0 Wydawnictwo Instytutu Filozofii i Socjologii PAN; Bia\u0142ystok:\u00a0 Wydzia\u0142 Historyczno-Socjologiczny Uniwersytetu w Bia\u0142ymstoku, 2010.<\/li>\n<li>Kwerenda archiwalna i bibliograficzna za\u0142o\u017ce\u0144 pa\u0142acowo-parkowych woj. jeleniog\u00f3rskiego \/ Ewa Kica, Ewa Kieres-Jakubaszek, Artur Hryniewicz. &#8211; Warszawa:\u00a0 O\u015brodek Ochrony Zabytkowego Krajobrazu. Narodowa Instytucja Kultury, 1997.<\/li>\n<li>Le patrimoine: \u00a0moteur de d\u00e9veloppement:\u00a0 enjeux et projets:\u00a0 r\u00e9sultats du symposium de la XVII\u00e8me Assembl\u00e9e g\u00e9n\u00e9rale de l&#8217;ICOMOS organis\u00e9e par ICOMOS France, du 27 novembre au 2 d\u00e9cembre 2011 Maison de l&#8217;UNESCO, Paris \/ [la direction de Benjamin Mouton]. &#8211; Paris:\u00a0 ICOMOS, [2013].<\/li>\n<li>Leksykon poj\u0119\u0107 i problem\u00f3w archeologii polowej \/ Ryszard Olgierd Mazurowski. &#8211; Pozna\u0144:\u00a0 Wydawnictwo Nauka i Innowacje, 2013.<\/li>\n<li>Leksykon zabytk\u00f3w architektury Ma\u0142opolski \/ Bogus\u0142aw Krasnowolski. &#8211; Warszawa:\u00a0 Wydawnictwo Arkady, 2013.<\/li>\n<li>Leszczy\u0144skie koszary z lat 1901-1905 na planach budowlanych Archiwum Pa\u0144stwowego w Lesznie \/ Miron Urbaniak. &#8211; Leszno:\u00a0 Archiwum Pa\u0144stwowe; [Warszawa]:\u00a0 Naczelna Dyrekcja Archiw\u00f3w Pa\u0144stwowych, 2012.<\/li>\n<li>Letniska Falenickie 1938:\u00a0 Anin, Mi\u0119dzylesie, Rado\u015b\u0107, Zb\u00f3jna G\u00f3ra, Miedzeszyn, Falenica, Emilian\u00f3w, Michalin, J\u00f3zef\u00f3w, \u015awider \/ [oprac. Robert Lewandowski]. &#8211; J\u00f3zef\u00f3w:\u00a0 Wydawnictwo \u015awidermajer, 2012.<\/li>\n<li>Lietuvos Did\u017eiosios Kunigaik\u0161tyst\u00e9s valdov\u0173 r\u016bmai ir j\u0173 akt\u016brimas \/ sudaryt. Vydas Dolinskas, Daiva Steponavi\u010dien\u00e9. &#8211; Wyd. 2. &#8211; Vilnius:\u00a0 Nacionalinis muziejus Lietuvos Did\u017eiosios Kunigaik\u0161tyst\u0117s valdov\u0173 r\u016bmai:\u00a0 Lietuvos dail\u0117s muziejus, 2009.<\/li>\n<li>Lipnicka fara:\u00a0 rewitalizacja XIV-wiecznego ko\u015bcio\u0142a parafialnego \u015bw. Andrzeja Aposto\u0142a w Lipnicy Murowanej, poprzedzaj\u0105ca jubileusz 650-lecia jego powstania \/ [Pawe\u0142 Bielak, Zbigniew Kras]. &#8211; Krak\u00f3w:\u00a0 Wydawnictwo Instytutu Teologicznego Ksi\u0119\u017cy Misjonarzy, [2011].<\/li>\n<li>Literacki s\u0142ownik architektury:\u00a0 wyb\u00f3r subiektywny \/ Janusz Andrzej W\u0142odarczyk; Wy\u017csza Szko\u0142a Techniczna w Katowicach. &#8211; Katowice:\u00a0 Wy\u017csza Szko\u0142a Techniczna, 2007.<\/li>\n<li>Ludowe stereotypy obcowania \u015bwiata i za\u015bwiat\u00f3w w j\u0119zyku i kulturze polskiej \/ Ewa Mas\u0142owska; Instytut Slawistyki Polskiej Akademii Nauk, Fundacja Slawistyczna. &#8211; Warszawa:\u00a0 Wydawnictwo Agade Bis, 2012.<\/li>\n<li>Ludowo\u015b\u0107 na sprzeda\u017c:\u00a0 Towarzystwo Popierania Przemys\u0142u Ludowego, Cepelia, Instytut Wzornictwa Przemys\u0142owego \/ Piotr Korduba. &#8211; Warszawa:\u00a0 Fundacja B\u0119c Zmiana:\u00a0 Narodowe Centrum Kultury, 2013.<\/li>\n<li>Lutnictwo podhala\u0144skie:\u00a0 ci\u0105g\u0142o\u015b\u0107 tradycji \/ Wojciech Malawski. &#8211; Warszawa:\u00a0 Instytut Sztuki Polskiej Akademii Nauk:\u00a0 Stowarzyszenie Liber Pro Arte, 2012.<\/li>\n<li>\u0141azienki \/ [tekst Marcin Boratyn]. &#8211; Jastrz\u0119bie-Zdr\u00f3j:\u00a0 Miejski O\u015brodek Kultury, 2012.<\/li>\n<li>\u0141\u0119kawica 21:37:\u00a0 praca zbiorowa \/ pod red. Mariusza Hujdusa. &#8211; \u0141\u0119kawica:\u00a0 Trzebinia:\u00a0 \u017bywiec Media Mariusz Hujdus, 2012.<\/li>\n<li>\u0141owiectwo w kulturze polskiej:\u00a0 obszary i kszta\u0142ty obecno\u015bci \/ W\u0142adys\u0142aw Dynak. &#8211; Wroc\u0142aw:\u00a0 Wydawnictwo Uniwersytetu Wroc\u0142awskiego, 2012.<\/li>\n<li>\u0141\u00f3dzki modernizm i inne nurty przedwojennego budownictwa. T. 2, Osiedla i obiekty mieszkalne \/ Joanna Olenderek. &#8211; \u0141\u00f3d\u017a:\u00a0 Ksi\u0119\u017cy M\u0142yn Dom Wydawniczy, 2012.<\/li>\n<li>\u0141yna &#8211; Wad\u0105g:\u00a0 szlak wodny \/ Wojciech Kujawski. &#8211; Olsztyn:\u00a0 Wydawnictwo QMiKa, 2013.<\/li>\n<li>Malarstwo Europy \u015arodkowej XVI-XVIII w.:\u00a0 Niemcy, Austria, Czechy, W\u0119gry, S\u0142owacja:\u00a0 katalog zbior\u00f3w \/ Beata Lejman. &#8211; Wroc\u0142aw:\u00a0 Muzeum Narodowe, 2012.<\/li>\n<li>Malarstwo na miedzi \/ [tekst Hana Seifertov\u00e1, \u0141ucja Wojtasik-Seredyszyn]. &#8211; Legnica:\u00a0 Muzeum Miedzi; Praha:\u00a0 N\u00e1rodn\u00ed Galerie, 2003.<\/li>\n<li>Mam ja skarb mam&#8230;:\u00a0 katalog:\u00a0 wystawa z okazji czterystu lat pobytu Karmelitanek Bosych w Polsce \/ [red. Joanna Daranowska-\u0141ukaszewska]; Muzeum Historyczne Miasta Krakowa, Muzeum Archeologiczne w Krakowie, Krakowska Prowincja Karmelit\u00f3w Bosych. &#8211; Krak\u00f3w:\u00a0 Krakowska Prowincja Karmelit\u00f3w Bosych, 2012.<\/li>\n<li>Manufaktura styl\u00f3w:\u00a0 wyroby fajansowe z bada\u0144 w Stargardzie \/ [tekst Karol Kwiatkowski]. &#8211; Stargard:\u00a0 Muzeum w Stargardzie, 2012.<\/li>\n<li>Mariano Fortuny Marsal (1838-1874):\u00a0 ryciny \/ [teksty Carlos Gonz\u00e1les L\u00f3pez, Ana Figueras Torruella]. &#8211; Gda\u0144sk:\u00a0 Muzeum Narodowe, 2013.<\/li>\n<li>Marinetti i futuryzm w Polsce 1909-1939:\u00a0 obecno\u015b\u0107, kontakty, wydarzenia \/ Przemys\u0142aw Stro\u017cek. &#8211; Warszawa:\u00a0 Instytut Sztuki Polskiej Akademii Nauk, 2012.<\/li>\n<li>Materia \u015bwiat\u0142a i cienia:\u00a0 alabaster w rze\u017abie niderlandzkiej XVI-XVII wieku \/ red. Jacek Kriegseisen; wsp\u00f3\u0142pr. Aleksandra Lipi\u0144ska. &#8211; Gda\u0144sk:\u00a0 Muzeum Narodowe:\u00a0 2011.<\/li>\n<li>Materia\u0142y do Dziej\u00f3w Kultury i Sztuki Bydgoszczy i Regionu \/ Pracownia Dokumentacji i Popularyzacji Zabytk\u00f3w Wojew\u00f3dzkiego O\u015brodka Kultury w Bydgoszczy; [kom. red. Krzysztof Bartowski, Bogna Derkowska-Kostkowska, Piotr Winter; red. nauk. Barbara Janiszewska-Mincer]. &#8211; Bydgoszcz:\u00a0 Wojew\u00f3dzki O\u015brodek Kultury, 1996-.<\/li>\n<li>Materia\u0142y do dziej\u00f3w Ziemi P\u0142ockiej z archiwali\u00f3w diecezjalnych p\u0142ockich XVIII wieku. T. 10, Ziemia Dobrzy\u0144ska \/ zebra\u0142 i do druku przyg. Micha\u0142 Marian Grzybowski. &#8211; P\u0142ock:\u00a0 Towarzystwo Naukowe P\u0142ockie, 1999.<\/li>\n<li>Materia\u0142y do dziej\u00f3w Ziemi P\u0142ockiej z archiwali\u00f3w diecezjalnych p\u0142ockich XVIII wieku. T. 11, Ziemia Gostyni\u0144ska \/ zebra\u0142 i do druku przyg. Micha\u0142 Marian Grzybowski. &#8211; P\u0142ock:\u00a0 Towarzystwo Naukowe P\u0142ockie, 2000.<\/li>\n<li>Materia\u0142y Muzeum Budownictwa Ludowego w Sanoku \/ [red.] Adam Fastnacht. &#8211; Sanok:\u00a0 Muzeum Budownictwa Ludowego, 1964-.<\/li>\n<li>Metropolie:\u00a0 problemy rozwoju \/ red. nauk. Witold Czarnecki, Marek Proniewski; Wy\u017csza Szko\u0142a Finans\u00f3w i Zarz\u0105dzania w Bia\u0142ymstoku. &#8211; Bia\u0142ystok:\u00a0 Wydawnictwo Wy\u017cszej Szko\u0142y Finans\u00f3w i Zarz\u0105dzania, 2009.<\/li>\n<li>Miasto Stalowa Wola:\u00a0 unikatowy zesp\u00f3\u0142 urbanistyczno-architektoniczny z ko\u0144ca lat 30. XX wieku \/ red. nauk. Anna Sieradzka. &#8211; Wyd. 2 popr. &#8211; Stalowa Wola:\u00a0 Muzeum Regionalne, 2012.<\/li>\n<li>Michael Willmann i jego malarska pracownia \/ Andrzej Kozie\u0142. &#8211; Wroc\u0142aw:\u00a0 Wydawnictwo Uniwersytetu Wroc\u0142awskiego, 2013.<\/li>\n<li>Mieczys\u0142aw G\u0119barowicz (1893-1984):\u00a0 uczony i opiekun narodowych d\u00f3br kultury \/ Maciej Matwij\u00f3w. &#8211; Warszawa:\u00a0 Wydawnictwo DiG, 2013.<\/li>\n<li>Miejscowy plan og\u00f3lny zagospodarowania przestrzennego miasta \u0141\u0119knica \/ [red. Andrzej Micha\u0142owski et al.]. &#8211; Warszawa:\u00a0 O\u015brodek Ochrony Zabytkowego Krajobrazu. Narodowa Instytucja Kultury, 1995.<\/li>\n<li>Miejska przestrze\u0144 to\u017csamo\u015bci Warszawy \/ Miko\u0142aj Madurowicz. &#8211; Warszawa:\u00a0 Wydawnictwo Uniwersytetu Warszawskiego, 2008.<\/li>\n<li>Mi\u0119dzy etnografi\u0105 a sztuk\u0105:\u00a0 mitologizacja Hucu\u0142\u00f3w i Huculszczyzny w kulturze polskiej XIX i XX wieku \/ Agnieszka Jankowska-Marzec; Instytut Historii Sztuki Uniwersytetu Jagiello\u0144skiego. &#8211; Krak\u00f3w:\u00a0 Towarzystwo Autor\u00f3w i Wydawc\u00f3w Prac Naukowych Universitas, 2013.<\/li>\n<li>Mi\u0119dzy form\u0105 a ideologi\u0105:\u00a0 architektura XX wieku w Polsce \/ pod red. Ewy Perli\u0144skiej-Kobierzy\u0144skiej. &#8211; Warszawa:\u00a0 Ciekawe Miejsca.net, [2012].<\/li>\n<li>Mi\u0119dzy obyczajem a prawem:\u00a0 kultura sarmatyzmu w Polsce XVI-XVIII wieku \/ Maria Bogucka. &#8211; Warszawa:\u00a0 Wydawnictwo Neriton, 2013.<\/li>\n<li>Mi\u0119dzy s\u0142upem i ryglem:\u00a0 swojskie dziedzictwo Pomorza Zachodniego \/ Maria Witek, Cezary Nowakowski; Biuro Dokumentacji Zabytk\u00f3w w Szczecinie. &#8211; Szczecin:\u00a0 Biuro Dokumentacji Zabytk\u00f3w, 2012.<\/li>\n<li>Mi\u0144sk Mazowiecki &#8211; jedno miasto?:\u00a0 studium historyczno-urbanistyczne Mi\u0144ska Mazowieckiego i Sendomierza \/ Alicja Lutosta\u0144ska. &#8211; Mi\u0144sk Mazowiecki:\u00a0 Towarzystwo Przyjaci\u00f3\u0142 Mi\u0144ska Mazowieckiego, 2012.<\/li>\n<li>Mister Warszawy:\u00a0 architektura mieszkaniowa lat 60. XX wieku \/ red. \u0141ukasz Gorczyca, Marek Czapelski. &#8211; Warszawa:\u00a0 Raster, 2012.<\/li>\n<li>Mistrzowie i dyletanci:\u00a0 spotkania ze sztuk\u0105 polsk\u0105 XIX wieku \/ Wojciech Przybyszewski. &#8211; Warszawa:\u00a0 Muzeum Pa\u0142ac w Wilanowie, 2012.<\/li>\n<li>Modernizm w wojew\u00f3dztwie \u015bl\u0105skim w latach 1922-1939 \/ [tekst kat. Jacek D\u0119bski]. &#8211; Tychy:\u00a0 Muzeum Miejskie, 2012.<\/li>\n<li>Modernizmy:\u00a0 architektura nowoczesno\u015bci w II Rzeczypospolitej. T. 1, Krak\u00f3w i wojew\u00f3dztwo krakowskie \/ pod red. Andrzeja Szczerskiego. &#8211; Krak\u00f3w:\u00a0 Studio wydawnicze DodoEditor, 2013.<\/li>\n<li>Modus:\u00a0 prace z historii sztuki \/ Instytut Historii Sztuki Uniwersytetu Jagiello\u0144skiego. &#8211; Krak\u00f3w:\u00a0 Universitas, 2000-.<\/li>\n<li>Monografia. Seria Architektura \/ Politechnika Krakowska im. Tadeusza Ko\u015bciuszki. &#8211; Krak\u00f3w:\u00a0 Wydawnictwo Politechniki Krakowskiej.<\/li>\n<li>Mors sola victris, gloria victis:\u00a0 150. rocznica wybuchu powstania styczniowego 1863-1864:\u00a0 katalog wystawy:\u00a0 opracowanie zbiorowe \/ [komisarz wystawy Dorota Lewandowska]; Archiwum G\u0142\u00f3wne Akt Dawnych, Naczelna Dyrekcja Archiw\u00f3w Pa\u0144stwowych, Archiwa Pa\u0144stwowe. &#8211; Warszawa:\u00a0 Archiwum G\u0142\u00f3wne Akt Dawnych:\u00a0 Naczelna Dyrekcja Archiw\u00f3w Pa\u0144stwowych, 2012.<\/li>\n<li>Morskie drogowskazy polskiego wybrze\u017ca \/ Antoni F. Komorowski, Iwona Pietkiewicz, Adam Szulczewski. &#8211; Gda\u0144sk:\u00a0 Fundacja Promocji Przemys\u0142u Okr\u0119towego i Gospodarki Morskiej, 2011.<\/li>\n<li>Murowana architektura roma\u0144ska i gotycka w Wielkopolsce. T. 3, Architektura mieszcza\u0144ska \/ Janusz Tomala. &#8211; Kalisz:\u00a0 Edytor &#8211; S\u0142awomir Wo\u017aniak, 2012.<\/li>\n<li>Muzea publiczne:\u00a0 studium administracyjnoprawne \/ Katarzyna Zalasi\u0144ska. &#8211; Warszawa:\u00a0 LexisNexis, 2013.<\/li>\n<li>Na ludowo:\u00a0 muzea, skanseny, obrz\u0119dy, zwyczaje \/ [oprac. tekst\u00f3w Pawe\u0142 Anders et al.]. &#8211; Warszawa:\u00a0 Demart, 2011.<\/li>\n<li>Na srebrnym koniu:\u00a0 archeologiczne skarby znad Morza Czarnego i z Kaukazu \/ pod red. Andrzeja Kokowskiego, Matthias Wemhoff. &#8211; Lublin:\u00a0 Instytut Archeologii UMCS, 2011.<\/li>\n<li>Na su\u0142ta\u0144skim dworze:\u00a0 wyb\u00f3r akwarel z orientalnego albumu Bartholom\u00e4usa Schachmana \/ [red. Magdalena Mielnik]. &#8211; Gda\u0144sk:\u00a0 Muzeum Narodowe, [2012].<\/li>\n<li>Najstarsze latarnie morskie Zatoki Gda\u0144skiej \/ Antoni F. Komorowski, Iwona Pietkiewicz, Adam Szulczewski. &#8211; Gda\u0144sk:\u00a0 Fundacja Promocji Przemys\u0142u Okr\u0119towego i Gospodarki Morskiej, 2009.<\/li>\n<li>Nara conference on authenticity in relation to the World Heritage Convention:\u00a0 Nara, Japan, 1 &#8211; 6 November 1994:\u00a0 proceedings \/ ed. by Knut Einar Larsen with an ed. group consisting of Jukka Jokilehto [et al.]. Publ. by UNESCO World Heritage Centre, Agency for Cultural Affairs, ICCROM, ICOMOS. &#8211; Trondheim:\u00a0 Tapir, 1995.<\/li>\n<li>Nasza Przesz\u0142o\u015b\u0107:\u00a0 studia z dziej\u00f3w Ko\u015bcio\u0142a i kultury katolickiej w Polsce = Notre Pass\u00e9:\u00a0 \u00e9tudes sur l&#8217;histoire de l&#8217;\u00c9glise et de la culture catholique en Pologne \/ [red. Jan Duka\u0142a]. &#8211; Krak\u00f3w:\u00a0 Wydawnictwo Instytutu Teologicznego Ksi\u0119\u017cy Misjonarzy,.<\/li>\n<li>Nazwy miejscowe Polski:\u00a0 historia, pochodzenie, zmiany. 8, O-Pn \/ pod red. Kazimierza Rymuta i Barbary Czopek-Kopciuch. &#8211; Krak\u00f3w:\u00a0 Wydawnictwo Pandit, 2009.<\/li>\n<li>Nekropolie Pomorza \/ red. nauk. J\u00f3zef Borzyszkowski. &#8211; Gda\u0144sk:\u00a0 Nadba\u0142tyckie Centrum Kultury:\u00a0 Instytut Kaszubski, 2011.<\/li>\n<li>Nie tylko podobizna:\u00a0 szkice o portrecie \/ Jakub Pokora. &#8211; Warszawa:\u00a0 Muzeum Pa\u0142ac w Wilanowie, 2012.<\/li>\n<li>Niedzica:\u00a0 ko\u015bci\u00f3\u0142 \u015bwi\u0119tego Bart\u0142omieja \/ Rafa\u0142 Monita, Andrzej Skorupa. &#8211; Krak\u00f3w:\u00a0 Wydawnictwo Astraia, 2013.<\/li>\n<li>Nomenklatura architektoniczna czyli s\u0142owomiennik cie\u015bliczych polskich wyraz\u00f3w \/ Karol Podczaszy\u0144ski. &#8211; Toru\u0144:\u00a0 Wydawnictwo Naukowe Uniwersytetu Miko\u0142aja Kopernika, [2012].<\/li>\n<li>Nowa przestrze\u0144:\u00a0 modernizm w Nowej Hucie \/ [kat. Micha\u0142 Niezabitowski et al.]. &#8211; Krak\u00f3w:\u00a0 Muzeum Historyczne Miasta Krakowa, 2012.<\/li>\n<li>Nowoczesno\u015b\u0107 i to\u017csamo\u015b\u0107:\u00a0 &#8220;ja&#8221; i spo\u0142ecze\u0144stwo w epoce p\u00f3\u017anej nowoczesno\u015bci \/ Anthony Giddens. &#8211; Wyd. 2, 1 dodr. &#8211; Warszawa:\u00a0 Wydawnictwo Naukowe PWN, 2012.<\/li>\n<li>O bi\u017cuterii w Polsce:\u00a0 materia\u0142y z XII Sesji Naukowej z cyklu Rzemios\u0142o artystyczne i wzornictwo w Polsce zorganizowanej przez Toru\u0144ski Oddzia\u0142 Stowarzyszenia Historyk\u00f3w Sztuki we wsp\u00f3\u0142pracy z Mi\u0119dzynarodowymi Targami Gda\u0144skimi S.A. w Gda\u0144sku, w dniach 9-10 marca 2011 roku \/ [red. nauk. Katarzyna Kluczwajd]. &#8211; Toru\u0144:\u00a0 Stowarzyszenie Historyk\u00f3w Sztuki. Oddzia\u0142, 2012.<\/li>\n<li>Obce miasto &#8211; Wroc\u0142aw 1945 i potem \/ Gregor Thum. &#8211; Wyd. 3. &#8211; Wroc\u0142aw:\u00a0 Wydaw. Via Nova, 2008.<\/li>\n<li>Oblicza lokalno\u015bci:\u00a0 tradycja i wsp\u00f3\u0142czesno\u015b\u0107:\u00a0 praca zbiorowa \/ pod red. Joanny Kurczewskiej. &#8211; Warszawa:\u00a0 Wydawnictwo Instytutu Filozofii i Socjologii PAN, 2006.<\/li>\n<li>Obraz i kult:\u00a0 historia obrazu przed epok\u0105 sztuki \/ Hans Belting. &#8211; Gda\u0144sk:\u00a0 Wydawnictwo S\u0142owo \/ Obraz Terytoria, 2010.<\/li>\n<li>Obraz miasta \/ Kevin Lynch. &#8211; Krak\u00f3w:\u00a0 Wydawnictwo Archivolta Micha\u0142 St\u0119pie\u0144, 2011.<\/li>\n<li>Ochrona warto\u015bci krajobrazu i \u015brodowiska kulturowego:\u00a0 w studium do planu i miejscowym planie zagospodarowania przestrzennego gminy \/ kierownik zespo\u0142u Zbigniew Myczkowski; Opracowano w Regionalnym O\u015brodku Studi\u00f3w i Ochrony \u015arodowiska Kulturowego w Krakowie w oddziale terenowym O\u015brodka Dokumentacji Zabytk\u00f3w Narodowej Instytucji Kultury. &#8211; Warszawa:\u00a0 O\u015brodek Ochrony Zabytkowego Krajobrazu. Narodowa Instytucja Kultury, 1998.<\/li>\n<li>Oczy sk\u00f3ry:\u00a0 architektura i zmys\u0142y \/ Juhani Pallasmaa. &#8211; Krak\u00f3w:\u00a0 Instytut Architektury, 2012.<\/li>\n<li>Od Karola Burzy\u0144skiego do Micha\u0142a Wurtzera m\u0142odszego:\u00a0 warsztat rze\u017abiarski 2 po\u0142. XVIII wieku w Ordynacji Zamojskiej \/ Agnieszka Szyku\u0142a-\u017bygawska. &#8211; Lublin:\u00a0 Zamo\u015b\u0107:\u00a0 Wydawnictwo Werset, 2012.<\/li>\n<li>Od wie\u0144ca adwentowego do do\u017cynkowego czyli tradycje, zwyczaje i obrz\u0119dy powiatu gliwickiego \/ [red. ca\u0142o\u015bci tekst\u00f3w Joanna \u015awieboda, Magdalena Fiszer-R\u0119bisz, Ewa Pieczka]. &#8211; Gliwice:\u00a0 Starostwo Powiatowe, 2012.<\/li>\n<li>Odkryte stulecia:\u00a0 stargardzki kwarta\u0142 IX w \u015bwietle bada\u0144 archeologicznych \/ [tekst Karol Kwiatkowski]. &#8211; Stargard:\u00a0 Muzeum w Stargardzie, 2012.<\/li>\n<li>Ojciec i syn:\u00a0 Theodor, Markus von Gosen \/ [red. Barbara Kozarska-Orzeszek]; Muzeum Miejskie Wroc\u0142awia. &#8211; Wroc\u0142aw:\u00a0 Muzeum Miejskie Wroc\u0142awia, 2011.<\/li>\n<li>Okna, drzwi, stropy:\u00a0 zabytkowa stolarka architektoniczna w Poznaniu \/ Jerzy Borwi\u0144ski. &#8211; Pozna\u0144:\u00a0 Wydawnictwo Miejskie Posnania, 2013.<\/li>\n<li>Olkuskie prawos\u0142awie \/ Ireneusz Cie\u015blik. &#8211; Olkusz:\u00a0 [Grafpress], 2012.<\/li>\n<li>Opole Lubelskie:\u00a0 na szlaku rezydencji magnackich \/ [tekst Zbigniew Fronczek et al.]. &#8211; Opole Lubelskie:\u00a0 Gmina Opole Lubelskie, [2013].<\/li>\n<li>Opracowania regionalne:\u00a0 ochrona zabytkowego krajobrazu kulturowego wojew\u00f3dztwa rzeszowskiego \/ zesp\u00f3\u0142. aut. Adam Sapeta, Jerzy Tur; wsp\u00f3\u0142pr. Piotr Domka, Barbara Tondos. &#8211; Warszawa:\u00a0 O\u015brodek Ochrony Zabytkowego Krajobrazu. Narodowa Instytucja Kultury, 1997.<\/li>\n<li>Opuszczone wsie ziemi gorlickiej \/ Andrzej Piecuch, Adam Harkawy, Mariola Janowska-Harkawy. &#8211; Wyd. II rozsz. i popr. &#8211; Warszawa:\u00a0 Gondwana, 2013.<\/li>\n<li>Or\u0119\u017c europejski \/ Jacek Witecki, Ma\u0142gorzata \u015awiderska-\u0141upi\u0144ska. &#8211; Wroc\u0142aw:\u00a0 Muzeum Narodowe, 2013.<\/li>\n<li>Organy i muzyka organowa na Pomorzu:\u00a0 do problematyki \/ Bogdan Narloch. &#8211; Pozna\u0144:\u00a0 Akademia Muzyczna im. I. J. Paderewskiego, 2012.<\/li>\n<li>Organy w ko\u015bcio\u0142ach dekanatu Bystrzyca K\u0142odzka \/ Andrzej Prasa\u0142. &#8211; Lublin:\u00a0 Wydawnictwo Polihymnia, 2013.<\/li>\n<li>Orze\u0142 bia\u0142y na tle mrok\u00f3w nocy:\u00a0 ikonografia Piotra Skargi \/ Kazimierz S. O\u017c\u00f3g. &#8211; Krak\u00f3w:\u00a0 Wydawnictwo WAM, 2012.<\/li>\n<li>Osiemnastowieczny piec kaflowy z pa\u0142acu w Wilanowie:\u00a0 prace restauratorskie i konserwatorskie w \u015bwietle wsp\u00f3\u0142czesnych rozwi\u0105za\u0144 rekonstrukcji piec\u00f3w kaflowych \/ Jacek Martusewicz. &#8211; Warszawa:\u00a0 Muzeum Pa\u0142ac w Wilanowie, 2012.<\/li>\n<li>Pa\u0142ac i dobra rodu Donnersmarck\u00f3w w Nakle \u015al\u0105skim:\u00a0 Centrum Kultury \u015al\u0105skiej \/ Edward Wy\u017cgo\u0142, Bernard Szczech. &#8211; Nak\u0142o \u015al\u0105skie:\u00a0 Wydawnictwo ED-FEL, 2013.<\/li>\n<li>Pa\u0142ac w Jab\u0142onnie \/ [tekst Maria Irena Kwiatkowska]. &#8211; Warszawa:\u00a0 Polska Akademia Nauk, 2012.<\/li>\n<li>Pa\u0142ac w Konarzewie \/ R\u00f3\u017ca K\u0105sinowska. &#8211; [K\u00f3rnik]:\u00a0 Fundacja Zak\u0142ady K\u00f3rnickie, 2013.<\/li>\n<li>Pami\u0119\u0107 kulturowa:\u00a0 pismo, zapami\u0119tywanie i polityczna to\u017csamo\u015b\u0107 w cywilizacjach staro\u017cytnych \/ Jan Assmann. &#8211; Warszawa:\u00a0 Wydawnictwo Uniwersytetu Warszawskiego, 2008.<\/li>\n<li>Pami\u0119\u0107 zbiorowa i kulturowa:\u00a0 wsp\u00f3\u0142czesna perspektywa niemiecka \/ pod red. Magdaleny Saryusz-Wolskiej. &#8211; Krak\u00f3w:\u00a0 Towarzystwo Autor\u00f3w i Wydawc\u00f3w Prac Naukowych Universitas, 2009.<\/li>\n<li>Pami\u0119\u0107 zbiorowa spo\u0142ecze\u0144stwa polskiego w okresie transformacji \/ Piotr Tadeusz Kwiatkowski; Instytut Studi\u00f3w Politycznych PAN. &#8211; Warszawa:\u00a0 Wydawnictwo Naukowe Scholar, 2008.<\/li>\n<li>Parafia pw. Wniebowzi\u0119cia Naj\u015bwi\u0119tszej Maryi Panny w Szczawnie-Zdroju:\u00a0 75 rocznica konserwacji ko\u015bcio\u0142a 1937-2012 \/ [tekst Kazimierz Jankowski, El\u017cbieta Maria Kokowska]. &#8211; Szczawno-Zdr\u00f3j:\u00a0 Burmistrz Szczawna-Zdroju &#8211; Urz\u0105d Miasta, 2012.<\/li>\n<li>Park Sienkiewicza, park Moniuszki, ogrody i ziele\u0144ce w centrum miasta \/ pod red. Romualda Olaczka. &#8211; \u0141\u00f3d\u017a:\u00a0 Stowarzyszenie Film, Przyroda, Kultura, 2012.<\/li>\n<li>Patrze\u0107 wci\u0105\u017c naprz\u00f3d \/ [koncepcja nauk. i red. Magdalena Zi\u00f3\u0142kowska, Wojciech Grzyba\u0142a]. &#8211; Krak\u00f3w:\u00a0 Muzeum Narodowe:\u00a0 Fundacja Andrzeja Wr\u00f3blewskiego, [2012].<\/li>\n<li>Per\u0142a prymasa \/ Ryszard Dzieszy\u0144ski. &#8211; Krak\u00f3w:\u00a0 Towarzystwo S\u0142owak\u00f3w w Polsce, 2013.<\/li>\n<li>Perspektywa (post)kolonialna w kulturze:\u00a0 szkice i rozprawy \/ pod red. Ewy Partygi, Joanny M. Sosnowskiej i Tadeusza Zadro\u017cnego. &#8211; Warszawa:\u00a0 Oficyna Wydawnicza Errata, 2012.<\/li>\n<li>Pi\u0119kne i u\u017cyteczne:\u00a0 nakrycia sto\u0142owe epoki secesji i art d\u00e9co \/ [tekst iscenariusz wystawy Klementyna Ochniak-Dudek]; Muzeum \u017bup Krakowskich Wieliczka. &#8211; Wieliczka:\u00a0 Muzeum \u017bup Krakowskich, 2012.<\/li>\n<li>Pocz\u0105tki architektury monumentalnej w Polsce:\u00a0 materia\u0142y z sesji naukowej, Gniezno, 20-21 listopada 2003 roku \/ oprac. red. Tomasz Janiak, Dariusz Stryniak. &#8211; Gniezno:\u00a0 Muzeum Pocz\u0105tk\u00f3w Pa\u0144stwa Polskiego, 2004.<\/li>\n<li>Pod opiek\u0105 muz:\u00a0 Pa\u0142ac Czartoryskich-Potockich:\u00a0 siedziba Ministerstwa Kultury i Dziedzictwa Narodowego \/ Jerzy Mizio\u0142ek, Hubert Kowalski. &#8211; Warszawa:\u00a0 Ministerstwo Kultury i Dziedzictwa Narodowego, 2011.<\/li>\n<li>Pokocha\u0107 Tychy? czyli Miasto od nowa \/ Janusz Andrzej W\u0142odarczyk; Wy\u017csza Szko\u0142a Techniczna w Katowicach. &#8211; Katowice:\u00a0 Wy\u017csza Szko\u0142a Techniczna, 2012.<\/li>\n<li>Poland for world heritage \/ [ed. Ma\u0142gorzata Trelka]. &#8211; Warszawa:\u00a0 Narodowy Instytut Dziedzictwa, 2013.<\/li>\n<li>Polentechnikum \/ Arkadiusz Janicki, Micha\u0142 Laszczkowski, \u0112riks J\u0113kabsons. &#8211; Warszawa:\u00a0 Ministerstwo Kultury i Dziedzictwa Narodowego. Departament Dziedzictwa Kulturowego, 2012.<\/li>\n<li>Policja w walce o zabytki:\u00a0 zbi\u00f3r zagadnie\u0144 z przeciwdzia\u0142ania przest\u0119pczo\u015bci przeciwko zabytkom:\u00a0 katalog zabytk\u00f3w i dzie\u0142 sztuki utraconych z wojew\u00f3dztwa zachodniopomorskiego \/ Marek \u0141uczak. &#8211; Wyd. 2 popr. &#8211; Szczecin:\u00a0 Zapol Sp\u00f3\u0142ka jawna:\u00a0 Komenda Wojew\u00f3dzka Policji:\u00a0 Fundacja Razem Bezpieczniej, 2012.<\/li>\n<li>Politechnika \u0141\u00f3dzka na starej fotografii \/ [red. Krzysztof Czo\u0142czy\u0144ski]. &#8211; \u0141\u00f3d\u017a:\u00a0 Politechnika \u0141\u00f3dzka, 2012.<\/li>\n<li>Polska nad Ba\u0142tykiem:\u00a0 konstruowanie identyfikacji kulturowej pa\u0144stwa nad morzem 1918-1939 \/ red. nauk. Dariusz Konstantyn\u00f3w i Ma\u0142gorzata Omilanowska. &#8211; Gda\u0144sk:\u00a0 Wydawnictwo S\u0142owo \/ Obraz Terytoria, 2012.<\/li>\n<li>Polska wielu kultur i religii \/ Tomasz Czerwi\u0144ski. &#8211; Warszawa:\u00a0 Sport i Turystyka &#8211; Muza, 2013.<\/li>\n<li>Polski S\u0142ownik Biograficzny. T. 48\/3, z. 198, Szklarski Alfred &#8211; Szofman Geszom \/ Polska Akademia Nauk, Polska Akademia Umiej\u0119tno\u015bci. &#8211; Warszawa:\u00a0 Instytut Historii PAN, 2012.<\/li>\n<li>Polski S\u0142ownik Biograficzny. T. 48\/4, z. 199, Szofman Geszom &#8211; W\u0142adys\u0142aw Szpilman \/ Polska Akademia Nauk, Polska Akademia Umiej\u0119tno\u015bci. &#8211; Warszawa:\u00a0 Instytut Historii PAN, 2012.<\/li>\n<li>Polski S\u0142ownik Biograficzny. T. 49\/1, z. 200, Szpilowski Hilary &#8211; Szubert Wac\u0142aw \/ [red. nacz. Andrzej Romanowski]; Polska Akademia Nauk, Polska Akademia Umiej\u0119tno\u015bci. &#8211; Warszawa:\u00a0 Instytut Historii PAN, 2013.<\/li>\n<li>Polski S\u0142ownik Biograficzny. T. 49\/1, z. 200, Szpilowski Hilary &#8211; Szubert Wac\u0142aw \/ [red. nacz. Andrzej Romanowski]; Polska Akademia Nauk, Polska Akademia Umiej\u0119tno\u015bci. &#8211; Warszawa:\u00a0 Instytut Historii PAN, 2013.<\/li>\n<li>Polskie art d\u00e9co:\u00a0 materia\u0142y trzeciej sesji naukowej &#8220;Wn\u0119trza u\u017cyteczno\u015bci publicznej w stylu art d\u00e9co&#8221; pod przewodnictwem prof. Ireny Huml i prof. Anny Sieradzkiej w Muzeum Mazowieckim w P\u0142ocku 7 grudnia 2009 roku \/ [oprac. red. Zbigniew Chlewi\u0144ski]. &#8211; P\u0142ock:\u00a0 Muzeum Mazowieckie, 2011.<\/li>\n<li>Polskie uroczysto\u015bci w barokowym Rzymie:\u00a0 1587-1696 \/ Hanna Osiecka-Samsonowicz. &#8211; Warszawa:\u00a0 Instytut Sztuki PAN, 2012.<\/li>\n<li>Polsko-w\u0142oskie zwi\u0105zki artystyczne \/ Mariusz Karpowicz. &#8211; Warszawa:\u00a0 Muzeum Pa\u0142ac w Wilanowie, 2012.<\/li>\n<li>Pomniki historii:\u00a0 najcenniejsze obiekty i zespo\u0142y zabytkowe w Polsce \/ red. merytor. Ma\u0142gorzata Maksymiuk; aut. tekst\u00f3w Robert Marcinek. &#8211; Warszawa:\u00a0 Narodowy Instytut Dziedzictwa, 2012.<\/li>\n<li>Pomorski Szlak Cysters\u00f3w:\u00a0 przewodnik tematyczny \/ Janusz Leszek Jurkiewicz. &#8211; Wyd. 2. &#8211; Gdynia:\u00a0 Wydawnictwo Region, 2011.<\/li>\n<li>Pomorskie meble malowane ze zbior\u00f3w Muzeum Narodowego w Szczecinie \/ Iwona Karwowska. &#8211; Szczecin:\u00a0 Muzeum Narodowe, 2012.<\/li>\n<li>Poradnik dla w\u0142a\u015bcicieli i u\u017cytkownik\u00f3w obiekt\u00f3w zabytkowych w \u0141odzi \/ [red. Bartosz M. Walczak]. &#8211; \u0141\u00f3d\u017a:\u00a0 Urz\u0105d Miasta, 2012.<\/li>\n<li>Porta Aurea:\u00a0 rocznik Zak\u0142adu Historii Sztuki Uniwersytetu Gda\u0144skiego \/ [Zak\u0142ad Historii Sztuki UG Uniwersytetu Gda\u0144skiego, Muzeum Historii Miasta Gda\u0144ska; red. nauk. Teresa Grzybkowska]. &#8211; Gda\u0144sk:\u00a0 ZHS UG:\u00a0 MHMG, 1992-.<\/li>\n<li>Portret polski:\u00a0 tradycja i \u015bwiadomo\u015b\u0107 historyczna:\u00a0 pami\u0105tka Galerii Portretu Polskiego udost\u0119pnionej w 1963 w pa\u0142acu w Wilanowie \/ Krystyna Gutowska-Dudek. &#8211; Warszawa:\u00a0 Muzeum Pa\u0142ac w Wilanowie, 2012.<\/li>\n<li>Powiat makowski:\u00a0 przewodnik subiektywny \/ [aut. Bernard Kielak]. &#8211; Warszawa:\u00a0 Mazowieckie Centrum Kultury i Sztuki:\u00a0 Agencja Wydawnicza &#8220;Egros&#8221;, 2012.<\/li>\n<li>Powiat warszawski zachodni:\u00a0 przewodnik subiektywny \/ [Filip Marczewski]. &#8211; Warszawa:\u00a0 Mazowieckie Centrum Kultury i Sztuki:\u00a0 Agencja Wydawnicza &#8220;Egros&#8221;, 2012.<\/li>\n<li>Powiat \u017curomi\u0144ski:\u00a0 przewodnik subiektywny \/ [Adam Dylewski]. &#8211; Warszawa:\u00a0 Mazowieckie Centrum Kultury i Sztuki:\u00a0 Agencja Wydawnicza &#8220;Egros&#8221;, 2012.<\/li>\n<li>Powstanie styczniowe \/ [teksty Zofia Go\u0142ubiew, Gabriela Banach-Kielanowska, Rafa\u0142 R\u00f3g]. &#8211; Krak\u00f3w:\u00a0 Muzeum Narodowe, 2013.<\/li>\n<li>Pozosta\u0142o\u015bci za\u0142o\u017ce\u0144 dworskich wojew\u00f3dztwa podkarpackiego \/ Sylwester Polakowski. &#8211; Krosno:\u00a0 Wydawnictwo Lygian, 2012.<\/li>\n<li>Pozwolenie w ochronie zabytk\u00f3w \/ Tomasz Sienkiewicz; Katolicki Uniwersytet Lubelski Jana Paw\u0142a II. Wydzia\u0142 Zamiejscowy Nauk Prawnych i Ekonomicznych w Tomaszowie Lubelskim. &#8211; Lublin:\u00a0 Wydawnictwo KUL, 2013.<\/li>\n<li>P\u00f3\u0142 wieku na rusztowaniach czyli rzecz o Henryku Kocie \/ Janis\u0142aw Osi\u0119g\u0142owski. &#8211; Pozna\u0144:\u00a0 Wydawnictwo eMPi\u00b2, 2012.<\/li>\n<li>P\u00f3\u017anogotycka rze\u017aba drewniana w Ma\u0142opolsce oko\u0142o 1440-1477 \/ Dobros\u0142awa Horzela. &#8211; Krak\u00f3w:\u00a0 Wydawnictwo Towarzystwa Naukowego &#8220;Societas Vistulana&#8221;, 2012.<\/li>\n<li>Prace Naukowe Politechniki Warszawskiej. Seria Architektura \/ Wydzia\u0142 Architektury Politechniki Warszawskiej. &#8211; Warszawa:\u00a0 Oficyna Wydawnicza Politechniki Warszawskiej, 2006-.<\/li>\n<li>Prace Naukowe. Geodezja \/ Politechnika Warszawska. &#8211; Warszawa:\u00a0 Wydawnictwo Politechniki Warszawskiej, 1968-.<\/li>\n<li>Praski cmentarz choleryczny w Warszawie &#8211; suplement \/ Waldemar Matejak, Andrzej Pasternak. &#8211; Warszawa:\u00a0 na zlec. Przedsi\u0119biorstwa Napraw Infrastruktury &#8211; Zak\u0142adu Mazowieckiego, 2010.<\/li>\n<li>Praski cmentarz choleryczny w Warszawie \/ Waldemar Matejak, Andrzej Pasternak. &#8211; Warszawa:\u00a0 na zlec. Przedsi\u0119biorstwa Napraw Infrastruktury &#8211; Zak\u0142adu Mazowieckiego, 2010.<\/li>\n<li>Prawdziwie jest to dom Boga i brama nieba!:\u00a0 opowie\u015b\u0107 etiologiczna miejsc \u015bwi\u0119tych w zwierciadle sztuki \/ Aneta Kramiszewska; Katolicki Uniwersytet Lubelski. Katedra Historii Sztuki Ko\u015bcielnej. &#8211; Lublin:\u00a0 Wydawnictwo KUL, 2012.<\/li>\n<li>Prawne problemy procesu inwestycyjno-budowlanego i konserwatorskiego \/ Iwona Skrzyd\u0142o-Ni\u017cnik, Piotr Dobosz. &#8211; Krak\u00f3w:\u00a0 Zakamycze, 2002 r.<\/li>\n<li>Preserving post-war heritage:\u00a0 the care and conservation of mid-twentieth century architecture \/ ed. by Susan Macdonald. &#8211; Shaftesbury:\u00a0 Donhead, 2001.<\/li>\n<li>Problemy architektury polskiej mi\u0119dzy trzeci\u0105 \u0107wierci\u0105 XVIII a drug\u0105 XX wieku:\u00a0 wyk\u0142ady Witolda Czes\u0142awa Krassowskiego, profesora Wydzia\u0142u Architektury PW \/ pod red. Marii Brykowskiej. &#8211; Warszawa:\u00a0 SARP Oddzia\u0142 Warszawski, 2012.<\/li>\n<li>Profesor Kazimierz Wejchert:\u00a0 w stulecie urodzin \/ [tekst Andrzej Czy\u017cewski, Mariola Lipok-Bierwiaczonek]. &#8211; Tychy:\u00a0 Muzeum Miejskie, 2012.<\/li>\n<li>Projekt standardowego opracowania problematyki ochrony warto\u015bci kulturowych:\u00a0 w studium do planu i miejscowym planie zagospodarowania przestrzennego \/ Janusz Bogdanowski. &#8211; Krak\u00f3w:\u00a0 O\u015brodek Ochrony Zabytkowego Krajobrazu. Narodowa Instytucja Kultury, 1994.<\/li>\n<li>Projekt standardowego opracowania problematyki ochrony warto\u015bci kulturowego krajobrazu i \u015brodowiska:\u00a0 w studium do planu i w miejscowym planie zagospodarowania przestrzennego \/ Janusz Bogdanowski. &#8211; Wyd. 2, uaktualnione i popr. &#8211; Warszawa:\u00a0 O\u015brodek Ochrony Zabytkowego Krajobrazu. Narodowa Instytucja Kultury, 1996.<\/li>\n<li>Projektowanie architektury na terenach o szczeg\u00f3lnych walorach krajobrazowych i uzdrowiskowych \/ [koordynator pr. zbior. Stanis\u0142aw Boche\u0144ski]. &#8211; Wroc\u0142aw:\u00a0 Oficyna Wydawnicza Politechniki Wroc\u0142awskiej, 2012.<\/li>\n<li>Prudnicka Fabryka Tekstylna na panoramach z prze\u0142omu XIX i XX wieku \/ [zesp\u00f3\u0142 red. Urszula Rzepiela et al.]. &#8211; Prudnik:\u00a0 Muzeum Ziemi Prudnickiej, 2012.<\/li>\n<li>Prusy Kr\u00f3lewskie:\u00a0 spo\u0142ecze\u0144stwo, kultura, gospodarka 1454-1772:\u00a0 szkice z dziej\u00f3w \/ pod red. Edmunda Kizika. &#8211; Gda\u0144sk:\u00a0 Muzeum Narodowe, 2012.<\/li>\n<li>Przedwojenne Kamionek, Groch\u00f3w, Saska K\u0119pa:\u00a0 najpi\u0119kniejsze fotografie \/ Jaros\u0142aw Zieli\u0144ski. &#8211; Warszawa:\u00a0 Wydawnictwo RM, 2013.<\/li>\n<li>Przestrzenie publiczne miast europejskich:\u00a0 projektowanie urbanistyczne \/ Katarzyna Pluta. &#8211; Warszawa:\u00a0 Oficyna Wydawnicza Politechniki Warszawskiej, 2012.<\/li>\n<li>Przestrze\u0144 publiczna Warszawy w pierwszej po\u0142owie XIX wieku \/ Aleksander \u0141upienko; Polskie Towarzystwo Historyczne, Instytut Historii Polskiej Akademii Nauk. &#8211; Warszawa:\u00a0 Wydawnictwo Neriton, 2012.<\/li>\n<li>Przesz\u0142o\u015b\u0107 spo\u0142eczna:\u00a0 pr\u00f3ba konceptualizacji \/ red. Stanis\u0142aw Tabaczy\u0144ski, Arkadiusz Marciniak, Dorota Cyngot, Anna Zalewska. &#8211; Pozna\u0144:\u00a0 Wydawnictwo Pozna\u0144skie, 2012.<\/li>\n<li>Przewodnik po procesie inwestycyjnym w obiektach zabytkowych \/ Ma\u0142gorzata Gmiter. &#8211; Wroc\u0142aw:\u00a0 Presscom, 2013.<\/li>\n<li>Przez okna \u017cycia: \u00a0wystawa zespo\u0142u XVIII-wiecznych portret\u00f3w darczy\u0144c\u00f3w Domu Podrzutk\u00f3w ks. Baudouina \/ [aut. tekst\u00f3w Anna B\u0142aszczyk-Bia\u0142y, Joanna Higersberger, Monika Ochnio]. &#8211; Warszawa:\u00a0 Miasto Sto\u0142eczne Warszawa, 2012.<\/li>\n<li>Przez wroc\u0142awskich ulic sto&#8230;:\u00a0 historia tramwaj\u00f3w we Wroc\u0142awiu \/ Tomasz Sielicki. &#8211; Wroc\u0142aw:\u00a0 Muzeum Miejskie Wroc\u0142awia, 2012.<\/li>\n<li>Przyroda parku pa\u0142acowego w Lubostroniu \/ pod red. J\u00f3zefa Banaszak i Haliny Raty\u0144skiej. &#8211; Bydgoszcz; Pozna\u0144:\u00a0 Oficyna Wydawnicza Branta, 2008.<\/li>\n<li>Przywracanie kulturze dolno\u015bl\u0105skiej jej regionalnej specyfiki \/ Agnieszka Chodorowska. &#8211; Wroc\u0142aw:\u00a0 Oficyna Wydawnicza ATUT &#8211; Wroc\u0142awskie Wydawnictwo O\u015bwiatowe, 2006.<\/li>\n<li>Pu\u0142tusk:\u00a0 studia i materia\u0142y z dziej\u00f3w miasta i regionu. T. 9 \/ [red. nauk. Janusz Szczepa\u0144ski]; Akademia Humanistyczna im. Aleksandra Gieysztora, Muzeum Regionalne w Pu\u0142tusku. &#8211; Pu\u0142tusk:\u00a0 Akademia Humanistyczna im. Aleksandra Gieysztora, 2011.<\/li>\n<li>Raport &#8230; \/ Muzeum Narodowe w Kielcach. &#8211; Kielce:\u00a0 Muzeum Narodowe , 2004-.<\/li>\n<li>Raport 2000:\u00a0 wst\u0119pne wyniki konserwatorskich bada\u0144 archeologicznych w strefie budowy autostrad w Polsce za rok 2000. [red. zeszytu Zbigniew Bukowski]. &#8211; Warszawa:\u00a0 O\u015brodek Ochrony Dziedzictwa Archeologicznego:\u00a0 Wydawnictwo Milart, 2003.<\/li>\n<li>Raport 2001-2002:\u00a0 wst\u0119pne wyniki konserwatorskich bada\u0144 archeologicznych w strefie budowy autostrad w Polsce za lata 2001-2002 \/ [red. zeszytu Zbigniew Bukowski]. &#8211; Warszawa:\u00a0 O\u015brodek Ochrony Dziedzictwa Archeologicznego, 2004.<\/li>\n<li>Raport 2003-2004:\u00a0 wst\u0119pne wyniki konserwatorskich bada\u0144 archeologicznych w strefie budowy autostrad w Polsce za lata 2003-2004. T. 1 \/ [red. zeszytu Zbigniew Bukowski, Marek Gierlach]. &#8211; Warszawa:\u00a0 O\u015brodek Ochrony Dziedzictwa Archeologicznego, 2006.<\/li>\n<li>Raport 2003-2004:\u00a0 wst\u0119pne wyniki konserwatorskich bada\u0144 archeologicznych w strefie budowy autostrad w Polsce za lata 2003-2004. T. 2 \/ [red. zeszytu Zbigniew Bukowski, Marek Gierlach]. &#8211; Warszawa:\u00a0 O\u015brodek Ochrony Dziedzictwa Archeologicznego, 2006.<\/li>\n<li>Raport 2007-2008. T. 1 \/ [red. S\u0142awomir Kadrow]. &#8211; Warszawa:\u00a0 Narodowy Instytut Dziedzictwa, 2012.<\/li>\n<li>Raport roczny Narodowego Instytutu Dziedzictwa 2012 \/ oprac. red. Paulina Florjanowicz [et al.]. &#8211; Warszawa:\u00a0 Narodowy Instytut Dziedzictwa, [2013].<\/li>\n<li>Recording, documentation and information management for the conservation of heritage places:\u00a0 guiding principles \/ Robin Letellier with contributions from Werner Schmid and Fran\u00e7ois LeBlanc. &#8211; Shaftesbury:\u00a0 Donhead, 2011.<\/li>\n<li>Recording, documentation and information management for the conservation of heritage places:\u00a0 illustrated examples \/ ed. Rand Eppich; associate ed. Amel Chabbi. &#8211; Shaftesbury:\u00a0 Donhead, 2011.<\/li>\n<li>Rehabilitacja i wzmacnianie zabytkowych konstrukcji drewnianych \/ Andrzej \u017baboklicki. &#8211; Kielce:\u00a0 Wydawnictwo Politechniki \u015awi\u0119tokrzyskiej, 2013.<\/li>\n<li>Renowacja i adaptacja zabytkowego zamku w Sulechowie na cele kulturalne jako dobry przyk\u0142ad rewitalizacji LRPO na lata 2007-2013:\u00a0 materia\u0142y pokonferencyjne \/ [red. Marek Ma\u0107kowiak, Bogdan Fedorowicz]. &#8211; Sulech\u00f3w:\u00a0 Urz\u0105d Miejski:\u00a0 Agencja Arte, 2011.<\/li>\n<li>Report 96-99, 2000, 2001-2002:\u00a0 Summary:\u00a0 Preliminary Results of Archaeological Rescue Excavations in the Zone of the Construction of Motorways in Poland in 1996-2002 \/ [red. zeszytu Zbigniew Bukowski]. &#8211; Warszawa:\u00a0 O\u015brodek Ochrony Dziedzictwa Archeologicznego, 2005.<\/li>\n<li>Rezydencja:\u00a0 Willa Kwiatkowskiego \/ Ma\u0142gorzata Budzik. &#8211; Tarn\u00f3w:\u00a0 Zak\u0142ady Azotowe; Krak\u00f3w:\u00a0 Grupa Tomami, 2012.<\/li>\n<li>Rocznik Historii Sztuki \/ Polska Akademia Nauk. Komitet Nauk o Sztuce. &#8211; Wroc\u0142aw:\u00a0 Zak\u0142ad im. Ossoli\u0144skich &#8211; Wydawnictwo PAN, 1956-.<\/li>\n<li>Rocznik Muzeum Narodowego w Kielcach. &#8211; Krak\u00f3w:\u00a0 Wydawnictwo Literackie, 1977-.<\/li>\n<li>Roczniki Humanistyczne \/ Towarzystwo Naukowe Katolickiego Uniwersytetu Lubelskiego. Wydzia\u0142 Historyczno-Filologiczny. &#8211; Lublin:\u00a0 Towarzystwo Naukowe Katolickiego Uniwersytetu Lubelskiego, 1949-.<\/li>\n<li>Rozbudowa Zamku Kr\u00f3lewskiego w Warszawie przez Zygmunta III \/ Marek Wrede. &#8211; Warszawa:\u00a0 Arx Regia. O\u015brodek Wydawniczy Zamku Kr\u00f3lewskiego, 2013.<\/li>\n<li>Rozw\u00f3j ochrony dziedzictwa kulturalnego w prawie mi\u0119dzynarodowym na prze\u0142omie XX i XXI wieku \/ Anna Przyborowska-Klimczak. &#8211; Lublin:\u00a0 Wydawnictwo Uniwersytetu Marii Curie-Sk\u0142odowskiej, 2011.<\/li>\n<li>Ryman\u00f3w:\u00a0 dzieje miasta i Zdroju \/ pod red. Feliksa Kiryka. &#8211; Wyd. 2, popr. i uzup. &#8211; Krosno:\u00a0 Wydawnictwo Ruthenus &#8211; Rafa\u0142 Barski, 2012.<\/li>\n<li>Rysunki \/ J\u00f3zef Ignacy Kraszewski; red. i oprac. Krzysztof Czajkowski; wprow. Agnieszka Czajkowska; Ministerstwo Kultury i Dziedzictwa Narodowego. Departament Dziedzictwa Kulturowego. &#8211; Warszawa:\u00a0 Ministerstwo Kultury i Dziedzictwa Narodowego, 2012.<\/li>\n<li>Rzeczy, ogrody, wyobra\u017cenia:\u00a0 Chiny w kulturze Rzeczypospolitej czas\u00f3w Stanis\u0142awa Augusta \/ Izabela Kopania. &#8211; Warszawa:\u00a0 Instytut Sztuki Polskiej Akademii Nauk, 2012.<\/li>\n<li>Sacralia ruthenica:\u00a0 early Ruthenian and related metal and stone items in the National Museum in Cracow and the National Museum in Warsaw \/ Miros\u0142aw Piotr Kruk, Aleksandra Sulikowska-G\u0105ska, Marcin Wo\u0142oszyn; Pa\u0144stwowe Muzeum Archeologiczne w Warszawie, O\u015brodek Ochrony Dziedzictwa Archeologicznego w Warszawie, Stowarzyszenie Naukowe Archeolog\u00f3w Polskich. Oddzia\u0142 w Warszawie, Muzeum Narodowe w Krakowie, Muzeum Narodowe w Warszawie. &#8211; Warszawa:\u00a0 Pa\u0144stwowe Muzeum Archeologiczne:\u00a0 O\u015brodek Ochrony Dziedzictwa Archeologicznego:\u00a0 Stowarzyszenie Naukowe Archeolog\u00f3w Polskich, 2006.<\/li>\n<li>Sacrum poga\u0144skie &#8211; Sacrum chrze\u015bcija\u0144skie:\u00a0 kontynuacja miejsc kultu we wczesno\u015bredniowiecznej Europie \u015arodkowej = Pagan sacrum &#8211; Christian sacrum:\u00a0 the continuation of the cult-places in the early-medieval Central Europe \/ red. Krzysztof Bracha i Czes\u0142aw Hadamik; Krajowy O\u015brodek Bada\u0144 i Dokumentacji Zabytk\u00f3w w Warszawie; Uniwersytet Humanistyczno-Przyrodniczy Jana Kochanowskiego w Kielcach. &#8211; Warszawa:\u00a0 Wydawnictwo DiG, 2010.<\/li>\n<li>Safeguarding intangible cultural heritage \/ ed. by Michelle L. Stefano, Peter Davis and Gerard Corsane. &#8211; Woodbridge:\u00a0 The Boydell Press, 2012.<\/li>\n<li>Secesja w wojew\u00f3dztwie kujawsko-pomorskim \/ Piotr Ko\u017curno, Maria \u015aliwi\u0144ska. &#8211; Toru\u0144:\u00a0 Mi\u0119dzynarodowe Centrum Zarz\u0105dzania Informacj\u0105, 2012.<\/li>\n<li>Seksualno\u015b\u0107 Chrystusa:\u00a0 zapomniany temat sztuki renesansowej \/ Leo Steinberg; oprac. nauk. Marek Walczak. &#8211; Krak\u00f3w:\u00a0 Towarzystwo Autor\u00f3w i Wydawc\u00f3w Prac Naukowych Universitas, 2013.<\/li>\n<li>Sequel:\u00a0 dalsze przygody kultury w globalnym \u015bwiecie \/ Wojciech J\u00f3zef Burszta, Waldemar Kuligowski. &#8211; Warszawa:\u00a0 Warszawskie Wydawnictwo Literackie Muza, 2005.<\/li>\n<li>Silesia Jesuitica:\u00a0 kultura i sztuka zakonu jezuit\u00f3w na \u015al\u0105sku i w hrabstwie k\u0142odzkim 1580-1776 \/ pod red. Dariusza Galewskiego i Anny Jezierskiej. &#8211; Wroc\u0142aw:\u00a0 [Stowarzyszenie Historyk\u00f3w Sztuki], 2012.<\/li>\n<li>Skansen archeologiczny Karpacka Troja w Trzcinicy:\u00a0 przewodnik \/ Jan Gancarski. &#8211; Krosno:\u00a0 Muzeum Podkarpackie, 2012.<\/li>\n<li>Skanseny archeologiczne i archeologia eksperymentalna \/ [red. Jan Gancarski]; Muzeum Podkarpackie w Kro\u015bnie. &#8211; Krosno:\u00a0 Muzeum Podkarpackie, 2012.<\/li>\n<li>Skarby krakowskich klasztor\u00f3w. T. 2 \/ Janusz Tadeusz Nowak, Witold Turdza. &#8211; Krak\u00f3w:\u00a0 Muzeum Historyczne Miasta Krakowa, 2012.<\/li>\n<li>S\u0142ownik archeologii prehistorycznej (z aneksami przyrodniczymi) polsko-angielski, angielsko-polski \/ Romuald Schild, Sarunas Milisauskas, Janusz Kruk; red. Janusz Kruk. &#8211; Krak\u00f3w:\u00a0 Instytut Archeologii i Etnologii PAN, 2013.<\/li>\n<li>S\u0142ownik historyczno-geograficzny ziemi warszawskiej w \u015bredniowieczu. Cz. 2 \/ oprac. Adam Wolff, Kazimierz Pacuski; Polska Akademia Nauk. Instytut Historii im. Tadeusza Manteuffla. &#8211; Warszawa:\u00a0 Instytut Historii PAN, 2013.<\/li>\n<li>S\u0142owo magiczne poddane technologii:\u00a0 magia ludowa w praktykach postsowieckiej kultury propagandowej \/ Zuzanna Gr\u0119becka. &#8211; Krak\u00f3w:\u00a0 Zak\u0142ad Wydawniczy Nomos, 2006.<\/li>\n<li>S\u0142ynne wille Polski \/ Ryszard Nakonieczny (red.), Przemys\u0142aw Czernek [et al.]. &#8211; Praha:\u00a0 FOIBOS, 2013.<\/li>\n<li>Stadtkultur des sp\u00e4ten Mittelalters und der fr\u00fchen Neuzeit in Ostmitteleuropa und ihre Renaissance im 19. Jahrhundert:\u00a0 in Memoriam Andrzej Tomaszewski (1934-2010) \/ hrsg. von Marco Bogade; Bundesinstitut f\u00fcr Kultur und Geschichte der deutschen im \u00f6stlichen Europa, Instytut Sztuki Polskiej Akademii Nauk. &#8211; Warszawa:\u00a0 Instytut Sztuki Polskiej Akademii Nauk; Marburg:\u00a0 Herder-Institut, 2012.<\/li>\n<li>Stanis\u0142aw August i jego Rzeczpospolita:\u00a0 dramat pa\u0144stwa, odrodzenie narodu:\u00a0 materia\u0142y z wyk\u0142ad\u00f3w \/ red. nauk. Angela So\u0142tys, Zofia Zieli\u0144ska. &#8211; Warszawa:\u00a0 Arx Regia. O\u015brodek Wydawniczy Zamku Kr\u00f3lewskiego, 2013.<\/li>\n<li>Stanis\u0142aw Wojciech Bergmann wybitny malarz kro\u015bnie\u0144ski \/ Anna Guz. &#8211; Krosno:\u00a0 Muzeum Podkarpackie, 2011.<\/li>\n<li>Stary cmentarz w Radomsku \/ Zofia Gzik. &#8211; Radomsko:\u00a0 Towarzystwo Opieki nad Zabytkami, 2012.<\/li>\n<li>Stary Ratusz we Wroc\u0142awiu \/ Jan J. Trzynadlowski. &#8211; Wyd. 2 popr. i uzup. &#8211; Wroc\u0142aw:\u00a0 Muzeum Miejskie Wroc\u0142awia, 2012.<\/li>\n<li>Stefan Norblin 1892-1952:\u00a0 artysta wszechstronny \/ [red. kat. Anna Szl\u0105zak]. &#8211; Wyd. 2 uzup. &#8211; Stalowa Wola:\u00a0 Muzeum Regionalne, 2011.<\/li>\n<li>Sto lat planowania przestrzeni polskich miast (1910-2010) \/ Maciej Nowakowski przy wsp\u00f3\u0142pr. Barbary Ba\u0144kowskiej. &#8211; Warszawa:\u00a0 Oficyna Naukowa, 2013.<\/li>\n<li>Straty wojenne:\u00a0 malarstwo polskie:\u00a0 obrazy olejne, pastele, akwarele artyst\u00f3w polskich i w Polsce dzia\u0142aj\u0105cych utracone w latach 1939 &#8211; 1945 w granicach polski po 1945. T. 2 \/ oprac. katalogu Anna Tyczy\u0144ska, Krystyna Znojewska; Ministerstwo Kultury i Dziedzictwa Narodowego. &#8211; Warszawa; Ministerstwo Kultury i Dziedzictwa Narodowego. Departament Dziedzictwa Kulturowego, 2012.<\/li>\n<li>Str\u00f3j g\u00f3rali podhala\u0144skich \/ tekst Stanis\u0142awa Trebunia-Staszel. &#8211; Krak\u00f3w; Malin\u00f3wek:\u00a0 Fundacja Braci Golec, 2011.<\/li>\n<li>Studia i Materia\u0142y do Dziej\u00f3w \u017bup Solnych w Polsce \/ Ministerstwo Kultury i Sztuki. Zarz\u0105d Muze\u00f3w i Ochrony Zabytk\u00f3w. &#8211; Wieliczka:\u00a0 Muzeum \u017bup Krakowskich, 1965-.<\/li>\n<li>Studia i materia\u0142y Konferencji Naukowej Student\u00f3w Konserwacji i Restauracji Dzie\u0142 Sztuki. T. 1 \/ pod red. Izabela Michalik. &#8211; Krak\u00f3w:\u00a0 Studenckie Ko\u0142o Naukowe Wydzia\u0142u Konserwacji i Restauracji Dzie\u0142 Sztuki ASP; Nowy S\u0105cz:\u00a0 Flexergis, 2012.<\/li>\n<li>Studia nad sztuk\u0105 renesansu i baroku. T. 11, Tradycja i innowacja w sztuce nowo\u017cytnej \/ red. Irena Rolska, Krzysztof Gombin. &#8211; Lublin:\u00a0 Towarzystwo Naukowe Katolickiego Uniwersytetu Lubelskiego Jana Paw\u0142a II:\u00a0 Katolicki Uniwersytet Lubelski Jana Paw\u0142a II, 2012.<\/li>\n<li>Studia o zamkach \u015bredniowiecznych \/ Tadeusz Poklewski-Kozie\u0142\u0142; oprac. Jerzy Maik i Maria \u017bemiga\u0142a; Instytut Archeologii i Etnologii Polskiej Akademii Nauk. &#8211; Warszawa:\u00a0 Instytut Archeologii i Etnologii PAN, 2012.<\/li>\n<li>Studia Waweliana \/ Pa\u0144stwowe Zbiory Sztuki na Wawelu; [red. prow. Maria Podlodowska-Reklewska]. &#8211; Krak\u00f3w:\u00a0 Pa\u0144stwowe Zbiory Sztuki, 1992-.<\/li>\n<li>Studium przyrodniczych cech krajobrazu regionu elbl\u0105skiego dla potrzeb turystycznych i rekreacyjnych \/ Edward Bartman, Pawe\u0142 Bartman. &#8211; Warszawa:\u00a0 O\u015brodek Ochrony Zabytkowego Krajobrazu. Narodowa Instytucja Kultury, 1996.<\/li>\n<li>Szczawno-Zdr\u00f3j:\u00a0 Teatr Zdrojowy \/ [tekst Kazimierz Jankowski, El\u017cbieta Maria Kokowska]. &#8211; Szczawno-Zdr\u00f3j:\u00a0 Burmistrz Szczawna-Zdroju &#8211; Urz\u0105d Miasta, 2010.<\/li>\n<li>Szczecin na starej karcie pocztowej \/ [tekst Wojciech Lizak]. &#8211; Szczecin:\u00a0 Szczeci\u0144skie Zak\u0142ady Graficzne, 1999.<\/li>\n<li>Sze\u015b\u0107 wiek\u00f3w parafii powsi\u0144skiej 1410-2010 \/ pod red. Jana \u015awistaka; [aut.] Tomasz Gutt, Zygmunt Karaszewski, El\u017cbieta Matyja, Teodozja Placzke. &#8211; Warszawa; Wroc\u0142aw:\u00a0 Wydawnictwo &#8220;Aga&#8221; Witold Kobus, 2010.<\/li>\n<li>Szlak architektury drewnianej:\u00a0 podkarpackie \/ [red. Jan So\u0142ek; oprac. opis\u00f3w obiekt\u00f3w Anna Fortuna-Marek]. &#8211; Rzesz\u00f3w:\u00a0 Podkarpacka Regionalna Organizacja Turystyczna, 2013.<\/li>\n<li>Szlak zabytkowych ambon. Cz. 1, Okolice Dar\u0142owa \/ [Cezary Nowakowski]. &#8211; Szczecin:\u00a0 Biuro Dokumentacji Zabytk\u00f3w, [2012].<\/li>\n<li>Szlakiem architektury art d\u00e9co:\u00a0 Lw\u00f3w \/ Anna Bancekowa. &#8211; Stalowa Wola:\u00a0 Muzeum Regionalne, 2012.<\/li>\n<li>Szlakiem wybranych dwor\u00f3w Kielecczyzny \/ (tekst i zdj.) Maciej Andrzej Zar\u0119bski. &#8211; Zagna\u0144sk; Kielce:\u00a0 Maciej Andrzej Zar\u0119bski:\u00a0 \u015awi\u0119tokrzyskie Towarzystwo Regionalne, 2013.<\/li>\n<li>Sztuka i kultura wizualna Indii \/ pod red. Piotra Balcerowicza i Jerzego Malinowskiego. &#8211; Warszawa:\u00a0 Wydawnictwo DiG, 2010.<\/li>\n<li>Sztuka Japonii:\u00a0 studia \/ pod red. Jerzego Malinowskiego i Agnieszki Kluczewskiej-W\u00f3jcik. &#8211; Warszawa:\u00a0 Wydawnictwo DiG, 2009.<\/li>\n<li>Sztuka po Trydencie:\u00a0 w archidiakonacie lubelskim w XVII wieku:\u00a0 Antiquum documentum et novo cedat ritui \/ Irena Rolska; Katolicki Uniwersytet Lubelski Jana Paw\u0142a II. Wydzia\u0142 Nauk Humanistycznych. &#8211; Lublin:\u00a0 Wydawnictwo KUL, 2013.<\/li>\n<li>Sztuka polska. [T. 4], Wczesny i dojrza\u0142y barok (XVII wiek) \/ Zbigniew Bania, Agnieszka Bender, Piotr Gryglewski, Joanna Talbierska. &#8211; Warszawa:\u00a0 Arkady, 2013.<\/li>\n<li>Sztuka \u015bwiata. T. 17, S\u0142ownik termin\u00f3w A-K \/ [aut. hase\u0142 Zbigniew Bania et al.]. &#8211; Warszawa:\u00a0 Arkady, 2013.<\/li>\n<li>Sztuka \u015bwiata. T. 18, S\u0142ownik termin\u00f3w L-\u017b \/ [aut. hase\u0142 Eleonora Bergman et al.]. &#8211; Warszawa:\u00a0 Arkady, 2013.<\/li>\n<li>Sztuka w Wielkopolsce \/ red. Micha\u0142 B\u0142aszczy\u0144ski, Barbara G\u00f3recka, Micha\u0142 G\u00f3recki, Aleksandra Paradowska; Stowarzyszenie Historyk\u00f3w Sztuki, Oddzia\u0142 w Poznaniu. &#8211; Pozna\u0144:\u00a0 Wydawnictwo Nauka i Innowacje, 2013.<\/li>\n<li>Szukaj tego, co w g\u00f3rze:\u00a0 spacer po placu Pokoju \/ Aneta Augustyn. &#8211; \u015awidnica:\u00a0 Parafia Ewangelicko-Augsburska pw. \u015aw. Tr\u00f3jcy, 2012.<\/li>\n<li>\u015awiat przesz\u0142y dokonany:\u00a0 judaika ze zbior\u00f3w MNZP \/ J\u00f3zefa Kostek. &#8211; Przemy\u015bl:\u00a0 Muzeum Narodowe Ziemi Przemyskiej, 2012.<\/li>\n<li>\u015awiat zakl\u0119ty w b\u0142\u0119kicie:\u00a0 Pok\u00f3j Beyersdorf\u00f3w w Pa\u0142acu Kr\u00f3lewskim we Wroc\u0142awiu \/ Magdalena Szmida-P\u00f3\u0142bratek. &#8211; Wroc\u0142aw:\u00a0 Muzeum Miejskie Wroc\u0142awia, 2010.<\/li>\n<li>\u015awi\u0119ty Jacek Odrow\u0105\u017c:\u00a0 studia i \u017ar\u00f3d\u0142a:\u00a0 skarby dominika\u0144skie \/ red. Maciej Zdanek. &#8211; Krak\u00f3w:\u00a0 Wydawnictwo Esprit, 2007.<\/li>\n<li>Tajemnice zamku i browaru w Raciborzu \/ Grzegorz Wawoczny. &#8211; Racib\u00f3rz:\u00a0 Wydawnictwo i Agencja Informacyjna WAW Grzegorz Wawoczny, 2011.<\/li>\n<li>Tancerka:\u00a0 Rosario Guerrero w grafikach i rysunkach J\u00f3zefa Mehoffera z lat 1905-1907 \/ Anna Ze\u0144czak. &#8211; Krak\u00f3w:\u00a0 Muzeum Narodowe, 2013.<\/li>\n<li>Techniki budowlane w kompleksach zabytkowych:\u00a0 s\u0142ownik terminologiczny \/ Bonawentura Maciej Pawlicki. &#8211; Krak\u00f3w:\u00a0 Wydawnictwo &#8220;Czuwamy&#8221;; Zamo\u015b\u0107:\u00a0 Wy\u017csza Szko\u0142a Zarz\u0105dzania i Administracji, 2011.<\/li>\n<li>Teoretycy, arty\u015bci i krytycy o sztuce 1700-1870:\u00a0 wyb\u00f3r, przedmowa i komentarze El\u017cbieta Grabska i Maria Poprz\u0119cka. &#8211; Warszawa:\u00a0 PWN, 1974.<\/li>\n<li>The conservation movement:\u00a0 a history of architectural preservation:\u00a0 antiquity to modernity \/ Miles Glendinning. &#8211; Abingdon, Oxon; New York:\u00a0 Routledge, 2013.<\/li>\n<li>The Dutch overseas:\u00a0 architectural survey:\u00a0 mutual heritage of four centuries in three continents \/ C.L. Temminck Groll; in co-operation with W. van Alphen. &#8211; Zwolle:\u00a0 Waanders Publishers: Netherlands Department for Conservation, 2002.<\/li>\n<li>The historic environment:\u00a0 policy &amp; practice. &#8211; London:\u00a0 Maney Publishing, 2010-.<\/li>\n<li>The Idea of Cultural Heritage \/ Derek Gillman. &#8211; Wyd. popr. &#8211; New York:\u00a0 Cambridge University Press, 2010.<\/li>\n<li>The Royal Castle in Warsaw:\u00a0 a complete catalogue of paintings c. 1520 &#8211; c. 1900. 1 \/ Dorota Juszczak and Hanna Ma\u0142achowicz. &#8211; Warszawa:\u00a0 Arx Regia. O\u015brodek Wydawniczy Zamku Kr\u00f3lewskiego, 2013.<\/li>\n<li>Tradycje ludowe w kulturze muzycznej \/ Ludwik Bielawski. &#8211; Warszawa:\u00a0 Instytut Sztuki Polskiej Akademii Nauk, 1999.<\/li>\n<li>Tradycjonalizm i neotradycjonalizm w sztuce XIX i XX wieku na Pomorzu \/ pod red. J\u00f3zefa Tarnowskiego i Romana Nieczyporowskiego. &#8211; Gda\u0144sk:\u00a0 Stowarzyszenie Historyk\u00f3w Sztuki. Oddzia\u0142, 2012.<\/li>\n<li>Trybuna\u0142 Koronny ceremonia\u0142 i sztuka \/ Krzysztof Gombin; Katolicki Uniwersytet Lubelski. Instytut Historii Sztuki. &#8211; Lublin:\u00a0 Wydawnictwo KUL, 2013.<\/li>\n<li>Twierdza Grudzi\u0105dz:\u00a0 ochrona, zarz\u0105dzanie, zagospodarowanie:\u00a0 materia\u0142y pokonferencyjne \/ [red. Anna Wajler]. &#8211; Grudzi\u0105dz:\u00a0 Muzeum im. ks. dr. W\u0142adys\u0142awa \u0141\u0119gi, 2012.<\/li>\n<li>Twierdza Warszawa:\u00a0 przewodnik historyczny \/ Piotr Ole\u0144czak, Teodor Tuszko. &#8211; Warszawa:\u00a0 Wydawnictwo Rajd, 2013.<\/li>\n<li>Tw\u00f3rcy stylu &#8220;\u015awidermajer&#8221; \/ Robert Lewandowski. &#8211; Wyd. 2, zm. &#8211; J\u00f3zef\u00f3w:\u00a0 Wydawnictwo \u015awidermajer, 2012.<\/li>\n<li>Tw\u00f3rczo\u015b\u0107 i konserwatorstwo w architekturze:\u00a0 materia\u0142y z sesji naukowej na posiedzeniu plenarnym Komitetu Architektury i Urbanistyki Polskiej Akademii Nauk 22 &#8211; 23 wrze\u015bnia 1995 w Nieborowie \/ pod red. nauk. Edmunda Ma\u0142achowicza; Polska Akademia Nauk Komitet Architektury i Urbanistyki. &#8211; Warszawa:\u00a0 O\u015brodek Ochrony Zabytkowego Krajobrazu. Narodowa Instytucja Kultury, 1996.<\/li>\n<li>U Olgi Bozna\u0144skiej:\u00a0 oblicza pracowni artystki \/ Agnieszka Bagi\u0144ska. &#8211; Toru\u0144:\u00a0 Firma Wydawniczo-Handlowa Mado, 2013.<\/li>\n<li>Ukryte w obrazach \/ Joanna M. Sosnowska. &#8211; Warszawa:\u00a0 Instytut Sztuki Polskiej Akademii Nauk, 2012.<\/li>\n<li>Ulica Bednarska \/ Jaros\u0142aw Zieli\u0144ski. &#8211; Warszawa:\u00a0 Veda, 1997.<\/li>\n<li>Ulica Marsza\u0142kowska \/ Stanis\u0142aw Herbst. &#8211; Warszawa:\u00a0 Veda, 1998.<\/li>\n<li>Ulica Nowy \u015awiat \/ Jaros\u0142aw Zieli\u0144ski. &#8211; Warszawa:\u00a0 Veda, 1998.<\/li>\n<li>Ulica Pr\u00f3\u017cna i dzielnica \u017cydowska w Warszawie \/ Rafa\u0142 Chwiszczuk. &#8211; Wyd. 2 popr i rozsz. &#8211; Warszawa:\u00a0 Austriackie Forum Kultury, 2013.<\/li>\n<li>Ulica Smolna \/ Ryszard \u017belichowski. &#8211; Warszawa:\u00a0 Veda, 1998.<\/li>\n<li>Ulice i zau\u0142ki Grudzi\u0105dza:\u00a0 Aleja 23 stycznia i okolic \/ Dawid Schoenwald. &#8211; Grudzi\u0105dz:\u00a0 Muzeum im. ks. dr. W\u0142adys\u0142awa \u0141\u0119gi, 2012.<\/li>\n<li>Ulotna historia:\u00a0 fajki gliniane z bada\u0144 w Stargardzie \/ [tekst Karol Kwiatkowski]. &#8211; Stargard:\u00a0 Muzeum w Stargardzie, 2012.<\/li>\n<li>Understanding heritage:\u00a0 perspectives in heritage studies \/ ed. Marie-Theres Albert, Ronald Bernecker, Britta Rudolff. &#8211; Berlin:\u00a0 de Gruyter, 2013.<\/li>\n<li>Urz\u0105d \/ [red. Gabriela Bo\u017cek]. &#8211; Katowice:\u00a0 Centrum Dziedzictwa Kulturowego G\u00f3rnego \u015al\u0105ska, 2000.<\/li>\n<li>Uses of heritage \/ Laurajane Smith. &#8211; London; New York:\u00a0 Routledge Taylor &amp; Francis Group, 2006.<\/li>\n<li>Ustawa o ochronie zabytk\u00f3w i opiece nad zabytkami Art. 108-120:\u00a0 przepisy karne:\u00a0 komentarz \/ Bart\u0142omiej Gadecki. &#8211; Warszawa:\u00a0 Wydawnictwo C.H. Beck, 2014.<\/li>\n<li>Uzdrowisko A. G\u00f3rewicza:\u00a0 Otwock \/ [oprac. Robert Lewandowski]. &#8211; J\u00f3zef\u00f3w:\u00a0 Wydawnictwo \u015awidermajer, 2012.<\/li>\n<li>Valta, tytli ja tila:\u00a0 keisarien ja presidenttien residenssi Helsingiss\u00e4 1837-1940 \/ Jukka Relas. &#8211; Helsinki:\u00a0 [Suomen muinaismuidtoyhdistyksen], 2013.<\/li>\n<li>Van Eyck, Memling, Breughel:\u00a0 arcydzie\u0142a malarstwa z kolekcji Brukenthal National Museum w Sibiu \/ [red. Jacek Kriegseisen]. &#8211; Gda\u0144sk:\u00a0 Muzeum Narodowe, 2010.<\/li>\n<li>Via archaeologica:\u00a0 archeologiczne badania ratownicze w programie budowy autostrad w Polsce \/ [red. Agnieszka Krzy\u017caniak przy wsp\u00f3\u0142pr. z Zbigniewem Bukowskim]. &#8211; Warszawa:\u00a0 O\u015brodek Ochrony Dziedzictwa Archeologicznego, 2005.<\/li>\n<li>Von Moskau lernen?:\u00a0 Architektur und St\u00e4dtebau des Sozialistischen Realismus:\u00a0 Denkmaldialog Warschau-Berlin 2011 &#8211; eine Dokumentation \/ Hrsg. vom Landesdenkmalamt Berlin und Biuro Sto\u0142ecznego Konserwatora Zabytk\u00f3w Warszawa. Mit einem Gru\u00dfwort von ICOMOS Deutschland und ICOMOS Polen und Beitr. von Marek Bara\u0144ski et al. &#8211; Berlin:\u00a0 Nicolaische Verlagsbuchhandlung GmbH, 2012.<\/li>\n<li>W ho\u0142dzie i dla chwa\u0142y \u015bw. Jadwigi, patronki \u015al\u0105ska:\u00a0 pami\u0119ci ks. prof. Antoniego Kie\u0142basy SDS (1938-2010) \/ pod red. Macieja \u0141agiewskiego i Piotra Oszczanowskiego; Muzeum Miejskie Wroc\u0142awia. &#8211; Wroc\u0142aw:\u00a0 Muzeum Miejskie Wroc\u0142awia, 2010.<\/li>\n<li>W krainie Pog\u00f3rzy \/ Jerzy F. Adamski. &#8211; Rzesz\u00f3w:\u00a0 Wydawnictwo Libra, 2013.<\/li>\n<li>W kr\u0119gu Rytmu:\u00a0 sztuka polska lat dwudziestych \/ pod red. Katarzyny Nowakowskiej-Sito. &#8211; Warszawa:\u00a0 Muzeum Narodowe, 2006.<\/li>\n<li>W stron\u0119 architektury \/ Le Corbusier; [s\u0142owo wst\u0119pne: Marta Le\u015bniakowska]. &#8211; Wyd. 2. &#8211; Warszawa:\u00a0 Fundacja Centrum Architektury, 2012.<\/li>\n<li>W Warszawie i nie tylko &#8230; migawki z antropologii miasta \/ pod red. Anny Kuczy\u0144skiej. &#8211; Warszawa:\u00a0 Mazowieckie Centrum Kultury i Sztuki:\u00a0 Agencja Wydawnicza &#8220;Egros&#8221;, 2011.<\/li>\n<li>Wall paintings, workshops, and visual production in the medieval diocese of Turku from 1430 to 1540 \/ Katja F\u00e4lt. &#8211; Helsinki:\u00a0 [Suomen muinaismuidtoyhdistyksen], 2012.<\/li>\n<li>Wanna z kolumnad\u0105:\u00a0 reporta\u017ce o polskiej przestrzeni \/ Filip Springer. &#8211; Wo\u0142owiec:\u00a0 Wydawnictwo Czarne, 2013.<\/li>\n<li>Warszawa \/ [tekst Alfred Lauterbach; obja\u015bn. fot. W\u0142odzimierz Dzwonkowski]. &#8211; Rzesz\u00f3w:\u00a0 Libra PL, 2012.<\/li>\n<li>Warszawa:\u00a0 blask wspomnie\u0144:\u00a0 konserwacje zabytk\u00f3w finansowane i wsp\u00f3\u0142finansowane przez miasto sto\u0142eczne Warszawa w latach 2002-2006 \/ [red. Agnieszka Kasprzak-Miler, Krzysztof Wrzeszcz]. &#8211; Warszawa:\u00a0 Biuro Sto\u0142ecznego Konserwatora Zabytk\u00f3w, 2006.<\/li>\n<li>Warszawa:\u00a0 blask wspomnie\u0144:\u00a0 konserwacje zabytk\u00f3w finansowane i wsp\u00f3\u0142finansowane przez miasto sto\u0142eczne Warszawa w latach 2007-2010. T. 2 \/ [red. Agnieszka Kasprzak-Miler, Krzysztof Wrzeszcz]. &#8211; Warszawa:\u00a0 Biuro Sto\u0142ecznego Konserwatora Zabytk\u00f3w, 2010.<\/li>\n<li>Warszawa na starych poczt\u00f3wkach \/ [aut. tekst\u00f3w Jerzy S. Majewski]. &#8211; Warszawa:\u00a0 Agora SA, 2013.<\/li>\n<li>Warszawa niezaistnia\u0142a:\u00a0 niezrealizowane projekty urbanistyczne i architektoniczne Warszawy dwudziestolecia mi\u0119dzywojennego \/ Jaros\u0142aw Trybu\u015b. &#8211; Warszawa:\u00a0 Muzeum Powstania Warszawskiego:\u00a0 Muzeum Narodowe:\u00a0 Fundacja B\u0119c Zmiana, 2012.<\/li>\n<li>Warszawskie gorseciki zanikaj\u0105ce \/ Hanna Faryna-Paszkiewicz, Zuzanna Fruba. &#8211; Warszawa:\u00a0 Wydawnictwo Nisza, 2013.<\/li>\n<li>Warszawskiej Pragi dzieje dawne i dzisiejsze. &#8211; Warszawa:\u00a0 Wydawnictwo Jeden \u015awiat:\u00a0 Urz\u0105d m.st. Warszawy dla Dzielnicy Praga P\u00f3\u0142noc, 2006.<\/li>\n<li>Warto\u015bciowanie w ochronie i konserwacji zabytk\u00f3w \/ praca zbiorowa pod red. Bogus\u0142awa Szmygina. &#8211; Warszawa:\u00a0 Polski Komitet Naukowy Mi\u0119dzynarodowej Rady Ochrony Zabytk\u00f3w ICOMOS:\u00a0 Biuro Sto\u0142ecznego Konserwatora Zabytk\u00f3w Urz\u0119du Miasta Sto\u0142ecznego Warszawa; Lublin:\u00a0 Politechnika Lubelska:\u00a0 Fundacja Politechniki Lubelskiej, 2012.<\/li>\n<li>We\u0142niane tekstylia posp\u00f3lstwa i plebsu gda\u0144skiego (XIV-XVII w.) i ich konserwacja \/ Ma\u0142gorzata Grupa. &#8211; Toru\u0144:\u00a0 Wydawnictwo Naukowe Uniwersytetu Miko\u0142aja Kopernika, 2012.<\/li>\n<li>Wersal Marii Leszczy\u0144skiej:\u00a0 sztuka dworska we Francji XVIII wieku \/ [red. nauk. katalogu Przemys\u0142aw Mrozowski]. &#8211; Warszawa:\u00a0 Arx Regia. O\u015brodek Wydawniczy Zamku Kr\u00f3lewskiego, 2013.<\/li>\n<li>Werte:\u00a0 Begr\u00fcndungen der Denkmalpflege in Geschichte und Gegenwart \/ Hrsg. Hans-Rudolf Meier, Ingrid Scheurmann, Wolfgang Sonne. &#8211; Berlin:\u00a0 Jovis Verlag, 2013.<\/li>\n<li>W\u0119ze\u0142 kolejowy T\u0142uszcz:\u00a0 150-lecie przejazdu pierwszego poci\u0105gu po drodze \u017celaznej Petersbursko-Warszawskiej przez stacj\u0119 T\u0142uszcz 18 maja 1862 roku:\u00a0 praca zbiorowa \/ pod red. Jaros\u0142awa Stryka. &#8211; T\u0142uszcz:\u00a0 Centrum Kultury, Sportu i Rekreacji, 2012.<\/li>\n<li>Wiadomo\u015bci Konserwatorskie Wojew\u00f3dztwa Lubelskiego \/ [Oddzia\u0142 Wojew\u00f3dzki S\u0142u\u017cby Ochrony Zabytk\u00f3w w Lublinie; zesp\u00f3\u0142 red. Halina Landecka przewodn.]. &#8211; Lublin:\u00a0 Oddzia\u0142 Wojew\u00f3dzki S\u0142u\u017cby Ochrony Zabytk\u00f3w, 1999-.<\/li>\n<li>Wiara jak serce ze spi\u017cu:\u00a0 skarby ko\u015bcio\u0142a Pokoju w \u015awidnicy \/ pod red. Piotra Oszczanowskiego. &#8211; \u015awidnica:\u00a0 Parafia Ewangelicko-Augsburska pw. \u015aw. Tr\u00f3jcy, 2012.<\/li>\n<li>Widoki zabytk\u00f3w staro\u017cytno\u015bci w Kr\u00f3lestwie Polskim s\u0142u\u017c\u0105ce do obja\u015bnienia opisu tych\u017ce staro\u017cytno\u015bci, sporz\u0105dzonego przez Delegacy\u0119 wys\u0142an\u0105 z polecenia Rady Administracyjn\u00e9j Kr\u00f3lestwa w roku 1851 zebrane. Atlas 5, Gubernia P\u0142ocka \/ [oprac. Robert Kunkel; przy udziale Wojciecha Szyma\u0144skiego; Biblioteka Uniwersytecka w Warszawie. Gabinet Rycin, Narodowy Instytut Dziedzictwa]. &#8211; Warszawa:\u00a0 Narodowy Instytut Dziedzictwa, 2011.<\/li>\n<li>Wiejskie budownictwo drewniane i jego stan na ziemi olkuskiej \/ Grzegorz Bili\u0144ski. &#8211; Olkusz:\u00a0 Starostwo Powiatowe, 2011.<\/li>\n<li>Wilanowski Informator Konserwatorski \/ [red. merytoryczna Pawe\u0142 Jaskanis]. &#8211; Warszawa:\u00a0 [Muzeum Pa\u0142ac w Wilanowie], 2005-.<\/li>\n<li>Wile\u0144ska odmiana architektury XVIII wieku \/ Mariusz Karpowicz. &#8211; Warszawa:\u00a0 Muzeum Pa\u0142ac w Wilanowie, 2012.<\/li>\n<li>Witra\u017ce secesyjne:\u00a0 tendencje i motywy \/ red. Tomasz Szybisty. &#8211; Krak\u00f3w:\u00a0 Stowarzyszenie Mi\u0142o\u015bnik\u00f3w Witra\u017cy Ars Vitrea Polona; Legnica:\u00a0 Wydawnictwo Edytor, 2011.<\/li>\n<li>Wok\u00f3\u0142 problem\u00f3w to\u017csamo\u015bci \/ pod red. Aldony Jaw\u0142owskiej; Uniwersytet Warszawski. Instytut Stosowanych Nauk Spo\u0142ecznych. &#8211; Warszawa:\u00a0 Wydawnictwo &#8220;LTW&#8221;, 2001.<\/li>\n<li>Wok\u00f3\u0142 Wawelu:\u00a0 antologia tekst\u00f3w z lat 1901-1909 \/ red. i wst\u0119p Jaros\u0142aw Krawczyk. &#8211; Warszawa; Krak\u00f3w:\u00a0 Ofic. Wydaw. &#8220;M\u00f3wi\u0105 wieki&#8221;, 2001.<\/li>\n<li>Wok\u00f3\u0142 zagadnie\u0144 estetyki zabytku po konserwacji i restauracji \/ pod red. El\u017cbiety Szmit-Naud, Bogumi\u0142y J. Rouby, Joanny Arszy\u0144skiej. &#8211; Warszawa:\u00a0 Narodowy Instytut Dziedzictwa; Toru\u0144:\u00a0 Stowarzyszenie Przyjaci\u00f3\u0142 Zak\u0142adu Konserwacji Malarstwa i Rze\u017aby Polichromowanej Toru\u0144skiej Szko\u0142y Konserwacji, 2012.<\/li>\n<li>Wolfgang von Websky (1895-1992):\u00a0 realno\u015b\u0107 i impresja \/ [oprac. Jan J. Trzynadlowski, Katarzyna \u0141ata]; Muzeum Miejskie Wroc\u0142awia. &#8211; Wroc\u0142aw:\u00a0 Muzeum Miejskie Wroc\u0142awia, 2009.<\/li>\n<li>Wooden tserkvas of the Carpathian region in Poland and Ukraine:\u00a0 cultural property of the Republic of Poland and Ukraine for inclusion in the world Heritage List \/ scenariusz wystawy Mariusz Czuba, Maciej Rymkiewicz. &#8211; Warszawa:\u00a0 Narodowy Instytut Dziedzictwa, 2013.<\/li>\n<li>World Heritage:\u00a0 benefits beyond borders \/ edited by Amareswar Galla. &#8211; Paris:\u00a0 UNESCO; Cambridge:\u00a0 Cambridge University Press, 2012.<\/li>\n<li>Wroc\u0142awscy \u017bydzi 1850-1944:\u00a0 zapomniany rozdzia\u0142 historii \/ Maciej \u0141agiewski; Muzeum Miejskie Wroc\u0142awia. &#8211; Wyd. 3 poszerz. &#8211; Wroc\u0142aw:\u00a0 Muzeum Miejskie Wroc\u0142awia, 2010.<\/li>\n<li>Wsp\u00f3lnie dla ratowania pi\u0119kna przesz\u0142o\u015bci:\u00a0 materia\u0142y konferencji \/ [komitet red. Gra\u017cyna Korpal et al.]. &#8211; Krak\u00f3w:\u00a0 Wydawnictwo Artcards, 2010.<\/li>\n<li>W\u015br\u00f3d zabytk\u00f3w w\u015br\u00f3d zieleni:\u00a0 materia\u0142y opracowane z okazji obchod\u00f3w Europejskich Dni Dziedzictwa 2006 w wojew\u00f3dztwie zachodniopomorskim \/ [red. Maciej S\u0142omi\u0144ski]; Regionalny O\u015brodek Bada\u0144 i Dokumentacji Zabytk\u00f3w w Szczecinie, Biuro Dokumentacji Zabytk\u00f3w w Szczecinie. &#8211; Szczecin:\u00a0 P.P.H. ZAPOL Dmochowski, Sobczyk, 2006.<\/li>\n<li>Wybory i przemilczenia:\u00a0 od szko\u0142y sopockiej do nowej szko\u0142y gda\u0144skiej \/ Zofia Tomczyk-Watrak. &#8211; Gda\u0144sk:\u00a0 Wydawnictwo S\u0142owo \/ Obraz Terytoria, 2001.<\/li>\n<li>Wybrane problemy zagro\u017ce\u0144 w\u00f3d, powietrza i gleb w dorzeczu Kamiennej \/ Henryk Stawicki, Ma\u0142gorzata Skowron, Marian Starachowski. &#8211; Warszawa:\u00a0 O\u015brodek Ochrony Zabytkowego Krajobrazu. Narodowa Instytucja Kultury, 1995.<\/li>\n<li>Wybrane zagadnienia urbanistyki i architektury w wojew\u00f3dztwie pomorskim w latach 1920-1939 \/ Wojciech Romaniak. &#8211; Warszawa:\u00a0 Wydawnictwo Neriton, 2005.<\/li>\n<li>Wystawa Krajowa Sztuk Pi\u0119knych (1858-1860):\u00a0 z historii \u017cycia artystycznego Warszawy po\u0142owy XIX wieku \/ Dariusz Konstantyn\u00f3w. &#8211; Warszawa:\u00a0 Instytut Sztuki Polskiej Akademii Nauk, 2012.<\/li>\n<li>Wystawa nowojorska 1939:\u00a0 materia\u0142y z sesji naukowej Instytutu Sztuki PAN, Warszawa, 23-24 listopada 2009 roku \/ red. nauk. Joanna M. Sosnowska. &#8211; Warszawa:\u00a0 Instytut Sztuki Polskiej Akademii Nauk, 2012.<\/li>\n<li>Z bada\u0144 nad ikonografi\u0105 muzyczn\u0105 do 1800:\u00a0 \u017ar\u00f3d\u0142a, problemy, interpretacje \/ studia pod red. Paw\u0142a Gancarczyka. &#8211; Warszawa:\u00a0 Stowarzyszenie Liber Pro Arte:\u00a0 Instytut Sztuki Polskiej Akademii Nauk, 2012.<\/li>\n<li>Z dziej\u00f3w Kazimierza Dolnego w \u015bredniowieczu \/ Katarzyna Pisarek-Ma\u0142yszek. &#8211; Lublin:\u00a0 Towarzystwo Naukowe Katolickiego Uniwersytetu Lubelskiego Jana Paw\u0142a II, 2009.<\/li>\n<li>Z kilofem na kariatyd\u0119:\u00a0 jak nie odbudowano Warszawy \/ Artur Bojarski. &#8211; Warszawa:\u00a0 Wydawnictwo &#8220;Ksi\u0105\u017cka i Wiedza&#8221;, 2013.<\/li>\n<li>Z pami\u0119tnik\u00f3w starego subiekta:\u00a0 [wystawa na motywach powie\u015bci &#8220;Lalka&#8221; Boles\u0142awa Prusa] \/ [tekst i red. Ilona Pulnar-Ferdjani]. &#8211; Radom:\u00a0 Muzeum im. Jacka Malczewskiego, [2009].<\/li>\n<li>Z Wroc\u0142awia nad Jezioro Bode\u0144skie:\u00a0 Walter Eberhard Loch (1885-1979); [oprac. kat. wystawy Jan J. Trzynadlowski]; Muzeum Miejskie Wroc\u0142awia. &#8211; Wroc\u0142aw:\u00a0 Muzeum Miejskie Wroc\u0142awia, 2010.<\/li>\n<li>Zabytek i historia:\u00a0 wok\u00f3\u0142 problem\u00f3w konserwacji i ochrony zabytk\u00f3w w XIX wieku \/ pod red. Piotra Kosiewskiego, Jaros\u0142awa Krawczyka. &#8211; Warszawa:\u00a0 Muzeum Pa\u0142ac w Wilanowie, 2012.<\/li>\n<li>Zabytki:\u00a0 ochrona i opieka. Praktyczny komentarz do nowej ustawy. Tekst ustawy z dnia 23 lipca 2003 r. Stan prawny na dzie\u0144 20 stycznia 2004 r. \/ Alberto Soldani, Dariusz Jankowski. &#8211; Zielona G\u00f3ra:\u00a0 Zachodnie Centrum Organizacji, 2004.<\/li>\n<li>Zabytki krzemienne i kamienne od paleolitu do wczesnej epoki \u017celaza z teren\u00f3w Bia\u0142orusi w zbiorach Pa\u0144stwowego Muzeum Archeologicznego w Warszawie \/ Wiktor Obuchowski; Pa\u0144stwowe Muzeum Archeologiczne w Warszawie, O\u015brodek Ochrony Dziedzictwa Archeologicznego. &#8211; Warszawa:\u00a0 Pa\u0144stwowe Muzeum Archeologiczne, 2003.<\/li>\n<li>Zabytki w krajobrazie kulturowym Mi\u0119dzyrzecza i okolic \/ Marceli Tureczek. &#8211; Mi\u0119dzyrzecz:\u00a0 Agencja Reklamowa BM Micha\u0142 G\u00f3rzny, 2012.<\/li>\n<li>Zabytki, ogrody, krajobraz kulturowy &#8211; Kr\u00f3lestwo Niderland\u00f3w \/ Robert de Jong. &#8211; Warszawa:\u00a0 O\u015brodek Ochrony Zabytkowego Krajobrazu. Narodowa Instytucja Kultury, 1998.<\/li>\n<li>Zabytkowa architektura cerkiewna ziemi lubaczowskiej \/ [tekst: Janusz Mazur]. &#8211; Lubacz\u00f3w:\u00a0 Stowarzyszenie Rozwoju Ziemi Lubaczowskiej:\u00a0 Powiatowe Centrum Kultury, 2012.<\/li>\n<li>Zabytkowe cmentarze ewangelickie p\u00f3\u0142nocnej Wielkopolski \/ Agnieszka Rydzewska. &#8211; Pozna\u0144:\u00a0 Wydawnictwo Uniwersytetu Przyrodniczego, 2012.<\/li>\n<li>Zabytkowe ko\u015bcio\u0142y Warszawy XIII-XIX w. \/ tekst Renata Popkowicz-Tajchert. &#8211; Warszawa:\u00a0 Wydawnictwo Ornament, 2000.<\/li>\n<li>Zach\u00f3d \/ red. tomu Leszek Sosnowski, Anna Iwona W\u00f3jcik. &#8211; Krak\u00f3w:\u00a0 Towarzystwo Autor\u00f3w i Wydawc\u00f3w Prac Naukowych Universitas, 2008.<\/li>\n<li>Zaczyn:\u00a0 o Zofii i Oskarze Hansenach \/ Filip Springer. &#8211; Krak\u00f3w:\u00a0 Karakter; Warszawa:\u00a0 Muzeum Sztuki Nowoczesnej, 2013.<\/li>\n<li>Zadrzewienia w krajobrazie otwartym:\u00a0 ekologiczne i kulturowe przes\u0142anki zadrzewie\u0144 w krajobrazie rolniczym w \u015bwietle literatury przedmiotu \/ Maria \u0141uczy\u0144ska-Bruzda. &#8211; Warszawa:\u00a0 O\u015brodek Ochrony Zabytkowego Krajobrazu. Narodowa Instytucja Kultury, 1995.<\/li>\n<li>Zaginione &#8211; ocalone:\u00a0 szczeci\u0144ska kolekcja staro\u017cytno\u015bci pomorskich \/ [red. Krzysztof Kowalski, Dorota Koz\u0142owska-Skoczka]. &#8211; Szczecin:\u00a0 Muzeum Narodowe, 2012.<\/li>\n<li>Zag\u0142ada dwor\u00f3w w wojew\u00f3dztwie bia\u0142ostockim po roku 1939 \/ pod red. Ewy Rogalewskiej i \u0141ukasza Lubicz-\u0141api\u0144skiego. &#8211; Bia\u0142ystok:\u00a0 Instytut Pami\u0119ci Narodowej Komisja \u015acigania Zbrodni przeciwko Narodowi Polskiemu. Oddzia\u0142, 2012.<\/li>\n<li>Zagroda:\u00a0 zagadnienia planowania i projektowania ruralistycznego \/ Anna G\u00f3rka. &#8211; Gda\u0144sk:\u00a0 Wydawnictwo Politechniki Gda\u0144skiej, 2011.<\/li>\n<li>Zakres i granice ingerencji konserwatorskiej w adaptacji obiekt\u00f3w i zespo\u0142\u00f3w poprzemys\u0142owych \/ red. Anetta K\u0119pczy\u0144ska-Walczak. &#8211; \u0141\u00f3d\u017a:\u00a0 Politechnika \u0141\u00f3dzka:\u00a0 Urz\u0105d Miasta, [2012].<\/li>\n<li>Zamek Dzikowskich w Tarnobrzegu:\u00a0 dzieje i konserwacja \/ Adam W\u00f3jcik-\u0141u\u017cycki. &#8211; Tarnobrzeg:\u00a0 Towarzystwo Przyjaci\u00f3\u0142 Tarnobrzega:\u00a0 [Muzeum Historyczne Miasta Tarnobrzega], 2013.<\/li>\n<li>Zamki Kazimierza Wielkiego \/ Piotr Adam Zaniewski. &#8211; Szczecin:\u00a0 ARCO; Krak\u00f3w:\u00a0 InAltum, 2012.<\/li>\n<li>Zamki w ruinie:\u00a0 zasady post\u0119powania konserwatorskiego \/ praca zbiorowa pod red. Bogus\u0142awa Szmygina i Piotra Molskiego. &#8211; Warszawa:\u00a0 Polski Komitet Naukowy Mi\u0119dzynarodowej Rady Ochrony Zabytk\u00f3w ICOMOS; Lublin:\u00a0 Politechnika Lubelska, 2012.<\/li>\n<li>Zamo\u015b\u0107 citt\u00e0 ideale in Polonia:\u00a0 il fondatore Jan Zamoyski e l&#8217;architetto Bernardo Morando \/ Jerzy Kowalczyk. &#8211; Warszawa:\u00a0 Zak\u0142ad Narodowy im. Ossoli\u0144skich, 1994.<\/li>\n<li>Zapomniane dziedzictwo Nowej Huty:\u00a0 Mogi\u0142a \/ Maria Lempart. &#8211; Krak\u00f3w:\u00a0 Muzeum Historyczne Miasta Krakowa, 2012.<\/li>\n<li>Zapomniane miejsca Mazowsza:\u00a0 przewodnik \/ [aut. Jakub Jagie\u0142\u0142o, Danuta Maciejewska-Bogusz, Ewa Perli\u0144ska-Kobierzy\u0144ska]. &#8211; Warszawa:\u00a0 Ciekawe Miejsca.net 2009.<\/li>\n<li>Zarys koncepcji krajobrazowego systemu ochrony zabytkowych krajobraz\u00f3w kulturowych w Polsce:\u00a0 wst\u0119pny wniosek dla centralnego urz\u0119du planowania do strategii rozwoju i koncepcji polityki przestrzennego zagospodarowania kraju \/ [red. Andrzej Micha\u0142owski et al.]. &#8211; Warszawa:\u00a0 O\u015brodek Ochrony Zabytkowego Krajobrazu. Narodowa Instytucja Kultury, 1996.<\/li>\n<li>Zarz\u0105dzanie klimatem w muzeach:\u00a0 ochrona zbior\u00f3w i energooszcz\u0119dno\u015b\u0107 \/ [red. Micha\u0142 \u0141ukomski]. &#8211; Warszawa:\u00a0 Narodowy Instytut Muzealnictwa i Ochrony Zbior\u00f3w; Krak\u00f3w:\u00a0 Muzeum Narodowe, [2012].<\/li>\n<li>Zarzecze Dzieduszyckich:\u00a0 przewodnik po Muzeum i pa\u0142acu \/ Krystyna Kieferling. &#8211; Przemy\u015bl:\u00a0 Archiwum Pa\u0144stwowe, 2012.<\/li>\n<li>Zasady post\u0119powania z obiektami zabytkowymi na pod\u0142o\u017cu papierowym \/ [red. Dorota Okr\u0105g\u0142a]. &#8211; Warszawa:\u00a0 Narodowy Instytut Muzealnictwa i Ochrony Zbior\u00f3w; Krak\u00f3w:\u00a0 Muzeum Narodowe, [2012].<\/li>\n<li>Zawsze m\u0142oda!:\u00a0 Polska sztuka oko\u0142o 1900 \/ [teksty Zofia Go\u0142ubiew, Krystyna Kulig-Janarek; red. Agnieszka Fryz-Wi\u0119cek]. &#8211; Krak\u00f3w:\u00a0 Muzeum Narodowe, 2012.<\/li>\n<li>Ze skarbca wielickiego Muzeum \/ tekst Antoni Jod\u0142owski; zdj. Artur Grzybowski, Ludwig Kostu\u015b. &#8211; Wieliczka:\u00a0 Muzeum \u017bup Krakowskich, 2012.<\/li>\n<li>Ziemia\u0144stwo na Lubelszczy\u017anie V:\u00a0 praca i \u017cycie codzienne w maj\u0105tku ziemia\u0144skim:\u00a0 materia\u0142y z V sesji naukowej zorganizowanej w Muzeum Zamoyskich w Koz\u0142\u00f3wce w dniach 12-14 pa\u017adziernika 2011 roku \/ pod red. Huberta \u0141aszkiewicza. &#8211; Lublin:\u00a0 Wydawnictwo Werset, 2012.<\/li>\n<li>Z\u0142ota ga\u0142\u0105\u017a:\u00a0 studia z magii i religii \/ James Georg Frazer. &#8211; Krak\u00f3w:\u00a0 Wydawnictwo vis-\u00e1-vis\/Etiuda, 2012.<\/li>\n<li>Z\u0142ota Kamieniczka i jej mieszka\u0144cy \/ Andrzej Januszajtis. &#8211; Gda\u0144sk:\u00a0 Wydawnictwo Marpress, 2012.<\/li>\n<li>Z\u0142oty wiek Pomorza:\u00a0 sztuka na dworze ksi\u0105\u017c\u0105t pomorskich w XVI i XVII wieku \/ pod red. Rafa\u0142a Maka\u0142y. &#8211; Szczecin:\u00a0 Muzeum Narodowe, 2013.<\/li>\n<li>Zwole\u0144skie pomniki \/ [oprac. tekstu El\u017cbieta Nowakowska]; Muzeum Regionalne w Zwoleniu. &#8211; Zwole\u0144:\u00a0 Muzeum Regionalne, 2010.<\/li>\n<li>\u0179r\u00f3d\u0142a do dziej\u00f3w Sobieskich z Archiwum w Mi\u0144sku i zbiorach francuskich \/ Krzysztof Kossarzecki. &#8211; Warszawa:\u00a0 Muzeum Pa\u0142ac w Wilanowie, 2012.<\/li>\n<\/ol>\n<p>[\/et_pb_toggle][et_pb_toggle title=&#8221;2012&#8243; open_toggle_text_color=&#8221;#e52330&#8243; closed_toggle_text_color=&#8221;#000000&#8243; _builder_version=&#8221;4.16&#8243; _module_preset=&#8221;default&#8221; title_font=&#8221;|700|||||||&#8221; closed_title_font=&#8221;|700|||||||&#8221; custom_margin=&#8221;||10px|||&#8221; global_colors_info=&#8221;{}&#8221;]<\/p>\n<p><span style=\"color: #808080;\">liczba nowo\u015bci: 605<\/span><\/p>\n<p><span style=\"color: #808080;\"><\/span><\/p>\n<ol>\n<li>&#8220;&#8230;\u0142y\u017cek srebrnych dwa tuziny&#8221;:\u00a0 srebra domowe w Gda\u0144sku 1700-1916:\u00a0 katalog wystawy w Domu Uphagena, lipiec &#8211; listopad 2007 \/ pod red. Jacka Kriegseisena, Ewy Barylewskiej-Szyma\u0144skiej, przy wsp\u00f3\u0142pr. Wojciecha Szyma\u0144skiego;\u00a0 Muzeum Historyczne Miasta Gda\u0144ska. &#8211; Gda\u0144sk:\u00a0 Muzeum Historyczne Miasta Gda\u0144ska, 2007.<\/li>\n<li>&#8220;Anulka&#8221; \u015awider. &#8211; J\u00f3zef\u00f3w:\u00a0 Wydawnictwo \u015awidermajer, 2010.<\/li>\n<li>&#8220;Die blume ist verwelck&#8221;:\u00a0 protestanckie funeralia na Pomorzu od pocz\u0105tku XVII do po\u0142owy XX wieku \/ [red. kat. Mariusz Wojciechowski, Beata Zgodzi\u0144ska]. &#8211; S\u0142upsk:\u00a0 Muzeum Pomorza \u015arodkowego, 2010.<\/li>\n<li>&#8220;Du\u017ce dzie\u0142o sztuki&#8221;:\u00a0 sztuka instalacji:\u00a0 autentyzm, zachowanie, konserwacja \/ Monika Jadzi\u0144ska. &#8211; Krak\u00f3w:\u00a0 Towarzystwo Autor\u00f3w i Wydawc\u00f3w Prac Naukowych Universitas, 2012.<\/li>\n<li>&#8220;Idea miasta-ogrodu&#8221; na przyk\u0142adach osiedli miast g\u00f3rno\u015bl\u0105skich \/ Joanna Soko\u0142owska-Moskwiak. &#8211; Gliwice:\u00a0 Wydawnictwo Politechniki \u015al\u0105skiej, 2011.<\/li>\n<li>&#8220;Tak oto stoj\u0119&#8221;:\u00a0 dawny ko\u015bci\u00f3\u0142 imienia Marcina Lutra we Wroc\u0142awiu \/ Joanna Macalik. &#8211; Wroc\u0142aw:\u00a0 Oficyna Wydawnicza ATUT, 2011.<\/li>\n<li>100 lat Muzeum Archidiecezjalnego we Wroc\u0142awiu 1898-1998 \/ J\u00f3zef Pater. &#8211; Wroc\u0142aw:\u00a0 Muzeum Archidiecezjalne, 1999.<\/li>\n<li>1947:\u00a0 barwy ruin:\u00a0 Warszawa i Polska w odbudowie na zdj\u0119ciach Henry&#8217;ego N. Cobba \/ Maria So\u0142tys, Krzysztof Jaszczy\u0144ski. &#8211; Warszawa:\u00a0 Dom Spotka\u0144 z Histori\u0105, 2012.<\/li>\n<li>50 lat Centralnego Muzeum Morskiego w Gda\u0144sku 1960-2010 \/ [red. Anna Ciemi\u0144ska]. &#8211; Gda\u0144sk:\u00a0 Centralne Muzeum Morskie, 2011.<\/li>\n<li>50\/20:\u00a0 szkice i eseje na dwudziestolecie Mi\u0119dzynarodowego Centrum Kultury \/ [koncepcja i opieka merytoryczna Jacek Purchla]. &#8211; Krak\u00f3w:\u00a0 Mi\u0119dzynarodowe Centrum Kultury, 2011.<\/li>\n<li>Aby na wsi by\u0142o \u0142adniej \/ Piotr Chilik. &#8211; Warszawa:\u00a0 Fundacja Wspomagania Wsi, 2008.<\/li>\n<li>Aedifico et conservo:\u00a0 eskalacja jako\u015bci kszta\u0142cenia zawodowego w Polsce \/ [oprac. Micha\u0142 Krasucki, Agata Kraszewska]. &#8211; Warszawa:\u00a0 Fundacja Hereditas, 2011.<\/li>\n<li>Akcja Wilan\u00f3w:\u00a0 Wilan\u00f3w we wspomnieniach \/ [red. t. Piotr Szpanowski]. &#8211; Warszawa:\u00a0 Muzeum Pa\u0142ac w Wilanowie, 2011.<\/li>\n<li>Albert Knoepfli:\u00a0 erster Denkmalpfleger des Kantons Thurgau \/ [red. Beatrice Sendner-Rieger];\u00a0 hrsg. vom Amt f\u00fcr Denkmalpflege des Kantons Thurgau. &#8211; Frauenfeld:\u00a0 Verlag Huber, 2003.<\/li>\n<li>Album polski:\u00a0 profesorowi Wiktorowi Zinowi w ho\u0142dzie \/ Roman Mirowski. &#8211; Kielce:\u00a0 PELLEGRINA, 2012.<\/li>\n<li>Allgemeines K\u00fcnstler-Lexikon:\u00a0 die Bildenden K\u00fcnstler aller Zeiten und V\u00f6lker. Bd. 72-75, Hennig &#8211; Heuler \/ [Hrsg. G\u00fcnter Mei\u00dfner]. &#8211; Berlin:\u00a0 de Gruyter, 2012.<\/li>\n<li>Allgemeines K\u00fcnstler-Lexikon:\u00a0 die Bildenden K\u00fcnstler aller Zeiten und V\u00f6lker. Bd. 76-77, Hunzinger &#8211; Iza \/ [Hrsg. G\u00fcnter Mei\u00dfner]. &#8211; Berlin:\u00a0 de Gruyter, 2013.<\/li>\n<li>Animarum cultura:\u00a0 studia nad kultur\u0105 religijn\u0105 na ziemiach polskich w \u015bredniowieczu. T. 1, Struktury ko\u015bcielno-publiczne \/ pod red. Haliny Manikowskiej i Wojciecha Brojera. &#8211; Warszawa:\u00a0 Instytut Historii PAN, 2008.<\/li>\n<li>Antropologia:\u00a0 zarys teorii i historii \/ Alan Barnard;\u00a0 wst\u0119pem opatrzy\u0142a Joanna Tokarska-Bakir. &#8211; Warszawa:\u00a0 Pa\u0144stwowy Instytut Wydawniczy, 2008.<\/li>\n<li>Antyk, prawda i fa\u0142sz w \u015bredniowieczu:\u00a0 materia\u0142y Seminari\u00f3w Mediewistycznych im. Alicji Kar\u0142owskiej-Kamzowej \/ pod red. Jacka Kowalskiego i Tomasza Ratajczaka. &#8211; Pozna\u0144:\u00a0 Wydawnictwo Pozna\u0144skiego Towarzystwa Przyjaci\u00f3\u0142 Nauk, 2011.<\/li>\n<li>Archeologia gliwickiego Rynku \/ red. Monika Michnik, Jerzy Piekalski. &#8211; Gliwice:\u00a0 Muzeum w Gliwicach;\u00a0 Wroc\u0142aw:\u00a0 Instytut Archeologii Uniwersytetu Wroc\u0142awskiego, 2011.<\/li>\n<li>Archeologiczne dziedzictwo Prus Wschodnich w archiwach Feliksa Jakobsona \/ red. Tomasz Nowakiewicz. &#8211; Warszawa:\u00a0 Ministerstwo Kultury i Dziedzictwa Narodowego. Departament Dziedzictwa Kulturowego, 2011.<\/li>\n<li>Archeologiczne ksi\u0119gi inwentarzowe dawnego Prussia-Museum = die arch\u00e4ologischen Inventarb\u00fccher aus dem ehemaligen Prussia-Museum \/ red. Anna Bitner-Wr\u00f3blewska. &#8211; Olsztyn:\u00a0 Pa\u0144stwowe Muzeum Archeologiczne, 2008.<\/li>\n<li>Architekt kr\u00f3lewski Isidoro Affaitati (1622-1684) \/ Mariusz Karpowicz. &#8211; Warszawa:\u00a0 Wydawnictwo Si\u00f3str Loretanek, 2011.<\/li>\n<li>Architekt Zbigniew Kupiec 1905-1990:\u00a0 ewolucja tw\u00f3rczo\u015bci od modernizmu do regionalizmu \/ Kazimierz Butelski. &#8211; Krak\u00f3w:\u00a0 Fundacja Pro Architectura, 2012.<\/li>\n<li>Architektura a polityka:\u00a0 gloryfikacja Prus i niemieckiej misji cywilizacyjnej w Poznaniu na pocz\u0105tku XX wieku \/ Zenon Pa\u0142at. &#8211; Pozna\u0144:\u00a0 Wydawnictwo Pozna\u0144skiego Towarzystwa Przyjaci\u00f3\u0142 Nauk, 2011.<\/li>\n<li>Architektura jednorodzinnych zespo\u0142\u00f3w mieszkaniowych w Gliwicach z lat 1919-1939 \/ Adam Bednarski. &#8211; Gliwice:\u00a0 Muzeum w Gliwicach, 2007.<\/li>\n<li>Architektura mi\u0119dzywojenna na fotografii:\u00a0 obiekty tw\u00f3rc\u00f3w zwi\u0105zanych z Politechnik\u0105 Warszawsk\u0105 = Interwar architecture photographed:\u00a0 the works of architects connected with Warsaw&#8217;s University of Technology \/ [oprac. Jolanta B. Kucharska, Maria Miller, Ma\u0142gorzata Wornbard];\u00a0 Biblioteka G\u0142\u00f3wna Politechniki Warszawskiej. &#8211; Wyd. 2 popr. &#8211; Warszawa:\u00a0 Biblioteka G\u0142\u00f3wna Politechniki Warszawskiej, 2010.<\/li>\n<li>Architektura polska lat 1961-1975 na obszarze Pomorza Zachodniego \/ Wojciech Bal, Robert Dawidowski, Mi\u0142osz Raczy\u0144ski, Marek Sietnicki, Adam M. Szymski. &#8211; Szczecin:\u00a0 Walkowska Wydawnictwo &#8211; Je\u017c, 2007.<\/li>\n<li>Architektura Polski Niepodleg\u0142ej \/ [oprac. Krzysztof Mordy\u0144ski]. &#8211; Warszawa:\u00a0 Muzeum Niepodleg\u0142o\u015bci, 2012.<\/li>\n<li>Architektura wildeckich budynk\u00f3w Politechniki Pozna\u0144skiej:\u00a0 wczoraj i dzi\u015b \/ Mieczys\u0142aw Kozaczko. &#8211; Pozna\u0144:\u00a0 Wydawnictwo Politechniki Pozna\u0144skiej, 2008.<\/li>\n<li>Atlas dawnej architektury ulic i plac\u00f3w Warszawy. T. 15, Objazdowa &#8211; O\u017carowska \/ Jaros\u0142aw Zieli\u0144ski. &#8211; Warszawa:\u00a0 TOnZ, 2011.<\/li>\n<li>Atlas historyczny Warszawy. [1], Teka z mapami \/ [red. nauk.: Adam Jankiewicz, Pawe\u0142 E. Weszpi\u0144ski, Marek Witecki]. &#8211; [Warszawa:\u00a0 Miasto Sto\u0142eczne Warszawa:\u00a0 Archiwum Pa\u0144stwowe m.st. Warszawy:\u00a0 Wojewoda Mazowiecki, 1999].<\/li>\n<li>Atlas historyczny Warszawy. 1, Wybrane \u017ar\u00f3d\u0142a kartograficzne \/ red. nauk.: Adam Jankiewicz, Pawe\u0142 E. Weszpi\u0144ski, Marek Witecki. &#8211; Warszawa:\u00a0 Miasto Sto\u0142eczne Warszawa:\u00a0 Archiwum Pa\u0144stwowe m.st. Warszawy:\u00a0 Wojewoda Mazowiecki, 1999.<\/li>\n<li>Atlas historyczny Warszawy. 2, [Teka z mapami] [red. nauk. Jan Maciej Chmielewski]. &#8211; [Warszawa:\u00a0 Stowarzyszenie Przyjaci\u00f3\u0142 Archiwum Pa\u0144stwowego m.st. Warszawy, 2004].<\/li>\n<li>Atlas historyczny Warszawy. 2, Plany zagospodarowania przestrzennego z lat 1916-2002 \/ red. nauk. Jan Maciej Chmielewski. &#8211; Warszawa:\u00a0 Stowarzyszenie Przyjaci\u00f3\u0142 Archiwum Pa\u0144stwowego m.st. Warszawy, 2004.<\/li>\n<li>Badania struktury i sk\u0142adu chemicznego archeologicznego drewna d\u0119bowego \/ Bogus\u0142awa Waliszewska. &#8211; Pozna\u0144:\u00a0 Wydawnictwo Uniwersytetu Przyrodniczego, 2009.<\/li>\n<li>Barwy beskidzkiej ziemi:\u00a0 materia\u0142y pomocnicze do edukacji regionalnej \/ pod red. Anny Poli-Dymek. &#8211; Bielsko-Bia\u0142a:\u00a0 Regionalny O\u015brodek Doskonalenia Nauczycieli &#8220;WOM&#8221;, 2007.<\/li>\n<li>Bernhard Schmid (1872-1947):\u00a0 ksi\u0119gozbi\u00f3r prywatny ostatniego niemieckiego konserwatora zamku w Malborku:\u00a0 pr\u00f3ba rekonstrukcji \/ Wies\u0142aw Sieradzan. &#8211; Malbork:\u00a0 Muzeum Zamkowe, 2011.<\/li>\n<li>Bibliografia Polska 1901-1939. T. 13, Jad-Jok \/ red. tomu Ewa Dombek, Gra\u017cyna Federowicz;\u00a0 Biblioteka Narodowa Zak\u0142ad Bibliografii Polskiej 1901-1939. &#8211; Warszawa:\u00a0 Biblioteka Narodowa, 2011.<\/li>\n<li>Binarowa:\u00a0 studia i materia\u0142y z dziej\u00f3w parafii i sanktuarium \/ red. W\u0142odzimierz Bielak, Bartosz Walicki, S\u0142awomir Zych. &#8211; Kolbuszowa:\u00a0 Miejska i Powiatowa Biblioteka Publiczna, 2011.<\/li>\n<li>Blaski z\u0142otniczego kunsztu:\u00a0 studia z dziej\u00f3w rzemios\u0142a artystycznego XVII i XVIII wieku \/ Ryszard M\u0105czy\u0144ski. &#8211; Toru\u0144:\u00a0 Wydawnictwo Naukowe Uniwersytetu Miko\u0142aja Kopernika, 2010.<\/li>\n<li>Bohater religijny w \u015bwi\u0119tej przestrzeni:\u00a0 kult \u015bw. Wojciecha na prze\u0142omie XX i XXI wieku \/ Anna Szymoszyn. &#8211; Pozna\u0144:\u00a0 Wydawnictwo Pozna\u0144skie, 2010.<\/li>\n<li>Bractwa kurkowe w Polsce:\u00a0 mundury, stroje, emblematy, insygnia:\u00a0 leksykon \/ Lucyna Rotter. &#8211; Krak\u00f3w:\u00a0 Wydawnictwo Avalon, 2012.<\/li>\n<li>Brakteaty \u015bl\u0105skie, wschodniopomorskie, ma\u0142opolskie i wielkopolskie z XIII wieku z prywatnych kolekcji niemieckich \/ Tadeusz Szczurek, Hans-Dieter Dannenberg. &#8211; Gorz\u00f3w Wielkopolski:\u00a0 Muzeum Lubuskie, 2011.<\/li>\n<li>Browary \u0141odzi i regionu:\u00a0 historia i wsp\u00f3\u0142czesno\u015b\u0107 \/ Marcin Jakub Szyma\u0144ski. &#8211; \u0141\u00f3d\u017a:\u00a0 Ksi\u0119\u017cy M\u0142yn Dom Wydawniczy, 2011.<\/li>\n<li>Brzegi Andriollego \/ Robert Lewandowski. &#8211; J\u00f3zef\u00f3w;\u00a0 Robert Lewandowski, 2010.<\/li>\n<li>Budowle jezuickie w Polsce XVI-XVIII w. T. 3 \/ Jerzy Paszenda. &#8211; Krak\u00f3w:\u00a0 WAM:\u00a0 Wy\u017csza Szko\u0142a Filozoficzno-Pedagogiczna Ignatianum, 2006.<\/li>\n<li>Budowle jezuickie w Polsce XVI-XVIII w. T. 4 \/ Jerzy Paszenda. &#8211; Krak\u00f3w:\u00a0 WAM:\u00a0 Wy\u017csza Szko\u0142a Filozoficzno-Pedagogiczna Ignatianum, 2010.<\/li>\n<li>Budownictwo og\u00f3lne. T. 2, Fizyka budowli \/ praca zbiorowa pod. kier. Piotra Klemma. &#8211; Warszawa:\u00a0 Arkady, 2009.<\/li>\n<li>Budujemy nowy dom:\u00a0 odbudowa Warszawy w latach 1945-1952 \/ Jerzy S. Majewski, Tomasz Markiewicz. &#8211; Warszawa:\u00a0 Dom Spotka\u0144 z Histori\u0105, 2012.<\/li>\n<li>Ca\u0142e srebro Rzeczypospolitej panu Micha\u0142owi Gradowskiemu ofiarowane \/ red. Jacek Kriegseisen. &#8211; Warszawa:\u00a0 Muzeum Pa\u0142ac w Wilanowie, 2012.<\/li>\n<li>Can we learn from the heritage lost in a fire?:\u00a0 experiences and practises on the fire protection of historic buildings in Finland, Norway and Sweden \/ [editor Anu Laurila]. &#8211; Helsinki:\u00a0 Museovirasto, 2004.<\/li>\n<li>Cerkwie drewniane dawnej Galicji Wschodniej \/ pod red. Wojciecha Walanusa. &#8211; Krak\u00f3w:\u00a0 TAiWPN Universitas, 2012.<\/li>\n<li>Cerkwie w centralnej Polsce 1815-1915 \/ Kiry\u0142 Soko\u0142, Aleksander Sosna. &#8211; Bia\u0142ystok:\u00a0 Fundacja S\u0105siedzi, 2011.<\/li>\n<li>Cerkwie w krainie ko\u015bcio\u0142\u00f3w:\u00a0 prawos\u0142awne \u015bwi\u0105tynie na Mazowszu \/ Henryk Sienkiewicz. &#8211; Warszawa:\u00a0 Mazowieckie Centrum Kultury i Sztuki:\u00a0 Wydawnictwo Trio, 2006.<\/li>\n<li>Che\u0142mo\u0144ski, Chmielowski, Witkiewicz:\u00a0 Pracownia w Hotelu Europejskim w Warszawie 1874-1883 \/ Maria Go\u0142\u0105b. &#8211; Pozna\u0144:\u00a0 Muzeum Narodowe, 2010.<\/li>\n<li>Ch\u0142opskie budownictwo zagrodowe Kujaw w XIX wieku i pierwszej po\u0142owie XX wieku \/ Jan \u015awi\u0119ch. &#8211; Krak\u00f3w:\u00a0 Towarzystwo Wydawnicze Histria Iagellonica, 2012.<\/li>\n<li>Collegium Nowodworskiego \/ Marek Ferenc. &#8211; Krak\u00f3w:\u00a0 Ksi\u0119garnia Akademicka, 2012.<\/li>\n<li>Combaterea criminalit\u01cetii contra patrimoniului cultural eu\u0155opean \/ ed. Aug. Laz\u01cer [et al.]. &#8211; Cluj-Napoca:\u00a0 Editura Mega, 2009.<\/li>\n<li>Cracovia 3D:\u00a0 rekonstrukcje cyfrowe historycznej zabudowy Krakowa \/ Marta Marek. &#8211; Krak\u00f3w:\u00a0 Muzeum Historyczne Miasta Krakowa, 2011.<\/li>\n<li>Credo in Deum w teologii i sztuce Ko\u015bcio\u0142\u00f3w chrze\u015bcija\u0144skich \/ red. Ryszard Knapi\u0144ski, Aneta Kramiszewska. &#8211; Lublin:\u00a0 Towarzystwo Naukowe Katolickiego Uniwersytetu Lubelskiego Jana Paw\u0142a II:\u00a0 Katolicki Uniwersytet Lubelski Jana Paw\u0142a II, 2009.<\/li>\n<li>Czysto\u015b\u0107 i zmaza \/ Mary Douglas;\u00a0 wst\u0119pem opatrzy\u0142a Joanna Tokarska-Bakir. &#8211; Warszawa:\u00a0 Pa\u0144stwowy Instytut Wydawniczy, 2007.<\/li>\n<li>Damy z pieskiem i ma\u0142pk\u0105 \/ Agata Araszkiewicz, Maurycy Gomulicki, Micha\u0142 Libera, Agnieszka Tarasiuk. &#8211; Warszawa:\u00a0 Muzeum Narodowe, 2011.<\/li>\n<li>Dawna i wsp\u00f3\u0142czesna architektura Bieszczad\u00f3w i Beskidu Niskiego \/ Wojciech Wierdak, Maciej Nitka. &#8211; Rzesz\u00f3w:\u00a0 Stowarzyszenie na Rzecz Rozwoju i Promocji Podkarpacia Pro Carpathia, 2010.<\/li>\n<li>Dawne i nowsze odlewnictwo w Polsce:\u00a0 wyroby \u017celiwne i inne \/ [red. nauk. Katarzyna Kluczwajd]. &#8211; Toru\u0144:\u00a0 Toru\u0144ski Oddzia\u0142 Stowarzyszenia Historyk\u00f3w Sztuki;\u00a0 2011.<\/li>\n<li>Dawne konwisarstwo w Muzeum im. Wojciecha K\u0119trzy\u0144skiego w K\u0119trzynie:\u00a0 katalog zbior\u00f3w \/ Artur K. F. Wo\u0142osz. &#8211; K\u0119trzyn:\u00a0 Muzeum im. Wojciecha K\u0119trzy\u0144skiego, 1997.<\/li>\n<li>Dawne \u017celazka i sprz\u0119ty do prania:\u00a0 katalog zbior\u00f3w \/ Tadeusz Fercowicz. &#8211; Wroc\u0142aw:\u00a0 Muzeum Narodowe, 2010.<\/li>\n<li>De Sacra Antiquitate:\u00a0 odwo\u0142ania do przesz\u0142o\u015bci w polskiej architekturze sakralnej XVI wieku \/ Piotr Gryglewski. &#8211; Warszawa:\u00a0 Wydawnictwo Neriton, 2012.<\/li>\n<li>D\u0119bno Podhala\u0144skie:\u00a0 ko\u015bci\u00f3\u0142 drewniany \/ zdj. Rafa\u0142 Monita; tekst Andrzej Skorupa, J\u00f3zef Milan. &#8211; Krak\u00f3w:\u00a0 Wydawnictwo Astraia, 2011.<\/li>\n<li>Die Bau- und Kunstdenkm\u00e4ler des Oberlandes. H. 3 \/ Bearb. Adolf Boetticher. &#8211; Nachdr. &#8211; Warburg:\u00a0 Hermann Hermes Verlag, 1995.<\/li>\n<li>Dla dobra publicznego:\u00a0 120 lat Wodoci\u0105g\u00f3w Warszawskich 1886-2006 \/ pod red. Piotra Stankiewicza. &#8211; Warszawa:\u00a0 Miejskie Przedsi\u0119biorstwo Wodoci\u0105g\u00f3w i Kanalizacji, 2006.<\/li>\n<li>Dolny \u015al\u0105sk:\u00a0 monografia historyczna \/ pod red. Wojciecha Wrzesi\u0144skiego. &#8211; Wroc\u0142aw:\u00a0 Wydawnictwo Uniwersytetu Wroc\u0142awskiego, 2009.<\/li>\n<li>Drama and Devotion:\u00a0 Heemskerck&#8217;s &#8220;Ecce Homo&#8221; Altarpiece from Warsaw \/ Anne T. Woollett, Yvonne Szafran, Alan Phenix. &#8211; Los Angeles:\u00a0 The J. Paul Getty Museum, 2012.<\/li>\n<li>Drewniane cerkwie w polskim i ukrai\u0144skim regionie Karpat:\u00a0 zabytki Rzeczypospolitej Polskiej i Republiki Ukrainy nominowane do wpisu na List\u0119 \u015awiatowego Dziedzictwa \/ scenariusz wystawy Mariusz Czuba, Maciej Rymkiewicz. &#8211; Warszawa:\u00a0 Narodowy Instytut Dziedzictwa, [2011].<\/li>\n<li>Drobna szlachta dawniej i dzi\u015b \/ red. Irena Kotowicz-Borowy. &#8211; Ciechan\u00f3w:\u00a0 Muzeum Szlachty Mazowieckiej, 2009.<\/li>\n<li>Dukt pisma i p\u0119dzla:\u00a0 biografia intelektualna Jacka Malczewskiego \/ Dorota Kudelska. &#8211; Lublin:\u00a0 Wydawnictwo KUL, 2008.<\/li>\n<li>Dwa prze\u0142omy:\u00a0 sztuka polska po 1855 i 1989 roku \/ Anna Markowska;\u00a0 Fundacja na Rzecz Nauki Polskiej. &#8211; Toru\u0144:\u00a0 Wydawnictwo Naukowe Uniwersytetu Miko\u0142aja Kopernika, 2012.<\/li>\n<li>Dwory i pa\u0142ace Lubelszczyzny w badaniach archeologicznych:\u00a0 praca zbiorowa \/ pod red. Ewy Banasiewicz-Szyku\u0142y;\u00a0 Lubelski Wojew\u00f3dzki Konserwator Zabytk\u00f3w w Lublinie. &#8211; Lublin:\u00a0 Wojew\u00f3dzki Urz\u0105d Ochrony Zabytk\u00f3w, 2011.<\/li>\n<li>Dwory i pa\u0142ace szkieletowe w Polsce \/ Hanna G\u00f3rska. &#8211; Wroc\u0142aw:\u00a0 Muzeum Miejskie Wroc\u0142awia, 2011.<\/li>\n<li>Dwory i pa\u0142ace wiejskie w Ma\u0142opolsce i na Podkarpaciu (w granicach wojew\u00f3dztw ma\u0142opolskiego i podkarpackiego) \/ Piotr Libicki;\u00a0 pos\u0142owie Marcin Libicki. &#8211; Pozna\u0144:\u00a0 Dom Wydawniczy Rebis, 2012.<\/li>\n<li>Dziedzictwo przesz\u0142o\u015bci \/ Marian Chochowski. &#8211; Ko\u0144skie:\u00a0 Biblioteka Publiczna Miasta i Gminy Ko\u0144skie, 2009.<\/li>\n<li>Dzieje arras\u00f3w kr\u00f3la Zygmunta Augusta \/ Maria Hennel-Bernasikowa. &#8211; Krak\u00f3w:\u00a0 Zamek Kr\u00f3lewski na Wawelu, 2011.<\/li>\n<li>Dzieje BGK:\u00a0 gmach centrali. Cz. 1, Budowa \/ Bronis\u0142aw Hynowski. &#8211; Warszawa:\u00a0 [s.l.], 2010.<\/li>\n<li>Dzieje kolei doliny Bystrzycy (Weistritzthalbahn) \u015awidnica-Jedlina Zdr\u00f3j \/ Przemys\u0142aw Dominas. &#8211; \u015awidnica:\u00a0 Muzeum Dawnego Kupiectwa, 2010.<\/li>\n<li>Dzieje miejscowo\u015bci gminy Grabowiec, powiat zamojski \/ J\u00f3zef Nied\u017awied\u017a, Ewa Nied\u017awied\u017a. &#8211; Grabowiec:\u00a0 Gminny O\u015brodek Kultury;\u00a0 Zamo\u015b\u0107;\u00a0 Lublin:\u00a0 Drukarnia Akapit, 2011.<\/li>\n<li>Dzieje miejscowo\u015bci gminy Mircze, powiat hrubieszowski \/ Ewa Nied\u017awied\u017a, J\u00f3zef Nied\u017awied\u017a, Ewa Prusicka-Ko\u0142con, Lech Szopi\u0144ski, Marek Ko\u0142con;\u00a0 Urz\u0105d Gminy Mircze, Regionalny O\u015brodek Bada\u0144 i Dokumentacji Zabytk\u00f3w w Lublinie Oddzia\u0142 Krajowego O\u015brodka Bada\u0144 i Dokumentacji Zabytk\u00f3w w Warszawie. &#8211; Mircze;\u00a0 Zamo\u015b\u0107:\u00a0 Witryna Kresowa Zdzis\u0142aw Ka\u017amierczuk, 2008.<\/li>\n<li>Dzieje miejscowo\u015bci gminy Skierbiesz\u00f3w, powiat zamojski \/ Ewa Nied\u017awied\u017a, J\u00f3zef Nied\u017awied\u017a, J\u00f3zef Siudak;\u00a0 Urz\u0105d Gminy w Skierbieszowie. &#8211; Skierbiesz\u00f3w;\u00a0 Zamo\u015b\u0107:\u00a0 Witryna Kresowa Zdzis\u0142aw Ka\u017amierczuk, 2009.<\/li>\n<li>Dzieje miejscowo\u015bci gminy Telatyn, powiat tomaszowski \/ J\u00f3zef Nied\u017awied\u017a, Ewa Nied\u017awied\u017a, El\u017cbieta St\u0105siek-Witkowska;\u00a0 Urz\u0105d Gminy Telatyn. &#8211; Telatyn;\u00a0 Zamo\u015b\u0107;\u00a0 Lublin:\u00a0 Drukarnia Akapit, 2011.<\/li>\n<li>Dzieje miejscowo\u015bci gminy Trzeszczany, powiat hrubieszowski \/ Ewa Nied\u017awied\u017a, J\u00f3zef Nied\u017awied\u017a;\u00a0 Gminny O\u015brodek Kultury w Trzeszczanach. &#8211; Trzeszczany;\u00a0 Zamo\u015b\u0107;\u00a0 Lublin:\u00a0 Drukarnia Akapit, 2012.<\/li>\n<li>Dzieje miejscowo\u015bci gminy Tyszowce, powiat tomaszowski \/ Ewa Nied\u017awied\u017a, J\u00f3zef Nied\u017awied\u017a, Janusz Frykowski;\u00a0 Urz\u0105d Miejski Tyszowce. &#8211; Tyszowce;\u00a0 Zamo\u015b\u0107:\u00a0 Witryna Kresowa Zdzis\u0142aw Ka\u017amierczuk, 2008.<\/li>\n<li>Dzieje miejscowo\u015bci gminy Werbkowice, powiat hrubieszowski \/ Ewa Nied\u017awied\u017a, J\u00f3zef Nied\u017awied\u017a, J\u00f3zef Siudak;\u00a0 Urz\u0105d Gminy w Werbkowicach. &#8211; Werbkowice;\u00a0 Zamo\u015b\u0107:\u00a0 Witryna Kresowa Zdzis\u0142aw Ka\u017amierczuk, 2009.<\/li>\n<li>Dzieje parafii i ko\u015bcio\u0142a pod wezwaniem Ducha \u015awi\u0119tego w Kadzidle:\u00a0 praca zbiorowa \/ pod red. Marii Przytockiej. &#8211; Kadzid\u0142o:\u00a0 Parafia Rzymsko-Katolicka pw. \u015awi\u0119tego Ducha, 2012.<\/li>\n<li>Dzieje sztuki Torunia \/ Anna B\u0142a\u017cejewska, Katarzyna Kluczwajd, Bogus\u0142aw Mansfeld, El\u017cbieta Pilecka, Jacek Tylicki. &#8211; Toru\u0144:\u00a0 Muzeum Okr\u0119gowe, 2009.<\/li>\n<li>Dzieje zak\u0142ad\u00f3w \u017cyrardowskich i ich za\u0142ogi w latach 1829-1885 \/ J\u00f3zef Kazimierski. &#8211; Ciechan\u00f3w:\u00a0 Ciechanowskie Towarzystwo Naukowe:\u00a0 Zak\u0142ad Narodowy Mazowieckiego O\u015brodka Bada\u0144 Naukowych, 1984.<\/li>\n<li>Ecclesia et civitas:\u00a0 ko\u015bci\u00f3\u0142 i \u017cycie religijne w mie\u015bcie \u015bredniowiecznym \/ pod red. Haliny Manikowskiej i Hanny Zaremskiej. &#8211; Warszawa:\u00a0 Instytut Historii PAN, 2002.<\/li>\n<li>Ecclesia Viscoviensis:\u00a0 dzieje parafii \u015bw. Idziego w Wyszkowie \/ red. nauk. Zbigniew Morawski, Maria Przytocka;\u00a0 Akademia Humanistyczna im. Aleksandra Gieysztora. &#8211; Pu\u0142tusk: \u00a0Akademia Humanistyczna im. Aleksandra Gieysztora, 2006.<\/li>\n<li>Edukacja regionalna \/ red. nauk. Anna Weronika Brzezi\u0144ska, Aleksandra Hulewska, Justyna S\u0142omska. &#8211; Warszawa:\u00a0 Wydawnictwo Naukowe PWN, 2006.<\/li>\n<li>Edward i Atanazy Raczy\u0144scy:\u00a0 dzie\u0142a, osobowo\u015bci, wybory, epoka \/ red. Adam S. Labuda, Micha\u0142 Mencfel, Wojciech Suchocki. &#8211; Pozna\u0144:\u00a0 Muzeum Narodowe, 2010.<\/li>\n<li>Ein Blick ins Paradies:\u00a0 Bau und Restaurierungsgeschichte der Klosterkirche St. Michael in Paradies \/ [red. Beatrice Sendner-Rieger];\u00a0 hrsg. vom Amt f\u00fcr Denkmalpflege des Kantons Thurgau. &#8211; Frauenfeld:\u00a0 Verlag Huber, 2003.<\/li>\n<li>Ekologiczny dom:\u00a0 jak go zbudowa\u0107 i zdrowo w nim mieszka\u0107 \/ Sergi Costa Duran. &#8211; Warszawa:\u00a0 Wydawnictwo Arkady, 2012.<\/li>\n<li>Ekonomia i kultura \/ David Throsby. &#8211; Warszawa:\u00a0 Narodowe Centrum Kultury, 2010.<\/li>\n<li>Ekonomia kultury:\u00a0 kompendium \/ Ruth Towse. &#8211; Warszawa:\u00a0 Narodowe Centrum Kultury, 2011.<\/li>\n<li>Ekonomika kultury:\u00a0 od teorii do praktyki \/ red. nauk. Bohdan Jung. &#8211; Warszawa:\u00a0 Narodowe Centrum Kultury:\u00a0 Instytut Adama Mickiewicza, 2011.<\/li>\n<li>Ekspert kontra dzie\u0142o sztuki:\u00a0 rozpoznawanie falsyfikat\u00f3w oraz fa\u0142szywych atrybucji w sztukach plastycznych \/ pod red. Ronalda D. Spencera. &#8211; Warszawa:\u00a0 O\u015brodek Ochrony Zbior\u00f3w Publicznych, 2009.<\/li>\n<li>Encyklopedia katolicka. T. 16, Porpora &#8211; Reptowski \/ [red. nacz. Edward Gigilewicz et al.];\u00a0 Katolicki Uniwersytet Lubelski Jana Paw\u0142a II. &#8211; Lublin:\u00a0 Towarzystwo Naukowe Katolickiego Uniwersytetu Lubelskiego Jana Paw\u0142a II, 2012.<\/li>\n<li>Encyklopedia Ziemi G\u0142ogowskiej. Z. 66\/67 \/ [red. Antoni Bok];\u00a0 Towarzystwo Ziemi G\u0142ogowskiej. &#8211; G\u0142og\u00f3w:\u00a0 Towarzystwo Ziemi G\u0142ogowskiej, 2007.<\/li>\n<li>European Landscape Convention and reference documents. &#8211; [Strasbourg:\u00a0 Council of Europe, 2011].<\/li>\n<li>Europejskie wp\u0142ywy w sztuce i architekturze wojew\u00f3dztwa \u015bl\u0105skiego:\u00a0 referaty wyg\u0142oszone na sesji popularnonaukowej w Katowicach w dniu 12 wrze\u015bnia 2008 \/ [red. Gabriela Bo\u017cek]. &#8211; Katowice:\u00a0 \u015al\u0105skie Centrum Dziedzictwa Kulturowego, 2008.<\/li>\n<li>Fabrica ecclesiae:\u00a0 budowa i utrzymanie katolickich miejsc kultu w diecezji krakowskiej w czasach nowo\u017cytnych \/ Krzysztof Rafa\u0142 Prokop. &#8211; Warszawa;\u00a0 Krak\u00f3w:\u00a0 Instytut Archeologii i Etnologii PAN, 2011.<\/li>\n<li>Fa\u0142szerstwa dzie\u0142 sztuki:\u00a0 zagadnienia prawnokarne \/ Agnieszka Szczekala. &#8211; Stan prawny na 1 stycznia 2012 r. &#8211; Warszawa:\u00a0 Lex a Wolters Kluwer business, 2012.<\/li>\n<li>Farmaceutycznym szlakiem:\u00a0 przewodnik po Polsce \/ Maria Pietrusiewicz, Ilona Pietrusiewicz. &#8211; Warszawa:\u00a0 Farmedia, 2012.<\/li>\n<li>Filip de Girard 1775-1845 \/ [tekst Jacek Grzonkowski]. &#8211; \u017byrard\u00f3w:\u00a0 Muzeum Mazowsza Zachodniego, 2006.<\/li>\n<li>Foksal:\u00a0 konkurs architektoniczny na koncepcj\u0119 zagospodarowania kwarta\u0142u &#8220;Foksal&#8221; 2001-2002 \/ [koncepcja wydaw., projekt graf., red. Wojciech Kaczura, Maria Zamoyska, Jerzy Illasiewicz]. &#8211; Warszawa:\u00a0 Zarz\u0105d Dzielnicy \u015ar\u00f3dmie\u015bcie Gminy Warszawa-Centrum, 2002.<\/li>\n<li>Foksal i okolice:\u00a0 Warszawa wielkomiejska \/ [Jaros\u0142aw Zieli\u0144ski]. &#8211; Warszawa:\u00a0 BBI Development, 2012.<\/li>\n<li>Formy ochrony zabytk\u00f3w techniki:\u00a0 do\u015bwiadczenia zebrane w trakcie realizacji &#8220;Projektu Consist&#8221; zawartego w 6. programie ramowym. &#8211; Wroc\u0142aw:\u00a0 Oficyna Wydawnicza Politechniki Wroc\u0142awskiej, 2008.<\/li>\n<li>Francusko-polskie relacje artystyczne w epoce nowo\u017cytnej \/ red. Andrzej Pie\u0144kos, Agnieszka Rosales Rodriguez. &#8211; Warszawa:\u00a0 Wydawnictwo Neriton, 2010.<\/li>\n<li>Friedrich der Gro\u00dfe Johann Gottfried Schadow aus der Sammlung des Muzeum Narodowe w Szczecinie (Nationalmuseum Stettin) \/ red. Klaus Gehrmann, Dariusz Kacprzak, J\u00fcrgen Klebs. &#8211; Berlin:\u00a0 Schadow Gesellschaft, 2011.<\/li>\n<li>Fryz heraldyczny w zespole klasztornym w L\u0105dzie nad Wart\u0105:\u00a0 pr\u00f3ba analizy historycznej i heraldycznej \/ Pawe\u0142 Dudzi\u0144ski. &#8211; L\u0105d:\u00a0 Towarzystwo Salezja\u0144skie, 2012.<\/li>\n<li>Fundacje artystyczne wroc\u0142awskiego patrycjusza Heinricha Rybischa (1485-1544) \/ Katarzyna Sulej. &#8211; Wroc\u0142aw:\u00a0 Oficyna Wydawnicza ATUT, 2011.<\/li>\n<li>Gazoci\u0105g pe\u0142en skarb\u00f3w archeologicznych \/ [red. Marek Ch\u0142odnicki, Lech Krzy\u017caniak]. &#8211; Pozna\u0144:\u00a0 EuRoPol GAZ:\u00a0 Pozna\u0144skie Towarzystwo Prehistoryczne, 1998.<\/li>\n<li>Gilly, Schinkel, Catel:\u00a0 das Landschloss Owinsk bei Posen:\u00a0 1803-1806 \/ R\u00fcdiger von Treskow. &#8211; M\u00fcnchen:\u00a0 Deutscher Kunstverlag, 2011.<\/li>\n<li>Gliwice znane i nieznane III:\u00a0 zabytki Gliwickich Dni Dziedzictwa Kulturowego \/ [red. Damian Rec\u0142aw]. &#8211; Gliwice:\u00a0 Muzeum w Gliwicach, 2010.<\/li>\n<li>Gliwice znane i nieznane IV:\u00a0 zabytki Gliwickich Dni Dziedzictwa Kulturowego \/ [red. Damian Rec\u0142aw]. &#8211; Gliwice:\u00a0 Muzeum w Gliwicach, 2012.<\/li>\n<li>Gotycki ko\u015bci\u00f3\u0142 pw. \u015bw. Szymona i \u015bw. Judy Tadeusza w Gnojewie:\u00a0 z bada\u0144 nad \u015bredniowieczn\u0105 architektur\u0105 sakraln\u0105 na \u017bu\u0142awach oraz histori\u0105 dzia\u0142a\u0144 na rzecz jej ochrony \/ Robert Paszkowski;\u00a0 Muzeum Zamkowe w Malborku. &#8211; Malbork:\u00a0 Muzeum Zamkowe, 2011.<\/li>\n<li>Gotyk bez Boga?:\u00a0 w kr\u0119gu znacze\u0144 symbolicznych architektury sakralnej XIX wieku \/ Wojciech Ba\u0142us;\u00a0 Fundacja na Rzecz Nauki Polskiej. &#8211; Toru\u0144:\u00a0 Wydawnictwo Naukowe Uniwersytetu Miko\u0142aja Kopernika, 2011.<\/li>\n<li>G\u00f3rno\u015bl\u0105ski dom wielorodzinny &#8211; familok \/ [red. Stanis\u0142aw Majewski]. &#8211; Gliwice:\u00a0 Wydawnictwo Wydzia\u0142u Budownictwa Politechniki \u015al\u0105skiej, 2009.<\/li>\n<li>Grafika XVII wieku w Polsce:\u00a0 funkcje, o\u015brodki, arty\u015bci, dzie\u0142a \/ Jolanta Talbierska. &#8211; Warszawa:\u00a0 Wydawnictwo Neriton, 2011.<\/li>\n<li>Historia Bia\u0142o\u0142\u0119ki i jej dzie\u0144 dzisiejszy \/ [red. Andrzej So\u0142tan]. &#8211; Warszawa:\u00a0 Gminny O\u015brodek Kultury Warszawa-Bia\u0142o\u0142\u0119ka, 2002.<\/li>\n<li>Historia G\u00f3rnego \u015al\u0105ska:\u00a0 polityka, gospodarka i kultura europejskiego regionu \/ red. Joachim Bahlcke, Dan Gawrecki, Ryszard Kaczmarek. &#8211; Gliwice:\u00a0 Dom Wsp\u00f3\u0142pracy Polsko-Niemieckiej;\u00a0 Katowice:\u00a0 Muzeum \u015al\u0105skie;\u00a0 Bytom:\u00a0 Frodo Sp.j., 2011.<\/li>\n<li>Historia ko\u015bcio\u0142a Narodzenia Naj\u015bwi\u0119tszej Maryi Panny w Mi\u0144sku Mazowieckim \/ Krzysztof Szczypiorski. &#8211; Warszawa:\u00a0 &#8220;Inicjatywa Praska&#8221; Diecezjalny Instytut Akcji Katolickiej Diecezji Warszawsko-Praskiej, 2010.<\/li>\n<li>Historia Pruszkowa do 1945 \/ Marian Skwara. &#8211; Pruszk\u00f3w:\u00a0 Powiatowa i Miejska Biblioteka Publiczna im. Henryka Sienkiewicza, 2011.<\/li>\n<li>Historia ratusza w Ciechanowie \/ Ryszard Ma\u0142owiecki. &#8211; Warszawa;\u00a0 Ciechan\u00f3w:\u00a0 Urz\u0105d Miasta Ciechan\u00f3w, 2010.<\/li>\n<li>Historia sztuki dzisiaj:\u00a0 materia\u0142y LVIII Og\u00f3lnopolskiej Sesji Naukowej Stowarzyszenia Historyk\u00f3w Sztuki, Pozna\u0144, 19 &#8211; 21 listopada 2009 \/ [red. nauk. Jaros\u0142aw Jarzewicz, Janusz Pazder, Tadeusz J. \u017buchowski]. &#8211; Warszawa:\u00a0 Stowarzyszenie Historyk\u00f3w Sztuki, 2010.<\/li>\n<li>Historia zapisana w drewnie:\u00a0 ocena stanu technicznego oraz wytyczne konserwatorskie dla dziewi\u0119ciu drewnianych obiekt\u00f3w sakralnych Podkarpacia wykonane przez zespo\u0142y ekspert\u00f3w polskich i norweskich \/ red. Krzysztof Staszewski, Dorota Zieli\u0144ska. &#8211; Rzesz\u00f3w:\u00a0 Stowarzyszenie na Rzecz Rozwoju i Promocji Podkarpacia Pro Carpathia, 2011.<\/li>\n<li>Historia zapisana w drewnie:\u00a0 raport o dziejach i stanie zachowania dziewi\u0119ciu drewnianych obiekt\u00f3w sakralnych Podkarpacia \/ oprac. zespo\u0142y badawcze pod kier. Gra\u017cyny Stojak. &#8211; Rzesz\u00f3w:\u00a0 Stowarzyszenie na Rzecz Rozwoju i Promocji Podkarpacia Pro Carpathia, 2011.<\/li>\n<li>Historyczne osiedla robotnicze:\u00a0 (referaty wyg\u0142oszone na sesji naukowej w Katowicach w dniach 9-10 wrze\u015bnia 2005) \/ [red. Gabriela Bo\u017cek]. &#8211; Katowice:\u00a0 \u015al\u0105skie Centrum Dziedzictwa Kulturowego, 2005.<\/li>\n<li>Husarze:\u00a0 ubi\u00f3r oporz\u0105dzenie i uzbrojenie 1500-1775 \/ Bronis\u0142aw Gembarzewski. &#8211; O\u015bwi\u0119cim:\u00a0 Wydawnictwo NapoleonV, 2012.<\/li>\n<li>Idee i symbole sztuki chrze\u015bcija\u0144skiej \/ Micha\u0142 Ro\u017cek. &#8211; Krak\u00f3w:\u00a0 Wydawnictwo WAM, 2010.<\/li>\n<li>II Forum Architecturae Poloniae Medievalis:\u00a0 [praca zbiorowa] \/ red. Klaudia Stala. &#8211; Krak\u00f3w:\u00a0 Wydawnictwo Politechniki Krakowskiej, 2011.<\/li>\n<li>Ikonografia Dolnego \u015al\u0105ska:\u00a0 poczt\u00f3wki. T. 1, Bagieniec &#8211; Rzeczka \/ [red. nauk. Robert He\u015b;\u00a0 aut. oprac. Zofia Bandurska, Robert He\u015b, Przemys\u0142aw Kulesza]. &#8211; Wroc\u0142aw:\u00a0 Muzeum Narodowe, 2011.<\/li>\n<li>Ikonografia Dolnego \u015al\u0105ska:\u00a0 poczt\u00f3wki. T. 2, Sady G\u00f3rne &#8211; \u017b\u00f3rawina Sudety \/ [red. nauk. Robert He\u015b;\u00a0 aut. oprac. Zofia Bandurska, Robert He\u015b, Przemys\u0142aw Kulesza]. &#8211; Wroc\u0142aw:\u00a0 Muzeum Narodowe, 2011.<\/li>\n<li>Ikonografia Pu\u0142tuska XVII-XX w.:\u00a0 (do roku 1945) \/ Artur K. F. Wo\u0142osz;\u00a0 Muzeum Regionalne w Pu\u0142tusku. &#8211; Pu\u0142tusk:\u00a0 Muzeum Regionalne, 1996.<\/li>\n<li>Ikony i \u015bwi\u0119ci prawos\u0142awni \/ Alfredo Tradigo. &#8211; Warszawa:\u00a0 &#8220;Arkady&#8221;;\u00a0 2011.<\/li>\n<li>Infantka Szwecji i Polski Anna Waz\u00f3wna 1568-1625:\u00a0 legenda i rzeczywisto\u015b\u0107 \/ Alicja Saar-Koz\u0142owska;\u00a0 Uniwersytet Miko\u0142aja Kopernika w Toruniu. &#8211; Toru\u0144:\u00a0 Towarzystwo Naukowe, 1995.<\/li>\n<li>Interpretowa\u0107 fotografi\u0119:\u00a0 materia\u0142y z sesji naukowej zorganizowanej przez Oddzia\u0142 Warszawski Stowarzyszenia Historyk\u00f3w Sztuki i Fundacj\u0119 &#8220;Ars Auro Prior&#8221; \/ [red. Magdalena Wr\u00f3blewska i Zofia Jurkowlaniec]. &#8211; Warszawa:\u00a0 Stowarzyszenie Historyk\u00f3w Sztuki:\u00a0 Instytut Historii Sztuki Uniwersytetu Warszawskiego, 2009.<\/li>\n<li>Iter Italicum:\u00a0 sztuka i historia \/ red. Ma\u0142gorzata Wrze\u015bniak. &#8211; Warszawa:\u00a0 Wydawnictwo Uniwersytetu Kardyna\u0142a Stefana Wyszy\u0144skiego, 2011.<\/li>\n<li>Jan Klemens Branicki:\u00a0 sarmata nowoczesny:\u00a0 kreowanie wizerunku poprzez sztuk\u0119 \/ Anna Ole\u0144ska. &#8211; Warszawa:\u00a0 Instytut Sztuki Polskiej Akademii Nauk:\u00a0 Liber Pro Arte, 2011.<\/li>\n<li>Jas\u0142o w dobie autonomii galicyjskiej:\u00a0 miasto i jego przestrze\u0144 \/ Andrzej Laskowski. &#8211; Krak\u00f3w:\u00a0 Towarzystwo Naukowe Societas Vistulana, 2007.<\/li>\n<li>Jezuici wobec tradycji \u015bredniowiecznej:\u00a0 barokizacje ko\u015bcio\u0142\u00f3w w K\u0142odzku, \u015awidnicy, Jeleniej G\u00f3rze i \u017baganiu \/ Dariusz Galewski. &#8211; Krak\u00f3w:\u00a0 Towarzystwo Autor\u00f3w i Wydawc\u00f3w Prac Naukowych Universitas, 2012.<\/li>\n<li>Jezus Nazare\u0144ski Wykupiony \/ Andrzej Witko. &#8211; Krak\u00f3w:\u00a0 Petrus, 2010.<\/li>\n<li>Kafle z terenu dawnych Prus Kr\u00f3lewskich \/ El\u017cbieta Kilarska, Maciej Kilarski. &#8211; Malbork:\u00a0 Muzeum Zamkowe, 2009.<\/li>\n<li>Kaliskie Korso:\u00a0 architektura i urbanistyka Alei Wolno\u015bci w XIX i XX wieku \/ Barbara Czechowska. &#8211; Kalisz:\u00a0 Kaliskie Towarzystwo Przyjaci\u00f3\u0142 Nauk, 2010.<\/li>\n<li>Kaplica b\u0142ogos\u0142awionego Czes\u0142awa we Wroc\u0142awiu \/ Miros\u0142aw Nowak. &#8211; Warszawa:\u00a0 Wydawnictwo Si\u00f3str Loretanek, 2011.<\/li>\n<li>Kapliczki Warszawskie \/ Anna Beata Bohdziewicz, Magdalena Stopa. &#8211; Warszawa:\u00a0 Dom Spotka\u0144 z Histori\u0105, 2011.<\/li>\n<li>Kapliczki, figury i krzy\u017ce przydro\u017cne:\u00a0 parafia \u0141\u0119tkowice \/ Zbigniew Pa\u0142etko. &#8211; Radziemice:\u00a0 [Zbigniew Pa\u0142etko], 2012.<\/li>\n<li>Kapliczki, figury i krzy\u017ce przydro\u017cne:\u00a0 parafia Radziemice \/ Zbigniew Pa\u0142etko. &#8211; Radziemice:\u00a0 [Zbigniew Pa\u0142etko], 2012.<\/li>\n<li>Kapliczki, figury i krzy\u017ce przydro\u017cne:\u00a0 parafia Wrocimowice \/ Zbigniew Pa\u0142etko. &#8211; Radziemice:\u00a0 [Zbigniew Pa\u0142etko], 2012.<\/li>\n<li>Kapliczki, figury i krzy\u017ce przydro\u017cne:\u00a0 parafia Zielenice \/ Zbigniew Pa\u0142etko. &#8211; Radziemice:\u00a0 [Zbigniew Pa\u0142etko], 2012.<\/li>\n<li>Karol Beyer 1818-1877 \/ Danuta Jackiewicz. &#8211; Warszawa:\u00a0 Dom Spotka\u0144 z Histori\u0105:\u00a0 Muzeum Narodowe, 2012.<\/li>\n<li>Kartause Ittingen von einst zu jetzt \/ [red. Beatrice Sendner-Rieger];\u00a0 hrsg. vom Amt f\u00fcr Denkmalpflege des Kantons Thurgau. &#8211; Frauenfeld:\u00a0 Verlag Huber, 2002.<\/li>\n<li>Katalog zabytk\u00f3w nieruchomych wojew\u00f3dztwa podkarpackiego \/ oprac. tekstu: zesp\u00f3\u0142 pod kier. Gra\u017cyny Stojak;\u00a0 Urz\u0105d Marsza\u0142kowski Wojew\u00f3dztwa Podkarpackiego w Rzeszowie. Departament Kultury i Ochrony Dziedzictwa Narodowego. &#8211; Rzesz\u00f3w:\u00a0 Urz\u0105d Marsza\u0142kowski Wojew\u00f3dztwa Podkarpackiego. Departament Kultury i Ochrony Dziedzictwa Narodowego, 2011.<\/li>\n<li>Kazimierza Stronczy\u0144skiego opisy i widoki zabytk\u00f3w w Kr\u00f3lestwie Polskim (1844-1855). T. 3, Gubernia Warszawska:\u00a0 [opisy] \/ oprac. Przemys\u0142aw W\u0105troba, Marta Topi\u0144ska, El\u017cbieta Wielog\u0142owska;\u00a0 przy udziale Ewy Smulikowskiej i Wojciecha Szyma\u0144skiego;\u00a0 Biblioteka Uniwersytecka w Warszawie. Gabinet Rycin, Narodowy Instytut Dziedzictwa. &#8211; Warszawa:\u00a0 Narodowy Instytut Dziedzictwa, 2011.<\/li>\n<li>Ka\u017cde miejsce opowiada swoj\u0105 histori\u0119 czyli rzecz o dziedzictwie wiejskim \/ [oprac. red. Marek Konopka przy wsp\u00f3\u0142pr. Ewy Pusto\u0142y-Koz\u0142owskiej i Doroty Matyaszczyk]. &#8211; Wyd. 2 (dodruk). &#8211; Pozna\u0144:\u00a0 Fundacja Fundusz Wsp\u00f3\u0142pracy, 2001.<\/li>\n<li>Klasztor Bo\u017cego Cia\u0142a Kanonik\u00f3w Regularnych Latera\u0144skich w Krakowie w okresie przedtrydenckim:\u00a0 ludzie, wydarzenia, budowle, kultura \/ praca pod red. Kazimierza \u0141ataka. &#8211; \u0141omianki:\u00a0 Wydawnictwo LTW, 2012.<\/li>\n<li>Klasztor Norbertanek w Imbramowicach:\u00a0 studia i materia\u0142y \/ Maria D\u0119bowska. &#8211; Lublin;\u00a0 Kolbuszowa:\u00a0 Miejska i Powiatowa Biblioteka Publiczna, 2012.<\/li>\n<li>Kl\u0105twa:\u00a0 rzecz o ludowej magii s\u0142owa \/ Anna Engelking. &#8211; Wyd. 2. popr. i uzup. &#8211; Warszawa:\u00a0 Oficyna Naukowa, 2010.<\/li>\n<li>Klejnot architektury drewnianej ziem polskich:\u00a0 ko\u015bci\u00f3\u0142 \u015bw. Miko\u0142aja w Tarnowie Pa\u0142uckim, Wielkopolska \/ Andrzej M. Wyrwa. &#8211; Bydgoszcz:\u00a0 Wydawnictwo Pejza\u017c, 2011.<\/li>\n<li>Klejnoty w osiemnastowiecznej Polsce \/ Ewa Letkiewicz. &#8211; Lublin:\u00a0 Wydawnictwo Uniwersytetu Marii Curie-Sk\u0142odowskiej, 2011.<\/li>\n<li>Kloster Fischingen:\u00a0 die Restaurierung der barocken Pr\u00e4latur \/ [red. Beatrice Sendner-Rieger];\u00a0 hrsg. vom Amt f\u00fcr Denkmalpflege des Kantons Thurgau. &#8211; Frauenfeld:\u00a0 Verlag Huber, 2000.<\/li>\n<li>Kolej Wa\u0142brzysko-K\u0142odzka \/ Przemys\u0142aw Dominas. &#8211; \u0141\u00f3d\u017a:\u00a0 Ksi\u0119\u017cy M\u0142yn Dom Wydawniczy, 2010.<\/li>\n<li>Kolej Wolsztyn-Lubo\u0144 (Pozna\u0144) \/ Przemys\u0142aw Dominas. &#8211; \u0141\u00f3d\u017a:\u00a0 Ksi\u0119\u017cy M\u0142yn Dom Wydawniczy, 2011.<\/li>\n<li>Koleje w\u0105skotorowe Zwierzyniec-Bi\u0142goraj \/ Andrzej Tajchert. &#8211; Wyd. 2. &#8211; \u0141\u00f3d\u017a:\u00a0 Ksi\u0119\u017cy M\u0142yn Dom Wydawniczy, [2010].<\/li>\n<li>Koncepcja &#8220;sztuki prymitywnej&#8221;:\u00a0 odkrywanie, oswajanie i udomowienie Innego w \u015bwiecie Zachodu \/ Hanna Schreiber. &#8211; Warszawa:\u00a0 Wydawnictwa Uniwersytetu Warszawskiego, 2012.<\/li>\n<li>Koneser, Z\u0105bkowska i okolice:\u00a0 Warszawa wielkomiejska \/ [Jaros\u0142aw Zieli\u0144ski]. &#8211; Warszawa:\u00a0 BBI Development, 2012.<\/li>\n<li>Konserwacja drewna zabytkowego:\u00a0 mi\u0119dzy teori\u0105 a praktyk\u0105 \/ red. Antoni Pelczyk, Andrzej M. Wyrwa;\u00a0 Muzeum Pierwszych Piast\u00f3w na Lednicy. &#8211; Dziekanowice;\u00a0 Lednica:\u00a0 Muzeum Pierwszych Piast\u00f3w na Lednicy, 2011.<\/li>\n<li>Konserwacja ogrod\u00f3w regularnych XVII i XVIII w. \/ Dorota Sikora. &#8211; Warszawa:\u00a0 Wydawnictwo Sztuka Ogrodu Sztuka Krajobrazu, 2011.<\/li>\n<li>Konstrukcja nadwozi samochod\u00f3w osobowych i pochodnych \/ Andrzej Zieli\u0144ski. &#8211; Wyd. 3 uaktualnione. &#8211; Warszawa:\u00a0 Wydawnictwa Komunikacji i \u0141\u0105czno\u015bci, 2008.<\/li>\n<li>Korzenie miasta. T. 7, Warszawa 1945-1978 \/ Jaros\u0142aw Zieli\u0144ski [et al.]. &#8211; Warszawa:\u00a0 VEDA Agencja Wydawnicza, 2012.<\/li>\n<li>Ko\u015bcio\u0142y Archidiecezji Gda\u0144skiej:\u00a0 nasze dziedzictwo. T. 2 \/ [teksty Maciej Kwiecie\u0144, Urszula Kurz]. &#8211; Wyd. popr. i uzup. &#8211; Bydgoszcz:\u00a0 Studio Plus, [2010].<\/li>\n<li>Ko\u015bcio\u0142y Archidiecezji \u0141\u00f3dzkiej:\u00a0 nasze dziedzictwo. T. 1 \/ [tekst Urszula Kurz, Rafa\u0142 Leszczy\u0144ski]. &#8211; Bydgoszcz:\u00a0 Studio Plus, [2010].<\/li>\n<li>Ko\u015bcio\u0142y Archidiecezji \u0141\u00f3dzkiej:\u00a0 nasze dziedzictwo. T. 2 \/ [tekst Urszula Kurz, Justyna Sikorska]. &#8211; Bydgoszcz:\u00a0 Studio Plus, [2011].<\/li>\n<li>Ko\u015bcio\u0142y Archidiecezji Szczeci\u0144sko-Kamie\u0144skiej:\u00a0 nasze dziedzictwo. T. 2 \/ [tekst Paulina Matysiak]. &#8211; Bydgoszcz:\u00a0 Ikona, [2012].<\/li>\n<li>Ko\u015bcio\u0142y Archidiecezji Wroc\u0142awskiej:\u00a0 nasze dziedzictwo. T. 1 \/ [tekst Justyna Gulczy\u0144ska, Martyna Olszewska]. &#8211; Bydgoszcz:\u00a0 Ikona, [2012].<\/li>\n<li>Ko\u015bcio\u0142y Archidiecezji Wroc\u0142awskiej:\u00a0 nasze dziedzictwo. T. 2 \/ [tekst Paulina Matysiak, Justyna Gulczy\u0144ska]. &#8211; Bydgoszcz:\u00a0 Ikona, [2011].<\/li>\n<li>Ko\u015bcio\u0142y Archidiecezji Wroc\u0142awskiej:\u00a0 nasze dziedzictwo. T. 3 \/ [tekst Alicja Lubowicka, Paulina Matysiak]. &#8211; Bydgoszcz:\u00a0 Ikona, [2012].<\/li>\n<li>Ko\u015bcio\u0142y Diecezji Elbl\u0105skiej:\u00a0 nasze dziedzictwo. T. 1, Dekanaty Elbl\u0105skie \/ Danuta Dettlaff, Jan P. Dettlaff. &#8211; Bydgoszcz:\u00a0 Studio Plus, [2006].<\/li>\n<li>Ko\u015bcio\u0142y Diecezji Elbl\u0105skiej:\u00a0 nasze dziedzictwo. T. 2, Dekanaty \u017cu\u0142awskie \/ Danuta Dettlaff, Jan P. Dettlaff. &#8211; Bydgoszcz:\u00a0 Ikona, [2007].<\/li>\n<li>Ko\u015bcio\u0142y Diecezji Elbl\u0105skiej:\u00a0 nasze dziedzictwo. T. 3, Dekanaty wschodniopomeza\u0144skie i pogeza\u0144skie \/ Danuta Dettlaff, Jan P. Dettlaff. &#8211; Bydgoszcz:\u00a0 Ikona, [2009].<\/li>\n<li>Ko\u015bcio\u0142y Diecezji Gliwickiej:\u00a0 nasze dziedzictwo. T. 1 \/ [tekst Justyna Gulczy\u0144ska]. &#8211; Bydgoszcz:\u00a0 Ikona, [2011].<\/li>\n<li>Ko\u015bcio\u0142y Diecezji \u0141owickiej:\u00a0 nasze dziedzictwo \/ [tekst Stanis\u0142aw Poniatowski, Urszula Kurz, Justyna Sikorska et al.]. &#8211; Bydgoszcz:\u00a0 Studio Plus, [2010].<\/li>\n<li>Ko\u015bcio\u0142y Diecezji Pelpli\u0144skiej:\u00a0 nasze dziedzictwo. T. 1 \/ [teksty Danuta Dettlaff, Jan P. Dettlaff]. &#8211; Bydgoszcz:\u00a0 Ikona, [2010].<\/li>\n<li>Ko\u015bcio\u0142y Diecezji Pelpli\u0144skiej:\u00a0 nasze dziedzictwo. T. 2 \/ Danuta Dettlaff, Jan P. Dettlaff. &#8211; Bydgoszcz:\u00a0 Ikona, [2010].<\/li>\n<li>Ko\u015bcio\u0142y Diecezji Pelpli\u0144skiej:\u00a0 nasze dziedzictwo. T. 3 \/ [teksty Danuta Dettlaff, Jan P. Dettlaff]. &#8211; Bydgoszcz:\u00a0 Ikona, [2011].<\/li>\n<li>Ko\u015bcio\u0142y Diecezji Pelpli\u0144skiej:\u00a0 nasze dziedzictwo. T. 4 \/ [tekst Katarzyna Jarzembowska, Andrzej Maria Lema\u0144czyk]. &#8211; Bydgoszcz:\u00a0 Ikona, [2010].<\/li>\n<li>Ko\u015bcio\u0142y Diecezji \u015awidnickiej:\u00a0 nasze dziedzictwo. T. 1 \/ [teksty Katarzyna Jarzembowska]. &#8211; Bydgoszcz:\u00a0 Ikona, [2009].<\/li>\n<li>Ko\u015bcio\u0142y Diecezji \u015awidnickiej:\u00a0 nasze dziedzictwo. T. 2 \/ [teksty Katarzyna Jarzembowska, Krzysztof Kaszub]. &#8211; Bydgoszcz:\u00a0 Ikona, [2008].<\/li>\n<li>Ko\u015bcio\u0142y Diecezji \u015awidnickiej:\u00a0 nasze dziedzictwo. T. 3 \/ [teksty Katarzyna Jarzembowska]. &#8211; Bydgoszcz:\u00a0 Ikona, [2010].<\/li>\n<li>Ko\u015bcio\u0142y Diecezji Zielonog\u00f3rsko-Gorzowskiej:\u00a0 nasze dziedzictwo. T. 1 \/ [teksty Pawe\u0142 Socha, Robert R. Kufel, Robert Piotrowski]. &#8211; Bydgoszcz:\u00a0 Studio Plus, [2007].<\/li>\n<li>Ko\u015bcio\u0142y Diecezji Zielonog\u00f3rsko-Gorzowskiej:\u00a0 nasze dziedzictwo. T. 2, Dekanaty zielonog\u00f3rskie i sulechowski \/ [tekst Robert Kufel, Katarzyna Jarzembowska]. &#8211; Bydgoszcz:\u00a0 Ikona, [2010].<\/li>\n<li>Ko\u015bcio\u0142y Diecezji Zielonog\u00f3rsko-Gorzowskiej:\u00a0 nasze dziedzictwo. T. 3, Dekanaty g\u0142ogowskie i wschowski \/ [tekst Katarzyna Jarzembowska]. &#8211; Bydgoszcz:\u00a0 Ikona, [2010].<\/li>\n<li>Ko\u015bcio\u0142y Diecezji Zielonog\u00f3rsko-Gorzowskiej:\u00a0 nasze dziedzictwo. T. 4, Dekanaty nowosolski, s\u0142awski, ko\u017cuchowski i szprotawski \/ [tekst Katarzyna Jarzembowska]. &#8211; Bydgoszcz:\u00a0 Ikona, [2011].<\/li>\n<li>Ko\u015bcio\u0142y Diecezji Zielonog\u00f3rsko-Gorzowskiej:\u00a0 nasze dziedzictwo. T. 5, Dekanaty: Drezdenko, Pszczew, Rokitno \/ [tekst Katarzyna Jarzembowska]. &#8211; Bydgoszcz:\u00a0 Ikona, [2011].<\/li>\n<li>Ko\u015bcio\u0142y drewniane Diecezji Toru\u0144skiej \/ Stanis\u0142aw Kardasz, Jacek Kwiatkowski. &#8211; Toru\u0144:\u00a0 Toru\u0144skie Wydawnictwo Diecezjalne, 2012.<\/li>\n<li>Ko\u015bcio\u0142y ewangelickie na Dolnym \u015al\u0105sku \/ fot. Romuald M. So\u0142dek, tekst Piotr Oszczanowski. &#8211; Wroc\u0142aw:\u00a0 Wydawnictwo c2, 2012.<\/li>\n<li>Ko\u015bcio\u0142y i klasztory Lublina w \u015bwietle bada\u0144 archeologicznych:\u00a0 praca zbiorowa \/ pod red. Ewy Banasiewicz-Szyku\u0142y;\u00a0 Lubelski Wojew\u00f3dzki Konserwator Zabytk\u00f3w w Lublinie. &#8211; Lublin:\u00a0 Wojew\u00f3dzki Urz\u0105d Ochrony Zabytk\u00f3w, 2012.<\/li>\n<li>Ko\u015bcio\u0142y i klasztory rzymskokatolickie dawnego wojew\u00f3dztwa ruskiego. T. 19, Ko\u015bcio\u0142y i klasztory Lwowa z okresu przedrozbiorowego (1) \/ oprac. Andrzej Betlej, Marcin Biernat [et al.]; \u00a0Mi\u0119dzynarodowe Centrum Kultury w Krakowie. &#8211; Krak\u00f3w:\u00a0 Mi\u0119dzynarodowe Centrum Kultury, 2011.<\/li>\n<li>Ko\u015bcio\u0142y i klasztory rzymskokatolickie dawnego wojew\u00f3dztwa trockiego. T. 1, Ko\u015bcio\u0142y i klasztory Grodna (1) \/ oprac. Maria Ka\u0142amajska-Saeed, Dorota Piramidowicz;\u00a0 Mi\u0119dzynarodowe Centrum Kultury w Krakowie. &#8211; Krak\u00f3w:\u00a0 Mi\u0119dzynarodowe Centrum Kultury, 2012.<\/li>\n<li>Ko\u015bcio\u0142y i klasztory rzymskokatolickie dawnego wojew\u00f3dztwa wile\u0144skiego. T. 4 \/ red. nauk. Maria Ka\u0142amajska-Saeed;\u00a0 Mi\u0119dzynarodowe Centrum Kultury w Krakowie. &#8211; Krak\u00f3w:\u00a0 Mi\u0119dzynarodowe Centrum Kultury, 2011.<\/li>\n<li>Ko\u015bcio\u0142y lewobrze\u017cnej Warszawy:\u00a0 nasze dziedzictwo. T. 1 \/ [tekst Grzegorz Kalwarczyk, Katarzyna Mamys]. &#8211; Warszawa:\u00a0 Zarz\u0105d G\u0142\u00f3wny Towarzystwa Przyjaci\u00f3\u0142 Warszawy;\u00a0 Bydgoszcz:\u00a0 Studio Plus, [2005].<\/li>\n<li>Ko\u015bcio\u0142y lewobrze\u017cnej Warszawy:\u00a0 nasze dziedzictwo. T. 2 \/ [tekst Grzegorz Kalwarczyk, Marta Kokoci\u0144ska]. &#8211; Warszawa:\u00a0 Zarz\u0105d G\u0142\u00f3wny Towarzystwa Przyjaci\u00f3\u0142 Warszawy;\u00a0 Bydgoszcz:\u00a0 Studio Plus, [2005].<\/li>\n<li>Ko\u015bcio\u0142y zr\u0119bowe i szkieletowe wojew\u00f3dztwa lubuskiego \/ Ma\u0142gorzata Szyma\u0144ska-Dere\u0144. &#8211; Zielona G\u00f3ra:\u00a0 Wojew\u00f3dzki Urz\u0105d Ochrony Zabytk\u00f3w, 2009.<\/li>\n<li>Ko\u015bci\u00f3\u0142 &#8211; pomnik:\u00a0 ko\u015bci\u00f3\u0142 na wzg\u00f3rzu \u015bw. Rocha &#8211; pomnik wdzi\u0119czno\u015bci za odzyskan\u0105 niepodleg\u0142o\u015b\u0107 \/ Urszula Kra\u015bnicka;\u00a0 O\u015brodek Bada\u0144 Historii Wojskowej Muzeum Wojska w Bia\u0142ymstoku. &#8211; Bia\u0142ystok:\u00a0 Muzeum Wojska, [1998].<\/li>\n<li>Ko\u015bci\u00f3\u0142 i klasztor bernardyn\u00f3w w Przasnyszu:\u00a0 fundacja Paw\u0142a Kostki \/ Andrzej Lang. &#8211; [Warszawa]:\u00a0 Akademicka Oficyna Wydawnicza Exit, 2010.<\/li>\n<li>Ko\u015bci\u00f3\u0142 Kanonik\u00f3w Regularnych pw. \u015bw. Jakuba Aposto\u0142a w Krzepicach \/ Ewelina Bo\u017cek-Leszczyk. &#8211; Wroc\u0142aw:\u00a0 Oficyna Wydawnicza ATUT, 2012.<\/li>\n<li>Ko\u015bci\u00f3\u0142 Naj\u015bwi\u0119tszego Serca Jezusa i \u015bw. Floriana w Poznaniu \/ Boles\u0142aw Krzy\u015blak i Zofia Kurzawa;\u00a0 zdj. i reprod. Piotr Sk\u00f3rnicki. &#8211; Pozna\u0144:\u00a0 Wydawnictwo Miejskie Posnania, 2012.<\/li>\n<li>Ko\u015bci\u00f3\u0142 parafialny w Lubomlu:\u00a0 wizytacje generalne z lat 1796-1839 \/ wprowadzenie i oprac. Maria D\u0119bowska. &#8211; Lublin;\u00a0 Kolbuszowa:\u00a0 Miejska i Powiatowa Biblioteka Publiczna, 2012.<\/li>\n<li>Ko\u015bci\u00f3\u0142 \u015bw. Jana Jerozolimskiego za Murami na pozna\u0144skiej Komandorii \/ Boles\u0142aw Krzy\u015blak i Zofia Kurzawa. &#8211; Pozna\u0144:\u00a0 Wydawnictwo Miejskie Posnania, 2011.<\/li>\n<li>Ko\u015bci\u00f3\u0142 Tr\u00f3jcy \u015awi\u0119tej w \u017b\u00f3rawinie:\u00a0 przewodnik \/ Piotr Oszczanowski. &#8211; Wroc\u0142aw:\u00a0 Agencja Wydawnicza ARGI, 2012.<\/li>\n<li>Ko\u015bci\u00f3\u0142 w Krzy\u017canowicach:\u00a0 fundacja Hugona Ko\u0142\u0142\u0105taja \/ Ryszard M\u0105czy\u0144ski. &#8211; Toru\u0144:\u00a0 Wydawnictwo Naukowe Uniwersytetu Miko\u0142aja Kopernika, 2011.<\/li>\n<li>Ko\u015bci\u00f3\u0142 w Szczurowej i jego najwa\u017cniejsze zabytki \/ Krystyna Swornowska. &#8211; Szczurowa:\u00a0 Rzymsko-Katolicka Parafia \u015bw. Bart\u0142omieja, 2012.<\/li>\n<li>Kranj \/ Nika Leben, Milan Sagadin. &#8211; Ljubljana:\u00a0 Institute for the Protection of Cultural Heritage of Slovenia, 2008.<\/li>\n<li>Krutynia:\u00a0 szlak wodny \/ Wojciech Kujawski. &#8211; Wyd. 3 zm. &#8211; Olsztyn:\u00a0 Wydawnictwo QMiKa, 2012.<\/li>\n<li>Kultura a rozw\u00f3j 20 lat po upadku komunizmu w Europie \/ [red. nauk. Robert Palmer, Jacek Purchla]. &#8211; Krak\u00f3w:\u00a0 Mi\u0119dzynarodowe Centrum Kultury, 2010.<\/li>\n<li>Kultura funeralna ziemi wschowskiej \/ pod red. Paw\u0142a Klinta, Marty Ma\u0142kus i Kamili Szyma\u0144skiej. &#8211; Wschowa:\u00a0 Stowarzyszenie Kultury Ziemi Wschowskiej:\u00a0 2010.<\/li>\n<li>Kultura klasztoru ss. norbertanek w Imbramowicach od pocz\u0105tku do czas\u00f3w najnowszych \/ Leszek Sobol. &#8211; Wyd. 3. &#8211; Imbramowice:\u00a0 [s.n.], 2010.<\/li>\n<li>Kultura organowa Galicji ze szczeg\u00f3lnym uwzgl\u0119dnieniem dzia\u0142alno\u015bci organmistrza lwowskiego Jana \u015aliwi\u0144skiego \/ Maciej Babnis;\u00a0 Akademia Pomorska w S\u0142upsku. &#8211; S\u0142upsk:\u00a0 Wydawnictwo Naukowe Akademii Pomorskiej, 2012.<\/li>\n<li>Kultura w procesie rozwoju spo\u0142eczno-gospodarczego pa\u0144stw i region\u00f3w Unii Europejskiej:\u00a0 III mi\u0119dzynarodowy kongres &#8220;Kultura-Gospodarka-Media&#8221;, Krak\u00f3w, 13-16 pa\u017adziernika 2004 \/ [red. merytor. Zina Jarmoszuk]. &#8211; Krak\u00f3w:\u00a0 Warszawa:\u00a0 Narodowe Centrum Kultury, 2005.<\/li>\n<li>Lauby:\u00a0 architektura wsi \u015al\u0105ska Opolskiego \/ El\u017cbieta Wijas-Grocholska. &#8211; Opole:\u00a0 Muzeum Wsi Opolskiej, 2009.<\/li>\n<li>L\u0105dek-Zdr\u00f3j:\u00a0 zabytki i historia \/ Marek Sikorski. &#8211; Stradunia:\u00a0 Sativa Studio, 2011.<\/li>\n<li>Leihglocken:\u00a0 dzwony z obszaru Polski w granicach po 1945 roku przechowywane na terenie Niemiec \/ Marceli Tureczek;\u00a0 Ministerstwo Kultury i Dziedzictwa Narodowego. Departament Dziedzictwa Kulturowego. &#8211; Warszawa:\u00a0 Ministerstwo Kultury i Dziedzictwa Narodowego. Departament Dziedzictwa Kulturowego, 2011.<\/li>\n<li>Leksykon architektury Wroc\u0142awia \/ red. nauk. Rafa\u0142 Eysymontt [et al.]. &#8211; Wroc\u0142aw:\u00a0 Wydawnictwo Via Nova, 2011.<\/li>\n<li>Leksykon dawnej architektury sakralnej Podkarpacia. T. 2, M-\u017b \/ [red. Krzysztof Zieli\u0144ski]. &#8211; Rzesz\u00f3w:\u00a0 Stowarzyszenie na Rzecz Rozwoju i Promocji Podkarpacia Pro Carpathia, 2011.<\/li>\n<li>Leksykon \u015bl\u0105skich artyst\u00f3w plastyk\u00f3w i tw\u00f3rc\u00f3w rzemios\u0142a artystycznego. T. 29, Powiat wroc\u0142awski \/ Rainer Sachs, Dorota B\u0142aszczyk, Urszula Ososko. &#8211; Wroc\u0142aw:\u00a0 Wydawnictwo Gajt, 2010.<\/li>\n<li>Leksykon zabytk\u00f3w architektury Pomorza Zachodniego i ziemi lubuskiej \/ Jerzy Pilch, Stanis\u0142aw Kowalski. &#8211; Warszawa:\u00a0 Wydawnictwo Arkady, 2012.<\/li>\n<li>Lexikon Denkmalschutz + Denkmalpflege \/ Karl-J\u00fcrgen Krause;\u00a0 Hrsg. Fachgruppe St\u00e4dtebauliche Denkmalpflege Fakult\u00e4t Raumplanung der TU Dortmund. &#8211; Essen:\u00a0 Klartext Verlag, 2011.<\/li>\n<li>Longman:\u00a0 s\u0142ownik wsp\u00f3\u0142czesny angielsko-polski, polsko-angielski \/ Jacek Fisiak [et al.]. &#8211; Wyd. 2. &#8211; Harlow:\u00a0 Pearson Education Limited, 2011.<\/li>\n<li>Ludowe tradycje Suwalszczyzny \/ Marian Pokropek. &#8211; Suwa\u0142ki:\u00a0 Regionalny O\u015brodek Kultury i Sztuki, 2010.<\/li>\n<li>Lviv na fotograf\u00ec\u00ef:\u00a0 1860 &#8211; 2006 \/ Irina Kot\u0142obu\u0142atowa. &#8211; Lviv:\u00a0 Vidavnictvo &#8220;Centr Evropi&#8221;, 2008.<\/li>\n<li>Lw\u00f3w i wojew\u00f3dztwo lwowskie \/ [tekst Tadeusz Szyd\u0142owski, obja\u015bn. fot. Antoni Karczewski]. &#8211; Rzesz\u00f3w:\u00a0 Libra PL, 2012.<\/li>\n<li>\u0141emkowskie cerkwie \/ zdj. Jerzy \u017bak;\u00a0 tekst Andrzej Piecuch. &#8211; Warszawa:\u00a0 Gondwana, 2011.<\/li>\n<li>\u0141opuszna:\u00a0 ko\u015bci\u00f3\u0142 drewniany \/ zdj. Rafa\u0142 Monita; teksty Andrzej Skorupa, Wojciech Bonowicz. &#8211; Krak\u00f3w:\u00a0 Wydawnictwo Astraia, 2012.<\/li>\n<li>\u0141\u00f3dzki modernizm i inne nurty przedwojennego budownictwa. T. 1, Obiekty u\u017cyteczno\u015bci publicznej \/ Joanna Olenderek. &#8211; \u0141\u00f3d\u017a:\u00a0 Ksi\u0119\u017cy M\u0142yn Dom Wydawniczy, 2011.<\/li>\n<li>Madonny kresowe i inne obrazy sakralne z Kres\u00f3w w diecezjach Polski (poza \u015al\u0105skiem). Cz. 2 \/ Tadeusz Kukiz. &#8211; Wroc\u0142aw:\u00a0 TUM Wydawnictwo Wroc\u0142awskiej Ksi\u0119garni Archidiecezjalnej, 2008.<\/li>\n<li>Madonny kresowe i inne obrazy sakralne z Kres\u00f3w w diecezjach Polski:\u00a0 suplement \/ Tadeusz Kukiz. &#8211; Wroc\u0142aw:\u00a0 TUM Wydawnictwo Wroc\u0142awskiej Ksi\u0119garni Archidiecezjalnej, 2008.<\/li>\n<li>Madonny kresowe i inne obrazy sakralne z Kres\u00f3w w diecezji gliwickiej \/ Tadeusz Kukiz. &#8211; Wyd. 2 popr. i uzup. &#8211; Wroc\u0142aw:\u00a0 TUM Wydawnictwo Wroc\u0142awskiej Ksi\u0119garni Archidiecezjalnej, 2010.<\/li>\n<li>Madonny kresowe i inne obrazy sakralne z Kres\u00f3w w diecezji opolskiej \/ Tadeusz Kukiz. &#8211; Wyd. 2 popr. i uzup. &#8211; Wroc\u0142aw:\u00a0 TUM Wydawnictwo Wroc\u0142awskiej Ksi\u0119garni Archidiecezjalnej, 2010.<\/li>\n<li>Makom tov &#8211; der gute Ort:\u00a0 J\u00fcdischer Friedhof Frankfurt (Oder) \/ S\u0142ubice \/ Hrsg. von Eckard Rei\u00df, Magdalena Abraham-Diefenbach. &#8211; Berlin: \u00a0Vergangenheits Verlag, 2012.<\/li>\n<li>Malarstwo niemieckie:\u00a0 od klasycyzmu do symbolizmu:\u00a0 katalog zbior\u00f3w \/ Piotr \u0141ukaszewicz. &#8211; Wroc\u0142aw:\u00a0 Muzeum Narodowe, 2012.<\/li>\n<li>Maliszewo dawniej i dzi\u015b \/ Dorota Kostecka;\u00a0 Fundacja na Rzecz Rozwoju Polskiego Rolnictwa. &#8211; Warszawa:\u00a0 Wydawnictwo Naukowe Scholar, 2010.<\/li>\n<li>Malowane kurtyny teatralne Henryka Siemiradzkiego \/ Agnieszka Kuczy\u0144ska. &#8211; Lublin:\u00a0 Towarzystwo Naukowe Katolickiego Uniwersytetu Lubelskiego Jana Paw\u0142a II, 2010.<\/li>\n<li>Ma\u0142o znane warownie G\u00f3rnego \u015al\u0105ska \/ Eugeniusz Tomczak. &#8211; Katowice:\u00a0 \u015al\u0105skie Centrum Dziedzictwa Kulturowego, 2012.<\/li>\n<li>Mamry:\u00a0 szlak wodny \/ Wojciech Kujawski. &#8211; Olsztyn:\u00a0 Wydawnictwo QMiKa, 2008.<\/li>\n<li>Manufaktura porcelany i fajansu w Korcu \/ Anna Szkur\u0142at. &#8211; Warszawa:\u00a0 Arx Regia. O\u015brodek Wydawniczy Zamku Kr\u00f3lewskiego, 2011.<\/li>\n<li>Materia\u0142y do dziej\u00f3w rezydencji w Polsce. T. 1, cz. 5, Kujawy Wschodnie \/ pod red. Stanis\u0142awa Kunikowskiego;\u00a0 W\u0142oc\u0142awskie Towarzystwo Naukowe. &#8211; W\u0142oc\u0142awek:\u00a0 Lega Oficyna Wydawnicza W\u0142oc\u0142awskiego Towarzystwa Naukowego, 2011.<\/li>\n<li>Matki Bo\u017cej Le\u017cajskiej w\u0119drowanie \u017ar\u00f3d\u0142ami Sanu:\u00a0 Krzesz\u00f3w, Lipiny, Le\u017cajsk \/ [Agnieszka Szyku\u0142a-\u017bygawska, Stanis\u0142aw K\u0142osowski]. &#8211; Krak\u00f3w:\u00a0 Wydawnictwo OO. Bernardyn\u00f3w Calvarianum, 2011.<\/li>\n<li>Mazury Garbate:\u00a0 szlak wodny \/ Wojciech Kujawski. &#8211; Olsztyn:\u00a0 Wydawnictwo QMiKa, 2009.<\/li>\n<li>MDM &#8211; KMA Warszawa &#8211; Warschau:\u00a0 architektoniczna spu\u015bcizna socrealizmu w Warszawie = KMA &#8211; MDM Berlin &#8211; Berlin:\u00a0 architektoniczna spu\u015bcizna socrealizmu w Berlinie \/ [oprac. tekst\u00f3w i podpis\u00f3w do zdj\u0119\u0107 Antje Graumann, Maria Wojtysiak]. &#8211; Warszawa:\u00a0 Dom Spotka\u0144 z Histori\u0105, 2011.<\/li>\n<li>Mecenat artystyczny biskup\u00f3w wroc\u0142awskich w dobie reformacji i potrydenckiej odnowy ko\u015bcio\u0142a (1520-1690) \/ Aleksandra Szewczyk. &#8211; Wroc\u0142aw:\u00a0 Oficyna Wydawnicza ATUT, 2011.<\/li>\n<li>Miasto idealne w perspektywie europejskiej i jego zwi\u0105zki z urbanistyk\u0105 wsp\u00f3\u0142czesn\u0105 \/ Zbigniew Paszkowski. &#8211; Krak\u00f3w:\u00a0 Towarzystwo Autor\u00f3w i Wydawc\u00f3w Prac Naukowych Universitas, 2011.<\/li>\n<li>Miasto jako fenomen spo\u0142eczny i kulturowy:\u00a0 zbi\u00f3r studi\u00f3w \/ pod red. Cezarego Kardasza, Julii Mo\u017cd\u017ce\u0144, Magdaleny Spychaj. &#8211; Toru\u0144:\u00a0 Wydawnictwo Naukowe Uniwersytetu Miko\u0142aja Kopernika, 2012.<\/li>\n<li>Micha\u0142 Stachowicz (1768-1825) krakowski malarz mi\u0119dzy barokiem a romantyzmem. T. 1 \/ Zbigniew Michalczyk. &#8211; Warszawa:\u00a0 Instytut Sztuki Polskiej Akademii Nauk:\u00a0 Liber Pro Arte, 2011.<\/li>\n<li>Micha\u0142 Stachowicz (1768-1825) krakowski malarz mi\u0119dzy barokiem a romantyzmem. T. 2 \/ Zbigniew Michalczyk. &#8211; Warszawa:\u00a0 Instytut Sztuki Polskiej Akademii Nauk:\u00a0 Liber Pro Arte, 2011.<\/li>\n<li>Miejsce i przestrze\u0144:\u00a0 krajobraz w do\u015bwiadczeniu mieszka\u0144c\u00f3w Bieszczadzkiego Parku Narodowego \/ Krystian Po\u0142omski;\u00a0 Fundacja na Rzecz Rozwoju Polskiego Rolnictwa. &#8211; Warszawa:\u00a0 Wydawnictwo Naukowe Scholar, 2010.<\/li>\n<li>Mi\u0119dzy profesj\u0105 a pasj\u0105:\u00a0 \u017cycie i tw\u00f3rczo\u015b\u0107 Bohdana Kelles-Krauzego zapomnianego lubelskiego architekta i malarza \/ El\u017cbieta B\u0142otnicka-Mazur. &#8211; Lublin:\u00a0 Towarzystwo Naukowe Katolickiego Uniwersytetu Lubelskiego Jana Paw\u0142a II:\u00a0 Wydawnictwo Katolickiego Uniwersytetu Lubelskiego, 2010.<\/li>\n<li>Mi\u0119dzy prowincj\u0105 a metropoli\u0105:\u00a0 architektura Szczecina w latach 1891-1918 \/ Rafa\u0142 Maka\u0142a;\u00a0 Muzeum Narodowe w Szczecinie. &#8211; Szczecin:\u00a0 Muzeum Narodowe, 2011.<\/li>\n<li>Mi\u0119dzy Wroc\u0142awiem a Lwowem:\u00a0 sztuka na \u015al\u0105sku, w Ma\u0142opolsce i na Rusi Koronnej w czasach nowo\u017cytnych \/ pod red. Andrzeja Betleja, Katarzyny Brzeziny-Schreuerer i Piotra Oszczanowskiego. &#8211; Wroc\u0142aw:\u00a0 Wydaw. Uniwersytetu Wroc\u0142awskiego, 2011.<\/li>\n<li>Mi\u0119dzy zamkiem a twierdz\u0105:\u00a0 studia nad dziejami fortyfikacji w Drezdenku \/ red. nauk. Grzegorz Podruczny. &#8211; Gliwice:\u00a0 Infort, 2011.<\/li>\n<li>Mi\u0119dzyg\u00f3rze:\u00a0 dzieje i architektura \/ El\u017cbieta Trocka-Leszczy\u0144ska. &#8211; Wroc\u0142aw:\u00a0 Oficyna Wydawnicza Politechniki Wroc\u0142awskiej, 2006.<\/li>\n<li>Mi\u0119dzynarodowy Kongres Polskich Architekt\u00f3w Krajobrazu, Krak\u00f3w, 20-22 wrze\u015bnia [2007]:\u00a0 sztuka ochrony i kszta\u0142towania \u015brodowiska tw\u00f3rczo\u015b\u0107 &#8211; nauka &#8211; dydaktyka = International Congress of Polish Landscape Architects:\u00a0 art of environmental protection &amp; stewardship proffesional practice &#8211; research &#8211; education \/ [red. nauk.: Wojciech Kosi\u0144ski et al.;\u00a0 t\u0142.: W\u0142odzimierz Warmi\u0144ski, Henryk Zwolski oraz Wojciech Kosi\u0144ski]. &#8211; Krak\u00f3w:\u00a0 Wydawnictwo Politechniki Krakowskiej, cop. 2007.<\/li>\n<li>Mitra i bu\u0142awa:\u00a0 kr\u00f3lewskie ambicje ksi\u0105\u017c\u0105t w sztuce Rzeczypospolitej szlacheckiej (1697-1763) \/ Tadeusz Bernatowicz. &#8211; Warszawa:\u00a0 Wydawnictwa Uniwersytetu Warszawskiego, 2011.<\/li>\n<li>Modern:\u00a0 szlakiem cieszy\u0144skiej moderny \/ Przemys\u0142aw Czernek. &#8211; Cieszyn:\u00a0 Urz\u0105d Miejski. Wydzia\u0142 Promocji i Informacji, 2012.<\/li>\n<li>Modernizm na peryferiach:\u00a0 architektura Skoczowa, \u015al\u0105ska i Pomorza 1918-1939 \/ pod red. Andrzeja Szczerskiego. &#8211; Warszawa:\u00a0 Stowarzyszenie 40 000 Malarzy, 2011.<\/li>\n<li>Modernizm w Europie &#8211; modernizm w Gdyni:\u00a0 architektura pierwszej po\u0142owy XX wieku i jej ochrona w Gdyni i Europie \/ [red. Maria Jolanta So\u0142tysik, Robert Hirsch]. &#8211; Gdynia:\u00a0 Urz\u0105d Miasta, 2011.<\/li>\n<li>Modna pani u w\u00f3d:\u00a0 k\u0105pieliska nad Ba\u0142tykiem 1880-1914 \/ [koncepcja i red. nauk. Ma\u0142gorzata Buchholz-Todorska]. &#8211; Sopot:\u00a0 Muzeum Sopotu:\u00a0 2010.<\/li>\n<li>Moja pasja architektura:\u00a0 fakty, hipotezy \/ Marek Kwiatkowski. &#8211; Warszawa:\u00a0 Pa\u0144stwowy Instytut Wydawniczy, 2012.<\/li>\n<li>Most Wilhelma Meyera \/ [tekst \u017baneta Maciejewska, Rafa\u0142 Witkowski]. &#8211; Szczecin:\u00a0 VIVART, 2012.<\/li>\n<li>Nadba\u0142tyckie Zakopane:\u00a0 Po\u0142\u0105ga w czasach Tyszkiewicz\u00f3w \/ Ma\u0142gorzata Omilanowska;\u00a0 Instytut Sztuki Polskiej Akademii Nauk. &#8211; Warszawa:\u00a0 Instytut Sztuki Polskiej Akademii Nauk;\u00a0 Sopot:\u00a0 Muzeum Sopotu, 2011.<\/li>\n<li>Najs\u0142ynniejsze marki samochod\u00f3w \/ Zdzis\u0142aw Podbielski. &#8211; \u0141\u00f3d\u017a:\u00a0 Ksi\u0119\u017cy M\u0142yn Dom Wydawniczy, 2012.<\/li>\n<li>Narodziny klasy kreatywnej:\u00a0 oraz jej wp\u0142yw na przeobra\u017cenia w charakterze pracy, wypoczynku, spo\u0142ecze\u0144stwa i \u017cycia codziennego \/ Richard Florida. &#8211; Warszawa:\u00a0 Narodowe Centrum Kultury, 2010.<\/li>\n<li>Nar\u00f3d, styl, modernizm \/ red. Jacek Purchla, Wolf Tegethoff;\u00a0 wsp\u00f3\u0142praca Christian Fuhmeister and \u0141ukasz Galusek. &#8211; Krak\u00f3w;\u00a0 Monachium:\u00a0 Mi\u0119dzynarodowe Centrum Kultury:\u00a0 Zentralinstitut f\u00fcr Kunstgeschichte, 2006.<\/li>\n<li>Naukowo-artystyczna wycieczka w s\u0105deckie z 1889 roku na tle zabytkoznawczej dzia\u0142alno\u015bci W\u0142adys\u0142awa \u0141uszczkiewicza i uczni\u00f3w krakowskiej Szko\u0142y Sztuk Pi\u0119knych \/ Tadeusz \u0141opatkiewicz. &#8211; Nowy S\u0105cz:\u00a0 Prezydent Miasta:\u00a0 Polskie Towarzystwo Historyczne. Oddzia\u0142, 2008.<\/li>\n<li>Nekropolie jako znak kultury pogranicza polsko-wschodnios\u0142owia\u0144skiego \/ red. Feliks Czy\u017cewski, Agnieszka Dudek-Szumigaj, Lubow Frolak;\u00a0 Zak\u0142ad Filologii Ukrai\u0144skiej Uniwersytetu Marii Curie-Sk\u0142odowskiej w Lublinie, Podlaskie Centrum Kultury Prawos\u0142awnej w Bia\u0142ej Podlaskiej. &#8211; Lublin:\u00a0 Wydawnictwo Uniwersytetu Marii Curie-Sk\u0142odowskiej, 2011.<\/li>\n<li>Niegocin:\u00a0 szlak wodny \/ Wojciech Kujawski. &#8211; Olsztyn:\u00a0 Wydawnictwo QMiKa, 2010.<\/li>\n<li>Nieodzowno\u015b\u0107 konserwatyzmu:\u00a0 ksi\u0119ga pami\u0119ci Tomasza Merty \/ [red. t. Micha\u0142 Wysocki, Piotr Chuchro]. &#8211; Warszawa:\u00a0 Fundacja \u015awi\u0119tego Miko\u0142aja Redakcja &#8220;Teologii Politycznej&#8221;:\u00a0 Muzeum Historii Polski, 2011.<\/li>\n<li>Nieodzowno\u015b\u0107 konserwatyzmu:\u00a0 pisma wybrane \/ Tomasz Merta;\u00a0 wyb\u00f3r tekst\u00f3w i wst\u0119p Tomasz Stefanek. &#8211; Warszawa:\u00a0 Fundacja \u015awi\u0119tego Miko\u0142aja Redakcja &#8220;Teologii Politycznej&#8221;:\u00a0 Muzeum Historii Polski, 2011.<\/li>\n<li>Non solum villae:\u00a0 ksi\u0119ga jubileuszowa ofiarowana profesorowi Stanis\u0142awowi Medekszy \/ pod red. Jacka Ko\u015bciuka. &#8211; Wroc\u0142aw:\u00a0 Oficyna Wydawnicza Politechniki Wroc\u0142awskiej, 2010.<\/li>\n<li>Nowa Huta przesz\u0142o\u015b\u0107 i wizja:\u00a0 studium muzeum rozproszonego:\u00a0 praca zbiorowa \/ pod red. Jacka Salwi\u0144skiego i Leszka J. Sybili. &#8211; Wyd. 2. &#8211; Krak\u00f3w:\u00a0 Muzeum Historyczne Miasta Krakowa, 2008.<\/li>\n<li>Nowo\u017cytne portrety profesor\u00f3w Akademii Krakowskiej w zbiorach Collegium Maius \/ red. Anna Jasi\u0144ska. &#8211; Krak\u00f3w:\u00a0 Towarzystwo Autor\u00f3w i Wydawc\u00f3w Prac Naukowych Universitas, 2010.<\/li>\n<li>Nowy katalog dokument\u00f3w i list\u00f3w Biblioteki Uniwersyteckiej KUL \/ oprac. Angelika Modli\u0144ska-Piekarz;\u00a0 [Katolicki Uniwersytet Lubelski Jana Paw\u0142a II]. &#8211; Lublin:\u00a0 Wydawnictwo KUL, 2012.<\/li>\n<li>Nowy Targ:\u00a0 ko\u015bci\u00f3\u0142 \u015bwi\u0119tej Katarzyny Aleksandryjskiej \/ Rafa\u0142 Monita, Andrzej Skorupa. &#8211; Krak\u00f3w:\u00a0 Wydawnictwo Astraia, 2012.<\/li>\n<li>Numizmatyka \u015bredniowieczna:\u00a0 moneta \u017ar\u00f3d\u0142em archeologicznym, historycznym i ikonograficznym \/ Stanis\u0142aw Suchodolski. &#8211; Warszawa:\u00a0 Wydawnictwo Trio, 2012.<\/li>\n<li>O &#8220;historii prawdziwej&#8221;:\u00a0 mity, legendy i podania jako \u017ar\u00f3d\u0142o historyczne \/ Henryk Samsonowicz. &#8211; Gda\u0144sk:\u00a0 &#8220;Novus Orbis&#8221;, 1997.<\/li>\n<li>O modach i strojach \/ Ma\u0142gorzata Mo\u017cd\u017cy\u0144ska-Nawotka. &#8211; Wroc\u0142aw:\u00a0 Wydawnictwo Dolno\u015bl\u0105skie, 2004.<\/li>\n<li>O Starym Aninie &#8211; inaczej:\u00a0 przewodnik towarzysko-historyczny i nie tylko. Cz. 2 \/ Barbara Wo\u0142od\u017ako Maziarska. &#8211; Warszawa:\u00a0 Barbara Maziarska, 2012.<\/li>\n<li>Oblicza sztuki 20-lecia mi\u0119dzywojennego na obszarze obecnego wojew\u00f3dztwa \u015bl\u0105skiego:\u00a0 materia\u0142y z Sesji Stowarzyszenia Historyk\u00f3w Sztuki Oddzia\u0142u G\u00f3rno\u015bl\u0105skiego w Katowicach, 24-25 marca 2011 roku \/ pod red. Teresy Dudek Bujarek. &#8211; Katowice:\u00a0 Stowarzyszenie Historyk\u00f3w Sztuki. Oddzia\u0142 G\u00f3rno\u015bl\u0105ski, 2011.<\/li>\n<li>Obok:\u00a0 Polska &#8211; Niemcy:\u00a0 1000 lat historii w sztuce \/ red. nauk. Ma\u0142gorzata Omilanowska;\u00a0 wsp\u00f3\u0142pr. Tomasz Torbus;\u00a0 kuratorka wystawy Anda Rottenberg. &#8211; Berlin:\u00a0 DuMont Buchverlag, 2011.<\/li>\n<li>Obwarowania miast &#8211; problematyka ochrony, konserwacji, adaptacji i ekspozycji \/ [red. nauk. Adam G\u00f3rski]. &#8211; Ko\u017cuch\u00f3w:\u00a0 Towarzystwo Przyjaci\u00f3\u0142 Ziemi Ko\u017cuchowskiej, 2010.<\/li>\n<li>Ochrona budownictwa drewnianego:\u00a0 ma\u0142opolskie realizacje skansenowskie w ko\u0144cu XIX i w XX wieku \/ Marek Grabski. &#8211; Krak\u00f3w:\u00a0 Ksi\u0119garnia Akademicka:\u00a0 Muzeum Etnograficzne im. Seweryna Udzieli, 2012.<\/li>\n<li>Ochrona dziedzictwa kulturowego i materialnego pogranicza \/ red. Antoni D\u0119bi\u0144ski, Leszek Pietraszko;\u00a0 Katolicki Uniwersytet Lubelski Jana Paw\u0142a II. Wydzia\u0142 Prawa, Prawa Kanonicznego i Administracji, Krajowa Szko\u0142a S\u0105downictwa i Prokuratury. &#8211; Lublin:\u00a0 Wydawnictwo KUL, 2011.<\/li>\n<li>Ochrona i u\u017cytkowanie ogrod\u00f3w dworskich w wojew\u00f3dztwie podkarpackim \/ Narcyz Pi\u00f3recki. &#8211; Wyd. 2 popr. &#8211; Rzesz\u00f3w:\u00a0 Stowarzyszenie na Rzecz Rozwoju i Promocji Podkarpacia Pro Carpathia, 2011.<\/li>\n<li>Ochrona krajobrazu przyrodniczego i kulturowego a rozw\u00f3j cywilizacyjny. &#8211; Warszawa:\u00a0 Kancelaria Prezydenta Rzeczypospolitej Polskiej, 2011.<\/li>\n<li>Od Delacroix do van Gogha:\u00a0 \u017cydowskie kolekcje sztuki w dawnym Wroc\u0142awiu \/ Magdalena Palica. &#8211; Wroc\u0142aw:\u00a0 Oficyna Wydawnicza ATUT, 2010.<\/li>\n<li>Od pomys\u0142u do przemys\u0142u:\u00a0 rzemios\u0142o i przemys\u0142 stargardzki \/ [Arleta Majewska et al.]. &#8211; Stargard Szczeci\u0144ski:\u00a0 Urz\u0105d Miejski. Wydzia\u0142 Kultury, Sportu i Turystyki, 2010.<\/li>\n<li>Od przemys\u0142\u00f3w kultury do kreatywnej gospodarki \/ red. Andrzej Gw\u00f3\u017ad\u017a. &#8211; Warszawa:\u00a0 Narodowe Centrum Kultury, 2010.<\/li>\n<li>Od wsi do uzdrowiska:\u00a0 dzieje architektoniczne Wis\u0142y \/ Dominik Konarzewski, Micha\u0142 Kawulok. &#8211; Wis\u0142a:\u00a0 Galeria &#8220;Na Gojach&#8221;, 2009.<\/li>\n<li>Od Zameczku Habsburg\u00f3w w Wi\u015ble do Zamku-Rezydencji Prezydent\u00f3w Rzeczypospolitej Polskiej \/ Jan Krop. &#8211; Wis\u0142a:\u00a0 Galeria &#8220;Na Gojach&#8221;, 2007.<\/li>\n<li>Odkrycia skarb\u00f3w wczesno\u015bredniowiecznych z terenu Wielkopolski:\u00a0 kontekst archeologiczny znalezisk \/ Ma\u0142gorzata Andra\u0142oj\u0107, Miros\u0142aw Andra\u0142oj\u0107, Patrycja Silska, Piotr Szyngiera. &#8211; Pozna\u0144:\u00a0 Wydawnictwo Pozna\u0144skie, 2011.<\/li>\n<li>Ogrody cysters\u00f3w w krajobrazie ma\u0142opolskich opactw filii Marimondu \/ Ma\u0142gorzata Milecka;\u00a0 Katolicki Uniwersytet Lubelski Jana Paw\u0142a II. Wydzia\u0142 Matematyczno-Przyrodniczy. Instytut Architektury Krajobrazu. Katedra Kszta\u0142towania Krajobrazu. &#8211; Lublin:\u00a0 Wydawnictwo Katolickiego Uniwersytetu Lubelskiego, 2009.<\/li>\n<li>Ogr\u00f3d Branickich w Bia\u0142ymstoku:\u00a0 historia rewaloryzacji:\u00a0 parki i ogrody zabytkowe, ochrona i konserwacja \/ [red. Anna Pieciul, Jolanta Koller-Szumska, Sebastian Wicher]. &#8211; Bia\u0142ystok:\u00a0 Urz\u0105d Miejski. Biuro Kultury i Ochrony Zabytk\u00f3w, 2011.<\/li>\n<li>Ogrzewanie w Zamku Malborskim w dawnych wiekach \/ Barbara Pospieszna;\u00a0 Muzeum Zamkowe w Malborku. &#8211; Malbork:\u00a0 Muzeum Zamkowe, 2002.<\/li>\n<li>Omulew &#8211; Pisa:\u00a0 szlak wodny \/ Wojciech Kujawski. &#8211; Olsztyn:\u00a0 Wydawnictwo QMiKa, 2011.<\/li>\n<li>Opowie\u015bci z pa\u0142acu Saskiego \/ Joanna Borowska. &#8211; Warszawa:\u00a0 Green Gallery Izabela Wojciechowska, 2009.<\/li>\n<li>Organy ko\u015bcio\u0142\u00f3w powiatu bieru\u0144sko-l\u0119dzi\u0144skiego:\u00a0 dekanat Bieru\u0144, dekanat L\u0119dziny \/ [tekst Roman Jochymczyk]. &#8211; Bieru\u0144:\u00a0 Starostwo Powiatowe, 2011.<\/li>\n<li>Organy Torunia i okolicznych ko\u015bcio\u0142\u00f3w \/ Marian Dorawa. &#8211; Toru\u0144:\u00a0 Stowarzyszenie Historyk\u00f3w Sztuki. Oddzia\u0142, 2011.<\/li>\n<li>Orygina\u0142, replika, kopia:\u00a0 materia\u0142y III Seminarium Metodologicznego Stowarzyszenia Historyk\u00f3w Sztuki, Radziejowice 26-27 wrze\u015bnia 1968. &#8211; Warszawa:\u00a0 &#8220;Arkady&#8221;, 1971.<\/li>\n<li>Osady i osiedla Katowic \/ Lech Szaraniec. &#8211; Wyd. nowe, poszerzone. &#8211; Katowice:\u00a0 &#8220;\u015al\u0105sk&#8221; Wydawnictwo Naukowe, 2010.<\/li>\n<li>Osiedla mieszkaniowe w krajobrazie wa\u0142brzyskiego okr\u0119gu g\u00f3rniczo-przemys\u0142owego \/ Bogna Ludwig. &#8211; Wroc\u0142aw:\u00a0 Oficyna Wydawnicza Politechniki Wroc\u0142awskiej, 2010.<\/li>\n<li>Osta\u0144ce:\u00a0 kamienice warszawskie i ich mieszka\u0144cy. T. 2 \/ Magdalena Stopa, Jan Brykczy\u0144ski. &#8211; Warszawa:\u00a0 Dom Spotka\u0144 z Histori\u0105, 2011.<\/li>\n<li>Osta\u0144ce:\u00a0 kamienice warszawskie i ich mieszka\u0144cy. T. 3 \/ Magdalena Stopa, Jan Brykczy\u0144ski. &#8211; Warszawa:\u00a0 Dom Spotka\u0144 z Histori\u0105, 2012.<\/li>\n<li>Otw\u00f3rzcie bramy pami\u0119ci:\u00a0 cmentarze wojenne z lat 1914-1918 w Ma\u0142opolsce \/ Agnieszka Partridge;\u00a0 fot. Rafa\u0142 Korzeniowski. &#8211; Krak\u00f3w:\u00a0 Lettra-Graphic, 2005.<\/li>\n<li>Oxford paperback thesaurus \/ ed. by Maurice Waite with Lucy Hollingworth and Duncan Marshall. &#8211; Wyd. 3. &#8211; New York:\u00a0 Oxford University Press, 2006.<\/li>\n<li>Ozdoby szykownych prababek:\u00a0 kolekcja bi\u017cuterii cieszy\u0144skiej w zbiorach Muzeum G\u00f3rno\u015bl\u0105skiego w Bytomiu \/ Maria Lipa-Kuczy\u0144ska, Anna Grabi\u0144ska-Szcz\u0119\u015bniak. &#8211; Bytom:\u00a0 Muzeum G\u00f3rno\u015bl\u0105skie, 2011.<\/li>\n<li>Pa\u0142ac Kultury i Nauki \/ Jaros\u0142aw Zieli\u0144ski. &#8211; \u0141\u00f3d\u017a:\u00a0 Ksi\u0119\u017cy M\u0142yn Dom Wydawniczy, 2012.<\/li>\n<li>Pa\u0142ac Kultury i Nauki:\u00a0 mi\u0119dzy ideologi\u0105 a masow\u0105 wyobra\u017ani\u0105 \/ pod red. Zuzanny Gr\u0119beckiej i Jakuba Sadowskiego. &#8211; Krak\u00f3w:\u00a0 Zak\u0142ad Wydawniczy Nomos, 2007.<\/li>\n<li>Pa\u0142ac w Jarocinie:\u00a0 dzieje rezydencji i jej w\u0142a\u015bcicieli \/ R\u00f3\u017ca K\u0105sinowska. &#8211; Jarocin:\u00a0 Muzeum Regionalne, 2012.<\/li>\n<li>Pami\u0119\u0107 pa\u0144stw i narod\u00f3w:\u00a0 lista \u015bwiatowego Programu UNESCO Pami\u0119\u0107 \u015awiata \/ [oprac. Barbara Berska, W\u0142adys\u0142aw St\u0119pniak]. &#8211; Warszawa:\u00a0 Naczelna Dyrekcja Archiw\u00f3w Pa\u0144stwowych, 2011.<\/li>\n<li>Pami\u0119\u0107, przestrze\u0144, to\u017csamo\u015b\u0107 \/ red. nauk. S\u0142awomir Kapralski. &#8211; Warszawa:\u00a0 Wydawnictwo Naukowe Scholar, 2010.<\/li>\n<li>Parafia pod wezwaniem \u015bw. Kazimierza Kr\u00f3lewicza w Radzi\u0119cinie:\u00a0 patron, dzieje, najcenniejsze zabytki \/ red. Krzysztof K\u0142os, Agnieszka Szyku\u0142a-\u017bygawska, Jadwiga Kaliszuk. &#8211; Radzi\u0119cin:\u00a0 Parafia pod wezwaniem \u015bw. Kazimierza Kr\u00f3lewicza;\u00a0 Lublin:\u00a0 Drukarnia &#8220;Test&#8221;, [2012].<\/li>\n<li>Parki dworskie wok\u00f3\u0142 nas \/ [tekst Kazimierz Balcer et al.]. &#8211; Dobrzyca:\u00a0 Muzeum Ziemia\u0144stwa Zesp\u00f3\u0142 Pa\u0142acowo-Parkowy, [2011].<\/li>\n<li>Pasa\u017c Simonsa:\u00a0 Warszawa wielkomiejska \/ [Jaros\u0142aw Zieli\u0144ski]. &#8211; Warszawa:\u00a0 BBI Development, 2011.<\/li>\n<li>Patrim\u00f4nio Arqueol\u00f3gico:\u00a0 o desafio da preserva\u00e7\u00e3o \/ Organiza\u00e7\u00e3o Tania Andrade Lima. &#8211; Bras\u00edlia:\u00a0 Instituto do Parim\u00f5nio Hist\u00f5rico e Art\u00edstico Nacional, [2007].<\/li>\n<li>Paul Puchm\u00fcller (1875-1942):\u00a0 architekt, kt\u00f3ry przemieni\u0142 Sopot w miasto \/ [red. kat. Ma\u0142gorzata Buchholz-Todorska]. &#8211; Sopot:\u00a0 Muzeum Sopotu, 2008.<\/li>\n<li>P\u0119dzlem i d\u0142utem:\u00a0 Korpalowie \/ El\u017cbieta Lang. &#8211; Krak\u00f3w:\u00a0 Muzeum Historyczne Miasta Krakowa, 2011.<\/li>\n<li>Piece Wschodniej Europy jako fenomen architektoniczny i kulturowy na podstawie dawnej literatury angloj\u0119zycznej \/ Jaros\u0142aw Szewczyk. &#8211; Bia\u0142ystok:\u00a0 Oficyna Wydawnicza Politechniki Bia\u0142ostockiej, 2012.<\/li>\n<li>Pi\u0119kno u\u017cyteczne:\u00a0 ok\u0142adziny ceramiczne sklep\u00f3w rze\u017aniczych z pocz\u0105tku XX wieku w wojew\u00f3dztwie \u015bl\u0105skim \/ Ewa Pokorska. &#8211; Katowice:\u00a0 \u015al\u0105skie Centrum Dziedzictwa Kulturowego, 2011.<\/li>\n<li>Pocz\u0105tki fundacji klasztoru cysters\u00f3w w Szczyrzycu \/ Krzysztof Morajko. &#8211; Krak\u00f3w:\u00a0 Wydawnictwo Avalon, 2008.<\/li>\n<li>Pod niebem p\u00f3\u0142nocy:\u00a0 z dziej\u00f3w polsko-w\u0142oskich zwi\u0105zk\u00f3w artystycznych \/ [red. nauk. i oprac. Piotr Kondraciuk];\u00a0 Muzeum Zamojskie w Zamo\u015bciu. &#8211; Zamo\u015b\u0107:\u00a0 Muzeum Zamojskie, 2010.<\/li>\n<li>Pod s\u0142o\u0144ce i wod\u0119:\u00a0 moda i obyczaje pla\u017cowe \/ Hanna M. \u0141opaty\u0144ska. &#8211; Toru\u0144:\u00a0 Muzeum Etnograficzne im. Marii Znamierowskiej-Pr\u00fcfferowej, 2011.<\/li>\n<li>Podkarpacie:\u00a0 ogrody historyczne \/ tekst Helena Maria Grad, Ma\u0142gorzata Kostuchowska. &#8211; Rzesz\u00f3w:\u00a0 Wydawnictwo Libra:\u00a0 Podkarpacka Regionalna Organizacja Turystyczna, 2008.<\/li>\n<li>Podmiot \/ podmiotowo\u015b\u0107:\u00a0 artysta, historyk, krytyk:\u00a0 materia\u0142y Seminarium Metodologicznego Stowarzyszenia Historyk\u00f3w Sztuki, Niebor\u00f3w, 21-23 pa\u017adziernika 2010 \/ pod red. Marii Poprz\u0119ckiej. &#8211; Warszawa:\u00a0 Stowarzyszenie Historyk\u00f3w Sztuki, 2011.<\/li>\n<li>Podr\u0119czny s\u0142ownik bibliotekarza \/ oprac. Grzegorz Czapnik, Zbigniew Gruszka;\u00a0 przy wsp\u00f3\u0142pr. Hanny Tadeusiewicz;\u00a0 Stowarzyszenie Bibliotekarzy Polskich, Uniwersytet \u0141\u00f3dzki. &#8211; Warszawa:\u00a0 Wydawnictwo Stowarzyszenia Bibliotekarzy Polskich, 2011.<\/li>\n<li>Podr\u00f3\u017cnicy, fundatorzy, \u015bwi\u0119ci \/ pod red. Tomasza Ratajczaka. &#8211; Pozna\u0144:\u00a0 Wydawnictwo Pozna\u0144skiego Towarzystwa Przyjaci\u00f3\u0142 Nauk, 2008.<\/li>\n<li>Podziemne Muzeum Rynku G\u0142\u00f3wnego w Krakowie \/ Andrzej Kad\u0142uczka;\u00a0 Politechnika Krakowska im. Tadeusza Ko\u015bciuszki. Wydzia\u0142 Architektury. &#8211; Krak\u00f3w:\u00a0 Wydawnictwo Politechniki Krakowskiej, 2010.<\/li>\n<li>Policja w ochronie zabytk\u00f3w sakralnych \/ pod red. Zbigniew Judycki, Miros\u0142aw Karpowicz. &#8211; Lublin:\u00a0 Towarzystwo Naukowe Katolickiego Uniwersytetu Lubelskiego Jana Paw\u0142a II:\u00a0 Katolicki Uniwersytet Lubelski Jana Paw\u0142a II, 2009.<\/li>\n<li>Policja w walce o zabytki:\u00a0 zbi\u00f3r zagadnie\u0144 z przeciwdzia\u0142ania przest\u0119pczo\u015bci przeciwko zabytkom:\u00a0 katalog zabytk\u00f3w i dzie\u0142 sztuki utraconych z wojew\u00f3dztwa zachodniopomorskiego \/ Marek \u0141uczak. &#8211; Szczecin:\u00a0 Komenda Wojew\u00f3dzka Policji:\u00a0 Pomorskie Towarzystwo Historyczne, 2011.<\/li>\n<li>Polis, Urbs, Metropolis:\u00a0 materia\u0142y LIX Og\u00f3lnopolskiej Sesji Naukowej Stowarzyszenia Historyk\u00f3w Sztuki, Lublin, 25 &#8211; 26 listopada 2010 \/ pod red. Lechos\u0142awa Lame\u0144skiego i El\u017cbiety B\u0142otnickiej-Mazur. &#8211; Warszawa:\u00a0 Stowarzyszenie Historyk\u00f3w Sztuki, 2011.<\/li>\n<li>Polonia tesoros y colecciones art\u00edsticas \/ [resp. cient\u00edfica Beata Biedro\u0144ska-S\u0142ota]. &#8211; Madrid:\u00a0 Patrimonio Nacional;\u00a0 Cracovia:\u00a0 Museo Nacional, 2011.<\/li>\n<li>Polska bibliografia organ\u00f3w. T. 1 \/ Maria Szymanowicz. &#8211; Lublin:\u00a0 Wydawnictwo Muzyczne Polihymnia, 2011.<\/li>\n<li>Polski S\u0142ownik Biograficzny. T. 47\/4, z. 195, Szczuka Stanis\u0142aw &#8211; Szeliga Franciszek \/ Polska Akademia Nauk, Polska Akademia Umiej\u0119tno\u015bci. &#8211; Warszawa:\u00a0 Instytut Historii PAN;\u00a0 Krak\u00f3w:\u00a0 Polska Akademia Umiej\u0119tno\u015bci, 2011.<\/li>\n<li>Polski S\u0142ownik Biograficzny. T. 48\/1, z. 196, Szeliga Jan &#8211; Szemiot Stanis\u0142aw \/ Polska Akademia Nauk, Polska Akademia Umiej\u0119tno\u015bci. &#8211; Warszawa:\u00a0 Instytut Historii PAN, 2012.<\/li>\n<li>Polski S\u0142ownik Biograficzny. T. 48\/2, z. 197, Szemiot Stanis\u0142aw &#8211; Szklarski Alfred \/ Polska Akademia Nauk, Polska Akademia Umiej\u0119tno\u015bci. &#8211; Warszawa:\u00a0 Instytut Historii PAN, 2012.<\/li>\n<li>Polskie konstrukcje motoryzacyjne 1947-1960 \/ Andrzej Zieli\u0144ski. &#8211; Wyd. 2 (dodruk). &#8211; Warszawa:\u00a0 Wydawnictwa Komunikacji i \u0141\u0105czno\u015bci, 2011.<\/li>\n<li>Polskie konstrukcje motoryzacyjne 1961-1965 \/ Andrzej Zieli\u0144ski. &#8211; Warszawa:\u00a0 Wydawnictwa Komunikacji i \u0141\u0105czno\u015bci, 2008.<\/li>\n<li>Polskie motocykle 1946-1985 \/ Andrzej Zieli\u0144ski. &#8211; Wyd. 4. &#8211; Warszawa:\u00a0 Wydawnictwa Komunikacji i \u0141\u0105czno\u015bci, 2012.<\/li>\n<li>Polskie parki kaligraficzne:\u00a0 kierunek dworski \/ Przemys\u0142aw Baster. &#8211; Krak\u00f3w:\u00a0 Wydawnictwa Akademii G\u00f3rniczo-Hutniczej, 2011.<\/li>\n<li>Polskie porty morskie \/ Dariusz Konkol, Tomasz Perka. &#8211; \u0141\u00f3d\u017a:\u00a0 Ksi\u0119\u017cy M\u0142yn Dom Wydawniczy, 2011.<\/li>\n<li>Polskie tradycje \u015bwi\u0105teczne \/ Hanna Szymanderska. &#8211; Warszawa:\u00a0 \u015awiat Ksi\u0105\u017cki, 2011.<\/li>\n<li>Polsko-niemieckie dziedzictwo kulturowe a spo\u0142ecze\u0144stwo obywatelskie w dzisiejszej Polsce:\u00a0 do\u015bwiadczenia, trendy, szanse:\u00a0 dokumentacja konferencji w Collegium Polonicum w S\u0142ubicach, 10-12 marca 2011 \/ Paul Zalewski, Joanna Drejer (red.). &#8211; Warszawa:\u00a0 Wydawnictwo Naukowe Scholar, 2012.<\/li>\n<li>Polsko-niemieckie miejsca pami\u0119ci. T. 3, Paralele \/ red. Robert Traba, Hans Henning Hahn;\u00a0 wsp\u00f3\u0142pr. Maciej G\u00f3rny, Kornelia Ko\u0144cza\u0142. &#8211; Warszawa:\u00a0 Wydawnictwo Naukowe Scholar, 2012.<\/li>\n<li>Pomorze wczoraj, dzi\u015b, jutro:\u00a0 miasta i miasteczka pomorskie \/ pod red. Arlety Majewskiej. &#8211; Stargard:\u00a0 Muzeum;\u00a0 Pruszcz Gda\u0144ski:\u00a0 Wydawnictwo Jasne, 2010.<\/li>\n<li>Portrety rodowe Krasi\u0144skich \/ Wojciech Przybyszewski. &#8211; Warszawa:\u00a0 Argraf, 2006.<\/li>\n<li>Powiat grodziski:\u00a0 przewodnik subiektywny \/ [aut. Krzysztof B\u0105ka\u0142a]. &#8211; Warszawa:\u00a0 Mazowieckie Centrum Kultury i Sztuki:\u00a0 Agencja Wydawnicza &#8220;Egros&#8221;, 2011.<\/li>\n<li>Powiat legionowski:\u00a0 przewodnik subiektywny \/ [Jacek Szczepa\u0144ski]. &#8211; Warszawa:\u00a0 Mazowieckie Centrum Kultury i Sztuki:\u00a0 Agencja Wydawnicza &#8220;Egros&#8221;, 2011.<\/li>\n<li>Powiat mi\u0144ski:\u00a0 przewodnik subiektywny \/ [aut. Lilla Ma\u0142gorzata K\u0142os]. &#8211; Warszawa:\u00a0 Mazowieckie Centrum Kultury i Sztuki:\u00a0 Agencja Wydawnicza &#8220;Egros&#8221;, 2011.<\/li>\n<li>Powiat p\u0142o\u0144ski:\u00a0 przewodnik subiektywny \/ [Jaros\u0142aw Maciej Zawadzki]. &#8211; Warszawa:\u00a0 Mazowieckie Centrum Kultury i Sztuki:\u00a0 Agencja Wydawnicza &#8220;Egros&#8221;, 2012.<\/li>\n<li>Powiat przasnyski:\u00a0 przewodnik subiektywny \/ [aut. Bernard Kielak]. &#8211; Warszawa:\u00a0 Mazowieckie Centrum Kultury i Sztuki:\u00a0 Agencja Wydawnicza &#8220;Egros&#8221;, 2011.<\/li>\n<li>Powiat pu\u0142tuski:\u00a0 przewodnik subiektywny \/ [Adam Dylewski]. &#8211; Warszawa:\u00a0 Mazowieckie Centrum Kultury i Sztuki:\u00a0 Agencja Wydawnicza &#8220;Egros&#8221;, 2012.<\/li>\n<li>Pozycja Pomorska:\u00a0 studia nad dziejami fortyfikacji w dolinie Noteci \/ red. nauk. Jerzy Sadowski. &#8211; Gliwice:\u00a0 Infort, 2011.<\/li>\n<li>Prace konserwatorskie w trzech krakowskich klasztorach:\u00a0 kamedu\u0142\u00f3w na Bielanach, cysters\u00f3w w Mogile, benedyktyn\u00f3w w Ty\u0144cu (l. 2005-2009) \/ red. t. Halina Rojkowska-Tasak. &#8211; Krak\u00f3w:\u00a0 Urz\u0105d Miasta Krakowa. Wydzia\u0142 Kultury i Dziedzictwa Narodowego. Oddzia\u0142 Ochrony Zabytk\u00f3w, 2010.<\/li>\n<li>Practical building conservation:\u00a0 timber \/ vol. ed. Iain McCaig, Brian Ridout. &#8211; London:\u00a0 English Heritage;\u00a0 Burlington:\u00a0 Ashgate, 2012.<\/li>\n<li>Prawne podstawy ochrony i zabezpieczania muze\u00f3w:\u00a0 poradnik muzealnika \/ Piotr Ogrodzki, S\u0142awomir Kocewiak. &#8211; Warszawa:\u00a0 O\u015brodek Ochrony Zbior\u00f3w Publicznych, 2010.<\/li>\n<li>Prawo autorskie w kulturze:\u00a0 praktyczny przewodnik po zakamarkach prawa autorskiego w muzeach, teatrach i innych instytucjach kultury \/ Monika Brzozowska. &#8211; Bytom:\u00a0 Bytomskie Centrum Kultury, 2010.<\/li>\n<li>Problematyka autentyczno\u015bci dzie\u0142a sztuki na polskim rynku:\u00a0 teoria, praktyka, prawo \/ red. prowadz\u0105cy Robert Pasieczny. &#8211; Warszawa:\u00a0 Narodowy Instytut Muzealnictwa i Ochrony Zbior\u00f3w, 2012.<\/li>\n<li>Problemy rewitalizacji w gospodarce przestrzennej XXI wieku \/ red. nauk. Witold Czarnecki;\u00a0 Wy\u017csza Szko\u0142a Finans\u00f3w i Zarz\u0105dzania w Bia\u0142ymstoku. &#8211; Bia\u0142ystok:\u00a0 Wydawnictwo Wy\u017cszej Szko\u0142y Finans\u00f3w i Zarz\u0105dzania, 2006.<\/li>\n<li>Projekt &#8211; szkic &#8211; bozzetto:\u00a0 materia\u0142y Seminarium Metodologicznego Stowarzyszenia Historyk\u00f3w Sztuki, Niebor\u00f3w 22-24 czerwca 1989 \/ pod red. Marii Poprz\u0119ckiej. &#8211; Warszawa:\u00a0 Stowarzyszenie Historyk\u00f3w Sztuki, 1993.<\/li>\n<li>Projekty architektoniczne Bohdana Kelles-Krauzego w zasobie Archiwum Pa\u0144stwowego w Lublinie i innych zbiorach archiwalnych \/ El\u017cbieta B\u0142otnicka-Mazur. &#8211; Lublin:\u00a0 Archiwum Pa\u0144stwowe, 2011.<\/li>\n<li>Przedwojenna \u017cydowska Warszawa:\u00a0 najpi\u0119kniejsze fotografie \/ Jaros\u0142aw Zieli\u0144ski. &#8211; Warszawa:\u00a0 Wydawnictwo RM, 2012.<\/li>\n<li>Przedwojenne \u015ar\u00f3dmie\u015bcie Warszawy:\u00a0 najpi\u0119kniejsze fotografie \/ Jaros\u0142aw Zieli\u0144ski. &#8211; Warszawa:\u00a0 Wydawnictwo RM, 2012.<\/li>\n<li>Przedwojenny \u017boliborz:\u00a0 nieznane fotografie \/ Tomasz Paw\u0142owski. &#8211; Warszawa:\u00a0 Wydawnictwo RM, 2012.<\/li>\n<li>Przemy\u015ble\u0107 histori\u0119 sztuki:\u00a0 materia\u0142y XIII Seminarium Metodologicznego Stowarzyszenia Historyk\u00f3w Sztuki, Niebor\u00f3w 15-17 pa\u017adziernika 1992 \/ pod red. Marii Poprz\u0119ckiej. &#8211; Warszawa:\u00a0 Wydawnictwo Naukowe &#8220;Semper&#8221;, 1994.<\/li>\n<li>Przeprawy mostowe na ziemiach polskich w \u015bredniowieczu \/ Wojciech Szulta;\u00a0 Uniwersytet Miko\u0142aja Kopernika w Toruniu. &#8211; Toru\u0144:\u00a0 Towarzystwo Naukowe, 2008.<\/li>\n<li>Przesz\u0142o\u015b\u0107 jako przedmiot przekazu \/ Andrzej Szpoci\u0144ski, Piotr Tadeusz Kwiatkowski;\u00a0 Instytut Studi\u00f3w Politycznych PAN. &#8211; Warszawa:\u00a0 Wydawnictwo Naukowe Scholar, 2006.<\/li>\n<li>Przewodnik po kalwariach metropolii wroc\u0142awskiej \/ Aleksander Radecki. &#8211; Wroc\u0142aw:\u00a0 Wydawnictwo Wroc\u0142awskiej Ksi\u0119garni Archidiecezjalnej, 2010.<\/li>\n<li>Przewodnik po warszawskich blokowiskach \/ Jaros\u0142aw Trybu\u015b. &#8211; [Warszawa]:\u00a0 Muzeum Powstania Warszawskiego, [2011].<\/li>\n<li>Przewodnik po zabytkach wojew\u00f3dztwa lubuskiego. T. 1, Powiaty: zielonog\u00f3rski &#8211; \u015bwiebodzi\u0144ski &#8211; kro\u015bnie\u0144ski \/ Krzysztof Garbacz. &#8211; Zielona G\u00f3ra:\u00a0 Agencja Wydawnicza PDN, 2011.<\/li>\n<li>Quo vadis Polonia?:\u00a0 w drodze do demokratycznego pa\u0144stwa prawa:\u00a0 Polska 1989-2009 \/ red. Janusz Kochanowski, Magdalena Kuru\u015b. &#8211; Warszawa:\u00a0 Biuro Rzecznika Praw Obywatelskich, 2010.<\/li>\n<li>Radzy\u0144 Podlaski:\u00a0 miasto i rezydencja:\u00a0 praca zbiorowa \/ pod red. Gra\u017cyny Michalskiej i Dominiki Leszczy\u0144skiej. &#8211; Radzy\u0144 Podlaski:\u00a0 Powiat Radzy\u0144ski, 2011.<\/li>\n<li>Rakowiec \/ Henryk Stankiewicz. &#8211; Warszawa:\u00a0 VEDA Agencja Wydawnicza, 2011.<\/li>\n<li>Raport 2005-2006 \/ [red. S\u0142awomir Kadrow]. &#8211; Warszawa:\u00a0 Narodowy Instytut Dziedzictwa, 2011.<\/li>\n<li>Raport roczny Narodowego Instytutu Dziedzictwa \/ [oprac. red. Paulina Florjanowicz, Dariusz Bogacz]. &#8211; Warszawa:\u00a0 Narodowy Instytut Dziedzictwa, [2012].<\/li>\n<li>Regesta Fontium Saganensium \/ oprac. Adam G\u00f3rski, Beata Grelewicz;\u00a0 Urz\u0105d Miasta \u017baga\u0144, Archiwum Pa\u0144stwowe w Zielonej G\u00f3rze. &#8211; Zielona G\u00f3ra;\u00a0 \u017baga\u0144:\u00a0 Wydawnictwo Eternum, 2011.<\/li>\n<li>Regionalna architektura zajazd\u00f3w i schronisk na Ziemi Wa\u0142brzyskiej \/ Jacek Suchodolski. &#8211; Wroc\u0142aw:\u00a0 Oficyna Wydawnicza Politechniki Wroc\u0142awskiej, 2011.<\/li>\n<li>Rembrandt i inni:\u00a0 kr\u00f3lewska kolekcja obraz\u00f3w Stanis\u0142awa Augusta. T. 1, Obrazy ze zbior\u00f3w Muzeum \u0141azienki Kr\u00f3lewskie i Muzeum Narodowego w Warszawie \/ [red. nauk. Dorota Juszczak, Hanna Ma\u0142achowicz]. &#8211; Warszawa:\u00a0 Muzeum \u0141azienki Kr\u00f3lewskie, 2011.<\/li>\n<li>Rembrandt i inni:\u00a0 kr\u00f3lewska kolekcja obraz\u00f3w Stanis\u0142awa Augusta. T. 2, Obrazy z daru Karoliny Lanckoro\u0144skiej dla zamku Kr\u00f3lewskiego w Warszawie \/ [tekst Dorota Juszczak, Hanna Ma\u0142achowicz]. &#8211; Warszawa:\u00a0 Muzeum \u0141azienki Kr\u00f3lewskie, 2011.<\/li>\n<li>Remote sensing in archaeology \/ ed. by James Wiseman and Farouk El-Baz. &#8211; New York:\u00a0 Springer;\u00a0 2007.<\/li>\n<li>Renowacja i adaptacja na cele kulturalne piwnic staromiejskich Warszawy na obszarze wpisu na List\u0119 \u015awiatowego Dziedzictwa UNESCO \/ [red. i prowadzenie Anna Jagiellak]. &#8211; Warszawa:\u00a0 [Biuro Sto\u0142ecznego Konserwatora Zabytk\u00f3w Urz\u0119du Miasta Sto\u0142ecznego Warszawa] , 2012.<\/li>\n<li>Restytucja zamku kr\u00f3lewskiego w Poznaniu:\u00a0 zagadnienia urbanistyczne, architektoniczne i spo\u0142eczne w teorii lokalizacji i zastosowaniach \/ Robert Bare\u0142kowski;\u00a0 Polska Akademia Nauk Oddzia\u0142 w Poznaniu. Komisja Urbanistyki i Planowania Przestrzennego. &#8211; Pozna\u0144:\u00a0 O\u015brodek Wydawnictw Naukowych, 2003.<\/li>\n<li>Rewitalizacja zdegradowanych obszar\u00f3w miejskich:\u00a0 przyk\u0142ady praktyczne \/ Anna Wojnarowska. &#8211; \u0141\u00f3d\u017a:\u00a0 Wydawnictwo Uniwersytetu \u0141\u00f3dzkiego, 2011.<\/li>\n<li>Rewitalizacja zdegradowanych obszar\u00f3w miejskich:\u00a0 zagadnienia teoretyczne \/ Stanis\u0142aw Koz\u0142owski, Anna Wojnarowska. &#8211; \u0141\u00f3d\u017a:\u00a0 Wydawnictwo Uniwersytetu \u0141\u00f3dzkiego, 2011.<\/li>\n<li>Rex et Patria:\u00a0 temat w\u0142adzy, narodu i ojczyzny w literaturze i sztuce XVIII stulecia \/ Bogus\u0142aw Pfeiffer;\u00a0 pod red. Aleksandry Oszcz\u0119dy. &#8211; Warszawa:\u00a0 Wydawnictwo DiG, 2012.<\/li>\n<li>Rok polski:\u00a0 zwyczaje i obrz\u0119dy \/ Renata Hry\u0144-Ku\u015bmierek. &#8211; Pozna\u0144:\u00a0 Publicat, 2012.<\/li>\n<li>Rola samorz\u0105dowych s\u0142u\u017cb konserwatorskich w systemie ochrony zabytk\u00f3w w Polsce:\u00a0 I Og\u00f3lnopolskie Spotkanie Opiekun\u00f3w Pomnik\u00f3w Historii \/ [red. nauk. Bogus\u0142aw Szmygin]. &#8211; Lublin:\u00a0 Urz\u0105d Mista;\u00a0 Warszawa:\u00a0 Narodowy Instytut Dziedzictwa, 2011.<\/li>\n<li>Rozw\u00f3j obszar\u00f3w wiejskich w Polsce:\u00a0 diagnozy, strategie, koncepcje polityki \/ pod red. nauk. Iwony Nurzy\u0144skiej i Miros\u0142awa Drygasa. &#8211; Warszawa:\u00a0 Instytut Rozwoju Wsi i Rolnictwa Polskiej Akademii Nauk, 2011.<\/li>\n<li>Rozw\u00f3j ochrony dziedzictwa kulturalnego w prawie mi\u0119dzynarodowym na prze\u0142omie XX i XXI wieku \/ Anna Przyborowska-Klimczak. &#8211; Lublin:\u00a0 Wydawnictwo Uniwersytetu Marii Curie-Sk\u0142odowskiej, 2011.<\/li>\n<li>Rozw\u00f3j przestrzenny Warszawy \/ Lech Kr\u00f3likowski, Marek Ostrowski. &#8211; Washington:\u00a0 Mazowieckie Centrum Kultury i Sztuki:\u00a0 Agencja Wydawnicza &#8220;Egros&#8221;, 2009.<\/li>\n<li>Rzecz o dziedzictwie na wsi:\u00a0 rady, przyk\u0142ady, informacje \/ [oprac. Justyna Duriasz-Bu\u0142hak, Krystyna Po\u0142omski, Anna Potok]. &#8211; Warszawa:\u00a0 Fundacja Wspomagania Wsi, 2011.<\/li>\n<li>Rzeczpospolita dom\u00f3w. 1, Zamki, dworki i pa\u0142ace \/ pod red. Krystyny Krawiec-Z\u0142otowskiej;\u00a0 Akademia Pomorska w S\u0142upsku. &#8211; S\u0142upsk:\u00a0 Wydawnictwo Naukowe Akademii Pomorskiej, 2008.<\/li>\n<li>Rzeczpospolita dom\u00f3w. 2, Chaty \/ pod red. Krystyny Krawiec-Z\u0142otowskiej;\u00a0 Akademia Pomorska w S\u0142upsku. &#8211; S\u0142upsk:\u00a0 Wydawnictwo Naukowe Akademii Pomorskiej, 2010.<\/li>\n<li>Rze\u017aba:\u00a0 katalog zbior\u00f3w \/ Artur Badach;\u00a0 Zamek Kr\u00f3lewski w Warszawie, Fundacja Zbior\u00f3w im. Ciechanowieckich, Fundacja Teresy Sahakian. &#8211; Warszawa:\u00a0 Arx Regia. O\u015brodek Wydawniczy Zamku Kr\u00f3lewskiego, 2011.<\/li>\n<li>Rze\u017abiarz Stanis\u0142aw Wolnowicz (ok. 1670-1738):\u00a0 studium z dziej\u00f3w snycerstwa barokowego na obszarze centralnym ziem korony \/ Pawe\u0142 Migasiewicz. &#8211; Warszawa:\u00a0 Wydawnictwo Neriton, 2011.<\/li>\n<li>Samochody osobowe:\u00a0 dzieje rozwoju \/ Andrzej Zieli\u0144ski. &#8211; Warszawa:\u00a0 Wydawnictwa Komunikacji i \u0141\u0105czno\u015bci, 2009.<\/li>\n<li>Samochody PRLu:\u00a0 osobowe, autobusy, samochody ci\u0119\u017carowe, samochody dostawcze, ci\u0105gniki, kombajny \/ W\u0142odzimierz Bukowski. &#8211; \u0141\u00f3d\u017a:\u00a0 Ksi\u0119\u017cy M\u0142yn Dom Wydawniczy, 2009.<\/li>\n<li>Sanktuarium Matki Bo\u017cej Wychowawczyni w Czarnej \/ Agnieszka Werens. &#8211; Ko\u0144skie:\u00a0 Biblioteka Publiczna Miasta i Gminy Ko\u0144skie, 2009.<\/li>\n<li>Sapiehowie kolekcjonerzy i mecenasi:\u00a0 katalog wystawy 4 pa\u017adziernika &#8211; 31 grudnia 2011 \/ koncepcja i red. nauk. katalogu Stanis\u0142awa Link Lenczowska, Joanna Winiewicz-Wolska;\u00a0 red. Maria Podlodowska-Reklewska;\u00a0 Zamek Kr\u00f3lewski na Wawelu. Pa\u0144stwowe Zbiory Sztuki. &#8211; Krak\u00f3w:\u00a0 Zamek Kr\u00f3lewski na Wawelu, 2011.<\/li>\n<li>Sarkofag W\u0142adys\u0142awa II Jagie\u0142\u0142y i Donatello:\u00a0 pocz\u0105tki odrodzenia w Krakowie:\u00a0 sztuka &#8211; polityka &#8211; humanizm \/ Anna Boczkowska. &#8211; Gda\u0144sk:\u00a0 Wydawnictwo S\u0142owo \/ Obraz Terytoria, 2011.<\/li>\n<li>SAS:\u00a0 ilustrowany atlas architektury Saskiej K\u0119py \/ koncepcja i projekt Magdalena Piwowar;\u00a0 tekst Grzegorz Pi\u0105tek, Jaros\u0142aw Trybu\u015b. &#8211; Warszawa:\u00a0 Fundacja Centrum Architektury, 2012.<\/li>\n<li>S\u0105d Ostateczny Hansa Memlinga:\u00a0 mi\u0119dzy uczon\u0105 teologi\u0105 a pobo\u017cn\u0105 filozofi\u0105. T. 1, Idea zwierciad\u0142a w malarstwie europejskim XV-XVI wieku \/ Beata Purc-St\u0119pniak. &#8211; Krak\u00f3w:\u00a0 Collegium Columbinum, 2012.<\/li>\n<li>S\u0105d Ostateczny Hansa Memlinga:\u00a0 mi\u0119dzy uczon\u0105 teologi\u0105 a pobo\u017cn\u0105 filozofi\u0105. T. 2, \u015awiat: odbite oblicze Boga \/ Beata Purc-St\u0119pniak. &#8211; Krak\u00f3w:\u00a0 Collegium Columbinum, 2012.<\/li>\n<li>Senatorowie, pos\u0142owie i deputowani Ksi\u0119stwa Warszawskiego i Kr\u00f3lestwa Polskiego \/ Ma\u0142gorzata Karpi\u0144ska. &#8211; Warszawa:\u00a0 Wydawnictwo Sejmowe, 2002.<\/li>\n<li>Siedem wiek\u00f3w D\u0105brownicy:\u00a0 studia z dziej\u00f3w miejscowo\u015bci \/ red. Cezary Taracha;\u00a0 Katolicki Uniwersytet Lubelski. Instytut Historii. &#8211; Lublin:\u00a0 Wydawnictwo Werset, 2012.<\/li>\n<li>Siedemnastowieczne sztukaterie w Ma\u0142opolsce \/ Micha\u0142 Kurzej. &#8211; Krak\u00f3w:\u00a0 DodoEditor, 2012.<\/li>\n<li>Skarb cynowy z \u017bebr\u00f3w-\u017babina ko\u0142o Ostro\u0142\u0119ki:\u00a0 (przyczynek do dziej\u00f3w mazowieckiego za\u015bcianka) \/ Artur K. F. Wo\u0142osz. &#8211; Ciechan\u00f3w:\u00a0 Art &amp; Archeology, 1996.<\/li>\n<li>Skarb z Kijowa:\u00a0 z\u0142oty poczet:\u00a0 kr\u00f3lewska kolekcja medali Stanis\u0142awa Augusta \/ [red. Zofia Jurkowlaniec]. &#8211; Warszawa:\u00a0 Muzeum \u0141azienki Kr\u00f3lewskie, 2011.<\/li>\n<li>Skarby Korony Hiszpa\u0144skiej \/ [red. nauk. Jos\u00e9 Gabriel Moya Valga\u00f1\u00f3n]. &#8211; Krak\u00f3w:\u00a0 Muzeum Narodowe;\u00a0 [Madryt]:\u00a0 Patrimonio Nacional, 2011.<\/li>\n<li>Skarby przesz\u0142o\u015bci \/ [ Krystyna Mart, Zofia Wasiuta]. &#8211; Che\u0142m:\u00a0 Muzeum Ziemi Che\u0142mi\u0144skiej, 2010.<\/li>\n<li>S\u0142ownik historyczno-geograficzny wojew\u00f3dztwa p\u0142ockiego w \u015bredniowieczu:\u00a0 Z. 1, A-J \/ pod red. Jerzego Wi\u015bniewskiego;\u00a0 oprac. Anna Borkiewicz-Celi\u0144ska;\u00a0 Polska Akademia Nauk. Instytut Historii. &#8211; Wroc\u0142aw:\u00a0 Zak\u0142ad Narodowy im. Ossoli\u0144skich, 1980.<\/li>\n<li>S\u0142ownik historyczno-geograficzny wojew\u00f3dztwa p\u0142ockiego w \u015bredniowieczu:\u00a0 Z. 3, Mi-\u015aw \/ red. Antoni G\u0105siorowski; oprac. Anna Borkiewicz-Celi\u0144ska;\u00a0 Polska Akademia Nauk. Instytut Historii. &#8211; Warszawa:\u00a0 Instytut Historii PAN, 1998.<\/li>\n<li>S\u0142ownik historyczno-geograficzny wojew\u00f3dztwa pozna\u0144skiego w \u015bredniowieczu. Cz. 4, z. 1, R \/ pod red. Antoniego G\u0105siorowskiego, oprac. Pawe\u0142 Dembi\u0144ski et al.;\u00a0 Polska Akademia Nauk. Instytut Historii. &#8211; Pozna\u0144:\u00a0 Wydawnictwo Pozna\u0144skiego Towarzystwa Przyjaci\u00f3\u0142 Nauk, 2001.<\/li>\n<li>S\u0142ownik historyczno-geograficzny wojew\u00f3dztwa pozna\u0144skiego w \u015bredniowieczu. Cz. 4, z. 2, Sabel &#8211; Sikorzyn \/ pod red. Antoniego G\u0105siorowskiego, oprac. Pawe\u0142 Dembi\u0144ski et al.;\u00a0 Polska Akademia Nauk. Instytut Historii. &#8211; Pozna\u0144:\u00a0 Wydawnictwo Pozna\u0144skiego Towarzystwa Przyjaci\u00f3\u0142 Nauk, 2003.<\/li>\n<li>S\u0142ownik historyczno-geograficzny wojew\u00f3dztwa pozna\u0144skiego w \u015bredniowieczu. Cz. 4, z. 3, Silino &#8211; Spzarszki \/ pod red. Tomasza Jurka, oprac. Pawe\u0142 Dembi\u0144ski et al.;\u00a0 Polska Akademia Nauk. Instytut Historii. &#8211; Pozna\u0144:\u00a0 Wydawnictwo Pozna\u0144skiego Towarzystwa Przyjaci\u00f3\u0142 Nauk, 2005.<\/li>\n<li>S\u0142ownik historyczno-geograficzny wojew\u00f3dztwa pozna\u0144skiego w \u015bredniowieczu. Cz. 4, z. 4, Squartycze &#8211; Szytowyeczsko \/ pod red. Tomasza Jurka, oprac. Pawe\u0142 Dembi\u0144ski et al.;\u00a0 Polska Akademia Nauk. Instytut Historii. &#8211; Pozna\u0144:\u00a0 Wydawnictwo Pozna\u0144skiego Towarzystwa Przyjaci\u00f3\u0142 Nauk, 2008.<\/li>\n<li>S\u0142ownik historyczno-geograficzny wojew\u00f3dztwa pozna\u0144skiego w \u015bredniowieczu. Cz. 5, z. 1, \u015a \/ pod red. Tomasza Jurka, oprac. Pawe\u0142 Dembi\u0144ski et al.;\u00a0 Polska Akademia Nauk. Instytut Historii. &#8211; Pozna\u0144:\u00a0 Wydawnictwo Pozna\u0144skiego Towarzystwa Przyjaci\u00f3\u0142 Nauk, 2011.<\/li>\n<li>S\u0142ownik psychologii architektury:\u00a0 podr\u0119cznik dla student\u00f3w architektury \/ J. Krzysztof Lenartowicz. &#8211; Wyd. 4 uzup. &#8211; Krak\u00f3w:\u00a0 Wydawnictwo Politechniki Krakowskiej, 2010.<\/li>\n<li>Sochaczewska kolej w\u0105skotorowa \/ Bogdan Pokropi\u0144ski. &#8211; Warszawa:\u00a0 Wydaw. Komunikacji i \u0141\u0105czno\u015bci, 2012.<\/li>\n<li>Socjologia wsi polskiej \/ Izabella Bukraba-Rylska. &#8211; Warszawa:\u00a0 Wydawnictwo Naukowe PWN, 2008.<\/li>\n<li>Spacerownik po warszawskich cmentarzach \/ Jerzy S. Majewski, Tomasz Urzykowski; red. Agata \u017belazowska. &#8211; [Warszawa]:\u00a0 Agora, [2009].<\/li>\n<li>Spa\u0142a:\u00a0 cesarska rezydencja \/ Svitlana Chestnykh, Karen Kettering, Micha\u0142 S\u0142oniewski. &#8211; Konstancin-Jeziorna:\u00a0 Wydawnictwo Cel, [2011].<\/li>\n<li>Spichlerz \/ [tekst Jan Zalewski et al.;\u00a0 Muzeum Lubuskie im. Jana Dekerta w Gorzowie Wielkopolskim]. &#8211; Gorz\u00f3w Wielkopolski:\u00a0 Muzeum Lubuskie, 2011.<\/li>\n<li>Spojrzenie na warszawskie getto. 1, Krochmalna \/ Jacek Leociak. &#8211; Warszawa:\u00a0 Dom Spotka\u0144 z Histori\u0105, 2011.<\/li>\n<li>Spojrzenie na warszawskie getto. 2, Leszno \/ Jacek Leociak. &#8211; Warszawa:\u00a0 Dom Spotka\u0144 z Histori\u0105, 2011.<\/li>\n<li>Spojrzenie na warszawskie getto. 3, Karmelicka \/ Jacek Leociak. &#8211; Warszawa:\u00a0 Dom Spotka\u0144 z Histori\u0105, 2011.<\/li>\n<li>Spojrzenie na warszawskie getto. 4, Nowolipie \/ Jacek Leociak. &#8211; Warszawa:\u00a0 Dom Spotka\u0144 z Histori\u0105, 2011.<\/li>\n<li>Spojrzenie na warszawskie getto. 5, Mi\u0142a \/ Jacek Leociak. &#8211; Warszawa:\u00a0 Dom Spotka\u0144 z Histori\u0105, 2011.<\/li>\n<li>Spojrzenie na warszawskie getto. 6, Stawki \/ Jacek Leociak. &#8211; Warszawa:\u00a0 Dom Spotka\u0144 z Histori\u0105, 2011.<\/li>\n<li>Spo\u0142eczne i ekonomiczne uwarunkowania rozwoju kultury:\u00a0 II Og\u00f3lnopolski Kongres &#8220;Kultura &#8211; Gospodarka &#8211; Media&#8221;, Krak\u00f3w 9-10 pa\u017adziernika 2003 \/ [red. merytor. Zina Jarmoszuk]. &#8211; Krak\u00f3w:\u00a0 Warszawa:\u00a0 Narodowe Centrum Kultury, 2003.<\/li>\n<li>Sp\u00f3r o rewitalizacj\u0119 zamku w Ciechanowie \/ Grzegorz K\u0119sik. &#8211; Ciechan\u00f3w:\u00a0 [s.n.], 2011.<\/li>\n<li>Srebra sto\u0142owe \/ Micha\u0142 Grabowski, Anna Zinkiewicz-Ryndziewicz. &#8211; Kazimierz Dolny:\u00a0 Muzeum Nadwi\u015bla\u0144skie, 2010.<\/li>\n<li>Srebrny naszyjnik z kaptorgami i krzy\u017cowat\u0105 zawieszk\u0105 z Dziekanowic \/ red. nauk. Jacek Wrzesi\u0144ski, Andrzej M. Wyrwa;\u00a0 Muzeum Pierwszych Piast\u00f3w na Lednicy. &#8211; Dziekanowice;\u00a0 Lednica:\u00a0 Muzeum Pierwszych Piast\u00f3w na Lednicy, 2011.<\/li>\n<li>St\u00e4dtebau zwischen Feuersbrunst und Denkmalschutz:\u00a0 Erhaltung, Ver\u00e4nderung, Bewahrung \/ Dieter-J. Mehlhorn. &#8211; Berlin:\u00a0 Reimer, 2012.<\/li>\n<li>Stalowa Wola:\u00a0 architektura sztandarowej inwestycji COP-u \/ koncepcja i tekst Marek Adam Sta\u0144kowski, fot. Marek My\u015bliwiec. &#8211; Rzesz\u00f3w:\u00a0 Wydawnictwo Libra, 2008.<\/li>\n<li>Stanis\u0142aw August ostatni kr\u00f3l Polski:\u00a0 polityk, mecenas, reformator 1764-1795 \/ red. nauk. Angela So\u0142tys;\u00a0 Zamek Kr\u00f3lewski w Warszawie. &#8211; Warszawa:\u00a0 Arx Regia. O\u015brodek Wydawniczy Zamku Kr\u00f3lewskiego, 2011.<\/li>\n<li>Stanis\u0142awa Kostki Zamoyskiego \u017cycie i dzia\u0142alno\u015b\u0107 1775-1856 \/ Konrad Ajewski;\u00a0 Towarzystwo Naukowe Warszawskie, Stefan Zamoyski Educational Trust. &#8211; Warszawa:\u00a0 Towarzystwo Naukowe Warszawskie, 2010.<\/li>\n<li>Stare jest pi\u0119kne:\u00a0 architektura Bia\u0142ostocczyzny w rysunkach W\u0142adys\u0142awa Pietruka \/ W\u0142adys\u0142aw Pietruk;\u00a0 wst\u0119p Zygmunt Ciesielski. &#8211; Bia\u0142ystok:\u00a0 Dom Wydawniczy &#8220;TOTUS&#8221;, 1992.<\/li>\n<li>Strategia ochrony dziedzictwa przemys\u0142owego:\u00a0 seminarium \/ Polski Komitet Ochrony Dziedzictwa Przemys\u0142owego TICCIH, Muzeum Historii Przemys\u0142u w Opat\u00f3wku. &#8211; Opat\u00f3wek:\u00a0 Muzeum Historii Przemys\u0142u, 1999.<\/li>\n<li>Strategie dla kultury, kultura dla rozwoju:\u00a0 zarz\u0105dzanie strategiczne instytucj\u0105 kultury \/ pod red. Martyny \u015aliwy. &#8211; Krak\u00f3w:\u00a0 Ma\u0142opolski Instytut Kultury, 2011.<\/li>\n<li>Studia i materia\u0142y do dziej\u00f3w domu gda\u0144skiego. Cz. 2 \/ pod red. Edmunda Kizika. &#8211; Gda\u0144sk;\u00a0 Warszawa:\u00a0 Instytut Historii PAN, 2011.<\/li>\n<li>Studia nad sztuk\u0105 renesansu i baroku. T. 10, Programy ideowe w przedsi\u0119wzi\u0119ciach artystycznych w XVI-XVIII wieku \/ red. Irena Rolska-Boruch. &#8211; Lublin:\u00a0 Towarzystwo Naukowe Katolickiego Uniwersytetu Lubelskiego Jana Paw\u0142a II:\u00a0 Katolicki Uniwersytet Lubelski Jana Paw\u0142a II, 2010.<\/li>\n<li>Studia z architektury nowoczesnej. 4 \/ red. Joanna Kucharzewska. &#8211; Toru\u0144:\u00a0 Wydawnictwo Naukowe Uniwersytetu Miko\u0142aja Kopernika, 2011.<\/li>\n<li>Styl &#8220;\u015awidermajer&#8221; architektura do zachowania \/ Alessandra Centroni. &#8211; J\u00f3zef\u00f3w:\u00a0 Wydawnictwo \u015awidermajer, 2011.<\/li>\n<li>Sukiennice w Krakowie:\u00a0 restauracja i modernizacja \/ Andrzej Kad\u0142uczka;\u00a0 Politechnika Krakowska im. Tadeusza Ko\u015bciuszki. Wydzia\u0142 Architektury. &#8211; Krak\u00f3w:\u00a0 Wydawnictwo Politechniki Krakowskiej, 2010.<\/li>\n<li>System ochrony zabytk\u00f3w w Polsce: analiza, diagnoza, propozycje:\u00a0 praca zbiorowa \/ pod red. Bogus\u0142awa Szmygina. &#8211; Warszawa:\u00a0 Polski Komitet Narodowy ICOMOS:\u00a0 Biuro Sto\u0142ecznego Konserwatora Zabytk\u00f3w Urz\u0119du Miasta Sto\u0142ecznego Warszawa;\u00a0 Lublin:\u00a0 Politechnika Lubelska, 2011.<\/li>\n<li>Szata ro\u015blinna w krajobrazach malarstwa niderlandzkiego XV wieku:\u00a0 identyfikacja botaniczna ro\u015blin na wybranych obrazach \/ Piotr Kulesza. &#8211; Lublin:\u00a0 Wydawnictwo KUL, 2011.<\/li>\n<li>Szcz\u0119sny Dettloff o sztuce i zabytkach Poznania:\u00a0 wyb\u00f3r studi\u00f3w i artyku\u0142\u00f3w z lat 1916-1947 \/ [wst\u0119p Jaros\u0142aw Jarzewicz]. &#8211; Pozna\u0144:\u00a0 Wydawnictwo Miejskie Posnania, 2011.<\/li>\n<li>Szerokim Torem LHS \/ Tomasz Ciemnoczu\u0142owski. &#8211; \u0141\u00f3d\u017a:\u00a0 Ksi\u0119\u017cy M\u0142yn Dom Wydawniczy, 2009.<\/li>\n<li>Szesnastowieczny portret Zygmunta I Starego w Katedrze Krakowskiej i zagadnienie malarstwa klejowego na p\u0142\u00f3tnie bez zaprawy \/ Anna S\u0119kowska. &#8211; Krak\u00f3w:\u00a0 Wydawnictwo Akademii Sztuk Pi\u0119knych im. Jana Matejki, 2011.<\/li>\n<li>Sze\u015b\u0107 wiek\u00f3w Bie\u017cunia:\u00a0 czasy, miejsca, ludzie. Cz. 1, Czasy \/ pod red. Artura K. F. Wo\u0142osza. &#8211; Bie\u017cu\u0144:\u00a0 Towarzystwo Przyjaci\u00f3\u0142 Bie\u017cunia:\u00a0 Muzeum Ma\u0142ego Miasta, 2007.<\/li>\n<li>Sze\u015b\u0107 wiek\u00f3w Bie\u017cunia:\u00a0 czasy, miejsca, ludzie. Cz. 2, Miejsca \/ pod red. Artura K. F. Wo\u0142osza. &#8211; Bie\u017cu\u0144:\u00a0 Towarzystwo Przyjaci\u00f3\u0142 Bie\u017cunia:\u00a0 Muzeum Ma\u0142ego Miasta, 2009.<\/li>\n<li>Szlaki dziedzictwa kulturowego:\u00a0 teoria i praktyka zarz\u0105dzania \/ \u0141ukasz Gawe\u0142. &#8211; Krak\u00f3w:\u00a0 Wydawnictwo Uniwersytetu Jagiello\u0144skiego, 2011.<\/li>\n<li>Szlakiem drewnianych \u015bwi\u0105ty\u0144 na Podbeskidziu \/ materia\u0142y zebra\u0142 i oprac. Marek Bernacki. &#8211; Bielsko-Bia\u0142a:\u00a0 Regionalny O\u015brodek Doskonalenia Nauczycieli &#8220;WOM&#8221;:\u00a0 Wydawnictwo Debit, 2009.<\/li>\n<li>Sztuka Burgundii i Niderland\u00f3w 1380-1500. T. 2, Niderlandzkie malarstwo tablicowe 1430-1500 \/ Antoni Ziemba. &#8211; Warszawa:\u00a0 Wydawnictwa Uniwersytetu Warszawskiego, 2011.<\/li>\n<li>Sztuka geometryczna a postmodernizm \/ Paulina Sztabi\u0144ska. &#8211; Warszawa:\u00a0 Wydawnictwo Neriton, 2011.<\/li>\n<li>Sztuka i warto\u015b\u0107:\u00a0 materia\u0142y XI Seminarium Metodologicznego Stowarzyszenia Historyk\u00f3w Sztuki, Niebor\u00f3w 26-28 czerwca 1986 \/ pod red. Marii Poprz\u0119ckiej. &#8211; \u0141\u00f3d\u017a:\u00a0 Zak\u0142ad Wydawnictw &#8220;Sztuka Polska&#8221;, [1988].<\/li>\n<li>Sztuka kres\u00f3w wschodnich. T. 7 \/ pod red. Andrzeja Betleja i Anny Markiewicz, przy wsp\u00f3\u0142pr. Agaty Dworzak;\u00a0 Instytut Historii Sztuki Uniwersytetu Jagiello\u0144skiego; Ko\u0142o Naukowe Student\u00f3w Historii Sztuki UJ Sekcja Inwentaryzacji. &#8211; Krak\u00f3w:\u00a0 Oficyna Wydaw. Text, 2012.<\/li>\n<li>Sztuka pogranicza:\u00a0 od sacrum do profanum \/ [red. Krzysztof Zieli\u0144ski]. &#8211; Rzesz\u00f3w:\u00a0 Stowarzyszenie na Rzecz Rozwoju i Promocji Podkarpacia Pro Carpathia, 2011.<\/li>\n<li>Sztuka Polski \u015arodkowej \/ [red. tomu Piotr Gryglewski, Ewa Kubiak, Krzysztof Stefa\u0144ski]. &#8211; \u0141\u00f3d\u017a:\u00a0 Ksi\u0119\u017cy M\u0142yn Dom Wydawniczy, 2011.<\/li>\n<li>Sztuka sakralna Krakowa w wieku XIX. Cz. 4, Malarstwo witra\u017cowe \/ Tomasz Szybisty;\u00a0 Instytut Historii Sztuki Uniwersytetu Jagiello\u0144skiego. &#8211; Krak\u00f3w:\u00a0 Towarzystwo Autor\u00f3w i Wydawc\u00f3w Prac Naukowych Universitas, 2012.<\/li>\n<li>Sztuka \u015bwiata:\u00a0 atlas zabytk\u00f3w. T.16, Europa L-\u017b \/ [red. tekstu Izabela Kuni\u0144ska przy wsp\u00f3\u0142pr. Anny Derwojedowej i Anny Marczak]. &#8211; Wyd. 1 (dodr.). &#8211; Warszawa:\u00a0 Arkady, 2012.<\/li>\n<li>Sztuka w Toruniu w okresie okupacji hitlerowskiej \/ Piotr Birecki. &#8211; Toru\u0144:\u00a0 Wydawnictwo Adam Marsza\u0142ek:\u00a0 Towarzystwo Mi\u0142o\u015bnik\u00f3w Torunia, 2011.<\/li>\n<li>Sztuka woskiem pisana:\u00a0 batik w Indonezji i w Polsce \/ Maria Wro\u0144ska-Friend. &#8211; Warszawa:\u00a0 Gondwana, 2008.<\/li>\n<li>Sztuka XV wieku od Parler\u00f3w do D\u00fcrera \/ Jan Bia\u0142ostocki;\u00a0 przek\u0142. Grzegorz Przew\u0142ocki;\u00a0 red. nauk., aktualizacja i uzup. bibliogr. Antoni Ziemba. &#8211; Warszawa:\u00a0 Wydawnictwa Uniwersytetu Warszawskiego, 2010.<\/li>\n<li>\u015aladami nazw miejskich Warszawy:\u00a0 (z prac Zespo\u0142u Nazewnictwa Miejskiego Warszawy) \/ [red. prowadz\u0105cy Andrzej So\u0142tan]. &#8211; Warszawa:\u00a0 Muzeum Historyczne m.st. Warszawy, 2012.<\/li>\n<li>\u015amier\u0107, przestrze\u0144, czas, to\u017csamo\u015b\u0107 w Europie \u015arodkowej oko\u0142o 1900:\u00a0 materia\u0142y mi\u0119dzynarodowej konferencji zorganizowanej w dniach 8-10 grudnia 1996 \/ red. nauk. Karolina Grodziska, Jacek Purchla;\u00a0 Mi\u0119dzynarodowe Centrum Kultury w Krakowie. &#8211; Krak\u00f3w:\u00a0 Mi\u0119dzynarodowe Centrum Kultury, 2002.<\/li>\n<li>\u015aniardwy:\u00a0 szlak wodny \/ Wojciech Kujawski. &#8211; Olsztyn:\u00a0 Wydawnictwo QMiKa, 2007.<\/li>\n<li>\u015arodowisko wewn\u0119trzne:\u00a0 wp\u0142yw na \u015brodowisko, komfort i wydajno\u015b\u0107 pracy \/ red. P. O. Fanger, Z. Popio\u0142ek, P. Wargocki;\u00a0 Politechnika \u015al\u0105ska. Katedra Ogrzewnictwa, Wentylacji i Techniki Odpylania. &#8211; Gliwice:\u00a0 Politechnika \u015al\u0105ska, 2003.<\/li>\n<li>\u015awiadkowie wiary i historii:\u00a0 ko\u015bci\u00f3\u0142 parafialny w Witoszynie:\u00a0 praca zbiorowa \/ pod red. Romana Haczkiewicza. &#8211; Krak\u00f3w:\u00a0 Wydawnictwo Instytutu Teologicznego Ksi\u0119\u017cy Misjonarzy, 2011.<\/li>\n<li>\u015awiaty, za\u015bwiaty:\u00a0 o tradycji \u015bwi\u0119towa\u0144 w Polsce \/ Anna Zadro\u017cy\u0144ska. &#8211; Warszawa:\u00a0 Wydawnictwo Ksi\u0105\u017ckowe Tw\u00f3j Styl, 2000.<\/li>\n<li>\u015awi\u0105tynia z progu wieczno\u015bci:\u00a0 w 150-lecie ko\u015bcio\u0142a Zmartwychwstania Pa\u0144skiego na Cmentarzu Rakowickim 1862-2012 \/ Krzysztof T. Sojka, Karolina Grodziska. &#8211; Krak\u00f3w:\u00a0 Wydawnictwo Instytutu Teologicznego Ksi\u0119\u017cy Misjonarzy, 2012.<\/li>\n<li>\u015awi\u0105tynie nowego pa\u0144stwa:\u00a0 ko\u015bcio\u0142y rzymskokatolickie II Rzeczypospolitej \/ Filip Burno. &#8211; Warszawa:\u00a0 Wydawnictwa Uniwersytetu Warszawskiego, 2012.<\/li>\n<li>\u015awi\u0119ci wojownicy w sztuce bizanty\u0144skiej (843-1261): \u00a0studia nad ikonografi\u0105 uzbrojenia i ubioru \/ Piotr \u0141ukasz Grotowski. &#8211; Krak\u00f3w:\u00a0 Wydawnictwo WAM, 2011.<\/li>\n<li>Tajemnice codzienno\u015bci \/ Maria Witek, Cezary Nowakowski;\u00a0 Biuro Dokumentacji Zabytk\u00f3w. &#8211; Szczecin:\u00a0 Biuro Dokumentacji Zabytk\u00f3w, 2011.<\/li>\n<li>Tamten Lw\u00f3w. T. 1, Oblicze miasta \/ Witold Szolginia. &#8211; Dodruk. &#8211; Krak\u00f3w:\u00a0 Wysoki Zamek, 2012.<\/li>\n<li>Tamten Lw\u00f3w. T. 2, Ulice i place \/ Witold Szolginia. &#8211; Krak\u00f3w:\u00a0 Wysoki Zamek, 2011.<\/li>\n<li>The historic urban landscape:\u00a0 managing heritage in an urban century \/ Francesco Bandarin and Ron Van Oers. &#8211; Chichester:\u00a0 Wiley-Blackwell, 2012.<\/li>\n<li>Toru\u0144ska architektura XX wieku \/ Micha\u0142 Pszcz\u00f3\u0142kowski. &#8211; Toru\u0144:\u00a0 Wydawnictwo Adam Marsza\u0142ek:\u00a0 Towarzystwo Mi\u0142o\u015bnik\u00f3w Torunia, 2011.<\/li>\n<li>Toru\u0144skie cmentarze \/ Magdalena Niedzielska. &#8211; Toru\u0144:\u00a0 Towarzystwo Naukowe, 1992.<\/li>\n<li>To\u017csamo\u015bci zbiorowe \/ Zbigniew Boksza\u0144ski. &#8211; Wyd. 1-3 dodr. &#8211; Warszawa:\u00a0 Wydawnictwo Naukowe PWN, 2008.<\/li>\n<li>Tradycja:\u00a0 warto\u015bci i przemiany \/ pod red. Jana Adamowskiego, J\u00f3zefa Styka. &#8211; Lublin:\u00a0 Wydawnictwo Uniwersytetu Marii Curie-Sk\u0142odowskiej, 2009.<\/li>\n<li>Tradycja w kontekstach kulturowych \/ pod red. Jana Adamowskiego, Marty W\u00f3jcickiej. &#8211; Lublin:\u00a0 Wydawnictwo Uniwersytetu Marii Curie-Sk\u0142odowskiej, 2011.<\/li>\n<li>Tradycja w kontekstach spo\u0142ecznych \/ pod red. J\u00f3zefa Styka, Ma\u0142gorzaty Dziekanowskiej. &#8211; Lublin:\u00a0 Wydawnictwo Uniwersytetu Marii Curie-Sk\u0142odowskiej, 2011.<\/li>\n<li>Tradycja w tekstach kultury \/ pod red. Jana Adamowskiego, J\u00f3zefa Styka. &#8211; Lublin:\u00a0 Wydawnictwo Uniwersytetu Marii Curie-Sk\u0142odowskiej, 2009.<\/li>\n<li>Tradycja wynaleziona \/ red. Erik Hobsbawm i Terence Ranger. &#8211; Krak\u00f3w:\u00a0 Wydawnictwo Uniwersytetu Jagiello\u0144skiego, 2008.<\/li>\n<li>Triglav National Park and cultural heritage \/ Tea Lukan Klav\u017eer. &#8211; Ljubljana:\u00a0 Institute for the Protection of Cultural Heritage of Slovenia, 2011.<\/li>\n<li>Trwa\u0142a ruina II:\u00a0 problemy utrzymania i adaptacji:\u00a0 ochrona, konserwacja i adaptacja zabytkowych mur\u00f3w:\u00a0 praca zbiorowa \/ pod red. Jerzego Sza\u0142ygina. &#8211; Lublin:\u00a0 Politechnika Lubelska;\u00a0 Warszawa:\u00a0 Polski Komitet Narodowy ICOMOS, 2010.<\/li>\n<li>Trzebiat\u00f3w &#8211; spotkania pomorskie &#8211; 2004 r. \/ pod red. Janiny Kochanowskiej. &#8211; Wo\u0142czkowo:\u00a0 Oficyna In Plus, [2005].<\/li>\n<li>Trzebiat\u00f3w &#8211; spotkania pomorskie &#8211; 2005 r. \/ pod red. Janiny Kochanowskiej. &#8211; Wo\u0142czkowo:\u00a0 Oficyna In Plus, [2006].<\/li>\n<li>Trzebiat\u00f3w &#8211; spotkania pomorskie &#8211; 2006 r. \/ pod red. Janiny Kochanowskiej. &#8211; Szczecin:\u00a0 Oficyna In Plus, 2007.<\/li>\n<li>Trzebiat\u00f3w &#8211; spotkania pomorskie 2008 \/ pod red. Janiny Kochanowskiej. &#8211; Pruszcz Gda\u0144ski:\u00a0 Wydawnictwo Jasne;\u00a0 Trzebiat\u00f3w:\u00a0 Trzebiatowski O\u015brodek Kultury, 2009.<\/li>\n<li>Trzebiat\u00f3w &#8211; spotkania pomorskie 2009 \/ pod red. Janiny Kochanowskiej. &#8211; Pruszcz Gda\u0144ski:\u00a0 Wydawnictwo Jasne;\u00a0 Trzebiat\u00f3w:\u00a0 Trzebiatowski O\u015brodek Kultury, 2010.<\/li>\n<li>Trzebiat\u00f3w &#8211; spotkania pomorskie 2010 \/ pod red. Janiny Kochanowskiej. &#8211; Trzebiat\u00f3w:\u00a0 Trzebiatowski O\u015brodek Kultury, 2011.<\/li>\n<li>Trzebiat\u00f3w &#8211; spotkania pomorskie 2011 \/ pod red. Janiny Kochanowskiej. &#8211; Trzebiat\u00f3w:\u00a0 Trzebiatowski O\u015brodek Kultury, 2011.<\/li>\n<li>Trzebiat\u00f3w:\u00a0 spotkania pomorskie 2007 r. \/ pod red. Janiny Kochanowskiej. &#8211; Szczecin:\u00a0 Oficyna In Plus, 2008.<\/li>\n<li>Turner:\u00a0 malarz \u017cywio\u0142\u00f3w \/ [red. Ortrud Westheider, Michael Philipp]. &#8211; Krak\u00f3w:\u00a0 Muzeum Narodowe, 2011.<\/li>\n<li>Tworzenie i odtwarzanie kultury:\u00a0 tradycja jako wymiar zmian spo\u0142ecznych:\u00a0 studia z dziedziny antropologii spo\u0142ecznej \/ pod red. Gra\u017cyny Kubicy i Marcina Lubasia. &#8211; Krak\u00f3w:\u00a0 Wydawnictwo Uniwersytetu Jagiello\u0144skiego, 2008.<\/li>\n<li>Tylman z Gameren (1632-1706):\u00a0 tw\u00f3rczo\u015b\u0107 architektoniczna w Polsce \/ Stanis\u0142aw Mossakowski. &#8211; Warszawa:\u00a0 Wydawnictwo DiG;\u00a0 Monachium;\u00a0 Berlin:\u00a0 Verlag Otto Sagner, 2012.<\/li>\n<li>Typespotting:\u00a0 Warszawa \/ Artur Frankowski. &#8211; Warszawa:\u00a0 Fundacja Nowej Kultury B\u0119c Zmiana, 2010.<\/li>\n<li>Tysi\u0105c lat ubior\u00f3w w Polsce \/ Anna Sieradzka. &#8211; Wyd. 1 (dodr.). &#8211; Warszawa:\u00a0 &#8220;Arkady&#8221;, 2007.<\/li>\n<li>Tyszkiewiczowie z Waki \/ Liliana Narkowicz. &#8211; Warszawa:\u00a0 Wydawnictwo DiG, 2010.<\/li>\n<li>U Maryi st\u00f3p:\u00a0 sanktuaria Kujaw i Ziemi Dobrzy\u0144skiej \/ Micha\u0142 Kwiatkowski, Krystyna Paw\u0142owska. &#8211; W\u0142oc\u0142awek:\u00a0 Muzeum Ziemi Kujawskiej i Dobrzy\u0144skiej, 2011.<\/li>\n<li>Ubi\u00f3r i krajobraz kulturowy Polski i Ukrainy Zachodniej w ikonografii J. G\u0142ogowskiego i K. W. Kielisi\u0144skiego \/ Aleksander B\u0142achowski. &#8211; Toru\u0144:\u00a0 Muzeum Etnograficzne im. Marii Znamierowskiej-Pr\u00fcfferowej, 2011.<\/li>\n<li>Ulica Jagiello\u0144ska w Nowym S\u0105czu od ko\u0144ca XIX wieku do 1945 roku:\u00a0 mieszka\u0144cy i zabudowa \/ Leszek Migra\u0142a. &#8211; Nowy S\u0105cz:\u00a0 Prezydent Miasta:\u00a0 Polskie Towarzystwo Historyczne. Oddzia\u0142, 2012.<\/li>\n<li>Urbanistyka i architektura Bolimowa do ko\u0144ca XIX wieku \/ J\u00f3zefina Sikorska. &#8211; Bolim\u00f3w:\u00a0 Gminny O\u015brodek Kultury;\u00a0 2011.<\/li>\n<li>Ursuline Convent in Ljublijana \/ Bla\u017e Resman. &#8211; Ljubljana:\u00a0 Institute for the Protection of Cultural Heritage of Slovenia, 2010.<\/li>\n<li>Urz\u0105d \/ [red. Gabriela Bo\u017cek]. &#8211; Katowice:\u00a0 Centrum Dziedzictwa Kulturowego G\u00f3rnego \u015al\u0105ska, 2000.<\/li>\n<li>Ustawa o muzeach:\u00a0 komentarz \/ Patrycja Antoniak. &#8211; Stan prawny na 16 kwietnia 2012 r. &#8211; Warszawa:\u00a0 Lex a Wolters Kluwer business, 2012.<\/li>\n<li>Utagawa Kuniyoshi w \u015bwiecie legend i fantazji \/ Beata Romanowicz. &#8211; Krak\u00f3w:\u00a0 Muzeum Narodowe, 2011.<\/li>\n<li>Via archaeologica:\u00a0 archeologiczne badania ratownicze w programie budowy autostrad w Polsce \/ [red. Agnieszka Krzy\u017caniak przy wsp\u00f3\u0142pr. z Zbigniewem Bukowskim]. &#8211; Warszawa:\u00a0 O\u015brodek Ochrony Dziedzictwa Archeologicznego, 2005.<\/li>\n<li>Vielerlei Wiederaufbau:\u00a0 Erfahrungen und Wahrnehmungen in St\u00e4dten Polens und Frankens nach 1945:\u00a0 Begleitschrift zur Ausstellung \/ mit Beitr. von Paulina \u015awi\u0105tek und Ma\u0142gorzata Popio\u0142ek, Piotr Paluchowski und Janusz Trupinda, Grzegorz Grajewski in Zusammenarbeit mit Wojciech Mrozowicz sowie Antonia Bieber. &#8211; W\u00fcrzburg:\u00a0 Verlag Ferdinand Sch\u00f6ningh, 2012.<\/li>\n<li>W kr\u0119gu sztuki polskiej i grafiki europejskiej \/ red. Krystyna Moisan-Jab\u0142o\u0144ska. &#8211; Warszawa:\u00a0 Wydawnictwo Uniwersytetu Kardyna\u0142a Stefana Wyszy\u0144skiego, 2011.<\/li>\n<li>W kr\u0119gu sztuki przedmiotu:\u00a0 studia ofiarowane Profesor Irenie Huml przez przyjaci\u00f3\u0142, koleg\u00f3w i uczni\u00f3w:\u00a0 [praca zbiorowa \/ pod red. Marii D\u0142utek;\u00a0 przy wsp\u00f3\u0142pr. Anny Kostrzy\u0144skiej-Mi\u0142osz];\u00a0 Instytut Sztuki Polskiej Akademii Nauk. &#8211; Warszawa:\u00a0 Instytut Sztuki Polskiej Akademii Nauk;\u00a0 P\u0142ock:\u00a0 Muzeum Mazowieckie, 2011.<\/li>\n<li>W nurcie neorenesansu w\u0142oskiego architektury XIX-wiecznego Krakowa:\u00a0 pomoc dydaktyczna \/ Zbigniew Jan Bia\u0142kiewicz;\u00a0 Politechnika Krakowska im. Tadeusza Ko\u015bciuszki. &#8211; Krak\u00f3w:\u00a0 Wydawnictwo Politechniki Krakowskiej, 2010.<\/li>\n<li>W poszukiwaniu to\u017csamo\u015bci miasta:\u00a0 architektura i urbanistyka Bia\u0142egostoku w latach 1795-1939 \/ Ma\u0142gorzata Dolistowska. &#8211; Bia\u0142ystok:\u00a0 Oficyna Wydawnicza Politechniki Bia\u0142ostockiej, 2009.<\/li>\n<li>W sercu \u017boliborza:\u00a0 historia Sp\u00f3\u0142dzielni Budowlano-Mieszkaniowej \u017boliborz. T. 1 \/ W\u0142adys\u0142aw Klepacz;\u00a0 Sp\u00f3\u0142dzielnia Mieszkaniowo-Budowlana \u017boliborz. &#8211; Warszawa:\u00a0 Sp\u00f3\u0142dzielnia Mieszkaniowo-Budowlana \u017boliborz, 2011.<\/li>\n<li>W \u015bwietle gwiazd:\u00a0 sztuka i astrologia w Gda\u0144sku w latach 1450-1550 \/ Andrzej Wozi\u0144ski. &#8211; Gda\u0144sk:\u00a0 Wydawnictwo S\u0142owo \/ Obraz Terytoria, 2011.<\/li>\n<li>Warszawa:\u00a0 prawos\u0142awne i rosyjskie dziedzictwo \/ Pawe\u0142 Przeciszewski. &#8211; Warszawa:\u00a0 Agencja Wydawnicza &#8220;Egros&#8221;, 2011.<\/li>\n<li>Warszawa:\u00a0 spacer w czasie \/ Jerzy S. Majewski, Krzysztof Smura. &#8211; Wyd. 2 uzup. &#8211; Pozna\u0144:\u00a0 Agencja Wydawniczo-Reklamowa Debiuty, 2011.<\/li>\n<li>Warszawa fantastyczna \/ Pawe\u0142 Dunin-W\u0105sowicz. &#8211; Warszawa:\u00a0 Raster, 2010.<\/li>\n<li>Warszawa mi\u0119dzy wojnami:\u00a0 opowie\u015b\u0107 o \u017cyciu Stolicy 1918-1939 \/ Ryszard M\u0105czewski. &#8211; \u0141\u00f3d\u017a:\u00a0 Ksi\u0119\u017cy M\u0142yn Dom Wydawniczy, 2009.<\/li>\n<li>Warszawa nieodbudowana:\u00a0 \u017bydowski Muran\u00f3w i okolice \/ Jerzy S. Majewski. &#8211; Warszawa:\u00a0 Agora SA, 2012.<\/li>\n<li>Warszawa nowoczesna:\u00a0 fotografie z lat trzydziestych XX wieku \/ Czes\u0142aw Olszewski;\u00a0 oprac. \u0141ukasz Gorczyca, Piotr Jamski, Micha\u0142 Kaczy\u0144ski, Marta Le\u015bniakowska. &#8211; Warszawa:\u00a0 Fundacja Raster:\u00a0 Instytut Sztuki Polskiej Akademii Nauk:\u00a0 Stowarzyszenie Liber Pro Arte;\u00a0 2012.<\/li>\n<li>Warszawska uczelnia medyczna w ikonografii i fotografii \/ Jacek Persa, Anna Marek, Marek Wichrowski. &#8211; Warszawa:\u00a0 Warszawski Uniwersytet Medyczny, 2009.<\/li>\n<li>Warszawskie dziedzictwo postindustrialne \/ Micha\u0142 Krasucki. &#8211; Warszawa:\u00a0 Fundacja Hereditas, 2011.<\/li>\n<li>Wczoraj i dzi\u015b:\u00a0 dziedzictwo kulturowe powiatu bia\u0142ostockiego i Bia\u0142egostoku \/ [red. Iwona G\u00f3rska]. &#8211; Bia\u0142ystok:\u00a0 Towarzystwo Opieki nad Zabytkami. Oddzia\u0142, 2012.<\/li>\n<li>Wendel Roskopf:\u00a0 architekt wczesnego renesansu:\u00a0 mity i rzeczywisto\u015b\u0107 \/ Klara Kaczmarek-L\u00f6w. &#8211; Wroc\u0142aw:\u00a0 Oficyna Wydawnicza ATUT &#8211; Wroc\u0142awskie Wydawnictwo O\u015bwiatowe, 2010.<\/li>\n<li>Wereszczyn:\u00a0 \u015bladami zapomnianej historii \/ Adam Panasiuk. &#8211; Warszawa:\u00a0 Wydawnictwo Naukowe Scholar, 2011.<\/li>\n<li>Wielki s\u0142ownik wyraz\u00f3w bliskoznacznych \/ Arkadiusz Latusek, Przemys\u0142aw Pilarski;\u00a0 pod red. Marty Tomczyk. &#8211; Krak\u00f3w:\u00a0 Krakowskie Wydawnictwo Naukowe, 2008.<\/li>\n<li>Wielkopolska:\u00a0 s\u0142ownik krajoznawczy \/ [przewodn. kom. red. W\u0142odzimierz \u0141\u0119cki]. &#8211; Wyd. 2 zm., popr. &#8211; Pozna\u0144:\u00a0 Wydawnictwo Kurpisz, 2002.<\/li>\n<li>Wierzchowce Bog\u00f3w:\u00a0 motyw konia w wierzeniach i sztuce S\u0142owian i Skandynaw\u00f3w \/ Agnieszka \u0141ukaszyk. &#8211; Szczecin:\u00a0 Wydawnictwo Triglav, 2012.<\/li>\n<li>Willa \/ [tekst Monika Wilk, Gra\u017cyna Tyranowska, Janusz Michalski;\u00a0 Muzeum Lubuskie im. Jana Dekerta w Gorzowie Wielkopolskim]. &#8211; Gorz\u00f3w Wielkopolski:\u00a0 Muzeum Lubuskie, 2011.<\/li>\n<li>Wille w Otwocku i warunki pobytu tam\u017ce \/ Edmund Diehl. &#8211; J\u00f3zef\u00f3w:\u00a0 Wydawnictwo \u015awidermajer, 2010.<\/li>\n<li>Wilno \/ [tekst Jerzy Remer, obja\u015bn. fot. Antoni Karczewski]. &#8211; Rzesz\u00f3w:\u00a0 Libra PL, 2012.<\/li>\n<li>Wilno w grafice:\u00a0 katalog rycin z Zak\u0142adu Zbior\u00f3w Ikonograficznych Biblioteki Narodowej \/ Tomasz Jakubowski. &#8211; Warszawa:\u00a0 Biblioteka Narodowa, 2012.<\/li>\n<li>Witra\u017c w architekturze &#8211; architektura na witra\u017cu \/ red. Joanna Budyn-Kamykowska, Krystyna Paw\u0142owska. &#8211; Krak\u00f3w:\u00a0 Stowarzyszenie Mi\u0142o\u015bnik\u00f3w Witra\u017cy Ars Vitrea Polona, 2011.<\/li>\n<li>Wizerunki cz\u0142owiecze\u0144stwa, rytua\u0142y powszednio\u015bci:\u00a0 Leopold Gottlieb i jego dzie\u0142o \/ Artur Tanikowski. &#8211; Krak\u00f3w:\u00a0 Towarzystwo Autor\u00f3w i Wydawc\u00f3w Prac Naukowych Universitas:\u00a0 Muzeum Historii \u017byd\u00f3w Polskich, 2011.<\/li>\n<li>Wizje nowoczesno\u015bci:\u00a0 lata 50. i 60. &#8211; wzornictwo, estetyka, styl \u017cycia:\u00a0 materia\u0142y z sesji &#8220;Lata 50. i 60. w Polsce i na \u015bwiecie:\u00a0 estetyka, wizje nowoczesno\u015bci, styl \u017cycia&#8221;, Muzeum Narodowe w Warszawie, 15 kwietnia 2011 \/ [red. Anna Kie\u0142czewska, Maria Porajska-Ha\u0142ka]. &#8211; Warszawa:\u00a0 Muzeum Narodowe, 2012.<\/li>\n<li>Wojew\u00f3dztwo stanis\u0142awowskie i tarnopolskie \/ [tekst, Henryk G\u0105siorowski, Tomasz Kunzek;\u00a0 obja\u015bn. fot. Antoni Karczewski]. &#8211; Rzesz\u00f3w:\u00a0 Libra PL, 2012.<\/li>\n<li>Wok\u00f3\u0142 dworku i parku:\u00a0 studia z duchowej i materialnej kultury ziemia\u0144stwa lubelskiego po powstaniu styczniowym \/ Andrzej Przegali\u0144ski. &#8211; Lublin:\u00a0 Wydawnictwo Werset, 2011.<\/li>\n<li>Wok\u00f3\u0142 problematyki prawnej zabytk\u00f3w i dzie\u0142 sztuki:\u00a0 praca zbiorowa. T. 2 \/ pod red. Wojciecha Szafra\u0144skiego. &#8211; Pozna\u0144:\u00a0 Wydaw. Pozna\u0144skie, 2008.<\/li>\n<li>Wok\u00f3\u0142 problematyki prawnej zabytk\u00f3w i dzie\u0142 sztuki:\u00a0 praca zbiorowa. T. 3 \/ pod red. Wojciecha Szafra\u0144skiego i Katarzyny Zalasi\u0144skiej. &#8211; Pozna\u0144:\u00a0 Wydawnictwo Pozna\u0144skie, 2009.<\/li>\n<li>Wok\u00f3\u0142 ulicy Lipowej \/ Jacek Salwi\u0144ski. &#8211; Krak\u00f3w:\u00a0 Muzeum Historyczne Miasta Krakowa, 2011.<\/li>\n<li>Wo\u0142y\u0144 i Polesie \/ [tekst Mieczys\u0142aw Or\u0142owicz, Jerzy Siennicki;\u00a0 obja\u015bn. fot. Antoni Karczewski]. &#8211; Rzesz\u00f3w:\u00a0 Libra PL, 2012.<\/li>\n<li>Wpisane w pejza\u017c \/ [Marian Chochowski]. &#8211; Ko\u0144skie:\u00a0 Biblioteka Publiczna Miasta i Gminy Ko\u0144skie, 2008.<\/li>\n<li>Wp\u0142yw dorobku II Rzeczypospolitej na urbanistyk\u0119 i architektur\u0119 powojenn\u0105 \/ red. nauk. Witold Czarnecki;\u00a0 Wy\u017csza Szko\u0142a Finans\u00f3w i Zarz\u0105dzania w Bia\u0142ymstoku. &#8211; Bia\u0142ystok:\u00a0 Wydawnictwo Wy\u017cszej Szko\u0142y Finans\u00f3w i Zarz\u0105dzania;\u00a0 2011.<\/li>\n<li>Wp\u0142yw wielonarodowego dziedzictwa kulturowego \u0141odzi na wsp\u00f3\u0142czesne oblicze miasta \/ Marek Koter, Mariusz Kulesza, Wies\u0142aw Pu\u015b, Stefan Pytlas. &#8211; \u0141\u00f3d\u017a:\u00a0 Wydawnictwo Uniwersytetu \u0141\u00f3dzkiego, 2005.<\/li>\n<li>Wroc\u0142awianie wobec materialnego dziedzictwa kulturowego miasta:\u00a0 wok\u00f3\u0142 odbudowy i renowacji historycznego centrum Wroc\u0142awia w latach 1984-2004 \/ Dorota Wolniczek. &#8211; Toru\u0144:\u00a0 Wydawnictwo Adam Marsza\u0142ek, 2012.<\/li>\n<li>Wsp\u00f3\u0142czesne problemy w architekturze i urbanistyce. T. 1, Projekt: Politechnika XXI wieku &#8211; program rozwojowy Politechniki Krakowskiej &#8211; najwy\u017cszej jako\u015bci dydaktyka dla przysz\u0142ych polskich in\u017cynier\u00f3w, Zadania 5 AIU, Konkursowy program wyjazd\u00f3w studialnych i warsztat\u00f3w \/ [red. nauk. Jacek Gyurkovich]. &#8211; Krak\u00f3w:\u00a0 Wydawnictwo Politechniki Krakowskiej, 2011.<\/li>\n<li>Wybrane Madonny:\u00a0 proweniencja, dzieje, wizerunki Matki Boskiej z Nowego S\u0105cza, Ptaszkowej, Podegrodzia, Czchowa, Muszyny, Grybowa oraz Madonny z Przyszowej i Kru\u017clowej z okresu \u015bredniowiecza \/ Jolanta Go\u0142\u0105b-Kowalska. &#8211; Pszczyna:\u00a0 Towarzystwo Mi\u0142o\u015bnik\u00f3w Ziemi Pszczy\u0144skiej, 2011.<\/li>\n<li>Wypuk\u0142e i wkl\u0119s\u0142e:\u00a0 wspomnienia \/ Jan Szczepkowski;\u00a0 wst\u0119p, oprac. i koment. Katarzyna Chrudzimska-Uhera. &#8211; Milan\u00f3wek:\u00a0 Urz\u0105d Miasta, 2010.<\/li>\n<li>Wywy\u017cszeni:\u00a0 od faraona do Lady Gagi \/ [red. nauk. Krzysztof Pomian]. &#8211; Warszawa:\u00a0 Muzeum Narodowe, 2012.<\/li>\n<li>Wzmacnianie konstrukcji budowlanych \/ Eugeniusz Mas\u0142owski, Danuta Spi\u017cewska. &#8211; Wyd. 3 zm. &#8211; Warszawa:\u00a0 Wydawnictwo Arkady, 2000.<\/li>\n<li>Wzory na po\u0142aciach wiejskich dach\u00f3w:\u00a0 architektura wsi \u015al\u0105ska Opolskiego \/ El\u017cbieta Wijas-Grocholska. &#8211; Opole:\u00a0 Urz\u0105d Marsza\u0142kowski Wojew\u00f3dztwa Opolskiego:\u00a0 Muzeum Wsi Opolskiej, 2011.<\/li>\n<li>Z historii klasztoru franciszkan\u00f3w minoryt\u00f3w w Ko\u017alu (G\u00f3rny \u015al\u0105sk):\u00a0 przyczynek do ponownego wy\u015bwi\u0119cenia ko\u015bcio\u0142a pw. Wniebowzi\u0119cia Naj\u015bwi\u0119tszej Maryi Panny, dawniej ko\u015bcio\u0142a minoryt\u00f3w, w Ko\u017alu 2010:\u00a0 studium historyczne \/ Josef Gr\u00f6ger. &#8211; Opole:\u00a0 Wydawnictwo i drukarnia \u015awi\u0119tego Krzy\u017ca, [2012].<\/li>\n<li>Z zapachem starego drewna:\u00a0 peregrynacje do drewnianych ko\u015bcio\u0142\u00f3w Mazowsza \/ Henryk Sienkiewicz. &#8211; Warszawa:\u00a0 Mazowieckie Centrum Kultury i Sztuki:\u00a0 Agencja Wydawnicza &#8220;Egros&#8221;, 2011.<\/li>\n<li>Zabytki architektury wojew\u00f3dztwa lubuskiego \/ Stanis\u0142aw Kowalski. &#8211; Zielona G\u00f3ra:\u00a0 Wojew\u00f3dzki Urz\u0105d Ochrony Zabytk\u00f3w, 2010.<\/li>\n<li>Zabytki kamienne i metalowe ich niszczenie i konserwacja profilaktyczna \/ pod red. Wies\u0142awa Domas\u0142owskiego. &#8211; Toru\u0144:\u00a0 Wydawnictwo Naukowe Uniwersytetu Miko\u0142aja Kopernika, 2011.<\/li>\n<li>Zabytki sztuki sakralnej \/ Marian Chochowski. &#8211; Ko\u0144skie:\u00a0 Biblioteka Publiczna Miasta i Gminy Ko\u0144skie, 2005.<\/li>\n<li>Zabytkowa architektura Gda\u0144ska w latach 1945-1951:\u00a0 kszta\u0142towanie koncepcji konserwacji i odbudowy \/ Marcin Gawlicki. &#8211; Gda\u0144sk:\u00a0 Wydawnictwo S\u0142owo \/ Obraz Terytoria, 2012.<\/li>\n<li>Zagro\u017cenia biologiczne w budynku \/ Bronis\u0142aw Zyska. &#8211; Warszawa:\u00a0 Wydawnictwo Arkady, 1999.<\/li>\n<li>Zamek Ksi\u0105\u017c\u0105t Pomorskich w S\u0142upsku \/ Zdzis\u0142aw Machura. &#8211; S\u0142upsk:\u00a0 Muzeum Pomorza \u015arodkowego:\u00a0 Stowarzyszenie Przyjaci\u00f3\u0142 Muzeum Pomorza \u015arodkowego, 2004.<\/li>\n<li>Zamek w Ko\u017cuchowie:\u00a0 rys historyczny \/ Tomasz Andrzejewski, Zdzis\u0142aw Szukie\u0142owicz. &#8211; Ko\u017cuch\u00f3w:\u00a0 Towarzystwo Przyjaci\u00f3\u0142 Ziemi Ko\u017cuchowskiej, 2009.<\/li>\n<li>Zapomniane dziedzictwo Nowej Huty:\u00a0 Krzes\u0142awice \/ Maria Lempart. &#8211; Krak\u00f3w:\u00a0 Muzeum Historyczne Miasta Krakowa, 2011.<\/li>\n<li>Zapomniane dziedzictwo Nowej Huty:\u00a0 \u0141uczanowice \/ Maria Lempart. &#8211; Krak\u00f3w:\u00a0 Muzeum Historyczne Miasta Krakowa, 2008.<\/li>\n<li>Zapomniane dziedzictwo Nowej Huty:\u00a0 Plesz\u00f3w \/ [Maria Lempart]. &#8211; Krak\u00f3w:\u00a0 Muzeum Historyczne Miasta Krakowa, 2007.<\/li>\n<li>Zapomniane dziedzictwo Nowej Huty:\u00a0 Ruszcza i Branice \/ Maria Lempart, Jacek G\u00f3rski. &#8211; Krak\u00f3w:\u00a0 Muzeum Historyczne Miasta Krakowa, 2009.<\/li>\n<li>Zapomniane dziedzictwo Nowej Huty:\u00a0 Wad\u00f3w \/ Maria Lempart. &#8211; Krak\u00f3w:\u00a0 Muzeum Historyczne Miasta Krakowa, 2010.<\/li>\n<li>Zapomniane zabytki:\u00a0 dwory pa\u0142ace wiejskie po\u0142udniowej polski:\u00a0 \u015al\u0105sk Opolski. T. 2 \/ El\u017cbieta Molak, Ireneusz Rac\u0142awicki. &#8211; Opole:\u00a0 Wydawnictwo Nowik, 2011.<\/li>\n<li>Zarys modernistycznej architektury Gliwic (1919-1939):\u00a0 dzia\u0142alno\u015b\u0107 architektoniczno-budowlana Karla Schabika \/ Adam Bednarski. &#8211; Gliwice:\u00a0 Wydawnictwo Politechniki \u015al\u0105skiej, [2010], 2009.<\/li>\n<li>Ze spi\u017cu i granitu:\u00a0 pomniki Bytomia \/ [oprac. red. El\u017cbieta Giszter]. &#8211; Bytom:\u00a0 Muzeum G\u00f3rno\u015bl\u0105skie, 2012.<\/li>\n<li>Zesp\u00f3\u0142 pa\u0142acowy w Czerniejewie \/ Ewa Mundt;\u00a0 zdj. Jacek Pluta. &#8211; Czerniejewo;\u00a0 Pozna\u0144:\u00a0 Prodruk, 2007.<\/li>\n<li>Zesp\u00f3\u0142 willi miejskich przy ulicy Mickiewicza \/ Jan Skuratowicz. &#8211; Pozna\u0144:\u00a0 Wydawnictwo Miejskie, 2010.<\/li>\n<li>Zgierz:\u00a0 cmentarze, pomniki, tablice \/ Marian Pieru\u0144. &#8211; Zgierz:\u00a0 Towarzystwo Przyjaci\u00f3\u0142 Zgierza, 2003.<\/li>\n<li>Ziemia I\u0142owska dawniej i dzisiaj \/ Wies\u0142awa Zientara. &#8211; I\u0142\u00f3w:\u00a0 Urz\u0105d Gminy, 2011.<\/li>\n<li>Ziemia Mi\u0119dzyrzecka:\u00a0 fragmenty z dziej\u00f3w:\u00a0 materia\u0142y z IV sesji historycznej zorganizowanej w Muzeum w Mi\u0119dzyrzeczu 26 maja 2006 roku \/ red. Bogus\u0142aw Mykiet\u00f3w, Marceli Tureczek. &#8211; Mi\u0119dzyrzecz;\u00a0 Zielona G\u00f3ra:\u00a0 Ksi\u0119garnia Akademicka, 2006.<\/li>\n<li>Ziemia\u0144stwo w guberni \u0142om\u017cy\u0144skiej na prze\u0142omie XIX i XX wieku \/ Bogus\u0142awa Szczerbi\u0144ska. &#8211; \u0141om\u017ca:\u00a0 \u0141om\u017cy\u0144skie Towarzystwo Naukowe im. Wag\u00f3w, 2007.<\/li>\n<li>Z\u0142otnicy krakowscy i ich cech w latach autonomii galicyjskiej 1866-1914 \/ Micha\u0142 My\u015bli\u0144ski. &#8211; Krak\u00f3w:\u00a0 Ksi\u0119garnia Akademicka, 2011.<\/li>\n<li>Z\u0142otnicy lubelscy:\u00a0 mistrzowie, czeladnicy i uczniowie wzmiankowani w aktach cechowych od XVI do 1. po\u0142owy XVIII wieku \/ Aleksandra J. Kasprzak. &#8211; Lublin:\u00a0 Lubelskie Towarzystwo Naukowe, 2011.<\/li>\n<li>Z\u0142oty medalion oprawiony czterema diamentami:\u00a0 dzie\u0142a Gerharda Hendrika z Amsterdamu z pocz\u0105tku XVII wieku w Ole\u015bnicy \/ Piotr Oszczanowski. &#8211; Wroc\u0142aw:\u00a0 Agencja Wydawnicza ARGI, 2012.<\/li>\n<li>Z\u0142oty skarb z Koszyc \/ Marek Budaj;\u00a0 Zamek Kr\u00f3lewski na Wawelu, Slovensk\u00e9 narodn\u00e9 m\u00fazeum. Historick\u00e9 m\u00fazeum. &#8211; Bratislava:\u00a0 S\u0142owackie Muzeum Narodowe &#8211; Muzeum Historyczne, 2011.<\/li>\n<li>Z\u0142oty wiek Pomorza:\u00a0 sztuka na dworze ksi\u0105\u017c\u0105t pomorskich w XVI i XVII wieku \/ Monika Frankowska-Maka\u0142a, Rafa\u0142 Maka\u0142a. &#8211; Szczecin:\u00a0 Muzeum Narodowe, 2011.<\/li>\n<li>Znaczenia modernizmu:\u00a0 w stron\u0119 historii sztuki polskiej po 1945 roku \/ Piotr Piotrowski. &#8211; Wyd. 2. &#8211; Pozna\u0144:\u00a0 Dom Wydawniczy Rebis, 2011.<\/li>\n<li>Znad Kamiennej:\u00a0 studia i materia\u0142y. T. 2 \/ [red. Tadeusz Sikora]. &#8211; Skar\u017cysko-Kamienna:\u00a0 Muzeum im. Or\u0142a Bia\u0142ego, 2009.<\/li>\n<li>Zwyczaje, obrz\u0119dy i tradycje w Polsce \/ Barbara Ogrodowska. &#8211; Wyd. 2. &#8211; Warszawa:\u00a0 Verbinum Wydawnictwo Ksi\u0119\u017cy Werbist\u00f3w, 2001.<\/li>\n<li>Zwyk\u0142e &#8211; niezwyk\u0142e:\u00a0 fascynuj\u0105ce kolekcje w zbiorach Pa\u0144stwowego Muzeum Etnograficznego w Warszawie \/ pod red. Adama Czy\u017cewskiego. &#8211; Warszawa:\u00a0 Pa\u0144stwowe Muzeum Etnograficzne, 2008.<\/li>\n<li>\u0179le urodzone:\u00a0 reporta\u017ce o architekturze PRL-u \/ tekst i fot. Filip Springer. &#8211; Krak\u00f3w:\u00a0 Wydawnictwo Karakter, 2011.<\/li>\n<li>\u017bycie artysty:\u00a0 problemy biografii artystycznej:\u00a0 materia\u0142y Seminarium Metodologicznego Stowarzyszenia Historyk\u00f3w Sztuki, Niebor\u00f3w, 27-29 pa\u017adziernika 1994 \/ pod red. Marii Poprz\u0119ckiej. &#8211; Warszawa:\u00a0 Stowarzyszenie Historyk\u00f3w Sztuki:\u00a0 Arx Regia. O\u015brodek Wydawniczy Zamku Kr\u00f3lewskiego, 1995.<\/li>\n<\/ol>\n<p>[\/et_pb_toggle][\/et_pb_column][\/et_pb_row][\/et_pb_section][et_pb_section fb_built=&#8221;1&#8243; _builder_version=&#8221;4.7.4&#8243; _module_preset=&#8221;default&#8221; custom_margin=&#8221;43px||||false|false&#8221; custom_padding=&#8221;0px||0px||false|false&#8221; global_module=&#8221;353&#8243; saved_tabs=&#8221;all&#8221; global_colors_info=&#8221;{}&#8221;][et_pb_row column_structure=&#8221;1_3,1_3,1_3&#8243; use_custom_gutter=&#8221;on&#8221; gutter_width=&#8221;1&#8243; _builder_version=&#8221;4.16&#8243; _module_preset=&#8221;default&#8221; background_color=&#8221;rgba(0,0,0,0)&#8221; width=&#8221;100%&#8221; max_width=&#8221;2560px&#8221; custom_padding=&#8221;0px||0px||false|false&#8221; global_colors_info=&#8221;{}&#8221;][et_pb_column type=&#8221;1_3&#8243; _builder_version=&#8221;4.16&#8243; _module_preset=&#8221;default&#8221; background_color=&#8221;#e52330&#8243; global_colors_info=&#8221;{}&#8221;][et_pb_blurb title=&#8221;Logotypy NID&#8221; url_new_window=&#8221;on&#8221; use_icon=&#8221;on&#8221; font_icon=&#8221;&#xe004;||divi||400&#8243; icon_placement=&#8221;left&#8221; image_icon_width=&#8221;50px&#8221; module_class=&#8221;bigButtonModules&#8221; _builder_version=&#8221;4.27.2&#8243; _module_preset=&#8221;default&#8221; header_level=&#8221;h3&#8243; header_font=&#8221;|700|||||||&#8221; header_text_color=&#8221;#ffffff&#8221; body_text_color=&#8221;#ffffff&#8221; background_color=&#8221;#E52330&#8243; custom_margin=&#8221;||||false|false&#8221; custom_padding=&#8221;25px|25px|25px|25px|false|false&#8221; animation=&#8221;off&#8221; link_option_url=&#8221;https:\/\/nid.pl\/logotypy\/&#8221; link_option_url_new_window=&#8221;on&#8221; custom_css_blurb_image=&#8221;padding-right: 20px;||vertical-align: middle;&#8221; icon_font_size=&#8221;50px&#8221; global_colors_info=&#8221;{}&#8221;]<\/p>\n<p>Pobierz znaki promocyjne <br \/>Narodowego Instytutu Dziedzictwa<\/p>\n<p>[\/et_pb_blurb][\/et_pb_column][et_pb_column type=&#8221;1_3&#8243; _builder_version=&#8221;4.16&#8243; _module_preset=&#8221;default&#8221; background_color=&#8221;#e52330&#8243; global_colors_info=&#8221;{}&#8221;][et_pb_code _builder_version=&#8221;4.23.2&#8243; _module_preset=&#8221;default&#8221; global_colors_info=&#8221;{}&#8221;][\/et_pb_code][et_pb_blurb title=&#8221;Ksi\u0119garnia NID&#8221; url_new_window=&#8221;on&#8221; use_icon=&#8221;on&#8221; font_icon=&#8221;&#xe022;||divi||400&#8243; icon_placement=&#8221;left&#8221; image_icon_width=&#8221;50px&#8221; module_class=&#8221;bigButtonModules&#8221; _builder_version=&#8221;4.16&#8243; _module_preset=&#8221;default&#8221; header_level=&#8221;h3&#8243; header_font=&#8221;|700|||||||&#8221; header_text_color=&#8221;#ffffff&#8221; body_text_color=&#8221;#ffffff&#8221; background_color=&#8221;#444444&#8243; custom_margin=&#8221;||||false|false&#8221; custom_padding=&#8221;25px|25px|25px|25px|false|false&#8221; animation=&#8221;off&#8221; link_option_url=&#8221;https:\/\/ksiegarnia.nid.pl\/&#8221; link_option_url_new_window=&#8221;on&#8221; custom_css_blurb_image=&#8221;padding-right: 20px;||vertical-align: middle;&#8221; icon_font_size=&#8221;50px&#8221; global_colors_info=&#8221;{}&#8221;]<\/p>\n<p>Sprawd\u017a nasze produkty w ksi\u0119garni. Zamawiaj bez wychodzenia z domu ju\u017c teraz!<\/p>\n<p>[\/et_pb_blurb][\/et_pb_column][et_pb_column type=&#8221;1_3&#8243; _builder_version=&#8221;4.16&#8243; _module_preset=&#8221;default&#8221; background_color=&#8221;#e52330&#8243; global_colors_info=&#8221;{}&#8221;][et_pb_blurb title=&#8221;Zabytek.pl&#8221; url_new_window=&#8221;on&#8221; image=&#8221;https:\/\/nid.pl\/wp-content\/uploads\/2025\/12\/zabytek.pl_favicona_sm.png&#8221; icon_placement=&#8221;left&#8221; image_icon_width=&#8221;50px&#8221; module_class=&#8221;bigButtonModules&#8221; _builder_version=&#8221;4.27.5&#8243; _module_preset=&#8221;default&#8221; header_level=&#8221;h3&#8243; header_font=&#8221;|700|||||||&#8221; header_text_color=&#8221;#ffffff&#8221; body_text_color=&#8221;#ffffff&#8221; background_color=&#8221;#6b6b6b&#8221; custom_margin=&#8221;||||false|false&#8221; custom_padding=&#8221;25px|25px|25px|25px|false|false&#8221; animation=&#8221;off&#8221; link_option_url=&#8221;https:\/\/zabytek.pl\/pl&#8221; link_option_url_new_window=&#8221;on&#8221; custom_css_blurb_image=&#8221;padding-right: 20px;||vertical-align: middle;&#8221; icon_font_size=&#8221;50px&#8221; global_colors_info=&#8221;{}&#8221;]<\/p>\n<p>Serwis Narodowego Instytutu Dziedzictwa, kt\u00f3ry w nowoczesny i kompleksowy spos\u00f3b udost\u0119pnia informacje o polskich zabytkach!<\/p>\n<p>[\/et_pb_blurb][\/et_pb_column][\/et_pb_row][\/et_pb_section]<\/p>","protected":false},"excerpt":{"rendered":"<p>\u2190Powr\u00f3t\u00a0O bibliotece Biblioteka powsta\u0142a jako cz\u0119\u015b\u0107 powo\u0142anego w 1962 roku O\u015brodka Dokumentacji Zabytk\u00f3w. Podstaw\u0105 jej dzia\u0142alno\u015bci sta\u0142 si\u0119 bogaty zbi\u00f3r druk\u00f3w Zarz\u0105du Muze\u00f3w i Ochrony Zabytk\u00f3w w Ministerstwie Kultury i [&hellip;]<\/p>","protected":false},"author":1,"featured_media":0,"parent":2486,"menu_order":0,"comment_status":"closed","ping_status":"closed","template":"","meta":{"_et_pb_use_builder":"on","_et_pb_old_content":"","_et_gb_content_width":"","_monsterinsights_skip_tracking":false,"_monsterinsights_sitenote_active":false,"_monsterinsights_sitenote_note":"","_monsterinsights_sitenote_category":0,"footnotes":""},"class_list":["post-1476","page","type-page","status-publish","hentry"],"yoast_head":"<!-- This site is optimized with the Yoast SEO plugin v26.5 - https:\/\/yoast.com\/wordpress\/plugins\/seo\/ -->\n<title>Biblioteka - NID<\/title>\n<meta name=\"robots\" content=\"index, follow, max-snippet:-1, max-image-preview:large, max-video-preview:-1\" \/>\n<link rel=\"canonical\" href=\"https:\/\/nid.pl\/en\/zasoby\/biblioteka\/\" \/>\n<meta property=\"og:locale\" content=\"en_GB\" \/>\n<meta property=\"og:type\" content=\"article\" \/>\n<meta property=\"og:title\" content=\"Biblioteka - NID\" \/>\n<meta property=\"og:description\" content=\"\u2190Powr\u00f3t\u00a0O bibliotece Biblioteka powsta\u0142a jako cz\u0119\u015b\u0107 powo\u0142anego w 1962 roku O\u015brodka Dokumentacji Zabytk\u00f3w. Podstaw\u0105 jej dzia\u0142alno\u015bci sta\u0142 si\u0119 bogaty zbi\u00f3r druk\u00f3w Zarz\u0105du Muze\u00f3w i Ochrony Zabytk\u00f3w w Ministerstwie Kultury i [&hellip;]\" \/>\n<meta property=\"og:url\" content=\"https:\/\/nid.pl\/en\/zasoby\/biblioteka\/\" \/>\n<meta property=\"og:site_name\" content=\"NID\" \/>\n<meta property=\"article:publisher\" content=\"https:\/\/www.facebook.com\/zabytek\" \/>\n<meta property=\"article:modified_time\" content=\"2026-03-30T12:43:16+00:00\" \/>\n<meta name=\"twitter:card\" content=\"summary_large_image\" \/>\n<meta name=\"twitter:site\" content=\"@NarIDpl\" \/>\n<meta name=\"twitter:label1\" content=\"Estimated reading time\" \/>\n\t<meta name=\"twitter:data1\" content=\"866 minutes\" \/>\n<script type=\"application\/ld+json\" class=\"yoast-schema-graph\">{\"@context\":\"https:\/\/schema.org\",\"@graph\":[{\"@type\":\"WebPage\",\"@id\":\"https:\/\/nid.pl\/zasoby\/biblioteka\/\",\"url\":\"https:\/\/nid.pl\/zasoby\/biblioteka\/\",\"name\":\"Biblioteka - NID\",\"isPartOf\":{\"@id\":\"https:\/\/nid.pl\/#website\"},\"datePublished\":\"2021-06-24T11:11:01+00:00\",\"dateModified\":\"2026-03-30T12:43:16+00:00\",\"breadcrumb\":{\"@id\":\"https:\/\/nid.pl\/zasoby\/biblioteka\/#breadcrumb\"},\"inLanguage\":\"en-GB\",\"potentialAction\":[{\"@type\":\"ReadAction\",\"target\":[\"https:\/\/nid.pl\/zasoby\/biblioteka\/\"]}]},{\"@type\":\"BreadcrumbList\",\"@id\":\"https:\/\/nid.pl\/zasoby\/biblioteka\/#breadcrumb\",\"itemListElement\":[{\"@type\":\"ListItem\",\"position\":1,\"name\":\"Home\",\"item\":\"https:\/\/nid.pl\/\"},{\"@type\":\"ListItem\",\"position\":2,\"name\":\"Zasoby\",\"item\":\"https:\/\/nid.pl\/zasoby\/\"},{\"@type\":\"ListItem\",\"position\":3,\"name\":\"Biblioteka\"}]},{\"@type\":\"WebSite\",\"@id\":\"https:\/\/nid.pl\/#website\",\"url\":\"https:\/\/nid.pl\/\",\"name\":\"NID\",\"description\":\"Narodowy Instytut Dziedzictwa\",\"publisher\":{\"@id\":\"https:\/\/nid.pl\/#organization\"},\"potentialAction\":[{\"@type\":\"SearchAction\",\"target\":{\"@type\":\"EntryPoint\",\"urlTemplate\":\"https:\/\/nid.pl\/?s={search_term_string}\"},\"query-input\":{\"@type\":\"PropertyValueSpecification\",\"valueRequired\":true,\"valueName\":\"search_term_string\"}}],\"inLanguage\":\"en-GB\"},{\"@type\":\"Organization\",\"@id\":\"https:\/\/nid.pl\/#organization\",\"name\":\"Narodowy Instytut Dziedzictwa\",\"url\":\"https:\/\/nid.pl\/\",\"logo\":{\"@type\":\"ImageObject\",\"inLanguage\":\"en-GB\",\"@id\":\"https:\/\/nid.pl\/#\/schema\/logo\/image\/\",\"url\":\"https:\/\/nid.pl\/wp-content\/uploads\/2022\/10\/logoRedDark.png\",\"contentUrl\":\"https:\/\/nid.pl\/wp-content\/uploads\/2022\/10\/logoRedDark.png\",\"width\":200,\"height\":197,\"caption\":\"Narodowy Instytut Dziedzictwa\"},\"image\":{\"@id\":\"https:\/\/nid.pl\/#\/schema\/logo\/image\/\"},\"sameAs\":[\"https:\/\/www.facebook.com\/zabytek\",\"https:\/\/x.com\/NarIDpl\",\"https:\/\/www.instagram.com\/nid.pl\/?hl=pl\",\"https:\/\/www.linkedin.com\/company\/narodowy-instytut-dziedzictwa\",\"https:\/\/www.youtube.com\/channel\/UCQXuhKa2uHtmNvLRUSx40JA\"]}]}<\/script>\n<!-- \/ Yoast SEO plugin. -->","yoast_head_json":{"title":"Biblioteka - NID","robots":{"index":"index","follow":"follow","max-snippet":"max-snippet:-1","max-image-preview":"max-image-preview:large","max-video-preview":"max-video-preview:-1"},"canonical":"https:\/\/nid.pl\/en\/zasoby\/biblioteka\/","og_locale":"en_GB","og_type":"article","og_title":"Biblioteka - NID","og_description":"\u2190Powr\u00f3t\u00a0O bibliotece Biblioteka powsta\u0142a jako cz\u0119\u015b\u0107 powo\u0142anego w 1962 roku O\u015brodka Dokumentacji Zabytk\u00f3w. Podstaw\u0105 jej dzia\u0142alno\u015bci sta\u0142 si\u0119 bogaty zbi\u00f3r druk\u00f3w Zarz\u0105du Muze\u00f3w i Ochrony Zabytk\u00f3w w Ministerstwie Kultury i [&hellip;]","og_url":"https:\/\/nid.pl\/en\/zasoby\/biblioteka\/","og_site_name":"NID","article_publisher":"https:\/\/www.facebook.com\/zabytek","article_modified_time":"2026-03-30T12:43:16+00:00","twitter_card":"summary_large_image","twitter_site":"@NarIDpl","twitter_misc":{"Estimated reading time":"866 minutes"},"schema":{"@context":"https:\/\/schema.org","@graph":[{"@type":"WebPage","@id":"https:\/\/nid.pl\/zasoby\/biblioteka\/","url":"https:\/\/nid.pl\/zasoby\/biblioteka\/","name":"Biblioteka - NID","isPartOf":{"@id":"https:\/\/nid.pl\/#website"},"datePublished":"2021-06-24T11:11:01+00:00","dateModified":"2026-03-30T12:43:16+00:00","breadcrumb":{"@id":"https:\/\/nid.pl\/zasoby\/biblioteka\/#breadcrumb"},"inLanguage":"en-GB","potentialAction":[{"@type":"ReadAction","target":["https:\/\/nid.pl\/zasoby\/biblioteka\/"]}]},{"@type":"BreadcrumbList","@id":"https:\/\/nid.pl\/zasoby\/biblioteka\/#breadcrumb","itemListElement":[{"@type":"ListItem","position":1,"name":"Home","item":"https:\/\/nid.pl\/"},{"@type":"ListItem","position":2,"name":"Zasoby","item":"https:\/\/nid.pl\/zasoby\/"},{"@type":"ListItem","position":3,"name":"Biblioteka"}]},{"@type":"WebSite","@id":"https:\/\/nid.pl\/#website","url":"https:\/\/nid.pl\/","name":"NID","description":"Narodowy Instytut Dziedzictwa","publisher":{"@id":"https:\/\/nid.pl\/#organization"},"potentialAction":[{"@type":"SearchAction","target":{"@type":"EntryPoint","urlTemplate":"https:\/\/nid.pl\/?s={search_term_string}"},"query-input":{"@type":"PropertyValueSpecification","valueRequired":true,"valueName":"search_term_string"}}],"inLanguage":"en-GB"},{"@type":"Organization","@id":"https:\/\/nid.pl\/#organization","name":"Narodowy Instytut Dziedzictwa","url":"https:\/\/nid.pl\/","logo":{"@type":"ImageObject","inLanguage":"en-GB","@id":"https:\/\/nid.pl\/#\/schema\/logo\/image\/","url":"https:\/\/nid.pl\/wp-content\/uploads\/2022\/10\/logoRedDark.png","contentUrl":"https:\/\/nid.pl\/wp-content\/uploads\/2022\/10\/logoRedDark.png","width":200,"height":197,"caption":"Narodowy Instytut Dziedzictwa"},"image":{"@id":"https:\/\/nid.pl\/#\/schema\/logo\/image\/"},"sameAs":["https:\/\/www.facebook.com\/zabytek","https:\/\/x.com\/NarIDpl","https:\/\/www.instagram.com\/nid.pl\/?hl=pl","https:\/\/www.linkedin.com\/company\/narodowy-instytut-dziedzictwa","https:\/\/www.youtube.com\/channel\/UCQXuhKa2uHtmNvLRUSx40JA"]}]}},"_links":{"self":[{"href":"https:\/\/nid.pl\/en\/wp-json\/wp\/v2\/pages\/1476","targetHints":{"allow":["GET"]}}],"collection":[{"href":"https:\/\/nid.pl\/en\/wp-json\/wp\/v2\/pages"}],"about":[{"href":"https:\/\/nid.pl\/en\/wp-json\/wp\/v2\/types\/page"}],"author":[{"embeddable":true,"href":"https:\/\/nid.pl\/en\/wp-json\/wp\/v2\/users\/1"}],"replies":[{"embeddable":true,"href":"https:\/\/nid.pl\/en\/wp-json\/wp\/v2\/comments?post=1476"}],"version-history":[{"count":5,"href":"https:\/\/nid.pl\/en\/wp-json\/wp\/v2\/pages\/1476\/revisions"}],"predecessor-version":[{"id":33840,"href":"https:\/\/nid.pl\/en\/wp-json\/wp\/v2\/pages\/1476\/revisions\/33840"}],"up":[{"embeddable":true,"href":"https:\/\/nid.pl\/en\/wp-json\/wp\/v2\/pages\/2486"}],"wp:attachment":[{"href":"https:\/\/nid.pl\/en\/wp-json\/wp\/v2\/media?parent=1476"}],"curies":[{"name":"wp","href":"https:\/\/api.w.org\/{rel}","templated":true}]}}