{"id":1464,"date":"2021-06-24T13:07:20","date_gmt":"2021-06-24T11:07:20","guid":{"rendered":"https:\/\/nid.pl\/?page_id=1464"},"modified":"2024-06-27T10:23:12","modified_gmt":"2024-06-27T08:23:12","slug":"spuscizny-naukowe","status":"publish","type":"page","link":"https:\/\/nid.pl\/en\/zasoby\/spuscizny-naukowe\/","title":{"rendered":"Spu\u015bcizny naukowe"},"content":{"rendered":"<p>[et_pb_section fb_built=&#8221;1&#8243; _builder_version=&#8221;4.16&#8243; _module_preset=&#8221;default&#8221; custom_padding=&#8221;0px||0px|||&#8221; global_colors_info=&#8221;{}&#8221;][et_pb_row _builder_version=&#8221;4.16&#8243; _module_preset=&#8221;default&#8221; background_image=&#8221;https:\/\/nid.pl\/wp-content\/uploads\/2021\/12\/arciwum1_1900x560.jpg&#8221; width=&#8221;100%&#8221; max_width=&#8221;100%&#8221; height=&#8221;400px&#8221; custom_margin=&#8221;|auto||auto|false|false&#8221; custom_padding=&#8221;0px||0px|||&#8221; global_colors_info=&#8221;{}&#8221;][et_pb_column type=&#8221;4_4&#8243; _builder_version=&#8221;4.16&#8243; _module_preset=&#8221;default&#8221; global_colors_info=&#8221;{}&#8221;][\/et_pb_column][\/et_pb_row][\/et_pb_section][et_pb_section fb_built=&#8221;1&#8243; _builder_version=&#8221;4.16&#8243; _module_preset=&#8221;default&#8221; custom_padding=&#8221;0px|0px|0px|0px|false|false&#8221; global_colors_info=&#8221;{}&#8221;][et_pb_row _builder_version=&#8221;4.16&#8243; _module_preset=&#8221;default&#8221; width=&#8221;100%&#8221; max_width=&#8221;100%&#8221; custom_padding=&#8221;50px|50px|50px|56px|false|false&#8221; global_colors_info=&#8221;{}&#8221;][et_pb_column type=&#8221;4_4&#8243; _builder_version=&#8221;4.16&#8243; _module_preset=&#8221;default&#8221; global_colors_info=&#8221;{}&#8221;][et_pb_text module_id=&#8221;backButtonBox&#8221; _builder_version=&#8221;4.7.4&#8243; _module_preset=&#8221;default&#8221; custom_margin=&#8221;0px|0px|0px|0px|false|false&#8221; custom_padding=&#8221;0px|0px|0px|0px|false|false&#8221; global_module=&#8221;2594&#8243; locked=&#8221;off&#8221; global_colors_info=&#8221;{}&#8221;]<\/p>\n<div class=\"backButton\" onclick=\"javascript:window.history.back();\"><span>\u2190<\/span>Powr\u00f3t<\/div>\n<p>[\/et_pb_text][et_pb_text _builder_version=&#8221;4.16&#8243; _dynamic_attributes=&#8221;content&#8221; _module_preset=&#8221;default&#8221; text_font_size=&#8221;26px&#8221; custom_margin=&#8221;||25px||false|false&#8221; custom_padding=&#8221;||||false|false&#8221; global_colors_info=&#8221;{}&#8221;]@ET-DC@eyJkeW5hbWljIjp0cnVlLCJjb250ZW50IjoicG9zdF90aXRsZSIsInNldHRpbmdzIjp7ImJlZm9yZSI6IiIsImFmdGVyIjoiIn19@[\/et_pb_text][et_pb_divider _builder_version=&#8221;4.16&#8243; _module_preset=&#8221;default&#8221; background_color=&#8221;#e52330&#8243; height=&#8221;5px&#8221; custom_margin=&#8221;0px||25px||false|false&#8221; custom_padding=&#8221;0px||0px||false|false&#8221; global_colors_info=&#8221;{}&#8221;][\/et_pb_divider][et_pb_text _builder_version=&#8221;4.16&#8243; _module_preset=&#8221;default&#8221; custom_margin=&#8221;||25px||false|false&#8221; custom_padding=&#8221;||||false|false&#8221; global_colors_info=&#8221;{}&#8221;]<\/p>\n<p>Spu\u015bcizny naukowe to najcz\u0119\u015bciej zbiory prywatne po wybitnych badaczach uzyskane w wyniku u\u017cyczenia, zakupu, przekazania lub daru. Pierwsza spu\u015bcizna trafi\u0142a do O\u015brodka Dokumentacji Zabytk\u00f3w w czasie jego tworzenia w 1962 roku. Ostatnia zosta\u0142a przyj\u0119ta w 2018 roku.<\/p>\n<p>[\/et_pb_text][et_pb_accordion icon_color=&#8221;#e52330&#8243; module_class=&#8221;customToggle&#8221; _builder_version=&#8221;4.16&#8243; _module_preset=&#8221;default&#8221; global_colors_info=&#8221;{}&#8221;][et_pb_accordion_item title=&#8221;Spu\u015bcizna po Euzebiuszu \u0141opaci\u0144skim&#8221; open=&#8221;on&#8221; _builder_version=&#8221;4.16&#8243; _module_preset=&#8221;default&#8221; global_colors_info=&#8221;{}&#8221;]Zbi\u00f3r wypis\u00f3w sporz\u0105dzonych ze zbior\u00f3w m.in. przedwojennego Archiwum G\u0142\u00f3wnego Akt Dawnych, a zatem z dokumentacji, kt\u00f3ra w du\u017cej mierze uleg\u0142a zniszczeniu w trakcie Powstania Warszawskiego. Wypisy zawieraj\u0105 informacje na temat artyst\u00f3w i rzemie\u015blnik\u00f3w oraz innych przedstawicieli kultury i sztuki.<\/p>\n<p><a href=\"https:\/\/nid.pl\/en\/kontakt\/\">Udost\u0119pnienie zasob\u00f3w<\/a>[\/et_pb_accordion_item][et_pb_accordion_item title=&#8221;Notaty prof. W\u0142adys\u0142awa Knapi\u0144skiego&#8221; _builder_version=&#8221;4.16&#8243; _module_preset=&#8221;default&#8221; global_colors_info=&#8221;{}&#8221; open=&#8221;off&#8221;]R\u0119kopis przechowywany w Bibliotece Jagiello\u0144skiej w Krakowie dotycz\u0105cy historii ko\u015bcio\u0142\u00f3w Diecezji Warszawskiej w jej granicach z ostatnich dekad XIX w. stworzony w czasie opracowywania hase\u0142 do polskiej edycji \u201eEncyklopedii ko\u015bcielnej\u201d. Zawiera on cenne informacje dotycz\u0105ce \u015bwi\u0105ty\u0144 katolickich na wzmiankowanym obszarze. Posiadamy jego odpis.<\/p>\n<p><a href=\"https:\/\/nid.pl\/en\/kontakt\/\">Udost\u0119pnienie zasob\u00f3w<\/a>[\/et_pb_accordion_item][et_pb_accordion_item title=&#8221;Spu\u015bcizna po prof. W\u0142odzimierzu Demetrykiewiczu&#8221; _builder_version=&#8221;4.16&#8243; _module_preset=&#8221;default&#8221; global_colors_info=&#8221;{}&#8221; open=&#8221;off&#8221;]Materia\u0142y do historii sztuki w Polsce, a zw\u0142aszcza zabytk\u00f3w architektury (g\u0142\u00f3wnie Krakowa i Tarnowa). W swoim zasobie posiadamy tylko jej fragment. W\u0142a\u015bciwa spu\u015bcizna przechowywana jest w Archiwum Nauki PAN i PAU w Krakowie i w Muzeum Archeologicznym w Krakowie.<\/p>\n<p><a href=\"https:\/\/nid.pl\/en\/kontakt\/\">Udost\u0119pnienie zasob\u00f3w<\/a>[\/et_pb_accordion_item][et_pb_accordion_item title=&#8221;Notaty Juliana Pagaczewskiego&#8221; _builder_version=&#8221;4.16&#8243; _module_preset=&#8221;default&#8221; global_colors_info=&#8221;{}&#8221; open=&#8221;off&#8221;]<\/p>\n<p>Zestaw wypis\u00f3w i notatek dotycz\u0105cych architektury polskiej z czas\u00f3w saskich. Sporz\u0105dzi\u0142 je w trakcie pobytu w Archiwum Pa\u0144stwowym w Dre\u017anie (1920 r.)<\/p>\n<p><a href=\"https:\/\/nid.pl\/en\/kontakt\/\">Udost\u0119pnienie zasob\u00f3w<\/a><\/p>\n<p>[\/et_pb_accordion_item][et_pb_accordion_item title=&#8221;Spu\u015bcizna po prof. Gerardzie Cio\u0142ku&#8221; _builder_version=&#8221;4.16&#8243; _module_preset=&#8221;default&#8221; global_colors_info=&#8221;{}&#8221; open=&#8221;off&#8221;]Zbi\u00f3r plan\u00f3w, obwolut oraz ksi\u0119gozbi\u00f3r tematyczny dotycz\u0105ce m.in. architektury rezydencjonalnej, zabytkowych za\u0142o\u017ce\u0144 parkowych oraz ogrod\u00f3w klasztornych.<\/p>\n<p><a href=\"https:\/\/nid.pl\/en\/kontakt\/\">Udost\u0119pnienie zasob\u00f3w<\/a>[\/et_pb_accordion_item][et_pb_accordion_item title=&#8221;Spu\u015bcizna po Janie Glince&#8221; _builder_version=&#8221;4.16&#8243; _module_preset=&#8221;default&#8221; global_colors_info=&#8221;{}&#8221; open=&#8221;off&#8221;]<\/p>\n<p>Dotyczy przede wszystkim Bia\u0142ostocczyzny ze szczeg\u00f3lnym uwzgl\u0119dnieniem dzia\u0142alno\u015bci fundacyjnej Branickich z linii Gryfit\u00f3w.<\/p>\n<p><a href=\"https:\/\/nid.pl\/en\/kontakt\/\">Udost\u0119pnienie zasob\u00f3w<\/a><\/p>\n<p>[\/et_pb_accordion_item][et_pb_accordion_item title=&#8221;Spu\u015bcizna po Dariuszu Kaczmarzyku&#8221; _builder_version=&#8221;4.16&#8243; _module_preset=&#8221;default&#8221; global_colors_info=&#8221;{}&#8221; open=&#8221;off&#8221;]Dokumentacja z inwentaryzacji zabytk\u00f3w wojew\u00f3dztwa warszawskiego. Zawiera zar\u00f3wno opracowania autorskie jak i dokumentacje pomocnicz\u0105 wytworzon\u0105 przez innych aktotw\u00f3rc\u00f3w.<\/p>\n<p><a href=\"https:\/\/nid.pl\/en\/kontakt\/\">Udost\u0119pnienie zasob\u00f3w<\/a>[\/et_pb_accordion_item][et_pb_accordion_item title=&#8221;Spu\u015bcizna po prof. Wojciechu Kalinowskim&#8221; _builder_version=&#8221;4.16&#8243; _module_preset=&#8221;default&#8221; global_colors_info=&#8221;{}&#8221; open=&#8221;off&#8221;]Zawiera m.in. pochodn\u0105 jego pracy naukowej oraz aktywno\u015bci na polu dydaktycznym.<\/p>\n<p><a href=\"https:\/\/nid.pl\/en\/kontakt\/\">Udost\u0119pnienie zasob\u00f3w<\/a>[\/et_pb_accordion_item][et_pb_accordion_item title=&#8221;Spu\u015bcizna po Januszu Kubiaku&#8221; _builder_version=&#8221;4.16&#8243; _module_preset=&#8221;default&#8221; global_colors_info=&#8221;{}&#8221; open=&#8221;off&#8221;]<\/p>\n<p>Zawiera m.in. opracowania autorskie, fragmenty opracowa\u0144 zbiorczych, wypisy archiwalne i bibliograficzne a tak\u017ce teksty innych autor\u00f3w.<\/p>\n<p><a href=\"https:\/\/nid.pl\/en\/kontakt\/\">Udost\u0119pnienie zasob\u00f3w<\/a><\/p>\n<p>[\/et_pb_accordion_item][et_pb_accordion_item title=&#8221;Spu\u015bcizna po prof. Bohdanie Marconim&#8221; _builder_version=&#8221;4.16&#8243; _module_preset=&#8221;default&#8221; global_colors_info=&#8221;{}&#8221; open=&#8221;off&#8221;]<\/p>\n<p>Prywatne archiwum zas\u0142u\u017conego konserwatora malarstwa, w kt\u00f3rym zebrano pochodn\u0105 jego aktywno\u015bci nie tylko na polu renowacji zabytkowych p\u0142\u00f3cien (w tym m.in. \u201eBitwy pod Grunwaldem\u201d Jana Matejki) ale te\u017c zapis dzia\u0142alno\u015bci w ramach mi\u0119dzynarodowych organizacji konserwatorskich.<\/p>\n<p><a href=\"https:\/\/nid.pl\/en\/kontakt\/\">Udost\u0119pnienie zasob\u00f3w<\/a><\/p>\n<p>[\/et_pb_accordion_item][et_pb_accordion_item title=&#8221;Spu\u015bcizna po Rudolfie M\u0119kickim&#8221; _builder_version=&#8221;4.16&#8243; _module_preset=&#8221;default&#8221; global_colors_info=&#8221;{}&#8221; open=&#8221;off&#8221;]<\/p>\n<p>Kustoszu Muzeum Narodowego im. Kr\u00f3la Jana III Sobieskiego. Wraz z \u017con\u0105 Juli\u0105 prowadzi\u0142 on prace inwentaryzacyjne na zamku w Podhorcach (lata 30. XX w.) czego pochodn\u0105 by\u0142a dokumentacja sk\u0142adaj\u0105ca si\u0119 na \u00f3w zbi\u00f3r.<\/p>\n<p><a href=\"https:\/\/nid.pl\/en\/kontakt\/\">Udost\u0119pnienie zasob\u00f3w<\/a><\/p>\n<p>[\/et_pb_accordion_item][et_pb_accordion_item title=&#8221;Spu\u015bcizna po prof. Franciszku Pia\u015bciku&#8221; _builder_version=&#8221;4.16&#8243; _module_preset=&#8221;default&#8221; global_colors_info=&#8221;{}&#8221; open=&#8221;off&#8221;]<\/p>\n<p>Zbi\u00f3r zawieraj\u0105cy zar\u00f3wno dokumentacje aktow\u0105 (r\u0119kopisy, maszynopisy etc.) jak r\u00f3wnie\u017c m.in. planistyczn\u0105 oraz formularze ankiet.<\/p>\n<p><a href=\"https:\/\/nid.pl\/en\/kontakt\/\">Udost\u0119pnienie zasob\u00f3w<\/a><\/p>\n<p>[\/et_pb_accordion_item][et_pb_accordion_item title=&#8221;Spu\u015bcizna po Kazimierzu Saskim&#8221; _builder_version=&#8221;4.16&#8243; _module_preset=&#8221;default&#8221; global_colors_info=&#8221;{}&#8221; open=&#8221;off&#8221;]<\/p>\n<p>Materia\u0142y na temat obiekt\u00f3w architektonicznych z terenu Warszawy odbudowywanych pod jego nadzorem.<\/p>\n<p><a href=\"https:\/\/nid.pl\/en\/kontakt\/\">Udost\u0119pnienie zasob\u00f3w<\/a><\/p>\n<p>[\/et_pb_accordion_item][et_pb_accordion_item title=&#8221;Spu\u015bcizna po prof. Ignacym T\u0142oczku&#8221; _builder_version=&#8221;4.16&#8243; _module_preset=&#8221;default&#8221; global_colors_info=&#8221;{}&#8221; open=&#8221;off&#8221;]Zbi\u00f3r dotyczy budownictwa wiejskiego i zabytk\u00f3w architektury drewnianej.<\/p>\n<p><a href=\"https:\/\/nid.pl\/en\/kontakt\/\">Udost\u0119pnienie zasob\u00f3w<\/a>[\/et_pb_accordion_item][et_pb_accordion_item title=&#8221;Zbi\u00f3r rysunk\u00f3w prof. Czes\u0142awa Thulliego&#8221; _builder_version=&#8221;4.16&#8243; _module_preset=&#8221;default&#8221; global_colors_info=&#8221;{}&#8221; open=&#8221;off&#8221;]Zbi\u00f3r odrys\u00f3w ikonografii przechowywanej niegdy\u015b w lwowskiej Bibliotece Pawlikowskich. Odrysy powsta\u0142y w latach 1912-1915.<\/p>\n<p><a href=\"https:\/\/nid.pl\/en\/kontakt\/\">Udost\u0119pnienie zasob\u00f3w<\/a>[\/et_pb_accordion_item][et_pb_accordion_item title=&#8221;Zbi\u00f3r negatyw\u00f3w Romana Aftanazego&#8221; _builder_version=&#8221;4.16&#8243; _module_preset=&#8221;default&#8221; global_colors_info=&#8221;{}&#8221; open=&#8221;off&#8221;]<\/p>\n<p>Zbi\u00f3r oko\u0142o 450 sztuk szklanych negatyw\u00f3w ze szczeg\u00f3lnym uwzgl\u0119dnieniem zamk\u00f3w i posesji dworskich z wspomnianych w tytule jego pracy kres\u00f3w.<\/p>\n<p><a href=\"https:\/\/nid.pl\/en\/kontakt\/\">Udost\u0119pnienie zasob\u00f3w<\/a><\/p>\n<p>[\/et_pb_accordion_item][et_pb_accordion_item title=&#8221;Synoptica relatio seu brevis descriptio cenventuum in provincia Majoris et Minoris Poloniae partisque Prussiae fundatorum facta A.D. 1735&#8243; _builder_version=&#8221;4.16&#8243; _module_preset=&#8221;default&#8221; global_colors_info=&#8221;{}&#8221; open=&#8221;off&#8221;]Odpis r\u0119kopisu z 1735 r. sporz\u0105dzonego w j\u0119zyku \u0142aci\u0144skim przez zakonnika Ludwika Miske (1692-1768). Na polecenie swoich zwierzchnik\u00f3w rozpozna\u0142 on archiwa polskiej prowincji franciszkan\u00f3w przybli\u017caj\u0105c \u00f3wczesny stan miejscowych klasztor\u00f3w.<\/p>\n<p><a href=\"https:\/\/nid.pl\/en\/kontakt\/\">Udost\u0119pnienie zasob\u00f3w<\/a>[\/et_pb_accordion_item][et_pb_accordion_item title=&#8221;Opisy Zabytk\u00f3w Staro\u017cytno\u015bci w Guberni P\u0142ockiej przez Delegacj\u0119 wys\u0142an\u0105 z polecenia Rady Administracyjnej Kr\u00f3lestwa w roku 1851 zebrane&#8221; _builder_version=&#8221;4.16&#8243; _module_preset=&#8221;default&#8221; global_colors_info=&#8221;{}&#8221; open=&#8221;off&#8221;]<\/p>\n<p>Odpis z r\u0119kopisu znajduj\u0105cego si\u0119 w zasobie Muzeum Okr\u0119gowego w Piotrkowie Trybunalskim (273 strony maszynopisu). Opracowany zosta\u0142 na podstawie jednego z tom\u00f3w opisu wykonanego pod kierownictwem Kazimierza Stronczy\u0144skiego (1809-1894) przez delegacje powsta\u0142\u0105 z polecenie Rady Administracyjnej Kr\u00f3lestwa Polskiego w 1851 r.<\/p>\n<p><a href=\"https:\/\/nid.pl\/en\/kontakt\/\">Udost\u0119pnienie zasob\u00f3w<\/a><\/p>\n<p>[\/et_pb_accordion_item][et_pb_accordion_item title=&#8221;Materia\u0142y dotycz\u0105ce strat w dziedzinie d\u00f3br kultury poniesionych w wyniku II wojny \u015bwiatowej oraz problemu rewindykacji d\u00f3br kultury zagrabionych przez okupant\u00f3w &#8221; _builder_version=&#8221;4.16&#8243; _module_preset=&#8221;default&#8221; global_colors_info=&#8221;{}&#8221; open=&#8221;off&#8221;]Spisy oraz zestawienia sporz\u0105dzone przez pracownik\u00f3w muzealnych oraz przedstawicieli s\u0142u\u017cb konserwatorskich po roku 1945. Zgodnie z tytu\u0142em dotycz\u0105 strat w sferze d\u00f3b kultury poniesionych przez Polsk\u0119 w trakcie II wojny \u015bwiatowej oraz problemu rewindykacji tych z nich, kt\u00f3re zosta\u0142y zagrabione.<\/p>\n<p><a href=\"https:\/\/nid.pl\/en\/kontakt\/\">Udost\u0119pnienie zasob\u00f3w<\/a>[\/et_pb_accordion_item][et_pb_accordion_item title=&#8221;Zbi\u00f3r ilustrowanych kart pocztowych&#8221; _builder_version=&#8221;4.16&#8243; _module_preset=&#8221;default&#8221; global_colors_info=&#8221;{}&#8221; open=&#8221;off&#8221;]Ponad trzysta kart pocztowych z prze\u0142omu XIX i XX w. oraz z pocz. XXI w. ukazuj\u0105ce zar\u00f3wno obiekty architektoniczne na terytorium wsp\u00f3\u0142czesnej Polski, jak i I i II Rzeczypospolitej.<\/p>\n<p><a href=\"https:\/\/nid.pl\/en\/kontakt\/\">Udost\u0119pnienie zasob\u00f3w<\/a>[\/et_pb_accordion_item][et_pb_accordion_item title=&#8221;Bibliografia Konserwatorska odsy\u0142a do zawarto\u015bci czasopism i ksi\u0105\u017cek z kt\u00f3rych wi\u0119kszo\u015b\u0107 znajduje si\u0119 w Bibliotece NID&#8221; _builder_version=&#8221;4.16&#8243; _module_preset=&#8221;default&#8221; global_colors_info=&#8221;{}&#8221; open=&#8221;off&#8221;]<\/p>\n<p>U\u017cywaj\u0105c klucza geograficznego w uk\u0142adzie alfabetycznym odnosi si\u0119 do tre\u015bci potencjalnie cennych dla konserwator\u00f3w zabytk\u00f3w, historyk\u00f3w sztuki, regionalist\u00f3w i badaczy zajmuj\u0105cych si\u0119 dziedzictwem. G\u0142\u00f3wn\u0105 autork\u0105 katalogu by\u0142a pani Maria \u0141otysz.<\/p>\n<p><a href=\"http:\/\/katalogi.nid.pl\/katalogkart\/\" target=\"_blank\" rel=\"noopener noreferrer\">Katalog kartkowy<\/a><\/p>\n<p><a href=\"https:\/\/nid.pl\/en\/kontakt\/\">Udost\u0119pnienie zasob\u00f3w<\/a><\/p>\n<p>[\/et_pb_accordion_item][et_pb_accordion_item title=&#8221;Zbi\u00f3r fotografii Andrzeja Nitscha&#8221; _builder_version=&#8221;4.16&#8243; _module_preset=&#8221;default&#8221; global_colors_info=&#8221;{}&#8221; open=&#8221;off&#8221;]Fotografie dokumentuj\u0105ce zniszczenia Warszawy dokonane przez Niemc\u00f3w w toku powstania warszawskiego i po jego zako\u0144czeniu. Pochodz\u0105 z prywatnego archiwum Andrzeja Nitscha.<\/p>\n<p><a href=\"https:\/\/nid.pl\/en\/kontakt\/\">Udost\u0119pnienie zasob\u00f3w<\/a>[\/et_pb_accordion_item][et_pb_accordion_item title=&#8221;Zbi\u00f3r prze\u017aroczy Lecha Krzy\u017canowskiego&#8221; _builder_version=&#8221;4.16&#8243; _module_preset=&#8221;default&#8221; global_colors_info=&#8221;{}&#8221; open=&#8221;off&#8221;]Slajdy w wi\u0119kszo\u015bci wykonane przez pracownika Przedsi\u0119biorstwa Pa\u0144stwowego Pracowni Konserwacji Zabytk\u00f3w. Z\u0142o\u017cy\u0142y si\u0119 na nie zdj\u0119cia zabytkowej architektury m.in. z Azji Po\u0142udniowo-Wschodniej oraz Warszawy.<\/p>\n<p><a href=\"https:\/\/nid.pl\/en\/kontakt\/\">Udost\u0119pnienie zasob\u00f3w<\/a>[\/et_pb_accordion_item][et_pb_accordion_item title=&#8221;Spu\u015bcizna po Krzysztofie Biskupie&#8221; _builder_version=&#8221;4.16&#8243; _module_preset=&#8221;default&#8221; global_colors_info=&#8221;{}&#8221; open=&#8221;off&#8221;]<\/p>\n<p>W sk\u0142ad spu\u015bcizny naukowej wchodz\u0105, opr\u00f3cz ksi\u0105\u017cek, wydawnictw drukowanych i czasopism, materia\u0142y archiwalne takie jak: kserokopie wydawnictw drukowanych oraz inne archiwalia (materia\u0142y dotycz\u0105ce fortyfikacji polskich i zagranicznych, zabytk\u00f3w techniki oraz innych obiekt\u00f3w zabytkowych).<\/p>\n<p><a href=\"https:\/\/nid.pl\/en\/kontakt\/\">Udost\u0119pnienie zasob\u00f3w: Oddzia\u0142 Terenowy w Gda\u0144sku<\/a><\/p>\n<p>[\/et_pb_accordion_item][et_pb_accordion_item title=&#8221;Spu\u015bcizna po Pracowni Krajobrazu Kulturowego w Kielcach.&#8221; _builder_version=&#8221;4.16&#8243; _module_preset=&#8221;default&#8221; global_colors_info=&#8221;{}&#8221; open=&#8221;off&#8221;]<a href=\"https:\/\/nid.pl\/en\/kontakt\/\">Udost\u0119pnienie zasob\u00f3w: Oddzia\u0142 Terenowy w Kielcach<\/a>[\/et_pb_accordion_item][et_pb_accordion_item title=&#8221;Spu\u015bcizna po dr. Marianie Korneckim&#8221; _builder_version=&#8221;4.16&#8243; _module_preset=&#8221;default&#8221; global_colors_info=&#8221;{}&#8221; open=&#8221;off&#8221;]Zbi\u00f3r r\u0119kopis\u00f3w, notatek z prac terenowych, maszynopis\u00f3w opublikowanych artyku\u0142\u00f3w oraz kilka tysi\u0119cy fotografii zabytk\u00f3w z terenu wojew\u00f3dztwa ma\u0142opolskiego i innych region\u00f3w Polski. Materia\u0142y pochodz\u0105 z okresu od lat 50. XX w. do 2000.<\/p>\n<p><a href=\"https:\/\/nid.pl\/en\/kontakt\/\">Udost\u0119pnienie zasob\u00f3w: Oddzia\u0142 Terenowy w Krakowie<\/a>[\/et_pb_accordion_item][et_pb_accordion_item title=&#8221;Spu\u015bcizna po WOAK (Wojew\u00f3dzki O\u015brodek Archeologiczno-Konserwatorski w Lesznie z siedzib\u0105 w Trzebinach).&#8221; _builder_version=&#8221;4.16&#8243; _module_preset=&#8221;default&#8221; global_colors_info=&#8221;{}&#8221; open=&#8221;off&#8221;]W sk\u0142ad zbioru wchodz\u0105: dokumentacja kartograficzna z naniesionymi stanowiskami archeologicznymi; dokumentacja z bada\u0144 archeologicznych i interwencji terenowych; plany warstwicowe stanowisk archeologicznych; dokumentacja fotograficzna (zdj\u0119cia lotnicze: wgl\u0105d\u00f3wki, pozytywy; dok. fot. z wykopalisk: styk\u00f3wki, negatywy, slajdy).<\/p>\n<p><a href=\"https:\/\/nid.pl\/en\/kontakt\/\">Udost\u0119pnienie zasob\u00f3w: Pracownia Terenowa -Zesp\u00f3\u0142 Pa\u0142acowo-Parkowy w Trzebinach<\/a>[\/et_pb_accordion_item][et_pb_accordion_item title=&#8221;Spu\u015bcizna po Wojciechu Sobockim&#8221; _builder_version=&#8221;4.16&#8243; _module_preset=&#8221;default&#8221; global_colors_info=&#8221;{}&#8221; open=&#8221;off&#8221;]Wynik wieloletniej pasji dokumentowania drewnianej architektury cerkiewnej dawnego wojew\u00f3dztwa rzeszowskiego. Zgromadzone materia\u0142y to fotografie, reprodukcje archiwalnych fotografii, rysunki pomiarowe, opisy i wypiski do dziej\u00f3w budownictwa cerkiewnego w Polsce po\u0142udniowo-wschodniej.<\/p>\n<p><a href=\"https:\/\/nid.pl\/en\/kontakt\/\">Udost\u0119pnienie zasob\u00f3w: Oddzia\u0142 Terenowy w Rzeszowie<\/a>[\/et_pb_accordion_item][et_pb_accordion_item title=&#8221;Spu\u015bcizna po Krzysztofie Eysymoncie&#8221; _builder_version=&#8221;4.16&#8243; _module_preset=&#8221;default&#8221; global_colors_info=&#8221;{}&#8221; open=&#8221;off&#8221;]Obejmuje materia\u0142y przygotowane do wydanego w 1997 roku \u201eKatalogu zabytkowych ogrod\u00f3w i park\u00f3w wojew\u00f3dztwa legnickiego\u201d.<\/p>\n<p><a href=\"https:\/\/nid.pl\/en\/kontakt\/\">Udost\u0119pnienie zasob\u00f3w &#8211; Oddzia\u0142 Terenowy we Wroc\u0142awiu<\/a>[\/et_pb_accordion_item][et_pb_accordion_item title=&#8221;Spu\u015bcizna po prof. Miros\u0142awie Przy\u0142\u0119ckim&#8221; _builder_version=&#8221;4.16&#8243; _module_preset=&#8221;default&#8221; global_colors_info=&#8221;{}&#8221; open=&#8221;off&#8221;]Stanowi do\u015b\u0107 skromny wyb\u00f3r archiwali\u00f3w wyselekcjonowany przez \u017con\u0119 zmar\u0142ego Profesora. W\u015br\u00f3d opracowa\u0144 znajduje si\u0119 mi\u0119dzy innymi zbi\u00f3r referat\u00f3w dotycz\u0105cych og\u00f3lnych zagadnie\u0144 zwi\u0105zanych z odbudow\u0105 i konserwacj\u0105 zabytk\u00f3w na Dolnym \u015al\u0105sku, rewaloryzacj\u0105 zabytkowych miast, budowli obronnych oraz dzia\u0142alno\u015bci\u0105 s\u0142u\u017cb konserwatorskich. Przekazane zosta\u0142a tak\u017ce dokumentacja naukowa i techniczna dla pojedynczych obiekt\u00f3w zabytkowych, mi\u0119dzy innymi z terenu Ole\u015bnicy i Legnicy, a tak\u017ce opracowania projektowe obiekt\u00f3w nowo wznoszonych (np. Dom Pielgrzyma na G\u00f3rze \u015awi\u0119tej Anny). Cz\u0119\u015b\u0107 dokumentacji rysunkowej przekazana zosta\u0142a w rulonach. Ponadto w ramach spu\u015bcizny znalaz\u0142 si\u0119 cz\u0119\u015bciowo opisany, nieusystematyzowany zbi\u00f3r negatyw\u00f3w i fotografii.<\/p>\n<p><a href=\"https:\/\/nid.pl\/en\/kontakt\/\">Udost\u0119pnienie zasob\u00f3w: Oddzia\u0142 Terenowy we Wroc\u0142awiu<\/a>[\/et_pb_accordion_item][\/et_pb_accordion][et_pb_text _builder_version=&#8221;4.25.1&#8243; _module_preset=&#8221;default&#8221; custom_padding=&#8221;1px||1px|||&#8221; hover_enabled=&#8221;0&#8243; locked=&#8221;off&#8221; global_colors_info=&#8221;{}&#8221; sticky_enabled=&#8221;0&#8243;]<\/p>\n<p><strong>Sylwetki autor\u00f3w spu\u015bcizn<\/strong><\/p>\n<p>[\/et_pb_text][et_pb_blog posts_number=&#8221;4&#8243; include_categories=&#8221;120&#8243; excerpt_length=&#8221;150&#8243; show_author=&#8221;off&#8221; show_categories=&#8221;off&#8221; module_class=&#8221;specialPosts&#8221; _builder_version=&#8221;4.25.1&#8243; _module_preset=&#8221;default&#8221; header_font=&#8221;|600|||||||&#8221; header_text_color=&#8221;#e52330&#8243; header_font_size=&#8221;19px&#8221; header_line_height=&#8221;1.2em&#8221; body_text_color=&#8221;#000000&#8243; meta_font=&#8221;||||||||&#8221; meta_text_color=&#8221;#9b9b9b&#8221; read_more_font=&#8221;|700||||on|||&#8221; read_more_text_color=&#8221;#000000&#8243; custom_margin=&#8221;-32px|||||&#8221; custom_padding=&#8221;||||false|false&#8221; hover_enabled=&#8221;0&#8243; custom_css_main_element=&#8221;column-count: 4;||column-gap: 25px;&#8221; locked=&#8221;off&#8221; global_colors_info=&#8221;{}&#8221; custom_css_main_element_last_edited=&#8221;on|phone&#8221; custom_css_main_element_tablet=&#8221;column-count: 2;||column-gap: 25px;&#8221; custom_css_main_element_phone=&#8221;column-count: 1;||column-gap: 0px;&#8221; sticky_enabled=&#8221;0&#8243;][\/et_pb_blog][\/et_pb_column][\/et_pb_row][\/et_pb_section][et_pb_section fb_built=&#8221;1&#8243; _builder_version=&#8221;4.7.4&#8243; _module_preset=&#8221;default&#8221; custom_margin=&#8221;43px||||false|false&#8221; custom_padding=&#8221;0px||0px||false|false&#8221; global_module=&#8221;353&#8243; saved_tabs=&#8221;all&#8221; global_colors_info=&#8221;{}&#8221;][et_pb_row column_structure=&#8221;1_3,1_3,1_3&#8243; use_custom_gutter=&#8221;on&#8221; gutter_width=&#8221;1&#8243; _builder_version=&#8221;4.16&#8243; _module_preset=&#8221;default&#8221; background_color=&#8221;rgba(0,0,0,0)&#8221; width=&#8221;100%&#8221; max_width=&#8221;2560px&#8221; custom_padding=&#8221;0px||0px||false|false&#8221; global_colors_info=&#8221;{}&#8221;][et_pb_column type=&#8221;1_3&#8243; _builder_version=&#8221;4.16&#8243; _module_preset=&#8221;default&#8221; background_color=&#8221;#e52330&#8243; global_colors_info=&#8221;{}&#8221;][et_pb_blurb title=&#8221;Subskrybuj newsletter NID&#8221; use_icon=&#8221;on&#8221; font_icon=&#8221;&#xe106;||divi||400&#8243; icon_placement=&#8221;left&#8221; image_icon_width=&#8221;50px&#8221; module_class=&#8221;bigButtonModules&#8221; _builder_version=&#8221;4.16&#8243; _module_preset=&#8221;default&#8221; header_level=&#8221;h3&#8243; header_font=&#8221;|700|||||||&#8221; header_text_color=&#8221;#ffffff&#8221; body_text_color=&#8221;#ffffff&#8221; background_color=&#8221;#E52330&#8243; custom_margin=&#8221;||||false|false&#8221; custom_padding=&#8221;25px|25px|25px|25px|false|false&#8221; animation=&#8221;off&#8221; link_option_url=&#8221;https:\/\/nid.pl\/newsletter&#8221; custom_css_blurb_image=&#8221;padding-right: 20px;||vertical-align: middle;&#8221; icon_font_size=&#8221;50px&#8221; global_colors_info=&#8221;{}&#8221;]<\/p>\n<p>Zapisz si\u0119 do naszego newslettera i otrzymuj naj\u015bwie\u017csze informacj\u0119 ze \u015bwiata kultury.<\/p>\n<p>[\/et_pb_blurb][\/et_pb_column][et_pb_column type=&#8221;1_3&#8243; _builder_version=&#8221;4.16&#8243; _module_preset=&#8221;default&#8221; background_color=&#8221;#e52330&#8243; global_colors_info=&#8221;{}&#8221;][et_pb_code _builder_version=&#8221;4.23.2&#8243; _module_preset=&#8221;default&#8221; global_colors_info=&#8221;{}&#8221;][\/et_pb_code][et_pb_blurb title=&#8221;Ksi\u0119garnia NID&#8221; url_new_window=&#8221;on&#8221; use_icon=&#8221;on&#8221; font_icon=&#8221;&#xe022;||divi||400&#8243; icon_placement=&#8221;left&#8221; image_icon_width=&#8221;50px&#8221; module_class=&#8221;bigButtonModules&#8221; _builder_version=&#8221;4.16&#8243; _module_preset=&#8221;default&#8221; header_level=&#8221;h3&#8243; header_font=&#8221;|700|||||||&#8221; header_text_color=&#8221;#ffffff&#8221; body_text_color=&#8221;#ffffff&#8221; background_color=&#8221;#444444&#8243; custom_margin=&#8221;||||false|false&#8221; custom_padding=&#8221;25px|25px|25px|25px|false|false&#8221; animation=&#8221;off&#8221; link_option_url=&#8221;https:\/\/ksiegarnia.nid.pl\/&#8221; link_option_url_new_window=&#8221;on&#8221; custom_css_blurb_image=&#8221;padding-right: 20px;||vertical-align: middle;&#8221; icon_font_size=&#8221;50px&#8221; global_colors_info=&#8221;{}&#8221;]<\/p>\n<p>Sprawd\u017a nasze produkty w ksi\u0119garni. Zamawiaj bez wychodzenia z domu ju\u017c teraz!<\/p>\n<p>[\/et_pb_blurb][\/et_pb_column][et_pb_column type=&#8221;1_3&#8243; _builder_version=&#8221;4.16&#8243; _module_preset=&#8221;default&#8221; background_color=&#8221;#e52330&#8243; global_colors_info=&#8221;{}&#8221;][et_pb_blurb title=&#8221;Platforma szkoleniowa&#8221; url_new_window=&#8221;on&#8221; use_icon=&#8221;on&#8221; font_icon=&#8221;&#xe0e9;||divi||400&#8243; icon_placement=&#8221;left&#8221; image_icon_width=&#8221;50px&#8221; module_class=&#8221;bigButtonModules&#8221; _builder_version=&#8221;4.16&#8243; _module_preset=&#8221;default&#8221; header_level=&#8221;h3&#8243; header_font=&#8221;|700|||||||&#8221; header_text_color=&#8221;#ffffff&#8221; body_text_color=&#8221;#ffffff&#8221; background_color=&#8221;#6b6b6b&#8221; custom_margin=&#8221;||||false|false&#8221; custom_padding=&#8221;25px|25px|25px|25px|false|false&#8221; animation=&#8221;off&#8221; link_option_url=&#8221;https:\/\/szkolenianid.learncom.pl&#8221; link_option_url_new_window=&#8221;on&#8221; custom_css_blurb_image=&#8221;padding-right: 20px;||vertical-align: middle;&#8221; icon_font_size=&#8221;50px&#8221; global_colors_info=&#8221;{}&#8221;]<\/p>\n<p>Zapisz si\u0119 na nasz\u0105 platform\u0119 e-szkoleniow\u0105 i dowiedz si\u0119 jak zarz\u0105dza\u0107 dziedzictwem i wykorzysta\u0107 jego potencja\u0142.<\/p>\n<p>[\/et_pb_blurb][\/et_pb_column][\/et_pb_row][\/et_pb_section]<\/p>","protected":false},"excerpt":{"rendered":"<p>\u2190Powr\u00f3t Spu\u015bcizny naukowe to najcz\u0119\u015bciej zbiory prywatne po wybitnych badaczach uzyskane w wyniku u\u017cyczenia, zakupu, przekazania lub daru. Pierwsza spu\u015bcizna trafi\u0142a do O\u015brodka Dokumentacji Zabytk\u00f3w w czasie jego tworzenia w [&hellip;]<\/p>","protected":false},"author":1,"featured_media":0,"parent":2486,"menu_order":0,"comment_status":"closed","ping_status":"closed","template":"","meta":{"_et_pb_use_builder":"on","_et_pb_old_content":"","_et_gb_content_width":"","_monsterinsights_skip_tracking":false,"_monsterinsights_sitenote_active":false,"_monsterinsights_sitenote_note":"","_monsterinsights_sitenote_category":0,"footnotes":""},"class_list":["post-1464","page","type-page","status-publish","hentry"],"yoast_head":"<!-- This site is optimized with the Yoast SEO plugin v26.5 - https:\/\/yoast.com\/wordpress\/plugins\/seo\/ -->\n<title>Spu\u015bcizny naukowe - NID<\/title>\n<meta name=\"robots\" content=\"index, follow, max-snippet:-1, max-image-preview:large, max-video-preview:-1\" \/>\n<link rel=\"canonical\" href=\"https:\/\/nid.pl\/en\/zasoby\/spuscizny-naukowe\/\" \/>\n<meta property=\"og:locale\" content=\"en_GB\" \/>\n<meta property=\"og:type\" content=\"article\" \/>\n<meta property=\"og:title\" content=\"Spu\u015bcizny naukowe - NID\" \/>\n<meta property=\"og:description\" content=\"\u2190Powr\u00f3t Spu\u015bcizny naukowe to najcz\u0119\u015bciej zbiory prywatne po wybitnych badaczach uzyskane w wyniku u\u017cyczenia, zakupu, przekazania lub daru. Pierwsza spu\u015bcizna trafi\u0142a do O\u015brodka Dokumentacji Zabytk\u00f3w w czasie jego tworzenia w [&hellip;]\" \/>\n<meta property=\"og:url\" content=\"https:\/\/nid.pl\/en\/zasoby\/spuscizny-naukowe\/\" \/>\n<meta property=\"og:site_name\" content=\"NID\" \/>\n<meta property=\"article:publisher\" content=\"https:\/\/www.facebook.com\/zabytek\" \/>\n<meta property=\"article:modified_time\" content=\"2024-06-27T08:23:12+00:00\" \/>\n<meta name=\"twitter:card\" content=\"summary_large_image\" \/>\n<meta name=\"twitter:site\" content=\"@NarIDpl\" \/>\n<meta name=\"twitter:label1\" content=\"Estimated reading time\" \/>\n\t<meta name=\"twitter:data1\" content=\"15 minutes\" \/>\n<script type=\"application\/ld+json\" class=\"yoast-schema-graph\">{\"@context\":\"https:\/\/schema.org\",\"@graph\":[{\"@type\":\"WebPage\",\"@id\":\"https:\/\/nid.pl\/zasoby\/spuscizny-naukowe\/\",\"url\":\"https:\/\/nid.pl\/zasoby\/spuscizny-naukowe\/\",\"name\":\"Spu\u015bcizny naukowe - NID\",\"isPartOf\":{\"@id\":\"https:\/\/nid.pl\/#website\"},\"datePublished\":\"2021-06-24T11:07:20+00:00\",\"dateModified\":\"2024-06-27T08:23:12+00:00\",\"breadcrumb\":{\"@id\":\"https:\/\/nid.pl\/zasoby\/spuscizny-naukowe\/#breadcrumb\"},\"inLanguage\":\"en-GB\",\"potentialAction\":[{\"@type\":\"ReadAction\",\"target\":[\"https:\/\/nid.pl\/zasoby\/spuscizny-naukowe\/\"]}]},{\"@type\":\"BreadcrumbList\",\"@id\":\"https:\/\/nid.pl\/zasoby\/spuscizny-naukowe\/#breadcrumb\",\"itemListElement\":[{\"@type\":\"ListItem\",\"position\":1,\"name\":\"Home\",\"item\":\"https:\/\/nid.pl\/\"},{\"@type\":\"ListItem\",\"position\":2,\"name\":\"Zasoby\",\"item\":\"https:\/\/nid.pl\/zasoby\/\"},{\"@type\":\"ListItem\",\"position\":3,\"name\":\"Spu\u015bcizny naukowe\"}]},{\"@type\":\"WebSite\",\"@id\":\"https:\/\/nid.pl\/#website\",\"url\":\"https:\/\/nid.pl\/\",\"name\":\"NID\",\"description\":\"Narodowy Instytut Dziedzictwa\",\"publisher\":{\"@id\":\"https:\/\/nid.pl\/#organization\"},\"potentialAction\":[{\"@type\":\"SearchAction\",\"target\":{\"@type\":\"EntryPoint\",\"urlTemplate\":\"https:\/\/nid.pl\/?s={search_term_string}\"},\"query-input\":{\"@type\":\"PropertyValueSpecification\",\"valueRequired\":true,\"valueName\":\"search_term_string\"}}],\"inLanguage\":\"en-GB\"},{\"@type\":\"Organization\",\"@id\":\"https:\/\/nid.pl\/#organization\",\"name\":\"Narodowy Instytut Dziedzictwa\",\"url\":\"https:\/\/nid.pl\/\",\"logo\":{\"@type\":\"ImageObject\",\"inLanguage\":\"en-GB\",\"@id\":\"https:\/\/nid.pl\/#\/schema\/logo\/image\/\",\"url\":\"https:\/\/nid.pl\/wp-content\/uploads\/2022\/10\/logoRedDark.png\",\"contentUrl\":\"https:\/\/nid.pl\/wp-content\/uploads\/2022\/10\/logoRedDark.png\",\"width\":200,\"height\":197,\"caption\":\"Narodowy Instytut Dziedzictwa\"},\"image\":{\"@id\":\"https:\/\/nid.pl\/#\/schema\/logo\/image\/\"},\"sameAs\":[\"https:\/\/www.facebook.com\/zabytek\",\"https:\/\/x.com\/NarIDpl\",\"https:\/\/www.instagram.com\/nid.pl\/?hl=pl\",\"https:\/\/www.linkedin.com\/company\/narodowy-instytut-dziedzictwa\",\"https:\/\/www.youtube.com\/channel\/UCQXuhKa2uHtmNvLRUSx40JA\"]}]}<\/script>\n<!-- \/ Yoast SEO plugin. -->","yoast_head_json":{"title":"Spu\u015bcizny naukowe - NID","robots":{"index":"index","follow":"follow","max-snippet":"max-snippet:-1","max-image-preview":"max-image-preview:large","max-video-preview":"max-video-preview:-1"},"canonical":"https:\/\/nid.pl\/en\/zasoby\/spuscizny-naukowe\/","og_locale":"en_GB","og_type":"article","og_title":"Spu\u015bcizny naukowe - NID","og_description":"\u2190Powr\u00f3t Spu\u015bcizny naukowe to najcz\u0119\u015bciej zbiory prywatne po wybitnych badaczach uzyskane w wyniku u\u017cyczenia, zakupu, przekazania lub daru. Pierwsza spu\u015bcizna trafi\u0142a do O\u015brodka Dokumentacji Zabytk\u00f3w w czasie jego tworzenia w [&hellip;]","og_url":"https:\/\/nid.pl\/en\/zasoby\/spuscizny-naukowe\/","og_site_name":"NID","article_publisher":"https:\/\/www.facebook.com\/zabytek","article_modified_time":"2024-06-27T08:23:12+00:00","twitter_card":"summary_large_image","twitter_site":"@NarIDpl","twitter_misc":{"Estimated reading time":"15 minutes"},"schema":{"@context":"https:\/\/schema.org","@graph":[{"@type":"WebPage","@id":"https:\/\/nid.pl\/zasoby\/spuscizny-naukowe\/","url":"https:\/\/nid.pl\/zasoby\/spuscizny-naukowe\/","name":"Spu\u015bcizny naukowe - NID","isPartOf":{"@id":"https:\/\/nid.pl\/#website"},"datePublished":"2021-06-24T11:07:20+00:00","dateModified":"2024-06-27T08:23:12+00:00","breadcrumb":{"@id":"https:\/\/nid.pl\/zasoby\/spuscizny-naukowe\/#breadcrumb"},"inLanguage":"en-GB","potentialAction":[{"@type":"ReadAction","target":["https:\/\/nid.pl\/zasoby\/spuscizny-naukowe\/"]}]},{"@type":"BreadcrumbList","@id":"https:\/\/nid.pl\/zasoby\/spuscizny-naukowe\/#breadcrumb","itemListElement":[{"@type":"ListItem","position":1,"name":"Home","item":"https:\/\/nid.pl\/"},{"@type":"ListItem","position":2,"name":"Zasoby","item":"https:\/\/nid.pl\/zasoby\/"},{"@type":"ListItem","position":3,"name":"Spu\u015bcizny naukowe"}]},{"@type":"WebSite","@id":"https:\/\/nid.pl\/#website","url":"https:\/\/nid.pl\/","name":"NID","description":"Narodowy Instytut Dziedzictwa","publisher":{"@id":"https:\/\/nid.pl\/#organization"},"potentialAction":[{"@type":"SearchAction","target":{"@type":"EntryPoint","urlTemplate":"https:\/\/nid.pl\/?s={search_term_string}"},"query-input":{"@type":"PropertyValueSpecification","valueRequired":true,"valueName":"search_term_string"}}],"inLanguage":"en-GB"},{"@type":"Organization","@id":"https:\/\/nid.pl\/#organization","name":"Narodowy Instytut Dziedzictwa","url":"https:\/\/nid.pl\/","logo":{"@type":"ImageObject","inLanguage":"en-GB","@id":"https:\/\/nid.pl\/#\/schema\/logo\/image\/","url":"https:\/\/nid.pl\/wp-content\/uploads\/2022\/10\/logoRedDark.png","contentUrl":"https:\/\/nid.pl\/wp-content\/uploads\/2022\/10\/logoRedDark.png","width":200,"height":197,"caption":"Narodowy Instytut Dziedzictwa"},"image":{"@id":"https:\/\/nid.pl\/#\/schema\/logo\/image\/"},"sameAs":["https:\/\/www.facebook.com\/zabytek","https:\/\/x.com\/NarIDpl","https:\/\/www.instagram.com\/nid.pl\/?hl=pl","https:\/\/www.linkedin.com\/company\/narodowy-instytut-dziedzictwa","https:\/\/www.youtube.com\/channel\/UCQXuhKa2uHtmNvLRUSx40JA"]}]}},"_links":{"self":[{"href":"https:\/\/nid.pl\/en\/wp-json\/wp\/v2\/pages\/1464","targetHints":{"allow":["GET"]}}],"collection":[{"href":"https:\/\/nid.pl\/en\/wp-json\/wp\/v2\/pages"}],"about":[{"href":"https:\/\/nid.pl\/en\/wp-json\/wp\/v2\/types\/page"}],"author":[{"embeddable":true,"href":"https:\/\/nid.pl\/en\/wp-json\/wp\/v2\/users\/1"}],"replies":[{"embeddable":true,"href":"https:\/\/nid.pl\/en\/wp-json\/wp\/v2\/comments?post=1464"}],"version-history":[{"count":0,"href":"https:\/\/nid.pl\/en\/wp-json\/wp\/v2\/pages\/1464\/revisions"}],"up":[{"embeddable":true,"href":"https:\/\/nid.pl\/en\/wp-json\/wp\/v2\/pages\/2486"}],"wp:attachment":[{"href":"https:\/\/nid.pl\/en\/wp-json\/wp\/v2\/media?parent=1464"}],"curies":[{"name":"wp","href":"https:\/\/api.w.org\/{rel}","templated":true}]}}