{"id":1443,"date":"2021-06-24T13:00:03","date_gmt":"2021-06-24T11:00:03","guid":{"rendered":"https:\/\/nid.pl\/?page_id=1443"},"modified":"2022-11-25T17:36:55","modified_gmt":"2022-11-25T16:36:55","slug":"samorzad-dla-dziedzictwa","status":"publish","type":"page","link":"https:\/\/nid.pl\/en\/konkursy\/samorzad-dla-dziedzictwa\/","title":{"rendered":"Samorz\u0105d dla Dziedzictwa"},"content":{"rendered":"<p>[et_pb_section fb_built=&#8221;1&#8243; _builder_version=&#8221;4.7.4&#8243; _module_preset=&#8221;default&#8221; custom_padding=&#8221;0px||0px|||&#8221; global_colors_info=&#8221;{}&#8221;][et_pb_row _builder_version=&#8221;4.7.4&#8243; _module_preset=&#8221;default&#8221; background_image=&#8221;https:\/\/nid.pl\/wp-content\/uploads\/2021\/08\/SamodzadDlaDziedz.jpg&#8221; width=&#8221;100%&#8221; max_width=&#8221;100%&#8221; height=&#8221;400px&#8221; custom_margin=&#8221;|auto||auto|false|false&#8221; custom_padding=&#8221;0px||0px|||&#8221; global_colors_info=&#8221;{}&#8221;][et_pb_column type=&#8221;4_4&#8243; _builder_version=&#8221;4.7.4&#8243; _module_preset=&#8221;default&#8221; global_colors_info=&#8221;{}&#8221;][\/et_pb_column][\/et_pb_row][\/et_pb_section][et_pb_section fb_built=&#8221;1&#8243; _builder_version=&#8221;4.7.4&#8243; _module_preset=&#8221;default&#8221; custom_padding=&#8221;0px|0px|0px|0px|false|false&#8221; global_colors_info=&#8221;{}&#8221;][et_pb_row _builder_version=&#8221;4.7.4&#8243; _module_preset=&#8221;default&#8221; width=&#8221;100%&#8221; max_width=&#8221;100%&#8221; custom_padding=&#8221;50px|50px|50px|50px|false|false&#8221; locked=&#8221;off&#8221; global_colors_info=&#8221;{}&#8221;][et_pb_column type=&#8221;4_4&#8243; _builder_version=&#8221;4.7.4&#8243; _module_preset=&#8221;default&#8221; global_colors_info=&#8221;{}&#8221;][et_pb_text module_id=&#8221;backButtonBox&#8221; _builder_version=&#8221;4.7.4&#8243; _module_preset=&#8221;default&#8221; custom_margin=&#8221;0px|0px|0px|0px|false|false&#8221; custom_padding=&#8221;0px|0px|0px|0px|false|false&#8221; global_module=&#8221;2594&#8243; locked=&#8221;off&#8221; global_colors_info=&#8221;{}&#8221;]<\/p>\n<div class=\"backButton\" onclick=\"javascript:window.history.back();\"><span>\u2190<\/span>Powr\u00f3t<\/div>\n<p>[\/et_pb_text][et_pb_text _builder_version=&#8221;4.7.4&#8243; _dynamic_attributes=&#8221;content&#8221; _module_preset=&#8221;default&#8221; text_font_size=&#8221;26px&#8221; custom_margin=&#8221;||25px||false|false&#8221; custom_padding=&#8221;||||false|false&#8221; global_colors_info=&#8221;{}&#8221;]@ET-DC@eyJkeW5hbWljIjp0cnVlLCJjb250ZW50IjoicG9zdF90aXRsZSIsInNldHRpbmdzIjp7ImJlZm9yZSI6IiIsImFmdGVyIjoiIn19@[\/et_pb_text][et_pb_divider _builder_version=&#8221;4.7.4&#8243; _module_preset=&#8221;default&#8221; background_color=&#8221;#e52330&#8243; height=&#8221;5px&#8221; custom_margin=&#8221;0px||25px||false|false&#8221; custom_padding=&#8221;0px||0px||false|false&#8221; global_colors_info=&#8221;{}&#8221;][\/et_pb_divider][et_pb_image src=&#8221;https:\/\/nid.pl\/wp-content\/uploads\/2022\/11\/Baner-www-zrealizowane-w-ramach-KPOZ.png&#8221; _builder_version=&#8221;4.14.9&#8243; _module_preset=&#8221;default&#8221; title_text=&#8221;Baner-www-zrealizowane-w-ramach-KPOZ&#8221; align=&#8221;center&#8221; hover_enabled=&#8221;0&#8243; sticky_enabled=&#8221;0&#8243;][\/et_pb_image][et_pb_accordion icon_color=&#8221;#e52330&#8243; module_class=&#8221;specialAccordion keepOpenAccordion&#8221; _builder_version=&#8221;4.7.4&#8243; _module_preset=&#8221;default&#8221; global_colors_info=&#8221;{}&#8221;][et_pb_accordion_item title=&#8221;O konkursie&#8221; _builder_version=&#8221;4.7.4&#8243; _module_preset=&#8221;default&#8221; global_colors_info=&#8221;{}&#8221; open=&#8221;on&#8221;]<\/p>\n<p><strong>Og\u00f3lnopolski Konkurs Ministra Kultury i Dziedzictwa Narodowego oraz Generalnego Konserwatora Zabytk\u00f3w pod nazw\u0105 \u201eSamorz\u0105d dla Dziedzictwa\u201d koordynowany jest przez Narodowy Instytut Dziedzictwa. Konkurs ma na celu promocj\u0119 i upowszechnianie najlepszych wzorc\u00f3w w zakresie opracowywania i wdra\u017cania gminnego programu opieki nad zabytkami.<\/strong><\/p>\n<p>\u201eSamorz\u0105d dla Dziedzictwa\u201d jest skierowany do samorz\u0105d\u00f3w gminnych (miejskich, miejsko-wiejskich i wiejskich), kt\u00f3re wzorowo wywi\u0105zuj\u0105 si\u0119 z obowi\u0105zku opracowywania i wdra\u017cania Gminnych program\u00f3w opieki nad zabytkami, spe\u0142niaj\u0105c ustawowe cele realizacji tych program\u00f3w \u2013 ochron\u0119 i zachowanie warto\u015bci dziedzictwa kulturowego oraz zr\u00f3wnowa\u017cony rozw\u00f3j spo\u0142eczno-gospodarczy w oparciu o efektywne wykorzystanie potencja\u0142u zasob\u00f3w dziedzictwa kulturowego.<\/p>\n<p>Laureaci oraz wyr\u00f3\u017cnieni wy\u0142onieni przez Jury konkursu otrzymuj\u0105 dyplomy oraz tablice pami\u0105tkowe. Nagrodami dla laureat\u00f3w konkursu\u00a0 s\u0105 filmy promuj\u0105ce dziedzictwo kulturowe gmin wyprodukowane przez Narodowy Instytut Dziedzictwa. Dodatkowo, w ka\u017cdej edycji konkursu NID prowadzi w zarz\u0105dzanych przez siebie kana\u0142ach komunikacji kampani\u0119 informacyjn\u0105 na temat dziedzictwa kulturowego gmin oraz dzia\u0142a\u0144 samorz\u0105d\u00f3w w zakresie ochrony i opieki nad zabytkami.<\/p>\n<p>Konkurs \u201eSamorz\u0105d dla Dziedzictwa\u201d realizowany jest w ramach Krajowego Programu Ochrony Zabytk\u00f3w i Opieki nad Zabytkami na lata 2019-2022.<\/p>\n<p><strong>Udzia\u0142 w konkursie jest otwarty i bezp\u0142atny.<\/strong><\/p>\n<p><strong>Szczeg\u00f3\u0142owe informacje na stronie <\/strong><strong><a href=\"http:\/\/www.samorzad.nid.pl\">www.samorzad.nid.pl<\/a><a href=\"http:\/\/www.samorzad.nid.pl\"><\/a><\/strong><\/p>\n<p>[\/et_pb_accordion_item][et_pb_accordion_item title=&#8221;Do pobrania&#8221; _builder_version=&#8221;4.7.4&#8243; _module_preset=&#8221;default&#8221; global_colors_info=&#8221;{}&#8221; open=&#8221;off&#8221;]<\/p>\n<p><a href=\"https:\/\/nid.pl\/wp-content\/uploads\/2021\/08\/REGULAMIN-KONKURSU-SDD-2021.pdf\" class=\"attachment\" rel=\"attachment wp-att-919\">Regulamin konkursu<\/a><\/p>\n<p><a href=\"https:\/\/nid.pl\/wp-content\/uploads\/2021\/08\/FORMULARZ-ZGLOSZENIA-DO-KONKURSU-SDD-2021.pdf\" class=\"attachment\" rel=\"attachment wp-att-920\">Formularz zg\u0142oszeniowy<\/a><\/p>\n<p><a href=\"https:\/\/nid.pl\/wp-content\/uploads\/2021\/08\/PROCEDURA-OCENY_KONKURS_SDD-2021.pdf\" class=\"attachment\" rel=\"attachment wp-att-1099\">Procedura oceny zg\u0142osze\u0144<\/a><\/p>\n<p>[\/et_pb_accordion_item][et_pb_accordion_item title=&#8221;Kontakt&#8221; open=&#8221;off&#8221; _builder_version=&#8221;4.7.4&#8243; _module_preset=&#8221;default&#8221; global_colors_info=&#8221;{}&#8221;]<\/p>\n<p><strong>Anna Fortuna-Marek<\/strong> &#8211; koordynator konkursu<br \/> e-mail:\u00a0<a href=\"mailto:amarek@nid.pl\" target=\"_blank\" rel=\"noopener noreferrer\">amarek@nid.pl<\/a><\/p>\n<p>Sekretariat konkursu:<br \/> <strong>Narodowy Instytut Dziedzictwa\u00a0Oddzia\u0142 Terenowy w Rzeszowie<\/strong><br \/> ul. Hetma\u0144ska 15,\u00a035-045 Rzesz\u00f3w<\/p>\n<p>[\/et_pb_accordion_item][\/et_pb_accordion][et_pb_text _builder_version=&#8221;4.7.4&#8243; _module_preset=&#8221;default&#8221; locked=&#8221;off&#8221; global_colors_info=&#8221;{}&#8221;]<\/p>\n<p><strong>Galeria<\/strong><\/p>\n<p>[\/et_pb_text][et_pb_video src=&#8221;https:\/\/www.youtube.com\/watch?v=k6gNW5bDfE4&#8243; _builder_version=&#8221;4.7.4&#8243; _module_preset=&#8221;default&#8221; global_colors_info=&#8221;{}&#8221;][\/et_pb_video][et_pb_text _builder_version=&#8221;4.7.4&#8243; _module_preset=&#8221;default&#8221; locked=&#8221;off&#8221; global_colors_info=&#8221;{}&#8221;]<\/p>\n<p><strong>News<\/strong><\/p>\n<p>[\/et_pb_text][et_pb_blog posts_number=&#8221;4&#8243; include_categories=&#8221;32&#8243; excerpt_length=&#8221;150&#8243; show_author=&#8221;off&#8221; show_categories=&#8221;off&#8221; module_class=&#8221;specialPosts&#8221; _builder_version=&#8221;4.7.4&#8243; _module_preset=&#8221;default&#8221; header_font=&#8221;|600|||||||&#8221; header_text_color=&#8221;#e52330&#8243; header_font_size=&#8221;19px&#8221; header_line_height=&#8221;1.2em&#8221; body_text_color=&#8221;#000000&#8243; meta_font=&#8221;||||||||&#8221; meta_text_color=&#8221;#9b9b9b&#8221; read_more_font=&#8221;|700||||on|||&#8221; read_more_text_color=&#8221;#000000&#8243; custom_padding=&#8221;||||false|false&#8221; custom_css_main_element=&#8221;column-count: 4;||column-gap: 25px;&#8221; locked=&#8221;off&#8221; global_colors_info=&#8221;{}&#8221; custom_css_main_element_last_edited=&#8221;on|phone&#8221; custom_css_main_element_tablet=&#8221;column-count: 2;||column-gap: 25px;&#8221; custom_css_main_element_phone=&#8221;column-count: 1;||column-gap: 0px;&#8221;][\/et_pb_blog][et_pb_text _builder_version=&#8221;4.7.4&#8243; _module_preset=&#8221;default&#8221; global_colors_info=&#8221;{}&#8221;]<\/p>\n<p><strong>Archiwum konkursu<\/strong><\/p>\n<p>[\/et_pb_text][et_pb_accordion open_toggle_text_color=&#8221;#e52330&#8243; icon_color=&#8221;#e52330&#8243; _builder_version=&#8221;4.7.4&#8243; _module_preset=&#8221;default&#8221; toggle_font=&#8221;|700|||||||&#8221; custom_margin=&#8221;||||false|false&#8221; locked=&#8221;off&#8221; global_colors_info=&#8221;{}&#8221; custom_padding__hover_enabled=&#8221;on|desktop&#8221;][et_pb_accordion_item title=&#8221;2020&#8243; open=&#8221;on&#8221; open_toggle_background_color=&#8221;#ffffff&#8221; _builder_version=&#8221;4.7.4&#8243; _module_preset=&#8221;default&#8221; custom_margin=&#8221;||-1px||false|false&#8221; global_colors_info=&#8221;{}&#8221; toggle_text_color=&#8221;#e52330&#8243;]<\/p>\n<p>Spo\u015br\u00f3d 26 zg\u0142osze\u0144 spe\u0142niaj\u0105cych kryteria formalne, w tym 16 z gmin miejskich oraz 10 z gmin miejsko-wiejskich i wiejskich, jury pod przewodnictwem prof. UJ dr hab. Moniki Murzyn Kupisz, wybra\u0142o laureat\u00f3w oraz przyzna\u0142o wyr\u00f3\u017cnienia.<\/p>\n<p><strong>Laureat w kategorii gminy miejskie: miasto \u0141\u00f3d\u017a<\/strong><\/p>\n<p><iframe loading=\"lazy\" width=\"560\" height=\"315\" src=\"https:\/\/www.youtube.com\/embed\/ssZOc4_IAh0\" title=\"YouTube video player\" frameborder=\"0\" allow=\"accelerometer; autoplay; clipboard-write; encrypted-media; gyroscope; picture-in-picture\" allowfullscreen=\"\"><\/iframe><\/p>\n<p>Jury, oceniaj\u0105c opracowanie i wdro\u017cenie Gminnego Programu Opieki nad Zabytkami miasta \u0141odzi na lata 2014-2017, nagrodzi\u0142o kompleksowo\u015b\u0107 i wielowymiarowo\u015b\u0107 spojrzenia na dziedzictwo kulturowe miasta, jego zabytki oraz dziedzictwo niematerialne jako wsp\u00f3\u0142czesny potencja\u0142 rozwojowy o znaczeniu to\u017csamo\u015bciowym, ekonomicznym i spo\u0142ecznym, jak r\u00f3wnie\u017c skuteczno\u015b\u0107 i konsekwencj\u0119 we wdra\u017caniu programu opieki nad zabytkami \u0141odzi, przy z\u0142o\u017cono\u015bci zabytkowego zasobu i wielo\u015bci innych wyzwa\u0144 o charakterze spo\u0142ecznym i gospodarczym. Dostrze\u017cone zosta\u0142y tak\u017ce skuteczne dzia\u0142ania w celu uznania za pomnik historii oraz powo\u0142anie parku kulturowego. Nie bez znaczenia dla decyzji jury by\u0142a ogromna skala zrealizowanych zada\u0144 powstrzymuj\u0105cych degradacj\u0119 zabytk\u00f3w i chroni\u0105cych ich warto\u015bci (Mia100 Kamienic, Ksi\u0119\u017cy m\u0142yn, 11 zespo\u0142\u00f3w zieleni). Zauwa\u017cono r\u00f3wnie\u017c zaanga\u017cowanie wielu interesariuszy w realizacj\u0119 zada\u0144 zwi\u0105zanych z ochron\u0105 zabytk\u00f3w, a tak\u017ce du\u017c\u0105 aktywno\u015b\u0107 i pomys\u0142owo\u015b\u0107 miasta w realizacji zada\u0144 promocyjnych i edukacyjnych.<\/p>\n<p><strong>Wyr\u00f3\u017cnienia w kategorii gminy miejskie: Boles\u0142awiec, Gdynia, \u017byrard\u00f3w<\/strong><\/p>\n<p><strong>Laureat w kategorii gminy miejsko-wiejskie i wiejskie: <\/strong><strong>gmina Paczk\u00f3w<\/strong><\/p>\n<p><iframe loading=\"lazy\" width=\"560\" height=\"315\" src=\"https:\/\/www.youtube.com\/embed\/QmmCTP_WO2o\" title=\"YouTube video player\" frameborder=\"0\" allow=\"accelerometer; autoplay; clipboard-write; encrypted-media; gyroscope; picture-in-picture\" allowfullscreen=\"\"><\/iframe><\/p>\n<p>Kapitu\u0142a doceni\u0142a kompleksowo\u015b\u0107 Gminnego Programu Opieki nad Zabytkami Gminy Paczk\u00f3w na lata 2016-2019 w powi\u0105zaniu z wizj\u0105 zagospodarowania przestrzennego gminy oraz rozwoju turystyki na jej terenie jak r\u00f3wnie\u017c r\u00f3\u017cnorodno\u015b\u0107 i wieloaspektowo\u015b\u0107 dzia\u0142a\u0144 zwi\u0105zanych z dziedzictwem kulturowym. Wyr\u00f3\u017cnienie zosta\u0142o przyznane za\u00a0 realizacj\u0119 przedsi\u0119wzi\u0119\u0107 zwi\u0105zanych ze staromiejskim za\u0142o\u017ceniem przestrzennym, wyeksponowaniem walor\u00f3w historycznych i architektonicznych najwa\u017cniejszych dla miasta obiekt\u00f3w.\u00a0 Doceniono wykorzystanie potencja\u0142u dziedzictwa dla rozwoju spo\u0142eczno-gospodarczego miasta, przek\u0142adaj\u0105cego si\u0119 na zwi\u0119kszaj\u0105c\u0105 si\u0119 z roku na rok liczb\u0119 turyst\u00f3w.<\/p>\n<p><strong>Wyr\u00f3\u017cnienia w kategorii gminy miejsko &#8211; wiejskie i wiejskie: gmina Lubin, gmina Wronki, gmina \u017byrak\u00f3w<\/strong><\/p>\n<p>[\/et_pb_accordion_item][\/et_pb_accordion][\/et_pb_column][\/et_pb_row][\/et_pb_section][et_pb_section fb_built=&#8221;1&#8243; _builder_version=&#8221;4.7.4&#8243; _module_preset=&#8221;default&#8221; custom_margin=&#8221;43px||||false|false&#8221; custom_padding=&#8221;0px||0px||false|false&#8221; global_module=&#8221;353&#8243; saved_tabs=&#8221;all&#8221; global_colors_info=&#8221;{}&#8221;][et_pb_row column_structure=&#8221;1_3,1_3,1_3&#8243; use_custom_gutter=&#8221;on&#8221; gutter_width=&#8221;1&#8243; _builder_version=&#8221;4.7.4&#8243; _module_preset=&#8221;default&#8221; background_color=&#8221;rgba(0,0,0,0)&#8221; width=&#8221;100%&#8221; max_width=&#8221;2560px&#8221; custom_padding=&#8221;0px||0px||false|false&#8221; global_colors_info=&#8221;{}&#8221;][et_pb_column type=&#8221;1_3&#8243; _builder_version=&#8221;4.7.4&#8243; _module_preset=&#8221;default&#8221; background_color=&#8221;#e52330&#8243; global_colors_info=&#8221;{}&#8221;][et_pb_blurb title=&#8221;Subskrybuj newsletter NID&#8221; use_icon=&#8221;on&#8221; font_icon=&#8221;&#xe106;||divi||400&#8243; icon_placement=&#8221;left&#8221; image_icon_width=&#8221;50px&#8221; module_class=&#8221;bigButtonModules&#8221; _builder_version=&#8221;4.14.9&#8243; _module_preset=&#8221;default&#8221; header_level=&#8221;h3&#8243; header_font=&#8221;|700|||||||&#8221; header_text_color=&#8221;#ffffff&#8221; body_text_color=&#8221;#ffffff&#8221; background_color=&#8221;#E52330&#8243; custom_margin=&#8221;||||false|false&#8221; custom_padding=&#8221;25px|25px|25px|25px|false|false&#8221; animation=&#8221;off&#8221; link_option_url=&#8221;https:\/\/nid.pl\/newsletter&#8221; custom_css_blurb_image=&#8221;padding-right: 20px;||vertical-align: middle;&#8221; icon_font_size=&#8221;50px&#8221; global_colors_info=&#8221;{}&#8221;]<\/p>\n<p>Zapisz si\u0119 do naszego newslettera i otrzymuj naj\u015bwie\u017csze informacj\u0119 ze \u015bwiata kultury.<\/p>\n<p>[\/et_pb_blurb][\/et_pb_column][et_pb_column type=&#8221;1_3&#8243; _builder_version=&#8221;4.7.4&#8243; _module_preset=&#8221;default&#8221; background_color=&#8221;#e52330&#8243; global_colors_info=&#8221;{}&#8221;][et_pb_blurb title=&#8221;Ksi\u0119garnia NID&#8221; url_new_window=&#8221;on&#8221; use_icon=&#8221;on&#8221; font_icon=&#8221;&#xe022;||divi||400&#8243; icon_placement=&#8221;left&#8221; image_icon_width=&#8221;50px&#8221; module_class=&#8221;bigButtonModules&#8221; _builder_version=&#8221;4.13.0&#8243; _module_preset=&#8221;default&#8221; header_level=&#8221;h3&#8243; header_font=&#8221;|700|||||||&#8221; header_text_color=&#8221;#ffffff&#8221; body_text_color=&#8221;#ffffff&#8221; background_color=&#8221;#444444&#8243; custom_margin=&#8221;||||false|false&#8221; custom_padding=&#8221;25px|25px|25px|25px|false|false&#8221; animation=&#8221;off&#8221; link_option_url=&#8221;https:\/\/ksiegarnia.nid.pl\/&#8221; link_option_url_new_window=&#8221;on&#8221; custom_css_blurb_image=&#8221;padding-right: 20px;||vertical-align: middle;&#8221; icon_font_size=&#8221;50px&#8221; global_colors_info=&#8221;{}&#8221;]<\/p>\n<p>Sprawd\u017a nasze produkty w ksi\u0119garni. Zamawiaj bez wychodzenia z domu ju\u017c teraz!<\/p>\n<p>[\/et_pb_blurb][\/et_pb_column][et_pb_column type=&#8221;1_3&#8243; _builder_version=&#8221;4.7.4&#8243; _module_preset=&#8221;default&#8221; background_color=&#8221;#e52330&#8243; global_colors_info=&#8221;{}&#8221;][et_pb_blurb title=&#8221;Platforma szkoleniowa&#8221; url_new_window=&#8221;on&#8221; use_icon=&#8221;on&#8221; font_icon=&#8221;&#xe0e9;||divi||400&#8243; icon_placement=&#8221;left&#8221; image_icon_width=&#8221;50px&#8221; module_class=&#8221;bigButtonModules&#8221; _builder_version=&#8221;4.13.0&#8243; _module_preset=&#8221;default&#8221; header_level=&#8221;h3&#8243; header_font=&#8221;|700|||||||&#8221; header_text_color=&#8221;#ffffff&#8221; body_text_color=&#8221;#ffffff&#8221; background_color=&#8221;#6b6b6b&#8221; custom_margin=&#8221;||||false|false&#8221; custom_padding=&#8221;25px|25px|25px|25px|false|false&#8221; animation=&#8221;off&#8221; link_option_url=&#8221;https:\/\/szkolenianid.learncom.pl&#8221; link_option_url_new_window=&#8221;on&#8221; custom_css_blurb_image=&#8221;padding-right: 20px;||vertical-align: middle;&#8221; icon_font_size=&#8221;50px&#8221; global_colors_info=&#8221;{}&#8221;]<\/p>\n<p>Zapisz si\u0119 na nasz\u0105 platform\u0119 e-szkoleniow\u0105 i dowiedz si\u0119 jak zarz\u0105dza\u0107 dziedzictwem i wykorzysta\u0107 jego potencja\u0142.<\/p>\n<p>[\/et_pb_blurb][\/et_pb_column][\/et_pb_row][\/et_pb_section]<\/p>","protected":false},"excerpt":{"rendered":"<p>\u2190Powr\u00f3t Og\u00f3lnopolski Konkurs Ministra Kultury i Dziedzictwa Narodowego oraz Generalnego Konserwatora Zabytk\u00f3w pod nazw\u0105 \u201eSamorz\u0105d dla Dziedzictwa\u201d koordynowany jest przez Narodowy Instytut Dziedzictwa. Konkurs ma na celu promocj\u0119 i upowszechnianie [&hellip;]<\/p>","protected":false},"author":1,"featured_media":0,"parent":2470,"menu_order":0,"comment_status":"closed","ping_status":"closed","template":"","meta":{"_et_pb_use_builder":"on","_et_pb_old_content":"","_et_gb_content_width":"","_monsterinsights_skip_tracking":false,"_monsterinsights_sitenote_active":false,"_monsterinsights_sitenote_note":"","_monsterinsights_sitenote_category":0,"footnotes":""},"class_list":["post-1443","page","type-page","status-publish","hentry"],"yoast_head":"<!-- This site is optimized with the Yoast SEO plugin v26.5 - https:\/\/yoast.com\/wordpress\/plugins\/seo\/ -->\n<title>Samorz\u0105d dla Dziedzictwa - NID<\/title>\n<meta name=\"robots\" content=\"index, follow, max-snippet:-1, max-image-preview:large, max-video-preview:-1\" \/>\n<link rel=\"canonical\" href=\"https:\/\/nid.pl\/en\/konkursy\/samorzad-dla-dziedzictwa\/\" \/>\n<meta property=\"og:locale\" content=\"en_GB\" \/>\n<meta property=\"og:type\" content=\"article\" \/>\n<meta property=\"og:title\" content=\"Samorz\u0105d dla Dziedzictwa - NID\" \/>\n<meta property=\"og:description\" content=\"\u2190Powr\u00f3t Og\u00f3lnopolski Konkurs Ministra Kultury i Dziedzictwa Narodowego oraz Generalnego Konserwatora Zabytk\u00f3w pod nazw\u0105 \u201eSamorz\u0105d dla Dziedzictwa\u201d koordynowany jest przez Narodowy Instytut Dziedzictwa. Konkurs ma na celu promocj\u0119 i upowszechnianie [&hellip;]\" \/>\n<meta property=\"og:url\" content=\"https:\/\/nid.pl\/en\/konkursy\/samorzad-dla-dziedzictwa\/\" \/>\n<meta property=\"og:site_name\" content=\"NID\" \/>\n<meta property=\"article:publisher\" content=\"https:\/\/www.facebook.com\/zabytek\" \/>\n<meta property=\"article:modified_time\" content=\"2022-11-25T16:36:55+00:00\" \/>\n<meta name=\"twitter:card\" content=\"summary_large_image\" \/>\n<meta name=\"twitter:site\" content=\"@NarIDpl\" \/>\n<meta name=\"twitter:label1\" content=\"Estimated reading time\" \/>\n\t<meta name=\"twitter:data1\" content=\"8 minutes\" \/>\n<script type=\"application\/ld+json\" class=\"yoast-schema-graph\">{\"@context\":\"https:\/\/schema.org\",\"@graph\":[{\"@type\":\"WebPage\",\"@id\":\"https:\/\/nid.pl\/konkursy\/samorzad-dla-dziedzictwa\/\",\"url\":\"https:\/\/nid.pl\/konkursy\/samorzad-dla-dziedzictwa\/\",\"name\":\"Samorz\u0105d dla Dziedzictwa - NID\",\"isPartOf\":{\"@id\":\"https:\/\/nid.pl\/#website\"},\"datePublished\":\"2021-06-24T11:00:03+00:00\",\"dateModified\":\"2022-11-25T16:36:55+00:00\",\"breadcrumb\":{\"@id\":\"https:\/\/nid.pl\/konkursy\/samorzad-dla-dziedzictwa\/#breadcrumb\"},\"inLanguage\":\"en-GB\",\"potentialAction\":[{\"@type\":\"ReadAction\",\"target\":[\"https:\/\/nid.pl\/konkursy\/samorzad-dla-dziedzictwa\/\"]}]},{\"@type\":\"BreadcrumbList\",\"@id\":\"https:\/\/nid.pl\/konkursy\/samorzad-dla-dziedzictwa\/#breadcrumb\",\"itemListElement\":[{\"@type\":\"ListItem\",\"position\":1,\"name\":\"Home\",\"item\":\"https:\/\/nid.pl\/\"},{\"@type\":\"ListItem\",\"position\":2,\"name\":\"Konkursy\",\"item\":\"https:\/\/nid.pl\/konkursy\/\"},{\"@type\":\"ListItem\",\"position\":3,\"name\":\"Samorz\u0105d dla Dziedzictwa\"}]},{\"@type\":\"WebSite\",\"@id\":\"https:\/\/nid.pl\/#website\",\"url\":\"https:\/\/nid.pl\/\",\"name\":\"NID\",\"description\":\"Narodowy Instytut Dziedzictwa\",\"publisher\":{\"@id\":\"https:\/\/nid.pl\/#organization\"},\"potentialAction\":[{\"@type\":\"SearchAction\",\"target\":{\"@type\":\"EntryPoint\",\"urlTemplate\":\"https:\/\/nid.pl\/?s={search_term_string}\"},\"query-input\":{\"@type\":\"PropertyValueSpecification\",\"valueRequired\":true,\"valueName\":\"search_term_string\"}}],\"inLanguage\":\"en-GB\"},{\"@type\":\"Organization\",\"@id\":\"https:\/\/nid.pl\/#organization\",\"name\":\"Narodowy Instytut Dziedzictwa\",\"url\":\"https:\/\/nid.pl\/\",\"logo\":{\"@type\":\"ImageObject\",\"inLanguage\":\"en-GB\",\"@id\":\"https:\/\/nid.pl\/#\/schema\/logo\/image\/\",\"url\":\"https:\/\/nid.pl\/wp-content\/uploads\/2022\/10\/logoRedDark.png\",\"contentUrl\":\"https:\/\/nid.pl\/wp-content\/uploads\/2022\/10\/logoRedDark.png\",\"width\":200,\"height\":197,\"caption\":\"Narodowy Instytut Dziedzictwa\"},\"image\":{\"@id\":\"https:\/\/nid.pl\/#\/schema\/logo\/image\/\"},\"sameAs\":[\"https:\/\/www.facebook.com\/zabytek\",\"https:\/\/x.com\/NarIDpl\",\"https:\/\/www.instagram.com\/nid.pl\/?hl=pl\",\"https:\/\/www.linkedin.com\/company\/narodowy-instytut-dziedzictwa\",\"https:\/\/www.youtube.com\/channel\/UCQXuhKa2uHtmNvLRUSx40JA\"]}]}<\/script>\n<!-- \/ Yoast SEO plugin. -->","yoast_head_json":{"title":"Samorz\u0105d dla Dziedzictwa - NID","robots":{"index":"index","follow":"follow","max-snippet":"max-snippet:-1","max-image-preview":"max-image-preview:large","max-video-preview":"max-video-preview:-1"},"canonical":"https:\/\/nid.pl\/en\/konkursy\/samorzad-dla-dziedzictwa\/","og_locale":"en_GB","og_type":"article","og_title":"Samorz\u0105d dla Dziedzictwa - NID","og_description":"\u2190Powr\u00f3t Og\u00f3lnopolski Konkurs Ministra Kultury i Dziedzictwa Narodowego oraz Generalnego Konserwatora Zabytk\u00f3w pod nazw\u0105 \u201eSamorz\u0105d dla Dziedzictwa\u201d koordynowany jest przez Narodowy Instytut Dziedzictwa. Konkurs ma na celu promocj\u0119 i upowszechnianie [&hellip;]","og_url":"https:\/\/nid.pl\/en\/konkursy\/samorzad-dla-dziedzictwa\/","og_site_name":"NID","article_publisher":"https:\/\/www.facebook.com\/zabytek","article_modified_time":"2022-11-25T16:36:55+00:00","twitter_card":"summary_large_image","twitter_site":"@NarIDpl","twitter_misc":{"Estimated reading time":"8 minutes"},"schema":{"@context":"https:\/\/schema.org","@graph":[{"@type":"WebPage","@id":"https:\/\/nid.pl\/konkursy\/samorzad-dla-dziedzictwa\/","url":"https:\/\/nid.pl\/konkursy\/samorzad-dla-dziedzictwa\/","name":"Samorz\u0105d dla Dziedzictwa - NID","isPartOf":{"@id":"https:\/\/nid.pl\/#website"},"datePublished":"2021-06-24T11:00:03+00:00","dateModified":"2022-11-25T16:36:55+00:00","breadcrumb":{"@id":"https:\/\/nid.pl\/konkursy\/samorzad-dla-dziedzictwa\/#breadcrumb"},"inLanguage":"en-GB","potentialAction":[{"@type":"ReadAction","target":["https:\/\/nid.pl\/konkursy\/samorzad-dla-dziedzictwa\/"]}]},{"@type":"BreadcrumbList","@id":"https:\/\/nid.pl\/konkursy\/samorzad-dla-dziedzictwa\/#breadcrumb","itemListElement":[{"@type":"ListItem","position":1,"name":"Home","item":"https:\/\/nid.pl\/"},{"@type":"ListItem","position":2,"name":"Konkursy","item":"https:\/\/nid.pl\/konkursy\/"},{"@type":"ListItem","position":3,"name":"Samorz\u0105d dla Dziedzictwa"}]},{"@type":"WebSite","@id":"https:\/\/nid.pl\/#website","url":"https:\/\/nid.pl\/","name":"NID","description":"Narodowy Instytut Dziedzictwa","publisher":{"@id":"https:\/\/nid.pl\/#organization"},"potentialAction":[{"@type":"SearchAction","target":{"@type":"EntryPoint","urlTemplate":"https:\/\/nid.pl\/?s={search_term_string}"},"query-input":{"@type":"PropertyValueSpecification","valueRequired":true,"valueName":"search_term_string"}}],"inLanguage":"en-GB"},{"@type":"Organization","@id":"https:\/\/nid.pl\/#organization","name":"Narodowy Instytut Dziedzictwa","url":"https:\/\/nid.pl\/","logo":{"@type":"ImageObject","inLanguage":"en-GB","@id":"https:\/\/nid.pl\/#\/schema\/logo\/image\/","url":"https:\/\/nid.pl\/wp-content\/uploads\/2022\/10\/logoRedDark.png","contentUrl":"https:\/\/nid.pl\/wp-content\/uploads\/2022\/10\/logoRedDark.png","width":200,"height":197,"caption":"Narodowy Instytut Dziedzictwa"},"image":{"@id":"https:\/\/nid.pl\/#\/schema\/logo\/image\/"},"sameAs":["https:\/\/www.facebook.com\/zabytek","https:\/\/x.com\/NarIDpl","https:\/\/www.instagram.com\/nid.pl\/?hl=pl","https:\/\/www.linkedin.com\/company\/narodowy-instytut-dziedzictwa","https:\/\/www.youtube.com\/channel\/UCQXuhKa2uHtmNvLRUSx40JA"]}]}},"_links":{"self":[{"href":"https:\/\/nid.pl\/en\/wp-json\/wp\/v2\/pages\/1443","targetHints":{"allow":["GET"]}}],"collection":[{"href":"https:\/\/nid.pl\/en\/wp-json\/wp\/v2\/pages"}],"about":[{"href":"https:\/\/nid.pl\/en\/wp-json\/wp\/v2\/types\/page"}],"author":[{"embeddable":true,"href":"https:\/\/nid.pl\/en\/wp-json\/wp\/v2\/users\/1"}],"replies":[{"embeddable":true,"href":"https:\/\/nid.pl\/en\/wp-json\/wp\/v2\/comments?post=1443"}],"version-history":[{"count":0,"href":"https:\/\/nid.pl\/en\/wp-json\/wp\/v2\/pages\/1443\/revisions"}],"up":[{"embeddable":true,"href":"https:\/\/nid.pl\/en\/wp-json\/wp\/v2\/pages\/2470"}],"wp:attachment":[{"href":"https:\/\/nid.pl\/en\/wp-json\/wp\/v2\/media?parent=1443"}],"curies":[{"name":"wp","href":"https:\/\/api.w.org\/{rel}","templated":true}]}}