{"id":1431,"date":"2021-06-24T12:35:22","date_gmt":"2021-06-24T10:35:22","guid":{"rendered":"https:\/\/nid.pl\/?page_id=1431"},"modified":"2021-11-08T16:08:42","modified_gmt":"2021-11-08T15:08:42","slug":"spotkanie-opiekunow-swiatowego-dziedzictwa","status":"publish","type":"page","link":"https:\/\/nid.pl\/en\/spotkanie-opiekunow-swiatowego-dziedzictwa\/","title":{"rendered":"Spotkanie Opiekun\u00f3w \u015awiatowego Dziedzictwa"},"content":{"rendered":"<p>[et_pb_section fb_built=&#8221;1&#8243; _builder_version=&#8221;4.7.4&#8243; _module_preset=&#8221;default&#8221; custom_padding=&#8221;0px||0px|||&#8221;][et_pb_row _builder_version=&#8221;4.7.4&#8243; _module_preset=&#8221;default&#8221; background_image=&#8221;https:\/\/nid.pl\/wp-content\/uploads\/2021\/08\/Dzialalnosc-Spotkanie-Opiekunow-Swiatowego-Dziedzictwa.jpg&#8221; width=&#8221;100%&#8221; max_width=&#8221;100%&#8221; height=&#8221;400px&#8221; custom_margin=&#8221;|auto||auto|false|false&#8221; custom_padding=&#8221;0px||0px|||&#8221;][et_pb_column type=&#8221;4_4&#8243; _builder_version=&#8221;4.7.4&#8243; _module_preset=&#8221;default&#8221;][\/et_pb_column][\/et_pb_row][\/et_pb_section][et_pb_section fb_built=&#8221;1&#8243; _builder_version=&#8221;4.7.4&#8243; _module_preset=&#8221;default&#8221; custom_padding=&#8221;0px|0px|0px|0px|false|false&#8221;][et_pb_row _builder_version=&#8221;4.7.4&#8243; _module_preset=&#8221;default&#8221; width=&#8221;100%&#8221; max_width=&#8221;100%&#8221; custom_padding=&#8221;50px|50px|50px|50px|false|false&#8221;][et_pb_column type=&#8221;4_4&#8243; _builder_version=&#8221;4.7.4&#8243; _module_preset=&#8221;default&#8221;][et_pb_text module_id=&#8221;backButtonBox&#8221; _builder_version=&#8221;4.7.4&#8243; _module_preset=&#8221;default&#8221; custom_margin=&#8221;0px|0px|0px|0px|false|false&#8221; custom_padding=&#8221;0px|0px|0px|0px|false|false&#8221; global_module=&#8221;2594&#8243;]<\/p>\n<div class=\"backButton\" onclick=\"javascript:window.history.back();\"><span>\u2190<\/span>Powr\u00f3t<\/div>\n<p>[\/et_pb_text][et_pb_text _builder_version=&#8221;4.7.4&#8243; _dynamic_attributes=&#8221;content&#8221; _module_preset=&#8221;default&#8221; text_font_size=&#8221;26px&#8221; custom_margin=&#8221;||25px||false|false&#8221; custom_padding=&#8221;||||false|false&#8221;]@ET-DC@eyJkeW5hbWljIjp0cnVlLCJjb250ZW50IjoicG9zdF90aXRsZSIsInNldHRpbmdzIjp7ImJlZm9yZSI6IiIsImFmdGVyIjoiIn19@[\/et_pb_text][et_pb_divider _builder_version=&#8221;4.7.4&#8243; _module_preset=&#8221;default&#8221; background_color=&#8221;#e52330&#8243; height=&#8221;5px&#8221; custom_margin=&#8221;0px||25px||false|false&#8221; custom_padding=&#8221;0px||0px||false|false&#8221;][\/et_pb_divider][et_pb_text _builder_version=&#8221;4.7.4&#8243; _module_preset=&#8221;default&#8221;]<strong>Narodowy Instytut Dziedzictwa<\/strong> to pa\u0144stwowa instytucja kultury, b\u0119d\u0105ca eksperckim i opiniodawczym wsparciem dla Ministra Kultury i Dziedzictwa Narodowego.<\/p>\n<p>Misj\u0105 Narodowego Instytutu Dziedzictwa jest tworzenie podstaw dla zr\u00f3wnowa\u017conej ochrony dziedzictwa kulturowego w celu jego zachowania dla przysz\u0142ych pokole\u0144 poprzez wyznaczanie i upowszechnianie standard\u00f3w ochrony oraz konserwacji zabytk\u00f3w, kszta\u0142towanie \u015bwiadomo\u015bci spo\u0142ecznej w zakresie warto\u015bci i zachowania dziedzictwa kulturowego, a tak\u017ce gromadzenie i upowszechnianie wiedzy o dziedzictwie. Instytut realizuj\u0105c swoje zadania statutowe uznaje, \u017ce zar\u00f3wno zabytki jak i niematerialny dorobek kulturowy poprzednich pokole\u0144 s\u0105 \u015bwiadectwem naszej przesz\u0142o\u015bci i b\u0119d\u0105c wa\u017cn\u0105 cz\u0119\u015bci\u0105 naszego dziedzictwa mog\u0105 stanowi\u0107 trwa\u0142y fundament wsp\u00f3lnej przysz\u0142o\u015bci i zr\u00f3wnowa\u017conego rozwoju naszej Ojczyzny.<\/p>\n<p>Instytut realizuje swoje zadania, wsp\u00f3\u0142pracuj\u0105c ze s\u0142u\u017cbami konserwatorskimi oraz innymi jednostkami organizacyjnymi wyspecjalizowanymi w ochronie zabytk\u00f3w i opiece nad zabytkami, w tym ze szko\u0142ami wy\u017cszymi, instytucjami naukowymi, instytucjami kultury, muzeami, ko\u015bcio\u0142ami i zwi\u0105zkami wyznaniowymi, a tak\u017ce administracj\u0105 rz\u0105dow\u0105 i samorz\u0105dow\u0105 oraz organizacjami pozarz\u0105dowymi.<\/p>\n<p><strong>Dokumenty organizacyjne:<\/strong><\/p>\n<p><a href=\"https:\/\/nid.pl\/wp-content\/uploads\/2021\/02\/Zarzadzenie-wprowadzajace-regulamin-organizacyjny.pdf\" class=\"attachment\" rel=\"attachment wp-att-919\">Zarz\u0105dzenie wprowadzaj\u0105ce regulamin organizacyjny<\/a><\/p>\n<p><a href=\"https:\/\/nid.pl\/wp-content\/uploads\/2021\/02\/STATUT-NID2020oryginal.pdf\" class=\"attachment\" rel=\"attachment wp-att-920\">Statut Narodowego Instytutu Dziedzictwa 2020<\/a><\/p>\n<p><a href=\"https:\/\/nid.pl\/wp-content\/uploads\/2021\/06\/Zarzadzenie-Ministra-Kultury-i-Dziedzictwa-Narodowego-z-13.11.13.pdf\" class=\"attachment\" rel=\"attachment wp-att-1099\">Zarz\u0105dzenie Ministra Kultury i Dziedzictwa Narodowego z 13.11.13<\/a><\/p>\n<p><a class=\"attachment\" href=\"https:\/\/nid.pl\/wp-content\/uploads\/2021\/06\/Zarzadzenie-nr-28-MKiDN-z-dn_24-maja-2011.pdf\" rel=\"attachment wp-att-1096\">Zarz\u0105dzenie nr 28 MKiDN z dn_24 maja 2011<\/a><\/p>\n<p><a class=\"attachment\" href=\"https:\/\/nid.pl\/wp-content\/uploads\/2021\/06\/Zarzadzenie-nr-32-MKiDN-z-dn_23-grudnia-2010-r_-ws_zmiany-nazwy-KOBiDZ.pdf\" rel=\"attachment wp-att-1102\">Zarz\u0105dzenie nr 32 MKiDN z dn_23 grudnia 2010 r_ ws_zmiany nazwy KOBiDZ<\/a><\/p>\n<p><a class=\"attachment\" href=\"https:\/\/nid.pl\/wp-content\/uploads\/2021\/06\/20121231p-86_Z_KOBiDZ.pdf\" rel=\"attachment wp-att-1095\">Zarz\u0105dzenie Ministra Kultury i Dziedzictwa Narodowego, pozycja 86, z dnia 28 grudnia 2012r. zmieniaj\u0105ce zarz\u0105dzenie w sprawie zmiany nazwy i zakresu dzia\u0142ania Krajowego O\u015brodka Bada\u0144 i Dokumentacji Zabytk\u00f3w.<\/a>[\/et_pb_text][\/et_pb_column][\/et_pb_row][\/et_pb_section][et_pb_section fb_built=&#8221;1&#8243; _builder_version=&#8221;4.7.4&#8243; _module_preset=&#8221;default&#8221; custom_margin=&#8221;||||false|false&#8221; custom_padding=&#8221;0px||0px||false|false&#8221; global_module=&#8221;353&#8243; saved_tabs=&#8221;all&#8221;][et_pb_row column_structure=&#8221;1_3,1_3,1_3&#8243; use_custom_gutter=&#8221;on&#8221; gutter_width=&#8221;1&#8243; _builder_version=&#8221;4.7.4&#8243; _module_preset=&#8221;default&#8221; background_color=&#8221;rgba(0,0,0,0)&#8221; width=&#8221;100%&#8221; max_width=&#8221;2560px&#8221; custom_padding=&#8221;0px||0px||false|false&#8221;][et_pb_column type=&#8221;1_3&#8243; _builder_version=&#8221;4.7.4&#8243; _module_preset=&#8221;default&#8221; background_color=&#8221;#e52330&#8243;][et_pb_blurb title=&#8221;Subskrybuj newsletter NID&#8221; use_icon=&#8221;on&#8221; font_icon=&#8221;%%151%%&#8221; icon_placement=&#8221;left&#8221; use_icon_font_size=&#8221;on&#8221; icon_font_size=&#8221;50px&#8221; module_class=&#8221;bigButtonModules&#8221; _builder_version=&#8221;4.7.4&#8243; _module_preset=&#8221;default&#8221; header_level=&#8221;h3&#8243; header_font=&#8221;|700|||||||&#8221; header_text_color=&#8221;#ffffff&#8221; body_text_color=&#8221;#ffffff&#8221; background_color=&#8221;#e52330&#8243; custom_margin=&#8221;||||false|false&#8221; custom_padding=&#8221;25px|25px|25px|25px|false|false&#8221; animation=&#8221;off&#8221; link_option_url=&#8221;https:\/\/nid.pl\/newsletter&#8221; custom_css_blurb_image=&#8221;padding-right: 20px;||vertical-align: middle;&#8221;]<\/p>\n<p>Zapisz si\u0119 do naszego newslettera i otrzymuj naj\u015bwie\u017csze informacj\u0119 ze \u015bwiata kultury.<\/p>\n<p>[\/et_pb_blurb][\/et_pb_column][et_pb_column type=&#8221;1_3&#8243; _builder_version=&#8221;4.7.4&#8243; _module_preset=&#8221;default&#8221; background_color=&#8221;#e52330&#8243;][et_pb_blurb title=&#8221;Ksi\u0119garnia NID&#8221; use_icon=&#8221;on&#8221; font_icon=&#8221;%%127%%&#8221; icon_placement=&#8221;left&#8221; use_icon_font_size=&#8221;on&#8221; icon_font_size=&#8221;50px&#8221; module_class=&#8221;bigButtonModules&#8221; _builder_version=&#8221;4.7.4&#8243; _module_preset=&#8221;default&#8221; header_level=&#8221;h3&#8243; header_font=&#8221;|700|||||||&#8221; header_text_color=&#8221;#ffffff&#8221; body_text_color=&#8221;#ffffff&#8221; background_color=&#8221;#444444&#8243; custom_margin=&#8221;||||false|false&#8221; custom_padding=&#8221;25px|25px|25px|25px|false|false&#8221; animation=&#8221;off&#8221; custom_css_blurb_image=&#8221;padding-right: 20px;||vertical-align: middle;&#8221;]<\/p>\n<p>Sprawd\u017a nasze produkty w ksi\u0119garni. Zamawiaj bez wychodzenia z domu ju\u017c teraz!<\/p>\n<p>[\/et_pb_blurb][\/et_pb_column][et_pb_column type=&#8221;1_3&#8243; _builder_version=&#8221;4.7.4&#8243; _module_preset=&#8221;default&#8221; background_color=&#8221;#e52330&#8243;][et_pb_blurb title=&#8221;Platforma szkoleniowa&#8221; use_icon=&#8221;on&#8221; font_icon=&#8221;%%158%%&#8221; icon_placement=&#8221;left&#8221; use_icon_font_size=&#8221;on&#8221; icon_font_size=&#8221;50px&#8221; module_class=&#8221;bigButtonModules&#8221; _builder_version=&#8221;4.7.4&#8243; _module_preset=&#8221;default&#8221; header_level=&#8221;h3&#8243; header_font=&#8221;|700|||||||&#8221; header_text_color=&#8221;#ffffff&#8221; body_text_color=&#8221;#ffffff&#8221; background_color=&#8221;#6b6b6b&#8221; custom_margin=&#8221;||||false|false&#8221; custom_padding=&#8221;25px|25px|25px|25px|false|false&#8221; animation=&#8221;off&#8221; link_option_url=&#8221;https:\/\/szkolenianid.learncom.pl&#8221; custom_css_blurb_image=&#8221;padding-right: 20px;||vertical-align: middle;&#8221;]<\/p>\n<p>Zapisz si\u0119 na nasz\u0105 platform\u0119 e-szkoleniow\u0105 i dowiedz si\u0119 jak zarz\u0105dza\u0107 dziedzictwem i wykorzysta\u0107 jego potencja\u0142.<\/p>\n<p>[\/et_pb_blurb][\/et_pb_column][\/et_pb_row][\/et_pb_section]<\/p>","protected":false},"excerpt":{"rendered":"<p>\u2190Powr\u00f3tNarodowy Instytut Dziedzictwa to pa\u0144stwowa instytucja kultury, b\u0119d\u0105ca eksperckim i opiniodawczym wsparciem dla Ministra Kultury i Dziedzictwa Narodowego. Misj\u0105 Narodowego Instytutu Dziedzictwa jest tworzenie podstaw dla zr\u00f3wnowa\u017conej ochrony dziedzictwa kulturowego [&hellip;]<\/p>","protected":false},"author":1,"featured_media":0,"parent":0,"menu_order":0,"comment_status":"closed","ping_status":"closed","template":"","meta":{"_et_pb_use_builder":"on","_et_pb_old_content":"","_et_gb_content_width":"","_monsterinsights_skip_tracking":false,"_monsterinsights_sitenote_active":false,"_monsterinsights_sitenote_note":"","_monsterinsights_sitenote_category":0,"footnotes":""},"class_list":["post-1431","page","type-page","status-publish","hentry"],"yoast_head":"<!-- This site is optimized with the Yoast SEO plugin v26.5 - https:\/\/yoast.com\/wordpress\/plugins\/seo\/ -->\n<title>Spotkanie Opiekun\u00f3w \u015awiatowego Dziedzictwa - NID<\/title>\n<meta name=\"robots\" content=\"index, follow, max-snippet:-1, max-image-preview:large, max-video-preview:-1\" \/>\n<link rel=\"canonical\" href=\"https:\/\/nid.pl\/en\/spotkanie-opiekunow-swiatowego-dziedzictwa\/\" \/>\n<meta property=\"og:locale\" content=\"en_GB\" \/>\n<meta property=\"og:type\" content=\"article\" \/>\n<meta property=\"og:title\" content=\"Spotkanie Opiekun\u00f3w \u015awiatowego Dziedzictwa - NID\" \/>\n<meta property=\"og:description\" content=\"\u2190Powr\u00f3tNarodowy Instytut Dziedzictwa to pa\u0144stwowa instytucja kultury, b\u0119d\u0105ca eksperckim i opiniodawczym wsparciem dla Ministra Kultury i Dziedzictwa Narodowego. Misj\u0105 Narodowego Instytutu Dziedzictwa jest tworzenie podstaw dla zr\u00f3wnowa\u017conej ochrony dziedzictwa kulturowego [&hellip;]\" \/>\n<meta property=\"og:url\" content=\"https:\/\/nid.pl\/en\/spotkanie-opiekunow-swiatowego-dziedzictwa\/\" \/>\n<meta property=\"og:site_name\" content=\"NID\" \/>\n<meta property=\"article:publisher\" content=\"https:\/\/www.facebook.com\/zabytek\" \/>\n<meta property=\"article:modified_time\" content=\"2021-11-08T15:08:42+00:00\" \/>\n<meta name=\"twitter:card\" content=\"summary_large_image\" \/>\n<meta name=\"twitter:site\" content=\"@NarIDpl\" \/>\n<meta name=\"twitter:label1\" content=\"Estimated reading time\" \/>\n\t<meta name=\"twitter:data1\" content=\"4 minutes\" \/>\n<script type=\"application\/ld+json\" class=\"yoast-schema-graph\">{\"@context\":\"https:\/\/schema.org\",\"@graph\":[{\"@type\":\"WebPage\",\"@id\":\"https:\/\/nid.pl\/spotkanie-opiekunow-swiatowego-dziedzictwa\/\",\"url\":\"https:\/\/nid.pl\/spotkanie-opiekunow-swiatowego-dziedzictwa\/\",\"name\":\"Spotkanie Opiekun\u00f3w \u015awiatowego Dziedzictwa - NID\",\"isPartOf\":{\"@id\":\"https:\/\/nid.pl\/#website\"},\"datePublished\":\"2021-06-24T10:35:22+00:00\",\"dateModified\":\"2021-11-08T15:08:42+00:00\",\"breadcrumb\":{\"@id\":\"https:\/\/nid.pl\/spotkanie-opiekunow-swiatowego-dziedzictwa\/#breadcrumb\"},\"inLanguage\":\"en-GB\",\"potentialAction\":[{\"@type\":\"ReadAction\",\"target\":[\"https:\/\/nid.pl\/spotkanie-opiekunow-swiatowego-dziedzictwa\/\"]}]},{\"@type\":\"BreadcrumbList\",\"@id\":\"https:\/\/nid.pl\/spotkanie-opiekunow-swiatowego-dziedzictwa\/#breadcrumb\",\"itemListElement\":[{\"@type\":\"ListItem\",\"position\":1,\"name\":\"Home\",\"item\":\"https:\/\/nid.pl\/\"},{\"@type\":\"ListItem\",\"position\":2,\"name\":\"Spotkanie Opiekun\u00f3w \u015awiatowego Dziedzictwa\"}]},{\"@type\":\"WebSite\",\"@id\":\"https:\/\/nid.pl\/#website\",\"url\":\"https:\/\/nid.pl\/\",\"name\":\"NID\",\"description\":\"Narodowy Instytut Dziedzictwa\",\"publisher\":{\"@id\":\"https:\/\/nid.pl\/#organization\"},\"potentialAction\":[{\"@type\":\"SearchAction\",\"target\":{\"@type\":\"EntryPoint\",\"urlTemplate\":\"https:\/\/nid.pl\/?s={search_term_string}\"},\"query-input\":{\"@type\":\"PropertyValueSpecification\",\"valueRequired\":true,\"valueName\":\"search_term_string\"}}],\"inLanguage\":\"en-GB\"},{\"@type\":\"Organization\",\"@id\":\"https:\/\/nid.pl\/#organization\",\"name\":\"Narodowy Instytut Dziedzictwa\",\"url\":\"https:\/\/nid.pl\/\",\"logo\":{\"@type\":\"ImageObject\",\"inLanguage\":\"en-GB\",\"@id\":\"https:\/\/nid.pl\/#\/schema\/logo\/image\/\",\"url\":\"https:\/\/nid.pl\/wp-content\/uploads\/2022\/10\/logoRedDark.png\",\"contentUrl\":\"https:\/\/nid.pl\/wp-content\/uploads\/2022\/10\/logoRedDark.png\",\"width\":200,\"height\":197,\"caption\":\"Narodowy Instytut Dziedzictwa\"},\"image\":{\"@id\":\"https:\/\/nid.pl\/#\/schema\/logo\/image\/\"},\"sameAs\":[\"https:\/\/www.facebook.com\/zabytek\",\"https:\/\/x.com\/NarIDpl\",\"https:\/\/www.instagram.com\/nid.pl\/?hl=pl\",\"https:\/\/www.linkedin.com\/company\/narodowy-instytut-dziedzictwa\",\"https:\/\/www.youtube.com\/channel\/UCQXuhKa2uHtmNvLRUSx40JA\"]}]}<\/script>\n<!-- \/ Yoast SEO plugin. -->","yoast_head_json":{"title":"Spotkanie Opiekun\u00f3w \u015awiatowego Dziedzictwa - NID","robots":{"index":"index","follow":"follow","max-snippet":"max-snippet:-1","max-image-preview":"max-image-preview:large","max-video-preview":"max-video-preview:-1"},"canonical":"https:\/\/nid.pl\/en\/spotkanie-opiekunow-swiatowego-dziedzictwa\/","og_locale":"en_GB","og_type":"article","og_title":"Spotkanie Opiekun\u00f3w \u015awiatowego Dziedzictwa - NID","og_description":"\u2190Powr\u00f3tNarodowy Instytut Dziedzictwa to pa\u0144stwowa instytucja kultury, b\u0119d\u0105ca eksperckim i opiniodawczym wsparciem dla Ministra Kultury i Dziedzictwa Narodowego. Misj\u0105 Narodowego Instytutu Dziedzictwa jest tworzenie podstaw dla zr\u00f3wnowa\u017conej ochrony dziedzictwa kulturowego [&hellip;]","og_url":"https:\/\/nid.pl\/en\/spotkanie-opiekunow-swiatowego-dziedzictwa\/","og_site_name":"NID","article_publisher":"https:\/\/www.facebook.com\/zabytek","article_modified_time":"2021-11-08T15:08:42+00:00","twitter_card":"summary_large_image","twitter_site":"@NarIDpl","twitter_misc":{"Estimated reading time":"4 minutes"},"schema":{"@context":"https:\/\/schema.org","@graph":[{"@type":"WebPage","@id":"https:\/\/nid.pl\/spotkanie-opiekunow-swiatowego-dziedzictwa\/","url":"https:\/\/nid.pl\/spotkanie-opiekunow-swiatowego-dziedzictwa\/","name":"Spotkanie Opiekun\u00f3w \u015awiatowego Dziedzictwa - NID","isPartOf":{"@id":"https:\/\/nid.pl\/#website"},"datePublished":"2021-06-24T10:35:22+00:00","dateModified":"2021-11-08T15:08:42+00:00","breadcrumb":{"@id":"https:\/\/nid.pl\/spotkanie-opiekunow-swiatowego-dziedzictwa\/#breadcrumb"},"inLanguage":"en-GB","potentialAction":[{"@type":"ReadAction","target":["https:\/\/nid.pl\/spotkanie-opiekunow-swiatowego-dziedzictwa\/"]}]},{"@type":"BreadcrumbList","@id":"https:\/\/nid.pl\/spotkanie-opiekunow-swiatowego-dziedzictwa\/#breadcrumb","itemListElement":[{"@type":"ListItem","position":1,"name":"Home","item":"https:\/\/nid.pl\/"},{"@type":"ListItem","position":2,"name":"Spotkanie Opiekun\u00f3w \u015awiatowego Dziedzictwa"}]},{"@type":"WebSite","@id":"https:\/\/nid.pl\/#website","url":"https:\/\/nid.pl\/","name":"NID","description":"Narodowy Instytut Dziedzictwa","publisher":{"@id":"https:\/\/nid.pl\/#organization"},"potentialAction":[{"@type":"SearchAction","target":{"@type":"EntryPoint","urlTemplate":"https:\/\/nid.pl\/?s={search_term_string}"},"query-input":{"@type":"PropertyValueSpecification","valueRequired":true,"valueName":"search_term_string"}}],"inLanguage":"en-GB"},{"@type":"Organization","@id":"https:\/\/nid.pl\/#organization","name":"Narodowy Instytut Dziedzictwa","url":"https:\/\/nid.pl\/","logo":{"@type":"ImageObject","inLanguage":"en-GB","@id":"https:\/\/nid.pl\/#\/schema\/logo\/image\/","url":"https:\/\/nid.pl\/wp-content\/uploads\/2022\/10\/logoRedDark.png","contentUrl":"https:\/\/nid.pl\/wp-content\/uploads\/2022\/10\/logoRedDark.png","width":200,"height":197,"caption":"Narodowy Instytut Dziedzictwa"},"image":{"@id":"https:\/\/nid.pl\/#\/schema\/logo\/image\/"},"sameAs":["https:\/\/www.facebook.com\/zabytek","https:\/\/x.com\/NarIDpl","https:\/\/www.instagram.com\/nid.pl\/?hl=pl","https:\/\/www.linkedin.com\/company\/narodowy-instytut-dziedzictwa","https:\/\/www.youtube.com\/channel\/UCQXuhKa2uHtmNvLRUSx40JA"]}]}},"_links":{"self":[{"href":"https:\/\/nid.pl\/en\/wp-json\/wp\/v2\/pages\/1431","targetHints":{"allow":["GET"]}}],"collection":[{"href":"https:\/\/nid.pl\/en\/wp-json\/wp\/v2\/pages"}],"about":[{"href":"https:\/\/nid.pl\/en\/wp-json\/wp\/v2\/types\/page"}],"author":[{"embeddable":true,"href":"https:\/\/nid.pl\/en\/wp-json\/wp\/v2\/users\/1"}],"replies":[{"embeddable":true,"href":"https:\/\/nid.pl\/en\/wp-json\/wp\/v2\/comments?post=1431"}],"version-history":[{"count":0,"href":"https:\/\/nid.pl\/en\/wp-json\/wp\/v2\/pages\/1431\/revisions"}],"wp:attachment":[{"href":"https:\/\/nid.pl\/en\/wp-json\/wp\/v2\/media?parent=1431"}],"curies":[{"name":"wp","href":"https:\/\/api.w.org\/{rel}","templated":true}]}}