{"id":10390,"date":"2023-04-03T12:58:04","date_gmt":"2023-04-03T10:58:04","guid":{"rendered":"https:\/\/nid.pl\/?page_id=10390"},"modified":"2026-04-14T13:12:25","modified_gmt":"2026-04-14T11:12:25","slug":"niematerialne-przekaz-dalej","status":"publish","type":"page","link":"https:\/\/nid.pl\/en\/dotacje\/niematerialne-przekaz-dalej\/","title":{"rendered":"Niematerialne \u2013 przeka\u017c dalej"},"content":{"rendered":"<p>[et_pb_section fb_built=&#8221;1&#8243; _builder_version=&#8221;4.16&#8243; _module_preset=&#8221;default&#8221; custom_padding=&#8221;0px|0px|0px|0px|false|false&#8221; global_colors_info=&#8221;{}&#8221;][et_pb_row _builder_version=&#8221;4.16&#8243; _module_preset=&#8221;default&#8221; background_image=&#8221;https:\/\/nid.pl\/wp-content\/uploads\/2023\/04\/Header-niematerialne-przekaz-dajej-2.jpg&#8221; width=&#8221;100%&#8221; max_width=&#8221;100%&#8221; height=&#8221;400px&#8221; custom_margin=&#8221;|auto||auto|false|false&#8221; custom_padding=&#8221;0px||0px|||&#8221; global_colors_info=&#8221;{}&#8221;][et_pb_column type=&#8221;4_4&#8243; _builder_version=&#8221;4.16&#8243; _module_preset=&#8221;default&#8221; background_image=&#8221;https:\/\/nid.pl\/wp-content\/uploads\/2023\/03\/Header-dziedzictwo-niematerialne.png&#8221; global_colors_info=&#8221;{}&#8221;][\/et_pb_column][\/et_pb_row][et_pb_row _builder_version=&#8221;4.27.4&#8243; _module_preset=&#8221;default&#8221; width=&#8221;100%&#8221; max_width=&#8221;100%&#8221; custom_padding=&#8221;50px|50px|50px|50px|false|false&#8221; global_colors_info=&#8221;{}&#8221;][et_pb_column type=&#8221;4_4&#8243; _builder_version=&#8221;4.16&#8243; _module_preset=&#8221;default&#8221; global_colors_info=&#8221;{}&#8221;][et_pb_text module_id=&#8221;backButtonBox&#8221; _builder_version=&#8221;4.7.4&#8243; _module_preset=&#8221;default&#8221; custom_margin=&#8221;0px|0px|0px|0px|false|false&#8221; custom_padding=&#8221;0px|0px|0px|0px|false|false&#8221; global_module=&#8221;2594&#8243; locked=&#8221;off&#8221; global_colors_info=&#8221;{}&#8221;]<\/p>\n<div class=\"backButton\" onclick=\"javascript:window.history.back();\"><span>\u2190<\/span>Powr\u00f3t<\/div>\n<p>[\/et_pb_text][et_pb_text _builder_version=&#8221;4.16&#8243; _dynamic_attributes=&#8221;content&#8221; _module_preset=&#8221;default&#8221; text_font_size=&#8221;26px&#8221; custom_margin=&#8221;||25px||false|false&#8221; custom_padding=&#8221;||||false|false&#8221; global_colors_info=&#8221;{}&#8221;]@ET-DC@eyJkeW5hbWljIjp0cnVlLCJjb250ZW50IjoicG9zdF90aXRsZSIsInNldHRpbmdzIjp7ImJlZm9yZSI6IiIsImFmdGVyIjoiIn19@[\/et_pb_text][et_pb_divider _builder_version=&#8221;4.16&#8243; _module_preset=&#8221;default&#8221; background_color=&#8221;#e52330&#8243; height=&#8221;5px&#8221; custom_margin=&#8221;0px||25px||false|false&#8221; custom_padding=&#8221;0px||0px||false|false&#8221; global_colors_info=&#8221;{}&#8221;][\/et_pb_divider][et_pb_accordion icon_color=&#8221;#e52330&#8243; module_class=&#8221;specialAccordion keepOpenAccordion&#8221; _builder_version=&#8221;4.27.5&#8243; _module_preset=&#8221;default&#8221; hover_enabled=&#8221;0&#8243; locked=&#8221;off&#8221; global_colors_info=&#8221;{}&#8221; sticky_enabled=&#8221;0&#8243;][et_pb_accordion_item title=&#8221;O programie&#8221; open=&#8221;on&#8221; _builder_version=&#8221;4.27.5&#8243; _module_preset=&#8221;default&#8221; global_colors_info=&#8221;{}&#8221;]<\/p>\n<p>G\u0142\u00f3wnym celem programu <strong>\u201eNiematerialne \u2013 przeka\u017c dalej\u201d<\/strong> jest wspieranie projekt\u00f3w s\u0142u\u017c\u0105cych wzmocnieniu przekazu pokoleniowego, ochrony i popularyzacji zjawisk wpisanych na <a href=\"https:\/\/niematerialne.nid.pl\/niematerialne-dziedzictwo-kulturowe\/krajowa-lista-niematerialnego-dziedzictwa-kulturowego\/\"><strong>Krajow\u0105 list\u0119 niematerialnego dziedzictwa kulturowego<\/strong><\/a> oraz praktyk wpisanych do <strong><a href=\"https:\/\/niematerialne.nid.pl\/niematerialne-dziedzictwo-kulturowe\/krajowa-lista-niematerialnego-dziedzictwa-kulturowego\/\" target=\"_blank\" rel=\"noopener\" title=\"Link zostanie otwarty w nowym oknie\">Krajowego rejestru dobrych praktyk w ochronie niematerialnego dziedzictwa kulturowego<\/a><\/strong>. Dzia\u0142ania realizowane w ramach programu powinny zwi\u0119ksza\u0107 wiedz\u0119 spo\u0142ecze\u0144stwa na temat roli tego dziedzictwa w kulturze lokalnej i og\u00f3lnopolskiej, aktywizowa\u0107 spo\u0142eczno\u015bci lokalne i budowa\u0107 sieci wsp\u00f3\u0142pracy w zakresie poznawania, ochrony i opieki nad dziedzictwem niematerialnym.<\/p>\n<p>O dofinansowanie w ramach programu mog\u0105 ubiega\u0107 si\u0119:<\/p>\n<ol>\n<li style=\"list-style-type: none;\">\n<ol>\n<li>organizacje pozarz\u0105dowe b\u0119d\u0105ce podmiotami prawa polskiego,<\/li>\n<li>samorz\u0105dowe instytucje kultury, z wy\u0142\u0105czeniem wsp\u00f3\u0142prowadzonych przez Ministra Kultury i Dziedzictwa Narodowego,<\/li>\n<li>ko\u015bcio\u0142y i zwi\u0105zki wyznaniowe.<\/li>\n<\/ol>\n<\/li>\n<\/ol>\n<p>Program \u201eNiematerialne \u2013 przeka\u017c dalej\u201d adresowany jest do Depozytariuszy wskazanych wy\u017cej zjawisk i dobrych praktyk, dlatego udzia\u0142 Depozytariuszy w realizacji zg\u0142aszanych do konkursu zada\u0144 jest jednym z warunk\u00f3w poprawno\u015bci wniosku o dofinansowanie.<\/p>\n<p>W ramach Programu wnioskodawcy mog\u0105 ubiega\u0107 si\u0119 o dofinansowanie zada\u0144 zwi\u0105zanych ze zjawiskami\/ elementami wpisanymi na Krajow\u0105 list\u0119 niematerialnego dziedzictwa kulturowego, obejmuj\u0105cych:<\/p>\n<ol>\n<li style=\"list-style-type: none;\">\n<ol>\n<li>projekty wspieraj\u0105ce mi\u0119dzypokoleniowy przekaz wiedzy i umiej\u0119tno\u015bci, prowadz\u0105ce do nabycia nowych kompetencji we wszystkich dziedzinach zwi\u0105zanych z danym zjawiskiem;<\/li>\n<li>dzia\u0142ania edukacyjne prowadz\u0105ce do wzmocnienia \u015bwiadomo\u015bci spo\u0142ecznej, szczeg\u00f3lnie w\u015br\u00f3d m\u0142odego pokolenia, na temat roli dziedzictwa niematerialnego w kulturze lokalnej i og\u00f3lnopolskiej;<\/li>\n<li>dzia\u0142ania zwi\u0105zane z dokumentowaniem element\u00f3w niematerialnego dziedzictwa prowadz\u0105ce do zachowania ich dla kolejnych pokole\u0144.<\/li>\n<\/ol>\n<\/li>\n<\/ol>\n<p>Program \u201eNiematerialne \u2013 przeka\u017c dalej\u201d zosta\u0142 og\u0142oszony po raz pierwszy w 2023 r., w zwi\u0105zku z 20. rocznic\u0105 powstania Konwencji UNESCO w sprawie ochrony niematerialnego dziedzictwa kulturowego oraz 10. rocznic\u0105 Krajowej listy niematerialnego dziedzictwa kulturowego.\u00a0<strong><\/strong><\/p>\n<p>Wnioski o dofinansowanie mo\u017cna sk\u0142ada\u0107 na platformie <strong><a href=\"https:\/\/witkac.pl\/Account\/Login#\/Contest\/View\/42050\">Witkac.pl<\/a><\/strong>, <strong>od 8 kwietnia do 8 maja 2026 r. do godz. 15.00<\/strong>.<\/p>\n<p>W zak\u0142adce \u201e<a href=\"#npddopobrania\"><strong>Do pobrania<\/strong><\/a>\u201d poni\u017cej zamieszczony jest Regulamin Programu oraz Instrukcja wype\u0142niania wniosku o dofinansowanie. Materia\u0142y dotycz\u0105ce programu b\u0119d\u0105 aktualizowane.<\/p>\n<p><strong>Program jest realizowany ze \u015brodk\u00f3w Ministra Kultury i Dziedzictwa Narodowego.<\/strong><\/p>\n<blockquote>\n<p>\u00a0<img loading=\"lazy\" decoding=\"async\" src=\"https:\/\/nid.pl\/wp-content\/uploads\/2022\/10\/MKiDN-01-2022.png\" alt=\"Ministerstwo Kultury i Dziedzictwa Narodowego\" width=\"387\" height=\"109\" \/><\/p>\n<\/blockquote>\n<p>[\/et_pb_accordion_item][et_pb_accordion_item title=&#8221;Do pobrania&#8221; _builder_version=&#8221;4.27.5&#8243; _module_preset=&#8221;default&#8221; hover_enabled=&#8221;0&#8243; global_colors_info=&#8221;{}&#8221; open=&#8221;off&#8221; sticky_enabled=&#8221;0&#8243;]<a id=\"npddopobrania\"><\/a><\/p>\n<p><a class=\"attachment\" href=\"https:\/\/nid.pl\/wp-content\/uploads\/2026\/04\/NPD_Regulamin-Niematerialne-przekaz-dalej-2026.pdf\" target=\"_blank\" rel=\"noopener\">Regulamin Programu<\/a><\/p>\n<p><a class=\"attachment\" href=\"https:\/\/nid.pl\/wp-content\/uploads\/2026\/04\/NPD_formularz-deklaracji-zgody-Depozytariusza.docx\" target=\"_blank\" rel=\"noopener\">Formularz deklaracji zgody Depozytariusza (za\u0142\u0105cznik nr 5 do Regulaminu)<\/a><\/p>\n<p><a class=\"attachment\" href=\"https:\/\/nid.pl\/wp-content\/uploads\/2026\/04\/NPD_Instrukcja-wypelniania-wniosku-2026.pdf\" target=\"_blank\" rel=\"noopener\">Instrukcja wype\u0142niania wniosku Niematerialne \u2013 przeka\u017c dalej 2026<\/a>[\/et_pb_accordion_item][et_pb_accordion_item title=&#8221;Kontakt&#8221; _builder_version=&#8221;4.27.5&#8243; _module_preset=&#8221;default&#8221; global_colors_info=&#8221;{}&#8221; open=&#8221;off&#8221;]<\/p>\n<p>Szczeg\u00f3\u0142owych informacji udziela w godz. 12.00-16.00 (pn-pt)<br \/><strong>Ma\u0142gorzata Brzozowska<\/strong><br \/>tel.: +48 22 55 15 648<br \/>mobile: +48 507 185 592<br \/>e-mail: <a href=\"mailto:mbrzozowska@nid.pl\" target=\"_blank\" rel=\"noopener\">mbrzozowska@nid.pl<\/a><\/p>\n<p>[\/et_pb_accordion_item][\/et_pb_accordion][et_pb_text _builder_version=&#8221;4.16&#8243; _module_preset=&#8221;default&#8221; locked=&#8221;off&#8221; global_colors_info=&#8221;{}&#8221;]<\/p>\n<p><strong>News<\/strong><\/p>\n<p>[\/et_pb_text][et_pb_blog posts_number=&#8221;4&#8243; include_categories=&#8221;80&#8243; excerpt_length=&#8221;150&#8243; show_author=&#8221;off&#8221; show_categories=&#8221;off&#8221; module_class=&#8221;specialPosts&#8221; _builder_version=&#8221;4.16&#8243; _module_preset=&#8221;default&#8221; header_font=&#8221;|600|||||||&#8221; header_text_color=&#8221;#e52330&#8243; header_font_size=&#8221;19px&#8221; header_line_height=&#8221;1.2em&#8221; body_text_color=&#8221;#000000&#8243; meta_font=&#8221;||||||||&#8221; meta_text_color=&#8221;#9b9b9b&#8221; read_more_font=&#8221;|700||||on|||&#8221; read_more_text_color=&#8221;#000000&#8243; custom_padding=&#8221;||||false|false&#8221; custom_css_main_element=&#8221;column-count: 4;||column-gap: 25px;&#8221; locked=&#8221;off&#8221; global_colors_info=&#8221;{}&#8221; custom_css_main_element_last_edited=&#8221;on|phone&#8221; custom_css_main_element_tablet=&#8221;column-count: 2;||column-gap: 25px;&#8221; custom_css_main_element_phone=&#8221;column-count: 1;||column-gap: 0px;&#8221;][\/et_pb_blog][et_pb_text _builder_version=&#8221;4.27.4&#8243; _module_preset=&#8221;default&#8221; locked=&#8221;off&#8221; global_colors_info=&#8221;{}&#8221;]<\/p>\n<p><strong>Galeria\u00a0<\/strong><\/p>\n<p>[\/et_pb_text][et_pb_text _builder_version=&#8221;4.27.5&#8243; _module_preset=&#8221;default&#8221; locked=&#8221;off&#8221; global_colors_info=&#8221;{}&#8221;]<\/p>\n<p><span style=\"color: #e52330;\"><strong>2025<\/strong><\/span><\/p>\n<p>[\/et_pb_text][et_pb_gallery gallery_ids=&#8221;31888,31889,31887,31890&#8243; show_pagination=&#8221;off&#8221; _builder_version=&#8221;4.27.5&#8243; _module_preset=&#8221;default&#8221; title_level=&#8221;h6&#8243; locked=&#8221;off&#8221; global_colors_info=&#8221;{}&#8221;][\/et_pb_gallery][et_pb_text _builder_version=&#8221;4.27.4&#8243; _module_preset=&#8221;default&#8221; locked=&#8221;off&#8221; global_colors_info=&#8221;{}&#8221;]<\/p>\n<p><span style=\"color: #e52330;\"><strong>2024<\/strong><\/span><\/p>\n<p>[\/et_pb_text][et_pb_gallery gallery_ids=&#8221;26426,26427,26428,26429&#8243; _builder_version=&#8221;4.27.4&#8243; _module_preset=&#8221;default&#8221; title_level=&#8221;h6&#8243; locked=&#8221;off&#8221; global_colors_info=&#8221;{}&#8221;][\/et_pb_gallery][et_pb_text _builder_version=&#8221;4.24.2&#8243; _module_preset=&#8221;default&#8221; locked=&#8221;off&#8221; global_colors_info=&#8221;{}&#8221;]<\/p>\n<p><span style=\"color: #e52330;\"><strong>2023<\/strong><\/span><\/p>\n<p>[\/et_pb_text][et_pb_gallery gallery_ids=&#8221;26433,26431,26434,26432&#8243; admin_label=&#8221;Niematerialne &#8211; przeka\u017c dalej 2025&#8243; _builder_version=&#8221;4.27.5&#8243; _module_preset=&#8221;default&#8221; title_level=&#8221;h6&#8243; locked=&#8221;off&#8221; global_colors_info=&#8221;{}&#8221;][\/et_pb_gallery][et_pb_text _builder_version=&#8221;4.24.2&#8243; _module_preset=&#8221;default&#8221; locked=&#8221;off&#8221; global_colors_info=&#8221;{}&#8221;]<\/p>\n<p><strong>Archiwum programu<\/strong><\/p>\n<p>[\/et_pb_text][et_pb_accordion icon_color=&#8221;#e52330&#8243; _builder_version=&#8221;4.27.5&#8243; _module_preset=&#8221;default&#8221; locked=&#8221;off&#8221; global_colors_info=&#8221;{}&#8221;][et_pb_accordion_item title=&#8221;2025&#8243; open=&#8221;on&#8221; _builder_version=&#8221;4.27.5&#8243; _module_preset=&#8221;default&#8221; custom_margin=&#8221;0px||0px||false|false&#8221; global_colors_info=&#8221;{}&#8221;]<\/p>\n<p><a class=\"attachment\" href=\"https:\/\/nid.pl\/wp-content\/uploads\/2025\/07\/Wyniki-naboru.-Niematerialne-przekaz-dalej-2025.pdf\" target=\"_blank\" rel=\"noopener\">Wyniki naboru 2025<\/a><\/p>\n<p><a class=\"attachment\" href=\"https:\/\/nid.pl\/wp-content\/uploads\/2025\/07\/Sklad-Zespolu-sterujacego-Niemateirlane-przekaz-dalej-2025.pdf\" target=\"_blank\" rel=\"noopener\">Sk\u0142ad Zespo\u0142u steruj\u0105cego 2025<\/a><\/p>\n<p><a class=\"attachment\" href=\"https:\/\/nid.pl\/wp-content\/uploads\/2025\/04\/Regulamin-programu-Niematerialne-przekaz-dalej-2025.pdf\" target=\"_blank\" rel=\"noopener\">Regulamin Programu 2025<\/a><\/p>\n<p>[\/et_pb_accordion_item][et_pb_accordion_item title=&#8221;2024&#8243; _builder_version=&#8221;4.27.4&#8243; _module_preset=&#8221;default&#8221; custom_margin=&#8221;0px||0px||false|false&#8221; global_colors_info=&#8221;{}&#8221; open=&#8221;off&#8221;]<\/p>\n<p><a class=\"attachment\" href=\"https:\/\/nid.pl\/wp-content\/uploads\/2024\/08\/Niematerialne-przekaz-dalej_Wyniki-naboru-2024.pdf\" target=\"_blank\" rel=\"noopener\" title=\"Link zostanie otwarty w nowym oknie\">Wyniki naboru 2024<\/a><\/p>\n<p><a class=\"attachment\" href=\"https:\/\/nid.pl\/wp-content\/uploads\/2025\/04\/Niematerialne-przekaz-dalej-2024-Sklad-Zespolu-sterujacego.pdf\" target=\"_blank\" rel=\"noopener\" title=\"Link zostanie otwarty w nowym oknie\">Sk\u0142ad Zespo\u0142u steruj\u0105cego 2024<\/a><\/p>\n<p><a class=\"attachment\" href=\"https:\/\/nid.pl\/wp-content\/uploads\/2024\/04\/Regulamin-programu-Niematerialne-przekaz-dalej-2024.pdf\" target=\"_blank\" rel=\"noopener noreferrer\" title=\"Plik zostanie otwarty w nowym oknie\">Regulamin programu 2024<\/a><span><\/span><\/p>\n<p>[\/et_pb_accordion_item][et_pb_accordion_item title=&#8221;2023&#8243; _builder_version=&#8221;4.27.4&#8243; _module_preset=&#8221;default&#8221; global_colors_info=&#8221;{}&#8221; open=&#8221;off&#8221;]<\/p>\n<p><a class=\"attachment\" href=\"https:\/\/nid.pl\/wp-content\/uploads\/2023\/07\/Niematerialne-przekaz-dalej.-Wyniki-naboru-wnioskow-2023.pdf\" target=\"_blank\" rel=\"noopener\" title=\"Link zostanie otwarty w nowym oknie\">Wyniki naboru 2023<\/a><\/p>\n<p><a class=\"attachment\" href=\"https:\/\/nid.pl\/wp-content\/uploads\/2023\/07\/Niematerialne-przekaz-dalej.Sklad-Zespolu-sterujacego-2023.pdf\" target=\"_blank\" rel=\"noopener\" title=\"Link zostanie otwarty w nowym oknie\">Sk\u0142ad Zespo\u0142u steruj\u0105cego 2023<\/a><\/p>\n<p><a class=\"attachment\" href=\"https:\/\/nid.pl\/wp-content\/uploads\/2023\/04\/Regulamin-programu-Niematerialne-przekaz-dalej-2023.pdf\" target=\"_blank\" rel=\"noopener noreferrer\" title=\"Plik zostanie otwarty w nowym oknie\">Regulamin programu 2023<\/a><span><\/span><\/p>\n<p>[\/et_pb_accordion_item][\/et_pb_accordion][et_pb_code _builder_version=&#8221;4.27.4&#8243; _module_preset=&#8221;default&#8221; global_colors_info=&#8221;{}&#8221;][\/et_pb_code][\/et_pb_column][\/et_pb_row][\/et_pb_section][et_pb_section fb_built=&#8221;1&#8243; _builder_version=&#8221;4.7.4&#8243; _module_preset=&#8221;default&#8221; custom_margin=&#8221;43px||||false|false&#8221; custom_padding=&#8221;0px||0px||false|false&#8221; global_module=&#8221;353&#8243; saved_tabs=&#8221;all&#8221; global_colors_info=&#8221;{}&#8221;][et_pb_row column_structure=&#8221;1_3,1_3,1_3&#8243; use_custom_gutter=&#8221;on&#8221; gutter_width=&#8221;1&#8243; _builder_version=&#8221;4.16&#8243; _module_preset=&#8221;default&#8221; background_color=&#8221;rgba(0,0,0,0)&#8221; width=&#8221;100%&#8221; max_width=&#8221;2560px&#8221; custom_padding=&#8221;0px||0px||false|false&#8221; global_colors_info=&#8221;{}&#8221;][et_pb_column type=&#8221;1_3&#8243; _builder_version=&#8221;4.16&#8243; _module_preset=&#8221;default&#8221; background_color=&#8221;#e52330&#8243; global_colors_info=&#8221;{}&#8221;][et_pb_blurb title=&#8221;Logotypy NID&#8221; url_new_window=&#8221;on&#8221; use_icon=&#8221;on&#8221; font_icon=&#8221;&#xe004;||divi||400&#8243; icon_placement=&#8221;left&#8221; image_icon_width=&#8221;50px&#8221; module_class=&#8221;bigButtonModules&#8221; _builder_version=&#8221;4.27.2&#8243; _module_preset=&#8221;default&#8221; header_level=&#8221;h3&#8243; header_font=&#8221;|700|||||||&#8221; header_text_color=&#8221;#ffffff&#8221; body_text_color=&#8221;#ffffff&#8221; background_color=&#8221;#E52330&#8243; custom_margin=&#8221;||||false|false&#8221; custom_padding=&#8221;25px|25px|25px|25px|false|false&#8221; animation=&#8221;off&#8221; link_option_url=&#8221;https:\/\/nid.pl\/logotypy\/&#8221; link_option_url_new_window=&#8221;on&#8221; custom_css_blurb_image=&#8221;padding-right: 20px;||vertical-align: middle;&#8221; icon_font_size=&#8221;50px&#8221; global_colors_info=&#8221;{}&#8221;]<\/p>\n<p>Pobierz znaki promocyjne <br \/>Narodowego Instytutu Dziedzictwa<\/p>\n<p>[\/et_pb_blurb][\/et_pb_column][et_pb_column type=&#8221;1_3&#8243; _builder_version=&#8221;4.16&#8243; _module_preset=&#8221;default&#8221; background_color=&#8221;#e52330&#8243; global_colors_info=&#8221;{}&#8221;][et_pb_code _builder_version=&#8221;4.23.2&#8243; _module_preset=&#8221;default&#8221; global_colors_info=&#8221;{}&#8221;][\/et_pb_code][et_pb_blurb title=&#8221;Ksi\u0119garnia NID&#8221; url_new_window=&#8221;on&#8221; use_icon=&#8221;on&#8221; font_icon=&#8221;&#xe022;||divi||400&#8243; icon_placement=&#8221;left&#8221; image_icon_width=&#8221;50px&#8221; module_class=&#8221;bigButtonModules&#8221; _builder_version=&#8221;4.16&#8243; _module_preset=&#8221;default&#8221; header_level=&#8221;h3&#8243; header_font=&#8221;|700|||||||&#8221; header_text_color=&#8221;#ffffff&#8221; body_text_color=&#8221;#ffffff&#8221; background_color=&#8221;#444444&#8243; custom_margin=&#8221;||||false|false&#8221; custom_padding=&#8221;25px|25px|25px|25px|false|false&#8221; animation=&#8221;off&#8221; link_option_url=&#8221;https:\/\/ksiegarnia.nid.pl\/&#8221; link_option_url_new_window=&#8221;on&#8221; custom_css_blurb_image=&#8221;padding-right: 20px;||vertical-align: middle;&#8221; icon_font_size=&#8221;50px&#8221; global_colors_info=&#8221;{}&#8221;]<\/p>\n<p>Sprawd\u017a nasze produkty w ksi\u0119garni. Zamawiaj bez wychodzenia z domu ju\u017c teraz!<\/p>\n<p>[\/et_pb_blurb][\/et_pb_column][et_pb_column type=&#8221;1_3&#8243; _builder_version=&#8221;4.16&#8243; _module_preset=&#8221;default&#8221; background_color=&#8221;#e52330&#8243; global_colors_info=&#8221;{}&#8221;][et_pb_blurb title=&#8221;Zabytek.pl&#8221; url_new_window=&#8221;on&#8221; image=&#8221;https:\/\/nid.pl\/wp-content\/uploads\/2025\/12\/zabytek.pl_favicona_sm.png&#8221; icon_placement=&#8221;left&#8221; image_icon_width=&#8221;50px&#8221; module_class=&#8221;bigButtonModules&#8221; _builder_version=&#8221;4.27.5&#8243; _module_preset=&#8221;default&#8221; header_level=&#8221;h3&#8243; header_font=&#8221;|700|||||||&#8221; header_text_color=&#8221;#ffffff&#8221; body_text_color=&#8221;#ffffff&#8221; background_color=&#8221;#6b6b6b&#8221; custom_margin=&#8221;||||false|false&#8221; custom_padding=&#8221;25px|25px|25px|25px|false|false&#8221; animation=&#8221;off&#8221; link_option_url=&#8221;https:\/\/zabytek.pl\/pl&#8221; link_option_url_new_window=&#8221;on&#8221; custom_css_blurb_image=&#8221;padding-right: 20px;||vertical-align: middle;&#8221; icon_font_size=&#8221;50px&#8221; global_colors_info=&#8221;{}&#8221;]<\/p>\n<p>Serwis Narodowego Instytutu Dziedzictwa, kt\u00f3ry w nowoczesny i kompleksowy spos\u00f3b udost\u0119pnia informacje o polskich zabytkach!<\/p>\n<p>[\/et_pb_blurb][\/et_pb_column][\/et_pb_row][\/et_pb_section]<\/p>","protected":false},"excerpt":{"rendered":"<p>\u2190Powr\u00f3t G\u0142\u00f3wnym celem programu \u201eNiematerialne \u2013 przeka\u017c dalej\u201d jest wspieranie projekt\u00f3w s\u0142u\u017c\u0105cych wzmocnieniu przekazu pokoleniowego, ochrony i popularyzacji zjawisk wpisanych na Krajow\u0105 list\u0119 niematerialnego dziedzictwa kulturowego oraz praktyk wpisanych do [&hellip;]<\/p>","protected":false},"author":4,"featured_media":0,"parent":2475,"menu_order":0,"comment_status":"closed","ping_status":"closed","template":"","meta":{"_et_pb_use_builder":"on","_et_pb_old_content":"","_et_gb_content_width":"","_monsterinsights_skip_tracking":false,"_monsterinsights_sitenote_active":false,"_monsterinsights_sitenote_note":"","_monsterinsights_sitenote_category":0,"footnotes":""},"class_list":["post-10390","page","type-page","status-publish","hentry"],"yoast_head":"<!-- This site is optimized with the Yoast SEO plugin v26.5 - https:\/\/yoast.com\/wordpress\/plugins\/seo\/ -->\n<title>Niematerialne \u2013 przeka\u017c dalej - NID<\/title>\n<meta name=\"robots\" content=\"index, follow, max-snippet:-1, max-image-preview:large, max-video-preview:-1\" \/>\n<link rel=\"canonical\" href=\"https:\/\/nid.pl\/en\/dotacje\/niematerialne-przekaz-dalej\/\" \/>\n<meta property=\"og:locale\" content=\"en_GB\" \/>\n<meta property=\"og:type\" content=\"article\" \/>\n<meta property=\"og:title\" content=\"Niematerialne \u2013 przeka\u017c dalej - NID\" \/>\n<meta property=\"og:description\" content=\"\u2190Powr\u00f3t G\u0142\u00f3wnym celem programu \u201eNiematerialne \u2013 przeka\u017c dalej\u201d jest wspieranie projekt\u00f3w s\u0142u\u017c\u0105cych wzmocnieniu przekazu pokoleniowego, ochrony i popularyzacji zjawisk wpisanych na Krajow\u0105 list\u0119 niematerialnego dziedzictwa kulturowego oraz praktyk wpisanych do [&hellip;]\" \/>\n<meta property=\"og:url\" content=\"https:\/\/nid.pl\/en\/dotacje\/niematerialne-przekaz-dalej\/\" \/>\n<meta property=\"og:site_name\" content=\"NID\" \/>\n<meta property=\"article:publisher\" content=\"https:\/\/www.facebook.com\/zabytek\" \/>\n<meta property=\"article:modified_time\" content=\"2026-04-14T11:12:25+00:00\" \/>\n<meta property=\"og:image\" content=\"https:\/\/nid.pl\/wp-content\/uploads\/2022\/10\/MKiDN-01-2022.png\" \/>\n<meta name=\"twitter:card\" content=\"summary_large_image\" \/>\n<meta name=\"twitter:site\" content=\"@NarIDpl\" \/>\n<script type=\"application\/ld+json\" class=\"yoast-schema-graph\">{\"@context\":\"https:\/\/schema.org\",\"@graph\":[{\"@type\":\"WebPage\",\"@id\":\"https:\/\/nid.pl\/dotacje\/niematerialne-przekaz-dalej\/\",\"url\":\"https:\/\/nid.pl\/dotacje\/niematerialne-przekaz-dalej\/\",\"name\":\"Niematerialne \u2013 przeka\u017c dalej - NID\",\"isPartOf\":{\"@id\":\"https:\/\/nid.pl\/#website\"},\"primaryImageOfPage\":{\"@id\":\"https:\/\/nid.pl\/dotacje\/niematerialne-przekaz-dalej\/#primaryimage\"},\"image\":{\"@id\":\"https:\/\/nid.pl\/dotacje\/niematerialne-przekaz-dalej\/#primaryimage\"},\"thumbnailUrl\":\"https:\/\/nid.pl\/wp-content\/uploads\/2022\/10\/MKiDN-01-2022.png\",\"datePublished\":\"2023-04-03T10:58:04+00:00\",\"dateModified\":\"2026-04-14T11:12:25+00:00\",\"breadcrumb\":{\"@id\":\"https:\/\/nid.pl\/dotacje\/niematerialne-przekaz-dalej\/#breadcrumb\"},\"inLanguage\":\"en-GB\",\"potentialAction\":[{\"@type\":\"ReadAction\",\"target\":[\"https:\/\/nid.pl\/dotacje\/niematerialne-przekaz-dalej\/\"]}]},{\"@type\":\"ImageObject\",\"inLanguage\":\"en-GB\",\"@id\":\"https:\/\/nid.pl\/dotacje\/niematerialne-przekaz-dalej\/#primaryimage\",\"url\":\"https:\/\/nid.pl\/wp-content\/uploads\/2022\/10\/MKiDN-01-2022.png\",\"contentUrl\":\"https:\/\/nid.pl\/wp-content\/uploads\/2022\/10\/MKiDN-01-2022.png\"},{\"@type\":\"BreadcrumbList\",\"@id\":\"https:\/\/nid.pl\/dotacje\/niematerialne-przekaz-dalej\/#breadcrumb\",\"itemListElement\":[{\"@type\":\"ListItem\",\"position\":1,\"name\":\"Home\",\"item\":\"https:\/\/nid.pl\/\"},{\"@type\":\"ListItem\",\"position\":2,\"name\":\"Dotacje\",\"item\":\"https:\/\/nid.pl\/en\/dotacje\/\"},{\"@type\":\"ListItem\",\"position\":3,\"name\":\"Niematerialne \u2013 przeka\u017c dalej\"}]},{\"@type\":\"WebSite\",\"@id\":\"https:\/\/nid.pl\/#website\",\"url\":\"https:\/\/nid.pl\/\",\"name\":\"NID\",\"description\":\"Narodowy Instytut Dziedzictwa\",\"publisher\":{\"@id\":\"https:\/\/nid.pl\/#organization\"},\"potentialAction\":[{\"@type\":\"SearchAction\",\"target\":{\"@type\":\"EntryPoint\",\"urlTemplate\":\"https:\/\/nid.pl\/?s={search_term_string}\"},\"query-input\":{\"@type\":\"PropertyValueSpecification\",\"valueRequired\":true,\"valueName\":\"search_term_string\"}}],\"inLanguage\":\"en-GB\"},{\"@type\":\"Organization\",\"@id\":\"https:\/\/nid.pl\/#organization\",\"name\":\"Narodowy Instytut Dziedzictwa\",\"url\":\"https:\/\/nid.pl\/\",\"logo\":{\"@type\":\"ImageObject\",\"inLanguage\":\"en-GB\",\"@id\":\"https:\/\/nid.pl\/#\/schema\/logo\/image\/\",\"url\":\"https:\/\/nid.pl\/wp-content\/uploads\/2022\/10\/logoRedDark.png\",\"contentUrl\":\"https:\/\/nid.pl\/wp-content\/uploads\/2022\/10\/logoRedDark.png\",\"width\":200,\"height\":197,\"caption\":\"Narodowy Instytut Dziedzictwa\"},\"image\":{\"@id\":\"https:\/\/nid.pl\/#\/schema\/logo\/image\/\"},\"sameAs\":[\"https:\/\/www.facebook.com\/zabytek\",\"https:\/\/x.com\/NarIDpl\",\"https:\/\/www.instagram.com\/nid.pl\/?hl=pl\",\"https:\/\/www.linkedin.com\/company\/narodowy-instytut-dziedzictwa\",\"https:\/\/www.youtube.com\/channel\/UCQXuhKa2uHtmNvLRUSx40JA\"]}]}<\/script>\n<!-- \/ Yoast SEO plugin. -->","yoast_head_json":{"title":"Niematerialne \u2013 przeka\u017c dalej - NID","robots":{"index":"index","follow":"follow","max-snippet":"max-snippet:-1","max-image-preview":"max-image-preview:large","max-video-preview":"max-video-preview:-1"},"canonical":"https:\/\/nid.pl\/en\/dotacje\/niematerialne-przekaz-dalej\/","og_locale":"en_GB","og_type":"article","og_title":"Niematerialne \u2013 przeka\u017c dalej - NID","og_description":"\u2190Powr\u00f3t G\u0142\u00f3wnym celem programu \u201eNiematerialne \u2013 przeka\u017c dalej\u201d jest wspieranie projekt\u00f3w s\u0142u\u017c\u0105cych wzmocnieniu przekazu pokoleniowego, ochrony i popularyzacji zjawisk wpisanych na Krajow\u0105 list\u0119 niematerialnego dziedzictwa kulturowego oraz praktyk wpisanych do [&hellip;]","og_url":"https:\/\/nid.pl\/en\/dotacje\/niematerialne-przekaz-dalej\/","og_site_name":"NID","article_publisher":"https:\/\/www.facebook.com\/zabytek","article_modified_time":"2026-04-14T11:12:25+00:00","og_image":[{"url":"https:\/\/nid.pl\/wp-content\/uploads\/2022\/10\/MKiDN-01-2022.png","type":"","width":"","height":""}],"twitter_card":"summary_large_image","twitter_site":"@NarIDpl","schema":{"@context":"https:\/\/schema.org","@graph":[{"@type":"WebPage","@id":"https:\/\/nid.pl\/dotacje\/niematerialne-przekaz-dalej\/","url":"https:\/\/nid.pl\/dotacje\/niematerialne-przekaz-dalej\/","name":"Niematerialne \u2013 przeka\u017c dalej - NID","isPartOf":{"@id":"https:\/\/nid.pl\/#website"},"primaryImageOfPage":{"@id":"https:\/\/nid.pl\/dotacje\/niematerialne-przekaz-dalej\/#primaryimage"},"image":{"@id":"https:\/\/nid.pl\/dotacje\/niematerialne-przekaz-dalej\/#primaryimage"},"thumbnailUrl":"https:\/\/nid.pl\/wp-content\/uploads\/2022\/10\/MKiDN-01-2022.png","datePublished":"2023-04-03T10:58:04+00:00","dateModified":"2026-04-14T11:12:25+00:00","breadcrumb":{"@id":"https:\/\/nid.pl\/dotacje\/niematerialne-przekaz-dalej\/#breadcrumb"},"inLanguage":"en-GB","potentialAction":[{"@type":"ReadAction","target":["https:\/\/nid.pl\/dotacje\/niematerialne-przekaz-dalej\/"]}]},{"@type":"ImageObject","inLanguage":"en-GB","@id":"https:\/\/nid.pl\/dotacje\/niematerialne-przekaz-dalej\/#primaryimage","url":"https:\/\/nid.pl\/wp-content\/uploads\/2022\/10\/MKiDN-01-2022.png","contentUrl":"https:\/\/nid.pl\/wp-content\/uploads\/2022\/10\/MKiDN-01-2022.png"},{"@type":"BreadcrumbList","@id":"https:\/\/nid.pl\/dotacje\/niematerialne-przekaz-dalej\/#breadcrumb","itemListElement":[{"@type":"ListItem","position":1,"name":"Home","item":"https:\/\/nid.pl\/"},{"@type":"ListItem","position":2,"name":"Dotacje","item":"https:\/\/nid.pl\/en\/dotacje\/"},{"@type":"ListItem","position":3,"name":"Niematerialne \u2013 przeka\u017c dalej"}]},{"@type":"WebSite","@id":"https:\/\/nid.pl\/#website","url":"https:\/\/nid.pl\/","name":"NID","description":"Narodowy Instytut Dziedzictwa","publisher":{"@id":"https:\/\/nid.pl\/#organization"},"potentialAction":[{"@type":"SearchAction","target":{"@type":"EntryPoint","urlTemplate":"https:\/\/nid.pl\/?s={search_term_string}"},"query-input":{"@type":"PropertyValueSpecification","valueRequired":true,"valueName":"search_term_string"}}],"inLanguage":"en-GB"},{"@type":"Organization","@id":"https:\/\/nid.pl\/#organization","name":"Narodowy Instytut Dziedzictwa","url":"https:\/\/nid.pl\/","logo":{"@type":"ImageObject","inLanguage":"en-GB","@id":"https:\/\/nid.pl\/#\/schema\/logo\/image\/","url":"https:\/\/nid.pl\/wp-content\/uploads\/2022\/10\/logoRedDark.png","contentUrl":"https:\/\/nid.pl\/wp-content\/uploads\/2022\/10\/logoRedDark.png","width":200,"height":197,"caption":"Narodowy Instytut Dziedzictwa"},"image":{"@id":"https:\/\/nid.pl\/#\/schema\/logo\/image\/"},"sameAs":["https:\/\/www.facebook.com\/zabytek","https:\/\/x.com\/NarIDpl","https:\/\/www.instagram.com\/nid.pl\/?hl=pl","https:\/\/www.linkedin.com\/company\/narodowy-instytut-dziedzictwa","https:\/\/www.youtube.com\/channel\/UCQXuhKa2uHtmNvLRUSx40JA"]}]}},"_links":{"self":[{"href":"https:\/\/nid.pl\/en\/wp-json\/wp\/v2\/pages\/10390","targetHints":{"allow":["GET"]}}],"collection":[{"href":"https:\/\/nid.pl\/en\/wp-json\/wp\/v2\/pages"}],"about":[{"href":"https:\/\/nid.pl\/en\/wp-json\/wp\/v2\/types\/page"}],"author":[{"embeddable":true,"href":"https:\/\/nid.pl\/en\/wp-json\/wp\/v2\/users\/4"}],"replies":[{"embeddable":true,"href":"https:\/\/nid.pl\/en\/wp-json\/wp\/v2\/comments?post=10390"}],"version-history":[{"count":6,"href":"https:\/\/nid.pl\/en\/wp-json\/wp\/v2\/pages\/10390\/revisions"}],"predecessor-version":[{"id":34170,"href":"https:\/\/nid.pl\/en\/wp-json\/wp\/v2\/pages\/10390\/revisions\/34170"}],"up":[{"embeddable":true,"href":"https:\/\/nid.pl\/en\/wp-json\/wp\/v2\/pages\/2475"}],"wp:attachment":[{"href":"https:\/\/nid.pl\/en\/wp-json\/wp\/v2\/media?parent=10390"}],"curies":[{"name":"wp","href":"https:\/\/api.w.org\/{rel}","templated":true}]}}