{"version":"1.0","provider_name":"NID","provider_url":"https:\/\/nid.pl\/en","title":"Rozstrzygni\u0119cie V Regionalnego Konkursu im. Ireneusza \u015alipka pt. \"OPOWIEMY CI ICH HISTORIE\u2026 opowiadania inspirowane losami mieszka\u0144c\u00f3w Gminy Warta \u2013 ofiar II wojny \u015bwiatowej\u201d - NID","type":"rich","width":600,"height":338,"html":"<blockquote class=\"wp-embedded-content\" data-secret=\"XslhcU7Ch1\"><a href=\"https:\/\/nid.pl\/en\/2025\/05\/08\/rozstrzygniecie-v-regionalnego-konkursu-im-ireneusza-slipka\/\">Rozstrzygni\u0119cie V Regionalnego Konkursu im. Ireneusza \u015alipka pt. &#8220;OPOWIEMY CI ICH HISTORIE\u2026 opowiadania inspirowane losami mieszka\u0144c\u00f3w Gminy Warta \u2013 ofiar II wojny \u015bwiatowej\u201d<\/a><\/blockquote><iframe sandbox=\"allow-scripts\" security=\"restricted\" src=\"https:\/\/nid.pl\/en\/2025\/05\/08\/rozstrzygniecie-v-regionalnego-konkursu-im-ireneusza-slipka\/embed\/#?secret=XslhcU7Ch1\" width=\"600\" height=\"338\" title=\"&#8220;Rozstrzygni\u0119cie V Regionalnego Konkursu im. Ireneusza \u015alipka pt. &#8220;OPOWIEMY CI ICH HISTORIE\u2026 opowiadania inspirowane losami mieszka\u0144c\u00f3w Gminy Warta \u2013 ofiar II wojny \u015bwiatowej\u201d&#8221; &#8212; NID\" data-secret=\"XslhcU7Ch1\" frameborder=\"0\" marginwidth=\"0\" marginheight=\"0\" scrolling=\"no\" class=\"wp-embedded-content\"><\/iframe><script type=\"text\/javascript\">\n\/* <![CDATA[ *\/\n\/*! This file is auto-generated *\/\n!function(d,l){\"use strict\";l.querySelector&&d.addEventListener&&\"undefined\"!=typeof URL&&(d.wp=d.wp||{},d.wp.receiveEmbedMessage||(d.wp.receiveEmbedMessage=function(e){var t=e.data;if((t||t.secret||t.message||t.value)&&!\/[^a-zA-Z0-9]\/.test(t.secret)){for(var s,r,n,a=l.querySelectorAll('iframe[data-secret=\"'+t.secret+'\"]'),o=l.querySelectorAll('blockquote[data-secret=\"'+t.secret+'\"]'),c=new RegExp(\"^https?:$\",\"i\"),i=0;i<o.length;i++)o[i].style.display=\"none\";for(i=0;i<a.length;i++)s=a[i],e.source===s.contentWindow&&(s.removeAttribute(\"style\"),\"height\"===t.message?(1e3<(r=parseInt(t.value,10))?r=1e3:~~r<200&&(r=200),s.height=r):\"link\"===t.message&&(r=new URL(s.getAttribute(\"src\")),n=new URL(t.value),c.test(n.protocol))&&n.host===r.host&&l.activeElement===s&&(d.top.location.href=t.value))}},d.addEventListener(\"message\",d.wp.receiveEmbedMessage,!1),l.addEventListener(\"DOMContentLoaded\",function(){for(var e,t,s=l.querySelectorAll(\"iframe.wp-embedded-content\"),r=0;r<s.length;r++)(t=(e=s[r]).getAttribute(\"data-secret\"))||(t=Math.random().toString(36).substring(2,12),e.src+=\"#?secret=\"+t,e.setAttribute(\"data-secret\",t)),e.contentWindow.postMessage({message:\"ready\",secret:t},\"*\")},!1)))}(window,document);\n\/\/# sourceURL=https:\/\/nid.pl\/wp-includes\/js\/wp-embed.min.js\n\/* ]]> *\/\n<\/script>","thumbnail_url":"https:\/\/nid.pl\/wp-content\/uploads\/2025\/05\/Patronaty-Rozstrzygniecie-konkursu-im.-Ireneusza-Slipka.jpg","thumbnail_width":1400,"thumbnail_height":875,"description":"Adresatami konkursu byli uczniowie klas VI \u2013 VIII szk\u00f3\u0142 podstawowych z Gminy Warta. Zadaniem uczestnik\u00f3w by\u0142o zredagowanie pracy literackiej &#8211; opowiadania tw\u00f3rczego opartego na wydarzeniach z \u017cycia mieszka\u0144ca Gminy Warta [&hellip;]"}