{"version":"1.0","provider_name":"NID","provider_url":"https:\/\/nid.pl\/en","title":"Narodowy Instytut Dziedzictwa na pierwszym posiedzeniu Rady Dost\u0119pno\u015bci w II kadencji - NID","type":"rich","width":600,"height":338,"html":"<blockquote class=\"wp-embedded-content\" data-secret=\"sOG36QWNyA\"><a href=\"https:\/\/nid.pl\/en\/2024\/04\/16\/nid-na-pierwszym-posiedzeniu-rd-w-ii-kadencji\/\">Narodowy Instytut Dziedzictwa na pierwszym posiedzeniu Rady Dost\u0119pno\u015bci w II kadencji<\/a><\/blockquote><iframe sandbox=\"allow-scripts\" security=\"restricted\" src=\"https:\/\/nid.pl\/en\/2024\/04\/16\/nid-na-pierwszym-posiedzeniu-rd-w-ii-kadencji\/embed\/#?secret=sOG36QWNyA\" width=\"600\" height=\"338\" title=\"&#8220;Narodowy Instytut Dziedzictwa na pierwszym posiedzeniu Rady Dost\u0119pno\u015bci w II kadencji&#8221; &#8212; NID\" data-secret=\"sOG36QWNyA\" frameborder=\"0\" marginwidth=\"0\" marginheight=\"0\" scrolling=\"no\" class=\"wp-embedded-content\"><\/iframe><script type=\"text\/javascript\">\n\/* <![CDATA[ *\/\n\/*! This file is auto-generated *\/\n!function(d,l){\"use strict\";l.querySelector&&d.addEventListener&&\"undefined\"!=typeof URL&&(d.wp=d.wp||{},d.wp.receiveEmbedMessage||(d.wp.receiveEmbedMessage=function(e){var t=e.data;if((t||t.secret||t.message||t.value)&&!\/[^a-zA-Z0-9]\/.test(t.secret)){for(var s,r,n,a=l.querySelectorAll('iframe[data-secret=\"'+t.secret+'\"]'),o=l.querySelectorAll('blockquote[data-secret=\"'+t.secret+'\"]'),c=new RegExp(\"^https?:$\",\"i\"),i=0;i<o.length;i++)o[i].style.display=\"none\";for(i=0;i<a.length;i++)s=a[i],e.source===s.contentWindow&&(s.removeAttribute(\"style\"),\"height\"===t.message?(1e3<(r=parseInt(t.value,10))?r=1e3:~~r<200&&(r=200),s.height=r):\"link\"===t.message&&(r=new URL(s.getAttribute(\"src\")),n=new URL(t.value),c.test(n.protocol))&&n.host===r.host&&l.activeElement===s&&(d.top.location.href=t.value))}},d.addEventListener(\"message\",d.wp.receiveEmbedMessage,!1),l.addEventListener(\"DOMContentLoaded\",function(){for(var e,t,s=l.querySelectorAll(\"iframe.wp-embedded-content\"),r=0;r<s.length;r++)(t=(e=s[r]).getAttribute(\"data-secret\"))||(t=Math.random().toString(36).substring(2,12),e.src+=\"#?secret=\"+t,e.setAttribute(\"data-secret\",t)),e.contentWindow.postMessage({message:\"ready\",secret:t},\"*\")},!1)))}(window,document);\n\/\/# sourceURL=https:\/\/nid.pl\/wp-includes\/js\/wp-embed.min.js\n\/* ]]> *\/\n<\/script>","thumbnail_url":"https:\/\/nid.pl\/wp-content\/uploads\/2024\/04\/miniaturka-Inauguracyjne-posiedzenie-Rady-Dostepnosci-zdjecie-grupowe-czlonkow-Rady.jpg","thumbnail_width":1850,"thumbnail_height":1238,"description":"W pi\u0105tek, 12 kwietnia, odby\u0142o si\u0119 pierwsze w tej kadencji posiedzenie Rady Dost\u0119pno\u015bci przy Ministerstwie Funduszy i Polityki Regionalnej, w kt\u00f3rym udzia\u0142 wzi\u0119li przedstawiciele organizacji pozarz\u0105dowych, \u015brodowisk os\u00f3b z niepe\u0142nosprawno\u015bciami [&hellip;]"}