{"version":"1.0","provider_name":"NID","provider_url":"https:\/\/nid.pl\/en","title":"Sto lat temu urodzi\u0142 si\u0119 Marian Kornecki \u2013 historyk sztuki, konserwator zabytk\u00f3w, badacz architektury drewnianej - NID","type":"rich","width":600,"height":338,"html":"<blockquote class=\"wp-embedded-content\" data-secret=\"kpYyqhjVpC\"><a href=\"https:\/\/nid.pl\/en\/2024\/03\/22\/sto-lat-temu-urodzil-sie-marian-kornecki\/\">Sto lat temu urodzi\u0142 si\u0119 Marian Kornecki \u2013 historyk sztuki, konserwator zabytk\u00f3w, badacz architektury drewnianej<\/a><\/blockquote><iframe sandbox=\"allow-scripts\" security=\"restricted\" src=\"https:\/\/nid.pl\/en\/2024\/03\/22\/sto-lat-temu-urodzil-sie-marian-kornecki\/embed\/#?secret=kpYyqhjVpC\" width=\"600\" height=\"338\" title=\"&#8220;Sto lat temu urodzi\u0142 si\u0119 Marian Kornecki \u2013 historyk sztuki, konserwator zabytk\u00f3w, badacz architektury drewnianej&#8221; &#8212; NID\" data-secret=\"kpYyqhjVpC\" frameborder=\"0\" marginwidth=\"0\" marginheight=\"0\" scrolling=\"no\" class=\"wp-embedded-content\"><\/iframe><script type=\"text\/javascript\">\n\/* <![CDATA[ *\/\n\/*! This file is auto-generated *\/\n!function(d,l){\"use strict\";l.querySelector&&d.addEventListener&&\"undefined\"!=typeof URL&&(d.wp=d.wp||{},d.wp.receiveEmbedMessage||(d.wp.receiveEmbedMessage=function(e){var t=e.data;if((t||t.secret||t.message||t.value)&&!\/[^a-zA-Z0-9]\/.test(t.secret)){for(var s,r,n,a=l.querySelectorAll('iframe[data-secret=\"'+t.secret+'\"]'),o=l.querySelectorAll('blockquote[data-secret=\"'+t.secret+'\"]'),c=new RegExp(\"^https?:$\",\"i\"),i=0;i<o.length;i++)o[i].style.display=\"none\";for(i=0;i<a.length;i++)s=a[i],e.source===s.contentWindow&&(s.removeAttribute(\"style\"),\"height\"===t.message?(1e3<(r=parseInt(t.value,10))?r=1e3:~~r<200&&(r=200),s.height=r):\"link\"===t.message&&(r=new URL(s.getAttribute(\"src\")),n=new URL(t.value),c.test(n.protocol))&&n.host===r.host&&l.activeElement===s&&(d.top.location.href=t.value))}},d.addEventListener(\"message\",d.wp.receiveEmbedMessage,!1),l.addEventListener(\"DOMContentLoaded\",function(){for(var e,t,s=l.querySelectorAll(\"iframe.wp-embedded-content\"),r=0;r<s.length;r++)(t=(e=s[r]).getAttribute(\"data-secret\"))||(t=Math.random().toString(36).substring(2,12),e.src+=\"#?secret=\"+t,e.setAttribute(\"data-secret\",t)),e.contentWindow.postMessage({message:\"ready\",secret:t},\"*\")},!1)))}(window,document);\n\/\/# sourceURL=https:\/\/nid.pl\/wp-includes\/js\/wp-embed.min.js\n\/* ]]> *\/\n<\/script>","thumbnail_url":"https:\/\/nid.pl\/wp-content\/uploads\/2024\/03\/Sto-lat-temu-urodzil-sie-Marian-Kornecki_miniaturka.jpg","thumbnail_width":1857,"thumbnail_height":1238,"description":"To mi\u0119dzy innymi jego zaanga\u017cowanie w badanie i ochron\u0119 ma\u0142opolskich drewnianych ko\u015bcio\u0142\u00f3w przyczyni\u0142o si\u0119 do ich wpisu na List\u0119 \u015bwiatowego dziedzictwa UNESCO. Kim by\u0142 dr Marian Kornecki? Pisano o nim [&hellip;]"}