{"id":16168,"date":"2024-02-02T14:49:08","date_gmt":"2024-02-02T13:49:08","guid":{"rendered":"https:\/\/nid.pl\/?page_id=16168"},"modified":"2025-09-09T14:46:16","modified_gmt":"2025-09-09T12:46:16","slug":"centrum-architektury-drewnianej","status":"publish","type":"page","link":"http:\/\/nid.pl\/en\/centrum-architektury-drewnianej\/","title":{"rendered":"Centrum Architektury Drewnianej"},"content":{"rendered":"<p>[et_pb_section fb_built=&#8221;1&#8243; _builder_version=&#8221;4.16&#8243; _module_preset=&#8221;default&#8221; custom_padding=&#8221;0px||0px|||&#8221; global_colors_info=&#8221;{}&#8221;][et_pb_row _builder_version=&#8221;4.27.4&#8243; _module_preset=&#8221;default&#8221; background_image=&#8221;https:\/\/nid.pl\/wp-content\/uploads\/2025\/07\/cad-header.jpg&#8221; width=&#8221;100%&#8221; max_width=&#8221;100%&#8221; height=&#8221;400px&#8221; custom_margin=&#8221;|auto||auto|false|false&#8221; custom_padding=&#8221;0px||0px|||&#8221; global_colors_info=&#8221;{}&#8221;][et_pb_column type=&#8221;4_4&#8243; _builder_version=&#8221;4.16&#8243; _module_preset=&#8221;default&#8221; global_colors_info=&#8221;{}&#8221;][\/et_pb_column][\/et_pb_row][\/et_pb_section][et_pb_section fb_built=&#8221;1&#8243; _builder_version=&#8221;4.16&#8243; _module_preset=&#8221;default&#8221; custom_padding=&#8221;0px|0px|0px|0px|false|false&#8221; global_colors_info=&#8221;{}&#8221;][et_pb_row _builder_version=&#8221;4.16&#8243; _module_preset=&#8221;default&#8221; width=&#8221;100%&#8221; max_width=&#8221;100%&#8221; custom_padding=&#8221;50px|50px|50px|50px|false|false&#8221; global_colors_info=&#8221;{}&#8221;][et_pb_column type=&#8221;4_4&#8243; _builder_version=&#8221;4.16&#8243; _module_preset=&#8221;default&#8221; global_colors_info=&#8221;{}&#8221;][et_pb_text module_id=&#8221;backButtonBox&#8221; _builder_version=&#8221;4.7.4&#8243; _module_preset=&#8221;default&#8221; custom_margin=&#8221;0px|0px|0px|0px|false|false&#8221; custom_padding=&#8221;0px|0px|0px|0px|false|false&#8221; global_module=&#8221;2594&#8243; locked=&#8221;off&#8221; global_colors_info=&#8221;{}&#8221;]<\/p>\n<div class=\"backButton\" onclick=\"javascript:window.history.back();\"><span>\u2190<\/span>Powr\u00f3t<\/div>\n<p>[\/et_pb_text][et_pb_text _builder_version=&#8221;4.16&#8243; _dynamic_attributes=&#8221;content&#8221; _module_preset=&#8221;default&#8221; text_font_size=&#8221;26px&#8221; custom_margin=&#8221;||25px||false|false&#8221; custom_padding=&#8221;||||false|false&#8221; global_colors_info=&#8221;{}&#8221;]@ET-DC@eyJkeW5hbWljIjp0cnVlLCJjb250ZW50IjoicG9zdF90aXRsZSIsInNldHRpbmdzIjp7ImJlZm9yZSI6IiIsImFmdGVyIjoiIn19@[\/et_pb_text][et_pb_divider _builder_version=&#8221;4.16&#8243; _module_preset=&#8221;default&#8221; background_color=&#8221;#e52330&#8243; height=&#8221;5px&#8221; custom_margin=&#8221;0px||25px||false|false&#8221; custom_padding=&#8221;0px||0px||false|false&#8221; global_colors_info=&#8221;{}&#8221;][\/et_pb_divider][et_pb_accordion icon_color=&#8221;#e52330&#8243; module_class=&#8221;specialAccordion keepOpenAccordion&#8221; _builder_version=&#8221;4.27.4&#8243; _module_preset=&#8221;default&#8221; hover_enabled=&#8221;0&#8243; locked=&#8221;off&#8221; global_colors_info=&#8221;{}&#8221; sticky_enabled=&#8221;0&#8243;][et_pb_accordion_item title=&#8221;O Centrum Architektury Drewnianej&#8221; open=&#8221;on&#8221; _builder_version=&#8221;4.24.2&#8243; _module_preset=&#8221;default&#8221; global_colors_info=&#8221;{}&#8221;]<\/p>\n<p>Pracownia Terenowa Centrum Architektury Drewnianej NID zosta\u0142a powo\u0142ana w 2021 roku w ramach struktury Narodowego Instytutu Dziedzictwa. Jej dzia\u0142ania by\u0142y r\u00f3wnie\u017c realizowane w zakresie Krajowego Programu Ochrony i Opieki nad Zabytkami w latach 2019-2022. Od 2023 roku pracownia posiada siedzib\u0119 w Zakopanem.<\/p>\n<p>Od 2019 roku Narodowy Instytut Dziedzictwa prowadzi remont konserwatorski drewnianej willi \u201eu Dziadka\u201d w Otwocku. Miejsce to ma sta\u0107 si\u0119 kolejn\u0105 siedzib\u0105 Centrum Architektury Drewnianej, zostanie tam zorganizowany punkt kontaktowy wspieraj\u0105cy opiekun\u00f3w architektury i budownictwa drewnianego we w\u0142a\u015bciwej opiece nad tym wymagaj\u0105cym szczeg\u00f3lnej troski zasobem zabytkowym. Organizowane b\u0119d\u0105 szkolenia dla w\u0142a\u015bcicieli oraz kursy rzemios\u0142a tradycyjnego podnosz\u0105ce kompetencje rzemie\u015blnik\u00f3w w zakresie zapewniaj\u0105cym w\u0142a\u015bciw\u0105 konserwacj\u0119 zabytk\u00f3w drewnianych, z uwzgl\u0119dnieniem regionalnej specyfiki technik rzemie\u015blniczych oraz konstrukcji architektury drewnianej.<\/p>\n<p>Wi\u0119cej na temat remontu konserwatorskiego willi \u201eu Dziadka\u201d: <a href=\"https:\/\/nid.pl\/en\/remont-konserwatorski-willa-u-dziadka\/\">&lt;tutaj&gt;<\/a><\/p>\n<p>G\u0142\u00f3wn\u0105 misj\u0105 Centrum jest podejmowanie szerokiego spektrum dzia\u0142a\u0144 na rzecz ochrony i zachowania zasob\u00f3w architektury drewnianej. Realizacja misji odbywa si\u0119 w oparciu o nast\u0119puj\u0105ce kierunki dzia\u0142ania:<\/p>\n<ul>\n<li>badanie i dokumentowanie<\/li>\n<li>edukacja i szkolenia<\/li>\n<li>komunikacja i promocja<\/li>\n<li>wsp\u00f3\u0142praca<\/li>\n<\/ul>\n<p>Priorytetowym zadaniem Centrum jest wdro\u017cenie narz\u0119dzi wspomagaj\u0105cych dzia\u0142ania maj\u0105ce na celu powstrzymanie post\u0119puj\u0105cego procesu degradacji i niszczenia zasob\u00f3w architektury drewnianej. Jednym z kluczowych zada\u0144 jest kszta\u0142towanie \u015bwiadomo\u015bci spo\u0142ecznej na temat warto\u015bci architektury drewnianej oraz upowszechnianie fachowej wiedzy w przyst\u0119pny spos\u00f3b. W ramach edukacji r\u00f3wnie wa\u017cne jest przekazywanie praktycznych umiej\u0119tno\u015bci podczas orgaznizowanych przez Centrum Architektury Drewnianej warsztat\u00f3w dawnego rzemios\u0142a.<\/p>\n<p>Zapraszamy do do\u0142\u0105czenia do grupy <strong><a href=\"https:\/\/www.facebook.com\/groups\/154997576575111\/\" target=\"_blank\" rel=\"noopener\" title=\"Link zostanie otwarty w nowym oknie\">Centrum Architektury Drewnianej<\/a> na platformie Facebook.<\/strong><\/p>\n<p>[\/et_pb_accordion_item][et_pb_accordion_item title=&#8221;Dni Architektury Drewnianej&#8221; _builder_version=&#8221;4.27.4&#8243; _module_preset=&#8221;default&#8221; global_colors_info=&#8221;{}&#8221; open=&#8221;off&#8221;]<\/p>\n<p><strong>G\u0142\u00f3wn\u0105 ide\u0105 Dni Architektury Drewnianej jest upowszechnianie<\/strong> tego wyj\u0105tkowego elementu kultury poprzez nieodp\u0142atne udost\u0119pnienie zabytkowych obiekt\u00f3w szerokiej publiczno\u015bci. Jest to <strong>promocja oraz popularyzacja obiekt\u00f3w drewnianych<\/strong>, ale i tak\u017ce unaocznienie codziennej pracy oraz troski sprawowanej przez w\u0142a\u015bcicieli, u\u017cytkownik\u00f3w oraz opiekun\u00f3w tych szczeg\u00f3lnych miejsc. Wydarzenie ma charakter edukacyjny i popularyzatorski. Prowadzone w jego toku prelekcje, wyk\u0142ady oraz <strong>promocja dobrych praktyk <\/strong>podnosz\u0105 kompetencje u\u017cytkownik\u00f3w oraz og\u00f3\u0142u spo\u0142ecze\u0144stwa.<br \/>Od 2025 roku wydarzenie odbywa si\u0119 pod nazw\u0105 &#8220;Dni Architektury Drewnianej&#8221;.<\/p>\n<p>&nbsp;<\/p>\n<p><b><span data-contrast=\"auto\">W\u00a0 2025 roku Dni Architektury Drewnianej potrwaj\u0105 d\u0142u\u017cej \u2013 zapraszamy na dwa weekendy pe\u0142ne spotka\u0144 z tradycyjnym budownictwem: 23-24 oraz 30-31 sierpnia.<\/span><\/b><span data-ccp-props=\"{&quot;134233117&quot;:false,&quot;134233118&quot;:false,&quot;335551550&quot;:6,&quot;335551620&quot;:6,&quot;335559738&quot;:240,&quot;335559739&quot;:240}\">\u00a0<\/span><\/p>\n<p><span data-contrast=\"auto\">Dni Architektury Drewnianej 2025 odb\u0119d\u0105 si\u0119 w<strong>\u00a011 wojew\u00f3dztwach<\/strong>, a udzia\u0142 wezm\u0105 w\u0142a\u015bciciele i u\u017cytkownicy drewnianych obiekt\u00f3w \u2013 zar\u00f3wno osoby prywatne, jak i przedstawiciele instytucji kultury, samorz\u0105d\u00f3w, fundacji oraz stowarzysze\u0144.<\/span><span data-ccp-props=\"{&quot;134233117&quot;:false,&quot;134233118&quot;:false,&quot;335551550&quot;:6,&quot;335551620&quot;:6,&quot;335559738&quot;:240,&quot;335559739&quot;:240}\">\u00a0<\/span><\/p>\n<p><span data-ccp-props=\"{&quot;134233117&quot;:false,&quot;134233118&quot;:false,&quot;335551550&quot;:6,&quot;335551620&quot;:6,&quot;335559738&quot;:240,&quot;335559739&quot;:240}\">Harmonogram i szczeg\u00f3\u0142y DAD 2025: <a href=\"https:\/\/nid.pl\/en\/dad\/\" target=\"_blank\" rel=\"noopener\">&lt;tutaj&gt;<\/a><\/span><\/p>\n<p>&nbsp;<\/p>\n<p><strong>Kalendarium:<\/strong><\/p>\n<p><strong><span style=\"color: #333399;\">2024<\/span><\/strong><\/p>\n<p>W drugiej edycji Dnia Architektury Drewnianej do udzia\u0142u zostali zaproszeni w\u0142a\u015bciciele i u\u017cytkownicy obiekt\u00f3w drewnianych, zar\u00f3wno osoby prywatne jak i instytucje kultury oraz samorz\u0105dy w ca\u0142ym kraju. Wydarzenia by\u0142y koordynowane w 12 wojew\u00f3dztwach przez Oddzia\u0142y i Pracownie Terenowe Narodowego Instytutu Dziedzictwa.<\/p>\n<p>Zach\u0119camy do zapoznania si\u0119 z<span>\u00a0<\/span><a href=\"https:\/\/nid.pl\/en\/2024\/08\/28\/podsumowanie-2-edycji-dad\/\" target=\"_blank\" rel=\"noopener\"><strong>podsumowaniem Dnia Architektury Drewnianej 2024.<\/strong><\/a><\/p>\n<ul><\/ul>\n<p><strong>Patronat honorowy nad Dniem Architektury Drewnianej obj\u0119\u0142a Bo\u017cena \u017belazowska, Generalny Konserwator Zabytk\u00f3w, Sekretarz Stanu w Ministerstwie Kultury i Dziedzictwa Narodowego. <\/strong><\/p>\n<p>Wydarzenie zosta\u0142o sfinansowane ze \u015brodk\u00f3w Ministra Kultury i Dziedzictwa Narodowego w ramach dzia\u0142alno\u015bci Pracowni Terenowej Centrum Architektury Drewnianej NID.<\/p>\n<p>W 2024 r. patronat nad wydarzeniem obj\u0119\u0142o Polskie Radio S.A.<\/p>\n<p>&nbsp;<\/p>\n<p><span style=\"color: #333399;\"><strong>2023<\/strong><\/span><\/p>\n<p>Pierwsza edycja Dnia Architektury Drewnianej odby\u0142a si\u0119 26 sierpnia 2023 roku, w Zakopanem. Do udzia\u0142u w wydarzeniu uda\u0142o nam si\u0119 zaprosi\u0107 w\u0142a\u015bcicieli 17 obiekt\u00f3w. Zwiedza\u0107 mo\u017cna by\u0142o wyj\u0105tkowe, drewniane wille, takie jak Dom \u201cPod Jedlami\u201d Jana Gwalberta Pawlikowskiego, willa \u201eKoszysta\u201d \u2013 dom Jana Sztaudyngera, willa \u201eCicha\u201d \u2013 dom Karola K\u0142osowskiego, willa \u201eHarenda\u201d \u2013 dom Jana Kasprowicza czy willa \u201eMaliniak\u00f3wka\u201d \u2013 dom rze\u017abiarza Antoniego Kenara. Muzeum Tatrza\u0144skie im. dra Tytusa Cha\u0142ubi\u0144skiego, na has\u0142o \u201edzie\u0144 architektury drewnianej\u201d, nieodp\u0142atnie otworzy\u0142o oddzia\u0142y \u2013 will\u0119 \u201eKolib\u0119\u201d, will\u0119 \u201eOksz\u0119\u201d oraz cha\u0142up\u0119 G\u0105sienic\u00f3w Sobczak\u00f3w. W ci\u0105gu jednego dnia obiekty zosta\u0142y odwiedzone przez blisko 1500 os\u00f3b.<\/p>\n<p>&nbsp;<\/p>\n<p>&nbsp;<\/p>\n<p>&nbsp;<\/p>\n<p>[\/et_pb_accordion_item][et_pb_accordion_item title=&#8221;Szko\u0142y Ciesielskie&#8221; _builder_version=&#8221;4.27.4&#8243; _module_preset=&#8221;default&#8221; global_colors_info=&#8221;{}&#8221; open=&#8221;off&#8221;]<\/p>\n<p>Szko\u0142y Ciesielskie NID to po\u0142\u0105czenie praktycznych warsztat\u00f3w, podczas kt\u00f3rych uczestnicy poznaj\u0105 tajniki tradycyjnego ciesielstwa i cyklu wyk\u0142ad\u00f3w poruszaj\u0105cych zagadnienia, kt\u00f3rych znajomo\u015b\u0107 jest niezb\u0119dna przy pracy w obr\u0119bie historycznych obiekt\u00f3w drewnianych.<\/p>\n<p>Warsztaty przygotowane zosta\u0142y z my\u015bl\u0105 o wykonawcach pracuj\u0105cych przy obiektach drewnianych, w szczeg\u00f3lno\u015bci cie\u015blach, dekarzach, architektach, konstruktorach, a tak\u017ce przedstawicielach s\u0142u\u017cb konserwatorskich oraz samoukach pragn\u0105cych mie\u0107 wp\u0142yw na prawid\u0142owy przebieg remontu budynku drewnianego.<\/p>\n<p><span data-contrast=\"auto\">W 2025 roku wsp\u00f3\u0142organizatorami Szk\u00f3\u0142 Ciesielskich s\u0105: Fundacja Dziki Zach\u00f3d \u2013 Dru\u017cyna Ciesielska R\u0119barz oraz Stowarzyszenie Drzewna dzia\u0142aj\u0105ce przy Zespole Szk\u00f3\u0142 Drzewnych i\u202fLe\u015bnych im. Jana Kochanowskiego\u202fw\u202fGarbatce-Letnisku. Warsztaty odb\u0119d\u0105 si\u0119 w siedzibach wsp\u00f3\u0142organizator\u00f3w.<\/span><span data-ccp-props=\"{&quot;335551550&quot;:6,&quot;335551620&quot;:6}\">\u00a0<\/span><\/p>\n<p><span data-contrast=\"auto\">Warsztaty organizowane s\u0105 w formule dw\u00f3ch zjazd\u00f3w uj\u0119tych w bloki tematyczne:<\/span><span data-ccp-props=\"{&quot;335551550&quot;:6,&quot;335551620&quot;:6}\">\u00a0<\/span><\/p>\n<ul>\n<li data-leveltext=\"\uf0b7\" data-font=\"Symbol\" data-listid=\"1\" data-list-defn-props=\"{&quot;335552541&quot;:1,&quot;335559685&quot;:720,&quot;335559991&quot;:360,&quot;469769226&quot;:&quot;Symbol&quot;,&quot;469769242&quot;:[8226],&quot;469777803&quot;:&quot;left&quot;,&quot;469777804&quot;:&quot;\uf0b7&quot;,&quot;469777815&quot;:&quot;multilevel&quot;}\" aria-setsize=\"-1\" data-aria-posinset=\"2\" data-aria-level=\"1\"><b><span data-contrast=\"auto\">Szko\u0142a Ciesielska Pog\u00f3rze Izerskie \u2013 Grabiszyce Dolne<\/span><\/b> <b><span data-contrast=\"auto\">\u2013 <\/span><\/b><span data-contrast=\"auto\">warsztaty po\u015bwi\u0119cone historycznym konstrukcjom drewnianym skierowane s\u0105 wy\u0142\u0105cznie do aktywnych cie\u015bli. Praca b\u0119dzie odbywa\u0142a si\u0119 cz\u0119\u015bciowo w terenie.\u00a0<\/span><span data-ccp-props=\"{&quot;335551550&quot;:6,&quot;335551620&quot;:6}\">\u00a0<\/span><\/li>\n<\/ul>\n<p style=\"padding-left: 40px;\"><span data-contrast=\"auto\">Terminy: <\/span><b><span data-contrast=\"auto\">5-8.06.2025<\/span><\/b><span data-contrast=\"auto\"> oraz <\/span><b><span data-contrast=\"auto\">19-22.06.2025<br \/><strong><a href=\"https:\/\/nid.pl\/wp-content\/uploads\/2025\/03\/Harmonogram_Pogorze_Izerskie.pdf\" target=\"_blank\" rel=\"noreferrer noopener\">Program zjazd\u00f3w<\/a><\/strong><\/p>\n<p><\/span><\/b><span data-ccp-props=\"{&quot;335551550&quot;:6,&quot;335551620&quot;:6}\"><\/span><b><span data-contrast=\"auto\"><\/span><\/b><\/p>\n<ul>\n<li data-leveltext=\"\uf0b7\" data-font=\"Symbol\" data-listid=\"2\" data-list-defn-props=\"{&quot;335552541&quot;:1,&quot;335559685&quot;:720,&quot;335559991&quot;:360,&quot;469769226&quot;:&quot;Symbol&quot;,&quot;469769242&quot;:[8226],&quot;469777803&quot;:&quot;left&quot;,&quot;469777804&quot;:&quot;\uf0b7&quot;,&quot;469777815&quot;:&quot;multilevel&quot;}\" aria-setsize=\"-1\" data-aria-posinset=\"2\" data-aria-level=\"1\"><b><span data-contrast=\"auto\">Szko\u0142a Ciesielska Garbatka Letnisko \u2013 <\/span><\/b><span data-contrast=\"auto\">warsztaty b\u0119d\u0105 odbywa\u0142y si\u0119 w warunkach i pracowniach szkolnych, skierowane s\u0105 przede wszystkim do nauczycieli szk\u00f3\u0142 bran\u017cowych i technik\u00f3w prowadz\u0105cych zaj\u0119cia zwi\u0105zane z ciesielstwem (I zjazd) oraz architekt\u00f3w, konstruktor\u00f3w i inspektor\u00f3w nadzoru (II zjazd).<\/span><span data-ccp-props=\"{&quot;335551550&quot;:6,&quot;335551620&quot;:6}\">\u00a0<\/span><\/li>\n<\/ul>\n<p style=\"padding-left: 40px;\"><span data-contrast=\"auto\">Terminy: <\/span><b><span data-contrast=\"auto\">4-6.07.2025<\/span><\/b><span data-contrast=\"auto\"> oraz <\/span><b><span data-contrast=\"auto\">11-13.07.2025<\/span><\/b><span data-ccp-props=\"{&quot;335551550&quot;:6,&quot;335551620&quot;:6}\"><br \/><strong><a href=\"https:\/\/nid.pl\/wp-content\/uploads\/2025\/03\/Harmonogram_Garbatka-Letnisko.pdf\" target=\"_blank\" rel=\"noreferrer noopener\">Program zjazd\u00f3w<\/a><\/strong><\/span><\/p>\n<p style=\"padding-left: 40px;\"><strong>Rejestracja jest zako\u0144czona.<\/strong><\/p>\n<p><span data-ccp-props=\"{&quot;134233117&quot;:false,&quot;134233118&quot;:false,&quot;335551550&quot;:6,&quot;335551620&quot;:6,&quot;335557856&quot;:16777215,&quot;335559738&quot;:0,&quot;335559739&quot;:0}\"><a href=\"https:\/\/nid.pl\/wp-content\/uploads\/2025\/03\/Regulamin-Szkola-Ciesielska-NID-2025_aktual.pdf\"><strong>Regulamin Szk\u00f3\u0142 Ciesielskich<\/strong><\/a><\/span><\/p>\n<p><span data-contrast=\"none\">Szko\u0142y ciesielskie finansowe s\u0105 ze \u015brodk\u00f3w Ministerstwa Kultury i Dziedzictwa Narodowego w ramach dzia\u0142a\u0144 Centrum Architektury Drewnianej Narodowego Instytutu Dziedzictwa.<\/span><span data-ccp-props=\"{&quot;134233117&quot;:false,&quot;134233118&quot;:false,&quot;335551550&quot;:6,&quot;335551620&quot;:6,&quot;335557856&quot;:16777215,&quot;335559738&quot;:0,&quot;335559739&quot;:0}\">\u00a0<\/span><\/p>\n<p><span data-ccp-props=\"{&quot;134233117&quot;:false,&quot;134233118&quot;:false,&quot;335551550&quot;:6,&quot;335551620&quot;:6,&quot;335557856&quot;:16777215,&quot;335559738&quot;:0,&quot;335559739&quot;:0}\">\u00a0<\/span><\/p>\n<p>[\/et_pb_accordion_item][et_pb_accordion_item title=&#8221;Kontakt&#8221; _builder_version=&#8221;4.27.4&#8243; _module_preset=&#8221;default&#8221; hover_enabled=&#8221;0&#8243; global_colors_info=&#8221;{}&#8221; open=&#8221;off&#8221; sticky_enabled=&#8221;0&#8243;]<a href=\"https:\/\/nid.pl\/en\/kontakt\/\" target=\"_blank\" rel=\"noopener\" title=\"Link zostanie otwarty w nowym oknie\">Pracownia Terenowa\u00a0 &#8211; Centrum Architektury Drewnianejw  Zakopanem<\/a><br \/>\nul. Orkana 2a<br \/>\n34-500 Zakopane<\/p>\n<p>Natalia Skiepko<br \/>\nKierownik<\/p>\n<p>tel.: +48 573 006 996<br \/>\ne-mail:\u00a0<a href=\"mailto:nskiepko@nid.pl\" target=\"_blank\" rel=\"noopener\">nskiepko@nid.pl<\/a>[\/et_pb_accordion_item][\/et_pb_accordion][et_pb_text _builder_version=&#8221;4.16&#8243; _module_preset=&#8221;default&#8221; locked=&#8221;off&#8221; global_colors_info=&#8221;{}&#8221;]<\/p>\n<p><strong>News<\/strong><\/p>\n<p>[\/et_pb_text][et_pb_blog posts_number=&#8221;4&#8243; include_categories=&#8221;77&#8243; excerpt_length=&#8221;150&#8243; show_author=&#8221;off&#8221; show_categories=&#8221;off&#8221; module_class=&#8221;specialPosts&#8221; _builder_version=&#8221;4.16&#8243; _module_preset=&#8221;default&#8221; header_font=&#8221;|600|||||||&#8221; header_text_color=&#8221;#e52330&#8243; header_font_size=&#8221;19px&#8221; header_line_height=&#8221;1.2em&#8221; body_text_color=&#8221;#000000&#8243; meta_font=&#8221;||||||||&#8221; meta_text_color=&#8221;#9b9b9b&#8221; read_more_font=&#8221;|700||||on|||&#8221; read_more_text_color=&#8221;#000000&#8243; custom_margin=&#8221;-32px|||||&#8221; custom_padding=&#8221;||||false|false&#8221; custom_css_main_element=&#8221;column-count: 4;||column-gap: 25px;&#8221; locked=&#8221;off&#8221; global_colors_info=&#8221;{}&#8221; custom_css_main_element_last_edited=&#8221;on|phone&#8221; custom_css_main_element_tablet=&#8221;column-count: 2;||column-gap: 25px;&#8221; custom_css_main_element_phone=&#8221;column-count: 1;||column-gap: 0px;&#8221;][\/et_pb_blog][et_pb_text _builder_version=&#8221;4.27.4&#8243; _module_preset=&#8221;default&#8221; locked=&#8221;off&#8221; global_colors_info=&#8221;{}&#8221;]<\/p>\n<p><strong>POLECANE:<\/strong><\/p>\n<p>[\/et_pb_text][et_pb_text _builder_version=&#8221;4.27.4&#8243; _module_preset=&#8221;default&#8221; custom_padding=&#8221;||1px|||&#8221; locked=&#8221;off&#8221; global_colors_info=&#8221;{}&#8221;]<\/p>\n<p style=\"text-align: left;\"><strong>Cykl wyk\u0142ad\u00f3w pn. \u201eKonserwacja drewna w teorii i praktyce\u201d<\/strong><\/p>\n<p>[\/et_pb_text][et_pb_video_slider _builder_version=&#8221;4.27.4&#8243; _module_preset=&#8221;default&#8221; global_colors_info=&#8221;{}&#8221;][et_pb_video_slider_item admin_title=&#8221;Konstrukcje drewnianych budynk\u00f3w&#8221; src=&#8221;https:\/\/youtu.be\/fyjF5gnVC8s&#8221; _builder_version=&#8221;4.27.4&#8243; _module_preset=&#8221;default&#8221; global_colors_info=&#8221;{}&#8221; show_image_overlay=&#8221;off&#8221;][\/et_pb_video_slider_item][et_pb_video_slider_item admin_title=&#8221;Metody impregnacji drewna&#8221; src=&#8221;https:\/\/youtu.be\/-wyc5MdBxG0&#8243; _builder_version=&#8221;4.27.4&#8243; _module_preset=&#8221;default&#8221; global_colors_info=&#8221;{}&#8221; show_image_overlay=&#8221;off&#8221;][\/et_pb_video_slider_item][et_pb_video_slider_item admin_title=&#8221;Konstrukcje drewnianych budynk\u00f3w&#8221; src=&#8221;https:\/\/youtu.be\/0jB11HKEym4&#8243; _builder_version=&#8221;4.27.4&#8243; _module_preset=&#8221;default&#8221; global_colors_info=&#8221;{}&#8221; show_image_overlay=&#8221;off&#8221;][\/et_pb_video_slider_item][et_pb_video_slider_item admin_title=&#8221;Dzia\u0142ania zapobiegawcze w uj\u0119ciu konserwatorskim&#8221; src=&#8221;https:\/\/youtu.be\/V9g90PGMiHs&#8221; _builder_version=&#8221;4.27.4&#8243; _module_preset=&#8221;default&#8221; global_colors_info=&#8221;{}&#8221; show_image_overlay=&#8221;off&#8221;][\/et_pb_video_slider_item][et_pb_video_slider_item admin_title=&#8221;Degradacja budynk\u00f3w&#8221; src=&#8221;https:\/\/youtu.be\/cBc75Sm-VF0&#8243; _builder_version=&#8221;4.27.4&#8243; _module_preset=&#8221;default&#8221; global_colors_info=&#8221;{}&#8221; show_image_overlay=&#8221;off&#8221;][\/et_pb_video_slider_item][\/et_pb_video_slider][et_pb_text _builder_version=&#8221;4.27.4&#8243; _module_preset=&#8221;default&#8221; custom_padding=&#8221;||1px|||&#8221; locked=&#8221;off&#8221; global_colors_info=&#8221;{}&#8221;]<\/p>\n<p>Szko\u0142a letnia &#8220;T\u0142oka Ciesielska&#8221; (2021)<\/p>\n<p>[\/et_pb_text][et_pb_video_slider _builder_version=&#8221;4.27.4&#8243; _module_preset=&#8221;default&#8221; global_colors_info=&#8221;{}&#8221;][et_pb_video_slider_item admin_title=&#8221;Szko\u0142a letnia %22T\u0142oka Ciesielska%22 &#8211; wyk\u0142ad dr in\u017c. arch. Marcina G\u00f3rskiego&#8221; src=&#8221;https:\/\/youtu.be\/Uq6FpPb8Gfk&#8221; _builder_version=&#8221;4.27.4&#8243; _module_preset=&#8221;default&#8221; global_colors_info=&#8221;{}&#8221; show_image_overlay=&#8221;off&#8221;][\/et_pb_video_slider_item][et_pb_video_slider_item admin_title=&#8221;Szko\u0142a letnia %22T\u0142oka Ciesielska%22 &#8211; wyk\u0142ad dr in\u017c. Piotra Ma\u0144kowskiego&#8221; src=&#8221;https:\/\/youtu.be\/U9iJLq4AuC0?si=3UdoS7jSOj4TEsBP&#8221; _builder_version=&#8221;4.27.4&#8243; _module_preset=&#8221;default&#8221; global_colors_info=&#8221;{}&#8221; show_image_overlay=&#8221;off&#8221;][\/et_pb_video_slider_item][et_pb_video_slider_item admin_title=&#8221;Szko\u0142a letnia %22T\u0142oka Ciesielska%22 &#8211; wyk\u0142ad Jerzego Sza\u0142ygina&#8221; src=&#8221;https:\/\/youtu.be\/DOz4A8mhAR8&#8243; _builder_version=&#8221;4.27.4&#8243; _module_preset=&#8221;default&#8221; global_colors_info=&#8221;{}&#8221; show_image_overlay=&#8221;off&#8221;][\/et_pb_video_slider_item][et_pb_video_slider_item admin_title=&#8221;Szko\u0142a letnia %22T\u0142oka Ciesielska%22 &#8211; wyk\u0142ad dr Artura Gaw\u0142a&#8221; src=&#8221;https:\/\/youtu.be\/UCuvelPYsLE&#8221; _builder_version=&#8221;4.27.4&#8243; _module_preset=&#8221;default&#8221; global_colors_info=&#8221;{}&#8221; show_image_overlay=&#8221;off&#8221;][\/et_pb_video_slider_item][et_pb_video_slider_item admin_title=&#8221;Szko\u0142a letnia %22T\u0142oka Ciesielska%22 &#8211; wyk\u0142ad dr in\u017c. arch. Ulricha Schaafa&#8221; src=&#8221;https:\/\/youtu.be\/XXzMo_UuLK8&#8243; _builder_version=&#8221;4.27.4&#8243; _module_preset=&#8221;default&#8221; global_colors_info=&#8221;{}&#8221; show_image_overlay=&#8221;off&#8221;][\/et_pb_video_slider_item][\/et_pb_video_slider][et_pb_text _builder_version=&#8221;4.27.4&#8243; _module_preset=&#8221;default&#8221; locked=&#8221;off&#8221; global_colors_info=&#8221;{}&#8221;]<\/p>\n<p><span>Konferencja: &#8220;Architektura drewniana od deski do deski. Teoria i praktyka&#8221;<\/span><\/p>\n<p>[\/et_pb_text][et_pb_video_slider _builder_version=&#8221;4.27.4&#8243; _module_preset=&#8221;default&#8221; global_colors_info=&#8221;{}&#8221;][et_pb_video_slider_item admin_title=&#8221;Co warto wiedzie\u0107 o architekturze drewnianej w Polsce?&#8221; src=&#8221;https:\/\/youtu.be\/iRercUXYjCM&#8221; _builder_version=&#8221;4.27.4&#8243; _module_preset=&#8221;default&#8221; global_colors_info=&#8221;{}&#8221; show_image_overlay=&#8221;off&#8221;][\/et_pb_video_slider_item][et_pb_video_slider_item admin_title=&#8221;Finansowanie i prawne mo\u017cliwo\u015bci ochrony architektury drewnianej&#8221; src=&#8221;https:\/\/youtu.be\/X709tPwqi0U&#8221; _builder_version=&#8221;4.27.4&#8243; _module_preset=&#8221;default&#8221; global_colors_info=&#8221;{}&#8221; show_image_overlay=&#8221;off&#8221;][\/et_pb_video_slider_item][et_pb_video_slider_item admin_title=&#8221;Adaptacja obiekt\u00f3w drewnianych w teorii i praktyce&#8221; src=&#8221;https:\/\/youtu.be\/LN3_glI6neo&#8221; _builder_version=&#8221;4.27.4&#8243; _module_preset=&#8221;default&#8221; global_colors_info=&#8221;{}&#8221; show_image_overlay=&#8221;off&#8221;][\/et_pb_video_slider_item][et_pb_video_slider_item admin_title=&#8221;Translokacje i rola skansen\u00f3w w ochronie architektury drewnianej&#8221; src=&#8221;https:\/\/youtu.be\/WNLQyOj5HFY&#8221; _builder_version=&#8221;4.27.4&#8243; _module_preset=&#8221;default&#8221; global_colors_info=&#8221;{}&#8221; show_image_overlay=&#8221;off&#8221;][\/et_pb_video_slider_item][et_pb_video_slider_item admin_title=&#8221;Rola organizacji pozarz\u0105dowych i spo\u0142eczna partycypacja w ochronie architektury drewnianej&#8221; src=&#8221;https:\/\/youtu.be\/Jap3yqr5Hpo&#8221; _builder_version=&#8221;4.27.4&#8243; _module_preset=&#8221;default&#8221; global_colors_info=&#8221;{}&#8221; show_image_overlay=&#8221;off&#8221;][\/et_pb_video_slider_item][\/et_pb_video_slider][et_pb_video_slider _builder_version=&#8221;4.27.4&#8243; _module_preset=&#8221;default&#8221; global_colors_info=&#8221;{}&#8221;][et_pb_video_slider_item admin_title=&#8221;Architektura drewniana od deski do deski &#8211; obchody Mi\u0119dzynarodowego Dnia Ochrony Zabytk\u00f3w 2021 (webinarium)&#8221; src=&#8221;https:\/\/youtu.be\/gipTeMzseDo&#8221; _builder_version=&#8221;4.27.4&#8243; _module_preset=&#8221;default&#8221; global_colors_info=&#8221;{}&#8221; show_image_overlay=&#8221;off&#8221;][\/et_pb_video_slider_item][et_pb_video_slider_item admin_title=&#8221;Architektura drewniana od deski do deski \u2013 otwarcie konferencji&#8221; src=&#8221;https:\/\/youtu.be\/TGwtrBYyTAI&#8221; _builder_version=&#8221;4.27.4&#8243; _module_preset=&#8221;default&#8221; global_colors_info=&#8221;{}&#8221; show_image_overlay=&#8221;off&#8221;][\/et_pb_video_slider_item][\/et_pb_video_slider][et_pb_text _builder_version=&#8221;4.27.4&#8243; _module_preset=&#8221;default&#8221; locked=&#8221;off&#8221; global_colors_info=&#8221;{}&#8221;]<\/p>\n<p>Szko\u0142y Ciesielskie Narodowego Instytutu Dziedzictwa &#8211; 2024<\/p>\n<p>[\/et_pb_text][et_pb_video_slider _builder_version=&#8221;4.27.4&#8243; _module_preset=&#8221;default&#8221; global_colors_info=&#8221;{}&#8221;][et_pb_video_slider_item admin_title=&#8221;Szko\u0142y Ciesielskie Narodowego Instytutu Dziedzictwa &#8211; Wojszyn 2024&#8243; src=&#8221;https:\/\/youtu.be\/3N62ZVtlx4Y?si=uTIJmFkKAf9PtiRn&#8221; _builder_version=&#8221;4.27.4&#8243; _module_preset=&#8221;default&#8221; global_colors_info=&#8221;{}&#8221; show_image_overlay=&#8221;off&#8221;][\/et_pb_video_slider_item][\/et_pb_video_slider][\/et_pb_column][\/et_pb_row][\/et_pb_section][et_pb_section fb_built=&#8221;1&#8243; _builder_version=&#8221;4.7.4&#8243; _module_preset=&#8221;default&#8221; custom_margin=&#8221;43px||||false|false&#8221; custom_padding=&#8221;0px||0px||false|false&#8221; global_module=&#8221;353&#8243; saved_tabs=&#8221;all&#8221; global_colors_info=&#8221;{}&#8221;][et_pb_row column_structure=&#8221;1_3,1_3,1_3&#8243; use_custom_gutter=&#8221;on&#8221; gutter_width=&#8221;1&#8243; _builder_version=&#8221;4.16&#8243; _module_preset=&#8221;default&#8221; background_color=&#8221;rgba(0,0,0,0)&#8221; width=&#8221;100%&#8221; max_width=&#8221;2560px&#8221; custom_padding=&#8221;0px||0px||false|false&#8221; global_colors_info=&#8221;{}&#8221;][et_pb_column type=&#8221;1_3&#8243; _builder_version=&#8221;4.16&#8243; _module_preset=&#8221;default&#8221; background_color=&#8221;#e52330&#8243; global_colors_info=&#8221;{}&#8221;][et_pb_blurb title=&#8221;Logotypy NID&#8221; url_new_window=&#8221;on&#8221; use_icon=&#8221;on&#8221; font_icon=&#8221;&#xe004;||divi||400&#8243; icon_placement=&#8221;left&#8221; image_icon_width=&#8221;50px&#8221; module_class=&#8221;bigButtonModules&#8221; _builder_version=&#8221;4.27.2&#8243; _module_preset=&#8221;default&#8221; header_level=&#8221;h3&#8243; header_font=&#8221;|700|||||||&#8221; header_text_color=&#8221;#ffffff&#8221; body_text_color=&#8221;#ffffff&#8221; background_color=&#8221;#E52330&#8243; custom_margin=&#8221;||||false|false&#8221; custom_padding=&#8221;25px|25px|25px|25px|false|false&#8221; animation=&#8221;off&#8221; link_option_url=&#8221;https:\/\/nid.pl\/logotypy\/&#8221; link_option_url_new_window=&#8221;on&#8221; custom_css_blurb_image=&#8221;padding-right: 20px;||vertical-align: middle;&#8221; icon_font_size=&#8221;50px&#8221; global_colors_info=&#8221;{}&#8221;]<\/p>\n<p>Pobierz znaki promocyjne Narodowego Instytutu Dziedzictwa<\/p>\n<p>[\/et_pb_blurb][\/et_pb_column][et_pb_column type=&#8221;1_3&#8243; _builder_version=&#8221;4.16&#8243; _module_preset=&#8221;default&#8221; background_color=&#8221;#e52330&#8243; global_colors_info=&#8221;{}&#8221;][et_pb_code _builder_version=&#8221;4.23.2&#8243; _module_preset=&#8221;default&#8221; global_colors_info=&#8221;{}&#8221;][\/et_pb_code][et_pb_blurb title=&#8221;Ksi\u0119garnia NID&#8221; url_new_window=&#8221;on&#8221; use_icon=&#8221;on&#8221; font_icon=&#8221;&#xe022;||divi||400&#8243; icon_placement=&#8221;left&#8221; image_icon_width=&#8221;50px&#8221; module_class=&#8221;bigButtonModules&#8221; _builder_version=&#8221;4.16&#8243; _module_preset=&#8221;default&#8221; header_level=&#8221;h3&#8243; header_font=&#8221;|700|||||||&#8221; header_text_color=&#8221;#ffffff&#8221; body_text_color=&#8221;#ffffff&#8221; background_color=&#8221;#444444&#8243; custom_margin=&#8221;||||false|false&#8221; custom_padding=&#8221;25px|25px|25px|25px|false|false&#8221; animation=&#8221;off&#8221; link_option_url=&#8221;https:\/\/ksiegarnia.nid.pl\/&#8221; link_option_url_new_window=&#8221;on&#8221; custom_css_blurb_image=&#8221;padding-right: 20px;||vertical-align: middle;&#8221; icon_font_size=&#8221;50px&#8221; global_colors_info=&#8221;{}&#8221;]<\/p>\n<p>Sprawd\u017a nasze produkty w ksi\u0119garni. Zamawiaj bez wychodzenia z domu ju\u017c teraz!<\/p>\n<p>[\/et_pb_blurb][\/et_pb_column][et_pb_column type=&#8221;1_3&#8243; _builder_version=&#8221;4.16&#8243; _module_preset=&#8221;default&#8221; background_color=&#8221;#e52330&#8243; global_colors_info=&#8221;{}&#8221;][et_pb_blurb title=&#8221;Platforma szkoleniowa&#8221; url_new_window=&#8221;on&#8221; use_icon=&#8221;on&#8221; font_icon=&#8221;&#xe0e9;||divi||400&#8243; icon_placement=&#8221;left&#8221; image_icon_width=&#8221;50px&#8221; module_class=&#8221;bigButtonModules&#8221; _builder_version=&#8221;4.16&#8243; _module_preset=&#8221;default&#8221; header_level=&#8221;h3&#8243; header_font=&#8221;|700|||||||&#8221; header_text_color=&#8221;#ffffff&#8221; body_text_color=&#8221;#ffffff&#8221; background_color=&#8221;#6b6b6b&#8221; custom_margin=&#8221;||||false|false&#8221; custom_padding=&#8221;25px|25px|25px|25px|false|false&#8221; animation=&#8221;off&#8221; link_option_url=&#8221;https:\/\/szkolenianid.learncom.pl&#8221; link_option_url_new_window=&#8221;on&#8221; custom_css_blurb_image=&#8221;padding-right: 20px;||vertical-align: middle;&#8221; icon_font_size=&#8221;50px&#8221; global_colors_info=&#8221;{}&#8221;]<\/p>\n<p>Zapisz si\u0119 na nasz\u0105 platform\u0119 e-szkoleniow\u0105 i dowiedz si\u0119 jak zarz\u0105dza\u0107 dziedzictwem i wykorzysta\u0107 jego potencja\u0142.<\/p>\n<p>[\/et_pb_blurb][\/et_pb_column][\/et_pb_row][\/et_pb_section]<\/p>","protected":false},"excerpt":{"rendered":"<p>\u2190Powr\u00f3t Pracownia Terenowa Centrum Architektury Drewnianej NID zosta\u0142a powo\u0142ana w 2021 roku w ramach struktury Narodowego Instytutu Dziedzictwa. Jej dzia\u0142ania by\u0142y r\u00f3wnie\u017c realizowane w zakresie Krajowego Programu Ochrony i Opieki [&hellip;]<\/p>","protected":false},"author":4,"featured_media":0,"parent":0,"menu_order":0,"comment_status":"closed","ping_status":"closed","template":"","meta":{"_et_pb_use_builder":"on","_et_pb_old_content":"","_et_gb_content_width":"","_monsterinsights_skip_tracking":false,"_monsterinsights_sitenote_active":false,"_monsterinsights_sitenote_note":"","_monsterinsights_sitenote_category":0,"footnotes":""},"class_list":["post-16168","page","type-page","status-publish","hentry"],"yoast_head":"<!-- This site is optimized with the Yoast SEO plugin v26.5 - https:\/\/yoast.com\/wordpress\/plugins\/seo\/ -->\n<title>Centrum Architektury Drewnianej - NID<\/title>\n<meta name=\"description\" content=\"G\u0142\u00f3wn\u0105 misj\u0105 Centrum jest podejmowanie szerokiego spektrum dzia\u0142a\u0144 na rzecz ochrony i zachowania zasob\u00f3w architektury drewnianej. Realizacja misji odbywa si\u0119 w oparciu o nast\u0119puj\u0105ce kierunki dzia\u0142ania: badanie i dokumentowanie, edukacja i szkolenia, komunikacja i promocja, wsp\u00f3\u0142praca\" \/>\n<meta name=\"robots\" content=\"index, follow, max-snippet:-1, max-image-preview:large, max-video-preview:-1\" \/>\n<link rel=\"canonical\" href=\"https:\/\/nid.pl\/en\/centrum-architektury-drewnianej\/\" \/>\n<meta property=\"og:locale\" content=\"en_GB\" \/>\n<meta property=\"og:type\" content=\"article\" \/>\n<meta property=\"og:title\" content=\"Centrum Architektury Drewnianej - NID\" \/>\n<meta property=\"og:description\" content=\"G\u0142\u00f3wn\u0105 misj\u0105 Centrum jest podejmowanie szerokiego spektrum dzia\u0142a\u0144 na rzecz ochrony i zachowania zasob\u00f3w architektury drewnianej. Realizacja misji odbywa si\u0119 w oparciu o nast\u0119puj\u0105ce kierunki dzia\u0142ania: badanie i dokumentowanie, edukacja i szkolenia, komunikacja i promocja, wsp\u00f3\u0142praca\" \/>\n<meta property=\"og:url\" content=\"https:\/\/nid.pl\/en\/centrum-architektury-drewnianej\/\" \/>\n<meta property=\"og:site_name\" content=\"NID\" \/>\n<meta property=\"article:publisher\" content=\"https:\/\/www.facebook.com\/zabytek\" \/>\n<meta property=\"article:modified_time\" content=\"2025-09-09T12:46:16+00:00\" \/>\n<meta name=\"twitter:card\" content=\"summary_large_image\" \/>\n<meta name=\"twitter:site\" content=\"@NarIDpl\" \/>\n<meta name=\"twitter:label1\" content=\"Estimated reading time\" \/>\n\t<meta name=\"twitter:data1\" content=\"7 minutes\" \/>\n<script type=\"application\/ld+json\" class=\"yoast-schema-graph\">{\"@context\":\"https:\/\/schema.org\",\"@graph\":[{\"@type\":\"WebPage\",\"@id\":\"https:\/\/nid.pl\/centrum-architektury-drewnianej\/\",\"url\":\"https:\/\/nid.pl\/centrum-architektury-drewnianej\/\",\"name\":\"Centrum Architektury Drewnianej - NID\",\"isPartOf\":{\"@id\":\"https:\/\/nid.pl\/#website\"},\"datePublished\":\"2024-02-02T13:49:08+00:00\",\"dateModified\":\"2025-09-09T12:46:16+00:00\",\"description\":\"G\u0142\u00f3wn\u0105 misj\u0105 Centrum jest podejmowanie szerokiego spektrum dzia\u0142a\u0144 na rzecz ochrony i zachowania zasob\u00f3w architektury drewnianej. Realizacja misji odbywa si\u0119 w oparciu o nast\u0119puj\u0105ce kierunki dzia\u0142ania: badanie i dokumentowanie, edukacja i szkolenia, komunikacja i promocja, wsp\u00f3\u0142praca\",\"breadcrumb\":{\"@id\":\"https:\/\/nid.pl\/centrum-architektury-drewnianej\/#breadcrumb\"},\"inLanguage\":\"en-GB\",\"potentialAction\":[{\"@type\":\"ReadAction\",\"target\":[\"https:\/\/nid.pl\/centrum-architektury-drewnianej\/\"]}]},{\"@type\":\"BreadcrumbList\",\"@id\":\"https:\/\/nid.pl\/centrum-architektury-drewnianej\/#breadcrumb\",\"itemListElement\":[{\"@type\":\"ListItem\",\"position\":1,\"name\":\"Home\",\"item\":\"https:\/\/nid.pl\/\"},{\"@type\":\"ListItem\",\"position\":2,\"name\":\"Centrum Architektury Drewnianej\"}]},{\"@type\":\"WebSite\",\"@id\":\"https:\/\/nid.pl\/#website\",\"url\":\"https:\/\/nid.pl\/\",\"name\":\"NID\",\"description\":\"Narodowy Instytut Dziedzictwa\",\"publisher\":{\"@id\":\"https:\/\/nid.pl\/#organization\"},\"potentialAction\":[{\"@type\":\"SearchAction\",\"target\":{\"@type\":\"EntryPoint\",\"urlTemplate\":\"https:\/\/nid.pl\/?s={search_term_string}\"},\"query-input\":{\"@type\":\"PropertyValueSpecification\",\"valueRequired\":true,\"valueName\":\"search_term_string\"}}],\"inLanguage\":\"en-GB\"},{\"@type\":\"Organization\",\"@id\":\"https:\/\/nid.pl\/#organization\",\"name\":\"Narodowy Instytut Dziedzictwa\",\"url\":\"https:\/\/nid.pl\/\",\"logo\":{\"@type\":\"ImageObject\",\"inLanguage\":\"en-GB\",\"@id\":\"https:\/\/nid.pl\/#\/schema\/logo\/image\/\",\"url\":\"https:\/\/nid.pl\/wp-content\/uploads\/2022\/10\/logoRedDark.png\",\"contentUrl\":\"https:\/\/nid.pl\/wp-content\/uploads\/2022\/10\/logoRedDark.png\",\"width\":200,\"height\":197,\"caption\":\"Narodowy Instytut Dziedzictwa\"},\"image\":{\"@id\":\"https:\/\/nid.pl\/#\/schema\/logo\/image\/\"},\"sameAs\":[\"https:\/\/www.facebook.com\/zabytek\",\"https:\/\/x.com\/NarIDpl\",\"https:\/\/www.instagram.com\/nid.pl\/?hl=pl\",\"https:\/\/www.linkedin.com\/company\/narodowy-instytut-dziedzictwa\",\"https:\/\/www.youtube.com\/channel\/UCQXuhKa2uHtmNvLRUSx40JA\"]}]}<\/script>\n<!-- \/ Yoast SEO plugin. -->","yoast_head_json":{"title":"Centrum Architektury Drewnianej - NID","description":"G\u0142\u00f3wn\u0105 misj\u0105 Centrum jest podejmowanie szerokiego spektrum dzia\u0142a\u0144 na rzecz ochrony i zachowania zasob\u00f3w architektury drewnianej. Realizacja misji odbywa si\u0119 w oparciu o nast\u0119puj\u0105ce kierunki dzia\u0142ania: badanie i dokumentowanie, edukacja i szkolenia, komunikacja i promocja, wsp\u00f3\u0142praca","robots":{"index":"index","follow":"follow","max-snippet":"max-snippet:-1","max-image-preview":"max-image-preview:large","max-video-preview":"max-video-preview:-1"},"canonical":"https:\/\/nid.pl\/en\/centrum-architektury-drewnianej\/","og_locale":"en_GB","og_type":"article","og_title":"Centrum Architektury Drewnianej - NID","og_description":"G\u0142\u00f3wn\u0105 misj\u0105 Centrum jest podejmowanie szerokiego spektrum dzia\u0142a\u0144 na rzecz ochrony i zachowania zasob\u00f3w architektury drewnianej. Realizacja misji odbywa si\u0119 w oparciu o nast\u0119puj\u0105ce kierunki dzia\u0142ania: badanie i dokumentowanie, edukacja i szkolenia, komunikacja i promocja, wsp\u00f3\u0142praca","og_url":"https:\/\/nid.pl\/en\/centrum-architektury-drewnianej\/","og_site_name":"NID","article_publisher":"https:\/\/www.facebook.com\/zabytek","article_modified_time":"2025-09-09T12:46:16+00:00","twitter_card":"summary_large_image","twitter_site":"@NarIDpl","twitter_misc":{"Estimated reading time":"7 minutes"},"schema":{"@context":"https:\/\/schema.org","@graph":[{"@type":"WebPage","@id":"https:\/\/nid.pl\/centrum-architektury-drewnianej\/","url":"https:\/\/nid.pl\/centrum-architektury-drewnianej\/","name":"Centrum Architektury Drewnianej - NID","isPartOf":{"@id":"https:\/\/nid.pl\/#website"},"datePublished":"2024-02-02T13:49:08+00:00","dateModified":"2025-09-09T12:46:16+00:00","description":"G\u0142\u00f3wn\u0105 misj\u0105 Centrum jest podejmowanie szerokiego spektrum dzia\u0142a\u0144 na rzecz ochrony i zachowania zasob\u00f3w architektury drewnianej. Realizacja misji odbywa si\u0119 w oparciu o nast\u0119puj\u0105ce kierunki dzia\u0142ania: badanie i dokumentowanie, edukacja i szkolenia, komunikacja i promocja, wsp\u00f3\u0142praca","breadcrumb":{"@id":"https:\/\/nid.pl\/centrum-architektury-drewnianej\/#breadcrumb"},"inLanguage":"en-GB","potentialAction":[{"@type":"ReadAction","target":["https:\/\/nid.pl\/centrum-architektury-drewnianej\/"]}]},{"@type":"BreadcrumbList","@id":"https:\/\/nid.pl\/centrum-architektury-drewnianej\/#breadcrumb","itemListElement":[{"@type":"ListItem","position":1,"name":"Home","item":"https:\/\/nid.pl\/"},{"@type":"ListItem","position":2,"name":"Centrum Architektury Drewnianej"}]},{"@type":"WebSite","@id":"https:\/\/nid.pl\/#website","url":"https:\/\/nid.pl\/","name":"NID","description":"Narodowy Instytut Dziedzictwa","publisher":{"@id":"https:\/\/nid.pl\/#organization"},"potentialAction":[{"@type":"SearchAction","target":{"@type":"EntryPoint","urlTemplate":"https:\/\/nid.pl\/?s={search_term_string}"},"query-input":{"@type":"PropertyValueSpecification","valueRequired":true,"valueName":"search_term_string"}}],"inLanguage":"en-GB"},{"@type":"Organization","@id":"https:\/\/nid.pl\/#organization","name":"Narodowy Instytut Dziedzictwa","url":"https:\/\/nid.pl\/","logo":{"@type":"ImageObject","inLanguage":"en-GB","@id":"https:\/\/nid.pl\/#\/schema\/logo\/image\/","url":"https:\/\/nid.pl\/wp-content\/uploads\/2022\/10\/logoRedDark.png","contentUrl":"https:\/\/nid.pl\/wp-content\/uploads\/2022\/10\/logoRedDark.png","width":200,"height":197,"caption":"Narodowy Instytut Dziedzictwa"},"image":{"@id":"https:\/\/nid.pl\/#\/schema\/logo\/image\/"},"sameAs":["https:\/\/www.facebook.com\/zabytek","https:\/\/x.com\/NarIDpl","https:\/\/www.instagram.com\/nid.pl\/?hl=pl","https:\/\/www.linkedin.com\/company\/narodowy-instytut-dziedzictwa","https:\/\/www.youtube.com\/channel\/UCQXuhKa2uHtmNvLRUSx40JA"]}]}},"_links":{"self":[{"href":"http:\/\/nid.pl\/en\/wp-json\/wp\/v2\/pages\/16168","targetHints":{"allow":["GET"]}}],"collection":[{"href":"http:\/\/nid.pl\/en\/wp-json\/wp\/v2\/pages"}],"about":[{"href":"http:\/\/nid.pl\/en\/wp-json\/wp\/v2\/types\/page"}],"author":[{"embeddable":true,"href":"http:\/\/nid.pl\/en\/wp-json\/wp\/v2\/users\/4"}],"replies":[{"embeddable":true,"href":"http:\/\/nid.pl\/en\/wp-json\/wp\/v2\/comments?post=16168"}],"version-history":[{"count":0,"href":"http:\/\/nid.pl\/en\/wp-json\/wp\/v2\/pages\/16168\/revisions"}],"wp:attachment":[{"href":"http:\/\/nid.pl\/en\/wp-json\/wp\/v2\/media?parent=16168"}],"curies":[{"name":"wp","href":"https:\/\/api.w.org\/{rel}","templated":true}]}}